{"id":17662,"date":"2019-11-07T09:28:42","date_gmt":"2019-11-07T09:28:42","guid":{"rendered":"https:\/\/www.portovenere.fr\/fr-fr\/?page_id=17662"},"modified":"2026-04-07T13:52:04","modified_gmt":"2026-04-07T11:52:04","slug":"carrelage-aspect-pierre","status":"publish","type":"page","link":"https:\/\/www.portovenere.fr\/fr-fr\/carrelage-sol-et-mur-en-gres-cerame-et-faience\/carrelage-aspect-pierre\/","title":{"rendered":"Carrelage Aspect Pierre"},"content":{"rendered":"\t\t<div data-elementor-type=\"wp-page\" data-elementor-id=\"17662\" class=\"elementor elementor-17662\" data-elementor-post-type=\"page\">\n\t\t\t\t\t\t<section class=\"elementor-section elementor-top-section elementor-element elementor-element-4daa8ee7 elementor-section-boxed elementor-section-height-default elementor-section-height-default\" data-id=\"4daa8ee7\" data-element_type=\"section\" data-e-type=\"section\">\n\t\t\t\t\t\t<div class=\"elementor-container elementor-column-gap-default\">\n\t\t\t\t\t<div class=\"elementor-column elementor-col-100 elementor-top-column elementor-element elementor-element-4d2408c5\" data-id=\"4d2408c5\" data-element_type=\"column\" data-e-type=\"column\">\n\t\t\t<div class=\"elementor-widget-wrap elementor-element-populated\">\n\t\t\t\t\t\t<div class=\"elementor-element elementor-element-42ca641c elementor-widget elementor-widget-menu-anchor\" data-id=\"42ca641c\" data-element_type=\"widget\" data-e-type=\"widget\" data-widget_type=\"menu-anchor.default\">\n\t\t\t\t<div class=\"elementor-widget-container\">\n\t\t\t\t\t\t\t<div class=\"elementor-menu-anchor\" id=\"retourhaut\"><\/div>\n\t\t\t\t\t\t<\/div>\n\t\t\t\t<\/div>\n\t\t\t\t\t<\/div>\n\t\t<\/div>\n\t\t\t\t\t<\/div>\n\t\t<\/section>\n\t\t\t\t<section class=\"elementor-section elementor-top-section elementor-element elementor-element-ae6c88b elementor-section-height-min-height elementor-section-boxed elementor-section-height-default elementor-section-items-middle\" data-id=\"ae6c88b\" data-element_type=\"section\" data-e-type=\"section\" data-settings=\"{&quot;background_background&quot;:&quot;slideshow&quot;,&quot;background_slideshow_gallery&quot;:[{&quot;id&quot;:13946,&quot;url&quot;:&quot;https:\\\/\\\/www.portovenere.fr\\\/fr-fr\\\/wp-content\\\/uploads\\\/2019\\\/09\\\/Carrelage-sol-de-s\\u00e9jour-effet-pierre-brute-antique-Peyrou-Sabbia-Mix-3-formats.jpg&quot;},{&quot;id&quot;:65807,&quot;url&quot;:&quot;https:\\\/\\\/www.portovenere.fr\\\/fr-fr\\\/wp-content\\\/uploads\\\/2025\\\/10\\\/Carrelage-clair-effet-pierre-contemporaine-PIERRE-DU-SUD-sols-et-murs-en-intrerieur-et-exterieur-Magasin-Porto-Venere-Montpellier-proche-Perols-34.jpg&quot;},{&quot;id&quot;:49773,&quot;url&quot;:&quot;https:\\\/\\\/www.portovenere.fr\\\/fr-fr\\\/wp-content\\\/uploads\\\/2024\\\/04\\\/Opus-carrelage-gres-cerame-effet-pierre-naturelle-salle-de-bain-douce-Brumata-Travertin-cream-beige-pres-de-Jacou-34.jpg&quot;},{&quot;id&quot;:59101,&quot;url&quot;:&quot;https:\\\/\\\/www.portovenere.fr\\\/fr-fr\\\/wp-content\\\/uploads\\\/2025\\\/05\\\/Carrelege-sejour-effet-pierre-120x120-cm-interieur-et-exterieur-nombreux-formats-et-coloris-MAJORQUE-Beige-Ancienne-au-sol-Porto-Venere-a-Montpellier-34.jpg&quot;}],&quot;background_slideshow_lazyload&quot;:&quot;yes&quot;,&quot;background_slideshow_ken_burns&quot;:&quot;yes&quot;,&quot;background_slideshow_loop&quot;:&quot;yes&quot;,&quot;background_slideshow_slide_duration&quot;:5000,&quot;background_slideshow_slide_transition&quot;:&quot;fade&quot;,&quot;background_slideshow_transition_duration&quot;:500,&quot;background_slideshow_ken_burns_zoom_direction&quot;:&quot;in&quot;}\">\n\t\t\t\t\t\t\t<div class=\"elementor-background-overlay\"><\/div>\n\t\t\t\t\t\t\t<div class=\"elementor-container elementor-column-gap-default\">\n\t\t\t\t\t<div class=\"elementor-column elementor-col-100 elementor-top-column elementor-element elementor-element-c63dc3e\" data-id=\"c63dc3e\" data-element_type=\"column\" data-e-type=\"column\">\n\t\t\t<div class=\"elementor-widget-wrap elementor-element-populated\">\n\t\t\t\t\t\t<div class=\"elementor-element elementor-element-932bbb0 elementor-widget elementor-widget-heading\" data-id=\"932bbb0\" data-element_type=\"widget\" data-e-type=\"widget\" data-widget_type=\"heading.default\">\n\t\t\t\t<div class=\"elementor-widget-container\">\n\t\t\t\t\t<h1 class=\"elementor-heading-title elementor-size-default\">Carrelage aspect pierre<\/h1>\t\t\t\t<\/div>\n\t\t\t\t<\/div>\n\t\t\t\t\t<\/div>\n\t\t<\/div>\n\t\t\t\t\t<\/div>\n\t\t<\/section>\n\t\t\t\t<section class=\"elementor-section elementor-top-section elementor-element elementor-element-1972228 elementor-section-boxed elementor-section-height-default elementor-section-height-default elementor-invisible\" data-id=\"1972228\" data-element_type=\"section\" data-e-type=\"section\" data-settings=\"{&quot;background_background&quot;:&quot;classic&quot;,&quot;animation&quot;:&quot;fadeIn&quot;}\">\n\t\t\t\t\t\t<div class=\"elementor-container elementor-column-gap-default\">\n\t\t\t\t\t<div class=\"elementor-column elementor-col-50 elementor-top-column elementor-element elementor-element-f2ea528\" data-id=\"f2ea528\" data-element_type=\"column\" data-e-type=\"column\">\n\t\t\t<div class=\"elementor-widget-wrap elementor-element-populated\">\n\t\t\t\t\t\t<div class=\"elementor-element elementor-element-0b61b9a elementor-widget elementor-widget-spacer\" data-id=\"0b61b9a\" data-element_type=\"widget\" data-e-type=\"widget\" data-widget_type=\"spacer.default\">\n\t\t\t\t<div class=\"elementor-widget-container\">\n\t\t\t\t\t\t\t<div class=\"elementor-spacer\">\n\t\t\t<div class=\"elementor-spacer-inner\"><\/div>\n\t\t<\/div>\n\t\t\t\t\t\t<\/div>\n\t\t\t\t<\/div>\n\t\t\t\t<div class=\"elementor-element elementor-element-d7de647 elementor-widget elementor-widget-text-editor\" data-id=\"d7de647\" data-element_type=\"widget\" data-e-type=\"widget\" data-widget_type=\"text-editor.default\">\n\t\t\t\t<div class=\"elementor-widget-container\">\n\t\t\t\t\t\t\t\t\t<h2 data-section-id=\"9h3b5n\" data-start=\"109\" data-end=\"173\">Carrelage aspect pierre : l\u2019\u00e9l\u00e9gance naturelle du gr\u00e8s c\u00e9rame<\/h2>\t\t\t\t\t\t\t\t<\/div>\n\t\t\t\t<\/div>\n\t\t\t\t\t<\/div>\n\t\t<\/div>\n\t\t\t\t<div class=\"elementor-column elementor-col-50 elementor-top-column elementor-element elementor-element-8ca83d7\" data-id=\"8ca83d7\" data-element_type=\"column\" data-e-type=\"column\">\n\t\t\t<div class=\"elementor-widget-wrap elementor-element-populated\">\n\t\t\t\t\t\t<div class=\"elementor-element elementor-element-163c914 elementor-widget elementor-widget-spacer\" data-id=\"163c914\" data-element_type=\"widget\" data-e-type=\"widget\" data-widget_type=\"spacer.default\">\n\t\t\t\t<div class=\"elementor-widget-container\">\n\t\t\t\t\t\t\t<div class=\"elementor-spacer\">\n\t\t\t<div class=\"elementor-spacer-inner\"><\/div>\n\t\t<\/div>\n\t\t\t\t\t\t<\/div>\n\t\t\t\t<\/div>\n\t\t\t\t<div class=\"elementor-element elementor-element-570d3b9 elementor-widget elementor-widget-text-editor\" data-id=\"570d3b9\" data-element_type=\"widget\" data-e-type=\"widget\" data-widget_type=\"text-editor.default\">\n\t\t\t\t<div class=\"elementor-widget-container\">\n\t\t\t\t\t\t\t\t\t<p data-start=\"175\" data-end=\"580\">Le carrelage aspect pierre s\u00e9duit par sa capacit\u00e9 \u00e0 reproduire avec pr\u00e9cision le caract\u00e8re authentique des pierres naturelles, tout en b\u00e9n\u00e9ficiant des performances techniques du gr\u00e8s c\u00e9rame. Gr\u00e2ce aux technologies de fabrication les plus avanc\u00e9es, chaque carreau r\u00e9v\u00e8le des nuances, des veinages et des reliefs subtils, offrant un rendu profond et vivant, id\u00e9al pour structurer un int\u00e9rieur avec \u00e9l\u00e9gance.<\/p><p data-start=\"582\" data-end=\"1067\">Pens\u00e9 pour les projets r\u00e9sidentiels comme professionnels, le gr\u00e8s c\u00e9rame imitation pierre allie <strong data-start=\"678\" data-end=\"734\">esth\u00e9tique intemporelle et r\u00e9sistance exceptionnelle<\/strong>. Contrairement \u00e0 la pierre naturelle, il ne n\u00e9cessite aucun traitement sp\u00e9cifique, r\u00e9siste aux taches, \u00e0 l\u2019usure et aux variations de temp\u00e9rature. Non poreux et non g\u00e9lif, il s\u2019adapte aussi bien aux espaces int\u00e9rieurs qu\u2019ext\u00e9rieurs, du salon \u00e0 la terrasse, en passant par les lieux \u00e0 fort passage comme les boutiques ou restaurants.<\/p><p data-start=\"1069\" data-end=\"1374\">Disponible dans une large palette de teintes min\u00e9rales \u2013 du beige chaleureux au gris nuanc\u00e9 \u2013 et dans de nombreux formats, dont le grand format tr\u00e8s pris\u00e9, le carrelage effet pierre permet de cr\u00e9er des ambiances vari\u00e9es : minimaliste contemporain, esprit maison m\u00e9diterran\u00e9enne ou \u00e9l\u00e9gance plus classique.<\/p><p data-start=\"1376\" data-end=\"1685\">Chaque collection propose une interpr\u00e9tation unique de la mati\u00e8re, avec un \u00e9quilibre subtil entre naturel et sophistication. Le carrelage aspect pierre devient ainsi bien plus qu\u2019un rev\u00eatement : une v\u00e9ritable signature d\u00e9corative, capable de traverser les tendances tout en valorisant durablement vos espaces.<\/p>\t\t\t\t\t\t\t\t<\/div>\n\t\t\t\t<\/div>\n\t\t\t\t<div class=\"elementor-element elementor-element-030da31 elementor-widget elementor-widget-menu-anchor\" data-id=\"030da31\" data-element_type=\"widget\" data-e-type=\"widget\" data-widget_type=\"menu-anchor.default\">\n\t\t\t\t<div class=\"elementor-widget-container\">\n\t\t\t\t\t\t\t<div class=\"elementor-menu-anchor\" id=\"galerie\"><\/div>\n\t\t\t\t\t\t<\/div>\n\t\t\t\t<\/div>\n\t\t\t\t\t<\/div>\n\t\t<\/div>\n\t\t\t\t\t<\/div>\n\t\t<\/section>\n\t\t\t\t<section class=\"elementor-section elementor-top-section elementor-element elementor-element-30ffee0 elementor-section-full_width elementor-section-height-default elementor-section-height-default elementor-invisible\" data-id=\"30ffee0\" data-element_type=\"section\" data-e-type=\"section\" data-settings=\"{&quot;animation&quot;:&quot;fadeIn&quot;}\">\n\t\t\t\t\t\t<div class=\"elementor-container elementor-column-gap-default\">\n\t\t\t\t\t<div class=\"elementor-column elementor-col-33 elementor-top-column elementor-element elementor-element-9e2d503\" data-id=\"9e2d503\" data-element_type=\"column\" data-e-type=\"column\" data-settings=\"{&quot;background_background&quot;:&quot;classic&quot;}\">\n\t\t\t<div class=\"elementor-widget-wrap elementor-element-populated\">\n\t\t\t\t\t\t<div class=\"elementor-element elementor-element-8d81963 elementor-widget elementor-widget-heading\" data-id=\"8d81963\" data-element_type=\"widget\" data-e-type=\"widget\" data-widget_type=\"heading.default\">\n\t\t\t\t<div class=\"elementor-widget-container\">\n\t\t\t\t\t<h3 class=\"elementor-heading-title elementor-size-default\"><a href=\"https:\/\/www.portovenere.fr\/fr-fr\/carrelage-sol-et-mur-en-gres-cerame-et-faience\/carrelage-aspect-pierre\/carrelage-haut-de-gamme-pierre-calcaire-capietra\/\">CAPIETRA<\/a><\/h3>\t\t\t\t<\/div>\n\t\t\t\t<\/div>\n\t\t\t\t<div class=\"elementor-element elementor-element-546b4ce elementor-widget elementor-widget-image\" data-id=\"546b4ce\" data-element_type=\"widget\" data-e-type=\"widget\" data-widget_type=\"image.default\">\n\t\t\t\t<div class=\"elementor-widget-container\">\n\t\t\t\t\t\t\t\t\t\t\t\t\t\t\t\t<a href=\"https:\/\/www.portovenere.fr\/fr-fr\/carrelage-sol-et-mur-en-gres-cerame-et-faience\/carrelage-aspect-pierre\/carrelage-haut-de-gamme-pierre-calcaire-capietra\/\">\n\t\t\t\t\t\t\t<img decoding=\"async\" src=\"https:\/\/www.portovenere.fr\/fr-fr\/wp-content\/uploads\/elementor\/thumbs\/Carrelage-dalles-antiderapantes-2-cm-terrasse-effet-pierre-calcaire-teinte-terre-CAPIETRA-Warm-Magasin-Porto-Venere-Montpellier-pres-de-Perols-34-rgx0ac5sv3yihy0lcllbtt728s9et587308fupzlng.jpg\" title=\"Carrelage-dalles-antid\u00e9rapantes-2-cm-terrasse-effet-pierre-calcaire-teinte-terre-CAPIETRA-Warm-Magasin-Porto-Venere-Montpellier-pr\u00e8s-de-P\u00e9rols-34\" alt=\"Carrelage effet pierre calcaire en gr\u00e8s c\u00e9rame de grande qualit\u00e9 1er choix Porto Venere Montpellier\" loading=\"lazy\" \/>\t\t\t\t\t\t\t\t<\/a>\n\t\t\t\t\t\t\t\t\t\t\t\t\t\t\t<\/div>\n\t\t\t\t<\/div>\n\t\t\t\t<div class=\"elementor-element elementor-element-222c9ab elementor-widget elementor-widget-text-editor\" data-id=\"222c9ab\" data-element_type=\"widget\" data-e-type=\"widget\" data-widget_type=\"text-editor.default\">\n\t\t\t\t<div class=\"elementor-widget-container\">\n\t\t\t\t\t\t\t\t\t<p><strong>5 coloris et d\u00e9cors<\/strong><\/p>\t\t\t\t\t\t\t\t<\/div>\n\t\t\t\t<\/div>\n\t\t\t\t<div class=\"elementor-element elementor-element-3aa1b65 elementor-widget elementor-widget-gallery\" data-id=\"3aa1b65\" data-element_type=\"widget\" data-e-type=\"widget\" data-settings=\"{&quot;columns&quot;:6,&quot;columns_tablet&quot;:4,&quot;columns_mobile&quot;:4,&quot;aspect_ratio&quot;:&quot;1:1&quot;,&quot;lazyload&quot;:&quot;yes&quot;,&quot;gallery_layout&quot;:&quot;grid&quot;,&quot;gap&quot;:{&quot;unit&quot;:&quot;px&quot;,&quot;size&quot;:10,&quot;sizes&quot;:[]},&quot;gap_tablet&quot;:{&quot;unit&quot;:&quot;px&quot;,&quot;size&quot;:10,&quot;sizes&quot;:[]},&quot;gap_mobile&quot;:{&quot;unit&quot;:&quot;px&quot;,&quot;size&quot;:10,&quot;sizes&quot;:[]},&quot;link_to&quot;:&quot;file&quot;,&quot;overlay_background&quot;:&quot;yes&quot;,&quot;content_hover_animation&quot;:&quot;fade-in&quot;}\" data-widget_type=\"gallery.default\">\n\t\t\t\t<div class=\"elementor-widget-container\">\n\t\t\t\t\t\t\t<div class=\"elementor-gallery__container\">\n\t\t\t\t\t\t\t<a class=\"e-gallery-item elementor-gallery-item elementor-animated-content\" href=\"https:\/\/www.portovenere.fr\/fr-fr\/wp-content\/uploads\/2025\/12\/Carrelage-haut-de-gamme-effet-pierre-calcaire-pour-interieur-et-exterieur-teinte-terre-CAPIETRA-Warm-Magasin-Porto-Venere-Montpellier-pres-de-Saussan-34.jpg\" data-elementor-open-lightbox=\"yes\" data-elementor-lightbox-slideshow=\"3aa1b65\" data-elementor-lightbox-title=\"Carrelage-haut-de-gamme-effet-pierre-calcaire-pour-interieur-et-exterieur-teinte-terre-CAPIETRA-Warm-Magasin-Porto-Venere-Montpellier-pr\u00e8s-de-Saussan-34\" data-e-action-hash=\"#elementor-action%3Aaction%3Dlightbox%26settings%3DeyJpZCI6Njg2OTYsInVybCI6Imh0dHBzOlwvXC93d3cucG9ydG92ZW5lcmUuZnJcL2ZyLWZyXC93cC1jb250ZW50XC91cGxvYWRzXC8yMDI1XC8xMlwvQ2FycmVsYWdlLWhhdXQtZGUtZ2FtbWUtZWZmZXQtcGllcnJlLWNhbGNhaXJlLXBvdXItaW50ZXJpZXVyLWV0LWV4dGVyaWV1ci10ZWludGUtdGVycmUtQ0FQSUVUUkEtV2FybS1NYWdhc2luLVBvcnRvLVZlbmVyZS1Nb250cGVsbGllci1wcmVzLWRlLVNhdXNzYW4tMzQuanBnIiwic2xpZGVzaG93IjoiM2FhMWI2NSJ9\">\n\t\t\t\t\t<div class=\"e-gallery-image elementor-gallery-item__image\" data-thumbnail=\"https:\/\/www.portovenere.fr\/fr-fr\/wp-content\/uploads\/2025\/12\/Carrelage-haut-de-gamme-effet-pierre-calcaire-pour-interieur-et-exterieur-teinte-terre-CAPIETRA-Warm-Magasin-Porto-Venere-Montpellier-pres-de-Saussan-34-150x150.jpg\" data-width=\"150\" data-height=\"150\" aria-label=\"Carrelage effet pierre calcaire en gr\u00e8s c\u00e9rame de grande qualit\u00e9 1er choix Porto Venere Montpellier\" role=\"img\" ><\/div>\n\t\t\t\t\t\t\t\t\t\t\t<div class=\"elementor-gallery-item__overlay\"><\/div>\n\t\t\t\t\t\t\t\t\t\t\t\t\t\t<\/a>\n\t\t\t\t\t\t\t<a class=\"e-gallery-item elementor-gallery-item elementor-animated-content\" href=\"https:\/\/www.portovenere.fr\/fr-fr\/wp-content\/uploads\/2025\/12\/Carrelage-haut-de-gamme-effet-pierre-calcaire-pour-interieur-et-exterieur-teinte-terre-CAPIETRA-Earth-Magasin-Porto-Venere-Montpellier-pres-de-Castlenau-le-lez-34.jpg\" data-elementor-open-lightbox=\"yes\" data-elementor-lightbox-slideshow=\"3aa1b65\" data-elementor-lightbox-title=\"Carrelage-haut-de-gamme-effet-pierre-calcaire-pour-interieur-et-exterieur-teinte-terre-CAPIETRA-Earth-Magasin-Porto-Venere-Montpellier-pr\u00e8s-de-Castlenau-le-lez-34\" data-e-action-hash=\"#elementor-action%3Aaction%3Dlightbox%26settings%3DeyJpZCI6Njg2OTUsInVybCI6Imh0dHBzOlwvXC93d3cucG9ydG92ZW5lcmUuZnJcL2ZyLWZyXC93cC1jb250ZW50XC91cGxvYWRzXC8yMDI1XC8xMlwvQ2FycmVsYWdlLWhhdXQtZGUtZ2FtbWUtZWZmZXQtcGllcnJlLWNhbGNhaXJlLXBvdXItaW50ZXJpZXVyLWV0LWV4dGVyaWV1ci10ZWludGUtdGVycmUtQ0FQSUVUUkEtRWFydGgtTWFnYXNpbi1Qb3J0by1WZW5lcmUtTW9udHBlbGxpZXItcHJlcy1kZS1DYXN0bGVuYXUtbGUtbGV6LTM0LmpwZyIsInNsaWRlc2hvdyI6IjNhYTFiNjUifQ%3D%3D\">\n\t\t\t\t\t<div class=\"e-gallery-image elementor-gallery-item__image\" data-thumbnail=\"https:\/\/www.portovenere.fr\/fr-fr\/wp-content\/uploads\/2025\/12\/Carrelage-haut-de-gamme-effet-pierre-calcaire-pour-interieur-et-exterieur-teinte-terre-CAPIETRA-Earth-Magasin-Porto-Venere-Montpellier-pres-de-Castlenau-le-lez-34-150x150.jpg\" data-width=\"150\" data-height=\"150\" aria-label=\"Carrelage effet pierre calcaire en gr\u00e8s c\u00e9rame de grande qualit\u00e9 1er choix Porto Venere Montpellier\" role=\"img\" ><\/div>\n\t\t\t\t\t\t\t\t\t\t\t<div class=\"elementor-gallery-item__overlay\"><\/div>\n\t\t\t\t\t\t\t\t\t\t\t\t\t\t<\/a>\n\t\t\t\t\t\t\t<a class=\"e-gallery-item elementor-gallery-item elementor-animated-content\" href=\"https:\/\/www.portovenere.fr\/fr-fr\/wp-content\/uploads\/2025\/12\/Carrelage-haut-de-gamme-effet-pierre-calcaire-claire-pour-interieur-et-exterieur-CAPIETRA-Dune-Magasin-Porto-Venere-Montpellier-pres-de-Lunel-34.jpg\" data-elementor-open-lightbox=\"yes\" data-elementor-lightbox-slideshow=\"3aa1b65\" data-elementor-lightbox-title=\"Carrelage-haut-de-gamme-effet-pierre-calcaire-claire-pour-interieur-et-exterieur-CAPIETRA-Dune-Magasin-Porto-Venere-Montpellier-pr\u00e8s-de-Lunel-34\" data-e-action-hash=\"#elementor-action%3Aaction%3Dlightbox%26settings%3DeyJpZCI6Njg2OTQsInVybCI6Imh0dHBzOlwvXC93d3cucG9ydG92ZW5lcmUuZnJcL2ZyLWZyXC93cC1jb250ZW50XC91cGxvYWRzXC8yMDI1XC8xMlwvQ2FycmVsYWdlLWhhdXQtZGUtZ2FtbWUtZWZmZXQtcGllcnJlLWNhbGNhaXJlLWNsYWlyZS1wb3VyLWludGVyaWV1ci1ldC1leHRlcmlldXItQ0FQSUVUUkEtRHVuZS1NYWdhc2luLVBvcnRvLVZlbmVyZS1Nb250cGVsbGllci1wcmVzLWRlLUx1bmVsLTM0LmpwZyIsInNsaWRlc2hvdyI6IjNhYTFiNjUifQ%3D%3D\">\n\t\t\t\t\t<div class=\"e-gallery-image elementor-gallery-item__image\" data-thumbnail=\"https:\/\/www.portovenere.fr\/fr-fr\/wp-content\/uploads\/2025\/12\/Carrelage-haut-de-gamme-effet-pierre-calcaire-claire-pour-interieur-et-exterieur-CAPIETRA-Dune-Magasin-Porto-Venere-Montpellier-pres-de-Lunel-34-150x150.jpg\" data-width=\"150\" data-height=\"150\" aria-label=\"Carrelage effet pierre calcaire en gr\u00e8s c\u00e9rame de grande qualit\u00e9 1er choix Porto Venere Montpellier\" role=\"img\" ><\/div>\n\t\t\t\t\t\t\t\t\t\t\t<div class=\"elementor-gallery-item__overlay\"><\/div>\n\t\t\t\t\t\t\t\t\t\t\t\t\t\t<\/a>\n\t\t\t\t\t\t\t<a class=\"e-gallery-item elementor-gallery-item elementor-animated-content\" href=\"https:\/\/www.portovenere.fr\/fr-fr\/wp-content\/uploads\/2025\/12\/Carrelage-gris-haut-de-gamme-effet-pierre-calcaire-pour-interieur-et-exterieur-teinte-grise-CAPIETRA-Cloud-Magasin-Porto-Venere-Montpellier-pres-de-Balaruc-34.jpg\" data-elementor-open-lightbox=\"yes\" data-elementor-lightbox-slideshow=\"3aa1b65\" data-elementor-lightbox-title=\"Carrelage-gris-haut-de-gamme-effet-pierre-calcaire-pour-interieur-et-exterieur-teinte-grise-CAPIETRA-Cloud-Magasin-Porto-Venere-Montpellier-pr\u00e8s-de-Balaruc-34\" data-e-action-hash=\"#elementor-action%3Aaction%3Dlightbox%26settings%3DeyJpZCI6Njg2OTIsInVybCI6Imh0dHBzOlwvXC93d3cucG9ydG92ZW5lcmUuZnJcL2ZyLWZyXC93cC1jb250ZW50XC91cGxvYWRzXC8yMDI1XC8xMlwvQ2FycmVsYWdlLWdyaXMtaGF1dC1kZS1nYW1tZS1lZmZldC1waWVycmUtY2FsY2FpcmUtcG91ci1pbnRlcmlldXItZXQtZXh0ZXJpZXVyLXRlaW50ZS1ncmlzZS1DQVBJRVRSQS1DbG91ZC1NYWdhc2luLVBvcnRvLVZlbmVyZS1Nb250cGVsbGllci1wcmVzLWRlLUJhbGFydWMtMzQuanBnIiwic2xpZGVzaG93IjoiM2FhMWI2NSJ9\">\n\t\t\t\t\t<div class=\"e-gallery-image elementor-gallery-item__image\" data-thumbnail=\"https:\/\/www.portovenere.fr\/fr-fr\/wp-content\/uploads\/2025\/12\/Carrelage-gris-haut-de-gamme-effet-pierre-calcaire-pour-interieur-et-exterieur-teinte-grise-CAPIETRA-Cloud-Magasin-Porto-Venere-Montpellier-pres-de-Balaruc-34-150x150.jpg\" data-width=\"150\" data-height=\"150\" aria-label=\"Carrelage effet pierre calcaire en gr\u00e8s c\u00e9rame de grande qualit\u00e9 1er choix Porto Venere Montpellier\" role=\"img\" ><\/div>\n\t\t\t\t\t\t\t\t\t\t\t<div class=\"elementor-gallery-item__overlay\"><\/div>\n\t\t\t\t\t\t\t\t\t\t\t\t\t\t<\/a>\n\t\t\t\t\t\t\t<a class=\"e-gallery-item elementor-gallery-item elementor-animated-content\" href=\"https:\/\/www.portovenere.fr\/fr-fr\/wp-content\/uploads\/2025\/12\/Carrelage-haut-de-gamme-effet-pierre-calcaire-claire-pour-interieur-et-exterieur-CAPIETRA-Blanc-Magasin-Porto-Venere-Montpellier-pres-de-Sete-34.jpg\" data-elementor-open-lightbox=\"yes\" data-elementor-lightbox-slideshow=\"3aa1b65\" data-elementor-lightbox-title=\"Carrelage-haut-de-gamme-effet-pierre-calcaire-claire-pour-interieur-et-exterieur-CAPIETRA-Blanc-Magasin-Porto-Venere-Montpellier-pr\u00e8s-de-S\u00e8te-34\" data-e-action-hash=\"#elementor-action%3Aaction%3Dlightbox%26settings%3DeyJpZCI6Njg2OTMsInVybCI6Imh0dHBzOlwvXC93d3cucG9ydG92ZW5lcmUuZnJcL2ZyLWZyXC93cC1jb250ZW50XC91cGxvYWRzXC8yMDI1XC8xMlwvQ2FycmVsYWdlLWhhdXQtZGUtZ2FtbWUtZWZmZXQtcGllcnJlLWNhbGNhaXJlLWNsYWlyZS1wb3VyLWludGVyaWV1ci1ldC1leHRlcmlldXItQ0FQSUVUUkEtQmxhbmMtTWFnYXNpbi1Qb3J0by1WZW5lcmUtTW9udHBlbGxpZXItcHJlcy1kZS1TZXRlLTM0LmpwZyIsInNsaWRlc2hvdyI6IjNhYTFiNjUifQ%3D%3D\">\n\t\t\t\t\t<div class=\"e-gallery-image elementor-gallery-item__image\" data-thumbnail=\"https:\/\/www.portovenere.fr\/fr-fr\/wp-content\/uploads\/2025\/12\/Carrelage-haut-de-gamme-effet-pierre-calcaire-claire-pour-interieur-et-exterieur-CAPIETRA-Blanc-Magasin-Porto-Venere-Montpellier-pres-de-Sete-34-150x150.jpg\" data-width=\"150\" data-height=\"150\" aria-label=\"Carrelage effet pierre calcaire en gr\u00e8s c\u00e9rame de grande qualit\u00e9 1er choix Porto Venere Montpellier\" role=\"img\" ><\/div>\n\t\t\t\t\t\t\t\t\t\t\t<div class=\"elementor-gallery-item__overlay\"><\/div>\n\t\t\t\t\t\t\t\t\t\t\t\t\t\t<\/a>\n\t\t\t\t\t<\/div>\n\t\t\t\t\t<\/div>\n\t\t\t\t<\/div>\n\t\t\t\t<div class=\"elementor-element elementor-element-9cf7e0e elementor-widget elementor-widget-text-editor\" data-id=\"9cf7e0e\" data-element_type=\"widget\" data-e-type=\"widget\" data-widget_type=\"text-editor.default\">\n\t\t\t\t<div class=\"elementor-widget-container\">\n\t\t\t\t\t\t\t\t\t<p data-start=\"2437\" data-end=\"2995\">La collection <strong data-start=\"2451\" data-end=\"2463\">CAPIETRA<\/strong> r\u00e9interpr\u00e8te la pierre calcaire \u00e0 travers un gr\u00e8s c\u00e9rame aux textures douces et aux nuances naturelles.\u00a0<\/p><p data-start=\"2437\" data-end=\"2995\">Disponible en <strong data-start=\"2582\" data-end=\"2607\">cinq coloris lumineux<\/strong>, elle se d\u00e9cline en <strong data-start=\"2628\" data-end=\"2681\">formats 30\u00d760, 60\u00d760, 80\u00d780, 60\u00d7120 et 120\u00d7120 cm<\/strong> pour sols et murs.\u00a0<\/p><p data-start=\"2437\" data-end=\"2995\">Deux finitions sont propos\u00e9es : <strong data-start=\"2733\" data-end=\"2751\">Soft Touch R10<\/strong> pour l\u2019int\u00e9rieur et <strong data-start=\"2772\" data-end=\"2793\">antid\u00e9rapante R11<\/strong> pour l\u2019ext\u00e9rieur, avec des <strong data-start=\"2821\" data-end=\"2836\">dalles 2 cm<\/strong> id\u00e9ales pour terrasses et piscines. Bords droits ou bords irr\u00e9guliers.\u00a0<\/p><p data-start=\"2437\" data-end=\"2995\"><strong data-start=\"2873\" data-end=\"2913\">Deux mosa\u00efques et deux d\u00e9cors muraux<\/strong> compl\u00e8tent la collection pour enrichir les projets avec \u00e9l\u00e9gance et authenticit\u00e9.<\/p>\t\t\t\t\t\t\t\t<\/div>\n\t\t\t\t<\/div>\n\t\t\t\t<div class=\"elementor-element elementor-element-22cfa1e elementor-mobile-align-center elementor-widget elementor-widget-button\" data-id=\"22cfa1e\" data-element_type=\"widget\" data-e-type=\"widget\" data-widget_type=\"button.default\">\n\t\t\t\t<div class=\"elementor-widget-container\">\n\t\t\t\t\t\t\t\t\t<div class=\"elementor-button-wrapper\">\n\t\t\t\t\t<a class=\"elementor-button elementor-button-link elementor-size-sm\" href=\"https:\/\/www.portovenere.fr\/fr-fr\/carrelage-sol-et-mur-en-gres-cerame-et-faience\/carrelage-aspect-pierre\/carrelage-haut-de-gamme-pierre-calcaire-capietra\/\">\n\t\t\t\t\t\t<span class=\"elementor-button-content-wrapper\">\n\t\t\t\t\t\t\t\t\t<span class=\"elementor-button-text\">VOIR LA COLLECTION<\/span>\n\t\t\t\t\t<\/span>\n\t\t\t\t\t<\/a>\n\t\t\t\t<\/div>\n\t\t\t\t\t\t\t\t<\/div>\n\t\t\t\t<\/div>\n\t\t\t\t<div class=\"elementor-element elementor-element-35573ae elementor-widget elementor-widget-spacer\" data-id=\"35573ae\" data-element_type=\"widget\" data-e-type=\"widget\" data-widget_type=\"spacer.default\">\n\t\t\t\t<div class=\"elementor-widget-container\">\n\t\t\t\t\t\t\t<div class=\"elementor-spacer\">\n\t\t\t<div class=\"elementor-spacer-inner\"><\/div>\n\t\t<\/div>\n\t\t\t\t\t\t<\/div>\n\t\t\t\t<\/div>\n\t\t\t\t\t<\/div>\n\t\t<\/div>\n\t\t\t\t<div class=\"elementor-column elementor-col-33 elementor-top-column elementor-element elementor-element-3e75b8a elementor-invisible\" data-id=\"3e75b8a\" data-element_type=\"column\" data-e-type=\"column\" data-settings=\"{&quot;animation&quot;:&quot;fadeIn&quot;,&quot;background_background&quot;:&quot;classic&quot;}\">\n\t\t\t<div class=\"elementor-widget-wrap elementor-element-populated\">\n\t\t\t\t\t\t<div class=\"elementor-element elementor-element-2d96faa elementor-widget elementor-widget-heading\" data-id=\"2d96faa\" data-element_type=\"widget\" data-e-type=\"widget\" data-widget_type=\"heading.default\">\n\t\t\t\t<div class=\"elementor-widget-container\">\n\t\t\t\t\t<h3 class=\"elementor-heading-title elementor-size-default\"><a href=\"https:\/\/www.portovenere.fr\/fr-fr\/carrelage-sol-et-mur-en-gres-cerame-et-faience\/carrelage-aspect-pierre\/carrelage-pierre-du-sud-effet-pierre-mediterraneenne\/\">PIERRE DU SUD<\/a><\/h3>\t\t\t\t<\/div>\n\t\t\t\t<\/div>\n\t\t\t\t<div class=\"elementor-element elementor-element-a5871d8 elementor-widget elementor-widget-image\" data-id=\"a5871d8\" data-element_type=\"widget\" data-e-type=\"widget\" data-widget_type=\"image.default\">\n\t\t\t\t<div class=\"elementor-widget-container\">\n\t\t\t\t\t\t\t\t\t\t\t\t\t\t\t\t<a href=\"https:\/\/www.portovenere.fr\/fr-fr\/carrelage-sol-et-mur-en-gres-cerame-et-faience\/carrelage-aspect-pierre\/carrelage-pierre-du-sud-effet-pierre-mediterraneenne\/\">\n\t\t\t\t\t\t\t<img decoding=\"async\" src=\"https:\/\/www.portovenere.fr\/fr-fr\/wp-content\/uploads\/elementor\/thumbs\/Carrelage-clair-effet-pierre-contemporaine-PIERRE-DU-SUD-sols-et-murs-en-intrerieur-et-exterieur-Magasin-Porto-Venere-Montpellier-proche-Perols-34-rct68p0gh4pe0ch0noyssas3dmxvekqueioy4lsk0s.jpg\" title=\"Carrelage-clair-effet-pierre-contemporaine-PIERRE-DU-SUD-sols-et-murs-en-intr\u00e9rieur-et-ext\u00e9rieur-Magasin-Porto-Venere-Montpellier-proche-P\u00e9rols-34\" alt=\"Trani naturel au sol et antid\u00e9rapant sur terrasse et soft au mur\" loading=\"lazy\" \/>\t\t\t\t\t\t\t\t<\/a>\n\t\t\t\t\t\t\t\t\t\t\t\t\t\t\t<\/div>\n\t\t\t\t<\/div>\n\t\t\t\t<div class=\"elementor-element elementor-element-70fedfe elementor-widget elementor-widget-text-editor\" data-id=\"70fedfe\" data-element_type=\"widget\" data-e-type=\"widget\" data-widget_type=\"text-editor.default\">\n\t\t\t\t<div class=\"elementor-widget-container\">\n\t\t\t\t\t\t\t\t\t<p><strong>4 coloris<\/strong><\/p>\t\t\t\t\t\t\t\t<\/div>\n\t\t\t\t<\/div>\n\t\t\t\t<div class=\"elementor-element elementor-element-1a8b311 elementor-widget elementor-widget-gallery\" data-id=\"1a8b311\" data-element_type=\"widget\" data-e-type=\"widget\" data-settings=\"{&quot;columns&quot;:6,&quot;columns_tablet&quot;:4,&quot;columns_mobile&quot;:4,&quot;aspect_ratio&quot;:&quot;1:1&quot;,&quot;lazyload&quot;:&quot;yes&quot;,&quot;gallery_layout&quot;:&quot;grid&quot;,&quot;gap&quot;:{&quot;unit&quot;:&quot;px&quot;,&quot;size&quot;:10,&quot;sizes&quot;:[]},&quot;gap_tablet&quot;:{&quot;unit&quot;:&quot;px&quot;,&quot;size&quot;:10,&quot;sizes&quot;:[]},&quot;gap_mobile&quot;:{&quot;unit&quot;:&quot;px&quot;,&quot;size&quot;:10,&quot;sizes&quot;:[]},&quot;link_to&quot;:&quot;file&quot;,&quot;overlay_background&quot;:&quot;yes&quot;,&quot;content_hover_animation&quot;:&quot;fade-in&quot;}\" data-widget_type=\"gallery.default\">\n\t\t\t\t<div class=\"elementor-widget-container\">\n\t\t\t\t\t\t\t<div class=\"elementor-gallery__container\">\n\t\t\t\t\t\t\t<a class=\"e-gallery-item elementor-gallery-item elementor-animated-content\" href=\"https:\/\/www.portovenere.fr\/fr-fr\/wp-content\/uploads\/2025\/10\/Carrelage-gres-cerame-Pierre-du-Sud-Trani-style-mediterraneen-pour-interieur-et-exterieur-Magasin-Porto-Venere-Montpellier_pres-de-Castelnau-le-lez-34.jpg\" data-elementor-open-lightbox=\"yes\" data-elementor-lightbox-slideshow=\"1a8b311\" data-elementor-lightbox-title=\"Carrelage-gr\u00e8s-c\u00e9rame-Pierre-du-Sud-Trani-style-m\u00e9diterran\u00e9en-pour-int\u00e9rieur-et-ext\u00e9rieur-Magasin-Porto-Venere-Montpellier_pr\u00e8s-de-Castelnau-le-lez-34\" data-e-action-hash=\"#elementor-action%3Aaction%3Dlightbox%26settings%3DeyJpZCI6NjU2ODUsInVybCI6Imh0dHBzOlwvXC93d3cucG9ydG92ZW5lcmUuZnJcL2ZyLWZyXC93cC1jb250ZW50XC91cGxvYWRzXC8yMDI1XC8xMFwvQ2FycmVsYWdlLWdyZXMtY2VyYW1lLVBpZXJyZS1kdS1TdWQtVHJhbmktc3R5bGUtbWVkaXRlcnJhbmVlbi1wb3VyLWludGVyaWV1ci1ldC1leHRlcmlldXItTWFnYXNpbi1Qb3J0by1WZW5lcmUtTW9udHBlbGxpZXJfcHJlcy1kZS1DYXN0ZWxuYXUtbGUtbGV6LTM0LmpwZyIsInNsaWRlc2hvdyI6IjFhOGIzMTEifQ%3D%3D\">\n\t\t\t\t\t<div class=\"e-gallery-image elementor-gallery-item__image\" data-thumbnail=\"https:\/\/www.portovenere.fr\/fr-fr\/wp-content\/uploads\/2025\/10\/Carrelage-gres-cerame-Pierre-du-Sud-Trani-style-mediterraneen-pour-interieur-et-exterieur-Magasin-Porto-Venere-Montpellier_pres-de-Castelnau-le-lez-34-150x150.jpg\" data-width=\"150\" data-height=\"150\" aria-label=\"\" role=\"img\" ><\/div>\n\t\t\t\t\t\t\t\t\t\t\t<div class=\"elementor-gallery-item__overlay\"><\/div>\n\t\t\t\t\t\t\t\t\t\t\t\t\t\t<\/a>\n\t\t\t\t\t\t\t<a class=\"e-gallery-item elementor-gallery-item elementor-animated-content\" href=\"https:\/\/www.portovenere.fr\/fr-fr\/wp-content\/uploads\/2025\/10\/Carrelage-gres-cerame-Pierre-du-Sud-Spalato-style-mediterraneen-pour-interieur-et-exterieur-Magasin-Porto-Venere-Montpellier_pres-de-Mauguio-34.jpg\" data-elementor-open-lightbox=\"yes\" data-elementor-lightbox-slideshow=\"1a8b311\" data-elementor-lightbox-title=\"Carrelage-gr\u00e8s-c\u00e9rame-Pierre-du-Sud-Spalato-style-m\u00e9diterran\u00e9en-pour-int\u00e9rieur-et-ext\u00e9rieur-Magasin-Porto-Venere-Montpellier_pr\u00e8s-de-Mauguio-34\" data-e-action-hash=\"#elementor-action%3Aaction%3Dlightbox%26settings%3DeyJpZCI6NjU2ODMsInVybCI6Imh0dHBzOlwvXC93d3cucG9ydG92ZW5lcmUuZnJcL2ZyLWZyXC93cC1jb250ZW50XC91cGxvYWRzXC8yMDI1XC8xMFwvQ2FycmVsYWdlLWdyZXMtY2VyYW1lLVBpZXJyZS1kdS1TdWQtU3BhbGF0by1zdHlsZS1tZWRpdGVycmFuZWVuLXBvdXItaW50ZXJpZXVyLWV0LWV4dGVyaWV1ci1NYWdhc2luLVBvcnRvLVZlbmVyZS1Nb250cGVsbGllcl9wcmVzLWRlLU1hdWd1aW8tMzQuanBnIiwic2xpZGVzaG93IjoiMWE4YjMxMSJ9\">\n\t\t\t\t\t<div class=\"e-gallery-image elementor-gallery-item__image\" data-thumbnail=\"https:\/\/www.portovenere.fr\/fr-fr\/wp-content\/uploads\/2025\/10\/Carrelage-gres-cerame-Pierre-du-Sud-Spalato-style-mediterraneen-pour-interieur-et-exterieur-Magasin-Porto-Venere-Montpellier_pres-de-Mauguio-34-150x150.jpg\" data-width=\"150\" data-height=\"150\" aria-label=\"\" role=\"img\" ><\/div>\n\t\t\t\t\t\t\t\t\t\t\t<div class=\"elementor-gallery-item__overlay\"><\/div>\n\t\t\t\t\t\t\t\t\t\t\t\t\t\t<\/a>\n\t\t\t\t\t\t\t<a class=\"e-gallery-item elementor-gallery-item elementor-animated-content\" href=\"https:\/\/www.portovenere.fr\/fr-fr\/wp-content\/uploads\/2025\/10\/Carrelage-gres-cerame-Pierre-du-Sud-Rodi-style-mediterraneen-pour-interieur-et-exterieur-Magasin-Porto-Venere-Montpellier_pres-de-Lattes-34.jpg\" data-elementor-open-lightbox=\"yes\" data-elementor-lightbox-slideshow=\"1a8b311\" data-elementor-lightbox-title=\"Carrelage-gr\u00e8s-c\u00e9rame-Pierre-du-Sud-Rodi-style-m\u00e9diterran\u00e9en-pour-int\u00e9rieur-et-ext\u00e9rieur-Magasin-Porto-Venere-Montpellier_pr\u00e8s-de-Lattes-34\" data-e-action-hash=\"#elementor-action%3Aaction%3Dlightbox%26settings%3DeyJpZCI6NjU2ODIsInVybCI6Imh0dHBzOlwvXC93d3cucG9ydG92ZW5lcmUuZnJcL2ZyLWZyXC93cC1jb250ZW50XC91cGxvYWRzXC8yMDI1XC8xMFwvQ2FycmVsYWdlLWdyZXMtY2VyYW1lLVBpZXJyZS1kdS1TdWQtUm9kaS1zdHlsZS1tZWRpdGVycmFuZWVuLXBvdXItaW50ZXJpZXVyLWV0LWV4dGVyaWV1ci1NYWdhc2luLVBvcnRvLVZlbmVyZS1Nb250cGVsbGllcl9wcmVzLWRlLUxhdHRlcy0zNC5qcGciLCJzbGlkZXNob3ciOiIxYThiMzExIn0%3D\">\n\t\t\t\t\t<div class=\"e-gallery-image elementor-gallery-item__image\" data-thumbnail=\"https:\/\/www.portovenere.fr\/fr-fr\/wp-content\/uploads\/2025\/10\/Carrelage-gres-cerame-Pierre-du-Sud-Rodi-style-mediterraneen-pour-interieur-et-exterieur-Magasin-Porto-Venere-Montpellier_pres-de-Lattes-34-150x150.jpg\" data-width=\"150\" data-height=\"150\" aria-label=\"\" role=\"img\" ><\/div>\n\t\t\t\t\t\t\t\t\t\t\t<div class=\"elementor-gallery-item__overlay\"><\/div>\n\t\t\t\t\t\t\t\t\t\t\t\t\t\t<\/a>\n\t\t\t\t\t\t\t<a class=\"e-gallery-item elementor-gallery-item elementor-animated-content\" href=\"https:\/\/www.portovenere.fr\/fr-fr\/wp-content\/uploads\/2025\/10\/Carrelage-gres-cerame-Pierre-du-Sud-Ostuni-style-mediterraneen-pour-interieur-et-exterieur-Magasin-Porto-Venere-Montpellier_pres-de-Agde-34.jpg\" data-elementor-open-lightbox=\"yes\" data-elementor-lightbox-slideshow=\"1a8b311\" data-elementor-lightbox-title=\"Carrelage-gr\u00e8s-c\u00e9rame-Pierre-du-Sud-Ostuni-style-m\u00e9diterran\u00e9en-pour-int\u00e9rieur-et-ext\u00e9rieur-Magasin-Porto-Venere-Montpellier_pr\u00e8s-de-Agde-34\" data-e-action-hash=\"#elementor-action%3Aaction%3Dlightbox%26settings%3DeyJpZCI6NjU2ODEsInVybCI6Imh0dHBzOlwvXC93d3cucG9ydG92ZW5lcmUuZnJcL2ZyLWZyXC93cC1jb250ZW50XC91cGxvYWRzXC8yMDI1XC8xMFwvQ2FycmVsYWdlLWdyZXMtY2VyYW1lLVBpZXJyZS1kdS1TdWQtT3N0dW5pLXN0eWxlLW1lZGl0ZXJyYW5lZW4tcG91ci1pbnRlcmlldXItZXQtZXh0ZXJpZXVyLU1hZ2FzaW4tUG9ydG8tVmVuZXJlLU1vbnRwZWxsaWVyX3ByZXMtZGUtQWdkZS0zNC5qcGciLCJzbGlkZXNob3ciOiIxYThiMzExIn0%3D\">\n\t\t\t\t\t<div class=\"e-gallery-image elementor-gallery-item__image\" data-thumbnail=\"https:\/\/www.portovenere.fr\/fr-fr\/wp-content\/uploads\/2025\/10\/Carrelage-gres-cerame-Pierre-du-Sud-Ostuni-style-mediterraneen-pour-interieur-et-exterieur-Magasin-Porto-Venere-Montpellier_pres-de-Agde-34-150x150.jpg\" data-width=\"150\" data-height=\"150\" aria-label=\"\" role=\"img\" ><\/div>\n\t\t\t\t\t\t\t\t\t\t\t<div class=\"elementor-gallery-item__overlay\"><\/div>\n\t\t\t\t\t\t\t\t\t\t\t\t\t\t<\/a>\n\t\t\t\t\t<\/div>\n\t\t\t\t\t<\/div>\n\t\t\t\t<\/div>\n\t\t\t\t<div class=\"elementor-element elementor-element-5330aa6 elementor-widget elementor-widget-text-editor\" data-id=\"5330aa6\" data-element_type=\"widget\" data-e-type=\"widget\" data-widget_type=\"text-editor.default\">\n\t\t\t\t<div class=\"elementor-widget-container\">\n\t\t\t\t\t\t\t\t\t<p data-start=\"74\" data-end=\"212\">La collection <span data-start=\"14\" data-end=\"31\">PIERRE DU SUD<\/span> r\u00e9invente le <b>carrelage effet pierre<\/b> dans un <b>esprit m\u00e9diterran\u00e9en<\/b> contemporain, id\u00e9al pour <b>l\u2019int\u00e9rieur comme pour l\u2019ext\u00e9rieur.\u00a0<\/b><\/p><p data-start=\"74\" data-end=\"212\">En gr\u00e8s c\u00e9rame haute performance, elle allie authenticit\u00e9, \u00e9l\u00e9gance et durabilit\u00e9. Ses <b>formats vari\u00e9s<\/b> \u2013 du 30&#215;60 au XXL 120&#215;278 cm \u2013 offrent une grande libert\u00e9 de composition. D\u00e9clin\u00e9e en teintes <b>sable, beige, gris clair ou gris terre<\/b>, et en finitions naturel mat, Honed adouci ou antid\u00e9rapant, elle cr\u00e9e des ambiances chaleureuses et lumineuses.\u00a0<\/p><p data-start=\"74\" data-end=\"212\">Parfaite pour sols, murs, terrasses, tour de piscine, cr\u00e9dence de salle de bain, <strong data-start=\"535\" data-end=\"552\">PIERRE DU SUD<\/strong> allie esth\u00e9tique naturelle et performance durable pour des espaces intemporels.<\/p>\t\t\t\t\t\t\t\t<\/div>\n\t\t\t\t<\/div>\n\t\t\t\t<div class=\"elementor-element elementor-element-c274291 elementor-mobile-align-center elementor-widget elementor-widget-button\" data-id=\"c274291\" data-element_type=\"widget\" data-e-type=\"widget\" data-widget_type=\"button.default\">\n\t\t\t\t<div class=\"elementor-widget-container\">\n\t\t\t\t\t\t\t\t\t<div class=\"elementor-button-wrapper\">\n\t\t\t\t\t<a class=\"elementor-button elementor-button-link elementor-size-sm\" href=\"https:\/\/www.portovenere.fr\/fr-fr\/carrelage-sol-et-mur-en-gres-cerame-et-faience\/carrelage-aspect-pierre\/carrelage-pierre-du-sud-effet-pierre-mediterraneenne\/\">\n\t\t\t\t\t\t<span class=\"elementor-button-content-wrapper\">\n\t\t\t\t\t\t\t\t\t<span class=\"elementor-button-text\">Voir la collection<\/span>\n\t\t\t\t\t<\/span>\n\t\t\t\t\t<\/a>\n\t\t\t\t<\/div>\n\t\t\t\t\t\t\t\t<\/div>\n\t\t\t\t<\/div>\n\t\t\t\t<div class=\"elementor-element elementor-element-de30eb2 elementor-widget elementor-widget-spacer\" data-id=\"de30eb2\" data-element_type=\"widget\" data-e-type=\"widget\" data-widget_type=\"spacer.default\">\n\t\t\t\t<div class=\"elementor-widget-container\">\n\t\t\t\t\t\t\t<div class=\"elementor-spacer\">\n\t\t\t<div class=\"elementor-spacer-inner\"><\/div>\n\t\t<\/div>\n\t\t\t\t\t\t<\/div>\n\t\t\t\t<\/div>\n\t\t\t\t\t<\/div>\n\t\t<\/div>\n\t\t\t\t<div class=\"elementor-column elementor-col-33 elementor-top-column elementor-element elementor-element-89d9651 elementor-invisible\" data-id=\"89d9651\" data-element_type=\"column\" data-e-type=\"column\" data-settings=\"{&quot;animation&quot;:&quot;fadeIn&quot;,&quot;background_background&quot;:&quot;classic&quot;}\">\n\t\t\t<div class=\"elementor-widget-wrap elementor-element-populated\">\n\t\t\t\t\t\t<div class=\"elementor-element elementor-element-bdc9e02 elementor-widget elementor-widget-heading\" data-id=\"bdc9e02\" data-element_type=\"widget\" data-e-type=\"widget\" data-widget_type=\"heading.default\">\n\t\t\t\t<div class=\"elementor-widget-container\">\n\t\t\t\t\t<h3 class=\"elementor-heading-title elementor-size-default\"><a href=\"https:\/\/www.portovenere.fr\/fr-fr\/carrelage-sol-et-mur-en-gres-cerame-et-faience\/carrelage-aspect-pierre\/carrelage-haut-de-gamme-effet-pierre-variati\/\">VARIATI<\/a><\/h3>\t\t\t\t<\/div>\n\t\t\t\t<\/div>\n\t\t\t\t<div class=\"elementor-element elementor-element-54228ec elementor-widget elementor-widget-image\" data-id=\"54228ec\" data-element_type=\"widget\" data-e-type=\"widget\" data-widget_type=\"image.default\">\n\t\t\t\t<div class=\"elementor-widget-container\">\n\t\t\t\t\t\t\t\t\t\t\t\t\t\t\t\t<a href=\"https:\/\/www.portovenere.fr\/fr-fr\/carrelage-sol-et-mur-en-gres-cerame-et-faience\/carrelage-aspect-pierre\/carrelage-haut-de-gamme-effet-pierre-variati\/\">\n\t\t\t\t\t\t\t<img decoding=\"async\" src=\"https:\/\/www.portovenere.fr\/fr-fr\/wp-content\/uploads\/elementor\/thumbs\/Carrelage-gres-cerame-effet-pierre-lisse-interieure-et-dalles-antiderapantes-terrasse-VARIATI-coloris-Clay-Villa-Magasin-Porto-Venere-Montpellier-34-rhcn9isspg7fc2st879h2gh2g1w0d6jm897db7mrto.jpg\" title=\"Carrelage-gr\u00e8s-c\u00e9rame-effet-pierre-lisse-interieure-et-dalles-antid\u00e9rapantes-terrasse-VARIATI-coloris-Clay-Villa-Magasin-Porto-Venere-Montpellier-34\" alt=\"Villa architecte design avec sol carrelage gr\u00e8s c\u00e9rame effet pierre lisse \u00e0 l&#039;int\u00e9rieur et dalles antid\u00e9rapantes terrasse et tour de piscine - Magasin de carrelages PORTO VENERE MONTPELLIER dans l&#039;H\u00e9rault 34\" loading=\"lazy\" \/>\t\t\t\t\t\t\t\t<\/a>\n\t\t\t\t\t\t\t\t\t\t\t\t\t\t\t<\/div>\n\t\t\t\t<\/div>\n\t\t\t\t<div class=\"elementor-element elementor-element-81c27bd elementor-widget elementor-widget-text-editor\" data-id=\"81c27bd\" data-element_type=\"widget\" data-e-type=\"widget\" data-widget_type=\"text-editor.default\">\n\t\t\t\t<div class=\"elementor-widget-container\">\n\t\t\t\t\t\t\t\t\t<p><strong>4 coloris<\/strong><\/p>\t\t\t\t\t\t\t\t<\/div>\n\t\t\t\t<\/div>\n\t\t\t\t<div class=\"elementor-element elementor-element-80141f5 elementor-widget elementor-widget-gallery\" data-id=\"80141f5\" data-element_type=\"widget\" data-e-type=\"widget\" data-settings=\"{&quot;columns&quot;:6,&quot;columns_tablet&quot;:4,&quot;columns_mobile&quot;:4,&quot;aspect_ratio&quot;:&quot;1:1&quot;,&quot;lazyload&quot;:&quot;yes&quot;,&quot;gallery_layout&quot;:&quot;grid&quot;,&quot;gap&quot;:{&quot;unit&quot;:&quot;px&quot;,&quot;size&quot;:10,&quot;sizes&quot;:[]},&quot;gap_tablet&quot;:{&quot;unit&quot;:&quot;px&quot;,&quot;size&quot;:10,&quot;sizes&quot;:[]},&quot;gap_mobile&quot;:{&quot;unit&quot;:&quot;px&quot;,&quot;size&quot;:10,&quot;sizes&quot;:[]},&quot;link_to&quot;:&quot;file&quot;,&quot;overlay_background&quot;:&quot;yes&quot;,&quot;content_hover_animation&quot;:&quot;fade-in&quot;}\" data-widget_type=\"gallery.default\">\n\t\t\t\t<div class=\"elementor-widget-container\">\n\t\t\t\t\t\t\t<div class=\"elementor-gallery__container\">\n\t\t\t\t\t\t\t<a class=\"e-gallery-item elementor-gallery-item elementor-animated-content\" href=\"https:\/\/www.portovenere.fr\/fr-fr\/wp-content\/uploads\/2026\/01\/Carrelage-gres-cerame-effet-pierre-foncee-differentes-textures-et-coloris-pour-sols-et-murs-interieur-et-exterieur-VARIATI-coloris-Clay-magasin-Porto-Venere-proche-Sete-34.jpg\" data-elementor-open-lightbox=\"yes\" data-elementor-lightbox-slideshow=\"80141f5\" data-elementor-lightbox-title=\"Carrelage-gr\u00e8s-c\u00e9rame-effet-pierre-fonc\u00e9e-diff\u00e9rentes-textures-et-coloris-pour-sols-et-murs-int\u00e9rieur-et-ext\u00e9rieur-VARIATI-coloris-Clay-magasin-Porto-Venere-proche-S\u00e8te-34\" data-e-action-hash=\"#elementor-action%3Aaction%3Dlightbox%26settings%3DeyJpZCI6Njg4ODUsInVybCI6Imh0dHBzOlwvXC93d3cucG9ydG92ZW5lcmUuZnJcL2ZyLWZyXC93cC1jb250ZW50XC91cGxvYWRzXC8yMDI2XC8wMVwvQ2FycmVsYWdlLWdyZXMtY2VyYW1lLWVmZmV0LXBpZXJyZS1mb25jZWUtZGlmZmVyZW50ZXMtdGV4dHVyZXMtZXQtY29sb3Jpcy1wb3VyLXNvbHMtZXQtbXVycy1pbnRlcmlldXItZXQtZXh0ZXJpZXVyLVZBUklBVEktY29sb3Jpcy1DbGF5LW1hZ2FzaW4tUG9ydG8tVmVuZXJlLXByb2NoZS1TZXRlLTM0LmpwZyIsInNsaWRlc2hvdyI6IjgwMTQxZjUifQ%3D%3D\">\n\t\t\t\t\t<div class=\"e-gallery-image elementor-gallery-item__image\" data-thumbnail=\"https:\/\/www.portovenere.fr\/fr-fr\/wp-content\/uploads\/2026\/01\/Carrelage-gres-cerame-effet-pierre-foncee-differentes-textures-et-coloris-pour-sols-et-murs-interieur-et-exterieur-VARIATI-coloris-Clay-magasin-Porto-Venere-proche-Sete-34-150x150.jpg\" data-width=\"150\" data-height=\"150\" aria-label=\"Carrelage-haut-de-gamme-de-qualit\u00e9-effet-pierre-diff\u00e9rentes-textures-et-coloris-pour-sols-et-murs-int\u00e9rieur-et-ext\u00e9rieur-VARIATI-magasin-Porto-Venere-\u00e0-Montpellier-34\" role=\"img\" ><\/div>\n\t\t\t\t\t\t\t\t\t\t\t<div class=\"elementor-gallery-item__overlay\"><\/div>\n\t\t\t\t\t\t\t\t\t\t\t\t\t\t<\/a>\n\t\t\t\t\t\t\t<a class=\"e-gallery-item elementor-gallery-item elementor-animated-content\" href=\"https:\/\/www.portovenere.fr\/fr-fr\/wp-content\/uploads\/2026\/01\/Carrelage-gres-cerame-effet-pierre-differentes-textures-et-coloris-pour-sols-et-murs-interieur-et-exterieur-VARIATI-coloris-Shell-magasin-Porto-Venere-proche-Perols-34.jpg\" data-elementor-open-lightbox=\"yes\" data-elementor-lightbox-slideshow=\"80141f5\" data-elementor-lightbox-title=\"Carrelage-gr\u00e8s-c\u00e9rame-effet-pierre-diff\u00e9rentes-textures-et-coloris-pour-sols-et-murs-int\u00e9rieur-et-ext\u00e9rieur-VARIATI-coloris-Shell-magasin-Porto-Venere-proche-Perols-34\" data-e-action-hash=\"#elementor-action%3Aaction%3Dlightbox%26settings%3DeyJpZCI6Njg4ODQsInVybCI6Imh0dHBzOlwvXC93d3cucG9ydG92ZW5lcmUuZnJcL2ZyLWZyXC93cC1jb250ZW50XC91cGxvYWRzXC8yMDI2XC8wMVwvQ2FycmVsYWdlLWdyZXMtY2VyYW1lLWVmZmV0LXBpZXJyZS1kaWZmZXJlbnRlcy10ZXh0dXJlcy1ldC1jb2xvcmlzLXBvdXItc29scy1ldC1tdXJzLWludGVyaWV1ci1ldC1leHRlcmlldXItVkFSSUFUSS1jb2xvcmlzLVNoZWxsLW1hZ2FzaW4tUG9ydG8tVmVuZXJlLXByb2NoZS1QZXJvbHMtMzQuanBnIiwic2xpZGVzaG93IjoiODAxNDFmNSJ9\">\n\t\t\t\t\t<div class=\"e-gallery-image elementor-gallery-item__image\" data-thumbnail=\"https:\/\/www.portovenere.fr\/fr-fr\/wp-content\/uploads\/2026\/01\/Carrelage-gres-cerame-effet-pierre-differentes-textures-et-coloris-pour-sols-et-murs-interieur-et-exterieur-VARIATI-coloris-Shell-magasin-Porto-Venere-proche-Perols-34-150x150.jpg\" data-width=\"150\" data-height=\"150\" aria-label=\"Carrelage-haut-de-gamme-de-qualit\u00e9-effet-pierre-diff\u00e9rentes-textures-et-coloris-pour-sols-et-murs-int\u00e9rieur-et-ext\u00e9rieur-VARIATI-magasin-Porto-Venere-\u00e0-Montpellier-34\" role=\"img\" ><\/div>\n\t\t\t\t\t\t\t\t\t\t\t<div class=\"elementor-gallery-item__overlay\"><\/div>\n\t\t\t\t\t\t\t\t\t\t\t\t\t\t<\/a>\n\t\t\t\t\t\t\t<a class=\"e-gallery-item elementor-gallery-item elementor-animated-content\" href=\"https:\/\/www.portovenere.fr\/fr-fr\/wp-content\/uploads\/2026\/01\/Carrelage-gres-cerame-effet-pierre-differentes-textures-et-coloris-pour-sols-et-murs-interieur-et-exterieur-VARIATI-coloris-Sand-magasin-Porto-Venere-proche-Jacou-34.jpg\" data-elementor-open-lightbox=\"yes\" data-elementor-lightbox-slideshow=\"80141f5\" data-elementor-lightbox-title=\"Carrelage-gr\u00e8s-c\u00e9rame-effet-pierre-diff\u00e9rentes-textures-et-coloris-pour-sols-et-murs-int\u00e9rieur-et-ext\u00e9rieur-VARIATI-coloris-Sand-magasin-Porto-Venere-proche-Jacou-34\" data-e-action-hash=\"#elementor-action%3Aaction%3Dlightbox%26settings%3DeyJpZCI6Njg4ODMsInVybCI6Imh0dHBzOlwvXC93d3cucG9ydG92ZW5lcmUuZnJcL2ZyLWZyXC93cC1jb250ZW50XC91cGxvYWRzXC8yMDI2XC8wMVwvQ2FycmVsYWdlLWdyZXMtY2VyYW1lLWVmZmV0LXBpZXJyZS1kaWZmZXJlbnRlcy10ZXh0dXJlcy1ldC1jb2xvcmlzLXBvdXItc29scy1ldC1tdXJzLWludGVyaWV1ci1ldC1leHRlcmlldXItVkFSSUFUSS1jb2xvcmlzLVNhbmQtbWFnYXNpbi1Qb3J0by1WZW5lcmUtcHJvY2hlLUphY291LTM0LmpwZyIsInNsaWRlc2hvdyI6IjgwMTQxZjUifQ%3D%3D\">\n\t\t\t\t\t<div class=\"e-gallery-image elementor-gallery-item__image\" data-thumbnail=\"https:\/\/www.portovenere.fr\/fr-fr\/wp-content\/uploads\/2026\/01\/Carrelage-gres-cerame-effet-pierre-differentes-textures-et-coloris-pour-sols-et-murs-interieur-et-exterieur-VARIATI-coloris-Sand-magasin-Porto-Venere-proche-Jacou-34-150x150.jpg\" data-width=\"150\" data-height=\"150\" aria-label=\"Carrelage-haut-de-gamme-de-qualit\u00e9-effet-pierre-diff\u00e9rentes-textures-et-coloris-pour-sols-et-murs-int\u00e9rieur-et-ext\u00e9rieur-VARIATI-magasin-Porto-Venere-\u00e0-Montpellier-34\" role=\"img\" ><\/div>\n\t\t\t\t\t\t\t\t\t\t\t<div class=\"elementor-gallery-item__overlay\"><\/div>\n\t\t\t\t\t\t\t\t\t\t\t\t\t\t<\/a>\n\t\t\t\t\t\t\t<a class=\"e-gallery-item elementor-gallery-item elementor-animated-content\" href=\"https:\/\/www.portovenere.fr\/fr-fr\/wp-content\/uploads\/2026\/01\/Carrelage-gres-cerame-effet-pierre-differentes-textures-et-coloris-pour-sols-et-murs-interieur-et-exterieur-VARIATI-coloris-Clay-magasin-Porto-Venere-proche-Balaruc-34.jpg\" data-elementor-open-lightbox=\"yes\" data-elementor-lightbox-slideshow=\"80141f5\" data-elementor-lightbox-title=\"Carrelage-gr\u00e8s-c\u00e9rame-effet-pierre-diff\u00e9rentes-textures-et-coloris-pour-sols-et-murs-int\u00e9rieur-et-ext\u00e9rieur-VARIATI-coloris-Clay-magasin-Porto-Venere-proche-Balaruc-34\" data-e-action-hash=\"#elementor-action%3Aaction%3Dlightbox%26settings%3DeyJpZCI6Njg4ODIsInVybCI6Imh0dHBzOlwvXC93d3cucG9ydG92ZW5lcmUuZnJcL2ZyLWZyXC93cC1jb250ZW50XC91cGxvYWRzXC8yMDI2XC8wMVwvQ2FycmVsYWdlLWdyZXMtY2VyYW1lLWVmZmV0LXBpZXJyZS1kaWZmZXJlbnRlcy10ZXh0dXJlcy1ldC1jb2xvcmlzLXBvdXItc29scy1ldC1tdXJzLWludGVyaWV1ci1ldC1leHRlcmlldXItVkFSSUFUSS1jb2xvcmlzLUNsYXktbWFnYXNpbi1Qb3J0by1WZW5lcmUtcHJvY2hlLUJhbGFydWMtMzQuanBnIiwic2xpZGVzaG93IjoiODAxNDFmNSJ9\">\n\t\t\t\t\t<div class=\"e-gallery-image elementor-gallery-item__image\" data-thumbnail=\"https:\/\/www.portovenere.fr\/fr-fr\/wp-content\/uploads\/2026\/01\/Carrelage-gres-cerame-effet-pierre-differentes-textures-et-coloris-pour-sols-et-murs-interieur-et-exterieur-VARIATI-coloris-Clay-magasin-Porto-Venere-proche-Balaruc-34-150x150.jpg\" data-width=\"150\" data-height=\"150\" aria-label=\"Carrelage-haut-de-gamme-de-qualit\u00e9-effet-pierre-diff\u00e9rentes-textures-et-coloris-pour-sols-et-murs-int\u00e9rieur-et-ext\u00e9rieur-VARIATI-magasin-Porto-Venere-\u00e0-Montpellier-34\" role=\"img\" ><\/div>\n\t\t\t\t\t\t\t\t\t\t\t<div class=\"elementor-gallery-item__overlay\"><\/div>\n\t\t\t\t\t\t\t\t\t\t\t\t\t\t<\/a>\n\t\t\t\t\t<\/div>\n\t\t\t\t\t<\/div>\n\t\t\t\t<\/div>\n\t\t\t\t<div class=\"elementor-element elementor-element-627ce93 elementor-widget elementor-widget-text-editor\" data-id=\"627ce93\" data-element_type=\"widget\" data-e-type=\"widget\" data-widget_type=\"text-editor.default\">\n\t\t\t\t<div class=\"elementor-widget-container\">\n\t\t\t\t\t\t\t\t\t<p data-start=\"33\" data-end=\"290\">La collection <strong data-start=\"2256\" data-end=\"2267\">VARIATI<\/strong> est un carrelage haut de gamme effet pierre con\u00e7u pour les <strong data-start=\"2327\" data-end=\"2343\">sols et murs<\/strong>, en <strong>int\u00e9rieur comme en ext\u00e9rieur<\/strong>.\u00a0<\/p><p data-start=\"33\" data-end=\"290\">Elle se d\u00e9cline en <span data-start=\"2397\" data-end=\"2424\"><b>quatre coloris naturels<\/b><\/span> : Shell, Sand, Clay et Shadow.\u00a0<\/p><p data-start=\"33\" data-end=\"290\">Disponible en <strong data-start=\"2470\" data-end=\"2485\">six formats<\/strong>, du <strong data-start=\"2490\" data-end=\"2529\">60\u00d760 cm au grand format 120\u00d7278 cm<\/strong>, VARIATI s\u2019adapte \u00e0 tous les projets.\u00a0<\/p><p data-start=\"33\" data-end=\"290\">Les <strong data-start=\"2572\" data-end=\"2628\">finitions Nat, Lapp, Rough et Rough L2 antid\u00e9rapante<\/strong>, ainsi que les <strong data-start=\"2644\" data-end=\"2672\">\u00e9paisseurs 6, 9 et 20 mm<\/strong>, permettent de r\u00e9pondre aux usages r\u00e9sidentiels et ext\u00e9rieurs, y compris les terrasses et plages de piscine. Une collection \u00e9l\u00e9gante, r\u00e9sistante et polyvalente.<\/p>\t\t\t\t\t\t\t\t<\/div>\n\t\t\t\t<\/div>\n\t\t\t\t<div class=\"elementor-element elementor-element-8621bd4 elementor-mobile-align-center elementor-widget elementor-widget-button\" data-id=\"8621bd4\" data-element_type=\"widget\" data-e-type=\"widget\" data-widget_type=\"button.default\">\n\t\t\t\t<div class=\"elementor-widget-container\">\n\t\t\t\t\t\t\t\t\t<div class=\"elementor-button-wrapper\">\n\t\t\t\t\t<a class=\"elementor-button elementor-button-link elementor-size-sm\" href=\"https:\/\/www.portovenere.fr\/fr-fr\/carrelage-sol-et-mur-en-gres-cerame-et-faience\/carrelage-aspect-pierre\/carrelage-haut-de-gamme-effet-pierre-variati\/\">\n\t\t\t\t\t\t<span class=\"elementor-button-content-wrapper\">\n\t\t\t\t\t\t\t\t\t<span class=\"elementor-button-text\">Voir la collection<\/span>\n\t\t\t\t\t<\/span>\n\t\t\t\t\t<\/a>\n\t\t\t\t<\/div>\n\t\t\t\t\t\t\t\t<\/div>\n\t\t\t\t<\/div>\n\t\t\t\t<div class=\"elementor-element elementor-element-d13f24a elementor-widget elementor-widget-spacer\" data-id=\"d13f24a\" data-element_type=\"widget\" data-e-type=\"widget\" data-widget_type=\"spacer.default\">\n\t\t\t\t<div class=\"elementor-widget-container\">\n\t\t\t\t\t\t\t<div class=\"elementor-spacer\">\n\t\t\t<div class=\"elementor-spacer-inner\"><\/div>\n\t\t<\/div>\n\t\t\t\t\t\t<\/div>\n\t\t\t\t<\/div>\n\t\t\t\t\t<\/div>\n\t\t<\/div>\n\t\t\t\t\t<\/div>\n\t\t<\/section>\n\t\t\t\t<section class=\"elementor-section elementor-top-section elementor-element elementor-element-de5b928 elementor-section-full_width elementor-section-height-default elementor-section-height-default elementor-invisible\" data-id=\"de5b928\" data-element_type=\"section\" data-e-type=\"section\" data-settings=\"{&quot;animation&quot;:&quot;fadeIn&quot;}\">\n\t\t\t\t\t\t<div class=\"elementor-container elementor-column-gap-default\">\n\t\t\t\t\t<div class=\"elementor-column elementor-col-33 elementor-top-column elementor-element elementor-element-68295f9\" data-id=\"68295f9\" data-element_type=\"column\" data-e-type=\"column\" data-settings=\"{&quot;background_background&quot;:&quot;classic&quot;}\">\n\t\t\t<div class=\"elementor-widget-wrap elementor-element-populated\">\n\t\t\t\t\t\t<div class=\"elementor-element elementor-element-f918012 elementor-widget elementor-widget-heading\" data-id=\"f918012\" data-element_type=\"widget\" data-e-type=\"widget\" data-widget_type=\"heading.default\">\n\t\t\t\t<div class=\"elementor-widget-container\">\n\t\t\t\t\t<h3 class=\"elementor-heading-title elementor-size-default\"><a href=\"https:\/\/www.portovenere.fr\/fr-fr\/carrelage-sol-et-mur-en-gres-cerame-et-faience\/carrelage-aspect-pierre\/carrelage-effet-pierre-minerale-pour-sols-et-murs-pietra-minera\/\">PIETRA MINERA<\/a><\/h3>\t\t\t\t<\/div>\n\t\t\t\t<\/div>\n\t\t\t\t<div class=\"elementor-element elementor-element-b59223d elementor-widget elementor-widget-image\" data-id=\"b59223d\" data-element_type=\"widget\" data-e-type=\"widget\" data-widget_type=\"image.default\">\n\t\t\t\t<div class=\"elementor-widget-container\">\n\t\t\t\t\t\t\t\t\t\t\t\t\t\t\t\t<a href=\"https:\/\/www.portovenere.fr\/fr-fr\/carrelage-sol-et-mur-en-gres-cerame-et-faience\/carrelage-aspect-pierre\/carrelage-effet-pierre-minerale-pour-sols-et-murs-pietra-minera\/\">\n\t\t\t\t\t\t\t<img decoding=\"async\" src=\"https:\/\/www.portovenere.fr\/fr-fr\/wp-content\/uploads\/elementor\/thumbs\/Carrelage-effet-pierre-naturelle-PIETRA-MINERA-coloris-Rosso-Siena-interieur-et-exterieur-Magasin-Porto-Venere-proche-Saint-Clement-de-Riviere-34-1-ri0wkgk4slqpkrzlwustby8q8fd76iy5cjsu4wt0t8.jpg\" title=\"Carrelage-effet-pierre-naturelle-PIETRA-MINERA-coloris-Rosso-Siena-int\u00e9rieur-et-ext\u00e9rieur-Magasin-Porto-Venere-proche-Saint-Cl\u00e9ment-de-Rivi\u00e8re-34\" alt=\"Carrelage aspect pierre naturelle PIETRA MINERA au sol et d\u00e9cor relief Dune au mur - Magasin de carrelage PORTO VENERE MONTPELLIER dans l&#039;H\u00e9rault 34\" loading=\"lazy\" \/>\t\t\t\t\t\t\t\t<\/a>\n\t\t\t\t\t\t\t\t\t\t\t\t\t\t\t<\/div>\n\t\t\t\t<\/div>\n\t\t\t\t<div class=\"elementor-element elementor-element-d2cb5eb elementor-widget elementor-widget-text-editor\" data-id=\"d2cb5eb\" data-element_type=\"widget\" data-e-type=\"widget\" data-widget_type=\"text-editor.default\">\n\t\t\t\t<div class=\"elementor-widget-container\">\n\t\t\t\t\t\t\t\t\t<p><strong>6 coloris et d\u00e9cors<\/strong><\/p>\t\t\t\t\t\t\t\t<\/div>\n\t\t\t\t<\/div>\n\t\t\t\t<div class=\"elementor-element elementor-element-27ff161 elementor-widget elementor-widget-gallery\" data-id=\"27ff161\" data-element_type=\"widget\" data-e-type=\"widget\" data-settings=\"{&quot;columns&quot;:6,&quot;columns_tablet&quot;:4,&quot;columns_mobile&quot;:4,&quot;aspect_ratio&quot;:&quot;1:1&quot;,&quot;lazyload&quot;:&quot;yes&quot;,&quot;gallery_layout&quot;:&quot;grid&quot;,&quot;gap&quot;:{&quot;unit&quot;:&quot;px&quot;,&quot;size&quot;:10,&quot;sizes&quot;:[]},&quot;gap_tablet&quot;:{&quot;unit&quot;:&quot;px&quot;,&quot;size&quot;:10,&quot;sizes&quot;:[]},&quot;gap_mobile&quot;:{&quot;unit&quot;:&quot;px&quot;,&quot;size&quot;:10,&quot;sizes&quot;:[]},&quot;link_to&quot;:&quot;file&quot;,&quot;overlay_background&quot;:&quot;yes&quot;,&quot;content_hover_animation&quot;:&quot;fade-in&quot;}\" data-widget_type=\"gallery.default\">\n\t\t\t\t<div class=\"elementor-widget-container\">\n\t\t\t\t\t\t\t<div class=\"elementor-gallery__container\">\n\t\t\t\t\t\t\t<a class=\"e-gallery-item elementor-gallery-item elementor-animated-content\" href=\"https:\/\/www.portovenere.fr\/fr-fr\/wp-content\/uploads\/2026\/01\/Carrelage-en-gres-cerame-effet-pierre-naturelle-plusieurs-coloris-PIETRA-MINERA-Sabbia-sols-et-murs-Magasin-Porto-Venere-Montpellier-proche-Mauguio-34.jpg\" data-elementor-open-lightbox=\"yes\" data-elementor-lightbox-slideshow=\"27ff161\" data-elementor-lightbox-title=\"Carrelage-en-gr\u00e8s-c\u00e9rame-effet-pierre-naturelle-plusieurs-coloris-PIETRA-MINERA-Sabbia-sols-et-murs-Magasin-Porto-Venere-Montpellier-proche-Mauguio-34\" data-e-action-hash=\"#elementor-action%3Aaction%3Dlightbox%26settings%3DeyJpZCI6NjkwNzgsInVybCI6Imh0dHBzOlwvXC93d3cucG9ydG92ZW5lcmUuZnJcL2ZyLWZyXC93cC1jb250ZW50XC91cGxvYWRzXC8yMDI2XC8wMVwvQ2FycmVsYWdlLWVuLWdyZXMtY2VyYW1lLWVmZmV0LXBpZXJyZS1uYXR1cmVsbGUtcGx1c2lldXJzLWNvbG9yaXMtUElFVFJBLU1JTkVSQS1TYWJiaWEtc29scy1ldC1tdXJzLU1hZ2FzaW4tUG9ydG8tVmVuZXJlLU1vbnRwZWxsaWVyLXByb2NoZS1NYXVndWlvLTM0LmpwZyIsInNsaWRlc2hvdyI6IjI3ZmYxNjEifQ%3D%3D\">\n\t\t\t\t\t<div class=\"e-gallery-image elementor-gallery-item__image\" data-thumbnail=\"https:\/\/www.portovenere.fr\/fr-fr\/wp-content\/uploads\/2026\/01\/Carrelage-en-gres-cerame-effet-pierre-naturelle-plusieurs-coloris-PIETRA-MINERA-Sabbia-sols-et-murs-Magasin-Porto-Venere-Montpellier-proche-Mauguio-34-150x150.jpg\" data-width=\"150\" data-height=\"150\" aria-label=\"Carrelage aspect pierre naturelle PIETRA MINERA magasin de carrelage PORTO VENERE MONTPELLIER dans l&#039;H\u00e9rault 34\" role=\"img\" ><\/div>\n\t\t\t\t\t\t\t\t\t\t\t<div class=\"elementor-gallery-item__overlay\"><\/div>\n\t\t\t\t\t\t\t\t\t\t\t\t\t\t<\/a>\n\t\t\t\t\t\t\t<a class=\"e-gallery-item elementor-gallery-item elementor-animated-content\" href=\"https:\/\/www.portovenere.fr\/fr-fr\/wp-content\/uploads\/2026\/01\/Carrelage-en-gres-cerame-effet-pierre-naturelle-plusieurs-coloris-PIETRA-MINERA-Rosso-Siena-brique-sols-et-murs-Magasin-Porto-Venere-a-Montpellier-34.jpg\" data-elementor-open-lightbox=\"yes\" data-elementor-lightbox-slideshow=\"27ff161\" data-elementor-lightbox-title=\"Carrelage-en-gr\u00e8s-c\u00e9rame-effet-pierre-naturelle-plusieurs-coloris-PIETRA-MINERA-Rosso-Siena-brique-sols-et-murs-Magasin-Porto-Venere-\u00e0-Montpellier-34\" data-e-action-hash=\"#elementor-action%3Aaction%3Dlightbox%26settings%3DeyJpZCI6NjkwNzcsInVybCI6Imh0dHBzOlwvXC93d3cucG9ydG92ZW5lcmUuZnJcL2ZyLWZyXC93cC1jb250ZW50XC91cGxvYWRzXC8yMDI2XC8wMVwvQ2FycmVsYWdlLWVuLWdyZXMtY2VyYW1lLWVmZmV0LXBpZXJyZS1uYXR1cmVsbGUtcGx1c2lldXJzLWNvbG9yaXMtUElFVFJBLU1JTkVSQS1Sb3Nzby1TaWVuYS1icmlxdWUtc29scy1ldC1tdXJzLU1hZ2FzaW4tUG9ydG8tVmVuZXJlLWEtTW9udHBlbGxpZXItMzQuanBnIiwic2xpZGVzaG93IjoiMjdmZjE2MSJ9\">\n\t\t\t\t\t<div class=\"e-gallery-image elementor-gallery-item__image\" data-thumbnail=\"https:\/\/www.portovenere.fr\/fr-fr\/wp-content\/uploads\/2026\/01\/Carrelage-en-gres-cerame-effet-pierre-naturelle-plusieurs-coloris-PIETRA-MINERA-Rosso-Siena-brique-sols-et-murs-Magasin-Porto-Venere-a-Montpellier-34-150x150.jpg\" data-width=\"150\" data-height=\"150\" aria-label=\"Carrelage aspect pierre naturelle PIETRA MINERA magasin de carrelage PORTO VENERE MONTPELLIER dans l&#039;H\u00e9rault 34\" role=\"img\" ><\/div>\n\t\t\t\t\t\t\t\t\t\t\t<div class=\"elementor-gallery-item__overlay\"><\/div>\n\t\t\t\t\t\t\t\t\t\t\t\t\t\t<\/a>\n\t\t\t\t\t\t\t<a class=\"e-gallery-item elementor-gallery-item elementor-animated-content\" href=\"https:\/\/www.portovenere.fr\/fr-fr\/wp-content\/uploads\/2026\/01\/Carrelage-en-gres-cerame-effet-pierre-naturelle-plusieurs-coloris-PIETRA-MINERA-Rosa-Polvere-sols-et-murs-Magasin-Porto-Venere-a-Montpellier-34.jpg\" data-elementor-open-lightbox=\"yes\" data-elementor-lightbox-slideshow=\"27ff161\" data-elementor-lightbox-title=\"Carrelage-en-gr\u00e8s-c\u00e9rame-effet-pierre-naturelle-plusieurs-coloris-PIETRA-MINERA-Rosa-Polvere-sols-et-murs-Magasin-Porto-Venere-\u00e0-Montpellier-34\" data-e-action-hash=\"#elementor-action%3Aaction%3Dlightbox%26settings%3DeyJpZCI6NjkwNzYsInVybCI6Imh0dHBzOlwvXC93d3cucG9ydG92ZW5lcmUuZnJcL2ZyLWZyXC93cC1jb250ZW50XC91cGxvYWRzXC8yMDI2XC8wMVwvQ2FycmVsYWdlLWVuLWdyZXMtY2VyYW1lLWVmZmV0LXBpZXJyZS1uYXR1cmVsbGUtcGx1c2lldXJzLWNvbG9yaXMtUElFVFJBLU1JTkVSQS1Sb3NhLVBvbHZlcmUtc29scy1ldC1tdXJzLU1hZ2FzaW4tUG9ydG8tVmVuZXJlLWEtTW9udHBlbGxpZXItMzQuanBnIiwic2xpZGVzaG93IjoiMjdmZjE2MSJ9\">\n\t\t\t\t\t<div class=\"e-gallery-image elementor-gallery-item__image\" data-thumbnail=\"https:\/\/www.portovenere.fr\/fr-fr\/wp-content\/uploads\/2026\/01\/Carrelage-en-gres-cerame-effet-pierre-naturelle-plusieurs-coloris-PIETRA-MINERA-Rosa-Polvere-sols-et-murs-Magasin-Porto-Venere-a-Montpellier-34-150x150.jpg\" data-width=\"150\" data-height=\"150\" aria-label=\"Carrelage aspect pierre naturelle PIETRA MINERA magasin de carrelage PORTO VENERE MONTPELLIER dans l&#039;H\u00e9rault 34\" role=\"img\" ><\/div>\n\t\t\t\t\t\t\t\t\t\t\t<div class=\"elementor-gallery-item__overlay\"><\/div>\n\t\t\t\t\t\t\t\t\t\t\t\t\t\t<\/a>\n\t\t\t\t\t\t\t<a class=\"e-gallery-item elementor-gallery-item elementor-animated-content\" href=\"https:\/\/www.portovenere.fr\/fr-fr\/wp-content\/uploads\/2026\/01\/Carrelage-en-gres-cerame-effet-pierre-naturelle-plusieurs-coloris-PIETRA-MINERA-Avorio-interieur-exterieur-Magasin-Porto-Venere-pres-de-Perols-34.jpg\" data-elementor-open-lightbox=\"yes\" data-elementor-lightbox-slideshow=\"27ff161\" data-elementor-lightbox-title=\"Carrelage-en-gr\u00e8s-c\u00e9rame-effet-pierre-naturelle-plusieurs-coloris-PIETRA-MINERA-Avorio-int\u00e9rieur-ext\u00e9rieur-Magasin-Porto-Venere-pr\u00e8s-de-P\u00e9rols-34\" data-e-action-hash=\"#elementor-action%3Aaction%3Dlightbox%26settings%3DeyJpZCI6NjkwNzUsInVybCI6Imh0dHBzOlwvXC93d3cucG9ydG92ZW5lcmUuZnJcL2ZyLWZyXC93cC1jb250ZW50XC91cGxvYWRzXC8yMDI2XC8wMVwvQ2FycmVsYWdlLWVuLWdyZXMtY2VyYW1lLWVmZmV0LXBpZXJyZS1uYXR1cmVsbGUtcGx1c2lldXJzLWNvbG9yaXMtUElFVFJBLU1JTkVSQS1Bdm9yaW8taW50ZXJpZXVyLWV4dGVyaWV1ci1NYWdhc2luLVBvcnRvLVZlbmVyZS1wcmVzLWRlLVBlcm9scy0zNC5qcGciLCJzbGlkZXNob3ciOiIyN2ZmMTYxIn0%3D\">\n\t\t\t\t\t<div class=\"e-gallery-image elementor-gallery-item__image\" data-thumbnail=\"https:\/\/www.portovenere.fr\/fr-fr\/wp-content\/uploads\/2026\/01\/Carrelage-en-gres-cerame-effet-pierre-naturelle-plusieurs-coloris-PIETRA-MINERA-Avorio-interieur-exterieur-Magasin-Porto-Venere-pres-de-Perols-34-150x150.jpg\" data-width=\"150\" data-height=\"150\" aria-label=\"Carrelage aspect pierre naturelle PIETRA MINERA magasin de carrelage PORTO VENERE MONTPELLIER dans l&#039;H\u00e9rault 34\" role=\"img\" ><\/div>\n\t\t\t\t\t\t\t\t\t\t\t<div class=\"elementor-gallery-item__overlay\"><\/div>\n\t\t\t\t\t\t\t\t\t\t\t\t\t\t<\/a>\n\t\t\t\t\t\t\t<a class=\"e-gallery-item elementor-gallery-item elementor-animated-content\" href=\"https:\/\/www.portovenere.fr\/fr-fr\/wp-content\/uploads\/2026\/01\/Carrelage-clair-gres-cerame-effet-pierre-naturelle-plusieurs-coloris-PIETRA-MINERA-Mandorla-interieur-exterieur-Magasin-Porto-Venere-pres-de-Castelnau-le-lez-34.jpg\" data-elementor-open-lightbox=\"yes\" data-elementor-lightbox-slideshow=\"27ff161\" data-elementor-lightbox-title=\"Carrelage-clair-gr\u00e8s-c\u00e9rame-effet-pierre-naturelle-plusieurs-coloris-PIETRA-MINERA-Mandorla-int\u00e9rieur-ext\u00e9rieur-Magasin-Porto-Venere-pr\u00e8s-de-Castelnau-le-lez-34\" data-e-action-hash=\"#elementor-action%3Aaction%3Dlightbox%26settings%3DeyJpZCI6NjkwNzQsInVybCI6Imh0dHBzOlwvXC93d3cucG9ydG92ZW5lcmUuZnJcL2ZyLWZyXC93cC1jb250ZW50XC91cGxvYWRzXC8yMDI2XC8wMVwvQ2FycmVsYWdlLWNsYWlyLWdyZXMtY2VyYW1lLWVmZmV0LXBpZXJyZS1uYXR1cmVsbGUtcGx1c2lldXJzLWNvbG9yaXMtUElFVFJBLU1JTkVSQS1NYW5kb3JsYS1pbnRlcmlldXItZXh0ZXJpZXVyLU1hZ2FzaW4tUG9ydG8tVmVuZXJlLXByZXMtZGUtQ2FzdGVsbmF1LWxlLWxlei0zNC5qcGciLCJzbGlkZXNob3ciOiIyN2ZmMTYxIn0%3D\">\n\t\t\t\t\t<div class=\"e-gallery-image elementor-gallery-item__image\" data-thumbnail=\"https:\/\/www.portovenere.fr\/fr-fr\/wp-content\/uploads\/2026\/01\/Carrelage-clair-gres-cerame-effet-pierre-naturelle-plusieurs-coloris-PIETRA-MINERA-Mandorla-interieur-exterieur-Magasin-Porto-Venere-pres-de-Castelnau-le-lez-34-150x150.jpg\" data-width=\"150\" data-height=\"150\" aria-label=\"Carrelage aspect pierre naturelle PIETRA MINERA magasin de carrelage PORTO VENERE MONTPELLIER dans l&#039;H\u00e9rault 34\" role=\"img\" ><\/div>\n\t\t\t\t\t\t\t\t\t\t\t<div class=\"elementor-gallery-item__overlay\"><\/div>\n\t\t\t\t\t\t\t\t\t\t\t\t\t\t<\/a>\n\t\t\t\t\t\t\t<a class=\"e-gallery-item elementor-gallery-item elementor-animated-content\" href=\"https:\/\/www.portovenere.fr\/fr-fr\/wp-content\/uploads\/2026\/01\/Carrelage-clair-gres-cerame-effet-pierre-naturelle-plusieurs-coloris-PIETRA-MINERA-Cotone-interieur-exterieur-Magasin-Porto-Venere-pres-de-Jacou-34.jpg\" data-elementor-open-lightbox=\"yes\" data-elementor-lightbox-slideshow=\"27ff161\" data-elementor-lightbox-title=\"Carrelage-clair-gr\u00e8s-c\u00e9rame-effet-pierre-naturelle-plusieurs-coloris-PIETRA-MINERA-Cotone-int\u00e9rieur-ext\u00e9rieur-Magasin-Porto-Venere-pr\u00e8s-de-Jacou-34\" data-e-action-hash=\"#elementor-action%3Aaction%3Dlightbox%26settings%3DeyJpZCI6NjkwNzMsInVybCI6Imh0dHBzOlwvXC93d3cucG9ydG92ZW5lcmUuZnJcL2ZyLWZyXC93cC1jb250ZW50XC91cGxvYWRzXC8yMDI2XC8wMVwvQ2FycmVsYWdlLWNsYWlyLWdyZXMtY2VyYW1lLWVmZmV0LXBpZXJyZS1uYXR1cmVsbGUtcGx1c2lldXJzLWNvbG9yaXMtUElFVFJBLU1JTkVSQS1Db3RvbmUtaW50ZXJpZXVyLWV4dGVyaWV1ci1NYWdhc2luLVBvcnRvLVZlbmVyZS1wcmVzLWRlLUphY291LTM0LmpwZyIsInNsaWRlc2hvdyI6IjI3ZmYxNjEifQ%3D%3D\">\n\t\t\t\t\t<div class=\"e-gallery-image elementor-gallery-item__image\" data-thumbnail=\"https:\/\/www.portovenere.fr\/fr-fr\/wp-content\/uploads\/2026\/01\/Carrelage-clair-gres-cerame-effet-pierre-naturelle-plusieurs-coloris-PIETRA-MINERA-Cotone-interieur-exterieur-Magasin-Porto-Venere-pres-de-Jacou-34-150x150.jpg\" data-width=\"150\" data-height=\"150\" aria-label=\"Carrelage aspect pierre naturelle PIETRA MINERA magasin de carrelage PORTO VENERE MONTPELLIER dans l&#039;H\u00e9rault 34\" role=\"img\" ><\/div>\n\t\t\t\t\t\t\t\t\t\t\t<div class=\"elementor-gallery-item__overlay\"><\/div>\n\t\t\t\t\t\t\t\t\t\t\t\t\t\t<\/a>\n\t\t\t\t\t<\/div>\n\t\t\t\t\t<\/div>\n\t\t\t\t<\/div>\n\t\t\t\t<div class=\"elementor-element elementor-element-7e0b60a elementor-widget elementor-widget-text-editor\" data-id=\"7e0b60a\" data-element_type=\"widget\" data-e-type=\"widget\" data-widget_type=\"text-editor.default\">\n\t\t\t\t<div class=\"elementor-widget-container\">\n\t\t\t\t\t\t\t\t\t<p data-start=\"184\" data-end=\"483\">La collection <strong data-start=\"2526\" data-end=\"2543\">PIETRA MINERA<\/strong> r\u00e9interpr\u00e8te la pierre min\u00e9rale \u00e0 travers un gr\u00e8s c\u00e9rame au rendu subtil et authentique.\u00a0<\/p><p data-start=\"184\" data-end=\"483\">D\u00e9clin\u00e9e en <strong data-start=\"2645\" data-end=\"2669\">six coloris naturels<\/strong>, elle est disponible en <strong data-start=\"2694\" data-end=\"2733\">formats 60\u00d760, 60\u00d7120 et 120\u00d7120 cm<\/strong> pour les <strong>sols et murs.\u00a0<\/strong><\/p><p data-start=\"184\" data-end=\"483\">Deux finitions sont propos\u00e9es : <strong data-start=\"2789\" data-end=\"2798\">lisse<\/strong> et <strong data-start=\"2802\" data-end=\"2817\">relief Dune<\/strong>, avec technologies Silktech et Silktech Plus pour un usage <strong>int\u00e9rieur et ext\u00e9rieur<\/strong>.\u00a0<\/p><p data-start=\"184\" data-end=\"483\">La gamme est compl\u00e9t\u00e9e par <strong data-start=\"2932\" data-end=\"2959\">deux mosa\u00efques 30\u00d730 cm<\/strong> et un <strong data-start=\"2966\" data-end=\"3001\">format brique Filobrick 7\u00d729 cm<\/strong>.\u00a0<\/p><p data-start=\"184\" data-end=\"483\">Une collection \u00e9l\u00e9gante, durable et minimaliste, id\u00e9ale pour cr\u00e9er des espaces contemporains et apaisants.<\/p>\t\t\t\t\t\t\t\t<\/div>\n\t\t\t\t<\/div>\n\t\t\t\t<div class=\"elementor-element elementor-element-9054b39 elementor-mobile-align-center elementor-widget elementor-widget-button\" data-id=\"9054b39\" data-element_type=\"widget\" data-e-type=\"widget\" data-widget_type=\"button.default\">\n\t\t\t\t<div class=\"elementor-widget-container\">\n\t\t\t\t\t\t\t\t\t<div class=\"elementor-button-wrapper\">\n\t\t\t\t\t<a class=\"elementor-button elementor-button-link elementor-size-sm\" href=\"https:\/\/www.portovenere.fr\/fr-fr\/carrelage-sol-et-mur-en-gres-cerame-et-faience\/carrelage-aspect-pierre\/carrelage-effet-pierre-minerale-pour-sols-et-murs-pietra-minera\/\">\n\t\t\t\t\t\t<span class=\"elementor-button-content-wrapper\">\n\t\t\t\t\t\t\t\t\t<span class=\"elementor-button-text\">VOIR LA COLLECTION<\/span>\n\t\t\t\t\t<\/span>\n\t\t\t\t\t<\/a>\n\t\t\t\t<\/div>\n\t\t\t\t\t\t\t\t<\/div>\n\t\t\t\t<\/div>\n\t\t\t\t<div class=\"elementor-element elementor-element-8fecef0 elementor-widget elementor-widget-spacer\" data-id=\"8fecef0\" data-element_type=\"widget\" data-e-type=\"widget\" data-widget_type=\"spacer.default\">\n\t\t\t\t<div class=\"elementor-widget-container\">\n\t\t\t\t\t\t\t<div class=\"elementor-spacer\">\n\t\t\t<div class=\"elementor-spacer-inner\"><\/div>\n\t\t<\/div>\n\t\t\t\t\t\t<\/div>\n\t\t\t\t<\/div>\n\t\t\t\t\t<\/div>\n\t\t<\/div>\n\t\t\t\t<div class=\"elementor-column elementor-col-33 elementor-top-column elementor-element elementor-element-2f032d6 elementor-invisible\" data-id=\"2f032d6\" data-element_type=\"column\" data-e-type=\"column\" data-settings=\"{&quot;animation&quot;:&quot;fadeIn&quot;,&quot;background_background&quot;:&quot;classic&quot;}\">\n\t\t\t<div class=\"elementor-widget-wrap elementor-element-populated\">\n\t\t\t\t\t\t<div class=\"elementor-element elementor-element-3d9a0e8 elementor-widget elementor-widget-heading\" data-id=\"3d9a0e8\" data-element_type=\"widget\" data-e-type=\"widget\" data-widget_type=\"heading.default\">\n\t\t\t\t<div class=\"elementor-widget-container\">\n\t\t\t\t\t<h3 class=\"elementor-heading-title elementor-size-default\"><a href=\"https:\/\/www.portovenere.fr\/fr-fr\/carrelage-sol-et-mur-en-gres-cerame-et-faience\/carrelage-aspect-pierre\/carrelage-aspect-pierre-antique-peyrou\/\">PEYROU<\/a><\/h3>\t\t\t\t<\/div>\n\t\t\t\t<\/div>\n\t\t\t\t<div class=\"elementor-element elementor-element-0d1f09f elementor-widget elementor-widget-image\" data-id=\"0d1f09f\" data-element_type=\"widget\" data-e-type=\"widget\" data-widget_type=\"image.default\">\n\t\t\t\t<div class=\"elementor-widget-container\">\n\t\t\t\t\t\t\t\t\t\t\t\t\t\t\t\t<a href=\"https:\/\/www.portovenere.fr\/fr-fr\/carrelage-sol-et-mur-en-gres-cerame-et-faience\/carrelage-aspect-pierre\/carrelage-aspect-pierre-antique-peyrou\/\">\n\t\t\t\t\t\t\t<img decoding=\"async\" src=\"https:\/\/www.portovenere.fr\/fr-fr\/wp-content\/uploads\/elementor\/thumbs\/Carrelage-sol-de-s\u00e9jour-effet-pierre-brute-antique-Peyrou-Sabbia-Mix-3-formats-r8iawhjgaetoco5hz8jv5tqdkxv49g701bsv41s864.jpg\" title=\"Carrelage-sol-de-s\u00e9jour-effet-pierre-brute-antique-Peyrou-Sabbia-Mix-3-formats\" alt=\"Carrelage-sol-de-s\u00e9jour-effet-pierre-brute-antique-Peyrou-Sabbia-Mix-3-formats\" loading=\"lazy\" \/>\t\t\t\t\t\t\t\t<\/a>\n\t\t\t\t\t\t\t\t\t\t\t\t\t\t\t<\/div>\n\t\t\t\t<\/div>\n\t\t\t\t<div class=\"elementor-element elementor-element-62a2d4e elementor-widget elementor-widget-text-editor\" data-id=\"62a2d4e\" data-element_type=\"widget\" data-e-type=\"widget\" data-widget_type=\"text-editor.default\">\n\t\t\t\t<div class=\"elementor-widget-container\">\n\t\t\t\t\t\t\t\t\t<p><strong>4 coloris<\/strong><\/p>\t\t\t\t\t\t\t\t<\/div>\n\t\t\t\t<\/div>\n\t\t\t\t<div class=\"elementor-element elementor-element-cc44c72 elementor-widget elementor-widget-gallery\" data-id=\"cc44c72\" data-element_type=\"widget\" data-e-type=\"widget\" data-settings=\"{&quot;columns&quot;:6,&quot;columns_tablet&quot;:4,&quot;columns_mobile&quot;:4,&quot;aspect_ratio&quot;:&quot;1:1&quot;,&quot;lazyload&quot;:&quot;yes&quot;,&quot;gallery_layout&quot;:&quot;grid&quot;,&quot;gap&quot;:{&quot;unit&quot;:&quot;px&quot;,&quot;size&quot;:10,&quot;sizes&quot;:[]},&quot;gap_tablet&quot;:{&quot;unit&quot;:&quot;px&quot;,&quot;size&quot;:10,&quot;sizes&quot;:[]},&quot;gap_mobile&quot;:{&quot;unit&quot;:&quot;px&quot;,&quot;size&quot;:10,&quot;sizes&quot;:[]},&quot;link_to&quot;:&quot;file&quot;,&quot;overlay_background&quot;:&quot;yes&quot;,&quot;content_hover_animation&quot;:&quot;fade-in&quot;}\" data-widget_type=\"gallery.default\">\n\t\t\t\t<div class=\"elementor-widget-container\">\n\t\t\t\t\t\t\t<div class=\"elementor-gallery__container\">\n\t\t\t\t\t\t\t<a class=\"e-gallery-item elementor-gallery-item elementor-animated-content\" href=\"https:\/\/www.portovenere.fr\/fr-fr\/wp-content\/uploads\/2019\/09\/Peyrou-Talc.jpg\" data-elementor-open-lightbox=\"yes\" data-elementor-lightbox-slideshow=\"cc44c72\" data-elementor-lightbox-title=\"Peyrou-Talc\" data-e-action-hash=\"#elementor-action%3Aaction%3Dlightbox%26settings%3DeyJpZCI6MTM5MzgsInVybCI6Imh0dHBzOlwvXC93d3cucG9ydG92ZW5lcmUuZnJcL2ZyLWZyXC93cC1jb250ZW50XC91cGxvYWRzXC8yMDE5XC8wOVwvUGV5cm91LVRhbGMuanBnIiwic2xpZGVzaG93IjoiY2M0NGM3MiJ9\">\n\t\t\t\t\t<div class=\"e-gallery-image elementor-gallery-item__image\" data-thumbnail=\"https:\/\/www.portovenere.fr\/fr-fr\/wp-content\/uploads\/2019\/09\/Peyrou-Talc-150x150.jpg\" data-width=\"150\" data-height=\"150\" aria-label=\"\" role=\"img\" ><\/div>\n\t\t\t\t\t\t\t\t\t\t\t<div class=\"elementor-gallery-item__overlay\"><\/div>\n\t\t\t\t\t\t\t\t\t\t\t\t\t\t<\/a>\n\t\t\t\t\t\t\t<a class=\"e-gallery-item elementor-gallery-item elementor-animated-content\" href=\"https:\/\/www.portovenere.fr\/fr-fr\/wp-content\/uploads\/2019\/09\/Peyrou-Sabbia.jpg\" data-elementor-open-lightbox=\"yes\" data-elementor-lightbox-slideshow=\"cc44c72\" data-elementor-lightbox-title=\"Peyrou-Sabbia\" data-e-action-hash=\"#elementor-action%3Aaction%3Dlightbox%26settings%3DeyJpZCI6MTM5MzcsInVybCI6Imh0dHBzOlwvXC93d3cucG9ydG92ZW5lcmUuZnJcL2ZyLWZyXC93cC1jb250ZW50XC91cGxvYWRzXC8yMDE5XC8wOVwvUGV5cm91LVNhYmJpYS5qcGciLCJzbGlkZXNob3ciOiJjYzQ0YzcyIn0%3D\">\n\t\t\t\t\t<div class=\"e-gallery-image elementor-gallery-item__image\" data-thumbnail=\"https:\/\/www.portovenere.fr\/fr-fr\/wp-content\/uploads\/2019\/09\/Peyrou-Sabbia-150x150.jpg\" data-width=\"150\" data-height=\"150\" aria-label=\"\" role=\"img\" ><\/div>\n\t\t\t\t\t\t\t\t\t\t\t<div class=\"elementor-gallery-item__overlay\"><\/div>\n\t\t\t\t\t\t\t\t\t\t\t\t\t\t<\/a>\n\t\t\t\t\t\t\t<a class=\"e-gallery-item elementor-gallery-item elementor-animated-content\" href=\"https:\/\/www.portovenere.fr\/fr-fr\/wp-content\/uploads\/2019\/09\/Peyrou-Moka.jpg\" data-elementor-open-lightbox=\"yes\" data-elementor-lightbox-slideshow=\"cc44c72\" data-elementor-lightbox-title=\"Peyrou-Moka\" data-e-action-hash=\"#elementor-action%3Aaction%3Dlightbox%26settings%3DeyJpZCI6MTM5MzYsInVybCI6Imh0dHBzOlwvXC93d3cucG9ydG92ZW5lcmUuZnJcL2ZyLWZyXC93cC1jb250ZW50XC91cGxvYWRzXC8yMDE5XC8wOVwvUGV5cm91LU1va2EuanBnIiwic2xpZGVzaG93IjoiY2M0NGM3MiJ9\">\n\t\t\t\t\t<div class=\"e-gallery-image elementor-gallery-item__image\" data-thumbnail=\"https:\/\/www.portovenere.fr\/fr-fr\/wp-content\/uploads\/2019\/09\/Peyrou-Moka-150x150.jpg\" data-width=\"150\" data-height=\"150\" aria-label=\"\" role=\"img\" ><\/div>\n\t\t\t\t\t\t\t\t\t\t\t<div class=\"elementor-gallery-item__overlay\"><\/div>\n\t\t\t\t\t\t\t\t\t\t\t\t\t\t<\/a>\n\t\t\t\t\t\t\t<a class=\"e-gallery-item elementor-gallery-item elementor-animated-content\" href=\"https:\/\/www.portovenere.fr\/fr-fr\/wp-content\/uploads\/2019\/09\/Peyrou-Cenere.jpg\" data-elementor-open-lightbox=\"yes\" data-elementor-lightbox-slideshow=\"cc44c72\" data-elementor-lightbox-title=\"Peyrou-Cenere\" data-e-action-hash=\"#elementor-action%3Aaction%3Dlightbox%26settings%3DeyJpZCI6MTM5MzUsInVybCI6Imh0dHBzOlwvXC93d3cucG9ydG92ZW5lcmUuZnJcL2ZyLWZyXC93cC1jb250ZW50XC91cGxvYWRzXC8yMDE5XC8wOVwvUGV5cm91LUNlbmVyZS5qcGciLCJzbGlkZXNob3ciOiJjYzQ0YzcyIn0%3D\">\n\t\t\t\t\t<div class=\"e-gallery-image elementor-gallery-item__image\" data-thumbnail=\"https:\/\/www.portovenere.fr\/fr-fr\/wp-content\/uploads\/2019\/09\/Peyrou-Cenere-150x150.jpg\" data-width=\"150\" data-height=\"150\" aria-label=\"\" role=\"img\" ><\/div>\n\t\t\t\t\t\t\t\t\t\t\t<div class=\"elementor-gallery-item__overlay\"><\/div>\n\t\t\t\t\t\t\t\t\t\t\t\t\t\t<\/a>\n\t\t\t\t\t<\/div>\n\t\t\t\t\t<\/div>\n\t\t\t\t<\/div>\n\t\t\t\t<div class=\"elementor-element elementor-element-75ccc41 elementor-widget elementor-widget-text-editor\" data-id=\"75ccc41\" data-element_type=\"widget\" data-e-type=\"widget\" data-widget_type=\"text-editor.default\">\n\t\t\t\t<div class=\"elementor-widget-container\">\n\t\t\t\t\t\t\t\t\t<p><b>Fascinante et authentique<\/b>, la s\u00e9rie\u00a0<b>Peyrou s\u2019inspire des vieilles pierres des ch\u00e2teaux fran\u00e7ais<\/b>\u00a0et reprend fid\u00e8lement l\u2019esprit d\u2019une mati\u00e8re qui traverse le temps pour revivre au pr\u00e9sent.\u00a0<\/p><p>Des bords irr\u00e9guliers\u00a0aux graphismes,\u00a0<b>chaque\u00a0d\u00e9tail est fid\u00e8lement r\u00e9pliqu\u00e9<\/b>\u00a0pour proposer une\u00a0collection d\u2019une beaut\u00e9 naturelle. La s\u00e9rie propose\u00a0<b>3 formats pouvant s\u2019associer les uns aux autres<\/b>\u00a0pour obtenir un calepinage plus diversifi\u00e9. Les 4\u00a0couleurs, chaudes et froides, offrent d\u2019intenses\u00a0effets stonalis\u00e9s.\u00a0<\/p><p>Cet aspect apporte une sensation chaleureuse \u00e0 la mati\u00e8re c\u00e9ramique qui s\u2019adapte \u00e0\u00a0merveille aux espaces modernes et sophistiqu\u00e9s.<\/p><p>La <b>surface irr\u00e9guli\u00e8re<\/b> et les effets intenses du <b>carrelage gr\u00e8s c\u00e9rame Peyrou<\/b> donnent la sensation que le temps a laiss\u00e9 des signes de son passage. <b>Diff\u00e9rents formats <\/b>pour une<b>\u00a0<\/b>pose en <b>int\u00e9rieur et ext\u00e9rieur<\/b> : 60,4cm x 90,6cm\u00a0 \/\u00a0 60,4cm x 60,4cm\u00a0 \/\u00a0 30,2cm x 60,4cm afin d&rsquo;assurer une continuit\u00e9 des espaces.\u00a0<\/p>\t\t\t\t\t\t\t\t<\/div>\n\t\t\t\t<\/div>\n\t\t\t\t<div class=\"elementor-element elementor-element-93f54ff elementor-mobile-align-center elementor-widget elementor-widget-button\" data-id=\"93f54ff\" data-element_type=\"widget\" data-e-type=\"widget\" data-widget_type=\"button.default\">\n\t\t\t\t<div class=\"elementor-widget-container\">\n\t\t\t\t\t\t\t\t\t<div class=\"elementor-button-wrapper\">\n\t\t\t\t\t<a class=\"elementor-button elementor-button-link elementor-size-sm\" href=\"https:\/\/www.portovenere.fr\/fr-fr\/carrelage-sol-et-mur-en-gres-cerame-et-faience\/carrelage-aspect-pierre\/carrelage-aspect-pierre-antique-peyrou\/\">\n\t\t\t\t\t\t<span class=\"elementor-button-content-wrapper\">\n\t\t\t\t\t\t\t\t\t<span class=\"elementor-button-text\">Voir la collection<\/span>\n\t\t\t\t\t<\/span>\n\t\t\t\t\t<\/a>\n\t\t\t\t<\/div>\n\t\t\t\t\t\t\t\t<\/div>\n\t\t\t\t<\/div>\n\t\t\t\t<div class=\"elementor-element elementor-element-efb7019 elementor-widget elementor-widget-spacer\" data-id=\"efb7019\" data-element_type=\"widget\" data-e-type=\"widget\" data-widget_type=\"spacer.default\">\n\t\t\t\t<div class=\"elementor-widget-container\">\n\t\t\t\t\t\t\t<div class=\"elementor-spacer\">\n\t\t\t<div class=\"elementor-spacer-inner\"><\/div>\n\t\t<\/div>\n\t\t\t\t\t\t<\/div>\n\t\t\t\t<\/div>\n\t\t\t\t\t<\/div>\n\t\t<\/div>\n\t\t\t\t<div class=\"elementor-column elementor-col-33 elementor-top-column elementor-element elementor-element-85558fa elementor-invisible\" data-id=\"85558fa\" data-element_type=\"column\" data-e-type=\"column\" data-settings=\"{&quot;animation&quot;:&quot;fadeIn&quot;,&quot;background_background&quot;:&quot;classic&quot;}\">\n\t\t\t<div class=\"elementor-widget-wrap elementor-element-populated\">\n\t\t\t\t\t\t<div class=\"elementor-element elementor-element-0fc21ef elementor-widget elementor-widget-heading\" data-id=\"0fc21ef\" data-element_type=\"widget\" data-e-type=\"widget\" data-widget_type=\"heading.default\">\n\t\t\t\t<div class=\"elementor-widget-container\">\n\t\t\t\t\t<h3 class=\"elementor-heading-title elementor-size-default\"><a href=\"https:\/\/www.portovenere.fr\/fr-fr\/carrelage-sol-et-mur-en-gres-cerame-et-faience\/carrelage-aspect-pierre\/carrelage-sol-et-mur-aspect-pierre-ardoise-shalis\/\">SHALIS<\/a><\/h3>\t\t\t\t<\/div>\n\t\t\t\t<\/div>\n\t\t\t\t<div class=\"elementor-element elementor-element-e1c91d1 elementor-widget elementor-widget-image\" data-id=\"e1c91d1\" data-element_type=\"widget\" data-e-type=\"widget\" data-widget_type=\"image.default\">\n\t\t\t\t<div class=\"elementor-widget-container\">\n\t\t\t\t\t\t\t\t\t\t\t\t\t\t\t\t<a href=\"https:\/\/www.portovenere.fr\/fr-fr\/carrelage-sol-et-mur-en-gres-cerame-et-faience\/carrelage-aspect-pierre\/carrelage-sol-et-mur-aspect-pierre-ardoise-shalis\/\">\n\t\t\t\t\t\t\t<img decoding=\"async\" src=\"https:\/\/www.portovenere.fr\/fr-fr\/wp-content\/uploads\/elementor\/thumbs\/Carrelage-salle-de-bain-60x60cm-imitation-pierre-naturelle-en-gres-cerame-SHALIS-Sand-sol-et-mur-pres-de-Palavas-34-r8ig2d4hrz9y8o5ll30xqf4uizp5ep44lc2ikw6jq4.jpg\" title=\"Carrelage-salle-de-bain-60x60cm-imitation-pierre-naturelle-en-gr\u00e8s-c\u00e9rame-SHALIS-Sand-sol-et-mur-pr\u00e8s-de-Palavas-34\" alt=\"Sand 60x60 cm\" loading=\"lazy\" \/>\t\t\t\t\t\t\t\t<\/a>\n\t\t\t\t\t\t\t\t\t\t\t\t\t\t\t<\/div>\n\t\t\t\t<\/div>\n\t\t\t\t<div class=\"elementor-element elementor-element-06620c0 elementor-widget elementor-widget-text-editor\" data-id=\"06620c0\" data-element_type=\"widget\" data-e-type=\"widget\" data-widget_type=\"text-editor.default\">\n\t\t\t\t<div class=\"elementor-widget-container\">\n\t\t\t\t\t\t\t\t\t<p><strong>6 coloris et d\u00e9cors muraux cannel\u00e9s<\/strong><\/p>\t\t\t\t\t\t\t\t<\/div>\n\t\t\t\t<\/div>\n\t\t\t\t<div class=\"elementor-element elementor-element-57acd39 elementor-widget elementor-widget-gallery\" data-id=\"57acd39\" data-element_type=\"widget\" data-e-type=\"widget\" data-settings=\"{&quot;columns&quot;:6,&quot;columns_tablet&quot;:4,&quot;columns_mobile&quot;:4,&quot;aspect_ratio&quot;:&quot;1:1&quot;,&quot;lazyload&quot;:&quot;yes&quot;,&quot;gallery_layout&quot;:&quot;grid&quot;,&quot;gap&quot;:{&quot;unit&quot;:&quot;px&quot;,&quot;size&quot;:10,&quot;sizes&quot;:[]},&quot;gap_tablet&quot;:{&quot;unit&quot;:&quot;px&quot;,&quot;size&quot;:10,&quot;sizes&quot;:[]},&quot;gap_mobile&quot;:{&quot;unit&quot;:&quot;px&quot;,&quot;size&quot;:10,&quot;sizes&quot;:[]},&quot;link_to&quot;:&quot;file&quot;,&quot;overlay_background&quot;:&quot;yes&quot;,&quot;content_hover_animation&quot;:&quot;fade-in&quot;}\" data-widget_type=\"gallery.default\">\n\t\t\t\t<div class=\"elementor-widget-container\">\n\t\t\t\t\t\t\t<div class=\"elementor-gallery__container\">\n\t\t\t\t\t\t\t<a class=\"e-gallery-item elementor-gallery-item elementor-animated-content\" href=\"https:\/\/www.portovenere.fr\/fr-fr\/wp-content\/uploads\/2024\/07\/Carrelage-pierre-naturelle-gres-cerame-Shalis-Taupe-pres-de-Saussan-34.jpg\" data-elementor-open-lightbox=\"yes\" data-elementor-lightbox-slideshow=\"57acd39\" data-elementor-lightbox-title=\"Carrelage-pierre-naturelle-gr\u00e8s-c\u00e9rame-Shalis-Taupe-pr\u00e8s-de-Saussan-34\" data-e-action-hash=\"#elementor-action%3Aaction%3Dlightbox%26settings%3DeyJpZCI6NTE2NjYsInVybCI6Imh0dHBzOlwvXC93d3cucG9ydG92ZW5lcmUuZnJcL2ZyLWZyXC93cC1jb250ZW50XC91cGxvYWRzXC8yMDI0XC8wN1wvQ2FycmVsYWdlLXBpZXJyZS1uYXR1cmVsbGUtZ3Jlcy1jZXJhbWUtU2hhbGlzLVRhdXBlLXByZXMtZGUtU2F1c3Nhbi0zNC5qcGciLCJzbGlkZXNob3ciOiI1N2FjZDM5In0%3D\">\n\t\t\t\t\t<div class=\"e-gallery-image elementor-gallery-item__image\" data-thumbnail=\"https:\/\/www.portovenere.fr\/fr-fr\/wp-content\/uploads\/2024\/07\/Carrelage-pierre-naturelle-gres-cerame-Shalis-Taupe-pres-de-Saussan-34-150x150.jpg\" data-width=\"150\" data-height=\"150\" aria-label=\"\" role=\"img\" ><\/div>\n\t\t\t\t\t\t\t\t\t\t\t<div class=\"elementor-gallery-item__overlay\"><\/div>\n\t\t\t\t\t\t\t\t\t\t\t\t\t\t<\/a>\n\t\t\t\t\t\t\t<a class=\"e-gallery-item elementor-gallery-item elementor-animated-content\" href=\"https:\/\/www.portovenere.fr\/fr-fr\/wp-content\/uploads\/2024\/07\/Carrelage-pierre-naturelle-gres-cerame-Shalis-Sand-a-Montpellier-34.jpg\" data-elementor-open-lightbox=\"yes\" data-elementor-lightbox-slideshow=\"57acd39\" data-elementor-lightbox-title=\"Carrelage-pierre-naturelle-gr\u00e8s-c\u00e9rame-Shalis-Sand-\u00e0-Montpellier-34\" data-e-action-hash=\"#elementor-action%3Aaction%3Dlightbox%26settings%3DeyJpZCI6NTE2NjUsInVybCI6Imh0dHBzOlwvXC93d3cucG9ydG92ZW5lcmUuZnJcL2ZyLWZyXC93cC1jb250ZW50XC91cGxvYWRzXC8yMDI0XC8wN1wvQ2FycmVsYWdlLXBpZXJyZS1uYXR1cmVsbGUtZ3Jlcy1jZXJhbWUtU2hhbGlzLVNhbmQtYS1Nb250cGVsbGllci0zNC5qcGciLCJzbGlkZXNob3ciOiI1N2FjZDM5In0%3D\">\n\t\t\t\t\t<div class=\"e-gallery-image elementor-gallery-item__image\" data-thumbnail=\"https:\/\/www.portovenere.fr\/fr-fr\/wp-content\/uploads\/2024\/07\/Carrelage-pierre-naturelle-gres-cerame-Shalis-Sand-a-Montpellier-34-150x150.jpg\" data-width=\"150\" data-height=\"150\" aria-label=\"\" role=\"img\" ><\/div>\n\t\t\t\t\t\t\t\t\t\t\t<div class=\"elementor-gallery-item__overlay\"><\/div>\n\t\t\t\t\t\t\t\t\t\t\t\t\t\t<\/a>\n\t\t\t\t\t\t\t<a class=\"e-gallery-item elementor-gallery-item elementor-animated-content\" href=\"https:\/\/www.portovenere.fr\/fr-fr\/wp-content\/uploads\/2024\/07\/Carrelage-pierre-naturelle-gres-cerame-Shalis-Noir-pres-de-Agde-34.jpg\" data-elementor-open-lightbox=\"yes\" data-elementor-lightbox-slideshow=\"57acd39\" data-elementor-lightbox-title=\"Carrelage-pierre-naturelle-gr\u00e8s-c\u00e9rame-Shalis-Noir-pr\u00e8s-de-Agde-34\" data-e-action-hash=\"#elementor-action%3Aaction%3Dlightbox%26settings%3DeyJpZCI6NTE2NjQsInVybCI6Imh0dHBzOlwvXC93d3cucG9ydG92ZW5lcmUuZnJcL2ZyLWZyXC93cC1jb250ZW50XC91cGxvYWRzXC8yMDI0XC8wN1wvQ2FycmVsYWdlLXBpZXJyZS1uYXR1cmVsbGUtZ3Jlcy1jZXJhbWUtU2hhbGlzLU5vaXItcHJlcy1kZS1BZ2RlLTM0LmpwZyIsInNsaWRlc2hvdyI6IjU3YWNkMzkifQ%3D%3D\">\n\t\t\t\t\t<div class=\"e-gallery-image elementor-gallery-item__image\" data-thumbnail=\"https:\/\/www.portovenere.fr\/fr-fr\/wp-content\/uploads\/2024\/07\/Carrelage-pierre-naturelle-gres-cerame-Shalis-Noir-pres-de-Agde-34-150x150.jpg\" data-width=\"150\" data-height=\"150\" aria-label=\"\" role=\"img\" ><\/div>\n\t\t\t\t\t\t\t\t\t\t\t<div class=\"elementor-gallery-item__overlay\"><\/div>\n\t\t\t\t\t\t\t\t\t\t\t\t\t\t<\/a>\n\t\t\t\t\t\t\t<a class=\"e-gallery-item elementor-gallery-item elementor-animated-content\" href=\"https:\/\/www.portovenere.fr\/fr-fr\/wp-content\/uploads\/2024\/07\/Carrelage-pierre-naturelle-gres-cerame-Shalis-Moon-pres-de-Saint-Clement-de-Riviere-34.jpg\" data-elementor-open-lightbox=\"yes\" data-elementor-lightbox-slideshow=\"57acd39\" data-elementor-lightbox-title=\"Carrelage-pierre-naturelle-gr\u00e8s-c\u00e9rame-Shalis-Moon-pr\u00e8s-de-Saint-Clement-de-Riviere-34\" data-e-action-hash=\"#elementor-action%3Aaction%3Dlightbox%26settings%3DeyJpZCI6NTE2NjMsInVybCI6Imh0dHBzOlwvXC93d3cucG9ydG92ZW5lcmUuZnJcL2ZyLWZyXC93cC1jb250ZW50XC91cGxvYWRzXC8yMDI0XC8wN1wvQ2FycmVsYWdlLXBpZXJyZS1uYXR1cmVsbGUtZ3Jlcy1jZXJhbWUtU2hhbGlzLU1vb24tcHJlcy1kZS1TYWludC1DbGVtZW50LWRlLVJpdmllcmUtMzQuanBnIiwic2xpZGVzaG93IjoiNTdhY2QzOSJ9\">\n\t\t\t\t\t<div class=\"e-gallery-image elementor-gallery-item__image\" data-thumbnail=\"https:\/\/www.portovenere.fr\/fr-fr\/wp-content\/uploads\/2024\/07\/Carrelage-pierre-naturelle-gres-cerame-Shalis-Moon-pres-de-Saint-Clement-de-Riviere-34-150x150.jpg\" data-width=\"150\" data-height=\"150\" aria-label=\"\" role=\"img\" ><\/div>\n\t\t\t\t\t\t\t\t\t\t\t<div class=\"elementor-gallery-item__overlay\"><\/div>\n\t\t\t\t\t\t\t\t\t\t\t\t\t\t<\/a>\n\t\t\t\t\t\t\t<a class=\"e-gallery-item elementor-gallery-item elementor-animated-content\" href=\"https:\/\/www.portovenere.fr\/fr-fr\/wp-content\/uploads\/2024\/07\/Carrelage-pierre-naturelle-gres-cerame-Shalis-Greige-pres-de-Perols-34.jpg\" data-elementor-open-lightbox=\"yes\" data-elementor-lightbox-slideshow=\"57acd39\" data-elementor-lightbox-title=\"Carrelage-pierre-naturelle-gr\u00e8s-c\u00e9rame-Shalis-Greige-pr\u00e8s-de-Perols-34\" data-e-action-hash=\"#elementor-action%3Aaction%3Dlightbox%26settings%3DeyJpZCI6NTE2NjIsInVybCI6Imh0dHBzOlwvXC93d3cucG9ydG92ZW5lcmUuZnJcL2ZyLWZyXC93cC1jb250ZW50XC91cGxvYWRzXC8yMDI0XC8wN1wvQ2FycmVsYWdlLXBpZXJyZS1uYXR1cmVsbGUtZ3Jlcy1jZXJhbWUtU2hhbGlzLUdyZWlnZS1wcmVzLWRlLVBlcm9scy0zNC5qcGciLCJzbGlkZXNob3ciOiI1N2FjZDM5In0%3D\">\n\t\t\t\t\t<div class=\"e-gallery-image elementor-gallery-item__image\" data-thumbnail=\"https:\/\/www.portovenere.fr\/fr-fr\/wp-content\/uploads\/2024\/07\/Carrelage-pierre-naturelle-gres-cerame-Shalis-Greige-pres-de-Perols-34-150x150.jpg\" data-width=\"150\" data-height=\"150\" aria-label=\"\" role=\"img\" ><\/div>\n\t\t\t\t\t\t\t\t\t\t\t<div class=\"elementor-gallery-item__overlay\"><\/div>\n\t\t\t\t\t\t\t\t\t\t\t\t\t\t<\/a>\n\t\t\t\t\t\t\t<a class=\"e-gallery-item elementor-gallery-item elementor-animated-content\" href=\"https:\/\/www.portovenere.fr\/fr-fr\/wp-content\/uploads\/2024\/07\/Carrelage-pierre-naturelle-gres-cerame-Shalis-Ash-pres-de-Vendargues-34.jpg\" data-elementor-open-lightbox=\"yes\" data-elementor-lightbox-slideshow=\"57acd39\" data-elementor-lightbox-title=\"Carrelage-pierre-naturelle-gr\u00e8s-c\u00e9rame-Shalis-Ash-pr\u00e8s-de-Vendargues-34\" data-e-action-hash=\"#elementor-action%3Aaction%3Dlightbox%26settings%3DeyJpZCI6NTE2NjEsInVybCI6Imh0dHBzOlwvXC93d3cucG9ydG92ZW5lcmUuZnJcL2ZyLWZyXC93cC1jb250ZW50XC91cGxvYWRzXC8yMDI0XC8wN1wvQ2FycmVsYWdlLXBpZXJyZS1uYXR1cmVsbGUtZ3Jlcy1jZXJhbWUtU2hhbGlzLUFzaC1wcmVzLWRlLVZlbmRhcmd1ZXMtMzQuanBnIiwic2xpZGVzaG93IjoiNTdhY2QzOSJ9\">\n\t\t\t\t\t<div class=\"e-gallery-image elementor-gallery-item__image\" data-thumbnail=\"https:\/\/www.portovenere.fr\/fr-fr\/wp-content\/uploads\/2024\/07\/Carrelage-pierre-naturelle-gres-cerame-Shalis-Ash-pres-de-Vendargues-34-150x150.jpg\" data-width=\"150\" data-height=\"150\" aria-label=\"\" role=\"img\" ><\/div>\n\t\t\t\t\t\t\t\t\t\t\t<div class=\"elementor-gallery-item__overlay\"><\/div>\n\t\t\t\t\t\t\t\t\t\t\t\t\t\t<\/a>\n\t\t\t\t\t\t\t<a class=\"e-gallery-item elementor-gallery-item elementor-animated-content\" href=\"https:\/\/www.portovenere.fr\/fr-fr\/wp-content\/uploads\/2024\/07\/Carrelage-mural-relief-strie-lignes-effet-pierre-Shalis-Moon-30x60-cm-et-60x120-cm-credence-gres-cerame-proche-de-meze-34.jpg\" data-elementor-open-lightbox=\"yes\" data-elementor-lightbox-slideshow=\"57acd39\" data-elementor-lightbox-title=\"Carrelage-mural-relief-stri\u00e9-lignes-effet-pierre-Shalis-Moon-30x60-cm-et-60x120-cm-cr\u00e9dence-gr\u00e8s-c\u00e9rame-proche-de-m\u00e8ze-34\" data-e-action-hash=\"#elementor-action%3Aaction%3Dlightbox%26settings%3DeyJpZCI6NTE2NzAsInVybCI6Imh0dHBzOlwvXC93d3cucG9ydG92ZW5lcmUuZnJcL2ZyLWZyXC93cC1jb250ZW50XC91cGxvYWRzXC8yMDI0XC8wN1wvQ2FycmVsYWdlLW11cmFsLXJlbGllZi1zdHJpZS1saWduZXMtZWZmZXQtcGllcnJlLVNoYWxpcy1Nb29uLTMweDYwLWNtLWV0LTYweDEyMC1jbS1jcmVkZW5jZS1ncmVzLWNlcmFtZS1wcm9jaGUtZGUtbWV6ZS0zNC5qcGciLCJzbGlkZXNob3ciOiI1N2FjZDM5In0%3D\">\n\t\t\t\t\t<div class=\"e-gallery-image elementor-gallery-item__image\" data-thumbnail=\"https:\/\/www.portovenere.fr\/fr-fr\/wp-content\/uploads\/2024\/07\/Carrelage-mural-relief-strie-lignes-effet-pierre-Shalis-Moon-30x60-cm-et-60x120-cm-credence-gres-cerame-proche-de-meze-34-150x150.jpg\" data-width=\"150\" data-height=\"150\" aria-label=\"\" role=\"img\" ><\/div>\n\t\t\t\t\t\t\t\t\t\t\t<div class=\"elementor-gallery-item__overlay\"><\/div>\n\t\t\t\t\t\t\t\t\t\t\t\t\t\t<\/a>\n\t\t\t\t\t<\/div>\n\t\t\t\t\t<\/div>\n\t\t\t\t<\/div>\n\t\t\t\t<div class=\"elementor-element elementor-element-fa20a1d elementor-widget elementor-widget-text-editor\" data-id=\"fa20a1d\" data-element_type=\"widget\" data-e-type=\"widget\" data-widget_type=\"text-editor.default\">\n\t\t\t\t<div class=\"elementor-widget-container\">\n\t\t\t\t\t\t\t\t\t<p>Cette collection de <b>carrelage haut de gamme <\/b>pour sol et mur <b>aspect pierre ardoise<\/b> d\u00e9voile de nombreux atouts.\u00a0<\/p><p>D\u00e9clin\u00e9 dans <b>6 coloris des tons clairs aux tons fonc\u00e9s<\/b> en passant par des teintes \u00ab\u00a0naturelles\u00a0\u00bb, le carrelage gr\u00e8s c\u00e9rame de premier choix Shalis se pose au<b> sol et au mur,<\/b> <b>en int\u00e9rieur comme en ext\u00e9rieur<\/b> gr\u00e2ce \u00e0 sa d\u00e9clinaison en version antid\u00e9rapante.\u00a0<\/p><p>De <b>nombreux formats<\/b> sont disponibles : <b>maxi format 120&#215;280 cm en fine \u00e9paisseur 6mm<\/b>, 120&#215;120 cm, 60&#215;120 cm , 80&#215;160 cm, 80&#215;80 cm, 60&#215;60 cm, 30&#215;60 cm, 15&#215;30 cm en bords rectifi\u00e9s mais aussi <b>un format antid\u00e9rapant en bords non rectifi\u00e9s pour encore plus d&rsquo;authenticit\u00e9 \u00e0 la pierre<\/b>.\u00a0<\/p><p>Un <b>d\u00e9cor mural<\/b> Ribbed avec lignes en reliefs 60x120cm, deux mosa\u00efques ainsi que des pi\u00e8ces de finitions (marches, plinthes&#8230;) compl\u00e8tent cette collection effet pierre naturelle Shalis.<\/p>\t\t\t\t\t\t\t\t<\/div>\n\t\t\t\t<\/div>\n\t\t\t\t<div class=\"elementor-element elementor-element-b1f9e02 elementor-mobile-align-center elementor-widget elementor-widget-button\" data-id=\"b1f9e02\" data-element_type=\"widget\" data-e-type=\"widget\" data-widget_type=\"button.default\">\n\t\t\t\t<div class=\"elementor-widget-container\">\n\t\t\t\t\t\t\t\t\t<div class=\"elementor-button-wrapper\">\n\t\t\t\t\t<a class=\"elementor-button elementor-button-link elementor-size-sm\" href=\"https:\/\/www.portovenere.fr\/fr-fr\/carrelage-sol-et-mur-en-gres-cerame-et-faience\/carrelage-aspect-pierre\/carrelage-sol-et-mur-aspect-pierre-ardoise-shalis\/\">\n\t\t\t\t\t\t<span class=\"elementor-button-content-wrapper\">\n\t\t\t\t\t\t\t\t\t<span class=\"elementor-button-text\">Voir la collection<\/span>\n\t\t\t\t\t<\/span>\n\t\t\t\t\t<\/a>\n\t\t\t\t<\/div>\n\t\t\t\t\t\t\t\t<\/div>\n\t\t\t\t<\/div>\n\t\t\t\t<div class=\"elementor-element elementor-element-099f8aa elementor-widget elementor-widget-spacer\" data-id=\"099f8aa\" data-element_type=\"widget\" data-e-type=\"widget\" data-widget_type=\"spacer.default\">\n\t\t\t\t<div class=\"elementor-widget-container\">\n\t\t\t\t\t\t\t<div class=\"elementor-spacer\">\n\t\t\t<div class=\"elementor-spacer-inner\"><\/div>\n\t\t<\/div>\n\t\t\t\t\t\t<\/div>\n\t\t\t\t<\/div>\n\t\t\t\t\t<\/div>\n\t\t<\/div>\n\t\t\t\t\t<\/div>\n\t\t<\/section>\n\t\t\t\t<section class=\"elementor-section elementor-top-section elementor-element elementor-element-dbfda4c elementor-section-full_width elementor-section-height-default elementor-section-height-default elementor-invisible\" data-id=\"dbfda4c\" data-element_type=\"section\" data-e-type=\"section\" data-settings=\"{&quot;animation&quot;:&quot;fadeIn&quot;}\">\n\t\t\t\t\t\t<div class=\"elementor-container elementor-column-gap-default\">\n\t\t\t\t\t<div class=\"elementor-column elementor-col-33 elementor-top-column elementor-element elementor-element-8eccfea\" data-id=\"8eccfea\" data-element_type=\"column\" data-e-type=\"column\" data-settings=\"{&quot;background_background&quot;:&quot;classic&quot;}\">\n\t\t\t<div class=\"elementor-widget-wrap elementor-element-populated\">\n\t\t\t\t\t\t<div class=\"elementor-element elementor-element-f2719c8 elementor-widget elementor-widget-heading\" data-id=\"f2719c8\" data-element_type=\"widget\" data-e-type=\"widget\" data-widget_type=\"heading.default\">\n\t\t\t\t<div class=\"elementor-widget-container\">\n\t\t\t\t\t<h3 class=\"elementor-heading-title elementor-size-default\"><a href=\"https:\/\/www.portovenere.fr\/fr-fr\/carrelage-sol-et-mur-en-gres-cerame-et-faience\/carrelage-aspect-pierre\/carrelage-effet-pierre-interieur-exterieur-caminarem\/\">CAMINAREM<\/a><\/h3>\t\t\t\t<\/div>\n\t\t\t\t<\/div>\n\t\t\t\t<div class=\"elementor-element elementor-element-ad47ef9 elementor-widget elementor-widget-image\" data-id=\"ad47ef9\" data-element_type=\"widget\" data-e-type=\"widget\" data-widget_type=\"image.default\">\n\t\t\t\t<div class=\"elementor-widget-container\">\n\t\t\t\t\t\t\t\t\t\t\t\t\t\t\t\t<a href=\"https:\/\/www.portovenere.fr\/fr-fr\/carrelage-sol-et-mur-en-gres-cerame-et-faience\/carrelage-aspect-pierre\/carrelage-effet-pierre-interieur-exterieur-caminarem\/\">\n\t\t\t\t\t\t\t<img decoding=\"async\" src=\"https:\/\/www.portovenere.fr\/fr-fr\/wp-content\/uploads\/elementor\/thumbs\/Carrelage-effet-pierre-en-pose-Opus-mix-formats-pour-interieur-et-exterieur-CAMINAREM-Mud-magasin-Porto-Venere-pres-de-Sete-34-re9h88z28gr91r9my8j03cgoe2poammyzrgaskidlo.jpg\" title=\"Carrelage-effet-pierre-en-pose-Opus-mix-formats-pour-int\u00e9rieur-et-ext\u00e9rieur-CAMINAREM-Mud-magasin-Porto-Venere-pr\u00e8s-de-S\u00e8te-34\" alt=\"Carrelage effet pierre pose en diff\u00e9rentes tailles en int\u00e9rieur et ext\u00e9rieur d&#039;une villa design Porto Venere \u00e0 Montpellier 34\" loading=\"lazy\" \/>\t\t\t\t\t\t\t\t<\/a>\n\t\t\t\t\t\t\t\t\t\t\t\t\t\t\t<\/div>\n\t\t\t\t<\/div>\n\t\t\t\t<div class=\"elementor-element elementor-element-18e34ac elementor-widget elementor-widget-text-editor\" data-id=\"18e34ac\" data-element_type=\"widget\" data-e-type=\"widget\" data-widget_type=\"text-editor.default\">\n\t\t\t\t<div class=\"elementor-widget-container\">\n\t\t\t\t\t\t\t\t\t<p><strong>4 coloris<\/strong><\/p>\t\t\t\t\t\t\t\t<\/div>\n\t\t\t\t<\/div>\n\t\t\t\t<div class=\"elementor-element elementor-element-365c92a elementor-widget elementor-widget-gallery\" data-id=\"365c92a\" data-element_type=\"widget\" data-e-type=\"widget\" data-settings=\"{&quot;columns&quot;:6,&quot;columns_tablet&quot;:4,&quot;columns_mobile&quot;:4,&quot;aspect_ratio&quot;:&quot;1:1&quot;,&quot;lazyload&quot;:&quot;yes&quot;,&quot;gallery_layout&quot;:&quot;grid&quot;,&quot;gap&quot;:{&quot;unit&quot;:&quot;px&quot;,&quot;size&quot;:10,&quot;sizes&quot;:[]},&quot;gap_tablet&quot;:{&quot;unit&quot;:&quot;px&quot;,&quot;size&quot;:10,&quot;sizes&quot;:[]},&quot;gap_mobile&quot;:{&quot;unit&quot;:&quot;px&quot;,&quot;size&quot;:10,&quot;sizes&quot;:[]},&quot;link_to&quot;:&quot;file&quot;,&quot;overlay_background&quot;:&quot;yes&quot;,&quot;content_hover_animation&quot;:&quot;fade-in&quot;}\" data-widget_type=\"gallery.default\">\n\t\t\t\t<div class=\"elementor-widget-container\">\n\t\t\t\t\t\t\t<div class=\"elementor-gallery__container\">\n\t\t\t\t\t\t\t<a class=\"e-gallery-item elementor-gallery-item elementor-animated-content\" href=\"https:\/\/www.portovenere.fr\/fr-fr\/wp-content\/uploads\/2025\/11\/Carrelage-effet-pierre-naturelle-mix-formats-pour-interieur-et-exterieur-CAMINAREM-Mud-greige-magasin-Porto-Venere-pres-de-Baillargues-34.jpg\" data-elementor-open-lightbox=\"yes\" data-elementor-lightbox-slideshow=\"365c92a\" data-elementor-lightbox-title=\"Carrelage-effet-pierre-naturelle-mix-formats-pour-int\u00e9rieur-et-ext\u00e9rieur-CAMINAREM-Mud-greige-magasin-Porto-Venere-pr\u00e8s-de-Baillargues-34\" data-e-action-hash=\"#elementor-action%3Aaction%3Dlightbox%26settings%3DeyJpZCI6NjY5OTUsInVybCI6Imh0dHBzOlwvXC93d3cucG9ydG92ZW5lcmUuZnJcL2ZyLWZyXC93cC1jb250ZW50XC91cGxvYWRzXC8yMDI1XC8xMVwvQ2FycmVsYWdlLWVmZmV0LXBpZXJyZS1uYXR1cmVsbGUtbWl4LWZvcm1hdHMtcG91ci1pbnRlcmlldXItZXQtZXh0ZXJpZXVyLUNBTUlOQVJFTS1NdWQtZ3JlaWdlLW1hZ2FzaW4tUG9ydG8tVmVuZXJlLXByZXMtZGUtQmFpbGxhcmd1ZXMtMzQuanBnIiwic2xpZGVzaG93IjoiMzY1YzkyYSJ9\">\n\t\t\t\t\t<div class=\"e-gallery-image elementor-gallery-item__image\" data-thumbnail=\"https:\/\/www.portovenere.fr\/fr-fr\/wp-content\/uploads\/2025\/11\/Carrelage-effet-pierre-naturelle-mix-formats-pour-interieur-et-exterieur-CAMINAREM-Mud-greige-magasin-Porto-Venere-pres-de-Baillargues-34-150x150.jpg\" data-width=\"150\" data-height=\"150\" aria-label=\"\" role=\"img\" ><\/div>\n\t\t\t\t\t\t\t\t\t\t\t<div class=\"elementor-gallery-item__overlay\"><\/div>\n\t\t\t\t\t\t\t\t\t\t\t\t\t\t<\/a>\n\t\t\t\t\t\t\t<a class=\"e-gallery-item elementor-gallery-item elementor-animated-content\" href=\"https:\/\/www.portovenere.fr\/fr-fr\/wp-content\/uploads\/2025\/11\/Carrelage-effet-pierre-naturelle-mix-formats-pour-interieur-et-exterieur-CAMINAREM-Light-sable-clair-magasin-Porto-Venere-pres-de-Clapiers-34.jpg\" data-elementor-open-lightbox=\"yes\" data-elementor-lightbox-slideshow=\"365c92a\" data-elementor-lightbox-title=\"Carrelage-effet-pierre-naturelle-mix-formats-pour-int\u00e9rieur-et-ext\u00e9rieur-CAMINAREM-Light-sable-clair-magasin-Porto-Venere-pr\u00e8s-de-Clapiers-34\" data-e-action-hash=\"#elementor-action%3Aaction%3Dlightbox%26settings%3DeyJpZCI6NjY5OTQsInVybCI6Imh0dHBzOlwvXC93d3cucG9ydG92ZW5lcmUuZnJcL2ZyLWZyXC93cC1jb250ZW50XC91cGxvYWRzXC8yMDI1XC8xMVwvQ2FycmVsYWdlLWVmZmV0LXBpZXJyZS1uYXR1cmVsbGUtbWl4LWZvcm1hdHMtcG91ci1pbnRlcmlldXItZXQtZXh0ZXJpZXVyLUNBTUlOQVJFTS1MaWdodC1zYWJsZS1jbGFpci1tYWdhc2luLVBvcnRvLVZlbmVyZS1wcmVzLWRlLUNsYXBpZXJzLTM0LmpwZyIsInNsaWRlc2hvdyI6IjM2NWM5MmEifQ%3D%3D\">\n\t\t\t\t\t<div class=\"e-gallery-image elementor-gallery-item__image\" data-thumbnail=\"https:\/\/www.portovenere.fr\/fr-fr\/wp-content\/uploads\/2025\/11\/Carrelage-effet-pierre-naturelle-mix-formats-pour-interieur-et-exterieur-CAMINAREM-Light-sable-clair-magasin-Porto-Venere-pres-de-Clapiers-34-150x150.jpg\" data-width=\"150\" data-height=\"150\" aria-label=\"Carrelage effet pierre pour sols et murs en int\u00e9rieur et ext\u00e9rieur CAMINAREM magasin carrelage Porto Venere \u00e0 Montpellier\" role=\"img\" ><\/div>\n\t\t\t\t\t\t\t\t\t\t\t<div class=\"elementor-gallery-item__overlay\"><\/div>\n\t\t\t\t\t\t\t\t\t\t\t\t\t\t<\/a>\n\t\t\t\t\t\t\t<a class=\"e-gallery-item elementor-gallery-item elementor-animated-content\" href=\"https:\/\/www.portovenere.fr\/fr-fr\/wp-content\/uploads\/2025\/11\/Carrelage-effet-pierre-naturelle-mix-formats-pour-interieur-et-exterieur-CAMINAREM-Golden-beige-magasin-Porto-Venere-pres-de-Perols-34.jpg\" data-elementor-open-lightbox=\"yes\" data-elementor-lightbox-slideshow=\"365c92a\" data-elementor-lightbox-title=\"Carrelage-effet-pierre-naturelle-mix-formats-pour-int\u00e9rieur-et-ext\u00e9rieur-CAMINAREM-Golden-beige-magasin-Porto-Venere-pr\u00e8s-de-P\u00e9rols-34\" data-e-action-hash=\"#elementor-action%3Aaction%3Dlightbox%26settings%3DeyJpZCI6NjY5OTMsInVybCI6Imh0dHBzOlwvXC93d3cucG9ydG92ZW5lcmUuZnJcL2ZyLWZyXC93cC1jb250ZW50XC91cGxvYWRzXC8yMDI1XC8xMVwvQ2FycmVsYWdlLWVmZmV0LXBpZXJyZS1uYXR1cmVsbGUtbWl4LWZvcm1hdHMtcG91ci1pbnRlcmlldXItZXQtZXh0ZXJpZXVyLUNBTUlOQVJFTS1Hb2xkZW4tYmVpZ2UtbWFnYXNpbi1Qb3J0by1WZW5lcmUtcHJlcy1kZS1QZXJvbHMtMzQuanBnIiwic2xpZGVzaG93IjoiMzY1YzkyYSJ9\">\n\t\t\t\t\t<div class=\"e-gallery-image elementor-gallery-item__image\" data-thumbnail=\"https:\/\/www.portovenere.fr\/fr-fr\/wp-content\/uploads\/2025\/11\/Carrelage-effet-pierre-naturelle-mix-formats-pour-interieur-et-exterieur-CAMINAREM-Golden-beige-magasin-Porto-Venere-pres-de-Perols-34-150x150.jpg\" data-width=\"150\" data-height=\"150\" aria-label=\"Carrelage effet pierre pour sols et murs en int\u00e9rieur et ext\u00e9rieur CAMINAREM magasin carrelage Porto Venere \u00e0 Montpellier\" role=\"img\" ><\/div>\n\t\t\t\t\t\t\t\t\t\t\t<div class=\"elementor-gallery-item__overlay\"><\/div>\n\t\t\t\t\t\t\t\t\t\t\t\t\t\t<\/a>\n\t\t\t\t\t\t\t<a class=\"e-gallery-item elementor-gallery-item elementor-animated-content\" href=\"https:\/\/www.portovenere.fr\/fr-fr\/wp-content\/uploads\/2025\/11\/Carrelage-effet-pierre-naturelle-mix-formats-pour-interieur-et-exterieur-CAMINAREM-Ash-gris-magasin-Porto-Venere-pres-de-Juvignac-34.jpg\" data-elementor-open-lightbox=\"yes\" data-elementor-lightbox-slideshow=\"365c92a\" data-elementor-lightbox-title=\"Carrelage-effet-pierre-naturelle-mix-formats-pour-int\u00e9rieur-et-ext\u00e9rieur-CAMINAREM-Ash-gris-magasin-Porto-Venere-pr\u00e8s-de-Juvignac-34\" data-e-action-hash=\"#elementor-action%3Aaction%3Dlightbox%26settings%3DeyJpZCI6NjY5OTIsInVybCI6Imh0dHBzOlwvXC93d3cucG9ydG92ZW5lcmUuZnJcL2ZyLWZyXC93cC1jb250ZW50XC91cGxvYWRzXC8yMDI1XC8xMVwvQ2FycmVsYWdlLWVmZmV0LXBpZXJyZS1uYXR1cmVsbGUtbWl4LWZvcm1hdHMtcG91ci1pbnRlcmlldXItZXQtZXh0ZXJpZXVyLUNBTUlOQVJFTS1Bc2gtZ3Jpcy1tYWdhc2luLVBvcnRvLVZlbmVyZS1wcmVzLWRlLUp1dmlnbmFjLTM0LmpwZyIsInNsaWRlc2hvdyI6IjM2NWM5MmEifQ%3D%3D\">\n\t\t\t\t\t<div class=\"e-gallery-image elementor-gallery-item__image\" data-thumbnail=\"https:\/\/www.portovenere.fr\/fr-fr\/wp-content\/uploads\/2025\/11\/Carrelage-effet-pierre-naturelle-mix-formats-pour-interieur-et-exterieur-CAMINAREM-Ash-gris-magasin-Porto-Venere-pres-de-Juvignac-34-150x150.jpg\" data-width=\"150\" data-height=\"150\" aria-label=\"Carrelage effet pierre pour sols et murs en int\u00e9rieur et ext\u00e9rieur CAMINAREM magasin carrelage Porto Venere \u00e0 Montpellier\" role=\"img\" ><\/div>\n\t\t\t\t\t\t\t\t\t\t\t<div class=\"elementor-gallery-item__overlay\"><\/div>\n\t\t\t\t\t\t\t\t\t\t\t\t\t\t<\/a>\n\t\t\t\t\t<\/div>\n\t\t\t\t\t<\/div>\n\t\t\t\t<\/div>\n\t\t\t\t<div class=\"elementor-element elementor-element-2883441 elementor-widget elementor-widget-text-editor\" data-id=\"2883441\" data-element_type=\"widget\" data-e-type=\"widget\" data-widget_type=\"text-editor.default\">\n\t\t\t\t<div class=\"elementor-widget-container\">\n\t\t\t\t\t\t\t\t\t<p data-start=\"74\" data-end=\"212\">Apportez l\u2019\u00e9l\u00e9gance min\u00e9rale de la pierre naturelle \u00e0 vos sols et murs avec <strong data-start=\"2136\" data-end=\"2149\">CAMINAREM<\/strong>. D\u00e9clin\u00e9e en 4 coloris\u00a0<strong data-start=\"2163\" data-end=\"2192\">Mud, Golden, Ash et Light<\/strong>, cette collection de gr\u00e8s c\u00e9rame s\u2019adapte \u00e0 tous les styles.\u00a0<\/p><p data-start=\"74\" data-end=\"212\">Formats <strong data-start=\"2262\" data-end=\"2317\">30\u00d760, 60\u00d760, 60\u00d790, 60\u00d7120 cm (\u00e9p 9.5mm) et 100\u00d7100 cm en 8,5 mm<\/strong>, avec pose possible en <strong data-start=\"2341\" data-end=\"2349\">OPUS<\/strong>, et dalles ext\u00e9rieures en 20 mm. Finitions mate\/naturelle, Wax (cir\u00e9) ou antid\u00e9rapante R11.\u00a0<\/p><p data-start=\"74\" data-end=\"212\">Convient aux <strong data-start=\"2454\" data-end=\"2482\">int\u00e9rieurs et ext\u00e9rieurs<\/strong>, sols et murs. Polyvalente, r\u00e9sistante et facile \u00e0 entretenir, CAMINAREM sublime vos espaces avec l\u2019authenticit\u00e9 de la pierre et la modernit\u00e9 du gr\u00e8s c\u00e9rame.<\/p>\t\t\t\t\t\t\t\t<\/div>\n\t\t\t\t<\/div>\n\t\t\t\t<div class=\"elementor-element elementor-element-45f2626 elementor-mobile-align-center elementor-widget elementor-widget-button\" data-id=\"45f2626\" data-element_type=\"widget\" data-e-type=\"widget\" data-widget_type=\"button.default\">\n\t\t\t\t<div class=\"elementor-widget-container\">\n\t\t\t\t\t\t\t\t\t<div class=\"elementor-button-wrapper\">\n\t\t\t\t\t<a class=\"elementor-button elementor-button-link elementor-size-sm\" href=\"https:\/\/www.portovenere.fr\/fr-fr\/carrelage-sol-et-mur-en-gres-cerame-et-faience\/carrelage-aspect-pierre\/carrelage-effet-pierre-interieur-exterieur-caminarem\/\">\n\t\t\t\t\t\t<span class=\"elementor-button-content-wrapper\">\n\t\t\t\t\t\t\t\t\t<span class=\"elementor-button-text\">VOIR LA COLLECTION<\/span>\n\t\t\t\t\t<\/span>\n\t\t\t\t\t<\/a>\n\t\t\t\t<\/div>\n\t\t\t\t\t\t\t\t<\/div>\n\t\t\t\t<\/div>\n\t\t\t\t<div class=\"elementor-element elementor-element-8021712 elementor-widget elementor-widget-spacer\" data-id=\"8021712\" data-element_type=\"widget\" data-e-type=\"widget\" data-widget_type=\"spacer.default\">\n\t\t\t\t<div class=\"elementor-widget-container\">\n\t\t\t\t\t\t\t<div class=\"elementor-spacer\">\n\t\t\t<div class=\"elementor-spacer-inner\"><\/div>\n\t\t<\/div>\n\t\t\t\t\t\t<\/div>\n\t\t\t\t<\/div>\n\t\t\t\t\t<\/div>\n\t\t<\/div>\n\t\t\t\t<div class=\"elementor-column elementor-col-33 elementor-top-column elementor-element elementor-element-b022b11 elementor-invisible\" data-id=\"b022b11\" data-element_type=\"column\" data-e-type=\"column\" data-settings=\"{&quot;animation&quot;:&quot;fadeIn&quot;,&quot;background_background&quot;:&quot;classic&quot;}\">\n\t\t\t<div class=\"elementor-widget-wrap elementor-element-populated\">\n\t\t\t\t\t\t<div class=\"elementor-element elementor-element-2d2a280 elementor-widget elementor-widget-heading\" data-id=\"2d2a280\" data-element_type=\"widget\" data-e-type=\"widget\" data-widget_type=\"heading.default\">\n\t\t\t\t<div class=\"elementor-widget-container\">\n\t\t\t\t\t<h3 class=\"elementor-heading-title elementor-size-default\"><a href=\"https:\/\/www.portovenere.fr\/fr-fr\/carrelage-sol-et-mur-en-gres-cerame-et-faience\/carrelage-aspect-pierre\/carrelage-aspect-pierre-naturelle-nuancee-pierre-de-sel\/\">PIERRE DE SEL<\/a><\/h3>\t\t\t\t<\/div>\n\t\t\t\t<\/div>\n\t\t\t\t<div class=\"elementor-element elementor-element-ba11008 elementor-widget elementor-widget-image\" data-id=\"ba11008\" data-element_type=\"widget\" data-e-type=\"widget\" data-widget_type=\"image.default\">\n\t\t\t\t<div class=\"elementor-widget-container\">\n\t\t\t\t\t\t\t\t\t\t\t\t\t\t\t\t<a href=\"https:\/\/www.portovenere.fr\/fr-fr\/carrelage-sol-et-mur-en-gres-cerame-et-faience\/carrelage-aspect-pierre\/carrelage-aspect-pierre-naturelle-nuancee-pierre-de-sel\/\">\n\t\t\t\t\t\t\t<img decoding=\"async\" src=\"https:\/\/www.portovenere.fr\/fr-fr\/wp-content\/uploads\/elementor\/thumbs\/IMG_0983-r8if1njeux0ssxh9y7rhcomrb8n2s9divmtttum2qk.jpg\" title=\"IMG_0983\" alt=\"Pierre de sel int\u00e9rieur piscine et  Bois Marin en tour de piscine\" loading=\"lazy\" \/>\t\t\t\t\t\t\t\t<\/a>\n\t\t\t\t\t\t\t\t\t\t\t\t\t\t\t<\/div>\n\t\t\t\t<\/div>\n\t\t\t\t<div class=\"elementor-element elementor-element-f5f5570 elementor-widget elementor-widget-text-editor\" data-id=\"f5f5570\" data-element_type=\"widget\" data-e-type=\"widget\" data-widget_type=\"text-editor.default\">\n\t\t\t\t<div class=\"elementor-widget-container\">\n\t\t\t\t\t\t\t\t\t<p><strong>5 coloris<\/strong><\/p>\t\t\t\t\t\t\t\t<\/div>\n\t\t\t\t<\/div>\n\t\t\t\t<div class=\"elementor-element elementor-element-2122263 elementor-widget elementor-widget-gallery\" data-id=\"2122263\" data-element_type=\"widget\" data-e-type=\"widget\" data-settings=\"{&quot;columns&quot;:6,&quot;columns_tablet&quot;:4,&quot;columns_mobile&quot;:4,&quot;aspect_ratio&quot;:&quot;1:1&quot;,&quot;lazyload&quot;:&quot;yes&quot;,&quot;gallery_layout&quot;:&quot;grid&quot;,&quot;gap&quot;:{&quot;unit&quot;:&quot;px&quot;,&quot;size&quot;:10,&quot;sizes&quot;:[]},&quot;gap_tablet&quot;:{&quot;unit&quot;:&quot;px&quot;,&quot;size&quot;:10,&quot;sizes&quot;:[]},&quot;gap_mobile&quot;:{&quot;unit&quot;:&quot;px&quot;,&quot;size&quot;:10,&quot;sizes&quot;:[]},&quot;link_to&quot;:&quot;file&quot;,&quot;overlay_background&quot;:&quot;yes&quot;,&quot;content_hover_animation&quot;:&quot;fade-in&quot;}\" data-widget_type=\"gallery.default\">\n\t\t\t\t<div class=\"elementor-widget-container\">\n\t\t\t\t\t\t\t<div class=\"elementor-gallery__container\">\n\t\t\t\t\t\t\t<a class=\"e-gallery-item elementor-gallery-item elementor-animated-content\" href=\"https:\/\/www.portovenere.fr\/fr-fr\/wp-content\/uploads\/2020\/03\/Pierre-de-Sel-Maui-Green.jpg\" data-elementor-open-lightbox=\"yes\" data-elementor-lightbox-slideshow=\"2122263\" data-elementor-lightbox-title=\"Pierre de Sel Green\" data-e-action-hash=\"#elementor-action%3Aaction%3Dlightbox%26settings%3DeyJpZCI6MjYzNzgsInVybCI6Imh0dHBzOlwvXC93d3cucG9ydG92ZW5lcmUuZnJcL2ZyLWZyXC93cC1jb250ZW50XC91cGxvYWRzXC8yMDIwXC8wM1wvUGllcnJlLWRlLVNlbC1NYXVpLUdyZWVuLmpwZyIsInNsaWRlc2hvdyI6IjIxMjIyNjMifQ%3D%3D\">\n\t\t\t\t\t<div class=\"e-gallery-image elementor-gallery-item__image\" data-thumbnail=\"https:\/\/www.portovenere.fr\/fr-fr\/wp-content\/uploads\/2020\/03\/Pierre-de-Sel-Maui-Green-150x150.jpg\" data-width=\"150\" data-height=\"150\" aria-label=\"\" role=\"img\" ><\/div>\n\t\t\t\t\t\t\t\t\t\t\t<div class=\"elementor-gallery-item__overlay\"><\/div>\n\t\t\t\t\t\t\t\t\t\t\t\t\t\t<\/a>\n\t\t\t\t\t\t\t<a class=\"e-gallery-item elementor-gallery-item elementor-animated-content\" href=\"https:\/\/www.portovenere.fr\/fr-fr\/wp-content\/uploads\/2020\/03\/Pierre-de-Sel-White-Gold.jpg\" data-elementor-open-lightbox=\"yes\" data-elementor-lightbox-slideshow=\"2122263\" data-elementor-lightbox-title=\"Pierre de Sel White Gold\" data-e-action-hash=\"#elementor-action%3Aaction%3Dlightbox%26settings%3DeyJpZCI6MjYzNzcsInVybCI6Imh0dHBzOlwvXC93d3cucG9ydG92ZW5lcmUuZnJcL2ZyLWZyXC93cC1jb250ZW50XC91cGxvYWRzXC8yMDIwXC8wM1wvUGllcnJlLWRlLVNlbC1XaGl0ZS1Hb2xkLmpwZyIsInNsaWRlc2hvdyI6IjIxMjIyNjMifQ%3D%3D\">\n\t\t\t\t\t<div class=\"e-gallery-image elementor-gallery-item__image\" data-thumbnail=\"https:\/\/www.portovenere.fr\/fr-fr\/wp-content\/uploads\/2020\/03\/Pierre-de-Sel-White-Gold-150x150.jpg\" data-width=\"150\" data-height=\"150\" aria-label=\"\" role=\"img\" ><\/div>\n\t\t\t\t\t\t\t\t\t\t\t<div class=\"elementor-gallery-item__overlay\"><\/div>\n\t\t\t\t\t\t\t\t\t\t\t\t\t\t<\/a>\n\t\t\t\t\t\t\t<a class=\"e-gallery-item elementor-gallery-item elementor-animated-content\" href=\"https:\/\/www.portovenere.fr\/fr-fr\/wp-content\/uploads\/2020\/03\/Pierre-de-Sel-Danish-Smoke.jpg\" data-elementor-open-lightbox=\"yes\" data-elementor-lightbox-slideshow=\"2122263\" data-elementor-lightbox-title=\"Pierre de Sel Smoke\" data-e-action-hash=\"#elementor-action%3Aaction%3Dlightbox%26settings%3DeyJpZCI6MjYzNTksInVybCI6Imh0dHBzOlwvXC93d3cucG9ydG92ZW5lcmUuZnJcL2ZyLWZyXC93cC1jb250ZW50XC91cGxvYWRzXC8yMDIwXC8wM1wvUGllcnJlLWRlLVNlbC1EYW5pc2gtU21va2UuanBnIiwic2xpZGVzaG93IjoiMjEyMjI2MyJ9\">\n\t\t\t\t\t<div class=\"e-gallery-image elementor-gallery-item__image\" data-thumbnail=\"https:\/\/www.portovenere.fr\/fr-fr\/wp-content\/uploads\/2020\/03\/Pierre-de-Sel-Danish-Smoke-150x150.jpg\" data-width=\"150\" data-height=\"150\" aria-label=\"\" role=\"img\" ><\/div>\n\t\t\t\t\t\t\t\t\t\t\t<div class=\"elementor-gallery-item__overlay\"><\/div>\n\t\t\t\t\t\t\t\t\t\t\t\t\t\t<\/a>\n\t\t\t\t\t\t\t<a class=\"e-gallery-item elementor-gallery-item elementor-animated-content\" href=\"https:\/\/www.portovenere.fr\/fr-fr\/wp-content\/uploads\/2020\/03\/Pierre-de-Sel-Rouge-Hawai.jpg\" data-elementor-open-lightbox=\"yes\" data-elementor-lightbox-slideshow=\"2122263\" data-elementor-lightbox-title=\"Pierre de Sel Rouge Hawai\" data-e-action-hash=\"#elementor-action%3Aaction%3Dlightbox%26settings%3DeyJpZCI6MjYzNzQsInVybCI6Imh0dHBzOlwvXC93d3cucG9ydG92ZW5lcmUuZnJcL2ZyLWZyXC93cC1jb250ZW50XC91cGxvYWRzXC8yMDIwXC8wM1wvUGllcnJlLWRlLVNlbC1Sb3VnZS1IYXdhaS5qcGciLCJzbGlkZXNob3ciOiIyMTIyMjYzIn0%3D\">\n\t\t\t\t\t<div class=\"e-gallery-image elementor-gallery-item__image\" data-thumbnail=\"https:\/\/www.portovenere.fr\/fr-fr\/wp-content\/uploads\/2020\/03\/Pierre-de-Sel-Rouge-Hawai-150x150.jpg\" data-width=\"150\" data-height=\"150\" aria-label=\"\" role=\"img\" ><\/div>\n\t\t\t\t\t\t\t\t\t\t\t<div class=\"elementor-gallery-item__overlay\"><\/div>\n\t\t\t\t\t\t\t\t\t\t\t\t\t\t<\/a>\n\t\t\t\t\t\t\t<a class=\"e-gallery-item elementor-gallery-item elementor-animated-content\" href=\"https:\/\/www.portovenere.fr\/fr-fr\/wp-content\/uploads\/2020\/03\/Pierre-de-Sel-Gris-Celtique.jpg\" data-elementor-open-lightbox=\"yes\" data-elementor-lightbox-slideshow=\"2122263\" data-elementor-lightbox-title=\"Pierre de Sel Gris\" data-e-action-hash=\"#elementor-action%3Aaction%3Dlightbox%26settings%3DeyJpZCI6MjYzNjcsInVybCI6Imh0dHBzOlwvXC93d3cucG9ydG92ZW5lcmUuZnJcL2ZyLWZyXC93cC1jb250ZW50XC91cGxvYWRzXC8yMDIwXC8wM1wvUGllcnJlLWRlLVNlbC1HcmlzLUNlbHRpcXVlLmpwZyIsInNsaWRlc2hvdyI6IjIxMjIyNjMifQ%3D%3D\">\n\t\t\t\t\t<div class=\"e-gallery-image elementor-gallery-item__image\" data-thumbnail=\"https:\/\/www.portovenere.fr\/fr-fr\/wp-content\/uploads\/2020\/03\/Pierre-de-Sel-Gris-Celtique-150x150.jpg\" data-width=\"150\" data-height=\"150\" aria-label=\"\" role=\"img\" ><\/div>\n\t\t\t\t\t\t\t\t\t\t\t<div class=\"elementor-gallery-item__overlay\"><\/div>\n\t\t\t\t\t\t\t\t\t\t\t\t\t\t<\/a>\n\t\t\t\t\t<\/div>\n\t\t\t\t\t<\/div>\n\t\t\t\t<\/div>\n\t\t\t\t<div class=\"elementor-element elementor-element-66d65e8 elementor-widget elementor-widget-text-editor\" data-id=\"66d65e8\" data-element_type=\"widget\" data-e-type=\"widget\" data-widget_type=\"text-editor.default\">\n\t\t\t\t<div class=\"elementor-widget-container\">\n\t\t\t\t\t\t\t\t\t<p>Ce carrelage s\u2019inspire de l\u2019esth\u00e9tique des gros blocs de sel gemme extraits des mines souterraines et utilis\u00e9s aussi pour la construction de parois et de cristaux de sel. Nombreux formats pour int\u00e9rieur et ext\u00e9rieur. Pose au sol et pose murale.<\/p>\t\t\t\t\t\t\t\t<\/div>\n\t\t\t\t<\/div>\n\t\t\t\t<div class=\"elementor-element elementor-element-28d3c42 elementor-mobile-align-center elementor-widget elementor-widget-button\" data-id=\"28d3c42\" data-element_type=\"widget\" data-e-type=\"widget\" data-widget_type=\"button.default\">\n\t\t\t\t<div class=\"elementor-widget-container\">\n\t\t\t\t\t\t\t\t\t<div class=\"elementor-button-wrapper\">\n\t\t\t\t\t<a class=\"elementor-button elementor-button-link elementor-size-sm\" href=\"https:\/\/www.portovenere.fr\/fr-fr\/carrelage-sol-et-mur-en-gres-cerame-et-faience\/carrelage-aspect-pierre\/carrelage-aspect-pierre-naturelle-nuancee-pierre-de-sel\/\">\n\t\t\t\t\t\t<span class=\"elementor-button-content-wrapper\">\n\t\t\t\t\t\t\t\t\t<span class=\"elementor-button-text\">Voir la collection<\/span>\n\t\t\t\t\t<\/span>\n\t\t\t\t\t<\/a>\n\t\t\t\t<\/div>\n\t\t\t\t\t\t\t\t<\/div>\n\t\t\t\t<\/div>\n\t\t\t\t<div class=\"elementor-element elementor-element-a03453a elementor-widget elementor-widget-spacer\" data-id=\"a03453a\" data-element_type=\"widget\" data-e-type=\"widget\" data-widget_type=\"spacer.default\">\n\t\t\t\t<div class=\"elementor-widget-container\">\n\t\t\t\t\t\t\t<div class=\"elementor-spacer\">\n\t\t\t<div class=\"elementor-spacer-inner\"><\/div>\n\t\t<\/div>\n\t\t\t\t\t\t<\/div>\n\t\t\t\t<\/div>\n\t\t\t\t\t<\/div>\n\t\t<\/div>\n\t\t\t\t<div class=\"elementor-column elementor-col-33 elementor-top-column elementor-element elementor-element-f75cc2f elementor-invisible\" data-id=\"f75cc2f\" data-element_type=\"column\" data-e-type=\"column\" data-settings=\"{&quot;animation&quot;:&quot;fadeIn&quot;,&quot;background_background&quot;:&quot;classic&quot;}\">\n\t\t\t<div class=\"elementor-widget-wrap elementor-element-populated\">\n\t\t\t\t\t\t<div class=\"elementor-element elementor-element-22d731a elementor-widget elementor-widget-heading\" data-id=\"22d731a\" data-element_type=\"widget\" data-e-type=\"widget\" data-widget_type=\"heading.default\">\n\t\t\t\t<div class=\"elementor-widget-container\">\n\t\t\t\t\t<h3 class=\"elementor-heading-title elementor-size-default\"><a href=\"https:\/\/www.portovenere.fr\/fr-fr\/carrelage-sol-et-mur-en-gres-cerame-et-faience\/carrelage-aspect-pierre\/carrelage-pierre-interieur-et-exterieur-nyonca\/\">NYONCA<\/a><\/h3>\t\t\t\t<\/div>\n\t\t\t\t<\/div>\n\t\t\t\t<div class=\"elementor-element elementor-element-7474859 elementor-widget elementor-widget-image\" data-id=\"7474859\" data-element_type=\"widget\" data-e-type=\"widget\" data-widget_type=\"image.default\">\n\t\t\t\t<div class=\"elementor-widget-container\">\n\t\t\t\t\t\t\t\t\t\t\t\t\t\t\t\t<a href=\"https:\/\/www.portovenere.fr\/fr-fr\/carrelage-sol-et-mur-en-gres-cerame-et-faience\/carrelage-aspect-pierre\/carrelage-pierre-interieur-et-exterieur-nyonca\/\">\n\t\t\t\t\t\t\t<img decoding=\"async\" src=\"https:\/\/www.portovenere.fr\/fr-fr\/wp-content\/uploads\/elementor\/thumbs\/Carrelage-sol-et-mur-pour-exterieur-interieur-design-contemporain-et-de-qualite-Nyonca-magasin-Porto-Venere-Montpellier-pres-de-Saint-Clement-de-Riviere-34-r8ifxqr26ay75ov9kl3yz349dsh6k9rmyglkmx18bg.jpg\" title=\"Carrelage-sol-et-mur-pour-exterieur-interieur-design-contemporain-et-de-qualit\u00e9-Nyonca-magasin-Porto-Venere-Montpellier-pr\u00e8s-de-Saint-Cl\u00e9ment-de-Rivi\u00e8re-34\" alt=\"Carrelage gris design style pierre contemporaine Nyonca Grey \u00e0 Montpellier\" loading=\"lazy\" \/>\t\t\t\t\t\t\t\t<\/a>\n\t\t\t\t\t\t\t\t\t\t\t\t\t\t\t<\/div>\n\t\t\t\t<\/div>\n\t\t\t\t<div class=\"elementor-element elementor-element-7f49dde elementor-widget elementor-widget-text-editor\" data-id=\"7f49dde\" data-element_type=\"widget\" data-e-type=\"widget\" data-widget_type=\"text-editor.default\">\n\t\t\t\t<div class=\"elementor-widget-container\">\n\t\t\t\t\t\t\t\t\t<p><strong>4 coloris<\/strong><\/p>\t\t\t\t\t\t\t\t<\/div>\n\t\t\t\t<\/div>\n\t\t\t\t<div class=\"elementor-element elementor-element-2cd9d1b elementor-widget elementor-widget-gallery\" data-id=\"2cd9d1b\" data-element_type=\"widget\" data-e-type=\"widget\" data-settings=\"{&quot;columns&quot;:6,&quot;columns_tablet&quot;:4,&quot;columns_mobile&quot;:4,&quot;aspect_ratio&quot;:&quot;1:1&quot;,&quot;lazyload&quot;:&quot;yes&quot;,&quot;gallery_layout&quot;:&quot;grid&quot;,&quot;gap&quot;:{&quot;unit&quot;:&quot;px&quot;,&quot;size&quot;:10,&quot;sizes&quot;:[]},&quot;gap_tablet&quot;:{&quot;unit&quot;:&quot;px&quot;,&quot;size&quot;:10,&quot;sizes&quot;:[]},&quot;gap_mobile&quot;:{&quot;unit&quot;:&quot;px&quot;,&quot;size&quot;:10,&quot;sizes&quot;:[]},&quot;link_to&quot;:&quot;file&quot;,&quot;overlay_background&quot;:&quot;yes&quot;,&quot;content_hover_animation&quot;:&quot;fade-in&quot;}\" data-widget_type=\"gallery.default\">\n\t\t\t\t<div class=\"elementor-widget-container\">\n\t\t\t\t\t\t\t<div class=\"elementor-gallery__container\">\n\t\t\t\t\t\t\t<a class=\"e-gallery-item elementor-gallery-item elementor-animated-content\" href=\"https:\/\/www.portovenere.fr\/fr-fr\/wp-content\/uploads\/2025\/03\/Carrelage-hexagonal-grand-format-24-x-27-cm-effet-pierre-NYONCA-pour-sol-et-mur-salle-d-ebain-cuisine-sejour-pres-de-Montpellier-34.jpg\" data-elementor-open-lightbox=\"yes\" data-elementor-lightbox-slideshow=\"2cd9d1b\" data-elementor-lightbox-title=\"Carrelage-hexagonal-grand-format-24-x-27-cm-effet-pierre-NYONCA-pour-sol-et-mur-salle-d-ebain-cuisine-s\u00e9jour-pr\u00e8s-de-Montpellier-34\" data-e-action-hash=\"#elementor-action%3Aaction%3Dlightbox%26settings%3DeyJpZCI6NTcwNzMsInVybCI6Imh0dHBzOlwvXC93d3cucG9ydG92ZW5lcmUuZnJcL2ZyLWZyXC93cC1jb250ZW50XC91cGxvYWRzXC8yMDI1XC8wM1wvQ2FycmVsYWdlLWhleGFnb25hbC1ncmFuZC1mb3JtYXQtMjQteC0yNy1jbS1lZmZldC1waWVycmUtTllPTkNBLXBvdXItc29sLWV0LW11ci1zYWxsZS1kLWViYWluLWN1aXNpbmUtc2Vqb3VyLXByZXMtZGUtTW9udHBlbGxpZXItMzQuanBnIiwic2xpZGVzaG93IjoiMmNkOWQxYiJ9\">\n\t\t\t\t\t<div class=\"e-gallery-image elementor-gallery-item__image\" data-thumbnail=\"https:\/\/www.portovenere.fr\/fr-fr\/wp-content\/uploads\/2025\/03\/Carrelage-hexagonal-grand-format-24-x-27-cm-effet-pierre-NYONCA-pour-sol-et-mur-salle-d-ebain-cuisine-sejour-pres-de-Montpellier-34-150x150.jpg\" data-width=\"150\" data-height=\"150\" aria-label=\"\" role=\"img\" ><\/div>\n\t\t\t\t\t\t\t\t\t\t\t<div class=\"elementor-gallery-item__overlay\"><\/div>\n\t\t\t\t\t\t\t\t\t\t\t\t\t\t<\/a>\n\t\t\t\t\t\t\t<a class=\"e-gallery-item elementor-gallery-item elementor-animated-content\" href=\"https:\/\/www.portovenere.fr\/fr-fr\/wp-content\/uploads\/2025\/03\/Carrelage-noir-effet-pierre-exterieur-interieur-design-contemporain-et-de-qualite-Nyonca-magasin-Porto-Venere-Montpellier-pres-de-Sete-34.jpg\" data-elementor-open-lightbox=\"yes\" data-elementor-lightbox-slideshow=\"2cd9d1b\" data-elementor-lightbox-title=\"Carrelage-noir-effet-pierre-exterieur-interieur-design-contemporain-et-de-qualit\u00e9-Nyonca-magasin-Porto-Venere-Montpellier-pr\u00e8s-de-S\u00e8te-34\" data-e-action-hash=\"#elementor-action%3Aaction%3Dlightbox%26settings%3DeyJpZCI6NTcwNzIsInVybCI6Imh0dHBzOlwvXC93d3cucG9ydG92ZW5lcmUuZnJcL2ZyLWZyXC93cC1jb250ZW50XC91cGxvYWRzXC8yMDI1XC8wM1wvQ2FycmVsYWdlLW5vaXItZWZmZXQtcGllcnJlLWV4dGVyaWV1ci1pbnRlcmlldXItZGVzaWduLWNvbnRlbXBvcmFpbi1ldC1kZS1xdWFsaXRlLU55b25jYS1tYWdhc2luLVBvcnRvLVZlbmVyZS1Nb250cGVsbGllci1wcmVzLWRlLVNldGUtMzQuanBnIiwic2xpZGVzaG93IjoiMmNkOWQxYiJ9\">\n\t\t\t\t\t<div class=\"e-gallery-image elementor-gallery-item__image\" data-thumbnail=\"https:\/\/www.portovenere.fr\/fr-fr\/wp-content\/uploads\/2025\/03\/Carrelage-noir-effet-pierre-exterieur-interieur-design-contemporain-et-de-qualite-Nyonca-magasin-Porto-Venere-Montpellier-pres-de-Sete-34-150x150.jpg\" data-width=\"150\" data-height=\"150\" aria-label=\"\" role=\"img\" ><\/div>\n\t\t\t\t\t\t\t\t\t\t\t<div class=\"elementor-gallery-item__overlay\"><\/div>\n\t\t\t\t\t\t\t\t\t\t\t\t\t\t<\/a>\n\t\t\t\t\t\t\t<a class=\"e-gallery-item elementor-gallery-item elementor-animated-content\" href=\"https:\/\/www.portovenere.fr\/fr-fr\/wp-content\/uploads\/2025\/03\/Carrelage-marron-beige-effet-pierre-exterieur-interieur-design-contemporain-et-de-qualite-Nyonca-magasin-Porto-Venere-Montpellier-pres-de-Palavas-34.jpg\" data-elementor-open-lightbox=\"yes\" data-elementor-lightbox-slideshow=\"2cd9d1b\" data-elementor-lightbox-title=\"Carrelage-marron-beige-effet-pierre-exterieur-interieur-design-contemporain-et-de-qualit\u00e9-Nyonca-magasin-Porto-Venere-Montpellier-pr\u00e8s-de-Palavas-34\" data-e-action-hash=\"#elementor-action%3Aaction%3Dlightbox%26settings%3DeyJpZCI6NTcwNzEsInVybCI6Imh0dHBzOlwvXC93d3cucG9ydG92ZW5lcmUuZnJcL2ZyLWZyXC93cC1jb250ZW50XC91cGxvYWRzXC8yMDI1XC8wM1wvQ2FycmVsYWdlLW1hcnJvbi1iZWlnZS1lZmZldC1waWVycmUtZXh0ZXJpZXVyLWludGVyaWV1ci1kZXNpZ24tY29udGVtcG9yYWluLWV0LWRlLXF1YWxpdGUtTnlvbmNhLW1hZ2FzaW4tUG9ydG8tVmVuZXJlLU1vbnRwZWxsaWVyLXByZXMtZGUtUGFsYXZhcy0zNC5qcGciLCJzbGlkZXNob3ciOiIyY2Q5ZDFiIn0%3D\">\n\t\t\t\t\t<div class=\"e-gallery-image elementor-gallery-item__image\" data-thumbnail=\"https:\/\/www.portovenere.fr\/fr-fr\/wp-content\/uploads\/2025\/03\/Carrelage-marron-beige-effet-pierre-exterieur-interieur-design-contemporain-et-de-qualite-Nyonca-magasin-Porto-Venere-Montpellier-pres-de-Palavas-34-150x150.jpg\" data-width=\"150\" data-height=\"150\" aria-label=\"\" role=\"img\" ><\/div>\n\t\t\t\t\t\t\t\t\t\t\t<div class=\"elementor-gallery-item__overlay\"><\/div>\n\t\t\t\t\t\t\t\t\t\t\t\t\t\t<\/a>\n\t\t\t\t\t\t\t<a class=\"e-gallery-item elementor-gallery-item elementor-animated-content\" href=\"https:\/\/www.portovenere.fr\/fr-fr\/wp-content\/uploads\/2025\/03\/Carrelage-Ivoire-effet-pierre-exterieur-interieur-design-contemporain-et-de-qualite-Nyonca-magasin-Porto-Venere-Montpellier-pres-de-Perols-34.jpg\" data-elementor-open-lightbox=\"yes\" data-elementor-lightbox-slideshow=\"2cd9d1b\" data-elementor-lightbox-title=\"Carrelage-Ivoire-effet-pierre-exterieur-interieur-design-contemporain-et-de-qualit\u00e9-Nyonca-magasin-Porto-Venere-Montpellier-pr\u00e8s-de-Perols-34\" data-e-action-hash=\"#elementor-action%3Aaction%3Dlightbox%26settings%3DeyJpZCI6NTcwNzAsInVybCI6Imh0dHBzOlwvXC93d3cucG9ydG92ZW5lcmUuZnJcL2ZyLWZyXC93cC1jb250ZW50XC91cGxvYWRzXC8yMDI1XC8wM1wvQ2FycmVsYWdlLUl2b2lyZS1lZmZldC1waWVycmUtZXh0ZXJpZXVyLWludGVyaWV1ci1kZXNpZ24tY29udGVtcG9yYWluLWV0LWRlLXF1YWxpdGUtTnlvbmNhLW1hZ2FzaW4tUG9ydG8tVmVuZXJlLU1vbnRwZWxsaWVyLXByZXMtZGUtUGVyb2xzLTM0LmpwZyIsInNsaWRlc2hvdyI6IjJjZDlkMWIifQ%3D%3D\">\n\t\t\t\t\t<div class=\"e-gallery-image elementor-gallery-item__image\" data-thumbnail=\"https:\/\/www.portovenere.fr\/fr-fr\/wp-content\/uploads\/2025\/03\/Carrelage-Ivoire-effet-pierre-exterieur-interieur-design-contemporain-et-de-qualite-Nyonca-magasin-Porto-Venere-Montpellier-pres-de-Perols-34-150x150.jpg\" data-width=\"150\" data-height=\"150\" aria-label=\"\" role=\"img\" ><\/div>\n\t\t\t\t\t\t\t\t\t\t\t<div class=\"elementor-gallery-item__overlay\"><\/div>\n\t\t\t\t\t\t\t\t\t\t\t\t\t\t<\/a>\n\t\t\t\t\t\t\t<a class=\"e-gallery-item elementor-gallery-item elementor-animated-content\" href=\"https:\/\/www.portovenere.fr\/fr-fr\/wp-content\/uploads\/2025\/03\/Carrelage-gris-effet-pierre-exterieur-interieur-design-contemporain-et-de-qualite-Nyonca-magasin-Porto-Venere-Montpellier-pres-de-Mauguio-34.jpg\" data-elementor-open-lightbox=\"yes\" data-elementor-lightbox-slideshow=\"2cd9d1b\" data-elementor-lightbox-title=\"Carrelage-gris-effet-pierre-exterieur-interieur-design-contemporain-et-de-qualit\u00e9-Nyonca-magasin-Porto-Venere-Montpellier-pr\u00e8s-de-Mauguio-34\" data-e-action-hash=\"#elementor-action%3Aaction%3Dlightbox%26settings%3DeyJpZCI6NTcwNjksInVybCI6Imh0dHBzOlwvXC93d3cucG9ydG92ZW5lcmUuZnJcL2ZyLWZyXC93cC1jb250ZW50XC91cGxvYWRzXC8yMDI1XC8wM1wvQ2FycmVsYWdlLWdyaXMtZWZmZXQtcGllcnJlLWV4dGVyaWV1ci1pbnRlcmlldXItZGVzaWduLWNvbnRlbXBvcmFpbi1ldC1kZS1xdWFsaXRlLU55b25jYS1tYWdhc2luLVBvcnRvLVZlbmVyZS1Nb250cGVsbGllci1wcmVzLWRlLU1hdWd1aW8tMzQuanBnIiwic2xpZGVzaG93IjoiMmNkOWQxYiJ9\">\n\t\t\t\t\t<div class=\"e-gallery-image elementor-gallery-item__image\" data-thumbnail=\"https:\/\/www.portovenere.fr\/fr-fr\/wp-content\/uploads\/2025\/03\/Carrelage-gris-effet-pierre-exterieur-interieur-design-contemporain-et-de-qualite-Nyonca-magasin-Porto-Venere-Montpellier-pres-de-Mauguio-34-150x150.jpg\" data-width=\"150\" data-height=\"150\" aria-label=\"\" role=\"img\" ><\/div>\n\t\t\t\t\t\t\t\t\t\t\t<div class=\"elementor-gallery-item__overlay\"><\/div>\n\t\t\t\t\t\t\t\t\t\t\t\t\t\t<\/a>\n\t\t\t\t\t<\/div>\n\t\t\t\t\t<\/div>\n\t\t\t\t<\/div>\n\t\t\t\t<div class=\"elementor-element elementor-element-e70f3b5 elementor-widget elementor-widget-text-editor\" data-id=\"e70f3b5\" data-element_type=\"widget\" data-e-type=\"widget\" data-widget_type=\"text-editor.default\">\n\t\t\t\t<div class=\"elementor-widget-container\">\n\t\t\t\t\t\t\t\t\t<p data-sourcepos=\"5:1-5:46\">Le carrelage pierre<b>\u00a0int\u00e9rieur et ext\u00e9rieur\u00a0<\/b>Nyonca reprend l&rsquo;effet de la pierre naturelle \u00e0 travers<b>\u00a04 coloris : Ivoire, Marron, Gris et Noir.\u00a0<\/b><\/p><p data-sourcepos=\"5:1-5:46\">Ce\u00a0<b>gr\u00e8s c\u00e9rame<\/b>\u00a0\u00e9maill\u00e9\u00a0<b>color\u00e9 dans la masse<\/b>\u00a0vous offre le choix parmi les formats suivants pour vos\u00a0<b>sols et murs<\/b>\u00a0:\u00a0<b>30&#215;60 cm, 60&#215;60 cm , 60&#215;120 cm, 120&#215;120 cm<\/b>\u00a0et un<b>\u00a0format hexagonal<\/b>\u00a0de 24 x 27,7 cm.<\/p><p data-sourcepos=\"5:1-5:46\">Vous pourrez assurer une\u00a0<b>continuit\u00e9 de vos espaces de vie vers l&rsquo;ext\u00e9rieur<\/b>\u00a0gr\u00e2ce \u00e0 la\u00a0<b>finition antid\u00e9rapante<\/b>\u00a0disponible.\u00a0<\/p><p data-sourcepos=\"5:1-5:46\">Aussi, des\u00a0<b>dalles 60&#215;120 cm antid\u00e9rapantes en 2cm\u00a0<\/b>d&rsquo;\u00e9paisseur, sont propos\u00e9es pour vos\u00a0<b>terrasses ou tours de piscine<\/b>\u00a0pour une pose sur plots, sur gravier, gazon ou en pose coll\u00e9e.\u00a0<\/p>\t\t\t\t\t\t\t\t<\/div>\n\t\t\t\t<\/div>\n\t\t\t\t<div class=\"elementor-element elementor-element-226a048 elementor-mobile-align-center elementor-widget elementor-widget-button\" data-id=\"226a048\" data-element_type=\"widget\" data-e-type=\"widget\" data-widget_type=\"button.default\">\n\t\t\t\t<div class=\"elementor-widget-container\">\n\t\t\t\t\t\t\t\t\t<div class=\"elementor-button-wrapper\">\n\t\t\t\t\t<a class=\"elementor-button elementor-button-link elementor-size-sm\" href=\"https:\/\/www.portovenere.fr\/fr-fr\/carrelage-sol-et-mur-en-gres-cerame-et-faience\/carrelage-aspect-pierre\/carrelage-pierre-interieur-et-exterieur-nyonca\/\">\n\t\t\t\t\t\t<span class=\"elementor-button-content-wrapper\">\n\t\t\t\t\t\t\t\t\t<span class=\"elementor-button-text\">Voir la collection<\/span>\n\t\t\t\t\t<\/span>\n\t\t\t\t\t<\/a>\n\t\t\t\t<\/div>\n\t\t\t\t\t\t\t\t<\/div>\n\t\t\t\t<\/div>\n\t\t\t\t<div class=\"elementor-element elementor-element-a0d473a elementor-widget elementor-widget-spacer\" data-id=\"a0d473a\" data-element_type=\"widget\" data-e-type=\"widget\" data-widget_type=\"spacer.default\">\n\t\t\t\t<div class=\"elementor-widget-container\">\n\t\t\t\t\t\t\t<div class=\"elementor-spacer\">\n\t\t\t<div class=\"elementor-spacer-inner\"><\/div>\n\t\t<\/div>\n\t\t\t\t\t\t<\/div>\n\t\t\t\t<\/div>\n\t\t\t\t\t<\/div>\n\t\t<\/div>\n\t\t\t\t\t<\/div>\n\t\t<\/section>\n\t\t\t\t<section class=\"elementor-section elementor-top-section elementor-element elementor-element-c8bbdf6 elementor-section-full_width elementor-section-height-default elementor-section-height-default elementor-invisible\" data-id=\"c8bbdf6\" data-element_type=\"section\" data-e-type=\"section\" data-settings=\"{&quot;animation&quot;:&quot;fadeIn&quot;}\">\n\t\t\t\t\t\t<div class=\"elementor-container elementor-column-gap-default\">\n\t\t\t\t\t<div class=\"elementor-column elementor-col-33 elementor-top-column elementor-element elementor-element-b5dbf27\" data-id=\"b5dbf27\" data-element_type=\"column\" data-e-type=\"column\" data-settings=\"{&quot;background_background&quot;:&quot;classic&quot;}\">\n\t\t\t<div class=\"elementor-widget-wrap elementor-element-populated\">\n\t\t\t\t\t\t<div class=\"elementor-element elementor-element-fadc0e1 elementor-widget elementor-widget-heading\" data-id=\"fadc0e1\" data-element_type=\"widget\" data-e-type=\"widget\" data-widget_type=\"heading.default\">\n\t\t\t\t<div class=\"elementor-widget-container\">\n\t\t\t\t\t<h3 class=\"elementor-heading-title elementor-size-default\"><a href=\"https:\/\/www.portovenere.fr\/fr-fr\/carrelage-sol-et-mur-en-gres-cerame-et-faience\/carrelage-aspect-pierre\/carrelage-imitation-pierre-quartz-interieur-exterieur-brumata-infinity\/\">BRUMATA INFINITY<\/a><\/h3>\t\t\t\t<\/div>\n\t\t\t\t<\/div>\n\t\t\t\t<div class=\"elementor-element elementor-element-b522d51 elementor-widget elementor-widget-image\" data-id=\"b522d51\" data-element_type=\"widget\" data-e-type=\"widget\" data-widget_type=\"image.default\">\n\t\t\t\t<div class=\"elementor-widget-container\">\n\t\t\t\t\t\t\t\t\t\t\t\t\t\t\t\t<a href=\"https:\/\/www.portovenere.fr\/fr-fr\/carrelage-sol-et-mur-en-gres-cerame-et-faience\/carrelage-aspect-pierre\/carrelage-imitation-pierre-quartz-interieur-exterieur-brumata-infinity\/\">\n\t\t\t\t\t\t\t<img decoding=\"async\" src=\"https:\/\/www.portovenere.fr\/fr-fr\/wp-content\/uploads\/elementor\/thumbs\/Carrelage-teinte-naturelle-imitation-pierre-de-qualite-pour-sol-et-mur-interieur-exterieur-BRUMATA-Infinity-beige-a-montpellier-34-r8if13ssve9s149y5h8bebm2u5cdam75sx4mr1fcd8.jpg\" title=\"Carrelage-teinte-naturelle-imitation-pierre-de-qualit\u00e9-pour-sol-et-mur-int\u00e9rieur-ext\u00e9rieur-BRUMATA-Infinity-beige-\u00e0-montpellier-34\" alt=\"Carrelage-teinte-naturelle-imitation-pierre-de-qualit\u00e9-pour-sol-et-mur-int\u00e9rieur-ext\u00e9rieur-BRUMATA-Infinity-beige-\u00e0-montpellier-34\" loading=\"lazy\" \/>\t\t\t\t\t\t\t\t<\/a>\n\t\t\t\t\t\t\t\t\t\t\t\t\t\t\t<\/div>\n\t\t\t\t<\/div>\n\t\t\t\t<div class=\"elementor-element elementor-element-4ef965e elementor-widget elementor-widget-text-editor\" data-id=\"4ef965e\" data-element_type=\"widget\" data-e-type=\"widget\" data-widget_type=\"text-editor.default\">\n\t\t\t\t<div class=\"elementor-widget-container\">\n\t\t\t\t\t\t\t\t\t<p><strong>4 coloris et 3 d\u00e9cors<\/strong><\/p>\t\t\t\t\t\t\t\t<\/div>\n\t\t\t\t<\/div>\n\t\t\t\t<div class=\"elementor-element elementor-element-42b99f7 elementor-widget elementor-widget-gallery\" data-id=\"42b99f7\" data-element_type=\"widget\" data-e-type=\"widget\" data-settings=\"{&quot;columns&quot;:6,&quot;columns_tablet&quot;:4,&quot;columns_mobile&quot;:4,&quot;aspect_ratio&quot;:&quot;1:1&quot;,&quot;lazyload&quot;:&quot;yes&quot;,&quot;gallery_layout&quot;:&quot;grid&quot;,&quot;gap&quot;:{&quot;unit&quot;:&quot;px&quot;,&quot;size&quot;:10,&quot;sizes&quot;:[]},&quot;gap_tablet&quot;:{&quot;unit&quot;:&quot;px&quot;,&quot;size&quot;:10,&quot;sizes&quot;:[]},&quot;gap_mobile&quot;:{&quot;unit&quot;:&quot;px&quot;,&quot;size&quot;:10,&quot;sizes&quot;:[]},&quot;link_to&quot;:&quot;file&quot;,&quot;overlay_background&quot;:&quot;yes&quot;,&quot;content_hover_animation&quot;:&quot;fade-in&quot;}\" data-widget_type=\"gallery.default\">\n\t\t\t\t<div class=\"elementor-widget-container\">\n\t\t\t\t\t\t\t<div class=\"elementor-gallery__container\">\n\t\t\t\t\t\t\t<a class=\"e-gallery-item elementor-gallery-item elementor-animated-content\" href=\"https:\/\/www.portovenere.fr\/fr-fr\/wp-content\/uploads\/2024\/03\/Carrelage-imitation-pierre-quartz-de-qualite-pour-exterieur-et-interieur-BRUMATA-Noir-Pur-proche-Juvignac-34-rotated.jpg\" data-elementor-open-lightbox=\"yes\" data-elementor-lightbox-slideshow=\"42b99f7\" data-elementor-lightbox-title=\"Carrelage-imitation-pierre-quartz-de-qualit\u00e9-pour-ext\u00e9rieur-et-int\u00e9rieur-BRUMATA-Noir-Pur-proche-Juvignac-34\" data-e-action-hash=\"#elementor-action%3Aaction%3Dlightbox%26settings%3DeyJpZCI6NDg5OTksInVybCI6Imh0dHBzOlwvXC93d3cucG9ydG92ZW5lcmUuZnJcL2ZyLWZyXC93cC1jb250ZW50XC91cGxvYWRzXC8yMDI0XC8wM1wvQ2FycmVsYWdlLWltaXRhdGlvbi1waWVycmUtcXVhcnR6LWRlLXF1YWxpdGUtcG91ci1leHRlcmlldXItZXQtaW50ZXJpZXVyLUJSVU1BVEEtTm9pci1QdXItcHJvY2hlLUp1dmlnbmFjLTM0LXJvdGF0ZWQuanBnIiwic2xpZGVzaG93IjoiNDJiOTlmNyJ9\">\n\t\t\t\t\t<div class=\"e-gallery-image elementor-gallery-item__image\" data-thumbnail=\"https:\/\/www.portovenere.fr\/fr-fr\/wp-content\/uploads\/2024\/03\/Carrelage-imitation-pierre-quartz-de-qualite-pour-exterieur-et-interieur-BRUMATA-Noir-Pur-proche-Juvignac-34-150x150.jpg\" data-width=\"150\" data-height=\"150\" aria-label=\"\" role=\"img\" ><\/div>\n\t\t\t\t\t\t\t\t\t\t\t<div class=\"elementor-gallery-item__overlay\"><\/div>\n\t\t\t\t\t\t\t\t\t\t\t\t\t\t<\/a>\n\t\t\t\t\t\t\t<a class=\"e-gallery-item elementor-gallery-item elementor-animated-content\" href=\"https:\/\/www.portovenere.fr\/fr-fr\/wp-content\/uploads\/2024\/03\/Carrelage-imitation-pierre-quartz-de-qualite-pour-exterieur-et-interieur-BRUMATA-gris-Cob-proche-castries-34-rotated.jpg\" data-elementor-open-lightbox=\"yes\" data-elementor-lightbox-slideshow=\"42b99f7\" data-elementor-lightbox-title=\"Carrelage-imitation-pierre-quartz-de-qualit\u00e9-pour-ext\u00e9rieur-et-int\u00e9rieur-BRUMATA-gris-Cob-proche-castries-34\" data-e-action-hash=\"#elementor-action%3Aaction%3Dlightbox%26settings%3DeyJpZCI6NDg5OTYsInVybCI6Imh0dHBzOlwvXC93d3cucG9ydG92ZW5lcmUuZnJcL2ZyLWZyXC93cC1jb250ZW50XC91cGxvYWRzXC8yMDI0XC8wM1wvQ2FycmVsYWdlLWltaXRhdGlvbi1waWVycmUtcXVhcnR6LWRlLXF1YWxpdGUtcG91ci1leHRlcmlldXItZXQtaW50ZXJpZXVyLUJSVU1BVEEtZ3Jpcy1Db2ItcHJvY2hlLWNhc3RyaWVzLTM0LXJvdGF0ZWQuanBnIiwic2xpZGVzaG93IjoiNDJiOTlmNyJ9\">\n\t\t\t\t\t<div class=\"e-gallery-image elementor-gallery-item__image\" data-thumbnail=\"https:\/\/www.portovenere.fr\/fr-fr\/wp-content\/uploads\/2024\/03\/Carrelage-imitation-pierre-quartz-de-qualite-pour-exterieur-et-interieur-BRUMATA-gris-Cob-proche-castries-34-150x150.jpg\" data-width=\"150\" data-height=\"150\" aria-label=\"\" role=\"img\" ><\/div>\n\t\t\t\t\t\t\t\t\t\t\t<div class=\"elementor-gallery-item__overlay\"><\/div>\n\t\t\t\t\t\t\t\t\t\t\t\t\t\t<\/a>\n\t\t\t\t\t\t\t<a class=\"e-gallery-item elementor-gallery-item elementor-animated-content\" href=\"https:\/\/www.portovenere.fr\/fr-fr\/wp-content\/uploads\/2024\/03\/Carrelage-imitation-pierre-de-qualite-pour-exterieur-et-interieur-BRUMATA-Blanc-Cob-proche-Montferrier-le-lez-34.jpg\" data-elementor-open-lightbox=\"yes\" data-elementor-lightbox-slideshow=\"42b99f7\" data-elementor-lightbox-title=\"Carrelage-imitation-pierre-de-qualit\u00e9-pour-ext\u00e9rieur-et-int\u00e9rieur-BRUMATA-Blanc-Cob-proche-Montferrier-le-lez-34\" data-e-action-hash=\"#elementor-action%3Aaction%3Dlightbox%26settings%3DeyJpZCI6NDg5OTQsInVybCI6Imh0dHBzOlwvXC93d3cucG9ydG92ZW5lcmUuZnJcL2ZyLWZyXC93cC1jb250ZW50XC91cGxvYWRzXC8yMDI0XC8wM1wvQ2FycmVsYWdlLWltaXRhdGlvbi1waWVycmUtZGUtcXVhbGl0ZS1wb3VyLWV4dGVyaWV1ci1ldC1pbnRlcmlldXItQlJVTUFUQS1CbGFuYy1Db2ItcHJvY2hlLU1vbnRmZXJyaWVyLWxlLWxlei0zNC5qcGciLCJzbGlkZXNob3ciOiI0MmI5OWY3In0%3D\">\n\t\t\t\t\t<div class=\"e-gallery-image elementor-gallery-item__image\" data-thumbnail=\"https:\/\/www.portovenere.fr\/fr-fr\/wp-content\/uploads\/2024\/03\/Carrelage-imitation-pierre-de-qualite-pour-exterieur-et-interieur-BRUMATA-Blanc-Cob-proche-Montferrier-le-lez-34-150x150.jpg\" data-width=\"150\" data-height=\"150\" aria-label=\"\" role=\"img\" ><\/div>\n\t\t\t\t\t\t\t\t\t\t\t<div class=\"elementor-gallery-item__overlay\"><\/div>\n\t\t\t\t\t\t\t\t\t\t\t\t\t\t<\/a>\n\t\t\t\t\t\t\t<a class=\"e-gallery-item elementor-gallery-item elementor-animated-content\" href=\"https:\/\/www.portovenere.fr\/fr-fr\/wp-content\/uploads\/2024\/03\/Carrelage-imitation-pierre-de-qualite-pour-exterieur-et-interieur-BRUMATA-beige-Cob-proche-castelnau-le-lez-34.jpg\" data-elementor-open-lightbox=\"yes\" data-elementor-lightbox-slideshow=\"42b99f7\" data-elementor-lightbox-title=\"Carrelage-imitation-pierre-de-qualit\u00e9-pour-ext\u00e9rieur-et-int\u00e9rieur-BRUMATA-beige-Cob-proche-castelnau-le-lez-34\" data-e-action-hash=\"#elementor-action%3Aaction%3Dlightbox%26settings%3DeyJpZCI6NDg5OTIsInVybCI6Imh0dHBzOlwvXC93d3cucG9ydG92ZW5lcmUuZnJcL2ZyLWZyXC93cC1jb250ZW50XC91cGxvYWRzXC8yMDI0XC8wM1wvQ2FycmVsYWdlLWltaXRhdGlvbi1waWVycmUtZGUtcXVhbGl0ZS1wb3VyLWV4dGVyaWV1ci1ldC1pbnRlcmlldXItQlJVTUFUQS1iZWlnZS1Db2ItcHJvY2hlLWNhc3RlbG5hdS1sZS1sZXotMzQuanBnIiwic2xpZGVzaG93IjoiNDJiOTlmNyJ9\">\n\t\t\t\t\t<div class=\"e-gallery-image elementor-gallery-item__image\" data-thumbnail=\"https:\/\/www.portovenere.fr\/fr-fr\/wp-content\/uploads\/2024\/03\/Carrelage-imitation-pierre-de-qualite-pour-exterieur-et-interieur-BRUMATA-beige-Cob-proche-castelnau-le-lez-34-150x150.jpg\" data-width=\"150\" data-height=\"150\" aria-label=\"\" role=\"img\" ><\/div>\n\t\t\t\t\t\t\t\t\t\t\t<div class=\"elementor-gallery-item__overlay\"><\/div>\n\t\t\t\t\t\t\t\t\t\t\t\t\t\t<\/a>\n\t\t\t\t\t<\/div>\n\t\t\t\t\t<\/div>\n\t\t\t\t<\/div>\n\t\t\t\t<div class=\"elementor-element elementor-element-615d2d2 elementor-widget elementor-widget-text-editor\" data-id=\"615d2d2\" data-element_type=\"widget\" data-e-type=\"widget\" data-widget_type=\"text-editor.default\">\n\t\t\t\t<div class=\"elementor-widget-container\">\n\t\t\t\t\t\t\t\t\t<p>Le\u00a0<b>carrelage imitation pierre quartz BRUMATA INFINITY<\/b>\u00a0est con\u00e7u pour une<b>\u00a0pose au sol\u00a0<\/b>et\u00a0<b>pose murale.\u00a0<\/b><\/p><p>Ce gr\u00e8s c\u00e9rame de qualit\u00e9<b>\u00a0pour int\u00e9rieur et ext\u00e9rieur<\/b>, propose 4<b>\u00a0coloris\u00a0 effet pierre naturelle : beige, blanc, gris et noir. 3 Finitions.<\/b><\/p><p>Les nombreux formats, mosa\u00efques et d\u00e9cors offrent un rendu extraordinaire dans vos projets d\u2019am\u00e9nagement :\u00a0<\/p><p>30\u00d760 cm, 60\u00d760 cm, 60\u00d7120 cm, 80\u00d780 cm, 120\u00d7120 cm et le maxi format 120\u00d7278 cm en fine \u00e9paisseur 6,5 mm renforc\u00e9.\u00a0<\/p><p>1 format est propos\u00e9 en finition antid\u00e9rapante pour l\u2019ext\u00e9rieur en 9mm 60\u00d7120 cm dans les 4 coloris ainsi qu&rsquo;un format 60x120cm en 20 mm\u00a0<a style=\"background-color: #f2f2f2;\" href=\"https:\/\/www.portovenere.fr\/fr-fr\/carrelage-sol-et-mur-en-gres-cerame-et-faience\/dalles-exterieures-20mm-gres-cerame-pour-pose-sur-plots-sable-gravier\/dalle-20mm-imitation-pierre-antiderapante-pour-exterieur-serie-rr\/\" target=\"_blank\" rel=\"noopener\">dalles antid\u00e9rapantes<\/a>.<\/p>\t\t\t\t\t\t\t\t<\/div>\n\t\t\t\t<\/div>\n\t\t\t\t<div class=\"elementor-element elementor-element-8274e8b elementor-mobile-align-center elementor-widget elementor-widget-button\" data-id=\"8274e8b\" data-element_type=\"widget\" data-e-type=\"widget\" data-widget_type=\"button.default\">\n\t\t\t\t<div class=\"elementor-widget-container\">\n\t\t\t\t\t\t\t\t\t<div class=\"elementor-button-wrapper\">\n\t\t\t\t\t<a class=\"elementor-button elementor-button-link elementor-size-sm\" href=\"https:\/\/www.portovenere.fr\/fr-fr\/carrelage-sol-et-mur-en-gres-cerame-et-faience\/carrelage-aspect-pierre\/carrelage-imitation-pierre-quartz-interieur-exterieur-brumata-infinity\/\">\n\t\t\t\t\t\t<span class=\"elementor-button-content-wrapper\">\n\t\t\t\t\t\t\t\t\t<span class=\"elementor-button-text\">VOIR LA COLLECTION<\/span>\n\t\t\t\t\t<\/span>\n\t\t\t\t\t<\/a>\n\t\t\t\t<\/div>\n\t\t\t\t\t\t\t\t<\/div>\n\t\t\t\t<\/div>\n\t\t\t\t<div class=\"elementor-element elementor-element-b457eee elementor-widget elementor-widget-spacer\" data-id=\"b457eee\" data-element_type=\"widget\" data-e-type=\"widget\" data-widget_type=\"spacer.default\">\n\t\t\t\t<div class=\"elementor-widget-container\">\n\t\t\t\t\t\t\t<div class=\"elementor-spacer\">\n\t\t\t<div class=\"elementor-spacer-inner\"><\/div>\n\t\t<\/div>\n\t\t\t\t\t\t<\/div>\n\t\t\t\t<\/div>\n\t\t\t\t\t<\/div>\n\t\t<\/div>\n\t\t\t\t<div class=\"elementor-column elementor-col-33 elementor-top-column elementor-element elementor-element-538c443 elementor-invisible\" data-id=\"538c443\" data-element_type=\"column\" data-e-type=\"column\" data-settings=\"{&quot;animation&quot;:&quot;fadeIn&quot;,&quot;background_background&quot;:&quot;classic&quot;}\">\n\t\t\t<div class=\"elementor-widget-wrap elementor-element-populated\">\n\t\t\t\t\t\t<div class=\"elementor-element elementor-element-cb792ae elementor-widget elementor-widget-heading\" data-id=\"cb792ae\" data-element_type=\"widget\" data-e-type=\"widget\" data-widget_type=\"heading.default\">\n\t\t\t\t<div class=\"elementor-widget-container\">\n\t\t\t\t\t<h3 class=\"elementor-heading-title elementor-size-default\"><a href=\"https:\/\/www.portovenere.fr\/fr-fr\/carrelage-sol-et-mur-en-gres-cerame-et-faience\/carrelage-aspect-pierre\/carrelage-effet-pierre-contemporaine-wellington\/\">WELLINGTON<\/a><\/h3>\t\t\t\t<\/div>\n\t\t\t\t<\/div>\n\t\t\t\t<div class=\"elementor-element elementor-element-96fc9ac elementor-widget elementor-widget-image\" data-id=\"96fc9ac\" data-element_type=\"widget\" data-e-type=\"widget\" data-widget_type=\"image.default\">\n\t\t\t\t<div class=\"elementor-widget-container\">\n\t\t\t\t\t\t\t\t\t\t\t\t\t\t\t\t<a href=\"https:\/\/www.portovenere.fr\/fr-fr\/carrelage-sol-et-mur-en-gres-cerame-et-faience\/carrelage-aspect-pierre\/carrelage-effet-pierre-contemporaine-wellington\/\">\n\t\t\t\t\t\t\t<img decoding=\"async\" src=\"https:\/\/www.portovenere.fr\/fr-fr\/wp-content\/uploads\/elementor\/thumbs\/Carrelage-grand-format-effet-pierre-contemporaine-design-Wellington-Dunes-magasin-carrelage-haut-de-gamme-et-qualite-proche-de-Palavas-34-r8ifulyfe6nsghf3v8cqnvky3jx4wlbuiybb1poh24.jpg\" title=\"Carrelage-grand-format-effet-pierre-contemporaine-design-Wellington-Dunes-magasin-carrelage-haut-de-gamme-et-qualit\u00e9-proche-de-Palavas-34\" alt=\"Wellington Dunes\" loading=\"lazy\" \/>\t\t\t\t\t\t\t\t<\/a>\n\t\t\t\t\t\t\t\t\t\t\t\t\t\t\t<\/div>\n\t\t\t\t<\/div>\n\t\t\t\t<div class=\"elementor-element elementor-element-1d04fc6 elementor-widget elementor-widget-text-editor\" data-id=\"1d04fc6\" data-element_type=\"widget\" data-e-type=\"widget\" data-widget_type=\"text-editor.default\">\n\t\t\t\t<div class=\"elementor-widget-container\">\n\t\t\t\t\t\t\t\t\t<p><strong>5 coloris et d\u00e9cors<\/strong><\/p>\t\t\t\t\t\t\t\t<\/div>\n\t\t\t\t<\/div>\n\t\t\t\t<div class=\"elementor-element elementor-element-4236fb7 elementor-widget elementor-widget-gallery\" data-id=\"4236fb7\" data-element_type=\"widget\" data-e-type=\"widget\" data-settings=\"{&quot;columns&quot;:6,&quot;columns_tablet&quot;:4,&quot;columns_mobile&quot;:4,&quot;aspect_ratio&quot;:&quot;1:1&quot;,&quot;lazyload&quot;:&quot;yes&quot;,&quot;gallery_layout&quot;:&quot;grid&quot;,&quot;gap&quot;:{&quot;unit&quot;:&quot;px&quot;,&quot;size&quot;:10,&quot;sizes&quot;:[]},&quot;gap_tablet&quot;:{&quot;unit&quot;:&quot;px&quot;,&quot;size&quot;:10,&quot;sizes&quot;:[]},&quot;gap_mobile&quot;:{&quot;unit&quot;:&quot;px&quot;,&quot;size&quot;:10,&quot;sizes&quot;:[]},&quot;link_to&quot;:&quot;file&quot;,&quot;overlay_background&quot;:&quot;yes&quot;,&quot;content_hover_animation&quot;:&quot;fade-in&quot;}\" data-widget_type=\"gallery.default\">\n\t\t\t\t<div class=\"elementor-widget-container\">\n\t\t\t\t\t\t\t<div class=\"elementor-gallery__container\">\n\t\t\t\t\t\t\t<a class=\"e-gallery-item elementor-gallery-item elementor-animated-content\" href=\"https:\/\/www.portovenere.fr\/fr-fr\/wp-content\/uploads\/2024\/12\/Carrelage-clair-effet-pierre-foncee-contemporaine-design-naturel-Wellington-Brave-60x120-cm-magasin-carrelage-haut-de-gamme-et-qualite-pres-de-Mauguio-34.jpg\" data-elementor-open-lightbox=\"yes\" data-elementor-lightbox-slideshow=\"4236fb7\" data-elementor-lightbox-title=\"Carrelage-clair-effet-pierre-fonc\u00e9e-contemporaine-design-naturel-Wellington-Brave-60x120-cm-magasin-carrelage-haut-de-gamme-et-qualit\u00e9-pr\u00e8s-de-Mauguio-34\" data-e-action-hash=\"#elementor-action%3Aaction%3Dlightbox%26settings%3DeyJpZCI6NTY0MzksInVybCI6Imh0dHBzOlwvXC93d3cucG9ydG92ZW5lcmUuZnJcL2ZyLWZyXC93cC1jb250ZW50XC91cGxvYWRzXC8yMDI0XC8xMlwvQ2FycmVsYWdlLWNsYWlyLWVmZmV0LXBpZXJyZS1mb25jZWUtY29udGVtcG9yYWluZS1kZXNpZ24tbmF0dXJlbC1XZWxsaW5ndG9uLUJyYXZlLTYweDEyMC1jbS1tYWdhc2luLWNhcnJlbGFnZS1oYXV0LWRlLWdhbW1lLWV0LXF1YWxpdGUtcHJlcy1kZS1NYXVndWlvLTM0LmpwZyIsInNsaWRlc2hvdyI6IjQyMzZmYjcifQ%3D%3D\">\n\t\t\t\t\t<div class=\"e-gallery-image elementor-gallery-item__image\" data-thumbnail=\"https:\/\/www.portovenere.fr\/fr-fr\/wp-content\/uploads\/2024\/12\/Carrelage-clair-effet-pierre-foncee-contemporaine-design-naturel-Wellington-Brave-60x120-cm-magasin-carrelage-haut-de-gamme-et-qualite-pres-de-Mauguio-34-150x150.jpg\" data-width=\"150\" data-height=\"150\" aria-label=\"\" role=\"img\" ><\/div>\n\t\t\t\t\t\t\t\t\t\t\t<div class=\"elementor-gallery-item__overlay\"><\/div>\n\t\t\t\t\t\t\t\t\t\t\t\t\t\t<\/a>\n\t\t\t\t\t\t\t<a class=\"e-gallery-item elementor-gallery-item elementor-animated-content\" href=\"https:\/\/www.portovenere.fr\/fr-fr\/wp-content\/uploads\/2024\/12\/Carrelage-clair-effet-pierre-contemporaine-design-Wellington-Sleet-sable-60x120-cm-magasin-carrelage-haut-de-gamme-et-qualite-proche-de-Sete-34.jpg\" data-elementor-open-lightbox=\"yes\" data-elementor-lightbox-slideshow=\"4236fb7\" data-elementor-lightbox-title=\"Carrelage-clair-effet-pierre-contemporaine-design-Wellington-Sleet-sable-60x120-cm-magasin-carrelage-haut-de-gamme-et-qualit\u00e9-proche-de-S\u00e8te-34\" data-e-action-hash=\"#elementor-action%3Aaction%3Dlightbox%26settings%3DeyJpZCI6NTY0MzgsInVybCI6Imh0dHBzOlwvXC93d3cucG9ydG92ZW5lcmUuZnJcL2ZyLWZyXC93cC1jb250ZW50XC91cGxvYWRzXC8yMDI0XC8xMlwvQ2FycmVsYWdlLWNsYWlyLWVmZmV0LXBpZXJyZS1jb250ZW1wb3JhaW5lLWRlc2lnbi1XZWxsaW5ndG9uLVNsZWV0LXNhYmxlLTYweDEyMC1jbS1tYWdhc2luLWNhcnJlbGFnZS1oYXV0LWRlLWdhbW1lLWV0LXF1YWxpdGUtcHJvY2hlLWRlLVNldGUtMzQuanBnIiwic2xpZGVzaG93IjoiNDIzNmZiNyJ9\">\n\t\t\t\t\t<div class=\"e-gallery-image elementor-gallery-item__image\" data-thumbnail=\"https:\/\/www.portovenere.fr\/fr-fr\/wp-content\/uploads\/2024\/12\/Carrelage-clair-effet-pierre-contemporaine-design-Wellington-Sleet-sable-60x120-cm-magasin-carrelage-haut-de-gamme-et-qualite-proche-de-Sete-34-150x150.jpg\" data-width=\"150\" data-height=\"150\" aria-label=\"\" role=\"img\" ><\/div>\n\t\t\t\t\t\t\t\t\t\t\t<div class=\"elementor-gallery-item__overlay\"><\/div>\n\t\t\t\t\t\t\t\t\t\t\t\t\t\t<\/a>\n\t\t\t\t\t\t\t<a class=\"e-gallery-item elementor-gallery-item elementor-animated-content\" href=\"https:\/\/www.portovenere.fr\/fr-fr\/wp-content\/uploads\/2024\/12\/Carrelage-clair-effet-pierre-contemporaine-design-Wellington-Shade-60x120-cm-magasin-carrelage-haut-de-gamme-et-qualite-pres-de-Palavas-34.jpg\" data-elementor-open-lightbox=\"yes\" data-elementor-lightbox-slideshow=\"4236fb7\" data-elementor-lightbox-title=\"Carrelage-clair-effet-pierre-contemporaine-design-Wellington-Shade-60x120-cm-magasin-carrelage-haut-de-gamme-et-qualit\u00e9-pr\u00e8s-de-Palavas-34\" data-e-action-hash=\"#elementor-action%3Aaction%3Dlightbox%26settings%3DeyJpZCI6NTY0MzcsInVybCI6Imh0dHBzOlwvXC93d3cucG9ydG92ZW5lcmUuZnJcL2ZyLWZyXC93cC1jb250ZW50XC91cGxvYWRzXC8yMDI0XC8xMlwvQ2FycmVsYWdlLWNsYWlyLWVmZmV0LXBpZXJyZS1jb250ZW1wb3JhaW5lLWRlc2lnbi1XZWxsaW5ndG9uLVNoYWRlLTYweDEyMC1jbS1tYWdhc2luLWNhcnJlbGFnZS1oYXV0LWRlLWdhbW1lLWV0LXF1YWxpdGUtcHJlcy1kZS1QYWxhdmFzLTM0LmpwZyIsInNsaWRlc2hvdyI6IjQyMzZmYjcifQ%3D%3D\">\n\t\t\t\t\t<div class=\"e-gallery-image elementor-gallery-item__image\" data-thumbnail=\"https:\/\/www.portovenere.fr\/fr-fr\/wp-content\/uploads\/2024\/12\/Carrelage-clair-effet-pierre-contemporaine-design-Wellington-Shade-60x120-cm-magasin-carrelage-haut-de-gamme-et-qualite-pres-de-Palavas-34-150x150.jpg\" data-width=\"150\" data-height=\"150\" aria-label=\"\" role=\"img\" ><\/div>\n\t\t\t\t\t\t\t\t\t\t\t<div class=\"elementor-gallery-item__overlay\"><\/div>\n\t\t\t\t\t\t\t\t\t\t\t\t\t\t<\/a>\n\t\t\t\t\t\t\t<a class=\"e-gallery-item elementor-gallery-item elementor-animated-content\" href=\"https:\/\/www.portovenere.fr\/fr-fr\/wp-content\/uploads\/2024\/12\/Carrelage-clair-effet-pierre-contemporaine-design-Wellington-Bright-60x120-cm-magasin-carrelage-haut-de-gamme-et-qualite-a-Montpellier-34.jpg\" data-elementor-open-lightbox=\"yes\" data-elementor-lightbox-slideshow=\"4236fb7\" data-elementor-lightbox-title=\"Carrelage-clair-effet-pierre-contemporaine-design-Wellington-Bright-60x120-cm-magasin-carrelage-haut-de-gamme-et-qualit\u00e9-\u00e0-Montpellier-34\" data-e-action-hash=\"#elementor-action%3Aaction%3Dlightbox%26settings%3DeyJpZCI6NTY0MzYsInVybCI6Imh0dHBzOlwvXC93d3cucG9ydG92ZW5lcmUuZnJcL2ZyLWZyXC93cC1jb250ZW50XC91cGxvYWRzXC8yMDI0XC8xMlwvQ2FycmVsYWdlLWNsYWlyLWVmZmV0LXBpZXJyZS1jb250ZW1wb3JhaW5lLWRlc2lnbi1XZWxsaW5ndG9uLUJyaWdodC02MHgxMjAtY20tbWFnYXNpbi1jYXJyZWxhZ2UtaGF1dC1kZS1nYW1tZS1ldC1xdWFsaXRlLWEtTW9udHBlbGxpZXItMzQuanBnIiwic2xpZGVzaG93IjoiNDIzNmZiNyJ9\">\n\t\t\t\t\t<div class=\"e-gallery-image elementor-gallery-item__image\" data-thumbnail=\"https:\/\/www.portovenere.fr\/fr-fr\/wp-content\/uploads\/2024\/12\/Carrelage-clair-effet-pierre-contemporaine-design-Wellington-Bright-60x120-cm-magasin-carrelage-haut-de-gamme-et-qualite-a-Montpellier-34-150x150.jpg\" data-width=\"150\" data-height=\"150\" aria-label=\"\" role=\"img\" ><\/div>\n\t\t\t\t\t\t\t\t\t\t\t<div class=\"elementor-gallery-item__overlay\"><\/div>\n\t\t\t\t\t\t\t\t\t\t\t\t\t\t<\/a>\n\t\t\t\t\t\t\t<a class=\"e-gallery-item elementor-gallery-item elementor-animated-content\" href=\"https:\/\/www.portovenere.fr\/fr-fr\/wp-content\/uploads\/2024\/12\/Carrelage-clair-effet-pierre-contemporaine-design-naturel-Wellington-Dunes-60x120-cm-magasin-carrelage-haut-de-gamme-et-qualite-pres-de-Castries-34.jpg\" data-elementor-open-lightbox=\"yes\" data-elementor-lightbox-slideshow=\"4236fb7\" data-elementor-lightbox-title=\"Carrelage-clair-effet-pierre-contemporaine-design-naturel-Wellington-Dunes-60x120-cm-magasin-carrelage-haut-de-gamme-et-qualit\u00e9-pr\u00e8s-de-Castries-34\" data-e-action-hash=\"#elementor-action%3Aaction%3Dlightbox%26settings%3DeyJpZCI6NTY0MzUsInVybCI6Imh0dHBzOlwvXC93d3cucG9ydG92ZW5lcmUuZnJcL2ZyLWZyXC93cC1jb250ZW50XC91cGxvYWRzXC8yMDI0XC8xMlwvQ2FycmVsYWdlLWNsYWlyLWVmZmV0LXBpZXJyZS1jb250ZW1wb3JhaW5lLWRlc2lnbi1uYXR1cmVsLVdlbGxpbmd0b24tRHVuZXMtNjB4MTIwLWNtLW1hZ2FzaW4tY2FycmVsYWdlLWhhdXQtZGUtZ2FtbWUtZXQtcXVhbGl0ZS1wcmVzLWRlLUNhc3RyaWVzLTM0LmpwZyIsInNsaWRlc2hvdyI6IjQyMzZmYjcifQ%3D%3D\">\n\t\t\t\t\t<div class=\"e-gallery-image elementor-gallery-item__image\" data-thumbnail=\"https:\/\/www.portovenere.fr\/fr-fr\/wp-content\/uploads\/2024\/12\/Carrelage-clair-effet-pierre-contemporaine-design-naturel-Wellington-Dunes-60x120-cm-magasin-carrelage-haut-de-gamme-et-qualite-pres-de-Castries-34-150x150.jpg\" data-width=\"150\" data-height=\"150\" aria-label=\"\" role=\"img\" ><\/div>\n\t\t\t\t\t\t\t\t\t\t\t<div class=\"elementor-gallery-item__overlay\"><\/div>\n\t\t\t\t\t\t\t\t\t\t\t\t\t\t<\/a>\n\t\t\t\t\t<\/div>\n\t\t\t\t\t<\/div>\n\t\t\t\t<\/div>\n\t\t\t\t<div class=\"elementor-element elementor-element-56e5cca elementor-widget elementor-widget-text-editor\" data-id=\"56e5cca\" data-element_type=\"widget\" data-e-type=\"widget\" data-widget_type=\"text-editor.default\">\n\t\t\t\t<div class=\"elementor-widget-container\">\n\t\t\t\t\t\t\t\t\t<p>La collection de carrelage effe<b>t pierre contemporaine Wellington<\/b> est un rev\u00eatement <b>pour sol et mur en gr\u00e8s c\u00e9rame color\u00e9 dans la <\/b>masse de belle qualit\u00e9.\u00a0<\/p><p>Ce carrelage est d\u00e9clin\u00e9 dans<b> 5\u00a0teintes<\/b>\u00a0naturelles des tons clairs aux plus fonc\u00e9s : Bright (clair), Sleet (cr\u00e8me\/sable), Dunes (beige\/sable), Shade (gris), Brave (gris anthracite).\u00a0<\/p><p>Propos\u00e9e dans 7<b>\u00a0formats<\/b>\u00a0et <b>3\u00a0<\/b><span style=\"font-weight: bold;\">\u00e9paisseurs (6 mm, 9 mm et 20 mm) :\u00a0<\/span><b>120 x 120 cm,<\/b>\u00a0<b>6<\/b><span style=\"font-weight: bold;\">0 x 120 cm, 60 x 60 cm, 30 x 60 cm, 80 x 160 cm, 9,9 x 30,2 cm\u00a0<\/span><b>et dans un maxi format\u00a0 120 x 280 cm en fine \u00e9paisseur de 6 mm, <\/b>cette collection de gr\u00e8s c\u00e9rame sublimera vos sols et vos murs en int\u00e9rieur et\/ou ext\u00e9rieur.<\/p><p>Une<b> finition naturelle<\/b>, une finition<b> sabl\u00e9e antid\u00e9rapante <\/b>et finition <b>antid\u00e9rapante<\/b> 20mm sont propos\u00e9es pour la collection Wellington.\u00a0<\/p><p><span style=\"font-weight: bold;\">Une mosa\u00efque carr\u00e9e 30&#215;30 cm, une mosa\u00efque hexagonale 26x30cm,<\/span>\u00a0ainsi que<b> 2 Muretto parement<\/b> compl\u00e8tent cette collection de gr\u00e8s c\u00e9rame effet pierre.<\/p>\t\t\t\t\t\t\t\t<\/div>\n\t\t\t\t<\/div>\n\t\t\t\t<div class=\"elementor-element elementor-element-0ca53bf elementor-mobile-align-center elementor-widget elementor-widget-button\" data-id=\"0ca53bf\" data-element_type=\"widget\" data-e-type=\"widget\" data-widget_type=\"button.default\">\n\t\t\t\t<div class=\"elementor-widget-container\">\n\t\t\t\t\t\t\t\t\t<div class=\"elementor-button-wrapper\">\n\t\t\t\t\t<a class=\"elementor-button elementor-button-link elementor-size-sm\" href=\"https:\/\/www.portovenere.fr\/fr-fr\/carrelage-sol-et-mur-en-gres-cerame-et-faience\/carrelage-aspect-pierre\/carrelage-effet-pierre-contemporaine-wellington\/\">\n\t\t\t\t\t\t<span class=\"elementor-button-content-wrapper\">\n\t\t\t\t\t\t\t\t\t<span class=\"elementor-button-text\">Voir la collection<\/span>\n\t\t\t\t\t<\/span>\n\t\t\t\t\t<\/a>\n\t\t\t\t<\/div>\n\t\t\t\t\t\t\t\t<\/div>\n\t\t\t\t<\/div>\n\t\t\t\t<div class=\"elementor-element elementor-element-10203b3 elementor-widget elementor-widget-spacer\" data-id=\"10203b3\" data-element_type=\"widget\" data-e-type=\"widget\" data-widget_type=\"spacer.default\">\n\t\t\t\t<div class=\"elementor-widget-container\">\n\t\t\t\t\t\t\t<div class=\"elementor-spacer\">\n\t\t\t<div class=\"elementor-spacer-inner\"><\/div>\n\t\t<\/div>\n\t\t\t\t\t\t<\/div>\n\t\t\t\t<\/div>\n\t\t\t\t\t<\/div>\n\t\t<\/div>\n\t\t\t\t<div class=\"elementor-column elementor-col-33 elementor-top-column elementor-element elementor-element-907504e elementor-invisible\" data-id=\"907504e\" data-element_type=\"column\" data-e-type=\"column\" data-settings=\"{&quot;animation&quot;:&quot;fadeIn&quot;,&quot;background_background&quot;:&quot;classic&quot;}\">\n\t\t\t<div class=\"elementor-widget-wrap elementor-element-populated\">\n\t\t\t\t\t\t<div class=\"elementor-element elementor-element-28799ca elementor-widget elementor-widget-heading\" data-id=\"28799ca\" data-element_type=\"widget\" data-e-type=\"widget\" data-widget_type=\"heading.default\">\n\t\t\t\t<div class=\"elementor-widget-container\">\n\t\t\t\t\t<h3 class=\"elementor-heading-title elementor-size-default\"><a href=\"https:\/\/www.portovenere.fr\/fr-fr\/carrelage-sol-et-mur-en-gres-cerame-et-faience\/carrelage-aspect-pierre\/carrelage-sol-aspect-travertin-astro\/\">ASTRO<\/a><\/h3>\t\t\t\t<\/div>\n\t\t\t\t<\/div>\n\t\t\t\t<div class=\"elementor-element elementor-element-8f6a3bf elementor-widget elementor-widget-image\" data-id=\"8f6a3bf\" data-element_type=\"widget\" data-e-type=\"widget\" data-widget_type=\"image.default\">\n\t\t\t\t<div class=\"elementor-widget-container\">\n\t\t\t\t\t\t\t\t\t\t\t\t\t\t\t\t<a href=\"https:\/\/www.portovenere.fr\/fr-fr\/carrelage-sol-et-mur-en-gres-cerame-et-faience\/carrelage-aspect-pierre\/carrelage-sol-aspect-travertin-astro\/\">\n\t\t\t\t\t\t\t<img decoding=\"async\" src=\"https:\/\/www.portovenere.fr\/fr-fr\/wp-content\/uploads\/elementor\/thumbs\/Carrelage-effet-travertin-60x120-cm-Astro-White-Vein-Cut-proche-Saint-Jean-De-Vedas-Herault-34-r8iem1fxbznby45r4gskxmh42tlkx9e1ecpgudri3g.jpg\" title=\"Carrelage effet travertin 60&#215;120 cm Astro White Vein Cut proche Saint-Jean-De-V\u00e9das H\u00e9rault 34\" alt=\"carrelage aspect travertin ASTRO\" loading=\"lazy\" \/>\t\t\t\t\t\t\t\t<\/a>\n\t\t\t\t\t\t\t\t\t\t\t\t\t\t\t<\/div>\n\t\t\t\t<\/div>\n\t\t\t\t<div class=\"elementor-element elementor-element-c5c35eb elementor-widget elementor-widget-text-editor\" data-id=\"c5c35eb\" data-element_type=\"widget\" data-e-type=\"widget\" data-widget_type=\"text-editor.default\">\n\t\t\t\t<div class=\"elementor-widget-container\">\n\t\t\t\t\t\t\t\t\t<p><strong>6 coloris<\/strong><\/p>\t\t\t\t\t\t\t\t<\/div>\n\t\t\t\t<\/div>\n\t\t\t\t<div class=\"elementor-element elementor-element-d461e43 elementor-widget elementor-widget-gallery\" data-id=\"d461e43\" data-element_type=\"widget\" data-e-type=\"widget\" data-settings=\"{&quot;columns&quot;:6,&quot;columns_tablet&quot;:4,&quot;columns_mobile&quot;:4,&quot;aspect_ratio&quot;:&quot;1:1&quot;,&quot;lazyload&quot;:&quot;yes&quot;,&quot;gallery_layout&quot;:&quot;grid&quot;,&quot;gap&quot;:{&quot;unit&quot;:&quot;px&quot;,&quot;size&quot;:10,&quot;sizes&quot;:[]},&quot;gap_tablet&quot;:{&quot;unit&quot;:&quot;px&quot;,&quot;size&quot;:10,&quot;sizes&quot;:[]},&quot;gap_mobile&quot;:{&quot;unit&quot;:&quot;px&quot;,&quot;size&quot;:10,&quot;sizes&quot;:[]},&quot;link_to&quot;:&quot;file&quot;,&quot;overlay_background&quot;:&quot;yes&quot;,&quot;content_hover_animation&quot;:&quot;fade-in&quot;}\" data-widget_type=\"gallery.default\">\n\t\t\t\t<div class=\"elementor-widget-container\">\n\t\t\t\t\t\t\t<div class=\"elementor-gallery__container\">\n\t\t\t\t\t\t\t<a class=\"e-gallery-item elementor-gallery-item elementor-animated-content\" href=\"https:\/\/www.portovenere.fr\/fr-fr\/wp-content\/uploads\/2023\/02\/Carreau-Astro-Beige-Cross-Cut-imitation-travertin.jpg\" data-elementor-open-lightbox=\"yes\" data-elementor-lightbox-slideshow=\"d461e43\" data-elementor-lightbox-title=\"Carreau Astro Beige Cross Cut imitation travertin\" data-elementor-lightbox-description=\"Carreau Astro Beige Cross Cut imitation travertin \" data-e-action-hash=\"#elementor-action%3Aaction%3Dlightbox%26settings%3DeyJpZCI6NDQ4MDgsInVybCI6Imh0dHBzOlwvXC93d3cucG9ydG92ZW5lcmUuZnJcL2ZyLWZyXC93cC1jb250ZW50XC91cGxvYWRzXC8yMDIzXC8wMlwvQ2FycmVhdS1Bc3Ryby1CZWlnZS1Dcm9zcy1DdXQtaW1pdGF0aW9uLXRyYXZlcnRpbi5qcGciLCJzbGlkZXNob3ciOiJkNDYxZTQzIn0%3D\">\n\t\t\t\t\t<div class=\"e-gallery-image elementor-gallery-item__image\" data-thumbnail=\"https:\/\/www.portovenere.fr\/fr-fr\/wp-content\/uploads\/2023\/02\/Carreau-Astro-Beige-Cross-Cut-imitation-travertin-150x150.jpg\" data-width=\"150\" data-height=\"150\" aria-label=\"carrelage aspect travertin ASTRO\" role=\"img\" ><\/div>\n\t\t\t\t\t\t\t\t\t\t\t<div class=\"elementor-gallery-item__overlay\"><\/div>\n\t\t\t\t\t\t\t\t\t\t\t\t\t\t<\/a>\n\t\t\t\t\t\t\t<a class=\"e-gallery-item elementor-gallery-item elementor-animated-content\" href=\"https:\/\/www.portovenere.fr\/fr-fr\/wp-content\/uploads\/2023\/02\/Carreau-Ivory-Cross-Cut-imitation-travertin.jpg\" data-elementor-open-lightbox=\"yes\" data-elementor-lightbox-slideshow=\"d461e43\" data-elementor-lightbox-title=\"Carreau Ivory Cross Cut imitation travertin\" data-elementor-lightbox-description=\"Carreau Astro Ivory Cross Cut imitation travertin \" data-e-action-hash=\"#elementor-action%3Aaction%3Dlightbox%26settings%3DeyJpZCI6NDQ4MDksInVybCI6Imh0dHBzOlwvXC93d3cucG9ydG92ZW5lcmUuZnJcL2ZyLWZyXC93cC1jb250ZW50XC91cGxvYWRzXC8yMDIzXC8wMlwvQ2FycmVhdS1Jdm9yeS1Dcm9zcy1DdXQtaW1pdGF0aW9uLXRyYXZlcnRpbi5qcGciLCJzbGlkZXNob3ciOiJkNDYxZTQzIn0%3D\">\n\t\t\t\t\t<div class=\"e-gallery-image elementor-gallery-item__image\" data-thumbnail=\"https:\/\/www.portovenere.fr\/fr-fr\/wp-content\/uploads\/2023\/02\/Carreau-Ivory-Cross-Cut-imitation-travertin-150x150.jpg\" data-width=\"150\" data-height=\"150\" aria-label=\"carrelage aspect travertin ASTRO\" role=\"img\" ><\/div>\n\t\t\t\t\t\t\t\t\t\t\t<div class=\"elementor-gallery-item__overlay\"><\/div>\n\t\t\t\t\t\t\t\t\t\t\t\t\t\t<\/a>\n\t\t\t\t\t\t\t<a class=\"e-gallery-item elementor-gallery-item elementor-animated-content\" href=\"https:\/\/www.portovenere.fr\/fr-fr\/wp-content\/uploads\/2023\/02\/Carreau-White-Cross-Cut-imitation-travertin.jpg\" data-elementor-open-lightbox=\"yes\" data-elementor-lightbox-slideshow=\"d461e43\" data-elementor-lightbox-title=\"Carreau White Cross Cut imitation travertin\" data-elementor-lightbox-description=\"Carreau Astro White Cross Cut imitation travertin\" data-e-action-hash=\"#elementor-action%3Aaction%3Dlightbox%26settings%3DeyJpZCI6NDQ4MTAsInVybCI6Imh0dHBzOlwvXC93d3cucG9ydG92ZW5lcmUuZnJcL2ZyLWZyXC93cC1jb250ZW50XC91cGxvYWRzXC8yMDIzXC8wMlwvQ2FycmVhdS1XaGl0ZS1Dcm9zcy1DdXQtaW1pdGF0aW9uLXRyYXZlcnRpbi5qcGciLCJzbGlkZXNob3ciOiJkNDYxZTQzIn0%3D\">\n\t\t\t\t\t<div class=\"e-gallery-image elementor-gallery-item__image\" data-thumbnail=\"https:\/\/www.portovenere.fr\/fr-fr\/wp-content\/uploads\/2023\/02\/Carreau-White-Cross-Cut-imitation-travertin-150x150.jpg\" data-width=\"150\" data-height=\"150\" aria-label=\"carrelage aspect travertin ASTRO\" role=\"img\" ><\/div>\n\t\t\t\t\t\t\t\t\t\t\t<div class=\"elementor-gallery-item__overlay\"><\/div>\n\t\t\t\t\t\t\t\t\t\t\t\t\t\t<\/a>\n\t\t\t\t\t\t\t<a class=\"e-gallery-item elementor-gallery-item elementor-animated-content\" href=\"https:\/\/www.portovenere.fr\/fr-fr\/wp-content\/uploads\/2023\/02\/Carreau-Sand-Vein-Cut-imitation-travertin.jpg\" data-elementor-open-lightbox=\"yes\" data-elementor-lightbox-slideshow=\"d461e43\" data-elementor-lightbox-title=\"Carreau Sand Vein Cut imitation travertin\" data-e-action-hash=\"#elementor-action%3Aaction%3Dlightbox%26settings%3DeyJpZCI6NDQ4MTEsInVybCI6Imh0dHBzOlwvXC93d3cucG9ydG92ZW5lcmUuZnJcL2ZyLWZyXC93cC1jb250ZW50XC91cGxvYWRzXC8yMDIzXC8wMlwvQ2FycmVhdS1TYW5kLVZlaW4tQ3V0LWltaXRhdGlvbi10cmF2ZXJ0aW4uanBnIiwic2xpZGVzaG93IjoiZDQ2MWU0MyJ9\">\n\t\t\t\t\t<div class=\"e-gallery-image elementor-gallery-item__image\" data-thumbnail=\"https:\/\/www.portovenere.fr\/fr-fr\/wp-content\/uploads\/2023\/02\/Carreau-Sand-Vein-Cut-imitation-travertin-150x150.jpg\" data-width=\"150\" data-height=\"150\" aria-label=\"carrelage aspect travertin ASTRO\" role=\"img\" ><\/div>\n\t\t\t\t\t\t\t\t\t\t\t<div class=\"elementor-gallery-item__overlay\"><\/div>\n\t\t\t\t\t\t\t\t\t\t\t\t\t\t<\/a>\n\t\t\t\t\t\t\t<a class=\"e-gallery-item elementor-gallery-item elementor-animated-content\" href=\"https:\/\/www.portovenere.fr\/fr-fr\/wp-content\/uploads\/2023\/02\/Carreau-Light-Vein-Cut-imitation-travertin.jpg\" data-elementor-open-lightbox=\"yes\" data-elementor-lightbox-slideshow=\"d461e43\" data-elementor-lightbox-title=\"Carreau Light Vein Cut imitation travertin\" data-elementor-lightbox-description=\"Carreau Astro Light Vein Cut imitation travertin\" data-e-action-hash=\"#elementor-action%3Aaction%3Dlightbox%26settings%3DeyJpZCI6NDQ4MTIsInVybCI6Imh0dHBzOlwvXC93d3cucG9ydG92ZW5lcmUuZnJcL2ZyLWZyXC93cC1jb250ZW50XC91cGxvYWRzXC8yMDIzXC8wMlwvQ2FycmVhdS1MaWdodC1WZWluLUN1dC1pbWl0YXRpb24tdHJhdmVydGluLmpwZyIsInNsaWRlc2hvdyI6ImQ0NjFlNDMifQ%3D%3D\">\n\t\t\t\t\t<div class=\"e-gallery-image elementor-gallery-item__image\" data-thumbnail=\"https:\/\/www.portovenere.fr\/fr-fr\/wp-content\/uploads\/2023\/02\/Carreau-Light-Vein-Cut-imitation-travertin-150x150.jpg\" data-width=\"150\" data-height=\"150\" aria-label=\"carrelage aspect travertin ASTRO\" role=\"img\" ><\/div>\n\t\t\t\t\t\t\t\t\t\t\t<div class=\"elementor-gallery-item__overlay\"><\/div>\n\t\t\t\t\t\t\t\t\t\t\t\t\t\t<\/a>\n\t\t\t\t\t\t\t<a class=\"e-gallery-item elementor-gallery-item elementor-animated-content\" href=\"https:\/\/www.portovenere.fr\/fr-fr\/wp-content\/uploads\/2023\/02\/Carreau-White-Vein-Cut-imitation-travertin.jpg\" data-elementor-open-lightbox=\"yes\" data-elementor-lightbox-slideshow=\"d461e43\" data-elementor-lightbox-title=\"Carreau White Vein Cut imitation travertin\" data-elementor-lightbox-description=\"Carreau Astro White Vein Cut imitation travertin\" data-e-action-hash=\"#elementor-action%3Aaction%3Dlightbox%26settings%3DeyJpZCI6NDQ4MTMsInVybCI6Imh0dHBzOlwvXC93d3cucG9ydG92ZW5lcmUuZnJcL2ZyLWZyXC93cC1jb250ZW50XC91cGxvYWRzXC8yMDIzXC8wMlwvQ2FycmVhdS1XaGl0ZS1WZWluLUN1dC1pbWl0YXRpb24tdHJhdmVydGluLmpwZyIsInNsaWRlc2hvdyI6ImQ0NjFlNDMifQ%3D%3D\">\n\t\t\t\t\t<div class=\"e-gallery-image elementor-gallery-item__image\" data-thumbnail=\"https:\/\/www.portovenere.fr\/fr-fr\/wp-content\/uploads\/2023\/02\/Carreau-White-Vein-Cut-imitation-travertin-150x150.jpg\" data-width=\"150\" data-height=\"150\" aria-label=\"carrelage aspect travertin ASTRO\" role=\"img\" ><\/div>\n\t\t\t\t\t\t\t\t\t\t\t<div class=\"elementor-gallery-item__overlay\"><\/div>\n\t\t\t\t\t\t\t\t\t\t\t\t\t\t<\/a>\n\t\t\t\t\t<\/div>\n\t\t\t\t\t<\/div>\n\t\t\t\t<\/div>\n\t\t\t\t<div class=\"elementor-element elementor-element-783ab10 elementor-widget elementor-widget-text-editor\" data-id=\"783ab10\" data-element_type=\"widget\" data-e-type=\"widget\" data-widget_type=\"text-editor.default\">\n\t\t\t\t<div class=\"elementor-widget-container\">\n\t\t\t\t\t\t\t\t\t<p>La collection de <strong>carrelage aspect travertin\u00a0<\/strong><b>ASTRO<\/b>\u00a0en\u00a0<b>gr\u00e8s c\u00e9rame<\/b> se d\u00e9cline en 6 Coloris :\u00a0<b>Beige Cross Cut, Ivory Cross Cut, White Cross Cut, Sand Vein Cut, Light Vein Cut\u00a0<\/b>et\u00a0<b>White Vein Cut.<\/b>\u00a0<\/p><p>En s\u2019inspirant des\u00a0<b>travertins naturels<\/b>\u00a0qui r\u00e9sistent dans le temps, cette s\u00e9lection a \u00e9t\u00e9 r\u00e9interpr\u00e9t\u00e9 dans un\u00a0<b>esprit contemporain<\/b>\u00a0et\u00a0<b>\u00e9pur\u00e9.<\/b>\u00a0<\/p><p>Propos\u00e9e en diff\u00e9rentes finitions (naturelle, antid\u00e9rapante et antid\u00e9rapante soft touch), il existe \u00e9galement plusieurs formats : 30\u00d760 cm, 60\u00d760 cm, 60\u00d7120 cm, 120\u00d7120 cm. et en format XXL 120x278cm.<\/p>\t\t\t\t\t\t\t\t<\/div>\n\t\t\t\t<\/div>\n\t\t\t\t<div class=\"elementor-element elementor-element-dc617d7 elementor-mobile-align-center elementor-widget elementor-widget-button\" data-id=\"dc617d7\" data-element_type=\"widget\" data-e-type=\"widget\" data-widget_type=\"button.default\">\n\t\t\t\t<div class=\"elementor-widget-container\">\n\t\t\t\t\t\t\t\t\t<div class=\"elementor-button-wrapper\">\n\t\t\t\t\t<a class=\"elementor-button elementor-button-link elementor-size-sm\" href=\"https:\/\/www.portovenere.fr\/fr-fr\/carrelage-sol-et-mur-en-gres-cerame-et-faience\/carrelage-aspect-pierre\/carrelage-sol-aspect-travertin-astro\/\">\n\t\t\t\t\t\t<span class=\"elementor-button-content-wrapper\">\n\t\t\t\t\t\t\t\t\t<span class=\"elementor-button-text\">Voir la collection<\/span>\n\t\t\t\t\t<\/span>\n\t\t\t\t\t<\/a>\n\t\t\t\t<\/div>\n\t\t\t\t\t\t\t\t<\/div>\n\t\t\t\t<\/div>\n\t\t\t\t<div class=\"elementor-element elementor-element-cdcfbea elementor-widget elementor-widget-spacer\" data-id=\"cdcfbea\" data-element_type=\"widget\" data-e-type=\"widget\" data-widget_type=\"spacer.default\">\n\t\t\t\t<div class=\"elementor-widget-container\">\n\t\t\t\t\t\t\t<div class=\"elementor-spacer\">\n\t\t\t<div class=\"elementor-spacer-inner\"><\/div>\n\t\t<\/div>\n\t\t\t\t\t\t<\/div>\n\t\t\t\t<\/div>\n\t\t\t\t\t<\/div>\n\t\t<\/div>\n\t\t\t\t\t<\/div>\n\t\t<\/section>\n\t\t\t\t<section class=\"elementor-section elementor-top-section elementor-element elementor-element-39c8fe0 elementor-section-full_width elementor-section-height-default elementor-section-height-default elementor-invisible\" data-id=\"39c8fe0\" data-element_type=\"section\" data-e-type=\"section\" data-settings=\"{&quot;animation&quot;:&quot;fadeIn&quot;}\">\n\t\t\t\t\t\t<div class=\"elementor-container elementor-column-gap-default\">\n\t\t\t\t\t<div class=\"elementor-column elementor-col-33 elementor-top-column elementor-element elementor-element-713f534\" data-id=\"713f534\" data-element_type=\"column\" data-e-type=\"column\" data-settings=\"{&quot;background_background&quot;:&quot;classic&quot;}\">\n\t\t\t<div class=\"elementor-widget-wrap elementor-element-populated\">\n\t\t\t\t\t\t<div class=\"elementor-element elementor-element-9e8f676 elementor-widget elementor-widget-heading\" data-id=\"9e8f676\" data-element_type=\"widget\" data-e-type=\"widget\" data-widget_type=\"heading.default\">\n\t\t\t\t<div class=\"elementor-widget-container\">\n\t\t\t\t\t<h3 class=\"elementor-heading-title elementor-size-default\"><a href=\"https:\/\/www.portovenere.fr\/fr-fr\/carrelage-sol-et-mur-en-gres-cerame-et-faience\/carrelage-aspect-pierre\/carrelage-travertin-sol-et-mur-interieur-exterieur-tortuga\/\">TORTUGA<\/a><\/h3>\t\t\t\t<\/div>\n\t\t\t\t<\/div>\n\t\t\t\t<div class=\"elementor-element elementor-element-bb30c75 elementor-widget elementor-widget-image\" data-id=\"bb30c75\" data-element_type=\"widget\" data-e-type=\"widget\" data-widget_type=\"image.default\">\n\t\t\t\t<div class=\"elementor-widget-container\">\n\t\t\t\t\t\t\t\t\t\t\t\t\t\t\t\t<a href=\"https:\/\/www.portovenere.fr\/fr-fr\/carrelage-sol-et-mur-en-gres-cerame-et-faience\/carrelage-aspect-pierre\/carrelage-travertin-sol-et-mur-interieur-exterieur-tortuga\/\">\n\t\t\t\t\t\t\t<img decoding=\"async\" src=\"https:\/\/www.portovenere.fr\/fr-fr\/wp-content\/uploads\/elementor\/thumbs\/Carrelage-pierre-de-travertin-interieur-exterieur-multi-formatsTortuga-gres-cerame-1er-choix-a-Montpellier-Herault-34-r8if9vmknqa4e3j6x9qyo3wyfm3p4x0z0cbs00f2ak.jpg\" title=\"Carrelage-pierre-de-travertin-int\u00e9rieur-ext\u00e9rieur-multi-formats-Tortuga-gr\u00e8s-c\u00e9rame-1er-choix-\u00e0-Montpellier-H\u00e9rault-34\" alt=\"Carrelage 1er choix aspect pierre naturelle travertin pour int\u00e9rieur et ext\u00e9rieur\" loading=\"lazy\" \/>\t\t\t\t\t\t\t\t<\/a>\n\t\t\t\t\t\t\t\t\t\t\t\t\t\t\t<\/div>\n\t\t\t\t<\/div>\n\t\t\t\t<div class=\"elementor-element elementor-element-c4fdafb elementor-widget elementor-widget-text-editor\" data-id=\"c4fdafb\" data-element_type=\"widget\" data-e-type=\"widget\" data-widget_type=\"text-editor.default\">\n\t\t\t\t<div class=\"elementor-widget-container\">\n\t\t\t\t\t\t\t\t\t<p><strong>1 coloris<\/strong><\/p>\t\t\t\t\t\t\t\t<\/div>\n\t\t\t\t<\/div>\n\t\t\t\t<div class=\"elementor-element elementor-element-bbd9e9a elementor-widget elementor-widget-gallery\" data-id=\"bbd9e9a\" data-element_type=\"widget\" data-e-type=\"widget\" data-settings=\"{&quot;columns&quot;:6,&quot;columns_tablet&quot;:4,&quot;columns_mobile&quot;:4,&quot;aspect_ratio&quot;:&quot;1:1&quot;,&quot;lazyload&quot;:&quot;yes&quot;,&quot;gallery_layout&quot;:&quot;grid&quot;,&quot;gap&quot;:{&quot;unit&quot;:&quot;px&quot;,&quot;size&quot;:10,&quot;sizes&quot;:[]},&quot;gap_tablet&quot;:{&quot;unit&quot;:&quot;px&quot;,&quot;size&quot;:10,&quot;sizes&quot;:[]},&quot;gap_mobile&quot;:{&quot;unit&quot;:&quot;px&quot;,&quot;size&quot;:10,&quot;sizes&quot;:[]},&quot;link_to&quot;:&quot;file&quot;,&quot;overlay_background&quot;:&quot;yes&quot;,&quot;content_hover_animation&quot;:&quot;fade-in&quot;}\" data-widget_type=\"gallery.default\">\n\t\t\t\t<div class=\"elementor-widget-container\">\n\t\t\t\t\t\t\t<div class=\"elementor-gallery__container\">\n\t\t\t\t\t\t\t<a class=\"e-gallery-item elementor-gallery-item elementor-animated-content\" href=\"https:\/\/www.portovenere.fr\/fr-fr\/wp-content\/uploads\/2024\/07\/Carrelage-imitation-travertin-exterieur-et-interieur-multi-formats-Tortuga-gres-cerame-coloris-naturel-pres-de-Beziers-34.jpg\" data-elementor-open-lightbox=\"yes\" data-elementor-lightbox-slideshow=\"bbd9e9a\" data-elementor-lightbox-title=\"Carrelage-imitation-travertin-ext\u00e9rieur-et-int\u00e9rieur-multi-formats-Tortuga-gr\u00e8s-c\u00e9rame-coloris-naturel-pr\u00e8s-de-B\u00e9ziers-34\" data-e-action-hash=\"#elementor-action%3Aaction%3Dlightbox%26settings%3DeyJpZCI6NTEyNDIsInVybCI6Imh0dHBzOlwvXC93d3cucG9ydG92ZW5lcmUuZnJcL2ZyLWZyXC93cC1jb250ZW50XC91cGxvYWRzXC8yMDI0XC8wN1wvQ2FycmVsYWdlLWltaXRhdGlvbi10cmF2ZXJ0aW4tZXh0ZXJpZXVyLWV0LWludGVyaWV1ci1tdWx0aS1mb3JtYXRzLVRvcnR1Z2EtZ3Jlcy1jZXJhbWUtY29sb3Jpcy1uYXR1cmVsLXByZXMtZGUtQmV6aWVycy0zNC5qcGciLCJzbGlkZXNob3ciOiJiYmQ5ZTlhIn0%3D\">\n\t\t\t\t\t<div class=\"e-gallery-image elementor-gallery-item__image\" data-thumbnail=\"https:\/\/www.portovenere.fr\/fr-fr\/wp-content\/uploads\/2024\/07\/Carrelage-imitation-travertin-exterieur-et-interieur-multi-formats-Tortuga-gres-cerame-coloris-naturel-pres-de-Beziers-34-150x150.jpg\" data-width=\"150\" data-height=\"150\" aria-label=\"\" role=\"img\" ><\/div>\n\t\t\t\t\t\t\t\t\t\t\t<div class=\"elementor-gallery-item__overlay\"><\/div>\n\t\t\t\t\t\t\t\t\t\t\t\t\t\t<\/a>\n\t\t\t\t\t<\/div>\n\t\t\t\t\t<\/div>\n\t\t\t\t<\/div>\n\t\t\t\t<div class=\"elementor-element elementor-element-bc3d459 elementor-widget elementor-widget-text-editor\" data-id=\"bc3d459\" data-element_type=\"widget\" data-e-type=\"widget\" data-widget_type=\"text-editor.default\">\n\t\t\t\t<div class=\"elementor-widget-container\">\n\t\t\t\t\t\t\t\t\t<p>Cette collection de <b>carrelage en gr\u00e8s c\u00e9rame 1er choix <\/b>reprend \u00e0 la perfection l\u2019<b>\u00e9l\u00e9gance du travertin<\/b>, et en fait\u00a0 un choix intemporel pour vos<b>\u00a0int\u00e9rieurs et vos ext\u00e9rieurs<\/b>.\u00a0<\/p><p>Le gr\u00e8s c\u00e9rame Tortuga s\u2019implantera tout naturellement dans vos espaces de vie comme la cuisine, le s\u00e9jour, une salle de bain ou bien une chambre mais aussi sur une\u00a0<b>terrasse ou en tour de piscine<\/b>.\u00a0<\/p><p>La collection de carrelage<b>\u00a0gr\u00e8s c\u00e9rame \u00e9maill\u00e9 color\u00e9 dans la masse<\/b>\u00a0Tortuga se caract\u00e9rise par sa teinte beige sable \u00e9l\u00e9gante et envo\u00fbtante. Ce gr\u00e8s c\u00e9rame se d\u00e9cline en<b>\u00a0finition naturelle R10 ou antid\u00e9rapante R11.<\/b><\/p><p>Les<b>\u00a0diff\u00e9rents formats\u00a0<\/b>propos\u00e9s\u00a0<b>en 10 mm<\/b>\u00a0d\u2019\u00e9paisseur permettent\u00a0<b>diff\u00e9rents types de pose<\/b>\u00a0en opus ou en format unique\u00a0:\u00a0<b>20 x 20 cm, 20 x 40 cm, 40 x 40 cm,\u00a040 x 60,8 cm<\/b>.<\/p><p>La pose est recommand\u00e9e avec des joints de 4 \u00e0 5 mm.\u00a0<\/p><p>Cette collection est compl\u00e8te gr\u00e2ce \u00e0 la plinthe et au nez de marche disponibles.<\/p><p>Le carrelage gr\u00e8s c\u00e9rame effet Travertin offre de nombreux avantages par rapport \u00e0 la pierre de travertin pour un rendu\u00a0remarquablement similaire.<\/p>\t\t\t\t\t\t\t\t<\/div>\n\t\t\t\t<\/div>\n\t\t\t\t<div class=\"elementor-element elementor-element-293f1e5 elementor-mobile-align-center elementor-widget elementor-widget-button\" data-id=\"293f1e5\" data-element_type=\"widget\" data-e-type=\"widget\" data-widget_type=\"button.default\">\n\t\t\t\t<div class=\"elementor-widget-container\">\n\t\t\t\t\t\t\t\t\t<div class=\"elementor-button-wrapper\">\n\t\t\t\t\t<a class=\"elementor-button elementor-button-link elementor-size-sm\" href=\"https:\/\/www.portovenere.fr\/fr-fr\/carrelage-sol-et-mur-en-gres-cerame-et-faience\/carrelage-aspect-pierre\/carrelage-travertin-sol-et-mur-interieur-exterieur-tortuga\/\">\n\t\t\t\t\t\t<span class=\"elementor-button-content-wrapper\">\n\t\t\t\t\t\t\t\t\t<span class=\"elementor-button-text\">VOIR LA COLLECTION<\/span>\n\t\t\t\t\t<\/span>\n\t\t\t\t\t<\/a>\n\t\t\t\t<\/div>\n\t\t\t\t\t\t\t\t<\/div>\n\t\t\t\t<\/div>\n\t\t\t\t<div class=\"elementor-element elementor-element-acc09c8 elementor-widget elementor-widget-spacer\" data-id=\"acc09c8\" data-element_type=\"widget\" data-e-type=\"widget\" data-widget_type=\"spacer.default\">\n\t\t\t\t<div class=\"elementor-widget-container\">\n\t\t\t\t\t\t\t<div class=\"elementor-spacer\">\n\t\t\t<div class=\"elementor-spacer-inner\"><\/div>\n\t\t<\/div>\n\t\t\t\t\t\t<\/div>\n\t\t\t\t<\/div>\n\t\t\t\t\t<\/div>\n\t\t<\/div>\n\t\t\t\t<div class=\"elementor-column elementor-col-33 elementor-top-column elementor-element elementor-element-9d63040 elementor-invisible\" data-id=\"9d63040\" data-element_type=\"column\" data-e-type=\"column\" data-settings=\"{&quot;animation&quot;:&quot;fadeIn&quot;,&quot;background_background&quot;:&quot;classic&quot;}\">\n\t\t\t<div class=\"elementor-widget-wrap elementor-element-populated\">\n\t\t\t\t\t\t<div class=\"elementor-element elementor-element-14ddf13 elementor-widget elementor-widget-heading\" data-id=\"14ddf13\" data-element_type=\"widget\" data-e-type=\"widget\" data-widget_type=\"heading.default\">\n\t\t\t\t<div class=\"elementor-widget-container\">\n\t\t\t\t\t<h3 class=\"elementor-heading-title elementor-size-default\"><a href=\"https:\/\/www.portovenere.fr\/fr-fr\/carrelage-sol-et-mur-en-gres-cerame-et-faience\/carrelage-aspect-pierre\/carrelage-effet-pierre-opera-pose-en-opus\/\">OPERA<\/a><\/h3>\t\t\t\t<\/div>\n\t\t\t\t<\/div>\n\t\t\t\t<div class=\"elementor-element elementor-element-cb705d4 elementor-widget elementor-widget-image\" data-id=\"cb705d4\" data-element_type=\"widget\" data-e-type=\"widget\" data-widget_type=\"image.default\">\n\t\t\t\t<div class=\"elementor-widget-container\">\n\t\t\t\t\t\t\t\t\t\t\t\t\t\t\t\t<a href=\"https:\/\/www.portovenere.fr\/fr-fr\/carrelage-sol-et-mur-en-gres-cerame-et-faience\/carrelage-aspect-pierre\/carrelage-effet-pierre-opera-pose-en-opus\/\">\n\t\t\t\t\t\t\t<img decoding=\"async\" src=\"https:\/\/www.portovenere.fr\/fr-fr\/wp-content\/uploads\/elementor\/thumbs\/Carrelage-imitation-pierre-artisanale-bords-irreguliers-pour-interieur-et-exterieur-OPERA-Sunrise-magasin-revendeur-carrelege-et-pierre-naturelle-Porto-Venere-34-rcbka1ji6s7qz1nbwz5q80kz1ivy6dedkvohlf6064.jpg\" title=\"Carrelage-imitation-pierre-artisanale-bords-irr\u00e9guliers-pour-int\u00e9rieur-et-ext\u00e9rieur-OPERA-Sunrise-magasin-revendeur-carrelege-et-pierre-naturelle-Porto-Venere-34\" alt=\"Carrelage style pierre ancienne bords irr\u00e9guliers OPERA magasin Porto Venere Montpellier H\u00e9rault 34\" loading=\"lazy\" \/>\t\t\t\t\t\t\t\t<\/a>\n\t\t\t\t\t\t\t\t\t\t\t\t\t\t\t<\/div>\n\t\t\t\t<\/div>\n\t\t\t\t<div class=\"elementor-element elementor-element-877e3da elementor-widget elementor-widget-text-editor\" data-id=\"877e3da\" data-element_type=\"widget\" data-e-type=\"widget\" data-widget_type=\"text-editor.default\">\n\t\t\t\t<div class=\"elementor-widget-container\">\n\t\t\t\t\t\t\t\t\t<p><strong>5 coloris<\/strong><\/p>\t\t\t\t\t\t\t\t<\/div>\n\t\t\t\t<\/div>\n\t\t\t\t<div class=\"elementor-element elementor-element-5aa752b elementor-widget elementor-widget-gallery\" data-id=\"5aa752b\" data-element_type=\"widget\" data-e-type=\"widget\" data-settings=\"{&quot;columns&quot;:6,&quot;columns_tablet&quot;:4,&quot;columns_mobile&quot;:4,&quot;aspect_ratio&quot;:&quot;1:1&quot;,&quot;lazyload&quot;:&quot;yes&quot;,&quot;gallery_layout&quot;:&quot;grid&quot;,&quot;gap&quot;:{&quot;unit&quot;:&quot;px&quot;,&quot;size&quot;:10,&quot;sizes&quot;:[]},&quot;gap_tablet&quot;:{&quot;unit&quot;:&quot;px&quot;,&quot;size&quot;:10,&quot;sizes&quot;:[]},&quot;gap_mobile&quot;:{&quot;unit&quot;:&quot;px&quot;,&quot;size&quot;:10,&quot;sizes&quot;:[]},&quot;link_to&quot;:&quot;file&quot;,&quot;overlay_background&quot;:&quot;yes&quot;,&quot;content_hover_animation&quot;:&quot;fade-in&quot;}\" data-widget_type=\"gallery.default\">\n\t\t\t\t<div class=\"elementor-widget-container\">\n\t\t\t\t\t\t\t<div class=\"elementor-gallery__container\">\n\t\t\t\t\t\t\t<a class=\"e-gallery-item elementor-gallery-item elementor-animated-content\" href=\"https:\/\/www.portovenere.fr\/fr-fr\/wp-content\/uploads\/2025\/09\/Carrelage-imitation-pierre-artisanale-bords-irreguliers-pour-interieur-et-exterieur-OPERA-Sunrise-magasin-revendeur-carrelege-et-pierre-naturelle-Porto-Venere-Montpellier-34.jpg\" data-elementor-open-lightbox=\"yes\" data-elementor-lightbox-slideshow=\"5aa752b\" data-elementor-lightbox-title=\"Carrelage-imitation-pierre-artisanale-bords-irr\u00e9guliers-pour-int\u00e9rieur-et-ext\u00e9rieur-OPERA-Sunrise-magasin-revendeur-carrelege-et-pierre-naturelle-Porto-Venere-Montpellier-34\" data-e-action-hash=\"#elementor-action%3Aaction%3Dlightbox%26settings%3DeyJpZCI6NjUxMTYsInVybCI6Imh0dHBzOlwvXC93d3cucG9ydG92ZW5lcmUuZnJcL2ZyLWZyXC93cC1jb250ZW50XC91cGxvYWRzXC8yMDI1XC8wOVwvQ2FycmVsYWdlLWltaXRhdGlvbi1waWVycmUtYXJ0aXNhbmFsZS1ib3Jkcy1pcnJlZ3VsaWVycy1wb3VyLWludGVyaWV1ci1ldC1leHRlcmlldXItT1BFUkEtU3VucmlzZS1tYWdhc2luLXJldmVuZGV1ci1jYXJyZWxlZ2UtZXQtcGllcnJlLW5hdHVyZWxsZS1Qb3J0by1WZW5lcmUtTW9udHBlbGxpZXItMzQuanBnIiwic2xpZGVzaG93IjoiNWFhNzUyYiJ9\">\n\t\t\t\t\t<div class=\"e-gallery-image elementor-gallery-item__image\" data-thumbnail=\"https:\/\/www.portovenere.fr\/fr-fr\/wp-content\/uploads\/2025\/09\/Carrelage-imitation-pierre-artisanale-bords-irreguliers-pour-interieur-et-exterieur-OPERA-Sunrise-magasin-revendeur-carrelege-et-pierre-naturelle-Porto-Venere-Montpellier-34-150x150.jpg\" data-width=\"150\" data-height=\"150\" aria-label=\"Carrelage effet pierre pour pose en opus Collection OPERA int\u00e9rieur et ext\u00e9rieur\" role=\"img\" ><\/div>\n\t\t\t\t\t\t\t\t\t\t\t<div class=\"elementor-gallery-item__overlay\"><\/div>\n\t\t\t\t\t\t\t\t\t\t\t\t\t\t<\/a>\n\t\t\t\t\t\t\t<a class=\"e-gallery-item elementor-gallery-item elementor-animated-content\" href=\"https:\/\/www.portovenere.fr\/fr-fr\/wp-content\/uploads\/2025\/09\/Carrelage-imitation-pierre-artisanale-bords-irreguliers-pour-interieur-et-exterieur-OPERA-Luxor-magasin-revendeur-carrelege-et-pierre-naturelle-Porto-Venere-a-Montpellier-34.jpg\" data-elementor-open-lightbox=\"yes\" data-elementor-lightbox-slideshow=\"5aa752b\" data-elementor-lightbox-title=\"Carrelage-imitation-pierre-artisanale-bords-irr\u00e9guliers-pour-int\u00e9rieur-et-ext\u00e9rieur-OPERA-Luxor-magasin-revendeur-carrelege-et-pierre-naturelle-Porto-Venere-\u00e0-Montpellier-34\" data-e-action-hash=\"#elementor-action%3Aaction%3Dlightbox%26settings%3DeyJpZCI6NjUxMTQsInVybCI6Imh0dHBzOlwvXC93d3cucG9ydG92ZW5lcmUuZnJcL2ZyLWZyXC93cC1jb250ZW50XC91cGxvYWRzXC8yMDI1XC8wOVwvQ2FycmVsYWdlLWltaXRhdGlvbi1waWVycmUtYXJ0aXNhbmFsZS1ib3Jkcy1pcnJlZ3VsaWVycy1wb3VyLWludGVyaWV1ci1ldC1leHRlcmlldXItT1BFUkEtTHV4b3ItbWFnYXNpbi1yZXZlbmRldXItY2FycmVsZWdlLWV0LXBpZXJyZS1uYXR1cmVsbGUtUG9ydG8tVmVuZXJlLWEtTW9udHBlbGxpZXItMzQuanBnIiwic2xpZGVzaG93IjoiNWFhNzUyYiJ9\">\n\t\t\t\t\t<div class=\"e-gallery-image elementor-gallery-item__image\" data-thumbnail=\"https:\/\/www.portovenere.fr\/fr-fr\/wp-content\/uploads\/2025\/09\/Carrelage-imitation-pierre-artisanale-bords-irreguliers-pour-interieur-et-exterieur-OPERA-Luxor-magasin-revendeur-carrelege-et-pierre-naturelle-Porto-Venere-a-Montpellier-34-150x150.jpg\" data-width=\"150\" data-height=\"150\" aria-label=\"Carrelage effet pierre pour pose en opus Collection OPERA int\u00e9rieur et ext\u00e9rieur\" role=\"img\" ><\/div>\n\t\t\t\t\t\t\t\t\t\t\t<div class=\"elementor-gallery-item__overlay\"><\/div>\n\t\t\t\t\t\t\t\t\t\t\t\t\t\t<\/a>\n\t\t\t\t\t\t\t<a class=\"e-gallery-item elementor-gallery-item elementor-animated-content\" href=\"https:\/\/www.portovenere.fr\/fr-fr\/wp-content\/uploads\/2025\/09\/Carrelage-imitation-pierre-artisanale-bords-irreguliers-pour-interieur-et-exterieur-OPERA-silver-magasin-revendeur-carrelege-et-pierre-naturelle-Porto-Venere-a-Montpellier-34.jpg\" data-elementor-open-lightbox=\"yes\" data-elementor-lightbox-slideshow=\"5aa752b\" data-elementor-lightbox-title=\"Carrelage-imitation-pierre-artisanale-bords-irr\u00e9guliers-pour-int\u00e9rieur-et-ext\u00e9rieur-OPERA-silver-magasin-revendeur-carrelege-et-pierre-naturelle-Porto-Venere-\u00e0-Montpellier-34\" data-e-action-hash=\"#elementor-action%3Aaction%3Dlightbox%26settings%3DeyJpZCI6NjUxMTEsInVybCI6Imh0dHBzOlwvXC93d3cucG9ydG92ZW5lcmUuZnJcL2ZyLWZyXC93cC1jb250ZW50XC91cGxvYWRzXC8yMDI1XC8wOVwvQ2FycmVsYWdlLWltaXRhdGlvbi1waWVycmUtYXJ0aXNhbmFsZS1ib3Jkcy1pcnJlZ3VsaWVycy1wb3VyLWludGVyaWV1ci1ldC1leHRlcmlldXItT1BFUkEtc2lsdmVyLW1hZ2FzaW4tcmV2ZW5kZXVyLWNhcnJlbGVnZS1ldC1waWVycmUtbmF0dXJlbGxlLVBvcnRvLVZlbmVyZS1hLU1vbnRwZWxsaWVyLTM0LmpwZyIsInNsaWRlc2hvdyI6IjVhYTc1MmIifQ%3D%3D\">\n\t\t\t\t\t<div class=\"e-gallery-image elementor-gallery-item__image\" data-thumbnail=\"https:\/\/www.portovenere.fr\/fr-fr\/wp-content\/uploads\/2025\/09\/Carrelage-imitation-pierre-artisanale-bords-irreguliers-pour-interieur-et-exterieur-OPERA-silver-magasin-revendeur-carrelege-et-pierre-naturelle-Porto-Venere-a-Montpellier-34-150x150.jpg\" data-width=\"150\" data-height=\"150\" aria-label=\"Carrelage effet pierre pour pose en opus Collection OPERA int\u00e9rieur et ext\u00e9rieur\" role=\"img\" ><\/div>\n\t\t\t\t\t\t\t\t\t\t\t<div class=\"elementor-gallery-item__overlay\"><\/div>\n\t\t\t\t\t\t\t\t\t\t\t\t\t\t<\/a>\n\t\t\t\t\t\t\t<a class=\"e-gallery-item elementor-gallery-item elementor-animated-content\" href=\"https:\/\/www.portovenere.fr\/fr-fr\/wp-content\/uploads\/2025\/09\/Carrelage-fonce-imitation-pierre-artisanale-bords-irreguliers-pour-interieur-et-exterieur-OPERA-magasin-revendeur-carrelege-et-pierre-naturelle-Porto-Venere-a-Montpellier-34.jpg\" data-elementor-open-lightbox=\"yes\" data-elementor-lightbox-slideshow=\"5aa752b\" data-elementor-lightbox-title=\"Carrelage-fonc\u00e9-imitation-pierre-artisanale-bords-irr\u00e9guliers-pour-int\u00e9rieur-et-ext\u00e9rieur-OPERA-magasin-revendeur-carrelege-et-pierre-naturelle-Porto-Venere-\u00e0-Montpellier-34\" data-e-action-hash=\"#elementor-action%3Aaction%3Dlightbox%26settings%3DeyJpZCI6NjUxMTAsInVybCI6Imh0dHBzOlwvXC93d3cucG9ydG92ZW5lcmUuZnJcL2ZyLWZyXC93cC1jb250ZW50XC91cGxvYWRzXC8yMDI1XC8wOVwvQ2FycmVsYWdlLWZvbmNlLWltaXRhdGlvbi1waWVycmUtYXJ0aXNhbmFsZS1ib3Jkcy1pcnJlZ3VsaWVycy1wb3VyLWludGVyaWV1ci1ldC1leHRlcmlldXItT1BFUkEtbWFnYXNpbi1yZXZlbmRldXItY2FycmVsZWdlLWV0LXBpZXJyZS1uYXR1cmVsbGUtUG9ydG8tVmVuZXJlLWEtTW9udHBlbGxpZXItMzQuanBnIiwic2xpZGVzaG93IjoiNWFhNzUyYiJ9\">\n\t\t\t\t\t<div class=\"e-gallery-image elementor-gallery-item__image\" data-thumbnail=\"https:\/\/www.portovenere.fr\/fr-fr\/wp-content\/uploads\/2025\/09\/Carrelage-fonce-imitation-pierre-artisanale-bords-irreguliers-pour-interieur-et-exterieur-OPERA-magasin-revendeur-carrelege-et-pierre-naturelle-Porto-Venere-a-Montpellier-34-150x150.jpg\" data-width=\"150\" data-height=\"150\" aria-label=\"Carrelage effet pierre pour pose en opus Collection OPERA\" role=\"img\" ><\/div>\n\t\t\t\t\t\t\t\t\t\t\t<div class=\"elementor-gallery-item__overlay\"><\/div>\n\t\t\t\t\t\t\t\t\t\t\t\t\t\t<\/a>\n\t\t\t\t\t\t\t<a class=\"e-gallery-item elementor-gallery-item elementor-animated-content\" href=\"https:\/\/www.portovenere.fr\/fr-fr\/wp-content\/uploads\/2025\/09\/Carrelage-imitation-pierre-naturelle-artisanale-bords-irreguliers-pour-interieur-et-exterieur-OPERA-magasin-revendeur-carreleg-et-pierre-naturelle-Porto-Venere-a-Montpellier-34.png\" data-elementor-open-lightbox=\"yes\" data-elementor-lightbox-slideshow=\"5aa752b\" data-elementor-lightbox-title=\"Carrelage imitation pierre naturelle artisanale bords irr\u00e9guliers pour int\u00e9rieur et ext\u00e9rieur OPERA magasin revendeur carreleg et pierre naturelle Porto Venere \u00e0 Montpellier 34\" data-e-action-hash=\"#elementor-action%3Aaction%3Dlightbox%26settings%3DeyJpZCI6NjUxMDksInVybCI6Imh0dHBzOlwvXC93d3cucG9ydG92ZW5lcmUuZnJcL2ZyLWZyXC93cC1jb250ZW50XC91cGxvYWRzXC8yMDI1XC8wOVwvQ2FycmVsYWdlLWltaXRhdGlvbi1waWVycmUtbmF0dXJlbGxlLWFydGlzYW5hbGUtYm9yZHMtaXJyZWd1bGllcnMtcG91ci1pbnRlcmlldXItZXQtZXh0ZXJpZXVyLU9QRVJBLW1hZ2FzaW4tcmV2ZW5kZXVyLWNhcnJlbGVnLWV0LXBpZXJyZS1uYXR1cmVsbGUtUG9ydG8tVmVuZXJlLWEtTW9udHBlbGxpZXItMzQucG5nIiwic2xpZGVzaG93IjoiNWFhNzUyYiJ9\">\n\t\t\t\t\t<div class=\"e-gallery-image elementor-gallery-item__image\" data-thumbnail=\"https:\/\/www.portovenere.fr\/fr-fr\/wp-content\/uploads\/2025\/09\/Carrelage-imitation-pierre-naturelle-artisanale-bords-irreguliers-pour-interieur-et-exterieur-OPERA-magasin-revendeur-carreleg-et-pierre-naturelle-Porto-Venere-a-Montpellier-34-150x150.png\" data-width=\"150\" data-height=\"150\" aria-label=\"Carrelage effet pierre pour pose en opus Collection OPERA int\u00e9rieur et ext\u00e9rieur\" role=\"img\" ><\/div>\n\t\t\t\t\t\t\t\t\t\t\t<div class=\"elementor-gallery-item__overlay\"><\/div>\n\t\t\t\t\t\t\t\t\t\t\t\t\t\t<\/a>\n\t\t\t\t\t<\/div>\n\t\t\t\t\t<\/div>\n\t\t\t\t<\/div>\n\t\t\t\t<div class=\"elementor-element elementor-element-9ef4866 elementor-widget elementor-widget-text-editor\" data-id=\"9ef4866\" data-element_type=\"widget\" data-e-type=\"widget\" data-widget_type=\"text-editor.default\">\n\t\t\t\t<div class=\"elementor-widget-container\">\n\t\t\t\t\t\t\t\t\t<p>La collection OPERA r\u00e9invente l\u2019\u00e9l\u00e9gance intemporelle de la pierre avec un <strong>carrelage en gr\u00e8s c\u00e9rame<\/strong> \u00e9maill\u00e9 disponible en<strong> 5 coloris naturels et 7 formats<\/strong> modulaires pour des poses traditionnelles ou en opus : 60,8&#215;60,8 cm, 40&#215;60,8 cm, 40&#215;40 cm, 20&#215;40 cm et 20&#215;20 cm &#8211; \u00e9paisseur 10mm.<br \/>Ses<strong> bords d\u2019aspect artisanal<\/strong> et sa texture raffin\u00e9e offrent un rendu authentique, adapt\u00e9 \u00e0 tous les styles. <br \/>Deux finitions disponibles : <strong>Naturale,<\/strong> douce et \u00e9l\u00e9gante, et R11 antid\u00e9rapante, id\u00e9ale pour les <strong>espaces ext\u00e9rieurs<\/strong> tels qu&rsquo;une terrasse ou un tour de piscine.\u00a0<\/p><p>Polyvalente et durable, OPERA s\u2019adresse aussi bien aux projets r\u00e9sidentiels qu\u2019aux espaces commerciaux, garantissant un \u00e9quilibre parfait entre esth\u00e9tique, s\u00e9curit\u00e9 et fonctionnalit\u00e9.<\/p>\t\t\t\t\t\t\t\t<\/div>\n\t\t\t\t<\/div>\n\t\t\t\t<div class=\"elementor-element elementor-element-8e97ae6 elementor-mobile-align-center elementor-widget elementor-widget-button\" data-id=\"8e97ae6\" data-element_type=\"widget\" data-e-type=\"widget\" data-widget_type=\"button.default\">\n\t\t\t\t<div class=\"elementor-widget-container\">\n\t\t\t\t\t\t\t\t\t<div class=\"elementor-button-wrapper\">\n\t\t\t\t\t<a class=\"elementor-button elementor-button-link elementor-size-sm\" href=\"https:\/\/www.portovenere.fr\/fr-fr\/carrelage-sol-et-mur-en-gres-cerame-et-faience\/carrelage-aspect-pierre\/carrelage-effet-pierre-opera-pose-en-opus\/\">\n\t\t\t\t\t\t<span class=\"elementor-button-content-wrapper\">\n\t\t\t\t\t\t\t\t\t<span class=\"elementor-button-text\">Voir la collection<\/span>\n\t\t\t\t\t<\/span>\n\t\t\t\t\t<\/a>\n\t\t\t\t<\/div>\n\t\t\t\t\t\t\t\t<\/div>\n\t\t\t\t<\/div>\n\t\t\t\t<div class=\"elementor-element elementor-element-b70a162 elementor-widget elementor-widget-spacer\" data-id=\"b70a162\" data-element_type=\"widget\" data-e-type=\"widget\" data-widget_type=\"spacer.default\">\n\t\t\t\t<div class=\"elementor-widget-container\">\n\t\t\t\t\t\t\t<div class=\"elementor-spacer\">\n\t\t\t<div class=\"elementor-spacer-inner\"><\/div>\n\t\t<\/div>\n\t\t\t\t\t\t<\/div>\n\t\t\t\t<\/div>\n\t\t\t\t\t<\/div>\n\t\t<\/div>\n\t\t\t\t<div class=\"elementor-column elementor-col-33 elementor-top-column elementor-element elementor-element-24ff700 elementor-invisible\" data-id=\"24ff700\" data-element_type=\"column\" data-e-type=\"column\" data-settings=\"{&quot;animation&quot;:&quot;fadeIn&quot;,&quot;background_background&quot;:&quot;classic&quot;}\">\n\t\t\t<div class=\"elementor-widget-wrap elementor-element-populated\">\n\t\t\t\t\t\t<div class=\"elementor-element elementor-element-57bf115 elementor-widget elementor-widget-heading\" data-id=\"57bf115\" data-element_type=\"widget\" data-e-type=\"widget\" data-widget_type=\"heading.default\">\n\t\t\t\t<div class=\"elementor-widget-container\">\n\t\t\t\t\t<h3 class=\"elementor-heading-title elementor-size-default\"><a href=\"https:\/\/www.portovenere.fr\/fr-fr\/carrelage-sol-et-mur-en-gres-cerame-et-faience\/carrelage-aspect-pierre\/carrelage-aspect-pierre-naturelle-brera\/\">BRERA<\/a><\/h3>\t\t\t\t<\/div>\n\t\t\t\t<\/div>\n\t\t\t\t<div class=\"elementor-element elementor-element-f264557 elementor-widget elementor-widget-image\" data-id=\"f264557\" data-element_type=\"widget\" data-e-type=\"widget\" data-widget_type=\"image.default\">\n\t\t\t\t<div class=\"elementor-widget-container\">\n\t\t\t\t\t\t\t\t\t\t\t\t\t\t\t\t<a href=\"https:\/\/www.portovenere.fr\/fr-fr\/carrelage-sol-et-mur-en-gres-cerame-et-faience\/carrelage-aspect-pierre\/carrelage-aspect-pierre-naturelle-brera\/\">\n\t\t\t\t\t\t\t<img decoding=\"async\" src=\"https:\/\/www.portovenere.fr\/fr-fr\/wp-content\/uploads\/elementor\/thumbs\/Brera-Greige-carrelage-effet-pierre-salon-contemporain-r8iab0w48lfz97btaykj88pha7nei8zn33jqmllu8s.jpg\" title=\"Brera-Greige-carrelage-effet-pierre-salon-contemporain\" alt=\"Brera-Greige-carrelage-effet-pierre-salon-contemporain\" loading=\"lazy\" \/>\t\t\t\t\t\t\t\t<\/a>\n\t\t\t\t\t\t\t\t\t\t\t\t\t\t\t<\/div>\n\t\t\t\t<\/div>\n\t\t\t\t<div class=\"elementor-element elementor-element-9c6169f elementor-widget elementor-widget-text-editor\" data-id=\"9c6169f\" data-element_type=\"widget\" data-e-type=\"widget\" data-widget_type=\"text-editor.default\">\n\t\t\t\t<div class=\"elementor-widget-container\">\n\t\t\t\t\t\t\t\t\t<p><strong>8 coloris<\/strong><\/p>\t\t\t\t\t\t\t\t<\/div>\n\t\t\t\t<\/div>\n\t\t\t\t<div class=\"elementor-element elementor-element-523a8cc elementor-widget elementor-widget-gallery\" data-id=\"523a8cc\" data-element_type=\"widget\" data-e-type=\"widget\" data-settings=\"{&quot;columns&quot;:6,&quot;columns_tablet&quot;:4,&quot;columns_mobile&quot;:4,&quot;aspect_ratio&quot;:&quot;1:1&quot;,&quot;lazyload&quot;:&quot;yes&quot;,&quot;gallery_layout&quot;:&quot;grid&quot;,&quot;gap&quot;:{&quot;unit&quot;:&quot;px&quot;,&quot;size&quot;:10,&quot;sizes&quot;:[]},&quot;gap_tablet&quot;:{&quot;unit&quot;:&quot;px&quot;,&quot;size&quot;:10,&quot;sizes&quot;:[]},&quot;gap_mobile&quot;:{&quot;unit&quot;:&quot;px&quot;,&quot;size&quot;:10,&quot;sizes&quot;:[]},&quot;link_to&quot;:&quot;file&quot;,&quot;overlay_background&quot;:&quot;yes&quot;,&quot;content_hover_animation&quot;:&quot;fade-in&quot;}\" data-widget_type=\"gallery.default\">\n\t\t\t\t<div class=\"elementor-widget-container\">\n\t\t\t\t\t\t\t<div class=\"elementor-gallery__container\">\n\t\t\t\t\t\t\t<a class=\"e-gallery-item elementor-gallery-item elementor-animated-content\" href=\"https:\/\/www.portovenere.fr\/fr-fr\/wp-content\/uploads\/2019\/08\/Carrelage_Pierre_Contemporaine_Minimaliste_Brera_Biscuit.jpg\" data-elementor-open-lightbox=\"yes\" data-elementor-lightbox-slideshow=\"523a8cc\" data-elementor-lightbox-title=\"Carrelage_Pierre_Contemporaine_Minimaliste_Brera_Biscuit\" data-e-action-hash=\"#elementor-action%3Aaction%3Dlightbox%26settings%3DeyJpZCI6MTMxNDAsInVybCI6Imh0dHBzOlwvXC93d3cucG9ydG92ZW5lcmUuZnJcL2ZyLWZyXC93cC1jb250ZW50XC91cGxvYWRzXC8yMDE5XC8wOFwvQ2FycmVsYWdlX1BpZXJyZV9Db250ZW1wb3JhaW5lX01pbmltYWxpc3RlX0JyZXJhX0Jpc2N1aXQuanBnIiwic2xpZGVzaG93IjoiNTIzYThjYyJ9\">\n\t\t\t\t\t<div class=\"e-gallery-image elementor-gallery-item__image\" data-thumbnail=\"https:\/\/www.portovenere.fr\/fr-fr\/wp-content\/uploads\/2019\/08\/Carrelage_Pierre_Contemporaine_Minimaliste_Brera_Biscuit-150x150.jpg\" data-width=\"150\" data-height=\"150\" aria-label=\"\" role=\"img\" ><\/div>\n\t\t\t\t\t\t\t\t\t\t\t<div class=\"elementor-gallery-item__overlay\"><\/div>\n\t\t\t\t\t\t\t\t\t\t\t\t\t\t<\/a>\n\t\t\t\t\t\t\t<a class=\"e-gallery-item elementor-gallery-item elementor-animated-content\" href=\"https:\/\/www.portovenere.fr\/fr-fr\/wp-content\/uploads\/2019\/08\/Carrelage_Pierre_Contemporaine_Minimaliste_Brera_Black.jpg\" data-elementor-open-lightbox=\"yes\" data-elementor-lightbox-slideshow=\"523a8cc\" data-elementor-lightbox-title=\"Carrelage_Pierre_Contemporaine_Minimaliste_Brera_Black\" data-e-action-hash=\"#elementor-action%3Aaction%3Dlightbox%26settings%3DeyJpZCI6MTMxNDEsInVybCI6Imh0dHBzOlwvXC93d3cucG9ydG92ZW5lcmUuZnJcL2ZyLWZyXC93cC1jb250ZW50XC91cGxvYWRzXC8yMDE5XC8wOFwvQ2FycmVsYWdlX1BpZXJyZV9Db250ZW1wb3JhaW5lX01pbmltYWxpc3RlX0JyZXJhX0JsYWNrLmpwZyIsInNsaWRlc2hvdyI6IjUyM2E4Y2MifQ%3D%3D\">\n\t\t\t\t\t<div class=\"e-gallery-image elementor-gallery-item__image\" data-thumbnail=\"https:\/\/www.portovenere.fr\/fr-fr\/wp-content\/uploads\/2019\/08\/Carrelage_Pierre_Contemporaine_Minimaliste_Brera_Black-150x150.jpg\" data-width=\"150\" data-height=\"150\" aria-label=\"\" role=\"img\" ><\/div>\n\t\t\t\t\t\t\t\t\t\t\t<div class=\"elementor-gallery-item__overlay\"><\/div>\n\t\t\t\t\t\t\t\t\t\t\t\t\t\t<\/a>\n\t\t\t\t\t\t\t<a class=\"e-gallery-item elementor-gallery-item elementor-animated-content\" href=\"https:\/\/www.portovenere.fr\/fr-fr\/wp-content\/uploads\/2019\/08\/Carrelage_Pierre_Contemporaine_Minimaliste_Brera_Dark_Grey.jpg\" data-elementor-open-lightbox=\"yes\" data-elementor-lightbox-slideshow=\"523a8cc\" data-elementor-lightbox-title=\"Carrelage_Pierre_Contemporaine_Minimaliste_Brera_Dark_Grey\" data-e-action-hash=\"#elementor-action%3Aaction%3Dlightbox%26settings%3DeyJpZCI6MTMxNDIsInVybCI6Imh0dHBzOlwvXC93d3cucG9ydG92ZW5lcmUuZnJcL2ZyLWZyXC93cC1jb250ZW50XC91cGxvYWRzXC8yMDE5XC8wOFwvQ2FycmVsYWdlX1BpZXJyZV9Db250ZW1wb3JhaW5lX01pbmltYWxpc3RlX0JyZXJhX0RhcmtfR3JleS5qcGciLCJzbGlkZXNob3ciOiI1MjNhOGNjIn0%3D\">\n\t\t\t\t\t<div class=\"e-gallery-image elementor-gallery-item__image\" data-thumbnail=\"https:\/\/www.portovenere.fr\/fr-fr\/wp-content\/uploads\/2019\/08\/Carrelage_Pierre_Contemporaine_Minimaliste_Brera_Dark_Grey-150x150.jpg\" data-width=\"150\" data-height=\"150\" aria-label=\"\" role=\"img\" ><\/div>\n\t\t\t\t\t\t\t\t\t\t\t<div class=\"elementor-gallery-item__overlay\"><\/div>\n\t\t\t\t\t\t\t\t\t\t\t\t\t\t<\/a>\n\t\t\t\t\t\t\t<a class=\"e-gallery-item elementor-gallery-item elementor-animated-content\" href=\"https:\/\/www.portovenere.fr\/fr-fr\/wp-content\/uploads\/2019\/08\/Carrelage_Pierre_Contemporaine_Minimaliste_Brera_Greige.jpg\" data-elementor-open-lightbox=\"yes\" data-elementor-lightbox-slideshow=\"523a8cc\" data-elementor-lightbox-title=\"Carrelage_Pierre_Contemporaine_Minimaliste_Brera_Greige\" data-e-action-hash=\"#elementor-action%3Aaction%3Dlightbox%26settings%3DeyJpZCI6MTMxNDMsInVybCI6Imh0dHBzOlwvXC93d3cucG9ydG92ZW5lcmUuZnJcL2ZyLWZyXC93cC1jb250ZW50XC91cGxvYWRzXC8yMDE5XC8wOFwvQ2FycmVsYWdlX1BpZXJyZV9Db250ZW1wb3JhaW5lX01pbmltYWxpc3RlX0JyZXJhX0dyZWlnZS5qcGciLCJzbGlkZXNob3ciOiI1MjNhOGNjIn0%3D\">\n\t\t\t\t\t<div class=\"e-gallery-image elementor-gallery-item__image\" data-thumbnail=\"https:\/\/www.portovenere.fr\/fr-fr\/wp-content\/uploads\/2019\/08\/Carrelage_Pierre_Contemporaine_Minimaliste_Brera_Greige-150x150.jpg\" data-width=\"150\" data-height=\"150\" aria-label=\"\" role=\"img\" ><\/div>\n\t\t\t\t\t\t\t\t\t\t\t<div class=\"elementor-gallery-item__overlay\"><\/div>\n\t\t\t\t\t\t\t\t\t\t\t\t\t\t<\/a>\n\t\t\t\t\t\t\t<a class=\"e-gallery-item elementor-gallery-item elementor-animated-content\" href=\"https:\/\/www.portovenere.fr\/fr-fr\/wp-content\/uploads\/2019\/08\/Carrelage_Pierre_Contemporaine_Minimaliste_Brera_Light_Grey.jpg\" data-elementor-open-lightbox=\"yes\" data-elementor-lightbox-slideshow=\"523a8cc\" data-elementor-lightbox-title=\"Carrelage_Pierre_Contemporaine_Minimaliste_Brera_Light_Grey\" data-e-action-hash=\"#elementor-action%3Aaction%3Dlightbox%26settings%3DeyJpZCI6MTMxNDQsInVybCI6Imh0dHBzOlwvXC93d3cucG9ydG92ZW5lcmUuZnJcL2ZyLWZyXC93cC1jb250ZW50XC91cGxvYWRzXC8yMDE5XC8wOFwvQ2FycmVsYWdlX1BpZXJyZV9Db250ZW1wb3JhaW5lX01pbmltYWxpc3RlX0JyZXJhX0xpZ2h0X0dyZXkuanBnIiwic2xpZGVzaG93IjoiNTIzYThjYyJ9\">\n\t\t\t\t\t<div class=\"e-gallery-image elementor-gallery-item__image\" data-thumbnail=\"https:\/\/www.portovenere.fr\/fr-fr\/wp-content\/uploads\/2019\/08\/Carrelage_Pierre_Contemporaine_Minimaliste_Brera_Light_Grey-150x150.jpg\" data-width=\"150\" data-height=\"150\" aria-label=\"\" role=\"img\" ><\/div>\n\t\t\t\t\t\t\t\t\t\t\t<div class=\"elementor-gallery-item__overlay\"><\/div>\n\t\t\t\t\t\t\t\t\t\t\t\t\t\t<\/a>\n\t\t\t\t\t\t\t<a class=\"e-gallery-item elementor-gallery-item elementor-animated-content\" href=\"https:\/\/www.portovenere.fr\/fr-fr\/wp-content\/uploads\/2019\/08\/Carrelage_Pierre_Contemporaine_Minimaliste_Brera_White.jpg\" data-elementor-open-lightbox=\"yes\" data-elementor-lightbox-slideshow=\"523a8cc\" data-elementor-lightbox-title=\"Carrelage_Pierre_Contemporaine_Minimaliste_Brera_White\" data-e-action-hash=\"#elementor-action%3Aaction%3Dlightbox%26settings%3DeyJpZCI6MTMxNDUsInVybCI6Imh0dHBzOlwvXC93d3cucG9ydG92ZW5lcmUuZnJcL2ZyLWZyXC93cC1jb250ZW50XC91cGxvYWRzXC8yMDE5XC8wOFwvQ2FycmVsYWdlX1BpZXJyZV9Db250ZW1wb3JhaW5lX01pbmltYWxpc3RlX0JyZXJhX1doaXRlLmpwZyIsInNsaWRlc2hvdyI6IjUyM2E4Y2MifQ%3D%3D\">\n\t\t\t\t\t<div class=\"e-gallery-image elementor-gallery-item__image\" data-thumbnail=\"https:\/\/www.portovenere.fr\/fr-fr\/wp-content\/uploads\/2019\/08\/Carrelage_Pierre_Contemporaine_Minimaliste_Brera_White-150x150.jpg\" data-width=\"150\" data-height=\"150\" aria-label=\"\" role=\"img\" ><\/div>\n\t\t\t\t\t\t\t\t\t\t\t<div class=\"elementor-gallery-item__overlay\"><\/div>\n\t\t\t\t\t\t\t\t\t\t\t\t\t\t<\/a>\n\t\t\t\t\t\t\t<a class=\"e-gallery-item elementor-gallery-item elementor-animated-content\" href=\"https:\/\/www.portovenere.fr\/fr-fr\/wp-content\/uploads\/2024\/10\/Carrelage-clair-beton-contemporain-Brera-Sand-nombreux-formats-magasin-carrelage-haut-de-gamme-Porto-venere-a-Montpellier-34.jpg\" data-elementor-open-lightbox=\"yes\" data-elementor-lightbox-slideshow=\"523a8cc\" data-elementor-lightbox-title=\"Carrelage-clair-b\u00e9ton-contemporain-Brera-Sand-nombreux-formats-magasin-carrelage-haut-de-gamme-Porto-venere-\u00e0-Montpellier-34\" data-e-action-hash=\"#elementor-action%3Aaction%3Dlightbox%26settings%3DeyJpZCI6NTUxOTksInVybCI6Imh0dHBzOlwvXC93d3cucG9ydG92ZW5lcmUuZnJcL2ZyLWZyXC93cC1jb250ZW50XC91cGxvYWRzXC8yMDI0XC8xMFwvQ2FycmVsYWdlLWNsYWlyLWJldG9uLWNvbnRlbXBvcmFpbi1CcmVyYS1TYW5kLW5vbWJyZXV4LWZvcm1hdHMtbWFnYXNpbi1jYXJyZWxhZ2UtaGF1dC1kZS1nYW1tZS1Qb3J0by12ZW5lcmUtYS1Nb250cGVsbGllci0zNC5qcGciLCJzbGlkZXNob3ciOiI1MjNhOGNjIn0%3D\">\n\t\t\t\t\t<div class=\"e-gallery-image elementor-gallery-item__image\" data-thumbnail=\"https:\/\/www.portovenere.fr\/fr-fr\/wp-content\/uploads\/2024\/10\/Carrelage-clair-beton-contemporain-Brera-Sand-nombreux-formats-magasin-carrelage-haut-de-gamme-Porto-venere-a-Montpellier-34-150x150.jpg\" data-width=\"150\" data-height=\"150\" aria-label=\"\" role=\"img\" ><\/div>\n\t\t\t\t\t\t\t\t\t\t\t<div class=\"elementor-gallery-item__overlay\"><\/div>\n\t\t\t\t\t\t\t\t\t\t\t\t\t\t<\/a>\n\t\t\t\t\t\t\t<a class=\"e-gallery-item elementor-gallery-item elementor-animated-content\" href=\"https:\/\/www.portovenere.fr\/fr-fr\/wp-content\/uploads\/2024\/10\/Carrelage-clair-sol-et-mur-effet-beton-contemporain-Brera-Ice-nombreux-formats-magasin-carrelage-haut-de-gamme-Porto-venere-proche-Lunel-34.jpg\" data-elementor-open-lightbox=\"yes\" data-elementor-lightbox-slideshow=\"523a8cc\" data-elementor-lightbox-title=\"Carrelage-clair-sol-et-mur-effet-b\u00e9ton-contemporain-Brera-Ice-nombreux-formats-magasin-carrelage-haut-de-gamme-Porto-venere-proche-Lunel-34\" data-e-action-hash=\"#elementor-action%3Aaction%3Dlightbox%26settings%3DeyJpZCI6NTUyMDAsInVybCI6Imh0dHBzOlwvXC93d3cucG9ydG92ZW5lcmUuZnJcL2ZyLWZyXC93cC1jb250ZW50XC91cGxvYWRzXC8yMDI0XC8xMFwvQ2FycmVsYWdlLWNsYWlyLXNvbC1ldC1tdXItZWZmZXQtYmV0b24tY29udGVtcG9yYWluLUJyZXJhLUljZS1ub21icmV1eC1mb3JtYXRzLW1hZ2FzaW4tY2FycmVsYWdlLWhhdXQtZGUtZ2FtbWUtUG9ydG8tdmVuZXJlLXByb2NoZS1MdW5lbC0zNC5qcGciLCJzbGlkZXNob3ciOiI1MjNhOGNjIn0%3D\">\n\t\t\t\t\t<div class=\"e-gallery-image elementor-gallery-item__image\" data-thumbnail=\"https:\/\/www.portovenere.fr\/fr-fr\/wp-content\/uploads\/2024\/10\/Carrelage-clair-sol-et-mur-effet-beton-contemporain-Brera-Ice-nombreux-formats-magasin-carrelage-haut-de-gamme-Porto-venere-proche-Lunel-34-150x150.jpg\" data-width=\"150\" data-height=\"150\" aria-label=\"\" role=\"img\" ><\/div>\n\t\t\t\t\t\t\t\t\t\t\t<div class=\"elementor-gallery-item__overlay\"><\/div>\n\t\t\t\t\t\t\t\t\t\t\t\t\t\t<\/a>\n\t\t\t\t\t<\/div>\n\t\t\t\t\t<\/div>\n\t\t\t\t<\/div>\n\t\t\t\t<div class=\"elementor-element elementor-element-1071a29 elementor-widget elementor-widget-text-editor\" data-id=\"1071a29\" data-element_type=\"widget\" data-e-type=\"widget\" data-widget_type=\"text-editor.default\">\n\t\t\t\t<div class=\"elementor-widget-container\">\n\t\t\t\t\t\t\t\t\t<p>Carrelage sol et mur aspect pierre naturelle en gr\u00e8s c\u00e9rame color\u00e9 dans la masse. Finitions disponibles : Naturel rectifi\u00e9, Soft textured, bouchard\u00e9, et antid\u00e9rapant rectifi\u00e9 pour les tours de piscines et terrasses. Une collection riche de tonalit\u00e9s, formats et d\u00e9cors.<\/p>\t\t\t\t\t\t\t\t<\/div>\n\t\t\t\t<\/div>\n\t\t\t\t<div class=\"elementor-element elementor-element-6a04fea elementor-mobile-align-center elementor-widget elementor-widget-button\" data-id=\"6a04fea\" data-element_type=\"widget\" data-e-type=\"widget\" data-widget_type=\"button.default\">\n\t\t\t\t<div class=\"elementor-widget-container\">\n\t\t\t\t\t\t\t\t\t<div class=\"elementor-button-wrapper\">\n\t\t\t\t\t<a class=\"elementor-button elementor-button-link elementor-size-sm\" href=\"https:\/\/www.portovenere.fr\/fr-fr\/carrelage-sol-et-mur-en-gres-cerame-et-faience\/carrelage-aspect-pierre\/carrelage-aspect-pierre-naturelle-brera\/\">\n\t\t\t\t\t\t<span class=\"elementor-button-content-wrapper\">\n\t\t\t\t\t\t\t\t\t<span class=\"elementor-button-text\">Voir la collection<\/span>\n\t\t\t\t\t<\/span>\n\t\t\t\t\t<\/a>\n\t\t\t\t<\/div>\n\t\t\t\t\t\t\t\t<\/div>\n\t\t\t\t<\/div>\n\t\t\t\t<div class=\"elementor-element elementor-element-ddc85cf elementor-widget elementor-widget-spacer\" data-id=\"ddc85cf\" data-element_type=\"widget\" data-e-type=\"widget\" data-widget_type=\"spacer.default\">\n\t\t\t\t<div class=\"elementor-widget-container\">\n\t\t\t\t\t\t\t<div class=\"elementor-spacer\">\n\t\t\t<div class=\"elementor-spacer-inner\"><\/div>\n\t\t<\/div>\n\t\t\t\t\t\t<\/div>\n\t\t\t\t<\/div>\n\t\t\t\t\t<\/div>\n\t\t<\/div>\n\t\t\t\t\t<\/div>\n\t\t<\/section>\n\t\t\t\t<section class=\"elementor-section elementor-top-section elementor-element elementor-element-e79a082 elementor-section-full_width elementor-section-height-default elementor-section-height-default elementor-invisible\" data-id=\"e79a082\" data-element_type=\"section\" data-e-type=\"section\" data-settings=\"{&quot;animation&quot;:&quot;fadeIn&quot;}\">\n\t\t\t\t\t\t<div class=\"elementor-container elementor-column-gap-default\">\n\t\t\t\t\t<div class=\"elementor-column elementor-col-33 elementor-top-column elementor-element elementor-element-176df77\" data-id=\"176df77\" data-element_type=\"column\" data-e-type=\"column\" data-settings=\"{&quot;background_background&quot;:&quot;classic&quot;}\">\n\t\t\t<div class=\"elementor-widget-wrap elementor-element-populated\">\n\t\t\t\t\t\t<div class=\"elementor-element elementor-element-774d6b8 elementor-widget elementor-widget-heading\" data-id=\"774d6b8\" data-element_type=\"widget\" data-e-type=\"widget\" data-widget_type=\"heading.default\">\n\t\t\t\t<div class=\"elementor-widget-container\">\n\t\t\t\t\t<h3 class=\"elementor-heading-title elementor-size-default\"><a href=\"https:\/\/www.portovenere.fr\/fr-fr\/carrelage-sol-et-mur-en-gres-cerame-et-faience\/carrelage-aspect-pierre\/carrelage-pierre-ancienne-francaise-authentique-stone\/\">AUTHENTIQUE STONE<\/a><\/h3>\t\t\t\t<\/div>\n\t\t\t\t<\/div>\n\t\t\t\t<div class=\"elementor-element elementor-element-12e5a36 elementor-widget elementor-widget-image\" data-id=\"12e5a36\" data-element_type=\"widget\" data-e-type=\"widget\" data-widget_type=\"image.default\">\n\t\t\t\t<div class=\"elementor-widget-container\">\n\t\t\t\t\t\t\t\t\t\t\t\t\t\t\t\t<a href=\"https:\/\/www.portovenere.fr\/fr-fr\/carrelage-sol-et-mur-en-gres-cerame-et-faience\/carrelage-aspect-pierre\/carrelage-pierre-ancienne-francaise-authentique-stone\/\">\n\t\t\t\t\t\t\t<img decoding=\"async\" src=\"https:\/\/www.portovenere.fr\/fr-fr\/wp-content\/uploads\/elementor\/thumbs\/Carrelage-effet-pierre-naturelle-ancienne-100x100-cm-et-60x120-cm-sol-et-mur-cuisine-Authentique-Stone-Sable-pres-de-Saint-Aunes-34-r8ifrakxa84di08i8ar4d7penm9ir15xqjgn3klh0c.jpg\" title=\"Carrelage-effet-pierre-naturelle-ancienne-100&#215;100-cm-et-60&#215;120-cm-sol-et-mur-cuisine-Authentique-Stone-Sable-pr\u00e8s-de-Saint-Aun\u00e8s-34\" alt=\"Sand 100x100 cm au sol et 60x120 cm au mur\" loading=\"lazy\" \/>\t\t\t\t\t\t\t\t<\/a>\n\t\t\t\t\t\t\t\t\t\t\t\t\t\t\t<\/div>\n\t\t\t\t<\/div>\n\t\t\t\t<div class=\"elementor-element elementor-element-a6ddfdf elementor-widget elementor-widget-text-editor\" data-id=\"a6ddfdf\" data-element_type=\"widget\" data-e-type=\"widget\" data-widget_type=\"text-editor.default\">\n\t\t\t\t<div class=\"elementor-widget-container\">\n\t\t\t\t\t\t\t\t\t<p><strong>3 coloris et d\u00e9cors<\/strong><\/p>\t\t\t\t\t\t\t\t<\/div>\n\t\t\t\t<\/div>\n\t\t\t\t<div class=\"elementor-element elementor-element-4c51537 elementor-widget elementor-widget-gallery\" data-id=\"4c51537\" data-element_type=\"widget\" data-e-type=\"widget\" data-settings=\"{&quot;columns&quot;:6,&quot;columns_tablet&quot;:4,&quot;columns_mobile&quot;:4,&quot;aspect_ratio&quot;:&quot;1:1&quot;,&quot;lazyload&quot;:&quot;yes&quot;,&quot;gallery_layout&quot;:&quot;grid&quot;,&quot;gap&quot;:{&quot;unit&quot;:&quot;px&quot;,&quot;size&quot;:10,&quot;sizes&quot;:[]},&quot;gap_tablet&quot;:{&quot;unit&quot;:&quot;px&quot;,&quot;size&quot;:10,&quot;sizes&quot;:[]},&quot;gap_mobile&quot;:{&quot;unit&quot;:&quot;px&quot;,&quot;size&quot;:10,&quot;sizes&quot;:[]},&quot;link_to&quot;:&quot;file&quot;,&quot;overlay_background&quot;:&quot;yes&quot;,&quot;content_hover_animation&quot;:&quot;fade-in&quot;}\" data-widget_type=\"gallery.default\">\n\t\t\t\t<div class=\"elementor-widget-container\">\n\t\t\t\t\t\t\t<div class=\"elementor-gallery__container\">\n\t\t\t\t\t\t\t<a class=\"e-gallery-item elementor-gallery-item elementor-animated-content\" href=\"https:\/\/www.portovenere.fr\/fr-fr\/wp-content\/uploads\/2024\/11\/Carrelage-haut-de-gamme-effet-pierre-ancienne-francaise-bods-droits-ou-irreguliers-Authentique-Stone-Gris-pres-de-Perols-34.jpg\" data-elementor-open-lightbox=\"yes\" data-elementor-lightbox-slideshow=\"4c51537\" data-elementor-lightbox-title=\"Carrelage-haut-de-gamme-effet-pierre-ancienne-fran\u00e7aise-bords-droits-ou-irr\u00e9guliers-Authentique-Stone-Gris-pr\u00e8s-de-P\u00e9rols-34\" data-e-action-hash=\"#elementor-action%3Aaction%3Dlightbox%26settings%3DeyJpZCI6NTU5ODMsInVybCI6Imh0dHBzOlwvXC93d3cucG9ydG92ZW5lcmUuZnJcL2ZyLWZyXC93cC1jb250ZW50XC91cGxvYWRzXC8yMDI0XC8xMVwvQ2FycmVsYWdlLWhhdXQtZGUtZ2FtbWUtZWZmZXQtcGllcnJlLWFuY2llbm5lLWZyYW5jYWlzZS1ib2RzLWRyb2l0cy1vdS1pcnJlZ3VsaWVycy1BdXRoZW50aXF1ZS1TdG9uZS1HcmlzLXByZXMtZGUtUGVyb2xzLTM0LmpwZyIsInNsaWRlc2hvdyI6IjRjNTE1MzcifQ%3D%3D\">\n\t\t\t\t\t<div class=\"e-gallery-image elementor-gallery-item__image\" data-thumbnail=\"https:\/\/www.portovenere.fr\/fr-fr\/wp-content\/uploads\/2024\/11\/Carrelage-haut-de-gamme-effet-pierre-ancienne-francaise-bods-droits-ou-irreguliers-Authentique-Stone-Gris-pres-de-Perols-34-150x150.jpg\" data-width=\"150\" data-height=\"150\" aria-label=\"\" role=\"img\" ><\/div>\n\t\t\t\t\t\t\t\t\t\t\t<div class=\"elementor-gallery-item__overlay\"><\/div>\n\t\t\t\t\t\t\t\t\t\t\t\t\t\t<\/a>\n\t\t\t\t\t\t\t<a class=\"e-gallery-item elementor-gallery-item elementor-animated-content\" href=\"https:\/\/www.portovenere.fr\/fr-fr\/wp-content\/uploads\/2024\/11\/Carrelage-haut-de-gamme-effet-pierre-ancienne-francaise-bods-droits-ou-irreguliers-coloris-ivroire-Authentique-Stone-Ivory-pres-de-Agde-34.jpg\" data-elementor-open-lightbox=\"yes\" data-elementor-lightbox-slideshow=\"4c51537\" data-elementor-lightbox-title=\"Carrelage-haut-de-gamme-effet-pierre-ancienne-fran\u00e7aise-bords-droits-ou-irr\u00e9guliers-coloris-ivroire-Authentique-Stone-Ivory-pr\u00e8s-de-Agde-34\" data-e-action-hash=\"#elementor-action%3Aaction%3Dlightbox%26settings%3DeyJpZCI6NTU5ODQsInVybCI6Imh0dHBzOlwvXC93d3cucG9ydG92ZW5lcmUuZnJcL2ZyLWZyXC93cC1jb250ZW50XC91cGxvYWRzXC8yMDI0XC8xMVwvQ2FycmVsYWdlLWhhdXQtZGUtZ2FtbWUtZWZmZXQtcGllcnJlLWFuY2llbm5lLWZyYW5jYWlzZS1ib2RzLWRyb2l0cy1vdS1pcnJlZ3VsaWVycy1jb2xvcmlzLWl2cm9pcmUtQXV0aGVudGlxdWUtU3RvbmUtSXZvcnktcHJlcy1kZS1BZ2RlLTM0LmpwZyIsInNsaWRlc2hvdyI6IjRjNTE1MzcifQ%3D%3D\">\n\t\t\t\t\t<div class=\"e-gallery-image elementor-gallery-item__image\" data-thumbnail=\"https:\/\/www.portovenere.fr\/fr-fr\/wp-content\/uploads\/2024\/11\/Carrelage-haut-de-gamme-effet-pierre-ancienne-francaise-bods-droits-ou-irreguliers-coloris-ivroire-Authentique-Stone-Ivory-pres-de-Agde-34-150x150.jpg\" data-width=\"150\" data-height=\"150\" aria-label=\"\" role=\"img\" ><\/div>\n\t\t\t\t\t\t\t\t\t\t\t<div class=\"elementor-gallery-item__overlay\"><\/div>\n\t\t\t\t\t\t\t\t\t\t\t\t\t\t<\/a>\n\t\t\t\t\t\t\t<a class=\"e-gallery-item elementor-gallery-item elementor-animated-content\" href=\"https:\/\/www.portovenere.fr\/fr-fr\/wp-content\/uploads\/2024\/11\/Carrelage-haut-de-gamme-effet-pierre-ancienne-francaise-bods-droits-ou-irreguliers-coloris-sable-Authentique-Stone-Sand-a-Montpellier-34.jpg\" data-elementor-open-lightbox=\"yes\" data-elementor-lightbox-slideshow=\"4c51537\" data-elementor-lightbox-title=\"Carrelage-haut-de-gamme-effet-pierre-ancienne-fran\u00e7aise-bords-droits-ou-irr\u00e9guliers-coloris-sable-Authentique-Stone-Sand-\u00e0-Montpellier-34\" data-e-action-hash=\"#elementor-action%3Aaction%3Dlightbox%26settings%3DeyJpZCI6NTU5ODUsInVybCI6Imh0dHBzOlwvXC93d3cucG9ydG92ZW5lcmUuZnJcL2ZyLWZyXC93cC1jb250ZW50XC91cGxvYWRzXC8yMDI0XC8xMVwvQ2FycmVsYWdlLWhhdXQtZGUtZ2FtbWUtZWZmZXQtcGllcnJlLWFuY2llbm5lLWZyYW5jYWlzZS1ib2RzLWRyb2l0cy1vdS1pcnJlZ3VsaWVycy1jb2xvcmlzLXNhYmxlLUF1dGhlbnRpcXVlLVN0b25lLVNhbmQtYS1Nb250cGVsbGllci0zNC5qcGciLCJzbGlkZXNob3ciOiI0YzUxNTM3In0%3D\">\n\t\t\t\t\t<div class=\"e-gallery-image elementor-gallery-item__image\" data-thumbnail=\"https:\/\/www.portovenere.fr\/fr-fr\/wp-content\/uploads\/2024\/11\/Carrelage-haut-de-gamme-effet-pierre-ancienne-francaise-bods-droits-ou-irreguliers-coloris-sable-Authentique-Stone-Sand-a-Montpellier-34-150x150.jpg\" data-width=\"150\" data-height=\"150\" aria-label=\"\" role=\"img\" ><\/div>\n\t\t\t\t\t\t\t\t\t\t\t<div class=\"elementor-gallery-item__overlay\"><\/div>\n\t\t\t\t\t\t\t\t\t\t\t\t\t\t<\/a>\n\t\t\t\t\t<\/div>\n\t\t\t\t\t<\/div>\n\t\t\t\t<\/div>\n\t\t\t\t<div class=\"elementor-element elementor-element-d71f8d5 elementor-widget elementor-widget-text-editor\" data-id=\"d71f8d5\" data-element_type=\"widget\" data-e-type=\"widget\" data-widget_type=\"text-editor.default\">\n\t\t\t\t<div class=\"elementor-widget-container\">\n\t\t\t\t\t\t\t\t\t<p data-sourcepos=\"5:1-5:46\">Plongez dans l\u2019histoire avec notre nouvelle collection de\u00a0<b>carrelage pierres anciennes<\/b>\u00a0fran\u00e7aises Authentique Stone. Inspir\u00e9es des plus belles pierres fran\u00e7aises, ces dalles aux couleurs chaudes et enveloppantes (<b>Gris, Sable et Ivoire<\/b>) invitent \u00e0 cr\u00e9er des espaces uniques,\u00a0<b>empreints d\u2019authenticit\u00e9<\/b>.<\/p><p data-sourcepos=\"9:1-9:199\">Chaque carreau raconte une histoire, avec ses veines uniques et ses subtiles variations de couleurs. Une mati\u00e8re vivante, d\u00e9licatement imparfaite, qui apporte une\u00a0<b>touche de caract\u00e8re \u00e0 votre int\u00e9rieur.<\/b><\/p><p data-sourcepos=\"11:1-11:36\"><strong>Un jeu de formats et de couleurs<\/strong><\/p><p data-sourcepos=\"13:1-13:219\">Avec cinq formats modulables (100\u00d7100 cm, 60\u00d7120 cm, 60\u00d760 cm, 30\u00d760 cm, 30\u00d730 cm), les possibilit\u00e9s de cr\u00e9ation sont infinies. Imaginez des mosa\u00efques \u00e9l\u00e9gantes,\u00a0<b>des murs<\/b>\u00a0habill\u00e9s de pierres ou encore des sols aux allures de patios.<\/p><p data-sourcepos=\"15:1-15:54\"><strong>L\u2019Opus Rebus Brecciato : l\u2019art de l\u2019imperfection<\/strong><\/p><p data-sourcepos=\"17:1-17:245\">Pour un effet encore plus naturel, optez pour une pose en Opus Rebus Brecciato. Ce m\u00e9lange de quatre formats aux<b>\u00a0bords irr\u00e9guliers<\/b>\u00a0imite \u00e0 la perfection l\u2019aspect de la\u00a0<b>pierre \u00ab\u00a0cliv\u00e9e\u00a0\u00bb.<\/b>\u00a0Une solution id\u00e9ale pour cr\u00e9er des espaces uniques et personnalis\u00e9s.<\/p><p data-sourcepos=\"19:1-19:50\"><strong>Le meilleur de la tradition et de l\u2019innovation<\/strong><\/p><p data-sourcepos=\"21:1-21:174\">Gr\u00e2ce \u00e0 une technologie de pointe, nous avons reproduit fid\u00e8lement l\u2019aspect de la pierre naturelle, tout en offrant une r\u00e9sistance et une facilit\u00e9 d\u2019entretien incomparables.<\/p><p data-sourcepos=\"21:1-21:174\">Cette collection est \u00e9galement\u00a0<b>disponible en finition antid\u00e9rapante\u00a0<\/b>en 60\u00d7120 cm et en dalles 100\u00d7100 cm de 20 mm d\u2019\u00e9paisseur antid\u00e9rapantes pour assurer une\u00a0<b>continuit\u00e9 de l\u2019int\u00e9rieur vers l\u2019ext\u00e9rieur<\/b>\u00a0: terrasse, tour de piscine\u2026<\/p>\t\t\t\t\t\t\t\t<\/div>\n\t\t\t\t<\/div>\n\t\t\t\t<div class=\"elementor-element elementor-element-bc3eada elementor-mobile-align-center elementor-widget elementor-widget-button\" data-id=\"bc3eada\" data-element_type=\"widget\" data-e-type=\"widget\" data-widget_type=\"button.default\">\n\t\t\t\t<div class=\"elementor-widget-container\">\n\t\t\t\t\t\t\t\t\t<div class=\"elementor-button-wrapper\">\n\t\t\t\t\t<a class=\"elementor-button elementor-button-link elementor-size-sm\" href=\"https:\/\/www.portovenere.fr\/fr-fr\/carrelage-sol-et-mur-en-gres-cerame-et-faience\/carrelage-aspect-pierre\/carrelage-pierre-ancienne-francaise-authentique-stone\/\">\n\t\t\t\t\t\t<span class=\"elementor-button-content-wrapper\">\n\t\t\t\t\t\t\t\t\t<span class=\"elementor-button-text\">VOIR LA COLLECTION<\/span>\n\t\t\t\t\t<\/span>\n\t\t\t\t\t<\/a>\n\t\t\t\t<\/div>\n\t\t\t\t\t\t\t\t<\/div>\n\t\t\t\t<\/div>\n\t\t\t\t<div class=\"elementor-element elementor-element-1ba8b87 elementor-widget elementor-widget-spacer\" data-id=\"1ba8b87\" data-element_type=\"widget\" data-e-type=\"widget\" data-widget_type=\"spacer.default\">\n\t\t\t\t<div class=\"elementor-widget-container\">\n\t\t\t\t\t\t\t<div class=\"elementor-spacer\">\n\t\t\t<div class=\"elementor-spacer-inner\"><\/div>\n\t\t<\/div>\n\t\t\t\t\t\t<\/div>\n\t\t\t\t<\/div>\n\t\t\t\t\t<\/div>\n\t\t<\/div>\n\t\t\t\t<div class=\"elementor-column elementor-col-33 elementor-top-column elementor-element elementor-element-010e964 elementor-invisible\" data-id=\"010e964\" data-element_type=\"column\" data-e-type=\"column\" data-settings=\"{&quot;animation&quot;:&quot;fadeIn&quot;,&quot;background_background&quot;:&quot;classic&quot;}\">\n\t\t\t<div class=\"elementor-widget-wrap elementor-element-populated\">\n\t\t\t\t\t\t<div class=\"elementor-element elementor-element-5abc751 elementor-widget elementor-widget-heading\" data-id=\"5abc751\" data-element_type=\"widget\" data-e-type=\"widget\" data-widget_type=\"heading.default\">\n\t\t\t\t<div class=\"elementor-widget-container\">\n\t\t\t\t\t<h3 class=\"elementor-heading-title elementor-size-default\"><a href=\"https:\/\/www.portovenere.fr\/fr-fr\/carrelage-sol-et-mur-en-gres-cerame-et-faience\/carrelage-aspect-pierre\/carrelage-clair-aspect-pierre-calcaire-creana\/\">CREANA<\/a><\/h3>\t\t\t\t<\/div>\n\t\t\t\t<\/div>\n\t\t\t\t<div class=\"elementor-element elementor-element-ef90b92 elementor-widget elementor-widget-image\" data-id=\"ef90b92\" data-element_type=\"widget\" data-e-type=\"widget\" data-widget_type=\"image.default\">\n\t\t\t\t<div class=\"elementor-widget-container\">\n\t\t\t\t\t\t\t\t\t\t\t\t\t\t\t\t<a href=\"https:\/\/www.portovenere.fr\/fr-fr\/carrelage-sol-et-mur-en-gres-cerame-et-faience\/carrelage-aspect-pierre\/carrelage-clair-aspect-pierre-calcaire-creana\/\">\n\t\t\t\t\t\t\t<img decoding=\"async\" src=\"https:\/\/www.portovenere.fr\/fr-fr\/wp-content\/uploads\/elementor\/thumbs\/Carrelage-grand-format-sol-et-mur-effet-pierre-naturelle-Creana-Ivory-salon-cuisine-contemporaine-120x120-au-sol-et-120x278-cm-au-mur-a-montpellier-34-r8iff0ss23blxa27vzsgtb6rgir09ag3dsufjisi8s.jpg\" title=\"Carrelage-grand-format-sol-et-mur-effet-pierre-naturelle-Creana-Ivory-salon-cuisine-contemporaine-120&#215;120-au-sol-et-120&#215;278-cm-au-mur-\u00e0-montpellier-34\" alt=\"Creana Ivory\" loading=\"lazy\" \/>\t\t\t\t\t\t\t\t<\/a>\n\t\t\t\t\t\t\t\t\t\t\t\t\t\t\t<\/div>\n\t\t\t\t<\/div>\n\t\t\t\t<div class=\"elementor-element elementor-element-2d7ac08 elementor-widget elementor-widget-text-editor\" data-id=\"2d7ac08\" data-element_type=\"widget\" data-e-type=\"widget\" data-widget_type=\"text-editor.default\">\n\t\t\t\t<div class=\"elementor-widget-container\">\n\t\t\t\t\t\t\t\t\t<p><strong>4 coloris<\/strong><\/p>\t\t\t\t\t\t\t\t<\/div>\n\t\t\t\t<\/div>\n\t\t\t\t<div class=\"elementor-element elementor-element-7c3e0a4 elementor-widget elementor-widget-gallery\" data-id=\"7c3e0a4\" data-element_type=\"widget\" data-e-type=\"widget\" data-settings=\"{&quot;columns&quot;:6,&quot;columns_tablet&quot;:4,&quot;columns_mobile&quot;:4,&quot;aspect_ratio&quot;:&quot;1:1&quot;,&quot;lazyload&quot;:&quot;yes&quot;,&quot;gallery_layout&quot;:&quot;grid&quot;,&quot;gap&quot;:{&quot;unit&quot;:&quot;px&quot;,&quot;size&quot;:10,&quot;sizes&quot;:[]},&quot;gap_tablet&quot;:{&quot;unit&quot;:&quot;px&quot;,&quot;size&quot;:10,&quot;sizes&quot;:[]},&quot;gap_mobile&quot;:{&quot;unit&quot;:&quot;px&quot;,&quot;size&quot;:10,&quot;sizes&quot;:[]},&quot;link_to&quot;:&quot;file&quot;,&quot;overlay_background&quot;:&quot;yes&quot;,&quot;content_hover_animation&quot;:&quot;fade-in&quot;}\" data-widget_type=\"gallery.default\">\n\t\t\t\t<div class=\"elementor-widget-container\">\n\t\t\t\t\t\t\t<div class=\"elementor-gallery__container\">\n\t\t\t\t\t\t\t<a class=\"e-gallery-item elementor-gallery-item elementor-animated-content\" href=\"https:\/\/www.portovenere.fr\/fr-fr\/wp-content\/uploads\/2024\/08\/Carrelage-pierre-claire-en-gres-cerame-effet-calcaire-Creana-White-Blanc-pour-interieur-et-exterieur-a-Montpellier-34.jpg\" data-elementor-open-lightbox=\"yes\" data-elementor-lightbox-slideshow=\"7c3e0a4\" data-elementor-lightbox-title=\"Carrelage-pierre-claire-en-gr\u00e8s-c\u00e9rame-effet-calcaire-Creana-White-Blanc-pour-interieur-et-exterieur-\u00e0-Montpellier-34\" data-e-action-hash=\"#elementor-action%3Aaction%3Dlightbox%26settings%3DeyJpZCI6NTI5MTUsInVybCI6Imh0dHBzOlwvXC93d3cucG9ydG92ZW5lcmUuZnJcL2ZyLWZyXC93cC1jb250ZW50XC91cGxvYWRzXC8yMDI0XC8wOFwvQ2FycmVsYWdlLXBpZXJyZS1jbGFpcmUtZW4tZ3Jlcy1jZXJhbWUtZWZmZXQtY2FsY2FpcmUtQ3JlYW5hLVdoaXRlLUJsYW5jLXBvdXItaW50ZXJpZXVyLWV0LWV4dGVyaWV1ci1hLU1vbnRwZWxsaWVyLTM0LmpwZyIsInNsaWRlc2hvdyI6IjdjM2UwYTQifQ%3D%3D\">\n\t\t\t\t\t<div class=\"e-gallery-image elementor-gallery-item__image\" data-thumbnail=\"https:\/\/www.portovenere.fr\/fr-fr\/wp-content\/uploads\/2024\/08\/Carrelage-pierre-claire-en-gres-cerame-effet-calcaire-Creana-White-Blanc-pour-interieur-et-exterieur-a-Montpellier-34-150x150.jpg\" data-width=\"150\" data-height=\"150\" aria-label=\"\" role=\"img\" ><\/div>\n\t\t\t\t\t\t\t\t\t\t\t<div class=\"elementor-gallery-item__overlay\"><\/div>\n\t\t\t\t\t\t\t\t\t\t\t\t\t\t<\/a>\n\t\t\t\t\t\t\t<a class=\"e-gallery-item elementor-gallery-item elementor-animated-content\" href=\"https:\/\/www.portovenere.fr\/fr-fr\/wp-content\/uploads\/2024\/08\/Carrelage-pierre-claire-en-gres-cerame-effet-calcaire-Creana-Sand-sable-pour-interieur-et-exterieur-pres-de-Vendargues-34.jpg\" data-elementor-open-lightbox=\"yes\" data-elementor-lightbox-slideshow=\"7c3e0a4\" data-elementor-lightbox-title=\"Carrelage-pierre-claire-en-gr\u00e8s-c\u00e9rame-effet-calcaire-Creana-Sand-sable-pour-interieur-et-exterieur-pr\u00e8s-de-Vendargues-34\" data-e-action-hash=\"#elementor-action%3Aaction%3Dlightbox%26settings%3DeyJpZCI6NTI5MTQsInVybCI6Imh0dHBzOlwvXC93d3cucG9ydG92ZW5lcmUuZnJcL2ZyLWZyXC93cC1jb250ZW50XC91cGxvYWRzXC8yMDI0XC8wOFwvQ2FycmVsYWdlLXBpZXJyZS1jbGFpcmUtZW4tZ3Jlcy1jZXJhbWUtZWZmZXQtY2FsY2FpcmUtQ3JlYW5hLVNhbmQtc2FibGUtcG91ci1pbnRlcmlldXItZXQtZXh0ZXJpZXVyLXByZXMtZGUtVmVuZGFyZ3Vlcy0zNC5qcGciLCJzbGlkZXNob3ciOiI3YzNlMGE0In0%3D\">\n\t\t\t\t\t<div class=\"e-gallery-image elementor-gallery-item__image\" data-thumbnail=\"https:\/\/www.portovenere.fr\/fr-fr\/wp-content\/uploads\/2024\/08\/Carrelage-pierre-claire-en-gres-cerame-effet-calcaire-Creana-Sand-sable-pour-interieur-et-exterieur-pres-de-Vendargues-34-150x150.jpg\" data-width=\"150\" data-height=\"150\" aria-label=\"\" role=\"img\" ><\/div>\n\t\t\t\t\t\t\t\t\t\t\t<div class=\"elementor-gallery-item__overlay\"><\/div>\n\t\t\t\t\t\t\t\t\t\t\t\t\t\t<\/a>\n\t\t\t\t\t\t\t<a class=\"e-gallery-item elementor-gallery-item elementor-animated-content\" href=\"https:\/\/www.portovenere.fr\/fr-fr\/wp-content\/uploads\/2024\/08\/Carrelage-pierre-claire-en-gres-cerame-effet-calcaire-Creana-Pearl-pour-interieur-et-exterieur-pres-de-Bouzigues-34.jpg\" data-elementor-open-lightbox=\"yes\" data-elementor-lightbox-slideshow=\"7c3e0a4\" data-elementor-lightbox-title=\"Carrelage-pierre-claire-en-gr\u00e8s-c\u00e9rame-effet-calcaire-Creana-Pearl-pour-interieur-et-exterieur-pr\u00e8s-de-Bouzigues-34\" data-e-action-hash=\"#elementor-action%3Aaction%3Dlightbox%26settings%3DeyJpZCI6NTI5MTMsInVybCI6Imh0dHBzOlwvXC93d3cucG9ydG92ZW5lcmUuZnJcL2ZyLWZyXC93cC1jb250ZW50XC91cGxvYWRzXC8yMDI0XC8wOFwvQ2FycmVsYWdlLXBpZXJyZS1jbGFpcmUtZW4tZ3Jlcy1jZXJhbWUtZWZmZXQtY2FsY2FpcmUtQ3JlYW5hLVBlYXJsLXBvdXItaW50ZXJpZXVyLWV0LWV4dGVyaWV1ci1wcmVzLWRlLUJvdXppZ3Vlcy0zNC5qcGciLCJzbGlkZXNob3ciOiI3YzNlMGE0In0%3D\">\n\t\t\t\t\t<div class=\"e-gallery-image elementor-gallery-item__image\" data-thumbnail=\"https:\/\/www.portovenere.fr\/fr-fr\/wp-content\/uploads\/2024\/08\/Carrelage-pierre-claire-en-gres-cerame-effet-calcaire-Creana-Pearl-pour-interieur-et-exterieur-pres-de-Bouzigues-34-150x150.jpg\" data-width=\"150\" data-height=\"150\" aria-label=\"\" role=\"img\" ><\/div>\n\t\t\t\t\t\t\t\t\t\t\t<div class=\"elementor-gallery-item__overlay\"><\/div>\n\t\t\t\t\t\t\t\t\t\t\t\t\t\t<\/a>\n\t\t\t\t\t\t\t<a class=\"e-gallery-item elementor-gallery-item elementor-animated-content\" href=\"https:\/\/www.portovenere.fr\/fr-fr\/wp-content\/uploads\/2024\/08\/Carrelage-pierre-claire-en-gres-cerame-effet-calcaire-Creana-Ivory-Ivoire-pour-interieur-et-exterieur-pres-de-Castelnau-le-lez-34.jpg\" data-elementor-open-lightbox=\"yes\" data-elementor-lightbox-slideshow=\"7c3e0a4\" data-elementor-lightbox-title=\"Carrelage-pierre-claire-en-gr\u00e8s-c\u00e9rame-effet-calcaire-Creana-Ivory-Ivoire-pour-interieur-et-exterieur-pr\u00e8s-de-Castelnau-le-lez-34\" data-e-action-hash=\"#elementor-action%3Aaction%3Dlightbox%26settings%3DeyJpZCI6NTI5MTIsInVybCI6Imh0dHBzOlwvXC93d3cucG9ydG92ZW5lcmUuZnJcL2ZyLWZyXC93cC1jb250ZW50XC91cGxvYWRzXC8yMDI0XC8wOFwvQ2FycmVsYWdlLXBpZXJyZS1jbGFpcmUtZW4tZ3Jlcy1jZXJhbWUtZWZmZXQtY2FsY2FpcmUtQ3JlYW5hLUl2b3J5LUl2b2lyZS1wb3VyLWludGVyaWV1ci1ldC1leHRlcmlldXItcHJlcy1kZS1DYXN0ZWxuYXUtbGUtbGV6LTM0LmpwZyIsInNsaWRlc2hvdyI6IjdjM2UwYTQifQ%3D%3D\">\n\t\t\t\t\t<div class=\"e-gallery-image elementor-gallery-item__image\" data-thumbnail=\"https:\/\/www.portovenere.fr\/fr-fr\/wp-content\/uploads\/2024\/08\/Carrelage-pierre-claire-en-gres-cerame-effet-calcaire-Creana-Ivory-Ivoire-pour-interieur-et-exterieur-pres-de-Castelnau-le-lez-34-150x150.jpg\" data-width=\"150\" data-height=\"150\" aria-label=\"\" role=\"img\" ><\/div>\n\t\t\t\t\t\t\t\t\t\t\t<div class=\"elementor-gallery-item__overlay\"><\/div>\n\t\t\t\t\t\t\t\t\t\t\t\t\t\t<\/a>\n\t\t\t\t\t<\/div>\n\t\t\t\t\t<\/div>\n\t\t\t\t<\/div>\n\t\t\t\t<div class=\"elementor-element elementor-element-2236292 elementor-widget elementor-widget-text-editor\" data-id=\"2236292\" data-element_type=\"widget\" data-e-type=\"widget\" data-widget_type=\"text-editor.default\">\n\t\t\t\t<div class=\"elementor-widget-container\">\n\t\t\t\t\t\t\t\t\t<p>Ce carrelage\u00a0<b>gr\u00e8s c\u00e9rame de belle qualit\u00e9\u00a0<\/b>reprend<b>\u00a0l\u2019esprit de la pierre naturelle calcaire\u00a0<\/b>avec les avantages du gr\u00e8s c\u00e9rame.<\/p><p>Il propose plusieurs formats \u00e0 poser au\u00a0<b>sol\u00a0<\/b>et au<b>\u00a0mur\u00a0<\/b>en\u00a0<b>int\u00e9rieur mais aussi en ext\u00e9rieur<\/b>\u00a0:\u00a0 60\u00d760 cm, 60\u00d760 cm, 60\u00d7120 cm, 120\u00d7120 cm et un format fine \u00e9paisseur XXL de 120\u00d7278 cm.\u00a0<\/p><p>Le carrelage effet pierre calcaire Creana est propos\u00e9 en dalles antid\u00e9rapantes de 2 cm d\u2019\u00e9paisseur pour une pose sur plots, pose coll\u00e9e, sur gazon, en tour de piscine ou terrasse (coloris Pearl et Ivory) formats : 60\u00d7120 cm et 60\u00d760 cm.<\/p><p>Une\u00a0<b>mosa\u00efque \u00ab\u00a0hexagonale\u00a0\u00bb<\/b>\u00a0ainsi qu\u2019une mosa\u00efque 30\u00d730 cm compl\u00e8tent cette collection de c\u00e9ramique contemporaine.\u00a0<\/p><p><b>4\u00a0coloris<\/b>\u00a0(<b>sable, ivoire, blanc et perle<\/b>) inspir\u00e9s de la nature\u00a0pour apporter une touche\u00a0douce et\u00a0naturelle \u00e0 vos espaces : salle de bain, terrasse, cuisine, s\u00e9jour, piscine, chambre\u2026<\/p>\t\t\t\t\t\t\t\t<\/div>\n\t\t\t\t<\/div>\n\t\t\t\t<div class=\"elementor-element elementor-element-2ecb09c elementor-mobile-align-center elementor-widget elementor-widget-button\" data-id=\"2ecb09c\" data-element_type=\"widget\" data-e-type=\"widget\" data-widget_type=\"button.default\">\n\t\t\t\t<div class=\"elementor-widget-container\">\n\t\t\t\t\t\t\t\t\t<div class=\"elementor-button-wrapper\">\n\t\t\t\t\t<a class=\"elementor-button elementor-button-link elementor-size-sm\" href=\"https:\/\/www.portovenere.fr\/fr-fr\/carrelage-sol-et-mur-en-gres-cerame-et-faience\/carrelage-aspect-pierre\/carrelage-clair-aspect-pierre-calcaire-creana\/\">\n\t\t\t\t\t\t<span class=\"elementor-button-content-wrapper\">\n\t\t\t\t\t\t\t\t\t<span class=\"elementor-button-text\">Voir la collection<\/span>\n\t\t\t\t\t<\/span>\n\t\t\t\t\t<\/a>\n\t\t\t\t<\/div>\n\t\t\t\t\t\t\t\t<\/div>\n\t\t\t\t<\/div>\n\t\t\t\t<div class=\"elementor-element elementor-element-60f73f5 elementor-widget elementor-widget-spacer\" data-id=\"60f73f5\" data-element_type=\"widget\" data-e-type=\"widget\" data-widget_type=\"spacer.default\">\n\t\t\t\t<div class=\"elementor-widget-container\">\n\t\t\t\t\t\t\t<div class=\"elementor-spacer\">\n\t\t\t<div class=\"elementor-spacer-inner\"><\/div>\n\t\t<\/div>\n\t\t\t\t\t\t<\/div>\n\t\t\t\t<\/div>\n\t\t\t\t\t<\/div>\n\t\t<\/div>\n\t\t\t\t<div class=\"elementor-column elementor-col-33 elementor-top-column elementor-element elementor-element-27b01d9 elementor-invisible\" data-id=\"27b01d9\" data-element_type=\"column\" data-e-type=\"column\" data-settings=\"{&quot;animation&quot;:&quot;fadeIn&quot;,&quot;background_background&quot;:&quot;classic&quot;}\">\n\t\t\t<div class=\"elementor-widget-wrap elementor-element-populated\">\n\t\t\t\t\t\t<div class=\"elementor-element elementor-element-92dd876 elementor-widget elementor-widget-heading\" data-id=\"92dd876\" data-element_type=\"widget\" data-e-type=\"widget\" data-widget_type=\"heading.default\">\n\t\t\t\t<div class=\"elementor-widget-container\">\n\t\t\t\t\t<h3 class=\"elementor-heading-title elementor-size-default\"><a href=\"https:\/\/www.portovenere.fr\/fr-fr\/carrelage-sol-et-mur-en-gres-cerame-et-faience\/carrelage-aspect-pierre\/carrelage-clair-esprit-pierre-naturelle-ondrata\/\">ONDRATA<\/a><\/h3>\t\t\t\t<\/div>\n\t\t\t\t<\/div>\n\t\t\t\t<div class=\"elementor-element elementor-element-8921ebb elementor-widget elementor-widget-image\" data-id=\"8921ebb\" data-element_type=\"widget\" data-e-type=\"widget\" data-widget_type=\"image.default\">\n\t\t\t\t<div class=\"elementor-widget-container\">\n\t\t\t\t\t\t\t\t\t\t\t\t\t\t\t\t<a href=\"https:\/\/www.portovenere.fr\/fr-fr\/carrelage-sol-et-mur-en-gres-cerame-et-faience\/carrelage-aspect-pierre\/carrelage-clair-esprit-pierre-naturelle-ondrata\/\">\n\t\t\t\t\t\t\t<img decoding=\"async\" src=\"https:\/\/www.portovenere.fr\/fr-fr\/wp-content\/uploads\/elementor\/thumbs\/Carrelage-interieur-et-exterieur-aspect-pierre-et-travertin-Ondrata-Cream-haute-qualite-proche-de-Beziers-34-r8ifnpt19x83bffk4938dm799tw8ghypku34cnweos.jpg\" title=\"Carrelage-int\u00e9rieur-et-ext\u00e9rieur-aspect-pierre-et-travertin-Ondrata-Cream-haute-qualit\u00e9-proche-de-B\u00e9ziers-34\" alt=\"Carrelage-int\u00e9rieur-et-ext\u00e9rieur-aspect-pierre-et-travertin-Ondrata-Cream-haute-qualit\u00e9-proche-de-B\u00e9ziers-34\" loading=\"lazy\" \/>\t\t\t\t\t\t\t\t<\/a>\n\t\t\t\t\t\t\t\t\t\t\t\t\t\t\t<\/div>\n\t\t\t\t<\/div>\n\t\t\t\t<div class=\"elementor-element elementor-element-af09f4b elementor-widget elementor-widget-text-editor\" data-id=\"af09f4b\" data-element_type=\"widget\" data-e-type=\"widget\" data-widget_type=\"text-editor.default\">\n\t\t\t\t<div class=\"elementor-widget-container\">\n\t\t\t\t\t\t\t\t\t<p><strong>3 coloris et 2 styles<\/strong><\/p>\t\t\t\t\t\t\t\t<\/div>\n\t\t\t\t<\/div>\n\t\t\t\t<div class=\"elementor-element elementor-element-38ef75e elementor-widget elementor-widget-gallery\" data-id=\"38ef75e\" data-element_type=\"widget\" data-e-type=\"widget\" data-settings=\"{&quot;columns&quot;:6,&quot;columns_tablet&quot;:4,&quot;columns_mobile&quot;:4,&quot;aspect_ratio&quot;:&quot;1:1&quot;,&quot;lazyload&quot;:&quot;yes&quot;,&quot;gallery_layout&quot;:&quot;grid&quot;,&quot;gap&quot;:{&quot;unit&quot;:&quot;px&quot;,&quot;size&quot;:10,&quot;sizes&quot;:[]},&quot;gap_tablet&quot;:{&quot;unit&quot;:&quot;px&quot;,&quot;size&quot;:10,&quot;sizes&quot;:[]},&quot;gap_mobile&quot;:{&quot;unit&quot;:&quot;px&quot;,&quot;size&quot;:10,&quot;sizes&quot;:[]},&quot;link_to&quot;:&quot;file&quot;,&quot;overlay_background&quot;:&quot;yes&quot;,&quot;content_hover_animation&quot;:&quot;fade-in&quot;}\" data-widget_type=\"gallery.default\">\n\t\t\t\t<div class=\"elementor-widget-container\">\n\t\t\t\t\t\t\t<div class=\"elementor-gallery__container\">\n\t\t\t\t\t\t\t<a class=\"e-gallery-item elementor-gallery-item elementor-animated-content\" href=\"https:\/\/www.portovenere.fr\/fr-fr\/wp-content\/uploads\/2024\/10\/Carrelage-esprit-pierre-clair-Ondrata-Ond-Creme-beige-sable-gres-cerame-pour-sol-et-mur-magasin-Porto-Venere-pres-de-Sete-34.jpg\" data-elementor-open-lightbox=\"yes\" data-elementor-lightbox-slideshow=\"38ef75e\" data-elementor-lightbox-title=\"Carrelage-esprit-pierre-clair-Ondrata-Ond-Cr\u00e8me-beige-sable-gr\u00e8s-c\u00e9rame-pour-sol-et-mur-magasin-Porto-Venere-pr\u00e8s-de-S\u00e8te-34\" data-e-action-hash=\"#elementor-action%3Aaction%3Dlightbox%26settings%3DeyJpZCI6NTQ0OTIsInVybCI6Imh0dHBzOlwvXC93d3cucG9ydG92ZW5lcmUuZnJcL2ZyLWZyXC93cC1jb250ZW50XC91cGxvYWRzXC8yMDI0XC8xMFwvQ2FycmVsYWdlLWVzcHJpdC1waWVycmUtY2xhaXItT25kcmF0YS1PbmQtQ3JlbWUtYmVpZ2Utc2FibGUtZ3Jlcy1jZXJhbWUtcG91ci1zb2wtZXQtbXVyLW1hZ2FzaW4tUG9ydG8tVmVuZXJlLXByZXMtZGUtU2V0ZS0zNC5qcGciLCJzbGlkZXNob3ciOiIzOGVmNzVlIn0%3D\">\n\t\t\t\t\t<div class=\"e-gallery-image elementor-gallery-item__image\" data-thumbnail=\"https:\/\/www.portovenere.fr\/fr-fr\/wp-content\/uploads\/2024\/10\/Carrelage-esprit-pierre-clair-Ondrata-Ond-Creme-beige-sable-gres-cerame-pour-sol-et-mur-magasin-Porto-Venere-pres-de-Sete-34-150x150.jpg\" data-width=\"150\" data-height=\"150\" aria-label=\"\" role=\"img\" ><\/div>\n\t\t\t\t\t\t\t\t\t\t\t<div class=\"elementor-gallery-item__overlay\"><\/div>\n\t\t\t\t\t\t\t\t\t\t\t\t\t\t<\/a>\n\t\t\t\t\t\t\t<a class=\"e-gallery-item elementor-gallery-item elementor-animated-content\" href=\"https:\/\/www.portovenere.fr\/fr-fr\/wp-content\/uploads\/2024\/10\/Carrelage-esprit-pierre-clair-Ondrata-Ond-Ivoire-gres-cerame-pour-sol-et-mur-magasin-Porto-Venere-pres-de-Pezenas-34.jpg\" data-elementor-open-lightbox=\"yes\" data-elementor-lightbox-slideshow=\"38ef75e\" data-elementor-lightbox-title=\"Carrelage-esprit-pierre-clair-Ondrata-Ond-Ivoire-gr\u00e8s-c\u00e9rame-pour-sol-et-mur-magasin-Porto-Venere-pr\u00e8s-de-Pezenas-34\" data-e-action-hash=\"#elementor-action%3Aaction%3Dlightbox%26settings%3DeyJpZCI6NTQ0OTMsInVybCI6Imh0dHBzOlwvXC93d3cucG9ydG92ZW5lcmUuZnJcL2ZyLWZyXC93cC1jb250ZW50XC91cGxvYWRzXC8yMDI0XC8xMFwvQ2FycmVsYWdlLWVzcHJpdC1waWVycmUtY2xhaXItT25kcmF0YS1PbmQtSXZvaXJlLWdyZXMtY2VyYW1lLXBvdXItc29sLWV0LW11ci1tYWdhc2luLVBvcnRvLVZlbmVyZS1wcmVzLWRlLVBlemVuYXMtMzQuanBnIiwic2xpZGVzaG93IjoiMzhlZjc1ZSJ9\">\n\t\t\t\t\t<div class=\"e-gallery-image elementor-gallery-item__image\" data-thumbnail=\"https:\/\/www.portovenere.fr\/fr-fr\/wp-content\/uploads\/2024\/10\/Carrelage-esprit-pierre-clair-Ondrata-Ond-Ivoire-gres-cerame-pour-sol-et-mur-magasin-Porto-Venere-pres-de-Pezenas-34-150x150.jpg\" data-width=\"150\" data-height=\"150\" aria-label=\"\" role=\"img\" ><\/div>\n\t\t\t\t\t\t\t\t\t\t\t<div class=\"elementor-gallery-item__overlay\"><\/div>\n\t\t\t\t\t\t\t\t\t\t\t\t\t\t<\/a>\n\t\t\t\t\t\t\t<a class=\"e-gallery-item elementor-gallery-item elementor-animated-content\" href=\"https:\/\/www.portovenere.fr\/fr-fr\/wp-content\/uploads\/2024\/10\/Carrelage-esprit-pierre-grise-Ondrata-Ond-Grey-pour-sol-et-mur-interieur-et-exterieur-magasin-Porto-Venere-pres-de-Juvignac-34.jpg\" data-elementor-open-lightbox=\"yes\" data-elementor-lightbox-slideshow=\"38ef75e\" data-elementor-lightbox-title=\"Carrelage-esprit-pierre-grise-Ondrata-Ond-Grey-pour-sol-et-mur-int\u00e9rieur-et-ext\u00e9rieur-magasin-Porto-Venere-pr\u00e8s-de-Juvignac-34\" data-e-action-hash=\"#elementor-action%3Aaction%3Dlightbox%26settings%3DeyJpZCI6NTQ0OTQsInVybCI6Imh0dHBzOlwvXC93d3cucG9ydG92ZW5lcmUuZnJcL2ZyLWZyXC93cC1jb250ZW50XC91cGxvYWRzXC8yMDI0XC8xMFwvQ2FycmVsYWdlLWVzcHJpdC1waWVycmUtZ3Jpc2UtT25kcmF0YS1PbmQtR3JleS1wb3VyLXNvbC1ldC1tdXItaW50ZXJpZXVyLWV0LWV4dGVyaWV1ci1tYWdhc2luLVBvcnRvLVZlbmVyZS1wcmVzLWRlLUp1dmlnbmFjLTM0LmpwZyIsInNsaWRlc2hvdyI6IjM4ZWY3NWUifQ%3D%3D\">\n\t\t\t\t\t<div class=\"e-gallery-image elementor-gallery-item__image\" data-thumbnail=\"https:\/\/www.portovenere.fr\/fr-fr\/wp-content\/uploads\/2024\/10\/Carrelage-esprit-pierre-grise-Ondrata-Ond-Grey-pour-sol-et-mur-interieur-et-exterieur-magasin-Porto-Venere-pres-de-Juvignac-34-150x150.jpg\" data-width=\"150\" data-height=\"150\" aria-label=\"\" role=\"img\" ><\/div>\n\t\t\t\t\t\t\t\t\t\t\t<div class=\"elementor-gallery-item__overlay\"><\/div>\n\t\t\t\t\t\t\t\t\t\t\t\t\t\t<\/a>\n\t\t\t\t\t\t\t<a class=\"e-gallery-item elementor-gallery-item elementor-animated-content\" href=\"https:\/\/www.portovenere.fr\/fr-fr\/wp-content\/uploads\/2024\/10\/Carrelage-esprit-travertin-clair-Ondrata-In-Creme-beige-sable-gres-cerame-pour-sol-et-mur-magasin-Porto-Venere-pres-de-Villeneuve-les-maguelone-34.jpg\" data-elementor-open-lightbox=\"yes\" data-elementor-lightbox-slideshow=\"38ef75e\" data-elementor-lightbox-title=\"Carrelage-esprit-travertin-clair-Ondrata-In-Cr\u00e8me-beige-sable-gr\u00e8s-c\u00e9rame-pour-sol-et-mur-magasin-Porto-Venere-pr\u00e8s-de-Villeneuve-les-maguelone-34\" data-e-action-hash=\"#elementor-action%3Aaction%3Dlightbox%26settings%3DeyJpZCI6NTQ0OTUsInVybCI6Imh0dHBzOlwvXC93d3cucG9ydG92ZW5lcmUuZnJcL2ZyLWZyXC93cC1jb250ZW50XC91cGxvYWRzXC8yMDI0XC8xMFwvQ2FycmVsYWdlLWVzcHJpdC10cmF2ZXJ0aW4tY2xhaXItT25kcmF0YS1Jbi1DcmVtZS1iZWlnZS1zYWJsZS1ncmVzLWNlcmFtZS1wb3VyLXNvbC1ldC1tdXItbWFnYXNpbi1Qb3J0by1WZW5lcmUtcHJlcy1kZS1WaWxsZW5ldXZlLWxlcy1tYWd1ZWxvbmUtMzQuanBnIiwic2xpZGVzaG93IjoiMzhlZjc1ZSJ9\">\n\t\t\t\t\t<div class=\"e-gallery-image elementor-gallery-item__image\" data-thumbnail=\"https:\/\/www.portovenere.fr\/fr-fr\/wp-content\/uploads\/2024\/10\/Carrelage-esprit-travertin-clair-Ondrata-In-Creme-beige-sable-gres-cerame-pour-sol-et-mur-magasin-Porto-Venere-pres-de-Villeneuve-les-maguelone-34-150x150.jpg\" data-width=\"150\" data-height=\"150\" aria-label=\"\" role=\"img\" ><\/div>\n\t\t\t\t\t\t\t\t\t\t\t<div class=\"elementor-gallery-item__overlay\"><\/div>\n\t\t\t\t\t\t\t\t\t\t\t\t\t\t<\/a>\n\t\t\t\t\t\t\t<a class=\"e-gallery-item elementor-gallery-item elementor-animated-content\" href=\"https:\/\/www.portovenere.fr\/fr-fr\/wp-content\/uploads\/2024\/10\/Carrelage-esprit-travertin-clair-Ondrata-In-Ivoire-gres-cerame-pour-sol-et-mur-magasin-Porto-Venere-pres-de-Perols-34.jpg\" data-elementor-open-lightbox=\"yes\" data-elementor-lightbox-slideshow=\"38ef75e\" data-elementor-lightbox-title=\"Carrelage-esprit-travertin-clair-Ondrata-In-Ivoire-gr\u00e8s-c\u00e9rame-pour-sol-et-mur-magasin-Porto-Venere-pr\u00e8s-de-P\u00e9rols-34\" data-e-action-hash=\"#elementor-action%3Aaction%3Dlightbox%26settings%3DeyJpZCI6NTQ0OTYsInVybCI6Imh0dHBzOlwvXC93d3cucG9ydG92ZW5lcmUuZnJcL2ZyLWZyXC93cC1jb250ZW50XC91cGxvYWRzXC8yMDI0XC8xMFwvQ2FycmVsYWdlLWVzcHJpdC10cmF2ZXJ0aW4tY2xhaXItT25kcmF0YS1Jbi1Jdm9pcmUtZ3Jlcy1jZXJhbWUtcG91ci1zb2wtZXQtbXVyLW1hZ2FzaW4tUG9ydG8tVmVuZXJlLXByZXMtZGUtUGVyb2xzLTM0LmpwZyIsInNsaWRlc2hvdyI6IjM4ZWY3NWUifQ%3D%3D\">\n\t\t\t\t\t<div class=\"e-gallery-image elementor-gallery-item__image\" data-thumbnail=\"https:\/\/www.portovenere.fr\/fr-fr\/wp-content\/uploads\/2024\/10\/Carrelage-esprit-travertin-clair-Ondrata-In-Ivoire-gres-cerame-pour-sol-et-mur-magasin-Porto-Venere-pres-de-Perols-34-150x150.jpg\" data-width=\"150\" data-height=\"150\" aria-label=\"\" role=\"img\" ><\/div>\n\t\t\t\t\t\t\t\t\t\t\t<div class=\"elementor-gallery-item__overlay\"><\/div>\n\t\t\t\t\t\t\t\t\t\t\t\t\t\t<\/a>\n\t\t\t\t\t\t\t<a class=\"e-gallery-item elementor-gallery-item elementor-animated-content\" href=\"https:\/\/www.portovenere.fr\/fr-fr\/wp-content\/uploads\/2024\/10\/Carrelage-esprit-travertin-gris-clair-Ondrata-In-Grey-gres-cerame-pour-sol-et-mur-magasin-Porto-Venere-pres-de-Lunel-34.jpg\" data-elementor-open-lightbox=\"yes\" data-elementor-lightbox-slideshow=\"38ef75e\" data-elementor-lightbox-title=\"Carrelage-esprit-travertin-gris-clair-Ondrata-In-Grey-gr\u00e8s-c\u00e9rame-pour-sol-et-mur-magasin-Porto-Venere-pr\u00e8s-de-Lunel-34\" data-e-action-hash=\"#elementor-action%3Aaction%3Dlightbox%26settings%3DeyJpZCI6NTQ0OTcsInVybCI6Imh0dHBzOlwvXC93d3cucG9ydG92ZW5lcmUuZnJcL2ZyLWZyXC93cC1jb250ZW50XC91cGxvYWRzXC8yMDI0XC8xMFwvQ2FycmVsYWdlLWVzcHJpdC10cmF2ZXJ0aW4tZ3Jpcy1jbGFpci1PbmRyYXRhLUluLUdyZXktZ3Jlcy1jZXJhbWUtcG91ci1zb2wtZXQtbXVyLW1hZ2FzaW4tUG9ydG8tVmVuZXJlLXByZXMtZGUtTHVuZWwtMzQuanBnIiwic2xpZGVzaG93IjoiMzhlZjc1ZSJ9\">\n\t\t\t\t\t<div class=\"e-gallery-image elementor-gallery-item__image\" data-thumbnail=\"https:\/\/www.portovenere.fr\/fr-fr\/wp-content\/uploads\/2024\/10\/Carrelage-esprit-travertin-gris-clair-Ondrata-In-Grey-gres-cerame-pour-sol-et-mur-magasin-Porto-Venere-pres-de-Lunel-34-150x150.jpg\" data-width=\"150\" data-height=\"150\" aria-label=\"\" role=\"img\" ><\/div>\n\t\t\t\t\t\t\t\t\t\t\t<div class=\"elementor-gallery-item__overlay\"><\/div>\n\t\t\t\t\t\t\t\t\t\t\t\t\t\t<\/a>\n\t\t\t\t\t<\/div>\n\t\t\t\t\t<\/div>\n\t\t\t\t<\/div>\n\t\t\t\t<div class=\"elementor-element elementor-element-8ace257 elementor-widget elementor-widget-text-editor\" data-id=\"8ace257\" data-element_type=\"widget\" data-e-type=\"widget\" data-widget_type=\"text-editor.default\">\n\t\t\t\t<div class=\"elementor-widget-container\">\n\t\t\t\t\t\t\t\t\t<p>La collection de carrelage Ondrata exprime tout le charme de la pierre naturelle.\u00a0<\/p><p>D\u00e9clin\u00e9 en effet travertin ou en effet pierre, le gr\u00e8s c\u00e9rame Ondrata offre 3 teintes claires : Ivoire, Cr\u00e8me et Gris clair.\u00a0<\/p><p>Le carrelage Ondrata se pose au\u00a0<b>sol et au mur en int\u00e9rieur et ext\u00e9rieur<\/b>\u00a0gr\u00e2ce \u00e0 sa finition\u00a0<b>antid\u00e9rapante<\/b>\u00a0en \u00e9paisseur 8,5 et 9,5 mm mais aussi en dalles de 20 mm d\u2019\u00e9paisseur.<\/p><p>Ondrata propose un\u00a0<b>maxi format 120\u00d7280<\/b>\u00a0cm\u00a0<b>fine \u00e9paisseur 6 mm<\/b>\u00a0ainsi que les formats suivants :\u00a0120\u00d7120 cm, , 100\u00d7100 cm, 60\u00d7120 cm, 60\u00d760 cm, 30\u00d760 cm- finition\u00a0<b>mat (naturel), Wax (poli) ou antid\u00e9rapant\u00a0<\/b><i>(selon les formats).<\/i><\/p><p>Un d\u00e9cor mural Lines avec des lignes en format 60\u00d7120 cm ainsi qu\u2019une\u00a0mosaique en 30\u00d730 cm et mosa\u00efque hexagonale compl\u00e8tent cette collection de carrelage clair esprit pierre naturelle.<\/p>\t\t\t\t\t\t\t\t<\/div>\n\t\t\t\t<\/div>\n\t\t\t\t<div class=\"elementor-element elementor-element-f606521 elementor-mobile-align-center elementor-widget elementor-widget-button\" data-id=\"f606521\" data-element_type=\"widget\" data-e-type=\"widget\" data-widget_type=\"button.default\">\n\t\t\t\t<div class=\"elementor-widget-container\">\n\t\t\t\t\t\t\t\t\t<div class=\"elementor-button-wrapper\">\n\t\t\t\t\t<a class=\"elementor-button elementor-button-link elementor-size-sm\" href=\"https:\/\/www.portovenere.fr\/fr-fr\/carrelage-sol-et-mur-en-gres-cerame-et-faience\/carrelage-aspect-pierre\/carrelage-clair-esprit-pierre-naturelle-ondrata\/\">\n\t\t\t\t\t\t<span class=\"elementor-button-content-wrapper\">\n\t\t\t\t\t\t\t\t\t<span class=\"elementor-button-text\">Voir la collection<\/span>\n\t\t\t\t\t<\/span>\n\t\t\t\t\t<\/a>\n\t\t\t\t<\/div>\n\t\t\t\t\t\t\t\t<\/div>\n\t\t\t\t<\/div>\n\t\t\t\t<div class=\"elementor-element elementor-element-9fe4f8a elementor-widget elementor-widget-spacer\" data-id=\"9fe4f8a\" data-element_type=\"widget\" data-e-type=\"widget\" data-widget_type=\"spacer.default\">\n\t\t\t\t<div class=\"elementor-widget-container\">\n\t\t\t\t\t\t\t<div class=\"elementor-spacer\">\n\t\t\t<div class=\"elementor-spacer-inner\"><\/div>\n\t\t<\/div>\n\t\t\t\t\t\t<\/div>\n\t\t\t\t<\/div>\n\t\t\t\t\t<\/div>\n\t\t<\/div>\n\t\t\t\t\t<\/div>\n\t\t<\/section>\n\t\t\t\t<section class=\"elementor-section elementor-top-section elementor-element elementor-element-9b17c29 elementor-section-full_width elementor-section-height-default elementor-section-height-default elementor-invisible\" data-id=\"9b17c29\" data-element_type=\"section\" data-e-type=\"section\" data-settings=\"{&quot;animation&quot;:&quot;fadeIn&quot;}\">\n\t\t\t\t\t\t<div class=\"elementor-container elementor-column-gap-default\">\n\t\t\t\t\t<div class=\"elementor-column elementor-col-33 elementor-top-column elementor-element elementor-element-58344c6\" data-id=\"58344c6\" data-element_type=\"column\" data-e-type=\"column\" data-settings=\"{&quot;background_background&quot;:&quot;classic&quot;}\">\n\t\t\t<div class=\"elementor-widget-wrap elementor-element-populated\">\n\t\t\t\t\t\t<div class=\"elementor-element elementor-element-3c60510 elementor-widget elementor-widget-heading\" data-id=\"3c60510\" data-element_type=\"widget\" data-e-type=\"widget\" data-widget_type=\"heading.default\">\n\t\t\t\t<div class=\"elementor-widget-container\">\n\t\t\t\t\t<h3 class=\"elementor-heading-title elementor-size-default\"><a href=\"https:\/\/www.portovenere.fr\/fr-fr\/carrelage-sol-et-mur-en-gres-cerame-et-faience\/carrelage-aspect-pierre\/carrelage-grand-format-effet-pierre-majorque\/\">MAJORQUE<\/a><\/h3>\t\t\t\t<\/div>\n\t\t\t\t<\/div>\n\t\t\t\t<div class=\"elementor-element elementor-element-d77a3fe elementor-widget elementor-widget-image\" data-id=\"d77a3fe\" data-element_type=\"widget\" data-e-type=\"widget\" data-widget_type=\"image.default\">\n\t\t\t\t<div class=\"elementor-widget-container\">\n\t\t\t\t\t\t\t\t\t\t\t\t\t\t\t\t<a href=\"https:\/\/www.portovenere.fr\/fr-fr\/carrelage-sol-et-mur-en-gres-cerame-et-faience\/carrelage-aspect-pierre\/carrelage-grand-format-effet-pierre-majorque\/\">\n\t\t\t\t\t\t\t<img decoding=\"async\" src=\"https:\/\/www.portovenere.fr\/fr-fr\/wp-content\/uploads\/elementor\/thumbs\/Carrelege-effet-pierre-120x120-cm-interieur-et-exterieur-nombreux-formats-et-coloris-MAJORQUE-Beige-Ancienne-magasin-proche-de-Baillargues-34-r8ig2yqs563jnpa72udctrog6uqlbqhycb2om9ahr0.jpg\" title=\"Carrelege-effet-pierre-120&#215;120-cm-int\u00e9rieur-et-ext\u00e9rieur-nombreux-formats-et-coloris-MAJORQUE-Beige-Ancienne-magasin-proche-de-Baillargues-34\" alt=\"Beige Ancienne 120x120 cm\" loading=\"lazy\" \/>\t\t\t\t\t\t\t\t<\/a>\n\t\t\t\t\t\t\t\t\t\t\t\t\t\t\t<\/div>\n\t\t\t\t<\/div>\n\t\t\t\t<div class=\"elementor-element elementor-element-83f6361 elementor-widget elementor-widget-text-editor\" data-id=\"83f6361\" data-element_type=\"widget\" data-e-type=\"widget\" data-widget_type=\"text-editor.default\">\n\t\t\t\t<div class=\"elementor-widget-container\">\n\t\t\t\t\t\t\t\t\t<p><strong>5 coloris et 2 styles<\/strong><\/p>\t\t\t\t\t\t\t\t<\/div>\n\t\t\t\t<\/div>\n\t\t\t\t<div class=\"elementor-element elementor-element-fb00cc9 elementor-widget elementor-widget-gallery\" data-id=\"fb00cc9\" data-element_type=\"widget\" data-e-type=\"widget\" data-settings=\"{&quot;columns&quot;:6,&quot;columns_tablet&quot;:4,&quot;columns_mobile&quot;:4,&quot;aspect_ratio&quot;:&quot;1:1&quot;,&quot;lazyload&quot;:&quot;yes&quot;,&quot;gallery_layout&quot;:&quot;grid&quot;,&quot;gap&quot;:{&quot;unit&quot;:&quot;px&quot;,&quot;size&quot;:10,&quot;sizes&quot;:[]},&quot;gap_tablet&quot;:{&quot;unit&quot;:&quot;px&quot;,&quot;size&quot;:10,&quot;sizes&quot;:[]},&quot;gap_mobile&quot;:{&quot;unit&quot;:&quot;px&quot;,&quot;size&quot;:10,&quot;sizes&quot;:[]},&quot;link_to&quot;:&quot;file&quot;,&quot;overlay_background&quot;:&quot;yes&quot;,&quot;content_hover_animation&quot;:&quot;fade-in&quot;}\" data-widget_type=\"gallery.default\">\n\t\t\t\t<div class=\"elementor-widget-container\">\n\t\t\t\t\t\t\t<div class=\"elementor-gallery__container\">\n\t\t\t\t\t\t\t<a class=\"e-gallery-item elementor-gallery-item elementor-animated-content\" href=\"https:\/\/www.portovenere.fr\/fr-fr\/wp-content\/uploads\/2025\/05\/Carrelege-effet-pierre-interieur-et-exterieur-petits-et-grands-formats-MAJORQUE-Blanc-Ancienne-magasin-proche-de-Agde-34.jpg\" data-elementor-open-lightbox=\"yes\" data-elementor-lightbox-slideshow=\"fb00cc9\" data-elementor-lightbox-title=\"Carrelege-effet-pierre-int\u00e9rieur-et-ext\u00e9rieur-petits-et-grands-formats-MAJORQUE-Blanc-Ancienne-magasin-proche-de-Agde-34\" data-e-action-hash=\"#elementor-action%3Aaction%3Dlightbox%26settings%3DeyJpZCI6NTkwMzQsInVybCI6Imh0dHBzOlwvXC93d3cucG9ydG92ZW5lcmUuZnJcL2ZyLWZyXC93cC1jb250ZW50XC91cGxvYWRzXC8yMDI1XC8wNVwvQ2FycmVsZWdlLWVmZmV0LXBpZXJyZS1pbnRlcmlldXItZXQtZXh0ZXJpZXVyLXBldGl0cy1ldC1ncmFuZHMtZm9ybWF0cy1NQUpPUlFVRS1CbGFuYy1BbmNpZW5uZS1tYWdhc2luLXByb2NoZS1kZS1BZ2RlLTM0LmpwZyIsInNsaWRlc2hvdyI6ImZiMDBjYzkifQ%3D%3D\">\n\t\t\t\t\t<div class=\"e-gallery-image elementor-gallery-item__image\" data-thumbnail=\"https:\/\/www.portovenere.fr\/fr-fr\/wp-content\/uploads\/2025\/05\/Carrelege-effet-pierre-interieur-et-exterieur-petits-et-grands-formats-MAJORQUE-Blanc-Ancienne-magasin-proche-de-Agde-34-150x150.jpg\" data-width=\"150\" data-height=\"150\" aria-label=\"\" role=\"img\" ><\/div>\n\t\t\t\t\t\t\t\t\t\t\t<div class=\"elementor-gallery-item__overlay\"><\/div>\n\t\t\t\t\t\t\t\t\t\t\t\t\t\t<\/a>\n\t\t\t\t\t\t\t<a class=\"e-gallery-item elementor-gallery-item elementor-animated-content\" href=\"https:\/\/www.portovenere.fr\/fr-fr\/wp-content\/uploads\/2025\/05\/Carrelege-effet-pierre-interieur-et-exterieur-petits-et-grands-formats-MAJORQUE-Gris-Ancienne-magasin-proche-de-Meze-34.jpg\" data-elementor-open-lightbox=\"yes\" data-elementor-lightbox-slideshow=\"fb00cc9\" data-elementor-lightbox-title=\"Carrelege-effet-pierre-int\u00e9rieur-et-ext\u00e9rieur-petits-et-grands-formats-MAJORQUE-Gris-Ancienne-magasin-proche-de-M\u00e8ze-34\" data-e-action-hash=\"#elementor-action%3Aaction%3Dlightbox%26settings%3DeyJpZCI6NTkwMzYsInVybCI6Imh0dHBzOlwvXC93d3cucG9ydG92ZW5lcmUuZnJcL2ZyLWZyXC93cC1jb250ZW50XC91cGxvYWRzXC8yMDI1XC8wNVwvQ2FycmVsZWdlLWVmZmV0LXBpZXJyZS1pbnRlcmlldXItZXQtZXh0ZXJpZXVyLXBldGl0cy1ldC1ncmFuZHMtZm9ybWF0cy1NQUpPUlFVRS1HcmlzLUFuY2llbm5lLW1hZ2FzaW4tcHJvY2hlLWRlLU1lemUtMzQuanBnIiwic2xpZGVzaG93IjoiZmIwMGNjOSJ9\">\n\t\t\t\t\t<div class=\"e-gallery-image elementor-gallery-item__image\" data-thumbnail=\"https:\/\/www.portovenere.fr\/fr-fr\/wp-content\/uploads\/2025\/05\/Carrelege-effet-pierre-interieur-et-exterieur-petits-et-grands-formats-MAJORQUE-Gris-Ancienne-magasin-proche-de-Meze-34-150x150.jpg\" data-width=\"150\" data-height=\"150\" aria-label=\"\" role=\"img\" ><\/div>\n\t\t\t\t\t\t\t\t\t\t\t<div class=\"elementor-gallery-item__overlay\"><\/div>\n\t\t\t\t\t\t\t\t\t\t\t\t\t\t<\/a>\n\t\t\t\t\t\t\t<a class=\"e-gallery-item elementor-gallery-item elementor-animated-content\" href=\"https:\/\/www.portovenere.fr\/fr-fr\/wp-content\/uploads\/2025\/05\/Carrelege-effet-pierre-interieur-et-exterieur-petits-et-grands-formats-MAJORQUE-Naturel-Ancienne-magasin-proche-de-Bouzigues-34.jpg\" data-elementor-open-lightbox=\"yes\" data-elementor-lightbox-slideshow=\"fb00cc9\" data-elementor-lightbox-title=\"Carrelege-effet-pierre-int\u00e9rieur-et-ext\u00e9rieur-petits-et-grands-formats-MAJORQUE-Naturel-Ancienne-magasin-proche-de-Bouzigues-34\" data-e-action-hash=\"#elementor-action%3Aaction%3Dlightbox%26settings%3DeyJpZCI6NTkwMzgsInVybCI6Imh0dHBzOlwvXC93d3cucG9ydG92ZW5lcmUuZnJcL2ZyLWZyXC93cC1jb250ZW50XC91cGxvYWRzXC8yMDI1XC8wNVwvQ2FycmVsZWdlLWVmZmV0LXBpZXJyZS1pbnRlcmlldXItZXQtZXh0ZXJpZXVyLXBldGl0cy1ldC1ncmFuZHMtZm9ybWF0cy1NQUpPUlFVRS1OYXR1cmVsLUFuY2llbm5lLW1hZ2FzaW4tcHJvY2hlLWRlLUJvdXppZ3Vlcy0zNC5qcGciLCJzbGlkZXNob3ciOiJmYjAwY2M5In0%3D\">\n\t\t\t\t\t<div class=\"e-gallery-image elementor-gallery-item__image\" data-thumbnail=\"https:\/\/www.portovenere.fr\/fr-fr\/wp-content\/uploads\/2025\/05\/Carrelege-effet-pierre-interieur-et-exterieur-petits-et-grands-formats-MAJORQUE-Naturel-Ancienne-magasin-proche-de-Bouzigues-34-150x150.jpg\" data-width=\"150\" data-height=\"150\" aria-label=\"\" role=\"img\" ><\/div>\n\t\t\t\t\t\t\t\t\t\t\t<div class=\"elementor-gallery-item__overlay\"><\/div>\n\t\t\t\t\t\t\t\t\t\t\t\t\t\t<\/a>\n\t\t\t\t\t\t\t<a class=\"e-gallery-item elementor-gallery-item elementor-animated-content\" href=\"https:\/\/www.portovenere.fr\/fr-fr\/wp-content\/uploads\/2025\/05\/Carrelege-effet-pierre-interieur-et-exterieur-petits-et-grands-formats-MAJORQUE-Noir-Ancienne-magasin-proche-de-Gigean-34.jpg\" data-elementor-open-lightbox=\"yes\" data-elementor-lightbox-slideshow=\"fb00cc9\" data-elementor-lightbox-title=\"Carrelege-effet-pierre-int\u00e9rieur-et-ext\u00e9rieur-petits-et-grands-formats-MAJORQUE-Noir-Ancienne-magasin-proche-de-Gigean-34\" data-e-action-hash=\"#elementor-action%3Aaction%3Dlightbox%26settings%3DeyJpZCI6NTkwNDAsInVybCI6Imh0dHBzOlwvXC93d3cucG9ydG92ZW5lcmUuZnJcL2ZyLWZyXC93cC1jb250ZW50XC91cGxvYWRzXC8yMDI1XC8wNVwvQ2FycmVsZWdlLWVmZmV0LXBpZXJyZS1pbnRlcmlldXItZXQtZXh0ZXJpZXVyLXBldGl0cy1ldC1ncmFuZHMtZm9ybWF0cy1NQUpPUlFVRS1Ob2lyLUFuY2llbm5lLW1hZ2FzaW4tcHJvY2hlLWRlLUdpZ2Vhbi0zNC5qcGciLCJzbGlkZXNob3ciOiJmYjAwY2M5In0%3D\">\n\t\t\t\t\t<div class=\"e-gallery-image elementor-gallery-item__image\" data-thumbnail=\"https:\/\/www.portovenere.fr\/fr-fr\/wp-content\/uploads\/2025\/05\/Carrelege-effet-pierre-interieur-et-exterieur-petits-et-grands-formats-MAJORQUE-Noir-Ancienne-magasin-proche-de-Gigean-34-150x150.jpg\" data-width=\"150\" data-height=\"150\" aria-label=\"\" role=\"img\" ><\/div>\n\t\t\t\t\t\t\t\t\t\t\t<div class=\"elementor-gallery-item__overlay\"><\/div>\n\t\t\t\t\t\t\t\t\t\t\t\t\t\t<\/a>\n\t\t\t\t\t\t\t<a class=\"e-gallery-item elementor-gallery-item elementor-animated-content\" href=\"https:\/\/www.portovenere.fr\/fr-fr\/wp-content\/uploads\/2025\/05\/Carrelege-effet-pierre-interieur-et-exterieur-petits-et-grands-formats-sol-mur-MAJORQUE-Beige-Ancienne-magasin-proche-de-Mauguio-34.jpg\" data-elementor-open-lightbox=\"yes\" data-elementor-lightbox-slideshow=\"fb00cc9\" data-elementor-lightbox-title=\"Carrelege-effet-pierre-int\u00e9rieur-et-ext\u00e9rieur-petits-et-grands-formats-sol-mur-MAJORQUE-Beige-Ancienne-magasin-proche-de-Mauguio-34\" data-e-action-hash=\"#elementor-action%3Aaction%3Dlightbox%26settings%3DeyJpZCI6NTkwNDIsInVybCI6Imh0dHBzOlwvXC93d3cucG9ydG92ZW5lcmUuZnJcL2ZyLWZyXC93cC1jb250ZW50XC91cGxvYWRzXC8yMDI1XC8wNVwvQ2FycmVsZWdlLWVmZmV0LXBpZXJyZS1pbnRlcmlldXItZXQtZXh0ZXJpZXVyLXBldGl0cy1ldC1ncmFuZHMtZm9ybWF0cy1zb2wtbXVyLU1BSk9SUVVFLUJlaWdlLUFuY2llbm5lLW1hZ2FzaW4tcHJvY2hlLWRlLU1hdWd1aW8tMzQuanBnIiwic2xpZGVzaG93IjoiZmIwMGNjOSJ9\">\n\t\t\t\t\t<div class=\"e-gallery-image elementor-gallery-item__image\" data-thumbnail=\"https:\/\/www.portovenere.fr\/fr-fr\/wp-content\/uploads\/2025\/05\/Carrelege-effet-pierre-interieur-et-exterieur-petits-et-grands-formats-sol-mur-MAJORQUE-Beige-Ancienne-magasin-proche-de-Mauguio-34-150x150.jpg\" data-width=\"150\" data-height=\"150\" aria-label=\"\" role=\"img\" ><\/div>\n\t\t\t\t\t\t\t\t\t\t\t<div class=\"elementor-gallery-item__overlay\"><\/div>\n\t\t\t\t\t\t\t\t\t\t\t\t\t\t<\/a>\n\t\t\t\t\t\t\t<a class=\"e-gallery-item elementor-gallery-item elementor-animated-content\" href=\"https:\/\/www.portovenere.fr\/fr-fr\/wp-content\/uploads\/2025\/05\/Carrelege-effet-pierre-interieur-et-exterieur-petits-et-grands-formats-MAJORQUEBlanc-Noble-magasin-proche-de-Sete-34.jpg\" data-elementor-open-lightbox=\"yes\" data-elementor-lightbox-slideshow=\"fb00cc9\" data-elementor-lightbox-title=\"Carrelege-effet-pierre-int\u00e9rieur-et-ext\u00e9rieur-petits-et-grands-formats-MAJORQUEBlanc-Noble-magasin-proche-de-S\u00e8te-34\" data-e-action-hash=\"#elementor-action%3Aaction%3Dlightbox%26settings%3DeyJpZCI6NTkwMzUsInVybCI6Imh0dHBzOlwvXC93d3cucG9ydG92ZW5lcmUuZnJcL2ZyLWZyXC93cC1jb250ZW50XC91cGxvYWRzXC8yMDI1XC8wNVwvQ2FycmVsZWdlLWVmZmV0LXBpZXJyZS1pbnRlcmlldXItZXQtZXh0ZXJpZXVyLXBldGl0cy1ldC1ncmFuZHMtZm9ybWF0cy1NQUpPUlFVRUJsYW5jLU5vYmxlLW1hZ2FzaW4tcHJvY2hlLWRlLVNldGUtMzQuanBnIiwic2xpZGVzaG93IjoiZmIwMGNjOSJ9\">\n\t\t\t\t\t<div class=\"e-gallery-image elementor-gallery-item__image\" data-thumbnail=\"https:\/\/www.portovenere.fr\/fr-fr\/wp-content\/uploads\/2025\/05\/Carrelege-effet-pierre-interieur-et-exterieur-petits-et-grands-formats-MAJORQUEBlanc-Noble-magasin-proche-de-Sete-34-150x150.jpg\" data-width=\"150\" data-height=\"150\" aria-label=\"\" role=\"img\" ><\/div>\n\t\t\t\t\t\t\t\t\t\t\t<div class=\"elementor-gallery-item__overlay\"><\/div>\n\t\t\t\t\t\t\t\t\t\t\t\t\t\t<\/a>\n\t\t\t\t\t\t\t<a class=\"e-gallery-item elementor-gallery-item elementor-animated-content\" href=\"https:\/\/www.portovenere.fr\/fr-fr\/wp-content\/uploads\/2025\/05\/Carrelege-effet-pierre-interieur-et-exterieur-petits-et-grands-formats-MAJORQUE-Gris-Noble-magasin-proche-de-Palavas-34.jpg\" data-elementor-open-lightbox=\"yes\" data-elementor-lightbox-slideshow=\"fb00cc9\" data-elementor-lightbox-title=\"Carrelege-effet-pierre-int\u00e9rieur-et-ext\u00e9rieur-petits-et-grands-formats-MAJORQUE-Gris-Noble-magasin-proche-de-Palavas-34\" data-e-action-hash=\"#elementor-action%3Aaction%3Dlightbox%26settings%3DeyJpZCI6NTkwMzcsInVybCI6Imh0dHBzOlwvXC93d3cucG9ydG92ZW5lcmUuZnJcL2ZyLWZyXC93cC1jb250ZW50XC91cGxvYWRzXC8yMDI1XC8wNVwvQ2FycmVsZWdlLWVmZmV0LXBpZXJyZS1pbnRlcmlldXItZXQtZXh0ZXJpZXVyLXBldGl0cy1ldC1ncmFuZHMtZm9ybWF0cy1NQUpPUlFVRS1HcmlzLU5vYmxlLW1hZ2FzaW4tcHJvY2hlLWRlLVBhbGF2YXMtMzQuanBnIiwic2xpZGVzaG93IjoiZmIwMGNjOSJ9\">\n\t\t\t\t\t<div class=\"e-gallery-image elementor-gallery-item__image\" data-thumbnail=\"https:\/\/www.portovenere.fr\/fr-fr\/wp-content\/uploads\/2025\/05\/Carrelege-effet-pierre-interieur-et-exterieur-petits-et-grands-formats-MAJORQUE-Gris-Noble-magasin-proche-de-Palavas-34-150x150.jpg\" data-width=\"150\" data-height=\"150\" aria-label=\"\" role=\"img\" ><\/div>\n\t\t\t\t\t\t\t\t\t\t\t<div class=\"elementor-gallery-item__overlay\"><\/div>\n\t\t\t\t\t\t\t\t\t\t\t\t\t\t<\/a>\n\t\t\t\t\t\t\t<a class=\"e-gallery-item elementor-gallery-item elementor-animated-content\" href=\"https:\/\/www.portovenere.fr\/fr-fr\/wp-content\/uploads\/2025\/05\/Carrelege-effet-pierre-interieur-et-exterieur-petits-et-grands-formats-MAJORQUE-Naturel-Noble-magasin-proche-de-Castelnau-le-lez-34.jpg\" data-elementor-open-lightbox=\"yes\" data-elementor-lightbox-slideshow=\"fb00cc9\" data-elementor-lightbox-title=\"Carrelege-effet-pierre-int\u00e9rieur-et-ext\u00e9rieur-petits-et-grands-formats-MAJORQUE-Naturel-Noble-magasin-proche-de-Castelnau-le-lez-34\" data-e-action-hash=\"#elementor-action%3Aaction%3Dlightbox%26settings%3DeyJpZCI6NTkwMzksInVybCI6Imh0dHBzOlwvXC93d3cucG9ydG92ZW5lcmUuZnJcL2ZyLWZyXC93cC1jb250ZW50XC91cGxvYWRzXC8yMDI1XC8wNVwvQ2FycmVsZWdlLWVmZmV0LXBpZXJyZS1pbnRlcmlldXItZXQtZXh0ZXJpZXVyLXBldGl0cy1ldC1ncmFuZHMtZm9ybWF0cy1NQUpPUlFVRS1OYXR1cmVsLU5vYmxlLW1hZ2FzaW4tcHJvY2hlLWRlLUNhc3RlbG5hdS1sZS1sZXotMzQuanBnIiwic2xpZGVzaG93IjoiZmIwMGNjOSJ9\">\n\t\t\t\t\t<div class=\"e-gallery-image elementor-gallery-item__image\" data-thumbnail=\"https:\/\/www.portovenere.fr\/fr-fr\/wp-content\/uploads\/2025\/05\/Carrelege-effet-pierre-interieur-et-exterieur-petits-et-grands-formats-MAJORQUE-Naturel-Noble-magasin-proche-de-Castelnau-le-lez-34-150x150.jpg\" data-width=\"150\" data-height=\"150\" aria-label=\"\" role=\"img\" ><\/div>\n\t\t\t\t\t\t\t\t\t\t\t<div class=\"elementor-gallery-item__overlay\"><\/div>\n\t\t\t\t\t\t\t\t\t\t\t\t\t\t<\/a>\n\t\t\t\t\t\t\t<a class=\"e-gallery-item elementor-gallery-item elementor-animated-content\" href=\"https:\/\/www.portovenere.fr\/fr-fr\/wp-content\/uploads\/2025\/05\/Carrelege-effet-pierre-interieur-et-exterieur-petits-et-grands-formats-MAJORQUE-Noir-Noble-magasin-proche-de-Clapiers-34.jpg\" data-elementor-open-lightbox=\"yes\" data-elementor-lightbox-slideshow=\"fb00cc9\" data-elementor-lightbox-title=\"Carrelege-effet-pierre-int\u00e9rieur-et-ext\u00e9rieur-petits-et-grands-formats-MAJORQUE-Noir-Noble-magasin-proche-de-Clapiers-34\" data-e-action-hash=\"#elementor-action%3Aaction%3Dlightbox%26settings%3DeyJpZCI6NTkwNDEsInVybCI6Imh0dHBzOlwvXC93d3cucG9ydG92ZW5lcmUuZnJcL2ZyLWZyXC93cC1jb250ZW50XC91cGxvYWRzXC8yMDI1XC8wNVwvQ2FycmVsZWdlLWVmZmV0LXBpZXJyZS1pbnRlcmlldXItZXQtZXh0ZXJpZXVyLXBldGl0cy1ldC1ncmFuZHMtZm9ybWF0cy1NQUpPUlFVRS1Ob2lyLU5vYmxlLW1hZ2FzaW4tcHJvY2hlLWRlLUNsYXBpZXJzLTM0LmpwZyIsInNsaWRlc2hvdyI6ImZiMDBjYzkifQ%3D%3D\">\n\t\t\t\t\t<div class=\"e-gallery-image elementor-gallery-item__image\" data-thumbnail=\"https:\/\/www.portovenere.fr\/fr-fr\/wp-content\/uploads\/2025\/05\/Carrelege-effet-pierre-interieur-et-exterieur-petits-et-grands-formats-MAJORQUE-Noir-Noble-magasin-proche-de-Clapiers-34-150x150.jpg\" data-width=\"150\" data-height=\"150\" aria-label=\"\" role=\"img\" ><\/div>\n\t\t\t\t\t\t\t\t\t\t\t<div class=\"elementor-gallery-item__overlay\"><\/div>\n\t\t\t\t\t\t\t\t\t\t\t\t\t\t<\/a>\n\t\t\t\t\t\t\t<a class=\"e-gallery-item elementor-gallery-item elementor-animated-content\" href=\"https:\/\/www.portovenere.fr\/fr-fr\/wp-content\/uploads\/2025\/05\/Carrelege-effet-pierre-interieur-et-exterieur-petits-et-grands-formats-sol-mur-MAJORQUE-Beige-Noble-magasin-proche-de-Castries-34.jpg\" data-elementor-open-lightbox=\"yes\" data-elementor-lightbox-slideshow=\"fb00cc9\" data-elementor-lightbox-title=\"Carrelege-effet-pierre-int\u00e9rieur-et-ext\u00e9rieur-petits-et-grands-formats-sol-mur-MAJORQUE-Beige-Noble-magasin-proche-de-Castries-34\" data-e-action-hash=\"#elementor-action%3Aaction%3Dlightbox%26settings%3DeyJpZCI6NTkwNDMsInVybCI6Imh0dHBzOlwvXC93d3cucG9ydG92ZW5lcmUuZnJcL2ZyLWZyXC93cC1jb250ZW50XC91cGxvYWRzXC8yMDI1XC8wNVwvQ2FycmVsZWdlLWVmZmV0LXBpZXJyZS1pbnRlcmlldXItZXQtZXh0ZXJpZXVyLXBldGl0cy1ldC1ncmFuZHMtZm9ybWF0cy1zb2wtbXVyLU1BSk9SUVVFLUJlaWdlLU5vYmxlLW1hZ2FzaW4tcHJvY2hlLWRlLUNhc3RyaWVzLTM0LmpwZyIsInNsaWRlc2hvdyI6ImZiMDBjYzkifQ%3D%3D\">\n\t\t\t\t\t<div class=\"e-gallery-image elementor-gallery-item__image\" data-thumbnail=\"https:\/\/www.portovenere.fr\/fr-fr\/wp-content\/uploads\/2025\/05\/Carrelege-effet-pierre-interieur-et-exterieur-petits-et-grands-formats-sol-mur-MAJORQUE-Beige-Noble-magasin-proche-de-Castries-34-150x150.jpg\" data-width=\"150\" data-height=\"150\" aria-label=\"\" role=\"img\" ><\/div>\n\t\t\t\t\t\t\t\t\t\t\t<div class=\"elementor-gallery-item__overlay\"><\/div>\n\t\t\t\t\t\t\t\t\t\t\t\t\t\t<\/a>\n\t\t\t\t\t<\/div>\n\t\t\t\t\t<\/div>\n\t\t\t\t<\/div>\n\t\t\t\t<div class=\"elementor-element elementor-element-a9673f7 elementor-widget elementor-widget-text-editor\" data-id=\"a9673f7\" data-element_type=\"widget\" data-e-type=\"widget\" data-widget_type=\"text-editor.default\">\n\t\t\t\t<div class=\"elementor-widget-container\">\n\t\t\t\t\t\t\t\t\t<p>D\u00e9couvrez Majorque, notre collection de carrelage petits et grands formats effet pierre.\u00a0<\/p><p>Ce carrelage gr\u00e8s c\u00e9rame est propos\u00e9 dans 5 coloris :\u00a0<b>Blanc, beige, naturel, gris et noir \u2013\u00a0<\/b>D\u00e9clin\u00e9 dans de nombreux formats des plus petits au plus g\u00e9n\u00e9reux :\u00a0<b>20\u00d720 et 20\u00d730 cm en bords non rectifi\u00e9s en Opus<\/b>, <b>ou aux bords droits<\/b>\u00a0<b>30\u00d760 cm, 60\u00d760<\/b>\u00a0cm<b>, 80\u00d780<\/b>\u00a0cm<b>, 60\u00d7120<\/b>\u00a0cm<b>\u00a0et 120\u00d7120 cm<\/b>\u00a0sans oublier le maxi\u00a0<b>format XXL 120\u00d7278 cm en fine \u00e9paisseur 6.5mm<\/b>. Finition \u00ab\u00a0Naturale\u00a0\u00bb ou Technica (antid\u00e9rapante).<\/p><p>Des<b>\u00a0dalles antid\u00e9rapantes de 2 cm d\u2019\u00e9paisseur en formats 80\u00d780 cm et 120\u00d7120 cm<\/b>\u00a0compl\u00e8tent cette collection de carrelage aspect pierre naturelle afin d\u2019assurer une continuit\u00e9 des espaces int\u00e9rieurs vers l\u2019ext\u00e9rieur.\u00a0<\/p><p>3 styles disponibles pour s\u2019adapter \u00e0 vos diff\u00e9rents projets de r\u00e9novation ou construction :\u00a0<\/p><p><strong>S<\/strong><b>tyle Noble :<\/b>\u00a0pierre moins nuanc\u00e9es,\u00a0<\/p><p><b>Style Ancienne<\/b>\u00a0: de belles nuances pour un style encore plus authentique<\/p><p><b>Style \u00ab\u00a0ligne<\/b>\u00a0<strong>\u00bb<\/strong>\u00a0: d\u00e9cor mural qui reprend un effet travaill\u00e9 en lignes.<\/p><p>Des mosaiques, plinthes et autres marches viennent compl\u00e9ter cette riche collection de carrelage de qualit\u00e9, id\u00e9ale pour une salle de bain, une cuisine, un s\u00e9jour ou une terrasse.<\/p>\t\t\t\t\t\t\t\t<\/div>\n\t\t\t\t<\/div>\n\t\t\t\t<div class=\"elementor-element elementor-element-e1ad4d5 elementor-mobile-align-center elementor-widget elementor-widget-button\" data-id=\"e1ad4d5\" data-element_type=\"widget\" data-e-type=\"widget\" data-widget_type=\"button.default\">\n\t\t\t\t<div class=\"elementor-widget-container\">\n\t\t\t\t\t\t\t\t\t<div class=\"elementor-button-wrapper\">\n\t\t\t\t\t<a class=\"elementor-button elementor-button-link elementor-size-sm\" href=\"https:\/\/www.portovenere.fr\/fr-fr\/carrelage-sol-et-mur-en-gres-cerame-et-faience\/carrelage-aspect-pierre\/carrelage-grand-format-effet-pierre-majorque\/\">\n\t\t\t\t\t\t<span class=\"elementor-button-content-wrapper\">\n\t\t\t\t\t\t\t\t\t<span class=\"elementor-button-text\">VOIR LA COLLECTION<\/span>\n\t\t\t\t\t<\/span>\n\t\t\t\t\t<\/a>\n\t\t\t\t<\/div>\n\t\t\t\t\t\t\t\t<\/div>\n\t\t\t\t<\/div>\n\t\t\t\t<div class=\"elementor-element elementor-element-6457942 elementor-widget elementor-widget-spacer\" data-id=\"6457942\" data-element_type=\"widget\" data-e-type=\"widget\" data-widget_type=\"spacer.default\">\n\t\t\t\t<div class=\"elementor-widget-container\">\n\t\t\t\t\t\t\t<div class=\"elementor-spacer\">\n\t\t\t<div class=\"elementor-spacer-inner\"><\/div>\n\t\t<\/div>\n\t\t\t\t\t\t<\/div>\n\t\t\t\t<\/div>\n\t\t\t\t\t<\/div>\n\t\t<\/div>\n\t\t\t\t<div class=\"elementor-column elementor-col-33 elementor-top-column elementor-element elementor-element-1ad5534 elementor-invisible\" data-id=\"1ad5534\" data-element_type=\"column\" data-e-type=\"column\" data-settings=\"{&quot;animation&quot;:&quot;fadeIn&quot;,&quot;background_background&quot;:&quot;classic&quot;}\">\n\t\t\t<div class=\"elementor-widget-wrap elementor-element-populated\">\n\t\t\t\t\t\t<div class=\"elementor-element elementor-element-735548b elementor-widget elementor-widget-heading\" data-id=\"735548b\" data-element_type=\"widget\" data-e-type=\"widget\" data-widget_type=\"heading.default\">\n\t\t\t\t<div class=\"elementor-widget-container\">\n\t\t\t\t\t<h3 class=\"elementor-heading-title elementor-size-default\"><a href=\"https:\/\/www.portovenere.fr\/fr-fr\/carrelage-sol-et-mur-en-gres-cerame-et-faience\/carrelage-aspect-pierre\/carrelage-effet-pierre-naturelle-pour-exterieur-et-interieur-st-guilhem\/\">ST GUILHEM<\/a><\/h3>\t\t\t\t<\/div>\n\t\t\t\t<\/div>\n\t\t\t\t<div class=\"elementor-element elementor-element-9deb41b elementor-widget elementor-widget-image\" data-id=\"9deb41b\" data-element_type=\"widget\" data-e-type=\"widget\" data-widget_type=\"image.default\">\n\t\t\t\t<div class=\"elementor-widget-container\">\n\t\t\t\t\t\t\t\t\t\t\t\t\t\t\t\t<a href=\"https:\/\/www.portovenere.fr\/fr-fr\/carrelage-sol-et-mur-en-gres-cerame-et-faience\/carrelage-aspect-pierre\/carrelage-effet-pierre-naturelle-pour-exterieur-et-interieur-st-guilhem\/\">\n\t\t\t\t\t\t\t<img decoding=\"async\" src=\"https:\/\/www.portovenere.fr\/fr-fr\/wp-content\/uploads\/elementor\/thumbs\/Carrelage_gr\u00e8s_c\u00e9rame_aspect_pierre_min\u00e9rale_naturelle_pour_sol_et_mur_St-Guilhem_Sabbia_\u00e0_Montpellier_H\u00e9rault-r8idhhokia513p24wfsyvcu9jfgjvbew5nkejnvwik.jpg\" title=\"Carrelage_gr\u00e8s_c\u00e9rame_aspect_pierre_min\u00e9rale_naturelle_pour_sol_et_mur_St-Guilhem_Sabbia_\u00e0_Montpellier_H\u00e9rault\" alt=\"Carrelage grand format int\u00e9rieur ext\u00e9rieur aspect pierre naturelle\" loading=\"lazy\" \/>\t\t\t\t\t\t\t\t<\/a>\n\t\t\t\t\t\t\t\t\t\t\t\t\t\t\t<\/div>\n\t\t\t\t<\/div>\n\t\t\t\t<div class=\"elementor-element elementor-element-55deb2a elementor-widget elementor-widget-text-editor\" data-id=\"55deb2a\" data-element_type=\"widget\" data-e-type=\"widget\" data-widget_type=\"text-editor.default\">\n\t\t\t\t<div class=\"elementor-widget-container\">\n\t\t\t\t\t\t\t\t\t<p><strong>5 coloris<\/strong><\/p>\t\t\t\t\t\t\t\t<\/div>\n\t\t\t\t<\/div>\n\t\t\t\t<div class=\"elementor-element elementor-element-d86d694 elementor-widget elementor-widget-gallery\" data-id=\"d86d694\" data-element_type=\"widget\" data-e-type=\"widget\" data-settings=\"{&quot;columns&quot;:6,&quot;columns_tablet&quot;:4,&quot;columns_mobile&quot;:4,&quot;aspect_ratio&quot;:&quot;1:1&quot;,&quot;lazyload&quot;:&quot;yes&quot;,&quot;gallery_layout&quot;:&quot;grid&quot;,&quot;gap&quot;:{&quot;unit&quot;:&quot;px&quot;,&quot;size&quot;:10,&quot;sizes&quot;:[]},&quot;gap_tablet&quot;:{&quot;unit&quot;:&quot;px&quot;,&quot;size&quot;:10,&quot;sizes&quot;:[]},&quot;gap_mobile&quot;:{&quot;unit&quot;:&quot;px&quot;,&quot;size&quot;:10,&quot;sizes&quot;:[]},&quot;link_to&quot;:&quot;file&quot;,&quot;overlay_background&quot;:&quot;yes&quot;,&quot;content_hover_animation&quot;:&quot;fade-in&quot;}\" data-widget_type=\"gallery.default\">\n\t\t\t\t<div class=\"elementor-widget-container\">\n\t\t\t\t\t\t\t<div class=\"elementor-gallery__container\">\n\t\t\t\t\t\t\t<a class=\"e-gallery-item elementor-gallery-item elementor-animated-content\" href=\"https:\/\/www.portovenere.fr\/fr-fr\/wp-content\/uploads\/2020\/07\/Carrelage_gr\u00e8s_c\u00e9rame_aspect_pierre_naturelle_St-Guilhem_Tan_proche_de_Lyon_69.jpg\" data-elementor-open-lightbox=\"yes\" data-elementor-lightbox-slideshow=\"d86d694\" data-elementor-lightbox-title=\"Carrelage_gr\u00e8s_c\u00e9rame_aspect_pierre_naturelle_St-Guilhem_Tan_proche_de_Lyon_69\" data-e-action-hash=\"#elementor-action%3Aaction%3Dlightbox%26settings%3DeyJpZCI6MzA5NTEsInVybCI6Imh0dHBzOlwvXC93d3cucG9ydG92ZW5lcmUuZnJcL2ZyLWZyXC93cC1jb250ZW50XC91cGxvYWRzXC8yMDIwXC8wN1wvQ2FycmVsYWdlX2dyXHUwMGU4c19jXHUwMGU5cmFtZV9hc3BlY3RfcGllcnJlX25hdHVyZWxsZV9TdC1HdWlsaGVtX1Rhbl9wcm9jaGVfZGVfTHlvbl82OS5qcGciLCJzbGlkZXNob3ciOiJkODZkNjk0In0%3D\">\n\t\t\t\t\t<div class=\"e-gallery-image elementor-gallery-item__image\" data-thumbnail=\"https:\/\/www.portovenere.fr\/fr-fr\/wp-content\/uploads\/2020\/07\/Carrelage_gr\u00e8s_c\u00e9rame_aspect_pierre_naturelle_St-Guilhem_Tan_proche_de_Lyon_69-150x150.jpg\" data-width=\"150\" data-height=\"150\" aria-label=\"\" role=\"img\" ><\/div>\n\t\t\t\t\t\t\t\t\t\t\t<div class=\"elementor-gallery-item__overlay\"><\/div>\n\t\t\t\t\t\t\t\t\t\t\t\t\t\t<\/a>\n\t\t\t\t\t\t\t<a class=\"e-gallery-item elementor-gallery-item elementor-animated-content\" href=\"https:\/\/www.portovenere.fr\/fr-fr\/wp-content\/uploads\/2020\/07\/Carrelage_gr\u00e8s_c\u00e9rame_aspect_pierre_naturelle_St-Guilhem_Sabbia_Sable_proche_de_Grabels_H\u00e9rault_34.jpg\" data-elementor-open-lightbox=\"yes\" data-elementor-lightbox-slideshow=\"d86d694\" data-elementor-lightbox-title=\"Carrelage_gr\u00e8s_c\u00e9rame_aspect_pierre_naturelle_St-Guilhem_Sabbia_Sable_proche_de_Grabels_H\u00e9rault_34\" data-e-action-hash=\"#elementor-action%3Aaction%3Dlightbox%26settings%3DeyJpZCI6MzA5NTAsInVybCI6Imh0dHBzOlwvXC93d3cucG9ydG92ZW5lcmUuZnJcL2ZyLWZyXC93cC1jb250ZW50XC91cGxvYWRzXC8yMDIwXC8wN1wvQ2FycmVsYWdlX2dyXHUwMGU4c19jXHUwMGU5cmFtZV9hc3BlY3RfcGllcnJlX25hdHVyZWxsZV9TdC1HdWlsaGVtX1NhYmJpYV9TYWJsZV9wcm9jaGVfZGVfR3JhYmVsc19IXHUwMGU5cmF1bHRfMzQuanBnIiwic2xpZGVzaG93IjoiZDg2ZDY5NCJ9\">\n\t\t\t\t\t<div class=\"e-gallery-image elementor-gallery-item__image\" data-thumbnail=\"https:\/\/www.portovenere.fr\/fr-fr\/wp-content\/uploads\/2020\/07\/Carrelage_gr\u00e8s_c\u00e9rame_aspect_pierre_naturelle_St-Guilhem_Sabbia_Sable_proche_de_Grabels_H\u00e9rault_34-150x150.jpg\" data-width=\"150\" data-height=\"150\" aria-label=\"\" role=\"img\" ><\/div>\n\t\t\t\t\t\t\t\t\t\t\t<div class=\"elementor-gallery-item__overlay\"><\/div>\n\t\t\t\t\t\t\t\t\t\t\t\t\t\t<\/a>\n\t\t\t\t\t\t\t<a class=\"e-gallery-item elementor-gallery-item elementor-animated-content\" href=\"https:\/\/www.portovenere.fr\/fr-fr\/wp-content\/uploads\/2020\/07\/Carrelage_gr\u00e8s_c\u00e9rame_aspect_pierre_naturelle_St-Guilhem_Ebano_\u00e0_S\u00e8te_H\u00e9rault_34.jpg\" data-elementor-open-lightbox=\"yes\" data-elementor-lightbox-slideshow=\"d86d694\" data-elementor-lightbox-title=\"Carrelage_gr\u00e8s_c\u00e9rame_aspect_pierre_naturelle_St-Guilhem_Ebano_\u00e0_S\u00e8te_H\u00e9rault_34\" data-e-action-hash=\"#elementor-action%3Aaction%3Dlightbox%26settings%3DeyJpZCI6MzA5NDksInVybCI6Imh0dHBzOlwvXC93d3cucG9ydG92ZW5lcmUuZnJcL2ZyLWZyXC93cC1jb250ZW50XC91cGxvYWRzXC8yMDIwXC8wN1wvQ2FycmVsYWdlX2dyXHUwMGU4c19jXHUwMGU5cmFtZV9hc3BlY3RfcGllcnJlX25hdHVyZWxsZV9TdC1HdWlsaGVtX0ViYW5vX1x1MDBlMF9TXHUwMGU4dGVfSFx1MDBlOXJhdWx0XzM0LmpwZyIsInNsaWRlc2hvdyI6ImQ4NmQ2OTQifQ%3D%3D\">\n\t\t\t\t\t<div class=\"e-gallery-image elementor-gallery-item__image\" data-thumbnail=\"https:\/\/www.portovenere.fr\/fr-fr\/wp-content\/uploads\/2020\/07\/Carrelage_gr\u00e8s_c\u00e9rame_aspect_pierre_naturelle_St-Guilhem_Ebano_\u00e0_S\u00e8te_H\u00e9rault_34-150x150.jpg\" data-width=\"150\" data-height=\"150\" aria-label=\"\" role=\"img\" ><\/div>\n\t\t\t\t\t\t\t\t\t\t\t<div class=\"elementor-gallery-item__overlay\"><\/div>\n\t\t\t\t\t\t\t\t\t\t\t\t\t\t<\/a>\n\t\t\t\t\t\t\t<a class=\"e-gallery-item elementor-gallery-item elementor-animated-content\" href=\"https:\/\/www.portovenere.fr\/fr-fr\/wp-content\/uploads\/2020\/07\/Carrelage_gr\u00e8s_c\u00e9rame_aspect_pierre_naturelle_St-Guilhem_Corda_Corde_proche_de_Castelnau-le-Lez_H\u00e9rault_34.jpg\" data-elementor-open-lightbox=\"yes\" data-elementor-lightbox-slideshow=\"d86d694\" data-elementor-lightbox-title=\"Carrelage_gr\u00e8s_c\u00e9rame_aspect_pierre_naturelle_St-Guilhem_Corda_Corde_proche_de_Castelnau-le-Lez_H\u00e9rault_34\" data-e-action-hash=\"#elementor-action%3Aaction%3Dlightbox%26settings%3DeyJpZCI6MzA5NDgsInVybCI6Imh0dHBzOlwvXC93d3cucG9ydG92ZW5lcmUuZnJcL2ZyLWZyXC93cC1jb250ZW50XC91cGxvYWRzXC8yMDIwXC8wN1wvQ2FycmVsYWdlX2dyXHUwMGU4c19jXHUwMGU5cmFtZV9hc3BlY3RfcGllcnJlX25hdHVyZWxsZV9TdC1HdWlsaGVtX0NvcmRhX0NvcmRlX3Byb2NoZV9kZV9DYXN0ZWxuYXUtbGUtTGV6X0hcdTAwZTlyYXVsdF8zNC5qcGciLCJzbGlkZXNob3ciOiJkODZkNjk0In0%3D\">\n\t\t\t\t\t<div class=\"e-gallery-image elementor-gallery-item__image\" data-thumbnail=\"https:\/\/www.portovenere.fr\/fr-fr\/wp-content\/uploads\/2020\/07\/Carrelage_gr\u00e8s_c\u00e9rame_aspect_pierre_naturelle_St-Guilhem_Corda_Corde_proche_de_Castelnau-le-Lez_H\u00e9rault_34-150x150.jpg\" data-width=\"150\" data-height=\"150\" aria-label=\"\" role=\"img\" ><\/div>\n\t\t\t\t\t\t\t\t\t\t\t<div class=\"elementor-gallery-item__overlay\"><\/div>\n\t\t\t\t\t\t\t\t\t\t\t\t\t\t<\/a>\n\t\t\t\t\t\t\t<a class=\"e-gallery-item elementor-gallery-item elementor-animated-content\" href=\"https:\/\/www.portovenere.fr\/fr-fr\/wp-content\/uploads\/2020\/07\/Carrelage_gr\u00e8s_c\u00e9rame_aspect_pierre_naturelle_St-Guilhem_Argento_\u00e0_Montpellier_H\u00e9rault_34.jpg\" data-elementor-open-lightbox=\"yes\" data-elementor-lightbox-slideshow=\"d86d694\" data-elementor-lightbox-title=\"Carrelage_gr\u00e8s_c\u00e9rame_aspect_pierre_naturelle_St-Guilhem_Argento_\u00e0_Montpellier_H\u00e9rault_34\" data-e-action-hash=\"#elementor-action%3Aaction%3Dlightbox%26settings%3DeyJpZCI6MzA5NDcsInVybCI6Imh0dHBzOlwvXC93d3cucG9ydG92ZW5lcmUuZnJcL2ZyLWZyXC93cC1jb250ZW50XC91cGxvYWRzXC8yMDIwXC8wN1wvQ2FycmVsYWdlX2dyXHUwMGU4c19jXHUwMGU5cmFtZV9hc3BlY3RfcGllcnJlX25hdHVyZWxsZV9TdC1HdWlsaGVtX0FyZ2VudG9fXHUwMGUwX01vbnRwZWxsaWVyX0hcdTAwZTlyYXVsdF8zNC5qcGciLCJzbGlkZXNob3ciOiJkODZkNjk0In0%3D\">\n\t\t\t\t\t<div class=\"e-gallery-image elementor-gallery-item__image\" data-thumbnail=\"https:\/\/www.portovenere.fr\/fr-fr\/wp-content\/uploads\/2020\/07\/Carrelage_gr\u00e8s_c\u00e9rame_aspect_pierre_naturelle_St-Guilhem_Argento_\u00e0_Montpellier_H\u00e9rault_34-150x150.jpg\" data-width=\"150\" data-height=\"150\" aria-label=\"\" role=\"img\" ><\/div>\n\t\t\t\t\t\t\t\t\t\t\t<div class=\"elementor-gallery-item__overlay\"><\/div>\n\t\t\t\t\t\t\t\t\t\t\t\t\t\t<\/a>\n\t\t\t\t\t<\/div>\n\t\t\t\t\t<\/div>\n\t\t\t\t<\/div>\n\t\t\t\t<div class=\"elementor-element elementor-element-eff194a elementor-widget elementor-widget-text-editor\" data-id=\"eff194a\" data-element_type=\"widget\" data-e-type=\"widget\" data-widget_type=\"text-editor.default\">\n\t\t\t\t<div class=\"elementor-widget-container\">\n\t\t\t\t\t\t\t\t\t<p>Sublime collection de carrelage pour sol et mur aspect pierre naturelle en gr\u00e8s c\u00e9rame, disponible en 5 coloris pour int\u00e9rieur et ext\u00e9rieur antid\u00e9rapant pour les tours de piscines et terrasses.<\/p><p>Les bords rectifi\u00e9s permettent une pose avec des joints fins.<\/p><p>Un agr\u00e9able choix de formats : 120x120cm, 100x100cm, 60x120cm, 60x60cm, 30x60cm.\u00a0<\/p><p>Dalles antid\u00e9rapantes\u00a0<span style=\"background-color: rgba(242, 242, 242, 0);\">20mm<\/span><span style=\"background-color: rgba(242, 242, 242, 0);\">\u00a0 d&rsquo;\u00e9paisseur\u00a0<\/span><span style=\"background-color: rgba(242, 242, 242, 0);\">pour pose sur plots, sable, herbe, gravier ou \u00e0 coller : formats <b>60 x 120 cm et 100 x 100 cm<\/b>.<\/span><\/p>\t\t\t\t\t\t\t\t<\/div>\n\t\t\t\t<\/div>\n\t\t\t\t<div class=\"elementor-element elementor-element-e08491a elementor-mobile-align-center elementor-widget elementor-widget-button\" data-id=\"e08491a\" data-element_type=\"widget\" data-e-type=\"widget\" data-widget_type=\"button.default\">\n\t\t\t\t<div class=\"elementor-widget-container\">\n\t\t\t\t\t\t\t\t\t<div class=\"elementor-button-wrapper\">\n\t\t\t\t\t<a class=\"elementor-button elementor-button-link elementor-size-sm\" href=\"https:\/\/www.portovenere.fr\/fr-fr\/carrelage-sol-et-mur-en-gres-cerame-et-faience\/carrelage-aspect-pierre\/carrelage-effet-pierre-naturelle-pour-exterieur-et-interieur-st-guilhem\/\">\n\t\t\t\t\t\t<span class=\"elementor-button-content-wrapper\">\n\t\t\t\t\t\t\t\t\t<span class=\"elementor-button-text\">Voir la collection<\/span>\n\t\t\t\t\t<\/span>\n\t\t\t\t\t<\/a>\n\t\t\t\t<\/div>\n\t\t\t\t\t\t\t\t<\/div>\n\t\t\t\t<\/div>\n\t\t\t\t<div class=\"elementor-element elementor-element-6d5238f elementor-widget elementor-widget-spacer\" data-id=\"6d5238f\" data-element_type=\"widget\" data-e-type=\"widget\" data-widget_type=\"spacer.default\">\n\t\t\t\t<div class=\"elementor-widget-container\">\n\t\t\t\t\t\t\t<div class=\"elementor-spacer\">\n\t\t\t<div class=\"elementor-spacer-inner\"><\/div>\n\t\t<\/div>\n\t\t\t\t\t\t<\/div>\n\t\t\t\t<\/div>\n\t\t\t\t\t<\/div>\n\t\t<\/div>\n\t\t\t\t<div class=\"elementor-column elementor-col-33 elementor-top-column elementor-element elementor-element-1494b4e elementor-invisible\" data-id=\"1494b4e\" data-element_type=\"column\" data-e-type=\"column\" data-settings=\"{&quot;animation&quot;:&quot;fadeIn&quot;,&quot;background_background&quot;:&quot;classic&quot;}\">\n\t\t\t<div class=\"elementor-widget-wrap elementor-element-populated\">\n\t\t\t\t\t\t<div class=\"elementor-element elementor-element-999bebe elementor-widget elementor-widget-heading\" data-id=\"999bebe\" data-element_type=\"widget\" data-e-type=\"widget\" data-widget_type=\"heading.default\">\n\t\t\t\t<div class=\"elementor-widget-container\">\n\t\t\t\t\t<h3 class=\"elementor-heading-title elementor-size-default\"><a href=\"https:\/\/www.portovenere.fr\/fr-fr\/carrelage-sol-et-mur-en-gres-cerame-et-faience\/carrelage-aspect-pierre\/carrelage-effet-pierre-naturelle-en-gres-cerame-fiorito\/\">FIORITO<\/a><\/h3>\t\t\t\t<\/div>\n\t\t\t\t<\/div>\n\t\t\t\t<div class=\"elementor-element elementor-element-8fa3522 elementor-widget elementor-widget-image\" data-id=\"8fa3522\" data-element_type=\"widget\" data-e-type=\"widget\" data-widget_type=\"image.default\">\n\t\t\t\t<div class=\"elementor-widget-container\">\n\t\t\t\t\t\t\t\t\t\t\t\t\t\t\t\t<a href=\"https:\/\/www.portovenere.fr\/fr-fr\/carrelage-sol-et-mur-en-gres-cerame-et-faience\/carrelage-aspect-pierre\/carrelage-effet-pierre-naturelle-en-gres-cerame-fiorito\/\">\n\t\t\t\t\t\t\t<img decoding=\"async\" src=\"https:\/\/www.portovenere.fr\/fr-fr\/wp-content\/uploads\/elementor\/thumbs\/Carrelage-imitation-pierre-90x90-Fiorito-Greige-gres-cerame-proche-de-Poussan-Herault-34-r8iem72ygzv1vrxk7j8ccl1vn4ts7g0ff4mdq1j524.jpg\" title=\"Carrelage imitation pierre 90&#215;90 Fiorito Greige gr\u00e8s c\u00e9rame proche de Poussan H\u00e9rault 34\" alt=\"gr\u00e8s c\u00e9rame effet pierre naturelle\" loading=\"lazy\" \/>\t\t\t\t\t\t\t\t<\/a>\n\t\t\t\t\t\t\t\t\t\t\t\t\t\t\t<\/div>\n\t\t\t\t<\/div>\n\t\t\t\t<div class=\"elementor-element elementor-element-298fe95 elementor-widget elementor-widget-text-editor\" data-id=\"298fe95\" data-element_type=\"widget\" data-e-type=\"widget\" data-widget_type=\"text-editor.default\">\n\t\t\t\t<div class=\"elementor-widget-container\">\n\t\t\t\t\t\t\t\t\t<p><strong>4 coloris<\/strong><\/p>\t\t\t\t\t\t\t\t<\/div>\n\t\t\t\t<\/div>\n\t\t\t\t<div class=\"elementor-element elementor-element-9893f80 elementor-widget elementor-widget-gallery\" data-id=\"9893f80\" data-element_type=\"widget\" data-e-type=\"widget\" data-settings=\"{&quot;columns&quot;:6,&quot;columns_tablet&quot;:4,&quot;columns_mobile&quot;:4,&quot;aspect_ratio&quot;:&quot;1:1&quot;,&quot;lazyload&quot;:&quot;yes&quot;,&quot;gallery_layout&quot;:&quot;grid&quot;,&quot;gap&quot;:{&quot;unit&quot;:&quot;px&quot;,&quot;size&quot;:10,&quot;sizes&quot;:[]},&quot;gap_tablet&quot;:{&quot;unit&quot;:&quot;px&quot;,&quot;size&quot;:10,&quot;sizes&quot;:[]},&quot;gap_mobile&quot;:{&quot;unit&quot;:&quot;px&quot;,&quot;size&quot;:10,&quot;sizes&quot;:[]},&quot;link_to&quot;:&quot;file&quot;,&quot;overlay_background&quot;:&quot;yes&quot;,&quot;content_hover_animation&quot;:&quot;fade-in&quot;}\" data-widget_type=\"gallery.default\">\n\t\t\t\t<div class=\"elementor-widget-container\">\n\t\t\t\t\t\t\t<div class=\"elementor-gallery__container\">\n\t\t\t\t\t\t\t<a class=\"e-gallery-item elementor-gallery-item elementor-animated-content\" href=\"https:\/\/www.portovenere.fr\/fr-fr\/wp-content\/uploads\/2023\/02\/Carreau-Fiorito-Graphite-aspect-pierre-naturelle-gres-cerame-a-Nimes-Gard-30.jpg\" data-elementor-open-lightbox=\"yes\" data-elementor-lightbox-slideshow=\"9893f80\" data-elementor-lightbox-title=\"Carreau Fiorito Graphite aspect pierre naturelle gr\u00e8s c\u00e9rame \u00e0 Nimes Gard 30\" data-e-action-hash=\"#elementor-action%3Aaction%3Dlightbox%26settings%3DeyJpZCI6NDQ3NzcsInVybCI6Imh0dHBzOlwvXC93d3cucG9ydG92ZW5lcmUuZnJcL2ZyLWZyXC93cC1jb250ZW50XC91cGxvYWRzXC8yMDIzXC8wMlwvQ2FycmVhdS1GaW9yaXRvLUdyYXBoaXRlLWFzcGVjdC1waWVycmUtbmF0dXJlbGxlLWdyZXMtY2VyYW1lLWEtTmltZXMtR2FyZC0zMC5qcGciLCJzbGlkZXNob3ciOiI5ODkzZjgwIn0%3D\">\n\t\t\t\t\t<div class=\"e-gallery-image elementor-gallery-item__image\" data-thumbnail=\"https:\/\/www.portovenere.fr\/fr-fr\/wp-content\/uploads\/2023\/02\/Carreau-Fiorito-Graphite-aspect-pierre-naturelle-gres-cerame-a-Nimes-Gard-30-150x150.jpg\" data-width=\"150\" data-height=\"150\" aria-label=\"gr\u00e8s c\u00e9rame effet pierre naturelle\" role=\"img\" ><\/div>\n\t\t\t\t\t\t\t\t\t\t\t<div class=\"elementor-gallery-item__overlay\"><\/div>\n\t\t\t\t\t\t\t\t\t\t\t\t\t\t<\/a>\n\t\t\t\t\t\t\t<a class=\"e-gallery-item elementor-gallery-item elementor-animated-content\" href=\"https:\/\/www.portovenere.fr\/fr-fr\/wp-content\/uploads\/2023\/02\/Carreau-Fiorito-Silver-design-proche-de-Montferrier-Sur-Lez-Herault-34.jpg\" data-elementor-open-lightbox=\"yes\" data-elementor-lightbox-slideshow=\"9893f80\" data-elementor-lightbox-title=\"Carreau Fiorito Silver design proche de Montferrier-Sur-Lez H\u00e9rault 34\" data-e-action-hash=\"#elementor-action%3Aaction%3Dlightbox%26settings%3DeyJpZCI6NDQ3NzYsInVybCI6Imh0dHBzOlwvXC93d3cucG9ydG92ZW5lcmUuZnJcL2ZyLWZyXC93cC1jb250ZW50XC91cGxvYWRzXC8yMDIzXC8wMlwvQ2FycmVhdS1GaW9yaXRvLVNpbHZlci1kZXNpZ24tcHJvY2hlLWRlLU1vbnRmZXJyaWVyLVN1ci1MZXotSGVyYXVsdC0zNC5qcGciLCJzbGlkZXNob3ciOiI5ODkzZjgwIn0%3D\">\n\t\t\t\t\t<div class=\"e-gallery-image elementor-gallery-item__image\" data-thumbnail=\"https:\/\/www.portovenere.fr\/fr-fr\/wp-content\/uploads\/2023\/02\/Carreau-Fiorito-Silver-design-proche-de-Montferrier-Sur-Lez-Herault-34-150x150.jpg\" data-width=\"150\" data-height=\"150\" aria-label=\"gr\u00e8s c\u00e9rame effet pierre naturelle\" role=\"img\" ><\/div>\n\t\t\t\t\t\t\t\t\t\t\t<div class=\"elementor-gallery-item__overlay\"><\/div>\n\t\t\t\t\t\t\t\t\t\t\t\t\t\t<\/a>\n\t\t\t\t\t\t\t<a class=\"e-gallery-item elementor-gallery-item elementor-animated-content\" href=\"https:\/\/www.portovenere.fr\/fr-fr\/wp-content\/uploads\/2023\/02\/Carreau-Fiorito-Greige-veine-a-proximite-de-Ales-Gard-30.jpg\" data-elementor-open-lightbox=\"yes\" data-elementor-lightbox-slideshow=\"9893f80\" data-elementor-lightbox-title=\"Carreau Fiorito Greige vein\u00e9 \u00e0 proximit\u00e9 de Al\u00e8s Gard 30\" data-e-action-hash=\"#elementor-action%3Aaction%3Dlightbox%26settings%3DeyJpZCI6NDQ3NzUsInVybCI6Imh0dHBzOlwvXC93d3cucG9ydG92ZW5lcmUuZnJcL2ZyLWZyXC93cC1jb250ZW50XC91cGxvYWRzXC8yMDIzXC8wMlwvQ2FycmVhdS1GaW9yaXRvLUdyZWlnZS12ZWluZS1hLXByb3hpbWl0ZS1kZS1BbGVzLUdhcmQtMzAuanBnIiwic2xpZGVzaG93IjoiOTg5M2Y4MCJ9\">\n\t\t\t\t\t<div class=\"e-gallery-image elementor-gallery-item__image\" data-thumbnail=\"https:\/\/www.portovenere.fr\/fr-fr\/wp-content\/uploads\/2023\/02\/Carreau-Fiorito-Greige-veine-a-proximite-de-Ales-Gard-30-150x150.jpg\" data-width=\"150\" data-height=\"150\" aria-label=\"gr\u00e8s c\u00e9rame effet pierre naturelle\" role=\"img\" ><\/div>\n\t\t\t\t\t\t\t\t\t\t\t<div class=\"elementor-gallery-item__overlay\"><\/div>\n\t\t\t\t\t\t\t\t\t\t\t\t\t\t<\/a>\n\t\t\t\t\t\t\t<a class=\"e-gallery-item elementor-gallery-item elementor-animated-content\" href=\"https:\/\/www.portovenere.fr\/fr-fr\/wp-content\/uploads\/2023\/02\/Carreau-Fiorito-Chalk-effet-beige-proche-de-Lunel-Herault-34.jpg\" data-elementor-open-lightbox=\"yes\" data-elementor-lightbox-slideshow=\"9893f80\" data-elementor-lightbox-title=\"Carreau Fiorito Chalk effet beige proche de Lunel H\u00e9rault 34\" data-elementor-lightbox-description=\"Fiorito Chalk effet beige\" data-e-action-hash=\"#elementor-action%3Aaction%3Dlightbox%26settings%3DeyJpZCI6NDQ3NzQsInVybCI6Imh0dHBzOlwvXC93d3cucG9ydG92ZW5lcmUuZnJcL2ZyLWZyXC93cC1jb250ZW50XC91cGxvYWRzXC8yMDIzXC8wMlwvQ2FycmVhdS1GaW9yaXRvLUNoYWxrLWVmZmV0LWJlaWdlLXByb2NoZS1kZS1MdW5lbC1IZXJhdWx0LTM0LmpwZyIsInNsaWRlc2hvdyI6Ijk4OTNmODAifQ%3D%3D\">\n\t\t\t\t\t<div class=\"e-gallery-image elementor-gallery-item__image\" data-thumbnail=\"https:\/\/www.portovenere.fr\/fr-fr\/wp-content\/uploads\/2023\/02\/Carreau-Fiorito-Chalk-effet-beige-proche-de-Lunel-Herault-34-150x150.jpg\" data-width=\"150\" data-height=\"150\" aria-label=\"gr\u00e8s c\u00e9rame effet pierre naturelle\" role=\"img\" ><\/div>\n\t\t\t\t\t\t\t\t\t\t\t<div class=\"elementor-gallery-item__overlay\"><\/div>\n\t\t\t\t\t\t\t\t\t\t\t\t\t\t<\/a>\n\t\t\t\t\t<\/div>\n\t\t\t\t\t<\/div>\n\t\t\t\t<\/div>\n\t\t\t\t<div class=\"elementor-element elementor-element-1e850d9 elementor-widget elementor-widget-text-editor\" data-id=\"1e850d9\" data-element_type=\"widget\" data-e-type=\"widget\" data-widget_type=\"text-editor.default\">\n\t\t\t\t<div class=\"elementor-widget-container\">\n\t\t\t\t\t\t\t\t\t<p><strong>Fiorito\u00a0<\/strong>est une collection de\u00a0<strong>gr\u00e8s c\u00e9rame effet pierre naturelle<\/strong>. Cette collection poss\u00e8de un\u00a0style <strong>contemporain<\/strong>, elle associe\u00a0beaut\u00e9 et qualit\u00e9.\u00a0<\/p><div><div data-vce-full-width=\"true\" data-vce-stretch-content=\"true\" data-vce-do-apply=\"all el-3641d200\"><div data-vce-element-content=\"true\"><div data-vce-do-apply=\"border margin background el-ba2d2d3f\"><div data-vce-element-content=\"true\" data-vce-do-apply=\"padding el-ba2d2d3f\"><div data-vce-do-apply=\"all el-78a3e964\"><div data-vce-do-apply=\"all el-faca387d\"><p><strong>4 Coloris disponibles<\/strong> :\u00a0Chalk, Greige, Silver et Graphite.\u00a0<\/p><p>Cette gamme nous propose des <strong>finitions int\u00e9rieurs en 9mm<\/strong> (naturelle et brillant) mais \u00e9galement <strong>ext\u00e9rieur avec une finition antid\u00e9rapante en 9mm et dalles sur plots en 20mm.\u00a0<\/strong><\/p><\/div><\/div><\/div><\/div><\/div><\/div><\/div>\t\t\t\t\t\t\t\t<\/div>\n\t\t\t\t<\/div>\n\t\t\t\t<div class=\"elementor-element elementor-element-28badb3 elementor-mobile-align-center elementor-widget elementor-widget-button\" data-id=\"28badb3\" data-element_type=\"widget\" data-e-type=\"widget\" data-widget_type=\"button.default\">\n\t\t\t\t<div class=\"elementor-widget-container\">\n\t\t\t\t\t\t\t\t\t<div class=\"elementor-button-wrapper\">\n\t\t\t\t\t<a class=\"elementor-button elementor-button-link elementor-size-sm\" href=\"https:\/\/www.portovenere.fr\/fr-fr\/carrelage-sol-et-mur-en-gres-cerame-et-faience\/carrelage-aspect-pierre\/carrelage-effet-pierre-naturelle-en-gres-cerame-fiorito\/\">\n\t\t\t\t\t\t<span class=\"elementor-button-content-wrapper\">\n\t\t\t\t\t\t\t\t\t<span class=\"elementor-button-text\">Voir la collection<\/span>\n\t\t\t\t\t<\/span>\n\t\t\t\t\t<\/a>\n\t\t\t\t<\/div>\n\t\t\t\t\t\t\t\t<\/div>\n\t\t\t\t<\/div>\n\t\t\t\t<div class=\"elementor-element elementor-element-bf9bc36 elementor-widget elementor-widget-spacer\" data-id=\"bf9bc36\" data-element_type=\"widget\" data-e-type=\"widget\" data-widget_type=\"spacer.default\">\n\t\t\t\t<div class=\"elementor-widget-container\">\n\t\t\t\t\t\t\t<div class=\"elementor-spacer\">\n\t\t\t<div class=\"elementor-spacer-inner\"><\/div>\n\t\t<\/div>\n\t\t\t\t\t\t<\/div>\n\t\t\t\t<\/div>\n\t\t\t\t\t<\/div>\n\t\t<\/div>\n\t\t\t\t\t<\/div>\n\t\t<\/section>\n\t\t\t\t<section class=\"elementor-section elementor-top-section elementor-element elementor-element-79dcb2d elementor-section-full_width elementor-section-height-default elementor-section-height-default elementor-invisible\" data-id=\"79dcb2d\" data-element_type=\"section\" data-e-type=\"section\" data-settings=\"{&quot;animation&quot;:&quot;fadeIn&quot;}\">\n\t\t\t\t\t\t<div class=\"elementor-container elementor-column-gap-default\">\n\t\t\t\t\t<div class=\"elementor-column elementor-col-33 elementor-top-column elementor-element elementor-element-73268c5\" data-id=\"73268c5\" data-element_type=\"column\" data-e-type=\"column\" data-settings=\"{&quot;background_background&quot;:&quot;classic&quot;}\">\n\t\t\t<div class=\"elementor-widget-wrap elementor-element-populated\">\n\t\t\t\t\t\t<div class=\"elementor-element elementor-element-dd9fd5c elementor-widget elementor-widget-heading\" data-id=\"dd9fd5c\" data-element_type=\"widget\" data-e-type=\"widget\" data-widget_type=\"heading.default\">\n\t\t\t\t<div class=\"elementor-widget-container\">\n\t\t\t\t\t<h3 class=\"elementor-heading-title elementor-size-default\"><a href=\"https:\/\/www.portovenere.fr\/fr-fr\/carrelage-sol-et-mur-en-gres-cerame-et-faience\/carrelage-aspect-pierre\/carrelage-effet-pierre-pour-interieur-et-exterieur-kaposano\/\">KAPOSANO<\/a><\/h3>\t\t\t\t<\/div>\n\t\t\t\t<\/div>\n\t\t\t\t<div class=\"elementor-element elementor-element-386ed76 elementor-widget elementor-widget-image\" data-id=\"386ed76\" data-element_type=\"widget\" data-e-type=\"widget\" data-widget_type=\"image.default\">\n\t\t\t\t<div class=\"elementor-widget-container\">\n\t\t\t\t\t\t\t\t\t\t\t\t\t\t\t\t<a href=\"https:\/\/www.portovenere.fr\/fr-fr\/carrelage-sol-et-mur-en-gres-cerame-et-faience\/carrelage-aspect-pierre\/carrelage-effet-pierre-pour-interieur-et-exterieur-kaposano\/\">\n\t\t\t\t\t\t\t<img decoding=\"async\" src=\"https:\/\/www.portovenere.fr\/fr-fr\/wp-content\/uploads\/elementor\/thumbs\/Carrelage-clair-grands-formats-120x120-et-120x278-cm-effet-trvaertin-KAPOSANO-Light-magasin-PORTO-VENERE-pres-de-Agde-34-rful3u381z1f1vb49nhg8a321j0unmi8b3rbl0sk7w.jpg\" title=\"Carrelage-clair-grands-formats-120&#215;120-et-120&#215;278-cm-effet-trvaertin-KAPOSANO-Light-magasin-PORTO-VENERE-pr\u00e8s-de-Agde-34\" alt=\"Salon salle \u00e0 manger avec carrelage gr\u00e8s c\u00e9rame effet pierre travertin haut de gamme KAPOSANO magasin de carrelages et pierres naturelles PORTO VENERE MONTPELLIER dans l&#039;H\u00e9rault\" loading=\"lazy\" \/>\t\t\t\t\t\t\t\t<\/a>\n\t\t\t\t\t\t\t\t\t\t\t\t\t\t\t<\/div>\n\t\t\t\t<\/div>\n\t\t\t\t<div class=\"elementor-element elementor-element-12920f7 elementor-widget elementor-widget-text-editor\" data-id=\"12920f7\" data-element_type=\"widget\" data-e-type=\"widget\" data-widget_type=\"text-editor.default\">\n\t\t\t\t<div class=\"elementor-widget-container\">\n\t\t\t\t\t\t\t\t\t<p><strong>3 coloris<\/strong><\/p>\t\t\t\t\t\t\t\t<\/div>\n\t\t\t\t<\/div>\n\t\t\t\t<div class=\"elementor-element elementor-element-70e6056 elementor-widget elementor-widget-gallery\" data-id=\"70e6056\" data-element_type=\"widget\" data-e-type=\"widget\" data-settings=\"{&quot;columns&quot;:6,&quot;columns_tablet&quot;:4,&quot;columns_mobile&quot;:4,&quot;aspect_ratio&quot;:&quot;1:1&quot;,&quot;lazyload&quot;:&quot;yes&quot;,&quot;gallery_layout&quot;:&quot;grid&quot;,&quot;gap&quot;:{&quot;unit&quot;:&quot;px&quot;,&quot;size&quot;:10,&quot;sizes&quot;:[]},&quot;gap_tablet&quot;:{&quot;unit&quot;:&quot;px&quot;,&quot;size&quot;:10,&quot;sizes&quot;:[]},&quot;gap_mobile&quot;:{&quot;unit&quot;:&quot;px&quot;,&quot;size&quot;:10,&quot;sizes&quot;:[]},&quot;link_to&quot;:&quot;file&quot;,&quot;overlay_background&quot;:&quot;yes&quot;,&quot;content_hover_animation&quot;:&quot;fade-in&quot;}\" data-widget_type=\"gallery.default\">\n\t\t\t\t<div class=\"elementor-widget-container\">\n\t\t\t\t\t\t\t<div class=\"elementor-gallery__container\">\n\t\t\t\t\t\t\t<a class=\"e-gallery-item elementor-gallery-item elementor-animated-content\" href=\"https:\/\/www.portovenere.fr\/fr-fr\/wp-content\/uploads\/2025\/12\/Carrelage-en-gres-cerame-exterieur-et-interieur-KAPOSANO-coloris-NUT-pour-sols-et-murs-magasin-carrelage-haut-de-gamme-Porto_Venere_Montpellier-pres-de-Saint-Gely-du-Fesc-34.jpg\" data-elementor-open-lightbox=\"yes\" data-elementor-lightbox-slideshow=\"70e6056\" data-elementor-lightbox-title=\"Carrelage-en-gr\u00e8s-c\u00e9rame-ext\u00e9rieur-et-int\u00e9rieur-KAPOSANO-coloris-NUT-pour-sols-et-murs-magasin-carrelage-haut-de-gamme-Porto_Venere_Montpellier-pr\u00e8s-de-Saint-G\u00e9ly-du-Fesc-34\" data-e-action-hash=\"#elementor-action%3Aaction%3Dlightbox%26settings%3DeyJpZCI6Njc4NzIsInVybCI6Imh0dHBzOlwvXC93d3cucG9ydG92ZW5lcmUuZnJcL2ZyLWZyXC93cC1jb250ZW50XC91cGxvYWRzXC8yMDI1XC8xMlwvQ2FycmVsYWdlLWVuLWdyZXMtY2VyYW1lLWV4dGVyaWV1ci1ldC1pbnRlcmlldXItS0FQT1NBTk8tY29sb3Jpcy1OVVQtcG91ci1zb2xzLWV0LW11cnMtbWFnYXNpbi1jYXJyZWxhZ2UtaGF1dC1kZS1nYW1tZS1Qb3J0b19WZW5lcmVfTW9udHBlbGxpZXItcHJlcy1kZS1TYWludC1HZWx5LWR1LUZlc2MtMzQuanBnIiwic2xpZGVzaG93IjoiNzBlNjA1NiJ9\">\n\t\t\t\t\t<div class=\"e-gallery-image elementor-gallery-item__image\" data-thumbnail=\"https:\/\/www.portovenere.fr\/fr-fr\/wp-content\/uploads\/2025\/12\/Carrelage-en-gres-cerame-exterieur-et-interieur-KAPOSANO-coloris-NUT-pour-sols-et-murs-magasin-carrelage-haut-de-gamme-Porto_Venere_Montpellier-pres-de-Saint-Gely-du-Fesc-34-150x150.jpg\" data-width=\"150\" data-height=\"150\" aria-label=\"Carrelage gr\u00e8s c\u00e9rame effet pierre travertin haut de gamme KAPOSANO magasin de carrelages et pierres naturelles PORTO VENERE MONTPELLIER dans l&#039;H\u00e9rault\" role=\"img\" ><\/div>\n\t\t\t\t\t\t\t\t\t\t\t<div class=\"elementor-gallery-item__overlay\"><\/div>\n\t\t\t\t\t\t\t\t\t\t\t\t\t\t<\/a>\n\t\t\t\t\t\t\t<a class=\"e-gallery-item elementor-gallery-item elementor-animated-content\" href=\"https:\/\/www.portovenere.fr\/fr-fr\/wp-content\/uploads\/2025\/12\/Carrelage-en-gres-cerame-exterieur-et-interieur-KAPOSANO-coloris-LIGHT-pour-sols-et-murs-magasin-carrelage-haut-de-gamme-Porto_Venere_Montpellier-pres-de-Palavas-34.jpg\" data-elementor-open-lightbox=\"yes\" data-elementor-lightbox-slideshow=\"70e6056\" data-elementor-lightbox-title=\"Carrelage-en-gr\u00e8s-c\u00e9rame-ext\u00e9rieur-et-int\u00e9rieur-KAPOSANO-coloris-LIGHT-pour-sols-et-murs-magasin-carrelage-haut-de-gamme-Porto_Venere_Montpellier-pr\u00e8s-de-Palavas-34\" data-e-action-hash=\"#elementor-action%3Aaction%3Dlightbox%26settings%3DeyJpZCI6Njc4NzEsInVybCI6Imh0dHBzOlwvXC93d3cucG9ydG92ZW5lcmUuZnJcL2ZyLWZyXC93cC1jb250ZW50XC91cGxvYWRzXC8yMDI1XC8xMlwvQ2FycmVsYWdlLWVuLWdyZXMtY2VyYW1lLWV4dGVyaWV1ci1ldC1pbnRlcmlldXItS0FQT1NBTk8tY29sb3Jpcy1MSUdIVC1wb3VyLXNvbHMtZXQtbXVycy1tYWdhc2luLWNhcnJlbGFnZS1oYXV0LWRlLWdhbW1lLVBvcnRvX1ZlbmVyZV9Nb250cGVsbGllci1wcmVzLWRlLVBhbGF2YXMtMzQuanBnIiwic2xpZGVzaG93IjoiNzBlNjA1NiJ9\">\n\t\t\t\t\t<div class=\"e-gallery-image elementor-gallery-item__image\" data-thumbnail=\"https:\/\/www.portovenere.fr\/fr-fr\/wp-content\/uploads\/2025\/12\/Carrelage-en-gres-cerame-exterieur-et-interieur-KAPOSANO-coloris-LIGHT-pour-sols-et-murs-magasin-carrelage-haut-de-gamme-Porto_Venere_Montpellier-pres-de-Palavas-34-150x150.jpg\" data-width=\"150\" data-height=\"150\" aria-label=\"Carrelage gr\u00e8s c\u00e9rame effet pierre travertin haut de gamme KAPOSANO magasin de carrelages et pierres naturelles PORTO VENERE MONTPELLIER dans l&#039;H\u00e9rault\" role=\"img\" ><\/div>\n\t\t\t\t\t\t\t\t\t\t\t<div class=\"elementor-gallery-item__overlay\"><\/div>\n\t\t\t\t\t\t\t\t\t\t\t\t\t\t<\/a>\n\t\t\t\t\t\t\t<a class=\"e-gallery-item elementor-gallery-item elementor-animated-content\" href=\"https:\/\/www.portovenere.fr\/fr-fr\/wp-content\/uploads\/2025\/12\/Carrelage-en-gres-cerame-exterieur-et-interieur-KAPOSANO-coloris-IVORY-pour-sols-et-murs-magasin-carrelage-haut-de-gamme-Porto_Venere_Montpellier-pres-de-Clapiers-34.jpg\" data-elementor-open-lightbox=\"yes\" data-elementor-lightbox-slideshow=\"70e6056\" data-elementor-lightbox-title=\"Carrelage-en-gr\u00e8s-c\u00e9rame-ext\u00e9rieur-et-int\u00e9rieur-KAPOSANO-coloris-IVORY-pour-sols-et-murs-magasin-carrelage-haut-de-gamme-Porto_Venere_Montpellier-pr\u00e8s-de-Clapiers-34\" data-e-action-hash=\"#elementor-action%3Aaction%3Dlightbox%26settings%3DeyJpZCI6Njc4NzAsInVybCI6Imh0dHBzOlwvXC93d3cucG9ydG92ZW5lcmUuZnJcL2ZyLWZyXC93cC1jb250ZW50XC91cGxvYWRzXC8yMDI1XC8xMlwvQ2FycmVsYWdlLWVuLWdyZXMtY2VyYW1lLWV4dGVyaWV1ci1ldC1pbnRlcmlldXItS0FQT1NBTk8tY29sb3Jpcy1JVk9SWS1wb3VyLXNvbHMtZXQtbXVycy1tYWdhc2luLWNhcnJlbGFnZS1oYXV0LWRlLWdhbW1lLVBvcnRvX1ZlbmVyZV9Nb250cGVsbGllci1wcmVzLWRlLUNsYXBpZXJzLTM0LmpwZyIsInNsaWRlc2hvdyI6IjcwZTYwNTYifQ%3D%3D\">\n\t\t\t\t\t<div class=\"e-gallery-image elementor-gallery-item__image\" data-thumbnail=\"https:\/\/www.portovenere.fr\/fr-fr\/wp-content\/uploads\/2025\/12\/Carrelage-en-gres-cerame-exterieur-et-interieur-KAPOSANO-coloris-IVORY-pour-sols-et-murs-magasin-carrelage-haut-de-gamme-Porto_Venere_Montpellier-pres-de-Clapiers-34-150x150.jpg\" data-width=\"150\" data-height=\"150\" aria-label=\"Carrelage gr\u00e8s c\u00e9rame effet pierre travertin haut de gamme KAPOSANO magasin de carrelages et pierres naturelles PORTO VENERE MONTPELLIER dans l&#039;H\u00e9rault\" role=\"img\" ><\/div>\n\t\t\t\t\t\t\t\t\t\t\t<div class=\"elementor-gallery-item__overlay\"><\/div>\n\t\t\t\t\t\t\t\t\t\t\t\t\t\t<\/a>\n\t\t\t\t\t<\/div>\n\t\t\t\t\t<\/div>\n\t\t\t\t<\/div>\n\t\t\t\t<div class=\"elementor-element elementor-element-4b4bca5 elementor-widget elementor-widget-text-editor\" data-id=\"4b4bca5\" data-element_type=\"widget\" data-e-type=\"widget\" data-widget_type=\"text-editor.default\">\n\t\t\t\t<div class=\"elementor-widget-container\">\n\t\t\t\t\t\t\t\t\t<p data-start=\"184\" data-end=\"483\">La collection <strong data-start=\"2569\" data-end=\"2581\">KAPOSANO<\/strong> revisite l\u2019\u00e9l\u00e9gance naturelle du travertin avec des surfaces lumineuses et authentiques.\u00a0<\/p><p data-start=\"184\" data-end=\"483\">D\u00e9clin\u00e9e en <strong data-start=\"2683\" data-end=\"2692\">Light<\/strong>, <strong data-start=\"2694\" data-end=\"2703\">Ivory<\/strong> et <strong data-start=\"2707\" data-end=\"2714\">Nut<\/strong>, elle offre un r\u00e9alisme graphique remarquable. Ses formats, du <strong data-start=\"2778\" data-end=\"2792\">120&#215;278 cm<\/strong> au <strong data-start=\"2796\" data-end=\"2808\">30&#215;60 cm<\/strong>, ainsi que ses mosa\u00efques et ses d\u00e9cors structur\u00e9s <strong data-start=\"2859\" data-end=\"2869\">Pliss\u00e9<\/strong> et <strong data-start=\"2873\" data-end=\"2881\">Grid<\/strong>, permettent de cr\u00e9er des espaces harmonieux et expressifs.\u00a0<\/p><p data-start=\"184\" data-end=\"483\">Adapt\u00e9e \u00e0 l\u2019int\u00e9rieur comme \u00e0 l\u2019ext\u00e9rieur, KAPOSANO propose des finitions techniques <strong data-start=\"3026\" data-end=\"3034\">Grip<\/strong> et <strong data-start=\"3038\" data-end=\"3053\">20 mm R11 C<\/strong>, parfaites pour terrasses et zones humides.<\/p><p data-start=\"184\" data-end=\"483\">\u00a0Un carrelage polyvalent, contemporain et durable, id\u00e9al pour donner caract\u00e8re et sophistication \u00e0 tout projet architectural.<\/p>\t\t\t\t\t\t\t\t<\/div>\n\t\t\t\t<\/div>\n\t\t\t\t<div class=\"elementor-element elementor-element-af19d82 elementor-mobile-align-center elementor-widget elementor-widget-button\" data-id=\"af19d82\" data-element_type=\"widget\" data-e-type=\"widget\" data-widget_type=\"button.default\">\n\t\t\t\t<div class=\"elementor-widget-container\">\n\t\t\t\t\t\t\t\t\t<div class=\"elementor-button-wrapper\">\n\t\t\t\t\t<a class=\"elementor-button elementor-button-link elementor-size-sm\" href=\"https:\/\/www.portovenere.fr\/fr-fr\/carrelage-sol-et-mur-en-gres-cerame-et-faience\/carrelage-aspect-pierre\/carrelage-effet-pierre-pour-interieur-et-exterieur-kaposano\/\">\n\t\t\t\t\t\t<span class=\"elementor-button-content-wrapper\">\n\t\t\t\t\t\t\t\t\t<span class=\"elementor-button-text\">VOIR LA COLLECTION<\/span>\n\t\t\t\t\t<\/span>\n\t\t\t\t\t<\/a>\n\t\t\t\t<\/div>\n\t\t\t\t\t\t\t\t<\/div>\n\t\t\t\t<\/div>\n\t\t\t\t<div class=\"elementor-element elementor-element-79ee641 elementor-widget elementor-widget-spacer\" data-id=\"79ee641\" data-element_type=\"widget\" data-e-type=\"widget\" data-widget_type=\"spacer.default\">\n\t\t\t\t<div class=\"elementor-widget-container\">\n\t\t\t\t\t\t\t<div class=\"elementor-spacer\">\n\t\t\t<div class=\"elementor-spacer-inner\"><\/div>\n\t\t<\/div>\n\t\t\t\t\t\t<\/div>\n\t\t\t\t<\/div>\n\t\t\t\t\t<\/div>\n\t\t<\/div>\n\t\t\t\t<div class=\"elementor-column elementor-col-33 elementor-top-column elementor-element elementor-element-bcce121 elementor-invisible\" data-id=\"bcce121\" data-element_type=\"column\" data-e-type=\"column\" data-settings=\"{&quot;animation&quot;:&quot;fadeIn&quot;,&quot;background_background&quot;:&quot;classic&quot;}\">\n\t\t\t<div class=\"elementor-widget-wrap elementor-element-populated\">\n\t\t\t\t\t\t<div class=\"elementor-element elementor-element-5c3ab4a elementor-widget elementor-widget-heading\" data-id=\"5c3ab4a\" data-element_type=\"widget\" data-e-type=\"widget\" data-widget_type=\"heading.default\">\n\t\t\t\t<div class=\"elementor-widget-container\">\n\t\t\t\t\t<h3 class=\"elementor-heading-title elementor-size-default\"><a href=\"https:\/\/www.portovenere.fr\/fr-fr\/carrelage-sol-et-mur-en-gres-cerame-et-faience\/carrelage-aspect-pierre\/carrelage-haut-de-gamme-falgrande\/\">FALGRANDE<\/a><\/h3>\t\t\t\t<\/div>\n\t\t\t\t<\/div>\n\t\t\t\t<div class=\"elementor-element elementor-element-f5b573e elementor-widget elementor-widget-image\" data-id=\"f5b573e\" data-element_type=\"widget\" data-e-type=\"widget\" data-widget_type=\"image.default\">\n\t\t\t\t<div class=\"elementor-widget-container\">\n\t\t\t\t\t\t\t\t\t\t\t\t\t\t\t\t<a href=\"https:\/\/www.portovenere.fr\/fr-fr\/carrelage-sol-et-mur-en-gres-cerame-et-faience\/carrelage-aspect-pierre\/carrelage-haut-de-gamme-falgrande\/\">\n\t\t\t\t\t\t\t<img decoding=\"async\" src=\"https:\/\/www.portovenere.fr\/fr-fr\/wp-content\/uploads\/elementor\/thumbs\/Carrelage-haut-de-gamme-effet-pierre-naturelle-claire-FALGRANDE-Perlato-di-sicilia-magasin-Porto_Venere_Montpellier-pres-de-Agde-34-reue8wyzj4h7d8f0dluw22gx09jnlx5yf7d9907xi4.jpg\" title=\"Carrelage-haut-de-gamme-effet-pierre-naturelle-claire-FALGRANDE-Perlato-di-sicilia-magasin-Porto_Venere_Montpellier-pr\u00e8s-de-Agde-34\" alt=\"Salle \u00e0 manger avec carrelage haut de gamme finition pierre naturelle Falgrande magasin de carrelage gr\u00e8s c\u00e9rame \u00e0 Montpellier dans l&#039;H\u00e9rault\" loading=\"lazy\" \/>\t\t\t\t\t\t\t\t<\/a>\n\t\t\t\t\t\t\t\t\t\t\t\t\t\t\t<\/div>\n\t\t\t\t<\/div>\n\t\t\t\t<div class=\"elementor-element elementor-element-3b3300c elementor-widget elementor-widget-text-editor\" data-id=\"3b3300c\" data-element_type=\"widget\" data-e-type=\"widget\" data-widget_type=\"text-editor.default\">\n\t\t\t\t<div class=\"elementor-widget-container\">\n\t\t\t\t\t\t\t\t\t<p><strong>3 coloris<\/strong><\/p>\t\t\t\t\t\t\t\t<\/div>\n\t\t\t\t<\/div>\n\t\t\t\t<div class=\"elementor-element elementor-element-a1137f3 elementor-widget elementor-widget-gallery\" data-id=\"a1137f3\" data-element_type=\"widget\" data-e-type=\"widget\" data-settings=\"{&quot;columns&quot;:6,&quot;columns_tablet&quot;:4,&quot;columns_mobile&quot;:4,&quot;aspect_ratio&quot;:&quot;1:1&quot;,&quot;lazyload&quot;:&quot;yes&quot;,&quot;gallery_layout&quot;:&quot;grid&quot;,&quot;gap&quot;:{&quot;unit&quot;:&quot;px&quot;,&quot;size&quot;:10,&quot;sizes&quot;:[]},&quot;gap_tablet&quot;:{&quot;unit&quot;:&quot;px&quot;,&quot;size&quot;:10,&quot;sizes&quot;:[]},&quot;gap_mobile&quot;:{&quot;unit&quot;:&quot;px&quot;,&quot;size&quot;:10,&quot;sizes&quot;:[]},&quot;link_to&quot;:&quot;file&quot;,&quot;overlay_background&quot;:&quot;yes&quot;,&quot;content_hover_animation&quot;:&quot;fade-in&quot;}\" data-widget_type=\"gallery.default\">\n\t\t\t\t<div class=\"elementor-widget-container\">\n\t\t\t\t\t\t\t<div class=\"elementor-gallery__container\">\n\t\t\t\t\t\t\t<a class=\"e-gallery-item elementor-gallery-item elementor-animated-content\" href=\"https:\/\/www.portovenere.fr\/fr-fr\/wp-content\/uploads\/2025\/11\/Carrelage-haut-de-gamme-effet-pierre-naturelle-claire-FALGRANDE-magasin-revetements-pour-sols-et-murs-Porto_Venere_Montpellier-pres-de-Jacou-34.jpg\" data-elementor-open-lightbox=\"yes\" data-elementor-lightbox-slideshow=\"a1137f3\" data-elementor-lightbox-title=\"Carrelage-haut-de-gamme-effet-pierre-naturelle-claire-FALGRANDE-magasin-rev\u00eatements-pour-sols-et-murs-Porto_Venere_Montpellier-pr\u00e8s-de-Jacou-34\" data-e-action-hash=\"#elementor-action%3Aaction%3Dlightbox%26settings%3DeyJpZCI6NjcxODcsInVybCI6Imh0dHBzOlwvXC93d3cucG9ydG92ZW5lcmUuZnJcL2ZyLWZyXC93cC1jb250ZW50XC91cGxvYWRzXC8yMDI1XC8xMVwvQ2FycmVsYWdlLWhhdXQtZGUtZ2FtbWUtZWZmZXQtcGllcnJlLW5hdHVyZWxsZS1jbGFpcmUtRkFMR1JBTkRFLW1hZ2FzaW4tcmV2ZXRlbWVudHMtcG91ci1zb2xzLWV0LW11cnMtUG9ydG9fVmVuZXJlX01vbnRwZWxsaWVyLXByZXMtZGUtSmFjb3UtMzQuanBnIiwic2xpZGVzaG93IjoiYTExMzdmMyJ9\">\n\t\t\t\t\t<div class=\"e-gallery-image elementor-gallery-item__image\" data-thumbnail=\"https:\/\/www.portovenere.fr\/fr-fr\/wp-content\/uploads\/2025\/11\/Carrelage-haut-de-gamme-effet-pierre-naturelle-claire-FALGRANDE-magasin-revetements-pour-sols-et-murs-Porto_Venere_Montpellier-pres-de-Jacou-34-150x150.jpg\" data-width=\"150\" data-height=\"150\" aria-label=\"Carrelage haut de gamme finition pierre naturelle Falgrande magasin de carrelage gr\u00e8s c\u00e9rame \u00e0 Montpellier dans l&#039;H\u00e9rault\" role=\"img\" ><\/div>\n\t\t\t\t\t\t\t\t\t\t\t<div class=\"elementor-gallery-item__overlay\"><\/div>\n\t\t\t\t\t\t\t\t\t\t\t\t\t\t<\/a>\n\t\t\t\t\t\t\t<a class=\"e-gallery-item elementor-gallery-item elementor-animated-content\" href=\"https:\/\/www.portovenere.fr\/fr-fr\/wp-content\/uploads\/2025\/11\/Carrelage-haut-de-gamme-effet-pierre-naturelle-claire-FALGRANDE-magasin-revetements-pour-sols-et-murs-Porto_Venere_Montpellier-pres-de-Sete-34-rotated.jpg\" data-elementor-open-lightbox=\"yes\" data-elementor-lightbox-slideshow=\"a1137f3\" data-elementor-lightbox-title=\"Carrelage-haut-de-gamme-effet-pierre-naturelle-claire-FALGRANDE-magasin-rev\u00eatements-pour-sols-et-murs-Porto_Venere_Montpellier-pr\u00e8s-de-S\u00e8te-34\" data-e-action-hash=\"#elementor-action%3Aaction%3Dlightbox%26settings%3DeyJpZCI6NjcxODYsInVybCI6Imh0dHBzOlwvXC93d3cucG9ydG92ZW5lcmUuZnJcL2ZyLWZyXC93cC1jb250ZW50XC91cGxvYWRzXC8yMDI1XC8xMVwvQ2FycmVsYWdlLWhhdXQtZGUtZ2FtbWUtZWZmZXQtcGllcnJlLW5hdHVyZWxsZS1jbGFpcmUtRkFMR1JBTkRFLW1hZ2FzaW4tcmV2ZXRlbWVudHMtcG91ci1zb2xzLWV0LW11cnMtUG9ydG9fVmVuZXJlX01vbnRwZWxsaWVyLXByZXMtZGUtU2V0ZS0zNC1yb3RhdGVkLmpwZyIsInNsaWRlc2hvdyI6ImExMTM3ZjMifQ%3D%3D\">\n\t\t\t\t\t<div class=\"e-gallery-image elementor-gallery-item__image\" data-thumbnail=\"https:\/\/www.portovenere.fr\/fr-fr\/wp-content\/uploads\/2025\/11\/Carrelage-haut-de-gamme-effet-pierre-naturelle-claire-FALGRANDE-magasin-revetements-pour-sols-et-murs-Porto_Venere_Montpellier-pres-de-Sete-34-150x150.jpg\" data-width=\"150\" data-height=\"150\" aria-label=\"Carrelage haut de gamme finition pierre naturelle Falgrande magasin de carrelage gr\u00e8s c\u00e9rame \u00e0 Montpellier dans l&#039;H\u00e9rault\" role=\"img\" ><\/div>\n\t\t\t\t\t\t\t\t\t\t\t<div class=\"elementor-gallery-item__overlay\"><\/div>\n\t\t\t\t\t\t\t\t\t\t\t\t\t\t<\/a>\n\t\t\t\t\t\t\t<a class=\"e-gallery-item elementor-gallery-item elementor-animated-content\" href=\"https:\/\/www.portovenere.fr\/fr-fr\/wp-content\/uploads\/2025\/11\/Carrelage-haut-de-gamme-effet-pierre-naturelle-claire-FALGRANDE-magasin-revetements-pour-sols-et-murs-Porto-Venere-a-Montpellier-34.jpg\" data-elementor-open-lightbox=\"yes\" data-elementor-lightbox-slideshow=\"a1137f3\" data-elementor-lightbox-title=\"Carrelage-haut-de-gamme-effet-pierre-naturelle-claire-FALGRANDE-magasin-rev\u00eatements-pour-sols-et-murs-Porto-Venere-\u00e0-Montpellier-34\" data-e-action-hash=\"#elementor-action%3Aaction%3Dlightbox%26settings%3DeyJpZCI6NjcxODUsInVybCI6Imh0dHBzOlwvXC93d3cucG9ydG92ZW5lcmUuZnJcL2ZyLWZyXC93cC1jb250ZW50XC91cGxvYWRzXC8yMDI1XC8xMVwvQ2FycmVsYWdlLWhhdXQtZGUtZ2FtbWUtZWZmZXQtcGllcnJlLW5hdHVyZWxsZS1jbGFpcmUtRkFMR1JBTkRFLW1hZ2FzaW4tcmV2ZXRlbWVudHMtcG91ci1zb2xzLWV0LW11cnMtUG9ydG8tVmVuZXJlLWEtTW9udHBlbGxpZXItMzQuanBnIiwic2xpZGVzaG93IjoiYTExMzdmMyJ9\">\n\t\t\t\t\t<div class=\"e-gallery-image elementor-gallery-item__image\" data-thumbnail=\"https:\/\/www.portovenere.fr\/fr-fr\/wp-content\/uploads\/2025\/11\/Carrelage-haut-de-gamme-effet-pierre-naturelle-claire-FALGRANDE-magasin-revetements-pour-sols-et-murs-Porto-Venere-a-Montpellier-34-150x150.jpg\" data-width=\"150\" data-height=\"150\" aria-label=\"Carrelage haut de gamme finition pierre naturelle Falgrande magasin de carrelage gr\u00e8s c\u00e9rame \u00e0 Montpellier dans l&#039;H\u00e9rault\" role=\"img\" ><\/div>\n\t\t\t\t\t\t\t\t\t\t\t<div class=\"elementor-gallery-item__overlay\"><\/div>\n\t\t\t\t\t\t\t\t\t\t\t\t\t\t<\/a>\n\t\t\t\t\t<\/div>\n\t\t\t\t\t<\/div>\n\t\t\t\t<\/div>\n\t\t\t\t<div class=\"elementor-element elementor-element-edebdaf elementor-widget elementor-widget-text-editor\" data-id=\"edebdaf\" data-element_type=\"widget\" data-e-type=\"widget\" data-widget_type=\"text-editor.default\">\n\t\t\t\t<div class=\"elementor-widget-container\">\n\t\t\t\t\t\t\t\t\t<p data-sourcepos=\"2:1-2:133\">D\u00e9couvrez <strong data-start=\"91\" data-end=\"104\">FALGRANDE<\/strong>, un <b>gr\u00e8s c\u00e9rame premium effet pierre naturelle<\/b> qui associe \u00e9l\u00e9gance, r\u00e9alisme et performance.\u00a0<\/p><p data-sourcepos=\"2:1-2:133\">D\u00e9clin\u00e9 en <b>trois teintes min\u00e9rales lumineuses<\/b>, il s\u2019int\u00e8gre \u00e0 tous les univers d\u00e9coratifs, du style contemporain aux ambiances plus classiques.\u00a0<\/p><p data-sourcepos=\"2:1-2:133\">Ses<b> grands formats (60\u00d7120, 120\u00d7120 et 100\u00d7100 cm)<\/b> renforcent la sensation d\u2019espace, tandis que les<b> dalles 20 mm antid\u00e9rapantes<\/b> 60\u00d7120 cm r\u00e9pondent parfaitement aux besoins des terrasses et ext\u00e9rieurs.<\/p><p data-sourcepos=\"2:1-2:133\">Propos\u00e9 en<b> finition naturelle ou antid\u00e9rapante R11<\/b>, FALGRANDE convient aussi bien aux sols et murs int\u00e9rieurs qu\u2019aux zones ext\u00e9rieures.\u00a0<\/p><p data-sourcepos=\"2:1-2:133\">Un carrelage polyvalent qui apporte caract\u00e8re, modernit\u00e9 et simplicit\u00e9 d\u2019entretien.<\/p>\t\t\t\t\t\t\t\t<\/div>\n\t\t\t\t<\/div>\n\t\t\t\t<div class=\"elementor-element elementor-element-8ede5d7 elementor-mobile-align-center elementor-widget elementor-widget-button\" data-id=\"8ede5d7\" data-element_type=\"widget\" data-e-type=\"widget\" data-widget_type=\"button.default\">\n\t\t\t\t<div class=\"elementor-widget-container\">\n\t\t\t\t\t\t\t\t\t<div class=\"elementor-button-wrapper\">\n\t\t\t\t\t<a class=\"elementor-button elementor-button-link elementor-size-sm\" href=\"https:\/\/www.portovenere.fr\/fr-fr\/carrelage-sol-et-mur-en-gres-cerame-et-faience\/carrelage-aspect-pierre\/carrelage-haut-de-gamme-falgrande\/\">\n\t\t\t\t\t\t<span class=\"elementor-button-content-wrapper\">\n\t\t\t\t\t\t\t\t\t<span class=\"elementor-button-text\">Voir la collection<\/span>\n\t\t\t\t\t<\/span>\n\t\t\t\t\t<\/a>\n\t\t\t\t<\/div>\n\t\t\t\t\t\t\t\t<\/div>\n\t\t\t\t<\/div>\n\t\t\t\t<div class=\"elementor-element elementor-element-a6602e2 elementor-widget elementor-widget-spacer\" data-id=\"a6602e2\" data-element_type=\"widget\" data-e-type=\"widget\" data-widget_type=\"spacer.default\">\n\t\t\t\t<div class=\"elementor-widget-container\">\n\t\t\t\t\t\t\t<div class=\"elementor-spacer\">\n\t\t\t<div class=\"elementor-spacer-inner\"><\/div>\n\t\t<\/div>\n\t\t\t\t\t\t<\/div>\n\t\t\t\t<\/div>\n\t\t\t\t\t<\/div>\n\t\t<\/div>\n\t\t\t\t<div class=\"elementor-column elementor-col-33 elementor-top-column elementor-element elementor-element-269eb21 elementor-invisible\" data-id=\"269eb21\" data-element_type=\"column\" data-e-type=\"column\" data-settings=\"{&quot;animation&quot;:&quot;fadeIn&quot;,&quot;background_background&quot;:&quot;classic&quot;}\">\n\t\t\t<div class=\"elementor-widget-wrap elementor-element-populated\">\n\t\t\t\t\t\t<div class=\"elementor-element elementor-element-e5a815b elementor-widget elementor-widget-heading\" data-id=\"e5a815b\" data-element_type=\"widget\" data-e-type=\"widget\" data-widget_type=\"heading.default\">\n\t\t\t\t<div class=\"elementor-widget-container\">\n\t\t\t\t\t<h3 class=\"elementor-heading-title elementor-size-default\"><a href=\"https:\/\/www.portovenere.fr\/fr-fr\/carrelage-sol-et-mur-en-gres-cerame-et-faience\/carrelage-aspect-pierre\/carrelage-aspect-pierre-naturelle-et-antiderapante-bellastone\/\">BELLASTONE<\/a><\/h3>\t\t\t\t<\/div>\n\t\t\t\t<\/div>\n\t\t\t\t<div class=\"elementor-element elementor-element-468670f elementor-widget elementor-widget-image\" data-id=\"468670f\" data-element_type=\"widget\" data-e-type=\"widget\" data-widget_type=\"image.default\">\n\t\t\t\t<div class=\"elementor-widget-container\">\n\t\t\t\t\t\t\t\t\t\t\t\t\t\t\t\t<a href=\"https:\/\/www.portovenere.fr\/fr-fr\/carrelage-sol-et-mur-en-gres-cerame-et-faience\/carrelage-aspect-pierre\/carrelage-aspect-pierre-naturelle-et-antiderapante-bellastone\/\">\n\t\t\t\t\t\t\t<img decoding=\"async\" src=\"https:\/\/www.portovenere.fr\/fr-fr\/wp-content\/uploads\/elementor\/thumbs\/Carrelage-sol-cuisine-imitation-pierre-naturelle-Bellastone-Creme-en-gres-cerame-haut-de-gamme-Porto-Venere-Montpellier-pres-de-Saint-Jean-de-Vedas-34-r8ifxbpn4ydlzxh40elxv6wvvmjb543xke5syhnj30.jpg\" title=\"Carrelage-sol-cuisine-imitation-pierre-naturelle-Bellastone-Creme-en-gr\u00e8s-c\u00e9rame-haut-de-gamme-Porto-Venere-Montpellier-pr\u00e8s-de-Saint-Jean-de-V\u00e9das-34\" alt=\"Bellastone Creme\" loading=\"lazy\" \/>\t\t\t\t\t\t\t\t<\/a>\n\t\t\t\t\t\t\t\t\t\t\t\t\t\t\t<\/div>\n\t\t\t\t<\/div>\n\t\t\t\t<div class=\"elementor-element elementor-element-1f8cd58 elementor-widget elementor-widget-text-editor\" data-id=\"1f8cd58\" data-element_type=\"widget\" data-e-type=\"widget\" data-widget_type=\"text-editor.default\">\n\t\t\t\t<div class=\"elementor-widget-container\">\n\t\t\t\t\t\t\t\t\t<p><strong>4 coloris<\/strong><\/p>\t\t\t\t\t\t\t\t<\/div>\n\t\t\t\t<\/div>\n\t\t\t\t<div class=\"elementor-element elementor-element-d3f4f60 elementor-widget elementor-widget-gallery\" data-id=\"d3f4f60\" data-element_type=\"widget\" data-e-type=\"widget\" data-settings=\"{&quot;columns&quot;:6,&quot;columns_tablet&quot;:4,&quot;columns_mobile&quot;:4,&quot;aspect_ratio&quot;:&quot;1:1&quot;,&quot;lazyload&quot;:&quot;yes&quot;,&quot;gallery_layout&quot;:&quot;grid&quot;,&quot;gap&quot;:{&quot;unit&quot;:&quot;px&quot;,&quot;size&quot;:10,&quot;sizes&quot;:[]},&quot;gap_tablet&quot;:{&quot;unit&quot;:&quot;px&quot;,&quot;size&quot;:10,&quot;sizes&quot;:[]},&quot;gap_mobile&quot;:{&quot;unit&quot;:&quot;px&quot;,&quot;size&quot;:10,&quot;sizes&quot;:[]},&quot;link_to&quot;:&quot;file&quot;,&quot;overlay_background&quot;:&quot;yes&quot;,&quot;content_hover_animation&quot;:&quot;fade-in&quot;}\" data-widget_type=\"gallery.default\">\n\t\t\t\t<div class=\"elementor-widget-container\">\n\t\t\t\t\t\t\t<div class=\"elementor-gallery__container\">\n\t\t\t\t\t\t\t<a class=\"e-gallery-item elementor-gallery-item elementor-animated-content\" href=\"https:\/\/www.portovenere.fr\/fr-fr\/wp-content\/uploads\/2023\/02\/Carreau-Fiorito-Graphite-aspect-pierre-naturelle-gres-cerame-a-Nimes-Gard-30.jpg\" data-elementor-open-lightbox=\"yes\" data-elementor-lightbox-slideshow=\"d3f4f60\" data-elementor-lightbox-title=\"Carreau Fiorito Graphite aspect pierre naturelle gr\u00e8s c\u00e9rame \u00e0 Nimes Gard 30\" data-e-action-hash=\"#elementor-action%3Aaction%3Dlightbox%26settings%3DeyJpZCI6NDQ3NzcsInVybCI6Imh0dHBzOlwvXC93d3cucG9ydG92ZW5lcmUuZnJcL2ZyLWZyXC93cC1jb250ZW50XC91cGxvYWRzXC8yMDIzXC8wMlwvQ2FycmVhdS1GaW9yaXRvLUdyYXBoaXRlLWFzcGVjdC1waWVycmUtbmF0dXJlbGxlLWdyZXMtY2VyYW1lLWEtTmltZXMtR2FyZC0zMC5qcGciLCJzbGlkZXNob3ciOiJkM2Y0ZjYwIn0%3D\">\n\t\t\t\t\t<div class=\"e-gallery-image elementor-gallery-item__image\" data-thumbnail=\"https:\/\/www.portovenere.fr\/fr-fr\/wp-content\/uploads\/2023\/02\/Carreau-Fiorito-Graphite-aspect-pierre-naturelle-gres-cerame-a-Nimes-Gard-30-150x150.jpg\" data-width=\"150\" data-height=\"150\" aria-label=\"gr\u00e8s c\u00e9rame effet pierre naturelle\" role=\"img\" ><\/div>\n\t\t\t\t\t\t\t\t\t\t\t<div class=\"elementor-gallery-item__overlay\"><\/div>\n\t\t\t\t\t\t\t\t\t\t\t\t\t\t<\/a>\n\t\t\t\t\t\t\t<a class=\"e-gallery-item elementor-gallery-item elementor-animated-content\" href=\"https:\/\/www.portovenere.fr\/fr-fr\/wp-content\/uploads\/2023\/02\/Carreau-Fiorito-Silver-design-proche-de-Montferrier-Sur-Lez-Herault-34.jpg\" data-elementor-open-lightbox=\"yes\" data-elementor-lightbox-slideshow=\"d3f4f60\" data-elementor-lightbox-title=\"Carreau Fiorito Silver design proche de Montferrier-Sur-Lez H\u00e9rault 34\" data-e-action-hash=\"#elementor-action%3Aaction%3Dlightbox%26settings%3DeyJpZCI6NDQ3NzYsInVybCI6Imh0dHBzOlwvXC93d3cucG9ydG92ZW5lcmUuZnJcL2ZyLWZyXC93cC1jb250ZW50XC91cGxvYWRzXC8yMDIzXC8wMlwvQ2FycmVhdS1GaW9yaXRvLVNpbHZlci1kZXNpZ24tcHJvY2hlLWRlLU1vbnRmZXJyaWVyLVN1ci1MZXotSGVyYXVsdC0zNC5qcGciLCJzbGlkZXNob3ciOiJkM2Y0ZjYwIn0%3D\">\n\t\t\t\t\t<div class=\"e-gallery-image elementor-gallery-item__image\" data-thumbnail=\"https:\/\/www.portovenere.fr\/fr-fr\/wp-content\/uploads\/2023\/02\/Carreau-Fiorito-Silver-design-proche-de-Montferrier-Sur-Lez-Herault-34-150x150.jpg\" data-width=\"150\" data-height=\"150\" aria-label=\"gr\u00e8s c\u00e9rame effet pierre naturelle\" role=\"img\" ><\/div>\n\t\t\t\t\t\t\t\t\t\t\t<div class=\"elementor-gallery-item__overlay\"><\/div>\n\t\t\t\t\t\t\t\t\t\t\t\t\t\t<\/a>\n\t\t\t\t\t\t\t<a class=\"e-gallery-item elementor-gallery-item elementor-animated-content\" href=\"https:\/\/www.portovenere.fr\/fr-fr\/wp-content\/uploads\/2023\/02\/Carreau-Fiorito-Greige-veine-a-proximite-de-Ales-Gard-30.jpg\" data-elementor-open-lightbox=\"yes\" data-elementor-lightbox-slideshow=\"d3f4f60\" data-elementor-lightbox-title=\"Carreau Fiorito Greige vein\u00e9 \u00e0 proximit\u00e9 de Al\u00e8s Gard 30\" data-e-action-hash=\"#elementor-action%3Aaction%3Dlightbox%26settings%3DeyJpZCI6NDQ3NzUsInVybCI6Imh0dHBzOlwvXC93d3cucG9ydG92ZW5lcmUuZnJcL2ZyLWZyXC93cC1jb250ZW50XC91cGxvYWRzXC8yMDIzXC8wMlwvQ2FycmVhdS1GaW9yaXRvLUdyZWlnZS12ZWluZS1hLXByb3hpbWl0ZS1kZS1BbGVzLUdhcmQtMzAuanBnIiwic2xpZGVzaG93IjoiZDNmNGY2MCJ9\">\n\t\t\t\t\t<div class=\"e-gallery-image elementor-gallery-item__image\" data-thumbnail=\"https:\/\/www.portovenere.fr\/fr-fr\/wp-content\/uploads\/2023\/02\/Carreau-Fiorito-Greige-veine-a-proximite-de-Ales-Gard-30-150x150.jpg\" data-width=\"150\" data-height=\"150\" aria-label=\"gr\u00e8s c\u00e9rame effet pierre naturelle\" role=\"img\" ><\/div>\n\t\t\t\t\t\t\t\t\t\t\t<div class=\"elementor-gallery-item__overlay\"><\/div>\n\t\t\t\t\t\t\t\t\t\t\t\t\t\t<\/a>\n\t\t\t\t\t\t\t<a class=\"e-gallery-item elementor-gallery-item elementor-animated-content\" href=\"https:\/\/www.portovenere.fr\/fr-fr\/wp-content\/uploads\/2023\/02\/Carreau-Fiorito-Chalk-effet-beige-proche-de-Lunel-Herault-34.jpg\" data-elementor-open-lightbox=\"yes\" data-elementor-lightbox-slideshow=\"d3f4f60\" data-elementor-lightbox-title=\"Carreau Fiorito Chalk effet beige proche de Lunel H\u00e9rault 34\" data-elementor-lightbox-description=\"Fiorito Chalk effet beige\" data-e-action-hash=\"#elementor-action%3Aaction%3Dlightbox%26settings%3DeyJpZCI6NDQ3NzQsInVybCI6Imh0dHBzOlwvXC93d3cucG9ydG92ZW5lcmUuZnJcL2ZyLWZyXC93cC1jb250ZW50XC91cGxvYWRzXC8yMDIzXC8wMlwvQ2FycmVhdS1GaW9yaXRvLUNoYWxrLWVmZmV0LWJlaWdlLXByb2NoZS1kZS1MdW5lbC1IZXJhdWx0LTM0LmpwZyIsInNsaWRlc2hvdyI6ImQzZjRmNjAifQ%3D%3D\">\n\t\t\t\t\t<div class=\"e-gallery-image elementor-gallery-item__image\" data-thumbnail=\"https:\/\/www.portovenere.fr\/fr-fr\/wp-content\/uploads\/2023\/02\/Carreau-Fiorito-Chalk-effet-beige-proche-de-Lunel-Herault-34-150x150.jpg\" data-width=\"150\" data-height=\"150\" aria-label=\"gr\u00e8s c\u00e9rame effet pierre naturelle\" role=\"img\" ><\/div>\n\t\t\t\t\t\t\t\t\t\t\t<div class=\"elementor-gallery-item__overlay\"><\/div>\n\t\t\t\t\t\t\t\t\t\t\t\t\t\t<\/a>\n\t\t\t\t\t<\/div>\n\t\t\t\t\t<\/div>\n\t\t\t\t<\/div>\n\t\t\t\t<div class=\"elementor-element elementor-element-340eb90 elementor-widget elementor-widget-text-editor\" data-id=\"340eb90\" data-element_type=\"widget\" data-e-type=\"widget\" data-widget_type=\"text-editor.default\">\n\t\t\t\t<div class=\"elementor-widget-container\">\n\t\t\t\t\t\t\t\t\t<p data-sourcepos=\"5:1-5:46\">Le carrelage gr\u00e8s c\u00e9rame color\u00e9 dans la masse aspect pierre<b>\u00a0BELLASTONE,\u00a0<\/b>propose\u00a0<b>4 teintes\u00a0<\/b>agr\u00e9ables pour vos<b>\u00a0espaces int\u00e9rieurs et ext\u00e9rieurs : Marron, Gr\u00e8ge, Blanc et Cr\u00e8me.<\/b><\/p><p data-sourcepos=\"5:1-5:46\">Ce\u00a0<b>gr\u00e8s c\u00e9rame<\/b>\u00a0vous offre le choix parmi les formats suivants pour vos\u00a0<b>sols et murs<\/b>\u00a0:\u00a0<b>30&#215;60 cm, 60&#215;60 cm , 60&#215;120 cm, 100&#215;100 cm et le grand format 120&#215;120 cm.<\/b><\/p><p data-sourcepos=\"5:1-5:46\">Disponible en<b>\u00a0finition naturelle, finition Wax (Poli) ou antid\u00e9rapante.<\/b><\/p><p data-sourcepos=\"5:1-5:46\">Vous pourrez assurer une\u00a0<b>continuit\u00e9 de vos espaces de vie vers l&rsquo;ext\u00e9rieur<\/b>\u00a0gr\u00e2ce \u00e0 la\u00a0<b>finition antid\u00e9rapante<\/b>.\u00a0<\/p><p data-sourcepos=\"5:1-5:46\">Aussi, des\u00a0<b>dalles 60&#215;120 cm antid\u00e9rapantes en 2cm\u00a0<\/b>d&rsquo;\u00e9paisseur, sont propos\u00e9es pour vos\u00a0<b>terrasses ou tours de piscine<\/b>\u00a0pour une pose sur plots, sur gravier, gazon ou en pose coll\u00e9e.\u00a0<\/p><p data-sourcepos=\"5:1-5:46\">Le carrelage aspect pierre naturelle et antid\u00e9rapante Bellastone existe \u00e9galement en\u00a0<b>mosaique\u00a0<\/b>30&#215;30 cm et en\u00a0<b>mosa\u00efque hexagonale<\/b>\u00a025&#215;30 cm pour am\u00e9nager des espaces tels qu&rsquo;une cr\u00e9dence de cuisine, une salle de bain ou le mur d&rsquo;un hall d&rsquo;h\u00f4tel par exemple.<\/p>\t\t\t\t\t\t\t\t<\/div>\n\t\t\t\t<\/div>\n\t\t\t\t<div class=\"elementor-element elementor-element-16e0c37 elementor-mobile-align-center elementor-widget elementor-widget-button\" data-id=\"16e0c37\" data-element_type=\"widget\" data-e-type=\"widget\" data-widget_type=\"button.default\">\n\t\t\t\t<div class=\"elementor-widget-container\">\n\t\t\t\t\t\t\t\t\t<div class=\"elementor-button-wrapper\">\n\t\t\t\t\t<a class=\"elementor-button elementor-button-link elementor-size-sm\" href=\"https:\/\/www.portovenere.fr\/fr-fr\/carrelage-sol-et-mur-en-gres-cerame-et-faience\/carrelage-aspect-pierre\/carrelage-aspect-pierre-naturelle-et-antiderapante-bellastone\/\">\n\t\t\t\t\t\t<span class=\"elementor-button-content-wrapper\">\n\t\t\t\t\t\t\t\t\t<span class=\"elementor-button-text\">Voir la collection<\/span>\n\t\t\t\t\t<\/span>\n\t\t\t\t\t<\/a>\n\t\t\t\t<\/div>\n\t\t\t\t\t\t\t\t<\/div>\n\t\t\t\t<\/div>\n\t\t\t\t<div class=\"elementor-element elementor-element-a71df89 elementor-widget elementor-widget-spacer\" data-id=\"a71df89\" data-element_type=\"widget\" data-e-type=\"widget\" data-widget_type=\"spacer.default\">\n\t\t\t\t<div class=\"elementor-widget-container\">\n\t\t\t\t\t\t\t<div class=\"elementor-spacer\">\n\t\t\t<div class=\"elementor-spacer-inner\"><\/div>\n\t\t<\/div>\n\t\t\t\t\t\t<\/div>\n\t\t\t\t<\/div>\n\t\t\t\t\t<\/div>\n\t\t<\/div>\n\t\t\t\t\t<\/div>\n\t\t<\/section>\n\t\t\t\t<section class=\"elementor-section elementor-top-section elementor-element elementor-element-9bf195d elementor-section-full_width elementor-section-height-default elementor-section-height-default elementor-invisible\" data-id=\"9bf195d\" data-element_type=\"section\" data-e-type=\"section\" data-settings=\"{&quot;animation&quot;:&quot;fadeIn&quot;}\">\n\t\t\t\t\t\t<div class=\"elementor-container elementor-column-gap-default\">\n\t\t\t\t\t<div class=\"elementor-column elementor-col-33 elementor-top-column elementor-element elementor-element-e93bafd\" data-id=\"e93bafd\" data-element_type=\"column\" data-e-type=\"column\" data-settings=\"{&quot;background_background&quot;:&quot;classic&quot;}\">\n\t\t\t<div class=\"elementor-widget-wrap elementor-element-populated\">\n\t\t\t\t\t\t<div class=\"elementor-element elementor-element-9b77ad9 elementor-widget elementor-widget-heading\" data-id=\"9b77ad9\" data-element_type=\"widget\" data-e-type=\"widget\" data-widget_type=\"heading.default\">\n\t\t\t\t<div class=\"elementor-widget-container\">\n\t\t\t\t\t<h3 class=\"elementor-heading-title elementor-size-default\"><a href=\"https:\/\/www.portovenere.fr\/fr-fr\/carrelage-sol-et-mur-en-gres-cerame-et-faience\/carrelage-aspect-pierre\/carrelage-aspect-vieille-pierre-pittsburgh\/\">PITTSBURGH<\/a><\/h3>\t\t\t\t<\/div>\n\t\t\t\t<\/div>\n\t\t\t\t<div class=\"elementor-element elementor-element-47b3d85 elementor-widget elementor-widget-image\" data-id=\"47b3d85\" data-element_type=\"widget\" data-e-type=\"widget\" data-widget_type=\"image.default\">\n\t\t\t\t<div class=\"elementor-widget-container\">\n\t\t\t\t\t\t\t\t\t\t\t\t\t\t\t\t<a href=\"https:\/\/www.portovenere.fr\/fr-fr\/carrelage-sol-et-mur-en-gres-cerame-et-faience\/carrelage-aspect-pierre\/carrelage-aspect-vieille-pierre-pittsburgh\/\">\n\t\t\t\t\t\t\t<img decoding=\"async\" src=\"https:\/\/www.portovenere.fr\/fr-fr\/wp-content\/uploads\/elementor\/thumbs\/Carrelage-imitation-pierre-ancienne-Pittsburgs-Wind_bords-rectifi\u00e9s_Porto_Venere-r8ic6mg9qnzc7n4xkohn1olv8sgp2mcpdoju3zdkrg.jpg\" title=\"Carrelage-imitation-pierre-ancienne-Pittsburgs-Wind_bords-rectifi\u00e9s_Porto_Venere\" alt=\"Carrelage-imitation-pierre-ancienne-Pittsburgs-Wind_bords-rectifi\u00e9s_Porto_Venere\" loading=\"lazy\" \/>\t\t\t\t\t\t\t\t<\/a>\n\t\t\t\t\t\t\t\t\t\t\t\t\t\t\t<\/div>\n\t\t\t\t<\/div>\n\t\t\t\t<div class=\"elementor-element elementor-element-6aba538 elementor-widget elementor-widget-text-editor\" data-id=\"6aba538\" data-element_type=\"widget\" data-e-type=\"widget\" data-widget_type=\"text-editor.default\">\n\t\t\t\t<div class=\"elementor-widget-container\">\n\t\t\t\t\t\t\t\t\t<p><strong>2 coloris et 2 effets<\/strong><\/p>\t\t\t\t\t\t\t\t<\/div>\n\t\t\t\t<\/div>\n\t\t\t\t<div class=\"elementor-element elementor-element-14ca3aa elementor-widget elementor-widget-gallery\" data-id=\"14ca3aa\" data-element_type=\"widget\" data-e-type=\"widget\" data-settings=\"{&quot;columns&quot;:6,&quot;columns_tablet&quot;:4,&quot;columns_mobile&quot;:4,&quot;aspect_ratio&quot;:&quot;1:1&quot;,&quot;lazyload&quot;:&quot;yes&quot;,&quot;gallery_layout&quot;:&quot;grid&quot;,&quot;gap&quot;:{&quot;unit&quot;:&quot;px&quot;,&quot;size&quot;:10,&quot;sizes&quot;:[]},&quot;gap_tablet&quot;:{&quot;unit&quot;:&quot;px&quot;,&quot;size&quot;:10,&quot;sizes&quot;:[]},&quot;gap_mobile&quot;:{&quot;unit&quot;:&quot;px&quot;,&quot;size&quot;:10,&quot;sizes&quot;:[]},&quot;link_to&quot;:&quot;file&quot;,&quot;overlay_background&quot;:&quot;yes&quot;,&quot;content_hover_animation&quot;:&quot;fade-in&quot;}\" data-widget_type=\"gallery.default\">\n\t\t\t\t<div class=\"elementor-widget-container\">\n\t\t\t\t\t\t\t<div class=\"elementor-gallery__container\">\n\t\t\t\t\t\t\t<a class=\"e-gallery-item elementor-gallery-item elementor-animated-content\" href=\"https:\/\/www.portovenere.fr\/fr-fr\/wp-content\/uploads\/2019\/12\/Carrelage-aspect-pierre-ancienne-Pittsburgs_Wind_bords-rectifi\u00e9s.jpg\" data-elementor-open-lightbox=\"yes\" data-elementor-lightbox-slideshow=\"14ca3aa\" data-elementor-lightbox-title=\"Carrelage-aspect-pierre-ancienne-Pittsburgs_Wind_bords-rectifi\u00e9s\" data-e-action-hash=\"#elementor-action%3Aaction%3Dlightbox%26settings%3DeyJpZCI6MTk2NTgsInVybCI6Imh0dHBzOlwvXC93d3cucG9ydG92ZW5lcmUuZnJcL2ZyLWZyXC93cC1jb250ZW50XC91cGxvYWRzXC8yMDE5XC8xMlwvQ2FycmVsYWdlLWFzcGVjdC1waWVycmUtYW5jaWVubmUtUGl0dHNidXJnc19XaW5kX2JvcmRzLXJlY3RpZmlcdTAwZTlzLmpwZyIsInNsaWRlc2hvdyI6IjE0Y2EzYWEifQ%3D%3D\">\n\t\t\t\t\t<div class=\"e-gallery-image elementor-gallery-item__image\" data-thumbnail=\"https:\/\/www.portovenere.fr\/fr-fr\/wp-content\/uploads\/2019\/12\/Carrelage-aspect-pierre-ancienne-Pittsburgs_Wind_bords-rectifi\u00e9s-150x150.jpg\" data-width=\"150\" data-height=\"150\" aria-label=\"\" role=\"img\" ><\/div>\n\t\t\t\t\t\t\t\t\t\t\t<div class=\"elementor-gallery-item__overlay\"><\/div>\n\t\t\t\t\t\t\t\t\t\t\t\t\t\t<\/a>\n\t\t\t\t\t\t\t<a class=\"e-gallery-item elementor-gallery-item elementor-animated-content\" href=\"https:\/\/www.portovenere.fr\/fr-fr\/wp-content\/uploads\/2019\/12\/Carrelage-aspect-pierre-ancienne-Pittsburgs_Wind_Antique_bords-irr\u00e9guliers.jpg\" data-elementor-open-lightbox=\"yes\" data-elementor-lightbox-slideshow=\"14ca3aa\" data-elementor-lightbox-title=\"Carrelage-aspect-pierre-ancienne-Pittsburgs_Wind_Antique_bords-irr\u00e9guliers\" data-e-action-hash=\"#elementor-action%3Aaction%3Dlightbox%26settings%3DeyJpZCI6MTk2NTcsInVybCI6Imh0dHBzOlwvXC93d3cucG9ydG92ZW5lcmUuZnJcL2ZyLWZyXC93cC1jb250ZW50XC91cGxvYWRzXC8yMDE5XC8xMlwvQ2FycmVsYWdlLWFzcGVjdC1waWVycmUtYW5jaWVubmUtUGl0dHNidXJnc19XaW5kX0FudGlxdWVfYm9yZHMtaXJyXHUwMGU5Z3VsaWVycy5qcGciLCJzbGlkZXNob3ciOiIxNGNhM2FhIn0%3D\">\n\t\t\t\t\t<div class=\"e-gallery-image elementor-gallery-item__image\" data-thumbnail=\"https:\/\/www.portovenere.fr\/fr-fr\/wp-content\/uploads\/2019\/12\/Carrelage-aspect-pierre-ancienne-Pittsburgs_Wind_Antique_bords-irr\u00e9guliers-150x150.jpg\" data-width=\"150\" data-height=\"150\" aria-label=\"\" role=\"img\" ><\/div>\n\t\t\t\t\t\t\t\t\t\t\t<div class=\"elementor-gallery-item__overlay\"><\/div>\n\t\t\t\t\t\t\t\t\t\t\t\t\t\t<\/a>\n\t\t\t\t\t\t\t<a class=\"e-gallery-item elementor-gallery-item elementor-animated-content\" href=\"https:\/\/www.portovenere.fr\/fr-fr\/wp-content\/uploads\/2019\/12\/Carrelage-aspect-pierre-ancienne-Pittsburgs_Sunrise_bords-rectifi\u00e9s.jpg\" data-elementor-open-lightbox=\"yes\" data-elementor-lightbox-slideshow=\"14ca3aa\" data-elementor-lightbox-title=\"Carrelage-aspect-pierre-ancienne-Pittsburgs_Sunrise_bords-rectifi\u00e9s\" data-e-action-hash=\"#elementor-action%3Aaction%3Dlightbox%26settings%3DeyJpZCI6MTk2NTQsInVybCI6Imh0dHBzOlwvXC93d3cucG9ydG92ZW5lcmUuZnJcL2ZyLWZyXC93cC1jb250ZW50XC91cGxvYWRzXC8yMDE5XC8xMlwvQ2FycmVsYWdlLWFzcGVjdC1waWVycmUtYW5jaWVubmUtUGl0dHNidXJnc19TdW5yaXNlX2JvcmRzLXJlY3RpZmlcdTAwZTlzLmpwZyIsInNsaWRlc2hvdyI6IjE0Y2EzYWEifQ%3D%3D\">\n\t\t\t\t\t<div class=\"e-gallery-image elementor-gallery-item__image\" data-thumbnail=\"https:\/\/www.portovenere.fr\/fr-fr\/wp-content\/uploads\/2019\/12\/Carrelage-aspect-pierre-ancienne-Pittsburgs_Sunrise_bords-rectifi\u00e9s-150x150.jpg\" data-width=\"150\" data-height=\"150\" aria-label=\"\" role=\"img\" ><\/div>\n\t\t\t\t\t\t\t\t\t\t\t<div class=\"elementor-gallery-item__overlay\"><\/div>\n\t\t\t\t\t\t\t\t\t\t\t\t\t\t<\/a>\n\t\t\t\t\t\t\t<a class=\"e-gallery-item elementor-gallery-item elementor-animated-content\" href=\"https:\/\/www.portovenere.fr\/fr-fr\/wp-content\/uploads\/2019\/12\/Carrelage-aspect-pierre-ancienne-Pittsburgs_Sunrise_Antique_bords-irr\u00e9guliers.jpg\" data-elementor-open-lightbox=\"yes\" data-elementor-lightbox-slideshow=\"14ca3aa\" data-elementor-lightbox-title=\"Carrelage-aspect-pierre-ancienne-Pittsburgs_Sunrise_Antique_bords-irr\u00e9guliers\" data-e-action-hash=\"#elementor-action%3Aaction%3Dlightbox%26settings%3DeyJpZCI6MTk2NTMsInVybCI6Imh0dHBzOlwvXC93d3cucG9ydG92ZW5lcmUuZnJcL2ZyLWZyXC93cC1jb250ZW50XC91cGxvYWRzXC8yMDE5XC8xMlwvQ2FycmVsYWdlLWFzcGVjdC1waWVycmUtYW5jaWVubmUtUGl0dHNidXJnc19TdW5yaXNlX0FudGlxdWVfYm9yZHMtaXJyXHUwMGU5Z3VsaWVycy5qcGciLCJzbGlkZXNob3ciOiIxNGNhM2FhIn0%3D\">\n\t\t\t\t\t<div class=\"e-gallery-image elementor-gallery-item__image\" data-thumbnail=\"https:\/\/www.portovenere.fr\/fr-fr\/wp-content\/uploads\/2019\/12\/Carrelage-aspect-pierre-ancienne-Pittsburgs_Sunrise_Antique_bords-irr\u00e9guliers-150x150.jpg\" data-width=\"150\" data-height=\"150\" aria-label=\"\" role=\"img\" ><\/div>\n\t\t\t\t\t\t\t\t\t\t\t<div class=\"elementor-gallery-item__overlay\"><\/div>\n\t\t\t\t\t\t\t\t\t\t\t\t\t\t<\/a>\n\t\t\t\t\t<\/div>\n\t\t\t\t\t<\/div>\n\t\t\t\t<\/div>\n\t\t\t\t<div class=\"elementor-element elementor-element-ce2c77c elementor-widget elementor-widget-text-editor\" data-id=\"ce2c77c\" data-element_type=\"widget\" data-e-type=\"widget\" data-widget_type=\"text-editor.default\">\n\t\t\t\t<div class=\"elementor-widget-container\">\n\t\t\t\t\t\t\t\t\t<p>Carrelage aspect <strong>vieille pierre<\/strong> naturelle disponible en finition \u00ab\u00a0Antique\u00a0\u00bb aux <strong>bords irr\u00e9guliers<\/strong> ou <strong>bords droits<\/strong> r\u00e9guliers. Nombreux formats propos\u00e9s pour une pose au sol et murale pour des espaces int\u00e9rieurs et ext\u00e9rieurs gr\u00e2ce \u00e0 une finition antid\u00e9rapante.\u00a0<\/p><p>Les d\u00e9cors mosa\u00efques apporteront la touche finale \u00e0 l&rsquo;atmosph\u00e8re de vos espaces de vie.\u00a0<\/p>\t\t\t\t\t\t\t\t<\/div>\n\t\t\t\t<\/div>\n\t\t\t\t<div class=\"elementor-element elementor-element-13071eb elementor-mobile-align-center elementor-widget elementor-widget-button\" data-id=\"13071eb\" data-element_type=\"widget\" data-e-type=\"widget\" data-widget_type=\"button.default\">\n\t\t\t\t<div class=\"elementor-widget-container\">\n\t\t\t\t\t\t\t\t\t<div class=\"elementor-button-wrapper\">\n\t\t\t\t\t<a class=\"elementor-button elementor-button-link elementor-size-sm\" href=\"https:\/\/www.portovenere.fr\/fr-fr\/carrelage-sol-et-mur-en-gres-cerame-et-faience\/carrelage-aspect-pierre\/carrelage-aspect-vieille-pierre-pittsburgh\/\">\n\t\t\t\t\t\t<span class=\"elementor-button-content-wrapper\">\n\t\t\t\t\t\t\t\t\t<span class=\"elementor-button-text\">VOIR LA COLLECTION<\/span>\n\t\t\t\t\t<\/span>\n\t\t\t\t\t<\/a>\n\t\t\t\t<\/div>\n\t\t\t\t\t\t\t\t<\/div>\n\t\t\t\t<\/div>\n\t\t\t\t<div class=\"elementor-element elementor-element-3e31061 elementor-widget elementor-widget-spacer\" data-id=\"3e31061\" data-element_type=\"widget\" data-e-type=\"widget\" data-widget_type=\"spacer.default\">\n\t\t\t\t<div class=\"elementor-widget-container\">\n\t\t\t\t\t\t\t<div class=\"elementor-spacer\">\n\t\t\t<div class=\"elementor-spacer-inner\"><\/div>\n\t\t<\/div>\n\t\t\t\t\t\t<\/div>\n\t\t\t\t<\/div>\n\t\t\t\t\t<\/div>\n\t\t<\/div>\n\t\t\t\t<div class=\"elementor-column elementor-col-33 elementor-top-column elementor-element elementor-element-5fe994a elementor-invisible\" data-id=\"5fe994a\" data-element_type=\"column\" data-e-type=\"column\" data-settings=\"{&quot;animation&quot;:&quot;fadeIn&quot;,&quot;background_background&quot;:&quot;classic&quot;}\">\n\t\t\t<div class=\"elementor-widget-wrap elementor-element-populated\">\n\t\t\t\t\t\t<div class=\"elementor-element elementor-element-559ab61 elementor-widget elementor-widget-heading\" data-id=\"559ab61\" data-element_type=\"widget\" data-e-type=\"widget\" data-widget_type=\"heading.default\">\n\t\t\t\t<div class=\"elementor-widget-container\">\n\t\t\t\t\t<h3 class=\"elementor-heading-title elementor-size-default\"><a href=\"https:\/\/www.portovenere.fr\/fr-fr\/carrelage-sol-et-mur-en-gres-cerame-et-faience\/carrelage-aspect-pierre\/carrelage-multiformat-effet-pierre-trias\/\">TRIAS<\/a><\/h3>\t\t\t\t<\/div>\n\t\t\t\t<\/div>\n\t\t\t\t<div class=\"elementor-element elementor-element-f81d7aa elementor-widget elementor-widget-image\" data-id=\"f81d7aa\" data-element_type=\"widget\" data-e-type=\"widget\" data-widget_type=\"image.default\">\n\t\t\t\t<div class=\"elementor-widget-container\">\n\t\t\t\t\t\t\t\t\t\t\t\t\t\t\t\t<a href=\"https:\/\/www.portovenere.fr\/fr-fr\/carrelage-sol-et-mur-en-gres-cerame-et-faience\/carrelage-aspect-pierre\/carrelage-multiformat-effet-pierre-trias\/\">\n\t\t\t\t\t\t\t<img decoding=\"async\" src=\"https:\/\/www.portovenere.fr\/fr-fr\/wp-content\/uploads\/elementor\/thumbs\/Carrelage-beige-en-gres-cerame-aspect-pierre-60x120-cm-collection-TRIAS-beige-proche-de-Lansargues-34-r8ifvpfnd85u03trgpf2klmb1qijvvokodpp7c1xss.jpg\" title=\"Carrelage-beige-en-gr\u00e8s-c\u00e9rame-aspect-pierre-60&#215;120-cm-collection-TRIAS-beige-proche-de-Lansargues-34\" alt=\"Trias Beige 60x120 cm Tech\" loading=\"lazy\" \/>\t\t\t\t\t\t\t\t<\/a>\n\t\t\t\t\t\t\t\t\t\t\t\t\t\t\t<\/div>\n\t\t\t\t<\/div>\n\t\t\t\t<div class=\"elementor-element elementor-element-f049bf6 elementor-widget elementor-widget-text-editor\" data-id=\"f049bf6\" data-element_type=\"widget\" data-e-type=\"widget\" data-widget_type=\"text-editor.default\">\n\t\t\t\t<div class=\"elementor-widget-container\">\n\t\t\t\t\t\t\t\t\t<p><strong>3 coloris<\/strong><\/p>\t\t\t\t\t\t\t\t<\/div>\n\t\t\t\t<\/div>\n\t\t\t\t<div class=\"elementor-element elementor-element-6b0da92 elementor-widget elementor-widget-gallery\" data-id=\"6b0da92\" data-element_type=\"widget\" data-e-type=\"widget\" data-settings=\"{&quot;columns&quot;:6,&quot;columns_tablet&quot;:4,&quot;columns_mobile&quot;:4,&quot;aspect_ratio&quot;:&quot;1:1&quot;,&quot;lazyload&quot;:&quot;yes&quot;,&quot;gallery_layout&quot;:&quot;grid&quot;,&quot;gap&quot;:{&quot;unit&quot;:&quot;px&quot;,&quot;size&quot;:10,&quot;sizes&quot;:[]},&quot;gap_tablet&quot;:{&quot;unit&quot;:&quot;px&quot;,&quot;size&quot;:10,&quot;sizes&quot;:[]},&quot;gap_mobile&quot;:{&quot;unit&quot;:&quot;px&quot;,&quot;size&quot;:10,&quot;sizes&quot;:[]},&quot;link_to&quot;:&quot;file&quot;,&quot;overlay_background&quot;:&quot;yes&quot;,&quot;content_hover_animation&quot;:&quot;fade-in&quot;}\" data-widget_type=\"gallery.default\">\n\t\t\t\t<div class=\"elementor-widget-container\">\n\t\t\t\t\t\t\t<div class=\"elementor-gallery__container\">\n\t\t\t\t\t\t\t<a class=\"e-gallery-item elementor-gallery-item elementor-animated-content\" href=\"https:\/\/www.portovenere.fr\/fr-fr\/wp-content\/uploads\/2025\/03\/Carrelage-en-gres-cerame-multiformat-effet-pierre-pour-interieur-et-exterieur-TRIAS-grigio-pose-au-sol-et-au-mur-showroom-Porto-Venere-pres-de-La-Grande-Motte-34.jpg\" data-elementor-open-lightbox=\"yes\" data-elementor-lightbox-slideshow=\"6b0da92\" data-elementor-lightbox-title=\"Carrelage-en-gr\u00e8s-c\u00e9rame-multiformat-effet-pierre-pour-int\u00e9rieur-et-ext\u00e9rieur-TRIAS-grigio-pose-au-sol-et-au-mur-showroom-Porto-Venere-pr\u00e8s-de-La-Grande-Motte-34\" data-e-action-hash=\"#elementor-action%3Aaction%3Dlightbox%26settings%3DeyJpZCI6NTc0ODcsInVybCI6Imh0dHBzOlwvXC93d3cucG9ydG92ZW5lcmUuZnJcL2ZyLWZyXC93cC1jb250ZW50XC91cGxvYWRzXC8yMDI1XC8wM1wvQ2FycmVsYWdlLWVuLWdyZXMtY2VyYW1lLW11bHRpZm9ybWF0LWVmZmV0LXBpZXJyZS1wb3VyLWludGVyaWV1ci1ldC1leHRlcmlldXItVFJJQVMtZ3JpZ2lvLXBvc2UtYXUtc29sLWV0LWF1LW11ci1zaG93cm9vbS1Qb3J0by1WZW5lcmUtcHJlcy1kZS1MYS1HcmFuZGUtTW90dGUtMzQuanBnIiwic2xpZGVzaG93IjoiNmIwZGE5MiJ9\">\n\t\t\t\t\t<div class=\"e-gallery-image elementor-gallery-item__image\" data-thumbnail=\"https:\/\/www.portovenere.fr\/fr-fr\/wp-content\/uploads\/2025\/03\/Carrelage-en-gres-cerame-multiformat-effet-pierre-pour-interieur-et-exterieur-TRIAS-grigio-pose-au-sol-et-au-mur-showroom-Porto-Venere-pres-de-La-Grande-Motte-34-150x150.jpg\" data-width=\"150\" data-height=\"150\" aria-label=\"\" role=\"img\" ><\/div>\n\t\t\t\t\t\t\t\t\t\t\t<div class=\"elementor-gallery-item__overlay\"><\/div>\n\t\t\t\t\t\t\t\t\t\t\t\t\t\t<\/a>\n\t\t\t\t\t\t\t<a class=\"e-gallery-item elementor-gallery-item elementor-animated-content\" href=\"https:\/\/www.portovenere.fr\/fr-fr\/wp-content\/uploads\/2025\/03\/Carrelage-en-gres-cerame-multiformat-effet-pierre-pour-interieur-et-exterieur-TRIAS-beige-pose-au-sol-et-au-mur-showroom-Porto-Venere-pres-de-Mauguio-34.jpg\" data-elementor-open-lightbox=\"yes\" data-elementor-lightbox-slideshow=\"6b0da92\" data-elementor-lightbox-title=\"Carrelage-en-gr\u00e8s-c\u00e9rame-multiformat-effet-pierre-pour-int\u00e9rieur-et-ext\u00e9rieur-TRIAS-beige-pose-au-sol-et-au-mur-showroom-Porto-Venere-pr\u00e8s-de-Mauguio-34\" data-e-action-hash=\"#elementor-action%3Aaction%3Dlightbox%26settings%3DeyJpZCI6NTc0ODUsInVybCI6Imh0dHBzOlwvXC93d3cucG9ydG92ZW5lcmUuZnJcL2ZyLWZyXC93cC1jb250ZW50XC91cGxvYWRzXC8yMDI1XC8wM1wvQ2FycmVsYWdlLWVuLWdyZXMtY2VyYW1lLW11bHRpZm9ybWF0LWVmZmV0LXBpZXJyZS1wb3VyLWludGVyaWV1ci1ldC1leHRlcmlldXItVFJJQVMtYmVpZ2UtcG9zZS1hdS1zb2wtZXQtYXUtbXVyLXNob3dyb29tLVBvcnRvLVZlbmVyZS1wcmVzLWRlLU1hdWd1aW8tMzQuanBnIiwic2xpZGVzaG93IjoiNmIwZGE5MiJ9\">\n\t\t\t\t\t<div class=\"e-gallery-image elementor-gallery-item__image\" data-thumbnail=\"https:\/\/www.portovenere.fr\/fr-fr\/wp-content\/uploads\/2025\/03\/Carrelage-en-gres-cerame-multiformat-effet-pierre-pour-interieur-et-exterieur-TRIAS-beige-pose-au-sol-et-au-mur-showroom-Porto-Venere-pres-de-Mauguio-34-150x150.jpg\" data-width=\"150\" data-height=\"150\" aria-label=\"\" role=\"img\" ><\/div>\n\t\t\t\t\t\t\t\t\t\t\t<div class=\"elementor-gallery-item__overlay\"><\/div>\n\t\t\t\t\t\t\t\t\t\t\t\t\t\t<\/a>\n\t\t\t\t\t\t\t<a class=\"e-gallery-item elementor-gallery-item elementor-animated-content\" href=\"https:\/\/www.portovenere.fr\/fr-fr\/wp-content\/uploads\/2025\/03\/Carrelage-clair-en-gres-cerame-multiformat-effet-pierre-pour-interieur-et-exetrieur-TRIAS-pose-au-sol-et-au-mur-showroom-Porto-Venere-pres-de-Beziers-34.jpg\" data-elementor-open-lightbox=\"yes\" data-elementor-lightbox-slideshow=\"6b0da92\" data-elementor-lightbox-title=\"Carrelage-clair-en-gr\u00e8s-c\u00e9rame-multiformat-effet-pierre-pour-int\u00e9rieur-et-ext\u00e9rieur-TRIAS-pose-au-sol-et-au-mur-showroom-Porto-Venere-pr\u00e8s-de-Beziers-34\" data-e-action-hash=\"#elementor-action%3Aaction%3Dlightbox%26settings%3DeyJpZCI6NTc0ODQsInVybCI6Imh0dHBzOlwvXC93d3cucG9ydG92ZW5lcmUuZnJcL2ZyLWZyXC93cC1jb250ZW50XC91cGxvYWRzXC8yMDI1XC8wM1wvQ2FycmVsYWdlLWNsYWlyLWVuLWdyZXMtY2VyYW1lLW11bHRpZm9ybWF0LWVmZmV0LXBpZXJyZS1wb3VyLWludGVyaWV1ci1ldC1leGV0cmlldXItVFJJQVMtcG9zZS1hdS1zb2wtZXQtYXUtbXVyLXNob3dyb29tLVBvcnRvLVZlbmVyZS1wcmVzLWRlLUJlemllcnMtMzQuanBnIiwic2xpZGVzaG93IjoiNmIwZGE5MiJ9\">\n\t\t\t\t\t<div class=\"e-gallery-image elementor-gallery-item__image\" data-thumbnail=\"https:\/\/www.portovenere.fr\/fr-fr\/wp-content\/uploads\/2025\/03\/Carrelage-clair-en-gres-cerame-multiformat-effet-pierre-pour-interieur-et-exetrieur-TRIAS-pose-au-sol-et-au-mur-showroom-Porto-Venere-pres-de-Beziers-34-150x150.jpg\" data-width=\"150\" data-height=\"150\" aria-label=\"\" role=\"img\" ><\/div>\n\t\t\t\t\t\t\t\t\t\t\t<div class=\"elementor-gallery-item__overlay\"><\/div>\n\t\t\t\t\t\t\t\t\t\t\t\t\t\t<\/a>\n\t\t\t\t\t<\/div>\n\t\t\t\t\t<\/div>\n\t\t\t\t<\/div>\n\t\t\t\t<div class=\"elementor-element elementor-element-8d5ad64 elementor-widget elementor-widget-text-editor\" data-id=\"8d5ad64\" data-element_type=\"widget\" data-e-type=\"widget\" data-widget_type=\"text-editor.default\">\n\t\t\t\t<div class=\"elementor-widget-container\">\n\t\t\t\t\t\t\t\t\t<p data-sourcepos=\"5:1-5:46\">Le carrelage\u00a0<b>gr\u00e8s c\u00e9rame color\u00e9 dans la masse<\/b>\u00a0TRIAS, se pose<b>\u00a0au sol et au mur en int\u00e9rieur et en ext\u00e9rieur.<\/b>\u00a0Ce<b>\u00a0carrelage multiformat effet pierre\u00a0<\/b>propose\u00a0<b>3\u00a0teintes<\/b>\u00a0inspir\u00e9es de la nature : Crema, Beige et Grigio.<\/p><p data-sourcepos=\"5:1-5:46\">Ce carrelage sol et mur vous offre le choix parmi les 4 formats suivants\u00a0:\u00a0<b>30\u00d760 cm, 60\u00d760 cm , 60\u00d7120 cm et 120\u00d7120 cm<\/b>\u00a0en finition Soft (adouci) ou Tech (naturel).<\/p><p data-sourcepos=\"5:1-5:46\">Vous pourrez assurer une\u00a0<b>continuit\u00e9 de vos espaces de vie vers l\u2019ext\u00e9rieur<\/b>\u00a0gr\u00e2ce \u00e0 la\u00a0<b>finition antid\u00e9rapante en dalles antid\u00e9rapantes de 60\u00d7120 cm et 2cm d\u2019\u00e9paisseur.<\/b><\/p><p data-sourcepos=\"5:1-5:46\"><strong>2 packs multiformat<\/strong>, compos\u00e9s de plusieurs pi\u00e8ces sont \u00e9galement disponibles pour cr\u00e9er un sol original ainsi qu\u2019une\u00a0<b>mosa\u00efque 30\u00d730 cm<\/b>.\u00a0<\/p>\t\t\t\t\t\t\t\t<\/div>\n\t\t\t\t<\/div>\n\t\t\t\t<div class=\"elementor-element elementor-element-277e322 elementor-mobile-align-center elementor-widget elementor-widget-button\" data-id=\"277e322\" data-element_type=\"widget\" data-e-type=\"widget\" data-widget_type=\"button.default\">\n\t\t\t\t<div class=\"elementor-widget-container\">\n\t\t\t\t\t\t\t\t\t<div class=\"elementor-button-wrapper\">\n\t\t\t\t\t<a class=\"elementor-button elementor-button-link elementor-size-sm\" href=\"https:\/\/www.portovenere.fr\/fr-fr\/carrelage-sol-et-mur-en-gres-cerame-et-faience\/carrelage-aspect-pierre\/carrelage-multiformat-effet-pierre-trias\/\">\n\t\t\t\t\t\t<span class=\"elementor-button-content-wrapper\">\n\t\t\t\t\t\t\t\t\t<span class=\"elementor-button-text\">Voir la collection<\/span>\n\t\t\t\t\t<\/span>\n\t\t\t\t\t<\/a>\n\t\t\t\t<\/div>\n\t\t\t\t\t\t\t\t<\/div>\n\t\t\t\t<\/div>\n\t\t\t\t<div class=\"elementor-element elementor-element-8b535fd elementor-widget elementor-widget-spacer\" data-id=\"8b535fd\" data-element_type=\"widget\" data-e-type=\"widget\" data-widget_type=\"spacer.default\">\n\t\t\t\t<div class=\"elementor-widget-container\">\n\t\t\t\t\t\t\t<div class=\"elementor-spacer\">\n\t\t\t<div class=\"elementor-spacer-inner\"><\/div>\n\t\t<\/div>\n\t\t\t\t\t\t<\/div>\n\t\t\t\t<\/div>\n\t\t\t\t\t<\/div>\n\t\t<\/div>\n\t\t\t\t<div class=\"elementor-column elementor-col-33 elementor-top-column elementor-element elementor-element-4b36ac5 elementor-invisible\" data-id=\"4b36ac5\" data-element_type=\"column\" data-e-type=\"column\" data-settings=\"{&quot;animation&quot;:&quot;fadeIn&quot;,&quot;background_background&quot;:&quot;classic&quot;}\">\n\t\t\t<div class=\"elementor-widget-wrap elementor-element-populated\">\n\t\t\t\t\t\t<div class=\"elementor-element elementor-element-9e0cfe4 elementor-widget elementor-widget-heading\" data-id=\"9e0cfe4\" data-element_type=\"widget\" data-e-type=\"widget\" data-widget_type=\"heading.default\">\n\t\t\t\t<div class=\"elementor-widget-container\">\n\t\t\t\t\t<h3 class=\"elementor-heading-title elementor-size-default\"><a href=\"https:\/\/www.portovenere.fr\/fr-fr\/carrelage-sol-et-mur-en-gres-cerame-et-faience\/carrelage-aspect-pierre\/carrelage-sol-et-mur-effet-naturel-reflejo\/\">REFLEJO<\/a><\/h3>\t\t\t\t<\/div>\n\t\t\t\t<\/div>\n\t\t\t\t<div class=\"elementor-element elementor-element-9d269a6 elementor-widget elementor-widget-image\" data-id=\"9d269a6\" data-element_type=\"widget\" data-e-type=\"widget\" data-widget_type=\"image.default\">\n\t\t\t\t<div class=\"elementor-widget-container\">\n\t\t\t\t\t\t\t\t\t\t\t\t\t\t\t\t<a href=\"https:\/\/www.portovenere.fr\/fr-fr\/carrelage-sol-et-mur-en-gres-cerame-et-faience\/carrelage-aspect-pierre\/carrelage-sol-et-mur-effet-naturel-reflejo\/\">\n\t\t\t\t\t\t\t<img decoding=\"async\" src=\"https:\/\/www.portovenere.fr\/fr-fr\/wp-content\/uploads\/elementor\/thumbs\/Carrelage-sol-contemporain-effet-naturel-clair-Reflejo-Light-salle-de-bain-pres-de-Vendargues-34-scaled-r8iffhpvh3yrq9dn573r26x25gfm3ub9g4l66i3f4s.jpg\" title=\"Carrelage-sol-contemporain-effet-naturel-clair-Reflejo-Light-salle-de-bain-pr\u00e8s-de-Vendargues-34\" alt=\"Carrelage-sol-contemporain-effet-naturel-clair-Reflejo-Light-salle-de-bain-pr\u00e8s-de-Vendargues-34\" loading=\"lazy\" \/>\t\t\t\t\t\t\t\t<\/a>\n\t\t\t\t\t\t\t\t\t\t\t\t\t\t\t<\/div>\n\t\t\t\t<\/div>\n\t\t\t\t<div class=\"elementor-element elementor-element-beb1138 elementor-widget elementor-widget-text-editor\" data-id=\"beb1138\" data-element_type=\"widget\" data-e-type=\"widget\" data-widget_type=\"text-editor.default\">\n\t\t\t\t<div class=\"elementor-widget-container\">\n\t\t\t\t\t\t\t\t\t<p><strong>4 coloris<\/strong><\/p>\t\t\t\t\t\t\t\t<\/div>\n\t\t\t\t<\/div>\n\t\t\t\t<div class=\"elementor-element elementor-element-88e1473 elementor-widget elementor-widget-gallery\" data-id=\"88e1473\" data-element_type=\"widget\" data-e-type=\"widget\" data-settings=\"{&quot;columns&quot;:6,&quot;columns_tablet&quot;:4,&quot;columns_mobile&quot;:4,&quot;aspect_ratio&quot;:&quot;1:1&quot;,&quot;lazyload&quot;:&quot;yes&quot;,&quot;gallery_layout&quot;:&quot;grid&quot;,&quot;gap&quot;:{&quot;unit&quot;:&quot;px&quot;,&quot;size&quot;:10,&quot;sizes&quot;:[]},&quot;gap_tablet&quot;:{&quot;unit&quot;:&quot;px&quot;,&quot;size&quot;:10,&quot;sizes&quot;:[]},&quot;gap_mobile&quot;:{&quot;unit&quot;:&quot;px&quot;,&quot;size&quot;:10,&quot;sizes&quot;:[]},&quot;link_to&quot;:&quot;file&quot;,&quot;overlay_background&quot;:&quot;yes&quot;,&quot;content_hover_animation&quot;:&quot;fade-in&quot;}\" data-widget_type=\"gallery.default\">\n\t\t\t\t<div class=\"elementor-widget-container\">\n\t\t\t\t\t\t\t<div class=\"elementor-gallery__container\">\n\t\t\t\t\t\t\t<a class=\"e-gallery-item elementor-gallery-item elementor-animated-content\" href=\"https:\/\/www.portovenere.fr\/fr-fr\/wp-content\/uploads\/2024\/08\/Carrelage-sol-et-mur-esprit-pierre-marbriere-naturelle-contemporaine-Reflejo-light-plusieurs-finitions-et-formats-pres-de-Frontignan-34.jpg\" data-elementor-open-lightbox=\"yes\" data-elementor-lightbox-slideshow=\"88e1473\" data-elementor-lightbox-title=\"Carrelage-sol-et-mur-esprit-pierre-marbriere-naturelle-contemporaine-Reflejo-light-plusieurs-finitions-et-formats-pr\u00e8s-de-Frontignan-34\" data-e-action-hash=\"#elementor-action%3Aaction%3Dlightbox%26settings%3DeyJpZCI6NTI1MTcsInVybCI6Imh0dHBzOlwvXC93d3cucG9ydG92ZW5lcmUuZnJcL2ZyLWZyXC93cC1jb250ZW50XC91cGxvYWRzXC8yMDI0XC8wOFwvQ2FycmVsYWdlLXNvbC1ldC1tdXItZXNwcml0LXBpZXJyZS1tYXJicmllcmUtbmF0dXJlbGxlLWNvbnRlbXBvcmFpbmUtUmVmbGVqby1saWdodC1wbHVzaWV1cnMtZmluaXRpb25zLWV0LWZvcm1hdHMtcHJlcy1kZS1Gcm9udGlnbmFuLTM0LmpwZyIsInNsaWRlc2hvdyI6Ijg4ZTE0NzMifQ%3D%3D\">\n\t\t\t\t\t<div class=\"e-gallery-image elementor-gallery-item__image\" data-thumbnail=\"https:\/\/www.portovenere.fr\/fr-fr\/wp-content\/uploads\/2024\/08\/Carrelage-sol-et-mur-esprit-pierre-marbriere-naturelle-contemporaine-Reflejo-light-plusieurs-finitions-et-formats-pres-de-Frontignan-34-150x150.jpg\" data-width=\"150\" data-height=\"150\" aria-label=\"\" role=\"img\" ><\/div>\n\t\t\t\t\t\t\t\t\t\t\t<div class=\"elementor-gallery-item__overlay\"><\/div>\n\t\t\t\t\t\t\t\t\t\t\t\t\t\t<\/a>\n\t\t\t\t\t\t\t<a class=\"e-gallery-item elementor-gallery-item elementor-animated-content\" href=\"https:\/\/www.portovenere.fr\/fr-fr\/wp-content\/uploads\/2024\/08\/Carrelage-sol-et-mur-esprit-pierre-marbriere-naturelle-contemporaine-Reflejo-anthracite-plusieurs-finitions-et-formats-pres-de-Clapiers-34.jpg\" data-elementor-open-lightbox=\"yes\" data-elementor-lightbox-slideshow=\"88e1473\" data-elementor-lightbox-title=\"Carrelage-sol-et-mur-esprit-pierre-marbriere-naturelle-contemporaine-Reflejo-anthracite-plusieurs-finitions-et-formats-pr\u00e8s-de-Clapiers-34\" data-e-action-hash=\"#elementor-action%3Aaction%3Dlightbox%26settings%3DeyJpZCI6NTI1MTYsInVybCI6Imh0dHBzOlwvXC93d3cucG9ydG92ZW5lcmUuZnJcL2ZyLWZyXC93cC1jb250ZW50XC91cGxvYWRzXC8yMDI0XC8wOFwvQ2FycmVsYWdlLXNvbC1ldC1tdXItZXNwcml0LXBpZXJyZS1tYXJicmllcmUtbmF0dXJlbGxlLWNvbnRlbXBvcmFpbmUtUmVmbGVqby1hbnRocmFjaXRlLXBsdXNpZXVycy1maW5pdGlvbnMtZXQtZm9ybWF0cy1wcmVzLWRlLUNsYXBpZXJzLTM0LmpwZyIsInNsaWRlc2hvdyI6Ijg4ZTE0NzMifQ%3D%3D\">\n\t\t\t\t\t<div class=\"e-gallery-image elementor-gallery-item__image\" data-thumbnail=\"https:\/\/www.portovenere.fr\/fr-fr\/wp-content\/uploads\/2024\/08\/Carrelage-sol-et-mur-esprit-pierre-marbriere-naturelle-contemporaine-Reflejo-anthracite-plusieurs-finitions-et-formats-pres-de-Clapiers-34-150x150.jpg\" data-width=\"150\" data-height=\"150\" aria-label=\"\" role=\"img\" ><\/div>\n\t\t\t\t\t\t\t\t\t\t\t<div class=\"elementor-gallery-item__overlay\"><\/div>\n\t\t\t\t\t\t\t\t\t\t\t\t\t\t<\/a>\n\t\t\t\t\t\t\t<a class=\"e-gallery-item elementor-gallery-item elementor-animated-content\" href=\"https:\/\/www.portovenere.fr\/fr-fr\/wp-content\/uploads\/2024\/08\/Carrelage-sol-et-mur-esprit-pierre-marbriere-naturelle-contemporaine-grise-Reflejo-grey-plusieurs-finitions-et-formats-pres-de-Palavas-34.jpg\" data-elementor-open-lightbox=\"yes\" data-elementor-lightbox-slideshow=\"88e1473\" data-elementor-lightbox-title=\"Carrelage-sol-et-mur-esprit-pierre-marbriere-naturelle-contemporaine-grise-Reflejo-grey-plusieurs-finitions-et-formats-pr\u00e8s-de-Palavas-34\" data-e-action-hash=\"#elementor-action%3Aaction%3Dlightbox%26settings%3DeyJpZCI6NTI1MTUsInVybCI6Imh0dHBzOlwvXC93d3cucG9ydG92ZW5lcmUuZnJcL2ZyLWZyXC93cC1jb250ZW50XC91cGxvYWRzXC8yMDI0XC8wOFwvQ2FycmVsYWdlLXNvbC1ldC1tdXItZXNwcml0LXBpZXJyZS1tYXJicmllcmUtbmF0dXJlbGxlLWNvbnRlbXBvcmFpbmUtZ3Jpc2UtUmVmbGVqby1ncmV5LXBsdXNpZXVycy1maW5pdGlvbnMtZXQtZm9ybWF0cy1wcmVzLWRlLVBhbGF2YXMtMzQuanBnIiwic2xpZGVzaG93IjoiODhlMTQ3MyJ9\">\n\t\t\t\t\t<div class=\"e-gallery-image elementor-gallery-item__image\" data-thumbnail=\"https:\/\/www.portovenere.fr\/fr-fr\/wp-content\/uploads\/2024\/08\/Carrelage-sol-et-mur-esprit-pierre-marbriere-naturelle-contemporaine-grise-Reflejo-grey-plusieurs-finitions-et-formats-pres-de-Palavas-34-150x150.jpg\" data-width=\"150\" data-height=\"150\" aria-label=\"\" role=\"img\" ><\/div>\n\t\t\t\t\t\t\t\t\t\t\t<div class=\"elementor-gallery-item__overlay\"><\/div>\n\t\t\t\t\t\t\t\t\t\t\t\t\t\t<\/a>\n\t\t\t\t\t\t\t<a class=\"e-gallery-item elementor-gallery-item elementor-animated-content\" href=\"https:\/\/www.portovenere.fr\/fr-fr\/wp-content\/uploads\/2024\/08\/Carrelage-sol-et-mur-esprit-pierre-marbriere-naturelle-contemporaine-greige-Reflejo-grege-plusieurs-finitions-et-formats-pres-de-Lattes-34.jpg\" data-elementor-open-lightbox=\"yes\" data-elementor-lightbox-slideshow=\"88e1473\" data-elementor-lightbox-title=\"Carrelage-sol-et-mur-esprit-pierre-marbriere-naturelle-contemporaine-greige-Reflejo-gr\u00e8ge-plusieurs-finitions-et-formats-pr\u00e8s-de-Lattes-34\" data-e-action-hash=\"#elementor-action%3Aaction%3Dlightbox%26settings%3DeyJpZCI6NTI1MTQsInVybCI6Imh0dHBzOlwvXC93d3cucG9ydG92ZW5lcmUuZnJcL2ZyLWZyXC93cC1jb250ZW50XC91cGxvYWRzXC8yMDI0XC8wOFwvQ2FycmVsYWdlLXNvbC1ldC1tdXItZXNwcml0LXBpZXJyZS1tYXJicmllcmUtbmF0dXJlbGxlLWNvbnRlbXBvcmFpbmUtZ3JlaWdlLVJlZmxlam8tZ3JlZ2UtcGx1c2lldXJzLWZpbml0aW9ucy1ldC1mb3JtYXRzLXByZXMtZGUtTGF0dGVzLTM0LmpwZyIsInNsaWRlc2hvdyI6Ijg4ZTE0NzMifQ%3D%3D\">\n\t\t\t\t\t<div class=\"e-gallery-image elementor-gallery-item__image\" data-thumbnail=\"https:\/\/www.portovenere.fr\/fr-fr\/wp-content\/uploads\/2024\/08\/Carrelage-sol-et-mur-esprit-pierre-marbriere-naturelle-contemporaine-greige-Reflejo-grege-plusieurs-finitions-et-formats-pres-de-Lattes-34-150x150.jpg\" data-width=\"150\" data-height=\"150\" aria-label=\"\" role=\"img\" ><\/div>\n\t\t\t\t\t\t\t\t\t\t\t<div class=\"elementor-gallery-item__overlay\"><\/div>\n\t\t\t\t\t\t\t\t\t\t\t\t\t\t<\/a>\n\t\t\t\t\t\t\t<a class=\"e-gallery-item elementor-gallery-item elementor-animated-content\" href=\"https:\/\/www.portovenere.fr\/fr-fr\/wp-content\/uploads\/2024\/08\/Credence-murale-a-relief-striee-carrelage-teinte-claire-60-x120-cm-Reflejo-Loom-Light-salle-de-bain-a-Montpellier-34.jpg\" data-elementor-open-lightbox=\"yes\" data-elementor-lightbox-slideshow=\"88e1473\" data-elementor-lightbox-title=\"Cr\u00e9dence-murale-\u00e0-relief-stri\u00e9e-carrelage-teinte-claire-60-x120-cm-Reflejo-Loom-Light-salle-de-bain-\u00e0-Montpellier-34\" data-e-action-hash=\"#elementor-action%3Aaction%3Dlightbox%26settings%3DeyJpZCI6NTI1MjcsInVybCI6Imh0dHBzOlwvXC93d3cucG9ydG92ZW5lcmUuZnJcL2ZyLWZyXC93cC1jb250ZW50XC91cGxvYWRzXC8yMDI0XC8wOFwvQ3JlZGVuY2UtbXVyYWxlLWEtcmVsaWVmLXN0cmllZS1jYXJyZWxhZ2UtdGVpbnRlLWNsYWlyZS02MC14MTIwLWNtLVJlZmxlam8tTG9vbS1MaWdodC1zYWxsZS1kZS1iYWluLWEtTW9udHBlbGxpZXItMzQuanBnIiwic2xpZGVzaG93IjoiODhlMTQ3MyJ9\">\n\t\t\t\t\t<div class=\"e-gallery-image elementor-gallery-item__image\" data-thumbnail=\"https:\/\/www.portovenere.fr\/fr-fr\/wp-content\/uploads\/2024\/08\/Credence-murale-a-relief-striee-carrelage-teinte-claire-60-x120-cm-Reflejo-Loom-Light-salle-de-bain-a-Montpellier-34-150x150.jpg\" data-width=\"150\" data-height=\"150\" aria-label=\"\" role=\"img\" ><\/div>\n\t\t\t\t\t\t\t\t\t\t\t<div class=\"elementor-gallery-item__overlay\"><\/div>\n\t\t\t\t\t\t\t\t\t\t\t\t\t\t<\/a>\n\t\t\t\t\t\t\t<a class=\"e-gallery-item elementor-gallery-item elementor-animated-content\" href=\"https:\/\/www.portovenere.fr\/fr-fr\/wp-content\/uploads\/2024\/08\/Credence-murale-a-relief-striee-carrelage-teinte-claire-60-x120-cm-Reflejo-Leaf-Light-salle-de-bain-a-Saint-jean-de-vedas-34.jpg\" data-elementor-open-lightbox=\"yes\" data-elementor-lightbox-slideshow=\"88e1473\" data-elementor-lightbox-title=\"Cr\u00e9dence-murale-\u00e0-relief-stri\u00e9e-carrelage-teinte-claire-60-x120-cm-Reflejo-Leaf-Light-salle-de-bain-\u00e0-Saint-jean-de-v\u00e9das-34\" data-e-action-hash=\"#elementor-action%3Aaction%3Dlightbox%26settings%3DeyJpZCI6NTI1MzAsInVybCI6Imh0dHBzOlwvXC93d3cucG9ydG92ZW5lcmUuZnJcL2ZyLWZyXC93cC1jb250ZW50XC91cGxvYWRzXC8yMDI0XC8wOFwvQ3JlZGVuY2UtbXVyYWxlLWEtcmVsaWVmLXN0cmllZS1jYXJyZWxhZ2UtdGVpbnRlLWNsYWlyZS02MC14MTIwLWNtLVJlZmxlam8tTGVhZi1MaWdodC1zYWxsZS1kZS1iYWluLWEtU2FpbnQtamVhbi1kZS12ZWRhcy0zNC5qcGciLCJzbGlkZXNob3ciOiI4OGUxNDczIn0%3D\">\n\t\t\t\t\t<div class=\"e-gallery-image elementor-gallery-item__image\" data-thumbnail=\"https:\/\/www.portovenere.fr\/fr-fr\/wp-content\/uploads\/2024\/08\/Credence-murale-a-relief-striee-carrelage-teinte-claire-60-x120-cm-Reflejo-Leaf-Light-salle-de-bain-a-Saint-jean-de-vedas-34-150x150.jpg\" data-width=\"150\" data-height=\"150\" aria-label=\"\" role=\"img\" ><\/div>\n\t\t\t\t\t\t\t\t\t\t\t<div class=\"elementor-gallery-item__overlay\"><\/div>\n\t\t\t\t\t\t\t\t\t\t\t\t\t\t<\/a>\n\t\t\t\t\t<\/div>\n\t\t\t\t\t<\/div>\n\t\t\t\t<\/div>\n\t\t\t\t<div class=\"elementor-element elementor-element-b01f120 elementor-widget elementor-widget-text-editor\" data-id=\"b01f120\" data-element_type=\"widget\" data-e-type=\"widget\" data-widget_type=\"text-editor.default\">\n\t\t\t\t<div class=\"elementor-widget-container\">\n\t\t\t\t\t\t\t\t\t<p>D\u00e9couvrez la collection de\u00a0<b>carrelage sol et mur<\/b>\u00a0effet naturel Reflejo, une invitation \u00e0 un voyage au c\u0153ur de la nature.<\/p><p>Cette gamme de\u00a0<strong>carrelage gr\u00e8s c\u00e9rame<\/strong>\u00a0s\u2019inspire des pierres marbri\u00e8res les plus prestigieuses, offrant un rendu r\u00e9aliste et authentique.\u00a0<\/p><p>Avec ses formats modulables (de la mosa\u00efque 30\u00d730 cm au maxi format 120 x 270 cm) et ses \u00e9paisseurs vari\u00e9es (6mm, 9mm, 20mm), le carrelage Reflejo s\u2019adapte \u00e0 tous les styles architecturaux.\u00a0<\/p><p>Gr\u00e2ce \u00e0 la<strong>\u00a0technologie Ductile\u00ae<\/strong>, ce<strong>\u00a0rev\u00eatement de sol et mural<\/strong>\u00a0allie esth\u00e9tique et performance, pour une continuit\u00e9 parfaite entre les espaces int\u00e9rieurs et ext\u00e9rieurs.<\/p><p>4 coloris,\u00a04 finitions, nombreux formats, d\u00e9cors \u00e0 relief, mosa\u00efques et dalles antid\u00e9rapantes 2 cm pour assurer une continuit\u00e9 de l&rsquo;int\u00e9rieur vers l&rsquo;ext\u00e9rieur.<\/p>\t\t\t\t\t\t\t\t<\/div>\n\t\t\t\t<\/div>\n\t\t\t\t<div class=\"elementor-element elementor-element-52a5986 elementor-mobile-align-center elementor-widget elementor-widget-button\" data-id=\"52a5986\" data-element_type=\"widget\" data-e-type=\"widget\" data-widget_type=\"button.default\">\n\t\t\t\t<div class=\"elementor-widget-container\">\n\t\t\t\t\t\t\t\t\t<div class=\"elementor-button-wrapper\">\n\t\t\t\t\t<a class=\"elementor-button elementor-button-link elementor-size-sm\" href=\"https:\/\/www.portovenere.fr\/fr-fr\/carrelage-sol-et-mur-en-gres-cerame-et-faience\/carrelage-aspect-pierre\/carrelage-sol-et-mur-effet-naturel-reflejo\/\">\n\t\t\t\t\t\t<span class=\"elementor-button-content-wrapper\">\n\t\t\t\t\t\t\t\t\t<span class=\"elementor-button-text\">Voir la collection<\/span>\n\t\t\t\t\t<\/span>\n\t\t\t\t\t<\/a>\n\t\t\t\t<\/div>\n\t\t\t\t\t\t\t\t<\/div>\n\t\t\t\t<\/div>\n\t\t\t\t<div class=\"elementor-element elementor-element-46d1364 elementor-widget elementor-widget-spacer\" data-id=\"46d1364\" data-element_type=\"widget\" data-e-type=\"widget\" data-widget_type=\"spacer.default\">\n\t\t\t\t<div class=\"elementor-widget-container\">\n\t\t\t\t\t\t\t<div class=\"elementor-spacer\">\n\t\t\t<div class=\"elementor-spacer-inner\"><\/div>\n\t\t<\/div>\n\t\t\t\t\t\t<\/div>\n\t\t\t\t<\/div>\n\t\t\t\t\t<\/div>\n\t\t<\/div>\n\t\t\t\t\t<\/div>\n\t\t<\/section>\n\t\t\t\t<section class=\"elementor-section elementor-top-section elementor-element elementor-element-1457cda elementor-section-full_width elementor-section-height-default elementor-section-height-default elementor-invisible\" data-id=\"1457cda\" data-element_type=\"section\" data-e-type=\"section\" data-settings=\"{&quot;animation&quot;:&quot;fadeIn&quot;}\">\n\t\t\t\t\t\t<div class=\"elementor-container elementor-column-gap-default\">\n\t\t\t\t\t<div class=\"elementor-column elementor-col-33 elementor-top-column elementor-element elementor-element-f9a6000\" data-id=\"f9a6000\" data-element_type=\"column\" data-e-type=\"column\" data-settings=\"{&quot;background_background&quot;:&quot;classic&quot;}\">\n\t\t\t<div class=\"elementor-widget-wrap elementor-element-populated\">\n\t\t\t\t\t\t<div class=\"elementor-element elementor-element-480eb8d elementor-widget elementor-widget-heading\" data-id=\"480eb8d\" data-element_type=\"widget\" data-e-type=\"widget\" data-widget_type=\"heading.default\">\n\t\t\t\t<div class=\"elementor-widget-container\">\n\t\t\t\t\t<h3 class=\"elementor-heading-title elementor-size-default\"><a href=\"https:\/\/www.portovenere.fr\/fr-fr\/carrelage-sol-et-mur-en-gres-cerame-et-faience\/carrelage-aspect-pierre\/carrelage-aspect-pierre-contemporaine-veinee-lithos\/\">LITHOS<\/a><\/h3>\t\t\t\t<\/div>\n\t\t\t\t<\/div>\n\t\t\t\t<div class=\"elementor-element elementor-element-6f9683b elementor-widget elementor-widget-image\" data-id=\"6f9683b\" data-element_type=\"widget\" data-e-type=\"widget\" data-widget_type=\"image.default\">\n\t\t\t\t<div class=\"elementor-widget-container\">\n\t\t\t\t\t\t\t\t\t\t\t\t\t\t\t\t<a href=\"https:\/\/www.portovenere.fr\/fr-fr\/carrelage-sol-et-mur-en-gres-cerame-et-faience\/carrelage-aspect-pierre\/carrelage-aspect-pierre-contemporaine-veinee-lithos\/\">\n\t\t\t\t\t\t\t<img decoding=\"async\" src=\"https:\/\/www.portovenere.fr\/fr-fr\/wp-content\/uploads\/elementor\/thumbs\/Carrelage-grand-format-beige-sable_aspect-pierre_Lithos-moon-120x120-1-r8ich9yf72kbsjnvda9faztxlzygb4n6uepxwvky8s.jpg\" title=\"Carrelage-grand-format-beige-sable_aspect-pierre_Lithos-moon-120&#215;120\" alt=\"Carrelage-grand-format-beige-sable_aspect-pierre_Lithos-moon-120x120\" loading=\"lazy\" \/>\t\t\t\t\t\t\t\t<\/a>\n\t\t\t\t\t\t\t\t\t\t\t\t\t\t\t<\/div>\n\t\t\t\t<\/div>\n\t\t\t\t<div class=\"elementor-element elementor-element-a05fc54 elementor-widget elementor-widget-text-editor\" data-id=\"a05fc54\" data-element_type=\"widget\" data-e-type=\"widget\" data-widget_type=\"text-editor.default\">\n\t\t\t\t<div class=\"elementor-widget-container\">\n\t\t\t\t\t\t\t\t\t<p><strong>4 coloris<\/strong><\/p>\t\t\t\t\t\t\t\t<\/div>\n\t\t\t\t<\/div>\n\t\t\t\t<div class=\"elementor-element elementor-element-8d98a8c elementor-widget elementor-widget-gallery\" data-id=\"8d98a8c\" data-element_type=\"widget\" data-e-type=\"widget\" data-settings=\"{&quot;columns&quot;:6,&quot;columns_tablet&quot;:4,&quot;columns_mobile&quot;:4,&quot;aspect_ratio&quot;:&quot;1:1&quot;,&quot;lazyload&quot;:&quot;yes&quot;,&quot;gallery_layout&quot;:&quot;grid&quot;,&quot;gap&quot;:{&quot;unit&quot;:&quot;px&quot;,&quot;size&quot;:10,&quot;sizes&quot;:[]},&quot;gap_tablet&quot;:{&quot;unit&quot;:&quot;px&quot;,&quot;size&quot;:10,&quot;sizes&quot;:[]},&quot;gap_mobile&quot;:{&quot;unit&quot;:&quot;px&quot;,&quot;size&quot;:10,&quot;sizes&quot;:[]},&quot;link_to&quot;:&quot;file&quot;,&quot;overlay_background&quot;:&quot;yes&quot;,&quot;content_hover_animation&quot;:&quot;fade-in&quot;}\" data-widget_type=\"gallery.default\">\n\t\t\t\t<div class=\"elementor-widget-container\">\n\t\t\t\t\t\t\t<div class=\"elementor-gallery__container\">\n\t\t\t\t\t\t\t<a class=\"e-gallery-item elementor-gallery-item elementor-animated-content\" href=\"https:\/\/www.portovenere.fr\/fr-fr\/wp-content\/uploads\/2020\/01\/Carrelage-sol-et-mur-Lithos-stone-60x60-1.jpg\" data-elementor-open-lightbox=\"yes\" data-elementor-lightbox-slideshow=\"8d98a8c\" data-elementor-lightbox-title=\"Carrelage-sol-et-mur-Lithos-stone-60x60\" data-e-action-hash=\"#elementor-action%3Aaction%3Dlightbox%26settings%3DeyJpZCI6MjQ3NDgsInVybCI6Imh0dHBzOlwvXC93d3cucG9ydG92ZW5lcmUuZnJcL2ZyLWZyXC93cC1jb250ZW50XC91cGxvYWRzXC8yMDIwXC8wMVwvQ2FycmVsYWdlLXNvbC1ldC1tdXItTGl0aG9zLXN0b25lLTYweDYwLTEuanBnIiwic2xpZGVzaG93IjoiOGQ5OGE4YyJ9\">\n\t\t\t\t\t<div class=\"e-gallery-image elementor-gallery-item__image\" data-thumbnail=\"https:\/\/www.portovenere.fr\/fr-fr\/wp-content\/uploads\/2020\/01\/Carrelage-sol-et-mur-Lithos-stone-60x60-1-150x150.jpg\" data-width=\"150\" data-height=\"150\" aria-label=\"\" role=\"img\" ><\/div>\n\t\t\t\t\t\t\t\t\t\t\t<div class=\"elementor-gallery-item__overlay\"><\/div>\n\t\t\t\t\t\t\t\t\t\t\t\t\t\t<\/a>\n\t\t\t\t\t\t\t<a class=\"e-gallery-item elementor-gallery-item elementor-animated-content\" href=\"https:\/\/www.portovenere.fr\/fr-fr\/wp-content\/uploads\/2020\/01\/Carrelage-sol-et-mur-Lithos-moon-60x60_2.jpg\" data-elementor-open-lightbox=\"yes\" data-elementor-lightbox-slideshow=\"8d98a8c\" data-elementor-lightbox-title=\"Carrelage-sol-et-mur-Lithos-moon-60x60_2\" data-e-action-hash=\"#elementor-action%3Aaction%3Dlightbox%26settings%3DeyJpZCI6MjQ3NDcsInVybCI6Imh0dHBzOlwvXC93d3cucG9ydG92ZW5lcmUuZnJcL2ZyLWZyXC93cC1jb250ZW50XC91cGxvYWRzXC8yMDIwXC8wMVwvQ2FycmVsYWdlLXNvbC1ldC1tdXItTGl0aG9zLW1vb24tNjB4NjBfMi5qcGciLCJzbGlkZXNob3ciOiI4ZDk4YThjIn0%3D\">\n\t\t\t\t\t<div class=\"e-gallery-image elementor-gallery-item__image\" data-thumbnail=\"https:\/\/www.portovenere.fr\/fr-fr\/wp-content\/uploads\/2020\/01\/Carrelage-sol-et-mur-Lithos-moon-60x60_2-150x150.jpg\" data-width=\"150\" data-height=\"150\" aria-label=\"\" role=\"img\" ><\/div>\n\t\t\t\t\t\t\t\t\t\t\t<div class=\"elementor-gallery-item__overlay\"><\/div>\n\t\t\t\t\t\t\t\t\t\t\t\t\t\t<\/a>\n\t\t\t\t\t\t\t<a class=\"e-gallery-item elementor-gallery-item elementor-animated-content\" href=\"https:\/\/www.portovenere.fr\/fr-fr\/wp-content\/uploads\/2020\/01\/Carrelage-sol-et-mur-Lithos-desert-60x60-1.jpg\" data-elementor-open-lightbox=\"yes\" data-elementor-lightbox-slideshow=\"8d98a8c\" data-elementor-lightbox-title=\"Carrelage-sol-et-mur-Lithos-desert-60x60\" data-e-action-hash=\"#elementor-action%3Aaction%3Dlightbox%26settings%3DeyJpZCI6MjQ3NDYsInVybCI6Imh0dHBzOlwvXC93d3cucG9ydG92ZW5lcmUuZnJcL2ZyLWZyXC93cC1jb250ZW50XC91cGxvYWRzXC8yMDIwXC8wMVwvQ2FycmVsYWdlLXNvbC1ldC1tdXItTGl0aG9zLWRlc2VydC02MHg2MC0xLmpwZyIsInNsaWRlc2hvdyI6IjhkOThhOGMifQ%3D%3D\">\n\t\t\t\t\t<div class=\"e-gallery-image elementor-gallery-item__image\" data-thumbnail=\"https:\/\/www.portovenere.fr\/fr-fr\/wp-content\/uploads\/2020\/01\/Carrelage-sol-et-mur-Lithos-desert-60x60-1-150x150.jpg\" data-width=\"150\" data-height=\"150\" aria-label=\"\" role=\"img\" ><\/div>\n\t\t\t\t\t\t\t\t\t\t\t<div class=\"elementor-gallery-item__overlay\"><\/div>\n\t\t\t\t\t\t\t\t\t\t\t\t\t\t<\/a>\n\t\t\t\t\t\t\t<a class=\"e-gallery-item elementor-gallery-item elementor-animated-content\" href=\"https:\/\/www.portovenere.fr\/fr-fr\/wp-content\/uploads\/2020\/01\/Carrelage-sol-et-mur-Lithos-carbon-60x60-1.jpg\" data-elementor-open-lightbox=\"yes\" data-elementor-lightbox-slideshow=\"8d98a8c\" data-elementor-lightbox-title=\"Carrelage-sol-et-mur-Lithos-carbon-60x60\" data-e-action-hash=\"#elementor-action%3Aaction%3Dlightbox%26settings%3DeyJpZCI6MjQ3NDUsInVybCI6Imh0dHBzOlwvXC93d3cucG9ydG92ZW5lcmUuZnJcL2ZyLWZyXC93cC1jb250ZW50XC91cGxvYWRzXC8yMDIwXC8wMVwvQ2FycmVsYWdlLXNvbC1ldC1tdXItTGl0aG9zLWNhcmJvbi02MHg2MC0xLmpwZyIsInNsaWRlc2hvdyI6IjhkOThhOGMifQ%3D%3D\">\n\t\t\t\t\t<div class=\"e-gallery-image elementor-gallery-item__image\" data-thumbnail=\"https:\/\/www.portovenere.fr\/fr-fr\/wp-content\/uploads\/2020\/01\/Carrelage-sol-et-mur-Lithos-carbon-60x60-1-150x150.jpg\" data-width=\"150\" data-height=\"150\" aria-label=\"\" role=\"img\" ><\/div>\n\t\t\t\t\t\t\t\t\t\t\t<div class=\"elementor-gallery-item__overlay\"><\/div>\n\t\t\t\t\t\t\t\t\t\t\t\t\t\t<\/a>\n\t\t\t\t\t<\/div>\n\t\t\t\t\t<\/div>\n\t\t\t\t<\/div>\n\t\t\t\t<div class=\"elementor-element elementor-element-017a81a elementor-widget elementor-widget-text-editor\" data-id=\"017a81a\" data-element_type=\"widget\" data-e-type=\"widget\" data-widget_type=\"text-editor.default\">\n\t\t\t\t<div class=\"elementor-widget-container\">\n\t\t\t\t\t\t\t\t\t<p>Carrelage de sol et mur en gr\u00e8s c\u00e9rame aspect pierre vein\u00e9e pour int\u00e9rieur et ext\u00e9rieur. D\u00e9clin\u00e9e sous 4 tonalit\u00e9s (Moon, Desert, Carbon et Stone), cette collection offre un large choix de composition gr\u00e2ce aux nombreux formats et finitions propos\u00e9s. Les carreaux de 6mm d&rsquo;\u00e9paisseur, seront parfaitement adapt\u00e9s \u00e0 des travaux de r\u00e9novation. Les\u00a0 carreaux de 14mm d&rsquo;\u00e9paisseur offrent une extraordinaire r\u00e9sistance et durabilit\u00e9 dans le temps.<\/p>\t\t\t\t\t\t\t\t<\/div>\n\t\t\t\t<\/div>\n\t\t\t\t<div class=\"elementor-element elementor-element-748a020 elementor-mobile-align-center elementor-widget elementor-widget-button\" data-id=\"748a020\" data-element_type=\"widget\" data-e-type=\"widget\" data-widget_type=\"button.default\">\n\t\t\t\t<div class=\"elementor-widget-container\">\n\t\t\t\t\t\t\t\t\t<div class=\"elementor-button-wrapper\">\n\t\t\t\t\t<a class=\"elementor-button elementor-button-link elementor-size-sm\" href=\"https:\/\/www.portovenere.fr\/fr-fr\/carrelage-sol-et-mur-en-gres-cerame-et-faience\/carrelage-aspect-pierre\/carrelage-aspect-pierre-contemporaine-veinee-lithos\/\">\n\t\t\t\t\t\t<span class=\"elementor-button-content-wrapper\">\n\t\t\t\t\t\t\t\t\t<span class=\"elementor-button-text\">VOIR LA COLLECTION<\/span>\n\t\t\t\t\t<\/span>\n\t\t\t\t\t<\/a>\n\t\t\t\t<\/div>\n\t\t\t\t\t\t\t\t<\/div>\n\t\t\t\t<\/div>\n\t\t\t\t<div class=\"elementor-element elementor-element-0e03eab elementor-widget elementor-widget-spacer\" data-id=\"0e03eab\" data-element_type=\"widget\" data-e-type=\"widget\" data-widget_type=\"spacer.default\">\n\t\t\t\t<div class=\"elementor-widget-container\">\n\t\t\t\t\t\t\t<div class=\"elementor-spacer\">\n\t\t\t<div class=\"elementor-spacer-inner\"><\/div>\n\t\t<\/div>\n\t\t\t\t\t\t<\/div>\n\t\t\t\t<\/div>\n\t\t\t\t\t<\/div>\n\t\t<\/div>\n\t\t\t\t<div class=\"elementor-column elementor-col-33 elementor-top-column elementor-element elementor-element-cc3ede6 elementor-invisible\" data-id=\"cc3ede6\" data-element_type=\"column\" data-e-type=\"column\" data-settings=\"{&quot;animation&quot;:&quot;fadeIn&quot;,&quot;background_background&quot;:&quot;classic&quot;}\">\n\t\t\t<div class=\"elementor-widget-wrap elementor-element-populated\">\n\t\t\t\t\t\t<div class=\"elementor-element elementor-element-7eabb87 elementor-widget elementor-widget-heading\" data-id=\"7eabb87\" data-element_type=\"widget\" data-e-type=\"widget\" data-widget_type=\"heading.default\">\n\t\t\t\t<div class=\"elementor-widget-container\">\n\t\t\t\t\t<h3 class=\"elementor-heading-title elementor-size-default\"><a href=\"https:\/\/www.portovenere.fr\/fr-fr\/carrelage-sol-et-mur-en-gres-cerame-et-faience\/carrelage-aspect-pierre\/carrelage-sol-et-mur-effet-pierre-calcaire-manoir\/\">MANOIR<\/a><\/h3>\t\t\t\t<\/div>\n\t\t\t\t<\/div>\n\t\t\t\t<div class=\"elementor-element elementor-element-3c90ded elementor-widget elementor-widget-image\" data-id=\"3c90ded\" data-element_type=\"widget\" data-e-type=\"widget\" data-widget_type=\"image.default\">\n\t\t\t\t<div class=\"elementor-widget-container\">\n\t\t\t\t\t\t\t\t\t\t\t\t\t\t\t\t<a href=\"https:\/\/www.portovenere.fr\/fr-fr\/carrelage-sol-et-mur-en-gres-cerame-et-faience\/carrelage-aspect-pierre\/carrelage-sol-et-mur-effet-pierre-calcaire-manoir\/\">\n\t\t\t\t\t\t\t<img decoding=\"async\" src=\"https:\/\/www.portovenere.fr\/fr-fr\/wp-content\/uploads\/elementor\/thumbs\/Renovation-cuisine-maison-ancienne-carrelage-aspect-vieille-pierre-calcaire-naturelle-Manoir-Grey-Porto-Venere-a-saint-jean-de-vedas-34-r8ife7ns687pxd8jm57160jh1kqmmo8exsmdnxzplo.jpg\" title=\"R\u00e9novation-cuisine-maison-ancienne-carrelage-aspect-vieille-pierre-calcaire-naturelle-Manoir-Grey-Porto-Venere-\u00e0-saint-jean-de-v\u00e9das-34\" alt=\"R\u00e9novation-cuisine-maison-ancienne-carrelage-aspect-vieille-pierre-calcaire-naturelle-Manoir-Grey-Porto-Venere-\u00e0-saint-jean-de-v\u00e9das-34\" loading=\"lazy\" \/>\t\t\t\t\t\t\t\t<\/a>\n\t\t\t\t\t\t\t\t\t\t\t\t\t\t\t<\/div>\n\t\t\t\t<\/div>\n\t\t\t\t<div class=\"elementor-element elementor-element-4b33cdd elementor-widget elementor-widget-text-editor\" data-id=\"4b33cdd\" data-element_type=\"widget\" data-e-type=\"widget\" data-widget_type=\"text-editor.default\">\n\t\t\t\t<div class=\"elementor-widget-container\">\n\t\t\t\t\t\t\t\t\t<p><strong>3 coloris et 2 d\u00e9cors<\/strong><\/p>\t\t\t\t\t\t\t\t<\/div>\n\t\t\t\t<\/div>\n\t\t\t\t<div class=\"elementor-element elementor-element-f669e2a elementor-widget elementor-widget-gallery\" data-id=\"f669e2a\" data-element_type=\"widget\" data-e-type=\"widget\" data-settings=\"{&quot;columns&quot;:6,&quot;columns_tablet&quot;:4,&quot;columns_mobile&quot;:4,&quot;aspect_ratio&quot;:&quot;1:1&quot;,&quot;lazyload&quot;:&quot;yes&quot;,&quot;gallery_layout&quot;:&quot;grid&quot;,&quot;gap&quot;:{&quot;unit&quot;:&quot;px&quot;,&quot;size&quot;:10,&quot;sizes&quot;:[]},&quot;gap_tablet&quot;:{&quot;unit&quot;:&quot;px&quot;,&quot;size&quot;:10,&quot;sizes&quot;:[]},&quot;gap_mobile&quot;:{&quot;unit&quot;:&quot;px&quot;,&quot;size&quot;:10,&quot;sizes&quot;:[]},&quot;link_to&quot;:&quot;file&quot;,&quot;overlay_background&quot;:&quot;yes&quot;,&quot;content_hover_animation&quot;:&quot;fade-in&quot;}\" data-widget_type=\"gallery.default\">\n\t\t\t\t<div class=\"elementor-widget-container\">\n\t\t\t\t\t\t\t<div class=\"elementor-gallery__container\">\n\t\t\t\t\t\t\t<a class=\"e-gallery-item elementor-gallery-item elementor-animated-content\" href=\"https:\/\/www.portovenere.fr\/fr-fr\/wp-content\/uploads\/2025\/03\/Carrelage-en-gres-cerame-multiformat-effet-pierre-pour-interieur-et-exterieur-TRIAS-grigio-pose-au-sol-et-au-mur-showroom-Porto-Venere-pres-de-La-Grande-Motte-34.jpg\" data-elementor-open-lightbox=\"yes\" data-elementor-lightbox-slideshow=\"f669e2a\" data-elementor-lightbox-title=\"Carrelage-en-gr\u00e8s-c\u00e9rame-multiformat-effet-pierre-pour-int\u00e9rieur-et-ext\u00e9rieur-TRIAS-grigio-pose-au-sol-et-au-mur-showroom-Porto-Venere-pr\u00e8s-de-La-Grande-Motte-34\" data-e-action-hash=\"#elementor-action%3Aaction%3Dlightbox%26settings%3DeyJpZCI6NTc0ODcsInVybCI6Imh0dHBzOlwvXC93d3cucG9ydG92ZW5lcmUuZnJcL2ZyLWZyXC93cC1jb250ZW50XC91cGxvYWRzXC8yMDI1XC8wM1wvQ2FycmVsYWdlLWVuLWdyZXMtY2VyYW1lLW11bHRpZm9ybWF0LWVmZmV0LXBpZXJyZS1wb3VyLWludGVyaWV1ci1ldC1leHRlcmlldXItVFJJQVMtZ3JpZ2lvLXBvc2UtYXUtc29sLWV0LWF1LW11ci1zaG93cm9vbS1Qb3J0by1WZW5lcmUtcHJlcy1kZS1MYS1HcmFuZGUtTW90dGUtMzQuanBnIiwic2xpZGVzaG93IjoiZjY2OWUyYSJ9\">\n\t\t\t\t\t<div class=\"e-gallery-image elementor-gallery-item__image\" data-thumbnail=\"https:\/\/www.portovenere.fr\/fr-fr\/wp-content\/uploads\/2025\/03\/Carrelage-en-gres-cerame-multiformat-effet-pierre-pour-interieur-et-exterieur-TRIAS-grigio-pose-au-sol-et-au-mur-showroom-Porto-Venere-pres-de-La-Grande-Motte-34-150x150.jpg\" data-width=\"150\" data-height=\"150\" aria-label=\"\" role=\"img\" ><\/div>\n\t\t\t\t\t\t\t\t\t\t\t<div class=\"elementor-gallery-item__overlay\"><\/div>\n\t\t\t\t\t\t\t\t\t\t\t\t\t\t<\/a>\n\t\t\t\t\t\t\t<a class=\"e-gallery-item elementor-gallery-item elementor-animated-content\" href=\"https:\/\/www.portovenere.fr\/fr-fr\/wp-content\/uploads\/2025\/03\/Carrelage-en-gres-cerame-multiformat-effet-pierre-pour-interieur-et-exterieur-TRIAS-beige-pose-au-sol-et-au-mur-showroom-Porto-Venere-pres-de-Mauguio-34.jpg\" data-elementor-open-lightbox=\"yes\" data-elementor-lightbox-slideshow=\"f669e2a\" data-elementor-lightbox-title=\"Carrelage-en-gr\u00e8s-c\u00e9rame-multiformat-effet-pierre-pour-int\u00e9rieur-et-ext\u00e9rieur-TRIAS-beige-pose-au-sol-et-au-mur-showroom-Porto-Venere-pr\u00e8s-de-Mauguio-34\" data-e-action-hash=\"#elementor-action%3Aaction%3Dlightbox%26settings%3DeyJpZCI6NTc0ODUsInVybCI6Imh0dHBzOlwvXC93d3cucG9ydG92ZW5lcmUuZnJcL2ZyLWZyXC93cC1jb250ZW50XC91cGxvYWRzXC8yMDI1XC8wM1wvQ2FycmVsYWdlLWVuLWdyZXMtY2VyYW1lLW11bHRpZm9ybWF0LWVmZmV0LXBpZXJyZS1wb3VyLWludGVyaWV1ci1ldC1leHRlcmlldXItVFJJQVMtYmVpZ2UtcG9zZS1hdS1zb2wtZXQtYXUtbXVyLXNob3dyb29tLVBvcnRvLVZlbmVyZS1wcmVzLWRlLU1hdWd1aW8tMzQuanBnIiwic2xpZGVzaG93IjoiZjY2OWUyYSJ9\">\n\t\t\t\t\t<div class=\"e-gallery-image elementor-gallery-item__image\" data-thumbnail=\"https:\/\/www.portovenere.fr\/fr-fr\/wp-content\/uploads\/2025\/03\/Carrelage-en-gres-cerame-multiformat-effet-pierre-pour-interieur-et-exterieur-TRIAS-beige-pose-au-sol-et-au-mur-showroom-Porto-Venere-pres-de-Mauguio-34-150x150.jpg\" data-width=\"150\" data-height=\"150\" aria-label=\"\" role=\"img\" ><\/div>\n\t\t\t\t\t\t\t\t\t\t\t<div class=\"elementor-gallery-item__overlay\"><\/div>\n\t\t\t\t\t\t\t\t\t\t\t\t\t\t<\/a>\n\t\t\t\t\t\t\t<a class=\"e-gallery-item elementor-gallery-item elementor-animated-content\" href=\"https:\/\/www.portovenere.fr\/fr-fr\/wp-content\/uploads\/2025\/03\/Carrelage-clair-en-gres-cerame-multiformat-effet-pierre-pour-interieur-et-exetrieur-TRIAS-pose-au-sol-et-au-mur-showroom-Porto-Venere-pres-de-Beziers-34.jpg\" data-elementor-open-lightbox=\"yes\" data-elementor-lightbox-slideshow=\"f669e2a\" data-elementor-lightbox-title=\"Carrelage-clair-en-gr\u00e8s-c\u00e9rame-multiformat-effet-pierre-pour-int\u00e9rieur-et-ext\u00e9rieur-TRIAS-pose-au-sol-et-au-mur-showroom-Porto-Venere-pr\u00e8s-de-Beziers-34\" data-e-action-hash=\"#elementor-action%3Aaction%3Dlightbox%26settings%3DeyJpZCI6NTc0ODQsInVybCI6Imh0dHBzOlwvXC93d3cucG9ydG92ZW5lcmUuZnJcL2ZyLWZyXC93cC1jb250ZW50XC91cGxvYWRzXC8yMDI1XC8wM1wvQ2FycmVsYWdlLWNsYWlyLWVuLWdyZXMtY2VyYW1lLW11bHRpZm9ybWF0LWVmZmV0LXBpZXJyZS1wb3VyLWludGVyaWV1ci1ldC1leGV0cmlldXItVFJJQVMtcG9zZS1hdS1zb2wtZXQtYXUtbXVyLXNob3dyb29tLVBvcnRvLVZlbmVyZS1wcmVzLWRlLUJlemllcnMtMzQuanBnIiwic2xpZGVzaG93IjoiZjY2OWUyYSJ9\">\n\t\t\t\t\t<div class=\"e-gallery-image elementor-gallery-item__image\" data-thumbnail=\"https:\/\/www.portovenere.fr\/fr-fr\/wp-content\/uploads\/2025\/03\/Carrelage-clair-en-gres-cerame-multiformat-effet-pierre-pour-interieur-et-exetrieur-TRIAS-pose-au-sol-et-au-mur-showroom-Porto-Venere-pres-de-Beziers-34-150x150.jpg\" data-width=\"150\" data-height=\"150\" aria-label=\"\" role=\"img\" ><\/div>\n\t\t\t\t\t\t\t\t\t\t\t<div class=\"elementor-gallery-item__overlay\"><\/div>\n\t\t\t\t\t\t\t\t\t\t\t\t\t\t<\/a>\n\t\t\t\t\t<\/div>\n\t\t\t\t\t<\/div>\n\t\t\t\t<\/div>\n\t\t\t\t<div class=\"elementor-element elementor-element-c803d1c elementor-widget elementor-widget-text-editor\" data-id=\"c803d1c\" data-element_type=\"widget\" data-e-type=\"widget\" data-widget_type=\"text-editor.default\">\n\t\t\t\t<div class=\"elementor-widget-container\">\n\t\t\t\t\t\t\t\t\t<p>Sublimez vos sols et murs int\u00e9rieurs et ext\u00e9rieurs avec le\u00a0<b>carrelage gr\u00e8s c\u00e9rame<\/b>\u00a0effet pierre calcaire Manoir.<\/p><p>Imitation pierre calcaire saisissante : Le carrelage Manoir reproduit fid\u00e8lement l\u2019<b>aspect noble et rustique de la pierre calcaire naturelle<\/b>, apportant une touche d\u2019authenticit\u00e9 et de caract\u00e8re \u00e0 vos espaces.<\/p><p><strong>3<\/strong><b>\u00a0coloris raffin\u00e9s aux teintes claires<\/b>\u00a0: Gris, Amande et Blanc, pour s\u2019harmoniser parfaitement avec tous les styles de d\u00e9coration.<\/p><p><strong>Formats vari\u00e9s <\/strong>pour une pose sur-mesure : Du format 60\u00d790 cm aux petits carreaux 6\u00d730 cm, en passant par les formats interm\u00e9diaires 20\u00d720 cm, 20\u00d730 cm, 30\u00d760 cm et 60\u00d760 cm, le carrelage Manoir s\u2019adapte \u00e0 toutes vos envies et \u00e0 toutes les configurations : pose en opus, mosa\u00efque, parement mural\u2026<\/p><p><b>Dalles antid\u00e9rapantes pour l\u2019ext\u00e9rieur\u00a0<\/b>: Profitez d\u2019une surface s\u00fbre et confortable autour de votre piscine, sur votre terrasse ou vos all\u00e9es gr\u00e2ce aux dalles antid\u00e9rapantes 2 cm Manoir, disponibles en format 60\u00d790 cm (couleur Amande uniquement).<\/p>\t\t\t\t\t\t\t\t<\/div>\n\t\t\t\t<\/div>\n\t\t\t\t<div class=\"elementor-element elementor-element-6a0e6de elementor-mobile-align-center elementor-widget elementor-widget-button\" data-id=\"6a0e6de\" data-element_type=\"widget\" data-e-type=\"widget\" data-widget_type=\"button.default\">\n\t\t\t\t<div class=\"elementor-widget-container\">\n\t\t\t\t\t\t\t\t\t<div class=\"elementor-button-wrapper\">\n\t\t\t\t\t<a class=\"elementor-button elementor-button-link elementor-size-sm\" href=\"https:\/\/www.portovenere.fr\/fr-fr\/carrelage-sol-et-mur-en-gres-cerame-et-faience\/carrelage-aspect-pierre\/carrelage-sol-et-mur-effet-pierre-calcaire-manoir\/\">\n\t\t\t\t\t\t<span class=\"elementor-button-content-wrapper\">\n\t\t\t\t\t\t\t\t\t<span class=\"elementor-button-text\">Voir la collection<\/span>\n\t\t\t\t\t<\/span>\n\t\t\t\t\t<\/a>\n\t\t\t\t<\/div>\n\t\t\t\t\t\t\t\t<\/div>\n\t\t\t\t<\/div>\n\t\t\t\t<div class=\"elementor-element elementor-element-c9ab545 elementor-widget elementor-widget-spacer\" data-id=\"c9ab545\" data-element_type=\"widget\" data-e-type=\"widget\" data-widget_type=\"spacer.default\">\n\t\t\t\t<div class=\"elementor-widget-container\">\n\t\t\t\t\t\t\t<div class=\"elementor-spacer\">\n\t\t\t<div class=\"elementor-spacer-inner\"><\/div>\n\t\t<\/div>\n\t\t\t\t\t\t<\/div>\n\t\t\t\t<\/div>\n\t\t\t\t\t<\/div>\n\t\t<\/div>\n\t\t\t\t<div class=\"elementor-column elementor-col-33 elementor-top-column elementor-element elementor-element-2afb9d6 elementor-invisible\" data-id=\"2afb9d6\" data-element_type=\"column\" data-e-type=\"column\" data-settings=\"{&quot;animation&quot;:&quot;fadeIn&quot;,&quot;background_background&quot;:&quot;classic&quot;}\">\n\t\t\t<div class=\"elementor-widget-wrap elementor-element-populated\">\n\t\t\t\t\t\t<div class=\"elementor-element elementor-element-1b3a2c4 elementor-widget elementor-widget-heading\" data-id=\"1b3a2c4\" data-element_type=\"widget\" data-e-type=\"widget\" data-widget_type=\"heading.default\">\n\t\t\t\t<div class=\"elementor-widget-container\">\n\t\t\t\t\t<h3 class=\"elementor-heading-title elementor-size-default\"><a href=\"https:\/\/www.portovenere.fr\/fr-fr\/carrelage-sol-et-mur-en-gres-cerame-et-faience\/carrelage-aspect-pierre\/carrelage-aspect-pierre-naturelle-limestone\/\">LIMESTONE<\/a><\/h3>\t\t\t\t<\/div>\n\t\t\t\t<\/div>\n\t\t\t\t<div class=\"elementor-element elementor-element-bf4f785 elementor-widget elementor-widget-image\" data-id=\"bf4f785\" data-element_type=\"widget\" data-e-type=\"widget\" data-widget_type=\"image.default\">\n\t\t\t\t<div class=\"elementor-widget-container\">\n\t\t\t\t\t\t\t\t\t\t\t\t\t\t\t\t<a href=\"https:\/\/www.portovenere.fr\/fr-fr\/carrelage-sol-et-mur-en-gres-cerame-et-faience\/carrelage-aspect-pierre\/carrelage-aspect-pierre-naturelle-limestone\/\">\n\t\t\t\t\t\t\t<img decoding=\"async\" src=\"https:\/\/www.portovenere.fr\/fr-fr\/wp-content\/uploads\/elementor\/thumbs\/Carrelage-Limestone-Slate-Naturel-kerlite-100x300-au-sol-et-Clay-Naturel-100x300-au-mur-r8iauubmbukm18jil0ydaqoc5nyzsinwt6p9vm8124.jpg\" title=\"Carrelage-Limestone-Slate-Naturel-kerlite-100&#215;300-au-sol-et-Clay-Naturel-100&#215;300-au-mur\" alt=\"Carrelage-Limestone-Slate-Naturel-kerlite-100x300-au-sol-et-Clay-Naturel-100x300-au-mur\" loading=\"lazy\" \/>\t\t\t\t\t\t\t\t<\/a>\n\t\t\t\t\t\t\t\t\t\t\t\t\t\t\t<\/div>\n\t\t\t\t<\/div>\n\t\t\t\t<div class=\"elementor-element elementor-element-35eb20d elementor-widget elementor-widget-text-editor\" data-id=\"35eb20d\" data-element_type=\"widget\" data-e-type=\"widget\" data-widget_type=\"text-editor.default\">\n\t\t\t\t<div class=\"elementor-widget-container\">\n\t\t\t\t\t\t\t\t\t<p><strong>4 coloris<\/strong><\/p>\t\t\t\t\t\t\t\t<\/div>\n\t\t\t\t<\/div>\n\t\t\t\t<div class=\"elementor-element elementor-element-e0979c5 elementor-widget elementor-widget-gallery\" data-id=\"e0979c5\" data-element_type=\"widget\" data-e-type=\"widget\" data-settings=\"{&quot;columns&quot;:6,&quot;columns_tablet&quot;:4,&quot;columns_mobile&quot;:4,&quot;aspect_ratio&quot;:&quot;1:1&quot;,&quot;lazyload&quot;:&quot;yes&quot;,&quot;gallery_layout&quot;:&quot;grid&quot;,&quot;gap&quot;:{&quot;unit&quot;:&quot;px&quot;,&quot;size&quot;:10,&quot;sizes&quot;:[]},&quot;gap_tablet&quot;:{&quot;unit&quot;:&quot;px&quot;,&quot;size&quot;:10,&quot;sizes&quot;:[]},&quot;gap_mobile&quot;:{&quot;unit&quot;:&quot;px&quot;,&quot;size&quot;:10,&quot;sizes&quot;:[]},&quot;link_to&quot;:&quot;file&quot;,&quot;overlay_background&quot;:&quot;yes&quot;,&quot;content_hover_animation&quot;:&quot;fade-in&quot;}\" data-widget_type=\"gallery.default\">\n\t\t\t\t<div class=\"elementor-widget-container\">\n\t\t\t\t\t\t\t<div class=\"elementor-gallery__container\">\n\t\t\t\t\t\t\t<a class=\"e-gallery-item elementor-gallery-item elementor-animated-content\" href=\"https:\/\/www.portovenere.fr\/fr-fr\/wp-content\/uploads\/2019\/09\/carrelage_extra_fin_special_renovation_kerlite_limestone_clay.jpg\" data-elementor-open-lightbox=\"yes\" data-elementor-lightbox-slideshow=\"e0979c5\" data-elementor-lightbox-title=\"carrelage_extra_fin_special_renovation_kerlite_limestone_clay \u00e0 Montpellier\" data-e-action-hash=\"#elementor-action%3Aaction%3Dlightbox%26settings%3DeyJpZCI6MTMzNDAsInVybCI6Imh0dHBzOlwvXC93d3cucG9ydG92ZW5lcmUuZnJcL2ZyLWZyXC93cC1jb250ZW50XC91cGxvYWRzXC8yMDE5XC8wOVwvY2FycmVsYWdlX2V4dHJhX2Zpbl9zcGVjaWFsX3Jlbm92YXRpb25fa2VybGl0ZV9saW1lc3RvbmVfY2xheS5qcGciLCJzbGlkZXNob3ciOiJlMDk3OWM1In0%3D\">\n\t\t\t\t\t<div class=\"e-gallery-image elementor-gallery-item__image\" data-thumbnail=\"https:\/\/www.portovenere.fr\/fr-fr\/wp-content\/uploads\/2019\/09\/carrelage_extra_fin_special_renovation_kerlite_limestone_clay-150x150.jpg\" data-width=\"150\" data-height=\"150\" aria-label=\"\" role=\"img\" ><\/div>\n\t\t\t\t\t\t\t\t\t\t\t<div class=\"elementor-gallery-item__overlay\"><\/div>\n\t\t\t\t\t\t\t\t\t\t\t\t\t\t<\/a>\n\t\t\t\t\t\t\t<a class=\"e-gallery-item elementor-gallery-item elementor-animated-content\" href=\"https:\/\/www.portovenere.fr\/fr-fr\/wp-content\/uploads\/2019\/09\/carrelage_extra_fin_special_renovation_kerlite_limestone_oyster.jpg\" data-elementor-open-lightbox=\"yes\" data-elementor-lightbox-slideshow=\"e0979c5\" data-elementor-lightbox-title=\"carrelage_extra_fin_special_renovation_kerlite_limestone_oyster porche de Juvignac\" data-e-action-hash=\"#elementor-action%3Aaction%3Dlightbox%26settings%3DeyJpZCI6MTMzMzksInVybCI6Imh0dHBzOlwvXC93d3cucG9ydG92ZW5lcmUuZnJcL2ZyLWZyXC93cC1jb250ZW50XC91cGxvYWRzXC8yMDE5XC8wOVwvY2FycmVsYWdlX2V4dHJhX2Zpbl9zcGVjaWFsX3Jlbm92YXRpb25fa2VybGl0ZV9saW1lc3RvbmVfb3lzdGVyLmpwZyIsInNsaWRlc2hvdyI6ImUwOTc5YzUifQ%3D%3D\">\n\t\t\t\t\t<div class=\"e-gallery-image elementor-gallery-item__image\" data-thumbnail=\"https:\/\/www.portovenere.fr\/fr-fr\/wp-content\/uploads\/2019\/09\/carrelage_extra_fin_special_renovation_kerlite_limestone_oyster-150x150.jpg\" data-width=\"150\" data-height=\"150\" aria-label=\"\" role=\"img\" ><\/div>\n\t\t\t\t\t\t\t\t\t\t\t<div class=\"elementor-gallery-item__overlay\"><\/div>\n\t\t\t\t\t\t\t\t\t\t\t\t\t\t<\/a>\n\t\t\t\t\t\t\t<a class=\"e-gallery-item elementor-gallery-item elementor-animated-content\" href=\"https:\/\/www.portovenere.fr\/fr-fr\/wp-content\/uploads\/2019\/09\/carrelage_extra_fin_special_renovation_kerlite_limestone_slate.jpg\" data-elementor-open-lightbox=\"yes\" data-elementor-lightbox-slideshow=\"e0979c5\" data-elementor-lightbox-title=\"carrelage_extra_fin_special_renovation_kerlite_limestone_slate proche de Saussan\" data-e-action-hash=\"#elementor-action%3Aaction%3Dlightbox%26settings%3DeyJpZCI6MTMzMzgsInVybCI6Imh0dHBzOlwvXC93d3cucG9ydG92ZW5lcmUuZnJcL2ZyLWZyXC93cC1jb250ZW50XC91cGxvYWRzXC8yMDE5XC8wOVwvY2FycmVsYWdlX2V4dHJhX2Zpbl9zcGVjaWFsX3Jlbm92YXRpb25fa2VybGl0ZV9saW1lc3RvbmVfc2xhdGUuanBnIiwic2xpZGVzaG93IjoiZTA5NzljNSJ9\">\n\t\t\t\t\t<div class=\"e-gallery-image elementor-gallery-item__image\" data-thumbnail=\"https:\/\/www.portovenere.fr\/fr-fr\/wp-content\/uploads\/2019\/09\/carrelage_extra_fin_special_renovation_kerlite_limestone_slate-150x150.jpg\" data-width=\"150\" data-height=\"150\" aria-label=\"\" role=\"img\" ><\/div>\n\t\t\t\t\t\t\t\t\t\t\t<div class=\"elementor-gallery-item__overlay\"><\/div>\n\t\t\t\t\t\t\t\t\t\t\t\t\t\t<\/a>\n\t\t\t\t\t<\/div>\n\t\t\t\t\t<\/div>\n\t\t\t\t<\/div>\n\t\t\t\t<div class=\"elementor-element elementor-element-b7b09de elementor-widget elementor-widget-text-editor\" data-id=\"b7b09de\" data-element_type=\"widget\" data-e-type=\"widget\" data-widget_type=\"text-editor.default\">\n\t\t\t\t<div class=\"elementor-widget-container\">\n\t\t\t\t\t\t\t\t\t<p>Carrelage de <b>sol et mur <\/b>en gr\u00e8s c\u00e9rame aspect pierre naturelle pour\u00a0vos projets de r\u00e9novation ou neuf,\u00a0disponible en 3 coloris : <b>Clay (blanc), Oyster (gris), Slate (anthracite) <\/b>et nombreux formats.<\/p><p>Les formats disponibles en <b>Kerlite extra-fin<\/b>, seront des pi\u00e8ces id\u00e9ales pour les projets de r\u00e9novation : salle de bain, sol de cuisine, s\u00e9jour, mur de loft&#8230;<\/p>\t\t\t\t\t\t\t\t<\/div>\n\t\t\t\t<\/div>\n\t\t\t\t<div class=\"elementor-element elementor-element-e9f3783 elementor-mobile-align-center elementor-widget elementor-widget-button\" data-id=\"e9f3783\" data-element_type=\"widget\" data-e-type=\"widget\" data-widget_type=\"button.default\">\n\t\t\t\t<div class=\"elementor-widget-container\">\n\t\t\t\t\t\t\t\t\t<div class=\"elementor-button-wrapper\">\n\t\t\t\t\t<a class=\"elementor-button elementor-button-link elementor-size-sm\" href=\"https:\/\/www.portovenere.fr\/fr-fr\/carrelage-sol-et-mur-en-gres-cerame-et-faience\/carrelage-aspect-pierre\/carrelage-aspect-pierre-naturelle-limestone\/\">\n\t\t\t\t\t\t<span class=\"elementor-button-content-wrapper\">\n\t\t\t\t\t\t\t\t\t<span class=\"elementor-button-text\">Voir la collection<\/span>\n\t\t\t\t\t<\/span>\n\t\t\t\t\t<\/a>\n\t\t\t\t<\/div>\n\t\t\t\t\t\t\t\t<\/div>\n\t\t\t\t<\/div>\n\t\t\t\t<div class=\"elementor-element elementor-element-0dd1579 elementor-widget elementor-widget-spacer\" data-id=\"0dd1579\" data-element_type=\"widget\" data-e-type=\"widget\" data-widget_type=\"spacer.default\">\n\t\t\t\t<div class=\"elementor-widget-container\">\n\t\t\t\t\t\t\t<div class=\"elementor-spacer\">\n\t\t\t<div class=\"elementor-spacer-inner\"><\/div>\n\t\t<\/div>\n\t\t\t\t\t\t<\/div>\n\t\t\t\t<\/div>\n\t\t\t\t\t<\/div>\n\t\t<\/div>\n\t\t\t\t\t<\/div>\n\t\t<\/section>\n\t\t\t\t<section class=\"elementor-section elementor-top-section elementor-element elementor-element-4094f21 elementor-section-full_width elementor-section-height-default elementor-section-height-default elementor-invisible\" data-id=\"4094f21\" data-element_type=\"section\" data-e-type=\"section\" data-settings=\"{&quot;animation&quot;:&quot;fadeIn&quot;}\">\n\t\t\t\t\t\t<div class=\"elementor-container elementor-column-gap-default\">\n\t\t\t\t\t<div class=\"elementor-column elementor-col-33 elementor-top-column elementor-element elementor-element-6733934\" data-id=\"6733934\" data-element_type=\"column\" data-e-type=\"column\" data-settings=\"{&quot;background_background&quot;:&quot;classic&quot;}\">\n\t\t\t<div class=\"elementor-widget-wrap elementor-element-populated\">\n\t\t\t\t\t\t<div class=\"elementor-element elementor-element-7eeef2a elementor-widget elementor-widget-heading\" data-id=\"7eeef2a\" data-element_type=\"widget\" data-e-type=\"widget\" data-widget_type=\"heading.default\">\n\t\t\t\t<div class=\"elementor-widget-container\">\n\t\t\t\t\t<h3 class=\"elementor-heading-title elementor-size-default\"><a href=\"https:\/\/www.portovenere.fr\/fr-fr\/carrelage-sol-et-mur-en-gres-cerame-et-faience\/carrelage-aspect-pierre\/carrelage-effet-pierre-piasentina-drakara\/\">DRAKARA<\/a><\/h3>\t\t\t\t<\/div>\n\t\t\t\t<\/div>\n\t\t\t\t<div class=\"elementor-element elementor-element-db909c7 elementor-widget elementor-widget-image\" data-id=\"db909c7\" data-element_type=\"widget\" data-e-type=\"widget\" data-widget_type=\"image.default\">\n\t\t\t\t<div class=\"elementor-widget-container\">\n\t\t\t\t\t\t\t\t\t\t\t\t\t\t\t\t<a href=\"https:\/\/www.portovenere.fr\/fr-fr\/carrelage-sol-et-mur-en-gres-cerame-et-faience\/carrelage-aspect-pierre\/carrelage-effet-pierre-piasentina-drakara\/\">\n\t\t\t\t\t\t\t<img decoding=\"async\" src=\"https:\/\/www.portovenere.fr\/fr-fr\/wp-content\/uploads\/elementor\/thumbs\/Carrelage-effet-pierre-Piasentina-DRAKARA-Flame-dark-grand-format-xxl-pour-sol-et-mur-interieur-exterieur-proche-de-Baillargues-34--r8ifmikgjjkwhd6d4qee6x41y3tcmf722w2s9xoin0.jpg\" title=\"Carrelage-effet-pierre-Piasentina-DRAKARA-Flame-dark-grand-format-xxl-pour-sol-et-mur-int\u00e9rieur-ext\u00e9rieur-proche-de-Baillargues-34-\" alt=\"Carrelage-effet-pierre-Piasentina-DRAKARA-Flame-dark-grand-format-xxl-pour-sol-et-mur-int\u00e9rieur-ext\u00e9rieur-proche-de-Baillargues-34-\" loading=\"lazy\" \/>\t\t\t\t\t\t\t\t<\/a>\n\t\t\t\t\t\t\t\t\t\t\t\t\t\t\t<\/div>\n\t\t\t\t<\/div>\n\t\t\t\t<div class=\"elementor-element elementor-element-a029f78 elementor-widget elementor-widget-text-editor\" data-id=\"a029f78\" data-element_type=\"widget\" data-e-type=\"widget\" data-widget_type=\"text-editor.default\">\n\t\t\t\t<div class=\"elementor-widget-container\">\n\t\t\t\t\t\t\t\t\t<p><strong>4 coloris et 4 finitions<\/strong><\/p>\t\t\t\t\t\t\t\t<\/div>\n\t\t\t\t<\/div>\n\t\t\t\t<div class=\"elementor-element elementor-element-7b2ffb9 elementor-widget elementor-widget-gallery\" data-id=\"7b2ffb9\" data-element_type=\"widget\" data-e-type=\"widget\" data-settings=\"{&quot;columns&quot;:6,&quot;columns_tablet&quot;:4,&quot;columns_mobile&quot;:4,&quot;aspect_ratio&quot;:&quot;1:1&quot;,&quot;lazyload&quot;:&quot;yes&quot;,&quot;gallery_layout&quot;:&quot;grid&quot;,&quot;gap&quot;:{&quot;unit&quot;:&quot;px&quot;,&quot;size&quot;:10,&quot;sizes&quot;:[]},&quot;gap_tablet&quot;:{&quot;unit&quot;:&quot;px&quot;,&quot;size&quot;:10,&quot;sizes&quot;:[]},&quot;gap_mobile&quot;:{&quot;unit&quot;:&quot;px&quot;,&quot;size&quot;:10,&quot;sizes&quot;:[]},&quot;link_to&quot;:&quot;file&quot;,&quot;overlay_background&quot;:&quot;yes&quot;,&quot;content_hover_animation&quot;:&quot;fade-in&quot;}\" data-widget_type=\"gallery.default\">\n\t\t\t\t<div class=\"elementor-widget-container\">\n\t\t\t\t\t\t\t<div class=\"elementor-gallery__container\">\n\t\t\t\t\t\t\t<a class=\"e-gallery-item elementor-gallery-item elementor-animated-content\" href=\"https:\/\/www.portovenere.fr\/fr-fr\/wp-content\/uploads\/2024\/10\/Carrelage-gres-cerame-effet-pierre-naturelle-piasentina-Drakara-satin-dark-sol-et-mur-proche-de-Lattes-34.jpg\" data-elementor-open-lightbox=\"yes\" data-elementor-lightbox-slideshow=\"7b2ffb9\" data-elementor-lightbox-title=\"Carrelage-gr\u00e8s-c\u00e9rame-effet-pierre-naturelle-piasentina-Drakara-satin-dark-sol-et-mur-proche-de-Lattes-34\" data-e-action-hash=\"#elementor-action%3Aaction%3Dlightbox%26settings%3DeyJpZCI6NTQyOTUsInVybCI6Imh0dHBzOlwvXC93d3cucG9ydG92ZW5lcmUuZnJcL2ZyLWZyXC93cC1jb250ZW50XC91cGxvYWRzXC8yMDI0XC8xMFwvQ2FycmVsYWdlLWdyZXMtY2VyYW1lLWVmZmV0LXBpZXJyZS1uYXR1cmVsbGUtcGlhc2VudGluYS1EcmFrYXJhLXNhdGluLWRhcmstc29sLWV0LW11ci1wcm9jaGUtZGUtTGF0dGVzLTM0LmpwZyIsInNsaWRlc2hvdyI6IjdiMmZmYjkifQ%3D%3D\">\n\t\t\t\t\t<div class=\"e-gallery-image elementor-gallery-item__image\" data-thumbnail=\"https:\/\/www.portovenere.fr\/fr-fr\/wp-content\/uploads\/2024\/10\/Carrelage-gres-cerame-effet-pierre-naturelle-piasentina-Drakara-satin-dark-sol-et-mur-proche-de-Lattes-34-150x150.jpg\" data-width=\"150\" data-height=\"150\" aria-label=\"\" role=\"img\" ><\/div>\n\t\t\t\t\t\t\t\t\t\t\t<div class=\"elementor-gallery-item__overlay\"><\/div>\n\t\t\t\t\t\t\t\t\t\t\t\t\t\t<\/a>\n\t\t\t\t\t\t\t<a class=\"e-gallery-item elementor-gallery-item elementor-animated-content\" href=\"https:\/\/www.portovenere.fr\/fr-fr\/wp-content\/uploads\/2024\/10\/Carrelage-gres-cerame-effet-pierre-naturelle-piasentina-Drakara-flame-light-sol-et-mur-proche-de-Sete-34.jpg\" data-elementor-open-lightbox=\"yes\" data-elementor-lightbox-slideshow=\"7b2ffb9\" data-elementor-lightbox-title=\"Carrelage-gr\u00e8s-c\u00e9rame-effet-pierre-naturelle-piasentina-Drakara-flame-light-sol-et-mur-proche-de-S\u00e8te-34\" data-e-action-hash=\"#elementor-action%3Aaction%3Dlightbox%26settings%3DeyJpZCI6NTQyOTQsInVybCI6Imh0dHBzOlwvXC93d3cucG9ydG92ZW5lcmUuZnJcL2ZyLWZyXC93cC1jb250ZW50XC91cGxvYWRzXC8yMDI0XC8xMFwvQ2FycmVsYWdlLWdyZXMtY2VyYW1lLWVmZmV0LXBpZXJyZS1uYXR1cmVsbGUtcGlhc2VudGluYS1EcmFrYXJhLWZsYW1lLWxpZ2h0LXNvbC1ldC1tdXItcHJvY2hlLWRlLVNldGUtMzQuanBnIiwic2xpZGVzaG93IjoiN2IyZmZiOSJ9\">\n\t\t\t\t\t<div class=\"e-gallery-image elementor-gallery-item__image\" data-thumbnail=\"https:\/\/www.portovenere.fr\/fr-fr\/wp-content\/uploads\/2024\/10\/Carrelage-gres-cerame-effet-pierre-naturelle-piasentina-Drakara-flame-light-sol-et-mur-proche-de-Sete-34-150x150.jpg\" data-width=\"150\" data-height=\"150\" aria-label=\"\" role=\"img\" ><\/div>\n\t\t\t\t\t\t\t\t\t\t\t<div class=\"elementor-gallery-item__overlay\"><\/div>\n\t\t\t\t\t\t\t\t\t\t\t\t\t\t<\/a>\n\t\t\t\t\t\t\t<a class=\"e-gallery-item elementor-gallery-item elementor-animated-content\" href=\"https:\/\/www.portovenere.fr\/fr-fr\/wp-content\/uploads\/2024\/10\/Carrelage-gres-cerame-effet-pierre-naturelle-piasentina-Drakara-flame-dark-sol-et-mur-proche-de-saint-clement-de-riviere-34-e1728377883503.jpg\" data-elementor-open-lightbox=\"yes\" data-elementor-lightbox-slideshow=\"7b2ffb9\" data-elementor-lightbox-title=\"Carrelage-gr\u00e8s-c\u00e9rame-effet-pierre-naturelle-piasentina-Drakara-flame-dark-sol-et-mur-proche-de-saint-cl\u00e9ment-de-rivi\u00e8re-34\" data-e-action-hash=\"#elementor-action%3Aaction%3Dlightbox%26settings%3DeyJpZCI6NTQyOTMsInVybCI6Imh0dHBzOlwvXC93d3cucG9ydG92ZW5lcmUuZnJcL2ZyLWZyXC93cC1jb250ZW50XC91cGxvYWRzXC8yMDI0XC8xMFwvQ2FycmVsYWdlLWdyZXMtY2VyYW1lLWVmZmV0LXBpZXJyZS1uYXR1cmVsbGUtcGlhc2VudGluYS1EcmFrYXJhLWZsYW1lLWRhcmstc29sLWV0LW11ci1wcm9jaGUtZGUtc2FpbnQtY2xlbWVudC1kZS1yaXZpZXJlLTM0LWUxNzI4Mzc3ODgzNTAzLmpwZyIsInNsaWRlc2hvdyI6IjdiMmZmYjkifQ%3D%3D\">\n\t\t\t\t\t<div class=\"e-gallery-image elementor-gallery-item__image\" data-thumbnail=\"https:\/\/www.portovenere.fr\/fr-fr\/wp-content\/uploads\/2024\/10\/Carrelage-gres-cerame-effet-pierre-naturelle-piasentina-Drakara-flame-dark-sol-et-mur-proche-de-saint-clement-de-riviere-34-e1728377883503-150x150.jpg\" data-width=\"150\" data-height=\"150\" aria-label=\"\" role=\"img\" ><\/div>\n\t\t\t\t\t\t\t\t\t\t\t<div class=\"elementor-gallery-item__overlay\"><\/div>\n\t\t\t\t\t\t\t\t\t\t\t\t\t\t<\/a>\n\t\t\t\t\t\t\t<a class=\"e-gallery-item elementor-gallery-item elementor-animated-content\" href=\"https:\/\/www.portovenere.fr\/fr-fr\/wp-content\/uploads\/2024\/10\/Carrelage-gres-cerame-effet-pierre-naturelle-piasentina-Drakara-brushed-light-sol-et-mur-a-Montpellier-34.jpg\" data-elementor-open-lightbox=\"yes\" data-elementor-lightbox-slideshow=\"7b2ffb9\" data-elementor-lightbox-title=\"Carrelage-gr\u00e8s-c\u00e9rame-effet-pierre-naturelle-piasentina-Drakara-brushed-light-sol-et-mur-\u00e0-Montpellier-34\" data-e-action-hash=\"#elementor-action%3Aaction%3Dlightbox%26settings%3DeyJpZCI6NTQyOTIsInVybCI6Imh0dHBzOlwvXC93d3cucG9ydG92ZW5lcmUuZnJcL2ZyLWZyXC93cC1jb250ZW50XC91cGxvYWRzXC8yMDI0XC8xMFwvQ2FycmVsYWdlLWdyZXMtY2VyYW1lLWVmZmV0LXBpZXJyZS1uYXR1cmVsbGUtcGlhc2VudGluYS1EcmFrYXJhLWJydXNoZWQtbGlnaHQtc29sLWV0LW11ci1hLU1vbnRwZWxsaWVyLTM0LmpwZyIsInNsaWRlc2hvdyI6IjdiMmZmYjkifQ%3D%3D\">\n\t\t\t\t\t<div class=\"e-gallery-image elementor-gallery-item__image\" data-thumbnail=\"https:\/\/www.portovenere.fr\/fr-fr\/wp-content\/uploads\/2024\/10\/Carrelage-gres-cerame-effet-pierre-naturelle-piasentina-Drakara-brushed-light-sol-et-mur-a-Montpellier-34-150x150.jpg\" data-width=\"150\" data-height=\"150\" aria-label=\"\" role=\"img\" ><\/div>\n\t\t\t\t\t\t\t\t\t\t\t<div class=\"elementor-gallery-item__overlay\"><\/div>\n\t\t\t\t\t\t\t\t\t\t\t\t\t\t<\/a>\n\t\t\t\t\t<\/div>\n\t\t\t\t\t<\/div>\n\t\t\t\t<\/div>\n\t\t\t\t<div class=\"elementor-element elementor-element-7e281ac elementor-widget elementor-widget-text-editor\" data-id=\"7e281ac\" data-element_type=\"widget\" data-e-type=\"widget\" data-widget_type=\"text-editor.default\">\n\t\t\t\t<div class=\"elementor-widget-container\">\n\t\t\t\t\t\t\t\t\t<p>Ce<b>\u00a0carrelage\u00a0gr\u00e8s c\u00e9rame<\/b>\u00a0effet\u00a0<a href=\"https:\/\/it.wikipedia.org\/wiki\/Pietra_Piasentina\" target=\"_blank\" rel=\"noopener\"><b>pierre naturelle Piasentina<\/b><\/a>\u00a0est con\u00e7u pour une\u00a0<b>pose murale\u00a0<\/b>mais aussi une<b>\u00a0pose au sol en int\u00e9rieur et<\/b>\u00a0en\u00a0<b>ext\u00e9rieur.<\/b><\/p><p><strong>Les 3<\/strong>\u00a0<b>finitions\u00a0<\/b>propos\u00e9es sont :\u00a0Soft (<b>l\u00e9g\u00e8rement satin\u00e9<\/b>),\u00a0<b>naturel mat\u00a0<\/b>(R10 B) et R+PTV (R11\u00a0<b>antid\u00e9rapant<\/b>).<\/p><p>Ce<b>\u00a0<\/b>gr\u00e8s c\u00e9rame de\u00a0<b>haut qualit\u00e9<\/b>\u00a0propose\u00a0<b>4\u00a0coloris<\/b><b>\u00a0<\/b>:\u00a0Brushed Light, Flame Light, Flame Dark et Satin Dark.<\/p><p>La collection Drakara propose des<b>\u00a0formats en fine \u00e9paisseur de 6 mm<\/b>\u00a0: maxi format XXL 120 x 280 cm, 120 x 240 cm, 120 x120 cm, 60 x120 cm en\u00a0<b>finition naturelle mate ou soft<\/b>\u00a0(selon coloris).\u00a0<\/p><p>Une\u00a0<b>\u00e9paisseur de 9 mm<\/b>\u00a0est propos\u00e9e en format 80 x 180 cm, 120 x 120 cm, 60 x 120 cm, 60 x 60 cm.<\/p><p>Le coloris Flame Light propose un format en\u00a0<b>dalles 20 mm antid\u00e9rapantes<\/b>\u00a060 x 120 cm pour pose sur plot, pose sur chappe ciment avec colle \u00e0 double encollage, sur gravier ou sur gazon. ce coloris est \u00e9galement disponible en<b>\u00a0motif cannet\u00e9<\/b>\u00a060 x 120 cm.<\/p>\t\t\t\t\t\t\t\t<\/div>\n\t\t\t\t<\/div>\n\t\t\t\t<div class=\"elementor-element elementor-element-82c1b6f elementor-mobile-align-center elementor-widget elementor-widget-button\" data-id=\"82c1b6f\" data-element_type=\"widget\" data-e-type=\"widget\" data-widget_type=\"button.default\">\n\t\t\t\t<div class=\"elementor-widget-container\">\n\t\t\t\t\t\t\t\t\t<div class=\"elementor-button-wrapper\">\n\t\t\t\t\t<a class=\"elementor-button elementor-button-link elementor-size-sm\" href=\"https:\/\/www.portovenere.fr\/fr-fr\/carrelage-sol-et-mur-en-gres-cerame-et-faience\/carrelage-aspect-pierre\/carrelage-effet-pierre-piasentina-drakara\/\">\n\t\t\t\t\t\t<span class=\"elementor-button-content-wrapper\">\n\t\t\t\t\t\t\t\t\t<span class=\"elementor-button-text\">VOIR LA COLLECTION<\/span>\n\t\t\t\t\t<\/span>\n\t\t\t\t\t<\/a>\n\t\t\t\t<\/div>\n\t\t\t\t\t\t\t\t<\/div>\n\t\t\t\t<\/div>\n\t\t\t\t<div class=\"elementor-element elementor-element-37369f8 elementor-widget elementor-widget-spacer\" data-id=\"37369f8\" data-element_type=\"widget\" data-e-type=\"widget\" data-widget_type=\"spacer.default\">\n\t\t\t\t<div class=\"elementor-widget-container\">\n\t\t\t\t\t\t\t<div class=\"elementor-spacer\">\n\t\t\t<div class=\"elementor-spacer-inner\"><\/div>\n\t\t<\/div>\n\t\t\t\t\t\t<\/div>\n\t\t\t\t<\/div>\n\t\t\t\t\t<\/div>\n\t\t<\/div>\n\t\t\t\t<div class=\"elementor-column elementor-col-33 elementor-top-column elementor-element elementor-element-867ce25 elementor-invisible\" data-id=\"867ce25\" data-element_type=\"column\" data-e-type=\"column\" data-settings=\"{&quot;animation&quot;:&quot;fadeIn&quot;,&quot;background_background&quot;:&quot;classic&quot;}\">\n\t\t\t<div class=\"elementor-widget-wrap elementor-element-populated\">\n\t\t\t\t\t\t<div class=\"elementor-element elementor-element-c229c4e elementor-widget elementor-widget-heading\" data-id=\"c229c4e\" data-element_type=\"widget\" data-e-type=\"widget\" data-widget_type=\"heading.default\">\n\t\t\t\t<div class=\"elementor-widget-container\">\n\t\t\t\t\t<h3 class=\"elementor-heading-title elementor-size-default\"><a href=\"https:\/\/www.portovenere.fr\/fr-fr\/carrelage-sol-et-mur-en-gres-cerame-et-faience\/carrelage-aspect-pierre\/carrelage-contemporain-grand-format-presentina\/\">PRESENTINA<\/a><\/h3>\t\t\t\t<\/div>\n\t\t\t\t<\/div>\n\t\t\t\t<div class=\"elementor-element elementor-element-88b5af6 elementor-widget elementor-widget-image\" data-id=\"88b5af6\" data-element_type=\"widget\" data-e-type=\"widget\" data-widget_type=\"image.default\">\n\t\t\t\t<div class=\"elementor-widget-container\">\n\t\t\t\t\t\t\t\t\t\t\t\t\t\t\t\t<a href=\"https:\/\/www.portovenere.fr\/fr-fr\/carrelage-sol-et-mur-en-gres-cerame-et-faience\/carrelage-aspect-pierre\/carrelage-contemporain-grand-format-presentina\/\">\n\t\t\t\t\t\t\t<img decoding=\"async\" src=\"https:\/\/www.portovenere.fr\/fr-fr\/wp-content\/uploads\/elementor\/thumbs\/Carrelage-contemporain-PRESENTINA-nombreux-coloris-et-fromats-pour-sol-et-mur-interieur-et-exterieur-a-Montpellier-34-r8ifqfk90oxwuvhk9fcfkxj71wiep0qsm9xm9fvgpo.jpg\" title=\"Carrelage-contemporain-PRESENTINA-nombreux-coloris-et-formats-pour-sol-et-mur-int\u00e9rieur-et-ext\u00e9rieur-\u00e0-Montpellier-34\" alt=\"Carrelage sol et rev\u00eatement mural nombreux coloris collection Presentina Porto Venere\" loading=\"lazy\" \/>\t\t\t\t\t\t\t\t<\/a>\n\t\t\t\t\t\t\t\t\t\t\t\t\t\t\t<\/div>\n\t\t\t\t<\/div>\n\t\t\t\t<div class=\"elementor-element elementor-element-a1ec343 elementor-widget elementor-widget-text-editor\" data-id=\"a1ec343\" data-element_type=\"widget\" data-e-type=\"widget\" data-widget_type=\"text-editor.default\">\n\t\t\t\t<div class=\"elementor-widget-container\">\n\t\t\t\t\t\t\t\t\t<p><strong>5 coloris et d\u00e9cors<\/strong><\/p>\t\t\t\t\t\t\t\t<\/div>\n\t\t\t\t<\/div>\n\t\t\t\t<div class=\"elementor-element elementor-element-f27fc15 elementor-widget elementor-widget-gallery\" data-id=\"f27fc15\" data-element_type=\"widget\" data-e-type=\"widget\" data-settings=\"{&quot;columns&quot;:6,&quot;columns_tablet&quot;:4,&quot;columns_mobile&quot;:4,&quot;aspect_ratio&quot;:&quot;1:1&quot;,&quot;lazyload&quot;:&quot;yes&quot;,&quot;gallery_layout&quot;:&quot;grid&quot;,&quot;gap&quot;:{&quot;unit&quot;:&quot;px&quot;,&quot;size&quot;:10,&quot;sizes&quot;:[]},&quot;gap_tablet&quot;:{&quot;unit&quot;:&quot;px&quot;,&quot;size&quot;:10,&quot;sizes&quot;:[]},&quot;gap_mobile&quot;:{&quot;unit&quot;:&quot;px&quot;,&quot;size&quot;:10,&quot;sizes&quot;:[]},&quot;link_to&quot;:&quot;file&quot;,&quot;overlay_background&quot;:&quot;yes&quot;,&quot;content_hover_animation&quot;:&quot;fade-in&quot;}\" data-widget_type=\"gallery.default\">\n\t\t\t\t<div class=\"elementor-widget-container\">\n\t\t\t\t\t\t\t<div class=\"elementor-gallery__container\">\n\t\t\t\t\t\t\t<a class=\"e-gallery-item elementor-gallery-item elementor-animated-content\" href=\"https:\/\/www.portovenere.fr\/fr-fr\/wp-content\/uploads\/2024\/11\/Carrelage-design-contemporain-pour-sol-mur-Presentina-Toffee-a-Montpellier-34.jpeg\" data-elementor-open-lightbox=\"yes\" data-elementor-lightbox-slideshow=\"f27fc15\" data-elementor-lightbox-title=\"Carrelage design contemporain pour sol mur Presentina Toffee \u00e0 Montpellier 34\" data-e-action-hash=\"#elementor-action%3Aaction%3Dlightbox%26settings%3DeyJpZCI6NTUzMTcsInVybCI6Imh0dHBzOlwvXC93d3cucG9ydG92ZW5lcmUuZnJcL2ZyLWZyXC93cC1jb250ZW50XC91cGxvYWRzXC8yMDI0XC8xMVwvQ2FycmVsYWdlLWRlc2lnbi1jb250ZW1wb3JhaW4tcG91ci1zb2wtbXVyLVByZXNlbnRpbmEtVG9mZmVlLWEtTW9udHBlbGxpZXItMzQuanBlZyIsInNsaWRlc2hvdyI6ImYyN2ZjMTUifQ%3D%3D\">\n\t\t\t\t\t<div class=\"e-gallery-image elementor-gallery-item__image\" data-thumbnail=\"https:\/\/www.portovenere.fr\/fr-fr\/wp-content\/uploads\/2024\/11\/Carrelage-design-contemporain-pour-sol-mur-Presentina-Toffee-a-Montpellier-34-150x150.jpeg\" data-width=\"150\" data-height=\"150\" aria-label=\"\" role=\"img\" ><\/div>\n\t\t\t\t\t\t\t\t\t\t\t<div class=\"elementor-gallery-item__overlay\"><\/div>\n\t\t\t\t\t\t\t\t\t\t\t\t\t\t<\/a>\n\t\t\t\t\t\t\t<a class=\"e-gallery-item elementor-gallery-item elementor-animated-content\" href=\"https:\/\/www.portovenere.fr\/fr-fr\/wp-content\/uploads\/2024\/11\/Carrelage-design-contemporain-pour-sol-mur-Presentina-Perle-proche-de-Saint-Clement-de-Riviere-34.jpeg\" data-elementor-open-lightbox=\"yes\" data-elementor-lightbox-slideshow=\"f27fc15\" data-elementor-lightbox-title=\"Carrelage design contemporain pour sol mur Presentina Perle proche de Saint Clement de Rivi\u00e8re 34\" data-e-action-hash=\"#elementor-action%3Aaction%3Dlightbox%26settings%3DeyJpZCI6NTUzMTYsInVybCI6Imh0dHBzOlwvXC93d3cucG9ydG92ZW5lcmUuZnJcL2ZyLWZyXC93cC1jb250ZW50XC91cGxvYWRzXC8yMDI0XC8xMVwvQ2FycmVsYWdlLWRlc2lnbi1jb250ZW1wb3JhaW4tcG91ci1zb2wtbXVyLVByZXNlbnRpbmEtUGVybGUtcHJvY2hlLWRlLVNhaW50LUNsZW1lbnQtZGUtUml2aWVyZS0zNC5qcGVnIiwic2xpZGVzaG93IjoiZjI3ZmMxNSJ9\">\n\t\t\t\t\t<div class=\"e-gallery-image elementor-gallery-item__image\" data-thumbnail=\"https:\/\/www.portovenere.fr\/fr-fr\/wp-content\/uploads\/2024\/11\/Carrelage-design-contemporain-pour-sol-mur-Presentina-Perle-proche-de-Saint-Clement-de-Riviere-34-150x150.jpeg\" data-width=\"150\" data-height=\"150\" aria-label=\"\" role=\"img\" ><\/div>\n\t\t\t\t\t\t\t\t\t\t\t<div class=\"elementor-gallery-item__overlay\"><\/div>\n\t\t\t\t\t\t\t\t\t\t\t\t\t\t<\/a>\n\t\t\t\t\t\t\t<a class=\"e-gallery-item elementor-gallery-item elementor-animated-content\" href=\"https:\/\/www.portovenere.fr\/fr-fr\/wp-content\/uploads\/2024\/11\/Carrelage-design-contemporain-pour-sol-mur-Presentina-Crete-proche-de-Castelnau-le-Lez-34.jpeg\" data-elementor-open-lightbox=\"yes\" data-elementor-lightbox-slideshow=\"f27fc15\" data-elementor-lightbox-title=\"Carrelage design contemporain pour sol mur Presentina Crete proche de Castelnau le Lez 34\" data-e-action-hash=\"#elementor-action%3Aaction%3Dlightbox%26settings%3DeyJpZCI6NTUzMTUsInVybCI6Imh0dHBzOlwvXC93d3cucG9ydG92ZW5lcmUuZnJcL2ZyLWZyXC93cC1jb250ZW50XC91cGxvYWRzXC8yMDI0XC8xMVwvQ2FycmVsYWdlLWRlc2lnbi1jb250ZW1wb3JhaW4tcG91ci1zb2wtbXVyLVByZXNlbnRpbmEtQ3JldGUtcHJvY2hlLWRlLUNhc3RlbG5hdS1sZS1MZXotMzQuanBlZyIsInNsaWRlc2hvdyI6ImYyN2ZjMTUifQ%3D%3D\">\n\t\t\t\t\t<div class=\"e-gallery-image elementor-gallery-item__image\" data-thumbnail=\"https:\/\/www.portovenere.fr\/fr-fr\/wp-content\/uploads\/2024\/11\/Carrelage-design-contemporain-pour-sol-mur-Presentina-Crete-proche-de-Castelnau-le-Lez-34-150x150.jpeg\" data-width=\"150\" data-height=\"150\" aria-label=\"\" role=\"img\" ><\/div>\n\t\t\t\t\t\t\t\t\t\t\t<div class=\"elementor-gallery-item__overlay\"><\/div>\n\t\t\t\t\t\t\t\t\t\t\t\t\t\t<\/a>\n\t\t\t\t\t\t\t<a class=\"e-gallery-item elementor-gallery-item elementor-animated-content\" href=\"https:\/\/www.portovenere.fr\/fr-fr\/wp-content\/uploads\/2024\/11\/Carrelage-design-contemporain-pour-sol-mur-Presentina-Clair-proche-de-Sete-34.jpeg\" data-elementor-open-lightbox=\"yes\" data-elementor-lightbox-slideshow=\"f27fc15\" data-elementor-lightbox-title=\"Carrelage design contemporain pour sol mur Presentina Clair proche de S\u00e8te 34\" data-e-action-hash=\"#elementor-action%3Aaction%3Dlightbox%26settings%3DeyJpZCI6NTUzMTQsInVybCI6Imh0dHBzOlwvXC93d3cucG9ydG92ZW5lcmUuZnJcL2ZyLWZyXC93cC1jb250ZW50XC91cGxvYWRzXC8yMDI0XC8xMVwvQ2FycmVsYWdlLWRlc2lnbi1jb250ZW1wb3JhaW4tcG91ci1zb2wtbXVyLVByZXNlbnRpbmEtQ2xhaXItcHJvY2hlLWRlLVNldGUtMzQuanBlZyIsInNsaWRlc2hvdyI6ImYyN2ZjMTUifQ%3D%3D\">\n\t\t\t\t\t<div class=\"e-gallery-image elementor-gallery-item__image\" data-thumbnail=\"https:\/\/www.portovenere.fr\/fr-fr\/wp-content\/uploads\/2024\/11\/Carrelage-design-contemporain-pour-sol-mur-Presentina-Clair-proche-de-Sete-34-150x150.jpeg\" data-width=\"150\" data-height=\"150\" aria-label=\"\" role=\"img\" ><\/div>\n\t\t\t\t\t\t\t\t\t\t\t<div class=\"elementor-gallery-item__overlay\"><\/div>\n\t\t\t\t\t\t\t\t\t\t\t\t\t\t<\/a>\n\t\t\t\t\t\t\t<a class=\"e-gallery-item elementor-gallery-item elementor-animated-content\" href=\"https:\/\/www.portovenere.fr\/fr-fr\/wp-content\/uploads\/2024\/11\/Carrelage-design-contemporain-pour-sol-mur-Presentina-Beige-a-Lattes-34.jpeg\" data-elementor-open-lightbox=\"yes\" data-elementor-lightbox-slideshow=\"f27fc15\" data-elementor-lightbox-title=\"Carrelage design contemporain pour sol mur Presentina Beige \u00e0 Lattes 34\" data-e-action-hash=\"#elementor-action%3Aaction%3Dlightbox%26settings%3DeyJpZCI6NTUzMTMsInVybCI6Imh0dHBzOlwvXC93d3cucG9ydG92ZW5lcmUuZnJcL2ZyLWZyXC93cC1jb250ZW50XC91cGxvYWRzXC8yMDI0XC8xMVwvQ2FycmVsYWdlLWRlc2lnbi1jb250ZW1wb3JhaW4tcG91ci1zb2wtbXVyLVByZXNlbnRpbmEtQmVpZ2UtYS1MYXR0ZXMtMzQuanBlZyIsInNsaWRlc2hvdyI6ImYyN2ZjMTUifQ%3D%3D\">\n\t\t\t\t\t<div class=\"e-gallery-image elementor-gallery-item__image\" data-thumbnail=\"https:\/\/www.portovenere.fr\/fr-fr\/wp-content\/uploads\/2024\/11\/Carrelage-design-contemporain-pour-sol-mur-Presentina-Beige-a-Lattes-34-150x150.jpeg\" data-width=\"150\" data-height=\"150\" aria-label=\"\" role=\"img\" ><\/div>\n\t\t\t\t\t\t\t\t\t\t\t<div class=\"elementor-gallery-item__overlay\"><\/div>\n\t\t\t\t\t\t\t\t\t\t\t\t\t\t<\/a>\n\t\t\t\t\t\t\t<a class=\"e-gallery-item elementor-gallery-item elementor-animated-content\" href=\"https:\/\/www.portovenere.fr\/fr-fr\/wp-content\/uploads\/2024\/11\/Carrelage-ceramique-decor-mural-design-Presentina-Trait-60x120-cm-finition-Perle-naturel-mat-pres-de-Sete-34.jpg\" data-elementor-open-lightbox=\"yes\" data-elementor-lightbox-slideshow=\"f27fc15\" data-elementor-lightbox-title=\"Carrelage-c\u00e9ramique-d\u00e9cor-mural-design-Presentina-Trait-60x120-cm-finition-Perle-naturel-mat-pr\u00e8s-de-S\u00e8te-34\" data-e-action-hash=\"#elementor-action%3Aaction%3Dlightbox%26settings%3DeyJpZCI6NTUzNTcsInVybCI6Imh0dHBzOlwvXC93d3cucG9ydG92ZW5lcmUuZnJcL2ZyLWZyXC93cC1jb250ZW50XC91cGxvYWRzXC8yMDI0XC8xMVwvQ2FycmVsYWdlLWNlcmFtaXF1ZS1kZWNvci1tdXJhbC1kZXNpZ24tUHJlc2VudGluYS1UcmFpdC02MHgxMjAtY20tZmluaXRpb24tUGVybGUtbmF0dXJlbC1tYXQtcHJlcy1kZS1TZXRlLTM0LmpwZyIsInNsaWRlc2hvdyI6ImYyN2ZjMTUifQ%3D%3D\">\n\t\t\t\t\t<div class=\"e-gallery-image elementor-gallery-item__image\" data-thumbnail=\"https:\/\/www.portovenere.fr\/fr-fr\/wp-content\/uploads\/2024\/11\/Carrelage-ceramique-decor-mural-design-Presentina-Trait-60x120-cm-finition-Perle-naturel-mat-pres-de-Sete-34-150x150.jpg\" data-width=\"150\" data-height=\"150\" aria-label=\"\" role=\"img\" ><\/div>\n\t\t\t\t\t\t\t\t\t\t\t<div class=\"elementor-gallery-item__overlay\"><\/div>\n\t\t\t\t\t\t\t\t\t\t\t\t\t\t<\/a>\n\t\t\t\t\t\t\t<a class=\"e-gallery-item elementor-gallery-item elementor-animated-content\" href=\"https:\/\/www.portovenere.fr\/fr-fr\/wp-content\/uploads\/2024\/11\/Carrelage-ceramique-decor-mural-blanc-gris-Presentina-Plick-60x120-cm-finition-lappato-brillant-pres-de-Saint-Aunes-34.jpg\" data-elementor-open-lightbox=\"yes\" data-elementor-lightbox-slideshow=\"f27fc15\" data-elementor-lightbox-title=\"Carrelage-c\u00e9ramique-d\u00e9cor-mural-blanc-gris-Presentina-Plick-60x120-cm-finition-lappato-brillant-pr\u00e8s-de-Saint-Aun\u00e8s-34\" data-e-action-hash=\"#elementor-action%3Aaction%3Dlightbox%26settings%3DeyJpZCI6NTUzNTMsInVybCI6Imh0dHBzOlwvXC93d3cucG9ydG92ZW5lcmUuZnJcL2ZyLWZyXC93cC1jb250ZW50XC91cGxvYWRzXC8yMDI0XC8xMVwvQ2FycmVsYWdlLWNlcmFtaXF1ZS1kZWNvci1tdXJhbC1ibGFuYy1ncmlzLVByZXNlbnRpbmEtUGxpY2stNjB4MTIwLWNtLWZpbml0aW9uLWxhcHBhdG8tYnJpbGxhbnQtcHJlcy1kZS1TYWludC1BdW5lcy0zNC5qcGciLCJzbGlkZXNob3ciOiJmMjdmYzE1In0%3D\">\n\t\t\t\t\t<div class=\"e-gallery-image elementor-gallery-item__image\" data-thumbnail=\"https:\/\/www.portovenere.fr\/fr-fr\/wp-content\/uploads\/2024\/11\/Carrelage-ceramique-decor-mural-blanc-gris-Presentina-Plick-60x120-cm-finition-lappato-brillant-pres-de-Saint-Aunes-34-150x150.jpg\" data-width=\"150\" data-height=\"150\" aria-label=\"\" role=\"img\" ><\/div>\n\t\t\t\t\t\t\t\t\t\t\t<div class=\"elementor-gallery-item__overlay\"><\/div>\n\t\t\t\t\t\t\t\t\t\t\t\t\t\t<\/a>\n\t\t\t\t\t<\/div>\n\t\t\t\t\t<\/div>\n\t\t\t\t<\/div>\n\t\t\t\t<div class=\"elementor-element elementor-element-4d645a0 elementor-widget elementor-widget-text-editor\" data-id=\"4d645a0\" data-element_type=\"widget\" data-e-type=\"widget\" data-widget_type=\"text-editor.default\">\n\t\t\t\t<div class=\"elementor-widget-container\">\n\t\t\t\t\t\t\t\t\t<p>La collection de carrelage contemporain en gr\u00e8s c\u00e9rame PRESENTINA reprend l\u2019esprit naturel de la pierre qu\u2019elle d\u00e9cline dans<b>\u00a05 couleurs \u00e0 l\u2019esprit \u00ab\u00a0nature : Clair, Beige, Perle, Toffee et Crete.<\/b><\/p><p>En s\u2019inspirant des structures s\u00e9dimentaires du calcaire, la collection Presentina propose un\u00a0<b>gr\u00e8s c\u00e9rame qui recr\u00e9e fid\u00e8lement les textures granuleuses<\/b>\u00a0et les micro-fossiles caract\u00e9ristiques de cette roche, offrant ainsi une exp\u00e9rience tactile et visuelle authentique.<\/p><p>Propos\u00e9e dans 1 <b>format xxl fine \u00e9paisseur 6mm <\/b>de <b>120&#215;278 cm<\/b> et 6 formats (\u00e9paisseur 9mm) :\u00a0<b>90 x 180 cm,<\/b>\u00a0<b>120 x 120 cm<\/b>,\u00a0<b>60 x 120 cm, 90 x 90 cm, 60 x 60 cm et 30 x 60 cm,\u00a0<\/b>cette collection de gr\u00e8s c\u00e9rame est disponible en finition naturelle mate, en finition Lappato (brillant) et en finition antid\u00e9rapante pour l\u2019ext\u00e9rieur.<\/p><p>Des dalles antid\u00e9rapantes en 20 mm au format 60 x 120 cm offrent la possibilit\u00e9 d\u2019avoir des dalles sur plots en terrasse ou tour de piscine par exemple.<\/p><p>De\u00a0<b>nombreux d\u00e9cors et mosa\u00efques<\/b>\u00a0compl\u00e8tent cette collection effet pierre : carreaux effet stri\u00e9, carreau cr\u00e9dence murale bords arrondis, mosa\u00efques, chevrons\u2026<\/p><p>R\u00e9alisez de merveilleux projets avec un carrelage int\u00e9rieur qui offre une continuit\u00e9 vers l\u2019ext\u00e9rieur. Ce carrelage se pose au sol et au mur.\u00a0<\/p>\t\t\t\t\t\t\t\t<\/div>\n\t\t\t\t<\/div>\n\t\t\t\t<div class=\"elementor-element elementor-element-ddd18d0 elementor-mobile-align-center elementor-widget elementor-widget-button\" data-id=\"ddd18d0\" data-element_type=\"widget\" data-e-type=\"widget\" data-widget_type=\"button.default\">\n\t\t\t\t<div class=\"elementor-widget-container\">\n\t\t\t\t\t\t\t\t\t<div class=\"elementor-button-wrapper\">\n\t\t\t\t\t<a class=\"elementor-button elementor-button-link elementor-size-sm\" href=\"https:\/\/www.portovenere.fr\/fr-fr\/carrelage-sol-et-mur-en-gres-cerame-et-faience\/carrelage-aspect-pierre\/carrelage-contemporain-grand-format-presentina\/\">\n\t\t\t\t\t\t<span class=\"elementor-button-content-wrapper\">\n\t\t\t\t\t\t\t\t\t<span class=\"elementor-button-text\">Voir la collection<\/span>\n\t\t\t\t\t<\/span>\n\t\t\t\t\t<\/a>\n\t\t\t\t<\/div>\n\t\t\t\t\t\t\t\t<\/div>\n\t\t\t\t<\/div>\n\t\t\t\t<div class=\"elementor-element elementor-element-d4cd2c6 elementor-widget elementor-widget-spacer\" data-id=\"d4cd2c6\" data-element_type=\"widget\" data-e-type=\"widget\" data-widget_type=\"spacer.default\">\n\t\t\t\t<div class=\"elementor-widget-container\">\n\t\t\t\t\t\t\t<div class=\"elementor-spacer\">\n\t\t\t<div class=\"elementor-spacer-inner\"><\/div>\n\t\t<\/div>\n\t\t\t\t\t\t<\/div>\n\t\t\t\t<\/div>\n\t\t\t\t\t<\/div>\n\t\t<\/div>\n\t\t\t\t<div class=\"elementor-column elementor-col-33 elementor-top-column elementor-element elementor-element-a9dee56 elementor-invisible\" data-id=\"a9dee56\" data-element_type=\"column\" data-e-type=\"column\" data-settings=\"{&quot;animation&quot;:&quot;fadeIn&quot;,&quot;background_background&quot;:&quot;classic&quot;}\">\n\t\t\t<div class=\"elementor-widget-wrap elementor-element-populated\">\n\t\t\t\t\t\t<div class=\"elementor-element elementor-element-751a68c elementor-widget elementor-widget-heading\" data-id=\"751a68c\" data-element_type=\"widget\" data-e-type=\"widget\" data-widget_type=\"heading.default\">\n\t\t\t\t<div class=\"elementor-widget-container\">\n\t\t\t\t\t<h3 class=\"elementor-heading-title elementor-size-default\"><a href=\"https:\/\/www.portovenere.fr\/fr-fr\/carrelage-sol-et-mur-en-gres-cerame-et-faience\/carrelage-aspect-pierre\/carrelage-imitation-ardoise-elios\/\">ELIOS<\/a><\/h3>\t\t\t\t<\/div>\n\t\t\t\t<\/div>\n\t\t\t\t<div class=\"elementor-element elementor-element-ff724bb elementor-widget elementor-widget-image\" data-id=\"ff724bb\" data-element_type=\"widget\" data-e-type=\"widget\" data-widget_type=\"image.default\">\n\t\t\t\t<div class=\"elementor-widget-container\">\n\t\t\t\t\t\t\t\t\t\t\t\t\t\t\t\t<a href=\"https:\/\/www.portovenere.fr\/fr-fr\/carrelage-sol-et-mur-en-gres-cerame-et-faience\/carrelage-aspect-pierre\/carrelage-imitation-ardoise-elios\/\">\n\t\t\t\t\t\t\t<img decoding=\"async\" src=\"https:\/\/www.portovenere.fr\/fr-fr\/wp-content\/uploads\/elementor\/thumbs\/Carrelage-clair-effet-pierre-ardoise-ELIOS-coloris-Lithos-pour-interieur-exterieur-proche-de-Lunel-34-r8ifmb1r0valwhhacn5dmz0d70uewud7duuwfpzo0s.jpg\" title=\"Carrelage-clair-effet-pierre-ardoise-ELIOS-coloris-Lithos-pour-int\u00e9rieur-ext\u00e9rieur-proche-de-Lunel-34\" alt=\"Coloris Lithos\" loading=\"lazy\" \/>\t\t\t\t\t\t\t\t<\/a>\n\t\t\t\t\t\t\t\t\t\t\t\t\t\t\t<\/div>\n\t\t\t\t<\/div>\n\t\t\t\t<div class=\"elementor-element elementor-element-c499878 elementor-widget elementor-widget-text-editor\" data-id=\"c499878\" data-element_type=\"widget\" data-e-type=\"widget\" data-widget_type=\"text-editor.default\">\n\t\t\t\t<div class=\"elementor-widget-container\">\n\t\t\t\t\t\t\t\t\t<p><strong>5 coloris<\/strong><\/p>\t\t\t\t\t\t\t\t<\/div>\n\t\t\t\t<\/div>\n\t\t\t\t<div class=\"elementor-element elementor-element-e14eb1b elementor-widget elementor-widget-gallery\" data-id=\"e14eb1b\" data-element_type=\"widget\" data-e-type=\"widget\" data-settings=\"{&quot;columns&quot;:6,&quot;columns_tablet&quot;:4,&quot;columns_mobile&quot;:4,&quot;aspect_ratio&quot;:&quot;1:1&quot;,&quot;lazyload&quot;:&quot;yes&quot;,&quot;gallery_layout&quot;:&quot;grid&quot;,&quot;gap&quot;:{&quot;unit&quot;:&quot;px&quot;,&quot;size&quot;:10,&quot;sizes&quot;:[]},&quot;gap_tablet&quot;:{&quot;unit&quot;:&quot;px&quot;,&quot;size&quot;:10,&quot;sizes&quot;:[]},&quot;gap_mobile&quot;:{&quot;unit&quot;:&quot;px&quot;,&quot;size&quot;:10,&quot;sizes&quot;:[]},&quot;link_to&quot;:&quot;file&quot;,&quot;overlay_background&quot;:&quot;yes&quot;,&quot;content_hover_animation&quot;:&quot;fade-in&quot;}\" data-widget_type=\"gallery.default\">\n\t\t\t\t<div class=\"elementor-widget-container\">\n\t\t\t\t\t\t\t<div class=\"elementor-gallery__container\">\n\t\t\t\t\t\t\t<a class=\"e-gallery-item elementor-gallery-item elementor-animated-content\" href=\"https:\/\/www.portovenere.fr\/fr-fr\/wp-content\/uploads\/2024\/10\/Carrelage-aspect-ardoise-interieur-exterieur-ELIOS-coloris-Litos-pres-de-Castelnau-le-lez-34.jpg\" data-elementor-open-lightbox=\"yes\" data-elementor-lightbox-slideshow=\"e14eb1b\" data-elementor-lightbox-title=\"Carrelage aspect ardoise int\u00e9rieur ext\u00e9rieur ELIOS coloris Litos pr\u00e8s de Castelnau le lez 34\" data-e-action-hash=\"#elementor-action%3Aaction%3Dlightbox%26settings%3DeyJpZCI6NTQ3MTAsInVybCI6Imh0dHBzOlwvXC93d3cucG9ydG92ZW5lcmUuZnJcL2ZyLWZyXC93cC1jb250ZW50XC91cGxvYWRzXC8yMDI0XC8xMFwvQ2FycmVsYWdlLWFzcGVjdC1hcmRvaXNlLWludGVyaWV1ci1leHRlcmlldXItRUxJT1MtY29sb3Jpcy1MaXRvcy1wcmVzLWRlLUNhc3RlbG5hdS1sZS1sZXotMzQuanBnIiwic2xpZGVzaG93IjoiZTE0ZWIxYiJ9\">\n\t\t\t\t\t<div class=\"e-gallery-image elementor-gallery-item__image\" data-thumbnail=\"https:\/\/www.portovenere.fr\/fr-fr\/wp-content\/uploads\/2024\/10\/Carrelage-aspect-ardoise-interieur-exterieur-ELIOS-coloris-Litos-pres-de-Castelnau-le-lez-34-150x150.jpg\" data-width=\"150\" data-height=\"150\" aria-label=\"\" role=\"img\" ><\/div>\n\t\t\t\t\t\t\t\t\t\t\t<div class=\"elementor-gallery-item__overlay\"><\/div>\n\t\t\t\t\t\t\t\t\t\t\t\t\t\t<\/a>\n\t\t\t\t\t\t\t<a class=\"e-gallery-item elementor-gallery-item elementor-animated-content\" href=\"https:\/\/www.portovenere.fr\/fr-fr\/wp-content\/uploads\/2024\/10\/Carrelage-aspect-ardoise-interieur-exterieur-ELIOS-coloris-Leucos-pres-de-Agde-34.jpg\" data-elementor-open-lightbox=\"yes\" data-elementor-lightbox-slideshow=\"e14eb1b\" data-elementor-lightbox-title=\"Carrelage aspect ardoise int\u00e9rieur ext\u00e9rieur ELIOS coloris Leucos pr\u00e8s de Agde 34\" data-e-action-hash=\"#elementor-action%3Aaction%3Dlightbox%26settings%3DeyJpZCI6NTQ3MDksInVybCI6Imh0dHBzOlwvXC93d3cucG9ydG92ZW5lcmUuZnJcL2ZyLWZyXC93cC1jb250ZW50XC91cGxvYWRzXC8yMDI0XC8xMFwvQ2FycmVsYWdlLWFzcGVjdC1hcmRvaXNlLWludGVyaWV1ci1leHRlcmlldXItRUxJT1MtY29sb3Jpcy1MZXVjb3MtcHJlcy1kZS1BZ2RlLTM0LmpwZyIsInNsaWRlc2hvdyI6ImUxNGViMWIifQ%3D%3D\">\n\t\t\t\t\t<div class=\"e-gallery-image elementor-gallery-item__image\" data-thumbnail=\"https:\/\/www.portovenere.fr\/fr-fr\/wp-content\/uploads\/2024\/10\/Carrelage-aspect-ardoise-interieur-exterieur-ELIOS-coloris-Leucos-pres-de-Agde-34-150x150.jpg\" data-width=\"150\" data-height=\"150\" aria-label=\"\" role=\"img\" ><\/div>\n\t\t\t\t\t\t\t\t\t\t\t<div class=\"elementor-gallery-item__overlay\"><\/div>\n\t\t\t\t\t\t\t\t\t\t\t\t\t\t<\/a>\n\t\t\t\t\t\t\t<a class=\"e-gallery-item elementor-gallery-item elementor-animated-content\" href=\"https:\/\/www.portovenere.fr\/fr-fr\/wp-content\/uploads\/2024\/10\/Carrelage-aspect-ardoise-interieur-exterieur-ELIOS-coloris-Geo-pres-de-Perols-34.jpg\" data-elementor-open-lightbox=\"yes\" data-elementor-lightbox-slideshow=\"e14eb1b\" data-elementor-lightbox-title=\"Carrelage aspect ardoise int\u00e9rieur ext\u00e9rieur ELIOS coloris Geo pr\u00e8s de Perols 34\" data-e-action-hash=\"#elementor-action%3Aaction%3Dlightbox%26settings%3DeyJpZCI6NTQ3MDgsInVybCI6Imh0dHBzOlwvXC93d3cucG9ydG92ZW5lcmUuZnJcL2ZyLWZyXC93cC1jb250ZW50XC91cGxvYWRzXC8yMDI0XC8xMFwvQ2FycmVsYWdlLWFzcGVjdC1hcmRvaXNlLWludGVyaWV1ci1leHRlcmlldXItRUxJT1MtY29sb3Jpcy1HZW8tcHJlcy1kZS1QZXJvbHMtMzQuanBnIiwic2xpZGVzaG93IjoiZTE0ZWIxYiJ9\">\n\t\t\t\t\t<div class=\"e-gallery-image elementor-gallery-item__image\" data-thumbnail=\"https:\/\/www.portovenere.fr\/fr-fr\/wp-content\/uploads\/2024\/10\/Carrelage-aspect-ardoise-interieur-exterieur-ELIOS-coloris-Geo-pres-de-Perols-34-150x150.jpg\" data-width=\"150\" data-height=\"150\" aria-label=\"\" role=\"img\" ><\/div>\n\t\t\t\t\t\t\t\t\t\t\t<div class=\"elementor-gallery-item__overlay\"><\/div>\n\t\t\t\t\t\t\t\t\t\t\t\t\t\t<\/a>\n\t\t\t\t\t\t\t<a class=\"e-gallery-item elementor-gallery-item elementor-animated-content\" href=\"https:\/\/www.portovenere.fr\/fr-fr\/wp-content\/uploads\/2024\/10\/Carrelage-aspect-ardoise-interieur-exterieur-ELIOS-coloris-Crono-a-Motnpellier-34.jpg\" data-elementor-open-lightbox=\"yes\" data-elementor-lightbox-slideshow=\"e14eb1b\" data-elementor-lightbox-title=\"Carrelage aspect ardoise int\u00e9rieur ext\u00e9rieur ELIOS coloris Crono \u00e0 Motnpellier 34\" data-e-action-hash=\"#elementor-action%3Aaction%3Dlightbox%26settings%3DeyJpZCI6NTQ3MDcsInVybCI6Imh0dHBzOlwvXC93d3cucG9ydG92ZW5lcmUuZnJcL2ZyLWZyXC93cC1jb250ZW50XC91cGxvYWRzXC8yMDI0XC8xMFwvQ2FycmVsYWdlLWFzcGVjdC1hcmRvaXNlLWludGVyaWV1ci1leHRlcmlldXItRUxJT1MtY29sb3Jpcy1Dcm9uby1hLU1vdG5wZWxsaWVyLTM0LmpwZyIsInNsaWRlc2hvdyI6ImUxNGViMWIifQ%3D%3D\">\n\t\t\t\t\t<div class=\"e-gallery-image elementor-gallery-item__image\" data-thumbnail=\"https:\/\/www.portovenere.fr\/fr-fr\/wp-content\/uploads\/2024\/10\/Carrelage-aspect-ardoise-interieur-exterieur-ELIOS-coloris-Crono-a-Motnpellier-34-150x150.jpg\" data-width=\"150\" data-height=\"150\" aria-label=\"\" role=\"img\" ><\/div>\n\t\t\t\t\t\t\t\t\t\t\t<div class=\"elementor-gallery-item__overlay\"><\/div>\n\t\t\t\t\t\t\t\t\t\t\t\t\t\t<\/a>\n\t\t\t\t\t\t\t<a class=\"e-gallery-item elementor-gallery-item elementor-animated-content\" href=\"https:\/\/www.portovenere.fr\/fr-fr\/wp-content\/uploads\/2024\/10\/Carrelage-aspect-ardoise-interieur-exterieur-ELIOS-coloris-Astra-pres-de-Sete-34.jpg\" data-elementor-open-lightbox=\"yes\" data-elementor-lightbox-slideshow=\"e14eb1b\" data-elementor-lightbox-title=\"Carrelage aspect ardoise int\u00e9rieur ext\u00e9rieur ELIOS coloris Astra pr\u00e8s de S\u00e8te 34\" data-e-action-hash=\"#elementor-action%3Aaction%3Dlightbox%26settings%3DeyJpZCI6NTQ3MDYsInVybCI6Imh0dHBzOlwvXC93d3cucG9ydG92ZW5lcmUuZnJcL2ZyLWZyXC93cC1jb250ZW50XC91cGxvYWRzXC8yMDI0XC8xMFwvQ2FycmVsYWdlLWFzcGVjdC1hcmRvaXNlLWludGVyaWV1ci1leHRlcmlldXItRUxJT1MtY29sb3Jpcy1Bc3RyYS1wcmVzLWRlLVNldGUtMzQuanBnIiwic2xpZGVzaG93IjoiZTE0ZWIxYiJ9\">\n\t\t\t\t\t<div class=\"e-gallery-image elementor-gallery-item__image\" data-thumbnail=\"https:\/\/www.portovenere.fr\/fr-fr\/wp-content\/uploads\/2024\/10\/Carrelage-aspect-ardoise-interieur-exterieur-ELIOS-coloris-Astra-pres-de-Sete-34-150x150.jpg\" data-width=\"150\" data-height=\"150\" aria-label=\"\" role=\"img\" ><\/div>\n\t\t\t\t\t\t\t\t\t\t\t<div class=\"elementor-gallery-item__overlay\"><\/div>\n\t\t\t\t\t\t\t\t\t\t\t\t\t\t<\/a>\n\t\t\t\t\t<\/div>\n\t\t\t\t\t<\/div>\n\t\t\t\t<\/div>\n\t\t\t\t<div class=\"elementor-element elementor-element-5482d68 elementor-widget elementor-widget-text-editor\" data-id=\"5482d68\" data-element_type=\"widget\" data-e-type=\"widget\" data-widget_type=\"text-editor.default\">\n\t\t\t\t<div class=\"elementor-widget-container\">\n\t\t\t\t\t\t\t\t\t<p>La collection de carrelage en gr\u00e8s c\u00e9rame ELIOS reprend l\u2019aspect de l\u2019ardoise qu\u2019elle d\u00e9cline dans<b>\u00a05 teintes du clair<\/b>\u00a0(Leucos et Astra) au\u00a0<b>plus fonc\u00e9\u00a0<\/b>(Crono) en passant par du<b>\u00a0gris<\/b>\u00a0(Geo et Lithos).<\/p><p>Propos\u00e9 dans 4 formats (\u00e9paisseur 9mm) :\u00a0<b>60 x 120 cm, 90 x 90 cm, 60 x 60 cm et 30 x 60 cm,\u00a0<\/b>cette collection de gr\u00e8s c\u00e9rame est disponible en finition naturelle R10 A+B, en finition antid\u00e9rapante R11 A+B+C.<\/p><p>Des dalles antid\u00e9rapantes en 20 mm au format 60 x 120 cm et format 60 x 60 cm compl\u00e8tent cette collection effet pierre naturelle. Les dalles se posent sur plots, en pose coll\u00e9e double encollage, pose sur gazon, sable et gravier.\u00a0<\/p><p>R\u00e9alisez de merveilleux projets avec un carrelage int\u00e9rieur qui offre une continuit\u00e9 vers l\u2019ext\u00e9rieur.\u00a0<\/p><p>Ce carrelage se pose au sol et au mur.\u00a0<\/p>\t\t\t\t\t\t\t\t<\/div>\n\t\t\t\t<\/div>\n\t\t\t\t<div class=\"elementor-element elementor-element-3d56819 elementor-mobile-align-center elementor-widget elementor-widget-button\" data-id=\"3d56819\" data-element_type=\"widget\" data-e-type=\"widget\" data-widget_type=\"button.default\">\n\t\t\t\t<div class=\"elementor-widget-container\">\n\t\t\t\t\t\t\t\t\t<div class=\"elementor-button-wrapper\">\n\t\t\t\t\t<a class=\"elementor-button elementor-button-link elementor-size-sm\" href=\"https:\/\/www.portovenere.fr\/fr-fr\/carrelage-sol-et-mur-en-gres-cerame-et-faience\/carrelage-aspect-pierre\/carrelage-imitation-ardoise-elios\/\">\n\t\t\t\t\t\t<span class=\"elementor-button-content-wrapper\">\n\t\t\t\t\t\t\t\t\t<span class=\"elementor-button-text\">Voir la collection<\/span>\n\t\t\t\t\t<\/span>\n\t\t\t\t\t<\/a>\n\t\t\t\t<\/div>\n\t\t\t\t\t\t\t\t<\/div>\n\t\t\t\t<\/div>\n\t\t\t\t<div class=\"elementor-element elementor-element-2932547 elementor-widget elementor-widget-spacer\" data-id=\"2932547\" data-element_type=\"widget\" data-e-type=\"widget\" data-widget_type=\"spacer.default\">\n\t\t\t\t<div class=\"elementor-widget-container\">\n\t\t\t\t\t\t\t<div class=\"elementor-spacer\">\n\t\t\t<div class=\"elementor-spacer-inner\"><\/div>\n\t\t<\/div>\n\t\t\t\t\t\t<\/div>\n\t\t\t\t<\/div>\n\t\t\t\t\t<\/div>\n\t\t<\/div>\n\t\t\t\t\t<\/div>\n\t\t<\/section>\n\t\t\t\t<section class=\"elementor-section elementor-top-section elementor-element elementor-element-f695f1a elementor-section-full_width elementor-section-height-default elementor-section-height-default elementor-invisible\" data-id=\"f695f1a\" data-element_type=\"section\" data-e-type=\"section\" data-settings=\"{&quot;animation&quot;:&quot;fadeIn&quot;}\">\n\t\t\t\t\t\t<div class=\"elementor-container elementor-column-gap-default\">\n\t\t\t\t\t<div class=\"elementor-column elementor-col-33 elementor-top-column elementor-element elementor-element-37048fe\" data-id=\"37048fe\" data-element_type=\"column\" data-e-type=\"column\" data-settings=\"{&quot;background_background&quot;:&quot;classic&quot;}\">\n\t\t\t<div class=\"elementor-widget-wrap elementor-element-populated\">\n\t\t\t\t\t\t<div class=\"elementor-element elementor-element-b1d894e elementor-widget elementor-widget-heading\" data-id=\"b1d894e\" data-element_type=\"widget\" data-e-type=\"widget\" data-widget_type=\"heading.default\">\n\t\t\t\t<div class=\"elementor-widget-container\">\n\t\t\t\t\t<h3 class=\"elementor-heading-title elementor-size-default\"><a href=\"https:\/\/www.portovenere.fr\/fr-fr\/carrelage-sol-et-mur-en-gres-cerame-et-faience\/carrelage-aspect-pierre\/carrelage-haut-de-gamme-pour-interieur-et-exterieur-purezza\/\">PUREZZA<\/a><\/h3>\t\t\t\t<\/div>\n\t\t\t\t<\/div>\n\t\t\t\t<div class=\"elementor-element elementor-element-bcf6848 elementor-widget elementor-widget-image\" data-id=\"bcf6848\" data-element_type=\"widget\" data-e-type=\"widget\" data-widget_type=\"image.default\">\n\t\t\t\t<div class=\"elementor-widget-container\">\n\t\t\t\t\t\t\t\t\t\t\t\t\t\t\t\t<a href=\"https:\/\/www.portovenere.fr\/fr-fr\/carrelage-sol-et-mur-en-gres-cerame-et-faience\/carrelage-aspect-pierre\/carrelage-haut-de-gamme-pour-interieur-et-exterieur-purezza\/\">\n\t\t\t\t\t\t\t<img decoding=\"async\" src=\"https:\/\/www.portovenere.fr\/fr-fr\/wp-content\/uploads\/elementor\/thumbs\/Carrelage-tour-de-piscine-antiderapant-effet-stuctrue-PUREZZA-Sand-sable-finition-Rolled-14-mm-gres-cerame-de-qualite-magasin-Porto-Venere-proche-de-Saint-Gely-du-Fesc-34-rezmoo2r8qx9sqmy0x6i57n009ahme6zrnwq65vrdo.jpg\" title=\"Carrelage-tour-de-piscine-antid\u00e9rapant-effet-stuctru\u00e9-PUREZZA-Sand-sable-finition-Rolled-14-mm-gr\u00e8s-c\u00e9rame-de-qualit\u00e9-magasin-Porto-Venere-proche-de-Saint-G\u00e9ly-du-Fesc-34\" alt=\"Sol finition Rolled 60x120 cm antid\u00e9rapant et fine \u00e9paisseur au mur 120x278 cm finition Chiseled\" loading=\"lazy\" \/>\t\t\t\t\t\t\t\t<\/a>\n\t\t\t\t\t\t\t\t\t\t\t\t\t\t\t<\/div>\n\t\t\t\t<\/div>\n\t\t\t\t<div class=\"elementor-element elementor-element-2399efd elementor-widget elementor-widget-text-editor\" data-id=\"2399efd\" data-element_type=\"widget\" data-e-type=\"widget\" data-widget_type=\"text-editor.default\">\n\t\t\t\t<div class=\"elementor-widget-container\">\n\t\t\t\t\t\t\t\t\t<p><strong>4 coloris et 5 finitions<\/strong><\/p>\t\t\t\t\t\t\t\t<\/div>\n\t\t\t\t<\/div>\n\t\t\t\t<div class=\"elementor-element elementor-element-4c6e938 elementor-widget elementor-widget-gallery\" data-id=\"4c6e938\" data-element_type=\"widget\" data-e-type=\"widget\" data-settings=\"{&quot;columns&quot;:6,&quot;columns_tablet&quot;:4,&quot;columns_mobile&quot;:4,&quot;aspect_ratio&quot;:&quot;1:1&quot;,&quot;lazyload&quot;:&quot;yes&quot;,&quot;gallery_layout&quot;:&quot;grid&quot;,&quot;gap&quot;:{&quot;unit&quot;:&quot;px&quot;,&quot;size&quot;:10,&quot;sizes&quot;:[]},&quot;gap_tablet&quot;:{&quot;unit&quot;:&quot;px&quot;,&quot;size&quot;:10,&quot;sizes&quot;:[]},&quot;gap_mobile&quot;:{&quot;unit&quot;:&quot;px&quot;,&quot;size&quot;:10,&quot;sizes&quot;:[]},&quot;link_to&quot;:&quot;file&quot;,&quot;overlay_background&quot;:&quot;yes&quot;,&quot;content_hover_animation&quot;:&quot;fade-in&quot;}\" data-widget_type=\"gallery.default\">\n\t\t\t\t<div class=\"elementor-widget-container\">\n\t\t\t\t\t\t\t<div class=\"elementor-gallery__container\">\n\t\t\t\t\t\t\t<a class=\"e-gallery-item elementor-gallery-item elementor-animated-content\" href=\"https:\/\/www.portovenere.fr\/fr-fr\/wp-content\/uploads\/2025\/11\/Carrelage-exterieur-et-interieur-pour-sol-et-mur-effet-pierre-PUREZZA-Sable-magasin-carrelages-Porto_Venere_Montpellier-proche-de-Palavas-34.jpg\" data-elementor-open-lightbox=\"yes\" data-elementor-lightbox-slideshow=\"4c6e938\" data-elementor-lightbox-title=\"Carrelage-ext\u00e9rieur-et-int\u00e9rieur-pour-sol-et-mur-effet-pierre-PUREZZA-Sable-magasin-carrelages-Porto_Venere_Montpellier-proche-de-Palavas-34\" data-e-action-hash=\"#elementor-action%3Aaction%3Dlightbox%26settings%3DeyJpZCI6Njc0MTcsInVybCI6Imh0dHBzOlwvXC93d3cucG9ydG92ZW5lcmUuZnJcL2ZyLWZyXC93cC1jb250ZW50XC91cGxvYWRzXC8yMDI1XC8xMVwvQ2FycmVsYWdlLWV4dGVyaWV1ci1ldC1pbnRlcmlldXItcG91ci1zb2wtZXQtbXVyLWVmZmV0LXBpZXJyZS1QVVJFWlpBLVNhYmxlLW1hZ2FzaW4tY2FycmVsYWdlcy1Qb3J0b19WZW5lcmVfTW9udHBlbGxpZXItcHJvY2hlLWRlLVBhbGF2YXMtMzQuanBnIiwic2xpZGVzaG93IjoiNGM2ZTkzOCJ9\">\n\t\t\t\t\t<div class=\"e-gallery-image elementor-gallery-item__image\" data-thumbnail=\"https:\/\/www.portovenere.fr\/fr-fr\/wp-content\/uploads\/2025\/11\/Carrelage-exterieur-et-interieur-pour-sol-et-mur-effet-pierre-PUREZZA-Sable-magasin-carrelages-Porto_Venere_Montpellier-proche-de-Palavas-34-150x150.jpg\" data-width=\"150\" data-height=\"150\" aria-label=\"Carrelage gr\u00e8s c\u00e9rame aspect pierre calcaire naturelle 4 coloris PUREZZA magasin de carrelages haut de gamme PORTO VENERE \u00e0 Montpellier\" role=\"img\" ><\/div>\n\t\t\t\t\t\t\t\t\t\t\t<div class=\"elementor-gallery-item__overlay\"><\/div>\n\t\t\t\t\t\t\t\t\t\t\t\t\t\t<\/a>\n\t\t\t\t\t\t\t<a class=\"e-gallery-item elementor-gallery-item elementor-animated-content\" href=\"https:\/\/www.portovenere.fr\/fr-fr\/wp-content\/uploads\/2025\/11\/Carrelage-exterieur-et-interieur-pour-sol-et-mur-effet-pierre-PUREZZA-Perle-magasin-carrelages-Porto_Venere_Montpellier-proche-de-Agde-34.jpg\" data-elementor-open-lightbox=\"yes\" data-elementor-lightbox-slideshow=\"4c6e938\" data-elementor-lightbox-title=\"Carrelage-ext\u00e9rieur-et-int\u00e9rieur-pour-sol-et-mur-effet-pierre-PUREZZA-Perle-magasin-carrelages-Porto_Venere_Montpellier-proche-de-Agde-34\" data-e-action-hash=\"#elementor-action%3Aaction%3Dlightbox%26settings%3DeyJpZCI6Njc0MTYsInVybCI6Imh0dHBzOlwvXC93d3cucG9ydG92ZW5lcmUuZnJcL2ZyLWZyXC93cC1jb250ZW50XC91cGxvYWRzXC8yMDI1XC8xMVwvQ2FycmVsYWdlLWV4dGVyaWV1ci1ldC1pbnRlcmlldXItcG91ci1zb2wtZXQtbXVyLWVmZmV0LXBpZXJyZS1QVVJFWlpBLVBlcmxlLW1hZ2FzaW4tY2FycmVsYWdlcy1Qb3J0b19WZW5lcmVfTW9udHBlbGxpZXItcHJvY2hlLWRlLUFnZGUtMzQuanBnIiwic2xpZGVzaG93IjoiNGM2ZTkzOCJ9\">\n\t\t\t\t\t<div class=\"e-gallery-image elementor-gallery-item__image\" data-thumbnail=\"https:\/\/www.portovenere.fr\/fr-fr\/wp-content\/uploads\/2025\/11\/Carrelage-exterieur-et-interieur-pour-sol-et-mur-effet-pierre-PUREZZA-Perle-magasin-carrelages-Porto_Venere_Montpellier-proche-de-Agde-34-150x150.jpg\" data-width=\"150\" data-height=\"150\" aria-label=\"Carrelage gr\u00e8s c\u00e9rame aspect pierre calcaire naturelle 4 coloris PUREZZA magasin de carrelages haut de gamme PORTO VENERE \u00e0 Montpellier\" role=\"img\" ><\/div>\n\t\t\t\t\t\t\t\t\t\t\t<div class=\"elementor-gallery-item__overlay\"><\/div>\n\t\t\t\t\t\t\t\t\t\t\t\t\t\t<\/a>\n\t\t\t\t\t\t\t<a class=\"e-gallery-item elementor-gallery-item elementor-animated-content\" href=\"https:\/\/www.portovenere.fr\/fr-fr\/wp-content\/uploads\/2025\/11\/Carrelage-exterieur-et-interieur-pour-sol-et-mur-effet-pierre-PUREZZA-Ivoire-magasin-carrelages-Porto_Venere_Montpellier-proche-de-Le-Grau-du-Roi-30.jpg\" data-elementor-open-lightbox=\"yes\" data-elementor-lightbox-slideshow=\"4c6e938\" data-elementor-lightbox-title=\"Carrelage-ext\u00e9rieur-et-int\u00e9rieur-pour-sol-et-mur-effet-pierre-PUREZZA-Ivoire-magasin-carrelages-Porto_Venere_Montpellier-proche-de-Le-Grau-du-Roi-30\" data-e-action-hash=\"#elementor-action%3Aaction%3Dlightbox%26settings%3DeyJpZCI6Njc0MTUsInVybCI6Imh0dHBzOlwvXC93d3cucG9ydG92ZW5lcmUuZnJcL2ZyLWZyXC93cC1jb250ZW50XC91cGxvYWRzXC8yMDI1XC8xMVwvQ2FycmVsYWdlLWV4dGVyaWV1ci1ldC1pbnRlcmlldXItcG91ci1zb2wtZXQtbXVyLWVmZmV0LXBpZXJyZS1QVVJFWlpBLUl2b2lyZS1tYWdhc2luLWNhcnJlbGFnZXMtUG9ydG9fVmVuZXJlX01vbnRwZWxsaWVyLXByb2NoZS1kZS1MZS1HcmF1LWR1LVJvaS0zMC5qcGciLCJzbGlkZXNob3ciOiI0YzZlOTM4In0%3D\">\n\t\t\t\t\t<div class=\"e-gallery-image elementor-gallery-item__image\" data-thumbnail=\"https:\/\/www.portovenere.fr\/fr-fr\/wp-content\/uploads\/2025\/11\/Carrelage-exterieur-et-interieur-pour-sol-et-mur-effet-pierre-PUREZZA-Ivoire-magasin-carrelages-Porto_Venere_Montpellier-proche-de-Le-Grau-du-Roi-30-150x150.jpg\" data-width=\"150\" data-height=\"150\" aria-label=\"Carrelage gr\u00e8s c\u00e9rame aspect pierre calcaire naturelle 4 coloris PUREZZA magasin de carrelages haut de gamme PORTO VENERE \u00e0 Montpellier\" role=\"img\" ><\/div>\n\t\t\t\t\t\t\t\t\t\t\t<div class=\"elementor-gallery-item__overlay\"><\/div>\n\t\t\t\t\t\t\t\t\t\t\t\t\t\t<\/a>\n\t\t\t\t\t\t\t<a class=\"e-gallery-item elementor-gallery-item elementor-animated-content\" href=\"https:\/\/www.portovenere.fr\/fr-fr\/wp-content\/uploads\/2025\/11\/Carrelage-exterieur-et-interieur-pour-sol-et-mur-effet-pierre-PUREZZA-Gris-magasin-carrelages-Porto_Venere_Montpellier-proche-de-Montferrier-sur-Lez-34.jpg\" data-elementor-open-lightbox=\"yes\" data-elementor-lightbox-slideshow=\"4c6e938\" data-elementor-lightbox-title=\"Carrelage-ext\u00e9rieur-et-int\u00e9rieur-pour-sol-et-mur-effet-pierre-PUREZZA-Gris-magasin-carrelages-Porto_Venere_Montpellier-proche-de-Montferrier-sur-Lez-34\" data-e-action-hash=\"#elementor-action%3Aaction%3Dlightbox%26settings%3DeyJpZCI6Njc0MTQsInVybCI6Imh0dHBzOlwvXC93d3cucG9ydG92ZW5lcmUuZnJcL2ZyLWZyXC93cC1jb250ZW50XC91cGxvYWRzXC8yMDI1XC8xMVwvQ2FycmVsYWdlLWV4dGVyaWV1ci1ldC1pbnRlcmlldXItcG91ci1zb2wtZXQtbXVyLWVmZmV0LXBpZXJyZS1QVVJFWlpBLUdyaXMtbWFnYXNpbi1jYXJyZWxhZ2VzLVBvcnRvX1ZlbmVyZV9Nb250cGVsbGllci1wcm9jaGUtZGUtTW9udGZlcnJpZXItc3VyLUxlei0zNC5qcGciLCJzbGlkZXNob3ciOiI0YzZlOTM4In0%3D\">\n\t\t\t\t\t<div class=\"e-gallery-image elementor-gallery-item__image\" data-thumbnail=\"https:\/\/www.portovenere.fr\/fr-fr\/wp-content\/uploads\/2025\/11\/Carrelage-exterieur-et-interieur-pour-sol-et-mur-effet-pierre-PUREZZA-Gris-magasin-carrelages-Porto_Venere_Montpellier-proche-de-Montferrier-sur-Lez-34-150x150.jpg\" data-width=\"150\" data-height=\"150\" aria-label=\"Carrelage gr\u00e8s c\u00e9rame aspect pierre calcaire naturelle 4 coloris PUREZZA magasin de carrelages haut de gamme PORTO VENERE \u00e0 Montpellier\" role=\"img\" ><\/div>\n\t\t\t\t\t\t\t\t\t\t\t<div class=\"elementor-gallery-item__overlay\"><\/div>\n\t\t\t\t\t\t\t\t\t\t\t\t\t\t<\/a>\n\t\t\t\t\t<\/div>\n\t\t\t\t\t<\/div>\n\t\t\t\t<\/div>\n\t\t\t\t<div class=\"elementor-element elementor-element-f3593f1 elementor-widget elementor-widget-text-editor\" data-id=\"f3593f1\" data-element_type=\"widget\" data-e-type=\"widget\" data-widget_type=\"text-editor.default\">\n\t\t\t\t<div class=\"elementor-widget-container\">\n\t\t\t\t\t\t\t\t\t<p>PUREZZA est une collection de <b>gr\u00e8s c\u00e9rame i<\/b>nspir\u00e9e de la puret\u00e9 de la <b>pierre calcaire.\u00a0<\/b><\/p><p>D\u00e9clin\u00e9e en trois \u00e9paisseurs (fine \u00e9paisseur Kerlite plus\u00a0<b>6.5 mm, <\/b>\u00e9paisseur renforc\u00e9e <b>14 mm, dalles 20 mm<\/b>), <b>six formats <\/b>et quatre coloris \u2014 <b>Grey, Ivory, Pearl, Sand<\/b> \u2014 elle s\u2019adapte \u00e0 tous les projets, du rev\u00eatement mural aux dallages ext\u00e9rieurs.\u00a0<\/p><p>Ses<b> cinq finitions <\/b>(Natural, Honed, Rolled, Hammered, Chiseled) offrent une grande vari\u00e9t\u00e9 de rendus, du plus lisse au plus textur\u00e9.\u00a0<\/p><p>R\u00e9sistante, durable et \u00e9l\u00e9gante, PUREZZA r\u00e9pond aux exigences des architectures contemporaines.<\/p>\t\t\t\t\t\t\t\t<\/div>\n\t\t\t\t<\/div>\n\t\t\t\t<div class=\"elementor-element elementor-element-b080d9d elementor-mobile-align-center elementor-widget elementor-widget-button\" data-id=\"b080d9d\" data-element_type=\"widget\" data-e-type=\"widget\" data-widget_type=\"button.default\">\n\t\t\t\t<div class=\"elementor-widget-container\">\n\t\t\t\t\t\t\t\t\t<div class=\"elementor-button-wrapper\">\n\t\t\t\t\t<a class=\"elementor-button elementor-button-link elementor-size-sm\" href=\"https:\/\/www.portovenere.fr\/fr-fr\/carrelage-sol-et-mur-en-gres-cerame-et-faience\/carrelage-aspect-pierre\/carrelage-haut-de-gamme-pour-interieur-et-exterieur-purezza\/\">\n\t\t\t\t\t\t<span class=\"elementor-button-content-wrapper\">\n\t\t\t\t\t\t\t\t\t<span class=\"elementor-button-text\">VOIR LA COLLECTION<\/span>\n\t\t\t\t\t<\/span>\n\t\t\t\t\t<\/a>\n\t\t\t\t<\/div>\n\t\t\t\t\t\t\t\t<\/div>\n\t\t\t\t<\/div>\n\t\t\t\t<div class=\"elementor-element elementor-element-81d42d4 elementor-widget elementor-widget-spacer\" data-id=\"81d42d4\" data-element_type=\"widget\" data-e-type=\"widget\" data-widget_type=\"spacer.default\">\n\t\t\t\t<div class=\"elementor-widget-container\">\n\t\t\t\t\t\t\t<div class=\"elementor-spacer\">\n\t\t\t<div class=\"elementor-spacer-inner\"><\/div>\n\t\t<\/div>\n\t\t\t\t\t\t<\/div>\n\t\t\t\t<\/div>\n\t\t\t\t\t<\/div>\n\t\t<\/div>\n\t\t\t\t<div class=\"elementor-column elementor-col-33 elementor-top-column elementor-element elementor-element-39927cd elementor-invisible\" data-id=\"39927cd\" data-element_type=\"column\" data-e-type=\"column\" data-settings=\"{&quot;animation&quot;:&quot;fadeIn&quot;,&quot;background_background&quot;:&quot;classic&quot;}\">\n\t\t\t<div class=\"elementor-widget-wrap elementor-element-populated\">\n\t\t\t\t\t\t<div class=\"elementor-element elementor-element-9d23242 elementor-widget elementor-widget-heading\" data-id=\"9d23242\" data-element_type=\"widget\" data-e-type=\"widget\" data-widget_type=\"heading.default\">\n\t\t\t\t<div class=\"elementor-widget-container\">\n\t\t\t\t\t<h3 class=\"elementor-heading-title elementor-size-default\"><a href=\"https:\/\/www.portovenere.fr\/fr-fr\/carrelage-sol-et-mur-en-gres-cerame-et-faience\/carrelage-aspect-pierre\/carrelage-contemporain-grand-format-presentina\/\">MANOTERRA<\/a><\/h3>\t\t\t\t<\/div>\n\t\t\t\t<\/div>\n\t\t\t\t<div class=\"elementor-element elementor-element-0b9d333 elementor-widget elementor-widget-image\" data-id=\"0b9d333\" data-element_type=\"widget\" data-e-type=\"widget\" data-widget_type=\"image.default\">\n\t\t\t\t<div class=\"elementor-widget-container\">\n\t\t\t\t\t\t\t\t\t\t\t\t\t\t\t\t<a href=\"https:\/\/www.portovenere.fr\/fr-fr\/carrelage-sol-et-mur-en-gres-cerame-et-faience\/carrelage-aspect-pierre\/carrelage-gres-cerame-esprit-argile-manoterra\/\">\n\t\t\t\t\t\t\t<img decoding=\"async\" src=\"https:\/\/www.portovenere.fr\/fr-fr\/wp-content\/uploads\/elementor\/thumbs\/Carrelage-imitation-argile-esprit-naturel-MANOTERRA-nombreux-coloris-et-finitions-interieur-exterieur-a-Montpellier-34-r8ifwr16yllawib5d5o5cc4qt5d8frtu5jt4eei6vw.jpg\" title=\"Carrelage-imitation-argile-esprit-naturel-MANOTERRA-nombreux-coloris-et-finitions-interieur-exterieur-\u00e0-Montpellier-34\" alt=\"Carrelage int\u00e9rieur ext\u00e9rieur imitation argile naturelle\" loading=\"lazy\" \/>\t\t\t\t\t\t\t\t<\/a>\n\t\t\t\t\t\t\t\t\t\t\t\t\t\t\t<\/div>\n\t\t\t\t<\/div>\n\t\t\t\t<div class=\"elementor-element elementor-element-55ad785 elementor-widget elementor-widget-text-editor\" data-id=\"55ad785\" data-element_type=\"widget\" data-e-type=\"widget\" data-widget_type=\"text-editor.default\">\n\t\t\t\t<div class=\"elementor-widget-container\">\n\t\t\t\t\t\t\t\t\t<p><strong>6 coloris et 4 finitions<\/strong><\/p>\t\t\t\t\t\t\t\t<\/div>\n\t\t\t\t<\/div>\n\t\t\t\t<div class=\"elementor-element elementor-element-6fbfe0e elementor-widget elementor-widget-gallery\" data-id=\"6fbfe0e\" data-element_type=\"widget\" data-e-type=\"widget\" data-settings=\"{&quot;columns&quot;:6,&quot;columns_tablet&quot;:4,&quot;columns_mobile&quot;:4,&quot;aspect_ratio&quot;:&quot;1:1&quot;,&quot;lazyload&quot;:&quot;yes&quot;,&quot;gallery_layout&quot;:&quot;grid&quot;,&quot;gap&quot;:{&quot;unit&quot;:&quot;px&quot;,&quot;size&quot;:10,&quot;sizes&quot;:[]},&quot;gap_tablet&quot;:{&quot;unit&quot;:&quot;px&quot;,&quot;size&quot;:10,&quot;sizes&quot;:[]},&quot;gap_mobile&quot;:{&quot;unit&quot;:&quot;px&quot;,&quot;size&quot;:10,&quot;sizes&quot;:[]},&quot;link_to&quot;:&quot;file&quot;,&quot;overlay_background&quot;:&quot;yes&quot;,&quot;content_hover_animation&quot;:&quot;fade-in&quot;}\" data-widget_type=\"gallery.default\">\n\t\t\t\t<div class=\"elementor-widget-container\">\n\t\t\t\t\t\t\t<div class=\"elementor-gallery__container\">\n\t\t\t\t\t\t\t<a class=\"e-gallery-item elementor-gallery-item elementor-animated-content\" href=\"https:\/\/www.portovenere.fr\/fr-fr\/wp-content\/uploads\/2025\/03\/Carrelage-gres-cerame-teintes-naturelles-et-argile-Manoterra-Sabbia-Naturel-magasin-Porto-Venere-a-Montpellier-34.jpg\" data-elementor-open-lightbox=\"yes\" data-elementor-lightbox-slideshow=\"6fbfe0e\" data-elementor-lightbox-title=\"Carrelage gr\u00e8s c\u00e9rame teintes naturelles et argile Manoterra Sabbia Naturel magasin Porto Venere \u00e0 Montpellier 34\" data-e-action-hash=\"#elementor-action%3Aaction%3Dlightbox%26settings%3DeyJpZCI6NTcyNjAsInVybCI6Imh0dHBzOlwvXC93d3cucG9ydG92ZW5lcmUuZnJcL2ZyLWZyXC93cC1jb250ZW50XC91cGxvYWRzXC8yMDI1XC8wM1wvQ2FycmVsYWdlLWdyZXMtY2VyYW1lLXRlaW50ZXMtbmF0dXJlbGxlcy1ldC1hcmdpbGUtTWFub3RlcnJhLVNhYmJpYS1OYXR1cmVsLW1hZ2FzaW4tUG9ydG8tVmVuZXJlLWEtTW9udHBlbGxpZXItMzQuanBnIiwic2xpZGVzaG93IjoiNmZiZmUwZSJ9\">\n\t\t\t\t\t<div class=\"e-gallery-image elementor-gallery-item__image\" data-thumbnail=\"https:\/\/www.portovenere.fr\/fr-fr\/wp-content\/uploads\/2025\/03\/Carrelage-gres-cerame-teintes-naturelles-et-argile-Manoterra-Sabbia-Naturel-magasin-Porto-Venere-a-Montpellier-34-150x150.jpg\" data-width=\"150\" data-height=\"150\" aria-label=\"\" role=\"img\" ><\/div>\n\t\t\t\t\t\t\t\t\t\t\t<div class=\"elementor-gallery-item__overlay\"><\/div>\n\t\t\t\t\t\t\t\t\t\t\t\t\t\t<\/a>\n\t\t\t\t\t\t\t<a class=\"e-gallery-item elementor-gallery-item elementor-animated-content\" href=\"https:\/\/www.portovenere.fr\/fr-fr\/wp-content\/uploads\/2025\/03\/Carrelage-gres-cerame-teintes-naturelles-et-argile-Manoterra-Rosato-naturel-magasin-Porto-Venere-Montpellier-proche-de-Mauguio-34.jpg\" data-elementor-open-lightbox=\"yes\" data-elementor-lightbox-slideshow=\"6fbfe0e\" data-elementor-lightbox-title=\"Carrelage gr\u00e8s c\u00e9rame teintes naturelles et argile Manoterra Rosato naturel magasin Porto Venere Montpellier proche de Mauguio 34\" data-e-action-hash=\"#elementor-action%3Aaction%3Dlightbox%26settings%3DeyJpZCI6NTcyNTcsInVybCI6Imh0dHBzOlwvXC93d3cucG9ydG92ZW5lcmUuZnJcL2ZyLWZyXC93cC1jb250ZW50XC91cGxvYWRzXC8yMDI1XC8wM1wvQ2FycmVsYWdlLWdyZXMtY2VyYW1lLXRlaW50ZXMtbmF0dXJlbGxlcy1ldC1hcmdpbGUtTWFub3RlcnJhLVJvc2F0by1uYXR1cmVsLW1hZ2FzaW4tUG9ydG8tVmVuZXJlLU1vbnRwZWxsaWVyLXByb2NoZS1kZS1NYXVndWlvLTM0LmpwZyIsInNsaWRlc2hvdyI6IjZmYmZlMGUifQ%3D%3D\">\n\t\t\t\t\t<div class=\"e-gallery-image elementor-gallery-item__image\" data-thumbnail=\"https:\/\/www.portovenere.fr\/fr-fr\/wp-content\/uploads\/2025\/03\/Carrelage-gres-cerame-teintes-naturelles-et-argile-Manoterra-Rosato-naturel-magasin-Porto-Venere-Montpellier-proche-de-Mauguio-34-150x150.jpg\" data-width=\"150\" data-height=\"150\" aria-label=\"\" role=\"img\" ><\/div>\n\t\t\t\t\t\t\t\t\t\t\t<div class=\"elementor-gallery-item__overlay\"><\/div>\n\t\t\t\t\t\t\t\t\t\t\t\t\t\t<\/a>\n\t\t\t\t\t\t\t<a class=\"e-gallery-item elementor-gallery-item elementor-animated-content\" href=\"https:\/\/www.portovenere.fr\/fr-fr\/wp-content\/uploads\/2025\/03\/Carrelage-gres-cerame-teintes-naturelles-et-argile-Manoterra-Mattone-Naturel-magasin-Porto-Venere-Montpellier-proche-de-Perols-34.jpg\" data-elementor-open-lightbox=\"yes\" data-elementor-lightbox-slideshow=\"6fbfe0e\" data-elementor-lightbox-title=\"Carrelage gr\u00e8s c\u00e9rame teintes naturelles et argile Manoterra Mattone Naturel magasin Porto Venere Montpellier proche de Perols 34\" data-e-action-hash=\"#elementor-action%3Aaction%3Dlightbox%26settings%3DeyJpZCI6NTcyNTQsInVybCI6Imh0dHBzOlwvXC93d3cucG9ydG92ZW5lcmUuZnJcL2ZyLWZyXC93cC1jb250ZW50XC91cGxvYWRzXC8yMDI1XC8wM1wvQ2FycmVsYWdlLWdyZXMtY2VyYW1lLXRlaW50ZXMtbmF0dXJlbGxlcy1ldC1hcmdpbGUtTWFub3RlcnJhLU1hdHRvbmUtTmF0dXJlbC1tYWdhc2luLVBvcnRvLVZlbmVyZS1Nb250cGVsbGllci1wcm9jaGUtZGUtUGVyb2xzLTM0LmpwZyIsInNsaWRlc2hvdyI6IjZmYmZlMGUifQ%3D%3D\">\n\t\t\t\t\t<div class=\"e-gallery-image elementor-gallery-item__image\" data-thumbnail=\"https:\/\/www.portovenere.fr\/fr-fr\/wp-content\/uploads\/2025\/03\/Carrelage-gres-cerame-teintes-naturelles-et-argile-Manoterra-Mattone-Naturel-magasin-Porto-Venere-Montpellier-proche-de-Perols-34-150x150.jpg\" data-width=\"150\" data-height=\"150\" aria-label=\"\" role=\"img\" ><\/div>\n\t\t\t\t\t\t\t\t\t\t\t<div class=\"elementor-gallery-item__overlay\"><\/div>\n\t\t\t\t\t\t\t\t\t\t\t\t\t\t<\/a>\n\t\t\t\t\t\t\t<a class=\"e-gallery-item elementor-gallery-item elementor-animated-content\" href=\"https:\/\/www.portovenere.fr\/fr-fr\/wp-content\/uploads\/2025\/03\/Carrelage-gres-cerame-teintes-naturelles-et-argile-Manoterra-Cottone-naturel-magasin-Porto-Venere-Montpellier-proche-de-Beziers-34-scaled.jpg\" data-elementor-open-lightbox=\"yes\" data-elementor-lightbox-slideshow=\"6fbfe0e\" data-elementor-lightbox-title=\"Carrelage gr\u00e8s c\u00e9rame teintes naturelles et argile Manoterra Cottone naturel magasin Porto Venere Montpellier proche de Beziers 34\" data-e-action-hash=\"#elementor-action%3Aaction%3Dlightbox%26settings%3DeyJpZCI6NTcyNTEsInVybCI6Imh0dHBzOlwvXC93d3cucG9ydG92ZW5lcmUuZnJcL2ZyLWZyXC93cC1jb250ZW50XC91cGxvYWRzXC8yMDI1XC8wM1wvQ2FycmVsYWdlLWdyZXMtY2VyYW1lLXRlaW50ZXMtbmF0dXJlbGxlcy1ldC1hcmdpbGUtTWFub3RlcnJhLUNvdHRvbmUtbmF0dXJlbC1tYWdhc2luLVBvcnRvLVZlbmVyZS1Nb250cGVsbGllci1wcm9jaGUtZGUtQmV6aWVycy0zNC1zY2FsZWQuanBnIiwic2xpZGVzaG93IjoiNmZiZmUwZSJ9\">\n\t\t\t\t\t<div class=\"e-gallery-image elementor-gallery-item__image\" data-thumbnail=\"https:\/\/www.portovenere.fr\/fr-fr\/wp-content\/uploads\/2025\/03\/Carrelage-gres-cerame-teintes-naturelles-et-argile-Manoterra-Cottone-naturel-magasin-Porto-Venere-Montpellier-proche-de-Beziers-34-150x150.jpg\" data-width=\"150\" data-height=\"150\" aria-label=\"\" role=\"img\" ><\/div>\n\t\t\t\t\t\t\t\t\t\t\t<div class=\"elementor-gallery-item__overlay\"><\/div>\n\t\t\t\t\t\t\t\t\t\t\t\t\t\t<\/a>\n\t\t\t\t\t\t\t<a class=\"e-gallery-item elementor-gallery-item elementor-animated-content\" href=\"https:\/\/www.portovenere.fr\/fr-fr\/wp-content\/uploads\/2025\/03\/Carrelage-gres-cerame-teintes-naturelles-et-argile-Manoterra-Amaranto-nature-magasin-Porto-Venere-Montpellier-proche-de-Jacou-34.jpg\" data-elementor-open-lightbox=\"yes\" data-elementor-lightbox-slideshow=\"6fbfe0e\" data-elementor-lightbox-title=\"Carrelage gr\u00e8s c\u00e9rame teintes naturelles et argile Manoterra Amaranto nature magasin Porto Venere Montpellier proche de Jacou 34\" data-e-action-hash=\"#elementor-action%3Aaction%3Dlightbox%26settings%3DeyJpZCI6NTcyNDcsInVybCI6Imh0dHBzOlwvXC93d3cucG9ydG92ZW5lcmUuZnJcL2ZyLWZyXC93cC1jb250ZW50XC91cGxvYWRzXC8yMDI1XC8wM1wvQ2FycmVsYWdlLWdyZXMtY2VyYW1lLXRlaW50ZXMtbmF0dXJlbGxlcy1ldC1hcmdpbGUtTWFub3RlcnJhLUFtYXJhbnRvLW5hdHVyZS1tYWdhc2luLVBvcnRvLVZlbmVyZS1Nb250cGVsbGllci1wcm9jaGUtZGUtSmFjb3UtMzQuanBnIiwic2xpZGVzaG93IjoiNmZiZmUwZSJ9\">\n\t\t\t\t\t<div class=\"e-gallery-image elementor-gallery-item__image\" data-thumbnail=\"https:\/\/www.portovenere.fr\/fr-fr\/wp-content\/uploads\/2025\/03\/Carrelage-gres-cerame-teintes-naturelles-et-argile-Manoterra-Amaranto-nature-magasin-Porto-Venere-Montpellier-proche-de-Jacou-34-150x150.jpg\" data-width=\"150\" data-height=\"150\" aria-label=\"\" role=\"img\" ><\/div>\n\t\t\t\t\t\t\t\t\t\t\t<div class=\"elementor-gallery-item__overlay\"><\/div>\n\t\t\t\t\t\t\t\t\t\t\t\t\t\t<\/a>\n\t\t\t\t\t\t\t<a class=\"e-gallery-item elementor-gallery-item elementor-animated-content\" href=\"https:\/\/www.portovenere.fr\/fr-fr\/wp-content\/uploads\/2025\/03\/Carrelage-gres-cerame-teintes-naturelles-et-argile-Manoterra-Sabbia-Rigatino-magasin-Porto-Venere-a-Montpellier-34.jpg\" data-elementor-open-lightbox=\"yes\" data-elementor-lightbox-slideshow=\"6fbfe0e\" data-elementor-lightbox-title=\"Carrelage gr\u00e8s c\u00e9rame teintes naturelles et argile Manoterra Sabbia Rigatino magasin Porto Venere \u00e0 Montpellier 34\" data-e-action-hash=\"#elementor-action%3Aaction%3Dlightbox%26settings%3DeyJpZCI6NTcyNjEsInVybCI6Imh0dHBzOlwvXC93d3cucG9ydG92ZW5lcmUuZnJcL2ZyLWZyXC93cC1jb250ZW50XC91cGxvYWRzXC8yMDI1XC8wM1wvQ2FycmVsYWdlLWdyZXMtY2VyYW1lLXRlaW50ZXMtbmF0dXJlbGxlcy1ldC1hcmdpbGUtTWFub3RlcnJhLVNhYmJpYS1SaWdhdGluby1tYWdhc2luLVBvcnRvLVZlbmVyZS1hLU1vbnRwZWxsaWVyLTM0LmpwZyIsInNsaWRlc2hvdyI6IjZmYmZlMGUifQ%3D%3D\">\n\t\t\t\t\t<div class=\"e-gallery-image elementor-gallery-item__image\" data-thumbnail=\"https:\/\/www.portovenere.fr\/fr-fr\/wp-content\/uploads\/2025\/03\/Carrelage-gres-cerame-teintes-naturelles-et-argile-Manoterra-Sabbia-Rigatino-magasin-Porto-Venere-a-Montpellier-34-150x150.jpg\" data-width=\"150\" data-height=\"150\" aria-label=\"\" role=\"img\" ><\/div>\n\t\t\t\t\t\t\t\t\t\t\t<div class=\"elementor-gallery-item__overlay\"><\/div>\n\t\t\t\t\t\t\t\t\t\t\t\t\t\t<\/a>\n\t\t\t\t\t\t\t<a class=\"e-gallery-item elementor-gallery-item elementor-animated-content\" href=\"https:\/\/www.portovenere.fr\/fr-fr\/wp-content\/uploads\/2025\/03\/Carrelage-gres-cerame-teintes-naturelles-et-argile-Manoterra-Rosato-Grana-magasin-Porto-Venere-Montpellier-proche-de-saussan-34.jpg\" data-elementor-open-lightbox=\"yes\" data-elementor-lightbox-slideshow=\"6fbfe0e\" data-elementor-lightbox-title=\"Carrelage gr\u00e8s c\u00e9rame teintes naturelles et argile Manoterra Rosato Grana magasin Porto Venere Montpellier proche de saussan 34\" data-e-action-hash=\"#elementor-action%3Aaction%3Dlightbox%26settings%3DeyJpZCI6NTcyNTYsInVybCI6Imh0dHBzOlwvXC93d3cucG9ydG92ZW5lcmUuZnJcL2ZyLWZyXC93cC1jb250ZW50XC91cGxvYWRzXC8yMDI1XC8wM1wvQ2FycmVsYWdlLWdyZXMtY2VyYW1lLXRlaW50ZXMtbmF0dXJlbGxlcy1ldC1hcmdpbGUtTWFub3RlcnJhLVJvc2F0by1HcmFuYS1tYWdhc2luLVBvcnRvLVZlbmVyZS1Nb250cGVsbGllci1wcm9jaGUtZGUtc2F1c3Nhbi0zNC5qcGciLCJzbGlkZXNob3ciOiI2ZmJmZTBlIn0%3D\">\n\t\t\t\t\t<div class=\"e-gallery-image elementor-gallery-item__image\" data-thumbnail=\"https:\/\/www.portovenere.fr\/fr-fr\/wp-content\/uploads\/2025\/03\/Carrelage-gres-cerame-teintes-naturelles-et-argile-Manoterra-Rosato-Grana-magasin-Porto-Venere-Montpellier-proche-de-saussan-34-150x150.jpg\" data-width=\"150\" data-height=\"150\" aria-label=\"\" role=\"img\" ><\/div>\n\t\t\t\t\t\t\t\t\t\t\t<div class=\"elementor-gallery-item__overlay\"><\/div>\n\t\t\t\t\t\t\t\t\t\t\t\t\t\t<\/a>\n\t\t\t\t\t\t\t<a class=\"e-gallery-item elementor-gallery-item elementor-animated-content\" href=\"https:\/\/www.portovenere.fr\/fr-fr\/wp-content\/uploads\/2025\/03\/Carrelage-gres-cerame-teintes-naturelles-et-argile-Manoterra-Mattone-Rigatino-magasin-Porto-Venere-Montpellier-proche-de-Lattes-34.jpg\" data-elementor-open-lightbox=\"yes\" data-elementor-lightbox-slideshow=\"6fbfe0e\" data-elementor-lightbox-title=\"Carrelage gr\u00e8s c\u00e9rame teintes naturelles et argile Manoterra Mattone Rigatino magasin Porto Venere Montpellier proche de Lattes 34\" data-e-action-hash=\"#elementor-action%3Aaction%3Dlightbox%26settings%3DeyJpZCI6NTcyNTUsInVybCI6Imh0dHBzOlwvXC93d3cucG9ydG92ZW5lcmUuZnJcL2ZyLWZyXC93cC1jb250ZW50XC91cGxvYWRzXC8yMDI1XC8wM1wvQ2FycmVsYWdlLWdyZXMtY2VyYW1lLXRlaW50ZXMtbmF0dXJlbGxlcy1ldC1hcmdpbGUtTWFub3RlcnJhLU1hdHRvbmUtUmlnYXRpbm8tbWFnYXNpbi1Qb3J0by1WZW5lcmUtTW9udHBlbGxpZXItcHJvY2hlLWRlLUxhdHRlcy0zNC5qcGciLCJzbGlkZXNob3ciOiI2ZmJmZTBlIn0%3D\">\n\t\t\t\t\t<div class=\"e-gallery-image elementor-gallery-item__image\" data-thumbnail=\"https:\/\/www.portovenere.fr\/fr-fr\/wp-content\/uploads\/2025\/03\/Carrelage-gres-cerame-teintes-naturelles-et-argile-Manoterra-Mattone-Rigatino-magasin-Porto-Venere-Montpellier-proche-de-Lattes-34-150x150.jpg\" data-width=\"150\" data-height=\"150\" aria-label=\"\" role=\"img\" ><\/div>\n\t\t\t\t\t\t\t\t\t\t\t<div class=\"elementor-gallery-item__overlay\"><\/div>\n\t\t\t\t\t\t\t\t\t\t\t\t\t\t<\/a>\n\t\t\t\t\t\t\t<a class=\"e-gallery-item elementor-gallery-item elementor-animated-content\" href=\"https:\/\/www.portovenere.fr\/fr-fr\/wp-content\/uploads\/2025\/03\/Carrelage-gres-cerame-teintes-naturelles-et-argile-Manoterra-Cottone-Grana-magasin-Porto-Venere-Montpellier-proche-de-Jacou-34.jpg\" data-elementor-open-lightbox=\"yes\" data-elementor-lightbox-slideshow=\"6fbfe0e\" data-elementor-lightbox-title=\"Carrelage gr\u00e8s c\u00e9rame teintes naturelles et argile Manoterra Cottone Grana magasin Porto Venere Montpellier proche de Jacou 34\" data-e-action-hash=\"#elementor-action%3Aaction%3Dlightbox%26settings%3DeyJpZCI6NTcyNTAsInVybCI6Imh0dHBzOlwvXC93d3cucG9ydG92ZW5lcmUuZnJcL2ZyLWZyXC93cC1jb250ZW50XC91cGxvYWRzXC8yMDI1XC8wM1wvQ2FycmVsYWdlLWdyZXMtY2VyYW1lLXRlaW50ZXMtbmF0dXJlbGxlcy1ldC1hcmdpbGUtTWFub3RlcnJhLUNvdHRvbmUtR3JhbmEtbWFnYXNpbi1Qb3J0by1WZW5lcmUtTW9udHBlbGxpZXItcHJvY2hlLWRlLUphY291LTM0LmpwZyIsInNsaWRlc2hvdyI6IjZmYmZlMGUifQ%3D%3D\">\n\t\t\t\t\t<div class=\"e-gallery-image elementor-gallery-item__image\" data-thumbnail=\"https:\/\/www.portovenere.fr\/fr-fr\/wp-content\/uploads\/2025\/03\/Carrelage-gres-cerame-teintes-naturelles-et-argile-Manoterra-Cottone-Grana-magasin-Porto-Venere-Montpellier-proche-de-Jacou-34-150x150.jpg\" data-width=\"150\" data-height=\"150\" aria-label=\"\" role=\"img\" ><\/div>\n\t\t\t\t\t\t\t\t\t\t\t<div class=\"elementor-gallery-item__overlay\"><\/div>\n\t\t\t\t\t\t\t\t\t\t\t\t\t\t<\/a>\n\t\t\t\t\t\t\t<a class=\"e-gallery-item elementor-gallery-item elementor-animated-content\" href=\"https:\/\/www.portovenere.fr\/fr-fr\/wp-content\/uploads\/2025\/03\/Carrelage-gres-cerame-teintes-naturelles-et-argile-Manoterra-Amaranto-Grana-magasin-Porto-Venere-Montpellier-proche-de-Perols-34.jpg\" data-elementor-open-lightbox=\"yes\" data-elementor-lightbox-slideshow=\"6fbfe0e\" data-elementor-lightbox-title=\"Carrelage gr\u00e8s c\u00e9rame teintes naturelles et argile Manoterra Amaranto Grana magasin Porto Venere Montpellier proche de Perols 34\" data-e-action-hash=\"#elementor-action%3Aaction%3Dlightbox%26settings%3DeyJpZCI6NTcyNDYsInVybCI6Imh0dHBzOlwvXC93d3cucG9ydG92ZW5lcmUuZnJcL2ZyLWZyXC93cC1jb250ZW50XC91cGxvYWRzXC8yMDI1XC8wM1wvQ2FycmVsYWdlLWdyZXMtY2VyYW1lLXRlaW50ZXMtbmF0dXJlbGxlcy1ldC1hcmdpbGUtTWFub3RlcnJhLUFtYXJhbnRvLUdyYW5hLW1hZ2FzaW4tUG9ydG8tVmVuZXJlLU1vbnRwZWxsaWVyLXByb2NoZS1kZS1QZXJvbHMtMzQuanBnIiwic2xpZGVzaG93IjoiNmZiZmUwZSJ9\">\n\t\t\t\t\t<div class=\"e-gallery-image elementor-gallery-item__image\" data-thumbnail=\"https:\/\/www.portovenere.fr\/fr-fr\/wp-content\/uploads\/2025\/03\/Carrelage-gres-cerame-teintes-naturelles-et-argile-Manoterra-Amaranto-Grana-magasin-Porto-Venere-Montpellier-proche-de-Perols-34-150x150.jpg\" data-width=\"150\" data-height=\"150\" aria-label=\"\" role=\"img\" ><\/div>\n\t\t\t\t\t\t\t\t\t\t\t<div class=\"elementor-gallery-item__overlay\"><\/div>\n\t\t\t\t\t\t\t\t\t\t\t\t\t\t<\/a>\n\t\t\t\t\t<\/div>\n\t\t\t\t\t<\/div>\n\t\t\t\t<\/div>\n\t\t\t\t<div class=\"elementor-element elementor-element-4a6cfa5 elementor-widget elementor-widget-text-editor\" data-id=\"4a6cfa5\" data-element_type=\"widget\" data-e-type=\"widget\" data-widget_type=\"text-editor.default\">\n\t\t\t\t<div class=\"elementor-widget-container\">\n\t\t\t\t\t\t\t\t\t<p data-sourcepos=\"5:1-5:46\">Le carrelage gr\u00e8s c\u00e9rame pour\u00a0<b>int\u00e9rieur et ext\u00e9rieur MANOTERRA<\/b>\u00a0s\u2019inspire \u00e0 merveille des<b>\u00a0teintes naturelles de la nature<\/b>\u00a0\u00e0 travers<b>\u00a06 coloris : Cottone, Sabbia, Mattone, Rosato, Amaranto et Carbone.<\/b><\/p><p data-sourcepos=\"5:1-5:46\">Ce carrelage esprit argile est\u00a0<b>d\u00e9clin\u00e9 en 4 identit\u00e9s\u00a0<\/b>visuelles :\u00a0<b>Uni, Grana, Cannettato et Rigatino<\/b>, dans des<b>\u00a0finitions naturelles PTV<\/b>\u00a0et\u00a0<b>antid\u00e9rapantes PTV R11 pour l\u2019ext\u00e9rieur<\/b>.<\/p><p data-sourcepos=\"5:1-5:46\">Les\u00a0<b>2 d\u00e9cors pour sols<\/b>\u00a0<b>et\/ou murs\u00a0<\/b>Cannettato et Rigatino, compl\u00e8tent cette collection pour offrir un magnifique rendu dans votre projet d\u2019am\u00e9nagement.<\/p><p data-sourcepos=\"5:1-5:46\">Plusieurs formats propos\u00e9s pour cette collection de carrelage effet naturel argile :\u00a0<b>120\u00d7120 cm, 80x80cm, 60\u00d7120 cm, 60\u00d760 cm, 30x60cm, 20\u00d720 cm, 15\u00d730 cm mais aussi un maxi format 120\u00d7240 cm.\u00a0<\/b>De nombreuses possibilit\u00e9s de cr\u00e9ation s\u2019offrent \u00e0 vous gr\u00e2ce \u00e0 ses formats.<\/p>\t\t\t\t\t\t\t\t<\/div>\n\t\t\t\t<\/div>\n\t\t\t\t<div class=\"elementor-element elementor-element-321fba8 elementor-mobile-align-center elementor-widget elementor-widget-button\" data-id=\"321fba8\" data-element_type=\"widget\" data-e-type=\"widget\" data-widget_type=\"button.default\">\n\t\t\t\t<div class=\"elementor-widget-container\">\n\t\t\t\t\t\t\t\t\t<div class=\"elementor-button-wrapper\">\n\t\t\t\t\t<a class=\"elementor-button elementor-button-link elementor-size-sm\" href=\"https:\/\/www.portovenere.fr\/fr-fr\/carrelage-sol-et-mur-en-gres-cerame-et-faience\/carrelage-aspect-pierre\/carrelage-gres-cerame-esprit-argile-manoterra\/\">\n\t\t\t\t\t\t<span class=\"elementor-button-content-wrapper\">\n\t\t\t\t\t\t\t\t\t<span class=\"elementor-button-text\">Voir la collection<\/span>\n\t\t\t\t\t<\/span>\n\t\t\t\t\t<\/a>\n\t\t\t\t<\/div>\n\t\t\t\t\t\t\t\t<\/div>\n\t\t\t\t<\/div>\n\t\t\t\t<div class=\"elementor-element elementor-element-8d71b64 elementor-widget elementor-widget-spacer\" data-id=\"8d71b64\" data-element_type=\"widget\" data-e-type=\"widget\" data-widget_type=\"spacer.default\">\n\t\t\t\t<div class=\"elementor-widget-container\">\n\t\t\t\t\t\t\t<div class=\"elementor-spacer\">\n\t\t\t<div class=\"elementor-spacer-inner\"><\/div>\n\t\t<\/div>\n\t\t\t\t\t\t<\/div>\n\t\t\t\t<\/div>\n\t\t\t\t\t<\/div>\n\t\t<\/div>\n\t\t\t\t<div class=\"elementor-column elementor-col-33 elementor-top-column elementor-element elementor-element-aaebd39 elementor-invisible\" data-id=\"aaebd39\" data-element_type=\"column\" data-e-type=\"column\" data-settings=\"{&quot;animation&quot;:&quot;fadeIn&quot;,&quot;background_background&quot;:&quot;classic&quot;}\">\n\t\t\t<div class=\"elementor-widget-wrap elementor-element-populated\">\n\t\t\t\t\t\t<div class=\"elementor-element elementor-element-b463492 elementor-widget elementor-widget-heading\" data-id=\"b463492\" data-element_type=\"widget\" data-e-type=\"widget\" data-widget_type=\"heading.default\">\n\t\t\t\t<div class=\"elementor-widget-container\">\n\t\t\t\t\t<h3 class=\"elementor-heading-title elementor-size-default\"><a href=\"https:\/\/www.portovenere.fr\/fr-fr\/carrelage-sol-et-mur-en-gres-cerame-et-faience\/carrelage-aspect-pierre\/carrelage-gres-cerame-aspect-pierre-escali\/\">ESCALI<\/a><\/h3>\t\t\t\t<\/div>\n\t\t\t\t<\/div>\n\t\t\t\t<div class=\"elementor-element elementor-element-af0dd11 elementor-widget elementor-widget-image\" data-id=\"af0dd11\" data-element_type=\"widget\" data-e-type=\"widget\" data-widget_type=\"image.default\">\n\t\t\t\t<div class=\"elementor-widget-container\">\n\t\t\t\t\t\t\t\t\t\t\t\t\t\t\t\t<a href=\"https:\/\/www.portovenere.fr\/fr-fr\/carrelage-sol-et-mur-en-gres-cerame-et-faience\/carrelage-aspect-pierre\/carrelage-gres-cerame-aspect-pierre-escali\/\">\n\t\t\t\t\t\t\t<img decoding=\"async\" src=\"https:\/\/www.portovenere.fr\/fr-fr\/wp-content\/uploads\/elementor\/thumbs\/Carrelage-italien-60x120-cm-teinte-sable-en-gres-cerame-imitation-pierre-bon-rapport-qualite-prix-ESCALI-coloris-Sand-Magasin-Porto_Venere-pres-de-Mauguio-34-rcuw6s1p3rit6z5fj5qzz1mwmp50ip0xcetil183mk.jpg\" title=\"Carrelage-italien-60&#215;120-cm-teinte-sable-en-gr\u00e8s-c\u00e9rame-imitation-pierre-bon-rapport-qualit\u00e9-prix-ESCALI-coloris-Sand-Magasin-Porto_Venere-pr\u00e8s-de-Mauguio-34\" alt=\"Carrelage coloris sable Sand effet pierre sol et mur 60x120 cm ESCALI magasin PORTO VENERE \u00e0 Montpellier 34\" loading=\"lazy\" \/>\t\t\t\t\t\t\t\t<\/a>\n\t\t\t\t\t\t\t\t\t\t\t\t\t\t\t<\/div>\n\t\t\t\t<\/div>\n\t\t\t\t<div class=\"elementor-element elementor-element-703b8ad elementor-widget elementor-widget-text-editor\" data-id=\"703b8ad\" data-element_type=\"widget\" data-e-type=\"widget\" data-widget_type=\"text-editor.default\">\n\t\t\t\t<div class=\"elementor-widget-container\">\n\t\t\t\t\t\t\t\t\t<p><strong>4 coloris et d\u00e9cors<\/strong><\/p>\t\t\t\t\t\t\t\t<\/div>\n\t\t\t\t<\/div>\n\t\t\t\t<div class=\"elementor-element elementor-element-8d25086 elementor-widget elementor-widget-gallery\" data-id=\"8d25086\" data-element_type=\"widget\" data-e-type=\"widget\" data-settings=\"{&quot;columns&quot;:6,&quot;columns_tablet&quot;:4,&quot;columns_mobile&quot;:4,&quot;aspect_ratio&quot;:&quot;1:1&quot;,&quot;lazyload&quot;:&quot;yes&quot;,&quot;gallery_layout&quot;:&quot;grid&quot;,&quot;gap&quot;:{&quot;unit&quot;:&quot;px&quot;,&quot;size&quot;:10,&quot;sizes&quot;:[]},&quot;gap_tablet&quot;:{&quot;unit&quot;:&quot;px&quot;,&quot;size&quot;:10,&quot;sizes&quot;:[]},&quot;gap_mobile&quot;:{&quot;unit&quot;:&quot;px&quot;,&quot;size&quot;:10,&quot;sizes&quot;:[]},&quot;link_to&quot;:&quot;file&quot;,&quot;overlay_background&quot;:&quot;yes&quot;,&quot;content_hover_animation&quot;:&quot;fade-in&quot;}\" data-widget_type=\"gallery.default\">\n\t\t\t\t<div class=\"elementor-widget-container\">\n\t\t\t\t\t\t\t<div class=\"elementor-gallery__container\">\n\t\t\t\t\t\t\t<a class=\"e-gallery-item elementor-gallery-item elementor-animated-content\" href=\"https:\/\/www.portovenere.fr\/fr-fr\/wp-content\/uploads\/2025\/10\/Carrelage-clair-en-gres-cerame-imitation-pierre-ESCALI-coloris-Snow-exposition-Magasin-Porto_Venere_Montpellier-dans-lHerault.jpg\" data-elementor-open-lightbox=\"yes\" data-elementor-lightbox-slideshow=\"8d25086\" data-elementor-lightbox-title=\"Carrelage-clair-en-gr\u00e8s-c\u00e9rame-imitation-pierre-ESCALI-coloris-Snow-exposition-Magasin-Porto_Venere_Montpellier-dans-l&#039;H\u00e9rault\" data-e-action-hash=\"#elementor-action%3Aaction%3Dlightbox%26settings%3DeyJpZCI6NjU4MzIsInVybCI6Imh0dHBzOlwvXC93d3cucG9ydG92ZW5lcmUuZnJcL2ZyLWZyXC93cC1jb250ZW50XC91cGxvYWRzXC8yMDI1XC8xMFwvQ2FycmVsYWdlLWNsYWlyLWVuLWdyZXMtY2VyYW1lLWltaXRhdGlvbi1waWVycmUtRVNDQUxJLWNvbG9yaXMtU25vdy1leHBvc2l0aW9uLU1hZ2FzaW4tUG9ydG9fVmVuZXJlX01vbnRwZWxsaWVyLWRhbnMtbEhlcmF1bHQuanBnIiwic2xpZGVzaG93IjoiOGQyNTA4NiJ9\">\n\t\t\t\t\t<div class=\"e-gallery-image elementor-gallery-item__image\" data-thumbnail=\"https:\/\/www.portovenere.fr\/fr-fr\/wp-content\/uploads\/2025\/10\/Carrelage-clair-en-gres-cerame-imitation-pierre-ESCALI-coloris-Snow-exposition-Magasin-Porto_Venere_Montpellier-dans-lHerault-150x150.jpg\" data-width=\"150\" data-height=\"150\" aria-label=\"Carrelage effet pierre bon rapport qualit\u00e9 prix effet pierre ESCALI magasin PORTO VENERE \u00e0 Montpellier 34\" role=\"img\" ><\/div>\n\t\t\t\t\t\t\t\t\t\t\t<div class=\"elementor-gallery-item__overlay\"><\/div>\n\t\t\t\t\t\t\t\t\t\t\t\t\t\t<\/a>\n\t\t\t\t\t\t\t<a class=\"e-gallery-item elementor-gallery-item elementor-animated-content\" href=\"https:\/\/www.portovenere.fr\/fr-fr\/wp-content\/uploads\/2025\/10\/Carrelage-gris-clair-en-gres-cerame-imitation-pierre-bon-rapport-qualite-prix-ESCALI-coloris-Smoke-Magasin-Porto_Venere_Montpellier-pres-de-Saint-jean-deVedas-34.jpg\" data-elementor-open-lightbox=\"yes\" data-elementor-lightbox-slideshow=\"8d25086\" data-elementor-lightbox-title=\"Carrelage-gris-clair-en-gr\u00e8s-c\u00e9rame-imitation-pierre-bon-rapport-qualit\u00e9-prix-ESCALI-coloris-Smoke-Magasin-Porto_Venere_Montpellier-pr\u00e8s-de-Saint-jean-deV\u00e9das-34\" data-e-action-hash=\"#elementor-action%3Aaction%3Dlightbox%26settings%3DeyJpZCI6NjU4MjIsInVybCI6Imh0dHBzOlwvXC93d3cucG9ydG92ZW5lcmUuZnJcL2ZyLWZyXC93cC1jb250ZW50XC91cGxvYWRzXC8yMDI1XC8xMFwvQ2FycmVsYWdlLWdyaXMtY2xhaXItZW4tZ3Jlcy1jZXJhbWUtaW1pdGF0aW9uLXBpZXJyZS1ib24tcmFwcG9ydC1xdWFsaXRlLXByaXgtRVNDQUxJLWNvbG9yaXMtU21va2UtTWFnYXNpbi1Qb3J0b19WZW5lcmVfTW9udHBlbGxpZXItcHJlcy1kZS1TYWludC1qZWFuLWRlVmVkYXMtMzQuanBnIiwic2xpZGVzaG93IjoiOGQyNTA4NiJ9\">\n\t\t\t\t\t<div class=\"e-gallery-image elementor-gallery-item__image\" data-thumbnail=\"https:\/\/www.portovenere.fr\/fr-fr\/wp-content\/uploads\/2025\/10\/Carrelage-gris-clair-en-gres-cerame-imitation-pierre-bon-rapport-qualite-prix-ESCALI-coloris-Smoke-Magasin-Porto_Venere_Montpellier-pres-de-Saint-jean-deVedas-34-150x150.jpg\" data-width=\"150\" data-height=\"150\" aria-label=\"Carrelage effet pierre bon rapport qualit\u00e9 prix effet pierre ESCALI magasin PORTO VENERE \u00e0 Montpellier 34\" role=\"img\" ><\/div>\n\t\t\t\t\t\t\t\t\t\t\t<div class=\"elementor-gallery-item__overlay\"><\/div>\n\t\t\t\t\t\t\t\t\t\t\t\t\t\t<\/a>\n\t\t\t\t\t\t\t<a class=\"e-gallery-item elementor-gallery-item elementor-animated-content\" href=\"https:\/\/www.portovenere.fr\/fr-fr\/wp-content\/uploads\/2025\/10\/Carrelage-gris-anthracite-en-gres-cerame-imitation-pierre-bon-rapport-qualite-prix-ESCALI-coloris-Charcoal-Magasin-Porto_Venere_Montpellier-pres-de-Perols-34.jpg\" data-elementor-open-lightbox=\"yes\" data-elementor-lightbox-slideshow=\"8d25086\" data-elementor-lightbox-title=\"Carrelage-gris-anthracite-en-gr\u00e8s-c\u00e9rame-imitation-pierre-bon-rapport-qualit\u00e9-prix-ESCALI-coloris-Charcoal-Magasin-Porto_Venere_Montpellier-pr\u00e8s-de-P\u00e9rols-34\" data-e-action-hash=\"#elementor-action%3Aaction%3Dlightbox%26settings%3DeyJpZCI6NjU4MjEsInVybCI6Imh0dHBzOlwvXC93d3cucG9ydG92ZW5lcmUuZnJcL2ZyLWZyXC93cC1jb250ZW50XC91cGxvYWRzXC8yMDI1XC8xMFwvQ2FycmVsYWdlLWdyaXMtYW50aHJhY2l0ZS1lbi1ncmVzLWNlcmFtZS1pbWl0YXRpb24tcGllcnJlLWJvbi1yYXBwb3J0LXF1YWxpdGUtcHJpeC1FU0NBTEktY29sb3Jpcy1DaGFyY29hbC1NYWdhc2luLVBvcnRvX1ZlbmVyZV9Nb250cGVsbGllci1wcmVzLWRlLVBlcm9scy0zNC5qcGciLCJzbGlkZXNob3ciOiI4ZDI1MDg2In0%3D\">\n\t\t\t\t\t<div class=\"e-gallery-image elementor-gallery-item__image\" data-thumbnail=\"https:\/\/www.portovenere.fr\/fr-fr\/wp-content\/uploads\/2025\/10\/Carrelage-gris-anthracite-en-gres-cerame-imitation-pierre-bon-rapport-qualite-prix-ESCALI-coloris-Charcoal-Magasin-Porto_Venere_Montpellier-pres-de-Perols-34-150x150.jpg\" data-width=\"150\" data-height=\"150\" aria-label=\"Carrelage effet pierre bon rapport qualit\u00e9 prix effet pierre ESCALI magasin PORTO VENERE \u00e0 Montpellier 34\" role=\"img\" ><\/div>\n\t\t\t\t\t\t\t\t\t\t\t<div class=\"elementor-gallery-item__overlay\"><\/div>\n\t\t\t\t\t\t\t\t\t\t\t\t\t\t<\/a>\n\t\t\t\t\t\t\t<a class=\"e-gallery-item elementor-gallery-item elementor-animated-content\" href=\"https:\/\/www.portovenere.fr\/fr-fr\/wp-content\/uploads\/2025\/10\/Carrelage-en-gres-cerame-imitation-pierre-contemporaine-bon-rapport-qualite-prix-ESCALI-coloris-Sand-Magasin-Porto_Venere_Montpellier-pres-de-Saint-Aunes-34.jpg\" data-elementor-open-lightbox=\"yes\" data-elementor-lightbox-slideshow=\"8d25086\" data-elementor-lightbox-title=\"Carrelage-en-gr\u00e8s-c\u00e9rame-imitation-pierre-contemporaine-bon-rapport-qualit\u00e9-prix-ESCALI-coloris-Sand-Magasin-Porto_Venere_Montpellier-pr\u00e8s-de-Saint-Aun\u00e8s-34\" data-e-action-hash=\"#elementor-action%3Aaction%3Dlightbox%26settings%3DeyJpZCI6NjU4MjAsInVybCI6Imh0dHBzOlwvXC93d3cucG9ydG92ZW5lcmUuZnJcL2ZyLWZyXC93cC1jb250ZW50XC91cGxvYWRzXC8yMDI1XC8xMFwvQ2FycmVsYWdlLWVuLWdyZXMtY2VyYW1lLWltaXRhdGlvbi1waWVycmUtY29udGVtcG9yYWluZS1ib24tcmFwcG9ydC1xdWFsaXRlLXByaXgtRVNDQUxJLWNvbG9yaXMtU2FuZC1NYWdhc2luLVBvcnRvX1ZlbmVyZV9Nb250cGVsbGllci1wcmVzLWRlLVNhaW50LUF1bmVzLTM0LmpwZyIsInNsaWRlc2hvdyI6IjhkMjUwODYifQ%3D%3D\">\n\t\t\t\t\t<div class=\"e-gallery-image elementor-gallery-item__image\" data-thumbnail=\"https:\/\/www.portovenere.fr\/fr-fr\/wp-content\/uploads\/2025\/10\/Carrelage-en-gres-cerame-imitation-pierre-contemporaine-bon-rapport-qualite-prix-ESCALI-coloris-Sand-Magasin-Porto_Venere_Montpellier-pres-de-Saint-Aunes-34-150x150.jpg\" data-width=\"150\" data-height=\"150\" aria-label=\"Carrelage effet pierre bon rapport qualit\u00e9 prix effet pierre ESCALI magasin PORTO VENERE \u00e0 Montpellier 34\" role=\"img\" ><\/div>\n\t\t\t\t\t\t\t\t\t\t\t<div class=\"elementor-gallery-item__overlay\"><\/div>\n\t\t\t\t\t\t\t\t\t\t\t\t\t\t<\/a>\n\t\t\t\t\t<\/div>\n\t\t\t\t\t<\/div>\n\t\t\t\t<\/div>\n\t\t\t\t<div class=\"elementor-element elementor-element-6e35492 elementor-widget elementor-widget-text-editor\" data-id=\"6e35492\" data-element_type=\"widget\" data-e-type=\"widget\" data-widget_type=\"text-editor.default\">\n\t\t\t\t<div class=\"elementor-widget-container\">\n\t\t\t\t\t\t\t\t\t<p>La collection <strong data-start=\"1353\" data-end=\"1363\">ESCALI<\/strong> en gr\u00e8s c\u00e9rame <b>aspect pierre<\/b> associe authenticit\u00e9 et modernit\u00e9. D\u00e9clin\u00e9e en <b>quatre coloris <\/b>\u2013 Sand, Smoke, Snow et Charcoal \u2013 et trois formats (30&#215;60, 60&#215;60, 60&#215;120 cm), elle se pr\u00eate aussi bien aux<b> sols qu\u2019aux murs<\/b>, en<b> int\u00e9rieur comme en ext\u00e9rieur. <\/b>Avec ou sans bords rectifi\u00e9s, <strong data-start=\"1643\" data-end=\"1653\">ESCALI<\/strong> s\u00e9duit par son style naturel et son <strong data-start=\"1690\" data-end=\"1724\">excellent<\/strong><span data-start=\"1690\" data-end=\"1724\"><b> rapport qualit\u00e9\/prix<\/b><\/span>. Une solution id\u00e9ale pour des espaces \u00e9l\u00e9gants, r\u00e9sistants et faciles \u00e0 vivre.<\/p>\t\t\t\t\t\t\t\t<\/div>\n\t\t\t\t<\/div>\n\t\t\t\t<div class=\"elementor-element elementor-element-427dbbb elementor-mobile-align-center elementor-widget elementor-widget-button\" data-id=\"427dbbb\" data-element_type=\"widget\" data-e-type=\"widget\" data-widget_type=\"button.default\">\n\t\t\t\t<div class=\"elementor-widget-container\">\n\t\t\t\t\t\t\t\t\t<div class=\"elementor-button-wrapper\">\n\t\t\t\t\t<a class=\"elementor-button elementor-button-link elementor-size-sm\" href=\"https:\/\/www.portovenere.fr\/fr-fr\/carrelage-sol-et-mur-en-gres-cerame-et-faience\/carrelage-aspect-pierre\/carrelage-gres-cerame-aspect-pierre-escali\/\">\n\t\t\t\t\t\t<span class=\"elementor-button-content-wrapper\">\n\t\t\t\t\t\t\t\t\t<span class=\"elementor-button-text\">Voir la collection<\/span>\n\t\t\t\t\t<\/span>\n\t\t\t\t\t<\/a>\n\t\t\t\t<\/div>\n\t\t\t\t\t\t\t\t<\/div>\n\t\t\t\t<\/div>\n\t\t\t\t<div class=\"elementor-element elementor-element-a53f3b9 elementor-widget elementor-widget-spacer\" data-id=\"a53f3b9\" data-element_type=\"widget\" data-e-type=\"widget\" data-widget_type=\"spacer.default\">\n\t\t\t\t<div class=\"elementor-widget-container\">\n\t\t\t\t\t\t\t<div class=\"elementor-spacer\">\n\t\t\t<div class=\"elementor-spacer-inner\"><\/div>\n\t\t<\/div>\n\t\t\t\t\t\t<\/div>\n\t\t\t\t<\/div>\n\t\t\t\t\t<\/div>\n\t\t<\/div>\n\t\t\t\t\t<\/div>\n\t\t<\/section>\n\t\t\t\t<section class=\"elementor-section elementor-top-section elementor-element elementor-element-4781fd13 elementor-section-full_width elementor-section-height-default elementor-section-height-default elementor-invisible\" data-id=\"4781fd13\" data-element_type=\"section\" data-e-type=\"section\" data-settings=\"{&quot;background_background&quot;:&quot;classic&quot;,&quot;animation&quot;:&quot;fadeIn&quot;}\">\n\t\t\t\t\t\t<div class=\"elementor-container elementor-column-gap-default\">\n\t\t\t\t\t<div class=\"elementor-column elementor-col-33 elementor-top-column elementor-element elementor-element-344ce784 elementor-invisible\" data-id=\"344ce784\" data-element_type=\"column\" data-e-type=\"column\" data-settings=\"{&quot;animation&quot;:&quot;fadeIn&quot;,&quot;background_background&quot;:&quot;classic&quot;}\">\n\t\t\t<div class=\"elementor-widget-wrap elementor-element-populated\">\n\t\t\t\t\t\t<div class=\"elementor-element elementor-element-902ee33 elementor-widget elementor-widget-image\" data-id=\"902ee33\" data-element_type=\"widget\" data-e-type=\"widget\" data-widget_type=\"image.default\">\n\t\t\t\t<div class=\"elementor-widget-container\">\n\t\t\t\t\t\t\t\t\t\t\t\t\t\t\t\t<a href=\"https:\/\/www.portovenere.fr\/fr-fr\/carrelage-sol-et-mur-en-gres-cerame-et-faience\/carrelage-aspect-pierre\/carrelage-haut-de-gamme-effet-pierre-contemporaine-atrata-stone\/\">\n\t\t\t\t\t\t\t<img decoding=\"async\" src=\"https:\/\/www.portovenere.fr\/fr-fr\/wp-content\/uploads\/elementor\/thumbs\/Carrelage-salle-de-bains-effet-pierre-contemporaine-ATRATA-STONE-Beigee-pour-sol-et-mur-4-coloris-Magasin-PORTO_VENERE_MONTPELLIER-pres-de-Bouzigues-34-r8igc7hram09zax6rkic3wd3op25mzyk4ukfww4yuc.jpg\" title=\"Carrelage-salle-de-bains-effet-pierre-contemporaine-ATRATA-STONE-Beigee-pour-sol-et-mur-4-coloris-Magasin-PORTO_VENERE_MONTPELLIER-pr\u00e8s-de-Bouzigues-34\" alt=\"ATRATA STONE Beige : Neutra sol et mur, Sassi plans et mur de droite et Ritmo int\u00e9rieur de douche\" loading=\"lazy\" \/>\t\t\t\t\t\t\t\t<\/a>\n\t\t\t\t\t\t\t\t\t\t\t\t\t\t\t<\/div>\n\t\t\t\t<\/div>\n\t\t\t\t<section class=\"elementor-section elementor-inner-section elementor-element elementor-element-3be62115 elementor-section-boxed elementor-section-height-default elementor-section-height-default elementor-invisible\" data-id=\"3be62115\" data-element_type=\"section\" data-e-type=\"section\" data-settings=\"{&quot;background_background&quot;:&quot;classic&quot;,&quot;animation&quot;:&quot;fadeIn&quot;}\">\n\t\t\t\t\t\t<div class=\"elementor-container elementor-column-gap-default\">\n\t\t\t\t\t<div class=\"elementor-column elementor-col-100 elementor-inner-column elementor-element elementor-element-cce77cc\" data-id=\"cce77cc\" data-element_type=\"column\" data-e-type=\"column\">\n\t\t\t<div class=\"elementor-widget-wrap elementor-element-populated\">\n\t\t\t\t\t\t<div class=\"elementor-element elementor-element-6d5fce7c elementor-widget elementor-widget-heading\" data-id=\"6d5fce7c\" data-element_type=\"widget\" data-e-type=\"widget\" data-widget_type=\"heading.default\">\n\t\t\t\t<div class=\"elementor-widget-container\">\n\t\t\t\t\t<h3 class=\"elementor-heading-title elementor-size-default\"><a href=\"https:\/\/www.portovenere.fr\/fr-fr\/carrelage-sol-et-mur-en-gres-cerame-et-faience\/carrelage-aspect-pierre\/carrelage-haut-de-gamme-effet-pierre-contemporaine-atrata-stone\/\">ATRATA STONE | 4 coloris &amp; 3 finitions<\/a><\/h3>\t\t\t\t<\/div>\n\t\t\t\t<\/div>\n\t\t\t\t<div class=\"elementor-element elementor-element-395a288c elementor-widget__width-initial elementor-widget elementor-widget-gallery\" data-id=\"395a288c\" data-element_type=\"widget\" data-e-type=\"widget\" data-settings=\"{&quot;gap&quot;:{&quot;unit&quot;:&quot;px&quot;,&quot;size&quot;:3,&quot;sizes&quot;:[]},&quot;columns_mobile&quot;:3,&quot;gap_mobile&quot;:{&quot;unit&quot;:&quot;px&quot;,&quot;size&quot;:6,&quot;sizes&quot;:[]},&quot;columns&quot;:5,&quot;columns_tablet&quot;:3,&quot;gap_tablet&quot;:{&quot;unit&quot;:&quot;px&quot;,&quot;size&quot;:5,&quot;sizes&quot;:[]},&quot;lazyload&quot;:&quot;yes&quot;,&quot;gallery_layout&quot;:&quot;grid&quot;,&quot;link_to&quot;:&quot;file&quot;,&quot;aspect_ratio&quot;:&quot;3:2&quot;,&quot;overlay_background&quot;:&quot;yes&quot;,&quot;content_hover_animation&quot;:&quot;fade-in&quot;}\" data-widget_type=\"gallery.default\">\n\t\t\t\t<div class=\"elementor-widget-container\">\n\t\t\t\t\t\t\t<div class=\"elementor-gallery__container\">\n\t\t\t\t\t\t\t<a class=\"e-gallery-item elementor-gallery-item elementor-animated-content\" href=\"https:\/\/www.portovenere.fr\/fr-fr\/wp-content\/uploads\/2025\/07\/Carrelage-effet-pierre-contemporaine-ATRATA-STONE-Sassi-Grey-pour-sol-et-mur-4-coloris-Magasin-PORTO_VENERE_MONTPELLIER-pres-de-Mauguio-34.jpg\" data-elementor-open-lightbox=\"yes\" data-elementor-lightbox-slideshow=\"395a288c\" data-elementor-lightbox-title=\"Carrelage-effet-pierre-contemporaine-ATRATA-STONE-Sassi-Grey-pour-sol-et-mur-4-coloris-Magasin-PORTO_VENERE_MONTPELLIER-pr\u00e8s-de-Mauguio-34\" data-e-action-hash=\"#elementor-action%3Aaction%3Dlightbox%26settings%3DeyJpZCI6NjIzMjMsInVybCI6Imh0dHBzOlwvXC93d3cucG9ydG92ZW5lcmUuZnJcL2ZyLWZyXC93cC1jb250ZW50XC91cGxvYWRzXC8yMDI1XC8wN1wvQ2FycmVsYWdlLWVmZmV0LXBpZXJyZS1jb250ZW1wb3JhaW5lLUFUUkFUQS1TVE9ORS1TYXNzaS1HcmV5LXBvdXItc29sLWV0LW11ci00LWNvbG9yaXMtTWFnYXNpbi1QT1JUT19WRU5FUkVfTU9OVFBFTExJRVItcHJlcy1kZS1NYXVndWlvLTM0LmpwZyIsInNsaWRlc2hvdyI6IjM5NWEyODhjIn0%3D\">\n\t\t\t\t\t<div class=\"e-gallery-image elementor-gallery-item__image\" data-thumbnail=\"https:\/\/www.portovenere.fr\/fr-fr\/wp-content\/uploads\/2025\/07\/Carrelage-effet-pierre-contemporaine-ATRATA-STONE-Sassi-Grey-pour-sol-et-mur-4-coloris-Magasin-PORTO_VENERE_MONTPELLIER-pres-de-Mauguio-34-150x150.jpg\" data-width=\"150\" data-height=\"150\" aria-label=\"\" role=\"img\" ><\/div>\n\t\t\t\t\t\t\t\t\t\t\t<div class=\"elementor-gallery-item__overlay\"><\/div>\n\t\t\t\t\t\t\t\t\t\t\t\t\t\t<\/a>\n\t\t\t\t\t\t\t<a class=\"e-gallery-item elementor-gallery-item elementor-animated-content\" href=\"https:\/\/www.portovenere.fr\/fr-fr\/wp-content\/uploads\/2025\/07\/Carrelage-effet-pierre-contemporaine-ATRATA-STONE-Sassi-White-pour-sol-et-mur-4-coloris-Magasin-PORTO_VENERE_MONTPELLIER-pres-de-Palavas-34.jpg\" data-elementor-open-lightbox=\"yes\" data-elementor-lightbox-slideshow=\"395a288c\" data-elementor-lightbox-title=\"Carrelage-effet-pierre-contemporaine-ATRATA-STONE-Sassi-White-pour-sol-et-mur-4-coloris-Magasin-PORTO_VENERE_MONTPELLIER-pr\u00e8s-de-Palavas-34\" data-e-action-hash=\"#elementor-action%3Aaction%3Dlightbox%26settings%3DeyJpZCI6NjIzMjQsInVybCI6Imh0dHBzOlwvXC93d3cucG9ydG92ZW5lcmUuZnJcL2ZyLWZyXC93cC1jb250ZW50XC91cGxvYWRzXC8yMDI1XC8wN1wvQ2FycmVsYWdlLWVmZmV0LXBpZXJyZS1jb250ZW1wb3JhaW5lLUFUUkFUQS1TVE9ORS1TYXNzaS1XaGl0ZS1wb3VyLXNvbC1ldC1tdXItNC1jb2xvcmlzLU1hZ2FzaW4tUE9SVE9fVkVORVJFX01PTlRQRUxMSUVSLXByZXMtZGUtUGFsYXZhcy0zNC5qcGciLCJzbGlkZXNob3ciOiIzOTVhMjg4YyJ9\">\n\t\t\t\t\t<div class=\"e-gallery-image elementor-gallery-item__image\" data-thumbnail=\"https:\/\/www.portovenere.fr\/fr-fr\/wp-content\/uploads\/2025\/07\/Carrelage-effet-pierre-contemporaine-ATRATA-STONE-Sassi-White-pour-sol-et-mur-4-coloris-Magasin-PORTO_VENERE_MONTPELLIER-pres-de-Palavas-34-150x150.jpg\" data-width=\"150\" data-height=\"150\" aria-label=\"\" role=\"img\" ><\/div>\n\t\t\t\t\t\t\t\t\t\t\t<div class=\"elementor-gallery-item__overlay\"><\/div>\n\t\t\t\t\t\t\t\t\t\t\t\t\t\t<\/a>\n\t\t\t\t\t\t\t<a class=\"e-gallery-item elementor-gallery-item elementor-animated-content\" href=\"https:\/\/www.portovenere.fr\/fr-fr\/wp-content\/uploads\/2025\/07\/Carrelage-effet-pierre-contemporaine-ATRATA-STONE-Sassi-Greige-pour-sol-et-mur-4-coloris-Magasin-PORTO_VENERE_MONTPELLIER-pres-de-Perols-34.jpg\" data-elementor-open-lightbox=\"yes\" data-elementor-lightbox-slideshow=\"395a288c\" data-elementor-lightbox-title=\"Carrelage-effet-pierre-contemporaine-ATRATA-STONE-Sassi-Greige-pour-sol-et-mur-4-coloris-Magasin-PORTO_VENERE_MONTPELLIER-pr\u00e8s-de-P\u00e9rols-34\" data-e-action-hash=\"#elementor-action%3Aaction%3Dlightbox%26settings%3DeyJpZCI6NjIzMjIsInVybCI6Imh0dHBzOlwvXC93d3cucG9ydG92ZW5lcmUuZnJcL2ZyLWZyXC93cC1jb250ZW50XC91cGxvYWRzXC8yMDI1XC8wN1wvQ2FycmVsYWdlLWVmZmV0LXBpZXJyZS1jb250ZW1wb3JhaW5lLUFUUkFUQS1TVE9ORS1TYXNzaS1HcmVpZ2UtcG91ci1zb2wtZXQtbXVyLTQtY29sb3Jpcy1NYWdhc2luLVBPUlRPX1ZFTkVSRV9NT05UUEVMTElFUi1wcmVzLWRlLVBlcm9scy0zNC5qcGciLCJzbGlkZXNob3ciOiIzOTVhMjg4YyJ9\">\n\t\t\t\t\t<div class=\"e-gallery-image elementor-gallery-item__image\" data-thumbnail=\"https:\/\/www.portovenere.fr\/fr-fr\/wp-content\/uploads\/2025\/07\/Carrelage-effet-pierre-contemporaine-ATRATA-STONE-Sassi-Greige-pour-sol-et-mur-4-coloris-Magasin-PORTO_VENERE_MONTPELLIER-pres-de-Perols-34-150x150.jpg\" data-width=\"150\" data-height=\"150\" aria-label=\"\" role=\"img\" ><\/div>\n\t\t\t\t\t\t\t\t\t\t\t<div class=\"elementor-gallery-item__overlay\"><\/div>\n\t\t\t\t\t\t\t\t\t\t\t\t\t\t<\/a>\n\t\t\t\t\t\t\t<a class=\"e-gallery-item elementor-gallery-item elementor-animated-content\" href=\"https:\/\/www.portovenere.fr\/fr-fr\/wp-content\/uploads\/2025\/07\/Carrelage-effet-pierre-contemporaine-ATRATA-STONE-Sassi-Beige-pour-sol-et-mur-4-coloris-Magasin-PORTO_VENERE_MONTPELLIER-pres-de-Sete-34.jpg\" data-elementor-open-lightbox=\"yes\" data-elementor-lightbox-slideshow=\"395a288c\" data-elementor-lightbox-title=\"Carrelage-effet-pierre-contemporaine-ATRATA-STONE-Sassi-Beige-pour-sol-et-mur-4-coloris-Magasin-PORTO_VENERE_MONTPELLIER-pr\u00e8s-de-S\u00e8te-34\" data-e-action-hash=\"#elementor-action%3Aaction%3Dlightbox%26settings%3DeyJpZCI6NjIzMjEsInVybCI6Imh0dHBzOlwvXC93d3cucG9ydG92ZW5lcmUuZnJcL2ZyLWZyXC93cC1jb250ZW50XC91cGxvYWRzXC8yMDI1XC8wN1wvQ2FycmVsYWdlLWVmZmV0LXBpZXJyZS1jb250ZW1wb3JhaW5lLUFUUkFUQS1TVE9ORS1TYXNzaS1CZWlnZS1wb3VyLXNvbC1ldC1tdXItNC1jb2xvcmlzLU1hZ2FzaW4tUE9SVE9fVkVORVJFX01PTlRQRUxMSUVSLXByZXMtZGUtU2V0ZS0zNC5qcGciLCJzbGlkZXNob3ciOiIzOTVhMjg4YyJ9\">\n\t\t\t\t\t<div class=\"e-gallery-image elementor-gallery-item__image\" data-thumbnail=\"https:\/\/www.portovenere.fr\/fr-fr\/wp-content\/uploads\/2025\/07\/Carrelage-effet-pierre-contemporaine-ATRATA-STONE-Sassi-Beige-pour-sol-et-mur-4-coloris-Magasin-PORTO_VENERE_MONTPELLIER-pres-de-Sete-34-150x150.jpg\" data-width=\"150\" data-height=\"150\" aria-label=\"\" role=\"img\" ><\/div>\n\t\t\t\t\t\t\t\t\t\t\t<div class=\"elementor-gallery-item__overlay\"><\/div>\n\t\t\t\t\t\t\t\t\t\t\t\t\t\t<\/a>\n\t\t\t\t\t\t\t<a class=\"e-gallery-item elementor-gallery-item elementor-animated-content\" href=\"https:\/\/www.portovenere.fr\/fr-fr\/wp-content\/uploads\/2025\/07\/Carrelage-effet-pierre-contemporaine-ATRATA-STONE-Ritmo-White-interieur-exterieur-4-coloris-Magasin-PORTO_VENERE_MONTPELLIER-pres-de-Carnon-34.jpg\" data-elementor-open-lightbox=\"yes\" data-elementor-lightbox-slideshow=\"395a288c\" data-elementor-lightbox-title=\"Carrelage-effet-pierre-contemporaine-ATRATA-STONE-Ritmo-White-int\u00e9rieur-ext\u00e9rieur-4-coloris-Magasin-PORTO_VENERE_MONTPELLIER-pr\u00e8s-de-Carnon-34\" data-e-action-hash=\"#elementor-action%3Aaction%3Dlightbox%26settings%3DeyJpZCI6NjIzMjAsInVybCI6Imh0dHBzOlwvXC93d3cucG9ydG92ZW5lcmUuZnJcL2ZyLWZyXC93cC1jb250ZW50XC91cGxvYWRzXC8yMDI1XC8wN1wvQ2FycmVsYWdlLWVmZmV0LXBpZXJyZS1jb250ZW1wb3JhaW5lLUFUUkFUQS1TVE9ORS1SaXRtby1XaGl0ZS1pbnRlcmlldXItZXh0ZXJpZXVyLTQtY29sb3Jpcy1NYWdhc2luLVBPUlRPX1ZFTkVSRV9NT05UUEVMTElFUi1wcmVzLWRlLUNhcm5vbi0zNC5qcGciLCJzbGlkZXNob3ciOiIzOTVhMjg4YyJ9\">\n\t\t\t\t\t<div class=\"e-gallery-image elementor-gallery-item__image\" data-thumbnail=\"https:\/\/www.portovenere.fr\/fr-fr\/wp-content\/uploads\/2025\/07\/Carrelage-effet-pierre-contemporaine-ATRATA-STONE-Ritmo-White-interieur-exterieur-4-coloris-Magasin-PORTO_VENERE_MONTPELLIER-pres-de-Carnon-34-150x150.jpg\" data-width=\"150\" data-height=\"150\" aria-label=\"\" role=\"img\" ><\/div>\n\t\t\t\t\t\t\t\t\t\t\t<div class=\"elementor-gallery-item__overlay\"><\/div>\n\t\t\t\t\t\t\t\t\t\t\t\t\t\t<\/a>\n\t\t\t\t\t\t\t<a class=\"e-gallery-item elementor-gallery-item elementor-animated-content\" href=\"https:\/\/www.portovenere.fr\/fr-fr\/wp-content\/uploads\/2025\/07\/Carrelage-effet-pierre-contemporaine-ATRATA-STONE-Ritmo-Grey-interieur-exterieur-4-coloris-Magasin-PORTO_VENERE_MONTPELLIER-pres-de-Clapiers-34.jpg\" data-elementor-open-lightbox=\"yes\" data-elementor-lightbox-slideshow=\"395a288c\" data-elementor-lightbox-title=\"Carrelage-effet-pierre-contemporaine-ATRATA-STONE-Ritmo-Grey-int\u00e9rieur-ext\u00e9rieur-4-coloris-Magasin-PORTO_VENERE_MONTPELLIER-pr\u00e8s-de-Clapiers-34\" data-e-action-hash=\"#elementor-action%3Aaction%3Dlightbox%26settings%3DeyJpZCI6NjIzMTksInVybCI6Imh0dHBzOlwvXC93d3cucG9ydG92ZW5lcmUuZnJcL2ZyLWZyXC93cC1jb250ZW50XC91cGxvYWRzXC8yMDI1XC8wN1wvQ2FycmVsYWdlLWVmZmV0LXBpZXJyZS1jb250ZW1wb3JhaW5lLUFUUkFUQS1TVE9ORS1SaXRtby1HcmV5LWludGVyaWV1ci1leHRlcmlldXItNC1jb2xvcmlzLU1hZ2FzaW4tUE9SVE9fVkVORVJFX01PTlRQRUxMSUVSLXByZXMtZGUtQ2xhcGllcnMtMzQuanBnIiwic2xpZGVzaG93IjoiMzk1YTI4OGMifQ%3D%3D\">\n\t\t\t\t\t<div class=\"e-gallery-image elementor-gallery-item__image\" data-thumbnail=\"https:\/\/www.portovenere.fr\/fr-fr\/wp-content\/uploads\/2025\/07\/Carrelage-effet-pierre-contemporaine-ATRATA-STONE-Ritmo-Grey-interieur-exterieur-4-coloris-Magasin-PORTO_VENERE_MONTPELLIER-pres-de-Clapiers-34-150x150.jpg\" data-width=\"150\" data-height=\"150\" aria-label=\"\" role=\"img\" ><\/div>\n\t\t\t\t\t\t\t\t\t\t\t<div class=\"elementor-gallery-item__overlay\"><\/div>\n\t\t\t\t\t\t\t\t\t\t\t\t\t\t<\/a>\n\t\t\t\t\t\t\t<a class=\"e-gallery-item elementor-gallery-item elementor-animated-content\" href=\"https:\/\/www.portovenere.fr\/fr-fr\/wp-content\/uploads\/2025\/07\/Carrelage-effet-pierre-contemporaine-ATRATA-STONE-Ritmo-Greige-interieur-exterieur-4-coloris-Magasin-PORTO_VENERE_MONTPELLIER-pres-de-Marseillan-34.jpg\" data-elementor-open-lightbox=\"yes\" data-elementor-lightbox-slideshow=\"395a288c\" data-elementor-lightbox-title=\"Carrelage-effet-pierre-contemporaine-ATRATA-STONE-Ritmo-Greige-int\u00e9rieur-ext\u00e9rieur-4-coloris-Magasin-PORTO_VENERE_MONTPELLIER-pr\u00e8s-de-Marseillan-34\" data-e-action-hash=\"#elementor-action%3Aaction%3Dlightbox%26settings%3DeyJpZCI6NjIzMTgsInVybCI6Imh0dHBzOlwvXC93d3cucG9ydG92ZW5lcmUuZnJcL2ZyLWZyXC93cC1jb250ZW50XC91cGxvYWRzXC8yMDI1XC8wN1wvQ2FycmVsYWdlLWVmZmV0LXBpZXJyZS1jb250ZW1wb3JhaW5lLUFUUkFUQS1TVE9ORS1SaXRtby1HcmVpZ2UtaW50ZXJpZXVyLWV4dGVyaWV1ci00LWNvbG9yaXMtTWFnYXNpbi1QT1JUT19WRU5FUkVfTU9OVFBFTExJRVItcHJlcy1kZS1NYXJzZWlsbGFuLTM0LmpwZyIsInNsaWRlc2hvdyI6IjM5NWEyODhjIn0%3D\">\n\t\t\t\t\t<div class=\"e-gallery-image elementor-gallery-item__image\" data-thumbnail=\"https:\/\/www.portovenere.fr\/fr-fr\/wp-content\/uploads\/2025\/07\/Carrelage-effet-pierre-contemporaine-ATRATA-STONE-Ritmo-Greige-interieur-exterieur-4-coloris-Magasin-PORTO_VENERE_MONTPELLIER-pres-de-Marseillan-34-150x150.jpg\" data-width=\"150\" data-height=\"150\" aria-label=\"\" role=\"img\" ><\/div>\n\t\t\t\t\t\t\t\t\t\t\t<div class=\"elementor-gallery-item__overlay\"><\/div>\n\t\t\t\t\t\t\t\t\t\t\t\t\t\t<\/a>\n\t\t\t\t\t\t\t<a class=\"e-gallery-item elementor-gallery-item elementor-animated-content\" href=\"https:\/\/www.portovenere.fr\/fr-fr\/wp-content\/uploads\/2025\/07\/Carrelage-effet-pierre-contemporaine-ATRATA-STONE-Ritmo-Beige-interieur-exterieur-4-coloris-Magasin-PORTO_VENERE_MONTPELLIER-pres-de-Lattes-34.jpg\" data-elementor-open-lightbox=\"yes\" data-elementor-lightbox-slideshow=\"395a288c\" data-elementor-lightbox-title=\"Carrelage-effet-pierre-contemporaine-ATRATA-STONE-Ritmo-Beige-int\u00e9rieur-ext\u00e9rieur-4-coloris-Magasin-PORTO_VENERE_MONTPELLIER-pr\u00e8s-de-Lattes-34\" data-e-action-hash=\"#elementor-action%3Aaction%3Dlightbox%26settings%3DeyJpZCI6NjIzMTcsInVybCI6Imh0dHBzOlwvXC93d3cucG9ydG92ZW5lcmUuZnJcL2ZyLWZyXC93cC1jb250ZW50XC91cGxvYWRzXC8yMDI1XC8wN1wvQ2FycmVsYWdlLWVmZmV0LXBpZXJyZS1jb250ZW1wb3JhaW5lLUFUUkFUQS1TVE9ORS1SaXRtby1CZWlnZS1pbnRlcmlldXItZXh0ZXJpZXVyLTQtY29sb3Jpcy1NYWdhc2luLVBPUlRPX1ZFTkVSRV9NT05UUEVMTElFUi1wcmVzLWRlLUxhdHRlcy0zNC5qcGciLCJzbGlkZXNob3ciOiIzOTVhMjg4YyJ9\">\n\t\t\t\t\t<div class=\"e-gallery-image elementor-gallery-item__image\" data-thumbnail=\"https:\/\/www.portovenere.fr\/fr-fr\/wp-content\/uploads\/2025\/07\/Carrelage-effet-pierre-contemporaine-ATRATA-STONE-Ritmo-Beige-interieur-exterieur-4-coloris-Magasin-PORTO_VENERE_MONTPELLIER-pres-de-Lattes-34-150x150.jpg\" data-width=\"150\" data-height=\"150\" aria-label=\"\" role=\"img\" ><\/div>\n\t\t\t\t\t\t\t\t\t\t\t<div class=\"elementor-gallery-item__overlay\"><\/div>\n\t\t\t\t\t\t\t\t\t\t\t\t\t\t<\/a>\n\t\t\t\t\t\t\t<a class=\"e-gallery-item elementor-gallery-item elementor-animated-content\" href=\"https:\/\/www.portovenere.fr\/fr-fr\/wp-content\/uploads\/2025\/07\/Carrelage-effet-pierre-contemporaine-ATRATA-STONE-Neutra-Greige-pour-sol-et-mur-4-coloris-Magasin-PORTO_VENERE_MONTPELLIER-pres-de-Castries-34.jpg\" data-elementor-open-lightbox=\"yes\" data-elementor-lightbox-slideshow=\"395a288c\" data-elementor-lightbox-title=\"Carrelage-effet-pierre-contemporaine-ATRATA-STONE-Neutra-Greige-pour-sol-et-mur-4-coloris-Magasin-PORTO_VENERE_MONTPELLIER-pr\u00e8s-de-Castries-34\" data-e-action-hash=\"#elementor-action%3Aaction%3Dlightbox%26settings%3DeyJpZCI6NjIzMTQsInVybCI6Imh0dHBzOlwvXC93d3cucG9ydG92ZW5lcmUuZnJcL2ZyLWZyXC93cC1jb250ZW50XC91cGxvYWRzXC8yMDI1XC8wN1wvQ2FycmVsYWdlLWVmZmV0LXBpZXJyZS1jb250ZW1wb3JhaW5lLUFUUkFUQS1TVE9ORS1OZXV0cmEtR3JlaWdlLXBvdXItc29sLWV0LW11ci00LWNvbG9yaXMtTWFnYXNpbi1QT1JUT19WRU5FUkVfTU9OVFBFTExJRVItcHJlcy1kZS1DYXN0cmllcy0zNC5qcGciLCJzbGlkZXNob3ciOiIzOTVhMjg4YyJ9\">\n\t\t\t\t\t<div class=\"e-gallery-image elementor-gallery-item__image\" data-thumbnail=\"https:\/\/www.portovenere.fr\/fr-fr\/wp-content\/uploads\/2025\/07\/Carrelage-effet-pierre-contemporaine-ATRATA-STONE-Neutra-Greige-pour-sol-et-mur-4-coloris-Magasin-PORTO_VENERE_MONTPELLIER-pres-de-Castries-34-150x150.jpg\" data-width=\"150\" data-height=\"150\" aria-label=\"\" role=\"img\" ><\/div>\n\t\t\t\t\t\t\t\t\t\t\t<div class=\"elementor-gallery-item__overlay\"><\/div>\n\t\t\t\t\t\t\t\t\t\t\t\t\t\t<\/a>\n\t\t\t\t\t\t\t<a class=\"e-gallery-item elementor-gallery-item elementor-animated-content\" href=\"https:\/\/www.portovenere.fr\/fr-fr\/wp-content\/uploads\/2025\/07\/Carrelage-effet-pierre-contemporaine-ATRATA-STONE-Neutra-White-pour-sol-et-mur-4-coloris-Magasin-PORTO_VENERE_MONTPELLIER-pres-de-Agde-34.jpg\" data-elementor-open-lightbox=\"yes\" data-elementor-lightbox-slideshow=\"395a288c\" data-elementor-lightbox-title=\"Carrelage-effet-pierre-contemporaine-ATRATA-STONE-Neutra-White-pour-sol-et-mur-4-coloris-Magasin-PORTO_VENERE_MONTPELLIER-pr\u00e8s-de-Agde-34\" data-e-action-hash=\"#elementor-action%3Aaction%3Dlightbox%26settings%3DeyJpZCI6NjIzMTYsInVybCI6Imh0dHBzOlwvXC93d3cucG9ydG92ZW5lcmUuZnJcL2ZyLWZyXC93cC1jb250ZW50XC91cGxvYWRzXC8yMDI1XC8wN1wvQ2FycmVsYWdlLWVmZmV0LXBpZXJyZS1jb250ZW1wb3JhaW5lLUFUUkFUQS1TVE9ORS1OZXV0cmEtV2hpdGUtcG91ci1zb2wtZXQtbXVyLTQtY29sb3Jpcy1NYWdhc2luLVBPUlRPX1ZFTkVSRV9NT05UUEVMTElFUi1wcmVzLWRlLUFnZGUtMzQuanBnIiwic2xpZGVzaG93IjoiMzk1YTI4OGMifQ%3D%3D\">\n\t\t\t\t\t<div class=\"e-gallery-image elementor-gallery-item__image\" data-thumbnail=\"https:\/\/www.portovenere.fr\/fr-fr\/wp-content\/uploads\/2025\/07\/Carrelage-effet-pierre-contemporaine-ATRATA-STONE-Neutra-White-pour-sol-et-mur-4-coloris-Magasin-PORTO_VENERE_MONTPELLIER-pres-de-Agde-34-150x150.jpg\" data-width=\"150\" data-height=\"150\" aria-label=\"\" role=\"img\" ><\/div>\n\t\t\t\t\t\t\t\t\t\t\t<div class=\"elementor-gallery-item__overlay\"><\/div>\n\t\t\t\t\t\t\t\t\t\t\t\t\t\t<\/a>\n\t\t\t\t\t\t\t<a class=\"e-gallery-item elementor-gallery-item elementor-animated-content\" href=\"https:\/\/www.portovenere.fr\/fr-fr\/wp-content\/uploads\/2025\/07\/Carrelage-effet-pierre-contemporaine-ATRATA-STONE-Neutra-Grey-pour-sol-et-mur-4-coloris-Magasin-PORTO_VENERE_MONTPELLIER-pres-de-Saussan-34.jpg\" data-elementor-open-lightbox=\"yes\" data-elementor-lightbox-slideshow=\"395a288c\" data-elementor-lightbox-title=\"Carrelage-effet-pierre-contemporaine-ATRATA-STONE-Neutra-Grey-pour-sol-et-mur-4-coloris-Magasin-PORTO_VENERE_MONTPELLIER-pr\u00e8s-de-Saussan-34\" data-e-action-hash=\"#elementor-action%3Aaction%3Dlightbox%26settings%3DeyJpZCI6NjIzMTUsInVybCI6Imh0dHBzOlwvXC93d3cucG9ydG92ZW5lcmUuZnJcL2ZyLWZyXC93cC1jb250ZW50XC91cGxvYWRzXC8yMDI1XC8wN1wvQ2FycmVsYWdlLWVmZmV0LXBpZXJyZS1jb250ZW1wb3JhaW5lLUFUUkFUQS1TVE9ORS1OZXV0cmEtR3JleS1wb3VyLXNvbC1ldC1tdXItNC1jb2xvcmlzLU1hZ2FzaW4tUE9SVE9fVkVORVJFX01PTlRQRUxMSUVSLXByZXMtZGUtU2F1c3Nhbi0zNC5qcGciLCJzbGlkZXNob3ciOiIzOTVhMjg4YyJ9\">\n\t\t\t\t\t<div class=\"e-gallery-image elementor-gallery-item__image\" data-thumbnail=\"https:\/\/www.portovenere.fr\/fr-fr\/wp-content\/uploads\/2025\/07\/Carrelage-effet-pierre-contemporaine-ATRATA-STONE-Neutra-Grey-pour-sol-et-mur-4-coloris-Magasin-PORTO_VENERE_MONTPELLIER-pres-de-Saussan-34-150x150.jpg\" data-width=\"150\" data-height=\"150\" aria-label=\"\" role=\"img\" ><\/div>\n\t\t\t\t\t\t\t\t\t\t\t<div class=\"elementor-gallery-item__overlay\"><\/div>\n\t\t\t\t\t\t\t\t\t\t\t\t\t\t<\/a>\n\t\t\t\t\t\t\t<a class=\"e-gallery-item elementor-gallery-item elementor-animated-content\" href=\"https:\/\/www.portovenere.fr\/fr-fr\/wp-content\/uploads\/2025\/07\/Carrelage-effet-pierre-contemporaine-ATRATA-STONE-Neutra-Beige-pour-sol-et-mur-4-coloris-Magasin-PORTO_VENERE_MONTPELLIER-pres-de-Lunel-34.jpg\" data-elementor-open-lightbox=\"yes\" data-elementor-lightbox-slideshow=\"395a288c\" data-elementor-lightbox-title=\"Carrelage-effet-pierre-contemporaine-ATRATA-STONE-Neutra-Beige-pour-sol-et-mur-4-coloris-Magasin-PORTO_VENERE_MONTPELLIER-pr\u00e8s-de-Lunel-34\" data-e-action-hash=\"#elementor-action%3Aaction%3Dlightbox%26settings%3DeyJpZCI6NjIzMTMsInVybCI6Imh0dHBzOlwvXC93d3cucG9ydG92ZW5lcmUuZnJcL2ZyLWZyXC93cC1jb250ZW50XC91cGxvYWRzXC8yMDI1XC8wN1wvQ2FycmVsYWdlLWVmZmV0LXBpZXJyZS1jb250ZW1wb3JhaW5lLUFUUkFUQS1TVE9ORS1OZXV0cmEtQmVpZ2UtcG91ci1zb2wtZXQtbXVyLTQtY29sb3Jpcy1NYWdhc2luLVBPUlRPX1ZFTkVSRV9NT05UUEVMTElFUi1wcmVzLWRlLUx1bmVsLTM0LmpwZyIsInNsaWRlc2hvdyI6IjM5NWEyODhjIn0%3D\">\n\t\t\t\t\t<div class=\"e-gallery-image elementor-gallery-item__image\" data-thumbnail=\"https:\/\/www.portovenere.fr\/fr-fr\/wp-content\/uploads\/2025\/07\/Carrelage-effet-pierre-contemporaine-ATRATA-STONE-Neutra-Beige-pour-sol-et-mur-4-coloris-Magasin-PORTO_VENERE_MONTPELLIER-pres-de-Lunel-34-150x150.jpg\" data-width=\"150\" data-height=\"150\" aria-label=\"\" role=\"img\" ><\/div>\n\t\t\t\t\t\t\t\t\t\t\t<div class=\"elementor-gallery-item__overlay\"><\/div>\n\t\t\t\t\t\t\t\t\t\t\t\t\t\t<\/a>\n\t\t\t\t\t\t\t<a class=\"e-gallery-item elementor-gallery-item elementor-animated-content\" href=\"https:\/\/www.portovenere.fr\/fr-fr\/wp-content\/uploads\/2025\/07\/Mosaique-carrelage-effet-pierre-contemporaine-ATRATA-STONE-Neutra-White-pour-sol-et-mur-4-coloris-Magasin-PORTO_VENERE_MONTPELLIER-pres-de-Mauguio-34.jpg\" data-elementor-open-lightbox=\"yes\" data-elementor-lightbox-slideshow=\"395a288c\" data-elementor-lightbox-title=\"Mosa\u00efque-carrelage-effet-pierre-contemporaine-ATRATA-STONE-Neutra-White-pour-sol-et-mur-4-coloris-Magasin-PORTO_VENERE_MONTPELLIER-pr\u00e8s-de-Mauguio-34\" data-e-action-hash=\"#elementor-action%3Aaction%3Dlightbox%26settings%3DeyJpZCI6NjI0MDcsInVybCI6Imh0dHBzOlwvXC93d3cucG9ydG92ZW5lcmUuZnJcL2ZyLWZyXC93cC1jb250ZW50XC91cGxvYWRzXC8yMDI1XC8wN1wvTW9zYWlxdWUtY2FycmVsYWdlLWVmZmV0LXBpZXJyZS1jb250ZW1wb3JhaW5lLUFUUkFUQS1TVE9ORS1OZXV0cmEtV2hpdGUtcG91ci1zb2wtZXQtbXVyLTQtY29sb3Jpcy1NYWdhc2luLVBPUlRPX1ZFTkVSRV9NT05UUEVMTElFUi1wcmVzLWRlLU1hdWd1aW8tMzQuanBnIiwic2xpZGVzaG93IjoiMzk1YTI4OGMifQ%3D%3D\">\n\t\t\t\t\t<div class=\"e-gallery-image elementor-gallery-item__image\" data-thumbnail=\"https:\/\/www.portovenere.fr\/fr-fr\/wp-content\/uploads\/2025\/07\/Mosaique-carrelage-effet-pierre-contemporaine-ATRATA-STONE-Neutra-White-pour-sol-et-mur-4-coloris-Magasin-PORTO_VENERE_MONTPELLIER-pres-de-Mauguio-34-150x150.jpg\" data-width=\"150\" data-height=\"150\" aria-label=\"\" role=\"img\" ><\/div>\n\t\t\t\t\t\t\t\t\t\t\t<div class=\"elementor-gallery-item__overlay\"><\/div>\n\t\t\t\t\t\t\t\t\t\t\t\t\t\t<\/a>\n\t\t\t\t\t\t\t<a class=\"e-gallery-item elementor-gallery-item elementor-animated-content\" href=\"https:\/\/www.portovenere.fr\/fr-fr\/wp-content\/uploads\/2025\/07\/Mosaique-carrelage-effet-pierre-contemporaine-ATRATA-STONE-Neutra-Grey-pour-sol-et-mur-4-coloris-Magasin-PORTO_VENERE_MONTPELLIER-pres-de-Clapiers-34.jpg\" data-elementor-open-lightbox=\"yes\" data-elementor-lightbox-slideshow=\"395a288c\" data-elementor-lightbox-title=\"Mosa\u00efque-carrelage-effet-pierre-contemporaine-ATRATA-STONE-Neutra-Grey-pour-sol-et-mur-4-coloris-Magasin-PORTO_VENERE_MONTPELLIER-pr\u00e8s-de-Clapiers-34\" data-e-action-hash=\"#elementor-action%3Aaction%3Dlightbox%26settings%3DeyJpZCI6NjI0MDYsInVybCI6Imh0dHBzOlwvXC93d3cucG9ydG92ZW5lcmUuZnJcL2ZyLWZyXC93cC1jb250ZW50XC91cGxvYWRzXC8yMDI1XC8wN1wvTW9zYWlxdWUtY2FycmVsYWdlLWVmZmV0LXBpZXJyZS1jb250ZW1wb3JhaW5lLUFUUkFUQS1TVE9ORS1OZXV0cmEtR3JleS1wb3VyLXNvbC1ldC1tdXItNC1jb2xvcmlzLU1hZ2FzaW4tUE9SVE9fVkVORVJFX01PTlRQRUxMSUVSLXByZXMtZGUtQ2xhcGllcnMtMzQuanBnIiwic2xpZGVzaG93IjoiMzk1YTI4OGMifQ%3D%3D\">\n\t\t\t\t\t<div class=\"e-gallery-image elementor-gallery-item__image\" data-thumbnail=\"https:\/\/www.portovenere.fr\/fr-fr\/wp-content\/uploads\/2025\/07\/Mosaique-carrelage-effet-pierre-contemporaine-ATRATA-STONE-Neutra-Grey-pour-sol-et-mur-4-coloris-Magasin-PORTO_VENERE_MONTPELLIER-pres-de-Clapiers-34-150x150.jpg\" data-width=\"150\" data-height=\"150\" aria-label=\"\" role=\"img\" ><\/div>\n\t\t\t\t\t\t\t\t\t\t\t<div class=\"elementor-gallery-item__overlay\"><\/div>\n\t\t\t\t\t\t\t\t\t\t\t\t\t\t<\/a>\n\t\t\t\t\t\t\t<a class=\"e-gallery-item elementor-gallery-item elementor-animated-content\" href=\"https:\/\/www.portovenere.fr\/fr-fr\/wp-content\/uploads\/2025\/07\/Mosaique-carrelage-effet-pierre-contemporaine-ATRATA-STONE-Neutra-Beige-pour-sol-et-mur-4-coloris-Magasin-PORTO_VENERE_MONTPELLIER-pres-de-Lattes-34.jpg\" data-elementor-open-lightbox=\"yes\" data-elementor-lightbox-slideshow=\"395a288c\" data-elementor-lightbox-title=\"Mosa\u00efque-carrelage-effet-pierre-contemporaine-ATRATA-STONE-Neutra-Beige-pour-sol-et-mur-4-coloris-Magasin-PORTO_VENERE_MONTPELLIER-pr\u00e8s-de-Lattes-34\" data-e-action-hash=\"#elementor-action%3Aaction%3Dlightbox%26settings%3DeyJpZCI6NjI0MDUsInVybCI6Imh0dHBzOlwvXC93d3cucG9ydG92ZW5lcmUuZnJcL2ZyLWZyXC93cC1jb250ZW50XC91cGxvYWRzXC8yMDI1XC8wN1wvTW9zYWlxdWUtY2FycmVsYWdlLWVmZmV0LXBpZXJyZS1jb250ZW1wb3JhaW5lLUFUUkFUQS1TVE9ORS1OZXV0cmEtQmVpZ2UtcG91ci1zb2wtZXQtbXVyLTQtY29sb3Jpcy1NYWdhc2luLVBPUlRPX1ZFTkVSRV9NT05UUEVMTElFUi1wcmVzLWRlLUxhdHRlcy0zNC5qcGciLCJzbGlkZXNob3ciOiIzOTVhMjg4YyJ9\">\n\t\t\t\t\t<div class=\"e-gallery-image elementor-gallery-item__image\" data-thumbnail=\"https:\/\/www.portovenere.fr\/fr-fr\/wp-content\/uploads\/2025\/07\/Mosaique-carrelage-effet-pierre-contemporaine-ATRATA-STONE-Neutra-Beige-pour-sol-et-mur-4-coloris-Magasin-PORTO_VENERE_MONTPELLIER-pres-de-Lattes-34-150x150.jpg\" data-width=\"150\" data-height=\"150\" aria-label=\"\" role=\"img\" ><\/div>\n\t\t\t\t\t\t\t\t\t\t\t<div class=\"elementor-gallery-item__overlay\"><\/div>\n\t\t\t\t\t\t\t\t\t\t\t\t\t\t<\/a>\n\t\t\t\t\t\t\t<a class=\"e-gallery-item elementor-gallery-item elementor-animated-content\" href=\"https:\/\/www.portovenere.fr\/fr-fr\/wp-content\/uploads\/2025\/07\/Mosaique-carrelage-effet-pierre-contemporaine-ATRATA-STONE-Neurta-Greige-pour-sol-et-mur-4-coloris-Magasin-PORTO_VENERE_MONTPELLIER-pres-de-Juvignac-34.jpg\" data-elementor-open-lightbox=\"yes\" data-elementor-lightbox-slideshow=\"395a288c\" data-elementor-lightbox-title=\"Mosa\u00efque-carrelage-effet-pierre-contemporaine-ATRATA-STONE-Neurta-Greige-pour-sol-et-mur-4-coloris-Magasin-PORTO_VENERE_MONTPELLIER-pr\u00e8s-de-Juvignac-34\" data-e-action-hash=\"#elementor-action%3Aaction%3Dlightbox%26settings%3DeyJpZCI6NjI0MDQsInVybCI6Imh0dHBzOlwvXC93d3cucG9ydG92ZW5lcmUuZnJcL2ZyLWZyXC93cC1jb250ZW50XC91cGxvYWRzXC8yMDI1XC8wN1wvTW9zYWlxdWUtY2FycmVsYWdlLWVmZmV0LXBpZXJyZS1jb250ZW1wb3JhaW5lLUFUUkFUQS1TVE9ORS1OZXVydGEtR3JlaWdlLXBvdXItc29sLWV0LW11ci00LWNvbG9yaXMtTWFnYXNpbi1QT1JUT19WRU5FUkVfTU9OVFBFTExJRVItcHJlcy1kZS1KdXZpZ25hYy0zNC5qcGciLCJzbGlkZXNob3ciOiIzOTVhMjg4YyJ9\">\n\t\t\t\t\t<div class=\"e-gallery-image elementor-gallery-item__image\" data-thumbnail=\"https:\/\/www.portovenere.fr\/fr-fr\/wp-content\/uploads\/2025\/07\/Mosaique-carrelage-effet-pierre-contemporaine-ATRATA-STONE-Neurta-Greige-pour-sol-et-mur-4-coloris-Magasin-PORTO_VENERE_MONTPELLIER-pres-de-Juvignac-34-150x150.jpg\" data-width=\"150\" data-height=\"150\" aria-label=\"\" role=\"img\" ><\/div>\n\t\t\t\t\t\t\t\t\t\t\t<div class=\"elementor-gallery-item__overlay\"><\/div>\n\t\t\t\t\t\t\t\t\t\t\t\t\t\t<\/a>\n\t\t\t\t\t\t\t<a class=\"e-gallery-item elementor-gallery-item elementor-animated-content\" href=\"https:\/\/www.portovenere.fr\/fr-fr\/wp-content\/uploads\/2025\/07\/Mosaique-carrelage-effet-pierre-contemporaine-ATRATA-STONE-Sassi-White-pour-sol-et-mur-4-coloris-Magasin-PORTO_VENERE_MONTPELLIER-pres-de-Sete-34.jpg\" data-elementor-open-lightbox=\"yes\" data-elementor-lightbox-slideshow=\"395a288c\" data-elementor-lightbox-title=\"Mosa\u00efque-carrelage-effet-pierre-contemporaine-ATRATA-STONE-Sassi-White-pour-sol-et-mur-4-coloris-Magasin-PORTO_VENERE_MONTPELLIER-pr\u00e8s-de-S\u00e8te-34\" data-e-action-hash=\"#elementor-action%3Aaction%3Dlightbox%26settings%3DeyJpZCI6NjIzOTQsInVybCI6Imh0dHBzOlwvXC93d3cucG9ydG92ZW5lcmUuZnJcL2ZyLWZyXC93cC1jb250ZW50XC91cGxvYWRzXC8yMDI1XC8wN1wvTW9zYWlxdWUtY2FycmVsYWdlLWVmZmV0LXBpZXJyZS1jb250ZW1wb3JhaW5lLUFUUkFUQS1TVE9ORS1TYXNzaS1XaGl0ZS1wb3VyLXNvbC1ldC1tdXItNC1jb2xvcmlzLU1hZ2FzaW4tUE9SVE9fVkVORVJFX01PTlRQRUxMSUVSLXByZXMtZGUtU2V0ZS0zNC5qcGciLCJzbGlkZXNob3ciOiIzOTVhMjg4YyJ9\">\n\t\t\t\t\t<div class=\"e-gallery-image elementor-gallery-item__image\" data-thumbnail=\"https:\/\/www.portovenere.fr\/fr-fr\/wp-content\/uploads\/2025\/07\/Mosaique-carrelage-effet-pierre-contemporaine-ATRATA-STONE-Sassi-White-pour-sol-et-mur-4-coloris-Magasin-PORTO_VENERE_MONTPELLIER-pres-de-Sete-34-150x150.jpg\" data-width=\"150\" data-height=\"150\" aria-label=\"\" role=\"img\" ><\/div>\n\t\t\t\t\t\t\t\t\t\t\t<div class=\"elementor-gallery-item__overlay\"><\/div>\n\t\t\t\t\t\t\t\t\t\t\t\t\t\t<\/a>\n\t\t\t\t\t\t\t<a class=\"e-gallery-item elementor-gallery-item elementor-animated-content\" href=\"https:\/\/www.portovenere.fr\/fr-fr\/wp-content\/uploads\/2025\/07\/Mosaique-carrelage-effet-pierre-contemporaine-ATRATA-STONE-Sassi-Greige-pour-sol-et-mur-4-coloris-Magasin-PORTO_VENERE_MONTPELLIER-pres-de-Mireval-34.jpg\" data-elementor-open-lightbox=\"yes\" data-elementor-lightbox-slideshow=\"395a288c\" data-elementor-lightbox-title=\"Mosa\u00efque-carrelage-effet-pierre-contemporaine-ATRATA-STONE-Sassi-Greige-pour-sol-et-mur-4-coloris-Magasin-PORTO_VENERE_MONTPELLIER-pr\u00e8s-de-Mireval-34\" data-e-action-hash=\"#elementor-action%3Aaction%3Dlightbox%26settings%3DeyJpZCI6NjIzOTMsInVybCI6Imh0dHBzOlwvXC93d3cucG9ydG92ZW5lcmUuZnJcL2ZyLWZyXC93cC1jb250ZW50XC91cGxvYWRzXC8yMDI1XC8wN1wvTW9zYWlxdWUtY2FycmVsYWdlLWVmZmV0LXBpZXJyZS1jb250ZW1wb3JhaW5lLUFUUkFUQS1TVE9ORS1TYXNzaS1HcmVpZ2UtcG91ci1zb2wtZXQtbXVyLTQtY29sb3Jpcy1NYWdhc2luLVBPUlRPX1ZFTkVSRV9NT05UUEVMTElFUi1wcmVzLWRlLU1pcmV2YWwtMzQuanBnIiwic2xpZGVzaG93IjoiMzk1YTI4OGMifQ%3D%3D\">\n\t\t\t\t\t<div class=\"e-gallery-image elementor-gallery-item__image\" data-thumbnail=\"https:\/\/www.portovenere.fr\/fr-fr\/wp-content\/uploads\/2025\/07\/Mosaique-carrelage-effet-pierre-contemporaine-ATRATA-STONE-Sassi-Greige-pour-sol-et-mur-4-coloris-Magasin-PORTO_VENERE_MONTPELLIER-pres-de-Mireval-34-150x150.jpg\" data-width=\"150\" data-height=\"150\" aria-label=\"\" role=\"img\" ><\/div>\n\t\t\t\t\t\t\t\t\t\t\t<div class=\"elementor-gallery-item__overlay\"><\/div>\n\t\t\t\t\t\t\t\t\t\t\t\t\t\t<\/a>\n\t\t\t\t\t\t\t<a class=\"e-gallery-item elementor-gallery-item elementor-animated-content\" href=\"https:\/\/www.portovenere.fr\/fr-fr\/wp-content\/uploads\/2025\/07\/Mosaique-carrelage-effet-pierre-contemporaine-ATRATA-STONE-Sassi-Dark-Grey-pour-sol-et-mur-4-coloris-Magasin-PORTO_VENERE_MONTPELLIER-pres-de-Cassis-13.jpg\" data-elementor-open-lightbox=\"yes\" data-elementor-lightbox-slideshow=\"395a288c\" data-elementor-lightbox-title=\"Mosa\u00efque-carrelage-effet-pierre-contemporaine-ATRATA-STONE-Sassi-Dark-Grey-pour-sol-et-mur-4-coloris-Magasin-PORTO_VENERE_MONTPELLIER-pr\u00e8s-de-Cassis-13\" data-e-action-hash=\"#elementor-action%3Aaction%3Dlightbox%26settings%3DeyJpZCI6NjIzOTIsInVybCI6Imh0dHBzOlwvXC93d3cucG9ydG92ZW5lcmUuZnJcL2ZyLWZyXC93cC1jb250ZW50XC91cGxvYWRzXC8yMDI1XC8wN1wvTW9zYWlxdWUtY2FycmVsYWdlLWVmZmV0LXBpZXJyZS1jb250ZW1wb3JhaW5lLUFUUkFUQS1TVE9ORS1TYXNzaS1EYXJrLUdyZXktcG91ci1zb2wtZXQtbXVyLTQtY29sb3Jpcy1NYWdhc2luLVBPUlRPX1ZFTkVSRV9NT05UUEVMTElFUi1wcmVzLWRlLUNhc3Npcy0xMy5qcGciLCJzbGlkZXNob3ciOiIzOTVhMjg4YyJ9\">\n\t\t\t\t\t<div class=\"e-gallery-image elementor-gallery-item__image\" data-thumbnail=\"https:\/\/www.portovenere.fr\/fr-fr\/wp-content\/uploads\/2025\/07\/Mosaique-carrelage-effet-pierre-contemporaine-ATRATA-STONE-Sassi-Dark-Grey-pour-sol-et-mur-4-coloris-Magasin-PORTO_VENERE_MONTPELLIER-pres-de-Cassis-13-150x150.jpg\" data-width=\"150\" data-height=\"150\" aria-label=\"\" role=\"img\" ><\/div>\n\t\t\t\t\t\t\t\t\t\t\t<div class=\"elementor-gallery-item__overlay\"><\/div>\n\t\t\t\t\t\t\t\t\t\t\t\t\t\t<\/a>\n\t\t\t\t\t\t\t<a class=\"e-gallery-item elementor-gallery-item elementor-animated-content\" href=\"https:\/\/www.portovenere.fr\/fr-fr\/wp-content\/uploads\/2025\/07\/Mosaique-carrelage-effet-pierre-contemporaine-ATRATA-STONE-Sassi-Beige-pour-sol-et-mur-4-coloris-Magasin-PORTO_VENERE_a-MONTPELLIER-34.jpg\" data-elementor-open-lightbox=\"yes\" data-elementor-lightbox-slideshow=\"395a288c\" data-elementor-lightbox-title=\"Mosa\u00efque-carrelage-effet-pierre-contemporaine-ATRATA-STONE-Sassi-Beige-pour-sol-et-mur-4-coloris-Magasin-PORTO_VENERE_\u00e0-MONTPELLIER-34\" data-e-action-hash=\"#elementor-action%3Aaction%3Dlightbox%26settings%3DeyJpZCI6NjIzOTEsInVybCI6Imh0dHBzOlwvXC93d3cucG9ydG92ZW5lcmUuZnJcL2ZyLWZyXC93cC1jb250ZW50XC91cGxvYWRzXC8yMDI1XC8wN1wvTW9zYWlxdWUtY2FycmVsYWdlLWVmZmV0LXBpZXJyZS1jb250ZW1wb3JhaW5lLUFUUkFUQS1TVE9ORS1TYXNzaS1CZWlnZS1wb3VyLXNvbC1ldC1tdXItNC1jb2xvcmlzLU1hZ2FzaW4tUE9SVE9fVkVORVJFX2EtTU9OVFBFTExJRVItMzQuanBnIiwic2xpZGVzaG93IjoiMzk1YTI4OGMifQ%3D%3D\">\n\t\t\t\t\t<div class=\"e-gallery-image elementor-gallery-item__image\" data-thumbnail=\"https:\/\/www.portovenere.fr\/fr-fr\/wp-content\/uploads\/2025\/07\/Mosaique-carrelage-effet-pierre-contemporaine-ATRATA-STONE-Sassi-Beige-pour-sol-et-mur-4-coloris-Magasin-PORTO_VENERE_a-MONTPELLIER-34-150x150.jpg\" data-width=\"150\" data-height=\"150\" aria-label=\"\" role=\"img\" ><\/div>\n\t\t\t\t\t\t\t\t\t\t\t<div class=\"elementor-gallery-item__overlay\"><\/div>\n\t\t\t\t\t\t\t\t\t\t\t\t\t\t<\/a>\n\t\t\t\t\t<\/div>\n\t\t\t\t\t<\/div>\n\t\t\t\t<\/div>\n\t\t\t\t<div class=\"elementor-element elementor-element-637db0a3 elementor-widget elementor-widget-text-editor\" data-id=\"637db0a3\" data-element_type=\"widget\" data-e-type=\"widget\" data-widget_type=\"text-editor.default\">\n\t\t\t\t<div class=\"elementor-widget-container\">\n\t\t\t\t\t\t\t\t\t<p data-sourcepos=\"5:1-5:46\">Le carrelage pierre<b> int\u00e9rieur et ext\u00e9rieur RINCA STONE<\/b>\u00a0reprend l&rsquo;effet de la pierre naturelle \u00e0 travers<b>\u00a03 coloris : White, Beige et Light Grey.<\/b><\/p><p data-sourcepos=\"5:1-5:46\"><span style=\"color: var( --e-global-color-text ); text-align: start;\">Ce carrelage gr\u00e8s c\u00e9rame est d\u00e9clin\u00e9 en deux identit\u00e9s visuelles : <b>VEIN CUT<\/b> (vagues lin\u00e9aires) et <b>CROSS CUT <\/b>(vagues arrondies), dans des<b> finitions naturelles Silktech<\/b> et <b>antid\u00e9rapantes Silktech Plus<\/b>.<\/span><\/p><p data-sourcepos=\"5:1-5:46\"><span style=\"color: var( --e-global-color-text ); text-align: start;\">Les <b>2 d\u00e9cors pour murs et sols<\/b>\u00a0BLOCKS et TWEED, ainsi que des mosa\u00efques &#8211; 5&#215;5 cm et hexagonale &#8211; compl\u00e8tent cette collection parfaitement adapt\u00e9e pour votre projet de construction ou r\u00e9novation.\u00a0<\/span><\/p><p style=\"text-align: start;\" data-sourcepos=\"5:1-5:46\"><span style=\"color: #2d2d2d;\">Plusieurs formats propos\u00e9s pour cette collection de carrelage imitation pierre naturelle de qualit\u00e9 : <b>120&#215;120 cm, 90x180cm, 60&#215;120 cm, 60&#215;60 cm et 30x60cm.<\/b><\/span><\/p>\t\t\t\t\t\t\t\t<\/div>\n\t\t\t\t<\/div>\n\t\t\t\t<div class=\"elementor-element elementor-element-54f01fc9 elementor-mobile-align-center elementor-widget elementor-widget-button\" data-id=\"54f01fc9\" data-element_type=\"widget\" data-e-type=\"widget\" data-widget_type=\"button.default\">\n\t\t\t\t<div class=\"elementor-widget-container\">\n\t\t\t\t\t\t\t\t\t<div class=\"elementor-button-wrapper\">\n\t\t\t\t\t<a class=\"elementor-button elementor-button-link elementor-size-sm\" href=\"https:\/\/www.portovenere.fr\/fr-fr\/carrelage-sol-et-mur-en-gres-cerame-et-faience\/carrelage-aspect-pierre\/carrelage-haut-de-gamme-effet-pierre-contemporaine-atrata-stone\/\">\n\t\t\t\t\t\t<span class=\"elementor-button-content-wrapper\">\n\t\t\t\t\t\t\t\t\t<span class=\"elementor-button-text\">VOIR LA COLLECTION<\/span>\n\t\t\t\t\t<\/span>\n\t\t\t\t\t<\/a>\n\t\t\t\t<\/div>\n\t\t\t\t\t\t\t\t<\/div>\n\t\t\t\t<\/div>\n\t\t\t\t\t<\/div>\n\t\t<\/div>\n\t\t\t\t\t<\/div>\n\t\t<\/section>\n\t\t\t\t\t<\/div>\n\t\t<\/div>\n\t\t\t\t<div class=\"elementor-column elementor-col-33 elementor-top-column elementor-element elementor-element-577c99c3\" data-id=\"577c99c3\" data-element_type=\"column\" data-e-type=\"column\" data-settings=\"{&quot;background_background&quot;:&quot;classic&quot;}\">\n\t\t\t<div class=\"elementor-widget-wrap elementor-element-populated\">\n\t\t\t\t\t\t<div class=\"elementor-element elementor-element-336864cc elementor-widget elementor-widget-image\" data-id=\"336864cc\" data-element_type=\"widget\" data-e-type=\"widget\" data-widget_type=\"image.default\">\n\t\t\t\t<div class=\"elementor-widget-container\">\n\t\t\t\t\t\t\t\t\t\t\t\t\t\t\t\t<a href=\"https:\/\/www.portovenere.fr\/fr-fr\/carrelage-sol-et-mur-en-gres-cerame-et-faience\/carrelage-aspect-pierre\/carrelage-aspect-pierre-ardoise-cinama-stone\/\">\n\t\t\t\t\t\t\t<img decoding=\"async\" src=\"https:\/\/www.portovenere.fr\/fr-fr\/wp-content\/uploads\/elementor\/thumbs\/Carrelage-gres-cerame-pour-sol-et-muraspect-pierre-ardoise-claire-CINAMA-STONE-Slate-Light-Grey-120x120-cm-et-120x278-cm-magasin-Porto-Venere-pres-de-Lunel-34-r94lyvkgvlr8gimgl7uk9raioolmdqgcgwzslfvxeo.jpg\" title=\"Carrelage-gr\u00e8s-c\u00e9rame-pour-sol-et-muraspect-pierre-ardoise-claire-CINAMA-STONE-Slate-Light-Grey-120&#215;120-cm-et-120&#215;278-cm-magasin-Porto-Venere-pr\u00e8s-de-Lunel-34\" alt=\"Slate Light Grey  naturale 120x120 cm et 120x278 cm\" loading=\"lazy\" \/>\t\t\t\t\t\t\t\t<\/a>\n\t\t\t\t\t\t\t\t\t\t\t\t\t\t\t<\/div>\n\t\t\t\t<\/div>\n\t\t\t\t<div class=\"elementor-element elementor-element-5f3f786a elementor-widget elementor-widget-heading\" data-id=\"5f3f786a\" data-element_type=\"widget\" data-e-type=\"widget\" data-widget_type=\"heading.default\">\n\t\t\t\t<div class=\"elementor-widget-container\">\n\t\t\t\t\t<h3 class=\"elementor-heading-title elementor-size-default\"><a href=\"https:\/\/www.portovenere.fr\/fr-fr\/carrelage-sol-et-mur-en-gres-cerame-et-faience\/carrelage-aspect-pierre\/carrelage-aspect-pierre-ardoise-cinama-stone\/\">CINAMA STONE | 6 coloris<\/a><\/h3>\t\t\t\t<\/div>\n\t\t\t\t<\/div>\n\t\t\t\t<div class=\"elementor-element elementor-element-7ea07347 elementor-widget__width-initial elementor-widget elementor-widget-gallery\" data-id=\"7ea07347\" data-element_type=\"widget\" data-e-type=\"widget\" data-settings=\"{&quot;gap&quot;:{&quot;unit&quot;:&quot;px&quot;,&quot;size&quot;:3,&quot;sizes&quot;:[]},&quot;columns_mobile&quot;:3,&quot;gap_mobile&quot;:{&quot;unit&quot;:&quot;px&quot;,&quot;size&quot;:6,&quot;sizes&quot;:[]},&quot;columns&quot;:5,&quot;columns_tablet&quot;:3,&quot;gap_tablet&quot;:{&quot;unit&quot;:&quot;px&quot;,&quot;size&quot;:5,&quot;sizes&quot;:[]},&quot;lazyload&quot;:&quot;yes&quot;,&quot;gallery_layout&quot;:&quot;grid&quot;,&quot;link_to&quot;:&quot;file&quot;,&quot;aspect_ratio&quot;:&quot;3:2&quot;,&quot;overlay_background&quot;:&quot;yes&quot;,&quot;content_hover_animation&quot;:&quot;fade-in&quot;}\" data-widget_type=\"gallery.default\">\n\t\t\t\t<div class=\"elementor-widget-container\">\n\t\t\t\t\t\t\t<div class=\"elementor-gallery__container\">\n\t\t\t\t\t\t\t<a class=\"e-gallery-item elementor-gallery-item elementor-animated-content\" href=\"https:\/\/www.portovenere.fr\/fr-fr\/wp-content\/uploads\/2025\/07\/Carrelage-gris-type-pierre-ardoise-pour-sol-et-mur-en-gres-cerame-CINAMA-STONE-Slate-grey-magasin-pres-de-Lunel-34.jpg\" data-elementor-open-lightbox=\"yes\" data-elementor-lightbox-slideshow=\"7ea07347\" data-elementor-lightbox-title=\"Carrelage-gris-type-pierre-ardoise-pour-sol-et-mur-en-gr\u00e8s-c\u00e9rame-CINAMA-STONE-Slate-grey-magasin-pr\u00e8s-de-Lunel-34\" data-e-action-hash=\"#elementor-action%3Aaction%3Dlightbox%26settings%3DeyJpZCI6NjI1NjksInVybCI6Imh0dHBzOlwvXC93d3cucG9ydG92ZW5lcmUuZnJcL2ZyLWZyXC93cC1jb250ZW50XC91cGxvYWRzXC8yMDI1XC8wN1wvQ2FycmVsYWdlLWdyaXMtdHlwZS1waWVycmUtYXJkb2lzZS1wb3VyLXNvbC1ldC1tdXItZW4tZ3Jlcy1jZXJhbWUtQ0lOQU1BLVNUT05FLVNsYXRlLWdyZXktbWFnYXNpbi1wcmVzLWRlLUx1bmVsLTM0LmpwZyIsInNsaWRlc2hvdyI6IjdlYTA3MzQ3In0%3D\">\n\t\t\t\t\t<div class=\"e-gallery-image elementor-gallery-item__image\" data-thumbnail=\"https:\/\/www.portovenere.fr\/fr-fr\/wp-content\/uploads\/2025\/07\/Carrelage-gris-type-pierre-ardoise-pour-sol-et-mur-en-gres-cerame-CINAMA-STONE-Slate-grey-magasin-pres-de-Lunel-34-150x150.jpg\" data-width=\"150\" data-height=\"150\" aria-label=\"\" role=\"img\" ><\/div>\n\t\t\t\t\t\t\t\t\t\t\t<div class=\"elementor-gallery-item__overlay\"><\/div>\n\t\t\t\t\t\t\t\t\t\t\t\t\t\t<\/a>\n\t\t\t\t\t\t\t<a class=\"e-gallery-item elementor-gallery-item elementor-animated-content\" href=\"https:\/\/www.portovenere.fr\/fr-fr\/wp-content\/uploads\/2025\/07\/Carrelage-gris-clair-type-pierre-ardoise-pour-sol-et-mur-en-gres-cerame-CINAMA-STONE-Slate-light-grey-magasin-pres-de-Balaruc-34.jpg\" data-elementor-open-lightbox=\"yes\" data-elementor-lightbox-slideshow=\"7ea07347\" data-elementor-lightbox-title=\"Carrelage-gris-clair-type-pierre-ardoise-pour-sol-et-mur-en-gr\u00e8s-c\u00e9rame-CINAMA-STONE-Slate-light-grey-magasin-pr\u00e8s-de-Balaruc-34\" data-e-action-hash=\"#elementor-action%3Aaction%3Dlightbox%26settings%3DeyJpZCI6NjI1NjgsInVybCI6Imh0dHBzOlwvXC93d3cucG9ydG92ZW5lcmUuZnJcL2ZyLWZyXC93cC1jb250ZW50XC91cGxvYWRzXC8yMDI1XC8wN1wvQ2FycmVsYWdlLWdyaXMtY2xhaXItdHlwZS1waWVycmUtYXJkb2lzZS1wb3VyLXNvbC1ldC1tdXItZW4tZ3Jlcy1jZXJhbWUtQ0lOQU1BLVNUT05FLVNsYXRlLWxpZ2h0LWdyZXktbWFnYXNpbi1wcmVzLWRlLUJhbGFydWMtMzQuanBnIiwic2xpZGVzaG93IjoiN2VhMDczNDcifQ%3D%3D\">\n\t\t\t\t\t<div class=\"e-gallery-image elementor-gallery-item__image\" data-thumbnail=\"https:\/\/www.portovenere.fr\/fr-fr\/wp-content\/uploads\/2025\/07\/Carrelage-gris-clair-type-pierre-ardoise-pour-sol-et-mur-en-gres-cerame-CINAMA-STONE-Slate-light-grey-magasin-pres-de-Balaruc-34-150x150.jpg\" data-width=\"150\" data-height=\"150\" aria-label=\"\" role=\"img\" ><\/div>\n\t\t\t\t\t\t\t\t\t\t\t<div class=\"elementor-gallery-item__overlay\"><\/div>\n\t\t\t\t\t\t\t\t\t\t\t\t\t\t<\/a>\n\t\t\t\t\t\t\t<a class=\"e-gallery-item elementor-gallery-item elementor-animated-content\" href=\"https:\/\/www.portovenere.fr\/fr-fr\/wp-content\/uploads\/2025\/07\/Carrelage-fonce-type-pierre-ardoise-pour-sol-et-mur-en-gres-cerame-CINAMA-STONE-Slate-black-noir-magasin-pres-de-Palavas-34.jpg\" data-elementor-open-lightbox=\"yes\" data-elementor-lightbox-slideshow=\"7ea07347\" data-elementor-lightbox-title=\"Carrelage-fonc\u00e9--type-pierre-ardoise-pour-sol-et-mur-en-gr\u00e8s-c\u00e9rame-CINAMA-STONE-Slate-black-noir-magasin-pr\u00e8s-de-Palavas-34\" data-e-action-hash=\"#elementor-action%3Aaction%3Dlightbox%26settings%3DeyJpZCI6NjI1NjcsInVybCI6Imh0dHBzOlwvXC93d3cucG9ydG92ZW5lcmUuZnJcL2ZyLWZyXC93cC1jb250ZW50XC91cGxvYWRzXC8yMDI1XC8wN1wvQ2FycmVsYWdlLWZvbmNlLXR5cGUtcGllcnJlLWFyZG9pc2UtcG91ci1zb2wtZXQtbXVyLWVuLWdyZXMtY2VyYW1lLUNJTkFNQS1TVE9ORS1TbGF0ZS1ibGFjay1ub2lyLW1hZ2FzaW4tcHJlcy1kZS1QYWxhdmFzLTM0LmpwZyIsInNsaWRlc2hvdyI6IjdlYTA3MzQ3In0%3D\">\n\t\t\t\t\t<div class=\"e-gallery-image elementor-gallery-item__image\" data-thumbnail=\"https:\/\/www.portovenere.fr\/fr-fr\/wp-content\/uploads\/2025\/07\/Carrelage-fonce-type-pierre-ardoise-pour-sol-et-mur-en-gres-cerame-CINAMA-STONE-Slate-black-noir-magasin-pres-de-Palavas-34-150x150.jpg\" data-width=\"150\" data-height=\"150\" aria-label=\"\" role=\"img\" ><\/div>\n\t\t\t\t\t\t\t\t\t\t\t<div class=\"elementor-gallery-item__overlay\"><\/div>\n\t\t\t\t\t\t\t\t\t\t\t\t\t\t<\/a>\n\t\t\t\t\t\t\t<a class=\"e-gallery-item elementor-gallery-item elementor-animated-content\" href=\"https:\/\/www.portovenere.fr\/fr-fr\/wp-content\/uploads\/2025\/07\/Carrelage-clair-type-pierre-ardoise-pour-sol-et-mur-en-gres-cerame-CINAMA-STONE-Slate-white-magasin-pres-de-Gigean-34.jpg\" data-elementor-open-lightbox=\"yes\" data-elementor-lightbox-slideshow=\"7ea07347\" data-elementor-lightbox-title=\"Carrelage-clair-type-pierre-ardoise-pour-sol-et-mur-en-gr\u00e8s-c\u00e9rame-CINAMA-STONE-Slate-white-magasin-pr\u00e8s-de-Gigean-34\" data-e-action-hash=\"#elementor-action%3Aaction%3Dlightbox%26settings%3DeyJpZCI6NjI1NjYsInVybCI6Imh0dHBzOlwvXC93d3cucG9ydG92ZW5lcmUuZnJcL2ZyLWZyXC93cC1jb250ZW50XC91cGxvYWRzXC8yMDI1XC8wN1wvQ2FycmVsYWdlLWNsYWlyLXR5cGUtcGllcnJlLWFyZG9pc2UtcG91ci1zb2wtZXQtbXVyLWVuLWdyZXMtY2VyYW1lLUNJTkFNQS1TVE9ORS1TbGF0ZS13aGl0ZS1tYWdhc2luLXByZXMtZGUtR2lnZWFuLTM0LmpwZyIsInNsaWRlc2hvdyI6IjdlYTA3MzQ3In0%3D\">\n\t\t\t\t\t<div class=\"e-gallery-image elementor-gallery-item__image\" data-thumbnail=\"https:\/\/www.portovenere.fr\/fr-fr\/wp-content\/uploads\/2025\/07\/Carrelage-clair-type-pierre-ardoise-pour-sol-et-mur-en-gres-cerame-CINAMA-STONE-Slate-white-magasin-pres-de-Gigean-34-150x150.jpg\" data-width=\"150\" data-height=\"150\" aria-label=\"\" role=\"img\" ><\/div>\n\t\t\t\t\t\t\t\t\t\t\t<div class=\"elementor-gallery-item__overlay\"><\/div>\n\t\t\t\t\t\t\t\t\t\t\t\t\t\t<\/a>\n\t\t\t\t\t\t\t<a class=\"e-gallery-item elementor-gallery-item elementor-animated-content\" href=\"https:\/\/www.portovenere.fr\/fr-fr\/wp-content\/uploads\/2025\/07\/Carrelage-clair-sable-type-pierre-ardoise-pour-sol-et-mur-en-gres-cerame-CINAMA-STONE-Sand-magasin-a-Montpellier-34.jpg\" data-elementor-open-lightbox=\"yes\" data-elementor-lightbox-slideshow=\"7ea07347\" data-elementor-lightbox-title=\"Carrelage-clair-sable-type-pierre-ardoise-pour-sol-et-mur-en-gr\u00e8s-c\u00e9rame-CINAMA-STONE-Sand-magasin-\u00e0-Montpellier-34\" data-e-action-hash=\"#elementor-action%3Aaction%3Dlightbox%26settings%3DeyJpZCI6NjI1NjUsInVybCI6Imh0dHBzOlwvXC93d3cucG9ydG92ZW5lcmUuZnJcL2ZyLWZyXC93cC1jb250ZW50XC91cGxvYWRzXC8yMDI1XC8wN1wvQ2FycmVsYWdlLWNsYWlyLXNhYmxlLXR5cGUtcGllcnJlLWFyZG9pc2UtcG91ci1zb2wtZXQtbXVyLWVuLWdyZXMtY2VyYW1lLUNJTkFNQS1TVE9ORS1TYW5kLW1hZ2FzaW4tYS1Nb250cGVsbGllci0zNC5qcGciLCJzbGlkZXNob3ciOiI3ZWEwNzM0NyJ9\">\n\t\t\t\t\t<div class=\"e-gallery-image elementor-gallery-item__image\" data-thumbnail=\"https:\/\/www.portovenere.fr\/fr-fr\/wp-content\/uploads\/2025\/07\/Carrelage-clair-sable-type-pierre-ardoise-pour-sol-et-mur-en-gres-cerame-CINAMA-STONE-Sand-magasin-a-Montpellier-34-150x150.jpg\" data-width=\"150\" data-height=\"150\" aria-label=\"\" role=\"img\" ><\/div>\n\t\t\t\t\t\t\t\t\t\t\t<div class=\"elementor-gallery-item__overlay\"><\/div>\n\t\t\t\t\t\t\t\t\t\t\t\t\t\t<\/a>\n\t\t\t\t\t\t\t<a class=\"e-gallery-item elementor-gallery-item elementor-animated-content\" href=\"https:\/\/www.portovenere.fr\/fr-fr\/wp-content\/uploads\/2025\/07\/Carrelage-blanc-clair-type-pierre-ardoise-pour-sol-et-mur-en-gres-cerame-CINAMA-STONE-Superwhite-magasin-pres-de-Perols-34.jpg\" data-elementor-open-lightbox=\"yes\" data-elementor-lightbox-slideshow=\"7ea07347\" data-elementor-lightbox-title=\"Carrelage-blanc-clair-type-pierre-ardoise-pour-sol-et-mur-en-gr\u00e8s-c\u00e9rame-CINAMA-STONE-Superwhite-magasin-pr\u00e8s-de-P\u00e9rols-34\" data-e-action-hash=\"#elementor-action%3Aaction%3Dlightbox%26settings%3DeyJpZCI6NjI1NjQsInVybCI6Imh0dHBzOlwvXC93d3cucG9ydG92ZW5lcmUuZnJcL2ZyLWZyXC93cC1jb250ZW50XC91cGxvYWRzXC8yMDI1XC8wN1wvQ2FycmVsYWdlLWJsYW5jLWNsYWlyLXR5cGUtcGllcnJlLWFyZG9pc2UtcG91ci1zb2wtZXQtbXVyLWVuLWdyZXMtY2VyYW1lLUNJTkFNQS1TVE9ORS1TdXBlcndoaXRlLW1hZ2FzaW4tcHJlcy1kZS1QZXJvbHMtMzQuanBnIiwic2xpZGVzaG93IjoiN2VhMDczNDcifQ%3D%3D\">\n\t\t\t\t\t<div class=\"e-gallery-image elementor-gallery-item__image\" data-thumbnail=\"https:\/\/www.portovenere.fr\/fr-fr\/wp-content\/uploads\/2025\/07\/Carrelage-blanc-clair-type-pierre-ardoise-pour-sol-et-mur-en-gres-cerame-CINAMA-STONE-Superwhite-magasin-pres-de-Perols-34-150x150.jpg\" data-width=\"150\" data-height=\"150\" aria-label=\"\" role=\"img\" ><\/div>\n\t\t\t\t\t\t\t\t\t\t\t<div class=\"elementor-gallery-item__overlay\"><\/div>\n\t\t\t\t\t\t\t\t\t\t\t\t\t\t<\/a>\n\t\t\t\t\t<\/div>\n\t\t\t\t\t<\/div>\n\t\t\t\t<\/div>\n\t\t\t\t<div class=\"elementor-element elementor-element-683c3de7 elementor-widget elementor-widget-text-editor\" data-id=\"683c3de7\" data-element_type=\"widget\" data-e-type=\"widget\" data-widget_type=\"text-editor.default\">\n\t\t\t\t<div class=\"elementor-widget-container\">\n\t\t\t\t\t\t\t\t\t<p data-start=\"74\" data-end=\"212\">Le carrelage style pierre ardoise\u00a0<strong data-start=\"100\" data-end=\"116\">CINAMA STONE<\/strong> en gr\u00e8s c\u00e9rame s\u2019adapte \u00e0 une pose <strong data-start=\"152\" data-end=\"172\">murale ou au sol<\/strong>, <strong data-start=\"174\" data-end=\"209\">en int\u00e9rieur comme en ext\u00e9rieur<\/strong>.<\/p><p data-start=\"214\" data-end=\"417\">D\u00e9clin\u00e9 en <strong data-start=\"225\" data-end=\"252\">6 coloris effet ardoise<\/strong> \u2013 du super blanc \u00e0 l\u2019anthracite \u2013 il propose <strong data-start=\"298\" data-end=\"316\">deux finitions<\/strong> pour une continuit\u00e9 parfaite entre les espaces : <strong data-start=\"366\" data-end=\"381\">Naturel R10<\/strong> et <strong data-start=\"385\" data-end=\"414\">Technica antid\u00e9rapant R11<\/strong>.<\/p><p data-start=\"419\" data-end=\"664\">Sa large gamme de <strong data-start=\"437\" data-end=\"461\">formats et mosa\u00efques<\/strong> permet de s&rsquo;int\u00e9grer \u00e0 tous les projets d\u2019am\u00e9nagement : <strong data-start=\"518\" data-end=\"584\">10&#215;30, 30&#215;60, 60&#215;60, 60&#215;120, 45&#215;90, 90&#215;90, 100&#215;100, 120&#215;120 cm<\/strong>, jusqu\u2019au <strong data-start=\"595\" data-end=\"622\">grand format 120&#215;278 cm<\/strong> en fine \u00e9paisseur <strong data-start=\"641\" data-end=\"661\">6,5 mm renforc\u00e9e<\/strong>.<\/p><p data-start=\"666\" data-end=\"908\">L\u2019effet ardoise <strong data-start=\"682\" data-end=\"698\">CINAMA STONE<\/strong> est \u00e9galement propos\u00e9 en dalles antid\u00e9rapantes <strong data-start=\"746\" data-end=\"755\">20 mm<\/strong> pour l&rsquo;ext\u00e9rieur, id\u00e9ales pour une <strong data-start=\"791\" data-end=\"805\">pose \u00e0 sec<\/strong> (sur sable, herbe ou gravier), <strong data-start=\"837\" data-end=\"850\">sur plots<\/strong> ou <strong data-start=\"854\" data-end=\"864\">coll\u00e9e<\/strong> sur chape b\u00e9ton, en <strong data-start=\"885\" data-end=\"907\">60&#215;60 et 60&#215;120 cm<\/strong>.<\/p>\t\t\t\t\t\t\t\t<\/div>\n\t\t\t\t<\/div>\n\t\t\t\t<div class=\"elementor-element elementor-element-789d507d elementor-mobile-align-center elementor-align-left elementor-widget elementor-widget-button\" data-id=\"789d507d\" data-element_type=\"widget\" data-e-type=\"widget\" data-widget_type=\"button.default\">\n\t\t\t\t<div class=\"elementor-widget-container\">\n\t\t\t\t\t\t\t\t\t<div class=\"elementor-button-wrapper\">\n\t\t\t\t\t<a class=\"elementor-button elementor-button-link elementor-size-sm\" href=\"https:\/\/www.portovenere.fr\/fr-fr\/carrelage-sol-et-mur-en-gres-cerame-et-faience\/carrelage-aspect-pierre\/carrelage-aspect-pierre-ardoise-cinama-stone\/\">\n\t\t\t\t\t\t<span class=\"elementor-button-content-wrapper\">\n\t\t\t\t\t\t\t\t\t<span class=\"elementor-button-text\">Voir la collection<\/span>\n\t\t\t\t\t<\/span>\n\t\t\t\t\t<\/a>\n\t\t\t\t<\/div>\n\t\t\t\t\t\t\t\t<\/div>\n\t\t\t\t<\/div>\n\t\t\t\t\t<\/div>\n\t\t<\/div>\n\t\t\t\t<div class=\"elementor-column elementor-col-33 elementor-top-column elementor-element elementor-element-433d4870 elementor-invisible\" data-id=\"433d4870\" data-element_type=\"column\" data-e-type=\"column\" data-settings=\"{&quot;animation&quot;:&quot;fadeIn&quot;}\">\n\t\t\t<div class=\"elementor-widget-wrap elementor-element-populated\">\n\t\t\t\t\t\t<div class=\"elementor-element elementor-element-738d02b1 elementor-widget elementor-widget-image\" data-id=\"738d02b1\" data-element_type=\"widget\" data-e-type=\"widget\" data-widget_type=\"image.default\">\n\t\t\t\t<div class=\"elementor-widget-container\">\n\t\t\t\t\t\t\t\t\t\t\t\t\t\t\t\t<a href=\"https:\/\/www.portovenere.fr\/fr-fr\/carrelage-sol-et-mur-en-gres-cerame-et-faience\/carrelage-aspect-pierre\/carrelage-esprit-terre-cuite-en-gres-cerame-traccia\/\">\n\t\t\t\t\t\t\t<img decoding=\"async\" src=\"https:\/\/www.portovenere.fr\/fr-fr\/wp-content\/uploads\/elementor\/thumbs\/Carrelage-sol-et-mur-style-ancien-artisanal-TRACCIA-Terracotta-80x80-cm-magasin-carrelage-PORTO-VENERE-proche-Beziers-34-r9fdqpmvnkxnsvym9y7rgt0hslin19lwxaam79mrns.jpg\" title=\"Carrelage-sol-et-mur-style-ancien-artisanal-TRACCIA-Terracotta-80&#215;80-cm-magasin-carrelage-PORTO-VENERE-proche-B\u00e9ziers-34\" alt=\"Terracotta 80x80 cm au sol et poteau Majolica Bianco Lux\" loading=\"lazy\" \/>\t\t\t\t\t\t\t\t<\/a>\n\t\t\t\t\t\t\t\t\t\t\t\t\t\t\t<\/div>\n\t\t\t\t<\/div>\n\t\t\t\t<section class=\"elementor-section elementor-inner-section elementor-element elementor-element-22d132cd elementor-section-boxed elementor-section-height-default elementor-section-height-default elementor-invisible\" data-id=\"22d132cd\" data-element_type=\"section\" data-e-type=\"section\" data-settings=\"{&quot;background_background&quot;:&quot;classic&quot;,&quot;animation&quot;:&quot;fadeIn&quot;}\">\n\t\t\t\t\t\t<div class=\"elementor-container elementor-column-gap-default\">\n\t\t\t\t\t<div class=\"elementor-column elementor-col-100 elementor-inner-column elementor-element elementor-element-4fd224c6\" data-id=\"4fd224c6\" data-element_type=\"column\" data-e-type=\"column\">\n\t\t\t<div class=\"elementor-widget-wrap elementor-element-populated\">\n\t\t\t\t\t\t<div class=\"elementor-element elementor-element-52a3c779 elementor-widget elementor-widget-heading\" data-id=\"52a3c779\" data-element_type=\"widget\" data-e-type=\"widget\" data-widget_type=\"heading.default\">\n\t\t\t\t<div class=\"elementor-widget-container\">\n\t\t\t\t\t<h3 class=\"elementor-heading-title elementor-size-default\"><a href=\"https:\/\/www.portovenere.fr\/fr-fr\/carrelage-sol-et-mur-en-gres-cerame-et-faience\/carrelage-aspect-pierre\/carrelage-esprit-terre-cuite-en-gres-cerame-traccia\/\">TRACCIA | 6 coloris<\/a><\/h3>\t\t\t\t<\/div>\n\t\t\t\t<\/div>\n\t\t\t\t<div class=\"elementor-element elementor-element-21caf5e7 elementor-widget__width-initial elementor-widget elementor-widget-gallery\" data-id=\"21caf5e7\" data-element_type=\"widget\" data-e-type=\"widget\" data-settings=\"{&quot;gap&quot;:{&quot;unit&quot;:&quot;px&quot;,&quot;size&quot;:3,&quot;sizes&quot;:[]},&quot;columns_mobile&quot;:3,&quot;gap_mobile&quot;:{&quot;unit&quot;:&quot;px&quot;,&quot;size&quot;:6,&quot;sizes&quot;:[]},&quot;columns&quot;:5,&quot;columns_tablet&quot;:5,&quot;gap_tablet&quot;:{&quot;unit&quot;:&quot;px&quot;,&quot;size&quot;:5,&quot;sizes&quot;:[]},&quot;lazyload&quot;:&quot;yes&quot;,&quot;gallery_layout&quot;:&quot;grid&quot;,&quot;link_to&quot;:&quot;file&quot;,&quot;aspect_ratio&quot;:&quot;3:2&quot;,&quot;overlay_background&quot;:&quot;yes&quot;,&quot;content_hover_animation&quot;:&quot;fade-in&quot;}\" data-widget_type=\"gallery.default\">\n\t\t\t\t<div class=\"elementor-widget-container\">\n\t\t\t\t\t\t\t<div class=\"elementor-gallery__container\">\n\t\t\t\t\t\t\t<a class=\"e-gallery-item elementor-gallery-item elementor-animated-content\" href=\"https:\/\/www.portovenere.fr\/fr-fr\/wp-content\/uploads\/2025\/07\/Carrelage-sol-et-mur-style-artisanal-en-gres-cerame-TRACCIA-Cenere-magasin-PORTO_VENERE_MONTPELLIER_proche-Castelnau-le-lez-34.jpg\" data-elementor-open-lightbox=\"yes\" data-elementor-lightbox-slideshow=\"21caf5e7\" data-elementor-lightbox-title=\"Carrelage-sol-et-mur-style-artisanal-en-gr\u00e8s-c\u00e9rame-TRACCIA-Cenere-magasin-PORTO_VENERE_MONTPELLIER_proche-Castelnau-le-lez-34\" data-e-action-hash=\"#elementor-action%3Aaction%3Dlightbox%26settings%3DeyJpZCI6NjI3OTcsInVybCI6Imh0dHBzOlwvXC93d3cucG9ydG92ZW5lcmUuZnJcL2ZyLWZyXC93cC1jb250ZW50XC91cGxvYWRzXC8yMDI1XC8wN1wvQ2FycmVsYWdlLXNvbC1ldC1tdXItc3R5bGUtYXJ0aXNhbmFsLWVuLWdyZXMtY2VyYW1lLVRSQUNDSUEtQ2VuZXJlLW1hZ2FzaW4tUE9SVE9fVkVORVJFX01PTlRQRUxMSUVSX3Byb2NoZS1DYXN0ZWxuYXUtbGUtbGV6LTM0LmpwZyIsInNsaWRlc2hvdyI6IjIxY2FmNWU3In0%3D\">\n\t\t\t\t\t<div class=\"e-gallery-image elementor-gallery-item__image\" data-thumbnail=\"https:\/\/www.portovenere.fr\/fr-fr\/wp-content\/uploads\/2025\/07\/Carrelage-sol-et-mur-style-artisanal-en-gres-cerame-TRACCIA-Cenere-magasin-PORTO_VENERE_MONTPELLIER_proche-Castelnau-le-lez-34-150x150.jpg\" data-width=\"150\" data-height=\"150\" aria-label=\"\" role=\"img\" ><\/div>\n\t\t\t\t\t\t\t\t\t\t\t<div class=\"elementor-gallery-item__overlay\"><\/div>\n\t\t\t\t\t\t\t\t\t\t\t\t\t\t<\/a>\n\t\t\t\t\t\t\t<a class=\"e-gallery-item elementor-gallery-item elementor-animated-content\" href=\"https:\/\/www.portovenere.fr\/fr-fr\/wp-content\/uploads\/2025\/07\/Carrelage-sol-et-mur-style-artisanal-terre-cuite-en-gres-cerame-TRACCIA-Terracotta-magasin-PORTO_VENERE_MONTPELLIER_proche-La-Grande-Motte-34.jpg\" data-elementor-open-lightbox=\"yes\" data-elementor-lightbox-slideshow=\"21caf5e7\" data-elementor-lightbox-title=\"Carrelage-sol-et-mur-style-artisanal-terre-cuite-en-gr\u00e8s-c\u00e9rame-TRACCIA-Terracotta-magasin-PORTO_VENERE_MONTPELLIER_proche-La-Grande-Motte-34\" data-e-action-hash=\"#elementor-action%3Aaction%3Dlightbox%26settings%3DeyJpZCI6NjI3OTksInVybCI6Imh0dHBzOlwvXC93d3cucG9ydG92ZW5lcmUuZnJcL2ZyLWZyXC93cC1jb250ZW50XC91cGxvYWRzXC8yMDI1XC8wN1wvQ2FycmVsYWdlLXNvbC1ldC1tdXItc3R5bGUtYXJ0aXNhbmFsLXRlcnJlLWN1aXRlLWVuLWdyZXMtY2VyYW1lLVRSQUNDSUEtVGVycmFjb3R0YS1tYWdhc2luLVBPUlRPX1ZFTkVSRV9NT05UUEVMTElFUl9wcm9jaGUtTGEtR3JhbmRlLU1vdHRlLTM0LmpwZyIsInNsaWRlc2hvdyI6IjIxY2FmNWU3In0%3D\">\n\t\t\t\t\t<div class=\"e-gallery-image elementor-gallery-item__image\" data-thumbnail=\"https:\/\/www.portovenere.fr\/fr-fr\/wp-content\/uploads\/2025\/07\/Carrelage-sol-et-mur-style-artisanal-terre-cuite-en-gres-cerame-TRACCIA-Terracotta-magasin-PORTO_VENERE_MONTPELLIER_proche-La-Grande-Motte-34-150x150.jpg\" data-width=\"150\" data-height=\"150\" aria-label=\"\" role=\"img\" ><\/div>\n\t\t\t\t\t\t\t\t\t\t\t<div class=\"elementor-gallery-item__overlay\"><\/div>\n\t\t\t\t\t\t\t\t\t\t\t\t\t\t<\/a>\n\t\t\t\t\t\t\t<a class=\"e-gallery-item elementor-gallery-item elementor-animated-content\" href=\"https:\/\/www.portovenere.fr\/fr-fr\/wp-content\/uploads\/2025\/07\/Carrelage-sol-et-mur-style-artisanal-en-gres-cerame-TRACCIA-Bianco-blanc-magasin-PORTO_VENERE_MONTPELLIER_proche-Perols-34.jpg\" data-elementor-open-lightbox=\"yes\" data-elementor-lightbox-slideshow=\"21caf5e7\" data-elementor-lightbox-title=\"Carrelage-sol-et-mur-style-artisanal-en-gr\u00e8s-c\u00e9rame-TRACCIA-Bianco-blanc-magasin-PORTO_VENERE_MONTPELLIER_proche-Perols-34\" data-e-action-hash=\"#elementor-action%3Aaction%3Dlightbox%26settings%3DeyJpZCI6NjI3OTYsInVybCI6Imh0dHBzOlwvXC93d3cucG9ydG92ZW5lcmUuZnJcL2ZyLWZyXC93cC1jb250ZW50XC91cGxvYWRzXC8yMDI1XC8wN1wvQ2FycmVsYWdlLXNvbC1ldC1tdXItc3R5bGUtYXJ0aXNhbmFsLWVuLWdyZXMtY2VyYW1lLVRSQUNDSUEtQmlhbmNvLWJsYW5jLW1hZ2FzaW4tUE9SVE9fVkVORVJFX01PTlRQRUxMSUVSX3Byb2NoZS1QZXJvbHMtMzQuanBnIiwic2xpZGVzaG93IjoiMjFjYWY1ZTcifQ%3D%3D\">\n\t\t\t\t\t<div class=\"e-gallery-image elementor-gallery-item__image\" data-thumbnail=\"https:\/\/www.portovenere.fr\/fr-fr\/wp-content\/uploads\/2025\/07\/Carrelage-sol-et-mur-style-artisanal-en-gres-cerame-TRACCIA-Bianco-blanc-magasin-PORTO_VENERE_MONTPELLIER_proche-Perols-34-150x150.jpg\" data-width=\"150\" data-height=\"150\" aria-label=\"\" role=\"img\" ><\/div>\n\t\t\t\t\t\t\t\t\t\t\t<div class=\"elementor-gallery-item__overlay\"><\/div>\n\t\t\t\t\t\t\t\t\t\t\t\t\t\t<\/a>\n\t\t\t\t\t\t\t<a class=\"e-gallery-item elementor-gallery-item elementor-animated-content\" href=\"https:\/\/www.portovenere.fr\/fr-fr\/wp-content\/uploads\/2025\/07\/Carrelage-sol-et-mur-style-artisanal-terre-cuite-en-gres-cerame-TRACCIA-Rosato-magasin-PORTO_VENERE_MONTPELLIER_proche-Carnon-34.jpg\" data-elementor-open-lightbox=\"yes\" data-elementor-lightbox-slideshow=\"21caf5e7\" data-elementor-lightbox-title=\"Carrelage-sol-et-mur-style-artisanal-terre-cuite-en-gr\u00e8s-c\u00e9rame-TRACCIA-Rosato-magasin-PORTO_VENERE_MONTPELLIER_proche-Carnon-34\" data-e-action-hash=\"#elementor-action%3Aaction%3Dlightbox%26settings%3DeyJpZCI6NjI3OTgsInVybCI6Imh0dHBzOlwvXC93d3cucG9ydG92ZW5lcmUuZnJcL2ZyLWZyXC93cC1jb250ZW50XC91cGxvYWRzXC8yMDI1XC8wN1wvQ2FycmVsYWdlLXNvbC1ldC1tdXItc3R5bGUtYXJ0aXNhbmFsLXRlcnJlLWN1aXRlLWVuLWdyZXMtY2VyYW1lLVRSQUNDSUEtUm9zYXRvLW1hZ2FzaW4tUE9SVE9fVkVORVJFX01PTlRQRUxMSUVSX3Byb2NoZS1DYXJub24tMzQuanBnIiwic2xpZGVzaG93IjoiMjFjYWY1ZTcifQ%3D%3D\">\n\t\t\t\t\t<div class=\"e-gallery-image elementor-gallery-item__image\" data-thumbnail=\"https:\/\/www.portovenere.fr\/fr-fr\/wp-content\/uploads\/2025\/07\/Carrelage-sol-et-mur-style-artisanal-terre-cuite-en-gres-cerame-TRACCIA-Rosato-magasin-PORTO_VENERE_MONTPELLIER_proche-Carnon-34-150x150.jpg\" data-width=\"150\" data-height=\"150\" aria-label=\"\" role=\"img\" ><\/div>\n\t\t\t\t\t\t\t\t\t\t\t<div class=\"elementor-gallery-item__overlay\"><\/div>\n\t\t\t\t\t\t\t\t\t\t\t\t\t\t<\/a>\n\t\t\t\t\t\t\t<a class=\"e-gallery-item elementor-gallery-item elementor-animated-content\" href=\"https:\/\/www.portovenere.fr\/fr-fr\/wp-content\/uploads\/2025\/07\/Carrelage-sol-et-mur-style-artisanal-en-gres-cerame-TRACCIA-Avorio-Ivoire-magasin-PORTO_VENERE_MONTPELLIER_proche-Montferrier-sur-lez-34.jpg\" data-elementor-open-lightbox=\"yes\" data-elementor-lightbox-slideshow=\"21caf5e7\" data-elementor-lightbox-title=\"Carrelage-sol-et-mur-style-artisanal-en-gr\u00e8s-c\u00e9rame-TRACCIA-Avorio-Ivoire-magasin-PORTO_VENERE_MONTPELLIER_proche-Montferrier-sur-lez-34\" data-e-action-hash=\"#elementor-action%3Aaction%3Dlightbox%26settings%3DeyJpZCI6NjI3OTUsInVybCI6Imh0dHBzOlwvXC93d3cucG9ydG92ZW5lcmUuZnJcL2ZyLWZyXC93cC1jb250ZW50XC91cGxvYWRzXC8yMDI1XC8wN1wvQ2FycmVsYWdlLXNvbC1ldC1tdXItc3R5bGUtYXJ0aXNhbmFsLWVuLWdyZXMtY2VyYW1lLVRSQUNDSUEtQXZvcmlvLUl2b2lyZS1tYWdhc2luLVBPUlRPX1ZFTkVSRV9NT05UUEVMTElFUl9wcm9jaGUtTW9udGZlcnJpZXItc3VyLWxlei0zNC5qcGciLCJzbGlkZXNob3ciOiIyMWNhZjVlNyJ9\">\n\t\t\t\t\t<div class=\"e-gallery-image elementor-gallery-item__image\" data-thumbnail=\"https:\/\/www.portovenere.fr\/fr-fr\/wp-content\/uploads\/2025\/07\/Carrelage-sol-et-mur-style-artisanal-en-gres-cerame-TRACCIA-Avorio-Ivoire-magasin-PORTO_VENERE_MONTPELLIER_proche-Montferrier-sur-lez-34-150x150.jpg\" data-width=\"150\" data-height=\"150\" aria-label=\"\" role=\"img\" ><\/div>\n\t\t\t\t\t\t\t\t\t\t\t<div class=\"elementor-gallery-item__overlay\"><\/div>\n\t\t\t\t\t\t\t\t\t\t\t\t\t\t<\/a>\n\t\t\t\t\t\t\t<a class=\"e-gallery-item elementor-gallery-item elementor-animated-content\" href=\"https:\/\/www.portovenere.fr\/fr-fr\/wp-content\/uploads\/2025\/07\/Carrelage-sol-et-mur-style-artisanal-en-gres-cerame-TRACCIA-Antracite-gris-fonce-magasin-PORTO_VENERE_MONTPELLIER_proche-Pezenas-34.jpg\" data-elementor-open-lightbox=\"yes\" data-elementor-lightbox-slideshow=\"21caf5e7\" data-elementor-lightbox-title=\"Carrelage-sol-et-mur-style-artisanal-en-gr\u00e8s-c\u00e9rame-TRACCIA-Antracite-gris-fonc\u00e9-magasin-PORTO_VENERE_MONTPELLIER_proche-Pezenas-34\" data-e-action-hash=\"#elementor-action%3Aaction%3Dlightbox%26settings%3DeyJpZCI6NjI3OTQsInVybCI6Imh0dHBzOlwvXC93d3cucG9ydG92ZW5lcmUuZnJcL2ZyLWZyXC93cC1jb250ZW50XC91cGxvYWRzXC8yMDI1XC8wN1wvQ2FycmVsYWdlLXNvbC1ldC1tdXItc3R5bGUtYXJ0aXNhbmFsLWVuLWdyZXMtY2VyYW1lLVRSQUNDSUEtQW50cmFjaXRlLWdyaXMtZm9uY2UtbWFnYXNpbi1QT1JUT19WRU5FUkVfTU9OVFBFTExJRVJfcHJvY2hlLVBlemVuYXMtMzQuanBnIiwic2xpZGVzaG93IjoiMjFjYWY1ZTcifQ%3D%3D\">\n\t\t\t\t\t<div class=\"e-gallery-image elementor-gallery-item__image\" data-thumbnail=\"https:\/\/www.portovenere.fr\/fr-fr\/wp-content\/uploads\/2025\/07\/Carrelage-sol-et-mur-style-artisanal-en-gres-cerame-TRACCIA-Antracite-gris-fonce-magasin-PORTO_VENERE_MONTPELLIER_proche-Pezenas-34-150x150.jpg\" data-width=\"150\" data-height=\"150\" aria-label=\"\" role=\"img\" ><\/div>\n\t\t\t\t\t\t\t\t\t\t\t<div class=\"elementor-gallery-item__overlay\"><\/div>\n\t\t\t\t\t\t\t\t\t\t\t\t\t\t<\/a>\n\t\t\t\t\t<\/div>\n\t\t\t\t\t<\/div>\n\t\t\t\t<\/div>\n\t\t\t\t<div class=\"elementor-element elementor-element-5840fe32 elementor-widget elementor-widget-text-editor\" data-id=\"5840fe32\" data-element_type=\"widget\" data-e-type=\"widget\" data-widget_type=\"text-editor.default\">\n\t\t\t\t<div class=\"elementor-widget-container\">\n\t\t\t\t\t\t\t\t\t<p data-start=\"33\" data-end=\"290\">La collection <strong data-start=\"47\" data-end=\"58\">TRACCIA<\/strong> r\u00e9invente la <strong data-start=\"72\" data-end=\"87\">terre cuite<\/strong> \u00e0 travers un carrelage en <strong data-start=\"114\" data-end=\"129\">gr\u00e8s c\u00e9rame<\/strong> m\u00ealant <strong data-start=\"137\" data-end=\"161\">tradition artisanale<\/strong> et <strong data-start=\"165\" data-end=\"193\">innovation contemporaine<\/strong>. Inspir\u00e9e des textures faites main, elle offre authenticit\u00e9, r\u00e9sistance et facilit\u00e9 d\u2019entretien.<\/p><p data-start=\"292\" data-end=\"367\">TRACCIA se distingue par une <strong data-start=\"321\" data-end=\"343\">palette de coloris<\/strong> naturels et nuanc\u00e9s :<\/p><ul data-start=\"368\" data-end=\"534\"><li data-start=\"368\" data-end=\"466\"><p data-start=\"370\" data-end=\"466\"><strong data-start=\"370\" data-end=\"387\">Teintes mates<\/strong> : <em data-start=\"390\" data-end=\"402\">Terracotta<\/em>, <em data-start=\"404\" data-end=\"412\">Rosato<\/em>, <em data-start=\"414\" data-end=\"422\">Avorio<\/em>, <em data-start=\"424\" data-end=\"441\">Bianco Assoluto<\/em>, <em data-start=\"443\" data-end=\"451\">Cenere<\/em>, <em data-start=\"453\" data-end=\"464\">Antracite<\/em><\/p><\/li><li data-start=\"467\" data-end=\"534\"><p data-start=\"469\" data-end=\"534\"><strong data-start=\"469\" data-end=\"506\">Finitions brillantes Majolica Lux<\/strong> : <em data-start=\"509\" data-end=\"515\">Ocra<\/em>, <em data-start=\"517\" data-end=\"525\">Bianco<\/em>, <em data-start=\"527\" data-end=\"534\">Azure<\/em><\/p><\/li><\/ul><p data-start=\"536\" data-end=\"651\">Cette richesse chromatique permet de cr\u00e9er des ambiances chaleureuses ou modernes, selon les combinaisons choisies.<\/p><p data-start=\"653\" data-end=\"754\">La collection propose une <strong data-start=\"679\" data-end=\"701\">vari\u00e9t\u00e9 de formats<\/strong> pour des compositions d\u00e9coratives personnalis\u00e9es :<\/p><p data-start=\"653\" data-end=\"754\"><strong style=\"background-color: transparent;\" data-start=\"757\" data-end=\"785\">7,5\u00d720 cm Brick (Brique),\u00a0<\/strong><strong style=\"background-color: transparent;\" data-start=\"790\" data-end=\"824\">Esagona 21\u00d718,2 cm (Hexagonal),\u00a0<\/strong><strong style=\"background-color: transparent;\" data-start=\"829\" data-end=\"841\">20\u00d720 cm,\u00a0<\/strong><strong style=\"background-color: transparent;\" data-start=\"846\" data-end=\"858\">80\u00d780 cm et\u00a0<\/strong><strong style=\"background-color: transparent;\" data-start=\"863\" data-end=\"898\">Majolica Lux 7,5\u00d720 cm (Brique).<\/strong><\/p><p data-start=\"900\" data-end=\"1027\">Gr\u00e2ce \u00e0 cette diversit\u00e9, TRACCIA s\u2019adapte \u00e0 toutes les envies : motifs g\u00e9om\u00e9triques, poses classiques ou agencements originaux.<\/p><p data-start=\"1029\" data-end=\"1210\">Avec son <strong data-start=\"1038\" data-end=\"1055\">relief subtil<\/strong> et son <strong data-start=\"1063\" data-end=\"1085\">toucher chaleureux<\/strong>, TRACCIA transforme murs et sols en v\u00e9ritables surfaces expressives, dans tous types d\u2019espaces, r\u00e9sidentiels ou commerciaux.<\/p><p data-start=\"1212\" data-end=\"1340\" data-is-last-node=\"\" data-is-only-node=\"\">Disponible en ligne et en showroom, TRACCIA offre une vision nouvelle de la terre cuite : <strong data-start=\"1302\" data-end=\"1339\">authentique, \u00e9l\u00e9gante et actuelle<\/strong>.<\/p>\t\t\t\t\t\t\t\t<\/div>\n\t\t\t\t<\/div>\n\t\t\t\t<div class=\"elementor-element elementor-element-42b4fad8 elementor-mobile-align-center elementor-widget elementor-widget-button\" data-id=\"42b4fad8\" data-element_type=\"widget\" data-e-type=\"widget\" data-widget_type=\"button.default\">\n\t\t\t\t<div class=\"elementor-widget-container\">\n\t\t\t\t\t\t\t\t\t<div class=\"elementor-button-wrapper\">\n\t\t\t\t\t<a class=\"elementor-button elementor-button-link elementor-size-sm\" href=\"https:\/\/www.portovenere.fr\/fr-fr\/carrelage-sol-et-mur-en-gres-cerame-et-faience\/carrelage-aspect-pierre\/carrelage-esprit-terre-cuite-en-gres-cerame-traccia\/\">\n\t\t\t\t\t\t<span class=\"elementor-button-content-wrapper\">\n\t\t\t\t\t\t\t\t\t<span class=\"elementor-button-text\">Voir la collection<\/span>\n\t\t\t\t\t<\/span>\n\t\t\t\t\t<\/a>\n\t\t\t\t<\/div>\n\t\t\t\t\t\t\t\t<\/div>\n\t\t\t\t<\/div>\n\t\t\t\t\t<\/div>\n\t\t<\/div>\n\t\t\t\t\t<\/div>\n\t\t<\/section>\n\t\t\t\t\t<\/div>\n\t\t<\/div>\n\t\t\t\t\t<\/div>\n\t\t<\/section>\n\t\t\t\t<section class=\"elementor-section elementor-top-section elementor-element elementor-element-428c4da8 elementor-section-full_width elementor-section-height-default elementor-section-height-default elementor-invisible\" data-id=\"428c4da8\" data-element_type=\"section\" data-e-type=\"section\" data-settings=\"{&quot;background_background&quot;:&quot;classic&quot;,&quot;animation&quot;:&quot;fadeIn&quot;}\">\n\t\t\t\t\t\t<div class=\"elementor-container elementor-column-gap-default\">\n\t\t\t\t\t<div class=\"elementor-column elementor-col-33 elementor-top-column elementor-element elementor-element-633b8478\" data-id=\"633b8478\" data-element_type=\"column\" data-e-type=\"column\" data-settings=\"{&quot;background_background&quot;:&quot;classic&quot;}\">\n\t\t\t<div class=\"elementor-widget-wrap elementor-element-populated\">\n\t\t\t\t\t\t<div class=\"elementor-element elementor-element-3a6c83e6 elementor-widget elementor-widget-image\" data-id=\"3a6c83e6\" data-element_type=\"widget\" data-e-type=\"widget\" data-widget_type=\"image.default\">\n\t\t\t\t<div class=\"elementor-widget-container\">\n\t\t\t\t\t\t\t\t\t\t\t\t\t\t\t\t<a href=\"https:\/\/www.portovenere.fr\/fr-fr\/carrelage-sol-et-mur-en-gres-cerame-et-faience\/carrelage-aspect-pierre\/carrelage-sol-et-mur-pierre-de-roche\/\">\n\t\t\t\t\t\t\t<img decoding=\"async\" src=\"https:\/\/www.portovenere.fr\/fr-fr\/wp-content\/uploads\/elementor\/thumbs\/Carrelage-sol-et-mur-cuisine-pour-Pierre-de-Roche-Beige-en-gres-cerame-de-qualite-grand-format-xxl-haut-de-gamme-magasin-Porto-Venere-pres-de-Castries-34-r8ifxcnl9vo4h6i2inbm75btogaaz7zafbd5ug5z6s.jpg\" title=\"Carrelage-sol-et-mur-cuisine-pour-Pierre-de-Roche-Beige-en-gr\u00e8s-c\u00e9rame-de-qualit\u00e9-grand-format-xxl&#8211;haut-de-gamme-magasin-Porto-Venere-pr\u00e8s-de-Castries-34\" alt=\"Beige Minimal au mur du fond - Vari\u00e9 au sol 120x278 cm et cr\u00e9dence en d\u00e9cor Pointe 60x120 cm\" loading=\"lazy\" \/>\t\t\t\t\t\t\t\t<\/a>\n\t\t\t\t\t\t\t\t\t\t\t\t\t\t\t<\/div>\n\t\t\t\t<\/div>\n\t\t\t\t<div class=\"elementor-element elementor-element-5db827c elementor-widget elementor-widget-heading\" data-id=\"5db827c\" data-element_type=\"widget\" data-e-type=\"widget\" data-widget_type=\"heading.default\">\n\t\t\t\t<div class=\"elementor-widget-container\">\n\t\t\t\t\t<h3 class=\"elementor-heading-title elementor-size-default\"><a href=\"https:\/\/www.portovenere.fr\/fr-fr\/carrelage-sol-et-mur-en-gres-cerame-et-faience\/carrelage-aspect-pierre\/carrelage-sol-et-mur-pierre-de-roche\/\">PIERRE DE ROCHE | 3 coloris &amp; 2 styles<\/a><\/h3>\t\t\t\t<\/div>\n\t\t\t\t<\/div>\n\t\t\t\t<div class=\"elementor-element elementor-element-236814b8 elementor-widget__width-initial elementor-widget elementor-widget-gallery\" data-id=\"236814b8\" data-element_type=\"widget\" data-e-type=\"widget\" data-settings=\"{&quot;gap&quot;:{&quot;unit&quot;:&quot;px&quot;,&quot;size&quot;:3,&quot;sizes&quot;:[]},&quot;columns_mobile&quot;:3,&quot;gap_mobile&quot;:{&quot;unit&quot;:&quot;px&quot;,&quot;size&quot;:6,&quot;sizes&quot;:[]},&quot;columns&quot;:5,&quot;columns_tablet&quot;:3,&quot;gap_tablet&quot;:{&quot;unit&quot;:&quot;px&quot;,&quot;size&quot;:5,&quot;sizes&quot;:[]},&quot;lazyload&quot;:&quot;yes&quot;,&quot;gallery_layout&quot;:&quot;grid&quot;,&quot;link_to&quot;:&quot;file&quot;,&quot;aspect_ratio&quot;:&quot;3:2&quot;,&quot;overlay_background&quot;:&quot;yes&quot;,&quot;content_hover_animation&quot;:&quot;fade-in&quot;}\" data-widget_type=\"gallery.default\">\n\t\t\t\t<div class=\"elementor-widget-container\">\n\t\t\t\t\t\t\t<div class=\"elementor-gallery__container\">\n\t\t\t\t\t\t\t<a class=\"e-gallery-item elementor-gallery-item elementor-animated-content\" href=\"https:\/\/www.portovenere.fr\/fr-fr\/wp-content\/uploads\/2025\/03\/Carrelage-sol-et-mur-pour-interieur-et-exterieur-style-Pierre-de-Roche-Blanc-minimal-en-gres-cerame-de-qualite-magasin-Porto-Venere-a-Montpellier-34.jpg\" data-elementor-open-lightbox=\"yes\" data-elementor-lightbox-slideshow=\"236814b8\" data-elementor-lightbox-title=\"Carrelage-sol-et-mur-pour-int\u00e9rieur-et-ext\u00e9rieur-style-Pierre-de-Roche-Blanc-minimal-en-gr\u00e8s-c\u00e9rame-de-qualit\u00e9-magasin-Porto-Venere-\u00e0-Montpellier-34\" data-e-action-hash=\"#elementor-action%3Aaction%3Dlightbox%26settings%3DeyJpZCI6NTc4MDUsInVybCI6Imh0dHBzOlwvXC93d3cucG9ydG92ZW5lcmUuZnJcL2ZyLWZyXC93cC1jb250ZW50XC91cGxvYWRzXC8yMDI1XC8wM1wvQ2FycmVsYWdlLXNvbC1ldC1tdXItcG91ci1pbnRlcmlldXItZXQtZXh0ZXJpZXVyLXN0eWxlLVBpZXJyZS1kZS1Sb2NoZS1CbGFuYy1taW5pbWFsLWVuLWdyZXMtY2VyYW1lLWRlLXF1YWxpdGUtbWFnYXNpbi1Qb3J0by1WZW5lcmUtYS1Nb250cGVsbGllci0zNC5qcGciLCJzbGlkZXNob3ciOiIyMzY4MTRiOCJ9\">\n\t\t\t\t\t<div class=\"e-gallery-image elementor-gallery-item__image\" data-thumbnail=\"https:\/\/www.portovenere.fr\/fr-fr\/wp-content\/uploads\/2025\/03\/Carrelage-sol-et-mur-pour-interieur-et-exterieur-style-Pierre-de-Roche-Blanc-minimal-en-gres-cerame-de-qualite-magasin-Porto-Venere-a-Montpellier-34-150x150.jpg\" data-width=\"150\" data-height=\"150\" aria-label=\"\" role=\"img\" ><\/div>\n\t\t\t\t\t\t\t\t\t\t\t<div class=\"elementor-gallery-item__overlay\"><\/div>\n\t\t\t\t\t\t\t\t\t\t\t\t\t\t<\/a>\n\t\t\t\t\t\t\t<a class=\"e-gallery-item elementor-gallery-item elementor-animated-content\" href=\"https:\/\/www.portovenere.fr\/fr-fr\/wp-content\/uploads\/2025\/03\/Carrelage-sol-et-mur-pour-interieur-et-exterieur-style-Pierre-de-Roche-Beige-minimal-en-gres-cerame-de-qualite-magasin-Porto-Venere-pres-de-Mauguio-34.jpg\" data-elementor-open-lightbox=\"yes\" data-elementor-lightbox-slideshow=\"236814b8\" data-elementor-lightbox-title=\"Carrelage-sol-et-mur-pour-int\u00e9rieur-et-ext\u00e9rieur-style-Pierre-de-Roche-Beige-minimal-en-gr\u00e8s-c\u00e9rame-de-qualit\u00e9-magasin-Porto-Venere-pr\u00e8s-de-Mauguio-34\" data-e-action-hash=\"#elementor-action%3Aaction%3Dlightbox%26settings%3DeyJpZCI6NTc4MTUsInVybCI6Imh0dHBzOlwvXC93d3cucG9ydG92ZW5lcmUuZnJcL2ZyLWZyXC93cC1jb250ZW50XC91cGxvYWRzXC8yMDI1XC8wM1wvQ2FycmVsYWdlLXNvbC1ldC1tdXItcG91ci1pbnRlcmlldXItZXQtZXh0ZXJpZXVyLXN0eWxlLVBpZXJyZS1kZS1Sb2NoZS1CZWlnZS1taW5pbWFsLWVuLWdyZXMtY2VyYW1lLWRlLXF1YWxpdGUtbWFnYXNpbi1Qb3J0by1WZW5lcmUtcHJlcy1kZS1NYXVndWlvLTM0LmpwZyIsInNsaWRlc2hvdyI6IjIzNjgxNGI4In0%3D\">\n\t\t\t\t\t<div class=\"e-gallery-image elementor-gallery-item__image\" data-thumbnail=\"https:\/\/www.portovenere.fr\/fr-fr\/wp-content\/uploads\/2025\/03\/Carrelage-sol-et-mur-pour-interieur-et-exterieur-style-Pierre-de-Roche-Beige-minimal-en-gres-cerame-de-qualite-magasin-Porto-Venere-pres-de-Mauguio-34-150x150.jpg\" data-width=\"150\" data-height=\"150\" aria-label=\"\" role=\"img\" ><\/div>\n\t\t\t\t\t\t\t\t\t\t\t<div class=\"elementor-gallery-item__overlay\"><\/div>\n\t\t\t\t\t\t\t\t\t\t\t\t\t\t<\/a>\n\t\t\t\t\t\t\t<a class=\"e-gallery-item elementor-gallery-item elementor-animated-content\" href=\"https:\/\/www.portovenere.fr\/fr-fr\/wp-content\/uploads\/2025\/03\/Carrelage-sol-et-mur-pour-interieur-et-exterieur-style-Pierre-de-Roche-Gris-minimal-en-gres-cerame-de-qualite-magasin-Porto-Venere-pres-de-Agde-34.jpg\" data-elementor-open-lightbox=\"yes\" data-elementor-lightbox-slideshow=\"236814b8\" data-elementor-lightbox-title=\"Carrelage-sol-et-mur-pour-int\u00e9rieur-et-ext\u00e9rieur-style-Pierre-de-Roche-Gris-minimal-en-gr\u00e8s-c\u00e9rame-de-qualit\u00e9-magasin-Porto-Venere-pr\u00e8s-de-Agde-34\" data-e-action-hash=\"#elementor-action%3Aaction%3Dlightbox%26settings%3DeyJpZCI6NTc4MTcsInVybCI6Imh0dHBzOlwvXC93d3cucG9ydG92ZW5lcmUuZnJcL2ZyLWZyXC93cC1jb250ZW50XC91cGxvYWRzXC8yMDI1XC8wM1wvQ2FycmVsYWdlLXNvbC1ldC1tdXItcG91ci1pbnRlcmlldXItZXQtZXh0ZXJpZXVyLXN0eWxlLVBpZXJyZS1kZS1Sb2NoZS1HcmlzLW1pbmltYWwtZW4tZ3Jlcy1jZXJhbWUtZGUtcXVhbGl0ZS1tYWdhc2luLVBvcnRvLVZlbmVyZS1wcmVzLWRlLUFnZGUtMzQuanBnIiwic2xpZGVzaG93IjoiMjM2ODE0YjgifQ%3D%3D\">\n\t\t\t\t\t<div class=\"e-gallery-image elementor-gallery-item__image\" data-thumbnail=\"https:\/\/www.portovenere.fr\/fr-fr\/wp-content\/uploads\/2025\/03\/Carrelage-sol-et-mur-pour-interieur-et-exterieur-style-Pierre-de-Roche-Gris-minimal-en-gres-cerame-de-qualite-magasin-Porto-Venere-pres-de-Agde-34-150x150.jpg\" data-width=\"150\" data-height=\"150\" aria-label=\"\" role=\"img\" ><\/div>\n\t\t\t\t\t\t\t\t\t\t\t<div class=\"elementor-gallery-item__overlay\"><\/div>\n\t\t\t\t\t\t\t\t\t\t\t\t\t\t<\/a>\n\t\t\t\t\t\t\t<a class=\"e-gallery-item elementor-gallery-item elementor-animated-content\" href=\"https:\/\/www.portovenere.fr\/fr-fr\/wp-content\/uploads\/2025\/03\/Carrelage-sol-et-mur-pour-interieur-et-exterieur-style-Pierre-de-Roche-Blanc-Variee-en-gres-cerame-de-qualite-Porto-Venere-a-Montpellier-34.jpg\" data-elementor-open-lightbox=\"yes\" data-elementor-lightbox-slideshow=\"236814b8\" data-elementor-lightbox-title=\"Carrelage-sol-et-mur-pour-int\u00e9rieur-et-ext\u00e9rieur-style-Pierre-de-Roche-Blanc-Vari\u00e9e-en-gr\u00e8s-c\u00e9rame-de-qualit\u00e9-Porto-Venere-\u00e0-Montpellier-34\" data-e-action-hash=\"#elementor-action%3Aaction%3Dlightbox%26settings%3DeyJpZCI6NTc4MDYsInVybCI6Imh0dHBzOlwvXC93d3cucG9ydG92ZW5lcmUuZnJcL2ZyLWZyXC93cC1jb250ZW50XC91cGxvYWRzXC8yMDI1XC8wM1wvQ2FycmVsYWdlLXNvbC1ldC1tdXItcG91ci1pbnRlcmlldXItZXQtZXh0ZXJpZXVyLXN0eWxlLVBpZXJyZS1kZS1Sb2NoZS1CbGFuYy1WYXJpZWUtZW4tZ3Jlcy1jZXJhbWUtZGUtcXVhbGl0ZS1Qb3J0by1WZW5lcmUtYS1Nb250cGVsbGllci0zNC5qcGciLCJzbGlkZXNob3ciOiIyMzY4MTRiOCJ9\">\n\t\t\t\t\t<div class=\"e-gallery-image elementor-gallery-item__image\" data-thumbnail=\"https:\/\/www.portovenere.fr\/fr-fr\/wp-content\/uploads\/2025\/03\/Carrelage-sol-et-mur-pour-interieur-et-exterieur-style-Pierre-de-Roche-Blanc-Variee-en-gres-cerame-de-qualite-Porto-Venere-a-Montpellier-34-150x150.jpg\" data-width=\"150\" data-height=\"150\" aria-label=\"\" role=\"img\" ><\/div>\n\t\t\t\t\t\t\t\t\t\t\t<div class=\"elementor-gallery-item__overlay\"><\/div>\n\t\t\t\t\t\t\t\t\t\t\t\t\t\t<\/a>\n\t\t\t\t\t\t\t<a class=\"e-gallery-item elementor-gallery-item elementor-animated-content\" href=\"https:\/\/www.portovenere.fr\/fr-fr\/wp-content\/uploads\/2025\/03\/Carrelage-sol-et-mur-pour-interieur-et-exterieur-style-Pierre-de-Roche-Beige-Variee-en-gres-cerame-de-qualite-Porto-Venere-pres-de-Jacou-34.jpg\" data-elementor-open-lightbox=\"yes\" data-elementor-lightbox-slideshow=\"236814b8\" data-elementor-lightbox-title=\"Carrelage-sol-et-mur-pour-int\u00e9rieur-et-ext\u00e9rieur-style-Pierre-de-Roche-Beige-Vari\u00e9e-en-gr\u00e8s-c\u00e9rame-de-qualit\u00e9-Porto-Venere-pr\u00e8s-de-Jacou-34\" data-e-action-hash=\"#elementor-action%3Aaction%3Dlightbox%26settings%3DeyJpZCI6NTc4MTYsInVybCI6Imh0dHBzOlwvXC93d3cucG9ydG92ZW5lcmUuZnJcL2ZyLWZyXC93cC1jb250ZW50XC91cGxvYWRzXC8yMDI1XC8wM1wvQ2FycmVsYWdlLXNvbC1ldC1tdXItcG91ci1pbnRlcmlldXItZXQtZXh0ZXJpZXVyLXN0eWxlLVBpZXJyZS1kZS1Sb2NoZS1CZWlnZS1WYXJpZWUtZW4tZ3Jlcy1jZXJhbWUtZGUtcXVhbGl0ZS1Qb3J0by1WZW5lcmUtcHJlcy1kZS1KYWNvdS0zNC5qcGciLCJzbGlkZXNob3ciOiIyMzY4MTRiOCJ9\">\n\t\t\t\t\t<div class=\"e-gallery-image elementor-gallery-item__image\" data-thumbnail=\"https:\/\/www.portovenere.fr\/fr-fr\/wp-content\/uploads\/2025\/03\/Carrelage-sol-et-mur-pour-interieur-et-exterieur-style-Pierre-de-Roche-Beige-Variee-en-gres-cerame-de-qualite-Porto-Venere-pres-de-Jacou-34-150x150.jpg\" data-width=\"150\" data-height=\"150\" aria-label=\"\" role=\"img\" ><\/div>\n\t\t\t\t\t\t\t\t\t\t\t<div class=\"elementor-gallery-item__overlay\"><\/div>\n\t\t\t\t\t\t\t\t\t\t\t\t\t\t<\/a>\n\t\t\t\t\t\t\t<a class=\"e-gallery-item elementor-gallery-item elementor-animated-content\" href=\"https:\/\/www.portovenere.fr\/fr-fr\/wp-content\/uploads\/2025\/03\/Carrelage-sol-et-mur-pour-interieur-et-exterieur-style-Pierre-de-Roche-Gris-Variee-en-gres-cerame-de-qualite-Porto-Venere-pres-de-Lattes-34.jpg\" data-elementor-open-lightbox=\"yes\" data-elementor-lightbox-slideshow=\"236814b8\" data-elementor-lightbox-title=\"Carrelage-sol-et-mur-pour-int\u00e9rieur-et-ext\u00e9rieur-style-Pierre-de-Roche-Gris-Vari\u00e9e-en-gr\u00e8s-c\u00e9rame-de-qualit\u00e9-Porto-Venere-pr\u00e8s-de-Lattes-34\" data-e-action-hash=\"#elementor-action%3Aaction%3Dlightbox%26settings%3DeyJpZCI6NTc4MTgsInVybCI6Imh0dHBzOlwvXC93d3cucG9ydG92ZW5lcmUuZnJcL2ZyLWZyXC93cC1jb250ZW50XC91cGxvYWRzXC8yMDI1XC8wM1wvQ2FycmVsYWdlLXNvbC1ldC1tdXItcG91ci1pbnRlcmlldXItZXQtZXh0ZXJpZXVyLXN0eWxlLVBpZXJyZS1kZS1Sb2NoZS1HcmlzLVZhcmllZS1lbi1ncmVzLWNlcmFtZS1kZS1xdWFsaXRlLVBvcnRvLVZlbmVyZS1wcmVzLWRlLUxhdHRlcy0zNC5qcGciLCJzbGlkZXNob3ciOiIyMzY4MTRiOCJ9\">\n\t\t\t\t\t<div class=\"e-gallery-image elementor-gallery-item__image\" data-thumbnail=\"https:\/\/www.portovenere.fr\/fr-fr\/wp-content\/uploads\/2025\/03\/Carrelage-sol-et-mur-pour-interieur-et-exterieur-style-Pierre-de-Roche-Gris-Variee-en-gres-cerame-de-qualite-Porto-Venere-pres-de-Lattes-34-150x150.jpg\" data-width=\"150\" data-height=\"150\" aria-label=\"\" role=\"img\" ><\/div>\n\t\t\t\t\t\t\t\t\t\t\t<div class=\"elementor-gallery-item__overlay\"><\/div>\n\t\t\t\t\t\t\t\t\t\t\t\t\t\t<\/a>\n\t\t\t\t\t\t\t<a class=\"e-gallery-item elementor-gallery-item elementor-animated-content\" href=\"https:\/\/www.portovenere.fr\/fr-fr\/wp-content\/uploads\/2025\/03\/Carrelage-mural-decor-credence-Pierre-de-Roche-Pointe-60x120-cm-Beige-pour-cusiine-salle-de-bain-magasin-Porto-Venere-pres-de-Sete-34.jpg\" data-elementor-open-lightbox=\"yes\" data-elementor-lightbox-slideshow=\"236814b8\" data-elementor-lightbox-title=\"Carrelage-mural-d\u00e9cor-cr\u00e9dence-Pierre-de-Roche-Pointe-60x120-cm-Beige-pour-cusiine-salle-de-bain-magasin-Porto-Venere-pr\u00e8s-de-S\u00e8te-34\" data-e-action-hash=\"#elementor-action%3Aaction%3Dlightbox%26settings%3DeyJpZCI6NTc4MjIsInVybCI6Imh0dHBzOlwvXC93d3cucG9ydG92ZW5lcmUuZnJcL2ZyLWZyXC93cC1jb250ZW50XC91cGxvYWRzXC8yMDI1XC8wM1wvQ2FycmVsYWdlLW11cmFsLWRlY29yLWNyZWRlbmNlLVBpZXJyZS1kZS1Sb2NoZS1Qb2ludGUtNjB4MTIwLWNtLUJlaWdlLXBvdXItY3VzaWluZS1zYWxsZS1kZS1iYWluLW1hZ2FzaW4tUG9ydG8tVmVuZXJlLXByZXMtZGUtU2V0ZS0zNC5qcGciLCJzbGlkZXNob3ciOiIyMzY4MTRiOCJ9\">\n\t\t\t\t\t<div class=\"e-gallery-image elementor-gallery-item__image\" data-thumbnail=\"https:\/\/www.portovenere.fr\/fr-fr\/wp-content\/uploads\/2025\/03\/Carrelage-mural-decor-credence-Pierre-de-Roche-Pointe-60x120-cm-Beige-pour-cusiine-salle-de-bain-magasin-Porto-Venere-pres-de-Sete-34-150x150.jpg\" data-width=\"150\" data-height=\"150\" aria-label=\"\" role=\"img\" ><\/div>\n\t\t\t\t\t\t\t\t\t\t\t<div class=\"elementor-gallery-item__overlay\"><\/div>\n\t\t\t\t\t\t\t\t\t\t\t\t\t\t<\/a>\n\t\t\t\t\t\t\t<a class=\"e-gallery-item elementor-gallery-item elementor-animated-content\" href=\"https:\/\/www.portovenere.fr\/fr-fr\/wp-content\/uploads\/2025\/03\/Carrelage-mural-decor-credence-Pierre-de-Roche-Pointe-60x120-cm-Blanc-pour-cusiine-salle-de-bain-magasin-Porto-Venere-pres-de-Palavas-34.jpg\" data-elementor-open-lightbox=\"yes\" data-elementor-lightbox-slideshow=\"236814b8\" data-elementor-lightbox-title=\"Carrelage-mural-d\u00e9cor-cr\u00e9dence-Pierre-de-Roche-Pointe-60x120-cm-Blanc-pour-cusiine-salle-de-bain-magasin-Porto-Venere-pr\u00e8s-de-Palavas-34\" data-e-action-hash=\"#elementor-action%3Aaction%3Dlightbox%26settings%3DeyJpZCI6NTc4MjMsInVybCI6Imh0dHBzOlwvXC93d3cucG9ydG92ZW5lcmUuZnJcL2ZyLWZyXC93cC1jb250ZW50XC91cGxvYWRzXC8yMDI1XC8wM1wvQ2FycmVsYWdlLW11cmFsLWRlY29yLWNyZWRlbmNlLVBpZXJyZS1kZS1Sb2NoZS1Qb2ludGUtNjB4MTIwLWNtLUJsYW5jLXBvdXItY3VzaWluZS1zYWxsZS1kZS1iYWluLW1hZ2FzaW4tUG9ydG8tVmVuZXJlLXByZXMtZGUtUGFsYXZhcy0zNC5qcGciLCJzbGlkZXNob3ciOiIyMzY4MTRiOCJ9\">\n\t\t\t\t\t<div class=\"e-gallery-image elementor-gallery-item__image\" data-thumbnail=\"https:\/\/www.portovenere.fr\/fr-fr\/wp-content\/uploads\/2025\/03\/Carrelage-mural-decor-credence-Pierre-de-Roche-Pointe-60x120-cm-Blanc-pour-cusiine-salle-de-bain-magasin-Porto-Venere-pres-de-Palavas-34-150x150.jpg\" data-width=\"150\" data-height=\"150\" aria-label=\"\" role=\"img\" ><\/div>\n\t\t\t\t\t\t\t\t\t\t\t<div class=\"elementor-gallery-item__overlay\"><\/div>\n\t\t\t\t\t\t\t\t\t\t\t\t\t\t<\/a>\n\t\t\t\t\t\t\t<a class=\"e-gallery-item elementor-gallery-item elementor-animated-content\" href=\"https:\/\/www.portovenere.fr\/fr-fr\/wp-content\/uploads\/2025\/03\/Carrelage-mural-decor-credence-Pierre-de-Roche-Pointe-60x120-cm-Gris-pour-cusiine-salle-de-bain-magasin-Porto-Venere-pres-de-Montferrier-sur-Lez-34.jpg\" data-elementor-open-lightbox=\"yes\" data-elementor-lightbox-slideshow=\"236814b8\" data-elementor-lightbox-title=\"Carrelage-mural-d\u00e9cor-cr\u00e9dence-Pierre-de-Roche-Pointe-60x120-cm-Gris-pour-cusiine-salle-de-bain-magasin-Porto-Venere-pr\u00e8s-de-Montferrier-sur-Lez-34\" data-e-action-hash=\"#elementor-action%3Aaction%3Dlightbox%26settings%3DeyJpZCI6NTc4MjQsInVybCI6Imh0dHBzOlwvXC93d3cucG9ydG92ZW5lcmUuZnJcL2ZyLWZyXC93cC1jb250ZW50XC91cGxvYWRzXC8yMDI1XC8wM1wvQ2FycmVsYWdlLW11cmFsLWRlY29yLWNyZWRlbmNlLVBpZXJyZS1kZS1Sb2NoZS1Qb2ludGUtNjB4MTIwLWNtLUdyaXMtcG91ci1jdXNpaW5lLXNhbGxlLWRlLWJhaW4tbWFnYXNpbi1Qb3J0by1WZW5lcmUtcHJlcy1kZS1Nb250ZmVycmllci1zdXItTGV6LTM0LmpwZyIsInNsaWRlc2hvdyI6IjIzNjgxNGI4In0%3D\">\n\t\t\t\t\t<div class=\"e-gallery-image elementor-gallery-item__image\" data-thumbnail=\"https:\/\/www.portovenere.fr\/fr-fr\/wp-content\/uploads\/2025\/03\/Carrelage-mural-decor-credence-Pierre-de-Roche-Pointe-60x120-cm-Gris-pour-cusiine-salle-de-bain-magasin-Porto-Venere-pres-de-Montferrier-sur-Lez-34-150x150.jpg\" data-width=\"150\" data-height=\"150\" aria-label=\"\" role=\"img\" ><\/div>\n\t\t\t\t\t\t\t\t\t\t\t<div class=\"elementor-gallery-item__overlay\"><\/div>\n\t\t\t\t\t\t\t\t\t\t\t\t\t\t<\/a>\n\t\t\t\t\t\t\t<a class=\"e-gallery-item elementor-gallery-item elementor-animated-content\" href=\"https:\/\/www.portovenere.fr\/fr-fr\/wp-content\/uploads\/2025\/03\/Mosaique-credence-carrelage-mural-Pierre-de-Roche-Petit-Mur-30x30-cm-gris-magasin-revetement-mural-a-Montpellier-34.jpg\" data-elementor-open-lightbox=\"yes\" data-elementor-lightbox-slideshow=\"236814b8\" data-elementor-lightbox-title=\"Mosa\u00efque-cr\u00e9dence-carrelage-mural-Pierre-de-Roche-Petit-Mur-30x30-cm-gris-magasin-r\u00eavetement-mural-\u00e0-Montpellier-34\" data-e-action-hash=\"#elementor-action%3Aaction%3Dlightbox%26settings%3DeyJpZCI6NTc4MzMsInVybCI6Imh0dHBzOlwvXC93d3cucG9ydG92ZW5lcmUuZnJcL2ZyLWZyXC93cC1jb250ZW50XC91cGxvYWRzXC8yMDI1XC8wM1wvTW9zYWlxdWUtY3JlZGVuY2UtY2FycmVsYWdlLW11cmFsLVBpZXJyZS1kZS1Sb2NoZS1QZXRpdC1NdXItMzB4MzAtY20tZ3Jpcy1tYWdhc2luLXJldmV0ZW1lbnQtbXVyYWwtYS1Nb250cGVsbGllci0zNC5qcGciLCJzbGlkZXNob3ciOiIyMzY4MTRiOCJ9\">\n\t\t\t\t\t<div class=\"e-gallery-image elementor-gallery-item__image\" data-thumbnail=\"https:\/\/www.portovenere.fr\/fr-fr\/wp-content\/uploads\/2025\/03\/Mosaique-credence-carrelage-mural-Pierre-de-Roche-Petit-Mur-30x30-cm-gris-magasin-revetement-mural-a-Montpellier-34-150x150.jpg\" data-width=\"150\" data-height=\"150\" aria-label=\"\" role=\"img\" ><\/div>\n\t\t\t\t\t\t\t\t\t\t\t<div class=\"elementor-gallery-item__overlay\"><\/div>\n\t\t\t\t\t\t\t\t\t\t\t\t\t\t<\/a>\n\t\t\t\t\t\t\t<a class=\"e-gallery-item elementor-gallery-item elementor-animated-content\" href=\"https:\/\/www.portovenere.fr\/fr-fr\/wp-content\/uploads\/2025\/03\/Mosaique-credence-carrelage-mural-Pierre-de-Roche-Petit-Mur-30x30-cm-blanc-magasin-revetement-mural-proche-de-Mauguio-34.jpg\" data-elementor-open-lightbox=\"yes\" data-elementor-lightbox-slideshow=\"236814b8\" data-elementor-lightbox-title=\"Mosa\u00efque-cr\u00e9dence-carrelage-mural-Pierre-de-Roche-Petit-Mur-30x30-cm-blanc-magasin-r\u00eavetement-mural-proche-de-Mauguio-34\" data-e-action-hash=\"#elementor-action%3Aaction%3Dlightbox%26settings%3DeyJpZCI6NTc4MzIsInVybCI6Imh0dHBzOlwvXC93d3cucG9ydG92ZW5lcmUuZnJcL2ZyLWZyXC93cC1jb250ZW50XC91cGxvYWRzXC8yMDI1XC8wM1wvTW9zYWlxdWUtY3JlZGVuY2UtY2FycmVsYWdlLW11cmFsLVBpZXJyZS1kZS1Sb2NoZS1QZXRpdC1NdXItMzB4MzAtY20tYmxhbmMtbWFnYXNpbi1yZXZldGVtZW50LW11cmFsLXByb2NoZS1kZS1NYXVndWlvLTM0LmpwZyIsInNsaWRlc2hvdyI6IjIzNjgxNGI4In0%3D\">\n\t\t\t\t\t<div class=\"e-gallery-image elementor-gallery-item__image\" data-thumbnail=\"https:\/\/www.portovenere.fr\/fr-fr\/wp-content\/uploads\/2025\/03\/Mosaique-credence-carrelage-mural-Pierre-de-Roche-Petit-Mur-30x30-cm-blanc-magasin-revetement-mural-proche-de-Mauguio-34-150x150.jpg\" data-width=\"150\" data-height=\"150\" aria-label=\"\" role=\"img\" ><\/div>\n\t\t\t\t\t\t\t\t\t\t\t<div class=\"elementor-gallery-item__overlay\"><\/div>\n\t\t\t\t\t\t\t\t\t\t\t\t\t\t<\/a>\n\t\t\t\t\t\t\t<a class=\"e-gallery-item elementor-gallery-item elementor-animated-content\" href=\"https:\/\/www.portovenere.fr\/fr-fr\/wp-content\/uploads\/2025\/03\/Mosaique-credence-carrelage-mural-Pierre-de-Roche-Petit-Mur-30x30-cm-beige-magasin-revetement-mural-a-Montpellier-34.jpg\" data-elementor-open-lightbox=\"yes\" data-elementor-lightbox-slideshow=\"236814b8\" data-elementor-lightbox-title=\"Mosa\u00efque-cr\u00e9dence-carrelage-mural-Pierre-de-Roche-Petit-Mur-30x30-cm-beige-magasin-r\u00eavetement-mural-\u00e0-Montpellier-34\" data-e-action-hash=\"#elementor-action%3Aaction%3Dlightbox%26settings%3DeyJpZCI6NTc4MzEsInVybCI6Imh0dHBzOlwvXC93d3cucG9ydG92ZW5lcmUuZnJcL2ZyLWZyXC93cC1jb250ZW50XC91cGxvYWRzXC8yMDI1XC8wM1wvTW9zYWlxdWUtY3JlZGVuY2UtY2FycmVsYWdlLW11cmFsLVBpZXJyZS1kZS1Sb2NoZS1QZXRpdC1NdXItMzB4MzAtY20tYmVpZ2UtbWFnYXNpbi1yZXZldGVtZW50LW11cmFsLWEtTW9udHBlbGxpZXItMzQuanBnIiwic2xpZGVzaG93IjoiMjM2ODE0YjgifQ%3D%3D\">\n\t\t\t\t\t<div class=\"e-gallery-image elementor-gallery-item__image\" data-thumbnail=\"https:\/\/www.portovenere.fr\/fr-fr\/wp-content\/uploads\/2025\/03\/Mosaique-credence-carrelage-mural-Pierre-de-Roche-Petit-Mur-30x30-cm-beige-magasin-revetement-mural-a-Montpellier-34-150x150.jpg\" data-width=\"150\" data-height=\"150\" aria-label=\"\" role=\"img\" ><\/div>\n\t\t\t\t\t\t\t\t\t\t\t<div class=\"elementor-gallery-item__overlay\"><\/div>\n\t\t\t\t\t\t\t\t\t\t\t\t\t\t<\/a>\n\t\t\t\t\t\t\t<a class=\"e-gallery-item elementor-gallery-item elementor-animated-content\" href=\"https:\/\/www.portovenere.fr\/fr-fr\/wp-content\/uploads\/2025\/03\/Mosaique-carrelage-mural-et-sol-tendance-Pierre-de-Roche-Minimal-Gris-30x30-cm-magasin-amenagement-interieur-proche-de-Agde-34.jpg\" data-elementor-open-lightbox=\"yes\" data-elementor-lightbox-slideshow=\"236814b8\" data-elementor-lightbox-title=\"Mosa\u00efque-carrelage-mural-et-sol-tendance-Pierre-de-Roche-Minimal-Gris-30x30-cm-magasin-am\u00e9nagement-int\u00e9rieur-proche-de-Agde-34\" data-e-action-hash=\"#elementor-action%3Aaction%3Dlightbox%26settings%3DeyJpZCI6NTc4MzcsInVybCI6Imh0dHBzOlwvXC93d3cucG9ydG92ZW5lcmUuZnJcL2ZyLWZyXC93cC1jb250ZW50XC91cGxvYWRzXC8yMDI1XC8wM1wvTW9zYWlxdWUtY2FycmVsYWdlLW11cmFsLWV0LXNvbC10ZW5kYW5jZS1QaWVycmUtZGUtUm9jaGUtTWluaW1hbC1HcmlzLTMweDMwLWNtLW1hZ2FzaW4tYW1lbmFnZW1lbnQtaW50ZXJpZXVyLXByb2NoZS1kZS1BZ2RlLTM0LmpwZyIsInNsaWRlc2hvdyI6IjIzNjgxNGI4In0%3D\">\n\t\t\t\t\t<div class=\"e-gallery-image elementor-gallery-item__image\" data-thumbnail=\"https:\/\/www.portovenere.fr\/fr-fr\/wp-content\/uploads\/2025\/03\/Mosaique-carrelage-mural-et-sol-tendance-Pierre-de-Roche-Minimal-Gris-30x30-cm-magasin-amenagement-interieur-proche-de-Agde-34-150x150.jpg\" data-width=\"150\" data-height=\"150\" aria-label=\"\" role=\"img\" ><\/div>\n\t\t\t\t\t\t\t\t\t\t\t<div class=\"elementor-gallery-item__overlay\"><\/div>\n\t\t\t\t\t\t\t\t\t\t\t\t\t\t<\/a>\n\t\t\t\t\t\t\t<a class=\"e-gallery-item elementor-gallery-item elementor-animated-content\" href=\"https:\/\/www.portovenere.fr\/fr-fr\/wp-content\/uploads\/2025\/03\/Mosaique-carrelage-mural-et-sol-tendance-Pierre-de-Roche-Minimal-blanc-30x30-cm-magasin-amenagement-interieur-proche-de-Sete-34.jpg\" data-elementor-open-lightbox=\"yes\" data-elementor-lightbox-slideshow=\"236814b8\" data-elementor-lightbox-title=\"Mosa\u00efque-carrelage-mural-et-sol-tendance-Pierre-de-Roche-Minimal-blanc-30x30-cm-magasin-am\u00e9nagement-int\u00e9rieur-proche-de-S\u00e8te-34\" data-e-action-hash=\"#elementor-action%3Aaction%3Dlightbox%26settings%3DeyJpZCI6NTc4MzYsInVybCI6Imh0dHBzOlwvXC93d3cucG9ydG92ZW5lcmUuZnJcL2ZyLWZyXC93cC1jb250ZW50XC91cGxvYWRzXC8yMDI1XC8wM1wvTW9zYWlxdWUtY2FycmVsYWdlLW11cmFsLWV0LXNvbC10ZW5kYW5jZS1QaWVycmUtZGUtUm9jaGUtTWluaW1hbC1ibGFuYy0zMHgzMC1jbS1tYWdhc2luLWFtZW5hZ2VtZW50LWludGVyaWV1ci1wcm9jaGUtZGUtU2V0ZS0zNC5qcGciLCJzbGlkZXNob3ciOiIyMzY4MTRiOCJ9\">\n\t\t\t\t\t<div class=\"e-gallery-image elementor-gallery-item__image\" data-thumbnail=\"https:\/\/www.portovenere.fr\/fr-fr\/wp-content\/uploads\/2025\/03\/Mosaique-carrelage-mural-et-sol-tendance-Pierre-de-Roche-Minimal-blanc-30x30-cm-magasin-amenagement-interieur-proche-de-Sete-34-150x150.jpg\" data-width=\"150\" data-height=\"150\" aria-label=\"\" role=\"img\" ><\/div>\n\t\t\t\t\t\t\t\t\t\t\t<div class=\"elementor-gallery-item__overlay\"><\/div>\n\t\t\t\t\t\t\t\t\t\t\t\t\t\t<\/a>\n\t\t\t\t\t\t\t<a class=\"e-gallery-item elementor-gallery-item elementor-animated-content\" href=\"https:\/\/www.portovenere.fr\/fr-fr\/wp-content\/uploads\/2025\/03\/Mosaique-carrelage-mural-et-sol-tendance-Pierre-de-Roche-Minimal-beige-30x30-cm-magasin-amenagement-interieur-proche-de-Saint-Clement-de-Riviere-34.jpg\" data-elementor-open-lightbox=\"yes\" data-elementor-lightbox-slideshow=\"236814b8\" data-elementor-lightbox-title=\"Mosa\u00efque-carrelage-mural-et-sol-tendance-Pierre-de-Roche-Minimal-beige-30x30-cm-magasin-am\u00e9nagement-int\u00e9rieur-proche-de-Saint-Cl\u00e9ment-de-Rivi\u00e8re-34\" data-e-action-hash=\"#elementor-action%3Aaction%3Dlightbox%26settings%3DeyJpZCI6NTc4MzUsInVybCI6Imh0dHBzOlwvXC93d3cucG9ydG92ZW5lcmUuZnJcL2ZyLWZyXC93cC1jb250ZW50XC91cGxvYWRzXC8yMDI1XC8wM1wvTW9zYWlxdWUtY2FycmVsYWdlLW11cmFsLWV0LXNvbC10ZW5kYW5jZS1QaWVycmUtZGUtUm9jaGUtTWluaW1hbC1iZWlnZS0zMHgzMC1jbS1tYWdhc2luLWFtZW5hZ2VtZW50LWludGVyaWV1ci1wcm9jaGUtZGUtU2FpbnQtQ2xlbWVudC1kZS1SaXZpZXJlLTM0LmpwZyIsInNsaWRlc2hvdyI6IjIzNjgxNGI4In0%3D\">\n\t\t\t\t\t<div class=\"e-gallery-image elementor-gallery-item__image\" data-thumbnail=\"https:\/\/www.portovenere.fr\/fr-fr\/wp-content\/uploads\/2025\/03\/Mosaique-carrelage-mural-et-sol-tendance-Pierre-de-Roche-Minimal-beige-30x30-cm-magasin-amenagement-interieur-proche-de-Saint-Clement-de-Riviere-34-150x150.jpg\" data-width=\"150\" data-height=\"150\" aria-label=\"\" role=\"img\" ><\/div>\n\t\t\t\t\t\t\t\t\t\t\t<div class=\"elementor-gallery-item__overlay\"><\/div>\n\t\t\t\t\t\t\t\t\t\t\t\t\t\t<\/a>\n\t\t\t\t\t\t\t<a class=\"e-gallery-item elementor-gallery-item elementor-animated-content\" href=\"https:\/\/www.portovenere.fr\/fr-fr\/wp-content\/uploads\/2025\/03\/Mosaique-carrelage-mural-et-sol-tendance-Pierre-de-Roche-Variee-beige-30x30-cm-magasin-amenagement-interieur-proche-de-Laverune-34.jpg\" data-elementor-open-lightbox=\"yes\" data-elementor-lightbox-slideshow=\"236814b8\" data-elementor-lightbox-title=\"Mosa\u00efque-carrelage-mural-et-sol-tendance-Pierre-de-Roche-Vari\u00e9e-beige-30x30-cm-magasin-am\u00e9nagement-int\u00e9rieur-proche-de-Lav\u00e9rune-34\" data-e-action-hash=\"#elementor-action%3Aaction%3Dlightbox%26settings%3DeyJpZCI6NTc4MjgsInVybCI6Imh0dHBzOlwvXC93d3cucG9ydG92ZW5lcmUuZnJcL2ZyLWZyXC93cC1jb250ZW50XC91cGxvYWRzXC8yMDI1XC8wM1wvTW9zYWlxdWUtY2FycmVsYWdlLW11cmFsLWV0LXNvbC10ZW5kYW5jZS1QaWVycmUtZGUtUm9jaGUtVmFyaWVlLWJlaWdlLTMweDMwLWNtLW1hZ2FzaW4tYW1lbmFnZW1lbnQtaW50ZXJpZXVyLXByb2NoZS1kZS1MYXZlcnVuZS0zNC5qcGciLCJzbGlkZXNob3ciOiIyMzY4MTRiOCJ9\">\n\t\t\t\t\t<div class=\"e-gallery-image elementor-gallery-item__image\" data-thumbnail=\"https:\/\/www.portovenere.fr\/fr-fr\/wp-content\/uploads\/2025\/03\/Mosaique-carrelage-mural-et-sol-tendance-Pierre-de-Roche-Variee-beige-30x30-cm-magasin-amenagement-interieur-proche-de-Laverune-34-150x150.jpg\" data-width=\"150\" data-height=\"150\" aria-label=\"\" role=\"img\" ><\/div>\n\t\t\t\t\t\t\t\t\t\t\t<div class=\"elementor-gallery-item__overlay\"><\/div>\n\t\t\t\t\t\t\t\t\t\t\t\t\t\t<\/a>\n\t\t\t\t\t<\/div>\n\t\t\t\t\t<\/div>\n\t\t\t\t<\/div>\n\t\t\t\t<div class=\"elementor-element elementor-element-2b1add73 elementor-widget elementor-widget-text-editor\" data-id=\"2b1add73\" data-element_type=\"widget\" data-e-type=\"widget\" data-widget_type=\"text-editor.default\">\n\t\t\t\t<div class=\"elementor-widget-container\">\n\t\t\t\t\t\t\t\t\t<p>Vous recherchez un carrelage\u00a0<b>pour sol et mur\u00a0<\/b>dans les\u00a0<b>nuances de beige<\/b>\u00a0et\/ou gris cr\u00e8me ? D\u00e9couvrez le\u00a0<b>gr\u00e8s c\u00e9rame<\/b>\u00a0de qualit\u00e9 sup\u00e9rieure Pierre de Roche qui se d\u00e9cline dans\u00a0<b>3 teintes naturelles<\/b>\u00a0: Blanc, Beige et Gris.\u00a0<\/p><p>Tr\u00e8s tendance, le beige revient dans tous les am\u00e9nagements int\u00e9rieurs. Le carrelage sol et mur Pierre de Roche se d\u00e9cline dans les formats :\u00a0<b>120\u00d7120 cm, 60\u00d7120 cm, 60\u00d760 cm, 30\u00d760 cm, 100\u00d7100 cm et en maxi format XXL 120\u00d7278 cm en fine \u00e9paisseur 6.5mm<\/b>.\u00a0<\/p><p>3 finitions disponibles :\u00a0<b>Naturel , Lappato (poli) ou Tecnica Antid\u00e9rapant.<\/b>\u00a0<\/p><p>La collection de carrelage Pierre de Roche est parfaitement adapt\u00e9e pour toutes les pi\u00e8ces de la maison, du salon \u00e0 la salle de bain, en passant par la cuisine ou la\u00a0<b>terrasse\u00a0<\/b>gr\u00e2ce \u00e0 la finition<b>\u00a0Technica antid\u00e9rapante<\/b>\u00a0en 9mm et en\u00a0<b>dalles ext\u00e9rieures 20mm<\/b>\u00a0d\u2019\u00e9paisseur 100\u00d7100 cm.<\/p><p>Trois styles de\u00a0<b>mosa\u00efques 30\u00d730 cm<\/b>, un\u00a0<b>d\u00e9cor Pointe 60\u00d7120 cm,<\/b>\u00a0des plinthes et des marches compl\u00e8tent la collection.\u00a0<\/p>\t\t\t\t\t\t\t\t<\/div>\n\t\t\t\t<\/div>\n\t\t\t\t<div class=\"elementor-element elementor-element-166cccd5 elementor-mobile-align-center elementor-align-left elementor-widget elementor-widget-button\" data-id=\"166cccd5\" data-element_type=\"widget\" data-e-type=\"widget\" data-widget_type=\"button.default\">\n\t\t\t\t<div class=\"elementor-widget-container\">\n\t\t\t\t\t\t\t\t\t<div class=\"elementor-button-wrapper\">\n\t\t\t\t\t<a class=\"elementor-button elementor-button-link elementor-size-sm\" href=\"https:\/\/www.portovenere.fr\/fr-fr\/carrelage-sol-et-mur-en-gres-cerame-et-faience\/carrelage-aspect-pierre\/carrelage-sol-et-mur-pierre-de-roche\/\">\n\t\t\t\t\t\t<span class=\"elementor-button-content-wrapper\">\n\t\t\t\t\t\t\t\t\t<span class=\"elementor-button-text\">Voir la collection<\/span>\n\t\t\t\t\t<\/span>\n\t\t\t\t\t<\/a>\n\t\t\t\t<\/div>\n\t\t\t\t\t\t\t\t<\/div>\n\t\t\t\t<\/div>\n\t\t\t\t\t<\/div>\n\t\t<\/div>\n\t\t\t\t<div class=\"elementor-column elementor-col-33 elementor-top-column elementor-element elementor-element-7b2eb252 elementor-invisible\" data-id=\"7b2eb252\" data-element_type=\"column\" data-e-type=\"column\" data-settings=\"{&quot;animation&quot;:&quot;fadeIn&quot;,&quot;background_background&quot;:&quot;classic&quot;}\">\n\t\t\t<div class=\"elementor-widget-wrap elementor-element-populated\">\n\t\t\t\t\t\t<div class=\"elementor-element elementor-element-3b36eea8 elementor-widget elementor-widget-image\" data-id=\"3b36eea8\" data-element_type=\"widget\" data-e-type=\"widget\" data-widget_type=\"image.default\">\n\t\t\t\t<div class=\"elementor-widget-container\">\n\t\t\t\t\t\t\t\t\t\t\t\t\t\t\t\t<a href=\"https:\/\/www.portovenere.fr\/fr-fr\/carrelage-sol-et-mur-en-gres-cerame-et-faience\/carrelage-aspect-pierre\/carrelage-effet-pierre-claire-massica-scg\/\">\n\t\t\t\t\t\t\t<img fetchpriority=\"high\" decoding=\"async\" width=\"768\" height=\"473\" src=\"https:\/\/www.portovenere.fr\/fr-fr\/wp-content\/uploads\/2025\/07\/Carrelage-effet-pierre-mix-motifs-format-baton-pour-pose-au-sol-et-pose-murale-MASSICA-SCG-finition-Mix-7.5x60-cm-magasin-PORTO-VENERE-a-Montpellier-34-768x473.jpg\" class=\"attachment-medium_large size-medium_large wp-image-62182\" alt=\"\" srcset=\"https:\/\/www.portovenere.fr\/fr-fr\/wp-content\/uploads\/2025\/07\/Carrelage-effet-pierre-mix-motifs-format-baton-pour-pose-au-sol-et-pose-murale-MASSICA-SCG-finition-Mix-7.5x60-cm-magasin-PORTO-VENERE-a-Montpellier-34-768x473.jpg 768w, https:\/\/www.portovenere.fr\/fr-fr\/wp-content\/uploads\/2025\/07\/Carrelage-effet-pierre-mix-motifs-format-baton-pour-pose-au-sol-et-pose-murale-MASSICA-SCG-finition-Mix-7.5x60-cm-magasin-PORTO-VENERE-a-Montpellier-34-300x185.jpg 300w, https:\/\/www.portovenere.fr\/fr-fr\/wp-content\/uploads\/2025\/07\/Carrelage-effet-pierre-mix-motifs-format-baton-pour-pose-au-sol-et-pose-murale-MASSICA-SCG-finition-Mix-7.5x60-cm-magasin-PORTO-VENERE-a-Montpellier-34-1024x631.jpg 1024w, https:\/\/www.portovenere.fr\/fr-fr\/wp-content\/uploads\/2025\/07\/Carrelage-effet-pierre-mix-motifs-format-baton-pour-pose-au-sol-et-pose-murale-MASSICA-SCG-finition-Mix-7.5x60-cm-magasin-PORTO-VENERE-a-Montpellier-34-1536x947.jpg 1536w, https:\/\/www.portovenere.fr\/fr-fr\/wp-content\/uploads\/2025\/07\/Carrelage-effet-pierre-mix-motifs-format-baton-pour-pose-au-sol-et-pose-murale-MASSICA-SCG-finition-Mix-7.5x60-cm-magasin-PORTO-VENERE-a-Montpellier-34.jpg 1622w\" sizes=\"(max-width: 768px) 100vw, 768px\" \/>\t\t\t\t\t\t\t\t<\/a>\n\t\t\t\t\t\t\t\t\t\t\t\t\t\t\t<\/div>\n\t\t\t\t<\/div>\n\t\t\t\t<section class=\"elementor-section elementor-inner-section elementor-element elementor-element-39876b50 elementor-section-boxed elementor-section-height-default elementor-section-height-default elementor-invisible\" data-id=\"39876b50\" data-element_type=\"section\" data-e-type=\"section\" data-settings=\"{&quot;background_background&quot;:&quot;classic&quot;,&quot;animation&quot;:&quot;fadeIn&quot;}\">\n\t\t\t\t\t\t<div class=\"elementor-container elementor-column-gap-default\">\n\t\t\t\t\t<div class=\"elementor-column elementor-col-100 elementor-inner-column elementor-element elementor-element-21734d06\" data-id=\"21734d06\" data-element_type=\"column\" data-e-type=\"column\">\n\t\t\t<div class=\"elementor-widget-wrap elementor-element-populated\">\n\t\t\t\t\t\t<div class=\"elementor-element elementor-element-5ad99bed elementor-widget elementor-widget-heading\" data-id=\"5ad99bed\" data-element_type=\"widget\" data-e-type=\"widget\" data-widget_type=\"heading.default\">\n\t\t\t\t<div class=\"elementor-widget-container\">\n\t\t\t\t\t<h3 class=\"elementor-heading-title elementor-size-default\"><a href=\"https:\/\/www.portovenere.fr\/fr-fr\/carrelage-sol-et-mur-en-gres-cerame-et-faience\/carrelage-aspect-pierre\/carrelage-effet-pierre-claire-massica-scg\/\">MASSICA SCG | 1 tonalit\u00e9 &amp; 8 finitions <\/a><\/h3>\t\t\t\t<\/div>\n\t\t\t\t<\/div>\n\t\t\t\t<div class=\"elementor-element elementor-element-5312f6d6 elementor-widget__width-initial elementor-widget elementor-widget-gallery\" data-id=\"5312f6d6\" data-element_type=\"widget\" data-e-type=\"widget\" data-settings=\"{&quot;gap&quot;:{&quot;unit&quot;:&quot;px&quot;,&quot;size&quot;:3,&quot;sizes&quot;:[]},&quot;columns_mobile&quot;:3,&quot;gap_mobile&quot;:{&quot;unit&quot;:&quot;px&quot;,&quot;size&quot;:6,&quot;sizes&quot;:[]},&quot;columns&quot;:5,&quot;columns_tablet&quot;:3,&quot;gap_tablet&quot;:{&quot;unit&quot;:&quot;px&quot;,&quot;size&quot;:5,&quot;sizes&quot;:[]},&quot;lazyload&quot;:&quot;yes&quot;,&quot;gallery_layout&quot;:&quot;grid&quot;,&quot;link_to&quot;:&quot;file&quot;,&quot;aspect_ratio&quot;:&quot;3:2&quot;,&quot;overlay_background&quot;:&quot;yes&quot;,&quot;content_hover_animation&quot;:&quot;fade-in&quot;}\" data-widget_type=\"gallery.default\">\n\t\t\t\t<div class=\"elementor-widget-container\">\n\t\t\t\t\t\t\t<div class=\"elementor-gallery__container\">\n\t\t\t\t\t\t\t<a class=\"e-gallery-item elementor-gallery-item elementor-animated-content\" href=\"https:\/\/www.portovenere.fr\/fr-fr\/wp-content\/uploads\/2025\/07\/Carrelage-effet-pierre-ancienne-usee-pour-pose-au-sol-et-pose-murale-MASSICA-SCG-finition-Crack-60x120-cm-magasin-PORTO-VENERE-pres-de-Pezenas-34.jpg\" data-elementor-open-lightbox=\"yes\" data-elementor-lightbox-slideshow=\"5312f6d6\" data-elementor-lightbox-title=\"Carrelage-effet-pierre-ancienne-us\u00e9e-pour-pose-au-sol-et-pose-murale-MASSICA-SCG-finition-Crack-60x120-cm-magasin-PORTO-VENERE-pr\u00e8s-de-Pezenas-34\" data-e-action-hash=\"#elementor-action%3Aaction%3Dlightbox%26settings%3DeyJpZCI6NjIxNzUsInVybCI6Imh0dHBzOlwvXC93d3cucG9ydG92ZW5lcmUuZnJcL2ZyLWZyXC93cC1jb250ZW50XC91cGxvYWRzXC8yMDI1XC8wN1wvQ2FycmVsYWdlLWVmZmV0LXBpZXJyZS1hbmNpZW5uZS11c2VlLXBvdXItcG9zZS1hdS1zb2wtZXQtcG9zZS1tdXJhbGUtTUFTU0lDQS1TQ0ctZmluaXRpb24tQ3JhY2stNjB4MTIwLWNtLW1hZ2FzaW4tUE9SVE8tVkVORVJFLXByZXMtZGUtUGV6ZW5hcy0zNC5qcGciLCJzbGlkZXNob3ciOiI1MzEyZjZkNiJ9\">\n\t\t\t\t\t<div class=\"e-gallery-image elementor-gallery-item__image\" data-thumbnail=\"https:\/\/www.portovenere.fr\/fr-fr\/wp-content\/uploads\/2025\/07\/Carrelage-effet-pierre-ancienne-usee-pour-pose-au-sol-et-pose-murale-MASSICA-SCG-finition-Crack-60x120-cm-magasin-PORTO-VENERE-pres-de-Pezenas-34-150x150.jpg\" data-width=\"150\" data-height=\"150\" aria-label=\"\" role=\"img\" ><\/div>\n\t\t\t\t\t\t\t\t\t\t\t<div class=\"elementor-gallery-item__overlay\"><\/div>\n\t\t\t\t\t\t\t\t\t\t\t\t\t\t<\/a>\n\t\t\t\t\t\t\t<a class=\"e-gallery-item elementor-gallery-item elementor-animated-content\" href=\"https:\/\/www.portovenere.fr\/fr-fr\/wp-content\/uploads\/2025\/07\/Carrelage-effet-pierre-poli-pour-pose-au-sol-et-pose-murale-MASSICA-SCG-finition-Polished-60x120-cm-magasin-PORTO-VENERE-pres-de-Baillargues-34.jpg\" data-elementor-open-lightbox=\"yes\" data-elementor-lightbox-slideshow=\"5312f6d6\" data-elementor-lightbox-title=\"Carrelage-effet-pierre-poli-pour-pose-au-sol-et-pose-murale-MASSICA-SCG-finition-Polished-60x120-cm-magasin-PORTO-VENERE-pr\u00e8s-de-Baillargues-34\" data-e-action-hash=\"#elementor-action%3Aaction%3Dlightbox%26settings%3DeyJpZCI6NjIxNTcsInVybCI6Imh0dHBzOlwvXC93d3cucG9ydG92ZW5lcmUuZnJcL2ZyLWZyXC93cC1jb250ZW50XC91cGxvYWRzXC8yMDI1XC8wN1wvQ2FycmVsYWdlLWVmZmV0LXBpZXJyZS1wb2xpLXBvdXItcG9zZS1hdS1zb2wtZXQtcG9zZS1tdXJhbGUtTUFTU0lDQS1TQ0ctZmluaXRpb24tUG9saXNoZWQtNjB4MTIwLWNtLW1hZ2FzaW4tUE9SVE8tVkVORVJFLXByZXMtZGUtQmFpbGxhcmd1ZXMtMzQuanBnIiwic2xpZGVzaG93IjoiNTMxMmY2ZDYifQ%3D%3D\">\n\t\t\t\t\t<div class=\"e-gallery-image elementor-gallery-item__image\" data-thumbnail=\"https:\/\/www.portovenere.fr\/fr-fr\/wp-content\/uploads\/2025\/07\/Carrelage-effet-pierre-poli-pour-pose-au-sol-et-pose-murale-MASSICA-SCG-finition-Polished-60x120-cm-magasin-PORTO-VENERE-pres-de-Baillargues-34-150x150.jpg\" data-width=\"150\" data-height=\"150\" aria-label=\"\" role=\"img\" ><\/div>\n\t\t\t\t\t\t\t\t\t\t\t<div class=\"elementor-gallery-item__overlay\"><\/div>\n\t\t\t\t\t\t\t\t\t\t\t\t\t\t<\/a>\n\t\t\t\t\t\t\t<a class=\"e-gallery-item elementor-gallery-item elementor-animated-content\" href=\"https:\/\/www.portovenere.fr\/fr-fr\/wp-content\/uploads\/2025\/07\/Carrelage-effet-pierre-effet-lignes-pose-murale-MASSICA-SCG-Grooved-60x120-cm-magasin-PORTO-VENERE-proche-de-Mauguio-34.jpg\" data-elementor-open-lightbox=\"yes\" data-elementor-lightbox-slideshow=\"5312f6d6\" data-elementor-lightbox-title=\"Carrelage-effet-pierre-effet-lignes-pose-murale-MASSICA-SCG-Grooved-60x120-cm-magasin-PORTO-VENERE-proche-de-Mauguio-34\" data-e-action-hash=\"#elementor-action%3Aaction%3Dlightbox%26settings%3DeyJpZCI6NjIxNTYsInVybCI6Imh0dHBzOlwvXC93d3cucG9ydG92ZW5lcmUuZnJcL2ZyLWZyXC93cC1jb250ZW50XC91cGxvYWRzXC8yMDI1XC8wN1wvQ2FycmVsYWdlLWVmZmV0LXBpZXJyZS1lZmZldC1saWduZXMtcG9zZS1tdXJhbGUtTUFTU0lDQS1TQ0ctR3Jvb3ZlZC02MHgxMjAtY20tbWFnYXNpbi1QT1JUTy1WRU5FUkUtcHJvY2hlLWRlLU1hdWd1aW8tMzQuanBnIiwic2xpZGVzaG93IjoiNTMxMmY2ZDYifQ%3D%3D\">\n\t\t\t\t\t<div class=\"e-gallery-image elementor-gallery-item__image\" data-thumbnail=\"https:\/\/www.portovenere.fr\/fr-fr\/wp-content\/uploads\/2025\/07\/Carrelage-effet-pierre-effet-lignes-pose-murale-MASSICA-SCG-Grooved-60x120-cm-magasin-PORTO-VENERE-proche-de-Mauguio-34-150x150.jpg\" data-width=\"150\" data-height=\"150\" aria-label=\"\" role=\"img\" ><\/div>\n\t\t\t\t\t\t\t\t\t\t\t<div class=\"elementor-gallery-item__overlay\"><\/div>\n\t\t\t\t\t\t\t\t\t\t\t\t\t\t<\/a>\n\t\t\t\t\t\t\t<a class=\"e-gallery-item elementor-gallery-item elementor-animated-content\" href=\"https:\/\/www.portovenere.fr\/fr-fr\/wp-content\/uploads\/2025\/07\/Carrelage-effet-pierre-sol-mur-MASSICA-SCG-finition-Flamed-R10-B-bords-rectifies-60x120-cm-magasin-PORTO-VENEREpres-de-Castelnau-le-Lez-34.jpg\" data-elementor-open-lightbox=\"yes\" data-elementor-lightbox-slideshow=\"5312f6d6\" data-elementor-lightbox-title=\"Carrelage-effet-pierre-sol-mur-MASSICA-SCG-finition-Flamed-R10-B-bords-rectifi\u00e9s-60x120-cm-magasin-PORTO-VENEREpr\u00e8s-de-Castelnau-le-Lez-34\" data-e-action-hash=\"#elementor-action%3Aaction%3Dlightbox%26settings%3DeyJpZCI6NjIxNTksInVybCI6Imh0dHBzOlwvXC93d3cucG9ydG92ZW5lcmUuZnJcL2ZyLWZyXC93cC1jb250ZW50XC91cGxvYWRzXC8yMDI1XC8wN1wvQ2FycmVsYWdlLWVmZmV0LXBpZXJyZS1zb2wtbXVyLU1BU1NJQ0EtU0NHLWZpbml0aW9uLUZsYW1lZC1SMTAtQi1ib3Jkcy1yZWN0aWZpZXMtNjB4MTIwLWNtLW1hZ2FzaW4tUE9SVE8tVkVORVJFcHJlcy1kZS1DYXN0ZWxuYXUtbGUtTGV6LTM0LmpwZyIsInNsaWRlc2hvdyI6IjUzMTJmNmQ2In0%3D\">\n\t\t\t\t\t<div class=\"e-gallery-image elementor-gallery-item__image\" data-thumbnail=\"https:\/\/www.portovenere.fr\/fr-fr\/wp-content\/uploads\/2025\/07\/Carrelage-effet-pierre-sol-mur-MASSICA-SCG-finition-Flamed-R10-B-bords-rectifies-60x120-cm-magasin-PORTO-VENEREpres-de-Castelnau-le-Lez-34-150x150.jpg\" data-width=\"150\" data-height=\"150\" aria-label=\"\" role=\"img\" ><\/div>\n\t\t\t\t\t\t\t\t\t\t\t<div class=\"elementor-gallery-item__overlay\"><\/div>\n\t\t\t\t\t\t\t\t\t\t\t\t\t\t<\/a>\n\t\t\t\t\t\t\t<a class=\"e-gallery-item elementor-gallery-item elementor-animated-content\" href=\"https:\/\/www.portovenere.fr\/fr-fr\/wp-content\/uploads\/2025\/07\/Carrelage-mosaique-effet-pierre-naturelle-differents-motifs-decors-30x30-cm-MASSICA-SCG-magasin-PORTO-VENERE-proche-de-Lattes-34.jpg\" data-elementor-open-lightbox=\"yes\" data-elementor-lightbox-slideshow=\"5312f6d6\" data-elementor-lightbox-title=\"Carrelage-mosa\u00efque-effet-pierre-naturelle-diff\u00e9rents-motifs-d\u00e9cors-30x30-cm-MASSICA-SCG-magasin-PORTO-VENERE-proche-de-Lattes-34\" data-e-action-hash=\"#elementor-action%3Aaction%3Dlightbox%26settings%3DeyJpZCI6NjIxNjEsInVybCI6Imh0dHBzOlwvXC93d3cucG9ydG92ZW5lcmUuZnJcL2ZyLWZyXC93cC1jb250ZW50XC91cGxvYWRzXC8yMDI1XC8wN1wvQ2FycmVsYWdlLW1vc2FpcXVlLWVmZmV0LXBpZXJyZS1uYXR1cmVsbGUtZGlmZmVyZW50cy1tb3RpZnMtZGVjb3JzLTMweDMwLWNtLU1BU1NJQ0EtU0NHLW1hZ2FzaW4tUE9SVE8tVkVORVJFLXByb2NoZS1kZS1MYXR0ZXMtMzQuanBnIiwic2xpZGVzaG93IjoiNTMxMmY2ZDYifQ%3D%3D\">\n\t\t\t\t\t<div class=\"e-gallery-image elementor-gallery-item__image\" data-thumbnail=\"https:\/\/www.portovenere.fr\/fr-fr\/wp-content\/uploads\/2025\/07\/Carrelage-mosaique-effet-pierre-naturelle-differents-motifs-decors-30x30-cm-MASSICA-SCG-magasin-PORTO-VENERE-proche-de-Lattes-34-150x150.jpg\" data-width=\"150\" data-height=\"150\" aria-label=\"\" role=\"img\" ><\/div>\n\t\t\t\t\t\t\t\t\t\t\t<div class=\"elementor-gallery-item__overlay\"><\/div>\n\t\t\t\t\t\t\t\t\t\t\t\t\t\t<\/a>\n\t\t\t\t\t\t\t<a class=\"e-gallery-item elementor-gallery-item elementor-animated-content\" href=\"https:\/\/www.portovenere.fr\/fr-fr\/wp-content\/uploads\/2025\/07\/Carrelage-effet-pierre-type-chevrons-motifs-stries-pour-pose-au-sol-et-pose-murale-MASSICA-SCG-Natural-20x80-cm-magasin-PORTO-VENERE-pres-de-Palavas-34.jpg\" data-elementor-open-lightbox=\"yes\" data-elementor-lightbox-slideshow=\"5312f6d6\" data-elementor-lightbox-title=\"Carrelage-effet-pierre-type-chevrons-motifs-stri\u00e9s-pour-pose-au-sol-et-pose-murale-MASSICA-SCG-Natural-20x80-cm-magasin-PORTO-VENERE-pr\u00e8s-de-Palavas-34\" data-e-action-hash=\"#elementor-action%3Aaction%3Dlightbox%26settings%3DeyJpZCI6NjIxNjAsInVybCI6Imh0dHBzOlwvXC93d3cucG9ydG92ZW5lcmUuZnJcL2ZyLWZyXC93cC1jb250ZW50XC91cGxvYWRzXC8yMDI1XC8wN1wvQ2FycmVsYWdlLWVmZmV0LXBpZXJyZS10eXBlLWNoZXZyb25zLW1vdGlmcy1zdHJpZXMtcG91ci1wb3NlLWF1LXNvbC1ldC1wb3NlLW11cmFsZS1NQVNTSUNBLVNDRy1OYXR1cmFsLTIweDgwLWNtLW1hZ2FzaW4tUE9SVE8tVkVORVJFLXByZXMtZGUtUGFsYXZhcy0zNC5qcGciLCJzbGlkZXNob3ciOiI1MzEyZjZkNiJ9\">\n\t\t\t\t\t<div class=\"e-gallery-image elementor-gallery-item__image\" data-thumbnail=\"https:\/\/www.portovenere.fr\/fr-fr\/wp-content\/uploads\/2025\/07\/Carrelage-effet-pierre-type-chevrons-motifs-stries-pour-pose-au-sol-et-pose-murale-MASSICA-SCG-Natural-20x80-cm-magasin-PORTO-VENERE-pres-de-Palavas-34-150x150.jpg\" data-width=\"150\" data-height=\"150\" aria-label=\"\" role=\"img\" ><\/div>\n\t\t\t\t\t\t\t\t\t\t\t<div class=\"elementor-gallery-item__overlay\"><\/div>\n\t\t\t\t\t\t\t\t\t\t\t\t\t\t<\/a>\n\t\t\t\t\t\t\t<a class=\"e-gallery-item elementor-gallery-item elementor-animated-content\" href=\"https:\/\/www.portovenere.fr\/fr-fr\/wp-content\/uploads\/2025\/07\/Carrelage-effet-pierre-pour-pose-au-sol-et-pose-murale-MASSICA-SCG-finition-Natural-60x120-cm-magasin-PORTO-VENERE-a-Montpellier-34.jpg\" data-elementor-open-lightbox=\"yes\" data-elementor-lightbox-slideshow=\"5312f6d6\" data-elementor-lightbox-title=\"Carrelage-effet-pierre-pour-pose-au-sol-et-pose-murale-MASSICA-SCG-finition-Natural-60x120-cm-magasin-PORTO-VENERE-\u00e0-Montpellier-34\" data-e-action-hash=\"#elementor-action%3Aaction%3Dlightbox%26settings%3DeyJpZCI6NjIxNTgsInVybCI6Imh0dHBzOlwvXC93d3cucG9ydG92ZW5lcmUuZnJcL2ZyLWZyXC93cC1jb250ZW50XC91cGxvYWRzXC8yMDI1XC8wN1wvQ2FycmVsYWdlLWVmZmV0LXBpZXJyZS1wb3VyLXBvc2UtYXUtc29sLWV0LXBvc2UtbXVyYWxlLU1BU1NJQ0EtU0NHLWZpbml0aW9uLU5hdHVyYWwtNjB4MTIwLWNtLW1hZ2FzaW4tUE9SVE8tVkVORVJFLWEtTW9udHBlbGxpZXItMzQuanBnIiwic2xpZGVzaG93IjoiNTMxMmY2ZDYifQ%3D%3D\">\n\t\t\t\t\t<div class=\"e-gallery-image elementor-gallery-item__image\" data-thumbnail=\"https:\/\/www.portovenere.fr\/fr-fr\/wp-content\/uploads\/2025\/07\/Carrelage-effet-pierre-pour-pose-au-sol-et-pose-murale-MASSICA-SCG-finition-Natural-60x120-cm-magasin-PORTO-VENERE-a-Montpellier-34-150x150.jpg\" data-width=\"150\" data-height=\"150\" aria-label=\"\" role=\"img\" ><\/div>\n\t\t\t\t\t\t\t\t\t\t\t<div class=\"elementor-gallery-item__overlay\"><\/div>\n\t\t\t\t\t\t\t\t\t\t\t\t\t\t<\/a>\n\t\t\t\t\t\t\t<a class=\"e-gallery-item elementor-gallery-item elementor-animated-content\" href=\"https:\/\/www.portovenere.fr\/fr-fr\/wp-content\/uploads\/2025\/07\/Carrelage-effet-pierre-antiderapant-pose-au-sol-MASSICA-SCG-Hammered-60x120-cm-magasin-PORTO-VENERE-proche-de-Sete-34.jpg\" data-elementor-open-lightbox=\"yes\" data-elementor-lightbox-slideshow=\"5312f6d6\" data-elementor-lightbox-title=\"Carrelage-effet-pierre-antid\u00e9rapant-pose-au-sol-MASSICA-SCG-Hammered-60x120-cm-magasin-PORTO-VENERE-proche-de-S\u00e8te-34\" data-e-action-hash=\"#elementor-action%3Aaction%3Dlightbox%26settings%3DeyJpZCI6NjIxNTUsInVybCI6Imh0dHBzOlwvXC93d3cucG9ydG92ZW5lcmUuZnJcL2ZyLWZyXC93cC1jb250ZW50XC91cGxvYWRzXC8yMDI1XC8wN1wvQ2FycmVsYWdlLWVmZmV0LXBpZXJyZS1hbnRpZGVyYXBhbnQtcG9zZS1hdS1zb2wtTUFTU0lDQS1TQ0ctSGFtbWVyZWQtNjB4MTIwLWNtLW1hZ2FzaW4tUE9SVE8tVkVORVJFLXByb2NoZS1kZS1TZXRlLTM0LmpwZyIsInNsaWRlc2hvdyI6IjUzMTJmNmQ2In0%3D\">\n\t\t\t\t\t<div class=\"e-gallery-image elementor-gallery-item__image\" data-thumbnail=\"https:\/\/www.portovenere.fr\/fr-fr\/wp-content\/uploads\/2025\/07\/Carrelage-effet-pierre-antiderapant-pose-au-sol-MASSICA-SCG-Hammered-60x120-cm-magasin-PORTO-VENERE-proche-de-Sete-34-150x150.jpg\" data-width=\"150\" data-height=\"150\" aria-label=\"\" role=\"img\" ><\/div>\n\t\t\t\t\t\t\t\t\t\t\t<div class=\"elementor-gallery-item__overlay\"><\/div>\n\t\t\t\t\t\t\t\t\t\t\t\t\t\t<\/a>\n\t\t\t\t\t\t\t<a class=\"e-gallery-item elementor-gallery-item elementor-animated-content\" href=\"https:\/\/www.portovenere.fr\/fr-fr\/wp-content\/uploads\/2025\/06\/Carrelage-sol-et-mur-petit-format-7x15-cm-rectangualire-5-coloris-MASSICA-SCG-qualite-et-originalite-magasin-Porto-Venere-Montpellier-pres-de-Lattes-34.png\" data-elementor-open-lightbox=\"yes\" data-elementor-lightbox-slideshow=\"5312f6d6\" data-elementor-lightbox-title=\"Carrelage sol et mur petit format 7x15 cm rectangualire 5 coloris MASSICA SCG qualit\u00e9 et originalit\u00e9 magasin Porto Venere Montpellier pr\u00e8s de Lattes 34\" data-e-action-hash=\"#elementor-action%3Aaction%3Dlightbox%26settings%3DeyJpZCI6NjIxMDksInVybCI6Imh0dHBzOlwvXC93d3cucG9ydG92ZW5lcmUuZnJcL2ZyLWZyXC93cC1jb250ZW50XC91cGxvYWRzXC8yMDI1XC8wNlwvQ2FycmVsYWdlLXNvbC1ldC1tdXItcGV0aXQtZm9ybWF0LTd4MTUtY20tcmVjdGFuZ3VhbGlyZS01LWNvbG9yaXMtTUFTU0lDQS1TQ0ctcXVhbGl0ZS1ldC1vcmlnaW5hbGl0ZS1tYWdhc2luLVBvcnRvLVZlbmVyZS1Nb250cGVsbGllci1wcmVzLWRlLUxhdHRlcy0zNC5wbmciLCJzbGlkZXNob3ciOiI1MzEyZjZkNiJ9\">\n\t\t\t\t\t<div class=\"e-gallery-image elementor-gallery-item__image\" data-thumbnail=\"https:\/\/www.portovenere.fr\/fr-fr\/wp-content\/uploads\/2025\/06\/Carrelage-sol-et-mur-petit-format-7x15-cm-rectangualire-5-coloris-MASSICA-SCG-qualite-et-originalite-magasin-Porto-Venere-Montpellier-pres-de-Lattes-34-150x150.png\" data-width=\"150\" data-height=\"150\" aria-label=\"\" role=\"img\" ><\/div>\n\t\t\t\t\t\t\t\t\t\t\t<div class=\"elementor-gallery-item__overlay\"><\/div>\n\t\t\t\t\t\t\t\t\t\t\t\t\t\t<\/a>\n\t\t\t\t\t<\/div>\n\t\t\t\t\t<\/div>\n\t\t\t\t<\/div>\n\t\t\t\t<div class=\"elementor-element elementor-element-6b33c3a5 elementor-widget elementor-widget-text-editor\" data-id=\"6b33c3a5\" data-element_type=\"widget\" data-e-type=\"widget\" data-widget_type=\"text-editor.default\">\n\t\t\t\t<div class=\"elementor-widget-container\">\n\t\t\t\t\t\t\t\t\t<p>D\u00e9couvrez le <b>gris<\/b>, couleur phare de notre nouvelle collection exclusive : <b>MASSICA SCG<\/b>. Ce <b>carrelage haut de gamme<\/b> r\u00e9invente la beaut\u00e9 intemporelle de la <b>pierre naturelle<\/b>, sublimant chaque surface avec une pr\u00e9cision in\u00e9gal\u00e9e.<\/p><p>Notre collection de <b>carrelage imitation pierre<\/b> offre <b>huit finitions d&rsquo;exception<\/b> et <b>huit formats polyvalents<\/b>, dont le grand format <b>carrelage 80&#215;80 cm<\/b>, <b>60&#215;120 cm<\/b>, <b>60&#215;60 cm<\/b>, <b>30&#215;60 cm<\/b>, <b>20&#215;80 cm<\/b>, ainsi que les formats bande <b>7,5&#215;120 cm<\/b>, <b>7,5&#215;60 cm<\/b>, et les carreaux d\u00e9coratifs <b>5&#215;15 cm<\/b>. Chaque pi\u00e8ce est con\u00e7ue pour une esth\u00e9tique riche et vari\u00e9e : <b>carrelage naturel<\/b>, <b>poli brillant<\/b>, <b>bouchard\u00e9<\/b>, <b>grav\u00e9<\/b>, <b>vieilli<\/b> et <b>textur\u00e9<\/b>. Cette diversit\u00e9 garantit une adaptabilit\u00e9 parfaite \u00e0 tous vos projets.<\/p><p><b>MASSICA SCG<\/b> inclut \u00e9galement des cr\u00e9ations uniques :<\/p><ul><li><p><b>Patchy<\/b> : Un <b>carrelage original<\/b> fusionnant l&rsquo;esprit du <b>terrazzo<\/b> et la robustesse de la pierre.<\/p><\/li><li><p><b>Riviera<\/b> : Un <b>carrelage en porcelaine polie brillante<\/b> pour une ambiance nautique \u00e9l\u00e9gante, id\u00e9al pour vos <b>sols et murs<\/b>.<\/p><\/li><\/ul><p>Que vous cherchiez un <b>carrelage pour salon<\/b>, <b>cuisine<\/b>, <b>salle de bain<\/b>, ou un <b>rev\u00eatement ext\u00e9rieur<\/b> durable, <b>MASSICA SCG<\/b> est le choix id\u00e9al. Ce <b>carrelage moderne<\/b> convient aux espaces r\u00e9sidentiels et commerciaux, int\u00e9rieurs comme ext\u00e9rieurs. Optez pour <b>MASSICA SCG<\/b> pour un <b>carrelage int\u00e9rieur et ext\u00e9rieur<\/b> alliant performance et sophistication.<\/p>\t\t\t\t\t\t\t\t<\/div>\n\t\t\t\t<\/div>\n\t\t\t\t\t<\/div>\n\t\t<\/div>\n\t\t\t\t\t<\/div>\n\t\t<\/section>\n\t\t\t\t<div class=\"elementor-element elementor-element-7188c4d7 elementor-mobile-align-center elementor-widget elementor-widget-button\" data-id=\"7188c4d7\" data-element_type=\"widget\" data-e-type=\"widget\" data-widget_type=\"button.default\">\n\t\t\t\t<div class=\"elementor-widget-container\">\n\t\t\t\t\t\t\t\t\t<div class=\"elementor-button-wrapper\">\n\t\t\t\t\t<a class=\"elementor-button elementor-button-link elementor-size-sm\" href=\"https:\/\/www.portovenere.fr\/fr-fr\/carrelage-sol-et-mur-en-gres-cerame-et-faience\/carrelage-aspect-pierre\/carrelage-effet-pierre-claire-massica-scg\/\">\n\t\t\t\t\t\t<span class=\"elementor-button-content-wrapper\">\n\t\t\t\t\t\t\t\t\t<span class=\"elementor-button-text\">Voir la collection<\/span>\n\t\t\t\t\t<\/span>\n\t\t\t\t\t<\/a>\n\t\t\t\t<\/div>\n\t\t\t\t\t\t\t\t<\/div>\n\t\t\t\t<\/div>\n\t\t\t\t\t<\/div>\n\t\t<\/div>\n\t\t\t\t<div class=\"elementor-column elementor-col-33 elementor-top-column elementor-element elementor-element-1369e23f elementor-invisible\" data-id=\"1369e23f\" data-element_type=\"column\" data-e-type=\"column\" data-settings=\"{&quot;animation&quot;:&quot;fadeIn&quot;,&quot;background_background&quot;:&quot;classic&quot;}\">\n\t\t\t<div class=\"elementor-widget-wrap elementor-element-populated\">\n\t\t\t\t\t\t<div class=\"elementor-element elementor-element-5624a8d0 elementor-widget elementor-widget-image\" data-id=\"5624a8d0\" data-element_type=\"widget\" data-e-type=\"widget\" data-widget_type=\"image.default\">\n\t\t\t\t<div class=\"elementor-widget-container\">\n\t\t\t\t\t\t\t\t\t\t\t\t\t\t\t\t<a href=\"https:\/\/www.portovenere.fr\/fr-fr\/carrelage-sol-et-mur-en-gres-cerame-et-faience\/carrelage-aspect-pierre\/carrelage-imitation-pierre-naturelle-rinca-stone\/\">\n\t\t\t\t\t\t\t<img decoding=\"async\" src=\"https:\/\/www.portovenere.fr\/fr-fr\/wp-content\/uploads\/elementor\/thumbs\/Carrelage-salle-de-bain-effet-pierre-naturelle-italienne-Rinca-Stone-White-sol-et-mur-magasin-Porto-Venere-Montpellier-pres-de-Bouzigues-34-r8ifx70k4vgejiq9fkvus6r24523p1cwejg8ysec84.jpg\" title=\"Carrelage-salle-de-bain-effet-pierre-naturelle-italienne-Rinca-Stone-White-sol-et-mur-magasin-Porto-Venere-Montpellier-pr\u00e8s-de-Bouzigues-34\" alt=\"Carrelage salle de bain imitation pierre naturelle italienne haut de gamme Rinca Stone\" loading=\"lazy\" \/>\t\t\t\t\t\t\t\t<\/a>\n\t\t\t\t\t\t\t\t\t\t\t\t\t\t\t<\/div>\n\t\t\t\t<\/div>\n\t\t\t\t<section class=\"elementor-section elementor-inner-section elementor-element elementor-element-7a1a220 elementor-section-boxed elementor-section-height-default elementor-section-height-default elementor-invisible\" data-id=\"7a1a220\" data-element_type=\"section\" data-e-type=\"section\" data-settings=\"{&quot;background_background&quot;:&quot;classic&quot;,&quot;animation&quot;:&quot;fadeIn&quot;}\">\n\t\t\t\t\t\t<div class=\"elementor-container elementor-column-gap-default\">\n\t\t\t\t\t<div class=\"elementor-column elementor-col-100 elementor-inner-column elementor-element elementor-element-5da6969\" data-id=\"5da6969\" data-element_type=\"column\" data-e-type=\"column\">\n\t\t\t<div class=\"elementor-widget-wrap elementor-element-populated\">\n\t\t\t\t\t\t<div class=\"elementor-element elementor-element-56001b42 elementor-widget elementor-widget-heading\" data-id=\"56001b42\" data-element_type=\"widget\" data-e-type=\"widget\" data-widget_type=\"heading.default\">\n\t\t\t\t<div class=\"elementor-widget-container\">\n\t\t\t\t\t<h3 class=\"elementor-heading-title elementor-size-default\"><a href=\"https:\/\/www.portovenere.fr\/fr-fr\/carrelage-sol-et-mur-en-gres-cerame-et-faience\/carrelage-aspect-pierre\/carrelage-imitation-pierre-naturelle-rinca-stone\/\">RINCA STONE | 3 coloris &amp; 4 finitions<\/a><\/h3>\t\t\t\t<\/div>\n\t\t\t\t<\/div>\n\t\t\t\t<div class=\"elementor-element elementor-element-1d2579ac elementor-widget__width-initial elementor-widget elementor-widget-gallery\" data-id=\"1d2579ac\" data-element_type=\"widget\" data-e-type=\"widget\" data-settings=\"{&quot;gap&quot;:{&quot;unit&quot;:&quot;px&quot;,&quot;size&quot;:3,&quot;sizes&quot;:[]},&quot;columns_mobile&quot;:3,&quot;gap_mobile&quot;:{&quot;unit&quot;:&quot;px&quot;,&quot;size&quot;:6,&quot;sizes&quot;:[]},&quot;columns&quot;:5,&quot;columns_tablet&quot;:3,&quot;gap_tablet&quot;:{&quot;unit&quot;:&quot;px&quot;,&quot;size&quot;:5,&quot;sizes&quot;:[]},&quot;lazyload&quot;:&quot;yes&quot;,&quot;gallery_layout&quot;:&quot;grid&quot;,&quot;link_to&quot;:&quot;file&quot;,&quot;aspect_ratio&quot;:&quot;3:2&quot;,&quot;overlay_background&quot;:&quot;yes&quot;,&quot;content_hover_animation&quot;:&quot;fade-in&quot;}\" data-widget_type=\"gallery.default\">\n\t\t\t\t<div class=\"elementor-widget-container\">\n\t\t\t\t\t\t\t<div class=\"elementor-gallery__container\">\n\t\t\t\t\t\t\t<a class=\"e-gallery-item elementor-gallery-item elementor-animated-content\" href=\"https:\/\/www.portovenere.fr\/fr-fr\/wp-content\/uploads\/2025\/03\/Carrelage-sol-mur-imitation-pierre-naturelle-italienne-Rinca-Stone-beige-Cross-Cut-interieur-exterieur-magasin-Porto-Venere-pres-de-Montferrier-sur-Lez-34.jpg\" data-elementor-open-lightbox=\"yes\" data-elementor-lightbox-slideshow=\"1d2579ac\" data-elementor-lightbox-title=\"Carrelage-sol-mur-imitation-pierre-naturelle-italienne-Rinca-Stone-beige-Cross-Cut-int\u00e9rieur-ext\u00e9rieur-magasin-Porto-Venere-pr\u00e8s-de-Montferrier-sur-Lez-34\" data-e-action-hash=\"#elementor-action%3Aaction%3Dlightbox%26settings%3DeyJpZCI6NTcxNTIsInVybCI6Imh0dHBzOlwvXC93d3cucG9ydG92ZW5lcmUuZnJcL2ZyLWZyXC93cC1jb250ZW50XC91cGxvYWRzXC8yMDI1XC8wM1wvQ2FycmVsYWdlLXNvbC1tdXItaW1pdGF0aW9uLXBpZXJyZS1uYXR1cmVsbGUtaXRhbGllbm5lLVJpbmNhLVN0b25lLWJlaWdlLUNyb3NzLUN1dC1pbnRlcmlldXItZXh0ZXJpZXVyLW1hZ2FzaW4tUG9ydG8tVmVuZXJlLXByZXMtZGUtTW9udGZlcnJpZXItc3VyLUxlei0zNC5qcGciLCJzbGlkZXNob3ciOiIxZDI1NzlhYyJ9\">\n\t\t\t\t\t<div class=\"e-gallery-image elementor-gallery-item__image\" data-thumbnail=\"https:\/\/www.portovenere.fr\/fr-fr\/wp-content\/uploads\/2025\/03\/Carrelage-sol-mur-imitation-pierre-naturelle-italienne-Rinca-Stone-beige-Cross-Cut-interieur-exterieur-magasin-Porto-Venere-pres-de-Montferrier-sur-Lez-34-150x150.jpg\" data-width=\"150\" data-height=\"150\" aria-label=\"Carrelage mural et sol Rinca stone pour int\u00e9rieur et ext\u00e9rieur par Porto Venere\" role=\"img\" ><\/div>\n\t\t\t\t\t\t\t\t\t\t\t<div class=\"elementor-gallery-item__overlay\"><\/div>\n\t\t\t\t\t\t\t\t\t\t\t\t\t\t<\/a>\n\t\t\t\t\t\t\t<a class=\"e-gallery-item elementor-gallery-item elementor-animated-content\" href=\"https:\/\/www.portovenere.fr\/fr-fr\/wp-content\/uploads\/2025\/03\/Carrelage-sol-mur-imitation-pierre-naturelle-italienne-Rinca-Stone-light-grey-Cross-Cut-interieur-exterieur-magasin-Porto-Venere-pres-de-Meze-34.jpg\" data-elementor-open-lightbox=\"yes\" data-elementor-lightbox-slideshow=\"1d2579ac\" data-elementor-lightbox-title=\"Carrelage-sol-mur-imitation-pierre-naturelle-italienne-Rinca-Stone-light-grey-Cross-Cut-int\u00e9rieur-ext\u00e9rieur-magasin-Porto-Venere-pr\u00e8s-de-Meze-34\" data-e-action-hash=\"#elementor-action%3Aaction%3Dlightbox%26settings%3DeyJpZCI6NTcxNTMsInVybCI6Imh0dHBzOlwvXC93d3cucG9ydG92ZW5lcmUuZnJcL2ZyLWZyXC93cC1jb250ZW50XC91cGxvYWRzXC8yMDI1XC8wM1wvQ2FycmVsYWdlLXNvbC1tdXItaW1pdGF0aW9uLXBpZXJyZS1uYXR1cmVsbGUtaXRhbGllbm5lLVJpbmNhLVN0b25lLWxpZ2h0LWdyZXktQ3Jvc3MtQ3V0LWludGVyaWV1ci1leHRlcmlldXItbWFnYXNpbi1Qb3J0by1WZW5lcmUtcHJlcy1kZS1NZXplLTM0LmpwZyIsInNsaWRlc2hvdyI6IjFkMjU3OWFjIn0%3D\">\n\t\t\t\t\t<div class=\"e-gallery-image elementor-gallery-item__image\" data-thumbnail=\"https:\/\/www.portovenere.fr\/fr-fr\/wp-content\/uploads\/2025\/03\/Carrelage-sol-mur-imitation-pierre-naturelle-italienne-Rinca-Stone-light-grey-Cross-Cut-interieur-exterieur-magasin-Porto-Venere-pres-de-Meze-34-150x150.jpg\" data-width=\"150\" data-height=\"150\" aria-label=\"Carrelage mural et sol Rinca stone pour int\u00e9rieur et ext\u00e9rieur par Porto Venere\" role=\"img\" ><\/div>\n\t\t\t\t\t\t\t\t\t\t\t<div class=\"elementor-gallery-item__overlay\"><\/div>\n\t\t\t\t\t\t\t\t\t\t\t\t\t\t<\/a>\n\t\t\t\t\t\t\t<a class=\"e-gallery-item elementor-gallery-item elementor-animated-content\" href=\"https:\/\/www.portovenere.fr\/fr-fr\/wp-content\/uploads\/2025\/03\/Carrelage-sol-mur-imitation-pierre-naturelle-italienne-Rinca-Stone-white-Cross-Cut-interieur-exterieur-magasin-Porto-Venere-pres-de-Perols-34.jpg\" data-elementor-open-lightbox=\"yes\" data-elementor-lightbox-slideshow=\"1d2579ac\" data-elementor-lightbox-title=\"Carrelage-sol-mur-imitation-pierre-naturelle-italienne-Rinca-Stone-white-Cross-Cut-int\u00e9rieur-ext\u00e9rieur-magasin-Porto-Venere-pr\u00e8s-de-Perols-34\" data-e-action-hash=\"#elementor-action%3Aaction%3Dlightbox%26settings%3DeyJpZCI6NTcxNTQsInVybCI6Imh0dHBzOlwvXC93d3cucG9ydG92ZW5lcmUuZnJcL2ZyLWZyXC93cC1jb250ZW50XC91cGxvYWRzXC8yMDI1XC8wM1wvQ2FycmVsYWdlLXNvbC1tdXItaW1pdGF0aW9uLXBpZXJyZS1uYXR1cmVsbGUtaXRhbGllbm5lLVJpbmNhLVN0b25lLXdoaXRlLUNyb3NzLUN1dC1pbnRlcmlldXItZXh0ZXJpZXVyLW1hZ2FzaW4tUG9ydG8tVmVuZXJlLXByZXMtZGUtUGVyb2xzLTM0LmpwZyIsInNsaWRlc2hvdyI6IjFkMjU3OWFjIn0%3D\">\n\t\t\t\t\t<div class=\"e-gallery-image elementor-gallery-item__image\" data-thumbnail=\"https:\/\/www.portovenere.fr\/fr-fr\/wp-content\/uploads\/2025\/03\/Carrelage-sol-mur-imitation-pierre-naturelle-italienne-Rinca-Stone-white-Cross-Cut-interieur-exterieur-magasin-Porto-Venere-pres-de-Perols-34-150x150.jpg\" data-width=\"150\" data-height=\"150\" aria-label=\"\" role=\"img\" ><\/div>\n\t\t\t\t\t\t\t\t\t\t\t<div class=\"elementor-gallery-item__overlay\"><\/div>\n\t\t\t\t\t\t\t\t\t\t\t\t\t\t<\/a>\n\t\t\t\t\t\t\t<a class=\"e-gallery-item elementor-gallery-item elementor-animated-content\" href=\"https:\/\/www.portovenere.fr\/fr-fr\/wp-content\/uploads\/2025\/03\/Carrelage-sol-mur-imitation-pierre-naturelle-italienne-effet-relief-Rinca-Stone-White-decor-Tweed-60x120-cm-magasin-Porto-Venere-pres-de-Agde-34.jpg\" data-elementor-open-lightbox=\"yes\" data-elementor-lightbox-slideshow=\"1d2579ac\" data-elementor-lightbox-title=\"Carrelage-sol-mur-imitation-pierre-naturelle-italienne-effet-relief-Rinca-Stone-White-d\u00e9cor-Tweed-60x120-cm-magasin-Porto-Venere-pr\u00e8s-de-Agde-34\" data-e-action-hash=\"#elementor-action%3Aaction%3Dlightbox%26settings%3DeyJpZCI6NTcxNDgsInVybCI6Imh0dHBzOlwvXC93d3cucG9ydG92ZW5lcmUuZnJcL2ZyLWZyXC93cC1jb250ZW50XC91cGxvYWRzXC8yMDI1XC8wM1wvQ2FycmVsYWdlLXNvbC1tdXItaW1pdGF0aW9uLXBpZXJyZS1uYXR1cmVsbGUtaXRhbGllbm5lLWVmZmV0LXJlbGllZi1SaW5jYS1TdG9uZS1XaGl0ZS1kZWNvci1Ud2VlZC02MHgxMjAtY20tbWFnYXNpbi1Qb3J0by1WZW5lcmUtcHJlcy1kZS1BZ2RlLTM0LmpwZyIsInNsaWRlc2hvdyI6IjFkMjU3OWFjIn0%3D\">\n\t\t\t\t\t<div class=\"e-gallery-image elementor-gallery-item__image\" data-thumbnail=\"https:\/\/www.portovenere.fr\/fr-fr\/wp-content\/uploads\/2025\/03\/Carrelage-sol-mur-imitation-pierre-naturelle-italienne-effet-relief-Rinca-Stone-White-decor-Tweed-60x120-cm-magasin-Porto-Venere-pres-de-Agde-34-150x150.jpg\" data-width=\"150\" data-height=\"150\" aria-label=\"carrelage mural et sol Rinca stone par Porto Venere\" role=\"img\" ><\/div>\n\t\t\t\t\t\t\t\t\t\t\t<div class=\"elementor-gallery-item__overlay\"><\/div>\n\t\t\t\t\t\t\t\t\t\t\t\t\t\t<\/a>\n\t\t\t\t\t\t\t<a class=\"e-gallery-item elementor-gallery-item elementor-animated-content\" href=\"https:\/\/www.portovenere.fr\/fr-fr\/wp-content\/uploads\/2025\/03\/Carrelage-sol-mur-imitation-pierre-naturelle-italienne-effet-relief-Rinca-Stone-gris-clair-decor-Tweed-60x120-cm-magasin-Porto-Venere-pres-de-La-Grande-Motte-34.jpg\" data-elementor-open-lightbox=\"yes\" data-elementor-lightbox-slideshow=\"1d2579ac\" data-elementor-lightbox-title=\"Carrelage-sol-mur-imitation-pierre-naturelle-italienne-effet-relief-Rinca-Stone-gris-clair-d\u00e9cor-Tweed-60x120-cm-magasin-Porto-Venere-pr\u00e8s-de-La-Grande-Motte-34\" data-e-action-hash=\"#elementor-action%3Aaction%3Dlightbox%26settings%3DeyJpZCI6NTcxNDYsInVybCI6Imh0dHBzOlwvXC93d3cucG9ydG92ZW5lcmUuZnJcL2ZyLWZyXC93cC1jb250ZW50XC91cGxvYWRzXC8yMDI1XC8wM1wvQ2FycmVsYWdlLXNvbC1tdXItaW1pdGF0aW9uLXBpZXJyZS1uYXR1cmVsbGUtaXRhbGllbm5lLWVmZmV0LXJlbGllZi1SaW5jYS1TdG9uZS1ncmlzLWNsYWlyLWRlY29yLVR3ZWVkLTYweDEyMC1jbS1tYWdhc2luLVBvcnRvLVZlbmVyZS1wcmVzLWRlLUxhLUdyYW5kZS1Nb3R0ZS0zNC5qcGciLCJzbGlkZXNob3ciOiIxZDI1NzlhYyJ9\">\n\t\t\t\t\t<div class=\"e-gallery-image elementor-gallery-item__image\" data-thumbnail=\"https:\/\/www.portovenere.fr\/fr-fr\/wp-content\/uploads\/2025\/03\/Carrelage-sol-mur-imitation-pierre-naturelle-italienne-effet-relief-Rinca-Stone-gris-clair-decor-Tweed-60x120-cm-magasin-Porto-Venere-pres-de-La-Grande-Motte-34-150x150.jpg\" data-width=\"150\" data-height=\"150\" aria-label=\"carrelage mural et sol Rinca stone par Porto Venere\" role=\"img\" ><\/div>\n\t\t\t\t\t\t\t\t\t\t\t<div class=\"elementor-gallery-item__overlay\"><\/div>\n\t\t\t\t\t\t\t\t\t\t\t\t\t\t<\/a>\n\t\t\t\t\t\t\t<a class=\"e-gallery-item elementor-gallery-item elementor-animated-content\" href=\"https:\/\/www.portovenere.fr\/fr-fr\/wp-content\/uploads\/2025\/03\/Carrelage-sol-mur-imitation-pierre-naturelle-italienne-effet-relief-Rinca-Stone-beige-decor-Tweed-60x120-cm-magasin-Porto-Venere-pres-de-Saint-Clement-de-Riviere-34.jpg\" data-elementor-open-lightbox=\"yes\" data-elementor-lightbox-slideshow=\"1d2579ac\" data-elementor-lightbox-title=\"Carrelage-sol-mur-imitation-pierre-naturelle-italienne-effet-relief-Rinca-Stone-beige-d\u00e9cor-Tweed-60x120-cm-magasin-Porto-Venere-pr\u00e8s-de-Saint-Clement-de-Rivi\u00e8re-34\" data-e-action-hash=\"#elementor-action%3Aaction%3Dlightbox%26settings%3DeyJpZCI6NTcxNDUsInVybCI6Imh0dHBzOlwvXC93d3cucG9ydG92ZW5lcmUuZnJcL2ZyLWZyXC93cC1jb250ZW50XC91cGxvYWRzXC8yMDI1XC8wM1wvQ2FycmVsYWdlLXNvbC1tdXItaW1pdGF0aW9uLXBpZXJyZS1uYXR1cmVsbGUtaXRhbGllbm5lLWVmZmV0LXJlbGllZi1SaW5jYS1TdG9uZS1iZWlnZS1kZWNvci1Ud2VlZC02MHgxMjAtY20tbWFnYXNpbi1Qb3J0by1WZW5lcmUtcHJlcy1kZS1TYWludC1DbGVtZW50LWRlLVJpdmllcmUtMzQuanBnIiwic2xpZGVzaG93IjoiMWQyNTc5YWMifQ%3D%3D\">\n\t\t\t\t\t<div class=\"e-gallery-image elementor-gallery-item__image\" data-thumbnail=\"https:\/\/www.portovenere.fr\/fr-fr\/wp-content\/uploads\/2025\/03\/Carrelage-sol-mur-imitation-pierre-naturelle-italienne-effet-relief-Rinca-Stone-beige-decor-Tweed-60x120-cm-magasin-Porto-Venere-pres-de-Saint-Clement-de-Riviere-34-150x150.jpg\" data-width=\"150\" data-height=\"150\" aria-label=\"carrelage mural et sol Rinca stone par Porto Venere\" role=\"img\" ><\/div>\n\t\t\t\t\t\t\t\t\t\t\t<div class=\"elementor-gallery-item__overlay\"><\/div>\n\t\t\t\t\t\t\t\t\t\t\t\t\t\t<\/a>\n\t\t\t\t\t\t\t<a class=\"e-gallery-item elementor-gallery-item elementor-animated-content\" href=\"https:\/\/www.portovenere.fr\/fr-fr\/wp-content\/uploads\/2025\/03\/Carrelage-sol-mur-imitation-pierre-naturelle-italienne-Rinca-Stone-Light-Grey-Vein-Cut-interieur-exterieur-magasin-Porto-Venere-pres-de-Quissac-30.jpg\" data-elementor-open-lightbox=\"yes\" data-elementor-lightbox-slideshow=\"1d2579ac\" data-elementor-lightbox-title=\"Carrelage-sol-mur-imitation-pierre-naturelle-italienne-Rinca-Stone-Light-Grey-Vein-Cut-int\u00e9rieur-ext\u00e9rieur-magasin-Porto-Venere-pr\u00e8s-de-Quissac-30\" data-e-action-hash=\"#elementor-action%3Aaction%3Dlightbox%26settings%3DeyJpZCI6NTcxNTAsInVybCI6Imh0dHBzOlwvXC93d3cucG9ydG92ZW5lcmUuZnJcL2ZyLWZyXC93cC1jb250ZW50XC91cGxvYWRzXC8yMDI1XC8wM1wvQ2FycmVsYWdlLXNvbC1tdXItaW1pdGF0aW9uLXBpZXJyZS1uYXR1cmVsbGUtaXRhbGllbm5lLVJpbmNhLVN0b25lLUxpZ2h0LUdyZXktVmVpbi1DdXQtaW50ZXJpZXVyLWV4dGVyaWV1ci1tYWdhc2luLVBvcnRvLVZlbmVyZS1wcmVzLWRlLVF1aXNzYWMtMzAuanBnIiwic2xpZGVzaG93IjoiMWQyNTc5YWMifQ%3D%3D\">\n\t\t\t\t\t<div class=\"e-gallery-image elementor-gallery-item__image\" data-thumbnail=\"https:\/\/www.portovenere.fr\/fr-fr\/wp-content\/uploads\/2025\/03\/Carrelage-sol-mur-imitation-pierre-naturelle-italienne-Rinca-Stone-Light-Grey-Vein-Cut-interieur-exterieur-magasin-Porto-Venere-pres-de-Quissac-30-150x150.jpg\" data-width=\"150\" data-height=\"150\" aria-label=\"Carrelage mural et sol Rinca stone pour int\u00e9rieur et ext\u00e9rieur par Porto Venere\" role=\"img\" ><\/div>\n\t\t\t\t\t\t\t\t\t\t\t<div class=\"elementor-gallery-item__overlay\"><\/div>\n\t\t\t\t\t\t\t\t\t\t\t\t\t\t<\/a>\n\t\t\t\t\t\t\t<a class=\"e-gallery-item elementor-gallery-item elementor-animated-content\" href=\"https:\/\/www.portovenere.fr\/fr-fr\/wp-content\/uploads\/2025\/03\/Carrelage-sol-mur-imitation-pierre-naturelle-italienne-Rinca-Stone-White-Vein-Cut-interieur-exterieur-magasin-Porto-Venere-pres-de-Restinclieres-34.jpg\" data-elementor-open-lightbox=\"yes\" data-elementor-lightbox-slideshow=\"1d2579ac\" data-elementor-lightbox-title=\"Carrelage-sol-mur-imitation-pierre-naturelle-italienne-Rinca-Stone-White-Vein-Cut-int\u00e9rieur-ext\u00e9rieur-magasin-Porto-Venere-pr\u00e8s-de-Restinclieres-34\" data-e-action-hash=\"#elementor-action%3Aaction%3Dlightbox%26settings%3DeyJpZCI6NTcxNTEsInVybCI6Imh0dHBzOlwvXC93d3cucG9ydG92ZW5lcmUuZnJcL2ZyLWZyXC93cC1jb250ZW50XC91cGxvYWRzXC8yMDI1XC8wM1wvQ2FycmVsYWdlLXNvbC1tdXItaW1pdGF0aW9uLXBpZXJyZS1uYXR1cmVsbGUtaXRhbGllbm5lLVJpbmNhLVN0b25lLVdoaXRlLVZlaW4tQ3V0LWludGVyaWV1ci1leHRlcmlldXItbWFnYXNpbi1Qb3J0by1WZW5lcmUtcHJlcy1kZS1SZXN0aW5jbGllcmVzLTM0LmpwZyIsInNsaWRlc2hvdyI6IjFkMjU3OWFjIn0%3D\">\n\t\t\t\t\t<div class=\"e-gallery-image elementor-gallery-item__image\" data-thumbnail=\"https:\/\/www.portovenere.fr\/fr-fr\/wp-content\/uploads\/2025\/03\/Carrelage-sol-mur-imitation-pierre-naturelle-italienne-Rinca-Stone-White-Vein-Cut-interieur-exterieur-magasin-Porto-Venere-pres-de-Restinclieres-34-150x150.jpg\" data-width=\"150\" data-height=\"150\" aria-label=\"Carrelage mural et sol Rinca stone pour int\u00e9rieur et ext\u00e9rieur par Porto Venere\" role=\"img\" ><\/div>\n\t\t\t\t\t\t\t\t\t\t\t<div class=\"elementor-gallery-item__overlay\"><\/div>\n\t\t\t\t\t\t\t\t\t\t\t\t\t\t<\/a>\n\t\t\t\t\t\t\t<a class=\"e-gallery-item elementor-gallery-item elementor-animated-content\" href=\"https:\/\/www.portovenere.fr\/fr-fr\/wp-content\/uploads\/2025\/03\/Carrelage-sol-mur-imitation-pierre-naturelle-italienne-Rinca-Stone-beige-Vein-Cut-interieur-exterieur-magasin-Porto-Venere-pres-de-Palavas-34.jpg\" data-elementor-open-lightbox=\"yes\" data-elementor-lightbox-slideshow=\"1d2579ac\" data-elementor-lightbox-title=\"Carrelage-sol-mur-imitation-pierre-naturelle-italienne-Rinca-Stone-beige-Vein-Cut-int\u00e9rieur-ext\u00e9rieur-magasin-Porto-Venere-pr\u00e8s-de-Palavas-34\" data-e-action-hash=\"#elementor-action%3Aaction%3Dlightbox%26settings%3DeyJpZCI6NTcxNDksInVybCI6Imh0dHBzOlwvXC93d3cucG9ydG92ZW5lcmUuZnJcL2ZyLWZyXC93cC1jb250ZW50XC91cGxvYWRzXC8yMDI1XC8wM1wvQ2FycmVsYWdlLXNvbC1tdXItaW1pdGF0aW9uLXBpZXJyZS1uYXR1cmVsbGUtaXRhbGllbm5lLVJpbmNhLVN0b25lLWJlaWdlLVZlaW4tQ3V0LWludGVyaWV1ci1leHRlcmlldXItbWFnYXNpbi1Qb3J0by1WZW5lcmUtcHJlcy1kZS1QYWxhdmFzLTM0LmpwZyIsInNsaWRlc2hvdyI6IjFkMjU3OWFjIn0%3D\">\n\t\t\t\t\t<div class=\"e-gallery-image elementor-gallery-item__image\" data-thumbnail=\"https:\/\/www.portovenere.fr\/fr-fr\/wp-content\/uploads\/2025\/03\/Carrelage-sol-mur-imitation-pierre-naturelle-italienne-Rinca-Stone-beige-Vein-Cut-interieur-exterieur-magasin-Porto-Venere-pres-de-Palavas-34-150x150.jpg\" data-width=\"150\" data-height=\"150\" aria-label=\"Carrelage mural et sol Rinca stone pour int\u00e9rieur et ext\u00e9rieur par Porto Venere\" role=\"img\" ><\/div>\n\t\t\t\t\t\t\t\t\t\t\t<div class=\"elementor-gallery-item__overlay\"><\/div>\n\t\t\t\t\t\t\t\t\t\t\t\t\t\t<\/a>\n\t\t\t\t\t\t\t<a class=\"e-gallery-item elementor-gallery-item elementor-animated-content\" href=\"https:\/\/www.portovenere.fr\/fr-fr\/wp-content\/uploads\/2025\/03\/Carrelage-imitation-pierre-naturelle-italienne-Rinca-Stone-beige-decor-Blocks-60x120-cm-magasin-Porto-Venere-a-Montpellier-34.jpg\" data-elementor-open-lightbox=\"yes\" data-elementor-lightbox-slideshow=\"1d2579ac\" data-elementor-lightbox-title=\"Carrelage-imitation-pierre-naturelle-italienne-Rinca-Stone-beige-d\u00e9cor-Blocks-60x120-cm-magasin-Porto-Venere-\u00e0-Montpellier-34\" data-e-action-hash=\"#elementor-action%3Aaction%3Dlightbox%26settings%3DeyJpZCI6NTcxMjksInVybCI6Imh0dHBzOlwvXC93d3cucG9ydG92ZW5lcmUuZnJcL2ZyLWZyXC93cC1jb250ZW50XC91cGxvYWRzXC8yMDI1XC8wM1wvQ2FycmVsYWdlLWltaXRhdGlvbi1waWVycmUtbmF0dXJlbGxlLWl0YWxpZW5uZS1SaW5jYS1TdG9uZS1iZWlnZS1kZWNvci1CbG9ja3MtNjB4MTIwLWNtLW1hZ2FzaW4tUG9ydG8tVmVuZXJlLWEtTW9udHBlbGxpZXItMzQuanBnIiwic2xpZGVzaG93IjoiMWQyNTc5YWMifQ%3D%3D\">\n\t\t\t\t\t<div class=\"e-gallery-image elementor-gallery-item__image\" data-thumbnail=\"https:\/\/www.portovenere.fr\/fr-fr\/wp-content\/uploads\/2025\/03\/Carrelage-imitation-pierre-naturelle-italienne-Rinca-Stone-beige-decor-Blocks-60x120-cm-magasin-Porto-Venere-a-Montpellier-34-150x150.jpg\" data-width=\"150\" data-height=\"150\" aria-label=\"carrelage mural et sol Rinca stone par Porto Venere\" role=\"img\" ><\/div>\n\t\t\t\t\t\t\t\t\t\t\t<div class=\"elementor-gallery-item__overlay\"><\/div>\n\t\t\t\t\t\t\t\t\t\t\t\t\t\t<\/a>\n\t\t\t\t\t\t\t<a class=\"e-gallery-item elementor-gallery-item elementor-animated-content\" href=\"https:\/\/www.portovenere.fr\/fr-fr\/wp-content\/uploads\/2025\/03\/Carrelage-imitation-pierre-naturelle-italienne-Rinca-Stone-White-decor-Blocks-60x120-cm-magasin-Porto-Venere-pres-de-Mauguio-34.jpg\" data-elementor-open-lightbox=\"yes\" data-elementor-lightbox-slideshow=\"1d2579ac\" data-elementor-lightbox-title=\"Carrelage-imitation-pierre-naturelle-italienne-Rinca-Stone-White-d\u00e9cor-Blocks-60x120-cm-magasin-Porto-Venere-pr\u00e8s-de-Mauguio-34\" data-e-action-hash=\"#elementor-action%3Aaction%3Dlightbox%26settings%3DeyJpZCI6NTcxMzAsInVybCI6Imh0dHBzOlwvXC93d3cucG9ydG92ZW5lcmUuZnJcL2ZyLWZyXC93cC1jb250ZW50XC91cGxvYWRzXC8yMDI1XC8wM1wvQ2FycmVsYWdlLWltaXRhdGlvbi1waWVycmUtbmF0dXJlbGxlLWl0YWxpZW5uZS1SaW5jYS1TdG9uZS1XaGl0ZS1kZWNvci1CbG9ja3MtNjB4MTIwLWNtLW1hZ2FzaW4tUG9ydG8tVmVuZXJlLXByZXMtZGUtTWF1Z3Vpby0zNC5qcGciLCJzbGlkZXNob3ciOiIxZDI1NzlhYyJ9\">\n\t\t\t\t\t<div class=\"e-gallery-image elementor-gallery-item__image\" data-thumbnail=\"https:\/\/www.portovenere.fr\/fr-fr\/wp-content\/uploads\/2025\/03\/Carrelage-imitation-pierre-naturelle-italienne-Rinca-Stone-White-decor-Blocks-60x120-cm-magasin-Porto-Venere-pres-de-Mauguio-34-150x150.jpg\" data-width=\"150\" data-height=\"150\" aria-label=\"carrelage mural et sol Rinca stone par Porto Venere\" role=\"img\" ><\/div>\n\t\t\t\t\t\t\t\t\t\t\t<div class=\"elementor-gallery-item__overlay\"><\/div>\n\t\t\t\t\t\t\t\t\t\t\t\t\t\t<\/a>\n\t\t\t\t\t\t\t<a class=\"e-gallery-item elementor-gallery-item elementor-animated-content\" href=\"https:\/\/www.portovenere.fr\/fr-fr\/wp-content\/uploads\/2025\/03\/Carrelage-sol-mur-imitation-pierre-naturelle-italienne-Rinca-Stone-Light-Grey-decor-Blocks-60x120-cm-magasin-Porto-Venere-pres-de-Saint-Clement-de-Riviere-34.jpg\" data-elementor-open-lightbox=\"yes\" data-elementor-lightbox-slideshow=\"1d2579ac\" data-elementor-lightbox-title=\"Carrelage-sol-mur-imitation-pierre-naturelle-italienne-Rinca-Stone-Light-Grey-d\u00e9cor-Blocks-60x120-cm-magasin-Porto-Venere-pr\u00e8s-de-Saint-Clement-de-Rivi\u00e8re-34\" data-e-action-hash=\"#elementor-action%3Aaction%3Dlightbox%26settings%3DeyJpZCI6NTcxMzEsInVybCI6Imh0dHBzOlwvXC93d3cucG9ydG92ZW5lcmUuZnJcL2ZyLWZyXC93cC1jb250ZW50XC91cGxvYWRzXC8yMDI1XC8wM1wvQ2FycmVsYWdlLXNvbC1tdXItaW1pdGF0aW9uLXBpZXJyZS1uYXR1cmVsbGUtaXRhbGllbm5lLVJpbmNhLVN0b25lLUxpZ2h0LUdyZXktZGVjb3ItQmxvY2tzLTYweDEyMC1jbS1tYWdhc2luLVBvcnRvLVZlbmVyZS1wcmVzLWRlLVNhaW50LUNsZW1lbnQtZGUtUml2aWVyZS0zNC5qcGciLCJzbGlkZXNob3ciOiIxZDI1NzlhYyJ9\">\n\t\t\t\t\t<div class=\"e-gallery-image elementor-gallery-item__image\" data-thumbnail=\"https:\/\/www.portovenere.fr\/fr-fr\/wp-content\/uploads\/2025\/03\/Carrelage-sol-mur-imitation-pierre-naturelle-italienne-Rinca-Stone-Light-Grey-decor-Blocks-60x120-cm-magasin-Porto-Venere-pres-de-Saint-Clement-de-Riviere-34-150x150.jpg\" data-width=\"150\" data-height=\"150\" aria-label=\"carrelage mural et sol Rinca stone par Porto Venere\" role=\"img\" ><\/div>\n\t\t\t\t\t\t\t\t\t\t\t<div class=\"elementor-gallery-item__overlay\"><\/div>\n\t\t\t\t\t\t\t\t\t\t\t\t\t\t<\/a>\n\t\t\t\t\t\t\t<a class=\"e-gallery-item elementor-gallery-item elementor-animated-content\" href=\"https:\/\/www.portovenere.fr\/fr-fr\/wp-content\/uploads\/2025\/03\/Mosaique-beige-30x30-cm-petits-carreaux-ceramique-collection-effet-pierre-RINCA-STONE-Cross-Cut-salle-de-bain-cuisine-piscine-pres-de-Lattes-34.jpg\" data-elementor-open-lightbox=\"yes\" data-elementor-lightbox-slideshow=\"1d2579ac\" data-elementor-lightbox-title=\"Mosaique-beige-30x30-cm-petits-carreaux-c\u00e9ramique-collection-effet-pierre-RINCA-STONE-Cross-Cut-salle-de-bain-cuisine-piscine-pr\u00e8s-de-Lattes-34\" data-e-action-hash=\"#elementor-action%3Aaction%3Dlightbox%26settings%3DeyJpZCI6NTcxMzIsInVybCI6Imh0dHBzOlwvXC93d3cucG9ydG92ZW5lcmUuZnJcL2ZyLWZyXC93cC1jb250ZW50XC91cGxvYWRzXC8yMDI1XC8wM1wvTW9zYWlxdWUtYmVpZ2UtMzB4MzAtY20tcGV0aXRzLWNhcnJlYXV4LWNlcmFtaXF1ZS1jb2xsZWN0aW9uLWVmZmV0LXBpZXJyZS1SSU5DQS1TVE9ORS1Dcm9zcy1DdXQtc2FsbGUtZGUtYmFpbi1jdWlzaW5lLXBpc2NpbmUtcHJlcy1kZS1MYXR0ZXMtMzQuanBnIiwic2xpZGVzaG93IjoiMWQyNTc5YWMifQ%3D%3D\">\n\t\t\t\t\t<div class=\"e-gallery-image elementor-gallery-item__image\" data-thumbnail=\"https:\/\/www.portovenere.fr\/fr-fr\/wp-content\/uploads\/2025\/03\/Mosaique-beige-30x30-cm-petits-carreaux-ceramique-collection-effet-pierre-RINCA-STONE-Cross-Cut-salle-de-bain-cuisine-piscine-pres-de-Lattes-34.jpg\" data-width=\"144\" data-height=\"144\" aria-label=\"Mosaique et carrelage mural et sol Rinca stone par Porto Venere\" role=\"img\" ><\/div>\n\t\t\t\t\t\t\t\t\t\t\t<div class=\"elementor-gallery-item__overlay\"><\/div>\n\t\t\t\t\t\t\t\t\t\t\t\t\t\t<\/a>\n\t\t\t\t\t\t\t<a class=\"e-gallery-item elementor-gallery-item elementor-animated-content\" href=\"https:\/\/www.portovenere.fr\/fr-fr\/wp-content\/uploads\/2025\/03\/Mosaique-hexagonale-ceramique-collection-effet-pierre-RINCA-STONE-light-grey-salle-de-bain-cuisine-piscine-pres-de-Juvignac-34.jpg\" data-elementor-open-lightbox=\"yes\" data-elementor-lightbox-slideshow=\"1d2579ac\" data-elementor-lightbox-title=\"Mosaique-hexagonale-c\u00e9ramique-collection-effet-pierre-RINCA-STONE-light-grey-salle-de-bain-cuisine-piscine-pr\u00e8s-de-Juvignac-34\" data-e-action-hash=\"#elementor-action%3Aaction%3Dlightbox%26settings%3DeyJpZCI6NTcxMzQsInVybCI6Imh0dHBzOlwvXC93d3cucG9ydG92ZW5lcmUuZnJcL2ZyLWZyXC93cC1jb250ZW50XC91cGxvYWRzXC8yMDI1XC8wM1wvTW9zYWlxdWUtaGV4YWdvbmFsZS1jZXJhbWlxdWUtY29sbGVjdGlvbi1lZmZldC1waWVycmUtUklOQ0EtU1RPTkUtbGlnaHQtZ3JleS1zYWxsZS1kZS1iYWluLWN1aXNpbmUtcGlzY2luZS1wcmVzLWRlLUp1dmlnbmFjLTM0LmpwZyIsInNsaWRlc2hvdyI6IjFkMjU3OWFjIn0%3D\">\n\t\t\t\t\t<div class=\"e-gallery-image elementor-gallery-item__image\" data-thumbnail=\"https:\/\/www.portovenere.fr\/fr-fr\/wp-content\/uploads\/2025\/03\/Mosaique-hexagonale-ceramique-collection-effet-pierre-RINCA-STONE-light-grey-salle-de-bain-cuisine-piscine-pres-de-Juvignac-34.jpg\" data-width=\"144\" data-height=\"144\" aria-label=\"Mosaique et carrelage mural et sol Rinca stone par Porto Venere\" role=\"img\" ><\/div>\n\t\t\t\t\t\t\t\t\t\t\t<div class=\"elementor-gallery-item__overlay\"><\/div>\n\t\t\t\t\t\t\t\t\t\t\t\t\t\t<\/a>\n\t\t\t\t\t<\/div>\n\t\t\t\t\t<\/div>\n\t\t\t\t<\/div>\n\t\t\t\t<div class=\"elementor-element elementor-element-40e7cacb elementor-widget elementor-widget-text-editor\" data-id=\"40e7cacb\" data-element_type=\"widget\" data-e-type=\"widget\" data-widget_type=\"text-editor.default\">\n\t\t\t\t<div class=\"elementor-widget-container\">\n\t\t\t\t\t\t\t\t\t<p data-sourcepos=\"5:1-5:46\">Le carrelage pierre<b> int\u00e9rieur et ext\u00e9rieur RINCA STONE<\/b>\u00a0reprend l&rsquo;effet de la pierre naturelle \u00e0 travers<b>\u00a03 coloris : White, Beige et Light Grey.<\/b><\/p><p data-sourcepos=\"5:1-5:46\"><span style=\"color: var( --e-global-color-text ); text-align: start;\">Ce carrelage gr\u00e8s c\u00e9rame est d\u00e9clin\u00e9 en deux identit\u00e9s visuelles : <b>VEIN CUT<\/b> (vagues lin\u00e9aires) et <b>CROSS CUT <\/b>(vagues arrondies), dans des<b> finitions naturelles Silktech<\/b> et <b>antid\u00e9rapantes Silktech Plus<\/b>.<\/span><\/p><p data-sourcepos=\"5:1-5:46\"><span style=\"color: var( --e-global-color-text ); text-align: start;\">Les <b>2 d\u00e9cors pour murs et sols<\/b>\u00a0BLOCKS et TWEED, ainsi que des mosa\u00efques &#8211; 5&#215;5 cm et hexagonale &#8211; compl\u00e8tent cette collection parfaitement adapt\u00e9e pour votre projet de construction ou r\u00e9novation.\u00a0<\/span><\/p><p style=\"text-align: start;\" data-sourcepos=\"5:1-5:46\"><span style=\"color: #2d2d2d;\">Plusieurs formats propos\u00e9s pour cette collection de carrelage imitation pierre naturelle de qualit\u00e9 : <b>120&#215;120 cm, 90x180cm, 60&#215;120 cm, 60&#215;60 cm et 30x60cm.<\/b><\/span><\/p>\t\t\t\t\t\t\t\t<\/div>\n\t\t\t\t<\/div>\n\t\t\t\t<div class=\"elementor-element elementor-element-e0bd013 elementor-mobile-align-center elementor-widget elementor-widget-button\" data-id=\"e0bd013\" data-element_type=\"widget\" data-e-type=\"widget\" data-widget_type=\"button.default\">\n\t\t\t\t<div class=\"elementor-widget-container\">\n\t\t\t\t\t\t\t\t\t<div class=\"elementor-button-wrapper\">\n\t\t\t\t\t<a class=\"elementor-button elementor-button-link elementor-size-sm\" href=\"https:\/\/www.portovenere.fr\/fr-fr\/carrelage-sol-et-mur-en-gres-cerame-et-faience\/carrelage-aspect-pierre\/carrelage-imitation-pierre-naturelle-rinca-stone\/\">\n\t\t\t\t\t\t<span class=\"elementor-button-content-wrapper\">\n\t\t\t\t\t\t\t\t\t<span class=\"elementor-button-text\">VOIR LA COLLECTION<\/span>\n\t\t\t\t\t<\/span>\n\t\t\t\t\t<\/a>\n\t\t\t\t<\/div>\n\t\t\t\t\t\t\t\t<\/div>\n\t\t\t\t<\/div>\n\t\t\t\t\t<\/div>\n\t\t<\/div>\n\t\t\t\t\t<\/div>\n\t\t<\/section>\n\t\t\t\t\t<\/div>\n\t\t<\/div>\n\t\t\t\t\t<\/div>\n\t\t<\/section>\n\t\t\t\t<section class=\"elementor-section elementor-top-section elementor-element elementor-element-3f521484 elementor-section-full_width elementor-section-height-default elementor-section-height-default elementor-invisible\" data-id=\"3f521484\" data-element_type=\"section\" data-e-type=\"section\" data-settings=\"{&quot;background_background&quot;:&quot;classic&quot;,&quot;animation&quot;:&quot;fadeIn&quot;}\">\n\t\t\t\t\t\t<div class=\"elementor-container elementor-column-gap-default\">\n\t\t\t\t\t<div class=\"elementor-column elementor-col-33 elementor-top-column elementor-element elementor-element-1acc3d79\" data-id=\"1acc3d79\" data-element_type=\"column\" data-e-type=\"column\" data-settings=\"{&quot;background_background&quot;:&quot;classic&quot;}\">\n\t\t\t<div class=\"elementor-widget-wrap elementor-element-populated\">\n\t\t\t\t\t\t<div class=\"elementor-element elementor-element-6a3f2153 elementor-widget elementor-widget-image\" data-id=\"6a3f2153\" data-element_type=\"widget\" data-e-type=\"widget\" data-widget_type=\"image.default\">\n\t\t\t\t<div class=\"elementor-widget-container\">\n\t\t\t\t\t\t\t\t\t\t\t\t\t\t\t\t<a href=\"https:\/\/www.portovenere.fr\/fr-fr\/carrelage-sol-et-mur-en-gres-cerame-et-faience\/carrelage-aspect-pierre\/carrelage-beige-sable-effet-pierre-awassa\/\">\n\t\t\t\t\t\t\t<img decoding=\"async\" src=\"https:\/\/www.portovenere.fr\/fr-fr\/wp-content\/uploads\/elementor\/thumbs\/Carrelage-salle-de-bain-teintes-naturelles-claires-AWASSA-Bone-avec-credence-decor-relief-Sekiba-Magasin-de-carrelages-proche-Lattes-34-rfycwmk9rjfdnhsulgsogbkkacn1zpv5dpz2visc00.jpg\" title=\"Carrelage-salle-de-bain-teintes-naturelles-claires-AWASSA-Bone-avec-cr\u00e9dence-d\u00e9cor-relief-Sekiba-Magasin-de-carrelages-proche-Lattes-34\" alt=\"Salle de bain avec carrelage 60x120 cm coloris Bone + d\u00e9cor \u00e0 relief Sekiba 30x90 cm collection AWASSA - Porto Venere magasin de carrelages et salle de bains \u00e0 Montpellier dans l&#039;H\u00e9rault\" loading=\"lazy\" \/>\t\t\t\t\t\t\t\t<\/a>\n\t\t\t\t\t\t\t\t\t\t\t\t\t\t\t<\/div>\n\t\t\t\t<\/div>\n\t\t\t\t<div class=\"elementor-element elementor-element-52697397 elementor-widget elementor-widget-heading\" data-id=\"52697397\" data-element_type=\"widget\" data-e-type=\"widget\" data-widget_type=\"heading.default\">\n\t\t\t\t<div class=\"elementor-widget-container\">\n\t\t\t\t\t<h3 class=\"elementor-heading-title elementor-size-default\"><a href=\"https:\/\/www.portovenere.fr\/fr-fr\/carrelage-sol-et-mur-en-gres-cerame-et-faience\/carrelage-aspect-pierre\/carrelage-beige-sable-effet-pierre-awassa\/\">AWASSA | 3 coloris &amp; d\u00e9cors<\/a><\/h3>\t\t\t\t<\/div>\n\t\t\t\t<\/div>\n\t\t\t\t<div class=\"elementor-element elementor-element-3b51b7fa elementor-widget__width-initial elementor-widget elementor-widget-gallery\" data-id=\"3b51b7fa\" data-element_type=\"widget\" data-e-type=\"widget\" data-settings=\"{&quot;gap&quot;:{&quot;unit&quot;:&quot;px&quot;,&quot;size&quot;:3,&quot;sizes&quot;:[]},&quot;columns_mobile&quot;:3,&quot;gap_mobile&quot;:{&quot;unit&quot;:&quot;px&quot;,&quot;size&quot;:6,&quot;sizes&quot;:[]},&quot;columns&quot;:5,&quot;columns_tablet&quot;:5,&quot;gap_tablet&quot;:{&quot;unit&quot;:&quot;px&quot;,&quot;size&quot;:5,&quot;sizes&quot;:[]},&quot;lazyload&quot;:&quot;yes&quot;,&quot;gallery_layout&quot;:&quot;grid&quot;,&quot;link_to&quot;:&quot;file&quot;,&quot;aspect_ratio&quot;:&quot;3:2&quot;,&quot;overlay_background&quot;:&quot;yes&quot;,&quot;content_hover_animation&quot;:&quot;fade-in&quot;}\" data-widget_type=\"gallery.default\">\n\t\t\t\t<div class=\"elementor-widget-container\">\n\t\t\t\t\t\t\t<div class=\"elementor-gallery__container\">\n\t\t\t\t\t\t\t<a class=\"e-gallery-item elementor-gallery-item elementor-animated-content\" href=\"https:\/\/www.portovenere.fr\/fr-fr\/wp-content\/uploads\/2025\/12\/Carrelage-beige-clair-sable-exterieur-et-interieur-effet-pierre-contemporaine-AWASSA-Bone-magasin-Porto-Venere-Montpellier-pres-de-Jacou-34.jpg\" data-elementor-open-lightbox=\"yes\" data-elementor-lightbox-slideshow=\"3b51b7fa\" data-elementor-lightbox-title=\"Carrelage-beige-clair-sable-ext\u00e9rieur-et-int\u00e9rieur-effet-pierre-contemporaine-AWASSA-Bone-magasin-Porto-Venere-Montpellier-pr\u00e8s-de-Jacou-34\" data-e-action-hash=\"#elementor-action%3Aaction%3Dlightbox%26settings%3DeyJpZCI6Njc5OTAsInVybCI6Imh0dHBzOlwvXC93d3cucG9ydG92ZW5lcmUuZnJcL2ZyLWZyXC93cC1jb250ZW50XC91cGxvYWRzXC8yMDI1XC8xMlwvQ2FycmVsYWdlLWJlaWdlLWNsYWlyLXNhYmxlLWV4dGVyaWV1ci1ldC1pbnRlcmlldXItZWZmZXQtcGllcnJlLWNvbnRlbXBvcmFpbmUtQVdBU1NBLUJvbmUtbWFnYXNpbi1Qb3J0by1WZW5lcmUtTW9udHBlbGxpZXItcHJlcy1kZS1KYWNvdS0zNC5qcGciLCJzbGlkZXNob3ciOiIzYjUxYjdmYSJ9\">\n\t\t\t\t\t<div class=\"e-gallery-image elementor-gallery-item__image\" data-thumbnail=\"https:\/\/www.portovenere.fr\/fr-fr\/wp-content\/uploads\/2025\/12\/Carrelage-beige-clair-sable-exterieur-et-interieur-effet-pierre-contemporaine-AWASSA-Bone-magasin-Porto-Venere-Montpellier-pres-de-Jacou-34-150x150.jpg\" data-width=\"150\" data-height=\"150\" aria-label=\"Carrelage clair sable beige cr\u00e8me effet pierre contemporaine AWASSA pour int\u00e9rieur et ext\u00e9rieur. Magasin de carrelages et fa\u00efences Porto Venere \u00e0 Montpellier 34\" role=\"img\" ><\/div>\n\t\t\t\t\t\t\t\t\t\t\t<div class=\"elementor-gallery-item__overlay\"><\/div>\n\t\t\t\t\t\t\t\t\t\t\t\t\t\t<\/a>\n\t\t\t\t\t\t\t<a class=\"e-gallery-item elementor-gallery-item elementor-animated-content\" href=\"https:\/\/www.portovenere.fr\/fr-fr\/wp-content\/uploads\/2025\/12\/Carrelage-beige-clair-sable-exterieur-et-interieur-effet-pierre-contemporaine-AWASSA-Pearl-magasin-Porto-Venere-Montpellier-pres-de-Carnon-34.jpg\" data-elementor-open-lightbox=\"yes\" data-elementor-lightbox-slideshow=\"3b51b7fa\" data-elementor-lightbox-title=\"Carrelage-beige-clair-sable-ext\u00e9rieur-et-int\u00e9rieur-effet-pierre-contemporaine-AWASSA-Pearl-magasin-Porto-Venere-Montpellier-pr\u00e8s-de-Carnon-34\" data-e-action-hash=\"#elementor-action%3Aaction%3Dlightbox%26settings%3DeyJpZCI6Njc5OTEsInVybCI6Imh0dHBzOlwvXC93d3cucG9ydG92ZW5lcmUuZnJcL2ZyLWZyXC93cC1jb250ZW50XC91cGxvYWRzXC8yMDI1XC8xMlwvQ2FycmVsYWdlLWJlaWdlLWNsYWlyLXNhYmxlLWV4dGVyaWV1ci1ldC1pbnRlcmlldXItZWZmZXQtcGllcnJlLWNvbnRlbXBvcmFpbmUtQVdBU1NBLVBlYXJsLW1hZ2FzaW4tUG9ydG8tVmVuZXJlLU1vbnRwZWxsaWVyLXByZXMtZGUtQ2Fybm9uLTM0LmpwZyIsInNsaWRlc2hvdyI6IjNiNTFiN2ZhIn0%3D\">\n\t\t\t\t\t<div class=\"e-gallery-image elementor-gallery-item__image\" data-thumbnail=\"https:\/\/www.portovenere.fr\/fr-fr\/wp-content\/uploads\/2025\/12\/Carrelage-beige-clair-sable-exterieur-et-interieur-effet-pierre-contemporaine-AWASSA-Pearl-magasin-Porto-Venere-Montpellier-pres-de-Carnon-34-150x150.jpg\" data-width=\"150\" data-height=\"150\" aria-label=\"Carrelage clair sable beige cr\u00e8me effet pierre contemporaine AWASSA pour int\u00e9rieur et ext\u00e9rieur. Magasin de carrelages et fa\u00efences Porto Venere \u00e0 Montpellier 34\" role=\"img\" ><\/div>\n\t\t\t\t\t\t\t\t\t\t\t<div class=\"elementor-gallery-item__overlay\"><\/div>\n\t\t\t\t\t\t\t\t\t\t\t\t\t\t<\/a>\n\t\t\t\t\t\t\t<a class=\"e-gallery-item elementor-gallery-item elementor-animated-content\" href=\"https:\/\/www.portovenere.fr\/fr-fr\/wp-content\/uploads\/2025\/12\/Carrelage-sable-clair-sable-exterieur-et-interieur-effet-pierre-contemporaine-AWASSA-White-magasin-Porto-Venere-Montpellier-pres-de-Sete-34.jpg\" data-elementor-open-lightbox=\"yes\" data-elementor-lightbox-slideshow=\"3b51b7fa\" data-elementor-lightbox-title=\"Carrelage-sable-clair-sable-ext\u00e9rieur-et-int\u00e9rieur-effet-pierre-contemporaine-AWASSA-White-magasin-Porto-Venere-Montpellier-pr\u00e8s-de-S\u00e8te-34\" data-e-action-hash=\"#elementor-action%3Aaction%3Dlightbox%26settings%3DeyJpZCI6Njc5OTIsInVybCI6Imh0dHBzOlwvXC93d3cucG9ydG92ZW5lcmUuZnJcL2ZyLWZyXC93cC1jb250ZW50XC91cGxvYWRzXC8yMDI1XC8xMlwvQ2FycmVsYWdlLXNhYmxlLWNsYWlyLXNhYmxlLWV4dGVyaWV1ci1ldC1pbnRlcmlldXItZWZmZXQtcGllcnJlLWNvbnRlbXBvcmFpbmUtQVdBU1NBLVdoaXRlLW1hZ2FzaW4tUG9ydG8tVmVuZXJlLU1vbnRwZWxsaWVyLXByZXMtZGUtU2V0ZS0zNC5qcGciLCJzbGlkZXNob3ciOiIzYjUxYjdmYSJ9\">\n\t\t\t\t\t<div class=\"e-gallery-image elementor-gallery-item__image\" data-thumbnail=\"https:\/\/www.portovenere.fr\/fr-fr\/wp-content\/uploads\/2025\/12\/Carrelage-sable-clair-sable-exterieur-et-interieur-effet-pierre-contemporaine-AWASSA-White-magasin-Porto-Venere-Montpellier-pres-de-Sete-34-150x150.jpg\" data-width=\"150\" data-height=\"150\" aria-label=\"Carrelage clair sable beige cr\u00e8me effet pierre contemporaine AWASSA pour int\u00e9rieur et ext\u00e9rieur. Magasin de carrelages et fa\u00efences Porto Venere \u00e0 Montpellier 34\" role=\"img\" ><\/div>\n\t\t\t\t\t\t\t\t\t\t\t<div class=\"elementor-gallery-item__overlay\"><\/div>\n\t\t\t\t\t\t\t\t\t\t\t\t\t\t<\/a>\n\t\t\t\t\t\t\t<a class=\"e-gallery-item elementor-gallery-item elementor-animated-content\" href=\"https:\/\/www.portovenere.fr\/fr-fr\/wp-content\/uploads\/2025\/12\/Carrelage-faience-murale-claire-effet-texture-lignes-effet-pierre-contemporaine-AWASSA-ZEKTON-magasin-Porto-Venere-Montpellier-pres-de-Castries-34.jpg\" data-elementor-open-lightbox=\"yes\" data-elementor-lightbox-slideshow=\"3b51b7fa\" data-elementor-lightbox-title=\"Carrelage-fa\u00efence-murale-claire-effet-texture-lignes-effet-pierre-contemporaine-AWASSA-ZEKTON-magasin-Porto-Venere-Montpellier-pr\u00e8s-de-Castries-34\" data-e-action-hash=\"#elementor-action%3Aaction%3Dlightbox%26settings%3DeyJpZCI6NjgwMDgsInVybCI6Imh0dHBzOlwvXC93d3cucG9ydG92ZW5lcmUuZnJcL2ZyLWZyXC93cC1jb250ZW50XC91cGxvYWRzXC8yMDI1XC8xMlwvQ2FycmVsYWdlLWZhaWVuY2UtbXVyYWxlLWNsYWlyZS1lZmZldC10ZXh0dXJlLWxpZ25lcy1lZmZldC1waWVycmUtY29udGVtcG9yYWluZS1BV0FTU0EtWkVLVE9OLW1hZ2FzaW4tUG9ydG8tVmVuZXJlLU1vbnRwZWxsaWVyLXByZXMtZGUtQ2FzdHJpZXMtMzQuanBnIiwic2xpZGVzaG93IjoiM2I1MWI3ZmEifQ%3D%3D\">\n\t\t\t\t\t<div class=\"e-gallery-image elementor-gallery-item__image\" data-thumbnail=\"https:\/\/www.portovenere.fr\/fr-fr\/wp-content\/uploads\/2025\/12\/Carrelage-faience-murale-claire-effet-texture-lignes-effet-pierre-contemporaine-AWASSA-ZEKTON-magasin-Porto-Venere-Montpellier-pres-de-Castries-34-150x150.jpg\" data-width=\"150\" data-height=\"150\" aria-label=\"Fa\u00efence murale claire sable beige cr\u00e8me effet pierre contemporaine textur\u00e9e AWASSA d\u00e9cor ZEKTON. Magasin de carrelages et fa\u00efences Porto Venere \u00e0 Montpellier 34\" role=\"img\" ><\/div>\n\t\t\t\t\t\t\t\t\t\t\t<div class=\"elementor-gallery-item__overlay\"><\/div>\n\t\t\t\t\t\t\t\t\t\t\t\t\t\t<\/a>\n\t\t\t\t\t\t\t<a class=\"e-gallery-item elementor-gallery-item elementor-animated-content\" href=\"https:\/\/www.portovenere.fr\/fr-fr\/wp-content\/uploads\/2025\/12\/Carrelage-faience-murale-effet-texture-clair-sable-effet-pierre-contemporaine-AWASSA-SEKIBA-magasin-Porto-Venere-Montpellier-pres-de-Perols-34.jpg\" data-elementor-open-lightbox=\"yes\" data-elementor-lightbox-slideshow=\"3b51b7fa\" data-elementor-lightbox-title=\"Carrelage-fa\u00efence-murale-effet-texture-clair-sable-effet-pierre-contemporaine-AWASSA-SEKIBA-magasin-Porto-Venere-Montpellier-pr\u00e8s-de-P\u00e9rols-34\" data-e-action-hash=\"#elementor-action%3Aaction%3Dlightbox%26settings%3DeyJpZCI6NjgwMDMsInVybCI6Imh0dHBzOlwvXC93d3cucG9ydG92ZW5lcmUuZnJcL2ZyLWZyXC93cC1jb250ZW50XC91cGxvYWRzXC8yMDI1XC8xMlwvQ2FycmVsYWdlLWZhaWVuY2UtbXVyYWxlLWVmZmV0LXRleHR1cmUtY2xhaXItc2FibGUtZWZmZXQtcGllcnJlLWNvbnRlbXBvcmFpbmUtQVdBU1NBLVNFS0lCQS1tYWdhc2luLVBvcnRvLVZlbmVyZS1Nb250cGVsbGllci1wcmVzLWRlLVBlcm9scy0zNC5qcGciLCJzbGlkZXNob3ciOiIzYjUxYjdmYSJ9\">\n\t\t\t\t\t<div class=\"e-gallery-image elementor-gallery-item__image\" data-thumbnail=\"https:\/\/www.portovenere.fr\/fr-fr\/wp-content\/uploads\/2025\/12\/Carrelage-faience-murale-effet-texture-clair-sable-effet-pierre-contemporaine-AWASSA-SEKIBA-magasin-Porto-Venere-Montpellier-pres-de-Perols-34-150x150.jpg\" data-width=\"150\" data-height=\"150\" aria-label=\"Fa\u00efence murale claire sable beige cr\u00e8me effet pierre contemporaine textur\u00e9e AWASSA d\u00e9cor SEKIBA. Magasin de carrelages et fa\u00efences Porto Venere \u00e0 Montpellier 34\" role=\"img\" ><\/div>\n\t\t\t\t\t\t\t\t\t\t\t<div class=\"elementor-gallery-item__overlay\"><\/div>\n\t\t\t\t\t\t\t\t\t\t\t\t\t\t<\/a>\n\t\t\t\t\t\t\t<a class=\"e-gallery-item elementor-gallery-item elementor-animated-content\" href=\"https:\/\/www.portovenere.fr\/fr-fr\/wp-content\/uploads\/2025\/12\/Carrelage-mural-effet-texture-ISEN-clair-sable-effet-pierre-contemporaine-AWASSA-gres-cerame-magasin-Porto-Venere-Montpellier-pres-de-Mauguio-34.jpg\" data-elementor-open-lightbox=\"yes\" data-elementor-lightbox-slideshow=\"3b51b7fa\" data-elementor-lightbox-title=\"Carrelage-mural-effet-texture-ISEN-clair-sable-effet-pierre-contemporaine-AWASSA-gr\u00e8s-c\u00e9rame-magasin-Porto-Venere-Montpellier-pr\u00e8s-de-Mauguio-34\" data-e-action-hash=\"#elementor-action%3Aaction%3Dlightbox%26settings%3DeyJpZCI6NjgwMDQsInVybCI6Imh0dHBzOlwvXC93d3cucG9ydG92ZW5lcmUuZnJcL2ZyLWZyXC93cC1jb250ZW50XC91cGxvYWRzXC8yMDI1XC8xMlwvQ2FycmVsYWdlLW11cmFsLWVmZmV0LXRleHR1cmUtSVNFTi1jbGFpci1zYWJsZS1lZmZldC1waWVycmUtY29udGVtcG9yYWluZS1BV0FTU0EtZ3Jlcy1jZXJhbWUtbWFnYXNpbi1Qb3J0by1WZW5lcmUtTW9udHBlbGxpZXItcHJlcy1kZS1NYXVndWlvLTM0LmpwZyIsInNsaWRlc2hvdyI6IjNiNTFiN2ZhIn0%3D\">\n\t\t\t\t\t<div class=\"e-gallery-image elementor-gallery-item__image\" data-thumbnail=\"https:\/\/www.portovenere.fr\/fr-fr\/wp-content\/uploads\/2025\/12\/Carrelage-mural-effet-texture-ISEN-clair-sable-effet-pierre-contemporaine-AWASSA-gres-cerame-magasin-Porto-Venere-Montpellier-pres-de-Mauguio-34-150x150.jpg\" data-width=\"150\" data-height=\"150\" aria-label=\"Carrelage mural clair sable beige cr\u00e8me effet pierre contemporaine AWASSA d\u00e9cor ISEN. Magasin de carrelages et fa\u00efences Porto Venere \u00e0 Montpellier 34\" role=\"img\" ><\/div>\n\t\t\t\t\t\t\t\t\t\t\t<div class=\"elementor-gallery-item__overlay\"><\/div>\n\t\t\t\t\t\t\t\t\t\t\t\t\t\t<\/a>\n\t\t\t\t\t\t\t<a class=\"e-gallery-item elementor-gallery-item elementor-animated-content\" href=\"https:\/\/www.portovenere.fr\/fr-fr\/wp-content\/uploads\/2025\/12\/Mosaique-baton-30x30-cm-effet-pierre-AWASSA-3-coloris-magasin-de-carrelages-et-faiences-PORTO_VENERE_MONTPELLIER-pres-de-Palavas-34.jpg\" data-elementor-open-lightbox=\"yes\" data-elementor-lightbox-slideshow=\"3b51b7fa\" data-elementor-lightbox-title=\"Mosa\u00efque-b\u00e2ton-30x30-cm-effet-pierre-AWASSA-3-coloris-magasin-de-carrelages-et-fa\u00efences-PORTO_VENERE_MONTPELLIER-pr\u00e8s-de-Palavas-34\" data-e-action-hash=\"#elementor-action%3Aaction%3Dlightbox%26settings%3DeyJpZCI6NjgwMTAsInVybCI6Imh0dHBzOlwvXC93d3cucG9ydG92ZW5lcmUuZnJcL2ZyLWZyXC93cC1jb250ZW50XC91cGxvYWRzXC8yMDI1XC8xMlwvTW9zYWlxdWUtYmF0b24tMzB4MzAtY20tZWZmZXQtcGllcnJlLUFXQVNTQS0zLWNvbG9yaXMtbWFnYXNpbi1kZS1jYXJyZWxhZ2VzLWV0LWZhaWVuY2VzLVBPUlRPX1ZFTkVSRV9NT05UUEVMTElFUi1wcmVzLWRlLVBhbGF2YXMtMzQuanBnIiwic2xpZGVzaG93IjoiM2I1MWI3ZmEifQ%3D%3D\">\n\t\t\t\t\t<div class=\"e-gallery-image elementor-gallery-item__image\" data-thumbnail=\"https:\/\/www.portovenere.fr\/fr-fr\/wp-content\/uploads\/2025\/12\/Mosaique-baton-30x30-cm-effet-pierre-AWASSA-3-coloris-magasin-de-carrelages-et-faiences-PORTO_VENERE_MONTPELLIER-pres-de-Palavas-34-150x150.jpg\" data-width=\"150\" data-height=\"150\" aria-label=\"Mosa\u00efque b\u00e2tons claire sable beige cr\u00e8me effet pierre contemporaine AWASSA. Magasin de carrelages et fa\u00efences Porto Venere \u00e0 Montpellier 34\" role=\"img\" ><\/div>\n\t\t\t\t\t\t\t\t\t\t\t<div class=\"elementor-gallery-item__overlay\"><\/div>\n\t\t\t\t\t\t\t\t\t\t\t\t\t\t<\/a>\n\t\t\t\t\t\t\t<a class=\"e-gallery-item elementor-gallery-item elementor-animated-content\" href=\"https:\/\/www.portovenere.fr\/fr-fr\/wp-content\/uploads\/2025\/12\/Mosaique-hexagonale-effet-pierre-AWASSA-3-coloris-magasin-de-carrelages-et-faiences-PORTO_VENERE_MONTPELLIER-pres-de-Saint-Pargoire-34.jpg\" data-elementor-open-lightbox=\"yes\" data-elementor-lightbox-slideshow=\"3b51b7fa\" data-elementor-lightbox-title=\"Mosa\u00efque-hexagonale-effet-pierre-AWASSA-3-coloris-magasin-de-carrelages-et-fa\u00efences-PORTO_VENERE_MONTPELLIER-pr\u00e8s-de-Saint-Pargoire-34\" data-e-action-hash=\"#elementor-action%3Aaction%3Dlightbox%26settings%3DeyJpZCI6NjgwMTEsInVybCI6Imh0dHBzOlwvXC93d3cucG9ydG92ZW5lcmUuZnJcL2ZyLWZyXC93cC1jb250ZW50XC91cGxvYWRzXC8yMDI1XC8xMlwvTW9zYWlxdWUtaGV4YWdvbmFsZS1lZmZldC1waWVycmUtQVdBU1NBLTMtY29sb3Jpcy1tYWdhc2luLWRlLWNhcnJlbGFnZXMtZXQtZmFpZW5jZXMtUE9SVE9fVkVORVJFX01PTlRQRUxMSUVSLXByZXMtZGUtU2FpbnQtUGFyZ29pcmUtMzQuanBnIiwic2xpZGVzaG93IjoiM2I1MWI3ZmEifQ%3D%3D\">\n\t\t\t\t\t<div class=\"e-gallery-image elementor-gallery-item__image\" data-thumbnail=\"https:\/\/www.portovenere.fr\/fr-fr\/wp-content\/uploads\/2025\/12\/Mosaique-hexagonale-effet-pierre-AWASSA-3-coloris-magasin-de-carrelages-et-faiences-PORTO_VENERE_MONTPELLIER-pres-de-Saint-Pargoire-34-150x150.jpg\" data-width=\"150\" data-height=\"150\" aria-label=\"Mosa\u00efque hexagonale claire sable beige cr\u00e8me effet pierre contemporaine AWASSA. Magasin de carrelages et fa\u00efences Porto Venere \u00e0 Montpellier 34\" role=\"img\" ><\/div>\n\t\t\t\t\t\t\t\t\t\t\t<div class=\"elementor-gallery-item__overlay\"><\/div>\n\t\t\t\t\t\t\t\t\t\t\t\t\t\t<\/a>\n\t\t\t\t\t\t\t<a class=\"e-gallery-item elementor-gallery-item elementor-animated-content\" href=\"https:\/\/www.portovenere.fr\/fr-fr\/wp-content\/uploads\/2025\/12\/Mosaique-sol-mur-30x30-cm-effet-pierre-AWASSA-3-coloris-magasin-de-carrelages-et-faiences-PORTO_VENERE_MONTPELLIER-pres-de-Saint-Aunes-34.jpg\" data-elementor-open-lightbox=\"yes\" data-elementor-lightbox-slideshow=\"3b51b7fa\" data-elementor-lightbox-title=\"Mosa\u00efque-sol-mur-30x30-cm-effet-pierre-AWASSA-3-coloris-magasin-de-carrelages-et-fa\u00efences-PORTO_VENERE_MONTPELLIER-pr\u00e8s-de-Saint-Aun\u00e8s-34\" data-e-action-hash=\"#elementor-action%3Aaction%3Dlightbox%26settings%3DeyJpZCI6NjgwMTIsInVybCI6Imh0dHBzOlwvXC93d3cucG9ydG92ZW5lcmUuZnJcL2ZyLWZyXC93cC1jb250ZW50XC91cGxvYWRzXC8yMDI1XC8xMlwvTW9zYWlxdWUtc29sLW11ci0zMHgzMC1jbS1lZmZldC1waWVycmUtQVdBU1NBLTMtY29sb3Jpcy1tYWdhc2luLWRlLWNhcnJlbGFnZXMtZXQtZmFpZW5jZXMtUE9SVE9fVkVORVJFX01PTlRQRUxMSUVSLXByZXMtZGUtU2FpbnQtQXVuZXMtMzQuanBnIiwic2xpZGVzaG93IjoiM2I1MWI3ZmEifQ%3D%3D\">\n\t\t\t\t\t<div class=\"e-gallery-image elementor-gallery-item__image\" data-thumbnail=\"https:\/\/www.portovenere.fr\/fr-fr\/wp-content\/uploads\/2025\/12\/Mosaique-sol-mur-30x30-cm-effet-pierre-AWASSA-3-coloris-magasin-de-carrelages-et-faiences-PORTO_VENERE_MONTPELLIER-pres-de-Saint-Aunes-34-150x150.jpg\" data-width=\"150\" data-height=\"150\" aria-label=\"Mosa\u00efque 30x30 cm claire sable beige cr\u00e8me effet pierre contemporaine AWASSA. Magasin de carrelages et fa\u00efences Porto Venere \u00e0 Montpellier 34\" role=\"img\" ><\/div>\n\t\t\t\t\t\t\t\t\t\t\t<div class=\"elementor-gallery-item__overlay\"><\/div>\n\t\t\t\t\t\t\t\t\t\t\t\t\t\t<\/a>\n\t\t\t\t\t<\/div>\n\t\t\t\t\t<\/div>\n\t\t\t\t<\/div>\n\t\t\t\t<div class=\"elementor-element elementor-element-6d9c8e13 elementor-widget elementor-widget-text-editor\" data-id=\"6d9c8e13\" data-element_type=\"widget\" data-e-type=\"widget\" data-widget_type=\"text-editor.default\">\n\t\t\t\t<div class=\"elementor-widget-container\">\n\t\t\t\t\t\t\t\t\t<p data-start=\"2112\" data-end=\"2723\">La collection <strong data-start=\"2126\" data-end=\"2136\">AWASSA<\/strong> r\u00e9invente le gr\u00e8s c\u00e9rame effet pierre pour sols et murs int\u00e9rieurs et ext\u00e9rieurs.\u00a0<\/p><p data-start=\"2112\" data-end=\"2723\">Disponible en <strong data-start=\"2233\" data-end=\"2246\">3 coloris<\/strong> : Bone, Pearl et White, et en <strong data-start=\"2277\" data-end=\"2290\">5 formats<\/strong> : 120&#215;280, 120&#215;120, 60&#215;120, 60&#215;60 et 30&#215;60 cm, elle s\u2019adapte \u00e0 tous les projets.\u00a0<\/p><p data-start=\"2112\" data-end=\"2723\">Avec <strong data-start=\"2377\" data-end=\"2392\">2 finitions<\/strong> \u2014 Naturelle et Structur\u00e9e antid\u00e9rapante \u2014 et des d\u00e9cors mosa\u00efques et muraux (ISEN, SEKIBA, ZEKTON), AWASSA permet de cr\u00e9er des espaces \u00e9l\u00e9gants, lumineux et harmonieux.\u00a0<\/p><p data-start=\"2112\" data-end=\"2723\">Sa durabilit\u00e9 et sa r\u00e9sistance offrent confort et s\u00e9curit\u00e9, tandis que sa palette raffin\u00e9e apporte chaleur et style naturel \u00e0 chaque int\u00e9rieur comme ext\u00e9rieur.<\/p>\t\t\t\t\t\t\t\t<\/div>\n\t\t\t\t<\/div>\n\t\t\t\t<div class=\"elementor-element elementor-element-35a52b26 elementor-mobile-align-center elementor-align-left elementor-widget elementor-widget-button\" data-id=\"35a52b26\" data-element_type=\"widget\" data-e-type=\"widget\" data-widget_type=\"button.default\">\n\t\t\t\t<div class=\"elementor-widget-container\">\n\t\t\t\t\t\t\t\t\t<div class=\"elementor-button-wrapper\">\n\t\t\t\t\t<a class=\"elementor-button elementor-button-link elementor-size-sm\" href=\"https:\/\/www.portovenere.fr\/fr-fr\/carrelage-sol-et-mur-en-gres-cerame-et-faience\/carrelage-aspect-pierre\/carrelage-beige-sable-effet-pierre-awassa\/\">\n\t\t\t\t\t\t<span class=\"elementor-button-content-wrapper\">\n\t\t\t\t\t\t\t\t\t<span class=\"elementor-button-text\">Voir la collection<\/span>\n\t\t\t\t\t<\/span>\n\t\t\t\t\t<\/a>\n\t\t\t\t<\/div>\n\t\t\t\t\t\t\t\t<\/div>\n\t\t\t\t<\/div>\n\t\t\t\t\t<\/div>\n\t\t<\/div>\n\t\t\t\t<div class=\"elementor-column elementor-col-33 elementor-top-column elementor-element elementor-element-7afb576d\" data-id=\"7afb576d\" data-element_type=\"column\" data-e-type=\"column\" data-settings=\"{&quot;background_background&quot;:&quot;classic&quot;}\">\n\t\t\t<div class=\"elementor-widget-wrap elementor-element-populated\">\n\t\t\t\t\t\t<div class=\"elementor-element elementor-element-683f2e46 elementor-widget elementor-widget-image\" data-id=\"683f2e46\" data-element_type=\"widget\" data-e-type=\"widget\" data-widget_type=\"image.default\">\n\t\t\t\t<div class=\"elementor-widget-container\">\n\t\t\t\t\t\t\t\t\t\t\t\t\t\t\t\t<a href=\"https:\/\/www.portovenere.fr\/fr-fr\/carrelage-sol-et-mur-en-gres-cerame-et-faience\/carrelage-aspect-pierre\/carrelage-sol-et-mur-aspect-pierre-endoua\/\">\n\t\t\t\t\t\t\t<img decoding=\"async\" src=\"https:\/\/www.portovenere.fr\/fr-fr\/wp-content\/uploads\/elementor\/thumbs\/Carrelage-60x120-cm-et-decor-Arrow-en-gres-cerame-imitation-pierre-contemporaine-grise-ENDOUA-coloris-Rock-pour-sol-et-mur-Magasin-Porto-venere-pres-de-Sete-34-rcwd1mjpnn5y13l17zbvv8j1tkm4ff7p92r1anohk0.jpg\" title=\"Carrelage-60&#215;120-cm-et-d\u00e9cor-Arrow-en-gr\u00e8s-c\u00e9rame-imitation-pierre-contemporaine-grise-ENDOUA-coloris-Rock-pour-sol-et-mur-Magasin-Porto-venere-pr\u00e8s-de-S\u00e8te-34\" alt=\"Carrelage sol de restaurant en gr\u00e8s c\u00e9rame coloris gris Rock 60x120 cm et d\u00e9cor Arrow 20x40 cm collection ENDUA magasin Porto Venere Montpellier\" loading=\"lazy\" \/>\t\t\t\t\t\t\t\t<\/a>\n\t\t\t\t\t\t\t\t\t\t\t\t\t\t\t<\/div>\n\t\t\t\t<\/div>\n\t\t\t\t<div class=\"elementor-element elementor-element-2cedfc7d elementor-widget elementor-widget-heading\" data-id=\"2cedfc7d\" data-element_type=\"widget\" data-e-type=\"widget\" data-widget_type=\"heading.default\">\n\t\t\t\t<div class=\"elementor-widget-container\">\n\t\t\t\t\t<h3 class=\"elementor-heading-title elementor-size-default\"><a href=\"https:\/\/www.portovenere.fr\/fr-fr\/carrelage-sol-et-mur-en-gres-cerame-et-faience\/carrelage-aspect-pierre\/carrelage-sol-et-mur-aspect-pierre-endoua\/\">ENDOUA | 4 coloris<\/a><\/h3>\t\t\t\t<\/div>\n\t\t\t\t<\/div>\n\t\t\t\t<div class=\"elementor-element elementor-element-34fe0add elementor-widget__width-initial elementor-widget elementor-widget-gallery\" data-id=\"34fe0add\" data-element_type=\"widget\" data-e-type=\"widget\" data-settings=\"{&quot;gap&quot;:{&quot;unit&quot;:&quot;px&quot;,&quot;size&quot;:3,&quot;sizes&quot;:[]},&quot;columns_mobile&quot;:3,&quot;gap_mobile&quot;:{&quot;unit&quot;:&quot;px&quot;,&quot;size&quot;:6,&quot;sizes&quot;:[]},&quot;columns&quot;:5,&quot;columns_tablet&quot;:3,&quot;gap_tablet&quot;:{&quot;unit&quot;:&quot;px&quot;,&quot;size&quot;:5,&quot;sizes&quot;:[]},&quot;lazyload&quot;:&quot;yes&quot;,&quot;gallery_layout&quot;:&quot;grid&quot;,&quot;link_to&quot;:&quot;file&quot;,&quot;aspect_ratio&quot;:&quot;3:2&quot;,&quot;overlay_background&quot;:&quot;yes&quot;,&quot;content_hover_animation&quot;:&quot;fade-in&quot;}\" data-widget_type=\"gallery.default\">\n\t\t\t\t<div class=\"elementor-widget-container\">\n\t\t\t\t\t\t\t<div class=\"elementor-gallery__container\">\n\t\t\t\t\t\t\t<a class=\"e-gallery-item elementor-gallery-item elementor-animated-content\" href=\"https:\/\/www.portovenere.fr\/fr-fr\/wp-content\/uploads\/2025\/10\/Carrelage-en-gres-cerame-imitation-pierre-contemporaine-beige-sable-clair-ENDOUA-coloris-Desert-pour-sol-et-mur-Magasin-Porto-venere-pres-de-Lattes-34.jpg\" data-elementor-open-lightbox=\"yes\" data-elementor-lightbox-slideshow=\"34fe0add\" data-elementor-lightbox-title=\"Carrelage-en-gr\u00e8s-c\u00e9rame-imitation-pierre-contemporaine-beige-sable-clair-ENDOUA-coloris-Desert-pour-sol-et-mur-Magasin-Porto-venere-pr\u00e8s-de-Lattes-34\" data-e-action-hash=\"#elementor-action%3Aaction%3Dlightbox%26settings%3DeyJpZCI6NjU5NDMsInVybCI6Imh0dHBzOlwvXC93d3cucG9ydG92ZW5lcmUuZnJcL2ZyLWZyXC93cC1jb250ZW50XC91cGxvYWRzXC8yMDI1XC8xMFwvQ2FycmVsYWdlLWVuLWdyZXMtY2VyYW1lLWltaXRhdGlvbi1waWVycmUtY29udGVtcG9yYWluZS1iZWlnZS1zYWJsZS1jbGFpci1FTkRPVUEtY29sb3Jpcy1EZXNlcnQtcG91ci1zb2wtZXQtbXVyLU1hZ2FzaW4tUG9ydG8tdmVuZXJlLXByZXMtZGUtTGF0dGVzLTM0LmpwZyIsInNsaWRlc2hvdyI6IjM0ZmUwYWRkIn0%3D\">\n\t\t\t\t\t<div class=\"e-gallery-image elementor-gallery-item__image\" data-thumbnail=\"https:\/\/www.portovenere.fr\/fr-fr\/wp-content\/uploads\/2025\/10\/Carrelage-en-gres-cerame-imitation-pierre-contemporaine-beige-sable-clair-ENDOUA-coloris-Desert-pour-sol-et-mur-Magasin-Porto-venere-pres-de-Lattes-34-150x150.jpg\" data-width=\"150\" data-height=\"150\" aria-label=\"Carrelage coloris pierre clair ENDOUA Desert\" role=\"img\" ><\/div>\n\t\t\t\t\t\t\t\t\t\t\t<div class=\"elementor-gallery-item__overlay\"><\/div>\n\t\t\t\t\t\t\t\t\t\t\t\t\t\t<\/a>\n\t\t\t\t\t\t\t<a class=\"e-gallery-item elementor-gallery-item elementor-animated-content\" href=\"https:\/\/www.portovenere.fr\/fr-fr\/wp-content\/uploads\/2025\/10\/Carrelage-en-gres-cerame-imitation-pierre-contemporaine-gris-fonce-ENDOUA-coloris-Rock-pour-sol-et-mur-Magasin-Porto-venere-pres-de-Poussan-34.jpg\" data-elementor-open-lightbox=\"yes\" data-elementor-lightbox-slideshow=\"34fe0add\" data-elementor-lightbox-title=\"Carrelage-en-gr\u00e8s-c\u00e9rame-imitation-pierre-contemporaine-gris-fonc\u00e9-ENDOUA-coloris-Rock-pour-sol-et-mur-Magasin-Porto-venere-pr\u00e8s-de-Poussan-34\" data-e-action-hash=\"#elementor-action%3Aaction%3Dlightbox%26settings%3DeyJpZCI6NjU5NDYsInVybCI6Imh0dHBzOlwvXC93d3cucG9ydG92ZW5lcmUuZnJcL2ZyLWZyXC93cC1jb250ZW50XC91cGxvYWRzXC8yMDI1XC8xMFwvQ2FycmVsYWdlLWVuLWdyZXMtY2VyYW1lLWltaXRhdGlvbi1waWVycmUtY29udGVtcG9yYWluZS1ncmlzLWZvbmNlLUVORE9VQS1jb2xvcmlzLVJvY2stcG91ci1zb2wtZXQtbXVyLU1hZ2FzaW4tUG9ydG8tdmVuZXJlLXByZXMtZGUtUG91c3Nhbi0zNC5qcGciLCJzbGlkZXNob3ciOiIzNGZlMGFkZCJ9\">\n\t\t\t\t\t<div class=\"e-gallery-image elementor-gallery-item__image\" data-thumbnail=\"https:\/\/www.portovenere.fr\/fr-fr\/wp-content\/uploads\/2025\/10\/Carrelage-en-gres-cerame-imitation-pierre-contemporaine-gris-fonce-ENDOUA-coloris-Rock-pour-sol-et-mur-Magasin-Porto-venere-pres-de-Poussan-34-150x150.jpg\" data-width=\"150\" data-height=\"150\" aria-label=\"Carrelage coloris pierre grise ENDOUA Rock\" role=\"img\" ><\/div>\n\t\t\t\t\t\t\t\t\t\t\t<div class=\"elementor-gallery-item__overlay\"><\/div>\n\t\t\t\t\t\t\t\t\t\t\t\t\t\t<\/a>\n\t\t\t\t\t\t\t<a class=\"e-gallery-item elementor-gallery-item elementor-animated-content\" href=\"https:\/\/www.portovenere.fr\/fr-fr\/wp-content\/uploads\/2025\/10\/Carrelage-en-gres-cerame-imitation-pierre-contemporaine-gris-clair-ENDOUA-coloris-Ash-pour-sol-et-mur-Magasin-Porto-venere-pres-de-Mireval-34.jpg\" data-elementor-open-lightbox=\"yes\" data-elementor-lightbox-slideshow=\"34fe0add\" data-elementor-lightbox-title=\"Carrelage-en-gr\u00e8s-c\u00e9rame-imitation-pierre-contemporaine-gris-clair-ENDOUA-coloris-Ash-pour-sol-et-mur-Magasin-Porto-venere-pr\u00e8s-de-Mireval-34\" data-e-action-hash=\"#elementor-action%3Aaction%3Dlightbox%26settings%3DeyJpZCI6NjU5NDUsInVybCI6Imh0dHBzOlwvXC93d3cucG9ydG92ZW5lcmUuZnJcL2ZyLWZyXC93cC1jb250ZW50XC91cGxvYWRzXC8yMDI1XC8xMFwvQ2FycmVsYWdlLWVuLWdyZXMtY2VyYW1lLWltaXRhdGlvbi1waWVycmUtY29udGVtcG9yYWluZS1ncmlzLWNsYWlyLUVORE9VQS1jb2xvcmlzLUFzaC1wb3VyLXNvbC1ldC1tdXItTWFnYXNpbi1Qb3J0by12ZW5lcmUtcHJlcy1kZS1NaXJldmFsLTM0LmpwZyIsInNsaWRlc2hvdyI6IjM0ZmUwYWRkIn0%3D\">\n\t\t\t\t\t<div class=\"e-gallery-image elementor-gallery-item__image\" data-thumbnail=\"https:\/\/www.portovenere.fr\/fr-fr\/wp-content\/uploads\/2025\/10\/Carrelage-en-gres-cerame-imitation-pierre-contemporaine-gris-clair-ENDOUA-coloris-Ash-pour-sol-et-mur-Magasin-Porto-venere-pres-de-Mireval-34-150x150.jpg\" data-width=\"150\" data-height=\"150\" aria-label=\"Carrelage coloris pierre grise ENDOUA Ash\" role=\"img\" ><\/div>\n\t\t\t\t\t\t\t\t\t\t\t<div class=\"elementor-gallery-item__overlay\"><\/div>\n\t\t\t\t\t\t\t\t\t\t\t\t\t\t<\/a>\n\t\t\t\t\t\t\t<a class=\"e-gallery-item elementor-gallery-item elementor-animated-content\" href=\"https:\/\/www.portovenere.fr\/fr-fr\/wp-content\/uploads\/2025\/10\/Carrelage-en-gres-cerame-imitation-pierre-contemporaine-beige-sable-fonce-ENDOUA-coloris-Tan-pour-sol-et-mur-Magasin-Porto-venere-pres-de-Castries-34.jpg\" data-elementor-open-lightbox=\"yes\" data-elementor-lightbox-slideshow=\"34fe0add\" data-elementor-lightbox-title=\"Carrelage-en-gr\u00e8s-c\u00e9rame-imitation-pierre-contemporaine-beige-sable-fonc\u00e9-ENDOUA-coloris-Tan-pour-sol-et-mur-Magasin-Porto-venere-pr\u00e8s-de-Castries-34\" data-e-action-hash=\"#elementor-action%3Aaction%3Dlightbox%26settings%3DeyJpZCI6NjU5NDQsInVybCI6Imh0dHBzOlwvXC93d3cucG9ydG92ZW5lcmUuZnJcL2ZyLWZyXC93cC1jb250ZW50XC91cGxvYWRzXC8yMDI1XC8xMFwvQ2FycmVsYWdlLWVuLWdyZXMtY2VyYW1lLWltaXRhdGlvbi1waWVycmUtY29udGVtcG9yYWluZS1iZWlnZS1zYWJsZS1mb25jZS1FTkRPVUEtY29sb3Jpcy1UYW4tcG91ci1zb2wtZXQtbXVyLU1hZ2FzaW4tUG9ydG8tdmVuZXJlLXByZXMtZGUtQ2FzdHJpZXMtMzQuanBnIiwic2xpZGVzaG93IjoiMzRmZTBhZGQifQ%3D%3D\">\n\t\t\t\t\t<div class=\"e-gallery-image elementor-gallery-item__image\" data-thumbnail=\"https:\/\/www.portovenere.fr\/fr-fr\/wp-content\/uploads\/2025\/10\/Carrelage-en-gres-cerame-imitation-pierre-contemporaine-beige-sable-fonce-ENDOUA-coloris-Tan-pour-sol-et-mur-Magasin-Porto-venere-pres-de-Castries-34-150x150.jpg\" data-width=\"150\" data-height=\"150\" aria-label=\"Carrelage coloris pierre beige ENDOUA Tan\" role=\"img\" ><\/div>\n\t\t\t\t\t\t\t\t\t\t\t<div class=\"elementor-gallery-item__overlay\"><\/div>\n\t\t\t\t\t\t\t\t\t\t\t\t\t\t<\/a>\n\t\t\t\t\t<\/div>\n\t\t\t\t\t<\/div>\n\t\t\t\t<\/div>\n\t\t\t\t<div class=\"elementor-element elementor-element-142ab8cb elementor-widget elementor-widget-text-editor\" data-id=\"142ab8cb\" data-element_type=\"widget\" data-e-type=\"widget\" data-widget_type=\"text-editor.default\">\n\t\t\t\t<div class=\"elementor-widget-container\">\n\t\t\t\t\t\t\t\t\t<p data-start=\"74\" data-end=\"212\">La collection <strong data-start=\"1921\" data-end=\"1931\">ENDOUA<\/strong> en gr\u00e8s c\u00e9rame aspect pierre combine esth\u00e9tique naturelle et robustesse technique. D\u00e9clin\u00e9e en formats<b> 30&#215;60, 60&#215;60 et 60&#215;120 cm<\/b>, bords rectifi\u00e9s droits ou non rectifi\u00e9s, elle s\u2019adapte \u00e0 tous les projets, en<b> int\u00e9rieur comme en ext\u00e9rieur<\/b>. Ses coloris neutres et raffin\u00e9s <b>dans les teintes de gris et beige<\/b> \u2013 Ash, Rock, Desert et Tan\u2013 offrent une grande libert\u00e9 d\u2019am\u00e9nagement. Gr\u00e2ce \u00e0 sa qualit\u00e9 de fabrication et son <span data-start=\"2276\" data-end=\"2310\"><b>excellent rapport qualit\u00e9\/prix<\/b><\/span>, ENDOUA est une solution \u00e9l\u00e9gante et durable pour sublimer<b> sols et murs<\/b> avec une touche min\u00e9rale contemporaine.<\/p>\t\t\t\t\t\t\t\t<\/div>\n\t\t\t\t<\/div>\n\t\t\t\t<div class=\"elementor-element elementor-element-186569f3 elementor-mobile-align-center elementor-align-left elementor-widget elementor-widget-button\" data-id=\"186569f3\" data-element_type=\"widget\" data-e-type=\"widget\" data-widget_type=\"button.default\">\n\t\t\t\t<div class=\"elementor-widget-container\">\n\t\t\t\t\t\t\t\t\t<div class=\"elementor-button-wrapper\">\n\t\t\t\t\t<a class=\"elementor-button elementor-button-link elementor-size-sm\" href=\"https:\/\/www.portovenere.fr\/fr-fr\/carrelage-sol-et-mur-en-gres-cerame-et-faience\/carrelage-aspect-pierre\/carrelage-sol-et-mur-aspect-pierre-endoua\/\">\n\t\t\t\t\t\t<span class=\"elementor-button-content-wrapper\">\n\t\t\t\t\t\t\t\t\t<span class=\"elementor-button-text\">Voir la collection<\/span>\n\t\t\t\t\t<\/span>\n\t\t\t\t\t<\/a>\n\t\t\t\t<\/div>\n\t\t\t\t\t\t\t\t<\/div>\n\t\t\t\t<\/div>\n\t\t\t\t\t<\/div>\n\t\t<\/div>\n\t\t\t\t<div class=\"elementor-column elementor-col-33 elementor-top-column elementor-element elementor-element-3fb506c\" data-id=\"3fb506c\" data-element_type=\"column\" data-e-type=\"column\" data-settings=\"{&quot;background_background&quot;:&quot;classic&quot;}\">\n\t\t\t<div class=\"elementor-widget-wrap elementor-element-populated\">\n\t\t\t\t\t\t<div class=\"elementor-element elementor-element-ca47bd8 elementor-widget elementor-widget-image\" data-id=\"ca47bd8\" data-element_type=\"widget\" data-e-type=\"widget\" data-widget_type=\"image.default\">\n\t\t\t\t<div class=\"elementor-widget-container\">\n\t\t\t\t\t\t\t\t\t\t\t\t\t\t\t\t<a href=\"https:\/\/www.portovenere.fr\/fr-fr\/carrelage-sol-et-mur-en-gres-cerame-et-faience\/carrelage-aspect-pierre\/carrelage-imitation-travertin-interieur-exterieur-brumata-travertin\/\">\n\t\t\t\t\t\t\t<img decoding=\"async\" src=\"https:\/\/www.portovenere.fr\/fr-fr\/wp-content\/uploads\/elementor\/thumbs\/Carrelage-imitation-travertin-coloris-marron-en-gres-cerame-sol-et-mur-brillant-ou-mat-4-coloris-BRUMATA-Travertin-proche-de-Lattes-34-r8if2zhahk3neolyu0si5b6qtbyfb8fgl0ngpn6u78.jpg\" title=\"Carrelage-imitation-travertin-coloris-marron-en-gr\u00e8s-c\u00e9rame-sol-et-mur-brillant-ou-mat-4-coloris-BRUMATA-Travertin-proche-de-Lattes-34\" alt=\"Carrelage-imitation-travertin-coloris-marron-en-gr\u00e8s-c\u00e9rame-sol-et-mur-brillant-ou-mat-4-coloris-BRUMATA-Travertin-proche-de-Lattes-34\" loading=\"lazy\" \/>\t\t\t\t\t\t\t\t<\/a>\n\t\t\t\t\t\t\t\t\t\t\t\t\t\t\t<\/div>\n\t\t\t\t<\/div>\n\t\t\t\t<div class=\"elementor-element elementor-element-7290c01 elementor-widget elementor-widget-heading\" data-id=\"7290c01\" data-element_type=\"widget\" data-e-type=\"widget\" data-widget_type=\"heading.default\">\n\t\t\t\t<div class=\"elementor-widget-container\">\n\t\t\t\t\t<h3 class=\"elementor-heading-title elementor-size-default\"><a href=\"https:\/\/www.portovenere.fr\/fr-fr\/carrelage-sol-et-mur-en-gres-cerame-et-faience\/carrelage-aspect-pierre\/carrelage-imitation-travertin-interieur-exterieur-brumata-travertin\/\">BRUMATA TRAVERTIN | 4 coloris &amp; 4 styles<\/a><\/h3>\t\t\t\t<\/div>\n\t\t\t\t<\/div>\n\t\t\t\t<div class=\"elementor-element elementor-element-389d511 elementor-widget__width-initial elementor-widget elementor-widget-gallery\" data-id=\"389d511\" data-element_type=\"widget\" data-e-type=\"widget\" data-settings=\"{&quot;gap&quot;:{&quot;unit&quot;:&quot;px&quot;,&quot;size&quot;:3,&quot;sizes&quot;:[]},&quot;columns_mobile&quot;:3,&quot;gap_mobile&quot;:{&quot;unit&quot;:&quot;px&quot;,&quot;size&quot;:6,&quot;sizes&quot;:[]},&quot;columns&quot;:5,&quot;columns_tablet&quot;:3,&quot;gap_tablet&quot;:{&quot;unit&quot;:&quot;px&quot;,&quot;size&quot;:5,&quot;sizes&quot;:[]},&quot;lazyload&quot;:&quot;yes&quot;,&quot;gallery_layout&quot;:&quot;grid&quot;,&quot;link_to&quot;:&quot;file&quot;,&quot;aspect_ratio&quot;:&quot;3:2&quot;,&quot;overlay_background&quot;:&quot;yes&quot;,&quot;content_hover_animation&quot;:&quot;fade-in&quot;}\" data-widget_type=\"gallery.default\">\n\t\t\t\t<div class=\"elementor-widget-container\">\n\t\t\t\t\t\t\t<div class=\"elementor-gallery__container\">\n\t\t\t\t\t\t\t<a class=\"e-gallery-item elementor-gallery-item elementor-animated-content\" href=\"https:\/\/www.portovenere.fr\/fr-fr\/wp-content\/uploads\/2024\/04\/Carrelage-travertin-en-gres-cerame-mat-ou-brillant-sol-et-mur-Brumata-travertin-Vein-Cut-blanc-pres-de-Castelnau-le-lez-34.jpg\" data-elementor-open-lightbox=\"yes\" data-elementor-lightbox-slideshow=\"389d511\" data-elementor-lightbox-title=\"Carrelage travertin en gr\u00e8s c\u00e9rame mat ou brillant sol et mur Brumata travertin Vein Cut blanc pr\u00e8s de Castelnau le lez 34\" data-e-action-hash=\"#elementor-action%3Aaction%3Dlightbox%26settings%3DeyJpZCI6NDk3MjAsInVybCI6Imh0dHBzOlwvXC93d3cucG9ydG92ZW5lcmUuZnJcL2ZyLWZyXC93cC1jb250ZW50XC91cGxvYWRzXC8yMDI0XC8wNFwvQ2FycmVsYWdlLXRyYXZlcnRpbi1lbi1ncmVzLWNlcmFtZS1tYXQtb3UtYnJpbGxhbnQtc29sLWV0LW11ci1CcnVtYXRhLXRyYXZlcnRpbi1WZWluLUN1dC1ibGFuYy1wcmVzLWRlLUNhc3RlbG5hdS1sZS1sZXotMzQuanBnIiwic2xpZGVzaG93IjoiMzg5ZDUxMSJ9\">\n\t\t\t\t\t<div class=\"e-gallery-image elementor-gallery-item__image\" data-thumbnail=\"https:\/\/www.portovenere.fr\/fr-fr\/wp-content\/uploads\/2024\/04\/Carrelage-travertin-en-gres-cerame-mat-ou-brillant-sol-et-mur-Brumata-travertin-Vein-Cut-blanc-pres-de-Castelnau-le-lez-34-150x150.jpg\" data-width=\"150\" data-height=\"150\" aria-label=\"\" role=\"img\" ><\/div>\n\t\t\t\t\t\t\t\t\t\t\t<div class=\"elementor-gallery-item__overlay\"><\/div>\n\t\t\t\t\t\t\t\t\t\t\t\t\t\t<\/a>\n\t\t\t\t\t\t\t<a class=\"e-gallery-item elementor-gallery-item elementor-animated-content\" href=\"https:\/\/www.portovenere.fr\/fr-fr\/wp-content\/uploads\/2024\/04\/Carrelage-travertin-en-gres-cerame-mat-ou-brillant-sol-et-mur-Brumata-travertin-Vein-Cut-silver-pres-de-Mauguio-34.jpg\" data-elementor-open-lightbox=\"yes\" data-elementor-lightbox-slideshow=\"389d511\" data-elementor-lightbox-title=\"Carrelage travertin en gr\u00e8s c\u00e9rame mat ou brillant sol et mur Brumata travertin Vein Cut silver pr\u00e8s de Mauguio 34\" data-e-action-hash=\"#elementor-action%3Aaction%3Dlightbox%26settings%3DeyJpZCI6NDk3MTksInVybCI6Imh0dHBzOlwvXC93d3cucG9ydG92ZW5lcmUuZnJcL2ZyLWZyXC93cC1jb250ZW50XC91cGxvYWRzXC8yMDI0XC8wNFwvQ2FycmVsYWdlLXRyYXZlcnRpbi1lbi1ncmVzLWNlcmFtZS1tYXQtb3UtYnJpbGxhbnQtc29sLWV0LW11ci1CcnVtYXRhLXRyYXZlcnRpbi1WZWluLUN1dC1zaWx2ZXItcHJlcy1kZS1NYXVndWlvLTM0LmpwZyIsInNsaWRlc2hvdyI6IjM4OWQ1MTEifQ%3D%3D\">\n\t\t\t\t\t<div class=\"e-gallery-image elementor-gallery-item__image\" data-thumbnail=\"https:\/\/www.portovenere.fr\/fr-fr\/wp-content\/uploads\/2024\/04\/Carrelage-travertin-en-gres-cerame-mat-ou-brillant-sol-et-mur-Brumata-travertin-Vein-Cut-silver-pres-de-Mauguio-34-150x150.jpg\" data-width=\"150\" data-height=\"150\" aria-label=\"\" role=\"img\" ><\/div>\n\t\t\t\t\t\t\t\t\t\t\t<div class=\"elementor-gallery-item__overlay\"><\/div>\n\t\t\t\t\t\t\t\t\t\t\t\t\t\t<\/a>\n\t\t\t\t\t\t\t<a class=\"e-gallery-item elementor-gallery-item elementor-animated-content\" href=\"https:\/\/www.portovenere.fr\/fr-fr\/wp-content\/uploads\/2024\/04\/Carrelage-travertin-en-gres-cerame-mat-ou-brillant-sol-et-mur-Brumata-travertin-Vein-Cut-cream-proche-de-Mauguio-34.jpg\" data-elementor-open-lightbox=\"yes\" data-elementor-lightbox-slideshow=\"389d511\" data-elementor-lightbox-title=\"Carrelage travertin en gr\u00e8s c\u00e9rame mat ou brillant sol et mur Brumata travertin Vein Cut cream proche de Mauguio 34\" data-e-action-hash=\"#elementor-action%3Aaction%3Dlightbox%26settings%3DeyJpZCI6NDk3MTgsInVybCI6Imh0dHBzOlwvXC93d3cucG9ydG92ZW5lcmUuZnJcL2ZyLWZyXC93cC1jb250ZW50XC91cGxvYWRzXC8yMDI0XC8wNFwvQ2FycmVsYWdlLXRyYXZlcnRpbi1lbi1ncmVzLWNlcmFtZS1tYXQtb3UtYnJpbGxhbnQtc29sLWV0LW11ci1CcnVtYXRhLXRyYXZlcnRpbi1WZWluLUN1dC1jcmVhbS1wcm9jaGUtZGUtTWF1Z3Vpby0zNC5qcGciLCJzbGlkZXNob3ciOiIzODlkNTExIn0%3D\">\n\t\t\t\t\t<div class=\"e-gallery-image elementor-gallery-item__image\" data-thumbnail=\"https:\/\/www.portovenere.fr\/fr-fr\/wp-content\/uploads\/2024\/04\/Carrelage-travertin-en-gres-cerame-mat-ou-brillant-sol-et-mur-Brumata-travertin-Vein-Cut-cream-proche-de-Mauguio-34-150x150.jpg\" data-width=\"150\" data-height=\"150\" aria-label=\"\" role=\"img\" ><\/div>\n\t\t\t\t\t\t\t\t\t\t\t<div class=\"elementor-gallery-item__overlay\"><\/div>\n\t\t\t\t\t\t\t\t\t\t\t\t\t\t<\/a>\n\t\t\t\t\t\t\t<a class=\"e-gallery-item elementor-gallery-item elementor-animated-content\" href=\"https:\/\/www.portovenere.fr\/fr-fr\/wp-content\/uploads\/2024\/04\/Carrelage-travertin-en-gres-cerame-mat-ou-brillant-sol-et-mur-Brumata-travertin-Vein-Cut-chocolat-a-Lattes-34-1.jpg\" data-elementor-open-lightbox=\"yes\" data-elementor-lightbox-slideshow=\"389d511\" data-elementor-lightbox-title=\"Carrelage travertin en gr\u00e8s c\u00e9rame mat ou brillant sol et mur Brumata travertin Vein Cut chocolat \u00e0 Lattes 34\" data-e-action-hash=\"#elementor-action%3Aaction%3Dlightbox%26settings%3DeyJpZCI6NDk3MTcsInVybCI6Imh0dHBzOlwvXC93d3cucG9ydG92ZW5lcmUuZnJcL2ZyLWZyXC93cC1jb250ZW50XC91cGxvYWRzXC8yMDI0XC8wNFwvQ2FycmVsYWdlLXRyYXZlcnRpbi1lbi1ncmVzLWNlcmFtZS1tYXQtb3UtYnJpbGxhbnQtc29sLWV0LW11ci1CcnVtYXRhLXRyYXZlcnRpbi1WZWluLUN1dC1jaG9jb2xhdC1hLUxhdHRlcy0zNC0xLmpwZyIsInNsaWRlc2hvdyI6IjM4OWQ1MTEifQ%3D%3D\">\n\t\t\t\t\t<div class=\"e-gallery-image elementor-gallery-item__image\" data-thumbnail=\"https:\/\/www.portovenere.fr\/fr-fr\/wp-content\/uploads\/2024\/04\/Carrelage-travertin-en-gres-cerame-mat-ou-brillant-sol-et-mur-Brumata-travertin-Vein-Cut-chocolat-a-Lattes-34-1-150x150.jpg\" data-width=\"150\" data-height=\"150\" aria-label=\"\" role=\"img\" ><\/div>\n\t\t\t\t\t\t\t\t\t\t\t<div class=\"elementor-gallery-item__overlay\"><\/div>\n\t\t\t\t\t\t\t\t\t\t\t\t\t\t<\/a>\n\t\t\t\t\t\t\t<a class=\"e-gallery-item elementor-gallery-item elementor-animated-content\" href=\"https:\/\/www.portovenere.fr\/fr-fr\/wp-content\/uploads\/2024\/04\/Carrelage-travertin-en-gres-cerame-mat-ou-brillant-sol-et-mur-Brumata-travertin-Ruled-Silver-proche-castelnau-le-lez-34.jpg\" data-elementor-open-lightbox=\"yes\" data-elementor-lightbox-slideshow=\"389d511\" data-elementor-lightbox-title=\"Carrelage travertin en gr\u00e8s c\u00e9rame mat ou brillant sol et mur Brumata travertin Ruled Silver proche castelnau le lez 34\" data-e-action-hash=\"#elementor-action%3Aaction%3Dlightbox%26settings%3DeyJpZCI6NDk3MTYsInVybCI6Imh0dHBzOlwvXC93d3cucG9ydG92ZW5lcmUuZnJcL2ZyLWZyXC93cC1jb250ZW50XC91cGxvYWRzXC8yMDI0XC8wNFwvQ2FycmVsYWdlLXRyYXZlcnRpbi1lbi1ncmVzLWNlcmFtZS1tYXQtb3UtYnJpbGxhbnQtc29sLWV0LW11ci1CcnVtYXRhLXRyYXZlcnRpbi1SdWxlZC1TaWx2ZXItcHJvY2hlLWNhc3RlbG5hdS1sZS1sZXotMzQuanBnIiwic2xpZGVzaG93IjoiMzg5ZDUxMSJ9\">\n\t\t\t\t\t<div class=\"e-gallery-image elementor-gallery-item__image\" data-thumbnail=\"https:\/\/www.portovenere.fr\/fr-fr\/wp-content\/uploads\/2024\/04\/Carrelage-travertin-en-gres-cerame-mat-ou-brillant-sol-et-mur-Brumata-travertin-Ruled-Silver-proche-castelnau-le-lez-34-150x150.jpg\" data-width=\"150\" data-height=\"150\" aria-label=\"\" role=\"img\" ><\/div>\n\t\t\t\t\t\t\t\t\t\t\t<div class=\"elementor-gallery-item__overlay\"><\/div>\n\t\t\t\t\t\t\t\t\t\t\t\t\t\t<\/a>\n\t\t\t\t\t\t\t<a class=\"e-gallery-item elementor-gallery-item elementor-animated-content\" href=\"https:\/\/www.portovenere.fr\/fr-fr\/wp-content\/uploads\/2024\/04\/Carrelage-travertin-en-gres-cerame-mat-ou-brillant-sol-et-mur-Brumata-travertin-Ruled-cream-proche-Palavas-34.jpg\" data-elementor-open-lightbox=\"yes\" data-elementor-lightbox-slideshow=\"389d511\" data-elementor-lightbox-title=\"Carrelage travertin en gr\u00e8s c\u00e9rame mat ou brillant sol et mur Brumata travertin Ruled cream proche Palavas 34\" data-e-action-hash=\"#elementor-action%3Aaction%3Dlightbox%26settings%3DeyJpZCI6NDk3MTUsInVybCI6Imh0dHBzOlwvXC93d3cucG9ydG92ZW5lcmUuZnJcL2ZyLWZyXC93cC1jb250ZW50XC91cGxvYWRzXC8yMDI0XC8wNFwvQ2FycmVsYWdlLXRyYXZlcnRpbi1lbi1ncmVzLWNlcmFtZS1tYXQtb3UtYnJpbGxhbnQtc29sLWV0LW11ci1CcnVtYXRhLXRyYXZlcnRpbi1SdWxlZC1jcmVhbS1wcm9jaGUtUGFsYXZhcy0zNC5qcGciLCJzbGlkZXNob3ciOiIzODlkNTExIn0%3D\">\n\t\t\t\t\t<div class=\"e-gallery-image elementor-gallery-item__image\" data-thumbnail=\"https:\/\/www.portovenere.fr\/fr-fr\/wp-content\/uploads\/2024\/04\/Carrelage-travertin-en-gres-cerame-mat-ou-brillant-sol-et-mur-Brumata-travertin-Ruled-cream-proche-Palavas-34-150x150.jpg\" data-width=\"150\" data-height=\"150\" aria-label=\"\" role=\"img\" ><\/div>\n\t\t\t\t\t\t\t\t\t\t\t<div class=\"elementor-gallery-item__overlay\"><\/div>\n\t\t\t\t\t\t\t\t\t\t\t\t\t\t<\/a>\n\t\t\t\t\t\t\t<a class=\"e-gallery-item elementor-gallery-item elementor-animated-content\" href=\"https:\/\/www.portovenere.fr\/fr-fr\/wp-content\/uploads\/2024\/04\/Carrelage-travertin-en-gres-cerame-mat-ou-brillant-sol-et-mur-Brumata-travertin-Ruled-chocolat-proche-Poussan-34-1.jpg\" data-elementor-open-lightbox=\"yes\" data-elementor-lightbox-slideshow=\"389d511\" data-elementor-lightbox-title=\"Carrelage travertin en gr\u00e8s c\u00e9rame mat ou brillant sol et mur Brumata travertin Ruled chocolat proche Poussan 34\" data-e-action-hash=\"#elementor-action%3Aaction%3Dlightbox%26settings%3DeyJpZCI6NDk3MTQsInVybCI6Imh0dHBzOlwvXC93d3cucG9ydG92ZW5lcmUuZnJcL2ZyLWZyXC93cC1jb250ZW50XC91cGxvYWRzXC8yMDI0XC8wNFwvQ2FycmVsYWdlLXRyYXZlcnRpbi1lbi1ncmVzLWNlcmFtZS1tYXQtb3UtYnJpbGxhbnQtc29sLWV0LW11ci1CcnVtYXRhLXRyYXZlcnRpbi1SdWxlZC1jaG9jb2xhdC1wcm9jaGUtUG91c3Nhbi0zNC0xLmpwZyIsInNsaWRlc2hvdyI6IjM4OWQ1MTEifQ%3D%3D\">\n\t\t\t\t\t<div class=\"e-gallery-image elementor-gallery-item__image\" data-thumbnail=\"https:\/\/www.portovenere.fr\/fr-fr\/wp-content\/uploads\/2024\/04\/Carrelage-travertin-en-gres-cerame-mat-ou-brillant-sol-et-mur-Brumata-travertin-Ruled-chocolat-proche-Poussan-34-1-150x150.jpg\" data-width=\"150\" data-height=\"150\" aria-label=\"\" role=\"img\" ><\/div>\n\t\t\t\t\t\t\t\t\t\t\t<div class=\"elementor-gallery-item__overlay\"><\/div>\n\t\t\t\t\t\t\t\t\t\t\t\t\t\t<\/a>\n\t\t\t\t\t\t\t<a class=\"e-gallery-item elementor-gallery-item elementor-animated-content\" href=\"https:\/\/www.portovenere.fr\/fr-fr\/wp-content\/uploads\/2024\/04\/Carrelage-travertin-en-gres-cerame-mat-ou-brillant-sol-et-mur-Brumata-travertin-Ruled-blanc-proche-de-Juvignac-34.jpg\" data-elementor-open-lightbox=\"yes\" data-elementor-lightbox-slideshow=\"389d511\" data-elementor-lightbox-title=\"Carrelage travertin en gr\u00e8s c\u00e9rame mat ou brillant sol et mur Brumata travertin Ruled blanc proche de Juvignac 34\" data-e-action-hash=\"#elementor-action%3Aaction%3Dlightbox%26settings%3DeyJpZCI6NDk3MTMsInVybCI6Imh0dHBzOlwvXC93d3cucG9ydG92ZW5lcmUuZnJcL2ZyLWZyXC93cC1jb250ZW50XC91cGxvYWRzXC8yMDI0XC8wNFwvQ2FycmVsYWdlLXRyYXZlcnRpbi1lbi1ncmVzLWNlcmFtZS1tYXQtb3UtYnJpbGxhbnQtc29sLWV0LW11ci1CcnVtYXRhLXRyYXZlcnRpbi1SdWxlZC1ibGFuYy1wcm9jaGUtZGUtSnV2aWduYWMtMzQuanBnIiwic2xpZGVzaG93IjoiMzg5ZDUxMSJ9\">\n\t\t\t\t\t<div class=\"e-gallery-image elementor-gallery-item__image\" data-thumbnail=\"https:\/\/www.portovenere.fr\/fr-fr\/wp-content\/uploads\/2024\/04\/Carrelage-travertin-en-gres-cerame-mat-ou-brillant-sol-et-mur-Brumata-travertin-Ruled-blanc-proche-de-Juvignac-34-150x150.jpg\" data-width=\"150\" data-height=\"150\" aria-label=\"\" role=\"img\" ><\/div>\n\t\t\t\t\t\t\t\t\t\t\t<div class=\"elementor-gallery-item__overlay\"><\/div>\n\t\t\t\t\t\t\t\t\t\t\t\t\t\t<\/a>\n\t\t\t\t\t\t\t<a class=\"e-gallery-item elementor-gallery-item elementor-animated-content\" href=\"https:\/\/www.portovenere.fr\/fr-fr\/wp-content\/uploads\/2024\/04\/Carrelage-travertin-en-gres-cerame-mat-ou-brillant-sol-et-mur-Brumata-travertin-Minimal-Silver-proche-de-Bouzigues-34.jpg\" data-elementor-open-lightbox=\"yes\" data-elementor-lightbox-slideshow=\"389d511\" data-elementor-lightbox-title=\"Carrelage travertin en gr\u00e8s c\u00e9rame mat ou brillant sol et mur Brumata travertin Minimal Silver proche de Bouzigues 34\" data-e-action-hash=\"#elementor-action%3Aaction%3Dlightbox%26settings%3DeyJpZCI6NDk3MTIsInVybCI6Imh0dHBzOlwvXC93d3cucG9ydG92ZW5lcmUuZnJcL2ZyLWZyXC93cC1jb250ZW50XC91cGxvYWRzXC8yMDI0XC8wNFwvQ2FycmVsYWdlLXRyYXZlcnRpbi1lbi1ncmVzLWNlcmFtZS1tYXQtb3UtYnJpbGxhbnQtc29sLWV0LW11ci1CcnVtYXRhLXRyYXZlcnRpbi1NaW5pbWFsLVNpbHZlci1wcm9jaGUtZGUtQm91emlndWVzLTM0LmpwZyIsInNsaWRlc2hvdyI6IjM4OWQ1MTEifQ%3D%3D\">\n\t\t\t\t\t<div class=\"e-gallery-image elementor-gallery-item__image\" data-thumbnail=\"https:\/\/www.portovenere.fr\/fr-fr\/wp-content\/uploads\/2024\/04\/Carrelage-travertin-en-gres-cerame-mat-ou-brillant-sol-et-mur-Brumata-travertin-Minimal-Silver-proche-de-Bouzigues-34-150x150.jpg\" data-width=\"150\" data-height=\"150\" aria-label=\"\" role=\"img\" ><\/div>\n\t\t\t\t\t\t\t\t\t\t\t<div class=\"elementor-gallery-item__overlay\"><\/div>\n\t\t\t\t\t\t\t\t\t\t\t\t\t\t<\/a>\n\t\t\t\t\t\t\t<a class=\"e-gallery-item elementor-gallery-item elementor-animated-content\" href=\"https:\/\/www.portovenere.fr\/fr-fr\/wp-content\/uploads\/2024\/04\/Carrelage-travertin-en-gres-cerame-mat-ou-brillant-sol-et-mur-Brumata-travertin-Minimal-Cream-a-saint-jean-de-vedas-34.jpg\" data-elementor-open-lightbox=\"yes\" data-elementor-lightbox-slideshow=\"389d511\" data-elementor-lightbox-title=\"Carrelage travertin en gr\u00e8s c\u00e9rame mat ou brillant sol et mur Brumata travertin Minimal Cream \u00e0 saint jean de v\u00e9das 34\" data-e-action-hash=\"#elementor-action%3Aaction%3Dlightbox%26settings%3DeyJpZCI6NDk3MTEsInVybCI6Imh0dHBzOlwvXC93d3cucG9ydG92ZW5lcmUuZnJcL2ZyLWZyXC93cC1jb250ZW50XC91cGxvYWRzXC8yMDI0XC8wNFwvQ2FycmVsYWdlLXRyYXZlcnRpbi1lbi1ncmVzLWNlcmFtZS1tYXQtb3UtYnJpbGxhbnQtc29sLWV0LW11ci1CcnVtYXRhLXRyYXZlcnRpbi1NaW5pbWFsLUNyZWFtLWEtc2FpbnQtamVhbi1kZS12ZWRhcy0zNC5qcGciLCJzbGlkZXNob3ciOiIzODlkNTExIn0%3D\">\n\t\t\t\t\t<div class=\"e-gallery-image elementor-gallery-item__image\" data-thumbnail=\"https:\/\/www.portovenere.fr\/fr-fr\/wp-content\/uploads\/2024\/04\/Carrelage-travertin-en-gres-cerame-mat-ou-brillant-sol-et-mur-Brumata-travertin-Minimal-Cream-a-saint-jean-de-vedas-34-150x150.jpg\" data-width=\"150\" data-height=\"150\" aria-label=\"\" role=\"img\" ><\/div>\n\t\t\t\t\t\t\t\t\t\t\t<div class=\"elementor-gallery-item__overlay\"><\/div>\n\t\t\t\t\t\t\t\t\t\t\t\t\t\t<\/a>\n\t\t\t\t\t\t\t<a class=\"e-gallery-item elementor-gallery-item elementor-animated-content\" href=\"https:\/\/www.portovenere.fr\/fr-fr\/wp-content\/uploads\/2024\/04\/Carrelage-travertin-en-gres-cerame-mat-ou-brillant-sol-et-mur-Brumata-travertin-Minimal-chocolat-a-saint-gely-du-fesc-34-1.jpg\" data-elementor-open-lightbox=\"yes\" data-elementor-lightbox-slideshow=\"389d511\" data-elementor-lightbox-title=\"Carrelage travertin en gr\u00e8s c\u00e9rame mat ou brillant sol et mur Brumata travertin Minimal chocolat \u00e0 saint g\u00e9ly du fesc 34\" data-e-action-hash=\"#elementor-action%3Aaction%3Dlightbox%26settings%3DeyJpZCI6NDk3MTAsInVybCI6Imh0dHBzOlwvXC93d3cucG9ydG92ZW5lcmUuZnJcL2ZyLWZyXC93cC1jb250ZW50XC91cGxvYWRzXC8yMDI0XC8wNFwvQ2FycmVsYWdlLXRyYXZlcnRpbi1lbi1ncmVzLWNlcmFtZS1tYXQtb3UtYnJpbGxhbnQtc29sLWV0LW11ci1CcnVtYXRhLXRyYXZlcnRpbi1NaW5pbWFsLWNob2NvbGF0LWEtc2FpbnQtZ2VseS1kdS1mZXNjLTM0LTEuanBnIiwic2xpZGVzaG93IjoiMzg5ZDUxMSJ9\">\n\t\t\t\t\t<div class=\"e-gallery-image elementor-gallery-item__image\" data-thumbnail=\"https:\/\/www.portovenere.fr\/fr-fr\/wp-content\/uploads\/2024\/04\/Carrelage-travertin-en-gres-cerame-mat-ou-brillant-sol-et-mur-Brumata-travertin-Minimal-chocolat-a-saint-gely-du-fesc-34-1-150x150.jpg\" data-width=\"150\" data-height=\"150\" aria-label=\"\" role=\"img\" ><\/div>\n\t\t\t\t\t\t\t\t\t\t\t<div class=\"elementor-gallery-item__overlay\"><\/div>\n\t\t\t\t\t\t\t\t\t\t\t\t\t\t<\/a>\n\t\t\t\t\t\t\t<a class=\"e-gallery-item elementor-gallery-item elementor-animated-content\" href=\"https:\/\/www.portovenere.fr\/fr-fr\/wp-content\/uploads\/2024\/04\/Carrelage-travertin-en-gres-cerame-mat-ou-brillant-sol-et-mur-Brumata-travertin-Minimal-blanc-pres-de-Pezenas-34.jpg\" data-elementor-open-lightbox=\"yes\" data-elementor-lightbox-slideshow=\"389d511\" data-elementor-lightbox-title=\"Carrelage travertin en gr\u00e8s c\u00e9rame mat ou brillant sol et mur Brumata travertin Minimal blanc pr\u00e8s de Pezenas 34\" data-e-action-hash=\"#elementor-action%3Aaction%3Dlightbox%26settings%3DeyJpZCI6NDk3MDksInVybCI6Imh0dHBzOlwvXC93d3cucG9ydG92ZW5lcmUuZnJcL2ZyLWZyXC93cC1jb250ZW50XC91cGxvYWRzXC8yMDI0XC8wNFwvQ2FycmVsYWdlLXRyYXZlcnRpbi1lbi1ncmVzLWNlcmFtZS1tYXQtb3UtYnJpbGxhbnQtc29sLWV0LW11ci1CcnVtYXRhLXRyYXZlcnRpbi1NaW5pbWFsLWJsYW5jLXByZXMtZGUtUGV6ZW5hcy0zNC5qcGciLCJzbGlkZXNob3ciOiIzODlkNTExIn0%3D\">\n\t\t\t\t\t<div class=\"e-gallery-image elementor-gallery-item__image\" data-thumbnail=\"https:\/\/www.portovenere.fr\/fr-fr\/wp-content\/uploads\/2024\/04\/Carrelage-travertin-en-gres-cerame-mat-ou-brillant-sol-et-mur-Brumata-travertin-Minimal-blanc-pres-de-Pezenas-34-150x150.jpg\" data-width=\"150\" data-height=\"150\" aria-label=\"\" role=\"img\" ><\/div>\n\t\t\t\t\t\t\t\t\t\t\t<div class=\"elementor-gallery-item__overlay\"><\/div>\n\t\t\t\t\t\t\t\t\t\t\t\t\t\t<\/a>\n\t\t\t\t\t\t\t<a class=\"e-gallery-item elementor-gallery-item elementor-animated-content\" href=\"https:\/\/www.portovenere.fr\/fr-fr\/wp-content\/uploads\/2024\/04\/Carrelage-travertin-en-gres-cerame-mat-ou-brillant-sol-et-mur-Brumata-travertin-Ancient-chocolat-a-boirargues-34-1.jpg\" data-elementor-open-lightbox=\"yes\" data-elementor-lightbox-slideshow=\"389d511\" data-elementor-lightbox-title=\"Carrelage travertin en gr\u00e8s c\u00e9rame mat ou brillant sol et mur Brumata travertin Ancient chocolat \u00e0 boirargues 34\" data-e-action-hash=\"#elementor-action%3Aaction%3Dlightbox%26settings%3DeyJpZCI6NDk3MDYsInVybCI6Imh0dHBzOlwvXC93d3cucG9ydG92ZW5lcmUuZnJcL2ZyLWZyXC93cC1jb250ZW50XC91cGxvYWRzXC8yMDI0XC8wNFwvQ2FycmVsYWdlLXRyYXZlcnRpbi1lbi1ncmVzLWNlcmFtZS1tYXQtb3UtYnJpbGxhbnQtc29sLWV0LW11ci1CcnVtYXRhLXRyYXZlcnRpbi1BbmNpZW50LWNob2NvbGF0LWEtYm9pcmFyZ3Vlcy0zNC0xLmpwZyIsInNsaWRlc2hvdyI6IjM4OWQ1MTEifQ%3D%3D\">\n\t\t\t\t\t<div class=\"e-gallery-image elementor-gallery-item__image\" data-thumbnail=\"https:\/\/www.portovenere.fr\/fr-fr\/wp-content\/uploads\/2024\/04\/Carrelage-travertin-en-gres-cerame-mat-ou-brillant-sol-et-mur-Brumata-travertin-Ancient-chocolat-a-boirargues-34-1-150x150.jpg\" data-width=\"150\" data-height=\"150\" aria-label=\"\" role=\"img\" ><\/div>\n\t\t\t\t\t\t\t\t\t\t\t<div class=\"elementor-gallery-item__overlay\"><\/div>\n\t\t\t\t\t\t\t\t\t\t\t\t\t\t<\/a>\n\t\t\t\t\t\t\t<a class=\"e-gallery-item elementor-gallery-item elementor-animated-content\" href=\"https:\/\/www.portovenere.fr\/fr-fr\/wp-content\/uploads\/2024\/04\/Carrelage-travertin-en-gres-cerame-mat-ou-brillant-sol-et-mur-Brumata-travertin-Ancient-Cream-proche-de-sussargues-34.jpg\" data-elementor-open-lightbox=\"yes\" data-elementor-lightbox-slideshow=\"389d511\" data-elementor-lightbox-title=\"Carrelage travertin en gr\u00e8s c\u00e9rame mat ou brillant sol et mur Brumata travertin Ancient Cream proche de sussargues 34\" data-e-action-hash=\"#elementor-action%3Aaction%3Dlightbox%26settings%3DeyJpZCI6NDk3MDcsInVybCI6Imh0dHBzOlwvXC93d3cucG9ydG92ZW5lcmUuZnJcL2ZyLWZyXC93cC1jb250ZW50XC91cGxvYWRzXC8yMDI0XC8wNFwvQ2FycmVsYWdlLXRyYXZlcnRpbi1lbi1ncmVzLWNlcmFtZS1tYXQtb3UtYnJpbGxhbnQtc29sLWV0LW11ci1CcnVtYXRhLXRyYXZlcnRpbi1BbmNpZW50LUNyZWFtLXByb2NoZS1kZS1zdXNzYXJndWVzLTM0LmpwZyIsInNsaWRlc2hvdyI6IjM4OWQ1MTEifQ%3D%3D\">\n\t\t\t\t\t<div class=\"e-gallery-image elementor-gallery-item__image\" data-thumbnail=\"https:\/\/www.portovenere.fr\/fr-fr\/wp-content\/uploads\/2024\/04\/Carrelage-travertin-en-gres-cerame-mat-ou-brillant-sol-et-mur-Brumata-travertin-Ancient-Cream-proche-de-sussargues-34-150x150.jpg\" data-width=\"150\" data-height=\"150\" aria-label=\"\" role=\"img\" ><\/div>\n\t\t\t\t\t\t\t\t\t\t\t<div class=\"elementor-gallery-item__overlay\"><\/div>\n\t\t\t\t\t\t\t\t\t\t\t\t\t\t<\/a>\n\t\t\t\t\t\t\t<a class=\"e-gallery-item elementor-gallery-item elementor-animated-content\" href=\"https:\/\/www.portovenere.fr\/fr-fr\/wp-content\/uploads\/2024\/04\/Carrelage-travertin-en-gres-cerame-mat-ou-brillant-sol-et-mur-Brumata-travertin-Ancient-Silver-proche-de-Beziers-34.jpg\" data-elementor-open-lightbox=\"yes\" data-elementor-lightbox-slideshow=\"389d511\" data-elementor-lightbox-title=\"Carrelage travertin en gr\u00e8s c\u00e9rame mat ou brillant sol et mur Brumata travertin Ancient Silver proche de B\u00e9ziers 34\" data-e-action-hash=\"#elementor-action%3Aaction%3Dlightbox%26settings%3DeyJpZCI6NDk3MDgsInVybCI6Imh0dHBzOlwvXC93d3cucG9ydG92ZW5lcmUuZnJcL2ZyLWZyXC93cC1jb250ZW50XC91cGxvYWRzXC8yMDI0XC8wNFwvQ2FycmVsYWdlLXRyYXZlcnRpbi1lbi1ncmVzLWNlcmFtZS1tYXQtb3UtYnJpbGxhbnQtc29sLWV0LW11ci1CcnVtYXRhLXRyYXZlcnRpbi1BbmNpZW50LVNpbHZlci1wcm9jaGUtZGUtQmV6aWVycy0zNC5qcGciLCJzbGlkZXNob3ciOiIzODlkNTExIn0%3D\">\n\t\t\t\t\t<div class=\"e-gallery-image elementor-gallery-item__image\" data-thumbnail=\"https:\/\/www.portovenere.fr\/fr-fr\/wp-content\/uploads\/2024\/04\/Carrelage-travertin-en-gres-cerame-mat-ou-brillant-sol-et-mur-Brumata-travertin-Ancient-Silver-proche-de-Beziers-34-150x150.jpg\" data-width=\"150\" data-height=\"150\" aria-label=\"\" role=\"img\" ><\/div>\n\t\t\t\t\t\t\t\t\t\t\t<div class=\"elementor-gallery-item__overlay\"><\/div>\n\t\t\t\t\t\t\t\t\t\t\t\t\t\t<\/a>\n\t\t\t\t\t\t\t<a class=\"e-gallery-item elementor-gallery-item elementor-animated-content\" href=\"https:\/\/www.portovenere.fr\/fr-fr\/wp-content\/uploads\/2024\/04\/Carrelage-travertin-en-gres-cerame-mat-ou-brillant-sol-et-mur-Brumata-travertin-Ancient-Blanc-proche-de-Clapiers-34.jpg\" data-elementor-open-lightbox=\"yes\" data-elementor-lightbox-slideshow=\"389d511\" data-elementor-lightbox-title=\"Carrelage travertin en gr\u00e8s c\u00e9rame mat ou brillant sol et mur Brumata travertin Ancient Blanc proche de Clapiers 34\" data-e-action-hash=\"#elementor-action%3Aaction%3Dlightbox%26settings%3DeyJpZCI6NDk3MDUsInVybCI6Imh0dHBzOlwvXC93d3cucG9ydG92ZW5lcmUuZnJcL2ZyLWZyXC93cC1jb250ZW50XC91cGxvYWRzXC8yMDI0XC8wNFwvQ2FycmVsYWdlLXRyYXZlcnRpbi1lbi1ncmVzLWNlcmFtZS1tYXQtb3UtYnJpbGxhbnQtc29sLWV0LW11ci1CcnVtYXRhLXRyYXZlcnRpbi1BbmNpZW50LUJsYW5jLXByb2NoZS1kZS1DbGFwaWVycy0zNC5qcGciLCJzbGlkZXNob3ciOiIzODlkNTExIn0%3D\">\n\t\t\t\t\t<div class=\"e-gallery-image elementor-gallery-item__image\" data-thumbnail=\"https:\/\/www.portovenere.fr\/fr-fr\/wp-content\/uploads\/2024\/04\/Carrelage-travertin-en-gres-cerame-mat-ou-brillant-sol-et-mur-Brumata-travertin-Ancient-Blanc-proche-de-Clapiers-34-150x150.jpg\" data-width=\"150\" data-height=\"150\" aria-label=\"\" role=\"img\" ><\/div>\n\t\t\t\t\t\t\t\t\t\t\t<div class=\"elementor-gallery-item__overlay\"><\/div>\n\t\t\t\t\t\t\t\t\t\t\t\t\t\t<\/a>\n\t\t\t\t\t\t\t<a class=\"e-gallery-item elementor-gallery-item elementor-animated-content\" href=\"https:\/\/www.portovenere.fr\/fr-fr\/wp-content\/uploads\/2024\/04\/Magasin-carrelage-travertin-mosaique-en-gres-cerame-Brumata-travertin-Mini-Block-Ancient-silver-a-Montpellier-34.jpg\" data-elementor-open-lightbox=\"yes\" data-elementor-lightbox-slideshow=\"389d511\" data-elementor-lightbox-title=\"Magasin carrelage travertin mosaique en gr\u00e8s c\u00e9rame Brumata travertin Mini Block Ancient silver \u00e0 Montpellier 34\" data-e-action-hash=\"#elementor-action%3Aaction%3Dlightbox%26settings%3DeyJpZCI6NDk2ODQsInVybCI6Imh0dHBzOlwvXC93d3cucG9ydG92ZW5lcmUuZnJcL2ZyLWZyXC93cC1jb250ZW50XC91cGxvYWRzXC8yMDI0XC8wNFwvTWFnYXNpbi1jYXJyZWxhZ2UtdHJhdmVydGluLW1vc2FpcXVlLWVuLWdyZXMtY2VyYW1lLUJydW1hdGEtdHJhdmVydGluLU1pbmktQmxvY2stQW5jaWVudC1zaWx2ZXItYS1Nb250cGVsbGllci0zNC5qcGciLCJzbGlkZXNob3ciOiIzODlkNTExIn0%3D\">\n\t\t\t\t\t<div class=\"e-gallery-image elementor-gallery-item__image\" data-thumbnail=\"https:\/\/www.portovenere.fr\/fr-fr\/wp-content\/uploads\/2024\/04\/Magasin-carrelage-travertin-mosaique-en-gres-cerame-Brumata-travertin-Mini-Block-Ancient-silver-a-Montpellier-34-150x150.jpg\" data-width=\"150\" data-height=\"150\" aria-label=\"\" role=\"img\" ><\/div>\n\t\t\t\t\t\t\t\t\t\t\t<div class=\"elementor-gallery-item__overlay\"><\/div>\n\t\t\t\t\t\t\t\t\t\t\t\t\t\t<\/a>\n\t\t\t\t\t\t\t<a class=\"e-gallery-item elementor-gallery-item elementor-animated-content\" href=\"https:\/\/www.portovenere.fr\/fr-fr\/wp-content\/uploads\/2024\/04\/Magasin-carrelage-travertin-mosaique-en-gres-cerame-Brumata-travertin-Mini-Block-Ancient-silver-proche-de-prades-le-lez-34.jpg\" data-elementor-open-lightbox=\"yes\" data-elementor-lightbox-slideshow=\"389d511\" data-elementor-lightbox-title=\"Magasin carrelage travertin mosaique en gr\u00e8s c\u00e9rame Brumata travertin Mini Block Ancient silver proche de prades le lez 34\" data-e-action-hash=\"#elementor-action%3Aaction%3Dlightbox%26settings%3DeyJpZCI6NDk2ODUsInVybCI6Imh0dHBzOlwvXC93d3cucG9ydG92ZW5lcmUuZnJcL2ZyLWZyXC93cC1jb250ZW50XC91cGxvYWRzXC8yMDI0XC8wNFwvTWFnYXNpbi1jYXJyZWxhZ2UtdHJhdmVydGluLW1vc2FpcXVlLWVuLWdyZXMtY2VyYW1lLUJydW1hdGEtdHJhdmVydGluLU1pbmktQmxvY2stQW5jaWVudC1zaWx2ZXItcHJvY2hlLWRlLXByYWRlcy1sZS1sZXotMzQuanBnIiwic2xpZGVzaG93IjoiMzg5ZDUxMSJ9\">\n\t\t\t\t\t<div class=\"e-gallery-image elementor-gallery-item__image\" data-thumbnail=\"https:\/\/www.portovenere.fr\/fr-fr\/wp-content\/uploads\/2024\/04\/Magasin-carrelage-travertin-mosaique-en-gres-cerame-Brumata-travertin-Mini-Block-Ancient-silver-proche-de-prades-le-lez-34-150x150.jpg\" data-width=\"150\" data-height=\"150\" aria-label=\"\" role=\"img\" ><\/div>\n\t\t\t\t\t\t\t\t\t\t\t<div class=\"elementor-gallery-item__overlay\"><\/div>\n\t\t\t\t\t\t\t\t\t\t\t\t\t\t<\/a>\n\t\t\t\t\t\t\t<a class=\"e-gallery-item elementor-gallery-item elementor-animated-content\" href=\"https:\/\/www.portovenere.fr\/fr-fr\/wp-content\/uploads\/2024\/04\/Magasin-carrelage-travertin-mosaique-en-gres-cerame-Brumata-travertin-Mini-Block-Ancient-chocolat-proche-de-vendargues-34.jpg\" data-elementor-open-lightbox=\"yes\" data-elementor-lightbox-slideshow=\"389d511\" data-elementor-lightbox-title=\"Magasin carrelage travertin mosaique en gr\u00e8s c\u00e9rame Brumata travertin Mini Block Ancient chocolat proche de vendargues 34\" data-e-action-hash=\"#elementor-action%3Aaction%3Dlightbox%26settings%3DeyJpZCI6NDk2ODIsInVybCI6Imh0dHBzOlwvXC93d3cucG9ydG92ZW5lcmUuZnJcL2ZyLWZyXC93cC1jb250ZW50XC91cGxvYWRzXC8yMDI0XC8wNFwvTWFnYXNpbi1jYXJyZWxhZ2UtdHJhdmVydGluLW1vc2FpcXVlLWVuLWdyZXMtY2VyYW1lLUJydW1hdGEtdHJhdmVydGluLU1pbmktQmxvY2stQW5jaWVudC1jaG9jb2xhdC1wcm9jaGUtZGUtdmVuZGFyZ3Vlcy0zNC5qcGciLCJzbGlkZXNob3ciOiIzODlkNTExIn0%3D\">\n\t\t\t\t\t<div class=\"e-gallery-image elementor-gallery-item__image\" data-thumbnail=\"https:\/\/www.portovenere.fr\/fr-fr\/wp-content\/uploads\/2024\/04\/Magasin-carrelage-travertin-mosaique-en-gres-cerame-Brumata-travertin-Mini-Block-Ancient-chocolat-proche-de-vendargues-34-150x150.jpg\" data-width=\"150\" data-height=\"150\" aria-label=\"\" role=\"img\" ><\/div>\n\t\t\t\t\t\t\t\t\t\t\t<div class=\"elementor-gallery-item__overlay\"><\/div>\n\t\t\t\t\t\t\t\t\t\t\t\t\t\t<\/a>\n\t\t\t\t\t\t\t<a class=\"e-gallery-item elementor-gallery-item elementor-animated-content\" href=\"https:\/\/www.portovenere.fr\/fr-fr\/wp-content\/uploads\/2024\/04\/Magasin-carrelage-travertin-mosaique-en-gres-cerame-Brumata-travertin-Mini-Block-Vein-Cut-cream-proche-de-perols-34.jpg\" data-elementor-open-lightbox=\"yes\" data-elementor-lightbox-slideshow=\"389d511\" data-elementor-lightbox-title=\"Magasin carrelage travertin mosaique en gr\u00e8s c\u00e9rame Brumata travertin Mini Block Vein Cut cream proche de perols 34\" data-e-action-hash=\"#elementor-action%3Aaction%3Dlightbox%26settings%3DeyJpZCI6NDk2OTIsInVybCI6Imh0dHBzOlwvXC93d3cucG9ydG92ZW5lcmUuZnJcL2ZyLWZyXC93cC1jb250ZW50XC91cGxvYWRzXC8yMDI0XC8wNFwvTWFnYXNpbi1jYXJyZWxhZ2UtdHJhdmVydGluLW1vc2FpcXVlLWVuLWdyZXMtY2VyYW1lLUJydW1hdGEtdHJhdmVydGluLU1pbmktQmxvY2stVmVpbi1DdXQtY3JlYW0tcHJvY2hlLWRlLXBlcm9scy0zNC5qcGciLCJzbGlkZXNob3ciOiIzODlkNTExIn0%3D\">\n\t\t\t\t\t<div class=\"e-gallery-image elementor-gallery-item__image\" data-thumbnail=\"https:\/\/www.portovenere.fr\/fr-fr\/wp-content\/uploads\/2024\/04\/Magasin-carrelage-travertin-mosaique-en-gres-cerame-Brumata-travertin-Mini-Block-Vein-Cut-cream-proche-de-perols-34-150x150.jpg\" data-width=\"150\" data-height=\"150\" aria-label=\"\" role=\"img\" ><\/div>\n\t\t\t\t\t\t\t\t\t\t\t<div class=\"elementor-gallery-item__overlay\"><\/div>\n\t\t\t\t\t\t\t\t\t\t\t\t\t\t<\/a>\n\t\t\t\t\t<\/div>\n\t\t\t\t\t<\/div>\n\t\t\t\t<\/div>\n\t\t\t\t<div class=\"elementor-element elementor-element-23e0b16 elementor-widget elementor-widget-text-editor\" data-id=\"23e0b16\" data-element_type=\"widget\" data-e-type=\"widget\" data-widget_type=\"text-editor.default\">\n\t\t\t\t<div class=\"elementor-widget-container\">\n\t\t\t\t\t\t\t\t\t<p>La merveilleuse collection de\u00a0carrelage 1er choix\u00a0<b>BRUMATA TRAVERTIN\u00a0<\/b>est con\u00e7u pour une\u00a0<b>pose au sol et pose murale en int\u00e9rieur et ext\u00e9rieur.<\/b><\/p><p>Ce gr\u00e8s c\u00e9rame de qualit\u00e9 pour int\u00e9rieur et ext\u00e9rieur, propose\u00a0<b>4\u00a0coloris<\/b>\u00a0\u00a0<b>effet pierre naturelle Travertin<\/b>\u00a0: beige, blanc, gris et marron.<\/p><p>Un carrelage propos\u00e9 dans\u00a0<b>4 styles<\/b>\u00a0pour une cr\u00e9ation originale dans votre projets d\u2019am\u00e9nagement :\u00a0<b>Vein Cut (esprit Travertin),\u00a0Minimal (esprit pierre),\u00a0\u00a0Ancient (tr\u00e8s nuanc\u00e9) et\u00a0\u00a0Ruled (stri\u00e9).<\/b><\/p><p>Le<b>s nombreux formats<\/b>,\u00a0<b>mosa\u00efques<\/b> et<b> d\u00e9cors brick<\/b> offrent de multiples possibilit\u00e9s. Disponible \u00e9galement en <b>Opus bords non rectifi\u00e9s<\/b> et <b>dalles 2 cm antid\u00e9rapantes<\/b>.<\/p>\t\t\t\t\t\t\t\t<\/div>\n\t\t\t\t<\/div>\n\t\t\t\t<div class=\"elementor-element elementor-element-e314520 elementor-mobile-align-center elementor-align-left elementor-widget elementor-widget-button\" data-id=\"e314520\" data-element_type=\"widget\" data-e-type=\"widget\" data-widget_type=\"button.default\">\n\t\t\t\t<div class=\"elementor-widget-container\">\n\t\t\t\t\t\t\t\t\t<div class=\"elementor-button-wrapper\">\n\t\t\t\t\t<a class=\"elementor-button elementor-button-link elementor-size-sm\" href=\"https:\/\/www.portovenere.fr\/fr-fr\/carrelage-sol-et-mur-en-gres-cerame-et-faience\/carrelage-aspect-pierre\/carrelage-imitation-travertin-interieur-exterieur-brumata-travertin\/\">\n\t\t\t\t\t\t<span class=\"elementor-button-content-wrapper\">\n\t\t\t\t\t\t\t\t\t<span class=\"elementor-button-text\">Voir la collection<\/span>\n\t\t\t\t\t<\/span>\n\t\t\t\t\t<\/a>\n\t\t\t\t<\/div>\n\t\t\t\t\t\t\t\t<\/div>\n\t\t\t\t<\/div>\n\t\t\t\t\t<\/div>\n\t\t<\/div>\n\t\t\t\t\t<\/div>\n\t\t<\/section>\n\t\t\t\t<section class=\"elementor-section elementor-top-section elementor-element elementor-element-bd39891 elementor-section-full_width elementor-section-height-default elementor-section-height-default elementor-invisible\" data-id=\"bd39891\" data-element_type=\"section\" data-e-type=\"section\" data-settings=\"{&quot;background_background&quot;:&quot;classic&quot;,&quot;animation&quot;:&quot;fadeIn&quot;}\">\n\t\t\t\t\t\t<div class=\"elementor-container elementor-column-gap-default\">\n\t\t\t\t\t<div class=\"elementor-column elementor-col-33 elementor-top-column elementor-element elementor-element-2640f013\" data-id=\"2640f013\" data-element_type=\"column\" data-e-type=\"column\" data-settings=\"{&quot;background_background&quot;:&quot;classic&quot;}\">\n\t\t\t<div class=\"elementor-widget-wrap elementor-element-populated\">\n\t\t\t\t\t\t<div class=\"elementor-element elementor-element-662e45f9 elementor-widget elementor-widget-image\" data-id=\"662e45f9\" data-element_type=\"widget\" data-e-type=\"widget\" data-widget_type=\"image.default\">\n\t\t\t\t<div class=\"elementor-widget-container\">\n\t\t\t\t\t\t\t\t\t\t\t\t\t\t\t\t<a href=\"https:\/\/www.portovenere.fr\/fr-fr\/carrelage-sol-et-mur-en-gres-cerame-et-faience\/carrelage-aspect-pierre\/carrelage-exterieur-et-interieur-effet-pierre-aldapietra\/\">\n\t\t\t\t\t\t\t<img decoding=\"async\" src=\"https:\/\/www.portovenere.fr\/fr-fr\/wp-content\/uploads\/elementor\/thumbs\/Carrelage-terrasse-piscine-effet-pierre-naturelle-ALDAPIETRA-Trani-60x90-cm-en-dalles-exterieures-antiderapantes-20-mm-magasin-Porto_Venere_pres-de-Saint-Aunes-34-revvcnzxlniqm1hq3gzmt57vrkrpw9ollhpynvncd8.jpg\" title=\"Carrelage-terrasse-piscine-effet-pierre-naturelle-ALDAPIETRA-Trani-60&#215;90-cm-en-dalles-ext\u00e9rieures-antid\u00e9rapantes-20-mm-magasin-Porto_Venere_pr\u00e8s-de-Saint-Aun\u00e8s-34\" alt=\"Carrelage terrasse et tour de piscine aspect pierre naturelle claire Aldapietra Trani magasin Porto venere \u00e0 Montpellier Occitanie\" loading=\"lazy\" \/>\t\t\t\t\t\t\t\t<\/a>\n\t\t\t\t\t\t\t\t\t\t\t\t\t\t\t<\/div>\n\t\t\t\t<\/div>\n\t\t\t\t<div class=\"elementor-element elementor-element-458ccad8 elementor-widget elementor-widget-heading\" data-id=\"458ccad8\" data-element_type=\"widget\" data-e-type=\"widget\" data-widget_type=\"heading.default\">\n\t\t\t\t<div class=\"elementor-widget-container\">\n\t\t\t\t\t<h3 class=\"elementor-heading-title elementor-size-default\"><a href=\"https:\/\/www.portovenere.fr\/fr-fr\/carrelage-sol-et-mur-en-gres-cerame-et-faience\/carrelage-aspect-pierre\/carrelage-exterieur-et-interieur-effet-pierre-aldapietra\/\">ALDAPIETRA | 3 coloris<\/a><\/h3>\t\t\t\t<\/div>\n\t\t\t\t<\/div>\n\t\t\t\t<div class=\"elementor-element elementor-element-61d71c36 elementor-widget__width-initial elementor-widget elementor-widget-gallery\" data-id=\"61d71c36\" data-element_type=\"widget\" data-e-type=\"widget\" data-settings=\"{&quot;gap&quot;:{&quot;unit&quot;:&quot;px&quot;,&quot;size&quot;:3,&quot;sizes&quot;:[]},&quot;columns_mobile&quot;:3,&quot;gap_mobile&quot;:{&quot;unit&quot;:&quot;px&quot;,&quot;size&quot;:6,&quot;sizes&quot;:[]},&quot;columns&quot;:5,&quot;columns_tablet&quot;:3,&quot;gap_tablet&quot;:{&quot;unit&quot;:&quot;px&quot;,&quot;size&quot;:5,&quot;sizes&quot;:[]},&quot;lazyload&quot;:&quot;yes&quot;,&quot;gallery_layout&quot;:&quot;grid&quot;,&quot;link_to&quot;:&quot;file&quot;,&quot;aspect_ratio&quot;:&quot;3:2&quot;,&quot;overlay_background&quot;:&quot;yes&quot;,&quot;content_hover_animation&quot;:&quot;fade-in&quot;}\" data-widget_type=\"gallery.default\">\n\t\t\t\t<div class=\"elementor-widget-container\">\n\t\t\t\t\t\t\t<div class=\"elementor-gallery__container\">\n\t\t\t\t\t\t\t<a class=\"e-gallery-item elementor-gallery-item elementor-animated-content\" href=\"https:\/\/www.portovenere.fr\/fr-fr\/wp-content\/uploads\/2025\/11\/Carrelage-effet-pierre-naturelle-exterieur-interieur-pour-sols-et-murs-ALDAPIETRA-Trani-magasin-Porto_Venere_pres-de-Saint-Jean-de-vedas-34.jpg\" data-elementor-open-lightbox=\"yes\" data-elementor-lightbox-slideshow=\"61d71c36\" data-elementor-lightbox-title=\"Carrelage-effet-pierre-naturelle-ext\u00e9rieur-int\u00e9rieur-pour-sols-et-murs-ALDAPIETRA-Trani-magasin-Porto_Venere_pr\u00e8s-de-Saint-Jean-de-v\u00e9das-34\" data-e-action-hash=\"#elementor-action%3Aaction%3Dlightbox%26settings%3DeyJpZCI6NjcyOTIsInVybCI6Imh0dHBzOlwvXC93d3cucG9ydG92ZW5lcmUuZnJcL2ZyLWZyXC93cC1jb250ZW50XC91cGxvYWRzXC8yMDI1XC8xMVwvQ2FycmVsYWdlLWVmZmV0LXBpZXJyZS1uYXR1cmVsbGUtZXh0ZXJpZXVyLWludGVyaWV1ci1wb3VyLXNvbHMtZXQtbXVycy1BTERBUElFVFJBLVRyYW5pLW1hZ2FzaW4tUG9ydG9fVmVuZXJlX3ByZXMtZGUtU2FpbnQtSmVhbi1kZS12ZWRhcy0zNC5qcGciLCJzbGlkZXNob3ciOiI2MWQ3MWMzNiJ9\">\n\t\t\t\t\t<div class=\"e-gallery-image elementor-gallery-item__image\" data-thumbnail=\"https:\/\/www.portovenere.fr\/fr-fr\/wp-content\/uploads\/2025\/11\/Carrelage-effet-pierre-naturelle-exterieur-interieur-pour-sols-et-murs-ALDAPIETRA-Trani-magasin-Porto_Venere_pres-de-Saint-Jean-de-vedas-34-150x150.jpg\" data-width=\"150\" data-height=\"150\" aria-label=\"\" role=\"img\" ><\/div>\n\t\t\t\t\t\t\t\t\t\t\t<div class=\"elementor-gallery-item__overlay\"><\/div>\n\t\t\t\t\t\t\t\t\t\t\t\t\t\t<\/a>\n\t\t\t\t\t\t\t<a class=\"e-gallery-item elementor-gallery-item elementor-animated-content\" href=\"https:\/\/www.portovenere.fr\/fr-fr\/wp-content\/uploads\/2025\/11\/Carrelage-effet-pierre-naturelle-exterieur-interieur-pour-sols-et-murs-ALDAPIETRA-Apulia-magasin-Porto_Venere_pres-de-Marseillan-34.jpg\" data-elementor-open-lightbox=\"yes\" data-elementor-lightbox-slideshow=\"61d71c36\" data-elementor-lightbox-title=\"Carrelage-effet-pierre-naturelle-ext\u00e9rieur-int\u00e9rieur-pour-sols-et-murs-ALDAPIETRA-Apulia-magasin-Porto_Venere_pr\u00e8s-de-Marseillan-34\" data-e-action-hash=\"#elementor-action%3Aaction%3Dlightbox%26settings%3DeyJpZCI6NjcyOTAsInVybCI6Imh0dHBzOlwvXC93d3cucG9ydG92ZW5lcmUuZnJcL2ZyLWZyXC93cC1jb250ZW50XC91cGxvYWRzXC8yMDI1XC8xMVwvQ2FycmVsYWdlLWVmZmV0LXBpZXJyZS1uYXR1cmVsbGUtZXh0ZXJpZXVyLWludGVyaWV1ci1wb3VyLXNvbHMtZXQtbXVycy1BTERBUElFVFJBLUFwdWxpYS1tYWdhc2luLVBvcnRvX1ZlbmVyZV9wcmVzLWRlLU1hcnNlaWxsYW4tMzQuanBnIiwic2xpZGVzaG93IjoiNjFkNzFjMzYifQ%3D%3D\">\n\t\t\t\t\t<div class=\"e-gallery-image elementor-gallery-item__image\" data-thumbnail=\"https:\/\/www.portovenere.fr\/fr-fr\/wp-content\/uploads\/2025\/11\/Carrelage-effet-pierre-naturelle-exterieur-interieur-pour-sols-et-murs-ALDAPIETRA-Apulia-magasin-Porto_Venere_pres-de-Marseillan-34-150x150.jpg\" data-width=\"150\" data-height=\"150\" aria-label=\"Carrelage terrasse et sols et murs int\u00e9rieurs aspect pierre naturelle claire Aldapietra Trani magasin Porto venere \u00e0 Montpellier Occitanie\" role=\"img\" ><\/div>\n\t\t\t\t\t\t\t\t\t\t\t<div class=\"elementor-gallery-item__overlay\"><\/div>\n\t\t\t\t\t\t\t\t\t\t\t\t\t\t<\/a>\n\t\t\t\t\t\t\t<a class=\"e-gallery-item elementor-gallery-item elementor-animated-content\" href=\"https:\/\/www.portovenere.fr\/fr-fr\/wp-content\/uploads\/2025\/11\/Carrelage-effet-pierre-naturelle-exterieur-interieur-pour-sols-et-murs-ALDAPIETRA-Chianca-magasin-Porto_Venere_pres-de-Saint-Clement-de-Riviere-34.jpg\" data-elementor-open-lightbox=\"yes\" data-elementor-lightbox-slideshow=\"61d71c36\" data-elementor-lightbox-title=\"Carrelage-effet-pierre-naturelle-ext\u00e9rieur-int\u00e9rieur-pour-sols-et-murs-ALDAPIETRA-Chianca-magasin-Porto_Venere_pr\u00e8s-de-Saint-Clement-de-Rivi\u00e8re-34\" data-e-action-hash=\"#elementor-action%3Aaction%3Dlightbox%26settings%3DeyJpZCI6NjcyOTEsInVybCI6Imh0dHBzOlwvXC93d3cucG9ydG92ZW5lcmUuZnJcL2ZyLWZyXC93cC1jb250ZW50XC91cGxvYWRzXC8yMDI1XC8xMVwvQ2FycmVsYWdlLWVmZmV0LXBpZXJyZS1uYXR1cmVsbGUtZXh0ZXJpZXVyLWludGVyaWV1ci1wb3VyLXNvbHMtZXQtbXVycy1BTERBUElFVFJBLUNoaWFuY2EtbWFnYXNpbi1Qb3J0b19WZW5lcmVfcHJlcy1kZS1TYWludC1DbGVtZW50LWRlLVJpdmllcmUtMzQuanBnIiwic2xpZGVzaG93IjoiNjFkNzFjMzYifQ%3D%3D\">\n\t\t\t\t\t<div class=\"e-gallery-image elementor-gallery-item__image\" data-thumbnail=\"https:\/\/www.portovenere.fr\/fr-fr\/wp-content\/uploads\/2025\/11\/Carrelage-effet-pierre-naturelle-exterieur-interieur-pour-sols-et-murs-ALDAPIETRA-Chianca-magasin-Porto_Venere_pres-de-Saint-Clement-de-Riviere-34-150x150.jpg\" data-width=\"150\" data-height=\"150\" aria-label=\"Carrelage terrasse et sols et murs int\u00e9rieurs aspect pierre naturelle claire Aldapietra Trani magasin Porto venere \u00e0 Montpellier Occitanie\" role=\"img\" ><\/div>\n\t\t\t\t\t\t\t\t\t\t\t<div class=\"elementor-gallery-item__overlay\"><\/div>\n\t\t\t\t\t\t\t\t\t\t\t\t\t\t<\/a>\n\t\t\t\t\t<\/div>\n\t\t\t\t\t<\/div>\n\t\t\t\t<\/div>\n\t\t\t\t<div class=\"elementor-element elementor-element-33d19c57 elementor-widget elementor-widget-text-editor\" data-id=\"33d19c57\" data-element_type=\"widget\" data-e-type=\"widget\" data-widget_type=\"text-editor.default\">\n\t\t\t\t<div class=\"elementor-widget-container\">\n\t\t\t\t\t\t\t\t\t<p>La collection <strong>ALDAPIETRA<\/strong> de Portovenere r\u00e9invente la pierre des Pouilles pour vos am\u00e9nagements <b>int\u00e9rieurs et ext\u00e9rieurs<\/b>.\u00a0<\/p><p>Ses surfaces <b>naturelles non rectifi\u00e9es<\/b> offrent un rendu authentique, d\u00e9clin\u00e9 en<b> trois coloris<\/b> : <strong>Trani<\/strong>, <strong>Chianca<\/strong> et <strong>Apulia pour <\/strong><b>sols et murs.<\/b><\/p><p>Disponible en<b> formats 20&#215;20, 20&#215;40, 40&#215;40, 40&#215;60.8, 60.8&#215;60.8 et 60.8&#215;90 cm<\/b>, ALDAPIETRA propose des<b> finitions naturelle, lappato et antid\u00e9rapante<\/b>, y compris en<b> dalles 20 mm pour l\u2019ext\u00e9rieur.<\/b>\u00a0<\/p><p>Cette collection permet une<b> pose traditionnelle ou en opus<\/b>, id\u00e9ale pour cr\u00e9er une continuit\u00e9 \u00e9l\u00e9gante et durable entre l\u2019int\u00e9rieur et la terrasse.<\/p>\t\t\t\t\t\t\t\t<\/div>\n\t\t\t\t<\/div>\n\t\t\t\t<div class=\"elementor-element elementor-element-4dfd0c52 elementor-mobile-align-center elementor-widget elementor-widget-button\" data-id=\"4dfd0c52\" data-element_type=\"widget\" data-e-type=\"widget\" data-widget_type=\"button.default\">\n\t\t\t\t<div class=\"elementor-widget-container\">\n\t\t\t\t\t\t\t\t\t<div class=\"elementor-button-wrapper\">\n\t\t\t\t\t<a class=\"elementor-button elementor-button-link elementor-size-sm\" href=\"https:\/\/www.portovenere.fr\/fr-fr\/carrelage-sol-et-mur-en-gres-cerame-et-faience\/carrelage-aspect-pierre\/carrelage-exterieur-et-interieur-effet-pierre-aldapietra\/\">\n\t\t\t\t\t\t<span class=\"elementor-button-content-wrapper\">\n\t\t\t\t\t\t\t\t\t<span class=\"elementor-button-text\">VOIR LA COLLECTION<\/span>\n\t\t\t\t\t<\/span>\n\t\t\t\t\t<\/a>\n\t\t\t\t<\/div>\n\t\t\t\t\t\t\t\t<\/div>\n\t\t\t\t<\/div>\n\t\t\t\t\t<\/div>\n\t\t<\/div>\n\t\t\t\t<div class=\"elementor-column elementor-col-33 elementor-top-column elementor-element elementor-element-ddfccea elementor-invisible\" data-id=\"ddfccea\" data-element_type=\"column\" data-e-type=\"column\" data-settings=\"{&quot;animation&quot;:&quot;fadeIn&quot;,&quot;background_background&quot;:&quot;classic&quot;}\">\n\t\t\t<div class=\"elementor-widget-wrap elementor-element-populated\">\n\t\t\t\t\t\t<section class=\"elementor-section elementor-inner-section elementor-element elementor-element-4a4769 elementor-section-boxed elementor-section-height-default elementor-section-height-default elementor-invisible\" data-id=\"4a4769\" data-element_type=\"section\" data-e-type=\"section\" data-settings=\"{&quot;background_background&quot;:&quot;classic&quot;,&quot;animation&quot;:&quot;fadeIn&quot;}\">\n\t\t\t\t\t\t<div class=\"elementor-container elementor-column-gap-default\">\n\t\t\t\t\t<div class=\"elementor-column elementor-col-100 elementor-inner-column elementor-element elementor-element-a05a23c\" data-id=\"a05a23c\" data-element_type=\"column\" data-e-type=\"column\">\n\t\t\t<div class=\"elementor-widget-wrap elementor-element-populated\">\n\t\t\t\t\t\t<div class=\"elementor-element elementor-element-388d93f9 elementor-widget elementor-widget-image\" data-id=\"388d93f9\" data-element_type=\"widget\" data-e-type=\"widget\" data-widget_type=\"image.default\">\n\t\t\t\t<div class=\"elementor-widget-container\">\n\t\t\t\t\t\t\t\t\t\t\t\t\t\t\t\t<a href=\"https:\/\/www.portovenere.fr\/fr-fr\/carrelage-sol-et-mur-en-gres-cerame-et-faience\/carrelage-mural-et-sol-effet-brique\/carrelage-grizz-effet-granit-marbre-et-chrome-au-design-brutaliste-contemporain\/\">\n\t\t\t\t\t\t\t<img decoding=\"async\" width=\"768\" height=\"349\" src=\"https:\/\/www.portovenere.fr\/fr-fr\/wp-content\/uploads\/2025\/10\/Carrelage-effet-granit-gris-et-marbre-vert-au-design-brutaliste-contemporain-GRIZZ-magasin-Porto_Venere_Montpellier-pres-de-Baillargues-34-768x349.jpg\" class=\"attachment-medium_large size-medium_large wp-image-66210\" alt=\"Carrelage effet granit et marbre au design brutaliste contemporain GRIZZ chez Porto Venere \u00e0 Montpellier\" srcset=\"https:\/\/www.portovenere.fr\/fr-fr\/wp-content\/uploads\/2025\/10\/Carrelage-effet-granit-gris-et-marbre-vert-au-design-brutaliste-contemporain-GRIZZ-magasin-Porto_Venere_Montpellier-pres-de-Baillargues-34-768x349.jpg 768w, https:\/\/www.portovenere.fr\/fr-fr\/wp-content\/uploads\/2025\/10\/Carrelage-effet-granit-gris-et-marbre-vert-au-design-brutaliste-contemporain-GRIZZ-magasin-Porto_Venere_Montpellier-pres-de-Baillargues-34-300x136.jpg 300w, https:\/\/www.portovenere.fr\/fr-fr\/wp-content\/uploads\/2025\/10\/Carrelage-effet-granit-gris-et-marbre-vert-au-design-brutaliste-contemporain-GRIZZ-magasin-Porto_Venere_Montpellier-pres-de-Baillargues-34-1024x465.jpg 1024w, https:\/\/www.portovenere.fr\/fr-fr\/wp-content\/uploads\/2025\/10\/Carrelage-effet-granit-gris-et-marbre-vert-au-design-brutaliste-contemporain-GRIZZ-magasin-Porto_Venere_Montpellier-pres-de-Baillargues-34-1536x698.jpg 1536w, https:\/\/www.portovenere.fr\/fr-fr\/wp-content\/uploads\/2025\/10\/Carrelage-effet-granit-gris-et-marbre-vert-au-design-brutaliste-contemporain-GRIZZ-magasin-Porto_Venere_Montpellier-pres-de-Baillargues-34.jpg 1760w\" sizes=\"(max-width: 768px) 100vw, 768px\" \/>\t\t\t\t\t\t\t\t<\/a>\n\t\t\t\t\t\t\t\t\t\t\t\t\t\t\t<\/div>\n\t\t\t\t<\/div>\n\t\t\t\t<div class=\"elementor-element elementor-element-487dd23e elementor-widget elementor-widget-heading\" data-id=\"487dd23e\" data-element_type=\"widget\" data-e-type=\"widget\" data-widget_type=\"heading.default\">\n\t\t\t\t<div class=\"elementor-widget-container\">\n\t\t\t\t\t<h3 class=\"elementor-heading-title elementor-size-default\"><a href=\"https:\/\/www.portovenere.fr\/fr-fr\/carrelage-sol-et-mur-en-gres-cerame-et-faience\/carrelage-mural-et-sol-effet-brique\/carrelage-grizz-effet-granit-marbre-et-chrome-au-design-brutaliste-contemporain\/\">GRIZZ | 3 aspects &amp; styles<\/a><\/h3>\t\t\t\t<\/div>\n\t\t\t\t<\/div>\n\t\t\t\t<div class=\"elementor-element elementor-element-7c9b25db elementor-widget__width-initial elementor-widget elementor-widget-gallery\" data-id=\"7c9b25db\" data-element_type=\"widget\" data-e-type=\"widget\" data-settings=\"{&quot;gap&quot;:{&quot;unit&quot;:&quot;px&quot;,&quot;size&quot;:3,&quot;sizes&quot;:[]},&quot;columns_mobile&quot;:3,&quot;gap_mobile&quot;:{&quot;unit&quot;:&quot;px&quot;,&quot;size&quot;:6,&quot;sizes&quot;:[]},&quot;columns&quot;:5,&quot;columns_tablet&quot;:3,&quot;gap_tablet&quot;:{&quot;unit&quot;:&quot;px&quot;,&quot;size&quot;:5,&quot;sizes&quot;:[]},&quot;lazyload&quot;:&quot;yes&quot;,&quot;gallery_layout&quot;:&quot;grid&quot;,&quot;link_to&quot;:&quot;file&quot;,&quot;aspect_ratio&quot;:&quot;3:2&quot;,&quot;overlay_background&quot;:&quot;yes&quot;,&quot;content_hover_animation&quot;:&quot;fade-in&quot;}\" data-widget_type=\"gallery.default\">\n\t\t\t\t<div class=\"elementor-widget-container\">\n\t\t\t\t\t\t\t<div class=\"elementor-gallery__container\">\n\t\t\t\t\t\t\t<a class=\"e-gallery-item elementor-gallery-item elementor-animated-content\" href=\"https:\/\/www.portovenere.fr\/fr-fr\/wp-content\/uploads\/2025\/10\/Carrelage-mural-bicolore-vert-et-blanc-gris-chine-style-marbre-et-pierre-GRIZZ-mosaique-Stripes-30x30-cm-effet-brique-Magasin-a-Montpellier.jpg\" data-elementor-open-lightbox=\"yes\" data-elementor-lightbox-slideshow=\"7c9b25db\" data-elementor-lightbox-title=\"Carrelage-mural-bicolore-vert-et-blanc-gris-chin\u00e9-style-marbre-et-pierre-GRIZZ-mosaique-Stripes-30x30-cm-effet-brique-Magasin-\u00e0-Montpellier\" data-e-action-hash=\"#elementor-action%3Aaction%3Dlightbox%26settings%3DeyJpZCI6NjYxNDEsInVybCI6Imh0dHBzOlwvXC93d3cucG9ydG92ZW5lcmUuZnJcL2ZyLWZyXC93cC1jb250ZW50XC91cGxvYWRzXC8yMDI1XC8xMFwvQ2FycmVsYWdlLW11cmFsLWJpY29sb3JlLXZlcnQtZXQtYmxhbmMtZ3Jpcy1jaGluZS1zdHlsZS1tYXJicmUtZXQtcGllcnJlLUdSSVpaLW1vc2FpcXVlLVN0cmlwZXMtMzB4MzAtY20tZWZmZXQtYnJpcXVlLU1hZ2FzaW4tYS1Nb250cGVsbGllci5qcGciLCJzbGlkZXNob3ciOiI3YzliMjVkYiJ9\">\n\t\t\t\t\t<div class=\"e-gallery-image elementor-gallery-item__image\" data-thumbnail=\"https:\/\/www.portovenere.fr\/fr-fr\/wp-content\/uploads\/2025\/10\/Carrelage-mural-bicolore-vert-et-blanc-gris-chine-style-marbre-et-pierre-GRIZZ-mosaique-Stripes-30x30-cm-effet-brique-Magasin-a-Montpellier-150x150.jpg\" data-width=\"150\" data-height=\"150\" aria-label=\"Cr\u00e9dence murale style rganit et marbre vert en alternance format briquette Magasin Porto Venere \u00e0 Montpellier dans l&#039;H\u00e9rault\" role=\"img\" ><\/div>\n\t\t\t\t\t\t\t\t\t\t\t<div class=\"elementor-gallery-item__overlay\"><\/div>\n\t\t\t\t\t\t\t\t\t\t\t\t\t\t<\/a>\n\t\t\t\t\t\t\t<a class=\"e-gallery-item elementor-gallery-item elementor-animated-content\" href=\"https:\/\/www.portovenere.fr\/fr-fr\/wp-content\/uploads\/2025\/10\/Carrelage-mural-effet-chrome-format-brique-5x25-cm-GRIZZ-Cromo-brillant-magasin-carreaux-decor-originaux-pour-professionnels-et-particuliers-dans-lHerault-34.jpg\" data-elementor-open-lightbox=\"yes\" data-elementor-lightbox-slideshow=\"7c9b25db\" data-elementor-lightbox-title=\"Carrelage-mural-effet-chrome-format-brique-5x25-cm-GRIZZ-Cromo-brillant-magasin-carreaux-d\u00e9cor-originaux-pour-professionnels-et-particuliers-dans-l&#039;H\u00e9rault-34\" data-e-action-hash=\"#elementor-action%3Aaction%3Dlightbox%26settings%3DeyJpZCI6NjYxNDIsInVybCI6Imh0dHBzOlwvXC93d3cucG9ydG92ZW5lcmUuZnJcL2ZyLWZyXC93cC1jb250ZW50XC91cGxvYWRzXC8yMDI1XC8xMFwvQ2FycmVsYWdlLW11cmFsLWVmZmV0LWNocm9tZS1mb3JtYXQtYnJpcXVlLTV4MjUtY20tR1JJWlotQ3JvbW8tYnJpbGxhbnQtbWFnYXNpbi1jYXJyZWF1eC1kZWNvci1vcmlnaW5hdXgtcG91ci1wcm9mZXNzaW9ubmVscy1ldC1wYXJ0aWN1bGllcnMtZGFucy1sSGVyYXVsdC0zNC5qcGciLCJzbGlkZXNob3ciOiI3YzliMjVkYiJ9\">\n\t\t\t\t\t<div class=\"e-gallery-image elementor-gallery-item__image\" data-thumbnail=\"https:\/\/www.portovenere.fr\/fr-fr\/wp-content\/uploads\/2025\/10\/Carrelage-mural-effet-chrome-format-brique-5x25-cm-GRIZZ-Cromo-brillant-magasin-carreaux-decor-originaux-pour-professionnels-et-particuliers-dans-lHerault-34-150x150.jpg\" data-width=\"150\" data-height=\"150\" aria-label=\"Carrelage mural effet chrom\u00e9 brillant reflet\" role=\"img\" ><\/div>\n\t\t\t\t\t\t\t\t\t\t\t<div class=\"elementor-gallery-item__overlay\"><\/div>\n\t\t\t\t\t\t\t\t\t\t\t\t\t\t<\/a>\n\t\t\t\t\t\t\t<a class=\"e-gallery-item elementor-gallery-item elementor-animated-content\" href=\"https:\/\/www.portovenere.fr\/fr-fr\/wp-content\/uploads\/2025\/10\/Carrelage-effet-granit-gris-blanc-casse-au-design-brutaliste-contemporain-GRIZZ-Lisse-magasin-Porto_Venere_Montpellier-pres-de-Clapiers-34.jpg\" data-elementor-open-lightbox=\"yes\" data-elementor-lightbox-slideshow=\"7c9b25db\" data-elementor-lightbox-title=\"Carrelage-effet-granit-gris-blanc-cass\u00e9-au-design-brutaliste-contemporain-GRIZZ-Lisse-magasin-Porto_Venere_Montpellier-pr\u00e8s-de-Clapiers-34\" data-e-action-hash=\"#elementor-action%3Aaction%3Dlightbox%26settings%3DeyJpZCI6NjYxNjMsInVybCI6Imh0dHBzOlwvXC93d3cucG9ydG92ZW5lcmUuZnJcL2ZyLWZyXC93cC1jb250ZW50XC91cGxvYWRzXC8yMDI1XC8xMFwvQ2FycmVsYWdlLWVmZmV0LWdyYW5pdC1ncmlzLWJsYW5jLWNhc3NlLWF1LWRlc2lnbi1icnV0YWxpc3RlLWNvbnRlbXBvcmFpbi1HUklaWi1MaXNzZS1tYWdhc2luLVBvcnRvX1ZlbmVyZV9Nb250cGVsbGllci1wcmVzLWRlLUNsYXBpZXJzLTM0LmpwZyIsInNsaWRlc2hvdyI6IjdjOWIyNWRiIn0%3D\">\n\t\t\t\t\t<div class=\"e-gallery-image elementor-gallery-item__image\" data-thumbnail=\"https:\/\/www.portovenere.fr\/fr-fr\/wp-content\/uploads\/2025\/10\/Carrelage-effet-granit-gris-blanc-casse-au-design-brutaliste-contemporain-GRIZZ-Lisse-magasin-Porto_Venere_Montpellier-pres-de-Clapiers-34-150x150.jpg\" data-width=\"150\" data-height=\"150\" aria-label=\"\" role=\"img\" ><\/div>\n\t\t\t\t\t\t\t\t\t\t\t<div class=\"elementor-gallery-item__overlay\"><\/div>\n\t\t\t\t\t\t\t\t\t\t\t\t\t\t<\/a>\n\t\t\t\t\t\t\t<a class=\"e-gallery-item elementor-gallery-item elementor-animated-content\" href=\"https:\/\/www.portovenere.fr\/fr-fr\/wp-content\/uploads\/2025\/10\/Carrelage-effet-granit-gris-blanc-casse-au-design-brutaliste-contemporain-GRIZZ-Rugged-magasin-Porto_Venere_Montpellier-pres-de-Mauguio-34.jpg\" data-elementor-open-lightbox=\"yes\" data-elementor-lightbox-slideshow=\"7c9b25db\" data-elementor-lightbox-title=\"Carrelage-effet-granit-gris-blanc-cass\u00e9-au-design-brutaliste-contemporain-GRIZZ-Rugged-magasin-Porto_Venere_Montpellier-pr\u00e8s-de-Mauguio-34\" data-e-action-hash=\"#elementor-action%3Aaction%3Dlightbox%26settings%3DeyJpZCI6NjYxNjQsInVybCI6Imh0dHBzOlwvXC93d3cucG9ydG92ZW5lcmUuZnJcL2ZyLWZyXC93cC1jb250ZW50XC91cGxvYWRzXC8yMDI1XC8xMFwvQ2FycmVsYWdlLWVmZmV0LWdyYW5pdC1ncmlzLWJsYW5jLWNhc3NlLWF1LWRlc2lnbi1icnV0YWxpc3RlLWNvbnRlbXBvcmFpbi1HUklaWi1SdWdnZWQtbWFnYXNpbi1Qb3J0b19WZW5lcmVfTW9udHBlbGxpZXItcHJlcy1kZS1NYXVndWlvLTM0LmpwZyIsInNsaWRlc2hvdyI6IjdjOWIyNWRiIn0%3D\">\n\t\t\t\t\t<div class=\"e-gallery-image elementor-gallery-item__image\" data-thumbnail=\"https:\/\/www.portovenere.fr\/fr-fr\/wp-content\/uploads\/2025\/10\/Carrelage-effet-granit-gris-blanc-casse-au-design-brutaliste-contemporain-GRIZZ-Rugged-magasin-Porto_Venere_Montpellier-pres-de-Mauguio-34-150x150.jpg\" data-width=\"150\" data-height=\"150\" aria-label=\"\" role=\"img\" ><\/div>\n\t\t\t\t\t\t\t\t\t\t\t<div class=\"elementor-gallery-item__overlay\"><\/div>\n\t\t\t\t\t\t\t\t\t\t\t\t\t\t<\/a>\n\t\t\t\t\t\t\t<a class=\"e-gallery-item elementor-gallery-item elementor-animated-content\" href=\"https:\/\/www.portovenere.fr\/fr-fr\/wp-content\/uploads\/2025\/10\/Carrelage-effet-marbre-vert-Guatemala-au-design-brutaliste-contemporain-GRIZZ-60x120-cm-magasin-Porto_Venere_Montpellier-pres-de-Sete-34.jpg\" data-elementor-open-lightbox=\"yes\" data-elementor-lightbox-slideshow=\"7c9b25db\" data-elementor-lightbox-title=\"Carrelage-effet-marbre-vert-Guatemala-au-design-brutaliste-contemporain-GRIZZ-60x120-cm-magasin-Porto_Venere_Montpellier-pr\u00e8s-de-S\u00e8te-34\" data-e-action-hash=\"#elementor-action%3Aaction%3Dlightbox%26settings%3DeyJpZCI6NjYxNjUsInVybCI6Imh0dHBzOlwvXC93d3cucG9ydG92ZW5lcmUuZnJcL2ZyLWZyXC93cC1jb250ZW50XC91cGxvYWRzXC8yMDI1XC8xMFwvQ2FycmVsYWdlLWVmZmV0LW1hcmJyZS12ZXJ0LUd1YXRlbWFsYS1hdS1kZXNpZ24tYnJ1dGFsaXN0ZS1jb250ZW1wb3JhaW4tR1JJWlotNjB4MTIwLWNtLW1hZ2FzaW4tUG9ydG9fVmVuZXJlX01vbnRwZWxsaWVyLXByZXMtZGUtU2V0ZS0zNC5qcGciLCJzbGlkZXNob3ciOiI3YzliMjVkYiJ9\">\n\t\t\t\t\t<div class=\"e-gallery-image elementor-gallery-item__image\" data-thumbnail=\"https:\/\/www.portovenere.fr\/fr-fr\/wp-content\/uploads\/2025\/10\/Carrelage-effet-marbre-vert-Guatemala-au-design-brutaliste-contemporain-GRIZZ-60x120-cm-magasin-Porto_Venere_Montpellier-pres-de-Sete-34-150x150.jpg\" data-width=\"150\" data-height=\"150\" aria-label=\"\" role=\"img\" ><\/div>\n\t\t\t\t\t\t\t\t\t\t\t<div class=\"elementor-gallery-item__overlay\"><\/div>\n\t\t\t\t\t\t\t\t\t\t\t\t\t\t<\/a>\n\t\t\t\t\t<\/div>\n\t\t\t\t\t<\/div>\n\t\t\t\t<\/div>\n\t\t\t\t<div class=\"elementor-element elementor-element-43700f7a elementor-widget elementor-widget-text-editor\" data-id=\"43700f7a\" data-element_type=\"widget\" data-e-type=\"widget\" data-widget_type=\"text-editor.default\">\n\t\t\t\t<div class=\"elementor-widget-container\">\n\t\t\t\t\t\t\t\t\t<p><strong data-start=\"1257\" data-end=\"1266\">GRIZZ<\/strong> est une collection de carrelage inspir\u00e9e du brutalisme et de la sophistication sud-am\u00e9ricaine.\u00a0<\/p><p>Elle associe un <strong data-start=\"1378\" data-end=\"1394\">effet granit<\/strong> d\u00e9clin\u00e9 en finitions <strong data-start=\"1416\" data-end=\"1427\">Natural<\/strong> et <strong data-start=\"1431\" data-end=\"1441\">Rugged<\/strong>, un <strong data-start=\"1446\" data-end=\"1466\">marbre Guatemala<\/strong> profond et un <strong data-start=\"1481\" data-end=\"1505\">format argent\u00e9 Cromo<\/strong> aux reflets brillants.\u00a0<\/p><p>Ensemble, ces textures cr\u00e9ent un dialogue saisissant entre <strong data-start=\"1588\" data-end=\"1623\">mati\u00e8re brute et \u00e9clat pr\u00e9cieux<\/strong>, id\u00e9al pour sublimer les int\u00e9rieurs contemporains au style affirm\u00e9.<\/p>\t\t\t\t\t\t\t\t<\/div>\n\t\t\t\t<\/div>\n\t\t\t\t<div class=\"elementor-element elementor-element-3c26813f elementor-mobile-align-center elementor-widget elementor-widget-button\" data-id=\"3c26813f\" data-element_type=\"widget\" data-e-type=\"widget\" data-widget_type=\"button.default\">\n\t\t\t\t<div class=\"elementor-widget-container\">\n\t\t\t\t\t\t\t\t\t<div class=\"elementor-button-wrapper\">\n\t\t\t\t\t<a class=\"elementor-button elementor-button-link elementor-size-sm\" href=\"https:\/\/www.portovenere.fr\/fr-fr\/carrelage-sol-et-mur-en-gres-cerame-et-faience\/carrelage-mural-et-sol-effet-brique\/carrelage-grizz-effet-granit-marbre-et-chrome-au-design-brutaliste-contemporain\/\">\n\t\t\t\t\t\t<span class=\"elementor-button-content-wrapper\">\n\t\t\t\t\t\t\t\t\t<span class=\"elementor-button-text\">Voir la collection<\/span>\n\t\t\t\t\t<\/span>\n\t\t\t\t\t<\/a>\n\t\t\t\t<\/div>\n\t\t\t\t\t\t\t\t<\/div>\n\t\t\t\t<\/div>\n\t\t\t\t\t<\/div>\n\t\t<\/div>\n\t\t\t\t\t<\/div>\n\t\t<\/section>\n\t\t\t\t\t<\/div>\n\t\t<\/div>\n\t\t\t\t<div class=\"elementor-column elementor-col-33 elementor-top-column elementor-element elementor-element-47dc2c0e\" data-id=\"47dc2c0e\" data-element_type=\"column\" data-e-type=\"column\" data-settings=\"{&quot;background_background&quot;:&quot;classic&quot;}\">\n\t\t\t<div class=\"elementor-widget-wrap elementor-element-populated\">\n\t\t\t\t\t\t<div class=\"elementor-element elementor-element-7ce177f2 elementor-widget elementor-widget-image\" data-id=\"7ce177f2\" data-element_type=\"widget\" data-e-type=\"widget\" data-widget_type=\"image.default\">\n\t\t\t\t<div class=\"elementor-widget-container\">\n\t\t\t\t\t\t\t\t\t\t\t\t\t\t\t\t<a href=\"https:\/\/www.portovenere.fr\/fr-fr\/carrelage-sol-et-mur-en-gres-cerame-et-faience\/carrelage-aspect-pierre\/carrelage-clair-en-gres-cerame-ozigua\/\">\n\t\t\t\t\t\t\t<img decoding=\"async\" src=\"https:\/\/www.portovenere.fr\/fr-fr\/wp-content\/uploads\/elementor\/thumbs\/Carrelage-clair-grand-format-effet-pierre-pierre-120x120-cm-OZIGUA-White-pour-pose-murale-ou-au-sol-magasin-Porto-Venere-pres-de-Perols-34-rfk8il667xbdkqj7nb5c3rz5nd24z21gf1gt8reh8g.jpg\" title=\"Carrelage-clair-grand-format-effet-pierre-pierre-120&#215;120-cm-OZIGUA-White-pour-pose-murale-ou-au-sol-magasin-Porto-Venere-pr\u00e8s-de-P\u00e9rols-34\" alt=\"Villa contemporaine avec sols et murs en carrelage gr\u00e8s c\u00e9rame clair de grand format 120x120 cm collection Ozigua - Magasin de carrelages Porto Venere Montpellier proche de Agde 34\" loading=\"lazy\" \/>\t\t\t\t\t\t\t\t<\/a>\n\t\t\t\t\t\t\t\t\t\t\t\t\t\t\t<\/div>\n\t\t\t\t<\/div>\n\t\t\t\t<div class=\"elementor-element elementor-element-5b2243d8 elementor-widget elementor-widget-heading\" data-id=\"5b2243d8\" data-element_type=\"widget\" data-e-type=\"widget\" data-widget_type=\"heading.default\">\n\t\t\t\t<div class=\"elementor-widget-container\">\n\t\t\t\t\t<h3 class=\"elementor-heading-title elementor-size-default\"><a href=\"https:\/\/www.portovenere.fr\/fr-fr\/carrelage-sol-et-mur-en-gres-cerame-et-faience\/carrelage-aspect-pierre\/carrelage-clair-en-gres-cerame-ozigua\/\">OZIGUA | 4 coloris<\/a><\/h3>\t\t\t\t<\/div>\n\t\t\t\t<\/div>\n\t\t\t\t<div class=\"elementor-element elementor-element-5c475da5 elementor-widget__width-initial elementor-widget elementor-widget-gallery\" data-id=\"5c475da5\" data-element_type=\"widget\" data-e-type=\"widget\" data-settings=\"{&quot;gap&quot;:{&quot;unit&quot;:&quot;px&quot;,&quot;size&quot;:3,&quot;sizes&quot;:[]},&quot;columns_mobile&quot;:3,&quot;gap_mobile&quot;:{&quot;unit&quot;:&quot;px&quot;,&quot;size&quot;:6,&quot;sizes&quot;:[]},&quot;columns&quot;:5,&quot;columns_tablet&quot;:5,&quot;gap_tablet&quot;:{&quot;unit&quot;:&quot;px&quot;,&quot;size&quot;:5,&quot;sizes&quot;:[]},&quot;lazyload&quot;:&quot;yes&quot;,&quot;gallery_layout&quot;:&quot;grid&quot;,&quot;link_to&quot;:&quot;file&quot;,&quot;aspect_ratio&quot;:&quot;3:2&quot;,&quot;overlay_background&quot;:&quot;yes&quot;,&quot;content_hover_animation&quot;:&quot;fade-in&quot;}\" data-widget_type=\"gallery.default\">\n\t\t\t\t<div class=\"elementor-widget-container\">\n\t\t\t\t\t\t\t<div class=\"elementor-gallery__container\">\n\t\t\t\t\t\t\t<a class=\"e-gallery-item elementor-gallery-item elementor-animated-content\" href=\"https:\/\/www.portovenere.fr\/fr-fr\/wp-content\/uploads\/2025\/12\/Carrelage-clair-effet-pierre-pierre-OZIGUA-Grey-gris-clair-pour-pose-murale-ou-au-sol-magasin-de-carrelage-Porto-Venere-pres-de-Palavas-34.jpg\" data-elementor-open-lightbox=\"yes\" data-elementor-lightbox-slideshow=\"5c475da5\" data-elementor-lightbox-title=\"Carrelage-clair-effet-pierre-pierre-OZIGUA-Grey-gris-clair-pour-pose-murale-ou-au-sol-magasin-de-carrelage-Porto-Venere-pr\u00e8s-de-Palavas-34\" data-e-action-hash=\"#elementor-action%3Aaction%3Dlightbox%26settings%3DeyJpZCI6Njc2ODAsInVybCI6Imh0dHBzOlwvXC93d3cucG9ydG92ZW5lcmUuZnJcL2ZyLWZyXC93cC1jb250ZW50XC91cGxvYWRzXC8yMDI1XC8xMlwvQ2FycmVsYWdlLWNsYWlyLWVmZmV0LXBpZXJyZS1waWVycmUtT1pJR1VBLUdyZXktZ3Jpcy1jbGFpci1wb3VyLXBvc2UtbXVyYWxlLW91LWF1LXNvbC1tYWdhc2luLWRlLWNhcnJlbGFnZS1Qb3J0by1WZW5lcmUtcHJlcy1kZS1QYWxhdmFzLTM0LmpwZyIsInNsaWRlc2hvdyI6IjVjNDc1ZGE1In0%3D\">\n\t\t\t\t\t<div class=\"e-gallery-image elementor-gallery-item__image\" data-thumbnail=\"https:\/\/www.portovenere.fr\/fr-fr\/wp-content\/uploads\/2025\/12\/Carrelage-clair-effet-pierre-pierre-OZIGUA-Grey-gris-clair-pour-pose-murale-ou-au-sol-magasin-de-carrelage-Porto-Venere-pres-de-Palavas-34-150x150.jpg\" data-width=\"150\" data-height=\"150\" aria-label=\"\" role=\"img\" ><\/div>\n\t\t\t\t\t\t\t\t\t\t\t<div class=\"elementor-gallery-item__overlay\"><\/div>\n\t\t\t\t\t\t\t\t\t\t\t\t\t\t<\/a>\n\t\t\t\t\t\t\t<a class=\"e-gallery-item elementor-gallery-item elementor-animated-content\" href=\"https:\/\/www.portovenere.fr\/fr-fr\/wp-content\/uploads\/2025\/12\/Carrelage-clair-effet-pierre-pierre-OZIGUA-Beige-pour-pose-murale-ou-au-sol-magasin-de-carrelage-Porto-Venere-pres-de-Lattes-34.jpg\" data-elementor-open-lightbox=\"yes\" data-elementor-lightbox-slideshow=\"5c475da5\" data-elementor-lightbox-title=\"Carrelage-clair-effet-pierre-pierre-OZIGUA-Beige-pour-pose-murale-ou-au-sol-magasin-de-carrelage-Porto-Venere-pr\u00e8s-de-Lattes-34\" data-e-action-hash=\"#elementor-action%3Aaction%3Dlightbox%26settings%3DeyJpZCI6Njc2NzgsInVybCI6Imh0dHBzOlwvXC93d3cucG9ydG92ZW5lcmUuZnJcL2ZyLWZyXC93cC1jb250ZW50XC91cGxvYWRzXC8yMDI1XC8xMlwvQ2FycmVsYWdlLWNsYWlyLWVmZmV0LXBpZXJyZS1waWVycmUtT1pJR1VBLUJlaWdlLXBvdXItcG9zZS1tdXJhbGUtb3UtYXUtc29sLW1hZ2FzaW4tZGUtY2FycmVsYWdlLVBvcnRvLVZlbmVyZS1wcmVzLWRlLUxhdHRlcy0zNC5qcGciLCJzbGlkZXNob3ciOiI1YzQ3NWRhNSJ9\">\n\t\t\t\t\t<div class=\"e-gallery-image elementor-gallery-item__image\" data-thumbnail=\"https:\/\/www.portovenere.fr\/fr-fr\/wp-content\/uploads\/2025\/12\/Carrelage-clair-effet-pierre-pierre-OZIGUA-Beige-pour-pose-murale-ou-au-sol-magasin-de-carrelage-Porto-Venere-pres-de-Lattes-34-150x150.jpg\" data-width=\"150\" data-height=\"150\" aria-label=\"\" role=\"img\" ><\/div>\n\t\t\t\t\t\t\t\t\t\t\t<div class=\"elementor-gallery-item__overlay\"><\/div>\n\t\t\t\t\t\t\t\t\t\t\t\t\t\t<\/a>\n\t\t\t\t\t\t\t<a class=\"e-gallery-item elementor-gallery-item elementor-animated-content\" href=\"https:\/\/www.portovenere.fr\/fr-fr\/wp-content\/uploads\/2025\/12\/Carrelage-clair-effet-pierre-pierre-OZIGUA-White-blanc-pour-pose-murale-ou-au-sol-magasin-de-carrelage-Porto-Venere-pres-de-Saint-Jean-de-Vedas-34.jpg\" data-elementor-open-lightbox=\"yes\" data-elementor-lightbox-slideshow=\"5c475da5\" data-elementor-lightbox-title=\"Carrelage-clair-effet-pierre-pierre-OZIGUA-White-blanc-pour-pose-murale-ou-au-sol-magasin-de-carrelage-Porto-Venere-pr\u00e8s-de-Saint-Jean-de-V\u00e9das-34\" data-e-action-hash=\"#elementor-action%3Aaction%3Dlightbox%26settings%3DeyJpZCI6Njc2ODEsInVybCI6Imh0dHBzOlwvXC93d3cucG9ydG92ZW5lcmUuZnJcL2ZyLWZyXC93cC1jb250ZW50XC91cGxvYWRzXC8yMDI1XC8xMlwvQ2FycmVsYWdlLWNsYWlyLWVmZmV0LXBpZXJyZS1waWVycmUtT1pJR1VBLVdoaXRlLWJsYW5jLXBvdXItcG9zZS1tdXJhbGUtb3UtYXUtc29sLW1hZ2FzaW4tZGUtY2FycmVsYWdlLVBvcnRvLVZlbmVyZS1wcmVzLWRlLVNhaW50LUplYW4tZGUtVmVkYXMtMzQuanBnIiwic2xpZGVzaG93IjoiNWM0NzVkYTUifQ%3D%3D\">\n\t\t\t\t\t<div class=\"e-gallery-image elementor-gallery-item__image\" data-thumbnail=\"https:\/\/www.portovenere.fr\/fr-fr\/wp-content\/uploads\/2025\/12\/Carrelage-clair-effet-pierre-pierre-OZIGUA-White-blanc-pour-pose-murale-ou-au-sol-magasin-de-carrelage-Porto-Venere-pres-de-Saint-Jean-de-Vedas-34-150x150.jpg\" data-width=\"150\" data-height=\"150\" aria-label=\"\" role=\"img\" ><\/div>\n\t\t\t\t\t\t\t\t\t\t\t<div class=\"elementor-gallery-item__overlay\"><\/div>\n\t\t\t\t\t\t\t\t\t\t\t\t\t\t<\/a>\n\t\t\t\t\t\t\t<a class=\"e-gallery-item elementor-gallery-item elementor-animated-content\" href=\"https:\/\/www.portovenere.fr\/fr-fr\/wp-content\/uploads\/2025\/12\/Carrelage-clair-effet-pierre-pierre-OZIGUA-Blue-pour-pose-murale-ou-au-sol-magasin-de-carrelage-Porto-Venere-pres-de-Mauguio-34.jpg\" data-elementor-open-lightbox=\"yes\" data-elementor-lightbox-slideshow=\"5c475da5\" data-elementor-lightbox-title=\"Carrelage-clair-effet-pierre-pierre-OZIGUA-Blue-pour-pose-murale-ou-au-sol-magasin-de-carrelage-Porto-Venere-pr\u00e8s-de-Mauguio-34\" data-e-action-hash=\"#elementor-action%3Aaction%3Dlightbox%26settings%3DeyJpZCI6Njc2NzksInVybCI6Imh0dHBzOlwvXC93d3cucG9ydG92ZW5lcmUuZnJcL2ZyLWZyXC93cC1jb250ZW50XC91cGxvYWRzXC8yMDI1XC8xMlwvQ2FycmVsYWdlLWNsYWlyLWVmZmV0LXBpZXJyZS1waWVycmUtT1pJR1VBLUJsdWUtcG91ci1wb3NlLW11cmFsZS1vdS1hdS1zb2wtbWFnYXNpbi1kZS1jYXJyZWxhZ2UtUG9ydG8tVmVuZXJlLXByZXMtZGUtTWF1Z3Vpby0zNC5qcGciLCJzbGlkZXNob3ciOiI1YzQ3NWRhNSJ9\">\n\t\t\t\t\t<div class=\"e-gallery-image elementor-gallery-item__image\" data-thumbnail=\"https:\/\/www.portovenere.fr\/fr-fr\/wp-content\/uploads\/2025\/12\/Carrelage-clair-effet-pierre-pierre-OZIGUA-Blue-pour-pose-murale-ou-au-sol-magasin-de-carrelage-Porto-Venere-pres-de-Mauguio-34-150x150.jpg\" data-width=\"150\" data-height=\"150\" aria-label=\"\" role=\"img\" ><\/div>\n\t\t\t\t\t\t\t\t\t\t\t<div class=\"elementor-gallery-item__overlay\"><\/div>\n\t\t\t\t\t\t\t\t\t\t\t\t\t\t<\/a>\n\t\t\t\t\t\t\t<a class=\"e-gallery-item elementor-gallery-item elementor-animated-content\" href=\"https:\/\/www.portovenere.fr\/fr-fr\/wp-content\/uploads\/2025\/12\/Carrelage-credence-petits-carreaux-format-hexagonal-imitation-pierre-marbre-OZIGUA-beige-25x30-cm-magasin-de-carrelage-haut-de-gamme-proche-Saint-Aunes-34.jpg\" data-elementor-open-lightbox=\"yes\" data-elementor-lightbox-slideshow=\"5c475da5\" data-elementor-lightbox-title=\"Carrelage-cr\u00e9dence-petits-carreaux-format-hexagonal-imitation-pierre-marbre-OZIGUA-beige-25x30-cm-magasin-de-carrelage-haut-de-gamme-proche-Saint-Aun\u00e8s-34\" data-e-action-hash=\"#elementor-action%3Aaction%3Dlightbox%26settings%3DeyJpZCI6Njc2ODYsInVybCI6Imh0dHBzOlwvXC93d3cucG9ydG92ZW5lcmUuZnJcL2ZyLWZyXC93cC1jb250ZW50XC91cGxvYWRzXC8yMDI1XC8xMlwvQ2FycmVsYWdlLWNyZWRlbmNlLXBldGl0cy1jYXJyZWF1eC1mb3JtYXQtaGV4YWdvbmFsLWltaXRhdGlvbi1waWVycmUtbWFyYnJlLU9aSUdVQS1iZWlnZS0yNXgzMC1jbS1tYWdhc2luLWRlLWNhcnJlbGFnZS1oYXV0LWRlLWdhbW1lLXByb2NoZS1TYWludC1BdW5lcy0zNC5qcGciLCJzbGlkZXNob3ciOiI1YzQ3NWRhNSJ9\">\n\t\t\t\t\t<div class=\"e-gallery-image elementor-gallery-item__image\" data-thumbnail=\"https:\/\/www.portovenere.fr\/fr-fr\/wp-content\/uploads\/2025\/12\/Carrelage-credence-petits-carreaux-format-hexagonal-imitation-pierre-marbre-OZIGUA-beige-25x30-cm-magasin-de-carrelage-haut-de-gamme-proche-Saint-Aunes-34-150x150.jpg\" data-width=\"150\" data-height=\"150\" aria-label=\"\" role=\"img\" ><\/div>\n\t\t\t\t\t\t\t\t\t\t\t<div class=\"elementor-gallery-item__overlay\"><\/div>\n\t\t\t\t\t\t\t\t\t\t\t\t\t\t<\/a>\n\t\t\t\t\t\t\t<a class=\"e-gallery-item elementor-gallery-item elementor-animated-content\" href=\"https:\/\/www.portovenere.fr\/fr-fr\/wp-content\/uploads\/2025\/12\/Carrelage-parement-mural-Muretto-clair-effet-pierre-pierre-OZIGUA-Blue-Magasin-de-carrelage-Porto-Venere-pres-de-Laverune-34.jpg\" data-elementor-open-lightbox=\"yes\" data-elementor-lightbox-slideshow=\"5c475da5\" data-elementor-lightbox-title=\"Carrelage-parement-mural-Muretto-clair-effet-pierre-pierre-OZIGUA-Blue-Magasin-de-carrelage-Porto-Venere-pr\u00e8s-de-Lav\u00e9rune-34\" data-e-action-hash=\"#elementor-action%3Aaction%3Dlightbox%26settings%3DeyJpZCI6Njc2ODcsInVybCI6Imh0dHBzOlwvXC93d3cucG9ydG92ZW5lcmUuZnJcL2ZyLWZyXC93cC1jb250ZW50XC91cGxvYWRzXC8yMDI1XC8xMlwvQ2FycmVsYWdlLXBhcmVtZW50LW11cmFsLU11cmV0dG8tY2xhaXItZWZmZXQtcGllcnJlLXBpZXJyZS1PWklHVUEtQmx1ZS1NYWdhc2luLWRlLWNhcnJlbGFnZS1Qb3J0by1WZW5lcmUtcHJlcy1kZS1MYXZlcnVuZS0zNC5qcGciLCJzbGlkZXNob3ciOiI1YzQ3NWRhNSJ9\">\n\t\t\t\t\t<div class=\"e-gallery-image elementor-gallery-item__image\" data-thumbnail=\"https:\/\/www.portovenere.fr\/fr-fr\/wp-content\/uploads\/2025\/12\/Carrelage-parement-mural-Muretto-clair-effet-pierre-pierre-OZIGUA-Blue-Magasin-de-carrelage-Porto-Venere-pres-de-Laverune-34-150x150.jpg\" data-width=\"150\" data-height=\"150\" aria-label=\"\" role=\"img\" ><\/div>\n\t\t\t\t\t\t\t\t\t\t\t<div class=\"elementor-gallery-item__overlay\"><\/div>\n\t\t\t\t\t\t\t\t\t\t\t\t\t\t<\/a>\n\t\t\t\t\t\t\t<a class=\"e-gallery-item elementor-gallery-item elementor-animated-content\" href=\"https:\/\/www.portovenere.fr\/fr-fr\/wp-content\/uploads\/2025\/12\/Carrelage-60x120-cm-decor-a-motif-floral-clair-OZIGUA-Rose-Mix-blanc-Magasin-carrelage-Porto-Venere-pres-de-Sete-34.jpg\" data-elementor-open-lightbox=\"yes\" data-elementor-lightbox-slideshow=\"5c475da5\" data-elementor-lightbox-title=\"Carrelage-60x120-cm-d\u00e9cor-\u00e0-motif-floral-clair-OZIGUA-Rose-Mix-blanc-Magasin-carrelage-Porto-Venere-pr\u00e8s-de-S\u00e8te-34\" data-e-action-hash=\"#elementor-action%3Aaction%3Dlightbox%26settings%3DeyJpZCI6Njc2OTEsInVybCI6Imh0dHBzOlwvXC93d3cucG9ydG92ZW5lcmUuZnJcL2ZyLWZyXC93cC1jb250ZW50XC91cGxvYWRzXC8yMDI1XC8xMlwvQ2FycmVsYWdlLTYweDEyMC1jbS1kZWNvci1hLW1vdGlmLWZsb3JhbC1jbGFpci1PWklHVUEtUm9zZS1NaXgtYmxhbmMtTWFnYXNpbi1jYXJyZWxhZ2UtUG9ydG8tVmVuZXJlLXByZXMtZGUtU2V0ZS0zNC5qcGciLCJzbGlkZXNob3ciOiI1YzQ3NWRhNSJ9\">\n\t\t\t\t\t<div class=\"e-gallery-image elementor-gallery-item__image\" data-thumbnail=\"https:\/\/www.portovenere.fr\/fr-fr\/wp-content\/uploads\/2025\/12\/Carrelage-60x120-cm-decor-a-motif-floral-clair-OZIGUA-Rose-Mix-blanc-Magasin-carrelage-Porto-Venere-pres-de-Sete-34-150x150.jpg\" data-width=\"150\" data-height=\"150\" aria-label=\"\" role=\"img\" ><\/div>\n\t\t\t\t\t\t\t\t\t\t\t<div class=\"elementor-gallery-item__overlay\"><\/div>\n\t\t\t\t\t\t\t\t\t\t\t\t\t\t<\/a>\n\t\t\t\t\t<\/div>\n\t\t\t\t\t<\/div>\n\t\t\t\t<\/div>\n\t\t\t\t<div class=\"elementor-element elementor-element-70f26820 elementor-widget elementor-widget-text-editor\" data-id=\"70f26820\" data-element_type=\"widget\" data-e-type=\"widget\" data-widget_type=\"text-editor.default\">\n\t\t\t\t<div class=\"elementor-widget-container\">\n\t\t\t\t\t\t\t\t\t<p data-start=\"184\" data-end=\"483\">La collection <strong data-start=\"198\" data-end=\"208\">OZIGUA<\/strong> propose quatre coloris lumineux \u2014 <em data-start=\"243\" data-end=\"250\">Blanc<\/em>, <em data-start=\"252\" data-end=\"259\">Beige<\/em>, <em data-start=\"261\" data-end=\"267\">Gris<\/em> et <em data-start=\"271\" data-end=\"277\">Bleu<\/em> clair \u2014 con\u00e7us pour apporter douceur, clart\u00e9 et modernit\u00e9 \u00e0 chaque pi\u00e8ce.\u00a0<\/p><p data-start=\"184\" data-end=\"483\">Ces teintes naturelles refl\u00e8tent la lumi\u00e8re et agrandissent visuellement les espaces, cr\u00e9ant une ambiance sereine et contemporaine.<\/p><p data-start=\"485\" data-end=\"815\">Adapt\u00e9 aux <strong data-start=\"496\" data-end=\"512\">sols et murs<\/strong> du <strong data-start=\"516\" data-end=\"525\">salon<\/strong>, de la <strong data-start=\"533\" data-end=\"544\">cuisine<\/strong> ou de la <strong data-start=\"554\" data-end=\"571\">salle de bain<\/strong>, OZIGUA est fabriqu\u00e9 en gr\u00e8s c\u00e9rame \u00e9maill\u00e9, garantissant r\u00e9sistance et facilit\u00e9 d\u2019entretien.\u00a0<\/p><p data-start=\"485\" data-end=\"815\">Ses <strong data-start=\"670\" data-end=\"688\">quatre formats<\/strong> (120\u00d7120, 60\u00d7120, 60\u00d760, 30\u00d760), tous en <strong data-start=\"730\" data-end=\"740\">9,5 mm<\/strong> avec <strong data-start=\"746\" data-end=\"765\">bords rectifi\u00e9s<\/strong>, permettent une pose pr\u00e9cise et un rendu \u00e9l\u00e9gant.<\/p>\t\t\t\t\t\t\t\t<\/div>\n\t\t\t\t<\/div>\n\t\t\t\t<div class=\"elementor-element elementor-element-6196e619 elementor-mobile-align-center elementor-align-left elementor-widget elementor-widget-button\" data-id=\"6196e619\" data-element_type=\"widget\" data-e-type=\"widget\" data-widget_type=\"button.default\">\n\t\t\t\t<div class=\"elementor-widget-container\">\n\t\t\t\t\t\t\t\t\t<div class=\"elementor-button-wrapper\">\n\t\t\t\t\t<a class=\"elementor-button elementor-button-link elementor-size-sm\" href=\"https:\/\/www.portovenere.fr\/fr-fr\/carrelage-sol-et-mur-en-gres-cerame-et-faience\/carrelage-aspect-pierre\/carrelage-clair-en-gres-cerame-ozigua\/\">\n\t\t\t\t\t\t<span class=\"elementor-button-content-wrapper\">\n\t\t\t\t\t\t\t\t\t<span class=\"elementor-button-text\">Voir la collection<\/span>\n\t\t\t\t\t<\/span>\n\t\t\t\t\t<\/a>\n\t\t\t\t<\/div>\n\t\t\t\t\t\t\t\t<\/div>\n\t\t\t\t<\/div>\n\t\t\t\t\t<\/div>\n\t\t<\/div>\n\t\t\t\t\t<\/div>\n\t\t<\/section>\n\t\t\t\t<section class=\"elementor-section elementor-top-section elementor-element elementor-element-7f2762bf elementor-section-full_width elementor-section-height-default elementor-section-height-default elementor-invisible\" data-id=\"7f2762bf\" data-element_type=\"section\" data-e-type=\"section\" data-settings=\"{&quot;background_background&quot;:&quot;classic&quot;,&quot;animation&quot;:&quot;fadeIn&quot;}\">\n\t\t\t\t\t\t<div class=\"elementor-container elementor-column-gap-default\">\n\t\t\t\t\t<div class=\"elementor-column elementor-col-33 elementor-top-column elementor-element elementor-element-6f3f4f25\" data-id=\"6f3f4f25\" data-element_type=\"column\" data-e-type=\"column\" data-settings=\"{&quot;background_background&quot;:&quot;classic&quot;}\">\n\t\t\t<div class=\"elementor-widget-wrap elementor-element-populated\">\n\t\t\t\t\t\t<div class=\"elementor-element elementor-element-4ba59c27 elementor-widget elementor-widget-image\" data-id=\"4ba59c27\" data-element_type=\"widget\" data-e-type=\"widget\" data-widget_type=\"image.default\">\n\t\t\t\t<div class=\"elementor-widget-container\">\n\t\t\t\t\t\t\t\t\t\t\t\t\t\t\t\t<a href=\"https:\/\/www.portovenere.fr\/fr-fr\/carrelage-sol-et-mur-en-gres-cerame-et-faience\/carrelage-aspect-pierre\/carrelage-effet-pierre-pour-interieur-et-exterieur-artiglio\/\">\n\t\t\t\t\t\t\t<img decoding=\"async\" src=\"https:\/\/www.portovenere.fr\/fr-fr\/wp-content\/uploads\/elementor\/thumbs\/Carrelage-gres-cerame-exterieur-et-interieur-effet-pierre-quartz-de-qualite-ARTIGLIO-coloris-Wild-Magasin-carrelage-Haut-de-gamme-Porto-Venere-pres-de-Pezenas-34-rfm49e98g5uyu611pzx5yuormmhhbkxsq0ow35cv5s.jpg\" title=\"Carrelage-gr\u00e8s-c\u00e9rame-ext\u00e9rieur-et-int\u00e9rieur-effet-pierre-quartz-de-qualit\u00e9-ARTIGLIO-coloris-Wild-Magasin-carrelage-Haut-de-gamme-Porto-Venere-pr\u00e8s-de-Pezenas-34\" alt=\"Artiglio coloris Wild mur de droite d\u00e9cor Brick 30x60 cm et 60120xm au sol int\u00e9rieur et version grip en ext\u00e9rieur\" loading=\"lazy\" \/>\t\t\t\t\t\t\t\t<\/a>\n\t\t\t\t\t\t\t\t\t\t\t\t\t\t\t<\/div>\n\t\t\t\t<\/div>\n\t\t\t\t<div class=\"elementor-element elementor-element-566cb4c5 elementor-widget elementor-widget-heading\" data-id=\"566cb4c5\" data-element_type=\"widget\" data-e-type=\"widget\" data-widget_type=\"heading.default\">\n\t\t\t\t<div class=\"elementor-widget-container\">\n\t\t\t\t\t<h3 class=\"elementor-heading-title elementor-size-default\"><a href=\"https:\/\/www.portovenere.fr\/fr-fr\/carrelage-sol-et-mur-en-gres-cerame-et-faience\/carrelage-aspect-pierre\/carrelage-effet-pierre-pour-interieur-et-exterieur-artiglio\/\">ARTIGLIO | 5 coloris &amp; d\u00e9cors<\/a><\/h3>\t\t\t\t<\/div>\n\t\t\t\t<\/div>\n\t\t\t\t<div class=\"elementor-element elementor-element-33644ac4 elementor-widget__width-initial elementor-widget elementor-widget-gallery\" data-id=\"33644ac4\" data-element_type=\"widget\" data-e-type=\"widget\" data-settings=\"{&quot;gap&quot;:{&quot;unit&quot;:&quot;px&quot;,&quot;size&quot;:3,&quot;sizes&quot;:[]},&quot;columns_mobile&quot;:3,&quot;gap_mobile&quot;:{&quot;unit&quot;:&quot;px&quot;,&quot;size&quot;:6,&quot;sizes&quot;:[]},&quot;columns&quot;:5,&quot;columns_tablet&quot;:5,&quot;gap_tablet&quot;:{&quot;unit&quot;:&quot;px&quot;,&quot;size&quot;:5,&quot;sizes&quot;:[]},&quot;lazyload&quot;:&quot;yes&quot;,&quot;gallery_layout&quot;:&quot;grid&quot;,&quot;link_to&quot;:&quot;file&quot;,&quot;aspect_ratio&quot;:&quot;3:2&quot;,&quot;overlay_background&quot;:&quot;yes&quot;,&quot;content_hover_animation&quot;:&quot;fade-in&quot;}\" data-widget_type=\"gallery.default\">\n\t\t\t\t<div class=\"elementor-widget-container\">\n\t\t\t\t\t\t\t<div class=\"elementor-gallery__container\">\n\t\t\t\t\t\t\t<a class=\"e-gallery-item elementor-gallery-item elementor-animated-content\" href=\"https:\/\/www.portovenere.fr\/fr-fr\/wp-content\/uploads\/2025\/12\/Carrelage-gres-cerame-exterieur-et-interieur-effet-pierre-quartz-gris-de-qualite-ARTIGLIO-Grey-plusieurs-formats-Magasin-Porto-Venere-pres-de-Clapiers-34.jpg\" data-elementor-open-lightbox=\"yes\" data-elementor-lightbox-slideshow=\"33644ac4\" data-elementor-lightbox-title=\"Carrelage-gr\u00e8s-c\u00e9rame-ext\u00e9rieur-et-int\u00e9rieur-effet-pierre-quartz-gris-de-qualit\u00e9-ARTIGLIO-Grey-plusieurs-formats-Magasin-Porto-Venere-pr\u00e8s-de-Clapiers-34\" data-e-action-hash=\"#elementor-action%3Aaction%3Dlightbox%26settings%3DeyJpZCI6Njc3NjYsInVybCI6Imh0dHBzOlwvXC93d3cucG9ydG92ZW5lcmUuZnJcL2ZyLWZyXC93cC1jb250ZW50XC91cGxvYWRzXC8yMDI1XC8xMlwvQ2FycmVsYWdlLWdyZXMtY2VyYW1lLWV4dGVyaWV1ci1ldC1pbnRlcmlldXItZWZmZXQtcGllcnJlLXF1YXJ0ei1ncmlzLWRlLXF1YWxpdGUtQVJUSUdMSU8tR3JleS1wbHVzaWV1cnMtZm9ybWF0cy1NYWdhc2luLVBvcnRvLVZlbmVyZS1wcmVzLWRlLUNsYXBpZXJzLTM0LmpwZyIsInNsaWRlc2hvdyI6IjMzNjQ0YWM0In0%3D\">\n\t\t\t\t\t<div class=\"e-gallery-image elementor-gallery-item__image\" data-thumbnail=\"https:\/\/www.portovenere.fr\/fr-fr\/wp-content\/uploads\/2025\/12\/Carrelage-gres-cerame-exterieur-et-interieur-effet-pierre-quartz-gris-de-qualite-ARTIGLIO-Grey-plusieurs-formats-Magasin-Porto-Venere-pres-de-Clapiers-34-150x150.jpg\" data-width=\"150\" data-height=\"150\" aria-label=\"Carrelage en gr\u00e8s c\u00e9rame effet pierre quartz de qualit\u00e9 pour int\u00e9rieur et ext\u00e9rieur ARTIGLIO Magasin Porto Venere Montpellier\" role=\"img\" ><\/div>\n\t\t\t\t\t\t\t\t\t\t\t<div class=\"elementor-gallery-item__overlay\"><\/div>\n\t\t\t\t\t\t\t\t\t\t\t\t\t\t<\/a>\n\t\t\t\t\t\t\t<a class=\"e-gallery-item elementor-gallery-item elementor-animated-content\" href=\"https:\/\/www.portovenere.fr\/fr-fr\/wp-content\/uploads\/2025\/12\/Carrelage-gres-cerame-exterieur-et-interieur-effet-pierre-quartz-de-qualite-ARTIGLIO-Wild-plusieurs-formats-Magasin-Porto-Venere-pres-de-Perols-34.jpg\" data-elementor-open-lightbox=\"yes\" data-elementor-lightbox-slideshow=\"33644ac4\" data-elementor-lightbox-title=\"Carrelage-gr\u00e8s-c\u00e9rame-ext\u00e9rieur-et-int\u00e9rieur-effet-pierre-quartz-de-qualit\u00e9-ARTIGLIO-Wild-plusieurs-formats-Magasin-Porto-Venere-pr\u00e8s-de-P\u00e9rols-34\" data-e-action-hash=\"#elementor-action%3Aaction%3Dlightbox%26settings%3DeyJpZCI6Njc3NjUsInVybCI6Imh0dHBzOlwvXC93d3cucG9ydG92ZW5lcmUuZnJcL2ZyLWZyXC93cC1jb250ZW50XC91cGxvYWRzXC8yMDI1XC8xMlwvQ2FycmVsYWdlLWdyZXMtY2VyYW1lLWV4dGVyaWV1ci1ldC1pbnRlcmlldXItZWZmZXQtcGllcnJlLXF1YXJ0ei1kZS1xdWFsaXRlLUFSVElHTElPLVdpbGQtcGx1c2lldXJzLWZvcm1hdHMtTWFnYXNpbi1Qb3J0by1WZW5lcmUtcHJlcy1kZS1QZXJvbHMtMzQuanBnIiwic2xpZGVzaG93IjoiMzM2NDRhYzQifQ%3D%3D\">\n\t\t\t\t\t<div class=\"e-gallery-image elementor-gallery-item__image\" data-thumbnail=\"https:\/\/www.portovenere.fr\/fr-fr\/wp-content\/uploads\/2025\/12\/Carrelage-gres-cerame-exterieur-et-interieur-effet-pierre-quartz-de-qualite-ARTIGLIO-Wild-plusieurs-formats-Magasin-Porto-Venere-pres-de-Perols-34-150x150.jpg\" data-width=\"150\" data-height=\"150\" aria-label=\"Carrelage en gr\u00e8s c\u00e9rame effet pierre quartz de qualit\u00e9 pour int\u00e9rieur et ext\u00e9rieur ARTIGLIO Magasin Porto Venere Montpellier\" role=\"img\" ><\/div>\n\t\t\t\t\t\t\t\t\t\t\t<div class=\"elementor-gallery-item__overlay\"><\/div>\n\t\t\t\t\t\t\t\t\t\t\t\t\t\t<\/a>\n\t\t\t\t\t\t\t<a class=\"e-gallery-item elementor-gallery-item elementor-animated-content\" href=\"https:\/\/www.portovenere.fr\/fr-fr\/wp-content\/uploads\/2025\/12\/Carrelage-gres-cerame-exterieur-et-interieur-effet-pierre-quartz-de-qualite-ARTIGLIO-Sand-Sable-plusieurs-formats-Magasin-Porto-Venere-pres-de-Montferrier-sur-Lez-34.jpg\" data-elementor-open-lightbox=\"yes\" data-elementor-lightbox-slideshow=\"33644ac4\" data-elementor-lightbox-title=\"Carrelage-gr\u00e8s-c\u00e9rame-ext\u00e9rieur-et-int\u00e9rieur-effet-pierre-quartz-de-qualit\u00e9-ARTIGLIO-Sand-Sable-plusieurs-formats-Magasin-Porto-Venere-pr\u00e8s-de-Montferrier-sur-Lez-34\" data-e-action-hash=\"#elementor-action%3Aaction%3Dlightbox%26settings%3DeyJpZCI6Njc3NjQsInVybCI6Imh0dHBzOlwvXC93d3cucG9ydG92ZW5lcmUuZnJcL2ZyLWZyXC93cC1jb250ZW50XC91cGxvYWRzXC8yMDI1XC8xMlwvQ2FycmVsYWdlLWdyZXMtY2VyYW1lLWV4dGVyaWV1ci1ldC1pbnRlcmlldXItZWZmZXQtcGllcnJlLXF1YXJ0ei1kZS1xdWFsaXRlLUFSVElHTElPLVNhbmQtU2FibGUtcGx1c2lldXJzLWZvcm1hdHMtTWFnYXNpbi1Qb3J0by1WZW5lcmUtcHJlcy1kZS1Nb250ZmVycmllci1zdXItTGV6LTM0LmpwZyIsInNsaWRlc2hvdyI6IjMzNjQ0YWM0In0%3D\">\n\t\t\t\t\t<div class=\"e-gallery-image elementor-gallery-item__image\" data-thumbnail=\"https:\/\/www.portovenere.fr\/fr-fr\/wp-content\/uploads\/2025\/12\/Carrelage-gres-cerame-exterieur-et-interieur-effet-pierre-quartz-de-qualite-ARTIGLIO-Sand-Sable-plusieurs-formats-Magasin-Porto-Venere-pres-de-Montferrier-sur-Lez-34-150x150.jpg\" data-width=\"150\" data-height=\"150\" aria-label=\"Carrelage en gr\u00e8s c\u00e9rame effet pierre quartz de qualit\u00e9 pour int\u00e9rieur et ext\u00e9rieur ARTIGLIO Magasin Porto Venere Montpellier\" role=\"img\" ><\/div>\n\t\t\t\t\t\t\t\t\t\t\t<div class=\"elementor-gallery-item__overlay\"><\/div>\n\t\t\t\t\t\t\t\t\t\t\t\t\t\t<\/a>\n\t\t\t\t\t\t\t<a class=\"e-gallery-item elementor-gallery-item elementor-animated-content\" href=\"https:\/\/www.portovenere.fr\/fr-fr\/wp-content\/uploads\/2025\/12\/Carrelage-gres-cerame-exterieur-et-interieur-effet-pierre-quartz-de-qualite-ARTIGLIO-Greige-plusieurs-formats-Magasin-Porto-Venere-pres-de-Castelnau-le-Lez-34.jpg\" data-elementor-open-lightbox=\"yes\" data-elementor-lightbox-slideshow=\"33644ac4\" data-elementor-lightbox-title=\"Carrelage-gr\u00e8s-c\u00e9rame-ext\u00e9rieur-et-int\u00e9rieur-effet-pierre-quartz-de-qualit\u00e9-ARTIGLIO-Greige-plusieurs-formats-Magasin-Porto-Venere-pr\u00e8s-de-Castelnau-le-Lez-34\" data-e-action-hash=\"#elementor-action%3Aaction%3Dlightbox%26settings%3DeyJpZCI6Njc3NjMsInVybCI6Imh0dHBzOlwvXC93d3cucG9ydG92ZW5lcmUuZnJcL2ZyLWZyXC93cC1jb250ZW50XC91cGxvYWRzXC8yMDI1XC8xMlwvQ2FycmVsYWdlLWdyZXMtY2VyYW1lLWV4dGVyaWV1ci1ldC1pbnRlcmlldXItZWZmZXQtcGllcnJlLXF1YXJ0ei1kZS1xdWFsaXRlLUFSVElHTElPLUdyZWlnZS1wbHVzaWV1cnMtZm9ybWF0cy1NYWdhc2luLVBvcnRvLVZlbmVyZS1wcmVzLWRlLUNhc3RlbG5hdS1sZS1MZXotMzQuanBnIiwic2xpZGVzaG93IjoiMzM2NDRhYzQifQ%3D%3D\">\n\t\t\t\t\t<div class=\"e-gallery-image elementor-gallery-item__image\" data-thumbnail=\"https:\/\/www.portovenere.fr\/fr-fr\/wp-content\/uploads\/2025\/12\/Carrelage-gres-cerame-exterieur-et-interieur-effet-pierre-quartz-de-qualite-ARTIGLIO-Greige-plusieurs-formats-Magasin-Porto-Venere-pres-de-Castelnau-le-Lez-34-150x150.jpg\" data-width=\"150\" data-height=\"150\" aria-label=\"Carrelage en gr\u00e8s c\u00e9rame effet pierre quartz de qualit\u00e9 pour int\u00e9rieur et ext\u00e9rieur ARTIGLIO Magasin Porto Venere Montpellier\" role=\"img\" ><\/div>\n\t\t\t\t\t\t\t\t\t\t\t<div class=\"elementor-gallery-item__overlay\"><\/div>\n\t\t\t\t\t\t\t\t\t\t\t\t\t\t<\/a>\n\t\t\t\t\t\t\t<a class=\"e-gallery-item elementor-gallery-item elementor-animated-content\" href=\"https:\/\/www.portovenere.fr\/fr-fr\/wp-content\/uploads\/2025\/12\/Carrelage-gres-cerame-exterieur-et-interieur-effet-pierre-quartz-clair-de-qualite-ARTIGLIO-Light-plusieurs-formats-Magasin-Porto-Venere-pres-de-Frontignan-34.jpg\" data-elementor-open-lightbox=\"yes\" data-elementor-lightbox-slideshow=\"33644ac4\" data-elementor-lightbox-title=\"Carrelage-gr\u00e8s-c\u00e9rame-ext\u00e9rieur-et-int\u00e9rieur-effet-pierre-quartz-clair-de-qualit\u00e9-ARTIGLIO-Light-plusieurs-formats-Magasin-Porto-Venere-pr\u00e8s-de-Frontignan-34\" data-e-action-hash=\"#elementor-action%3Aaction%3Dlightbox%26settings%3DeyJpZCI6Njc3NjIsInVybCI6Imh0dHBzOlwvXC93d3cucG9ydG92ZW5lcmUuZnJcL2ZyLWZyXC93cC1jb250ZW50XC91cGxvYWRzXC8yMDI1XC8xMlwvQ2FycmVsYWdlLWdyZXMtY2VyYW1lLWV4dGVyaWV1ci1ldC1pbnRlcmlldXItZWZmZXQtcGllcnJlLXF1YXJ0ei1jbGFpci1kZS1xdWFsaXRlLUFSVElHTElPLUxpZ2h0LXBsdXNpZXVycy1mb3JtYXRzLU1hZ2FzaW4tUG9ydG8tVmVuZXJlLXByZXMtZGUtRnJvbnRpZ25hbi0zNC5qcGciLCJzbGlkZXNob3ciOiIzMzY0NGFjNCJ9\">\n\t\t\t\t\t<div class=\"e-gallery-image elementor-gallery-item__image\" data-thumbnail=\"https:\/\/www.portovenere.fr\/fr-fr\/wp-content\/uploads\/2025\/12\/Carrelage-gres-cerame-exterieur-et-interieur-effet-pierre-quartz-clair-de-qualite-ARTIGLIO-Light-plusieurs-formats-Magasin-Porto-Venere-pres-de-Frontignan-34-150x150.jpg\" data-width=\"150\" data-height=\"150\" aria-label=\"Carrelage en gr\u00e8s c\u00e9rame effet pierre quartz de qualit\u00e9 pour int\u00e9rieur et ext\u00e9rieur ARTIGLIO Magasin Porto Venere Montpellier\" role=\"img\" ><\/div>\n\t\t\t\t\t\t\t\t\t\t\t<div class=\"elementor-gallery-item__overlay\"><\/div>\n\t\t\t\t\t\t\t\t\t\t\t\t\t\t<\/a>\n\t\t\t\t\t<\/div>\n\t\t\t\t\t<\/div>\n\t\t\t\t<\/div>\n\t\t\t\t<div class=\"elementor-element elementor-element-323b8255 elementor-widget elementor-widget-text-editor\" data-id=\"323b8255\" data-element_type=\"widget\" data-e-type=\"widget\" data-widget_type=\"text-editor.default\">\n\t\t\t\t<div class=\"elementor-widget-container\">\n\t\t\t\t\t\t\t\t\t<p data-start=\"184\" data-end=\"483\">La collection ARTIGLIO propose un gr\u00e8s c\u00e9rame effet pierre inspir\u00e9 des quartzites naturelles, avec cinq coloris raffin\u00e9s (Light, Greige, Grey, Sand, Wild).\u00a0<\/p><p data-start=\"184\" data-end=\"483\">D\u00e9clin\u00e9e en formats 22.5\u00d745.3, 30\u00d760, 60\u00d760 et 60\u00d7120 cm (et dalles antid\u00e9rapantes 2 cm) elle combine esth\u00e9tique naturelle et polyvalence pratique. Avec des finitions vari\u00e9es \u2014 Natural, Structured, Grip ou Anti-Slip \u2014 ARTIGLIO s\u2019adapte \u00e0 tous les espaces : salons, cuisines, salles de bains, couloirs, voire ext\u00e9rieurs. Sols ou murs, int\u00e9rieur ou ext\u00e9rieur, cette collection apporte caract\u00e8re, \u00e9l\u00e9gance et robustesse.\u00a0<\/p><p data-start=\"184\" data-end=\"483\">Id\u00e9al pour des projets r\u00e9sidentiels ou commerciaux, ARTIGLIO conjugue pierre authentique et confort moderne.<\/p>\t\t\t\t\t\t\t\t<\/div>\n\t\t\t\t<\/div>\n\t\t\t\t<div class=\"elementor-element elementor-element-3fafb5b7 elementor-mobile-align-center elementor-align-left elementor-widget elementor-widget-button\" data-id=\"3fafb5b7\" data-element_type=\"widget\" data-e-type=\"widget\" data-widget_type=\"button.default\">\n\t\t\t\t<div class=\"elementor-widget-container\">\n\t\t\t\t\t\t\t\t\t<div class=\"elementor-button-wrapper\">\n\t\t\t\t\t<a class=\"elementor-button elementor-button-link elementor-size-sm\" href=\"https:\/\/www.portovenere.fr\/fr-fr\/carrelage-sol-et-mur-en-gres-cerame-et-faience\/carrelage-aspect-pierre\/carrelage-effet-pierre-pour-interieur-et-exterieur-artiglio\/\">\n\t\t\t\t\t\t<span class=\"elementor-button-content-wrapper\">\n\t\t\t\t\t\t\t\t\t<span class=\"elementor-button-text\">Voir la collection<\/span>\n\t\t\t\t\t<\/span>\n\t\t\t\t\t<\/a>\n\t\t\t\t<\/div>\n\t\t\t\t\t\t\t\t<\/div>\n\t\t\t\t<\/div>\n\t\t\t\t\t<\/div>\n\t\t<\/div>\n\t\t\t\t<div class=\"elementor-column elementor-col-33 elementor-top-column elementor-element elementor-element-635ec75\" data-id=\"635ec75\" data-element_type=\"column\" data-e-type=\"column\">\n\t\t\t<div class=\"elementor-widget-wrap\">\n\t\t\t\t\t\t\t<\/div>\n\t\t<\/div>\n\t\t\t\t<div class=\"elementor-column elementor-col-33 elementor-top-column elementor-element elementor-element-cf2cef2\" data-id=\"cf2cef2\" data-element_type=\"column\" data-e-type=\"column\">\n\t\t\t<div class=\"elementor-widget-wrap\">\n\t\t\t\t\t\t\t<\/div>\n\t\t<\/div>\n\t\t\t\t\t<\/div>\n\t\t<\/section>\n\t\t\t\t<section class=\"elementor-section elementor-top-section elementor-element elementor-element-4878acb9 elementor-section-boxed elementor-section-height-default elementor-section-height-default\" data-id=\"4878acb9\" data-element_type=\"section\" data-e-type=\"section\">\n\t\t\t\t\t\t<div class=\"elementor-container elementor-column-gap-default\">\n\t\t\t\t\t<div class=\"elementor-column elementor-col-100 elementor-top-column elementor-element elementor-element-64ce2ee2\" data-id=\"64ce2ee2\" data-element_type=\"column\" data-e-type=\"column\">\n\t\t\t<div class=\"elementor-widget-wrap elementor-element-populated\">\n\t\t\t\t\t\t<div class=\"elementor-element elementor-element-6e633bcc elementor-mobile-align-center elementor-align-center elementor-widget-tablet__width-initial elementor-widget elementor-widget-button\" data-id=\"6e633bcc\" data-element_type=\"widget\" data-e-type=\"widget\" data-widget_type=\"button.default\">\n\t\t\t\t<div class=\"elementor-widget-container\">\n\t\t\t\t\t\t\t\t\t<div class=\"elementor-button-wrapper\">\n\t\t\t\t\t<a class=\"elementor-button elementor-button-link elementor-size-sm\" href=\"https:\/\/www.portovenere.fr\/fr-fr\/archives-carrelage\/\">\n\t\t\t\t\t\t<span class=\"elementor-button-content-wrapper\">\n\t\t\t\t\t\t\t\t\t<span class=\"elementor-button-text\">Voir nos autres mod\u00e8les de carrelage | Archives<\/span>\n\t\t\t\t\t<\/span>\n\t\t\t\t\t<\/a>\n\t\t\t\t<\/div>\n\t\t\t\t\t\t\t\t<\/div>\n\t\t\t\t<\/div>\n\t\t\t\t\t<\/div>\n\t\t<\/div>\n\t\t\t\t\t<\/div>\n\t\t<\/section>\n\t\t\t\t<section class=\"elementor-section elementor-top-section elementor-element elementor-element-256ca6e elementor-section-full_width elementor-section-height-default elementor-section-height-default elementor-invisible\" data-id=\"256ca6e\" data-element_type=\"section\" data-e-type=\"section\" data-settings=\"{&quot;background_background&quot;:&quot;classic&quot;,&quot;animation&quot;:&quot;fadeIn&quot;}\">\n\t\t\t\t\t\t<div class=\"elementor-container elementor-column-gap-default\">\n\t\t\t\t\t<div class=\"elementor-column elementor-col-100 elementor-top-column elementor-element elementor-element-c0c42bf\" data-id=\"c0c42bf\" data-element_type=\"column\" data-e-type=\"column\">\n\t\t\t<div class=\"elementor-widget-wrap elementor-element-populated\">\n\t\t\t\t\t\t<div class=\"elementor-element elementor-element-09e4b51 elementor-widget-divider--view-line elementor-widget elementor-widget-divider\" data-id=\"09e4b51\" data-element_type=\"widget\" data-e-type=\"widget\" data-widget_type=\"divider.default\">\n\t\t\t\t<div class=\"elementor-widget-container\">\n\t\t\t\t\t\t\t<div class=\"elementor-divider\">\n\t\t\t<span class=\"elementor-divider-separator\">\n\t\t\t\t\t\t<\/span>\n\t\t<\/div>\n\t\t\t\t\t\t<\/div>\n\t\t\t\t<\/div>\n\t\t\t\t<div class=\"elementor-element elementor-element-bc3530e elementor-widget elementor-widget-heading\" data-id=\"bc3530e\" data-element_type=\"widget\" data-e-type=\"widget\" data-widget_type=\"heading.default\">\n\t\t\t\t<div class=\"elementor-widget-container\">\n\t\t\t\t\t<h6 class=\"elementor-heading-title elementor-size-large\">Partager<\/h6>\t\t\t\t<\/div>\n\t\t\t\t<\/div>\n\t\t\t\t<div class=\"elementor-element elementor-element-86b7454 elementor-share-buttons--skin-minimal elementor-share-buttons--color-custom elementor-share-buttons--view-icon-text elementor-share-buttons--shape-square elementor-grid-0 elementor-widget elementor-widget-share-buttons\" data-id=\"86b7454\" data-element_type=\"widget\" data-e-type=\"widget\" data-widget_type=\"share-buttons.default\">\n\t\t\t\t<div class=\"elementor-widget-container\">\n\t\t\t\t\t\t\t<div class=\"elementor-grid\" role=\"list\">\n\t\t\t\t\t\t\t\t<div class=\"elementor-grid-item\" role=\"listitem\">\n\t\t\t\t\t\t<div class=\"elementor-share-btn elementor-share-btn_facebook\" role=\"button\" tabindex=\"0\" aria-label=\"Partager sur facebook\">\n\t\t\t\t\t\t\t\t\t\t\t\t\t\t\t<span class=\"elementor-share-btn__icon\">\n\t\t\t\t\t\t\t\t<svg aria-hidden=\"true\" class=\"e-font-icon-svg e-fab-facebook\" viewBox=\"0 0 512 512\" xmlns=\"http:\/\/www.w3.org\/2000\/svg\"><path d=\"M504 256C504 119 393 8 256 8S8 119 8 256c0 123.78 90.69 226.38 209.25 245V327.69h-63V256h63v-54.64c0-62.15 37-96.48 93.67-96.48 27.14 0 55.52 4.84 55.52 4.84v61h-31.28c-30.8 0-40.41 19.12-40.41 38.73V256h68.78l-11 71.69h-57.78V501C413.31 482.38 504 379.78 504 256z\"><\/path><\/svg>\t\t\t\t\t\t\t<\/span>\n\t\t\t\t\t\t\t\t\t\t\t\t\t\t\t\t\t\t\t\t\t\t<div class=\"elementor-share-btn__text\">\n\t\t\t\t\t\t\t\t\t\t\t\t\t\t\t\t\t\t\t<span class=\"elementor-share-btn__title\">\n\t\t\t\t\t\t\t\t\t\tFacebook\t\t\t\t\t\t\t\t\t<\/span>\n\t\t\t\t\t\t\t\t\t\t\t\t\t\t\t\t\t<\/div>\n\t\t\t\t\t\t\t\t\t\t\t\t\t<\/div>\n\t\t\t\t\t<\/div>\n\t\t\t\t\t\t\t\t\t<div class=\"elementor-grid-item\" role=\"listitem\">\n\t\t\t\t\t\t<div class=\"elementor-share-btn elementor-share-btn_pinterest\" role=\"button\" tabindex=\"0\" aria-label=\"Partager sur pinterest\">\n\t\t\t\t\t\t\t\t\t\t\t\t\t\t\t<span class=\"elementor-share-btn__icon\">\n\t\t\t\t\t\t\t\t<svg aria-hidden=\"true\" class=\"e-font-icon-svg e-fab-pinterest\" viewBox=\"0 0 496 512\" xmlns=\"http:\/\/www.w3.org\/2000\/svg\"><path d=\"M496 256c0 137-111 248-248 248-25.6 0-50.2-3.9-73.4-11.1 10.1-16.5 25.2-43.5 30.8-65 3-11.6 15.4-59 15.4-59 8.1 15.4 31.7 28.5 56.8 28.5 74.8 0 128.7-68.8 128.7-154.3 0-81.9-66.9-143.2-152.9-143.2-107 0-163.9 71.8-163.9 150.1 0 36.4 19.4 81.7 50.3 96.1 4.7 2.2 7.2 1.2 8.3-3.3.8-3.4 5-20.3 6.9-28.1.6-2.5.3-4.7-1.7-7.1-10.1-12.5-18.3-35.3-18.3-56.6 0-54.7 41.4-107.6 112-107.6 60.9 0 103.6 41.5 103.6 100.9 0 67.1-33.9 113.6-78 113.6-24.3 0-42.6-20.1-36.7-44.8 7-29.5 20.5-61.3 20.5-82.6 0-19-10.2-34.9-31.4-34.9-24.9 0-44.9 25.7-44.9 60.2 0 22 7.4 36.8 7.4 36.8s-24.5 103.8-29 123.2c-5 21.4-3 51.6-.9 71.2C65.4 450.9 0 361.1 0 256 0 119 111 8 248 8s248 111 248 248z\"><\/path><\/svg>\t\t\t\t\t\t\t<\/span>\n\t\t\t\t\t\t\t\t\t\t\t\t\t\t\t\t\t\t\t\t\t\t<div class=\"elementor-share-btn__text\">\n\t\t\t\t\t\t\t\t\t\t\t\t\t\t\t\t\t\t\t<span class=\"elementor-share-btn__title\">\n\t\t\t\t\t\t\t\t\t\tPinterest\t\t\t\t\t\t\t\t\t<\/span>\n\t\t\t\t\t\t\t\t\t\t\t\t\t\t\t\t\t<\/div>\n\t\t\t\t\t\t\t\t\t\t\t\t\t<\/div>\n\t\t\t\t\t<\/div>\n\t\t\t\t\t\t\t\t\t<div class=\"elementor-grid-item\" role=\"listitem\">\n\t\t\t\t\t\t<div class=\"elementor-share-btn elementor-share-btn_linkedin\" role=\"button\" tabindex=\"0\" aria-label=\"Partager sur linkedin\">\n\t\t\t\t\t\t\t\t\t\t\t\t\t\t\t<span class=\"elementor-share-btn__icon\">\n\t\t\t\t\t\t\t\t<svg aria-hidden=\"true\" class=\"e-font-icon-svg e-fab-linkedin\" viewBox=\"0 0 448 512\" xmlns=\"http:\/\/www.w3.org\/2000\/svg\"><path d=\"M416 32H31.9C14.3 32 0 46.5 0 64.3v383.4C0 465.5 14.3 480 31.9 480H416c17.6 0 32-14.5 32-32.3V64.3c0-17.8-14.4-32.3-32-32.3zM135.4 416H69V202.2h66.5V416zm-33.2-243c-21.3 0-38.5-17.3-38.5-38.5S80.9 96 102.2 96c21.2 0 38.5 17.3 38.5 38.5 0 21.3-17.2 38.5-38.5 38.5zm282.1 243h-66.4V312c0-24.8-.5-56.7-34.5-56.7-34.6 0-39.9 27-39.9 54.9V416h-66.4V202.2h63.7v29.2h.9c8.9-16.8 30.6-34.5 62.9-34.5 67.2 0 79.7 44.3 79.7 101.9V416z\"><\/path><\/svg>\t\t\t\t\t\t\t<\/span>\n\t\t\t\t\t\t\t\t\t\t\t\t\t\t\t\t\t\t\t\t\t\t<div class=\"elementor-share-btn__text\">\n\t\t\t\t\t\t\t\t\t\t\t\t\t\t\t\t\t\t\t<span class=\"elementor-share-btn__title\">\n\t\t\t\t\t\t\t\t\t\tLinkedIn\t\t\t\t\t\t\t\t\t<\/span>\n\t\t\t\t\t\t\t\t\t\t\t\t\t\t\t\t\t<\/div>\n\t\t\t\t\t\t\t\t\t\t\t\t\t<\/div>\n\t\t\t\t\t<\/div>\n\t\t\t\t\t\t\t\t\t<div class=\"elementor-grid-item\" role=\"listitem\">\n\t\t\t\t\t\t<div class=\"elementor-share-btn elementor-share-btn_whatsapp\" role=\"button\" tabindex=\"0\" aria-label=\"Partager sur whatsapp\">\n\t\t\t\t\t\t\t\t\t\t\t\t\t\t\t<span class=\"elementor-share-btn__icon\">\n\t\t\t\t\t\t\t\t<svg aria-hidden=\"true\" class=\"e-font-icon-svg e-fab-whatsapp\" viewBox=\"0 0 448 512\" xmlns=\"http:\/\/www.w3.org\/2000\/svg\"><path d=\"M380.9 97.1C339 55.1 283.2 32 223.9 32c-122.4 0-222 99.6-222 222 0 39.1 10.2 77.3 29.6 111L0 480l117.7-30.9c32.4 17.7 68.9 27 106.1 27h.1c122.3 0 224.1-99.6 224.1-222 0-59.3-25.2-115-67.1-157zm-157 341.6c-33.2 0-65.7-8.9-94-25.7l-6.7-4-69.8 18.3L72 359.2l-4.4-7c-18.5-29.4-28.2-63.3-28.2-98.2 0-101.7 82.8-184.5 184.6-184.5 49.3 0 95.6 19.2 130.4 54.1 34.8 34.9 56.2 81.2 56.1 130.5 0 101.8-84.9 184.6-186.6 184.6zm101.2-138.2c-5.5-2.8-32.8-16.2-37.9-18-5.1-1.9-8.8-2.8-12.5 2.8-3.7 5.6-14.3 18-17.6 21.8-3.2 3.7-6.5 4.2-12 1.4-32.6-16.3-54-29.1-75.5-66-5.7-9.8 5.7-9.1 16.3-30.3 1.8-3.7.9-6.9-.5-9.7-1.4-2.8-12.5-30.1-17.1-41.2-4.5-10.8-9.1-9.3-12.5-9.5-3.2-.2-6.9-.2-10.6-.2-3.7 0-9.7 1.4-14.8 6.9-5.1 5.6-19.4 19-19.4 46.3 0 27.3 19.9 53.7 22.6 57.4 2.8 3.7 39.1 59.7 94.8 83.8 35.2 15.2 49 16.5 66.6 13.9 10.7-1.6 32.8-13.4 37.4-26.4 4.6-13 4.6-24.1 3.2-26.4-1.3-2.5-5-3.9-10.5-6.6z\"><\/path><\/svg>\t\t\t\t\t\t\t<\/span>\n\t\t\t\t\t\t\t\t\t\t\t\t\t\t\t\t\t\t\t\t\t\t<div class=\"elementor-share-btn__text\">\n\t\t\t\t\t\t\t\t\t\t\t\t\t\t\t\t\t\t\t<span class=\"elementor-share-btn__title\">\n\t\t\t\t\t\t\t\t\t\tWhatsApp\t\t\t\t\t\t\t\t\t<\/span>\n\t\t\t\t\t\t\t\t\t\t\t\t\t\t\t\t\t<\/div>\n\t\t\t\t\t\t\t\t\t\t\t\t\t<\/div>\n\t\t\t\t\t<\/div>\n\t\t\t\t\t\t\t\t\t<div class=\"elementor-grid-item\" role=\"listitem\">\n\t\t\t\t\t\t<div class=\"elementor-share-btn elementor-share-btn_twitter\" role=\"button\" tabindex=\"0\" aria-label=\"Partager sur twitter\">\n\t\t\t\t\t\t\t\t\t\t\t\t\t\t\t<span class=\"elementor-share-btn__icon\">\n\t\t\t\t\t\t\t\t<svg aria-hidden=\"true\" class=\"e-font-icon-svg e-fab-twitter\" viewBox=\"0 0 512 512\" xmlns=\"http:\/\/www.w3.org\/2000\/svg\"><path d=\"M459.37 151.716c.325 4.548.325 9.097.325 13.645 0 138.72-105.583 298.558-298.558 298.558-59.452 0-114.68-17.219-161.137-47.106 8.447.974 16.568 1.299 25.34 1.299 49.055 0 94.213-16.568 130.274-44.832-46.132-.975-84.792-31.188-98.112-72.772 6.498.974 12.995 1.624 19.818 1.624 9.421 0 18.843-1.3 27.614-3.573-48.081-9.747-84.143-51.98-84.143-102.985v-1.299c13.969 7.797 30.214 12.67 47.431 13.319-28.264-18.843-46.781-51.005-46.781-87.391 0-19.492 5.197-37.36 14.294-52.954 51.655 63.675 129.3 105.258 216.365 109.807-1.624-7.797-2.599-15.918-2.599-24.04 0-57.828 46.782-104.934 104.934-104.934 30.213 0 57.502 12.67 76.67 33.137 23.715-4.548 46.456-13.32 66.599-25.34-7.798 24.366-24.366 44.833-46.132 57.827 21.117-2.273 41.584-8.122 60.426-16.243-14.292 20.791-32.161 39.308-52.628 54.253z\"><\/path><\/svg>\t\t\t\t\t\t\t<\/span>\n\t\t\t\t\t\t\t\t\t\t\t\t\t\t\t\t\t\t\t\t\t\t<div class=\"elementor-share-btn__text\">\n\t\t\t\t\t\t\t\t\t\t\t\t\t\t\t\t\t\t\t<span class=\"elementor-share-btn__title\">\n\t\t\t\t\t\t\t\t\t\tTwitter\t\t\t\t\t\t\t\t\t<\/span>\n\t\t\t\t\t\t\t\t\t\t\t\t\t\t\t\t\t<\/div>\n\t\t\t\t\t\t\t\t\t\t\t\t\t<\/div>\n\t\t\t\t\t<\/div>\n\t\t\t\t\t\t\t\t\t<div class=\"elementor-grid-item\" role=\"listitem\">\n\t\t\t\t\t\t<div class=\"elementor-share-btn elementor-share-btn_email\" role=\"button\" tabindex=\"0\" aria-label=\"Partager sur email\">\n\t\t\t\t\t\t\t\t\t\t\t\t\t\t\t<span class=\"elementor-share-btn__icon\">\n\t\t\t\t\t\t\t\t<svg aria-hidden=\"true\" class=\"e-font-icon-svg e-fas-envelope\" viewBox=\"0 0 512 512\" xmlns=\"http:\/\/www.w3.org\/2000\/svg\"><path d=\"M502.3 190.8c3.9-3.1 9.7-.2 9.7 4.7V400c0 26.5-21.5 48-48 48H48c-26.5 0-48-21.5-48-48V195.6c0-5 5.7-7.8 9.7-4.7 22.4 17.4 52.1 39.5 154.1 113.6 21.1 15.4 56.7 47.8 92.2 47.6 35.7.3 72-32.8 92.3-47.6 102-74.1 131.6-96.3 154-113.7zM256 320c23.2.4 56.6-29.2 73.4-41.4 132.7-96.3 142.8-104.7 173.4-128.7 5.8-4.5 9.2-11.5 9.2-18.9v-19c0-26.5-21.5-48-48-48H48C21.5 64 0 85.5 0 112v19c0 7.4 3.4 14.3 9.2 18.9 30.6 23.9 40.7 32.4 173.4 128.7 16.8 12.2 50.2 41.8 73.4 41.4z\"><\/path><\/svg>\t\t\t\t\t\t\t<\/span>\n\t\t\t\t\t\t\t\t\t\t\t\t\t\t\t\t\t\t\t\t\t\t<div class=\"elementor-share-btn__text\">\n\t\t\t\t\t\t\t\t\t\t\t\t\t\t\t\t\t\t\t<span class=\"elementor-share-btn__title\">\n\t\t\t\t\t\t\t\t\t\tEmail\t\t\t\t\t\t\t\t\t<\/span>\n\t\t\t\t\t\t\t\t\t\t\t\t\t\t\t\t\t<\/div>\n\t\t\t\t\t\t\t\t\t\t\t\t\t<\/div>\n\t\t\t\t\t<\/div>\n\t\t\t\t\t\t\t\t\t<div class=\"elementor-grid-item\" role=\"listitem\">\n\t\t\t\t\t\t<div class=\"elementor-share-btn elementor-share-btn_print\" role=\"button\" tabindex=\"0\" aria-label=\"Partager sur print\">\n\t\t\t\t\t\t\t\t\t\t\t\t\t\t\t<span class=\"elementor-share-btn__icon\">\n\t\t\t\t\t\t\t\t<svg aria-hidden=\"true\" class=\"e-font-icon-svg e-fas-print\" viewBox=\"0 0 512 512\" xmlns=\"http:\/\/www.w3.org\/2000\/svg\"><path d=\"M448 192V77.25c0-8.49-3.37-16.62-9.37-22.63L393.37 9.37c-6-6-14.14-9.37-22.63-9.37H96C78.33 0 64 14.33 64 32v160c-35.35 0-64 28.65-64 64v112c0 8.84 7.16 16 16 16h48v96c0 17.67 14.33 32 32 32h320c17.67 0 32-14.33 32-32v-96h48c8.84 0 16-7.16 16-16V256c0-35.35-28.65-64-64-64zm-64 256H128v-96h256v96zm0-224H128V64h192v48c0 8.84 7.16 16 16 16h48v96zm48 72c-13.25 0-24-10.75-24-24 0-13.26 10.75-24 24-24s24 10.74 24 24c0 13.25-10.75 24-24 24z\"><\/path><\/svg>\t\t\t\t\t\t\t<\/span>\n\t\t\t\t\t\t\t\t\t\t\t\t\t\t\t\t\t\t\t\t\t\t<div class=\"elementor-share-btn__text\">\n\t\t\t\t\t\t\t\t\t\t\t\t\t\t\t\t\t\t\t<span class=\"elementor-share-btn__title\">\n\t\t\t\t\t\t\t\t\t\tImprimer\t\t\t\t\t\t\t\t\t<\/span>\n\t\t\t\t\t\t\t\t\t\t\t\t\t\t\t\t\t<\/div>\n\t\t\t\t\t\t\t\t\t\t\t\t\t<\/div>\n\t\t\t\t\t<\/div>\n\t\t\t\t\t\t<\/div>\n\t\t\t\t\t\t<\/div>\n\t\t\t\t<\/div>\n\t\t\t\t<div class=\"elementor-element elementor-element-5f4a9c6 elementor-widget elementor-widget-facebook-button\" data-id=\"5f4a9c6\" data-element_type=\"widget\" data-e-type=\"widget\" data-widget_type=\"facebook-button.default\">\n\t\t\t\t<div class=\"elementor-widget-container\">\n\t\t\t\t\t\t\t<div data-layout=\"standard\" data-colorscheme=\"light\" data-size=\"small\" data-show-faces=\"false\" class=\"elementor-facebook-widget fb-like\" data-href=\"https:\/\/www.portovenere.fr\/fr-fr?p=17662\" data-share=\"false\" data-action=\"like\"><\/div>\n\t\t\t\t\t\t<\/div>\n\t\t\t\t<\/div>\n\t\t\t\t\t<\/div>\n\t\t<\/div>\n\t\t\t\t\t<\/div>\n\t\t<\/section>\n\t\t\t\t<\/div>\n\t\t","protected":false},"excerpt":{"rendered":"<p>D\u00e9couvrez nos collections de rev\u00eatements de sols et murs en carrelage de gr\u00e8s c\u00e9rame aspect pierre naturelle. Des gammes \u00e9l\u00e9gantes et robustes pour vos espaces. <\/p>\n","protected":false},"author":2,"featured_media":5573,"parent":7146,"menu_order":0,"comment_status":"closed","ping_status":"closed","template":"","meta":{"_monsterinsights_skip_tracking":false,"_monsterinsights_sitenote_active":false,"_monsterinsights_sitenote_note":"","_monsterinsights_sitenote_category":0,"_uf_show_specific_survey":0,"_uf_disable_surveys":false,"footnotes":""},"class_list":["post-17662","page","type-page","status-publish","has-post-thumbnail","hentry"],"yoast_head":"<!-- This site is optimized with the Yoast SEO plugin v27.5 - https:\/\/yoast.com\/product\/yoast-seo-wordpress\/ -->\n<title>Carrelage aspect pierre naturelle - int\u00e9rieur et ext\u00e9rieur - Porto Venere<\/title>\n<meta name=\"description\" content=\"D\u00e9couvrez nos collections de rev\u00eatements de sols et murs en carrelage de gr\u00e8s c\u00e9rame aspect pierre naturelle. Des gammes \u00e9l\u00e9gantes et robustes pour vos espaces.\" \/>\n<meta name=\"robots\" content=\"index, follow, max-snippet:-1, max-image-preview:large, max-video-preview:-1\" \/>\n<link rel=\"canonical\" href=\"https:\/\/www.portovenere.fr\/fr-fr\/carrelage-sol-et-mur-en-gres-cerame-et-faience\/carrelage-aspect-pierre\/\" \/>\n<meta property=\"og:locale\" content=\"fr_FR\" \/>\n<meta property=\"og:type\" content=\"article\" \/>\n<meta property=\"og:title\" content=\"Carrelage aspect pierre naturelle - int\u00e9rieur et ext\u00e9rieur - Porto Venere\" \/>\n<meta property=\"og:description\" content=\"D\u00e9couvrez nos collections de rev\u00eatements de sols et murs en carrelage de gr\u00e8s c\u00e9rame aspect pierre naturelle. Des gammes \u00e9l\u00e9gantes et robustes pour vos espaces.\" \/>\n<meta property=\"og:url\" content=\"https:\/\/www.portovenere.fr\/fr-fr\/carrelage-sol-et-mur-en-gres-cerame-et-faience\/carrelage-aspect-pierre\/\" \/>\n<meta property=\"og:site_name\" content=\"Porto Venere\" \/>\n<meta property=\"article:publisher\" content=\"https:\/\/www.facebook.com\/portovenere34\/\" \/>\n<meta property=\"article:modified_time\" content=\"2026-04-07T11:52:04+00:00\" \/>\n<meta property=\"og:image\" content=\"https:\/\/www.portovenere.fr\/fr-fr\/wp-content\/uploads\/2019\/04\/Carrelage-Aspect-Pierre-Maxi.jpg\" \/>\n\t<meta property=\"og:image:width\" content=\"1500\" \/>\n\t<meta property=\"og:image:height\" content=\"1000\" \/>\n\t<meta property=\"og:image:type\" content=\"image\/jpeg\" \/>\n<meta name=\"twitter:card\" content=\"summary_large_image\" \/>\n<meta name=\"twitter:label1\" content=\"Dur\u00e9e de lecture estim\u00e9e\" \/>\n\t<meta name=\"twitter:data1\" content=\"41 minutes\" \/>\n<script type=\"application\/ld+json\" class=\"yoast-schema-graph\">{\"@context\":\"https:\\\/\\\/schema.org\",\"@graph\":[{\"@type\":\"WebPage\",\"@id\":\"https:\\\/\\\/www.portovenere.fr\\\/fr-fr\\\/carrelage-sol-et-mur-en-gres-cerame-et-faience\\\/carrelage-aspect-pierre\\\/\",\"url\":\"https:\\\/\\\/www.portovenere.fr\\\/fr-fr\\\/carrelage-sol-et-mur-en-gres-cerame-et-faience\\\/carrelage-aspect-pierre\\\/\",\"name\":\"Carrelage aspect pierre naturelle - int\u00e9rieur et ext\u00e9rieur - Porto Venere\",\"isPartOf\":{\"@id\":\"https:\\\/\\\/www.portovenere.fr\\\/fr-fr\\\/#website\"},\"primaryImageOfPage\":{\"@id\":\"https:\\\/\\\/www.portovenere.fr\\\/fr-fr\\\/carrelage-sol-et-mur-en-gres-cerame-et-faience\\\/carrelage-aspect-pierre\\\/#primaryimage\"},\"image\":{\"@id\":\"https:\\\/\\\/www.portovenere.fr\\\/fr-fr\\\/carrelage-sol-et-mur-en-gres-cerame-et-faience\\\/carrelage-aspect-pierre\\\/#primaryimage\"},\"thumbnailUrl\":\"https:\\\/\\\/www.portovenere.fr\\\/fr-fr\\\/wp-content\\\/uploads\\\/2019\\\/04\\\/Carrelage-Aspect-Pierre-Maxi.jpg\",\"datePublished\":\"2019-11-07T09:28:42+00:00\",\"dateModified\":\"2026-04-07T11:52:04+00:00\",\"description\":\"D\u00e9couvrez nos collections de rev\u00eatements de sols et murs en carrelage de gr\u00e8s c\u00e9rame aspect pierre naturelle. Des gammes \u00e9l\u00e9gantes et robustes pour vos espaces.\",\"breadcrumb\":{\"@id\":\"https:\\\/\\\/www.portovenere.fr\\\/fr-fr\\\/carrelage-sol-et-mur-en-gres-cerame-et-faience\\\/carrelage-aspect-pierre\\\/#breadcrumb\"},\"inLanguage\":\"fr-FR\",\"potentialAction\":[{\"@type\":\"ReadAction\",\"target\":[\"https:\\\/\\\/www.portovenere.fr\\\/fr-fr\\\/carrelage-sol-et-mur-en-gres-cerame-et-faience\\\/carrelage-aspect-pierre\\\/\"]}]},{\"@type\":\"ImageObject\",\"inLanguage\":\"fr-FR\",\"@id\":\"https:\\\/\\\/www.portovenere.fr\\\/fr-fr\\\/carrelage-sol-et-mur-en-gres-cerame-et-faience\\\/carrelage-aspect-pierre\\\/#primaryimage\",\"url\":\"https:\\\/\\\/www.portovenere.fr\\\/fr-fr\\\/wp-content\\\/uploads\\\/2019\\\/04\\\/Carrelage-Aspect-Pierre-Maxi.jpg\",\"contentUrl\":\"https:\\\/\\\/www.portovenere.fr\\\/fr-fr\\\/wp-content\\\/uploads\\\/2019\\\/04\\\/Carrelage-Aspect-Pierre-Maxi.jpg\",\"width\":1500,\"height\":1000},{\"@type\":\"BreadcrumbList\",\"@id\":\"https:\\\/\\\/www.portovenere.fr\\\/fr-fr\\\/carrelage-sol-et-mur-en-gres-cerame-et-faience\\\/carrelage-aspect-pierre\\\/#breadcrumb\",\"itemListElement\":[{\"@type\":\"ListItem\",\"position\":1,\"name\":\"Page d'accueil\",\"item\":\"https:\\\/\\\/www.portovenere.fr\\\/fr-fr\\\/\"},{\"@type\":\"ListItem\",\"position\":2,\"name\":\"Carrelage sol et mur en gr\u00e8s c\u00e9rame et fa\u00efence\",\"item\":\"https:\\\/\\\/www.portovenere.fr\\\/fr-fr\\\/carrelage-sol-et-mur-en-gres-cerame-et-faience\\\/\"},{\"@type\":\"ListItem\",\"position\":3,\"name\":\"Carrelage Aspect Pierre\"}]},{\"@type\":\"WebSite\",\"@id\":\"https:\\\/\\\/www.portovenere.fr\\\/fr-fr\\\/#website\",\"url\":\"https:\\\/\\\/www.portovenere.fr\\\/fr-fr\\\/\",\"name\":\"Porto Venere\",\"description\":\"Magasin de carrelage, cuisine, salle de bain \u00e0 Montpellier dans l&#039;H\u00e9rault\",\"publisher\":{\"@id\":\"https:\\\/\\\/www.portovenere.fr\\\/fr-fr\\\/#organization\"},\"potentialAction\":[{\"@type\":\"SearchAction\",\"target\":{\"@type\":\"EntryPoint\",\"urlTemplate\":\"https:\\\/\\\/www.portovenere.fr\\\/fr-fr\\\/?s={search_term_string}\"},\"query-input\":{\"@type\":\"PropertyValueSpecification\",\"valueRequired\":true,\"valueName\":\"search_term_string\"}}],\"inLanguage\":\"fr-FR\"},{\"@type\":\"Organization\",\"@id\":\"https:\\\/\\\/www.portovenere.fr\\\/fr-fr\\\/#organization\",\"name\":\"Porto Venere - Carrelage Usine Center SARL\",\"url\":\"https:\\\/\\\/www.portovenere.fr\\\/fr-fr\\\/\",\"logo\":{\"@type\":\"ImageObject\",\"inLanguage\":\"fr-FR\",\"@id\":\"https:\\\/\\\/www.portovenere.fr\\\/fr-fr\\\/#\\\/schema\\\/logo\\\/image\\\/\",\"url\":\"https:\\\/\\\/www.portovenere.fr\\\/fr-fr\\\/wp-content\\\/uploads\\\/2019\\\/05\\\/logo3.png\",\"contentUrl\":\"https:\\\/\\\/www.portovenere.fr\\\/fr-fr\\\/wp-content\\\/uploads\\\/2019\\\/05\\\/logo3.png\",\"width\":388,\"height\":120,\"caption\":\"Porto Venere - Carrelage Usine Center SARL\"},\"image\":{\"@id\":\"https:\\\/\\\/www.portovenere.fr\\\/fr-fr\\\/#\\\/schema\\\/logo\\\/image\\\/\"},\"sameAs\":[\"https:\\\/\\\/www.facebook.com\\\/portovenere34\\\/\",\"https:\\\/\\\/www.instagram.com\\\/porto.venere\\\/\",\"https:\\\/\\\/www.linkedin.com\\\/company\\\/porto-venere-montpellier\\\/\",\"https:\\\/\\\/www.pinterest.fr\\\/portovenere34\\\/\"]}]}<\/script>\n<!-- \/ Yoast SEO plugin. -->","yoast_head_json":{"title":"Carrelage aspect pierre naturelle - int\u00e9rieur et ext\u00e9rieur - Porto Venere","description":"D\u00e9couvrez nos collections de rev\u00eatements de sols et murs en carrelage de gr\u00e8s c\u00e9rame aspect pierre naturelle. Des gammes \u00e9l\u00e9gantes et robustes pour vos espaces.","robots":{"index":"index","follow":"follow","max-snippet":"max-snippet:-1","max-image-preview":"max-image-preview:large","max-video-preview":"max-video-preview:-1"},"canonical":"https:\/\/www.portovenere.fr\/fr-fr\/carrelage-sol-et-mur-en-gres-cerame-et-faience\/carrelage-aspect-pierre\/","og_locale":"fr_FR","og_type":"article","og_title":"Carrelage aspect pierre naturelle - int\u00e9rieur et ext\u00e9rieur - Porto Venere","og_description":"D\u00e9couvrez nos collections de rev\u00eatements de sols et murs en carrelage de gr\u00e8s c\u00e9rame aspect pierre naturelle. Des gammes \u00e9l\u00e9gantes et robustes pour vos espaces.","og_url":"https:\/\/www.portovenere.fr\/fr-fr\/carrelage-sol-et-mur-en-gres-cerame-et-faience\/carrelage-aspect-pierre\/","og_site_name":"Porto Venere","article_publisher":"https:\/\/www.facebook.com\/portovenere34\/","article_modified_time":"2026-04-07T11:52:04+00:00","og_image":[{"width":1500,"height":1000,"url":"https:\/\/www.portovenere.fr\/fr-fr\/wp-content\/uploads\/2019\/04\/Carrelage-Aspect-Pierre-Maxi.jpg","type":"image\/jpeg"}],"twitter_card":"summary_large_image","twitter_misc":{"Dur\u00e9e de lecture estim\u00e9e":"41 minutes"},"schema":{"@context":"https:\/\/schema.org","@graph":[{"@type":"WebPage","@id":"https:\/\/www.portovenere.fr\/fr-fr\/carrelage-sol-et-mur-en-gres-cerame-et-faience\/carrelage-aspect-pierre\/","url":"https:\/\/www.portovenere.fr\/fr-fr\/carrelage-sol-et-mur-en-gres-cerame-et-faience\/carrelage-aspect-pierre\/","name":"Carrelage aspect pierre naturelle - int\u00e9rieur et ext\u00e9rieur - Porto Venere","isPartOf":{"@id":"https:\/\/www.portovenere.fr\/fr-fr\/#website"},"primaryImageOfPage":{"@id":"https:\/\/www.portovenere.fr\/fr-fr\/carrelage-sol-et-mur-en-gres-cerame-et-faience\/carrelage-aspect-pierre\/#primaryimage"},"image":{"@id":"https:\/\/www.portovenere.fr\/fr-fr\/carrelage-sol-et-mur-en-gres-cerame-et-faience\/carrelage-aspect-pierre\/#primaryimage"},"thumbnailUrl":"https:\/\/www.portovenere.fr\/fr-fr\/wp-content\/uploads\/2019\/04\/Carrelage-Aspect-Pierre-Maxi.jpg","datePublished":"2019-11-07T09:28:42+00:00","dateModified":"2026-04-07T11:52:04+00:00","description":"D\u00e9couvrez nos collections de rev\u00eatements de sols et murs en carrelage de gr\u00e8s c\u00e9rame aspect pierre naturelle. Des gammes \u00e9l\u00e9gantes et robustes pour vos espaces.","breadcrumb":{"@id":"https:\/\/www.portovenere.fr\/fr-fr\/carrelage-sol-et-mur-en-gres-cerame-et-faience\/carrelage-aspect-pierre\/#breadcrumb"},"inLanguage":"fr-FR","potentialAction":[{"@type":"ReadAction","target":["https:\/\/www.portovenere.fr\/fr-fr\/carrelage-sol-et-mur-en-gres-cerame-et-faience\/carrelage-aspect-pierre\/"]}]},{"@type":"ImageObject","inLanguage":"fr-FR","@id":"https:\/\/www.portovenere.fr\/fr-fr\/carrelage-sol-et-mur-en-gres-cerame-et-faience\/carrelage-aspect-pierre\/#primaryimage","url":"https:\/\/www.portovenere.fr\/fr-fr\/wp-content\/uploads\/2019\/04\/Carrelage-Aspect-Pierre-Maxi.jpg","contentUrl":"https:\/\/www.portovenere.fr\/fr-fr\/wp-content\/uploads\/2019\/04\/Carrelage-Aspect-Pierre-Maxi.jpg","width":1500,"height":1000},{"@type":"BreadcrumbList","@id":"https:\/\/www.portovenere.fr\/fr-fr\/carrelage-sol-et-mur-en-gres-cerame-et-faience\/carrelage-aspect-pierre\/#breadcrumb","itemListElement":[{"@type":"ListItem","position":1,"name":"Page d'accueil","item":"https:\/\/www.portovenere.fr\/fr-fr\/"},{"@type":"ListItem","position":2,"name":"Carrelage sol et mur en gr\u00e8s c\u00e9rame et fa\u00efence","item":"https:\/\/www.portovenere.fr\/fr-fr\/carrelage-sol-et-mur-en-gres-cerame-et-faience\/"},{"@type":"ListItem","position":3,"name":"Carrelage Aspect Pierre"}]},{"@type":"WebSite","@id":"https:\/\/www.portovenere.fr\/fr-fr\/#website","url":"https:\/\/www.portovenere.fr\/fr-fr\/","name":"Porto Venere","description":"Magasin de carrelage, cuisine, salle de bain \u00e0 Montpellier dans l&#039;H\u00e9rault","publisher":{"@id":"https:\/\/www.portovenere.fr\/fr-fr\/#organization"},"potentialAction":[{"@type":"SearchAction","target":{"@type":"EntryPoint","urlTemplate":"https:\/\/www.portovenere.fr\/fr-fr\/?s={search_term_string}"},"query-input":{"@type":"PropertyValueSpecification","valueRequired":true,"valueName":"search_term_string"}}],"inLanguage":"fr-FR"},{"@type":"Organization","@id":"https:\/\/www.portovenere.fr\/fr-fr\/#organization","name":"Porto Venere - Carrelage Usine Center SARL","url":"https:\/\/www.portovenere.fr\/fr-fr\/","logo":{"@type":"ImageObject","inLanguage":"fr-FR","@id":"https:\/\/www.portovenere.fr\/fr-fr\/#\/schema\/logo\/image\/","url":"https:\/\/www.portovenere.fr\/fr-fr\/wp-content\/uploads\/2019\/05\/logo3.png","contentUrl":"https:\/\/www.portovenere.fr\/fr-fr\/wp-content\/uploads\/2019\/05\/logo3.png","width":388,"height":120,"caption":"Porto Venere - Carrelage Usine Center SARL"},"image":{"@id":"https:\/\/www.portovenere.fr\/fr-fr\/#\/schema\/logo\/image\/"},"sameAs":["https:\/\/www.facebook.com\/portovenere34\/","https:\/\/www.instagram.com\/porto.venere\/","https:\/\/www.linkedin.com\/company\/porto-venere-montpellier\/","https:\/\/www.pinterest.fr\/portovenere34\/"]}]}},"_links":{"self":[{"href":"https:\/\/www.portovenere.fr\/fr-fr\/wp-json\/wp\/v2\/pages\/17662","targetHints":{"allow":["GET"]}}],"collection":[{"href":"https:\/\/www.portovenere.fr\/fr-fr\/wp-json\/wp\/v2\/pages"}],"about":[{"href":"https:\/\/www.portovenere.fr\/fr-fr\/wp-json\/wp\/v2\/types\/page"}],"author":[{"embeddable":true,"href":"https:\/\/www.portovenere.fr\/fr-fr\/wp-json\/wp\/v2\/users\/2"}],"replies":[{"embeddable":true,"href":"https:\/\/www.portovenere.fr\/fr-fr\/wp-json\/wp\/v2\/comments?post=17662"}],"version-history":[{"count":453,"href":"https:\/\/www.portovenere.fr\/fr-fr\/wp-json\/wp\/v2\/pages\/17662\/revisions"}],"predecessor-version":[{"id":70777,"href":"https:\/\/www.portovenere.fr\/fr-fr\/wp-json\/wp\/v2\/pages\/17662\/revisions\/70777"}],"up":[{"embeddable":true,"href":"https:\/\/www.portovenere.fr\/fr-fr\/wp-json\/wp\/v2\/pages\/7146"}],"wp:featuredmedia":[{"embeddable":true,"href":"https:\/\/www.portovenere.fr\/fr-fr\/wp-json\/wp\/v2\/media\/5573"}],"wp:attachment":[{"href":"https:\/\/www.portovenere.fr\/fr-fr\/wp-json\/wp\/v2\/media?parent=17662"}],"curies":[{"name":"wp","href":"https:\/\/api.w.org\/{rel}","templated":true}]}}