{"id":20550,"date":"2019-12-11T12:56:18","date_gmt":"2019-12-11T12:56:18","guid":{"rendered":"https:\/\/www.portovenere.fr\/fr-fr\/?page_id=20550"},"modified":"2026-02-06T16:59:30","modified_gmt":"2026-02-06T15:59:30","slug":"carrelage-exterieur-antiderapant","status":"publish","type":"page","link":"https:\/\/www.portovenere.fr\/fr-fr\/carrelage-sol-et-mur-en-gres-cerame-et-faience\/carrelage-exterieur-antiderapant\/","title":{"rendered":"Carrelage ext\u00e9rieur antid\u00e9rapant"},"content":{"rendered":"\t\t<div data-elementor-type=\"wp-page\" data-elementor-id=\"20550\" class=\"elementor elementor-20550\" data-elementor-post-type=\"page\">\n\t\t\t\t\t\t<section class=\"elementor-section elementor-top-section elementor-element elementor-element-ef79839 elementor-section-boxed elementor-section-height-default elementor-section-height-default\" data-id=\"ef79839\" data-element_type=\"section\" data-e-type=\"section\">\n\t\t\t\t\t\t<div class=\"elementor-container elementor-column-gap-default\">\n\t\t\t\t\t<div class=\"elementor-column elementor-col-100 elementor-top-column elementor-element elementor-element-9983053\" data-id=\"9983053\" data-element_type=\"column\" data-e-type=\"column\">\n\t\t\t<div class=\"elementor-widget-wrap elementor-element-populated\">\n\t\t\t\t\t\t<div class=\"elementor-element elementor-element-254aa4a elementor-widget elementor-widget-menu-anchor\" data-id=\"254aa4a\" data-element_type=\"widget\" data-e-type=\"widget\" data-widget_type=\"menu-anchor.default\">\n\t\t\t\t<div class=\"elementor-widget-container\">\n\t\t\t\t\t\t\t<div class=\"elementor-menu-anchor\" id=\"retourhaut\"><\/div>\n\t\t\t\t\t\t<\/div>\n\t\t\t\t<\/div>\n\t\t\t\t\t<\/div>\n\t\t<\/div>\n\t\t\t\t\t<\/div>\n\t\t<\/section>\n\t\t\t\t<section class=\"elementor-section elementor-top-section elementor-element elementor-element-4245897b elementor-section-full_width elementor-section-height-default elementor-section-height-default\" data-id=\"4245897b\" data-element_type=\"section\" data-e-type=\"section\" data-settings=\"{&quot;background_background&quot;:&quot;classic&quot;}\">\n\t\t\t\t\t\t<div class=\"elementor-container elementor-column-gap-no\">\n\t\t\t\t\t<div class=\"elementor-column elementor-col-100 elementor-top-column elementor-element elementor-element-6f5e6f74\" data-id=\"6f5e6f74\" data-element_type=\"column\" data-e-type=\"column\">\n\t\t\t<div class=\"elementor-widget-wrap elementor-element-populated\">\n\t\t\t\t\t\t<div class=\"elementor-element elementor-element-377b1fcd elementor-widget elementor-widget-heading\" data-id=\"377b1fcd\" data-element_type=\"widget\" data-e-type=\"widget\" data-widget_type=\"heading.default\">\n\t\t\t\t<div class=\"elementor-widget-container\">\n\t\t\t\t\t<h1 class=\"elementor-heading-title elementor-size-default\">CARRELAGE<br>EXT\u00c9RIEUR antid\u00c9rapant<\/h1>\t\t\t\t<\/div>\n\t\t\t\t<\/div>\n\t\t\t\t<div class=\"elementor-element elementor-element-6aea46fd elementor-headline--style-rotate elementor-widget elementor-widget-animated-headline\" data-id=\"6aea46fd\" data-element_type=\"widget\" data-e-type=\"widget\" data-settings=\"{&quot;headline_style&quot;:&quot;rotate&quot;,&quot;animation_type&quot;:&quot;swirl&quot;,&quot;rotating_text&quot;:&quot;R\\u00e9sistance extr\\u00eame\\nEffet bois, pierre, m\\u00e9tal...\\nGrands formats&quot;,&quot;loop&quot;:&quot;yes&quot;,&quot;rotate_iteration_delay&quot;:2500}\" data-widget_type=\"animated-headline.default\">\n\t\t\t\t<div class=\"elementor-widget-container\">\n\t\t\t\t\t\t\t<h2 class=\"elementor-headline elementor-headline-animation-type-swirl elementor-headline-letters\">\n\t\t\t\t<span class=\"elementor-headline-dynamic-wrapper elementor-headline-text-wrapper\">\n\t\t\t\t\t<span class=\"elementor-headline-dynamic-text elementor-headline-text-active\">\n\t\t\t\tR\u00e9sistance&nbsp;extr\u00eame\t\t\t<\/span>\n\t\t\t\t\t<span class=\"elementor-headline-dynamic-text\">\n\t\t\t\tEffet&nbsp;bois,&nbsp;pierre,&nbsp;m\u00e9tal...\t\t\t<\/span>\n\t\t\t\t\t<span class=\"elementor-headline-dynamic-text\">\n\t\t\t\tGrands&nbsp;formats\t\t\t<\/span>\n\t\t\t\t\t\t<\/span>\n\t\t\t\t<\/h2>\n\t\t\t\t\t\t<\/div>\n\t\t\t\t<\/div>\n\t\t\t\t\t<\/div>\n\t\t<\/div>\n\t\t\t\t\t<\/div>\n\t\t<\/section>\n\t\t\t\t<section class=\"elementor-section elementor-top-section elementor-element elementor-element-24b5bb04 elementor-section-boxed elementor-section-height-default elementor-section-height-default\" data-id=\"24b5bb04\" data-element_type=\"section\" data-e-type=\"section\" data-settings=\"{&quot;background_background&quot;:&quot;classic&quot;}\">\n\t\t\t\t\t\t<div class=\"elementor-container elementor-column-gap-default\">\n\t\t\t\t\t<div class=\"elementor-column elementor-col-100 elementor-top-column elementor-element elementor-element-2ab11bd2\" data-id=\"2ab11bd2\" data-element_type=\"column\" data-e-type=\"column\">\n\t\t\t<div class=\"elementor-widget-wrap elementor-element-populated\">\n\t\t\t\t\t\t<div class=\"elementor-element elementor-element-2f5eac8b elementor-widget elementor-widget-text-editor\" data-id=\"2f5eac8b\" data-element_type=\"widget\" data-e-type=\"widget\" data-widget_type=\"text-editor.default\">\n\t\t\t\t<div class=\"elementor-widget-container\">\n\t\t\t\t\t\t\t\t\t<p style=\"text-align: center;\">Porto Venere pr\u00e9sente ses carrelages de sols ext\u00e9rieurs en gr\u00e8s c\u00e9rame antid\u00e9rapant. Tous ces mod\u00e8les sont caract\u00e9ris\u00e9s par une r\u00e9sistance extr\u00eame aux rayures, aux t\u00e2ches et ne craignent pas le gel. Les mod\u00e8les propos\u00e9s dans cette rubrique sont pr\u00e9vus pour une pose coll\u00e9e sur dalle b\u00e9ton. Il s&rsquo;agit le plus souvent de gammes de carrelage int\u00e9rieur ayant une d\u00e9clinaison en version antid\u00e9rapante. Certaines de nos nouvelles s\u00e9ries proposent aussi des finitions int\u00e9rieures\/ext\u00e9rieures identiques, lisses au toucher \u00e0 effet ventouse. Nous avons \u00e9galement toute une gamme de dalles ext\u00e9rieures 20mm visibles dans\u00a0<a href=\"https:\/\/www.portovenere.fr\/fr-fr\/carrelage-sol-et-mur-en-gres-cerame-et-faience\/dalles-20mm-pose-sur-plots-sable-gravier\/\">la rubrique correspondante.<\/a><\/p>\t\t\t\t\t\t\t\t<\/div>\n\t\t\t\t<\/div>\n\t\t\t\t\t<\/div>\n\t\t<\/div>\n\t\t\t\t\t<\/div>\n\t\t<\/section>\n\t\t\t\t<section class=\"elementor-section elementor-top-section elementor-element elementor-element-5a3d2dd2 elementor-section-full_width elementor-section-height-default elementor-section-height-default elementor-invisible\" data-id=\"5a3d2dd2\" data-element_type=\"section\" data-e-type=\"section\" data-settings=\"{&quot;animation&quot;:&quot;fadeIn&quot;}\">\n\t\t\t\t\t\t<div class=\"elementor-container elementor-column-gap-default\">\n\t\t\t\t\t<div class=\"elementor-column elementor-col-33 elementor-top-column elementor-element elementor-element-3959b91\" data-id=\"3959b91\" data-element_type=\"column\" data-e-type=\"column\" data-settings=\"{&quot;background_background&quot;:&quot;classic&quot;}\">\n\t\t\t<div class=\"elementor-widget-wrap elementor-element-populated\">\n\t\t\t\t\t\t<div class=\"elementor-element elementor-element-7451cfc elementor-widget elementor-widget-image\" data-id=\"7451cfc\" data-element_type=\"widget\" data-e-type=\"widget\" data-widget_type=\"image.default\">\n\t\t\t\t<div class=\"elementor-widget-container\">\n\t\t\t\t\t\t\t\t\t\t\t\t\t\t\t\t<a href=\"https:\/\/www.portovenere.fr\/fr-fr\/carrelage-sol-et-mur-en-gres-cerame-et-faience\/carrelage-aspect-pierre\/carrelage-sol-et-mur-pierre-de-roche\/\">\n\t\t\t\t\t\t\t<img decoding=\"async\" src=\"https:\/\/www.portovenere.fr\/fr-fr\/wp-content\/uploads\/elementor\/thumbs\/Carrelage-pour-exterieur-et-interieur-pour-Pierre-de-Roche-Beige-en-gres-cerame-de-qualite-dalles-2cm-grand-format-100x100-cm-magasin-a-Montpellier-34-r8ifx397djbjhdjv7klkrrm7xisqh6xkcrl825tefs.jpg\" title=\"Carrelage-pour-ext\u00e9rieur-et-int\u00e9rieur-pour-Pierre-de-Roche-Beige-en-gr\u00e8s-c\u00e9rame-de-qualit\u00e9-dalles-2cm-grand-format-100&#215;100-cm-magasin-\u00e0-Montpellier-34\" alt=\"Beige Minimal 100x100cm - 20mm au sol et Vari\u00e9 120x278 cm au mur\" loading=\"lazy\" \/>\t\t\t\t\t\t\t\t<\/a>\n\t\t\t\t\t\t\t\t\t\t\t\t\t\t\t<\/div>\n\t\t\t\t<\/div>\n\t\t\t\t<div class=\"elementor-element elementor-element-33d3aef elementor-widget elementor-widget-heading\" data-id=\"33d3aef\" data-element_type=\"widget\" data-e-type=\"widget\" data-widget_type=\"heading.default\">\n\t\t\t\t<div class=\"elementor-widget-container\">\n\t\t\t\t\t<h3 class=\"elementor-heading-title elementor-size-default\"><a href=\"https:\/\/www.portovenere.fr\/fr-fr\/carrelage-sol-et-mur-en-gres-cerame-et-faience\/carrelage-aspect-pierre\/carrelage-sol-et-mur-pierre-de-roche\/\">PIERRE DE ROCHE | 3 coloris &amp; 2 styles<\/a><\/h3>\t\t\t\t<\/div>\n\t\t\t\t<\/div>\n\t\t\t\t<div class=\"elementor-element elementor-element-392f92f elementor-widget__width-initial elementor-widget elementor-widget-gallery\" data-id=\"392f92f\" data-element_type=\"widget\" data-e-type=\"widget\" data-settings=\"{&quot;gap&quot;:{&quot;unit&quot;:&quot;px&quot;,&quot;size&quot;:3,&quot;sizes&quot;:[]},&quot;columns_mobile&quot;:3,&quot;gap_mobile&quot;:{&quot;unit&quot;:&quot;px&quot;,&quot;size&quot;:6,&quot;sizes&quot;:[]},&quot;columns&quot;:5,&quot;columns_tablet&quot;:3,&quot;gap_tablet&quot;:{&quot;unit&quot;:&quot;px&quot;,&quot;size&quot;:5,&quot;sizes&quot;:[]},&quot;lazyload&quot;:&quot;yes&quot;,&quot;gallery_layout&quot;:&quot;grid&quot;,&quot;aspect_ratio&quot;:&quot;3:2&quot;,&quot;overlay_background&quot;:&quot;yes&quot;,&quot;content_hover_animation&quot;:&quot;fade-in&quot;}\" data-widget_type=\"gallery.default\">\n\t\t\t\t<div class=\"elementor-widget-container\">\n\t\t\t\t\t\t\t<div class=\"elementor-gallery__container\">\n\t\t\t\t\t\t\t<div class=\"e-gallery-item elementor-gallery-item elementor-animated-content\">\n\t\t\t\t\t<div class=\"e-gallery-image elementor-gallery-item__image\" data-thumbnail=\"https:\/\/www.portovenere.fr\/fr-fr\/wp-content\/uploads\/2025\/03\/Carrelage-sol-et-mur-pour-interieur-et-exterieur-style-Pierre-de-Roche-Blanc-minimal-en-gres-cerame-de-qualite-magasin-Porto-Venere-a-Montpellier-34-150x150.jpg\" data-width=\"150\" data-height=\"150\" aria-label=\"\" role=\"img\" ><\/div>\n\t\t\t\t\t\t\t\t\t\t\t<div class=\"elementor-gallery-item__overlay\"><\/div>\n\t\t\t\t\t\t\t\t\t\t\t\t\t\t<\/div>\n\t\t\t\t\t\t\t<div class=\"e-gallery-item elementor-gallery-item elementor-animated-content\">\n\t\t\t\t\t<div class=\"e-gallery-image elementor-gallery-item__image\" data-thumbnail=\"https:\/\/www.portovenere.fr\/fr-fr\/wp-content\/uploads\/2025\/03\/Carrelage-sol-et-mur-pour-interieur-et-exterieur-style-Pierre-de-Roche-Beige-minimal-en-gres-cerame-de-qualite-magasin-Porto-Venere-pres-de-Mauguio-34-150x150.jpg\" data-width=\"150\" data-height=\"150\" aria-label=\"\" role=\"img\" ><\/div>\n\t\t\t\t\t\t\t\t\t\t\t<div class=\"elementor-gallery-item__overlay\"><\/div>\n\t\t\t\t\t\t\t\t\t\t\t\t\t\t<\/div>\n\t\t\t\t\t\t\t<div class=\"e-gallery-item elementor-gallery-item elementor-animated-content\">\n\t\t\t\t\t<div class=\"e-gallery-image elementor-gallery-item__image\" data-thumbnail=\"https:\/\/www.portovenere.fr\/fr-fr\/wp-content\/uploads\/2025\/03\/Carrelage-sol-et-mur-pour-interieur-et-exterieur-style-Pierre-de-Roche-Gris-minimal-en-gres-cerame-de-qualite-magasin-Porto-Venere-pres-de-Agde-34-150x150.jpg\" data-width=\"150\" data-height=\"150\" aria-label=\"\" role=\"img\" ><\/div>\n\t\t\t\t\t\t\t\t\t\t\t<div class=\"elementor-gallery-item__overlay\"><\/div>\n\t\t\t\t\t\t\t\t\t\t\t\t\t\t<\/div>\n\t\t\t\t\t\t\t<div class=\"e-gallery-item elementor-gallery-item elementor-animated-content\">\n\t\t\t\t\t<div class=\"e-gallery-image elementor-gallery-item__image\" data-thumbnail=\"https:\/\/www.portovenere.fr\/fr-fr\/wp-content\/uploads\/2025\/03\/Carrelage-sol-et-mur-pour-interieur-et-exterieur-style-Pierre-de-Roche-Blanc-Variee-en-gres-cerame-de-qualite-Porto-Venere-a-Montpellier-34-150x150.jpg\" data-width=\"150\" data-height=\"150\" aria-label=\"\" role=\"img\" ><\/div>\n\t\t\t\t\t\t\t\t\t\t\t<div class=\"elementor-gallery-item__overlay\"><\/div>\n\t\t\t\t\t\t\t\t\t\t\t\t\t\t<\/div>\n\t\t\t\t\t\t\t<div class=\"e-gallery-item elementor-gallery-item elementor-animated-content\">\n\t\t\t\t\t<div class=\"e-gallery-image elementor-gallery-item__image\" data-thumbnail=\"https:\/\/www.portovenere.fr\/fr-fr\/wp-content\/uploads\/2025\/03\/Carrelage-sol-et-mur-pour-interieur-et-exterieur-style-Pierre-de-Roche-Beige-Variee-en-gres-cerame-de-qualite-Porto-Venere-pres-de-Jacou-34-150x150.jpg\" data-width=\"150\" data-height=\"150\" aria-label=\"\" role=\"img\" ><\/div>\n\t\t\t\t\t\t\t\t\t\t\t<div class=\"elementor-gallery-item__overlay\"><\/div>\n\t\t\t\t\t\t\t\t\t\t\t\t\t\t<\/div>\n\t\t\t\t\t\t\t<div class=\"e-gallery-item elementor-gallery-item elementor-animated-content\">\n\t\t\t\t\t<div class=\"e-gallery-image elementor-gallery-item__image\" data-thumbnail=\"https:\/\/www.portovenere.fr\/fr-fr\/wp-content\/uploads\/2025\/03\/Carrelage-sol-et-mur-pour-interieur-et-exterieur-style-Pierre-de-Roche-Gris-Variee-en-gres-cerame-de-qualite-Porto-Venere-pres-de-Lattes-34-150x150.jpg\" data-width=\"150\" data-height=\"150\" aria-label=\"\" role=\"img\" ><\/div>\n\t\t\t\t\t\t\t\t\t\t\t<div class=\"elementor-gallery-item__overlay\"><\/div>\n\t\t\t\t\t\t\t\t\t\t\t\t\t\t<\/div>\n\t\t\t\t\t\t\t<div class=\"e-gallery-item elementor-gallery-item elementor-animated-content\">\n\t\t\t\t\t<div class=\"e-gallery-image elementor-gallery-item__image\" data-thumbnail=\"https:\/\/www.portovenere.fr\/fr-fr\/wp-content\/uploads\/2025\/03\/Carrelage-mural-decor-credence-Pierre-de-Roche-Pointe-60x120-cm-Beige-pour-cusiine-salle-de-bain-magasin-Porto-Venere-pres-de-Sete-34-150x150.jpg\" data-width=\"150\" data-height=\"150\" aria-label=\"\" role=\"img\" ><\/div>\n\t\t\t\t\t\t\t\t\t\t\t<div class=\"elementor-gallery-item__overlay\"><\/div>\n\t\t\t\t\t\t\t\t\t\t\t\t\t\t<\/div>\n\t\t\t\t\t\t\t<div class=\"e-gallery-item elementor-gallery-item elementor-animated-content\">\n\t\t\t\t\t<div class=\"e-gallery-image elementor-gallery-item__image\" data-thumbnail=\"https:\/\/www.portovenere.fr\/fr-fr\/wp-content\/uploads\/2025\/03\/Carrelage-mural-decor-credence-Pierre-de-Roche-Pointe-60x120-cm-Blanc-pour-cusiine-salle-de-bain-magasin-Porto-Venere-pres-de-Palavas-34-150x150.jpg\" data-width=\"150\" data-height=\"150\" aria-label=\"\" role=\"img\" ><\/div>\n\t\t\t\t\t\t\t\t\t\t\t<div class=\"elementor-gallery-item__overlay\"><\/div>\n\t\t\t\t\t\t\t\t\t\t\t\t\t\t<\/div>\n\t\t\t\t\t\t\t<div class=\"e-gallery-item elementor-gallery-item elementor-animated-content\">\n\t\t\t\t\t<div class=\"e-gallery-image elementor-gallery-item__image\" data-thumbnail=\"https:\/\/www.portovenere.fr\/fr-fr\/wp-content\/uploads\/2025\/03\/Carrelage-mural-decor-credence-Pierre-de-Roche-Pointe-60x120-cm-Gris-pour-cusiine-salle-de-bain-magasin-Porto-Venere-pres-de-Montferrier-sur-Lez-34-150x150.jpg\" data-width=\"150\" data-height=\"150\" aria-label=\"\" role=\"img\" ><\/div>\n\t\t\t\t\t\t\t\t\t\t\t<div class=\"elementor-gallery-item__overlay\"><\/div>\n\t\t\t\t\t\t\t\t\t\t\t\t\t\t<\/div>\n\t\t\t\t\t\t\t<div class=\"e-gallery-item elementor-gallery-item elementor-animated-content\">\n\t\t\t\t\t<div class=\"e-gallery-image elementor-gallery-item__image\" data-thumbnail=\"https:\/\/www.portovenere.fr\/fr-fr\/wp-content\/uploads\/2025\/03\/Mosaique-credence-carrelage-mural-Pierre-de-Roche-Petit-Mur-30x30-cm-gris-magasin-revetement-mural-a-Montpellier-34-150x150.jpg\" data-width=\"150\" data-height=\"150\" aria-label=\"\" role=\"img\" ><\/div>\n\t\t\t\t\t\t\t\t\t\t\t<div class=\"elementor-gallery-item__overlay\"><\/div>\n\t\t\t\t\t\t\t\t\t\t\t\t\t\t<\/div>\n\t\t\t\t\t\t\t<div class=\"e-gallery-item elementor-gallery-item elementor-animated-content\">\n\t\t\t\t\t<div class=\"e-gallery-image elementor-gallery-item__image\" data-thumbnail=\"https:\/\/www.portovenere.fr\/fr-fr\/wp-content\/uploads\/2025\/03\/Mosaique-credence-carrelage-mural-Pierre-de-Roche-Petit-Mur-30x30-cm-blanc-magasin-revetement-mural-proche-de-Mauguio-34-150x150.jpg\" data-width=\"150\" data-height=\"150\" aria-label=\"\" role=\"img\" ><\/div>\n\t\t\t\t\t\t\t\t\t\t\t<div class=\"elementor-gallery-item__overlay\"><\/div>\n\t\t\t\t\t\t\t\t\t\t\t\t\t\t<\/div>\n\t\t\t\t\t\t\t<div class=\"e-gallery-item elementor-gallery-item elementor-animated-content\">\n\t\t\t\t\t<div class=\"e-gallery-image elementor-gallery-item__image\" data-thumbnail=\"https:\/\/www.portovenere.fr\/fr-fr\/wp-content\/uploads\/2025\/03\/Mosaique-credence-carrelage-mural-Pierre-de-Roche-Petit-Mur-30x30-cm-beige-magasin-revetement-mural-a-Montpellier-34-150x150.jpg\" data-width=\"150\" data-height=\"150\" aria-label=\"\" role=\"img\" ><\/div>\n\t\t\t\t\t\t\t\t\t\t\t<div class=\"elementor-gallery-item__overlay\"><\/div>\n\t\t\t\t\t\t\t\t\t\t\t\t\t\t<\/div>\n\t\t\t\t\t\t\t<div class=\"e-gallery-item elementor-gallery-item elementor-animated-content\">\n\t\t\t\t\t<div class=\"e-gallery-image elementor-gallery-item__image\" data-thumbnail=\"https:\/\/www.portovenere.fr\/fr-fr\/wp-content\/uploads\/2025\/03\/Mosaique-carrelage-mural-et-sol-tendance-Pierre-de-Roche-Minimal-Gris-30x30-cm-magasin-amenagement-interieur-proche-de-Agde-34-150x150.jpg\" data-width=\"150\" data-height=\"150\" aria-label=\"\" role=\"img\" ><\/div>\n\t\t\t\t\t\t\t\t\t\t\t<div class=\"elementor-gallery-item__overlay\"><\/div>\n\t\t\t\t\t\t\t\t\t\t\t\t\t\t<\/div>\n\t\t\t\t\t\t\t<div class=\"e-gallery-item elementor-gallery-item elementor-animated-content\">\n\t\t\t\t\t<div class=\"e-gallery-image elementor-gallery-item__image\" data-thumbnail=\"https:\/\/www.portovenere.fr\/fr-fr\/wp-content\/uploads\/2025\/03\/Mosaique-carrelage-mural-et-sol-tendance-Pierre-de-Roche-Minimal-blanc-30x30-cm-magasin-amenagement-interieur-proche-de-Sete-34-150x150.jpg\" data-width=\"150\" data-height=\"150\" aria-label=\"\" role=\"img\" ><\/div>\n\t\t\t\t\t\t\t\t\t\t\t<div class=\"elementor-gallery-item__overlay\"><\/div>\n\t\t\t\t\t\t\t\t\t\t\t\t\t\t<\/div>\n\t\t\t\t\t\t\t<div class=\"e-gallery-item elementor-gallery-item elementor-animated-content\">\n\t\t\t\t\t<div class=\"e-gallery-image elementor-gallery-item__image\" data-thumbnail=\"https:\/\/www.portovenere.fr\/fr-fr\/wp-content\/uploads\/2025\/03\/Mosaique-carrelage-mural-et-sol-tendance-Pierre-de-Roche-Minimal-beige-30x30-cm-magasin-amenagement-interieur-proche-de-Saint-Clement-de-Riviere-34-150x150.jpg\" data-width=\"150\" data-height=\"150\" aria-label=\"\" role=\"img\" ><\/div>\n\t\t\t\t\t\t\t\t\t\t\t<div class=\"elementor-gallery-item__overlay\"><\/div>\n\t\t\t\t\t\t\t\t\t\t\t\t\t\t<\/div>\n\t\t\t\t\t\t\t<div class=\"e-gallery-item elementor-gallery-item elementor-animated-content\">\n\t\t\t\t\t<div class=\"e-gallery-image elementor-gallery-item__image\" data-thumbnail=\"https:\/\/www.portovenere.fr\/fr-fr\/wp-content\/uploads\/2025\/03\/Mosaique-carrelage-mural-et-sol-tendance-Pierre-de-Roche-Variee-beige-30x30-cm-magasin-amenagement-interieur-proche-de-Laverune-34-150x150.jpg\" data-width=\"150\" data-height=\"150\" aria-label=\"\" role=\"img\" ><\/div>\n\t\t\t\t\t\t\t\t\t\t\t<div class=\"elementor-gallery-item__overlay\"><\/div>\n\t\t\t\t\t\t\t\t\t\t\t\t\t\t<\/div>\n\t\t\t\t\t<\/div>\n\t\t\t\t\t<\/div>\n\t\t\t\t<\/div>\n\t\t\t\t<div class=\"elementor-element elementor-element-d2c7f9b elementor-widget elementor-widget-text-editor\" data-id=\"d2c7f9b\" data-element_type=\"widget\" data-e-type=\"widget\" data-widget_type=\"text-editor.default\">\n\t\t\t\t<div class=\"elementor-widget-container\">\n\t\t\t\t\t\t\t\t\t<p>Vous recherchez un carrelage\u00a0<b>pour sol et mur\u00a0<\/b>dans les\u00a0<b>nuances de beige<\/b>\u00a0et\/ou gris cr\u00e8me ? D\u00e9couvrez le\u00a0<b>gr\u00e8s c\u00e9rame<\/b>\u00a0de qualit\u00e9 sup\u00e9rieure Pierre de Roche qui se d\u00e9cline dans\u00a0<b>3 teintes naturelles<\/b>\u00a0: Blanc, Beige et Gris.\u00a0<\/p><p>Tr\u00e8s tendance, le beige revient dans tous les am\u00e9nagements int\u00e9rieurs. Le carrelage sol et mur Pierre de Roche se d\u00e9cline dans les formats :\u00a0<b>120\u00d7120 cm, 60\u00d7120 cm, 60\u00d760 cm, 30\u00d760 cm, 100\u00d7100 cm et en maxi format XXL 120\u00d7278 cm en fine \u00e9paisseur 6.5mm<\/b>.\u00a0<\/p><p>3 finitions disponibles :\u00a0<b>Naturel , Lappato (poli) ou Tecnica Antid\u00e9rapant.<\/b>\u00a0<\/p><p>La collection de carrelage Pierre de Roche est parfaitement adapt\u00e9e pour toutes les pi\u00e8ces de la maison, du salon \u00e0 la salle de bain, en passant par la cuisine ou la\u00a0<b>terrasse\u00a0<\/b>gr\u00e2ce \u00e0 la finition<b>\u00a0Technica antid\u00e9rapante<\/b>\u00a0en 9mm et en\u00a0<b>dalles ext\u00e9rieures 20mm<\/b>\u00a0d\u2019\u00e9paisseur 100\u00d7100 cm.<\/p><p>Trois styles de\u00a0<b>mosa\u00efques 30\u00d730 cm<\/b>, un\u00a0<b>d\u00e9cor Pointe 60\u00d7120 cm,<\/b>\u00a0des plinthes et des marches compl\u00e8tent la collection.\u00a0<\/p>\t\t\t\t\t\t\t\t<\/div>\n\t\t\t\t<\/div>\n\t\t\t\t<div class=\"elementor-element elementor-element-e0a7921 elementor-mobile-align-center elementor-align-left elementor-widget elementor-widget-button\" data-id=\"e0a7921\" data-element_type=\"widget\" data-e-type=\"widget\" data-widget_type=\"button.default\">\n\t\t\t\t<div class=\"elementor-widget-container\">\n\t\t\t\t\t\t\t\t\t<div class=\"elementor-button-wrapper\">\n\t\t\t\t\t<a class=\"elementor-button elementor-button-link elementor-size-sm\" href=\"https:\/\/www.portovenere.fr\/fr-fr\/carrelage-sol-et-mur-en-gres-cerame-et-faience\/carrelage-aspect-pierre\/carrelage-sol-et-mur-pierre-de-roche\/\">\n\t\t\t\t\t\t<span class=\"elementor-button-content-wrapper\">\n\t\t\t\t\t\t\t\t\t<span class=\"elementor-button-text\">Voir la collection<\/span>\n\t\t\t\t\t<\/span>\n\t\t\t\t\t<\/a>\n\t\t\t\t<\/div>\n\t\t\t\t\t\t\t\t<\/div>\n\t\t\t\t<\/div>\n\t\t\t\t\t<\/div>\n\t\t<\/div>\n\t\t\t\t<div class=\"elementor-column elementor-col-33 elementor-top-column elementor-element elementor-element-0583614\" data-id=\"0583614\" data-element_type=\"column\" data-e-type=\"column\" data-settings=\"{&quot;background_background&quot;:&quot;classic&quot;}\">\n\t\t\t<div class=\"elementor-widget-wrap elementor-element-populated\">\n\t\t\t\t\t\t<div class=\"elementor-element elementor-element-31b5d67 elementor-widget elementor-widget-image\" data-id=\"31b5d67\" data-element_type=\"widget\" data-e-type=\"widget\" data-widget_type=\"image.default\">\n\t\t\t\t<div class=\"elementor-widget-container\">\n\t\t\t\t\t\t\t\t\t\t\t\t\t\t\t\t<a href=\"https:\/\/www.portovenere.fr\/fr-fr\/carrelage-sol-et-mur-en-gres-cerame-et-faience\/carrelage-aspect-pierre\/carrelage-effet-pierre-interieur-exterieur-caminarem\/\">\n\t\t\t\t\t\t\t<img decoding=\"async\" src=\"https:\/\/www.portovenere.fr\/fr-fr\/wp-content\/uploads\/elementor\/thumbs\/Carrelage-effet-pierre-en-pose-Opus-mix-formats-pour-interieur-et-exterieur-CAMINAREM-Mud-magasin-Porto-Venere-pres-de-Sete-34-re9h88z3gbjmm3oxxjixcpq1e12vtsnkm7hoqoc3q8.jpg\" title=\"Carrelage-effet-pierre-en-pose-Opus-mix-formats-pour-int\u00e9rieur-et-ext\u00e9rieur-CAMINAREM-Mud-magasin-Porto-Venere-pr\u00e8s-de-S\u00e8te-34\" alt=\"Carrelage effet pierre pose en diff\u00e9rentes tailles en int\u00e9rieur et ext\u00e9rieur d&#039;une villa design Porto Venere \u00e0 Montpellier 34\" loading=\"lazy\" \/>\t\t\t\t\t\t\t\t<\/a>\n\t\t\t\t\t\t\t\t\t\t\t\t\t\t\t<\/div>\n\t\t\t\t<\/div>\n\t\t\t\t<div class=\"elementor-element elementor-element-4cf454f elementor-widget elementor-widget-heading\" data-id=\"4cf454f\" data-element_type=\"widget\" data-e-type=\"widget\" data-widget_type=\"heading.default\">\n\t\t\t\t<div class=\"elementor-widget-container\">\n\t\t\t\t\t<h3 class=\"elementor-heading-title elementor-size-default\"><a href=\"https:\/\/www.portovenere.fr\/fr-fr\/carrelage-sol-et-mur-en-gres-cerame-et-faience\/carrelage-aspect-pierre\/carrelage-effet-pierre-interieur-exterieur-caminarem\/\">CAMINAREM | 4 coloris<\/a><\/h3>\t\t\t\t<\/div>\n\t\t\t\t<\/div>\n\t\t\t\t<div class=\"elementor-element elementor-element-d0c9675 elementor-widget__width-initial elementor-widget elementor-widget-gallery\" data-id=\"d0c9675\" data-element_type=\"widget\" data-e-type=\"widget\" data-settings=\"{&quot;gap&quot;:{&quot;unit&quot;:&quot;px&quot;,&quot;size&quot;:3,&quot;sizes&quot;:[]},&quot;columns_mobile&quot;:3,&quot;gap_mobile&quot;:{&quot;unit&quot;:&quot;px&quot;,&quot;size&quot;:6,&quot;sizes&quot;:[]},&quot;columns&quot;:5,&quot;columns_tablet&quot;:3,&quot;gap_tablet&quot;:{&quot;unit&quot;:&quot;px&quot;,&quot;size&quot;:5,&quot;sizes&quot;:[]},&quot;lazyload&quot;:&quot;yes&quot;,&quot;gallery_layout&quot;:&quot;grid&quot;,&quot;aspect_ratio&quot;:&quot;3:2&quot;,&quot;overlay_background&quot;:&quot;yes&quot;,&quot;content_hover_animation&quot;:&quot;fade-in&quot;}\" data-widget_type=\"gallery.default\">\n\t\t\t\t<div class=\"elementor-widget-container\">\n\t\t\t\t\t\t\t<div class=\"elementor-gallery__container\">\n\t\t\t\t\t\t\t<div class=\"e-gallery-item elementor-gallery-item elementor-animated-content\">\n\t\t\t\t\t<div class=\"e-gallery-image elementor-gallery-item__image\" data-thumbnail=\"https:\/\/www.portovenere.fr\/fr-fr\/wp-content\/uploads\/2025\/11\/Carrelage-effet-pierre-naturelle-mix-formats-pour-interieur-et-exterieur-CAMINAREM-Mud-greige-magasin-Porto-Venere-pres-de-Baillargues-34-150x150.jpg\" data-width=\"150\" data-height=\"150\" aria-label=\"\" role=\"img\" ><\/div>\n\t\t\t\t\t\t\t\t\t\t\t<div class=\"elementor-gallery-item__overlay\"><\/div>\n\t\t\t\t\t\t\t\t\t\t\t\t\t\t<\/div>\n\t\t\t\t\t\t\t<div class=\"e-gallery-item elementor-gallery-item elementor-animated-content\">\n\t\t\t\t\t<div class=\"e-gallery-image elementor-gallery-item__image\" data-thumbnail=\"https:\/\/www.portovenere.fr\/fr-fr\/wp-content\/uploads\/2025\/11\/Carrelage-effet-pierre-naturelle-mix-formats-pour-interieur-et-exterieur-CAMINAREM-Light-sable-clair-magasin-Porto-Venere-pres-de-Clapiers-34-150x150.jpg\" data-width=\"150\" data-height=\"150\" aria-label=\"Carrelage effet pierre pour sols et murs en int\u00e9rieur et ext\u00e9rieur CAMINAREM magasin carrelage Porto Venere \u00e0 Montpellier\" role=\"img\" ><\/div>\n\t\t\t\t\t\t\t\t\t\t\t<div class=\"elementor-gallery-item__overlay\"><\/div>\n\t\t\t\t\t\t\t\t\t\t\t\t\t\t<\/div>\n\t\t\t\t\t\t\t<div class=\"e-gallery-item elementor-gallery-item elementor-animated-content\">\n\t\t\t\t\t<div class=\"e-gallery-image elementor-gallery-item__image\" data-thumbnail=\"https:\/\/www.portovenere.fr\/fr-fr\/wp-content\/uploads\/2025\/11\/Carrelage-effet-pierre-naturelle-mix-formats-pour-interieur-et-exterieur-CAMINAREM-Golden-beige-magasin-Porto-Venere-pres-de-Perols-34-150x150.jpg\" data-width=\"150\" data-height=\"150\" aria-label=\"Carrelage effet pierre pour sols et murs en int\u00e9rieur et ext\u00e9rieur CAMINAREM magasin carrelage Porto Venere \u00e0 Montpellier\" role=\"img\" ><\/div>\n\t\t\t\t\t\t\t\t\t\t\t<div class=\"elementor-gallery-item__overlay\"><\/div>\n\t\t\t\t\t\t\t\t\t\t\t\t\t\t<\/div>\n\t\t\t\t\t\t\t<div class=\"e-gallery-item elementor-gallery-item elementor-animated-content\">\n\t\t\t\t\t<div class=\"e-gallery-image elementor-gallery-item__image\" data-thumbnail=\"https:\/\/www.portovenere.fr\/fr-fr\/wp-content\/uploads\/2025\/11\/Carrelage-effet-pierre-naturelle-mix-formats-pour-interieur-et-exterieur-CAMINAREM-Ash-gris-magasin-Porto-Venere-pres-de-Juvignac-34-150x150.jpg\" data-width=\"150\" data-height=\"150\" aria-label=\"Carrelage effet pierre pour sols et murs en int\u00e9rieur et ext\u00e9rieur CAMINAREM magasin carrelage Porto Venere \u00e0 Montpellier\" role=\"img\" ><\/div>\n\t\t\t\t\t\t\t\t\t\t\t<div class=\"elementor-gallery-item__overlay\"><\/div>\n\t\t\t\t\t\t\t\t\t\t\t\t\t\t<\/div>\n\t\t\t\t\t<\/div>\n\t\t\t\t\t<\/div>\n\t\t\t\t<\/div>\n\t\t\t\t<div class=\"elementor-element elementor-element-745a53d elementor-widget elementor-widget-text-editor\" data-id=\"745a53d\" data-element_type=\"widget\" data-e-type=\"widget\" data-widget_type=\"text-editor.default\">\n\t\t\t\t<div class=\"elementor-widget-container\">\n\t\t\t\t\t\t\t\t\t<p data-start=\"74\" data-end=\"212\">Apportez l\u2019\u00e9l\u00e9gance min\u00e9rale de la pierre naturelle \u00e0 vos sols et murs avec <strong data-start=\"2136\" data-end=\"2149\">CAMINAREM<\/strong>. D\u00e9clin\u00e9e en 4 coloris\u00a0<strong data-start=\"2163\" data-end=\"2192\">Mud, Golden, Ash et Light<\/strong>, cette collection de gr\u00e8s c\u00e9rame s\u2019adapte \u00e0 tous les styles.\u00a0<\/p><p data-start=\"74\" data-end=\"212\">Formats <strong data-start=\"2262\" data-end=\"2317\">30\u00d760, 60\u00d760, 60\u00d790, 60\u00d7120 cm (\u00e9p 9.5mm) et 100\u00d7100 cm en 8,5 mm<\/strong>, avec pose possible en <strong data-start=\"2341\" data-end=\"2349\">OPUS<\/strong>, et dalles ext\u00e9rieures en 20 mm. Finitions mate\/naturelle, Wax (cir\u00e9) ou antid\u00e9rapante R11.\u00a0<\/p><p data-start=\"74\" data-end=\"212\">Convient aux <strong data-start=\"2454\" data-end=\"2482\">int\u00e9rieurs et ext\u00e9rieurs<\/strong>, sols et murs. Polyvalente, r\u00e9sistante et facile \u00e0 entretenir, CAMINAREM sublime vos espaces avec l\u2019authenticit\u00e9 de la pierre et la modernit\u00e9 du gr\u00e8s c\u00e9rame.<\/p>\t\t\t\t\t\t\t\t<\/div>\n\t\t\t\t<\/div>\n\t\t\t\t<div class=\"elementor-element elementor-element-813fee4 elementor-mobile-align-center elementor-align-left elementor-widget elementor-widget-button\" data-id=\"813fee4\" data-element_type=\"widget\" data-e-type=\"widget\" data-widget_type=\"button.default\">\n\t\t\t\t<div class=\"elementor-widget-container\">\n\t\t\t\t\t\t\t\t\t<div class=\"elementor-button-wrapper\">\n\t\t\t\t\t<a class=\"elementor-button elementor-button-link elementor-size-sm\" href=\"https:\/\/www.portovenere.fr\/fr-fr\/carrelage-sol-et-mur-en-gres-cerame-et-faience\/carrelage-aspect-pierre\/carrelage-effet-pierre-interieur-exterieur-caminarem\/\">\n\t\t\t\t\t\t<span class=\"elementor-button-content-wrapper\">\n\t\t\t\t\t\t\t\t\t<span class=\"elementor-button-text\">Voir la collection<\/span>\n\t\t\t\t\t<\/span>\n\t\t\t\t\t<\/a>\n\t\t\t\t<\/div>\n\t\t\t\t\t\t\t\t<\/div>\n\t\t\t\t<\/div>\n\t\t\t\t\t<\/div>\n\t\t<\/div>\n\t\t\t\t<div class=\"elementor-column elementor-col-33 elementor-top-column elementor-element elementor-element-c926129\" data-id=\"c926129\" data-element_type=\"column\" data-e-type=\"column\" data-settings=\"{&quot;background_background&quot;:&quot;classic&quot;}\">\n\t\t\t<div class=\"elementor-widget-wrap elementor-element-populated\">\n\t\t\t\t\t\t<div class=\"elementor-element elementor-element-80feb05 elementor-widget elementor-widget-image\" data-id=\"80feb05\" data-element_type=\"widget\" data-e-type=\"widget\" data-widget_type=\"image.default\">\n\t\t\t\t<div class=\"elementor-widget-container\">\n\t\t\t\t\t\t\t\t\t\t\t\t\t\t\t\t<a href=\"https:\/\/www.portovenere.fr\/fr-fr\/carrelage-sol-et-mur-en-gres-cerame-et-faience\/carrelage-aspect-pierre\/carrelage-beige-sable-effet-pierre-awassa\/\">\n\t\t\t\t\t\t\t<img decoding=\"async\" src=\"https:\/\/www.portovenere.fr\/fr-fr\/wp-content\/uploads\/elementor\/thumbs\/Carrelage-terrasse-tour-de-piscine-antiderapant-effet-pierre-claire-XXL-AWASSA-White-120x120-cm-Magasin-gres-cerame-pres-de-Saint-Clement-de-Riviere-34-rfy1xw87q72i2n65juaucxhzn67zjkt3rzchmc24zk.jpg\" title=\"Carrelage-terrasse-tour-de-piscine-antid\u00e9rapant-effet-pierre-claire-XXL-AWASSA-White-120&#215;120-cm-Magasin-gr\u00e8s-c\u00e9rame-pr\u00e8s-de-Saint-Cl\u00e9ment-de-Rivi\u00e8re-34\" alt=\"Terrasse et tour de piscine avec carrelage antid\u00e9rapant XXL sable beige clair 120x120 cm R11 AWASSA coloris White - Magasin de carrelage PORTO VENERE MONTPELLIER pr\u00e8s de Agde 34\" loading=\"lazy\" \/>\t\t\t\t\t\t\t\t<\/a>\n\t\t\t\t\t\t\t\t\t\t\t\t\t\t\t<\/div>\n\t\t\t\t<\/div>\n\t\t\t\t<div class=\"elementor-element elementor-element-8114319 elementor-widget elementor-widget-heading\" data-id=\"8114319\" data-element_type=\"widget\" data-e-type=\"widget\" data-widget_type=\"heading.default\">\n\t\t\t\t<div class=\"elementor-widget-container\">\n\t\t\t\t\t<h3 class=\"elementor-heading-title elementor-size-default\"><a href=\"https:\/\/www.portovenere.fr\/fr-fr\/carrelage-sol-et-mur-en-gres-cerame-et-faience\/carrelage-aspect-pierre\/carrelage-beige-sable-effet-pierre-awassa\/\">AWASSA | 3 coloris &amp; d\u00e9cors<\/a><\/h3>\t\t\t\t<\/div>\n\t\t\t\t<\/div>\n\t\t\t\t<div class=\"elementor-element elementor-element-8bc89f1 elementor-widget__width-initial elementor-widget elementor-widget-gallery\" data-id=\"8bc89f1\" data-element_type=\"widget\" data-e-type=\"widget\" data-settings=\"{&quot;gap&quot;:{&quot;unit&quot;:&quot;px&quot;,&quot;size&quot;:3,&quot;sizes&quot;:[]},&quot;columns_mobile&quot;:3,&quot;gap_mobile&quot;:{&quot;unit&quot;:&quot;px&quot;,&quot;size&quot;:6,&quot;sizes&quot;:[]},&quot;columns&quot;:5,&quot;columns_tablet&quot;:5,&quot;gap_tablet&quot;:{&quot;unit&quot;:&quot;px&quot;,&quot;size&quot;:5,&quot;sizes&quot;:[]},&quot;lazyload&quot;:&quot;yes&quot;,&quot;gallery_layout&quot;:&quot;grid&quot;,&quot;link_to&quot;:&quot;file&quot;,&quot;aspect_ratio&quot;:&quot;3:2&quot;,&quot;overlay_background&quot;:&quot;yes&quot;,&quot;content_hover_animation&quot;:&quot;fade-in&quot;}\" data-widget_type=\"gallery.default\">\n\t\t\t\t<div class=\"elementor-widget-container\">\n\t\t\t\t\t\t\t<div class=\"elementor-gallery__container\">\n\t\t\t\t\t\t\t<a class=\"e-gallery-item elementor-gallery-item elementor-animated-content\" href=\"https:\/\/www.portovenere.fr\/fr-fr\/wp-content\/uploads\/2025\/12\/Carrelage-beige-clair-sable-exterieur-et-interieur-effet-pierre-contemporaine-AWASSA-Bone-magasin-Porto-Venere-Montpellier-pres-de-Jacou-34.jpg\" data-elementor-open-lightbox=\"yes\" data-elementor-lightbox-slideshow=\"8bc89f1\" data-elementor-lightbox-title=\"Carrelage-beige-clair-sable-ext\u00e9rieur-et-int\u00e9rieur-effet-pierre-contemporaine-AWASSA-Bone-magasin-Porto-Venere-Montpellier-pr\u00e8s-de-Jacou-34\" data-e-action-hash=\"#elementor-action%3Aaction%3Dlightbox%26settings%3DeyJpZCI6Njc5OTAsInVybCI6Imh0dHBzOlwvXC93d3cucG9ydG92ZW5lcmUuZnJcL2ZyLWZyXC93cC1jb250ZW50XC91cGxvYWRzXC8yMDI1XC8xMlwvQ2FycmVsYWdlLWJlaWdlLWNsYWlyLXNhYmxlLWV4dGVyaWV1ci1ldC1pbnRlcmlldXItZWZmZXQtcGllcnJlLWNvbnRlbXBvcmFpbmUtQVdBU1NBLUJvbmUtbWFnYXNpbi1Qb3J0by1WZW5lcmUtTW9udHBlbGxpZXItcHJlcy1kZS1KYWNvdS0zNC5qcGciLCJzbGlkZXNob3ciOiI4YmM4OWYxIn0%3D\">\n\t\t\t\t\t<div class=\"e-gallery-image elementor-gallery-item__image\" data-thumbnail=\"https:\/\/www.portovenere.fr\/fr-fr\/wp-content\/uploads\/2025\/12\/Carrelage-beige-clair-sable-exterieur-et-interieur-effet-pierre-contemporaine-AWASSA-Bone-magasin-Porto-Venere-Montpellier-pres-de-Jacou-34-150x150.jpg\" data-width=\"150\" data-height=\"150\" aria-label=\"Carrelage clair sable beige cr\u00e8me effet pierre contemporaine AWASSA pour int\u00e9rieur et ext\u00e9rieur. Magasin de carrelages et fa\u00efences Porto Venere \u00e0 Montpellier 34\" role=\"img\" ><\/div>\n\t\t\t\t\t\t\t\t\t\t\t<div class=\"elementor-gallery-item__overlay\"><\/div>\n\t\t\t\t\t\t\t\t\t\t\t\t\t\t<\/a>\n\t\t\t\t\t\t\t<a class=\"e-gallery-item elementor-gallery-item elementor-animated-content\" href=\"https:\/\/www.portovenere.fr\/fr-fr\/wp-content\/uploads\/2025\/12\/Carrelage-beige-clair-sable-exterieur-et-interieur-effet-pierre-contemporaine-AWASSA-Pearl-magasin-Porto-Venere-Montpellier-pres-de-Carnon-34.jpg\" data-elementor-open-lightbox=\"yes\" data-elementor-lightbox-slideshow=\"8bc89f1\" data-elementor-lightbox-title=\"Carrelage-beige-clair-sable-ext\u00e9rieur-et-int\u00e9rieur-effet-pierre-contemporaine-AWASSA-Pearl-magasin-Porto-Venere-Montpellier-pr\u00e8s-de-Carnon-34\" data-e-action-hash=\"#elementor-action%3Aaction%3Dlightbox%26settings%3DeyJpZCI6Njc5OTEsInVybCI6Imh0dHBzOlwvXC93d3cucG9ydG92ZW5lcmUuZnJcL2ZyLWZyXC93cC1jb250ZW50XC91cGxvYWRzXC8yMDI1XC8xMlwvQ2FycmVsYWdlLWJlaWdlLWNsYWlyLXNhYmxlLWV4dGVyaWV1ci1ldC1pbnRlcmlldXItZWZmZXQtcGllcnJlLWNvbnRlbXBvcmFpbmUtQVdBU1NBLVBlYXJsLW1hZ2FzaW4tUG9ydG8tVmVuZXJlLU1vbnRwZWxsaWVyLXByZXMtZGUtQ2Fybm9uLTM0LmpwZyIsInNsaWRlc2hvdyI6IjhiYzg5ZjEifQ%3D%3D\">\n\t\t\t\t\t<div class=\"e-gallery-image elementor-gallery-item__image\" data-thumbnail=\"https:\/\/www.portovenere.fr\/fr-fr\/wp-content\/uploads\/2025\/12\/Carrelage-beige-clair-sable-exterieur-et-interieur-effet-pierre-contemporaine-AWASSA-Pearl-magasin-Porto-Venere-Montpellier-pres-de-Carnon-34-150x150.jpg\" data-width=\"150\" data-height=\"150\" aria-label=\"Carrelage clair sable beige cr\u00e8me effet pierre contemporaine AWASSA pour int\u00e9rieur et ext\u00e9rieur. Magasin de carrelages et fa\u00efences Porto Venere \u00e0 Montpellier 34\" role=\"img\" ><\/div>\n\t\t\t\t\t\t\t\t\t\t\t<div class=\"elementor-gallery-item__overlay\"><\/div>\n\t\t\t\t\t\t\t\t\t\t\t\t\t\t<\/a>\n\t\t\t\t\t\t\t<a class=\"e-gallery-item elementor-gallery-item elementor-animated-content\" href=\"https:\/\/www.portovenere.fr\/fr-fr\/wp-content\/uploads\/2025\/12\/Carrelage-sable-clair-sable-exterieur-et-interieur-effet-pierre-contemporaine-AWASSA-White-magasin-Porto-Venere-Montpellier-pres-de-Sete-34.jpg\" data-elementor-open-lightbox=\"yes\" data-elementor-lightbox-slideshow=\"8bc89f1\" data-elementor-lightbox-title=\"Carrelage-sable-clair-sable-ext\u00e9rieur-et-int\u00e9rieur-effet-pierre-contemporaine-AWASSA-White-magasin-Porto-Venere-Montpellier-pr\u00e8s-de-S\u00e8te-34\" data-e-action-hash=\"#elementor-action%3Aaction%3Dlightbox%26settings%3DeyJpZCI6Njc5OTIsInVybCI6Imh0dHBzOlwvXC93d3cucG9ydG92ZW5lcmUuZnJcL2ZyLWZyXC93cC1jb250ZW50XC91cGxvYWRzXC8yMDI1XC8xMlwvQ2FycmVsYWdlLXNhYmxlLWNsYWlyLXNhYmxlLWV4dGVyaWV1ci1ldC1pbnRlcmlldXItZWZmZXQtcGllcnJlLWNvbnRlbXBvcmFpbmUtQVdBU1NBLVdoaXRlLW1hZ2FzaW4tUG9ydG8tVmVuZXJlLU1vbnRwZWxsaWVyLXByZXMtZGUtU2V0ZS0zNC5qcGciLCJzbGlkZXNob3ciOiI4YmM4OWYxIn0%3D\">\n\t\t\t\t\t<div class=\"e-gallery-image elementor-gallery-item__image\" data-thumbnail=\"https:\/\/www.portovenere.fr\/fr-fr\/wp-content\/uploads\/2025\/12\/Carrelage-sable-clair-sable-exterieur-et-interieur-effet-pierre-contemporaine-AWASSA-White-magasin-Porto-Venere-Montpellier-pres-de-Sete-34-150x150.jpg\" data-width=\"150\" data-height=\"150\" aria-label=\"Carrelage clair sable beige cr\u00e8me effet pierre contemporaine AWASSA pour int\u00e9rieur et ext\u00e9rieur. Magasin de carrelages et fa\u00efences Porto Venere \u00e0 Montpellier 34\" role=\"img\" ><\/div>\n\t\t\t\t\t\t\t\t\t\t\t<div class=\"elementor-gallery-item__overlay\"><\/div>\n\t\t\t\t\t\t\t\t\t\t\t\t\t\t<\/a>\n\t\t\t\t\t\t\t<a class=\"e-gallery-item elementor-gallery-item elementor-animated-content\" href=\"https:\/\/www.portovenere.fr\/fr-fr\/wp-content\/uploads\/2025\/12\/Carrelage-faience-murale-claire-effet-texture-lignes-effet-pierre-contemporaine-AWASSA-ZEKTON-magasin-Porto-Venere-Montpellier-pres-de-Castries-34.jpg\" data-elementor-open-lightbox=\"yes\" data-elementor-lightbox-slideshow=\"8bc89f1\" data-elementor-lightbox-title=\"Carrelage-fa\u00efence-murale-claire-effet-texture-lignes-effet-pierre-contemporaine-AWASSA-ZEKTON-magasin-Porto-Venere-Montpellier-pr\u00e8s-de-Castries-34\" data-e-action-hash=\"#elementor-action%3Aaction%3Dlightbox%26settings%3DeyJpZCI6NjgwMDgsInVybCI6Imh0dHBzOlwvXC93d3cucG9ydG92ZW5lcmUuZnJcL2ZyLWZyXC93cC1jb250ZW50XC91cGxvYWRzXC8yMDI1XC8xMlwvQ2FycmVsYWdlLWZhaWVuY2UtbXVyYWxlLWNsYWlyZS1lZmZldC10ZXh0dXJlLWxpZ25lcy1lZmZldC1waWVycmUtY29udGVtcG9yYWluZS1BV0FTU0EtWkVLVE9OLW1hZ2FzaW4tUG9ydG8tVmVuZXJlLU1vbnRwZWxsaWVyLXByZXMtZGUtQ2FzdHJpZXMtMzQuanBnIiwic2xpZGVzaG93IjoiOGJjODlmMSJ9\">\n\t\t\t\t\t<div class=\"e-gallery-image elementor-gallery-item__image\" data-thumbnail=\"https:\/\/www.portovenere.fr\/fr-fr\/wp-content\/uploads\/2025\/12\/Carrelage-faience-murale-claire-effet-texture-lignes-effet-pierre-contemporaine-AWASSA-ZEKTON-magasin-Porto-Venere-Montpellier-pres-de-Castries-34-150x150.jpg\" data-width=\"150\" data-height=\"150\" aria-label=\"Fa\u00efence murale claire sable beige cr\u00e8me effet pierre contemporaine textur\u00e9e AWASSA d\u00e9cor ZEKTON. Magasin de carrelages et fa\u00efences Porto Venere \u00e0 Montpellier 34\" role=\"img\" ><\/div>\n\t\t\t\t\t\t\t\t\t\t\t<div class=\"elementor-gallery-item__overlay\"><\/div>\n\t\t\t\t\t\t\t\t\t\t\t\t\t\t<\/a>\n\t\t\t\t\t\t\t<a class=\"e-gallery-item elementor-gallery-item elementor-animated-content\" href=\"https:\/\/www.portovenere.fr\/fr-fr\/wp-content\/uploads\/2025\/12\/Carrelage-faience-murale-effet-texture-clair-sable-effet-pierre-contemporaine-AWASSA-SEKIBA-magasin-Porto-Venere-Montpellier-pres-de-Perols-34.jpg\" data-elementor-open-lightbox=\"yes\" data-elementor-lightbox-slideshow=\"8bc89f1\" data-elementor-lightbox-title=\"Carrelage-fa\u00efence-murale-effet-texture-clair-sable-effet-pierre-contemporaine-AWASSA-SEKIBA-magasin-Porto-Venere-Montpellier-pr\u00e8s-de-P\u00e9rols-34\" data-e-action-hash=\"#elementor-action%3Aaction%3Dlightbox%26settings%3DeyJpZCI6NjgwMDMsInVybCI6Imh0dHBzOlwvXC93d3cucG9ydG92ZW5lcmUuZnJcL2ZyLWZyXC93cC1jb250ZW50XC91cGxvYWRzXC8yMDI1XC8xMlwvQ2FycmVsYWdlLWZhaWVuY2UtbXVyYWxlLWVmZmV0LXRleHR1cmUtY2xhaXItc2FibGUtZWZmZXQtcGllcnJlLWNvbnRlbXBvcmFpbmUtQVdBU1NBLVNFS0lCQS1tYWdhc2luLVBvcnRvLVZlbmVyZS1Nb250cGVsbGllci1wcmVzLWRlLVBlcm9scy0zNC5qcGciLCJzbGlkZXNob3ciOiI4YmM4OWYxIn0%3D\">\n\t\t\t\t\t<div class=\"e-gallery-image elementor-gallery-item__image\" data-thumbnail=\"https:\/\/www.portovenere.fr\/fr-fr\/wp-content\/uploads\/2025\/12\/Carrelage-faience-murale-effet-texture-clair-sable-effet-pierre-contemporaine-AWASSA-SEKIBA-magasin-Porto-Venere-Montpellier-pres-de-Perols-34-150x150.jpg\" data-width=\"150\" data-height=\"150\" aria-label=\"Fa\u00efence murale claire sable beige cr\u00e8me effet pierre contemporaine textur\u00e9e AWASSA d\u00e9cor SEKIBA. Magasin de carrelages et fa\u00efences Porto Venere \u00e0 Montpellier 34\" role=\"img\" ><\/div>\n\t\t\t\t\t\t\t\t\t\t\t<div class=\"elementor-gallery-item__overlay\"><\/div>\n\t\t\t\t\t\t\t\t\t\t\t\t\t\t<\/a>\n\t\t\t\t\t\t\t<a class=\"e-gallery-item elementor-gallery-item elementor-animated-content\" href=\"https:\/\/www.portovenere.fr\/fr-fr\/wp-content\/uploads\/2025\/12\/Carrelage-mural-effet-texture-ISEN-clair-sable-effet-pierre-contemporaine-AWASSA-gres-cerame-magasin-Porto-Venere-Montpellier-pres-de-Mauguio-34.jpg\" data-elementor-open-lightbox=\"yes\" data-elementor-lightbox-slideshow=\"8bc89f1\" data-elementor-lightbox-title=\"Carrelage-mural-effet-texture-ISEN-clair-sable-effet-pierre-contemporaine-AWASSA-gr\u00e8s-c\u00e9rame-magasin-Porto-Venere-Montpellier-pr\u00e8s-de-Mauguio-34\" data-e-action-hash=\"#elementor-action%3Aaction%3Dlightbox%26settings%3DeyJpZCI6NjgwMDQsInVybCI6Imh0dHBzOlwvXC93d3cucG9ydG92ZW5lcmUuZnJcL2ZyLWZyXC93cC1jb250ZW50XC91cGxvYWRzXC8yMDI1XC8xMlwvQ2FycmVsYWdlLW11cmFsLWVmZmV0LXRleHR1cmUtSVNFTi1jbGFpci1zYWJsZS1lZmZldC1waWVycmUtY29udGVtcG9yYWluZS1BV0FTU0EtZ3Jlcy1jZXJhbWUtbWFnYXNpbi1Qb3J0by1WZW5lcmUtTW9udHBlbGxpZXItcHJlcy1kZS1NYXVndWlvLTM0LmpwZyIsInNsaWRlc2hvdyI6IjhiYzg5ZjEifQ%3D%3D\">\n\t\t\t\t\t<div class=\"e-gallery-image elementor-gallery-item__image\" data-thumbnail=\"https:\/\/www.portovenere.fr\/fr-fr\/wp-content\/uploads\/2025\/12\/Carrelage-mural-effet-texture-ISEN-clair-sable-effet-pierre-contemporaine-AWASSA-gres-cerame-magasin-Porto-Venere-Montpellier-pres-de-Mauguio-34-150x150.jpg\" data-width=\"150\" data-height=\"150\" aria-label=\"Carrelage mural clair sable beige cr\u00e8me effet pierre contemporaine AWASSA d\u00e9cor ISEN. Magasin de carrelages et fa\u00efences Porto Venere \u00e0 Montpellier 34\" role=\"img\" ><\/div>\n\t\t\t\t\t\t\t\t\t\t\t<div class=\"elementor-gallery-item__overlay\"><\/div>\n\t\t\t\t\t\t\t\t\t\t\t\t\t\t<\/a>\n\t\t\t\t\t\t\t<a class=\"e-gallery-item elementor-gallery-item elementor-animated-content\" href=\"https:\/\/www.portovenere.fr\/fr-fr\/wp-content\/uploads\/2025\/12\/Mosaique-baton-30x30-cm-effet-pierre-AWASSA-3-coloris-magasin-de-carrelages-et-faiences-PORTO_VENERE_MONTPELLIER-pres-de-Palavas-34.jpg\" data-elementor-open-lightbox=\"yes\" data-elementor-lightbox-slideshow=\"8bc89f1\" data-elementor-lightbox-title=\"Mosa\u00efque-b\u00e2ton-30x30-cm-effet-pierre-AWASSA-3-coloris-magasin-de-carrelages-et-fa\u00efences-PORTO_VENERE_MONTPELLIER-pr\u00e8s-de-Palavas-34\" data-e-action-hash=\"#elementor-action%3Aaction%3Dlightbox%26settings%3DeyJpZCI6NjgwMTAsInVybCI6Imh0dHBzOlwvXC93d3cucG9ydG92ZW5lcmUuZnJcL2ZyLWZyXC93cC1jb250ZW50XC91cGxvYWRzXC8yMDI1XC8xMlwvTW9zYWlxdWUtYmF0b24tMzB4MzAtY20tZWZmZXQtcGllcnJlLUFXQVNTQS0zLWNvbG9yaXMtbWFnYXNpbi1kZS1jYXJyZWxhZ2VzLWV0LWZhaWVuY2VzLVBPUlRPX1ZFTkVSRV9NT05UUEVMTElFUi1wcmVzLWRlLVBhbGF2YXMtMzQuanBnIiwic2xpZGVzaG93IjoiOGJjODlmMSJ9\">\n\t\t\t\t\t<div class=\"e-gallery-image elementor-gallery-item__image\" data-thumbnail=\"https:\/\/www.portovenere.fr\/fr-fr\/wp-content\/uploads\/2025\/12\/Mosaique-baton-30x30-cm-effet-pierre-AWASSA-3-coloris-magasin-de-carrelages-et-faiences-PORTO_VENERE_MONTPELLIER-pres-de-Palavas-34-150x150.jpg\" data-width=\"150\" data-height=\"150\" aria-label=\"Mosa\u00efque b\u00e2tons claire sable beige cr\u00e8me effet pierre contemporaine AWASSA. Magasin de carrelages et fa\u00efences Porto Venere \u00e0 Montpellier 34\" role=\"img\" ><\/div>\n\t\t\t\t\t\t\t\t\t\t\t<div class=\"elementor-gallery-item__overlay\"><\/div>\n\t\t\t\t\t\t\t\t\t\t\t\t\t\t<\/a>\n\t\t\t\t\t\t\t<a class=\"e-gallery-item elementor-gallery-item elementor-animated-content\" href=\"https:\/\/www.portovenere.fr\/fr-fr\/wp-content\/uploads\/2025\/12\/Mosaique-hexagonale-effet-pierre-AWASSA-3-coloris-magasin-de-carrelages-et-faiences-PORTO_VENERE_MONTPELLIER-pres-de-Saint-Pargoire-34.jpg\" data-elementor-open-lightbox=\"yes\" data-elementor-lightbox-slideshow=\"8bc89f1\" data-elementor-lightbox-title=\"Mosa\u00efque-hexagonale-effet-pierre-AWASSA-3-coloris-magasin-de-carrelages-et-fa\u00efences-PORTO_VENERE_MONTPELLIER-pr\u00e8s-de-Saint-Pargoire-34\" data-e-action-hash=\"#elementor-action%3Aaction%3Dlightbox%26settings%3DeyJpZCI6NjgwMTEsInVybCI6Imh0dHBzOlwvXC93d3cucG9ydG92ZW5lcmUuZnJcL2ZyLWZyXC93cC1jb250ZW50XC91cGxvYWRzXC8yMDI1XC8xMlwvTW9zYWlxdWUtaGV4YWdvbmFsZS1lZmZldC1waWVycmUtQVdBU1NBLTMtY29sb3Jpcy1tYWdhc2luLWRlLWNhcnJlbGFnZXMtZXQtZmFpZW5jZXMtUE9SVE9fVkVORVJFX01PTlRQRUxMSUVSLXByZXMtZGUtU2FpbnQtUGFyZ29pcmUtMzQuanBnIiwic2xpZGVzaG93IjoiOGJjODlmMSJ9\">\n\t\t\t\t\t<div class=\"e-gallery-image elementor-gallery-item__image\" data-thumbnail=\"https:\/\/www.portovenere.fr\/fr-fr\/wp-content\/uploads\/2025\/12\/Mosaique-hexagonale-effet-pierre-AWASSA-3-coloris-magasin-de-carrelages-et-faiences-PORTO_VENERE_MONTPELLIER-pres-de-Saint-Pargoire-34-150x150.jpg\" data-width=\"150\" data-height=\"150\" aria-label=\"Mosa\u00efque hexagonale claire sable beige cr\u00e8me effet pierre contemporaine AWASSA. Magasin de carrelages et fa\u00efences Porto Venere \u00e0 Montpellier 34\" role=\"img\" ><\/div>\n\t\t\t\t\t\t\t\t\t\t\t<div class=\"elementor-gallery-item__overlay\"><\/div>\n\t\t\t\t\t\t\t\t\t\t\t\t\t\t<\/a>\n\t\t\t\t\t\t\t<a class=\"e-gallery-item elementor-gallery-item elementor-animated-content\" href=\"https:\/\/www.portovenere.fr\/fr-fr\/wp-content\/uploads\/2025\/12\/Mosaique-sol-mur-30x30-cm-effet-pierre-AWASSA-3-coloris-magasin-de-carrelages-et-faiences-PORTO_VENERE_MONTPELLIER-pres-de-Saint-Aunes-34.jpg\" data-elementor-open-lightbox=\"yes\" data-elementor-lightbox-slideshow=\"8bc89f1\" data-elementor-lightbox-title=\"Mosa\u00efque-sol-mur-30x30-cm-effet-pierre-AWASSA-3-coloris-magasin-de-carrelages-et-fa\u00efences-PORTO_VENERE_MONTPELLIER-pr\u00e8s-de-Saint-Aun\u00e8s-34\" data-e-action-hash=\"#elementor-action%3Aaction%3Dlightbox%26settings%3DeyJpZCI6NjgwMTIsInVybCI6Imh0dHBzOlwvXC93d3cucG9ydG92ZW5lcmUuZnJcL2ZyLWZyXC93cC1jb250ZW50XC91cGxvYWRzXC8yMDI1XC8xMlwvTW9zYWlxdWUtc29sLW11ci0zMHgzMC1jbS1lZmZldC1waWVycmUtQVdBU1NBLTMtY29sb3Jpcy1tYWdhc2luLWRlLWNhcnJlbGFnZXMtZXQtZmFpZW5jZXMtUE9SVE9fVkVORVJFX01PTlRQRUxMSUVSLXByZXMtZGUtU2FpbnQtQXVuZXMtMzQuanBnIiwic2xpZGVzaG93IjoiOGJjODlmMSJ9\">\n\t\t\t\t\t<div class=\"e-gallery-image elementor-gallery-item__image\" data-thumbnail=\"https:\/\/www.portovenere.fr\/fr-fr\/wp-content\/uploads\/2025\/12\/Mosaique-sol-mur-30x30-cm-effet-pierre-AWASSA-3-coloris-magasin-de-carrelages-et-faiences-PORTO_VENERE_MONTPELLIER-pres-de-Saint-Aunes-34-150x150.jpg\" data-width=\"150\" data-height=\"150\" aria-label=\"Mosa\u00efque 30x30 cm claire sable beige cr\u00e8me effet pierre contemporaine AWASSA. Magasin de carrelages et fa\u00efences Porto Venere \u00e0 Montpellier 34\" role=\"img\" ><\/div>\n\t\t\t\t\t\t\t\t\t\t\t<div class=\"elementor-gallery-item__overlay\"><\/div>\n\t\t\t\t\t\t\t\t\t\t\t\t\t\t<\/a>\n\t\t\t\t\t<\/div>\n\t\t\t\t\t<\/div>\n\t\t\t\t<\/div>\n\t\t\t\t<div class=\"elementor-element elementor-element-faf363e elementor-widget elementor-widget-text-editor\" data-id=\"faf363e\" data-element_type=\"widget\" data-e-type=\"widget\" data-widget_type=\"text-editor.default\">\n\t\t\t\t<div class=\"elementor-widget-container\">\n\t\t\t\t\t\t\t\t\t<p data-start=\"2112\" data-end=\"2723\">La collection <strong data-start=\"2126\" data-end=\"2136\">AWASSA<\/strong> r\u00e9invente le gr\u00e8s c\u00e9rame effet pierre pour sols et murs int\u00e9rieurs et ext\u00e9rieurs.\u00a0<\/p><p data-start=\"2112\" data-end=\"2723\">Disponible en <strong data-start=\"2233\" data-end=\"2246\">3 coloris<\/strong> : Bone, Pearl et White, et en <strong data-start=\"2277\" data-end=\"2290\">5 formats<\/strong> : 120&#215;280, 120&#215;120, 60&#215;120, 60&#215;60 et 30&#215;60 cm, elle s\u2019adapte \u00e0 tous les projets.\u00a0<\/p><p data-start=\"2112\" data-end=\"2723\">Avec <strong data-start=\"2377\" data-end=\"2392\">2 finitions<\/strong> \u2014 Naturelle et Structur\u00e9e antid\u00e9rapante \u2014 et des d\u00e9cors mosa\u00efques et muraux (ISEN, SEKIBA, ZEKTON), AWASSA permet de cr\u00e9er des espaces \u00e9l\u00e9gants, lumineux et harmonieux.\u00a0<\/p><p data-start=\"2112\" data-end=\"2723\">Sa durabilit\u00e9 et sa r\u00e9sistance offrent confort et s\u00e9curit\u00e9, tandis que sa palette raffin\u00e9e apporte chaleur et style naturel \u00e0 chaque int\u00e9rieur comme ext\u00e9rieur.<\/p>\t\t\t\t\t\t\t\t<\/div>\n\t\t\t\t<\/div>\n\t\t\t\t<div class=\"elementor-element elementor-element-9a512bd elementor-mobile-align-center elementor-align-left elementor-widget elementor-widget-button\" data-id=\"9a512bd\" data-element_type=\"widget\" data-e-type=\"widget\" data-widget_type=\"button.default\">\n\t\t\t\t<div class=\"elementor-widget-container\">\n\t\t\t\t\t\t\t\t\t<div class=\"elementor-button-wrapper\">\n\t\t\t\t\t<a class=\"elementor-button elementor-button-link elementor-size-sm\" href=\"https:\/\/www.portovenere.fr\/fr-fr\/carrelage-sol-et-mur-en-gres-cerame-et-faience\/carrelage-aspect-pierre\/carrelage-beige-sable-effet-pierre-awassa\/\">\n\t\t\t\t\t\t<span class=\"elementor-button-content-wrapper\">\n\t\t\t\t\t\t\t\t\t<span class=\"elementor-button-text\">Voir la collection<\/span>\n\t\t\t\t\t<\/span>\n\t\t\t\t\t<\/a>\n\t\t\t\t<\/div>\n\t\t\t\t\t\t\t\t<\/div>\n\t\t\t\t<\/div>\n\t\t\t\t\t<\/div>\n\t\t<\/div>\n\t\t\t\t\t<\/div>\n\t\t<\/section>\n\t\t\t\t<section class=\"elementor-section elementor-top-section elementor-element elementor-element-3ceea5cf elementor-section-full_width elementor-section-height-default elementor-section-height-default elementor-invisible\" data-id=\"3ceea5cf\" data-element_type=\"section\" data-e-type=\"section\" data-settings=\"{&quot;animation&quot;:&quot;fadeIn&quot;}\">\n\t\t\t\t\t\t<div class=\"elementor-container elementor-column-gap-default\">\n\t\t\t\t\t<div class=\"elementor-column elementor-col-33 elementor-top-column elementor-element elementor-element-12c0ee1 elementor-invisible\" data-id=\"12c0ee1\" data-element_type=\"column\" data-e-type=\"column\" data-settings=\"{&quot;animation&quot;:&quot;fadeIn&quot;,&quot;background_background&quot;:&quot;classic&quot;}\">\n\t\t\t<div class=\"elementor-widget-wrap elementor-element-populated\">\n\t\t\t\t\t\t<section class=\"elementor-section elementor-inner-section elementor-element elementor-element-4eb131f elementor-section-boxed elementor-section-height-default elementor-section-height-default elementor-invisible\" data-id=\"4eb131f\" data-element_type=\"section\" data-e-type=\"section\" data-settings=\"{&quot;background_background&quot;:&quot;classic&quot;,&quot;animation&quot;:&quot;fadeIn&quot;}\">\n\t\t\t\t\t\t<div class=\"elementor-container elementor-column-gap-default\">\n\t\t\t\t\t<div class=\"elementor-column elementor-col-100 elementor-inner-column elementor-element elementor-element-fc32722\" data-id=\"fc32722\" data-element_type=\"column\" data-e-type=\"column\">\n\t\t\t<div class=\"elementor-widget-wrap elementor-element-populated\">\n\t\t\t\t\t\t<div class=\"elementor-element elementor-element-a37bd02 elementor-widget elementor-widget-image\" data-id=\"a37bd02\" data-element_type=\"widget\" data-e-type=\"widget\" data-widget_type=\"image.default\">\n\t\t\t\t<div class=\"elementor-widget-container\">\n\t\t\t\t\t\t\t\t\t\t\t\t\t\t\t\t<a href=\"https:\/\/www.portovenere.fr\/fr-fr\/carrelage-sol-et-mur-en-gres-cerame-et-faience\/carrelage-aspect-pierre\/carrelage-haut-de-gamme-effet-pierre-contemporaine-atrata-stone\/\">\n\t\t\t\t\t\t\t<img decoding=\"async\" src=\"https:\/\/www.portovenere.fr\/fr-fr\/wp-content\/uploads\/elementor\/thumbs\/Dalles-antiderapantes-exterieures-effet-pierre-contemporaine-claire-ATRATA-STONE-Sassi-White-60x120-cm-terasse-pres-de-Montferrier-sur-Lez-34-r8igcb941y5f9qrq5m4udvey28jmhsdhhd6dtzze5g.jpg\" title=\"Dalles-antid\u00e9rapantes-ext\u00e9rieures-effet-pierre-contemporaine-claire-ATRATA-STONE-Sassi-White-60&#215;120-cm-terasse-pr\u00e8s-de-Montferrier-sur-Lez-34\" alt=\"Atrata White dalles antid\u00e9rapantes 20 mm\" loading=\"lazy\" \/>\t\t\t\t\t\t\t\t<\/a>\n\t\t\t\t\t\t\t\t\t\t\t\t\t\t\t<\/div>\n\t\t\t\t<\/div>\n\t\t\t\t<div class=\"elementor-element elementor-element-b06b0e0 elementor-widget elementor-widget-heading\" data-id=\"b06b0e0\" data-element_type=\"widget\" data-e-type=\"widget\" data-widget_type=\"heading.default\">\n\t\t\t\t<div class=\"elementor-widget-container\">\n\t\t\t\t\t<h3 class=\"elementor-heading-title elementor-size-default\"><a href=\"https:\/\/www.portovenere.fr\/fr-fr\/carrelage-sol-et-mur-en-gres-cerame-et-faience\/carrelage-aspect-pierre\/carrelage-haut-de-gamme-effet-pierre-contemporaine-atrata-stone\/\">ATRATA STONE | 4 coloris &amp; 3 finitions<\/a><\/h3>\t\t\t\t<\/div>\n\t\t\t\t<\/div>\n\t\t\t\t<div class=\"elementor-element elementor-element-be1703e elementor-widget__width-initial elementor-widget elementor-widget-gallery\" data-id=\"be1703e\" data-element_type=\"widget\" data-e-type=\"widget\" data-settings=\"{&quot;gap&quot;:{&quot;unit&quot;:&quot;px&quot;,&quot;size&quot;:3,&quot;sizes&quot;:[]},&quot;columns_mobile&quot;:3,&quot;gap_mobile&quot;:{&quot;unit&quot;:&quot;px&quot;,&quot;size&quot;:6,&quot;sizes&quot;:[]},&quot;columns&quot;:5,&quot;columns_tablet&quot;:3,&quot;gap_tablet&quot;:{&quot;unit&quot;:&quot;px&quot;,&quot;size&quot;:5,&quot;sizes&quot;:[]},&quot;lazyload&quot;:&quot;yes&quot;,&quot;gallery_layout&quot;:&quot;grid&quot;,&quot;aspect_ratio&quot;:&quot;3:2&quot;,&quot;overlay_background&quot;:&quot;yes&quot;,&quot;content_hover_animation&quot;:&quot;fade-in&quot;}\" data-widget_type=\"gallery.default\">\n\t\t\t\t<div class=\"elementor-widget-container\">\n\t\t\t\t\t\t\t<div class=\"elementor-gallery__container\">\n\t\t\t\t\t\t\t<div class=\"e-gallery-item elementor-gallery-item elementor-animated-content\">\n\t\t\t\t\t<div class=\"e-gallery-image elementor-gallery-item__image\" data-thumbnail=\"https:\/\/www.portovenere.fr\/fr-fr\/wp-content\/uploads\/2025\/07\/Carrelage-effet-pierre-contemporaine-ATRATA-STONE-Sassi-Grey-pour-sol-et-mur-4-coloris-Magasin-PORTO_VENERE_MONTPELLIER-pres-de-Mauguio-34-150x150.jpg\" data-width=\"150\" data-height=\"150\" aria-label=\"\" role=\"img\" ><\/div>\n\t\t\t\t\t\t\t\t\t\t\t<div class=\"elementor-gallery-item__overlay\"><\/div>\n\t\t\t\t\t\t\t\t\t\t\t\t\t\t<\/div>\n\t\t\t\t\t\t\t<div class=\"e-gallery-item elementor-gallery-item elementor-animated-content\">\n\t\t\t\t\t<div class=\"e-gallery-image elementor-gallery-item__image\" data-thumbnail=\"https:\/\/www.portovenere.fr\/fr-fr\/wp-content\/uploads\/2025\/07\/Carrelage-effet-pierre-contemporaine-ATRATA-STONE-Sassi-White-pour-sol-et-mur-4-coloris-Magasin-PORTO_VENERE_MONTPELLIER-pres-de-Palavas-34-150x150.jpg\" data-width=\"150\" data-height=\"150\" aria-label=\"\" role=\"img\" ><\/div>\n\t\t\t\t\t\t\t\t\t\t\t<div class=\"elementor-gallery-item__overlay\"><\/div>\n\t\t\t\t\t\t\t\t\t\t\t\t\t\t<\/div>\n\t\t\t\t\t\t\t<div class=\"e-gallery-item elementor-gallery-item elementor-animated-content\">\n\t\t\t\t\t<div class=\"e-gallery-image elementor-gallery-item__image\" data-thumbnail=\"https:\/\/www.portovenere.fr\/fr-fr\/wp-content\/uploads\/2025\/07\/Carrelage-effet-pierre-contemporaine-ATRATA-STONE-Sassi-Greige-pour-sol-et-mur-4-coloris-Magasin-PORTO_VENERE_MONTPELLIER-pres-de-Perols-34-150x150.jpg\" data-width=\"150\" data-height=\"150\" aria-label=\"\" role=\"img\" ><\/div>\n\t\t\t\t\t\t\t\t\t\t\t<div class=\"elementor-gallery-item__overlay\"><\/div>\n\t\t\t\t\t\t\t\t\t\t\t\t\t\t<\/div>\n\t\t\t\t\t\t\t<div class=\"e-gallery-item elementor-gallery-item elementor-animated-content\">\n\t\t\t\t\t<div class=\"e-gallery-image elementor-gallery-item__image\" data-thumbnail=\"https:\/\/www.portovenere.fr\/fr-fr\/wp-content\/uploads\/2025\/07\/Carrelage-effet-pierre-contemporaine-ATRATA-STONE-Sassi-Beige-pour-sol-et-mur-4-coloris-Magasin-PORTO_VENERE_MONTPELLIER-pres-de-Sete-34-150x150.jpg\" data-width=\"150\" data-height=\"150\" aria-label=\"\" role=\"img\" ><\/div>\n\t\t\t\t\t\t\t\t\t\t\t<div class=\"elementor-gallery-item__overlay\"><\/div>\n\t\t\t\t\t\t\t\t\t\t\t\t\t\t<\/div>\n\t\t\t\t\t\t\t<div class=\"e-gallery-item elementor-gallery-item elementor-animated-content\">\n\t\t\t\t\t<div class=\"e-gallery-image elementor-gallery-item__image\" data-thumbnail=\"https:\/\/www.portovenere.fr\/fr-fr\/wp-content\/uploads\/2025\/07\/Carrelage-effet-pierre-contemporaine-ATRATA-STONE-Ritmo-White-interieur-exterieur-4-coloris-Magasin-PORTO_VENERE_MONTPELLIER-pres-de-Carnon-34-150x150.jpg\" data-width=\"150\" data-height=\"150\" aria-label=\"\" role=\"img\" ><\/div>\n\t\t\t\t\t\t\t\t\t\t\t<div class=\"elementor-gallery-item__overlay\"><\/div>\n\t\t\t\t\t\t\t\t\t\t\t\t\t\t<\/div>\n\t\t\t\t\t\t\t<div class=\"e-gallery-item elementor-gallery-item elementor-animated-content\">\n\t\t\t\t\t<div class=\"e-gallery-image elementor-gallery-item__image\" data-thumbnail=\"https:\/\/www.portovenere.fr\/fr-fr\/wp-content\/uploads\/2025\/07\/Carrelage-effet-pierre-contemporaine-ATRATA-STONE-Ritmo-Grey-interieur-exterieur-4-coloris-Magasin-PORTO_VENERE_MONTPELLIER-pres-de-Clapiers-34-150x150.jpg\" data-width=\"150\" data-height=\"150\" aria-label=\"\" role=\"img\" ><\/div>\n\t\t\t\t\t\t\t\t\t\t\t<div class=\"elementor-gallery-item__overlay\"><\/div>\n\t\t\t\t\t\t\t\t\t\t\t\t\t\t<\/div>\n\t\t\t\t\t\t\t<div class=\"e-gallery-item elementor-gallery-item elementor-animated-content\">\n\t\t\t\t\t<div class=\"e-gallery-image elementor-gallery-item__image\" data-thumbnail=\"https:\/\/www.portovenere.fr\/fr-fr\/wp-content\/uploads\/2025\/07\/Carrelage-effet-pierre-contemporaine-ATRATA-STONE-Ritmo-Greige-interieur-exterieur-4-coloris-Magasin-PORTO_VENERE_MONTPELLIER-pres-de-Marseillan-34-150x150.jpg\" data-width=\"150\" data-height=\"150\" aria-label=\"\" role=\"img\" ><\/div>\n\t\t\t\t\t\t\t\t\t\t\t<div class=\"elementor-gallery-item__overlay\"><\/div>\n\t\t\t\t\t\t\t\t\t\t\t\t\t\t<\/div>\n\t\t\t\t\t\t\t<div class=\"e-gallery-item elementor-gallery-item elementor-animated-content\">\n\t\t\t\t\t<div class=\"e-gallery-image elementor-gallery-item__image\" data-thumbnail=\"https:\/\/www.portovenere.fr\/fr-fr\/wp-content\/uploads\/2025\/07\/Carrelage-effet-pierre-contemporaine-ATRATA-STONE-Ritmo-Beige-interieur-exterieur-4-coloris-Magasin-PORTO_VENERE_MONTPELLIER-pres-de-Lattes-34-150x150.jpg\" data-width=\"150\" data-height=\"150\" aria-label=\"\" role=\"img\" ><\/div>\n\t\t\t\t\t\t\t\t\t\t\t<div class=\"elementor-gallery-item__overlay\"><\/div>\n\t\t\t\t\t\t\t\t\t\t\t\t\t\t<\/div>\n\t\t\t\t\t\t\t<div class=\"e-gallery-item elementor-gallery-item elementor-animated-content\">\n\t\t\t\t\t<div class=\"e-gallery-image elementor-gallery-item__image\" data-thumbnail=\"https:\/\/www.portovenere.fr\/fr-fr\/wp-content\/uploads\/2025\/07\/Carrelage-effet-pierre-contemporaine-ATRATA-STONE-Neutra-Greige-pour-sol-et-mur-4-coloris-Magasin-PORTO_VENERE_MONTPELLIER-pres-de-Castries-34-150x150.jpg\" data-width=\"150\" data-height=\"150\" aria-label=\"\" role=\"img\" ><\/div>\n\t\t\t\t\t\t\t\t\t\t\t<div class=\"elementor-gallery-item__overlay\"><\/div>\n\t\t\t\t\t\t\t\t\t\t\t\t\t\t<\/div>\n\t\t\t\t\t\t\t<div class=\"e-gallery-item elementor-gallery-item elementor-animated-content\">\n\t\t\t\t\t<div class=\"e-gallery-image elementor-gallery-item__image\" data-thumbnail=\"https:\/\/www.portovenere.fr\/fr-fr\/wp-content\/uploads\/2025\/07\/Carrelage-effet-pierre-contemporaine-ATRATA-STONE-Neutra-White-pour-sol-et-mur-4-coloris-Magasin-PORTO_VENERE_MONTPELLIER-pres-de-Agde-34-150x150.jpg\" data-width=\"150\" data-height=\"150\" aria-label=\"\" role=\"img\" ><\/div>\n\t\t\t\t\t\t\t\t\t\t\t<div class=\"elementor-gallery-item__overlay\"><\/div>\n\t\t\t\t\t\t\t\t\t\t\t\t\t\t<\/div>\n\t\t\t\t\t\t\t<div class=\"e-gallery-item elementor-gallery-item elementor-animated-content\">\n\t\t\t\t\t<div class=\"e-gallery-image elementor-gallery-item__image\" data-thumbnail=\"https:\/\/www.portovenere.fr\/fr-fr\/wp-content\/uploads\/2025\/07\/Carrelage-effet-pierre-contemporaine-ATRATA-STONE-Neutra-Grey-pour-sol-et-mur-4-coloris-Magasin-PORTO_VENERE_MONTPELLIER-pres-de-Saussan-34-150x150.jpg\" data-width=\"150\" data-height=\"150\" aria-label=\"\" role=\"img\" ><\/div>\n\t\t\t\t\t\t\t\t\t\t\t<div class=\"elementor-gallery-item__overlay\"><\/div>\n\t\t\t\t\t\t\t\t\t\t\t\t\t\t<\/div>\n\t\t\t\t\t\t\t<div class=\"e-gallery-item elementor-gallery-item elementor-animated-content\">\n\t\t\t\t\t<div class=\"e-gallery-image elementor-gallery-item__image\" data-thumbnail=\"https:\/\/www.portovenere.fr\/fr-fr\/wp-content\/uploads\/2025\/07\/Carrelage-effet-pierre-contemporaine-ATRATA-STONE-Neutra-Beige-pour-sol-et-mur-4-coloris-Magasin-PORTO_VENERE_MONTPELLIER-pres-de-Lunel-34-150x150.jpg\" data-width=\"150\" data-height=\"150\" aria-label=\"\" role=\"img\" ><\/div>\n\t\t\t\t\t\t\t\t\t\t\t<div class=\"elementor-gallery-item__overlay\"><\/div>\n\t\t\t\t\t\t\t\t\t\t\t\t\t\t<\/div>\n\t\t\t\t\t\t\t<div class=\"e-gallery-item elementor-gallery-item elementor-animated-content\">\n\t\t\t\t\t<div class=\"e-gallery-image elementor-gallery-item__image\" data-thumbnail=\"https:\/\/www.portovenere.fr\/fr-fr\/wp-content\/uploads\/2025\/07\/Mosaique-carrelage-effet-pierre-contemporaine-ATRATA-STONE-Neutra-White-pour-sol-et-mur-4-coloris-Magasin-PORTO_VENERE_MONTPELLIER-pres-de-Mauguio-34-150x150.jpg\" data-width=\"150\" data-height=\"150\" aria-label=\"\" role=\"img\" ><\/div>\n\t\t\t\t\t\t\t\t\t\t\t<div class=\"elementor-gallery-item__overlay\"><\/div>\n\t\t\t\t\t\t\t\t\t\t\t\t\t\t<\/div>\n\t\t\t\t\t\t\t<div class=\"e-gallery-item elementor-gallery-item elementor-animated-content\">\n\t\t\t\t\t<div class=\"e-gallery-image elementor-gallery-item__image\" data-thumbnail=\"https:\/\/www.portovenere.fr\/fr-fr\/wp-content\/uploads\/2025\/07\/Mosaique-carrelage-effet-pierre-contemporaine-ATRATA-STONE-Neutra-Grey-pour-sol-et-mur-4-coloris-Magasin-PORTO_VENERE_MONTPELLIER-pres-de-Clapiers-34-150x150.jpg\" data-width=\"150\" data-height=\"150\" aria-label=\"\" role=\"img\" ><\/div>\n\t\t\t\t\t\t\t\t\t\t\t<div class=\"elementor-gallery-item__overlay\"><\/div>\n\t\t\t\t\t\t\t\t\t\t\t\t\t\t<\/div>\n\t\t\t\t\t\t\t<div class=\"e-gallery-item elementor-gallery-item elementor-animated-content\">\n\t\t\t\t\t<div class=\"e-gallery-image elementor-gallery-item__image\" data-thumbnail=\"https:\/\/www.portovenere.fr\/fr-fr\/wp-content\/uploads\/2025\/07\/Mosaique-carrelage-effet-pierre-contemporaine-ATRATA-STONE-Neutra-Beige-pour-sol-et-mur-4-coloris-Magasin-PORTO_VENERE_MONTPELLIER-pres-de-Lattes-34-150x150.jpg\" data-width=\"150\" data-height=\"150\" aria-label=\"\" role=\"img\" ><\/div>\n\t\t\t\t\t\t\t\t\t\t\t<div class=\"elementor-gallery-item__overlay\"><\/div>\n\t\t\t\t\t\t\t\t\t\t\t\t\t\t<\/div>\n\t\t\t\t\t\t\t<div class=\"e-gallery-item elementor-gallery-item elementor-animated-content\">\n\t\t\t\t\t<div class=\"e-gallery-image elementor-gallery-item__image\" data-thumbnail=\"https:\/\/www.portovenere.fr\/fr-fr\/wp-content\/uploads\/2025\/07\/Mosaique-carrelage-effet-pierre-contemporaine-ATRATA-STONE-Neurta-Greige-pour-sol-et-mur-4-coloris-Magasin-PORTO_VENERE_MONTPELLIER-pres-de-Juvignac-34-150x150.jpg\" data-width=\"150\" data-height=\"150\" aria-label=\"\" role=\"img\" ><\/div>\n\t\t\t\t\t\t\t\t\t\t\t<div class=\"elementor-gallery-item__overlay\"><\/div>\n\t\t\t\t\t\t\t\t\t\t\t\t\t\t<\/div>\n\t\t\t\t\t\t\t<div class=\"e-gallery-item elementor-gallery-item elementor-animated-content\">\n\t\t\t\t\t<div class=\"e-gallery-image elementor-gallery-item__image\" data-thumbnail=\"https:\/\/www.portovenere.fr\/fr-fr\/wp-content\/uploads\/2025\/07\/Mosaique-carrelage-effet-pierre-contemporaine-ATRATA-STONE-Sassi-White-pour-sol-et-mur-4-coloris-Magasin-PORTO_VENERE_MONTPELLIER-pres-de-Sete-34-150x150.jpg\" data-width=\"150\" data-height=\"150\" aria-label=\"\" role=\"img\" ><\/div>\n\t\t\t\t\t\t\t\t\t\t\t<div class=\"elementor-gallery-item__overlay\"><\/div>\n\t\t\t\t\t\t\t\t\t\t\t\t\t\t<\/div>\n\t\t\t\t\t\t\t<div class=\"e-gallery-item elementor-gallery-item elementor-animated-content\">\n\t\t\t\t\t<div class=\"e-gallery-image elementor-gallery-item__image\" data-thumbnail=\"https:\/\/www.portovenere.fr\/fr-fr\/wp-content\/uploads\/2025\/07\/Mosaique-carrelage-effet-pierre-contemporaine-ATRATA-STONE-Sassi-Greige-pour-sol-et-mur-4-coloris-Magasin-PORTO_VENERE_MONTPELLIER-pres-de-Mireval-34-150x150.jpg\" data-width=\"150\" data-height=\"150\" aria-label=\"\" role=\"img\" ><\/div>\n\t\t\t\t\t\t\t\t\t\t\t<div class=\"elementor-gallery-item__overlay\"><\/div>\n\t\t\t\t\t\t\t\t\t\t\t\t\t\t<\/div>\n\t\t\t\t\t\t\t<div class=\"e-gallery-item elementor-gallery-item elementor-animated-content\">\n\t\t\t\t\t<div class=\"e-gallery-image elementor-gallery-item__image\" data-thumbnail=\"https:\/\/www.portovenere.fr\/fr-fr\/wp-content\/uploads\/2025\/07\/Mosaique-carrelage-effet-pierre-contemporaine-ATRATA-STONE-Sassi-Dark-Grey-pour-sol-et-mur-4-coloris-Magasin-PORTO_VENERE_MONTPELLIER-pres-de-Cassis-13-150x150.jpg\" data-width=\"150\" data-height=\"150\" aria-label=\"\" role=\"img\" ><\/div>\n\t\t\t\t\t\t\t\t\t\t\t<div class=\"elementor-gallery-item__overlay\"><\/div>\n\t\t\t\t\t\t\t\t\t\t\t\t\t\t<\/div>\n\t\t\t\t\t\t\t<div class=\"e-gallery-item elementor-gallery-item elementor-animated-content\">\n\t\t\t\t\t<div class=\"e-gallery-image elementor-gallery-item__image\" data-thumbnail=\"https:\/\/www.portovenere.fr\/fr-fr\/wp-content\/uploads\/2025\/07\/Mosaique-carrelage-effet-pierre-contemporaine-ATRATA-STONE-Sassi-Beige-pour-sol-et-mur-4-coloris-Magasin-PORTO_VENERE_a-MONTPELLIER-34-150x150.jpg\" data-width=\"150\" data-height=\"150\" aria-label=\"\" role=\"img\" ><\/div>\n\t\t\t\t\t\t\t\t\t\t\t<div class=\"elementor-gallery-item__overlay\"><\/div>\n\t\t\t\t\t\t\t\t\t\t\t\t\t\t<\/div>\n\t\t\t\t\t<\/div>\n\t\t\t\t\t<\/div>\n\t\t\t\t<\/div>\n\t\t\t\t<div class=\"elementor-element elementor-element-e3889bd elementor-widget elementor-widget-text-editor\" data-id=\"e3889bd\" data-element_type=\"widget\" data-e-type=\"widget\" data-widget_type=\"text-editor.default\">\n\t\t\t\t<div class=\"elementor-widget-container\">\n\t\t\t\t\t\t\t\t\t<p data-sourcepos=\"5:1-5:46\">Le carrelage pierre<b> int\u00e9rieur et ext\u00e9rieur RINCA STONE<\/b>\u00a0reprend l&rsquo;effet de la pierre naturelle \u00e0 travers<b>\u00a03 coloris : White, Beige et Light Grey.<\/b><\/p><p data-sourcepos=\"5:1-5:46\"><span style=\"color: var( --e-global-color-text ); text-align: start;\">Ce carrelage gr\u00e8s c\u00e9rame est d\u00e9clin\u00e9 en deux identit\u00e9s visuelles : <b>VEIN CUT<\/b> (vagues lin\u00e9aires) et <b>CROSS CUT <\/b>(vagues arrondies), dans des<b> finitions naturelles Silktech<\/b> et <b>antid\u00e9rapantes Silktech Plus<\/b>.<\/span><\/p><p data-sourcepos=\"5:1-5:46\"><span style=\"color: var( --e-global-color-text ); text-align: start;\">Les <b>2 d\u00e9cors pour murs et sols<\/b>\u00a0BLOCKS et TWEED, ainsi que des mosa\u00efques &#8211; 5&#215;5 cm et hexagonale &#8211; compl\u00e8tent cette collection parfaitement adapt\u00e9e pour votre projet de construction ou r\u00e9novation.\u00a0<\/span><\/p><p style=\"text-align: start;\" data-sourcepos=\"5:1-5:46\"><span style=\"color: #2d2d2d;\">Plusieurs formats propos\u00e9s pour cette collection de carrelage imitation pierre naturelle de qualit\u00e9 : <b>120&#215;120 cm, 90x180cm, 60&#215;120 cm, 60&#215;60 cm et 30x60cm.<\/b><\/span><\/p>\t\t\t\t\t\t\t\t<\/div>\n\t\t\t\t<\/div>\n\t\t\t\t<div class=\"elementor-element elementor-element-f90adf4 elementor-mobile-align-center elementor-widget elementor-widget-button\" data-id=\"f90adf4\" data-element_type=\"widget\" data-e-type=\"widget\" data-widget_type=\"button.default\">\n\t\t\t\t<div class=\"elementor-widget-container\">\n\t\t\t\t\t\t\t\t\t<div class=\"elementor-button-wrapper\">\n\t\t\t\t\t<a class=\"elementor-button elementor-button-link elementor-size-sm\" href=\"https:\/\/www.portovenere.fr\/fr-fr\/carrelage-sol-et-mur-en-gres-cerame-et-faience\/carrelage-aspect-pierre\/carrelage-haut-de-gamme-effet-pierre-contemporaine-atrata-stone\/\">\n\t\t\t\t\t\t<span class=\"elementor-button-content-wrapper\">\n\t\t\t\t\t\t\t\t\t<span class=\"elementor-button-text\">VOIR LA COLLECTION<\/span>\n\t\t\t\t\t<\/span>\n\t\t\t\t\t<\/a>\n\t\t\t\t<\/div>\n\t\t\t\t\t\t\t\t<\/div>\n\t\t\t\t<\/div>\n\t\t\t\t\t<\/div>\n\t\t<\/div>\n\t\t\t\t\t<\/div>\n\t\t<\/section>\n\t\t\t\t\t<\/div>\n\t\t<\/div>\n\t\t\t\t<div class=\"elementor-column elementor-col-33 elementor-top-column elementor-element elementor-element-996686c elementor-invisible\" data-id=\"996686c\" data-element_type=\"column\" data-e-type=\"column\" data-settings=\"{&quot;animation&quot;:&quot;fadeIn&quot;,&quot;background_background&quot;:&quot;classic&quot;}\">\n\t\t\t<div class=\"elementor-widget-wrap elementor-element-populated\">\n\t\t\t\t\t\t<div class=\"elementor-element elementor-element-4e1ce64 elementor-widget elementor-widget-image\" data-id=\"4e1ce64\" data-element_type=\"widget\" data-e-type=\"widget\" data-widget_type=\"image.default\">\n\t\t\t\t<div class=\"elementor-widget-container\">\n\t\t\t\t\t\t\t\t\t\t\t\t\t\t\t\t<a href=\"https:\/\/www.portovenere.fr\/fr-fr\/carrelage-sol-et-mur-en-gres-cerame-et-faience\/carrelage-imitation-parquet-aspect-bois\/carrelage-sol-et-mur-effet-bois-liagni\/\">\n\t\t\t\t\t\t\t<img decoding=\"async\" src=\"https:\/\/www.portovenere.fr\/fr-fr\/wp-content\/uploads\/elementor\/thumbs\/Carrelage-imitation-bois-exterieur-et-interieur-LIAGNI-Frassino-naturel-et-antiderapant-lame-20x120-cm-pres-de-Castelnau-le-lez-34-r8ig1tdzqjs6nbvt5vqfyvk5a17a3ray63730evel2.jpg\" title=\"Carrelage-imitation-bois-ext\u00e9rieur-et-int\u00e9rieur-LIAGNI-Frassino-naturel-et-antid\u00e9rapant-lame-20&#215;120-cm-pr\u00e8s-de-Castelnau-le-lez-34\" alt=\"Carrelage-imitation-bois-ext\u00e9rieur-et-int\u00e9rieur-LIAGNI-Frassino-naturel-et-antid\u00e9rapant-lame-20x120-cm-pr\u00e8s-de-Castelnau-le-lez-34\" loading=\"lazy\" \/>\t\t\t\t\t\t\t\t<\/a>\n\t\t\t\t\t\t\t\t\t\t\t\t\t\t\t<\/div>\n\t\t\t\t<\/div>\n\t\t\t\t<section class=\"elementor-section elementor-inner-section elementor-element elementor-element-d0b7c00 elementor-section-boxed elementor-section-height-default elementor-section-height-default elementor-invisible\" data-id=\"d0b7c00\" data-element_type=\"section\" data-e-type=\"section\" data-settings=\"{&quot;background_background&quot;:&quot;classic&quot;,&quot;animation&quot;:&quot;fadeIn&quot;}\">\n\t\t\t\t\t\t<div class=\"elementor-container elementor-column-gap-default\">\n\t\t\t\t\t<div class=\"elementor-column elementor-col-100 elementor-inner-column elementor-element elementor-element-4684c1b\" data-id=\"4684c1b\" data-element_type=\"column\" data-e-type=\"column\">\n\t\t\t<div class=\"elementor-widget-wrap elementor-element-populated\">\n\t\t\t\t\t\t<div class=\"elementor-element elementor-element-f7449cc elementor-widget elementor-widget-heading\" data-id=\"f7449cc\" data-element_type=\"widget\" data-e-type=\"widget\" data-widget_type=\"heading.default\">\n\t\t\t\t<div class=\"elementor-widget-container\">\n\t\t\t\t\t<h3 class=\"elementor-heading-title elementor-size-default\"><a href=\"https:\/\/www.portovenere.fr\/fr-fr\/carrelage-sol-et-mur-en-gres-cerame-et-faience\/carrelage-imitation-parquet-aspect-bois\/carrelage-sol-et-mur-effet-bois-liagni\/\">LIAGNI | 4 coloris &amp; 2 finitions<\/a><\/h3>\t\t\t\t<\/div>\n\t\t\t\t<\/div>\n\t\t\t\t<div class=\"elementor-element elementor-element-31b7c30 elementor-widget__width-initial elementor-widget elementor-widget-gallery\" data-id=\"31b7c30\" data-element_type=\"widget\" data-e-type=\"widget\" data-settings=\"{&quot;gap&quot;:{&quot;unit&quot;:&quot;px&quot;,&quot;size&quot;:3,&quot;sizes&quot;:[]},&quot;columns_mobile&quot;:3,&quot;gap_mobile&quot;:{&quot;unit&quot;:&quot;px&quot;,&quot;size&quot;:6,&quot;sizes&quot;:[]},&quot;columns&quot;:5,&quot;columns_tablet&quot;:3,&quot;gap_tablet&quot;:{&quot;unit&quot;:&quot;px&quot;,&quot;size&quot;:5,&quot;sizes&quot;:[]},&quot;lazyload&quot;:&quot;yes&quot;,&quot;gallery_layout&quot;:&quot;grid&quot;,&quot;aspect_ratio&quot;:&quot;3:2&quot;,&quot;overlay_background&quot;:&quot;yes&quot;,&quot;content_hover_animation&quot;:&quot;fade-in&quot;}\" data-widget_type=\"gallery.default\">\n\t\t\t\t<div class=\"elementor-widget-container\">\n\t\t\t\t\t\t\t<div class=\"elementor-gallery__container\">\n\t\t\t\t\t\t\t<div class=\"e-gallery-item elementor-gallery-item elementor-animated-content\">\n\t\t\t\t\t<div class=\"e-gallery-image elementor-gallery-item__image\" data-thumbnail=\"https:\/\/www.portovenere.fr\/fr-fr\/wp-content\/uploads\/2025\/05\/Carrelage-style-parquet-Chene-20x120-cm-et-30x120-cm-LIAGNI-Rovere-Centenario-magasin-carrelage-haut-de-gamme-proche-de-Saint-Clement-de-Riviere-34-150x150.jpg\" data-width=\"150\" data-height=\"150\" aria-label=\"\" role=\"img\" ><\/div>\n\t\t\t\t\t\t\t\t\t\t\t<div class=\"elementor-gallery-item__overlay\"><\/div>\n\t\t\t\t\t\t\t\t\t\t\t\t\t\t<\/div>\n\t\t\t\t\t\t\t<div class=\"e-gallery-item elementor-gallery-item elementor-animated-content\">\n\t\t\t\t\t<div class=\"e-gallery-image elementor-gallery-item__image\" data-thumbnail=\"https:\/\/www.portovenere.fr\/fr-fr\/wp-content\/uploads\/2025\/05\/Carrelage-style-parquet-Chene-brut-30x120-cm-LIAGNI-Rovere-Centenario-Massello-magasin-PORTOVENERE-carrelage-haut-de-gamme-proche-de-Sete-34-150x150.jpg\" data-width=\"150\" data-height=\"150\" aria-label=\"\" role=\"img\" ><\/div>\n\t\t\t\t\t\t\t\t\t\t\t<div class=\"elementor-gallery-item__overlay\"><\/div>\n\t\t\t\t\t\t\t\t\t\t\t\t\t\t<\/div>\n\t\t\t\t\t\t\t<div class=\"e-gallery-item elementor-gallery-item elementor-animated-content\">\n\t\t\t\t\t<div class=\"e-gallery-image elementor-gallery-item__image\" data-thumbnail=\"https:\/\/www.portovenere.fr\/fr-fr\/wp-content\/uploads\/2025\/05\/Carrelage-style-parquet-Noyer-20x120-cm-et-30x120-cm-LIAGNI-Noce-italiano-magasin-carrelage-haut-de-gamme-a-Montpellier-34-150x150.jpg\" data-width=\"150\" data-height=\"150\" aria-label=\"\" role=\"img\" ><\/div>\n\t\t\t\t\t\t\t\t\t\t\t<div class=\"elementor-gallery-item__overlay\"><\/div>\n\t\t\t\t\t\t\t\t\t\t\t\t\t\t<\/div>\n\t\t\t\t\t\t\t<div class=\"e-gallery-item elementor-gallery-item elementor-animated-content\">\n\t\t\t\t\t<div class=\"e-gallery-image elementor-gallery-item__image\" data-thumbnail=\"https:\/\/www.portovenere.fr\/fr-fr\/wp-content\/uploads\/2025\/05\/Carrelage-style-parquet-Noyer-irregulier-30x120-cm-bords-rectifies-LIAGNI-Noce-italiano-massello-magasin-carrelage-haut-de-gamme-proche-Mauguio-34-150x150.jpg\" data-width=\"150\" data-height=\"150\" aria-label=\"\" role=\"img\" ><\/div>\n\t\t\t\t\t\t\t\t\t\t\t<div class=\"elementor-gallery-item__overlay\"><\/div>\n\t\t\t\t\t\t\t\t\t\t\t\t\t\t<\/div>\n\t\t\t\t\t\t\t<div class=\"e-gallery-item elementor-gallery-item elementor-animated-content\">\n\t\t\t\t\t<div class=\"e-gallery-image elementor-gallery-item__image\" data-thumbnail=\"https:\/\/www.portovenere.fr\/fr-fr\/wp-content\/uploads\/2025\/05\/Carrelage-style-parquet-Frene-20x120-cm-et-30x120-cm-LIAGNI-Fressino-magasin-carrelage-haut-de-gamme-proche-de-Palavas-34-150x150.jpg\" data-width=\"150\" data-height=\"150\" aria-label=\"\" role=\"img\" ><\/div>\n\t\t\t\t\t\t\t\t\t\t\t<div class=\"elementor-gallery-item__overlay\"><\/div>\n\t\t\t\t\t\t\t\t\t\t\t\t\t\t<\/div>\n\t\t\t\t\t\t\t<div class=\"e-gallery-item elementor-gallery-item elementor-animated-content\">\n\t\t\t\t\t<div class=\"e-gallery-image elementor-gallery-item__image\" data-thumbnail=\"https:\/\/www.portovenere.fr\/fr-fr\/wp-content\/uploads\/2025\/05\/Carrelage-style-parquet-Frene-brut-30x120-cm-LIAGNI-Fressino-Massello-magasin-PORTOVENERE-carrelage-haut-de-gamme-proche-de-Agde-34-150x150.jpg\" data-width=\"150\" data-height=\"150\" aria-label=\"\" role=\"img\" ><\/div>\n\t\t\t\t\t\t\t\t\t\t\t<div class=\"elementor-gallery-item__overlay\"><\/div>\n\t\t\t\t\t\t\t\t\t\t\t\t\t\t<\/div>\n\t\t\t\t\t\t\t<div class=\"e-gallery-item elementor-gallery-item elementor-animated-content\">\n\t\t\t\t\t<div class=\"e-gallery-image elementor-gallery-item__image\" data-thumbnail=\"https:\/\/www.portovenere.fr\/fr-fr\/wp-content\/uploads\/2025\/05\/Carrelage-style-parquet-Orme-20x120-cm-et-30x120-cm-LIAGNI-Olmo-Gentile-magasin-carrelage-haut-de-gamme-proche-de-Saint-Clement-de-Riviere-34-150x150.jpg\" data-width=\"150\" data-height=\"150\" aria-label=\"\" role=\"img\" ><\/div>\n\t\t\t\t\t\t\t\t\t\t\t<div class=\"elementor-gallery-item__overlay\"><\/div>\n\t\t\t\t\t\t\t\t\t\t\t\t\t\t<\/div>\n\t\t\t\t\t\t\t<div class=\"e-gallery-item elementor-gallery-item elementor-animated-content\">\n\t\t\t\t\t<div class=\"e-gallery-image elementor-gallery-item__image\" data-thumbnail=\"https:\/\/www.portovenere.fr\/fr-fr\/wp-content\/uploads\/2025\/05\/Carrelage-style-parquet-Orme-brut-30x120-cm-LIAGNI-Olmo-Gentile-Massillo-magasin-PORTOVENERE-carrelage-haut-de-gamme-proche-de-Perols-34-150x150.jpg\" data-width=\"150\" data-height=\"150\" aria-label=\"\" role=\"img\" ><\/div>\n\t\t\t\t\t\t\t\t\t\t\t<div class=\"elementor-gallery-item__overlay\"><\/div>\n\t\t\t\t\t\t\t\t\t\t\t\t\t\t<\/div>\n\t\t\t\t\t<\/div>\n\t\t\t\t\t<\/div>\n\t\t\t\t<\/div>\n\t\t\t\t<div class=\"elementor-element elementor-element-3e24b9f elementor-widget elementor-widget-text-editor\" data-id=\"3e24b9f\" data-element_type=\"widget\" data-e-type=\"widget\" data-widget_type=\"text-editor.default\">\n\t\t\t\t<div class=\"elementor-widget-container\">\n\t\t\t\t\t\t\t\t\t<p data-sourcepos=\"6:1-6:411\">LIAGNI incarne la fusion parfaite entre le <strong>charme intemporel et chaleureux du bois v\u00e9ritable<\/strong> et la <strong>robustesse in\u00e9gal\u00e9e du gr\u00e8s c\u00e9rame<\/strong>. Vous obtenez ainsi l&rsquo;esth\u00e9tique naturelle du bois avec tous les avantages techniques du carrelage : r\u00e9sistance \u00e0 l&rsquo;usure, au gel, \u00e0 l&rsquo;humidit\u00e9 et facilit\u00e9 d&rsquo;entretien. Id\u00e9al pour apporter une touche d&rsquo;authenticit\u00e9 et d&rsquo;\u00e9l\u00e9gance \u00e0 tous vos espaces, int\u00e9rieurs comme ext\u00e9rieurs.<\/p><p>Ce carrelage se d\u00e9cline dans <b>9 coloris et finitions<\/b> : des teintes claires du bois d&rsquo;<b>Orme<\/b> aux teintes fonc\u00e9es du <b>Noyer<\/b> en passant\u00a0par<b> le Ch\u00eane ou le Fr\u00eane.<\/b><\/p><p>Les carreaux sont propos\u00e9s en<b> 20x120cm et 30&#215;120 cm<\/b> avec les\u00a0<b>bords rectifi\u00e9s droits. Le d\u00e9cor Struttura avec lignes relief est propos\u00e9 en 60&#215;120 cm.\u00a0<\/b><\/p><p>Le carrelage de grande qualit\u00e9 Liagni existe en <b>version naturelle mais aussi antid\u00e9rapante<\/b> R11 pour une <b>pose en ext\u00e9rieur.<\/b><\/p><p>Enfin, choisissez entre la finition visuel \u00ab\u00a0Classique\u00a0\u00bb ou \u00ab\u00a0<b>Massello\u00a0\u00bb qui offre en rendu visuel avec une surface irr\u00e9guli\u00e8re<\/b> (mais le carreau reste bien avec les bords rectifi\u00e9s)<\/p>\t\t\t\t\t\t\t\t<\/div>\n\t\t\t\t<\/div>\n\t\t\t\t<div class=\"elementor-element elementor-element-113c643 elementor-mobile-align-center elementor-widget elementor-widget-button\" data-id=\"113c643\" data-element_type=\"widget\" data-e-type=\"widget\" data-widget_type=\"button.default\">\n\t\t\t\t<div class=\"elementor-widget-container\">\n\t\t\t\t\t\t\t\t\t<div class=\"elementor-button-wrapper\">\n\t\t\t\t\t<a class=\"elementor-button elementor-button-link elementor-size-sm\" href=\"https:\/\/www.portovenere.fr\/fr-fr\/carrelage-sol-et-mur-en-gres-cerame-et-faience\/carrelage-imitation-parquet-aspect-bois\/carrelage-sol-et-mur-effet-bois-liagni\/\">\n\t\t\t\t\t\t<span class=\"elementor-button-content-wrapper\">\n\t\t\t\t\t\t\t\t\t<span class=\"elementor-button-text\">VOIR LA COLLECTION<\/span>\n\t\t\t\t\t<\/span>\n\t\t\t\t\t<\/a>\n\t\t\t\t<\/div>\n\t\t\t\t\t\t\t\t<\/div>\n\t\t\t\t<\/div>\n\t\t\t\t\t<\/div>\n\t\t<\/div>\n\t\t\t\t\t<\/div>\n\t\t<\/section>\n\t\t\t\t\t<\/div>\n\t\t<\/div>\n\t\t\t\t<div class=\"elementor-column elementor-col-33 elementor-top-column elementor-element elementor-element-c5ab20f elementor-invisible\" data-id=\"c5ab20f\" data-element_type=\"column\" data-e-type=\"column\" data-settings=\"{&quot;animation&quot;:&quot;fadeIn&quot;,&quot;background_background&quot;:&quot;classic&quot;}\">\n\t\t\t<div class=\"elementor-widget-wrap elementor-element-populated\">\n\t\t\t\t\t\t<div class=\"elementor-element elementor-element-82eef4c elementor-widget elementor-widget-image\" data-id=\"82eef4c\" data-element_type=\"widget\" data-e-type=\"widget\" data-widget_type=\"image.default\">\n\t\t\t\t<div class=\"elementor-widget-container\">\n\t\t\t\t\t\t\t\t\t\t\t\t\t\t\t\t<a href=\"https:\/\/www.portovenere.fr\/fr-fr\/carrelage-sol-et-mur-en-gres-cerame-et-faience\/carrelage-aspect-pierre\/carrelage-imitation-pierre-quartz-interieur-exterieur-brumata-infinity\/\">\n\t\t\t\t\t\t\t<img decoding=\"async\" src=\"https:\/\/www.portovenere.fr\/fr-fr\/wp-content\/uploads\/elementor\/thumbs\/Carrelage-imitation-pierre-quartzite-de-qualite-pour-exterieur-et-interieur-BRUMATA-beige-piscine-terrasse-a-Montpellier-34-r8if06wk6a9yweo25bbf8ikf93q5fmc6j6uid1byp0.jpg\" title=\"Carrelage-imitation-pierre-quartzite-de-qualit\u00e9-pour-ext\u00e9rieur-et-int\u00e9rieur-BRUMATA-beige-piscine-terrasse-\u00e0-Montpellier-34\" alt=\"Carrelage-imitation-pierre-quartzite-de-qualit\u00e9-pour-ext\u00e9rieur-et-int\u00e9rieur-BRUMATA-beige-piscine-terrasse-\u00e0-Montpellier-34\" loading=\"lazy\" \/>\t\t\t\t\t\t\t\t<\/a>\n\t\t\t\t\t\t\t\t\t\t\t\t\t\t\t<\/div>\n\t\t\t\t<\/div>\n\t\t\t\t<section class=\"elementor-section elementor-inner-section elementor-element elementor-element-86bdab8 elementor-section-boxed elementor-section-height-default elementor-section-height-default elementor-invisible\" data-id=\"86bdab8\" data-element_type=\"section\" data-e-type=\"section\" data-settings=\"{&quot;background_background&quot;:&quot;classic&quot;,&quot;animation&quot;:&quot;fadeIn&quot;}\">\n\t\t\t\t\t\t<div class=\"elementor-container elementor-column-gap-default\">\n\t\t\t\t\t<div class=\"elementor-column elementor-col-100 elementor-inner-column elementor-element elementor-element-b4a90f6\" data-id=\"b4a90f6\" data-element_type=\"column\" data-e-type=\"column\">\n\t\t\t<div class=\"elementor-widget-wrap elementor-element-populated\">\n\t\t\t\t\t\t<div class=\"elementor-element elementor-element-8187e36 elementor-widget elementor-widget-heading\" data-id=\"8187e36\" data-element_type=\"widget\" data-e-type=\"widget\" data-widget_type=\"heading.default\">\n\t\t\t\t<div class=\"elementor-widget-container\">\n\t\t\t\t\t<h3 class=\"elementor-heading-title elementor-size-default\"><a href=\"https:\/\/www.portovenere.fr\/fr-fr\/carrelage-sol-et-mur-en-gres-cerame-et-faience\/carrelage-aspect-pierre\/carrelage-imitation-pierre-quartz-interieur-exterieur-brumata-infinity\/\">BRUMATA INFINITY | 4 coloris &amp; 3 D\u00e9cors<\/a><\/h3>\t\t\t\t<\/div>\n\t\t\t\t<\/div>\n\t\t\t\t<div class=\"elementor-element elementor-element-20b26a2 elementor-widget__width-initial elementor-widget elementor-widget-gallery\" data-id=\"20b26a2\" data-element_type=\"widget\" data-e-type=\"widget\" data-settings=\"{&quot;gap&quot;:{&quot;unit&quot;:&quot;px&quot;,&quot;size&quot;:3,&quot;sizes&quot;:[]},&quot;columns_mobile&quot;:3,&quot;gap_mobile&quot;:{&quot;unit&quot;:&quot;px&quot;,&quot;size&quot;:6,&quot;sizes&quot;:[]},&quot;columns&quot;:5,&quot;columns_tablet&quot;:3,&quot;gap_tablet&quot;:{&quot;unit&quot;:&quot;px&quot;,&quot;size&quot;:5,&quot;sizes&quot;:[]},&quot;lazyload&quot;:&quot;yes&quot;,&quot;gallery_layout&quot;:&quot;grid&quot;,&quot;aspect_ratio&quot;:&quot;3:2&quot;,&quot;overlay_background&quot;:&quot;yes&quot;,&quot;content_hover_animation&quot;:&quot;fade-in&quot;}\" data-widget_type=\"gallery.default\">\n\t\t\t\t<div class=\"elementor-widget-container\">\n\t\t\t\t\t\t\t<div class=\"elementor-gallery__container\">\n\t\t\t\t\t\t\t<div class=\"e-gallery-item elementor-gallery-item elementor-animated-content\">\n\t\t\t\t\t<div class=\"e-gallery-image elementor-gallery-item__image\" data-thumbnail=\"https:\/\/www.portovenere.fr\/fr-fr\/wp-content\/uploads\/2024\/03\/Carrelage-imitation-pierre-de-qualite-pour-exterieur-et-interieur-BRUMATA-beige-Cob-proche-castelnau-le-lez-34-150x150.jpg\" data-width=\"150\" data-height=\"150\" aria-label=\"\" role=\"img\" ><\/div>\n\t\t\t\t\t\t\t\t\t\t\t<div class=\"elementor-gallery-item__overlay\"><\/div>\n\t\t\t\t\t\t\t\t\t\t\t\t\t\t<\/div>\n\t\t\t\t\t\t\t<div class=\"e-gallery-item elementor-gallery-item elementor-animated-content\">\n\t\t\t\t\t<div class=\"e-gallery-image elementor-gallery-item__image\" data-thumbnail=\"https:\/\/www.portovenere.fr\/fr-fr\/wp-content\/uploads\/2024\/03\/Carrelage-imitation-pierre-de-qualite-pour-exterieur-et-interieur-BRUMATA-Blanc-Cob-proche-Montferrier-le-lez-34-150x150.jpg\" data-width=\"150\" data-height=\"150\" aria-label=\"\" role=\"img\" ><\/div>\n\t\t\t\t\t\t\t\t\t\t\t<div class=\"elementor-gallery-item__overlay\"><\/div>\n\t\t\t\t\t\t\t\t\t\t\t\t\t\t<\/div>\n\t\t\t\t\t\t\t<div class=\"e-gallery-item elementor-gallery-item elementor-animated-content\">\n\t\t\t\t\t<div class=\"e-gallery-image elementor-gallery-item__image\" data-thumbnail=\"https:\/\/www.portovenere.fr\/fr-fr\/wp-content\/uploads\/2024\/03\/Carrelage-imitation-pierre-quartz-de-qualite-pour-exterieur-et-interieur-BRUMATA-gris-Cob-proche-castries-34-150x150.jpg\" data-width=\"150\" data-height=\"150\" aria-label=\"\" role=\"img\" ><\/div>\n\t\t\t\t\t\t\t\t\t\t\t<div class=\"elementor-gallery-item__overlay\"><\/div>\n\t\t\t\t\t\t\t\t\t\t\t\t\t\t<\/div>\n\t\t\t\t\t\t\t<div class=\"e-gallery-item elementor-gallery-item elementor-animated-content\">\n\t\t\t\t\t<div class=\"e-gallery-image elementor-gallery-item__image\" data-thumbnail=\"https:\/\/www.portovenere.fr\/fr-fr\/wp-content\/uploads\/2024\/03\/Carrelage-imitation-pierre-quartz-de-qualite-pour-exterieur-et-interieur-BRUMATA-Noir-Cob-proche-Lattes-34-150x150.jpg\" data-width=\"150\" data-height=\"150\" aria-label=\"\" role=\"img\" ><\/div>\n\t\t\t\t\t\t\t\t\t\t\t<div class=\"elementor-gallery-item__overlay\"><\/div>\n\t\t\t\t\t\t\t\t\t\t\t\t\t\t<\/div>\n\t\t\t\t\t\t\t<div class=\"e-gallery-item elementor-gallery-item elementor-animated-content\">\n\t\t\t\t\t<div class=\"e-gallery-image elementor-gallery-item__image\" data-thumbnail=\"https:\/\/www.portovenere.fr\/fr-fr\/wp-content\/uploads\/2024\/03\/Carrelage-imitation-pierre-de-qualite-pour-exterieur-et-interieur-BRUMATA-beige-Pur-proche-agde-34-150x150.jpg\" data-width=\"150\" data-height=\"150\" aria-label=\"\" role=\"img\" ><\/div>\n\t\t\t\t\t\t\t\t\t\t\t<div class=\"elementor-gallery-item__overlay\"><\/div>\n\t\t\t\t\t\t\t\t\t\t\t\t\t\t<\/div>\n\t\t\t\t\t\t\t<div class=\"e-gallery-item elementor-gallery-item elementor-animated-content\">\n\t\t\t\t\t<div class=\"e-gallery-image elementor-gallery-item__image\" data-thumbnail=\"https:\/\/www.portovenere.fr\/fr-fr\/wp-content\/uploads\/2024\/03\/Carrelage-imitation-pierre-de-qualite-pour-exterieur-et-interieur-BRUMATA-Blanc-Pur-proche-villeneuve-les-maguelone-34-150x150.jpg\" data-width=\"150\" data-height=\"150\" aria-label=\"\" role=\"img\" ><\/div>\n\t\t\t\t\t\t\t\t\t\t\t<div class=\"elementor-gallery-item__overlay\"><\/div>\n\t\t\t\t\t\t\t\t\t\t\t\t\t\t<\/div>\n\t\t\t\t\t\t\t<div class=\"e-gallery-item elementor-gallery-item elementor-animated-content\">\n\t\t\t\t\t<div class=\"e-gallery-image elementor-gallery-item__image\" data-thumbnail=\"https:\/\/www.portovenere.fr\/fr-fr\/wp-content\/uploads\/2024\/03\/Carrelage-imitation-pierre-quartz-de-qualite-pour-exterieur-et-interieur-BRUMATA-gris-Pur-proche-saint-jean-de-vedas-34-150x150.jpg\" data-width=\"150\" data-height=\"150\" aria-label=\"\" role=\"img\" ><\/div>\n\t\t\t\t\t\t\t\t\t\t\t<div class=\"elementor-gallery-item__overlay\"><\/div>\n\t\t\t\t\t\t\t\t\t\t\t\t\t\t<\/div>\n\t\t\t\t\t\t\t<div class=\"e-gallery-item elementor-gallery-item elementor-animated-content\">\n\t\t\t\t\t<div class=\"e-gallery-image elementor-gallery-item__image\" data-thumbnail=\"https:\/\/www.portovenere.fr\/fr-fr\/wp-content\/uploads\/2024\/03\/Carrelage-imitation-pierre-quartz-de-qualite-pour-exterieur-et-interieur-BRUMATA-Noir-Pur-proche-Juvignac-34-150x150.jpg\" data-width=\"150\" data-height=\"150\" aria-label=\"\" role=\"img\" ><\/div>\n\t\t\t\t\t\t\t\t\t\t\t<div class=\"elementor-gallery-item__overlay\"><\/div>\n\t\t\t\t\t\t\t\t\t\t\t\t\t\t<\/div>\n\t\t\t\t\t\t\t<div class=\"e-gallery-item elementor-gallery-item elementor-animated-content\">\n\t\t\t\t\t<div class=\"e-gallery-image elementor-gallery-item__image\" data-thumbnail=\"https:\/\/www.portovenere.fr\/fr-fr\/wp-content\/uploads\/2024\/03\/Carrelage-mural-imitation-pierre-de-qualite-decor-Arcade-BRUMATA-beige-proche-vendargues-34-150x150.jpg\" data-width=\"150\" data-height=\"150\" aria-label=\"\" role=\"img\" ><\/div>\n\t\t\t\t\t\t\t\t\t\t\t<div class=\"elementor-gallery-item__overlay\"><\/div>\n\t\t\t\t\t\t\t\t\t\t\t\t\t\t<\/div>\n\t\t\t\t\t\t\t<div class=\"e-gallery-item elementor-gallery-item elementor-animated-content\">\n\t\t\t\t\t<div class=\"e-gallery-image elementor-gallery-item__image\" data-thumbnail=\"https:\/\/www.portovenere.fr\/fr-fr\/wp-content\/uploads\/2024\/03\/Carrelage-mural-imitation-pierre-de-qualite-decor-Arcade-BRUMATA-blanc-proche-bouzigues-34-150x150.jpg\" data-width=\"150\" data-height=\"150\" aria-label=\"\" role=\"img\" ><\/div>\n\t\t\t\t\t\t\t\t\t\t\t<div class=\"elementor-gallery-item__overlay\"><\/div>\n\t\t\t\t\t\t\t\t\t\t\t\t\t\t<\/div>\n\t\t\t\t\t\t\t<div class=\"e-gallery-item elementor-gallery-item elementor-animated-content\">\n\t\t\t\t\t<div class=\"e-gallery-image elementor-gallery-item__image\" data-thumbnail=\"https:\/\/www.portovenere.fr\/fr-fr\/wp-content\/uploads\/2024\/03\/Carrelage-mural-imitation-pierre-de-qualite-decor-Arcade-BRUMATA-Gris-proche-Jacou-34-150x150.jpg\" data-width=\"150\" data-height=\"150\" aria-label=\"\" role=\"img\" ><\/div>\n\t\t\t\t\t\t\t\t\t\t\t<div class=\"elementor-gallery-item__overlay\"><\/div>\n\t\t\t\t\t\t\t\t\t\t\t\t\t\t<\/div>\n\t\t\t\t\t\t\t<div class=\"e-gallery-item elementor-gallery-item elementor-animated-content\">\n\t\t\t\t\t<div class=\"e-gallery-image elementor-gallery-item__image\" data-thumbnail=\"https:\/\/www.portovenere.fr\/fr-fr\/wp-content\/uploads\/2024\/03\/Carrelage-mural-imitation-pierre-de-qualite-decor-Arcade-BRUMATA-Noir-proche-Sete-34-150x150.jpg\" data-width=\"150\" data-height=\"150\" aria-label=\"\" role=\"img\" ><\/div>\n\t\t\t\t\t\t\t\t\t\t\t<div class=\"elementor-gallery-item__overlay\"><\/div>\n\t\t\t\t\t\t\t\t\t\t\t\t\t\t<\/div>\n\t\t\t\t\t<\/div>\n\t\t\t\t\t<\/div>\n\t\t\t\t<\/div>\n\t\t\t\t<div class=\"elementor-element elementor-element-2b44611 elementor-widget elementor-widget-text-editor\" data-id=\"2b44611\" data-element_type=\"widget\" data-e-type=\"widget\" data-widget_type=\"text-editor.default\">\n\t\t\t\t<div class=\"elementor-widget-container\">\n\t\t\t\t\t\t\t\t\t<p>Le\u00a0<b>carrelage imitation pierre quartz BRUMATA INFINITY<\/b>\u00a0est con\u00e7u pour une<b>\u00a0pose au sol\u00a0<\/b>et\u00a0<b>pose murale.\u00a0<\/b><\/p><p>Ce gr\u00e8s c\u00e9rame de qualit\u00e9<b>\u00a0pour int\u00e9rieur et ext\u00e9rieur<\/b>, propose 4<b>\u00a0coloris\u00a0 effet pierre naturelle : beige, blanc, gris et noir. 3 Finitions.<\/b><\/p><p>Les nombreux formats, mosa\u00efques et d\u00e9cors offrent un rendu extraordinaire dans vos projets d\u2019am\u00e9nagement :\u00a0<\/p><p>30\u00d760 cm, 60\u00d760 cm, 60\u00d7120 cm, 80\u00d780 cm, 120\u00d7120 cm et le maxi format 120\u00d7278 cm en fine \u00e9paisseur 6,5 mm renforc\u00e9.\u00a0<\/p><p>1 format est propos\u00e9 en finition antid\u00e9rapante pour l\u2019ext\u00e9rieur en 9mm 60\u00d7120 cm dans les 4 coloris ainsi qu&rsquo;un format 60x120cm en 20 mm\u00a0<a style=\"background-color: #f2f2f2;\" href=\"https:\/\/www.portovenere.fr\/fr-fr\/carrelage-sol-et-mur-en-gres-cerame-et-faience\/dalles-exterieures-20mm-gres-cerame-pour-pose-sur-plots-sable-gravier\/dalle-20mm-imitation-pierre-antiderapante-pour-exterieur-serie-rr\/\" target=\"_blank\" rel=\"noopener\">dalles antid\u00e9rapantes<\/a>.<\/p>\t\t\t\t\t\t\t\t<\/div>\n\t\t\t\t<\/div>\n\t\t\t\t<div class=\"elementor-element elementor-element-945e553 elementor-mobile-align-center elementor-widget elementor-widget-button\" data-id=\"945e553\" data-element_type=\"widget\" data-e-type=\"widget\" data-widget_type=\"button.default\">\n\t\t\t\t<div class=\"elementor-widget-container\">\n\t\t\t\t\t\t\t\t\t<div class=\"elementor-button-wrapper\">\n\t\t\t\t\t<a class=\"elementor-button elementor-button-link elementor-size-sm\" href=\"https:\/\/www.portovenere.fr\/fr-fr\/carrelage-sol-et-mur-en-gres-cerame-et-faience\/carrelage-aspect-pierre\/carrelage-imitation-pierre-quartz-interieur-exterieur-brumata-infinity\/\">\n\t\t\t\t\t\t<span class=\"elementor-button-content-wrapper\">\n\t\t\t\t\t\t\t\t\t<span class=\"elementor-button-text\">VOIR LA COLLECTION<\/span>\n\t\t\t\t\t<\/span>\n\t\t\t\t\t<\/a>\n\t\t\t\t<\/div>\n\t\t\t\t\t\t\t\t<\/div>\n\t\t\t\t<\/div>\n\t\t\t\t\t<\/div>\n\t\t<\/div>\n\t\t\t\t\t<\/div>\n\t\t<\/section>\n\t\t\t\t\t<\/div>\n\t\t<\/div>\n\t\t\t\t\t<\/div>\n\t\t<\/section>\n\t\t\t\t<section class=\"elementor-section elementor-top-section elementor-element elementor-element-357cc55 elementor-section-full_width elementor-section-height-default elementor-section-height-default elementor-invisible\" data-id=\"357cc55\" data-element_type=\"section\" data-e-type=\"section\" data-settings=\"{&quot;animation&quot;:&quot;fadeIn&quot;}\">\n\t\t\t\t\t\t<div class=\"elementor-container elementor-column-gap-default\">\n\t\t\t\t\t<div class=\"elementor-column elementor-col-33 elementor-top-column elementor-element elementor-element-5ad8432\" data-id=\"5ad8432\" data-element_type=\"column\" data-e-type=\"column\" data-settings=\"{&quot;background_background&quot;:&quot;classic&quot;}\">\n\t\t\t<div class=\"elementor-widget-wrap elementor-element-populated\">\n\t\t\t\t\t\t<div class=\"elementor-element elementor-element-3e72a60 elementor-widget elementor-widget-image\" data-id=\"3e72a60\" data-element_type=\"widget\" data-e-type=\"widget\" data-widget_type=\"image.default\">\n\t\t\t\t<div class=\"elementor-widget-container\">\n\t\t\t\t\t\t\t\t\t\t\t\t\t\t\t\t<a href=\"https:\/\/www.portovenere.fr\/fr-fr\/carrelage-sol-et-mur-en-gres-cerame-et-faience\/carrelage-mural-effet-brique\/carrelage-couleur-brique-pour-sol-et-mur-tolosa\/\">\n\t\t\t\t\t\t\t<img fetchpriority=\"high\" decoding=\"async\" width=\"800\" height=\"604\" src=\"https:\/\/www.portovenere.fr\/fr-fr\/wp-content\/uploads\/2025\/06\/Carrelage-couleur-brique-pour-interieur-et-exterieur-TOLOSA-5-formats-carres-et-briques-rectangulaires-amenagement-terrasse-pres-de-Palavas-34-1024x773.jpg\" class=\"attachment-large size-large wp-image-60663\" alt=\"\" srcset=\"https:\/\/www.portovenere.fr\/fr-fr\/wp-content\/uploads\/2025\/06\/Carrelage-couleur-brique-pour-interieur-et-exterieur-TOLOSA-5-formats-carres-et-briques-rectangulaires-amenagement-terrasse-pres-de-Palavas-34-1024x773.jpg 1024w, https:\/\/www.portovenere.fr\/fr-fr\/wp-content\/uploads\/2025\/06\/Carrelage-couleur-brique-pour-interieur-et-exterieur-TOLOSA-5-formats-carres-et-briques-rectangulaires-amenagement-terrasse-pres-de-Palavas-34-300x226.jpg 300w, https:\/\/www.portovenere.fr\/fr-fr\/wp-content\/uploads\/2025\/06\/Carrelage-couleur-brique-pour-interieur-et-exterieur-TOLOSA-5-formats-carres-et-briques-rectangulaires-amenagement-terrasse-pres-de-Palavas-34-768x580.jpg 768w, https:\/\/www.portovenere.fr\/fr-fr\/wp-content\/uploads\/2025\/06\/Carrelage-couleur-brique-pour-interieur-et-exterieur-TOLOSA-5-formats-carres-et-briques-rectangulaires-amenagement-terrasse-pres-de-Palavas-34.jpg 1325w\" sizes=\"(max-width: 800px) 100vw, 800px\" \/>\t\t\t\t\t\t\t\t<\/a>\n\t\t\t\t\t\t\t\t\t\t\t\t\t\t\t<\/div>\n\t\t\t\t<\/div>\n\t\t\t\t<div class=\"elementor-element elementor-element-ab293f9 elementor-widget elementor-widget-heading\" data-id=\"ab293f9\" data-element_type=\"widget\" data-e-type=\"widget\" data-widget_type=\"heading.default\">\n\t\t\t\t<div class=\"elementor-widget-container\">\n\t\t\t\t\t<h2 class=\"elementor-heading-title elementor-size-default\"><a href=\"https:\/\/www.portovenere.fr\/fr-fr\/carrelage-sol-et-mur-en-gres-cerame-et-faience\/carrelage-mural-effet-brique\/carrelage-couleur-brique-pour-sol-et-mur-tolosa\/\"><span style=\"color: var( --e-global-color-primary )\">Carrelage couleur brique TOLOSA<\/span><\/a><\/h2>\t\t\t\t<\/div>\n\t\t\t\t<\/div>\n\t\t\t\t<div class=\"elementor-element elementor-element-b0cbf44 elementor-widget__width-initial elementor-widget elementor-widget-gallery\" data-id=\"b0cbf44\" data-element_type=\"widget\" data-e-type=\"widget\" data-settings=\"{&quot;gap&quot;:{&quot;unit&quot;:&quot;px&quot;,&quot;size&quot;:3,&quot;sizes&quot;:[]},&quot;columns_mobile&quot;:3,&quot;gap_mobile&quot;:{&quot;unit&quot;:&quot;px&quot;,&quot;size&quot;:6,&quot;sizes&quot;:[]},&quot;columns&quot;:5,&quot;columns_tablet&quot;:3,&quot;gap_tablet&quot;:{&quot;unit&quot;:&quot;px&quot;,&quot;size&quot;:5,&quot;sizes&quot;:[]},&quot;lazyload&quot;:&quot;yes&quot;,&quot;gallery_layout&quot;:&quot;grid&quot;,&quot;aspect_ratio&quot;:&quot;3:2&quot;,&quot;overlay_background&quot;:&quot;yes&quot;,&quot;content_hover_animation&quot;:&quot;fade-in&quot;}\" data-widget_type=\"gallery.default\">\n\t\t\t\t<div class=\"elementor-widget-container\">\n\t\t\t\t\t\t\t<div class=\"elementor-gallery__container\">\n\t\t\t\t\t\t\t<div class=\"e-gallery-item elementor-gallery-item elementor-animated-content\">\n\t\t\t\t\t<div class=\"e-gallery-image elementor-gallery-item__image\" data-thumbnail=\"https:\/\/www.portovenere.fr\/fr-fr\/wp-content\/uploads\/2025\/06\/Carrelage-couleur-brique-pour-interieur-et-exterieur-TOLOSA-BLUSH-5-formats-carres-et-briques-rectangulaires-Magasin-Porto-Venere-a-Montpellier-34-150x104.jpg\" data-width=\"150\" data-height=\"104\" aria-label=\"\" role=\"img\" ><\/div>\n\t\t\t\t\t\t\t\t\t\t\t<div class=\"elementor-gallery-item__overlay\"><\/div>\n\t\t\t\t\t\t\t\t\t\t\t\t\t\t<\/div>\n\t\t\t\t\t\t\t<div class=\"e-gallery-item elementor-gallery-item elementor-animated-content\">\n\t\t\t\t\t<div class=\"e-gallery-image elementor-gallery-item__image\" data-thumbnail=\"https:\/\/www.portovenere.fr\/fr-fr\/wp-content\/uploads\/2025\/06\/Carrelage-couleur-brique-pour-interieur-et-exterieur-TOLOSA-NUDE-5-formats-carres-et-briques-rectangulaires-Magasin-Porto-Venere-a-Montpellier-34-150x104.jpg\" data-width=\"150\" data-height=\"104\" aria-label=\"\" role=\"img\" ><\/div>\n\t\t\t\t\t\t\t\t\t\t\t<div class=\"elementor-gallery-item__overlay\"><\/div>\n\t\t\t\t\t\t\t\t\t\t\t\t\t\t<\/div>\n\t\t\t\t\t<\/div>\n\t\t\t\t\t<\/div>\n\t\t\t\t<\/div>\n\t\t\t\t<div class=\"elementor-element elementor-element-a9e0356 elementor-widget elementor-widget-text-editor\" data-id=\"a9e0356\" data-element_type=\"widget\" data-e-type=\"widget\" data-widget_type=\"text-editor.default\">\n\t\t\t\t<div class=\"elementor-widget-container\">\n\t\t\t\t\t\t\t\t\t<p data-sourcepos=\"4:1-4:293\">La collection de <b>carrelage pour sol et mur<\/b>\u00a0TOLOSA, offre un rendu exceptionnel de <b>couleur brique<\/b>.\u00a0<\/p><p data-sourcepos=\"4:1-4:293\"><strong>Ce gr\u00e8s c\u00e9rame r\u00e9interpr\u00e8te la brique<\/strong>\u00a0en la d\u00e9clinant dans 2 teintes : Blush et Nude, en <b>finition Naturelle<\/b> R10 <b>mais aussi en finition Antid\u00e9rapante <\/b>R11 pour les espaces ext\u00e9rieurs comme une terrasse.\u00a0<\/p><p data-sourcepos=\"6:1-6:411\">Les carreaux sont propos\u00e9s dans 5 formats :<b>\u00a090 x 90cm, 15 x 90 cm, 60 x 60 cm, 15 x 60 cm et 15 x 15 cm<\/b>\u00a0avec des\u00a0<b>bords rectifi\u00e9s droits.\u00a0<\/b><\/p><p>Le carrelage gr\u00e8s c\u00e9rame Tolosa \u00e9paisseur 10mm, est disponible en <b>4 sortes de mosa\u00efques originales<\/b> pour vos projets d&rsquo;am\u00e9nagements d&rsquo;espaces.<\/p><p>\u00a0<\/p>\t\t\t\t\t\t\t\t<\/div>\n\t\t\t\t<\/div>\n\t\t\t\t<div class=\"elementor-element elementor-element-8a847b2 elementor-mobile-align-center elementor-align-left elementor-widget elementor-widget-button\" data-id=\"8a847b2\" data-element_type=\"widget\" data-e-type=\"widget\" data-widget_type=\"button.default\">\n\t\t\t\t<div class=\"elementor-widget-container\">\n\t\t\t\t\t\t\t\t\t<div class=\"elementor-button-wrapper\">\n\t\t\t\t\t<a class=\"elementor-button elementor-button-link elementor-size-sm\" href=\"https:\/\/www.portovenere.fr\/fr-fr\/carrelage-sol-et-mur-en-gres-cerame-et-faience\/carrelage-mural-effet-brique\/carrelage-couleur-brique-pour-sol-et-mur-tolosa\/\">\n\t\t\t\t\t\t<span class=\"elementor-button-content-wrapper\">\n\t\t\t\t\t\t\t\t\t<span class=\"elementor-button-text\">Voir la collection<\/span>\n\t\t\t\t\t<\/span>\n\t\t\t\t\t<\/a>\n\t\t\t\t<\/div>\n\t\t\t\t\t\t\t\t<\/div>\n\t\t\t\t<\/div>\n\t\t\t\t\t<\/div>\n\t\t<\/div>\n\t\t\t\t<div class=\"elementor-column elementor-col-33 elementor-top-column elementor-element elementor-element-59c2153 elementor-invisible\" data-id=\"59c2153\" data-element_type=\"column\" data-e-type=\"column\" data-settings=\"{&quot;animation&quot;:&quot;fadeIn&quot;,&quot;background_background&quot;:&quot;classic&quot;}\">\n\t\t\t<div class=\"elementor-widget-wrap elementor-element-populated\">\n\t\t\t\t\t\t<div class=\"elementor-element elementor-element-0b0e33f elementor-widget elementor-widget-image\" data-id=\"0b0e33f\" data-element_type=\"widget\" data-e-type=\"widget\" data-widget_type=\"image.default\">\n\t\t\t\t<div class=\"elementor-widget-container\">\n\t\t\t\t\t\t\t\t\t\t\t\t\t\t\t\t<a href=\"https:\/\/www.portovenere.fr\/fr-fr\/carrelage-sol-et-mur-en-gres-cerame-et-faience\/carrelage-imitation-parquet-aspect-bois\/carrelage-gres-cerame-style-parquet-versailles-cittadella\/\">\n\t\t\t\t\t\t\t<img decoding=\"async\" src=\"https:\/\/www.portovenere.fr\/fr-fr\/wp-content\/uploads\/elementor\/thumbs\/Carrelage-parquet-Versailles-en-gres-cerame-CITTADELLA-100x100-cm-interieur-exterieur-Porto-Venere-Montpellier-pres-de-Agde-r8ig23q2ns4xmv1nv3fq6ykvqpzy8wuomzpen7cqy0.jpg\" title=\"Carrelage-parquet-Versailles-en-gr\u00e8s-c\u00e9rame-CITTADELLA-100&#215;100-cm-int\u00e9rieur-ext\u00e9rieur-Porto-Venere-Montpellier-pr\u00e8s-de-Agde\" alt=\"Beige\" loading=\"lazy\" \/>\t\t\t\t\t\t\t\t<\/a>\n\t\t\t\t\t\t\t\t\t\t\t\t\t\t\t<\/div>\n\t\t\t\t<\/div>\n\t\t\t\t<section class=\"elementor-section elementor-inner-section elementor-element elementor-element-d1a3ff0 elementor-section-boxed elementor-section-height-default elementor-section-height-default elementor-invisible\" data-id=\"d1a3ff0\" data-element_type=\"section\" data-e-type=\"section\" data-settings=\"{&quot;background_background&quot;:&quot;classic&quot;,&quot;animation&quot;:&quot;fadeIn&quot;}\">\n\t\t\t\t\t\t<div class=\"elementor-container elementor-column-gap-default\">\n\t\t\t\t\t<div class=\"elementor-column elementor-col-100 elementor-inner-column elementor-element elementor-element-bb2324c\" data-id=\"bb2324c\" data-element_type=\"column\" data-e-type=\"column\">\n\t\t\t<div class=\"elementor-widget-wrap elementor-element-populated\">\n\t\t\t\t\t\t<div class=\"elementor-element elementor-element-e2e2d51 elementor-widget elementor-widget-heading\" data-id=\"e2e2d51\" data-element_type=\"widget\" data-e-type=\"widget\" data-widget_type=\"heading.default\">\n\t\t\t\t<div class=\"elementor-widget-container\">\n\t\t\t\t\t<h3 class=\"elementor-heading-title elementor-size-default\"><a href=\"https:\/\/www.portovenere.fr\/fr-fr\/carrelage-sol-et-mur-en-gres-cerame-et-faience\/carrelage-imitation-parquet-aspect-bois\/carrelage-gres-cerame-style-parquet-versailles-cittadella\/\">CITTADELLA | 4 coloris<\/a><\/h3>\t\t\t\t<\/div>\n\t\t\t\t<\/div>\n\t\t\t\t<div class=\"elementor-element elementor-element-8dfbfba elementor-widget__width-initial elementor-widget elementor-widget-gallery\" data-id=\"8dfbfba\" data-element_type=\"widget\" data-e-type=\"widget\" data-settings=\"{&quot;gap&quot;:{&quot;unit&quot;:&quot;px&quot;,&quot;size&quot;:3,&quot;sizes&quot;:[]},&quot;columns_mobile&quot;:3,&quot;gap_mobile&quot;:{&quot;unit&quot;:&quot;px&quot;,&quot;size&quot;:6,&quot;sizes&quot;:[]},&quot;columns&quot;:5,&quot;columns_tablet&quot;:3,&quot;gap_tablet&quot;:{&quot;unit&quot;:&quot;px&quot;,&quot;size&quot;:5,&quot;sizes&quot;:[]},&quot;lazyload&quot;:&quot;yes&quot;,&quot;gallery_layout&quot;:&quot;grid&quot;,&quot;aspect_ratio&quot;:&quot;3:2&quot;,&quot;overlay_background&quot;:&quot;yes&quot;,&quot;content_hover_animation&quot;:&quot;fade-in&quot;}\" data-widget_type=\"gallery.default\">\n\t\t\t\t<div class=\"elementor-widget-container\">\n\t\t\t\t\t\t\t<div class=\"elementor-gallery__container\">\n\t\t\t\t\t\t\t<div class=\"e-gallery-item elementor-gallery-item elementor-animated-content\">\n\t\t\t\t\t<div class=\"e-gallery-image elementor-gallery-item__image\" data-thumbnail=\"https:\/\/www.portovenere.fr\/fr-fr\/wp-content\/uploads\/2025\/05\/Carrelage-parquet-Versailles-en-gres-cerame-CITTADELLA-Grey-100x100-cm-60x60-cm-Porto-Venere-Montpellier-34-150x150.jpg\" data-width=\"150\" data-height=\"150\" aria-label=\"\" role=\"img\" ><\/div>\n\t\t\t\t\t\t\t\t\t\t\t<div class=\"elementor-gallery-item__overlay\"><\/div>\n\t\t\t\t\t\t\t\t\t\t\t\t\t\t<\/div>\n\t\t\t\t\t\t\t<div class=\"e-gallery-item elementor-gallery-item elementor-animated-content\">\n\t\t\t\t\t<div class=\"e-gallery-image elementor-gallery-item__image\" data-thumbnail=\"https:\/\/www.portovenere.fr\/fr-fr\/wp-content\/uploads\/2025\/05\/Carrelage-parquet-Versailles-en-gres-cerame-CITTADELLA-Navona-100x100-cm-60x60-cm-Porto-Venere-pres-de-Beziers-34-150x150.jpg\" data-width=\"150\" data-height=\"150\" aria-label=\"\" role=\"img\" ><\/div>\n\t\t\t\t\t\t\t\t\t\t\t<div class=\"elementor-gallery-item__overlay\"><\/div>\n\t\t\t\t\t\t\t\t\t\t\t\t\t\t<\/div>\n\t\t\t\t\t\t\t<div class=\"e-gallery-item elementor-gallery-item elementor-animated-content\">\n\t\t\t\t\t<div class=\"e-gallery-image elementor-gallery-item__image\" data-thumbnail=\"https:\/\/www.portovenere.fr\/fr-fr\/wp-content\/uploads\/2025\/05\/Carrelage-parquet-Versailles-en-gres-cerame-CITTADELLA-Green-vert-100x100-cm-60x60-cm-Porto-Venere-pres-de-Sete-34-150x150.jpg\" data-width=\"150\" data-height=\"150\" aria-label=\"\" role=\"img\" ><\/div>\n\t\t\t\t\t\t\t\t\t\t\t<div class=\"elementor-gallery-item__overlay\"><\/div>\n\t\t\t\t\t\t\t\t\t\t\t\t\t\t<\/div>\n\t\t\t\t\t\t\t<div class=\"e-gallery-item elementor-gallery-item elementor-animated-content\">\n\t\t\t\t\t<div class=\"e-gallery-image elementor-gallery-item__image\" data-thumbnail=\"https:\/\/www.portovenere.fr\/fr-fr\/wp-content\/uploads\/2025\/05\/Carrelage-parquet-Versailles-en-gres-cerame-CITTADELLA-interieur-exterieur-Porto-Venere-pres-de-Mauguio-34-150x150.jpg\" data-width=\"150\" data-height=\"150\" aria-label=\"\" role=\"img\" ><\/div>\n\t\t\t\t\t\t\t\t\t\t\t<div class=\"elementor-gallery-item__overlay\"><\/div>\n\t\t\t\t\t\t\t\t\t\t\t\t\t\t<\/div>\n\t\t\t\t\t<\/div>\n\t\t\t\t\t<\/div>\n\t\t\t\t<\/div>\n\t\t\t\t<div class=\"elementor-element elementor-element-3a57bea elementor-widget elementor-widget-text-editor\" data-id=\"3a57bea\" data-element_type=\"widget\" data-e-type=\"widget\" data-widget_type=\"text-editor.default\">\n\t\t\t\t<div class=\"elementor-widget-container\">\n\t\t\t\t\t\t\t\t\t<p data-sourcepos=\"8:1-8:409\">D\u00e9couvrez la collection\u00a0<b>CITTADELLA<\/b>, notre\u00a0<strong>carrelage gr\u00e8s c\u00e9rame<\/strong>\u00a0qui capture l\u2019essence du temps et de l\u2019\u00e9l\u00e9gance. Cette gamme unique r\u00e9interpr\u00e8te le <b>charme authentique des sols en parquet bois aux motifs \u00ab\u00a0VERSAILLES\u00a0\u00bb<\/b> et propose une palette de <b>4\u00a0coloris<\/b>\u00a0originaux qui se marient parfaitement \u00e0 l\u2019effet bois :\u00a0Gris, Vert, Beige et Cr\u00e8me, pour cr\u00e9er l\u2019ambiance parfaite.<\/p><p data-sourcepos=\"10:1-10:157\">Id\u00e9al pour sublimer vos\u00a0<strong>sols<\/strong>, le\u00a0<strong>carrelage effet parquet Versailles Cittadella<\/strong>\u00a0apporte c<b>aract\u00e8re et authenticit\u00e9<\/b> \u00e0 tout projet contemporain.<\/p><p data-sourcepos=\"12:1-12:277\">La collection se d\u00e9cline en\u00a0<b>2<\/b><strong>\u00a0<\/strong>formats\u00a0:\u00a0<b>100\u00d7100 cm, 60\u00d760 cm<\/b>\u00a0en<b>\u00a0finition naturel\u00a0<\/b>mais aussi en<b>\u00a0finition antid\u00e9rapante\u00a0<\/b>pour une installation<b> en ext\u00e9rieur<\/b> et ainsi assurer une continuit\u00e9 des espaces.\u00a0<\/p>\t\t\t\t\t\t\t\t<\/div>\n\t\t\t\t<\/div>\n\t\t\t\t\t<\/div>\n\t\t<\/div>\n\t\t\t\t\t<\/div>\n\t\t<\/section>\n\t\t\t\t<div class=\"elementor-element elementor-element-f15e1e8 elementor-mobile-align-center elementor-widget elementor-widget-button\" data-id=\"f15e1e8\" data-element_type=\"widget\" data-e-type=\"widget\" data-widget_type=\"button.default\">\n\t\t\t\t<div class=\"elementor-widget-container\">\n\t\t\t\t\t\t\t\t\t<div class=\"elementor-button-wrapper\">\n\t\t\t\t\t<a class=\"elementor-button elementor-button-link elementor-size-sm\" href=\"https:\/\/www.portovenere.fr\/fr-fr\/carrelage-sol-et-mur-en-gres-cerame-et-faience\/carrelage-imitation-parquet-aspect-bois\/carrelage-gres-cerame-style-parquet-versailles-cittadella\/\">\n\t\t\t\t\t\t<span class=\"elementor-button-content-wrapper\">\n\t\t\t\t\t\t\t\t\t<span class=\"elementor-button-text\">Voir la collection<\/span>\n\t\t\t\t\t<\/span>\n\t\t\t\t\t<\/a>\n\t\t\t\t<\/div>\n\t\t\t\t\t\t\t\t<\/div>\n\t\t\t\t<\/div>\n\t\t\t\t\t<\/div>\n\t\t<\/div>\n\t\t\t\t<div class=\"elementor-column elementor-col-33 elementor-top-column elementor-element elementor-element-542eb73 elementor-invisible\" data-id=\"542eb73\" data-element_type=\"column\" data-e-type=\"column\" data-settings=\"{&quot;animation&quot;:&quot;fadeIn&quot;,&quot;background_background&quot;:&quot;classic&quot;}\">\n\t\t\t<div class=\"elementor-widget-wrap elementor-element-populated\">\n\t\t\t\t\t\t<section class=\"elementor-section elementor-inner-section elementor-element elementor-element-8ab0147 elementor-section-boxed elementor-section-height-default elementor-section-height-default elementor-invisible\" data-id=\"8ab0147\" data-element_type=\"section\" data-e-type=\"section\" data-settings=\"{&quot;background_background&quot;:&quot;classic&quot;,&quot;animation&quot;:&quot;fadeIn&quot;}\">\n\t\t\t\t\t\t<div class=\"elementor-container elementor-column-gap-default\">\n\t\t\t\t\t<div class=\"elementor-column elementor-col-100 elementor-inner-column elementor-element elementor-element-ac33a0e\" data-id=\"ac33a0e\" data-element_type=\"column\" data-e-type=\"column\">\n\t\t\t<div class=\"elementor-widget-wrap elementor-element-populated\">\n\t\t\t\t\t\t<div class=\"elementor-element elementor-element-0a508a5 elementor-widget elementor-widget-image\" data-id=\"0a508a5\" data-element_type=\"widget\" data-e-type=\"widget\" data-widget_type=\"image.default\">\n\t\t\t\t<div class=\"elementor-widget-container\">\n\t\t\t\t\t\t\t\t\t\t\t\t\t\t\t\t<a href=\"https:\/\/www.portovenere.fr\/fr-fr\/carrelage-sol-et-mur-en-gres-cerame-et-faience\/carrelage-aspect-pierre\/carrelage-pierre-sol-et-mur-contempura\/\">\n\t\t\t\t\t\t\t<img decoding=\"async\" src=\"https:\/\/www.portovenere.fr\/fr-fr\/wp-content\/uploads\/elementor\/thumbs\/Carrelage-antiderapant-pour-terrasse-et-espaces-exterieurs-Coloris-Taupe-collection-Contempura-a-Montpellier-34-r8ifektk1ri1yleb100hjkwabjgk10i50p8s4mmfek.jpg\" title=\"Carrelage-antid\u00e9rapant-pour-terrasse-et-espaces-ext\u00e9rieurs-Coloris-Taupe-collection-Contempura-\u00e0-Montpellier-34\" alt=\"Carrelage-antid\u00e9rapant-pour-terrasse-et-espaces-ext\u00e9rieurs-Coloris-Taupe-collection-Contempura-\u00e0-Montpellier-34\" loading=\"lazy\" \/>\t\t\t\t\t\t\t\t<\/a>\n\t\t\t\t\t\t\t\t\t\t\t\t\t\t\t<\/div>\n\t\t\t\t<\/div>\n\t\t\t\t<div class=\"elementor-element elementor-element-8f720a5 elementor-widget elementor-widget-heading\" data-id=\"8f720a5\" data-element_type=\"widget\" data-e-type=\"widget\" data-widget_type=\"heading.default\">\n\t\t\t\t<div class=\"elementor-widget-container\">\n\t\t\t\t\t<h3 class=\"elementor-heading-title elementor-size-default\"><a href=\"https:\/\/www.portovenere.fr\/fr-fr\/carrelage-sol-et-mur-en-gres-cerame-et-faience\/carrelage-aspect-pierre\/carrelage-pierre-sol-et-mur-contempura\/\">CONTEMPURA | 5 coloris<\/a><\/h3>\t\t\t\t<\/div>\n\t\t\t\t<\/div>\n\t\t\t\t<div class=\"elementor-element elementor-element-66f2b3c elementor-widget__width-initial elementor-widget elementor-widget-gallery\" data-id=\"66f2b3c\" data-element_type=\"widget\" data-e-type=\"widget\" data-settings=\"{&quot;gap&quot;:{&quot;unit&quot;:&quot;px&quot;,&quot;size&quot;:3,&quot;sizes&quot;:[]},&quot;columns_mobile&quot;:3,&quot;gap_mobile&quot;:{&quot;unit&quot;:&quot;px&quot;,&quot;size&quot;:6,&quot;sizes&quot;:[]},&quot;columns&quot;:6,&quot;columns_tablet&quot;:3,&quot;gap_tablet&quot;:{&quot;unit&quot;:&quot;px&quot;,&quot;size&quot;:5,&quot;sizes&quot;:[]},&quot;lazyload&quot;:&quot;yes&quot;,&quot;gallery_layout&quot;:&quot;grid&quot;,&quot;aspect_ratio&quot;:&quot;3:2&quot;,&quot;overlay_background&quot;:&quot;yes&quot;,&quot;content_hover_animation&quot;:&quot;fade-in&quot;}\" data-widget_type=\"gallery.default\">\n\t\t\t\t<div class=\"elementor-widget-container\">\n\t\t\t\t\t\t\t<div class=\"elementor-gallery__container\">\n\t\t\t\t\t\t\t<div class=\"e-gallery-item elementor-gallery-item elementor-animated-content\">\n\t\t\t\t\t<div class=\"e-gallery-image elementor-gallery-item__image\" data-thumbnail=\"https:\/\/www.portovenere.fr\/fr-fr\/wp-content\/uploads\/2024\/08\/Carrelage-mural-decor-plume-Contempura-Cold-60x120-cm-salle-de-bain-ou-chambre-a-Montpellier-34-150x150.jpg\" data-width=\"150\" data-height=\"150\" aria-label=\"\" role=\"img\" ><\/div>\n\t\t\t\t\t\t\t\t\t\t\t<div class=\"elementor-gallery-item__overlay\"><\/div>\n\t\t\t\t\t\t\t\t\t\t\t\t\t\t<\/div>\n\t\t\t\t\t\t\t<div class=\"e-gallery-item elementor-gallery-item elementor-animated-content\">\n\t\t\t\t\t<div class=\"e-gallery-image elementor-gallery-item__image\" data-thumbnail=\"https:\/\/www.portovenere.fr\/fr-fr\/wp-content\/uploads\/2024\/08\/Carrelage-pierre-foncee-Contempura-Dark-sol-et-mur-interieur-exterieur-proche-de-Palavas-34-150x150.jpg\" data-width=\"150\" data-height=\"150\" aria-label=\"\" role=\"img\" ><\/div>\n\t\t\t\t\t\t\t\t\t\t\t<div class=\"elementor-gallery-item__overlay\"><\/div>\n\t\t\t\t\t\t\t\t\t\t\t\t\t\t<\/div>\n\t\t\t\t\t\t\t<div class=\"e-gallery-item elementor-gallery-item elementor-animated-content\">\n\t\t\t\t\t<div class=\"e-gallery-image elementor-gallery-item__image\" data-thumbnail=\"https:\/\/www.portovenere.fr\/fr-fr\/wp-content\/uploads\/2024\/08\/Carrelage-pierre-Contempura-Taupe-sol-et-mur-interieur-exterieur-proche-de-Castelnau-le-lez-34-150x150.jpg\" data-width=\"150\" data-height=\"150\" aria-label=\"\" role=\"img\" ><\/div>\n\t\t\t\t\t\t\t\t\t\t\t<div class=\"elementor-gallery-item__overlay\"><\/div>\n\t\t\t\t\t\t\t\t\t\t\t\t\t\t<\/div>\n\t\t\t\t\t\t\t<div class=\"e-gallery-item elementor-gallery-item elementor-animated-content\">\n\t\t\t\t\t<div class=\"e-gallery-image elementor-gallery-item__image\" data-thumbnail=\"https:\/\/www.portovenere.fr\/fr-fr\/wp-content\/uploads\/2024\/08\/Carrelage-pierre-Contempura-Sand-sable-sol-et-mur-interieur-exterieur-proche-de-Agde-34-150x150.jpg\" data-width=\"150\" data-height=\"150\" aria-label=\"\" role=\"img\" ><\/div>\n\t\t\t\t\t\t\t\t\t\t\t<div class=\"elementor-gallery-item__overlay\"><\/div>\n\t\t\t\t\t\t\t\t\t\t\t\t\t\t<\/div>\n\t\t\t\t\t\t\t<div class=\"e-gallery-item elementor-gallery-item elementor-animated-content\">\n\t\t\t\t\t<div class=\"e-gallery-image elementor-gallery-item__image\" data-thumbnail=\"https:\/\/www.portovenere.fr\/fr-fr\/wp-content\/uploads\/2024\/08\/Carrelage-pierre-Contempura-Grey-gris-sol-et-mur-interieur-exterieur-a-Montpellier-34-150x150.jpg\" data-width=\"150\" data-height=\"150\" aria-label=\"\" role=\"img\" ><\/div>\n\t\t\t\t\t\t\t\t\t\t\t<div class=\"elementor-gallery-item__overlay\"><\/div>\n\t\t\t\t\t\t\t\t\t\t\t\t\t\t<\/div>\n\t\t\t\t\t\t\t<div class=\"e-gallery-item elementor-gallery-item elementor-animated-content\">\n\t\t\t\t\t<div class=\"e-gallery-image elementor-gallery-item__image\" data-thumbnail=\"https:\/\/www.portovenere.fr\/fr-fr\/wp-content\/uploads\/2024\/08\/Carrelage-pierre-claire-Contempura-White-sol-et-mur-interieur-exterieur-proche-de-Mauguio-34-150x150.jpg\" data-width=\"150\" data-height=\"150\" aria-label=\"\" role=\"img\" ><\/div>\n\t\t\t\t\t\t\t\t\t\t\t<div class=\"elementor-gallery-item__overlay\"><\/div>\n\t\t\t\t\t\t\t\t\t\t\t\t\t\t<\/div>\n\t\t\t\t\t\t\t<div class=\"e-gallery-item elementor-gallery-item elementor-animated-content\">\n\t\t\t\t\t<div class=\"e-gallery-image elementor-gallery-item__image\" data-thumbnail=\"https:\/\/www.portovenere.fr\/fr-fr\/wp-content\/uploads\/2024\/08\/Carrelage-mural-decor-plume-Contempura-Warm-60x120-cm-salle-de-bain-ou-chambre-pres-de-Sete-34-150x150.jpg\" data-width=\"150\" data-height=\"150\" aria-label=\"\" role=\"img\" ><\/div>\n\t\t\t\t\t\t\t\t\t\t\t<div class=\"elementor-gallery-item__overlay\"><\/div>\n\t\t\t\t\t\t\t\t\t\t\t\t\t\t<\/div>\n\t\t\t\t\t\t\t<div class=\"e-gallery-item elementor-gallery-item elementor-animated-content\">\n\t\t\t\t\t<div class=\"e-gallery-image elementor-gallery-item__image\" data-thumbnail=\"https:\/\/www.portovenere.fr\/fr-fr\/wp-content\/uploads\/2024\/08\/Mosaique-losange-carrelage-pierre-credence-murale-originale-30x30-cm-Contempura-Sand-sable-proche-Beziers-34-150x150.jpg\" data-width=\"150\" data-height=\"150\" aria-label=\"\" role=\"img\" ><\/div>\n\t\t\t\t\t\t\t\t\t\t\t<div class=\"elementor-gallery-item__overlay\"><\/div>\n\t\t\t\t\t\t\t\t\t\t\t\t\t\t<\/div>\n\t\t\t\t\t\t\t<div class=\"e-gallery-item elementor-gallery-item elementor-animated-content\">\n\t\t\t\t\t<div class=\"e-gallery-image elementor-gallery-item__image\" data-thumbnail=\"https:\/\/www.portovenere.fr\/fr-fr\/wp-content\/uploads\/2024\/08\/Mosaique-losange-carrelage-pierre-credence-murale-originale-30x30-cm-Contempura-grey-gris-proche-Lodeve-34-150x150.jpg\" data-width=\"150\" data-height=\"150\" aria-label=\"\" role=\"img\" ><\/div>\n\t\t\t\t\t\t\t\t\t\t\t<div class=\"elementor-gallery-item__overlay\"><\/div>\n\t\t\t\t\t\t\t\t\t\t\t\t\t\t<\/div>\n\t\t\t\t\t\t\t<div class=\"e-gallery-item elementor-gallery-item elementor-animated-content\">\n\t\t\t\t\t<div class=\"e-gallery-image elementor-gallery-item__image\" data-thumbnail=\"https:\/\/www.portovenere.fr\/fr-fr\/wp-content\/uploads\/2024\/08\/Mosaique-losange-carrelage-pierre-credence-murale-originale-30x30-cm-Contempura-Dark-a-Montpellier-34-150x150.jpg\" data-width=\"150\" data-height=\"150\" aria-label=\"\" role=\"img\" ><\/div>\n\t\t\t\t\t\t\t\t\t\t\t<div class=\"elementor-gallery-item__overlay\"><\/div>\n\t\t\t\t\t\t\t\t\t\t\t\t\t\t<\/div>\n\t\t\t\t\t\t\t<div class=\"e-gallery-item elementor-gallery-item elementor-animated-content\">\n\t\t\t\t\t<div class=\"e-gallery-image elementor-gallery-item__image\" data-thumbnail=\"https:\/\/www.portovenere.fr\/fr-fr\/wp-content\/uploads\/2024\/08\/Mosaique-losange-carrelage-pierre-credence-murale-originale-30x30-cm-Contempura-White-a-Lattes-34-150x150.jpg\" data-width=\"150\" data-height=\"150\" aria-label=\"\" role=\"img\" ><\/div>\n\t\t\t\t\t\t\t\t\t\t\t<div class=\"elementor-gallery-item__overlay\"><\/div>\n\t\t\t\t\t\t\t\t\t\t\t\t\t\t<\/div>\n\t\t\t\t\t\t\t<div class=\"e-gallery-item elementor-gallery-item elementor-animated-content\">\n\t\t\t\t\t<div class=\"e-gallery-image elementor-gallery-item__image\" data-thumbnail=\"https:\/\/www.portovenere.fr\/fr-fr\/wp-content\/uploads\/2024\/08\/Mosaique-losange-carrelage-pierre-credence-murale-originale-30x30-cm-Contempura-Taupe-proche-saint-aunes-34-150x150.jpg\" data-width=\"150\" data-height=\"150\" aria-label=\"\" role=\"img\" ><\/div>\n\t\t\t\t\t\t\t\t\t\t\t<div class=\"elementor-gallery-item__overlay\"><\/div>\n\t\t\t\t\t\t\t\t\t\t\t\t\t\t<\/div>\n\t\t\t\t\t\t\t<div class=\"e-gallery-item elementor-gallery-item elementor-animated-content\">\n\t\t\t\t\t<div class=\"e-gallery-image elementor-gallery-item__image\" data-thumbnail=\"https:\/\/www.portovenere.fr\/fr-fr\/wp-content\/uploads\/2024\/08\/Mosaique-carrelage-pierre-credence-murale-30x30-cm-Contempura-Grey-proche-de-Perols-34-150x150.jpg\" data-width=\"150\" data-height=\"150\" aria-label=\"\" role=\"img\" ><\/div>\n\t\t\t\t\t\t\t\t\t\t\t<div class=\"elementor-gallery-item__overlay\"><\/div>\n\t\t\t\t\t\t\t\t\t\t\t\t\t\t<\/div>\n\t\t\t\t\t\t\t<div class=\"e-gallery-item elementor-gallery-item elementor-animated-content\">\n\t\t\t\t\t<div class=\"e-gallery-image elementor-gallery-item__image\" data-thumbnail=\"https:\/\/www.portovenere.fr\/fr-fr\/wp-content\/uploads\/2024\/08\/Mosaique-carrelage-pierre-30x30-cm-Contempura-White-clair-piscine-douche-credence-salle-de-bain-proche-de-Marseillan-34-150x150.jpg\" data-width=\"150\" data-height=\"150\" aria-label=\"\" role=\"img\" ><\/div>\n\t\t\t\t\t\t\t\t\t\t\t<div class=\"elementor-gallery-item__overlay\"><\/div>\n\t\t\t\t\t\t\t\t\t\t\t\t\t\t<\/div>\n\t\t\t\t\t\t\t<div class=\"e-gallery-item elementor-gallery-item elementor-animated-content\">\n\t\t\t\t\t<div class=\"e-gallery-image elementor-gallery-item__image\" data-thumbnail=\"https:\/\/www.portovenere.fr\/fr-fr\/wp-content\/uploads\/2024\/08\/Mosaique-carrelage-pierre-30x30-cm-Contempura-Taupe-piscine-douche-credence-salle-de-bain-proche-de-Sete-34-150x150.jpg\" data-width=\"150\" data-height=\"150\" aria-label=\"\" role=\"img\" ><\/div>\n\t\t\t\t\t\t\t\t\t\t\t<div class=\"elementor-gallery-item__overlay\"><\/div>\n\t\t\t\t\t\t\t\t\t\t\t\t\t\t<\/div>\n\t\t\t\t\t\t\t<div class=\"e-gallery-item elementor-gallery-item elementor-animated-content\">\n\t\t\t\t\t<div class=\"e-gallery-image elementor-gallery-item__image\" data-thumbnail=\"https:\/\/www.portovenere.fr\/fr-fr\/wp-content\/uploads\/2024\/08\/Mosaique-carrelage-pierre-30x30-cm-Contempura-Sand-sable-piscine-douche-credence-salle-de-bain-proche-de-Agde-34-150x150.jpg\" data-width=\"150\" data-height=\"150\" aria-label=\"\" role=\"img\" ><\/div>\n\t\t\t\t\t\t\t\t\t\t\t<div class=\"elementor-gallery-item__overlay\"><\/div>\n\t\t\t\t\t\t\t\t\t\t\t\t\t\t<\/div>\n\t\t\t\t\t\t\t<div class=\"e-gallery-item elementor-gallery-item elementor-animated-content\">\n\t\t\t\t\t<div class=\"e-gallery-image elementor-gallery-item__image\" data-thumbnail=\"https:\/\/www.portovenere.fr\/fr-fr\/wp-content\/uploads\/2024\/08\/Mosaique-carrelage-pierre-30x30-cm-Contempura-Dark-noir-piscine-douche-credence-salle-de-bain-proche-de-La-grande-motte-34-150x150.jpg\" data-width=\"150\" data-height=\"150\" aria-label=\"\" role=\"img\" ><\/div>\n\t\t\t\t\t\t\t\t\t\t\t<div class=\"elementor-gallery-item__overlay\"><\/div>\n\t\t\t\t\t\t\t\t\t\t\t\t\t\t<\/div>\n\t\t\t\t\t<\/div>\n\t\t\t\t\t<\/div>\n\t\t\t\t<\/div>\n\t\t\t\t<div class=\"elementor-element elementor-element-a9608a8 elementor-widget elementor-widget-text-editor\" data-id=\"a9608a8\" data-element_type=\"widget\" data-e-type=\"widget\" data-widget_type=\"text-editor.default\">\n\t\t\t\t<div class=\"elementor-widget-container\">\n\t\t\t\t\t\t\t\t\t<p>Cette gamme de carrelage propose\u00a0<b>5\u00a0coloris\u00a0<\/b>:\u00a0<b>Gris, clair, fonc\u00e9, sable et taupe<\/b>\u00a0pour s\u2019harmoniser parfaitement avec tous les styles de d\u00e9coration.<\/p><p>Le carrelage sol et mur Contempura est d\u00e9clin\u00e9 en plusieurs\u00a0formats : 30\u00d760 cm, 60\u00d760 cm,\u00a0 60\u00d7120 cm, 100\u00d7100 cm, 120\u00d7120 cm, certains <b>pour l\u2019int\u00e9rieur et d\u2019autres pour l\u2019ext\u00e9rieur.<\/b>\u00a0<\/p><p>Un format de\u00a0<b>dalles antid\u00e9rapantes\u00a0<\/b>grand format\u00a0100\u00d7100 cm\u00a0<b>pour l\u2019ext\u00e9rieur<\/b>\u00a0(\u00e9paisseur 2 cm)\u00a0permet de profiter d\u2019une surface s\u00fbre et confortable autour de votre piscine, sur votre terrasse ou vos all\u00e9es.<b>\u00a0<\/b><\/p><p>Enfin, un\u00a0<b>d\u00e9cor \u00ab\u00a0plume\u00a0\u00bb<\/b>, une\u00a0<b>mosa\u00efque carr\u00e9e<\/b>\u00a0et une seconde en\u00a0<b>losange<\/b>\u00a0offres de belles possibilit\u00e9s dans une salle de bain, une douche, une chambre ou une piscine..<\/p>\t\t\t\t\t\t\t\t<\/div>\n\t\t\t\t<\/div>\n\t\t\t\t<div class=\"elementor-element elementor-element-ce66d00 elementor-mobile-align-center elementor-widget elementor-widget-button\" data-id=\"ce66d00\" data-element_type=\"widget\" data-e-type=\"widget\" data-widget_type=\"button.default\">\n\t\t\t\t<div class=\"elementor-widget-container\">\n\t\t\t\t\t\t\t\t\t<div class=\"elementor-button-wrapper\">\n\t\t\t\t\t<a class=\"elementor-button elementor-button-link elementor-size-sm\" href=\"https:\/\/www.portovenere.fr\/fr-fr\/carrelage-sol-et-mur-en-gres-cerame-et-faience\/carrelage-aspect-pierre\/carrelage-pierre-sol-et-mur-contempura\/\">\n\t\t\t\t\t\t<span class=\"elementor-button-content-wrapper\">\n\t\t\t\t\t\t\t\t\t<span class=\"elementor-button-text\">Voir la collection<\/span>\n\t\t\t\t\t<\/span>\n\t\t\t\t\t<\/a>\n\t\t\t\t<\/div>\n\t\t\t\t\t\t\t\t<\/div>\n\t\t\t\t<\/div>\n\t\t\t\t\t<\/div>\n\t\t<\/div>\n\t\t\t\t\t<\/div>\n\t\t<\/section>\n\t\t\t\t\t<\/div>\n\t\t<\/div>\n\t\t\t\t\t<\/div>\n\t\t<\/section>\n\t\t\t\t<section class=\"elementor-section elementor-top-section elementor-element elementor-element-615fd99a elementor-section-full_width elementor-section-height-default elementor-section-height-default elementor-invisible\" data-id=\"615fd99a\" data-element_type=\"section\" data-e-type=\"section\" data-settings=\"{&quot;animation&quot;:&quot;fadeIn&quot;}\">\n\t\t\t\t\t\t<div class=\"elementor-container elementor-column-gap-default\">\n\t\t\t\t\t<div class=\"elementor-column elementor-col-33 elementor-top-column elementor-element elementor-element-6e2c117\" data-id=\"6e2c117\" data-element_type=\"column\" data-e-type=\"column\" data-settings=\"{&quot;background_background&quot;:&quot;classic&quot;}\">\n\t\t\t<div class=\"elementor-widget-wrap elementor-element-populated\">\n\t\t\t\t\t\t<div class=\"elementor-element elementor-element-c6d57e0 elementor-widget elementor-widget-image\" data-id=\"c6d57e0\" data-element_type=\"widget\" data-e-type=\"widget\" data-widget_type=\"image.default\">\n\t\t\t\t<div class=\"elementor-widget-container\">\n\t\t\t\t\t\t\t\t\t\t\t\t\t\t\t\t<a href=\"https:\/\/www.portovenere.fr\/fr-fr\/carrelage-sol-et-mur-en-gres-cerame-et-faience\/carrelage-aspect-pierre\/carrelage-pierre-du-sud-leffet-pierre-mediterraneenne\/\">\n\t\t\t\t\t\t\t<img decoding=\"async\" src=\"https:\/\/www.portovenere.fr\/fr-fr\/wp-content\/uploads\/elementor\/thumbs\/Carrelage-haut-de-gamme-gres-cerame-Pierre-du-Sud-style-mediterraneen-pour-interieur-et-exterieur-Magasin-Porto-Venere-Montpellier-rcnytv0if3l55t1sen5kw7h5cfl99aav38nfqt7rvk.jpg\" title=\"Carrelage-haut-de-gamme-gr\u00e8s-c\u00e9rame-Pierre-du-Sud-style-m\u00e9diterran\u00e9en-pour-int\u00e9rieur-et-ext\u00e9rieur-Magasin-Porto-Venere-Montpellier\" alt=\"Carrelage de qualit\u00e9 pour terrasse et int\u00e9rieur en continuit\u00e9 effet pierre contemporaine m\u00e9diterran\u00e9enne PIERRE DU SUD magasin Porto Venere Montpellier 34\" loading=\"lazy\" \/>\t\t\t\t\t\t\t\t<\/a>\n\t\t\t\t\t\t\t\t\t\t\t\t\t\t\t<\/div>\n\t\t\t\t<\/div>\n\t\t\t\t<div class=\"elementor-element elementor-element-b3a6943 elementor-widget elementor-widget-heading\" data-id=\"b3a6943\" data-element_type=\"widget\" data-e-type=\"widget\" data-widget_type=\"heading.default\">\n\t\t\t\t<div class=\"elementor-widget-container\">\n\t\t\t\t\t<h3 class=\"elementor-heading-title elementor-size-default\"><a href=\"https:\/\/www.portovenere.fr\/fr-fr\/carrelage-sol-et-mur-en-gres-cerame-et-faience\/carrelage-aspect-pierre\/carrelage-pierre-du-sud-leffet-pierre-mediterraneenne\/\">PIERRE DU SUD | 4 coloris<\/a><\/h3>\t\t\t\t<\/div>\n\t\t\t\t<\/div>\n\t\t\t\t<div class=\"elementor-element elementor-element-7840e41 elementor-widget__width-initial elementor-widget elementor-widget-gallery\" data-id=\"7840e41\" data-element_type=\"widget\" data-e-type=\"widget\" data-settings=\"{&quot;gap&quot;:{&quot;unit&quot;:&quot;px&quot;,&quot;size&quot;:3,&quot;sizes&quot;:[]},&quot;columns_mobile&quot;:3,&quot;gap_mobile&quot;:{&quot;unit&quot;:&quot;px&quot;,&quot;size&quot;:6,&quot;sizes&quot;:[]},&quot;columns&quot;:5,&quot;columns_tablet&quot;:3,&quot;gap_tablet&quot;:{&quot;unit&quot;:&quot;px&quot;,&quot;size&quot;:5,&quot;sizes&quot;:[]},&quot;lazyload&quot;:&quot;yes&quot;,&quot;gallery_layout&quot;:&quot;grid&quot;,&quot;aspect_ratio&quot;:&quot;3:2&quot;,&quot;overlay_background&quot;:&quot;yes&quot;,&quot;content_hover_animation&quot;:&quot;fade-in&quot;}\" data-widget_type=\"gallery.default\">\n\t\t\t\t<div class=\"elementor-widget-container\">\n\t\t\t\t\t\t\t<div class=\"elementor-gallery__container\">\n\t\t\t\t\t\t\t<div class=\"e-gallery-item elementor-gallery-item elementor-animated-content\">\n\t\t\t\t\t<div class=\"e-gallery-image elementor-gallery-item__image\" data-thumbnail=\"https:\/\/www.portovenere.fr\/fr-fr\/wp-content\/uploads\/2025\/10\/Carrelage-gres-cerame-Pierre-du-Sud-Ostuni-style-mediterraneen-pour-interieur-et-exterieur-Magasin-Porto-Venere-Montpellier_pres-de-Agde-34-150x150.jpg\" data-width=\"150\" data-height=\"150\" aria-label=\"\" role=\"img\" ><\/div>\n\t\t\t\t\t\t\t\t\t\t\t<div class=\"elementor-gallery-item__overlay\"><\/div>\n\t\t\t\t\t\t\t\t\t\t\t\t\t\t<\/div>\n\t\t\t\t\t\t\t<div class=\"e-gallery-item elementor-gallery-item elementor-animated-content\">\n\t\t\t\t\t<div class=\"e-gallery-image elementor-gallery-item__image\" data-thumbnail=\"https:\/\/www.portovenere.fr\/fr-fr\/wp-content\/uploads\/2025\/10\/Carrelage-gres-cerame-Pierre-du-Sud-Trani-style-mediterraneen-pour-interieur-et-exterieur-Magasin-Porto-Venere-Montpellier_pres-de-Castelnau-le-lez-34-150x150.jpg\" data-width=\"150\" data-height=\"150\" aria-label=\"\" role=\"img\" ><\/div>\n\t\t\t\t\t\t\t\t\t\t\t<div class=\"elementor-gallery-item__overlay\"><\/div>\n\t\t\t\t\t\t\t\t\t\t\t\t\t\t<\/div>\n\t\t\t\t\t\t\t<div class=\"e-gallery-item elementor-gallery-item elementor-animated-content\">\n\t\t\t\t\t<div class=\"e-gallery-image elementor-gallery-item__image\" data-thumbnail=\"https:\/\/www.portovenere.fr\/fr-fr\/wp-content\/uploads\/2025\/10\/Carrelage-gres-cerame-Pierre-du-Sud-Spalato-style-mediterraneen-pour-interieur-et-exterieur-Magasin-Porto-Venere-Montpellier_pres-de-Mauguio-34-150x150.jpg\" data-width=\"150\" data-height=\"150\" aria-label=\"\" role=\"img\" ><\/div>\n\t\t\t\t\t\t\t\t\t\t\t<div class=\"elementor-gallery-item__overlay\"><\/div>\n\t\t\t\t\t\t\t\t\t\t\t\t\t\t<\/div>\n\t\t\t\t\t\t\t<div class=\"e-gallery-item elementor-gallery-item elementor-animated-content\">\n\t\t\t\t\t<div class=\"e-gallery-image elementor-gallery-item__image\" data-thumbnail=\"https:\/\/www.portovenere.fr\/fr-fr\/wp-content\/uploads\/2025\/10\/Carrelage-gres-cerame-Pierre-du-Sud-Rodi-style-mediterraneen-pour-interieur-et-exterieur-Magasin-Porto-Venere-Montpellier_pres-de-Lattes-34-150x150.jpg\" data-width=\"150\" data-height=\"150\" aria-label=\"\" role=\"img\" ><\/div>\n\t\t\t\t\t\t\t\t\t\t\t<div class=\"elementor-gallery-item__overlay\"><\/div>\n\t\t\t\t\t\t\t\t\t\t\t\t\t\t<\/div>\n\t\t\t\t\t<\/div>\n\t\t\t\t\t<\/div>\n\t\t\t\t<\/div>\n\t\t\t\t<div class=\"elementor-element elementor-element-8a88a28 elementor-widget elementor-widget-text-editor\" data-id=\"8a88a28\" data-element_type=\"widget\" data-e-type=\"widget\" data-widget_type=\"text-editor.default\">\n\t\t\t\t<div class=\"elementor-widget-container\">\n\t\t\t\t\t\t\t\t\t<p data-start=\"74\" data-end=\"212\">La collection <span data-start=\"14\" data-end=\"31\">PIERRE DU SUD<\/span> r\u00e9invente le <b>carrelage effet pierre<\/b> dans un <b>esprit m\u00e9diterran\u00e9en<\/b> contemporain, id\u00e9al pour <b>l\u2019int\u00e9rieur comme pour l\u2019ext\u00e9rieur.&nbsp;<\/b><\/p><p data-start=\"74\" data-end=\"212\">En gr\u00e8s c\u00e9rame haute performance, elle allie authenticit\u00e9, \u00e9l\u00e9gance et durabilit\u00e9. Ses <b>formats vari\u00e9s<\/b> \u2013 du 30&#215;60 au XXL 120&#215;278 cm \u2013 offrent une grande libert\u00e9 de composition. D\u00e9clin\u00e9e en teintes <b>sable, beige, gris clair ou gris terre<\/b>, et en finitions naturel mat, Honed adouci ou antid\u00e9rapant, elle cr\u00e9e des ambiances chaleureuses et lumineuses.&nbsp;<\/p><p data-start=\"74\" data-end=\"212\">Parfaite pour sols, murs, terrasses, tour de piscine, cr\u00e9dence de salle de bain, <strong data-start=\"535\" data-end=\"552\">PIERRE DU SUD<\/strong> allie esth\u00e9tique naturelle et performance durable pour des espaces intemporels.<\/p>\t\t\t\t\t\t\t\t<\/div>\n\t\t\t\t<\/div>\n\t\t\t\t<div class=\"elementor-element elementor-element-0e065ff elementor-mobile-align-center elementor-align-left elementor-widget elementor-widget-button\" data-id=\"0e065ff\" data-element_type=\"widget\" data-e-type=\"widget\" data-widget_type=\"button.default\">\n\t\t\t\t<div class=\"elementor-widget-container\">\n\t\t\t\t\t\t\t\t\t<div class=\"elementor-button-wrapper\">\n\t\t\t\t\t<a class=\"elementor-button elementor-button-link elementor-size-sm\" href=\"https:\/\/www.portovenere.fr\/fr-fr\/carrelage-sol-et-mur-en-gres-cerame-et-faience\/carrelage-aspect-pierre\/carrelage-pierre-du-sud-leffet-pierre-mediterraneenne\/\">\n\t\t\t\t\t\t<span class=\"elementor-button-content-wrapper\">\n\t\t\t\t\t\t\t\t\t<span class=\"elementor-button-text\">Voir la collection<\/span>\n\t\t\t\t\t<\/span>\n\t\t\t\t\t<\/a>\n\t\t\t\t<\/div>\n\t\t\t\t\t\t\t\t<\/div>\n\t\t\t\t<\/div>\n\t\t\t\t\t<\/div>\n\t\t<\/div>\n\t\t\t\t<div class=\"elementor-column elementor-col-33 elementor-top-column elementor-element elementor-element-50b0af5 elementor-invisible\" data-id=\"50b0af5\" data-element_type=\"column\" data-e-type=\"column\" data-settings=\"{&quot;animation&quot;:&quot;fadeIn&quot;,&quot;background_background&quot;:&quot;classic&quot;}\">\n\t\t\t<div class=\"elementor-widget-wrap elementor-element-populated\">\n\t\t\t\t\t\t<div class=\"elementor-element elementor-element-533e003 elementor-widget elementor-widget-image\" data-id=\"533e003\" data-element_type=\"widget\" data-e-type=\"widget\" data-widget_type=\"image.default\">\n\t\t\t\t<div class=\"elementor-widget-container\">\n\t\t\t\t\t\t\t\t\t\t\t\t\t\t\t\t<a href=\"https:\/\/www.portovenere.fr\/fr-fr\/carrelage-sol-et-mur-en-gres-cerame-et-faience\/carrelage-contemporain-et-design\/carrelage-sol-et-mur-aspect-ciment-stormy\/\">\n\t\t\t\t\t\t\t<img decoding=\"async\" src=\"https:\/\/www.portovenere.fr\/fr-fr\/wp-content\/uploads\/elementor\/thumbs\/Carrelage-exterieur-interieur-imitation-ciment-gris-naturel-Stormy-Concrete-piscine-design-Magasin-carrelage-haut-de-gamme-a-Montpellier-34-r8ifmr11gwoquvsivfbgvb2k7rc0tor07svz4xupeg.jpg\" title=\"Carrelage-ext\u00e9rieur-int\u00e9rieur-imitation-ciment-gris-naturel-Stormy-Concrete-piscine-design-Magasin-carrelage-haut-de-gamme-\u00e0-Montpellier-34\" alt=\"Mur coloris Concrete 60x120cm finition Wax et sol Concrete finition antid\u00e9rapante 80x80cm\" loading=\"lazy\" \/>\t\t\t\t\t\t\t\t<\/a>\n\t\t\t\t\t\t\t\t\t\t\t\t\t\t\t<\/div>\n\t\t\t\t<\/div>\n\t\t\t\t<div class=\"elementor-element elementor-element-f72f6fe elementor-widget elementor-widget-heading\" data-id=\"f72f6fe\" data-element_type=\"widget\" data-e-type=\"widget\" data-widget_type=\"heading.default\">\n\t\t\t\t<div class=\"elementor-widget-container\">\n\t\t\t\t\t<h3 class=\"elementor-heading-title elementor-size-default\"><a href=\"https:\/\/www.portovenere.fr\/fr-fr\/carrelage-sol-et-mur-en-gres-cerame-et-faience\/carrelage-contemporain-et-design\/carrelage-sol-et-mur-aspect-ciment-stormy\/\">STORMY | 4 coloris &amp; d\u00e9cors<\/a><\/h3>\t\t\t\t<\/div>\n\t\t\t\t<\/div>\n\t\t\t\t<div class=\"elementor-element elementor-element-dc974ef elementor-widget__width-initial elementor-widget elementor-widget-gallery\" data-id=\"dc974ef\" data-element_type=\"widget\" data-e-type=\"widget\" data-settings=\"{&quot;gap&quot;:{&quot;unit&quot;:&quot;px&quot;,&quot;size&quot;:3,&quot;sizes&quot;:[]},&quot;columns_mobile&quot;:3,&quot;gap_mobile&quot;:{&quot;unit&quot;:&quot;px&quot;,&quot;size&quot;:6,&quot;sizes&quot;:[]},&quot;columns&quot;:5,&quot;columns_tablet&quot;:3,&quot;gap_tablet&quot;:{&quot;unit&quot;:&quot;px&quot;,&quot;size&quot;:5,&quot;sizes&quot;:[]},&quot;lazyload&quot;:&quot;yes&quot;,&quot;gallery_layout&quot;:&quot;grid&quot;,&quot;aspect_ratio&quot;:&quot;3:2&quot;,&quot;overlay_background&quot;:&quot;yes&quot;,&quot;content_hover_animation&quot;:&quot;fade-in&quot;}\" data-widget_type=\"gallery.default\">\n\t\t\t\t<div class=\"elementor-widget-container\">\n\t\t\t\t\t\t\t<div class=\"elementor-gallery__container\">\n\t\t\t\t\t\t\t<div class=\"e-gallery-item elementor-gallery-item elementor-animated-content\">\n\t\t\t\t\t<div class=\"e-gallery-image elementor-gallery-item__image\" data-thumbnail=\"https:\/\/www.portovenere.fr\/fr-fr\/wp-content\/uploads\/2024\/10\/Carrelage-sol-mur-interieur-exterieur-imitation-ciment-beton-cire-Stormy-coloris-Antra-gris-fonce-magasin-carrelage-Porto-venere-proche-de-Clapiers-34-150x150.jpg\" data-width=\"150\" data-height=\"150\" aria-label=\"\" role=\"img\" ><\/div>\n\t\t\t\t\t\t\t\t\t\t\t<div class=\"elementor-gallery-item__overlay\"><\/div>\n\t\t\t\t\t\t\t\t\t\t\t\t\t\t<\/div>\n\t\t\t\t\t\t\t<div class=\"e-gallery-item elementor-gallery-item elementor-animated-content\">\n\t\t\t\t\t<div class=\"e-gallery-image elementor-gallery-item__image\" data-thumbnail=\"https:\/\/www.portovenere.fr\/fr-fr\/wp-content\/uploads\/2024\/10\/Carrelage-sol-mur-interieur-exterieur-imitation-ciment-beton-cire-Stormy-coloris-Concrete-magasin-carrelage-Porto-venere-proche-de-Gigean-34-150x150.jpg\" data-width=\"150\" data-height=\"150\" aria-label=\"\" role=\"img\" ><\/div>\n\t\t\t\t\t\t\t\t\t\t\t<div class=\"elementor-gallery-item__overlay\"><\/div>\n\t\t\t\t\t\t\t\t\t\t\t\t\t\t<\/div>\n\t\t\t\t\t\t\t<div class=\"e-gallery-item elementor-gallery-item elementor-animated-content\">\n\t\t\t\t\t<div class=\"e-gallery-image elementor-gallery-item__image\" data-thumbnail=\"https:\/\/www.portovenere.fr\/fr-fr\/wp-content\/uploads\/2024\/10\/Carrelage-sol-mur-interieur-exterieur-imitation-ciment-beton-cire-Stormy-Ivory-ivoire-magasin-Porto-venere-a-Montpellier-34-150x150.jpg\" data-width=\"150\" data-height=\"150\" aria-label=\"\" role=\"img\" ><\/div>\n\t\t\t\t\t\t\t\t\t\t\t<div class=\"elementor-gallery-item__overlay\"><\/div>\n\t\t\t\t\t\t\t\t\t\t\t\t\t\t<\/div>\n\t\t\t\t\t\t\t<div class=\"e-gallery-item elementor-gallery-item elementor-animated-content\">\n\t\t\t\t\t<div class=\"e-gallery-image elementor-gallery-item__image\" data-thumbnail=\"https:\/\/www.portovenere.fr\/fr-fr\/wp-content\/uploads\/2024\/10\/Carrelage-sol-mur-interieur-exterieur-imitation-ciment-beton-cire-Stormy-coloris-Sand-sable-magasin-carrelage-Porto-venere-proche-de-Baillargues-34-150x150.jpg\" data-width=\"150\" data-height=\"150\" aria-label=\"\" role=\"img\" ><\/div>\n\t\t\t\t\t\t\t\t\t\t\t<div class=\"elementor-gallery-item__overlay\"><\/div>\n\t\t\t\t\t\t\t\t\t\t\t\t\t\t<\/div>\n\t\t\t\t\t\t\t<div class=\"e-gallery-item elementor-gallery-item elementor-animated-content\">\n\t\t\t\t\t<div class=\"e-gallery-image elementor-gallery-item__image\" data-thumbnail=\"https:\/\/www.portovenere.fr\/fr-fr\/wp-content\/uploads\/2024\/10\/Mosaique-Random-Stormy-30x30-cm-Sand-sable-esprit-briquettes-taillees-mini-a-Montpellier-34-150x150.jpg\" data-width=\"150\" data-height=\"150\" aria-label=\"\" role=\"img\" ><\/div>\n\t\t\t\t\t\t\t\t\t\t\t<div class=\"elementor-gallery-item__overlay\"><\/div>\n\t\t\t\t\t\t\t\t\t\t\t\t\t\t<\/div>\n\t\t\t\t\t\t\t<div class=\"e-gallery-item elementor-gallery-item elementor-animated-content\">\n\t\t\t\t\t<div class=\"e-gallery-image elementor-gallery-item__image\" data-thumbnail=\"https:\/\/www.portovenere.fr\/fr-fr\/wp-content\/uploads\/2024\/10\/Mosaique-murale-avec-demi-cercle-2-teintes-naturelle-effet-beton-carrelage-Stormy-Piano-mix-Antra-et-Concrete-20x40-cm-pres-de-Sete-34-150x150.jpg\" data-width=\"150\" data-height=\"150\" aria-label=\"\" role=\"img\" ><\/div>\n\t\t\t\t\t\t\t\t\t\t\t<div class=\"elementor-gallery-item__overlay\"><\/div>\n\t\t\t\t\t\t\t\t\t\t\t\t\t\t<\/div>\n\t\t\t\t\t\t\t<div class=\"e-gallery-item elementor-gallery-item elementor-animated-content\">\n\t\t\t\t\t<div class=\"e-gallery-image elementor-gallery-item__image\" data-thumbnail=\"https:\/\/www.portovenere.fr\/fr-fr\/wp-content\/uploads\/2024\/10\/Mosaique-murale-avec-demi-cercle-2-teintes-naturelle-effet-beton-carrelage-Stormy-Piano-mix-Ivory-et-Sand-20x40-cm-pres-de-Agde-34-150x150.jpg\" data-width=\"150\" data-height=\"150\" aria-label=\"\" role=\"img\" ><\/div>\n\t\t\t\t\t\t\t\t\t\t\t<div class=\"elementor-gallery-item__overlay\"><\/div>\n\t\t\t\t\t\t\t\t\t\t\t\t\t\t<\/div>\n\t\t\t\t\t\t\t<div class=\"e-gallery-item elementor-gallery-item elementor-animated-content\">\n\t\t\t\t\t<div class=\"e-gallery-image elementor-gallery-item__image\" data-thumbnail=\"https:\/\/www.portovenere.fr\/fr-fr\/wp-content\/uploads\/2024\/10\/Mosaique-murale-avec-demi-cercle-2-teintes-naturelle-effet-beton-carrelage-Stormy-Piano-mix-Ivory-et-Concrete-20x40-cm-pres-de-Lattes-34-150x150.jpg\" data-width=\"150\" data-height=\"150\" aria-label=\"\" role=\"img\" ><\/div>\n\t\t\t\t\t\t\t\t\t\t\t<div class=\"elementor-gallery-item__overlay\"><\/div>\n\t\t\t\t\t\t\t\t\t\t\t\t\t\t<\/div>\n\t\t\t\t\t\t\t<div class=\"e-gallery-item elementor-gallery-item elementor-animated-content\">\n\t\t\t\t\t<div class=\"e-gallery-image elementor-gallery-item__image\" data-thumbnail=\"https:\/\/www.portovenere.fr\/fr-fr\/wp-content\/uploads\/2024\/10\/Mosaique-Stormy-Antra-30x30-cm-a-Montpellier-34-150x150.jpg\" data-width=\"150\" data-height=\"150\" aria-label=\"\" role=\"img\" ><\/div>\n\t\t\t\t\t\t\t\t\t\t\t<div class=\"elementor-gallery-item__overlay\"><\/div>\n\t\t\t\t\t\t\t\t\t\t\t\t\t\t<\/div>\n\t\t\t\t\t\t\t<div class=\"e-gallery-item elementor-gallery-item elementor-animated-content\">\n\t\t\t\t\t<div class=\"e-gallery-image elementor-gallery-item__image\" data-thumbnail=\"https:\/\/www.portovenere.fr\/fr-fr\/wp-content\/uploads\/2024\/10\/Mosaique-Stormy-Sand-30x30-cm-a-Montpellier-34-150x150.jpg\" data-width=\"150\" data-height=\"150\" aria-label=\"\" role=\"img\" ><\/div>\n\t\t\t\t\t\t\t\t\t\t\t<div class=\"elementor-gallery-item__overlay\"><\/div>\n\t\t\t\t\t\t\t\t\t\t\t\t\t\t<\/div>\n\t\t\t\t\t\t\t<div class=\"e-gallery-item elementor-gallery-item elementor-animated-content\">\n\t\t\t\t\t<div class=\"e-gallery-image elementor-gallery-item__image\" data-thumbnail=\"https:\/\/www.portovenere.fr\/fr-fr\/wp-content\/uploads\/2024\/10\/Carrelege-decore-effet-decor-ancien-efface-60x120-cm-Stormy-Damasco-Antra-Gold-proche-de-Montagnac-34-150x150.jpg\" data-width=\"150\" data-height=\"150\" aria-label=\"\" role=\"img\" ><\/div>\n\t\t\t\t\t\t\t\t\t\t\t<div class=\"elementor-gallery-item__overlay\"><\/div>\n\t\t\t\t\t\t\t\t\t\t\t\t\t\t<\/div>\n\t\t\t\t\t\t\t<div class=\"e-gallery-item elementor-gallery-item elementor-animated-content\">\n\t\t\t\t\t<div class=\"e-gallery-image elementor-gallery-item__image\" data-thumbnail=\"https:\/\/www.portovenere.fr\/fr-fr\/wp-content\/uploads\/2024\/10\/Carrelage-decor-lignes-geometriques-60x120-cm-Stormy-Fence-Antra-silver-pres-de-Perols-Herault-34-150x150.jpg\" data-width=\"150\" data-height=\"150\" aria-label=\"\" role=\"img\" ><\/div>\n\t\t\t\t\t\t\t\t\t\t\t<div class=\"elementor-gallery-item__overlay\"><\/div>\n\t\t\t\t\t\t\t\t\t\t\t\t\t\t<\/div>\n\t\t\t\t\t\t\t<div class=\"e-gallery-item elementor-gallery-item elementor-animated-content\">\n\t\t\t\t\t<div class=\"e-gallery-image elementor-gallery-item__image\" data-thumbnail=\"https:\/\/www.portovenere.fr\/fr-fr\/wp-content\/uploads\/2024\/10\/Carrelege-decore-effet-ciment-decor-ancien-efface-100x100-Stormy-Damasco-Ivory-proche-de-Mauguio-34-150x150.jpg\" data-width=\"150\" data-height=\"150\" aria-label=\"\" role=\"img\" ><\/div>\n\t\t\t\t\t\t\t\t\t\t\t<div class=\"elementor-gallery-item__overlay\"><\/div>\n\t\t\t\t\t\t\t\t\t\t\t\t\t\t<\/div>\n\t\t\t\t\t\t\t<div class=\"e-gallery-item elementor-gallery-item elementor-animated-content\">\n\t\t\t\t\t<div class=\"e-gallery-image elementor-gallery-item__image\" data-thumbnail=\"https:\/\/www.portovenere.fr\/fr-fr\/wp-content\/uploads\/2024\/10\/Carrelege-decore-effet-ciment-decor-ancien-efface-100x100-Stormy-Damasco-Concrete-proche-de-Pezenas-34-150x150.jpg\" data-width=\"150\" data-height=\"150\" aria-label=\"\" role=\"img\" ><\/div>\n\t\t\t\t\t\t\t\t\t\t\t<div class=\"elementor-gallery-item__overlay\"><\/div>\n\t\t\t\t\t\t\t\t\t\t\t\t\t\t<\/div>\n\t\t\t\t\t<\/div>\n\t\t\t\t\t<\/div>\n\t\t\t\t<\/div>\n\t\t\t\t<div class=\"elementor-element elementor-element-f07953b elementor-widget elementor-widget-text-editor\" data-id=\"f07953b\" data-element_type=\"widget\" data-e-type=\"widget\" data-widget_type=\"text-editor.default\">\n\t\t\t\t<div class=\"elementor-widget-container\">\n\t\t\t\t\t\t\t\t\t<p>Le<b>\u00a0carrelage contemporain\u00a0<\/b>aspect ciment Stormy est un rev\u00eatement pour sols et murs de haute qualit\u00e9, id\u00e9al pour vos projets de construction ou r\u00e9novation.<\/p><p>Stormy\u00a0est propos\u00e9 en\u00a0<b>finition naturelle\u00a0<\/b>(<b>mat<\/b>) et en finition\u00a0<b>antid\u00e9rapante pour l\u2019ext\u00e9rieur<\/b>\u00a0: tour de piscine, terrasse\u2026<\/p><p>Les\u00a0formats propos\u00e9s pour ce carrelage effet b\u00e9ton cir\u00e9 ou naturel sont :\u00a0<b>100 x 100 cm, 60 x\u00a0 120 cm, 60 x 60 cm, 80 x 80 cm\u00a0<\/b>(\u00e9paisseur 8,5 mm et 9,5 mm).\u00a0<\/p><p>Cette collection en\u00a0<b>gr\u00e8s c\u00e9rame \u00e9maill\u00e9 color\u00e9 dans la masse<\/b>\u00a0se pose au\u00a0<b>sol et au mur\u00a0<\/b>(salle de bain, cuisine, s\u00e9jour, restaurant, h\u00f4tel\u2026). Elle se d\u00e9cline dans 4<b>\u00a0coloris esprit naturel<\/b>\u00a0: Sand, Antra, Concrete et Ivory.<\/p><p><strong>D<\/strong><b>iff\u00e9rents d\u00e9cors et mosa\u00efques<\/b>\u00a0compl\u00e8tent cette collection de carrelage sol et mur\u00a0<b>aspect ciment.<\/b><\/p>\t\t\t\t\t\t\t\t<\/div>\n\t\t\t\t<\/div>\n\t\t\t\t<div class=\"elementor-element elementor-element-0a0db64 elementor-mobile-align-center elementor-widget elementor-widget-button\" data-id=\"0a0db64\" data-element_type=\"widget\" data-e-type=\"widget\" data-widget_type=\"button.default\">\n\t\t\t\t<div class=\"elementor-widget-container\">\n\t\t\t\t\t\t\t\t\t<div class=\"elementor-button-wrapper\">\n\t\t\t\t\t<a class=\"elementor-button elementor-button-link elementor-size-sm\" href=\"https:\/\/www.portovenere.fr\/fr-fr\/carrelage-sol-et-mur-en-gres-cerame-et-faience\/carrelage-contemporain-et-design\/carrelage-aspect-beton-lisse-terra-urbana\/\">\n\t\t\t\t\t\t<span class=\"elementor-button-content-wrapper\">\n\t\t\t\t\t\t\t\t\t<span class=\"elementor-button-text\">Voir la collection<\/span>\n\t\t\t\t\t<\/span>\n\t\t\t\t\t<\/a>\n\t\t\t\t<\/div>\n\t\t\t\t\t\t\t\t<\/div>\n\t\t\t\t<\/div>\n\t\t\t\t\t<\/div>\n\t\t<\/div>\n\t\t\t\t<div class=\"elementor-column elementor-col-33 elementor-top-column elementor-element elementor-element-e085134 elementor-invisible\" data-id=\"e085134\" data-element_type=\"column\" data-e-type=\"column\" data-settings=\"{&quot;animation&quot;:&quot;fadeIn&quot;,&quot;background_background&quot;:&quot;classic&quot;}\">\n\t\t\t<div class=\"elementor-widget-wrap elementor-element-populated\">\n\t\t\t\t\t\t<div class=\"elementor-element elementor-element-1d51a89 elementor-widget elementor-widget-image\" data-id=\"1d51a89\" data-element_type=\"widget\" data-e-type=\"widget\" data-widget_type=\"image.default\">\n\t\t\t\t<div class=\"elementor-widget-container\">\n\t\t\t\t\t\t\t\t\t\t\t\t\t\t\t\t<a href=\"https:\/\/www.portovenere.fr\/fr-fr\/carrelage-sol-et-mur-en-gres-cerame-et-faience\/carrelage-imitation-parquet-aspect-bois\/carrelage-effet-bois-pour-interieur-et-exterieur-queria-plus\/\">\n\t\t\t\t\t\t\t<img decoding=\"async\" width=\"768\" height=\"571\" src=\"https:\/\/www.portovenere.fr\/fr-fr\/wp-content\/uploads\/2025\/06\/Carrelage-exterieur-tour-de-piscine-antiderapant-en-dalles-2-cm-30x120-cm-QUERIA-PLUS-effet-bois-haut-de-gamme-pres-de-Sete-34-768x571.jpg\" class=\"attachment-medium_large size-medium_large wp-image-60615\" alt=\"\" srcset=\"https:\/\/www.portovenere.fr\/fr-fr\/wp-content\/uploads\/2025\/06\/Carrelage-exterieur-tour-de-piscine-antiderapant-en-dalles-2-cm-30x120-cm-QUERIA-PLUS-effet-bois-haut-de-gamme-pres-de-Sete-34-768x571.jpg 768w, https:\/\/www.portovenere.fr\/fr-fr\/wp-content\/uploads\/2025\/06\/Carrelage-exterieur-tour-de-piscine-antiderapant-en-dalles-2-cm-30x120-cm-QUERIA-PLUS-effet-bois-haut-de-gamme-pres-de-Sete-34-300x223.jpg 300w, https:\/\/www.portovenere.fr\/fr-fr\/wp-content\/uploads\/2025\/06\/Carrelage-exterieur-tour-de-piscine-antiderapant-en-dalles-2-cm-30x120-cm-QUERIA-PLUS-effet-bois-haut-de-gamme-pres-de-Sete-34-1024x761.jpg 1024w, https:\/\/www.portovenere.fr\/fr-fr\/wp-content\/uploads\/2025\/06\/Carrelage-exterieur-tour-de-piscine-antiderapant-en-dalles-2-cm-30x120-cm-QUERIA-PLUS-effet-bois-haut-de-gamme-pres-de-Sete-34.jpg 1345w\" sizes=\"(max-width: 768px) 100vw, 768px\" \/>\t\t\t\t\t\t\t\t<\/a>\n\t\t\t\t\t\t\t\t\t\t\t\t\t\t\t<\/div>\n\t\t\t\t<\/div>\n\t\t\t\t<section class=\"elementor-section elementor-inner-section elementor-element elementor-element-cb48766 elementor-section-boxed elementor-section-height-default elementor-section-height-default elementor-invisible\" data-id=\"cb48766\" data-element_type=\"section\" data-e-type=\"section\" data-settings=\"{&quot;background_background&quot;:&quot;classic&quot;,&quot;animation&quot;:&quot;fadeIn&quot;}\">\n\t\t\t\t\t\t<div class=\"elementor-container elementor-column-gap-default\">\n\t\t\t\t\t<div class=\"elementor-column elementor-col-100 elementor-inner-column elementor-element elementor-element-f44b4a4\" data-id=\"f44b4a4\" data-element_type=\"column\" data-e-type=\"column\">\n\t\t\t<div class=\"elementor-widget-wrap elementor-element-populated\">\n\t\t\t\t\t\t<div class=\"elementor-element elementor-element-9ea1634 elementor-widget elementor-widget-heading\" data-id=\"9ea1634\" data-element_type=\"widget\" data-e-type=\"widget\" data-widget_type=\"heading.default\">\n\t\t\t\t<div class=\"elementor-widget-container\">\n\t\t\t\t\t<h3 class=\"elementor-heading-title elementor-size-default\"><a href=\"https:\/\/www.portovenere.fr\/fr-fr\/carrelage-sol-et-mur-en-gres-cerame-et-faience\/carrelage-imitation-parquet-aspect-bois\/carrelage-effet-bois-pour-interieur-et-exterieur-queria-plus\/\">QUERIA PLUS | 4 coloris<\/a><\/h3>\t\t\t\t<\/div>\n\t\t\t\t<\/div>\n\t\t\t\t<div class=\"elementor-element elementor-element-73da9a3 elementor-widget__width-initial elementor-widget elementor-widget-gallery\" data-id=\"73da9a3\" data-element_type=\"widget\" data-e-type=\"widget\" data-settings=\"{&quot;gap&quot;:{&quot;unit&quot;:&quot;px&quot;,&quot;size&quot;:3,&quot;sizes&quot;:[]},&quot;columns_mobile&quot;:3,&quot;gap_mobile&quot;:{&quot;unit&quot;:&quot;px&quot;,&quot;size&quot;:6,&quot;sizes&quot;:[]},&quot;columns&quot;:5,&quot;columns_tablet&quot;:3,&quot;gap_tablet&quot;:{&quot;unit&quot;:&quot;px&quot;,&quot;size&quot;:5,&quot;sizes&quot;:[]},&quot;lazyload&quot;:&quot;yes&quot;,&quot;gallery_layout&quot;:&quot;grid&quot;,&quot;aspect_ratio&quot;:&quot;3:2&quot;,&quot;overlay_background&quot;:&quot;yes&quot;,&quot;content_hover_animation&quot;:&quot;fade-in&quot;}\" data-widget_type=\"gallery.default\">\n\t\t\t\t<div class=\"elementor-widget-container\">\n\t\t\t\t\t\t\t<div class=\"elementor-gallery__container\">\n\t\t\t\t\t\t\t<div class=\"e-gallery-item elementor-gallery-item elementor-animated-content\">\n\t\t\t\t\t<div class=\"e-gallery-image elementor-gallery-item__image\" data-thumbnail=\"https:\/\/www.portovenere.fr\/fr-fr\/wp-content\/uploads\/2025\/06\/Carrelage-sol-mur-aspect-parquet-bois-de-qualite-pour-interieur-exterieur-QUERIA-PLUS-Oro-magasin-carrelage-et-parquet-proche-Mauguio-34-150x150.jpg\" data-width=\"150\" data-height=\"150\" aria-label=\"\" role=\"img\" ><\/div>\n\t\t\t\t\t\t\t\t\t\t\t<div class=\"elementor-gallery-item__overlay\"><\/div>\n\t\t\t\t\t\t\t\t\t\t\t\t\t\t<\/div>\n\t\t\t\t\t\t\t<div class=\"e-gallery-item elementor-gallery-item elementor-animated-content\">\n\t\t\t\t\t<div class=\"e-gallery-image elementor-gallery-item__image\" data-thumbnail=\"https:\/\/www.portovenere.fr\/fr-fr\/wp-content\/uploads\/2025\/06\/Carrelage-sol-mur-aspect-parquet-bois-de-qualite-pour-interieur-exterieur-QUERIA-PLUS-Miele-magasin-carrelage-et-parquet-a-Montpellier-34-150x150.jpg\" data-width=\"150\" data-height=\"150\" aria-label=\"\" role=\"img\" ><\/div>\n\t\t\t\t\t\t\t\t\t\t\t<div class=\"elementor-gallery-item__overlay\"><\/div>\n\t\t\t\t\t\t\t\t\t\t\t\t\t\t<\/div>\n\t\t\t\t\t\t\t<div class=\"e-gallery-item elementor-gallery-item elementor-animated-content\">\n\t\t\t\t\t<div class=\"e-gallery-image elementor-gallery-item__image\" data-thumbnail=\"https:\/\/www.portovenere.fr\/fr-fr\/wp-content\/uploads\/2025\/06\/Carrelage-sol-mur-aspect-parquet-bois-de-qualite-pour-interieur-exterieur-QUERIA-PLUS-Mandorla-magasin-carrelage-et-parquet-a-Montpellier-34-150x150.jpg\" data-width=\"150\" data-height=\"150\" aria-label=\"\" role=\"img\" ><\/div>\n\t\t\t\t\t\t\t\t\t\t\t<div class=\"elementor-gallery-item__overlay\"><\/div>\n\t\t\t\t\t\t\t\t\t\t\t\t\t\t<\/div>\n\t\t\t\t\t\t\t<div class=\"e-gallery-item elementor-gallery-item elementor-animated-content\">\n\t\t\t\t\t<div class=\"e-gallery-image elementor-gallery-item__image\" data-thumbnail=\"https:\/\/www.portovenere.fr\/fr-fr\/wp-content\/uploads\/2025\/06\/Carrelage-sol-mur-aspect-parquet-bois-de-qualite-pour-interieur-exterieur-QUERIA-PLUS-Chiaro-magasin-carrelage-et-parquet-proche-Sete-34-150x150.jpg\" data-width=\"150\" data-height=\"150\" aria-label=\"\" role=\"img\" ><\/div>\n\t\t\t\t\t\t\t\t\t\t\t<div class=\"elementor-gallery-item__overlay\"><\/div>\n\t\t\t\t\t\t\t\t\t\t\t\t\t\t<\/div>\n\t\t\t\t\t<\/div>\n\t\t\t\t\t<\/div>\n\t\t\t\t<\/div>\n\t\t\t\t<div class=\"elementor-element elementor-element-fc712e2 elementor-widget elementor-widget-text-editor\" data-id=\"fc712e2\" data-element_type=\"widget\" data-e-type=\"widget\" data-widget_type=\"text-editor.default\">\n\t\t\t\t<div class=\"elementor-widget-container\">\n\t\t\t\t\t\t\t\t\t<p data-sourcepos=\"4:1-4:293\">La collection de\u00a0<b>carrelage pour sol et mur<\/b>\u00a0effet bois\u00a0<strong>QUERIA PLUS<\/strong>\u00a0vient enrichir la collection\u00a0<strong><a href=\"https:\/\/www.portovenere.fr\/fr-fr\/carrelage-sol-et-mur-en-gres-cerame-et-faience\/carrelage-imitation-parquet-aspect-bois\/carrelage-imitation-bois-pour-interieur-et-exterieur-queria\/\">QUERIA<\/a><\/strong>\u00a0de 4 nouvelles teintes de bois.\u00a0<\/p><p data-sourcepos=\"4:1-4:293\"><strong>Ce gr\u00e8s c\u00e9rame imitation bois<\/strong>\u00a0propose les coloris suivants : Oro, Chiaro, Miele et Mandorla.<\/p><p data-sourcepos=\"6:1-6:411\">Les carreaux sont propos\u00e9s en<b>\u00a020x120cm finition naturelle ou antid\u00e9rapante,\u00a0<\/b>en maxi format<b>\u00a026,5 x 160 cm naturel, en Listel Tratto 20\u00d7120 cm.<\/b><\/p><p>Ce gr\u00e8s c\u00e9rame de haute qualit\u00e9 existe en version 9mm naturel et antid\u00e9rapant, mais aussi en\u00a0<b>dalles antid\u00e9rapantes<\/b>\u00a0<b>20mm<\/b>\u00a0R11 C<b>\u00a030\u00d7120 cm<\/b>\u00a0pour une\u00a0<b>pose en ext\u00e9rieur : terrasse, tour de piscine, sur plots, coll\u00e9e, sur gazon\u2026<\/b><\/p><p>Imaginez la chaleur et le charme du\u00a0<strong>bois v\u00e9ritable<\/strong>, combin\u00e9s \u00e0 la praticit\u00e9 d\u2019un carrelage ultra-r\u00e9sistant. C\u2019est ce que vous offre QUERIA PLUS. Son\u00a0<strong>gr\u00e8s c\u00e9rame<\/strong>\u00a0imite parfaitement le bois tout en vous garantissant une\u00a0<strong>durabilit\u00e9<\/strong>\u00a0\u00e0 toute \u00e9preuve face \u00e0 l\u2019usure, au gel et \u00e0 l\u2019humidit\u00e9, sans oublier un\u00a0<strong>entretien ais\u00e9<\/strong>. Cr\u00e9ez une atmosph\u00e8re authentique et raffin\u00e9e, aussi bien \u00e0 l\u2019int\u00e9rieur qu\u2019\u00e0 l\u2019ext\u00e9rieur.<\/p><p>Adapt\u00e9 pour un trafic intense.<\/p>\t\t\t\t\t\t\t\t<\/div>\n\t\t\t\t<\/div>\n\t\t\t\t<div class=\"elementor-element elementor-element-086e8f0 elementor-mobile-align-center elementor-widget elementor-widget-button\" data-id=\"086e8f0\" data-element_type=\"widget\" data-e-type=\"widget\" data-widget_type=\"button.default\">\n\t\t\t\t<div class=\"elementor-widget-container\">\n\t\t\t\t\t\t\t\t\t<div class=\"elementor-button-wrapper\">\n\t\t\t\t\t<a class=\"elementor-button elementor-button-link elementor-size-sm\" href=\"https:\/\/www.portovenere.fr\/fr-fr\/carrelage-sol-et-mur-en-gres-cerame-et-faience\/carrelage-imitation-parquet-aspect-bois\/carrelage-effet-bois-pour-interieur-et-exterieur-queria-plus\/\">\n\t\t\t\t\t\t<span class=\"elementor-button-content-wrapper\">\n\t\t\t\t\t\t\t\t\t<span class=\"elementor-button-text\">VOIR LA COLLECTION<\/span>\n\t\t\t\t\t<\/span>\n\t\t\t\t\t<\/a>\n\t\t\t\t<\/div>\n\t\t\t\t\t\t\t\t<\/div>\n\t\t\t\t<\/div>\n\t\t\t\t\t<\/div>\n\t\t<\/div>\n\t\t\t\t\t<\/div>\n\t\t<\/section>\n\t\t\t\t\t<\/div>\n\t\t<\/div>\n\t\t\t\t\t<\/div>\n\t\t<\/section>\n\t\t\t\t<section class=\"elementor-section elementor-top-section elementor-element elementor-element-f8bb5d5 elementor-section-full_width elementor-section-height-default elementor-section-height-default elementor-invisible\" data-id=\"f8bb5d5\" data-element_type=\"section\" data-e-type=\"section\" data-settings=\"{&quot;animation&quot;:&quot;fadeIn&quot;}\">\n\t\t\t\t\t\t<div class=\"elementor-container elementor-column-gap-default\">\n\t\t\t\t\t<div class=\"elementor-column elementor-col-33 elementor-top-column elementor-element elementor-element-8cc44ad elementor-invisible\" data-id=\"8cc44ad\" data-element_type=\"column\" data-e-type=\"column\" data-settings=\"{&quot;animation&quot;:&quot;fadeIn&quot;,&quot;background_background&quot;:&quot;classic&quot;}\">\n\t\t\t<div class=\"elementor-widget-wrap elementor-element-populated\">\n\t\t\t\t\t\t<div class=\"elementor-element elementor-element-ee84bb6 elementor-widget elementor-widget-image\" data-id=\"ee84bb6\" data-element_type=\"widget\" data-e-type=\"widget\" data-widget_type=\"image.default\">\n\t\t\t\t<div class=\"elementor-widget-container\">\n\t\t\t\t\t\t\t\t\t\t\t\t\t\t\t\t<a href=\"https:\/\/www.portovenere.fr\/fr-fr\/carrelage-sol-et-mur-en-gres-cerame-et-faience\/carrelage-aspect-pierre\/carrelage-travertin-sol-et-mur-interieur-exterieur-tortuga\/\">\n\t\t\t\t\t\t\t<img decoding=\"async\" src=\"https:\/\/www.portovenere.fr\/fr-fr\/wp-content\/uploads\/elementor\/thumbs\/Carrelage-pierre-de-travertin-exterieur-et-interieur-multi-formatsTortuga-gres-cerame-coloris-naturel-pres-de-Juvignac-34-r8if9st23867dlwuy4nu3x1km2n6d8inqltjcvvqwo.jpg\" title=\"Carrelage-pierre-de-travertin-ext\u00e9rieur-et-int\u00e9rieur-multi-formatsTortuga-gr\u00e8s-c\u00e9rame-coloris-naturel-pr\u00e8s-de-Juvignac-34\" alt=\"Carrelage 1er choix aspect pierre naturelle travertin pour int\u00e9rieur et ext\u00e9rieur\" loading=\"lazy\" \/>\t\t\t\t\t\t\t\t<\/a>\n\t\t\t\t\t\t\t\t\t\t\t\t\t\t\t<\/div>\n\t\t\t\t<\/div>\n\t\t\t\t<section class=\"elementor-section elementor-inner-section elementor-element elementor-element-5330246 elementor-section-boxed elementor-section-height-default elementor-section-height-default elementor-invisible\" data-id=\"5330246\" data-element_type=\"section\" data-e-type=\"section\" data-settings=\"{&quot;background_background&quot;:&quot;classic&quot;,&quot;animation&quot;:&quot;fadeIn&quot;}\">\n\t\t\t\t\t\t<div class=\"elementor-container elementor-column-gap-default\">\n\t\t\t\t\t<div class=\"elementor-column elementor-col-100 elementor-inner-column elementor-element elementor-element-9a6fba4\" data-id=\"9a6fba4\" data-element_type=\"column\" data-e-type=\"column\">\n\t\t\t<div class=\"elementor-widget-wrap elementor-element-populated\">\n\t\t\t\t\t\t<div class=\"elementor-element elementor-element-1ba1bba elementor-widget elementor-widget-heading\" data-id=\"1ba1bba\" data-element_type=\"widget\" data-e-type=\"widget\" data-widget_type=\"heading.default\">\n\t\t\t\t<div class=\"elementor-widget-container\">\n\t\t\t\t\t<h3 class=\"elementor-heading-title elementor-size-default\"><a href=\"https:\/\/www.portovenere.fr\/fr-fr\/carrelage-sol-et-mur-en-gres-cerame-et-faience\/carrelage-aspect-pierre\/carrelage-travertin-sol-et-mur-interieur-exterieur-tortuga\/\">TORTUGA travertin | 1 coloris <\/a><\/h3>\t\t\t\t<\/div>\n\t\t\t\t<\/div>\n\t\t\t\t<div class=\"elementor-element elementor-element-8c544e1 elementor-widget__width-initial elementor-widget elementor-widget-gallery\" data-id=\"8c544e1\" data-element_type=\"widget\" data-e-type=\"widget\" data-settings=\"{&quot;gap&quot;:{&quot;unit&quot;:&quot;px&quot;,&quot;size&quot;:3,&quot;sizes&quot;:[]},&quot;columns_mobile&quot;:3,&quot;gap_mobile&quot;:{&quot;unit&quot;:&quot;px&quot;,&quot;size&quot;:6,&quot;sizes&quot;:[]},&quot;columns&quot;:5,&quot;columns_tablet&quot;:3,&quot;gap_tablet&quot;:{&quot;unit&quot;:&quot;px&quot;,&quot;size&quot;:5,&quot;sizes&quot;:[]},&quot;lazyload&quot;:&quot;yes&quot;,&quot;gallery_layout&quot;:&quot;grid&quot;,&quot;aspect_ratio&quot;:&quot;3:2&quot;,&quot;overlay_background&quot;:&quot;yes&quot;,&quot;content_hover_animation&quot;:&quot;fade-in&quot;}\" data-widget_type=\"gallery.default\">\n\t\t\t\t<div class=\"elementor-widget-container\">\n\t\t\t\t\t\t\t<div class=\"elementor-gallery__container\">\n\t\t\t\t\t\t\t<div class=\"e-gallery-item elementor-gallery-item elementor-animated-content\">\n\t\t\t\t\t<div class=\"e-gallery-image elementor-gallery-item__image\" data-thumbnail=\"https:\/\/www.portovenere.fr\/fr-fr\/wp-content\/uploads\/2024\/07\/Carrelage-imitation-travertin-exterieur-et-interieur-multi-formats-Tortuga-gres-cerame-coloris-naturel-pres-de-Beziers-34-150x150.jpg\" data-width=\"150\" data-height=\"150\" aria-label=\"\" role=\"img\" ><\/div>\n\t\t\t\t\t\t\t\t\t\t\t<div class=\"elementor-gallery-item__overlay\"><\/div>\n\t\t\t\t\t\t\t\t\t\t\t\t\t\t<\/div>\n\t\t\t\t\t<\/div>\n\t\t\t\t\t<\/div>\n\t\t\t\t<\/div>\n\t\t\t\t<div class=\"elementor-element elementor-element-ad2de07 elementor-widget elementor-widget-text-editor\" data-id=\"ad2de07\" data-element_type=\"widget\" data-e-type=\"widget\" data-widget_type=\"text-editor.default\">\n\t\t\t\t<div class=\"elementor-widget-container\">\n\t\t\t\t\t\t\t\t\t<p>Cette collection de <b>carrelage en gr\u00e8s c\u00e9rame 1er choix <\/b>reprend \u00e0 la perfection l\u2019<b>\u00e9l\u00e9gance du travertin<\/b>, et en fait\u00a0 un choix intemporel pour vos<b>\u00a0int\u00e9rieurs et vos ext\u00e9rieurs<\/b>.\u00a0<\/p><p>Le gr\u00e8s c\u00e9rame Tortuga s\u2019implantera tout naturellement dans vos espaces de vie comme la cuisine, le s\u00e9jour, une salle de bain ou bien une chambre mais aussi sur une\u00a0<b>terrasse ou en tour de piscine<\/b>.\u00a0<\/p><p>La collection de carrelage<b>\u00a0gr\u00e8s c\u00e9rame \u00e9maill\u00e9 color\u00e9 dans la masse<\/b>\u00a0Tortuga se caract\u00e9rise par sa teinte beige sable \u00e9l\u00e9gante et envo\u00fbtante. Ce gr\u00e8s c\u00e9rame se d\u00e9cline en<b>\u00a0finition naturelle R10 ou antid\u00e9rapante R11.<\/b><\/p><p>Les<b>\u00a0diff\u00e9rents formats\u00a0<\/b>propos\u00e9s\u00a0<b>en 10 mm<\/b>\u00a0d\u2019\u00e9paisseur permettent\u00a0<b>diff\u00e9rents types de pose<\/b>\u00a0en opus ou en format unique\u00a0:\u00a0<b>20 x 20 cm, 20 x 40 cm, 40 x 40 cm,\u00a040 x 60,8 cm<\/b>.<\/p><p>La pose est recommand\u00e9e avec des joints de 4 \u00e0 5 mm.\u00a0<\/p><p>Cette collection est compl\u00e8te gr\u00e2ce \u00e0 la plinthe et au nez de marche disponibles.<\/p><p>Le carrelage gr\u00e8s c\u00e9rame effet Travertin offre de nombreux avantages par rapport \u00e0 la pierre de travertin pour un rendu\u00a0remarquablement similaire.<\/p>\t\t\t\t\t\t\t\t<\/div>\n\t\t\t\t<\/div>\n\t\t\t\t<div class=\"elementor-element elementor-element-f9bc6db elementor-mobile-align-center elementor-widget elementor-widget-button\" data-id=\"f9bc6db\" data-element_type=\"widget\" data-e-type=\"widget\" data-widget_type=\"button.default\">\n\t\t\t\t<div class=\"elementor-widget-container\">\n\t\t\t\t\t\t\t\t\t<div class=\"elementor-button-wrapper\">\n\t\t\t\t\t<a class=\"elementor-button elementor-button-link elementor-size-sm\" href=\"https:\/\/www.portovenere.fr\/fr-fr\/carrelage-sol-et-mur-en-gres-cerame-et-faience\/carrelage-aspect-pierre\/carrelage-travertin-sol-et-mur-interieur-exterieur-tortuga\/\">\n\t\t\t\t\t\t<span class=\"elementor-button-content-wrapper\">\n\t\t\t\t\t\t\t\t\t<span class=\"elementor-button-text\">Voir la collection<\/span>\n\t\t\t\t\t<\/span>\n\t\t\t\t\t<\/a>\n\t\t\t\t<\/div>\n\t\t\t\t\t\t\t\t<\/div>\n\t\t\t\t<\/div>\n\t\t\t\t\t<\/div>\n\t\t<\/div>\n\t\t\t\t\t<\/div>\n\t\t<\/section>\n\t\t\t\t\t<\/div>\n\t\t<\/div>\n\t\t\t\t<div class=\"elementor-column elementor-col-33 elementor-top-column elementor-element elementor-element-251c618 elementor-invisible\" data-id=\"251c618\" data-element_type=\"column\" data-e-type=\"column\" data-settings=\"{&quot;animation&quot;:&quot;fadeIn&quot;,&quot;background_background&quot;:&quot;classic&quot;}\">\n\t\t\t<div class=\"elementor-widget-wrap elementor-element-populated\">\n\t\t\t\t\t\t<div class=\"elementor-element elementor-element-b48dfee elementor-widget elementor-widget-image\" data-id=\"b48dfee\" data-element_type=\"widget\" data-e-type=\"widget\" data-widget_type=\"image.default\">\n\t\t\t\t<div class=\"elementor-widget-container\">\n\t\t\t\t\t\t\t\t\t\t\t\t\t\t\t\t<a href=\"https:\/\/www.portovenere.fr\/fr-fr\/carrelage-sol-et-mur-en-gres-cerame-et-faience\/carrelage-aspect-pierre\/carrelage-clair-esprit-pierre-naturelle-ondrata\/\">\n\t\t\t\t\t\t\t<img decoding=\"async\" src=\"https:\/\/www.portovenere.fr\/fr-fr\/wp-content\/uploads\/elementor\/thumbs\/Carrelage-interieur-et-exterieur-aspect-pierre-et-travertin-Ondrata-Cream-haute-qualite-proche-de-Beziers-34-r8ifnpt580hfkdyqn74rui0qk1gpc34kmbqk5xr8rw.jpg\" title=\"Carrelage-int\u00e9rieur-et-ext\u00e9rieur-aspect-pierre-et-travertin-Ondrata-Cream-haute-qualit\u00e9-proche-de-B\u00e9ziers-34\" alt=\"Carrelage-int\u00e9rieur-et-ext\u00e9rieur-aspect-pierre-et-travertin-Ondrata-Cream-haute-qualit\u00e9-proche-de-B\u00e9ziers-34\" loading=\"lazy\" \/>\t\t\t\t\t\t\t\t<\/a>\n\t\t\t\t\t\t\t\t\t\t\t\t\t\t\t<\/div>\n\t\t\t\t<\/div>\n\t\t\t\t<section class=\"elementor-section elementor-inner-section elementor-element elementor-element-efe36af elementor-section-boxed elementor-section-height-default elementor-section-height-default elementor-invisible\" data-id=\"efe36af\" data-element_type=\"section\" data-e-type=\"section\" data-settings=\"{&quot;background_background&quot;:&quot;classic&quot;,&quot;animation&quot;:&quot;fadeIn&quot;}\">\n\t\t\t\t\t\t<div class=\"elementor-container elementor-column-gap-default\">\n\t\t\t\t\t<div class=\"elementor-column elementor-col-100 elementor-inner-column elementor-element elementor-element-0161e0b\" data-id=\"0161e0b\" data-element_type=\"column\" data-e-type=\"column\">\n\t\t\t<div class=\"elementor-widget-wrap elementor-element-populated\">\n\t\t\t\t\t\t<div class=\"elementor-element elementor-element-776de73 elementor-widget elementor-widget-heading\" data-id=\"776de73\" data-element_type=\"widget\" data-e-type=\"widget\" data-widget_type=\"heading.default\">\n\t\t\t\t<div class=\"elementor-widget-container\">\n\t\t\t\t\t<h3 class=\"elementor-heading-title elementor-size-default\"><a href=\"https:\/\/www.portovenere.fr\/fr-fr\/carrelage-sol-et-mur-en-gres-cerame-et-faience\/carrelage-aspect-pierre\/carrelage-clair-esprit-pierre-naturelle-ondrata\/\">ONDRATA | 3 coloris et 2 styles<\/a><\/h3>\t\t\t\t<\/div>\n\t\t\t\t<\/div>\n\t\t\t\t<div class=\"elementor-element elementor-element-4207e46 elementor-widget__width-initial elementor-widget elementor-widget-gallery\" data-id=\"4207e46\" data-element_type=\"widget\" data-e-type=\"widget\" data-settings=\"{&quot;gap&quot;:{&quot;unit&quot;:&quot;px&quot;,&quot;size&quot;:3,&quot;sizes&quot;:[]},&quot;columns_mobile&quot;:3,&quot;gap_mobile&quot;:{&quot;unit&quot;:&quot;px&quot;,&quot;size&quot;:6,&quot;sizes&quot;:[]},&quot;columns&quot;:5,&quot;columns_tablet&quot;:3,&quot;gap_tablet&quot;:{&quot;unit&quot;:&quot;px&quot;,&quot;size&quot;:5,&quot;sizes&quot;:[]},&quot;lazyload&quot;:&quot;yes&quot;,&quot;gallery_layout&quot;:&quot;grid&quot;,&quot;aspect_ratio&quot;:&quot;3:2&quot;,&quot;overlay_background&quot;:&quot;yes&quot;,&quot;content_hover_animation&quot;:&quot;fade-in&quot;}\" data-widget_type=\"gallery.default\">\n\t\t\t\t<div class=\"elementor-widget-container\">\n\t\t\t\t\t\t\t<div class=\"elementor-gallery__container\">\n\t\t\t\t\t\t\t<div class=\"e-gallery-item elementor-gallery-item elementor-animated-content\">\n\t\t\t\t\t<div class=\"e-gallery-image elementor-gallery-item__image\" data-thumbnail=\"https:\/\/www.portovenere.fr\/fr-fr\/wp-content\/uploads\/2024\/10\/Carrelage-esprit-pierre-clair-Ondrata-Ond-Creme-beige-sable-gres-cerame-pour-sol-et-mur-magasin-Porto-Venere-pres-de-Sete-34-150x150.jpg\" data-width=\"150\" data-height=\"150\" aria-label=\"\" role=\"img\" ><\/div>\n\t\t\t\t\t\t\t\t\t\t\t<div class=\"elementor-gallery-item__overlay\"><\/div>\n\t\t\t\t\t\t\t\t\t\t\t\t\t\t<\/div>\n\t\t\t\t\t\t\t<div class=\"e-gallery-item elementor-gallery-item elementor-animated-content\">\n\t\t\t\t\t<div class=\"e-gallery-image elementor-gallery-item__image\" data-thumbnail=\"https:\/\/www.portovenere.fr\/fr-fr\/wp-content\/uploads\/2024\/10\/Carrelage-esprit-pierre-clair-Ondrata-Ond-Ivoire-gres-cerame-pour-sol-et-mur-magasin-Porto-Venere-pres-de-Pezenas-34-150x150.jpg\" data-width=\"150\" data-height=\"150\" aria-label=\"\" role=\"img\" ><\/div>\n\t\t\t\t\t\t\t\t\t\t\t<div class=\"elementor-gallery-item__overlay\"><\/div>\n\t\t\t\t\t\t\t\t\t\t\t\t\t\t<\/div>\n\t\t\t\t\t\t\t<div class=\"e-gallery-item elementor-gallery-item elementor-animated-content\">\n\t\t\t\t\t<div class=\"e-gallery-image elementor-gallery-item__image\" data-thumbnail=\"https:\/\/www.portovenere.fr\/fr-fr\/wp-content\/uploads\/2024\/10\/Carrelage-esprit-pierre-grise-Ondrata-Ond-Grey-pour-sol-et-mur-interieur-et-exterieur-magasin-Porto-Venere-pres-de-Juvignac-34-150x150.jpg\" data-width=\"150\" data-height=\"150\" aria-label=\"\" role=\"img\" ><\/div>\n\t\t\t\t\t\t\t\t\t\t\t<div class=\"elementor-gallery-item__overlay\"><\/div>\n\t\t\t\t\t\t\t\t\t\t\t\t\t\t<\/div>\n\t\t\t\t\t\t\t<div class=\"e-gallery-item elementor-gallery-item elementor-animated-content\">\n\t\t\t\t\t<div class=\"e-gallery-image elementor-gallery-item__image\" data-thumbnail=\"https:\/\/www.portovenere.fr\/fr-fr\/wp-content\/uploads\/2024\/10\/Carrelage-esprit-travertin-clair-Ondrata-In-Creme-beige-sable-gres-cerame-pour-sol-et-mur-magasin-Porto-Venere-pres-de-Villeneuve-les-maguelone-34-150x150.jpg\" data-width=\"150\" data-height=\"150\" aria-label=\"\" role=\"img\" ><\/div>\n\t\t\t\t\t\t\t\t\t\t\t<div class=\"elementor-gallery-item__overlay\"><\/div>\n\t\t\t\t\t\t\t\t\t\t\t\t\t\t<\/div>\n\t\t\t\t\t\t\t<div class=\"e-gallery-item elementor-gallery-item elementor-animated-content\">\n\t\t\t\t\t<div class=\"e-gallery-image elementor-gallery-item__image\" data-thumbnail=\"https:\/\/www.portovenere.fr\/fr-fr\/wp-content\/uploads\/2024\/10\/Carrelage-esprit-travertin-clair-Ondrata-In-Ivoire-gres-cerame-pour-sol-et-mur-magasin-Porto-Venere-pres-de-Perols-34-150x150.jpg\" data-width=\"150\" data-height=\"150\" aria-label=\"\" role=\"img\" ><\/div>\n\t\t\t\t\t\t\t\t\t\t\t<div class=\"elementor-gallery-item__overlay\"><\/div>\n\t\t\t\t\t\t\t\t\t\t\t\t\t\t<\/div>\n\t\t\t\t\t\t\t<div class=\"e-gallery-item elementor-gallery-item elementor-animated-content\">\n\t\t\t\t\t<div class=\"e-gallery-image elementor-gallery-item__image\" data-thumbnail=\"https:\/\/www.portovenere.fr\/fr-fr\/wp-content\/uploads\/2024\/10\/Carrelage-esprit-travertin-gris-clair-Ondrata-In-Grey-gres-cerame-pour-sol-et-mur-magasin-Porto-Venere-pres-de-Lunel-34-150x150.jpg\" data-width=\"150\" data-height=\"150\" aria-label=\"\" role=\"img\" ><\/div>\n\t\t\t\t\t\t\t\t\t\t\t<div class=\"elementor-gallery-item__overlay\"><\/div>\n\t\t\t\t\t\t\t\t\t\t\t\t\t\t<\/div>\n\t\t\t\t\t\t\t<div class=\"e-gallery-item elementor-gallery-item elementor-animated-content\">\n\t\t\t\t\t<div class=\"e-gallery-image elementor-gallery-item__image\" data-thumbnail=\"https:\/\/www.portovenere.fr\/fr-fr\/wp-content\/uploads\/2024\/10\/Carrelage-esprit-pierre-gris-clair-Ondrata-Grey-decor-Lines-60x120-cm-gres-cerame-mural-Porto-Venere-a-Montpellier-34-150x150.jpg\" data-width=\"150\" data-height=\"150\" aria-label=\"\" role=\"img\" ><\/div>\n\t\t\t\t\t\t\t\t\t\t\t<div class=\"elementor-gallery-item__overlay\"><\/div>\n\t\t\t\t\t\t\t\t\t\t\t\t\t\t<\/div>\n\t\t\t\t\t\t\t<div class=\"e-gallery-item elementor-gallery-item elementor-animated-content\">\n\t\t\t\t\t<div class=\"e-gallery-image elementor-gallery-item__image\" data-thumbnail=\"https:\/\/www.portovenere.fr\/fr-fr\/wp-content\/uploads\/2024\/10\/Carrelage-esprit-pierre-clair-Ondrata-Creme-decor-Lines-60x120-cm-gres-cerame-mural-Porto-Venere-pres-de-Castelnau-le-lez-34-150x150.jpg\" data-width=\"150\" data-height=\"150\" aria-label=\"\" role=\"img\" ><\/div>\n\t\t\t\t\t\t\t\t\t\t\t<div class=\"elementor-gallery-item__overlay\"><\/div>\n\t\t\t\t\t\t\t\t\t\t\t\t\t\t<\/div>\n\t\t\t\t\t\t\t<div class=\"e-gallery-item elementor-gallery-item elementor-animated-content\">\n\t\t\t\t\t<div class=\"e-gallery-image elementor-gallery-item__image\" data-thumbnail=\"https:\/\/www.portovenere.fr\/fr-fr\/wp-content\/uploads\/2024\/10\/Carrelage-esprit-pierre-clair-Ondrata-Ivoire-decor-Lines-60x120-cm-gres-cerame-mural-Porto-Venere-pres-de-Agde-34-150x150.jpg\" data-width=\"150\" data-height=\"150\" aria-label=\"\" role=\"img\" ><\/div>\n\t\t\t\t\t\t\t\t\t\t\t<div class=\"elementor-gallery-item__overlay\"><\/div>\n\t\t\t\t\t\t\t\t\t\t\t\t\t\t<\/div>\n\t\t\t\t\t\t\t<div class=\"e-gallery-item elementor-gallery-item elementor-animated-content\">\n\t\t\t\t\t<div class=\"e-gallery-image elementor-gallery-item__image\" data-thumbnail=\"https:\/\/www.portovenere.fr\/fr-fr\/wp-content\/uploads\/2024\/10\/Mosaique-carrelage-effet-pierre-claire-Ondrata-Ond-Ivoire-30x30-cm-en-gres-cerame-pres-de-Palavas-34.jpg\" data-width=\"124\" data-height=\"124\" aria-label=\"\" role=\"img\" ><\/div>\n\t\t\t\t\t\t\t\t\t\t\t<div class=\"elementor-gallery-item__overlay\"><\/div>\n\t\t\t\t\t\t\t\t\t\t\t\t\t\t<\/div>\n\t\t\t\t\t\t\t<div class=\"e-gallery-item elementor-gallery-item elementor-animated-content\">\n\t\t\t\t\t<div class=\"e-gallery-image elementor-gallery-item__image\" data-thumbnail=\"https:\/\/www.portovenere.fr\/fr-fr\/wp-content\/uploads\/2024\/10\/Mosaique-carrelage-effet-pierre-gris-Ondrata-Ond-grey-30x30-cm-en-gres-cerame-pres-de-Lattes-34.jpg\" data-width=\"124\" data-height=\"124\" aria-label=\"\" role=\"img\" ><\/div>\n\t\t\t\t\t\t\t\t\t\t\t<div class=\"elementor-gallery-item__overlay\"><\/div>\n\t\t\t\t\t\t\t\t\t\t\t\t\t\t<\/div>\n\t\t\t\t\t\t\t<div class=\"e-gallery-item elementor-gallery-item elementor-animated-content\">\n\t\t\t\t\t<div class=\"e-gallery-image elementor-gallery-item__image\" data-thumbnail=\"https:\/\/www.portovenere.fr\/fr-fr\/wp-content\/uploads\/2024\/10\/Mosaique-carrelage-effet-pierre-Ondrata-Ond-Creme-30x30-cm-en-gres-cerame-pres-de-Meze-34.jpg\" data-width=\"124\" data-height=\"124\" aria-label=\"\" role=\"img\" ><\/div>\n\t\t\t\t\t\t\t\t\t\t\t<div class=\"elementor-gallery-item__overlay\"><\/div>\n\t\t\t\t\t\t\t\t\t\t\t\t\t\t<\/div>\n\t\t\t\t\t\t\t<div class=\"e-gallery-item elementor-gallery-item elementor-animated-content\">\n\t\t\t\t\t<div class=\"e-gallery-image elementor-gallery-item__image\" data-thumbnail=\"https:\/\/www.portovenere.fr\/fr-fr\/wp-content\/uploads\/2024\/10\/Mosaique-hexagonale-carrelage-effet-pierre-travertin-gris-Ondrata-In-grey-32x28-cm-en-gres-cerame-pres-de-Saturargues-34-150x132.jpg\" data-width=\"150\" data-height=\"132\" aria-label=\"\" role=\"img\" ><\/div>\n\t\t\t\t\t\t\t\t\t\t\t<div class=\"elementor-gallery-item__overlay\"><\/div>\n\t\t\t\t\t\t\t\t\t\t\t\t\t\t<\/div>\n\t\t\t\t\t\t\t<div class=\"e-gallery-item elementor-gallery-item elementor-animated-content\">\n\t\t\t\t\t<div class=\"e-gallery-image elementor-gallery-item__image\" data-thumbnail=\"https:\/\/www.portovenere.fr\/fr-fr\/wp-content\/uploads\/2024\/10\/Mosaique-hexagonale-carrelage-effet-pierre-travertin-clair-Ondrata-In-Creme-32x28-cm-en-gres-cerame-pres-de-Vendargues-34-150x132.jpg\" data-width=\"150\" data-height=\"132\" aria-label=\"\" role=\"img\" ><\/div>\n\t\t\t\t\t\t\t\t\t\t\t<div class=\"elementor-gallery-item__overlay\"><\/div>\n\t\t\t\t\t\t\t\t\t\t\t\t\t\t<\/div>\n\t\t\t\t\t\t\t<div class=\"e-gallery-item elementor-gallery-item elementor-animated-content\">\n\t\t\t\t\t<div class=\"e-gallery-image elementor-gallery-item__image\" data-thumbnail=\"https:\/\/www.portovenere.fr\/fr-fr\/wp-content\/uploads\/2024\/10\/Mosaique-hexagonale-carrelage-effet-pierre-claire-Ondrata-Ond-Ivoire-32x28-cm-en-gres-cerame-proche-de-Saint-Clement-de-Riviere-34-150x132.jpg\" data-width=\"150\" data-height=\"132\" aria-label=\"\" role=\"img\" ><\/div>\n\t\t\t\t\t\t\t\t\t\t\t<div class=\"elementor-gallery-item__overlay\"><\/div>\n\t\t\t\t\t\t\t\t\t\t\t\t\t\t<\/div>\n\t\t\t\t\t<\/div>\n\t\t\t\t\t<\/div>\n\t\t\t\t<\/div>\n\t\t\t\t<div class=\"elementor-element elementor-element-2351d82 elementor-widget elementor-widget-text-editor\" data-id=\"2351d82\" data-element_type=\"widget\" data-e-type=\"widget\" data-widget_type=\"text-editor.default\">\n\t\t\t\t<div class=\"elementor-widget-container\">\n\t\t\t\t\t\t\t\t\t<p>La collection de carrelage Ondrata exprime tout le charme de la pierre naturelle.\u00a0<\/p><p>D\u00e9clin\u00e9 en effet travertin ou en effet pierre, le gr\u00e8s c\u00e9rame Ondrata offre 3 teintes claires : Ivoire, Cr\u00e8me et Gris clair.\u00a0<\/p><p>Le carrelage Ondrata se pose au\u00a0<b>sol et au mur en int\u00e9rieur et ext\u00e9rieur<\/b>\u00a0gr\u00e2ce \u00e0 sa finition\u00a0<b>antid\u00e9rapante<\/b>\u00a0en \u00e9paisseur 8,5 et 9,5 mm mais aussi en dalles de 20 mm d\u2019\u00e9paisseur.<\/p><p>Ondrata propose un\u00a0<b>maxi format 120\u00d7280<\/b>\u00a0cm\u00a0<b>fine \u00e9paisseur 6 mm<\/b>\u00a0ainsi que les formats suivants :\u00a0120\u00d7120 cm, , 100\u00d7100 cm, 60\u00d7120 cm, 60\u00d760 cm, 30\u00d760 cm- finition\u00a0<b>mat (naturel), Wax (poli) ou antid\u00e9rapant\u00a0<\/b><i>(selon les formats).<\/i><\/p><p>Un d\u00e9cor mural Lines avec des lignes en format 60\u00d7120 cm ainsi qu\u2019une\u00a0mosaique en 30\u00d730 cm et mosa\u00efque hexagonale compl\u00e8tent cette collection de carrelage clair esprit pierre naturelle.<\/p>\t\t\t\t\t\t\t\t<\/div>\n\t\t\t\t<\/div>\n\t\t\t\t<div class=\"elementor-element elementor-element-f51e172 elementor-mobile-align-center elementor-widget elementor-widget-button\" data-id=\"f51e172\" data-element_type=\"widget\" data-e-type=\"widget\" data-widget_type=\"button.default\">\n\t\t\t\t<div class=\"elementor-widget-container\">\n\t\t\t\t\t\t\t\t\t<div class=\"elementor-button-wrapper\">\n\t\t\t\t\t<a class=\"elementor-button elementor-button-link elementor-size-sm\" href=\"https:\/\/www.portovenere.fr\/fr-fr\/carrelage-sol-et-mur-en-gres-cerame-et-faience\/carrelage-aspect-pierre\/carrelage-clair-esprit-pierre-naturelle-ondrata\/\">\n\t\t\t\t\t\t<span class=\"elementor-button-content-wrapper\">\n\t\t\t\t\t\t\t\t\t<span class=\"elementor-button-text\">VOIR LA COLLECTION<\/span>\n\t\t\t\t\t<\/span>\n\t\t\t\t\t<\/a>\n\t\t\t\t<\/div>\n\t\t\t\t\t\t\t\t<\/div>\n\t\t\t\t<\/div>\n\t\t\t\t\t<\/div>\n\t\t<\/div>\n\t\t\t\t\t<\/div>\n\t\t<\/section>\n\t\t\t\t\t<\/div>\n\t\t<\/div>\n\t\t\t\t<div class=\"elementor-column elementor-col-33 elementor-top-column elementor-element elementor-element-3e22d7c2\" data-id=\"3e22d7c2\" data-element_type=\"column\" data-e-type=\"column\" data-settings=\"{&quot;background_background&quot;:&quot;classic&quot;}\">\n\t\t\t<div class=\"elementor-widget-wrap elementor-element-populated\">\n\t\t\t\t\t\t<div class=\"elementor-element elementor-element-13319db7 elementor-widget elementor-widget-image\" data-id=\"13319db7\" data-element_type=\"widget\" data-e-type=\"widget\" data-widget_type=\"image.default\">\n\t\t\t\t<div class=\"elementor-widget-container\">\n\t\t\t\t\t\t\t\t\t\t\t\t\t\t\t\t<a href=\"https:\/\/www.portovenere.fr\/fr-fr\/carrelage-sol-et-mur-en-gres-cerame-et-faience\/carrelage-aspect-pierre\/carrelage-aspect-pierre-antique-peyrou\/\">\n\t\t\t\t\t\t\t<img decoding=\"async\" width=\"800\" height=\"534\" src=\"https:\/\/www.portovenere.fr\/fr-fr\/wp-content\/uploads\/2019\/09\/Carrelage-sol-de-s\u00e9jour-en-aspect-pierre-brute-nuanc\u00e9e-brune-Peyrou-Moka-1024x683.jpg\" class=\"attachment-large size-large wp-image-13947\" alt=\"\" srcset=\"https:\/\/www.portovenere.fr\/fr-fr\/wp-content\/uploads\/2019\/09\/Carrelage-sol-de-s\u00e9jour-en-aspect-pierre-brute-nuanc\u00e9e-brune-Peyrou-Moka.jpg 1024w, https:\/\/www.portovenere.fr\/fr-fr\/wp-content\/uploads\/2019\/09\/Carrelage-sol-de-s\u00e9jour-en-aspect-pierre-brute-nuanc\u00e9e-brune-Peyrou-Moka-300x200.jpg 300w, https:\/\/www.portovenere.fr\/fr-fr\/wp-content\/uploads\/2019\/09\/Carrelage-sol-de-s\u00e9jour-en-aspect-pierre-brute-nuanc\u00e9e-brune-Peyrou-Moka-768x512.jpg 768w\" sizes=\"(max-width: 800px) 100vw, 800px\" \/>\t\t\t\t\t\t\t\t<\/a>\n\t\t\t\t\t\t\t\t\t\t\t\t\t\t\t<\/div>\n\t\t\t\t<\/div>\n\t\t\t\t<div class=\"elementor-element elementor-element-3b4c6323 elementor-widget elementor-widget-heading\" data-id=\"3b4c6323\" data-element_type=\"widget\" data-e-type=\"widget\" data-widget_type=\"heading.default\">\n\t\t\t\t<div class=\"elementor-widget-container\">\n\t\t\t\t\t<h3 class=\"elementor-heading-title elementor-size-default\"><a href=\"https:\/\/www.portovenere.fr\/fr-fr\/carrelage-sol-et-mur-en-gres-cerame-et-faience\/carrelage-aspect-pierre\/carrelage-aspect-pierre-antique-peyrou\/\">PEYROU | 4 coloris<\/a><\/h3>\t\t\t\t<\/div>\n\t\t\t\t<\/div>\n\t\t\t\t<div class=\"elementor-element elementor-element-31effb6 elementor-widget__width-initial elementor-widget elementor-widget-gallery\" data-id=\"31effb6\" data-element_type=\"widget\" data-e-type=\"widget\" data-settings=\"{&quot;gap&quot;:{&quot;unit&quot;:&quot;px&quot;,&quot;size&quot;:3,&quot;sizes&quot;:[]},&quot;columns_mobile&quot;:3,&quot;gap_mobile&quot;:{&quot;unit&quot;:&quot;px&quot;,&quot;size&quot;:6,&quot;sizes&quot;:[]},&quot;columns&quot;:5,&quot;columns_tablet&quot;:3,&quot;gap_tablet&quot;:{&quot;unit&quot;:&quot;px&quot;,&quot;size&quot;:5,&quot;sizes&quot;:[]},&quot;lazyload&quot;:&quot;yes&quot;,&quot;gallery_layout&quot;:&quot;grid&quot;,&quot;aspect_ratio&quot;:&quot;3:2&quot;,&quot;overlay_background&quot;:&quot;yes&quot;,&quot;content_hover_animation&quot;:&quot;fade-in&quot;}\" data-widget_type=\"gallery.default\">\n\t\t\t\t<div class=\"elementor-widget-container\">\n\t\t\t\t\t\t\t<div class=\"elementor-gallery__container\">\n\t\t\t\t\t\t\t<div class=\"e-gallery-item elementor-gallery-item elementor-animated-content\">\n\t\t\t\t\t<div class=\"e-gallery-image elementor-gallery-item__image\" data-thumbnail=\"https:\/\/www.portovenere.fr\/fr-fr\/wp-content\/uploads\/2019\/09\/Peyrou-Cenere-150x150.jpg\" data-width=\"150\" data-height=\"150\" aria-label=\"\" role=\"img\" ><\/div>\n\t\t\t\t\t\t\t\t\t\t\t<div class=\"elementor-gallery-item__overlay\"><\/div>\n\t\t\t\t\t\t\t\t\t\t\t\t\t\t<\/div>\n\t\t\t\t\t\t\t<div class=\"e-gallery-item elementor-gallery-item elementor-animated-content\">\n\t\t\t\t\t<div class=\"e-gallery-image elementor-gallery-item__image\" data-thumbnail=\"https:\/\/www.portovenere.fr\/fr-fr\/wp-content\/uploads\/2019\/09\/Peyrou-Sabbia-150x150.jpg\" data-width=\"150\" data-height=\"150\" aria-label=\"\" role=\"img\" ><\/div>\n\t\t\t\t\t\t\t\t\t\t\t<div class=\"elementor-gallery-item__overlay\"><\/div>\n\t\t\t\t\t\t\t\t\t\t\t\t\t\t<\/div>\n\t\t\t\t\t\t\t<div class=\"e-gallery-item elementor-gallery-item elementor-animated-content\">\n\t\t\t\t\t<div class=\"e-gallery-image elementor-gallery-item__image\" data-thumbnail=\"https:\/\/www.portovenere.fr\/fr-fr\/wp-content\/uploads\/2019\/09\/Peyrou-Talc-150x150.jpg\" data-width=\"150\" data-height=\"150\" aria-label=\"\" role=\"img\" ><\/div>\n\t\t\t\t\t\t\t\t\t\t\t<div class=\"elementor-gallery-item__overlay\"><\/div>\n\t\t\t\t\t\t\t\t\t\t\t\t\t\t<\/div>\n\t\t\t\t\t\t\t<div class=\"e-gallery-item elementor-gallery-item elementor-animated-content\">\n\t\t\t\t\t<div class=\"e-gallery-image elementor-gallery-item__image\" data-thumbnail=\"https:\/\/www.portovenere.fr\/fr-fr\/wp-content\/uploads\/2019\/09\/Peyrou-Moka-150x150.jpg\" data-width=\"150\" data-height=\"150\" aria-label=\"\" role=\"img\" ><\/div>\n\t\t\t\t\t\t\t\t\t\t\t<div class=\"elementor-gallery-item__overlay\"><\/div>\n\t\t\t\t\t\t\t\t\t\t\t\t\t\t<\/div>\n\t\t\t\t\t<\/div>\n\t\t\t\t\t<\/div>\n\t\t\t\t<\/div>\n\t\t\t\t<div class=\"elementor-element elementor-element-59cd74e3 elementor-widget elementor-widget-text-editor\" data-id=\"59cd74e3\" data-element_type=\"widget\" data-e-type=\"widget\" data-widget_type=\"text-editor.default\">\n\t\t\t\t<div class=\"elementor-widget-container\">\n\t\t\t\t\t\t\t\t\t<p>La surface irr\u00e9guli\u00e8re et les effets d\u00e9tonalis\u00e9s intenses du carrelage Peyrou donnent la sensation que le temps a laiss\u00e9 des signes de son passage.\u00a03 formats combinables entre eux pour une plus grande vari\u00e9t\u00e9 de pose en int\u00e9rieur et ext\u00e9rieur : 60,4cm x 90,6cm\u00a0 \/\u00a0 60,4cm x 60,4cm\u00a0 \/\u00a0 30,2cm x 60,4cm.<\/p>\t\t\t\t\t\t\t\t<\/div>\n\t\t\t\t<\/div>\n\t\t\t\t<div class=\"elementor-element elementor-element-a050c80 elementor-mobile-align-center elementor-align-left elementor-widget elementor-widget-button\" data-id=\"a050c80\" data-element_type=\"widget\" data-e-type=\"widget\" data-widget_type=\"button.default\">\n\t\t\t\t<div class=\"elementor-widget-container\">\n\t\t\t\t\t\t\t\t\t<div class=\"elementor-button-wrapper\">\n\t\t\t\t\t<a class=\"elementor-button elementor-button-link elementor-size-sm\" href=\"https:\/\/www.portovenere.fr\/fr-fr\/carrelage-sol-et-mur-en-gres-cerame-et-faience\/carrelage-aspect-pierre\/carrelage-aspect-pierre-antique-peyrou\/\">\n\t\t\t\t\t\t<span class=\"elementor-button-content-wrapper\">\n\t\t\t\t\t\t\t\t\t<span class=\"elementor-button-text\">Voir la collection<\/span>\n\t\t\t\t\t<\/span>\n\t\t\t\t\t<\/a>\n\t\t\t\t<\/div>\n\t\t\t\t\t\t\t\t<\/div>\n\t\t\t\t<\/div>\n\t\t\t\t\t<\/div>\n\t\t<\/div>\n\t\t\t\t\t<\/div>\n\t\t<\/section>\n\t\t\t\t<section class=\"elementor-section elementor-top-section elementor-element elementor-element-27b1ea9d elementor-section-full_width elementor-section-height-default elementor-section-height-default elementor-invisible\" data-id=\"27b1ea9d\" data-element_type=\"section\" data-e-type=\"section\" data-settings=\"{&quot;background_background&quot;:&quot;classic&quot;,&quot;animation&quot;:&quot;fadeIn&quot;}\">\n\t\t\t\t\t\t<div class=\"elementor-container elementor-column-gap-default\">\n\t\t\t\t\t<div class=\"elementor-column elementor-col-33 elementor-top-column elementor-element elementor-element-485fd31\" data-id=\"485fd31\" data-element_type=\"column\" data-e-type=\"column\" data-settings=\"{&quot;background_background&quot;:&quot;classic&quot;}\">\n\t\t\t<div class=\"elementor-widget-wrap elementor-element-populated\">\n\t\t\t\t\t\t<div class=\"elementor-element elementor-element-4b43aa08 elementor-widget elementor-widget-image\" data-id=\"4b43aa08\" data-element_type=\"widget\" data-e-type=\"widget\" data-widget_type=\"image.default\">\n\t\t\t\t<div class=\"elementor-widget-container\">\n\t\t\t\t\t\t\t\t\t\t\t\t\t\t\t\t<a href=\"https:\/\/www.portovenere.fr\/fr-fr\/carrelage-sol-et-mur-en-gres-cerame-et-faience\/carrelage-aspect-pierre\/carrelage-aspect-pierre-naturelle-brera\/\">\n\t\t\t\t\t\t\t<img loading=\"lazy\" decoding=\"async\" width=\"800\" height=\"534\" src=\"https:\/\/www.portovenere.fr\/fr-fr\/wp-content\/uploads\/2019\/08\/Brera-Light-Grey-Carrelage-antid\u00e9rapant-ext\u00e9rieur-tour-de-piscine-1024x683.jpg\" class=\"attachment-large size-large wp-image-13146\" alt=\"\" srcset=\"https:\/\/www.portovenere.fr\/fr-fr\/wp-content\/uploads\/2019\/08\/Brera-Light-Grey-Carrelage-antid\u00e9rapant-ext\u00e9rieur-tour-de-piscine-1024x683.jpg 1024w, https:\/\/www.portovenere.fr\/fr-fr\/wp-content\/uploads\/2019\/08\/Brera-Light-Grey-Carrelage-antid\u00e9rapant-ext\u00e9rieur-tour-de-piscine-300x200.jpg 300w, https:\/\/www.portovenere.fr\/fr-fr\/wp-content\/uploads\/2019\/08\/Brera-Light-Grey-Carrelage-antid\u00e9rapant-ext\u00e9rieur-tour-de-piscine-768x512.jpg 768w, https:\/\/www.portovenere.fr\/fr-fr\/wp-content\/uploads\/2019\/08\/Brera-Light-Grey-Carrelage-antid\u00e9rapant-ext\u00e9rieur-tour-de-piscine.jpg 1500w\" sizes=\"(max-width: 800px) 100vw, 800px\" \/>\t\t\t\t\t\t\t\t<\/a>\n\t\t\t\t\t\t\t\t\t\t\t\t\t\t\t<\/div>\n\t\t\t\t<\/div>\n\t\t\t\t<div class=\"elementor-element elementor-element-41dc21d6 elementor-widget elementor-widget-heading\" data-id=\"41dc21d6\" data-element_type=\"widget\" data-e-type=\"widget\" data-widget_type=\"heading.default\">\n\t\t\t\t<div class=\"elementor-widget-container\">\n\t\t\t\t\t<h3 class=\"elementor-heading-title elementor-size-default\"><a href=\"https:\/\/www.portovenere.fr\/fr-fr\/carrelage-sol-et-mur-en-gres-cerame-et-faience\/carrelage-aspect-pierre\/carrelage-aspect-pierre-naturelle-brera\/\">BRERA | 6 coloris<\/a><\/h3>\t\t\t\t<\/div>\n\t\t\t\t<\/div>\n\t\t\t\t<div class=\"elementor-element elementor-element-e437440 elementor-widget__width-initial elementor-widget elementor-widget-gallery\" data-id=\"e437440\" data-element_type=\"widget\" data-e-type=\"widget\" data-settings=\"{&quot;gap&quot;:{&quot;unit&quot;:&quot;px&quot;,&quot;size&quot;:3,&quot;sizes&quot;:[]},&quot;columns_mobile&quot;:3,&quot;gap_mobile&quot;:{&quot;unit&quot;:&quot;px&quot;,&quot;size&quot;:6,&quot;sizes&quot;:[]},&quot;columns&quot;:5,&quot;columns_tablet&quot;:3,&quot;gap_tablet&quot;:{&quot;unit&quot;:&quot;px&quot;,&quot;size&quot;:5,&quot;sizes&quot;:[]},&quot;lazyload&quot;:&quot;yes&quot;,&quot;gallery_layout&quot;:&quot;grid&quot;,&quot;aspect_ratio&quot;:&quot;3:2&quot;,&quot;overlay_background&quot;:&quot;yes&quot;,&quot;content_hover_animation&quot;:&quot;fade-in&quot;}\" data-widget_type=\"gallery.default\">\n\t\t\t\t<div class=\"elementor-widget-container\">\n\t\t\t\t\t\t\t<div class=\"elementor-gallery__container\">\n\t\t\t\t\t\t\t<div class=\"e-gallery-item elementor-gallery-item elementor-animated-content\">\n\t\t\t\t\t<div class=\"e-gallery-image elementor-gallery-item__image\" data-thumbnail=\"https:\/\/www.portovenere.fr\/fr-fr\/wp-content\/uploads\/2019\/08\/Carrelage_Pierre_Contemporaine_Minimaliste_Brera_Biscuit-150x150.jpg\" data-width=\"150\" data-height=\"150\" aria-label=\"\" role=\"img\" ><\/div>\n\t\t\t\t\t\t\t\t\t\t\t<div class=\"elementor-gallery-item__overlay\"><\/div>\n\t\t\t\t\t\t\t\t\t\t\t\t\t\t<\/div>\n\t\t\t\t\t\t\t<div class=\"e-gallery-item elementor-gallery-item elementor-animated-content\">\n\t\t\t\t\t<div class=\"e-gallery-image elementor-gallery-item__image\" data-thumbnail=\"https:\/\/www.portovenere.fr\/fr-fr\/wp-content\/uploads\/2019\/08\/Carrelage_Pierre_Contemporaine_Minimaliste_Brera_Black-150x150.jpg\" data-width=\"150\" data-height=\"150\" aria-label=\"\" role=\"img\" ><\/div>\n\t\t\t\t\t\t\t\t\t\t\t<div class=\"elementor-gallery-item__overlay\"><\/div>\n\t\t\t\t\t\t\t\t\t\t\t\t\t\t<\/div>\n\t\t\t\t\t\t\t<div class=\"e-gallery-item elementor-gallery-item elementor-animated-content\">\n\t\t\t\t\t<div class=\"e-gallery-image elementor-gallery-item__image\" data-thumbnail=\"https:\/\/www.portovenere.fr\/fr-fr\/wp-content\/uploads\/2019\/08\/Carrelage_Pierre_Contemporaine_Minimaliste_Brera_Dark_Grey-150x150.jpg\" data-width=\"150\" data-height=\"150\" aria-label=\"\" role=\"img\" ><\/div>\n\t\t\t\t\t\t\t\t\t\t\t<div class=\"elementor-gallery-item__overlay\"><\/div>\n\t\t\t\t\t\t\t\t\t\t\t\t\t\t<\/div>\n\t\t\t\t\t\t\t<div class=\"e-gallery-item elementor-gallery-item elementor-animated-content\">\n\t\t\t\t\t<div class=\"e-gallery-image elementor-gallery-item__image\" data-thumbnail=\"https:\/\/www.portovenere.fr\/fr-fr\/wp-content\/uploads\/2019\/08\/Carrelage_Pierre_Contemporaine_Minimaliste_Brera_Greige-150x150.jpg\" data-width=\"150\" data-height=\"150\" aria-label=\"\" role=\"img\" ><\/div>\n\t\t\t\t\t\t\t\t\t\t\t<div class=\"elementor-gallery-item__overlay\"><\/div>\n\t\t\t\t\t\t\t\t\t\t\t\t\t\t<\/div>\n\t\t\t\t\t\t\t<div class=\"e-gallery-item elementor-gallery-item elementor-animated-content\">\n\t\t\t\t\t<div class=\"e-gallery-image elementor-gallery-item__image\" data-thumbnail=\"https:\/\/www.portovenere.fr\/fr-fr\/wp-content\/uploads\/2019\/08\/Carrelage_Pierre_Contemporaine_Minimaliste_Brera_Light_Grey-150x150.jpg\" data-width=\"150\" data-height=\"150\" aria-label=\"\" role=\"img\" ><\/div>\n\t\t\t\t\t\t\t\t\t\t\t<div class=\"elementor-gallery-item__overlay\"><\/div>\n\t\t\t\t\t\t\t\t\t\t\t\t\t\t<\/div>\n\t\t\t\t\t\t\t<div class=\"e-gallery-item elementor-gallery-item elementor-animated-content\">\n\t\t\t\t\t<div class=\"e-gallery-image elementor-gallery-item__image\" data-thumbnail=\"https:\/\/www.portovenere.fr\/fr-fr\/wp-content\/uploads\/2019\/08\/Carrelage_Pierre_Contemporaine_Minimaliste_Brera_White-150x150.jpg\" data-width=\"150\" data-height=\"150\" aria-label=\"\" role=\"img\" ><\/div>\n\t\t\t\t\t\t\t\t\t\t\t<div class=\"elementor-gallery-item__overlay\"><\/div>\n\t\t\t\t\t\t\t\t\t\t\t\t\t\t<\/div>\n\t\t\t\t\t<\/div>\n\t\t\t\t\t<\/div>\n\t\t\t\t<\/div>\n\t\t\t\t<div class=\"elementor-element elementor-element-543063f1 elementor-widget elementor-widget-text-editor\" data-id=\"543063f1\" data-element_type=\"widget\" data-e-type=\"widget\" data-widget_type=\"text-editor.default\">\n\t\t\t\t<div class=\"elementor-widget-container\">\n\t\t\t\t\t\t\t\t\t<p>Carrelage sol et mur aspect pierre naturelle en gr\u00e8s c\u00e9rame color\u00e9 dans la masse. Finitions disponibles : Naturel rectifi\u00e9, Soft textured (Reliefs fins et r\u00e9alistes), bouchard\u00e9, et antid\u00e9rapant rectifi\u00e9 pour les tours de piscines et terrasses. Une collection riche de tonalit\u00e9s, formats et d\u00e9cors.<\/p>\t\t\t\t\t\t\t\t<\/div>\n\t\t\t\t<\/div>\n\t\t\t\t<div class=\"elementor-element elementor-element-9f993a4 elementor-mobile-align-center elementor-align-left elementor-widget elementor-widget-button\" data-id=\"9f993a4\" data-element_type=\"widget\" data-e-type=\"widget\" data-widget_type=\"button.default\">\n\t\t\t\t<div class=\"elementor-widget-container\">\n\t\t\t\t\t\t\t\t\t<div class=\"elementor-button-wrapper\">\n\t\t\t\t\t<a class=\"elementor-button elementor-button-link elementor-size-sm\" href=\"https:\/\/www.portovenere.fr\/fr-fr\/carrelage-sol-et-mur-en-gres-cerame-et-faience\/carrelage-aspect-pierre\/carrelage-aspect-pierre-naturelle-brera\/\">\n\t\t\t\t\t\t<span class=\"elementor-button-content-wrapper\">\n\t\t\t\t\t\t\t\t\t<span class=\"elementor-button-text\">Voir la collection<\/span>\n\t\t\t\t\t<\/span>\n\t\t\t\t\t<\/a>\n\t\t\t\t<\/div>\n\t\t\t\t\t\t\t\t<\/div>\n\t\t\t\t<\/div>\n\t\t\t\t\t<\/div>\n\t\t<\/div>\n\t\t\t\t<div class=\"elementor-column elementor-col-33 elementor-top-column elementor-element elementor-element-e2df9de\" data-id=\"e2df9de\" data-element_type=\"column\" data-e-type=\"column\" data-settings=\"{&quot;background_background&quot;:&quot;classic&quot;}\">\n\t\t\t<div class=\"elementor-widget-wrap elementor-element-populated\">\n\t\t\t\t\t\t<div class=\"elementor-element elementor-element-4d93667 elementor-widget elementor-widget-image\" data-id=\"4d93667\" data-element_type=\"widget\" data-e-type=\"widget\" data-widget_type=\"image.default\">\n\t\t\t\t<div class=\"elementor-widget-container\">\n\t\t\t\t\t\t\t\t\t\t\t\t\t\t\t\t<a href=\"https:\/\/www.portovenere.fr\/fr-fr\/carrelage-sol-et-mur-en-gres-cerame-et-faience\/carrelage-aspect-pierre\/carrelage-exterieur-et-interieur-effet-pierre-aldapietra\/\">\n\t\t\t\t\t\t\t<img decoding=\"async\" src=\"https:\/\/www.portovenere.fr\/fr-fr\/wp-content\/uploads\/elementor\/thumbs\/Carrelage-terrasse-piscine-effet-pierre-naturelle-ALDAPIETRA-Trani-60x90-cm-en-dalles-exterieures-antiderapantes-20-mm-magasin-Porto_Venere_pres-de-Saint-Aunes-34-revvcnzxlniqm1hq3gzmt57vrkrpw9ollhpynvncd8.jpg\" title=\"Carrelage-terrasse-piscine-effet-pierre-naturelle-ALDAPIETRA-Trani-60&#215;90-cm-en-dalles-ext\u00e9rieures-antid\u00e9rapantes-20-mm-magasin-Porto_Venere_pr\u00e8s-de-Saint-Aun\u00e8s-34\" alt=\"Carrelage terrasse et tour de piscine aspect pierre naturelle claire Aldapietra Trani magasin Porto venere \u00e0 Montpellier Occitanie\" loading=\"lazy\" \/>\t\t\t\t\t\t\t\t<\/a>\n\t\t\t\t\t\t\t\t\t\t\t\t\t\t\t<\/div>\n\t\t\t\t<\/div>\n\t\t\t\t<div class=\"elementor-element elementor-element-663c9b9 elementor-widget elementor-widget-heading\" data-id=\"663c9b9\" data-element_type=\"widget\" data-e-type=\"widget\" data-widget_type=\"heading.default\">\n\t\t\t\t<div class=\"elementor-widget-container\">\n\t\t\t\t\t<h3 class=\"elementor-heading-title elementor-size-default\"><a href=\"https:\/\/www.portovenere.fr\/fr-fr\/carrelage-sol-et-mur-en-gres-cerame-et-faience\/carrelage-aspect-pierre\/carrelage-exterieur-et-interieur-effet-pierre-aldapietra\/\">ALDAPIETRA | 3 coloris<\/a><\/h3>\t\t\t\t<\/div>\n\t\t\t\t<\/div>\n\t\t\t\t<div class=\"elementor-element elementor-element-759148b elementor-widget__width-initial elementor-widget elementor-widget-gallery\" data-id=\"759148b\" data-element_type=\"widget\" data-e-type=\"widget\" data-settings=\"{&quot;gap&quot;:{&quot;unit&quot;:&quot;px&quot;,&quot;size&quot;:3,&quot;sizes&quot;:[]},&quot;columns_mobile&quot;:3,&quot;gap_mobile&quot;:{&quot;unit&quot;:&quot;px&quot;,&quot;size&quot;:6,&quot;sizes&quot;:[]},&quot;columns&quot;:5,&quot;columns_tablet&quot;:3,&quot;gap_tablet&quot;:{&quot;unit&quot;:&quot;px&quot;,&quot;size&quot;:5,&quot;sizes&quot;:[]},&quot;lazyload&quot;:&quot;yes&quot;,&quot;gallery_layout&quot;:&quot;grid&quot;,&quot;aspect_ratio&quot;:&quot;3:2&quot;,&quot;overlay_background&quot;:&quot;yes&quot;,&quot;content_hover_animation&quot;:&quot;fade-in&quot;}\" data-widget_type=\"gallery.default\">\n\t\t\t\t<div class=\"elementor-widget-container\">\n\t\t\t\t\t\t\t<div class=\"elementor-gallery__container\">\n\t\t\t\t\t\t\t<div class=\"e-gallery-item elementor-gallery-item elementor-animated-content\">\n\t\t\t\t\t<div class=\"e-gallery-image elementor-gallery-item__image\" data-thumbnail=\"https:\/\/www.portovenere.fr\/fr-fr\/wp-content\/uploads\/2025\/11\/Carrelage-effet-pierre-naturelle-exterieur-interieur-pour-sols-et-murs-ALDAPIETRA-Trani-magasin-Porto_Venere_pres-de-Saint-Jean-de-vedas-34-150x150.jpg\" data-width=\"150\" data-height=\"150\" aria-label=\"\" role=\"img\" ><\/div>\n\t\t\t\t\t\t\t\t\t\t\t<div class=\"elementor-gallery-item__overlay\"><\/div>\n\t\t\t\t\t\t\t\t\t\t\t\t\t\t<\/div>\n\t\t\t\t\t\t\t<div class=\"e-gallery-item elementor-gallery-item elementor-animated-content\">\n\t\t\t\t\t<div class=\"e-gallery-image elementor-gallery-item__image\" data-thumbnail=\"https:\/\/www.portovenere.fr\/fr-fr\/wp-content\/uploads\/2025\/11\/Carrelage-effet-pierre-naturelle-exterieur-interieur-pour-sols-et-murs-ALDAPIETRA-Apulia-magasin-Porto_Venere_pres-de-Marseillan-34-150x150.jpg\" data-width=\"150\" data-height=\"150\" aria-label=\"Carrelage terrasse et sols et murs int\u00e9rieurs aspect pierre naturelle claire Aldapietra Trani magasin Porto venere \u00e0 Montpellier Occitanie\" role=\"img\" ><\/div>\n\t\t\t\t\t\t\t\t\t\t\t<div class=\"elementor-gallery-item__overlay\"><\/div>\n\t\t\t\t\t\t\t\t\t\t\t\t\t\t<\/div>\n\t\t\t\t\t\t\t<div class=\"e-gallery-item elementor-gallery-item elementor-animated-content\">\n\t\t\t\t\t<div class=\"e-gallery-image elementor-gallery-item__image\" data-thumbnail=\"https:\/\/www.portovenere.fr\/fr-fr\/wp-content\/uploads\/2025\/11\/Carrelage-effet-pierre-naturelle-exterieur-interieur-pour-sols-et-murs-ALDAPIETRA-Chianca-magasin-Porto_Venere_pres-de-Saint-Clement-de-Riviere-34-150x150.jpg\" data-width=\"150\" data-height=\"150\" aria-label=\"Carrelage terrasse et sols et murs int\u00e9rieurs aspect pierre naturelle claire Aldapietra Trani magasin Porto venere \u00e0 Montpellier Occitanie\" role=\"img\" ><\/div>\n\t\t\t\t\t\t\t\t\t\t\t<div class=\"elementor-gallery-item__overlay\"><\/div>\n\t\t\t\t\t\t\t\t\t\t\t\t\t\t<\/div>\n\t\t\t\t\t<\/div>\n\t\t\t\t\t<\/div>\n\t\t\t\t<\/div>\n\t\t\t\t<div class=\"elementor-element elementor-element-dd3d5d9 elementor-widget elementor-widget-text-editor\" data-id=\"dd3d5d9\" data-element_type=\"widget\" data-e-type=\"widget\" data-widget_type=\"text-editor.default\">\n\t\t\t\t<div class=\"elementor-widget-container\">\n\t\t\t\t\t\t\t\t\t<p>La collection <strong>ALDAPIETRA<\/strong> de Portovenere r\u00e9invente la pierre des Pouilles pour vos am\u00e9nagements <b>int\u00e9rieurs et ext\u00e9rieurs<\/b>.\u00a0<\/p><p>Ses surfaces <b>naturelles non rectifi\u00e9es<\/b> offrent un rendu authentique, d\u00e9clin\u00e9 en<b> trois coloris<\/b> : <strong>Trani<\/strong>, <strong>Chianca<\/strong> et <strong>Apulia pour <\/strong><b>sols et murs.<\/b><\/p><p>Disponible en<b> formats 20&#215;20, 20&#215;40, 40&#215;40, 40&#215;60.8, 60.8&#215;60.8 et 60.8&#215;90 cm<\/b>, ALDAPIETRA propose des<b> finitions naturelle, lappato et antid\u00e9rapante<\/b>, y compris en<b> dalles 20 mm pour l\u2019ext\u00e9rieur.<\/b>\u00a0<\/p><p>Cette collection permet une<b> pose traditionnelle ou en opus<\/b>, id\u00e9ale pour cr\u00e9er une continuit\u00e9 \u00e9l\u00e9gante et durable entre l\u2019int\u00e9rieur et la terrasse.<\/p>\t\t\t\t\t\t\t\t<\/div>\n\t\t\t\t<\/div>\n\t\t\t\t<div class=\"elementor-element elementor-element-25501d1 elementor-mobile-align-center elementor-widget elementor-widget-button\" data-id=\"25501d1\" data-element_type=\"widget\" data-e-type=\"widget\" data-widget_type=\"button.default\">\n\t\t\t\t<div class=\"elementor-widget-container\">\n\t\t\t\t\t\t\t\t\t<div class=\"elementor-button-wrapper\">\n\t\t\t\t\t<a class=\"elementor-button elementor-button-link elementor-size-sm\" href=\"https:\/\/www.portovenere.fr\/fr-fr\/carrelage-sol-et-mur-en-gres-cerame-et-faience\/carrelage-aspect-pierre\/carrelage-exterieur-et-interieur-effet-pierre-aldapietra\/\">\n\t\t\t\t\t\t<span class=\"elementor-button-content-wrapper\">\n\t\t\t\t\t\t\t\t\t<span class=\"elementor-button-text\">VOIR LA COLLECTION<\/span>\n\t\t\t\t\t<\/span>\n\t\t\t\t\t<\/a>\n\t\t\t\t<\/div>\n\t\t\t\t\t\t\t\t<\/div>\n\t\t\t\t<\/div>\n\t\t\t\t\t<\/div>\n\t\t<\/div>\n\t\t\t\t<div class=\"elementor-column elementor-col-33 elementor-top-column elementor-element elementor-element-463fcd43\" data-id=\"463fcd43\" data-element_type=\"column\" data-e-type=\"column\" data-settings=\"{&quot;background_background&quot;:&quot;classic&quot;}\">\n\t\t\t<div class=\"elementor-widget-wrap elementor-element-populated\">\n\t\t\t\t\t\t<div class=\"elementor-element elementor-element-2e0a7058 elementor-widget elementor-widget-image\" data-id=\"2e0a7058\" data-element_type=\"widget\" data-e-type=\"widget\" data-widget_type=\"image.default\">\n\t\t\t\t<div class=\"elementor-widget-container\">\n\t\t\t\t\t\t\t\t\t\t\t\t\t\t\t\t<a href=\"https:\/\/www.portovenere.fr\/fr-fr\/carrelage-sol-et-mur-en-gres-cerame-et-faience\/carrelage-aspect-pierre\/carrelage-aspect-pierre-naturelle-cluny\/\">\n\t\t\t\t\t\t\t<img loading=\"lazy\" decoding=\"async\" width=\"768\" height=\"512\" src=\"https:\/\/www.portovenere.fr\/fr-fr\/wp-content\/uploads\/2019\/12\/Carrelage_ext\u00e9rieur_Pierre_Contemporaine_Cluny_Argerot-768x512.jpg\" class=\"attachment-medium_large size-medium_large wp-image-20587\" alt=\"\" srcset=\"https:\/\/www.portovenere.fr\/fr-fr\/wp-content\/uploads\/2019\/12\/Carrelage_ext\u00e9rieur_Pierre_Contemporaine_Cluny_Argerot-768x512.jpg 768w, https:\/\/www.portovenere.fr\/fr-fr\/wp-content\/uploads\/2019\/12\/Carrelage_ext\u00e9rieur_Pierre_Contemporaine_Cluny_Argerot-300x200.jpg 300w, https:\/\/www.portovenere.fr\/fr-fr\/wp-content\/uploads\/2019\/12\/Carrelage_ext\u00e9rieur_Pierre_Contemporaine_Cluny_Argerot.jpg 981w\" sizes=\"(max-width: 768px) 100vw, 768px\" \/>\t\t\t\t\t\t\t\t<\/a>\n\t\t\t\t\t\t\t\t\t\t\t\t\t\t\t<\/div>\n\t\t\t\t<\/div>\n\t\t\t\t<div class=\"elementor-element elementor-element-5e87f703 elementor-widget elementor-widget-heading\" data-id=\"5e87f703\" data-element_type=\"widget\" data-e-type=\"widget\" data-widget_type=\"heading.default\">\n\t\t\t\t<div class=\"elementor-widget-container\">\n\t\t\t\t\t<h3 class=\"elementor-heading-title elementor-size-default\"><a href=\"https:\/\/www.portovenere.fr\/fr-fr\/carrelage-sol-et-mur-en-gres-cerame-et-faience\/carrelage-aspect-pierre\/carrelage-aspect-pierre-naturelle-cluny\/\">CLUNY | 3 coloris<\/a><\/h3>\t\t\t\t<\/div>\n\t\t\t\t<\/div>\n\t\t\t\t<div class=\"elementor-element elementor-element-fa21a3d elementor-widget__width-initial elementor-widget elementor-widget-gallery\" data-id=\"fa21a3d\" data-element_type=\"widget\" data-e-type=\"widget\" data-settings=\"{&quot;gap&quot;:{&quot;unit&quot;:&quot;px&quot;,&quot;size&quot;:3,&quot;sizes&quot;:[]},&quot;columns_mobile&quot;:3,&quot;gap_mobile&quot;:{&quot;unit&quot;:&quot;px&quot;,&quot;size&quot;:6,&quot;sizes&quot;:[]},&quot;columns&quot;:5,&quot;columns_tablet&quot;:3,&quot;gap_tablet&quot;:{&quot;unit&quot;:&quot;px&quot;,&quot;size&quot;:5,&quot;sizes&quot;:[]},&quot;lazyload&quot;:&quot;yes&quot;,&quot;gallery_layout&quot;:&quot;grid&quot;,&quot;aspect_ratio&quot;:&quot;3:2&quot;,&quot;overlay_background&quot;:&quot;yes&quot;,&quot;content_hover_animation&quot;:&quot;fade-in&quot;}\" data-widget_type=\"gallery.default\">\n\t\t\t\t<div class=\"elementor-widget-container\">\n\t\t\t\t\t\t\t<div class=\"elementor-gallery__container\">\n\t\t\t\t\t\t\t<div class=\"e-gallery-item elementor-gallery-item elementor-animated-content\">\n\t\t\t\t\t<div class=\"e-gallery-image elementor-gallery-item__image\" data-thumbnail=\"https:\/\/www.portovenere.fr\/fr-fr\/wp-content\/uploads\/2019\/08\/Cluny-Bourgogne-150x150.jpg\" data-width=\"150\" data-height=\"150\" aria-label=\"\" role=\"img\" ><\/div>\n\t\t\t\t\t\t\t\t\t\t\t<div class=\"elementor-gallery-item__overlay\"><\/div>\n\t\t\t\t\t\t\t\t\t\t\t\t\t\t<\/div>\n\t\t\t\t\t\t\t<div class=\"e-gallery-item elementor-gallery-item elementor-animated-content\">\n\t\t\t\t\t<div class=\"e-gallery-image elementor-gallery-item__image\" data-thumbnail=\"https:\/\/www.portovenere.fr\/fr-fr\/wp-content\/uploads\/2019\/08\/Cluny-Champagne-150x150.jpg\" data-width=\"150\" data-height=\"150\" aria-label=\"\" role=\"img\" ><\/div>\n\t\t\t\t\t\t\t\t\t\t\t<div class=\"elementor-gallery-item__overlay\"><\/div>\n\t\t\t\t\t\t\t\t\t\t\t\t\t\t<\/div>\n\t\t\t\t\t\t\t<div class=\"e-gallery-item elementor-gallery-item elementor-animated-content\">\n\t\t\t\t\t<div class=\"e-gallery-image elementor-gallery-item__image\" data-thumbnail=\"https:\/\/www.portovenere.fr\/fr-fr\/wp-content\/uploads\/2019\/08\/Cluny-Argerot-150x150.jpg\" data-width=\"150\" data-height=\"150\" aria-label=\"\" role=\"img\" ><\/div>\n\t\t\t\t\t\t\t\t\t\t\t<div class=\"elementor-gallery-item__overlay\"><\/div>\n\t\t\t\t\t\t\t\t\t\t\t\t\t\t<\/div>\n\t\t\t\t\t<\/div>\n\t\t\t\t\t<\/div>\n\t\t\t\t<\/div>\n\t\t\t\t<div class=\"elementor-element elementor-element-5103e369 elementor-widget elementor-widget-text-editor\" data-id=\"5103e369\" data-element_type=\"widget\" data-e-type=\"widget\" data-widget_type=\"text-editor.default\">\n\t\t\t\t<div class=\"elementor-widget-container\">\n\t\t\t\t\t\t\t\t\t<p>Cluny est une collection qui d\u00e9cline une surface intens\u00e9ment min\u00e9rale, caract\u00e9ristique de la pierre de Bourgogne. Propos\u00e9e en 2 finitions pour l&rsquo;int\u00e9rieur, elle se d\u00e9cline en 3 tonalit\u00e9s raffin\u00e9es et en diff\u00e9rents formats. Cette s\u00e9rie permet ainsi de cr\u00e9er une continuit\u00e9 et un effet harmonieux dans vos projets de construction ou r\u00e9novation.<\/p>\t\t\t\t\t\t\t\t<\/div>\n\t\t\t\t<\/div>\n\t\t\t\t<div class=\"elementor-element elementor-element-314439c elementor-mobile-align-center elementor-align-left elementor-widget elementor-widget-button\" data-id=\"314439c\" data-element_type=\"widget\" data-e-type=\"widget\" data-widget_type=\"button.default\">\n\t\t\t\t<div class=\"elementor-widget-container\">\n\t\t\t\t\t\t\t\t\t<div class=\"elementor-button-wrapper\">\n\t\t\t\t\t<a class=\"elementor-button elementor-button-link elementor-size-sm\" href=\"https:\/\/www.portovenere.fr\/fr-fr\/carrelage-sol-et-mur-en-gres-cerame-et-faience\/carrelage-aspect-pierre\/carrelage-aspect-pierre-naturelle-cluny\/\">\n\t\t\t\t\t\t<span class=\"elementor-button-content-wrapper\">\n\t\t\t\t\t\t\t\t\t<span class=\"elementor-button-text\">Voir la collection<\/span>\n\t\t\t\t\t<\/span>\n\t\t\t\t\t<\/a>\n\t\t\t\t<\/div>\n\t\t\t\t\t\t\t\t<\/div>\n\t\t\t\t<\/div>\n\t\t\t\t\t<\/div>\n\t\t<\/div>\n\t\t\t\t\t<\/div>\n\t\t<\/section>\n\t\t\t\t<section class=\"elementor-section elementor-top-section elementor-element elementor-element-19ab06f4 elementor-section-full_width elementor-section-height-default elementor-section-height-default elementor-invisible\" data-id=\"19ab06f4\" data-element_type=\"section\" data-e-type=\"section\" data-settings=\"{&quot;background_background&quot;:&quot;classic&quot;,&quot;animation&quot;:&quot;fadeIn&quot;}\">\n\t\t\t\t\t\t<div class=\"elementor-container elementor-column-gap-default\">\n\t\t\t\t\t<div class=\"elementor-column elementor-col-33 elementor-top-column elementor-element elementor-element-714c05e elementor-invisible\" data-id=\"714c05e\" data-element_type=\"column\" data-e-type=\"column\" data-settings=\"{&quot;animation&quot;:&quot;fadeIn&quot;,&quot;background_background&quot;:&quot;classic&quot;}\">\n\t\t\t<div class=\"elementor-widget-wrap elementor-element-populated\">\n\t\t\t\t\t\t<div class=\"elementor-element elementor-element-60df974 elementor-widget elementor-widget-image\" data-id=\"60df974\" data-element_type=\"widget\" data-e-type=\"widget\" data-widget_type=\"image.default\">\n\t\t\t\t<div class=\"elementor-widget-container\">\n\t\t\t\t\t\t\t\t\t\t\t\t\t\t\t\t<a href=\"https:\/\/www.portovenere.fr\/fr-fr\/carrelage-sol-et-mur-en-gres-cerame-et-faience\/carrelage-imitation-parquet-aspect-bois\/carrelage-imitation-bois-naturel-interieur-et-exterieur-lecciazo\/\">\n\t\t\t\t\t\t\t<img decoding=\"async\" src=\"https:\/\/www.portovenere.fr\/fr-fr\/wp-content\/uploads\/elementor\/thumbs\/Carrelage-imitation-bois-pour-exterieur-et-interieur-gres-cerame-1er-choix-Lecciazo-4-coloris-pres-de-Castelnau-le-Lez-34-r8if5s1vmvvuaaj3qwp3qp288xmpag4r0ayq41z540.jpg\" title=\"Carrelage-imitation-bois-pour-ext\u00e9rieur-et-int\u00e9rieur-gr\u00e8s-c\u00e9rame-1er-choix-Lecciazo-4-coloris-pr\u00e8s-de-Castelnau-le-Lez-34\" alt=\"Carrelage terrasse imitation bois en gr\u00e8s c\u00e9rame Lecciazo 4 coloris\" loading=\"lazy\" \/>\t\t\t\t\t\t\t\t<\/a>\n\t\t\t\t\t\t\t\t\t\t\t\t\t\t\t<\/div>\n\t\t\t\t<\/div>\n\t\t\t\t<section class=\"elementor-section elementor-inner-section elementor-element elementor-element-faf281d elementor-section-boxed elementor-section-height-default elementor-section-height-default elementor-invisible\" data-id=\"faf281d\" data-element_type=\"section\" data-e-type=\"section\" data-settings=\"{&quot;background_background&quot;:&quot;classic&quot;,&quot;animation&quot;:&quot;fadeIn&quot;}\">\n\t\t\t\t\t\t<div class=\"elementor-container elementor-column-gap-default\">\n\t\t\t\t\t<div class=\"elementor-column elementor-col-100 elementor-inner-column elementor-element elementor-element-83a5763\" data-id=\"83a5763\" data-element_type=\"column\" data-e-type=\"column\">\n\t\t\t<div class=\"elementor-widget-wrap elementor-element-populated\">\n\t\t\t\t\t\t<div class=\"elementor-element elementor-element-6245c83 elementor-widget elementor-widget-heading\" data-id=\"6245c83\" data-element_type=\"widget\" data-e-type=\"widget\" data-widget_type=\"heading.default\">\n\t\t\t\t<div class=\"elementor-widget-container\">\n\t\t\t\t\t<h3 class=\"elementor-heading-title elementor-size-default\"><a href=\"https:\/\/www.portovenere.fr\/fr-fr\/carrelage-sol-et-mur-en-gres-cerame-et-faience\/carrelage-imitation-parquet-aspect-bois\/carrelage-imitation-bois-naturel-interieur-et-exterieur-lecciazo\/\">LECCIAZO | 4 coloris<\/a><\/h3>\t\t\t\t<\/div>\n\t\t\t\t<\/div>\n\t\t\t\t<div class=\"elementor-element elementor-element-c65fe24 elementor-widget__width-initial elementor-widget elementor-widget-gallery\" data-id=\"c65fe24\" data-element_type=\"widget\" data-e-type=\"widget\" data-settings=\"{&quot;gap&quot;:{&quot;unit&quot;:&quot;px&quot;,&quot;size&quot;:3,&quot;sizes&quot;:[]},&quot;columns_mobile&quot;:3,&quot;gap_mobile&quot;:{&quot;unit&quot;:&quot;px&quot;,&quot;size&quot;:6,&quot;sizes&quot;:[]},&quot;columns&quot;:5,&quot;columns_tablet&quot;:3,&quot;gap_tablet&quot;:{&quot;unit&quot;:&quot;px&quot;,&quot;size&quot;:5,&quot;sizes&quot;:[]},&quot;lazyload&quot;:&quot;yes&quot;,&quot;gallery_layout&quot;:&quot;grid&quot;,&quot;aspect_ratio&quot;:&quot;3:2&quot;,&quot;overlay_background&quot;:&quot;yes&quot;,&quot;content_hover_animation&quot;:&quot;fade-in&quot;}\" data-widget_type=\"gallery.default\">\n\t\t\t\t<div class=\"elementor-widget-container\">\n\t\t\t\t\t\t\t<div class=\"elementor-gallery__container\">\n\t\t\t\t\t\t\t<div class=\"e-gallery-item elementor-gallery-item elementor-animated-content\">\n\t\t\t\t\t<div class=\"e-gallery-image elementor-gallery-item__image\" data-thumbnail=\"https:\/\/www.portovenere.fr\/fr-fr\/wp-content\/uploads\/2024\/05\/Carrelage-gres-cerame-Chene-naturel-interieur-exterieur-Lecciazo-Classico-a-Montpellier-34-150x150.jpg\" data-width=\"150\" data-height=\"150\" aria-label=\"\" role=\"img\" ><\/div>\n\t\t\t\t\t\t\t\t\t\t\t<div class=\"elementor-gallery-item__overlay\"><\/div>\n\t\t\t\t\t\t\t\t\t\t\t\t\t\t<\/div>\n\t\t\t\t\t\t\t<div class=\"e-gallery-item elementor-gallery-item elementor-animated-content\">\n\t\t\t\t\t<div class=\"e-gallery-image elementor-gallery-item__image\" data-thumbnail=\"https:\/\/www.portovenere.fr\/fr-fr\/wp-content\/uploads\/2024\/05\/Carrelage-gres-cerame-Chene-huile-interieur-exterieur-Lecciazo-Oliato-a-Montpellier-34-150x150.jpg\" data-width=\"150\" data-height=\"150\" aria-label=\"\" role=\"img\" ><\/div>\n\t\t\t\t\t\t\t\t\t\t\t<div class=\"elementor-gallery-item__overlay\"><\/div>\n\t\t\t\t\t\t\t\t\t\t\t\t\t\t<\/div>\n\t\t\t\t\t\t\t<div class=\"e-gallery-item elementor-gallery-item elementor-animated-content\">\n\t\t\t\t\t<div class=\"e-gallery-image elementor-gallery-item__image\" data-thumbnail=\"https:\/\/www.portovenere.fr\/fr-fr\/wp-content\/uploads\/2024\/05\/Carrelage-gres-cerame-Chene-fonce-interieur-exterieur-Lecciazo-Verniciato-a-Montpellier-34-150x150.jpg\" data-width=\"150\" data-height=\"150\" aria-label=\"\" role=\"img\" ><\/div>\n\t\t\t\t\t\t\t\t\t\t\t<div class=\"elementor-gallery-item__overlay\"><\/div>\n\t\t\t\t\t\t\t\t\t\t\t\t\t\t<\/div>\n\t\t\t\t\t\t\t<div class=\"e-gallery-item elementor-gallery-item elementor-animated-content\">\n\t\t\t\t\t<div class=\"e-gallery-image elementor-gallery-item__image\" data-thumbnail=\"https:\/\/www.portovenere.fr\/fr-fr\/wp-content\/uploads\/2024\/05\/Carrelage-gres-cerame-Chene-clair-interieur-exterieur-Lecciazo-Gentile-a-Montpellier-34-150x150.jpg\" data-width=\"150\" data-height=\"150\" aria-label=\"\" role=\"img\" ><\/div>\n\t\t\t\t\t\t\t\t\t\t\t<div class=\"elementor-gallery-item__overlay\"><\/div>\n\t\t\t\t\t\t\t\t\t\t\t\t\t\t<\/div>\n\t\t\t\t\t<\/div>\n\t\t\t\t\t<\/div>\n\t\t\t\t<\/div>\n\t\t\t\t<div class=\"elementor-element elementor-element-e106ba8 elementor-widget elementor-widget-text-editor\" data-id=\"e106ba8\" data-element_type=\"widget\" data-e-type=\"widget\" data-widget_type=\"text-editor.default\">\n\t\t\t\t<div class=\"elementor-widget-container\">\n\t\t\t\t\t\t\t\t\t<p>Le\u00a0<b>carrelage imitation bois<\/b>\u00a0de ch\u00eane pour<b>\u00a0int\u00e9rieur et ext\u00e9rieur<\/b>\u00a0LECCIAZO est con\u00e7u pour une<b>\u00a0pose au sol\u00a0<\/b>et\u00a0<b>pose murale.\u00a0<\/b><\/p><p>Ce gr\u00e8s c\u00e9rame de\u00a0<b>qualit\u00e9\u00a0premier choix<\/b>, propose<b>\u00a04<\/b><b>\u00a0coloris<\/b><b>\u00a0qui reprenne l\u2019essence du ch\u00eane vert :\u00a0<\/b><b>Gentile<\/b><b>\u00a0(c<\/b>h\u00eane clair),\u00a0<b>Oliato\u00a0<\/b>(Ch\u00eane huil\u00e9),\u00a0<b>Classico<\/b>\u00a0(Ch\u00eane naturel),\u00a0Verniciato\u00a0(Ch\u00eane teint\u00e9).<\/p><p>Les nombreux formats, et d\u00e9cors offrent un rendu extraordinaire dans vos projets d\u2019am\u00e9nagement :\u00a010\u00d740 cm, d\u00e9cor intreccio 60\u00d760 cm, 20\u00d7120 cm, 30\u00d7120 cm, 20\u00d7180 cm et chevrons 56,6 x 9,6 cm.\u00a0<\/p><p>1 format est propos\u00e9 en\u00a0finition antid\u00e9rapante pour l\u2019ext\u00e9rieur\u00a0en 20\u00d7120 cm dans les 4 coloris en \u00e9paisseur 9,5mm.<\/p><p>Ce gr\u00e8s c\u00e9rame effet parquet bois est \u00e9galement disponible en\u00a0<a href=\"https:\/\/www.portovenere.fr\/fr-fr\/carrelage-sol-et-mur-en-gres-cerame-et-faience\/dalles-exterieures-20mm-gres-cerame-pour-pose-sur-plots-sable-gravier\/dalle-20mm-imitation-pierre-antiderapante-pour-exterieur-serie-rr\/\" target=\"_blank\" rel=\"noopener\"><b>dalles antid\u00e9rapantes<\/b><\/a>\u00a0<b>pour ext\u00e9rieur\u00a0en 20mm d\u2019\u00e9paisseur en format 30&#215;120 cm.<\/b><\/p>\t\t\t\t\t\t\t\t<\/div>\n\t\t\t\t<\/div>\n\t\t\t\t<div class=\"elementor-element elementor-element-25ea660 elementor-mobile-align-center elementor-widget elementor-widget-button\" data-id=\"25ea660\" data-element_type=\"widget\" data-e-type=\"widget\" data-widget_type=\"button.default\">\n\t\t\t\t<div class=\"elementor-widget-container\">\n\t\t\t\t\t\t\t\t\t<div class=\"elementor-button-wrapper\">\n\t\t\t\t\t<a class=\"elementor-button elementor-button-link elementor-size-sm\" href=\"https:\/\/www.portovenere.fr\/fr-fr\/carrelage-sol-et-mur-en-gres-cerame-et-faience\/carrelage-imitation-parquet-aspect-bois\/carrelage-imitation-bois-naturel-interieur-et-exterieur-lecciazo\/\">\n\t\t\t\t\t\t<span class=\"elementor-button-content-wrapper\">\n\t\t\t\t\t\t\t\t\t<span class=\"elementor-button-text\">Voir la collection<\/span>\n\t\t\t\t\t<\/span>\n\t\t\t\t\t<\/a>\n\t\t\t\t<\/div>\n\t\t\t\t\t\t\t\t<\/div>\n\t\t\t\t<\/div>\n\t\t\t\t\t<\/div>\n\t\t<\/div>\n\t\t\t\t\t<\/div>\n\t\t<\/section>\n\t\t\t\t\t<\/div>\n\t\t<\/div>\n\t\t\t\t<div class=\"elementor-column elementor-col-33 elementor-top-column elementor-element elementor-element-1a25dc9\" data-id=\"1a25dc9\" data-element_type=\"column\" data-e-type=\"column\" data-settings=\"{&quot;background_background&quot;:&quot;classic&quot;}\">\n\t\t\t<div class=\"elementor-widget-wrap elementor-element-populated\">\n\t\t\t\t\t\t<div class=\"elementor-element elementor-element-312f5bb elementor-widget elementor-widget-image\" data-id=\"312f5bb\" data-element_type=\"widget\" data-e-type=\"widget\" data-widget_type=\"image.default\">\n\t\t\t\t<div class=\"elementor-widget-container\">\n\t\t\t\t\t\t\t\t\t\t\t\t\t\t\t\t<a href=\"https:\/\/www.portovenere.fr\/fr-fr\/carrelage-sol-et-mur-en-gres-cerame-et-faience\/carrelage-aspect-pierre\/carrelage-clair-aspect-pierre-calcaire-creana\/\">\n\t\t\t\t\t\t\t<img decoding=\"async\" src=\"https:\/\/www.portovenere.fr\/fr-fr\/wp-content\/uploads\/elementor\/thumbs\/Sol-carrelage-dalle-claire-antiderapante-2-cm-en-gres-cerame-pour-terrasse-et-tour-de-psicine-Creana-effet-pierre-Ivory-a-Montpellier-34-r8ifjdruza2tauf2z2ruad93mfs3dbkr0ha4fjhzlo.jpg\" title=\"Sol-carrelage-dalle-claire-antid\u00e9rapante-2-cm-en-gr\u00e8s-c\u00e9rame-pour-terrasse-et-tour-de-psicine-Creana-effet-pierre-Ivory-\u00e0-Montpellier-34\" alt=\"Sol carrelage ext\u00e9rieur int\u00e9rieur effet pierre naturelle calcaire Creana ivory\" loading=\"lazy\" \/>\t\t\t\t\t\t\t\t<\/a>\n\t\t\t\t\t\t\t\t\t\t\t\t\t\t\t<\/div>\n\t\t\t\t<\/div>\n\t\t\t\t<div class=\"elementor-element elementor-element-29acf20 elementor-widget elementor-widget-heading\" data-id=\"29acf20\" data-element_type=\"widget\" data-e-type=\"widget\" data-widget_type=\"heading.default\">\n\t\t\t\t<div class=\"elementor-widget-container\">\n\t\t\t\t\t<h3 class=\"elementor-heading-title elementor-size-default\"><a href=\"https:\/\/www.portovenere.fr\/fr-fr\/carrelage-sol-et-mur-en-gres-cerame-et-faience\/carrelage-aspect-pierre\/carrelage-clair-aspect-pierre-calcaire-creana\/\">CREANA | 4 coloris &amp; mosa\u00efques<\/a><\/h3>\t\t\t\t<\/div>\n\t\t\t\t<\/div>\n\t\t\t\t<div class=\"elementor-element elementor-element-c4e62bb elementor-widget__width-initial elementor-widget elementor-widget-gallery\" data-id=\"c4e62bb\" data-element_type=\"widget\" data-e-type=\"widget\" data-settings=\"{&quot;gap&quot;:{&quot;unit&quot;:&quot;px&quot;,&quot;size&quot;:3,&quot;sizes&quot;:[]},&quot;columns_mobile&quot;:3,&quot;gap_mobile&quot;:{&quot;unit&quot;:&quot;px&quot;,&quot;size&quot;:6,&quot;sizes&quot;:[]},&quot;columns&quot;:5,&quot;columns_tablet&quot;:3,&quot;gap_tablet&quot;:{&quot;unit&quot;:&quot;px&quot;,&quot;size&quot;:5,&quot;sizes&quot;:[]},&quot;lazyload&quot;:&quot;yes&quot;,&quot;gallery_layout&quot;:&quot;grid&quot;,&quot;aspect_ratio&quot;:&quot;3:2&quot;,&quot;overlay_background&quot;:&quot;yes&quot;,&quot;content_hover_animation&quot;:&quot;fade-in&quot;}\" data-widget_type=\"gallery.default\">\n\t\t\t\t<div class=\"elementor-widget-container\">\n\t\t\t\t\t\t\t<div class=\"elementor-gallery__container\">\n\t\t\t\t\t\t\t<div class=\"e-gallery-item elementor-gallery-item elementor-animated-content\">\n\t\t\t\t\t<div class=\"e-gallery-image elementor-gallery-item__image\" data-thumbnail=\"https:\/\/www.portovenere.fr\/fr-fr\/wp-content\/uploads\/2024\/08\/Carrelage-pierre-claire-en-gres-cerame-effet-calcaire-Creana-Sand-sable-pour-interieur-et-exterieur-pres-de-Vendargues-34-150x150.jpg\" data-width=\"150\" data-height=\"150\" aria-label=\"\" role=\"img\" ><\/div>\n\t\t\t\t\t\t\t\t\t\t\t<div class=\"elementor-gallery-item__overlay\"><\/div>\n\t\t\t\t\t\t\t\t\t\t\t\t\t\t<\/div>\n\t\t\t\t\t\t\t<div class=\"e-gallery-item elementor-gallery-item elementor-animated-content\">\n\t\t\t\t\t<div class=\"e-gallery-image elementor-gallery-item__image\" data-thumbnail=\"https:\/\/www.portovenere.fr\/fr-fr\/wp-content\/uploads\/2024\/08\/Carrelage-pierre-claire-en-gres-cerame-effet-calcaire-Creana-White-Blanc-pour-interieur-et-exterieur-a-Montpellier-34-150x150.jpg\" data-width=\"150\" data-height=\"150\" aria-label=\"\" role=\"img\" ><\/div>\n\t\t\t\t\t\t\t\t\t\t\t<div class=\"elementor-gallery-item__overlay\"><\/div>\n\t\t\t\t\t\t\t\t\t\t\t\t\t\t<\/div>\n\t\t\t\t\t\t\t<div class=\"e-gallery-item elementor-gallery-item elementor-animated-content\">\n\t\t\t\t\t<div class=\"e-gallery-image elementor-gallery-item__image\" data-thumbnail=\"https:\/\/www.portovenere.fr\/fr-fr\/wp-content\/uploads\/2024\/08\/Carrelage-pierre-claire-en-gres-cerame-effet-calcaire-Creana-Pearl-pour-interieur-et-exterieur-pres-de-Bouzigues-34-150x150.jpg\" data-width=\"150\" data-height=\"150\" aria-label=\"\" role=\"img\" ><\/div>\n\t\t\t\t\t\t\t\t\t\t\t<div class=\"elementor-gallery-item__overlay\"><\/div>\n\t\t\t\t\t\t\t\t\t\t\t\t\t\t<\/div>\n\t\t\t\t\t\t\t<div class=\"e-gallery-item elementor-gallery-item elementor-animated-content\">\n\t\t\t\t\t<div class=\"e-gallery-image elementor-gallery-item__image\" data-thumbnail=\"https:\/\/www.portovenere.fr\/fr-fr\/wp-content\/uploads\/2024\/08\/Carrelage-pierre-claire-en-gres-cerame-effet-calcaire-Creana-Ivory-Ivoire-pour-interieur-et-exterieur-pres-de-Castelnau-le-lez-34-150x150.jpg\" data-width=\"150\" data-height=\"150\" aria-label=\"\" role=\"img\" ><\/div>\n\t\t\t\t\t\t\t\t\t\t\t<div class=\"elementor-gallery-item__overlay\"><\/div>\n\t\t\t\t\t\t\t\t\t\t\t\t\t\t<\/div>\n\t\t\t\t\t\t\t<div class=\"e-gallery-item elementor-gallery-item elementor-animated-content\">\n\t\t\t\t\t<div class=\"e-gallery-image elementor-gallery-item__image\" data-thumbnail=\"https:\/\/www.portovenere.fr\/fr-fr\/wp-content\/uploads\/2024\/08\/Mosaique-originale-esprit-pierre-naturelle-Creana-Sand-pres-de-Saint-jean-de-vedas-34-150x150.jpg\" data-width=\"150\" data-height=\"150\" aria-label=\"\" role=\"img\" ><\/div>\n\t\t\t\t\t\t\t\t\t\t\t<div class=\"elementor-gallery-item__overlay\"><\/div>\n\t\t\t\t\t\t\t\t\t\t\t\t\t\t<\/div>\n\t\t\t\t\t\t\t<div class=\"e-gallery-item elementor-gallery-item elementor-animated-content\">\n\t\t\t\t\t<div class=\"e-gallery-image elementor-gallery-item__image\" data-thumbnail=\"https:\/\/www.portovenere.fr\/fr-fr\/wp-content\/uploads\/2024\/08\/Mosaique-originale-esprit-pierre-naturelle-Creana-White-carrelage-salle-de-bain-pres-deBeziers-34-150x150.jpg\" data-width=\"150\" data-height=\"150\" aria-label=\"\" role=\"img\" ><\/div>\n\t\t\t\t\t\t\t\t\t\t\t<div class=\"elementor-gallery-item__overlay\"><\/div>\n\t\t\t\t\t\t\t\t\t\t\t\t\t\t<\/div>\n\t\t\t\t\t\t\t<div class=\"e-gallery-item elementor-gallery-item elementor-animated-content\">\n\t\t\t\t\t<div class=\"e-gallery-image elementor-gallery-item__image\" data-thumbnail=\"https:\/\/www.portovenere.fr\/fr-fr\/wp-content\/uploads\/2024\/08\/Mosaique-originale-esprit-pierre-naturelle-Creana-Ivory-carrelage-salle-de-bain-pres-de-Juvignac-34-150x150.jpg\" data-width=\"150\" data-height=\"150\" aria-label=\"\" role=\"img\" ><\/div>\n\t\t\t\t\t\t\t\t\t\t\t<div class=\"elementor-gallery-item__overlay\"><\/div>\n\t\t\t\t\t\t\t\t\t\t\t\t\t\t<\/div>\n\t\t\t\t\t\t\t<div class=\"e-gallery-item elementor-gallery-item elementor-animated-content\">\n\t\t\t\t\t<div class=\"e-gallery-image elementor-gallery-item__image\" data-thumbnail=\"https:\/\/www.portovenere.fr\/fr-fr\/wp-content\/uploads\/2024\/08\/Mosaique-originale-esprit-pierre-naturelle-Creana-Pearl-pres-de-Saint-Clement-de-Riviere-34-150x150.jpg\" data-width=\"150\" data-height=\"150\" aria-label=\"\" role=\"img\" ><\/div>\n\t\t\t\t\t\t\t\t\t\t\t<div class=\"elementor-gallery-item__overlay\"><\/div>\n\t\t\t\t\t\t\t\t\t\t\t\t\t\t<\/div>\n\t\t\t\t\t<\/div>\n\t\t\t\t\t<\/div>\n\t\t\t\t<\/div>\n\t\t\t\t<div class=\"elementor-element elementor-element-88684ec elementor-widget elementor-widget-text-editor\" data-id=\"88684ec\" data-element_type=\"widget\" data-e-type=\"widget\" data-widget_type=\"text-editor.default\">\n\t\t\t\t<div class=\"elementor-widget-container\">\n\t\t\t\t\t\t\t\t\t<p>Ce carrelage\u00a0<b>gr\u00e8s c\u00e9rame de belle qualit\u00e9\u00a0<\/b>reprend<b>\u00a0l\u2019esprit de la pierre naturelle calcaire\u00a0<\/b>avec les avantages du gr\u00e8s c\u00e9rame.<\/p><p>Il propose plusieurs formats \u00e0 poser au\u00a0<b>sol\u00a0<\/b>et au<b>\u00a0mur\u00a0<\/b>en\u00a0<b>int\u00e9rieur mais aussi en ext\u00e9rieur<\/b>\u00a0:\u00a0 60\u00d760 cm, 60\u00d760 cm, 60\u00d7120 cm, 120\u00d7120 cm et un format fine \u00e9paisseur XXL de 120\u00d7278 cm.\u00a0<\/p><p>Le carrelage effet pierre calcaire Creana est propos\u00e9 en dalles antid\u00e9rapantes de 2 cm d\u2019\u00e9paisseur pour une pose sur plots, pose coll\u00e9e, sur gazon, en tour de piscine ou terrasse (coloris Pearl et Ivory) formats : 60\u00d7120 cm et 60\u00d760 cm.<\/p><p>Une\u00a0<b>mosa\u00efque \u00ab\u00a0hexagonale\u00a0\u00bb<\/b>\u00a0ainsi qu\u2019une mosa\u00efque 30\u00d730 cm compl\u00e8tent cette collection de c\u00e9ramique contemporaine.\u00a0<\/p><p><b>4\u00a0coloris<\/b>\u00a0(<b>sable, ivoire, blanc et perle<\/b>) inspir\u00e9s de la nature\u00a0pour apporter une touche\u00a0douce et\u00a0naturelle \u00e0 vos espaces : salle de bain, terrasse, cuisine, s\u00e9jour, piscine, chambre\u2026<\/p>\t\t\t\t\t\t\t\t<\/div>\n\t\t\t\t<\/div>\n\t\t\t\t<div class=\"elementor-element elementor-element-09d1a08 elementor-mobile-align-center elementor-align-left elementor-widget elementor-widget-button\" data-id=\"09d1a08\" data-element_type=\"widget\" data-e-type=\"widget\" data-widget_type=\"button.default\">\n\t\t\t\t<div class=\"elementor-widget-container\">\n\t\t\t\t\t\t\t\t\t<div class=\"elementor-button-wrapper\">\n\t\t\t\t\t<a class=\"elementor-button elementor-button-link elementor-size-sm\" href=\"https:\/\/www.portovenere.fr\/fr-fr\/carrelage-sol-et-mur-en-gres-cerame-et-faience\/carrelage-aspect-pierre\/carrelage-clair-aspect-pierre-calcaire-creana\/\">\n\t\t\t\t\t\t<span class=\"elementor-button-content-wrapper\">\n\t\t\t\t\t\t\t\t\t<span class=\"elementor-button-text\">Voir la collection<\/span>\n\t\t\t\t\t<\/span>\n\t\t\t\t\t<\/a>\n\t\t\t\t<\/div>\n\t\t\t\t\t\t\t\t<\/div>\n\t\t\t\t<\/div>\n\t\t\t\t\t<\/div>\n\t\t<\/div>\n\t\t\t\t<div class=\"elementor-column elementor-col-33 elementor-top-column elementor-element elementor-element-cedb187\" data-id=\"cedb187\" data-element_type=\"column\" data-e-type=\"column\" data-settings=\"{&quot;background_background&quot;:&quot;classic&quot;}\">\n\t\t\t<div class=\"elementor-widget-wrap elementor-element-populated\">\n\t\t\t\t\t\t<div class=\"elementor-element elementor-element-df2a9a1 elementor-widget elementor-widget-image\" data-id=\"df2a9a1\" data-element_type=\"widget\" data-e-type=\"widget\" data-widget_type=\"image.default\">\n\t\t\t\t<div class=\"elementor-widget-container\">\n\t\t\t\t\t\t\t\t\t\t\t\t\t\t\t\t<a href=\"https:\/\/www.portovenere.fr\/fr-fr\/carrelage-sol-et-mur-en-gres-cerame-et-faience\/carrelage-aspect-pierre\/carrelage-aspect-pierre-naturelle-et-antiderapante-bellastone\/\">\n\t\t\t\t\t\t\t<img decoding=\"async\" src=\"https:\/\/www.portovenere.fr\/fr-fr\/wp-content\/uploads\/elementor\/thumbs\/Carrelage-haut-de-gamme-aspect-pierre-naturelle-antiderapante-BELLASTONE-Creme-pour-terrasses-et-tour-de-piscines-magasin-de-carrelages-a-Montpellier-34-r8ifwle9romt4hlnxtjfou7gga0nrzz2nkg2xfae78.jpg\" title=\"Carrelage-haut-de-gamme-aspect-pierre-naturelle-antid\u00e9rapante-BELLASTONE-Creme-pour-terrasses-et-tour-de-piscines-magasin-de-carrelages-\u00e0-Montpellier-34\" alt=\"cr\u00e9ation terrasse en carrelage antid\u00e9rapant dalles 2 cm Bellastone chez Porto Venere \u00e0 Montpellier\" loading=\"lazy\" \/>\t\t\t\t\t\t\t\t<\/a>\n\t\t\t\t\t\t\t\t\t\t\t\t\t\t\t<\/div>\n\t\t\t\t<\/div>\n\t\t\t\t<div class=\"elementor-element elementor-element-92e7430 elementor-widget elementor-widget-heading\" data-id=\"92e7430\" data-element_type=\"widget\" data-e-type=\"widget\" data-widget_type=\"heading.default\">\n\t\t\t\t<div class=\"elementor-widget-container\">\n\t\t\t\t\t<h3 class=\"elementor-heading-title elementor-size-default\"><a href=\"https:\/\/www.portovenere.fr\/fr-fr\/carrelage-sol-et-mur-en-gres-cerame-et-faience\/carrelage-aspect-pierre\/carrelage-aspect-pierre-naturelle-et-antiderapante-bellastone\/\">BELLASTONE | 4 coloris<\/a><\/h3>\t\t\t\t<\/div>\n\t\t\t\t<\/div>\n\t\t\t\t<div class=\"elementor-element elementor-element-18ed30a elementor-widget__width-initial elementor-widget elementor-widget-gallery\" data-id=\"18ed30a\" data-element_type=\"widget\" data-e-type=\"widget\" data-settings=\"{&quot;gap&quot;:{&quot;unit&quot;:&quot;px&quot;,&quot;size&quot;:3,&quot;sizes&quot;:[]},&quot;columns_mobile&quot;:3,&quot;gap_mobile&quot;:{&quot;unit&quot;:&quot;px&quot;,&quot;size&quot;:6,&quot;sizes&quot;:[]},&quot;columns&quot;:5,&quot;columns_tablet&quot;:3,&quot;gap_tablet&quot;:{&quot;unit&quot;:&quot;px&quot;,&quot;size&quot;:5,&quot;sizes&quot;:[]},&quot;lazyload&quot;:&quot;yes&quot;,&quot;gallery_layout&quot;:&quot;grid&quot;,&quot;aspect_ratio&quot;:&quot;3:2&quot;,&quot;overlay_background&quot;:&quot;yes&quot;,&quot;content_hover_animation&quot;:&quot;fade-in&quot;}\" data-widget_type=\"gallery.default\">\n\t\t\t\t<div class=\"elementor-widget-container\">\n\t\t\t\t\t\t\t<div class=\"elementor-gallery__container\">\n\t\t\t\t\t\t\t<div class=\"e-gallery-item elementor-gallery-item elementor-animated-content\">\n\t\t\t\t\t<div class=\"e-gallery-image elementor-gallery-item__image\" data-thumbnail=\"https:\/\/www.portovenere.fr\/fr-fr\/wp-content\/uploads\/2025\/03\/Carrelage-interieur-et-exterieur-imitation-pierre-naturelle-BELLASTONE-coloris-marron-pres-de-Sete-34-150x150.jpg\" data-width=\"150\" data-height=\"150\" aria-label=\"\" role=\"img\" ><\/div>\n\t\t\t\t\t\t\t\t\t\t\t<div class=\"elementor-gallery-item__overlay\"><\/div>\n\t\t\t\t\t\t\t\t\t\t\t\t\t\t<\/div>\n\t\t\t\t\t\t\t<div class=\"e-gallery-item elementor-gallery-item elementor-animated-content\">\n\t\t\t\t\t<div class=\"e-gallery-image elementor-gallery-item__image\" data-thumbnail=\"https:\/\/www.portovenere.fr\/fr-fr\/wp-content\/uploads\/2025\/03\/Carrelage-interieur-et-exterieur-imitation-pierre-naturelle-BELLASTONE-coloris-greige-grege-pres-de-Castries-34-150x150.jpg\" data-width=\"150\" data-height=\"150\" aria-label=\"\" role=\"img\" ><\/div>\n\t\t\t\t\t\t\t\t\t\t\t<div class=\"elementor-gallery-item__overlay\"><\/div>\n\t\t\t\t\t\t\t\t\t\t\t\t\t\t<\/div>\n\t\t\t\t\t\t\t<div class=\"e-gallery-item elementor-gallery-item elementor-animated-content\">\n\t\t\t\t\t<div class=\"e-gallery-image elementor-gallery-item__image\" data-thumbnail=\"https:\/\/www.portovenere.fr\/fr-fr\/wp-content\/uploads\/2025\/03\/Carrelage-interieur-et-exterieur-imitation-pierre-naturelle-BELLASTONE-coloris-creme-pres-de-Pezenas-34-150x150.jpg\" data-width=\"150\" data-height=\"150\" aria-label=\"\" role=\"img\" ><\/div>\n\t\t\t\t\t\t\t\t\t\t\t<div class=\"elementor-gallery-item__overlay\"><\/div>\n\t\t\t\t\t\t\t\t\t\t\t\t\t\t<\/div>\n\t\t\t\t\t\t\t<div class=\"e-gallery-item elementor-gallery-item elementor-animated-content\">\n\t\t\t\t\t<div class=\"e-gallery-image elementor-gallery-item__image\" data-thumbnail=\"https:\/\/www.portovenere.fr\/fr-fr\/wp-content\/uploads\/2025\/03\/Carrelage-interieur-et-exterieur-imitation-pierre-naturelle-BELLASTONE-coloris-white-blanc-clair-pres-de-PALAVAS-34-150x150.jpg\" data-width=\"150\" data-height=\"150\" aria-label=\"\" role=\"img\" ><\/div>\n\t\t\t\t\t\t\t\t\t\t\t<div class=\"elementor-gallery-item__overlay\"><\/div>\n\t\t\t\t\t\t\t\t\t\t\t\t\t\t<\/div>\n\t\t\t\t\t\t\t<div class=\"e-gallery-item elementor-gallery-item elementor-animated-content\">\n\t\t\t\t\t<div class=\"e-gallery-image elementor-gallery-item__image\" data-thumbnail=\"https:\/\/www.portovenere.fr\/fr-fr\/wp-content\/uploads\/2025\/03\/Mosaique-hexagonale-pour-sol-et-mur-en-gres-cerame-imitation-pierre-naturelle-Bellastone-greige-30x30-cm-magasin-Porto-Venere-pres-de-Castelnau-le-Lez-34-150x150.jpg\" data-width=\"150\" data-height=\"150\" aria-label=\"\" role=\"img\" ><\/div>\n\t\t\t\t\t\t\t\t\t\t\t<div class=\"elementor-gallery-item__overlay\"><\/div>\n\t\t\t\t\t\t\t\t\t\t\t\t\t\t<\/div>\n\t\t\t\t\t\t\t<div class=\"e-gallery-item elementor-gallery-item elementor-animated-content\">\n\t\t\t\t\t<div class=\"e-gallery-image elementor-gallery-item__image\" data-thumbnail=\"https:\/\/www.portovenere.fr\/fr-fr\/wp-content\/uploads\/2025\/03\/Mosaique-hexagonale-pour-sol-et-mur-credence-en-gres-cerame-imitation-pierre-naturelle-Bellastone-white-30x30-cm-magasin-Porto-Venere-pres-de-Mauguio-34-150x150.jpg\" data-width=\"150\" data-height=\"150\" aria-label=\"\" role=\"img\" ><\/div>\n\t\t\t\t\t\t\t\t\t\t\t<div class=\"elementor-gallery-item__overlay\"><\/div>\n\t\t\t\t\t\t\t\t\t\t\t\t\t\t<\/div>\n\t\t\t\t\t\t\t<div class=\"e-gallery-item elementor-gallery-item elementor-animated-content\">\n\t\t\t\t\t<div class=\"e-gallery-image elementor-gallery-item__image\" data-thumbnail=\"https:\/\/www.portovenere.fr\/fr-fr\/wp-content\/uploads\/2025\/03\/Mosaique-hexagonale-pour-sol-et-mur-en-gres-cerame-imitation-pierre-naturelle-Bellastone-creme-30x30-cm-magasin-Porto-Venere-pres-de-Perols-34-150x150.jpg\" data-width=\"150\" data-height=\"150\" aria-label=\"\" role=\"img\" ><\/div>\n\t\t\t\t\t\t\t\t\t\t\t<div class=\"elementor-gallery-item__overlay\"><\/div>\n\t\t\t\t\t\t\t\t\t\t\t\t\t\t<\/div>\n\t\t\t\t\t\t\t<div class=\"e-gallery-item elementor-gallery-item elementor-animated-content\">\n\t\t\t\t\t<div class=\"e-gallery-image elementor-gallery-item__image\" data-thumbnail=\"https:\/\/www.portovenere.fr\/fr-fr\/wp-content\/uploads\/2025\/03\/Mosaique-hexagonale-pour-sol-et-mur-en-gres-cerame-imitation-pierre-naturelle-Bellastone-marron-30x30-cm-magasin-Porto-Venere-pres-de-Jacou-34-150x150.jpg\" data-width=\"150\" data-height=\"150\" aria-label=\"\" role=\"img\" ><\/div>\n\t\t\t\t\t\t\t\t\t\t\t<div class=\"elementor-gallery-item__overlay\"><\/div>\n\t\t\t\t\t\t\t\t\t\t\t\t\t\t<\/div>\n\t\t\t\t\t\t\t<div class=\"e-gallery-item elementor-gallery-item elementor-animated-content\">\n\t\t\t\t\t<div class=\"e-gallery-image elementor-gallery-item__image\" data-thumbnail=\"https:\/\/www.portovenere.fr\/fr-fr\/wp-content\/uploads\/2025\/03\/Mosaique-pour-sol-et-mur-en-gres-cerame-imitation-pierre-naturelle-Bellastone-greige-30x30-cm-magasin-Porto-Venere-a-Montpellier-34-150x150.jpg\" data-width=\"150\" data-height=\"150\" aria-label=\"\" role=\"img\" ><\/div>\n\t\t\t\t\t\t\t\t\t\t\t<div class=\"elementor-gallery-item__overlay\"><\/div>\n\t\t\t\t\t\t\t\t\t\t\t\t\t\t<\/div>\n\t\t\t\t\t\t\t<div class=\"e-gallery-item elementor-gallery-item elementor-animated-content\">\n\t\t\t\t\t<div class=\"e-gallery-image elementor-gallery-item__image\" data-thumbnail=\"https:\/\/www.portovenere.fr\/fr-fr\/wp-content\/uploads\/2025\/03\/Mosaique-pour-sol-et-mur-en-gres-cerame-imitation-pierre-naturelle-claire-Bellastone-white-30x30-cm-magasin-Porto-Venere-a-Montpellier-34-150x150.jpg\" data-width=\"150\" data-height=\"150\" aria-label=\"\" role=\"img\" ><\/div>\n\t\t\t\t\t\t\t\t\t\t\t<div class=\"elementor-gallery-item__overlay\"><\/div>\n\t\t\t\t\t\t\t\t\t\t\t\t\t\t<\/div>\n\t\t\t\t\t\t\t<div class=\"e-gallery-item elementor-gallery-item elementor-animated-content\">\n\t\t\t\t\t<div class=\"e-gallery-image elementor-gallery-item__image\" data-thumbnail=\"https:\/\/www.portovenere.fr\/fr-fr\/wp-content\/uploads\/2025\/03\/Mosaique-pour-sol-et-mur-en-gres-cerame-imitation-pierre-naturelle-Bellastone-marron-30x30-cm-magasin-Porto-Venere-pres-de-Balaruc-34-150x150.jpg\" data-width=\"150\" data-height=\"150\" aria-label=\"\" role=\"img\" ><\/div>\n\t\t\t\t\t\t\t\t\t\t\t<div class=\"elementor-gallery-item__overlay\"><\/div>\n\t\t\t\t\t\t\t\t\t\t\t\t\t\t<\/div>\n\t\t\t\t\t\t\t<div class=\"e-gallery-item elementor-gallery-item elementor-animated-content\">\n\t\t\t\t\t<div class=\"e-gallery-image elementor-gallery-item__image\" data-thumbnail=\"https:\/\/www.portovenere.fr\/fr-fr\/wp-content\/uploads\/2025\/03\/Mosaique-pour-sol-et-mur-en-gres-cerame-imitation-pierre-naturelle-claire-Bellastone-creme-30x30-cm-magasin-Porto-Venere-pres-de-Agde-34-150x150.jpg\" data-width=\"150\" data-height=\"150\" aria-label=\"\" role=\"img\" ><\/div>\n\t\t\t\t\t\t\t\t\t\t\t<div class=\"elementor-gallery-item__overlay\"><\/div>\n\t\t\t\t\t\t\t\t\t\t\t\t\t\t<\/div>\n\t\t\t\t\t<\/div>\n\t\t\t\t\t<\/div>\n\t\t\t\t<\/div>\n\t\t\t\t<div class=\"elementor-element elementor-element-50a73db elementor-widget elementor-widget-text-editor\" data-id=\"50a73db\" data-element_type=\"widget\" data-e-type=\"widget\" data-widget_type=\"text-editor.default\">\n\t\t\t\t<div class=\"elementor-widget-container\">\n\t\t\t\t\t\t\t\t\t<p data-sourcepos=\"5:1-5:46\">Le carrelage gr\u00e8s c\u00e9rame color\u00e9 dans la masse aspect pierre<b>\u00a0BELLASTONE,\u00a0<\/b>propose\u00a0<b>4 teintes\u00a0<\/b>agr\u00e9ables pour vos<b>\u00a0espaces int\u00e9rieurs et ext\u00e9rieurs : Marron, Gr\u00e8ge, Blanc et Cr\u00e8me.<\/b><\/p><p data-sourcepos=\"5:1-5:46\">Ce\u00a0<b>gr\u00e8s c\u00e9rame<\/b>\u00a0vous offre le choix parmi les formats suivants pour vos\u00a0<b>sols et murs<\/b>\u00a0:\u00a0<b>30&#215;60 cm, 60&#215;60 cm , 60&#215;120 cm, 100&#215;100 cm et le grand format 120&#215;120 cm.<\/b><\/p><p data-sourcepos=\"5:1-5:46\">Disponible en<b>\u00a0finition naturelle, finition Wax (Poli) ou antid\u00e9rapante.<\/b><\/p><p data-sourcepos=\"5:1-5:46\">Vous pourrez assurer une\u00a0<b>continuit\u00e9 de vos espaces de vie vers l&rsquo;ext\u00e9rieur<\/b>\u00a0gr\u00e2ce \u00e0 la\u00a0<b>finition antid\u00e9rapante<\/b>.\u00a0<\/p><p data-sourcepos=\"5:1-5:46\">Aussi, des\u00a0<b>dalles 60&#215;120 cm antid\u00e9rapantes en 2cm\u00a0<\/b>d&rsquo;\u00e9paisseur, sont propos\u00e9es pour vos\u00a0<b>terrasses ou tours de piscine<\/b>\u00a0pour une pose sur plots, sur gravier, gazon ou en pose coll\u00e9e.\u00a0<\/p><p data-sourcepos=\"5:1-5:46\">Le carrelage aspect pierre naturelle et antid\u00e9rapante Bellastone existe \u00e9galement en\u00a0<b>mosaique\u00a0<\/b>30&#215;30 cm et en\u00a0<b>mosa\u00efque hexagonale<\/b>\u00a025&#215;30 cm pour am\u00e9nager des espaces tels qu&rsquo;une cr\u00e9dence de cuisine, une salle de bain ou le mur d&rsquo;un hall d&rsquo;h\u00f4tel par exemple.<\/p>\t\t\t\t\t\t\t\t<\/div>\n\t\t\t\t<\/div>\n\t\t\t\t<div class=\"elementor-element elementor-element-f4ad417 elementor-mobile-align-center elementor-align-left elementor-widget elementor-widget-button\" data-id=\"f4ad417\" data-element_type=\"widget\" data-e-type=\"widget\" data-widget_type=\"button.default\">\n\t\t\t\t<div class=\"elementor-widget-container\">\n\t\t\t\t\t\t\t\t\t<div class=\"elementor-button-wrapper\">\n\t\t\t\t\t<a class=\"elementor-button elementor-button-link elementor-size-sm\" href=\"https:\/\/www.portovenere.fr\/fr-fr\/carrelage-sol-et-mur-en-gres-cerame-et-faience\/carrelage-aspect-pierre\/carrelage-aspect-pierre-naturelle-et-antiderapante-bellastone\/\">\n\t\t\t\t\t\t<span class=\"elementor-button-content-wrapper\">\n\t\t\t\t\t\t\t\t\t<span class=\"elementor-button-text\">Voir la collection<\/span>\n\t\t\t\t\t<\/span>\n\t\t\t\t\t<\/a>\n\t\t\t\t<\/div>\n\t\t\t\t\t\t\t\t<\/div>\n\t\t\t\t<\/div>\n\t\t\t\t\t<\/div>\n\t\t<\/div>\n\t\t\t\t\t<\/div>\n\t\t<\/section>\n\t\t\t\t<section class=\"elementor-section elementor-top-section elementor-element elementor-element-73ac7ac2 elementor-section-full_width elementor-section-height-default elementor-section-height-default elementor-invisible\" data-id=\"73ac7ac2\" data-element_type=\"section\" data-e-type=\"section\" data-settings=\"{&quot;animation&quot;:&quot;fadeIn&quot;}\">\n\t\t\t\t\t\t<div class=\"elementor-container elementor-column-gap-default\">\n\t\t\t\t\t<div class=\"elementor-column elementor-col-33 elementor-top-column elementor-element elementor-element-031f7fe elementor-invisible\" data-id=\"031f7fe\" data-element_type=\"column\" data-e-type=\"column\" data-settings=\"{&quot;animation&quot;:&quot;fadeIn&quot;,&quot;background_background&quot;:&quot;classic&quot;}\">\n\t\t\t<div class=\"elementor-widget-wrap elementor-element-populated\">\n\t\t\t\t\t\t<div class=\"elementor-element elementor-element-4d52a90 elementor-widget elementor-widget-image\" data-id=\"4d52a90\" data-element_type=\"widget\" data-e-type=\"widget\" data-widget_type=\"image.default\">\n\t\t\t\t<div class=\"elementor-widget-container\">\n\t\t\t\t\t\t\t\t\t\t\t\t\t\t\t\t<a href=\"https:\/\/www.portovenere.fr\/fr-fr\/carrelage-sol-et-mur-en-gres-cerame-et-faience\/carrelage-aspect-pierre\/carrelage-imitation-pierre-naturelle-rinca-stone\/\">\n\t\t\t\t\t\t\t<img decoding=\"async\" src=\"https:\/\/www.portovenere.fr\/fr-fr\/wp-content\/uploads\/elementor\/thumbs\/Carrelage-imitation-pierre-naturelle-italienne-Rinca-Stone-beige-qualite-haut-de-gamme-et-design-raffine-magasin-Porto-Venere-a-Montpellier-34-r8ifwtuth6ye0z9dkf72ta2lsquyp9wnoqbg8wxun8.jpg\" title=\"Carrelage-imitation-pierre-naturelle-italienne-Rinca-Stone-beige-qualit\u00e9-haut-de-gamme-et-design-raffin\u00e9-magasin-Porto-Venere-\u00e0-Montpellier-34\" alt=\"Carrelage imitation pierre naturelle italienne haut de gamme Rinca Stone\" loading=\"lazy\" \/>\t\t\t\t\t\t\t\t<\/a>\n\t\t\t\t\t\t\t\t\t\t\t\t\t\t\t<\/div>\n\t\t\t\t<\/div>\n\t\t\t\t<section class=\"elementor-section elementor-inner-section elementor-element elementor-element-364198f elementor-section-boxed elementor-section-height-default elementor-section-height-default elementor-invisible\" data-id=\"364198f\" data-element_type=\"section\" data-e-type=\"section\" data-settings=\"{&quot;background_background&quot;:&quot;classic&quot;,&quot;animation&quot;:&quot;fadeIn&quot;}\">\n\t\t\t\t\t\t<div class=\"elementor-container elementor-column-gap-default\">\n\t\t\t\t\t<div class=\"elementor-column elementor-col-100 elementor-inner-column elementor-element elementor-element-884f35e\" data-id=\"884f35e\" data-element_type=\"column\" data-e-type=\"column\">\n\t\t\t<div class=\"elementor-widget-wrap elementor-element-populated\">\n\t\t\t\t\t\t<div class=\"elementor-element elementor-element-dc0788c elementor-widget elementor-widget-heading\" data-id=\"dc0788c\" data-element_type=\"widget\" data-e-type=\"widget\" data-widget_type=\"heading.default\">\n\t\t\t\t<div class=\"elementor-widget-container\">\n\t\t\t\t\t<h3 class=\"elementor-heading-title elementor-size-default\"><a href=\"https:\/\/www.portovenere.fr\/fr-fr\/carrelage-sol-et-mur-en-gres-cerame-et-faience\/carrelage-aspect-pierre\/carrelage-imitation-pierre-naturelle-rinca-stone\/\">RINCA STONE | 3 coloris &amp; 4 finitions<\/a><\/h3>\t\t\t\t<\/div>\n\t\t\t\t<\/div>\n\t\t\t\t<div class=\"elementor-element elementor-element-caffe93 elementor-widget__width-initial elementor-widget elementor-widget-gallery\" data-id=\"caffe93\" data-element_type=\"widget\" data-e-type=\"widget\" data-settings=\"{&quot;gap&quot;:{&quot;unit&quot;:&quot;px&quot;,&quot;size&quot;:3,&quot;sizes&quot;:[]},&quot;columns_mobile&quot;:3,&quot;gap_mobile&quot;:{&quot;unit&quot;:&quot;px&quot;,&quot;size&quot;:6,&quot;sizes&quot;:[]},&quot;columns&quot;:5,&quot;columns_tablet&quot;:3,&quot;gap_tablet&quot;:{&quot;unit&quot;:&quot;px&quot;,&quot;size&quot;:5,&quot;sizes&quot;:[]},&quot;lazyload&quot;:&quot;yes&quot;,&quot;gallery_layout&quot;:&quot;grid&quot;,&quot;aspect_ratio&quot;:&quot;3:2&quot;,&quot;overlay_background&quot;:&quot;yes&quot;,&quot;content_hover_animation&quot;:&quot;fade-in&quot;}\" data-widget_type=\"gallery.default\">\n\t\t\t\t<div class=\"elementor-widget-container\">\n\t\t\t\t\t\t\t<div class=\"elementor-gallery__container\">\n\t\t\t\t\t\t\t<div class=\"e-gallery-item elementor-gallery-item elementor-animated-content\">\n\t\t\t\t\t<div class=\"e-gallery-image elementor-gallery-item__image\" data-thumbnail=\"https:\/\/www.portovenere.fr\/fr-fr\/wp-content\/uploads\/2025\/03\/Carrelage-sol-mur-imitation-pierre-naturelle-italienne-Rinca-Stone-beige-Cross-Cut-interieur-exterieur-magasin-Porto-Venere-pres-de-Montferrier-sur-Lez-34-150x150.jpg\" data-width=\"150\" data-height=\"150\" aria-label=\"Carrelage mural et sol Rinca stone pour int\u00e9rieur et ext\u00e9rieur par Porto Venere\" role=\"img\" ><\/div>\n\t\t\t\t\t\t\t\t\t\t\t<div class=\"elementor-gallery-item__overlay\"><\/div>\n\t\t\t\t\t\t\t\t\t\t\t\t\t\t<\/div>\n\t\t\t\t\t\t\t<div class=\"e-gallery-item elementor-gallery-item elementor-animated-content\">\n\t\t\t\t\t<div class=\"e-gallery-image elementor-gallery-item__image\" data-thumbnail=\"https:\/\/www.portovenere.fr\/fr-fr\/wp-content\/uploads\/2025\/03\/Carrelage-sol-mur-imitation-pierre-naturelle-italienne-Rinca-Stone-light-grey-Cross-Cut-interieur-exterieur-magasin-Porto-Venere-pres-de-Meze-34-150x150.jpg\" data-width=\"150\" data-height=\"150\" aria-label=\"Carrelage mural et sol Rinca stone pour int\u00e9rieur et ext\u00e9rieur par Porto Venere\" role=\"img\" ><\/div>\n\t\t\t\t\t\t\t\t\t\t\t<div class=\"elementor-gallery-item__overlay\"><\/div>\n\t\t\t\t\t\t\t\t\t\t\t\t\t\t<\/div>\n\t\t\t\t\t\t\t<div class=\"e-gallery-item elementor-gallery-item elementor-animated-content\">\n\t\t\t\t\t<div class=\"e-gallery-image elementor-gallery-item__image\" data-thumbnail=\"https:\/\/www.portovenere.fr\/fr-fr\/wp-content\/uploads\/2025\/03\/Carrelage-sol-mur-imitation-pierre-naturelle-italienne-Rinca-Stone-white-Cross-Cut-interieur-exterieur-magasin-Porto-Venere-pres-de-Perols-34-150x150.jpg\" data-width=\"150\" data-height=\"150\" aria-label=\"\" role=\"img\" ><\/div>\n\t\t\t\t\t\t\t\t\t\t\t<div class=\"elementor-gallery-item__overlay\"><\/div>\n\t\t\t\t\t\t\t\t\t\t\t\t\t\t<\/div>\n\t\t\t\t\t\t\t<div class=\"e-gallery-item elementor-gallery-item elementor-animated-content\">\n\t\t\t\t\t<div class=\"e-gallery-image elementor-gallery-item__image\" data-thumbnail=\"https:\/\/www.portovenere.fr\/fr-fr\/wp-content\/uploads\/2025\/03\/Carrelage-sol-mur-imitation-pierre-naturelle-italienne-effet-relief-Rinca-Stone-White-decor-Tweed-60x120-cm-magasin-Porto-Venere-pres-de-Agde-34-150x150.jpg\" data-width=\"150\" data-height=\"150\" aria-label=\"carrelage mural et sol Rinca stone par Porto Venere\" role=\"img\" ><\/div>\n\t\t\t\t\t\t\t\t\t\t\t<div class=\"elementor-gallery-item__overlay\"><\/div>\n\t\t\t\t\t\t\t\t\t\t\t\t\t\t<\/div>\n\t\t\t\t\t\t\t<div class=\"e-gallery-item elementor-gallery-item elementor-animated-content\">\n\t\t\t\t\t<div class=\"e-gallery-image elementor-gallery-item__image\" data-thumbnail=\"https:\/\/www.portovenere.fr\/fr-fr\/wp-content\/uploads\/2025\/03\/Carrelage-sol-mur-imitation-pierre-naturelle-italienne-effet-relief-Rinca-Stone-gris-clair-decor-Tweed-60x120-cm-magasin-Porto-Venere-pres-de-La-Grande-Motte-34-150x150.jpg\" data-width=\"150\" data-height=\"150\" aria-label=\"carrelage mural et sol Rinca stone par Porto Venere\" role=\"img\" ><\/div>\n\t\t\t\t\t\t\t\t\t\t\t<div class=\"elementor-gallery-item__overlay\"><\/div>\n\t\t\t\t\t\t\t\t\t\t\t\t\t\t<\/div>\n\t\t\t\t\t\t\t<div class=\"e-gallery-item elementor-gallery-item elementor-animated-content\">\n\t\t\t\t\t<div class=\"e-gallery-image elementor-gallery-item__image\" data-thumbnail=\"https:\/\/www.portovenere.fr\/fr-fr\/wp-content\/uploads\/2025\/03\/Carrelage-sol-mur-imitation-pierre-naturelle-italienne-effet-relief-Rinca-Stone-beige-decor-Tweed-60x120-cm-magasin-Porto-Venere-pres-de-Saint-Clement-de-Riviere-34-150x150.jpg\" data-width=\"150\" data-height=\"150\" aria-label=\"carrelage mural et sol Rinca stone par Porto Venere\" role=\"img\" ><\/div>\n\t\t\t\t\t\t\t\t\t\t\t<div class=\"elementor-gallery-item__overlay\"><\/div>\n\t\t\t\t\t\t\t\t\t\t\t\t\t\t<\/div>\n\t\t\t\t\t\t\t<div class=\"e-gallery-item elementor-gallery-item elementor-animated-content\">\n\t\t\t\t\t<div class=\"e-gallery-image elementor-gallery-item__image\" data-thumbnail=\"https:\/\/www.portovenere.fr\/fr-fr\/wp-content\/uploads\/2025\/03\/Carrelage-sol-mur-imitation-pierre-naturelle-italienne-Rinca-Stone-Light-Grey-Vein-Cut-interieur-exterieur-magasin-Porto-Venere-pres-de-Quissac-30-150x150.jpg\" data-width=\"150\" data-height=\"150\" aria-label=\"Carrelage mural et sol Rinca stone pour int\u00e9rieur et ext\u00e9rieur par Porto Venere\" role=\"img\" ><\/div>\n\t\t\t\t\t\t\t\t\t\t\t<div class=\"elementor-gallery-item__overlay\"><\/div>\n\t\t\t\t\t\t\t\t\t\t\t\t\t\t<\/div>\n\t\t\t\t\t\t\t<div class=\"e-gallery-item elementor-gallery-item elementor-animated-content\">\n\t\t\t\t\t<div class=\"e-gallery-image elementor-gallery-item__image\" data-thumbnail=\"https:\/\/www.portovenere.fr\/fr-fr\/wp-content\/uploads\/2025\/03\/Carrelage-sol-mur-imitation-pierre-naturelle-italienne-Rinca-Stone-White-Vein-Cut-interieur-exterieur-magasin-Porto-Venere-pres-de-Restinclieres-34-150x150.jpg\" data-width=\"150\" data-height=\"150\" aria-label=\"Carrelage mural et sol Rinca stone pour int\u00e9rieur et ext\u00e9rieur par Porto Venere\" role=\"img\" ><\/div>\n\t\t\t\t\t\t\t\t\t\t\t<div class=\"elementor-gallery-item__overlay\"><\/div>\n\t\t\t\t\t\t\t\t\t\t\t\t\t\t<\/div>\n\t\t\t\t\t\t\t<div class=\"e-gallery-item elementor-gallery-item elementor-animated-content\">\n\t\t\t\t\t<div class=\"e-gallery-image elementor-gallery-item__image\" data-thumbnail=\"https:\/\/www.portovenere.fr\/fr-fr\/wp-content\/uploads\/2025\/03\/Carrelage-sol-mur-imitation-pierre-naturelle-italienne-Rinca-Stone-beige-Vein-Cut-interieur-exterieur-magasin-Porto-Venere-pres-de-Palavas-34-150x150.jpg\" data-width=\"150\" data-height=\"150\" aria-label=\"Carrelage mural et sol Rinca stone pour int\u00e9rieur et ext\u00e9rieur par Porto Venere\" role=\"img\" ><\/div>\n\t\t\t\t\t\t\t\t\t\t\t<div class=\"elementor-gallery-item__overlay\"><\/div>\n\t\t\t\t\t\t\t\t\t\t\t\t\t\t<\/div>\n\t\t\t\t\t\t\t<div class=\"e-gallery-item elementor-gallery-item elementor-animated-content\">\n\t\t\t\t\t<div class=\"e-gallery-image elementor-gallery-item__image\" data-thumbnail=\"https:\/\/www.portovenere.fr\/fr-fr\/wp-content\/uploads\/2025\/03\/Carrelage-imitation-pierre-naturelle-italienne-Rinca-Stone-beige-decor-Blocks-60x120-cm-magasin-Porto-Venere-a-Montpellier-34-150x150.jpg\" data-width=\"150\" data-height=\"150\" aria-label=\"carrelage mural et sol Rinca stone par Porto Venere\" role=\"img\" ><\/div>\n\t\t\t\t\t\t\t\t\t\t\t<div class=\"elementor-gallery-item__overlay\"><\/div>\n\t\t\t\t\t\t\t\t\t\t\t\t\t\t<\/div>\n\t\t\t\t\t\t\t<div class=\"e-gallery-item elementor-gallery-item elementor-animated-content\">\n\t\t\t\t\t<div class=\"e-gallery-image elementor-gallery-item__image\" data-thumbnail=\"https:\/\/www.portovenere.fr\/fr-fr\/wp-content\/uploads\/2025\/03\/Carrelage-imitation-pierre-naturelle-italienne-Rinca-Stone-White-decor-Blocks-60x120-cm-magasin-Porto-Venere-pres-de-Mauguio-34-150x150.jpg\" data-width=\"150\" data-height=\"150\" aria-label=\"carrelage mural et sol Rinca stone par Porto Venere\" role=\"img\" ><\/div>\n\t\t\t\t\t\t\t\t\t\t\t<div class=\"elementor-gallery-item__overlay\"><\/div>\n\t\t\t\t\t\t\t\t\t\t\t\t\t\t<\/div>\n\t\t\t\t\t\t\t<div class=\"e-gallery-item elementor-gallery-item elementor-animated-content\">\n\t\t\t\t\t<div class=\"e-gallery-image elementor-gallery-item__image\" data-thumbnail=\"https:\/\/www.portovenere.fr\/fr-fr\/wp-content\/uploads\/2025\/03\/Carrelage-sol-mur-imitation-pierre-naturelle-italienne-Rinca-Stone-Light-Grey-decor-Blocks-60x120-cm-magasin-Porto-Venere-pres-de-Saint-Clement-de-Riviere-34-150x150.jpg\" data-width=\"150\" data-height=\"150\" aria-label=\"carrelage mural et sol Rinca stone par Porto Venere\" role=\"img\" ><\/div>\n\t\t\t\t\t\t\t\t\t\t\t<div class=\"elementor-gallery-item__overlay\"><\/div>\n\t\t\t\t\t\t\t\t\t\t\t\t\t\t<\/div>\n\t\t\t\t\t\t\t<div class=\"e-gallery-item elementor-gallery-item elementor-animated-content\">\n\t\t\t\t\t<div class=\"e-gallery-image elementor-gallery-item__image\" data-thumbnail=\"https:\/\/www.portovenere.fr\/fr-fr\/wp-content\/uploads\/2025\/03\/Mosaique-beige-30x30-cm-petits-carreaux-ceramique-collection-effet-pierre-RINCA-STONE-Cross-Cut-salle-de-bain-cuisine-piscine-pres-de-Lattes-34.jpg\" data-width=\"144\" data-height=\"144\" aria-label=\"Mosaique et carrelage mural et sol Rinca stone par Porto Venere\" role=\"img\" ><\/div>\n\t\t\t\t\t\t\t\t\t\t\t<div class=\"elementor-gallery-item__overlay\"><\/div>\n\t\t\t\t\t\t\t\t\t\t\t\t\t\t<\/div>\n\t\t\t\t\t\t\t<div class=\"e-gallery-item elementor-gallery-item elementor-animated-content\">\n\t\t\t\t\t<div class=\"e-gallery-image elementor-gallery-item__image\" data-thumbnail=\"https:\/\/www.portovenere.fr\/fr-fr\/wp-content\/uploads\/2025\/03\/Mosaique-hexagonale-ceramique-collection-effet-pierre-RINCA-STONE-light-grey-salle-de-bain-cuisine-piscine-pres-de-Juvignac-34.jpg\" data-width=\"144\" data-height=\"144\" aria-label=\"Mosaique et carrelage mural et sol Rinca stone par Porto Venere\" role=\"img\" ><\/div>\n\t\t\t\t\t\t\t\t\t\t\t<div class=\"elementor-gallery-item__overlay\"><\/div>\n\t\t\t\t\t\t\t\t\t\t\t\t\t\t<\/div>\n\t\t\t\t\t<\/div>\n\t\t\t\t\t<\/div>\n\t\t\t\t<\/div>\n\t\t\t\t<div class=\"elementor-element elementor-element-5dabbe9 elementor-widget elementor-widget-text-editor\" data-id=\"5dabbe9\" data-element_type=\"widget\" data-e-type=\"widget\" data-widget_type=\"text-editor.default\">\n\t\t\t\t<div class=\"elementor-widget-container\">\n\t\t\t\t\t\t\t\t\t<p data-sourcepos=\"5:1-5:46\">Le carrelage pierre<b> int\u00e9rieur et ext\u00e9rieur RINCA STONE<\/b>&nbsp;reprend l&rsquo;effet de la pierre naturelle \u00e0 travers<b>&nbsp;3 coloris : White, Beige et Light Grey.<\/b><\/p>\n<p data-sourcepos=\"5:1-5:46\"><span style=\"color: var( --e-global-color-text ); text-align: start;\">Ce carrelage gr\u00e8s c\u00e9rame est d\u00e9clin\u00e9 en deux identit\u00e9s visuelles : <b>VEIN CUT<\/b> (vagues lin\u00e9aires) et <b>CROSS CUT <\/b>(vagues arrondies), dans des<b> finitions naturelles Silktech<\/b> et <b>antid\u00e9rapantes Silktech Plus pour l&rsquo;ext\u00e9rieur.<\/b><\/span><\/p>\n<p data-sourcepos=\"5:1-5:46\"><span style=\"color: var( --e-global-color-text ); text-align: start;\">Les <b>2 d\u00e9cors pour murs et sols<\/b>&nbsp;BLOCKS et TWEED, ainsi que des mosa\u00efques &#8211; 5&#215;5 cm et hexagonale &#8211; compl\u00e8tent cette collection parfaitement adapt\u00e9e pour votre projet de construction ou r\u00e9novation.&nbsp;<\/span><\/p>\n<p style=\"text-align: start;\" data-sourcepos=\"5:1-5:46\"><span style=\"color: #2d2d2d;\">Plusieurs formats propos\u00e9s pour cette collection de carrelage imitation pierre naturelle de qualit\u00e9 : <b>120&#215;120 cm, 90x180cm, 60&#215;120 cm, 60&#215;60 cm et 30x60cm.<\/b><\/span><\/p>\t\t\t\t\t\t\t\t<\/div>\n\t\t\t\t<\/div>\n\t\t\t\t<div class=\"elementor-element elementor-element-b631044 elementor-mobile-align-center elementor-widget elementor-widget-button\" data-id=\"b631044\" data-element_type=\"widget\" data-e-type=\"widget\" data-widget_type=\"button.default\">\n\t\t\t\t<div class=\"elementor-widget-container\">\n\t\t\t\t\t\t\t\t\t<div class=\"elementor-button-wrapper\">\n\t\t\t\t\t<a class=\"elementor-button elementor-button-link elementor-size-sm\" href=\"https:\/\/www.portovenere.fr\/fr-fr\/carrelage-sol-et-mur-en-gres-cerame-et-faience\/carrelage-aspect-pierre\/carrelage-imitation-pierre-naturelle-rinca-stone\/\">\n\t\t\t\t\t\t<span class=\"elementor-button-content-wrapper\">\n\t\t\t\t\t\t\t\t\t<span class=\"elementor-button-text\">VOIR LA COLLECTION<\/span>\n\t\t\t\t\t<\/span>\n\t\t\t\t\t<\/a>\n\t\t\t\t<\/div>\n\t\t\t\t\t\t\t\t<\/div>\n\t\t\t\t<\/div>\n\t\t\t\t\t<\/div>\n\t\t<\/div>\n\t\t\t\t\t<\/div>\n\t\t<\/section>\n\t\t\t\t\t<\/div>\n\t\t<\/div>\n\t\t\t\t<div class=\"elementor-column elementor-col-33 elementor-top-column elementor-element elementor-element-352daf4 elementor-invisible\" data-id=\"352daf4\" data-element_type=\"column\" data-e-type=\"column\" data-settings=\"{&quot;animation&quot;:&quot;fadeIn&quot;,&quot;background_background&quot;:&quot;classic&quot;}\">\n\t\t\t<div class=\"elementor-widget-wrap elementor-element-populated\">\n\t\t\t\t\t\t<div class=\"elementor-element elementor-element-10e39e1 elementor-widget elementor-widget-image\" data-id=\"10e39e1\" data-element_type=\"widget\" data-e-type=\"widget\" data-widget_type=\"image.default\">\n\t\t\t\t<div class=\"elementor-widget-container\">\n\t\t\t\t\t\t\t\t\t\t\t\t\t\t\t\t<a href=\"https:\/\/www.portovenere.fr\/fr-fr\/carrelage-sol-et-mur-en-gres-cerame-et-faience\/carrelage-extra-fin-special-renovation\/carrelage-grand-format-fine-epaisseur-coloris-sable-and\/\">\n\t\t\t\t\t\t\t<img decoding=\"async\" src=\"https:\/\/www.portovenere.fr\/fr-fr\/wp-content\/uploads\/elementor\/thumbs\/Ananda-Blanco-Non-Slip-r8iebc24prs170nzqxgz39thg11gjcigd467mg5na0.jpg\" title=\"Carrelage-fine-\u00e9paisseur-couleur-beige-sable-And-grand-format-int\u00e9rieur-ext\u00e9rieur\" alt=\"Carrelage fine \u00e9paisseur couleur beige sable And grand format int\u00e9rieur ext\u00e9rieur\" loading=\"lazy\" \/>\t\t\t\t\t\t\t\t<\/a>\n\t\t\t\t\t\t\t\t\t\t\t\t\t\t\t<\/div>\n\t\t\t\t<\/div>\n\t\t\t\t<div class=\"elementor-element elementor-element-8b50535 elementor-widget elementor-widget-heading\" data-id=\"8b50535\" data-element_type=\"widget\" data-e-type=\"widget\" data-widget_type=\"heading.default\">\n\t\t\t\t<div class=\"elementor-widget-container\">\n\t\t\t\t\t<h3 class=\"elementor-heading-title elementor-size-default\"><a href=\"https:\/\/www.portovenere.fr\/fr-fr\/carrelage-sol-et-mur-en-gres-cerame-et-faience\/carrelage-extra-fin-special-renovation\/carrelage-grand-format-fine-epaisseur-coloris-sable-and\/\">AND 6mm | 1 coloris <\/a><\/h3>\t\t\t\t<\/div>\n\t\t\t\t<\/div>\n\t\t\t\t<div class=\"elementor-element elementor-element-66202bf elementor-widget__width-initial elementor-widget elementor-widget-gallery\" data-id=\"66202bf\" data-element_type=\"widget\" data-e-type=\"widget\" data-settings=\"{&quot;gap&quot;:{&quot;unit&quot;:&quot;px&quot;,&quot;size&quot;:3,&quot;sizes&quot;:[]},&quot;columns_mobile&quot;:3,&quot;gap_mobile&quot;:{&quot;unit&quot;:&quot;px&quot;,&quot;size&quot;:6,&quot;sizes&quot;:[]},&quot;columns&quot;:5,&quot;columns_tablet&quot;:3,&quot;gap_tablet&quot;:{&quot;unit&quot;:&quot;px&quot;,&quot;size&quot;:5,&quot;sizes&quot;:[]},&quot;lazyload&quot;:&quot;yes&quot;,&quot;gallery_layout&quot;:&quot;grid&quot;,&quot;aspect_ratio&quot;:&quot;3:2&quot;,&quot;overlay_background&quot;:&quot;yes&quot;,&quot;content_hover_animation&quot;:&quot;fade-in&quot;}\" data-widget_type=\"gallery.default\">\n\t\t\t\t<div class=\"elementor-widget-container\">\n\t\t\t\t\t\t\t<div class=\"elementor-gallery__container\">\n\t\t\t\t\t\t\t<div class=\"e-gallery-item elementor-gallery-item elementor-animated-content\">\n\t\t\t\t\t<div class=\"e-gallery-image elementor-gallery-item__image\" data-thumbnail=\"https:\/\/www.portovenere.fr\/fr-fr\/wp-content\/uploads\/2021\/12\/coloris-1-150x150.jpg\" data-width=\"150\" data-height=\"150\" aria-label=\"\" role=\"img\" ><\/div>\n\t\t\t\t\t\t\t\t\t\t\t<div class=\"elementor-gallery-item__overlay\"><\/div>\n\t\t\t\t\t\t\t\t\t\t\t\t\t\t<\/div>\n\t\t\t\t\t<\/div>\n\t\t\t\t\t<\/div>\n\t\t\t\t<\/div>\n\t\t\t\t<div class=\"elementor-element elementor-element-7582913 elementor-widget elementor-widget-text-editor\" data-id=\"7582913\" data-element_type=\"widget\" data-e-type=\"widget\" data-widget_type=\"text-editor.default\">\n\t\t\t\t<div class=\"elementor-widget-container\">\n\t\t\t\t\t\t\t\t\t<p style=\"margin-top: 0cm; text-align: justify; background-image: initial; background-position: initial; background-size: initial; background-repeat: initial; background-attachment: initial; background-origin: initial; background-clip: initial;\"><span style=\"font-family: Raleway; color: rgb(45, 45, 45);\">Carrelage&nbsp;fine \u00e9paisseur, disponible dans des grands formats&nbsp;pour int\u00e9rieur et ext\u00e9rieur.&nbsp;<\/span><span style=\"color: rgb(45, 45, 45); font-family: Raleway;\">And&nbsp;est une collection id\u00e9ale pour\nun&nbsp;projet de nouvelle&nbsp;construction&nbsp;ou&nbsp;projet\nde&nbsp;r\u00e9novation&nbsp;de<\/span><span style=\"color: rgb(45, 45, 45); font-family: Raleway;\">&nbsp;sol ou mur.<\/span><br><\/p><p style=\"margin-top: 0cm; text-align: justify; background-image: initial; background-position: initial; background-size: initial; background-repeat: initial; background-attachment: initial; background-origin: initial; background-clip: initial;\"><span style=\"color: rgb(45, 45, 45); font-family: Raleway;\">Son coloris beige sable apporte une nuance chaude, comparable \u00e0 un d\u00e9sert pour r\u00e9chauffer votre espace.<\/span><\/p>\t\t\t\t\t\t\t\t<\/div>\n\t\t\t\t<\/div>\n\t\t\t\t<div class=\"elementor-element elementor-element-608854e elementor-mobile-align-center elementor-widget elementor-widget-button\" data-id=\"608854e\" data-element_type=\"widget\" data-e-type=\"widget\" data-widget_type=\"button.default\">\n\t\t\t\t<div class=\"elementor-widget-container\">\n\t\t\t\t\t\t\t\t\t<div class=\"elementor-button-wrapper\">\n\t\t\t\t\t<a class=\"elementor-button elementor-button-link elementor-size-sm\" href=\"https:\/\/www.portovenere.fr\/fr-fr\/carrelage-sol-et-mur-en-gres-cerame-et-faience\/carrelage-extra-fin-special-renovation\/carrelage-grand-format-fine-epaisseur-coloris-sable-and\/\">\n\t\t\t\t\t\t<span class=\"elementor-button-content-wrapper\">\n\t\t\t\t\t\t\t\t\t<span class=\"elementor-button-text\">Voir la collection<\/span>\n\t\t\t\t\t<\/span>\n\t\t\t\t\t<\/a>\n\t\t\t\t<\/div>\n\t\t\t\t\t\t\t\t<\/div>\n\t\t\t\t<\/div>\n\t\t\t\t\t<\/div>\n\t\t<\/div>\n\t\t\t\t<div class=\"elementor-column elementor-col-33 elementor-top-column elementor-element elementor-element-c9c1c63\" data-id=\"c9c1c63\" data-element_type=\"column\" data-e-type=\"column\" data-settings=\"{&quot;background_background&quot;:&quot;classic&quot;}\">\n\t\t\t<div class=\"elementor-widget-wrap elementor-element-populated\">\n\t\t\t\t\t\t<div class=\"elementor-element elementor-element-145ae945 elementor-widget elementor-widget-image\" data-id=\"145ae945\" data-element_type=\"widget\" data-e-type=\"widget\" data-widget_type=\"image.default\">\n\t\t\t\t<div class=\"elementor-widget-container\">\n\t\t\t\t\t\t\t\t\t\t\t\t\t\t\t\t<a href=\"https:\/\/www.portovenere.fr\/fr-fr\/carrelage-sol-et-mur-en-gres-cerame-et-faience\/carrelage-contemporain-et-design\/carrelage-contemporain-aspect-beton-factory\/\">\n\t\t\t\t\t\t\t<img loading=\"lazy\" decoding=\"async\" width=\"800\" height=\"534\" src=\"https:\/\/www.portovenere.fr\/fr-fr\/wp-content\/uploads\/2019\/08\/Factory-Used-Grey-60x120-sol-et-mur-et-Module-listello-sfalsato-21x40-mur-1-1024x683.jpg\" class=\"attachment-large size-large wp-image-12636\" alt=\"\" srcset=\"https:\/\/www.portovenere.fr\/fr-fr\/wp-content\/uploads\/2019\/08\/Factory-Used-Grey-60x120-sol-et-mur-et-Module-listello-sfalsato-21x40-mur-1-1024x683.jpg 1024w, https:\/\/www.portovenere.fr\/fr-fr\/wp-content\/uploads\/2019\/08\/Factory-Used-Grey-60x120-sol-et-mur-et-Module-listello-sfalsato-21x40-mur-1-300x200.jpg 300w, https:\/\/www.portovenere.fr\/fr-fr\/wp-content\/uploads\/2019\/08\/Factory-Used-Grey-60x120-sol-et-mur-et-Module-listello-sfalsato-21x40-mur-1-768x512.jpg 768w, https:\/\/www.portovenere.fr\/fr-fr\/wp-content\/uploads\/2019\/08\/Factory-Used-Grey-60x120-sol-et-mur-et-Module-listello-sfalsato-21x40-mur-1.jpg 1500w\" sizes=\"(max-width: 800px) 100vw, 800px\" \/>\t\t\t\t\t\t\t\t<\/a>\n\t\t\t\t\t\t\t\t\t\t\t\t\t\t\t<\/div>\n\t\t\t\t<\/div>\n\t\t\t\t<div class=\"elementor-element elementor-element-2deaa2d6 elementor-widget elementor-widget-heading\" data-id=\"2deaa2d6\" data-element_type=\"widget\" data-e-type=\"widget\" data-widget_type=\"heading.default\">\n\t\t\t\t<div class=\"elementor-widget-container\">\n\t\t\t\t\t<h3 class=\"elementor-heading-title elementor-size-default\"><a href=\"https:\/\/www.portovenere.fr\/fr-fr\/carrelage-sol-et-mur-en-gres-cerame-et-faience\/carrelage-contemporain-et-design\/carrelage-contemporain-aspect-beton-factory\/\"><span style=\"font-size: 35px;font-weight: 500;letter-spacing: 0.2px;text-align: start;background-color: transparent\">FACTORY | 6 coloris<\/span><\/a><\/h3>\t\t\t\t<\/div>\n\t\t\t\t<\/div>\n\t\t\t\t<div class=\"elementor-element elementor-element-d2322a7 elementor-widget__width-initial elementor-widget elementor-widget-gallery\" data-id=\"d2322a7\" data-element_type=\"widget\" data-e-type=\"widget\" data-settings=\"{&quot;gap&quot;:{&quot;unit&quot;:&quot;px&quot;,&quot;size&quot;:3,&quot;sizes&quot;:[]},&quot;columns_mobile&quot;:3,&quot;gap_mobile&quot;:{&quot;unit&quot;:&quot;px&quot;,&quot;size&quot;:6,&quot;sizes&quot;:[]},&quot;columns&quot;:5,&quot;columns_tablet&quot;:3,&quot;gap_tablet&quot;:{&quot;unit&quot;:&quot;px&quot;,&quot;size&quot;:5,&quot;sizes&quot;:[]},&quot;lazyload&quot;:&quot;yes&quot;,&quot;gallery_layout&quot;:&quot;grid&quot;,&quot;aspect_ratio&quot;:&quot;3:2&quot;,&quot;overlay_background&quot;:&quot;yes&quot;,&quot;content_hover_animation&quot;:&quot;fade-in&quot;}\" data-widget_type=\"gallery.default\">\n\t\t\t\t<div class=\"elementor-widget-container\">\n\t\t\t\t\t\t\t<div class=\"elementor-gallery__container\">\n\t\t\t\t\t\t\t<div class=\"e-gallery-item elementor-gallery-item elementor-animated-content\">\n\t\t\t\t\t<div class=\"e-gallery-image elementor-gallery-item__image\" data-thumbnail=\"https:\/\/www.portovenere.fr\/fr-fr\/wp-content\/uploads\/2019\/08\/Factory-worn-sand-150x150.jpg\" data-width=\"150\" data-height=\"150\" aria-label=\"\" role=\"img\" ><\/div>\n\t\t\t\t\t\t\t\t\t\t\t<div class=\"elementor-gallery-item__overlay\"><\/div>\n\t\t\t\t\t\t\t\t\t\t\t\t\t\t<\/div>\n\t\t\t\t\t\t\t<div class=\"e-gallery-item elementor-gallery-item elementor-animated-content\">\n\t\t\t\t\t<div class=\"e-gallery-image elementor-gallery-item__image\" data-thumbnail=\"https:\/\/www.portovenere.fr\/fr-fr\/wp-content\/uploads\/2019\/08\/Factory-Worked-Charcoal-150x150.jpg\" data-width=\"150\" data-height=\"150\" aria-label=\"\" role=\"img\" ><\/div>\n\t\t\t\t\t\t\t\t\t\t\t<div class=\"elementor-gallery-item__overlay\"><\/div>\n\t\t\t\t\t\t\t\t\t\t\t\t\t\t<\/div>\n\t\t\t\t\t\t\t<div class=\"e-gallery-item elementor-gallery-item elementor-animated-content\">\n\t\t\t\t\t<div class=\"e-gallery-image elementor-gallery-item__image\" data-thumbnail=\"https:\/\/www.portovenere.fr\/fr-fr\/wp-content\/uploads\/2019\/08\/Factory-white-aged-150x150.jpg\" data-width=\"150\" data-height=\"150\" aria-label=\"\" role=\"img\" ><\/div>\n\t\t\t\t\t\t\t\t\t\t\t<div class=\"elementor-gallery-item__overlay\"><\/div>\n\t\t\t\t\t\t\t\t\t\t\t\t\t\t<\/div>\n\t\t\t\t\t\t\t<div class=\"e-gallery-item elementor-gallery-item elementor-animated-content\">\n\t\t\t\t\t<div class=\"e-gallery-image elementor-gallery-item__image\" data-thumbnail=\"https:\/\/www.portovenere.fr\/fr-fr\/wp-content\/uploads\/2019\/08\/Factory-Used-grey-150x150.jpg\" data-width=\"150\" data-height=\"150\" aria-label=\"\" role=\"img\" ><\/div>\n\t\t\t\t\t\t\t\t\t\t\t<div class=\"elementor-gallery-item__overlay\"><\/div>\n\t\t\t\t\t\t\t\t\t\t\t\t\t\t<\/div>\n\t\t\t\t\t\t\t<div class=\"e-gallery-item elementor-gallery-item elementor-animated-content\">\n\t\t\t\t\t<div class=\"e-gallery-image elementor-gallery-item__image\" data-thumbnail=\"https:\/\/www.portovenere.fr\/fr-fr\/wp-content\/uploads\/2019\/08\/Factory-Vintage-taupe-150x150.jpg\" data-width=\"150\" data-height=\"150\" aria-label=\"\" role=\"img\" ><\/div>\n\t\t\t\t\t\t\t\t\t\t\t<div class=\"elementor-gallery-item__overlay\"><\/div>\n\t\t\t\t\t\t\t\t\t\t\t\t\t\t<\/div>\n\t\t\t\t\t\t\t<div class=\"e-gallery-item elementor-gallery-item elementor-animated-content\">\n\t\t\t\t\t<div class=\"e-gallery-image elementor-gallery-item__image\" data-thumbnail=\"https:\/\/www.portovenere.fr\/fr-fr\/wp-content\/uploads\/2019\/08\/Factory-Crafed-graphite-150x150.jpg\" data-width=\"150\" data-height=\"150\" aria-label=\"\" role=\"img\" ><\/div>\n\t\t\t\t\t\t\t\t\t\t\t<div class=\"elementor-gallery-item__overlay\"><\/div>\n\t\t\t\t\t\t\t\t\t\t\t\t\t\t<\/div>\n\t\t\t\t\t<\/div>\n\t\t\t\t\t<\/div>\n\t\t\t\t<\/div>\n\t\t\t\t<div class=\"elementor-element elementor-element-4dc77fb elementor-widget elementor-widget-text-editor\" data-id=\"4dc77fb\" data-element_type=\"widget\" data-e-type=\"widget\" data-widget_type=\"text-editor.default\">\n\t\t\t\t<div class=\"elementor-widget-container\">\n\t\t\t\t\t\t\t\t\t<p>Carrelage de sol et mur en gr\u00e8s c\u00e9rame aspect b\u00e9ton pour int\u00e9rieur et ext\u00e9rieur. La collection propose deux familles de formats (60&#215;120\u00a0cm et 80&#215;80\u00a0cm), avec leurs sous-formats modulaires respectifs. Les d\u00e9grad\u00e9s du b\u00e9ton se d\u00e9clinent en 6 tonalit\u00e9s neutres allant du blanc au noir charbon, en passant par les gris et les beiges.<\/p>\t\t\t\t\t\t\t\t<\/div>\n\t\t\t\t<\/div>\n\t\t\t\t<div class=\"elementor-element elementor-element-8e44d17 elementor-mobile-align-center elementor-align-left elementor-widget elementor-widget-button\" data-id=\"8e44d17\" data-element_type=\"widget\" data-e-type=\"widget\" data-widget_type=\"button.default\">\n\t\t\t\t<div class=\"elementor-widget-container\">\n\t\t\t\t\t\t\t\t\t<div class=\"elementor-button-wrapper\">\n\t\t\t\t\t<a class=\"elementor-button elementor-button-link elementor-size-sm\" href=\"https:\/\/www.portovenere.fr\/fr-fr\/carrelage-sol-et-mur-en-gres-cerame-et-faience\/carrelage-contemporain-et-design\/carrelage-contemporain-aspect-beton-factory\/\">\n\t\t\t\t\t\t<span class=\"elementor-button-content-wrapper\">\n\t\t\t\t\t\t\t\t\t<span class=\"elementor-button-text\">Voir la collection<\/span>\n\t\t\t\t\t<\/span>\n\t\t\t\t\t<\/a>\n\t\t\t\t<\/div>\n\t\t\t\t\t\t\t\t<\/div>\n\t\t\t\t<\/div>\n\t\t\t\t\t<\/div>\n\t\t<\/div>\n\t\t\t\t\t<\/div>\n\t\t<\/section>\n\t\t\t\t<section class=\"elementor-section elementor-top-section elementor-element elementor-element-3dc35f06 elementor-section-full_width elementor-section-height-default elementor-section-height-default elementor-invisible\" data-id=\"3dc35f06\" data-element_type=\"section\" data-e-type=\"section\" data-settings=\"{&quot;background_background&quot;:&quot;classic&quot;,&quot;animation&quot;:&quot;fadeIn&quot;}\">\n\t\t\t\t\t\t<div class=\"elementor-container elementor-column-gap-default\">\n\t\t\t\t\t<div class=\"elementor-column elementor-col-33 elementor-top-column elementor-element elementor-element-868a73a elementor-invisible\" data-id=\"868a73a\" data-element_type=\"column\" data-e-type=\"column\" data-settings=\"{&quot;animation&quot;:&quot;fadeIn&quot;,&quot;background_background&quot;:&quot;classic&quot;}\">\n\t\t\t<div class=\"elementor-widget-wrap elementor-element-populated\">\n\t\t\t\t\t\t<div class=\"elementor-element elementor-element-1a2fbe0 elementor-widget elementor-widget-image\" data-id=\"1a2fbe0\" data-element_type=\"widget\" data-e-type=\"widget\" data-widget_type=\"image.default\">\n\t\t\t\t<div class=\"elementor-widget-container\">\n\t\t\t\t\t\t\t\t\t\t\t\t\t\t\t\t<a href=\"https:\/\/www.portovenere.fr\/fr-fr\/carrelage-sol-et-mur-en-gres-cerame-et-faience\/carrelage-imitation-parquet-aspect-bois\/carrelage-effet-plancher-en-bois-planchers\/\">\n\t\t\t\t\t\t\t<img loading=\"lazy\" decoding=\"async\" width=\"768\" height=\"512\" src=\"https:\/\/www.portovenere.fr\/fr-fr\/wp-content\/uploads\/2019\/10\/Carrelage-ext\u00e9rieur-int\u00e9rieur-imitation-parquet-bois-Planchers-Chocolat-20x120-1-768x512.jpg\" class=\"attachment-medium_large size-medium_large wp-image-16440\" alt=\"\" srcset=\"https:\/\/www.portovenere.fr\/fr-fr\/wp-content\/uploads\/2019\/10\/Carrelage-ext\u00e9rieur-int\u00e9rieur-imitation-parquet-bois-Planchers-Chocolat-20x120-1-768x512.jpg 768w, https:\/\/www.portovenere.fr\/fr-fr\/wp-content\/uploads\/2019\/10\/Carrelage-ext\u00e9rieur-int\u00e9rieur-imitation-parquet-bois-Planchers-Chocolat-20x120-1-300x200.jpg 300w, https:\/\/www.portovenere.fr\/fr-fr\/wp-content\/uploads\/2019\/10\/Carrelage-ext\u00e9rieur-int\u00e9rieur-imitation-parquet-bois-Planchers-Chocolat-20x120-1-1024x683.jpg 1024w, https:\/\/www.portovenere.fr\/fr-fr\/wp-content\/uploads\/2019\/10\/Carrelage-ext\u00e9rieur-int\u00e9rieur-imitation-parquet-bois-Planchers-Chocolat-20x120-1.jpg 1500w\" sizes=\"(max-width: 768px) 100vw, 768px\" \/>\t\t\t\t\t\t\t\t<\/a>\n\t\t\t\t\t\t\t\t\t\t\t\t\t\t\t<\/div>\n\t\t\t\t<\/div>\n\t\t\t\t<section class=\"elementor-section elementor-inner-section elementor-element elementor-element-1910410 elementor-section-boxed elementor-section-height-default elementor-section-height-default elementor-invisible\" data-id=\"1910410\" data-element_type=\"section\" data-e-type=\"section\" data-settings=\"{&quot;background_background&quot;:&quot;classic&quot;,&quot;animation&quot;:&quot;fadeIn&quot;}\">\n\t\t\t\t\t\t<div class=\"elementor-container elementor-column-gap-default\">\n\t\t\t\t\t<div class=\"elementor-column elementor-col-100 elementor-inner-column elementor-element elementor-element-df8c8bb\" data-id=\"df8c8bb\" data-element_type=\"column\" data-e-type=\"column\">\n\t\t\t<div class=\"elementor-widget-wrap elementor-element-populated\">\n\t\t\t\t\t\t<div class=\"elementor-element elementor-element-01367d8 elementor-widget elementor-widget-heading\" data-id=\"01367d8\" data-element_type=\"widget\" data-e-type=\"widget\" data-widget_type=\"heading.default\">\n\t\t\t\t<div class=\"elementor-widget-container\">\n\t\t\t\t\t<h3 class=\"elementor-heading-title elementor-size-default\"><a href=\"https:\/\/www.portovenere.fr\/fr-fr\/carrelage-sol-et-mur-en-gres-cerame-et-faience\/carrelage-imitation-parquet-aspect-bois\/carrelage-effet-plancher-en-bois-planchers\/\">PLANCHERS | 5 coloris<\/a><\/h3>\t\t\t\t<\/div>\n\t\t\t\t<\/div>\n\t\t\t\t<div class=\"elementor-element elementor-element-6e62f3a elementor-widget__width-initial elementor-widget elementor-widget-gallery\" data-id=\"6e62f3a\" data-element_type=\"widget\" data-e-type=\"widget\" data-settings=\"{&quot;gap&quot;:{&quot;unit&quot;:&quot;px&quot;,&quot;size&quot;:3,&quot;sizes&quot;:[]},&quot;columns_mobile&quot;:3,&quot;gap_mobile&quot;:{&quot;unit&quot;:&quot;px&quot;,&quot;size&quot;:6,&quot;sizes&quot;:[]},&quot;columns&quot;:5,&quot;columns_tablet&quot;:3,&quot;gap_tablet&quot;:{&quot;unit&quot;:&quot;px&quot;,&quot;size&quot;:5,&quot;sizes&quot;:[]},&quot;lazyload&quot;:&quot;yes&quot;,&quot;gallery_layout&quot;:&quot;grid&quot;,&quot;aspect_ratio&quot;:&quot;3:2&quot;,&quot;overlay_background&quot;:&quot;yes&quot;,&quot;content_hover_animation&quot;:&quot;fade-in&quot;}\" data-widget_type=\"gallery.default\">\n\t\t\t\t<div class=\"elementor-widget-container\">\n\t\t\t\t\t\t\t<div class=\"elementor-gallery__container\">\n\t\t\t\t\t\t\t<div class=\"e-gallery-item elementor-gallery-item elementor-animated-content\">\n\t\t\t\t\t<div class=\"e-gallery-image elementor-gallery-item__image\" data-thumbnail=\"https:\/\/www.portovenere.fr\/fr-fr\/wp-content\/uploads\/2019\/10\/Carrelage-effet-bois-Planchers-Perle-150x150.jpg\" data-width=\"150\" data-height=\"150\" aria-label=\"\" role=\"img\" ><\/div>\n\t\t\t\t\t\t\t\t\t\t\t<div class=\"elementor-gallery-item__overlay\"><\/div>\n\t\t\t\t\t\t\t\t\t\t\t\t\t\t<\/div>\n\t\t\t\t\t\t\t<div class=\"e-gallery-item elementor-gallery-item elementor-animated-content\">\n\t\t\t\t\t<div class=\"e-gallery-image elementor-gallery-item__image\" data-thumbnail=\"https:\/\/www.portovenere.fr\/fr-fr\/wp-content\/uploads\/2019\/10\/Carrelage-effet-bois-Planchers-Noisette-150x150.jpg\" data-width=\"150\" data-height=\"150\" aria-label=\"\" role=\"img\" ><\/div>\n\t\t\t\t\t\t\t\t\t\t\t<div class=\"elementor-gallery-item__overlay\"><\/div>\n\t\t\t\t\t\t\t\t\t\t\t\t\t\t<\/div>\n\t\t\t\t\t\t\t<div class=\"e-gallery-item elementor-gallery-item elementor-animated-content\">\n\t\t\t\t\t<div class=\"e-gallery-image elementor-gallery-item__image\" data-thumbnail=\"https:\/\/www.portovenere.fr\/fr-fr\/wp-content\/uploads\/2019\/10\/Carrelage-effet-bois-Planchers-Miel-150x150.jpg\" data-width=\"150\" data-height=\"150\" aria-label=\"\" role=\"img\" ><\/div>\n\t\t\t\t\t\t\t\t\t\t\t<div class=\"elementor-gallery-item__overlay\"><\/div>\n\t\t\t\t\t\t\t\t\t\t\t\t\t\t<\/div>\n\t\t\t\t\t\t\t<div class=\"e-gallery-item elementor-gallery-item elementor-animated-content\">\n\t\t\t\t\t<div class=\"e-gallery-image elementor-gallery-item__image\" data-thumbnail=\"https:\/\/www.portovenere.fr\/fr-fr\/wp-content\/uploads\/2019\/10\/Carrelage-effet-bois-Planchers-Choco-150x150.jpg\" data-width=\"150\" data-height=\"150\" aria-label=\"\" role=\"img\" ><\/div>\n\t\t\t\t\t\t\t\t\t\t\t<div class=\"elementor-gallery-item__overlay\"><\/div>\n\t\t\t\t\t\t\t\t\t\t\t\t\t\t<\/div>\n\t\t\t\t\t\t\t<div class=\"e-gallery-item elementor-gallery-item elementor-animated-content\">\n\t\t\t\t\t<div class=\"e-gallery-image elementor-gallery-item__image\" data-thumbnail=\"https:\/\/www.portovenere.fr\/fr-fr\/wp-content\/uploads\/2019\/10\/Carrelage-effet-bois-Planchers-Amande-150x150.jpg\" data-width=\"150\" data-height=\"150\" aria-label=\"\" role=\"img\" ><\/div>\n\t\t\t\t\t\t\t\t\t\t\t<div class=\"elementor-gallery-item__overlay\"><\/div>\n\t\t\t\t\t\t\t\t\t\t\t\t\t\t<\/div>\n\t\t\t\t\t<\/div>\n\t\t\t\t\t<\/div>\n\t\t\t\t<\/div>\n\t\t\t\t<div class=\"elementor-element elementor-element-f981453 elementor-widget elementor-widget-text-editor\" data-id=\"f981453\" data-element_type=\"widget\" data-e-type=\"widget\" data-widget_type=\"text-editor.default\">\n\t\t\t\t<div class=\"elementor-widget-container\">\n\t\t\t\t\t\t\t\t\t<p>Une collection de carrelage effet plancher en bois naturel et authentique. Disponible en 7 formats, cette collection est pr\u00e9vue pour une pose murale et au sol en int\u00e9rieur et ext\u00e9rieur gr\u00e2ce \u00e0 sa finition structur\u00e9e antid\u00e9rapante.<\/p><p>Les d\u00e9cors inspiration \u00ab\u00a0parquet Versailles\u00a0\u00bb en 80x80cm, offrent un style \u00e9l\u00e9gant qui traverse les \u00e9poque avec habilet\u00e9 et justesse.<\/p>\t\t\t\t\t\t\t\t<\/div>\n\t\t\t\t<\/div>\n\t\t\t\t<div class=\"elementor-element elementor-element-31f7455 elementor-mobile-align-center elementor-widget elementor-widget-button\" data-id=\"31f7455\" data-element_type=\"widget\" data-e-type=\"widget\" data-widget_type=\"button.default\">\n\t\t\t\t<div class=\"elementor-widget-container\">\n\t\t\t\t\t\t\t\t\t<div class=\"elementor-button-wrapper\">\n\t\t\t\t\t<a class=\"elementor-button elementor-button-link elementor-size-sm\" href=\"https:\/\/www.portovenere.fr\/fr-fr\/carrelage-sol-et-mur-en-gres-cerame-et-faience\/carrelage-imitation-parquet-aspect-bois\/carrelage-effet-plancher-en-bois-planchers\/\">\n\t\t\t\t\t\t<span class=\"elementor-button-content-wrapper\">\n\t\t\t\t\t\t\t\t\t<span class=\"elementor-button-text\">Voir la collection<\/span>\n\t\t\t\t\t<\/span>\n\t\t\t\t\t<\/a>\n\t\t\t\t<\/div>\n\t\t\t\t\t\t\t\t<\/div>\n\t\t\t\t<\/div>\n\t\t\t\t\t<\/div>\n\t\t<\/div>\n\t\t\t\t\t<\/div>\n\t\t<\/section>\n\t\t\t\t\t<\/div>\n\t\t<\/div>\n\t\t\t\t<div class=\"elementor-column elementor-col-33 elementor-top-column elementor-element elementor-element-1a30a438\" data-id=\"1a30a438\" data-element_type=\"column\" data-e-type=\"column\" data-settings=\"{&quot;background_background&quot;:&quot;classic&quot;}\">\n\t\t\t<div class=\"elementor-widget-wrap elementor-element-populated\">\n\t\t\t\t\t\t<div class=\"elementor-element elementor-element-66ec947a elementor-widget elementor-widget-image\" data-id=\"66ec947a\" data-element_type=\"widget\" data-e-type=\"widget\" data-widget_type=\"image.default\">\n\t\t\t\t<div class=\"elementor-widget-container\">\n\t\t\t\t\t\t\t\t\t\t\t\t\t\t\t\t<a href=\"https:\/\/www.portovenere.fr\/fr-fr\/carrelage-sol-et-mur-en-gres-cerame-et-faience\/carrelage-aspect-pierre\/carrelage-pierre-brute-tachee-contemporaine-carrieres\/\">\n\t\t\t\t\t\t\t<img loading=\"lazy\" decoding=\"async\" width=\"800\" height=\"534\" src=\"https:\/\/www.portovenere.fr\/fr-fr\/wp-content\/uploads\/2019\/09\/Terrasse_ext\u00e9rieure-Carrieres_Grey_-1024x683.jpg\" class=\"attachment-large size-large wp-image-13610\" alt=\"\" srcset=\"https:\/\/www.portovenere.fr\/fr-fr\/wp-content\/uploads\/2019\/09\/Terrasse_ext\u00e9rieure-Carrieres_Grey_-1024x683.jpg 1024w, https:\/\/www.portovenere.fr\/fr-fr\/wp-content\/uploads\/2019\/09\/Terrasse_ext\u00e9rieure-Carrieres_Grey_-300x200.jpg 300w, https:\/\/www.portovenere.fr\/fr-fr\/wp-content\/uploads\/2019\/09\/Terrasse_ext\u00e9rieure-Carrieres_Grey_-768x512.jpg 768w, https:\/\/www.portovenere.fr\/fr-fr\/wp-content\/uploads\/2019\/09\/Terrasse_ext\u00e9rieure-Carrieres_Grey_.jpg 1499w\" sizes=\"(max-width: 800px) 100vw, 800px\" \/>\t\t\t\t\t\t\t\t<\/a>\n\t\t\t\t\t\t\t\t\t\t\t\t\t\t\t<\/div>\n\t\t\t\t<\/div>\n\t\t\t\t<div class=\"elementor-element elementor-element-5296cf6 elementor-widget elementor-widget-heading\" data-id=\"5296cf6\" data-element_type=\"widget\" data-e-type=\"widget\" data-widget_type=\"heading.default\">\n\t\t\t\t<div class=\"elementor-widget-container\">\n\t\t\t\t\t<h3 class=\"elementor-heading-title elementor-size-default\"><a href=\"https:\/\/www.portovenere.fr\/fr-fr\/carrelage-sol-et-mur-en-gres-cerame-et-faience\/carrelage-aspect-pierre\/carrelage-pierre-brute-tachee-contemporaine-carrieres\/\">CARRI\u00c8RES | 4 coloris<\/a><\/h3>\t\t\t\t<\/div>\n\t\t\t\t<\/div>\n\t\t\t\t<div class=\"elementor-element elementor-element-786bb59 elementor-widget__width-initial elementor-widget elementor-widget-gallery\" data-id=\"786bb59\" data-element_type=\"widget\" data-e-type=\"widget\" data-settings=\"{&quot;gap&quot;:{&quot;unit&quot;:&quot;px&quot;,&quot;size&quot;:3,&quot;sizes&quot;:[]},&quot;columns_mobile&quot;:3,&quot;gap_mobile&quot;:{&quot;unit&quot;:&quot;px&quot;,&quot;size&quot;:6,&quot;sizes&quot;:[]},&quot;columns&quot;:5,&quot;columns_tablet&quot;:3,&quot;gap_tablet&quot;:{&quot;unit&quot;:&quot;px&quot;,&quot;size&quot;:5,&quot;sizes&quot;:[]},&quot;lazyload&quot;:&quot;yes&quot;,&quot;gallery_layout&quot;:&quot;grid&quot;,&quot;aspect_ratio&quot;:&quot;3:2&quot;,&quot;overlay_background&quot;:&quot;yes&quot;,&quot;content_hover_animation&quot;:&quot;fade-in&quot;}\" data-widget_type=\"gallery.default\">\n\t\t\t\t<div class=\"elementor-widget-container\">\n\t\t\t\t\t\t\t<div class=\"elementor-gallery__container\">\n\t\t\t\t\t\t\t<div class=\"e-gallery-item elementor-gallery-item elementor-animated-content\">\n\t\t\t\t\t<div class=\"e-gallery-image elementor-gallery-item__image\" data-thumbnail=\"https:\/\/www.portovenere.fr\/fr-fr\/wp-content\/uploads\/2019\/09\/Carrieres_Blanc-150x150.jpg\" data-width=\"150\" data-height=\"150\" aria-label=\"\" role=\"img\" ><\/div>\n\t\t\t\t\t\t\t\t\t\t\t<div class=\"elementor-gallery-item__overlay\"><\/div>\n\t\t\t\t\t\t\t\t\t\t\t\t\t\t<\/div>\n\t\t\t\t\t\t\t<div class=\"e-gallery-item elementor-gallery-item elementor-animated-content\">\n\t\t\t\t\t<div class=\"e-gallery-image elementor-gallery-item__image\" data-thumbnail=\"https:\/\/www.portovenere.fr\/fr-fr\/wp-content\/uploads\/2019\/09\/Carrieres_Mud-150x150.jpg\" data-width=\"150\" data-height=\"150\" aria-label=\"\" role=\"img\" ><\/div>\n\t\t\t\t\t\t\t\t\t\t\t<div class=\"elementor-gallery-item__overlay\"><\/div>\n\t\t\t\t\t\t\t\t\t\t\t\t\t\t<\/div>\n\t\t\t\t\t\t\t<div class=\"e-gallery-item elementor-gallery-item elementor-animated-content\">\n\t\t\t\t\t<div class=\"e-gallery-image elementor-gallery-item__image\" data-thumbnail=\"https:\/\/www.portovenere.fr\/fr-fr\/wp-content\/uploads\/2019\/09\/Carrieres_Ecru-150x150.jpg\" data-width=\"150\" data-height=\"150\" aria-label=\"\" role=\"img\" ><\/div>\n\t\t\t\t\t\t\t\t\t\t\t<div class=\"elementor-gallery-item__overlay\"><\/div>\n\t\t\t\t\t\t\t\t\t\t\t\t\t\t<\/div>\n\t\t\t\t\t\t\t<div class=\"e-gallery-item elementor-gallery-item elementor-animated-content\">\n\t\t\t\t\t<div class=\"e-gallery-image elementor-gallery-item__image\" data-thumbnail=\"https:\/\/www.portovenere.fr\/fr-fr\/wp-content\/uploads\/2019\/09\/Carrieres_Grey-150x150.jpg\" data-width=\"150\" data-height=\"150\" aria-label=\"\" role=\"img\" ><\/div>\n\t\t\t\t\t\t\t\t\t\t\t<div class=\"elementor-gallery-item__overlay\"><\/div>\n\t\t\t\t\t\t\t\t\t\t\t\t\t\t<\/div>\n\t\t\t\t\t<\/div>\n\t\t\t\t\t<\/div>\n\t\t\t\t<\/div>\n\t\t\t\t<div class=\"elementor-element elementor-element-10bd293f elementor-widget elementor-widget-text-editor\" data-id=\"10bd293f\" data-element_type=\"widget\" data-e-type=\"widget\" data-widget_type=\"text-editor.default\">\n\t\t\t\t<div class=\"elementor-widget-container\">\n\t\t\t\t\t\t\t\t\tCarrelage sol et mur aspect pierre naturelle brute et tr\u00e8s nuanc\u00e9e, pr\u00e9sentant des t\u00e2ches caract\u00e9ristiques, en gr\u00e8s c\u00e9rame color\u00e9 dans la masse. Disponible en finition Antique bords vieillis, Smooth adouci\u00a0(l\u00e9g\u00e8rement satin\u00e9) et structur\u00e9e antid\u00e9rapante R11. Disponible en 4 coloris : Blanc, Ecru, Grey (Gris) et Mud (Boue). De nombreux d\u00e9cors et mosa\u00efques compl\u00e8tes cette collection.\t\t\t\t\t\t\t\t<\/div>\n\t\t\t\t<\/div>\n\t\t\t\t<div class=\"elementor-element elementor-element-f713d84 elementor-mobile-align-center elementor-align-left elementor-widget elementor-widget-button\" data-id=\"f713d84\" data-element_type=\"widget\" data-e-type=\"widget\" data-widget_type=\"button.default\">\n\t\t\t\t<div class=\"elementor-widget-container\">\n\t\t\t\t\t\t\t\t\t<div class=\"elementor-button-wrapper\">\n\t\t\t\t\t<a class=\"elementor-button elementor-button-link elementor-size-sm\" href=\"https:\/\/www.portovenere.fr\/fr-fr\/carrelage-sol-et-mur-en-gres-cerame-et-faience\/carrelage-aspect-pierre\/carrelage-pierre-brute-tachee-contemporaine-carrieres\/\">\n\t\t\t\t\t\t<span class=\"elementor-button-content-wrapper\">\n\t\t\t\t\t\t\t\t\t<span class=\"elementor-button-text\">Voir la collection<\/span>\n\t\t\t\t\t<\/span>\n\t\t\t\t\t<\/a>\n\t\t\t\t<\/div>\n\t\t\t\t\t\t\t\t<\/div>\n\t\t\t\t<\/div>\n\t\t\t\t\t<\/div>\n\t\t<\/div>\n\t\t\t\t<div class=\"elementor-column elementor-col-33 elementor-top-column elementor-element elementor-element-10cd49c\" data-id=\"10cd49c\" data-element_type=\"column\" data-e-type=\"column\" data-settings=\"{&quot;background_background&quot;:&quot;classic&quot;}\">\n\t\t\t<div class=\"elementor-widget-wrap elementor-element-populated\">\n\t\t\t\t\t\t<div class=\"elementor-element elementor-element-57bf0723 elementor-widget elementor-widget-image\" data-id=\"57bf0723\" data-element_type=\"widget\" data-e-type=\"widget\" data-widget_type=\"image.default\">\n\t\t\t\t<div class=\"elementor-widget-container\">\n\t\t\t\t\t\t\t\t\t\t\t\t\t\t\t\t<a href=\"https:\/\/www.portovenere.fr\/fr-fr\/carrelage-sol-et-mur-en-gres-cerame-et-faience\/carrelage-aspect-pierre\/carrelage-effet-pierre-naturelle-lands\/\">\n\t\t\t\t\t\t\t<img loading=\"lazy\" decoding=\"async\" width=\"800\" height=\"533\" src=\"https:\/\/www.portovenere.fr\/fr-fr\/wp-content\/uploads\/2019\/12\/Carrelage-antid\u00e9rapant_ext\u00e9rieur_imitation-pierre-naturelle_bords_irr\u00e9guliers_Lands_Almond_mix_formats-1-1024x682.jpg\" class=\"attachment-large size-large wp-image-20569\" alt=\"\" srcset=\"https:\/\/www.portovenere.fr\/fr-fr\/wp-content\/uploads\/2019\/12\/Carrelage-antid\u00e9rapant_ext\u00e9rieur_imitation-pierre-naturelle_bords_irr\u00e9guliers_Lands_Almond_mix_formats-1-1024x682.jpg 1024w, https:\/\/www.portovenere.fr\/fr-fr\/wp-content\/uploads\/2019\/12\/Carrelage-antid\u00e9rapant_ext\u00e9rieur_imitation-pierre-naturelle_bords_irr\u00e9guliers_Lands_Almond_mix_formats-1-300x200.jpg 300w, https:\/\/www.portovenere.fr\/fr-fr\/wp-content\/uploads\/2019\/12\/Carrelage-antid\u00e9rapant_ext\u00e9rieur_imitation-pierre-naturelle_bords_irr\u00e9guliers_Lands_Almond_mix_formats-1-768x512.jpg 768w, https:\/\/www.portovenere.fr\/fr-fr\/wp-content\/uploads\/2019\/12\/Carrelage-antid\u00e9rapant_ext\u00e9rieur_imitation-pierre-naturelle_bords_irr\u00e9guliers_Lands_Almond_mix_formats-1.jpg 1300w\" sizes=\"(max-width: 800px) 100vw, 800px\" \/>\t\t\t\t\t\t\t\t<\/a>\n\t\t\t\t\t\t\t\t\t\t\t\t\t\t\t<\/div>\n\t\t\t\t<\/div>\n\t\t\t\t<div class=\"elementor-element elementor-element-f5bc53e elementor-widget elementor-widget-heading\" data-id=\"f5bc53e\" data-element_type=\"widget\" data-e-type=\"widget\" data-widget_type=\"heading.default\">\n\t\t\t\t<div class=\"elementor-widget-container\">\n\t\t\t\t\t<h3 class=\"elementor-heading-title elementor-size-default\"><a href=\"https:\/\/www.portovenere.fr\/fr-fr\/carrelage-sol-et-mur-en-gres-cerame-et-faience\/carrelage-aspect-pierre\/carrelage-effet-pierre-naturelle-lands\/\">LANDS | 3 coloris<\/a><\/h3>\t\t\t\t<\/div>\n\t\t\t\t<\/div>\n\t\t\t\t<div class=\"elementor-element elementor-element-eeb3356 elementor-widget__width-initial elementor-widget elementor-widget-gallery\" data-id=\"eeb3356\" data-element_type=\"widget\" data-e-type=\"widget\" data-settings=\"{&quot;gap&quot;:{&quot;unit&quot;:&quot;px&quot;,&quot;size&quot;:3,&quot;sizes&quot;:[]},&quot;columns_mobile&quot;:3,&quot;gap_mobile&quot;:{&quot;unit&quot;:&quot;px&quot;,&quot;size&quot;:6,&quot;sizes&quot;:[]},&quot;columns&quot;:5,&quot;columns_tablet&quot;:3,&quot;gap_tablet&quot;:{&quot;unit&quot;:&quot;px&quot;,&quot;size&quot;:5,&quot;sizes&quot;:[]},&quot;lazyload&quot;:&quot;yes&quot;,&quot;gallery_layout&quot;:&quot;grid&quot;,&quot;aspect_ratio&quot;:&quot;3:2&quot;,&quot;overlay_background&quot;:&quot;yes&quot;,&quot;content_hover_animation&quot;:&quot;fade-in&quot;}\" data-widget_type=\"gallery.default\">\n\t\t\t\t<div class=\"elementor-widget-container\">\n\t\t\t\t\t\t\t<div class=\"elementor-gallery__container\">\n\t\t\t\t\t\t\t<div class=\"e-gallery-item elementor-gallery-item elementor-animated-content\">\n\t\t\t\t\t<div class=\"e-gallery-image elementor-gallery-item__image\" data-thumbnail=\"https:\/\/www.portovenere.fr\/fr-fr\/wp-content\/uploads\/2019\/12\/Carrelage-aspect-pierre-naturelle_Lands_Almond_45x75_45x45_30x60_30x30-150x150.jpg\" data-width=\"150\" data-height=\"150\" aria-label=\"\" role=\"img\" ><\/div>\n\t\t\t\t\t\t\t\t\t\t\t<div class=\"elementor-gallery-item__overlay\"><\/div>\n\t\t\t\t\t\t\t\t\t\t\t\t\t\t<\/div>\n\t\t\t\t\t\t\t<div class=\"e-gallery-item elementor-gallery-item elementor-animated-content\">\n\t\t\t\t\t<div class=\"e-gallery-image elementor-gallery-item__image\" data-thumbnail=\"https:\/\/www.portovenere.fr\/fr-fr\/wp-content\/uploads\/2019\/12\/Carrelage-gr\u00e8s-c\u00e9rame_effet-pierre-naturelle_Lands_Honey_453x758-150x150.jpg\" data-width=\"150\" data-height=\"150\" aria-label=\"\" role=\"img\" ><\/div>\n\t\t\t\t\t\t\t\t\t\t\t<div class=\"elementor-gallery-item__overlay\"><\/div>\n\t\t\t\t\t\t\t\t\t\t\t\t\t\t<\/div>\n\t\t\t\t\t\t\t<div class=\"e-gallery-item elementor-gallery-item elementor-animated-content\">\n\t\t\t\t\t<div class=\"e-gallery-image elementor-gallery-item__image\" data-thumbnail=\"https:\/\/www.portovenere.fr\/fr-fr\/wp-content\/uploads\/2019\/12\/Carrelage-gr\u00e8s-c\u00e9rame_imitation-pierre-naturelle_claire_Lands_White_453x758-150x150.jpg\" data-width=\"150\" data-height=\"150\" aria-label=\"\" role=\"img\" ><\/div>\n\t\t\t\t\t\t\t\t\t\t\t<div class=\"elementor-gallery-item__overlay\"><\/div>\n\t\t\t\t\t\t\t\t\t\t\t\t\t\t<\/div>\n\t\t\t\t\t<\/div>\n\t\t\t\t\t<\/div>\n\t\t\t\t<\/div>\n\t\t\t\t<div class=\"elementor-element elementor-element-2444c8c4 elementor-widget elementor-widget-text-editor\" data-id=\"2444c8c4\" data-element_type=\"widget\" data-e-type=\"widget\" data-widget_type=\"text-editor.default\">\n\t\t\t\t<div class=\"elementor-widget-container\">\n\t\t\t\t\t\t\t\t\t<p>Carrelage mural et sol en gr\u00e8s c\u00e9rame aspect pierre ancienne us\u00e9e pour la finition Antique et aspect pierre plus contemporaine pour la finition Elegance. Une multitude de\u00a0 formats (de 10x30cm \u00e0 120x280cm), de finitions (naturelle, semi-brillante, bords aspect us\u00e9, antid\u00e9rapante&#8230;) et de mosa\u00efques font la richesse de cette sublime collection.<\/p>\t\t\t\t\t\t\t\t<\/div>\n\t\t\t\t<\/div>\n\t\t\t\t<div class=\"elementor-element elementor-element-6f50f2e elementor-mobile-align-center elementor-align-left elementor-widget elementor-widget-button\" data-id=\"6f50f2e\" data-element_type=\"widget\" data-e-type=\"widget\" data-widget_type=\"button.default\">\n\t\t\t\t<div class=\"elementor-widget-container\">\n\t\t\t\t\t\t\t\t\t<div class=\"elementor-button-wrapper\">\n\t\t\t\t\t<a class=\"elementor-button elementor-button-link elementor-size-sm\" href=\"https:\/\/www.portovenere.fr\/fr-fr\/carrelage-sol-et-mur-en-gres-cerame-et-faience\/carrelage-aspect-pierre\/carrelage-effet-pierre-naturelle-lands\/\">\n\t\t\t\t\t\t<span class=\"elementor-button-content-wrapper\">\n\t\t\t\t\t\t\t\t\t<span class=\"elementor-button-text\">Voir la collection<\/span>\n\t\t\t\t\t<\/span>\n\t\t\t\t\t<\/a>\n\t\t\t\t<\/div>\n\t\t\t\t\t\t\t\t<\/div>\n\t\t\t\t<\/div>\n\t\t\t\t\t<\/div>\n\t\t<\/div>\n\t\t\t\t\t<\/div>\n\t\t<\/section>\n\t\t\t\t<section class=\"elementor-section elementor-top-section elementor-element elementor-element-4db38335 elementor-section-full_width elementor-section-height-default elementor-section-height-default elementor-invisible\" data-id=\"4db38335\" data-element_type=\"section\" data-e-type=\"section\" data-settings=\"{&quot;animation&quot;:&quot;fadeIn&quot;}\">\n\t\t\t\t\t\t<div class=\"elementor-container elementor-column-gap-default\">\n\t\t\t\t\t<div class=\"elementor-column elementor-col-33 elementor-top-column elementor-element elementor-element-241d8b40 elementor-invisible\" data-id=\"241d8b40\" data-element_type=\"column\" data-e-type=\"column\" data-settings=\"{&quot;animation&quot;:&quot;fadeIn&quot;,&quot;background_background&quot;:&quot;classic&quot;}\">\n\t\t\t<div class=\"elementor-widget-wrap elementor-element-populated\">\n\t\t\t\t\t\t<div class=\"elementor-element elementor-element-7af46857 elementor-widget elementor-widget-image\" data-id=\"7af46857\" data-element_type=\"widget\" data-e-type=\"widget\" data-widget_type=\"image.default\">\n\t\t\t\t<div class=\"elementor-widget-container\">\n\t\t\t\t\t\t\t\t\t\t\t\t\t\t\t\t<a href=\"https:\/\/www.portovenere.fr\/fr-fr\/carrelage-sol-et-mur-en-gres-cerame-et-faience\/carrelage-contemporain-et-design\/carrelage-contemporain-aspect-beton-flint\/\">\n\t\t\t\t\t\t\t<img loading=\"lazy\" decoding=\"async\" width=\"768\" height=\"512\" src=\"https:\/\/www.portovenere.fr\/fr-fr\/wp-content\/uploads\/2019\/07\/Carrelage_Beton_Cire_Gris_Clair_Flint_Silver_Sol_Mur_Salle_de_Bain-Home-768x512.jpg\" class=\"attachment-medium_large size-medium_large wp-image-9871\" alt=\"\" srcset=\"https:\/\/www.portovenere.fr\/fr-fr\/wp-content\/uploads\/2019\/07\/Carrelage_Beton_Cire_Gris_Clair_Flint_Silver_Sol_Mur_Salle_de_Bain-Home-768x512.jpg 768w, https:\/\/www.portovenere.fr\/fr-fr\/wp-content\/uploads\/2019\/07\/Carrelage_Beton_Cire_Gris_Clair_Flint_Silver_Sol_Mur_Salle_de_Bain-Home-300x200.jpg 300w, https:\/\/www.portovenere.fr\/fr-fr\/wp-content\/uploads\/2019\/07\/Carrelage_Beton_Cire_Gris_Clair_Flint_Silver_Sol_Mur_Salle_de_Bain-Home-1024x683.jpg 1024w, https:\/\/www.portovenere.fr\/fr-fr\/wp-content\/uploads\/2019\/07\/Carrelage_Beton_Cire_Gris_Clair_Flint_Silver_Sol_Mur_Salle_de_Bain-Home.jpg 1500w\" sizes=\"(max-width: 768px) 100vw, 768px\" \/>\t\t\t\t\t\t\t\t<\/a>\n\t\t\t\t\t\t\t\t\t\t\t\t\t\t\t<\/div>\n\t\t\t\t<\/div>\n\t\t\t\t<section class=\"elementor-section elementor-inner-section elementor-element elementor-element-3ac43638 elementor-section-boxed elementor-section-height-default elementor-section-height-default elementor-invisible\" data-id=\"3ac43638\" data-element_type=\"section\" data-e-type=\"section\" data-settings=\"{&quot;background_background&quot;:&quot;classic&quot;,&quot;animation&quot;:&quot;fadeIn&quot;}\">\n\t\t\t\t\t\t<div class=\"elementor-container elementor-column-gap-default\">\n\t\t\t\t\t<div class=\"elementor-column elementor-col-100 elementor-inner-column elementor-element elementor-element-17660aef\" data-id=\"17660aef\" data-element_type=\"column\" data-e-type=\"column\">\n\t\t\t<div class=\"elementor-widget-wrap elementor-element-populated\">\n\t\t\t\t\t\t<div class=\"elementor-element elementor-element-6a299cf4 elementor-widget elementor-widget-heading\" data-id=\"6a299cf4\" data-element_type=\"widget\" data-e-type=\"widget\" data-widget_type=\"heading.default\">\n\t\t\t\t<div class=\"elementor-widget-container\">\n\t\t\t\t\t<h3 class=\"elementor-heading-title elementor-size-default\"><a href=\"https:\/\/www.portovenere.fr\/fr-fr\/carrelage-sol-et-mur-en-gres-cerame-et-faience\/carrelage-contemporain-et-design\/carrelage-contemporain-aspect-beton-flint\/\">FLINT | 3 coloris<\/a><\/h3>\t\t\t\t<\/div>\n\t\t\t\t<\/div>\n\t\t\t\t<div class=\"elementor-element elementor-element-8e4ac2c elementor-widget__width-initial elementor-widget elementor-widget-gallery\" data-id=\"8e4ac2c\" data-element_type=\"widget\" data-e-type=\"widget\" data-settings=\"{&quot;gap&quot;:{&quot;unit&quot;:&quot;px&quot;,&quot;size&quot;:3,&quot;sizes&quot;:[]},&quot;columns_mobile&quot;:3,&quot;gap_mobile&quot;:{&quot;unit&quot;:&quot;px&quot;,&quot;size&quot;:6,&quot;sizes&quot;:[]},&quot;columns&quot;:5,&quot;columns_tablet&quot;:3,&quot;gap_tablet&quot;:{&quot;unit&quot;:&quot;px&quot;,&quot;size&quot;:5,&quot;sizes&quot;:[]},&quot;lazyload&quot;:&quot;yes&quot;,&quot;gallery_layout&quot;:&quot;grid&quot;,&quot;aspect_ratio&quot;:&quot;3:2&quot;,&quot;overlay_background&quot;:&quot;yes&quot;,&quot;content_hover_animation&quot;:&quot;fade-in&quot;}\" data-widget_type=\"gallery.default\">\n\t\t\t\t<div class=\"elementor-widget-container\">\n\t\t\t\t\t\t\t<div class=\"elementor-gallery__container\">\n\t\t\t\t\t\t\t<div class=\"e-gallery-item elementor-gallery-item elementor-animated-content\">\n\t\t\t\t\t<div class=\"e-gallery-image elementor-gallery-item__image\" data-thumbnail=\"https:\/\/www.portovenere.fr\/fr-fr\/wp-content\/uploads\/2019\/07\/Flint_Bone_blanc-150x150.jpg\" data-width=\"150\" data-height=\"150\" aria-label=\"\" role=\"img\" ><\/div>\n\t\t\t\t\t\t\t\t\t\t\t<div class=\"elementor-gallery-item__overlay\"><\/div>\n\t\t\t\t\t\t\t\t\t\t\t\t\t\t<\/div>\n\t\t\t\t\t\t\t<div class=\"e-gallery-item elementor-gallery-item elementor-animated-content\">\n\t\t\t\t\t<div class=\"e-gallery-image elementor-gallery-item__image\" data-thumbnail=\"https:\/\/www.portovenere.fr\/fr-fr\/wp-content\/uploads\/2019\/07\/Flint_Smoky_Gris_Taupe-150x150.jpg\" data-width=\"150\" data-height=\"150\" aria-label=\"\" role=\"img\" ><\/div>\n\t\t\t\t\t\t\t\t\t\t\t<div class=\"elementor-gallery-item__overlay\"><\/div>\n\t\t\t\t\t\t\t\t\t\t\t\t\t\t<\/div>\n\t\t\t\t\t\t\t<div class=\"e-gallery-item elementor-gallery-item elementor-animated-content\">\n\t\t\t\t\t<div class=\"e-gallery-image elementor-gallery-item__image\" data-thumbnail=\"https:\/\/www.portovenere.fr\/fr-fr\/wp-content\/uploads\/2019\/07\/Flint_Silver_clair-150x150.jpg\" data-width=\"150\" data-height=\"150\" aria-label=\"\" role=\"img\" ><\/div>\n\t\t\t\t\t\t\t\t\t\t\t<div class=\"elementor-gallery-item__overlay\"><\/div>\n\t\t\t\t\t\t\t\t\t\t\t\t\t\t<\/div>\n\t\t\t\t\t<\/div>\n\t\t\t\t\t<\/div>\n\t\t\t\t<\/div>\n\t\t\t\t<div class=\"elementor-element elementor-element-3d6ec677 elementor-widget elementor-widget-text-editor\" data-id=\"3d6ec677\" data-element_type=\"widget\" data-e-type=\"widget\" data-widget_type=\"text-editor.default\">\n\t\t\t\t<div class=\"elementor-widget-container\">\n\t\t\t\t\t\t\t\t\t<p style=\"outline: currentcolor none medium;\">Carrelage de sol et mur en gr\u00e8s c\u00e9rame aspect b\u00e9ton disponible en 3 coloris : Bone blanc cass\u00e9, Silver gris clair et Smoky gris taupe, disponible en finition int\u00e9rieure et ext\u00e9rieure.<\/p>\t\t\t\t\t\t\t\t<\/div>\n\t\t\t\t<\/div>\n\t\t\t\t<div class=\"elementor-element elementor-element-6a7bff6f elementor-mobile-align-center elementor-align-left elementor-widget elementor-widget-button\" data-id=\"6a7bff6f\" data-element_type=\"widget\" data-e-type=\"widget\" data-widget_type=\"button.default\">\n\t\t\t\t<div class=\"elementor-widget-container\">\n\t\t\t\t\t\t\t\t\t<div class=\"elementor-button-wrapper\">\n\t\t\t\t\t<a class=\"elementor-button elementor-button-link elementor-size-sm\" href=\"https:\/\/www.portovenere.fr\/fr-fr\/carrelage-sol-et-mur-en-gres-cerame-et-faience\/carrelage-contemporain-et-design\/carrelage-contemporain-aspect-beton-flint\/\">\n\t\t\t\t\t\t<span class=\"elementor-button-content-wrapper\">\n\t\t\t\t\t\t\t\t\t<span class=\"elementor-button-text\">Voir la collection<\/span>\n\t\t\t\t\t<\/span>\n\t\t\t\t\t<\/a>\n\t\t\t\t<\/div>\n\t\t\t\t\t\t\t\t<\/div>\n\t\t\t\t<\/div>\n\t\t\t\t\t<\/div>\n\t\t<\/div>\n\t\t\t\t\t<\/div>\n\t\t<\/section>\n\t\t\t\t\t<\/div>\n\t\t<\/div>\n\t\t\t\t<div class=\"elementor-column elementor-col-33 elementor-top-column elementor-element elementor-element-fddc73a elementor-invisible\" data-id=\"fddc73a\" data-element_type=\"column\" data-e-type=\"column\" data-settings=\"{&quot;animation&quot;:&quot;fadeIn&quot;,&quot;background_background&quot;:&quot;classic&quot;}\">\n\t\t\t<div class=\"elementor-widget-wrap elementor-element-populated\">\n\t\t\t\t\t\t<div class=\"elementor-element elementor-element-d911c4e elementor-widget elementor-widget-image\" data-id=\"d911c4e\" data-element_type=\"widget\" data-e-type=\"widget\" data-widget_type=\"image.default\">\n\t\t\t\t<div class=\"elementor-widget-container\">\n\t\t\t\t\t\t\t\t\t\t\t\t\t\t\t\t<a href=\"https:\/\/www.portovenere.fr\/fr-fr\/carrelage-sol-et-mur-en-gres-cerame-et-faience\/carrelage-aspect-pierre\/carrelage-pierre-interieur-et-exterieur-nyonca\/\">\n\t\t\t\t\t\t\t<img decoding=\"async\" src=\"https:\/\/www.portovenere.fr\/fr-fr\/wp-content\/uploads\/elementor\/thumbs\/Carrelage-effet-pierre-exterieur-interieur-design-contemporain-Nyonca-ivoire-plusieurs-formats-et-coloris-magasin-Porto-Venere-pres-de-Agde-34-r8ifvyu57nryeodnbcq0gcow7q127k32p52bifjlau.jpg\" title=\"Carrelage-effet-pierre-exterieur-interieur-design-contemporain-Nyonca-ivoire-plusieurs-formats-et-coloris-magasin-Porto-Venere-pr\u00e8s-de-Agde-34\" alt=\"Carrelage-effet-pierre-exterieur-interieur-design-contemporain-Nyonca-ivoire-plusieurs-formats-et-coloris-magasin-Porto-Venere-pr\u00e8s-de-Agde-34\" loading=\"lazy\" \/>\t\t\t\t\t\t\t\t<\/a>\n\t\t\t\t\t\t\t\t\t\t\t\t\t\t\t<\/div>\n\t\t\t\t<\/div>\n\t\t\t\t<section class=\"elementor-section elementor-inner-section elementor-element elementor-element-cfa94bd elementor-section-boxed elementor-section-height-default elementor-section-height-default elementor-invisible\" data-id=\"cfa94bd\" data-element_type=\"section\" data-e-type=\"section\" data-settings=\"{&quot;background_background&quot;:&quot;classic&quot;,&quot;animation&quot;:&quot;fadeIn&quot;}\">\n\t\t\t\t\t\t<div class=\"elementor-container elementor-column-gap-default\">\n\t\t\t\t\t<div class=\"elementor-column elementor-col-100 elementor-inner-column elementor-element elementor-element-fbce2fd\" data-id=\"fbce2fd\" data-element_type=\"column\" data-e-type=\"column\">\n\t\t\t<div class=\"elementor-widget-wrap elementor-element-populated\">\n\t\t\t\t\t\t<div class=\"elementor-element elementor-element-44ee7ee elementor-widget elementor-widget-heading\" data-id=\"44ee7ee\" data-element_type=\"widget\" data-e-type=\"widget\" data-widget_type=\"heading.default\">\n\t\t\t\t<div class=\"elementor-widget-container\">\n\t\t\t\t\t<h3 class=\"elementor-heading-title elementor-size-default\"><a href=\"https:\/\/www.portovenere.fr\/fr-fr\/carrelage-sol-et-mur-en-gres-cerame-et-faience\/carrelage-aspect-pierre\/carrelage-pierre-interieur-et-exterieur-nyonca\/\">NYONCA | 4 coloris<\/a><\/h3>\t\t\t\t<\/div>\n\t\t\t\t<\/div>\n\t\t\t\t<div class=\"elementor-element elementor-element-e5ad84b elementor-widget__width-initial elementor-widget elementor-widget-gallery\" data-id=\"e5ad84b\" data-element_type=\"widget\" data-e-type=\"widget\" data-settings=\"{&quot;gap&quot;:{&quot;unit&quot;:&quot;px&quot;,&quot;size&quot;:3,&quot;sizes&quot;:[]},&quot;columns_mobile&quot;:3,&quot;gap_mobile&quot;:{&quot;unit&quot;:&quot;px&quot;,&quot;size&quot;:6,&quot;sizes&quot;:[]},&quot;columns&quot;:5,&quot;columns_tablet&quot;:3,&quot;gap_tablet&quot;:{&quot;unit&quot;:&quot;px&quot;,&quot;size&quot;:5,&quot;sizes&quot;:[]},&quot;lazyload&quot;:&quot;yes&quot;,&quot;gallery_layout&quot;:&quot;grid&quot;,&quot;aspect_ratio&quot;:&quot;3:2&quot;,&quot;overlay_background&quot;:&quot;yes&quot;,&quot;content_hover_animation&quot;:&quot;fade-in&quot;}\" data-widget_type=\"gallery.default\">\n\t\t\t\t<div class=\"elementor-widget-container\">\n\t\t\t\t\t\t\t<div class=\"elementor-gallery__container\">\n\t\t\t\t\t\t\t<div class=\"e-gallery-item elementor-gallery-item elementor-animated-content\">\n\t\t\t\t\t<div class=\"e-gallery-image elementor-gallery-item__image\" data-thumbnail=\"https:\/\/www.portovenere.fr\/fr-fr\/wp-content\/uploads\/2025\/03\/Carrelage-gris-effet-pierre-exterieur-interieur-design-contemporain-et-de-qualite-Nyonca-magasin-Porto-Venere-Montpellier-pres-de-Mauguio-34-150x150.jpg\" data-width=\"150\" data-height=\"150\" aria-label=\"\" role=\"img\" ><\/div>\n\t\t\t\t\t\t\t\t\t\t\t<div class=\"elementor-gallery-item__overlay\"><\/div>\n\t\t\t\t\t\t\t\t\t\t\t\t\t\t<\/div>\n\t\t\t\t\t\t\t<div class=\"e-gallery-item elementor-gallery-item elementor-animated-content\">\n\t\t\t\t\t<div class=\"e-gallery-image elementor-gallery-item__image\" data-thumbnail=\"https:\/\/www.portovenere.fr\/fr-fr\/wp-content\/uploads\/2025\/03\/Carrelage-Ivoire-effet-pierre-exterieur-interieur-design-contemporain-et-de-qualite-Nyonca-magasin-Porto-Venere-Montpellier-pres-de-Perols-34-150x150.jpg\" data-width=\"150\" data-height=\"150\" aria-label=\"\" role=\"img\" ><\/div>\n\t\t\t\t\t\t\t\t\t\t\t<div class=\"elementor-gallery-item__overlay\"><\/div>\n\t\t\t\t\t\t\t\t\t\t\t\t\t\t<\/div>\n\t\t\t\t\t\t\t<div class=\"e-gallery-item elementor-gallery-item elementor-animated-content\">\n\t\t\t\t\t<div class=\"e-gallery-image elementor-gallery-item__image\" data-thumbnail=\"https:\/\/www.portovenere.fr\/fr-fr\/wp-content\/uploads\/2025\/03\/Carrelage-noir-effet-pierre-exterieur-interieur-design-contemporain-et-de-qualite-Nyonca-magasin-Porto-Venere-Montpellier-pres-de-Sete-34-150x150.jpg\" data-width=\"150\" data-height=\"150\" aria-label=\"\" role=\"img\" ><\/div>\n\t\t\t\t\t\t\t\t\t\t\t<div class=\"elementor-gallery-item__overlay\"><\/div>\n\t\t\t\t\t\t\t\t\t\t\t\t\t\t<\/div>\n\t\t\t\t\t\t\t<div class=\"e-gallery-item elementor-gallery-item elementor-animated-content\">\n\t\t\t\t\t<div class=\"e-gallery-image elementor-gallery-item__image\" data-thumbnail=\"https:\/\/www.portovenere.fr\/fr-fr\/wp-content\/uploads\/2025\/03\/Carrelage-marron-beige-effet-pierre-exterieur-interieur-design-contemporain-et-de-qualite-Nyonca-magasin-Porto-Venere-Montpellier-pres-de-Palavas-34-150x150.jpg\" data-width=\"150\" data-height=\"150\" aria-label=\"\" role=\"img\" ><\/div>\n\t\t\t\t\t\t\t\t\t\t\t<div class=\"elementor-gallery-item__overlay\"><\/div>\n\t\t\t\t\t\t\t\t\t\t\t\t\t\t<\/div>\n\t\t\t\t\t\t\t<div class=\"e-gallery-item elementor-gallery-item elementor-animated-content\">\n\t\t\t\t\t<div class=\"e-gallery-image elementor-gallery-item__image\" data-thumbnail=\"https:\/\/www.portovenere.fr\/fr-fr\/wp-content\/uploads\/2025\/03\/Credence-carrelage-mosaique-hexagonale-effet-pierre-brown-Nyonca-magasin-de-carrelages-faiences-de-qualite-a-Montpellier-Herault-34--150x150.jpg\" data-width=\"150\" data-height=\"150\" aria-label=\"\" role=\"img\" ><\/div>\n\t\t\t\t\t\t\t\t\t\t\t<div class=\"elementor-gallery-item__overlay\"><\/div>\n\t\t\t\t\t\t\t\t\t\t\t\t\t\t<\/div>\n\t\t\t\t\t\t\t<div class=\"e-gallery-item elementor-gallery-item elementor-animated-content\">\n\t\t\t\t\t<div class=\"e-gallery-image elementor-gallery-item__image\" data-thumbnail=\"https:\/\/www.portovenere.fr\/fr-fr\/wp-content\/uploads\/2025\/03\/Credence-carrelage-mosaique-intreccio-effet-pierre-ivoire-Nyonca-magasin-de-carrelages-faiences-de-qualite-a-Montpellier-Herault-34--150x150.jpg\" data-width=\"150\" data-height=\"150\" aria-label=\"\" role=\"img\" ><\/div>\n\t\t\t\t\t\t\t\t\t\t\t<div class=\"elementor-gallery-item__overlay\"><\/div>\n\t\t\t\t\t\t\t\t\t\t\t\t\t\t<\/div>\n\t\t\t\t\t<\/div>\n\t\t\t\t\t<\/div>\n\t\t\t\t<\/div>\n\t\t\t\t<div class=\"elementor-element elementor-element-6d7aa39 elementor-widget elementor-widget-text-editor\" data-id=\"6d7aa39\" data-element_type=\"widget\" data-e-type=\"widget\" data-widget_type=\"text-editor.default\">\n\t\t\t\t<div class=\"elementor-widget-container\">\n\t\t\t\t\t\t\t\t\t<p data-sourcepos=\"5:1-5:46\">Le carrelage pierre<b>&nbsp;int\u00e9rieur et ext\u00e9rieur&nbsp;<\/b>Nyonca reprend l&rsquo;effet de la pierre naturelle \u00e0 travers<b>&nbsp;4 coloris : Ivoire, Marron, Gris et Noir.&nbsp;<\/b><\/p>\n<p data-sourcepos=\"5:1-5:46\">Ce&nbsp;<b>gr\u00e8s c\u00e9rame<\/b>&nbsp;\u00e9maill\u00e9&nbsp;<b>color\u00e9 dans la masse<\/b>&nbsp;vous offre le choix parmi les formats suivants pour vos&nbsp;<b>sols et murs<\/b>&nbsp;:&nbsp;<b>30&#215;60 cm, 60&#215;60 cm , 60&#215;120 cm, 120&#215;120 cm<\/b>&nbsp;et un<b>&nbsp;format hexagonal<\/b>&nbsp;de 24 x 27,7 cm.<\/p>\n<p data-sourcepos=\"5:1-5:46\">Vous pourrez assurer une&nbsp;<b>continuit\u00e9 de vos espaces de vie vers l&rsquo;ext\u00e9rieur<\/b>&nbsp;gr\u00e2ce \u00e0 la&nbsp;<b>finition antid\u00e9rapante<\/b>&nbsp;disponible.&nbsp;<\/p>\n<p data-sourcepos=\"5:1-5:46\">Aussi, des&nbsp;<b>dalles 60&#215;120 cm antid\u00e9rapantes en 2cm&nbsp;<\/b>d&rsquo;\u00e9paisseur, sont propos\u00e9es pour vos&nbsp;<b>terrasses ou tours de piscine<\/b>&nbsp;pour une pose sur plots, sur gravier, gazon ou en pose coll\u00e9e.&nbsp;<\/p>\t\t\t\t\t\t\t\t<\/div>\n\t\t\t\t<\/div>\n\t\t\t\t<div class=\"elementor-element elementor-element-02dda31 elementor-mobile-align-center elementor-widget elementor-widget-button\" data-id=\"02dda31\" data-element_type=\"widget\" data-e-type=\"widget\" data-widget_type=\"button.default\">\n\t\t\t\t<div class=\"elementor-widget-container\">\n\t\t\t\t\t\t\t\t\t<div class=\"elementor-button-wrapper\">\n\t\t\t\t\t<a class=\"elementor-button elementor-button-link elementor-size-sm\" href=\"https:\/\/www.portovenere.fr\/fr-fr\/carrelage-sol-et-mur-en-gres-cerame-et-faience\/carrelage-aspect-pierre\/carrelage-pierre-interieur-et-exterieur-nyonca\/\">\n\t\t\t\t\t\t<span class=\"elementor-button-content-wrapper\">\n\t\t\t\t\t\t\t\t\t<span class=\"elementor-button-text\">VOIR LA COLLECTION<\/span>\n\t\t\t\t\t<\/span>\n\t\t\t\t\t<\/a>\n\t\t\t\t<\/div>\n\t\t\t\t\t\t\t\t<\/div>\n\t\t\t\t<\/div>\n\t\t\t\t\t<\/div>\n\t\t<\/div>\n\t\t\t\t\t<\/div>\n\t\t<\/section>\n\t\t\t\t\t<\/div>\n\t\t<\/div>\n\t\t\t\t<div class=\"elementor-column elementor-col-33 elementor-top-column elementor-element elementor-element-5e47e9c7 elementor-invisible\" data-id=\"5e47e9c7\" data-element_type=\"column\" data-e-type=\"column\" data-settings=\"{&quot;animation&quot;:&quot;fadeIn&quot;,&quot;background_background&quot;:&quot;classic&quot;}\">\n\t\t\t<div class=\"elementor-widget-wrap elementor-element-populated\">\n\t\t\t\t\t\t<div class=\"elementor-element elementor-element-3a7decd2 elementor-widget elementor-widget-image\" data-id=\"3a7decd2\" data-element_type=\"widget\" data-e-type=\"widget\" data-widget_type=\"image.default\">\n\t\t\t\t<div class=\"elementor-widget-container\">\n\t\t\t\t\t\t\t\t\t\t\t\t\t\t\t\t<a href=\"https:\/\/www.portovenere.fr\/fr-fr\/carrelage-sol-et-mur-en-gres-cerame-et-faience\/carrelage-imitation-parquet-aspect-bois\/carrelage-contemporain-effet-parquet-authentique-aulne\/\">\n\t\t\t\t\t\t\t<img loading=\"lazy\" decoding=\"async\" width=\"768\" height=\"511\" src=\"https:\/\/www.portovenere.fr\/fr-fr\/wp-content\/uploads\/2019\/12\/Carrelage-salle-de-bain-effet-parquet-bois-nordique-naturel-Aulne-Mondorla-768x511.jpg\" class=\"attachment-medium_large size-medium_large wp-image-20572\" alt=\"\" srcset=\"https:\/\/www.portovenere.fr\/fr-fr\/wp-content\/uploads\/2019\/12\/Carrelage-salle-de-bain-effet-parquet-bois-nordique-naturel-Aulne-Mondorla-768x511.jpg 768w, https:\/\/www.portovenere.fr\/fr-fr\/wp-content\/uploads\/2019\/12\/Carrelage-salle-de-bain-effet-parquet-bois-nordique-naturel-Aulne-Mondorla-300x200.jpg 300w, https:\/\/www.portovenere.fr\/fr-fr\/wp-content\/uploads\/2019\/12\/Carrelage-salle-de-bain-effet-parquet-bois-nordique-naturel-Aulne-Mondorla.jpg 1000w\" sizes=\"(max-width: 768px) 100vw, 768px\" \/>\t\t\t\t\t\t\t\t<\/a>\n\t\t\t\t\t\t\t\t\t\t\t\t\t\t\t<\/div>\n\t\t\t\t<\/div>\n\t\t\t\t<section class=\"elementor-section elementor-inner-section elementor-element elementor-element-76825144 elementor-section-boxed elementor-section-height-default elementor-section-height-default elementor-invisible\" data-id=\"76825144\" data-element_type=\"section\" data-e-type=\"section\" data-settings=\"{&quot;background_background&quot;:&quot;classic&quot;,&quot;animation&quot;:&quot;fadeIn&quot;}\">\n\t\t\t\t\t\t<div class=\"elementor-container elementor-column-gap-default\">\n\t\t\t\t\t<div class=\"elementor-column elementor-col-100 elementor-inner-column elementor-element elementor-element-70934d8e\" data-id=\"70934d8e\" data-element_type=\"column\" data-e-type=\"column\">\n\t\t\t<div class=\"elementor-widget-wrap elementor-element-populated\">\n\t\t\t\t\t\t<div class=\"elementor-element elementor-element-279e0bdb elementor-widget elementor-widget-heading\" data-id=\"279e0bdb\" data-element_type=\"widget\" data-e-type=\"widget\" data-widget_type=\"heading.default\">\n\t\t\t\t<div class=\"elementor-widget-container\">\n\t\t\t\t\t<h3 class=\"elementor-heading-title elementor-size-default\"><a href=\"https:\/\/www.portovenere.fr\/fr-fr\/carrelage-sol-et-mur-en-gres-cerame-et-faience\/carrelage-imitation-parquet-aspect-bois\/carrelage-contemporain-effet-parquet-authentique-aulne\/\">AULNE | 5 coloris<\/a><\/h3>\t\t\t\t<\/div>\n\t\t\t\t<\/div>\n\t\t\t\t<div class=\"elementor-element elementor-element-f69a8da elementor-widget__width-initial elementor-widget elementor-widget-gallery\" data-id=\"f69a8da\" data-element_type=\"widget\" data-e-type=\"widget\" data-settings=\"{&quot;gap&quot;:{&quot;unit&quot;:&quot;px&quot;,&quot;size&quot;:3,&quot;sizes&quot;:[]},&quot;columns_mobile&quot;:3,&quot;gap_mobile&quot;:{&quot;unit&quot;:&quot;px&quot;,&quot;size&quot;:6,&quot;sizes&quot;:[]},&quot;columns&quot;:5,&quot;columns_tablet&quot;:3,&quot;gap_tablet&quot;:{&quot;unit&quot;:&quot;px&quot;,&quot;size&quot;:5,&quot;sizes&quot;:[]},&quot;lazyload&quot;:&quot;yes&quot;,&quot;gallery_layout&quot;:&quot;grid&quot;,&quot;aspect_ratio&quot;:&quot;3:2&quot;,&quot;overlay_background&quot;:&quot;yes&quot;,&quot;content_hover_animation&quot;:&quot;fade-in&quot;}\" data-widget_type=\"gallery.default\">\n\t\t\t\t<div class=\"elementor-widget-container\">\n\t\t\t\t\t\t\t<div class=\"elementor-gallery__container\">\n\t\t\t\t\t\t\t<div class=\"e-gallery-item elementor-gallery-item elementor-animated-content\">\n\t\t\t\t\t<div class=\"e-gallery-image elementor-gallery-item__image\" data-thumbnail=\"https:\/\/www.portovenere.fr\/fr-fr\/wp-content\/uploads\/2019\/10\/Carrelage-effet-parquet-bois-Aulne-Vaniglia-150x150.jpg\" data-width=\"150\" data-height=\"150\" aria-label=\"\" role=\"img\" ><\/div>\n\t\t\t\t\t\t\t\t\t\t\t<div class=\"elementor-gallery-item__overlay\"><\/div>\n\t\t\t\t\t\t\t\t\t\t\t\t\t\t<\/div>\n\t\t\t\t\t\t\t<div class=\"e-gallery-item elementor-gallery-item elementor-animated-content\">\n\t\t\t\t\t<div class=\"e-gallery-image elementor-gallery-item__image\" data-thumbnail=\"https:\/\/www.portovenere.fr\/fr-fr\/wp-content\/uploads\/2019\/10\/Carrelage-effet-parquet-bois-Aulne-Puro-150x150.jpg\" data-width=\"150\" data-height=\"150\" aria-label=\"\" role=\"img\" ><\/div>\n\t\t\t\t\t\t\t\t\t\t\t<div class=\"elementor-gallery-item__overlay\"><\/div>\n\t\t\t\t\t\t\t\t\t\t\t\t\t\t<\/div>\n\t\t\t\t\t\t\t<div class=\"e-gallery-item elementor-gallery-item elementor-animated-content\">\n\t\t\t\t\t<div class=\"e-gallery-image elementor-gallery-item__image\" data-thumbnail=\"https:\/\/www.portovenere.fr\/fr-fr\/wp-content\/uploads\/2019\/10\/Carrelage-effet-parquet-bois-Aulne-Plumbeo-150x150.jpg\" data-width=\"150\" data-height=\"150\" aria-label=\"\" role=\"img\" ><\/div>\n\t\t\t\t\t\t\t\t\t\t\t<div class=\"elementor-gallery-item__overlay\"><\/div>\n\t\t\t\t\t\t\t\t\t\t\t\t\t\t<\/div>\n\t\t\t\t\t\t\t<div class=\"e-gallery-item elementor-gallery-item elementor-animated-content\">\n\t\t\t\t\t<div class=\"e-gallery-image elementor-gallery-item__image\" data-thumbnail=\"https:\/\/www.portovenere.fr\/fr-fr\/wp-content\/uploads\/2019\/10\/Carrelage-effet-parquet-bois-Aulne-Neutro-150x150.jpg\" data-width=\"150\" data-height=\"150\" aria-label=\"\" role=\"img\" ><\/div>\n\t\t\t\t\t\t\t\t\t\t\t<div class=\"elementor-gallery-item__overlay\"><\/div>\n\t\t\t\t\t\t\t\t\t\t\t\t\t\t<\/div>\n\t\t\t\t\t\t\t<div class=\"e-gallery-item elementor-gallery-item elementor-animated-content\">\n\t\t\t\t\t<div class=\"e-gallery-image elementor-gallery-item__image\" data-thumbnail=\"https:\/\/www.portovenere.fr\/fr-fr\/wp-content\/uploads\/2019\/10\/Carrelage-effet-parquet-bois-Aulne-Mandorla-150x150.jpg\" data-width=\"150\" data-height=\"150\" aria-label=\"\" role=\"img\" ><\/div>\n\t\t\t\t\t\t\t\t\t\t\t<div class=\"elementor-gallery-item__overlay\"><\/div>\n\t\t\t\t\t\t\t\t\t\t\t\t\t\t<\/div>\n\t\t\t\t\t<\/div>\n\t\t\t\t\t<\/div>\n\t\t\t\t<\/div>\n\t\t\t\t<div class=\"elementor-element elementor-element-79fa75d7 elementor-widget elementor-widget-text-editor\" data-id=\"79fa75d7\" data-element_type=\"widget\" data-e-type=\"widget\" data-widget_type=\"text-editor.default\">\n\t\t\t\t<div class=\"elementor-widget-container\">\n\t\t\t\t\t\t\t\t\t<p>Collection de carrelage en gr\u00e8s c\u00e9rame \u00e0 l&rsquo;aspect parquet bois authentique. D\u00e9clin\u00e9e en 5 coloris en forat 20&#215;120 cm, cette collection propose une surface naturelle opaque et douce et une surface antid\u00e9rapante class\u00e9e R11 A+B+C. Le carrelage Aulne est dot\u00e9 de caract\u00e9ristiques r\u00e9sistantes \u00e0 un fort trafic.<\/p>\n<p>Un d\u00e9cor mix de 6 couleurs brillantes vient apporter une touche cr\u00e9ative et originale \u00e0 votre projet.<\/p>\t\t\t\t\t\t\t\t<\/div>\n\t\t\t\t<\/div>\n\t\t\t\t<div class=\"elementor-element elementor-element-6033566b elementor-mobile-align-center elementor-align-left elementor-widget elementor-widget-button\" data-id=\"6033566b\" data-element_type=\"widget\" data-e-type=\"widget\" data-widget_type=\"button.default\">\n\t\t\t\t<div class=\"elementor-widget-container\">\n\t\t\t\t\t\t\t\t\t<div class=\"elementor-button-wrapper\">\n\t\t\t\t\t<a class=\"elementor-button elementor-button-link elementor-size-sm\" href=\"https:\/\/www.portovenere.fr\/fr-fr\/carrelage-sol-et-mur-en-gres-cerame-et-faience\/carrelage-imitation-parquet-aspect-bois\/carrelage-contemporain-effet-parquet-authentique-aulne\/\">\n\t\t\t\t\t\t<span class=\"elementor-button-content-wrapper\">\n\t\t\t\t\t\t\t\t\t<span class=\"elementor-button-text\">Voir la collection<\/span>\n\t\t\t\t\t<\/span>\n\t\t\t\t\t<\/a>\n\t\t\t\t<\/div>\n\t\t\t\t\t\t\t\t<\/div>\n\t\t\t\t<\/div>\n\t\t\t\t\t<\/div>\n\t\t<\/div>\n\t\t\t\t\t<\/div>\n\t\t<\/section>\n\t\t\t\t\t<\/div>\n\t\t<\/div>\n\t\t\t\t\t<\/div>\n\t\t<\/section>\n\t\t\t\t<section class=\"elementor-section elementor-top-section elementor-element elementor-element-7447bf3e elementor-section-full_width elementor-section-height-default elementor-section-height-default elementor-invisible\" data-id=\"7447bf3e\" data-element_type=\"section\" data-e-type=\"section\" data-settings=\"{&quot;animation&quot;:&quot;fadeIn&quot;}\">\n\t\t\t\t\t\t<div class=\"elementor-container elementor-column-gap-default\">\n\t\t\t\t\t<div class=\"elementor-column elementor-col-33 elementor-top-column elementor-element elementor-element-2da5291 elementor-invisible\" data-id=\"2da5291\" data-element_type=\"column\" data-e-type=\"column\" data-settings=\"{&quot;animation&quot;:&quot;fadeIn&quot;}\">\n\t\t\t<div class=\"elementor-widget-wrap elementor-element-populated\">\n\t\t\t\t\t\t<div class=\"elementor-element elementor-element-952396f elementor-widget elementor-widget-image\" data-id=\"952396f\" data-element_type=\"widget\" data-e-type=\"widget\" data-widget_type=\"image.default\">\n\t\t\t\t<div class=\"elementor-widget-container\">\n\t\t\t\t\t\t\t\t\t\t\t\t\t\t\t\t<a href=\"https:\/\/www.portovenere.fr\/fr-fr\/carrelage-sol-et-mur-en-gres-cerame-et-faience\/carrelage-contemporain-et-design\/carrelage-contemporain-aspect-beton-galicia\/\">\n\t\t\t\t\t\t\t<img loading=\"lazy\" decoding=\"async\" width=\"768\" height=\"512\" src=\"https:\/\/www.portovenere.fr\/fr-fr\/wp-content\/uploads\/2019\/07\/Galicia_Light_Mur_Boutique-home-768x512.jpg\" class=\"attachment-medium_large size-medium_large wp-image-9911\" alt=\"\" srcset=\"https:\/\/www.portovenere.fr\/fr-fr\/wp-content\/uploads\/2019\/07\/Galicia_Light_Mur_Boutique-home-768x512.jpg 768w, https:\/\/www.portovenere.fr\/fr-fr\/wp-content\/uploads\/2019\/07\/Galicia_Light_Mur_Boutique-home-300x200.jpg 300w, https:\/\/www.portovenere.fr\/fr-fr\/wp-content\/uploads\/2019\/07\/Galicia_Light_Mur_Boutique-home-1024x683.jpg 1024w, https:\/\/www.portovenere.fr\/fr-fr\/wp-content\/uploads\/2019\/07\/Galicia_Light_Mur_Boutique-home.jpg 1500w\" sizes=\"(max-width: 768px) 100vw, 768px\" \/>\t\t\t\t\t\t\t\t<\/a>\n\t\t\t\t\t\t\t\t\t\t\t\t\t\t\t<\/div>\n\t\t\t\t<\/div>\n\t\t\t\t<section class=\"elementor-section elementor-inner-section elementor-element elementor-element-539c9bd elementor-section-boxed elementor-section-height-default elementor-section-height-default elementor-invisible\" data-id=\"539c9bd\" data-element_type=\"section\" data-e-type=\"section\" data-settings=\"{&quot;background_background&quot;:&quot;classic&quot;,&quot;animation&quot;:&quot;fadeIn&quot;}\">\n\t\t\t\t\t\t<div class=\"elementor-container elementor-column-gap-default\">\n\t\t\t\t\t<div class=\"elementor-column elementor-col-100 elementor-inner-column elementor-element elementor-element-2a3a23d\" data-id=\"2a3a23d\" data-element_type=\"column\" data-e-type=\"column\">\n\t\t\t<div class=\"elementor-widget-wrap elementor-element-populated\">\n\t\t\t\t\t\t<div class=\"elementor-element elementor-element-0781c0f elementor-widget elementor-widget-heading\" data-id=\"0781c0f\" data-element_type=\"widget\" data-e-type=\"widget\" data-widget_type=\"heading.default\">\n\t\t\t\t<div class=\"elementor-widget-container\">\n\t\t\t\t\t<h3 class=\"elementor-heading-title elementor-size-default\"><a href=\"https:\/\/www.portovenere.fr\/fr-fr\/carrelage-sol-et-mur-en-gres-cerame-et-faience\/carrelage-contemporain-et-design\/carrelage-contemporain-aspect-beton-galicia\/\">GALICIA | 2 coloris<\/a><\/h3>\t\t\t\t<\/div>\n\t\t\t\t<\/div>\n\t\t\t\t<div class=\"elementor-element elementor-element-3e45fa2 elementor-widget__width-initial elementor-widget elementor-widget-gallery\" data-id=\"3e45fa2\" data-element_type=\"widget\" data-e-type=\"widget\" data-settings=\"{&quot;gap&quot;:{&quot;unit&quot;:&quot;px&quot;,&quot;size&quot;:3,&quot;sizes&quot;:[]},&quot;columns_mobile&quot;:3,&quot;gap_mobile&quot;:{&quot;unit&quot;:&quot;px&quot;,&quot;size&quot;:6,&quot;sizes&quot;:[]},&quot;columns&quot;:5,&quot;columns_tablet&quot;:3,&quot;gap_tablet&quot;:{&quot;unit&quot;:&quot;px&quot;,&quot;size&quot;:5,&quot;sizes&quot;:[]},&quot;lazyload&quot;:&quot;yes&quot;,&quot;gallery_layout&quot;:&quot;grid&quot;,&quot;aspect_ratio&quot;:&quot;3:2&quot;,&quot;overlay_background&quot;:&quot;yes&quot;,&quot;content_hover_animation&quot;:&quot;fade-in&quot;}\" data-widget_type=\"gallery.default\">\n\t\t\t\t<div class=\"elementor-widget-container\">\n\t\t\t\t\t\t\t<div class=\"elementor-gallery__container\">\n\t\t\t\t\t\t\t<div class=\"e-gallery-item elementor-gallery-item elementor-animated-content\">\n\t\t\t\t\t<div class=\"e-gallery-image elementor-gallery-item__image\" data-thumbnail=\"https:\/\/www.portovenere.fr\/fr-fr\/wp-content\/uploads\/2019\/07\/Galicia-Light-Naturel-150x150.jpg\" data-width=\"150\" data-height=\"150\" aria-label=\"\" role=\"img\" ><\/div>\n\t\t\t\t\t\t\t\t\t\t\t<div class=\"elementor-gallery-item__overlay\"><\/div>\n\t\t\t\t\t\t\t\t\t\t\t\t\t\t<\/div>\n\t\t\t\t\t\t\t<div class=\"e-gallery-item elementor-gallery-item elementor-animated-content\">\n\t\t\t\t\t<div class=\"e-gallery-image elementor-gallery-item__image\" data-thumbnail=\"https:\/\/www.portovenere.fr\/fr-fr\/wp-content\/uploads\/2019\/07\/Galicia-Cloud-naturel-150x150.jpg\" data-width=\"150\" data-height=\"150\" aria-label=\"\" role=\"img\" ><\/div>\n\t\t\t\t\t\t\t\t\t\t\t<div class=\"elementor-gallery-item__overlay\"><\/div>\n\t\t\t\t\t\t\t\t\t\t\t\t\t\t<\/div>\n\t\t\t\t\t<\/div>\n\t\t\t\t\t<\/div>\n\t\t\t\t<\/div>\n\t\t\t\t<div class=\"elementor-element elementor-element-bcb29f0 elementor-widget elementor-widget-text-editor\" data-id=\"bcb29f0\" data-element_type=\"widget\" data-e-type=\"widget\" data-widget_type=\"text-editor.default\">\n\t\t\t\t<div class=\"elementor-widget-container\">\n\t\t\t\t\t\t\t\t\t<p>Carrelage de sol et mur en gr\u00e8s c\u00e9rame aspect b\u00e9ton propos\u00e9 sous 2 coloris : Cloud (beige) et Light (gris). Grand choix de formats jusqu&rsquo;\u00e0 120x260cm. Finition int\u00e9rieure et ext\u00e9rieure.<\/p>\t\t\t\t\t\t\t\t<\/div>\n\t\t\t\t<\/div>\n\t\t\t\t<div class=\"elementor-element elementor-element-0a4f5f1 elementor-mobile-align-center elementor-align-left elementor-widget elementor-widget-button\" data-id=\"0a4f5f1\" data-element_type=\"widget\" data-e-type=\"widget\" data-widget_type=\"button.default\">\n\t\t\t\t<div class=\"elementor-widget-container\">\n\t\t\t\t\t\t\t\t\t<div class=\"elementor-button-wrapper\">\n\t\t\t\t\t<a class=\"elementor-button elementor-button-link elementor-size-sm\" href=\"https:\/\/www.portovenere.fr\/fr-fr\/carrelage-sol-et-mur-en-gres-cerame-et-faience\/carrelage-contemporain-et-design\/carrelage-contemporain-aspect-beton-galicia\/\">\n\t\t\t\t\t\t<span class=\"elementor-button-content-wrapper\">\n\t\t\t\t\t\t\t\t\t<span class=\"elementor-button-text\">Voir la collection<\/span>\n\t\t\t\t\t<\/span>\n\t\t\t\t\t<\/a>\n\t\t\t\t<\/div>\n\t\t\t\t\t\t\t\t<\/div>\n\t\t\t\t<\/div>\n\t\t\t\t\t<\/div>\n\t\t<\/div>\n\t\t\t\t\t<\/div>\n\t\t<\/section>\n\t\t\t\t\t<\/div>\n\t\t<\/div>\n\t\t\t\t<div class=\"elementor-column elementor-col-33 elementor-top-column elementor-element elementor-element-29d01370 elementor-invisible\" data-id=\"29d01370\" data-element_type=\"column\" data-e-type=\"column\" data-settings=\"{&quot;animation&quot;:&quot;fadeIn&quot;,&quot;background_background&quot;:&quot;classic&quot;}\">\n\t\t\t<div class=\"elementor-widget-wrap elementor-element-populated\">\n\t\t\t\t\t\t<div class=\"elementor-element elementor-element-1f02a8e1 elementor-widget elementor-widget-image\" data-id=\"1f02a8e1\" data-element_type=\"widget\" data-e-type=\"widget\" data-widget_type=\"image.default\">\n\t\t\t\t<div class=\"elementor-widget-container\">\n\t\t\t\t\t\t\t\t\t\t\t\t\t\t\t\t<a href=\"https:\/\/www.portovenere.fr\/fr-fr\/carrelage-sol-et-mur-en-gres-cerame-et-faience\/carrelage-imitation-parquet-aspect-bois\/carrelage-aspect-parquet-en-chene-noumea\/\">\n\t\t\t\t\t\t\t<img loading=\"lazy\" decoding=\"async\" width=\"768\" height=\"520\" src=\"https:\/\/www.portovenere.fr\/fr-fr\/wp-content\/uploads\/2019\/10\/Carrelage-ext\u00e9rieur-effet-parquet-bois-Noum\u00e9a-Tabac-structur\u00e9-antid\u00e9rapant-10mm-20x120-terrasse-768x520.jpg\" class=\"attachment-medium_large size-medium_large wp-image-16365\" alt=\"\" srcset=\"https:\/\/www.portovenere.fr\/fr-fr\/wp-content\/uploads\/2019\/10\/Carrelage-ext\u00e9rieur-effet-parquet-bois-Noum\u00e9a-Tabac-structur\u00e9-antid\u00e9rapant-10mm-20x120-terrasse-768x520.jpg 768w, https:\/\/www.portovenere.fr\/fr-fr\/wp-content\/uploads\/2019\/10\/Carrelage-ext\u00e9rieur-effet-parquet-bois-Noum\u00e9a-Tabac-structur\u00e9-antid\u00e9rapant-10mm-20x120-terrasse-300x203.jpg 300w, https:\/\/www.portovenere.fr\/fr-fr\/wp-content\/uploads\/2019\/10\/Carrelage-ext\u00e9rieur-effet-parquet-bois-Noum\u00e9a-Tabac-structur\u00e9-antid\u00e9rapant-10mm-20x120-terrasse-1024x694.jpg 1024w, https:\/\/www.portovenere.fr\/fr-fr\/wp-content\/uploads\/2019\/10\/Carrelage-ext\u00e9rieur-effet-parquet-bois-Noum\u00e9a-Tabac-structur\u00e9-antid\u00e9rapant-10mm-20x120-terrasse.jpg 1500w\" sizes=\"(max-width: 768px) 100vw, 768px\" \/>\t\t\t\t\t\t\t\t<\/a>\n\t\t\t\t\t\t\t\t\t\t\t\t\t\t\t<\/div>\n\t\t\t\t<\/div>\n\t\t\t\t<section class=\"elementor-section elementor-inner-section elementor-element elementor-element-220fcd4b elementor-section-boxed elementor-section-height-default elementor-section-height-default elementor-invisible\" data-id=\"220fcd4b\" data-element_type=\"section\" data-e-type=\"section\" data-settings=\"{&quot;background_background&quot;:&quot;classic&quot;,&quot;animation&quot;:&quot;fadeIn&quot;}\">\n\t\t\t\t\t\t<div class=\"elementor-container elementor-column-gap-default\">\n\t\t\t\t\t<div class=\"elementor-column elementor-col-100 elementor-inner-column elementor-element elementor-element-64f20518\" data-id=\"64f20518\" data-element_type=\"column\" data-e-type=\"column\">\n\t\t\t<div class=\"elementor-widget-wrap elementor-element-populated\">\n\t\t\t\t\t\t<div class=\"elementor-element elementor-element-3f92a1fb elementor-widget elementor-widget-heading\" data-id=\"3f92a1fb\" data-element_type=\"widget\" data-e-type=\"widget\" data-widget_type=\"heading.default\">\n\t\t\t\t<div class=\"elementor-widget-container\">\n\t\t\t\t\t<h3 class=\"elementor-heading-title elementor-size-default\"><a href=\"https:\/\/www.portovenere.fr\/fr-fr\/carrelage-sol-et-mur-en-gres-cerame-et-faience\/carrelage-imitation-parquet-aspect-bois\/carrelage-aspect-parquet-en-chene-noumea\/\">NOUMEA | 4 coloris<\/a><\/h3>\t\t\t\t<\/div>\n\t\t\t\t<\/div>\n\t\t\t\t<div class=\"elementor-element elementor-element-90726c1 elementor-widget__width-initial elementor-widget elementor-widget-gallery\" data-id=\"90726c1\" data-element_type=\"widget\" data-e-type=\"widget\" data-settings=\"{&quot;gap&quot;:{&quot;unit&quot;:&quot;px&quot;,&quot;size&quot;:3,&quot;sizes&quot;:[]},&quot;columns_mobile&quot;:3,&quot;gap_mobile&quot;:{&quot;unit&quot;:&quot;px&quot;,&quot;size&quot;:6,&quot;sizes&quot;:[]},&quot;columns&quot;:5,&quot;columns_tablet&quot;:3,&quot;gap_tablet&quot;:{&quot;unit&quot;:&quot;px&quot;,&quot;size&quot;:5,&quot;sizes&quot;:[]},&quot;lazyload&quot;:&quot;yes&quot;,&quot;gallery_layout&quot;:&quot;grid&quot;,&quot;aspect_ratio&quot;:&quot;3:2&quot;,&quot;overlay_background&quot;:&quot;yes&quot;,&quot;content_hover_animation&quot;:&quot;fade-in&quot;}\" data-widget_type=\"gallery.default\">\n\t\t\t\t<div class=\"elementor-widget-container\">\n\t\t\t\t\t\t\t<div class=\"elementor-gallery__container\">\n\t\t\t\t\t\t\t<div class=\"e-gallery-item elementor-gallery-item elementor-animated-content\">\n\t\t\t\t\t<div class=\"e-gallery-image elementor-gallery-item__image\" data-thumbnail=\"https:\/\/www.portovenere.fr\/fr-fr\/wp-content\/uploads\/2019\/10\/Carrelage-effet-bois-Noumea-Cendre-150x150.jpg\" data-width=\"150\" data-height=\"150\" aria-label=\"\" role=\"img\" ><\/div>\n\t\t\t\t\t\t\t\t\t\t\t<div class=\"elementor-gallery-item__overlay\"><\/div>\n\t\t\t\t\t\t\t\t\t\t\t\t\t\t<\/div>\n\t\t\t\t\t\t\t<div class=\"e-gallery-item elementor-gallery-item elementor-animated-content\">\n\t\t\t\t\t<div class=\"e-gallery-image elementor-gallery-item__image\" data-thumbnail=\"https:\/\/www.portovenere.fr\/fr-fr\/wp-content\/uploads\/2019\/10\/Carrelage-effet-bois-Noumea-Tabac-150x150.jpg\" data-width=\"150\" data-height=\"150\" aria-label=\"\" role=\"img\" ><\/div>\n\t\t\t\t\t\t\t\t\t\t\t<div class=\"elementor-gallery-item__overlay\"><\/div>\n\t\t\t\t\t\t\t\t\t\t\t\t\t\t<\/div>\n\t\t\t\t\t\t\t<div class=\"e-gallery-item elementor-gallery-item elementor-animated-content\">\n\t\t\t\t\t<div class=\"e-gallery-image elementor-gallery-item__image\" data-thumbnail=\"https:\/\/www.portovenere.fr\/fr-fr\/wp-content\/uploads\/2019\/10\/Carrelage-effet-bois-Noumea-Caramel-150x150.jpg\" data-width=\"150\" data-height=\"150\" aria-label=\"\" role=\"img\" ><\/div>\n\t\t\t\t\t\t\t\t\t\t\t<div class=\"elementor-gallery-item__overlay\"><\/div>\n\t\t\t\t\t\t\t\t\t\t\t\t\t\t<\/div>\n\t\t\t\t\t\t\t<div class=\"e-gallery-item elementor-gallery-item elementor-animated-content\">\n\t\t\t\t\t<div class=\"e-gallery-image elementor-gallery-item__image\" data-thumbnail=\"https:\/\/www.portovenere.fr\/fr-fr\/wp-content\/uploads\/2019\/12\/Carrelage-imitation-bois-Noumea-Miel-150x150.jpg\" data-width=\"150\" data-height=\"150\" aria-label=\"\" role=\"img\" ><\/div>\n\t\t\t\t\t\t\t\t\t\t\t<div class=\"elementor-gallery-item__overlay\"><\/div>\n\t\t\t\t\t\t\t\t\t\t\t\t\t\t<\/div>\n\t\t\t\t\t\t\t<div class=\"e-gallery-item elementor-gallery-item elementor-animated-content\">\n\t\t\t\t\t<div class=\"e-gallery-image elementor-gallery-item__image\" data-thumbnail=\"https:\/\/www.portovenere.fr\/fr-fr\/wp-content\/uploads\/2019\/10\/Noum\u00e9a_D\u00e9cor-Chevrons-rectifi\u00e9s-38x55-1-150x150.jpg\" data-width=\"150\" data-height=\"150\" aria-label=\"\" role=\"img\" ><\/div>\n\t\t\t\t\t\t\t\t\t\t\t<div class=\"elementor-gallery-item__overlay\"><\/div>\n\t\t\t\t\t\t\t\t\t\t\t\t\t\t<\/div>\n\t\t\t\t\t\t\t<div class=\"e-gallery-item elementor-gallery-item elementor-animated-content\">\n\t\t\t\t\t<div class=\"e-gallery-image elementor-gallery-item__image\" data-thumbnail=\"https:\/\/www.portovenere.fr\/fr-fr\/wp-content\/uploads\/2019\/10\/Noum\u00e9a_D\u00e9cor-Mosaique-rectifi\u00e9-30x30-1-150x150.jpg\" data-width=\"150\" data-height=\"150\" aria-label=\"\" role=\"img\" ><\/div>\n\t\t\t\t\t\t\t\t\t\t\t<div class=\"elementor-gallery-item__overlay\"><\/div>\n\t\t\t\t\t\t\t\t\t\t\t\t\t\t<\/div>\n\t\t\t\t\t<\/div>\n\t\t\t\t\t<\/div>\n\t\t\t\t<\/div>\n\t\t\t\t<div class=\"elementor-element elementor-element-44704506 elementor-widget elementor-widget-text-editor\" data-id=\"44704506\" data-element_type=\"widget\" data-e-type=\"widget\" data-widget_type=\"text-editor.default\">\n\t\t\t\t<div class=\"elementor-widget-container\">\n\t\t\t\t\t\t\t\t\t<p>Collection de carrelage en gr\u00e8s c\u00e9rame \u00e0 l&rsquo;aspect parquet bois de ch\u00eane. Une d\u00e9clinaison de 4 coloris dans plusieurs formats pour sol et mur en int\u00e9rieur et ext\u00e9rieur.\u00a0<\/p><p>D\u00e9cors 60&#215;60, chevrons, listel et mosa\u00efques donneront la touche d\u00e9co suppl\u00e9mentaire \u00e0 cette sublime collection de carrelage imitation sol en bois.<\/p>\t\t\t\t\t\t\t\t<\/div>\n\t\t\t\t<\/div>\n\t\t\t\t<div class=\"elementor-element elementor-element-5e2e0112 elementor-mobile-align-center elementor-align-left elementor-widget elementor-widget-button\" data-id=\"5e2e0112\" data-element_type=\"widget\" data-e-type=\"widget\" data-widget_type=\"button.default\">\n\t\t\t\t<div class=\"elementor-widget-container\">\n\t\t\t\t\t\t\t\t\t<div class=\"elementor-button-wrapper\">\n\t\t\t\t\t<a class=\"elementor-button elementor-button-link elementor-size-sm\" href=\"https:\/\/www.portovenere.fr\/fr-fr\/carrelage-sol-et-mur-en-gres-cerame-et-faience\/carrelage-imitation-parquet-aspect-bois\/carrelage-aspect-parquet-en-chene-noumea\/\">\n\t\t\t\t\t\t<span class=\"elementor-button-content-wrapper\">\n\t\t\t\t\t\t\t\t\t<span class=\"elementor-button-text\">Voir la collection<\/span>\n\t\t\t\t\t<\/span>\n\t\t\t\t\t<\/a>\n\t\t\t\t<\/div>\n\t\t\t\t\t\t\t\t<\/div>\n\t\t\t\t<\/div>\n\t\t\t\t\t<\/div>\n\t\t<\/div>\n\t\t\t\t\t<\/div>\n\t\t<\/section>\n\t\t\t\t\t<\/div>\n\t\t<\/div>\n\t\t\t\t<div class=\"elementor-column elementor-col-33 elementor-top-column elementor-element elementor-element-8797d73 elementor-invisible\" data-id=\"8797d73\" data-element_type=\"column\" data-e-type=\"column\" data-settings=\"{&quot;animation&quot;:&quot;fadeIn&quot;,&quot;background_background&quot;:&quot;classic&quot;}\">\n\t\t\t<div class=\"elementor-widget-wrap elementor-element-populated\">\n\t\t\t\t\t\t<div class=\"elementor-element elementor-element-88943d8 elementor-widget elementor-widget-image\" data-id=\"88943d8\" data-element_type=\"widget\" data-e-type=\"widget\" data-widget_type=\"image.default\">\n\t\t\t\t<div class=\"elementor-widget-container\">\n\t\t\t\t\t\t\t\t\t\t\t\t\t\t\t\t<a href=\"https:\/\/www.portovenere.fr\/fr-fr\/carrelage-sol-et-mur-en-gres-cerame-et-faience\/carrelage-imitation-parquet-aspect-bois\/carrelage-contemporain-aspect-parquet-broceliande\/\">\n\t\t\t\t\t\t\t<img loading=\"lazy\" decoding=\"async\" width=\"768\" height=\"512\" src=\"https:\/\/www.portovenere.fr\/fr-fr\/wp-content\/uploads\/2019\/08\/Broceliande-OAK-768x512.jpg\" class=\"attachment-medium_large size-medium_large wp-image-12822\" alt=\"\" srcset=\"https:\/\/www.portovenere.fr\/fr-fr\/wp-content\/uploads\/2019\/08\/Broceliande-OAK-768x512.jpg 768w, https:\/\/www.portovenere.fr\/fr-fr\/wp-content\/uploads\/2019\/08\/Broceliande-OAK-300x200.jpg 300w, https:\/\/www.portovenere.fr\/fr-fr\/wp-content\/uploads\/2019\/08\/Broceliande-OAK-1024x683.jpg 1024w, https:\/\/www.portovenere.fr\/fr-fr\/wp-content\/uploads\/2019\/08\/Broceliande-OAK.jpg 1500w\" sizes=\"(max-width: 768px) 100vw, 768px\" \/>\t\t\t\t\t\t\t\t<\/a>\n\t\t\t\t\t\t\t\t\t\t\t\t\t\t\t<\/div>\n\t\t\t\t<\/div>\n\t\t\t\t<section class=\"elementor-section elementor-inner-section elementor-element elementor-element-f2d5e7f elementor-section-boxed elementor-section-height-default elementor-section-height-default elementor-invisible\" data-id=\"f2d5e7f\" data-element_type=\"section\" data-e-type=\"section\" data-settings=\"{&quot;background_background&quot;:&quot;classic&quot;,&quot;animation&quot;:&quot;fadeIn&quot;}\">\n\t\t\t\t\t\t<div class=\"elementor-container elementor-column-gap-default\">\n\t\t\t\t\t<div class=\"elementor-column elementor-col-100 elementor-inner-column elementor-element elementor-element-2898caa\" data-id=\"2898caa\" data-element_type=\"column\" data-e-type=\"column\">\n\t\t\t<div class=\"elementor-widget-wrap elementor-element-populated\">\n\t\t\t\t\t\t<div class=\"elementor-element elementor-element-8fb3e2a elementor-widget elementor-widget-heading\" data-id=\"8fb3e2a\" data-element_type=\"widget\" data-e-type=\"widget\" data-widget_type=\"heading.default\">\n\t\t\t\t<div class=\"elementor-widget-container\">\n\t\t\t\t\t<h3 class=\"elementor-heading-title elementor-size-default\"><a href=\"https:\/\/www.portovenere.fr\/fr-fr\/carrelage-sol-et-mur-en-gres-cerame-et-faience\/carrelage-imitation-parquet-aspect-bois\/carrelage-contemporain-aspect-parquet-broceliande\/\">BROCELIANDE | 2 coloris<\/a><\/h3>\t\t\t\t<\/div>\n\t\t\t\t<\/div>\n\t\t\t\t<div class=\"elementor-element elementor-element-db9026f elementor-widget__width-initial elementor-widget elementor-widget-gallery\" data-id=\"db9026f\" data-element_type=\"widget\" data-e-type=\"widget\" data-settings=\"{&quot;gap&quot;:{&quot;unit&quot;:&quot;px&quot;,&quot;size&quot;:3,&quot;sizes&quot;:[]},&quot;columns_mobile&quot;:3,&quot;gap_mobile&quot;:{&quot;unit&quot;:&quot;px&quot;,&quot;size&quot;:6,&quot;sizes&quot;:[]},&quot;columns&quot;:5,&quot;columns_tablet&quot;:3,&quot;gap_tablet&quot;:{&quot;unit&quot;:&quot;px&quot;,&quot;size&quot;:5,&quot;sizes&quot;:[]},&quot;lazyload&quot;:&quot;yes&quot;,&quot;gallery_layout&quot;:&quot;grid&quot;,&quot;aspect_ratio&quot;:&quot;3:2&quot;,&quot;overlay_background&quot;:&quot;yes&quot;,&quot;content_hover_animation&quot;:&quot;fade-in&quot;}\" data-widget_type=\"gallery.default\">\n\t\t\t\t<div class=\"elementor-widget-container\">\n\t\t\t\t\t\t\t<div class=\"elementor-gallery__container\">\n\t\t\t\t\t\t\t<div class=\"e-gallery-item elementor-gallery-item elementor-animated-content\">\n\t\t\t\t\t<div class=\"e-gallery-image elementor-gallery-item__image\" data-thumbnail=\"https:\/\/www.portovenere.fr\/fr-fr\/wp-content\/uploads\/2019\/08\/Broceliande-nut-150x150.jpg\" data-width=\"150\" data-height=\"150\" aria-label=\"\" role=\"img\" ><\/div>\n\t\t\t\t\t\t\t\t\t\t\t<div class=\"elementor-gallery-item__overlay\"><\/div>\n\t\t\t\t\t\t\t\t\t\t\t\t\t\t<\/div>\n\t\t\t\t\t\t\t<div class=\"e-gallery-item elementor-gallery-item elementor-animated-content\">\n\t\t\t\t\t<div class=\"e-gallery-image elementor-gallery-item__image\" data-thumbnail=\"https:\/\/www.portovenere.fr\/fr-fr\/wp-content\/uploads\/2020\/08\/Carrelage_Imitation_Parquet_Chene_Broceliande_Oak-150x150.jpg\" data-width=\"150\" data-height=\"150\" aria-label=\"\" role=\"img\" ><\/div>\n\t\t\t\t\t\t\t\t\t\t\t<div class=\"elementor-gallery-item__overlay\"><\/div>\n\t\t\t\t\t\t\t\t\t\t\t\t\t\t<\/div>\n\t\t\t\t\t<\/div>\n\t\t\t\t\t<\/div>\n\t\t\t\t<\/div>\n\t\t\t\t<div class=\"elementor-element elementor-element-7e67885 elementor-widget elementor-widget-text-editor\" data-id=\"7e67885\" data-element_type=\"widget\" data-e-type=\"widget\" data-widget_type=\"text-editor.default\">\n\t\t\t\t<div class=\"elementor-widget-container\">\n\t\t\t\t\t\t\t\t\t<p style=\"outline: currentcolor none medium;\">Carrelage de sol et mur en gr\u00e8s c\u00e9rame aspect bois. Broceliande\u00a0habille l\u2019espace sans fin de l&rsquo;int\u00e9rieur \u00e0 l&rsquo;ext\u00e9rieur et vice versa. Les mosa\u00efques en b\u00e2tons, en bandes ou traditionnelles, viennent compl\u00e9ter cette collection qui reproduit les lames de bois \u00e0 la perfection.\u00a0<\/p>\t\t\t\t\t\t\t\t<\/div>\n\t\t\t\t<\/div>\n\t\t\t\t<div class=\"elementor-element elementor-element-8779e44 elementor-mobile-align-center elementor-widget elementor-widget-button\" data-id=\"8779e44\" data-element_type=\"widget\" data-e-type=\"widget\" data-widget_type=\"button.default\">\n\t\t\t\t<div class=\"elementor-widget-container\">\n\t\t\t\t\t\t\t\t\t<div class=\"elementor-button-wrapper\">\n\t\t\t\t\t<a class=\"elementor-button elementor-button-link elementor-size-sm\" href=\"https:\/\/www.portovenere.fr\/fr-fr\/carrelage-sol-et-mur-en-gres-cerame-et-faience\/carrelage-imitation-parquet-aspect-bois\/carrelage-contemporain-aspect-parquet-broceliande\/\">\n\t\t\t\t\t\t<span class=\"elementor-button-content-wrapper\">\n\t\t\t\t\t\t\t\t\t<span class=\"elementor-button-text\">Voir la collection<\/span>\n\t\t\t\t\t<\/span>\n\t\t\t\t\t<\/a>\n\t\t\t\t<\/div>\n\t\t\t\t\t\t\t\t<\/div>\n\t\t\t\t<\/div>\n\t\t\t\t\t<\/div>\n\t\t<\/div>\n\t\t\t\t\t<\/div>\n\t\t<\/section>\n\t\t\t\t\t<\/div>\n\t\t<\/div>\n\t\t\t\t\t<\/div>\n\t\t<\/section>\n\t\t\t\t<section class=\"elementor-section elementor-top-section elementor-element elementor-element-e90e691 elementor-section-full_width elementor-section-height-default elementor-section-height-default\" data-id=\"e90e691\" data-element_type=\"section\" data-e-type=\"section\">\n\t\t\t\t\t\t<div class=\"elementor-container elementor-column-gap-default\">\n\t\t\t\t\t<div class=\"elementor-column elementor-col-33 elementor-top-column elementor-element elementor-element-3163f85\" data-id=\"3163f85\" data-element_type=\"column\" data-e-type=\"column\" data-settings=\"{&quot;background_background&quot;:&quot;classic&quot;}\">\n\t\t\t<div class=\"elementor-widget-wrap elementor-element-populated\">\n\t\t\t\t\t\t<div class=\"elementor-element elementor-element-a14ced7 elementor-widget elementor-widget-image\" data-id=\"a14ced7\" data-element_type=\"widget\" data-e-type=\"widget\" data-widget_type=\"image.default\">\n\t\t\t\t<div class=\"elementor-widget-container\">\n\t\t\t\t\t\t\t\t\t\t\t\t\t\t\t\t<a href=\"https:\/\/www.portovenere.fr\/fr-fr\/carrelage-sol-et-mur-en-gres-cerame-et-faience\/carrelage-aspect-marbre\/carrelage-sol-et-mur-nuances-de-beige-neptune\/\">\n\t\t\t\t\t\t\t<img decoding=\"async\" src=\"https:\/\/www.portovenere.fr\/fr-fr\/wp-content\/uploads\/elementor\/thumbs\/Carrelage-sol-et-mur-nuances-de-beige-gris-style-pierre-marbre-Neptune-Ghiaccio-Magasin-Porto-Venere-pres-de-Agde-34-r8ifxm1v84rtlasirmy2zbvyg8yrmdg3j5vxftvp34.jpg\" title=\"Carrelage-sol-et-mur-nuances-de-beige-gris-style-pierre-marbre-Neptune-Ghiaccio-Magasin-Porto-Venere-pr\u00e8s-de-Agde-34\" alt=\"Ghiaccio 120x120 cm\" loading=\"lazy\" \/>\t\t\t\t\t\t\t\t<\/a>\n\t\t\t\t\t\t\t\t\t\t\t\t\t\t\t<\/div>\n\t\t\t\t<\/div>\n\t\t\t\t<div class=\"elementor-element elementor-element-401947a elementor-widget elementor-widget-heading\" data-id=\"401947a\" data-element_type=\"widget\" data-e-type=\"widget\" data-widget_type=\"heading.default\">\n\t\t\t\t<div class=\"elementor-widget-container\">\n\t\t\t\t\t<h3 class=\"elementor-heading-title elementor-size-default\"><a href=\"https:\/\/www.portovenere.fr\/fr-fr\/carrelage-sol-et-mur-en-gres-cerame-et-faience\/carrelage-aspect-marbre\/carrelage-sol-et-mur-nuances-de-beige-neptune\/\">NEPTUNE | 6 coloris &amp; d\u00e9cors<\/a><\/h3>\t\t\t\t<\/div>\n\t\t\t\t<\/div>\n\t\t\t\t<div class=\"elementor-element elementor-element-eab6de1 elementor-widget__width-initial elementor-widget elementor-widget-gallery\" data-id=\"eab6de1\" data-element_type=\"widget\" data-e-type=\"widget\" data-settings=\"{&quot;gap&quot;:{&quot;unit&quot;:&quot;px&quot;,&quot;size&quot;:3,&quot;sizes&quot;:[]},&quot;columns_mobile&quot;:3,&quot;gap_mobile&quot;:{&quot;unit&quot;:&quot;px&quot;,&quot;size&quot;:6,&quot;sizes&quot;:[]},&quot;columns&quot;:5,&quot;columns_tablet&quot;:3,&quot;gap_tablet&quot;:{&quot;unit&quot;:&quot;px&quot;,&quot;size&quot;:5,&quot;sizes&quot;:[]},&quot;lazyload&quot;:&quot;yes&quot;,&quot;gallery_layout&quot;:&quot;grid&quot;,&quot;aspect_ratio&quot;:&quot;3:2&quot;,&quot;overlay_background&quot;:&quot;yes&quot;,&quot;content_hover_animation&quot;:&quot;fade-in&quot;}\" data-widget_type=\"gallery.default\">\n\t\t\t\t<div class=\"elementor-widget-container\">\n\t\t\t\t\t\t\t<div class=\"elementor-gallery__container\">\n\t\t\t\t\t\t\t<div class=\"e-gallery-item elementor-gallery-item elementor-animated-content\">\n\t\t\t\t\t<div class=\"e-gallery-image elementor-gallery-item__image\" data-thumbnail=\"https:\/\/www.portovenere.fr\/fr-fr\/wp-content\/uploads\/2025\/03\/Carrelage-sol-et-mur-nuances-de-beige-design-veinage-marbre-Neptune-Tortora-Magasin-Porto-Venere-a-Lattes-34-150x150.jpg\" data-width=\"150\" data-height=\"150\" aria-label=\"Carrelage sol et mur teinte tortora beige NEPTUNE\" role=\"img\" ><\/div>\n\t\t\t\t\t\t\t\t\t\t\t<div class=\"elementor-gallery-item__overlay\"><\/div>\n\t\t\t\t\t\t\t\t\t\t\t\t\t\t<\/div>\n\t\t\t\t\t\t\t<div class=\"e-gallery-item elementor-gallery-item elementor-animated-content\">\n\t\t\t\t\t<div class=\"e-gallery-image elementor-gallery-item__image\" data-thumbnail=\"https:\/\/www.portovenere.fr\/fr-fr\/wp-content\/uploads\/2025\/03\/Carrelage-sol-et-mur-nuances-de-beige-design-veinage-marbre-Neptune-Taupe-Magasin-Porto-Venere-pres-de-Sete-34-150x150.jpg\" data-width=\"150\" data-height=\"150\" aria-label=\"Carrelage sol et mur teinte taupe beige NEPTUNE\" role=\"img\" ><\/div>\n\t\t\t\t\t\t\t\t\t\t\t<div class=\"elementor-gallery-item__overlay\"><\/div>\n\t\t\t\t\t\t\t\t\t\t\t\t\t\t<\/div>\n\t\t\t\t\t\t\t<div class=\"e-gallery-item elementor-gallery-item elementor-animated-content\">\n\t\t\t\t\t<div class=\"e-gallery-image elementor-gallery-item__image\" data-thumbnail=\"https:\/\/www.portovenere.fr\/fr-fr\/wp-content\/uploads\/2025\/03\/Carrelage-sol-et-mur-nuances-de-beige-design-veinage-marbre-Neptune-Crema-Magasin-Porto-Venere-a-Montpellier-34-150x150.jpg\" data-width=\"150\" data-height=\"150\" aria-label=\"Carrelage sol et mur teinte crema beige NEPTUNE\" role=\"img\" ><\/div>\n\t\t\t\t\t\t\t\t\t\t\t<div class=\"elementor-gallery-item__overlay\"><\/div>\n\t\t\t\t\t\t\t\t\t\t\t\t\t\t<\/div>\n\t\t\t\t\t\t\t<div class=\"e-gallery-item elementor-gallery-item elementor-animated-content\">\n\t\t\t\t\t<div class=\"e-gallery-image elementor-gallery-item__image\" data-thumbnail=\"https:\/\/www.portovenere.fr\/fr-fr\/wp-content\/uploads\/2025\/03\/Carrelage-sol-et-mur-nuances-de-noir-gris-design-veinage-marbre-Neptune-Nero-Magasin-Porto-Venere-pres-de-Lattes-34-150x150.jpg\" data-width=\"150\" data-height=\"150\" aria-label=\"\" role=\"img\" ><\/div>\n\t\t\t\t\t\t\t\t\t\t\t<div class=\"elementor-gallery-item__overlay\"><\/div>\n\t\t\t\t\t\t\t\t\t\t\t\t\t\t<\/div>\n\t\t\t\t\t\t\t<div class=\"e-gallery-item elementor-gallery-item elementor-animated-content\">\n\t\t\t\t\t<div class=\"e-gallery-image elementor-gallery-item__image\" data-thumbnail=\"https:\/\/www.portovenere.fr\/fr-fr\/wp-content\/uploads\/2025\/03\/Carrelage-sol-et-mur-nuances-de-beige-gris-design-veinage-marbre-Neptune-Grigio-Magasin-Porto-Venere-pres-de-Baillargues-34-150x150.jpg\" data-width=\"150\" data-height=\"150\" aria-label=\"\" role=\"img\" ><\/div>\n\t\t\t\t\t\t\t\t\t\t\t<div class=\"elementor-gallery-item__overlay\"><\/div>\n\t\t\t\t\t\t\t\t\t\t\t\t\t\t<\/div>\n\t\t\t\t\t\t\t<div class=\"e-gallery-item elementor-gallery-item elementor-animated-content\">\n\t\t\t\t\t<div class=\"e-gallery-image elementor-gallery-item__image\" data-thumbnail=\"https:\/\/www.portovenere.fr\/fr-fr\/wp-content\/uploads\/2025\/03\/Carrelage-sol-et-mur-nuances-de-beige-gris-design-veinage-marbre-Neptune-Ghiaccio-Magasin-Porto-Venere-pres-de-Beziers-34-150x150.jpg\" data-width=\"150\" data-height=\"150\" aria-label=\"\" role=\"img\" ><\/div>\n\t\t\t\t\t\t\t\t\t\t\t<div class=\"elementor-gallery-item__overlay\"><\/div>\n\t\t\t\t\t\t\t\t\t\t\t\t\t\t<\/div>\n\t\t\t\t\t\t\t<div class=\"e-gallery-item elementor-gallery-item elementor-animated-content\">\n\t\t\t\t\t<div class=\"e-gallery-image elementor-gallery-item__image\" data-thumbnail=\"https:\/\/www.portovenere.fr\/fr-fr\/wp-content\/uploads\/2025\/03\/Carrelage-hexagonal-bicolore-beige-et-noir-effet-marbre-veine-30x30-cm-Neptune-Hexagonal-34x30-cm-pres-de-Pezenas-34-150x150.jpg\" data-width=\"150\" data-height=\"150\" aria-label=\"\" role=\"img\" ><\/div>\n\t\t\t\t\t\t\t\t\t\t\t<div class=\"elementor-gallery-item__overlay\"><\/div>\n\t\t\t\t\t\t\t\t\t\t\t\t\t\t<\/div>\n\t\t\t\t\t\t\t<div class=\"e-gallery-item elementor-gallery-item elementor-animated-content\">\n\t\t\t\t\t<div class=\"e-gallery-image elementor-gallery-item__image\" data-thumbnail=\"https:\/\/www.portovenere.fr\/fr-fr\/wp-content\/uploads\/2025\/03\/Carrelage-hexagonal-teinte-beige-grise-bicolore-Ghiaccio-Grigio-effet-marbre-veine-luxe-30x30-cm-Neptune-Hexagonal-34x30-cm-pres-de-Nimes-30-150x150.jpg\" data-width=\"150\" data-height=\"150\" aria-label=\"\" role=\"img\" ><\/div>\n\t\t\t\t\t\t\t\t\t\t\t<div class=\"elementor-gallery-item__overlay\"><\/div>\n\t\t\t\t\t\t\t\t\t\t\t\t\t\t<\/div>\n\t\t\t\t\t\t\t<div class=\"e-gallery-item elementor-gallery-item elementor-animated-content\">\n\t\t\t\t\t<div class=\"e-gallery-image elementor-gallery-item__image\" data-thumbnail=\"https:\/\/www.portovenere.fr\/fr-fr\/wp-content\/uploads\/2025\/03\/Carrelage-hexagonal-bicolore-taupe-creme-effet-marbre-veine-luxe-30x30-cm-Neptune-Hexagonal-34x30-cm-pres-de-Paris-75-150x150.jpg\" data-width=\"150\" data-height=\"150\" aria-label=\"\" role=\"img\" ><\/div>\n\t\t\t\t\t\t\t\t\t\t\t<div class=\"elementor-gallery-item__overlay\"><\/div>\n\t\t\t\t\t\t\t\t\t\t\t\t\t\t<\/div>\n\t\t\t\t\t\t\t<div class=\"e-gallery-item elementor-gallery-item elementor-animated-content\">\n\t\t\t\t\t<div class=\"e-gallery-image elementor-gallery-item__image\" data-thumbnail=\"https:\/\/www.portovenere.fr\/fr-fr\/wp-content\/uploads\/2025\/03\/Mosaique-claire-carrelage-sol-et-mur-nuances-de-beige-sable-design-veinage-marbre-Neptune-Crema-pour-salle-de-bains-cuisine-pres-de-Meze-34-150x150.jpg\" data-width=\"150\" data-height=\"150\" aria-label=\"\" role=\"img\" ><\/div>\n\t\t\t\t\t\t\t\t\t\t\t<div class=\"elementor-gallery-item__overlay\"><\/div>\n\t\t\t\t\t\t\t\t\t\t\t\t\t\t<\/div>\n\t\t\t\t\t\t\t<div class=\"e-gallery-item elementor-gallery-item elementor-animated-content\">\n\t\t\t\t\t<div class=\"e-gallery-image elementor-gallery-item__image\" data-thumbnail=\"https:\/\/www.portovenere.fr\/fr-fr\/wp-content\/uploads\/2025\/03\/Mosaique-carrelage-sol-et-mur-nuances-de-beige-gris-design-veinage-marbre-Neptune-Grigio-pour-salle-de-bains-cuisine-pres-de-Montferrier-sur-Lez-34-150x150.jpg\" data-width=\"150\" data-height=\"150\" aria-label=\"\" role=\"img\" ><\/div>\n\t\t\t\t\t\t\t\t\t\t\t<div class=\"elementor-gallery-item__overlay\"><\/div>\n\t\t\t\t\t\t\t\t\t\t\t\t\t\t<\/div>\n\t\t\t\t\t\t\t<div class=\"e-gallery-item elementor-gallery-item elementor-animated-content\">\n\t\t\t\t\t<div class=\"e-gallery-image elementor-gallery-item__image\" data-thumbnail=\"https:\/\/www.portovenere.fr\/fr-fr\/wp-content\/uploads\/2025\/03\/Mosaique-carrelage-sol-et-mur-nuances-de-beige-design-veinage-marbre-Neptune-Tortora-pour-salle-de-bains-cuisine-pres-de-Saint-Jean-de-cuculles-34-150x150.jpg\" data-width=\"150\" data-height=\"150\" aria-label=\"\" role=\"img\" ><\/div>\n\t\t\t\t\t\t\t\t\t\t\t<div class=\"elementor-gallery-item__overlay\"><\/div>\n\t\t\t\t\t\t\t\t\t\t\t\t\t\t<\/div>\n\t\t\t\t\t\t\t<div class=\"e-gallery-item elementor-gallery-item elementor-animated-content\">\n\t\t\t\t\t<div class=\"e-gallery-image elementor-gallery-item__image\" data-thumbnail=\"https:\/\/www.portovenere.fr\/fr-fr\/wp-content\/uploads\/2025\/03\/Mosaique-carrelage-sol-et-mur-nuances-de-beige-taupe-design-veinage-marbre-Neptune-Taupe-pour-salle-de-bains-cuisine-pres-de-Saint-Jean-de-Vedas-34-150x150.jpg\" data-width=\"150\" data-height=\"150\" aria-label=\"\" role=\"img\" ><\/div>\n\t\t\t\t\t\t\t\t\t\t\t<div class=\"elementor-gallery-item__overlay\"><\/div>\n\t\t\t\t\t\t\t\t\t\t\t\t\t\t<\/div>\n\t\t\t\t\t\t\t<div class=\"e-gallery-item elementor-gallery-item elementor-animated-content\">\n\t\t\t\t\t<div class=\"e-gallery-image elementor-gallery-item__image\" data-thumbnail=\"https:\/\/www.portovenere.fr\/fr-fr\/wp-content\/uploads\/2025\/03\/Mosaique-carrelage-sol-et-mur-nuances-de-beige-gris-design-veinage-marbre-Neptune-Ghiaccio-pour-salle-de-bains-cuisine-pres-de-Mauguio-34-150x150.jpg\" data-width=\"150\" data-height=\"150\" aria-label=\"\" role=\"img\" ><\/div>\n\t\t\t\t\t\t\t\t\t\t\t<div class=\"elementor-gallery-item__overlay\"><\/div>\n\t\t\t\t\t\t\t\t\t\t\t\t\t\t<\/div>\n\t\t\t\t\t\t\t<div class=\"e-gallery-item elementor-gallery-item elementor-animated-content\">\n\t\t\t\t\t<div class=\"e-gallery-image elementor-gallery-item__image\" data-thumbnail=\"https:\/\/www.portovenere.fr\/fr-fr\/wp-content\/uploads\/2025\/03\/Mosaique-carrelage-sol-et-mur-nuances-de-noir-veine-blanc-style-marbre-Neptune-Nero-pour-salle-de-bains-cuisine-magasin-Porto-Venere-a-Montpellier-34-150x150.jpg\" data-width=\"150\" data-height=\"150\" aria-label=\"\" role=\"img\" ><\/div>\n\t\t\t\t\t\t\t\t\t\t\t<div class=\"elementor-gallery-item__overlay\"><\/div>\n\t\t\t\t\t\t\t\t\t\t\t\t\t\t<\/div>\n\t\t\t\t\t\t\t<div class=\"e-gallery-item elementor-gallery-item elementor-animated-content\">\n\t\t\t\t\t<div class=\"e-gallery-image elementor-gallery-item__image\" data-thumbnail=\"https:\/\/www.portovenere.fr\/fr-fr\/wp-content\/uploads\/2025\/03\/Carrelage-effet-marbre-veine-carreaux-decor-baguette-3-teintes-Neptune-Bachette-Freddo-revetement-mural-pres-de-Perols-34-150x150.jpg\" data-width=\"150\" data-height=\"150\" aria-label=\"\" role=\"img\" ><\/div>\n\t\t\t\t\t\t\t\t\t\t\t<div class=\"elementor-gallery-item__overlay\"><\/div>\n\t\t\t\t\t\t\t\t\t\t\t\t\t\t<\/div>\n\t\t\t\t\t\t\t<div class=\"e-gallery-item elementor-gallery-item elementor-animated-content\">\n\t\t\t\t\t<div class=\"e-gallery-image elementor-gallery-item__image\" data-thumbnail=\"https:\/\/www.portovenere.fr\/fr-fr\/wp-content\/uploads\/2025\/03\/Carrelage-effet-marbre-veine-carreaux-decor-baguette-3-teintes-Neptune-Bachette-Caldo-revetement-mural-pres-de-Marseillan-34-150x150.jpg\" data-width=\"150\" data-height=\"150\" aria-label=\"\" role=\"img\" ><\/div>\n\t\t\t\t\t\t\t\t\t\t\t<div class=\"elementor-gallery-item__overlay\"><\/div>\n\t\t\t\t\t\t\t\t\t\t\t\t\t\t<\/div>\n\t\t\t\t\t<\/div>\n\t\t\t\t\t<\/div>\n\t\t\t\t<\/div>\n\t\t\t\t<div class=\"elementor-element elementor-element-1a1f3f6 elementor-widget elementor-widget-text-editor\" data-id=\"1a1f3f6\" data-element_type=\"widget\" data-e-type=\"widget\" data-widget_type=\"text-editor.default\">\n\t\t\t\t<div class=\"elementor-widget-container\">\n\t\t\t\t\t\t\t\t\t<p>Vous recherchez un carrelage pour sol et mur dans les\u00a0<b>nuances de beige<\/b>\u00a0? D\u00e9couvrez le gr\u00e8s c\u00e9rame effet marbre design NEPTUNE qui se d\u00e9cline dans\u00a0<b>6 teintes \u00e9l\u00e9gantes<\/b>\u00a0: Crema, Grigio, Tortora, Ghiaccio, Taupe et Nero.\u00a0<\/p><p>Tr\u00e8s tendance, le beige revient dans tous les int\u00e9rieurs. Le carrelage sol et mur Neptune se d\u00e9cline dans les formats :\u00a0<b>120&#215;120 cm, 60&#215;120 cm, 60&#215;60 cm, 30&#215;60 cm, 7,5&#215;30 cm et hexagonal maxi 108&#215;120 cm<\/b>. 3 finitions disponibles :\u00a0<b>Naturel mat, Wax poli ou Antid\u00e9rapant.<\/b>\u00a0<\/p><p>La collection de carrelage Neptune est parfaitement adapt\u00e9e pour toutes les pi\u00e8ces de la maison, du salon \u00e0 la salle de bain, en passant par la cuisine ou la\u00a0<b>terrasse gr\u00e2ce \u00e0 la finition<\/b>\u00a0<b>antid\u00e9rapante en 60&#215;120 cm<\/b>.\u00a0<\/p><p>Des\u00a0<b>mosa\u00efques<\/b>, des plinthes, des carreaux hexagonaux 34&#215;30 cm et 2 d\u00e9cors Baguette Caldo et Freddo compl\u00e8tent la collection.\u00a0<\/p>\t\t\t\t\t\t\t\t<\/div>\n\t\t\t\t<\/div>\n\t\t\t\t<div class=\"elementor-element elementor-element-ec86003 elementor-mobile-align-center elementor-align-left elementor-widget elementor-widget-button\" data-id=\"ec86003\" data-element_type=\"widget\" data-e-type=\"widget\" data-widget_type=\"button.default\">\n\t\t\t\t<div class=\"elementor-widget-container\">\n\t\t\t\t\t\t\t\t\t<div class=\"elementor-button-wrapper\">\n\t\t\t\t\t<a class=\"elementor-button elementor-button-link elementor-size-sm\" href=\"https:\/\/www.portovenere.fr\/fr-fr\/carrelage-sol-et-mur-en-gres-cerame-et-faience\/carrelage-aspect-marbre\/carrelage-sol-et-mur-nuances-de-beige-neptune\/\">\n\t\t\t\t\t\t<span class=\"elementor-button-content-wrapper\">\n\t\t\t\t\t\t\t\t\t<span class=\"elementor-button-text\">Voir la collection<\/span>\n\t\t\t\t\t<\/span>\n\t\t\t\t\t<\/a>\n\t\t\t\t<\/div>\n\t\t\t\t\t\t\t\t<\/div>\n\t\t\t\t<\/div>\n\t\t\t\t\t<\/div>\n\t\t<\/div>\n\t\t\t\t<div class=\"elementor-column elementor-col-33 elementor-top-column elementor-element elementor-element-133856f9\" data-id=\"133856f9\" data-element_type=\"column\" data-e-type=\"column\" data-settings=\"{&quot;background_background&quot;:&quot;classic&quot;}\">\n\t\t\t<div class=\"elementor-widget-wrap elementor-element-populated\">\n\t\t\t\t\t\t<div class=\"elementor-element elementor-element-40369311 elementor-widget elementor-widget-image\" data-id=\"40369311\" data-element_type=\"widget\" data-e-type=\"widget\" data-widget_type=\"image.default\">\n\t\t\t\t<div class=\"elementor-widget-container\">\n\t\t\t\t\t\t\t\t\t\t\t\t\t\t\t\t<a href=\"https:\/\/www.portovenere.fr\/fr-fr\/carrelage-sol-et-mur-en-gres-cerame-et-faience\/carrelage-aspect-pierre\/carrelage-aspect-vieille-pierre-pittsburgh\/\">\n\t\t\t\t\t\t\t<img loading=\"lazy\" decoding=\"async\" width=\"800\" height=\"534\" src=\"https:\/\/www.portovenere.fr\/fr-fr\/wp-content\/uploads\/2019\/12\/Carrelage-aspect-pierre-ancienne-Pittsburgs_Sunrise_salle-de-bain_douche_italienne_mosa\u00efque_muretto_et-60x60_au_sol-1024x683.jpg\" class=\"attachment-large size-large wp-image-19632\" alt=\"\" srcset=\"https:\/\/www.portovenere.fr\/fr-fr\/wp-content\/uploads\/2019\/12\/Carrelage-aspect-pierre-ancienne-Pittsburgs_Sunrise_salle-de-bain_douche_italienne_mosa\u00efque_muretto_et-60x60_au_sol-1024x683.jpg 1024w, https:\/\/www.portovenere.fr\/fr-fr\/wp-content\/uploads\/2019\/12\/Carrelage-aspect-pierre-ancienne-Pittsburgs_Sunrise_salle-de-bain_douche_italienne_mosa\u00efque_muretto_et-60x60_au_sol-300x200.jpg 300w, https:\/\/www.portovenere.fr\/fr-fr\/wp-content\/uploads\/2019\/12\/Carrelage-aspect-pierre-ancienne-Pittsburgs_Sunrise_salle-de-bain_douche_italienne_mosa\u00efque_muretto_et-60x60_au_sol-768x512.jpg 768w, https:\/\/www.portovenere.fr\/fr-fr\/wp-content\/uploads\/2019\/12\/Carrelage-aspect-pierre-ancienne-Pittsburgs_Sunrise_salle-de-bain_douche_italienne_mosa\u00efque_muretto_et-60x60_au_sol.jpg 1500w\" sizes=\"(max-width: 800px) 100vw, 800px\" \/>\t\t\t\t\t\t\t\t<\/a>\n\t\t\t\t\t\t\t\t\t\t\t\t\t\t\t<\/div>\n\t\t\t\t<\/div>\n\t\t\t\t<div class=\"elementor-element elementor-element-1b542e28 elementor-widget elementor-widget-heading\" data-id=\"1b542e28\" data-element_type=\"widget\" data-e-type=\"widget\" data-widget_type=\"heading.default\">\n\t\t\t\t<div class=\"elementor-widget-container\">\n\t\t\t\t\t<h3 class=\"elementor-heading-title elementor-size-default\"><a href=\"https:\/\/www.portovenere.fr\/fr-fr\/carrelage-sol-et-mur-en-gres-cerame-et-faience\/carrelage-aspect-pierre\/carrelage-aspect-vieille-pierre-pittsburgh\/\">PITTSBURGH | 2 coloris<\/a><\/h3>\t\t\t\t<\/div>\n\t\t\t\t<\/div>\n\t\t\t\t<div class=\"elementor-element elementor-element-3f9b5b9 elementor-widget__width-initial elementor-widget elementor-widget-gallery\" data-id=\"3f9b5b9\" data-element_type=\"widget\" data-e-type=\"widget\" data-settings=\"{&quot;gap&quot;:{&quot;unit&quot;:&quot;px&quot;,&quot;size&quot;:3,&quot;sizes&quot;:[]},&quot;columns_mobile&quot;:3,&quot;gap_mobile&quot;:{&quot;unit&quot;:&quot;px&quot;,&quot;size&quot;:6,&quot;sizes&quot;:[]},&quot;columns&quot;:5,&quot;columns_tablet&quot;:3,&quot;gap_tablet&quot;:{&quot;unit&quot;:&quot;px&quot;,&quot;size&quot;:5,&quot;sizes&quot;:[]},&quot;lazyload&quot;:&quot;yes&quot;,&quot;gallery_layout&quot;:&quot;grid&quot;,&quot;aspect_ratio&quot;:&quot;3:2&quot;,&quot;overlay_background&quot;:&quot;yes&quot;,&quot;content_hover_animation&quot;:&quot;fade-in&quot;}\" data-widget_type=\"gallery.default\">\n\t\t\t\t<div class=\"elementor-widget-container\">\n\t\t\t\t\t\t\t<div class=\"elementor-gallery__container\">\n\t\t\t\t\t\t\t<div class=\"e-gallery-item elementor-gallery-item elementor-animated-content\">\n\t\t\t\t\t<div class=\"e-gallery-image elementor-gallery-item__image\" data-thumbnail=\"https:\/\/www.portovenere.fr\/fr-fr\/wp-content\/uploads\/2019\/12\/Carrelage-aspect-pierre-ancienne-Pittsburgs_Sunrise_bords-rectifi\u00e9s-150x150.jpg\" data-width=\"150\" data-height=\"150\" aria-label=\"\" role=\"img\" ><\/div>\n\t\t\t\t\t\t\t\t\t\t\t<div class=\"elementor-gallery-item__overlay\"><\/div>\n\t\t\t\t\t\t\t\t\t\t\t\t\t\t<\/div>\n\t\t\t\t\t\t\t<div class=\"e-gallery-item elementor-gallery-item elementor-animated-content\">\n\t\t\t\t\t<div class=\"e-gallery-image elementor-gallery-item__image\" data-thumbnail=\"https:\/\/www.portovenere.fr\/fr-fr\/wp-content\/uploads\/2019\/12\/Carrelage-aspect-pierre-ancienne-Pittsburgs_Wind_bords-rectifi\u00e9s-150x150.jpg\" data-width=\"150\" data-height=\"150\" aria-label=\"\" role=\"img\" ><\/div>\n\t\t\t\t\t\t\t\t\t\t\t<div class=\"elementor-gallery-item__overlay\"><\/div>\n\t\t\t\t\t\t\t\t\t\t\t\t\t\t<\/div>\n\t\t\t\t\t<\/div>\n\t\t\t\t\t<\/div>\n\t\t\t\t<\/div>\n\t\t\t\t<div class=\"elementor-element elementor-element-6ad99cfd elementor-widget elementor-widget-text-editor\" data-id=\"6ad99cfd\" data-element_type=\"widget\" data-e-type=\"widget\" data-widget_type=\"text-editor.default\">\n\t\t\t\t<div class=\"elementor-widget-container\">\n\t\t\t\t\t\t\t\t\t<p>Carrelage aspect vieille pierre naturelle disponible en finition \u00ab\u00a0Antique\u00a0\u00bb aux bords irr\u00e9guliers ou bords droits r\u00e9guliers. Nombreux formats propos\u00e9s pour une pose au sol et murale pour des espaces int\u00e9rieurs et<b> ext\u00e9rieurs gr\u00e2ce \u00e0 une finition antid\u00e9rapante<\/b>.\u00a0<\/p><p>Les d\u00e9cors mosa\u00efques apporteront la touche finale \u00e0 l&rsquo;atmosph\u00e8re de vos espaces de vie.\u00a0<\/p>\t\t\t\t\t\t\t\t<\/div>\n\t\t\t\t<\/div>\n\t\t\t\t<div class=\"elementor-element elementor-element-2268f04 elementor-mobile-align-center elementor-align-left elementor-widget elementor-widget-button\" data-id=\"2268f04\" data-element_type=\"widget\" data-e-type=\"widget\" data-widget_type=\"button.default\">\n\t\t\t\t<div class=\"elementor-widget-container\">\n\t\t\t\t\t\t\t\t\t<div class=\"elementor-button-wrapper\">\n\t\t\t\t\t<a class=\"elementor-button elementor-button-link elementor-size-sm\" href=\"https:\/\/www.portovenere.fr\/fr-fr\/carrelage-sol-et-mur-en-gres-cerame-et-faience\/carrelage-aspect-pierre\/carrelage-aspect-vieille-pierre-pittsburgh\/\">\n\t\t\t\t\t\t<span class=\"elementor-button-content-wrapper\">\n\t\t\t\t\t\t\t\t\t<span class=\"elementor-button-text\">Voir la collection<\/span>\n\t\t\t\t\t<\/span>\n\t\t\t\t\t<\/a>\n\t\t\t\t<\/div>\n\t\t\t\t\t\t\t\t<\/div>\n\t\t\t\t<\/div>\n\t\t\t\t\t<\/div>\n\t\t<\/div>\n\t\t\t\t<div class=\"elementor-column elementor-col-33 elementor-top-column elementor-element elementor-element-10be5d8\" data-id=\"10be5d8\" data-element_type=\"column\" data-e-type=\"column\" data-settings=\"{&quot;background_background&quot;:&quot;classic&quot;}\">\n\t\t\t<div class=\"elementor-widget-wrap elementor-element-populated\">\n\t\t\t\t\t\t<div class=\"elementor-element elementor-element-040016b elementor-widget elementor-widget-image\" data-id=\"040016b\" data-element_type=\"widget\" data-e-type=\"widget\" data-widget_type=\"image.default\">\n\t\t\t\t<div class=\"elementor-widget-container\">\n\t\t\t\t\t\t\t\t\t\t\t\t\t\t\t\t<a href=\"https:\/\/www.portovenere.fr\/fr-fr\/carrelage-sol-et-mur-en-gres-cerame-et-faience\/carrelage-aspect-pierre\/carrelage-effet-pierre-naturelle-pour-interieur-et-exterieur-merece\/\">\n\t\t\t\t\t\t\t<img decoding=\"async\" src=\"https:\/\/www.portovenere.fr\/fr-fr\/wp-content\/uploads\/elementor\/thumbs\/carrelage-aspect-pierre-naturelle-beige-catalan-sol-et-mur-collection-merece-porto-venere-04-r8ien5v3fyfvyzld86kl6axettxzqnm4epb7vynexw.jpg\" title=\"carrelage-aspect-pierre-naturelle-beige-catalan-sol-et-mur-collection-merece-porto-venere-04\" alt=\"carrelage-aspect-pierre-naturelle-beige-catalan-sol-et-mur-collection-merece-porto-venere-04\" loading=\"lazy\" \/>\t\t\t\t\t\t\t\t<\/a>\n\t\t\t\t\t\t\t\t\t\t\t\t\t\t\t<\/div>\n\t\t\t\t<\/div>\n\t\t\t\t<div class=\"elementor-element elementor-element-676770e elementor-widget elementor-widget-heading\" data-id=\"676770e\" data-element_type=\"widget\" data-e-type=\"widget\" data-widget_type=\"heading.default\">\n\t\t\t\t<div class=\"elementor-widget-container\">\n\t\t\t\t\t<h3 class=\"elementor-heading-title elementor-size-default\"><a href=\"https:\/\/www.portovenere.fr\/fr-fr\/carrelage-sol-et-mur-en-gres-cerame-et-faience\/carrelage-aspect-pierre\/carrelage-effet-pierre-naturelle-pour-interieur-et-exterieur-merece\/\">MERECE | 8 coloris<\/a><\/h3>\t\t\t\t<\/div>\n\t\t\t\t<\/div>\n\t\t\t\t<div class=\"elementor-element elementor-element-7e065a3 elementor-widget__width-initial elementor-widget elementor-widget-gallery\" data-id=\"7e065a3\" data-element_type=\"widget\" data-e-type=\"widget\" data-settings=\"{&quot;gap&quot;:{&quot;unit&quot;:&quot;px&quot;,&quot;size&quot;:3,&quot;sizes&quot;:[]},&quot;columns_mobile&quot;:3,&quot;gap_mobile&quot;:{&quot;unit&quot;:&quot;px&quot;,&quot;size&quot;:6,&quot;sizes&quot;:[]},&quot;columns&quot;:5,&quot;columns_tablet&quot;:3,&quot;gap_tablet&quot;:{&quot;unit&quot;:&quot;px&quot;,&quot;size&quot;:5,&quot;sizes&quot;:[]},&quot;lazyload&quot;:&quot;yes&quot;,&quot;gallery_layout&quot;:&quot;grid&quot;,&quot;aspect_ratio&quot;:&quot;3:2&quot;,&quot;overlay_background&quot;:&quot;yes&quot;,&quot;content_hover_animation&quot;:&quot;fade-in&quot;}\" data-widget_type=\"gallery.default\">\n\t\t\t\t<div class=\"elementor-widget-container\">\n\t\t\t\t\t\t\t<div class=\"elementor-gallery__container\">\n\t\t\t\t\t\t\t<div class=\"e-gallery-item elementor-gallery-item elementor-animated-content\">\n\t\t\t\t\t<div class=\"e-gallery-image elementor-gallery-item__image\" data-thumbnail=\"https:\/\/www.portovenere.fr\/fr-fr\/wp-content\/uploads\/2023\/03\/carrelage-imitation-pierre-naturelle-travertino-dark-sol-et-mur-porto-venere-150x150.jpg\" data-width=\"150\" data-height=\"150\" aria-label=\"carrelage imitation pierre naturelle Travertino Dark pour sol et mur, int\u00e9rieur et ext\u00e9rieur collection Merece porto venere\" role=\"img\" ><\/div>\n\t\t\t\t\t\t\t\t\t\t\t<div class=\"elementor-gallery-item__overlay\"><\/div>\n\t\t\t\t\t\t\t\t\t\t\t\t\t\t<\/div>\n\t\t\t\t\t\t\t<div class=\"e-gallery-item elementor-gallery-item elementor-animated-content\">\n\t\t\t\t\t<div class=\"e-gallery-image elementor-gallery-item__image\" data-thumbnail=\"https:\/\/www.portovenere.fr\/fr-fr\/wp-content\/uploads\/2023\/03\/carrelage-effet-pierre-naturelle-travertino-light-sol-et-mur-porto-venere-150x150.jpg\" data-width=\"150\" data-height=\"150\" aria-label=\"carrelage effet pierre naturelle Travertino Light pour sol et mur, int\u00e9rieur et ext\u00e9rieur collection Merece porto venere\" role=\"img\" ><\/div>\n\t\t\t\t\t\t\t\t\t\t\t<div class=\"elementor-gallery-item__overlay\"><\/div>\n\t\t\t\t\t\t\t\t\t\t\t\t\t\t<\/div>\n\t\t\t\t\t\t\t<div class=\"e-gallery-item elementor-gallery-item elementor-animated-content\">\n\t\t\t\t\t<div class=\"e-gallery-image elementor-gallery-item__image\" data-thumbnail=\"https:\/\/www.portovenere.fr\/fr-fr\/wp-content\/uploads\/2023\/03\/carrelage-aspect-pierre-naturelle-saastal-sol-et-mur-porto-venere-150x150.jpg\" data-width=\"150\" data-height=\"150\" aria-label=\"\" role=\"img\" ><\/div>\n\t\t\t\t\t\t\t\t\t\t\t<div class=\"elementor-gallery-item__overlay\"><\/div>\n\t\t\t\t\t\t\t\t\t\t\t\t\t\t<\/div>\n\t\t\t\t\t\t\t<div class=\"e-gallery-item elementor-gallery-item elementor-animated-content\">\n\t\t\t\t\t<div class=\"e-gallery-image elementor-gallery-item__image\" data-thumbnail=\"https:\/\/www.portovenere.fr\/fr-fr\/wp-content\/uploads\/2023\/03\/carrelage-imitation-pierre-naturelle-gris-catalan-sol-et-mur-porto-venere-150x150.jpg\" data-width=\"150\" data-height=\"150\" aria-label=\"\" role=\"img\" ><\/div>\n\t\t\t\t\t\t\t\t\t\t\t<div class=\"elementor-gallery-item__overlay\"><\/div>\n\t\t\t\t\t\t\t\t\t\t\t\t\t\t<\/div>\n\t\t\t\t\t\t\t<div class=\"e-gallery-item elementor-gallery-item elementor-animated-content\">\n\t\t\t\t\t<div class=\"e-gallery-image elementor-gallery-item__image\" data-thumbnail=\"https:\/\/www.portovenere.fr\/fr-fr\/wp-content\/uploads\/2023\/03\/carrelage-effet-pierre-naturelle-gold-catalan-sol-et-mur-porto-venere-150x150.jpg\" data-width=\"150\" data-height=\"150\" aria-label=\"carrelage effet pierre naturelle Gold Catalan pour sol et mur, int\u00e9rieur et ext\u00e9rieur collection Merece porto venere\" role=\"img\" ><\/div>\n\t\t\t\t\t\t\t\t\t\t\t<div class=\"elementor-gallery-item__overlay\"><\/div>\n\t\t\t\t\t\t\t\t\t\t\t\t\t\t<\/div>\n\t\t\t\t\t\t\t<div class=\"e-gallery-item elementor-gallery-item elementor-animated-content\">\n\t\t\t\t\t<div class=\"e-gallery-image elementor-gallery-item__image\" data-thumbnail=\"https:\/\/www.portovenere.fr\/fr-fr\/wp-content\/uploads\/2023\/03\/carrelage-aspect-pierre-naturelle-beige-catalan-sol-et-mur-porto-venere-150x150.jpg\" data-width=\"150\" data-height=\"150\" aria-label=\"carrelage aspect pierre naturelle Beige Catalan pour sol et mur, int\u00e9rieur et ext\u00e9rieur collection Merece porto venere\" role=\"img\" ><\/div>\n\t\t\t\t\t\t\t\t\t\t\t<div class=\"elementor-gallery-item__overlay\"><\/div>\n\t\t\t\t\t\t\t\t\t\t\t\t\t\t<\/div>\n\t\t\t\t\t\t\t<div class=\"e-gallery-item elementor-gallery-item elementor-animated-content\">\n\t\t\t\t\t<div class=\"e-gallery-image elementor-gallery-item__image\" data-thumbnail=\"https:\/\/www.portovenere.fr\/fr-fr\/wp-content\/uploads\/2023\/03\/carrelage-effet-pierre-naturelle-desert-stone-sol-et-mur-porto-venere-150x150.jpg\" data-width=\"150\" data-height=\"150\" aria-label=\"carrelage aspect pierre naturelle Desert Stone pour sol et mur, int\u00e9rieur et ext\u00e9rieur collection Merece porto venere\" role=\"img\" ><\/div>\n\t\t\t\t\t\t\t\t\t\t\t<div class=\"elementor-gallery-item__overlay\"><\/div>\n\t\t\t\t\t\t\t\t\t\t\t\t\t\t<\/div>\n\t\t\t\t\t\t\t<div class=\"e-gallery-item elementor-gallery-item elementor-animated-content\">\n\t\t\t\t\t<div class=\"e-gallery-image elementor-gallery-item__image\" data-thumbnail=\"https:\/\/www.portovenere.fr\/fr-fr\/wp-content\/uploads\/2023\/03\/carrelage-imitation-pierre-naturelle-mediterranea-sol-et-mur-porto-venere-150x150.jpg\" data-width=\"150\" data-height=\"150\" aria-label=\"carrelage imitation pierre naturelle Mediterranea pour sol et mur, int\u00e9rieur et ext\u00e9rieur collection Merece porto venere\" role=\"img\" ><\/div>\n\t\t\t\t\t\t\t\t\t\t\t<div class=\"elementor-gallery-item__overlay\"><\/div>\n\t\t\t\t\t\t\t\t\t\t\t\t\t\t<\/div>\n\t\t\t\t\t<\/div>\n\t\t\t\t\t<\/div>\n\t\t\t\t<\/div>\n\t\t\t\t<div class=\"elementor-element elementor-element-ea19cde elementor-widget elementor-widget-text-editor\" data-id=\"ea19cde\" data-element_type=\"widget\" data-e-type=\"widget\" data-widget_type=\"text-editor.default\">\n\t\t\t\t<div class=\"elementor-widget-container\">\n\t\t\t\t\t\t\t\t\t<p>Ce gr\u00e8s c\u00e9rame met en avant les textures, avec un \u00e9quilibre subtil de couleurs, de nuances d\u00e9licates, de reflets et d\u2019effets min\u00e9raux pour chaque effet pierre. Cette combinaison harmonieuse entre graphisme et complexit\u00e9 chromatique cr\u00e9e un r\u00e9sultat final \u00e9poustouflant.\u00a0La beaut\u00e9 de la\u00a0collection\u00a0s\u2019exprime dans le large choix de tailles, avec diff\u00e9rentes finitions possibles.<\/p>\t\t\t\t\t\t\t\t<\/div>\n\t\t\t\t<\/div>\n\t\t\t\t<div class=\"elementor-element elementor-element-b952f85 elementor-mobile-align-center elementor-align-left elementor-widget elementor-widget-button\" data-id=\"b952f85\" data-element_type=\"widget\" data-e-type=\"widget\" data-widget_type=\"button.default\">\n\t\t\t\t<div class=\"elementor-widget-container\">\n\t\t\t\t\t\t\t\t\t<div class=\"elementor-button-wrapper\">\n\t\t\t\t\t<a class=\"elementor-button elementor-button-link elementor-size-sm\" href=\"https:\/\/www.portovenere.fr\/fr-fr\/carrelage-sol-et-mur-en-gres-cerame-et-faience\/carrelage-aspect-pierre\/carrelage-effet-pierre-naturelle-pour-interieur-et-exterieur-merece\/\">\n\t\t\t\t\t\t<span class=\"elementor-button-content-wrapper\">\n\t\t\t\t\t\t\t\t\t<span class=\"elementor-button-text\">Voir la collection<\/span>\n\t\t\t\t\t<\/span>\n\t\t\t\t\t<\/a>\n\t\t\t\t<\/div>\n\t\t\t\t\t\t\t\t<\/div>\n\t\t\t\t<\/div>\n\t\t\t\t\t<\/div>\n\t\t<\/div>\n\t\t\t\t\t<\/div>\n\t\t<\/section>\n\t\t\t\t<section class=\"elementor-section elementor-top-section elementor-element elementor-element-b6eafa3 elementor-section-full_width elementor-section-height-default elementor-section-height-default\" data-id=\"b6eafa3\" data-element_type=\"section\" data-e-type=\"section\">\n\t\t\t\t\t\t<div class=\"elementor-container elementor-column-gap-default\">\n\t\t\t\t\t<div class=\"elementor-column elementor-col-33 elementor-top-column elementor-element elementor-element-2bc8fba\" data-id=\"2bc8fba\" data-element_type=\"column\" data-e-type=\"column\" data-settings=\"{&quot;background_background&quot;:&quot;classic&quot;}\">\n\t\t\t<div class=\"elementor-widget-wrap elementor-element-populated\">\n\t\t\t\t\t\t<div class=\"elementor-element elementor-element-81622d0 elementor-widget elementor-widget-image\" data-id=\"81622d0\" data-element_type=\"widget\" data-e-type=\"widget\" data-widget_type=\"image.default\">\n\t\t\t\t<div class=\"elementor-widget-container\">\n\t\t\t\t\t\t\t\t\t\t\t\t\t\t\t\t<a href=\"https:\/\/www.portovenere.fr\/fr-fr\/carrelage-sol-et-mur-en-gres-cerame-et-faience\/carrelage-aspect-pierre\/carrelage-contemporain-imitation-pierre-naturelle\/\">\n\t\t\t\t\t\t\t<img decoding=\"async\" src=\"https:\/\/www.portovenere.fr\/fr-fr\/wp-content\/uploads\/elementor\/thumbs\/Carrelage-exterieur-terrasse-tour-de-piscine-esprit-pierre-naturelle-cream-Evidence-antiderapant-proche-de-Palavas-34-r8if8josz6ghxzgtp70zmy0g4ynz8cqntr20iwe53w.jpg\" title=\"Carrelage-ext\u00e9rieur-terrasse-tour-de-piscine-esprit-pierre-naturelle-cream-Evidence-antid\u00e9rapant-proche-de-Palavas-34\" alt=\"Carrelage-ext\u00e9rieur-terrasse-tour-de-piscine-esprit-pierre-naturelle-cream-Evidence-antid\u00e9rapant-proche-de-Palavas-34\" loading=\"lazy\" \/>\t\t\t\t\t\t\t\t<\/a>\n\t\t\t\t\t\t\t\t\t\t\t\t\t\t\t<\/div>\n\t\t\t\t<\/div>\n\t\t\t\t<div class=\"elementor-element elementor-element-59a38fe elementor-widget elementor-widget-heading\" data-id=\"59a38fe\" data-element_type=\"widget\" data-e-type=\"widget\" data-widget_type=\"heading.default\">\n\t\t\t\t<div class=\"elementor-widget-container\">\n\t\t\t\t\t<h3 class=\"elementor-heading-title elementor-size-default\"><a href=\"https:\/\/www.portovenere.fr\/fr-fr\/carrelage-sol-et-mur-en-gres-cerame-et-faience\/carrelage-aspect-pierre\/carrelage-contemporain-imitation-pierre-naturelle\/\">EVIDENCE | 4 coloris &amp; 2 mosa\u00efques<\/a><\/h3>\t\t\t\t<\/div>\n\t\t\t\t<\/div>\n\t\t\t\t<div class=\"elementor-element elementor-element-f4ba365 elementor-widget__width-initial elementor-widget elementor-widget-gallery\" data-id=\"f4ba365\" data-element_type=\"widget\" data-e-type=\"widget\" data-settings=\"{&quot;gap&quot;:{&quot;unit&quot;:&quot;px&quot;,&quot;size&quot;:3,&quot;sizes&quot;:[]},&quot;columns_mobile&quot;:3,&quot;gap_mobile&quot;:{&quot;unit&quot;:&quot;px&quot;,&quot;size&quot;:6,&quot;sizes&quot;:[]},&quot;columns&quot;:5,&quot;columns_tablet&quot;:3,&quot;gap_tablet&quot;:{&quot;unit&quot;:&quot;px&quot;,&quot;size&quot;:5,&quot;sizes&quot;:[]},&quot;lazyload&quot;:&quot;yes&quot;,&quot;gallery_layout&quot;:&quot;grid&quot;,&quot;aspect_ratio&quot;:&quot;3:2&quot;,&quot;overlay_background&quot;:&quot;yes&quot;,&quot;content_hover_animation&quot;:&quot;fade-in&quot;}\" data-widget_type=\"gallery.default\">\n\t\t\t\t<div class=\"elementor-widget-container\">\n\t\t\t\t\t\t\t<div class=\"elementor-gallery__container\">\n\t\t\t\t\t\t\t<div class=\"e-gallery-item elementor-gallery-item elementor-animated-content\">\n\t\t\t\t\t<div class=\"e-gallery-image elementor-gallery-item__image\" data-thumbnail=\"https:\/\/www.portovenere.fr\/fr-fr\/wp-content\/uploads\/2024\/07\/Carrelage-gres-cerame-effet-pierre-naturelle-Evidence-coloris-Beige-pour-sol-et-mur-interieur-et-exterieur-proche-Saturargues-34-150x150.jpg\" data-width=\"150\" data-height=\"150\" aria-label=\"\" role=\"img\" ><\/div>\n\t\t\t\t\t\t\t\t\t\t\t<div class=\"elementor-gallery-item__overlay\"><\/div>\n\t\t\t\t\t\t\t\t\t\t\t\t\t\t<\/div>\n\t\t\t\t\t\t\t<div class=\"e-gallery-item elementor-gallery-item elementor-animated-content\">\n\t\t\t\t\t<div class=\"e-gallery-image elementor-gallery-item__image\" data-thumbnail=\"https:\/\/www.portovenere.fr\/fr-fr\/wp-content\/uploads\/2024\/07\/Carrelage-gres-cerame-effet-pierre-naturelle-Evidence-coloris-Gis-pour-sol-et-mur-interieur-et-exterieur-proche-le-cres-34-1-150x150.jpg\" data-width=\"150\" data-height=\"150\" aria-label=\"\" role=\"img\" ><\/div>\n\t\t\t\t\t\t\t\t\t\t\t<div class=\"elementor-gallery-item__overlay\"><\/div>\n\t\t\t\t\t\t\t\t\t\t\t\t\t\t<\/div>\n\t\t\t\t\t\t\t<div class=\"e-gallery-item elementor-gallery-item elementor-animated-content\">\n\t\t\t\t\t<div class=\"e-gallery-image elementor-gallery-item__image\" data-thumbnail=\"https:\/\/www.portovenere.fr\/fr-fr\/wp-content\/uploads\/2024\/07\/Carrelage-gres-cerame-effet-pierre-naturelle-Evidence-coloris-Cream-pour-sol-et-mur-interieur-et-exterieur-proche-Jacou-34-150x150.jpg\" data-width=\"150\" data-height=\"150\" aria-label=\"\" role=\"img\" ><\/div>\n\t\t\t\t\t\t\t\t\t\t\t<div class=\"elementor-gallery-item__overlay\"><\/div>\n\t\t\t\t\t\t\t\t\t\t\t\t\t\t<\/div>\n\t\t\t\t\t\t\t<div class=\"e-gallery-item elementor-gallery-item elementor-animated-content\">\n\t\t\t\t\t<div class=\"e-gallery-image elementor-gallery-item__image\" data-thumbnail=\"https:\/\/www.portovenere.fr\/fr-fr\/wp-content\/uploads\/2024\/07\/Carrelage-gres-cerame-effet-pierre-naturelle-Evidence-coloris-Greige-pour-sol-et-mur-interieur-et-exterieur-a-Montpellier-34-1-150x150.jpg\" data-width=\"150\" data-height=\"150\" aria-label=\"\" role=\"img\" ><\/div>\n\t\t\t\t\t\t\t\t\t\t\t<div class=\"elementor-gallery-item__overlay\"><\/div>\n\t\t\t\t\t\t\t\t\t\t\t\t\t\t<\/div>\n\t\t\t\t\t\t\t<div class=\"e-gallery-item elementor-gallery-item elementor-animated-content\">\n\t\t\t\t\t<div class=\"e-gallery-image elementor-gallery-item__image\" data-thumbnail=\"https:\/\/www.portovenere.fr\/fr-fr\/wp-content\/uploads\/2024\/07\/Mosaique-hexagonale-effet-pierre-naturelle-credence-murale-5x5-cm-sur-filet-de-30x30-cm-coloris-Beige-Evidence-proche-de-Loupian-34-150x150.jpg\" data-width=\"150\" data-height=\"150\" aria-label=\"\" role=\"img\" ><\/div>\n\t\t\t\t\t\t\t\t\t\t\t<div class=\"elementor-gallery-item__overlay\"><\/div>\n\t\t\t\t\t\t\t\t\t\t\t\t\t\t<\/div>\n\t\t\t\t\t\t\t<div class=\"e-gallery-item elementor-gallery-item elementor-animated-content\">\n\t\t\t\t\t<div class=\"e-gallery-image elementor-gallery-item__image\" data-thumbnail=\"https:\/\/www.portovenere.fr\/fr-fr\/wp-content\/uploads\/2024\/07\/Mosaique-effet-pierre-naturelle-credence-murale-5x5-cm-sur-filet-de-30x30-cm-coloris-Beige-Evidence-proche-de-sussargues-34-150x150.jpg\" data-width=\"150\" data-height=\"150\" aria-label=\"\" role=\"img\" ><\/div>\n\t\t\t\t\t\t\t\t\t\t\t<div class=\"elementor-gallery-item__overlay\"><\/div>\n\t\t\t\t\t\t\t\t\t\t\t\t\t\t<\/div>\n\t\t\t\t\t<\/div>\n\t\t\t\t\t<\/div>\n\t\t\t\t<\/div>\n\t\t\t\t<div class=\"elementor-element elementor-element-d795def elementor-widget elementor-widget-text-editor\" data-id=\"d795def\" data-element_type=\"widget\" data-e-type=\"widget\" data-widget_type=\"text-editor.default\">\n\t\t\t\t<div class=\"elementor-widget-container\">\n\t\t\t\t\t\t\t\t\t<p>La fine texture, <b>inspir\u00e9e des pierres s\u00e9dimentaires <\/b>et riche en d\u00e9tails, est caract\u00e9ris\u00e9e par un m\u00e9lange raffin\u00e9 de <b>nuances naturelles<\/b>. Les surfaces, une fois pos\u00e9es, offrent des chromatismes chauds et modernes qui ajoutent une touche de nature aux lignes essentielles de l\u2019architecture contemporaine.\u00a0<\/p><p><span style=\"font-weight: var( --e-global-typography-text-font-weight );\">La collection de carrelage<\/span><b> gr\u00e8s c\u00e9rame color\u00e9 dans la masse<\/b><span style=\"font-weight: var( --e-global-typography-text-font-weight );\"> Evidence, est propos\u00e9e en <\/span><b>finition naturelle pour int\u00e9rieur et antid\u00e9rapante<\/b><span style=\"font-weight: var( --e-global-typography-text-font-weight );\"> pour les terrasses, tour de piscine&#8230;<\/span><\/p><p><span style=\"font-weight: var( --e-global-typography-text-font-weight );\">Le<\/span>\u00a0format\u00a0propos\u00e9\u00a0en 8,5 mm d&rsquo;\u00e9paisseur est\u00a0: <b>100 x 100 cm<\/b><\/p><p><span style=\"font-weight: var( --e-global-typography-text-font-weight );\">En 9,5mm, les formats sont : <\/span><b>60 x 60 cm, 60 x 120 cm, 80 x 80 cm (naturel ou antid\u00e9rapant) et\u00a0120 x 120 cm.<\/b><\/p><p><span style=\"font-weight: var( --e-global-typography-text-font-weight );\">Enfin, cette collection de gr\u00e8s c\u00e9rame est propos\u00e9e en <\/span><b>dalles antid\u00e9rapantes de 2 cm d&rsquo;\u00e9paisseur de 80 x80 cm<\/b><span style=\"font-weight: var( --e-global-typography-text-font-weight );\"> pour une pose en dalles sur plots, pose coll\u00e9e, sur gazon, gravier&#8230;<\/span><\/p>\t\t\t\t\t\t\t\t<\/div>\n\t\t\t\t<\/div>\n\t\t\t\t<div class=\"elementor-element elementor-element-2cb3481 elementor-mobile-align-center elementor-widget elementor-widget-button\" data-id=\"2cb3481\" data-element_type=\"widget\" data-e-type=\"widget\" data-widget_type=\"button.default\">\n\t\t\t\t<div class=\"elementor-widget-container\">\n\t\t\t\t\t\t\t\t\t<div class=\"elementor-button-wrapper\">\n\t\t\t\t\t<a class=\"elementor-button elementor-button-link elementor-size-sm\" href=\"https:\/\/www.portovenere.fr\/fr-fr\/carrelage-sol-et-mur-en-gres-cerame-et-faience\/carrelage-aspect-pierre\/carrelage-contemporain-imitation-pierre-naturelle\/\">\n\t\t\t\t\t\t<span class=\"elementor-button-content-wrapper\">\n\t\t\t\t\t\t\t\t\t<span class=\"elementor-button-text\">VOIR LA COLLECTION<\/span>\n\t\t\t\t\t<\/span>\n\t\t\t\t\t<\/a>\n\t\t\t\t<\/div>\n\t\t\t\t\t\t\t\t<\/div>\n\t\t\t\t<\/div>\n\t\t\t\t\t<\/div>\n\t\t<\/div>\n\t\t\t\t<div class=\"elementor-column elementor-col-33 elementor-top-column elementor-element elementor-element-47d1529\" data-id=\"47d1529\" data-element_type=\"column\" data-e-type=\"column\" data-settings=\"{&quot;background_background&quot;:&quot;classic&quot;}\">\n\t\t\t<div class=\"elementor-widget-wrap elementor-element-populated\">\n\t\t\t\t\t\t<div class=\"elementor-element elementor-element-baeb343 elementor-widget elementor-widget-image\" data-id=\"baeb343\" data-element_type=\"widget\" data-e-type=\"widget\" data-widget_type=\"image.default\">\n\t\t\t\t<div class=\"elementor-widget-container\">\n\t\t\t\t\t\t\t\t\t\t\t\t\t\t\t\t<a href=\"https:\/\/www.portovenere.fr\/fr-fr\/carrelage-sol-et-mur-en-gres-cerame-et-faience\/carrelage-aspect-pierre\/carrelage-effet-pierre-opera-pose-en-opus\/\">\n\t\t\t\t\t\t\t<img loading=\"lazy\" decoding=\"async\" width=\"800\" height=\"536\" src=\"https:\/\/www.portovenere.fr\/fr-fr\/wp-content\/uploads\/2025\/09\/Carrelage-terrasse-effet-pierre-ancienne-beige-nuancee-pose-en-opus-OPERA-Beige-exterieur-et-interieur-magasin-de-sols-Porto-Venere-dans-lHerault-34-1024x686.jpg\" class=\"attachment-large size-large wp-image-65097\" alt=\"Carrelage terrasse effet pierre nuanc\u00e9e beige \u2013 Collection OPERA \u2013 Pose en opus modul\u00e9 pour ext\u00e9rieur et int\u00e9rieur, magasin Porto Venere H\u00e9rault 34\" srcset=\"https:\/\/www.portovenere.fr\/fr-fr\/wp-content\/uploads\/2025\/09\/Carrelage-terrasse-effet-pierre-ancienne-beige-nuancee-pose-en-opus-OPERA-Beige-exterieur-et-interieur-magasin-de-sols-Porto-Venere-dans-lHerault-34-1024x686.jpg 1024w, https:\/\/www.portovenere.fr\/fr-fr\/wp-content\/uploads\/2025\/09\/Carrelage-terrasse-effet-pierre-ancienne-beige-nuancee-pose-en-opus-OPERA-Beige-exterieur-et-interieur-magasin-de-sols-Porto-Venere-dans-lHerault-34-300x201.jpg 300w, https:\/\/www.portovenere.fr\/fr-fr\/wp-content\/uploads\/2025\/09\/Carrelage-terrasse-effet-pierre-ancienne-beige-nuancee-pose-en-opus-OPERA-Beige-exterieur-et-interieur-magasin-de-sols-Porto-Venere-dans-lHerault-34-768x514.jpg 768w, https:\/\/www.portovenere.fr\/fr-fr\/wp-content\/uploads\/2025\/09\/Carrelage-terrasse-effet-pierre-ancienne-beige-nuancee-pose-en-opus-OPERA-Beige-exterieur-et-interieur-magasin-de-sols-Porto-Venere-dans-lHerault-34.jpg 1280w\" sizes=\"(max-width: 800px) 100vw, 800px\" \/>\t\t\t\t\t\t\t\t<\/a>\n\t\t\t\t\t\t\t\t\t\t\t\t\t\t\t<\/div>\n\t\t\t\t<\/div>\n\t\t\t\t<div class=\"elementor-element elementor-element-97e2b8d elementor-widget elementor-widget-heading\" data-id=\"97e2b8d\" data-element_type=\"widget\" data-e-type=\"widget\" data-widget_type=\"heading.default\">\n\t\t\t\t<div class=\"elementor-widget-container\">\n\t\t\t\t\t<h3 class=\"elementor-heading-title elementor-size-default\"><a href=\"https:\/\/www.portovenere.fr\/fr-fr\/carrelage-sol-et-mur-en-gres-cerame-et-faience\/carrelage-aspect-pierre\/carrelage-effet-pierre-opera-pose-en-opus\/\">OPERA | 5 coloris<\/a><\/h3>\t\t\t\t<\/div>\n\t\t\t\t<\/div>\n\t\t\t\t<div class=\"elementor-element elementor-element-1319b07 elementor-widget__width-initial elementor-widget elementor-widget-gallery\" data-id=\"1319b07\" data-element_type=\"widget\" data-e-type=\"widget\" data-settings=\"{&quot;gap&quot;:{&quot;unit&quot;:&quot;px&quot;,&quot;size&quot;:3,&quot;sizes&quot;:[]},&quot;columns_mobile&quot;:3,&quot;gap_mobile&quot;:{&quot;unit&quot;:&quot;px&quot;,&quot;size&quot;:6,&quot;sizes&quot;:[]},&quot;columns&quot;:5,&quot;columns_tablet&quot;:3,&quot;gap_tablet&quot;:{&quot;unit&quot;:&quot;px&quot;,&quot;size&quot;:5,&quot;sizes&quot;:[]},&quot;lazyload&quot;:&quot;yes&quot;,&quot;gallery_layout&quot;:&quot;grid&quot;,&quot;aspect_ratio&quot;:&quot;3:2&quot;,&quot;overlay_background&quot;:&quot;yes&quot;,&quot;content_hover_animation&quot;:&quot;fade-in&quot;}\" data-widget_type=\"gallery.default\">\n\t\t\t\t<div class=\"elementor-widget-container\">\n\t\t\t\t\t\t\t<div class=\"elementor-gallery__container\">\n\t\t\t\t\t\t\t<div class=\"e-gallery-item elementor-gallery-item elementor-animated-content\">\n\t\t\t\t\t<div class=\"e-gallery-image elementor-gallery-item__image\" data-thumbnail=\"https:\/\/www.portovenere.fr\/fr-fr\/wp-content\/uploads\/2025\/09\/Carrelage-imitation-pierre-artisanale-bords-irreguliers-pour-interieur-et-exterieur-OPERA-Sunrise-magasin-revendeur-carrelege-et-pierre-naturelle-Porto-Venere-Montpellier-34-150x150.jpg\" data-width=\"150\" data-height=\"150\" aria-label=\"Carrelage effet pierre pour pose en opus Collection OPERA int\u00e9rieur et ext\u00e9rieur\" role=\"img\" ><\/div>\n\t\t\t\t\t\t\t\t\t\t\t<div class=\"elementor-gallery-item__overlay\"><\/div>\n\t\t\t\t\t\t\t\t\t\t\t\t\t\t<\/div>\n\t\t\t\t\t\t\t<div class=\"e-gallery-item elementor-gallery-item elementor-animated-content\">\n\t\t\t\t\t<div class=\"e-gallery-image elementor-gallery-item__image\" data-thumbnail=\"https:\/\/www.portovenere.fr\/fr-fr\/wp-content\/uploads\/2025\/09\/Carrelage-fonce-imitation-pierre-artisanale-bords-irreguliers-pour-interieur-et-exterieur-OPERA-magasin-revendeur-carrelege-et-pierre-naturelle-Porto-Venere-a-Montpellier-34-150x150.jpg\" data-width=\"150\" data-height=\"150\" aria-label=\"Carrelage effet pierre pour pose en opus Collection OPERA\" role=\"img\" ><\/div>\n\t\t\t\t\t\t\t\t\t\t\t<div class=\"elementor-gallery-item__overlay\"><\/div>\n\t\t\t\t\t\t\t\t\t\t\t\t\t\t<\/div>\n\t\t\t\t\t\t\t<div class=\"e-gallery-item elementor-gallery-item elementor-animated-content\">\n\t\t\t\t\t<div class=\"e-gallery-image elementor-gallery-item__image\" data-thumbnail=\"https:\/\/www.portovenere.fr\/fr-fr\/wp-content\/uploads\/2025\/09\/Carrelage-imitation-pierre-naturelle-artisanale-bords-irreguliers-pour-interieur-et-exterieur-OPERA-magasin-revendeur-carreleg-et-pierre-naturelle-Porto-Venere-a-Montpellier-34-150x150.png\" data-width=\"150\" data-height=\"150\" aria-label=\"Carrelage effet pierre pour pose en opus Collection OPERA int\u00e9rieur et ext\u00e9rieur\" role=\"img\" ><\/div>\n\t\t\t\t\t\t\t\t\t\t\t<div class=\"elementor-gallery-item__overlay\"><\/div>\n\t\t\t\t\t\t\t\t\t\t\t\t\t\t<\/div>\n\t\t\t\t\t\t\t<div class=\"e-gallery-item elementor-gallery-item elementor-animated-content\">\n\t\t\t\t\t<div class=\"e-gallery-image elementor-gallery-item__image\" data-thumbnail=\"https:\/\/www.portovenere.fr\/fr-fr\/wp-content\/uploads\/2025\/09\/Carrelage-imitation-pierre-artisanale-bords-irreguliers-pour-interieur-et-exterieur-OPERA-silver-magasin-revendeur-carrelege-et-pierre-naturelle-Porto-Venere-a-Montpellier-34-150x150.jpg\" data-width=\"150\" data-height=\"150\" aria-label=\"Carrelage effet pierre pour pose en opus Collection OPERA int\u00e9rieur et ext\u00e9rieur\" role=\"img\" ><\/div>\n\t\t\t\t\t\t\t\t\t\t\t<div class=\"elementor-gallery-item__overlay\"><\/div>\n\t\t\t\t\t\t\t\t\t\t\t\t\t\t<\/div>\n\t\t\t\t\t\t\t<div class=\"e-gallery-item elementor-gallery-item elementor-animated-content\">\n\t\t\t\t\t<div class=\"e-gallery-image elementor-gallery-item__image\" data-thumbnail=\"https:\/\/www.portovenere.fr\/fr-fr\/wp-content\/uploads\/2025\/09\/Carrelage-imitation-pierre-artisanale-bords-irreguliers-pour-interieur-et-exterieur-OPERA-Luxor-magasin-revendeur-carrelege-et-pierre-naturelle-Porto-Venere-a-Montpellier-34-150x150.jpg\" data-width=\"150\" data-height=\"150\" aria-label=\"Carrelage effet pierre pour pose en opus Collection OPERA int\u00e9rieur et ext\u00e9rieur\" role=\"img\" ><\/div>\n\t\t\t\t\t\t\t\t\t\t\t<div class=\"elementor-gallery-item__overlay\"><\/div>\n\t\t\t\t\t\t\t\t\t\t\t\t\t\t<\/div>\n\t\t\t\t\t<\/div>\n\t\t\t\t\t<\/div>\n\t\t\t\t<\/div>\n\t\t\t\t<div class=\"elementor-element elementor-element-8c42c21 elementor-widget elementor-widget-text-editor\" data-id=\"8c42c21\" data-element_type=\"widget\" data-e-type=\"widget\" data-widget_type=\"text-editor.default\">\n\t\t\t\t<div class=\"elementor-widget-container\">\n\t\t\t\t\t\t\t\t\t<p>La collection OPERA r\u00e9invente l\u2019\u00e9l\u00e9gance intemporelle de la pierre avec un <strong>carrelage en gr\u00e8s c\u00e9rame<\/strong> \u00e9maill\u00e9 disponible en<strong> 5 coloris naturels et 7 formats<\/strong> modulaires pour des poses traditionnelles ou en opus : 60,8&#215;60,8 cm, 40&#215;60,8 cm, 40&#215;40 cm, 20&#215;40 cm et 20&#215;20 cm &#8211; \u00e9paisseur 10mm.<br \/>Ses<strong> bords d\u2019aspect artisanal<\/strong> et sa texture raffin\u00e9e offrent un rendu authentique, adapt\u00e9 \u00e0 tous les styles. <br \/>Deux finitions disponibles : <strong>Naturale,<\/strong> douce et \u00e9l\u00e9gante, et R11 antid\u00e9rapante, id\u00e9ale pour les <strong>espaces ext\u00e9rieurs<\/strong> tels qu&rsquo;une terrasse ou un tour de piscine.\u00a0<\/p><p>Polyvalente et durable, OPERA s\u2019adresse aussi bien aux projets r\u00e9sidentiels qu\u2019aux espaces commerciaux, garantissant un \u00e9quilibre parfait entre esth\u00e9tique, s\u00e9curit\u00e9 et fonctionnalit\u00e9.<\/p>\t\t\t\t\t\t\t\t<\/div>\n\t\t\t\t<\/div>\n\t\t\t\t<div class=\"elementor-element elementor-element-4bacbfa elementor-mobile-align-center elementor-align-left elementor-widget elementor-widget-button\" data-id=\"4bacbfa\" data-element_type=\"widget\" data-e-type=\"widget\" data-widget_type=\"button.default\">\n\t\t\t\t<div class=\"elementor-widget-container\">\n\t\t\t\t\t\t\t\t\t<div class=\"elementor-button-wrapper\">\n\t\t\t\t\t<a class=\"elementor-button elementor-button-link elementor-size-sm\" href=\"https:\/\/www.portovenere.fr\/fr-fr\/carrelage-sol-et-mur-en-gres-cerame-et-faience\/carrelage-aspect-pierre\/carrelage-effet-pierre-opera-pose-en-opus\/\">\n\t\t\t\t\t\t<span class=\"elementor-button-content-wrapper\">\n\t\t\t\t\t\t\t\t\t<span class=\"elementor-button-text\">Voir la collection<\/span>\n\t\t\t\t\t<\/span>\n\t\t\t\t\t<\/a>\n\t\t\t\t<\/div>\n\t\t\t\t\t\t\t\t<\/div>\n\t\t\t\t<\/div>\n\t\t\t\t\t<\/div>\n\t\t<\/div>\n\t\t\t\t<div class=\"elementor-column elementor-col-33 elementor-top-column elementor-element elementor-element-eeba553\" data-id=\"eeba553\" data-element_type=\"column\" data-e-type=\"column\" data-settings=\"{&quot;background_background&quot;:&quot;classic&quot;}\">\n\t\t\t<div class=\"elementor-widget-wrap elementor-element-populated\">\n\t\t\t\t\t\t<div class=\"elementor-element elementor-element-be6f38a elementor-widget elementor-widget-image\" data-id=\"be6f38a\" data-element_type=\"widget\" data-e-type=\"widget\" data-widget_type=\"image.default\">\n\t\t\t\t<div class=\"elementor-widget-container\">\n\t\t\t\t\t\t\t\t\t\t\t\t\t\t\t\t<a href=\"https:\/\/www.portovenere.fr\/fr-fr\/carrelage-sol-et-mur-en-gres-cerame-et-faience\/carrelage-aspect-pierre\/carrelage-sol-et-mur-effet-pierre-calcaire-manoir\/\">\n\t\t\t\t\t\t\t<img decoding=\"async\" src=\"https:\/\/www.portovenere.fr\/fr-fr\/wp-content\/uploads\/elementor\/thumbs\/Carrelage-sol-interieur-exterieur-gres-cerame-pierre-ancienne-naturelle-1er-choix-Manoir-Gris-pres-de-Vendargues-34-r8ifantqcrcq2ee8clxrqwss968pju4x47wceb993w.jpg\" title=\"Carrelage-sol-interieur-exterieur-gr\u00e8s-c\u00e9rame-pierre-ancienne-naturelle-1er-choix-Manoir-Gris-pr\u00e8s-de-Vendargues-34\" alt=\"Carrelage-sol-interieur-exterieur-gr\u00e8s-c\u00e9rame-pierre-ancienne-naturelle-1er-choix-Manoir-Gris-pr\u00e8s-de-Vendargues-34\" loading=\"lazy\" \/>\t\t\t\t\t\t\t\t<\/a>\n\t\t\t\t\t\t\t\t\t\t\t\t\t\t\t<\/div>\n\t\t\t\t<\/div>\n\t\t\t\t<div class=\"elementor-element elementor-element-1c01149 elementor-widget elementor-widget-heading\" data-id=\"1c01149\" data-element_type=\"widget\" data-e-type=\"widget\" data-widget_type=\"heading.default\">\n\t\t\t\t<div class=\"elementor-widget-container\">\n\t\t\t\t\t<h3 class=\"elementor-heading-title elementor-size-default\"><a href=\"https:\/\/www.portovenere.fr\/fr-fr\/carrelage-sol-et-mur-en-gres-cerame-et-faience\/carrelage-aspect-pierre\/carrelage-sol-et-mur-effet-pierre-calcaire-manoir\/\">MANOIR | 3 coloris &amp; 2 d\u00e9cors<\/a><\/h3>\t\t\t\t<\/div>\n\t\t\t\t<\/div>\n\t\t\t\t<div class=\"elementor-element elementor-element-2394870 elementor-widget__width-initial elementor-widget elementor-widget-gallery\" data-id=\"2394870\" data-element_type=\"widget\" data-e-type=\"widget\" data-settings=\"{&quot;gap&quot;:{&quot;unit&quot;:&quot;px&quot;,&quot;size&quot;:3,&quot;sizes&quot;:[]},&quot;columns_mobile&quot;:3,&quot;gap_mobile&quot;:{&quot;unit&quot;:&quot;px&quot;,&quot;size&quot;:6,&quot;sizes&quot;:[]},&quot;columns&quot;:5,&quot;columns_tablet&quot;:3,&quot;gap_tablet&quot;:{&quot;unit&quot;:&quot;px&quot;,&quot;size&quot;:5,&quot;sizes&quot;:[]},&quot;lazyload&quot;:&quot;yes&quot;,&quot;gallery_layout&quot;:&quot;grid&quot;,&quot;aspect_ratio&quot;:&quot;3:2&quot;,&quot;overlay_background&quot;:&quot;yes&quot;,&quot;content_hover_animation&quot;:&quot;fade-in&quot;}\" data-widget_type=\"gallery.default\">\n\t\t\t\t<div class=\"elementor-widget-container\">\n\t\t\t\t\t\t\t<div class=\"elementor-gallery__container\">\n\t\t\t\t\t\t\t<div class=\"e-gallery-item elementor-gallery-item elementor-animated-content\">\n\t\t\t\t\t<div class=\"e-gallery-image elementor-gallery-item__image\" data-thumbnail=\"https:\/\/www.portovenere.fr\/fr-fr\/wp-content\/uploads\/2024\/07\/Carrelage-effet-pierre-calcaire-ancienne-naturelle-pour-sol-et-mur-Manoir-white-proche-de-Sete-34-150x150.jpg\" data-width=\"150\" data-height=\"150\" aria-label=\"\" role=\"img\" ><\/div>\n\t\t\t\t\t\t\t\t\t\t\t<div class=\"elementor-gallery-item__overlay\"><\/div>\n\t\t\t\t\t\t\t\t\t\t\t\t\t\t<\/div>\n\t\t\t\t\t\t\t<div class=\"e-gallery-item elementor-gallery-item elementor-animated-content\">\n\t\t\t\t\t<div class=\"e-gallery-image elementor-gallery-item__image\" data-thumbnail=\"https:\/\/www.portovenere.fr\/fr-fr\/wp-content\/uploads\/2024\/07\/Carrelage-effet-pierre-calcaire-ancienne-naturelle-pour-sol-et-mur-Manoir-gris-proche-de-Castelnau-le-lez-34-150x150.jpg\" data-width=\"150\" data-height=\"150\" aria-label=\"\" role=\"img\" ><\/div>\n\t\t\t\t\t\t\t\t\t\t\t<div class=\"elementor-gallery-item__overlay\"><\/div>\n\t\t\t\t\t\t\t\t\t\t\t\t\t\t<\/div>\n\t\t\t\t\t\t\t<div class=\"e-gallery-item elementor-gallery-item elementor-animated-content\">\n\t\t\t\t\t<div class=\"e-gallery-image elementor-gallery-item__image\" data-thumbnail=\"https:\/\/www.portovenere.fr\/fr-fr\/wp-content\/uploads\/2024\/07\/Carrelage-imitation-pierre-calcaire-ancienne-naturelle-pour-sol-et-mur-Manoir-Almond-proche-de-Saint-Clement-de-Riviere-34-150x150.jpg\" data-width=\"150\" data-height=\"150\" aria-label=\"\" role=\"img\" ><\/div>\n\t\t\t\t\t\t\t\t\t\t\t<div class=\"elementor-gallery-item__overlay\"><\/div>\n\t\t\t\t\t\t\t\t\t\t\t\t\t\t<\/div>\n\t\t\t\t\t\t\t<div class=\"e-gallery-item elementor-gallery-item elementor-animated-content\">\n\t\t\t\t\t<div class=\"e-gallery-image elementor-gallery-item__image\" data-thumbnail=\"https:\/\/www.portovenere.fr\/fr-fr\/wp-content\/uploads\/2024\/07\/Carrelage-cuisine-pose-murale-effet-pierre-muretto-Manoir-gris-proche-de-Nimes-dans-le-Gard-30-150x150.jpg\" data-width=\"150\" data-height=\"150\" aria-label=\"\" role=\"img\" ><\/div>\n\t\t\t\t\t\t\t\t\t\t\t<div class=\"elementor-gallery-item__overlay\"><\/div>\n\t\t\t\t\t\t\t\t\t\t\t\t\t\t<\/div>\n\t\t\t\t\t\t\t<div class=\"e-gallery-item elementor-gallery-item elementor-animated-content\">\n\t\t\t\t\t<div class=\"e-gallery-image elementor-gallery-item__image\" data-thumbnail=\"https:\/\/www.portovenere.fr\/fr-fr\/wp-content\/uploads\/2024\/07\/Revetement-mural-carrelage-esprit-naturel-pierre-calcaire-parement-mural-Manoir-Almond-pres-de-Saint-Clement-de-Riviere-34-150x150.jpg\" data-width=\"150\" data-height=\"150\" aria-label=\"\" role=\"img\" ><\/div>\n\t\t\t\t\t\t\t\t\t\t\t<div class=\"elementor-gallery-item__overlay\"><\/div>\n\t\t\t\t\t\t\t\t\t\t\t\t\t\t<\/div>\n\t\t\t\t\t<\/div>\n\t\t\t\t\t<\/div>\n\t\t\t\t<\/div>\n\t\t\t\t<div class=\"elementor-element elementor-element-c814a1e elementor-widget elementor-widget-text-editor\" data-id=\"c814a1e\" data-element_type=\"widget\" data-e-type=\"widget\" data-widget_type=\"text-editor.default\">\n\t\t\t\t<div class=\"elementor-widget-container\">\n\t\t\t\t\t\t\t\t\t<p>Sublimez vos sols et murs int\u00e9rieurs et ext\u00e9rieurs avec le\u00a0<b>carrelage gr\u00e8s c\u00e9rame<\/b>\u00a0effet pierre calcaire Manoir.<\/p><p>Imitation pierre calcaire saisissante : Le carrelage Manoir reproduit fid\u00e8lement l\u2019<b>aspect noble et rustique de la pierre calcaire naturelle<\/b>, apportant une touche d\u2019authenticit\u00e9 et de caract\u00e8re \u00e0 vos espaces.<\/p><p><strong>3<\/strong><b>\u00a0coloris raffin\u00e9s aux teintes claires<\/b>\u00a0: Gris, Amande et Blanc, pour s\u2019harmoniser parfaitement avec tous les styles de d\u00e9coration.<\/p><p><strong>Formats vari\u00e9s <\/strong>pour une pose sur-mesure : Du format 60\u00d790 cm aux petits carreaux 6\u00d730 cm, en passant par les formats interm\u00e9diaires 20\u00d720 cm, 20\u00d730 cm, 30\u00d760 cm et 60\u00d760 cm, le carrelage Manoir s\u2019adapte \u00e0 toutes vos envies et \u00e0 toutes les configurations : pose en opus, mosa\u00efque, parement mural\u2026<\/p><p><b>Dalles antid\u00e9rapantes pour l\u2019ext\u00e9rieur\u00a0<\/b>: Profitez d\u2019une surface s\u00fbre et confortable autour de votre piscine, sur votre terrasse ou vos all\u00e9es gr\u00e2ce aux dalles antid\u00e9rapantes 2 cm Manoir, disponibles en format 60\u00d790 cm (couleur Amande uniquement).<\/p>\t\t\t\t\t\t\t\t<\/div>\n\t\t\t\t<\/div>\n\t\t\t\t<div class=\"elementor-element elementor-element-7bb8172 elementor-mobile-align-center elementor-widget elementor-widget-button\" data-id=\"7bb8172\" data-element_type=\"widget\" data-e-type=\"widget\" data-widget_type=\"button.default\">\n\t\t\t\t<div class=\"elementor-widget-container\">\n\t\t\t\t\t\t\t\t\t<div class=\"elementor-button-wrapper\">\n\t\t\t\t\t<a class=\"elementor-button elementor-button-link elementor-size-sm\" href=\"https:\/\/www.portovenere.fr\/fr-fr\/carrelage-sol-et-mur-en-gres-cerame-et-faience\/carrelage-aspect-pierre\/carrelage-sol-et-mur-effet-pierre-calcaire-manoir\/\">\n\t\t\t\t\t\t<span class=\"elementor-button-content-wrapper\">\n\t\t\t\t\t\t\t\t\t<span class=\"elementor-button-text\">VOIR LA COLLECTION<\/span>\n\t\t\t\t\t<\/span>\n\t\t\t\t\t<\/a>\n\t\t\t\t<\/div>\n\t\t\t\t\t\t\t\t<\/div>\n\t\t\t\t<\/div>\n\t\t\t\t\t<\/div>\n\t\t<\/div>\n\t\t\t\t\t<\/div>\n\t\t<\/section>\n\t\t\t\t<section class=\"elementor-section elementor-top-section elementor-element elementor-element-ab9728f elementor-section-full_width elementor-section-height-default elementor-section-height-default\" data-id=\"ab9728f\" data-element_type=\"section\" data-e-type=\"section\">\n\t\t\t\t\t\t<div class=\"elementor-container elementor-column-gap-default\">\n\t\t\t\t\t<div class=\"elementor-column elementor-col-33 elementor-top-column elementor-element elementor-element-e6c693e elementor-invisible\" data-id=\"e6c693e\" data-element_type=\"column\" data-e-type=\"column\" data-settings=\"{&quot;animation&quot;:&quot;fadeIn&quot;,&quot;background_background&quot;:&quot;classic&quot;}\">\n\t\t\t<div class=\"elementor-widget-wrap elementor-element-populated\">\n\t\t\t\t\t\t<section class=\"elementor-section elementor-inner-section elementor-element elementor-element-b579f6c elementor-section-boxed elementor-section-height-default elementor-section-height-default elementor-invisible\" data-id=\"b579f6c\" data-element_type=\"section\" data-e-type=\"section\" data-settings=\"{&quot;background_background&quot;:&quot;classic&quot;,&quot;animation&quot;:&quot;fadeIn&quot;}\">\n\t\t\t\t\t\t<div class=\"elementor-container elementor-column-gap-default\">\n\t\t\t\t\t<div class=\"elementor-column elementor-col-100 elementor-inner-column elementor-element elementor-element-b5d60dc\" data-id=\"b5d60dc\" data-element_type=\"column\" data-e-type=\"column\">\n\t\t\t<div class=\"elementor-widget-wrap elementor-element-populated\">\n\t\t\t\t\t\t<div class=\"elementor-element elementor-element-0882da1 elementor-widget elementor-widget-image\" data-id=\"0882da1\" data-element_type=\"widget\" data-e-type=\"widget\" data-widget_type=\"image.default\">\n\t\t\t\t<div class=\"elementor-widget-container\">\n\t\t\t\t\t\t\t\t\t\t\t\t\t\t\t\t<a href=\"https:\/\/www.portovenere.fr\/fr-fr\/carrelage-sol-et-mur-en-gres-cerame-et-faience\/carrelage-contemporain-et-design\/carrelage-aspect-ciment-en-gres-cerame-cement-up\/\">\n\t\t\t\t\t\t\t<img decoding=\"async\" src=\"https:\/\/www.portovenere.fr\/fr-fr\/wp-content\/uploads\/elementor\/thumbs\/carrelage-effet-beton-collection-cement-up-dust-crust-porto-venere-02-r8ienj0tt41epb4uc9vd6vngnyg6tdypnm5tmegrak.jpg\" title=\"carrelage-effet-beton-collection-cement-up-dust-crust-porto-venere-02\" alt=\"carrelage-effet-beton-collection-cement-up-dust-crust-porto-venere-02\" loading=\"lazy\" \/>\t\t\t\t\t\t\t\t<\/a>\n\t\t\t\t\t\t\t\t\t\t\t\t\t\t\t<\/div>\n\t\t\t\t<\/div>\n\t\t\t\t\t<\/div>\n\t\t<\/div>\n\t\t\t\t\t<\/div>\n\t\t<\/section>\n\t\t\t\t<section class=\"elementor-section elementor-inner-section elementor-element elementor-element-061d2f7 elementor-section-boxed elementor-section-height-default elementor-section-height-default elementor-invisible\" data-id=\"061d2f7\" data-element_type=\"section\" data-e-type=\"section\" data-settings=\"{&quot;background_background&quot;:&quot;classic&quot;,&quot;animation&quot;:&quot;fadeIn&quot;}\">\n\t\t\t\t\t\t<div class=\"elementor-container elementor-column-gap-default\">\n\t\t\t\t\t<div class=\"elementor-column elementor-col-100 elementor-inner-column elementor-element elementor-element-49d25a8\" data-id=\"49d25a8\" data-element_type=\"column\" data-e-type=\"column\">\n\t\t\t<div class=\"elementor-widget-wrap elementor-element-populated\">\n\t\t\t\t\t\t<div class=\"elementor-element elementor-element-0954548 elementor-widget elementor-widget-heading\" data-id=\"0954548\" data-element_type=\"widget\" data-e-type=\"widget\" data-widget_type=\"heading.default\">\n\t\t\t\t<div class=\"elementor-widget-container\">\n\t\t\t\t\t<h3 class=\"elementor-heading-title elementor-size-default\"><a href=\"https:\/\/www.portovenere.fr\/fr-fr\/carrelage-sol-et-mur-en-gres-cerame-et-faience\/carrelage-contemporain-et-design\/carrelage-aspect-ciment-en-gres-cerame-cement-up\/\">CEMENT UP | 6 coloris<\/a><\/h3>\t\t\t\t<\/div>\n\t\t\t\t<\/div>\n\t\t\t\t<div class=\"elementor-element elementor-element-67a81a4 elementor-widget__width-initial elementor-widget elementor-widget-gallery\" data-id=\"67a81a4\" data-element_type=\"widget\" data-e-type=\"widget\" data-settings=\"{&quot;gap&quot;:{&quot;unit&quot;:&quot;px&quot;,&quot;size&quot;:3,&quot;sizes&quot;:[]},&quot;columns_mobile&quot;:3,&quot;gap_mobile&quot;:{&quot;unit&quot;:&quot;px&quot;,&quot;size&quot;:6,&quot;sizes&quot;:[]},&quot;columns&quot;:5,&quot;columns_tablet&quot;:3,&quot;gap_tablet&quot;:{&quot;unit&quot;:&quot;px&quot;,&quot;size&quot;:5,&quot;sizes&quot;:[]},&quot;lazyload&quot;:&quot;yes&quot;,&quot;gallery_layout&quot;:&quot;grid&quot;,&quot;aspect_ratio&quot;:&quot;3:2&quot;,&quot;overlay_background&quot;:&quot;yes&quot;,&quot;content_hover_animation&quot;:&quot;fade-in&quot;}\" data-widget_type=\"gallery.default\">\n\t\t\t\t<div class=\"elementor-widget-container\">\n\t\t\t\t\t\t\t<div class=\"elementor-gallery__container\">\n\t\t\t\t\t\t\t<div class=\"e-gallery-item elementor-gallery-item elementor-animated-content\">\n\t\t\t\t\t<div class=\"e-gallery-image elementor-gallery-item__image\" data-thumbnail=\"https:\/\/www.portovenere.fr\/fr-fr\/wp-content\/uploads\/2023\/03\/carrelage-aspect-ciment-collection-cement-up-cement-crust-porto-venere-150x150.jpg\" data-width=\"150\" data-height=\"150\" aria-label=\"carrelage aspect ciment collection cement up cement crust porto venere\" role=\"img\" ><\/div>\n\t\t\t\t\t\t\t\t\t\t\t<div class=\"elementor-gallery-item__overlay\"><\/div>\n\t\t\t\t\t\t\t\t\t\t\t\t\t\t<\/div>\n\t\t\t\t\t\t\t<div class=\"e-gallery-item elementor-gallery-item elementor-animated-content\">\n\t\t\t\t\t<div class=\"e-gallery-image elementor-gallery-item__image\" data-thumbnail=\"https:\/\/www.portovenere.fr\/fr-fr\/wp-content\/uploads\/2023\/03\/carrelage-aspect-ciment-collection-cement-up-cement-flat-porto-venere-150x150.jpg\" data-width=\"150\" data-height=\"150\" aria-label=\"carrelage aspect ciment collection cement up cement flat porto venere\" role=\"img\" ><\/div>\n\t\t\t\t\t\t\t\t\t\t\t<div class=\"elementor-gallery-item__overlay\"><\/div>\n\t\t\t\t\t\t\t\t\t\t\t\t\t\t<\/div>\n\t\t\t\t\t\t\t<div class=\"e-gallery-item elementor-gallery-item elementor-animated-content\">\n\t\t\t\t\t<div class=\"e-gallery-image elementor-gallery-item__image\" data-thumbnail=\"https:\/\/www.portovenere.fr\/fr-fr\/wp-content\/uploads\/2023\/03\/carrelage-aspect-ciment-collection-cement-up-ground-crust-porto-venere-150x150.jpg\" data-width=\"150\" data-height=\"150\" aria-label=\"carrelage aspect ciment collection cement up ground crust porto venere\" role=\"img\" ><\/div>\n\t\t\t\t\t\t\t\t\t\t\t<div class=\"elementor-gallery-item__overlay\"><\/div>\n\t\t\t\t\t\t\t\t\t\t\t\t\t\t<\/div>\n\t\t\t\t\t\t\t<div class=\"e-gallery-item elementor-gallery-item elementor-animated-content\">\n\t\t\t\t\t<div class=\"e-gallery-image elementor-gallery-item__image\" data-thumbnail=\"https:\/\/www.portovenere.fr\/fr-fr\/wp-content\/uploads\/2023\/03\/carrelage-aspect-ciment-collection-cement-up-ground-flat-porto-venere-150x150.jpg\" data-width=\"150\" data-height=\"150\" aria-label=\"carrelage aspect ciment collection cement up ground flat porto venere\" role=\"img\" ><\/div>\n\t\t\t\t\t\t\t\t\t\t\t<div class=\"elementor-gallery-item__overlay\"><\/div>\n\t\t\t\t\t\t\t\t\t\t\t\t\t\t<\/div>\n\t\t\t\t\t\t\t<div class=\"e-gallery-item elementor-gallery-item elementor-animated-content\">\n\t\t\t\t\t<div class=\"e-gallery-image elementor-gallery-item__image\" data-thumbnail=\"https:\/\/www.portovenere.fr\/fr-fr\/wp-content\/uploads\/2023\/03\/carrelage-aspect-ciment-collection-cement-up-dust-crust-porto-venere-150x150.jpg\" data-width=\"150\" data-height=\"150\" aria-label=\"carrelage aspect ciment collection cement up dust crust porto venere\" role=\"img\" ><\/div>\n\t\t\t\t\t\t\t\t\t\t\t<div class=\"elementor-gallery-item__overlay\"><\/div>\n\t\t\t\t\t\t\t\t\t\t\t\t\t\t<\/div>\n\t\t\t\t\t\t\t<div class=\"e-gallery-item elementor-gallery-item elementor-animated-content\">\n\t\t\t\t\t<div class=\"e-gallery-image elementor-gallery-item__image\" data-thumbnail=\"https:\/\/www.portovenere.fr\/fr-fr\/wp-content\/uploads\/2023\/03\/carrelage-aspect-ciment-collection-cement-up-dust-flat-porto-venere-150x150.jpg\" data-width=\"150\" data-height=\"150\" aria-label=\"carrelage aspect ciment collection cement up dust flat porto venere\" role=\"img\" ><\/div>\n\t\t\t\t\t\t\t\t\t\t\t<div class=\"elementor-gallery-item__overlay\"><\/div>\n\t\t\t\t\t\t\t\t\t\t\t\t\t\t<\/div>\n\t\t\t\t\t<\/div>\n\t\t\t\t\t<\/div>\n\t\t\t\t<\/div>\n\t\t\t\t<div class=\"elementor-element elementor-element-c9f9a14 elementor-widget elementor-widget-text-editor\" data-id=\"c9f9a14\" data-element_type=\"widget\" data-e-type=\"widget\" data-widget_type=\"text-editor.default\">\n\t\t\t\t<div class=\"elementor-widget-container\">\n\t\t\t\t\t\t\t\t\t<p>Cement Up\u00a0est une collection de carrelage\u00a0aspect ciment.\u00a0Elle\u00a0met en valeur la simplicit\u00e9, le minimalisme et la\u00a0\u00a0modernit\u00e9, s\u2019associant parfaitement aux carreaux effet pierre, bois ou m\u00e9tal mais aussi avec les mati\u00e8res naturelles.<\/p>\t\t\t\t\t\t\t\t<\/div>\n\t\t\t\t<\/div>\n\t\t\t\t<div class=\"elementor-element elementor-element-9f2b326 elementor-mobile-align-center elementor-widget elementor-widget-button\" data-id=\"9f2b326\" data-element_type=\"widget\" data-e-type=\"widget\" data-widget_type=\"button.default\">\n\t\t\t\t<div class=\"elementor-widget-container\">\n\t\t\t\t\t\t\t\t\t<div class=\"elementor-button-wrapper\">\n\t\t\t\t\t<a class=\"elementor-button elementor-button-link elementor-size-sm\" href=\"https:\/\/www.portovenere.fr\/fr-fr\/carrelage-sol-et-mur-en-gres-cerame-et-faience\/carrelage-contemporain-et-design\/carrelage-aspect-ciment-en-gres-cerame-cement-up\/\">\n\t\t\t\t\t\t<span class=\"elementor-button-content-wrapper\">\n\t\t\t\t\t\t\t\t\t<span class=\"elementor-button-text\">Voir la collection<\/span>\n\t\t\t\t\t<\/span>\n\t\t\t\t\t<\/a>\n\t\t\t\t<\/div>\n\t\t\t\t\t\t\t\t<\/div>\n\t\t\t\t<\/div>\n\t\t\t\t\t<\/div>\n\t\t<\/div>\n\t\t\t\t\t<\/div>\n\t\t<\/section>\n\t\t\t\t\t<\/div>\n\t\t<\/div>\n\t\t\t\t<div class=\"elementor-column elementor-col-33 elementor-top-column elementor-element elementor-element-f9bb49a\" data-id=\"f9bb49a\" data-element_type=\"column\" data-e-type=\"column\" data-settings=\"{&quot;background_background&quot;:&quot;classic&quot;}\">\n\t\t\t<div class=\"elementor-widget-wrap elementor-element-populated\">\n\t\t\t\t\t\t<div class=\"elementor-element elementor-element-d58008e elementor-widget elementor-widget-image\" data-id=\"d58008e\" data-element_type=\"widget\" data-e-type=\"widget\" data-widget_type=\"image.default\">\n\t\t\t\t<div class=\"elementor-widget-container\">\n\t\t\t\t\t\t\t\t\t\t\t\t\t\t\t\t<a href=\"https:\/\/www.portovenere.fr\/fr-fr\/carrelage-sol-et-mur-en-gres-cerame-et-faience\/carrelage-imitation-parquet-aspect-bois\/carrelage-bois-cannele-ou-lisse-koya\/\">\n\t\t\t\t\t\t\t<img decoding=\"async\" src=\"https:\/\/www.portovenere.fr\/fr-fr\/wp-content\/uploads\/elementor\/thumbs\/Amenagement-salon-carrelage-effet-bois-clair-Koya-Sand-grandes-lames-sol-et-mur-a-Montpellier-34-r8ifejvm7d419kar9tot5yfqzzei3xqfmobm83r4j0.jpg\" title=\"Am\u00e9nagement-salon-carrelage-effet-bois-clair-Koya-Sand-grandes-lames-sol-et-mur-\u00e0-Montpellier-34\" alt=\"Koya Sand\" loading=\"lazy\" \/>\t\t\t\t\t\t\t\t<\/a>\n\t\t\t\t\t\t\t\t\t\t\t\t\t\t\t<\/div>\n\t\t\t\t<\/div>\n\t\t\t\t<div class=\"elementor-element elementor-element-c43a55d elementor-widget elementor-widget-heading\" data-id=\"c43a55d\" data-element_type=\"widget\" data-e-type=\"widget\" data-widget_type=\"heading.default\">\n\t\t\t\t<div class=\"elementor-widget-container\">\n\t\t\t\t\t<h3 class=\"elementor-heading-title elementor-size-default\"><a href=\"https:\/\/www.portovenere.fr\/fr-fr\/carrelage-sol-et-mur-en-gres-cerame-et-faience\/carrelage-imitation-parquet-aspect-bois\/carrelage-bois-cannele-ou-lisse-koya\/\">KOYA | 5 coloris<\/a><\/h3>\t\t\t\t<\/div>\n\t\t\t\t<\/div>\n\t\t\t\t<div class=\"elementor-element elementor-element-fd3c6fd elementor-widget__width-initial elementor-widget elementor-widget-gallery\" data-id=\"fd3c6fd\" data-element_type=\"widget\" data-e-type=\"widget\" data-settings=\"{&quot;gap&quot;:{&quot;unit&quot;:&quot;px&quot;,&quot;size&quot;:3,&quot;sizes&quot;:[]},&quot;columns_mobile&quot;:3,&quot;gap_mobile&quot;:{&quot;unit&quot;:&quot;px&quot;,&quot;size&quot;:6,&quot;sizes&quot;:[]},&quot;columns&quot;:5,&quot;columns_tablet&quot;:3,&quot;gap_tablet&quot;:{&quot;unit&quot;:&quot;px&quot;,&quot;size&quot;:5,&quot;sizes&quot;:[]},&quot;lazyload&quot;:&quot;yes&quot;,&quot;gallery_layout&quot;:&quot;grid&quot;,&quot;aspect_ratio&quot;:&quot;3:2&quot;,&quot;overlay_background&quot;:&quot;yes&quot;,&quot;content_hover_animation&quot;:&quot;fade-in&quot;}\" data-widget_type=\"gallery.default\">\n\t\t\t\t<div class=\"elementor-widget-container\">\n\t\t\t\t\t\t\t<div class=\"elementor-gallery__container\">\n\t\t\t\t\t\t\t<div class=\"e-gallery-item elementor-gallery-item elementor-animated-content\">\n\t\t\t\t\t<div class=\"e-gallery-image elementor-gallery-item__image\" data-thumbnail=\"https:\/\/www.portovenere.fr\/fr-fr\/wp-content\/uploads\/2024\/08\/Carrelage-bois-gres-cerame-de-qualite-Koya-Wallnut-magasin-PortoVenere-proche-Juvignac-34-150x150.jpg\" data-width=\"150\" data-height=\"150\" aria-label=\"\" role=\"img\" ><\/div>\n\t\t\t\t\t\t\t\t\t\t\t<div class=\"elementor-gallery-item__overlay\"><\/div>\n\t\t\t\t\t\t\t\t\t\t\t\t\t\t<\/div>\n\t\t\t\t\t\t\t<div class=\"e-gallery-item elementor-gallery-item elementor-animated-content\">\n\t\t\t\t\t<div class=\"e-gallery-image elementor-gallery-item__image\" data-thumbnail=\"https:\/\/www.portovenere.fr\/fr-fr\/wp-content\/uploads\/2024\/08\/Carrelage-bois-gres-cerame-de-qualite-Koya-Autumn-magasin-PortoVenere-proche-Mauguio-34-150x150.jpg\" data-width=\"150\" data-height=\"150\" aria-label=\"\" role=\"img\" ><\/div>\n\t\t\t\t\t\t\t\t\t\t\t<div class=\"elementor-gallery-item__overlay\"><\/div>\n\t\t\t\t\t\t\t\t\t\t\t\t\t\t<\/div>\n\t\t\t\t\t\t\t<div class=\"e-gallery-item elementor-gallery-item elementor-animated-content\">\n\t\t\t\t\t<div class=\"e-gallery-image elementor-gallery-item__image\" data-thumbnail=\"https:\/\/www.portovenere.fr\/fr-fr\/wp-content\/uploads\/2024\/08\/Carrelage-bois-gres-cerame-de-qualite-Koya-Cognac-magasin-Porto-Venere-proche-Gigean-34-150x150.jpg\" data-width=\"150\" data-height=\"150\" aria-label=\"\" role=\"img\" ><\/div>\n\t\t\t\t\t\t\t\t\t\t\t<div class=\"elementor-gallery-item__overlay\"><\/div>\n\t\t\t\t\t\t\t\t\t\t\t\t\t\t<\/div>\n\t\t\t\t\t\t\t<div class=\"e-gallery-item elementor-gallery-item elementor-animated-content\">\n\t\t\t\t\t<div class=\"e-gallery-image elementor-gallery-item__image\" data-thumbnail=\"https:\/\/www.portovenere.fr\/fr-fr\/wp-content\/uploads\/2024\/08\/Carrelage-bois-gres-cerame-de-qualite-Koya-Sand-magasin-PortoVenere-a-Montpellier-34-150x150.jpg\" data-width=\"150\" data-height=\"150\" aria-label=\"\" role=\"img\" ><\/div>\n\t\t\t\t\t\t\t\t\t\t\t<div class=\"elementor-gallery-item__overlay\"><\/div>\n\t\t\t\t\t\t\t\t\t\t\t\t\t\t<\/div>\n\t\t\t\t\t\t\t<div class=\"e-gallery-item elementor-gallery-item elementor-animated-content\">\n\t\t\t\t\t<div class=\"e-gallery-image elementor-gallery-item__image\" data-thumbnail=\"https:\/\/www.portovenere.fr\/fr-fr\/wp-content\/uploads\/2024\/08\/Carrelage-bois-gres-cerame-de-qualite-Koya-Cannella-magasin-PortoVenere-proche-Saint-Jean-de-Vedas-34-150x150.jpg\" data-width=\"150\" data-height=\"150\" aria-label=\"\" role=\"img\" ><\/div>\n\t\t\t\t\t\t\t\t\t\t\t<div class=\"elementor-gallery-item__overlay\"><\/div>\n\t\t\t\t\t\t\t\t\t\t\t\t\t\t<\/div>\n\t\t\t\t\t<\/div>\n\t\t\t\t\t<\/div>\n\t\t\t\t<\/div>\n\t\t\t\t<div class=\"elementor-element elementor-element-6b5efea elementor-widget elementor-widget-text-editor\" data-id=\"6b5efea\" data-element_type=\"widget\" data-e-type=\"widget\" data-widget_type=\"text-editor.default\">\n\t\t\t\t<div class=\"elementor-widget-container\">\n\t\t\t\t\t\t\t\t\t<p>Robuste et facile d&rsquo;entretien, Koya est id\u00e9ale pour les\u00a0<b>espaces de vie int\u00e9rieurs et ext\u00e9rieurs<\/b>, offrant une continuit\u00e9 visuelle sans compromis.<\/p><p>Ce carrelage\u00a0<b>gr\u00e8s c\u00e9rame de qualit\u00e9<\/b>, propose des lames imitation parquet \u00e0 poser au\u00a0<b>sol\u00a0<\/b>et au<b>\u00a0mur\u00a0<\/b>en formats\u00a0 20 x 120 cm, 22,5 x 160 cm et 22,5 x 200 cm.\u00a0<\/p><p><strong>2<\/strong>\u00a0<b>d\u00e9cors cannel\u00e9s<\/b>\u00a0tr\u00e8s tendance sont propos\u00e9s en 60 x120 cm.\u00a0Ces<b>\u00a0reliefs muraux<\/b>\u00a0Ductile\u00a0\u00ae\u00a0sont form\u00e9s de demi-cercles ordonn\u00e9s de deux tailles diff\u00e9rentes.\u00a0<\/p><p>&#8211;<b>\u00a0D\u00e9cor Cosy<\/b>, avec de douces pi\u00e8ces semi-circulaires parall\u00e8les qui offrent un effet lisse.\u00a0<\/p><p>&#8211;<b>\u00a0D\u00e9cor Cabana<\/b>, avec des lignes plus larges et des rainures plus profondes qui cr\u00e9ent l&rsquo;effet d&rsquo;anches parfaitement align\u00e9es.<\/p><p>Cette gamme de carrelage propose\u00a0<b>5 teintes de bois<\/b>\u00a0pour s&rsquo;harmoniser parfaitement avec tous les styles de d\u00e9coration de vos espaces : salle de bain, terrasse, cuisine, s\u00e9jour, chambre..<\/p>\t\t\t\t\t\t\t\t<\/div>\n\t\t\t\t<\/div>\n\t\t\t\t<div class=\"elementor-element elementor-element-9a7bf21 elementor-mobile-align-center elementor-align-left elementor-widget elementor-widget-button\" data-id=\"9a7bf21\" data-element_type=\"widget\" data-e-type=\"widget\" data-widget_type=\"button.default\">\n\t\t\t\t<div class=\"elementor-widget-container\">\n\t\t\t\t\t\t\t\t\t<div class=\"elementor-button-wrapper\">\n\t\t\t\t\t<a class=\"elementor-button elementor-button-link elementor-size-sm\" href=\"https:\/\/www.portovenere.fr\/fr-fr\/carrelage-sol-et-mur-en-gres-cerame-et-faience\/carrelage-imitation-parquet-aspect-bois\/carrelage-bois-cannele-ou-lisse-koya\/\">\n\t\t\t\t\t\t<span class=\"elementor-button-content-wrapper\">\n\t\t\t\t\t\t\t\t\t<span class=\"elementor-button-text\">Voir la collection<\/span>\n\t\t\t\t\t<\/span>\n\t\t\t\t\t<\/a>\n\t\t\t\t<\/div>\n\t\t\t\t\t\t\t\t<\/div>\n\t\t\t\t<\/div>\n\t\t\t\t\t<\/div>\n\t\t<\/div>\n\t\t\t\t<div class=\"elementor-column elementor-col-33 elementor-top-column elementor-element elementor-element-4c752ae elementor-invisible\" data-id=\"4c752ae\" data-element_type=\"column\" data-e-type=\"column\" data-settings=\"{&quot;animation&quot;:&quot;fadeIn&quot;,&quot;background_background&quot;:&quot;classic&quot;}\">\n\t\t\t<div class=\"elementor-widget-wrap elementor-element-populated\">\n\t\t\t\t\t\t<div class=\"elementor-element elementor-element-89e8c3c elementor-widget elementor-widget-image\" data-id=\"89e8c3c\" data-element_type=\"widget\" data-e-type=\"widget\" data-widget_type=\"image.default\">\n\t\t\t\t<div class=\"elementor-widget-container\">\n\t\t\t\t\t\t\t\t\t\t\t\t\t\t\t\t<a href=\"https:\/\/www.portovenere.fr\/fr-fr\/carrelage-sol-et-mur-en-gres-cerame-et-faience\/carrelage-imitation-parquet-aspect-bois\/carrelage-parquet-chene-pour-sol-et-mur-horizon\/\">\n\t\t\t\t\t\t\t<img decoding=\"async\" src=\"https:\/\/www.portovenere.fr\/fr-fr\/wp-content\/uploads\/elementor\/thumbs\/Carrelage-sol-interieur-et-exterieur-parquet-bois-naturel-realiste-Horizon-Charamel-hotel-et-terrasse-proche-de-Avignon-84-r8ifl6mnn4z0k85jskezlt46q9p9fvadsjv79b4v4w.jpg\" title=\"Carrelage-sol-int\u00e9rieur-et-ext\u00e9rieur-parquet-bois-naturel-r\u00e9aliste-Horizon-Charamel-h\u00f4tel-et-terrasse-proche-de-Avignon-84\" alt=\"20 x 120 cm int\u00e9rieur et ext\u00e9rieur\n30 x 120 cm ext\u00e9rieur\" loading=\"lazy\" \/>\t\t\t\t\t\t\t\t<\/a>\n\t\t\t\t\t\t\t\t\t\t\t\t\t\t\t<\/div>\n\t\t\t\t<\/div>\n\t\t\t\t<section class=\"elementor-section elementor-inner-section elementor-element elementor-element-dfd0683 elementor-section-boxed elementor-section-height-default elementor-section-height-default elementor-invisible\" data-id=\"dfd0683\" data-element_type=\"section\" data-e-type=\"section\" data-settings=\"{&quot;background_background&quot;:&quot;classic&quot;,&quot;animation&quot;:&quot;fadeIn&quot;}\">\n\t\t\t\t\t\t<div class=\"elementor-container elementor-column-gap-default\">\n\t\t\t\t\t<div class=\"elementor-column elementor-col-100 elementor-inner-column elementor-element elementor-element-5e8da81\" data-id=\"5e8da81\" data-element_type=\"column\" data-e-type=\"column\">\n\t\t\t<div class=\"elementor-widget-wrap elementor-element-populated\">\n\t\t\t\t\t\t<div class=\"elementor-element elementor-element-4061d98 elementor-widget elementor-widget-heading\" data-id=\"4061d98\" data-element_type=\"widget\" data-e-type=\"widget\" data-widget_type=\"heading.default\">\n\t\t\t\t<div class=\"elementor-widget-container\">\n\t\t\t\t\t<h3 class=\"elementor-heading-title elementor-size-default\"><a href=\"https:\/\/www.portovenere.fr\/fr-fr\/carrelage-sol-et-mur-en-gres-cerame-et-faience\/carrelage-imitation-parquet-aspect-bois\/carrelage-parquet-chene-pour-sol-et-mur-horizon\/\">HORIZON | 5 tonalit\u00e9s &amp; d\u00e9cors<\/a><\/h3>\t\t\t\t<\/div>\n\t\t\t\t<\/div>\n\t\t\t\t<div class=\"elementor-element elementor-element-b210095 elementor-widget__width-initial elementor-widget elementor-widget-gallery\" data-id=\"b210095\" data-element_type=\"widget\" data-e-type=\"widget\" data-settings=\"{&quot;gap&quot;:{&quot;unit&quot;:&quot;px&quot;,&quot;size&quot;:3,&quot;sizes&quot;:[]},&quot;columns_mobile&quot;:3,&quot;gap_mobile&quot;:{&quot;unit&quot;:&quot;px&quot;,&quot;size&quot;:6,&quot;sizes&quot;:[]},&quot;columns&quot;:5,&quot;columns_tablet&quot;:3,&quot;gap_tablet&quot;:{&quot;unit&quot;:&quot;px&quot;,&quot;size&quot;:5,&quot;sizes&quot;:[]},&quot;lazyload&quot;:&quot;yes&quot;,&quot;gallery_layout&quot;:&quot;grid&quot;,&quot;aspect_ratio&quot;:&quot;3:2&quot;,&quot;overlay_background&quot;:&quot;yes&quot;,&quot;content_hover_animation&quot;:&quot;fade-in&quot;}\" data-widget_type=\"gallery.default\">\n\t\t\t\t<div class=\"elementor-widget-container\">\n\t\t\t\t\t\t\t<div class=\"elementor-gallery__container\">\n\t\t\t\t\t\t\t<div class=\"e-gallery-item elementor-gallery-item elementor-animated-content\">\n\t\t\t\t\t<div class=\"e-gallery-image elementor-gallery-item__image\" data-thumbnail=\"https:\/\/www.portovenere.fr\/fr-fr\/wp-content\/uploads\/2024\/09\/Carrelage-sol-mur-effet-parquet-bois-naturel-Horizon-Spice-grande-qualite-magasin-carrelage-haut-de-gamme-proche-Sete-34-150x150.jpg\" data-width=\"150\" data-height=\"150\" aria-label=\"\" role=\"img\" ><\/div>\n\t\t\t\t\t\t\t\t\t\t\t<div class=\"elementor-gallery-item__overlay\"><\/div>\n\t\t\t\t\t\t\t\t\t\t\t\t\t\t<\/div>\n\t\t\t\t\t\t\t<div class=\"e-gallery-item elementor-gallery-item elementor-animated-content\">\n\t\t\t\t\t<div class=\"e-gallery-image elementor-gallery-item__image\" data-thumbnail=\"https:\/\/www.portovenere.fr\/fr-fr\/wp-content\/uploads\/2024\/09\/Carrelage-sol-mur-effet-parquet-bois-naturel-Horizon-Hazelnut-grande-qualite-interieur-et-exterieur-magasin-carrelages-proche-gigean-34-150x150.jpg\" data-width=\"150\" data-height=\"150\" aria-label=\"\" role=\"img\" ><\/div>\n\t\t\t\t\t\t\t\t\t\t\t<div class=\"elementor-gallery-item__overlay\"><\/div>\n\t\t\t\t\t\t\t\t\t\t\t\t\t\t<\/div>\n\t\t\t\t\t\t\t<div class=\"e-gallery-item elementor-gallery-item elementor-animated-content\">\n\t\t\t\t\t<div class=\"e-gallery-image elementor-gallery-item__image\" data-thumbnail=\"https:\/\/www.portovenere.fr\/fr-fr\/wp-content\/uploads\/2024\/09\/Carrelage-sol-mur-effet-parquet-bois-naturel-Horizon-Cocoa-grande-qualite-magasin-carrelage-haut-de-gamme-proche-Mauguio-34-150x150.jpg\" data-width=\"150\" data-height=\"150\" aria-label=\"\" role=\"img\" ><\/div>\n\t\t\t\t\t\t\t\t\t\t\t<div class=\"elementor-gallery-item__overlay\"><\/div>\n\t\t\t\t\t\t\t\t\t\t\t\t\t\t<\/div>\n\t\t\t\t\t\t\t<div class=\"e-gallery-item elementor-gallery-item elementor-animated-content\">\n\t\t\t\t\t<div class=\"e-gallery-image elementor-gallery-item__image\" data-thumbnail=\"https:\/\/www.portovenere.fr\/fr-fr\/wp-content\/uploads\/2024\/09\/Carrelage-sol-mur-effet-parquet-bois-naturel-Horizon-Charamel-grande-qualite-interieur-et-exterieur-magasin-proche-La-Grande-Motte-34-150x150.jpg\" data-width=\"150\" data-height=\"150\" aria-label=\"\" role=\"img\" ><\/div>\n\t\t\t\t\t\t\t\t\t\t\t<div class=\"elementor-gallery-item__overlay\"><\/div>\n\t\t\t\t\t\t\t\t\t\t\t\t\t\t<\/div>\n\t\t\t\t\t\t\t<div class=\"e-gallery-item elementor-gallery-item elementor-animated-content\">\n\t\t\t\t\t<div class=\"e-gallery-image elementor-gallery-item__image\" data-thumbnail=\"https:\/\/www.portovenere.fr\/fr-fr\/wp-content\/uploads\/2024\/09\/Carrelage-sol-mur-effet-parquet-bois-clair-naturel-Horizon-Dew-grande-qualite-interieur-et-exterieur-magasin-Porto-venere-a-Montpellier-34-150x150.jpg\" data-width=\"150\" data-height=\"150\" aria-label=\"\" role=\"img\" ><\/div>\n\t\t\t\t\t\t\t\t\t\t\t<div class=\"elementor-gallery-item__overlay\"><\/div>\n\t\t\t\t\t\t\t\t\t\t\t\t\t\t<\/div>\n\t\t\t\t\t\t\t<div class=\"e-gallery-item elementor-gallery-item elementor-animated-content\">\n\t\t\t\t\t<div class=\"e-gallery-image elementor-gallery-item__image\" data-thumbnail=\"https:\/\/www.portovenere.fr\/fr-fr\/wp-content\/uploads\/2024\/09\/Carrelage-sol-mur-type-parquet-batons-rompus-effet-bois-style-ancien-Horizon-Spicet-21x42-cm-proche-Jacou-34-150x150.jpg\" data-width=\"150\" data-height=\"150\" aria-label=\"\" role=\"img\" ><\/div>\n\t\t\t\t\t\t\t\t\t\t\t<div class=\"elementor-gallery-item__overlay\"><\/div>\n\t\t\t\t\t\t\t\t\t\t\t\t\t\t<\/div>\n\t\t\t\t\t\t\t<div class=\"e-gallery-item elementor-gallery-item elementor-animated-content\">\n\t\t\t\t\t<div class=\"e-gallery-image elementor-gallery-item__image\" data-thumbnail=\"https:\/\/www.portovenere.fr\/fr-fr\/wp-content\/uploads\/2024\/09\/Carrelage-mural-maxi-format-effet-bois-strie-cannele-120x278cm-Horizon-decor-Fusion-Spice-a-Montpellier-34-150x150.jpg\" data-width=\"150\" data-height=\"150\" aria-label=\"\" role=\"img\" ><\/div>\n\t\t\t\t\t\t\t\t\t\t\t<div class=\"elementor-gallery-item__overlay\"><\/div>\n\t\t\t\t\t\t\t\t\t\t\t\t\t\t<\/div>\n\t\t\t\t\t<\/div>\n\t\t\t\t\t<\/div>\n\t\t\t\t<\/div>\n\t\t\t\t<div class=\"elementor-element elementor-element-2302f5a elementor-widget elementor-widget-text-editor\" data-id=\"2302f5a\" data-element_type=\"widget\" data-e-type=\"widget\" data-widget_type=\"text-editor.default\">\n\t\t\t\t<div class=\"elementor-widget-container\">\n\t\t\t\t\t\t\t\t\t<p>Plongez dans une ambiance chaleureuse et authentique gr\u00e2ce \u00e0 notre collection Horizon. Les\u00a0<b>carreaux effet parquet bois<\/b>\u00a0reproduisent \u00e0 la perfection les\u00a0<b>sensations tactiles et visuelles du ch\u00ean<\/b><strong>e naturel<\/strong>. Un choix \u00e0 la fois esth\u00e9tique et pratique.<\/p><p>D\u00e9couvrez<b>\u00a05\u00a0tonalit\u00e9s naturelles,\u00a0<\/b>du bois clair au plus fonc\u00e9, qui<b>\u00a0<\/b>\u00e9voquent la richesse et la<b>\u00a0chaleur du bois authentique<\/b>.\u00a0<b>3 coloris<\/b>\u00a0sont \u00e9galement\u00a0<b>disponibles en effet \u00ab\u00a0sci\u00e9\u00a0\u00bb.<\/b><\/p><p>Disponible dans les<b>\u00a0<\/b>formats suivants<b>\u00a0:\u00a020\u00d7120 cm,\u00a0 25\u00d7150 cm, 20\u00d7180 cm<\/b>\u00a0pour\u00a0s\u2019adapter \u00e0 tous les espaces, des plus classiques aux plus contemporains.<b>\u00a0Finition : spazzolata<\/b>\u00a0(bross\u00e9) ou\u00a0<b>naturel<\/b>.<\/p><p>Le gr\u00e8s c\u00e9rame Horizon peut \u00eatre pos\u00e9\u00a0<strong>au mur et au sol, en int\u00e9rieur mais aussi en ext\u00e9rieur<\/strong>\u00a0gr\u00e2ce \u00e0 sa\u00a0<b>version antid\u00e9rapante<\/b>\u00a0en\u00a0<b>dalle 20 mm antid\u00e9rapante<\/b>\u00a030\u00d7120 cm.\u00a0<\/p><p>Un\u00a0<b>d\u00e9cor style b\u00e2tons rompus effet parquet ancien en 21 x 42 cm<\/b>\u00a0et un\u00a0<b>d\u00e9cor mural stri\u00e9 maxi format XXL 120\u00d7278 cm\u00a0<\/b>viennent compl\u00e9ter cette agr\u00e9able collection tendance et chaleureuse pour vos projets d\u2019am\u00e9nagement d\u2019espace : salle de bain, cuisine, terrasse, tour de piscine, chambre, h\u00f4tel\u2026<\/p>\t\t\t\t\t\t\t\t<\/div>\n\t\t\t\t<\/div>\n\t\t\t\t<div class=\"elementor-element elementor-element-4619dfa elementor-mobile-align-center elementor-widget elementor-widget-button\" data-id=\"4619dfa\" data-element_type=\"widget\" data-e-type=\"widget\" data-widget_type=\"button.default\">\n\t\t\t\t<div class=\"elementor-widget-container\">\n\t\t\t\t\t\t\t\t\t<div class=\"elementor-button-wrapper\">\n\t\t\t\t\t<a class=\"elementor-button elementor-button-link elementor-size-sm\" href=\"https:\/\/www.portovenere.fr\/fr-fr\/carrelage-sol-et-mur-en-gres-cerame-et-faience\/carrelage-imitation-parquet-aspect-bois\/carrelage-parquet-chene-pour-sol-et-mur-horizon\/\">\n\t\t\t\t\t\t<span class=\"elementor-button-content-wrapper\">\n\t\t\t\t\t\t\t\t\t<span class=\"elementor-button-text\">Voir la collection<\/span>\n\t\t\t\t\t<\/span>\n\t\t\t\t\t<\/a>\n\t\t\t\t<\/div>\n\t\t\t\t\t\t\t\t<\/div>\n\t\t\t\t<\/div>\n\t\t\t\t\t<\/div>\n\t\t<\/div>\n\t\t\t\t\t<\/div>\n\t\t<\/section>\n\t\t\t\t\t<\/div>\n\t\t<\/div>\n\t\t\t\t\t<\/div>\n\t\t<\/section>\n\t\t\t\t<section class=\"elementor-section elementor-top-section elementor-element elementor-element-bee93b9 elementor-section-full_width elementor-section-height-default elementor-section-height-default\" data-id=\"bee93b9\" data-element_type=\"section\" data-e-type=\"section\">\n\t\t\t\t\t\t<div class=\"elementor-container elementor-column-gap-default\">\n\t\t\t\t\t<div class=\"elementor-column elementor-col-33 elementor-top-column elementor-element elementor-element-4bc2215 elementor-invisible\" data-id=\"4bc2215\" data-element_type=\"column\" data-e-type=\"column\" data-settings=\"{&quot;animation&quot;:&quot;fadeIn&quot;,&quot;background_background&quot;:&quot;classic&quot;}\">\n\t\t\t<div class=\"elementor-widget-wrap elementor-element-populated\">\n\t\t\t\t\t\t<div class=\"elementor-element elementor-element-dec68b0 elementor-widget elementor-widget-image\" data-id=\"dec68b0\" data-element_type=\"widget\" data-e-type=\"widget\" data-widget_type=\"image.default\">\n\t\t\t\t<div class=\"elementor-widget-container\">\n\t\t\t\t\t\t\t\t\t\t\t\t\t\t\t\t<a href=\"https:\/\/www.portovenere.fr\/fr-fr\/carrelage-sol-et-mur-en-gres-cerame-et-faience\/carrelage-contemporain-et-design\/carrelage-contemporain-imitation-beton-colore-pictural\/\">\n\t\t\t\t\t\t\t<img decoding=\"async\" src=\"https:\/\/www.portovenere.fr\/fr-fr\/wp-content\/uploads\/elementor\/thumbs\/Carrelage-imitation-ciment-lisse-exterieur-interieur-Pictural-cappuccino-grand-format-proche-de-Castelnau-le-lez-r8iezhiubiubjzbh5h64idzuytuefylaa064qozzb0.jpg\" title=\"Carrelage-imitation-ciment-lisse-exterieur-interieur-Pictural-cappuccino-grand-format-proche-de-Castelnau-le-lez\" alt=\"Carrelage-imitation-ciment-lisse-exterieur-interieur-Pictural-cappuccino-grand-format-proche-de-Castelnau-le-lez\" loading=\"lazy\" \/>\t\t\t\t\t\t\t\t<\/a>\n\t\t\t\t\t\t\t\t\t\t\t\t\t\t\t<\/div>\n\t\t\t\t<\/div>\n\t\t\t\t<section class=\"elementor-section elementor-inner-section elementor-element elementor-element-15d57b0 elementor-section-boxed elementor-section-height-default elementor-section-height-default elementor-invisible\" data-id=\"15d57b0\" data-element_type=\"section\" data-e-type=\"section\" data-settings=\"{&quot;background_background&quot;:&quot;classic&quot;,&quot;animation&quot;:&quot;fadeIn&quot;}\">\n\t\t\t\t\t\t<div class=\"elementor-container elementor-column-gap-default\">\n\t\t\t\t\t<div class=\"elementor-column elementor-col-100 elementor-inner-column elementor-element elementor-element-fb29c86\" data-id=\"fb29c86\" data-element_type=\"column\" data-e-type=\"column\">\n\t\t\t<div class=\"elementor-widget-wrap elementor-element-populated\">\n\t\t\t\t\t\t<div class=\"elementor-element elementor-element-55ba337 elementor-widget elementor-widget-heading\" data-id=\"55ba337\" data-element_type=\"widget\" data-e-type=\"widget\" data-widget_type=\"heading.default\">\n\t\t\t\t<div class=\"elementor-widget-container\">\n\t\t\t\t\t<h3 class=\"elementor-heading-title elementor-size-default\"><a href=\"https:\/\/www.portovenere.fr\/fr-fr\/carrelage-sol-et-mur-en-gres-cerame-et-faience\/carrelage-contemporain-et-design\/carrelage-contemporain-imitation-beton-colore-pictural\/\">PICTURAL | 6 coloris<\/a><\/h3>\t\t\t\t<\/div>\n\t\t\t\t<\/div>\n\t\t\t\t<div class=\"elementor-element elementor-element-aa4f120 elementor-widget__width-initial elementor-widget elementor-widget-gallery\" data-id=\"aa4f120\" data-element_type=\"widget\" data-e-type=\"widget\" data-settings=\"{&quot;gap&quot;:{&quot;unit&quot;:&quot;px&quot;,&quot;size&quot;:3,&quot;sizes&quot;:[]},&quot;columns_mobile&quot;:3,&quot;gap_mobile&quot;:{&quot;unit&quot;:&quot;px&quot;,&quot;size&quot;:6,&quot;sizes&quot;:[]},&quot;columns&quot;:6,&quot;columns_tablet&quot;:3,&quot;gap_tablet&quot;:{&quot;unit&quot;:&quot;px&quot;,&quot;size&quot;:5,&quot;sizes&quot;:[]},&quot;lazyload&quot;:&quot;yes&quot;,&quot;gallery_layout&quot;:&quot;grid&quot;,&quot;aspect_ratio&quot;:&quot;3:2&quot;,&quot;overlay_background&quot;:&quot;yes&quot;,&quot;content_hover_animation&quot;:&quot;fade-in&quot;}\" data-widget_type=\"gallery.default\">\n\t\t\t\t<div class=\"elementor-widget-container\">\n\t\t\t\t\t\t\t<div class=\"elementor-gallery__container\">\n\t\t\t\t\t\t\t<div class=\"e-gallery-item elementor-gallery-item elementor-animated-content\">\n\t\t\t\t\t<div class=\"e-gallery-image elementor-gallery-item__image\" data-thumbnail=\"https:\/\/www.portovenere.fr\/fr-fr\/wp-content\/uploads\/2024\/03\/Carrelage-effet-ciment-Anthracite-Pictural-a-montpellier-150x150.jpg\" data-width=\"150\" data-height=\"150\" aria-label=\"\" role=\"img\" ><\/div>\n\t\t\t\t\t\t\t\t\t\t\t<div class=\"elementor-gallery-item__overlay\"><\/div>\n\t\t\t\t\t\t\t\t\t\t\t\t\t\t<\/div>\n\t\t\t\t\t\t\t<div class=\"e-gallery-item elementor-gallery-item elementor-animated-content\">\n\t\t\t\t\t<div class=\"e-gallery-image elementor-gallery-item__image\" data-thumbnail=\"https:\/\/www.portovenere.fr\/fr-fr\/wp-content\/uploads\/2024\/03\/Carrelage-effet-ciment-Gris-Cenere-Pictural-a-montpellier-150x150.jpg\" data-width=\"150\" data-height=\"150\" aria-label=\"\" role=\"img\" ><\/div>\n\t\t\t\t\t\t\t\t\t\t\t<div class=\"elementor-gallery-item__overlay\"><\/div>\n\t\t\t\t\t\t\t\t\t\t\t\t\t\t<\/div>\n\t\t\t\t\t\t\t<div class=\"e-gallery-item elementor-gallery-item elementor-animated-content\">\n\t\t\t\t\t<div class=\"e-gallery-image elementor-gallery-item__image\" data-thumbnail=\"https:\/\/www.portovenere.fr\/fr-fr\/wp-content\/uploads\/2024\/03\/Carrelage-effet-ciment-Gris-Basalto-Pictural-a-montpellier-150x150.jpg\" data-width=\"150\" data-height=\"150\" aria-label=\"\" role=\"img\" ><\/div>\n\t\t\t\t\t\t\t\t\t\t\t<div class=\"elementor-gallery-item__overlay\"><\/div>\n\t\t\t\t\t\t\t\t\t\t\t\t\t\t<\/div>\n\t\t\t\t\t\t\t<div class=\"e-gallery-item elementor-gallery-item elementor-animated-content\">\n\t\t\t\t\t<div class=\"e-gallery-image elementor-gallery-item__image\" data-thumbnail=\"https:\/\/www.portovenere.fr\/fr-fr\/wp-content\/uploads\/2024\/03\/Carrelage-effet-ciment-coloris-Cappuccino-Pictural-a-montpellier-150x150.jpg\" data-width=\"150\" data-height=\"150\" aria-label=\"\" role=\"img\" ><\/div>\n\t\t\t\t\t\t\t\t\t\t\t<div class=\"elementor-gallery-item__overlay\"><\/div>\n\t\t\t\t\t\t\t\t\t\t\t\t\t\t<\/div>\n\t\t\t\t\t\t\t<div class=\"e-gallery-item elementor-gallery-item elementor-animated-content\">\n\t\t\t\t\t<div class=\"e-gallery-image elementor-gallery-item__image\" data-thumbnail=\"https:\/\/www.portovenere.fr\/fr-fr\/wp-content\/uploads\/2024\/03\/Carrelage-effet-ciment-clair-Perla-Pictural-a-montpellier-150x150.jpg\" data-width=\"150\" data-height=\"150\" aria-label=\"\" role=\"img\" ><\/div>\n\t\t\t\t\t\t\t\t\t\t\t<div class=\"elementor-gallery-item__overlay\"><\/div>\n\t\t\t\t\t\t\t\t\t\t\t\t\t\t<\/div>\n\t\t\t\t\t\t\t<div class=\"e-gallery-item elementor-gallery-item elementor-animated-content\">\n\t\t\t\t\t<div class=\"e-gallery-image elementor-gallery-item__image\" data-thumbnail=\"https:\/\/www.portovenere.fr\/fr-fr\/wp-content\/uploads\/2024\/03\/Carrelage-effet-ciment-clair-Crema-Pictural-a-montpellier-150x150.jpg\" data-width=\"150\" data-height=\"150\" aria-label=\"\" role=\"img\" ><\/div>\n\t\t\t\t\t\t\t\t\t\t\t<div class=\"elementor-gallery-item__overlay\"><\/div>\n\t\t\t\t\t\t\t\t\t\t\t\t\t\t<\/div>\n\t\t\t\t\t<\/div>\n\t\t\t\t\t<\/div>\n\t\t\t\t<\/div>\n\t\t\t\t<div class=\"elementor-element elementor-element-e3ef9e3 elementor-widget elementor-widget-text-editor\" data-id=\"e3ef9e3\" data-element_type=\"widget\" data-e-type=\"widget\" data-widget_type=\"text-editor.default\">\n\t\t\t\t<div class=\"elementor-widget-container\">\n\t\t\t\t\t\t\t\t\t<p>La collection de\u00a0<b>carrelage contemporain imitation b\u00e9ton color\u00e9 en gr\u00e8s c\u00e9rame PICTURAL<\/b>\u00a0aborde\u00a0<b>9 teintes<\/b>\u00a0tendances &amp; traditionnelles :<\/p><p><strong>C<\/strong><b>appuccino, Cr\u00e8me<\/b>\u00a0(Cr\u00e8ma),<b>\u00a0Perle<\/b>\u00a0(Perla),\u00a0<b>4 gris<\/b>\u00a0diff\u00e9rents (Avio, Cenere, Basalto,\u00a0Anthracite),\u00a0<b>Vert<\/b>\u00a0Salvia et Rouge\u00a0<b>Terracotta<\/b>\u00a0(Amarento).<\/p><p>Une finition effet\u00a0<b>b\u00e9ton lisse<\/b>\u00a0Silteck est propos\u00e9e dans de nombreux formats (\u00e9paisseur 9,5mm) :\u00a030\u00d760 cm,\u00a060\u00d760\u00a0cm,\u00a060\u00d7120\u00a0cm,\u00a080\u00d780\u00a0cm,\u00a0120\u00d7120\u00a0cm et en format XXL de 120\u00d7278 cm\u00a0(6,5mm fine \u00e9paisseur). Une<b> finition antid\u00e9rapante<\/b> est \u00e9galement disponible pour une terrasse, tour de piscine\u2026<\/p><p>Une<b> finition\u00a0b\u00e9ton stri\u00e9<\/b>\u00a0tout comme des <b>d\u00e9cors originaux <\/b>compl\u00e8tent cette collection de carrelage gr\u00e8s c\u00e9rame originale et contemporaine.<\/p>\t\t\t\t\t\t\t\t<\/div>\n\t\t\t\t<\/div>\n\t\t\t\t<div class=\"elementor-element elementor-element-88be138 elementor-mobile-align-center elementor-widget elementor-widget-button\" data-id=\"88be138\" data-element_type=\"widget\" data-e-type=\"widget\" data-widget_type=\"button.default\">\n\t\t\t\t<div class=\"elementor-widget-container\">\n\t\t\t\t\t\t\t\t\t<div class=\"elementor-button-wrapper\">\n\t\t\t\t\t<a class=\"elementor-button elementor-button-link elementor-size-sm\" href=\"https:\/\/www.portovenere.fr\/fr-fr\/carrelage-sol-et-mur-en-gres-cerame-et-faience\/carrelage-contemporain-et-design\/carrelage-contemporain-imitation-beton-colore-pictural\/\">\n\t\t\t\t\t\t<span class=\"elementor-button-content-wrapper\">\n\t\t\t\t\t\t\t\t\t<span class=\"elementor-button-text\">Voir la collection<\/span>\n\t\t\t\t\t<\/span>\n\t\t\t\t\t<\/a>\n\t\t\t\t<\/div>\n\t\t\t\t\t\t\t\t<\/div>\n\t\t\t\t<\/div>\n\t\t\t\t\t<\/div>\n\t\t<\/div>\n\t\t\t\t\t<\/div>\n\t\t<\/section>\n\t\t\t\t\t<\/div>\n\t\t<\/div>\n\t\t\t\t<div class=\"elementor-column elementor-col-33 elementor-top-column elementor-element elementor-element-d9ce45f\" data-id=\"d9ce45f\" data-element_type=\"column\" data-e-type=\"column\" data-settings=\"{&quot;background_background&quot;:&quot;classic&quot;}\">\n\t\t\t<div class=\"elementor-widget-wrap elementor-element-populated\">\n\t\t\t\t\t\t<div class=\"elementor-element elementor-element-ef96146 elementor-widget elementor-widget-image\" data-id=\"ef96146\" data-element_type=\"widget\" data-e-type=\"widget\" data-widget_type=\"image.default\">\n\t\t\t\t<div class=\"elementor-widget-container\">\n\t\t\t\t\t\t\t\t\t\t\t\t\t\t\t\t<a href=\"https:\/\/www.portovenere.fr\/fr-fr\/carrelage-sol-et-mur-en-gres-cerame-et-faience\/carrelage-aspect-pierre\/carrelage-imitation-ardoise-elios\/\">\n\t\t\t\t\t\t\t<img decoding=\"async\" src=\"https:\/\/www.portovenere.fr\/fr-fr\/wp-content\/uploads\/elementor\/thumbs\/Carrelage-et-dalles-antiderapantes-aspect-ardoise-ELIOS-coloris-Crono-pour-interieur-exterieur-magasin-proche-de-Jacou-34-r8ifmq39ps7ve09xdvp7pabtdz4jwshrkh0kc3mkeg.jpg\" title=\"Carrelage-et-dalles-antid\u00e9rapantes-aspect-ardoise-ELIOS-coloris-Crono-pour-int\u00e9rieur-ext\u00e9rieur-magasin-proche-de-Jacou-34\" alt=\"Coloris Geo\" loading=\"lazy\" \/>\t\t\t\t\t\t\t\t<\/a>\n\t\t\t\t\t\t\t\t\t\t\t\t\t\t\t<\/div>\n\t\t\t\t<\/div>\n\t\t\t\t<div class=\"elementor-element elementor-element-8965db7 elementor-widget elementor-widget-heading\" data-id=\"8965db7\" data-element_type=\"widget\" data-e-type=\"widget\" data-widget_type=\"heading.default\">\n\t\t\t\t<div class=\"elementor-widget-container\">\n\t\t\t\t\t<h3 class=\"elementor-heading-title elementor-size-default\"><a href=\"https:\/\/www.portovenere.fr\/fr-fr\/carrelage-sol-et-mur-en-gres-cerame-et-faience\/carrelage-aspect-pierre\/carrelage-imitation-ardoise-elios\/\">ELIOS effet ardoise | 5 coloris<\/a><\/h3>\t\t\t\t<\/div>\n\t\t\t\t<\/div>\n\t\t\t\t<div class=\"elementor-element elementor-element-7c1ee83 elementor-widget__width-initial elementor-widget elementor-widget-gallery\" data-id=\"7c1ee83\" data-element_type=\"widget\" data-e-type=\"widget\" data-settings=\"{&quot;gap&quot;:{&quot;unit&quot;:&quot;px&quot;,&quot;size&quot;:3,&quot;sizes&quot;:[]},&quot;columns_mobile&quot;:3,&quot;gap_mobile&quot;:{&quot;unit&quot;:&quot;px&quot;,&quot;size&quot;:6,&quot;sizes&quot;:[]},&quot;columns&quot;:5,&quot;columns_tablet&quot;:3,&quot;gap_tablet&quot;:{&quot;unit&quot;:&quot;px&quot;,&quot;size&quot;:5,&quot;sizes&quot;:[]},&quot;lazyload&quot;:&quot;yes&quot;,&quot;gallery_layout&quot;:&quot;grid&quot;,&quot;aspect_ratio&quot;:&quot;3:2&quot;,&quot;overlay_background&quot;:&quot;yes&quot;,&quot;content_hover_animation&quot;:&quot;fade-in&quot;}\" data-widget_type=\"gallery.default\">\n\t\t\t\t<div class=\"elementor-widget-container\">\n\t\t\t\t\t\t\t<div class=\"elementor-gallery__container\">\n\t\t\t\t\t\t\t<div class=\"e-gallery-item elementor-gallery-item elementor-animated-content\">\n\t\t\t\t\t<div class=\"e-gallery-image elementor-gallery-item__image\" data-thumbnail=\"https:\/\/www.portovenere.fr\/fr-fr\/wp-content\/uploads\/2024\/10\/Carrelage-aspect-ardoise-interieur-exterieur-ELIOS-coloris-Crono-a-Motnpellier-34-150x150.jpg\" data-width=\"150\" data-height=\"150\" aria-label=\"\" role=\"img\" ><\/div>\n\t\t\t\t\t\t\t\t\t\t\t<div class=\"elementor-gallery-item__overlay\"><\/div>\n\t\t\t\t\t\t\t\t\t\t\t\t\t\t<\/div>\n\t\t\t\t\t\t\t<div class=\"e-gallery-item elementor-gallery-item elementor-animated-content\">\n\t\t\t\t\t<div class=\"e-gallery-image elementor-gallery-item__image\" data-thumbnail=\"https:\/\/www.portovenere.fr\/fr-fr\/wp-content\/uploads\/2024\/10\/Carrelage-aspect-ardoise-interieur-exterieur-ELIOS-coloris-Astra-pres-de-Sete-34-150x150.jpg\" data-width=\"150\" data-height=\"150\" aria-label=\"\" role=\"img\" ><\/div>\n\t\t\t\t\t\t\t\t\t\t\t<div class=\"elementor-gallery-item__overlay\"><\/div>\n\t\t\t\t\t\t\t\t\t\t\t\t\t\t<\/div>\n\t\t\t\t\t\t\t<div class=\"e-gallery-item elementor-gallery-item elementor-animated-content\">\n\t\t\t\t\t<div class=\"e-gallery-image elementor-gallery-item__image\" data-thumbnail=\"https:\/\/www.portovenere.fr\/fr-fr\/wp-content\/uploads\/2024\/10\/Carrelage-aspect-ardoise-interieur-exterieur-ELIOS-coloris-Litos-pres-de-Castelnau-le-lez-34-150x150.jpg\" data-width=\"150\" data-height=\"150\" aria-label=\"\" role=\"img\" ><\/div>\n\t\t\t\t\t\t\t\t\t\t\t<div class=\"elementor-gallery-item__overlay\"><\/div>\n\t\t\t\t\t\t\t\t\t\t\t\t\t\t<\/div>\n\t\t\t\t\t\t\t<div class=\"e-gallery-item elementor-gallery-item elementor-animated-content\">\n\t\t\t\t\t<div class=\"e-gallery-image elementor-gallery-item__image\" data-thumbnail=\"https:\/\/www.portovenere.fr\/fr-fr\/wp-content\/uploads\/2024\/10\/Carrelage-aspect-ardoise-interieur-exterieur-ELIOS-coloris-Geo-pres-de-Perols-34-150x150.jpg\" data-width=\"150\" data-height=\"150\" aria-label=\"\" role=\"img\" ><\/div>\n\t\t\t\t\t\t\t\t\t\t\t<div class=\"elementor-gallery-item__overlay\"><\/div>\n\t\t\t\t\t\t\t\t\t\t\t\t\t\t<\/div>\n\t\t\t\t\t\t\t<div class=\"e-gallery-item elementor-gallery-item elementor-animated-content\">\n\t\t\t\t\t<div class=\"e-gallery-image elementor-gallery-item__image\" data-thumbnail=\"https:\/\/www.portovenere.fr\/fr-fr\/wp-content\/uploads\/2024\/10\/Carrelage-aspect-ardoise-interieur-exterieur-ELIOS-coloris-Leucos-pres-de-Agde-34-150x150.jpg\" data-width=\"150\" data-height=\"150\" aria-label=\"\" role=\"img\" ><\/div>\n\t\t\t\t\t\t\t\t\t\t\t<div class=\"elementor-gallery-item__overlay\"><\/div>\n\t\t\t\t\t\t\t\t\t\t\t\t\t\t<\/div>\n\t\t\t\t\t<\/div>\n\t\t\t\t\t<\/div>\n\t\t\t\t<\/div>\n\t\t\t\t<div class=\"elementor-element elementor-element-6050eb2 elementor-widget elementor-widget-text-editor\" data-id=\"6050eb2\" data-element_type=\"widget\" data-e-type=\"widget\" data-widget_type=\"text-editor.default\">\n\t\t\t\t<div class=\"elementor-widget-container\">\n\t\t\t\t\t\t\t\t\t<p>La collection de carrelage en gr\u00e8s c\u00e9rame ELIOS reprend l\u2019aspect de l\u2019ardoise qu\u2019elle d\u00e9cline dans<b>\u00a05 teintes du clair<\/b>\u00a0(Leucos et Astra) au\u00a0<b>plus fonc\u00e9\u00a0<\/b>(Crono) en passant par du<b>\u00a0gris<\/b>\u00a0(Geo et Lithos).<\/p><p>Propos\u00e9 dans 4 formats (\u00e9paisseur 9mm) :\u00a0<b>60 x 120 cm, 90 x 90 cm, 60 x 60 cm et 30 x 60 cm,\u00a0<\/b>cette collection de gr\u00e8s c\u00e9rame est disponible en finition naturelle R10 A+B, en finition antid\u00e9rapante R11 A+B+C.<\/p><p>Des dalles antid\u00e9rapantes en 20 mm au format 60 x 120 cm et format 60 x 60 cm compl\u00e8tent cette collection effet pierre naturelle. Les dalles se posent sur plots, en pose coll\u00e9e double encollage, pose sur gazon, sable et gravier.\u00a0<\/p><p>R\u00e9alisez de merveilleux projets avec un carrelage int\u00e9rieur qui offre une continuit\u00e9 vers l\u2019ext\u00e9rieur.\u00a0<\/p><p>Ce carrelage se pose au sol et au mur.\u00a0<\/p>\t\t\t\t\t\t\t\t<\/div>\n\t\t\t\t<\/div>\n\t\t\t\t<div class=\"elementor-element elementor-element-70832ed elementor-mobile-align-center elementor-align-left elementor-widget elementor-widget-button\" data-id=\"70832ed\" data-element_type=\"widget\" data-e-type=\"widget\" data-widget_type=\"button.default\">\n\t\t\t\t<div class=\"elementor-widget-container\">\n\t\t\t\t\t\t\t\t\t<div class=\"elementor-button-wrapper\">\n\t\t\t\t\t<a class=\"elementor-button elementor-button-link elementor-size-sm\" href=\"https:\/\/www.portovenere.fr\/fr-fr\/carrelage-sol-et-mur-en-gres-cerame-et-faience\/carrelage-aspect-pierre\/carrelage-imitation-ardoise-elios\/\">\n\t\t\t\t\t\t<span class=\"elementor-button-content-wrapper\">\n\t\t\t\t\t\t\t\t\t<span class=\"elementor-button-text\">Voir la collection<\/span>\n\t\t\t\t\t<\/span>\n\t\t\t\t\t<\/a>\n\t\t\t\t<\/div>\n\t\t\t\t\t\t\t\t<\/div>\n\t\t\t\t<\/div>\n\t\t\t\t\t<\/div>\n\t\t<\/div>\n\t\t\t\t<div class=\"elementor-column elementor-col-33 elementor-top-column elementor-element elementor-element-2eab005d elementor-invisible\" data-id=\"2eab005d\" data-element_type=\"column\" data-e-type=\"column\" data-settings=\"{&quot;animation&quot;:&quot;fadeIn&quot;,&quot;background_background&quot;:&quot;classic&quot;}\">\n\t\t\t<div class=\"elementor-widget-wrap elementor-element-populated\">\n\t\t\t\t\t\t<div class=\"elementor-element elementor-element-40430c7f elementor-widget elementor-widget-image\" data-id=\"40430c7f\" data-element_type=\"widget\" data-e-type=\"widget\" data-widget_type=\"image.default\">\n\t\t\t\t<div class=\"elementor-widget-container\">\n\t\t\t\t\t\t\t\t\t\t\t\t\t\t\t\t<a href=\"https:\/\/www.portovenere.fr\/fr-fr\/carrelage-sol-et-mur-en-gres-cerame-et-faience\/carrelage-contemporain-et-design\/carrelage-contemporain-aspect-beton-urban-concrete\/\">\n\t\t\t\t\t\t\t<img loading=\"lazy\" decoding=\"async\" width=\"768\" height=\"512\" src=\"https:\/\/www.portovenere.fr\/fr-fr\/wp-content\/uploads\/2019\/09\/Urban-Concrete-Square-Structur\u00e9-20mm-60x120-et-Square-Naturel-6mm-120x260-au-mur-768x512.jpg\" class=\"attachment-medium_large size-medium_large wp-image-13383\" alt=\"carrelage aspect ciment, imitation beton Urban concrte, colorisSquare\" srcset=\"https:\/\/www.portovenere.fr\/fr-fr\/wp-content\/uploads\/2019\/09\/Urban-Concrete-Square-Structur\u00e9-20mm-60x120-et-Square-Naturel-6mm-120x260-au-mur-768x512.jpg 768w, https:\/\/www.portovenere.fr\/fr-fr\/wp-content\/uploads\/2019\/09\/Urban-Concrete-Square-Structur\u00e9-20mm-60x120-et-Square-Naturel-6mm-120x260-au-mur-300x200.jpg 300w, https:\/\/www.portovenere.fr\/fr-fr\/wp-content\/uploads\/2019\/09\/Urban-Concrete-Square-Structur\u00e9-20mm-60x120-et-Square-Naturel-6mm-120x260-au-mur-1024x683.jpg 1024w, https:\/\/www.portovenere.fr\/fr-fr\/wp-content\/uploads\/2019\/09\/Urban-Concrete-Square-Structur\u00e9-20mm-60x120-et-Square-Naturel-6mm-120x260-au-mur.jpg 1500w\" sizes=\"(max-width: 768px) 100vw, 768px\" \/>\t\t\t\t\t\t\t\t<\/a>\n\t\t\t\t\t\t\t\t\t\t\t\t\t\t\t<\/div>\n\t\t\t\t<\/div>\n\t\t\t\t<section class=\"elementor-section elementor-inner-section elementor-element elementor-element-17fe483d elementor-section-boxed elementor-section-height-default elementor-section-height-default elementor-invisible\" data-id=\"17fe483d\" data-element_type=\"section\" data-e-type=\"section\" data-settings=\"{&quot;background_background&quot;:&quot;classic&quot;,&quot;animation&quot;:&quot;fadeIn&quot;}\">\n\t\t\t\t\t\t<div class=\"elementor-container elementor-column-gap-default\">\n\t\t\t\t\t<div class=\"elementor-column elementor-col-100 elementor-inner-column elementor-element elementor-element-2cbd47d9\" data-id=\"2cbd47d9\" data-element_type=\"column\" data-e-type=\"column\">\n\t\t\t<div class=\"elementor-widget-wrap elementor-element-populated\">\n\t\t\t\t\t\t<div class=\"elementor-element elementor-element-418702d elementor-widget elementor-widget-heading\" data-id=\"418702d\" data-element_type=\"widget\" data-e-type=\"widget\" data-widget_type=\"heading.default\">\n\t\t\t\t<div class=\"elementor-widget-container\">\n\t\t\t\t\t<h3 class=\"elementor-heading-title elementor-size-default\"><a href=\"https:\/\/www.portovenere.fr\/fr-fr\/carrelage-sol-et-mur-en-gres-cerame-et-faience\/carrelage-contemporain-et-design\/carrelage-contemporain-aspect-beton-urban-concrete\/\">URBAN CONCRETE | 3 coloris<\/a><\/h3>\t\t\t\t<\/div>\n\t\t\t\t<\/div>\n\t\t\t\t<div class=\"elementor-element elementor-element-1ba729b elementor-widget__width-initial elementor-widget elementor-widget-gallery\" data-id=\"1ba729b\" data-element_type=\"widget\" data-e-type=\"widget\" data-settings=\"{&quot;gap&quot;:{&quot;unit&quot;:&quot;px&quot;,&quot;size&quot;:3,&quot;sizes&quot;:[]},&quot;columns_mobile&quot;:3,&quot;gap_mobile&quot;:{&quot;unit&quot;:&quot;px&quot;,&quot;size&quot;:6,&quot;sizes&quot;:[]},&quot;columns&quot;:5,&quot;columns_tablet&quot;:3,&quot;gap_tablet&quot;:{&quot;unit&quot;:&quot;px&quot;,&quot;size&quot;:5,&quot;sizes&quot;:[]},&quot;lazyload&quot;:&quot;yes&quot;,&quot;gallery_layout&quot;:&quot;grid&quot;,&quot;aspect_ratio&quot;:&quot;3:2&quot;,&quot;overlay_background&quot;:&quot;yes&quot;,&quot;content_hover_animation&quot;:&quot;fade-in&quot;}\" data-widget_type=\"gallery.default\">\n\t\t\t\t<div class=\"elementor-widget-container\">\n\t\t\t\t\t\t\t<div class=\"elementor-gallery__container\">\n\t\t\t\t\t\t\t<div class=\"e-gallery-item elementor-gallery-item elementor-animated-content\">\n\t\t\t\t\t<div class=\"e-gallery-image elementor-gallery-item__image\" data-thumbnail=\"https:\/\/www.portovenere.fr\/fr-fr\/wp-content\/uploads\/2019\/09\/Urban-Concrete-Square-naturel-150x150.jpg\" data-width=\"150\" data-height=\"150\" aria-label=\"\" role=\"img\" ><\/div>\n\t\t\t\t\t\t\t\t\t\t\t<div class=\"elementor-gallery-item__overlay\"><\/div>\n\t\t\t\t\t\t\t\t\t\t\t\t\t\t<\/div>\n\t\t\t\t\t\t\t<div class=\"e-gallery-item elementor-gallery-item elementor-animated-content\">\n\t\t\t\t\t<div class=\"e-gallery-image elementor-gallery-item__image\" data-thumbnail=\"https:\/\/www.portovenere.fr\/fr-fr\/wp-content\/uploads\/2019\/09\/Urban-Concrete-Mansion-naturel-150x150.jpg\" data-width=\"150\" data-height=\"150\" aria-label=\"\" role=\"img\" ><\/div>\n\t\t\t\t\t\t\t\t\t\t\t<div class=\"elementor-gallery-item__overlay\"><\/div>\n\t\t\t\t\t\t\t\t\t\t\t\t\t\t<\/div>\n\t\t\t\t\t\t\t<div class=\"e-gallery-item elementor-gallery-item elementor-animated-content\">\n\t\t\t\t\t<div class=\"e-gallery-image elementor-gallery-item__image\" data-thumbnail=\"https:\/\/www.portovenere.fr\/fr-fr\/wp-content\/uploads\/2019\/09\/Urban-Concrete-Loft-naturel-150x150.jpg\" data-width=\"150\" data-height=\"150\" aria-label=\"\" role=\"img\" ><\/div>\n\t\t\t\t\t\t\t\t\t\t\t<div class=\"elementor-gallery-item__overlay\"><\/div>\n\t\t\t\t\t\t\t\t\t\t\t\t\t\t<\/div>\n\t\t\t\t\t<\/div>\n\t\t\t\t\t<\/div>\n\t\t\t\t<\/div>\n\t\t\t\t<div class=\"elementor-element elementor-element-4897585f elementor-widget elementor-widget-text-editor\" data-id=\"4897585f\" data-element_type=\"widget\" data-e-type=\"widget\" data-widget_type=\"text-editor.default\">\n\t\t\t\t<div class=\"elementor-widget-container\">\n\t\t\t\t\t\t\t\t\t<p style=\"outline: currentcolor none medium;\">Carrelage de sol et mur en gr\u00e8s c\u00e9rame aspect b\u00e9ton pour int\u00e9rieur et ext\u00e9rieur. D\u00e9clin\u00e9e sous 3 tonalit\u00e9s (Beige clair, Taupe et Gris), cette collection offre un large choix de composition gr\u00e2ce aux nombreux formats et d\u00e9cors propos\u00e9s.<\/p>\t\t\t\t\t\t\t\t<\/div>\n\t\t\t\t<\/div>\n\t\t\t\t<div class=\"elementor-element elementor-element-21731437 elementor-mobile-align-center elementor-align-left elementor-widget elementor-widget-button\" data-id=\"21731437\" data-element_type=\"widget\" data-e-type=\"widget\" data-widget_type=\"button.default\">\n\t\t\t\t<div class=\"elementor-widget-container\">\n\t\t\t\t\t\t\t\t\t<div class=\"elementor-button-wrapper\">\n\t\t\t\t\t<a class=\"elementor-button elementor-button-link elementor-size-sm\" href=\"https:\/\/www.portovenere.fr\/fr-fr\/carrelage-sol-et-mur-en-gres-cerame-et-faience\/carrelage-contemporain-et-design\/carrelage-contemporain-aspect-beton-urban-concrete\/\">\n\t\t\t\t\t\t<span class=\"elementor-button-content-wrapper\">\n\t\t\t\t\t\t\t\t\t<span class=\"elementor-button-text\">Voir la collection<\/span>\n\t\t\t\t\t<\/span>\n\t\t\t\t\t<\/a>\n\t\t\t\t<\/div>\n\t\t\t\t\t\t\t\t<\/div>\n\t\t\t\t<\/div>\n\t\t\t\t\t<\/div>\n\t\t<\/div>\n\t\t\t\t\t<\/div>\n\t\t<\/section>\n\t\t\t\t\t<\/div>\n\t\t<\/div>\n\t\t\t\t\t<\/div>\n\t\t<\/section>\n\t\t\t\t<section class=\"elementor-section elementor-top-section elementor-element elementor-element-012c7d2 elementor-section-full_width elementor-section-height-default elementor-section-height-default\" data-id=\"012c7d2\" data-element_type=\"section\" data-e-type=\"section\">\n\t\t\t\t\t\t<div class=\"elementor-container elementor-column-gap-default\">\n\t\t\t\t\t<div class=\"elementor-column elementor-col-33 elementor-top-column elementor-element elementor-element-c7ba138\" data-id=\"c7ba138\" data-element_type=\"column\" data-e-type=\"column\" data-settings=\"{&quot;background_background&quot;:&quot;classic&quot;}\">\n\t\t\t<div class=\"elementor-widget-wrap elementor-element-populated\">\n\t\t\t\t\t\t<div class=\"elementor-element elementor-element-192ae17 elementor-widget elementor-widget-image\" data-id=\"192ae17\" data-element_type=\"widget\" data-e-type=\"widget\" data-widget_type=\"image.default\">\n\t\t\t\t<div class=\"elementor-widget-container\">\n\t\t\t\t\t\t\t\t\t\t\t\t\t\t\t\t<a href=\"https:\/\/www.portovenere.fr\/fr-fr\/carrelage-sol-et-mur-en-gres-cerame-et-faience\/carrelage-aspect-pierre\/carrelage-gres-cerame-esprit-argile-manoterra\/\">\n\t\t\t\t\t\t\t<img decoding=\"async\" src=\"https:\/\/www.portovenere.fr\/fr-fr\/wp-content\/uploads\/elementor\/thumbs\/Carrelage-imitation-argile-esprit-naturel-MANOTERRA-nombreux-coloris-et-finitions-interieur-exterieur-a-Montpellier-34-r8ifwr14iw16a2j968807f118gxfrwyxrhryqg17kw.jpg\" title=\"Carrelage-imitation-argile-esprit-naturel-MANOTERRA-nombreux-coloris-et-finitions-interieur-exterieur-\u00e0-Montpellier-34\" alt=\"Carrelage int\u00e9rieur ext\u00e9rieur imitation argile naturelle\" loading=\"lazy\" \/>\t\t\t\t\t\t\t\t<\/a>\n\t\t\t\t\t\t\t\t\t\t\t\t\t\t\t<\/div>\n\t\t\t\t<\/div>\n\t\t\t\t<div class=\"elementor-element elementor-element-73f5d35 elementor-widget elementor-widget-heading\" data-id=\"73f5d35\" data-element_type=\"widget\" data-e-type=\"widget\" data-widget_type=\"heading.default\">\n\t\t\t\t<div class=\"elementor-widget-container\">\n\t\t\t\t\t<h3 class=\"elementor-heading-title elementor-size-default\"><a href=\"https:\/\/www.portovenere.fr\/fr-fr\/carrelage-sol-et-mur-en-gres-cerame-et-faience\/carrelage-aspect-pierre\/carrelage-gres-cerame-esprit-argile-manoterra\/\">MANOTERRA | 6 coloris &amp; 4 finitions<\/a><\/h3>\t\t\t\t<\/div>\n\t\t\t\t<\/div>\n\t\t\t\t<div class=\"elementor-element elementor-element-8f96efc elementor-widget__width-initial elementor-widget elementor-widget-gallery\" data-id=\"8f96efc\" data-element_type=\"widget\" data-e-type=\"widget\" data-settings=\"{&quot;gap&quot;:{&quot;unit&quot;:&quot;px&quot;,&quot;size&quot;:3,&quot;sizes&quot;:[]},&quot;columns_mobile&quot;:3,&quot;gap_mobile&quot;:{&quot;unit&quot;:&quot;px&quot;,&quot;size&quot;:6,&quot;sizes&quot;:[]},&quot;columns&quot;:5,&quot;columns_tablet&quot;:3,&quot;gap_tablet&quot;:{&quot;unit&quot;:&quot;px&quot;,&quot;size&quot;:5,&quot;sizes&quot;:[]},&quot;lazyload&quot;:&quot;yes&quot;,&quot;gallery_layout&quot;:&quot;grid&quot;,&quot;aspect_ratio&quot;:&quot;3:2&quot;,&quot;overlay_background&quot;:&quot;yes&quot;,&quot;content_hover_animation&quot;:&quot;fade-in&quot;}\" data-widget_type=\"gallery.default\">\n\t\t\t\t<div class=\"elementor-widget-container\">\n\t\t\t\t\t\t\t<div class=\"elementor-gallery__container\">\n\t\t\t\t\t\t\t<div class=\"e-gallery-item elementor-gallery-item elementor-animated-content\">\n\t\t\t\t\t<div class=\"e-gallery-image elementor-gallery-item__image\" data-thumbnail=\"https:\/\/www.portovenere.fr\/fr-fr\/wp-content\/uploads\/2025\/03\/Carrelage-gres-cerame-teintes-naturelles-et-argile-Manoterra-Sabbia-Rigatino-magasin-Porto-Venere-a-Montpellier-34-150x150.jpg\" data-width=\"150\" data-height=\"150\" aria-label=\"\" role=\"img\" ><\/div>\n\t\t\t\t\t\t\t\t\t\t\t<div class=\"elementor-gallery-item__overlay\"><\/div>\n\t\t\t\t\t\t\t\t\t\t\t\t\t\t<\/div>\n\t\t\t\t\t\t\t<div class=\"e-gallery-item elementor-gallery-item elementor-animated-content\">\n\t\t\t\t\t<div class=\"e-gallery-image elementor-gallery-item__image\" data-thumbnail=\"https:\/\/www.portovenere.fr\/fr-fr\/wp-content\/uploads\/2025\/03\/Carrelage-gres-cerame-teintes-naturelles-et-argile-Manoterra-Sabbia-Naturel-magasin-Porto-Venere-a-Montpellier-34-150x150.jpg\" data-width=\"150\" data-height=\"150\" aria-label=\"\" role=\"img\" ><\/div>\n\t\t\t\t\t\t\t\t\t\t\t<div class=\"elementor-gallery-item__overlay\"><\/div>\n\t\t\t\t\t\t\t\t\t\t\t\t\t\t<\/div>\n\t\t\t\t\t\t\t<div class=\"e-gallery-item elementor-gallery-item elementor-animated-content\">\n\t\t\t\t\t<div class=\"e-gallery-image elementor-gallery-item__image\" data-thumbnail=\"https:\/\/www.portovenere.fr\/fr-fr\/wp-content\/uploads\/2025\/03\/Carrelage-gres-cerame-teintes-naturelles-et-argile-Manoterra-Sabbia-Grana-magasin-Porto-Venere-a-Montpellier-34-150x150.jpg\" data-width=\"150\" data-height=\"150\" aria-label=\"\" role=\"img\" ><\/div>\n\t\t\t\t\t\t\t\t\t\t\t<div class=\"elementor-gallery-item__overlay\"><\/div>\n\t\t\t\t\t\t\t\t\t\t\t\t\t\t<\/div>\n\t\t\t\t\t\t\t<div class=\"e-gallery-item elementor-gallery-item elementor-animated-content\">\n\t\t\t\t\t<div class=\"e-gallery-image elementor-gallery-item__image\" data-thumbnail=\"https:\/\/www.portovenere.fr\/fr-fr\/wp-content\/uploads\/2025\/03\/Carrelage-gres-cerame-teintes-naturelles-et-argile-Manoterra-Mattone-Rigatino-magasin-Porto-Venere-Montpellier-proche-de-Lattes-34-150x150.jpg\" data-width=\"150\" data-height=\"150\" aria-label=\"\" role=\"img\" ><\/div>\n\t\t\t\t\t\t\t\t\t\t\t<div class=\"elementor-gallery-item__overlay\"><\/div>\n\t\t\t\t\t\t\t\t\t\t\t\t\t\t<\/div>\n\t\t\t\t\t\t\t<div class=\"e-gallery-item elementor-gallery-item elementor-animated-content\">\n\t\t\t\t\t<div class=\"e-gallery-image elementor-gallery-item__image\" data-thumbnail=\"https:\/\/www.portovenere.fr\/fr-fr\/wp-content\/uploads\/2025\/03\/Carrelage-gres-cerame-teintes-naturelles-et-argile-Manoterra-Mattone-Naturel-magasin-Porto-Venere-Montpellier-proche-de-Perols-34-150x150.jpg\" data-width=\"150\" data-height=\"150\" aria-label=\"\" role=\"img\" ><\/div>\n\t\t\t\t\t\t\t\t\t\t\t<div class=\"elementor-gallery-item__overlay\"><\/div>\n\t\t\t\t\t\t\t\t\t\t\t\t\t\t<\/div>\n\t\t\t\t\t\t\t<div class=\"e-gallery-item elementor-gallery-item elementor-animated-content\">\n\t\t\t\t\t<div class=\"e-gallery-image elementor-gallery-item__image\" data-thumbnail=\"https:\/\/www.portovenere.fr\/fr-fr\/wp-content\/uploads\/2025\/03\/Carrelage-gres-cerame-teintes-naturelles-et-argile-Manoterra-Mattone-Grana-magasin-Porto-Venere-Montpellier-proche-de-Agde-34-150x150.jpg\" data-width=\"150\" data-height=\"150\" aria-label=\"\" role=\"img\" ><\/div>\n\t\t\t\t\t\t\t\t\t\t\t<div class=\"elementor-gallery-item__overlay\"><\/div>\n\t\t\t\t\t\t\t\t\t\t\t\t\t\t<\/div>\n\t\t\t\t\t\t\t<div class=\"e-gallery-item elementor-gallery-item elementor-animated-content\">\n\t\t\t\t\t<div class=\"e-gallery-image elementor-gallery-item__image\" data-thumbnail=\"https:\/\/www.portovenere.fr\/fr-fr\/wp-content\/uploads\/2025\/03\/Carrelage-gres-cerame-teintes-naturelles-et-argile-Manoterra-Mattone-Cannettato-magasin-Porto-Venere-Montpellier-proche-de-Palavas-34-150x150.jpg\" data-width=\"150\" data-height=\"150\" aria-label=\"\" role=\"img\" ><\/div>\n\t\t\t\t\t\t\t\t\t\t\t<div class=\"elementor-gallery-item__overlay\"><\/div>\n\t\t\t\t\t\t\t\t\t\t\t\t\t\t<\/div>\n\t\t\t\t\t\t\t<div class=\"e-gallery-item elementor-gallery-item elementor-animated-content\">\n\t\t\t\t\t<div class=\"e-gallery-image elementor-gallery-item__image\" data-thumbnail=\"https:\/\/www.portovenere.fr\/fr-fr\/wp-content\/uploads\/2025\/03\/Carrelage-gres-cerame-teintes-naturelles-et-argile-Manoterra-Sabbia-Cannettato-magasin-Porto-Venere-Montpellier-proche-de-Lattes-34-150x150.jpg\" data-width=\"150\" data-height=\"150\" aria-label=\"\" role=\"img\" ><\/div>\n\t\t\t\t\t\t\t\t\t\t\t<div class=\"elementor-gallery-item__overlay\"><\/div>\n\t\t\t\t\t\t\t\t\t\t\t\t\t\t<\/div>\n\t\t\t\t\t\t\t<div class=\"e-gallery-item elementor-gallery-item elementor-animated-content\">\n\t\t\t\t\t<div class=\"e-gallery-image elementor-gallery-item__image\" data-thumbnail=\"https:\/\/www.portovenere.fr\/fr-fr\/wp-content\/uploads\/2025\/03\/Carrelage-gres-cerame-teintes-naturelles-et-argile-Manoterra-Rosato-naturel-magasin-Porto-Venere-Montpellier-proche-de-Mauguio-34-150x150.jpg\" data-width=\"150\" data-height=\"150\" aria-label=\"\" role=\"img\" ><\/div>\n\t\t\t\t\t\t\t\t\t\t\t<div class=\"elementor-gallery-item__overlay\"><\/div>\n\t\t\t\t\t\t\t\t\t\t\t\t\t\t<\/div>\n\t\t\t\t\t\t\t<div class=\"e-gallery-item elementor-gallery-item elementor-animated-content\">\n\t\t\t\t\t<div class=\"e-gallery-image elementor-gallery-item__image\" data-thumbnail=\"https:\/\/www.portovenere.fr\/fr-fr\/wp-content\/uploads\/2025\/03\/Carrelage-gres-cerame-teintes-naturelles-et-argile-Manoterra-Rosato-Grana-magasin-Porto-Venere-Montpellier-proche-de-saussan-34-150x150.jpg\" data-width=\"150\" data-height=\"150\" aria-label=\"\" role=\"img\" ><\/div>\n\t\t\t\t\t\t\t\t\t\t\t<div class=\"elementor-gallery-item__overlay\"><\/div>\n\t\t\t\t\t\t\t\t\t\t\t\t\t\t<\/div>\n\t\t\t\t\t\t\t<div class=\"e-gallery-item elementor-gallery-item elementor-animated-content\">\n\t\t\t\t\t<div class=\"e-gallery-image elementor-gallery-item__image\" data-thumbnail=\"https:\/\/www.portovenere.fr\/fr-fr\/wp-content\/uploads\/2025\/03\/Carrelage-gres-cerame-teintes-naturelles-et-argile-Manoterra-Carbone-Naturel-magasin-Porto-Venere-Montpellier-proche-de-Le-Cres-34-150x150.jpg\" data-width=\"150\" data-height=\"150\" aria-label=\"\" role=\"img\" ><\/div>\n\t\t\t\t\t\t\t\t\t\t\t<div class=\"elementor-gallery-item__overlay\"><\/div>\n\t\t\t\t\t\t\t\t\t\t\t\t\t\t<\/div>\n\t\t\t\t\t\t\t<div class=\"e-gallery-item elementor-gallery-item elementor-animated-content\">\n\t\t\t\t\t<div class=\"e-gallery-image elementor-gallery-item__image\" data-thumbnail=\"https:\/\/www.portovenere.fr\/fr-fr\/wp-content\/uploads\/2025\/03\/Carrelage-gres-cerame-teintes-naturelles-et-argile-Manoterra-Carbone-Grana-magasin-Porto-Venere-Montpellier-proche-de-Lattes-34-150x150.jpg\" data-width=\"150\" data-height=\"150\" aria-label=\"\" role=\"img\" ><\/div>\n\t\t\t\t\t\t\t\t\t\t\t<div class=\"elementor-gallery-item__overlay\"><\/div>\n\t\t\t\t\t\t\t\t\t\t\t\t\t\t<\/div>\n\t\t\t\t\t\t\t<div class=\"e-gallery-item elementor-gallery-item elementor-animated-content\">\n\t\t\t\t\t<div class=\"e-gallery-image elementor-gallery-item__image\" data-thumbnail=\"https:\/\/www.portovenere.fr\/fr-fr\/wp-content\/uploads\/2025\/03\/Carrelage-gres-cerame-teintes-naturelles-et-argile-Manoterra-Cottone-naturel-magasin-Porto-Venere-Montpellier-proche-de-Beziers-34-150x150.jpg\" data-width=\"150\" data-height=\"150\" aria-label=\"\" role=\"img\" ><\/div>\n\t\t\t\t\t\t\t\t\t\t\t<div class=\"elementor-gallery-item__overlay\"><\/div>\n\t\t\t\t\t\t\t\t\t\t\t\t\t\t<\/div>\n\t\t\t\t\t\t\t<div class=\"e-gallery-item elementor-gallery-item elementor-animated-content\">\n\t\t\t\t\t<div class=\"e-gallery-image elementor-gallery-item__image\" data-thumbnail=\"https:\/\/www.portovenere.fr\/fr-fr\/wp-content\/uploads\/2025\/03\/Carrelage-gres-cerame-teintes-naturelles-et-argile-Manoterra-Cottone-Grana-magasin-Porto-Venere-Montpellier-proche-de-Jacou-34-150x150.jpg\" data-width=\"150\" data-height=\"150\" aria-label=\"\" role=\"img\" ><\/div>\n\t\t\t\t\t\t\t\t\t\t\t<div class=\"elementor-gallery-item__overlay\"><\/div>\n\t\t\t\t\t\t\t\t\t\t\t\t\t\t<\/div>\n\t\t\t\t\t\t\t<div class=\"e-gallery-item elementor-gallery-item elementor-animated-content\">\n\t\t\t\t\t<div class=\"e-gallery-image elementor-gallery-item__image\" data-thumbnail=\"https:\/\/www.portovenere.fr\/fr-fr\/wp-content\/uploads\/2025\/03\/Carrelage-gres-cerame-teintes-naturelles-et-argile-Manoterra-Amaranto-nature-magasin-Porto-Venere-Montpellier-proche-de-Jacou-34-150x150.jpg\" data-width=\"150\" data-height=\"150\" aria-label=\"\" role=\"img\" ><\/div>\n\t\t\t\t\t\t\t\t\t\t\t<div class=\"elementor-gallery-item__overlay\"><\/div>\n\t\t\t\t\t\t\t\t\t\t\t\t\t\t<\/div>\n\t\t\t\t\t\t\t<div class=\"e-gallery-item elementor-gallery-item elementor-animated-content\">\n\t\t\t\t\t<div class=\"e-gallery-image elementor-gallery-item__image\" data-thumbnail=\"https:\/\/www.portovenere.fr\/fr-fr\/wp-content\/uploads\/2025\/03\/Carrelage-gres-cerame-teintes-naturelles-et-argile-Manoterra-Amaranto-Grana-magasin-Porto-Venere-Montpellier-proche-de-Perols-34-150x150.jpg\" data-width=\"150\" data-height=\"150\" aria-label=\"\" role=\"img\" ><\/div>\n\t\t\t\t\t\t\t\t\t\t\t<div class=\"elementor-gallery-item__overlay\"><\/div>\n\t\t\t\t\t\t\t\t\t\t\t\t\t\t<\/div>\n\t\t\t\t\t<\/div>\n\t\t\t\t\t<\/div>\n\t\t\t\t<\/div>\n\t\t\t\t<div class=\"elementor-element elementor-element-3964d98 elementor-widget elementor-widget-text-editor\" data-id=\"3964d98\" data-element_type=\"widget\" data-e-type=\"widget\" data-widget_type=\"text-editor.default\">\n\t\t\t\t<div class=\"elementor-widget-container\">\n\t\t\t\t\t\t\t\t\t<p data-sourcepos=\"5:1-5:46\">Le carrelage gr\u00e8s c\u00e9rame pour\u00a0<b>int\u00e9rieur et ext\u00e9rieur MANOTERRA<\/b>\u00a0s\u2019inspire \u00e0 merveille des<b>\u00a0teintes naturelles de la nature<\/b>\u00a0\u00e0 travers<b>\u00a06 coloris : Cottone, Sabbia, Mattone, Rosato, Amaranto et Carbone.<\/b><\/p><p data-sourcepos=\"5:1-5:46\">Ce carrelage esprit argile est\u00a0<b>d\u00e9clin\u00e9 en 4 identit\u00e9s\u00a0<\/b>visuelles :\u00a0<b>Uni, Grana, Cannettato et Rigatino<\/b>, dans des<b>\u00a0finitions naturelles PTV<\/b>\u00a0et\u00a0<b>antid\u00e9rapantes PTV R11 pour l\u2019ext\u00e9rieur<\/b>.<\/p><p data-sourcepos=\"5:1-5:46\">Les\u00a0<b>2 d\u00e9cors pour sols<\/b>\u00a0<b>et\/ou murs\u00a0<\/b>Cannettato et Rigatino, compl\u00e8tent cette collection pour offrir un magnifique rendu dans votre projet d\u2019am\u00e9nagement.<\/p><p data-sourcepos=\"5:1-5:46\">Plusieurs formats propos\u00e9s pour cette collection de carrelage effet naturel argile :\u00a0<b>120\u00d7120 cm, 80x80cm, 60\u00d7120 cm, 60\u00d760 cm, 30x60cm, 20\u00d720 cm, 15\u00d730 cm mais aussi un maxi format 120\u00d7240 cm.\u00a0<\/b>De nombreuses possibilit\u00e9s de cr\u00e9ation s\u2019offrent \u00e0 vous gr\u00e2ce \u00e0 ses formats.<\/p>\t\t\t\t\t\t\t\t<\/div>\n\t\t\t\t<\/div>\n\t\t\t\t<div class=\"elementor-element elementor-element-84a1086 elementor-mobile-align-center elementor-align-left elementor-widget elementor-widget-button\" data-id=\"84a1086\" data-element_type=\"widget\" data-e-type=\"widget\" data-widget_type=\"button.default\">\n\t\t\t\t<div class=\"elementor-widget-container\">\n\t\t\t\t\t\t\t\t\t<div class=\"elementor-button-wrapper\">\n\t\t\t\t\t<a class=\"elementor-button elementor-button-link elementor-size-sm\" href=\"https:\/\/www.portovenere.fr\/fr-fr\/carrelage-sol-et-mur-en-gres-cerame-et-faience\/carrelage-aspect-pierre\/carrelage-gres-cerame-esprit-argile-manoterra\/\">\n\t\t\t\t\t\t<span class=\"elementor-button-content-wrapper\">\n\t\t\t\t\t\t\t\t\t<span class=\"elementor-button-text\">Voir la collection<\/span>\n\t\t\t\t\t<\/span>\n\t\t\t\t\t<\/a>\n\t\t\t\t<\/div>\n\t\t\t\t\t\t\t\t<\/div>\n\t\t\t\t<\/div>\n\t\t\t\t\t<\/div>\n\t\t<\/div>\n\t\t\t\t<div class=\"elementor-column elementor-col-33 elementor-top-column elementor-element elementor-element-162966e\" data-id=\"162966e\" data-element_type=\"column\" data-e-type=\"column\" data-settings=\"{&quot;background_background&quot;:&quot;classic&quot;}\">\n\t\t\t<div class=\"elementor-widget-wrap elementor-element-populated\">\n\t\t\t\t\t\t<div class=\"elementor-element elementor-element-7d78bcb elementor-widget elementor-widget-image\" data-id=\"7d78bcb\" data-element_type=\"widget\" data-e-type=\"widget\" data-widget_type=\"image.default\">\n\t\t\t\t<div class=\"elementor-widget-container\">\n\t\t\t\t\t\t\t\t\t\t\t\t\t\t\t\t<a href=\"https:\/\/www.portovenere.fr\/fr-fr\/carrelage-sol-et-mur-en-gres-cerame-et-faience\/carrelage-aspect-pierre\/carrelage-imitation-travertin-interieur-exterieur-brumata-travertin\/\">\n\t\t\t\t\t\t\t<img decoding=\"async\" src=\"https:\/\/www.portovenere.fr\/fr-fr\/wp-content\/uploads\/elementor\/thumbs\/Carrelage-exterieur-imitation-pierre-naturelle-Brumata-Travertin-blanc-antiderapant-120x120-cm-terrasse-a-Montpellier-34-r8if2xll7fqjb7vpharek318qry70p3ua0f2aucd0k.jpg\" title=\"Carrelage-ext\u00e9rieur-imitation-pierre-naturelle-Brumata-Travertin-blanc-antid\u00e9rapant-120&#215;120-cm-terrasse-\u00e0-Montpellier-34\" alt=\"Carrelage-ext\u00e9rieur-imitation-pierre-naturelle-Brumata-Travertin-blanc-antid\u00e9rapant-120x120-cm-terrasse-\u00e0-Montpellier-34\" loading=\"lazy\" \/>\t\t\t\t\t\t\t\t<\/a>\n\t\t\t\t\t\t\t\t\t\t\t\t\t\t\t<\/div>\n\t\t\t\t<\/div>\n\t\t\t\t<div class=\"elementor-element elementor-element-2dd4428 elementor-widget elementor-widget-heading\" data-id=\"2dd4428\" data-element_type=\"widget\" data-e-type=\"widget\" data-widget_type=\"heading.default\">\n\t\t\t\t<div class=\"elementor-widget-container\">\n\t\t\t\t\t<h3 class=\"elementor-heading-title elementor-size-default\"><a href=\"https:\/\/www.portovenere.fr\/fr-fr\/carrelage-sol-et-mur-en-gres-cerame-et-faience\/carrelage-aspect-pierre\/carrelage-imitation-travertin-interieur-exterieur-brumata-travertin\/\">BRUMATA TRAVERTIN | 3 coloris &amp; 3 styles<\/a><\/h3>\t\t\t\t<\/div>\n\t\t\t\t<\/div>\n\t\t\t\t<div class=\"elementor-element elementor-element-9bd7119 elementor-widget__width-initial elementor-widget elementor-widget-gallery\" data-id=\"9bd7119\" data-element_type=\"widget\" data-e-type=\"widget\" data-settings=\"{&quot;gap&quot;:{&quot;unit&quot;:&quot;px&quot;,&quot;size&quot;:3,&quot;sizes&quot;:[]},&quot;columns_mobile&quot;:3,&quot;gap_mobile&quot;:{&quot;unit&quot;:&quot;px&quot;,&quot;size&quot;:6,&quot;sizes&quot;:[]},&quot;columns&quot;:5,&quot;columns_tablet&quot;:3,&quot;gap_tablet&quot;:{&quot;unit&quot;:&quot;px&quot;,&quot;size&quot;:5,&quot;sizes&quot;:[]},&quot;lazyload&quot;:&quot;yes&quot;,&quot;gallery_layout&quot;:&quot;grid&quot;,&quot;aspect_ratio&quot;:&quot;3:2&quot;,&quot;overlay_background&quot;:&quot;yes&quot;,&quot;content_hover_animation&quot;:&quot;fade-in&quot;}\" data-widget_type=\"gallery.default\">\n\t\t\t\t<div class=\"elementor-widget-container\">\n\t\t\t\t\t\t\t<div class=\"elementor-gallery__container\">\n\t\t\t\t\t\t\t<div class=\"e-gallery-item elementor-gallery-item elementor-animated-content\">\n\t\t\t\t\t<div class=\"e-gallery-image elementor-gallery-item__image\" data-thumbnail=\"https:\/\/www.portovenere.fr\/fr-fr\/wp-content\/uploads\/2024\/04\/Carrelage-travertin-en-gres-cerame-mat-ou-brillant-sol-et-mur-Brumata-travertin-Vein-Cut-blanc-pres-de-Castelnau-le-lez-34-150x150.jpg\" data-width=\"150\" data-height=\"150\" aria-label=\"\" role=\"img\" ><\/div>\n\t\t\t\t\t\t\t\t\t\t\t<div class=\"elementor-gallery-item__overlay\"><\/div>\n\t\t\t\t\t\t\t\t\t\t\t\t\t\t<\/div>\n\t\t\t\t\t\t\t<div class=\"e-gallery-item elementor-gallery-item elementor-animated-content\">\n\t\t\t\t\t<div class=\"e-gallery-image elementor-gallery-item__image\" data-thumbnail=\"https:\/\/www.portovenere.fr\/fr-fr\/wp-content\/uploads\/2024\/04\/Carrelage-travertin-en-gres-cerame-mat-ou-brillant-sol-et-mur-Brumata-travertin-Vein-Cut-silver-pres-de-Mauguio-34-150x150.jpg\" data-width=\"150\" data-height=\"150\" aria-label=\"\" role=\"img\" ><\/div>\n\t\t\t\t\t\t\t\t\t\t\t<div class=\"elementor-gallery-item__overlay\"><\/div>\n\t\t\t\t\t\t\t\t\t\t\t\t\t\t<\/div>\n\t\t\t\t\t\t\t<div class=\"e-gallery-item elementor-gallery-item elementor-animated-content\">\n\t\t\t\t\t<div class=\"e-gallery-image elementor-gallery-item__image\" data-thumbnail=\"https:\/\/www.portovenere.fr\/fr-fr\/wp-content\/uploads\/2024\/04\/Carrelage-travertin-en-gres-cerame-mat-ou-brillant-sol-et-mur-Brumata-travertin-Vein-Cut-cream-proche-de-Mauguio-34-150x150.jpg\" data-width=\"150\" data-height=\"150\" aria-label=\"\" role=\"img\" ><\/div>\n\t\t\t\t\t\t\t\t\t\t\t<div class=\"elementor-gallery-item__overlay\"><\/div>\n\t\t\t\t\t\t\t\t\t\t\t\t\t\t<\/div>\n\t\t\t\t\t\t\t<div class=\"e-gallery-item elementor-gallery-item elementor-animated-content\">\n\t\t\t\t\t<div class=\"e-gallery-image elementor-gallery-item__image\" data-thumbnail=\"https:\/\/www.portovenere.fr\/fr-fr\/wp-content\/uploads\/2024\/04\/Carrelage-travertin-en-gres-cerame-mat-ou-brillant-sol-et-mur-Brumata-travertin-Minimal-Silver-proche-de-Bouzigues-34-150x150.jpg\" data-width=\"150\" data-height=\"150\" aria-label=\"\" role=\"img\" ><\/div>\n\t\t\t\t\t\t\t\t\t\t\t<div class=\"elementor-gallery-item__overlay\"><\/div>\n\t\t\t\t\t\t\t\t\t\t\t\t\t\t<\/div>\n\t\t\t\t\t\t\t<div class=\"e-gallery-item elementor-gallery-item elementor-animated-content\">\n\t\t\t\t\t<div class=\"e-gallery-image elementor-gallery-item__image\" data-thumbnail=\"https:\/\/www.portovenere.fr\/fr-fr\/wp-content\/uploads\/2024\/04\/Carrelage-travertin-en-gres-cerame-mat-ou-brillant-sol-et-mur-Brumata-travertin-Minimal-Cream-a-saint-jean-de-vedas-34-150x150.jpg\" data-width=\"150\" data-height=\"150\" aria-label=\"\" role=\"img\" ><\/div>\n\t\t\t\t\t\t\t\t\t\t\t<div class=\"elementor-gallery-item__overlay\"><\/div>\n\t\t\t\t\t\t\t\t\t\t\t\t\t\t<\/div>\n\t\t\t\t\t\t\t<div class=\"e-gallery-item elementor-gallery-item elementor-animated-content\">\n\t\t\t\t\t<div class=\"e-gallery-image elementor-gallery-item__image\" data-thumbnail=\"https:\/\/www.portovenere.fr\/fr-fr\/wp-content\/uploads\/2024\/04\/Carrelage-travertin-en-gres-cerame-mat-ou-brillant-sol-et-mur-Brumata-travertin-Minimal-blanc-pres-de-Pezenas-34-150x150.jpg\" data-width=\"150\" data-height=\"150\" aria-label=\"\" role=\"img\" ><\/div>\n\t\t\t\t\t\t\t\t\t\t\t<div class=\"elementor-gallery-item__overlay\"><\/div>\n\t\t\t\t\t\t\t\t\t\t\t\t\t\t<\/div>\n\t\t\t\t\t\t\t<div class=\"e-gallery-item elementor-gallery-item elementor-animated-content\">\n\t\t\t\t\t<div class=\"e-gallery-image elementor-gallery-item__image\" data-thumbnail=\"https:\/\/www.portovenere.fr\/fr-fr\/wp-content\/uploads\/2024\/04\/Carrelage-travertin-en-gres-cerame-mat-ou-brillant-sol-et-mur-Brumata-travertin-Ancient-Cream-proche-de-sussargues-34-150x150.jpg\" data-width=\"150\" data-height=\"150\" aria-label=\"\" role=\"img\" ><\/div>\n\t\t\t\t\t\t\t\t\t\t\t<div class=\"elementor-gallery-item__overlay\"><\/div>\n\t\t\t\t\t\t\t\t\t\t\t\t\t\t<\/div>\n\t\t\t\t\t\t\t<div class=\"e-gallery-item elementor-gallery-item elementor-animated-content\">\n\t\t\t\t\t<div class=\"e-gallery-image elementor-gallery-item__image\" data-thumbnail=\"https:\/\/www.portovenere.fr\/fr-fr\/wp-content\/uploads\/2024\/04\/Carrelage-travertin-en-gres-cerame-mat-ou-brillant-sol-et-mur-Brumata-travertin-Ancient-Silver-proche-de-Beziers-34-150x150.jpg\" data-width=\"150\" data-height=\"150\" aria-label=\"\" role=\"img\" ><\/div>\n\t\t\t\t\t\t\t\t\t\t\t<div class=\"elementor-gallery-item__overlay\"><\/div>\n\t\t\t\t\t\t\t\t\t\t\t\t\t\t<\/div>\n\t\t\t\t\t\t\t<div class=\"e-gallery-item elementor-gallery-item elementor-animated-content\">\n\t\t\t\t\t<div class=\"e-gallery-image elementor-gallery-item__image\" data-thumbnail=\"https:\/\/www.portovenere.fr\/fr-fr\/wp-content\/uploads\/2024\/04\/Carrelage-travertin-en-gres-cerame-mat-ou-brillant-sol-et-mur-Brumata-travertin-Ancient-Blanc-proche-de-Clapiers-34-150x150.jpg\" data-width=\"150\" data-height=\"150\" aria-label=\"\" role=\"img\" ><\/div>\n\t\t\t\t\t\t\t\t\t\t\t<div class=\"elementor-gallery-item__overlay\"><\/div>\n\t\t\t\t\t\t\t\t\t\t\t\t\t\t<\/div>\n\t\t\t\t\t<\/div>\n\t\t\t\t\t<\/div>\n\t\t\t\t<\/div>\n\t\t\t\t<div class=\"elementor-element elementor-element-6f134fb elementor-widget elementor-widget-text-editor\" data-id=\"6f134fb\" data-element_type=\"widget\" data-e-type=\"widget\" data-widget_type=\"text-editor.default\">\n\t\t\t\t<div class=\"elementor-widget-container\">\n\t\t\t\t\t\t\t\t\t<p>La merveilleuse collection<b> esprit Travertin<\/b> de\u00a0carrelage 1er choix\u00a0<b>BRUMATA TRAVERTIN\u00a0<\/b>est con\u00e7u pour une\u00a0<b>pose au sol et pose murale en int\u00e9rieur et ext\u00e9rieur.<\/b><\/p><p>Ce gr\u00e8s c\u00e9rame de qualit\u00e9 pour int\u00e9rieur et ext\u00e9rieur, propose\u00a0<b>4\u00a0coloris<\/b>\u00a0\u00a0<b>effet pierre naturelle Travertin<\/b>\u00a0: beige, blanc, gris et marron (int\u00e9rieur uniquement).<\/p><p>Un carrelage propos\u00e9 dans\u00a0<b>4 styles<\/b>\u00a0pour une cr\u00e9ation originale dans votre projets d\u2019am\u00e9nagement :\u00a0<b>Vein Cut (esprit Travertin),\u00a0Minimal (esprit pierre),\u00a0\u00a0Ancient (tr\u00e8s nuanc\u00e9) et\u00a0\u00a0Ruled (stri\u00e9).<\/b><\/p><p>Le<b>s nombreux formats<\/b>,\u00a0<b>mosa\u00efques<\/b> et<b> d\u00e9cors brick<\/b> offrent de multiples possibilit\u00e9s. Disponible \u00e9galement en <b>Opus bords non rectifi\u00e9s<\/b> et <b>dalles 2 cm antid\u00e9rapantes<\/b>.<\/p>\t\t\t\t\t\t\t\t<\/div>\n\t\t\t\t<\/div>\n\t\t\t\t<div class=\"elementor-element elementor-element-bf475a9 elementor-mobile-align-center elementor-align-left elementor-widget elementor-widget-button\" data-id=\"bf475a9\" data-element_type=\"widget\" data-e-type=\"widget\" data-widget_type=\"button.default\">\n\t\t\t\t<div class=\"elementor-widget-container\">\n\t\t\t\t\t\t\t\t\t<div class=\"elementor-button-wrapper\">\n\t\t\t\t\t<a class=\"elementor-button elementor-button-link elementor-size-sm\" href=\"https:\/\/www.portovenere.fr\/fr-fr\/carrelage-sol-et-mur-en-gres-cerame-et-faience\/carrelage-aspect-pierre\/carrelage-imitation-travertin-interieur-exterieur-brumata-travertin\/\">\n\t\t\t\t\t\t<span class=\"elementor-button-content-wrapper\">\n\t\t\t\t\t\t\t\t\t<span class=\"elementor-button-text\">Voir la collection<\/span>\n\t\t\t\t\t<\/span>\n\t\t\t\t\t<\/a>\n\t\t\t\t<\/div>\n\t\t\t\t\t\t\t\t<\/div>\n\t\t\t\t<\/div>\n\t\t\t\t\t<\/div>\n\t\t<\/div>\n\t\t\t\t<div class=\"elementor-column elementor-col-33 elementor-top-column elementor-element elementor-element-2143b16\" data-id=\"2143b16\" data-element_type=\"column\" data-e-type=\"column\" data-settings=\"{&quot;background_background&quot;:&quot;classic&quot;}\">\n\t\t\t<div class=\"elementor-widget-wrap elementor-element-populated\">\n\t\t\t\t\t\t<div class=\"elementor-element elementor-element-2c9b15f elementor-widget elementor-widget-image\" data-id=\"2c9b15f\" data-element_type=\"widget\" data-e-type=\"widget\" data-widget_type=\"image.default\">\n\t\t\t\t<div class=\"elementor-widget-container\">\n\t\t\t\t\t\t\t\t\t\t\t\t\t\t\t\t<a href=\"https:\/\/www.portovenere.fr\/fr-fr\/carrelage-sol-et-mur-en-gres-cerame-et-faience\/carrelage-aspect-pierre\/carrelage-grand-format-effet-pierre-majorque\/\">\n\t\t\t\t\t\t\t<img decoding=\"async\" src=\"https:\/\/www.portovenere.fr\/fr-fr\/wp-content\/uploads\/elementor\/thumbs\/Carrelege-effet-pierre-exterieur-et-interieur-petits-et-grands-formats-MAJORQUE-gris-ancienne-antiderapante-20x40-cm-a-Montpellier-34-r8ig30mgiu5y5y06h1kvemgd9gy2dd428iqayx97ow.jpg\" title=\"Carrelege-effet-pierre-ext\u00e9rieur-et-int\u00e9rieur-petits-et-grands-formats-MAJORQUE-gris-ancienne-antid\u00e9rapante-20&#215;40-cm-\u00e0-Montpellier-34\" alt=\"Carrelage ext\u00e9rieur aspect pierre Majorque\" loading=\"lazy\" \/>\t\t\t\t\t\t\t\t<\/a>\n\t\t\t\t\t\t\t\t\t\t\t\t\t\t\t<\/div>\n\t\t\t\t<\/div>\n\t\t\t\t<div class=\"elementor-element elementor-element-614ad8d elementor-widget elementor-widget-heading\" data-id=\"614ad8d\" data-element_type=\"widget\" data-e-type=\"widget\" data-widget_type=\"heading.default\">\n\t\t\t\t<div class=\"elementor-widget-container\">\n\t\t\t\t\t<h3 class=\"elementor-heading-title elementor-size-default\"><a href=\"https:\/\/www.portovenere.fr\/fr-fr\/carrelage-sol-et-mur-en-gres-cerame-et-faience\/carrelage-aspect-pierre\/carrelage-grand-format-effet-pierre-majorque\/\">MAJORQUE | 5 coloris<\/a><\/h3>\t\t\t\t<\/div>\n\t\t\t\t<\/div>\n\t\t\t\t<div class=\"elementor-element elementor-element-72be727 elementor-widget__width-initial elementor-widget elementor-widget-gallery\" data-id=\"72be727\" data-element_type=\"widget\" data-e-type=\"widget\" data-settings=\"{&quot;gap&quot;:{&quot;unit&quot;:&quot;px&quot;,&quot;size&quot;:3,&quot;sizes&quot;:[]},&quot;columns_mobile&quot;:3,&quot;gap_mobile&quot;:{&quot;unit&quot;:&quot;px&quot;,&quot;size&quot;:6,&quot;sizes&quot;:[]},&quot;columns&quot;:5,&quot;columns_tablet&quot;:3,&quot;gap_tablet&quot;:{&quot;unit&quot;:&quot;px&quot;,&quot;size&quot;:5,&quot;sizes&quot;:[]},&quot;lazyload&quot;:&quot;yes&quot;,&quot;gallery_layout&quot;:&quot;grid&quot;,&quot;aspect_ratio&quot;:&quot;3:2&quot;,&quot;overlay_background&quot;:&quot;yes&quot;,&quot;content_hover_animation&quot;:&quot;fade-in&quot;}\" data-widget_type=\"gallery.default\">\n\t\t\t\t<div class=\"elementor-widget-container\">\n\t\t\t\t\t\t\t<div class=\"elementor-gallery__container\">\n\t\t\t\t\t\t\t<div class=\"e-gallery-item elementor-gallery-item elementor-animated-content\">\n\t\t\t\t\t<div class=\"e-gallery-image elementor-gallery-item__image\" data-thumbnail=\"https:\/\/www.portovenere.fr\/fr-fr\/wp-content\/uploads\/2025\/05\/Carrelege-effet-pierre-interieur-et-exterieur-petits-et-grands-formats-MAJORQUE-Naturel-Noble-magasin-proche-de-Castelnau-le-lez-34-150x150.jpg\" data-width=\"150\" data-height=\"150\" aria-label=\"\" role=\"img\" ><\/div>\n\t\t\t\t\t\t\t\t\t\t\t<div class=\"elementor-gallery-item__overlay\"><\/div>\n\t\t\t\t\t\t\t\t\t\t\t\t\t\t<\/div>\n\t\t\t\t\t\t\t<div class=\"e-gallery-item elementor-gallery-item elementor-animated-content\">\n\t\t\t\t\t<div class=\"e-gallery-image elementor-gallery-item__image\" data-thumbnail=\"https:\/\/www.portovenere.fr\/fr-fr\/wp-content\/uploads\/2025\/05\/Carrelege-effet-pierre-interieur-et-exterieur-petits-et-grands-formats-MAJORQUE-Naturel-Ancienne-magasin-proche-de-Bouzigues-34-150x150.jpg\" data-width=\"150\" data-height=\"150\" aria-label=\"\" role=\"img\" ><\/div>\n\t\t\t\t\t\t\t\t\t\t\t<div class=\"elementor-gallery-item__overlay\"><\/div>\n\t\t\t\t\t\t\t\t\t\t\t\t\t\t<\/div>\n\t\t\t\t\t\t\t<div class=\"e-gallery-item elementor-gallery-item elementor-animated-content\">\n\t\t\t\t\t<div class=\"e-gallery-image elementor-gallery-item__image\" data-thumbnail=\"https:\/\/www.portovenere.fr\/fr-fr\/wp-content\/uploads\/2025\/05\/Carrelege-effet-pierre-interieur-et-exterieur-petits-et-grands-formats-MAJORQUE-Gris-Noble-magasin-proche-de-Palavas-34-150x150.jpg\" data-width=\"150\" data-height=\"150\" aria-label=\"\" role=\"img\" ><\/div>\n\t\t\t\t\t\t\t\t\t\t\t<div class=\"elementor-gallery-item__overlay\"><\/div>\n\t\t\t\t\t\t\t\t\t\t\t\t\t\t<\/div>\n\t\t\t\t\t\t\t<div class=\"e-gallery-item elementor-gallery-item elementor-animated-content\">\n\t\t\t\t\t<div class=\"e-gallery-image elementor-gallery-item__image\" data-thumbnail=\"https:\/\/www.portovenere.fr\/fr-fr\/wp-content\/uploads\/2025\/05\/Carrelege-effet-pierre-interieur-et-exterieur-petits-et-grands-formats-MAJORQUE-Gris-Ancienne-magasin-proche-de-Meze-34-150x150.jpg\" data-width=\"150\" data-height=\"150\" aria-label=\"\" role=\"img\" ><\/div>\n\t\t\t\t\t\t\t\t\t\t\t<div class=\"elementor-gallery-item__overlay\"><\/div>\n\t\t\t\t\t\t\t\t\t\t\t\t\t\t<\/div>\n\t\t\t\t\t\t\t<div class=\"e-gallery-item elementor-gallery-item elementor-animated-content\">\n\t\t\t\t\t<div class=\"e-gallery-image elementor-gallery-item__image\" data-thumbnail=\"https:\/\/www.portovenere.fr\/fr-fr\/wp-content\/uploads\/2025\/05\/Carrelege-effet-pierre-interieur-et-exterieur-petits-et-grands-formats-MAJORQUE-Noir-Noble-magasin-proche-de-Clapiers-34-150x150.jpg\" data-width=\"150\" data-height=\"150\" aria-label=\"\" role=\"img\" ><\/div>\n\t\t\t\t\t\t\t\t\t\t\t<div class=\"elementor-gallery-item__overlay\"><\/div>\n\t\t\t\t\t\t\t\t\t\t\t\t\t\t<\/div>\n\t\t\t\t\t\t\t<div class=\"e-gallery-item elementor-gallery-item elementor-animated-content\">\n\t\t\t\t\t<div class=\"e-gallery-image elementor-gallery-item__image\" data-thumbnail=\"https:\/\/www.portovenere.fr\/fr-fr\/wp-content\/uploads\/2025\/05\/Carrelege-effet-pierre-interieur-et-exterieur-petits-et-grands-formats-MAJORQUE-Noir-Ancienne-magasin-proche-de-Gigean-34-150x150.jpg\" data-width=\"150\" data-height=\"150\" aria-label=\"\" role=\"img\" ><\/div>\n\t\t\t\t\t\t\t\t\t\t\t<div class=\"elementor-gallery-item__overlay\"><\/div>\n\t\t\t\t\t\t\t\t\t\t\t\t\t\t<\/div>\n\t\t\t\t\t\t\t<div class=\"e-gallery-item elementor-gallery-item elementor-animated-content\">\n\t\t\t\t\t<div class=\"e-gallery-image elementor-gallery-item__image\" data-thumbnail=\"https:\/\/www.portovenere.fr\/fr-fr\/wp-content\/uploads\/2025\/05\/Carrelege-effet-pierre-interieur-et-exterieur-petits-et-grands-formats-MAJORQUEBlanc-Noble-magasin-proche-de-Sete-34-150x150.jpg\" data-width=\"150\" data-height=\"150\" aria-label=\"\" role=\"img\" ><\/div>\n\t\t\t\t\t\t\t\t\t\t\t<div class=\"elementor-gallery-item__overlay\"><\/div>\n\t\t\t\t\t\t\t\t\t\t\t\t\t\t<\/div>\n\t\t\t\t\t\t\t<div class=\"e-gallery-item elementor-gallery-item elementor-animated-content\">\n\t\t\t\t\t<div class=\"e-gallery-image elementor-gallery-item__image\" data-thumbnail=\"https:\/\/www.portovenere.fr\/fr-fr\/wp-content\/uploads\/2025\/05\/Carrelege-effet-pierre-interieur-et-exterieur-petits-et-grands-formats-MAJORQUE-Blanc-Ancienne-magasin-proche-de-Agde-34-150x150.jpg\" data-width=\"150\" data-height=\"150\" aria-label=\"\" role=\"img\" ><\/div>\n\t\t\t\t\t\t\t\t\t\t\t<div class=\"elementor-gallery-item__overlay\"><\/div>\n\t\t\t\t\t\t\t\t\t\t\t\t\t\t<\/div>\n\t\t\t\t\t\t\t<div class=\"e-gallery-item elementor-gallery-item elementor-animated-content\">\n\t\t\t\t\t<div class=\"e-gallery-image elementor-gallery-item__image\" data-thumbnail=\"https:\/\/www.portovenere.fr\/fr-fr\/wp-content\/uploads\/2025\/05\/Carrelege-effet-pierre-interieur-et-exterieur-petits-et-grands-formats-sol-mur-MAJORQUE-Beige-Noble-magasin-proche-de-Castries-34-150x150.jpg\" data-width=\"150\" data-height=\"150\" aria-label=\"\" role=\"img\" ><\/div>\n\t\t\t\t\t\t\t\t\t\t\t<div class=\"elementor-gallery-item__overlay\"><\/div>\n\t\t\t\t\t\t\t\t\t\t\t\t\t\t<\/div>\n\t\t\t\t\t\t\t<div class=\"e-gallery-item elementor-gallery-item elementor-animated-content\">\n\t\t\t\t\t<div class=\"e-gallery-image elementor-gallery-item__image\" data-thumbnail=\"https:\/\/www.portovenere.fr\/fr-fr\/wp-content\/uploads\/2025\/05\/Carrelege-effet-pierre-interieur-et-exterieur-petits-et-grands-formats-sol-mur-MAJORQUE-Beige-Ancienne-magasin-proche-de-Mauguio-34-150x150.jpg\" data-width=\"150\" data-height=\"150\" aria-label=\"\" role=\"img\" ><\/div>\n\t\t\t\t\t\t\t\t\t\t\t<div class=\"elementor-gallery-item__overlay\"><\/div>\n\t\t\t\t\t\t\t\t\t\t\t\t\t\t<\/div>\n\t\t\t\t\t\t\t<div class=\"e-gallery-item elementor-gallery-item elementor-animated-content\">\n\t\t\t\t\t<div class=\"e-gallery-image elementor-gallery-item__image\" data-thumbnail=\"https:\/\/www.portovenere.fr\/fr-fr\/wp-content\/uploads\/2025\/05\/Carrelege-effet-pierre-relief-ligne-60x120-cm-MAJORQUE-Noir-R10-magasin-Porto-Venere-proche-de-Vendargues-34-150x150.jpg\" data-width=\"150\" data-height=\"150\" aria-label=\"\" role=\"img\" ><\/div>\n\t\t\t\t\t\t\t\t\t\t\t<div class=\"elementor-gallery-item__overlay\"><\/div>\n\t\t\t\t\t\t\t\t\t\t\t\t\t\t<\/div>\n\t\t\t\t\t\t\t<div class=\"e-gallery-item elementor-gallery-item elementor-animated-content\">\n\t\t\t\t\t<div class=\"e-gallery-image elementor-gallery-item__image\" data-thumbnail=\"https:\/\/www.portovenere.fr\/fr-fr\/wp-content\/uploads\/2025\/05\/Carrelege-effet-pierre-relief-ligne-60x120-cm-MAJORQUE-Beige-credence-salle-de-bain-magasin-Porto-Venere-proche-de-La-Grande-Motte-34-150x150.jpg\" data-width=\"150\" data-height=\"150\" aria-label=\"\" role=\"img\" ><\/div>\n\t\t\t\t\t\t\t\t\t\t\t<div class=\"elementor-gallery-item__overlay\"><\/div>\n\t\t\t\t\t\t\t\t\t\t\t\t\t\t<\/div>\n\t\t\t\t\t\t\t<div class=\"e-gallery-item elementor-gallery-item elementor-animated-content\">\n\t\t\t\t\t<div class=\"e-gallery-image elementor-gallery-item__image\" data-thumbnail=\"https:\/\/www.portovenere.fr\/fr-fr\/wp-content\/uploads\/2025\/05\/Carrelege-effet-pierre-relief-ligne-60x120-cm-MAJORQUE-Naturel-R10-magasin-Porto-Venere-proche-de-Quissac-30-150x150.jpg\" data-width=\"150\" data-height=\"150\" aria-label=\"\" role=\"img\" ><\/div>\n\t\t\t\t\t\t\t\t\t\t\t<div class=\"elementor-gallery-item__overlay\"><\/div>\n\t\t\t\t\t\t\t\t\t\t\t\t\t\t<\/div>\n\t\t\t\t\t\t\t<div class=\"e-gallery-item elementor-gallery-item elementor-animated-content\">\n\t\t\t\t\t<div class=\"e-gallery-image elementor-gallery-item__image\" data-thumbnail=\"https:\/\/www.portovenere.fr\/fr-fr\/wp-content\/uploads\/2025\/05\/Carrelege-effet-pierre-relief-ligne-60x120-cm-MAJORQUE-Gris-R10-magasin-Porto-Venere-proche-de-Frontignan-34-150x150.jpg\" data-width=\"150\" data-height=\"150\" aria-label=\"\" role=\"img\" ><\/div>\n\t\t\t\t\t\t\t\t\t\t\t<div class=\"elementor-gallery-item__overlay\"><\/div>\n\t\t\t\t\t\t\t\t\t\t\t\t\t\t<\/div>\n\t\t\t\t\t\t\t<div class=\"e-gallery-item elementor-gallery-item elementor-animated-content\">\n\t\t\t\t\t<div class=\"e-gallery-image elementor-gallery-item__image\" data-thumbnail=\"https:\/\/www.portovenere.fr\/fr-fr\/wp-content\/uploads\/2025\/05\/Carrelege-effet-pierre-relief-ligne-60x120-cm-MAJORQUE-Blanc-credence-salle-de-bain-magasin-Porto-Venere-proche-de-Mauguio-34-150x150.jpg\" data-width=\"150\" data-height=\"150\" aria-label=\"\" role=\"img\" ><\/div>\n\t\t\t\t\t\t\t\t\t\t\t<div class=\"elementor-gallery-item__overlay\"><\/div>\n\t\t\t\t\t\t\t\t\t\t\t\t\t\t<\/div>\n\t\t\t\t\t<\/div>\n\t\t\t\t\t<\/div>\n\t\t\t\t<\/div>\n\t\t\t\t<div class=\"elementor-element elementor-element-324c5e4 elementor-widget__width-initial elementor-widget elementor-widget-text-editor\" data-id=\"324c5e4\" data-element_type=\"widget\" data-e-type=\"widget\" data-widget_type=\"text-editor.default\">\n\t\t\t\t<div class=\"elementor-widget-container\">\n\t\t\t\t\t\t\t\t\t<p>D\u00e9couvrez Majorque, notre collection de carrelage petits et grands formats effet pierre.\u00a0<\/p><p>Ce carrelage gr\u00e8s c\u00e9rame est propos\u00e9 dans 5 coloris :\u00a0<b>Blanc, beige, naturel, gris et noir \u2013\u00a0<\/b>D\u00e9clin\u00e9 dans de nombreux formats des plus petits au plus g\u00e9n\u00e9reux :\u00a0<b>20\u00d720 et 20\u00d730 cm en bords non rectifi\u00e9s en Opus<\/b>, <b>ou aux bords droits<\/b>\u00a0<b>30\u00d760 cm, 60\u00d760<\/b>\u00a0cm<b>, 80\u00d780<\/b>\u00a0cm<b>, 60\u00d7120<\/b>\u00a0cm<b>\u00a0et 120\u00d7120 cm<\/b>\u00a0sans oublier le maxi\u00a0<b>format XXL 120\u00d7278 cm en fine \u00e9paisseur 6.5mm<\/b>. Finition \u00ab\u00a0Naturale\u00a0\u00bb ou Technica (antid\u00e9rapante).<\/p><p>Des<b>\u00a0dalles antid\u00e9rapantes de 2 cm d\u2019\u00e9paisseur en formats 80\u00d780 cm et 120\u00d7120 cm<\/b>\u00a0compl\u00e8tent cette collection de carrelage aspect pierre naturelle afin d\u2019assurer une continuit\u00e9 des espaces int\u00e9rieurs vers l\u2019ext\u00e9rieur.\u00a0<\/p><p>3 styles disponibles pour s\u2019adapter \u00e0 vos diff\u00e9rents projets de r\u00e9novation ou construction :\u00a0<\/p><p><strong>S<\/strong><b>tyle Noble :<\/b>\u00a0pierre moins nuanc\u00e9es,\u00a0<\/p><p><b>Style Ancienne<\/b>\u00a0: de belles nuances pour un style encore plus authentique<\/p><p><b>Style \u00ab\u00a0ligne<\/b>\u00a0<strong>\u00bb<\/strong>\u00a0: d\u00e9cor mural qui reprend un effet travaill\u00e9 en lignes.<\/p><p>Des mosaiques, plinthes et autres marches viennent compl\u00e9ter cette riche collection de carrelage de qualit\u00e9, id\u00e9ale pour une salle de bain, une cuisine, un s\u00e9jour ou une terrasse.<\/p>\t\t\t\t\t\t\t\t<\/div>\n\t\t\t\t<\/div>\n\t\t\t\t<div class=\"elementor-element elementor-element-d48c312 elementor-mobile-align-center elementor-widget elementor-widget-button\" data-id=\"d48c312\" data-element_type=\"widget\" data-e-type=\"widget\" data-widget_type=\"button.default\">\n\t\t\t\t<div class=\"elementor-widget-container\">\n\t\t\t\t\t\t\t\t\t<div class=\"elementor-button-wrapper\">\n\t\t\t\t\t<a class=\"elementor-button elementor-button-link elementor-size-sm\" href=\"https:\/\/www.portovenere.fr\/fr-fr\/carrelage-sol-et-mur-en-gres-cerame-et-faience\/carrelage-aspect-pierre\/carrelage-grand-format-effet-pierre-majorque\/\">\n\t\t\t\t\t\t<span class=\"elementor-button-content-wrapper\">\n\t\t\t\t\t\t\t\t\t<span class=\"elementor-button-text\">VOIR LA COLLECTION<\/span>\n\t\t\t\t\t<\/span>\n\t\t\t\t\t<\/a>\n\t\t\t\t<\/div>\n\t\t\t\t\t\t\t\t<\/div>\n\t\t\t\t<\/div>\n\t\t\t\t\t<\/div>\n\t\t<\/div>\n\t\t\t\t\t<\/div>\n\t\t<\/section>\n\t\t\t\t<section class=\"elementor-section elementor-top-section elementor-element elementor-element-8d04a7d elementor-section-full_width elementor-section-height-default elementor-section-height-default\" data-id=\"8d04a7d\" data-element_type=\"section\" data-e-type=\"section\">\n\t\t\t\t\t\t<div class=\"elementor-container elementor-column-gap-default\">\n\t\t\t\t\t<div class=\"elementor-column elementor-col-33 elementor-top-column elementor-element elementor-element-bba662f\" data-id=\"bba662f\" data-element_type=\"column\" data-e-type=\"column\" data-settings=\"{&quot;background_background&quot;:&quot;classic&quot;}\">\n\t\t\t<div class=\"elementor-widget-wrap elementor-element-populated\">\n\t\t\t\t\t\t<div class=\"elementor-element elementor-element-dcdde8d elementor-widget elementor-widget-image\" data-id=\"dcdde8d\" data-element_type=\"widget\" data-e-type=\"widget\" data-widget_type=\"image.default\">\n\t\t\t\t<div class=\"elementor-widget-container\">\n\t\t\t\t\t\t\t\t\t\t\t\t\t\t\t\t<a href=\"https:\/\/www.portovenere.fr\/fr-fr\/carrelage-sol-et-mur-en-gres-cerame-et-faience\/carrelage-aspect-pierre\/carrelage-pierre-effet-metal-oxyde-fusion\/\">\n\t\t\t\t\t\t\t<img loading=\"lazy\" decoding=\"async\" width=\"800\" height=\"534\" src=\"https:\/\/www.portovenere.fr\/fr-fr\/wp-content\/uploads\/2019\/12\/Carrelage-effet-pierre-et-m\u00e9tal-oxyd\u00e9_Fusion-Darks_nombreux-formats_et_coloris-1024x683.jpg\" class=\"attachment-large size-large wp-image-19822\" alt=\"Gr\u00e8s c\u00e9rame aspect pierre murale 10x20\" srcset=\"https:\/\/www.portovenere.fr\/fr-fr\/wp-content\/uploads\/2019\/12\/Carrelage-effet-pierre-et-m\u00e9tal-oxyd\u00e9_Fusion-Darks_nombreux-formats_et_coloris-1024x683.jpg 1024w, https:\/\/www.portovenere.fr\/fr-fr\/wp-content\/uploads\/2019\/12\/Carrelage-effet-pierre-et-m\u00e9tal-oxyd\u00e9_Fusion-Darks_nombreux-formats_et_coloris-300x200.jpg 300w, https:\/\/www.portovenere.fr\/fr-fr\/wp-content\/uploads\/2019\/12\/Carrelage-effet-pierre-et-m\u00e9tal-oxyd\u00e9_Fusion-Darks_nombreux-formats_et_coloris-768x512.jpg 768w, https:\/\/www.portovenere.fr\/fr-fr\/wp-content\/uploads\/2019\/12\/Carrelage-effet-pierre-et-m\u00e9tal-oxyd\u00e9_Fusion-Darks_nombreux-formats_et_coloris.jpg 1500w\" sizes=\"(max-width: 800px) 100vw, 800px\" \/>\t\t\t\t\t\t\t\t<\/a>\n\t\t\t\t\t\t\t\t\t\t\t\t\t\t\t<\/div>\n\t\t\t\t<\/div>\n\t\t\t\t<div class=\"elementor-element elementor-element-4dcad8bc elementor-widget elementor-widget-heading\" data-id=\"4dcad8bc\" data-element_type=\"widget\" data-e-type=\"widget\" data-widget_type=\"heading.default\">\n\t\t\t\t<div class=\"elementor-widget-container\">\n\t\t\t\t\t<h3 class=\"elementor-heading-title elementor-size-default\"><a href=\"https:\/\/www.portovenere.fr\/fr-fr\/carrelage-sol-et-mur-en-gres-cerame-et-faience\/carrelage-aspect-pierre\/carrelage-pierre-effet-metal-oxyde-fusion\/\">FUSION | 4 coloris<\/a><\/h3>\t\t\t\t<\/div>\n\t\t\t\t<\/div>\n\t\t\t\t<div class=\"elementor-element elementor-element-a76ce24 elementor-widget__width-initial elementor-widget elementor-widget-gallery\" data-id=\"a76ce24\" data-element_type=\"widget\" data-e-type=\"widget\" data-settings=\"{&quot;gap&quot;:{&quot;unit&quot;:&quot;px&quot;,&quot;size&quot;:3,&quot;sizes&quot;:[]},&quot;columns_mobile&quot;:3,&quot;gap_mobile&quot;:{&quot;unit&quot;:&quot;px&quot;,&quot;size&quot;:6,&quot;sizes&quot;:[]},&quot;columns&quot;:5,&quot;columns_tablet&quot;:3,&quot;gap_tablet&quot;:{&quot;unit&quot;:&quot;px&quot;,&quot;size&quot;:5,&quot;sizes&quot;:[]},&quot;lazyload&quot;:&quot;yes&quot;,&quot;gallery_layout&quot;:&quot;grid&quot;,&quot;aspect_ratio&quot;:&quot;3:2&quot;,&quot;overlay_background&quot;:&quot;yes&quot;,&quot;content_hover_animation&quot;:&quot;fade-in&quot;}\" data-widget_type=\"gallery.default\">\n\t\t\t\t<div class=\"elementor-widget-container\">\n\t\t\t\t\t\t\t<div class=\"elementor-gallery__container\">\n\t\t\t\t\t\t\t<div class=\"e-gallery-item elementor-gallery-item elementor-animated-content\">\n\t\t\t\t\t<div class=\"e-gallery-image elementor-gallery-item__image\" data-thumbnail=\"https:\/\/www.portovenere.fr\/fr-fr\/wp-content\/uploads\/2019\/12\/Carrelage-gr\u00e8s-c\u00e9rame-aspect-pierre-et-m\u00e9tal-oxyd\u00e9_Fusion-Darks-150x150.jpg\" data-width=\"150\" data-height=\"150\" aria-label=\"\" role=\"img\" ><\/div>\n\t\t\t\t\t\t\t\t\t\t\t<div class=\"elementor-gallery-item__overlay\"><\/div>\n\t\t\t\t\t\t\t\t\t\t\t\t\t\t<\/div>\n\t\t\t\t\t\t\t<div class=\"e-gallery-item elementor-gallery-item elementor-animated-content\">\n\t\t\t\t\t<div class=\"e-gallery-image elementor-gallery-item__image\" data-thumbnail=\"https:\/\/www.portovenere.fr\/fr-fr\/wp-content\/uploads\/2019\/12\/Carrelage-gr\u00e8s-c\u00e9rame-aspect-pierre-contemporaine-Fusion_Whites-pour-sol-et-mur-150x150.jpg\" data-width=\"150\" data-height=\"150\" aria-label=\"\" role=\"img\" ><\/div>\n\t\t\t\t\t\t\t\t\t\t\t<div class=\"elementor-gallery-item__overlay\"><\/div>\n\t\t\t\t\t\t\t\t\t\t\t\t\t\t<\/div>\n\t\t\t\t\t\t\t<div class=\"e-gallery-item elementor-gallery-item elementor-animated-content\">\n\t\t\t\t\t<div class=\"e-gallery-image elementor-gallery-item__image\" data-thumbnail=\"https:\/\/www.portovenere.fr\/fr-fr\/wp-content\/uploads\/2019\/12\/Carrelage-effet-pierre-tons-ocre-m\u00e9tal-rouill\u00e9-BTR_Fusion_Ochres-sol-et-mur-150x150.jpg\" data-width=\"150\" data-height=\"150\" aria-label=\"\" role=\"img\" ><\/div>\n\t\t\t\t\t\t\t\t\t\t\t<div class=\"elementor-gallery-item__overlay\"><\/div>\n\t\t\t\t\t\t\t\t\t\t\t\t\t\t<\/div>\n\t\t\t\t\t\t\t<div class=\"e-gallery-item elementor-gallery-item elementor-animated-content\">\n\t\t\t\t\t<div class=\"e-gallery-image elementor-gallery-item__image\" data-thumbnail=\"https:\/\/www.portovenere.fr\/fr-fr\/wp-content\/uploads\/2019\/12\/Carrelage-gris-effet-pierre-Fusion_Greys-pour-sol-et-mur-int\u00e9rieur-et-ext\u00e9rieur-150x150.jpg\" data-width=\"150\" data-height=\"150\" aria-label=\"\" role=\"img\" ><\/div>\n\t\t\t\t\t\t\t\t\t\t\t<div class=\"elementor-gallery-item__overlay\"><\/div>\n\t\t\t\t\t\t\t\t\t\t\t\t\t\t<\/div>\n\t\t\t\t\t<\/div>\n\t\t\t\t\t<\/div>\n\t\t\t\t<\/div>\n\t\t\t\t<div class=\"elementor-element elementor-element-37c50c6f elementor-widget elementor-widget-text-editor\" data-id=\"37c50c6f\" data-element_type=\"widget\" data-e-type=\"widget\" data-widget_type=\"text-editor.default\">\n\t\t\t\t<div class=\"elementor-widget-container\">\n\t\t\t\t\t\t\t\t\t<p>Collection de carrelage pour sol et mur en int\u00e9rieur et ext\u00e9rieur. Finition naturelle ou antid\u00e9rapante R12, bords rectifi\u00e9s ou BTR (Bords trap\u00e9zo\u00efdaux invers\u00e9s); d\u00e9clin\u00e9s sous 5 formats du 10&#215;20 au 60,4&#215;121 cm.\u00a0<\/p><p>Riche des ses tonalit\u00e9s issues du m\u00e9lange de la pierre et du m\u00e9tal oxyd\u00e9, le carrelage en gr\u00e8s c\u00e9rame Fusion ne manquera pas de vous surprendre.<\/p>\t\t\t\t\t\t\t\t<\/div>\n\t\t\t\t<\/div>\n\t\t\t\t<div class=\"elementor-element elementor-element-9f26a2d elementor-mobile-align-center elementor-align-left elementor-widget elementor-widget-button\" data-id=\"9f26a2d\" data-element_type=\"widget\" data-e-type=\"widget\" data-widget_type=\"button.default\">\n\t\t\t\t<div class=\"elementor-widget-container\">\n\t\t\t\t\t\t\t\t\t<div class=\"elementor-button-wrapper\">\n\t\t\t\t\t<a class=\"elementor-button elementor-button-link elementor-size-sm\" href=\"https:\/\/www.portovenere.fr\/fr-fr\/carrelage-sol-et-mur-en-gres-cerame-et-faience\/carrelage-aspect-pierre\/carrelage-pierre-effet-metal-oxyde-fusion\/\">\n\t\t\t\t\t\t<span class=\"elementor-button-content-wrapper\">\n\t\t\t\t\t\t\t\t\t<span class=\"elementor-button-text\">Voir la collection<\/span>\n\t\t\t\t\t<\/span>\n\t\t\t\t\t<\/a>\n\t\t\t\t<\/div>\n\t\t\t\t\t\t\t\t<\/div>\n\t\t\t\t<\/div>\n\t\t\t\t\t<\/div>\n\t\t<\/div>\n\t\t\t\t<div class=\"elementor-column elementor-col-33 elementor-top-column elementor-element elementor-element-5630773 elementor-invisible\" data-id=\"5630773\" data-element_type=\"column\" data-e-type=\"column\" data-settings=\"{&quot;animation&quot;:&quot;fadeIn&quot;,&quot;background_background&quot;:&quot;classic&quot;}\">\n\t\t\t<div class=\"elementor-widget-wrap elementor-element-populated\">\n\t\t\t\t\t\t<div class=\"elementor-element elementor-element-cbe44df elementor-widget elementor-widget-image\" data-id=\"cbe44df\" data-element_type=\"widget\" data-e-type=\"widget\" data-widget_type=\"image.default\">\n\t\t\t\t<div class=\"elementor-widget-container\">\n\t\t\t\t\t\t\t\t\t\t\t\t\t\t\t\t<a href=\"https:\/\/www.portovenere.fr\/fr-fr\/carrelage-sol-et-mur-en-gres-cerame-et-faience\/carrelage-contemporain-et-design\/carrelage-contemporain-aspect-beton-architecture\/\">\n\t\t\t\t\t\t\t<img decoding=\"async\" src=\"https:\/\/www.portovenere.fr\/fr-fr\/wp-content\/uploads\/elementor\/thumbs\/carrelage-grand-format-aspect-beton-interieur-et-exterieur-gris-architecture-100x100cm-a-montpellier-herault-34-r8iek205oq59yq32lini46eq0cpbe9w2os6qtu6oww.jpg\" title=\"carrelage-grand-format-aspect-beton-interieur-et-exterieur-gris-architecture-100x100cm-a-montpellier-herault-34\" alt=\"carrelage contemporain aspect b\u00e9ton Architecture\" loading=\"lazy\" \/>\t\t\t\t\t\t\t\t<\/a>\n\t\t\t\t\t\t\t\t\t\t\t\t\t\t\t<\/div>\n\t\t\t\t<\/div>\n\t\t\t\t<section class=\"elementor-section elementor-inner-section elementor-element elementor-element-3995574 elementor-section-boxed elementor-section-height-default elementor-section-height-default elementor-invisible\" data-id=\"3995574\" data-element_type=\"section\" data-e-type=\"section\" data-settings=\"{&quot;background_background&quot;:&quot;classic&quot;,&quot;animation&quot;:&quot;fadeIn&quot;}\">\n\t\t\t\t\t\t<div class=\"elementor-container elementor-column-gap-default\">\n\t\t\t\t\t<div class=\"elementor-column elementor-col-100 elementor-inner-column elementor-element elementor-element-74c5ff0\" data-id=\"74c5ff0\" data-element_type=\"column\" data-e-type=\"column\">\n\t\t\t<div class=\"elementor-widget-wrap elementor-element-populated\">\n\t\t\t\t\t\t<div class=\"elementor-element elementor-element-3abcb2e elementor-widget elementor-widget-heading\" data-id=\"3abcb2e\" data-element_type=\"widget\" data-e-type=\"widget\" data-widget_type=\"heading.default\">\n\t\t\t\t<div class=\"elementor-widget-container\">\n\t\t\t\t\t<h3 class=\"elementor-heading-title elementor-size-default\"><a href=\"https:\/\/www.portovenere.fr\/fr-fr\/carrelage-sol-et-mur-en-gres-cerame-et-faience\/carrelage-contemporain-et-design\/carrelage-aspect-beton-pour-interieur-et-exterieur-cleveland\/\">ARCHITECTURE | 1 coloris<\/a><\/h3>\t\t\t\t<\/div>\n\t\t\t\t<\/div>\n\t\t\t\t<div class=\"elementor-element elementor-element-5788683 elementor-widget__width-initial elementor-widget elementor-widget-gallery\" data-id=\"5788683\" data-element_type=\"widget\" data-e-type=\"widget\" data-settings=\"{&quot;gap&quot;:{&quot;unit&quot;:&quot;px&quot;,&quot;size&quot;:3,&quot;sizes&quot;:[]},&quot;columns_mobile&quot;:3,&quot;gap_mobile&quot;:{&quot;unit&quot;:&quot;px&quot;,&quot;size&quot;:6,&quot;sizes&quot;:[]},&quot;columns&quot;:5,&quot;columns_tablet&quot;:3,&quot;gap_tablet&quot;:{&quot;unit&quot;:&quot;px&quot;,&quot;size&quot;:5,&quot;sizes&quot;:[]},&quot;lazyload&quot;:&quot;yes&quot;,&quot;gallery_layout&quot;:&quot;grid&quot;,&quot;aspect_ratio&quot;:&quot;3:2&quot;,&quot;overlay_background&quot;:&quot;yes&quot;,&quot;content_hover_animation&quot;:&quot;fade-in&quot;}\" data-widget_type=\"gallery.default\">\n\t\t\t\t<div class=\"elementor-widget-container\">\n\t\t\t\t\t\t\t<div class=\"elementor-gallery__container\">\n\t\t\t\t\t\t\t<div class=\"e-gallery-item elementor-gallery-item elementor-animated-content\">\n\t\t\t\t\t<div class=\"e-gallery-image elementor-gallery-item__image\" data-thumbnail=\"https:\/\/www.portovenere.fr\/fr-fr\/wp-content\/uploads\/2019\/04\/Carrelage-39-Grigio-150x150.jpg\" data-width=\"150\" data-height=\"150\" aria-label=\"\" role=\"img\" ><\/div>\n\t\t\t\t\t\t\t\t\t\t\t<div class=\"elementor-gallery-item__overlay\"><\/div>\n\t\t\t\t\t\t\t\t\t\t\t\t\t\t<\/div>\n\t\t\t\t\t<\/div>\n\t\t\t\t\t<\/div>\n\t\t\t\t<\/div>\n\t\t\t\t<div class=\"elementor-element elementor-element-cc120b4 elementor-widget elementor-widget-text-editor\" data-id=\"cc120b4\" data-element_type=\"widget\" data-e-type=\"widget\" data-widget_type=\"text-editor.default\">\n\t\t\t\t<div class=\"elementor-widget-container\">\n\t\t\t\t\t\t\t\t\t<p>L&rsquo;effet b\u00e9ton contemporain pour habiller vos murs et sols en int\u00e9rieur et en ext\u00e9rieur.<\/p><p>Ce\u00a0<b>gr\u00e8s c\u00e9rame\u00a0<\/b>\u00e0 la couleur de b\u00e9ton gris intense offre une multitude de possibilit\u00e9s\u00a0d&rsquo;agencements avec son\u00a0\u00a0<b>maxi format\u00a0<\/b>100&#215;100 cm, pour un rendu ultra moderne.\u00a0<\/p>\t\t\t\t\t\t\t\t<\/div>\n\t\t\t\t<\/div>\n\t\t\t\t<div class=\"elementor-element elementor-element-66b469f elementor-mobile-align-center elementor-widget elementor-widget-button\" data-id=\"66b469f\" data-element_type=\"widget\" data-e-type=\"widget\" data-widget_type=\"button.default\">\n\t\t\t\t<div class=\"elementor-widget-container\">\n\t\t\t\t\t\t\t\t\t<div class=\"elementor-button-wrapper\">\n\t\t\t\t\t<a class=\"elementor-button elementor-button-link elementor-size-sm\" href=\"https:\/\/www.portovenere.fr\/fr-fr\/carrelage-sol-et-mur-en-gres-cerame-et-faience\/carrelage-contemporain-et-design\/carrelage-contemporain-effet-beton-interieur-exterieur-architecture\/\">\n\t\t\t\t\t\t<span class=\"elementor-button-content-wrapper\">\n\t\t\t\t\t\t\t\t\t<span class=\"elementor-button-text\">VOIR LA COLLECTION<\/span>\n\t\t\t\t\t<\/span>\n\t\t\t\t\t<\/a>\n\t\t\t\t<\/div>\n\t\t\t\t\t\t\t\t<\/div>\n\t\t\t\t<\/div>\n\t\t\t\t\t<\/div>\n\t\t<\/div>\n\t\t\t\t\t<\/div>\n\t\t<\/section>\n\t\t\t\t\t<\/div>\n\t\t<\/div>\n\t\t\t\t<div class=\"elementor-column elementor-col-33 elementor-top-column elementor-element elementor-element-7654a97 elementor-invisible\" data-id=\"7654a97\" data-element_type=\"column\" data-e-type=\"column\" data-settings=\"{&quot;animation&quot;:&quot;fadeIn&quot;,&quot;background_background&quot;:&quot;classic&quot;}\">\n\t\t\t<div class=\"elementor-widget-wrap elementor-element-populated\">\n\t\t\t\t\t\t<div class=\"elementor-element elementor-element-dbf1222 elementor-widget elementor-widget-image\" data-id=\"dbf1222\" data-element_type=\"widget\" data-e-type=\"widget\" data-widget_type=\"image.default\">\n\t\t\t\t<div class=\"elementor-widget-container\">\n\t\t\t\t\t\t\t\t\t\t\t\t\t\t\t\t<a href=\"https:\/\/www.portovenere.fr\/fr-fr\/carrelage-sol-et-mur-en-gres-cerame-et-faience\/carrelage-contemporain-et-design\/carrelage-sol-et-mur-style-contemporain-spazioso\/\">\n\t\t\t\t\t\t\t<img decoding=\"async\" src=\"https:\/\/www.portovenere.fr\/fr-fr\/wp-content\/uploads\/elementor\/thumbs\/Carrelage-terrasse-et-tour-de-piscine-en-carrelage-grand-format-dalle-antiderapante-2cm-120x120-cm-styel-contemporain-SPAZIOSO-Classic-pres-de-Agde-34-r8ifyahpdohhej11hewkhe8as2g9bwkd4x8l98qp08.jpg\" title=\"Carrelage-terrasse-et-tour-de-piscine-en-carrelage-grand-format-dalle-antid\u00e9rapante-2cm-120&#215;120-cm-styel-contemporain-SPAZIOSO-Classic-pr\u00e8s-de-Agde-34\" alt=\"Coloris Classic\" loading=\"lazy\" \/>\t\t\t\t\t\t\t\t<\/a>\n\t\t\t\t\t\t\t\t\t\t\t\t\t\t\t<\/div>\n\t\t\t\t<\/div>\n\t\t\t\t<div class=\"elementor-element elementor-element-d29958f elementor-widget elementor-widget-heading\" data-id=\"d29958f\" data-element_type=\"widget\" data-e-type=\"widget\" data-widget_type=\"heading.default\">\n\t\t\t\t<div class=\"elementor-widget-container\">\n\t\t\t\t\t<h3 class=\"elementor-heading-title elementor-size-default\"><a href=\"https:\/\/www.portovenere.fr\/fr-fr\/carrelage-sol-et-mur-en-gres-cerame-et-faience\/carrelage-contemporain-et-design\/carrelage-sol-et-mur-style-contemporain-spazioso\/\">SPAZIOSO | 3 coloris<\/a><\/h3>\t\t\t\t<\/div>\n\t\t\t\t<\/div>\n\t\t\t\t<div class=\"elementor-element elementor-element-09e8c00 elementor-widget__width-initial elementor-widget elementor-widget-gallery\" data-id=\"09e8c00\" data-element_type=\"widget\" data-e-type=\"widget\" data-settings=\"{&quot;gap&quot;:{&quot;unit&quot;:&quot;px&quot;,&quot;size&quot;:3,&quot;sizes&quot;:[]},&quot;columns_mobile&quot;:3,&quot;gap_mobile&quot;:{&quot;unit&quot;:&quot;px&quot;,&quot;size&quot;:6,&quot;sizes&quot;:[]},&quot;columns&quot;:5,&quot;columns_tablet&quot;:3,&quot;gap_tablet&quot;:{&quot;unit&quot;:&quot;px&quot;,&quot;size&quot;:5,&quot;sizes&quot;:[]},&quot;lazyload&quot;:&quot;yes&quot;,&quot;gallery_layout&quot;:&quot;grid&quot;,&quot;aspect_ratio&quot;:&quot;3:2&quot;,&quot;overlay_background&quot;:&quot;yes&quot;,&quot;content_hover_animation&quot;:&quot;fade-in&quot;}\" data-widget_type=\"gallery.default\">\n\t\t\t\t<div class=\"elementor-widget-container\">\n\t\t\t\t\t\t\t<div class=\"elementor-gallery__container\">\n\t\t\t\t\t\t\t<div class=\"e-gallery-item elementor-gallery-item elementor-animated-content\">\n\t\t\t\t\t<div class=\"e-gallery-image elementor-gallery-item__image\" data-thumbnail=\"https:\/\/www.portovenere.fr\/fr-fr\/wp-content\/uploads\/2025\/03\/Carrelage-clair-gres-cerame-style-contemporain-SPAZIOSO-coloris-Light-pour-sol-et-mur-interieur-et-exterieur-magasin-Porto-Venere-Montpellier-pres-de-Sete-34-150x150.jpg\" data-width=\"150\" data-height=\"150\" aria-label=\"\" role=\"img\" ><\/div>\n\t\t\t\t\t\t\t\t\t\t\t<div class=\"elementor-gallery-item__overlay\"><\/div>\n\t\t\t\t\t\t\t\t\t\t\t\t\t\t<\/div>\n\t\t\t\t\t\t\t<div class=\"e-gallery-item elementor-gallery-item elementor-animated-content\">\n\t\t\t\t\t<div class=\"e-gallery-image elementor-gallery-item__image\" data-thumbnail=\"https:\/\/www.portovenere.fr\/fr-fr\/wp-content\/uploads\/2025\/03\/Carrelage-gres-cerame-style-contemporain-SPAZIOSO-coloris-classic-fonce-pour-sol-et-mur-interieur-et-exterieur-magasin-Porto-Venere-Montpellier-pres-de-Saint-Aunes-34-150x150.jpg\" data-width=\"150\" data-height=\"150\" aria-label=\"\" role=\"img\" ><\/div>\n\t\t\t\t\t\t\t\t\t\t\t<div class=\"elementor-gallery-item__overlay\"><\/div>\n\t\t\t\t\t\t\t\t\t\t\t\t\t\t<\/div>\n\t\t\t\t\t\t\t<div class=\"e-gallery-item elementor-gallery-item elementor-animated-content\">\n\t\t\t\t\t<div class=\"e-gallery-image elementor-gallery-item__image\" data-thumbnail=\"https:\/\/www.portovenere.fr\/fr-fr\/wp-content\/uploads\/2025\/03\/Carrelage-clair-gres-cerame-style-contemporain-SPAZIOSO-coloris-Ice-pour-sol-et-mur-interieur-et-exterieur-magasin-Porto-Venere-Montpellier-pres-de-Baillargues-34-150x150.jpg\" data-width=\"150\" data-height=\"150\" aria-label=\"\" role=\"img\" ><\/div>\n\t\t\t\t\t\t\t\t\t\t\t<div class=\"elementor-gallery-item__overlay\"><\/div>\n\t\t\t\t\t\t\t\t\t\t\t\t\t\t<\/div>\n\t\t\t\t\t<\/div>\n\t\t\t\t\t<\/div>\n\t\t\t\t<\/div>\n\t\t\t\t<div class=\"elementor-element elementor-element-4a7d872 elementor-widget elementor-widget-text-editor\" data-id=\"4a7d872\" data-element_type=\"widget\" data-e-type=\"widget\" data-widget_type=\"text-editor.default\">\n\t\t\t\t<div class=\"elementor-widget-container\">\n\t\t\t\t\t\t\t\t\t<p data-sourcepos=\"5:1-5:46\">Le carrelage gr\u00e8s c\u00e9rame color\u00e9 dans la masse au style contemporain<b>\u00a0SPAZIOSO,\u00a0<\/b>propose\u00a0<b>3\u00a0teintes\u00a0<\/b>agr\u00e9ables pour vos<b>\u00a0espaces int\u00e9rieurs et ext\u00e9rieurs : Ice, Light et Classic.<\/b><\/p><p data-sourcepos=\"5:1-5:46\">Ce\u00a0<b>carrelage pour sols et murs<\/b>\u00a0vous offre le choix parmi les formats suivants\u00a0:\u00a0<b>30&#215;60 cm, 60&#215;60 cm , 60&#215;120 cm, 45&#215;90 cm, 90&#215;90 cm, 120&#215;120 cm et les formats XXL 120&#215;270 cm et 90&#215;270 cm.<\/b><\/p><p data-sourcepos=\"5:1-5:46\">Disponible en<b>\u00a0finition Honed (adouci), Soft ou antid\u00e9rapante.<\/b><\/p><p data-sourcepos=\"5:1-5:46\">Vous pourrez assurer une\u00a0<b>continuit\u00e9 de vos espaces de vie vers l&rsquo;ext\u00e9rieur<\/b>\u00a0gr\u00e2ce \u00e0 la\u00a0<b>finition antid\u00e9rapante<\/b>.\u00a0<\/p><p data-sourcepos=\"5:1-5:46\">Aussi, des\u00a0<b>dalles 60&#215;120 cm et maxi format 120&#215;120 cm antid\u00e9rapantes en 2cm\u00a0<\/b>d&rsquo;\u00e9paisseur, sont propos\u00e9es pour vos\u00a0<b>terrasses ou tours de piscine<\/b>\u00a0pour une pose sur plots, sur gravier, gazon ou en pose coll\u00e9e.\u00a0<\/p><p data-sourcepos=\"5:1-5:46\">Le carrelage sol et mur style contemporain SPAZIOSO existe \u00e9galement en\u00a0<b>rev\u00eatement mural Ductile Relief cannet\u00e9 CURVE et COAST 60x120cm<\/b>\u00a0pour am\u00e9nager des espaces tels qu&rsquo;une cr\u00e9dence de salle de bain ou le mur d&rsquo;un hall d&rsquo;h\u00f4tel, une t\u00eate de lit ou un commerce par exemple.<\/p>\t\t\t\t\t\t\t\t<\/div>\n\t\t\t\t<\/div>\n\t\t\t\t<div class=\"elementor-element elementor-element-37fae4e elementor-mobile-align-center elementor-widget elementor-widget-button\" data-id=\"37fae4e\" data-element_type=\"widget\" data-e-type=\"widget\" data-widget_type=\"button.default\">\n\t\t\t\t<div class=\"elementor-widget-container\">\n\t\t\t\t\t\t\t\t\t<div class=\"elementor-button-wrapper\">\n\t\t\t\t\t<a class=\"elementor-button elementor-button-link elementor-size-sm\" href=\"https:\/\/www.portovenere.fr\/fr-fr\/carrelage-sol-et-mur-en-gres-cerame-et-faience\/carrelage-contemporain-et-design\/carrelage-sol-et-mur-style-contemporain-spazioso\/\">\n\t\t\t\t\t\t<span class=\"elementor-button-content-wrapper\">\n\t\t\t\t\t\t\t\t\t<span class=\"elementor-button-text\">Voir la collection<\/span>\n\t\t\t\t\t<\/span>\n\t\t\t\t\t<\/a>\n\t\t\t\t<\/div>\n\t\t\t\t\t\t\t\t<\/div>\n\t\t\t\t<\/div>\n\t\t\t\t\t<\/div>\n\t\t<\/div>\n\t\t\t\t\t<\/div>\n\t\t<\/section>\n\t\t\t\t<section class=\"elementor-section elementor-top-section elementor-element elementor-element-acd552a elementor-section-full_width elementor-section-height-default elementor-section-height-default\" data-id=\"acd552a\" data-element_type=\"section\" data-e-type=\"section\">\n\t\t\t\t\t\t<div class=\"elementor-container elementor-column-gap-default\">\n\t\t\t\t\t<div class=\"elementor-column elementor-col-33 elementor-top-column elementor-element elementor-element-f198a0e elementor-invisible\" data-id=\"f198a0e\" data-element_type=\"column\" data-e-type=\"column\" data-settings=\"{&quot;animation&quot;:&quot;fadeIn&quot;,&quot;background_background&quot;:&quot;classic&quot;}\">\n\t\t\t<div class=\"elementor-widget-wrap elementor-element-populated\">\n\t\t\t\t\t\t<div class=\"elementor-element elementor-element-a50be0e elementor-widget elementor-widget-image\" data-id=\"a50be0e\" data-element_type=\"widget\" data-e-type=\"widget\" data-widget_type=\"image.default\">\n\t\t\t\t<div class=\"elementor-widget-container\">\n\t\t\t\t\t\t\t\t\t\t\t\t\t\t\t\t<a href=\"https:\/\/www.portovenere.fr\/fr-fr\/carrelage-sol-et-mur-en-gres-cerame-et-faience\/carrelage-imitation-parquet-aspect-bois\/carrelage-imitation-parquet-bois-naturel-vallee\/\">\n\t\t\t\t\t\t\t<img decoding=\"async\" src=\"https:\/\/www.portovenere.fr\/fr-fr\/wp-content\/uploads\/elementor\/thumbs\/Carrelage-exterieur-parquet-bois-antiderapant-collection-VALLEE-coloris-Laos-proche-de-La-Grande-Motte-34-r8ifkgb5u8gn2kw0145y8ejxu300hzw31lyo66mzkw.jpg\" title=\"Carrelage-ext\u00e9rieur-parquet-bois-antid\u00e9rapant-collection-VALLEE-coloris-Laos-proche-de-La-Grande-Motte-34\" alt=\"Carrelage-ext\u00e9rieur-parquet-bois-antid\u00e9rapant-collection-VALLEE-coloris-Laos-proche-de-La-Grande-Motte-34\" loading=\"lazy\" \/>\t\t\t\t\t\t\t\t<\/a>\n\t\t\t\t\t\t\t\t\t\t\t\t\t\t\t<\/div>\n\t\t\t\t<\/div>\n\t\t\t\t<section class=\"elementor-section elementor-inner-section elementor-element elementor-element-a4f069e elementor-section-boxed elementor-section-height-default elementor-section-height-default elementor-invisible\" data-id=\"a4f069e\" data-element_type=\"section\" data-e-type=\"section\" data-settings=\"{&quot;background_background&quot;:&quot;classic&quot;,&quot;animation&quot;:&quot;fadeIn&quot;}\">\n\t\t\t\t\t\t<div class=\"elementor-container elementor-column-gap-default\">\n\t\t\t\t\t<div class=\"elementor-column elementor-col-100 elementor-inner-column elementor-element elementor-element-03d5880\" data-id=\"03d5880\" data-element_type=\"column\" data-e-type=\"column\">\n\t\t\t<div class=\"elementor-widget-wrap elementor-element-populated\">\n\t\t\t\t\t\t<div class=\"elementor-element elementor-element-e4f51c8 elementor-widget elementor-widget-heading\" data-id=\"e4f51c8\" data-element_type=\"widget\" data-e-type=\"widget\" data-widget_type=\"heading.default\">\n\t\t\t\t<div class=\"elementor-widget-container\">\n\t\t\t\t\t<h3 class=\"elementor-heading-title elementor-size-default\"><a href=\"https:\/\/www.portovenere.fr\/fr-fr\/carrelage-sol-et-mur-en-gres-cerame-et-faience\/carrelage-imitation-parquet-aspect-bois\/carrelage-imitation-parquet-bois-naturel-vallee\/\">VALL\u00c9E | 7 coloris &amp; d\u00e9cors<\/a><\/h3>\t\t\t\t<\/div>\n\t\t\t\t<\/div>\n\t\t\t\t<div class=\"elementor-element elementor-element-7924613 elementor-widget__width-initial elementor-widget elementor-widget-gallery\" data-id=\"7924613\" data-element_type=\"widget\" data-e-type=\"widget\" data-settings=\"{&quot;gap&quot;:{&quot;unit&quot;:&quot;px&quot;,&quot;size&quot;:3,&quot;sizes&quot;:[]},&quot;columns_mobile&quot;:3,&quot;gap_mobile&quot;:{&quot;unit&quot;:&quot;px&quot;,&quot;size&quot;:6,&quot;sizes&quot;:[]},&quot;columns&quot;:5,&quot;columns_tablet&quot;:3,&quot;gap_tablet&quot;:{&quot;unit&quot;:&quot;px&quot;,&quot;size&quot;:5,&quot;sizes&quot;:[]},&quot;lazyload&quot;:&quot;yes&quot;,&quot;gallery_layout&quot;:&quot;grid&quot;,&quot;aspect_ratio&quot;:&quot;3:2&quot;,&quot;overlay_background&quot;:&quot;yes&quot;,&quot;content_hover_animation&quot;:&quot;fade-in&quot;}\" data-widget_type=\"gallery.default\">\n\t\t\t\t<div class=\"elementor-widget-container\">\n\t\t\t\t\t\t\t<div class=\"elementor-gallery__container\">\n\t\t\t\t\t\t\t<div class=\"e-gallery-item elementor-gallery-item elementor-animated-content\">\n\t\t\t\t\t<div class=\"e-gallery-image elementor-gallery-item__image\" data-thumbnail=\"https:\/\/www.portovenere.fr\/fr-fr\/wp-content\/uploads\/2024\/09\/Carrelage-parquet-bois-naturel-gres-cerame-haut-de-gamme-pour-sol-et-mur-collection-VALLEE-coloris-Pino-proche-de-Saint-jean-de-vedas-34-150x150.jpg\" data-width=\"150\" data-height=\"150\" aria-label=\"\" role=\"img\" ><\/div>\n\t\t\t\t\t\t\t\t\t\t\t<div class=\"elementor-gallery-item__overlay\"><\/div>\n\t\t\t\t\t\t\t\t\t\t\t\t\t\t<\/div>\n\t\t\t\t\t\t\t<div class=\"e-gallery-item elementor-gallery-item elementor-animated-content\">\n\t\t\t\t\t<div class=\"e-gallery-image elementor-gallery-item__image\" data-thumbnail=\"https:\/\/www.portovenere.fr\/fr-fr\/wp-content\/uploads\/2024\/09\/Carrelage-parquet-bois-naturel-gres-cerame-haut-de-gamme-pour-sol-et-mur-collection-VALLEE-coloris-Lodano-proche-de-Juvignac-34-150x150.jpg\" data-width=\"150\" data-height=\"150\" aria-label=\"\" role=\"img\" ><\/div>\n\t\t\t\t\t\t\t\t\t\t\t<div class=\"elementor-gallery-item__overlay\"><\/div>\n\t\t\t\t\t\t\t\t\t\t\t\t\t\t<\/div>\n\t\t\t\t\t\t\t<div class=\"e-gallery-item elementor-gallery-item elementor-animated-content\">\n\t\t\t\t\t<div class=\"e-gallery-image elementor-gallery-item__image\" data-thumbnail=\"https:\/\/www.portovenere.fr\/fr-fr\/wp-content\/uploads\/2024\/09\/Carrelage-parquet-bois-naturel-gres-cerame-haut-de-gamme-pour-sol-et-mur-collection-VALLEE-coloris-Laos-proche-de-Laverune-34-150x150.jpg\" data-width=\"150\" data-height=\"150\" aria-label=\"\" role=\"img\" ><\/div>\n\t\t\t\t\t\t\t\t\t\t\t<div class=\"elementor-gallery-item__overlay\"><\/div>\n\t\t\t\t\t\t\t\t\t\t\t\t\t\t<\/div>\n\t\t\t\t\t\t\t<div class=\"e-gallery-item elementor-gallery-item elementor-animated-content\">\n\t\t\t\t\t<div class=\"e-gallery-image elementor-gallery-item__image\" data-thumbnail=\"https:\/\/www.portovenere.fr\/fr-fr\/wp-content\/uploads\/2024\/09\/Carrelage-parquet-bois-naturel-gres-cerame-haut-de-gamme-pour-sol-et-mur-collection-VALLEE-coloris-Jinkoh-proche-de-Prades-le-lez-34-150x150.jpg\" data-width=\"150\" data-height=\"150\" aria-label=\"\" role=\"img\" ><\/div>\n\t\t\t\t\t\t\t\t\t\t\t<div class=\"elementor-gallery-item__overlay\"><\/div>\n\t\t\t\t\t\t\t\t\t\t\t\t\t\t<\/div>\n\t\t\t\t\t\t\t<div class=\"e-gallery-item elementor-gallery-item elementor-animated-content\">\n\t\t\t\t\t<div class=\"e-gallery-image elementor-gallery-item__image\" data-thumbnail=\"https:\/\/www.portovenere.fr\/fr-fr\/wp-content\/uploads\/2024\/09\/Carrelage-parquet-bois-naturel-gres-cerame-haut-de-gamme-pour-sol-et-mur-collection-VALLEE-coloris-Elem-a-Montpellier-Herault-34-150x150.jpg\" data-width=\"150\" data-height=\"150\" aria-label=\"\" role=\"img\" ><\/div>\n\t\t\t\t\t\t\t\t\t\t\t<div class=\"elementor-gallery-item__overlay\"><\/div>\n\t\t\t\t\t\t\t\t\t\t\t\t\t\t<\/div>\n\t\t\t\t\t\t\t<div class=\"e-gallery-item elementor-gallery-item elementor-animated-content\">\n\t\t\t\t\t<div class=\"e-gallery-image elementor-gallery-item__image\" data-thumbnail=\"https:\/\/www.portovenere.fr\/fr-fr\/wp-content\/uploads\/2024\/09\/Carrelage-parquet-bois-naturel-gres-cerame-haut-de-gamme-pour-sol-et-mur-collection-VALLEE-coloris-Cedro-proche-de-Saint-Aunes-34-150x150.jpg\" data-width=\"150\" data-height=\"150\" aria-label=\"\" role=\"img\" ><\/div>\n\t\t\t\t\t\t\t\t\t\t\t<div class=\"elementor-gallery-item__overlay\"><\/div>\n\t\t\t\t\t\t\t\t\t\t\t\t\t\t<\/div>\n\t\t\t\t\t\t\t<div class=\"e-gallery-item elementor-gallery-item elementor-animated-content\">\n\t\t\t\t\t<div class=\"e-gallery-image elementor-gallery-item__image\" data-thumbnail=\"https:\/\/www.portovenere.fr\/fr-fr\/wp-content\/uploads\/2024\/09\/Carrelage-parquet-bois-clair-naturel-gres-cerame-haut-de-gamme-pour-sol-et-mur-collection-VALLEE-coloris-Copahu-proche-de-Palavas-34-150x150.jpg\" data-width=\"150\" data-height=\"150\" aria-label=\"\" role=\"img\" ><\/div>\n\t\t\t\t\t\t\t\t\t\t\t<div class=\"elementor-gallery-item__overlay\"><\/div>\n\t\t\t\t\t\t\t\t\t\t\t\t\t\t<\/div>\n\t\t\t\t\t\t\t<div class=\"e-gallery-item elementor-gallery-item elementor-animated-content\">\n\t\t\t\t\t<div class=\"e-gallery-image elementor-gallery-item__image\" data-thumbnail=\"https:\/\/www.portovenere.fr\/fr-fr\/wp-content\/uploads\/2024\/09\/Carrelage-120x120-effet-parquet-bois-decor-Florio-collection-VALLEE-proche-de-juvignac-Herault-34-150x150.jpg\" data-width=\"150\" data-height=\"150\" aria-label=\"\" role=\"img\" ><\/div>\n\t\t\t\t\t\t\t\t\t\t\t<div class=\"elementor-gallery-item__overlay\"><\/div>\n\t\t\t\t\t\t\t\t\t\t\t\t\t\t<\/div>\n\t\t\t\t\t\t\t<div class=\"e-gallery-item elementor-gallery-item elementor-animated-content\">\n\t\t\t\t\t<div class=\"e-gallery-image elementor-gallery-item__image\" data-thumbnail=\"https:\/\/www.portovenere.fr\/fr-fr\/wp-content\/uploads\/2024\/09\/Carrelage-120x120-effet-bois-et-inserts-marbre-blanc-decor-Florio-mix-VALLEE-proche-de-Lattes-34-150x150.jpg\" data-width=\"150\" data-height=\"150\" aria-label=\"\" role=\"img\" ><\/div>\n\t\t\t\t\t\t\t\t\t\t\t<div class=\"elementor-gallery-item__overlay\"><\/div>\n\t\t\t\t\t\t\t\t\t\t\t\t\t\t<\/div>\n\t\t\t\t\t\t\t<div class=\"e-gallery-item elementor-gallery-item elementor-animated-content\">\n\t\t\t\t\t<div class=\"e-gallery-image elementor-gallery-item__image\" data-thumbnail=\"https:\/\/www.portovenere.fr\/fr-fr\/wp-content\/uploads\/2024\/09\/Carrelage-effet-parquet-puzzle-au-design-original-pour-sol-et-mur-collection-Vallee-coloris-Laos-proche-de-Baillargues-34-150x150.jpg\" data-width=\"150\" data-height=\"150\" aria-label=\"\" role=\"img\" ><\/div>\n\t\t\t\t\t\t\t\t\t\t\t<div class=\"elementor-gallery-item__overlay\"><\/div>\n\t\t\t\t\t\t\t\t\t\t\t\t\t\t<\/div>\n\t\t\t\t\t<\/div>\n\t\t\t\t\t<\/div>\n\t\t\t\t<\/div>\n\t\t\t\t<div class=\"elementor-element elementor-element-f466c4d elementor-widget elementor-widget-text-editor\" data-id=\"f466c4d\" data-element_type=\"widget\" data-e-type=\"widget\" data-widget_type=\"text-editor.default\">\n\t\t\t\t<div class=\"elementor-widget-container\">\n\t\t\t\t\t\t\t\t\t<p>Une collection de gr\u00e8s c\u00e9rame <b>finition bross\u00e9e<\/b> au graphisme raffin\u00e9 et intemporel, La collection de carrelage effet parquet bois <b>Vall\u00e9e,<\/b> s\u00e9duit par ses<b> contrastes subtils et ses n\u0153uds d\u00e9licatement dessin\u00e9s<\/b>.\u00a0<\/p><p>Ses <strong>t<\/strong><b>onalit\u00e9s naturelles<\/b>, allant de la cr\u00e8me \u00e0 l&rsquo;olive, \u00e9voquent la richesse et la<b> chaleur du bois authentique<\/b>.\u00a0<\/p><p>Disponible dans une <b>large gamme de formats<\/b>, 20&#215;120 cm,\u00a0 25&#215;150 cm, 30&#215;120 cm, 30&#215;240 cm, <b>grand format<\/b> 20&#215;278 cm et<b>\u00a0format\u00a0XXL 120&#215;278 cm<\/b>, Vall\u00e9e s&rsquo;adapte \u00e0 tous les espaces, des plus classiques aux plus contemporains. Parfaitement align\u00e9e avec les principes du <b>design biophilique<\/b>, cette collection de carrelage aspect parquet bois naturel invite la nature au c\u0153ur de votre int\u00e9rieur.<\/p><p><b>Dalles antid\u00e9rapantes<\/b> en 30 x 120 x 2 cm d&rsquo;\u00e9paisseur, lames antid\u00e9rapantes 9mm en 20x120cm ainsi que des <b>d\u00e9cors originaux<\/b> compl\u00e8tent cette collection.\u00a0<\/p>\t\t\t\t\t\t\t\t<\/div>\n\t\t\t\t<\/div>\n\t\t\t\t\t<\/div>\n\t\t<\/div>\n\t\t\t\t\t<\/div>\n\t\t<\/section>\n\t\t\t\t<div class=\"elementor-element elementor-element-dc78d6a elementor-mobile-align-center elementor-widget elementor-widget-button\" data-id=\"dc78d6a\" data-element_type=\"widget\" data-e-type=\"widget\" data-widget_type=\"button.default\">\n\t\t\t\t<div class=\"elementor-widget-container\">\n\t\t\t\t\t\t\t\t\t<div class=\"elementor-button-wrapper\">\n\t\t\t\t\t<a class=\"elementor-button elementor-button-link elementor-size-sm\" href=\"https:\/\/www.portovenere.fr\/fr-fr\/carrelage-sol-et-mur-en-gres-cerame-et-faience\/carrelage-imitation-parquet-aspect-bois\/carrelage-imitation-parquet-bois-naturel-vallee\/\">\n\t\t\t\t\t\t<span class=\"elementor-button-content-wrapper\">\n\t\t\t\t\t\t\t\t\t<span class=\"elementor-button-text\">Voir la collection<\/span>\n\t\t\t\t\t<\/span>\n\t\t\t\t\t<\/a>\n\t\t\t\t<\/div>\n\t\t\t\t\t\t\t\t<\/div>\n\t\t\t\t<\/div>\n\t\t\t\t\t<\/div>\n\t\t<\/div>\n\t\t\t\t<div class=\"elementor-column elementor-col-33 elementor-top-column elementor-element elementor-element-939eab1\" data-id=\"939eab1\" data-element_type=\"column\" data-e-type=\"column\" data-settings=\"{&quot;background_background&quot;:&quot;classic&quot;}\">\n\t\t\t<div class=\"elementor-widget-wrap elementor-element-populated\">\n\t\t\t\t\t\t<div class=\"elementor-element elementor-element-0422c8f elementor-widget elementor-widget-image\" data-id=\"0422c8f\" data-element_type=\"widget\" data-e-type=\"widget\" data-widget_type=\"image.default\">\n\t\t\t\t<div class=\"elementor-widget-container\">\n\t\t\t\t\t\t\t\t\t\t\t\t\t\t\t\t<a href=\"https:\/\/www.portovenere.fr\/fr-fr\/carrelage-sol-et-mur-en-gres-cerame-et-faience\/carrelage-aspect-marbre\/carrelage-pierre-en-gres-cerame-pour-sol-et-mur-mazari\/\">\n\t\t\t\t\t\t\t<img decoding=\"async\" src=\"https:\/\/www.portovenere.fr\/fr-fr\/wp-content\/uploads\/elementor\/thumbs\/Carrelage-exterieur-antiderapant-coloris-creme-effet-pierre-veinee-en-gres-cerame-MAZARI-Euphoria-60x120-cm-Magasin-carrelage-Porto-Venere-proche-Agde-34-r9mc82o7kk9z0pc409qrnci3dc9ye8a6p6hidaqua0.jpg\" title=\"Carrelage-ext\u00e9rieur-antid\u00e9rapant-coloris-cr\u00e8me-effet-pierre-vein\u00e9e-en-gr\u00e8s-c\u00e9rame-MAZARI-Euphoria-60&#215;120-cm-Magasin-carrelage-Porto-Venere-proche-Agde-34\" alt=\"Carrelage clair coloris cr\u00e8me style pierre vein\u00e9e Mazari\" loading=\"lazy\" \/>\t\t\t\t\t\t\t\t<\/a>\n\t\t\t\t\t\t\t\t\t\t\t\t\t\t\t<\/div>\n\t\t\t\t<\/div>\n\t\t\t\t<div class=\"elementor-element elementor-element-9d8a081 elementor-widget elementor-widget-heading\" data-id=\"9d8a081\" data-element_type=\"widget\" data-e-type=\"widget\" data-widget_type=\"heading.default\">\n\t\t\t\t<div class=\"elementor-widget-container\">\n\t\t\t\t\t<h3 class=\"elementor-heading-title elementor-size-default\"><a href=\"https:\/\/www.portovenere.fr\/fr-fr\/carrelage-sol-et-mur-en-gres-cerame-et-faience\/carrelage-aspect-marbre\/carrelage-pierre-en-gres-cerame-pour-sol-et-mur-mazari\/\">MAZARI | 4 coloris<\/a><\/h3>\t\t\t\t<\/div>\n\t\t\t\t<\/div>\n\t\t\t\t<div class=\"elementor-element elementor-element-ae18dc6 elementor-widget__width-initial elementor-widget elementor-widget-gallery\" data-id=\"ae18dc6\" data-element_type=\"widget\" data-e-type=\"widget\" data-settings=\"{&quot;gap&quot;:{&quot;unit&quot;:&quot;px&quot;,&quot;size&quot;:3,&quot;sizes&quot;:[]},&quot;columns_mobile&quot;:3,&quot;gap_mobile&quot;:{&quot;unit&quot;:&quot;px&quot;,&quot;size&quot;:6,&quot;sizes&quot;:[]},&quot;columns&quot;:5,&quot;columns_tablet&quot;:3,&quot;gap_tablet&quot;:{&quot;unit&quot;:&quot;px&quot;,&quot;size&quot;:5,&quot;sizes&quot;:[]},&quot;lazyload&quot;:&quot;yes&quot;,&quot;gallery_layout&quot;:&quot;grid&quot;,&quot;aspect_ratio&quot;:&quot;3:2&quot;,&quot;overlay_background&quot;:&quot;yes&quot;,&quot;content_hover_animation&quot;:&quot;fade-in&quot;}\" data-widget_type=\"gallery.default\">\n\t\t\t\t<div class=\"elementor-widget-container\">\n\t\t\t\t\t\t\t<div class=\"elementor-gallery__container\">\n\t\t\t\t\t\t\t<div class=\"e-gallery-item elementor-gallery-item elementor-animated-content\">\n\t\t\t\t\t<div class=\"e-gallery-image elementor-gallery-item__image\" data-thumbnail=\"https:\/\/www.portovenere.fr\/fr-fr\/wp-content\/uploads\/2025\/08\/Carrelage-gris-veines-blanches-effet-pierre-en-gres-cerame-sol-et-mur-MAZARI-Grey-120x120-cm-Magasin-carrelage-Porto_Venere_Montpellier-pres-de-Palavas-34-150x150.jpg\" data-width=\"150\" data-height=\"150\" aria-label=\"Carrelage gris clair style pierre vein\u00e9e Mazari pour sol et mur\" role=\"img\" ><\/div>\n\t\t\t\t\t\t\t\t\t\t\t<div class=\"elementor-gallery-item__overlay\"><\/div>\n\t\t\t\t\t\t\t\t\t\t\t\t\t\t<\/div>\n\t\t\t\t\t\t\t<div class=\"e-gallery-item elementor-gallery-item elementor-animated-content\">\n\t\t\t\t\t<div class=\"e-gallery-image elementor-gallery-item__image\" data-thumbnail=\"https:\/\/www.portovenere.fr\/fr-fr\/wp-content\/uploads\/2025\/08\/Carrelage-gris-veines-blanches-effet-pierre-en-gres-cerame-sol-et-mur-MAZARI-Grey-60x120-cm-Magasin-carrelage-Porto_Venere_Montpellier-pres-de-Clapiers-34-150x150.jpg\" data-width=\"150\" data-height=\"150\" aria-label=\"Carrelage gris clair style pierre vein\u00e9e Mazari pour sol et mur\" role=\"img\" ><\/div>\n\t\t\t\t\t\t\t\t\t\t\t<div class=\"elementor-gallery-item__overlay\"><\/div>\n\t\t\t\t\t\t\t\t\t\t\t\t\t\t<\/div>\n\t\t\t\t\t\t\t<div class=\"e-gallery-item elementor-gallery-item elementor-animated-content\">\n\t\t\t\t\t<div class=\"e-gallery-image elementor-gallery-item__image\" data-thumbnail=\"https:\/\/www.portovenere.fr\/fr-fr\/wp-content\/uploads\/2025\/08\/Carrelage-sol-et-mur-coloris-sable-blanc-effet-pierre-veinee-en-gres-cerame-MAZARI-Sand-60x120-cm-ou-120x120-cm-Magasin-carrelage-Porto-Venere-proche-Palavas-34-150x150.jpg\" data-width=\"150\" data-height=\"150\" aria-label=\"Carrelage coloris sable style pierre vein\u00e9e Mazari\" role=\"img\" ><\/div>\n\t\t\t\t\t\t\t\t\t\t\t<div class=\"elementor-gallery-item__overlay\"><\/div>\n\t\t\t\t\t\t\t\t\t\t\t\t\t\t<\/div>\n\t\t\t\t\t\t\t<div class=\"e-gallery-item elementor-gallery-item elementor-animated-content\">\n\t\t\t\t\t<div class=\"e-gallery-image elementor-gallery-item__image\" data-thumbnail=\"https:\/\/www.portovenere.fr\/fr-fr\/wp-content\/uploads\/2025\/08\/Carrelage-sol-et-mur-coloris-sable-blanc-effet-pierre-veinee-en-gres-cerame-MAZARI-Sand-60x120-cm-inetrieur-exterieur-Magasin-carrelage-PortoVenere-pres-de-Lattes-34-150x150.jpg\" data-width=\"150\" data-height=\"150\" aria-label=\"Carrelage coloris sable style pierre vein\u00e9e Mazari\" role=\"img\" ><\/div>\n\t\t\t\t\t\t\t\t\t\t\t<div class=\"elementor-gallery-item__overlay\"><\/div>\n\t\t\t\t\t\t\t\t\t\t\t\t\t\t<\/div>\n\t\t\t\t\t\t\t<div class=\"e-gallery-item elementor-gallery-item elementor-animated-content\">\n\t\t\t\t\t<div class=\"e-gallery-image elementor-gallery-item__image\" data-thumbnail=\"https:\/\/www.portovenere.fr\/fr-fr\/wp-content\/uploads\/2025\/08\/Carrelage-exterieur-gris-fonce-veine-blanc-effet-pierre-en-gres-cerame-MAZARI-Coal-60x120-cm-antiderapant-terrasse-Magasin-PortoVenere-carrelage-pres-de-Sete-34-150x150.jpg\" data-width=\"150\" data-height=\"150\" aria-label=\"Carrelage gris fonc\u00e9 style pierre vein\u00e9e Mazari\" role=\"img\" ><\/div>\n\t\t\t\t\t\t\t\t\t\t\t<div class=\"elementor-gallery-item__overlay\"><\/div>\n\t\t\t\t\t\t\t\t\t\t\t\t\t\t<\/div>\n\t\t\t\t\t\t\t<div class=\"e-gallery-item elementor-gallery-item elementor-animated-content\">\n\t\t\t\t\t<div class=\"e-gallery-image elementor-gallery-item__image\" data-thumbnail=\"https:\/\/www.portovenere.fr\/fr-fr\/wp-content\/uploads\/2025\/08\/Carrelage-gris-fonce-veine-blanc-effet-pierre-en-gres-cerame-MAZARI-Coal-60x120-cm-ou-120x120-cm-Magasin-carrelage-sol-et-mur-a-Montpellier-34-150x150.jpg\" data-width=\"150\" data-height=\"150\" aria-label=\"Carrelage gris fonc\u00e9 style pierre vein\u00e9e Mazari\" role=\"img\" ><\/div>\n\t\t\t\t\t\t\t\t\t\t\t<div class=\"elementor-gallery-item__overlay\"><\/div>\n\t\t\t\t\t\t\t\t\t\t\t\t\t\t<\/div>\n\t\t\t\t\t\t\t<div class=\"e-gallery-item elementor-gallery-item elementor-animated-content\">\n\t\t\t\t\t<div class=\"e-gallery-image elementor-gallery-item__image\" data-thumbnail=\"https:\/\/www.portovenere.fr\/fr-fr\/wp-content\/uploads\/2025\/08\/Carrelage-sol-mur-coloris-creme-effet-pierre-veinee-en-gres-cerame-MAZARI-Euphoria-60x120-cm-Magasin-carrelage-Porto-Venere-proche-Juvignac34-150x150.jpg\" data-width=\"150\" data-height=\"150\" aria-label=\"Carrelage clair coloris cr\u00e8me style pierre vein\u00e9e Mazari\" role=\"img\" ><\/div>\n\t\t\t\t\t\t\t\t\t\t\t<div class=\"elementor-gallery-item__overlay\"><\/div>\n\t\t\t\t\t\t\t\t\t\t\t\t\t\t<\/div>\n\t\t\t\t\t\t\t<div class=\"e-gallery-item elementor-gallery-item elementor-animated-content\">\n\t\t\t\t\t<div class=\"e-gallery-image elementor-gallery-item__image\" data-thumbnail=\"https:\/\/www.portovenere.fr\/fr-fr\/wp-content\/uploads\/2025\/08\/Carrelage-antiderapant-coloris-creme-effet-pierre-veinee-en-gres-cerame-MAZARI-Euphoria-60x120-cm-Magasin-carrelage-Porto-Venere-proche-Mauguio-34-150x150.jpg\" data-width=\"150\" data-height=\"150\" aria-label=\"Carrelage clair coloris cr\u00e8me style pierre vein\u00e9e Mazari\" role=\"img\" ><\/div>\n\t\t\t\t\t\t\t\t\t\t\t<div class=\"elementor-gallery-item__overlay\"><\/div>\n\t\t\t\t\t\t\t\t\t\t\t\t\t\t<\/div>\n\t\t\t\t\t<\/div>\n\t\t\t\t\t<\/div>\n\t\t\t\t<\/div>\n\t\t\t\t<div class=\"elementor-element elementor-element-2956003 elementor-widget elementor-widget-text-editor\" data-id=\"2956003\" data-element_type=\"widget\" data-e-type=\"widget\" data-widget_type=\"text-editor.default\">\n\t\t\t\t<div class=\"elementor-widget-container\">\n\t\t\t\t\t\t\t\t\t<p data-start=\"0\" data-end=\"338\">La collection <strong data-start=\"14\" data-end=\"24\">Mazari<\/strong> s\u2019inspire de la beaut\u00e9 brute des mat\u00e9riaux nobles. Elle associe la douceur lumineuse de la pierre calcaire Cardosia \u00e0 la force min\u00e9rale de la pierre d\u2019Occitanie, enrichie par les veines organiques du marbre Matarazzo. Le r\u00e9sultat : un carrelage graphique et harmonieux, v\u00e9ritable \u0153uvre min\u00e9rale pour murs et sols.<\/p><p data-start=\"340\" data-end=\"495\">Pens\u00e9e pour les int\u00e9rieurs exigeants comme pour les espaces professionnels de caract\u00e8re, <strong data-start=\"429\" data-end=\"439\">Mazari<\/strong> s\u00e9duit par son esth\u00e9tique architecturale contemporaine.<\/p><p data-start=\"497\" data-end=\"636\"><strong data-start=\"497\" data-end=\"520\">Coloris disponibles :\u00a0<\/strong><br data-start=\"520\" data-end=\"523\" \/>\u2013 <em data-start=\"525\" data-end=\"531\">Coal<\/em> : gris profond et intense<br data-start=\"557\" data-end=\"560\" \/>\u2013 <em data-start=\"562\" data-end=\"568\">Grey<\/em> : ton neutre et \u00e9l\u00e9gant<br data-start=\"592\" data-end=\"595\" \/>\u2013 <em data-start=\"597\" data-end=\"603\">Sand<\/em> : beige lumineux et chaleureux<\/p><p data-start=\"638\" data-end=\"720\"><strong data-start=\"638\" data-end=\"649\">Formats :\u00a0<\/strong>120 \u00d7 120 cm\u00a0 et\u00a060 \u00d7 120 cm (bords rectifi\u00e9s)<\/p><p data-start=\"722\" data-end=\"840\"><strong data-start=\"722\" data-end=\"735\">Finitions :\u00a0<\/strong>Surface naturelle mate ou\u00a0antid\u00e9rapante (grip) en 60 \u00d7 120 cm, id\u00e9ale pour zones humides<\/p><p data-start=\"842\" data-end=\"988\" data-is-last-node=\"\" data-is-only-node=\"\">Technique et raffin\u00e9e, <strong data-start=\"865\" data-end=\"875\">Mazari<\/strong> s\u2019adapte aussi bien \u00e0 un salon contemporain qu\u2019\u00e0 une salle de bain design ou un espace commercial haut de gamme.<\/p>\t\t\t\t\t\t\t\t<\/div>\n\t\t\t\t<\/div>\n\t\t\t\t<div class=\"elementor-element elementor-element-68cdffd elementor-mobile-align-center elementor-align-left elementor-widget elementor-widget-button\" data-id=\"68cdffd\" data-element_type=\"widget\" data-e-type=\"widget\" data-widget_type=\"button.default\">\n\t\t\t\t<div class=\"elementor-widget-container\">\n\t\t\t\t\t\t\t\t\t<div class=\"elementor-button-wrapper\">\n\t\t\t\t\t<a class=\"elementor-button elementor-button-link elementor-size-sm\" href=\"https:\/\/www.portovenere.fr\/fr-fr\/carrelage-sol-et-mur-en-gres-cerame-et-faience\/carrelage-aspect-marbre\/carrelage-pierre-en-gres-cerame-pour-sol-et-mur-mazari\/\">\n\t\t\t\t\t\t<span class=\"elementor-button-content-wrapper\">\n\t\t\t\t\t\t\t\t\t<span class=\"elementor-button-text\">Voir la collection<\/span>\n\t\t\t\t\t<\/span>\n\t\t\t\t\t<\/a>\n\t\t\t\t<\/div>\n\t\t\t\t\t\t\t\t<\/div>\n\t\t\t\t<\/div>\n\t\t\t\t\t<\/div>\n\t\t<\/div>\n\t\t\t\t<div class=\"elementor-column elementor-col-33 elementor-top-column elementor-element elementor-element-e6211d6 elementor-invisible\" data-id=\"e6211d6\" data-element_type=\"column\" data-e-type=\"column\" data-settings=\"{&quot;animation&quot;:&quot;fadeIn&quot;,&quot;background_background&quot;:&quot;classic&quot;}\">\n\t\t\t<div class=\"elementor-widget-wrap elementor-element-populated\">\n\t\t\t\t\t\t<div class=\"elementor-element elementor-element-a7254eb elementor-skin-carousel elementor-widget elementor-widget-media-carousel\" data-id=\"a7254eb\" data-element_type=\"widget\" data-e-type=\"widget\" data-settings=\"{&quot;slides_per_view&quot;:&quot;1&quot;,&quot;slides_per_view_tablet&quot;:&quot;1&quot;,&quot;slides_to_scroll&quot;:&quot;1&quot;,&quot;slides_to_scroll_tablet&quot;:&quot;1&quot;,&quot;skin&quot;:&quot;carousel&quot;,&quot;effect&quot;:&quot;slide&quot;,&quot;speed&quot;:500,&quot;autoplay&quot;:&quot;yes&quot;,&quot;autoplay_speed&quot;:5000,&quot;loop&quot;:&quot;yes&quot;,&quot;pause_on_hover&quot;:&quot;yes&quot;,&quot;pause_on_interaction&quot;:&quot;yes&quot;,&quot;space_between&quot;:{&quot;unit&quot;:&quot;px&quot;,&quot;size&quot;:10,&quot;sizes&quot;:[]},&quot;space_between_tablet&quot;:{&quot;unit&quot;:&quot;px&quot;,&quot;size&quot;:10,&quot;sizes&quot;:[]},&quot;space_between_mobile&quot;:{&quot;unit&quot;:&quot;px&quot;,&quot;size&quot;:10,&quot;sizes&quot;:[]}}\" data-widget_type=\"media-carousel.default\">\n\t\t\t\t<div class=\"elementor-widget-container\">\n\t\t\t\t\t\t\t\t\t<div class=\"elementor-swiper\">\n\t\t\t\t\t<div class=\"elementor-main-swiper swiper\" role=\"region\" aria-roledescription=\"carousel\" aria-label=\"Diapositives\">\n\t\t\t\t<div class=\"swiper-wrapper\">\n\t\t\t\t\t\t\t\t\t\t\t<div class=\"swiper-slide\" role=\"group\" aria-roledescription=\"slide\">\n\t\t\t\t\t\t\t\t\t<div class=\"elementor-carousel-image\" role=\"img\" aria-label=\"Sol cuisine en gr\u00e8s c\u00e9rame imitation parquet bois naturel\" style=\"background-image: url(&#039;https:\/\/www.portovenere.fr\/fr-fr\/wp-content\/uploads\/2025\/08\/Carrelage-effet-parquet-bois-pour-sol-et-mur-HACHENNE-Ambra-type-parquet-naturel-differents-coloris-magasin-Porto-Venere-pres-de-Jacou-34.jpg&#039;)\">\n\n\t\t\t\n\t\t\t\t\t<\/div>\n\t\t\t\t\t\t\t\t<\/div>\n\t\t\t\t\t\t\t\t\t\t\t<div class=\"swiper-slide\" role=\"group\" aria-roledescription=\"slide\">\n\t\t\t\t\t\t\t\t\t<div class=\"elementor-carousel-image\" role=\"img\" aria-label=\"Sol en carrelage gr\u00e8s c\u00e9rame effet parquet\" style=\"background-image: url(&#039;https:\/\/www.portovenere.fr\/fr-fr\/wp-content\/uploads\/2025\/08\/Carrelage-effet-parquet-bois-pour-interieur-et-exterieur-HACHENNE-Cenere-15x120-cm-differents-coloris-magasin-Porto-Venere-pres-de-Magalas-34.jpg&#039;)\">\n\n\t\t\t\n\t\t\t\t\t<\/div>\n\t\t\t\t\t\t\t\t<\/div>\n\t\t\t\t\t\t\t\t\t\t\t<div class=\"swiper-slide\" role=\"group\" aria-roledescription=\"slide\">\n\t\t\t\t\t\t\t\t\t<div class=\"elementor-carousel-image\" role=\"img\" aria-label=\"Carrelage clair effet parquet bois\" style=\"background-image: url(&#039;https:\/\/www.portovenere.fr\/fr-fr\/wp-content\/uploads\/2025\/08\/Carrelage-effet-parquet-bois-pour-sol-et-mur-HACHENNE-Miele-type-parquet-clair-differents-coloris-magasin-Porto-Venere-pres-de-PALAVAS-34.jpg&#039;)\">\n\n\t\t\t\n\t\t\t\t\t<\/div>\n\t\t\t\t\t\t\t\t<\/div>\n\t\t\t\t\t\t\t\t\t<\/div>\n\t\t\t\t\t\t\t\t\t\t\t\t\t\t\t\t\t\t\t\t\t<\/div>\n\t\t\t\t<\/div>\n\t\t\t\t\t\t\t\t<\/div>\n\t\t\t\t<\/div>\n\t\t\t\t<section class=\"elementor-section elementor-inner-section elementor-element elementor-element-5cbefa3 elementor-section-boxed elementor-section-height-default elementor-section-height-default elementor-invisible\" data-id=\"5cbefa3\" data-element_type=\"section\" data-e-type=\"section\" data-settings=\"{&quot;background_background&quot;:&quot;classic&quot;,&quot;animation&quot;:&quot;fadeIn&quot;}\">\n\t\t\t\t\t\t<div class=\"elementor-container elementor-column-gap-default\">\n\t\t\t\t\t<div class=\"elementor-column elementor-col-100 elementor-inner-column elementor-element elementor-element-fd67bc0\" data-id=\"fd67bc0\" data-element_type=\"column\" data-e-type=\"column\">\n\t\t\t<div class=\"elementor-widget-wrap elementor-element-populated\">\n\t\t\t\t\t\t<div class=\"elementor-element elementor-element-b41de42 elementor-widget elementor-widget-heading\" data-id=\"b41de42\" data-element_type=\"widget\" data-e-type=\"widget\" data-widget_type=\"heading.default\">\n\t\t\t\t<div class=\"elementor-widget-container\">\n\t\t\t\t\t<h3 class=\"elementor-heading-title elementor-size-default\"><a href=\"https:\/\/www.portovenere.fr\/fr-fr\/carrelage-sol-et-mur-en-gres-cerame-et-faience\/carrelage-imitation-parquet-aspect-bois\/carrelage-effet-bois-pour-sol-et-mur-hachenne\/\">HACHENNE | 4 coloris &amp; d\u00e9cors<\/a><\/h3>\t\t\t\t<\/div>\n\t\t\t\t<\/div>\n\t\t\t\t<div class=\"elementor-element elementor-element-53092a3 elementor-widget__width-initial elementor-widget elementor-widget-gallery\" data-id=\"53092a3\" data-element_type=\"widget\" data-e-type=\"widget\" data-settings=\"{&quot;gap&quot;:{&quot;unit&quot;:&quot;px&quot;,&quot;size&quot;:3,&quot;sizes&quot;:[]},&quot;columns_mobile&quot;:3,&quot;gap_mobile&quot;:{&quot;unit&quot;:&quot;px&quot;,&quot;size&quot;:6,&quot;sizes&quot;:[]},&quot;columns&quot;:5,&quot;columns_tablet&quot;:3,&quot;gap_tablet&quot;:{&quot;unit&quot;:&quot;px&quot;,&quot;size&quot;:5,&quot;sizes&quot;:[]},&quot;lazyload&quot;:&quot;yes&quot;,&quot;gallery_layout&quot;:&quot;grid&quot;,&quot;aspect_ratio&quot;:&quot;3:2&quot;,&quot;overlay_background&quot;:&quot;yes&quot;,&quot;content_hover_animation&quot;:&quot;fade-in&quot;}\" data-widget_type=\"gallery.default\">\n\t\t\t\t<div class=\"elementor-widget-container\">\n\t\t\t\t\t\t\t<div class=\"elementor-gallery__container\">\n\t\t\t\t\t\t\t<div class=\"e-gallery-item elementor-gallery-item elementor-animated-content\">\n\t\t\t\t\t<div class=\"e-gallery-image elementor-gallery-item__image\" data-thumbnail=\"https:\/\/www.portovenere.fr\/fr-fr\/wp-content\/uploads\/2025\/08\/Carrelage-effet-bois-pour-sol-et-mur-HACHENNE-Ambra-type-parquet-clair-differents-coloris-magasin-Porto-Venere-pres-de-Beziers-34-150x150.jpg\" data-width=\"150\" data-height=\"150\" aria-label=\"\" role=\"img\" ><\/div>\n\t\t\t\t\t\t\t\t\t\t\t<div class=\"elementor-gallery-item__overlay\"><\/div>\n\t\t\t\t\t\t\t\t\t\t\t\t\t\t<\/div>\n\t\t\t\t\t\t\t<div class=\"e-gallery-item elementor-gallery-item elementor-animated-content\">\n\t\t\t\t\t<div class=\"e-gallery-image elementor-gallery-item__image\" data-thumbnail=\"https:\/\/www.portovenere.fr\/fr-fr\/wp-content\/uploads\/2025\/08\/Carrelage-effet-bois-pour-sol-et-mur-HACHENNE-Torba-type-parquet-fonce-ancien-differents-coloris-magasin-Porto-Venere-pres-de-Saint-Clement-de-Riviere-34-150x150.jpg\" data-width=\"150\" data-height=\"150\" aria-label=\"\" role=\"img\" ><\/div>\n\t\t\t\t\t\t\t\t\t\t\t<div class=\"elementor-gallery-item__overlay\"><\/div>\n\t\t\t\t\t\t\t\t\t\t\t\t\t\t<\/div>\n\t\t\t\t\t\t\t<div class=\"e-gallery-item elementor-gallery-item elementor-animated-content\">\n\t\t\t\t\t<div class=\"e-gallery-image elementor-gallery-item__image\" data-thumbnail=\"https:\/\/www.portovenere.fr\/fr-fr\/wp-content\/uploads\/2025\/08\/Carrelage-effet-bois-pour-sol-et-mur-HACHENNE-Miel-type-parquet-clair-differents-coloris-magasin-Porto-Venere-pres-de-Sete-34-150x150.jpg\" data-width=\"150\" data-height=\"150\" aria-label=\"\" role=\"img\" ><\/div>\n\t\t\t\t\t\t\t\t\t\t\t<div class=\"elementor-gallery-item__overlay\"><\/div>\n\t\t\t\t\t\t\t\t\t\t\t\t\t\t<\/div>\n\t\t\t\t\t\t\t<div class=\"e-gallery-item elementor-gallery-item elementor-animated-content\">\n\t\t\t\t\t<div class=\"e-gallery-image elementor-gallery-item__image\" data-thumbnail=\"https:\/\/www.portovenere.fr\/fr-fr\/wp-content\/uploads\/2025\/08\/Carrelage-effet-bois-pour-sol-et-mur-HACHENNE-Cenere-type-parquet-ancien-differents-coloris-magasin-Porto-Venere-pres-de-Lattes-34-150x150.jpg\" data-width=\"150\" data-height=\"150\" aria-label=\"\" role=\"img\" ><\/div>\n\t\t\t\t\t\t\t\t\t\t\t<div class=\"elementor-gallery-item__overlay\"><\/div>\n\t\t\t\t\t\t\t\t\t\t\t\t\t\t<\/div>\n\t\t\t\t\t<\/div>\n\t\t\t\t\t<\/div>\n\t\t\t\t<\/div>\n\t\t\t\t<div class=\"elementor-element elementor-element-9ce75cf elementor-widget elementor-widget-text-editor\" data-id=\"9ce75cf\" data-element_type=\"widget\" data-e-type=\"widget\" data-widget_type=\"text-editor.default\">\n\t\t\t\t<div class=\"elementor-widget-container\">\n\t\t\t\t\t\t\t\t\t<p data-start=\"0\" data-end=\"365\">La collection <strong data-start=\"14\" data-end=\"26\">HACHENNE<\/strong> r\u00e9invente le <strong data-start=\"40\" data-end=\"64\">carrelage effet bois<\/strong> en alliant l\u2019authenticit\u00e9 du parquet et la r\u00e9sistance du gr\u00e8s c\u00e9rame. D\u00e9clin\u00e9e en quatre teintes \u00e9l\u00e9gantes \u2014 <strong data-start=\"174\" data-end=\"207\">Miele, Ambra, Cenere et Torba<\/strong> \u2014, elle habille sols et murs avec chaleur et modernit\u00e9. Facile d\u2019entretien et durable, elle s\u2019adapte aussi bien aux espaces de vie qu\u2019aux zones de passage.<\/p><p data-start=\"367\" data-end=\"940\">La gamme propose un large choix de formats : <strong data-start=\"412\" data-end=\"425\">15\u00d7120 cm<\/strong> en finition naturelle pour l\u2019int\u00e9rieur ou antid\u00e9rapante pour l\u2019ext\u00e9rieur, parfait pour les terrasses. Le <strong data-start=\"531\" data-end=\"544\">7,5\u00d760 cm<\/strong>, les <strong data-start=\"550\" data-end=\"569\">d\u00e9cors 5\u00d7120 cm<\/strong> et les <strong data-start=\"577\" data-end=\"598\">plinthes 5\u00d7120 cm<\/strong> assurent une pose harmonieuse. Les <strong data-start=\"634\" data-end=\"663\">mosa\u00efques Tatami 30\u00d730 cm<\/strong> et <strong data-start=\"667\" data-end=\"692\">hexagonale 29,5\u00d734 cm<\/strong> permettent des compositions raffin\u00e9es, tandis que le <strong data-start=\"746\" data-end=\"773\">d\u00e9cor Origami 60\u00d7120 cm<\/strong> et le <strong data-start=\"780\" data-end=\"803\">Cassettone 80\u00d780 cm<\/strong> \u00e9voquent le charme du parquet Versailles. Le <strong data-start=\"849\" data-end=\"877\">format losange 7,5\u00d760 cm<\/strong> (droite\/gauche) offre quant \u00e0 lui un \u00e9l\u00e9gant effet chevrons.<\/p>\t\t\t\t\t\t\t\t<\/div>\n\t\t\t\t<\/div>\n\t\t\t\t\t<\/div>\n\t\t<\/div>\n\t\t\t\t\t<\/div>\n\t\t<\/section>\n\t\t\t\t<div class=\"elementor-element elementor-element-155309b elementor-mobile-align-center elementor-widget elementor-widget-button\" data-id=\"155309b\" data-element_type=\"widget\" data-e-type=\"widget\" data-widget_type=\"button.default\">\n\t\t\t\t<div class=\"elementor-widget-container\">\n\t\t\t\t\t\t\t\t\t<div class=\"elementor-button-wrapper\">\n\t\t\t\t\t<a class=\"elementor-button elementor-button-link elementor-size-sm\" href=\"https:\/\/www.portovenere.fr\/fr-fr\/carrelage-sol-et-mur-en-gres-cerame-et-faience\/carrelage-imitation-parquet-aspect-bois\/carrelage-effet-bois-pour-sol-et-mur-hachenne\/\">\n\t\t\t\t\t\t<span class=\"elementor-button-content-wrapper\">\n\t\t\t\t\t\t\t\t\t<span class=\"elementor-button-text\">Voir la collection<\/span>\n\t\t\t\t\t<\/span>\n\t\t\t\t\t<\/a>\n\t\t\t\t<\/div>\n\t\t\t\t\t\t\t\t<\/div>\n\t\t\t\t<\/div>\n\t\t\t\t\t<\/div>\n\t\t<\/div>\n\t\t\t\t\t<\/div>\n\t\t<\/section>\n\t\t\t\t<section class=\"elementor-section elementor-top-section elementor-element elementor-element-512eef4 elementor-section-full_width elementor-section-height-default elementor-section-height-default\" data-id=\"512eef4\" data-element_type=\"section\" data-e-type=\"section\">\n\t\t\t\t\t\t<div class=\"elementor-container elementor-column-gap-default\">\n\t\t\t\t\t<div class=\"elementor-column elementor-col-33 elementor-top-column elementor-element elementor-element-85795b5\" data-id=\"85795b5\" data-element_type=\"column\" data-e-type=\"column\" data-settings=\"{&quot;background_background&quot;:&quot;classic&quot;}\">\n\t\t\t<div class=\"elementor-widget-wrap elementor-element-populated\">\n\t\t\t\t\t\t<div class=\"elementor-element elementor-element-700d888 elementor-widget elementor-widget-image\" data-id=\"700d888\" data-element_type=\"widget\" data-e-type=\"widget\" data-widget_type=\"image.default\">\n\t\t\t\t<div class=\"elementor-widget-container\">\n\t\t\t\t\t\t\t\t\t\t\t\t\t\t\t\t<a href=\"https:\/\/www.portovenere.fr\/fr-fr\/carrelage-sol-et-mur-en-gres-cerame-et-faience\/carrelage-aspect-pierre\/carrelage-aspect-pierre-ardoise-cinama-stone\/\">\n\t\t\t\t\t\t\t<img decoding=\"async\" src=\"https:\/\/www.portovenere.fr\/fr-fr\/wp-content\/uploads\/elementor\/thumbs\/Carrelage-gres-cerame-pour-sol-et-muraspect-pierre-ardoise-claire-CINAMA-STONE-Slate-Sand-120x120-cm-magasin-Porto-Venere-pres-de-La-Grande-Motte-34-r94n83kxonnv14xoirke8cgvk1pcphzg0qwrsou21s.jpg\" title=\"Carrelage-gr\u00e8s-c\u00e9rame-pour-sol-et-muraspect-pierre-ardoise-claire-CINAMA-STONE-Slate-Sand-120&#215;120-cm-magasin-Porto-Venere-pr\u00e8s-de-La-Grande-Motte-34\" alt=\"Slate Sand 120x120 cm\" loading=\"lazy\" \/>\t\t\t\t\t\t\t\t<\/a>\n\t\t\t\t\t\t\t\t\t\t\t\t\t\t\t<\/div>\n\t\t\t\t<\/div>\n\t\t\t\t<div class=\"elementor-element elementor-element-9d127cd elementor-widget elementor-widget-heading\" data-id=\"9d127cd\" data-element_type=\"widget\" data-e-type=\"widget\" data-widget_type=\"heading.default\">\n\t\t\t\t<div class=\"elementor-widget-container\">\n\t\t\t\t\t<h3 class=\"elementor-heading-title elementor-size-default\"><a href=\"https:\/\/www.portovenere.fr\/fr-fr\/carrelage-sol-et-mur-en-gres-cerame-et-faience\/carrelage-aspect-pierre\/carrelage-aspect-pierre-ardoise-cinama-stone\/\">CINAMA STONE | 6 coloris<\/a><\/h3>\t\t\t\t<\/div>\n\t\t\t\t<\/div>\n\t\t\t\t<div class=\"elementor-element elementor-element-3b2207a elementor-widget__width-initial elementor-widget elementor-widget-gallery\" data-id=\"3b2207a\" data-element_type=\"widget\" data-e-type=\"widget\" data-settings=\"{&quot;gap&quot;:{&quot;unit&quot;:&quot;px&quot;,&quot;size&quot;:3,&quot;sizes&quot;:[]},&quot;columns_mobile&quot;:3,&quot;gap_mobile&quot;:{&quot;unit&quot;:&quot;px&quot;,&quot;size&quot;:6,&quot;sizes&quot;:[]},&quot;columns&quot;:5,&quot;columns_tablet&quot;:3,&quot;gap_tablet&quot;:{&quot;unit&quot;:&quot;px&quot;,&quot;size&quot;:5,&quot;sizes&quot;:[]},&quot;lazyload&quot;:&quot;yes&quot;,&quot;gallery_layout&quot;:&quot;grid&quot;,&quot;aspect_ratio&quot;:&quot;3:2&quot;,&quot;overlay_background&quot;:&quot;yes&quot;,&quot;content_hover_animation&quot;:&quot;fade-in&quot;}\" data-widget_type=\"gallery.default\">\n\t\t\t\t<div class=\"elementor-widget-container\">\n\t\t\t\t\t\t\t<div class=\"elementor-gallery__container\">\n\t\t\t\t\t\t\t<div class=\"e-gallery-item elementor-gallery-item elementor-animated-content\">\n\t\t\t\t\t<div class=\"e-gallery-image elementor-gallery-item__image\" data-thumbnail=\"https:\/\/www.portovenere.fr\/fr-fr\/wp-content\/uploads\/2025\/07\/Carrelage-gris-type-pierre-ardoise-pour-sol-et-mur-en-gres-cerame-CINAMA-STONE-Slate-grey-magasin-pres-de-Lunel-34-150x150.jpg\" data-width=\"150\" data-height=\"150\" aria-label=\"\" role=\"img\" ><\/div>\n\t\t\t\t\t\t\t\t\t\t\t<div class=\"elementor-gallery-item__overlay\"><\/div>\n\t\t\t\t\t\t\t\t\t\t\t\t\t\t<\/div>\n\t\t\t\t\t\t\t<div class=\"e-gallery-item elementor-gallery-item elementor-animated-content\">\n\t\t\t\t\t<div class=\"e-gallery-image elementor-gallery-item__image\" data-thumbnail=\"https:\/\/www.portovenere.fr\/fr-fr\/wp-content\/uploads\/2025\/07\/Carrelage-gris-clair-type-pierre-ardoise-pour-sol-et-mur-en-gres-cerame-CINAMA-STONE-Slate-light-grey-magasin-pres-de-Balaruc-34-150x150.jpg\" data-width=\"150\" data-height=\"150\" aria-label=\"\" role=\"img\" ><\/div>\n\t\t\t\t\t\t\t\t\t\t\t<div class=\"elementor-gallery-item__overlay\"><\/div>\n\t\t\t\t\t\t\t\t\t\t\t\t\t\t<\/div>\n\t\t\t\t\t\t\t<div class=\"e-gallery-item elementor-gallery-item elementor-animated-content\">\n\t\t\t\t\t<div class=\"e-gallery-image elementor-gallery-item__image\" data-thumbnail=\"https:\/\/www.portovenere.fr\/fr-fr\/wp-content\/uploads\/2025\/07\/Carrelage-fonce-type-pierre-ardoise-pour-sol-et-mur-en-gres-cerame-CINAMA-STONE-Slate-black-noir-magasin-pres-de-Palavas-34-150x150.jpg\" data-width=\"150\" data-height=\"150\" aria-label=\"\" role=\"img\" ><\/div>\n\t\t\t\t\t\t\t\t\t\t\t<div class=\"elementor-gallery-item__overlay\"><\/div>\n\t\t\t\t\t\t\t\t\t\t\t\t\t\t<\/div>\n\t\t\t\t\t\t\t<div class=\"e-gallery-item elementor-gallery-item elementor-animated-content\">\n\t\t\t\t\t<div class=\"e-gallery-image elementor-gallery-item__image\" data-thumbnail=\"https:\/\/www.portovenere.fr\/fr-fr\/wp-content\/uploads\/2025\/07\/Carrelage-clair-type-pierre-ardoise-pour-sol-et-mur-en-gres-cerame-CINAMA-STONE-Slate-white-magasin-pres-de-Gigean-34-150x150.jpg\" data-width=\"150\" data-height=\"150\" aria-label=\"\" role=\"img\" ><\/div>\n\t\t\t\t\t\t\t\t\t\t\t<div class=\"elementor-gallery-item__overlay\"><\/div>\n\t\t\t\t\t\t\t\t\t\t\t\t\t\t<\/div>\n\t\t\t\t\t\t\t<div class=\"e-gallery-item elementor-gallery-item elementor-animated-content\">\n\t\t\t\t\t<div class=\"e-gallery-image elementor-gallery-item__image\" data-thumbnail=\"https:\/\/www.portovenere.fr\/fr-fr\/wp-content\/uploads\/2025\/07\/Carrelage-clair-sable-type-pierre-ardoise-pour-sol-et-mur-en-gres-cerame-CINAMA-STONE-Sand-magasin-a-Montpellier-34-150x150.jpg\" data-width=\"150\" data-height=\"150\" aria-label=\"\" role=\"img\" ><\/div>\n\t\t\t\t\t\t\t\t\t\t\t<div class=\"elementor-gallery-item__overlay\"><\/div>\n\t\t\t\t\t\t\t\t\t\t\t\t\t\t<\/div>\n\t\t\t\t\t\t\t<div class=\"e-gallery-item elementor-gallery-item elementor-animated-content\">\n\t\t\t\t\t<div class=\"e-gallery-image elementor-gallery-item__image\" data-thumbnail=\"https:\/\/www.portovenere.fr\/fr-fr\/wp-content\/uploads\/2025\/07\/Carrelage-blanc-clair-type-pierre-ardoise-pour-sol-et-mur-en-gres-cerame-CINAMA-STONE-Superwhite-magasin-pres-de-Perols-34-150x150.jpg\" data-width=\"150\" data-height=\"150\" aria-label=\"\" role=\"img\" ><\/div>\n\t\t\t\t\t\t\t\t\t\t\t<div class=\"elementor-gallery-item__overlay\"><\/div>\n\t\t\t\t\t\t\t\t\t\t\t\t\t\t<\/div>\n\t\t\t\t\t<\/div>\n\t\t\t\t\t<\/div>\n\t\t\t\t<\/div>\n\t\t\t\t<div class=\"elementor-element elementor-element-db4fa2f elementor-widget elementor-widget-text-editor\" data-id=\"db4fa2f\" data-element_type=\"widget\" data-e-type=\"widget\" data-widget_type=\"text-editor.default\">\n\t\t\t\t<div class=\"elementor-widget-container\">\n\t\t\t\t\t\t\t\t\t<p data-start=\"74\" data-end=\"212\">Le carrelage effet pierre ardoise&nbsp;<strong data-start=\"100\" data-end=\"116\">CINAMA STONE<\/strong> en gr\u00e8s c\u00e9rame s\u2019adapte \u00e0 une pose <strong data-start=\"152\" data-end=\"172\">murale ou au sol<\/strong>, <strong data-start=\"174\" data-end=\"209\">en int\u00e9rieur comme en ext\u00e9rieur<\/strong>.<\/p>\n<p data-start=\"214\" data-end=\"417\">D\u00e9clin\u00e9 en <strong data-start=\"225\" data-end=\"252\">6 coloris effet ardoise<\/strong> \u2013 du super blanc \u00e0 l\u2019anthracite \u2013 il propose <strong data-start=\"298\" data-end=\"316\">deux finitions<\/strong> pour une continuit\u00e9 parfaite entre les espaces : <strong data-start=\"366\" data-end=\"381\">Naturel R10<\/strong> et <strong data-start=\"385\" data-end=\"414\">Technica antid\u00e9rapant R11<\/strong>.<\/p>\n<p data-start=\"419\" data-end=\"664\">Sa large gamme de <strong data-start=\"437\" data-end=\"461\">formats et mosa\u00efques<\/strong> permet de s&rsquo;int\u00e9grer \u00e0 tous les projets d\u2019am\u00e9nagement : <strong data-start=\"518\" data-end=\"584\">10&#215;30, 30&#215;60, 60&#215;60, 60&#215;120, 45&#215;90, 90&#215;90, 100&#215;100, 120&#215;120 cm<\/strong>, jusqu\u2019au <strong data-start=\"595\" data-end=\"622\">grand format 120&#215;278 cm<\/strong> en fine \u00e9paisseur <strong data-start=\"641\" data-end=\"661\">6,5 mm renforc\u00e9e<\/strong>.<\/p>\n<p data-start=\"666\" data-end=\"908\">L\u2019effet ardoise <strong data-start=\"682\" data-end=\"698\">CINAMA STONE<\/strong> est \u00e9galement propos\u00e9 en dalles antid\u00e9rapantes <strong data-start=\"746\" data-end=\"755\">20 mm<\/strong> pour l&rsquo;ext\u00e9rieur, id\u00e9ales pour une <strong data-start=\"791\" data-end=\"805\">pose \u00e0 sec<\/strong> (sur sable, herbe ou gravier), <strong data-start=\"837\" data-end=\"850\">sur plots<\/strong> ou <strong data-start=\"854\" data-end=\"864\">coll\u00e9e<\/strong> sur chape b\u00e9ton, en <strong data-start=\"885\" data-end=\"907\">60&#215;60 et 60&#215;120 cm<\/strong>.<\/p>\t\t\t\t\t\t\t\t<\/div>\n\t\t\t\t<\/div>\n\t\t\t\t<div class=\"elementor-element elementor-element-567fbb6 elementor-mobile-align-center elementor-align-left elementor-widget elementor-widget-button\" data-id=\"567fbb6\" data-element_type=\"widget\" data-e-type=\"widget\" data-widget_type=\"button.default\">\n\t\t\t\t<div class=\"elementor-widget-container\">\n\t\t\t\t\t\t\t\t\t<div class=\"elementor-button-wrapper\">\n\t\t\t\t\t<a class=\"elementor-button elementor-button-link elementor-size-sm\" href=\"https:\/\/www.portovenere.fr\/fr-fr\/carrelage-sol-et-mur-en-gres-cerame-et-faience\/carrelage-aspect-pierre\/carrelage-aspect-pierre-ardoise-cinama-stone\/\">\n\t\t\t\t\t\t<span class=\"elementor-button-content-wrapper\">\n\t\t\t\t\t\t\t\t\t<span class=\"elementor-button-text\">Voir la collection<\/span>\n\t\t\t\t\t<\/span>\n\t\t\t\t\t<\/a>\n\t\t\t\t<\/div>\n\t\t\t\t\t\t\t\t<\/div>\n\t\t\t\t<\/div>\n\t\t\t\t\t<\/div>\n\t\t<\/div>\n\t\t\t\t<div class=\"elementor-column elementor-col-33 elementor-top-column elementor-element elementor-element-6fb35e6\" data-id=\"6fb35e6\" data-element_type=\"column\" data-e-type=\"column\" data-settings=\"{&quot;background_background&quot;:&quot;classic&quot;}\">\n\t\t\t<div class=\"elementor-widget-wrap elementor-element-populated\">\n\t\t\t\t\t\t<div class=\"elementor-element elementor-element-a69299d elementor-widget elementor-widget-image\" data-id=\"a69299d\" data-element_type=\"widget\" data-e-type=\"widget\" data-widget_type=\"image.default\">\n\t\t\t\t<div class=\"elementor-widget-container\">\n\t\t\t\t\t\t\t\t\t\t\t\t\t\t\t\t<a href=\"https:\/\/www.portovenere.fr\/fr-fr\/carrelage-sol-et-mur-en-gres-cerame-et-faience\/carrelage-aspect-pierre\/carrelage-sol-et-mur-aspect-pierre-endoua\/\">\n\t\t\t\t\t\t\t<img decoding=\"async\" src=\"https:\/\/www.portovenere.fr\/fr-fr\/wp-content\/uploads\/elementor\/thumbs\/Carrelage-terrasse-en-gres-cerame-imitation-pierre-gris-clair-ENDOUA-coloris-Ash-pour-sol-et-mur-Magasin-Porto-Venere-Montpellier-proche-Carnon-34-rcwfwjvi0k29by2u7gz7w9i3ihb1a9tleif33f2k80.jpg\" title=\"Carrelage-terrasse-en-gr\u00e8s-c\u00e9rame-imitation-pierre-gris-clair-ENDOUA-coloris-Ash-pour-sol-et-mur-Magasin-Porto-Venere-Montpellier-proche-Carnon-34\" alt=\"Carrelage terrasse effet pierre grise 60x120 cm en gr\u00e8s c\u00e9rame ENDOUA Ash magasin Porto Venere \u00e0 Montpellier 34\" loading=\"lazy\" \/>\t\t\t\t\t\t\t\t<\/a>\n\t\t\t\t\t\t\t\t\t\t\t\t\t\t\t<\/div>\n\t\t\t\t<\/div>\n\t\t\t\t<div class=\"elementor-element elementor-element-9fef5ca elementor-widget elementor-widget-heading\" data-id=\"9fef5ca\" data-element_type=\"widget\" data-e-type=\"widget\" data-widget_type=\"heading.default\">\n\t\t\t\t<div class=\"elementor-widget-container\">\n\t\t\t\t\t<h3 class=\"elementor-heading-title elementor-size-default\"><a href=\"https:\/\/www.portovenere.fr\/fr-fr\/carrelage-sol-et-mur-en-gres-cerame-et-faience\/carrelage-aspect-pierre\/carrelage-sol-et-mur-aspect-pierre-endoua\/\">ENDOUA | 4 coloris<\/a><\/h3>\t\t\t\t<\/div>\n\t\t\t\t<\/div>\n\t\t\t\t<div class=\"elementor-element elementor-element-ca9841e elementor-widget__width-initial elementor-widget elementor-widget-gallery\" data-id=\"ca9841e\" data-element_type=\"widget\" data-e-type=\"widget\" data-settings=\"{&quot;gap&quot;:{&quot;unit&quot;:&quot;px&quot;,&quot;size&quot;:3,&quot;sizes&quot;:[]},&quot;columns_mobile&quot;:3,&quot;gap_mobile&quot;:{&quot;unit&quot;:&quot;px&quot;,&quot;size&quot;:6,&quot;sizes&quot;:[]},&quot;columns&quot;:5,&quot;columns_tablet&quot;:3,&quot;gap_tablet&quot;:{&quot;unit&quot;:&quot;px&quot;,&quot;size&quot;:5,&quot;sizes&quot;:[]},&quot;lazyload&quot;:&quot;yes&quot;,&quot;gallery_layout&quot;:&quot;grid&quot;,&quot;aspect_ratio&quot;:&quot;3:2&quot;,&quot;overlay_background&quot;:&quot;yes&quot;,&quot;content_hover_animation&quot;:&quot;fade-in&quot;}\" data-widget_type=\"gallery.default\">\n\t\t\t\t<div class=\"elementor-widget-container\">\n\t\t\t\t\t\t\t<div class=\"elementor-gallery__container\">\n\t\t\t\t\t\t\t<div class=\"e-gallery-item elementor-gallery-item elementor-animated-content\">\n\t\t\t\t\t<div class=\"e-gallery-image elementor-gallery-item__image\" data-thumbnail=\"https:\/\/www.portovenere.fr\/fr-fr\/wp-content\/uploads\/2025\/10\/Carrelage-en-gres-cerame-imitation-pierre-contemporaine-beige-sable-clair-ENDOUA-coloris-Desert-pour-sol-et-mur-Magasin-Porto-venere-pres-de-Lattes-34-150x150.jpg\" data-width=\"150\" data-height=\"150\" aria-label=\"Carrelage coloris pierre clair ENDOUA Desert\" role=\"img\" ><\/div>\n\t\t\t\t\t\t\t\t\t\t\t<div class=\"elementor-gallery-item__overlay\"><\/div>\n\t\t\t\t\t\t\t\t\t\t\t\t\t\t<\/div>\n\t\t\t\t\t\t\t<div class=\"e-gallery-item elementor-gallery-item elementor-animated-content\">\n\t\t\t\t\t<div class=\"e-gallery-image elementor-gallery-item__image\" data-thumbnail=\"https:\/\/www.portovenere.fr\/fr-fr\/wp-content\/uploads\/2025\/10\/Carrelage-en-gres-cerame-imitation-pierre-contemporaine-gris-fonce-ENDOUA-coloris-Rock-pour-sol-et-mur-Magasin-Porto-venere-pres-de-Poussan-34-150x150.jpg\" data-width=\"150\" data-height=\"150\" aria-label=\"Carrelage coloris pierre grise ENDOUA Rock\" role=\"img\" ><\/div>\n\t\t\t\t\t\t\t\t\t\t\t<div class=\"elementor-gallery-item__overlay\"><\/div>\n\t\t\t\t\t\t\t\t\t\t\t\t\t\t<\/div>\n\t\t\t\t\t\t\t<div class=\"e-gallery-item elementor-gallery-item elementor-animated-content\">\n\t\t\t\t\t<div class=\"e-gallery-image elementor-gallery-item__image\" data-thumbnail=\"https:\/\/www.portovenere.fr\/fr-fr\/wp-content\/uploads\/2025\/10\/Carrelage-en-gres-cerame-imitation-pierre-contemporaine-gris-clair-ENDOUA-coloris-Ash-pour-sol-et-mur-Magasin-Porto-venere-pres-de-Mireval-34-150x150.jpg\" data-width=\"150\" data-height=\"150\" aria-label=\"Carrelage coloris pierre grise ENDOUA Ash\" role=\"img\" ><\/div>\n\t\t\t\t\t\t\t\t\t\t\t<div class=\"elementor-gallery-item__overlay\"><\/div>\n\t\t\t\t\t\t\t\t\t\t\t\t\t\t<\/div>\n\t\t\t\t\t\t\t<div class=\"e-gallery-item elementor-gallery-item elementor-animated-content\">\n\t\t\t\t\t<div class=\"e-gallery-image elementor-gallery-item__image\" data-thumbnail=\"https:\/\/www.portovenere.fr\/fr-fr\/wp-content\/uploads\/2025\/10\/Carrelage-en-gres-cerame-imitation-pierre-contemporaine-beige-sable-fonce-ENDOUA-coloris-Tan-pour-sol-et-mur-Magasin-Porto-venere-pres-de-Castries-34-150x150.jpg\" data-width=\"150\" data-height=\"150\" aria-label=\"Carrelage coloris pierre beige ENDOUA Tan\" role=\"img\" ><\/div>\n\t\t\t\t\t\t\t\t\t\t\t<div class=\"elementor-gallery-item__overlay\"><\/div>\n\t\t\t\t\t\t\t\t\t\t\t\t\t\t<\/div>\n\t\t\t\t\t<\/div>\n\t\t\t\t\t<\/div>\n\t\t\t\t<\/div>\n\t\t\t\t<div class=\"elementor-element elementor-element-10c2288 elementor-widget elementor-widget-text-editor\" data-id=\"10c2288\" data-element_type=\"widget\" data-e-type=\"widget\" data-widget_type=\"text-editor.default\">\n\t\t\t\t<div class=\"elementor-widget-container\">\n\t\t\t\t\t\t\t\t\t<p data-start=\"74\" data-end=\"212\">La collection <strong data-start=\"1921\" data-end=\"1931\">ENDOUA<\/strong> en gr\u00e8s c\u00e9rame aspect pierre combine esth\u00e9tique naturelle et robustesse technique. D\u00e9clin\u00e9e en formats<b> 30&#215;60, 60&#215;60 et 60&#215;120 cm<\/b>, bords rectifi\u00e9s droits ou non rectifi\u00e9s, elle s\u2019adapte \u00e0 tous les projets, en<b> int\u00e9rieur comme en ext\u00e9rieur<\/b>. Ses coloris neutres et raffin\u00e9s <b>dans les teintes de gris et beige<\/b> \u2013 Ash, Rock, Desert et Tan\u2013 offrent une grande libert\u00e9 d\u2019am\u00e9nagement. Gr\u00e2ce \u00e0 sa qualit\u00e9 de fabrication et son <span data-start=\"2276\" data-end=\"2310\"><b>excellent rapport qualit\u00e9\/prix<\/b><\/span>, ENDOUA est une solution \u00e9l\u00e9gante et durable pour sublimer<b> sols et murs<\/b> avec une touche min\u00e9rale contemporaine.<\/p>\t\t\t\t\t\t\t\t<\/div>\n\t\t\t\t<\/div>\n\t\t\t\t<div class=\"elementor-element elementor-element-648a977 elementor-mobile-align-center elementor-align-left elementor-widget elementor-widget-button\" data-id=\"648a977\" data-element_type=\"widget\" data-e-type=\"widget\" data-widget_type=\"button.default\">\n\t\t\t\t<div class=\"elementor-widget-container\">\n\t\t\t\t\t\t\t\t\t<div class=\"elementor-button-wrapper\">\n\t\t\t\t\t<a class=\"elementor-button elementor-button-link elementor-size-sm\" href=\"https:\/\/www.portovenere.fr\/fr-fr\/carrelage-sol-et-mur-en-gres-cerame-et-faience\/carrelage-aspect-pierre\/carrelage-sol-et-mur-aspect-pierre-endoua\/\">\n\t\t\t\t\t\t<span class=\"elementor-button-content-wrapper\">\n\t\t\t\t\t\t\t\t\t<span class=\"elementor-button-text\">Voir la collection<\/span>\n\t\t\t\t\t<\/span>\n\t\t\t\t\t<\/a>\n\t\t\t\t<\/div>\n\t\t\t\t\t\t\t\t<\/div>\n\t\t\t\t<\/div>\n\t\t\t\t\t<\/div>\n\t\t<\/div>\n\t\t\t\t<div class=\"elementor-column elementor-col-33 elementor-top-column elementor-element elementor-element-114208a elementor-invisible\" data-id=\"114208a\" data-element_type=\"column\" data-e-type=\"column\" data-settings=\"{&quot;animation&quot;:&quot;fadeIn&quot;,&quot;background_background&quot;:&quot;classic&quot;}\">\n\t\t\t<div class=\"elementor-widget-wrap elementor-element-populated\">\n\t\t\t\t\t\t<div class=\"elementor-element elementor-element-bba3238 elementor-widget elementor-widget-image\" data-id=\"bba3238\" data-element_type=\"widget\" data-e-type=\"widget\" data-widget_type=\"image.default\">\n\t\t\t\t<div class=\"elementor-widget-container\">\n\t\t\t\t\t\t\t\t\t\t\t\t\t\t\t\t<a href=\"https:\/\/www.portovenere.fr\/fr-fr\/carrelage-sol-et-mur-en-gres-cerame-et-faience\/carrelage-aspect-pierre\/carrelage-haut-de-gamme-falgrande\/\">\n\t\t\t\t\t\t\t<img decoding=\"async\" src=\"https:\/\/www.portovenere.fr\/fr-fr\/wp-content\/uploads\/elementor\/thumbs\/Carrelage-haut-de-gamme-effet-pierre-naturelle-FALGRANDE-magasin-revetements-pour-sols-et-murs-Porto-Venere-a-Montpellier-34-rep78knfmaenw9sa3eofzqofmkk4gw1a7ut22dofeg.jpg\" title=\"Carrelage-haut-de-gamme-effet-pierre-naturelle-FALGRANDE-magasin-rev\u00eatements-pour-sols-et-murs-Porto-Venere-\u00e0-Montpellier-34\" alt=\"Carrelage clair effet pierre naturelle qualit\u00e9 haut de gamme FALGRANDE pour int\u00e9rieur et ext\u00e9rieur Magasin Porto Venere \u00e0 Montpellier dans l&#039;H\u00e9rault\" loading=\"lazy\" \/>\t\t\t\t\t\t\t\t<\/a>\n\t\t\t\t\t\t\t\t\t\t\t\t\t\t\t<\/div>\n\t\t\t\t<\/div>\n\t\t\t\t<section class=\"elementor-section elementor-inner-section elementor-element elementor-element-490725c elementor-section-boxed elementor-section-height-default elementor-section-height-default elementor-invisible\" data-id=\"490725c\" data-element_type=\"section\" data-e-type=\"section\" data-settings=\"{&quot;background_background&quot;:&quot;classic&quot;,&quot;animation&quot;:&quot;fadeIn&quot;}\">\n\t\t\t\t\t\t<div class=\"elementor-container elementor-column-gap-default\">\n\t\t\t\t\t<div class=\"elementor-column elementor-col-100 elementor-inner-column elementor-element elementor-element-1cd3f1d\" data-id=\"1cd3f1d\" data-element_type=\"column\" data-e-type=\"column\">\n\t\t\t<div class=\"elementor-widget-wrap elementor-element-populated\">\n\t\t\t\t\t\t<div class=\"elementor-element elementor-element-4803683 elementor-widget elementor-widget-heading\" data-id=\"4803683\" data-element_type=\"widget\" data-e-type=\"widget\" data-widget_type=\"heading.default\">\n\t\t\t\t<div class=\"elementor-widget-container\">\n\t\t\t\t\t<h3 class=\"elementor-heading-title elementor-size-default\"><a href=\"https:\/\/www.portovenere.fr\/fr-fr\/carrelage-sol-et-mur-en-gres-cerame-et-faience\/carrelage-aspect-pierre\/carrelage-haut-de-gamme-falgrande\/\">FALGRANDE | 3 coloris <\/a><\/h3>\t\t\t\t<\/div>\n\t\t\t\t<\/div>\n\t\t\t\t<div class=\"elementor-element elementor-element-b5afe1c elementor-widget__width-initial elementor-widget elementor-widget-gallery\" data-id=\"b5afe1c\" data-element_type=\"widget\" data-e-type=\"widget\" data-settings=\"{&quot;gap&quot;:{&quot;unit&quot;:&quot;px&quot;,&quot;size&quot;:3,&quot;sizes&quot;:[]},&quot;columns_mobile&quot;:3,&quot;gap_mobile&quot;:{&quot;unit&quot;:&quot;px&quot;,&quot;size&quot;:6,&quot;sizes&quot;:[]},&quot;columns&quot;:5,&quot;columns_tablet&quot;:3,&quot;gap_tablet&quot;:{&quot;unit&quot;:&quot;px&quot;,&quot;size&quot;:5,&quot;sizes&quot;:[]},&quot;lazyload&quot;:&quot;yes&quot;,&quot;gallery_layout&quot;:&quot;grid&quot;,&quot;aspect_ratio&quot;:&quot;3:2&quot;,&quot;overlay_background&quot;:&quot;yes&quot;,&quot;content_hover_animation&quot;:&quot;fade-in&quot;}\" data-widget_type=\"gallery.default\">\n\t\t\t\t<div class=\"elementor-widget-container\">\n\t\t\t\t\t\t\t<div class=\"elementor-gallery__container\">\n\t\t\t\t\t\t\t<div class=\"e-gallery-item elementor-gallery-item elementor-animated-content\">\n\t\t\t\t\t<div class=\"e-gallery-image elementor-gallery-item__image\" data-thumbnail=\"https:\/\/www.portovenere.fr\/fr-fr\/wp-content\/uploads\/2025\/11\/Carrelage-haut-de-gamme-effet-pierre-naturelle-claire-FALGRANDE-magasin-revetements-pour-sols-et-murs-Porto-Venere-a-Montpellier-34-150x150.jpg\" data-width=\"150\" data-height=\"150\" aria-label=\"Carrelage haut de gamme finition pierre naturelle Falgrande magasin de carrelage gr\u00e8s c\u00e9rame \u00e0 Montpellier dans l&#039;H\u00e9rault\" role=\"img\" ><\/div>\n\t\t\t\t\t\t\t\t\t\t\t<div class=\"elementor-gallery-item__overlay\"><\/div>\n\t\t\t\t\t\t\t\t\t\t\t\t\t\t<\/div>\n\t\t\t\t\t\t\t<div class=\"e-gallery-item elementor-gallery-item elementor-animated-content\">\n\t\t\t\t\t<div class=\"e-gallery-image elementor-gallery-item__image\" data-thumbnail=\"https:\/\/www.portovenere.fr\/fr-fr\/wp-content\/uploads\/2025\/11\/Carrelage-haut-de-gamme-effet-pierre-naturelle-claire-FALGRANDE-magasin-revetements-pour-sols-et-murs-Porto_Venere_Montpellier-pres-de-Sete-34-150x150.jpg\" data-width=\"150\" data-height=\"150\" aria-label=\"Carrelage haut de gamme finition pierre naturelle Falgrande magasin de carrelage gr\u00e8s c\u00e9rame \u00e0 Montpellier dans l&#039;H\u00e9rault\" role=\"img\" ><\/div>\n\t\t\t\t\t\t\t\t\t\t\t<div class=\"elementor-gallery-item__overlay\"><\/div>\n\t\t\t\t\t\t\t\t\t\t\t\t\t\t<\/div>\n\t\t\t\t\t\t\t<div class=\"e-gallery-item elementor-gallery-item elementor-animated-content\">\n\t\t\t\t\t<div class=\"e-gallery-image elementor-gallery-item__image\" data-thumbnail=\"https:\/\/www.portovenere.fr\/fr-fr\/wp-content\/uploads\/2025\/11\/Carrelage-haut-de-gamme-effet-pierre-naturelle-claire-FALGRANDE-magasin-revetements-pour-sols-et-murs-Porto_Venere_Montpellier-pres-de-Jacou-34-150x150.jpg\" data-width=\"150\" data-height=\"150\" aria-label=\"Carrelage haut de gamme finition pierre naturelle Falgrande magasin de carrelage gr\u00e8s c\u00e9rame \u00e0 Montpellier dans l&#039;H\u00e9rault\" role=\"img\" ><\/div>\n\t\t\t\t\t\t\t\t\t\t\t<div class=\"elementor-gallery-item__overlay\"><\/div>\n\t\t\t\t\t\t\t\t\t\t\t\t\t\t<\/div>\n\t\t\t\t\t<\/div>\n\t\t\t\t\t<\/div>\n\t\t\t\t<\/div>\n\t\t\t\t<div class=\"elementor-element elementor-element-618d8f3 elementor-widget elementor-widget-text-editor\" data-id=\"618d8f3\" data-element_type=\"widget\" data-e-type=\"widget\" data-widget_type=\"text-editor.default\">\n\t\t\t\t<div class=\"elementor-widget-container\">\n\t\t\t\t\t\t\t\t\t<p data-sourcepos=\"2:1-2:133\">D\u00e9couvrez <strong data-start=\"91\" data-end=\"104\">FALGRANDE<\/strong>, un <b>gr\u00e8s c\u00e9rame premium effet pierre naturelle<\/b> qui associe \u00e9l\u00e9gance, r\u00e9alisme et performance.\u00a0<\/p><p data-sourcepos=\"2:1-2:133\">D\u00e9clin\u00e9 en <b>trois teintes min\u00e9rales lumineuses<\/b>, il s\u2019int\u00e8gre \u00e0 tous les univers d\u00e9coratifs, du style contemporain aux ambiances plus classiques.\u00a0<\/p><p data-sourcepos=\"2:1-2:133\">Ses<b> grands formats (60\u00d7120, 120\u00d7120 et 100\u00d7100 cm)<\/b> renforcent la sensation d\u2019espace, tandis que les<b> dalles 20 mm antid\u00e9rapantes<\/b> 60\u00d7120 cm r\u00e9pondent parfaitement aux besoins des terrasses et ext\u00e9rieurs.<\/p><p data-sourcepos=\"2:1-2:133\">Propos\u00e9 en<b> finition naturelle ou antid\u00e9rapante R11<\/b>, FALGRANDE convient aussi bien aux sols et murs int\u00e9rieurs qu\u2019aux zones ext\u00e9rieures.\u00a0<\/p><p data-sourcepos=\"2:1-2:133\">Un carrelage polyvalent qui apporte caract\u00e8re, modernit\u00e9 et simplicit\u00e9 d\u2019entretien.<\/p>\t\t\t\t\t\t\t\t<\/div>\n\t\t\t\t<\/div>\n\t\t\t\t<div class=\"elementor-element elementor-element-1713238 elementor-mobile-align-center elementor-widget elementor-widget-button\" data-id=\"1713238\" data-element_type=\"widget\" data-e-type=\"widget\" data-widget_type=\"button.default\">\n\t\t\t\t<div class=\"elementor-widget-container\">\n\t\t\t\t\t\t\t\t\t<div class=\"elementor-button-wrapper\">\n\t\t\t\t\t<a class=\"elementor-button elementor-button-link elementor-size-sm\" href=\"https:\/\/www.portovenere.fr\/fr-fr\/carrelage-sol-et-mur-en-gres-cerame-et-faience\/carrelage-aspect-pierre\/carrelage-haut-de-gamme-falgrande\/\">\n\t\t\t\t\t\t<span class=\"elementor-button-content-wrapper\">\n\t\t\t\t\t\t\t\t\t<span class=\"elementor-button-text\">Voir la collection<\/span>\n\t\t\t\t\t<\/span>\n\t\t\t\t\t<\/a>\n\t\t\t\t<\/div>\n\t\t\t\t\t\t\t\t<\/div>\n\t\t\t\t<\/div>\n\t\t\t\t\t<\/div>\n\t\t<\/div>\n\t\t\t\t\t<\/div>\n\t\t<\/section>\n\t\t\t\t\t<\/div>\n\t\t<\/div>\n\t\t\t\t\t<\/div>\n\t\t<\/section>\n\t\t\t\t<section class=\"elementor-section elementor-top-section elementor-element elementor-element-8f9068e elementor-section-full_width elementor-section-height-default elementor-section-height-default\" data-id=\"8f9068e\" data-element_type=\"section\" data-e-type=\"section\">\n\t\t\t\t\t\t<div class=\"elementor-container elementor-column-gap-default\">\n\t\t\t\t\t<div class=\"elementor-column elementor-col-33 elementor-top-column elementor-element elementor-element-5ac526a\" data-id=\"5ac526a\" data-element_type=\"column\" data-e-type=\"column\" data-settings=\"{&quot;background_background&quot;:&quot;classic&quot;}\">\n\t\t\t<div class=\"elementor-widget-wrap elementor-element-populated\">\n\t\t\t\t\t\t<div class=\"elementor-element elementor-element-42f0d3c elementor-widget elementor-widget-image\" data-id=\"42f0d3c\" data-element_type=\"widget\" data-e-type=\"widget\" data-widget_type=\"image.default\">\n\t\t\t\t<div class=\"elementor-widget-container\">\n\t\t\t\t\t\t\t\t\t\t\t\t\t\t\t\t<a href=\"https:\/\/www.portovenere.fr\/fr-fr\/carrelage-sol-et-mur-en-gres-cerame-et-faience\/carrelage-aspect-pierre\/carrelage-effet-pierre-pour-interieur-et-exterieur-artiglio\/\">\n\t\t\t\t\t\t\t<img decoding=\"async\" src=\"https:\/\/www.portovenere.fr\/fr-fr\/wp-content\/uploads\/elementor\/thumbs\/Carrelage-gres-cerame-en-dalles-antiderapantes-2-cm-effet-pierre-quartz-de-qualite-ARTIGLIO-plusieurs-formats-Magasin-Porto-Venere-pres-de-Saint-Clement-de-Riviere-34-rfm493x0czgtagg2edg9pfap3dwfywsr0lijt3s728.jpg\" title=\"Carrelage-gr\u00e8s-c\u00e9rame-en-dalles-antid\u00e9rapantes-2-cm-effet-pierre-quartz-de-qualit\u00e9-ARTIGLIO-plusieurs-formats-Magasin-Porto-Venere-pr\u00e8s-de-Saint-Cl\u00e9ment-de-Rivi\u00e8re-34\" alt=\"Carrelage antid\u00e9rapant pour terrasse en gr\u00e8s c\u00e9rame effet pierre quartz de qualit\u00e9 ARTIGLIO Magasin Porto Venere Montpellier\" loading=\"lazy\" \/>\t\t\t\t\t\t\t\t<\/a>\n\t\t\t\t\t\t\t\t\t\t\t\t\t\t\t<\/div>\n\t\t\t\t<\/div>\n\t\t\t\t<div class=\"elementor-element elementor-element-efec09e elementor-widget elementor-widget-heading\" data-id=\"efec09e\" data-element_type=\"widget\" data-e-type=\"widget\" data-widget_type=\"heading.default\">\n\t\t\t\t<div class=\"elementor-widget-container\">\n\t\t\t\t\t<h3 class=\"elementor-heading-title elementor-size-default\"><a href=\"https:\/\/www.portovenere.fr\/fr-fr\/carrelage-sol-et-mur-en-gres-cerame-et-faience\/carrelage-aspect-pierre\/carrelage-effet-pierre-pour-interieur-et-exterieur-artiglio\/\">ARTIGLIO | 5 coloris &amp; d\u00e9cors<\/a><\/h3>\t\t\t\t<\/div>\n\t\t\t\t<\/div>\n\t\t\t\t<div class=\"elementor-element elementor-element-8d12244 elementor-widget__width-initial elementor-widget elementor-widget-gallery\" data-id=\"8d12244\" data-element_type=\"widget\" data-e-type=\"widget\" data-settings=\"{&quot;gap&quot;:{&quot;unit&quot;:&quot;px&quot;,&quot;size&quot;:3,&quot;sizes&quot;:[]},&quot;columns_mobile&quot;:3,&quot;gap_mobile&quot;:{&quot;unit&quot;:&quot;px&quot;,&quot;size&quot;:6,&quot;sizes&quot;:[]},&quot;columns&quot;:5,&quot;columns_tablet&quot;:5,&quot;gap_tablet&quot;:{&quot;unit&quot;:&quot;px&quot;,&quot;size&quot;:5,&quot;sizes&quot;:[]},&quot;lazyload&quot;:&quot;yes&quot;,&quot;gallery_layout&quot;:&quot;grid&quot;,&quot;link_to&quot;:&quot;file&quot;,&quot;aspect_ratio&quot;:&quot;3:2&quot;,&quot;overlay_background&quot;:&quot;yes&quot;,&quot;content_hover_animation&quot;:&quot;fade-in&quot;}\" data-widget_type=\"gallery.default\">\n\t\t\t\t<div class=\"elementor-widget-container\">\n\t\t\t\t\t\t\t<div class=\"elementor-gallery__container\">\n\t\t\t\t\t\t\t<a class=\"e-gallery-item elementor-gallery-item elementor-animated-content\" href=\"https:\/\/www.portovenere.fr\/fr-fr\/wp-content\/uploads\/2025\/12\/Carrelage-gres-cerame-exterieur-et-interieur-effet-pierre-quartz-gris-de-qualite-ARTIGLIO-Grey-plusieurs-formats-Magasin-Porto-Venere-pres-de-Clapiers-34.jpg\" data-elementor-open-lightbox=\"yes\" data-elementor-lightbox-slideshow=\"8d12244\" data-elementor-lightbox-title=\"Carrelage-gr\u00e8s-c\u00e9rame-ext\u00e9rieur-et-int\u00e9rieur-effet-pierre-quartz-gris-de-qualit\u00e9-ARTIGLIO-Grey-plusieurs-formats-Magasin-Porto-Venere-pr\u00e8s-de-Clapiers-34\" data-e-action-hash=\"#elementor-action%3Aaction%3Dlightbox%26settings%3DeyJpZCI6Njc3NjYsInVybCI6Imh0dHBzOlwvXC93d3cucG9ydG92ZW5lcmUuZnJcL2ZyLWZyXC93cC1jb250ZW50XC91cGxvYWRzXC8yMDI1XC8xMlwvQ2FycmVsYWdlLWdyZXMtY2VyYW1lLWV4dGVyaWV1ci1ldC1pbnRlcmlldXItZWZmZXQtcGllcnJlLXF1YXJ0ei1ncmlzLWRlLXF1YWxpdGUtQVJUSUdMSU8tR3JleS1wbHVzaWV1cnMtZm9ybWF0cy1NYWdhc2luLVBvcnRvLVZlbmVyZS1wcmVzLWRlLUNsYXBpZXJzLTM0LmpwZyIsInNsaWRlc2hvdyI6IjhkMTIyNDQifQ%3D%3D\">\n\t\t\t\t\t<div class=\"e-gallery-image elementor-gallery-item__image\" data-thumbnail=\"https:\/\/www.portovenere.fr\/fr-fr\/wp-content\/uploads\/2025\/12\/Carrelage-gres-cerame-exterieur-et-interieur-effet-pierre-quartz-gris-de-qualite-ARTIGLIO-Grey-plusieurs-formats-Magasin-Porto-Venere-pres-de-Clapiers-34-150x150.jpg\" data-width=\"150\" data-height=\"150\" aria-label=\"Carrelage en gr\u00e8s c\u00e9rame effet pierre quartz de qualit\u00e9 pour int\u00e9rieur et ext\u00e9rieur ARTIGLIO Magasin Porto Venere Montpellier\" role=\"img\" ><\/div>\n\t\t\t\t\t\t\t\t\t\t\t<div class=\"elementor-gallery-item__overlay\"><\/div>\n\t\t\t\t\t\t\t\t\t\t\t\t\t\t<\/a>\n\t\t\t\t\t\t\t<a class=\"e-gallery-item elementor-gallery-item elementor-animated-content\" href=\"https:\/\/www.portovenere.fr\/fr-fr\/wp-content\/uploads\/2025\/12\/Carrelage-gres-cerame-exterieur-et-interieur-effet-pierre-quartz-de-qualite-ARTIGLIO-Wild-plusieurs-formats-Magasin-Porto-Venere-pres-de-Perols-34.jpg\" data-elementor-open-lightbox=\"yes\" data-elementor-lightbox-slideshow=\"8d12244\" data-elementor-lightbox-title=\"Carrelage-gr\u00e8s-c\u00e9rame-ext\u00e9rieur-et-int\u00e9rieur-effet-pierre-quartz-de-qualit\u00e9-ARTIGLIO-Wild-plusieurs-formats-Magasin-Porto-Venere-pr\u00e8s-de-P\u00e9rols-34\" data-e-action-hash=\"#elementor-action%3Aaction%3Dlightbox%26settings%3DeyJpZCI6Njc3NjUsInVybCI6Imh0dHBzOlwvXC93d3cucG9ydG92ZW5lcmUuZnJcL2ZyLWZyXC93cC1jb250ZW50XC91cGxvYWRzXC8yMDI1XC8xMlwvQ2FycmVsYWdlLWdyZXMtY2VyYW1lLWV4dGVyaWV1ci1ldC1pbnRlcmlldXItZWZmZXQtcGllcnJlLXF1YXJ0ei1kZS1xdWFsaXRlLUFSVElHTElPLVdpbGQtcGx1c2lldXJzLWZvcm1hdHMtTWFnYXNpbi1Qb3J0by1WZW5lcmUtcHJlcy1kZS1QZXJvbHMtMzQuanBnIiwic2xpZGVzaG93IjoiOGQxMjI0NCJ9\">\n\t\t\t\t\t<div class=\"e-gallery-image elementor-gallery-item__image\" data-thumbnail=\"https:\/\/www.portovenere.fr\/fr-fr\/wp-content\/uploads\/2025\/12\/Carrelage-gres-cerame-exterieur-et-interieur-effet-pierre-quartz-de-qualite-ARTIGLIO-Wild-plusieurs-formats-Magasin-Porto-Venere-pres-de-Perols-34-150x150.jpg\" data-width=\"150\" data-height=\"150\" aria-label=\"Carrelage en gr\u00e8s c\u00e9rame effet pierre quartz de qualit\u00e9 pour int\u00e9rieur et ext\u00e9rieur ARTIGLIO Magasin Porto Venere Montpellier\" role=\"img\" ><\/div>\n\t\t\t\t\t\t\t\t\t\t\t<div class=\"elementor-gallery-item__overlay\"><\/div>\n\t\t\t\t\t\t\t\t\t\t\t\t\t\t<\/a>\n\t\t\t\t\t\t\t<a class=\"e-gallery-item elementor-gallery-item elementor-animated-content\" href=\"https:\/\/www.portovenere.fr\/fr-fr\/wp-content\/uploads\/2025\/12\/Carrelage-gres-cerame-exterieur-et-interieur-effet-pierre-quartz-de-qualite-ARTIGLIO-Sand-Sable-plusieurs-formats-Magasin-Porto-Venere-pres-de-Montferrier-sur-Lez-34.jpg\" data-elementor-open-lightbox=\"yes\" data-elementor-lightbox-slideshow=\"8d12244\" data-elementor-lightbox-title=\"Carrelage-gr\u00e8s-c\u00e9rame-ext\u00e9rieur-et-int\u00e9rieur-effet-pierre-quartz-de-qualit\u00e9-ARTIGLIO-Sand-Sable-plusieurs-formats-Magasin-Porto-Venere-pr\u00e8s-de-Montferrier-sur-Lez-34\" data-e-action-hash=\"#elementor-action%3Aaction%3Dlightbox%26settings%3DeyJpZCI6Njc3NjQsInVybCI6Imh0dHBzOlwvXC93d3cucG9ydG92ZW5lcmUuZnJcL2ZyLWZyXC93cC1jb250ZW50XC91cGxvYWRzXC8yMDI1XC8xMlwvQ2FycmVsYWdlLWdyZXMtY2VyYW1lLWV4dGVyaWV1ci1ldC1pbnRlcmlldXItZWZmZXQtcGllcnJlLXF1YXJ0ei1kZS1xdWFsaXRlLUFSVElHTElPLVNhbmQtU2FibGUtcGx1c2lldXJzLWZvcm1hdHMtTWFnYXNpbi1Qb3J0by1WZW5lcmUtcHJlcy1kZS1Nb250ZmVycmllci1zdXItTGV6LTM0LmpwZyIsInNsaWRlc2hvdyI6IjhkMTIyNDQifQ%3D%3D\">\n\t\t\t\t\t<div class=\"e-gallery-image elementor-gallery-item__image\" data-thumbnail=\"https:\/\/www.portovenere.fr\/fr-fr\/wp-content\/uploads\/2025\/12\/Carrelage-gres-cerame-exterieur-et-interieur-effet-pierre-quartz-de-qualite-ARTIGLIO-Sand-Sable-plusieurs-formats-Magasin-Porto-Venere-pres-de-Montferrier-sur-Lez-34-150x150.jpg\" data-width=\"150\" data-height=\"150\" aria-label=\"Carrelage en gr\u00e8s c\u00e9rame effet pierre quartz de qualit\u00e9 pour int\u00e9rieur et ext\u00e9rieur ARTIGLIO Magasin Porto Venere Montpellier\" role=\"img\" ><\/div>\n\t\t\t\t\t\t\t\t\t\t\t<div class=\"elementor-gallery-item__overlay\"><\/div>\n\t\t\t\t\t\t\t\t\t\t\t\t\t\t<\/a>\n\t\t\t\t\t\t\t<a class=\"e-gallery-item elementor-gallery-item elementor-animated-content\" href=\"https:\/\/www.portovenere.fr\/fr-fr\/wp-content\/uploads\/2025\/12\/Carrelage-gres-cerame-exterieur-et-interieur-effet-pierre-quartz-de-qualite-ARTIGLIO-Greige-plusieurs-formats-Magasin-Porto-Venere-pres-de-Castelnau-le-Lez-34.jpg\" data-elementor-open-lightbox=\"yes\" data-elementor-lightbox-slideshow=\"8d12244\" data-elementor-lightbox-title=\"Carrelage-gr\u00e8s-c\u00e9rame-ext\u00e9rieur-et-int\u00e9rieur-effet-pierre-quartz-de-qualit\u00e9-ARTIGLIO-Greige-plusieurs-formats-Magasin-Porto-Venere-pr\u00e8s-de-Castelnau-le-Lez-34\" data-e-action-hash=\"#elementor-action%3Aaction%3Dlightbox%26settings%3DeyJpZCI6Njc3NjMsInVybCI6Imh0dHBzOlwvXC93d3cucG9ydG92ZW5lcmUuZnJcL2ZyLWZyXC93cC1jb250ZW50XC91cGxvYWRzXC8yMDI1XC8xMlwvQ2FycmVsYWdlLWdyZXMtY2VyYW1lLWV4dGVyaWV1ci1ldC1pbnRlcmlldXItZWZmZXQtcGllcnJlLXF1YXJ0ei1kZS1xdWFsaXRlLUFSVElHTElPLUdyZWlnZS1wbHVzaWV1cnMtZm9ybWF0cy1NYWdhc2luLVBvcnRvLVZlbmVyZS1wcmVzLWRlLUNhc3RlbG5hdS1sZS1MZXotMzQuanBnIiwic2xpZGVzaG93IjoiOGQxMjI0NCJ9\">\n\t\t\t\t\t<div class=\"e-gallery-image elementor-gallery-item__image\" data-thumbnail=\"https:\/\/www.portovenere.fr\/fr-fr\/wp-content\/uploads\/2025\/12\/Carrelage-gres-cerame-exterieur-et-interieur-effet-pierre-quartz-de-qualite-ARTIGLIO-Greige-plusieurs-formats-Magasin-Porto-Venere-pres-de-Castelnau-le-Lez-34-150x150.jpg\" data-width=\"150\" data-height=\"150\" aria-label=\"Carrelage en gr\u00e8s c\u00e9rame effet pierre quartz de qualit\u00e9 pour int\u00e9rieur et ext\u00e9rieur ARTIGLIO Magasin Porto Venere Montpellier\" role=\"img\" ><\/div>\n\t\t\t\t\t\t\t\t\t\t\t<div class=\"elementor-gallery-item__overlay\"><\/div>\n\t\t\t\t\t\t\t\t\t\t\t\t\t\t<\/a>\n\t\t\t\t\t\t\t<a class=\"e-gallery-item elementor-gallery-item elementor-animated-content\" href=\"https:\/\/www.portovenere.fr\/fr-fr\/wp-content\/uploads\/2025\/12\/Carrelage-gres-cerame-exterieur-et-interieur-effet-pierre-quartz-clair-de-qualite-ARTIGLIO-Light-plusieurs-formats-Magasin-Porto-Venere-pres-de-Frontignan-34.jpg\" data-elementor-open-lightbox=\"yes\" data-elementor-lightbox-slideshow=\"8d12244\" data-elementor-lightbox-title=\"Carrelage-gr\u00e8s-c\u00e9rame-ext\u00e9rieur-et-int\u00e9rieur-effet-pierre-quartz-clair-de-qualit\u00e9-ARTIGLIO-Light-plusieurs-formats-Magasin-Porto-Venere-pr\u00e8s-de-Frontignan-34\" data-e-action-hash=\"#elementor-action%3Aaction%3Dlightbox%26settings%3DeyJpZCI6Njc3NjIsInVybCI6Imh0dHBzOlwvXC93d3cucG9ydG92ZW5lcmUuZnJcL2ZyLWZyXC93cC1jb250ZW50XC91cGxvYWRzXC8yMDI1XC8xMlwvQ2FycmVsYWdlLWdyZXMtY2VyYW1lLWV4dGVyaWV1ci1ldC1pbnRlcmlldXItZWZmZXQtcGllcnJlLXF1YXJ0ei1jbGFpci1kZS1xdWFsaXRlLUFSVElHTElPLUxpZ2h0LXBsdXNpZXVycy1mb3JtYXRzLU1hZ2FzaW4tUG9ydG8tVmVuZXJlLXByZXMtZGUtRnJvbnRpZ25hbi0zNC5qcGciLCJzbGlkZXNob3ciOiI4ZDEyMjQ0In0%3D\">\n\t\t\t\t\t<div class=\"e-gallery-image elementor-gallery-item__image\" data-thumbnail=\"https:\/\/www.portovenere.fr\/fr-fr\/wp-content\/uploads\/2025\/12\/Carrelage-gres-cerame-exterieur-et-interieur-effet-pierre-quartz-clair-de-qualite-ARTIGLIO-Light-plusieurs-formats-Magasin-Porto-Venere-pres-de-Frontignan-34-150x150.jpg\" data-width=\"150\" data-height=\"150\" aria-label=\"Carrelage en gr\u00e8s c\u00e9rame effet pierre quartz de qualit\u00e9 pour int\u00e9rieur et ext\u00e9rieur ARTIGLIO Magasin Porto Venere Montpellier\" role=\"img\" ><\/div>\n\t\t\t\t\t\t\t\t\t\t\t<div class=\"elementor-gallery-item__overlay\"><\/div>\n\t\t\t\t\t\t\t\t\t\t\t\t\t\t<\/a>\n\t\t\t\t\t<\/div>\n\t\t\t\t\t<\/div>\n\t\t\t\t<\/div>\n\t\t\t\t<div class=\"elementor-element elementor-element-0f3ffcd elementor-widget elementor-widget-text-editor\" data-id=\"0f3ffcd\" data-element_type=\"widget\" data-e-type=\"widget\" data-widget_type=\"text-editor.default\">\n\t\t\t\t<div class=\"elementor-widget-container\">\n\t\t\t\t\t\t\t\t\t<p data-start=\"184\" data-end=\"483\">La collection ARTIGLIO propose un gr\u00e8s c\u00e9rame effet pierre inspir\u00e9 des quartzites naturelles, avec cinq coloris raffin\u00e9s (Light, Greige, Grey, Sand, Wild).\u00a0<\/p><p data-start=\"184\" data-end=\"483\">D\u00e9clin\u00e9e en formats 22.5\u00d745.3, 30\u00d760, 60\u00d760 et 60\u00d7120 cm (et dalles antid\u00e9rapantes 2 cm) elle combine esth\u00e9tique naturelle et polyvalence pratique. Avec des finitions vari\u00e9es \u2014 Natural, Structured, Grip ou Anti-Slip \u2014 ARTIGLIO s\u2019adapte \u00e0 tous les espaces : salons, cuisines, salles de bains, couloirs, voire ext\u00e9rieurs. Sols ou murs, int\u00e9rieur ou ext\u00e9rieur, cette collection apporte caract\u00e8re, \u00e9l\u00e9gance et robustesse.\u00a0<\/p><p data-start=\"184\" data-end=\"483\">Id\u00e9al pour des projets r\u00e9sidentiels ou commerciaux, ARTIGLIO conjugue pierre authentique et confort moderne.<\/p>\t\t\t\t\t\t\t\t<\/div>\n\t\t\t\t<\/div>\n\t\t\t\t<div class=\"elementor-element elementor-element-22ed8d4 elementor-mobile-align-center elementor-align-left elementor-widget elementor-widget-button\" data-id=\"22ed8d4\" data-element_type=\"widget\" data-e-type=\"widget\" data-widget_type=\"button.default\">\n\t\t\t\t<div class=\"elementor-widget-container\">\n\t\t\t\t\t\t\t\t\t<div class=\"elementor-button-wrapper\">\n\t\t\t\t\t<a class=\"elementor-button elementor-button-link elementor-size-sm\" href=\"https:\/\/www.portovenere.fr\/fr-fr\/carrelage-sol-et-mur-en-gres-cerame-et-faience\/carrelage-aspect-pierre\/carrelage-effet-pierre-pour-interieur-et-exterieur-artiglio\/\">\n\t\t\t\t\t\t<span class=\"elementor-button-content-wrapper\">\n\t\t\t\t\t\t\t\t\t<span class=\"elementor-button-text\">Voir la collection<\/span>\n\t\t\t\t\t<\/span>\n\t\t\t\t\t<\/a>\n\t\t\t\t<\/div>\n\t\t\t\t\t\t\t\t<\/div>\n\t\t\t\t<\/div>\n\t\t\t\t\t<\/div>\n\t\t<\/div>\n\t\t\t\t<div class=\"elementor-column elementor-col-33 elementor-top-column elementor-element elementor-element-77877df\" data-id=\"77877df\" data-element_type=\"column\" data-e-type=\"column\">\n\t\t\t<div class=\"elementor-widget-wrap elementor-element-populated\">\n\t\t\t\t\t\t<div class=\"elementor-element elementor-element-a03867b elementor-widget elementor-widget-image\" data-id=\"a03867b\" data-element_type=\"widget\" data-e-type=\"widget\" data-widget_type=\"image.default\">\n\t\t\t\t<div class=\"elementor-widget-container\">\n\t\t\t\t\t\t\t\t\t\t\t\t\t\t\t\t<a href=\"https:\/\/www.portovenere.fr\/fr-fr\/carrelage-sol-et-mur-en-gres-cerame-et-faience\/carrelage-aspect-pierre\/carrelage-effet-terre-cuite-pour-sols-et-murs-delicatesse\/\">\n\t\t\t\t\t\t\t<img decoding=\"async\" src=\"https:\/\/www.portovenere.fr\/fr-fr\/wp-content\/uploads\/elementor\/thumbs\/Carrelage-esprit-naturel-terre-cuite-coloris-Cream-DELICATESSE-grands-formats-pour-sol-et-mur-Magasin-Porto-Venere-Montpellier-proche-de-Palavas-34-rgl160d6qxsz8hczgoay0fyv6jikjq720k9db63amg.jpg\" title=\"Carrelage-esprit-naturel-terre-cuite-coloris-Cream-DELICATESSE-grands-formats-pour-sol-et-mur-Magasin-Porto-Venere-Montpellier-proche-de-Palavas-34\" alt=\"S\u00e9jour avec carrelage effet terre cuite DELICATESSE pour sols et murs - Magasin PORTO VENERE MONTPELLIER dans l&#039;H\u00e9rault 34\" loading=\"lazy\" \/>\t\t\t\t\t\t\t\t<\/a>\n\t\t\t\t\t\t\t\t\t\t\t\t\t\t\t<\/div>\n\t\t\t\t<\/div>\n\t\t\t\t<div class=\"elementor-element elementor-element-644ff4b elementor-widget elementor-widget-heading\" data-id=\"644ff4b\" data-element_type=\"widget\" data-e-type=\"widget\" data-widget_type=\"heading.default\">\n\t\t\t\t<div class=\"elementor-widget-container\">\n\t\t\t\t\t<h3 class=\"elementor-heading-title elementor-size-default\"><a href=\"https:\/\/www.portovenere.fr\/fr-fr\/carrelage-sol-et-mur-en-gres-cerame-et-faience\/carrelage-aspect-pierre\/carrelage-effet-terre-cuite-pour-sols-et-murs-delicatesse\/\">DELICATESSE | 8 coloris &amp; d\u00e9cors<\/a><\/h3>\t\t\t\t<\/div>\n\t\t\t\t<\/div>\n\t\t\t\t<div class=\"elementor-element elementor-element-cb4123b elementor-widget__width-initial elementor-widget elementor-widget-gallery\" data-id=\"cb4123b\" data-element_type=\"widget\" data-e-type=\"widget\" data-settings=\"{&quot;gap&quot;:{&quot;unit&quot;:&quot;px&quot;,&quot;size&quot;:3,&quot;sizes&quot;:[]},&quot;columns_mobile&quot;:3,&quot;gap_mobile&quot;:{&quot;unit&quot;:&quot;px&quot;,&quot;size&quot;:6,&quot;sizes&quot;:[]},&quot;columns&quot;:5,&quot;columns_tablet&quot;:5,&quot;gap_tablet&quot;:{&quot;unit&quot;:&quot;px&quot;,&quot;size&quot;:5,&quot;sizes&quot;:[]},&quot;lazyload&quot;:&quot;yes&quot;,&quot;gallery_layout&quot;:&quot;grid&quot;,&quot;link_to&quot;:&quot;file&quot;,&quot;aspect_ratio&quot;:&quot;3:2&quot;,&quot;overlay_background&quot;:&quot;yes&quot;,&quot;content_hover_animation&quot;:&quot;fade-in&quot;}\" data-widget_type=\"gallery.default\">\n\t\t\t\t<div class=\"elementor-widget-container\">\n\t\t\t\t\t\t\t<div class=\"elementor-gallery__container\">\n\t\t\t\t\t\t\t<a class=\"e-gallery-item elementor-gallery-item elementor-animated-content\" href=\"https:\/\/www.portovenere.fr\/fr-fr\/wp-content\/uploads\/2025\/12\/Carrelage-esprit-naturel-terre-cuite-coloris-ASH-DELICATESSE-grands-formats-120x120-cm-et-120-x280-cm-sol-et-mur-Magasin-Porto-Venere-pres-de-Pezenas-34.jpg\" data-elementor-open-lightbox=\"yes\" data-elementor-lightbox-slideshow=\"cb4123b\" data-elementor-lightbox-title=\"Carrelage-esprit-naturel-terre-cuite-coloris-ASH-DELICATESSE-grands-formats-120x120-cm-et-120-x280-cm-sol-et-mur-Magasin-Porto-Venere-pr\u00e8s-de-Pezenas-34\" data-e-action-hash=\"#elementor-action%3Aaction%3Dlightbox%26settings%3DeyJpZCI6Njg1NTIsInVybCI6Imh0dHBzOlwvXC93d3cucG9ydG92ZW5lcmUuZnJcL2ZyLWZyXC93cC1jb250ZW50XC91cGxvYWRzXC8yMDI1XC8xMlwvQ2FycmVsYWdlLWVzcHJpdC1uYXR1cmVsLXRlcnJlLWN1aXRlLWNvbG9yaXMtQVNILURFTElDQVRFU1NFLWdyYW5kcy1mb3JtYXRzLTEyMHgxMjAtY20tZXQtMTIwLXgyODAtY20tc29sLWV0LW11ci1NYWdhc2luLVBvcnRvLVZlbmVyZS1wcmVzLWRlLVBlemVuYXMtMzQuanBnIiwic2xpZGVzaG93IjoiY2I0MTIzYiJ9\">\n\t\t\t\t\t<div class=\"e-gallery-image elementor-gallery-item__image\" data-thumbnail=\"https:\/\/www.portovenere.fr\/fr-fr\/wp-content\/uploads\/2025\/12\/Carrelage-esprit-naturel-terre-cuite-coloris-ASH-DELICATESSE-grands-formats-120x120-cm-et-120-x280-cm-sol-et-mur-Magasin-Porto-Venere-pres-de-Pezenas-34-150x150.jpg\" data-width=\"150\" data-height=\"150\" aria-label=\"Carrelage effet terre cuite esprit naturel 8 coloris collection DELICATESSE pour sols et murs - Magasin carrelages Porto Venere Montpellier pr\u00e8s de Palavas, B\u00e9ziers, S\u00e8te et N\u00eemes\" role=\"img\" ><\/div>\n\t\t\t\t\t\t\t\t\t\t\t<div class=\"elementor-gallery-item__overlay\"><\/div>\n\t\t\t\t\t\t\t\t\t\t\t\t\t\t<\/a>\n\t\t\t\t\t\t\t<a class=\"e-gallery-item elementor-gallery-item elementor-animated-content\" href=\"https:\/\/www.portovenere.fr\/fr-fr\/wp-content\/uploads\/2025\/12\/Carrelage-mural-decor-floral-120x280-cm-carreaux-XXL-DELICATESSE-Forest-Magasin-carrelages-Porto-Venere-pres-de-Saint-Jean-de-Vedas-34.jpg\" data-elementor-open-lightbox=\"yes\" data-elementor-lightbox-slideshow=\"cb4123b\" data-elementor-lightbox-title=\"Carrelage-mural-d\u00e9cor-floral-120x280-cm-carreaux-XXL-DELICATESSE-Forest-Magasin-carrelages-Porto-Venere-pr\u00e8s-de-Saint-Jean-de-V\u00e9das-34\" data-e-action-hash=\"#elementor-action%3Aaction%3Dlightbox%26settings%3DeyJpZCI6Njg1ODQsInVybCI6Imh0dHBzOlwvXC93d3cucG9ydG92ZW5lcmUuZnJcL2ZyLWZyXC93cC1jb250ZW50XC91cGxvYWRzXC8yMDI1XC8xMlwvQ2FycmVsYWdlLW11cmFsLWRlY29yLWZsb3JhbC0xMjB4MjgwLWNtLWNhcnJlYXV4LVhYTC1ERUxJQ0FURVNTRS1Gb3Jlc3QtTWFnYXNpbi1jYXJyZWxhZ2VzLVBvcnRvLVZlbmVyZS1wcmVzLWRlLVNhaW50LUplYW4tZGUtVmVkYXMtMzQuanBnIiwic2xpZGVzaG93IjoiY2I0MTIzYiJ9\">\n\t\t\t\t\t<div class=\"e-gallery-image elementor-gallery-item__image\" data-thumbnail=\"https:\/\/www.portovenere.fr\/fr-fr\/wp-content\/uploads\/2025\/12\/Carrelage-mural-decor-floral-120x280-cm-carreaux-XXL-DELICATESSE-Forest-Magasin-carrelages-Porto-Venere-pres-de-Saint-Jean-de-Vedas-34-150x150.jpg\" data-width=\"150\" data-height=\"150\" aria-label=\"\" role=\"img\" ><\/div>\n\t\t\t\t\t\t\t\t\t\t\t<div class=\"elementor-gallery-item__overlay\"><\/div>\n\t\t\t\t\t\t\t\t\t\t\t\t\t\t<\/a>\n\t\t\t\t\t\t\t<a class=\"e-gallery-item elementor-gallery-item elementor-animated-content\" href=\"https:\/\/www.portovenere.fr\/fr-fr\/wp-content\/uploads\/2025\/12\/Carrelage-mural-decor-floral-120x280-cm-carreaux-XXL-DELICATESSE-Forest-Magasin-carrelages-Porto-Venere-pres-de-Saint-Clement-de-Riviere-34.jpg\" data-elementor-open-lightbox=\"yes\" data-elementor-lightbox-slideshow=\"cb4123b\" data-elementor-lightbox-title=\"Carrelage-mural-d\u00e9cor-floral-120x280-cm-carreaux-XXL-DELICATESSE-Forest-Magasin-carrelages-Porto-Venere-pr\u00e8s-de-Saint-Cl\u00e9ment-de-Rivi\u00e8re-34\" data-e-action-hash=\"#elementor-action%3Aaction%3Dlightbox%26settings%3DeyJpZCI6Njg1ODMsInVybCI6Imh0dHBzOlwvXC93d3cucG9ydG92ZW5lcmUuZnJcL2ZyLWZyXC93cC1jb250ZW50XC91cGxvYWRzXC8yMDI1XC8xMlwvQ2FycmVsYWdlLW11cmFsLWRlY29yLWZsb3JhbC0xMjB4MjgwLWNtLWNhcnJlYXV4LVhYTC1ERUxJQ0FURVNTRS1Gb3Jlc3QtTWFnYXNpbi1jYXJyZWxhZ2VzLVBvcnRvLVZlbmVyZS1wcmVzLWRlLVNhaW50LUNsZW1lbnQtZGUtUml2aWVyZS0zNC5qcGciLCJzbGlkZXNob3ciOiJjYjQxMjNiIn0%3D\">\n\t\t\t\t\t<div class=\"e-gallery-image elementor-gallery-item__image\" data-thumbnail=\"https:\/\/www.portovenere.fr\/fr-fr\/wp-content\/uploads\/2025\/12\/Carrelage-mural-decor-floral-120x280-cm-carreaux-XXL-DELICATESSE-Forest-Magasin-carrelages-Porto-Venere-pres-de-Saint-Clement-de-Riviere-34-150x150.jpg\" data-width=\"150\" data-height=\"150\" aria-label=\"\" role=\"img\" ><\/div>\n\t\t\t\t\t\t\t\t\t\t\t<div class=\"elementor-gallery-item__overlay\"><\/div>\n\t\t\t\t\t\t\t\t\t\t\t\t\t\t<\/a>\n\t\t\t\t\t\t\t<a class=\"e-gallery-item elementor-gallery-item elementor-animated-content\" href=\"https:\/\/www.portovenere.fr\/fr-fr\/wp-content\/uploads\/2025\/12\/Faience-murale-decor-floral-set-de-2-carreaux-40x120-cm-DELICATESSE-POEME-Magasin-carrelages-Porto-Venere-pres-de-Saint-Clement-de-Riviere-34.jpg\" data-elementor-open-lightbox=\"yes\" data-elementor-lightbox-slideshow=\"cb4123b\" data-elementor-lightbox-title=\"Fa\u00efence-murale-d\u00e9cor-floral-set-de-2-carreaux-40x120-cm-DELICATESSE-POEME-Magasin-carrelages-Porto-Venere-pr\u00e8s-de-Saint-Cl\u00e9ment-de-Rivi\u00e8re-34\" data-e-action-hash=\"#elementor-action%3Aaction%3Dlightbox%26settings%3DeyJpZCI6Njg1ODIsInVybCI6Imh0dHBzOlwvXC93d3cucG9ydG92ZW5lcmUuZnJcL2ZyLWZyXC93cC1jb250ZW50XC91cGxvYWRzXC8yMDI1XC8xMlwvRmFpZW5jZS1tdXJhbGUtZGVjb3ItZmxvcmFsLXNldC1kZS0yLWNhcnJlYXV4LTQweDEyMC1jbS1ERUxJQ0FURVNTRS1QT0VNRS1NYWdhc2luLWNhcnJlbGFnZXMtUG9ydG8tVmVuZXJlLXByZXMtZGUtU2FpbnQtQ2xlbWVudC1kZS1SaXZpZXJlLTM0LmpwZyIsInNsaWRlc2hvdyI6ImNiNDEyM2IifQ%3D%3D\">\n\t\t\t\t\t<div class=\"e-gallery-image elementor-gallery-item__image\" data-thumbnail=\"https:\/\/www.portovenere.fr\/fr-fr\/wp-content\/uploads\/2025\/12\/Faience-murale-decor-floral-set-de-2-carreaux-40x120-cm-DELICATESSE-POEME-Magasin-carrelages-Porto-Venere-pres-de-Saint-Clement-de-Riviere-34-150x150.jpg\" data-width=\"150\" data-height=\"150\" aria-label=\"\" role=\"img\" ><\/div>\n\t\t\t\t\t\t\t\t\t\t\t<div class=\"elementor-gallery-item__overlay\"><\/div>\n\t\t\t\t\t\t\t\t\t\t\t\t\t\t<\/a>\n\t\t\t\t\t\t\t<a class=\"e-gallery-item elementor-gallery-item elementor-animated-content\" href=\"https:\/\/www.portovenere.fr\/fr-fr\/wp-content\/uploads\/2025\/12\/Faience-murale-decor-floral-40x120-cm-DELICATESSE-KANIK-coloris-White-pour-cuisine-ou-salle-de-bain-Magasin-carrelages-Porto-Venere-pres-de-Jacou-34.jpg\" data-elementor-open-lightbox=\"yes\" data-elementor-lightbox-slideshow=\"cb4123b\" data-elementor-lightbox-title=\"Fa\u00efence-murale-d\u00e9cor-floral-40x120-cm-DELICATESSE-KANIK-coloris-White-pour-cuisine-ou-salle-de-bain-Magasin-carrelages-Porto-Venere-pr\u00e8s-de-Jacou-34\" data-e-action-hash=\"#elementor-action%3Aaction%3Dlightbox%26settings%3DeyJpZCI6Njg1NzcsInVybCI6Imh0dHBzOlwvXC93d3cucG9ydG92ZW5lcmUuZnJcL2ZyLWZyXC93cC1jb250ZW50XC91cGxvYWRzXC8yMDI1XC8xMlwvRmFpZW5jZS1tdXJhbGUtZGVjb3ItZmxvcmFsLTQweDEyMC1jbS1ERUxJQ0FURVNTRS1LQU5JSy1jb2xvcmlzLVdoaXRlLXBvdXItY3Vpc2luZS1vdS1zYWxsZS1kZS1iYWluLU1hZ2FzaW4tY2FycmVsYWdlcy1Qb3J0by1WZW5lcmUtcHJlcy1kZS1KYWNvdS0zNC5qcGciLCJzbGlkZXNob3ciOiJjYjQxMjNiIn0%3D\">\n\t\t\t\t\t<div class=\"e-gallery-image elementor-gallery-item__image\" data-thumbnail=\"https:\/\/www.portovenere.fr\/fr-fr\/wp-content\/uploads\/2025\/12\/Faience-murale-decor-floral-40x120-cm-DELICATESSE-KANIK-coloris-White-pour-cuisine-ou-salle-de-bain-Magasin-carrelages-Porto-Venere-pres-de-Jacou-34-150x150.jpg\" data-width=\"150\" data-height=\"150\" aria-label=\"\" role=\"img\" ><\/div>\n\t\t\t\t\t\t\t\t\t\t\t<div class=\"elementor-gallery-item__overlay\"><\/div>\n\t\t\t\t\t\t\t\t\t\t\t\t\t\t<\/a>\n\t\t\t\t\t\t\t<a class=\"e-gallery-item elementor-gallery-item elementor-animated-content\" href=\"https:\/\/www.portovenere.fr\/fr-fr\/wp-content\/uploads\/2025\/12\/Faience-murale-relief-lignes-decor-floral-40x120-cm-DELICATESSE-HESSE-coloris-White-pour-cuisine-ou-salle-de-bain-Magasin-carrelages-Porto-Venere-pres-de-Perols-34.jpg\" data-elementor-open-lightbox=\"yes\" data-elementor-lightbox-slideshow=\"cb4123b\" data-elementor-lightbox-title=\"Fa\u00efence-murale-relief-lignes--d\u00e9cor-floral-40x120-cm-DELICATESSE-HESSE-coloris-White-pour-cuisine-ou-salle-de-bain-Magasin-carrelages-Porto-Venere-pr\u00e8s-de-P\u00e9rols-34\" data-e-action-hash=\"#elementor-action%3Aaction%3Dlightbox%26settings%3DeyJpZCI6Njg1NzYsInVybCI6Imh0dHBzOlwvXC93d3cucG9ydG92ZW5lcmUuZnJcL2ZyLWZyXC93cC1jb250ZW50XC91cGxvYWRzXC8yMDI1XC8xMlwvRmFpZW5jZS1tdXJhbGUtcmVsaWVmLWxpZ25lcy1kZWNvci1mbG9yYWwtNDB4MTIwLWNtLURFTElDQVRFU1NFLUhFU1NFLWNvbG9yaXMtV2hpdGUtcG91ci1jdWlzaW5lLW91LXNhbGxlLWRlLWJhaW4tTWFnYXNpbi1jYXJyZWxhZ2VzLVBvcnRvLVZlbmVyZS1wcmVzLWRlLVBlcm9scy0zNC5qcGciLCJzbGlkZXNob3ciOiJjYjQxMjNiIn0%3D\">\n\t\t\t\t\t<div class=\"e-gallery-image elementor-gallery-item__image\" data-thumbnail=\"https:\/\/www.portovenere.fr\/fr-fr\/wp-content\/uploads\/2025\/12\/Faience-murale-relief-lignes-decor-floral-40x120-cm-DELICATESSE-HESSE-coloris-White-pour-cuisine-ou-salle-de-bain-Magasin-carrelages-Porto-Venere-pres-de-Perols-34-150x150.jpg\" data-width=\"150\" data-height=\"150\" aria-label=\"\" role=\"img\" ><\/div>\n\t\t\t\t\t\t\t\t\t\t\t<div class=\"elementor-gallery-item__overlay\"><\/div>\n\t\t\t\t\t\t\t\t\t\t\t\t\t\t<\/a>\n\t\t\t\t\t\t\t<a class=\"e-gallery-item elementor-gallery-item elementor-animated-content\" href=\"https:\/\/www.portovenere.fr\/fr-fr\/wp-content\/uploads\/2025\/12\/Faience-murale-relief-LLICH-40x120-cm-DELICATESSE-coloris-Clay-pour-cuisine-ou-salle-de-bain-Magasin-carrelages-Porto-Venere-Montpellier-pres-de-Meze-34.jpg\" data-elementor-open-lightbox=\"yes\" data-elementor-lightbox-slideshow=\"cb4123b\" data-elementor-lightbox-title=\"Fa\u00efence-murale-relief-LLICH-40x120-cm-DELICATESSE-coloris-Clay-pour-cuisine-ou-salle-de-bain-Magasin-carrelages-Porto-Venere-Montpellier-pr\u00e8s-de-M\u00e8ze-34\" data-e-action-hash=\"#elementor-action%3Aaction%3Dlightbox%26settings%3DeyJpZCI6Njg1NzUsInVybCI6Imh0dHBzOlwvXC93d3cucG9ydG92ZW5lcmUuZnJcL2ZyLWZyXC93cC1jb250ZW50XC91cGxvYWRzXC8yMDI1XC8xMlwvRmFpZW5jZS1tdXJhbGUtcmVsaWVmLUxMSUNILTQweDEyMC1jbS1ERUxJQ0FURVNTRS1jb2xvcmlzLUNsYXktcG91ci1jdWlzaW5lLW91LXNhbGxlLWRlLWJhaW4tTWFnYXNpbi1jYXJyZWxhZ2VzLVBvcnRvLVZlbmVyZS1Nb250cGVsbGllci1wcmVzLWRlLU1lemUtMzQuanBnIiwic2xpZGVzaG93IjoiY2I0MTIzYiJ9\">\n\t\t\t\t\t<div class=\"e-gallery-image elementor-gallery-item__image\" data-thumbnail=\"https:\/\/www.portovenere.fr\/fr-fr\/wp-content\/uploads\/2025\/12\/Faience-murale-relief-LLICH-40x120-cm-DELICATESSE-coloris-Clay-pour-cuisine-ou-salle-de-bain-Magasin-carrelages-Porto-Venere-Montpellier-pres-de-Meze-34-150x150.jpg\" data-width=\"150\" data-height=\"150\" aria-label=\"\" role=\"img\" ><\/div>\n\t\t\t\t\t\t\t\t\t\t\t<div class=\"elementor-gallery-item__overlay\"><\/div>\n\t\t\t\t\t\t\t\t\t\t\t\t\t\t<\/a>\n\t\t\t\t\t\t\t<a class=\"e-gallery-item elementor-gallery-item elementor-animated-content\" href=\"https:\/\/www.portovenere.fr\/fr-fr\/wp-content\/uploads\/2025\/12\/Faience-murale-relief-LLICH-40x120-cm-DELICATESSE-coloris-Blanc-pour-cuisine-ou-salle-de-bain-Magasin-carrelages-Porto-Venere-Montpellier-pres-de-Baaruc-34.jpg\" data-elementor-open-lightbox=\"yes\" data-elementor-lightbox-slideshow=\"cb4123b\" data-elementor-lightbox-title=\"Fa\u00efence-murale-relief-LLICH-40x120-cm-DELICATESSE-coloris-Blanc-pour-cuisine-ou-salle-de-bain-Magasin-carrelages-Porto-Venere-Montpellier-pr\u00e8s-de-Baaruc-34\" data-e-action-hash=\"#elementor-action%3Aaction%3Dlightbox%26settings%3DeyJpZCI6Njg1NzQsInVybCI6Imh0dHBzOlwvXC93d3cucG9ydG92ZW5lcmUuZnJcL2ZyLWZyXC93cC1jb250ZW50XC91cGxvYWRzXC8yMDI1XC8xMlwvRmFpZW5jZS1tdXJhbGUtcmVsaWVmLUxMSUNILTQweDEyMC1jbS1ERUxJQ0FURVNTRS1jb2xvcmlzLUJsYW5jLXBvdXItY3Vpc2luZS1vdS1zYWxsZS1kZS1iYWluLU1hZ2FzaW4tY2FycmVsYWdlcy1Qb3J0by1WZW5lcmUtTW9udHBlbGxpZXItcHJlcy1kZS1CYWFydWMtMzQuanBnIiwic2xpZGVzaG93IjoiY2I0MTIzYiJ9\">\n\t\t\t\t\t<div class=\"e-gallery-image elementor-gallery-item__image\" data-thumbnail=\"https:\/\/www.portovenere.fr\/fr-fr\/wp-content\/uploads\/2025\/12\/Faience-murale-relief-LLICH-40x120-cm-DELICATESSE-coloris-Blanc-pour-cuisine-ou-salle-de-bain-Magasin-carrelages-Porto-Venere-Montpellier-pres-de-Baaruc-34-150x150.jpg\" data-width=\"150\" data-height=\"150\" aria-label=\"\" role=\"img\" ><\/div>\n\t\t\t\t\t\t\t\t\t\t\t<div class=\"elementor-gallery-item__overlay\"><\/div>\n\t\t\t\t\t\t\t\t\t\t\t\t\t\t<\/a>\n\t\t\t\t\t\t\t<a class=\"e-gallery-item elementor-gallery-item elementor-animated-content\" href=\"https:\/\/www.portovenere.fr\/fr-fr\/wp-content\/uploads\/2025\/12\/Faience-murale-relief-LLICH-40x120-cm-DELICATESSE-coloris-Mud-pour-cuisine-ou-salle-de-bain-Magasin-carrelages-Porto-Venere-Montpellier-pres-de-Sete-34.jpg\" data-elementor-open-lightbox=\"yes\" data-elementor-lightbox-slideshow=\"cb4123b\" data-elementor-lightbox-title=\"Fa\u00efence-murale-relief-LLICH-40x120-cm-DELICATESSE-coloris-Mud-pour-cuisine-ou-salle-de-bain-Magasin-carrelages-Porto-Venere-Montpellier-pr\u00e8s-de-S\u00e8te-34\" data-e-action-hash=\"#elementor-action%3Aaction%3Dlightbox%26settings%3DeyJpZCI6Njg1NzIsInVybCI6Imh0dHBzOlwvXC93d3cucG9ydG92ZW5lcmUuZnJcL2ZyLWZyXC93cC1jb250ZW50XC91cGxvYWRzXC8yMDI1XC8xMlwvRmFpZW5jZS1tdXJhbGUtcmVsaWVmLUxMSUNILTQweDEyMC1jbS1ERUxJQ0FURVNTRS1jb2xvcmlzLU11ZC1wb3VyLWN1aXNpbmUtb3Utc2FsbGUtZGUtYmFpbi1NYWdhc2luLWNhcnJlbGFnZXMtUG9ydG8tVmVuZXJlLU1vbnRwZWxsaWVyLXByZXMtZGUtU2V0ZS0zNC5qcGciLCJzbGlkZXNob3ciOiJjYjQxMjNiIn0%3D\">\n\t\t\t\t\t<div class=\"e-gallery-image elementor-gallery-item__image\" data-thumbnail=\"https:\/\/www.portovenere.fr\/fr-fr\/wp-content\/uploads\/2025\/12\/Faience-murale-relief-LLICH-40x120-cm-DELICATESSE-coloris-Mud-pour-cuisine-ou-salle-de-bain-Magasin-carrelages-Porto-Venere-Montpellier-pres-de-Sete-34-150x150.jpg\" data-width=\"150\" data-height=\"150\" aria-label=\"\" role=\"img\" ><\/div>\n\t\t\t\t\t\t\t\t\t\t\t<div class=\"elementor-gallery-item__overlay\"><\/div>\n\t\t\t\t\t\t\t\t\t\t\t\t\t\t<\/a>\n\t\t\t\t\t\t\t<a class=\"e-gallery-item elementor-gallery-item elementor-animated-content\" href=\"https:\/\/www.portovenere.fr\/fr-fr\/wp-content\/uploads\/2025\/12\/Faience-murale-relief-LLICH-40x120-cm-DELICATESSE-coloris-Sand-pour-cuisine-ou-salle-de-bain-Magasin-carrelages-Porto-Venere-Montpellier-pres-de-Castries-34.jpg\" data-elementor-open-lightbox=\"yes\" data-elementor-lightbox-slideshow=\"cb4123b\" data-elementor-lightbox-title=\"Fa\u00efence-murale-relief-LLICH-40x120-cm-DELICATESSE-coloris-Sand-pour-cuisine-ou-salle-de-bain-Magasin-carrelages-Porto-Venere-Montpellier-pr\u00e8s-de-Castries-34\" data-e-action-hash=\"#elementor-action%3Aaction%3Dlightbox%26settings%3DeyJpZCI6Njg1NzEsInVybCI6Imh0dHBzOlwvXC93d3cucG9ydG92ZW5lcmUuZnJcL2ZyLWZyXC93cC1jb250ZW50XC91cGxvYWRzXC8yMDI1XC8xMlwvRmFpZW5jZS1tdXJhbGUtcmVsaWVmLUxMSUNILTQweDEyMC1jbS1ERUxJQ0FURVNTRS1jb2xvcmlzLVNhbmQtcG91ci1jdWlzaW5lLW91LXNhbGxlLWRlLWJhaW4tTWFnYXNpbi1jYXJyZWxhZ2VzLVBvcnRvLVZlbmVyZS1Nb250cGVsbGllci1wcmVzLWRlLUNhc3RyaWVzLTM0LmpwZyIsInNsaWRlc2hvdyI6ImNiNDEyM2IifQ%3D%3D\">\n\t\t\t\t\t<div class=\"e-gallery-image elementor-gallery-item__image\" data-thumbnail=\"https:\/\/www.portovenere.fr\/fr-fr\/wp-content\/uploads\/2025\/12\/Faience-murale-relief-LLICH-40x120-cm-DELICATESSE-coloris-Sand-pour-cuisine-ou-salle-de-bain-Magasin-carrelages-Porto-Venere-Montpellier-pres-de-Castries-34-150x150.jpg\" data-width=\"150\" data-height=\"150\" aria-label=\"\" role=\"img\" ><\/div>\n\t\t\t\t\t\t\t\t\t\t\t<div class=\"elementor-gallery-item__overlay\"><\/div>\n\t\t\t\t\t\t\t\t\t\t\t\t\t\t<\/a>\n\t\t\t\t\t\t\t<a class=\"e-gallery-item elementor-gallery-item elementor-animated-content\" href=\"https:\/\/www.portovenere.fr\/fr-fr\/wp-content\/uploads\/2025\/12\/Faience-murale-releif-lignes-40x120-cm-DELICATESSE-coloris-White-pour-cuisine-ou-salle-de-bain-Magasin-carrelages-Porto-Venere-pres-de-La-Grande-Motte-34.jpg\" data-elementor-open-lightbox=\"yes\" data-elementor-lightbox-slideshow=\"cb4123b\" data-elementor-lightbox-title=\"Fa\u00efence-murale-relief-lignes-40x120-cm-DELICATESSE-coloris-White-pour-cuisine-ou-salle-de-bain-Magasin-carrelages-Porto-Venere-pr\u00e8s-de-La-Grande-Motte-34\" data-e-action-hash=\"#elementor-action%3Aaction%3Dlightbox%26settings%3DeyJpZCI6Njg1NjcsInVybCI6Imh0dHBzOlwvXC93d3cucG9ydG92ZW5lcmUuZnJcL2ZyLWZyXC93cC1jb250ZW50XC91cGxvYWRzXC8yMDI1XC8xMlwvRmFpZW5jZS1tdXJhbGUtcmVsZWlmLWxpZ25lcy00MHgxMjAtY20tREVMSUNBVEVTU0UtY29sb3Jpcy1XaGl0ZS1wb3VyLWN1aXNpbmUtb3Utc2FsbGUtZGUtYmFpbi1NYWdhc2luLWNhcnJlbGFnZXMtUG9ydG8tVmVuZXJlLXByZXMtZGUtTGEtR3JhbmRlLU1vdHRlLTM0LmpwZyIsInNsaWRlc2hvdyI6ImNiNDEyM2IifQ%3D%3D\">\n\t\t\t\t\t<div class=\"e-gallery-image elementor-gallery-item__image\" data-thumbnail=\"https:\/\/www.portovenere.fr\/fr-fr\/wp-content\/uploads\/2025\/12\/Faience-murale-releif-lignes-40x120-cm-DELICATESSE-coloris-White-pour-cuisine-ou-salle-de-bain-Magasin-carrelages-Porto-Venere-pres-de-La-Grande-Motte-34-150x150.jpg\" data-width=\"150\" data-height=\"150\" aria-label=\"\" role=\"img\" ><\/div>\n\t\t\t\t\t\t\t\t\t\t\t<div class=\"elementor-gallery-item__overlay\"><\/div>\n\t\t\t\t\t\t\t\t\t\t\t\t\t\t<\/a>\n\t\t\t\t\t\t\t<a class=\"e-gallery-item elementor-gallery-item elementor-animated-content\" href=\"https:\/\/www.portovenere.fr\/fr-fr\/wp-content\/uploads\/2025\/12\/Faience-murale-releif-lignes-40x120-cm-DELICATESSE-coloris-Sand-pour-cuisine-ou-salle-de-bain-Magasin-carrelages-Porto-Venere-Montpellier-pres-de-Jacou-34.jpg\" data-elementor-open-lightbox=\"yes\" data-elementor-lightbox-slideshow=\"cb4123b\" data-elementor-lightbox-title=\"Fa\u00efence-murale-relief-lignes-40x120-cm-DELICATESSE-coloris-Sand-pour-cuisine-ou-salle-de-bain-Magasin-carrelages-Porto-Venere-Montpellier-pr\u00e8s-de-Jacou-34\" data-e-action-hash=\"#elementor-action%3Aaction%3Dlightbox%26settings%3DeyJpZCI6Njg1NjYsInVybCI6Imh0dHBzOlwvXC93d3cucG9ydG92ZW5lcmUuZnJcL2ZyLWZyXC93cC1jb250ZW50XC91cGxvYWRzXC8yMDI1XC8xMlwvRmFpZW5jZS1tdXJhbGUtcmVsZWlmLWxpZ25lcy00MHgxMjAtY20tREVMSUNBVEVTU0UtY29sb3Jpcy1TYW5kLXBvdXItY3Vpc2luZS1vdS1zYWxsZS1kZS1iYWluLU1hZ2FzaW4tY2FycmVsYWdlcy1Qb3J0by1WZW5lcmUtTW9udHBlbGxpZXItcHJlcy1kZS1KYWNvdS0zNC5qcGciLCJzbGlkZXNob3ciOiJjYjQxMjNiIn0%3D\">\n\t\t\t\t\t<div class=\"e-gallery-image elementor-gallery-item__image\" data-thumbnail=\"https:\/\/www.portovenere.fr\/fr-fr\/wp-content\/uploads\/2025\/12\/Faience-murale-releif-lignes-40x120-cm-DELICATESSE-coloris-Sand-pour-cuisine-ou-salle-de-bain-Magasin-carrelages-Porto-Venere-Montpellier-pres-de-Jacou-34-150x150.jpg\" data-width=\"150\" data-height=\"150\" aria-label=\"\" role=\"img\" ><\/div>\n\t\t\t\t\t\t\t\t\t\t\t<div class=\"elementor-gallery-item__overlay\"><\/div>\n\t\t\t\t\t\t\t\t\t\t\t\t\t\t<\/a>\n\t\t\t\t\t\t\t<a class=\"e-gallery-item elementor-gallery-item elementor-animated-content\" href=\"https:\/\/www.portovenere.fr\/fr-fr\/wp-content\/uploads\/2025\/12\/Faience-murale-releif-lignes-40x120-cm-DELICATESSE-coloris-Mud-pour-cuisine-ou-salle-de-bain-Magasin-carrelages-Porto-Venere-a-Montpellier-34.jpg\" data-elementor-open-lightbox=\"yes\" data-elementor-lightbox-slideshow=\"cb4123b\" data-elementor-lightbox-title=\"Fa\u00efence-murale-relief-lignes-40x120-cm-DELICATESSE-coloris-Mud-pour-cuisine-ou-salle-de-bain-Magasin-carrelages-Porto-Venere-\u00e0-Montpellier-34\" data-e-action-hash=\"#elementor-action%3Aaction%3Dlightbox%26settings%3DeyJpZCI6Njg1NjUsInVybCI6Imh0dHBzOlwvXC93d3cucG9ydG92ZW5lcmUuZnJcL2ZyLWZyXC93cC1jb250ZW50XC91cGxvYWRzXC8yMDI1XC8xMlwvRmFpZW5jZS1tdXJhbGUtcmVsZWlmLWxpZ25lcy00MHgxMjAtY20tREVMSUNBVEVTU0UtY29sb3Jpcy1NdWQtcG91ci1jdWlzaW5lLW91LXNhbGxlLWRlLWJhaW4tTWFnYXNpbi1jYXJyZWxhZ2VzLVBvcnRvLVZlbmVyZS1hLU1vbnRwZWxsaWVyLTM0LmpwZyIsInNsaWRlc2hvdyI6ImNiNDEyM2IifQ%3D%3D\">\n\t\t\t\t\t<div class=\"e-gallery-image elementor-gallery-item__image\" data-thumbnail=\"https:\/\/www.portovenere.fr\/fr-fr\/wp-content\/uploads\/2025\/12\/Faience-murale-releif-lignes-40x120-cm-DELICATESSE-coloris-Mud-pour-cuisine-ou-salle-de-bain-Magasin-carrelages-Porto-Venere-a-Montpellier-34-150x150.jpg\" data-width=\"150\" data-height=\"150\" aria-label=\"\" role=\"img\" ><\/div>\n\t\t\t\t\t\t\t\t\t\t\t<div class=\"elementor-gallery-item__overlay\"><\/div>\n\t\t\t\t\t\t\t\t\t\t\t\t\t\t<\/a>\n\t\t\t\t\t\t\t<a class=\"e-gallery-item elementor-gallery-item elementor-animated-content\" href=\"https:\/\/www.portovenere.fr\/fr-fr\/wp-content\/uploads\/2025\/12\/Faience-murale-releif-lignes-40x120-cm-DELICATESSE-coloris-Clay-pour-cuisine-ou-salle-de-bain-Magasin-carrelages-Porto-Venere-Montpellier-pres-de-Sete-34.jpg\" data-elementor-open-lightbox=\"yes\" data-elementor-lightbox-slideshow=\"cb4123b\" data-elementor-lightbox-title=\"Fa\u00efence-murale-relief-lignes-40x120-cm-DELICATESSE-coloris-Clay-pour-cuisine-ou-salle-de-bain-Magasin-carrelages-Porto-Venere-Montpellier-pr\u00e8s-de-S\u00e8te-34\" data-e-action-hash=\"#elementor-action%3Aaction%3Dlightbox%26settings%3DeyJpZCI6Njg1NjQsInVybCI6Imh0dHBzOlwvXC93d3cucG9ydG92ZW5lcmUuZnJcL2ZyLWZyXC93cC1jb250ZW50XC91cGxvYWRzXC8yMDI1XC8xMlwvRmFpZW5jZS1tdXJhbGUtcmVsZWlmLWxpZ25lcy00MHgxMjAtY20tREVMSUNBVEVTU0UtY29sb3Jpcy1DbGF5LXBvdXItY3Vpc2luZS1vdS1zYWxsZS1kZS1iYWluLU1hZ2FzaW4tY2FycmVsYWdlcy1Qb3J0by1WZW5lcmUtTW9udHBlbGxpZXItcHJlcy1kZS1TZXRlLTM0LmpwZyIsInNsaWRlc2hvdyI6ImNiNDEyM2IifQ%3D%3D\">\n\t\t\t\t\t<div class=\"e-gallery-image elementor-gallery-item__image\" data-thumbnail=\"https:\/\/www.portovenere.fr\/fr-fr\/wp-content\/uploads\/2025\/12\/Faience-murale-releif-lignes-40x120-cm-DELICATESSE-coloris-Clay-pour-cuisine-ou-salle-de-bain-Magasin-carrelages-Porto-Venere-Montpellier-pres-de-Sete-34-150x150.jpg\" data-width=\"150\" data-height=\"150\" aria-label=\"\" role=\"img\" ><\/div>\n\t\t\t\t\t\t\t\t\t\t\t<div class=\"elementor-gallery-item__overlay\"><\/div>\n\t\t\t\t\t\t\t\t\t\t\t\t\t\t<\/a>\n\t\t\t\t\t\t\t<a class=\"e-gallery-item elementor-gallery-item elementor-animated-content\" href=\"https:\/\/www.portovenere.fr\/fr-fr\/wp-content\/uploads\/2025\/12\/Carrelage-esprit-naturel-terre-cuite-coloris-White-DELICATESSE-grands-formats-120x120-cm-et-120-x280-cm-sol-et-mur-Magasin-Porto-Venere-pres-de-Clapiers-34.jpg\" data-elementor-open-lightbox=\"yes\" data-elementor-lightbox-slideshow=\"cb4123b\" data-elementor-lightbox-title=\"Carrelage-esprit-naturel-terre-cuite-coloris-White-DELICATESSE-grands-formats-120x120-cm-et-120-x280-cm-sol-et-mur-Magasin-Porto-Venere-pr\u00e8s-de-Clapiers-34\" data-e-action-hash=\"#elementor-action%3Aaction%3Dlightbox%26settings%3DeyJpZCI6Njg1NTksInVybCI6Imh0dHBzOlwvXC93d3cucG9ydG92ZW5lcmUuZnJcL2ZyLWZyXC93cC1jb250ZW50XC91cGxvYWRzXC8yMDI1XC8xMlwvQ2FycmVsYWdlLWVzcHJpdC1uYXR1cmVsLXRlcnJlLWN1aXRlLWNvbG9yaXMtV2hpdGUtREVMSUNBVEVTU0UtZ3JhbmRzLWZvcm1hdHMtMTIweDEyMC1jbS1ldC0xMjAteDI4MC1jbS1zb2wtZXQtbXVyLU1hZ2FzaW4tUG9ydG8tVmVuZXJlLXByZXMtZGUtQ2xhcGllcnMtMzQuanBnIiwic2xpZGVzaG93IjoiY2I0MTIzYiJ9\">\n\t\t\t\t\t<div class=\"e-gallery-image elementor-gallery-item__image\" data-thumbnail=\"https:\/\/www.portovenere.fr\/fr-fr\/wp-content\/uploads\/2025\/12\/Carrelage-esprit-naturel-terre-cuite-coloris-White-DELICATESSE-grands-formats-120x120-cm-et-120-x280-cm-sol-et-mur-Magasin-Porto-Venere-pres-de-Clapiers-34-150x150.jpg\" data-width=\"150\" data-height=\"150\" aria-label=\"Carrelage effet terre cuite esprit naturel 8 coloris collection DELICATESSE pour sols et murs - Magasin carrelages Porto Venere Montpellier pr\u00e8s de Palavas, B\u00e9ziers, S\u00e8te et N\u00eemes\" role=\"img\" ><\/div>\n\t\t\t\t\t\t\t\t\t\t\t<div class=\"elementor-gallery-item__overlay\"><\/div>\n\t\t\t\t\t\t\t\t\t\t\t\t\t\t<\/a>\n\t\t\t\t\t\t\t<a class=\"e-gallery-item elementor-gallery-item elementor-animated-content\" href=\"https:\/\/www.portovenere.fr\/fr-fr\/wp-content\/uploads\/2025\/12\/Carrelage-esprit-naturel-terre-cuite-coloris-Sand-DELICATESSE-grands-formats-120x120-cm-et-120-x280-cm-sol-et-mur-Magasin-Porto-Venere-pres-de-Juvignac-34.jpg\" data-elementor-open-lightbox=\"yes\" data-elementor-lightbox-slideshow=\"cb4123b\" data-elementor-lightbox-title=\"Carrelage-esprit-naturel-terre-cuite-coloris-Sand-DELICATESSE-grands-formats-120x120-cm-et-120-x280-cm-sol-et-mur-Magasin-Porto-Venere-pr\u00e8s-de-Juvignac-34\" data-e-action-hash=\"#elementor-action%3Aaction%3Dlightbox%26settings%3DeyJpZCI6Njg1NTgsInVybCI6Imh0dHBzOlwvXC93d3cucG9ydG92ZW5lcmUuZnJcL2ZyLWZyXC93cC1jb250ZW50XC91cGxvYWRzXC8yMDI1XC8xMlwvQ2FycmVsYWdlLWVzcHJpdC1uYXR1cmVsLXRlcnJlLWN1aXRlLWNvbG9yaXMtU2FuZC1ERUxJQ0FURVNTRS1ncmFuZHMtZm9ybWF0cy0xMjB4MTIwLWNtLWV0LTEyMC14MjgwLWNtLXNvbC1ldC1tdXItTWFnYXNpbi1Qb3J0by1WZW5lcmUtcHJlcy1kZS1KdXZpZ25hYy0zNC5qcGciLCJzbGlkZXNob3ciOiJjYjQxMjNiIn0%3D\">\n\t\t\t\t\t<div class=\"e-gallery-image elementor-gallery-item__image\" data-thumbnail=\"https:\/\/www.portovenere.fr\/fr-fr\/wp-content\/uploads\/2025\/12\/Carrelage-esprit-naturel-terre-cuite-coloris-Sand-DELICATESSE-grands-formats-120x120-cm-et-120-x280-cm-sol-et-mur-Magasin-Porto-Venere-pres-de-Juvignac-34-150x150.jpg\" data-width=\"150\" data-height=\"150\" aria-label=\"Carrelage effet terre cuite esprit naturel 8 coloris collection DELICATESSE pour sols et murs - Magasin carrelages Porto Venere Montpellier pr\u00e8s de Palavas, B\u00e9ziers, S\u00e8te et N\u00eemes\" role=\"img\" ><\/div>\n\t\t\t\t\t\t\t\t\t\t\t<div class=\"elementor-gallery-item__overlay\"><\/div>\n\t\t\t\t\t\t\t\t\t\t\t\t\t\t<\/a>\n\t\t\t\t\t\t\t<a class=\"e-gallery-item elementor-gallery-item elementor-animated-content\" href=\"https:\/\/www.portovenere.fr\/fr-fr\/wp-content\/uploads\/2025\/12\/Carrelage-esprit-naturel-terre-cuite-coloris-Mud-DELICATESSE-grands-formats-120x120-cm-et-120-x280-cm-sol-et-mur-Magasin-Porto-Venere-pres-de-Le-Cres-34.jpg\" data-elementor-open-lightbox=\"yes\" data-elementor-lightbox-slideshow=\"cb4123b\" data-elementor-lightbox-title=\"Carrelage-esprit-naturel-terre-cuite-coloris-Mud-DELICATESSE-grands-formats-120x120-cm-et-120-x280-cm-sol-et-mur-Magasin-Porto-Venere-pr\u00e8s-de-Le-Cr\u00e8s-34\" data-e-action-hash=\"#elementor-action%3Aaction%3Dlightbox%26settings%3DeyJpZCI6Njg1NTcsInVybCI6Imh0dHBzOlwvXC93d3cucG9ydG92ZW5lcmUuZnJcL2ZyLWZyXC93cC1jb250ZW50XC91cGxvYWRzXC8yMDI1XC8xMlwvQ2FycmVsYWdlLWVzcHJpdC1uYXR1cmVsLXRlcnJlLWN1aXRlLWNvbG9yaXMtTXVkLURFTElDQVRFU1NFLWdyYW5kcy1mb3JtYXRzLTEyMHgxMjAtY20tZXQtMTIwLXgyODAtY20tc29sLWV0LW11ci1NYWdhc2luLVBvcnRvLVZlbmVyZS1wcmVzLWRlLUxlLUNyZXMtMzQuanBnIiwic2xpZGVzaG93IjoiY2I0MTIzYiJ9\">\n\t\t\t\t\t<div class=\"e-gallery-image elementor-gallery-item__image\" data-thumbnail=\"https:\/\/www.portovenere.fr\/fr-fr\/wp-content\/uploads\/2025\/12\/Carrelage-esprit-naturel-terre-cuite-coloris-Mud-DELICATESSE-grands-formats-120x120-cm-et-120-x280-cm-sol-et-mur-Magasin-Porto-Venere-pres-de-Le-Cres-34-150x150.jpg\" data-width=\"150\" data-height=\"150\" aria-label=\"Carrelage effet terre cuite esprit naturel 8 coloris collection DELICATESSE pour sols et murs - Magasin carrelages Porto Venere Montpellier pr\u00e8s de Palavas, B\u00e9ziers, S\u00e8te et N\u00eemes\" role=\"img\" ><\/div>\n\t\t\t\t\t\t\t\t\t\t\t<div class=\"elementor-gallery-item__overlay\"><\/div>\n\t\t\t\t\t\t\t\t\t\t\t\t\t\t<\/a>\n\t\t\t\t\t\t\t<a class=\"e-gallery-item elementor-gallery-item elementor-animated-content\" href=\"https:\/\/www.portovenere.fr\/fr-fr\/wp-content\/uploads\/2025\/12\/Carrelage-esprit-naturel-terre-cuite-coloris-Mocha-DELICATESSE-grands-formats-120x120-cm-et-120-x280-cm-sol-et-mur-Magasin-Porto-Venere-pres-de-Gigean-34.jpg\" data-elementor-open-lightbox=\"yes\" data-elementor-lightbox-slideshow=\"cb4123b\" data-elementor-lightbox-title=\"Carrelage-esprit-naturel-terre-cuite-coloris-Mocha-DELICATESSE-grands-formats-120x120-cm-et-120-x280-cm-sol-et-mur-Magasin-Porto-Venere-pr\u00e8s-de-Gigean-34\" data-e-action-hash=\"#elementor-action%3Aaction%3Dlightbox%26settings%3DeyJpZCI6Njg1NTYsInVybCI6Imh0dHBzOlwvXC93d3cucG9ydG92ZW5lcmUuZnJcL2ZyLWZyXC93cC1jb250ZW50XC91cGxvYWRzXC8yMDI1XC8xMlwvQ2FycmVsYWdlLWVzcHJpdC1uYXR1cmVsLXRlcnJlLWN1aXRlLWNvbG9yaXMtTW9jaGEtREVMSUNBVEVTU0UtZ3JhbmRzLWZvcm1hdHMtMTIweDEyMC1jbS1ldC0xMjAteDI4MC1jbS1zb2wtZXQtbXVyLU1hZ2FzaW4tUG9ydG8tVmVuZXJlLXByZXMtZGUtR2lnZWFuLTM0LmpwZyIsInNsaWRlc2hvdyI6ImNiNDEyM2IifQ%3D%3D\">\n\t\t\t\t\t<div class=\"e-gallery-image elementor-gallery-item__image\" data-thumbnail=\"https:\/\/www.portovenere.fr\/fr-fr\/wp-content\/uploads\/2025\/12\/Carrelage-esprit-naturel-terre-cuite-coloris-Mocha-DELICATESSE-grands-formats-120x120-cm-et-120-x280-cm-sol-et-mur-Magasin-Porto-Venere-pres-de-Gigean-34-150x150.jpg\" data-width=\"150\" data-height=\"150\" aria-label=\"Carrelage effet terre cuite esprit naturel 8 coloris collection DELICATESSE pour sols et murs - Magasin carrelages Porto Venere Montpellier pr\u00e8s de Palavas, B\u00e9ziers, S\u00e8te et N\u00eemes\" role=\"img\" ><\/div>\n\t\t\t\t\t\t\t\t\t\t\t<div class=\"elementor-gallery-item__overlay\"><\/div>\n\t\t\t\t\t\t\t\t\t\t\t\t\t\t<\/a>\n\t\t\t\t\t\t\t<a class=\"e-gallery-item elementor-gallery-item elementor-animated-content\" href=\"https:\/\/www.portovenere.fr\/fr-fr\/wp-content\/uploads\/2025\/12\/Carrelage-esprit-naturel-terre-cuite-coloris-Cream-DELICATESSE-grands-formats-120x120-cm-et-120-x280-cm-sol-et-mur-Magasin-Porto-Venere-pres-de-Laverune-34.jpg\" data-elementor-open-lightbox=\"yes\" data-elementor-lightbox-slideshow=\"cb4123b\" data-elementor-lightbox-title=\"Carrelage-esprit-naturel-terre-cuite-coloris-Cream-DELICATESSE-grands-formats-120x120-cm-et-120-x280-cm-sol-et-mur-Magasin-Porto-Venere-pr\u00e8s-de-Lav\u00e9rune-34\" data-e-action-hash=\"#elementor-action%3Aaction%3Dlightbox%26settings%3DeyJpZCI6Njg1NTUsInVybCI6Imh0dHBzOlwvXC93d3cucG9ydG92ZW5lcmUuZnJcL2ZyLWZyXC93cC1jb250ZW50XC91cGxvYWRzXC8yMDI1XC8xMlwvQ2FycmVsYWdlLWVzcHJpdC1uYXR1cmVsLXRlcnJlLWN1aXRlLWNvbG9yaXMtQ3JlYW0tREVMSUNBVEVTU0UtZ3JhbmRzLWZvcm1hdHMtMTIweDEyMC1jbS1ldC0xMjAteDI4MC1jbS1zb2wtZXQtbXVyLU1hZ2FzaW4tUG9ydG8tVmVuZXJlLXByZXMtZGUtTGF2ZXJ1bmUtMzQuanBnIiwic2xpZGVzaG93IjoiY2I0MTIzYiJ9\">\n\t\t\t\t\t<div class=\"e-gallery-image elementor-gallery-item__image\" data-thumbnail=\"https:\/\/www.portovenere.fr\/fr-fr\/wp-content\/uploads\/2025\/12\/Carrelage-esprit-naturel-terre-cuite-coloris-Cream-DELICATESSE-grands-formats-120x120-cm-et-120-x280-cm-sol-et-mur-Magasin-Porto-Venere-pres-de-Laverune-34-150x150.jpg\" data-width=\"150\" data-height=\"150\" aria-label=\"Carrelage effet terre cuite esprit naturel 8 coloris collection DELICATESSE pour sols et murs - Magasin carrelages Porto Venere Montpellier pr\u00e8s de Palavas, B\u00e9ziers, S\u00e8te et N\u00eemes\" role=\"img\" ><\/div>\n\t\t\t\t\t\t\t\t\t\t\t<div class=\"elementor-gallery-item__overlay\"><\/div>\n\t\t\t\t\t\t\t\t\t\t\t\t\t\t<\/a>\n\t\t\t\t\t\t\t<a class=\"e-gallery-item elementor-gallery-item elementor-animated-content\" href=\"https:\/\/www.portovenere.fr\/fr-fr\/wp-content\/uploads\/2025\/12\/Carrelage-esprit-naturel-terre-cuite-coloris-Cotto-DELICATESSE-grands-formats-120x120-cm-et-120-x280-cm-sol-et-mur-Magasin-Porto-Venere-pres-de-Mireval-34.jpg\" data-elementor-open-lightbox=\"yes\" data-elementor-lightbox-slideshow=\"cb4123b\" data-elementor-lightbox-title=\"Carrelage-esprit-naturel-terre-cuite-coloris-Cotto-DELICATESSE-grands-formats-120x120-cm-et-120-x280-cm-sol-et-mur-Magasin-Porto-Venere-pr\u00e8s-de-Mireval-34\" data-e-action-hash=\"#elementor-action%3Aaction%3Dlightbox%26settings%3DeyJpZCI6Njg1NTQsInVybCI6Imh0dHBzOlwvXC93d3cucG9ydG92ZW5lcmUuZnJcL2ZyLWZyXC93cC1jb250ZW50XC91cGxvYWRzXC8yMDI1XC8xMlwvQ2FycmVsYWdlLWVzcHJpdC1uYXR1cmVsLXRlcnJlLWN1aXRlLWNvbG9yaXMtQ290dG8tREVMSUNBVEVTU0UtZ3JhbmRzLWZvcm1hdHMtMTIweDEyMC1jbS1ldC0xMjAteDI4MC1jbS1zb2wtZXQtbXVyLU1hZ2FzaW4tUG9ydG8tVmVuZXJlLXByZXMtZGUtTWlyZXZhbC0zNC5qcGciLCJzbGlkZXNob3ciOiJjYjQxMjNiIn0%3D\">\n\t\t\t\t\t<div class=\"e-gallery-image elementor-gallery-item__image\" data-thumbnail=\"https:\/\/www.portovenere.fr\/fr-fr\/wp-content\/uploads\/2025\/12\/Carrelage-esprit-naturel-terre-cuite-coloris-Cotto-DELICATESSE-grands-formats-120x120-cm-et-120-x280-cm-sol-et-mur-Magasin-Porto-Venere-pres-de-Mireval-34-150x150.jpg\" data-width=\"150\" data-height=\"150\" aria-label=\"Carrelage effet terre cuite esprit naturel 8 coloris collection DELICATESSE pour sols et murs - Magasin carrelages Porto Venere Montpellier pr\u00e8s de Palavas, B\u00e9ziers, S\u00e8te et N\u00eemes\" role=\"img\" ><\/div>\n\t\t\t\t\t\t\t\t\t\t\t<div class=\"elementor-gallery-item__overlay\"><\/div>\n\t\t\t\t\t\t\t\t\t\t\t\t\t\t<\/a>\n\t\t\t\t\t\t\t<a class=\"e-gallery-item elementor-gallery-item elementor-animated-content\" href=\"https:\/\/www.portovenere.fr\/fr-fr\/wp-content\/uploads\/2025\/12\/Carrelage-esprit-naturel-terre-cuite-coloris-Clay-DELICATESSE-grands-formats-120x120-cm-et-120-x280-cm-sol-et-mur-Magasin-Porto-Venere-pres-de-Vendargues-34.jpg\" data-elementor-open-lightbox=\"yes\" data-elementor-lightbox-slideshow=\"cb4123b\" data-elementor-lightbox-title=\"Carrelage-esprit-naturel-terre-cuite-coloris-Clay-DELICATESSE-grands-formats-120x120-cm-et-120-x280-cm-sol-et-mur-Magasin-Porto-Venere-pr\u00e8s-de-Vendargues-34\" data-e-action-hash=\"#elementor-action%3Aaction%3Dlightbox%26settings%3DeyJpZCI6Njg1NTMsInVybCI6Imh0dHBzOlwvXC93d3cucG9ydG92ZW5lcmUuZnJcL2ZyLWZyXC93cC1jb250ZW50XC91cGxvYWRzXC8yMDI1XC8xMlwvQ2FycmVsYWdlLWVzcHJpdC1uYXR1cmVsLXRlcnJlLWN1aXRlLWNvbG9yaXMtQ2xheS1ERUxJQ0FURVNTRS1ncmFuZHMtZm9ybWF0cy0xMjB4MTIwLWNtLWV0LTEyMC14MjgwLWNtLXNvbC1ldC1tdXItTWFnYXNpbi1Qb3J0by1WZW5lcmUtcHJlcy1kZS1WZW5kYXJndWVzLTM0LmpwZyIsInNsaWRlc2hvdyI6ImNiNDEyM2IifQ%3D%3D\">\n\t\t\t\t\t<div class=\"e-gallery-image elementor-gallery-item__image\" data-thumbnail=\"https:\/\/www.portovenere.fr\/fr-fr\/wp-content\/uploads\/2025\/12\/Carrelage-esprit-naturel-terre-cuite-coloris-Clay-DELICATESSE-grands-formats-120x120-cm-et-120-x280-cm-sol-et-mur-Magasin-Porto-Venere-pres-de-Vendargues-34-150x150.jpg\" data-width=\"150\" data-height=\"150\" aria-label=\"Carrelage effet terre cuite esprit naturel 8 coloris collection DELICATESSE pour sols et murs - Magasin carrelages Porto Venere Montpellier pr\u00e8s de Palavas, B\u00e9ziers, S\u00e8te et N\u00eemes\" role=\"img\" ><\/div>\n\t\t\t\t\t\t\t\t\t\t\t<div class=\"elementor-gallery-item__overlay\"><\/div>\n\t\t\t\t\t\t\t\t\t\t\t\t\t\t<\/a>\n\t\t\t\t\t\t\t<a class=\"e-gallery-item elementor-gallery-item elementor-animated-content\" href=\"https:\/\/www.portovenere.fr\/fr-fr\/wp-content\/uploads\/2025\/12\/Habillage-mural-mosaique-originale-DELICATTESSE-Malla-8-coloris-magasin-de-carrelages-sols-et-murs-Porto-Venere-Montpellier-pres-de-Lattes-34.jpg\" data-elementor-open-lightbox=\"yes\" data-elementor-lightbox-slideshow=\"cb4123b\" data-elementor-lightbox-title=\"Habillage-mural-mosaique-originale-DELICATTESSE-Malla-8-coloris-magasin-de-carrelages-sols-et-murs-Porto-Venere-Montpellier-pr\u00e8s-de-Lattes-34\" data-e-action-hash=\"#elementor-action%3Aaction%3Dlightbox%26settings%3DeyJpZCI6Njg2MDksInVybCI6Imh0dHBzOlwvXC93d3cucG9ydG92ZW5lcmUuZnJcL2ZyLWZyXC93cC1jb250ZW50XC91cGxvYWRzXC8yMDI1XC8xMlwvSGFiaWxsYWdlLW11cmFsLW1vc2FpcXVlLW9yaWdpbmFsZS1ERUxJQ0FUVEVTU0UtTWFsbGEtOC1jb2xvcmlzLW1hZ2FzaW4tZGUtY2FycmVsYWdlcy1zb2xzLWV0LW11cnMtUG9ydG8tVmVuZXJlLU1vbnRwZWxsaWVyLXByZXMtZGUtTGF0dGVzLTM0LmpwZyIsInNsaWRlc2hvdyI6ImNiNDEyM2IifQ%3D%3D\">\n\t\t\t\t\t<div class=\"e-gallery-image elementor-gallery-item__image\" data-thumbnail=\"https:\/\/www.portovenere.fr\/fr-fr\/wp-content\/uploads\/2025\/12\/Habillage-mural-mosaique-originale-DELICATTESSE-Malla-8-coloris-magasin-de-carrelages-sols-et-murs-Porto-Venere-Montpellier-pres-de-Lattes-34-150x150.jpg\" data-width=\"150\" data-height=\"150\" aria-label=\"\" role=\"img\" ><\/div>\n\t\t\t\t\t\t\t\t\t\t\t<div class=\"elementor-gallery-item__overlay\"><\/div>\n\t\t\t\t\t\t\t\t\t\t\t\t\t\t<\/a>\n\t\t\t\t\t\t\t<a class=\"e-gallery-item elementor-gallery-item elementor-animated-content\" href=\"https:\/\/www.portovenere.fr\/fr-fr\/wp-content\/uploads\/2025\/12\/Mosaique-originale-DELICATTESSE-Malla-8-coloris-magasin-de-carrelages-sols-et-murs-Porto-Venere-Montpellier-pres-de-Mauguio-34.jpg\" data-elementor-open-lightbox=\"yes\" data-elementor-lightbox-slideshow=\"cb4123b\" data-elementor-lightbox-title=\"Mosaique-originale-DELICATTESSE-Malla-8-coloris-magasin-de-carrelages-sols-et-murs-Porto-Venere-Montpellier-pr\u00e8s-de-Mauguio-34\" data-e-action-hash=\"#elementor-action%3Aaction%3Dlightbox%26settings%3DeyJpZCI6Njg2MDgsInVybCI6Imh0dHBzOlwvXC93d3cucG9ydG92ZW5lcmUuZnJcL2ZyLWZyXC93cC1jb250ZW50XC91cGxvYWRzXC8yMDI1XC8xMlwvTW9zYWlxdWUtb3JpZ2luYWxlLURFTElDQVRURVNTRS1NYWxsYS04LWNvbG9yaXMtbWFnYXNpbi1kZS1jYXJyZWxhZ2VzLXNvbHMtZXQtbXVycy1Qb3J0by1WZW5lcmUtTW9udHBlbGxpZXItcHJlcy1kZS1NYXVndWlvLTM0LmpwZyIsInNsaWRlc2hvdyI6ImNiNDEyM2IifQ%3D%3D\">\n\t\t\t\t\t<div class=\"e-gallery-image elementor-gallery-item__image\" data-thumbnail=\"https:\/\/www.portovenere.fr\/fr-fr\/wp-content\/uploads\/2025\/12\/Mosaique-originale-DELICATTESSE-Malla-8-coloris-magasin-de-carrelages-sols-et-murs-Porto-Venere-Montpellier-pres-de-Mauguio-34-150x150.jpg\" data-width=\"150\" data-height=\"150\" aria-label=\"\" role=\"img\" ><\/div>\n\t\t\t\t\t\t\t\t\t\t\t<div class=\"elementor-gallery-item__overlay\"><\/div>\n\t\t\t\t\t\t\t\t\t\t\t\t\t\t<\/a>\n\t\t\t\t\t<\/div>\n\t\t\t\t\t<\/div>\n\t\t\t\t<\/div>\n\t\t\t\t<div class=\"elementor-element elementor-element-0d10034 elementor-widget elementor-widget-text-editor\" data-id=\"0d10034\" data-element_type=\"widget\" data-e-type=\"widget\" data-widget_type=\"text-editor.default\">\n\t\t\t\t<div class=\"elementor-widget-container\">\n\t\t\t\t\t\t\t\t\t<p data-start=\"33\" data-end=\"290\">La collection <strong data-start=\"2261\" data-end=\"2276\">DELICATESSE<\/strong> revisite l\u2019effet terre cuite \u00e0 travers un <strong data-start=\"2319\" data-end=\"2352\">gr\u00e8s c\u00e9rame pour sols et murs<\/strong>, alliant authenticit\u00e9 et performance.\u00a0<\/p><p data-start=\"33\" data-end=\"290\">Disponible en <strong data-start=\"2405\" data-end=\"2418\">8 coloris<\/strong> inspir\u00e9s de la terre, du sable, du cr\u00e8me, du mocha, du blanc, du terracotta et du gris clair, elle s\u2019adapte \u00e0 tous les styles d\u2019am\u00e9nagement.\u00a0<\/p><p data-start=\"33\" data-end=\"290\">Propos\u00e9e en <strong data-start=\"2572\" data-end=\"2620\">formats 60\u00d760, 60\u00d7120, 120\u00d7120 et 120\u00d7280 cm<\/strong>, avec <strong data-start=\"2627\" data-end=\"2666\">finition naturelle ou antid\u00e9rapante<\/strong>,\u00a0<\/p><p data-start=\"33\" data-end=\"290\">DELICATESSE permet une continuit\u00e9 parfaite entre int\u00e9rieur et ext\u00e9rieur.\u00a0<\/p><p data-start=\"33\" data-end=\"290\"><strong data-start=\"2741\" data-end=\"2775\">5 d\u00e9cors muraux et 2 mosa\u00efques<\/strong> viennent enrichir la collection pour cr\u00e9er des espaces chaleureux, \u00e9l\u00e9gants et r\u00e9solument contemporains.<\/p>\t\t\t\t\t\t\t\t<\/div>\n\t\t\t\t<\/div>\n\t\t\t\t<div class=\"elementor-element elementor-element-b8c354f elementor-mobile-align-center elementor-widget elementor-widget-button\" data-id=\"b8c354f\" data-element_type=\"widget\" data-e-type=\"widget\" data-widget_type=\"button.default\">\n\t\t\t\t<div class=\"elementor-widget-container\">\n\t\t\t\t\t\t\t\t\t<div class=\"elementor-button-wrapper\">\n\t\t\t\t\t<a class=\"elementor-button elementor-button-link elementor-size-sm\" href=\"https:\/\/www.portovenere.fr\/fr-fr\/carrelage-sol-et-mur-en-gres-cerame-et-faience\/carrelage-aspect-pierre\/carrelage-effet-terre-cuite-pour-sols-et-murs-delicatesse\/\">\n\t\t\t\t\t\t<span class=\"elementor-button-content-wrapper\">\n\t\t\t\t\t\t\t\t\t<span class=\"elementor-button-text\">Voir la collection<\/span>\n\t\t\t\t\t<\/span>\n\t\t\t\t\t<\/a>\n\t\t\t\t<\/div>\n\t\t\t\t\t\t\t\t<\/div>\n\t\t\t\t<\/div>\n\t\t\t\t\t<\/div>\n\t\t<\/div>\n\t\t\t\t<div class=\"elementor-column elementor-col-33 elementor-top-column elementor-element elementor-element-f4a5587\" data-id=\"f4a5587\" data-element_type=\"column\" data-e-type=\"column\" data-settings=\"{&quot;background_background&quot;:&quot;classic&quot;}\">\n\t\t\t<div class=\"elementor-widget-wrap elementor-element-populated\">\n\t\t\t\t\t\t<div class=\"elementor-element elementor-element-91f01e5 elementor-widget elementor-widget-image\" data-id=\"91f01e5\" data-element_type=\"widget\" data-e-type=\"widget\" data-widget_type=\"image.default\">\n\t\t\t\t<div class=\"elementor-widget-container\">\n\t\t\t\t\t\t\t\t\t\t\t\t\t\t\t\t<a href=\"https:\/\/www.portovenere.fr\/fr-fr\/carrelage-sol-et-mur-en-gres-cerame-et-faience\/carrelage-aspect-pierre\/carrelage-effet-pierre-pour-interieur-et-exterieur-kaposano\/\">\n\t\t\t\t\t\t\t<img decoding=\"async\" src=\"https:\/\/www.portovenere.fr\/fr-fr\/wp-content\/uploads\/elementor\/thumbs\/Carrelage-en-gres-cerame-exterieur-et-interieur-KAPOSANO-3-coloris-pour-sols-et-pose-murale-magasin-carrelage-haut-de-gamme-Porto_Venere_Montpellier-pres-de-Agde-34-rfphm7efg4firu37xxtyhwcjlj6gevt5pma2stoh4w.jpg\" title=\"Carrelage-en-gr\u00e8s-c\u00e9rame-ext\u00e9rieur-et-int\u00e9rieur-KAPOSANO-3-coloris-pour-sols-et-pose-murale-magasin-carrelage-haut-de-gamme-Porto_Venere_Montpellier-pr\u00e8s-de-Agde-34\" alt=\"Carrelage gr\u00e8s c\u00e9rame effet pierre travertin haut de gamme KAPOSANO magasin de carrelages et pierres naturelles PORTO VENERE MONTPELLIER dans l&#039;H\u00e9rault\" loading=\"lazy\" \/>\t\t\t\t\t\t\t\t<\/a>\n\t\t\t\t\t\t\t\t\t\t\t\t\t\t\t<\/div>\n\t\t\t\t<\/div>\n\t\t\t\t<div class=\"elementor-element elementor-element-f3c09f2 elementor-widget elementor-widget-heading\" data-id=\"f3c09f2\" data-element_type=\"widget\" data-e-type=\"widget\" data-widget_type=\"heading.default\">\n\t\t\t\t<div class=\"elementor-widget-container\">\n\t\t\t\t\t<h3 class=\"elementor-heading-title elementor-size-default\"><a href=\"https:\/\/www.portovenere.fr\/fr-fr\/carrelage-sol-et-mur-en-gres-cerame-et-faience\/carrelage-aspect-pierre\/carrelage-effet-pierre-pour-interieur-et-exterieur-kaposano\/pierre\/carrelage-clair-en-gres-cerame-ozigua\/\">KAPOSANO | 3 coloris &amp; D\u00e9cors<\/a><\/h3>\t\t\t\t<\/div>\n\t\t\t\t<\/div>\n\t\t\t\t<div class=\"elementor-element elementor-element-315ccaa elementor-widget__width-initial elementor-widget elementor-widget-gallery\" data-id=\"315ccaa\" data-element_type=\"widget\" data-e-type=\"widget\" data-settings=\"{&quot;gap&quot;:{&quot;unit&quot;:&quot;px&quot;,&quot;size&quot;:3,&quot;sizes&quot;:[]},&quot;columns_mobile&quot;:3,&quot;gap_mobile&quot;:{&quot;unit&quot;:&quot;px&quot;,&quot;size&quot;:6,&quot;sizes&quot;:[]},&quot;columns&quot;:5,&quot;columns_tablet&quot;:5,&quot;gap_tablet&quot;:{&quot;unit&quot;:&quot;px&quot;,&quot;size&quot;:5,&quot;sizes&quot;:[]},&quot;lazyload&quot;:&quot;yes&quot;,&quot;gallery_layout&quot;:&quot;grid&quot;,&quot;link_to&quot;:&quot;file&quot;,&quot;aspect_ratio&quot;:&quot;3:2&quot;,&quot;overlay_background&quot;:&quot;yes&quot;,&quot;content_hover_animation&quot;:&quot;fade-in&quot;}\" data-widget_type=\"gallery.default\">\n\t\t\t\t<div class=\"elementor-widget-container\">\n\t\t\t\t\t\t\t<div class=\"elementor-gallery__container\">\n\t\t\t\t\t\t\t<a class=\"e-gallery-item elementor-gallery-item elementor-animated-content\" href=\"https:\/\/www.portovenere.fr\/fr-fr\/wp-content\/uploads\/2025\/12\/Carrelage-en-gres-cerame-exterieur-et-interieur-KAPOSANO-coloris-NUT-pour-sols-et-murs-magasin-carrelage-haut-de-gamme-Porto_Venere_Montpellier-pres-de-Saint-Gely-du-Fesc-34.jpg\" data-elementor-open-lightbox=\"yes\" data-elementor-lightbox-slideshow=\"315ccaa\" data-elementor-lightbox-title=\"Carrelage-en-gr\u00e8s-c\u00e9rame-ext\u00e9rieur-et-int\u00e9rieur-KAPOSANO-coloris-NUT-pour-sols-et-murs-magasin-carrelage-haut-de-gamme-Porto_Venere_Montpellier-pr\u00e8s-de-Saint-G\u00e9ly-du-Fesc-34\" data-e-action-hash=\"#elementor-action%3Aaction%3Dlightbox%26settings%3DeyJpZCI6Njc4NzIsInVybCI6Imh0dHBzOlwvXC93d3cucG9ydG92ZW5lcmUuZnJcL2ZyLWZyXC93cC1jb250ZW50XC91cGxvYWRzXC8yMDI1XC8xMlwvQ2FycmVsYWdlLWVuLWdyZXMtY2VyYW1lLWV4dGVyaWV1ci1ldC1pbnRlcmlldXItS0FQT1NBTk8tY29sb3Jpcy1OVVQtcG91ci1zb2xzLWV0LW11cnMtbWFnYXNpbi1jYXJyZWxhZ2UtaGF1dC1kZS1nYW1tZS1Qb3J0b19WZW5lcmVfTW9udHBlbGxpZXItcHJlcy1kZS1TYWludC1HZWx5LWR1LUZlc2MtMzQuanBnIiwic2xpZGVzaG93IjoiMzE1Y2NhYSJ9\">\n\t\t\t\t\t<div class=\"e-gallery-image elementor-gallery-item__image\" data-thumbnail=\"https:\/\/www.portovenere.fr\/fr-fr\/wp-content\/uploads\/2025\/12\/Carrelage-en-gres-cerame-exterieur-et-interieur-KAPOSANO-coloris-NUT-pour-sols-et-murs-magasin-carrelage-haut-de-gamme-Porto_Venere_Montpellier-pres-de-Saint-Gely-du-Fesc-34-150x150.jpg\" data-width=\"150\" data-height=\"150\" aria-label=\"Carrelage gr\u00e8s c\u00e9rame effet pierre travertin haut de gamme KAPOSANO magasin de carrelages et pierres naturelles PORTO VENERE MONTPELLIER dans l&#039;H\u00e9rault\" role=\"img\" ><\/div>\n\t\t\t\t\t\t\t\t\t\t\t<div class=\"elementor-gallery-item__overlay\"><\/div>\n\t\t\t\t\t\t\t\t\t\t\t\t\t\t<\/a>\n\t\t\t\t\t\t\t<a class=\"e-gallery-item elementor-gallery-item elementor-animated-content\" href=\"https:\/\/www.portovenere.fr\/fr-fr\/wp-content\/uploads\/2025\/12\/Carrelage-en-gres-cerame-exterieur-et-interieur-KAPOSANO-coloris-LIGHT-pour-sols-et-murs-magasin-carrelage-haut-de-gamme-Porto_Venere_Montpellier-pres-de-Palavas-34.jpg\" data-elementor-open-lightbox=\"yes\" data-elementor-lightbox-slideshow=\"315ccaa\" data-elementor-lightbox-title=\"Carrelage-en-gr\u00e8s-c\u00e9rame-ext\u00e9rieur-et-int\u00e9rieur-KAPOSANO-coloris-LIGHT-pour-sols-et-murs-magasin-carrelage-haut-de-gamme-Porto_Venere_Montpellier-pr\u00e8s-de-Palavas-34\" data-e-action-hash=\"#elementor-action%3Aaction%3Dlightbox%26settings%3DeyJpZCI6Njc4NzEsInVybCI6Imh0dHBzOlwvXC93d3cucG9ydG92ZW5lcmUuZnJcL2ZyLWZyXC93cC1jb250ZW50XC91cGxvYWRzXC8yMDI1XC8xMlwvQ2FycmVsYWdlLWVuLWdyZXMtY2VyYW1lLWV4dGVyaWV1ci1ldC1pbnRlcmlldXItS0FQT1NBTk8tY29sb3Jpcy1MSUdIVC1wb3VyLXNvbHMtZXQtbXVycy1tYWdhc2luLWNhcnJlbGFnZS1oYXV0LWRlLWdhbW1lLVBvcnRvX1ZlbmVyZV9Nb250cGVsbGllci1wcmVzLWRlLVBhbGF2YXMtMzQuanBnIiwic2xpZGVzaG93IjoiMzE1Y2NhYSJ9\">\n\t\t\t\t\t<div class=\"e-gallery-image elementor-gallery-item__image\" data-thumbnail=\"https:\/\/www.portovenere.fr\/fr-fr\/wp-content\/uploads\/2025\/12\/Carrelage-en-gres-cerame-exterieur-et-interieur-KAPOSANO-coloris-LIGHT-pour-sols-et-murs-magasin-carrelage-haut-de-gamme-Porto_Venere_Montpellier-pres-de-Palavas-34-150x150.jpg\" data-width=\"150\" data-height=\"150\" aria-label=\"Carrelage gr\u00e8s c\u00e9rame effet pierre travertin haut de gamme KAPOSANO magasin de carrelages et pierres naturelles PORTO VENERE MONTPELLIER dans l&#039;H\u00e9rault\" role=\"img\" ><\/div>\n\t\t\t\t\t\t\t\t\t\t\t<div class=\"elementor-gallery-item__overlay\"><\/div>\n\t\t\t\t\t\t\t\t\t\t\t\t\t\t<\/a>\n\t\t\t\t\t\t\t<a class=\"e-gallery-item elementor-gallery-item elementor-animated-content\" href=\"https:\/\/www.portovenere.fr\/fr-fr\/wp-content\/uploads\/2025\/12\/Carrelage-en-gres-cerame-exterieur-et-interieur-KAPOSANO-coloris-IVORY-pour-sols-et-murs-magasin-carrelage-haut-de-gamme-Porto_Venere_Montpellier-pres-de-Clapiers-34.jpg\" data-elementor-open-lightbox=\"yes\" data-elementor-lightbox-slideshow=\"315ccaa\" data-elementor-lightbox-title=\"Carrelage-en-gr\u00e8s-c\u00e9rame-ext\u00e9rieur-et-int\u00e9rieur-KAPOSANO-coloris-IVORY-pour-sols-et-murs-magasin-carrelage-haut-de-gamme-Porto_Venere_Montpellier-pr\u00e8s-de-Clapiers-34\" data-e-action-hash=\"#elementor-action%3Aaction%3Dlightbox%26settings%3DeyJpZCI6Njc4NzAsInVybCI6Imh0dHBzOlwvXC93d3cucG9ydG92ZW5lcmUuZnJcL2ZyLWZyXC93cC1jb250ZW50XC91cGxvYWRzXC8yMDI1XC8xMlwvQ2FycmVsYWdlLWVuLWdyZXMtY2VyYW1lLWV4dGVyaWV1ci1ldC1pbnRlcmlldXItS0FQT1NBTk8tY29sb3Jpcy1JVk9SWS1wb3VyLXNvbHMtZXQtbXVycy1tYWdhc2luLWNhcnJlbGFnZS1oYXV0LWRlLWdhbW1lLVBvcnRvX1ZlbmVyZV9Nb250cGVsbGllci1wcmVzLWRlLUNsYXBpZXJzLTM0LmpwZyIsInNsaWRlc2hvdyI6IjMxNWNjYWEifQ%3D%3D\">\n\t\t\t\t\t<div class=\"e-gallery-image elementor-gallery-item__image\" data-thumbnail=\"https:\/\/www.portovenere.fr\/fr-fr\/wp-content\/uploads\/2025\/12\/Carrelage-en-gres-cerame-exterieur-et-interieur-KAPOSANO-coloris-IVORY-pour-sols-et-murs-magasin-carrelage-haut-de-gamme-Porto_Venere_Montpellier-pres-de-Clapiers-34-150x150.jpg\" data-width=\"150\" data-height=\"150\" aria-label=\"Carrelage gr\u00e8s c\u00e9rame effet pierre travertin haut de gamme KAPOSANO magasin de carrelages et pierres naturelles PORTO VENERE MONTPELLIER dans l&#039;H\u00e9rault\" role=\"img\" ><\/div>\n\t\t\t\t\t\t\t\t\t\t\t<div class=\"elementor-gallery-item__overlay\"><\/div>\n\t\t\t\t\t\t\t\t\t\t\t\t\t\t<\/a>\n\t\t\t\t\t\t\t<a class=\"e-gallery-item elementor-gallery-item elementor-animated-content\" href=\"https:\/\/www.portovenere.fr\/fr-fr\/wp-content\/uploads\/2025\/12\/Carrelage-mural-a-relief-strie-KAPOSANO-decor-PLISSE-60x120-cm-3-coloris-teinets-naturelles-magasin-PORTO-VENERE-MONTPELLEIR-pres-de-Jacou-34.png\" data-elementor-open-lightbox=\"yes\" data-elementor-lightbox-slideshow=\"315ccaa\" data-elementor-lightbox-title=\"Carrelage mural \u00e0 relief stri\u00e9 KAPOSANO d\u00e9cor PLISS\u00c9 60x120 cm 3 coloris teinets naturelles magasin PORTO VENERE MONTPELLEIR pr\u00e8s de Jacou 34\" data-e-action-hash=\"#elementor-action%3Aaction%3Dlightbox%26settings%3DeyJpZCI6Njc4NjUsInVybCI6Imh0dHBzOlwvXC93d3cucG9ydG92ZW5lcmUuZnJcL2ZyLWZyXC93cC1jb250ZW50XC91cGxvYWRzXC8yMDI1XC8xMlwvQ2FycmVsYWdlLW11cmFsLWEtcmVsaWVmLXN0cmllLUtBUE9TQU5PLWRlY29yLVBMSVNTRS02MHgxMjAtY20tMy1jb2xvcmlzLXRlaW5ldHMtbmF0dXJlbGxlcy1tYWdhc2luLVBPUlRPLVZFTkVSRS1NT05UUEVMTEVJUi1wcmVzLWRlLUphY291LTM0LnBuZyIsInNsaWRlc2hvdyI6IjMxNWNjYWEifQ%3D%3D\">\n\t\t\t\t\t<div class=\"e-gallery-image elementor-gallery-item__image\" data-thumbnail=\"https:\/\/www.portovenere.fr\/fr-fr\/wp-content\/uploads\/2025\/12\/Carrelage-mural-a-relief-strie-KAPOSANO-decor-PLISSE-60x120-cm-3-coloris-teinets-naturelles-magasin-PORTO-VENERE-MONTPELLEIR-pres-de-Jacou-34-150x150.png\" data-width=\"150\" data-height=\"150\" aria-label=\"Carrelage gr\u00e8s c\u00e9rame effet pierre travertin haut de gamme KAPOSANO magasin de carrelages et pierres naturelles PORTO VENERE MONTPELLIER dans l&#039;H\u00e9rault\" role=\"img\" ><\/div>\n\t\t\t\t\t\t\t\t\t\t\t<div class=\"elementor-gallery-item__overlay\"><\/div>\n\t\t\t\t\t\t\t\t\t\t\t\t\t\t<\/a>\n\t\t\t\t\t\t\t<a class=\"e-gallery-item elementor-gallery-item elementor-animated-content\" href=\"https:\/\/www.portovenere.fr\/fr-fr\/wp-content\/uploads\/2025\/12\/Carrelage-mural-a-relief-strie-KAPOSANO-decor-GRID-60x120-cm-3-coloris-teinets-naturelles-magasin-PORTO-VENERE-MONTPELLEIR-pres-de-Perols-34.png\" data-elementor-open-lightbox=\"yes\" data-elementor-lightbox-slideshow=\"315ccaa\" data-elementor-lightbox-title=\"Carrelage mural \u00e0 relief stri\u00e9 KAPOSANO d\u00e9cor GRID 60x120 cm 3 coloris teinets naturelles magasin PORTO VENERE MONTPELLEIR pr\u00e8s de P\u00e9rols 34\" data-e-action-hash=\"#elementor-action%3Aaction%3Dlightbox%26settings%3DeyJpZCI6Njc4NjQsInVybCI6Imh0dHBzOlwvXC93d3cucG9ydG92ZW5lcmUuZnJcL2ZyLWZyXC93cC1jb250ZW50XC91cGxvYWRzXC8yMDI1XC8xMlwvQ2FycmVsYWdlLW11cmFsLWEtcmVsaWVmLXN0cmllLUtBUE9TQU5PLWRlY29yLUdSSUQtNjB4MTIwLWNtLTMtY29sb3Jpcy10ZWluZXRzLW5hdHVyZWxsZXMtbWFnYXNpbi1QT1JUTy1WRU5FUkUtTU9OVFBFTExFSVItcHJlcy1kZS1QZXJvbHMtMzQucG5nIiwic2xpZGVzaG93IjoiMzE1Y2NhYSJ9\">\n\t\t\t\t\t<div class=\"e-gallery-image elementor-gallery-item__image\" data-thumbnail=\"https:\/\/www.portovenere.fr\/fr-fr\/wp-content\/uploads\/2025\/12\/Carrelage-mural-a-relief-strie-KAPOSANO-decor-GRID-60x120-cm-3-coloris-teinets-naturelles-magasin-PORTO-VENERE-MONTPELLEIR-pres-de-Perols-34-150x150.png\" data-width=\"150\" data-height=\"150\" aria-label=\"Carrelage gr\u00e8s c\u00e9rame effet pierre travertin haut de gamme KAPOSANO magasin de carrelages et pierres naturelles PORTO VENERE MONTPELLIER dans l&#039;H\u00e9rault\" role=\"img\" ><\/div>\n\t\t\t\t\t\t\t\t\t\t\t<div class=\"elementor-gallery-item__overlay\"><\/div>\n\t\t\t\t\t\t\t\t\t\t\t\t\t\t<\/a>\n\t\t\t\t\t<\/div>\n\t\t\t\t\t<\/div>\n\t\t\t\t<\/div>\n\t\t\t\t<div class=\"elementor-element elementor-element-82cace8 elementor-widget elementor-widget-text-editor\" data-id=\"82cace8\" data-element_type=\"widget\" data-e-type=\"widget\" data-widget_type=\"text-editor.default\">\n\t\t\t\t<div class=\"elementor-widget-container\">\n\t\t\t\t\t\t\t\t\t<p data-start=\"184\" data-end=\"483\">La collection <strong data-start=\"2569\" data-end=\"2581\">KAPOSANO<\/strong> revisite l\u2019\u00e9l\u00e9gance naturelle du travertin avec des surfaces lumineuses et authentiques.\u00a0<\/p><p data-start=\"184\" data-end=\"483\">D\u00e9clin\u00e9e en <strong data-start=\"2683\" data-end=\"2692\">Light<\/strong>, <strong data-start=\"2694\" data-end=\"2703\">Ivory<\/strong> et <strong data-start=\"2707\" data-end=\"2714\">Nut<\/strong>, elle offre un r\u00e9alisme graphique remarquable. Ses formats, du <strong data-start=\"2778\" data-end=\"2792\">120&#215;278 cm<\/strong> au <strong data-start=\"2796\" data-end=\"2808\">30&#215;60 cm<\/strong>, ainsi que ses mosa\u00efques et ses d\u00e9cors structur\u00e9s <strong data-start=\"2859\" data-end=\"2869\">Pliss\u00e9<\/strong> et <strong data-start=\"2873\" data-end=\"2881\">Grid<\/strong>, permettent de cr\u00e9er des espaces harmonieux et expressifs.\u00a0<\/p><p data-start=\"184\" data-end=\"483\">Adapt\u00e9e \u00e0 l\u2019int\u00e9rieur comme \u00e0 l\u2019ext\u00e9rieur, KAPOSANO propose des finitions techniques <strong data-start=\"3026\" data-end=\"3034\">Grip<\/strong> et <strong data-start=\"3038\" data-end=\"3053\">20 mm R11 C<\/strong>, parfaites pour terrasses et zones humides.<\/p><p data-start=\"184\" data-end=\"483\">\u00a0Un carrelage polyvalent, contemporain et durable, id\u00e9al pour donner caract\u00e8re et sophistication \u00e0 tout projet architectural.<\/p>\t\t\t\t\t\t\t\t<\/div>\n\t\t\t\t<\/div>\n\t\t\t\t<div class=\"elementor-element elementor-element-5d4af7d elementor-mobile-align-center elementor-align-left elementor-widget elementor-widget-button\" data-id=\"5d4af7d\" data-element_type=\"widget\" data-e-type=\"widget\" data-widget_type=\"button.default\">\n\t\t\t\t<div class=\"elementor-widget-container\">\n\t\t\t\t\t\t\t\t\t<div class=\"elementor-button-wrapper\">\n\t\t\t\t\t<a class=\"elementor-button elementor-button-link elementor-size-sm\" href=\"https:\/\/www.portovenere.fr\/fr-fr\/carrelage-sol-et-mur-en-gres-cerame-et-faience\/carrelage-aspect-pierre\/carrelage-effet-pierre-pour-interieur-et-exterieur-kaposano\/\">\n\t\t\t\t\t\t<span class=\"elementor-button-content-wrapper\">\n\t\t\t\t\t\t\t\t\t<span class=\"elementor-button-text\">Voir la collection<\/span>\n\t\t\t\t\t<\/span>\n\t\t\t\t\t<\/a>\n\t\t\t\t<\/div>\n\t\t\t\t\t\t\t\t<\/div>\n\t\t\t\t<\/div>\n\t\t\t\t\t<\/div>\n\t\t<\/div>\n\t\t\t\t\t<\/div>\n\t\t<\/section>\n\t\t\t\t<section class=\"elementor-section elementor-top-section elementor-element elementor-element-bee200d elementor-section-full_width elementor-section-height-default elementor-section-height-default\" data-id=\"bee200d\" data-element_type=\"section\" data-e-type=\"section\">\n\t\t\t\t\t\t<div class=\"elementor-container elementor-column-gap-default\">\n\t\t\t\t\t<div class=\"elementor-column elementor-col-33 elementor-top-column elementor-element elementor-element-78a19ac\" data-id=\"78a19ac\" data-element_type=\"column\" data-e-type=\"column\">\n\t\t\t<div class=\"elementor-widget-wrap elementor-element-populated\">\n\t\t\t\t\t\t<div class=\"elementor-element elementor-element-32f2eb0 elementor-widget elementor-widget-image\" data-id=\"32f2eb0\" data-element_type=\"widget\" data-e-type=\"widget\" data-widget_type=\"image.default\">\n\t\t\t\t<div class=\"elementor-widget-container\">\n\t\t\t\t\t\t\t\t\t\t\t\t\t\t\t\t<a href=\"https:\/\/www.portovenere.fr\/fr-fr\/carrelage-sol-et-mur-en-gres-cerame-et-faience\/carrelage-aspect-pierre\/carrelage-haut-de-gamme-effet-pierre-variati\/\">\n\t\t\t\t\t\t\t<img decoding=\"async\" src=\"https:\/\/www.portovenere.fr\/fr-fr\/wp-content\/uploads\/elementor\/thumbs\/Carrelage-effet-pierre-naturelle-interieur-et-exterieur-finition-antiderapante-Rough-VARIATI-coloris-Clay-Magasin-Porto-Venere-Montpellier-proche-de-La-Grande-Motte-34-rheeaoyfj2j9fxwl5vvwzyzx32yvxyl8bnl5sr2geg.jpg\" title=\"Carrelage-effet-pierre-naturelle-int\u00e9rieur-et-ext\u00e9rieur-finition-antid\u00e9rapante-Rough-VARIATI-coloris-Clay-Magasin-Porto-Venere-Montpellier-proche-de-La-Grande-Motte-34\" alt=\"Coloris Clay finition antid\u00e9rapante Rough en terrasse 60x120 cm et naturelle \u00e0 l&#039;int\u00e9rieur 120x120 cm\" loading=\"lazy\" \/>\t\t\t\t\t\t\t\t<\/a>\n\t\t\t\t\t\t\t\t\t\t\t\t\t\t\t<\/div>\n\t\t\t\t<\/div>\n\t\t\t\t<div class=\"elementor-element elementor-element-6792f45 elementor-widget elementor-widget-heading\" data-id=\"6792f45\" data-element_type=\"widget\" data-e-type=\"widget\" data-widget_type=\"heading.default\">\n\t\t\t\t<div class=\"elementor-widget-container\">\n\t\t\t\t\t<h3 class=\"elementor-heading-title elementor-size-default\"><a href=\"https:\/\/www.portovenere.fr\/fr-fr\/carrelage-sol-et-mur-en-gres-cerame-et-faience\/carrelage-aspect-pierre\/carrelage-haut-de-gamme-effet-pierre-variati\/\">VARIATI | 4 coloris<\/a><\/h3>\t\t\t\t<\/div>\n\t\t\t\t<\/div>\n\t\t\t\t<div class=\"elementor-element elementor-element-55de580 elementor-widget__width-initial elementor-widget elementor-widget-gallery\" data-id=\"55de580\" data-element_type=\"widget\" data-e-type=\"widget\" data-settings=\"{&quot;gap&quot;:{&quot;unit&quot;:&quot;px&quot;,&quot;size&quot;:3,&quot;sizes&quot;:[]},&quot;columns_mobile&quot;:3,&quot;gap_mobile&quot;:{&quot;unit&quot;:&quot;px&quot;,&quot;size&quot;:6,&quot;sizes&quot;:[]},&quot;columns&quot;:5,&quot;columns_tablet&quot;:5,&quot;gap_tablet&quot;:{&quot;unit&quot;:&quot;px&quot;,&quot;size&quot;:5,&quot;sizes&quot;:[]},&quot;lazyload&quot;:&quot;yes&quot;,&quot;gallery_layout&quot;:&quot;grid&quot;,&quot;link_to&quot;:&quot;file&quot;,&quot;aspect_ratio&quot;:&quot;3:2&quot;,&quot;overlay_background&quot;:&quot;yes&quot;,&quot;content_hover_animation&quot;:&quot;fade-in&quot;}\" data-widget_type=\"gallery.default\">\n\t\t\t\t<div class=\"elementor-widget-container\">\n\t\t\t\t\t\t\t<div class=\"elementor-gallery__container\">\n\t\t\t\t\t\t\t<a class=\"e-gallery-item elementor-gallery-item elementor-animated-content\" href=\"https:\/\/www.portovenere.fr\/fr-fr\/wp-content\/uploads\/2026\/01\/Carrelage-gres-cerame-effet-pierre-foncee-differentes-textures-et-coloris-pour-sols-et-murs-interieur-et-exterieur-VARIATI-coloris-Clay-magasin-Porto-Venere-proche-Sete-34.jpg\" data-elementor-open-lightbox=\"yes\" data-elementor-lightbox-slideshow=\"55de580\" data-elementor-lightbox-title=\"Carrelage-gr\u00e8s-c\u00e9rame-effet-pierre-fonc\u00e9e-diff\u00e9rentes-textures-et-coloris-pour-sols-et-murs-int\u00e9rieur-et-ext\u00e9rieur-VARIATI-coloris-Clay-magasin-Porto-Venere-proche-S\u00e8te-34\" data-e-action-hash=\"#elementor-action%3Aaction%3Dlightbox%26settings%3DeyJpZCI6Njg4ODUsInVybCI6Imh0dHBzOlwvXC93d3cucG9ydG92ZW5lcmUuZnJcL2ZyLWZyXC93cC1jb250ZW50XC91cGxvYWRzXC8yMDI2XC8wMVwvQ2FycmVsYWdlLWdyZXMtY2VyYW1lLWVmZmV0LXBpZXJyZS1mb25jZWUtZGlmZmVyZW50ZXMtdGV4dHVyZXMtZXQtY29sb3Jpcy1wb3VyLXNvbHMtZXQtbXVycy1pbnRlcmlldXItZXQtZXh0ZXJpZXVyLVZBUklBVEktY29sb3Jpcy1DbGF5LW1hZ2FzaW4tUG9ydG8tVmVuZXJlLXByb2NoZS1TZXRlLTM0LmpwZyIsInNsaWRlc2hvdyI6IjU1ZGU1ODAifQ%3D%3D\">\n\t\t\t\t\t<div class=\"e-gallery-image elementor-gallery-item__image\" data-thumbnail=\"https:\/\/www.portovenere.fr\/fr-fr\/wp-content\/uploads\/2026\/01\/Carrelage-gres-cerame-effet-pierre-foncee-differentes-textures-et-coloris-pour-sols-et-murs-interieur-et-exterieur-VARIATI-coloris-Clay-magasin-Porto-Venere-proche-Sete-34-150x150.jpg\" data-width=\"150\" data-height=\"150\" aria-label=\"Carrelage-haut-de-gamme-de-qualit\u00e9-effet-pierre-diff\u00e9rentes-textures-et-coloris-pour-sols-et-murs-int\u00e9rieur-et-ext\u00e9rieur-VARIATI-magasin-Porto-Venere-\u00e0-Montpellier-34\" role=\"img\" ><\/div>\n\t\t\t\t\t\t\t\t\t\t\t<div class=\"elementor-gallery-item__overlay\"><\/div>\n\t\t\t\t\t\t\t\t\t\t\t\t\t\t<\/a>\n\t\t\t\t\t\t\t<a class=\"e-gallery-item elementor-gallery-item elementor-animated-content\" href=\"https:\/\/www.portovenere.fr\/fr-fr\/wp-content\/uploads\/2026\/01\/Carrelage-gres-cerame-effet-pierre-differentes-textures-et-coloris-pour-sols-et-murs-interieur-et-exterieur-VARIATI-coloris-Shell-magasin-Porto-Venere-proche-Perols-34.jpg\" data-elementor-open-lightbox=\"yes\" data-elementor-lightbox-slideshow=\"55de580\" data-elementor-lightbox-title=\"Carrelage-gr\u00e8s-c\u00e9rame-effet-pierre-diff\u00e9rentes-textures-et-coloris-pour-sols-et-murs-int\u00e9rieur-et-ext\u00e9rieur-VARIATI-coloris-Shell-magasin-Porto-Venere-proche-Perols-34\" data-e-action-hash=\"#elementor-action%3Aaction%3Dlightbox%26settings%3DeyJpZCI6Njg4ODQsInVybCI6Imh0dHBzOlwvXC93d3cucG9ydG92ZW5lcmUuZnJcL2ZyLWZyXC93cC1jb250ZW50XC91cGxvYWRzXC8yMDI2XC8wMVwvQ2FycmVsYWdlLWdyZXMtY2VyYW1lLWVmZmV0LXBpZXJyZS1kaWZmZXJlbnRlcy10ZXh0dXJlcy1ldC1jb2xvcmlzLXBvdXItc29scy1ldC1tdXJzLWludGVyaWV1ci1ldC1leHRlcmlldXItVkFSSUFUSS1jb2xvcmlzLVNoZWxsLW1hZ2FzaW4tUG9ydG8tVmVuZXJlLXByb2NoZS1QZXJvbHMtMzQuanBnIiwic2xpZGVzaG93IjoiNTVkZTU4MCJ9\">\n\t\t\t\t\t<div class=\"e-gallery-image elementor-gallery-item__image\" data-thumbnail=\"https:\/\/www.portovenere.fr\/fr-fr\/wp-content\/uploads\/2026\/01\/Carrelage-gres-cerame-effet-pierre-differentes-textures-et-coloris-pour-sols-et-murs-interieur-et-exterieur-VARIATI-coloris-Shell-magasin-Porto-Venere-proche-Perols-34-150x150.jpg\" data-width=\"150\" data-height=\"150\" aria-label=\"Carrelage-haut-de-gamme-de-qualit\u00e9-effet-pierre-diff\u00e9rentes-textures-et-coloris-pour-sols-et-murs-int\u00e9rieur-et-ext\u00e9rieur-VARIATI-magasin-Porto-Venere-\u00e0-Montpellier-34\" role=\"img\" ><\/div>\n\t\t\t\t\t\t\t\t\t\t\t<div class=\"elementor-gallery-item__overlay\"><\/div>\n\t\t\t\t\t\t\t\t\t\t\t\t\t\t<\/a>\n\t\t\t\t\t\t\t<a class=\"e-gallery-item elementor-gallery-item elementor-animated-content\" href=\"https:\/\/www.portovenere.fr\/fr-fr\/wp-content\/uploads\/2026\/01\/Carrelage-gres-cerame-effet-pierre-differentes-textures-et-coloris-pour-sols-et-murs-interieur-et-exterieur-VARIATI-coloris-Clay-magasin-Porto-Venere-proche-Balaruc-34.jpg\" data-elementor-open-lightbox=\"yes\" data-elementor-lightbox-slideshow=\"55de580\" data-elementor-lightbox-title=\"Carrelage-gr\u00e8s-c\u00e9rame-effet-pierre-diff\u00e9rentes-textures-et-coloris-pour-sols-et-murs-int\u00e9rieur-et-ext\u00e9rieur-VARIATI-coloris-Clay-magasin-Porto-Venere-proche-Balaruc-34\" data-e-action-hash=\"#elementor-action%3Aaction%3Dlightbox%26settings%3DeyJpZCI6Njg4ODIsInVybCI6Imh0dHBzOlwvXC93d3cucG9ydG92ZW5lcmUuZnJcL2ZyLWZyXC93cC1jb250ZW50XC91cGxvYWRzXC8yMDI2XC8wMVwvQ2FycmVsYWdlLWdyZXMtY2VyYW1lLWVmZmV0LXBpZXJyZS1kaWZmZXJlbnRlcy10ZXh0dXJlcy1ldC1jb2xvcmlzLXBvdXItc29scy1ldC1tdXJzLWludGVyaWV1ci1ldC1leHRlcmlldXItVkFSSUFUSS1jb2xvcmlzLUNsYXktbWFnYXNpbi1Qb3J0by1WZW5lcmUtcHJvY2hlLUJhbGFydWMtMzQuanBnIiwic2xpZGVzaG93IjoiNTVkZTU4MCJ9\">\n\t\t\t\t\t<div class=\"e-gallery-image elementor-gallery-item__image\" data-thumbnail=\"https:\/\/www.portovenere.fr\/fr-fr\/wp-content\/uploads\/2026\/01\/Carrelage-gres-cerame-effet-pierre-differentes-textures-et-coloris-pour-sols-et-murs-interieur-et-exterieur-VARIATI-coloris-Clay-magasin-Porto-Venere-proche-Balaruc-34-150x150.jpg\" data-width=\"150\" data-height=\"150\" aria-label=\"Carrelage-haut-de-gamme-de-qualit\u00e9-effet-pierre-diff\u00e9rentes-textures-et-coloris-pour-sols-et-murs-int\u00e9rieur-et-ext\u00e9rieur-VARIATI-magasin-Porto-Venere-\u00e0-Montpellier-34\" role=\"img\" ><\/div>\n\t\t\t\t\t\t\t\t\t\t\t<div class=\"elementor-gallery-item__overlay\"><\/div>\n\t\t\t\t\t\t\t\t\t\t\t\t\t\t<\/a>\n\t\t\t\t\t\t\t<a class=\"e-gallery-item elementor-gallery-item elementor-animated-content\" href=\"https:\/\/www.portovenere.fr\/fr-fr\/wp-content\/uploads\/2026\/01\/Carrelage-gres-cerame-effet-pierre-differentes-textures-et-coloris-pour-sols-et-murs-interieur-et-exterieur-VARIATI-coloris-Sand-magasin-Porto-Venere-proche-Jacou-34.jpg\" data-elementor-open-lightbox=\"yes\" data-elementor-lightbox-slideshow=\"55de580\" data-elementor-lightbox-title=\"Carrelage-gr\u00e8s-c\u00e9rame-effet-pierre-diff\u00e9rentes-textures-et-coloris-pour-sols-et-murs-int\u00e9rieur-et-ext\u00e9rieur-VARIATI-coloris-Sand-magasin-Porto-Venere-proche-Jacou-34\" data-e-action-hash=\"#elementor-action%3Aaction%3Dlightbox%26settings%3DeyJpZCI6Njg4ODMsInVybCI6Imh0dHBzOlwvXC93d3cucG9ydG92ZW5lcmUuZnJcL2ZyLWZyXC93cC1jb250ZW50XC91cGxvYWRzXC8yMDI2XC8wMVwvQ2FycmVsYWdlLWdyZXMtY2VyYW1lLWVmZmV0LXBpZXJyZS1kaWZmZXJlbnRlcy10ZXh0dXJlcy1ldC1jb2xvcmlzLXBvdXItc29scy1ldC1tdXJzLWludGVyaWV1ci1ldC1leHRlcmlldXItVkFSSUFUSS1jb2xvcmlzLVNhbmQtbWFnYXNpbi1Qb3J0by1WZW5lcmUtcHJvY2hlLUphY291LTM0LmpwZyIsInNsaWRlc2hvdyI6IjU1ZGU1ODAifQ%3D%3D\">\n\t\t\t\t\t<div class=\"e-gallery-image elementor-gallery-item__image\" data-thumbnail=\"https:\/\/www.portovenere.fr\/fr-fr\/wp-content\/uploads\/2026\/01\/Carrelage-gres-cerame-effet-pierre-differentes-textures-et-coloris-pour-sols-et-murs-interieur-et-exterieur-VARIATI-coloris-Sand-magasin-Porto-Venere-proche-Jacou-34-150x150.jpg\" data-width=\"150\" data-height=\"150\" aria-label=\"Carrelage-haut-de-gamme-de-qualit\u00e9-effet-pierre-diff\u00e9rentes-textures-et-coloris-pour-sols-et-murs-int\u00e9rieur-et-ext\u00e9rieur-VARIATI-magasin-Porto-Venere-\u00e0-Montpellier-34\" role=\"img\" ><\/div>\n\t\t\t\t\t\t\t\t\t\t\t<div class=\"elementor-gallery-item__overlay\"><\/div>\n\t\t\t\t\t\t\t\t\t\t\t\t\t\t<\/a>\n\t\t\t\t\t<\/div>\n\t\t\t\t\t<\/div>\n\t\t\t\t<\/div>\n\t\t\t\t<div class=\"elementor-element elementor-element-9a63695 elementor-widget elementor-widget-text-editor\" data-id=\"9a63695\" data-element_type=\"widget\" data-e-type=\"widget\" data-widget_type=\"text-editor.default\">\n\t\t\t\t<div class=\"elementor-widget-container\">\n\t\t\t\t\t\t\t\t\t<p data-start=\"33\" data-end=\"290\">La collection <strong data-start=\"2256\" data-end=\"2267\">VARIATI<\/strong> est un carrelage haut de gamme effet pierre con\u00e7u pour les <strong data-start=\"2327\" data-end=\"2343\">sols et murs<\/strong>, en <strong>int\u00e9rieur comme en ext\u00e9rieur<\/strong>.\u00a0<\/p><p data-start=\"33\" data-end=\"290\">Elle se d\u00e9cline en <span data-start=\"2397\" data-end=\"2424\"><b>quatre coloris naturels<\/b><\/span> : Shell, Sand, Clay et Shadow.\u00a0<\/p><p data-start=\"33\" data-end=\"290\">Disponible en <strong data-start=\"2470\" data-end=\"2485\">six formats<\/strong>, du <strong data-start=\"2490\" data-end=\"2529\">60\u00d760 cm au grand format 120\u00d7278 cm<\/strong>, VARIATI s\u2019adapte \u00e0 tous les projets.\u00a0<\/p><p data-start=\"33\" data-end=\"290\">Les <strong data-start=\"2572\" data-end=\"2628\">finitions Nat, Lapp, Rough et Rough L2 antid\u00e9rapante<\/strong>, ainsi que les <strong data-start=\"2644\" data-end=\"2672\">\u00e9paisseurs 6, 9 et 20 mm<\/strong>, permettent de r\u00e9pondre aux usages r\u00e9sidentiels et ext\u00e9rieurs, y compris les terrasses et plages de piscine. Une collection \u00e9l\u00e9gante, r\u00e9sistante et polyvalente.<\/p>\t\t\t\t\t\t\t\t<\/div>\n\t\t\t\t<\/div>\n\t\t\t\t<div class=\"elementor-element elementor-element-c92be00 elementor-mobile-align-center elementor-widget elementor-widget-button\" data-id=\"c92be00\" data-element_type=\"widget\" data-e-type=\"widget\" data-widget_type=\"button.default\">\n\t\t\t\t<div class=\"elementor-widget-container\">\n\t\t\t\t\t\t\t\t\t<div class=\"elementor-button-wrapper\">\n\t\t\t\t\t<a class=\"elementor-button elementor-button-link elementor-size-sm\" href=\"https:\/\/www.portovenere.fr\/fr-fr\/carrelage-sol-et-mur-en-gres-cerame-et-faience\/carrelage-aspect-pierre\/carrelage-haut-de-gamme-effet-pierre-variati\/\">\n\t\t\t\t\t\t<span class=\"elementor-button-content-wrapper\">\n\t\t\t\t\t\t\t\t\t<span class=\"elementor-button-text\">Voir la collection<\/span>\n\t\t\t\t\t<\/span>\n\t\t\t\t\t<\/a>\n\t\t\t\t<\/div>\n\t\t\t\t\t\t\t\t<\/div>\n\t\t\t\t<\/div>\n\t\t\t\t\t<\/div>\n\t\t<\/div>\n\t\t\t\t<div class=\"elementor-column elementor-col-33 elementor-top-column elementor-element elementor-element-cc9b8c5\" data-id=\"cc9b8c5\" data-element_type=\"column\" data-e-type=\"column\" data-settings=\"{&quot;background_background&quot;:&quot;classic&quot;}\">\n\t\t\t<div class=\"elementor-widget-wrap elementor-element-populated\">\n\t\t\t\t\t\t<div class=\"elementor-element elementor-element-82ce75a elementor-widget elementor-widget-image\" data-id=\"82ce75a\" data-element_type=\"widget\" data-e-type=\"widget\" data-widget_type=\"image.default\">\n\t\t\t\t<div class=\"elementor-widget-container\">\n\t\t\t\t\t\t\t\t\t\t\t\t\t\t\t\t<a href=\"https:\/\/www.portovenere.fr\/fr-fr\/carrelage-sol-et-mur-en-gres-cerame-et-faience\/carrelage-aspect-pierre\/carrelage-effet-pierre-minerale-pour-sols-et-murs-pietra-minera\/\">\n\t\t\t\t\t\t\t<img decoding=\"async\" src=\"https:\/\/www.portovenere.fr\/fr-fr\/wp-content\/uploads\/elementor\/thumbs\/Carrelage-effet-pierre-naturelle-PIETRA-MINERA-coloris-Rosso-Siena-interieur-et-exterieur-Magasin-Porto-Venere-proche-Saint-Clement-de-Riviere-34-ri0u0w450me6lyqb1drfs9o6zijdglmm0ogsat86v4.jpg\" title=\"Carrelage-effet-pierre-naturelle-PIETRA-MINERA-coloris-Rosso-Siena-int\u00e9rieur-et-ext\u00e9rieur-Magasin-Porto-Venere-proche-Saint-Cl\u00e9ment-de-Rivi\u00e8re-34\" alt=\"Carrelage int\u00e9rieur et ext\u00e9rieur aspect pierre naturelle PIETRA MINERA au sol et d\u00e9cor relief Dune au mur - Magasin de carrelage PORTO VENERE MONTPELLIER dans l&#039;H\u00e9rault 34\" loading=\"lazy\" \/>\t\t\t\t\t\t\t\t<\/a>\n\t\t\t\t\t\t\t\t\t\t\t\t\t\t\t<\/div>\n\t\t\t\t<\/div>\n\t\t\t\t<div class=\"elementor-element elementor-element-2c8d78c elementor-widget elementor-widget-heading\" data-id=\"2c8d78c\" data-element_type=\"widget\" data-e-type=\"widget\" data-widget_type=\"heading.default\">\n\t\t\t\t<div class=\"elementor-widget-container\">\n\t\t\t\t\t<h3 class=\"elementor-heading-title elementor-size-default\"><a href=\"https:\/\/www.portovenere.fr\/fr-fr\/carrelage-sol-et-mur-en-gres-cerame-et-faience\/carrelage-aspect-pierre\/carrelage-effet-pierre-minerale-pour-sols-et-murs-pietra-minera\/\">PIETRA MINERA | 6 coloris &amp; D\u00e9cors<\/a><\/h3>\t\t\t\t<\/div>\n\t\t\t\t<\/div>\n\t\t\t\t<div class=\"elementor-element elementor-element-4fb3bdc elementor-widget__width-initial elementor-widget elementor-widget-gallery\" data-id=\"4fb3bdc\" data-element_type=\"widget\" data-e-type=\"widget\" data-settings=\"{&quot;gap&quot;:{&quot;unit&quot;:&quot;px&quot;,&quot;size&quot;:3,&quot;sizes&quot;:[]},&quot;columns_mobile&quot;:3,&quot;gap_mobile&quot;:{&quot;unit&quot;:&quot;px&quot;,&quot;size&quot;:6,&quot;sizes&quot;:[]},&quot;columns&quot;:5,&quot;columns_tablet&quot;:5,&quot;gap_tablet&quot;:{&quot;unit&quot;:&quot;px&quot;,&quot;size&quot;:5,&quot;sizes&quot;:[]},&quot;lazyload&quot;:&quot;yes&quot;,&quot;gallery_layout&quot;:&quot;grid&quot;,&quot;link_to&quot;:&quot;file&quot;,&quot;aspect_ratio&quot;:&quot;3:2&quot;,&quot;overlay_background&quot;:&quot;yes&quot;,&quot;content_hover_animation&quot;:&quot;fade-in&quot;}\" data-widget_type=\"gallery.default\">\n\t\t\t\t<div class=\"elementor-widget-container\">\n\t\t\t\t\t\t\t<div class=\"elementor-gallery__container\">\n\t\t\t\t\t\t\t<a class=\"e-gallery-item elementor-gallery-item elementor-animated-content\" href=\"https:\/\/www.portovenere.fr\/fr-fr\/wp-content\/uploads\/2026\/01\/Carrelage-relief-effet-pierre-sediments-plusieurs-coloris-PIETRA-MINERA-Dune-Sabbia-60x120-cm-Magasin-PORTO-VENERE-pres-de-Clapiers-34.jpg\" data-elementor-open-lightbox=\"yes\" data-elementor-lightbox-slideshow=\"4fb3bdc\" data-elementor-lightbox-title=\"Carrelage-relief-effet-pierre-s\u00e9diments-plusieurs-coloris-PIETRA-MINERA-Dune-Sabbia-60x120-cm-Magasin-PORTO-VENERE-pr\u00e8s-de-Clapiers-34\" data-e-action-hash=\"#elementor-action%3Aaction%3Dlightbox%26settings%3DeyJpZCI6NjkwOTksInVybCI6Imh0dHBzOlwvXC93d3cucG9ydG92ZW5lcmUuZnJcL2ZyLWZyXC93cC1jb250ZW50XC91cGxvYWRzXC8yMDI2XC8wMVwvQ2FycmVsYWdlLXJlbGllZi1lZmZldC1waWVycmUtc2VkaW1lbnRzLXBsdXNpZXVycy1jb2xvcmlzLVBJRVRSQS1NSU5FUkEtRHVuZS1TYWJiaWEtNjB4MTIwLWNtLU1hZ2FzaW4tUE9SVE8tVkVORVJFLXByZXMtZGUtQ2xhcGllcnMtMzQuanBnIiwic2xpZGVzaG93IjoiNGZiM2JkYyJ9\">\n\t\t\t\t\t<div class=\"e-gallery-image elementor-gallery-item__image\" data-thumbnail=\"https:\/\/www.portovenere.fr\/fr-fr\/wp-content\/uploads\/2026\/01\/Carrelage-relief-effet-pierre-sediments-plusieurs-coloris-PIETRA-MINERA-Dune-Sabbia-60x120-cm-Magasin-PORTO-VENERE-pres-de-Clapiers-34-150x150.jpg\" data-width=\"150\" data-height=\"150\" aria-label=\"\" role=\"img\" ><\/div>\n\t\t\t\t\t\t\t\t\t\t\t<div class=\"elementor-gallery-item__overlay\"><\/div>\n\t\t\t\t\t\t\t\t\t\t\t\t\t\t<\/a>\n\t\t\t\t\t\t\t<a class=\"e-gallery-item elementor-gallery-item elementor-animated-content\" href=\"https:\/\/www.portovenere.fr\/fr-fr\/wp-content\/uploads\/2026\/01\/Carrelage-relief-effet-pierre-sediments-plusieurs-coloris-PIETRA-MINERA-Dune-Rosso-Siena-60x120-cm-Magasin-PORTO-VENERE-pres-de-La-Grande-Motte-34.jpg\" data-elementor-open-lightbox=\"yes\" data-elementor-lightbox-slideshow=\"4fb3bdc\" data-elementor-lightbox-title=\"Carrelage-relief-effet-pierre-s\u00e9diments-plusieurs-coloris-PIETRA-MINERA-Dune-Rosso-Siena-60x120-cm-Magasin-PORTO-VENERE-pr\u00e8s-de-La-Grande-Motte-34\" data-e-action-hash=\"#elementor-action%3Aaction%3Dlightbox%26settings%3DeyJpZCI6NjkwOTgsInVybCI6Imh0dHBzOlwvXC93d3cucG9ydG92ZW5lcmUuZnJcL2ZyLWZyXC93cC1jb250ZW50XC91cGxvYWRzXC8yMDI2XC8wMVwvQ2FycmVsYWdlLXJlbGllZi1lZmZldC1waWVycmUtc2VkaW1lbnRzLXBsdXNpZXVycy1jb2xvcmlzLVBJRVRSQS1NSU5FUkEtRHVuZS1Sb3Nzby1TaWVuYS02MHgxMjAtY20tTWFnYXNpbi1QT1JUTy1WRU5FUkUtcHJlcy1kZS1MYS1HcmFuZGUtTW90dGUtMzQuanBnIiwic2xpZGVzaG93IjoiNGZiM2JkYyJ9\">\n\t\t\t\t\t<div class=\"e-gallery-image elementor-gallery-item__image\" data-thumbnail=\"https:\/\/www.portovenere.fr\/fr-fr\/wp-content\/uploads\/2026\/01\/Carrelage-relief-effet-pierre-sediments-plusieurs-coloris-PIETRA-MINERA-Dune-Rosso-Siena-60x120-cm-Magasin-PORTO-VENERE-pres-de-La-Grande-Motte-34-150x150.jpg\" data-width=\"150\" data-height=\"150\" aria-label=\"Carrelage relief aspect pierre naturelle PIETRA MINERA Dune magasin de carrelage PORTO VENERE MONTPELLIER dans l&#039;H\u00e9rault 34\" role=\"img\" ><\/div>\n\t\t\t\t\t\t\t\t\t\t\t<div class=\"elementor-gallery-item__overlay\"><\/div>\n\t\t\t\t\t\t\t\t\t\t\t\t\t\t<\/a>\n\t\t\t\t\t\t\t<a class=\"e-gallery-item elementor-gallery-item elementor-animated-content\" href=\"https:\/\/www.portovenere.fr\/fr-fr\/wp-content\/uploads\/2026\/01\/Carrelage-relief-effet-pierre-sediments-plusieurs-coloris-PIETRA-MINERA-Dune-Rosa-Polvere-60x120-cm-Magasin-PORTO-VENERE-pres-de-Mireval-34.jpg\" data-elementor-open-lightbox=\"yes\" data-elementor-lightbox-slideshow=\"4fb3bdc\" data-elementor-lightbox-title=\"Carrelage-relief-effet-pierre-s\u00e9diments-plusieurs-coloris-PIETRA-MINERA-Dune-Rosa-Polvere-60x120-cm-Magasin-PORTO-VENERE-pr\u00e8s-de-Mireval-34\" data-e-action-hash=\"#elementor-action%3Aaction%3Dlightbox%26settings%3DeyJpZCI6NjkwOTcsInVybCI6Imh0dHBzOlwvXC93d3cucG9ydG92ZW5lcmUuZnJcL2ZyLWZyXC93cC1jb250ZW50XC91cGxvYWRzXC8yMDI2XC8wMVwvQ2FycmVsYWdlLXJlbGllZi1lZmZldC1waWVycmUtc2VkaW1lbnRzLXBsdXNpZXVycy1jb2xvcmlzLVBJRVRSQS1NSU5FUkEtRHVuZS1Sb3NhLVBvbHZlcmUtNjB4MTIwLWNtLU1hZ2FzaW4tUE9SVE8tVkVORVJFLXByZXMtZGUtTWlyZXZhbC0zNC5qcGciLCJzbGlkZXNob3ciOiI0ZmIzYmRjIn0%3D\">\n\t\t\t\t\t<div class=\"e-gallery-image elementor-gallery-item__image\" data-thumbnail=\"https:\/\/www.portovenere.fr\/fr-fr\/wp-content\/uploads\/2026\/01\/Carrelage-relief-effet-pierre-sediments-plusieurs-coloris-PIETRA-MINERA-Dune-Rosa-Polvere-60x120-cm-Magasin-PORTO-VENERE-pres-de-Mireval-34-150x150.jpg\" data-width=\"150\" data-height=\"150\" aria-label=\"Carrelage relief aspect pierre naturelle PIETRA MINERA Dune magasin de carrelage PORTO VENERE MONTPELLIER dans l&#039;H\u00e9rault 34\" role=\"img\" ><\/div>\n\t\t\t\t\t\t\t\t\t\t\t<div class=\"elementor-gallery-item__overlay\"><\/div>\n\t\t\t\t\t\t\t\t\t\t\t\t\t\t<\/a>\n\t\t\t\t\t\t\t<a class=\"e-gallery-item elementor-gallery-item elementor-animated-content\" href=\"https:\/\/www.portovenere.fr\/fr-fr\/wp-content\/uploads\/2026\/01\/Carrelage-relief-effet-pierre-sediments-plusieurs-coloris-PIETRA-MINERA-Dune-Mandorla-60x120-cm-Magasin-PORTO-VENERE-pres-de-Gignac-34.jpg\" data-elementor-open-lightbox=\"yes\" data-elementor-lightbox-slideshow=\"4fb3bdc\" data-elementor-lightbox-title=\"Carrelage-relief-effet-pierre-s\u00e9diments-plusieurs-coloris-PIETRA-MINERA-Dune-Mandorla-60x120-cm-Magasin-PORTO-VENERE-pr\u00e8s-de-Gignac-34\" data-e-action-hash=\"#elementor-action%3Aaction%3Dlightbox%26settings%3DeyJpZCI6NjkwOTYsInVybCI6Imh0dHBzOlwvXC93d3cucG9ydG92ZW5lcmUuZnJcL2ZyLWZyXC93cC1jb250ZW50XC91cGxvYWRzXC8yMDI2XC8wMVwvQ2FycmVsYWdlLXJlbGllZi1lZmZldC1waWVycmUtc2VkaW1lbnRzLXBsdXNpZXVycy1jb2xvcmlzLVBJRVRSQS1NSU5FUkEtRHVuZS1NYW5kb3JsYS02MHgxMjAtY20tTWFnYXNpbi1QT1JUTy1WRU5FUkUtcHJlcy1kZS1HaWduYWMtMzQuanBnIiwic2xpZGVzaG93IjoiNGZiM2JkYyJ9\">\n\t\t\t\t\t<div class=\"e-gallery-image elementor-gallery-item__image\" data-thumbnail=\"https:\/\/www.portovenere.fr\/fr-fr\/wp-content\/uploads\/2026\/01\/Carrelage-relief-effet-pierre-sediments-plusieurs-coloris-PIETRA-MINERA-Dune-Mandorla-60x120-cm-Magasin-PORTO-VENERE-pres-de-Gignac-34-150x150.jpg\" data-width=\"150\" data-height=\"150\" aria-label=\"Carrelage relief aspect pierre naturelle PIETRA MINERA Dune magasin de carrelage PORTO VENERE MONTPELLIER dans l&#039;H\u00e9rault 34\" role=\"img\" ><\/div>\n\t\t\t\t\t\t\t\t\t\t\t<div class=\"elementor-gallery-item__overlay\"><\/div>\n\t\t\t\t\t\t\t\t\t\t\t\t\t\t<\/a>\n\t\t\t\t\t\t\t<a class=\"e-gallery-item elementor-gallery-item elementor-animated-content\" href=\"https:\/\/www.portovenere.fr\/fr-fr\/wp-content\/uploads\/2026\/01\/Carrelage-relief-effet-pierre-sediments-plusieurs-coloris-PIETRA-MINERA-Dune-Cotone-60x120-cm-Magasin-PORTO-VENERE-pres-de-Frontignan-34.jpg\" data-elementor-open-lightbox=\"yes\" data-elementor-lightbox-slideshow=\"4fb3bdc\" data-elementor-lightbox-title=\"Carrelage-relief-effet-pierre-s\u00e9diments-plusieurs-coloris-PIETRA-MINERA-Dune-Cotone-60x120-cm-Magasin-PORTO-VENERE-pr\u00e8s-de-Frontignan-34\" data-e-action-hash=\"#elementor-action%3Aaction%3Dlightbox%26settings%3DeyJpZCI6NjkwOTUsInVybCI6Imh0dHBzOlwvXC93d3cucG9ydG92ZW5lcmUuZnJcL2ZyLWZyXC93cC1jb250ZW50XC91cGxvYWRzXC8yMDI2XC8wMVwvQ2FycmVsYWdlLXJlbGllZi1lZmZldC1waWVycmUtc2VkaW1lbnRzLXBsdXNpZXVycy1jb2xvcmlzLVBJRVRSQS1NSU5FUkEtRHVuZS1Db3RvbmUtNjB4MTIwLWNtLU1hZ2FzaW4tUE9SVE8tVkVORVJFLXByZXMtZGUtRnJvbnRpZ25hbi0zNC5qcGciLCJzbGlkZXNob3ciOiI0ZmIzYmRjIn0%3D\">\n\t\t\t\t\t<div class=\"e-gallery-image elementor-gallery-item__image\" data-thumbnail=\"https:\/\/www.portovenere.fr\/fr-fr\/wp-content\/uploads\/2026\/01\/Carrelage-relief-effet-pierre-sediments-plusieurs-coloris-PIETRA-MINERA-Dune-Cotone-60x120-cm-Magasin-PORTO-VENERE-pres-de-Frontignan-34-150x150.jpg\" data-width=\"150\" data-height=\"150\" aria-label=\"Carrelage relief aspect pierre naturelle PIETRA MINERA Dune magasin de carrelage PORTO VENERE MONTPELLIER dans l&#039;H\u00e9rault 34\" role=\"img\" ><\/div>\n\t\t\t\t\t\t\t\t\t\t\t<div class=\"elementor-gallery-item__overlay\"><\/div>\n\t\t\t\t\t\t\t\t\t\t\t\t\t\t<\/a>\n\t\t\t\t\t\t\t<a class=\"e-gallery-item elementor-gallery-item elementor-animated-content\" href=\"https:\/\/www.portovenere.fr\/fr-fr\/wp-content\/uploads\/2026\/01\/Carrelage-relief-effet-pierre-sediments-plusieurs-coloris-PIETRA-MINERA-Dune-Avorio-60x120-cm-Magasin-PORTO-VENERE-pres-de-Vendargues-34.jpg\" data-elementor-open-lightbox=\"yes\" data-elementor-lightbox-slideshow=\"4fb3bdc\" data-elementor-lightbox-title=\"Carrelage-relief-effet-pierre-s\u00e9diments-plusieurs-coloris-PIETRA-MINERA-Dune-Avorio-60x120-cm-Magasin-PORTO-VENERE-pr\u00e8s-de-Vendargues-34\" data-e-action-hash=\"#elementor-action%3Aaction%3Dlightbox%26settings%3DeyJpZCI6NjkwOTQsInVybCI6Imh0dHBzOlwvXC93d3cucG9ydG92ZW5lcmUuZnJcL2ZyLWZyXC93cC1jb250ZW50XC91cGxvYWRzXC8yMDI2XC8wMVwvQ2FycmVsYWdlLXJlbGllZi1lZmZldC1waWVycmUtc2VkaW1lbnRzLXBsdXNpZXVycy1jb2xvcmlzLVBJRVRSQS1NSU5FUkEtRHVuZS1Bdm9yaW8tNjB4MTIwLWNtLU1hZ2FzaW4tUE9SVE8tVkVORVJFLXByZXMtZGUtVmVuZGFyZ3Vlcy0zNC5qcGciLCJzbGlkZXNob3ciOiI0ZmIzYmRjIn0%3D\">\n\t\t\t\t\t<div class=\"e-gallery-image elementor-gallery-item__image\" data-thumbnail=\"https:\/\/www.portovenere.fr\/fr-fr\/wp-content\/uploads\/2026\/01\/Carrelage-relief-effet-pierre-sediments-plusieurs-coloris-PIETRA-MINERA-Dune-Avorio-60x120-cm-Magasin-PORTO-VENERE-pres-de-Vendargues-34-150x150.jpg\" data-width=\"150\" data-height=\"150\" aria-label=\"Carrelage relief aspect pierre naturelle PIETRA MINERA Dune magasin de carrelage PORTO VENERE MONTPELLIER dans l&#039;H\u00e9rault 34\" role=\"img\" ><\/div>\n\t\t\t\t\t\t\t\t\t\t\t<div class=\"elementor-gallery-item__overlay\"><\/div>\n\t\t\t\t\t\t\t\t\t\t\t\t\t\t<\/a>\n\t\t\t\t\t\t\t<a class=\"e-gallery-item elementor-gallery-item elementor-animated-content\" href=\"https:\/\/www.portovenere.fr\/fr-fr\/wp-content\/uploads\/2026\/01\/Carrelage-relief-effet-pierre-sediments-7-couleurs-PIETRA-MINERA-Dune-Multicolor-Magasin-PORTO-VENERE-MONTPELLIER-pres-de-Balaruc-34.jpg\" data-elementor-open-lightbox=\"yes\" data-elementor-lightbox-slideshow=\"4fb3bdc\" data-elementor-lightbox-title=\"Carrelage-relief-effet-pierre-s\u00e9diments-7-couleurs-PIETRA-MINERA-Dune-Multicolor-Magasin-PORTO-VENERE-MONTPELLIER-pr\u00e8s-de-Balaruc-34\" data-e-action-hash=\"#elementor-action%3Aaction%3Dlightbox%26settings%3DeyJpZCI6NjkwODksInVybCI6Imh0dHBzOlwvXC93d3cucG9ydG92ZW5lcmUuZnJcL2ZyLWZyXC93cC1jb250ZW50XC91cGxvYWRzXC8yMDI2XC8wMVwvQ2FycmVsYWdlLXJlbGllZi1lZmZldC1waWVycmUtc2VkaW1lbnRzLTctY291bGV1cnMtUElFVFJBLU1JTkVSQS1EdW5lLU11bHRpY29sb3ItTWFnYXNpbi1QT1JUTy1WRU5FUkUtTU9OVFBFTExJRVItcHJlcy1kZS1CYWxhcnVjLTM0LmpwZyIsInNsaWRlc2hvdyI6IjRmYjNiZGMifQ%3D%3D\">\n\t\t\t\t\t<div class=\"e-gallery-image elementor-gallery-item__image\" data-thumbnail=\"https:\/\/www.portovenere.fr\/fr-fr\/wp-content\/uploads\/2026\/01\/Carrelage-relief-effet-pierre-sediments-7-couleurs-PIETRA-MINERA-Dune-Multicolor-Magasin-PORTO-VENERE-MONTPELLIER-pres-de-Balaruc-34-150x150.jpg\" data-width=\"150\" data-height=\"150\" aria-label=\"Carrelage relief aspect pierre naturelle PIETRA MINERA Dune magasin de carrelage PORTO VENERE MONTPELLIER dans l&#039;H\u00e9rault 34\" role=\"img\" ><\/div>\n\t\t\t\t\t\t\t\t\t\t\t<div class=\"elementor-gallery-item__overlay\"><\/div>\n\t\t\t\t\t\t\t\t\t\t\t\t\t\t<\/a>\n\t\t\t\t\t\t\t<a class=\"e-gallery-item elementor-gallery-item elementor-animated-content\" href=\"https:\/\/www.portovenere.fr\/fr-fr\/wp-content\/uploads\/2026\/01\/Carrelage-en-gres-cerame-effet-pierre-naturelle-plusieurs-coloris-PIETRA-MINERA-Sabbia-sols-et-murs-Magasin-Porto-Venere-Montpellier-proche-Mauguio-34.jpg\" data-elementor-open-lightbox=\"yes\" data-elementor-lightbox-slideshow=\"4fb3bdc\" data-elementor-lightbox-title=\"Carrelage-en-gr\u00e8s-c\u00e9rame-effet-pierre-naturelle-plusieurs-coloris-PIETRA-MINERA-Sabbia-sols-et-murs-Magasin-Porto-Venere-Montpellier-proche-Mauguio-34\" data-e-action-hash=\"#elementor-action%3Aaction%3Dlightbox%26settings%3DeyJpZCI6NjkwNzgsInVybCI6Imh0dHBzOlwvXC93d3cucG9ydG92ZW5lcmUuZnJcL2ZyLWZyXC93cC1jb250ZW50XC91cGxvYWRzXC8yMDI2XC8wMVwvQ2FycmVsYWdlLWVuLWdyZXMtY2VyYW1lLWVmZmV0LXBpZXJyZS1uYXR1cmVsbGUtcGx1c2lldXJzLWNvbG9yaXMtUElFVFJBLU1JTkVSQS1TYWJiaWEtc29scy1ldC1tdXJzLU1hZ2FzaW4tUG9ydG8tVmVuZXJlLU1vbnRwZWxsaWVyLXByb2NoZS1NYXVndWlvLTM0LmpwZyIsInNsaWRlc2hvdyI6IjRmYjNiZGMifQ%3D%3D\">\n\t\t\t\t\t<div class=\"e-gallery-image elementor-gallery-item__image\" data-thumbnail=\"https:\/\/www.portovenere.fr\/fr-fr\/wp-content\/uploads\/2026\/01\/Carrelage-en-gres-cerame-effet-pierre-naturelle-plusieurs-coloris-PIETRA-MINERA-Sabbia-sols-et-murs-Magasin-Porto-Venere-Montpellier-proche-Mauguio-34-150x150.jpg\" data-width=\"150\" data-height=\"150\" aria-label=\"Carrelage aspect pierre naturelle PIETRA MINERA magasin de carrelage PORTO VENERE MONTPELLIER dans l&#039;H\u00e9rault 34\" role=\"img\" ><\/div>\n\t\t\t\t\t\t\t\t\t\t\t<div class=\"elementor-gallery-item__overlay\"><\/div>\n\t\t\t\t\t\t\t\t\t\t\t\t\t\t<\/a>\n\t\t\t\t\t\t\t<a class=\"e-gallery-item elementor-gallery-item elementor-animated-content\" href=\"https:\/\/www.portovenere.fr\/fr-fr\/wp-content\/uploads\/2026\/01\/Carrelage-en-gres-cerame-effet-pierre-naturelle-plusieurs-coloris-PIETRA-MINERA-Rosso-Siena-brique-sols-et-murs-Magasin-Porto-Venere-a-Montpellier-34.jpg\" data-elementor-open-lightbox=\"yes\" data-elementor-lightbox-slideshow=\"4fb3bdc\" data-elementor-lightbox-title=\"Carrelage-en-gr\u00e8s-c\u00e9rame-effet-pierre-naturelle-plusieurs-coloris-PIETRA-MINERA-Rosso-Siena-brique-sols-et-murs-Magasin-Porto-Venere-\u00e0-Montpellier-34\" data-e-action-hash=\"#elementor-action%3Aaction%3Dlightbox%26settings%3DeyJpZCI6NjkwNzcsInVybCI6Imh0dHBzOlwvXC93d3cucG9ydG92ZW5lcmUuZnJcL2ZyLWZyXC93cC1jb250ZW50XC91cGxvYWRzXC8yMDI2XC8wMVwvQ2FycmVsYWdlLWVuLWdyZXMtY2VyYW1lLWVmZmV0LXBpZXJyZS1uYXR1cmVsbGUtcGx1c2lldXJzLWNvbG9yaXMtUElFVFJBLU1JTkVSQS1Sb3Nzby1TaWVuYS1icmlxdWUtc29scy1ldC1tdXJzLU1hZ2FzaW4tUG9ydG8tVmVuZXJlLWEtTW9udHBlbGxpZXItMzQuanBnIiwic2xpZGVzaG93IjoiNGZiM2JkYyJ9\">\n\t\t\t\t\t<div class=\"e-gallery-image elementor-gallery-item__image\" data-thumbnail=\"https:\/\/www.portovenere.fr\/fr-fr\/wp-content\/uploads\/2026\/01\/Carrelage-en-gres-cerame-effet-pierre-naturelle-plusieurs-coloris-PIETRA-MINERA-Rosso-Siena-brique-sols-et-murs-Magasin-Porto-Venere-a-Montpellier-34-150x150.jpg\" data-width=\"150\" data-height=\"150\" aria-label=\"Carrelage aspect pierre naturelle PIETRA MINERA magasin de carrelage PORTO VENERE MONTPELLIER dans l&#039;H\u00e9rault 34\" role=\"img\" ><\/div>\n\t\t\t\t\t\t\t\t\t\t\t<div class=\"elementor-gallery-item__overlay\"><\/div>\n\t\t\t\t\t\t\t\t\t\t\t\t\t\t<\/a>\n\t\t\t\t\t\t\t<a class=\"e-gallery-item elementor-gallery-item elementor-animated-content\" href=\"https:\/\/www.portovenere.fr\/fr-fr\/wp-content\/uploads\/2026\/01\/Carrelage-en-gres-cerame-effet-pierre-naturelle-plusieurs-coloris-PIETRA-MINERA-Rosa-Polvere-sols-et-murs-Magasin-Porto-Venere-a-Montpellier-34.jpg\" data-elementor-open-lightbox=\"yes\" data-elementor-lightbox-slideshow=\"4fb3bdc\" data-elementor-lightbox-title=\"Carrelage-en-gr\u00e8s-c\u00e9rame-effet-pierre-naturelle-plusieurs-coloris-PIETRA-MINERA-Rosa-Polvere-sols-et-murs-Magasin-Porto-Venere-\u00e0-Montpellier-34\" data-e-action-hash=\"#elementor-action%3Aaction%3Dlightbox%26settings%3DeyJpZCI6NjkwNzYsInVybCI6Imh0dHBzOlwvXC93d3cucG9ydG92ZW5lcmUuZnJcL2ZyLWZyXC93cC1jb250ZW50XC91cGxvYWRzXC8yMDI2XC8wMVwvQ2FycmVsYWdlLWVuLWdyZXMtY2VyYW1lLWVmZmV0LXBpZXJyZS1uYXR1cmVsbGUtcGx1c2lldXJzLWNvbG9yaXMtUElFVFJBLU1JTkVSQS1Sb3NhLVBvbHZlcmUtc29scy1ldC1tdXJzLU1hZ2FzaW4tUG9ydG8tVmVuZXJlLWEtTW9udHBlbGxpZXItMzQuanBnIiwic2xpZGVzaG93IjoiNGZiM2JkYyJ9\">\n\t\t\t\t\t<div class=\"e-gallery-image elementor-gallery-item__image\" data-thumbnail=\"https:\/\/www.portovenere.fr\/fr-fr\/wp-content\/uploads\/2026\/01\/Carrelage-en-gres-cerame-effet-pierre-naturelle-plusieurs-coloris-PIETRA-MINERA-Rosa-Polvere-sols-et-murs-Magasin-Porto-Venere-a-Montpellier-34-150x150.jpg\" data-width=\"150\" data-height=\"150\" aria-label=\"Carrelage aspect pierre naturelle PIETRA MINERA magasin de carrelage PORTO VENERE MONTPELLIER dans l&#039;H\u00e9rault 34\" role=\"img\" ><\/div>\n\t\t\t\t\t\t\t\t\t\t\t<div class=\"elementor-gallery-item__overlay\"><\/div>\n\t\t\t\t\t\t\t\t\t\t\t\t\t\t<\/a>\n\t\t\t\t\t\t\t<a class=\"e-gallery-item elementor-gallery-item elementor-animated-content\" href=\"https:\/\/www.portovenere.fr\/fr-fr\/wp-content\/uploads\/2026\/01\/Carrelage-en-gres-cerame-effet-pierre-naturelle-plusieurs-coloris-PIETRA-MINERA-Avorio-interieur-exterieur-Magasin-Porto-Venere-pres-de-Perols-34.jpg\" data-elementor-open-lightbox=\"yes\" data-elementor-lightbox-slideshow=\"4fb3bdc\" data-elementor-lightbox-title=\"Carrelage-en-gr\u00e8s-c\u00e9rame-effet-pierre-naturelle-plusieurs-coloris-PIETRA-MINERA-Avorio-int\u00e9rieur-ext\u00e9rieur-Magasin-Porto-Venere-pr\u00e8s-de-P\u00e9rols-34\" data-e-action-hash=\"#elementor-action%3Aaction%3Dlightbox%26settings%3DeyJpZCI6NjkwNzUsInVybCI6Imh0dHBzOlwvXC93d3cucG9ydG92ZW5lcmUuZnJcL2ZyLWZyXC93cC1jb250ZW50XC91cGxvYWRzXC8yMDI2XC8wMVwvQ2FycmVsYWdlLWVuLWdyZXMtY2VyYW1lLWVmZmV0LXBpZXJyZS1uYXR1cmVsbGUtcGx1c2lldXJzLWNvbG9yaXMtUElFVFJBLU1JTkVSQS1Bdm9yaW8taW50ZXJpZXVyLWV4dGVyaWV1ci1NYWdhc2luLVBvcnRvLVZlbmVyZS1wcmVzLWRlLVBlcm9scy0zNC5qcGciLCJzbGlkZXNob3ciOiI0ZmIzYmRjIn0%3D\">\n\t\t\t\t\t<div class=\"e-gallery-image elementor-gallery-item__image\" data-thumbnail=\"https:\/\/www.portovenere.fr\/fr-fr\/wp-content\/uploads\/2026\/01\/Carrelage-en-gres-cerame-effet-pierre-naturelle-plusieurs-coloris-PIETRA-MINERA-Avorio-interieur-exterieur-Magasin-Porto-Venere-pres-de-Perols-34-150x150.jpg\" data-width=\"150\" data-height=\"150\" aria-label=\"Carrelage aspect pierre naturelle PIETRA MINERA magasin de carrelage PORTO VENERE MONTPELLIER dans l&#039;H\u00e9rault 34\" role=\"img\" ><\/div>\n\t\t\t\t\t\t\t\t\t\t\t<div class=\"elementor-gallery-item__overlay\"><\/div>\n\t\t\t\t\t\t\t\t\t\t\t\t\t\t<\/a>\n\t\t\t\t\t\t\t<a class=\"e-gallery-item elementor-gallery-item elementor-animated-content\" href=\"https:\/\/www.portovenere.fr\/fr-fr\/wp-content\/uploads\/2026\/01\/Carrelage-clair-gres-cerame-effet-pierre-naturelle-plusieurs-coloris-PIETRA-MINERA-Mandorla-interieur-exterieur-Magasin-Porto-Venere-pres-de-Castelnau-le-lez-34.jpg\" data-elementor-open-lightbox=\"yes\" data-elementor-lightbox-slideshow=\"4fb3bdc\" data-elementor-lightbox-title=\"Carrelage-clair-gr\u00e8s-c\u00e9rame-effet-pierre-naturelle-plusieurs-coloris-PIETRA-MINERA-Mandorla-int\u00e9rieur-ext\u00e9rieur-Magasin-Porto-Venere-pr\u00e8s-de-Castelnau-le-lez-34\" data-e-action-hash=\"#elementor-action%3Aaction%3Dlightbox%26settings%3DeyJpZCI6NjkwNzQsInVybCI6Imh0dHBzOlwvXC93d3cucG9ydG92ZW5lcmUuZnJcL2ZyLWZyXC93cC1jb250ZW50XC91cGxvYWRzXC8yMDI2XC8wMVwvQ2FycmVsYWdlLWNsYWlyLWdyZXMtY2VyYW1lLWVmZmV0LXBpZXJyZS1uYXR1cmVsbGUtcGx1c2lldXJzLWNvbG9yaXMtUElFVFJBLU1JTkVSQS1NYW5kb3JsYS1pbnRlcmlldXItZXh0ZXJpZXVyLU1hZ2FzaW4tUG9ydG8tVmVuZXJlLXByZXMtZGUtQ2FzdGVsbmF1LWxlLWxlei0zNC5qcGciLCJzbGlkZXNob3ciOiI0ZmIzYmRjIn0%3D\">\n\t\t\t\t\t<div class=\"e-gallery-image elementor-gallery-item__image\" data-thumbnail=\"https:\/\/www.portovenere.fr\/fr-fr\/wp-content\/uploads\/2026\/01\/Carrelage-clair-gres-cerame-effet-pierre-naturelle-plusieurs-coloris-PIETRA-MINERA-Mandorla-interieur-exterieur-Magasin-Porto-Venere-pres-de-Castelnau-le-lez-34-150x150.jpg\" data-width=\"150\" data-height=\"150\" aria-label=\"Carrelage aspect pierre naturelle PIETRA MINERA magasin de carrelage PORTO VENERE MONTPELLIER dans l&#039;H\u00e9rault 34\" role=\"img\" ><\/div>\n\t\t\t\t\t\t\t\t\t\t\t<div class=\"elementor-gallery-item__overlay\"><\/div>\n\t\t\t\t\t\t\t\t\t\t\t\t\t\t<\/a>\n\t\t\t\t\t\t\t<a class=\"e-gallery-item elementor-gallery-item elementor-animated-content\" href=\"https:\/\/www.portovenere.fr\/fr-fr\/wp-content\/uploads\/2026\/01\/Carrelage-clair-gres-cerame-effet-pierre-naturelle-plusieurs-coloris-PIETRA-MINERA-Cotone-interieur-exterieur-Magasin-Porto-Venere-pres-de-Jacou-34.jpg\" data-elementor-open-lightbox=\"yes\" data-elementor-lightbox-slideshow=\"4fb3bdc\" data-elementor-lightbox-title=\"Carrelage-clair-gr\u00e8s-c\u00e9rame-effet-pierre-naturelle-plusieurs-coloris-PIETRA-MINERA-Cotone-int\u00e9rieur-ext\u00e9rieur-Magasin-Porto-Venere-pr\u00e8s-de-Jacou-34\" data-e-action-hash=\"#elementor-action%3Aaction%3Dlightbox%26settings%3DeyJpZCI6NjkwNzMsInVybCI6Imh0dHBzOlwvXC93d3cucG9ydG92ZW5lcmUuZnJcL2ZyLWZyXC93cC1jb250ZW50XC91cGxvYWRzXC8yMDI2XC8wMVwvQ2FycmVsYWdlLWNsYWlyLWdyZXMtY2VyYW1lLWVmZmV0LXBpZXJyZS1uYXR1cmVsbGUtcGx1c2lldXJzLWNvbG9yaXMtUElFVFJBLU1JTkVSQS1Db3RvbmUtaW50ZXJpZXVyLWV4dGVyaWV1ci1NYWdhc2luLVBvcnRvLVZlbmVyZS1wcmVzLWRlLUphY291LTM0LmpwZyIsInNsaWRlc2hvdyI6IjRmYjNiZGMifQ%3D%3D\">\n\t\t\t\t\t<div class=\"e-gallery-image elementor-gallery-item__image\" data-thumbnail=\"https:\/\/www.portovenere.fr\/fr-fr\/wp-content\/uploads\/2026\/01\/Carrelage-clair-gres-cerame-effet-pierre-naturelle-plusieurs-coloris-PIETRA-MINERA-Cotone-interieur-exterieur-Magasin-Porto-Venere-pres-de-Jacou-34-150x150.jpg\" data-width=\"150\" data-height=\"150\" aria-label=\"Carrelage aspect pierre naturelle PIETRA MINERA magasin de carrelage PORTO VENERE MONTPELLIER dans l&#039;H\u00e9rault 34\" role=\"img\" ><\/div>\n\t\t\t\t\t\t\t\t\t\t\t<div class=\"elementor-gallery-item__overlay\"><\/div>\n\t\t\t\t\t\t\t\t\t\t\t\t\t\t<\/a>\n\t\t\t\t\t\t\t<a class=\"e-gallery-item elementor-gallery-item elementor-animated-content\" href=\"https:\/\/www.portovenere.fr\/fr-fr\/wp-content\/uploads\/2026\/01\/Carrelage-multicolor-format-briques-6-couleurs-PIETRA-MINERA-Multicolor-en-gres-cerame-Magasin-PORTO-VENERE-MONTPELLIER-pres-de-Sete-34.jpg\" data-elementor-open-lightbox=\"yes\" data-elementor-lightbox-slideshow=\"4fb3bdc\" data-elementor-lightbox-title=\"Carrelage-multicolor-format-briques-6-couleurs-PIETRA-MINERA-Multicolor-en-gr\u00e8s-c\u00e9rame-Magasin-PORTO-VENERE-MONTPELLIER-pr\u00e8s-de-S\u00e8te-34\" data-e-action-hash=\"#elementor-action%3Aaction%3Dlightbox%26settings%3DeyJpZCI6NjkwNjksInVybCI6Imh0dHBzOlwvXC93d3cucG9ydG92ZW5lcmUuZnJcL2ZyLWZyXC93cC1jb250ZW50XC91cGxvYWRzXC8yMDI2XC8wMVwvQ2FycmVsYWdlLW11bHRpY29sb3ItZm9ybWF0LWJyaXF1ZXMtNi1jb3VsZXVycy1QSUVUUkEtTUlORVJBLU11bHRpY29sb3ItZW4tZ3Jlcy1jZXJhbWUtTWFnYXNpbi1QT1JUTy1WRU5FUkUtTU9OVFBFTExJRVItcHJlcy1kZS1TZXRlLTM0LmpwZyIsInNsaWRlc2hvdyI6IjRmYjNiZGMifQ%3D%3D\">\n\t\t\t\t\t<div class=\"e-gallery-image elementor-gallery-item__image\" data-thumbnail=\"https:\/\/www.portovenere.fr\/fr-fr\/wp-content\/uploads\/2026\/01\/Carrelage-multicolor-format-briques-6-couleurs-PIETRA-MINERA-Multicolor-en-gres-cerame-Magasin-PORTO-VENERE-MONTPELLIER-pres-de-Sete-34-150x150.jpg\" data-width=\"150\" data-height=\"150\" aria-label=\"Carrelage effet briques multi couleurs aspect pierre naturelle PIETRA MINERA magasin de carrelage PORTO VENERE MONTPELLIER dans l&#039;H\u00e9rault 34\" role=\"img\" ><\/div>\n\t\t\t\t\t\t\t\t\t\t\t<div class=\"elementor-gallery-item__overlay\"><\/div>\n\t\t\t\t\t\t\t\t\t\t\t\t\t\t<\/a>\n\t\t\t\t\t\t\t<a class=\"e-gallery-item elementor-gallery-item elementor-animated-content\" href=\"https:\/\/www.portovenere.fr\/fr-fr\/wp-content\/uploads\/2026\/01\/Carrelage-multicolor-format-briques-3-couleurs-PIETRA-MINERA-Multicolor-chiaro-en-gres-cerame-Magasin-PORTO-VENERE-MONTPELLIER-pres-de-Lattes-34.jpg\" data-elementor-open-lightbox=\"yes\" data-elementor-lightbox-slideshow=\"4fb3bdc\" data-elementor-lightbox-title=\"Carrelage-multicolor-format-briques-3-couleurs-PIETRA-MINERA-Multicolor-chiaro-en-gr\u00e8s-c\u00e9rame-Magasin-PORTO-VENERE-MONTPELLIER-pr\u00e8s-de-Lattes-34\" data-e-action-hash=\"#elementor-action%3Aaction%3Dlightbox%26settings%3DeyJpZCI6NjkwNjgsInVybCI6Imh0dHBzOlwvXC93d3cucG9ydG92ZW5lcmUuZnJcL2ZyLWZyXC93cC1jb250ZW50XC91cGxvYWRzXC8yMDI2XC8wMVwvQ2FycmVsYWdlLW11bHRpY29sb3ItZm9ybWF0LWJyaXF1ZXMtMy1jb3VsZXVycy1QSUVUUkEtTUlORVJBLU11bHRpY29sb3ItY2hpYXJvLWVuLWdyZXMtY2VyYW1lLU1hZ2FzaW4tUE9SVE8tVkVORVJFLU1PTlRQRUxMSUVSLXByZXMtZGUtTGF0dGVzLTM0LmpwZyIsInNsaWRlc2hvdyI6IjRmYjNiZGMifQ%3D%3D\">\n\t\t\t\t\t<div class=\"e-gallery-image elementor-gallery-item__image\" data-thumbnail=\"https:\/\/www.portovenere.fr\/fr-fr\/wp-content\/uploads\/2026\/01\/Carrelage-multicolor-format-briques-3-couleurs-PIETRA-MINERA-Multicolor-chiaro-en-gres-cerame-Magasin-PORTO-VENERE-MONTPELLIER-pres-de-Lattes-34-150x150.jpg\" data-width=\"150\" data-height=\"150\" aria-label=\"Carrelage effet briques multi couleurs aspect pierre naturelle PIETRA MINERA magasin de carrelage PORTO VENERE MONTPELLIER dans l&#039;H\u00e9rault 34\" role=\"img\" ><\/div>\n\t\t\t\t\t\t\t\t\t\t\t<div class=\"elementor-gallery-item__overlay\"><\/div>\n\t\t\t\t\t\t\t\t\t\t\t\t\t\t<\/a>\n\t\t\t\t\t\t\t<a class=\"e-gallery-item elementor-gallery-item elementor-animated-content\" href=\"https:\/\/www.portovenere.fr\/fr-fr\/wp-content\/uploads\/2026\/01\/Carrelage-format-briques-irregulieres-PIETRA-MINERA-6-coloris-en-gres-cerame-Magasin-PORTO-VENERE-MONTPELLIER-pres-de-Palavas-34.jpg\" data-elementor-open-lightbox=\"yes\" data-elementor-lightbox-slideshow=\"4fb3bdc\" data-elementor-lightbox-title=\"Carrelage-format-briques-irr\u00e9guli\u00e8res-PIETRA-MINERA-6-coloris-en-gr\u00e8s-c\u00e9rame-Magasin-PORTO-VENERE-MONTPELLIER-pr\u00e8s-de-Palavas-34\" data-e-action-hash=\"#elementor-action%3Aaction%3Dlightbox%26settings%3DeyJpZCI6NjkwNjYsInVybCI6Imh0dHBzOlwvXC93d3cucG9ydG92ZW5lcmUuZnJcL2ZyLWZyXC93cC1jb250ZW50XC91cGxvYWRzXC8yMDI2XC8wMVwvQ2FycmVsYWdlLWZvcm1hdC1icmlxdWVzLWlycmVndWxpZXJlcy1QSUVUUkEtTUlORVJBLTYtY29sb3Jpcy1lbi1ncmVzLWNlcmFtZS1NYWdhc2luLVBPUlRPLVZFTkVSRS1NT05UUEVMTElFUi1wcmVzLWRlLVBhbGF2YXMtMzQuanBnIiwic2xpZGVzaG93IjoiNGZiM2JkYyJ9\">\n\t\t\t\t\t<div class=\"e-gallery-image elementor-gallery-item__image\" data-thumbnail=\"https:\/\/www.portovenere.fr\/fr-fr\/wp-content\/uploads\/2026\/01\/Carrelage-format-briques-irregulieres-PIETRA-MINERA-6-coloris-en-gres-cerame-Magasin-PORTO-VENERE-MONTPELLIER-pres-de-Palavas-34-150x150.jpg\" data-width=\"150\" data-height=\"150\" aria-label=\"Carrelage effet brique irr\u00e9guli\u00e8re aspect pierre naturelle PIETRA MINERA magasin de carrelage PORTO VENERE MONTPELLIER dans l&#039;H\u00e9rault 34\" role=\"img\" ><\/div>\n\t\t\t\t\t\t\t\t\t\t\t<div class=\"elementor-gallery-item__overlay\"><\/div>\n\t\t\t\t\t\t\t\t\t\t\t\t\t\t<\/a>\n\t\t\t\t\t\t\t<a class=\"e-gallery-item elementor-gallery-item elementor-animated-content\" href=\"https:\/\/www.portovenere.fr\/fr-fr\/wp-content\/uploads\/2026\/01\/Mosaique-30x30-cm-style-mineral-Sabbia-PIETRA-MINERA-6-coloris-pour-sols-et-murs-Magasin-de-carrelages-PORTO-VENERE-pres-de-Pezenas-34.jpg\" data-elementor-open-lightbox=\"yes\" data-elementor-lightbox-slideshow=\"4fb3bdc\" data-elementor-lightbox-title=\"Mosaique-30x30-cm-style-min\u00e9ral-Sabbia-PIETRA-MINERA-6-coloris-pour-sols-et-murs-Magasin-de-carrelages-PORTO-VENERE-pr\u00e8s-de-Pezenas-34\" data-e-action-hash=\"#elementor-action%3Aaction%3Dlightbox%26settings%3DeyJpZCI6NjkwNTksInVybCI6Imh0dHBzOlwvXC93d3cucG9ydG92ZW5lcmUuZnJcL2ZyLWZyXC93cC1jb250ZW50XC91cGxvYWRzXC8yMDI2XC8wMVwvTW9zYWlxdWUtMzB4MzAtY20tc3R5bGUtbWluZXJhbC1TYWJiaWEtUElFVFJBLU1JTkVSQS02LWNvbG9yaXMtcG91ci1zb2xzLWV0LW11cnMtTWFnYXNpbi1kZS1jYXJyZWxhZ2VzLVBPUlRPLVZFTkVSRS1wcmVzLWRlLVBlemVuYXMtMzQuanBnIiwic2xpZGVzaG93IjoiNGZiM2JkYyJ9\">\n\t\t\t\t\t<div class=\"e-gallery-image elementor-gallery-item__image\" data-thumbnail=\"https:\/\/www.portovenere.fr\/fr-fr\/wp-content\/uploads\/2026\/01\/Mosaique-30x30-cm-style-mineral-Sabbia-PIETRA-MINERA-6-coloris-pour-sols-et-murs-Magasin-de-carrelages-PORTO-VENERE-pres-de-Pezenas-34-150x150.jpg\" data-width=\"150\" data-height=\"150\" aria-label=\"\" role=\"img\" ><\/div>\n\t\t\t\t\t\t\t\t\t\t\t<div class=\"elementor-gallery-item__overlay\"><\/div>\n\t\t\t\t\t\t\t\t\t\t\t\t\t\t<\/a>\n\t\t\t\t\t\t\t<a class=\"e-gallery-item elementor-gallery-item elementor-animated-content\" href=\"https:\/\/www.portovenere.fr\/fr-fr\/wp-content\/uploads\/2026\/01\/Mosaique-30x30-cm-style-mineral-Rosso-Siena-PIETRA-MINERA-6-coloris-pour-sols-et-murs-Magasin-de-carrelages-PORTO-VENERE-pres-de-Agde-34.jpg\" data-elementor-open-lightbox=\"yes\" data-elementor-lightbox-slideshow=\"4fb3bdc\" data-elementor-lightbox-title=\"Mosaique-30x30-cm-style-min\u00e9ral-Rosso-Siena-PIETRA-MINERA-6-coloris-pour-sols-et-murs-Magasin-de-carrelages-PORTO-VENERE-pr\u00e8s-de-Agde-34\" data-e-action-hash=\"#elementor-action%3Aaction%3Dlightbox%26settings%3DeyJpZCI6NjkwNTgsInVybCI6Imh0dHBzOlwvXC93d3cucG9ydG92ZW5lcmUuZnJcL2ZyLWZyXC93cC1jb250ZW50XC91cGxvYWRzXC8yMDI2XC8wMVwvTW9zYWlxdWUtMzB4MzAtY20tc3R5bGUtbWluZXJhbC1Sb3Nzby1TaWVuYS1QSUVUUkEtTUlORVJBLTYtY29sb3Jpcy1wb3VyLXNvbHMtZXQtbXVycy1NYWdhc2luLWRlLWNhcnJlbGFnZXMtUE9SVE8tVkVORVJFLXByZXMtZGUtQWdkZS0zNC5qcGciLCJzbGlkZXNob3ciOiI0ZmIzYmRjIn0%3D\">\n\t\t\t\t\t<div class=\"e-gallery-image elementor-gallery-item__image\" data-thumbnail=\"https:\/\/www.portovenere.fr\/fr-fr\/wp-content\/uploads\/2026\/01\/Mosaique-30x30-cm-style-mineral-Rosso-Siena-PIETRA-MINERA-6-coloris-pour-sols-et-murs-Magasin-de-carrelages-PORTO-VENERE-pres-de-Agde-34-150x150.jpg\" data-width=\"150\" data-height=\"150\" aria-label=\"Carrelage mosa\u00efque effet pierre naturelle PIETRA MINERA magasin de carrelage PORTO VENERE MONTPELLIER dans l&#039;H\u00e9rault 34\" role=\"img\" ><\/div>\n\t\t\t\t\t\t\t\t\t\t\t<div class=\"elementor-gallery-item__overlay\"><\/div>\n\t\t\t\t\t\t\t\t\t\t\t\t\t\t<\/a>\n\t\t\t\t\t\t\t<a class=\"e-gallery-item elementor-gallery-item elementor-animated-content\" href=\"https:\/\/www.portovenere.fr\/fr-fr\/wp-content\/uploads\/2026\/01\/Mosaique-30x30-cm-style-mineral-Mandorla-PIETRA-MINERA-6-coloris-pour-sols-et-murs-Magasin-de-carrelages-PORTO-VENERE-pres-de-Castries-34.jpg\" data-elementor-open-lightbox=\"yes\" data-elementor-lightbox-slideshow=\"4fb3bdc\" data-elementor-lightbox-title=\"Mosaique-30x30-cm-style-min\u00e9ral-Mandorla-PIETRA-MINERA-6-coloris-pour-sols-et-murs-Magasin-de-carrelages-PORTO-VENERE-pr\u00e8s-de-Castries-34\" data-e-action-hash=\"#elementor-action%3Aaction%3Dlightbox%26settings%3DeyJpZCI6NjkwNTcsInVybCI6Imh0dHBzOlwvXC93d3cucG9ydG92ZW5lcmUuZnJcL2ZyLWZyXC93cC1jb250ZW50XC91cGxvYWRzXC8yMDI2XC8wMVwvTW9zYWlxdWUtMzB4MzAtY20tc3R5bGUtbWluZXJhbC1NYW5kb3JsYS1QSUVUUkEtTUlORVJBLTYtY29sb3Jpcy1wb3VyLXNvbHMtZXQtbXVycy1NYWdhc2luLWRlLWNhcnJlbGFnZXMtUE9SVE8tVkVORVJFLXByZXMtZGUtQ2FzdHJpZXMtMzQuanBnIiwic2xpZGVzaG93IjoiNGZiM2JkYyJ9\">\n\t\t\t\t\t<div class=\"e-gallery-image elementor-gallery-item__image\" data-thumbnail=\"https:\/\/www.portovenere.fr\/fr-fr\/wp-content\/uploads\/2026\/01\/Mosaique-30x30-cm-style-mineral-Mandorla-PIETRA-MINERA-6-coloris-pour-sols-et-murs-Magasin-de-carrelages-PORTO-VENERE-pres-de-Castries-34-150x150.jpg\" data-width=\"150\" data-height=\"150\" aria-label=\"Carrelage mosa\u00efque effet pierre naturelle PIETRA MINERA magasin de carrelage PORTO VENERE MONTPELLIER dans l&#039;H\u00e9rault 34\" role=\"img\" ><\/div>\n\t\t\t\t\t\t\t\t\t\t\t<div class=\"elementor-gallery-item__overlay\"><\/div>\n\t\t\t\t\t\t\t\t\t\t\t\t\t\t<\/a>\n\t\t\t\t\t\t\t<a class=\"e-gallery-item elementor-gallery-item elementor-animated-content\" href=\"https:\/\/www.portovenere.fr\/fr-fr\/wp-content\/uploads\/2026\/01\/Mosaique-30x30-cm-style-mineral-Cotone-PIETRA-MINERA-6-coloris-pour-sols-et-murs-Magasin-de-carrelages-PORTO-VENERE-pres-de-Perols-34.jpg\" data-elementor-open-lightbox=\"yes\" data-elementor-lightbox-slideshow=\"4fb3bdc\" data-elementor-lightbox-title=\"Mosaique-30x30-cm-style-min\u00e9ral-Cotone-PIETRA-MINERA-6-coloris-pour-sols-et-murs-Magasin-de-carrelages-PORTO-VENERE-pr\u00e8s-de-Perols-34\" data-e-action-hash=\"#elementor-action%3Aaction%3Dlightbox%26settings%3DeyJpZCI6NjkwNTYsInVybCI6Imh0dHBzOlwvXC93d3cucG9ydG92ZW5lcmUuZnJcL2ZyLWZyXC93cC1jb250ZW50XC91cGxvYWRzXC8yMDI2XC8wMVwvTW9zYWlxdWUtMzB4MzAtY20tc3R5bGUtbWluZXJhbC1Db3RvbmUtUElFVFJBLU1JTkVSQS02LWNvbG9yaXMtcG91ci1zb2xzLWV0LW11cnMtTWFnYXNpbi1kZS1jYXJyZWxhZ2VzLVBPUlRPLVZFTkVSRS1wcmVzLWRlLVBlcm9scy0zNC5qcGciLCJzbGlkZXNob3ciOiI0ZmIzYmRjIn0%3D\">\n\t\t\t\t\t<div class=\"e-gallery-image elementor-gallery-item__image\" data-thumbnail=\"https:\/\/www.portovenere.fr\/fr-fr\/wp-content\/uploads\/2026\/01\/Mosaique-30x30-cm-style-mineral-Cotone-PIETRA-MINERA-6-coloris-pour-sols-et-murs-Magasin-de-carrelages-PORTO-VENERE-pres-de-Perols-34-150x150.jpg\" data-width=\"150\" data-height=\"150\" aria-label=\"Carrelage mosa\u00efque effet pierre naturelle PIETRA MINERA magasin de carrelage PORTO VENERE MONTPELLIER dans l&#039;H\u00e9rault 34\" role=\"img\" ><\/div>\n\t\t\t\t\t\t\t\t\t\t\t<div class=\"elementor-gallery-item__overlay\"><\/div>\n\t\t\t\t\t\t\t\t\t\t\t\t\t\t<\/a>\n\t\t\t\t\t<\/div>\n\t\t\t\t\t<\/div>\n\t\t\t\t<\/div>\n\t\t\t\t<div class=\"elementor-element elementor-element-7f25603 elementor-widget elementor-widget-text-editor\" data-id=\"7f25603\" data-element_type=\"widget\" data-e-type=\"widget\" data-widget_type=\"text-editor.default\">\n\t\t\t\t<div class=\"elementor-widget-container\">\n\t\t\t\t\t\t\t\t\t<p data-start=\"184\" data-end=\"483\">La collection <strong data-start=\"2526\" data-end=\"2543\">PIETRA MINERA<\/strong> r\u00e9interpr\u00e8te la pierre min\u00e9rale \u00e0 travers un gr\u00e8s c\u00e9rame au rendu subtil et authentique.\u00a0<\/p><p data-start=\"184\" data-end=\"483\">D\u00e9clin\u00e9e en <strong data-start=\"2645\" data-end=\"2669\">six coloris naturels<\/strong>, elle est disponible en <strong data-start=\"2694\" data-end=\"2733\">formats 60\u00d760, 60\u00d7120 et 120\u00d7120 cm<\/strong> pour les <strong>sols et murs.\u00a0<\/strong><\/p><p data-start=\"184\" data-end=\"483\">Deux finitions sont propos\u00e9es : <strong data-start=\"2789\" data-end=\"2798\">lisse<\/strong> et <strong data-start=\"2802\" data-end=\"2817\">relief Dune<\/strong>, avec technologies Silktech et Silktech Plus pour un usage <strong>int\u00e9rieur et ext\u00e9rieur<\/strong>.\u00a0<\/p><p data-start=\"184\" data-end=\"483\">La gamme est compl\u00e9t\u00e9e par <strong data-start=\"2932\" data-end=\"2959\">deux mosa\u00efques 30\u00d730 cm<\/strong> et un <strong data-start=\"2966\" data-end=\"3001\">format brique Filobrick 7\u00d729 cm<\/strong>.\u00a0<\/p><p data-start=\"184\" data-end=\"483\">Une collection \u00e9l\u00e9gante, durable et minimaliste, id\u00e9ale pour cr\u00e9er des espaces contemporains et apaisants.<\/p>\t\t\t\t\t\t\t\t<\/div>\n\t\t\t\t<\/div>\n\t\t\t\t<div class=\"elementor-element elementor-element-92c9f14 elementor-mobile-align-center elementor-align-left elementor-widget elementor-widget-button\" data-id=\"92c9f14\" data-element_type=\"widget\" data-e-type=\"widget\" data-widget_type=\"button.default\">\n\t\t\t\t<div class=\"elementor-widget-container\">\n\t\t\t\t\t\t\t\t\t<div class=\"elementor-button-wrapper\">\n\t\t\t\t\t<a class=\"elementor-button elementor-button-link elementor-size-sm\" href=\"https:\/\/www.portovenere.fr\/fr-fr\/carrelage-sol-et-mur-en-gres-cerame-et-faience\/carrelage-aspect-pierre\/carrelage-effet-pierre-minerale-pour-sols-et-murs-pietra-minera\/\">\n\t\t\t\t\t\t<span class=\"elementor-button-content-wrapper\">\n\t\t\t\t\t\t\t\t\t<span class=\"elementor-button-text\">Voir la collection<\/span>\n\t\t\t\t\t<\/span>\n\t\t\t\t\t<\/a>\n\t\t\t\t<\/div>\n\t\t\t\t\t\t\t\t<\/div>\n\t\t\t\t<\/div>\n\t\t\t\t\t<\/div>\n\t\t<\/div>\n\t\t\t\t<div class=\"elementor-column elementor-col-33 elementor-top-column elementor-element elementor-element-063ed6b elementor-invisible\" data-id=\"063ed6b\" data-element_type=\"column\" data-e-type=\"column\" data-settings=\"{&quot;animation&quot;:&quot;fadeIn&quot;,&quot;background_background&quot;:&quot;classic&quot;}\">\n\t\t\t<div class=\"elementor-widget-wrap elementor-element-populated\">\n\t\t\t\t\t\t<div class=\"elementor-element elementor-element-fbe0565 elementor-skin-carousel elementor-widget elementor-widget-media-carousel\" data-id=\"fbe0565\" data-element_type=\"widget\" data-e-type=\"widget\" data-settings=\"{&quot;slides_per_view&quot;:&quot;1&quot;,&quot;slides_per_view_tablet&quot;:&quot;1&quot;,&quot;slides_to_scroll&quot;:&quot;1&quot;,&quot;slides_to_scroll_tablet&quot;:&quot;1&quot;,&quot;skin&quot;:&quot;carousel&quot;,&quot;effect&quot;:&quot;slide&quot;,&quot;speed&quot;:500,&quot;autoplay&quot;:&quot;yes&quot;,&quot;autoplay_speed&quot;:5000,&quot;loop&quot;:&quot;yes&quot;,&quot;pause_on_hover&quot;:&quot;yes&quot;,&quot;pause_on_interaction&quot;:&quot;yes&quot;,&quot;space_between&quot;:{&quot;unit&quot;:&quot;px&quot;,&quot;size&quot;:10,&quot;sizes&quot;:[]},&quot;space_between_tablet&quot;:{&quot;unit&quot;:&quot;px&quot;,&quot;size&quot;:10,&quot;sizes&quot;:[]},&quot;space_between_mobile&quot;:{&quot;unit&quot;:&quot;px&quot;,&quot;size&quot;:10,&quot;sizes&quot;:[]}}\" data-widget_type=\"media-carousel.default\">\n\t\t\t\t<div class=\"elementor-widget-container\">\n\t\t\t\t\t\t\t\t\t<div class=\"elementor-swiper\">\n\t\t\t\t\t<div class=\"elementor-main-swiper swiper\" role=\"region\" aria-roledescription=\"carousel\" aria-label=\"Diapositives\">\n\t\t\t\t<div class=\"swiper-wrapper\">\n\t\t\t\t\t\t\t\t\t\t\t<div class=\"swiper-slide\" role=\"group\" aria-roledescription=\"slide\">\n\t\t\t\t\t\t\t<a href=\"https:\/\/www.portovenere.fr\/fr-fr\/carrelage-sol-et-mur-en-gres-cerame-et-faience\/carrelage-imitation-parquet-aspect-bois\/carrelage-bois-effet-naturel-ou-scie-karban\/\">\t\t<div class=\"elementor-carousel-image\" role=\"img\" aria-label=\"Carrelage sol et mural effet bois naturel ou sci\u00e9 - S\u00e9rie KARBAN au magasin de carrelages et fa\u00efences salle de bains Porto Venere \u00e0 Montpellier 34\" style=\"background-image: url(&#039;https:\/\/www.portovenere.fr\/fr-fr\/wp-content\/uploads\/2026\/01\/Carrelage-effet-bois-naturel-et-antiderapant-KARBAN-coloris-Elm-pour-exterieur-et-interieur-Magasin-PORTO_VENERE_MONTPELLIER-pres-de-Saint-Gely-du-Fesc-34.jpg&#039;)\">\n\n\t\t\t\n\t\t\t\t\t<\/div>\n\t\t<\/a>\t\t\t\t\t\t<\/div>\n\t\t\t\t\t\t\t\t\t\t\t<div class=\"swiper-slide\" role=\"group\" aria-roledescription=\"slide\">\n\t\t\t\t\t\t\t<a href=\"https:\/\/www.portovenere.fr\/fr-fr\/carrelage-sol-et-mur-en-gres-cerame-et-faience\/carrelage-imitation-parquet-aspect-bois\/carrelage-bois-effet-naturel-ou-scie-karban\/\">\t\t<div class=\"elementor-carousel-image\" role=\"img\" aria-label=\"Carrelage effet bois naturel ou sci\u00e9 - S\u00e9rie KARBAN au magasin de carrelages et fa\u00efences salle de bains Porto Venere \u00e0 Montpellier 34\" style=\"background-image: url(&#039;https:\/\/www.portovenere.fr\/fr-fr\/wp-content\/uploads\/2026\/01\/Carrelage-haut-de-gamme-effet-bois-finition-naturelle-ou-sciee-KARBAN-coloris-Walnut-Magasin-PORTO_VENERE_MONTPELLIER-pres-de-Juvignac-34.jpg&#039;)\">\n\n\t\t\t\n\t\t\t\t\t<\/div>\n\t\t<\/a>\t\t\t\t\t\t<\/div>\n\t\t\t\t\t\t\t\t\t\t\t<div class=\"swiper-slide\" role=\"group\" aria-roledescription=\"slide\">\n\t\t\t\t\t\t\t<a href=\"https:\/\/www.portovenere.fr\/fr-fr\/carrelage-sol-et-mur-en-gres-cerame-et-faience\/carrelage-imitation-parquet-aspect-bois\/carrelage-bois-effet-naturel-ou-scie-karban\/\">\t\t<div class=\"elementor-carousel-image\" role=\"img\" aria-label=\"Carrelage effet bois naturel ou sci\u00e9 - S\u00e9rie KARBAN au magasin de carrelages et fa\u00efences salle de bains Porto Venere \u00e0 Montpellier 34\" style=\"background-image: url(&#039;https:\/\/www.portovenere.fr\/fr-fr\/wp-content\/uploads\/2026\/01\/Carrelage-haut-de-gamme-effet-bois-finition-naturelle-ou-sciee-KARBAN-coloris-Ash-Magasin-PORTO_VENERE_MONTPELLIER-pres-de-Mauguio-34.jpg&#039;)\">\n\n\t\t\t\n\t\t\t\t\t<\/div>\n\t\t<\/a>\t\t\t\t\t\t<\/div>\n\t\t\t\t\t\t\t\t\t<\/div>\n\t\t\t\t\t\t\t\t\t\t\t\t\t\t\t\t\t\t\t\t\t<\/div>\n\t\t\t\t<\/div>\n\t\t\t\t\t\t\t\t<\/div>\n\t\t\t\t<\/div>\n\t\t\t\t<section class=\"elementor-section elementor-inner-section elementor-element elementor-element-ebd9162 elementor-section-boxed elementor-section-height-default elementor-section-height-default elementor-invisible\" data-id=\"ebd9162\" data-element_type=\"section\" data-e-type=\"section\" data-settings=\"{&quot;background_background&quot;:&quot;classic&quot;,&quot;animation&quot;:&quot;fadeIn&quot;}\">\n\t\t\t\t\t\t<div class=\"elementor-container elementor-column-gap-default\">\n\t\t\t\t\t<div class=\"elementor-column elementor-col-100 elementor-inner-column elementor-element elementor-element-f291d9c\" data-id=\"f291d9c\" data-element_type=\"column\" data-e-type=\"column\">\n\t\t\t<div class=\"elementor-widget-wrap elementor-element-populated\">\n\t\t\t\t\t\t<div class=\"elementor-element elementor-element-c8aa1da elementor-widget elementor-widget-heading\" data-id=\"c8aa1da\" data-element_type=\"widget\" data-e-type=\"widget\" data-widget_type=\"heading.default\">\n\t\t\t\t<div class=\"elementor-widget-container\">\n\t\t\t\t\t<h3 class=\"elementor-heading-title elementor-size-default\"><a href=\"https:\/\/www.portovenere.fr\/fr-fr\/carrelage-sol-et-mur-en-gres-cerame-et-faience\/carrelage-imitation-parquet-aspect-bois\/carrelage-bois-effet-naturel-ou-scie-karban\/\">KARBAN | 4 coloris - Naturel ou Sci\u00e9<\/a><\/h3>\t\t\t\t<\/div>\n\t\t\t\t<\/div>\n\t\t\t\t<div class=\"elementor-element elementor-element-cb1e47e elementor-widget__width-initial elementor-widget elementor-widget-gallery\" data-id=\"cb1e47e\" data-element_type=\"widget\" data-e-type=\"widget\" data-settings=\"{&quot;gap&quot;:{&quot;unit&quot;:&quot;px&quot;,&quot;size&quot;:3,&quot;sizes&quot;:[]},&quot;columns_mobile&quot;:3,&quot;gap_mobile&quot;:{&quot;unit&quot;:&quot;px&quot;,&quot;size&quot;:6,&quot;sizes&quot;:[]},&quot;columns&quot;:5,&quot;columns_tablet&quot;:3,&quot;gap_tablet&quot;:{&quot;unit&quot;:&quot;px&quot;,&quot;size&quot;:5,&quot;sizes&quot;:[]},&quot;lazyload&quot;:&quot;yes&quot;,&quot;gallery_layout&quot;:&quot;grid&quot;,&quot;link_to&quot;:&quot;file&quot;,&quot;aspect_ratio&quot;:&quot;3:2&quot;,&quot;overlay_background&quot;:&quot;yes&quot;,&quot;content_hover_animation&quot;:&quot;fade-in&quot;}\" data-widget_type=\"gallery.default\">\n\t\t\t\t<div class=\"elementor-widget-container\">\n\t\t\t\t\t\t\t<div class=\"elementor-gallery__container\">\n\t\t\t\t\t\t\t<a class=\"e-gallery-item elementor-gallery-item elementor-animated-content\" href=\"https:\/\/www.portovenere.fr\/fr-fr\/wp-content\/uploads\/2026\/01\/Carrelage-haut-de-gamme-effet-bois-finition-naturelle-ou-sciee-KARBAN-coloris-Walnut-scie-Magasin-PORTO_VENERE_MONTPELLIER-pres-de-Palavas-34.jpg\" data-elementor-open-lightbox=\"yes\" data-elementor-lightbox-slideshow=\"cb1e47e\" data-elementor-lightbox-title=\"Carrelage-haut-de-gamme-effet-bois-finition-naturelle-ou-sci\u00e9e-KARBAN-coloris-Walnut-sci\u00e9-Magasin-PORTO_VENERE_MONTPELLIER-pr\u00e8s-de-Palavas-34\" data-e-action-hash=\"#elementor-action%3Aaction%3Dlightbox%26settings%3DeyJpZCI6NjkyMTAsInVybCI6Imh0dHBzOlwvXC93d3cucG9ydG92ZW5lcmUuZnJcL2ZyLWZyXC93cC1jb250ZW50XC91cGxvYWRzXC8yMDI2XC8wMVwvQ2FycmVsYWdlLWhhdXQtZGUtZ2FtbWUtZWZmZXQtYm9pcy1maW5pdGlvbi1uYXR1cmVsbGUtb3Utc2NpZWUtS0FSQkFOLWNvbG9yaXMtV2FsbnV0LXNjaWUtTWFnYXNpbi1QT1JUT19WRU5FUkVfTU9OVFBFTExJRVItcHJlcy1kZS1QYWxhdmFzLTM0LmpwZyIsInNsaWRlc2hvdyI6ImNiMWU0N2UifQ%3D%3D\">\n\t\t\t\t\t<div class=\"e-gallery-image elementor-gallery-item__image\" data-thumbnail=\"https:\/\/www.portovenere.fr\/fr-fr\/wp-content\/uploads\/2026\/01\/Carrelage-haut-de-gamme-effet-bois-finition-naturelle-ou-sciee-KARBAN-coloris-Walnut-scie-Magasin-PORTO_VENERE_MONTPELLIER-pres-de-Palavas-34-150x150.jpg\" data-width=\"150\" data-height=\"150\" aria-label=\"Carrelage effet bois naturel ou sci\u00e9 - S\u00e9rie KARBAN au magasin de carrelages et fa\u00efences salle de bains Porto Venere \u00e0 Montpellier 34\" role=\"img\" ><\/div>\n\t\t\t\t\t\t\t\t\t\t\t<div class=\"elementor-gallery-item__overlay\"><\/div>\n\t\t\t\t\t\t\t\t\t\t\t\t\t\t<\/a>\n\t\t\t\t\t\t\t<a class=\"e-gallery-item elementor-gallery-item elementor-animated-content\" href=\"https:\/\/www.portovenere.fr\/fr-fr\/wp-content\/uploads\/2026\/01\/Carrelage-haut-de-gamme-effet-bois-finition-naturelle-ou-sciee-KARBAN-coloris-Oak-Saw-scie-Magasin-PORTO_VENERE_MONTPELLIER-pres-de-Castries-34.jpg\" data-elementor-open-lightbox=\"yes\" data-elementor-lightbox-slideshow=\"cb1e47e\" data-elementor-lightbox-title=\"Carrelage-haut-de-gamme-effet-bois-finition-naturelle-ou-sci\u00e9e-KARBAN-coloris-Oak-Saw-sci\u00e9-Magasin-PORTO_VENERE_MONTPELLIER-pr\u00e8s-de-Castries-34\" data-e-action-hash=\"#elementor-action%3Aaction%3Dlightbox%26settings%3DeyJpZCI6NjkyMDksInVybCI6Imh0dHBzOlwvXC93d3cucG9ydG92ZW5lcmUuZnJcL2ZyLWZyXC93cC1jb250ZW50XC91cGxvYWRzXC8yMDI2XC8wMVwvQ2FycmVsYWdlLWhhdXQtZGUtZ2FtbWUtZWZmZXQtYm9pcy1maW5pdGlvbi1uYXR1cmVsbGUtb3Utc2NpZWUtS0FSQkFOLWNvbG9yaXMtT2FrLVNhdy1zY2llLU1hZ2FzaW4tUE9SVE9fVkVORVJFX01PTlRQRUxMSUVSLXByZXMtZGUtQ2FzdHJpZXMtMzQuanBnIiwic2xpZGVzaG93IjoiY2IxZTQ3ZSJ9\">\n\t\t\t\t\t<div class=\"e-gallery-image elementor-gallery-item__image\" data-thumbnail=\"https:\/\/www.portovenere.fr\/fr-fr\/wp-content\/uploads\/2026\/01\/Carrelage-haut-de-gamme-effet-bois-finition-naturelle-ou-sciee-KARBAN-coloris-Oak-Saw-scie-Magasin-PORTO_VENERE_MONTPELLIER-pres-de-Castries-34-150x150.jpg\" data-width=\"150\" data-height=\"150\" aria-label=\"Carrelage effet bois naturel ou sci\u00e9 - S\u00e9rie KARBAN au magasin de carrelages et fa\u00efences salle de bains Porto Venere \u00e0 Montpellier 34\" role=\"img\" ><\/div>\n\t\t\t\t\t\t\t\t\t\t\t<div class=\"elementor-gallery-item__overlay\"><\/div>\n\t\t\t\t\t\t\t\t\t\t\t\t\t\t<\/a>\n\t\t\t\t\t\t\t<a class=\"e-gallery-item elementor-gallery-item elementor-animated-content\" href=\"https:\/\/www.portovenere.fr\/fr-fr\/wp-content\/uploads\/2026\/01\/Carrelage-haut-de-gamme-effet-bois-finition-naturelle-ou-sciee-KARBAN-coloris-Ash-scie-Magasin-PORTO_VENERE_MONTPELLIER-pres-de-Perols-34.jpg\" data-elementor-open-lightbox=\"yes\" data-elementor-lightbox-slideshow=\"cb1e47e\" data-elementor-lightbox-title=\"Carrelage-haut-de-gamme-effet-bois-finition-naturelle-ou-sci\u00e9e-KARBAN-coloris-Ash-sci\u00e9-Magasin-PORTO_VENERE_MONTPELLIER-pr\u00e8s-de-P\u00e9rols-34\" data-e-action-hash=\"#elementor-action%3Aaction%3Dlightbox%26settings%3DeyJpZCI6NjkyMDgsInVybCI6Imh0dHBzOlwvXC93d3cucG9ydG92ZW5lcmUuZnJcL2ZyLWZyXC93cC1jb250ZW50XC91cGxvYWRzXC8yMDI2XC8wMVwvQ2FycmVsYWdlLWhhdXQtZGUtZ2FtbWUtZWZmZXQtYm9pcy1maW5pdGlvbi1uYXR1cmVsbGUtb3Utc2NpZWUtS0FSQkFOLWNvbG9yaXMtQXNoLXNjaWUtTWFnYXNpbi1QT1JUT19WRU5FUkVfTU9OVFBFTExJRVItcHJlcy1kZS1QZXJvbHMtMzQuanBnIiwic2xpZGVzaG93IjoiY2IxZTQ3ZSJ9\">\n\t\t\t\t\t<div class=\"e-gallery-image elementor-gallery-item__image\" data-thumbnail=\"https:\/\/www.portovenere.fr\/fr-fr\/wp-content\/uploads\/2026\/01\/Carrelage-haut-de-gamme-effet-bois-finition-naturelle-ou-sciee-KARBAN-coloris-Ash-scie-Magasin-PORTO_VENERE_MONTPELLIER-pres-de-Perols-34-150x150.jpg\" data-width=\"150\" data-height=\"150\" aria-label=\"Carrelage effet bois naturel ou sci\u00e9 - S\u00e9rie KARBAN au magasin de carrelages et fa\u00efences salle de bains Porto Venere \u00e0 Montpellier 34\" role=\"img\" ><\/div>\n\t\t\t\t\t\t\t\t\t\t\t<div class=\"elementor-gallery-item__overlay\"><\/div>\n\t\t\t\t\t\t\t\t\t\t\t\t\t\t<\/a>\n\t\t\t\t\t\t\t<a class=\"e-gallery-item elementor-gallery-item elementor-animated-content\" href=\"https:\/\/www.portovenere.fr\/fr-fr\/wp-content\/uploads\/2026\/01\/Carrelage-haut-de-gamme-effet-bois-clair-finition-naturelle-ou-sciee-KARBAN-coloris-Elm-scie-Magasin-PORTO_VENERE_MONTPELLIER-pres-de-Sete-34.jpg\" data-elementor-open-lightbox=\"yes\" data-elementor-lightbox-slideshow=\"cb1e47e\" data-elementor-lightbox-title=\"Carrelage-haut-de-gamme-effet-bois-clair-finition-naturelle-ou-sci\u00e9e-KARBAN-coloris-Elm-sci\u00e9-Magasin-PORTO_VENERE_MONTPELLIER-pr\u00e8s-de-S\u00e8te-34\" data-e-action-hash=\"#elementor-action%3Aaction%3Dlightbox%26settings%3DeyJpZCI6NjkyMDcsInVybCI6Imh0dHBzOlwvXC93d3cucG9ydG92ZW5lcmUuZnJcL2ZyLWZyXC93cC1jb250ZW50XC91cGxvYWRzXC8yMDI2XC8wMVwvQ2FycmVsYWdlLWhhdXQtZGUtZ2FtbWUtZWZmZXQtYm9pcy1jbGFpci1maW5pdGlvbi1uYXR1cmVsbGUtb3Utc2NpZWUtS0FSQkFOLWNvbG9yaXMtRWxtLXNjaWUtTWFnYXNpbi1QT1JUT19WRU5FUkVfTU9OVFBFTExJRVItcHJlcy1kZS1TZXRlLTM0LmpwZyIsInNsaWRlc2hvdyI6ImNiMWU0N2UifQ%3D%3D\">\n\t\t\t\t\t<div class=\"e-gallery-image elementor-gallery-item__image\" data-thumbnail=\"https:\/\/www.portovenere.fr\/fr-fr\/wp-content\/uploads\/2026\/01\/Carrelage-haut-de-gamme-effet-bois-clair-finition-naturelle-ou-sciee-KARBAN-coloris-Elm-scie-Magasin-PORTO_VENERE_MONTPELLIER-pres-de-Sete-34-150x150.jpg\" data-width=\"150\" data-height=\"150\" aria-label=\"Carrelage effet bois naturel ou sci\u00e9 - S\u00e9rie KARBAN au magasin de carrelages et fa\u00efences salle de bains Porto Venere \u00e0 Montpellier 34\" role=\"img\" ><\/div>\n\t\t\t\t\t\t\t\t\t\t\t<div class=\"elementor-gallery-item__overlay\"><\/div>\n\t\t\t\t\t\t\t\t\t\t\t\t\t\t<\/a>\n\t\t\t\t\t\t\t<a class=\"e-gallery-item elementor-gallery-item elementor-animated-content\" href=\"https:\/\/www.portovenere.fr\/fr-fr\/wp-content\/uploads\/2026\/01\/Carrelage-haut-de-gamme-effet-bois-finition-naturelle-ou-sciee-KARBAN-coloris-Walnut-Magasin-PORTO_VENERE_MONTPELLIER-pres-de-Juvignac-34.jpg\" data-elementor-open-lightbox=\"yes\" data-elementor-lightbox-slideshow=\"cb1e47e\" data-elementor-lightbox-title=\"Carrelage-haut-de-gamme-effet-bois-finition-naturelle-ou-sci\u00e9e-KARBAN-coloris-Walnut-Magasin-PORTO_VENERE_MONTPELLIER-pr\u00e8s-de-Juvignac-34\" data-e-action-hash=\"#elementor-action%3Aaction%3Dlightbox%26settings%3DeyJpZCI6NjkyMDYsInVybCI6Imh0dHBzOlwvXC93d3cucG9ydG92ZW5lcmUuZnJcL2ZyLWZyXC93cC1jb250ZW50XC91cGxvYWRzXC8yMDI2XC8wMVwvQ2FycmVsYWdlLWhhdXQtZGUtZ2FtbWUtZWZmZXQtYm9pcy1maW5pdGlvbi1uYXR1cmVsbGUtb3Utc2NpZWUtS0FSQkFOLWNvbG9yaXMtV2FsbnV0LU1hZ2FzaW4tUE9SVE9fVkVORVJFX01PTlRQRUxMSUVSLXByZXMtZGUtSnV2aWduYWMtMzQuanBnIiwic2xpZGVzaG93IjoiY2IxZTQ3ZSJ9\">\n\t\t\t\t\t<div class=\"e-gallery-image elementor-gallery-item__image\" data-thumbnail=\"https:\/\/www.portovenere.fr\/fr-fr\/wp-content\/uploads\/2026\/01\/Carrelage-haut-de-gamme-effet-bois-finition-naturelle-ou-sciee-KARBAN-coloris-Walnut-Magasin-PORTO_VENERE_MONTPELLIER-pres-de-Juvignac-34-150x150.jpg\" data-width=\"150\" data-height=\"150\" aria-label=\"Carrelage effet bois naturel ou sci\u00e9 - S\u00e9rie KARBAN au magasin de carrelages et fa\u00efences salle de bains Porto Venere \u00e0 Montpellier 34\" role=\"img\" ><\/div>\n\t\t\t\t\t\t\t\t\t\t\t<div class=\"elementor-gallery-item__overlay\"><\/div>\n\t\t\t\t\t\t\t\t\t\t\t\t\t\t<\/a>\n\t\t\t\t\t\t\t<a class=\"e-gallery-item elementor-gallery-item elementor-animated-content\" href=\"https:\/\/www.portovenere.fr\/fr-fr\/wp-content\/uploads\/2026\/01\/Carrelage-haut-de-gamme-effet-bois-finition-naturelle-ou-sciee-KARBAN-coloris-Oak-Magasin-PORTO_VENERE_MONTPELLIER-pres-de-Frontignan-34.jpg\" data-elementor-open-lightbox=\"yes\" data-elementor-lightbox-slideshow=\"cb1e47e\" data-elementor-lightbox-title=\"Carrelage-haut-de-gamme-effet-bois-finition-naturelle-ou-sci\u00e9e-KARBAN-coloris-Oak-Magasin-PORTO_VENERE_MONTPELLIER-pr\u00e8s-de-Frontignan-34\" data-e-action-hash=\"#elementor-action%3Aaction%3Dlightbox%26settings%3DeyJpZCI6NjkyMDUsInVybCI6Imh0dHBzOlwvXC93d3cucG9ydG92ZW5lcmUuZnJcL2ZyLWZyXC93cC1jb250ZW50XC91cGxvYWRzXC8yMDI2XC8wMVwvQ2FycmVsYWdlLWhhdXQtZGUtZ2FtbWUtZWZmZXQtYm9pcy1maW5pdGlvbi1uYXR1cmVsbGUtb3Utc2NpZWUtS0FSQkFOLWNvbG9yaXMtT2FrLU1hZ2FzaW4tUE9SVE9fVkVORVJFX01PTlRQRUxMSUVSLXByZXMtZGUtRnJvbnRpZ25hbi0zNC5qcGciLCJzbGlkZXNob3ciOiJjYjFlNDdlIn0%3D\">\n\t\t\t\t\t<div class=\"e-gallery-image elementor-gallery-item__image\" data-thumbnail=\"https:\/\/www.portovenere.fr\/fr-fr\/wp-content\/uploads\/2026\/01\/Carrelage-haut-de-gamme-effet-bois-finition-naturelle-ou-sciee-KARBAN-coloris-Oak-Magasin-PORTO_VENERE_MONTPELLIER-pres-de-Frontignan-34-150x150.jpg\" data-width=\"150\" data-height=\"150\" aria-label=\"Carrelage effet bois naturel ou sci\u00e9 - S\u00e9rie KARBAN au magasin de carrelages et fa\u00efences salle de bains Porto Venere \u00e0 Montpellier 34\" role=\"img\" ><\/div>\n\t\t\t\t\t\t\t\t\t\t\t<div class=\"elementor-gallery-item__overlay\"><\/div>\n\t\t\t\t\t\t\t\t\t\t\t\t\t\t<\/a>\n\t\t\t\t\t\t\t<a class=\"e-gallery-item elementor-gallery-item elementor-animated-content\" href=\"https:\/\/www.portovenere.fr\/fr-fr\/wp-content\/uploads\/2026\/01\/Carrelage-haut-de-gamme-effet-bois-finition-naturelle-ou-sciee-KARBAN-coloris-Elm-Magasin-PORTO_VENERE_MONTPELLIER-pres-de-Saint-Aunes-34.jpg\" data-elementor-open-lightbox=\"yes\" data-elementor-lightbox-slideshow=\"cb1e47e\" data-elementor-lightbox-title=\"Carrelage-haut-de-gamme-effet-bois-finition-naturelle-ou-sci\u00e9e-KARBAN-coloris-Elm-Magasin-PORTO_VENERE_MONTPELLIER-pr\u00e8s-de-Saint-Aun\u00e8s-34\" data-e-action-hash=\"#elementor-action%3Aaction%3Dlightbox%26settings%3DeyJpZCI6NjkyMDQsInVybCI6Imh0dHBzOlwvXC93d3cucG9ydG92ZW5lcmUuZnJcL2ZyLWZyXC93cC1jb250ZW50XC91cGxvYWRzXC8yMDI2XC8wMVwvQ2FycmVsYWdlLWhhdXQtZGUtZ2FtbWUtZWZmZXQtYm9pcy1maW5pdGlvbi1uYXR1cmVsbGUtb3Utc2NpZWUtS0FSQkFOLWNvbG9yaXMtRWxtLU1hZ2FzaW4tUE9SVE9fVkVORVJFX01PTlRQRUxMSUVSLXByZXMtZGUtU2FpbnQtQXVuZXMtMzQuanBnIiwic2xpZGVzaG93IjoiY2IxZTQ3ZSJ9\">\n\t\t\t\t\t<div class=\"e-gallery-image elementor-gallery-item__image\" data-thumbnail=\"https:\/\/www.portovenere.fr\/fr-fr\/wp-content\/uploads\/2026\/01\/Carrelage-haut-de-gamme-effet-bois-finition-naturelle-ou-sciee-KARBAN-coloris-Elm-Magasin-PORTO_VENERE_MONTPELLIER-pres-de-Saint-Aunes-34-150x150.jpg\" data-width=\"150\" data-height=\"150\" aria-label=\"Carrelage effet bois naturel ou sci\u00e9 - S\u00e9rie KARBAN au magasin de carrelages et fa\u00efences salle de bains Porto Venere \u00e0 Montpellier 34\" role=\"img\" ><\/div>\n\t\t\t\t\t\t\t\t\t\t\t<div class=\"elementor-gallery-item__overlay\"><\/div>\n\t\t\t\t\t\t\t\t\t\t\t\t\t\t<\/a>\n\t\t\t\t\t\t\t<a class=\"e-gallery-item elementor-gallery-item elementor-animated-content\" href=\"https:\/\/www.portovenere.fr\/fr-fr\/wp-content\/uploads\/2026\/01\/Carrelage-haut-de-gamme-effet-bois-finition-naturelle-ou-sciee-KARBAN-coloris-Ash-Magasin-PORTO_VENERE_MONTPELLIER-pres-de-Mauguio-34.jpg\" data-elementor-open-lightbox=\"yes\" data-elementor-lightbox-slideshow=\"cb1e47e\" data-elementor-lightbox-title=\"Carrelage-haut-de-gamme-effet-bois-finition-naturelle-ou-sci\u00e9e-KARBAN-coloris-Ash-Magasin-PORTO_VENERE_MONTPELLIER-pr\u00e8s-de-Mauguio-34\" data-e-action-hash=\"#elementor-action%3Aaction%3Dlightbox%26settings%3DeyJpZCI6NjkyMDIsInVybCI6Imh0dHBzOlwvXC93d3cucG9ydG92ZW5lcmUuZnJcL2ZyLWZyXC93cC1jb250ZW50XC91cGxvYWRzXC8yMDI2XC8wMVwvQ2FycmVsYWdlLWhhdXQtZGUtZ2FtbWUtZWZmZXQtYm9pcy1maW5pdGlvbi1uYXR1cmVsbGUtb3Utc2NpZWUtS0FSQkFOLWNvbG9yaXMtQXNoLU1hZ2FzaW4tUE9SVE9fVkVORVJFX01PTlRQRUxMSUVSLXByZXMtZGUtTWF1Z3Vpby0zNC5qcGciLCJzbGlkZXNob3ciOiJjYjFlNDdlIn0%3D\">\n\t\t\t\t\t<div class=\"e-gallery-image elementor-gallery-item__image\" data-thumbnail=\"https:\/\/www.portovenere.fr\/fr-fr\/wp-content\/uploads\/2026\/01\/Carrelage-haut-de-gamme-effet-bois-finition-naturelle-ou-sciee-KARBAN-coloris-Ash-Magasin-PORTO_VENERE_MONTPELLIER-pres-de-Mauguio-34-150x150.jpg\" data-width=\"150\" data-height=\"150\" aria-label=\"Carrelage effet bois naturel ou sci\u00e9 - S\u00e9rie KARBAN au magasin de carrelages et fa\u00efences salle de bains Porto Venere \u00e0 Montpellier 34\" role=\"img\" ><\/div>\n\t\t\t\t\t\t\t\t\t\t\t<div class=\"elementor-gallery-item__overlay\"><\/div>\n\t\t\t\t\t\t\t\t\t\t\t\t\t\t<\/a>\n\t\t\t\t\t\t\t<a class=\"e-gallery-item elementor-gallery-item elementor-animated-content\" href=\"https:\/\/www.portovenere.fr\/fr-fr\/wp-content\/uploads\/2026\/01\/Carrelage-sol-mur-effet-bois-karban-finition-mosaique-batons-STICK-30x30-cm-KARBAN-coloris-ELM-Magasin-PORTO-VENERE-pres-de-Vendargues-34.jpg\" data-elementor-open-lightbox=\"yes\" data-elementor-lightbox-slideshow=\"cb1e47e\" data-elementor-lightbox-title=\"Carrelage-sol-mur-effet-bois-karban-finition-mosa\u00efque-b\u00e2tons-STICK-30x30-cm-KARBAN-coloris-ELM-Magasin-PORTO-VENERE-pr\u00e8s-de-Vendargues-34\" data-e-action-hash=\"#elementor-action%3Aaction%3Dlightbox%26settings%3DeyJpZCI6NjkyMTEsInVybCI6Imh0dHBzOlwvXC93d3cucG9ydG92ZW5lcmUuZnJcL2ZyLWZyXC93cC1jb250ZW50XC91cGxvYWRzXC8yMDI2XC8wMVwvQ2FycmVsYWdlLXNvbC1tdXItZWZmZXQtYm9pcy1rYXJiYW4tZmluaXRpb24tbW9zYWlxdWUtYmF0b25zLVNUSUNLLTMweDMwLWNtLUtBUkJBTi1jb2xvcmlzLUVMTS1NYWdhc2luLVBPUlRPLVZFTkVSRS1wcmVzLWRlLVZlbmRhcmd1ZXMtMzQuanBnIiwic2xpZGVzaG93IjoiY2IxZTQ3ZSJ9\">\n\t\t\t\t\t<div class=\"e-gallery-image elementor-gallery-item__image\" data-thumbnail=\"https:\/\/www.portovenere.fr\/fr-fr\/wp-content\/uploads\/2026\/01\/Carrelage-sol-mur-effet-bois-karban-finition-mosaique-batons-STICK-30x30-cm-KARBAN-coloris-ELM-Magasin-PORTO-VENERE-pres-de-Vendargues-34-150x150.jpg\" data-width=\"150\" data-height=\"150\" aria-label=\"Carrelage effet bois en b\u00e2tons mosa\u00efque STICK 30x30 cm - S\u00e9rie KARBAN au magasin de carrelages et fa\u00efences salle de bains Porto Venere \u00e0 Montpellier 34\" role=\"img\" ><\/div>\n\t\t\t\t\t\t\t\t\t\t\t<div class=\"elementor-gallery-item__overlay\"><\/div>\n\t\t\t\t\t\t\t\t\t\t\t\t\t\t<\/a>\n\t\t\t\t\t<\/div>\n\t\t\t\t\t<\/div>\n\t\t\t\t<\/div>\n\t\t\t\t<div class=\"elementor-element elementor-element-b919b97 elementor-widget elementor-widget-text-editor\" data-id=\"b919b97\" data-element_type=\"widget\" data-e-type=\"widget\" data-widget_type=\"text-editor.default\">\n\t\t\t\t<div class=\"elementor-widget-container\">\n\t\t\t\t\t\t\t\t\t<p data-start=\"1902\" data-end=\"2158\">La collection <span data-start=\"1916\" data-end=\"1926\"><b>KARBAN<\/b><\/span> r\u00e9invente le <b>carrelage effet bois<\/b> avec un rendu chaleureux, brut et tr\u00e8s naturel. Inspir\u00e9e de <b>quatre essences<\/b> \u2013 <strong data-start=\"2039\" data-end=\"2066\">Elm, Oak, Ash et Walnut<\/strong> \u2013 elle joue sur les nuances, les veines et les irr\u00e9gularit\u00e9s pour un r\u00e9sultat plein de vie.<\/p><p data-start=\"2160\" data-end=\"2427\">Disponible en <b><span data-start=\"2174\" data-end=\"2187\">20&#215;120 cm<\/span>, <span data-start=\"2189\" data-end=\"2202\">30&#215;120 cm<\/span> et <span data-start=\"2206\" data-end=\"2225\">XXL 26,5&#215;180 cm<\/span>,<\/b> elle se d\u00e9cline en finitions <b><span data-start=\"2256\" data-end=\"2269\">naturelle<\/span>, <span data-start=\"2271\" data-end=\"2285\">Soft Touch<\/span> et <span data-start=\"2289\" data-end=\"2306\">antid\u00e9rapante<\/span><\/b>.<br data-start=\"2307\" data-end=\"2310\" \/>Pour l\u2019ext\u00e9rieur, des <span data-start=\"2332\" data-end=\"2361\">dalles 20 mm<b> en 30&#215;120 cm<\/b><\/span> permettent une pose sur plots pour terrasses et tours de piscine.<\/p><p data-start=\"2429\" data-end=\"2551\">KARBAN s\u2019utilise au<b> sol comme au mur<\/b>, en <b>int\u00e9rieur comme en ext\u00e9rieur<\/b>, avec toute la beaut\u00e9 du bois\u2026 sans ses contraintes.<\/p>\t\t\t\t\t\t\t\t<\/div>\n\t\t\t\t<\/div>\n\t\t\t\t\t<\/div>\n\t\t<\/div>\n\t\t\t\t\t<\/div>\n\t\t<\/section>\n\t\t\t\t<div class=\"elementor-element elementor-element-5532e24 elementor-mobile-align-center elementor-widget elementor-widget-button\" data-id=\"5532e24\" data-element_type=\"widget\" data-e-type=\"widget\" data-widget_type=\"button.default\">\n\t\t\t\t<div class=\"elementor-widget-container\">\n\t\t\t\t\t\t\t\t\t<div class=\"elementor-button-wrapper\">\n\t\t\t\t\t<a class=\"elementor-button elementor-button-link elementor-size-sm\" href=\"https:\/\/www.portovenere.fr\/fr-fr\/carrelage-sol-et-mur-en-gres-cerame-et-faience\/carrelage-imitation-parquet-aspect-bois\/carrelage-bois-effet-naturel-ou-scie-karban\/\">\n\t\t\t\t\t\t<span class=\"elementor-button-content-wrapper\">\n\t\t\t\t\t\t\t\t\t<span class=\"elementor-button-text\">Voir la collection<\/span>\n\t\t\t\t\t<\/span>\n\t\t\t\t\t<\/a>\n\t\t\t\t<\/div>\n\t\t\t\t\t\t\t\t<\/div>\n\t\t\t\t<\/div>\n\t\t\t\t\t<\/div>\n\t\t<\/div>\n\t\t\t\t\t<\/div>\n\t\t<\/section>\n\t\t\t\t<section class=\"elementor-section elementor-top-section elementor-element elementor-element-81982c7 elementor-section-full_width elementor-section-height-default elementor-section-height-default\" data-id=\"81982c7\" data-element_type=\"section\" data-e-type=\"section\">\n\t\t\t\t\t\t<div class=\"elementor-container elementor-column-gap-default\">\n\t\t\t\t\t<div class=\"elementor-column elementor-col-33 elementor-top-column elementor-element elementor-element-5da0311 elementor-invisible\" data-id=\"5da0311\" data-element_type=\"column\" data-e-type=\"column\" data-settings=\"{&quot;animation&quot;:&quot;fadeIn&quot;,&quot;background_background&quot;:&quot;classic&quot;}\">\n\t\t\t<div class=\"elementor-widget-wrap elementor-element-populated\">\n\t\t\t\t\t\t<div class=\"elementor-element elementor-element-59daaed elementor-widget elementor-widget-image\" data-id=\"59daaed\" data-element_type=\"widget\" data-e-type=\"widget\" data-widget_type=\"image.default\">\n\t\t\t\t<div class=\"elementor-widget-container\">\n\t\t\t\t\t\t\t\t\t\t\t\t\t\t\t\t<a href=\"https:\/\/www.portovenere.fr\/fr-fr\/carrelage-sol-et-mur-en-gres-cerame-et-faience\/carrelage-imitation-parquet-aspect-bois\/carrelage-parquet-bois-en-gres-cerame-fogliame\/\">\n\t\t\t\t\t\t\t<img decoding=\"async\" src=\"https:\/\/www.portovenere.fr\/fr-fr\/wp-content\/uploads\/elementor\/thumbs\/Carrelage-bois-en-gres-cerame-FOGLIAME-pour-sol-interieur-et-terrasse-tour-de-psicine-4-coloris-Magasin-PORTO-VENERE-MONTPELLIER-pres-de-Lattes-34-rir05fqo7ysttyd5ospjfe02j5ojy454qw89d9nkps.jpg\" title=\"Carrelage-bois-en-gr\u00e8s-c\u00e9rame-FOGLIAME-pour-sol-int\u00e9rieur-et-terrasse-tour-de-psicine-4-coloris-Magasin-PORTO-VENERE-MONTPELLIER-pr\u00e8s-de-Lattes-34\" alt=\"Carrelage haut de gamme imitation bois en gr\u00e8s c\u00e9rame de qualit\u00e9 FOGLIAME Ambra sols int\u00e9rieur et terrasse tour de piscine - Magasin Porto Venere Montpellier pr\u00e8s de P\u00e9rols 34\" loading=\"lazy\" \/>\t\t\t\t\t\t\t\t<\/a>\n\t\t\t\t\t\t\t\t\t\t\t\t\t\t\t<\/div>\n\t\t\t\t<\/div>\n\t\t\t\t<section class=\"elementor-section elementor-inner-section elementor-element elementor-element-9e072b4 elementor-section-boxed elementor-section-height-default elementor-section-height-default elementor-invisible\" data-id=\"9e072b4\" data-element_type=\"section\" data-e-type=\"section\" data-settings=\"{&quot;background_background&quot;:&quot;classic&quot;,&quot;animation&quot;:&quot;fadeIn&quot;}\">\n\t\t\t\t\t\t<div class=\"elementor-container elementor-column-gap-default\">\n\t\t\t\t\t<div class=\"elementor-column elementor-col-100 elementor-inner-column elementor-element elementor-element-3898319\" data-id=\"3898319\" data-element_type=\"column\" data-e-type=\"column\">\n\t\t\t<div class=\"elementor-widget-wrap elementor-element-populated\">\n\t\t\t\t\t\t<div class=\"elementor-element elementor-element-1191143 elementor-widget elementor-widget-heading\" data-id=\"1191143\" data-element_type=\"widget\" data-e-type=\"widget\" data-widget_type=\"heading.default\">\n\t\t\t\t<div class=\"elementor-widget-container\">\n\t\t\t\t\t<h3 class=\"elementor-heading-title elementor-size-default\"><a href=\"https:\/\/www.portovenere.fr\/fr-fr\/carrelage-sol-et-mur-en-gres-cerame-et-faience\/carrelage-imitation-parquet-aspect-bois\/carrelage-parquet-bois-en-gres-cerame-fogliame\/\">FOGLIAME | 4 couleurs &amp; d\u00e9cors<\/a><\/h3>\t\t\t\t<\/div>\n\t\t\t\t<\/div>\n\t\t\t\t<div class=\"elementor-element elementor-element-d5a33a0 elementor-widget__width-initial elementor-widget elementor-widget-gallery\" data-id=\"d5a33a0\" data-element_type=\"widget\" data-e-type=\"widget\" data-settings=\"{&quot;gap&quot;:{&quot;unit&quot;:&quot;px&quot;,&quot;size&quot;:3,&quot;sizes&quot;:[]},&quot;columns_mobile&quot;:3,&quot;gap_mobile&quot;:{&quot;unit&quot;:&quot;px&quot;,&quot;size&quot;:6,&quot;sizes&quot;:[]},&quot;columns&quot;:5,&quot;columns_tablet&quot;:3,&quot;gap_tablet&quot;:{&quot;unit&quot;:&quot;px&quot;,&quot;size&quot;:5,&quot;sizes&quot;:[]},&quot;lazyload&quot;:&quot;yes&quot;,&quot;gallery_layout&quot;:&quot;grid&quot;,&quot;link_to&quot;:&quot;file&quot;,&quot;aspect_ratio&quot;:&quot;3:2&quot;,&quot;overlay_background&quot;:&quot;yes&quot;,&quot;content_hover_animation&quot;:&quot;fade-in&quot;}\" data-widget_type=\"gallery.default\">\n\t\t\t\t<div class=\"elementor-widget-container\">\n\t\t\t\t\t\t\t<div class=\"elementor-gallery__container\">\n\t\t\t\t\t\t\t<a class=\"e-gallery-item elementor-gallery-item elementor-animated-content\" href=\"https:\/\/www.portovenere.fr\/fr-fr\/wp-content\/uploads\/2026\/02\/Carrelage-bois-en-gres-cerame-FOGLIAME-pour-sols-et-murs-coloris-Tortora-Magasin-PORTO-VENERE-MONTPELLIER-pres-de-Pignan-34.jpg\" data-elementor-open-lightbox=\"yes\" data-elementor-lightbox-slideshow=\"d5a33a0\" data-elementor-lightbox-title=\"Carrelage-bois-en-gr\u00e8s-c\u00e9rame-FOGLIAME-pour-sols-et-murs-coloris-Tortora-Magasin-PORTO-VENERE-MONTPELLIER-pr\u00e8s-de-Pignan-34\" data-e-action-hash=\"#elementor-action%3Aaction%3Dlightbox%26settings%3DeyJpZCI6Njk2ODgsInVybCI6Imh0dHBzOlwvXC93d3cucG9ydG92ZW5lcmUuZnJcL2ZyLWZyXC93cC1jb250ZW50XC91cGxvYWRzXC8yMDI2XC8wMlwvQ2FycmVsYWdlLWJvaXMtZW4tZ3Jlcy1jZXJhbWUtRk9HTElBTUUtcG91ci1zb2xzLWV0LW11cnMtY29sb3Jpcy1Ub3J0b3JhLU1hZ2FzaW4tUE9SVE8tVkVORVJFLU1PTlRQRUxMSUVSLXByZXMtZGUtUGlnbmFuLTM0LmpwZyIsInNsaWRlc2hvdyI6ImQ1YTMzYTAifQ%3D%3D\">\n\t\t\t\t\t<div class=\"e-gallery-image elementor-gallery-item__image\" data-thumbnail=\"https:\/\/www.portovenere.fr\/fr-fr\/wp-content\/uploads\/2026\/02\/Carrelage-bois-en-gres-cerame-FOGLIAME-pour-sols-et-murs-coloris-Tortora-Magasin-PORTO-VENERE-MONTPELLIER-pres-de-Pignan-34-150x150.jpg\" data-width=\"150\" data-height=\"150\" aria-label=\"Carrelage haut de gamme imitation bois en gr\u00e8s c\u00e9rame de qualit\u00e9 FOGLIAME Tortora 4 coloris et 5 formats pour int\u00e9rieur et ext\u00e9rieur - sols et murs - chez Magasin Porto Venere \u00e0 Montpellier 34\" role=\"img\" ><\/div>\n\t\t\t\t\t\t\t\t\t\t\t<div class=\"elementor-gallery-item__overlay\"><\/div>\n\t\t\t\t\t\t\t\t\t\t\t\t\t\t<\/a>\n\t\t\t\t\t\t\t<a class=\"e-gallery-item elementor-gallery-item elementor-animated-content\" href=\"https:\/\/www.portovenere.fr\/fr-fr\/wp-content\/uploads\/2026\/02\/Carrelage-bois-en-gres-cerame-FOGLIAME-pour-sols-et-murs-coloris-Miele-Magasin-PORTO-VENERE-MONTPELLIER-pres-de-Clapiers-34.jpg\" data-elementor-open-lightbox=\"yes\" data-elementor-lightbox-slideshow=\"d5a33a0\" data-elementor-lightbox-title=\"Carrelage-bois-en-gr\u00e8s-c\u00e9rame-FOGLIAME-pour-sols-et-murs-coloris-Miele-Magasin-PORTO-VENERE-MONTPELLIER-pr\u00e8s-de-Clapiers-34\" data-e-action-hash=\"#elementor-action%3Aaction%3Dlightbox%26settings%3DeyJpZCI6Njk2ODcsInVybCI6Imh0dHBzOlwvXC93d3cucG9ydG92ZW5lcmUuZnJcL2ZyLWZyXC93cC1jb250ZW50XC91cGxvYWRzXC8yMDI2XC8wMlwvQ2FycmVsYWdlLWJvaXMtZW4tZ3Jlcy1jZXJhbWUtRk9HTElBTUUtcG91ci1zb2xzLWV0LW11cnMtY29sb3Jpcy1NaWVsZS1NYWdhc2luLVBPUlRPLVZFTkVSRS1NT05UUEVMTElFUi1wcmVzLWRlLUNsYXBpZXJzLTM0LmpwZyIsInNsaWRlc2hvdyI6ImQ1YTMzYTAifQ%3D%3D\">\n\t\t\t\t\t<div class=\"e-gallery-image elementor-gallery-item__image\" data-thumbnail=\"https:\/\/www.portovenere.fr\/fr-fr\/wp-content\/uploads\/2026\/02\/Carrelage-bois-en-gres-cerame-FOGLIAME-pour-sols-et-murs-coloris-Miele-Magasin-PORTO-VENERE-MONTPELLIER-pres-de-Clapiers-34-150x150.jpg\" data-width=\"150\" data-height=\"150\" aria-label=\"Carrelage haut de gamme imitation bois en gr\u00e8s c\u00e9rame de qualit\u00e9 FOGLIAME Miele 4 coloris et 5 formats pour int\u00e9rieur et ext\u00e9rieur - sols et murs - chez Magasin Porto Venere \u00e0 Montpellier 34\" role=\"img\" ><\/div>\n\t\t\t\t\t\t\t\t\t\t\t<div class=\"elementor-gallery-item__overlay\"><\/div>\n\t\t\t\t\t\t\t\t\t\t\t\t\t\t<\/a>\n\t\t\t\t\t\t\t<a class=\"e-gallery-item elementor-gallery-item elementor-animated-content\" href=\"https:\/\/www.portovenere.fr\/fr-fr\/wp-content\/uploads\/2026\/02\/Carrelage-bois-en-gres-cerame-FOGLIAME-pour-sols-et-murs-coloris-Avorio-Magasin-PORTO-VENERE-MONTPELLIER-pres-de-Frontignan-34.jpg\" data-elementor-open-lightbox=\"yes\" data-elementor-lightbox-slideshow=\"d5a33a0\" data-elementor-lightbox-title=\"Carrelage-bois-en-gr\u00e8s-c\u00e9rame-FOGLIAME-pour-sols-et-murs-coloris-Avorio-Magasin-PORTO-VENERE-MONTPELLIER-pr\u00e8s-de-Frontignan-34\" data-e-action-hash=\"#elementor-action%3Aaction%3Dlightbox%26settings%3DeyJpZCI6Njk2ODYsInVybCI6Imh0dHBzOlwvXC93d3cucG9ydG92ZW5lcmUuZnJcL2ZyLWZyXC93cC1jb250ZW50XC91cGxvYWRzXC8yMDI2XC8wMlwvQ2FycmVsYWdlLWJvaXMtZW4tZ3Jlcy1jZXJhbWUtRk9HTElBTUUtcG91ci1zb2xzLWV0LW11cnMtY29sb3Jpcy1Bdm9yaW8tTWFnYXNpbi1QT1JUTy1WRU5FUkUtTU9OVFBFTExJRVItcHJlcy1kZS1Gcm9udGlnbmFuLTM0LmpwZyIsInNsaWRlc2hvdyI6ImQ1YTMzYTAifQ%3D%3D\">\n\t\t\t\t\t<div class=\"e-gallery-image elementor-gallery-item__image\" data-thumbnail=\"https:\/\/www.portovenere.fr\/fr-fr\/wp-content\/uploads\/2026\/02\/Carrelage-bois-en-gres-cerame-FOGLIAME-pour-sols-et-murs-coloris-Avorio-Magasin-PORTO-VENERE-MONTPELLIER-pres-de-Frontignan-34-150x150.jpg\" data-width=\"150\" data-height=\"150\" aria-label=\"Carrelage haut de gamme imitation bois en gr\u00e8s c\u00e9rame de qualit\u00e9 FOGLIAME Avorio 4 coloris et 5 formats pour int\u00e9rieur - sols et murs - chez Magasin Porto Venere \u00e0 Montpellier 34\" role=\"img\" ><\/div>\n\t\t\t\t\t\t\t\t\t\t\t<div class=\"elementor-gallery-item__overlay\"><\/div>\n\t\t\t\t\t\t\t\t\t\t\t\t\t\t<\/a>\n\t\t\t\t\t\t\t<a class=\"e-gallery-item elementor-gallery-item elementor-animated-content\" href=\"https:\/\/www.portovenere.fr\/fr-fr\/wp-content\/uploads\/2026\/02\/Carrelage-bois-en-gres-cerame-FOGLIAME-pour-sols-et-murs-coloris-Ambra-Magasin-PORTO-VENERE-MONTPELLIER-pres-de-Mauguio-34.jpg\" data-elementor-open-lightbox=\"yes\" data-elementor-lightbox-slideshow=\"d5a33a0\" data-elementor-lightbox-title=\"Carrelage-bois-en-gr\u00e8s-c\u00e9rame-FOGLIAME-pour-sols-et-murs-coloris-Ambra-Magasin-PORTO-VENERE-MONTPELLIER-pr\u00e8s-de-Mauguio-34\" data-e-action-hash=\"#elementor-action%3Aaction%3Dlightbox%26settings%3DeyJpZCI6Njk2ODUsInVybCI6Imh0dHBzOlwvXC93d3cucG9ydG92ZW5lcmUuZnJcL2ZyLWZyXC93cC1jb250ZW50XC91cGxvYWRzXC8yMDI2XC8wMlwvQ2FycmVsYWdlLWJvaXMtZW4tZ3Jlcy1jZXJhbWUtRk9HTElBTUUtcG91ci1zb2xzLWV0LW11cnMtY29sb3Jpcy1BbWJyYS1NYWdhc2luLVBPUlRPLVZFTkVSRS1NT05UUEVMTElFUi1wcmVzLWRlLU1hdWd1aW8tMzQuanBnIiwic2xpZGVzaG93IjoiZDVhMzNhMCJ9\">\n\t\t\t\t\t<div class=\"e-gallery-image elementor-gallery-item__image\" data-thumbnail=\"https:\/\/www.portovenere.fr\/fr-fr\/wp-content\/uploads\/2026\/02\/Carrelage-bois-en-gres-cerame-FOGLIAME-pour-sols-et-murs-coloris-Ambra-Magasin-PORTO-VENERE-MONTPELLIER-pres-de-Mauguio-34-150x150.jpg\" data-width=\"150\" data-height=\"150\" aria-label=\"Carrelage haut de gamme imitation bois en gr\u00e8s c\u00e9rame de qualit\u00e9 FOGLIAME Ambra 4 coloris et 5 formats pour int\u00e9rieur et ext\u00e9rieur - sols et murs - chez Magasin Porto Venere \u00e0 Montpellier 34\" role=\"img\" ><\/div>\n\t\t\t\t\t\t\t\t\t\t\t<div class=\"elementor-gallery-item__overlay\"><\/div>\n\t\t\t\t\t\t\t\t\t\t\t\t\t\t<\/a>\n\t\t\t\t\t\t\t<a class=\"e-gallery-item elementor-gallery-item elementor-animated-content\" href=\"https:\/\/www.portovenere.fr\/fr-fr\/wp-content\/uploads\/2026\/02\/Carrelage-bois-motif-Versailles-en-gres-cerame-FOGLIAME-Intarsio-60x60-cm-coloris-Tortora-Magasin-PORTO-VENERE-MONTPELLIER-pres-de-Sete-34.jpg\" data-elementor-open-lightbox=\"yes\" data-elementor-lightbox-slideshow=\"d5a33a0\" data-elementor-lightbox-title=\"Carrelage-bois-motif-Versailles-en-gr\u00e8s-c\u00e9rame-FOGLIAME-Intarsio-60x60-cm-coloris-Tortora-Magasin-PORTO-VENERE-MONTPELLIER-pr\u00e8s-de-S\u00e8te-34\" data-e-action-hash=\"#elementor-action%3Aaction%3Dlightbox%26settings%3DeyJpZCI6Njk3MjgsInVybCI6Imh0dHBzOlwvXC93d3cucG9ydG92ZW5lcmUuZnJcL2ZyLWZyXC93cC1jb250ZW50XC91cGxvYWRzXC8yMDI2XC8wMlwvQ2FycmVsYWdlLWJvaXMtbW90aWYtVmVyc2FpbGxlcy1lbi1ncmVzLWNlcmFtZS1GT0dMSUFNRS1JbnRhcnNpby02MHg2MC1jbS1jb2xvcmlzLVRvcnRvcmEtTWFnYXNpbi1QT1JUTy1WRU5FUkUtTU9OVFBFTExJRVItcHJlcy1kZS1TZXRlLTM0LmpwZyIsInNsaWRlc2hvdyI6ImQ1YTMzYTAifQ%3D%3D\">\n\t\t\t\t\t<div class=\"e-gallery-image elementor-gallery-item__image\" data-thumbnail=\"https:\/\/www.portovenere.fr\/fr-fr\/wp-content\/uploads\/2026\/02\/Carrelage-bois-motif-Versailles-en-gres-cerame-FOGLIAME-Intarsio-60x60-cm-coloris-Tortora-Magasin-PORTO-VENERE-MONTPELLIER-pres-de-Sete-34-150x150.jpg\" data-width=\"150\" data-height=\"150\" aria-label=\"Carrelage haut de gamme imitation parquet style Versailles gr\u00e8s c\u00e9rame de qualit\u00e9 FOGLIAME 4 coloris et 5 formats pour int\u00e9rieur et ext\u00e9rieur - sols et murs - chez Magasin Porto Venere \u00e0 Montpellier 34\" role=\"img\" ><\/div>\n\t\t\t\t\t\t\t\t\t\t\t<div class=\"elementor-gallery-item__overlay\"><\/div>\n\t\t\t\t\t\t\t\t\t\t\t\t\t\t<\/a>\n\t\t\t\t\t<\/div>\n\t\t\t\t\t<\/div>\n\t\t\t\t<\/div>\n\t\t\t\t<div class=\"elementor-element elementor-element-794245e elementor-widget elementor-widget-text-editor\" data-id=\"794245e\" data-element_type=\"widget\" data-e-type=\"widget\" data-widget_type=\"text-editor.default\">\n\t\t\t\t<div class=\"elementor-widget-container\">\n\t\t\t\t\t\t\t\t\t<p data-start=\"1981\" data-end=\"2292\"><strong data-start=\"1981\" data-end=\"1993\">FOGLIAME<\/strong> est un carrelage parquet en gr\u00e8s c\u00e9rame qui reproduit la richesse du bois naturel avec un r\u00e9alisme remarquable.\u00a0<\/p><p data-start=\"1981\" data-end=\"2292\">Ses <strong data-start=\"2110\" data-end=\"2128\">quatre coloris<\/strong> et ses <strong data-start=\"2136\" data-end=\"2152\">cinq formats<\/strong>, dont la latte <strong data-start=\"2168\" data-end=\"2181\">20\u00d7180 cm<\/strong>, permettent des poses vari\u00e9es et \u00e9l\u00e9gantes, jusqu\u2019au motif d\u00e9coratif Intarsio inspir\u00e9 des parquets classiques.<\/p><p data-start=\"2294\" data-end=\"2566\">Disponible en <strong data-start=\"2308\" data-end=\"2326\">deux finitions<\/strong> et en version <strong data-start=\"2341\" data-end=\"2350\">19 mm<\/strong> pour l\u2019ext\u00e9rieur, FOGLIAME s\u2019adapte aux sols int\u00e9rieurs comme aux terrasses.\u00a0<\/p><p data-start=\"2294\" data-end=\"2566\">R\u00e9sistant \u00e0 l\u2019humidit\u00e9 et facile d\u2019entretien, il offre la chaleur du bois sans ses contraintes, pour des espaces durables et accueillants.<\/p>\t\t\t\t\t\t\t\t<\/div>\n\t\t\t\t<\/div>\n\t\t\t\t<div class=\"elementor-element elementor-element-9116e2e elementor-mobile-align-center elementor-widget elementor-widget-button\" data-id=\"9116e2e\" data-element_type=\"widget\" data-e-type=\"widget\" data-widget_type=\"button.default\">\n\t\t\t\t<div class=\"elementor-widget-container\">\n\t\t\t\t\t\t\t\t\t<div class=\"elementor-button-wrapper\">\n\t\t\t\t\t<a class=\"elementor-button elementor-button-link elementor-size-sm\" href=\"https:\/\/www.portovenere.fr\/fr-fr\/carrelage-sol-et-mur-en-gres-cerame-et-faience\/carrelage-imitation-parquet-aspect-bois\/carrelage-parquet-bois-en-gres-cerame-fogliame\/\">\n\t\t\t\t\t\t<span class=\"elementor-button-content-wrapper\">\n\t\t\t\t\t\t\t\t\t<span class=\"elementor-button-text\">Voir la collection<\/span>\n\t\t\t\t\t<\/span>\n\t\t\t\t\t<\/a>\n\t\t\t\t<\/div>\n\t\t\t\t\t\t\t\t<\/div>\n\t\t\t\t<\/div>\n\t\t\t\t\t<\/div>\n\t\t<\/div>\n\t\t\t\t\t<\/div>\n\t\t<\/section>\n\t\t\t\t\t<\/div>\n\t\t<\/div>\n\t\t\t\t<div class=\"elementor-column elementor-col-33 elementor-top-column elementor-element elementor-element-75aa96b\" data-id=\"75aa96b\" data-element_type=\"column\" data-e-type=\"column\">\n\t\t\t<div class=\"elementor-widget-wrap\">\n\t\t\t\t\t\t\t<\/div>\n\t\t<\/div>\n\t\t\t\t<div class=\"elementor-column elementor-col-33 elementor-top-column elementor-element elementor-element-4f5407c\" data-id=\"4f5407c\" data-element_type=\"column\" data-e-type=\"column\">\n\t\t\t<div class=\"elementor-widget-wrap\">\n\t\t\t\t\t\t\t<\/div>\n\t\t<\/div>\n\t\t\t\t\t<\/div>\n\t\t<\/section>\n\t\t\t\t<section class=\"elementor-section elementor-top-section elementor-element elementor-element-ed289be elementor-section-boxed elementor-section-height-default elementor-section-height-default elementor-invisible\" data-id=\"ed289be\" data-element_type=\"section\" data-e-type=\"section\" data-settings=\"{&quot;animation&quot;:&quot;fadeInUp&quot;}\">\n\t\t\t\t\t\t<div class=\"elementor-container elementor-column-gap-default\">\n\t\t\t\t\t<div class=\"elementor-column elementor-col-100 elementor-top-column elementor-element elementor-element-e70edbb\" data-id=\"e70edbb\" data-element_type=\"column\" data-e-type=\"column\">\n\t\t\t<div class=\"elementor-widget-wrap elementor-element-populated\">\n\t\t\t\t\t\t<div class=\"elementor-element elementor-element-bd77169 elementor-align-center elementor-widget elementor-widget-button\" data-id=\"bd77169\" data-element_type=\"widget\" data-e-type=\"widget\" data-widget_type=\"button.default\">\n\t\t\t\t<div class=\"elementor-widget-container\">\n\t\t\t\t\t\t\t\t\t<div class=\"elementor-button-wrapper\">\n\t\t\t\t\t<a class=\"elementor-button elementor-button-link elementor-size-lg\" href=\"https:\/\/www.portovenere.fr\/fr-fr\/carrelage-sol-et-mur-en-gres-cerame-et-faience\/dalles-exterieures-20mm-gres-cerame-pour-pose-sur-plots-sable-gravier\/\">\n\t\t\t\t\t\t<span class=\"elementor-button-content-wrapper\">\n\t\t\t\t\t\t\t\t\t<span class=\"elementor-button-text\">D\u00e9couvrez \u00e9galement  les dalles 20mm antid\u00e9rapantes<\/span>\n\t\t\t\t\t<\/span>\n\t\t\t\t\t<\/a>\n\t\t\t\t<\/div>\n\t\t\t\t\t\t\t\t<\/div>\n\t\t\t\t<\/div>\n\t\t\t\t\t<\/div>\n\t\t<\/div>\n\t\t\t\t\t<\/div>\n\t\t<\/section>\n\t\t\t\t<section class=\"elementor-section elementor-top-section elementor-element elementor-element-761ebf0 elementor-section-full_width elementor-section-height-default elementor-section-height-default\" data-id=\"761ebf0\" data-element_type=\"section\" data-e-type=\"section\" data-settings=\"{&quot;background_background&quot;:&quot;classic&quot;}\">\n\t\t\t\t\t\t<div class=\"elementor-container elementor-column-gap-default\">\n\t\t\t\t\t<div class=\"elementor-column elementor-col-100 elementor-top-column elementor-element elementor-element-1f579f7\" data-id=\"1f579f7\" data-element_type=\"column\" data-e-type=\"column\">\n\t\t\t<div class=\"elementor-widget-wrap elementor-element-populated\">\n\t\t\t\t\t\t<div class=\"elementor-element elementor-element-36ee80b elementor-view-framed elementor-shape-circle elementor-invisible elementor-widget elementor-widget-icon\" data-id=\"36ee80b\" data-element_type=\"widget\" data-e-type=\"widget\" data-settings=\"{&quot;_animation&quot;:&quot;fadeInUp&quot;}\" data-widget_type=\"icon.default\">\n\t\t\t\t<div class=\"elementor-widget-container\">\n\t\t\t\t\t\t\t<div class=\"elementor-icon-wrapper\">\n\t\t\t<a class=\"elementor-icon elementor-animation-grow\" href=\"#retourhaut\">\n\t\t\t<svg aria-hidden=\"true\" class=\"e-font-icon-svg e-fas-chevron-circle-up\" viewBox=\"0 0 512 512\" xmlns=\"http:\/\/www.w3.org\/2000\/svg\"><path d=\"M8 256C8 119 119 8 256 8s248 111 248 248-111 248-248 248S8 393 8 256zm231-113.9L103.5 277.6c-9.4 9.4-9.4 24.6 0 33.9l17 17c9.4 9.4 24.6 9.4 33.9 0L256 226.9l101.6 101.6c9.4 9.4 24.6 9.4 33.9 0l17-17c9.4-9.4 9.4-24.6 0-33.9L273 142.1c-9.4-9.4-24.6-9.4-34 0z\"><\/path><\/svg>\t\t\t<\/a>\n\t\t<\/div>\n\t\t\t\t\t\t<\/div>\n\t\t\t\t<\/div>\n\t\t\t\t<div class=\"elementor-element elementor-element-dbf9e5e elementor-widget-divider--view-line elementor-widget elementor-widget-divider\" data-id=\"dbf9e5e\" data-element_type=\"widget\" data-e-type=\"widget\" data-widget_type=\"divider.default\">\n\t\t\t\t<div class=\"elementor-widget-container\">\n\t\t\t\t\t\t\t<div class=\"elementor-divider\">\n\t\t\t<span class=\"elementor-divider-separator\">\n\t\t\t\t\t\t<\/span>\n\t\t<\/div>\n\t\t\t\t\t\t<\/div>\n\t\t\t\t<\/div>\n\t\t\t\t<div class=\"elementor-element elementor-element-dbb76c6 elementor-widget elementor-widget-heading\" data-id=\"dbb76c6\" data-element_type=\"widget\" data-e-type=\"widget\" data-widget_type=\"heading.default\">\n\t\t\t\t<div class=\"elementor-widget-container\">\n\t\t\t\t\t<h4 class=\"elementor-heading-title elementor-size-large\"><a href=\"#partager\">Partager<\/a><\/h4>\t\t\t\t<\/div>\n\t\t\t\t<\/div>\n\t\t\t\t<div class=\"elementor-element elementor-element-bada937 elementor-share-buttons--skin-minimal elementor-share-buttons--shape-circle elementor-share-buttons--view-icon-text elementor-grid-0 elementor-share-buttons--color-official elementor-widget elementor-widget-share-buttons\" data-id=\"bada937\" data-element_type=\"widget\" data-e-type=\"widget\" data-widget_type=\"share-buttons.default\">\n\t\t\t\t<div class=\"elementor-widget-container\">\n\t\t\t\t\t\t\t<div class=\"elementor-grid\" role=\"list\">\n\t\t\t\t\t\t\t\t<div class=\"elementor-grid-item\" role=\"listitem\">\n\t\t\t\t\t\t<div class=\"elementor-share-btn elementor-share-btn_facebook\" role=\"button\" tabindex=\"0\" aria-label=\"Partager sur facebook\">\n\t\t\t\t\t\t\t\t\t\t\t\t\t\t\t<span class=\"elementor-share-btn__icon\">\n\t\t\t\t\t\t\t\t<svg aria-hidden=\"true\" class=\"e-font-icon-svg e-fab-facebook\" viewBox=\"0 0 512 512\" xmlns=\"http:\/\/www.w3.org\/2000\/svg\"><path d=\"M504 256C504 119 393 8 256 8S8 119 8 256c0 123.78 90.69 226.38 209.25 245V327.69h-63V256h63v-54.64c0-62.15 37-96.48 93.67-96.48 27.14 0 55.52 4.84 55.52 4.84v61h-31.28c-30.8 0-40.41 19.12-40.41 38.73V256h68.78l-11 71.69h-57.78V501C413.31 482.38 504 379.78 504 256z\"><\/path><\/svg>\t\t\t\t\t\t\t<\/span>\n\t\t\t\t\t\t\t\t\t\t\t\t\t\t\t\t\t\t\t\t\t\t<div class=\"elementor-share-btn__text\">\n\t\t\t\t\t\t\t\t\t\t\t\t\t\t\t\t\t\t\t<span class=\"elementor-share-btn__title\">\n\t\t\t\t\t\t\t\t\t\tFacebook\t\t\t\t\t\t\t\t\t<\/span>\n\t\t\t\t\t\t\t\t\t\t\t\t\t\t\t\t\t<\/div>\n\t\t\t\t\t\t\t\t\t\t\t\t\t<\/div>\n\t\t\t\t\t<\/div>\n\t\t\t\t\t\t\t\t\t<div class=\"elementor-grid-item\" role=\"listitem\">\n\t\t\t\t\t\t<div class=\"elementor-share-btn elementor-share-btn_pinterest\" role=\"button\" tabindex=\"0\" aria-label=\"Partager sur pinterest\">\n\t\t\t\t\t\t\t\t\t\t\t\t\t\t\t<span class=\"elementor-share-btn__icon\">\n\t\t\t\t\t\t\t\t<svg aria-hidden=\"true\" class=\"e-font-icon-svg e-fab-pinterest\" viewBox=\"0 0 496 512\" xmlns=\"http:\/\/www.w3.org\/2000\/svg\"><path d=\"M496 256c0 137-111 248-248 248-25.6 0-50.2-3.9-73.4-11.1 10.1-16.5 25.2-43.5 30.8-65 3-11.6 15.4-59 15.4-59 8.1 15.4 31.7 28.5 56.8 28.5 74.8 0 128.7-68.8 128.7-154.3 0-81.9-66.9-143.2-152.9-143.2-107 0-163.9 71.8-163.9 150.1 0 36.4 19.4 81.7 50.3 96.1 4.7 2.2 7.2 1.2 8.3-3.3.8-3.4 5-20.3 6.9-28.1.6-2.5.3-4.7-1.7-7.1-10.1-12.5-18.3-35.3-18.3-56.6 0-54.7 41.4-107.6 112-107.6 60.9 0 103.6 41.5 103.6 100.9 0 67.1-33.9 113.6-78 113.6-24.3 0-42.6-20.1-36.7-44.8 7-29.5 20.5-61.3 20.5-82.6 0-19-10.2-34.9-31.4-34.9-24.9 0-44.9 25.7-44.9 60.2 0 22 7.4 36.8 7.4 36.8s-24.5 103.8-29 123.2c-5 21.4-3 51.6-.9 71.2C65.4 450.9 0 361.1 0 256 0 119 111 8 248 8s248 111 248 248z\"><\/path><\/svg>\t\t\t\t\t\t\t<\/span>\n\t\t\t\t\t\t\t\t\t\t\t\t\t\t\t\t\t\t\t\t\t\t<div class=\"elementor-share-btn__text\">\n\t\t\t\t\t\t\t\t\t\t\t\t\t\t\t\t\t\t\t<span class=\"elementor-share-btn__title\">\n\t\t\t\t\t\t\t\t\t\tPinterest\t\t\t\t\t\t\t\t\t<\/span>\n\t\t\t\t\t\t\t\t\t\t\t\t\t\t\t\t\t<\/div>\n\t\t\t\t\t\t\t\t\t\t\t\t\t<\/div>\n\t\t\t\t\t<\/div>\n\t\t\t\t\t\t\t\t\t<div class=\"elementor-grid-item\" role=\"listitem\">\n\t\t\t\t\t\t<div class=\"elementor-share-btn elementor-share-btn_linkedin\" role=\"button\" tabindex=\"0\" aria-label=\"Partager sur linkedin\">\n\t\t\t\t\t\t\t\t\t\t\t\t\t\t\t<span class=\"elementor-share-btn__icon\">\n\t\t\t\t\t\t\t\t<svg aria-hidden=\"true\" class=\"e-font-icon-svg e-fab-linkedin\" viewBox=\"0 0 448 512\" xmlns=\"http:\/\/www.w3.org\/2000\/svg\"><path d=\"M416 32H31.9C14.3 32 0 46.5 0 64.3v383.4C0 465.5 14.3 480 31.9 480H416c17.6 0 32-14.5 32-32.3V64.3c0-17.8-14.4-32.3-32-32.3zM135.4 416H69V202.2h66.5V416zm-33.2-243c-21.3 0-38.5-17.3-38.5-38.5S80.9 96 102.2 96c21.2 0 38.5 17.3 38.5 38.5 0 21.3-17.2 38.5-38.5 38.5zm282.1 243h-66.4V312c0-24.8-.5-56.7-34.5-56.7-34.6 0-39.9 27-39.9 54.9V416h-66.4V202.2h63.7v29.2h.9c8.9-16.8 30.6-34.5 62.9-34.5 67.2 0 79.7 44.3 79.7 101.9V416z\"><\/path><\/svg>\t\t\t\t\t\t\t<\/span>\n\t\t\t\t\t\t\t\t\t\t\t\t\t\t\t\t\t\t\t\t\t\t<div class=\"elementor-share-btn__text\">\n\t\t\t\t\t\t\t\t\t\t\t\t\t\t\t\t\t\t\t<span class=\"elementor-share-btn__title\">\n\t\t\t\t\t\t\t\t\t\tLinkedIn\t\t\t\t\t\t\t\t\t<\/span>\n\t\t\t\t\t\t\t\t\t\t\t\t\t\t\t\t\t<\/div>\n\t\t\t\t\t\t\t\t\t\t\t\t\t<\/div>\n\t\t\t\t\t<\/div>\n\t\t\t\t\t\t\t\t\t<div class=\"elementor-grid-item\" role=\"listitem\">\n\t\t\t\t\t\t<div class=\"elementor-share-btn elementor-share-btn_whatsapp\" role=\"button\" tabindex=\"0\" aria-label=\"Partager sur whatsapp\">\n\t\t\t\t\t\t\t\t\t\t\t\t\t\t\t<span class=\"elementor-share-btn__icon\">\n\t\t\t\t\t\t\t\t<svg aria-hidden=\"true\" class=\"e-font-icon-svg e-fab-whatsapp\" viewBox=\"0 0 448 512\" xmlns=\"http:\/\/www.w3.org\/2000\/svg\"><path d=\"M380.9 97.1C339 55.1 283.2 32 223.9 32c-122.4 0-222 99.6-222 222 0 39.1 10.2 77.3 29.6 111L0 480l117.7-30.9c32.4 17.7 68.9 27 106.1 27h.1c122.3 0 224.1-99.6 224.1-222 0-59.3-25.2-115-67.1-157zm-157 341.6c-33.2 0-65.7-8.9-94-25.7l-6.7-4-69.8 18.3L72 359.2l-4.4-7c-18.5-29.4-28.2-63.3-28.2-98.2 0-101.7 82.8-184.5 184.6-184.5 49.3 0 95.6 19.2 130.4 54.1 34.8 34.9 56.2 81.2 56.1 130.5 0 101.8-84.9 184.6-186.6 184.6zm101.2-138.2c-5.5-2.8-32.8-16.2-37.9-18-5.1-1.9-8.8-2.8-12.5 2.8-3.7 5.6-14.3 18-17.6 21.8-3.2 3.7-6.5 4.2-12 1.4-32.6-16.3-54-29.1-75.5-66-5.7-9.8 5.7-9.1 16.3-30.3 1.8-3.7.9-6.9-.5-9.7-1.4-2.8-12.5-30.1-17.1-41.2-4.5-10.8-9.1-9.3-12.5-9.5-3.2-.2-6.9-.2-10.6-.2-3.7 0-9.7 1.4-14.8 6.9-5.1 5.6-19.4 19-19.4 46.3 0 27.3 19.9 53.7 22.6 57.4 2.8 3.7 39.1 59.7 94.8 83.8 35.2 15.2 49 16.5 66.6 13.9 10.7-1.6 32.8-13.4 37.4-26.4 4.6-13 4.6-24.1 3.2-26.4-1.3-2.5-5-3.9-10.5-6.6z\"><\/path><\/svg>\t\t\t\t\t\t\t<\/span>\n\t\t\t\t\t\t\t\t\t\t\t\t\t\t\t\t\t\t\t\t\t\t<div class=\"elementor-share-btn__text\">\n\t\t\t\t\t\t\t\t\t\t\t\t\t\t\t\t\t\t\t<span class=\"elementor-share-btn__title\">\n\t\t\t\t\t\t\t\t\t\tWhatsApp\t\t\t\t\t\t\t\t\t<\/span>\n\t\t\t\t\t\t\t\t\t\t\t\t\t\t\t\t\t<\/div>\n\t\t\t\t\t\t\t\t\t\t\t\t\t<\/div>\n\t\t\t\t\t<\/div>\n\t\t\t\t\t\t\t\t\t<div class=\"elementor-grid-item\" role=\"listitem\">\n\t\t\t\t\t\t<div class=\"elementor-share-btn elementor-share-btn_twitter\" role=\"button\" tabindex=\"0\" aria-label=\"Partager sur twitter\">\n\t\t\t\t\t\t\t\t\t\t\t\t\t\t\t<span class=\"elementor-share-btn__icon\">\n\t\t\t\t\t\t\t\t<svg aria-hidden=\"true\" class=\"e-font-icon-svg e-fab-twitter\" viewBox=\"0 0 512 512\" xmlns=\"http:\/\/www.w3.org\/2000\/svg\"><path d=\"M459.37 151.716c.325 4.548.325 9.097.325 13.645 0 138.72-105.583 298.558-298.558 298.558-59.452 0-114.68-17.219-161.137-47.106 8.447.974 16.568 1.299 25.34 1.299 49.055 0 94.213-16.568 130.274-44.832-46.132-.975-84.792-31.188-98.112-72.772 6.498.974 12.995 1.624 19.818 1.624 9.421 0 18.843-1.3 27.614-3.573-48.081-9.747-84.143-51.98-84.143-102.985v-1.299c13.969 7.797 30.214 12.67 47.431 13.319-28.264-18.843-46.781-51.005-46.781-87.391 0-19.492 5.197-37.36 14.294-52.954 51.655 63.675 129.3 105.258 216.365 109.807-1.624-7.797-2.599-15.918-2.599-24.04 0-57.828 46.782-104.934 104.934-104.934 30.213 0 57.502 12.67 76.67 33.137 23.715-4.548 46.456-13.32 66.599-25.34-7.798 24.366-24.366 44.833-46.132 57.827 21.117-2.273 41.584-8.122 60.426-16.243-14.292 20.791-32.161 39.308-52.628 54.253z\"><\/path><\/svg>\t\t\t\t\t\t\t<\/span>\n\t\t\t\t\t\t\t\t\t\t\t\t\t\t\t\t\t\t\t\t\t\t<div class=\"elementor-share-btn__text\">\n\t\t\t\t\t\t\t\t\t\t\t\t\t\t\t\t\t\t\t<span class=\"elementor-share-btn__title\">\n\t\t\t\t\t\t\t\t\t\tTwitter\t\t\t\t\t\t\t\t\t<\/span>\n\t\t\t\t\t\t\t\t\t\t\t\t\t\t\t\t\t<\/div>\n\t\t\t\t\t\t\t\t\t\t\t\t\t<\/div>\n\t\t\t\t\t<\/div>\n\t\t\t\t\t\t\t\t\t<div class=\"elementor-grid-item\" role=\"listitem\">\n\t\t\t\t\t\t<div class=\"elementor-share-btn elementor-share-btn_email\" role=\"button\" tabindex=\"0\" aria-label=\"Partager sur email\">\n\t\t\t\t\t\t\t\t\t\t\t\t\t\t\t<span class=\"elementor-share-btn__icon\">\n\t\t\t\t\t\t\t\t<svg aria-hidden=\"true\" class=\"e-font-icon-svg e-fas-envelope\" viewBox=\"0 0 512 512\" xmlns=\"http:\/\/www.w3.org\/2000\/svg\"><path d=\"M502.3 190.8c3.9-3.1 9.7-.2 9.7 4.7V400c0 26.5-21.5 48-48 48H48c-26.5 0-48-21.5-48-48V195.6c0-5 5.7-7.8 9.7-4.7 22.4 17.4 52.1 39.5 154.1 113.6 21.1 15.4 56.7 47.8 92.2 47.6 35.7.3 72-32.8 92.3-47.6 102-74.1 131.6-96.3 154-113.7zM256 320c23.2.4 56.6-29.2 73.4-41.4 132.7-96.3 142.8-104.7 173.4-128.7 5.8-4.5 9.2-11.5 9.2-18.9v-19c0-26.5-21.5-48-48-48H48C21.5 64 0 85.5 0 112v19c0 7.4 3.4 14.3 9.2 18.9 30.6 23.9 40.7 32.4 173.4 128.7 16.8 12.2 50.2 41.8 73.4 41.4z\"><\/path><\/svg>\t\t\t\t\t\t\t<\/span>\n\t\t\t\t\t\t\t\t\t\t\t\t\t\t\t\t\t\t\t\t\t\t<div class=\"elementor-share-btn__text\">\n\t\t\t\t\t\t\t\t\t\t\t\t\t\t\t\t\t\t\t<span class=\"elementor-share-btn__title\">\n\t\t\t\t\t\t\t\t\t\tEmail\t\t\t\t\t\t\t\t\t<\/span>\n\t\t\t\t\t\t\t\t\t\t\t\t\t\t\t\t\t<\/div>\n\t\t\t\t\t\t\t\t\t\t\t\t\t<\/div>\n\t\t\t\t\t<\/div>\n\t\t\t\t\t\t\t\t\t<div class=\"elementor-grid-item\" role=\"listitem\">\n\t\t\t\t\t\t<div class=\"elementor-share-btn elementor-share-btn_print\" role=\"button\" tabindex=\"0\" aria-label=\"Partager sur print\">\n\t\t\t\t\t\t\t\t\t\t\t\t\t\t\t<span class=\"elementor-share-btn__icon\">\n\t\t\t\t\t\t\t\t<svg aria-hidden=\"true\" class=\"e-font-icon-svg e-fas-print\" viewBox=\"0 0 512 512\" xmlns=\"http:\/\/www.w3.org\/2000\/svg\"><path d=\"M448 192V77.25c0-8.49-3.37-16.62-9.37-22.63L393.37 9.37c-6-6-14.14-9.37-22.63-9.37H96C78.33 0 64 14.33 64 32v160c-35.35 0-64 28.65-64 64v112c0 8.84 7.16 16 16 16h48v96c0 17.67 14.33 32 32 32h320c17.67 0 32-14.33 32-32v-96h48c8.84 0 16-7.16 16-16V256c0-35.35-28.65-64-64-64zm-64 256H128v-96h256v96zm0-224H128V64h192v48c0 8.84 7.16 16 16 16h48v96zm48 72c-13.25 0-24-10.75-24-24 0-13.26 10.75-24 24-24s24 10.74 24 24c0 13.25-10.75 24-24 24z\"><\/path><\/svg>\t\t\t\t\t\t\t<\/span>\n\t\t\t\t\t\t\t\t\t\t\t\t\t\t\t\t\t\t\t\t\t\t<div class=\"elementor-share-btn__text\">\n\t\t\t\t\t\t\t\t\t\t\t\t\t\t\t\t\t\t\t<span class=\"elementor-share-btn__title\">\n\t\t\t\t\t\t\t\t\t\tImprimer\t\t\t\t\t\t\t\t\t<\/span>\n\t\t\t\t\t\t\t\t\t\t\t\t\t\t\t\t\t<\/div>\n\t\t\t\t\t\t\t\t\t\t\t\t\t<\/div>\n\t\t\t\t\t<\/div>\n\t\t\t\t\t\t<\/div>\n\t\t\t\t\t\t<\/div>\n\t\t\t\t<\/div>\n\t\t\t\t<div class=\"elementor-element elementor-element-224a988 elementor-widget elementor-widget-facebook-button\" data-id=\"224a988\" data-element_type=\"widget\" data-e-type=\"widget\" data-widget_type=\"facebook-button.default\">\n\t\t\t\t<div class=\"elementor-widget-container\">\n\t\t\t\t\t\t\t<div data-layout=\"standard\" data-colorscheme=\"light\" data-size=\"small\" data-show-faces=\"false\" class=\"elementor-facebook-widget fb-like\" data-href=\"https:\/\/www.portovenere.fr\/fr-fr?p=20550\" data-share=\"false\" data-action=\"like\"><\/div>\n\t\t\t\t\t\t<\/div>\n\t\t\t\t<\/div>\n\t\t\t\t\t<\/div>\n\t\t<\/div>\n\t\t\t\t\t<\/div>\n\t\t<\/section>\n\t\t\t\t<\/div>\n\t\t","protected":false},"excerpt":{"rendered":"<p>Carrelage ext\u00e9rieur antid\u00e9rapant<\/p>\n","protected":false},"author":2,"featured_media":50640,"parent":7146,"menu_order":0,"comment_status":"closed","ping_status":"closed","template":"","meta":{"_monsterinsights_skip_tracking":false,"_monsterinsights_sitenote_active":false,"_monsterinsights_sitenote_note":"","_monsterinsights_sitenote_category":0,"_uf_show_specific_survey":0,"_uf_disable_surveys":false,"footnotes":""},"class_list":["post-20550","page","type-page","status-publish","has-post-thumbnail","hentry"],"yoast_head":"<!-- This site is optimized with the Yoast SEO plugin v27.5 - https:\/\/yoast.com\/product\/yoast-seo-wordpress\/ -->\n<title>Carrelage ext\u00e9rieur antid\u00e9rapant - Porto Venere<\/title>\n<meta name=\"description\" content=\"Carrelage ext\u00e9rieur antid\u00e9rapant pour terrasse, tour de piscine, all\u00e9e de garage, balcon, espaces publics, etc. D\u00e9couvrez une belle s\u00e9lection de carreaux.\" \/>\n<meta name=\"robots\" content=\"index, follow, max-snippet:-1, max-image-preview:large, max-video-preview:-1\" \/>\n<link rel=\"canonical\" href=\"https:\/\/www.portovenere.fr\/fr-fr\/carrelage-sol-et-mur-en-gres-cerame-et-faience\/carrelage-exterieur-antiderapant\/\" \/>\n<meta property=\"og:locale\" content=\"fr_FR\" \/>\n<meta property=\"og:type\" content=\"article\" \/>\n<meta property=\"og:title\" content=\"Carrelage ext\u00e9rieur antid\u00e9rapant - Porto Venere\" \/>\n<meta property=\"og:description\" content=\"Carrelage ext\u00e9rieur antid\u00e9rapant pour terrasse, tour de piscine, all\u00e9e de garage, balcon, espaces publics, etc. D\u00e9couvrez une belle s\u00e9lection de carreaux.\" \/>\n<meta property=\"og:url\" content=\"https:\/\/www.portovenere.fr\/fr-fr\/carrelage-sol-et-mur-en-gres-cerame-et-faience\/carrelage-exterieur-antiderapant\/\" \/>\n<meta property=\"og:site_name\" content=\"Porto Venere\" \/>\n<meta property=\"article:publisher\" content=\"https:\/\/www.facebook.com\/portovenere34\/\" \/>\n<meta property=\"article:modified_time\" content=\"2026-02-06T15:59:30+00:00\" \/>\n<meta property=\"og:image\" content=\"https:\/\/www.portovenere.fr\/fr-fr\/wp-content\/uploads\/2024\/07\/Carrelage-exterieur-terrasse-tour-de-piscine-esprit-pierre-naturelle-cream-Evidence-antiderapant-proche-de-Palavas-34.jpg\" \/>\n\t<meta property=\"og:image:width\" content=\"1100\" \/>\n\t<meta property=\"og:image:height\" content=\"1055\" \/>\n\t<meta property=\"og:image:type\" content=\"image\/jpeg\" \/>\n<meta name=\"twitter:card\" content=\"summary_large_image\" \/>\n<meta name=\"twitter:label1\" content=\"Dur\u00e9e de lecture estim\u00e9e\" \/>\n\t<meta name=\"twitter:data1\" content=\"47 minutes\" \/>\n<script type=\"application\/ld+json\" class=\"yoast-schema-graph\">{\"@context\":\"https:\\\/\\\/schema.org\",\"@graph\":[{\"@type\":\"WebPage\",\"@id\":\"https:\\\/\\\/www.portovenere.fr\\\/fr-fr\\\/carrelage-sol-et-mur-en-gres-cerame-et-faience\\\/carrelage-exterieur-antiderapant\\\/\",\"url\":\"https:\\\/\\\/www.portovenere.fr\\\/fr-fr\\\/carrelage-sol-et-mur-en-gres-cerame-et-faience\\\/carrelage-exterieur-antiderapant\\\/\",\"name\":\"Carrelage ext\u00e9rieur antid\u00e9rapant - Porto Venere\",\"isPartOf\":{\"@id\":\"https:\\\/\\\/www.portovenere.fr\\\/fr-fr\\\/#website\"},\"primaryImageOfPage\":{\"@id\":\"https:\\\/\\\/www.portovenere.fr\\\/fr-fr\\\/carrelage-sol-et-mur-en-gres-cerame-et-faience\\\/carrelage-exterieur-antiderapant\\\/#primaryimage\"},\"image\":{\"@id\":\"https:\\\/\\\/www.portovenere.fr\\\/fr-fr\\\/carrelage-sol-et-mur-en-gres-cerame-et-faience\\\/carrelage-exterieur-antiderapant\\\/#primaryimage\"},\"thumbnailUrl\":\"https:\\\/\\\/www.portovenere.fr\\\/fr-fr\\\/wp-content\\\/uploads\\\/2024\\\/07\\\/Carrelage-exterieur-terrasse-tour-de-piscine-esprit-pierre-naturelle-cream-Evidence-antiderapant-proche-de-Palavas-34.jpg\",\"datePublished\":\"2019-12-11T12:56:18+00:00\",\"dateModified\":\"2026-02-06T15:59:30+00:00\",\"description\":\"Carrelage ext\u00e9rieur antid\u00e9rapant pour terrasse, tour de piscine, all\u00e9e de garage, balcon, espaces publics, etc. D\u00e9couvrez une belle s\u00e9lection de carreaux.\",\"breadcrumb\":{\"@id\":\"https:\\\/\\\/www.portovenere.fr\\\/fr-fr\\\/carrelage-sol-et-mur-en-gres-cerame-et-faience\\\/carrelage-exterieur-antiderapant\\\/#breadcrumb\"},\"inLanguage\":\"fr-FR\",\"potentialAction\":[{\"@type\":\"ReadAction\",\"target\":[\"https:\\\/\\\/www.portovenere.fr\\\/fr-fr\\\/carrelage-sol-et-mur-en-gres-cerame-et-faience\\\/carrelage-exterieur-antiderapant\\\/\"]}]},{\"@type\":\"ImageObject\",\"inLanguage\":\"fr-FR\",\"@id\":\"https:\\\/\\\/www.portovenere.fr\\\/fr-fr\\\/carrelage-sol-et-mur-en-gres-cerame-et-faience\\\/carrelage-exterieur-antiderapant\\\/#primaryimage\",\"url\":\"https:\\\/\\\/www.portovenere.fr\\\/fr-fr\\\/wp-content\\\/uploads\\\/2024\\\/07\\\/Carrelage-exterieur-terrasse-tour-de-piscine-esprit-pierre-naturelle-cream-Evidence-antiderapant-proche-de-Palavas-34.jpg\",\"contentUrl\":\"https:\\\/\\\/www.portovenere.fr\\\/fr-fr\\\/wp-content\\\/uploads\\\/2024\\\/07\\\/Carrelage-exterieur-terrasse-tour-de-piscine-esprit-pierre-naturelle-cream-Evidence-antiderapant-proche-de-Palavas-34.jpg\",\"width\":1100,\"height\":1055},{\"@type\":\"BreadcrumbList\",\"@id\":\"https:\\\/\\\/www.portovenere.fr\\\/fr-fr\\\/carrelage-sol-et-mur-en-gres-cerame-et-faience\\\/carrelage-exterieur-antiderapant\\\/#breadcrumb\",\"itemListElement\":[{\"@type\":\"ListItem\",\"position\":1,\"name\":\"Page d'accueil\",\"item\":\"https:\\\/\\\/www.portovenere.fr\\\/fr-fr\\\/\"},{\"@type\":\"ListItem\",\"position\":2,\"name\":\"Carrelage sol et mur en gr\u00e8s c\u00e9rame et fa\u00efence\",\"item\":\"https:\\\/\\\/www.portovenere.fr\\\/fr-fr\\\/carrelage-sol-et-mur-en-gres-cerame-et-faience\\\/\"},{\"@type\":\"ListItem\",\"position\":3,\"name\":\"Carrelage ext\u00e9rieur antid\u00e9rapant\"}]},{\"@type\":\"WebSite\",\"@id\":\"https:\\\/\\\/www.portovenere.fr\\\/fr-fr\\\/#website\",\"url\":\"https:\\\/\\\/www.portovenere.fr\\\/fr-fr\\\/\",\"name\":\"Porto Venere\",\"description\":\"Magasin de carrelage, cuisine, salle de bain \u00e0 Montpellier dans l&#039;H\u00e9rault\",\"publisher\":{\"@id\":\"https:\\\/\\\/www.portovenere.fr\\\/fr-fr\\\/#organization\"},\"potentialAction\":[{\"@type\":\"SearchAction\",\"target\":{\"@type\":\"EntryPoint\",\"urlTemplate\":\"https:\\\/\\\/www.portovenere.fr\\\/fr-fr\\\/?s={search_term_string}\"},\"query-input\":{\"@type\":\"PropertyValueSpecification\",\"valueRequired\":true,\"valueName\":\"search_term_string\"}}],\"inLanguage\":\"fr-FR\"},{\"@type\":\"Organization\",\"@id\":\"https:\\\/\\\/www.portovenere.fr\\\/fr-fr\\\/#organization\",\"name\":\"Porto Venere - Carrelage Usine Center SARL\",\"url\":\"https:\\\/\\\/www.portovenere.fr\\\/fr-fr\\\/\",\"logo\":{\"@type\":\"ImageObject\",\"inLanguage\":\"fr-FR\",\"@id\":\"https:\\\/\\\/www.portovenere.fr\\\/fr-fr\\\/#\\\/schema\\\/logo\\\/image\\\/\",\"url\":\"https:\\\/\\\/www.portovenere.fr\\\/fr-fr\\\/wp-content\\\/uploads\\\/2019\\\/05\\\/logo3.png\",\"contentUrl\":\"https:\\\/\\\/www.portovenere.fr\\\/fr-fr\\\/wp-content\\\/uploads\\\/2019\\\/05\\\/logo3.png\",\"width\":388,\"height\":120,\"caption\":\"Porto Venere - Carrelage Usine Center SARL\"},\"image\":{\"@id\":\"https:\\\/\\\/www.portovenere.fr\\\/fr-fr\\\/#\\\/schema\\\/logo\\\/image\\\/\"},\"sameAs\":[\"https:\\\/\\\/www.facebook.com\\\/portovenere34\\\/\",\"https:\\\/\\\/www.instagram.com\\\/porto.venere\\\/\",\"https:\\\/\\\/www.linkedin.com\\\/company\\\/porto-venere-montpellier\\\/\",\"https:\\\/\\\/www.pinterest.fr\\\/portovenere34\\\/\"]}]}<\/script>\n<!-- \/ Yoast SEO plugin. -->","yoast_head_json":{"title":"Carrelage ext\u00e9rieur antid\u00e9rapant - Porto Venere","description":"Carrelage ext\u00e9rieur antid\u00e9rapant pour terrasse, tour de piscine, all\u00e9e de garage, balcon, espaces publics, etc. D\u00e9couvrez une belle s\u00e9lection de carreaux.","robots":{"index":"index","follow":"follow","max-snippet":"max-snippet:-1","max-image-preview":"max-image-preview:large","max-video-preview":"max-video-preview:-1"},"canonical":"https:\/\/www.portovenere.fr\/fr-fr\/carrelage-sol-et-mur-en-gres-cerame-et-faience\/carrelage-exterieur-antiderapant\/","og_locale":"fr_FR","og_type":"article","og_title":"Carrelage ext\u00e9rieur antid\u00e9rapant - Porto Venere","og_description":"Carrelage ext\u00e9rieur antid\u00e9rapant pour terrasse, tour de piscine, all\u00e9e de garage, balcon, espaces publics, etc. D\u00e9couvrez une belle s\u00e9lection de carreaux.","og_url":"https:\/\/www.portovenere.fr\/fr-fr\/carrelage-sol-et-mur-en-gres-cerame-et-faience\/carrelage-exterieur-antiderapant\/","og_site_name":"Porto Venere","article_publisher":"https:\/\/www.facebook.com\/portovenere34\/","article_modified_time":"2026-02-06T15:59:30+00:00","og_image":[{"width":1100,"height":1055,"url":"https:\/\/www.portovenere.fr\/fr-fr\/wp-content\/uploads\/2024\/07\/Carrelage-exterieur-terrasse-tour-de-piscine-esprit-pierre-naturelle-cream-Evidence-antiderapant-proche-de-Palavas-34.jpg","type":"image\/jpeg"}],"twitter_card":"summary_large_image","twitter_misc":{"Dur\u00e9e de lecture estim\u00e9e":"47 minutes"},"schema":{"@context":"https:\/\/schema.org","@graph":[{"@type":"WebPage","@id":"https:\/\/www.portovenere.fr\/fr-fr\/carrelage-sol-et-mur-en-gres-cerame-et-faience\/carrelage-exterieur-antiderapant\/","url":"https:\/\/www.portovenere.fr\/fr-fr\/carrelage-sol-et-mur-en-gres-cerame-et-faience\/carrelage-exterieur-antiderapant\/","name":"Carrelage ext\u00e9rieur antid\u00e9rapant - Porto Venere","isPartOf":{"@id":"https:\/\/www.portovenere.fr\/fr-fr\/#website"},"primaryImageOfPage":{"@id":"https:\/\/www.portovenere.fr\/fr-fr\/carrelage-sol-et-mur-en-gres-cerame-et-faience\/carrelage-exterieur-antiderapant\/#primaryimage"},"image":{"@id":"https:\/\/www.portovenere.fr\/fr-fr\/carrelage-sol-et-mur-en-gres-cerame-et-faience\/carrelage-exterieur-antiderapant\/#primaryimage"},"thumbnailUrl":"https:\/\/www.portovenere.fr\/fr-fr\/wp-content\/uploads\/2024\/07\/Carrelage-exterieur-terrasse-tour-de-piscine-esprit-pierre-naturelle-cream-Evidence-antiderapant-proche-de-Palavas-34.jpg","datePublished":"2019-12-11T12:56:18+00:00","dateModified":"2026-02-06T15:59:30+00:00","description":"Carrelage ext\u00e9rieur antid\u00e9rapant pour terrasse, tour de piscine, all\u00e9e de garage, balcon, espaces publics, etc. D\u00e9couvrez une belle s\u00e9lection de carreaux.","breadcrumb":{"@id":"https:\/\/www.portovenere.fr\/fr-fr\/carrelage-sol-et-mur-en-gres-cerame-et-faience\/carrelage-exterieur-antiderapant\/#breadcrumb"},"inLanguage":"fr-FR","potentialAction":[{"@type":"ReadAction","target":["https:\/\/www.portovenere.fr\/fr-fr\/carrelage-sol-et-mur-en-gres-cerame-et-faience\/carrelage-exterieur-antiderapant\/"]}]},{"@type":"ImageObject","inLanguage":"fr-FR","@id":"https:\/\/www.portovenere.fr\/fr-fr\/carrelage-sol-et-mur-en-gres-cerame-et-faience\/carrelage-exterieur-antiderapant\/#primaryimage","url":"https:\/\/www.portovenere.fr\/fr-fr\/wp-content\/uploads\/2024\/07\/Carrelage-exterieur-terrasse-tour-de-piscine-esprit-pierre-naturelle-cream-Evidence-antiderapant-proche-de-Palavas-34.jpg","contentUrl":"https:\/\/www.portovenere.fr\/fr-fr\/wp-content\/uploads\/2024\/07\/Carrelage-exterieur-terrasse-tour-de-piscine-esprit-pierre-naturelle-cream-Evidence-antiderapant-proche-de-Palavas-34.jpg","width":1100,"height":1055},{"@type":"BreadcrumbList","@id":"https:\/\/www.portovenere.fr\/fr-fr\/carrelage-sol-et-mur-en-gres-cerame-et-faience\/carrelage-exterieur-antiderapant\/#breadcrumb","itemListElement":[{"@type":"ListItem","position":1,"name":"Page d'accueil","item":"https:\/\/www.portovenere.fr\/fr-fr\/"},{"@type":"ListItem","position":2,"name":"Carrelage sol et mur en gr\u00e8s c\u00e9rame et fa\u00efence","item":"https:\/\/www.portovenere.fr\/fr-fr\/carrelage-sol-et-mur-en-gres-cerame-et-faience\/"},{"@type":"ListItem","position":3,"name":"Carrelage ext\u00e9rieur antid\u00e9rapant"}]},{"@type":"WebSite","@id":"https:\/\/www.portovenere.fr\/fr-fr\/#website","url":"https:\/\/www.portovenere.fr\/fr-fr\/","name":"Porto Venere","description":"Magasin de carrelage, cuisine, salle de bain \u00e0 Montpellier dans l&#039;H\u00e9rault","publisher":{"@id":"https:\/\/www.portovenere.fr\/fr-fr\/#organization"},"potentialAction":[{"@type":"SearchAction","target":{"@type":"EntryPoint","urlTemplate":"https:\/\/www.portovenere.fr\/fr-fr\/?s={search_term_string}"},"query-input":{"@type":"PropertyValueSpecification","valueRequired":true,"valueName":"search_term_string"}}],"inLanguage":"fr-FR"},{"@type":"Organization","@id":"https:\/\/www.portovenere.fr\/fr-fr\/#organization","name":"Porto Venere - Carrelage Usine Center SARL","url":"https:\/\/www.portovenere.fr\/fr-fr\/","logo":{"@type":"ImageObject","inLanguage":"fr-FR","@id":"https:\/\/www.portovenere.fr\/fr-fr\/#\/schema\/logo\/image\/","url":"https:\/\/www.portovenere.fr\/fr-fr\/wp-content\/uploads\/2019\/05\/logo3.png","contentUrl":"https:\/\/www.portovenere.fr\/fr-fr\/wp-content\/uploads\/2019\/05\/logo3.png","width":388,"height":120,"caption":"Porto Venere - Carrelage Usine Center SARL"},"image":{"@id":"https:\/\/www.portovenere.fr\/fr-fr\/#\/schema\/logo\/image\/"},"sameAs":["https:\/\/www.facebook.com\/portovenere34\/","https:\/\/www.instagram.com\/porto.venere\/","https:\/\/www.linkedin.com\/company\/porto-venere-montpellier\/","https:\/\/www.pinterest.fr\/portovenere34\/"]}]}},"_links":{"self":[{"href":"https:\/\/www.portovenere.fr\/fr-fr\/wp-json\/wp\/v2\/pages\/20550","targetHints":{"allow":["GET"]}}],"collection":[{"href":"https:\/\/www.portovenere.fr\/fr-fr\/wp-json\/wp\/v2\/pages"}],"about":[{"href":"https:\/\/www.portovenere.fr\/fr-fr\/wp-json\/wp\/v2\/types\/page"}],"author":[{"embeddable":true,"href":"https:\/\/www.portovenere.fr\/fr-fr\/wp-json\/wp\/v2\/users\/2"}],"replies":[{"embeddable":true,"href":"https:\/\/www.portovenere.fr\/fr-fr\/wp-json\/wp\/v2\/comments?post=20550"}],"version-history":[{"count":261,"href":"https:\/\/www.portovenere.fr\/fr-fr\/wp-json\/wp\/v2\/pages\/20550\/revisions"}],"predecessor-version":[{"id":69750,"href":"https:\/\/www.portovenere.fr\/fr-fr\/wp-json\/wp\/v2\/pages\/20550\/revisions\/69750"}],"up":[{"embeddable":true,"href":"https:\/\/www.portovenere.fr\/fr-fr\/wp-json\/wp\/v2\/pages\/7146"}],"wp:featuredmedia":[{"embeddable":true,"href":"https:\/\/www.portovenere.fr\/fr-fr\/wp-json\/wp\/v2\/media\/50640"}],"wp:attachment":[{"href":"https:\/\/www.portovenere.fr\/fr-fr\/wp-json\/wp\/v2\/media?parent=20550"}],"curies":[{"name":"wp","href":"https:\/\/api.w.org\/{rel}","templated":true}]}}