{"id":21716,"date":"2019-12-23T14:47:51","date_gmt":"2019-12-23T14:47:51","guid":{"rendered":"https:\/\/www.portovenere.fr\/fr-fr\/?page_id=21716"},"modified":"2025-10-15T16:13:04","modified_gmt":"2025-10-15T14:13:04","slug":"carrelage-melange-de-matieres","status":"publish","type":"page","link":"https:\/\/www.portovenere.fr\/fr-fr\/carrelage-melange-de-matieres\/","title":{"rendered":"Carrelage m\u00e9lange de mati\u00e8res"},"content":{"rendered":"\t\t<div data-elementor-type=\"wp-page\" data-elementor-id=\"21716\" class=\"elementor elementor-21716\" data-elementor-post-type=\"page\">\n\t\t\t\t\t\t<section class=\"elementor-section elementor-top-section elementor-element elementor-element-1187c830 elementor-section-full_width elementor-section-height-default elementor-section-height-default\" data-id=\"1187c830\" data-element_type=\"section\" data-e-type=\"section\" data-settings=\"{&quot;background_background&quot;:&quot;classic&quot;}\">\n\t\t\t\t\t\t<div class=\"elementor-container elementor-column-gap-no\">\n\t\t\t\t\t<div class=\"elementor-column elementor-col-100 elementor-top-column elementor-element elementor-element-7a2c8fc6\" data-id=\"7a2c8fc6\" data-element_type=\"column\" data-e-type=\"column\">\n\t\t\t<div class=\"elementor-widget-wrap elementor-element-populated\">\n\t\t\t\t\t\t<div class=\"elementor-element elementor-element-da45c2e elementor-widget elementor-widget-heading\" data-id=\"da45c2e\" data-element_type=\"widget\" data-e-type=\"widget\" data-widget_type=\"heading.default\">\n\t\t\t\t<div class=\"elementor-widget-container\">\n\t\t\t\t\t<h1 class=\"elementor-heading-title elementor-size-default\">lES COLLECTIONS<br>carreaux m\u00e9lange de mati\u00e8res<\/h1>\t\t\t\t<\/div>\n\t\t\t\t<\/div>\n\t\t\t\t\t<\/div>\n\t\t<\/div>\n\t\t\t\t\t<\/div>\n\t\t<\/section>\n\t\t\t\t<section class=\"elementor-section elementor-top-section elementor-element elementor-element-3a11188 elementor-section-boxed elementor-section-height-default elementor-section-height-default\" data-id=\"3a11188\" data-element_type=\"section\" data-e-type=\"section\">\n\t\t\t\t\t\t<div class=\"elementor-container elementor-column-gap-default\">\n\t\t\t\t\t<div class=\"elementor-column elementor-col-100 elementor-top-column elementor-element elementor-element-0c51bbb\" data-id=\"0c51bbb\" data-element_type=\"column\" data-e-type=\"column\">\n\t\t\t<div class=\"elementor-widget-wrap elementor-element-populated\">\n\t\t\t\t\t\t<div class=\"elementor-element elementor-element-5871f2d elementor-widget elementor-widget-heading\" data-id=\"5871f2d\" data-element_type=\"widget\" data-e-type=\"widget\" data-widget_type=\"heading.default\">\n\t\t\t\t<div class=\"elementor-widget-container\">\n\t\t\t\t\t<h2 class=\"elementor-heading-title elementor-size-default\">M\u00e9lange de sol aspect bois avec un effet marbre ou b\u00e9ton dans des formats originaux \u00e0 Montpellier<\/h2>\t\t\t\t<\/div>\n\t\t\t\t<\/div>\n\t\t\t\t\t<\/div>\n\t\t<\/div>\n\t\t\t\t\t<\/div>\n\t\t<\/section>\n\t\t\t\t<section class=\"elementor-section elementor-top-section elementor-element elementor-element-76707d63 elementor-section-boxed elementor-section-height-default elementor-section-height-default\" data-id=\"76707d63\" data-element_type=\"section\" data-e-type=\"section\" data-settings=\"{&quot;background_background&quot;:&quot;classic&quot;}\">\n\t\t\t\t\t\t<div class=\"elementor-container elementor-column-gap-default\">\n\t\t\t\t\t<div class=\"elementor-column elementor-col-100 elementor-top-column elementor-element elementor-element-162df877\" data-id=\"162df877\" data-element_type=\"column\" data-e-type=\"column\">\n\t\t\t<div class=\"elementor-widget-wrap elementor-element-populated\">\n\t\t\t\t\t\t<div class=\"elementor-element elementor-element-1b53d6b elementor-widget elementor-widget-text-editor\" data-id=\"1b53d6b\" data-element_type=\"widget\" data-e-type=\"widget\" data-widget_type=\"text-editor.default\">\n\t\t\t\t<div class=\"elementor-widget-container\">\n\t\t\t\t\t\t\t\t\t<p>Carrelage en gr\u00e8s c\u00e9rame pour sol et mur aux motifs &amp; d\u00e9cors originaux pour des les lieux accueillant du public, <strong>brasseries<\/strong>,\u00a0<b>magasins, palace<\/b>, ainsi que les pi\u00e8ces d&rsquo;<b>habitation priv\u00e9e<\/b> : salle de bain, cuisine, salon, suite parentale&#8230;<\/p><p>Des <b>m\u00e9langes de mati\u00e8res &amp; formats<\/b> aux imitations parquet bois, pierre contemporaine, ciment, marbre&#8230;pour d\u00e9corer vos espaces avec go\u00fbt et originalit\u00e9.<\/p>\t\t\t\t\t\t\t\t<\/div>\n\t\t\t\t<\/div>\n\t\t\t\t\t<\/div>\n\t\t<\/div>\n\t\t\t\t\t<\/div>\n\t\t<\/section>\n\t\t\t\t<section class=\"elementor-section elementor-top-section elementor-element elementor-element-740f57a elementor-section-boxed elementor-section-height-default elementor-section-height-default\" data-id=\"740f57a\" data-element_type=\"section\" data-e-type=\"section\">\n\t\t\t\t\t\t<div class=\"elementor-container elementor-column-gap-default\">\n\t\t\t\t\t<div class=\"elementor-column elementor-col-100 elementor-top-column elementor-element elementor-element-438d2e6\" data-id=\"438d2e6\" data-element_type=\"column\" data-e-type=\"column\">\n\t\t\t<div class=\"elementor-widget-wrap elementor-element-populated\">\n\t\t\t\t\t\t<div class=\"elementor-element elementor-element-32c1e20 elementor-widget-divider--view-line elementor-widget elementor-widget-divider\" data-id=\"32c1e20\" data-element_type=\"widget\" data-e-type=\"widget\" data-widget_type=\"divider.default\">\n\t\t\t\t<div class=\"elementor-widget-container\">\n\t\t\t\t\t\t\t<div class=\"elementor-divider\">\n\t\t\t<span class=\"elementor-divider-separator\">\n\t\t\t\t\t\t<\/span>\n\t\t<\/div>\n\t\t\t\t\t\t<\/div>\n\t\t\t\t<\/div>\n\t\t\t\t\t<\/div>\n\t\t<\/div>\n\t\t\t\t\t<\/div>\n\t\t<\/section>\n\t\t\t\t<section class=\"elementor-section elementor-top-section elementor-element elementor-element-a7d2c9e elementor-section-full_width elementor-section-height-default elementor-section-height-default elementor-invisible\" data-id=\"a7d2c9e\" data-element_type=\"section\" data-e-type=\"section\" data-settings=\"{&quot;animation&quot;:&quot;fadeIn&quot;}\">\n\t\t\t\t\t\t<div class=\"elementor-container elementor-column-gap-default\">\n\t\t\t\t\t<div class=\"elementor-column elementor-col-33 elementor-top-column elementor-element elementor-element-c380960 elementor-invisible\" data-id=\"c380960\" data-element_type=\"column\" data-e-type=\"column\" data-settings=\"{&quot;animation&quot;:&quot;fadeIn&quot;,&quot;background_background&quot;:&quot;classic&quot;}\">\n\t\t\t<div class=\"elementor-widget-wrap elementor-element-populated\">\n\t\t\t\t\t\t<div class=\"elementor-element elementor-element-02887b6 elementor-widget elementor-widget-image\" data-id=\"02887b6\" data-element_type=\"widget\" data-e-type=\"widget\" data-widget_type=\"image.default\">\n\t\t\t\t<div class=\"elementor-widget-container\">\n\t\t\t\t\t\t\t\t\t\t\t\t\t\t\t\t<a href=\"https:\/\/www.portovenere.fr\/fr-fr\/carrelage-sol-et-mur-en-gres-cerame-et-faience\/carrelage-aspect-pierre\/carrelage-effet-pierre-claire-massica-scg\/\">\n\t\t\t\t\t\t\t<img fetchpriority=\"high\" decoding=\"async\" width=\"768\" height=\"473\" src=\"https:\/\/www.portovenere.fr\/fr-fr\/wp-content\/uploads\/2025\/07\/Carrelage-effet-pierre-mix-motifs-format-baton-pour-pose-au-sol-et-pose-murale-MASSICA-SCG-finition-Mix-7.5x60-cm-magasin-PORTO-VENERE-a-Montpellier-34-768x473.jpg\" class=\"attachment-medium_large size-medium_large wp-image-62182\" alt=\"\" srcset=\"https:\/\/www.portovenere.fr\/fr-fr\/wp-content\/uploads\/2025\/07\/Carrelage-effet-pierre-mix-motifs-format-baton-pour-pose-au-sol-et-pose-murale-MASSICA-SCG-finition-Mix-7.5x60-cm-magasin-PORTO-VENERE-a-Montpellier-34-768x473.jpg 768w, https:\/\/www.portovenere.fr\/fr-fr\/wp-content\/uploads\/2025\/07\/Carrelage-effet-pierre-mix-motifs-format-baton-pour-pose-au-sol-et-pose-murale-MASSICA-SCG-finition-Mix-7.5x60-cm-magasin-PORTO-VENERE-a-Montpellier-34-300x185.jpg 300w, https:\/\/www.portovenere.fr\/fr-fr\/wp-content\/uploads\/2025\/07\/Carrelage-effet-pierre-mix-motifs-format-baton-pour-pose-au-sol-et-pose-murale-MASSICA-SCG-finition-Mix-7.5x60-cm-magasin-PORTO-VENERE-a-Montpellier-34-1024x631.jpg 1024w, https:\/\/www.portovenere.fr\/fr-fr\/wp-content\/uploads\/2025\/07\/Carrelage-effet-pierre-mix-motifs-format-baton-pour-pose-au-sol-et-pose-murale-MASSICA-SCG-finition-Mix-7.5x60-cm-magasin-PORTO-VENERE-a-Montpellier-34-1536x947.jpg 1536w, https:\/\/www.portovenere.fr\/fr-fr\/wp-content\/uploads\/2025\/07\/Carrelage-effet-pierre-mix-motifs-format-baton-pour-pose-au-sol-et-pose-murale-MASSICA-SCG-finition-Mix-7.5x60-cm-magasin-PORTO-VENERE-a-Montpellier-34.jpg 1622w\" sizes=\"(max-width: 768px) 100vw, 768px\" \/>\t\t\t\t\t\t\t\t<\/a>\n\t\t\t\t\t\t\t\t\t\t\t\t\t\t\t<\/div>\n\t\t\t\t<\/div>\n\t\t\t\t<section class=\"elementor-section elementor-inner-section elementor-element elementor-element-8f478c9 elementor-section-boxed elementor-section-height-default elementor-section-height-default elementor-invisible\" data-id=\"8f478c9\" data-element_type=\"section\" data-e-type=\"section\" data-settings=\"{&quot;background_background&quot;:&quot;classic&quot;,&quot;animation&quot;:&quot;fadeIn&quot;}\">\n\t\t\t\t\t\t<div class=\"elementor-container elementor-column-gap-default\">\n\t\t\t\t\t<div class=\"elementor-column elementor-col-100 elementor-inner-column elementor-element elementor-element-1e17b32\" data-id=\"1e17b32\" data-element_type=\"column\" data-e-type=\"column\">\n\t\t\t<div class=\"elementor-widget-wrap elementor-element-populated\">\n\t\t\t\t\t\t<div class=\"elementor-element elementor-element-0b73473 elementor-widget elementor-widget-heading\" data-id=\"0b73473\" data-element_type=\"widget\" data-e-type=\"widget\" data-widget_type=\"heading.default\">\n\t\t\t\t<div class=\"elementor-widget-container\">\n\t\t\t\t\t<h3 class=\"elementor-heading-title elementor-size-default\"><a href=\"https:\/\/www.portovenere.fr\/fr-fr\/carrelage-sol-et-mur-en-gres-cerame-et-faience\/carrelage-aspect-pierre\/carrelage-effet-pierre-claire-massica-scg\/\">MASSICA SCG | 1 tonalit\u00e9 &amp; 8 finitions <\/a><\/h3>\t\t\t\t<\/div>\n\t\t\t\t<\/div>\n\t\t\t\t<div class=\"elementor-element elementor-element-4605cca elementor-widget__width-initial elementor-widget elementor-widget-gallery\" data-id=\"4605cca\" data-element_type=\"widget\" data-e-type=\"widget\" data-settings=\"{&quot;gap&quot;:{&quot;unit&quot;:&quot;px&quot;,&quot;size&quot;:3,&quot;sizes&quot;:[]},&quot;columns_mobile&quot;:3,&quot;gap_mobile&quot;:{&quot;unit&quot;:&quot;px&quot;,&quot;size&quot;:6,&quot;sizes&quot;:[]},&quot;columns&quot;:5,&quot;columns_tablet&quot;:3,&quot;gap_tablet&quot;:{&quot;unit&quot;:&quot;px&quot;,&quot;size&quot;:5,&quot;sizes&quot;:[]},&quot;lazyload&quot;:&quot;yes&quot;,&quot;gallery_layout&quot;:&quot;grid&quot;,&quot;aspect_ratio&quot;:&quot;3:2&quot;,&quot;overlay_background&quot;:&quot;yes&quot;,&quot;content_hover_animation&quot;:&quot;fade-in&quot;}\" data-widget_type=\"gallery.default\">\n\t\t\t\t<div class=\"elementor-widget-container\">\n\t\t\t\t\t\t\t<div class=\"elementor-gallery__container\">\n\t\t\t\t\t\t\t<div class=\"e-gallery-item elementor-gallery-item elementor-animated-content\">\n\t\t\t\t\t<div class=\"e-gallery-image elementor-gallery-item__image\" data-thumbnail=\"https:\/\/www.portovenere.fr\/fr-fr\/wp-content\/uploads\/2025\/07\/Carrelage-effet-pierre-ancienne-usee-pour-pose-au-sol-et-pose-murale-MASSICA-SCG-finition-Crack-60x120-cm-magasin-PORTO-VENERE-pres-de-Pezenas-34-150x150.jpg\" data-width=\"150\" data-height=\"150\" aria-label=\"\" role=\"img\" ><\/div>\n\t\t\t\t\t\t\t\t\t\t\t<div class=\"elementor-gallery-item__overlay\"><\/div>\n\t\t\t\t\t\t\t\t\t\t\t\t\t\t<\/div>\n\t\t\t\t\t\t\t<div class=\"e-gallery-item elementor-gallery-item elementor-animated-content\">\n\t\t\t\t\t<div class=\"e-gallery-image elementor-gallery-item__image\" data-thumbnail=\"https:\/\/www.portovenere.fr\/fr-fr\/wp-content\/uploads\/2025\/07\/Carrelage-effet-pierre-poli-pour-pose-au-sol-et-pose-murale-MASSICA-SCG-finition-Polished-60x120-cm-magasin-PORTO-VENERE-pres-de-Baillargues-34-150x150.jpg\" data-width=\"150\" data-height=\"150\" aria-label=\"\" role=\"img\" ><\/div>\n\t\t\t\t\t\t\t\t\t\t\t<div class=\"elementor-gallery-item__overlay\"><\/div>\n\t\t\t\t\t\t\t\t\t\t\t\t\t\t<\/div>\n\t\t\t\t\t\t\t<div class=\"e-gallery-item elementor-gallery-item elementor-animated-content\">\n\t\t\t\t\t<div class=\"e-gallery-image elementor-gallery-item__image\" data-thumbnail=\"https:\/\/www.portovenere.fr\/fr-fr\/wp-content\/uploads\/2025\/07\/Carrelage-effet-pierre-effet-lignes-pose-murale-MASSICA-SCG-Grooved-60x120-cm-magasin-PORTO-VENERE-proche-de-Mauguio-34-150x150.jpg\" data-width=\"150\" data-height=\"150\" aria-label=\"\" role=\"img\" ><\/div>\n\t\t\t\t\t\t\t\t\t\t\t<div class=\"elementor-gallery-item__overlay\"><\/div>\n\t\t\t\t\t\t\t\t\t\t\t\t\t\t<\/div>\n\t\t\t\t\t\t\t<div class=\"e-gallery-item elementor-gallery-item elementor-animated-content\">\n\t\t\t\t\t<div class=\"e-gallery-image elementor-gallery-item__image\" data-thumbnail=\"https:\/\/www.portovenere.fr\/fr-fr\/wp-content\/uploads\/2025\/07\/Carrelage-effet-pierre-sol-mur-MASSICA-SCG-finition-Flamed-R10-B-bords-rectifies-60x120-cm-magasin-PORTO-VENEREpres-de-Castelnau-le-Lez-34-150x150.jpg\" data-width=\"150\" data-height=\"150\" aria-label=\"\" role=\"img\" ><\/div>\n\t\t\t\t\t\t\t\t\t\t\t<div class=\"elementor-gallery-item__overlay\"><\/div>\n\t\t\t\t\t\t\t\t\t\t\t\t\t\t<\/div>\n\t\t\t\t\t\t\t<div class=\"e-gallery-item elementor-gallery-item elementor-animated-content\">\n\t\t\t\t\t<div class=\"e-gallery-image elementor-gallery-item__image\" data-thumbnail=\"https:\/\/www.portovenere.fr\/fr-fr\/wp-content\/uploads\/2025\/07\/Carrelage-mosaique-effet-pierre-naturelle-differents-motifs-decors-30x30-cm-MASSICA-SCG-magasin-PORTO-VENERE-proche-de-Lattes-34-150x150.jpg\" data-width=\"150\" data-height=\"150\" aria-label=\"\" role=\"img\" ><\/div>\n\t\t\t\t\t\t\t\t\t\t\t<div class=\"elementor-gallery-item__overlay\"><\/div>\n\t\t\t\t\t\t\t\t\t\t\t\t\t\t<\/div>\n\t\t\t\t\t\t\t<div class=\"e-gallery-item elementor-gallery-item elementor-animated-content\">\n\t\t\t\t\t<div class=\"e-gallery-image elementor-gallery-item__image\" data-thumbnail=\"https:\/\/www.portovenere.fr\/fr-fr\/wp-content\/uploads\/2025\/07\/Carrelage-effet-pierre-type-chevrons-motifs-stries-pour-pose-au-sol-et-pose-murale-MASSICA-SCG-Natural-20x80-cm-magasin-PORTO-VENERE-pres-de-Palavas-34-150x150.jpg\" data-width=\"150\" data-height=\"150\" aria-label=\"\" role=\"img\" ><\/div>\n\t\t\t\t\t\t\t\t\t\t\t<div class=\"elementor-gallery-item__overlay\"><\/div>\n\t\t\t\t\t\t\t\t\t\t\t\t\t\t<\/div>\n\t\t\t\t\t\t\t<div class=\"e-gallery-item elementor-gallery-item elementor-animated-content\">\n\t\t\t\t\t<div class=\"e-gallery-image elementor-gallery-item__image\" data-thumbnail=\"https:\/\/www.portovenere.fr\/fr-fr\/wp-content\/uploads\/2025\/07\/Carrelage-effet-pierre-pour-pose-au-sol-et-pose-murale-MASSICA-SCG-finition-Natural-60x120-cm-magasin-PORTO-VENERE-a-Montpellier-34-150x150.jpg\" data-width=\"150\" data-height=\"150\" aria-label=\"\" role=\"img\" ><\/div>\n\t\t\t\t\t\t\t\t\t\t\t<div class=\"elementor-gallery-item__overlay\"><\/div>\n\t\t\t\t\t\t\t\t\t\t\t\t\t\t<\/div>\n\t\t\t\t\t\t\t<div class=\"e-gallery-item elementor-gallery-item elementor-animated-content\">\n\t\t\t\t\t<div class=\"e-gallery-image elementor-gallery-item__image\" data-thumbnail=\"https:\/\/www.portovenere.fr\/fr-fr\/wp-content\/uploads\/2025\/07\/Carrelage-effet-pierre-antiderapant-pose-au-sol-MASSICA-SCG-Hammered-60x120-cm-magasin-PORTO-VENERE-proche-de-Sete-34-150x150.jpg\" data-width=\"150\" data-height=\"150\" aria-label=\"\" role=\"img\" ><\/div>\n\t\t\t\t\t\t\t\t\t\t\t<div class=\"elementor-gallery-item__overlay\"><\/div>\n\t\t\t\t\t\t\t\t\t\t\t\t\t\t<\/div>\n\t\t\t\t\t\t\t<div class=\"e-gallery-item elementor-gallery-item elementor-animated-content\">\n\t\t\t\t\t<div class=\"e-gallery-image elementor-gallery-item__image\" data-thumbnail=\"https:\/\/www.portovenere.fr\/fr-fr\/wp-content\/uploads\/2025\/06\/Carrelage-sol-et-mur-petit-format-7x15-cm-rectangualire-5-coloris-MASSICA-SCG-qualite-et-originalite-magasin-Porto-Venere-Montpellier-pres-de-Lattes-34-150x150.png\" data-width=\"150\" data-height=\"150\" aria-label=\"\" role=\"img\" ><\/div>\n\t\t\t\t\t\t\t\t\t\t\t<div class=\"elementor-gallery-item__overlay\"><\/div>\n\t\t\t\t\t\t\t\t\t\t\t\t\t\t<\/div>\n\t\t\t\t\t<\/div>\n\t\t\t\t\t<\/div>\n\t\t\t\t<\/div>\n\t\t\t\t<div class=\"elementor-element elementor-element-03eed89 elementor-widget elementor-widget-text-editor\" data-id=\"03eed89\" data-element_type=\"widget\" data-e-type=\"widget\" data-widget_type=\"text-editor.default\">\n\t\t\t\t<div class=\"elementor-widget-container\">\n\t\t\t\t\t\t\t\t\t<p>D\u00e9couvrez le <b>gris<\/b>, couleur phare de notre nouvelle collection exclusive : <b>MASSICA SCG<\/b>. Ce <b>carrelage haut de gamme<\/b> r\u00e9invente la beaut\u00e9 intemporelle de la <b>pierre naturelle<\/b>, sublimant chaque surface avec une pr\u00e9cision in\u00e9gal\u00e9e.<\/p><p>Notre collection de <b>carrelage imitation pierre<\/b> offre <b>huit finitions d&rsquo;exception<\/b> et <b>huit formats polyvalents<\/b>, dont le grand format <b>carrelage 80&#215;80 cm<\/b>, <b>60&#215;120 cm<\/b>, <b>60&#215;60 cm<\/b>, <b>30&#215;60 cm<\/b>, <b>20&#215;80 cm<\/b>, ainsi que les formats bande <b>7,5&#215;120 cm<\/b>, <b>7,5&#215;60 cm<\/b>, et les carreaux d\u00e9coratifs <b>5&#215;15 cm<\/b>. Chaque pi\u00e8ce est con\u00e7ue pour une esth\u00e9tique riche et vari\u00e9e : <b>carrelage naturel<\/b>, <b>poli brillant<\/b>, <b>bouchard\u00e9<\/b>, <b>grav\u00e9<\/b>, <b>vieilli<\/b> et <b>textur\u00e9<\/b>. Cette diversit\u00e9 garantit une adaptabilit\u00e9 parfaite \u00e0 tous vos projets.<\/p><p><b>MASSICA SCG<\/b> inclut \u00e9galement des cr\u00e9ations uniques :<\/p><ul><li><p><b>Patchy<\/b> : Un <b>carrelage original<\/b> fusionnant l&rsquo;esprit du <b>terrazzo<\/b> et la robustesse de la pierre.<\/p><\/li><li><p><b>Riviera<\/b> : Un <b>carrelage en porcelaine polie brillante<\/b> pour une ambiance nautique \u00e9l\u00e9gante, id\u00e9al pour vos <b>sols et murs<\/b>.<\/p><\/li><\/ul><p>Que vous cherchiez un <b>carrelage pour salon<\/b>, <b>cuisine<\/b>, <b>salle de bain<\/b>, ou un <b>rev\u00eatement ext\u00e9rieur<\/b> durable, <b>MASSICA SCG<\/b> est le choix id\u00e9al. Ce <b>carrelage moderne<\/b> convient aux espaces r\u00e9sidentiels et commerciaux, int\u00e9rieurs comme ext\u00e9rieurs. Optez pour <b>MASSICA SCG<\/b> pour un <b>carrelage int\u00e9rieur et ext\u00e9rieur<\/b> alliant performance et sophistication.<\/p>\t\t\t\t\t\t\t\t<\/div>\n\t\t\t\t<\/div>\n\t\t\t\t\t<\/div>\n\t\t<\/div>\n\t\t\t\t\t<\/div>\n\t\t<\/section>\n\t\t\t\t<div class=\"elementor-element elementor-element-a94099d elementor-mobile-align-center elementor-widget elementor-widget-button\" data-id=\"a94099d\" data-element_type=\"widget\" data-e-type=\"widget\" data-widget_type=\"button.default\">\n\t\t\t\t<div class=\"elementor-widget-container\">\n\t\t\t\t\t\t\t\t\t<div class=\"elementor-button-wrapper\">\n\t\t\t\t\t<a class=\"elementor-button elementor-button-link elementor-size-sm\" href=\"https:\/\/www.portovenere.fr\/fr-fr\/carrelage-sol-et-mur-en-gres-cerame-et-faience\/carrelage-aspect-pierre\/carrelage-effet-pierre-claire-massica-scg\/\">\n\t\t\t\t\t\t<span class=\"elementor-button-content-wrapper\">\n\t\t\t\t\t\t\t\t\t<span class=\"elementor-button-text\">Voir la collection<\/span>\n\t\t\t\t\t<\/span>\n\t\t\t\t\t<\/a>\n\t\t\t\t<\/div>\n\t\t\t\t\t\t\t\t<\/div>\n\t\t\t\t<\/div>\n\t\t\t\t\t<\/div>\n\t\t<\/div>\n\t\t\t\t<div class=\"elementor-column elementor-col-33 elementor-top-column elementor-element elementor-element-76e3a33 elementor-invisible\" data-id=\"76e3a33\" data-element_type=\"column\" data-e-type=\"column\" data-settings=\"{&quot;animation&quot;:&quot;fadeIn&quot;,&quot;background_background&quot;:&quot;classic&quot;}\">\n\t\t\t<div class=\"elementor-widget-wrap elementor-element-populated\">\n\t\t\t\t\t\t<div class=\"elementor-element elementor-element-bb87a38 elementor-widget elementor-widget-image\" data-id=\"bb87a38\" data-element_type=\"widget\" data-e-type=\"widget\" data-widget_type=\"image.default\">\n\t\t\t\t<div class=\"elementor-widget-container\">\n\t\t\t\t\t\t\t\t\t\t\t\t\t\t\t\t<a href=\"https:\/\/www.portovenere.fr\/fr-fr\/carrelage-sol-et-mur-en-gres-cerame-et-faience\/carrelage-contemporain-et-design\/carrelage-imitation-beton-et-bois-pour-sol-et-mur-dualite\/\">\n\t\t\t\t\t\t\t<img decoding=\"async\" width=\"768\" height=\"545\" src=\"https:\/\/www.portovenere.fr\/fr-fr\/wp-content\/uploads\/2025\/07\/Carrelage-sol-mur-imitation-parquet-bois-et-beton-mix-carreaux-fondus-Collection_DUALITE_magasin-PORTO_VENERE_MONTPELLIER_pres-de-Sete-34-768x545.jpg\" class=\"attachment-medium_large size-medium_large wp-image-62212\" alt=\"Sol mix parquet et b\u00e9ton contemporain en gr\u00e8s c\u00e9rame design original et de qualit\u00e9 Dualit\u00e9\" srcset=\"https:\/\/www.portovenere.fr\/fr-fr\/wp-content\/uploads\/2025\/07\/Carrelage-sol-mur-imitation-parquet-bois-et-beton-mix-carreaux-fondus-Collection_DUALITE_magasin-PORTO_VENERE_MONTPELLIER_pres-de-Sete-34-768x545.jpg 768w, https:\/\/www.portovenere.fr\/fr-fr\/wp-content\/uploads\/2025\/07\/Carrelage-sol-mur-imitation-parquet-bois-et-beton-mix-carreaux-fondus-Collection_DUALITE_magasin-PORTO_VENERE_MONTPELLIER_pres-de-Sete-34-300x213.jpg 300w, https:\/\/www.portovenere.fr\/fr-fr\/wp-content\/uploads\/2025\/07\/Carrelage-sol-mur-imitation-parquet-bois-et-beton-mix-carreaux-fondus-Collection_DUALITE_magasin-PORTO_VENERE_MONTPELLIER_pres-de-Sete-34-1024x727.jpg 1024w, https:\/\/www.portovenere.fr\/fr-fr\/wp-content\/uploads\/2025\/07\/Carrelage-sol-mur-imitation-parquet-bois-et-beton-mix-carreaux-fondus-Collection_DUALITE_magasin-PORTO_VENERE_MONTPELLIER_pres-de-Sete-34.jpg 1408w\" sizes=\"(max-width: 768px) 100vw, 768px\" \/>\t\t\t\t\t\t\t\t<\/a>\n\t\t\t\t\t\t\t\t\t\t\t\t\t\t\t<\/div>\n\t\t\t\t<\/div>\n\t\t\t\t<section class=\"elementor-section elementor-inner-section elementor-element elementor-element-6b57414 elementor-section-boxed elementor-section-height-default elementor-section-height-default elementor-invisible\" data-id=\"6b57414\" data-element_type=\"section\" data-e-type=\"section\" data-settings=\"{&quot;background_background&quot;:&quot;classic&quot;,&quot;animation&quot;:&quot;fadeIn&quot;}\">\n\t\t\t\t\t\t<div class=\"elementor-container elementor-column-gap-default\">\n\t\t\t\t\t<div class=\"elementor-column elementor-col-100 elementor-inner-column elementor-element elementor-element-e0ad3e6\" data-id=\"e0ad3e6\" data-element_type=\"column\" data-e-type=\"column\">\n\t\t\t<div class=\"elementor-widget-wrap elementor-element-populated\">\n\t\t\t\t\t\t<div class=\"elementor-element elementor-element-f76c74f elementor-widget elementor-widget-heading\" data-id=\"f76c74f\" data-element_type=\"widget\" data-e-type=\"widget\" data-widget_type=\"heading.default\">\n\t\t\t\t<div class=\"elementor-widget-container\">\n\t\t\t\t\t<h3 class=\"elementor-heading-title elementor-size-default\"><a href=\"https:\/\/www.portovenere.fr\/fr-fr\/carrelage-sol-et-mur-en-gres-cerame-et-faience\/carrelage-contemporain-et-design\/carrelage-imitation-beton-et-bois-pour-sol-et-mur-dualite\/\">DUALIT\u00c9 | 4 coloris &amp; 4 finitions<\/a><\/h3>\t\t\t\t<\/div>\n\t\t\t\t<\/div>\n\t\t\t\t<div class=\"elementor-element elementor-element-0eed243 elementor-widget__width-initial elementor-widget elementor-widget-gallery\" data-id=\"0eed243\" data-element_type=\"widget\" data-e-type=\"widget\" data-settings=\"{&quot;gap&quot;:{&quot;unit&quot;:&quot;px&quot;,&quot;size&quot;:3,&quot;sizes&quot;:[]},&quot;columns_mobile&quot;:3,&quot;gap_mobile&quot;:{&quot;unit&quot;:&quot;px&quot;,&quot;size&quot;:6,&quot;sizes&quot;:[]},&quot;columns&quot;:5,&quot;columns_tablet&quot;:3,&quot;gap_tablet&quot;:{&quot;unit&quot;:&quot;px&quot;,&quot;size&quot;:5,&quot;sizes&quot;:[]},&quot;lazyload&quot;:&quot;yes&quot;,&quot;gallery_layout&quot;:&quot;grid&quot;,&quot;aspect_ratio&quot;:&quot;3:2&quot;,&quot;overlay_background&quot;:&quot;yes&quot;,&quot;content_hover_animation&quot;:&quot;fade-in&quot;}\" data-widget_type=\"gallery.default\">\n\t\t\t\t<div class=\"elementor-widget-container\">\n\t\t\t\t\t\t\t<div class=\"elementor-gallery__container\">\n\t\t\t\t\t\t\t<div class=\"e-gallery-item elementor-gallery-item elementor-animated-content\">\n\t\t\t\t\t<div class=\"e-gallery-image elementor-gallery-item__image\" data-thumbnail=\"https:\/\/www.portovenere.fr\/fr-fr\/wp-content\/uploads\/2020\/12\/Carrelage-effet-lame-parquet-bois-et-beton_DUALITE_Noce_20x120_pres_de_Saint-Gely-du-Fesc_Herault_34-150x133.jpg\" data-width=\"150\" data-height=\"133\" aria-label=\"\" role=\"img\" ><\/div>\n\t\t\t\t\t\t\t\t\t\t\t<div class=\"elementor-gallery-item__overlay\"><\/div>\n\t\t\t\t\t\t\t\t\t\t\t\t\t\t<\/div>\n\t\t\t\t\t\t\t<div class=\"e-gallery-item elementor-gallery-item elementor-animated-content\">\n\t\t\t\t\t<div class=\"e-gallery-image elementor-gallery-item__image\" data-thumbnail=\"https:\/\/www.portovenere.fr\/fr-fr\/wp-content\/uploads\/2020\/12\/Carrelage-effet-lame-parquet-bois-clair_et-beton_DUALITE_Sbiancato_20x120_pres_de_La-Grande-Motte_Herault_34-150x133.jpg\" data-width=\"150\" data-height=\"133\" aria-label=\"\" role=\"img\" ><\/div>\n\t\t\t\t\t\t\t\t\t\t\t<div class=\"elementor-gallery-item__overlay\"><\/div>\n\t\t\t\t\t\t\t\t\t\t\t\t\t\t<\/div>\n\t\t\t\t\t\t\t<div class=\"e-gallery-item elementor-gallery-item elementor-animated-content\">\n\t\t\t\t\t<div class=\"e-gallery-image elementor-gallery-item__image\" data-thumbnail=\"https:\/\/www.portovenere.fr\/fr-fr\/wp-content\/uploads\/2020\/12\/Carrelage-effet-lame-parquet-bois-et-beton_DUALITE_Bruciato_20x120_pres_de_Jacou_Herault_34-150x133.jpg\" data-width=\"150\" data-height=\"133\" aria-label=\"\" role=\"img\" ><\/div>\n\t\t\t\t\t\t\t\t\t\t\t<div class=\"elementor-gallery-item__overlay\"><\/div>\n\t\t\t\t\t\t\t\t\t\t\t\t\t\t<\/div>\n\t\t\t\t\t\t\t<div class=\"e-gallery-item elementor-gallery-item elementor-animated-content\">\n\t\t\t\t\t<div class=\"e-gallery-image elementor-gallery-item__image\" data-thumbnail=\"https:\/\/www.portovenere.fr\/fr-fr\/wp-content\/uploads\/2020\/12\/Carrelage-effet-lame-parquet-bois-et-beton_DUALITE_Miel_20x120_pres_de_Frontignan_Herault_34-150x134.jpg\" data-width=\"150\" data-height=\"134\" aria-label=\"\" role=\"img\" ><\/div>\n\t\t\t\t\t\t\t\t\t\t\t<div class=\"elementor-gallery-item__overlay\"><\/div>\n\t\t\t\t\t\t\t\t\t\t\t\t\t\t<\/div>\n\t\t\t\t\t\t\t<div class=\"e-gallery-item elementor-gallery-item elementor-animated-content\">\n\t\t\t\t\t<div class=\"e-gallery-image elementor-gallery-item__image\" data-thumbnail=\"https:\/\/www.portovenere.fr\/fr-fr\/wp-content\/uploads\/2020\/12\/Carrelage-salle-de-bain-imitation-beton_trame_DUALITE_Gris_en_gres_cerame_pres_de_Palavas_Herault_34-150x150.jpg\" data-width=\"150\" data-height=\"150\" aria-label=\"\" role=\"img\" ><\/div>\n\t\t\t\t\t\t\t\t\t\t\t<div class=\"elementor-gallery-item__overlay\"><\/div>\n\t\t\t\t\t\t\t\t\t\t\t\t\t\t<\/div>\n\t\t\t\t\t\t\t<div class=\"e-gallery-item elementor-gallery-item elementor-animated-content\">\n\t\t\t\t\t<div class=\"e-gallery-image elementor-gallery-item__image\" data-thumbnail=\"https:\/\/www.portovenere.fr\/fr-fr\/wp-content\/uploads\/2020\/12\/Carrelage-imitation-beton_trame_DUALITE_Avorio_Ivoire_en_gres_cerame_a_Montpellier_Herault_34-150x150.jpg\" data-width=\"150\" data-height=\"150\" aria-label=\"\" role=\"img\" ><\/div>\n\t\t\t\t\t\t\t\t\t\t\t<div class=\"elementor-gallery-item__overlay\"><\/div>\n\t\t\t\t\t\t\t\t\t\t\t\t\t\t<\/div>\n\t\t\t\t\t\t\t<div class=\"e-gallery-item elementor-gallery-item elementor-animated-content\">\n\t\t\t\t\t<div class=\"e-gallery-image elementor-gallery-item__image\" data-thumbnail=\"https:\/\/www.portovenere.fr\/fr-fr\/wp-content\/uploads\/2020\/12\/Carrelage-salle-de-bain-imitation-beton_trame_DUALITE_Gris-fonce_en_gres_cerame_pres_de_Le_Cres_Herault_34-150x150.jpg\" data-width=\"150\" data-height=\"150\" aria-label=\"\" role=\"img\" ><\/div>\n\t\t\t\t\t\t\t\t\t\t\t<div class=\"elementor-gallery-item__overlay\"><\/div>\n\t\t\t\t\t\t\t\t\t\t\t\t\t\t<\/div>\n\t\t\t\t\t\t\t<div class=\"e-gallery-item elementor-gallery-item elementor-animated-content\">\n\t\t\t\t\t<div class=\"e-gallery-image elementor-gallery-item__image\" data-thumbnail=\"https:\/\/www.portovenere.fr\/fr-fr\/wp-content\/uploads\/2020\/12\/Carrelage-imitation-beton_trame_DUALITE_Sabbia_Sable_en_gres_cerame_pres_de_Palavas_Herault_34-150x150.jpg\" data-width=\"150\" data-height=\"150\" aria-label=\"\" role=\"img\" ><\/div>\n\t\t\t\t\t\t\t\t\t\t\t<div class=\"elementor-gallery-item__overlay\"><\/div>\n\t\t\t\t\t\t\t\t\t\t\t\t\t\t<\/div>\n\t\t\t\t\t\t\t<div class=\"e-gallery-item elementor-gallery-item elementor-animated-content\">\n\t\t\t\t\t<div class=\"e-gallery-image elementor-gallery-item__image\" data-thumbnail=\"https:\/\/www.portovenere.fr\/fr-fr\/wp-content\/uploads\/2020\/12\/Carrelage-mix-beton-et-bois_DUALITE_Decor_Incontro_Bruciato_60x60_pres_de_Nice_Alpes_Maritimes_06-150x150.jpg\" data-width=\"150\" data-height=\"150\" aria-label=\"\" role=\"img\" ><\/div>\n\t\t\t\t\t\t\t\t\t\t\t<div class=\"elementor-gallery-item__overlay\"><\/div>\n\t\t\t\t\t\t\t\t\t\t\t\t\t\t<\/div>\n\t\t\t\t\t\t\t<div class=\"e-gallery-item elementor-gallery-item elementor-animated-content\">\n\t\t\t\t\t<div class=\"e-gallery-image elementor-gallery-item__image\" data-thumbnail=\"https:\/\/www.portovenere.fr\/fr-fr\/wp-content\/uploads\/2020\/12\/Carrelage-mix-beton-et-bois_DUALITE_Decor_Incontro_Miele_60x60_pres_de_Sete_Herault_34-150x150.jpg\" data-width=\"150\" data-height=\"150\" aria-label=\"\" role=\"img\" ><\/div>\n\t\t\t\t\t\t\t\t\t\t\t<div class=\"elementor-gallery-item__overlay\"><\/div>\n\t\t\t\t\t\t\t\t\t\t\t\t\t\t<\/div>\n\t\t\t\t\t\t\t<div class=\"e-gallery-item elementor-gallery-item elementor-animated-content\">\n\t\t\t\t\t<div class=\"e-gallery-image elementor-gallery-item__image\" data-thumbnail=\"https:\/\/www.portovenere.fr\/fr-fr\/wp-content\/uploads\/2020\/12\/Carrelage-mix-beton-et-bois_DUALITE_Decor_Incontro_Noce_60x60_pres_de_Saint-Jean-de-Vedas_Herault_34-150x150.jpg\" data-width=\"150\" data-height=\"150\" aria-label=\"\" role=\"img\" ><\/div>\n\t\t\t\t\t\t\t\t\t\t\t<div class=\"elementor-gallery-item__overlay\"><\/div>\n\t\t\t\t\t\t\t\t\t\t\t\t\t\t<\/div>\n\t\t\t\t\t\t\t<div class=\"e-gallery-item elementor-gallery-item elementor-animated-content\">\n\t\t\t\t\t<div class=\"e-gallery-image elementor-gallery-item__image\" data-thumbnail=\"https:\/\/www.portovenere.fr\/fr-fr\/wp-content\/uploads\/2020\/12\/Carrelage-mix-beton-et-bois_DUALITE_Decor_Incontro_Sbiancato_60x60_pres_de_Lattes_Herault_34-150x150.jpg\" data-width=\"150\" data-height=\"150\" aria-label=\"\" role=\"img\" ><\/div>\n\t\t\t\t\t\t\t\t\t\t\t<div class=\"elementor-gallery-item__overlay\"><\/div>\n\t\t\t\t\t\t\t\t\t\t\t\t\t\t<\/div>\n\t\t\t\t\t\t\t<div class=\"e-gallery-item elementor-gallery-item elementor-animated-content\">\n\t\t\t\t\t<div class=\"e-gallery-image elementor-gallery-item__image\" data-thumbnail=\"https:\/\/www.portovenere.fr\/fr-fr\/wp-content\/uploads\/2020\/12\/Carrelage-imitation-beton_DUALITE_Gris_en_gres_cerame_pres_de_Istres_Bouches-du-Rhone_13-150x150.jpg\" data-width=\"150\" data-height=\"150\" aria-label=\"\" role=\"img\" ><\/div>\n\t\t\t\t\t\t\t\t\t\t\t<div class=\"elementor-gallery-item__overlay\"><\/div>\n\t\t\t\t\t\t\t\t\t\t\t\t\t\t<\/div>\n\t\t\t\t\t\t\t<div class=\"e-gallery-item elementor-gallery-item elementor-animated-content\">\n\t\t\t\t\t<div class=\"e-gallery-image elementor-gallery-item__image\" data-thumbnail=\"https:\/\/www.portovenere.fr\/fr-fr\/wp-content\/uploads\/2020\/12\/Carrelage-imitation-beton_DUALITE_Sabbia_Sable_en_gres_cerame_pres_de_La-Grande-Motte_Herault_34-150x150.jpg\" data-width=\"150\" data-height=\"150\" aria-label=\"\" role=\"img\" ><\/div>\n\t\t\t\t\t\t\t\t\t\t\t<div class=\"elementor-gallery-item__overlay\"><\/div>\n\t\t\t\t\t\t\t\t\t\t\t\t\t\t<\/div>\n\t\t\t\t\t\t\t<div class=\"e-gallery-item elementor-gallery-item elementor-animated-content\">\n\t\t\t\t\t<div class=\"e-gallery-image elementor-gallery-item__image\" data-thumbnail=\"https:\/\/www.portovenere.fr\/fr-fr\/wp-content\/uploads\/2020\/12\/Carrelage-imitation-beton_DUALITE_Gris-fonce_en_gres_cerame_pres_de_Marseille_Bouches-du-Rhone_13-150x150.jpg\" data-width=\"150\" data-height=\"150\" aria-label=\"\" role=\"img\" ><\/div>\n\t\t\t\t\t\t\t\t\t\t\t<div class=\"elementor-gallery-item__overlay\"><\/div>\n\t\t\t\t\t\t\t\t\t\t\t\t\t\t<\/div>\n\t\t\t\t\t\t\t<div class=\"e-gallery-item elementor-gallery-item elementor-animated-content\">\n\t\t\t\t\t<div class=\"e-gallery-image elementor-gallery-item__image\" data-thumbnail=\"https:\/\/www.portovenere.fr\/fr-fr\/wp-content\/uploads\/2020\/12\/Carrelage-cuisine-imitation-beton_trame_DUALITE_Ivoire_Avorio_en_gres_cerame_pres_de_Clapiers_Herault_34-150x150.jpg\" data-width=\"150\" data-height=\"150\" aria-label=\"\" role=\"img\" ><\/div>\n\t\t\t\t\t\t\t\t\t\t\t<div class=\"elementor-gallery-item__overlay\"><\/div>\n\t\t\t\t\t\t\t\t\t\t\t\t\t\t<\/div>\n\t\t\t\t\t<\/div>\n\t\t\t\t\t<\/div>\n\t\t\t\t<\/div>\n\t\t\t\t<div class=\"elementor-element elementor-element-0692e1f elementor-widget elementor-widget-text-editor\" data-id=\"0692e1f\" data-element_type=\"widget\" data-e-type=\"widget\" data-widget_type=\"text-editor.default\">\n\t\t\t\t<div class=\"elementor-widget-container\">\n\t\t\t\t\t\t\t\t\t<p>Carrelage sol et mur en <b>gr\u00e8s c\u00e9rame<\/b> qui reprend &amp; <b>m\u00e9lange<\/b> l&rsquo;aspect <b>bois<\/b><b>&nbsp;&amp; b\u00e9ton<\/b> pour un merveilleux rendu visuel. Coloris Sable, Ivoire, Gris fonc\u00e9, Gris clair, Bois br\u00fbl\u00e9, Ch\u00eane, Bois clair &amp; Miel.<\/p>\n<p>La<b> collection Dualit\u00e9<\/b> offre de belles possibilit\u00e9s d&rsquo;agencement au<b> sol et mural <\/b>gr\u00e2ce \u00e0<b> 4&nbsp;finitions<\/b> &#8211; b\u00e9ton naturel, b\u00e9ton trame, lame <b>mix bois &amp; b\u00e9ton<\/b> et d\u00e9cor mix &#8211; qui r\u00e9v\u00e8lent l&rsquo;\u00e2me des produits, mais aussi gr\u00e2ce aux coloris <b>bleu \u00e9lectrique ou laiton&nbsp;<\/b>des listels. Cette collection de carrelage est disponible dans de nombreux formats &#8211;&nbsp; <b>60&#215;120 cm, 20&#215;120 cm, 30&#215;60 cm, 60&#215;60 cm, 6,5&#215;60 cm <\/b>et en<b> mosa\u00efque <\/b>30&#215;30 cm.<\/p>\n<p>Une finition en <b>dalles antid\u00e9rapantes 2cm<\/b> pour terrasses ou tour de piscine est \u00e9galement propos\u00e9e en coloris Grigio (gris) et Sabbia (sable) format 60&#215;120 cm.<\/p>\t\t\t\t\t\t\t\t<\/div>\n\t\t\t\t<\/div>\n\t\t\t\t<div class=\"elementor-element elementor-element-e9a709c elementor-mobile-align-center elementor-widget elementor-widget-button\" data-id=\"e9a709c\" data-element_type=\"widget\" data-e-type=\"widget\" data-widget_type=\"button.default\">\n\t\t\t\t<div class=\"elementor-widget-container\">\n\t\t\t\t\t\t\t\t\t<div class=\"elementor-button-wrapper\">\n\t\t\t\t\t<a class=\"elementor-button elementor-button-link elementor-size-sm\" href=\"https:\/\/www.portovenere.fr\/fr-fr\/carrelage-sol-et-mur-en-gres-cerame-et-faience\/carrelage-contemporain-et-design\/carrelage-imitation-beton-et-bois-pour-sol-et-mur-dualite\/\">\n\t\t\t\t\t\t<span class=\"elementor-button-content-wrapper\">\n\t\t\t\t\t\t\t\t\t<span class=\"elementor-button-text\">Voir la collection<\/span>\n\t\t\t\t\t<\/span>\n\t\t\t\t\t<\/a>\n\t\t\t\t<\/div>\n\t\t\t\t\t\t\t\t<\/div>\n\t\t\t\t<\/div>\n\t\t\t\t\t<\/div>\n\t\t<\/div>\n\t\t\t\t\t<\/div>\n\t\t<\/section>\n\t\t\t\t\t<\/div>\n\t\t<\/div>\n\t\t\t\t<div class=\"elementor-column elementor-col-33 elementor-top-column elementor-element elementor-element-55f6f645 elementor-invisible\" data-id=\"55f6f645\" data-element_type=\"column\" data-e-type=\"column\" data-settings=\"{&quot;animation&quot;:&quot;fadeIn&quot;,&quot;background_background&quot;:&quot;classic&quot;}\">\n\t\t\t<div class=\"elementor-widget-wrap elementor-element-populated\">\n\t\t\t\t\t\t<div class=\"elementor-element elementor-element-bd05ae2 elementor-widget elementor-widget-image\" data-id=\"bd05ae2\" data-element_type=\"widget\" data-e-type=\"widget\" data-widget_type=\"image.default\">\n\t\t\t\t<div class=\"elementor-widget-container\">\n\t\t\t\t\t\t\t\t\t\t\t\t\t\t\t\t<a href=\"https:\/\/www.portovenere.fr\/fr-fr\/carrelage-melange-de-matieres\/collection-originale-de-carrelage-decor-sol-et-mur-oscillation\/\">\n\t\t\t\t\t\t\t<img decoding=\"async\" width=\"768\" height=\"522\" src=\"https:\/\/www.portovenere.fr\/fr-fr\/wp-content\/uploads\/2020\/06\/Carrelage-sol_et_mur_original_OSCILLATION_Nakama_Blue_bleu_et_Yakedo_effet_bois_proche_de_Mauguio_H\u00e9rault_34-768x522.jpg\" class=\"attachment-medium_large size-medium_large wp-image-28423\" alt=\"\" srcset=\"https:\/\/www.portovenere.fr\/fr-fr\/wp-content\/uploads\/2020\/06\/Carrelage-sol_et_mur_original_OSCILLATION_Nakama_Blue_bleu_et_Yakedo_effet_bois_proche_de_Mauguio_H\u00e9rault_34-768x522.jpg 768w, https:\/\/www.portovenere.fr\/fr-fr\/wp-content\/uploads\/2020\/06\/Carrelage-sol_et_mur_original_OSCILLATION_Nakama_Blue_bleu_et_Yakedo_effet_bois_proche_de_Mauguio_H\u00e9rault_34-300x204.jpg 300w, https:\/\/www.portovenere.fr\/fr-fr\/wp-content\/uploads\/2020\/06\/Carrelage-sol_et_mur_original_OSCILLATION_Nakama_Blue_bleu_et_Yakedo_effet_bois_proche_de_Mauguio_H\u00e9rault_34-1024x696.jpg 1024w, https:\/\/www.portovenere.fr\/fr-fr\/wp-content\/uploads\/2020\/06\/Carrelage-sol_et_mur_original_OSCILLATION_Nakama_Blue_bleu_et_Yakedo_effet_bois_proche_de_Mauguio_H\u00e9rault_34.jpg 1500w\" sizes=\"(max-width: 768px) 100vw, 768px\" \/>\t\t\t\t\t\t\t\t<\/a>\n\t\t\t\t\t\t\t\t\t\t\t\t\t\t\t<\/div>\n\t\t\t\t<\/div>\n\t\t\t\t<section class=\"elementor-section elementor-inner-section elementor-element elementor-element-2bfdb61 elementor-section-boxed elementor-section-height-default elementor-section-height-default elementor-invisible\" data-id=\"2bfdb61\" data-element_type=\"section\" data-e-type=\"section\" data-settings=\"{&quot;background_background&quot;:&quot;classic&quot;,&quot;animation&quot;:&quot;fadeIn&quot;}\">\n\t\t\t\t\t\t<div class=\"elementor-container elementor-column-gap-default\">\n\t\t\t\t\t<div class=\"elementor-column elementor-col-100 elementor-inner-column elementor-element elementor-element-357c0a12\" data-id=\"357c0a12\" data-element_type=\"column\" data-e-type=\"column\">\n\t\t\t<div class=\"elementor-widget-wrap elementor-element-populated\">\n\t\t\t\t\t\t<div class=\"elementor-element elementor-element-22eb5b54 elementor-widget elementor-widget-heading\" data-id=\"22eb5b54\" data-element_type=\"widget\" data-e-type=\"widget\" data-widget_type=\"heading.default\">\n\t\t\t\t<div class=\"elementor-widget-container\">\n\t\t\t\t\t<h3 class=\"elementor-heading-title elementor-size-default\"><a href=\"https:\/\/www.portovenere.fr\/fr-fr\/carrelage-melange-de-matieres\/collection-originale-de-carrelage-decor-sol-et-mur-oscillation\/\">OSCILLATION | 11 coloris &amp; 6 d\u00e9cors<\/a><\/h3>\t\t\t\t<\/div>\n\t\t\t\t<\/div>\n\t\t\t\t<div class=\"elementor-element elementor-element-245a6af elementor-widget__width-initial elementor-widget elementor-widget-gallery\" data-id=\"245a6af\" data-element_type=\"widget\" data-e-type=\"widget\" data-settings=\"{&quot;gap&quot;:{&quot;unit&quot;:&quot;px&quot;,&quot;size&quot;:3,&quot;sizes&quot;:[]},&quot;columns_mobile&quot;:3,&quot;gap_mobile&quot;:{&quot;unit&quot;:&quot;px&quot;,&quot;size&quot;:6,&quot;sizes&quot;:[]},&quot;columns&quot;:5,&quot;columns_tablet&quot;:3,&quot;gap_tablet&quot;:{&quot;unit&quot;:&quot;px&quot;,&quot;size&quot;:5,&quot;sizes&quot;:[]},&quot;lazyload&quot;:&quot;yes&quot;,&quot;gallery_layout&quot;:&quot;grid&quot;,&quot;aspect_ratio&quot;:&quot;3:2&quot;,&quot;overlay_background&quot;:&quot;yes&quot;,&quot;content_hover_animation&quot;:&quot;fade-in&quot;}\" data-widget_type=\"gallery.default\">\n\t\t\t\t<div class=\"elementor-widget-container\">\n\t\t\t\t\t\t\t<div class=\"elementor-gallery__container\">\n\t\t\t\t\t\t\t<div class=\"e-gallery-item elementor-gallery-item elementor-animated-content\">\n\t\t\t\t\t<div class=\"e-gallery-image elementor-gallery-item__image\" data-thumbnail=\"https:\/\/www.portovenere.fr\/fr-fr\/wp-content\/uploads\/2020\/06\/Carrelage_motifs_Oscillation_Suki_Teal-150x150.jpg\" data-width=\"150\" data-height=\"150\" aria-label=\"\" role=\"img\" ><\/div>\n\t\t\t\t\t\t\t\t\t\t\t<div class=\"elementor-gallery-item__overlay\"><\/div>\n\t\t\t\t\t\t\t\t\t\t\t\t\t\t<\/div>\n\t\t\t\t\t\t\t<div class=\"e-gallery-item elementor-gallery-item elementor-animated-content\">\n\t\t\t\t\t<div class=\"e-gallery-image elementor-gallery-item__image\" data-thumbnail=\"https:\/\/www.portovenere.fr\/fr-fr\/wp-content\/uploads\/2020\/06\/Carrelage_motifs_Oscillation_Suki_Smoke-150x150.jpg\" data-width=\"150\" data-height=\"150\" aria-label=\"\" role=\"img\" ><\/div>\n\t\t\t\t\t\t\t\t\t\t\t<div class=\"elementor-gallery-item__overlay\"><\/div>\n\t\t\t\t\t\t\t\t\t\t\t\t\t\t<\/div>\n\t\t\t\t\t\t\t<div class=\"e-gallery-item elementor-gallery-item elementor-animated-content\">\n\t\t\t\t\t<div class=\"e-gallery-image elementor-gallery-item__image\" data-thumbnail=\"https:\/\/www.portovenere.fr\/fr-fr\/wp-content\/uploads\/2020\/06\/Carrelage_motifs_Oscillation_Suki_Ivory-150x150.jpg\" data-width=\"150\" data-height=\"150\" aria-label=\"\" role=\"img\" ><\/div>\n\t\t\t\t\t\t\t\t\t\t\t<div class=\"elementor-gallery-item__overlay\"><\/div>\n\t\t\t\t\t\t\t\t\t\t\t\t\t\t<\/div>\n\t\t\t\t\t\t\t<div class=\"e-gallery-item elementor-gallery-item elementor-animated-content\">\n\t\t\t\t\t<div class=\"e-gallery-image elementor-gallery-item__image\" data-thumbnail=\"https:\/\/www.portovenere.fr\/fr-fr\/wp-content\/uploads\/2020\/06\/Carrelage_original_mural_Oscillation_kintsugi_Sand_12.5x12.5cm_proche_Gen\u00e8ve-150x150.jpg\" data-width=\"150\" data-height=\"150\" aria-label=\"\" role=\"img\" ><\/div>\n\t\t\t\t\t\t\t\t\t\t\t<div class=\"elementor-gallery-item__overlay\"><\/div>\n\t\t\t\t\t\t\t\t\t\t\t\t\t\t<\/div>\n\t\t\t\t\t\t\t<div class=\"e-gallery-item elementor-gallery-item elementor-animated-content\">\n\t\t\t\t\t<div class=\"e-gallery-image elementor-gallery-item__image\" data-thumbnail=\"https:\/\/www.portovenere.fr\/fr-fr\/wp-content\/uploads\/2020\/06\/Carrelage_original_mural_Oscillation_kintsugi_Graphite_noir_\u00e0_Vic-la-Guardiole_H\u00e9rault_34-150x150.jpg\" data-width=\"150\" data-height=\"150\" aria-label=\"\" role=\"img\" ><\/div>\n\t\t\t\t\t\t\t\t\t\t\t<div class=\"elementor-gallery-item__overlay\"><\/div>\n\t\t\t\t\t\t\t\t\t\t\t\t\t\t<\/div>\n\t\t\t\t\t\t\t<div class=\"e-gallery-item elementor-gallery-item elementor-animated-content\">\n\t\t\t\t\t<div class=\"e-gallery-image elementor-gallery-item__image\" data-thumbnail=\"https:\/\/www.portovenere.fr\/fr-fr\/wp-content\/uploads\/2020\/06\/Carrelage_mural_Oscillation_kintsugi_Ivory_12.5x12.5cm_\u00e0_Arles-150x150.jpg\" data-width=\"150\" data-height=\"150\" aria-label=\"\" role=\"img\" ><\/div>\n\t\t\t\t\t\t\t\t\t\t\t<div class=\"elementor-gallery-item__overlay\"><\/div>\n\t\t\t\t\t\t\t\t\t\t\t\t\t\t<\/div>\n\t\t\t\t\t\t\t<div class=\"e-gallery-item elementor-gallery-item elementor-animated-content\">\n\t\t\t\t\t<div class=\"e-gallery-image elementor-gallery-item__image\" data-thumbnail=\"https:\/\/www.portovenere.fr\/fr-fr\/wp-content\/uploads\/2020\/06\/Carrelage_mural_Oscillation_kintsugi_Green_vert_pr\u00e8s_de_Beaulieu-150x150.jpg\" data-width=\"150\" data-height=\"150\" aria-label=\"\" role=\"img\" ><\/div>\n\t\t\t\t\t\t\t\t\t\t\t<div class=\"elementor-gallery-item__overlay\"><\/div>\n\t\t\t\t\t\t\t\t\t\t\t\t\t\t<\/div>\n\t\t\t\t\t\t\t<div class=\"e-gallery-item elementor-gallery-item elementor-animated-content\">\n\t\t\t\t\t<div class=\"e-gallery-image elementor-gallery-item__image\" data-thumbnail=\"https:\/\/www.portovenere.fr\/fr-fr\/wp-content\/uploads\/2020\/06\/Carrelage_mural_Oscillation_kintsugi_Blue_\u00e0_Palavas-150x150.jpg\" data-width=\"150\" data-height=\"150\" aria-label=\"\" role=\"img\" ><\/div>\n\t\t\t\t\t\t\t\t\t\t\t<div class=\"elementor-gallery-item__overlay\"><\/div>\n\t\t\t\t\t\t\t\t\t\t\t\t\t\t<\/div>\n\t\t\t\t\t\t\t<div class=\"e-gallery-item elementor-gallery-item elementor-animated-content\">\n\t\t\t\t\t<div class=\"e-gallery-image elementor-gallery-item__image\" data-thumbnail=\"https:\/\/www.portovenere.fr\/fr-fr\/wp-content\/uploads\/2020\/06\/Carrelage_mural_vert_original_Oscillation_nakama_Green_\u00e0_Ajaccio-150x150.jpg\" data-width=\"150\" data-height=\"150\" aria-label=\"\" role=\"img\" ><\/div>\n\t\t\t\t\t\t\t\t\t\t\t<div class=\"elementor-gallery-item__overlay\"><\/div>\n\t\t\t\t\t\t\t\t\t\t\t\t\t\t<\/div>\n\t\t\t\t\t\t\t<div class=\"e-gallery-item elementor-gallery-item elementor-animated-content\">\n\t\t\t\t\t<div class=\"e-gallery-image elementor-gallery-item__image\" data-thumbnail=\"https:\/\/www.portovenere.fr\/fr-fr\/wp-content\/uploads\/2020\/06\/Carrelage_mural_Oscillation_nakama_Graphite_noir_\u00e0-Gigean-150x150.jpg\" data-width=\"150\" data-height=\"150\" aria-label=\"\" role=\"img\" ><\/div>\n\t\t\t\t\t\t\t\t\t\t\t<div class=\"elementor-gallery-item__overlay\"><\/div>\n\t\t\t\t\t\t\t\t\t\t\t\t\t\t<\/div>\n\t\t\t\t\t\t\t<div class=\"e-gallery-item elementor-gallery-item elementor-animated-content\">\n\t\t\t\t\t<div class=\"e-gallery-image elementor-gallery-item__image\" data-thumbnail=\"https:\/\/www.portovenere.fr\/fr-fr\/wp-content\/uploads\/2020\/06\/Carrelage_mural_ivoire_original_Oscillation_nakama_Ivory_proche_de_Le_Cr\u00e8s-150x150.jpg\" data-width=\"150\" data-height=\"150\" aria-label=\"\" role=\"img\" ><\/div>\n\t\t\t\t\t\t\t\t\t\t\t<div class=\"elementor-gallery-item__overlay\"><\/div>\n\t\t\t\t\t\t\t\t\t\t\t\t\t\t<\/div>\n\t\t\t\t\t\t\t<div class=\"e-gallery-item elementor-gallery-item elementor-animated-content\">\n\t\t\t\t\t<div class=\"e-gallery-image elementor-gallery-item__image\" data-thumbnail=\"https:\/\/www.portovenere.fr\/fr-fr\/wp-content\/uploads\/2020\/06\/Carrelage_mural_bleu_original_Oscillation_nakama_Blue_proche_de_Lyon-150x150.jpg\" data-width=\"150\" data-height=\"150\" aria-label=\"\" role=\"img\" ><\/div>\n\t\t\t\t\t\t\t\t\t\t\t<div class=\"elementor-gallery-item__overlay\"><\/div>\n\t\t\t\t\t\t\t\t\t\t\t\t\t\t<\/div>\n\t\t\t\t\t\t\t<div class=\"e-gallery-item elementor-gallery-item elementor-animated-content\">\n\t\t\t\t\t<div class=\"e-gallery-image elementor-gallery-item__image\" data-thumbnail=\"https:\/\/www.portovenere.fr\/fr-fr\/wp-content\/uploads\/2020\/06\/Carrelage_mural_beige_original_Oscillation_nakama_Sand_\u00e0_Villeneuve-les-Avignon-150x150.jpg\" data-width=\"150\" data-height=\"150\" aria-label=\"\" role=\"img\" ><\/div>\n\t\t\t\t\t\t\t\t\t\t\t<div class=\"elementor-gallery-item__overlay\"><\/div>\n\t\t\t\t\t\t\t\t\t\t\t\t\t\t<\/div>\n\t\t\t\t\t\t\t<div class=\"e-gallery-item elementor-gallery-item elementor-animated-content\">\n\t\t\t\t\t<div class=\"e-gallery-image elementor-gallery-item__image\" data-thumbnail=\"https:\/\/www.portovenere.fr\/fr-fr\/wp-content\/uploads\/2020\/06\/Carrelage_Oscillation_karui_Teal_pr\u00e8s_de_B\u00e9ziers-150x150.jpg\" data-width=\"150\" data-height=\"150\" aria-label=\"\" role=\"img\" ><\/div>\n\t\t\t\t\t\t\t\t\t\t\t<div class=\"elementor-gallery-item__overlay\"><\/div>\n\t\t\t\t\t\t\t\t\t\t\t\t\t\t<\/div>\n\t\t\t\t\t\t\t<div class=\"e-gallery-item elementor-gallery-item elementor-animated-content\">\n\t\t\t\t\t<div class=\"e-gallery-image elementor-gallery-item__image\" data-thumbnail=\"https:\/\/www.portovenere.fr\/fr-fr\/wp-content\/uploads\/2020\/06\/Carrelage_Oscillation_karui_Smoke_proche_Sauvian-150x150.jpg\" data-width=\"150\" data-height=\"150\" aria-label=\"\" role=\"img\" ><\/div>\n\t\t\t\t\t\t\t\t\t\t\t<div class=\"elementor-gallery-item__overlay\"><\/div>\n\t\t\t\t\t\t\t\t\t\t\t\t\t\t<\/div>\n\t\t\t\t\t\t\t<div class=\"e-gallery-item elementor-gallery-item elementor-animated-content\">\n\t\t\t\t\t<div class=\"e-gallery-image elementor-gallery-item__image\" data-thumbnail=\"https:\/\/www.portovenere.fr\/fr-fr\/wp-content\/uploads\/2020\/06\/Carrelage_Oscillation_karui_Ivory_proche_Gordes-150x150.jpg\" data-width=\"150\" data-height=\"150\" aria-label=\"\" role=\"img\" ><\/div>\n\t\t\t\t\t\t\t\t\t\t\t<div class=\"elementor-gallery-item__overlay\"><\/div>\n\t\t\t\t\t\t\t\t\t\t\t\t\t\t<\/div>\n\t\t\t\t\t\t\t<div class=\"e-gallery-item elementor-gallery-item elementor-animated-content\">\n\t\t\t\t\t<div class=\"e-gallery-image elementor-gallery-item__image\" data-thumbnail=\"https:\/\/www.portovenere.fr\/fr-fr\/wp-content\/uploads\/2020\/06\/Carrelage_effet_bois_Oscillation_Yakedo_Light_Grey_\u00e0_Mireval-150x150.jpg\" data-width=\"150\" data-height=\"150\" aria-label=\"\" role=\"img\" ><\/div>\n\t\t\t\t\t\t\t\t\t\t\t<div class=\"elementor-gallery-item__overlay\"><\/div>\n\t\t\t\t\t\t\t\t\t\t\t\t\t\t<\/div>\n\t\t\t\t\t\t\t<div class=\"e-gallery-item elementor-gallery-item elementor-animated-content\">\n\t\t\t\t\t<div class=\"e-gallery-image elementor-gallery-item__image\" data-thumbnail=\"https:\/\/www.portovenere.fr\/fr-fr\/wp-content\/uploads\/2020\/06\/Carrelage_effet_bois_Oscillation_Yakedo_Brown_\u00e0_Frontignan_34-150x150.jpg\" data-width=\"150\" data-height=\"150\" aria-label=\"\" role=\"img\" ><\/div>\n\t\t\t\t\t\t\t\t\t\t\t<div class=\"elementor-gallery-item__overlay\"><\/div>\n\t\t\t\t\t\t\t\t\t\t\t\t\t\t<\/div>\n\t\t\t\t\t\t\t<div class=\"e-gallery-item elementor-gallery-item elementor-animated-content\">\n\t\t\t\t\t<div class=\"e-gallery-image elementor-gallery-item__image\" data-thumbnail=\"https:\/\/www.portovenere.fr\/fr-fr\/wp-content\/uploads\/2020\/06\/Carrelage_effet_bois_Oscillation_Yakedo_Ash_Grey_\u00e0Moulins_dans_lAllier_03-150x150.jpg\" data-width=\"150\" data-height=\"150\" aria-label=\"\" role=\"img\" ><\/div>\n\t\t\t\t\t\t\t\t\t\t\t<div class=\"elementor-gallery-item__overlay\"><\/div>\n\t\t\t\t\t\t\t\t\t\t\t\t\t\t<\/div>\n\t\t\t\t\t\t\t<div class=\"e-gallery-item elementor-gallery-item elementor-animated-content\">\n\t\t\t\t\t<div class=\"e-gallery-image elementor-gallery-item__image\" data-thumbnail=\"https:\/\/www.portovenere.fr\/fr-fr\/wp-content\/uploads\/2020\/06\/Carrelage_effet_bois_clair_Oscillation_Yakedo_Sand_\u00e0_S\u00e8te-150x150.jpg\" data-width=\"150\" data-height=\"150\" aria-label=\"\" role=\"img\" ><\/div>\n\t\t\t\t\t\t\t\t\t\t\t<div class=\"elementor-gallery-item__overlay\"><\/div>\n\t\t\t\t\t\t\t\t\t\t\t\t\t\t<\/div>\n\t\t\t\t\t\t\t<div class=\"e-gallery-item elementor-gallery-item elementor-animated-content\">\n\t\t\t\t\t<div class=\"e-gallery-image elementor-gallery-item__image\" data-thumbnail=\"https:\/\/www.portovenere.fr\/fr-fr\/wp-content\/uploads\/2020\/06\/Carrelage_original_d\u00e9cor\u00e9_Wabi_Sand-150x150.jpg\" data-width=\"150\" data-height=\"150\" aria-label=\"\" role=\"img\" ><\/div>\n\t\t\t\t\t\t\t\t\t\t\t<div class=\"elementor-gallery-item__overlay\"><\/div>\n\t\t\t\t\t\t\t\t\t\t\t\t\t\t<\/div>\n\t\t\t\t\t\t\t<div class=\"e-gallery-item elementor-gallery-item elementor-animated-content\">\n\t\t\t\t\t<div class=\"e-gallery-image elementor-gallery-item__image\" data-thumbnail=\"https:\/\/www.portovenere.fr\/fr-fr\/wp-content\/uploads\/2020\/06\/Carrelage_original_d\u00e9cor\u00e9_Wabi_Ivory-150x150.jpg\" data-width=\"150\" data-height=\"150\" aria-label=\"\" role=\"img\" ><\/div>\n\t\t\t\t\t\t\t\t\t\t\t<div class=\"elementor-gallery-item__overlay\"><\/div>\n\t\t\t\t\t\t\t\t\t\t\t\t\t\t<\/div>\n\t\t\t\t\t\t\t<div class=\"e-gallery-item elementor-gallery-item elementor-animated-content\">\n\t\t\t\t\t<div class=\"e-gallery-image elementor-gallery-item__image\" data-thumbnail=\"https:\/\/www.portovenere.fr\/fr-fr\/wp-content\/uploads\/2020\/06\/Carrelage_original_d\u00e9cor\u00e9_Wabi_Green-150x150.jpg\" data-width=\"150\" data-height=\"150\" aria-label=\"\" role=\"img\" ><\/div>\n\t\t\t\t\t\t\t\t\t\t\t<div class=\"elementor-gallery-item__overlay\"><\/div>\n\t\t\t\t\t\t\t\t\t\t\t\t\t\t<\/div>\n\t\t\t\t\t\t\t<div class=\"e-gallery-item elementor-gallery-item elementor-animated-content\">\n\t\t\t\t\t<div class=\"e-gallery-image elementor-gallery-item__image\" data-thumbnail=\"https:\/\/www.portovenere.fr\/fr-fr\/wp-content\/uploads\/2020\/06\/Carrelage_original_d\u00e9cor\u00e9_Wabi_Graphite-150x150.jpg\" data-width=\"150\" data-height=\"150\" aria-label=\"\" role=\"img\" ><\/div>\n\t\t\t\t\t\t\t\t\t\t\t<div class=\"elementor-gallery-item__overlay\"><\/div>\n\t\t\t\t\t\t\t\t\t\t\t\t\t\t<\/div>\n\t\t\t\t\t\t\t<div class=\"e-gallery-item elementor-gallery-item elementor-animated-content\">\n\t\t\t\t\t<div class=\"e-gallery-image elementor-gallery-item__image\" data-thumbnail=\"https:\/\/www.portovenere.fr\/fr-fr\/wp-content\/uploads\/2020\/06\/Carrelage_original_d\u00e9cor\u00e9_Wabi_Blue-150x150.jpg\" data-width=\"150\" data-height=\"150\" aria-label=\"\" role=\"img\" ><\/div>\n\t\t\t\t\t\t\t\t\t\t\t<div class=\"elementor-gallery-item__overlay\"><\/div>\n\t\t\t\t\t\t\t\t\t\t\t\t\t\t<\/div>\n\t\t\t\t\t<\/div>\n\t\t\t\t\t<\/div>\n\t\t\t\t<\/div>\n\t\t\t\t<div class=\"elementor-element elementor-element-21a33123 elementor-widget elementor-widget-text-editor\" data-id=\"21a33123\" data-element_type=\"widget\" data-e-type=\"widget\" data-widget_type=\"text-editor.default\">\n\t\t\t\t<div class=\"elementor-widget-container\">\n\t\t\t\t\t\t\t\t\t<p>Collection originale de carrelage d\u00e9cor pour sol et mur qui se compose de <b>6 s\u00e9ries de carreaux aux d\u00e9cors, teintes et finitions diff\u00e9rentes<\/b>.\u00a0<\/p><p>5 s\u00e9ries sont en gr\u00e8s c\u00e9rame \u00e0 p\u00e2te blanche et proposent un format de <b>12,5\u00d712,5cm <\/b>pour une\u00a0pose murale et 1 s\u00e9rie<b> imitation parquet bois<\/b>\u00a0en gr\u00e8s c\u00e9rame porcelain\u00e9\u00a0au format <b>10x50cm<\/b> pour une\u00a0pose murale et au sol.\u00a0<\/p><p>Plongez dans un univers de douceur aux <b>d\u00e9cors sobres et originaux<\/b>.<\/p><p>\u00a0<\/p>\t\t\t\t\t\t\t\t<\/div>\n\t\t\t\t<\/div>\n\t\t\t\t<div class=\"elementor-element elementor-element-38627706 elementor-mobile-align-center elementor-widget elementor-widget-button\" data-id=\"38627706\" data-element_type=\"widget\" data-e-type=\"widget\" data-widget_type=\"button.default\">\n\t\t\t\t<div class=\"elementor-widget-container\">\n\t\t\t\t\t\t\t\t\t<div class=\"elementor-button-wrapper\">\n\t\t\t\t\t<a class=\"elementor-button elementor-button-link elementor-size-sm\" href=\"https:\/\/www.portovenere.fr\/fr-fr\/carrelage-melange-de-matieres\/collection-originale-de-carrelage-decor-sol-et-mur-oscillation\/\">\n\t\t\t\t\t\t<span class=\"elementor-button-content-wrapper\">\n\t\t\t\t\t\t\t\t\t<span class=\"elementor-button-text\">Voir la collection<\/span>\n\t\t\t\t\t<\/span>\n\t\t\t\t\t<\/a>\n\t\t\t\t<\/div>\n\t\t\t\t\t\t\t\t<\/div>\n\t\t\t\t<\/div>\n\t\t\t\t\t<\/div>\n\t\t<\/div>\n\t\t\t\t\t<\/div>\n\t\t<\/section>\n\t\t\t\t\t<\/div>\n\t\t<\/div>\n\t\t\t\t\t<\/div>\n\t\t<\/section>\n\t\t\t\t<section class=\"elementor-section elementor-top-section elementor-element elementor-element-200263d elementor-section-full_width elementor-section-height-default elementor-section-height-default elementor-invisible\" data-id=\"200263d\" data-element_type=\"section\" data-e-type=\"section\" data-settings=\"{&quot;animation&quot;:&quot;fadeIn&quot;}\">\n\t\t\t\t\t\t<div class=\"elementor-container elementor-column-gap-default\">\n\t\t\t\t\t<div class=\"elementor-column elementor-col-33 elementor-top-column elementor-element elementor-element-b4788a9 elementor-invisible\" data-id=\"b4788a9\" data-element_type=\"column\" data-e-type=\"column\" data-settings=\"{&quot;animation&quot;:&quot;fadeIn&quot;,&quot;background_background&quot;:&quot;classic&quot;}\">\n\t\t\t<div class=\"elementor-widget-wrap elementor-element-populated\">\n\t\t\t\t\t\t<div class=\"elementor-element elementor-element-cc4c570 elementor-widget elementor-widget-image\" data-id=\"cc4c570\" data-element_type=\"widget\" data-e-type=\"widget\" data-widget_type=\"image.default\">\n\t\t\t\t<div class=\"elementor-widget-container\">\n\t\t\t\t\t\t\t\t\t\t\t\t\t\t\t\t<a href=\"https:\/\/www.portovenere.fr\/fr-fr\/carrelage-melange-de-matieres\/carrelage-salle-de-bain-en-gres-cerame-porcelaine-12x12cm-gea\/\">\n\t\t\t\t\t\t\t<img loading=\"lazy\" decoding=\"async\" width=\"768\" height=\"522\" src=\"https:\/\/www.portovenere.fr\/fr-fr\/wp-content\/uploads\/2020\/06\/Carrelage_gr\u00e8s_c\u00e9rame_mur_et_sol_salle_de_bain_GEA_format_12x12cm_proche_de_Restincli\u00e8res-768x522.jpg\" class=\"attachment-medium_large size-medium_large wp-image-28564\" alt=\"Carrelage salle de bain petit carreaux 12x12 cm\" srcset=\"https:\/\/www.portovenere.fr\/fr-fr\/wp-content\/uploads\/2020\/06\/Carrelage_gr\u00e8s_c\u00e9rame_mur_et_sol_salle_de_bain_GEA_format_12x12cm_proche_de_Restincli\u00e8res-768x522.jpg 768w, https:\/\/www.portovenere.fr\/fr-fr\/wp-content\/uploads\/2020\/06\/Carrelage_gr\u00e8s_c\u00e9rame_mur_et_sol_salle_de_bain_GEA_format_12x12cm_proche_de_Restincli\u00e8res-300x204.jpg 300w, https:\/\/www.portovenere.fr\/fr-fr\/wp-content\/uploads\/2020\/06\/Carrelage_gr\u00e8s_c\u00e9rame_mur_et_sol_salle_de_bain_GEA_format_12x12cm_proche_de_Restincli\u00e8res-1024x696.jpg 1024w, https:\/\/www.portovenere.fr\/fr-fr\/wp-content\/uploads\/2020\/06\/Carrelage_gr\u00e8s_c\u00e9rame_mur_et_sol_salle_de_bain_GEA_format_12x12cm_proche_de_Restincli\u00e8res.jpg 1500w\" sizes=\"(max-width: 768px) 100vw, 768px\" \/>\t\t\t\t\t\t\t\t<\/a>\n\t\t\t\t\t\t\t\t\t\t\t\t\t\t\t<\/div>\n\t\t\t\t<\/div>\n\t\t\t\t<section class=\"elementor-section elementor-inner-section elementor-element elementor-element-36f6609 elementor-section-boxed elementor-section-height-default elementor-section-height-default elementor-invisible\" data-id=\"36f6609\" data-element_type=\"section\" data-e-type=\"section\" data-settings=\"{&quot;background_background&quot;:&quot;classic&quot;,&quot;animation&quot;:&quot;fadeIn&quot;}\">\n\t\t\t\t\t\t<div class=\"elementor-container elementor-column-gap-default\">\n\t\t\t\t\t<div class=\"elementor-column elementor-col-100 elementor-inner-column elementor-element elementor-element-9d04eec\" data-id=\"9d04eec\" data-element_type=\"column\" data-e-type=\"column\">\n\t\t\t<div class=\"elementor-widget-wrap elementor-element-populated\">\n\t\t\t\t\t\t<div class=\"elementor-element elementor-element-8d58c04 elementor-widget elementor-widget-heading\" data-id=\"8d58c04\" data-element_type=\"widget\" data-e-type=\"widget\" data-widget_type=\"heading.default\">\n\t\t\t\t<div class=\"elementor-widget-container\">\n\t\t\t\t\t<h3 class=\"elementor-heading-title elementor-size-default\"><a href=\"https:\/\/www.portovenere.fr\/fr-fr\/carrelage-melange-de-matieres\/carrelage-salle-de-bain-en-gres-cerame-porcelaine-12x12cm-gea\/\">GEA | 4 coloris &amp; finitions<\/a><\/h3>\t\t\t\t<\/div>\n\t\t\t\t<\/div>\n\t\t\t\t<div class=\"elementor-element elementor-element-410e273 elementor-widget__width-initial elementor-widget elementor-widget-gallery\" data-id=\"410e273\" data-element_type=\"widget\" data-e-type=\"widget\" data-settings=\"{&quot;gap&quot;:{&quot;unit&quot;:&quot;px&quot;,&quot;size&quot;:3,&quot;sizes&quot;:[]},&quot;columns_mobile&quot;:3,&quot;gap_mobile&quot;:{&quot;unit&quot;:&quot;px&quot;,&quot;size&quot;:6,&quot;sizes&quot;:[]},&quot;columns&quot;:5,&quot;columns_tablet&quot;:3,&quot;gap_tablet&quot;:{&quot;unit&quot;:&quot;px&quot;,&quot;size&quot;:5,&quot;sizes&quot;:[]},&quot;lazyload&quot;:&quot;yes&quot;,&quot;gallery_layout&quot;:&quot;grid&quot;,&quot;aspect_ratio&quot;:&quot;3:2&quot;,&quot;overlay_background&quot;:&quot;yes&quot;,&quot;content_hover_animation&quot;:&quot;fade-in&quot;}\" data-widget_type=\"gallery.default\">\n\t\t\t\t<div class=\"elementor-widget-container\">\n\t\t\t\t\t\t\t<div class=\"elementor-gallery__container\">\n\t\t\t\t\t\t\t<div class=\"e-gallery-item elementor-gallery-item elementor-animated-content\">\n\t\t\t\t\t<div class=\"e-gallery-image elementor-gallery-item__image\" data-thumbnail=\"https:\/\/www.portovenere.fr\/fr-fr\/wp-content\/uploads\/2020\/06\/Carrelage_salle_de_bain_gr\u00e8s_c\u00e9rame_porcelain\u00e9_GEA_CARVED_Charcoal_gris_fonc\u00e9__proche_de_Quissac-150x150.jpg\" data-width=\"150\" data-height=\"150\" aria-label=\"Carreau 12x12cm pour cr\u00e9dence cuisine et salle de bain\" role=\"img\" ><\/div>\n\t\t\t\t\t\t\t\t\t\t\t<div class=\"elementor-gallery-item__overlay\"><\/div>\n\t\t\t\t\t\t\t\t\t\t\t\t\t\t<\/div>\n\t\t\t\t\t\t\t<div class=\"e-gallery-item elementor-gallery-item elementor-animated-content\">\n\t\t\t\t\t<div class=\"e-gallery-image elementor-gallery-item__image\" data-thumbnail=\"https:\/\/www.portovenere.fr\/fr-fr\/wp-content\/uploads\/2020\/06\/Carrelage_salle_de_bain_gr\u00e8s_c\u00e9rame_porcelain\u00e9_GEA_CARVED_Grey_gris_clair_proche_de_Lyon-150x150.jpg\" data-width=\"150\" data-height=\"150\" aria-label=\"Carrelage gr\u00e8s c\u00e9rame porcelain\u00e9 pour cr\u00e9dence cuisine\" role=\"img\" ><\/div>\n\t\t\t\t\t\t\t\t\t\t\t<div class=\"elementor-gallery-item__overlay\"><\/div>\n\t\t\t\t\t\t\t\t\t\t\t\t\t\t<\/div>\n\t\t\t\t\t\t\t<div class=\"e-gallery-item elementor-gallery-item elementor-animated-content\">\n\t\t\t\t\t<div class=\"e-gallery-image elementor-gallery-item__image\" data-thumbnail=\"https:\/\/www.portovenere.fr\/fr-fr\/wp-content\/uploads\/2020\/06\/Carrelage_salle_de_bain_gr\u00e8s_c\u00e9rame_porcelain\u00e9_GEA_CARVED-_Calacatta_effet_marbre_blanc_\u00e0_Montpellier_H\u00e9rault_34-150x150.jpg\" data-width=\"150\" data-height=\"150\" aria-label=\"Carrelage cr\u00e9dence cuisine effet marbre relief\" role=\"img\" ><\/div>\n\t\t\t\t\t\t\t\t\t\t\t<div class=\"elementor-gallery-item__overlay\"><\/div>\n\t\t\t\t\t\t\t\t\t\t\t\t\t\t<\/div>\n\t\t\t\t\t\t\t<div class=\"e-gallery-item elementor-gallery-item elementor-animated-content\">\n\t\t\t\t\t<div class=\"e-gallery-image elementor-gallery-item__image\" data-thumbnail=\"https:\/\/www.portovenere.fr\/fr-fr\/wp-content\/uploads\/2020\/06\/Carrelage_salle_de_bain_gr\u00e8s_c\u00e9rame_porcelain\u00e9_GEA_CARVED_Linen_effet_pierre_proche_de_B\u00e9ziers_H\u00e9rault_34-150x150.jpg\" data-width=\"150\" data-height=\"150\" aria-label=\"Carrelage petit format coloris Lin en gr\u00e8s c\u00e9rame procelain\u00e9\" role=\"img\" ><\/div>\n\t\t\t\t\t\t\t\t\t\t\t<div class=\"elementor-gallery-item__overlay\"><\/div>\n\t\t\t\t\t\t\t\t\t\t\t\t\t\t<\/div>\n\t\t\t\t\t\t\t<div class=\"e-gallery-item elementor-gallery-item elementor-animated-content\">\n\t\t\t\t\t<div class=\"e-gallery-image elementor-gallery-item__image\" data-thumbnail=\"https:\/\/www.portovenere.fr\/fr-fr\/wp-content\/uploads\/2020\/06\/Carrelage_cuisine_et_bain_gr\u00e8s_c\u00e9rame_porcelain\u00e9_GEA_Charcoal_proche_de_Toulouse_31-150x150.jpg\" data-width=\"150\" data-height=\"150\" aria-label=\"Carrelage gr\u00e8s c\u00e9rame porcelain\u00e9\" role=\"img\" ><\/div>\n\t\t\t\t\t\t\t\t\t\t\t<div class=\"elementor-gallery-item__overlay\"><\/div>\n\t\t\t\t\t\t\t\t\t\t\t\t\t\t<\/div>\n\t\t\t\t\t\t\t<div class=\"e-gallery-item elementor-gallery-item elementor-animated-content\">\n\t\t\t\t\t<div class=\"e-gallery-image elementor-gallery-item__image\" data-thumbnail=\"https:\/\/www.portovenere.fr\/fr-fr\/wp-content\/uploads\/2020\/06\/Carrelage_salle_de_bain_gr\u00e8s_c\u00e9rame_porcelain\u00e9_GEA_Grey_effet_pierre_proche_de_Cournonterral_H\u00e9rault_34-150x150.jpg\" data-width=\"150\" data-height=\"150\" aria-label=\"Carrelage pour sol et mur format 12x12cm\" role=\"img\" ><\/div>\n\t\t\t\t\t\t\t\t\t\t\t<div class=\"elementor-gallery-item__overlay\"><\/div>\n\t\t\t\t\t\t\t\t\t\t\t\t\t\t<\/div>\n\t\t\t\t\t\t\t<div class=\"e-gallery-item elementor-gallery-item elementor-animated-content\">\n\t\t\t\t\t<div class=\"e-gallery-image elementor-gallery-item__image\" data-thumbnail=\"https:\/\/www.portovenere.fr\/fr-fr\/wp-content\/uploads\/2020\/06\/Carrelage_salle_de_bain_gr\u00e8s_c\u00e9rame_porcelain\u00e9_GEA_Calacatta_effet_marbre_blanc_proche_de_Montferrier-sur-Lez_H\u00e9rault_34-150x150.jpg\" data-width=\"150\" data-height=\"150\" aria-label=\"Carrelage 12x12cm effet marbre\" role=\"img\" ><\/div>\n\t\t\t\t\t\t\t\t\t\t\t<div class=\"elementor-gallery-item__overlay\"><\/div>\n\t\t\t\t\t\t\t\t\t\t\t\t\t\t<\/div>\n\t\t\t\t\t\t\t<div class=\"e-gallery-item elementor-gallery-item elementor-animated-content\">\n\t\t\t\t\t<div class=\"e-gallery-image elementor-gallery-item__image\" data-thumbnail=\"https:\/\/www.portovenere.fr\/fr-fr\/wp-content\/uploads\/2020\/06\/Carrelage_cr\u00e9dence_cuisine_gr\u00e8s_c\u00e9rame_porcelain\u00e9_GEA_Linen_effet_pierre_proche_de_Clapiers_H\u00e9rault_34-150x150.jpg\" data-width=\"150\" data-height=\"150\" aria-label=\"Carrelage couleur Lin salle de bain sol et mur\" role=\"img\" ><\/div>\n\t\t\t\t\t\t\t\t\t\t\t<div class=\"elementor-gallery-item__overlay\"><\/div>\n\t\t\t\t\t\t\t\t\t\t\t\t\t\t<\/div>\n\t\t\t\t\t<\/div>\n\t\t\t\t\t<\/div>\n\t\t\t\t<\/div>\n\t\t\t\t<div class=\"elementor-element elementor-element-5aa6cd1 elementor-widget elementor-widget-text-editor\" data-id=\"5aa6cd1\" data-element_type=\"widget\" data-e-type=\"widget\" data-widget_type=\"text-editor.default\">\n\t\t\t\t<div class=\"elementor-widget-container\">\n\t\t\t\t\t\t\t\t\t<p>D\u00e9couvrez une collection de <b>carrelage<\/b> qui puise son inspiration des pierres naturelles Calacatta et Piasentina, tr\u00e8s appr\u00e9ci\u00e9es pour leur <b>esth\u00e9tique raffin\u00e9e<\/b> et leur <b>polyvalence<\/b>.\u00a0<\/p><p>Ce <b>gr\u00e8s c\u00e9rame porcelain\u00e9<\/b> est propos\u00e9 au format unique <b>12x12cm<\/b> en finition naturelle et sculpt\u00e9e pour <b>sol et mur en int\u00e9rieur<\/b> et m\u00eame en usage <b>ext\u00e9rieur<\/b> (terrasse couverte).\u00a0<\/p><p>Cette collection d\u00e9cline une palette chromatique aux<b> teintes neutres<\/b> : calacatta, lin, gris et anthracite; et s&rsquo;accompagne de <b>d\u00e9corations d\u00e9licatement sculpt\u00e9es<\/b> pour un magnifique rendu en cr\u00e9dence de cuisine ou au mur d&rsquo;une salle de bain par exemple.<\/p>\t\t\t\t\t\t\t\t<\/div>\n\t\t\t\t<\/div>\n\t\t\t\t<div class=\"elementor-element elementor-element-fab99bf elementor-mobile-align-center elementor-widget elementor-widget-button\" data-id=\"fab99bf\" data-element_type=\"widget\" data-e-type=\"widget\" data-widget_type=\"button.default\">\n\t\t\t\t<div class=\"elementor-widget-container\">\n\t\t\t\t\t\t\t\t\t<div class=\"elementor-button-wrapper\">\n\t\t\t\t\t<a class=\"elementor-button elementor-button-link elementor-size-sm\" href=\"https:\/\/www.portovenere.fr\/fr-fr\/carrelage-melange-de-matieres\/carrelage-salle-de-bain-en-gres-cerame-porcelaine-12x12cm-gea\/\">\n\t\t\t\t\t\t<span class=\"elementor-button-content-wrapper\">\n\t\t\t\t\t\t\t\t\t<span class=\"elementor-button-text\">Voir la collection<\/span>\n\t\t\t\t\t<\/span>\n\t\t\t\t\t<\/a>\n\t\t\t\t<\/div>\n\t\t\t\t\t\t\t\t<\/div>\n\t\t\t\t<\/div>\n\t\t\t\t\t<\/div>\n\t\t<\/div>\n\t\t\t\t\t<\/div>\n\t\t<\/section>\n\t\t\t\t\t<\/div>\n\t\t<\/div>\n\t\t\t\t<div class=\"elementor-column elementor-col-33 elementor-top-column elementor-element elementor-element-b5a00e7 elementor-invisible\" data-id=\"b5a00e7\" data-element_type=\"column\" data-e-type=\"column\" data-settings=\"{&quot;animation&quot;:&quot;fadeIn&quot;}\">\n\t\t\t<div class=\"elementor-widget-wrap elementor-element-populated\">\n\t\t\t\t\t\t<section class=\"elementor-section elementor-inner-section elementor-element elementor-element-7d6661d elementor-section-boxed elementor-section-height-default elementor-section-height-default elementor-invisible\" data-id=\"7d6661d\" data-element_type=\"section\" data-e-type=\"section\" data-settings=\"{&quot;background_background&quot;:&quot;classic&quot;,&quot;animation&quot;:&quot;fadeIn&quot;}\">\n\t\t\t\t\t\t<div class=\"elementor-container elementor-column-gap-default\">\n\t\t\t\t\t<div class=\"elementor-column elementor-col-100 elementor-inner-column elementor-element elementor-element-f1f9e27\" data-id=\"f1f9e27\" data-element_type=\"column\" data-e-type=\"column\">\n\t\t\t<div class=\"elementor-widget-wrap elementor-element-populated\">\n\t\t\t\t\t\t<div class=\"elementor-element elementor-element-dfcf22a elementor-widget elementor-widget-image\" data-id=\"dfcf22a\" data-element_type=\"widget\" data-e-type=\"widget\" data-widget_type=\"image.default\">\n\t\t\t\t<div class=\"elementor-widget-container\">\n\t\t\t\t\t\t\t\t\t\t\t\t\t\t\t\t<a href=\"https:\/\/www.portovenere.fr\/fr-fr\/carrelage-melange-de-matieres\/carrelage-aspect-bois-et-marbre-a-mixer-pour-sol-et-mur-sixty-degres\/\">\n\t\t\t\t\t\t\t<img loading=\"lazy\" decoding=\"async\" width=\"768\" height=\"522\" src=\"https:\/\/www.portovenere.fr\/fr-fr\/wp-content\/uploads\/2020\/06\/Carrelage_gr\u00e8s_c\u00e9rame_association_effet_bois_et_marbre_SIXTY_DEGRES_Chevrons_Calacatta__et_Wood_Mid_pour_salle_de_bain_\u00e0_Montpellier--768x522.jpg\" class=\"attachment-medium_large size-medium_large wp-image-28242\" alt=\"\" srcset=\"https:\/\/www.portovenere.fr\/fr-fr\/wp-content\/uploads\/2020\/06\/Carrelage_gr\u00e8s_c\u00e9rame_association_effet_bois_et_marbre_SIXTY_DEGRES_Chevrons_Calacatta__et_Wood_Mid_pour_salle_de_bain_\u00e0_Montpellier--768x522.jpg 768w, https:\/\/www.portovenere.fr\/fr-fr\/wp-content\/uploads\/2020\/06\/Carrelage_gr\u00e8s_c\u00e9rame_association_effet_bois_et_marbre_SIXTY_DEGRES_Chevrons_Calacatta__et_Wood_Mid_pour_salle_de_bain_\u00e0_Montpellier--300x204.jpg 300w, https:\/\/www.portovenere.fr\/fr-fr\/wp-content\/uploads\/2020\/06\/Carrelage_gr\u00e8s_c\u00e9rame_association_effet_bois_et_marbre_SIXTY_DEGRES_Chevrons_Calacatta__et_Wood_Mid_pour_salle_de_bain_\u00e0_Montpellier--1024x696.jpg 1024w, https:\/\/www.portovenere.fr\/fr-fr\/wp-content\/uploads\/2020\/06\/Carrelage_gr\u00e8s_c\u00e9rame_association_effet_bois_et_marbre_SIXTY_DEGRES_Chevrons_Calacatta__et_Wood_Mid_pour_salle_de_bain_\u00e0_Montpellier-.jpg 1500w\" sizes=\"(max-width: 768px) 100vw, 768px\" \/>\t\t\t\t\t\t\t\t<\/a>\n\t\t\t\t\t\t\t\t\t\t\t\t\t\t\t<\/div>\n\t\t\t\t<\/div>\n\t\t\t\t<div class=\"elementor-element elementor-element-9f61036 elementor-widget elementor-widget-heading\" data-id=\"9f61036\" data-element_type=\"widget\" data-e-type=\"widget\" data-widget_type=\"heading.default\">\n\t\t\t\t<div class=\"elementor-widget-container\">\n\t\t\t\t\t<h3 class=\"elementor-heading-title elementor-size-default\"><a href=\"https:\/\/www.portovenere.fr\/fr-fr\/carrelage-melange-de-matieres\/carrelage-aspect-bois-et-marbre-a-mixer-pour-sol-et-mur-sixty-degres\/\">SIXTY DEGR\u00c8S | 4 coloris &amp; 2 formats<\/a><\/h3>\t\t\t\t<\/div>\n\t\t\t\t<\/div>\n\t\t\t\t<div class=\"elementor-element elementor-element-c021ff0 elementor-hidden-phone elementor-widget__width-initial elementor-widget elementor-widget-gallery\" data-id=\"c021ff0\" data-element_type=\"widget\" data-e-type=\"widget\" data-settings=\"{&quot;gallery_layout&quot;:&quot;justified&quot;,&quot;ideal_row_height&quot;:{&quot;unit&quot;:&quot;px&quot;,&quot;size&quot;:60,&quot;sizes&quot;:[]},&quot;gap&quot;:{&quot;unit&quot;:&quot;px&quot;,&quot;size&quot;:0,&quot;sizes&quot;:[]},&quot;lazyload&quot;:&quot;yes&quot;,&quot;ideal_row_height_tablet&quot;:{&quot;unit&quot;:&quot;px&quot;,&quot;size&quot;:150,&quot;sizes&quot;:[]},&quot;ideal_row_height_mobile&quot;:{&quot;unit&quot;:&quot;px&quot;,&quot;size&quot;:150,&quot;sizes&quot;:[]},&quot;gap_tablet&quot;:{&quot;unit&quot;:&quot;px&quot;,&quot;size&quot;:10,&quot;sizes&quot;:[]},&quot;gap_mobile&quot;:{&quot;unit&quot;:&quot;px&quot;,&quot;size&quot;:10,&quot;sizes&quot;:[]},&quot;overlay_background&quot;:&quot;yes&quot;,&quot;content_hover_animation&quot;:&quot;fade-in&quot;}\" data-widget_type=\"gallery.default\">\n\t\t\t\t<div class=\"elementor-widget-container\">\n\t\t\t\t\t\t\t<div class=\"elementor-gallery__container\">\n\t\t\t\t\t<\/div>\n\t\t\t\t\t<\/div>\n\t\t\t\t<\/div>\n\t\t\t\t<div class=\"elementor-element elementor-element-3b13fac elementor-widget__width-initial elementor-widget elementor-widget-gallery\" data-id=\"3b13fac\" data-element_type=\"widget\" data-e-type=\"widget\" data-settings=\"{&quot;gap&quot;:{&quot;unit&quot;:&quot;px&quot;,&quot;size&quot;:3,&quot;sizes&quot;:[]},&quot;columns_mobile&quot;:3,&quot;gap_mobile&quot;:{&quot;unit&quot;:&quot;px&quot;,&quot;size&quot;:6,&quot;sizes&quot;:[]},&quot;columns&quot;:5,&quot;columns_tablet&quot;:3,&quot;gap_tablet&quot;:{&quot;unit&quot;:&quot;px&quot;,&quot;size&quot;:5,&quot;sizes&quot;:[]},&quot;lazyload&quot;:&quot;yes&quot;,&quot;gallery_layout&quot;:&quot;grid&quot;,&quot;aspect_ratio&quot;:&quot;3:2&quot;,&quot;overlay_background&quot;:&quot;yes&quot;,&quot;content_hover_animation&quot;:&quot;fade-in&quot;}\" data-widget_type=\"gallery.default\">\n\t\t\t\t<div class=\"elementor-widget-container\">\n\t\t\t\t\t\t\t<div class=\"elementor-gallery__container\">\n\t\t\t\t\t\t\t<div class=\"e-gallery-item elementor-gallery-item elementor-animated-content\">\n\t\t\t\t\t<div class=\"e-gallery-image elementor-gallery-item__image\" data-thumbnail=\"https:\/\/www.portovenere.fr\/fr-fr\/wp-content\/uploads\/2020\/06\/Gr\u00e8s_c\u00e9rame_effet_parquet_bois_SIXTY_Degr\u00e8s_Trapezium_Mid_pr\u00e8s_de_Narbonne-150x150.jpg\" data-width=\"150\" data-height=\"150\" aria-label=\"\" role=\"img\" ><\/div>\n\t\t\t\t\t\t\t\t\t\t\t<div class=\"elementor-gallery-item__overlay\"><\/div>\n\t\t\t\t\t\t\t\t\t\t\t\t\t\t<\/div>\n\t\t\t\t\t\t\t<div class=\"e-gallery-item elementor-gallery-item elementor-animated-content\">\n\t\t\t\t\t<div class=\"e-gallery-image elementor-gallery-item__image\" data-thumbnail=\"https:\/\/www.portovenere.fr\/fr-fr\/wp-content\/uploads\/2020\/06\/Gr\u00e8s_c\u00e9rame_effet_parquet_bois_SIXTY_Degr\u00e8s_Trapezium_Light_pr\u00e8s_de_Vauvert-150x150.jpg\" data-width=\"150\" data-height=\"150\" aria-label=\"\" role=\"img\" ><\/div>\n\t\t\t\t\t\t\t\t\t\t\t<div class=\"elementor-gallery-item__overlay\"><\/div>\n\t\t\t\t\t\t\t\t\t\t\t\t\t\t<\/div>\n\t\t\t\t\t\t\t<div class=\"e-gallery-item elementor-gallery-item elementor-animated-content\">\n\t\t\t\t\t<div class=\"e-gallery-image elementor-gallery-item__image\" data-thumbnail=\"https:\/\/www.portovenere.fr\/fr-fr\/wp-content\/uploads\/2020\/06\/Gr\u00e8s_c\u00e9rame_effet_parquet_bois_SIXTY_Degr\u00e8s_Trapezium_Dark_pr\u00e8s_de_Le_Cr\u00e8sdans_l_H\u00e9rault-150x150.jpg\" data-width=\"150\" data-height=\"150\" aria-label=\"\" role=\"img\" ><\/div>\n\t\t\t\t\t\t\t\t\t\t\t<div class=\"elementor-gallery-item__overlay\"><\/div>\n\t\t\t\t\t\t\t\t\t\t\t\t\t\t<\/div>\n\t\t\t\t\t\t\t<div class=\"e-gallery-item elementor-gallery-item elementor-animated-content\">\n\t\t\t\t\t<div class=\"e-gallery-image elementor-gallery-item__image\" data-thumbnail=\"https:\/\/www.portovenere.fr\/fr-fr\/wp-content\/uploads\/2020\/06\/Gr\u00e8s_c\u00e9rame_effet_marbre_SIXTY_Degr\u00e8s_Trapezium_Calacatta_pr\u00e8s_de_Reims-150x150.jpg\" data-width=\"150\" data-height=\"150\" aria-label=\"\" role=\"img\" ><\/div>\n\t\t\t\t\t\t\t\t\t\t\t<div class=\"elementor-gallery-item__overlay\"><\/div>\n\t\t\t\t\t\t\t\t\t\t\t\t\t\t<\/div>\n\t\t\t\t\t\t\t<div class=\"e-gallery-item elementor-gallery-item elementor-animated-content\">\n\t\t\t\t\t<div class=\"e-gallery-image elementor-gallery-item__image\" data-thumbnail=\"https:\/\/www.portovenere.fr\/fr-fr\/wp-content\/uploads\/2020\/06\/Gr\u00e8s_c\u00e9rame_effet_parquet_bois_SIXTY_Degr\u00e8s_Chevron_Mid_pr\u00e8s_de_Le-Puy-en-Velay-150x150.jpg\" data-width=\"150\" data-height=\"150\" aria-label=\"\" role=\"img\" ><\/div>\n\t\t\t\t\t\t\t\t\t\t\t<div class=\"elementor-gallery-item__overlay\"><\/div>\n\t\t\t\t\t\t\t\t\t\t\t\t\t\t<\/div>\n\t\t\t\t\t\t\t<div class=\"e-gallery-item elementor-gallery-item elementor-animated-content\">\n\t\t\t\t\t<div class=\"e-gallery-image elementor-gallery-item__image\" data-thumbnail=\"https:\/\/www.portovenere.fr\/fr-fr\/wp-content\/uploads\/2020\/06\/Gr\u00e8s_c\u00e9rame_effet_parquet_bois_SIXTY_Degr\u00e8s_Chevron_Light_pr\u00e8s_de_Brussels-150x150.jpg\" data-width=\"150\" data-height=\"150\" aria-label=\"\" role=\"img\" ><\/div>\n\t\t\t\t\t\t\t\t\t\t\t<div class=\"elementor-gallery-item__overlay\"><\/div>\n\t\t\t\t\t\t\t\t\t\t\t\t\t\t<\/div>\n\t\t\t\t\t\t\t<div class=\"e-gallery-item elementor-gallery-item elementor-animated-content\">\n\t\t\t\t\t<div class=\"e-gallery-image elementor-gallery-item__image\" data-thumbnail=\"https:\/\/www.portovenere.fr\/fr-fr\/wp-content\/uploads\/2020\/06\/Gr\u00e8s_c\u00e9rame_effet_marbre_SIXTY_Degr\u00e8s_Chevron_Calacatta_pr\u00e8s_de_Issy_les_Moulineaux-150x150.jpg\" data-width=\"150\" data-height=\"150\" aria-label=\"\" role=\"img\" ><\/div>\n\t\t\t\t\t\t\t\t\t\t\t<div class=\"elementor-gallery-item__overlay\"><\/div>\n\t\t\t\t\t\t\t\t\t\t\t\t\t\t<\/div>\n\t\t\t\t\t\t\t<div class=\"e-gallery-item elementor-gallery-item elementor-animated-content\">\n\t\t\t\t\t<div class=\"e-gallery-image elementor-gallery-item__image\" data-thumbnail=\"https:\/\/www.portovenere.fr\/fr-fr\/wp-content\/uploads\/2020\/06\/Gr\u00e8s_c\u00e9rame_effet_parquet_bois_SIXTY_Degr\u00e8s_Chevron_Dark_pr\u00e8s_de_N\u00eemes-150x150.jpg\" data-width=\"150\" data-height=\"150\" aria-label=\"\" role=\"img\" ><\/div>\n\t\t\t\t\t\t\t\t\t\t\t<div class=\"elementor-gallery-item__overlay\"><\/div>\n\t\t\t\t\t\t\t\t\t\t\t\t\t\t<\/div>\n\t\t\t\t\t<\/div>\n\t\t\t\t\t<\/div>\n\t\t\t\t<\/div>\n\t\t\t\t<div class=\"elementor-element elementor-element-77e8071 elementor-widget elementor-widget-text-editor\" data-id=\"77e8071\" data-element_type=\"widget\" data-e-type=\"widget\" data-widget_type=\"text-editor.default\">\n\t\t\t\t<div class=\"elementor-widget-container\">\n\t\t\t\t\t\t\t\t\t<p>Collection de <b>gr\u00e8s c\u00e9rame\u00a0 effet marbre<\/b> ou <b>effet parquet bois <\/b>d\u00e9clin\u00e9e dans deux formats : <b>Chevron A\/B 10x52cm<\/b> et <b>Trapezium 10x23cm<\/b>.\u00a0<\/p><p>Les <b>4 coloris<\/b> disponibles (calacatta marbre, bois clair, bois fonc\u00e9 ou bois naturel) peuvent \u00eatre m\u00e9lang\u00e9s entre eux ou bien en <b>association avec d&rsquo;autres collections <\/b>proposant des formats diff\u00e9rents comme par exemple le format hexagonal de la s\u00e9rie\u00a0<a href=\"https:\/\/www.portovenere.fr\/fr-fr\/carrelage-sol-et-mur-en-gres-cerame-et-faience\/les-creations-carrelage-decoratif-a-motifs-aspect-carreau-ciment\/carrelage-melange-de-matieres\/carrelage-original-a-mixer-pour-sol-et-mur-en-gres-cerame-amore\/\" target=\"_blank\" rel=\"noopener\"><b>Amore<\/b><\/a>.\u00a0<\/p><p>Teintes douces et agr\u00e9ables<b> pour les sols et murs <\/b>de vos espaces \u00e0 vivre telle qu&rsquo;une cuisine, salle de bain, chambre, hall d&rsquo;entr\u00e9e, s\u00e9jour, etc. Composez selon vos envies !<\/p>\t\t\t\t\t\t\t\t<\/div>\n\t\t\t\t<\/div>\n\t\t\t\t<div class=\"elementor-element elementor-element-fb0da16 elementor-mobile-align-center elementor-widget elementor-widget-button\" data-id=\"fb0da16\" data-element_type=\"widget\" data-e-type=\"widget\" data-widget_type=\"button.default\">\n\t\t\t\t<div class=\"elementor-widget-container\">\n\t\t\t\t\t\t\t\t\t<div class=\"elementor-button-wrapper\">\n\t\t\t\t\t<a class=\"elementor-button elementor-button-link elementor-size-sm\" href=\"https:\/\/www.portovenere.fr\/fr-fr\/carrelage-melange-de-matieres\/carrelage-aspect-bois-et-marbre-a-mixer-pour-sol-et-mur-sixty-degres\/\">\n\t\t\t\t\t\t<span class=\"elementor-button-content-wrapper\">\n\t\t\t\t\t\t\t\t\t<span class=\"elementor-button-text\">Voir la collection<\/span>\n\t\t\t\t\t<\/span>\n\t\t\t\t\t<\/a>\n\t\t\t\t<\/div>\n\t\t\t\t\t\t\t\t<\/div>\n\t\t\t\t<\/div>\n\t\t\t\t\t<\/div>\n\t\t<\/div>\n\t\t\t\t\t<\/div>\n\t\t<\/section>\n\t\t\t\t\t<\/div>\n\t\t<\/div>\n\t\t\t\t<div class=\"elementor-column elementor-col-33 elementor-top-column elementor-element elementor-element-06cf5f1 elementor-invisible\" data-id=\"06cf5f1\" data-element_type=\"column\" data-e-type=\"column\" data-settings=\"{&quot;animation&quot;:&quot;fadeIn&quot;,&quot;background_background&quot;:&quot;classic&quot;}\">\n\t\t\t<div class=\"elementor-widget-wrap elementor-element-populated\">\n\t\t\t\t\t\t<section class=\"elementor-section elementor-inner-section elementor-element elementor-element-d00b085 elementor-section-boxed elementor-section-height-default elementor-section-height-default elementor-invisible\" data-id=\"d00b085\" data-element_type=\"section\" data-e-type=\"section\" data-settings=\"{&quot;background_background&quot;:&quot;classic&quot;,&quot;animation&quot;:&quot;fadeIn&quot;}\">\n\t\t\t\t\t\t<div class=\"elementor-container elementor-column-gap-default\">\n\t\t\t\t\t<div class=\"elementor-column elementor-col-100 elementor-inner-column elementor-element elementor-element-93b7ec8\" data-id=\"93b7ec8\" data-element_type=\"column\" data-e-type=\"column\">\n\t\t\t<div class=\"elementor-widget-wrap elementor-element-populated\">\n\t\t\t\t\t\t<div class=\"elementor-element elementor-element-4866aa1 elementor-widget elementor-widget-image\" data-id=\"4866aa1\" data-element_type=\"widget\" data-e-type=\"widget\" data-widget_type=\"image.default\">\n\t\t\t\t<div class=\"elementor-widget-container\">\n\t\t\t\t\t\t\t\t\t\t\t\t\t\t\t\t<a href=\"https:\/\/www.portovenere.fr\/fr-fr\/carrelage-melange-de-matieres\/carrelage-original-a-mixer-pour-sol-et-mur-en-gres-cerame-amore\/\">\n\t\t\t\t\t\t\t<img loading=\"lazy\" decoding=\"async\" width=\"768\" height=\"522\" src=\"https:\/\/www.portovenere.fr\/fr-fr\/wp-content\/uploads\/2020\/06\/Carrelage_gr\u00e8s_c\u00e9rame_Effet-pierre_et_marbre_mix_original_AMORE_Petra_Strip_Sand_et_Calacatta-Hexagon_et_Petra_Mini_Crayon_Sand_\u00e0_Montpellier-768x522.jpg\" class=\"attachment-medium_large size-medium_large wp-image-28282\" alt=\"\" srcset=\"https:\/\/www.portovenere.fr\/fr-fr\/wp-content\/uploads\/2020\/06\/Carrelage_gr\u00e8s_c\u00e9rame_Effet-pierre_et_marbre_mix_original_AMORE_Petra_Strip_Sand_et_Calacatta-Hexagon_et_Petra_Mini_Crayon_Sand_\u00e0_Montpellier-768x522.jpg 768w, https:\/\/www.portovenere.fr\/fr-fr\/wp-content\/uploads\/2020\/06\/Carrelage_gr\u00e8s_c\u00e9rame_Effet-pierre_et_marbre_mix_original_AMORE_Petra_Strip_Sand_et_Calacatta-Hexagon_et_Petra_Mini_Crayon_Sand_\u00e0_Montpellier-300x204.jpg 300w, https:\/\/www.portovenere.fr\/fr-fr\/wp-content\/uploads\/2020\/06\/Carrelage_gr\u00e8s_c\u00e9rame_Effet-pierre_et_marbre_mix_original_AMORE_Petra_Strip_Sand_et_Calacatta-Hexagon_et_Petra_Mini_Crayon_Sand_\u00e0_Montpellier-1024x696.jpg 1024w, https:\/\/www.portovenere.fr\/fr-fr\/wp-content\/uploads\/2020\/06\/Carrelage_gr\u00e8s_c\u00e9rame_Effet-pierre_et_marbre_mix_original_AMORE_Petra_Strip_Sand_et_Calacatta-Hexagon_et_Petra_Mini_Crayon_Sand_\u00e0_Montpellier.jpg 1500w\" sizes=\"(max-width: 768px) 100vw, 768px\" \/>\t\t\t\t\t\t\t\t<\/a>\n\t\t\t\t\t\t\t\t\t\t\t\t\t\t\t<\/div>\n\t\t\t\t<\/div>\n\t\t\t\t<div class=\"elementor-element elementor-element-e510187 elementor-widget elementor-widget-heading\" data-id=\"e510187\" data-element_type=\"widget\" data-e-type=\"widget\" data-widget_type=\"heading.default\">\n\t\t\t\t<div class=\"elementor-widget-container\">\n\t\t\t\t\t<h3 class=\"elementor-heading-title elementor-size-default\"><a href=\"https:\/\/www.portovenere.fr\/fr-fr\/carrelage-melange-de-matieres\/carrelage-original-a-mixer-pour-sol-et-mur-en-gres-cerame-amore\/\">AMORE | 15 coloris &amp; 3 formats<\/a><\/h3>\t\t\t\t<\/div>\n\t\t\t\t<\/div>\n\t\t\t\t<div class=\"elementor-element elementor-element-4dbec1c elementor-widget__width-initial elementor-widget elementor-widget-gallery\" data-id=\"4dbec1c\" data-element_type=\"widget\" data-e-type=\"widget\" data-settings=\"{&quot;gap&quot;:{&quot;unit&quot;:&quot;px&quot;,&quot;size&quot;:3,&quot;sizes&quot;:[]},&quot;columns_mobile&quot;:3,&quot;gap_mobile&quot;:{&quot;unit&quot;:&quot;px&quot;,&quot;size&quot;:6,&quot;sizes&quot;:[]},&quot;columns&quot;:5,&quot;columns_tablet&quot;:3,&quot;gap_tablet&quot;:{&quot;unit&quot;:&quot;px&quot;,&quot;size&quot;:5,&quot;sizes&quot;:[]},&quot;lazyload&quot;:&quot;yes&quot;,&quot;gallery_layout&quot;:&quot;grid&quot;,&quot;aspect_ratio&quot;:&quot;3:2&quot;,&quot;overlay_background&quot;:&quot;yes&quot;,&quot;content_hover_animation&quot;:&quot;fade-in&quot;}\" data-widget_type=\"gallery.default\">\n\t\t\t\t<div class=\"elementor-widget-container\">\n\t\t\t\t\t\t\t<div class=\"elementor-gallery__container\">\n\t\t\t\t\t\t\t<div class=\"e-gallery-item elementor-gallery-item elementor-animated-content\">\n\t\t\t\t\t<div class=\"e-gallery-image elementor-gallery-item__image\" data-thumbnail=\"https:\/\/www.portovenere.fr\/fr-fr\/wp-content\/uploads\/2020\/06\/Carrelage_effet_b\u00e9ton_Amore_Aura_Strip_proche_de_Annecy-150x150.jpg\" data-width=\"150\" data-height=\"150\" aria-label=\"\" role=\"img\" ><\/div>\n\t\t\t\t\t\t\t\t\t\t\t<div class=\"elementor-gallery-item__overlay\"><\/div>\n\t\t\t\t\t\t\t\t\t\t\t\t\t\t<\/div>\n\t\t\t\t\t\t\t<div class=\"e-gallery-item elementor-gallery-item elementor-animated-content\">\n\t\t\t\t\t<div class=\"e-gallery-image elementor-gallery-item__image\" data-thumbnail=\"https:\/\/www.portovenere.fr\/fr-fr\/wp-content\/uploads\/2020\/06\/Carrelage_sol_mur_aspect_bois_Amore_Contempo_Strip_Ash_proche_Clermont-lH\u00e9rault-150x150.jpg\" data-width=\"150\" data-height=\"150\" aria-label=\"\" role=\"img\" ><\/div>\n\t\t\t\t\t\t\t\t\t\t\t<div class=\"elementor-gallery-item__overlay\"><\/div>\n\t\t\t\t\t\t\t\t\t\t\t\t\t\t<\/div>\n\t\t\t\t\t\t\t<div class=\"e-gallery-item elementor-gallery-item elementor-animated-content\">\n\t\t\t\t\t<div class=\"e-gallery-image elementor-gallery-item__image\" data-thumbnail=\"https:\/\/www.portovenere.fr\/fr-fr\/wp-content\/uploads\/2020\/06\/Carrelage_imitation_parquet_bois_mural_et_sol_Amore_Timber_Strip_Brown_pr\u00e8s_de_Vendargues-150x150.jpg\" data-width=\"150\" data-height=\"150\" aria-label=\"\" role=\"img\" ><\/div>\n\t\t\t\t\t\t\t\t\t\t\t<div class=\"elementor-gallery-item__overlay\"><\/div>\n\t\t\t\t\t\t\t\t\t\t\t\t\t\t<\/div>\n\t\t\t\t\t\t\t<div class=\"e-gallery-item elementor-gallery-item elementor-animated-content\">\n\t\t\t\t\t<div class=\"e-gallery-image elementor-gallery-item__image\" data-thumbnail=\"https:\/\/www.portovenere.fr\/fr-fr\/wp-content\/uploads\/2020\/06\/Carrelage_sol_mur_aspect_bois_Amore_Contempo_Strip_Walnut_proche_Valras-150x150.jpg\" data-width=\"150\" data-height=\"150\" aria-label=\"\" role=\"img\" ><\/div>\n\t\t\t\t\t\t\t\t\t\t\t<div class=\"elementor-gallery-item__overlay\"><\/div>\n\t\t\t\t\t\t\t\t\t\t\t\t\t\t<\/div>\n\t\t\t\t\t\t\t<div class=\"e-gallery-item elementor-gallery-item elementor-animated-content\">\n\t\t\t\t\t<div class=\"e-gallery-image elementor-gallery-item__image\" data-thumbnail=\"https:\/\/www.portovenere.fr\/fr-fr\/wp-content\/uploads\/2020\/06\/Carrelage_sol_mur_aspect_bois_Amore_Contempo_Strip_Oak_pr\u00e8s_de_Martigues-150x150.jpg\" data-width=\"150\" data-height=\"150\" aria-label=\"\" role=\"img\" ><\/div>\n\t\t\t\t\t\t\t\t\t\t\t<div class=\"elementor-gallery-item__overlay\"><\/div>\n\t\t\t\t\t\t\t\t\t\t\t\t\t\t<\/div>\n\t\t\t\t\t\t\t<div class=\"e-gallery-item elementor-gallery-item elementor-animated-content\">\n\t\t\t\t\t<div class=\"e-gallery-image elementor-gallery-item__image\" data-thumbnail=\"https:\/\/www.portovenere.fr\/fr-fr\/wp-content\/uploads\/2020\/06\/Carrelage_sol_mur_aspect_bois_Amore_Contempo_Strip_Natural_proche_Saint-Martin-de-Londres-150x150.jpg\" data-width=\"150\" data-height=\"150\" aria-label=\"\" role=\"img\" ><\/div>\n\t\t\t\t\t\t\t\t\t\t\t<div class=\"elementor-gallery-item__overlay\"><\/div>\n\t\t\t\t\t\t\t\t\t\t\t\t\t\t<\/div>\n\t\t\t\t\t\t\t<div class=\"e-gallery-item elementor-gallery-item elementor-animated-content\">\n\t\t\t\t\t<div class=\"e-gallery-image elementor-gallery-item__image\" data-thumbnail=\"https:\/\/www.portovenere.fr\/fr-fr\/wp-content\/uploads\/2020\/06\/Carrelage_imitation_parquet_bois_mural_et_sol_Amore_Timber_Strip_Grey_pr\u00e8s_de_Draguignan-150x150.jpg\" data-width=\"150\" data-height=\"150\" aria-label=\"\" role=\"img\" ><\/div>\n\t\t\t\t\t\t\t\t\t\t\t<div class=\"elementor-gallery-item__overlay\"><\/div>\n\t\t\t\t\t\t\t\t\t\t\t\t\t\t<\/div>\n\t\t\t\t\t\t\t<div class=\"e-gallery-item elementor-gallery-item elementor-animated-content\">\n\t\t\t\t\t<div class=\"e-gallery-image elementor-gallery-item__image\" data-thumbnail=\"https:\/\/www.portovenere.fr\/fr-fr\/wp-content\/uploads\/2020\/06\/Carrelage_mural_et_sol_Amore_Petra_Strip_Grey_pr\u00e8s_de_Carnon-150x150.jpg\" data-width=\"150\" data-height=\"150\" aria-label=\"\" role=\"img\" ><\/div>\n\t\t\t\t\t\t\t\t\t\t\t<div class=\"elementor-gallery-item__overlay\"><\/div>\n\t\t\t\t\t\t\t\t\t\t\t\t\t\t<\/div>\n\t\t\t\t\t\t\t<div class=\"e-gallery-item elementor-gallery-item elementor-animated-content\">\n\t\t\t\t\t<div class=\"e-gallery-image elementor-gallery-item__image\" data-thumbnail=\"https:\/\/www.portovenere.fr\/fr-fr\/wp-content\/uploads\/2020\/06\/Carrelage_sol_mur_aspect_marbre_blanc_gris_Amore_Calacatta_Strip_proche_Riom_Puy_de_D\u00f4me-150x150.jpg\" data-width=\"150\" data-height=\"150\" aria-label=\"\" role=\"img\" ><\/div>\n\t\t\t\t\t\t\t\t\t\t\t<div class=\"elementor-gallery-item__overlay\"><\/div>\n\t\t\t\t\t\t\t\t\t\t\t\t\t\t<\/div>\n\t\t\t\t\t\t\t<div class=\"e-gallery-item elementor-gallery-item elementor-animated-content\">\n\t\t\t\t\t<div class=\"e-gallery-image elementor-gallery-item__image\" data-thumbnail=\"https:\/\/www.portovenere.fr\/fr-fr\/wp-content\/uploads\/2020\/06\/Carrelage_sol_mur_aspect_b\u00e9ton_Amore_Concrete_Strip_Ash_Grey_proche_de_Firminy-150x150.jpg\" data-width=\"150\" data-height=\"150\" aria-label=\"\" role=\"img\" ><\/div>\n\t\t\t\t\t\t\t\t\t\t\t<div class=\"elementor-gallery-item__overlay\"><\/div>\n\t\t\t\t\t\t\t\t\t\t\t\t\t\t<\/div>\n\t\t\t\t\t\t\t<div class=\"e-gallery-item elementor-gallery-item elementor-animated-content\">\n\t\t\t\t\t<div class=\"e-gallery-image elementor-gallery-item__image\" data-thumbnail=\"https:\/\/www.portovenere.fr\/fr-fr\/wp-content\/uploads\/2020\/06\/Carrelage_mural_et_sol_Amore_Petra_Strip_Charcoal_proche_Palavas-150x150.jpg\" data-width=\"150\" data-height=\"150\" aria-label=\"\" role=\"img\" ><\/div>\n\t\t\t\t\t\t\t\t\t\t\t<div class=\"elementor-gallery-item__overlay\"><\/div>\n\t\t\t\t\t\t\t\t\t\t\t\t\t\t<\/div>\n\t\t\t\t\t\t\t<div class=\"e-gallery-item elementor-gallery-item elementor-animated-content\">\n\t\t\t\t\t<div class=\"e-gallery-image elementor-gallery-item__image\" data-thumbnail=\"https:\/\/www.portovenere.fr\/fr-fr\/wp-content\/uploads\/2020\/06\/Carrelage_sol_mur_aspect_b\u00e9ton_Amore_Concrete_Strip_Light_Grey_proche_Boulogne-Billancourt-150x150.jpg\" data-width=\"150\" data-height=\"150\" aria-label=\"\" role=\"img\" ><\/div>\n\t\t\t\t\t\t\t\t\t\t\t<div class=\"elementor-gallery-item__overlay\"><\/div>\n\t\t\t\t\t\t\t\t\t\t\t\t\t\t<\/div>\n\t\t\t\t\t\t\t<div class=\"e-gallery-item elementor-gallery-item elementor-animated-content\">\n\t\t\t\t\t<div class=\"e-gallery-image elementor-gallery-item__image\" data-thumbnail=\"https:\/\/www.portovenere.fr\/fr-fr\/wp-content\/uploads\/2020\/06\/Carrelage_mural_et_sol_Amore_Petra_Strip_Sand_pr\u00e8s_de_Aix-en-Provence-150x150.jpg\" data-width=\"150\" data-height=\"150\" aria-label=\"\" role=\"img\" ><\/div>\n\t\t\t\t\t\t\t\t\t\t\t<div class=\"elementor-gallery-item__overlay\"><\/div>\n\t\t\t\t\t\t\t\t\t\t\t\t\t\t<\/div>\n\t\t\t\t\t\t\t<div class=\"e-gallery-item elementor-gallery-item elementor-animated-content\">\n\t\t\t\t\t<div class=\"e-gallery-image elementor-gallery-item__image\" data-thumbnail=\"https:\/\/www.portovenere.fr\/fr-fr\/wp-content\/uploads\/2020\/06\/Carrelage_mural_et_sol_Amore_Petra_Hexagon_Charcoal_proche_Troyes-150x150.jpg\" data-width=\"150\" data-height=\"150\" aria-label=\"\" role=\"img\" ><\/div>\n\t\t\t\t\t\t\t\t\t\t\t<div class=\"elementor-gallery-item__overlay\"><\/div>\n\t\t\t\t\t\t\t\t\t\t\t\t\t\t<\/div>\n\t\t\t\t\t\t\t<div class=\"e-gallery-item elementor-gallery-item elementor-animated-content\">\n\t\t\t\t\t<div class=\"e-gallery-image elementor-gallery-item__image\" data-thumbnail=\"https:\/\/www.portovenere.fr\/fr-fr\/wp-content\/uploads\/2020\/06\/Carrelage_effet_marbre_Amore_Calacatta_Hexagon_proche_de_Lille-150x150.jpg\" data-width=\"150\" data-height=\"150\" aria-label=\"\" role=\"img\" ><\/div>\n\t\t\t\t\t\t\t\t\t\t\t<div class=\"elementor-gallery-item__overlay\"><\/div>\n\t\t\t\t\t\t\t\t\t\t\t\t\t\t<\/div>\n\t\t\t\t\t\t\t<div class=\"e-gallery-item elementor-gallery-item elementor-animated-content\">\n\t\t\t\t\t<div class=\"e-gallery-image elementor-gallery-item__image\" data-thumbnail=\"https:\/\/www.portovenere.fr\/fr-fr\/wp-content\/uploads\/2020\/06\/Carrelage_mural_et_sol_aspect_b\u00e9ton_Amore_Concrete_Hexagon_Light_grey_proche_Saint-Germain-en-Laye-150x150.jpg\" data-width=\"150\" data-height=\"150\" aria-label=\"\" role=\"img\" ><\/div>\n\t\t\t\t\t\t\t\t\t\t\t<div class=\"elementor-gallery-item__overlay\"><\/div>\n\t\t\t\t\t\t\t\t\t\t\t\t\t\t<\/div>\n\t\t\t\t\t\t\t<div class=\"e-gallery-item elementor-gallery-item elementor-animated-content\">\n\t\t\t\t\t<div class=\"e-gallery-image elementor-gallery-item__image\" data-thumbnail=\"https:\/\/www.portovenere.fr\/fr-fr\/wp-content\/uploads\/2020\/06\/Carrelage_mural_et_sol_Amore_Petra_Hexagon_Sand_proche_Avignon-150x150.jpg\" data-width=\"150\" data-height=\"150\" aria-label=\"\" role=\"img\" ><\/div>\n\t\t\t\t\t\t\t\t\t\t\t<div class=\"elementor-gallery-item__overlay\"><\/div>\n\t\t\t\t\t\t\t\t\t\t\t\t\t\t<\/div>\n\t\t\t\t\t\t\t<div class=\"e-gallery-item elementor-gallery-item elementor-animated-content\">\n\t\t\t\t\t<div class=\"e-gallery-image elementor-gallery-item__image\" data-thumbnail=\"https:\/\/www.portovenere.fr\/fr-fr\/wp-content\/uploads\/2020\/06\/Carrelage_mural_et_sol_Amore_Petra_Hexagon_Grey_proche_Caen-150x150.jpg\" data-width=\"150\" data-height=\"150\" aria-label=\"\" role=\"img\" ><\/div>\n\t\t\t\t\t\t\t\t\t\t\t<div class=\"elementor-gallery-item__overlay\"><\/div>\n\t\t\t\t\t\t\t\t\t\t\t\t\t\t<\/div>\n\t\t\t\t\t\t\t<div class=\"e-gallery-item elementor-gallery-item elementor-animated-content\">\n\t\t\t\t\t<div class=\"e-gallery-image elementor-gallery-item__image\" data-thumbnail=\"https:\/\/www.portovenere.fr\/fr-fr\/wp-content\/uploads\/2020\/06\/Carrelage_mural_et_sol_aspect_b\u00e9ton_Amore_Concrete_Hexagon_Ash_Grey_\u00e0_Montpellier-150x150.jpg\" data-width=\"150\" data-height=\"150\" aria-label=\"\" role=\"img\" ><\/div>\n\t\t\t\t\t\t\t\t\t\t\t<div class=\"elementor-gallery-item__overlay\"><\/div>\n\t\t\t\t\t\t\t\t\t\t\t\t\t\t<\/div>\n\t\t\t\t\t\t\t<div class=\"e-gallery-item elementor-gallery-item elementor-animated-content\">\n\t\t\t\t\t<div class=\"e-gallery-image elementor-gallery-item__image\" data-thumbnail=\"https:\/\/www.portovenere.fr\/fr-fr\/wp-content\/uploads\/2020\/06\/Carrelage_mural_Amore_Accent_Onix_proche_Palavas-150x150.jpg\" data-width=\"150\" data-height=\"150\" aria-label=\"\" role=\"img\" ><\/div>\n\t\t\t\t\t\t\t\t\t\t\t<div class=\"elementor-gallery-item__overlay\"><\/div>\n\t\t\t\t\t\t\t\t\t\t\t\t\t\t<\/div>\n\t\t\t\t\t\t\t<div class=\"e-gallery-item elementor-gallery-item elementor-animated-content\">\n\t\t\t\t\t<div class=\"e-gallery-image elementor-gallery-item__image\" data-thumbnail=\"https:\/\/www.portovenere.fr\/fr-fr\/wp-content\/uploads\/2020\/06\/Carrelage_mural_Amore_Accent_Green-Raku_proche_Saint-Aun\u00e8s-150x150.jpg\" data-width=\"150\" data-height=\"150\" aria-label=\"\" role=\"img\" ><\/div>\n\t\t\t\t\t\t\t\t\t\t\t<div class=\"elementor-gallery-item__overlay\"><\/div>\n\t\t\t\t\t\t\t\t\t\t\t\t\t\t<\/div>\n\t\t\t\t\t\t\t<div class=\"e-gallery-item elementor-gallery-item elementor-animated-content\">\n\t\t\t\t\t<div class=\"e-gallery-image elementor-gallery-item__image\" data-thumbnail=\"https:\/\/www.portovenere.fr\/fr-fr\/wp-content\/uploads\/2020\/06\/Carrelage_mural_Amore_Accent_Blue-Raku_proche_P\u00e9rols-150x150.jpg\" data-width=\"150\" data-height=\"150\" aria-label=\"\" role=\"img\" ><\/div>\n\t\t\t\t\t\t\t\t\t\t\t<div class=\"elementor-gallery-item__overlay\"><\/div>\n\t\t\t\t\t\t\t\t\t\t\t\t\t\t<\/div>\n\t\t\t\t\t\t\t<div class=\"e-gallery-item elementor-gallery-item elementor-animated-content\">\n\t\t\t\t\t<div class=\"e-gallery-image elementor-gallery-item__image\" data-thumbnail=\"https:\/\/www.portovenere.fr\/fr-fr\/wp-content\/uploads\/2020\/06\/Carrelage_mural_Amore_Accent_Beige-Raku_proche_S\u00e8te-150x150.jpg\" data-width=\"150\" data-height=\"150\" aria-label=\"\" role=\"img\" ><\/div>\n\t\t\t\t\t\t\t\t\t\t\t<div class=\"elementor-gallery-item__overlay\"><\/div>\n\t\t\t\t\t\t\t\t\t\t\t\t\t\t<\/div>\n\t\t\t\t\t<\/div>\n\t\t\t\t\t<\/div>\n\t\t\t\t<\/div>\n\t\t\t\t<div class=\"elementor-element elementor-element-5620fdf elementor-widget elementor-widget-text-editor\" data-id=\"5620fdf\" data-element_type=\"widget\" data-e-type=\"widget\" data-widget_type=\"text-editor.default\">\n\t\t\t\t<div class=\"elementor-widget-container\">\n\t\t\t\t\t\t\t\t\t<p>Magnifique collection de carrelage de part sa qualit\u00e9, son choix de formats, de teintes et d&rsquo;aspects. Ce gr\u00e8s c\u00e9rame propose des<b> formats hexagonal, rectangle<\/b>&#8230;en <b>finition effet bois, marbre, b\u00e9ton<\/b>&#8230;pour une pose murale et pose au sol dans une cuisine, salle de bain, terrasse, chambre et autres pi\u00e8ces de vie.\u00a0<\/p><p>Assemblez et <b>composez entre formats et coloris <\/b>pour r\u00e9aliser des espaces \u00e0 votre go\u00fbt. Cette collection convient aussi en <b>m\u00e9lange avec d&rsquo;autres collections <\/b>comme\u00a0<a href=\"https:\/\/www.portovenere.fr\/fr-fr\/carrelage-sol-et-mur-en-gres-cerame-et-faience\/les-creations-carrelage-decoratif-a-motifs-aspect-carreau-ciment\/carrelage-melange-de-matieres\/carrelage-aspect-bois-et-marbre-a-mixer-pour-sol-et-mur-sixty-degres\/\" target=\"_blank\" rel=\"noopener\"><b>Sixty Degr\u00e8s<\/b><\/a>\u00a0par exemple.<\/p>\t\t\t\t\t\t\t\t<\/div>\n\t\t\t\t<\/div>\n\t\t\t\t<div class=\"elementor-element elementor-element-629682f elementor-mobile-align-center elementor-widget elementor-widget-button\" data-id=\"629682f\" data-element_type=\"widget\" data-e-type=\"widget\" data-widget_type=\"button.default\">\n\t\t\t\t<div class=\"elementor-widget-container\">\n\t\t\t\t\t\t\t\t\t<div class=\"elementor-button-wrapper\">\n\t\t\t\t\t<a class=\"elementor-button elementor-button-link elementor-size-sm\" href=\"https:\/\/www.portovenere.fr\/fr-fr\/carrelage-melange-de-matieres\/carrelage-original-a-mixer-pour-sol-et-mur-en-gres-cerame-amore\/\">\n\t\t\t\t\t\t<span class=\"elementor-button-content-wrapper\">\n\t\t\t\t\t\t\t\t\t<span class=\"elementor-button-text\">Voir la collection<\/span>\n\t\t\t\t\t<\/span>\n\t\t\t\t\t<\/a>\n\t\t\t\t<\/div>\n\t\t\t\t\t\t\t\t<\/div>\n\t\t\t\t<\/div>\n\t\t\t\t\t<\/div>\n\t\t<\/div>\n\t\t\t\t\t<\/div>\n\t\t<\/section>\n\t\t\t\t\t<\/div>\n\t\t<\/div>\n\t\t\t\t\t<\/div>\n\t\t<\/section>\n\t\t\t\t<section class=\"elementor-section elementor-top-section elementor-element elementor-element-f5942bd elementor-section-full_width elementor-section-height-default elementor-section-height-default elementor-invisible\" data-id=\"f5942bd\" data-element_type=\"section\" data-e-type=\"section\" data-settings=\"{&quot;animation&quot;:&quot;fadeIn&quot;}\">\n\t\t\t\t\t\t<div class=\"elementor-container elementor-column-gap-default\">\n\t\t\t\t\t<div class=\"elementor-column elementor-col-33 elementor-top-column elementor-element elementor-element-c3b6e09 elementor-invisible\" data-id=\"c3b6e09\" data-element_type=\"column\" data-e-type=\"column\" data-settings=\"{&quot;animation&quot;:&quot;fadeIn&quot;,&quot;background_background&quot;:&quot;classic&quot;}\">\n\t\t\t<div class=\"elementor-widget-wrap elementor-element-populated\">\n\t\t\t\t\t\t<section class=\"elementor-section elementor-inner-section elementor-element elementor-element-d1389c6 elementor-section-boxed elementor-section-height-default elementor-section-height-default elementor-invisible\" data-id=\"d1389c6\" data-element_type=\"section\" data-e-type=\"section\" data-settings=\"{&quot;background_background&quot;:&quot;classic&quot;,&quot;animation&quot;:&quot;fadeIn&quot;}\">\n\t\t\t\t\t\t<div class=\"elementor-container elementor-column-gap-default\">\n\t\t\t\t\t<div class=\"elementor-column elementor-col-100 elementor-inner-column elementor-element elementor-element-8495952\" data-id=\"8495952\" data-element_type=\"column\" data-e-type=\"column\">\n\t\t\t<div class=\"elementor-widget-wrap elementor-element-populated\">\n\t\t\t\t\t\t<div class=\"elementor-element elementor-element-76e6b04 elementor-widget elementor-widget-image\" data-id=\"76e6b04\" data-element_type=\"widget\" data-e-type=\"widget\" data-widget_type=\"image.default\">\n\t\t\t\t<div class=\"elementor-widget-container\">\n\t\t\t\t\t\t\t\t\t\t\t\t\t\t\t\t<a href=\"https:\/\/www.portovenere.fr\/fr-fr\/carrelage-sol-et-mur-en-gres-cerame-et-faience\/carrelage-mural-et-sol-effet-brique\/carrelage-grizz-effet-granit-marbre-et-chrome-au-design-brutaliste-contemporain\/\">\n\t\t\t\t\t\t\t<img loading=\"lazy\" decoding=\"async\" width=\"768\" height=\"349\" src=\"https:\/\/www.portovenere.fr\/fr-fr\/wp-content\/uploads\/2025\/10\/Carrelage-effet-granit-gris-et-marbre-vert-au-design-brutaliste-contemporain-GRIZZ-magasin-Porto_Venere_Montpellier-pres-de-Baillargues-34-768x349.jpg\" class=\"attachment-medium_large size-medium_large wp-image-66210\" alt=\"Carrelage effet granit et marbre au design brutaliste contemporain GRIZZ chez Porto Venere \u00e0 Montpellier\" srcset=\"https:\/\/www.portovenere.fr\/fr-fr\/wp-content\/uploads\/2025\/10\/Carrelage-effet-granit-gris-et-marbre-vert-au-design-brutaliste-contemporain-GRIZZ-magasin-Porto_Venere_Montpellier-pres-de-Baillargues-34-768x349.jpg 768w, https:\/\/www.portovenere.fr\/fr-fr\/wp-content\/uploads\/2025\/10\/Carrelage-effet-granit-gris-et-marbre-vert-au-design-brutaliste-contemporain-GRIZZ-magasin-Porto_Venere_Montpellier-pres-de-Baillargues-34-300x136.jpg 300w, https:\/\/www.portovenere.fr\/fr-fr\/wp-content\/uploads\/2025\/10\/Carrelage-effet-granit-gris-et-marbre-vert-au-design-brutaliste-contemporain-GRIZZ-magasin-Porto_Venere_Montpellier-pres-de-Baillargues-34-1024x465.jpg 1024w, https:\/\/www.portovenere.fr\/fr-fr\/wp-content\/uploads\/2025\/10\/Carrelage-effet-granit-gris-et-marbre-vert-au-design-brutaliste-contemporain-GRIZZ-magasin-Porto_Venere_Montpellier-pres-de-Baillargues-34-1536x698.jpg 1536w, https:\/\/www.portovenere.fr\/fr-fr\/wp-content\/uploads\/2025\/10\/Carrelage-effet-granit-gris-et-marbre-vert-au-design-brutaliste-contemporain-GRIZZ-magasin-Porto_Venere_Montpellier-pres-de-Baillargues-34.jpg 1760w\" sizes=\"(max-width: 768px) 100vw, 768px\" \/>\t\t\t\t\t\t\t\t<\/a>\n\t\t\t\t\t\t\t\t\t\t\t\t\t\t\t<\/div>\n\t\t\t\t<\/div>\n\t\t\t\t<div class=\"elementor-element elementor-element-af41eab elementor-widget elementor-widget-heading\" data-id=\"af41eab\" data-element_type=\"widget\" data-e-type=\"widget\" data-widget_type=\"heading.default\">\n\t\t\t\t<div class=\"elementor-widget-container\">\n\t\t\t\t\t<h3 class=\"elementor-heading-title elementor-size-default\"><a href=\"https:\/\/www.portovenere.fr\/fr-fr\/carrelage-sol-et-mur-en-gres-cerame-et-faience\/carrelage-mural-et-sol-effet-brique\/carrelage-grizz-effet-granit-marbre-et-chrome-au-design-brutaliste-contemporain\/\">GRIZZ | 3 aspects &amp; styles<\/a><\/h3>\t\t\t\t<\/div>\n\t\t\t\t<\/div>\n\t\t\t\t<div class=\"elementor-element elementor-element-66052f7 elementor-widget__width-initial elementor-widget elementor-widget-gallery\" data-id=\"66052f7\" data-element_type=\"widget\" data-e-type=\"widget\" data-settings=\"{&quot;gap&quot;:{&quot;unit&quot;:&quot;px&quot;,&quot;size&quot;:3,&quot;sizes&quot;:[]},&quot;columns_mobile&quot;:3,&quot;gap_mobile&quot;:{&quot;unit&quot;:&quot;px&quot;,&quot;size&quot;:6,&quot;sizes&quot;:[]},&quot;columns&quot;:5,&quot;columns_tablet&quot;:3,&quot;gap_tablet&quot;:{&quot;unit&quot;:&quot;px&quot;,&quot;size&quot;:5,&quot;sizes&quot;:[]},&quot;lazyload&quot;:&quot;yes&quot;,&quot;gallery_layout&quot;:&quot;grid&quot;,&quot;aspect_ratio&quot;:&quot;3:2&quot;,&quot;overlay_background&quot;:&quot;yes&quot;,&quot;content_hover_animation&quot;:&quot;fade-in&quot;}\" data-widget_type=\"gallery.default\">\n\t\t\t\t<div class=\"elementor-widget-container\">\n\t\t\t\t\t\t\t<div class=\"elementor-gallery__container\">\n\t\t\t\t\t\t\t<div class=\"e-gallery-item elementor-gallery-item elementor-animated-content\">\n\t\t\t\t\t<div class=\"e-gallery-image elementor-gallery-item__image\" data-thumbnail=\"https:\/\/www.portovenere.fr\/fr-fr\/wp-content\/uploads\/2025\/10\/Carrelage-mural-bicolore-vert-et-blanc-gris-chine-style-marbre-et-pierre-GRIZZ-mosaique-Stripes-30x30-cm-effet-brique-Magasin-a-Montpellier-150x150.jpg\" data-width=\"150\" data-height=\"150\" aria-label=\"Cr\u00e9dence murale style rganit et marbre vert en alternance format briquette Magasin Porto Venere \u00e0 Montpellier dans l&#039;H\u00e9rault\" role=\"img\" ><\/div>\n\t\t\t\t\t\t\t\t\t\t\t<div class=\"elementor-gallery-item__overlay\"><\/div>\n\t\t\t\t\t\t\t\t\t\t\t\t\t\t<\/div>\n\t\t\t\t\t\t\t<div class=\"e-gallery-item elementor-gallery-item elementor-animated-content\">\n\t\t\t\t\t<div class=\"e-gallery-image elementor-gallery-item__image\" data-thumbnail=\"https:\/\/www.portovenere.fr\/fr-fr\/wp-content\/uploads\/2025\/10\/Carrelage-mural-effet-chrome-format-brique-5x25-cm-GRIZZ-Cromo-brillant-magasin-carreaux-decor-originaux-pour-professionnels-et-particuliers-dans-lHerault-34-150x150.jpg\" data-width=\"150\" data-height=\"150\" aria-label=\"Carrelage mural effet chrom\u00e9 brillant reflet\" role=\"img\" ><\/div>\n\t\t\t\t\t\t\t\t\t\t\t<div class=\"elementor-gallery-item__overlay\"><\/div>\n\t\t\t\t\t\t\t\t\t\t\t\t\t\t<\/div>\n\t\t\t\t\t<\/div>\n\t\t\t\t\t<\/div>\n\t\t\t\t<\/div>\n\t\t\t\t<div class=\"elementor-element elementor-element-5254ddd elementor-widget elementor-widget-text-editor\" data-id=\"5254ddd\" data-element_type=\"widget\" data-e-type=\"widget\" data-widget_type=\"text-editor.default\">\n\t\t\t\t<div class=\"elementor-widget-container\">\n\t\t\t\t\t\t\t\t\t<p><strong data-start=\"1257\" data-end=\"1266\">GRIZZ<\/strong> est une collection de carrelage inspir\u00e9e du brutalisme et de la sophistication sud-am\u00e9ricaine. Elle associe un <strong data-start=\"1378\" data-end=\"1394\">effet granit<\/strong> d\u00e9clin\u00e9 en finitions <strong data-start=\"1416\" data-end=\"1427\">Natural<\/strong> et <strong data-start=\"1431\" data-end=\"1441\">Rugged<\/strong>, un <strong data-start=\"1446\" data-end=\"1466\">marbre Guatemala<\/strong> profond et un <strong data-start=\"1481\" data-end=\"1505\">format argent\u00e9 Cromo<\/strong> aux reflets brillants. Ensemble, ces textures cr\u00e9ent un dialogue saisissant entre <strong data-start=\"1588\" data-end=\"1623\">mati\u00e8re brute et \u00e9clat pr\u00e9cieux<\/strong>, id\u00e9al pour sublimer les int\u00e9rieurs contemporains au style affirm\u00e9.<\/p>\t\t\t\t\t\t\t\t<\/div>\n\t\t\t\t<\/div>\n\t\t\t\t<div class=\"elementor-element elementor-element-e9aa5e4 elementor-mobile-align-center elementor-widget elementor-widget-button\" data-id=\"e9aa5e4\" data-element_type=\"widget\" data-e-type=\"widget\" data-widget_type=\"button.default\">\n\t\t\t\t<div class=\"elementor-widget-container\">\n\t\t\t\t\t\t\t\t\t<div class=\"elementor-button-wrapper\">\n\t\t\t\t\t<a class=\"elementor-button elementor-button-link elementor-size-sm\" href=\"https:\/\/www.portovenere.fr\/fr-fr\/carrelage-sol-et-mur-en-gres-cerame-et-faience\/carrelage-mural-et-sol-effet-brique\/carrelage-grizz-effet-granit-marbre-et-chrome-au-design-brutaliste-contemporain\/\">\n\t\t\t\t\t\t<span class=\"elementor-button-content-wrapper\">\n\t\t\t\t\t\t\t\t\t<span class=\"elementor-button-text\">Voir la collection<\/span>\n\t\t\t\t\t<\/span>\n\t\t\t\t\t<\/a>\n\t\t\t\t<\/div>\n\t\t\t\t\t\t\t\t<\/div>\n\t\t\t\t<\/div>\n\t\t\t\t\t<\/div>\n\t\t<\/div>\n\t\t\t\t\t<\/div>\n\t\t<\/section>\n\t\t\t\t\t<\/div>\n\t\t<\/div>\n\t\t\t\t<div class=\"elementor-column elementor-col-33 elementor-top-column elementor-element elementor-element-ca903f7\" data-id=\"ca903f7\" data-element_type=\"column\" data-e-type=\"column\">\n\t\t\t<div class=\"elementor-widget-wrap\">\n\t\t\t\t\t\t\t<\/div>\n\t\t<\/div>\n\t\t\t\t<div class=\"elementor-column elementor-col-33 elementor-top-column elementor-element elementor-element-6e6f5a8\" data-id=\"6e6f5a8\" data-element_type=\"column\" data-e-type=\"column\">\n\t\t\t<div class=\"elementor-widget-wrap\">\n\t\t\t\t\t\t\t<\/div>\n\t\t<\/div>\n\t\t\t\t\t<\/div>\n\t\t<\/section>\n\t\t\t\t<section class=\"elementor-section elementor-top-section elementor-element elementor-element-953d373 elementor-section-stretched elementor-section-full_width elementor-section-height-default elementor-section-height-default\" data-id=\"953d373\" data-element_type=\"section\" data-e-type=\"section\" data-settings=\"{&quot;stretch_section&quot;:&quot;section-stretched&quot;}\">\n\t\t\t\t\t\t<div class=\"elementor-container elementor-column-gap-default\">\n\t\t\t\t\t<div class=\"elementor-column elementor-col-100 elementor-top-column elementor-element elementor-element-428d2f9\" data-id=\"428d2f9\" data-element_type=\"column\" data-e-type=\"column\">\n\t\t\t<div class=\"elementor-widget-wrap elementor-element-populated\">\n\t\t\t\t\t\t<div class=\"elementor-element elementor-element-5e541fb elementor-widget elementor-widget-spacer\" data-id=\"5e541fb\" data-element_type=\"widget\" data-e-type=\"widget\" data-widget_type=\"spacer.default\">\n\t\t\t\t<div class=\"elementor-widget-container\">\n\t\t\t\t\t\t\t<div class=\"elementor-spacer\">\n\t\t\t<div class=\"elementor-spacer-inner\"><\/div>\n\t\t<\/div>\n\t\t\t\t\t\t<\/div>\n\t\t\t\t<\/div>\n\t\t\t\t\t<\/div>\n\t\t<\/div>\n\t\t\t\t\t<\/div>\n\t\t<\/section>\n\t\t\t\t<section class=\"elementor-section elementor-top-section elementor-element elementor-element-3b3f1e1 elementor-section-boxed elementor-section-height-default elementor-section-height-default\" data-id=\"3b3f1e1\" data-element_type=\"section\" data-e-type=\"section\">\n\t\t\t\t\t\t<div class=\"elementor-container elementor-column-gap-default\">\n\t\t\t\t\t<div class=\"elementor-column elementor-col-100 elementor-top-column elementor-element elementor-element-f8f7941\" data-id=\"f8f7941\" data-element_type=\"column\" data-e-type=\"column\">\n\t\t\t<div class=\"elementor-widget-wrap elementor-element-populated\">\n\t\t\t\t\t\t<section class=\"elementor-section elementor-inner-section elementor-element elementor-element-8e8a729 elementor-section-boxed elementor-section-height-default elementor-section-height-default elementor-invisible\" data-id=\"8e8a729\" data-element_type=\"section\" data-e-type=\"section\" data-settings=\"{&quot;background_background&quot;:&quot;classic&quot;,&quot;animation&quot;:&quot;fadeInRight&quot;}\">\n\t\t\t\t\t\t<div class=\"elementor-container elementor-column-gap-default\">\n\t\t\t\t\t<div class=\"elementor-column elementor-col-50 elementor-inner-column elementor-element elementor-element-336c788 elementor-invisible\" data-id=\"336c788\" data-element_type=\"column\" data-e-type=\"column\" data-settings=\"{&quot;background_background&quot;:&quot;classic&quot;,&quot;animation&quot;:&quot;fadeInLeft&quot;}\">\n\t\t\t<div class=\"elementor-widget-wrap elementor-element-populated\">\n\t\t\t\t\t\t<div class=\"elementor-element elementor-element-879ddc7 elementor-widget elementor-widget-heading\" data-id=\"879ddc7\" data-element_type=\"widget\" data-e-type=\"widget\" data-widget_type=\"heading.default\">\n\t\t\t\t<div class=\"elementor-widget-container\">\n\t\t\t\t\t<p class=\"elementor-heading-title elementor-size-default\">Revenir sur la page \"Les Cr\u00e9ations\"<\/p>\t\t\t\t<\/div>\n\t\t\t\t<\/div>\n\t\t\t\t<div class=\"elementor-element elementor-element-1f4b815 elementor-mobile-align-center elementor-align-center elementor-widget elementor-widget-button\" data-id=\"1f4b815\" data-element_type=\"widget\" data-e-type=\"widget\" data-widget_type=\"button.default\">\n\t\t\t\t<div class=\"elementor-widget-container\">\n\t\t\t\t\t\t\t\t\t<div class=\"elementor-button-wrapper\">\n\t\t\t\t\t<a class=\"elementor-button elementor-button-link elementor-size-sm\" href=\"https:\/\/www.portovenere.fr\/fr-fr\/carrelage-sol-et-mur-en-gres-cerame-et-faience\/les-creations-carrelage-decoratif-a-motifs-aspect-carreau-ciment\/\">\n\t\t\t\t\t\t<span class=\"elementor-button-content-wrapper\">\n\t\t\t\t\t\t\t\t\t<span class=\"elementor-button-text\">Retour<\/span>\n\t\t\t\t\t<\/span>\n\t\t\t\t\t<\/a>\n\t\t\t\t<\/div>\n\t\t\t\t\t\t\t\t<\/div>\n\t\t\t\t<\/div>\n\t\t\t\t\t<\/div>\n\t\t<\/div>\n\t\t\t\t<div class=\"elementor-column elementor-col-50 elementor-inner-column elementor-element elementor-element-74b4c5d elementor-invisible\" data-id=\"74b4c5d\" data-element_type=\"column\" data-e-type=\"column\" data-settings=\"{&quot;background_background&quot;:&quot;classic&quot;,&quot;animation&quot;:&quot;fadeInLeft&quot;}\">\n\t\t\t<div class=\"elementor-widget-wrap elementor-element-populated\">\n\t\t\t\t\t\t<div class=\"elementor-element elementor-element-97e919f elementor-widget elementor-widget-heading\" data-id=\"97e919f\" data-element_type=\"widget\" data-e-type=\"widget\" data-widget_type=\"heading.default\">\n\t\t\t\t<div class=\"elementor-widget-container\">\n\t\t\t\t\t<p class=\"elementor-heading-title elementor-size-default\">D\u00e9couvrir les collections suivantes<\/p>\t\t\t\t<\/div>\n\t\t\t\t<\/div>\n\t\t\t\t<div class=\"elementor-element elementor-element-d0cad86 elementor-mobile-align-center elementor-align-center elementor-widget elementor-widget-button\" data-id=\"d0cad86\" data-element_type=\"widget\" data-e-type=\"widget\" data-widget_type=\"button.default\">\n\t\t\t\t<div class=\"elementor-widget-container\">\n\t\t\t\t\t\t\t\t\t<div class=\"elementor-button-wrapper\">\n\t\t\t\t\t<a class=\"elementor-button elementor-button-link elementor-size-sm\" href=\"https:\/\/www.portovenere.fr\/fr-fr\/carrelage-sol-et-mur-en-gres-cerame-et-faience\/les-creations-carrelage-decoratif-a-motifs-aspect-carreau-ciment\/carrelage-colore\/\">\n\t\t\t\t\t\t<span class=\"elementor-button-content-wrapper\">\n\t\t\t\t\t\t\t\t\t<span class=\"elementor-button-text\">LES Color\u00e9s<\/span>\n\t\t\t\t\t<\/span>\n\t\t\t\t\t<\/a>\n\t\t\t\t<\/div>\n\t\t\t\t\t\t\t\t<\/div>\n\t\t\t\t<\/div>\n\t\t\t\t\t<\/div>\n\t\t<\/div>\n\t\t\t\t\t<\/div>\n\t\t<\/section>\n\t\t\t\t\t<\/div>\n\t\t<\/div>\n\t\t\t\t\t<\/div>\n\t\t<\/section>\n\t\t\t\t<section class=\"elementor-section elementor-top-section elementor-element elementor-element-68cb857f elementor-section-full_width elementor-section-height-default elementor-section-height-default\" data-id=\"68cb857f\" data-element_type=\"section\" data-e-type=\"section\" data-settings=\"{&quot;background_background&quot;:&quot;classic&quot;}\">\n\t\t\t\t\t\t<div class=\"elementor-container elementor-column-gap-default\">\n\t\t\t\t\t<div class=\"elementor-column elementor-col-100 elementor-top-column elementor-element elementor-element-4c853df3\" data-id=\"4c853df3\" data-element_type=\"column\" data-e-type=\"column\">\n\t\t\t<div class=\"elementor-widget-wrap elementor-element-populated\">\n\t\t\t\t\t\t<div class=\"elementor-element elementor-element-bfb0ef2 elementor-widget-divider--view-line elementor-widget elementor-widget-divider\" data-id=\"bfb0ef2\" data-element_type=\"widget\" data-e-type=\"widget\" data-widget_type=\"divider.default\">\n\t\t\t\t<div class=\"elementor-widget-container\">\n\t\t\t\t\t\t\t<div class=\"elementor-divider\">\n\t\t\t<span class=\"elementor-divider-separator\">\n\t\t\t\t\t\t<\/span>\n\t\t<\/div>\n\t\t\t\t\t\t<\/div>\n\t\t\t\t<\/div>\n\t\t\t\t<div class=\"elementor-element elementor-element-eac55a8 elementor-widget elementor-widget-heading\" data-id=\"eac55a8\" data-element_type=\"widget\" data-e-type=\"widget\" data-widget_type=\"heading.default\">\n\t\t\t\t<div class=\"elementor-widget-container\">\n\t\t\t\t\t<h3 class=\"elementor-heading-title elementor-size-large\"><a href=\"#partager\">Partager<\/a><\/h3>\t\t\t\t<\/div>\n\t\t\t\t<\/div>\n\t\t\t\t<div class=\"elementor-element elementor-element-6b878f4b elementor-share-buttons--skin-minimal elementor-share-buttons--shape-circle elementor-share-buttons--view-icon-text elementor-grid-0 elementor-share-buttons--color-official elementor-widget elementor-widget-share-buttons\" data-id=\"6b878f4b\" data-element_type=\"widget\" data-e-type=\"widget\" data-widget_type=\"share-buttons.default\">\n\t\t\t\t<div class=\"elementor-widget-container\">\n\t\t\t\t\t\t\t<div class=\"elementor-grid\" role=\"list\">\n\t\t\t\t\t\t\t\t<div class=\"elementor-grid-item\" role=\"listitem\">\n\t\t\t\t\t\t<div class=\"elementor-share-btn elementor-share-btn_facebook\" role=\"button\" tabindex=\"0\" aria-label=\"Partager sur facebook\">\n\t\t\t\t\t\t\t\t\t\t\t\t\t\t\t<span class=\"elementor-share-btn__icon\">\n\t\t\t\t\t\t\t\t<svg aria-hidden=\"true\" class=\"e-font-icon-svg e-fab-facebook\" viewBox=\"0 0 512 512\" xmlns=\"http:\/\/www.w3.org\/2000\/svg\"><path d=\"M504 256C504 119 393 8 256 8S8 119 8 256c0 123.78 90.69 226.38 209.25 245V327.69h-63V256h63v-54.64c0-62.15 37-96.48 93.67-96.48 27.14 0 55.52 4.84 55.52 4.84v61h-31.28c-30.8 0-40.41 19.12-40.41 38.73V256h68.78l-11 71.69h-57.78V501C413.31 482.38 504 379.78 504 256z\"><\/path><\/svg>\t\t\t\t\t\t\t<\/span>\n\t\t\t\t\t\t\t\t\t\t\t\t\t\t\t\t\t\t\t\t\t\t<div class=\"elementor-share-btn__text\">\n\t\t\t\t\t\t\t\t\t\t\t\t\t\t\t\t\t\t\t<span class=\"elementor-share-btn__title\">\n\t\t\t\t\t\t\t\t\t\tFacebook\t\t\t\t\t\t\t\t\t<\/span>\n\t\t\t\t\t\t\t\t\t\t\t\t\t\t\t\t\t<\/div>\n\t\t\t\t\t\t\t\t\t\t\t\t\t<\/div>\n\t\t\t\t\t<\/div>\n\t\t\t\t\t\t\t\t\t<div class=\"elementor-grid-item\" role=\"listitem\">\n\t\t\t\t\t\t<div class=\"elementor-share-btn elementor-share-btn_pinterest\" role=\"button\" tabindex=\"0\" aria-label=\"Partager sur pinterest\">\n\t\t\t\t\t\t\t\t\t\t\t\t\t\t\t<span class=\"elementor-share-btn__icon\">\n\t\t\t\t\t\t\t\t<svg aria-hidden=\"true\" class=\"e-font-icon-svg e-fab-pinterest\" viewBox=\"0 0 496 512\" xmlns=\"http:\/\/www.w3.org\/2000\/svg\"><path d=\"M496 256c0 137-111 248-248 248-25.6 0-50.2-3.9-73.4-11.1 10.1-16.5 25.2-43.5 30.8-65 3-11.6 15.4-59 15.4-59 8.1 15.4 31.7 28.5 56.8 28.5 74.8 0 128.7-68.8 128.7-154.3 0-81.9-66.9-143.2-152.9-143.2-107 0-163.9 71.8-163.9 150.1 0 36.4 19.4 81.7 50.3 96.1 4.7 2.2 7.2 1.2 8.3-3.3.8-3.4 5-20.3 6.9-28.1.6-2.5.3-4.7-1.7-7.1-10.1-12.5-18.3-35.3-18.3-56.6 0-54.7 41.4-107.6 112-107.6 60.9 0 103.6 41.5 103.6 100.9 0 67.1-33.9 113.6-78 113.6-24.3 0-42.6-20.1-36.7-44.8 7-29.5 20.5-61.3 20.5-82.6 0-19-10.2-34.9-31.4-34.9-24.9 0-44.9 25.7-44.9 60.2 0 22 7.4 36.8 7.4 36.8s-24.5 103.8-29 123.2c-5 21.4-3 51.6-.9 71.2C65.4 450.9 0 361.1 0 256 0 119 111 8 248 8s248 111 248 248z\"><\/path><\/svg>\t\t\t\t\t\t\t<\/span>\n\t\t\t\t\t\t\t\t\t\t\t\t\t\t\t\t\t\t\t\t\t\t<div class=\"elementor-share-btn__text\">\n\t\t\t\t\t\t\t\t\t\t\t\t\t\t\t\t\t\t\t<span class=\"elementor-share-btn__title\">\n\t\t\t\t\t\t\t\t\t\tPinterest\t\t\t\t\t\t\t\t\t<\/span>\n\t\t\t\t\t\t\t\t\t\t\t\t\t\t\t\t\t<\/div>\n\t\t\t\t\t\t\t\t\t\t\t\t\t<\/div>\n\t\t\t\t\t<\/div>\n\t\t\t\t\t\t\t\t\t<div class=\"elementor-grid-item\" role=\"listitem\">\n\t\t\t\t\t\t<div class=\"elementor-share-btn elementor-share-btn_linkedin\" role=\"button\" tabindex=\"0\" aria-label=\"Partager sur linkedin\">\n\t\t\t\t\t\t\t\t\t\t\t\t\t\t\t<span class=\"elementor-share-btn__icon\">\n\t\t\t\t\t\t\t\t<svg aria-hidden=\"true\" class=\"e-font-icon-svg e-fab-linkedin\" viewBox=\"0 0 448 512\" xmlns=\"http:\/\/www.w3.org\/2000\/svg\"><path d=\"M416 32H31.9C14.3 32 0 46.5 0 64.3v383.4C0 465.5 14.3 480 31.9 480H416c17.6 0 32-14.5 32-32.3V64.3c0-17.8-14.4-32.3-32-32.3zM135.4 416H69V202.2h66.5V416zm-33.2-243c-21.3 0-38.5-17.3-38.5-38.5S80.9 96 102.2 96c21.2 0 38.5 17.3 38.5 38.5 0 21.3-17.2 38.5-38.5 38.5zm282.1 243h-66.4V312c0-24.8-.5-56.7-34.5-56.7-34.6 0-39.9 27-39.9 54.9V416h-66.4V202.2h63.7v29.2h.9c8.9-16.8 30.6-34.5 62.9-34.5 67.2 0 79.7 44.3 79.7 101.9V416z\"><\/path><\/svg>\t\t\t\t\t\t\t<\/span>\n\t\t\t\t\t\t\t\t\t\t\t\t\t\t\t\t\t\t\t\t\t\t<div class=\"elementor-share-btn__text\">\n\t\t\t\t\t\t\t\t\t\t\t\t\t\t\t\t\t\t\t<span class=\"elementor-share-btn__title\">\n\t\t\t\t\t\t\t\t\t\tLinkedIn\t\t\t\t\t\t\t\t\t<\/span>\n\t\t\t\t\t\t\t\t\t\t\t\t\t\t\t\t\t<\/div>\n\t\t\t\t\t\t\t\t\t\t\t\t\t<\/div>\n\t\t\t\t\t<\/div>\n\t\t\t\t\t\t\t\t\t<div class=\"elementor-grid-item\" role=\"listitem\">\n\t\t\t\t\t\t<div class=\"elementor-share-btn elementor-share-btn_whatsapp\" role=\"button\" tabindex=\"0\" aria-label=\"Partager sur whatsapp\">\n\t\t\t\t\t\t\t\t\t\t\t\t\t\t\t<span class=\"elementor-share-btn__icon\">\n\t\t\t\t\t\t\t\t<svg aria-hidden=\"true\" class=\"e-font-icon-svg e-fab-whatsapp\" viewBox=\"0 0 448 512\" xmlns=\"http:\/\/www.w3.org\/2000\/svg\"><path d=\"M380.9 97.1C339 55.1 283.2 32 223.9 32c-122.4 0-222 99.6-222 222 0 39.1 10.2 77.3 29.6 111L0 480l117.7-30.9c32.4 17.7 68.9 27 106.1 27h.1c122.3 0 224.1-99.6 224.1-222 0-59.3-25.2-115-67.1-157zm-157 341.6c-33.2 0-65.7-8.9-94-25.7l-6.7-4-69.8 18.3L72 359.2l-4.4-7c-18.5-29.4-28.2-63.3-28.2-98.2 0-101.7 82.8-184.5 184.6-184.5 49.3 0 95.6 19.2 130.4 54.1 34.8 34.9 56.2 81.2 56.1 130.5 0 101.8-84.9 184.6-186.6 184.6zm101.2-138.2c-5.5-2.8-32.8-16.2-37.9-18-5.1-1.9-8.8-2.8-12.5 2.8-3.7 5.6-14.3 18-17.6 21.8-3.2 3.7-6.5 4.2-12 1.4-32.6-16.3-54-29.1-75.5-66-5.7-9.8 5.7-9.1 16.3-30.3 1.8-3.7.9-6.9-.5-9.7-1.4-2.8-12.5-30.1-17.1-41.2-4.5-10.8-9.1-9.3-12.5-9.5-3.2-.2-6.9-.2-10.6-.2-3.7 0-9.7 1.4-14.8 6.9-5.1 5.6-19.4 19-19.4 46.3 0 27.3 19.9 53.7 22.6 57.4 2.8 3.7 39.1 59.7 94.8 83.8 35.2 15.2 49 16.5 66.6 13.9 10.7-1.6 32.8-13.4 37.4-26.4 4.6-13 4.6-24.1 3.2-26.4-1.3-2.5-5-3.9-10.5-6.6z\"><\/path><\/svg>\t\t\t\t\t\t\t<\/span>\n\t\t\t\t\t\t\t\t\t\t\t\t\t\t\t\t\t\t\t\t\t\t<div class=\"elementor-share-btn__text\">\n\t\t\t\t\t\t\t\t\t\t\t\t\t\t\t\t\t\t\t<span class=\"elementor-share-btn__title\">\n\t\t\t\t\t\t\t\t\t\tWhatsApp\t\t\t\t\t\t\t\t\t<\/span>\n\t\t\t\t\t\t\t\t\t\t\t\t\t\t\t\t\t<\/div>\n\t\t\t\t\t\t\t\t\t\t\t\t\t<\/div>\n\t\t\t\t\t<\/div>\n\t\t\t\t\t\t\t\t\t<div class=\"elementor-grid-item\" role=\"listitem\">\n\t\t\t\t\t\t<div class=\"elementor-share-btn elementor-share-btn_twitter\" role=\"button\" tabindex=\"0\" aria-label=\"Partager sur twitter\">\n\t\t\t\t\t\t\t\t\t\t\t\t\t\t\t<span class=\"elementor-share-btn__icon\">\n\t\t\t\t\t\t\t\t<svg aria-hidden=\"true\" class=\"e-font-icon-svg e-fab-twitter\" viewBox=\"0 0 512 512\" xmlns=\"http:\/\/www.w3.org\/2000\/svg\"><path d=\"M459.37 151.716c.325 4.548.325 9.097.325 13.645 0 138.72-105.583 298.558-298.558 298.558-59.452 0-114.68-17.219-161.137-47.106 8.447.974 16.568 1.299 25.34 1.299 49.055 0 94.213-16.568 130.274-44.832-46.132-.975-84.792-31.188-98.112-72.772 6.498.974 12.995 1.624 19.818 1.624 9.421 0 18.843-1.3 27.614-3.573-48.081-9.747-84.143-51.98-84.143-102.985v-1.299c13.969 7.797 30.214 12.67 47.431 13.319-28.264-18.843-46.781-51.005-46.781-87.391 0-19.492 5.197-37.36 14.294-52.954 51.655 63.675 129.3 105.258 216.365 109.807-1.624-7.797-2.599-15.918-2.599-24.04 0-57.828 46.782-104.934 104.934-104.934 30.213 0 57.502 12.67 76.67 33.137 23.715-4.548 46.456-13.32 66.599-25.34-7.798 24.366-24.366 44.833-46.132 57.827 21.117-2.273 41.584-8.122 60.426-16.243-14.292 20.791-32.161 39.308-52.628 54.253z\"><\/path><\/svg>\t\t\t\t\t\t\t<\/span>\n\t\t\t\t\t\t\t\t\t\t\t\t\t\t\t\t\t\t\t\t\t\t<div class=\"elementor-share-btn__text\">\n\t\t\t\t\t\t\t\t\t\t\t\t\t\t\t\t\t\t\t<span class=\"elementor-share-btn__title\">\n\t\t\t\t\t\t\t\t\t\tTwitter\t\t\t\t\t\t\t\t\t<\/span>\n\t\t\t\t\t\t\t\t\t\t\t\t\t\t\t\t\t<\/div>\n\t\t\t\t\t\t\t\t\t\t\t\t\t<\/div>\n\t\t\t\t\t<\/div>\n\t\t\t\t\t\t\t\t\t<div class=\"elementor-grid-item\" role=\"listitem\">\n\t\t\t\t\t\t<div class=\"elementor-share-btn elementor-share-btn_email\" role=\"button\" tabindex=\"0\" aria-label=\"Partager sur email\">\n\t\t\t\t\t\t\t\t\t\t\t\t\t\t\t<span class=\"elementor-share-btn__icon\">\n\t\t\t\t\t\t\t\t<svg aria-hidden=\"true\" class=\"e-font-icon-svg e-fas-envelope\" viewBox=\"0 0 512 512\" xmlns=\"http:\/\/www.w3.org\/2000\/svg\"><path d=\"M502.3 190.8c3.9-3.1 9.7-.2 9.7 4.7V400c0 26.5-21.5 48-48 48H48c-26.5 0-48-21.5-48-48V195.6c0-5 5.7-7.8 9.7-4.7 22.4 17.4 52.1 39.5 154.1 113.6 21.1 15.4 56.7 47.8 92.2 47.6 35.7.3 72-32.8 92.3-47.6 102-74.1 131.6-96.3 154-113.7zM256 320c23.2.4 56.6-29.2 73.4-41.4 132.7-96.3 142.8-104.7 173.4-128.7 5.8-4.5 9.2-11.5 9.2-18.9v-19c0-26.5-21.5-48-48-48H48C21.5 64 0 85.5 0 112v19c0 7.4 3.4 14.3 9.2 18.9 30.6 23.9 40.7 32.4 173.4 128.7 16.8 12.2 50.2 41.8 73.4 41.4z\"><\/path><\/svg>\t\t\t\t\t\t\t<\/span>\n\t\t\t\t\t\t\t\t\t\t\t\t\t\t\t\t\t\t\t\t\t\t<div class=\"elementor-share-btn__text\">\n\t\t\t\t\t\t\t\t\t\t\t\t\t\t\t\t\t\t\t<span class=\"elementor-share-btn__title\">\n\t\t\t\t\t\t\t\t\t\tEmail\t\t\t\t\t\t\t\t\t<\/span>\n\t\t\t\t\t\t\t\t\t\t\t\t\t\t\t\t\t<\/div>\n\t\t\t\t\t\t\t\t\t\t\t\t\t<\/div>\n\t\t\t\t\t<\/div>\n\t\t\t\t\t\t\t\t\t<div class=\"elementor-grid-item\" role=\"listitem\">\n\t\t\t\t\t\t<div class=\"elementor-share-btn elementor-share-btn_print\" role=\"button\" tabindex=\"0\" aria-label=\"Partager sur print\">\n\t\t\t\t\t\t\t\t\t\t\t\t\t\t\t<span class=\"elementor-share-btn__icon\">\n\t\t\t\t\t\t\t\t<svg aria-hidden=\"true\" class=\"e-font-icon-svg e-fas-print\" viewBox=\"0 0 512 512\" xmlns=\"http:\/\/www.w3.org\/2000\/svg\"><path d=\"M448 192V77.25c0-8.49-3.37-16.62-9.37-22.63L393.37 9.37c-6-6-14.14-9.37-22.63-9.37H96C78.33 0 64 14.33 64 32v160c-35.35 0-64 28.65-64 64v112c0 8.84 7.16 16 16 16h48v96c0 17.67 14.33 32 32 32h320c17.67 0 32-14.33 32-32v-96h48c8.84 0 16-7.16 16-16V256c0-35.35-28.65-64-64-64zm-64 256H128v-96h256v96zm0-224H128V64h192v48c0 8.84 7.16 16 16 16h48v96zm48 72c-13.25 0-24-10.75-24-24 0-13.26 10.75-24 24-24s24 10.74 24 24c0 13.25-10.75 24-24 24z\"><\/path><\/svg>\t\t\t\t\t\t\t<\/span>\n\t\t\t\t\t\t\t\t\t\t\t\t\t\t\t\t\t\t\t\t\t\t<div class=\"elementor-share-btn__text\">\n\t\t\t\t\t\t\t\t\t\t\t\t\t\t\t\t\t\t\t<span class=\"elementor-share-btn__title\">\n\t\t\t\t\t\t\t\t\t\tImprimer\t\t\t\t\t\t\t\t\t<\/span>\n\t\t\t\t\t\t\t\t\t\t\t\t\t\t\t\t\t<\/div>\n\t\t\t\t\t\t\t\t\t\t\t\t\t<\/div>\n\t\t\t\t\t<\/div>\n\t\t\t\t\t\t<\/div>\n\t\t\t\t\t\t<\/div>\n\t\t\t\t<\/div>\n\t\t\t\t<div class=\"elementor-element elementor-element-79c0ba3f elementor-widget elementor-widget-facebook-button\" data-id=\"79c0ba3f\" data-element_type=\"widget\" data-e-type=\"widget\" data-widget_type=\"facebook-button.default\">\n\t\t\t\t<div class=\"elementor-widget-container\">\n\t\t\t\t\t\t\t<div data-layout=\"standard\" data-colorscheme=\"light\" data-size=\"small\" data-show-faces=\"false\" class=\"elementor-facebook-widget fb-like\" data-href=\"https:\/\/www.portovenere.fr\/fr-fr?p=21716\" data-share=\"false\" data-action=\"like\"><\/div>\n\t\t\t\t\t\t<\/div>\n\t\t\t\t<\/div>\n\t\t\t\t\t<\/div>\n\t\t<\/div>\n\t\t\t\t\t<\/div>\n\t\t<\/section>\n\t\t\t\t<\/div>\n\t\t","protected":false},"excerpt":{"rendered":"<p>Une belle s\u00e9lection de carrelage aux m\u00e9langes de mati\u00e8res pour sublimer vos espaces : effet bois, marbre, pierre contemporaine&#8230;dans des formats originaux.<\/p>\n","protected":false},"author":2,"featured_media":21140,"parent":0,"menu_order":0,"comment_status":"closed","ping_status":"closed","template":"","meta":{"_monsterinsights_skip_tracking":false,"_monsterinsights_sitenote_active":false,"_monsterinsights_sitenote_note":"","_monsterinsights_sitenote_category":0,"_uf_show_specific_survey":0,"_uf_disable_surveys":false,"footnotes":""},"class_list":["post-21716","page","type-page","status-publish","has-post-thumbnail","hentry"],"yoast_head":"<!-- This site is optimized with the Yoast SEO plugin v27.5 - https:\/\/yoast.com\/product\/yoast-seo-wordpress\/ -->\n<title>Carrelage m\u00e9lange de mati\u00e8res - Porto Venere<\/title>\n<meta name=\"description\" content=\"Une belle s\u00e9lection de carrelage aux m\u00e9langes de mati\u00e8res pour sublimer vos espaces : effet bois, marbre, pierre contemporaine...dans des formats originaux.\" \/>\n<meta name=\"robots\" content=\"index, follow, max-snippet:-1, max-image-preview:large, max-video-preview:-1\" \/>\n<link rel=\"canonical\" href=\"https:\/\/www.portovenere.fr\/fr-fr\/carrelage-melange-de-matieres\/\" \/>\n<meta property=\"og:locale\" content=\"fr_FR\" \/>\n<meta property=\"og:type\" content=\"article\" \/>\n<meta property=\"og:title\" content=\"Carrelage m\u00e9lange de mati\u00e8res - Porto Venere\" \/>\n<meta property=\"og:description\" content=\"Une belle s\u00e9lection de carrelage aux m\u00e9langes de mati\u00e8res pour sublimer vos espaces : effet bois, marbre, pierre contemporaine...dans des formats originaux.\" \/>\n<meta property=\"og:url\" content=\"https:\/\/www.portovenere.fr\/fr-fr\/carrelage-melange-de-matieres\/\" \/>\n<meta property=\"og:site_name\" content=\"Porto Venere\" \/>\n<meta property=\"article:publisher\" content=\"https:\/\/www.facebook.com\/portovenere34\/\" \/>\n<meta property=\"article:modified_time\" content=\"2025-10-15T14:13:04+00:00\" \/>\n<meta property=\"og:image\" content=\"https:\/\/www.portovenere.fr\/fr-fr\/wp-content\/uploads\/2019\/12\/Carrelage-d\u00e9cor_sol-et-mur_M\u00e9lange-de-mati\u00e8res_60-Degr\u00e9s.jpg\" \/>\n\t<meta property=\"og:image:width\" content=\"1000\" \/>\n\t<meta property=\"og:image:height\" content=\"421\" \/>\n\t<meta property=\"og:image:type\" content=\"image\/jpeg\" \/>\n<meta name=\"twitter:card\" content=\"summary_large_image\" \/>\n<meta name=\"twitter:label1\" content=\"Dur\u00e9e de lecture estim\u00e9e\" \/>\n\t<meta name=\"twitter:data1\" content=\"6 minutes\" \/>\n<script type=\"application\/ld+json\" class=\"yoast-schema-graph\">{\"@context\":\"https:\\\/\\\/schema.org\",\"@graph\":[{\"@type\":\"WebPage\",\"@id\":\"https:\\\/\\\/www.portovenere.fr\\\/fr-fr\\\/carrelage-melange-de-matieres\\\/\",\"url\":\"https:\\\/\\\/www.portovenere.fr\\\/fr-fr\\\/carrelage-melange-de-matieres\\\/\",\"name\":\"Carrelage m\u00e9lange de mati\u00e8res - Porto Venere\",\"isPartOf\":{\"@id\":\"https:\\\/\\\/www.portovenere.fr\\\/fr-fr\\\/#website\"},\"primaryImageOfPage\":{\"@id\":\"https:\\\/\\\/www.portovenere.fr\\\/fr-fr\\\/carrelage-melange-de-matieres\\\/#primaryimage\"},\"image\":{\"@id\":\"https:\\\/\\\/www.portovenere.fr\\\/fr-fr\\\/carrelage-melange-de-matieres\\\/#primaryimage\"},\"thumbnailUrl\":\"https:\\\/\\\/www.portovenere.fr\\\/fr-fr\\\/wp-content\\\/uploads\\\/2019\\\/12\\\/Carrelage-d\u00e9cor_sol-et-mur_M\u00e9lange-de-mati\u00e8res_60-Degr\u00e9s.jpg\",\"datePublished\":\"2019-12-23T14:47:51+00:00\",\"dateModified\":\"2025-10-15T14:13:04+00:00\",\"description\":\"Une belle s\u00e9lection de carrelage aux m\u00e9langes de mati\u00e8res pour sublimer vos espaces : effet bois, marbre, pierre contemporaine...dans des formats originaux.\",\"breadcrumb\":{\"@id\":\"https:\\\/\\\/www.portovenere.fr\\\/fr-fr\\\/carrelage-melange-de-matieres\\\/#breadcrumb\"},\"inLanguage\":\"fr-FR\",\"potentialAction\":[{\"@type\":\"ReadAction\",\"target\":[\"https:\\\/\\\/www.portovenere.fr\\\/fr-fr\\\/carrelage-melange-de-matieres\\\/\"]}]},{\"@type\":\"ImageObject\",\"inLanguage\":\"fr-FR\",\"@id\":\"https:\\\/\\\/www.portovenere.fr\\\/fr-fr\\\/carrelage-melange-de-matieres\\\/#primaryimage\",\"url\":\"https:\\\/\\\/www.portovenere.fr\\\/fr-fr\\\/wp-content\\\/uploads\\\/2019\\\/12\\\/Carrelage-d\u00e9cor_sol-et-mur_M\u00e9lange-de-mati\u00e8res_60-Degr\u00e9s.jpg\",\"contentUrl\":\"https:\\\/\\\/www.portovenere.fr\\\/fr-fr\\\/wp-content\\\/uploads\\\/2019\\\/12\\\/Carrelage-d\u00e9cor_sol-et-mur_M\u00e9lange-de-mati\u00e8res_60-Degr\u00e9s.jpg\",\"width\":1000,\"height\":421,\"caption\":\"Collection Sixty degr\u00e8s\"},{\"@type\":\"BreadcrumbList\",\"@id\":\"https:\\\/\\\/www.portovenere.fr\\\/fr-fr\\\/carrelage-melange-de-matieres\\\/#breadcrumb\",\"itemListElement\":[{\"@type\":\"ListItem\",\"position\":1,\"name\":\"Page d'accueil\",\"item\":\"https:\\\/\\\/www.portovenere.fr\\\/fr-fr\\\/\"},{\"@type\":\"ListItem\",\"position\":2,\"name\":\"Carrelage m\u00e9lange de mati\u00e8res\"}]},{\"@type\":\"WebSite\",\"@id\":\"https:\\\/\\\/www.portovenere.fr\\\/fr-fr\\\/#website\",\"url\":\"https:\\\/\\\/www.portovenere.fr\\\/fr-fr\\\/\",\"name\":\"Porto Venere\",\"description\":\"Magasin de carrelage, cuisine, salle de bain \u00e0 Montpellier dans l&#039;H\u00e9rault\",\"publisher\":{\"@id\":\"https:\\\/\\\/www.portovenere.fr\\\/fr-fr\\\/#organization\"},\"potentialAction\":[{\"@type\":\"SearchAction\",\"target\":{\"@type\":\"EntryPoint\",\"urlTemplate\":\"https:\\\/\\\/www.portovenere.fr\\\/fr-fr\\\/?s={search_term_string}\"},\"query-input\":{\"@type\":\"PropertyValueSpecification\",\"valueRequired\":true,\"valueName\":\"search_term_string\"}}],\"inLanguage\":\"fr-FR\"},{\"@type\":\"Organization\",\"@id\":\"https:\\\/\\\/www.portovenere.fr\\\/fr-fr\\\/#organization\",\"name\":\"Porto Venere - Carrelage Usine Center SARL\",\"url\":\"https:\\\/\\\/www.portovenere.fr\\\/fr-fr\\\/\",\"logo\":{\"@type\":\"ImageObject\",\"inLanguage\":\"fr-FR\",\"@id\":\"https:\\\/\\\/www.portovenere.fr\\\/fr-fr\\\/#\\\/schema\\\/logo\\\/image\\\/\",\"url\":\"https:\\\/\\\/www.portovenere.fr\\\/fr-fr\\\/wp-content\\\/uploads\\\/2019\\\/05\\\/logo3.png\",\"contentUrl\":\"https:\\\/\\\/www.portovenere.fr\\\/fr-fr\\\/wp-content\\\/uploads\\\/2019\\\/05\\\/logo3.png\",\"width\":388,\"height\":120,\"caption\":\"Porto Venere - Carrelage Usine Center SARL\"},\"image\":{\"@id\":\"https:\\\/\\\/www.portovenere.fr\\\/fr-fr\\\/#\\\/schema\\\/logo\\\/image\\\/\"},\"sameAs\":[\"https:\\\/\\\/www.facebook.com\\\/portovenere34\\\/\",\"https:\\\/\\\/www.instagram.com\\\/porto.venere\\\/\",\"https:\\\/\\\/www.linkedin.com\\\/company\\\/porto-venere-montpellier\\\/\",\"https:\\\/\\\/www.pinterest.fr\\\/portovenere34\\\/\"]}]}<\/script>\n<!-- \/ Yoast SEO plugin. -->","yoast_head_json":{"title":"Carrelage m\u00e9lange de mati\u00e8res - Porto Venere","description":"Une belle s\u00e9lection de carrelage aux m\u00e9langes de mati\u00e8res pour sublimer vos espaces : effet bois, marbre, pierre contemporaine...dans des formats originaux.","robots":{"index":"index","follow":"follow","max-snippet":"max-snippet:-1","max-image-preview":"max-image-preview:large","max-video-preview":"max-video-preview:-1"},"canonical":"https:\/\/www.portovenere.fr\/fr-fr\/carrelage-melange-de-matieres\/","og_locale":"fr_FR","og_type":"article","og_title":"Carrelage m\u00e9lange de mati\u00e8res - Porto Venere","og_description":"Une belle s\u00e9lection de carrelage aux m\u00e9langes de mati\u00e8res pour sublimer vos espaces : effet bois, marbre, pierre contemporaine...dans des formats originaux.","og_url":"https:\/\/www.portovenere.fr\/fr-fr\/carrelage-melange-de-matieres\/","og_site_name":"Porto Venere","article_publisher":"https:\/\/www.facebook.com\/portovenere34\/","article_modified_time":"2025-10-15T14:13:04+00:00","og_image":[{"width":1000,"height":421,"url":"https:\/\/www.portovenere.fr\/fr-fr\/wp-content\/uploads\/2019\/12\/Carrelage-d\u00e9cor_sol-et-mur_M\u00e9lange-de-mati\u00e8res_60-Degr\u00e9s.jpg","type":"image\/jpeg"}],"twitter_card":"summary_large_image","twitter_misc":{"Dur\u00e9e de lecture estim\u00e9e":"6 minutes"},"schema":{"@context":"https:\/\/schema.org","@graph":[{"@type":"WebPage","@id":"https:\/\/www.portovenere.fr\/fr-fr\/carrelage-melange-de-matieres\/","url":"https:\/\/www.portovenere.fr\/fr-fr\/carrelage-melange-de-matieres\/","name":"Carrelage m\u00e9lange de mati\u00e8res - Porto Venere","isPartOf":{"@id":"https:\/\/www.portovenere.fr\/fr-fr\/#website"},"primaryImageOfPage":{"@id":"https:\/\/www.portovenere.fr\/fr-fr\/carrelage-melange-de-matieres\/#primaryimage"},"image":{"@id":"https:\/\/www.portovenere.fr\/fr-fr\/carrelage-melange-de-matieres\/#primaryimage"},"thumbnailUrl":"https:\/\/www.portovenere.fr\/fr-fr\/wp-content\/uploads\/2019\/12\/Carrelage-d\u00e9cor_sol-et-mur_M\u00e9lange-de-mati\u00e8res_60-Degr\u00e9s.jpg","datePublished":"2019-12-23T14:47:51+00:00","dateModified":"2025-10-15T14:13:04+00:00","description":"Une belle s\u00e9lection de carrelage aux m\u00e9langes de mati\u00e8res pour sublimer vos espaces : effet bois, marbre, pierre contemporaine...dans des formats originaux.","breadcrumb":{"@id":"https:\/\/www.portovenere.fr\/fr-fr\/carrelage-melange-de-matieres\/#breadcrumb"},"inLanguage":"fr-FR","potentialAction":[{"@type":"ReadAction","target":["https:\/\/www.portovenere.fr\/fr-fr\/carrelage-melange-de-matieres\/"]}]},{"@type":"ImageObject","inLanguage":"fr-FR","@id":"https:\/\/www.portovenere.fr\/fr-fr\/carrelage-melange-de-matieres\/#primaryimage","url":"https:\/\/www.portovenere.fr\/fr-fr\/wp-content\/uploads\/2019\/12\/Carrelage-d\u00e9cor_sol-et-mur_M\u00e9lange-de-mati\u00e8res_60-Degr\u00e9s.jpg","contentUrl":"https:\/\/www.portovenere.fr\/fr-fr\/wp-content\/uploads\/2019\/12\/Carrelage-d\u00e9cor_sol-et-mur_M\u00e9lange-de-mati\u00e8res_60-Degr\u00e9s.jpg","width":1000,"height":421,"caption":"Collection Sixty degr\u00e8s"},{"@type":"BreadcrumbList","@id":"https:\/\/www.portovenere.fr\/fr-fr\/carrelage-melange-de-matieres\/#breadcrumb","itemListElement":[{"@type":"ListItem","position":1,"name":"Page d'accueil","item":"https:\/\/www.portovenere.fr\/fr-fr\/"},{"@type":"ListItem","position":2,"name":"Carrelage m\u00e9lange de mati\u00e8res"}]},{"@type":"WebSite","@id":"https:\/\/www.portovenere.fr\/fr-fr\/#website","url":"https:\/\/www.portovenere.fr\/fr-fr\/","name":"Porto Venere","description":"Magasin de carrelage, cuisine, salle de bain \u00e0 Montpellier dans l&#039;H\u00e9rault","publisher":{"@id":"https:\/\/www.portovenere.fr\/fr-fr\/#organization"},"potentialAction":[{"@type":"SearchAction","target":{"@type":"EntryPoint","urlTemplate":"https:\/\/www.portovenere.fr\/fr-fr\/?s={search_term_string}"},"query-input":{"@type":"PropertyValueSpecification","valueRequired":true,"valueName":"search_term_string"}}],"inLanguage":"fr-FR"},{"@type":"Organization","@id":"https:\/\/www.portovenere.fr\/fr-fr\/#organization","name":"Porto Venere - Carrelage Usine Center SARL","url":"https:\/\/www.portovenere.fr\/fr-fr\/","logo":{"@type":"ImageObject","inLanguage":"fr-FR","@id":"https:\/\/www.portovenere.fr\/fr-fr\/#\/schema\/logo\/image\/","url":"https:\/\/www.portovenere.fr\/fr-fr\/wp-content\/uploads\/2019\/05\/logo3.png","contentUrl":"https:\/\/www.portovenere.fr\/fr-fr\/wp-content\/uploads\/2019\/05\/logo3.png","width":388,"height":120,"caption":"Porto Venere - Carrelage Usine Center SARL"},"image":{"@id":"https:\/\/www.portovenere.fr\/fr-fr\/#\/schema\/logo\/image\/"},"sameAs":["https:\/\/www.facebook.com\/portovenere34\/","https:\/\/www.instagram.com\/porto.venere\/","https:\/\/www.linkedin.com\/company\/porto-venere-montpellier\/","https:\/\/www.pinterest.fr\/portovenere34\/"]}]}},"_links":{"self":[{"href":"https:\/\/www.portovenere.fr\/fr-fr\/wp-json\/wp\/v2\/pages\/21716","targetHints":{"allow":["GET"]}}],"collection":[{"href":"https:\/\/www.portovenere.fr\/fr-fr\/wp-json\/wp\/v2\/pages"}],"about":[{"href":"https:\/\/www.portovenere.fr\/fr-fr\/wp-json\/wp\/v2\/types\/page"}],"author":[{"embeddable":true,"href":"https:\/\/www.portovenere.fr\/fr-fr\/wp-json\/wp\/v2\/users\/2"}],"replies":[{"embeddable":true,"href":"https:\/\/www.portovenere.fr\/fr-fr\/wp-json\/wp\/v2\/comments?post=21716"}],"version-history":[{"count":25,"href":"https:\/\/www.portovenere.fr\/fr-fr\/wp-json\/wp\/v2\/pages\/21716\/revisions"}],"predecessor-version":[{"id":66228,"href":"https:\/\/www.portovenere.fr\/fr-fr\/wp-json\/wp\/v2\/pages\/21716\/revisions\/66228"}],"wp:featuredmedia":[{"embeddable":true,"href":"https:\/\/www.portovenere.fr\/fr-fr\/wp-json\/wp\/v2\/media\/21140"}],"wp:attachment":[{"href":"https:\/\/www.portovenere.fr\/fr-fr\/wp-json\/wp\/v2\/media?parent=21716"}],"curies":[{"name":"wp","href":"https:\/\/api.w.org\/{rel}","templated":true}]}}