{"id":21748,"date":"2019-12-24T09:08:08","date_gmt":"2019-12-24T09:08:08","guid":{"rendered":"https:\/\/www.portovenere.fr\/fr-fr\/?page_id=21748"},"modified":"2026-02-05T12:48:20","modified_gmt":"2026-02-05T11:48:20","slug":"carrelage-ancien","status":"publish","type":"page","link":"https:\/\/www.portovenere.fr\/fr-fr\/carrelage-sol-et-mur-en-gres-cerame-et-faience\/les-creations-carrelage-decoratif-a-motifs-aspect-carreau-ciment\/carrelage-ancien\/","title":{"rendered":"Carrelage ancien"},"content":{"rendered":"\t\t<div data-elementor-type=\"wp-page\" data-elementor-id=\"21748\" class=\"elementor elementor-21748\" data-elementor-post-type=\"page\">\n\t\t\t\t\t\t<section class=\"elementor-section elementor-top-section elementor-element elementor-element-1187c830 elementor-section-full_width elementor-section-height-default elementor-section-height-default\" data-id=\"1187c830\" data-element_type=\"section\" data-e-type=\"section\" data-settings=\"{&quot;background_background&quot;:&quot;classic&quot;}\">\n\t\t\t\t\t\t<div class=\"elementor-container elementor-column-gap-no\">\n\t\t\t\t\t<div class=\"elementor-column elementor-col-100 elementor-top-column elementor-element elementor-element-7a2c8fc6\" data-id=\"7a2c8fc6\" data-element_type=\"column\" data-e-type=\"column\">\n\t\t\t<div class=\"elementor-widget-wrap elementor-element-populated\">\n\t\t\t\t\t\t<div class=\"elementor-element elementor-element-da45c2e elementor-widget elementor-widget-heading\" data-id=\"da45c2e\" data-element_type=\"widget\" data-e-type=\"widget\" data-widget_type=\"heading.default\">\n\t\t\t\t<div class=\"elementor-widget-container\">\n\t\t\t\t\t<h1 class=\"elementor-heading-title elementor-size-default\">lES COLLECTIONS<br>carrelage ancien<\/h1>\t\t\t\t<\/div>\n\t\t\t\t<\/div>\n\t\t\t\t\t<\/div>\n\t\t<\/div>\n\t\t\t\t\t<\/div>\n\t\t<\/section>\n\t\t\t\t<section class=\"elementor-section elementor-top-section elementor-element elementor-element-76707d63 elementor-section-boxed elementor-section-height-default elementor-section-height-default\" data-id=\"76707d63\" data-element_type=\"section\" data-e-type=\"section\" data-settings=\"{&quot;background_background&quot;:&quot;classic&quot;}\">\n\t\t\t\t\t\t<div class=\"elementor-container elementor-column-gap-default\">\n\t\t\t\t\t<div class=\"elementor-column elementor-col-100 elementor-top-column elementor-element elementor-element-162df877\" data-id=\"162df877\" data-element_type=\"column\" data-e-type=\"column\">\n\t\t\t<div class=\"elementor-widget-wrap elementor-element-populated\">\n\t\t\t\t\t\t<div class=\"elementor-element elementor-element-1b53d6b elementor-widget elementor-widget-text-editor\" data-id=\"1b53d6b\" data-element_type=\"widget\" data-e-type=\"widget\" data-widget_type=\"text-editor.default\">\n\t\t\t\t<div class=\"elementor-widget-container\">\n\t\t\t\t\t\t\t\t\t<p><b>La mode est un \u00e9ternel recommencement&#8230;<\/b><\/p><p>Le\u00a0<strong>carrelage ancien<\/strong>\u00a0revient \u00e0 la mode&#8230;d\u00e9couvrez une collection de carrelage imitation<b> tomettes terre cuite <\/b>ou carreaux style \u00ab\u00a0ancien\u00a0\u00bb dans des tonalit\u00e9s de beige orang\u00e9, de terre, de gris, de blanc cass\u00e9&#8230;<\/p><p>D\u00e9couvrez aussi une tr\u00e8s grande collection de carrelage\u00a0<a href=\"https:\/\/www.portovenere.fr\/fr-fr\/carrelage-sol-et-mur-en-gres-cerame-et-faience\/carrelage-aspect-carreaux-de-ciment-pour-sol-et-mur\/\" target=\"_blank\" rel=\"noopener\">effet carreaux de ciment<\/a><b>\u00a0<\/b>qui reprend de tr\u00e8s nombreux styles et d\u00e9cors de carreaux anciens.<\/p>\t\t\t\t\t\t\t\t<\/div>\n\t\t\t\t<\/div>\n\t\t\t\t\t<\/div>\n\t\t<\/div>\n\t\t\t\t\t<\/div>\n\t\t<\/section>\n\t\t\t\t<section class=\"elementor-section elementor-top-section elementor-element elementor-element-8d63988 elementor-section-full_width elementor-section-height-default elementor-section-height-default\" data-id=\"8d63988\" data-element_type=\"section\" data-e-type=\"section\" data-settings=\"{&quot;background_background&quot;:&quot;classic&quot;}\">\n\t\t\t\t\t\t<div class=\"elementor-container elementor-column-gap-default\">\n\t\t\t\t\t<div class=\"elementor-column elementor-col-100 elementor-top-column elementor-element elementor-element-d1b3b97\" data-id=\"d1b3b97\" data-element_type=\"column\" data-e-type=\"column\">\n\t\t\t<div class=\"elementor-widget-wrap elementor-element-populated\">\n\t\t\t\t\t\t<section class=\"elementor-section elementor-inner-section elementor-element elementor-element-0e843ca elementor-section-full_width elementor-section-height-default elementor-section-height-default\" data-id=\"0e843ca\" data-element_type=\"section\" data-e-type=\"section\" data-settings=\"{&quot;background_background&quot;:&quot;classic&quot;}\">\n\t\t\t\t\t\t<div class=\"elementor-container elementor-column-gap-default\">\n\t\t\t\t\t<div class=\"elementor-column elementor-col-33 elementor-inner-column elementor-element elementor-element-510491a\" data-id=\"510491a\" data-element_type=\"column\" data-e-type=\"column\">\n\t\t\t<div class=\"elementor-widget-wrap elementor-element-populated\">\n\t\t\t\t\t\t<div class=\"elementor-element elementor-element-36c8a2d elementor-invisible elementor-widget elementor-widget-image\" data-id=\"36c8a2d\" data-element_type=\"widget\" data-e-type=\"widget\" data-settings=\"{&quot;_animation&quot;:&quot;fadeInLeft&quot;}\" data-widget_type=\"image.default\">\n\t\t\t\t<div class=\"elementor-widget-container\">\n\t\t\t\t\t\t\t\t\t\t\t\t\t\t\t\t<a href=\"https:\/\/www.portovenere.fr\/fr-fr\/carrelage-sol-et-mur-en-gres-cerame-et-faience\/les-creations-carrelage-decoratif-a-motifs-aspect-carreau-ciment\/carrelage-ancien\/sol-esprit-tomettes-anciennes-hexagonales-et-rectangles-en-gres-cerame-cottage\/\">\n\t\t\t\t\t\t\t<img fetchpriority=\"high\" decoding=\"async\" width=\"768\" height=\"522\" src=\"https:\/\/www.portovenere.fr\/fr-fr\/wp-content\/uploads\/2020\/07\/Carrelage-tomettes-anciennes-en-gr\u00e8s_c\u00e9rame_COTTAGE_Cotto_terre_cuite_\u00e0_Montpellier_H\u00e9rault_34-768x522.jpg\" class=\"attachment-medium_large size-medium_large wp-image-30238\" alt=\"carrelage esprit anciennes tomettes hexagonales en gr\u00e8s c\u00e9rame\" srcset=\"https:\/\/www.portovenere.fr\/fr-fr\/wp-content\/uploads\/2020\/07\/Carrelage-tomettes-anciennes-en-gr\u00e8s_c\u00e9rame_COTTAGE_Cotto_terre_cuite_\u00e0_Montpellier_H\u00e9rault_34-768x522.jpg 768w, https:\/\/www.portovenere.fr\/fr-fr\/wp-content\/uploads\/2020\/07\/Carrelage-tomettes-anciennes-en-gr\u00e8s_c\u00e9rame_COTTAGE_Cotto_terre_cuite_\u00e0_Montpellier_H\u00e9rault_34-300x204.jpg 300w, https:\/\/www.portovenere.fr\/fr-fr\/wp-content\/uploads\/2020\/07\/Carrelage-tomettes-anciennes-en-gr\u00e8s_c\u00e9rame_COTTAGE_Cotto_terre_cuite_\u00e0_Montpellier_H\u00e9rault_34-1024x696.jpg 1024w, https:\/\/www.portovenere.fr\/fr-fr\/wp-content\/uploads\/2020\/07\/Carrelage-tomettes-anciennes-en-gr\u00e8s_c\u00e9rame_COTTAGE_Cotto_terre_cuite_\u00e0_Montpellier_H\u00e9rault_34.jpg 1500w\" sizes=\"(max-width: 768px) 100vw, 768px\" \/>\t\t\t\t\t\t\t\t<\/a>\n\t\t\t\t\t\t\t\t\t\t\t\t\t\t\t<\/div>\n\t\t\t\t<\/div>\n\t\t\t\t<div class=\"elementor-element elementor-element-8fab2ba elementor-widget elementor-widget-heading\" data-id=\"8fab2ba\" data-element_type=\"widget\" data-e-type=\"widget\" data-widget_type=\"heading.default\">\n\t\t\t\t<div class=\"elementor-widget-container\">\n\t\t\t\t\t<h3 class=\"elementor-heading-title elementor-size-default\"><a href=\"https:\/\/www.portovenere.fr\/fr-fr\/carrelage-sol-et-mur-en-gres-cerame-et-faience\/les-creations-carrelage-decoratif-a-motifs-aspect-carreau-ciment\/carrelage-ancien\/sol-esprit-tomettes-anciennes-hexagonales-et-rectangles-en-gres-cerame-cottage\/\">Collection COTTAGE | 5 coloris - 2 formats<\/a><\/h3>\t\t\t\t<\/div>\n\t\t\t\t<\/div>\n\t\t\t\t<div class=\"elementor-element elementor-element-5b55159 elementor-widget__width-initial elementor-widget elementor-widget-gallery\" data-id=\"5b55159\" data-element_type=\"widget\" data-e-type=\"widget\" data-settings=\"{&quot;gap&quot;:{&quot;unit&quot;:&quot;px&quot;,&quot;size&quot;:3,&quot;sizes&quot;:[]},&quot;columns_mobile&quot;:3,&quot;gap_mobile&quot;:{&quot;unit&quot;:&quot;px&quot;,&quot;size&quot;:6,&quot;sizes&quot;:[]},&quot;columns&quot;:5,&quot;columns_tablet&quot;:3,&quot;gap_tablet&quot;:{&quot;unit&quot;:&quot;px&quot;,&quot;size&quot;:5,&quot;sizes&quot;:[]},&quot;gallery_layout&quot;:&quot;grid&quot;,&quot;aspect_ratio&quot;:&quot;3:2&quot;,&quot;overlay_background&quot;:&quot;yes&quot;,&quot;content_hover_animation&quot;:&quot;fade-in&quot;}\" data-widget_type=\"gallery.default\">\n\t\t\t\t<div class=\"elementor-widget-container\">\n\t\t\t\t\t\t\t<div class=\"elementor-gallery__container\">\n\t\t\t\t\t\t\t<div class=\"e-gallery-item elementor-gallery-item elementor-animated-content\">\n\t\t\t\t\t<div class=\"e-gallery-image elementor-gallery-item__image\" data-thumbnail=\"https:\/\/www.portovenere.fr\/fr-fr\/wp-content\/uploads\/2020\/07\/Gr\u00e8s-c\u00e9rame-esprit_carreaux_anciens_Cottage_White_Blanc_proche_de_Sussargues_34-150x150.jpg\" data-width=\"150\" data-height=\"150\" aria-label=\"\" role=\"img\" ><\/div>\n\t\t\t\t\t\t\t\t\t\t\t<div class=\"elementor-gallery-item__overlay\"><\/div>\n\t\t\t\t\t\t\t\t\t\t\t\t\t\t<\/div>\n\t\t\t\t\t\t\t<div class=\"e-gallery-item elementor-gallery-item elementor-animated-content\">\n\t\t\t\t\t<div class=\"e-gallery-image elementor-gallery-item__image\" data-thumbnail=\"https:\/\/www.portovenere.fr\/fr-fr\/wp-content\/uploads\/2020\/07\/Gr\u00e8s-c\u00e9rame-esprit_carreaux_anciens_Cottage_Sand_sable_beige_pr\u00e8s_de_Clermont-lH\u00e9rault_34-150x150.jpg\" data-width=\"150\" data-height=\"150\" aria-label=\"\" role=\"img\" ><\/div>\n\t\t\t\t\t\t\t\t\t\t\t<div class=\"elementor-gallery-item__overlay\"><\/div>\n\t\t\t\t\t\t\t\t\t\t\t\t\t\t<\/div>\n\t\t\t\t\t\t\t<div class=\"e-gallery-item elementor-gallery-item elementor-animated-content\">\n\t\t\t\t\t<div class=\"e-gallery-image elementor-gallery-item__image\" data-thumbnail=\"https:\/\/www.portovenere.fr\/fr-fr\/wp-content\/uploads\/2020\/07\/Gr\u00e8s-c\u00e9rame-esprit_carreaux_anciens_Cottage_Grey_Gris_pr\u00e8s_de_Lattes_34-150x150.jpg\" data-width=\"150\" data-height=\"150\" aria-label=\"\" role=\"img\" ><\/div>\n\t\t\t\t\t\t\t\t\t\t\t<div class=\"elementor-gallery-item__overlay\"><\/div>\n\t\t\t\t\t\t\t\t\t\t\t\t\t\t<\/div>\n\t\t\t\t\t\t\t<div class=\"e-gallery-item elementor-gallery-item elementor-animated-content\">\n\t\t\t\t\t<div class=\"e-gallery-image elementor-gallery-item__image\" data-thumbnail=\"https:\/\/www.portovenere.fr\/fr-fr\/wp-content\/uploads\/2020\/07\/Gr\u00e8s-c\u00e9rame-esprit_carreaux_anciens_Cottage_Graphite_pr\u00e8s_de_Castelnau_le_Lez_34-150x150.jpg\" data-width=\"150\" data-height=\"150\" aria-label=\"\" role=\"img\" ><\/div>\n\t\t\t\t\t\t\t\t\t\t\t<div class=\"elementor-gallery-item__overlay\"><\/div>\n\t\t\t\t\t\t\t\t\t\t\t\t\t\t<\/div>\n\t\t\t\t\t\t\t<div class=\"e-gallery-item elementor-gallery-item elementor-animated-content\">\n\t\t\t\t\t<div class=\"e-gallery-image elementor-gallery-item__image\" data-thumbnail=\"https:\/\/www.portovenere.fr\/fr-fr\/wp-content\/uploads\/2020\/07\/Gr\u00e8s-c\u00e9rame-esprit_carreaux_anciens_Cottage_Cotto_Terre_cuite_\u00e0_Fabr\u00e8gues_H\u00e9rault-150x150.jpg\" data-width=\"150\" data-height=\"150\" aria-label=\"\" role=\"img\" ><\/div>\n\t\t\t\t\t\t\t\t\t\t\t<div class=\"elementor-gallery-item__overlay\"><\/div>\n\t\t\t\t\t\t\t\t\t\t\t\t\t\t<\/div>\n\t\t\t\t\t\t\t<div class=\"e-gallery-item elementor-gallery-item elementor-animated-content\">\n\t\t\t\t\t<div class=\"e-gallery-image elementor-gallery-item__image\" data-thumbnail=\"https:\/\/www.portovenere.fr\/fr-fr\/wp-content\/uploads\/2020\/07\/Gr\u00e8s-c\u00e9rame-esprit-Tomette_CottageHexagonale_White_blanche_proche_de_P\u00e9zenas_H\u00e9rault-150x150.jpg\" data-width=\"150\" data-height=\"150\" aria-label=\"\" role=\"img\" ><\/div>\n\t\t\t\t\t\t\t\t\t\t\t<div class=\"elementor-gallery-item__overlay\"><\/div>\n\t\t\t\t\t\t\t\t\t\t\t\t\t\t<\/div>\n\t\t\t\t\t\t\t<div class=\"e-gallery-item elementor-gallery-item elementor-animated-content\">\n\t\t\t\t\t<div class=\"e-gallery-image elementor-gallery-item__image\" data-thumbnail=\"https:\/\/www.portovenere.fr\/fr-fr\/wp-content\/uploads\/2020\/07\/Gr\u00e8s-c\u00e9rame-esprit-Tomette_CottageHexagonale_Sand_beige_clair_pr\u00e8s_de_Jacou_34-150x150.jpg\" data-width=\"150\" data-height=\"150\" aria-label=\"\" role=\"img\" ><\/div>\n\t\t\t\t\t\t\t\t\t\t\t<div class=\"elementor-gallery-item__overlay\"><\/div>\n\t\t\t\t\t\t\t\t\t\t\t\t\t\t<\/div>\n\t\t\t\t\t\t\t<div class=\"e-gallery-item elementor-gallery-item elementor-animated-content\">\n\t\t\t\t\t<div class=\"e-gallery-image elementor-gallery-item__image\" data-thumbnail=\"https:\/\/www.portovenere.fr\/fr-fr\/wp-content\/uploads\/2020\/07\/Gr\u00e8s-c\u00e9rame-esprit-Tomette_CottageHexagonale_Grey_pr\u00e8s_de_B\u00e9ziers_34-150x150.jpg\" data-width=\"150\" data-height=\"150\" aria-label=\"\" role=\"img\" ><\/div>\n\t\t\t\t\t\t\t\t\t\t\t<div class=\"elementor-gallery-item__overlay\"><\/div>\n\t\t\t\t\t\t\t\t\t\t\t\t\t\t<\/div>\n\t\t\t\t\t\t\t<div class=\"e-gallery-item elementor-gallery-item elementor-animated-content\">\n\t\t\t\t\t<div class=\"e-gallery-image elementor-gallery-item__image\" data-thumbnail=\"https:\/\/www.portovenere.fr\/fr-fr\/wp-content\/uploads\/2020\/07\/Gr\u00e8s-c\u00e9rame-esprit-Tomette_CottageHexagonale_Graphite_pr\u00e8s_de_Les-Matelles_H\u00e9rault-150x150.jpg\" data-width=\"150\" data-height=\"150\" aria-label=\"\" role=\"img\" ><\/div>\n\t\t\t\t\t\t\t\t\t\t\t<div class=\"elementor-gallery-item__overlay\"><\/div>\n\t\t\t\t\t\t\t\t\t\t\t\t\t\t<\/div>\n\t\t\t\t\t\t\t<div class=\"e-gallery-item elementor-gallery-item elementor-animated-content\">\n\t\t\t\t\t<div class=\"e-gallery-image elementor-gallery-item__image\" data-thumbnail=\"https:\/\/www.portovenere.fr\/fr-fr\/wp-content\/uploads\/2020\/07\/Gr\u00e8s-c\u00e9rame-esprit-Tomette_CottageHexagonale_Cotto_Terre_cuite_proche_de_N\u00eemes_Gard-150x150.jpg\" data-width=\"150\" data-height=\"150\" aria-label=\"\" role=\"img\" ><\/div>\n\t\t\t\t\t\t\t\t\t\t\t<div class=\"elementor-gallery-item__overlay\"><\/div>\n\t\t\t\t\t\t\t\t\t\t\t\t\t\t<\/div>\n\t\t\t\t\t<\/div>\n\t\t\t\t\t<\/div>\n\t\t\t\t<\/div>\n\t\t\t\t<div class=\"elementor-element elementor-element-a8634d5 elementor-widget elementor-widget-text-editor\" data-id=\"a8634d5\" data-element_type=\"widget\" data-e-type=\"widget\" data-widget_type=\"text-editor.default\">\n\t\t\t\t<div class=\"elementor-widget-container\">\n\t\t\t\t\t\t\t\t\t<p><b>COTTAGE<\/b>\u00a0est une collection de carrelage<b> pour sol esprit tomettes\u00a0anciennes <\/b>d\u00e9clin\u00e9e dans <b>5 coloris <\/b>: Cotto (terre cuite), Sand (sable), Grey (gris), White (blanc us\u00e9) et Graphite (Gris\/Noir).<\/p><p>Cette collection de <b>carrelage<\/b>\u00a0esprit \u00ab\u00a0traditionnel ancien\u00a0\u00bb en <b>gr\u00e8s porcelain\u00e9<\/b>\u00a0est propos\u00e9e dans <b>2 formats<\/b> : le format <b>hexagonal<\/b> <b>14x16cm <\/b>et le format <b>rectangulaire 7x14cm<\/b>\u00a0pour une pose au sol. Epaisseur 8.5mm.<\/p><p>Retrouvez le charme des <b>tomettes traditionnelles<\/b> dans l&rsquo;am\u00e9nagement de vos espaces \u00e0 vivre lors d&rsquo;une r\u00e9novation ou dans un projet de construction neuve.<\/p>\t\t\t\t\t\t\t\t<\/div>\n\t\t\t\t<\/div>\n\t\t\t\t<div class=\"elementor-element elementor-element-65c5b1f elementor-mobile-align-center elementor-align-center elementor-widget elementor-widget-button\" data-id=\"65c5b1f\" data-element_type=\"widget\" data-e-type=\"widget\" data-widget_type=\"button.default\">\n\t\t\t\t<div class=\"elementor-widget-container\">\n\t\t\t\t\t\t\t\t\t<div class=\"elementor-button-wrapper\">\n\t\t\t\t\t<a class=\"elementor-button elementor-button-link elementor-size-sm\" href=\"https:\/\/www.portovenere.fr\/fr-fr\/carrelage-sol-et-mur-en-gres-cerame-et-faience\/les-creations-carrelage-decoratif-a-motifs-aspect-carreau-ciment\/carrelage-ancien\/sol-esprit-tomettes-anciennes-hexagonales-et-rectangles-en-gres-cerame-cottage\/\">\n\t\t\t\t\t\t<span class=\"elementor-button-content-wrapper\">\n\t\t\t\t\t\t\t\t\t<span class=\"elementor-button-text\">Voir la collection<\/span>\n\t\t\t\t\t<\/span>\n\t\t\t\t\t<\/a>\n\t\t\t\t<\/div>\n\t\t\t\t\t\t\t\t<\/div>\n\t\t\t\t<\/div>\n\t\t\t\t\t<\/div>\n\t\t<\/div>\n\t\t\t\t<div class=\"elementor-column elementor-col-33 elementor-inner-column elementor-element elementor-element-32dc94a\" data-id=\"32dc94a\" data-element_type=\"column\" data-e-type=\"column\" data-settings=\"{&quot;background_background&quot;:&quot;classic&quot;}\">\n\t\t\t<div class=\"elementor-widget-wrap elementor-element-populated\">\n\t\t\t\t\t\t<div class=\"elementor-element elementor-element-0293523 elementor-invisible elementor-widget elementor-widget-image\" data-id=\"0293523\" data-element_type=\"widget\" data-e-type=\"widget\" data-settings=\"{&quot;_animation&quot;:&quot;fadeInLeft&quot;}\" data-widget_type=\"image.default\">\n\t\t\t\t<div class=\"elementor-widget-container\">\n\t\t\t\t\t\t\t\t\t\t\t\t\t\t\t\t<a href=\"https:\/\/www.portovenere.fr\/fr-fr\/carrelage-sol-et-mur-en-gres-cerame-et-faience\/carrelage-traditionnel-aspect-terre-cuite-et-pierre\/carrelage-sol-et-mur-style-retro-verazzo\/\">\n\t\t\t\t\t\t\t<img decoding=\"async\" width=\"768\" height=\"614\" src=\"https:\/\/www.portovenere.fr\/fr-fr\/wp-content\/uploads\/2025\/05\/Carrelage-style-retro-damier-melange-6-couleurs_format-20x20-cm-Verazzo-esprit-ancien-vintage-sol-et-mur-Magasin-PortoVenere-Montpellier-proche-de-Perols-34-768x614.jpg\" class=\"attachment-medium_large size-medium_large wp-image-60027\" alt=\"\" srcset=\"https:\/\/www.portovenere.fr\/fr-fr\/wp-content\/uploads\/2025\/05\/Carrelage-style-retro-damier-melange-6-couleurs_format-20x20-cm-Verazzo-esprit-ancien-vintage-sol-et-mur-Magasin-PortoVenere-Montpellier-proche-de-Perols-34-768x614.jpg 768w, https:\/\/www.portovenere.fr\/fr-fr\/wp-content\/uploads\/2025\/05\/Carrelage-style-retro-damier-melange-6-couleurs_format-20x20-cm-Verazzo-esprit-ancien-vintage-sol-et-mur-Magasin-PortoVenere-Montpellier-proche-de-Perols-34-300x240.jpg 300w, https:\/\/www.portovenere.fr\/fr-fr\/wp-content\/uploads\/2025\/05\/Carrelage-style-retro-damier-melange-6-couleurs_format-20x20-cm-Verazzo-esprit-ancien-vintage-sol-et-mur-Magasin-PortoVenere-Montpellier-proche-de-Perols-34-1024x819.jpg 1024w, https:\/\/www.portovenere.fr\/fr-fr\/wp-content\/uploads\/2025\/05\/Carrelage-style-retro-damier-melange-6-couleurs_format-20x20-cm-Verazzo-esprit-ancien-vintage-sol-et-mur-Magasin-PortoVenere-Montpellier-proche-de-Perols-34.jpg 1251w\" sizes=\"(max-width: 768px) 100vw, 768px\" \/>\t\t\t\t\t\t\t\t<\/a>\n\t\t\t\t\t\t\t\t\t\t\t\t\t\t\t<\/div>\n\t\t\t\t<\/div>\n\t\t\t\t<div class=\"elementor-element elementor-element-486c6f0 elementor-widget elementor-widget-heading\" data-id=\"486c6f0\" data-element_type=\"widget\" data-e-type=\"widget\" data-widget_type=\"heading.default\">\n\t\t\t\t<div class=\"elementor-widget-container\">\n\t\t\t\t\t<h3 class=\"elementor-heading-title elementor-size-default\"><a href=\"https:\/\/www.portovenere.fr\/fr-fr\/carrelage-sol-et-mur-en-gres-cerame-et-faience\/carrelage-traditionnel-aspect-terre-cuite-et-pierre\/carrelage-sol-et-mur-style-retro-verazzo\/\">Collection VERAZZO | 6 coloris - 4 formats<\/a><\/h3>\t\t\t\t<\/div>\n\t\t\t\t<\/div>\n\t\t\t\t<div class=\"elementor-element elementor-element-990c545 elementor-widget__width-initial elementor-widget elementor-widget-gallery\" data-id=\"990c545\" data-element_type=\"widget\" data-e-type=\"widget\" data-settings=\"{&quot;gap&quot;:{&quot;unit&quot;:&quot;px&quot;,&quot;size&quot;:3,&quot;sizes&quot;:[]},&quot;columns_mobile&quot;:3,&quot;gap_mobile&quot;:{&quot;unit&quot;:&quot;px&quot;,&quot;size&quot;:6,&quot;sizes&quot;:[]},&quot;columns&quot;:5,&quot;columns_tablet&quot;:3,&quot;gap_tablet&quot;:{&quot;unit&quot;:&quot;px&quot;,&quot;size&quot;:5,&quot;sizes&quot;:[]},&quot;gallery_layout&quot;:&quot;grid&quot;,&quot;aspect_ratio&quot;:&quot;3:2&quot;,&quot;overlay_background&quot;:&quot;yes&quot;,&quot;content_hover_animation&quot;:&quot;fade-in&quot;}\" data-widget_type=\"gallery.default\">\n\t\t\t\t<div class=\"elementor-widget-container\">\n\t\t\t\t\t\t\t<div class=\"elementor-gallery__container\">\n\t\t\t\t\t\t\t<div class=\"e-gallery-item elementor-gallery-item elementor-animated-content\">\n\t\t\t\t\t<div class=\"e-gallery-image elementor-gallery-item__image\" data-thumbnail=\"https:\/\/www.portovenere.fr\/fr-fr\/wp-content\/uploads\/2025\/05\/Carrelage-style-ancien-granito-terrazzo-VERAZZO-Sabbia-4-formats-esprit-vintage-sol-et-mur-Magasin-PortoVenere-Montpellier-proche-de-Juvignac-34-150x150.jpg\" data-width=\"150\" data-height=\"150\" aria-label=\"\" role=\"img\" ><\/div>\n\t\t\t\t\t\t\t\t\t\t\t<div class=\"elementor-gallery-item__overlay\"><\/div>\n\t\t\t\t\t\t\t\t\t\t\t\t\t\t<\/div>\n\t\t\t\t\t\t\t<div class=\"e-gallery-item elementor-gallery-item elementor-animated-content\">\n\t\t\t\t\t<div class=\"e-gallery-image elementor-gallery-item__image\" data-thumbnail=\"https:\/\/www.portovenere.fr\/fr-fr\/wp-content\/uploads\/2025\/05\/Carrelage-style-ancien-granito-terrazzo-VERAZZO-Perla-4-formats-esprit-vintage-sol-et-mur-Magasin-PortoVenere-Montpellier-proche-de-Lattes-34-150x150.jpg\" data-width=\"150\" data-height=\"150\" aria-label=\"\" role=\"img\" ><\/div>\n\t\t\t\t\t\t\t\t\t\t\t<div class=\"elementor-gallery-item__overlay\"><\/div>\n\t\t\t\t\t\t\t\t\t\t\t\t\t\t<\/div>\n\t\t\t\t\t\t\t<div class=\"e-gallery-item elementor-gallery-item elementor-animated-content\">\n\t\t\t\t\t<div class=\"e-gallery-image elementor-gallery-item__image\" data-thumbnail=\"https:\/\/www.portovenere.fr\/fr-fr\/wp-content\/uploads\/2025\/05\/Carrelage-style-ancien-granito-terrazzo-VERAZZO-Grigio-Azzuro-4-formats-esprit-vintage-sol-et-mur-Magasin-PortoVenere-a-Montpellier-34-150x150.jpg\" data-width=\"150\" data-height=\"150\" aria-label=\"\" role=\"img\" ><\/div>\n\t\t\t\t\t\t\t\t\t\t\t<div class=\"elementor-gallery-item__overlay\"><\/div>\n\t\t\t\t\t\t\t\t\t\t\t\t\t\t<\/div>\n\t\t\t\t\t\t\t<div class=\"e-gallery-item elementor-gallery-item elementor-animated-content\">\n\t\t\t\t\t<div class=\"e-gallery-image elementor-gallery-item__image\" data-thumbnail=\"https:\/\/www.portovenere.fr\/fr-fr\/wp-content\/uploads\/2025\/05\/Carrelage-style-ancien-granito-terrazzo-VERAZZO-Terracotta-4-formats-esprit-vintage-sol-et-mur-Magasin-PortoVenere-Montpellier-proche-de-Sete-34-150x150.jpg\" data-width=\"150\" data-height=\"150\" aria-label=\"\" role=\"img\" ><\/div>\n\t\t\t\t\t\t\t\t\t\t\t<div class=\"elementor-gallery-item__overlay\"><\/div>\n\t\t\t\t\t\t\t\t\t\t\t\t\t\t<\/div>\n\t\t\t\t\t\t\t<div class=\"e-gallery-item elementor-gallery-item elementor-animated-content\">\n\t\t\t\t\t<div class=\"e-gallery-image elementor-gallery-item__image\" data-thumbnail=\"https:\/\/www.portovenere.fr\/fr-fr\/wp-content\/uploads\/2025\/05\/Carrelage-style-ancien-granito-terrazzo-VERAZZO-Argento-4-formats-esprit-vintage-sol-et-mur-Magasin-PortoVenere-Montpellier-proche-de-Mauguio-34-150x150.jpg\" data-width=\"150\" data-height=\"150\" aria-label=\"\" role=\"img\" ><\/div>\n\t\t\t\t\t\t\t\t\t\t\t<div class=\"elementor-gallery-item__overlay\"><\/div>\n\t\t\t\t\t\t\t\t\t\t\t\t\t\t<\/div>\n\t\t\t\t\t\t\t<div class=\"e-gallery-item elementor-gallery-item elementor-animated-content\">\n\t\t\t\t\t<div class=\"e-gallery-image elementor-gallery-item__image\" data-thumbnail=\"https:\/\/www.portovenere.fr\/fr-fr\/wp-content\/uploads\/2025\/05\/Carrelage-style-ancien-granito-terrazzo-VERAZZO-Tortora-4-formats-esprit-vintage-sol-et-mur-Magasin-PortoVenere-Montpellier-proche-de-Beziers-34-150x150.jpg\" data-width=\"150\" data-height=\"150\" aria-label=\"\" role=\"img\" ><\/div>\n\t\t\t\t\t\t\t\t\t\t\t<div class=\"elementor-gallery-item__overlay\"><\/div>\n\t\t\t\t\t\t\t\t\t\t\t\t\t\t<\/div>\n\t\t\t\t\t<\/div>\n\t\t\t\t\t<\/div>\n\t\t\t\t<\/div>\n\t\t\t\t<div class=\"elementor-element elementor-element-a988a76 elementor-widget elementor-widget-text-editor\" data-id=\"a988a76\" data-element_type=\"widget\" data-e-type=\"widget\" data-widget_type=\"text-editor.default\">\n\t\t\t\t<div class=\"elementor-widget-container\">\n\t\t\t\t\t\t\t\t\t<p data-sourcepos=\"8:1-8:409\">D\u00e9couvrez la collection\u00a0<strong>Verazzo<\/strong>, notre\u00a0<strong>carrelage gr\u00e8s c\u00e9rame<\/strong>\u00a0qui capture l\u2019essence du temps et de l\u2019\u00e9l\u00e9gance. Cette gamme unique r\u00e9interpr\u00e8te le charme authentique des sols anciens, inspir\u00e9e par la patine naturelle des palais du XVIe si\u00e8cle. Le r\u00e9sultat ? Des surfaces \u00e0 l\u2019<strong>effet terrazzo<\/strong>\u00a0apaisant, o\u00f9 la mati\u00e8re, la couleur et la forme fusionnent pour cr\u00e9er une esth\u00e9tique raffin\u00e9e et surprenante.<\/p><p data-sourcepos=\"10:1-10:157\">Id\u00e9al pour sublimer vos\u00a0<strong>sols int\u00e9rieurs<\/strong>\u00a0et\u00a0<strong>rev\u00eatements muraux<\/strong>, le\u00a0<strong>carrelage Verazzo<\/strong>\u00a0apporte caract\u00e8re et authenticit\u00e9 \u00e0 tout projet contemporain.<\/p><p data-sourcepos=\"12:1-12:277\">La collection se d\u00e9cline en\u00a0<strong>4 formats<\/strong>\u00a0pour une flexibilit\u00e9 de design :\u00a0<b>90\u00d790 cm, 60\u00d760 cm, 30\u00d730 cm et 20\u00d720 cm\u00a0<\/b><i>(voir formats exacts ci-dessous)<\/i><i>.<\/i>\u00a0<\/p><p data-sourcepos=\"12:1-12:277\">Choisissez parmi une palette de\u00a0<strong>6 coloris<\/strong>\u00a0inspirants :\u00a0<strong>Terracotta, Perla, Tortora, Grigio Azzuro, Argento et Sabbia<\/strong>, pour cr\u00e9er l\u2019ambiance parfaite.<\/p>\t\t\t\t\t\t\t\t<\/div>\n\t\t\t\t<\/div>\n\t\t\t\t<div class=\"elementor-element elementor-element-5b1be6d elementor-mobile-align-center elementor-align-center elementor-widget elementor-widget-button\" data-id=\"5b1be6d\" data-element_type=\"widget\" data-e-type=\"widget\" data-widget_type=\"button.default\">\n\t\t\t\t<div class=\"elementor-widget-container\">\n\t\t\t\t\t\t\t\t\t<div class=\"elementor-button-wrapper\">\n\t\t\t\t\t<a class=\"elementor-button elementor-button-link elementor-size-sm\" href=\"https:\/\/www.portovenere.fr\/fr-fr\/carrelage-sol-et-mur-en-gres-cerame-et-faience\/carrelage-traditionnel-aspect-terre-cuite-et-pierre\/carrelage-sol-et-mur-style-retro-verazzo\/\">\n\t\t\t\t\t\t<span class=\"elementor-button-content-wrapper\">\n\t\t\t\t\t\t\t\t\t<span class=\"elementor-button-text\">Voir la collection<\/span>\n\t\t\t\t\t<\/span>\n\t\t\t\t\t<\/a>\n\t\t\t\t<\/div>\n\t\t\t\t\t\t\t\t<\/div>\n\t\t\t\t<\/div>\n\t\t\t\t\t<\/div>\n\t\t<\/div>\n\t\t\t\t<div class=\"elementor-column elementor-col-33 elementor-inner-column elementor-element elementor-element-1590914 elementor-invisible\" data-id=\"1590914\" data-element_type=\"column\" data-e-type=\"column\" data-settings=\"{&quot;animation&quot;:&quot;fadeIn&quot;,&quot;background_background&quot;:&quot;classic&quot;}\">\n\t\t\t<div class=\"elementor-widget-wrap elementor-element-populated\">\n\t\t\t\t\t\t<div class=\"elementor-element elementor-element-8402607 elementor-widget elementor-widget-image\" data-id=\"8402607\" data-element_type=\"widget\" data-e-type=\"widget\" data-widget_type=\"image.default\">\n\t\t\t\t<div class=\"elementor-widget-container\">\n\t\t\t\t\t\t\t\t\t\t\t\t\t\t\t\t<a href=\"https:\/\/www.portovenere.fr\/fr-fr\/carrelage-sol-et-mur-en-gres-cerame-et-faience\/les-creations-carrelage-decoratif-a-motifs-aspect-carreau-ciment\/carrelage-colore\/carreau-ceramique-original-esprit-zellige-terre-cuite-metissage\/\">\n\t\t\t\t\t\t\t<img decoding=\"async\" width=\"768\" height=\"507\" src=\"https:\/\/www.portovenere.fr\/fr-fr\/wp-content\/uploads\/2021\/07\/Carrelage_ceramique_sol_et_mur_Metissage_aspect_terre_cuite_Chateau_Crayon_Cotto_proche_Lattes_34-768x507.jpg\" class=\"attachment-medium_large size-medium_large wp-image-37612\" alt=\"Carrelage style ancien r\u00e9tro effet terre cuite\" srcset=\"https:\/\/www.portovenere.fr\/fr-fr\/wp-content\/uploads\/2021\/07\/Carrelage_ceramique_sol_et_mur_Metissage_aspect_terre_cuite_Chateau_Crayon_Cotto_proche_Lattes_34-768x507.jpg 768w, https:\/\/www.portovenere.fr\/fr-fr\/wp-content\/uploads\/2021\/07\/Carrelage_ceramique_sol_et_mur_Metissage_aspect_terre_cuite_Chateau_Crayon_Cotto_proche_Lattes_34-300x198.jpg 300w, https:\/\/www.portovenere.fr\/fr-fr\/wp-content\/uploads\/2021\/07\/Carrelage_ceramique_sol_et_mur_Metissage_aspect_terre_cuite_Chateau_Crayon_Cotto_proche_Lattes_34-1024x676.jpg 1024w, https:\/\/www.portovenere.fr\/fr-fr\/wp-content\/uploads\/2021\/07\/Carrelage_ceramique_sol_et_mur_Metissage_aspect_terre_cuite_Chateau_Crayon_Cotto_proche_Lattes_34.jpg 1277w\" sizes=\"(max-width: 768px) 100vw, 768px\" \/>\t\t\t\t\t\t\t\t<\/a>\n\t\t\t\t\t\t\t\t\t\t\t\t\t\t\t<\/div>\n\t\t\t\t<\/div>\n\t\t\t\t<div class=\"elementor-element elementor-element-de5f635 elementor-widget elementor-widget-heading\" data-id=\"de5f635\" data-element_type=\"widget\" data-e-type=\"widget\" data-widget_type=\"heading.default\">\n\t\t\t\t<div class=\"elementor-widget-container\">\n\t\t\t\t\t<h3 class=\"elementor-heading-title elementor-size-default\"><a href=\"https:\/\/www.portovenere.fr\/fr-fr\/carrelage-sol-et-mur-en-gres-cerame-et-faience\/les-creations-carrelage-decoratif-a-motifs-aspect-carreau-ciment\/carrelage-colore\/carreau-ceramique-original-esprit-zellige-terre-cuite-metissage\/\">METISSAGE | 8 coloris - 6 styles<\/a><\/h3>\t\t\t\t<\/div>\n\t\t\t\t<\/div>\n\t\t\t\t<section class=\"elementor-section elementor-inner-section elementor-element elementor-element-daf86e9 elementor-section-boxed elementor-section-height-default elementor-section-height-default elementor-invisible\" data-id=\"daf86e9\" data-element_type=\"section\" data-e-type=\"section\" data-settings=\"{&quot;background_background&quot;:&quot;classic&quot;,&quot;animation&quot;:&quot;fadeIn&quot;}\">\n\t\t\t\t\t\t<div class=\"elementor-container elementor-column-gap-default\">\n\t\t\t\t\t<div class=\"elementor-column elementor-col-100 elementor-inner-column elementor-element elementor-element-ac501be\" data-id=\"ac501be\" data-element_type=\"column\" data-e-type=\"column\">\n\t\t\t<div class=\"elementor-widget-wrap elementor-element-populated\">\n\t\t\t\t\t\t<div class=\"elementor-element elementor-element-9f419bd elementor-widget__width-initial elementor-widget elementor-widget-gallery\" data-id=\"9f419bd\" data-element_type=\"widget\" data-e-type=\"widget\" data-settings=\"{&quot;gap&quot;:{&quot;unit&quot;:&quot;px&quot;,&quot;size&quot;:3,&quot;sizes&quot;:[]},&quot;columns_mobile&quot;:3,&quot;gap_mobile&quot;:{&quot;unit&quot;:&quot;px&quot;,&quot;size&quot;:6,&quot;sizes&quot;:[]},&quot;columns&quot;:5,&quot;columns_tablet&quot;:5,&quot;gap_tablet&quot;:{&quot;unit&quot;:&quot;px&quot;,&quot;size&quot;:5,&quot;sizes&quot;:[]},&quot;gallery_layout&quot;:&quot;grid&quot;,&quot;aspect_ratio&quot;:&quot;3:2&quot;,&quot;overlay_background&quot;:&quot;yes&quot;,&quot;content_hover_animation&quot;:&quot;fade-in&quot;}\" data-widget_type=\"gallery.default\">\n\t\t\t\t<div class=\"elementor-widget-container\">\n\t\t\t\t\t\t\t<div class=\"elementor-gallery__container\">\n\t\t\t\t\t\t\t<div class=\"e-gallery-item elementor-gallery-item elementor-animated-content\">\n\t\t\t\t\t<div class=\"e-gallery-image elementor-gallery-item__image\" data-thumbnail=\"https:\/\/www.portovenere.fr\/fr-fr\/wp-content\/uploads\/2020\/07\/Carrelage_c\u00e9ramique_sol_et_mur_Metissage_aspect_terre_cuite_Chateau_Lines_Cotto_proche_de_Chateaurenard_13-150x150.jpg\" data-width=\"150\" data-height=\"150\" aria-label=\"\" role=\"img\" ><\/div>\n\t\t\t\t\t\t\t\t\t\t\t<div class=\"elementor-gallery-item__overlay\"><\/div>\n\t\t\t\t\t\t\t\t\t\t\t\t\t\t<\/div>\n\t\t\t\t\t\t\t<div class=\"e-gallery-item elementor-gallery-item elementor-animated-content\">\n\t\t\t\t\t<div class=\"e-gallery-image elementor-gallery-item__image\" data-thumbnail=\"https:\/\/www.portovenere.fr\/fr-fr\/wp-content\/uploads\/2020\/07\/Carrelage_original_gr\u00e8s_c\u00e9rame_sol_mur_coloris_blanc_et_terre_cuite_Metissage_Chateau_Lines_White_Gloss_blanc_brillant_\u00e0_Montpellier_34-150x150.jpg\" data-width=\"150\" data-height=\"150\" aria-label=\"\" role=\"img\" ><\/div>\n\t\t\t\t\t\t\t\t\t\t\t<div class=\"elementor-gallery-item__overlay\"><\/div>\n\t\t\t\t\t\t\t\t\t\t\t\t\t\t<\/div>\n\t\t\t\t\t\t\t<div class=\"e-gallery-item elementor-gallery-item elementor-animated-content\">\n\t\t\t\t\t<div class=\"e-gallery-image elementor-gallery-item__image\" data-thumbnail=\"https:\/\/www.portovenere.fr\/fr-fr\/wp-content\/uploads\/2020\/07\/Carrelage_gr\u00e8s_c\u00e9rame_sol_mur_Metissage_Chateau_Lines_Graphite_original_pr\u00e8s_de_Annecy-74-150x150.jpg\" data-width=\"150\" data-height=\"150\" aria-label=\"\" role=\"img\" ><\/div>\n\t\t\t\t\t\t\t\t\t\t\t<div class=\"elementor-gallery-item__overlay\"><\/div>\n\t\t\t\t\t\t\t\t\t\t\t\t\t\t<\/div>\n\t\t\t\t\t\t\t<div class=\"e-gallery-item elementor-gallery-item elementor-animated-content\">\n\t\t\t\t\t<div class=\"e-gallery-image elementor-gallery-item__image\" data-thumbnail=\"https:\/\/www.portovenere.fr\/fr-fr\/wp-content\/uploads\/2020\/07\/Carrelage_c\u00e9ramique_sol_et_mur_Metissage_aspect_terre_cuite_Chateau_White_Gloss_blanc_brillant_proche_Nancy-150x150.jpg\" data-width=\"150\" data-height=\"150\" aria-label=\"\" role=\"img\" ><\/div>\n\t\t\t\t\t\t\t\t\t\t\t<div class=\"elementor-gallery-item__overlay\"><\/div>\n\t\t\t\t\t\t\t\t\t\t\t\t\t\t<\/div>\n\t\t\t\t\t\t\t<div class=\"e-gallery-item elementor-gallery-item elementor-animated-content\">\n\t\t\t\t\t<div class=\"e-gallery-image elementor-gallery-item__image\" data-thumbnail=\"https:\/\/www.portovenere.fr\/fr-fr\/wp-content\/uploads\/2020\/07\/Carrelage_c\u00e9ramique_sol_et_mur_Metissage_aspect_terre_cuite_Chateau_Graphite_pr\u00e8s_de_Nantes_44-150x150.jpg\" data-width=\"150\" data-height=\"150\" aria-label=\"\" role=\"img\" ><\/div>\n\t\t\t\t\t\t\t\t\t\t\t<div class=\"elementor-gallery-item__overlay\"><\/div>\n\t\t\t\t\t\t\t\t\t\t\t\t\t\t<\/div>\n\t\t\t\t\t\t\t<div class=\"e-gallery-item elementor-gallery-item elementor-animated-content\">\n\t\t\t\t\t<div class=\"e-gallery-image elementor-gallery-item__image\" data-thumbnail=\"https:\/\/www.portovenere.fr\/fr-fr\/wp-content\/uploads\/2020\/07\/Carrelage_c\u00e9ramique_sol_et_mur_Metissage_aspect_terre_cuite_Chateau_Cotto_proche_Saussan_34-150x150.jpg\" data-width=\"150\" data-height=\"150\" aria-label=\"\" role=\"img\" ><\/div>\n\t\t\t\t\t\t\t\t\t\t\t<div class=\"elementor-gallery-item__overlay\"><\/div>\n\t\t\t\t\t\t\t\t\t\t\t\t\t\t<\/div>\n\t\t\t\t\t\t\t<div class=\"e-gallery-item elementor-gallery-item elementor-animated-content\">\n\t\t\t\t\t<div class=\"e-gallery-image elementor-gallery-item__image\" data-thumbnail=\"https:\/\/www.portovenere.fr\/fr-fr\/wp-content\/uploads\/2020\/07\/Carrelage_c\u00e9ramique_sol_et_mur_Metissage_aspect_terre_cuite_Chateau_Cotto_proche_de_Cournonsec_34-150x150.jpg\" data-width=\"150\" data-height=\"150\" aria-label=\"\" role=\"img\" ><\/div>\n\t\t\t\t\t\t\t\t\t\t\t<div class=\"elementor-gallery-item__overlay\"><\/div>\n\t\t\t\t\t\t\t\t\t\t\t\t\t\t<\/div>\n\t\t\t\t\t\t\t<div class=\"e-gallery-item elementor-gallery-item elementor-animated-content\">\n\t\t\t\t\t<div class=\"e-gallery-image elementor-gallery-item__image\" data-thumbnail=\"https:\/\/www.portovenere.fr\/fr-fr\/wp-content\/uploads\/2020\/07\/Carrelage_c\u00e9ramique_sol_et_mur_Metissage_Chateau_Crayon_White_Gloss_blanc_brillant_proche_Fabr\u00e8gues_34-150x150.jpg\" data-width=\"150\" data-height=\"150\" aria-label=\"\" role=\"img\" ><\/div>\n\t\t\t\t\t\t\t\t\t\t\t<div class=\"elementor-gallery-item__overlay\"><\/div>\n\t\t\t\t\t\t\t\t\t\t\t\t\t\t<\/div>\n\t\t\t\t\t\t\t<div class=\"e-gallery-item elementor-gallery-item elementor-animated-content\">\n\t\t\t\t\t<div class=\"e-gallery-image elementor-gallery-item__image\" data-thumbnail=\"https:\/\/www.portovenere.fr\/fr-fr\/wp-content\/uploads\/2020\/07\/Carrelage_c\u00e9ramique_sol_et_mur_Metissage_aspect_ancien_Chateau_Graphite_crayon_proche_Avignon_84-150x150.jpg\" data-width=\"150\" data-height=\"150\" aria-label=\"\" role=\"img\" ><\/div>\n\t\t\t\t\t\t\t\t\t\t\t<div class=\"elementor-gallery-item__overlay\"><\/div>\n\t\t\t\t\t\t\t\t\t\t\t\t\t\t<\/div>\n\t\t\t\t\t\t\t<div class=\"e-gallery-item elementor-gallery-item elementor-animated-content\">\n\t\t\t\t\t<div class=\"e-gallery-image elementor-gallery-item__image\" data-thumbnail=\"https:\/\/www.portovenere.fr\/fr-fr\/wp-content\/uploads\/2020\/07\/Carreaux_c\u00e9ramiques_esprit_Zellige_Metissage_D\u00e9cor_Gris_brillant_proche_Moulins_Allier_03-150x150.jpg\" data-width=\"150\" data-height=\"150\" aria-label=\"\" role=\"img\" ><\/div>\n\t\t\t\t\t\t\t\t\t\t\t<div class=\"elementor-gallery-item__overlay\"><\/div>\n\t\t\t\t\t\t\t\t\t\t\t\t\t\t<\/div>\n\t\t\t\t\t\t\t<div class=\"e-gallery-item elementor-gallery-item elementor-animated-content\">\n\t\t\t\t\t<div class=\"e-gallery-image elementor-gallery-item__image\" data-thumbnail=\"https:\/\/www.portovenere.fr\/fr-fr\/wp-content\/uploads\/2020\/07\/Carreaux_c\u00e9ramiques_esprit_Zellige_cr\u00e9dence_murale_salle_de_bain_Metissage_Gris_Brillant_-150x150.jpg\" data-width=\"150\" data-height=\"150\" aria-label=\"\" role=\"img\" ><\/div>\n\t\t\t\t\t\t\t\t\t\t\t<div class=\"elementor-gallery-item__overlay\"><\/div>\n\t\t\t\t\t\t\t\t\t\t\t\t\t\t<\/div>\n\t\t\t\t\t\t\t<div class=\"e-gallery-item elementor-gallery-item elementor-animated-content\">\n\t\t\t\t\t<div class=\"e-gallery-image elementor-gallery-item__image\" data-thumbnail=\"https:\/\/www.portovenere.fr\/fr-fr\/wp-content\/uploads\/2020\/07\/Carreaux_c\u00e9ramiques_esprit_Zellige_cr\u00e9dence_murale_salle_de_bain_Metissage_Blanc_Mat_pr\u00e8s_de_Mende_Loz\u00e8re_48-150x150.jpg\" data-width=\"150\" data-height=\"150\" aria-label=\"\" role=\"img\" ><\/div>\n\t\t\t\t\t\t\t\t\t\t\t<div class=\"elementor-gallery-item__overlay\"><\/div>\n\t\t\t\t\t\t\t\t\t\t\t\t\t\t<\/div>\n\t\t\t\t\t\t\t<div class=\"e-gallery-item elementor-gallery-item elementor-animated-content\">\n\t\t\t\t\t<div class=\"e-gallery-image elementor-gallery-item__image\" data-thumbnail=\"https:\/\/www.portovenere.fr\/fr-fr\/wp-content\/uploads\/2020\/07\/Carreaux_c\u00e9ramiques_esprit_Zellige_cr\u00e9dence_murale_salle_de_bain_Metissage_Blanc_Brillant__proche_Dunkerque-150x150.jpg\" data-width=\"150\" data-height=\"150\" aria-label=\"\" role=\"img\" ><\/div>\n\t\t\t\t\t\t\t\t\t\t\t<div class=\"elementor-gallery-item__overlay\"><\/div>\n\t\t\t\t\t\t\t\t\t\t\t\t\t\t<\/div>\n\t\t\t\t\t\t\t<div class=\"e-gallery-item elementor-gallery-item elementor-animated-content\">\n\t\t\t\t\t<div class=\"e-gallery-image elementor-gallery-item__image\" data-thumbnail=\"https:\/\/www.portovenere.fr\/fr-fr\/wp-content\/uploads\/2020\/07\/Carreaux_c\u00e9ramiques_esprit_Zellige_cr\u00e9dence_murale_Metissage_D\u00e9cor_Balnc_brillant_proche_Gordes-150x150.jpg\" data-width=\"150\" data-height=\"150\" aria-label=\"\" role=\"img\" ><\/div>\n\t\t\t\t\t\t\t\t\t\t\t<div class=\"elementor-gallery-item__overlay\"><\/div>\n\t\t\t\t\t\t\t\t\t\t\t\t\t\t<\/div>\n\t\t\t\t\t<\/div>\n\t\t\t\t\t<\/div>\n\t\t\t\t<\/div>\n\t\t\t\t<div class=\"elementor-element elementor-element-1505d4a elementor-widget elementor-widget-text-editor\" data-id=\"1505d4a\" data-element_type=\"widget\" data-e-type=\"widget\" data-widget_type=\"text-editor.default\">\n\t\t\t\t<div class=\"elementor-widget-container\">\n\t\t\t\t\t\t\t\t\t<p>Une collection\u00a0<b>carreaux c\u00e9ramiques<\/b>\u00a0qui regroupe\u00a0<b>6 styles\u00a0<\/b>d\u2019univers tr\u00e8s diff\u00e9rents\u00a0<b>pour sol (18.5\u00d718.5cm) et pour mur (12.5\u00d712.5cm).\u00a0<\/b><\/p><p>D\u00e9couvrez un\u00a0<strong>M\u00e9tissage<\/strong>\u00a0de carreaux color\u00e9s esprit\u00a0Terre cuite unie ou d\u00e9cor\u00e9e,\u00a0<strong>carreaux format crayon,\u00a0<\/strong>Zellige brillant\u2026le tout dans des teintes de blanc, turquoise, gris, terre, noir graphite &amp; bleu vert d\u2019eau.<\/p>\t\t\t\t\t\t\t\t<\/div>\n\t\t\t\t<\/div>\n\t\t\t\t<div class=\"elementor-element elementor-element-3d3a736 elementor-mobile-align-center elementor-widget elementor-widget-button\" data-id=\"3d3a736\" data-element_type=\"widget\" data-e-type=\"widget\" data-widget_type=\"button.default\">\n\t\t\t\t<div class=\"elementor-widget-container\">\n\t\t\t\t\t\t\t\t\t<div class=\"elementor-button-wrapper\">\n\t\t\t\t\t<a class=\"elementor-button elementor-button-link elementor-size-sm\" href=\"https:\/\/www.portovenere.fr\/fr-fr\/carrelage-sol-et-mur-en-gres-cerame-et-faience\/les-creations-carrelage-decoratif-a-motifs-aspect-carreau-ciment\/carrelage-colore\/carreau-ceramique-original-esprit-zellige-terre-cuite-metissage\/\">\n\t\t\t\t\t\t<span class=\"elementor-button-content-wrapper\">\n\t\t\t\t\t\t\t\t\t<span class=\"elementor-button-text\">Voir la collection<\/span>\n\t\t\t\t\t<\/span>\n\t\t\t\t\t<\/a>\n\t\t\t\t<\/div>\n\t\t\t\t\t\t\t\t<\/div>\n\t\t\t\t<\/div>\n\t\t\t\t\t<\/div>\n\t\t<\/div>\n\t\t\t\t\t<\/div>\n\t\t<\/section>\n\t\t\t\t\t<\/div>\n\t\t<\/div>\n\t\t\t\t\t<\/div>\n\t\t<\/section>\n\t\t\t\t\t<\/div>\n\t\t<\/div>\n\t\t\t\t\t<\/div>\n\t\t<\/section>\n\t\t\t\t<section class=\"elementor-section elementor-top-section elementor-element elementor-element-2534b87 elementor-section-full_width elementor-section-height-default elementor-section-height-default\" data-id=\"2534b87\" data-element_type=\"section\" data-e-type=\"section\" data-settings=\"{&quot;background_background&quot;:&quot;classic&quot;}\">\n\t\t\t\t\t\t<div class=\"elementor-container elementor-column-gap-default\">\n\t\t\t\t\t<div class=\"elementor-column elementor-col-100 elementor-top-column elementor-element elementor-element-b30081b\" data-id=\"b30081b\" data-element_type=\"column\" data-e-type=\"column\">\n\t\t\t<div class=\"elementor-widget-wrap elementor-element-populated\">\n\t\t\t\t\t\t<section class=\"elementor-section elementor-inner-section elementor-element elementor-element-2874dd7 elementor-section-full_width elementor-section-height-default elementor-section-height-default\" data-id=\"2874dd7\" data-element_type=\"section\" data-e-type=\"section\" data-settings=\"{&quot;background_background&quot;:&quot;classic&quot;}\">\n\t\t\t\t\t\t<div class=\"elementor-container elementor-column-gap-default\">\n\t\t\t\t\t<div class=\"elementor-column elementor-col-33 elementor-inner-column elementor-element elementor-element-e2198b2\" data-id=\"e2198b2\" data-element_type=\"column\" data-e-type=\"column\" data-settings=\"{&quot;background_background&quot;:&quot;classic&quot;}\">\n\t\t\t<div class=\"elementor-widget-wrap elementor-element-populated\">\n\t\t\t\t\t\t<div class=\"elementor-element elementor-element-d8f781f elementor-widget elementor-widget-image\" data-id=\"d8f781f\" data-element_type=\"widget\" data-e-type=\"widget\" data-widget_type=\"image.default\">\n\t\t\t\t<div class=\"elementor-widget-container\">\n\t\t\t\t\t\t\t\t\t\t\t\t\t\t\t\t<a href=\"https:\/\/www.portovenere.fr\/fr-fr\/carrelage-sol-et-mur-en-gres-cerame-et-faience\/carrelage-aspect-marbre\/carrelage-style-terrazzo-decor-retro-reveziano\/\">\n\t\t\t\t\t\t\t<img decoding=\"async\" src=\"https:\/\/www.portovenere.fr\/fr-fr\/wp-content\/uploads\/elementor\/thumbs\/Carrelage-sol-style-terrazzo-ancien-Reveziano-motif-vague-Onda-bicolore-Verde-Cacao-27x365-cm-Magasin-Porto-Venere-Montpellier-pres-de-Paris_75-r8igabt9og6kqpsgdujvx1jftnzd05bm4soyk6byq0.jpg\" title=\"Carrelage-sol-style-terrazzo-ancien-Reveziano-motif-vague-Onda-bicolore-Verde-Cacao-27&#215;36,5-cm-Magasin-Porto-Venere-Montpellier-pr\u00e8s-de-Paris_75\" alt=\"Reveziano d\u00e9cor Onda Verde &amp; Cacao\" loading=\"lazy\" \/>\t\t\t\t\t\t\t\t<\/a>\n\t\t\t\t\t\t\t\t\t\t\t\t\t\t\t<\/div>\n\t\t\t\t<\/div>\n\t\t\t\t<div class=\"elementor-element elementor-element-3b99a20 elementor-widget elementor-widget-heading\" data-id=\"3b99a20\" data-element_type=\"widget\" data-e-type=\"widget\" data-widget_type=\"heading.default\">\n\t\t\t\t<div class=\"elementor-widget-container\">\n\t\t\t\t\t<h3 class=\"elementor-heading-title elementor-size-default\"><a href=\"https:\/\/www.portovenere.fr\/fr-fr\/carrelage-sol-et-mur-en-gres-cerame-et-faience\/carrelage-aspect-marbre\/carrelage-style-terrazzo-decor-retro-reveziano\/\">REVEZIANO | 5 coloris &amp; d\u00e9cors<\/a><\/h3>\t\t\t\t<\/div>\n\t\t\t\t<\/div>\n\t\t\t\t<div class=\"elementor-element elementor-element-f649aa2 elementor-widget__width-initial elementor-widget elementor-widget-gallery\" data-id=\"f649aa2\" data-element_type=\"widget\" data-e-type=\"widget\" data-settings=\"{&quot;gap&quot;:{&quot;unit&quot;:&quot;px&quot;,&quot;size&quot;:3,&quot;sizes&quot;:[]},&quot;columns_mobile&quot;:3,&quot;gap_mobile&quot;:{&quot;unit&quot;:&quot;px&quot;,&quot;size&quot;:6,&quot;sizes&quot;:[]},&quot;columns&quot;:5,&quot;columns_tablet&quot;:3,&quot;gap_tablet&quot;:{&quot;unit&quot;:&quot;px&quot;,&quot;size&quot;:5,&quot;sizes&quot;:[]},&quot;lazyload&quot;:&quot;yes&quot;,&quot;gallery_layout&quot;:&quot;grid&quot;,&quot;aspect_ratio&quot;:&quot;3:2&quot;,&quot;overlay_background&quot;:&quot;yes&quot;,&quot;content_hover_animation&quot;:&quot;fade-in&quot;}\" data-widget_type=\"gallery.default\">\n\t\t\t\t<div class=\"elementor-widget-container\">\n\t\t\t\t\t\t\t<div class=\"elementor-gallery__container\">\n\t\t\t\t\t\t\t<div class=\"e-gallery-item elementor-gallery-item elementor-animated-content\">\n\t\t\t\t\t<div class=\"e-gallery-image elementor-gallery-item__image\" data-thumbnail=\"https:\/\/www.portovenere.fr\/fr-fr\/wp-content\/uploads\/2025\/06\/Carrelage-sol-et-mur-style-terrazzo-venitien-Reveziano-Cacao-noir-Magasin-carreaux-originaux-Porto-Venere-Montpellier-pres-de-Mauguio-Herault-34-150x150.jpg\" data-width=\"150\" data-height=\"150\" aria-label=\"\" role=\"img\" ><\/div>\n\t\t\t\t\t\t\t\t\t\t\t<div class=\"elementor-gallery-item__overlay\"><\/div>\n\t\t\t\t\t\t\t\t\t\t\t\t\t\t<\/div>\n\t\t\t\t\t\t\t<div class=\"e-gallery-item elementor-gallery-item elementor-animated-content\">\n\t\t\t\t\t<div class=\"e-gallery-image elementor-gallery-item__image\" data-thumbnail=\"https:\/\/www.portovenere.fr\/fr-fr\/wp-content\/uploads\/2025\/06\/Carrelage-sol-et-mur-style-terrazzo-venitien-Reveziano-Greige-Magasin-carreaux-originaux-Porto-Venere-Montpellier-pres-de-Pezenas-Herault-34-150x150.jpg\" data-width=\"150\" data-height=\"150\" aria-label=\"\" role=\"img\" ><\/div>\n\t\t\t\t\t\t\t\t\t\t\t<div class=\"elementor-gallery-item__overlay\"><\/div>\n\t\t\t\t\t\t\t\t\t\t\t\t\t\t<\/div>\n\t\t\t\t\t\t\t<div class=\"e-gallery-item elementor-gallery-item elementor-animated-content\">\n\t\t\t\t\t<div class=\"e-gallery-image elementor-gallery-item__image\" data-thumbnail=\"https:\/\/www.portovenere.fr\/fr-fr\/wp-content\/uploads\/2025\/06\/Carrelage-sol-et-mur-style-terrazzo-venitien-Reveziano-Senape-moutarde-Magasin-carreaux-originaux-Porto-Venere-Montpellier-pres-de-Perols-Herault-34-150x150.jpg\" data-width=\"150\" data-height=\"150\" aria-label=\"\" role=\"img\" ><\/div>\n\t\t\t\t\t\t\t\t\t\t\t<div class=\"elementor-gallery-item__overlay\"><\/div>\n\t\t\t\t\t\t\t\t\t\t\t\t\t\t<\/div>\n\t\t\t\t\t\t\t<div class=\"e-gallery-item elementor-gallery-item elementor-animated-content\">\n\t\t\t\t\t<div class=\"e-gallery-image elementor-gallery-item__image\" data-thumbnail=\"https:\/\/www.portovenere.fr\/fr-fr\/wp-content\/uploads\/2025\/06\/Carrelage-sol-et-mur-style-terrazzo-venitien-Reveziano-Rosa-rose-pale-Magasin-carreaux-originaux-Porto-Venere-Montpellier-pres-de-Agde-Herault-34-150x150.jpg\" data-width=\"150\" data-height=\"150\" aria-label=\"\" role=\"img\" ><\/div>\n\t\t\t\t\t\t\t\t\t\t\t<div class=\"elementor-gallery-item__overlay\"><\/div>\n\t\t\t\t\t\t\t\t\t\t\t\t\t\t<\/div>\n\t\t\t\t\t\t\t<div class=\"e-gallery-item elementor-gallery-item elementor-animated-content\">\n\t\t\t\t\t<div class=\"e-gallery-image elementor-gallery-item__image\" data-thumbnail=\"https:\/\/www.portovenere.fr\/fr-fr\/wp-content\/uploads\/2025\/06\/Carrelage-sol-et-mur-style-terrazzo-venitien-Reveziano-Verde-vert-Magasin-carreaux-originaux-Porto-Venere-Montpellier-pres-de-Sete-Herault-34-150x150.jpg\" data-width=\"150\" data-height=\"150\" aria-label=\"\" role=\"img\" ><\/div>\n\t\t\t\t\t\t\t\t\t\t\t<div class=\"elementor-gallery-item__overlay\"><\/div>\n\t\t\t\t\t\t\t\t\t\t\t\t\t\t<\/div>\n\t\t\t\t\t\t\t<div class=\"e-gallery-item elementor-gallery-item elementor-animated-content\">\n\t\t\t\t\t<div class=\"e-gallery-image elementor-gallery-item__image\" data-thumbnail=\"https:\/\/www.portovenere.fr\/fr-fr\/wp-content\/uploads\/2025\/06\/Carrelage-effet-terrazzo-Reveziano-decor-mosaique-Quadra-showroom-carrelages-sols-et-murs-PORTOVENERE-pres-de-Saint-Clement-de-Riviere-34-150x150.png\" data-width=\"150\" data-height=\"150\" aria-label=\"\" role=\"img\" ><\/div>\n\t\t\t\t\t\t\t\t\t\t\t<div class=\"elementor-gallery-item__overlay\"><\/div>\n\t\t\t\t\t\t\t\t\t\t\t\t\t\t<\/div>\n\t\t\t\t\t\t\t<div class=\"e-gallery-item elementor-gallery-item elementor-animated-content\">\n\t\t\t\t\t<div class=\"e-gallery-image elementor-gallery-item__image\" data-thumbnail=\"https:\/\/www.portovenere.fr\/fr-fr\/wp-content\/uploads\/2025\/06\/Carrelage-effet-terrazzo-ancien-Reveziano-decor-mosaique-Onda-showroom-carrelages-sols-et-murs-PORTOVENERE-pres-de-Castelnau-le-Lez-34-150x150.png\" data-width=\"150\" data-height=\"150\" aria-label=\"\" role=\"img\" ><\/div>\n\t\t\t\t\t\t\t\t\t\t\t<div class=\"elementor-gallery-item__overlay\"><\/div>\n\t\t\t\t\t\t\t\t\t\t\t\t\t\t<\/div>\n\t\t\t\t\t\t\t<div class=\"e-gallery-item elementor-gallery-item elementor-animated-content\">\n\t\t\t\t\t<div class=\"e-gallery-image elementor-gallery-item__image\" data-thumbnail=\"https:\/\/www.portovenere.fr\/fr-fr\/wp-content\/uploads\/2025\/06\/Carrelage-effet-terrazzo-Reveziano-decor-mosaique-Regolo-showroom-carrelages-sols-et-murs-PORTOVENERE-pres-de-Mauguio-34-150x150.png\" data-width=\"150\" data-height=\"150\" aria-label=\"\" role=\"img\" ><\/div>\n\t\t\t\t\t\t\t\t\t\t\t<div class=\"elementor-gallery-item__overlay\"><\/div>\n\t\t\t\t\t\t\t\t\t\t\t\t\t\t<\/div>\n\t\t\t\t\t<\/div>\n\t\t\t\t\t<\/div>\n\t\t\t\t<\/div>\n\t\t\t\t<div class=\"elementor-element elementor-element-480f690 elementor-widget elementor-widget-text-editor\" data-id=\"480f690\" data-element_type=\"widget\" data-e-type=\"widget\" data-widget_type=\"text-editor.default\">\n\t\t\t\t<div class=\"elementor-widget-container\">\n\t\t\t\t\t\t\t\t\t<p data-sourcepos=\"1:1-1:286\">Transformez vos int\u00e9rieurs avec la collection <strong>Reveziano<\/strong>, un carrelage innovant qui r\u00e9invente l&rsquo;\u00e9l\u00e9gance intemporelle du <strong>terrazzo ancien<\/strong>. Cette gamme unique allie la richesse visuelle des carreaux d&rsquo;antan \u00e0 des motifs originaux et contemporains, apportant un raffinement in\u00e9gal\u00e9.<\/p><p data-sourcepos=\"3:1-3:412\"><strong>Reveziano<\/strong> est bien plus qu&rsquo;un rev\u00eatement ; c&rsquo;est une invitation audacieuse \u00e0 red\u00e9finir votre style. Id\u00e9ale pour la <strong>r\u00e9novation<\/strong> ou les nouvelles constructions, elle s&rsquo;int\u00e8gre parfaitement aux ambiances <strong>chic parisien<\/strong>, <strong>design moderne<\/strong>, ou <strong>r\u00e9tro seventies revisit\u00e9<\/strong>. Son allure <strong>bourgeois<\/strong> et son <strong>esprit v\u00e9nitien<\/strong> subliment vos <strong>sols et murs<\/strong>, cr\u00e9ant un luxe discret qui traverse les \u00e9poques.<\/p><p data-sourcepos=\"5:1-5:353\">Fabriqu\u00e9 en <strong>gr\u00e8s c\u00e9rame color\u00e9 dans la masse num\u00e9rique HD<\/strong>, avec une finition naturelle rectifi\u00e9e et une \u00e9paisseur de 9 mm, <strong>Reveziano<\/strong> garantit durabilit\u00e9 et entretien facile. Disponible en <strong>60&#215;120 cm, 60&#215;60 cm, 30&#215;30 cm et 3 types de mosa\u00efques<\/strong>, ce <strong>carrelage effet terrazzo<\/strong> haut de gamme est le choix parfait pour un int\u00e9rieur de caract\u00e8re.<\/p>\t\t\t\t\t\t\t\t<\/div>\n\t\t\t\t<\/div>\n\t\t\t\t<div class=\"elementor-element elementor-element-f8e20a8 elementor-mobile-align-center elementor-align-left elementor-widget elementor-widget-button\" data-id=\"f8e20a8\" data-element_type=\"widget\" data-e-type=\"widget\" data-widget_type=\"button.default\">\n\t\t\t\t<div class=\"elementor-widget-container\">\n\t\t\t\t\t\t\t\t\t<div class=\"elementor-button-wrapper\">\n\t\t\t\t\t<a class=\"elementor-button elementor-button-link elementor-size-sm\" href=\"https:\/\/www.portovenere.fr\/fr-fr\/carrelage-sol-et-mur-en-gres-cerame-et-faience\/carrelage-aspect-marbre\/carrelage-style-terrazzo-decor-retro-reveziano\/\">\n\t\t\t\t\t\t<span class=\"elementor-button-content-wrapper\">\n\t\t\t\t\t\t\t\t\t<span class=\"elementor-button-text\">Voir la collection<\/span>\n\t\t\t\t\t<\/span>\n\t\t\t\t\t<\/a>\n\t\t\t\t<\/div>\n\t\t\t\t\t\t\t\t<\/div>\n\t\t\t\t<\/div>\n\t\t\t\t\t<\/div>\n\t\t<\/div>\n\t\t\t\t<div class=\"elementor-column elementor-col-33 elementor-inner-column elementor-element elementor-element-a255208\" data-id=\"a255208\" data-element_type=\"column\" data-e-type=\"column\" data-settings=\"{&quot;background_background&quot;:&quot;classic&quot;}\">\n\t\t\t<div class=\"elementor-widget-wrap elementor-element-populated\">\n\t\t\t\t\t\t<div class=\"elementor-element elementor-element-2c8f880 elementor-widget elementor-widget-image\" data-id=\"2c8f880\" data-element_type=\"widget\" data-e-type=\"widget\" data-widget_type=\"image.default\">\n\t\t\t\t<div class=\"elementor-widget-container\">\n\t\t\t\t\t\t\t\t\t\t\t\t\t\t\t\t<a href=\"https:\/\/www.portovenere.fr\/fr-fr\/carrelage-sol-et-mur-en-gres-cerame-et-faience\/carrelage-mural-effet-brique\/carrelage-couleur-brique-pour-sol-et-mur-tolosa\/\">\n\t\t\t\t\t\t\t<img loading=\"lazy\" decoding=\"async\" width=\"800\" height=\"604\" src=\"https:\/\/www.portovenere.fr\/fr-fr\/wp-content\/uploads\/2025\/06\/Carrelage-couleur-brique-15x90-cm-pour-interieur-et-exterieur-TOLOSA-5-formats-carres-et-briques-rectangulaires-magasin-pres-de-Agde-34-1024x773.jpg\" class=\"attachment-large size-large wp-image-60688\" alt=\"\" srcset=\"https:\/\/www.portovenere.fr\/fr-fr\/wp-content\/uploads\/2025\/06\/Carrelage-couleur-brique-15x90-cm-pour-interieur-et-exterieur-TOLOSA-5-formats-carres-et-briques-rectangulaires-magasin-pres-de-Agde-34-1024x773.jpg 1024w, https:\/\/www.portovenere.fr\/fr-fr\/wp-content\/uploads\/2025\/06\/Carrelage-couleur-brique-15x90-cm-pour-interieur-et-exterieur-TOLOSA-5-formats-carres-et-briques-rectangulaires-magasin-pres-de-Agde-34-300x226.jpg 300w, https:\/\/www.portovenere.fr\/fr-fr\/wp-content\/uploads\/2025\/06\/Carrelage-couleur-brique-15x90-cm-pour-interieur-et-exterieur-TOLOSA-5-formats-carres-et-briques-rectangulaires-magasin-pres-de-Agde-34-768x580.jpg 768w, https:\/\/www.portovenere.fr\/fr-fr\/wp-content\/uploads\/2025\/06\/Carrelage-couleur-brique-15x90-cm-pour-interieur-et-exterieur-TOLOSA-5-formats-carres-et-briques-rectangulaires-magasin-pres-de-Agde-34.jpg 1325w\" sizes=\"(max-width: 800px) 100vw, 800px\" \/>\t\t\t\t\t\t\t\t<\/a>\n\t\t\t\t\t\t\t\t\t\t\t\t\t\t\t<\/div>\n\t\t\t\t<\/div>\n\t\t\t\t<div class=\"elementor-element elementor-element-ff6f76e elementor-widget elementor-widget-heading\" data-id=\"ff6f76e\" data-element_type=\"widget\" data-e-type=\"widget\" data-widget_type=\"heading.default\">\n\t\t\t\t<div class=\"elementor-widget-container\">\n\t\t\t\t\t<h2 class=\"elementor-heading-title elementor-size-default\"><a href=\"https:\/\/www.portovenere.fr\/fr-fr\/carrelage-sol-et-mur-en-gres-cerame-et-faience\/carrelage-mural-effet-brique\/carrelage-couleur-brique-pour-sol-et-mur-tolosa\/\"><span style=\"color: var( --e-global-color-primary )\">Carrelage couleur brique TOLOSA<\/span><\/a><\/h2>\t\t\t\t<\/div>\n\t\t\t\t<\/div>\n\t\t\t\t<div class=\"elementor-element elementor-element-93c2308 elementor-widget__width-initial elementor-widget elementor-widget-gallery\" data-id=\"93c2308\" data-element_type=\"widget\" data-e-type=\"widget\" data-settings=\"{&quot;gap&quot;:{&quot;unit&quot;:&quot;px&quot;,&quot;size&quot;:3,&quot;sizes&quot;:[]},&quot;columns_mobile&quot;:3,&quot;gap_mobile&quot;:{&quot;unit&quot;:&quot;px&quot;,&quot;size&quot;:6,&quot;sizes&quot;:[]},&quot;columns&quot;:5,&quot;columns_tablet&quot;:3,&quot;gap_tablet&quot;:{&quot;unit&quot;:&quot;px&quot;,&quot;size&quot;:5,&quot;sizes&quot;:[]},&quot;lazyload&quot;:&quot;yes&quot;,&quot;gallery_layout&quot;:&quot;grid&quot;,&quot;aspect_ratio&quot;:&quot;3:2&quot;,&quot;overlay_background&quot;:&quot;yes&quot;,&quot;content_hover_animation&quot;:&quot;fade-in&quot;}\" data-widget_type=\"gallery.default\">\n\t\t\t\t<div class=\"elementor-widget-container\">\n\t\t\t\t\t\t\t<div class=\"elementor-gallery__container\">\n\t\t\t\t\t\t\t<div class=\"e-gallery-item elementor-gallery-item elementor-animated-content\">\n\t\t\t\t\t<div class=\"e-gallery-image elementor-gallery-item__image\" data-thumbnail=\"https:\/\/www.portovenere.fr\/fr-fr\/wp-content\/uploads\/2025\/06\/Carrelage-couleur-brique-pour-interieur-et-exterieur-TOLOSA-BLUSH-5-formats-carres-et-briques-rectangulaires-Magasin-Porto-Venere-a-Montpellier-34-150x104.jpg\" data-width=\"150\" data-height=\"104\" aria-label=\"\" role=\"img\" ><\/div>\n\t\t\t\t\t\t\t\t\t\t\t<div class=\"elementor-gallery-item__overlay\"><\/div>\n\t\t\t\t\t\t\t\t\t\t\t\t\t\t<\/div>\n\t\t\t\t\t\t\t<div class=\"e-gallery-item elementor-gallery-item elementor-animated-content\">\n\t\t\t\t\t<div class=\"e-gallery-image elementor-gallery-item__image\" data-thumbnail=\"https:\/\/www.portovenere.fr\/fr-fr\/wp-content\/uploads\/2025\/06\/Carrelage-couleur-brique-pour-interieur-et-exterieur-TOLOSA-NUDE-5-formats-carres-et-briques-rectangulaires-Magasin-Porto-Venere-a-Montpellier-34-150x104.jpg\" data-width=\"150\" data-height=\"104\" aria-label=\"\" role=\"img\" ><\/div>\n\t\t\t\t\t\t\t\t\t\t\t<div class=\"elementor-gallery-item__overlay\"><\/div>\n\t\t\t\t\t\t\t\t\t\t\t\t\t\t<\/div>\n\t\t\t\t\t<\/div>\n\t\t\t\t\t<\/div>\n\t\t\t\t<\/div>\n\t\t\t\t<div class=\"elementor-element elementor-element-10ed0cf elementor-widget elementor-widget-text-editor\" data-id=\"10ed0cf\" data-element_type=\"widget\" data-e-type=\"widget\" data-widget_type=\"text-editor.default\">\n\t\t\t\t<div class=\"elementor-widget-container\">\n\t\t\t\t\t\t\t\t\t<p data-sourcepos=\"4:1-4:293\">La collection de <b>carrelage pour sol et mur<\/b>\u00a0TOLOSA, offre un rendu exceptionnel de <b>couleur brique<\/b>.\u00a0<\/p><p data-sourcepos=\"4:1-4:293\"><strong>Ce gr\u00e8s c\u00e9rame r\u00e9interpr\u00e8te la brique<\/strong>\u00a0en la d\u00e9clinant dans 2 teintes : Blush et Nude, en <b>finition Naturelle<\/b> R10 <b>mais aussi en finition Antid\u00e9rapante <\/b>R11 pour les espaces ext\u00e9rieurs comme une terrasse.\u00a0<\/p><p data-sourcepos=\"6:1-6:411\">Les carreaux sont propos\u00e9s dans 5 formats :<b>\u00a090 x 90cm, 15 x 90 cm, 60 x 60 cm, 15 x 60 cm et 15 x 15 cm<\/b>\u00a0avec des\u00a0<b>bords rectifi\u00e9s droits.\u00a0<\/b><\/p><p>Le carrelage gr\u00e8s c\u00e9rame Tolosa \u00e9paisseur 10mm, est disponible en <b>4 sortes de mosa\u00efques originales<\/b> pour vos projets d&rsquo;am\u00e9nagements d&rsquo;espaces.<\/p><p>\u00a0<\/p>\t\t\t\t\t\t\t\t<\/div>\n\t\t\t\t<\/div>\n\t\t\t\t<div class=\"elementor-element elementor-element-764e7de elementor-mobile-align-center elementor-align-left elementor-widget elementor-widget-button\" data-id=\"764e7de\" data-element_type=\"widget\" data-e-type=\"widget\" data-widget_type=\"button.default\">\n\t\t\t\t<div class=\"elementor-widget-container\">\n\t\t\t\t\t\t\t\t\t<div class=\"elementor-button-wrapper\">\n\t\t\t\t\t<a class=\"elementor-button elementor-button-link elementor-size-sm\" href=\"https:\/\/www.portovenere.fr\/fr-fr\/carrelage-sol-et-mur-en-gres-cerame-et-faience\/carrelage-mural-effet-brique\/carrelage-couleur-brique-pour-sol-et-mur-tolosa\/\">\n\t\t\t\t\t\t<span class=\"elementor-button-content-wrapper\">\n\t\t\t\t\t\t\t\t\t<span class=\"elementor-button-text\">Voir la collection<\/span>\n\t\t\t\t\t<\/span>\n\t\t\t\t\t<\/a>\n\t\t\t\t<\/div>\n\t\t\t\t\t\t\t\t<\/div>\n\t\t\t\t<\/div>\n\t\t\t\t\t<\/div>\n\t\t<\/div>\n\t\t\t\t<div class=\"elementor-column elementor-col-33 elementor-inner-column elementor-element elementor-element-2bf3449 elementor-invisible\" data-id=\"2bf3449\" data-element_type=\"column\" data-e-type=\"column\" data-settings=\"{&quot;animation&quot;:&quot;fadeIn&quot;,&quot;background_background&quot;:&quot;classic&quot;}\">\n\t\t\t<div class=\"elementor-widget-wrap elementor-element-populated\">\n\t\t\t\t\t\t<div class=\"elementor-element elementor-element-97df3c4 elementor-widget elementor-widget-image\" data-id=\"97df3c4\" data-element_type=\"widget\" data-e-type=\"widget\" data-widget_type=\"image.default\">\n\t\t\t\t<div class=\"elementor-widget-container\">\n\t\t\t\t\t\t\t\t\t\t\t\t\t\t\t\t<a href=\"https:\/\/www.portovenere.fr\/fr-fr\/carrelage-sol-et-mur-en-gres-cerame-et-faience\/carrelage-aspect-pierre\/carrelage-esprit-terre-cuite-en-gres-cerame-traccia\/\">\n\t\t\t\t\t\t\t<img decoding=\"async\" src=\"https:\/\/www.portovenere.fr\/fr-fr\/wp-content\/uploads\/elementor\/thumbs\/Carrelage-sol-et-mur-style-ancien-artisanal-TRACCIA-Terracotta-80x80-cm-magasin-carrelage-PORTO-VENERE-proche-Beziers-34-r9fdqpmvnkxnsvym9y7rgt0hslin19lwxaam79mrns.jpg\" title=\"Carrelage-sol-et-mur-style-ancien-artisanal-TRACCIA-Terracotta-80&#215;80-cm-magasin-carrelage-PORTO-VENERE-proche-B\u00e9ziers-34\" alt=\"Terracotta 80x80 cm au sol et poteau Majolica Bianco Lux\" loading=\"lazy\" \/>\t\t\t\t\t\t\t\t<\/a>\n\t\t\t\t\t\t\t\t\t\t\t\t\t\t\t<\/div>\n\t\t\t\t<\/div>\n\t\t\t\t<section class=\"elementor-section elementor-inner-section elementor-element elementor-element-f1df689 elementor-section-boxed elementor-section-height-default elementor-section-height-default elementor-invisible\" data-id=\"f1df689\" data-element_type=\"section\" data-e-type=\"section\" data-settings=\"{&quot;background_background&quot;:&quot;classic&quot;,&quot;animation&quot;:&quot;fadeIn&quot;}\">\n\t\t\t\t\t\t<div class=\"elementor-container elementor-column-gap-default\">\n\t\t\t\t\t<div class=\"elementor-column elementor-col-100 elementor-inner-column elementor-element elementor-element-752b4c2\" data-id=\"752b4c2\" data-element_type=\"column\" data-e-type=\"column\">\n\t\t\t<div class=\"elementor-widget-wrap elementor-element-populated\">\n\t\t\t\t\t\t<div class=\"elementor-element elementor-element-ab4b1c5 elementor-widget elementor-widget-heading\" data-id=\"ab4b1c5\" data-element_type=\"widget\" data-e-type=\"widget\" data-widget_type=\"heading.default\">\n\t\t\t\t<div class=\"elementor-widget-container\">\n\t\t\t\t\t<h3 class=\"elementor-heading-title elementor-size-default\"><a href=\"https:\/\/www.portovenere.fr\/fr-fr\/carrelage-sol-et-mur-en-gres-cerame-et-faience\/carrelage-aspect-pierre\/carrelage-esprit-terre-cuite-en-gres-cerame-traccia\/\">TRACCIA | 6 coloris<\/a><\/h3>\t\t\t\t<\/div>\n\t\t\t\t<\/div>\n\t\t\t\t<div class=\"elementor-element elementor-element-76b7155 elementor-widget__width-initial elementor-widget elementor-widget-gallery\" data-id=\"76b7155\" data-element_type=\"widget\" data-e-type=\"widget\" data-settings=\"{&quot;gap&quot;:{&quot;unit&quot;:&quot;px&quot;,&quot;size&quot;:3,&quot;sizes&quot;:[]},&quot;columns_mobile&quot;:3,&quot;gap_mobile&quot;:{&quot;unit&quot;:&quot;px&quot;,&quot;size&quot;:6,&quot;sizes&quot;:[]},&quot;columns&quot;:5,&quot;columns_tablet&quot;:5,&quot;gap_tablet&quot;:{&quot;unit&quot;:&quot;px&quot;,&quot;size&quot;:5,&quot;sizes&quot;:[]},&quot;lazyload&quot;:&quot;yes&quot;,&quot;gallery_layout&quot;:&quot;grid&quot;,&quot;aspect_ratio&quot;:&quot;3:2&quot;,&quot;overlay_background&quot;:&quot;yes&quot;,&quot;content_hover_animation&quot;:&quot;fade-in&quot;}\" data-widget_type=\"gallery.default\">\n\t\t\t\t<div class=\"elementor-widget-container\">\n\t\t\t\t\t\t\t<div class=\"elementor-gallery__container\">\n\t\t\t\t\t\t\t<div class=\"e-gallery-item elementor-gallery-item elementor-animated-content\">\n\t\t\t\t\t<div class=\"e-gallery-image elementor-gallery-item__image\" data-thumbnail=\"https:\/\/www.portovenere.fr\/fr-fr\/wp-content\/uploads\/2025\/07\/Carrelage-sol-et-mur-style-artisanal-en-gres-cerame-TRACCIA-Cenere-magasin-PORTO_VENERE_MONTPELLIER_proche-Castelnau-le-lez-34-150x150.jpg\" data-width=\"150\" data-height=\"150\" aria-label=\"\" role=\"img\" ><\/div>\n\t\t\t\t\t\t\t\t\t\t\t<div class=\"elementor-gallery-item__overlay\"><\/div>\n\t\t\t\t\t\t\t\t\t\t\t\t\t\t<\/div>\n\t\t\t\t\t\t\t<div class=\"e-gallery-item elementor-gallery-item elementor-animated-content\">\n\t\t\t\t\t<div class=\"e-gallery-image elementor-gallery-item__image\" data-thumbnail=\"https:\/\/www.portovenere.fr\/fr-fr\/wp-content\/uploads\/2025\/07\/Carrelage-sol-et-mur-style-artisanal-terre-cuite-en-gres-cerame-TRACCIA-Terracotta-magasin-PORTO_VENERE_MONTPELLIER_proche-La-Grande-Motte-34-150x150.jpg\" data-width=\"150\" data-height=\"150\" aria-label=\"\" role=\"img\" ><\/div>\n\t\t\t\t\t\t\t\t\t\t\t<div class=\"elementor-gallery-item__overlay\"><\/div>\n\t\t\t\t\t\t\t\t\t\t\t\t\t\t<\/div>\n\t\t\t\t\t\t\t<div class=\"e-gallery-item elementor-gallery-item elementor-animated-content\">\n\t\t\t\t\t<div class=\"e-gallery-image elementor-gallery-item__image\" data-thumbnail=\"https:\/\/www.portovenere.fr\/fr-fr\/wp-content\/uploads\/2025\/07\/Carrelage-sol-et-mur-style-artisanal-en-gres-cerame-TRACCIA-Bianco-blanc-magasin-PORTO_VENERE_MONTPELLIER_proche-Perols-34-150x150.jpg\" data-width=\"150\" data-height=\"150\" aria-label=\"\" role=\"img\" ><\/div>\n\t\t\t\t\t\t\t\t\t\t\t<div class=\"elementor-gallery-item__overlay\"><\/div>\n\t\t\t\t\t\t\t\t\t\t\t\t\t\t<\/div>\n\t\t\t\t\t\t\t<div class=\"e-gallery-item elementor-gallery-item elementor-animated-content\">\n\t\t\t\t\t<div class=\"e-gallery-image elementor-gallery-item__image\" data-thumbnail=\"https:\/\/www.portovenere.fr\/fr-fr\/wp-content\/uploads\/2025\/07\/Carrelage-sol-et-mur-style-artisanal-terre-cuite-en-gres-cerame-TRACCIA-Rosato-magasin-PORTO_VENERE_MONTPELLIER_proche-Carnon-34-150x150.jpg\" data-width=\"150\" data-height=\"150\" aria-label=\"\" role=\"img\" ><\/div>\n\t\t\t\t\t\t\t\t\t\t\t<div class=\"elementor-gallery-item__overlay\"><\/div>\n\t\t\t\t\t\t\t\t\t\t\t\t\t\t<\/div>\n\t\t\t\t\t\t\t<div class=\"e-gallery-item elementor-gallery-item elementor-animated-content\">\n\t\t\t\t\t<div class=\"e-gallery-image elementor-gallery-item__image\" data-thumbnail=\"https:\/\/www.portovenere.fr\/fr-fr\/wp-content\/uploads\/2025\/07\/Carrelage-sol-et-mur-style-artisanal-en-gres-cerame-TRACCIA-Avorio-Ivoire-magasin-PORTO_VENERE_MONTPELLIER_proche-Montferrier-sur-lez-34-150x150.jpg\" data-width=\"150\" data-height=\"150\" aria-label=\"\" role=\"img\" ><\/div>\n\t\t\t\t\t\t\t\t\t\t\t<div class=\"elementor-gallery-item__overlay\"><\/div>\n\t\t\t\t\t\t\t\t\t\t\t\t\t\t<\/div>\n\t\t\t\t\t\t\t<div class=\"e-gallery-item elementor-gallery-item elementor-animated-content\">\n\t\t\t\t\t<div class=\"e-gallery-image elementor-gallery-item__image\" data-thumbnail=\"https:\/\/www.portovenere.fr\/fr-fr\/wp-content\/uploads\/2025\/07\/Carrelage-sol-et-mur-style-artisanal-en-gres-cerame-TRACCIA-Antracite-gris-fonce-magasin-PORTO_VENERE_MONTPELLIER_proche-Pezenas-34-150x150.jpg\" data-width=\"150\" data-height=\"150\" aria-label=\"\" role=\"img\" ><\/div>\n\t\t\t\t\t\t\t\t\t\t\t<div class=\"elementor-gallery-item__overlay\"><\/div>\n\t\t\t\t\t\t\t\t\t\t\t\t\t\t<\/div>\n\t\t\t\t\t<\/div>\n\t\t\t\t\t<\/div>\n\t\t\t\t<\/div>\n\t\t\t\t<div class=\"elementor-element elementor-element-8c6daea elementor-widget elementor-widget-text-editor\" data-id=\"8c6daea\" data-element_type=\"widget\" data-e-type=\"widget\" data-widget_type=\"text-editor.default\">\n\t\t\t\t<div class=\"elementor-widget-container\">\n\t\t\t\t\t\t\t\t\t<p data-start=\"33\" data-end=\"290\">La collection <strong data-start=\"47\" data-end=\"58\">TRACCIA<\/strong> r\u00e9invente la <strong data-start=\"72\" data-end=\"87\">terre cuite<\/strong> \u00e0 travers un carrelage en <strong data-start=\"114\" data-end=\"129\">gr\u00e8s c\u00e9rame<\/strong> m\u00ealant <strong data-start=\"137\" data-end=\"161\">tradition artisanale<\/strong> et <strong data-start=\"165\" data-end=\"193\">innovation contemporaine<\/strong>. Inspir\u00e9e des textures faites main, elle offre authenticit\u00e9, r\u00e9sistance et facilit\u00e9 d\u2019entretien.<\/p><p data-start=\"292\" data-end=\"367\">TRACCIA se distingue par une <strong data-start=\"321\" data-end=\"343\">palette de coloris<\/strong> naturels et nuanc\u00e9s :<\/p><ul data-start=\"368\" data-end=\"534\"><li data-start=\"368\" data-end=\"466\"><p data-start=\"370\" data-end=\"466\"><strong data-start=\"370\" data-end=\"387\">Teintes mates<\/strong> : <em data-start=\"390\" data-end=\"402\">Terracotta<\/em>, <em data-start=\"404\" data-end=\"412\">Rosato<\/em>, <em data-start=\"414\" data-end=\"422\">Avorio<\/em>, <em data-start=\"424\" data-end=\"441\">Bianco Assoluto<\/em>, <em data-start=\"443\" data-end=\"451\">Cenere<\/em>, <em data-start=\"453\" data-end=\"464\">Antracite<\/em><\/p><\/li><li data-start=\"467\" data-end=\"534\"><p data-start=\"469\" data-end=\"534\"><strong data-start=\"469\" data-end=\"506\">Finitions brillantes Majolica Lux<\/strong> : <em data-start=\"509\" data-end=\"515\">Ocra<\/em>, <em data-start=\"517\" data-end=\"525\">Bianco<\/em>, <em data-start=\"527\" data-end=\"534\">Azure<\/em><\/p><\/li><\/ul><p data-start=\"536\" data-end=\"651\">Cette richesse chromatique permet de cr\u00e9er des ambiances chaleureuses ou modernes, selon les combinaisons choisies.<\/p><p data-start=\"653\" data-end=\"754\">La collection propose une <strong data-start=\"679\" data-end=\"701\">vari\u00e9t\u00e9 de formats<\/strong> pour des compositions d\u00e9coratives personnalis\u00e9es :<\/p><p data-start=\"653\" data-end=\"754\"><strong style=\"background-color: transparent;\" data-start=\"757\" data-end=\"785\">7,5\u00d720 cm Brick (Brique),\u00a0<\/strong><strong style=\"background-color: transparent;\" data-start=\"790\" data-end=\"824\">Esagona 21\u00d718,2 cm (Hexagonal),\u00a0<\/strong><strong style=\"background-color: transparent;\" data-start=\"829\" data-end=\"841\">20\u00d720 cm,\u00a0<\/strong><strong style=\"background-color: transparent;\" data-start=\"846\" data-end=\"858\">80\u00d780 cm et\u00a0<\/strong><strong style=\"background-color: transparent;\" data-start=\"863\" data-end=\"898\">Majolica Lux 7,5\u00d720 cm (Brique).<\/strong><\/p><p data-start=\"900\" data-end=\"1027\">Gr\u00e2ce \u00e0 cette diversit\u00e9, TRACCIA s\u2019adapte \u00e0 toutes les envies : motifs g\u00e9om\u00e9triques, poses classiques ou agencements originaux.<\/p><p data-start=\"1029\" data-end=\"1210\">Avec son <strong data-start=\"1038\" data-end=\"1055\">relief subtil<\/strong> et son <strong data-start=\"1063\" data-end=\"1085\">toucher chaleureux<\/strong>, TRACCIA transforme murs et sols en v\u00e9ritables surfaces expressives, dans tous types d\u2019espaces, r\u00e9sidentiels ou commerciaux.<\/p><p data-start=\"1212\" data-end=\"1340\" data-is-last-node=\"\" data-is-only-node=\"\">Disponible en ligne et en showroom, TRACCIA offre une vision nouvelle de la terre cuite : <strong data-start=\"1302\" data-end=\"1339\">authentique, \u00e9l\u00e9gante et actuelle<\/strong>.<\/p>\t\t\t\t\t\t\t\t<\/div>\n\t\t\t\t<\/div>\n\t\t\t\t<div class=\"elementor-element elementor-element-6e3f3f2 elementor-mobile-align-center elementor-widget elementor-widget-button\" data-id=\"6e3f3f2\" data-element_type=\"widget\" data-e-type=\"widget\" data-widget_type=\"button.default\">\n\t\t\t\t<div class=\"elementor-widget-container\">\n\t\t\t\t\t\t\t\t\t<div class=\"elementor-button-wrapper\">\n\t\t\t\t\t<a class=\"elementor-button elementor-button-link elementor-size-sm\" href=\"https:\/\/www.portovenere.fr\/fr-fr\/carrelage-sol-et-mur-en-gres-cerame-et-faience\/carrelage-aspect-pierre\/carrelage-esprit-terre-cuite-en-gres-cerame-traccia\/\">\n\t\t\t\t\t\t<span class=\"elementor-button-content-wrapper\">\n\t\t\t\t\t\t\t\t\t<span class=\"elementor-button-text\">Voir la collection<\/span>\n\t\t\t\t\t<\/span>\n\t\t\t\t\t<\/a>\n\t\t\t\t<\/div>\n\t\t\t\t\t\t\t\t<\/div>\n\t\t\t\t<\/div>\n\t\t\t\t\t<\/div>\n\t\t<\/div>\n\t\t\t\t\t<\/div>\n\t\t<\/section>\n\t\t\t\t\t<\/div>\n\t\t<\/div>\n\t\t\t\t\t<\/div>\n\t\t<\/section>\n\t\t\t\t\t<\/div>\n\t\t<\/div>\n\t\t\t\t\t<\/div>\n\t\t<\/section>\n\t\t\t\t<section class=\"elementor-section elementor-top-section elementor-element elementor-element-3b099d6 elementor-section-full_width elementor-section-height-default elementor-section-height-default\" data-id=\"3b099d6\" data-element_type=\"section\" data-e-type=\"section\" data-settings=\"{&quot;background_background&quot;:&quot;classic&quot;}\">\n\t\t\t\t\t\t<div class=\"elementor-container elementor-column-gap-default\">\n\t\t\t\t\t<div class=\"elementor-column elementor-col-100 elementor-top-column elementor-element elementor-element-757e1cf\" data-id=\"757e1cf\" data-element_type=\"column\" data-e-type=\"column\">\n\t\t\t<div class=\"elementor-widget-wrap elementor-element-populated\">\n\t\t\t\t\t\t<section class=\"elementor-section elementor-inner-section elementor-element elementor-element-7b3f3f8 elementor-section-full_width elementor-section-height-default elementor-section-height-default\" data-id=\"7b3f3f8\" data-element_type=\"section\" data-e-type=\"section\" data-settings=\"{&quot;background_background&quot;:&quot;classic&quot;}\">\n\t\t\t\t\t\t<div class=\"elementor-container elementor-column-gap-default\">\n\t\t\t\t\t<div class=\"elementor-column elementor-col-33 elementor-inner-column elementor-element elementor-element-9b943ac\" data-id=\"9b943ac\" data-element_type=\"column\" data-e-type=\"column\" data-settings=\"{&quot;background_background&quot;:&quot;classic&quot;}\">\n\t\t\t<div class=\"elementor-widget-wrap elementor-element-populated\">\n\t\t\t\t\t\t<div class=\"elementor-element elementor-element-b183ce0 elementor-widget elementor-widget-image\" data-id=\"b183ce0\" data-element_type=\"widget\" data-e-type=\"widget\" data-widget_type=\"image.default\">\n\t\t\t\t<div class=\"elementor-widget-container\">\n\t\t\t\t\t\t\t\t\t\t\t\t\t\t\t\t<a href=\"https:\/\/www.portovenere.fr\/fr-fr\/carrelage-sol-et-mur-en-gres-cerame-et-faience\/les-creations-carrelage-decoratif-a-motifs-aspect-carreau-ciment\/carrelage-gres-cerame-original-format-brique-iris\/\">\n\t\t\t\t\t\t\t<img decoding=\"async\" src=\"https:\/\/www.portovenere.fr\/fr-fr\/wp-content\/uploads\/elementor\/thumbs\/Carrelage-effet-brique-ancienne-terre-en-gres-cerame-IRIS-couleur-ARIDA-Magasin-de-carrelages-PORTO-VENERE-pres-de-Saint-Clement-de-Riviere-34-ripf0svd5gzpyznn7ziuy9n1b3xgraoo6zpv1037ko.jpg\" title=\"Carrelage-effet-brique-ancienne-terre-en-gr\u00e8s-c\u00e9rame-IRIS-couleur-ARIDA-Magasin-de-carrelages-PORTO-VENERE-pr\u00e8s-de-Saint-Clement-de-Rivi\u00e8re-34\" alt=\"Cr\u00e9dence murale originale teinte-terre-ancienne format brique IRIS. Magasin Porto Venere dans l&#039;H\u00e9rault 34\" loading=\"lazy\" \/>\t\t\t\t\t\t\t\t<\/a>\n\t\t\t\t\t\t\t\t\t\t\t\t\t\t\t<\/div>\n\t\t\t\t<\/div>\n\t\t\t\t<div class=\"elementor-element elementor-element-349ee3b elementor-widget elementor-widget-heading\" data-id=\"349ee3b\" data-element_type=\"widget\" data-e-type=\"widget\" data-widget_type=\"heading.default\">\n\t\t\t\t<div class=\"elementor-widget-container\">\n\t\t\t\t\t<h3 class=\"elementor-heading-title elementor-size-default\"><a href=\"https:\/\/www.portovenere.fr\/fr-fr\/carrelage-sol-et-mur-en-gres-cerame-et-faience\/les-creations-carrelage-decoratif-a-motifs-aspect-carreau-ciment\/carrelage-gres-cerame-original-format-brique-iris\/\">IRIS | 7 coloris<\/a><\/h3>\t\t\t\t<\/div>\n\t\t\t\t<\/div>\n\t\t\t\t<div class=\"elementor-element elementor-element-05a54f0 elementor-widget elementor-widget-image\" data-id=\"05a54f0\" data-element_type=\"widget\" data-e-type=\"widget\" data-widget_type=\"image.default\">\n\t\t\t\t<div class=\"elementor-widget-container\">\n\t\t\t\t\t\t\t\t\t\t\t\t\t\t\t\t<a href=\"https:\/\/www.portovenere.fr\/fr-fr\/wp-content\/uploads\/2026\/02\/Coloris.png\" data-elementor-open-lightbox=\"yes\" data-elementor-lightbox-title=\"Carrelage Iris en gr\u00e8s c\u00e9rame  format brique  7x14 cm\" data-e-action-hash=\"#elementor-action%3Aaction%3Dlightbox%26settings%3DeyJpZCI6Njk1OTYsInVybCI6Imh0dHBzOlwvXC93d3cucG9ydG92ZW5lcmUuZnJcL2ZyLWZyXC93cC1jb250ZW50XC91cGxvYWRzXC8yMDI2XC8wMlwvQ29sb3Jpcy5wbmcifQ%3D%3D\">\n\t\t\t\t\t\t\t<img decoding=\"async\" src=\"https:\/\/www.portovenere.fr\/fr-fr\/wp-content\/uploads\/elementor\/thumbs\/Coloris-ripe92mrjezk4zn7kduxnnmhbr3gznvaumyhhk9vwk.png\" title=\"Carrelage Iris en gr\u00e8s c\u00e9rame  format brique  7&#215;14 cm\" alt=\"Carrelage Iris en gr\u00e8s c\u00e9rame  format brique  7x14 cm\" loading=\"lazy\" \/>\t\t\t\t\t\t\t\t<\/a>\n\t\t\t\t\t\t\t\t\t\t\t\t\t\t\t<\/div>\n\t\t\t\t<\/div>\n\t\t\t\t<div class=\"elementor-element elementor-element-c995dde elementor-widget elementor-widget-text-editor\" data-id=\"c995dde\" data-element_type=\"widget\" data-e-type=\"widget\" data-widget_type=\"text-editor.default\">\n\t\t\t\t<div class=\"elementor-widget-container\">\n\t\t\t\t\t\t\t\t\t<div data-vce-do-apply=\"all el-faca387d\"><p data-start=\"1728\" data-end=\"1956\">La collection <strong data-start=\"1742\" data-end=\"1750\">IRIS<\/strong> est un carrelage gr\u00e8s c\u00e9rame format brique <strong data-start=\"1794\" data-end=\"1812\">7\u00d714 cm (8 mm)<\/strong> \u00e0 finition Matt, inspir\u00e9 de la mati\u00e8re brute de la terre. Sa surface l\u00e9g\u00e8rement textur\u00e9e apporte profondeur et naturel aux murs comme aux sols.<\/p><p data-start=\"1958\" data-end=\"2234\">La palette comprend <strong data-start=\"1978\" data-end=\"1987\">Calce<\/strong>, <strong data-start=\"1989\" data-end=\"1998\">Arena<\/strong>, <strong data-start=\"2000\" data-end=\"2009\">Creta<\/strong>, <strong data-start=\"2011\" data-end=\"2019\">Lava<\/strong>, le d\u00e9cor <strong data-start=\"2030\" data-end=\"2039\">Arida<\/strong>, ainsi que deux finitions m\u00e9talliques \u00e9l\u00e9gantes : <strong data-start=\"2090\" data-end=\"2108\">Ossidia Bronzo<\/strong> et <strong data-start=\"2112\" data-end=\"2129\">Aluna Argento<\/strong>.<\/p><p data-start=\"2236\" data-end=\"2336\">Id\u00e9al pour cr\u00e9er des compositions d\u00e9coratives chaleureuses, IRIS m\u00eale esprit artisanal et modernit\u00e9.<\/p><\/div>\t\t\t\t\t\t\t\t<\/div>\n\t\t\t\t<\/div>\n\t\t\t\t<div class=\"elementor-element elementor-element-be51b1f elementor-mobile-align-center elementor-align-left elementor-widget elementor-widget-button\" data-id=\"be51b1f\" data-element_type=\"widget\" data-e-type=\"widget\" data-widget_type=\"button.default\">\n\t\t\t\t<div class=\"elementor-widget-container\">\n\t\t\t\t\t\t\t\t\t<div class=\"elementor-button-wrapper\">\n\t\t\t\t\t<a class=\"elementor-button elementor-button-link elementor-size-sm\" href=\"https:\/\/www.portovenere.fr\/fr-fr\/carrelage-sol-et-mur-en-gres-cerame-et-faience\/les-creations-carrelage-decoratif-a-motifs-aspect-carreau-ciment\/carrelage-gres-cerame-original-format-brique-iris\/\">\n\t\t\t\t\t\t<span class=\"elementor-button-content-wrapper\">\n\t\t\t\t\t\t\t\t\t<span class=\"elementor-button-text\">Voir la collection<\/span>\n\t\t\t\t\t<\/span>\n\t\t\t\t\t<\/a>\n\t\t\t\t<\/div>\n\t\t\t\t\t\t\t\t<\/div>\n\t\t\t\t<\/div>\n\t\t\t\t\t<\/div>\n\t\t<\/div>\n\t\t\t\t<div class=\"elementor-column elementor-col-33 elementor-inner-column elementor-element elementor-element-6a3910b\" data-id=\"6a3910b\" data-element_type=\"column\" data-e-type=\"column\">\n\t\t\t<div class=\"elementor-widget-wrap\">\n\t\t\t\t\t\t\t<\/div>\n\t\t<\/div>\n\t\t\t\t<div class=\"elementor-column elementor-col-33 elementor-inner-column elementor-element elementor-element-6c76068\" data-id=\"6c76068\" data-element_type=\"column\" data-e-type=\"column\">\n\t\t\t<div class=\"elementor-widget-wrap\">\n\t\t\t\t\t\t\t<\/div>\n\t\t<\/div>\n\t\t\t\t\t<\/div>\n\t\t<\/section>\n\t\t\t\t\t<\/div>\n\t\t<\/div>\n\t\t\t\t\t<\/div>\n\t\t<\/section>\n\t\t\t\t<section class=\"elementor-section elementor-top-section elementor-element elementor-element-58dcef3 elementor-section-full_width elementor-section-height-default elementor-section-height-default\" data-id=\"58dcef3\" data-element_type=\"section\" data-e-type=\"section\">\n\t\t\t\t\t\t<div class=\"elementor-container elementor-column-gap-wide\">\n\t\t\t\t\t<div class=\"elementor-column elementor-col-100 elementor-top-column elementor-element elementor-element-cdc978f\" data-id=\"cdc978f\" data-element_type=\"column\" data-e-type=\"column\">\n\t\t\t<div class=\"elementor-widget-wrap elementor-element-populated\">\n\t\t\t\t\t\t<div class=\"elementor-element elementor-element-bf64525 elementor-widget-divider--view-line elementor-widget elementor-widget-divider\" data-id=\"bf64525\" data-element_type=\"widget\" data-e-type=\"widget\" data-widget_type=\"divider.default\">\n\t\t\t\t<div class=\"elementor-widget-container\">\n\t\t\t\t\t\t\t<div class=\"elementor-divider\">\n\t\t\t<span class=\"elementor-divider-separator\">\n\t\t\t\t\t\t<\/span>\n\t\t<\/div>\n\t\t\t\t\t\t<\/div>\n\t\t\t\t<\/div>\n\t\t\t\t\t<\/div>\n\t\t<\/div>\n\t\t\t\t\t<\/div>\n\t\t<\/section>\n\t\t\t\t<section class=\"elementor-section elementor-top-section elementor-element elementor-element-2945b9b elementor-section-boxed elementor-section-height-default elementor-section-height-default\" data-id=\"2945b9b\" data-element_type=\"section\" data-e-type=\"section\" data-settings=\"{&quot;background_background&quot;:&quot;classic&quot;}\">\n\t\t\t\t\t\t<div class=\"elementor-container elementor-column-gap-default\">\n\t\t\t\t\t<div class=\"elementor-column elementor-col-100 elementor-top-column elementor-element elementor-element-3d525cc\" data-id=\"3d525cc\" data-element_type=\"column\" data-e-type=\"column\">\n\t\t\t<div class=\"elementor-widget-wrap elementor-element-populated\">\n\t\t\t\t\t\t<div class=\"elementor-element elementor-element-2e9017a elementor-widget elementor-widget-heading\" data-id=\"2e9017a\" data-element_type=\"widget\" data-e-type=\"widget\" data-widget_type=\"heading.default\">\n\t\t\t\t<div class=\"elementor-widget-container\">\n\t\t\t\t\t<p class=\"elementor-heading-title elementor-size-default\">Revenir sur la page \"Les Cr\u00e9ations\"<\/p>\t\t\t\t<\/div>\n\t\t\t\t<\/div>\n\t\t\t\t<div class=\"elementor-element elementor-element-ad4a474 elementor-mobile-align-center elementor-align-center elementor-widget elementor-widget-button\" data-id=\"ad4a474\" data-element_type=\"widget\" data-e-type=\"widget\" data-widget_type=\"button.default\">\n\t\t\t\t<div class=\"elementor-widget-container\">\n\t\t\t\t\t\t\t\t\t<div class=\"elementor-button-wrapper\">\n\t\t\t\t\t<a class=\"elementor-button elementor-button-link elementor-size-sm\" href=\"https:\/\/www.portovenere.fr\/fr-fr\/carrelage-sol-et-mur-en-gres-cerame-et-faience\/les-creations-carrelage-decoratif-a-motifs-aspect-carreau-ciment\/\">\n\t\t\t\t\t\t<span class=\"elementor-button-content-wrapper\">\n\t\t\t\t\t\t\t\t\t<span class=\"elementor-button-text\">Retour<\/span>\n\t\t\t\t\t<\/span>\n\t\t\t\t\t<\/a>\n\t\t\t\t<\/div>\n\t\t\t\t\t\t\t\t<\/div>\n\t\t\t\t<\/div>\n\t\t\t\t\t<\/div>\n\t\t<\/div>\n\t\t\t\t\t<\/div>\n\t\t<\/section>\n\t\t\t\t<section class=\"elementor-section elementor-top-section elementor-element elementor-element-953d373 elementor-section-stretched elementor-section-full_width elementor-section-height-default elementor-section-height-default\" data-id=\"953d373\" data-element_type=\"section\" data-e-type=\"section\" data-settings=\"{&quot;stretch_section&quot;:&quot;section-stretched&quot;}\">\n\t\t\t\t\t\t<div class=\"elementor-container elementor-column-gap-default\">\n\t\t\t\t\t<div class=\"elementor-column elementor-col-100 elementor-top-column elementor-element elementor-element-428d2f9\" data-id=\"428d2f9\" data-element_type=\"column\" data-e-type=\"column\">\n\t\t\t<div class=\"elementor-widget-wrap elementor-element-populated\">\n\t\t\t\t\t\t<div class=\"elementor-element elementor-element-5e541fb elementor-widget elementor-widget-spacer\" data-id=\"5e541fb\" data-element_type=\"widget\" data-e-type=\"widget\" data-widget_type=\"spacer.default\">\n\t\t\t\t<div class=\"elementor-widget-container\">\n\t\t\t\t\t\t\t<div class=\"elementor-spacer\">\n\t\t\t<div class=\"elementor-spacer-inner\"><\/div>\n\t\t<\/div>\n\t\t\t\t\t\t<\/div>\n\t\t\t\t<\/div>\n\t\t\t\t\t<\/div>\n\t\t<\/div>\n\t\t\t\t\t<\/div>\n\t\t<\/section>\n\t\t\t\t<section class=\"elementor-section elementor-top-section elementor-element elementor-element-68cb857f elementor-section-full_width elementor-section-height-default elementor-section-height-default\" data-id=\"68cb857f\" data-element_type=\"section\" data-e-type=\"section\" data-settings=\"{&quot;background_background&quot;:&quot;classic&quot;}\">\n\t\t\t\t\t\t<div class=\"elementor-container elementor-column-gap-default\">\n\t\t\t\t\t<div class=\"elementor-column elementor-col-100 elementor-top-column elementor-element elementor-element-4c853df3\" data-id=\"4c853df3\" data-element_type=\"column\" data-e-type=\"column\">\n\t\t\t<div class=\"elementor-widget-wrap elementor-element-populated\">\n\t\t\t\t\t\t<div class=\"elementor-element elementor-element-bfb0ef2 elementor-widget-divider--view-line elementor-widget elementor-widget-divider\" data-id=\"bfb0ef2\" data-element_type=\"widget\" data-e-type=\"widget\" data-widget_type=\"divider.default\">\n\t\t\t\t<div class=\"elementor-widget-container\">\n\t\t\t\t\t\t\t<div class=\"elementor-divider\">\n\t\t\t<span class=\"elementor-divider-separator\">\n\t\t\t\t\t\t<\/span>\n\t\t<\/div>\n\t\t\t\t\t\t<\/div>\n\t\t\t\t<\/div>\n\t\t\t\t<div class=\"elementor-element elementor-element-eac55a8 elementor-widget elementor-widget-heading\" data-id=\"eac55a8\" data-element_type=\"widget\" data-e-type=\"widget\" data-widget_type=\"heading.default\">\n\t\t\t\t<div class=\"elementor-widget-container\">\n\t\t\t\t\t<h3 class=\"elementor-heading-title elementor-size-large\"><a href=\"#partager\">Partager<\/a><\/h3>\t\t\t\t<\/div>\n\t\t\t\t<\/div>\n\t\t\t\t<div class=\"elementor-element elementor-element-6b878f4b elementor-share-buttons--skin-minimal elementor-share-buttons--shape-circle elementor-share-buttons--view-icon-text elementor-grid-0 elementor-share-buttons--color-official elementor-widget elementor-widget-share-buttons\" data-id=\"6b878f4b\" data-element_type=\"widget\" data-e-type=\"widget\" data-widget_type=\"share-buttons.default\">\n\t\t\t\t<div class=\"elementor-widget-container\">\n\t\t\t\t\t\t\t<div class=\"elementor-grid\" role=\"list\">\n\t\t\t\t\t\t\t\t<div class=\"elementor-grid-item\" role=\"listitem\">\n\t\t\t\t\t\t<div class=\"elementor-share-btn elementor-share-btn_facebook\" role=\"button\" tabindex=\"0\" aria-label=\"Partager sur facebook\">\n\t\t\t\t\t\t\t\t\t\t\t\t\t\t\t<span class=\"elementor-share-btn__icon\">\n\t\t\t\t\t\t\t\t<svg aria-hidden=\"true\" class=\"e-font-icon-svg e-fab-facebook\" viewBox=\"0 0 512 512\" xmlns=\"http:\/\/www.w3.org\/2000\/svg\"><path d=\"M504 256C504 119 393 8 256 8S8 119 8 256c0 123.78 90.69 226.38 209.25 245V327.69h-63V256h63v-54.64c0-62.15 37-96.48 93.67-96.48 27.14 0 55.52 4.84 55.52 4.84v61h-31.28c-30.8 0-40.41 19.12-40.41 38.73V256h68.78l-11 71.69h-57.78V501C413.31 482.38 504 379.78 504 256z\"><\/path><\/svg>\t\t\t\t\t\t\t<\/span>\n\t\t\t\t\t\t\t\t\t\t\t\t\t\t\t\t\t\t\t\t\t\t<div class=\"elementor-share-btn__text\">\n\t\t\t\t\t\t\t\t\t\t\t\t\t\t\t\t\t\t\t<span class=\"elementor-share-btn__title\">\n\t\t\t\t\t\t\t\t\t\tFacebook\t\t\t\t\t\t\t\t\t<\/span>\n\t\t\t\t\t\t\t\t\t\t\t\t\t\t\t\t\t<\/div>\n\t\t\t\t\t\t\t\t\t\t\t\t\t<\/div>\n\t\t\t\t\t<\/div>\n\t\t\t\t\t\t\t\t\t<div class=\"elementor-grid-item\" role=\"listitem\">\n\t\t\t\t\t\t<div class=\"elementor-share-btn elementor-share-btn_pinterest\" role=\"button\" tabindex=\"0\" aria-label=\"Partager sur pinterest\">\n\t\t\t\t\t\t\t\t\t\t\t\t\t\t\t<span class=\"elementor-share-btn__icon\">\n\t\t\t\t\t\t\t\t<svg aria-hidden=\"true\" class=\"e-font-icon-svg e-fab-pinterest\" viewBox=\"0 0 496 512\" xmlns=\"http:\/\/www.w3.org\/2000\/svg\"><path d=\"M496 256c0 137-111 248-248 248-25.6 0-50.2-3.9-73.4-11.1 10.1-16.5 25.2-43.5 30.8-65 3-11.6 15.4-59 15.4-59 8.1 15.4 31.7 28.5 56.8 28.5 74.8 0 128.7-68.8 128.7-154.3 0-81.9-66.9-143.2-152.9-143.2-107 0-163.9 71.8-163.9 150.1 0 36.4 19.4 81.7 50.3 96.1 4.7 2.2 7.2 1.2 8.3-3.3.8-3.4 5-20.3 6.9-28.1.6-2.5.3-4.7-1.7-7.1-10.1-12.5-18.3-35.3-18.3-56.6 0-54.7 41.4-107.6 112-107.6 60.9 0 103.6 41.5 103.6 100.9 0 67.1-33.9 113.6-78 113.6-24.3 0-42.6-20.1-36.7-44.8 7-29.5 20.5-61.3 20.5-82.6 0-19-10.2-34.9-31.4-34.9-24.9 0-44.9 25.7-44.9 60.2 0 22 7.4 36.8 7.4 36.8s-24.5 103.8-29 123.2c-5 21.4-3 51.6-.9 71.2C65.4 450.9 0 361.1 0 256 0 119 111 8 248 8s248 111 248 248z\"><\/path><\/svg>\t\t\t\t\t\t\t<\/span>\n\t\t\t\t\t\t\t\t\t\t\t\t\t\t\t\t\t\t\t\t\t\t<div class=\"elementor-share-btn__text\">\n\t\t\t\t\t\t\t\t\t\t\t\t\t\t\t\t\t\t\t<span class=\"elementor-share-btn__title\">\n\t\t\t\t\t\t\t\t\t\tPinterest\t\t\t\t\t\t\t\t\t<\/span>\n\t\t\t\t\t\t\t\t\t\t\t\t\t\t\t\t\t<\/div>\n\t\t\t\t\t\t\t\t\t\t\t\t\t<\/div>\n\t\t\t\t\t<\/div>\n\t\t\t\t\t\t\t\t\t<div class=\"elementor-grid-item\" role=\"listitem\">\n\t\t\t\t\t\t<div class=\"elementor-share-btn elementor-share-btn_linkedin\" role=\"button\" tabindex=\"0\" aria-label=\"Partager sur linkedin\">\n\t\t\t\t\t\t\t\t\t\t\t\t\t\t\t<span class=\"elementor-share-btn__icon\">\n\t\t\t\t\t\t\t\t<svg aria-hidden=\"true\" class=\"e-font-icon-svg e-fab-linkedin\" viewBox=\"0 0 448 512\" xmlns=\"http:\/\/www.w3.org\/2000\/svg\"><path d=\"M416 32H31.9C14.3 32 0 46.5 0 64.3v383.4C0 465.5 14.3 480 31.9 480H416c17.6 0 32-14.5 32-32.3V64.3c0-17.8-14.4-32.3-32-32.3zM135.4 416H69V202.2h66.5V416zm-33.2-243c-21.3 0-38.5-17.3-38.5-38.5S80.9 96 102.2 96c21.2 0 38.5 17.3 38.5 38.5 0 21.3-17.2 38.5-38.5 38.5zm282.1 243h-66.4V312c0-24.8-.5-56.7-34.5-56.7-34.6 0-39.9 27-39.9 54.9V416h-66.4V202.2h63.7v29.2h.9c8.9-16.8 30.6-34.5 62.9-34.5 67.2 0 79.7 44.3 79.7 101.9V416z\"><\/path><\/svg>\t\t\t\t\t\t\t<\/span>\n\t\t\t\t\t\t\t\t\t\t\t\t\t\t\t\t\t\t\t\t\t\t<div class=\"elementor-share-btn__text\">\n\t\t\t\t\t\t\t\t\t\t\t\t\t\t\t\t\t\t\t<span class=\"elementor-share-btn__title\">\n\t\t\t\t\t\t\t\t\t\tLinkedIn\t\t\t\t\t\t\t\t\t<\/span>\n\t\t\t\t\t\t\t\t\t\t\t\t\t\t\t\t\t<\/div>\n\t\t\t\t\t\t\t\t\t\t\t\t\t<\/div>\n\t\t\t\t\t<\/div>\n\t\t\t\t\t\t\t\t\t<div class=\"elementor-grid-item\" role=\"listitem\">\n\t\t\t\t\t\t<div class=\"elementor-share-btn elementor-share-btn_whatsapp\" role=\"button\" tabindex=\"0\" aria-label=\"Partager sur whatsapp\">\n\t\t\t\t\t\t\t\t\t\t\t\t\t\t\t<span class=\"elementor-share-btn__icon\">\n\t\t\t\t\t\t\t\t<svg aria-hidden=\"true\" class=\"e-font-icon-svg e-fab-whatsapp\" viewBox=\"0 0 448 512\" xmlns=\"http:\/\/www.w3.org\/2000\/svg\"><path d=\"M380.9 97.1C339 55.1 283.2 32 223.9 32c-122.4 0-222 99.6-222 222 0 39.1 10.2 77.3 29.6 111L0 480l117.7-30.9c32.4 17.7 68.9 27 106.1 27h.1c122.3 0 224.1-99.6 224.1-222 0-59.3-25.2-115-67.1-157zm-157 341.6c-33.2 0-65.7-8.9-94-25.7l-6.7-4-69.8 18.3L72 359.2l-4.4-7c-18.5-29.4-28.2-63.3-28.2-98.2 0-101.7 82.8-184.5 184.6-184.5 49.3 0 95.6 19.2 130.4 54.1 34.8 34.9 56.2 81.2 56.1 130.5 0 101.8-84.9 184.6-186.6 184.6zm101.2-138.2c-5.5-2.8-32.8-16.2-37.9-18-5.1-1.9-8.8-2.8-12.5 2.8-3.7 5.6-14.3 18-17.6 21.8-3.2 3.7-6.5 4.2-12 1.4-32.6-16.3-54-29.1-75.5-66-5.7-9.8 5.7-9.1 16.3-30.3 1.8-3.7.9-6.9-.5-9.7-1.4-2.8-12.5-30.1-17.1-41.2-4.5-10.8-9.1-9.3-12.5-9.5-3.2-.2-6.9-.2-10.6-.2-3.7 0-9.7 1.4-14.8 6.9-5.1 5.6-19.4 19-19.4 46.3 0 27.3 19.9 53.7 22.6 57.4 2.8 3.7 39.1 59.7 94.8 83.8 35.2 15.2 49 16.5 66.6 13.9 10.7-1.6 32.8-13.4 37.4-26.4 4.6-13 4.6-24.1 3.2-26.4-1.3-2.5-5-3.9-10.5-6.6z\"><\/path><\/svg>\t\t\t\t\t\t\t<\/span>\n\t\t\t\t\t\t\t\t\t\t\t\t\t\t\t\t\t\t\t\t\t\t<div class=\"elementor-share-btn__text\">\n\t\t\t\t\t\t\t\t\t\t\t\t\t\t\t\t\t\t\t<span class=\"elementor-share-btn__title\">\n\t\t\t\t\t\t\t\t\t\tWhatsApp\t\t\t\t\t\t\t\t\t<\/span>\n\t\t\t\t\t\t\t\t\t\t\t\t\t\t\t\t\t<\/div>\n\t\t\t\t\t\t\t\t\t\t\t\t\t<\/div>\n\t\t\t\t\t<\/div>\n\t\t\t\t\t\t\t\t\t<div class=\"elementor-grid-item\" role=\"listitem\">\n\t\t\t\t\t\t<div class=\"elementor-share-btn elementor-share-btn_twitter\" role=\"button\" tabindex=\"0\" aria-label=\"Partager sur twitter\">\n\t\t\t\t\t\t\t\t\t\t\t\t\t\t\t<span class=\"elementor-share-btn__icon\">\n\t\t\t\t\t\t\t\t<svg aria-hidden=\"true\" class=\"e-font-icon-svg e-fab-twitter\" viewBox=\"0 0 512 512\" xmlns=\"http:\/\/www.w3.org\/2000\/svg\"><path d=\"M459.37 151.716c.325 4.548.325 9.097.325 13.645 0 138.72-105.583 298.558-298.558 298.558-59.452 0-114.68-17.219-161.137-47.106 8.447.974 16.568 1.299 25.34 1.299 49.055 0 94.213-16.568 130.274-44.832-46.132-.975-84.792-31.188-98.112-72.772 6.498.974 12.995 1.624 19.818 1.624 9.421 0 18.843-1.3 27.614-3.573-48.081-9.747-84.143-51.98-84.143-102.985v-1.299c13.969 7.797 30.214 12.67 47.431 13.319-28.264-18.843-46.781-51.005-46.781-87.391 0-19.492 5.197-37.36 14.294-52.954 51.655 63.675 129.3 105.258 216.365 109.807-1.624-7.797-2.599-15.918-2.599-24.04 0-57.828 46.782-104.934 104.934-104.934 30.213 0 57.502 12.67 76.67 33.137 23.715-4.548 46.456-13.32 66.599-25.34-7.798 24.366-24.366 44.833-46.132 57.827 21.117-2.273 41.584-8.122 60.426-16.243-14.292 20.791-32.161 39.308-52.628 54.253z\"><\/path><\/svg>\t\t\t\t\t\t\t<\/span>\n\t\t\t\t\t\t\t\t\t\t\t\t\t\t\t\t\t\t\t\t\t\t<div class=\"elementor-share-btn__text\">\n\t\t\t\t\t\t\t\t\t\t\t\t\t\t\t\t\t\t\t<span class=\"elementor-share-btn__title\">\n\t\t\t\t\t\t\t\t\t\tTwitter\t\t\t\t\t\t\t\t\t<\/span>\n\t\t\t\t\t\t\t\t\t\t\t\t\t\t\t\t\t<\/div>\n\t\t\t\t\t\t\t\t\t\t\t\t\t<\/div>\n\t\t\t\t\t<\/div>\n\t\t\t\t\t\t\t\t\t<div class=\"elementor-grid-item\" role=\"listitem\">\n\t\t\t\t\t\t<div class=\"elementor-share-btn elementor-share-btn_email\" role=\"button\" tabindex=\"0\" aria-label=\"Partager sur email\">\n\t\t\t\t\t\t\t\t\t\t\t\t\t\t\t<span class=\"elementor-share-btn__icon\">\n\t\t\t\t\t\t\t\t<svg aria-hidden=\"true\" class=\"e-font-icon-svg e-fas-envelope\" viewBox=\"0 0 512 512\" xmlns=\"http:\/\/www.w3.org\/2000\/svg\"><path d=\"M502.3 190.8c3.9-3.1 9.7-.2 9.7 4.7V400c0 26.5-21.5 48-48 48H48c-26.5 0-48-21.5-48-48V195.6c0-5 5.7-7.8 9.7-4.7 22.4 17.4 52.1 39.5 154.1 113.6 21.1 15.4 56.7 47.8 92.2 47.6 35.7.3 72-32.8 92.3-47.6 102-74.1 131.6-96.3 154-113.7zM256 320c23.2.4 56.6-29.2 73.4-41.4 132.7-96.3 142.8-104.7 173.4-128.7 5.8-4.5 9.2-11.5 9.2-18.9v-19c0-26.5-21.5-48-48-48H48C21.5 64 0 85.5 0 112v19c0 7.4 3.4 14.3 9.2 18.9 30.6 23.9 40.7 32.4 173.4 128.7 16.8 12.2 50.2 41.8 73.4 41.4z\"><\/path><\/svg>\t\t\t\t\t\t\t<\/span>\n\t\t\t\t\t\t\t\t\t\t\t\t\t\t\t\t\t\t\t\t\t\t<div class=\"elementor-share-btn__text\">\n\t\t\t\t\t\t\t\t\t\t\t\t\t\t\t\t\t\t\t<span class=\"elementor-share-btn__title\">\n\t\t\t\t\t\t\t\t\t\tEmail\t\t\t\t\t\t\t\t\t<\/span>\n\t\t\t\t\t\t\t\t\t\t\t\t\t\t\t\t\t<\/div>\n\t\t\t\t\t\t\t\t\t\t\t\t\t<\/div>\n\t\t\t\t\t<\/div>\n\t\t\t\t\t\t\t\t\t<div class=\"elementor-grid-item\" role=\"listitem\">\n\t\t\t\t\t\t<div class=\"elementor-share-btn elementor-share-btn_print\" role=\"button\" tabindex=\"0\" aria-label=\"Partager sur print\">\n\t\t\t\t\t\t\t\t\t\t\t\t\t\t\t<span class=\"elementor-share-btn__icon\">\n\t\t\t\t\t\t\t\t<svg aria-hidden=\"true\" class=\"e-font-icon-svg e-fas-print\" viewBox=\"0 0 512 512\" xmlns=\"http:\/\/www.w3.org\/2000\/svg\"><path d=\"M448 192V77.25c0-8.49-3.37-16.62-9.37-22.63L393.37 9.37c-6-6-14.14-9.37-22.63-9.37H96C78.33 0 64 14.33 64 32v160c-35.35 0-64 28.65-64 64v112c0 8.84 7.16 16 16 16h48v96c0 17.67 14.33 32 32 32h320c17.67 0 32-14.33 32-32v-96h48c8.84 0 16-7.16 16-16V256c0-35.35-28.65-64-64-64zm-64 256H128v-96h256v96zm0-224H128V64h192v48c0 8.84 7.16 16 16 16h48v96zm48 72c-13.25 0-24-10.75-24-24 0-13.26 10.75-24 24-24s24 10.74 24 24c0 13.25-10.75 24-24 24z\"><\/path><\/svg>\t\t\t\t\t\t\t<\/span>\n\t\t\t\t\t\t\t\t\t\t\t\t\t\t\t\t\t\t\t\t\t\t<div class=\"elementor-share-btn__text\">\n\t\t\t\t\t\t\t\t\t\t\t\t\t\t\t\t\t\t\t<span class=\"elementor-share-btn__title\">\n\t\t\t\t\t\t\t\t\t\tImprimer\t\t\t\t\t\t\t\t\t<\/span>\n\t\t\t\t\t\t\t\t\t\t\t\t\t\t\t\t\t<\/div>\n\t\t\t\t\t\t\t\t\t\t\t\t\t<\/div>\n\t\t\t\t\t<\/div>\n\t\t\t\t\t\t<\/div>\n\t\t\t\t\t\t<\/div>\n\t\t\t\t<\/div>\n\t\t\t\t<div class=\"elementor-element elementor-element-79c0ba3f elementor-widget elementor-widget-facebook-button\" data-id=\"79c0ba3f\" data-element_type=\"widget\" data-e-type=\"widget\" data-widget_type=\"facebook-button.default\">\n\t\t\t\t<div class=\"elementor-widget-container\">\n\t\t\t\t\t\t\t<div data-layout=\"standard\" data-colorscheme=\"light\" data-size=\"small\" data-show-faces=\"false\" class=\"elementor-facebook-widget fb-like\" data-href=\"https:\/\/www.portovenere.fr\/fr-fr?p=21748\" data-share=\"false\" data-action=\"like\"><\/div>\n\t\t\t\t\t\t<\/div>\n\t\t\t\t<\/div>\n\t\t\t\t\t<\/div>\n\t\t<\/div>\n\t\t\t\t\t<\/div>\n\t\t<\/section>\n\t\t\t\t<\/div>\n\t\t","protected":false},"excerpt":{"rendered":"<p>Une belle collection de carrelage ancien pour retrouver le charme du pass\u00e9 : carreaux effet tomettes terre cuite, carreaux b\u00e2tons gris, beige, etc.<\/p>\n","protected":false},"author":2,"featured_media":21127,"parent":6083,"menu_order":0,"comment_status":"closed","ping_status":"closed","template":"","meta":{"_monsterinsights_skip_tracking":false,"_monsterinsights_sitenote_active":false,"_monsterinsights_sitenote_note":"","_monsterinsights_sitenote_category":0,"_uf_show_specific_survey":0,"_uf_disable_surveys":false,"footnotes":""},"class_list":["post-21748","page","type-page","status-publish","has-post-thumbnail","hentry"],"yoast_head":"<!-- This site is optimized with the Yoast SEO plugin v27.5 - https:\/\/yoast.com\/product\/yoast-seo-wordpress\/ -->\n<title>Carrelage ancien - Porto Venere<\/title>\n<meta name=\"description\" content=\"Une belle collection de carrelage ancien pour retrouver le charme du pass\u00e9 : carreaux effet tomettes terre cuite, carreaux b\u00e2tons gris, beige, etc.\" \/>\n<meta name=\"robots\" content=\"index, follow, max-snippet:-1, max-image-preview:large, max-video-preview:-1\" \/>\n<link rel=\"canonical\" href=\"https:\/\/www.portovenere.fr\/fr-fr\/carrelage-sol-et-mur-en-gres-cerame-et-faience\/les-creations-carrelage-decoratif-a-motifs-aspect-carreau-ciment\/carrelage-ancien\/\" \/>\n<meta property=\"og:locale\" content=\"fr_FR\" \/>\n<meta property=\"og:type\" content=\"article\" \/>\n<meta property=\"og:title\" content=\"Carrelage ancien - Porto Venere\" \/>\n<meta property=\"og:description\" content=\"Une belle collection de carrelage ancien pour retrouver le charme du pass\u00e9 : carreaux effet tomettes terre cuite, carreaux b\u00e2tons gris, beige, etc.\" \/>\n<meta property=\"og:url\" content=\"https:\/\/www.portovenere.fr\/fr-fr\/carrelage-sol-et-mur-en-gres-cerame-et-faience\/les-creations-carrelage-decoratif-a-motifs-aspect-carreau-ciment\/carrelage-ancien\/\" \/>\n<meta property=\"og:site_name\" content=\"Porto Venere\" \/>\n<meta property=\"article:publisher\" content=\"https:\/\/www.facebook.com\/portovenere34\/\" \/>\n<meta property=\"article:modified_time\" content=\"2026-02-05T11:48:20+00:00\" \/>\n<meta property=\"og:image\" content=\"https:\/\/www.portovenere.fr\/fr-fr\/wp-content\/uploads\/2019\/12\/Carrelage-imitation-anciennes_Tomettes-terre-cuite_Cottage.jpg\" \/>\n\t<meta property=\"og:image:width\" content=\"1000\" \/>\n\t<meta property=\"og:image:height\" content=\"421\" \/>\n\t<meta property=\"og:image:type\" content=\"image\/jpeg\" \/>\n<meta name=\"twitter:card\" content=\"summary_large_image\" \/>\n<meta name=\"twitter:label1\" content=\"Dur\u00e9e de lecture estim\u00e9e\" \/>\n\t<meta name=\"twitter:data1\" content=\"6 minutes\" \/>\n<script type=\"application\/ld+json\" class=\"yoast-schema-graph\">{\"@context\":\"https:\\\/\\\/schema.org\",\"@graph\":[{\"@type\":\"WebPage\",\"@id\":\"https:\\\/\\\/www.portovenere.fr\\\/fr-fr\\\/carrelage-sol-et-mur-en-gres-cerame-et-faience\\\/les-creations-carrelage-decoratif-a-motifs-aspect-carreau-ciment\\\/carrelage-ancien\\\/\",\"url\":\"https:\\\/\\\/www.portovenere.fr\\\/fr-fr\\\/carrelage-sol-et-mur-en-gres-cerame-et-faience\\\/les-creations-carrelage-decoratif-a-motifs-aspect-carreau-ciment\\\/carrelage-ancien\\\/\",\"name\":\"Carrelage ancien - Porto Venere\",\"isPartOf\":{\"@id\":\"https:\\\/\\\/www.portovenere.fr\\\/fr-fr\\\/#website\"},\"primaryImageOfPage\":{\"@id\":\"https:\\\/\\\/www.portovenere.fr\\\/fr-fr\\\/carrelage-sol-et-mur-en-gres-cerame-et-faience\\\/les-creations-carrelage-decoratif-a-motifs-aspect-carreau-ciment\\\/carrelage-ancien\\\/#primaryimage\"},\"image\":{\"@id\":\"https:\\\/\\\/www.portovenere.fr\\\/fr-fr\\\/carrelage-sol-et-mur-en-gres-cerame-et-faience\\\/les-creations-carrelage-decoratif-a-motifs-aspect-carreau-ciment\\\/carrelage-ancien\\\/#primaryimage\"},\"thumbnailUrl\":\"https:\\\/\\\/www.portovenere.fr\\\/fr-fr\\\/wp-content\\\/uploads\\\/2019\\\/12\\\/Carrelage-imitation-anciennes_Tomettes-terre-cuite_Cottage.jpg\",\"datePublished\":\"2019-12-24T09:08:08+00:00\",\"dateModified\":\"2026-02-05T11:48:20+00:00\",\"description\":\"Une belle collection de carrelage ancien pour retrouver le charme du pass\u00e9 : carreaux effet tomettes terre cuite, carreaux b\u00e2tons gris, beige, etc.\",\"breadcrumb\":{\"@id\":\"https:\\\/\\\/www.portovenere.fr\\\/fr-fr\\\/carrelage-sol-et-mur-en-gres-cerame-et-faience\\\/les-creations-carrelage-decoratif-a-motifs-aspect-carreau-ciment\\\/carrelage-ancien\\\/#breadcrumb\"},\"inLanguage\":\"fr-FR\",\"potentialAction\":[{\"@type\":\"ReadAction\",\"target\":[\"https:\\\/\\\/www.portovenere.fr\\\/fr-fr\\\/carrelage-sol-et-mur-en-gres-cerame-et-faience\\\/les-creations-carrelage-decoratif-a-motifs-aspect-carreau-ciment\\\/carrelage-ancien\\\/\"]}]},{\"@type\":\"ImageObject\",\"inLanguage\":\"fr-FR\",\"@id\":\"https:\\\/\\\/www.portovenere.fr\\\/fr-fr\\\/carrelage-sol-et-mur-en-gres-cerame-et-faience\\\/les-creations-carrelage-decoratif-a-motifs-aspect-carreau-ciment\\\/carrelage-ancien\\\/#primaryimage\",\"url\":\"https:\\\/\\\/www.portovenere.fr\\\/fr-fr\\\/wp-content\\\/uploads\\\/2019\\\/12\\\/Carrelage-imitation-anciennes_Tomettes-terre-cuite_Cottage.jpg\",\"contentUrl\":\"https:\\\/\\\/www.portovenere.fr\\\/fr-fr\\\/wp-content\\\/uploads\\\/2019\\\/12\\\/Carrelage-imitation-anciennes_Tomettes-terre-cuite_Cottage.jpg\",\"width\":1000,\"height\":421,\"caption\":\"Cottage\"},{\"@type\":\"BreadcrumbList\",\"@id\":\"https:\\\/\\\/www.portovenere.fr\\\/fr-fr\\\/carrelage-sol-et-mur-en-gres-cerame-et-faience\\\/les-creations-carrelage-decoratif-a-motifs-aspect-carreau-ciment\\\/carrelage-ancien\\\/#breadcrumb\",\"itemListElement\":[{\"@type\":\"ListItem\",\"position\":1,\"name\":\"Page d'accueil\",\"item\":\"https:\\\/\\\/www.portovenere.fr\\\/fr-fr\\\/\"},{\"@type\":\"ListItem\",\"position\":2,\"name\":\"Carrelage sol et mur en gr\u00e8s c\u00e9rame et fa\u00efence\",\"item\":\"https:\\\/\\\/www.portovenere.fr\\\/fr-fr\\\/carrelage-sol-et-mur-en-gres-cerame-et-faience\\\/\"},{\"@type\":\"ListItem\",\"position\":3,\"name\":\"Les Cr\u00e9ations : carrelage d\u00e9coratif \u00e0 motifs, aspect carreaux de ciment pour sol et mur\",\"item\":\"https:\\\/\\\/www.portovenere.fr\\\/fr-fr\\\/carrelage-sol-et-mur-en-gres-cerame-et-faience\\\/les-creations-carrelage-decoratif-a-motifs-aspect-carreau-ciment\\\/\"},{\"@type\":\"ListItem\",\"position\":4,\"name\":\"Carrelage ancien\"}]},{\"@type\":\"WebSite\",\"@id\":\"https:\\\/\\\/www.portovenere.fr\\\/fr-fr\\\/#website\",\"url\":\"https:\\\/\\\/www.portovenere.fr\\\/fr-fr\\\/\",\"name\":\"Porto Venere\",\"description\":\"Magasin de carrelage, cuisine, salle de bain \u00e0 Montpellier dans l&#039;H\u00e9rault\",\"publisher\":{\"@id\":\"https:\\\/\\\/www.portovenere.fr\\\/fr-fr\\\/#organization\"},\"potentialAction\":[{\"@type\":\"SearchAction\",\"target\":{\"@type\":\"EntryPoint\",\"urlTemplate\":\"https:\\\/\\\/www.portovenere.fr\\\/fr-fr\\\/?s={search_term_string}\"},\"query-input\":{\"@type\":\"PropertyValueSpecification\",\"valueRequired\":true,\"valueName\":\"search_term_string\"}}],\"inLanguage\":\"fr-FR\"},{\"@type\":\"Organization\",\"@id\":\"https:\\\/\\\/www.portovenere.fr\\\/fr-fr\\\/#organization\",\"name\":\"Porto Venere - Carrelage Usine Center SARL\",\"url\":\"https:\\\/\\\/www.portovenere.fr\\\/fr-fr\\\/\",\"logo\":{\"@type\":\"ImageObject\",\"inLanguage\":\"fr-FR\",\"@id\":\"https:\\\/\\\/www.portovenere.fr\\\/fr-fr\\\/#\\\/schema\\\/logo\\\/image\\\/\",\"url\":\"https:\\\/\\\/www.portovenere.fr\\\/fr-fr\\\/wp-content\\\/uploads\\\/2019\\\/05\\\/logo3.png\",\"contentUrl\":\"https:\\\/\\\/www.portovenere.fr\\\/fr-fr\\\/wp-content\\\/uploads\\\/2019\\\/05\\\/logo3.png\",\"width\":388,\"height\":120,\"caption\":\"Porto Venere - Carrelage Usine Center SARL\"},\"image\":{\"@id\":\"https:\\\/\\\/www.portovenere.fr\\\/fr-fr\\\/#\\\/schema\\\/logo\\\/image\\\/\"},\"sameAs\":[\"https:\\\/\\\/www.facebook.com\\\/portovenere34\\\/\",\"https:\\\/\\\/www.instagram.com\\\/porto.venere\\\/\",\"https:\\\/\\\/www.linkedin.com\\\/company\\\/porto-venere-montpellier\\\/\",\"https:\\\/\\\/www.pinterest.fr\\\/portovenere34\\\/\"]}]}<\/script>\n<!-- \/ Yoast SEO plugin. -->","yoast_head_json":{"title":"Carrelage ancien - Porto Venere","description":"Une belle collection de carrelage ancien pour retrouver le charme du pass\u00e9 : carreaux effet tomettes terre cuite, carreaux b\u00e2tons gris, beige, etc.","robots":{"index":"index","follow":"follow","max-snippet":"max-snippet:-1","max-image-preview":"max-image-preview:large","max-video-preview":"max-video-preview:-1"},"canonical":"https:\/\/www.portovenere.fr\/fr-fr\/carrelage-sol-et-mur-en-gres-cerame-et-faience\/les-creations-carrelage-decoratif-a-motifs-aspect-carreau-ciment\/carrelage-ancien\/","og_locale":"fr_FR","og_type":"article","og_title":"Carrelage ancien - Porto Venere","og_description":"Une belle collection de carrelage ancien pour retrouver le charme du pass\u00e9 : carreaux effet tomettes terre cuite, carreaux b\u00e2tons gris, beige, etc.","og_url":"https:\/\/www.portovenere.fr\/fr-fr\/carrelage-sol-et-mur-en-gres-cerame-et-faience\/les-creations-carrelage-decoratif-a-motifs-aspect-carreau-ciment\/carrelage-ancien\/","og_site_name":"Porto Venere","article_publisher":"https:\/\/www.facebook.com\/portovenere34\/","article_modified_time":"2026-02-05T11:48:20+00:00","og_image":[{"width":1000,"height":421,"url":"https:\/\/www.portovenere.fr\/fr-fr\/wp-content\/uploads\/2019\/12\/Carrelage-imitation-anciennes_Tomettes-terre-cuite_Cottage.jpg","type":"image\/jpeg"}],"twitter_card":"summary_large_image","twitter_misc":{"Dur\u00e9e de lecture estim\u00e9e":"6 minutes"},"schema":{"@context":"https:\/\/schema.org","@graph":[{"@type":"WebPage","@id":"https:\/\/www.portovenere.fr\/fr-fr\/carrelage-sol-et-mur-en-gres-cerame-et-faience\/les-creations-carrelage-decoratif-a-motifs-aspect-carreau-ciment\/carrelage-ancien\/","url":"https:\/\/www.portovenere.fr\/fr-fr\/carrelage-sol-et-mur-en-gres-cerame-et-faience\/les-creations-carrelage-decoratif-a-motifs-aspect-carreau-ciment\/carrelage-ancien\/","name":"Carrelage ancien - Porto Venere","isPartOf":{"@id":"https:\/\/www.portovenere.fr\/fr-fr\/#website"},"primaryImageOfPage":{"@id":"https:\/\/www.portovenere.fr\/fr-fr\/carrelage-sol-et-mur-en-gres-cerame-et-faience\/les-creations-carrelage-decoratif-a-motifs-aspect-carreau-ciment\/carrelage-ancien\/#primaryimage"},"image":{"@id":"https:\/\/www.portovenere.fr\/fr-fr\/carrelage-sol-et-mur-en-gres-cerame-et-faience\/les-creations-carrelage-decoratif-a-motifs-aspect-carreau-ciment\/carrelage-ancien\/#primaryimage"},"thumbnailUrl":"https:\/\/www.portovenere.fr\/fr-fr\/wp-content\/uploads\/2019\/12\/Carrelage-imitation-anciennes_Tomettes-terre-cuite_Cottage.jpg","datePublished":"2019-12-24T09:08:08+00:00","dateModified":"2026-02-05T11:48:20+00:00","description":"Une belle collection de carrelage ancien pour retrouver le charme du pass\u00e9 : carreaux effet tomettes terre cuite, carreaux b\u00e2tons gris, beige, etc.","breadcrumb":{"@id":"https:\/\/www.portovenere.fr\/fr-fr\/carrelage-sol-et-mur-en-gres-cerame-et-faience\/les-creations-carrelage-decoratif-a-motifs-aspect-carreau-ciment\/carrelage-ancien\/#breadcrumb"},"inLanguage":"fr-FR","potentialAction":[{"@type":"ReadAction","target":["https:\/\/www.portovenere.fr\/fr-fr\/carrelage-sol-et-mur-en-gres-cerame-et-faience\/les-creations-carrelage-decoratif-a-motifs-aspect-carreau-ciment\/carrelage-ancien\/"]}]},{"@type":"ImageObject","inLanguage":"fr-FR","@id":"https:\/\/www.portovenere.fr\/fr-fr\/carrelage-sol-et-mur-en-gres-cerame-et-faience\/les-creations-carrelage-decoratif-a-motifs-aspect-carreau-ciment\/carrelage-ancien\/#primaryimage","url":"https:\/\/www.portovenere.fr\/fr-fr\/wp-content\/uploads\/2019\/12\/Carrelage-imitation-anciennes_Tomettes-terre-cuite_Cottage.jpg","contentUrl":"https:\/\/www.portovenere.fr\/fr-fr\/wp-content\/uploads\/2019\/12\/Carrelage-imitation-anciennes_Tomettes-terre-cuite_Cottage.jpg","width":1000,"height":421,"caption":"Cottage"},{"@type":"BreadcrumbList","@id":"https:\/\/www.portovenere.fr\/fr-fr\/carrelage-sol-et-mur-en-gres-cerame-et-faience\/les-creations-carrelage-decoratif-a-motifs-aspect-carreau-ciment\/carrelage-ancien\/#breadcrumb","itemListElement":[{"@type":"ListItem","position":1,"name":"Page d'accueil","item":"https:\/\/www.portovenere.fr\/fr-fr\/"},{"@type":"ListItem","position":2,"name":"Carrelage sol et mur en gr\u00e8s c\u00e9rame et fa\u00efence","item":"https:\/\/www.portovenere.fr\/fr-fr\/carrelage-sol-et-mur-en-gres-cerame-et-faience\/"},{"@type":"ListItem","position":3,"name":"Les Cr\u00e9ations : carrelage d\u00e9coratif \u00e0 motifs, aspect carreaux de ciment pour sol et mur","item":"https:\/\/www.portovenere.fr\/fr-fr\/carrelage-sol-et-mur-en-gres-cerame-et-faience\/les-creations-carrelage-decoratif-a-motifs-aspect-carreau-ciment\/"},{"@type":"ListItem","position":4,"name":"Carrelage ancien"}]},{"@type":"WebSite","@id":"https:\/\/www.portovenere.fr\/fr-fr\/#website","url":"https:\/\/www.portovenere.fr\/fr-fr\/","name":"Porto Venere","description":"Magasin de carrelage, cuisine, salle de bain \u00e0 Montpellier dans l&#039;H\u00e9rault","publisher":{"@id":"https:\/\/www.portovenere.fr\/fr-fr\/#organization"},"potentialAction":[{"@type":"SearchAction","target":{"@type":"EntryPoint","urlTemplate":"https:\/\/www.portovenere.fr\/fr-fr\/?s={search_term_string}"},"query-input":{"@type":"PropertyValueSpecification","valueRequired":true,"valueName":"search_term_string"}}],"inLanguage":"fr-FR"},{"@type":"Organization","@id":"https:\/\/www.portovenere.fr\/fr-fr\/#organization","name":"Porto Venere - Carrelage Usine Center SARL","url":"https:\/\/www.portovenere.fr\/fr-fr\/","logo":{"@type":"ImageObject","inLanguage":"fr-FR","@id":"https:\/\/www.portovenere.fr\/fr-fr\/#\/schema\/logo\/image\/","url":"https:\/\/www.portovenere.fr\/fr-fr\/wp-content\/uploads\/2019\/05\/logo3.png","contentUrl":"https:\/\/www.portovenere.fr\/fr-fr\/wp-content\/uploads\/2019\/05\/logo3.png","width":388,"height":120,"caption":"Porto Venere - Carrelage Usine Center SARL"},"image":{"@id":"https:\/\/www.portovenere.fr\/fr-fr\/#\/schema\/logo\/image\/"},"sameAs":["https:\/\/www.facebook.com\/portovenere34\/","https:\/\/www.instagram.com\/porto.venere\/","https:\/\/www.linkedin.com\/company\/porto-venere-montpellier\/","https:\/\/www.pinterest.fr\/portovenere34\/"]}]}},"_links":{"self":[{"href":"https:\/\/www.portovenere.fr\/fr-fr\/wp-json\/wp\/v2\/pages\/21748","targetHints":{"allow":["GET"]}}],"collection":[{"href":"https:\/\/www.portovenere.fr\/fr-fr\/wp-json\/wp\/v2\/pages"}],"about":[{"href":"https:\/\/www.portovenere.fr\/fr-fr\/wp-json\/wp\/v2\/types\/page"}],"author":[{"embeddable":true,"href":"https:\/\/www.portovenere.fr\/fr-fr\/wp-json\/wp\/v2\/users\/2"}],"replies":[{"embeddable":true,"href":"https:\/\/www.portovenere.fr\/fr-fr\/wp-json\/wp\/v2\/comments?post=21748"}],"version-history":[{"count":46,"href":"https:\/\/www.portovenere.fr\/fr-fr\/wp-json\/wp\/v2\/pages\/21748\/revisions"}],"predecessor-version":[{"id":69618,"href":"https:\/\/www.portovenere.fr\/fr-fr\/wp-json\/wp\/v2\/pages\/21748\/revisions\/69618"}],"up":[{"embeddable":true,"href":"https:\/\/www.portovenere.fr\/fr-fr\/wp-json\/wp\/v2\/pages\/6083"}],"wp:featuredmedia":[{"embeddable":true,"href":"https:\/\/www.portovenere.fr\/fr-fr\/wp-json\/wp\/v2\/media\/21127"}],"wp:attachment":[{"href":"https:\/\/www.portovenere.fr\/fr-fr\/wp-json\/wp\/v2\/media?parent=21748"}],"curies":[{"name":"wp","href":"https:\/\/api.w.org\/{rel}","templated":true}]}}