{"id":25799,"date":"2020-02-21T11:29:47","date_gmt":"2020-02-21T10:29:47","guid":{"rendered":"https:\/\/www.portovenere.fr\/fr-fr\/?page_id=25799"},"modified":"2026-02-02T09:01:16","modified_gmt":"2026-02-02T08:01:16","slug":"carrelage-extra-fin-special-renovation","status":"publish","type":"page","link":"https:\/\/www.portovenere.fr\/fr-fr\/carrelage-sol-et-mur-en-gres-cerame-et-faience\/carrelage-extra-fin-special-renovation\/","title":{"rendered":"Carrelage Extra fin sp\u00e9cial r\u00e9novation"},"content":{"rendered":"\t\t<div data-elementor-type=\"wp-page\" data-elementor-id=\"25799\" class=\"elementor elementor-25799\" data-elementor-post-type=\"page\">\n\t\t\t\t\t\t<section class=\"elementor-section elementor-top-section elementor-element elementor-element-73d1c6cd elementor-section-full_width elementor-section-height-default elementor-section-height-default\" data-id=\"73d1c6cd\" data-element_type=\"section\" data-e-type=\"section\" data-settings=\"{&quot;background_background&quot;:&quot;classic&quot;}\">\n\t\t\t\t\t\t<div class=\"elementor-container elementor-column-gap-no\">\n\t\t\t\t\t<div class=\"elementor-column elementor-col-100 elementor-top-column elementor-element elementor-element-38bdcd1e\" data-id=\"38bdcd1e\" data-element_type=\"column\" data-e-type=\"column\">\n\t\t\t<div class=\"elementor-widget-wrap elementor-element-populated\">\n\t\t\t\t\t\t<div class=\"elementor-element elementor-element-2d0cceef elementor-widget elementor-widget-heading\" data-id=\"2d0cceef\" data-element_type=\"widget\" data-e-type=\"widget\" data-widget_type=\"heading.default\">\n\t\t\t\t<div class=\"elementor-widget-container\">\n\t\t\t\t\t<h1 class=\"elementor-heading-title elementor-size-default\">CARRELAGE<br>EXTRA-FIN<\/h1>\t\t\t\t<\/div>\n\t\t\t\t<\/div>\n\t\t\t\t\t<\/div>\n\t\t<\/div>\n\t\t\t\t\t<\/div>\n\t\t<\/section>\n\t\t\t\t<section class=\"elementor-section elementor-top-section elementor-element elementor-element-49cb287 elementor-section-boxed elementor-section-height-default elementor-section-height-default\" data-id=\"49cb287\" data-element_type=\"section\" data-e-type=\"section\" data-settings=\"{&quot;background_background&quot;:&quot;classic&quot;}\">\n\t\t\t\t\t\t<div class=\"elementor-container elementor-column-gap-default\">\n\t\t\t\t\t<div class=\"elementor-column elementor-col-100 elementor-top-column elementor-element elementor-element-166b2151\" data-id=\"166b2151\" data-element_type=\"column\" data-e-type=\"column\">\n\t\t\t<div class=\"elementor-widget-wrap elementor-element-populated\">\n\t\t\t\t\t\t<div class=\"elementor-element elementor-element-7bbc2892 elementor-headline--style-rotate elementor-widget elementor-widget-animated-headline\" data-id=\"7bbc2892\" data-element_type=\"widget\" data-e-type=\"widget\" data-settings=\"{&quot;headline_style&quot;:&quot;rotate&quot;,&quot;animation_type&quot;:&quot;swirl&quot;,&quot;rotating_text&quot;:&quot;sp\\u00e9cial r\\u00e9novation sol et mur\\nfine \\u00e9paisseur 3,5mm, 5,5mm, 6mm, 7mm\\neffet b\\u00e9ton, pierre, marbre, m\\u00e9tal...&quot;,&quot;loop&quot;:&quot;yes&quot;,&quot;rotate_iteration_delay&quot;:2500}\" data-widget_type=\"animated-headline.default\">\n\t\t\t\t<div class=\"elementor-widget-container\">\n\t\t\t\t\t\t\t<h2 class=\"elementor-headline elementor-headline-animation-type-swirl elementor-headline-letters\">\n\t\t\t\t\t<span class=\"elementor-headline-plain-text elementor-headline-text-wrapper\">Gr\u00e8s c\u00e9rame :<\/span>\n\t\t\t\t<span class=\"elementor-headline-dynamic-wrapper elementor-headline-text-wrapper\">\n\t\t\t\t\t<span class=\"elementor-headline-dynamic-text elementor-headline-text-active\">\n\t\t\t\tsp\u00e9cial&nbsp;r\u00e9novation&nbsp;sol&nbsp;et&nbsp;mur\t\t\t<\/span>\n\t\t\t\t\t<span class=\"elementor-headline-dynamic-text\">\n\t\t\t\tfine&nbsp;\u00e9paisseur&nbsp;3,5mm,&nbsp;5,5mm,&nbsp;6mm,&nbsp;7mm\t\t\t<\/span>\n\t\t\t\t\t<span class=\"elementor-headline-dynamic-text\">\n\t\t\t\teffet&nbsp;b\u00e9ton,&nbsp;pierre,&nbsp;marbre,&nbsp;m\u00e9tal...\t\t\t<\/span>\n\t\t\t\t\t\t<\/span>\n\t\t\t\t<\/h2>\n\t\t\t\t\t\t<\/div>\n\t\t\t\t<\/div>\n\t\t\t\t\t<\/div>\n\t\t<\/div>\n\t\t\t\t\t<\/div>\n\t\t<\/section>\n\t\t\t\t<section class=\"elementor-section elementor-top-section elementor-element elementor-element-27fbb407 elementor-section-boxed elementor-section-height-default elementor-section-height-default\" data-id=\"27fbb407\" data-element_type=\"section\" data-e-type=\"section\" data-settings=\"{&quot;background_background&quot;:&quot;classic&quot;}\">\n\t\t\t\t\t\t<div class=\"elementor-container elementor-column-gap-default\">\n\t\t\t\t\t<div class=\"elementor-column elementor-col-100 elementor-top-column elementor-element elementor-element-6abecb36\" data-id=\"6abecb36\" data-element_type=\"column\" data-e-type=\"column\">\n\t\t\t<div class=\"elementor-widget-wrap elementor-element-populated\">\n\t\t\t\t\t\t<div class=\"elementor-element elementor-element-54ca6fe elementor-widget elementor-widget-text-editor\" data-id=\"54ca6fe\" data-element_type=\"widget\" data-e-type=\"widget\" data-widget_type=\"text-editor.default\">\n\t\t\t\t<div class=\"elementor-widget-container\">\n\t\t\t\t\t\t\t\t\t<p><b>Relookez votre int\u00e9rieur sans retirer l&rsquo;ancien carrelage<\/b><\/p>\n<p>Avec une exp\u00e9rience de plusieurs ann\u00e9es,&nbsp;<span style=\"font-weight: bold;\">Porto Venere&nbsp;<\/span>vous propose sa gamme de <b>gr\u00e8s lamin\u00e9s extra-fins<\/b>&nbsp;(ou <b>slim<\/b>) pour la <b>r\u00e9novation de sol<\/b> et <b>mur.<\/b> Ces produits de<b> 3,5mm<\/b> et<b> 5,5mm<\/b> (mais aussi 6 et 7mm) d&rsquo;\u00e9paisseur peuvent \u00eatre pos\u00e9s sur un <b>ancien carrelage <\/b>sans ajouter trop de poids et de sur-\u00e9paisseur. Ils ont une<b> fibre de verre<\/b> \u00e0 leur dos, ce qui leur offre une <b>grande r\u00e9sistance<\/b> aux chocs, associ\u00e9e \u00e0 une \u00e9lasticit\u00e9 accrue des <b>rev\u00eatements c\u00e9ramique<\/b> en gr\u00e8s lamin\u00e9.<\/p>\n<p>Les formats vont jusqu&rsquo;\u00e0 une dimension maximale <b>de 160&#215;320 cm<\/b>, nombreux mod\u00e8les se d\u00e9clinant dans le <b>format best-seller 100&#215;100 ou 120&#215;120 cm<\/b>. Certains coloris seront propos\u00e9s en 50&#215;50 et 50&#215;100, ainsi qu&rsquo;en format lames pour les <b>imitations parquet bois<\/b>. Les joints seront tr\u00e8s fins, les bords \u00e9tant rectifi\u00e9s, nous proposons toute une palette de mortiers assortis aux carreaux et adapt\u00e9s \u00e0 l&rsquo;\u00e9paisseur de ces carreaux.<\/p>\t\t\t\t\t\t\t\t<\/div>\n\t\t\t\t<\/div>\n\t\t\t\t\t<\/div>\n\t\t<\/div>\n\t\t\t\t\t<\/div>\n\t\t<\/section>\n\t\t\t\t<section class=\"elementor-section elementor-top-section elementor-element elementor-element-0306a69 elementor-section-stretched elementor-section-full_width elementor-section-height-default elementor-section-height-default\" data-id=\"0306a69\" data-element_type=\"section\" data-e-type=\"section\" data-settings=\"{&quot;stretch_section&quot;:&quot;section-stretched&quot;}\">\n\t\t\t\t\t\t<div class=\"elementor-container elementor-column-gap-default\">\n\t\t\t\t\t<div class=\"elementor-column elementor-col-100 elementor-top-column elementor-element elementor-element-8a688bd\" data-id=\"8a688bd\" data-element_type=\"column\" data-e-type=\"column\">\n\t\t\t<div class=\"elementor-widget-wrap elementor-element-populated\">\n\t\t\t\t\t\t<div class=\"elementor-element elementor-element-19bc7f9 elementor-widget elementor-widget-spacer\" data-id=\"19bc7f9\" data-element_type=\"widget\" data-e-type=\"widget\" data-widget_type=\"spacer.default\">\n\t\t\t\t<div class=\"elementor-widget-container\">\n\t\t\t\t\t\t\t<div class=\"elementor-spacer\">\n\t\t\t<div class=\"elementor-spacer-inner\"><\/div>\n\t\t<\/div>\n\t\t\t\t\t\t<\/div>\n\t\t\t\t<\/div>\n\t\t\t\t\t<\/div>\n\t\t<\/div>\n\t\t\t\t\t<\/div>\n\t\t<\/section>\n\t\t\t\t<section class=\"elementor-section elementor-top-section elementor-element elementor-element-6c497c17 elementor-section-full_width elementor-section-height-default elementor-section-height-default elementor-invisible\" data-id=\"6c497c17\" data-element_type=\"section\" data-e-type=\"section\" data-settings=\"{&quot;animation&quot;:&quot;fadeIn&quot;}\">\n\t\t\t\t\t\t<div class=\"elementor-container elementor-column-gap-default\">\n\t\t\t\t\t<div class=\"elementor-column elementor-col-33 elementor-top-column elementor-element elementor-element-30f3be65 elementor-invisible\" data-id=\"30f3be65\" data-element_type=\"column\" data-e-type=\"column\" data-settings=\"{&quot;animation&quot;:&quot;fadeIn&quot;,&quot;background_background&quot;:&quot;classic&quot;}\">\n\t\t\t<div class=\"elementor-widget-wrap elementor-element-populated\">\n\t\t\t\t\t\t<div class=\"elementor-element elementor-element-5440caf5 elementor-widget elementor-widget-image\" data-id=\"5440caf5\" data-element_type=\"widget\" data-e-type=\"widget\" data-widget_type=\"image.default\">\n\t\t\t\t<div class=\"elementor-widget-container\">\n\t\t\t\t\t\t\t\t\t\t\t\t\t\t\t\t<a href=\"https:\/\/www.portovenere.fr\/fr-fr\/carrelage-sol-et-mur-en-gres-cerame-et-faience\/carrelage-extra-fin-special-renovation\/carrelage-ultra-fin-special-renovation-noir-et-blanc-kerlite-black-white\/\">\n\t\t\t\t\t\t\t<img fetchpriority=\"high\" decoding=\"async\" width=\"768\" height=\"511\" src=\"https:\/\/www.portovenere.fr\/fr-fr\/wp-content\/uploads\/2020\/02\/Carrelage_noir_extra_fin_\u00e9paisseur_3mm_et_5mm_Kerlite_Black_proche-N\u00eemes_H\u00e9rault_34-768x511.jpg\" class=\"attachment-medium_large size-medium_large wp-image-25703\" alt=\"Carrelage fin Slim \u00e0 d\u00e9couvrir chez Porto Venere Montpellier\" srcset=\"https:\/\/www.portovenere.fr\/fr-fr\/wp-content\/uploads\/2020\/02\/Carrelage_noir_extra_fin_\u00e9paisseur_3mm_et_5mm_Kerlite_Black_proche-N\u00eemes_H\u00e9rault_34-768x511.jpg 768w, https:\/\/www.portovenere.fr\/fr-fr\/wp-content\/uploads\/2020\/02\/Carrelage_noir_extra_fin_\u00e9paisseur_3mm_et_5mm_Kerlite_Black_proche-N\u00eemes_H\u00e9rault_34-300x200.jpg 300w, https:\/\/www.portovenere.fr\/fr-fr\/wp-content\/uploads\/2020\/02\/Carrelage_noir_extra_fin_\u00e9paisseur_3mm_et_5mm_Kerlite_Black_proche-N\u00eemes_H\u00e9rault_34.jpg 1000w\" sizes=\"(max-width: 768px) 100vw, 768px\" \/>\t\t\t\t\t\t\t\t<\/a>\n\t\t\t\t\t\t\t\t\t\t\t\t\t\t\t<\/div>\n\t\t\t\t<\/div>\n\t\t\t\t<section class=\"elementor-section elementor-inner-section elementor-element elementor-element-58fce962 elementor-section-boxed elementor-section-height-default elementor-section-height-default elementor-invisible\" data-id=\"58fce962\" data-element_type=\"section\" data-e-type=\"section\" data-settings=\"{&quot;background_background&quot;:&quot;classic&quot;,&quot;animation&quot;:&quot;fadeIn&quot;}\">\n\t\t\t\t\t\t<div class=\"elementor-container elementor-column-gap-default\">\n\t\t\t\t\t<div class=\"elementor-column elementor-col-100 elementor-inner-column elementor-element elementor-element-3fa69be0\" data-id=\"3fa69be0\" data-element_type=\"column\" data-e-type=\"column\">\n\t\t\t<div class=\"elementor-widget-wrap elementor-element-populated\">\n\t\t\t\t\t\t<div class=\"elementor-element elementor-element-3696348d elementor-widget elementor-widget-heading\" data-id=\"3696348d\" data-element_type=\"widget\" data-e-type=\"widget\" data-widget_type=\"heading.default\">\n\t\t\t\t<div class=\"elementor-widget-container\">\n\t\t\t\t\t<h3 class=\"elementor-heading-title elementor-size-default\"><a href=\"https:\/\/www.portovenere.fr\/fr-fr\/carrelage-sol-et-mur-en-gres-cerame-et-faience\/carrelage-extra-fin-special-renovation\/carrelage-ultra-fin-special-renovation-noir-et-blanc-kerlite-black-white\/\">KERLITE BLACK &amp; WHITE 5,5mm | 2 coloris<\/a><\/h3>\t\t\t\t<\/div>\n\t\t\t\t<\/div>\n\t\t\t\t<div class=\"elementor-element elementor-element-df50986 elementor-widget__width-initial elementor-widget elementor-widget-gallery\" data-id=\"df50986\" data-element_type=\"widget\" data-e-type=\"widget\" data-settings=\"{&quot;gap&quot;:{&quot;unit&quot;:&quot;px&quot;,&quot;size&quot;:3,&quot;sizes&quot;:[]},&quot;columns_mobile&quot;:3,&quot;gap_mobile&quot;:{&quot;unit&quot;:&quot;px&quot;,&quot;size&quot;:6,&quot;sizes&quot;:[]},&quot;columns&quot;:5,&quot;columns_tablet&quot;:3,&quot;gap_tablet&quot;:{&quot;unit&quot;:&quot;px&quot;,&quot;size&quot;:5,&quot;sizes&quot;:[]},&quot;lazyload&quot;:&quot;yes&quot;,&quot;gallery_layout&quot;:&quot;grid&quot;,&quot;aspect_ratio&quot;:&quot;3:2&quot;,&quot;overlay_background&quot;:&quot;yes&quot;,&quot;content_hover_animation&quot;:&quot;fade-in&quot;}\" data-widget_type=\"gallery.default\">\n\t\t\t\t<div class=\"elementor-widget-container\">\n\t\t\t\t\t\t\t<div class=\"elementor-gallery__container\">\n\t\t\t\t\t\t\t<div class=\"e-gallery-item elementor-gallery-item elementor-animated-content\">\n\t\t\t\t\t<div class=\"e-gallery-image elementor-gallery-item__image\" data-thumbnail=\"https:\/\/www.portovenere.fr\/fr-fr\/wp-content\/uploads\/2020\/02\/Kerlite_Black_Carrelage-fine-\u00e9paisseur-3mm-et-5mm-\u00e0-Montpellier-150x150.jpg\" data-width=\"150\" data-height=\"150\" aria-label=\"\" role=\"img\" ><\/div>\n\t\t\t\t\t\t\t\t\t\t\t<div class=\"elementor-gallery-item__overlay\"><\/div>\n\t\t\t\t\t\t\t\t\t\t\t\t\t\t<\/div>\n\t\t\t\t\t\t\t<div class=\"e-gallery-item elementor-gallery-item elementor-animated-content\">\n\t\t\t\t\t<div class=\"e-gallery-image elementor-gallery-item__image\" data-thumbnail=\"https:\/\/www.portovenere.fr\/fr-fr\/wp-content\/uploads\/2020\/02\/Kerlite_Blanc_Ultrawhite_Carrelage-faible_\u00e9paisseur_3mm_et_5mm_proche_Bouzigues-150x150.jpg\" data-width=\"150\" data-height=\"150\" aria-label=\"\" role=\"img\" ><\/div>\n\t\t\t\t\t\t\t\t\t\t\t<div class=\"elementor-gallery-item__overlay\"><\/div>\n\t\t\t\t\t\t\t\t\t\t\t\t\t\t<\/div>\n\t\t\t\t\t<\/div>\n\t\t\t\t\t<\/div>\n\t\t\t\t<\/div>\n\t\t\t\t<div class=\"elementor-element elementor-element-2b4e5731 elementor-widget elementor-widget-text-editor\" data-id=\"2b4e5731\" data-element_type=\"widget\" data-e-type=\"widget\" data-widget_type=\"text-editor.default\">\n\t\t\t\t<div class=\"elementor-widget-container\">\n\t\t\t\t\t\t\t\t\t<p>Carrelage sol et mur en gr\u00e8s c\u00e9rame lamin\u00e9 extra-fin uni d&rsquo;aspect satin\u00e9, disponible en \u00e9paisseur 5,5mm fibr\u00e9. &nbsp;Id\u00e9al pour la pose au sol et au mur sur un ancien carrelage.<\/p>\n<p>Disponible en 2 coloris : Black (Noir), White (Blanc),&nbsp;<\/p>\t\t\t\t\t\t\t\t<\/div>\n\t\t\t\t<\/div>\n\t\t\t\t<div class=\"elementor-element elementor-element-4eee2b4b elementor-mobile-align-center elementor-widget elementor-widget-button\" data-id=\"4eee2b4b\" data-element_type=\"widget\" data-e-type=\"widget\" data-widget_type=\"button.default\">\n\t\t\t\t<div class=\"elementor-widget-container\">\n\t\t\t\t\t\t\t\t\t<div class=\"elementor-button-wrapper\">\n\t\t\t\t\t<a class=\"elementor-button elementor-button-link elementor-size-sm\" href=\"https:\/\/www.portovenere.fr\/fr-fr\/carrelage-sol-et-mur-en-gres-cerame-et-faience\/carrelage-extra-fin-special-renovation\/carrelage-ultra-fin-special-renovation-noir-et-blanc-kerlite-black-white\/\">\n\t\t\t\t\t\t<span class=\"elementor-button-content-wrapper\">\n\t\t\t\t\t\t\t\t\t<span class=\"elementor-button-text\">Voir la collection<\/span>\n\t\t\t\t\t<\/span>\n\t\t\t\t\t<\/a>\n\t\t\t\t<\/div>\n\t\t\t\t\t\t\t\t<\/div>\n\t\t\t\t<\/div>\n\t\t\t\t\t<\/div>\n\t\t<\/div>\n\t\t\t\t\t<\/div>\n\t\t<\/section>\n\t\t\t\t\t<\/div>\n\t\t<\/div>\n\t\t\t\t<div class=\"elementor-column elementor-col-33 elementor-top-column elementor-element elementor-element-e510e35\" data-id=\"e510e35\" data-element_type=\"column\" data-e-type=\"column\" data-settings=\"{&quot;background_background&quot;:&quot;classic&quot;}\">\n\t\t\t<div class=\"elementor-widget-wrap elementor-element-populated\">\n\t\t\t\t\t\t<div class=\"elementor-element elementor-element-d90fef4 elementor-widget elementor-widget-image\" data-id=\"d90fef4\" data-element_type=\"widget\" data-e-type=\"widget\" data-widget_type=\"image.default\">\n\t\t\t\t<div class=\"elementor-widget-container\">\n\t\t\t\t\t\t\t\t\t\t\t\t\t\t\t\t<a href=\"https:\/\/www.portovenere.fr\/fr-fr\/carrelage-sol-et-mur-en-gres-cerame-et-faience\/carrelage-aspect-pierre\/carrelage-pierre-du-sud-leffet-pierre-mediterraneenne\/\">\n\t\t\t\t\t\t\t<img decoding=\"async\" src=\"https:\/\/www.portovenere.fr\/fr-fr\/wp-content\/uploads\/elementor\/thumbs\/Carrelage-gres-cerame-Pierre-du-Sud-style-mediterraneen-pour-interieur-et-exterieur-Magasin-Porto-Venere-Montpellier_pres-de-Sete-34-rcnz5wc3xq2bu1kd4cglbo4n729gtr34ete9zdda74.jpg\" title=\"Carrelage-gr\u00e8s-c\u00e9rame-Pierre-du-Sud-style-m\u00e9diterran\u00e9en-pour-int\u00e9rieur-et-ext\u00e9rieur-Magasin-Porto-Venere-Montpellier_pr\u00e8s-de-S\u00e8te-34\" alt=\"4 coloris : (de gauche \u00e0 droite) Trani \/ Ostuni \/ Spalato \/ Rodi\" loading=\"lazy\" \/>\t\t\t\t\t\t\t\t<\/a>\n\t\t\t\t\t\t\t\t\t\t\t\t\t\t\t<\/div>\n\t\t\t\t<\/div>\n\t\t\t\t<div class=\"elementor-element elementor-element-d70039d elementor-widget elementor-widget-heading\" data-id=\"d70039d\" data-element_type=\"widget\" data-e-type=\"widget\" data-widget_type=\"heading.default\">\n\t\t\t\t<div class=\"elementor-widget-container\">\n\t\t\t\t\t<h3 class=\"elementor-heading-title elementor-size-default\"><a href=\"https:\/\/www.portovenere.fr\/fr-fr\/carrelage-sol-et-mur-en-gres-cerame-et-faience\/carrelage-aspect-pierre\/carrelage-pierre-du-sud-leffet-pierre-mediterraneenne\/\">PIERRE DU SUD 6,5 mm | 4 coloris<\/a><\/h3>\t\t\t\t<\/div>\n\t\t\t\t<\/div>\n\t\t\t\t<div class=\"elementor-element elementor-element-04b09a1 elementor-widget__width-initial elementor-widget elementor-widget-gallery\" data-id=\"04b09a1\" data-element_type=\"widget\" data-e-type=\"widget\" data-settings=\"{&quot;gap&quot;:{&quot;unit&quot;:&quot;px&quot;,&quot;size&quot;:3,&quot;sizes&quot;:[]},&quot;columns_mobile&quot;:3,&quot;gap_mobile&quot;:{&quot;unit&quot;:&quot;px&quot;,&quot;size&quot;:6,&quot;sizes&quot;:[]},&quot;columns&quot;:5,&quot;columns_tablet&quot;:3,&quot;gap_tablet&quot;:{&quot;unit&quot;:&quot;px&quot;,&quot;size&quot;:5,&quot;sizes&quot;:[]},&quot;lazyload&quot;:&quot;yes&quot;,&quot;gallery_layout&quot;:&quot;grid&quot;,&quot;aspect_ratio&quot;:&quot;3:2&quot;,&quot;overlay_background&quot;:&quot;yes&quot;,&quot;content_hover_animation&quot;:&quot;fade-in&quot;}\" data-widget_type=\"gallery.default\">\n\t\t\t\t<div class=\"elementor-widget-container\">\n\t\t\t\t\t\t\t<div class=\"elementor-gallery__container\">\n\t\t\t\t\t\t\t<div class=\"e-gallery-item elementor-gallery-item elementor-animated-content\">\n\t\t\t\t\t<div class=\"e-gallery-image elementor-gallery-item__image\" data-thumbnail=\"https:\/\/www.portovenere.fr\/fr-fr\/wp-content\/uploads\/2025\/10\/Carrelage-gres-cerame-Pierre-du-Sud-Ostuni-style-mediterraneen-pour-interieur-et-exterieur-Magasin-Porto-Venere-Montpellier_pres-de-Agde-34-150x150.jpg\" data-width=\"150\" data-height=\"150\" aria-label=\"\" role=\"img\" ><\/div>\n\t\t\t\t\t\t\t\t\t\t\t<div class=\"elementor-gallery-item__overlay\"><\/div>\n\t\t\t\t\t\t\t\t\t\t\t\t\t\t<\/div>\n\t\t\t\t\t\t\t<div class=\"e-gallery-item elementor-gallery-item elementor-animated-content\">\n\t\t\t\t\t<div class=\"e-gallery-image elementor-gallery-item__image\" data-thumbnail=\"https:\/\/www.portovenere.fr\/fr-fr\/wp-content\/uploads\/2025\/10\/Carrelage-gres-cerame-Pierre-du-Sud-Trani-style-mediterraneen-pour-interieur-et-exterieur-Magasin-Porto-Venere-Montpellier_pres-de-Castelnau-le-lez-34-150x150.jpg\" data-width=\"150\" data-height=\"150\" aria-label=\"\" role=\"img\" ><\/div>\n\t\t\t\t\t\t\t\t\t\t\t<div class=\"elementor-gallery-item__overlay\"><\/div>\n\t\t\t\t\t\t\t\t\t\t\t\t\t\t<\/div>\n\t\t\t\t\t\t\t<div class=\"e-gallery-item elementor-gallery-item elementor-animated-content\">\n\t\t\t\t\t<div class=\"e-gallery-image elementor-gallery-item__image\" data-thumbnail=\"https:\/\/www.portovenere.fr\/fr-fr\/wp-content\/uploads\/2025\/10\/Carrelage-gres-cerame-Pierre-du-Sud-Spalato-style-mediterraneen-pour-interieur-et-exterieur-Magasin-Porto-Venere-Montpellier_pres-de-Mauguio-34-150x150.jpg\" data-width=\"150\" data-height=\"150\" aria-label=\"\" role=\"img\" ><\/div>\n\t\t\t\t\t\t\t\t\t\t\t<div class=\"elementor-gallery-item__overlay\"><\/div>\n\t\t\t\t\t\t\t\t\t\t\t\t\t\t<\/div>\n\t\t\t\t\t\t\t<div class=\"e-gallery-item elementor-gallery-item elementor-animated-content\">\n\t\t\t\t\t<div class=\"e-gallery-image elementor-gallery-item__image\" data-thumbnail=\"https:\/\/www.portovenere.fr\/fr-fr\/wp-content\/uploads\/2025\/10\/Carrelage-gres-cerame-Pierre-du-Sud-Rodi-style-mediterraneen-pour-interieur-et-exterieur-Magasin-Porto-Venere-Montpellier_pres-de-Lattes-34-150x150.jpg\" data-width=\"150\" data-height=\"150\" aria-label=\"\" role=\"img\" ><\/div>\n\t\t\t\t\t\t\t\t\t\t\t<div class=\"elementor-gallery-item__overlay\"><\/div>\n\t\t\t\t\t\t\t\t\t\t\t\t\t\t<\/div>\n\t\t\t\t\t<\/div>\n\t\t\t\t\t<\/div>\n\t\t\t\t<\/div>\n\t\t\t\t<div class=\"elementor-element elementor-element-1ccdbf9 elementor-widget elementor-widget-text-editor\" data-id=\"1ccdbf9\" data-element_type=\"widget\" data-e-type=\"widget\" data-widget_type=\"text-editor.default\">\n\t\t\t\t<div class=\"elementor-widget-container\">\n\t\t\t\t\t\t\t\t\t<p data-start=\"74\" data-end=\"212\">La collection <span data-start=\"14\" data-end=\"31\">PIERRE DU SUD<\/span> r\u00e9invente le <b>carrelage effet pierre<\/b> dans un <b>esprit m\u00e9diterran\u00e9en<\/b> contemporain, id\u00e9al pour <b>l\u2019int\u00e9rieur comme pour l\u2019ext\u00e9rieur.&nbsp;<\/b><\/p><p data-start=\"74\" data-end=\"212\">En gr\u00e8s c\u00e9rame haute performance, elle allie authenticit\u00e9, \u00e9l\u00e9gance et durabilit\u00e9. Ses <b>formats vari\u00e9s<\/b> \u2013 du 30&#215;60 au XXL 120&#215;278 cm \u2013 offrent une grande libert\u00e9 de composition. D\u00e9clin\u00e9e en teintes <b>sable, beige, gris clair ou gris terre<\/b>, et en finitions naturel mat, Honed adouci ou antid\u00e9rapant, elle cr\u00e9e des ambiances chaleureuses et lumineuses.&nbsp;<\/p><p data-start=\"74\" data-end=\"212\">Parfaite pour sols, murs, terrasses, tour de piscine, cr\u00e9dence de salle de bain, <strong data-start=\"535\" data-end=\"552\">PIERRE DU SUD<\/strong> allie esth\u00e9tique naturelle et performance durable pour des espaces intemporels.<\/p>\t\t\t\t\t\t\t\t<\/div>\n\t\t\t\t<\/div>\n\t\t\t\t<div class=\"elementor-element elementor-element-67f80cf elementor-mobile-align-center elementor-align-left elementor-widget elementor-widget-button\" data-id=\"67f80cf\" data-element_type=\"widget\" data-e-type=\"widget\" data-widget_type=\"button.default\">\n\t\t\t\t<div class=\"elementor-widget-container\">\n\t\t\t\t\t\t\t\t\t<div class=\"elementor-button-wrapper\">\n\t\t\t\t\t<a class=\"elementor-button elementor-button-link elementor-size-sm\" href=\"https:\/\/www.portovenere.fr\/fr-fr\/carrelage-sol-et-mur-en-gres-cerame-et-faience\/carrelage-aspect-pierre\/carrelage-pierre-du-sud-leffet-pierre-mediterraneenne\/\">\n\t\t\t\t\t\t<span class=\"elementor-button-content-wrapper\">\n\t\t\t\t\t\t\t\t\t<span class=\"elementor-button-text\">Voir la collection<\/span>\n\t\t\t\t\t<\/span>\n\t\t\t\t\t<\/a>\n\t\t\t\t<\/div>\n\t\t\t\t\t\t\t\t<\/div>\n\t\t\t\t<\/div>\n\t\t\t\t\t<\/div>\n\t\t<\/div>\n\t\t\t\t<div class=\"elementor-column elementor-col-33 elementor-top-column elementor-element elementor-element-649de28 elementor-invisible\" data-id=\"649de28\" data-element_type=\"column\" data-e-type=\"column\" data-settings=\"{&quot;animation&quot;:&quot;fadeIn&quot;,&quot;background_background&quot;:&quot;classic&quot;}\">\n\t\t\t<div class=\"elementor-widget-wrap elementor-element-populated\">\n\t\t\t\t\t\t<div class=\"elementor-element elementor-element-90bc7ed elementor-widget elementor-widget-image\" data-id=\"90bc7ed\" data-element_type=\"widget\" data-e-type=\"widget\" data-widget_type=\"image.default\">\n\t\t\t\t<div class=\"elementor-widget-container\">\n\t\t\t\t\t\t\t\t\t\t\t\t\t\t\t\t<a href=\"https:\/\/www.portovenere.fr\/fr-fr\/carrelage-sol-et-mur-en-gres-cerame-et-faience\/carrelage-imitation-parquet-aspect-bois\/carrelage-imitation-parquet-bois-naturel-vallee\/\">\n\t\t\t\t\t\t\t<img decoding=\"async\" src=\"https:\/\/www.portovenere.fr\/fr-fr\/wp-content\/uploads\/elementor\/thumbs\/Carrelage-effet-bois-salle-de-bain-haut-de-gamme-collection-Vallee-teinte-Jinkoh-grand-format-120x278-cm-proche-Saint-Gely-du-fesc-34-e1744708459212-r8ifjuovh1n1njrejctj520c67ykkyi9amyi4tj1k0.jpg\" title=\"Carrelage-effet-bois-salle-de-bain-haut-de-gamme-collection-Vall\u00e9e-teinte-Jinkoh-grand-format-120&#215;278-cm-proche-Saint-Gely-du-fesc-34\" alt=\"Carrelage-effet-bois-salle-de-bain-haut-de-gamme-collection-Vall\u00e9e-teinte-Jinkoh-grand-format-120x278-cm-proche-Saint-Gely-du-fesc-34\" loading=\"lazy\" \/>\t\t\t\t\t\t\t\t<\/a>\n\t\t\t\t\t\t\t\t\t\t\t\t\t\t\t<\/div>\n\t\t\t\t<\/div>\n\t\t\t\t<section class=\"elementor-section elementor-inner-section elementor-element elementor-element-60dc772 elementor-section-boxed elementor-section-height-default elementor-section-height-default elementor-invisible\" data-id=\"60dc772\" data-element_type=\"section\" data-e-type=\"section\" data-settings=\"{&quot;background_background&quot;:&quot;classic&quot;,&quot;animation&quot;:&quot;fadeIn&quot;}\">\n\t\t\t\t\t\t<div class=\"elementor-container elementor-column-gap-default\">\n\t\t\t\t\t<div class=\"elementor-column elementor-col-100 elementor-inner-column elementor-element elementor-element-8eab06f\" data-id=\"8eab06f\" data-element_type=\"column\" data-e-type=\"column\">\n\t\t\t<div class=\"elementor-widget-wrap elementor-element-populated\">\n\t\t\t\t\t\t<div class=\"elementor-element elementor-element-5e37f36 elementor-widget elementor-widget-heading\" data-id=\"5e37f36\" data-element_type=\"widget\" data-e-type=\"widget\" data-widget_type=\"heading.default\">\n\t\t\t\t<div class=\"elementor-widget-container\">\n\t\t\t\t\t<h3 class=\"elementor-heading-title elementor-size-default\"><a href=\"https:\/\/www.portovenere.fr\/fr-fr\/carrelage-sol-et-mur-en-gres-cerame-et-faience\/carrelage-imitation-parquet-aspect-bois\/carrelage-imitation-parquet-bois-naturel-vallee\/\">VALL\u00c9E 6 mm | 3 coloris<\/a><\/h3>\t\t\t\t<\/div>\n\t\t\t\t<\/div>\n\t\t\t\t<div class=\"elementor-element elementor-element-dbd4901 elementor-widget__width-initial elementor-widget elementor-widget-gallery\" data-id=\"dbd4901\" data-element_type=\"widget\" data-e-type=\"widget\" data-settings=\"{&quot;gap&quot;:{&quot;unit&quot;:&quot;px&quot;,&quot;size&quot;:3,&quot;sizes&quot;:[]},&quot;columns_mobile&quot;:3,&quot;gap_mobile&quot;:{&quot;unit&quot;:&quot;px&quot;,&quot;size&quot;:6,&quot;sizes&quot;:[]},&quot;columns&quot;:5,&quot;columns_tablet&quot;:3,&quot;gap_tablet&quot;:{&quot;unit&quot;:&quot;px&quot;,&quot;size&quot;:5,&quot;sizes&quot;:[]},&quot;lazyload&quot;:&quot;yes&quot;,&quot;gallery_layout&quot;:&quot;grid&quot;,&quot;aspect_ratio&quot;:&quot;3:2&quot;,&quot;overlay_background&quot;:&quot;yes&quot;,&quot;content_hover_animation&quot;:&quot;fade-in&quot;}\" data-widget_type=\"gallery.default\">\n\t\t\t\t<div class=\"elementor-widget-container\">\n\t\t\t\t\t\t\t<div class=\"elementor-gallery__container\">\n\t\t\t\t\t\t\t<div class=\"e-gallery-item elementor-gallery-item elementor-animated-content\">\n\t\t\t\t\t<div class=\"e-gallery-image elementor-gallery-item__image\" data-thumbnail=\"https:\/\/www.portovenere.fr\/fr-fr\/wp-content\/uploads\/2024\/09\/Carrelage-parquet-bois-naturel-gres-cerame-haut-de-gamme-pour-sol-et-mur-collection-VALLEE-coloris-Pino-proche-de-Saint-jean-de-vedas-34-150x150.jpg\" data-width=\"150\" data-height=\"150\" aria-label=\"\" role=\"img\" ><\/div>\n\t\t\t\t\t\t\t\t\t\t\t<div class=\"elementor-gallery-item__overlay\"><\/div>\n\t\t\t\t\t\t\t\t\t\t\t\t\t\t<\/div>\n\t\t\t\t\t\t\t<div class=\"e-gallery-item elementor-gallery-item elementor-animated-content\">\n\t\t\t\t\t<div class=\"e-gallery-image elementor-gallery-item__image\" data-thumbnail=\"https:\/\/www.portovenere.fr\/fr-fr\/wp-content\/uploads\/2024\/09\/Carrelage-parquet-bois-naturel-gres-cerame-haut-de-gamme-pour-sol-et-mur-collection-VALLEE-coloris-Laos-proche-de-Laverune-34-150x150.jpg\" data-width=\"150\" data-height=\"150\" aria-label=\"\" role=\"img\" ><\/div>\n\t\t\t\t\t\t\t\t\t\t\t<div class=\"elementor-gallery-item__overlay\"><\/div>\n\t\t\t\t\t\t\t\t\t\t\t\t\t\t<\/div>\n\t\t\t\t\t\t\t<div class=\"e-gallery-item elementor-gallery-item elementor-animated-content\">\n\t\t\t\t\t<div class=\"e-gallery-image elementor-gallery-item__image\" data-thumbnail=\"https:\/\/www.portovenere.fr\/fr-fr\/wp-content\/uploads\/2024\/09\/Carrelage-parquet-bois-naturel-gres-cerame-haut-de-gamme-pour-sol-et-mur-collection-VALLEE-coloris-Jinkoh-proche-de-Prades-le-lez-34-150x150.jpg\" data-width=\"150\" data-height=\"150\" aria-label=\"\" role=\"img\" ><\/div>\n\t\t\t\t\t\t\t\t\t\t\t<div class=\"elementor-gallery-item__overlay\"><\/div>\n\t\t\t\t\t\t\t\t\t\t\t\t\t\t<\/div>\n\t\t\t\t\t<\/div>\n\t\t\t\t\t<\/div>\n\t\t\t\t<\/div>\n\t\t\t\t<div class=\"elementor-element elementor-element-4df1679 elementor-widget elementor-widget-text-editor\" data-id=\"4df1679\" data-element_type=\"widget\" data-e-type=\"widget\" data-widget_type=\"text-editor.default\">\n\t\t\t\t<div class=\"elementor-widget-container\">\n\t\t\t\t\t\t\t\t\t<p>Une collection de gr\u00e8s c\u00e9rame <b>finition bross\u00e9e<\/b> au graphisme raffin\u00e9 et intemporel, La collection de carrelage effet parquet bois <b>Vall\u00e9e,<\/b> s\u00e9duit par ses<b> contrastes subtils et ses n\u0153uds d\u00e9licatement dessin\u00e9s<\/b>.\u00a0<\/p><p>Ses 6 t<b>onalit\u00e9s naturelles<\/b>, allant de la cr\u00e8me \u00e0 l&rsquo;olive, \u00e9voquent la richesse et la<b> chaleur du bois authentique<\/b>.\u00a0<\/p><p>Disponible dans une <b>large gamme de formats<\/b>, 20&#215;120 cm,\u00a0 25&#215;150 cm, 30&#215;120 cm, 30&#215;240 cm, <b>grand format<\/b> 20&#215;278 cm <b>(fine \u00e9paisseur 6mm)<\/b> et<b>\u00a0format\u00a0XXL 120&#215;278 cm<\/b>\u00a0<b>(fine \u00e9paisseur 6mm)<\/b>, Vall\u00e9e s&rsquo;adapte \u00e0 tous les espaces, des plus classiques aux plus contemporains. Parfaitement align\u00e9e avec les principes du <b>design biophilique<\/b>, cette collection de carrelage aspect parquet bois naturel invite la nature au c\u0153ur de votre int\u00e9rieur.<\/p><p>Dalles antid\u00e9rapantes en 30 x 120 x 2 cm d&rsquo;\u00e9paisseur, lames antid\u00e9rapantes 20x120cm ainsi que des d\u00e9cors originaux compl\u00e8tent cette collection.\u00a0<\/p>\t\t\t\t\t\t\t\t<\/div>\n\t\t\t\t<\/div>\n\t\t\t\t\t<\/div>\n\t\t<\/div>\n\t\t\t\t\t<\/div>\n\t\t<\/section>\n\t\t\t\t<div class=\"elementor-element elementor-element-b7f77a4 elementor-mobile-align-center elementor-widget elementor-widget-button\" data-id=\"b7f77a4\" data-element_type=\"widget\" data-e-type=\"widget\" data-widget_type=\"button.default\">\n\t\t\t\t<div class=\"elementor-widget-container\">\n\t\t\t\t\t\t\t\t\t<div class=\"elementor-button-wrapper\">\n\t\t\t\t\t<a class=\"elementor-button elementor-button-link elementor-size-sm\" href=\"https:\/\/www.portovenere.fr\/fr-fr\/carrelage-sol-et-mur-en-gres-cerame-et-faience\/carrelage-imitation-parquet-aspect-bois\/carrelage-imitation-parquet-bois-naturel-vallee\/\">\n\t\t\t\t\t\t<span class=\"elementor-button-content-wrapper\">\n\t\t\t\t\t\t\t\t\t<span class=\"elementor-button-text\">Voir la collection<\/span>\n\t\t\t\t\t<\/span>\n\t\t\t\t\t<\/a>\n\t\t\t\t<\/div>\n\t\t\t\t\t\t\t\t<\/div>\n\t\t\t\t<\/div>\n\t\t\t\t\t<\/div>\n\t\t<\/div>\n\t\t\t\t\t<\/div>\n\t\t<\/section>\n\t\t\t\t<section class=\"elementor-section elementor-top-section elementor-element elementor-element-227bb1a5 elementor-section-full_width elementor-section-height-default elementor-section-height-default\" data-id=\"227bb1a5\" data-element_type=\"section\" data-e-type=\"section\" data-settings=\"{&quot;background_background&quot;:&quot;classic&quot;}\">\n\t\t\t\t\t\t<div class=\"elementor-container elementor-column-gap-default\">\n\t\t\t\t\t<div class=\"elementor-column elementor-col-33 elementor-top-column elementor-element elementor-element-082873d\" data-id=\"082873d\" data-element_type=\"column\" data-e-type=\"column\" data-settings=\"{&quot;background_background&quot;:&quot;classic&quot;}\">\n\t\t\t<div class=\"elementor-widget-wrap elementor-element-populated\">\n\t\t\t\t\t\t<div class=\"elementor-element elementor-element-edc6417 elementor-widget elementor-widget-image\" data-id=\"edc6417\" data-element_type=\"widget\" data-e-type=\"widget\" data-widget_type=\"image.default\">\n\t\t\t\t<div class=\"elementor-widget-container\">\n\t\t\t\t\t\t\t\t\t\t\t\t\t\t\t\t<a href=\"https:\/\/www.portovenere.fr\/fr-fr\/carrelage-sol-et-mur-en-gres-cerame-et-faience\/carrelage-aspect-marbre\/carrelage-effet-marbre-grand-format-epigone-luxe\/\">\n\t\t\t\t\t\t\t<img decoding=\"async\" width=\"800\" height=\"532\" src=\"https:\/\/www.portovenere.fr\/fr-fr\/wp-content\/uploads\/2023\/01\/Carrelage-aspect-marbre-vert-et-blanc-contemporain-Epigone-Aqua-a-Montpellier-Herault-34-Porto-Venere.jpg\" class=\"attachment-large size-large wp-image-44335\" alt=\"Carrelage effet marbre vert et blanc veine Epigone Aqua\" srcset=\"https:\/\/www.portovenere.fr\/fr-fr\/wp-content\/uploads\/2023\/01\/Carrelage-aspect-marbre-vert-et-blanc-contemporain-Epigone-Aqua-a-Montpellier-Herault-34-Porto-Venere.jpg 1000w, https:\/\/www.portovenere.fr\/fr-fr\/wp-content\/uploads\/2023\/01\/Carrelage-aspect-marbre-vert-et-blanc-contemporain-Epigone-Aqua-a-Montpellier-Herault-34-Porto-Venere-300x200.jpg 300w, https:\/\/www.portovenere.fr\/fr-fr\/wp-content\/uploads\/2023\/01\/Carrelage-aspect-marbre-vert-et-blanc-contemporain-Epigone-Aqua-a-Montpellier-Herault-34-Porto-Venere-768x511.jpg 768w\" sizes=\"(max-width: 800px) 100vw, 800px\" \/>\t\t\t\t\t\t\t\t<\/a>\n\t\t\t\t\t\t\t\t\t\t\t\t\t\t\t<\/div>\n\t\t\t\t<\/div>\n\t\t\t\t<div class=\"elementor-element elementor-element-f737302 elementor-widget elementor-widget-heading\" data-id=\"f737302\" data-element_type=\"widget\" data-e-type=\"widget\" data-widget_type=\"heading.default\">\n\t\t\t\t<div class=\"elementor-widget-container\">\n\t\t\t\t\t<h3 class=\"elementor-heading-title elementor-size-default\"><a href=\"https:\/\/www.portovenere.fr\/fr-fr\/carrelage-sol-et-mur-en-gres-cerame-et-faience\/carrelage-aspect-marbre\/carrelage-effet-marbre-grand-format-epigone-luxe\/\">EPIGONE 6mm | 6 coloris<\/a><\/h3>\t\t\t\t<\/div>\n\t\t\t\t<\/div>\n\t\t\t\t<div class=\"elementor-element elementor-element-c4429fb elementor-widget__width-initial elementor-widget elementor-widget-gallery\" data-id=\"c4429fb\" data-element_type=\"widget\" data-e-type=\"widget\" data-settings=\"{&quot;gap&quot;:{&quot;unit&quot;:&quot;px&quot;,&quot;size&quot;:3,&quot;sizes&quot;:[]},&quot;columns_mobile&quot;:3,&quot;gap_mobile&quot;:{&quot;unit&quot;:&quot;px&quot;,&quot;size&quot;:6,&quot;sizes&quot;:[]},&quot;columns&quot;:5,&quot;columns_tablet&quot;:3,&quot;gap_tablet&quot;:{&quot;unit&quot;:&quot;px&quot;,&quot;size&quot;:5,&quot;sizes&quot;:[]},&quot;lazyload&quot;:&quot;yes&quot;,&quot;gallery_layout&quot;:&quot;grid&quot;,&quot;aspect_ratio&quot;:&quot;3:2&quot;,&quot;overlay_background&quot;:&quot;yes&quot;,&quot;content_hover_animation&quot;:&quot;fade-in&quot;}\" data-widget_type=\"gallery.default\">\n\t\t\t\t<div class=\"elementor-widget-container\">\n\t\t\t\t\t\t\t<div class=\"elementor-gallery__container\">\n\t\t\t\t\t\t\t<div class=\"e-gallery-item elementor-gallery-item elementor-animated-content\">\n\t\t\t\t\t<div class=\"e-gallery-image elementor-gallery-item__image\" data-thumbnail=\"https:\/\/www.portovenere.fr\/fr-fr\/wp-content\/uploads\/2023\/01\/Carrelage-sol-et-mur-aspect-marbre-Epigone-Flame-pres-de-Montferrier-Sur-Lez_Herault_34-Porto-Venere-150x150.jpg\" data-width=\"150\" data-height=\"150\" aria-label=\"Carrelage effet marbre grand format sol et mur Epigone Flame\" role=\"img\" ><\/div>\n\t\t\t\t\t\t\t\t\t\t\t<div class=\"elementor-gallery-item__overlay\"><\/div>\n\t\t\t\t\t\t\t\t\t\t\t\t\t\t<\/div>\n\t\t\t\t\t\t\t<div class=\"e-gallery-item elementor-gallery-item elementor-animated-content\">\n\t\t\t\t\t<div class=\"e-gallery-image elementor-gallery-item__image\" data-thumbnail=\"https:\/\/www.portovenere.fr\/fr-fr\/wp-content\/uploads\/2023\/01\/Carrelage-sol-et-mur-salon-aspect-marbre-Epigone-Emerald-proche-de-Perols-Herault-34-150x150.jpg\" data-width=\"150\" data-height=\"150\" aria-label=\"Carrelage sol et mur effet marbre Epigone Emerald\" role=\"img\" ><\/div>\n\t\t\t\t\t\t\t\t\t\t\t<div class=\"elementor-gallery-item__overlay\"><\/div>\n\t\t\t\t\t\t\t\t\t\t\t\t\t\t<\/div>\n\t\t\t\t\t\t\t<div class=\"e-gallery-item elementor-gallery-item elementor-animated-content\">\n\t\t\t\t\t<div class=\"e-gallery-image elementor-gallery-item__image\" data-thumbnail=\"https:\/\/www.portovenere.fr\/fr-fr\/wp-content\/uploads\/2023\/01\/Carrelage-cuisine-sol-et-mur-Epigone-Cloud-proche-de-Lattes_Herault_34-Porto-Venere-150x150.jpg\" data-width=\"150\" data-height=\"150\" aria-label=\"Carrelage effet marbre grand format sol et mur Epigone Cloud\" role=\"img\" ><\/div>\n\t\t\t\t\t\t\t\t\t\t\t<div class=\"elementor-gallery-item__overlay\"><\/div>\n\t\t\t\t\t\t\t\t\t\t\t\t\t\t<\/div>\n\t\t\t\t\t\t\t<div class=\"e-gallery-item elementor-gallery-item elementor-animated-content\">\n\t\t\t\t\t<div class=\"e-gallery-image elementor-gallery-item__image\" data-thumbnail=\"https:\/\/www.portovenere.fr\/fr-fr\/wp-content\/uploads\/2023\/01\/carrelage-salle-de-bain-aspect-marbre-Epigone-Aqua-proche-Montpellier-Herault-34-Porto-Venere-150x150.jpg\" data-width=\"150\" data-height=\"150\" aria-label=\"Carrelage effet marbre grand format sol et mur Epigone Luxe\" role=\"img\" ><\/div>\n\t\t\t\t\t\t\t\t\t\t\t<div class=\"elementor-gallery-item__overlay\"><\/div>\n\t\t\t\t\t\t\t\t\t\t\t\t\t\t<\/div>\n\t\t\t\t\t\t\t<div class=\"e-gallery-item elementor-gallery-item elementor-animated-content\">\n\t\t\t\t\t<div class=\"e-gallery-image elementor-gallery-item__image\" data-thumbnail=\"https:\/\/www.portovenere.fr\/fr-fr\/wp-content\/uploads\/2023\/01\/Carrelage-salle-de-bain-aspect-marbre-Epigone-Brown-pres-de-Saint-Jean-De-Vedas_Herault_34-150x150.jpg\" data-width=\"150\" data-height=\"150\" aria-label=\"Carrelage effet marbre grand format sol et mur Epigone Luxe\" role=\"img\" ><\/div>\n\t\t\t\t\t\t\t\t\t\t\t<div class=\"elementor-gallery-item__overlay\"><\/div>\n\t\t\t\t\t\t\t\t\t\t\t\t\t\t<\/div>\n\t\t\t\t\t\t\t<div class=\"e-gallery-item elementor-gallery-item elementor-animated-content\">\n\t\t\t\t\t<div class=\"e-gallery-image elementor-gallery-item__image\" data-thumbnail=\"https:\/\/www.portovenere.fr\/fr-fr\/wp-content\/uploads\/2023\/01\/Carrelage-salle-de-bain-aspect-marbre-Epigone-Azure-proche-de-Montpellier_Herault_34-Porto-Venere-150x150.jpg\" data-width=\"150\" data-height=\"150\" aria-label=\"Carrelage effet marbre grand format sol et mur Epigone Luxe\" role=\"img\" ><\/div>\n\t\t\t\t\t\t\t\t\t\t\t<div class=\"elementor-gallery-item__overlay\"><\/div>\n\t\t\t\t\t\t\t\t\t\t\t\t\t\t<\/div>\n\t\t\t\t\t\t\t<div class=\"e-gallery-item elementor-gallery-item elementor-animated-content\">\n\t\t\t\t\t<div class=\"e-gallery-image elementor-gallery-item__image\" data-thumbnail=\"https:\/\/www.portovenere.fr\/fr-fr\/wp-content\/uploads\/2023\/01\/Carrelage-de-deco-Epigone-Picket-Cloud-et-Emerald-pres-de-Montpellier-Herault-34-Porto-Venere-150x150.jpg\" data-width=\"150\" data-height=\"150\" aria-label=\"\" role=\"img\" ><\/div>\n\t\t\t\t\t\t\t\t\t\t\t<div class=\"elementor-gallery-item__overlay\"><\/div>\n\t\t\t\t\t\t\t\t\t\t\t\t\t\t<\/div>\n\t\t\t\t\t\t\t<div class=\"e-gallery-item elementor-gallery-item elementor-animated-content\">\n\t\t\t\t\t<div class=\"e-gallery-image elementor-gallery-item__image\" data-thumbnail=\"https:\/\/www.portovenere.fr\/fr-fr\/wp-content\/uploads\/2023\/01\/Carrelage-de-deco-Epigone-Trinity-proche-de-Saint-Jean-De-Vedas-Herault-34-Porto-Venere-150x150.jpg\" data-width=\"150\" data-height=\"150\" aria-label=\"Carrelage de d\u00e9coration Epigone Trinity\" role=\"img\" ><\/div>\n\t\t\t\t\t\t\t\t\t\t\t<div class=\"elementor-gallery-item__overlay\"><\/div>\n\t\t\t\t\t\t\t\t\t\t\t\t\t\t<\/div>\n\t\t\t\t\t\t\t<div class=\"e-gallery-item elementor-gallery-item elementor-animated-content\">\n\t\t\t\t\t<div class=\"e-gallery-image elementor-gallery-item__image\" data-thumbnail=\"https:\/\/www.portovenere.fr\/fr-fr\/wp-content\/uploads\/2023\/01\/Carrelage-de-deco-mosaique-Maze-proche-de-Sussargues-Porto-Venere-150x150.jpg\" data-width=\"150\" data-height=\"150\" aria-label=\"Carrelage de d\u00e9coration Mosaique Epigone Maze\" role=\"img\" ><\/div>\n\t\t\t\t\t\t\t\t\t\t\t<div class=\"elementor-gallery-item__overlay\"><\/div>\n\t\t\t\t\t\t\t\t\t\t\t\t\t\t<\/div>\n\t\t\t\t\t<\/div>\n\t\t\t\t\t<\/div>\n\t\t\t\t<\/div>\n\t\t\t\t<div class=\"elementor-element elementor-element-4ee971b elementor-widget elementor-widget-text-editor\" data-id=\"4ee971b\" data-element_type=\"widget\" data-e-type=\"widget\" data-widget_type=\"text-editor.default\">\n\t\t\t\t<div class=\"elementor-widget-container\">\n\t\t\t\t\t\t\t\t\t<div>\n<div data-vce-full-width=\"true\" data-vce-stretch-content=\"true\" data-vce-do-apply=\"all el-3641d200\">\n<div data-vce-element-content=\"true\">\n<div>\n<div data-vce-do-apply=\"border margin background el-ba2d2d3f\">\n<div data-vce-element-content=\"true\" data-vce-do-apply=\"padding el-ba2d2d3f\">\n<div>\n<div data-vce-do-apply=\"all el-78a3e964\">\n<div>\n<div data-vce-do-apply=\"all el-faca387d\">Cette collection existe en plusieurs coloris :&nbsp;<b>Cloud<\/b>&nbsp;(Beige),&nbsp;<b>Brown<\/b>&nbsp;(Marron et veine blanche),&nbsp;<b>Emerald<\/b>&nbsp;(Vert mate et veine blanche),&nbsp;<b>Aqua<\/b>&nbsp;(Vert et blanc),&nbsp;<b>Flame<\/b>&nbsp;(Marron et Beige) et pour finir&nbsp;<b>Azure<\/b>&nbsp;(Bleu et veine rouille).&nbsp;<\/div>\n<\/div>\n<\/div>\n<\/div>\n<\/div>\n<\/div>\n<\/div>\n<\/div>\n<\/div>\n<\/div>\n<div>\n<div data-vce-full-width=\"true\" data-vce-stretch-content=\"true\" data-vce-do-apply=\"all el-c7844cbc\">\n<div data-vce-element-content=\"true\">\n<div data-vce-do-apply=\"border margin background el-bd023295\" data-vce-animate=\"vce-o-animate--fadeIn\">\n<div data-vce-element-content=\"true\" data-vce-do-apply=\"padding el-bd023295\">\n<div data-vce-do-apply=\"all el-47ee2249\">\n<p><strong>Epigone<\/strong>&nbsp;est une gamme de carrelage en&nbsp;<strong>gr\u00e8s c\u00e9rame<\/strong>&nbsp;tr\u00e8s&nbsp;<strong>contemporain<\/strong>&nbsp;pour&nbsp;<strong>sol<\/strong>&nbsp;et&nbsp;<strong>mur<\/strong>&nbsp;en int\u00e9rieur. Ce mod\u00e8le offre un large choix de formats :&nbsp;<b>60\u00d7120 cm, 120\u00d7120 cm, 120\u00d7240 cm et 120\u00d7280 cm<\/b><strong>.<\/strong>&nbsp;Il existe \u00e9galement 2 types de finitions pour ce mod\u00e8le,&nbsp;<strong>Glossy<\/strong>&nbsp;(Brillant) ou&nbsp;<strong>Matt Silk<\/strong>&nbsp;(Naturel mat) ou Matte (Mat).<\/p>\n<p>Ce gr\u00e8s c\u00e9rame s\u2019inspire des palais, des sculptures et des monuments du Vieux Continent r\u00e9alis\u00e9s \u00e0 l\u2019aide de&nbsp;<strong>marbres color\u00e9s<\/strong>, consid\u00e9r\u00e9s quasiment comme une forme de peinture divine, gr\u00e2ce aux&nbsp;<strong>veines vives<\/strong>&nbsp;et au large choix de&nbsp;<strong>nuances<\/strong>.<\/p>\n<\/div>\n<\/div>\n<\/div>\n<\/div>\n<\/div>\n<\/div>\t\t\t\t\t\t\t\t<\/div>\n\t\t\t\t<\/div>\n\t\t\t\t<div class=\"elementor-element elementor-element-d49c2c8 elementor-mobile-align-center elementor-align-left elementor-widget elementor-widget-button\" data-id=\"d49c2c8\" data-element_type=\"widget\" data-e-type=\"widget\" data-widget_type=\"button.default\">\n\t\t\t\t<div class=\"elementor-widget-container\">\n\t\t\t\t\t\t\t\t\t<div class=\"elementor-button-wrapper\">\n\t\t\t\t\t<a class=\"elementor-button elementor-button-link elementor-size-sm\" href=\"https:\/\/www.portovenere.fr\/fr-fr\/carrelage-sol-et-mur-en-gres-cerame-et-faience\/carrelage-aspect-marbre\/carrelage-effet-marbre-grand-format-epigone-luxe\/\">\n\t\t\t\t\t\t<span class=\"elementor-button-content-wrapper\">\n\t\t\t\t\t\t\t\t\t<span class=\"elementor-button-text\">Voir la collection<\/span>\n\t\t\t\t\t<\/span>\n\t\t\t\t\t<\/a>\n\t\t\t\t<\/div>\n\t\t\t\t\t\t\t\t<\/div>\n\t\t\t\t<\/div>\n\t\t\t\t\t<\/div>\n\t\t<\/div>\n\t\t\t\t<div class=\"elementor-column elementor-col-33 elementor-top-column elementor-element elementor-element-23e11ae\" data-id=\"23e11ae\" data-element_type=\"column\" data-e-type=\"column\" data-settings=\"{&quot;background_background&quot;:&quot;classic&quot;}\">\n\t\t\t<div class=\"elementor-widget-wrap elementor-element-populated\">\n\t\t\t\t\t\t<div class=\"elementor-element elementor-element-f942b1c elementor-widget elementor-widget-image\" data-id=\"f942b1c\" data-element_type=\"widget\" data-e-type=\"widget\" data-widget_type=\"image.default\">\n\t\t\t\t<div class=\"elementor-widget-container\">\n\t\t\t\t\t\t\t\t\t\t\t\t\t\t\t\t<a href=\"https:\/\/www.portovenere.fr\/fr-fr\/carrelage-sol-et-mur-en-gres-cerame-et-faience\/carrelage-aspect-pierre\/carrelage-sol-et-mur-pierre-de-roche\/\">\n\t\t\t\t\t\t\t<img decoding=\"async\" src=\"https:\/\/www.portovenere.fr\/fr-fr\/wp-content\/uploads\/elementor\/thumbs\/Carrelage-salle-de-bain-sol-et-mur-pour-interieur-et-exterieur-style-Pierre-de-Roche-Gris-douche-et-credence-decor-relief-pres-de-La-Grande-Motte-34-r8ifx9u2pdk9icm5z43qho1fwao7c4o3exepema5pg.jpg\" title=\"Carrelage-salle-de-bain-sol-et-mur-pour-int\u00e9rieur-et-ext\u00e9rieur-style-Pierre-de-Roche-Gris-douche-et-cr\u00e9dence-d\u00e9cor-relief&#8211;pr\u00e8s-de-La-Grande-Motte-34.jpg\" alt=\"Gris Minimal au sol 60x120 cm et Gris Vari\u00e9 au mur 60x120 cm. Cr\u00e9dence au fond Gris d\u00e9cor Pointe 60x120 cm\" loading=\"lazy\" \/>\t\t\t\t\t\t\t\t<\/a>\n\t\t\t\t\t\t\t\t\t\t\t\t\t\t\t<\/div>\n\t\t\t\t<\/div>\n\t\t\t\t<div class=\"elementor-element elementor-element-095a0fa elementor-widget elementor-widget-heading\" data-id=\"095a0fa\" data-element_type=\"widget\" data-e-type=\"widget\" data-widget_type=\"heading.default\">\n\t\t\t\t<div class=\"elementor-widget-container\">\n\t\t\t\t\t<h3 class=\"elementor-heading-title elementor-size-default\"><a href=\"https:\/\/www.portovenere.fr\/fr-fr\/carrelage-sol-et-mur-en-gres-cerame-et-faience\/carrelage-aspect-pierre\/carrelage-sol-et-mur-pierre-de-roche\/\">PIERRE DE ROCHE | 3 coloris &amp; 2 styles<\/a><\/h3>\t\t\t\t<\/div>\n\t\t\t\t<\/div>\n\t\t\t\t<div class=\"elementor-element elementor-element-ebb0943 elementor-widget__width-initial elementor-widget elementor-widget-gallery\" data-id=\"ebb0943\" data-element_type=\"widget\" data-e-type=\"widget\" data-settings=\"{&quot;gap&quot;:{&quot;unit&quot;:&quot;px&quot;,&quot;size&quot;:3,&quot;sizes&quot;:[]},&quot;columns_mobile&quot;:3,&quot;gap_mobile&quot;:{&quot;unit&quot;:&quot;px&quot;,&quot;size&quot;:6,&quot;sizes&quot;:[]},&quot;columns&quot;:5,&quot;columns_tablet&quot;:3,&quot;gap_tablet&quot;:{&quot;unit&quot;:&quot;px&quot;,&quot;size&quot;:5,&quot;sizes&quot;:[]},&quot;lazyload&quot;:&quot;yes&quot;,&quot;gallery_layout&quot;:&quot;grid&quot;,&quot;aspect_ratio&quot;:&quot;3:2&quot;,&quot;overlay_background&quot;:&quot;yes&quot;,&quot;content_hover_animation&quot;:&quot;fade-in&quot;}\" data-widget_type=\"gallery.default\">\n\t\t\t\t<div class=\"elementor-widget-container\">\n\t\t\t\t\t\t\t<div class=\"elementor-gallery__container\">\n\t\t\t\t\t\t\t<div class=\"e-gallery-item elementor-gallery-item elementor-animated-content\">\n\t\t\t\t\t<div class=\"e-gallery-image elementor-gallery-item__image\" data-thumbnail=\"https:\/\/www.portovenere.fr\/fr-fr\/wp-content\/uploads\/2025\/03\/Carrelage-sol-et-mur-pour-interieur-et-exterieur-style-Pierre-de-Roche-Blanc-minimal-en-gres-cerame-de-qualite-magasin-Porto-Venere-a-Montpellier-34-150x150.jpg\" data-width=\"150\" data-height=\"150\" aria-label=\"\" role=\"img\" ><\/div>\n\t\t\t\t\t\t\t\t\t\t\t<div class=\"elementor-gallery-item__overlay\"><\/div>\n\t\t\t\t\t\t\t\t\t\t\t\t\t\t<\/div>\n\t\t\t\t\t\t\t<div class=\"e-gallery-item elementor-gallery-item elementor-animated-content\">\n\t\t\t\t\t<div class=\"e-gallery-image elementor-gallery-item__image\" data-thumbnail=\"https:\/\/www.portovenere.fr\/fr-fr\/wp-content\/uploads\/2025\/03\/Carrelage-sol-et-mur-pour-interieur-et-exterieur-style-Pierre-de-Roche-Beige-minimal-en-gres-cerame-de-qualite-magasin-Porto-Venere-pres-de-Mauguio-34-150x150.jpg\" data-width=\"150\" data-height=\"150\" aria-label=\"\" role=\"img\" ><\/div>\n\t\t\t\t\t\t\t\t\t\t\t<div class=\"elementor-gallery-item__overlay\"><\/div>\n\t\t\t\t\t\t\t\t\t\t\t\t\t\t<\/div>\n\t\t\t\t\t\t\t<div class=\"e-gallery-item elementor-gallery-item elementor-animated-content\">\n\t\t\t\t\t<div class=\"e-gallery-image elementor-gallery-item__image\" data-thumbnail=\"https:\/\/www.portovenere.fr\/fr-fr\/wp-content\/uploads\/2025\/03\/Carrelage-sol-et-mur-pour-interieur-et-exterieur-style-Pierre-de-Roche-Gris-minimal-en-gres-cerame-de-qualite-magasin-Porto-Venere-pres-de-Agde-34-150x150.jpg\" data-width=\"150\" data-height=\"150\" aria-label=\"\" role=\"img\" ><\/div>\n\t\t\t\t\t\t\t\t\t\t\t<div class=\"elementor-gallery-item__overlay\"><\/div>\n\t\t\t\t\t\t\t\t\t\t\t\t\t\t<\/div>\n\t\t\t\t\t\t\t<div class=\"e-gallery-item elementor-gallery-item elementor-animated-content\">\n\t\t\t\t\t<div class=\"e-gallery-image elementor-gallery-item__image\" data-thumbnail=\"https:\/\/www.portovenere.fr\/fr-fr\/wp-content\/uploads\/2025\/03\/Carrelage-sol-et-mur-pour-interieur-et-exterieur-style-Pierre-de-Roche-Blanc-Variee-en-gres-cerame-de-qualite-Porto-Venere-a-Montpellier-34-150x150.jpg\" data-width=\"150\" data-height=\"150\" aria-label=\"\" role=\"img\" ><\/div>\n\t\t\t\t\t\t\t\t\t\t\t<div class=\"elementor-gallery-item__overlay\"><\/div>\n\t\t\t\t\t\t\t\t\t\t\t\t\t\t<\/div>\n\t\t\t\t\t\t\t<div class=\"e-gallery-item elementor-gallery-item elementor-animated-content\">\n\t\t\t\t\t<div class=\"e-gallery-image elementor-gallery-item__image\" data-thumbnail=\"https:\/\/www.portovenere.fr\/fr-fr\/wp-content\/uploads\/2025\/03\/Carrelage-sol-et-mur-pour-interieur-et-exterieur-style-Pierre-de-Roche-Beige-Variee-en-gres-cerame-de-qualite-Porto-Venere-pres-de-Jacou-34-150x150.jpg\" data-width=\"150\" data-height=\"150\" aria-label=\"\" role=\"img\" ><\/div>\n\t\t\t\t\t\t\t\t\t\t\t<div class=\"elementor-gallery-item__overlay\"><\/div>\n\t\t\t\t\t\t\t\t\t\t\t\t\t\t<\/div>\n\t\t\t\t\t\t\t<div class=\"e-gallery-item elementor-gallery-item elementor-animated-content\">\n\t\t\t\t\t<div class=\"e-gallery-image elementor-gallery-item__image\" data-thumbnail=\"https:\/\/www.portovenere.fr\/fr-fr\/wp-content\/uploads\/2025\/03\/Carrelage-sol-et-mur-pour-interieur-et-exterieur-style-Pierre-de-Roche-Gris-Variee-en-gres-cerame-de-qualite-Porto-Venere-pres-de-Lattes-34-150x150.jpg\" data-width=\"150\" data-height=\"150\" aria-label=\"\" role=\"img\" ><\/div>\n\t\t\t\t\t\t\t\t\t\t\t<div class=\"elementor-gallery-item__overlay\"><\/div>\n\t\t\t\t\t\t\t\t\t\t\t\t\t\t<\/div>\n\t\t\t\t\t\t\t<div class=\"e-gallery-item elementor-gallery-item elementor-animated-content\">\n\t\t\t\t\t<div class=\"e-gallery-image elementor-gallery-item__image\" data-thumbnail=\"https:\/\/www.portovenere.fr\/fr-fr\/wp-content\/uploads\/2025\/03\/Carrelage-mural-decor-credence-Pierre-de-Roche-Pointe-60x120-cm-Beige-pour-cusiine-salle-de-bain-magasin-Porto-Venere-pres-de-Sete-34-150x150.jpg\" data-width=\"150\" data-height=\"150\" aria-label=\"\" role=\"img\" ><\/div>\n\t\t\t\t\t\t\t\t\t\t\t<div class=\"elementor-gallery-item__overlay\"><\/div>\n\t\t\t\t\t\t\t\t\t\t\t\t\t\t<\/div>\n\t\t\t\t\t\t\t<div class=\"e-gallery-item elementor-gallery-item elementor-animated-content\">\n\t\t\t\t\t<div class=\"e-gallery-image elementor-gallery-item__image\" data-thumbnail=\"https:\/\/www.portovenere.fr\/fr-fr\/wp-content\/uploads\/2025\/03\/Carrelage-mural-decor-credence-Pierre-de-Roche-Pointe-60x120-cm-Blanc-pour-cusiine-salle-de-bain-magasin-Porto-Venere-pres-de-Palavas-34-150x150.jpg\" data-width=\"150\" data-height=\"150\" aria-label=\"\" role=\"img\" ><\/div>\n\t\t\t\t\t\t\t\t\t\t\t<div class=\"elementor-gallery-item__overlay\"><\/div>\n\t\t\t\t\t\t\t\t\t\t\t\t\t\t<\/div>\n\t\t\t\t\t\t\t<div class=\"e-gallery-item elementor-gallery-item elementor-animated-content\">\n\t\t\t\t\t<div class=\"e-gallery-image elementor-gallery-item__image\" data-thumbnail=\"https:\/\/www.portovenere.fr\/fr-fr\/wp-content\/uploads\/2025\/03\/Carrelage-mural-decor-credence-Pierre-de-Roche-Pointe-60x120-cm-Gris-pour-cusiine-salle-de-bain-magasin-Porto-Venere-pres-de-Montferrier-sur-Lez-34-150x150.jpg\" data-width=\"150\" data-height=\"150\" aria-label=\"\" role=\"img\" ><\/div>\n\t\t\t\t\t\t\t\t\t\t\t<div class=\"elementor-gallery-item__overlay\"><\/div>\n\t\t\t\t\t\t\t\t\t\t\t\t\t\t<\/div>\n\t\t\t\t\t\t\t<div class=\"e-gallery-item elementor-gallery-item elementor-animated-content\">\n\t\t\t\t\t<div class=\"e-gallery-image elementor-gallery-item__image\" data-thumbnail=\"https:\/\/www.portovenere.fr\/fr-fr\/wp-content\/uploads\/2025\/03\/Mosaique-credence-carrelage-mural-Pierre-de-Roche-Petit-Mur-30x30-cm-gris-magasin-revetement-mural-a-Montpellier-34-150x150.jpg\" data-width=\"150\" data-height=\"150\" aria-label=\"\" role=\"img\" ><\/div>\n\t\t\t\t\t\t\t\t\t\t\t<div class=\"elementor-gallery-item__overlay\"><\/div>\n\t\t\t\t\t\t\t\t\t\t\t\t\t\t<\/div>\n\t\t\t\t\t\t\t<div class=\"e-gallery-item elementor-gallery-item elementor-animated-content\">\n\t\t\t\t\t<div class=\"e-gallery-image elementor-gallery-item__image\" data-thumbnail=\"https:\/\/www.portovenere.fr\/fr-fr\/wp-content\/uploads\/2025\/03\/Mosaique-credence-carrelage-mural-Pierre-de-Roche-Petit-Mur-30x30-cm-blanc-magasin-revetement-mural-proche-de-Mauguio-34-150x150.jpg\" data-width=\"150\" data-height=\"150\" aria-label=\"\" role=\"img\" ><\/div>\n\t\t\t\t\t\t\t\t\t\t\t<div class=\"elementor-gallery-item__overlay\"><\/div>\n\t\t\t\t\t\t\t\t\t\t\t\t\t\t<\/div>\n\t\t\t\t\t\t\t<div class=\"e-gallery-item elementor-gallery-item elementor-animated-content\">\n\t\t\t\t\t<div class=\"e-gallery-image elementor-gallery-item__image\" data-thumbnail=\"https:\/\/www.portovenere.fr\/fr-fr\/wp-content\/uploads\/2025\/03\/Mosaique-credence-carrelage-mural-Pierre-de-Roche-Petit-Mur-30x30-cm-beige-magasin-revetement-mural-a-Montpellier-34-150x150.jpg\" data-width=\"150\" data-height=\"150\" aria-label=\"\" role=\"img\" ><\/div>\n\t\t\t\t\t\t\t\t\t\t\t<div class=\"elementor-gallery-item__overlay\"><\/div>\n\t\t\t\t\t\t\t\t\t\t\t\t\t\t<\/div>\n\t\t\t\t\t\t\t<div class=\"e-gallery-item elementor-gallery-item elementor-animated-content\">\n\t\t\t\t\t<div class=\"e-gallery-image elementor-gallery-item__image\" data-thumbnail=\"https:\/\/www.portovenere.fr\/fr-fr\/wp-content\/uploads\/2025\/03\/Mosaique-carrelage-mural-et-sol-tendance-Pierre-de-Roche-Minimal-Gris-30x30-cm-magasin-amenagement-interieur-proche-de-Agde-34-150x150.jpg\" data-width=\"150\" data-height=\"150\" aria-label=\"\" role=\"img\" ><\/div>\n\t\t\t\t\t\t\t\t\t\t\t<div class=\"elementor-gallery-item__overlay\"><\/div>\n\t\t\t\t\t\t\t\t\t\t\t\t\t\t<\/div>\n\t\t\t\t\t\t\t<div class=\"e-gallery-item elementor-gallery-item elementor-animated-content\">\n\t\t\t\t\t<div class=\"e-gallery-image elementor-gallery-item__image\" data-thumbnail=\"https:\/\/www.portovenere.fr\/fr-fr\/wp-content\/uploads\/2025\/03\/Mosaique-carrelage-mural-et-sol-tendance-Pierre-de-Roche-Minimal-blanc-30x30-cm-magasin-amenagement-interieur-proche-de-Sete-34-150x150.jpg\" data-width=\"150\" data-height=\"150\" aria-label=\"\" role=\"img\" ><\/div>\n\t\t\t\t\t\t\t\t\t\t\t<div class=\"elementor-gallery-item__overlay\"><\/div>\n\t\t\t\t\t\t\t\t\t\t\t\t\t\t<\/div>\n\t\t\t\t\t\t\t<div class=\"e-gallery-item elementor-gallery-item elementor-animated-content\">\n\t\t\t\t\t<div class=\"e-gallery-image elementor-gallery-item__image\" data-thumbnail=\"https:\/\/www.portovenere.fr\/fr-fr\/wp-content\/uploads\/2025\/03\/Mosaique-carrelage-mural-et-sol-tendance-Pierre-de-Roche-Minimal-beige-30x30-cm-magasin-amenagement-interieur-proche-de-Saint-Clement-de-Riviere-34-150x150.jpg\" data-width=\"150\" data-height=\"150\" aria-label=\"\" role=\"img\" ><\/div>\n\t\t\t\t\t\t\t\t\t\t\t<div class=\"elementor-gallery-item__overlay\"><\/div>\n\t\t\t\t\t\t\t\t\t\t\t\t\t\t<\/div>\n\t\t\t\t\t\t\t<div class=\"e-gallery-item elementor-gallery-item elementor-animated-content\">\n\t\t\t\t\t<div class=\"e-gallery-image elementor-gallery-item__image\" data-thumbnail=\"https:\/\/www.portovenere.fr\/fr-fr\/wp-content\/uploads\/2025\/03\/Mosaique-carrelage-mural-et-sol-tendance-Pierre-de-Roche-Variee-beige-30x30-cm-magasin-amenagement-interieur-proche-de-Laverune-34-150x150.jpg\" data-width=\"150\" data-height=\"150\" aria-label=\"\" role=\"img\" ><\/div>\n\t\t\t\t\t\t\t\t\t\t\t<div class=\"elementor-gallery-item__overlay\"><\/div>\n\t\t\t\t\t\t\t\t\t\t\t\t\t\t<\/div>\n\t\t\t\t\t<\/div>\n\t\t\t\t\t<\/div>\n\t\t\t\t<\/div>\n\t\t\t\t<div class=\"elementor-element elementor-element-f05b142 elementor-widget elementor-widget-text-editor\" data-id=\"f05b142\" data-element_type=\"widget\" data-e-type=\"widget\" data-widget_type=\"text-editor.default\">\n\t\t\t\t<div class=\"elementor-widget-container\">\n\t\t\t\t\t\t\t\t\t<p>Vous recherchez un carrelage\u00a0<b>pour sol et mur\u00a0<\/b>dans les\u00a0<b>nuances de beige<\/b>\u00a0et\/ou gris cr\u00e8me ? D\u00e9couvrez le\u00a0<b>gr\u00e8s c\u00e9rame<\/b>\u00a0de qualit\u00e9 sup\u00e9rieure Pierre de Roche qui se d\u00e9cline dans\u00a0<b>3 teintes naturelles<\/b>\u00a0: Blanc, Beige et Gris.\u00a0<\/p><p>Tr\u00e8s tendance, le beige revient dans tous les am\u00e9nagements int\u00e9rieurs. Le carrelage sol et mur Pierre de Roche se d\u00e9cline dans les formats :\u00a0<b>120\u00d7120 cm, 60\u00d7120 cm, 60\u00d760 cm, 30\u00d760 cm, 100\u00d7100 cm et en maxi format XXL 120\u00d7278 cm en fine \u00e9paisseur 6.5mm<\/b>.\u00a0<\/p><p>3 finitions disponibles :\u00a0<b>Naturel , Lappato (poli) ou Tecnica Antid\u00e9rapant.<\/b>\u00a0<\/p><p>La collection de carrelage Pierre de Roche est parfaitement adapt\u00e9e pour toutes les pi\u00e8ces de la maison, du salon \u00e0 la salle de bain, en passant par la cuisine ou la\u00a0<b>terrasse\u00a0<\/b>gr\u00e2ce \u00e0 la finition<b>\u00a0Technica antid\u00e9rapante<\/b>\u00a0en 9mm et en\u00a0<b>dalles ext\u00e9rieures 20mm<\/b>\u00a0d\u2019\u00e9paisseur 100\u00d7100 cm.<\/p><p>Trois styles de\u00a0<b>mosa\u00efques 30\u00d730 cm<\/b>, un\u00a0<b>d\u00e9cor Pointe 60\u00d7120 cm,<\/b>\u00a0des plinthes et des marches compl\u00e8tent la collection.\u00a0<\/p>\t\t\t\t\t\t\t\t<\/div>\n\t\t\t\t<\/div>\n\t\t\t\t<div class=\"elementor-element elementor-element-9a7cf50 elementor-mobile-align-center elementor-align-left elementor-widget elementor-widget-button\" data-id=\"9a7cf50\" data-element_type=\"widget\" data-e-type=\"widget\" data-widget_type=\"button.default\">\n\t\t\t\t<div class=\"elementor-widget-container\">\n\t\t\t\t\t\t\t\t\t<div class=\"elementor-button-wrapper\">\n\t\t\t\t\t<a class=\"elementor-button elementor-button-link elementor-size-sm\" href=\"https:\/\/www.portovenere.fr\/fr-fr\/carrelage-sol-et-mur-en-gres-cerame-et-faience\/carrelage-aspect-pierre\/carrelage-sol-et-mur-pierre-de-roche\/\">\n\t\t\t\t\t\t<span class=\"elementor-button-content-wrapper\">\n\t\t\t\t\t\t\t\t\t<span class=\"elementor-button-text\">Voir la collection<\/span>\n\t\t\t\t\t<\/span>\n\t\t\t\t\t<\/a>\n\t\t\t\t<\/div>\n\t\t\t\t\t\t\t\t<\/div>\n\t\t\t\t<\/div>\n\t\t\t\t\t<\/div>\n\t\t<\/div>\n\t\t\t\t<div class=\"elementor-column elementor-col-33 elementor-top-column elementor-element elementor-element-ae63de6\" data-id=\"ae63de6\" data-element_type=\"column\" data-e-type=\"column\">\n\t\t\t<div class=\"elementor-widget-wrap elementor-element-populated\">\n\t\t\t\t\t\t<div class=\"elementor-element elementor-element-26d42e7 elementor-widget elementor-widget-image\" data-id=\"26d42e7\" data-element_type=\"widget\" data-e-type=\"widget\" data-widget_type=\"image.default\">\n\t\t\t\t<div class=\"elementor-widget-container\">\n\t\t\t\t\t\t\t\t\t\t\t\t\t\t\t\t<a href=\"https:\/\/www.portovenere.fr\/fr-fr\/carrelage-sol-et-mur-en-gres-cerame-et-faience\/carrelage-aspect-pierre\/carrelage-sol-aspect-travertin-astro\/\">\n\t\t\t\t\t\t\t<img decoding=\"async\" src=\"https:\/\/www.portovenere.fr\/fr-fr\/wp-content\/uploads\/elementor\/thumbs\/Carrelage-imitation-pierre-naturelle-effet-travertin-Astro-Light-Vein-Cut-60x120-proche-de-Mauguio-Herault-34-1-r8iem8yqsr6uomx5kacn918a1cg598zim6h83a06zo.jpg\" title=\"Carrelage imitation pierre naturelle effet travertin Astro Light Vein Cut 60&#215;120 proche de Mauguio H\u00e9rault 34\" alt=\"carrelage aspect travertin ASTRO\" loading=\"lazy\" \/>\t\t\t\t\t\t\t\t<\/a>\n\t\t\t\t\t\t\t\t\t\t\t\t\t\t\t<\/div>\n\t\t\t\t<\/div>\n\t\t\t\t<div class=\"elementor-element elementor-element-bcb7a46 elementor-widget elementor-widget-heading\" data-id=\"bcb7a46\" data-element_type=\"widget\" data-e-type=\"widget\" data-widget_type=\"heading.default\">\n\t\t\t\t<div class=\"elementor-widget-container\">\n\t\t\t\t\t<h3 class=\"elementor-heading-title elementor-size-default\"><a href=\"https:\/\/www.portovenere.fr\/fr-fr\/carrelage-sol-et-mur-en-gres-cerame-et-faience\/carrelage-aspect-pierre\/carrelage-sol-aspect-travertin-astro\/\">ASTRO | 6 coloris<\/a><\/h3>\t\t\t\t<\/div>\n\t\t\t\t<\/div>\n\t\t\t\t<div class=\"elementor-element elementor-element-1bff010 elementor-widget__width-initial elementor-widget elementor-widget-gallery\" data-id=\"1bff010\" data-element_type=\"widget\" data-e-type=\"widget\" data-settings=\"{&quot;gap&quot;:{&quot;unit&quot;:&quot;px&quot;,&quot;size&quot;:3,&quot;sizes&quot;:[]},&quot;columns_mobile&quot;:3,&quot;gap_mobile&quot;:{&quot;unit&quot;:&quot;px&quot;,&quot;size&quot;:6,&quot;sizes&quot;:[]},&quot;columns&quot;:5,&quot;columns_tablet&quot;:3,&quot;gap_tablet&quot;:{&quot;unit&quot;:&quot;px&quot;,&quot;size&quot;:5,&quot;sizes&quot;:[]},&quot;lazyload&quot;:&quot;yes&quot;,&quot;gallery_layout&quot;:&quot;grid&quot;,&quot;aspect_ratio&quot;:&quot;3:2&quot;,&quot;overlay_background&quot;:&quot;yes&quot;,&quot;content_hover_animation&quot;:&quot;fade-in&quot;}\" data-widget_type=\"gallery.default\">\n\t\t\t\t<div class=\"elementor-widget-container\">\n\t\t\t\t\t\t\t<div class=\"elementor-gallery__container\">\n\t\t\t\t\t\t\t<div class=\"e-gallery-item elementor-gallery-item elementor-animated-content\">\n\t\t\t\t\t<div class=\"e-gallery-image elementor-gallery-item__image\" data-thumbnail=\"https:\/\/www.portovenere.fr\/fr-fr\/wp-content\/uploads\/2023\/07\/ASTRUM-IVORY-CROSS-CUT-120x120-1-150x150.jpg\" data-width=\"150\" data-height=\"150\" aria-label=\"carrelage aspect travertin ASTRO\" role=\"img\" ><\/div>\n\t\t\t\t\t\t\t\t\t\t\t<div class=\"elementor-gallery-item__overlay\"><\/div>\n\t\t\t\t\t\t\t\t\t\t\t\t\t\t<\/div>\n\t\t\t\t\t\t\t<div class=\"e-gallery-item elementor-gallery-item elementor-animated-content\">\n\t\t\t\t\t<div class=\"e-gallery-image elementor-gallery-item__image\" data-thumbnail=\"https:\/\/www.portovenere.fr\/fr-fr\/wp-content\/uploads\/2023\/07\/ASTRUM-BEIGE-CROSS-CUT-120x120-1-150x150.jpg\" data-width=\"150\" data-height=\"150\" aria-label=\"carrelage aspect travertin ASTRO\" role=\"img\" ><\/div>\n\t\t\t\t\t\t\t\t\t\t\t<div class=\"elementor-gallery-item__overlay\"><\/div>\n\t\t\t\t\t\t\t\t\t\t\t\t\t\t<\/div>\n\t\t\t\t\t\t\t<div class=\"e-gallery-item elementor-gallery-item elementor-animated-content\">\n\t\t\t\t\t<div class=\"e-gallery-image elementor-gallery-item__image\" data-thumbnail=\"https:\/\/www.portovenere.fr\/fr-fr\/wp-content\/uploads\/2023\/02\/Carreau-White-Cross-Cut-imitation-travertin-150x150.jpg\" data-width=\"150\" data-height=\"150\" aria-label=\"carrelage aspect travertin ASTRO\" role=\"img\" ><\/div>\n\t\t\t\t\t\t\t\t\t\t\t<div class=\"elementor-gallery-item__overlay\"><\/div>\n\t\t\t\t\t\t\t\t\t\t\t\t\t\t<\/div>\n\t\t\t\t\t\t\t<div class=\"e-gallery-item elementor-gallery-item elementor-animated-content\">\n\t\t\t\t\t<div class=\"e-gallery-image elementor-gallery-item__image\" data-thumbnail=\"https:\/\/www.portovenere.fr\/fr-fr\/wp-content\/uploads\/2023\/02\/Carreau-Sand-Vein-Cut-imitation-travertin-150x150.jpg\" data-width=\"150\" data-height=\"150\" aria-label=\"carrelage aspect travertin ASTRO\" role=\"img\" ><\/div>\n\t\t\t\t\t\t\t\t\t\t\t<div class=\"elementor-gallery-item__overlay\"><\/div>\n\t\t\t\t\t\t\t\t\t\t\t\t\t\t<\/div>\n\t\t\t\t\t\t\t<div class=\"e-gallery-item elementor-gallery-item elementor-animated-content\">\n\t\t\t\t\t<div class=\"e-gallery-image elementor-gallery-item__image\" data-thumbnail=\"https:\/\/www.portovenere.fr\/fr-fr\/wp-content\/uploads\/2023\/02\/Carreau-Light-Vein-Cut-imitation-travertin-150x150.jpg\" data-width=\"150\" data-height=\"150\" aria-label=\"carrelage aspect travertin ASTRO\" role=\"img\" ><\/div>\n\t\t\t\t\t\t\t\t\t\t\t<div class=\"elementor-gallery-item__overlay\"><\/div>\n\t\t\t\t\t\t\t\t\t\t\t\t\t\t<\/div>\n\t\t\t\t\t\t\t<div class=\"e-gallery-item elementor-gallery-item elementor-animated-content\">\n\t\t\t\t\t<div class=\"e-gallery-image elementor-gallery-item__image\" data-thumbnail=\"https:\/\/www.portovenere.fr\/fr-fr\/wp-content\/uploads\/2023\/02\/Carreau-White-Vein-Cut-imitation-travertin-150x150.jpg\" data-width=\"150\" data-height=\"150\" aria-label=\"carrelage aspect travertin ASTRO\" role=\"img\" ><\/div>\n\t\t\t\t\t\t\t\t\t\t\t<div class=\"elementor-gallery-item__overlay\"><\/div>\n\t\t\t\t\t\t\t\t\t\t\t\t\t\t<\/div>\n\t\t\t\t\t<\/div>\n\t\t\t\t\t<\/div>\n\t\t\t\t<\/div>\n\t\t\t\t<div class=\"elementor-element elementor-element-f62432a elementor-widget elementor-widget-text-editor\" data-id=\"f62432a\" data-element_type=\"widget\" data-e-type=\"widget\" data-widget_type=\"text-editor.default\">\n\t\t\t\t<div class=\"elementor-widget-container\">\n\t\t\t\t\t\t\t\t\t<p>La collection de <strong>carrelage aspect travertin\u00a0<\/strong><b>ASTRO<\/b>\u00a0en\u00a0<b>gr\u00e8s c\u00e9rame<\/b> se d\u00e9cline en 6 Coloris :\u00a0<b>Beige Cross Cut, Ivory Cross Cut, White Cross Cut, Sand Vein Cut, Light Vein Cut\u00a0<\/b>et\u00a0<b>White Vein Cut.<\/b>\u00a0<\/p><p>En s\u2019inspirant des\u00a0<b>travertins naturels<\/b>\u00a0qui r\u00e9sistent dans le temps, cette s\u00e9lection a \u00e9t\u00e9 r\u00e9interpr\u00e9t\u00e9 dans un\u00a0<b>esprit contemporain<\/b>\u00a0et\u00a0<b>\u00e9pur\u00e9.<\/b>\u00a0<\/p><p>Propos\u00e9e en diff\u00e9rentes finitions (naturelle, antid\u00e9rapante et antid\u00e9rapante soft touch), il existe \u00e9galement plusieurs formats : 30\u00d760 cm, 60\u00d760 cm, 60\u00d7120 cm, 120\u00d7120 cm. et en format XXL 120x278cm.<\/p>\t\t\t\t\t\t\t\t<\/div>\n\t\t\t\t<\/div>\n\t\t\t\t<div class=\"elementor-element elementor-element-71b35d3 elementor-mobile-align-center elementor-align-left elementor-widget elementor-widget-button\" data-id=\"71b35d3\" data-element_type=\"widget\" data-e-type=\"widget\" data-widget_type=\"button.default\">\n\t\t\t\t<div class=\"elementor-widget-container\">\n\t\t\t\t\t\t\t\t\t<div class=\"elementor-button-wrapper\">\n\t\t\t\t\t<a class=\"elementor-button elementor-button-link elementor-size-sm\" href=\"https:\/\/www.portovenere.fr\/fr-fr\/carrelage-sol-et-mur-en-gres-cerame-et-faience\/carrelage-aspect-pierre\/carrelage-sol-aspect-travertin-astro\/\">\n\t\t\t\t\t\t<span class=\"elementor-button-content-wrapper\">\n\t\t\t\t\t\t\t\t\t<span class=\"elementor-button-text\">Voir la collection<\/span>\n\t\t\t\t\t<\/span>\n\t\t\t\t\t<\/a>\n\t\t\t\t<\/div>\n\t\t\t\t\t\t\t\t<\/div>\n\t\t\t\t<\/div>\n\t\t\t\t\t<\/div>\n\t\t<\/div>\n\t\t\t\t\t<\/div>\n\t\t<\/section>\n\t\t\t\t<section class=\"elementor-section elementor-top-section elementor-element elementor-element-2776a978 elementor-section-full_width elementor-section-height-default elementor-section-height-default elementor-invisible\" data-id=\"2776a978\" data-element_type=\"section\" data-e-type=\"section\" data-settings=\"{&quot;animation&quot;:&quot;fadeIn&quot;}\">\n\t\t\t\t\t\t<div class=\"elementor-container elementor-column-gap-default\">\n\t\t\t\t\t<div class=\"elementor-column elementor-col-33 elementor-top-column elementor-element elementor-element-6efbdd0\" data-id=\"6efbdd0\" data-element_type=\"column\" data-e-type=\"column\" data-settings=\"{&quot;background_background&quot;:&quot;classic&quot;}\">\n\t\t\t<div class=\"elementor-widget-wrap elementor-element-populated\">\n\t\t\t\t\t\t<div class=\"elementor-element elementor-element-472cd16 elementor-widget elementor-widget-image\" data-id=\"472cd16\" data-element_type=\"widget\" data-e-type=\"widget\" data-widget_type=\"image.default\">\n\t\t\t\t<div class=\"elementor-widget-container\">\n\t\t\t\t\t\t\t\t\t\t\t\t\t\t\t\t<a href=\"https:\/\/www.portovenere.fr\/fr-fr\/carrelage-sol-et-mur-en-gres-cerame-et-faience\/carrelage-aspect-marbre\/carrelage-effet-marbre-grand-format-sublimis-revolution\/\">\n\t\t\t\t\t\t\t<img decoding=\"async\" width=\"800\" height=\"569\" src=\"https:\/\/www.portovenere.fr\/fr-fr\/wp-content\/uploads\/2025\/09\/Carrelage-effet-marbre-noir-haut-de-gamme-SUBLIMIS-REVOLUTION-Calacatta-Black-brillant-ou-naturel-sols-et-murs-Magasin-Porto-Venere-proche-Agde-34-1024x728.jpg\" class=\"attachment-large size-large wp-image-65259\" alt=\"Carrelage sol et mur haut de gamme effet marbre noir calacatta black collection SUBLIMIS REVOLUTION au magasin PORTO VENERE MONTPELLIER dans l&#039;H\u00e9rault 34\" srcset=\"https:\/\/www.portovenere.fr\/fr-fr\/wp-content\/uploads\/2025\/09\/Carrelage-effet-marbre-noir-haut-de-gamme-SUBLIMIS-REVOLUTION-Calacatta-Black-brillant-ou-naturel-sols-et-murs-Magasin-Porto-Venere-proche-Agde-34-1024x728.jpg 1024w, https:\/\/www.portovenere.fr\/fr-fr\/wp-content\/uploads\/2025\/09\/Carrelage-effet-marbre-noir-haut-de-gamme-SUBLIMIS-REVOLUTION-Calacatta-Black-brillant-ou-naturel-sols-et-murs-Magasin-Porto-Venere-proche-Agde-34-300x213.jpg 300w, https:\/\/www.portovenere.fr\/fr-fr\/wp-content\/uploads\/2025\/09\/Carrelage-effet-marbre-noir-haut-de-gamme-SUBLIMIS-REVOLUTION-Calacatta-Black-brillant-ou-naturel-sols-et-murs-Magasin-Porto-Venere-proche-Agde-34-768x546.jpg 768w, https:\/\/www.portovenere.fr\/fr-fr\/wp-content\/uploads\/2025\/09\/Carrelage-effet-marbre-noir-haut-de-gamme-SUBLIMIS-REVOLUTION-Calacatta-Black-brillant-ou-naturel-sols-et-murs-Magasin-Porto-Venere-proche-Agde-34.jpg 1125w\" sizes=\"(max-width: 800px) 100vw, 800px\" \/>\t\t\t\t\t\t\t\t<\/a>\n\t\t\t\t\t\t\t\t\t\t\t\t\t\t\t<\/div>\n\t\t\t\t<\/div>\n\t\t\t\t<div class=\"elementor-element elementor-element-d5cf8bf elementor-widget elementor-widget-heading\" data-id=\"d5cf8bf\" data-element_type=\"widget\" data-e-type=\"widget\" data-widget_type=\"heading.default\">\n\t\t\t\t<div class=\"elementor-widget-container\">\n\t\t\t\t\t<h3 class=\"elementor-heading-title elementor-size-default\"><a href=\"https:\/\/www.portovenere.fr\/fr-fr\/carrelage-sol-et-mur-en-gres-cerame-et-faience\/carrelage-aspect-marbre\/carrelage-effet-marbre-grand-format-sublimis-revolution\/\">SUBLIMIS REVOLUTION | 4 coloris<\/a><\/h3>\t\t\t\t<\/div>\n\t\t\t\t<\/div>\n\t\t\t\t<div class=\"elementor-element elementor-element-661907e elementor-widget__width-initial elementor-widget elementor-widget-gallery\" data-id=\"661907e\" data-element_type=\"widget\" data-e-type=\"widget\" data-settings=\"{&quot;gap&quot;:{&quot;unit&quot;:&quot;px&quot;,&quot;size&quot;:3,&quot;sizes&quot;:[]},&quot;columns_mobile&quot;:3,&quot;gap_mobile&quot;:{&quot;unit&quot;:&quot;px&quot;,&quot;size&quot;:6,&quot;sizes&quot;:[]},&quot;columns&quot;:5,&quot;columns_tablet&quot;:3,&quot;gap_tablet&quot;:{&quot;unit&quot;:&quot;px&quot;,&quot;size&quot;:5,&quot;sizes&quot;:[]},&quot;lazyload&quot;:&quot;yes&quot;,&quot;gallery_layout&quot;:&quot;grid&quot;,&quot;aspect_ratio&quot;:&quot;3:2&quot;,&quot;overlay_background&quot;:&quot;yes&quot;,&quot;content_hover_animation&quot;:&quot;fade-in&quot;}\" data-widget_type=\"gallery.default\">\n\t\t\t\t<div class=\"elementor-widget-container\">\n\t\t\t\t\t\t\t<div class=\"elementor-gallery__container\">\n\t\t\t\t\t\t\t<div class=\"e-gallery-item elementor-gallery-item elementor-animated-content\">\n\t\t\t\t\t<div class=\"e-gallery-image elementor-gallery-item__image\" data-thumbnail=\"https:\/\/www.portovenere.fr\/fr-fr\/wp-content\/uploads\/2025\/09\/Carrelage-effet-marbre-noir-haut-de-gamme-SUBLIMIS-REVOLUTION-Calacatta-Black-brillant-ou-naturel-sols-et-murs-Magasin-Porto-Venere-proche-Clapiers-34-150x150.jpg\" data-width=\"150\" data-height=\"150\" aria-label=\"Carrelage haut de gamme effet marbre noir calacatta black collection SUBLIMIS REVOLUTION au magasin PORTO VENERE MONTPELLIER dans l&#039;H\u00e9rault 34\" role=\"img\" ><\/div>\n\t\t\t\t\t\t\t\t\t\t\t<div class=\"elementor-gallery-item__overlay\"><\/div>\n\t\t\t\t\t\t\t\t\t\t\t\t\t\t<\/div>\n\t\t\t\t\t\t\t<div class=\"e-gallery-item elementor-gallery-item elementor-animated-content\">\n\t\t\t\t\t<div class=\"e-gallery-image elementor-gallery-item__image\" data-thumbnail=\"https:\/\/www.portovenere.fr\/fr-fr\/wp-content\/uploads\/2025\/09\/Carrelage-effet-marbre-haut-de-gamme-SUBLIMIS-REVOLUTION-Blu-Ande-brillant-ou-naturel-sols-et-murs-Magasin-Porto-Venere-proche-Palavas-34-150x150.jpg\" data-width=\"150\" data-height=\"150\" aria-label=\"Carrelage haut de gamme effet marbre Blu Ande collection SUBLIMIS REVOLUTION au magasin PORTO VENERE MONTPELLIER dans l&#039;H\u00e9rault 34\" role=\"img\" ><\/div>\n\t\t\t\t\t\t\t\t\t\t\t<div class=\"elementor-gallery-item__overlay\"><\/div>\n\t\t\t\t\t\t\t\t\t\t\t\t\t\t<\/div>\n\t\t\t\t\t\t\t<div class=\"e-gallery-item elementor-gallery-item elementor-animated-content\">\n\t\t\t\t\t<div class=\"e-gallery-image elementor-gallery-item__image\" data-thumbnail=\"https:\/\/www.portovenere.fr\/fr-fr\/wp-content\/uploads\/2025\/09\/Carrelage-effet-marbre-vert-haut-de-gamme-SUBLIMIS-REVOLUTION-Verde-Saint-Denis-brillant-ou-naturel-sols-et-murs-Magasin-Porto-Venere-proche-Sete-34-150x150.jpg\" data-width=\"150\" data-height=\"150\" aria-label=\"Carrelage haut de gamme effet marbre vert Saint Denis collection SUBLIMIS REVOLUTION au magasin PORTO VENERE MONTPELLIER dans l&#039;H\u00e9rault 34\" role=\"img\" ><\/div>\n\t\t\t\t\t\t\t\t\t\t\t<div class=\"elementor-gallery-item__overlay\"><\/div>\n\t\t\t\t\t\t\t\t\t\t\t\t\t\t<\/div>\n\t\t\t\t\t\t\t<div class=\"e-gallery-item elementor-gallery-item elementor-animated-content\">\n\t\t\t\t\t<div class=\"e-gallery-image elementor-gallery-item__image\" data-thumbnail=\"https:\/\/www.portovenere.fr\/fr-fr\/wp-content\/uploads\/2025\/09\/Carrelage-effet-marbre-blanc-crystal-haut-de-gamme-SUBLIMIS-REVOLUTION-Thassos-brillant-ou-naturel-sols-et-murs-Magasin-Porto-Venere-proche-Perols-34-150x150.jpg\" data-width=\"150\" data-height=\"150\" aria-label=\"Carrelage haut de gamme effet marbre blanc cristal Thassos collection SUBLIMIS REVOLUTION au magasin PORTO VENERE MONTPELLIER dans l&#039;H\u00e9rault 34\" role=\"img\" ><\/div>\n\t\t\t\t\t\t\t\t\t\t\t<div class=\"elementor-gallery-item__overlay\"><\/div>\n\t\t\t\t\t\t\t\t\t\t\t\t\t\t<\/div>\n\t\t\t\t\t\t\t<div class=\"e-gallery-item elementor-gallery-item elementor-animated-content\">\n\t\t\t\t\t<div class=\"e-gallery-image elementor-gallery-item__image\" data-thumbnail=\"https:\/\/www.portovenere.fr\/fr-fr\/wp-content\/uploads\/2025\/09\/Mosaique-carrelage-effet-marbre-vert-haut-de-gamme-SUBLIMIS-Verde-sol-et-mur-30x30-cm-magasin-Porto-Venere-proche-Saint-Gely-du-Fesc-34-150x150.jpg\" data-width=\"150\" data-height=\"150\" aria-label=\"Carrelage mosa\u00efque haut de gamme effet marbre vert Saint Denis collection SUBLIMIS REVOLUTION au magasin PORTO VENERE MONTPELLIER dans l&#039;H\u00e9rault 34\" role=\"img\" ><\/div>\n\t\t\t\t\t\t\t\t\t\t\t<div class=\"elementor-gallery-item__overlay\"><\/div>\n\t\t\t\t\t\t\t\t\t\t\t\t\t\t<\/div>\n\t\t\t\t\t\t\t<div class=\"e-gallery-item elementor-gallery-item elementor-animated-content\">\n\t\t\t\t\t<div class=\"e-gallery-image elementor-gallery-item__image\" data-thumbnail=\"https:\/\/www.portovenere.fr\/fr-fr\/wp-content\/uploads\/2025\/09\/Mosaique-carrelage-effet-marbre-noir-haut-de-gamme-SUBLIMIS-Calacatta-Black-sol-et-mur-30x30-cm-magasin-Porto-Venere-proche-Lyon-69-150x150.jpg\" data-width=\"150\" data-height=\"150\" aria-label=\"Carrelage mosa\u00efque haut de gamme effet marbre noir calacatta black collection SUBLIMIS REVOLUTION au magasin PORTO VENERE MONTPELLIER dans l&#039;H\u00e9rault 34\" role=\"img\" ><\/div>\n\t\t\t\t\t\t\t\t\t\t\t<div class=\"elementor-gallery-item__overlay\"><\/div>\n\t\t\t\t\t\t\t\t\t\t\t\t\t\t<\/div>\n\t\t\t\t\t\t\t<div class=\"e-gallery-item elementor-gallery-item elementor-animated-content\">\n\t\t\t\t\t<div class=\"e-gallery-image elementor-gallery-item__image\" data-thumbnail=\"https:\/\/www.portovenere.fr\/fr-fr\/wp-content\/uploads\/2025\/09\/Mosaique-carrelage-effet-marbre-haut-de-gamme-SUBLIMIS-Blu-Ande-sol-et-mur-30x30-cm-magasin-Porto-Venere-proche-Agde-34-150x150.jpg\" data-width=\"150\" data-height=\"150\" aria-label=\"Carrelage mosa\u00efque haut de gamme effet marbre Blu Ande collection SUBLIMIS REVOLUTION au magasin PORTO VENERE MONTPELLIER dans l&#039;H\u00e9rault 34\" role=\"img\" ><\/div>\n\t\t\t\t\t\t\t\t\t\t\t<div class=\"elementor-gallery-item__overlay\"><\/div>\n\t\t\t\t\t\t\t\t\t\t\t\t\t\t<\/div>\n\t\t\t\t\t\t\t<div class=\"e-gallery-item elementor-gallery-item elementor-animated-content\">\n\t\t\t\t\t<div class=\"e-gallery-image elementor-gallery-item__image\" data-thumbnail=\"https:\/\/www.portovenere.fr\/fr-fr\/wp-content\/uploads\/2025\/09\/Mosaique-carrelage-effet-marbre-blanc-haut-de-gamme-SUBLIMIS-Thassos-sol-et-mur-30x30-magasin-Porto-Venere-proche-Saint-Clement-de-Riviere-34-150x150.jpg\" data-width=\"150\" data-height=\"150\" aria-label=\"Carrelage mosa\u00efque haut de gamme effet marbre blanc cristal Thassos collection SUBLIMIS REVOLUTION au magasin PORTO VENERE MONTPELLIER dans l&#039;H\u00e9rault 34\" role=\"img\" ><\/div>\n\t\t\t\t\t\t\t\t\t\t\t<div class=\"elementor-gallery-item__overlay\"><\/div>\n\t\t\t\t\t\t\t\t\t\t\t\t\t\t<\/div>\n\t\t\t\t\t\t\t<div class=\"e-gallery-item elementor-gallery-item elementor-animated-content\">\n\t\t\t\t\t<div class=\"e-gallery-image elementor-gallery-item__image\" data-thumbnail=\"https:\/\/www.portovenere.fr\/fr-fr\/wp-content\/uploads\/2025\/09\/Mosaique-tressee-carrelage-effet-marbre-vert-haut-de-gamme-SUBLIMIS-Verde-sol-et-mur-30x30-cm-magasin-Porto-Venere-a-Montpellier-34-150x150.jpg\" data-width=\"150\" data-height=\"150\" aria-label=\"Carrelage mosa\u00efque haut de gamme effet marbre vert Saint Denis collection SUBLIMIS REVOLUTION au magasin PORTO VENERE MONTPELLIER dans l&#039;H\u00e9rault 34\" role=\"img\" ><\/div>\n\t\t\t\t\t\t\t\t\t\t\t<div class=\"elementor-gallery-item__overlay\"><\/div>\n\t\t\t\t\t\t\t\t\t\t\t\t\t\t<\/div>\n\t\t\t\t\t\t\t<div class=\"e-gallery-item elementor-gallery-item elementor-animated-content\">\n\t\t\t\t\t<div class=\"e-gallery-image elementor-gallery-item__image\" data-thumbnail=\"https:\/\/www.portovenere.fr\/fr-fr\/wp-content\/uploads\/2025\/09\/Mosaique-tressee-carrelage-effet-marbre-noir-haut-de-gamme-SUBLIMIS-Calacatta-Black-sol-et-mur-30x30-cm-magasin-Porto-Venere-proche-Paris-75-150x150.jpg\" data-width=\"150\" data-height=\"150\" aria-label=\"Carrelage mosa\u00efque haut de gamme effet marbre noir calacatta black collection SUBLIMIS REVOLUTION au magasin PORTO VENERE MONTPELLIER dans l&#039;H\u00e9rault 34\" role=\"img\" ><\/div>\n\t\t\t\t\t\t\t\t\t\t\t<div class=\"elementor-gallery-item__overlay\"><\/div>\n\t\t\t\t\t\t\t\t\t\t\t\t\t\t<\/div>\n\t\t\t\t\t\t\t<div class=\"e-gallery-item elementor-gallery-item elementor-animated-content\">\n\t\t\t\t\t<div class=\"e-gallery-image elementor-gallery-item__image\" data-thumbnail=\"https:\/\/www.portovenere.fr\/fr-fr\/wp-content\/uploads\/2025\/09\/Mosaique-tressee-carrelage-effet-marbre-haut-de-gamme-SUBLIMIS-Blu-Ande-sol-et-mur-30x30-cm-magasin-Porto-Venere-proche-Nice-06-150x150.jpg\" data-width=\"150\" data-height=\"150\" aria-label=\"Carrelage mosa\u00efque haut de gamme effet marbre Blu Ande collection SUBLIMIS REVOLUTION au magasin PORTO VENERE MONTPELLIER dans l&#039;H\u00e9rault 34\" role=\"img\" ><\/div>\n\t\t\t\t\t\t\t\t\t\t\t<div class=\"elementor-gallery-item__overlay\"><\/div>\n\t\t\t\t\t\t\t\t\t\t\t\t\t\t<\/div>\n\t\t\t\t\t\t\t<div class=\"e-gallery-item elementor-gallery-item elementor-animated-content\">\n\t\t\t\t\t<div class=\"e-gallery-image elementor-gallery-item__image\" data-thumbnail=\"https:\/\/www.portovenere.fr\/fr-fr\/wp-content\/uploads\/2025\/09\/Mosaique-tressee-carrelage-effet-marbre-blanc-haut-de-gamme-SUBLIMIS-Thassos-sol-et-mur-30x30-cm-magasin-Porto-Venere-proche-Nice-06-150x150.jpg\" data-width=\"150\" data-height=\"150\" aria-label=\"Carrelage mosa\u00efque haut de gamme effet marbre blanc cristal Thassos collection SUBLIMIS REVOLUTION au magasin PORTO VENERE MONTPELLIER dans l&#039;H\u00e9rault 34\" role=\"img\" ><\/div>\n\t\t\t\t\t\t\t\t\t\t\t<div class=\"elementor-gallery-item__overlay\"><\/div>\n\t\t\t\t\t\t\t\t\t\t\t\t\t\t<\/div>\n\t\t\t\t\t\t\t<div class=\"e-gallery-item elementor-gallery-item elementor-animated-content\">\n\t\t\t\t\t<div class=\"e-gallery-image elementor-gallery-item__image\" data-thumbnail=\"https:\/\/www.portovenere.fr\/fr-fr\/wp-content\/uploads\/2025\/09\/Carrelage-effet-marbre-vert-60x120-cm-decor-Acanto-mosaiques-SUBLIMIS-REVOLUTION-Verde-brillant-Magasin-Porto-Venere-proche-Lattes-34-150x150.jpg\" data-width=\"150\" data-height=\"150\" aria-label=\"Carrelage haut de gamme effet marbre vert d\u00e9cor Verde Saint Denis Acanto collection SUBLIMIS REVOLUTION au magasin PORTO VENERE MONTPELLIER dans l&#039;H\u00e9rault 34\" role=\"img\" ><\/div>\n\t\t\t\t\t\t\t\t\t\t\t<div class=\"elementor-gallery-item__overlay\"><\/div>\n\t\t\t\t\t\t\t\t\t\t\t\t\t\t<\/div>\n\t\t\t\t\t\t\t<div class=\"e-gallery-item elementor-gallery-item elementor-animated-content\">\n\t\t\t\t\t<div class=\"e-gallery-image elementor-gallery-item__image\" data-thumbnail=\"https:\/\/www.portovenere.fr\/fr-fr\/wp-content\/uploads\/2025\/09\/Carrelage-effet-marbre-60x120-cm-decor-Acanto-mosaiques-SUBLIMIS-REVOLUTION-Blu-Ande-brillant-Magasin-Porto-Venere-proche-Sete-34-150x150.jpg\" data-width=\"150\" data-height=\"150\" aria-label=\"Carrelage haut de gamme effet marbre d\u00e9cor Blu Ande Acanto collection SUBLIMIS REVOLUTION au magasin PORTO VENERE MONTPELLIER dans l&#039;H\u00e9rault 34\" role=\"img\" ><\/div>\n\t\t\t\t\t\t\t\t\t\t\t<div class=\"elementor-gallery-item__overlay\"><\/div>\n\t\t\t\t\t\t\t\t\t\t\t\t\t\t<\/div>\n\t\t\t\t\t\t\t<div class=\"e-gallery-item elementor-gallery-item elementor-animated-content\">\n\t\t\t\t\t<div class=\"e-gallery-image elementor-gallery-item__image\" data-thumbnail=\"https:\/\/www.portovenere.fr\/fr-fr\/wp-content\/uploads\/2025\/09\/Carrelage-effet-marbre-blanc-60x120-cm-decor-Acanto-mosaiques-SUBLIMIS-REVOLUTION-Thassos-brillant-Magasin-Porto-Venere-proche-Mauguio-34-150x150.jpg\" data-width=\"150\" data-height=\"150\" aria-label=\"Carrelage haut de gamme effet marbre blanc d\u00e9cor Thassos Acanto collection SUBLIMIS REVOLUTION au magasin PORTO VENERE MONTPELLIER dans l&#039;H\u00e9rault 34\" role=\"img\" ><\/div>\n\t\t\t\t\t\t\t\t\t\t\t<div class=\"elementor-gallery-item__overlay\"><\/div>\n\t\t\t\t\t\t\t\t\t\t\t\t\t\t<\/div>\n\t\t\t\t\t\t\t<div class=\"e-gallery-item elementor-gallery-item elementor-animated-content\">\n\t\t\t\t\t<div class=\"e-gallery-image elementor-gallery-item__image\" data-thumbnail=\"https:\/\/www.portovenere.fr\/fr-fr\/wp-content\/uploads\/2025\/09\/Carrelage-effet-marbre-noir-60x120-cm-decor-Acanto-mosaiques-SUBLIMIS-REVOLUTION-Calacatta-Black-brillant-Magasin-Porto-Venere-proche-Jacou-34-150x150.jpg\" data-width=\"150\" data-height=\"150\" aria-label=\"Carrelage haut de gamme effet marbre noir d\u00e9cor Calacatta Black Acanto collection SUBLIMIS REVOLUTION au magasin PORTO VENERE MONTPELLIER dans l&#039;H\u00e9rault 34\" role=\"img\" ><\/div>\n\t\t\t\t\t\t\t\t\t\t\t<div class=\"elementor-gallery-item__overlay\"><\/div>\n\t\t\t\t\t\t\t\t\t\t\t\t\t\t<\/div>\n\t\t\t\t\t<\/div>\n\t\t\t\t\t<\/div>\n\t\t\t\t<\/div>\n\t\t\t\t<div class=\"elementor-element elementor-element-f6e94a8 elementor-widget elementor-widget-text-editor\" data-id=\"f6e94a8\" data-element_type=\"widget\" data-e-type=\"widget\" data-widget_type=\"text-editor.default\">\n\t\t\t\t<div class=\"elementor-widget-container\">\n\t\t\t\t\t\t\t\t\t<p data-start=\"143\" data-end=\"414\">La collection <strong data-start=\"181\" data-end=\"204\">SUBLIMIS REVOLUTION<\/strong> r\u00e9invente l\u2019\u00e9l\u00e9gance du marbre gr\u00e2ce \u00e0 la performance du gr\u00e8s c\u00e9rame haut de gamme. Con\u00e7ue pour sols et murs, elle r\u00e9pond aux projets r\u00e9sidentiels o\u00f9 l&rsquo;\u00e9l\u00e9gance s&rsquo;impose.\u00a0<\/p><p data-start=\"416\" data-end=\"683\">D\u00e9clin\u00e9e en quatre coloris prestigieux \u2013 <strong data-start=\"457\" data-end=\"516\">Thassos, Calacatta Black, Verde Saint Denis et Blu Ande<\/strong> \u2013 elle s\u2019inspire des plus beaux marbres naturels et se compl\u00e8te de mosa\u00efques 3\u00d73 et 5\u00d75, du d\u00e9cor <strong data-start=\"615\" data-end=\"625\">Acanto<\/strong> et du motif <strong data-start=\"638\" data-end=\"650\">Intrecci<\/strong> pour des compositions uniques.<\/p><p data-start=\"685\" data-end=\"903\">La gamme propose de nombreux formats, du 30\u00d760 cm au <strong data-start=\"738\" data-end=\"756\">XXL 120\u00d7278 cm (fine \u00e9paisseur 6,5mm)<\/strong>, permettant une libert\u00e9 de conception optimale. Chaque format b\u00e9n\u00e9ficie d\u2019une \u00e9paisseur adapt\u00e9e, assurant robustesse au sol et finesse en mural.<\/p><p data-start=\"905\" data-end=\"1159\">Disponible en finitions <strong data-start=\"929\" data-end=\"955\">Full Lappato brillante<\/strong> et <strong data-start=\"959\" data-end=\"979\">Naturale R9 mate<\/strong>, avec un fort indice de variation chromatique (V3), SUBLIMIS REVOLUTION offre un rendu naturel et dynamique, id\u00e9al pour cr\u00e9er des espaces contemporains, \u00e9l\u00e9gants et intemporels.<\/p>\t\t\t\t\t\t\t\t<\/div>\n\t\t\t\t<\/div>\n\t\t\t\t<div class=\"elementor-element elementor-element-c1b6eea elementor-mobile-align-center elementor-align-left elementor-widget elementor-widget-button\" data-id=\"c1b6eea\" data-element_type=\"widget\" data-e-type=\"widget\" data-widget_type=\"button.default\">\n\t\t\t\t<div class=\"elementor-widget-container\">\n\t\t\t\t\t\t\t\t\t<div class=\"elementor-button-wrapper\">\n\t\t\t\t\t<a class=\"elementor-button elementor-button-link elementor-size-sm\" href=\"https:\/\/www.portovenere.fr\/fr-fr\/carrelage-sol-et-mur-en-gres-cerame-et-faience\/carrelage-aspect-marbre\/carrelage-effet-marbre-grand-format-sublimis-revolution\/\">\n\t\t\t\t\t\t<span class=\"elementor-button-content-wrapper\">\n\t\t\t\t\t\t\t\t\t<span class=\"elementor-button-text\">Voir la collection<\/span>\n\t\t\t\t\t<\/span>\n\t\t\t\t\t<\/a>\n\t\t\t\t<\/div>\n\t\t\t\t\t\t\t\t<\/div>\n\t\t\t\t<\/div>\n\t\t\t\t\t<\/div>\n\t\t<\/div>\n\t\t\t\t<div class=\"elementor-column elementor-col-33 elementor-top-column elementor-element elementor-element-9008f3d elementor-invisible\" data-id=\"9008f3d\" data-element_type=\"column\" data-e-type=\"column\" data-settings=\"{&quot;animation&quot;:&quot;fadeIn&quot;,&quot;background_background&quot;:&quot;classic&quot;}\">\n\t\t\t<div class=\"elementor-widget-wrap elementor-element-populated\">\n\t\t\t\t\t\t<div class=\"elementor-element elementor-element-850f87f elementor-widget elementor-widget-image\" data-id=\"850f87f\" data-element_type=\"widget\" data-e-type=\"widget\" data-widget_type=\"image.default\">\n\t\t\t\t<div class=\"elementor-widget-container\">\n\t\t\t\t\t\t\t\t\t\t\t\t\t\t\t\t<a href=\"https:\/\/www.portovenere.fr\/fr-fr\/carrelage-sol-et-mur-en-gres-cerame-et-faience\/carrelage-imitation-parquet-aspect-bois\/carrelage-imitation-parquet-chene-liberta\/\">\n\t\t\t\t\t\t\t<img decoding=\"async\" src=\"https:\/\/www.portovenere.fr\/fr-fr\/wp-content\/uploads\/elementor\/thumbs\/Carrelage-salon-imitation-parquet-chene-Liberta-imbrunito-sol-et-mur-proche-de-juvignac-34-r8if0tgjkd3d0dqiprhzky4ndq2ynyfqzr0gxhbxy8.jpg\" title=\"Carrelage-salon-imitation-parquet-ch\u00eane-Liberta-imbrunito-sol-et-mur-proche-de-juvignac-34\" alt=\"Carrelage-salon-imitation-parquet-ch\u00eane-Liberta-imbrunito-sol-et-mur-proche-de-juvignac-34\" loading=\"lazy\" \/>\t\t\t\t\t\t\t\t<\/a>\n\t\t\t\t\t\t\t\t\t\t\t\t\t\t\t<\/div>\n\t\t\t\t<\/div>\n\t\t\t\t<section class=\"elementor-section elementor-inner-section elementor-element elementor-element-2498246 elementor-section-boxed elementor-section-height-default elementor-section-height-default elementor-invisible\" data-id=\"2498246\" data-element_type=\"section\" data-e-type=\"section\" data-settings=\"{&quot;background_background&quot;:&quot;classic&quot;,&quot;animation&quot;:&quot;fadeIn&quot;}\">\n\t\t\t\t\t\t<div class=\"elementor-container elementor-column-gap-default\">\n\t\t\t\t\t<div class=\"elementor-column elementor-col-100 elementor-inner-column elementor-element elementor-element-760315a\" data-id=\"760315a\" data-element_type=\"column\" data-e-type=\"column\">\n\t\t\t<div class=\"elementor-widget-wrap elementor-element-populated\">\n\t\t\t\t\t\t<div class=\"elementor-element elementor-element-ca63a13 elementor-widget elementor-widget-heading\" data-id=\"ca63a13\" data-element_type=\"widget\" data-e-type=\"widget\" data-widget_type=\"heading.default\">\n\t\t\t\t<div class=\"elementor-widget-container\">\n\t\t\t\t\t<h3 class=\"elementor-heading-title elementor-size-default\"><a href=\"https:\/\/www.portovenere.fr\/fr-fr\/carrelage-sol-et-mur-en-gres-cerame-et-faience\/carrelage-imitation-parquet-aspect-bois\/carrelage-imitation-parquet-chene-liberta\/\">LIBERTA 6,5 mm | 3 coloris<\/a><\/h3>\t\t\t\t<\/div>\n\t\t\t\t<\/div>\n\t\t\t\t<div class=\"elementor-element elementor-element-c81da6e elementor-widget__width-initial elementor-widget elementor-widget-gallery\" data-id=\"c81da6e\" data-element_type=\"widget\" data-e-type=\"widget\" data-settings=\"{&quot;gap&quot;:{&quot;unit&quot;:&quot;px&quot;,&quot;size&quot;:3,&quot;sizes&quot;:[]},&quot;columns_mobile&quot;:3,&quot;gap_mobile&quot;:{&quot;unit&quot;:&quot;px&quot;,&quot;size&quot;:6,&quot;sizes&quot;:[]},&quot;columns&quot;:5,&quot;columns_tablet&quot;:3,&quot;gap_tablet&quot;:{&quot;unit&quot;:&quot;px&quot;,&quot;size&quot;:5,&quot;sizes&quot;:[]},&quot;lazyload&quot;:&quot;yes&quot;,&quot;gallery_layout&quot;:&quot;grid&quot;,&quot;aspect_ratio&quot;:&quot;3:2&quot;,&quot;overlay_background&quot;:&quot;yes&quot;,&quot;content_hover_animation&quot;:&quot;fade-in&quot;}\" data-widget_type=\"gallery.default\">\n\t\t\t\t<div class=\"elementor-widget-container\">\n\t\t\t\t\t\t\t<div class=\"elementor-gallery__container\">\n\t\t\t\t\t\t\t<div class=\"e-gallery-item elementor-gallery-item elementor-animated-content\">\n\t\t\t\t\t<div class=\"e-gallery-image elementor-gallery-item__image\" data-thumbnail=\"https:\/\/www.portovenere.fr\/fr-fr\/wp-content\/uploads\/2024\/03\/Carrelage-imitation-parquet-chene-clair-Liberta-rovere-pallido-proche-de-castelnau-le-lez-34-150x150.jpg\" data-width=\"150\" data-height=\"150\" aria-label=\"\" role=\"img\" ><\/div>\n\t\t\t\t\t\t\t\t\t\t\t<div class=\"elementor-gallery-item__overlay\"><\/div>\n\t\t\t\t\t\t\t\t\t\t\t\t\t\t<\/div>\n\t\t\t\t\t\t\t<div class=\"e-gallery-item elementor-gallery-item elementor-animated-content\">\n\t\t\t\t\t<div class=\"e-gallery-image elementor-gallery-item__image\" data-thumbnail=\"https:\/\/www.portovenere.fr\/fr-fr\/wp-content\/uploads\/2024\/03\/Carrelage-imitation-parquet-chene-naturel-Liberta-rovere-dorato-proche-de-agde-34-150x150.jpg\" data-width=\"150\" data-height=\"150\" aria-label=\"\" role=\"img\" ><\/div>\n\t\t\t\t\t\t\t\t\t\t\t<div class=\"elementor-gallery-item__overlay\"><\/div>\n\t\t\t\t\t\t\t\t\t\t\t\t\t\t<\/div>\n\t\t\t\t\t\t\t<div class=\"e-gallery-item elementor-gallery-item elementor-animated-content\">\n\t\t\t\t\t<div class=\"e-gallery-image elementor-gallery-item__image\" data-thumbnail=\"https:\/\/www.portovenere.fr\/fr-fr\/wp-content\/uploads\/2024\/03\/Carrelage-imitation-parquet-chene-naturel-brun-Liberta-rovere-imbrunito-proche-de-lattes-34-150x150.jpg\" data-width=\"150\" data-height=\"150\" aria-label=\"\" role=\"img\" ><\/div>\n\t\t\t\t\t\t\t\t\t\t\t<div class=\"elementor-gallery-item__overlay\"><\/div>\n\t\t\t\t\t\t\t\t\t\t\t\t\t\t<\/div>\n\t\t\t\t\t<\/div>\n\t\t\t\t\t<\/div>\n\t\t\t\t<\/div>\n\t\t\t\t<div class=\"elementor-element elementor-element-6b99f2d elementor-widget elementor-widget-text-editor\" data-id=\"6b99f2d\" data-element_type=\"widget\" data-e-type=\"widget\" data-widget_type=\"text-editor.default\">\n\t\t\t\t<div class=\"elementor-widget-container\">\n\t\t\t\t\t\t\t\t\t<p>La collection de\u00a0<b>carrelage imitation parquet<\/b>\u00a0Liberta offre un rendu<b>\u00a0visuel exceptionnel<\/b>\u00a0une fois pos\u00e9 sur vos\u00a0<b>murs et sols<\/b>. Cette collection de carrelage gr\u00e8s c\u00e9rame de\u00a0<b>grande qualit\u00e9<\/b>\u00a0se d\u00e9cline dans\u00a0<b>3 teintes de bois de ch\u00eane<\/b>\u00a0: Rovere Pallido (ch\u00eane clair), Rovere Dorato (ch\u00eane naturel) et Rovere Imbrunito (ch\u00eane brun).\u00a0<\/p><p>L\u2019effet parquet Liberta propose diff\u00e9rents formats dans 3 \u00e9paisseurs\/finitions :\u00a0<\/p><p>E<b>paisseur 6,5mm<\/b> : Maxi<b>\u00a0format XXL<\/b>\u00a0<b>24\u00d7278 cm<\/b>\u00a0Naturel. Ces lames effet parquet au format g\u00e9n\u00e9reux apportent un rendu \u00e9l\u00e9gant \u00e0 vos int\u00e9rieurs.<\/p><p>Epaisseur 9mm :\u00a0<b>22,5\u00d7180 cm<\/b>\u00a0Naturel,\u00a0<b>20\u00d7120 cm<\/b>\u00a0Naturel et antid\u00e9rapant,\u00a0<b>30\u00d7120 cm\u00a0<\/b>Naturel.<\/p><p>Epaisseur 20mm : Dalles antid\u00e9rapantes\u00a0<b>40\u00d7120 cm<\/b>\u00a0(Dorato exclusivement) pour une pose en ext\u00e9rieur : tour de piscine, terrasse. Les dalles 20 mm se posent sur plots, pose encoll\u00e9e, pose sur sable, gravier et sur gazon.\u00a0\u00a0<\/p><p>le carrelage Liberta offre une continuit\u00e9 de l\u2019espace\u00a0<b>int\u00e9rieurs vers l\u2019ext\u00e9rieur<\/b>.<\/p>\t\t\t\t\t\t\t\t<\/div>\n\t\t\t\t<\/div>\n\t\t\t\t<div class=\"elementor-element elementor-element-3ce87b3 elementor-mobile-align-center elementor-widget elementor-widget-button\" data-id=\"3ce87b3\" data-element_type=\"widget\" data-e-type=\"widget\" data-widget_type=\"button.default\">\n\t\t\t\t<div class=\"elementor-widget-container\">\n\t\t\t\t\t\t\t\t\t<div class=\"elementor-button-wrapper\">\n\t\t\t\t\t<a class=\"elementor-button elementor-button-link elementor-size-sm\" href=\"https:\/\/www.portovenere.fr\/fr-fr\/carrelage-sol-et-mur-en-gres-cerame-et-faience\/carrelage-imitation-parquet-aspect-bois\/carrelage-imitation-parquet-chene-liberta\/\">\n\t\t\t\t\t\t<span class=\"elementor-button-content-wrapper\">\n\t\t\t\t\t\t\t\t\t<span class=\"elementor-button-text\">Voir la collection<\/span>\n\t\t\t\t\t<\/span>\n\t\t\t\t\t<\/a>\n\t\t\t\t<\/div>\n\t\t\t\t\t\t\t\t<\/div>\n\t\t\t\t<\/div>\n\t\t\t\t\t<\/div>\n\t\t<\/div>\n\t\t\t\t\t<\/div>\n\t\t<\/section>\n\t\t\t\t\t<\/div>\n\t\t<\/div>\n\t\t\t\t<div class=\"elementor-column elementor-col-33 elementor-top-column elementor-element elementor-element-a2c5c12\" data-id=\"a2c5c12\" data-element_type=\"column\" data-e-type=\"column\" data-settings=\"{&quot;background_background&quot;:&quot;classic&quot;}\">\n\t\t\t<div class=\"elementor-widget-wrap elementor-element-populated\">\n\t\t\t\t\t\t<div class=\"elementor-element elementor-element-421f050 elementor-widget elementor-widget-image\" data-id=\"421f050\" data-element_type=\"widget\" data-e-type=\"widget\" data-widget_type=\"image.default\">\n\t\t\t\t<div class=\"elementor-widget-container\">\n\t\t\t\t\t\t\t\t\t\t\t\t\t\t\t\t<a href=\"https:\/\/www.portovenere.fr\/fr-fr\/carrelage-sol-et-mur-en-gres-cerame-et-faience\/carrelage-aspect-marbre\/carrelage-fin-sol-et-mur-effet-marbre-vert-marbrazonia\/\">\n\t\t\t\t\t\t\t<img decoding=\"async\" src=\"https:\/\/www.portovenere.fr\/fr-fr\/wp-content\/uploads\/elementor\/thumbs\/Carrelage-sol-et-mur-effet-marbre-vert-haut-de-gamme-MARBRAZONIA-grand-format-xxl-120x280-cm-brillant-ou-adouci-magasin-Porto-Venere-Montpellier-34-rckeaspmgyp5udfdnvd7e68sst9zx6cy8ax1igmx8g.jpg\" title=\"Carrelage-sol-et-mur-effet-marbre-vert-haut-de-gamme-MARBRAZONIA-grand-format-xxl-120&#215;280-cm-brillant-ou-adouci-magasin-Porto-Venere-Montpellier-34\" alt=\"Carrelage mur et sol effet marbre de luxe design \u00e9l\u00e9gant vert marbr\u00e9 en panneaux coulissants devant biblioth\u00e8que MARBRAZONIA magasin PORTO VENERE dans l&#039;H\u00e9rault 34\" loading=\"lazy\" \/>\t\t\t\t\t\t\t\t<\/a>\n\t\t\t\t\t\t\t\t\t\t\t\t\t\t\t<\/div>\n\t\t\t\t<\/div>\n\t\t\t\t<div class=\"elementor-element elementor-element-0a9b83d elementor-widget elementor-widget-heading\" data-id=\"0a9b83d\" data-element_type=\"widget\" data-e-type=\"widget\" data-widget_type=\"heading.default\">\n\t\t\t\t<div class=\"elementor-widget-container\">\n\t\t\t\t\t<h3 class=\"elementor-heading-title elementor-size-default\"><a href=\"https:\/\/www.portovenere.fr\/fr-fr\/carrelage-sol-et-mur-en-gres-cerame-et-faience\/carrelage-aspect-marbre\/carrelage-fin-sol-et-mur-effet-marbre-vert-marbrazonia\/\">MARBRAZONIA | 1 coloris<\/a><\/h3>\t\t\t\t<\/div>\n\t\t\t\t<\/div>\n\t\t\t\t<div class=\"elementor-element elementor-element-301ce4f elementor-widget__width-initial elementor-widget elementor-widget-gallery\" data-id=\"301ce4f\" data-element_type=\"widget\" data-e-type=\"widget\" data-settings=\"{&quot;gap&quot;:{&quot;unit&quot;:&quot;px&quot;,&quot;size&quot;:3,&quot;sizes&quot;:[]},&quot;columns_mobile&quot;:3,&quot;gap_mobile&quot;:{&quot;unit&quot;:&quot;px&quot;,&quot;size&quot;:6,&quot;sizes&quot;:[]},&quot;columns&quot;:5,&quot;columns_tablet&quot;:5,&quot;gap_tablet&quot;:{&quot;unit&quot;:&quot;px&quot;,&quot;size&quot;:5,&quot;sizes&quot;:[]},&quot;lazyload&quot;:&quot;yes&quot;,&quot;gallery_layout&quot;:&quot;grid&quot;,&quot;aspect_ratio&quot;:&quot;3:2&quot;,&quot;overlay_background&quot;:&quot;yes&quot;,&quot;content_hover_animation&quot;:&quot;fade-in&quot;}\" data-widget_type=\"gallery.default\">\n\t\t\t\t<div class=\"elementor-widget-container\">\n\t\t\t\t\t\t\t<div class=\"elementor-gallery__container\">\n\t\t\t\t\t\t\t<div class=\"e-gallery-item elementor-gallery-item elementor-animated-content\">\n\t\t\t\t\t<div class=\"e-gallery-image elementor-gallery-item__image\" data-thumbnail=\"https:\/\/www.portovenere.fr\/fr-fr\/wp-content\/uploads\/2025\/10\/Carrelage-sol-et-mur-effet-marbre-vert-haut-de-gamme-MARBRAZONIA-grand-format-fine-epaiseur-brillant-ou-adouci-magasin-Porto-Venere-proche-Mauguio34-150x150.jpg\" data-width=\"150\" data-height=\"150\" aria-label=\"Carrelage mur et sol effet marbre de luxe design \u00e9l\u00e9gant vert marbr\u00e9 en panneaux coulissants devant biblioth\u00e8que MARBRAZONIA magasin PORTO VENERE dans l&#039;H\u00e9rault 34\" role=\"img\" ><\/div>\n\t\t\t\t\t\t\t\t\t\t\t<div class=\"elementor-gallery-item__overlay\"><\/div>\n\t\t\t\t\t\t\t\t\t\t\t\t\t\t<\/div>\n\t\t\t\t\t<\/div>\n\t\t\t\t\t<\/div>\n\t\t\t\t<\/div>\n\t\t\t\t<div class=\"elementor-element elementor-element-f3008d9 elementor-widget elementor-widget-text-editor\" data-id=\"f3008d9\" data-element_type=\"widget\" data-e-type=\"widget\" data-widget_type=\"text-editor.default\">\n\t\t\t\t<div class=\"elementor-widget-container\">\n\t\t\t\t\t\t\t\t\t<p data-start=\"240\" data-end=\"474\">La collection <strong data-start=\"254\" data-end=\"269\">MARBRAZONIA<\/strong> sublime vos espaces avec l\u2019\u00e9l\u00e9gance intemporelle du marbre. Ses <strong data-start=\"334\" data-end=\"361\">nuances de vert profond<\/strong>, r\u00e9hauss\u00e9es de <strong data-start=\"377\" data-end=\"400\">tonalit\u00e9s terreuses<\/strong> et de <strong data-start=\"407\" data-end=\"434\">fines veinures blanches<\/strong>, offrent un rendu naturel et raffin\u00e9.<\/p><p data-start=\"476\" data-end=\"785\">Disponible en <strong data-start=\"490\" data-end=\"508\">grands formats<\/strong> \u2013 <strong data-start=\"511\" data-end=\"525\">120&#215;280 cm<\/strong>, <strong data-start=\"527\" data-end=\"541\">120&#215;120 cm<\/strong> et <strong data-start=\"545\" data-end=\"558\">60&#215;120 cm<\/strong> \u2013 MARBRAZONIA s\u2019adapte \u00e0 toutes les surfaces, qu\u2019il s\u2019agisse de <strong data-start=\"623\" data-end=\"631\">murs<\/strong> ou de <strong data-start=\"638\" data-end=\"646\">sols<\/strong>. Les finitions <strong data-start=\"662\" data-end=\"679\">poli brillant<\/strong> et <strong data-start=\"683\" data-end=\"699\">honed adouci<\/strong> permettent de jouer sur l\u2019atmosph\u00e8re, entre \u00e9clat sophistiqu\u00e9 et douceur naturelle.<\/p><p data-start=\"787\" data-end=\"907\">Un carrelage id\u00e9al pour la <strong data-start=\"814\" data-end=\"832\">salle de bains<\/strong>, la <strong data-start=\"837\" data-end=\"848\">cuisine<\/strong> ou les <strong data-start=\"856\" data-end=\"882\">espaces professionnels<\/strong> en qu\u00eate de caract\u00e8re.<\/p>\t\t\t\t\t\t\t\t<\/div>\n\t\t\t\t<\/div>\n\t\t\t\t<div class=\"elementor-element elementor-element-a3e31cc elementor-mobile-align-center elementor-align-left elementor-widget elementor-widget-button\" data-id=\"a3e31cc\" data-element_type=\"widget\" data-e-type=\"widget\" data-widget_type=\"button.default\">\n\t\t\t\t<div class=\"elementor-widget-container\">\n\t\t\t\t\t\t\t\t\t<div class=\"elementor-button-wrapper\">\n\t\t\t\t\t<a class=\"elementor-button elementor-button-link elementor-size-sm\" href=\"https:\/\/www.portovenere.fr\/fr-fr\/carrelage-sol-et-mur-en-gres-cerame-et-faience\/carrelage-aspect-marbre\/carrelage-fin-sol-et-mur-effet-marbre-vert-marbrazonia\/\">\n\t\t\t\t\t\t<span class=\"elementor-button-content-wrapper\">\n\t\t\t\t\t\t\t\t\t<span class=\"elementor-button-text\">Voir la collection<\/span>\n\t\t\t\t\t<\/span>\n\t\t\t\t\t<\/a>\n\t\t\t\t<\/div>\n\t\t\t\t\t\t\t\t<\/div>\n\t\t\t\t<\/div>\n\t\t\t\t\t<\/div>\n\t\t<\/div>\n\t\t\t\t\t<\/div>\n\t\t<\/section>\n\t\t\t\t<section class=\"elementor-section elementor-top-section elementor-element elementor-element-44833c55 elementor-section-full_width elementor-section-height-default elementor-section-height-default\" data-id=\"44833c55\" data-element_type=\"section\" data-e-type=\"section\" data-settings=\"{&quot;background_background&quot;:&quot;classic&quot;}\">\n\t\t\t\t\t\t<div class=\"elementor-container elementor-column-gap-default\">\n\t\t\t\t\t<div class=\"elementor-column elementor-col-33 elementor-top-column elementor-element elementor-element-2fb00c64\" data-id=\"2fb00c64\" data-element_type=\"column\" data-e-type=\"column\" data-settings=\"{&quot;background_background&quot;:&quot;classic&quot;}\">\n\t\t\t<div class=\"elementor-widget-wrap elementor-element-populated\">\n\t\t\t\t\t\t<div class=\"elementor-element elementor-element-18b82fac elementor-widget elementor-widget-image\" data-id=\"18b82fac\" data-element_type=\"widget\" data-e-type=\"widget\" data-widget_type=\"image.default\">\n\t\t\t\t<div class=\"elementor-widget-container\">\n\t\t\t\t\t\t\t\t\t\t\t\t\t\t\t\t<a href=\"https:\/\/www.portovenere.fr\/fr-fr\/carrelage-sol-et-mur-en-gres-cerame-et-faience\/carrelage-extra-fin-special-renovation\/carrelage-grand-format-extra-fin-effet-metal-kerlite-metal\/\">\n\t\t\t\t\t\t\t<img loading=\"lazy\" decoding=\"async\" width=\"800\" height=\"534\" src=\"https:\/\/www.portovenere.fr\/fr-fr\/wp-content\/uploads\/2020\/02\/Carrelage_grand_format_Extra_Fin_Kerlite_Metal_Corten_\u00e0_Montpellier_H\u00e9rault-34-1024x683.jpg\" class=\"attachment-large size-large wp-image-26011\" alt=\"\" srcset=\"https:\/\/www.portovenere.fr\/fr-fr\/wp-content\/uploads\/2020\/02\/Carrelage_grand_format_Extra_Fin_Kerlite_Metal_Corten_\u00e0_Montpellier_H\u00e9rault-34-1024x683.jpg 1024w, https:\/\/www.portovenere.fr\/fr-fr\/wp-content\/uploads\/2020\/02\/Carrelage_grand_format_Extra_Fin_Kerlite_Metal_Corten_\u00e0_Montpellier_H\u00e9rault-34-300x200.jpg 300w, https:\/\/www.portovenere.fr\/fr-fr\/wp-content\/uploads\/2020\/02\/Carrelage_grand_format_Extra_Fin_Kerlite_Metal_Corten_\u00e0_Montpellier_H\u00e9rault-34-768x512.jpg 768w, https:\/\/www.portovenere.fr\/fr-fr\/wp-content\/uploads\/2020\/02\/Carrelage_grand_format_Extra_Fin_Kerlite_Metal_Corten_\u00e0_Montpellier_H\u00e9rault-34.jpg 1200w\" sizes=\"(max-width: 800px) 100vw, 800px\" \/>\t\t\t\t\t\t\t\t<\/a>\n\t\t\t\t\t\t\t\t\t\t\t\t\t\t\t<\/div>\n\t\t\t\t<\/div>\n\t\t\t\t<div class=\"elementor-element elementor-element-6d2cd877 elementor-widget elementor-widget-heading\" data-id=\"6d2cd877\" data-element_type=\"widget\" data-e-type=\"widget\" data-widget_type=\"heading.default\">\n\t\t\t\t<div class=\"elementor-widget-container\">\n\t\t\t\t\t<h3 class=\"elementor-heading-title elementor-size-default\"><a href=\"https:\/\/www.portovenere.fr\/fr-fr\/carrelage-sol-et-mur-en-gres-cerame-et-faience\/carrelage-extra-fin-special-renovation\/carrelage-grand-format-extra-fin-effet-metal-kerlite-metal\/\">KERLITE METAL 5,5mm | 2 coloris<\/a><\/h3>\t\t\t\t<\/div>\n\t\t\t\t<\/div>\n\t\t\t\t<div class=\"elementor-element elementor-element-1e45b43 elementor-widget__width-initial elementor-widget elementor-widget-gallery\" data-id=\"1e45b43\" data-element_type=\"widget\" data-e-type=\"widget\" data-settings=\"{&quot;gap&quot;:{&quot;unit&quot;:&quot;px&quot;,&quot;size&quot;:3,&quot;sizes&quot;:[]},&quot;columns_mobile&quot;:3,&quot;gap_mobile&quot;:{&quot;unit&quot;:&quot;px&quot;,&quot;size&quot;:6,&quot;sizes&quot;:[]},&quot;columns&quot;:5,&quot;columns_tablet&quot;:3,&quot;gap_tablet&quot;:{&quot;unit&quot;:&quot;px&quot;,&quot;size&quot;:5,&quot;sizes&quot;:[]},&quot;lazyload&quot;:&quot;yes&quot;,&quot;gallery_layout&quot;:&quot;grid&quot;,&quot;aspect_ratio&quot;:&quot;3:2&quot;,&quot;overlay_background&quot;:&quot;yes&quot;,&quot;content_hover_animation&quot;:&quot;fade-in&quot;}\" data-widget_type=\"gallery.default\">\n\t\t\t\t<div class=\"elementor-widget-container\">\n\t\t\t\t\t\t\t<div class=\"elementor-gallery__container\">\n\t\t\t\t\t\t\t<div class=\"e-gallery-item elementor-gallery-item elementor-animated-content\">\n\t\t\t\t\t<div class=\"e-gallery-image elementor-gallery-item__image\" data-thumbnail=\"https:\/\/www.portovenere.fr\/fr-fr\/wp-content\/uploads\/2020\/02\/Kerlite-Metal-Corten_carrelage_ultra_fin_effet_m\u00e9tal_sp\u00e9cial_r\u00e9novation_\u00e0_Montpellier-150x150.jpg\" data-width=\"150\" data-height=\"150\" aria-label=\"\" role=\"img\" ><\/div>\n\t\t\t\t\t\t\t\t\t\t\t<div class=\"elementor-gallery-item__overlay\"><\/div>\n\t\t\t\t\t\t\t\t\t\t\t\t\t\t<\/div>\n\t\t\t\t\t\t\t<div class=\"e-gallery-item elementor-gallery-item elementor-animated-content\">\n\t\t\t\t\t<div class=\"e-gallery-image elementor-gallery-item__image\" data-thumbnail=\"https:\/\/www.portovenere.fr\/fr-fr\/wp-content\/uploads\/2020\/02\/Kerlite-Metal-Iron_carrelage_extra_fin_effet_m\u00e9tal_sp\u00e9cial_r\u00e9novation_\u00e0_Montpellier-150x150.jpg\" data-width=\"150\" data-height=\"150\" aria-label=\"\" role=\"img\" ><\/div>\n\t\t\t\t\t\t\t\t\t\t\t<div class=\"elementor-gallery-item__overlay\"><\/div>\n\t\t\t\t\t\t\t\t\t\t\t\t\t\t<\/div>\n\t\t\t\t\t<\/div>\n\t\t\t\t\t<\/div>\n\t\t\t\t<\/div>\n\t\t\t\t<div class=\"elementor-element elementor-element-2838ab32 elementor-widget elementor-widget-text-editor\" data-id=\"2838ab32\" data-element_type=\"widget\" data-e-type=\"widget\" data-widget_type=\"text-editor.default\">\n\t\t\t\t<div class=\"elementor-widget-container\">\n\t\t\t\t\t\t\t\t\t<p>Carrelage effet m\u00e9tal (fer ou fer rouill\u00e9) grand format en gr\u00e8s c\u00e9rame lamin\u00e9 fibr\u00e9 de 5,5mm, id\u00e9al pour un projet de r\u00e9novation de sol ou mur (pose sur un ancien carrelage par exemple) ou construction neuve.<\/p><p>2 coloris disponibles d\u00e9clin\u00e9s sous 2 formats : 100&#215;100 et 100x300cm.<\/p>\t\t\t\t\t\t\t\t<\/div>\n\t\t\t\t<\/div>\n\t\t\t\t<div class=\"elementor-element elementor-element-6ab65ad8 elementor-mobile-align-center elementor-align-left elementor-widget elementor-widget-button\" data-id=\"6ab65ad8\" data-element_type=\"widget\" data-e-type=\"widget\" data-widget_type=\"button.default\">\n\t\t\t\t<div class=\"elementor-widget-container\">\n\t\t\t\t\t\t\t\t\t<div class=\"elementor-button-wrapper\">\n\t\t\t\t\t<a class=\"elementor-button elementor-button-link elementor-size-sm\" href=\"https:\/\/www.portovenere.fr\/fr-fr\/carrelage-sol-et-mur-en-gres-cerame-et-faience\/carrelage-extra-fin-special-renovation\/carrelage-grand-format-extra-fin-effet-metal-kerlite-metal\/\">\n\t\t\t\t\t\t<span class=\"elementor-button-content-wrapper\">\n\t\t\t\t\t\t\t\t\t<span class=\"elementor-button-text\">Voir la collection<\/span>\n\t\t\t\t\t<\/span>\n\t\t\t\t\t<\/a>\n\t\t\t\t<\/div>\n\t\t\t\t\t\t\t\t<\/div>\n\t\t\t\t<\/div>\n\t\t\t\t\t<\/div>\n\t\t<\/div>\n\t\t\t\t<div class=\"elementor-column elementor-col-33 elementor-top-column elementor-element elementor-element-142f422\" data-id=\"142f422\" data-element_type=\"column\" data-e-type=\"column\" data-settings=\"{&quot;background_background&quot;:&quot;classic&quot;}\">\n\t\t\t<div class=\"elementor-widget-wrap elementor-element-populated\">\n\t\t\t\t\t\t<div class=\"elementor-element elementor-element-d517016 elementor-widget elementor-widget-image\" data-id=\"d517016\" data-element_type=\"widget\" data-e-type=\"widget\" data-widget_type=\"image.default\">\n\t\t\t\t<div class=\"elementor-widget-container\">\n\t\t\t\t\t\t\t\t\t\t\t\t\t\t\t\t<a href=\"https:\/\/www.portovenere.fr\/fr-fr\/carrelage-sol-et-mur-en-gres-cerame-et-faience\/carrelage-aspect-pierre\/carrelage-beige-sable-effet-pierre-awassa\/\">\n\t\t\t\t\t\t\t<img decoding=\"async\" src=\"https:\/\/www.portovenere.fr\/fr-fr\/wp-content\/uploads\/elementor\/thumbs\/Carrelage-salle-de-bain-beige-clair-sable-sol-120x120-cm-et-mur-XXL-120x280-cm-effet-pierre-neutre-AWASSA-Bone-magasin-Porto-Venere-a-Montpellier-34-rfy32fzkjwksx29rrvagf74u6kd0lis90ohjx1xqkg.jpg\" title=\"Carrelage-salle-de-bain-beige-clair-sable-sol-120&#215;120-cm-et-mur-XXL-120&#215;280-cm-effet-pierre-neutre-AWASSA-Bone-magasin-Porto-Venere-\u00e0-Montpellier-34\" alt=\"Salle de bain avec carrelage tr\u00e8s grand format 120x280 cm au mur et 120x120 cm au sol AWASSA - Porto Venere magasin de carrelages et salle de bains \u00e0 Montpellier dans l&#039;H\u00e9rault\" loading=\"lazy\" \/>\t\t\t\t\t\t\t\t<\/a>\n\t\t\t\t\t\t\t\t\t\t\t\t\t\t\t<\/div>\n\t\t\t\t<\/div>\n\t\t\t\t<div class=\"elementor-element elementor-element-861ca28 elementor-widget elementor-widget-heading\" data-id=\"861ca28\" data-element_type=\"widget\" data-e-type=\"widget\" data-widget_type=\"heading.default\">\n\t\t\t\t<div class=\"elementor-widget-container\">\n\t\t\t\t\t<h3 class=\"elementor-heading-title elementor-size-default\"><a href=\"https:\/\/www.portovenere.fr\/fr-fr\/carrelage-sol-et-mur-en-gres-cerame-et-faience\/carrelage-aspect-pierre\/carrelage-beige-sable-effet-pierre-awassa\/\">AWASSA | 3 coloris &amp; d\u00e9cors<\/a><\/h3>\t\t\t\t<\/div>\n\t\t\t\t<\/div>\n\t\t\t\t<div class=\"elementor-element elementor-element-073178a elementor-widget__width-initial elementor-widget elementor-widget-gallery\" data-id=\"073178a\" data-element_type=\"widget\" data-e-type=\"widget\" data-settings=\"{&quot;gap&quot;:{&quot;unit&quot;:&quot;px&quot;,&quot;size&quot;:3,&quot;sizes&quot;:[]},&quot;columns_mobile&quot;:3,&quot;gap_mobile&quot;:{&quot;unit&quot;:&quot;px&quot;,&quot;size&quot;:6,&quot;sizes&quot;:[]},&quot;columns&quot;:5,&quot;columns_tablet&quot;:5,&quot;gap_tablet&quot;:{&quot;unit&quot;:&quot;px&quot;,&quot;size&quot;:5,&quot;sizes&quot;:[]},&quot;lazyload&quot;:&quot;yes&quot;,&quot;gallery_layout&quot;:&quot;grid&quot;,&quot;link_to&quot;:&quot;file&quot;,&quot;aspect_ratio&quot;:&quot;3:2&quot;,&quot;overlay_background&quot;:&quot;yes&quot;,&quot;content_hover_animation&quot;:&quot;fade-in&quot;}\" data-widget_type=\"gallery.default\">\n\t\t\t\t<div class=\"elementor-widget-container\">\n\t\t\t\t\t\t\t<div class=\"elementor-gallery__container\">\n\t\t\t\t\t\t\t<a class=\"e-gallery-item elementor-gallery-item elementor-animated-content\" href=\"https:\/\/www.portovenere.fr\/fr-fr\/wp-content\/uploads\/2025\/12\/Carrelage-beige-clair-sable-exterieur-et-interieur-effet-pierre-contemporaine-AWASSA-Bone-magasin-Porto-Venere-Montpellier-pres-de-Jacou-34.jpg\" data-elementor-open-lightbox=\"yes\" data-elementor-lightbox-slideshow=\"073178a\" data-elementor-lightbox-title=\"Carrelage-beige-clair-sable-ext\u00e9rieur-et-int\u00e9rieur-effet-pierre-contemporaine-AWASSA-Bone-magasin-Porto-Venere-Montpellier-pr\u00e8s-de-Jacou-34\" data-e-action-hash=\"#elementor-action%3Aaction%3Dlightbox%26settings%3DeyJpZCI6Njc5OTAsInVybCI6Imh0dHBzOlwvXC93d3cucG9ydG92ZW5lcmUuZnJcL2ZyLWZyXC93cC1jb250ZW50XC91cGxvYWRzXC8yMDI1XC8xMlwvQ2FycmVsYWdlLWJlaWdlLWNsYWlyLXNhYmxlLWV4dGVyaWV1ci1ldC1pbnRlcmlldXItZWZmZXQtcGllcnJlLWNvbnRlbXBvcmFpbmUtQVdBU1NBLUJvbmUtbWFnYXNpbi1Qb3J0by1WZW5lcmUtTW9udHBlbGxpZXItcHJlcy1kZS1KYWNvdS0zNC5qcGciLCJzbGlkZXNob3ciOiIwNzMxNzhhIn0%3D\">\n\t\t\t\t\t<div class=\"e-gallery-image elementor-gallery-item__image\" data-thumbnail=\"https:\/\/www.portovenere.fr\/fr-fr\/wp-content\/uploads\/2025\/12\/Carrelage-beige-clair-sable-exterieur-et-interieur-effet-pierre-contemporaine-AWASSA-Bone-magasin-Porto-Venere-Montpellier-pres-de-Jacou-34-150x150.jpg\" data-width=\"150\" data-height=\"150\" aria-label=\"Carrelage clair sable beige cr\u00e8me effet pierre contemporaine AWASSA pour int\u00e9rieur et ext\u00e9rieur. Magasin de carrelages et fa\u00efences Porto Venere \u00e0 Montpellier 34\" role=\"img\" ><\/div>\n\t\t\t\t\t\t\t\t\t\t\t<div class=\"elementor-gallery-item__overlay\"><\/div>\n\t\t\t\t\t\t\t\t\t\t\t\t\t\t<\/a>\n\t\t\t\t\t\t\t<a class=\"e-gallery-item elementor-gallery-item elementor-animated-content\" href=\"https:\/\/www.portovenere.fr\/fr-fr\/wp-content\/uploads\/2025\/12\/Carrelage-beige-clair-sable-exterieur-et-interieur-effet-pierre-contemporaine-AWASSA-Pearl-magasin-Porto-Venere-Montpellier-pres-de-Carnon-34.jpg\" data-elementor-open-lightbox=\"yes\" data-elementor-lightbox-slideshow=\"073178a\" data-elementor-lightbox-title=\"Carrelage-beige-clair-sable-ext\u00e9rieur-et-int\u00e9rieur-effet-pierre-contemporaine-AWASSA-Pearl-magasin-Porto-Venere-Montpellier-pr\u00e8s-de-Carnon-34\" data-e-action-hash=\"#elementor-action%3Aaction%3Dlightbox%26settings%3DeyJpZCI6Njc5OTEsInVybCI6Imh0dHBzOlwvXC93d3cucG9ydG92ZW5lcmUuZnJcL2ZyLWZyXC93cC1jb250ZW50XC91cGxvYWRzXC8yMDI1XC8xMlwvQ2FycmVsYWdlLWJlaWdlLWNsYWlyLXNhYmxlLWV4dGVyaWV1ci1ldC1pbnRlcmlldXItZWZmZXQtcGllcnJlLWNvbnRlbXBvcmFpbmUtQVdBU1NBLVBlYXJsLW1hZ2FzaW4tUG9ydG8tVmVuZXJlLU1vbnRwZWxsaWVyLXByZXMtZGUtQ2Fybm9uLTM0LmpwZyIsInNsaWRlc2hvdyI6IjA3MzE3OGEifQ%3D%3D\">\n\t\t\t\t\t<div class=\"e-gallery-image elementor-gallery-item__image\" data-thumbnail=\"https:\/\/www.portovenere.fr\/fr-fr\/wp-content\/uploads\/2025\/12\/Carrelage-beige-clair-sable-exterieur-et-interieur-effet-pierre-contemporaine-AWASSA-Pearl-magasin-Porto-Venere-Montpellier-pres-de-Carnon-34-150x150.jpg\" data-width=\"150\" data-height=\"150\" aria-label=\"Carrelage clair sable beige cr\u00e8me effet pierre contemporaine AWASSA pour int\u00e9rieur et ext\u00e9rieur. Magasin de carrelages et fa\u00efences Porto Venere \u00e0 Montpellier 34\" role=\"img\" ><\/div>\n\t\t\t\t\t\t\t\t\t\t\t<div class=\"elementor-gallery-item__overlay\"><\/div>\n\t\t\t\t\t\t\t\t\t\t\t\t\t\t<\/a>\n\t\t\t\t\t\t\t<a class=\"e-gallery-item elementor-gallery-item elementor-animated-content\" href=\"https:\/\/www.portovenere.fr\/fr-fr\/wp-content\/uploads\/2025\/12\/Carrelage-sable-clair-sable-exterieur-et-interieur-effet-pierre-contemporaine-AWASSA-White-magasin-Porto-Venere-Montpellier-pres-de-Sete-34.jpg\" data-elementor-open-lightbox=\"yes\" data-elementor-lightbox-slideshow=\"073178a\" data-elementor-lightbox-title=\"Carrelage-sable-clair-sable-ext\u00e9rieur-et-int\u00e9rieur-effet-pierre-contemporaine-AWASSA-White-magasin-Porto-Venere-Montpellier-pr\u00e8s-de-S\u00e8te-34\" data-e-action-hash=\"#elementor-action%3Aaction%3Dlightbox%26settings%3DeyJpZCI6Njc5OTIsInVybCI6Imh0dHBzOlwvXC93d3cucG9ydG92ZW5lcmUuZnJcL2ZyLWZyXC93cC1jb250ZW50XC91cGxvYWRzXC8yMDI1XC8xMlwvQ2FycmVsYWdlLXNhYmxlLWNsYWlyLXNhYmxlLWV4dGVyaWV1ci1ldC1pbnRlcmlldXItZWZmZXQtcGllcnJlLWNvbnRlbXBvcmFpbmUtQVdBU1NBLVdoaXRlLW1hZ2FzaW4tUG9ydG8tVmVuZXJlLU1vbnRwZWxsaWVyLXByZXMtZGUtU2V0ZS0zNC5qcGciLCJzbGlkZXNob3ciOiIwNzMxNzhhIn0%3D\">\n\t\t\t\t\t<div class=\"e-gallery-image elementor-gallery-item__image\" data-thumbnail=\"https:\/\/www.portovenere.fr\/fr-fr\/wp-content\/uploads\/2025\/12\/Carrelage-sable-clair-sable-exterieur-et-interieur-effet-pierre-contemporaine-AWASSA-White-magasin-Porto-Venere-Montpellier-pres-de-Sete-34-150x150.jpg\" data-width=\"150\" data-height=\"150\" aria-label=\"Carrelage clair sable beige cr\u00e8me effet pierre contemporaine AWASSA pour int\u00e9rieur et ext\u00e9rieur. Magasin de carrelages et fa\u00efences Porto Venere \u00e0 Montpellier 34\" role=\"img\" ><\/div>\n\t\t\t\t\t\t\t\t\t\t\t<div class=\"elementor-gallery-item__overlay\"><\/div>\n\t\t\t\t\t\t\t\t\t\t\t\t\t\t<\/a>\n\t\t\t\t\t\t\t<a class=\"e-gallery-item elementor-gallery-item elementor-animated-content\" href=\"https:\/\/www.portovenere.fr\/fr-fr\/wp-content\/uploads\/2025\/12\/Carrelage-faience-murale-claire-effet-texture-lignes-effet-pierre-contemporaine-AWASSA-ZEKTON-magasin-Porto-Venere-Montpellier-pres-de-Castries-34.jpg\" data-elementor-open-lightbox=\"yes\" data-elementor-lightbox-slideshow=\"073178a\" data-elementor-lightbox-title=\"Carrelage-fa\u00efence-murale-claire-effet-texture-lignes-effet-pierre-contemporaine-AWASSA-ZEKTON-magasin-Porto-Venere-Montpellier-pr\u00e8s-de-Castries-34\" data-e-action-hash=\"#elementor-action%3Aaction%3Dlightbox%26settings%3DeyJpZCI6NjgwMDgsInVybCI6Imh0dHBzOlwvXC93d3cucG9ydG92ZW5lcmUuZnJcL2ZyLWZyXC93cC1jb250ZW50XC91cGxvYWRzXC8yMDI1XC8xMlwvQ2FycmVsYWdlLWZhaWVuY2UtbXVyYWxlLWNsYWlyZS1lZmZldC10ZXh0dXJlLWxpZ25lcy1lZmZldC1waWVycmUtY29udGVtcG9yYWluZS1BV0FTU0EtWkVLVE9OLW1hZ2FzaW4tUG9ydG8tVmVuZXJlLU1vbnRwZWxsaWVyLXByZXMtZGUtQ2FzdHJpZXMtMzQuanBnIiwic2xpZGVzaG93IjoiMDczMTc4YSJ9\">\n\t\t\t\t\t<div class=\"e-gallery-image elementor-gallery-item__image\" data-thumbnail=\"https:\/\/www.portovenere.fr\/fr-fr\/wp-content\/uploads\/2025\/12\/Carrelage-faience-murale-claire-effet-texture-lignes-effet-pierre-contemporaine-AWASSA-ZEKTON-magasin-Porto-Venere-Montpellier-pres-de-Castries-34-150x150.jpg\" data-width=\"150\" data-height=\"150\" aria-label=\"Fa\u00efence murale claire sable beige cr\u00e8me effet pierre contemporaine textur\u00e9e AWASSA d\u00e9cor ZEKTON. Magasin de carrelages et fa\u00efences Porto Venere \u00e0 Montpellier 34\" role=\"img\" ><\/div>\n\t\t\t\t\t\t\t\t\t\t\t<div class=\"elementor-gallery-item__overlay\"><\/div>\n\t\t\t\t\t\t\t\t\t\t\t\t\t\t<\/a>\n\t\t\t\t\t\t\t<a class=\"e-gallery-item elementor-gallery-item elementor-animated-content\" href=\"https:\/\/www.portovenere.fr\/fr-fr\/wp-content\/uploads\/2025\/12\/Carrelage-faience-murale-effet-texture-clair-sable-effet-pierre-contemporaine-AWASSA-SEKIBA-magasin-Porto-Venere-Montpellier-pres-de-Perols-34.jpg\" data-elementor-open-lightbox=\"yes\" data-elementor-lightbox-slideshow=\"073178a\" data-elementor-lightbox-title=\"Carrelage-fa\u00efence-murale-effet-texture-clair-sable-effet-pierre-contemporaine-AWASSA-SEKIBA-magasin-Porto-Venere-Montpellier-pr\u00e8s-de-P\u00e9rols-34\" data-e-action-hash=\"#elementor-action%3Aaction%3Dlightbox%26settings%3DeyJpZCI6NjgwMDMsInVybCI6Imh0dHBzOlwvXC93d3cucG9ydG92ZW5lcmUuZnJcL2ZyLWZyXC93cC1jb250ZW50XC91cGxvYWRzXC8yMDI1XC8xMlwvQ2FycmVsYWdlLWZhaWVuY2UtbXVyYWxlLWVmZmV0LXRleHR1cmUtY2xhaXItc2FibGUtZWZmZXQtcGllcnJlLWNvbnRlbXBvcmFpbmUtQVdBU1NBLVNFS0lCQS1tYWdhc2luLVBvcnRvLVZlbmVyZS1Nb250cGVsbGllci1wcmVzLWRlLVBlcm9scy0zNC5qcGciLCJzbGlkZXNob3ciOiIwNzMxNzhhIn0%3D\">\n\t\t\t\t\t<div class=\"e-gallery-image elementor-gallery-item__image\" data-thumbnail=\"https:\/\/www.portovenere.fr\/fr-fr\/wp-content\/uploads\/2025\/12\/Carrelage-faience-murale-effet-texture-clair-sable-effet-pierre-contemporaine-AWASSA-SEKIBA-magasin-Porto-Venere-Montpellier-pres-de-Perols-34-150x150.jpg\" data-width=\"150\" data-height=\"150\" aria-label=\"Fa\u00efence murale claire sable beige cr\u00e8me effet pierre contemporaine textur\u00e9e AWASSA d\u00e9cor SEKIBA. Magasin de carrelages et fa\u00efences Porto Venere \u00e0 Montpellier 34\" role=\"img\" ><\/div>\n\t\t\t\t\t\t\t\t\t\t\t<div class=\"elementor-gallery-item__overlay\"><\/div>\n\t\t\t\t\t\t\t\t\t\t\t\t\t\t<\/a>\n\t\t\t\t\t\t\t<a class=\"e-gallery-item elementor-gallery-item elementor-animated-content\" href=\"https:\/\/www.portovenere.fr\/fr-fr\/wp-content\/uploads\/2025\/12\/Carrelage-mural-effet-texture-ISEN-clair-sable-effet-pierre-contemporaine-AWASSA-gres-cerame-magasin-Porto-Venere-Montpellier-pres-de-Mauguio-34.jpg\" data-elementor-open-lightbox=\"yes\" data-elementor-lightbox-slideshow=\"073178a\" data-elementor-lightbox-title=\"Carrelage-mural-effet-texture-ISEN-clair-sable-effet-pierre-contemporaine-AWASSA-gr\u00e8s-c\u00e9rame-magasin-Porto-Venere-Montpellier-pr\u00e8s-de-Mauguio-34\" data-e-action-hash=\"#elementor-action%3Aaction%3Dlightbox%26settings%3DeyJpZCI6NjgwMDQsInVybCI6Imh0dHBzOlwvXC93d3cucG9ydG92ZW5lcmUuZnJcL2ZyLWZyXC93cC1jb250ZW50XC91cGxvYWRzXC8yMDI1XC8xMlwvQ2FycmVsYWdlLW11cmFsLWVmZmV0LXRleHR1cmUtSVNFTi1jbGFpci1zYWJsZS1lZmZldC1waWVycmUtY29udGVtcG9yYWluZS1BV0FTU0EtZ3Jlcy1jZXJhbWUtbWFnYXNpbi1Qb3J0by1WZW5lcmUtTW9udHBlbGxpZXItcHJlcy1kZS1NYXVndWlvLTM0LmpwZyIsInNsaWRlc2hvdyI6IjA3MzE3OGEifQ%3D%3D\">\n\t\t\t\t\t<div class=\"e-gallery-image elementor-gallery-item__image\" data-thumbnail=\"https:\/\/www.portovenere.fr\/fr-fr\/wp-content\/uploads\/2025\/12\/Carrelage-mural-effet-texture-ISEN-clair-sable-effet-pierre-contemporaine-AWASSA-gres-cerame-magasin-Porto-Venere-Montpellier-pres-de-Mauguio-34-150x150.jpg\" data-width=\"150\" data-height=\"150\" aria-label=\"Carrelage mural clair sable beige cr\u00e8me effet pierre contemporaine AWASSA d\u00e9cor ISEN. Magasin de carrelages et fa\u00efences Porto Venere \u00e0 Montpellier 34\" role=\"img\" ><\/div>\n\t\t\t\t\t\t\t\t\t\t\t<div class=\"elementor-gallery-item__overlay\"><\/div>\n\t\t\t\t\t\t\t\t\t\t\t\t\t\t<\/a>\n\t\t\t\t\t\t\t<a class=\"e-gallery-item elementor-gallery-item elementor-animated-content\" href=\"https:\/\/www.portovenere.fr\/fr-fr\/wp-content\/uploads\/2025\/12\/Mosaique-baton-30x30-cm-effet-pierre-AWASSA-3-coloris-magasin-de-carrelages-et-faiences-PORTO_VENERE_MONTPELLIER-pres-de-Palavas-34.jpg\" data-elementor-open-lightbox=\"yes\" data-elementor-lightbox-slideshow=\"073178a\" data-elementor-lightbox-title=\"Mosa\u00efque-b\u00e2ton-30x30-cm-effet-pierre-AWASSA-3-coloris-magasin-de-carrelages-et-fa\u00efences-PORTO_VENERE_MONTPELLIER-pr\u00e8s-de-Palavas-34\" data-e-action-hash=\"#elementor-action%3Aaction%3Dlightbox%26settings%3DeyJpZCI6NjgwMTAsInVybCI6Imh0dHBzOlwvXC93d3cucG9ydG92ZW5lcmUuZnJcL2ZyLWZyXC93cC1jb250ZW50XC91cGxvYWRzXC8yMDI1XC8xMlwvTW9zYWlxdWUtYmF0b24tMzB4MzAtY20tZWZmZXQtcGllcnJlLUFXQVNTQS0zLWNvbG9yaXMtbWFnYXNpbi1kZS1jYXJyZWxhZ2VzLWV0LWZhaWVuY2VzLVBPUlRPX1ZFTkVSRV9NT05UUEVMTElFUi1wcmVzLWRlLVBhbGF2YXMtMzQuanBnIiwic2xpZGVzaG93IjoiMDczMTc4YSJ9\">\n\t\t\t\t\t<div class=\"e-gallery-image elementor-gallery-item__image\" data-thumbnail=\"https:\/\/www.portovenere.fr\/fr-fr\/wp-content\/uploads\/2025\/12\/Mosaique-baton-30x30-cm-effet-pierre-AWASSA-3-coloris-magasin-de-carrelages-et-faiences-PORTO_VENERE_MONTPELLIER-pres-de-Palavas-34-150x150.jpg\" data-width=\"150\" data-height=\"150\" aria-label=\"Mosa\u00efque b\u00e2tons claire sable beige cr\u00e8me effet pierre contemporaine AWASSA. Magasin de carrelages et fa\u00efences Porto Venere \u00e0 Montpellier 34\" role=\"img\" ><\/div>\n\t\t\t\t\t\t\t\t\t\t\t<div class=\"elementor-gallery-item__overlay\"><\/div>\n\t\t\t\t\t\t\t\t\t\t\t\t\t\t<\/a>\n\t\t\t\t\t\t\t<a class=\"e-gallery-item elementor-gallery-item elementor-animated-content\" href=\"https:\/\/www.portovenere.fr\/fr-fr\/wp-content\/uploads\/2025\/12\/Mosaique-hexagonale-effet-pierre-AWASSA-3-coloris-magasin-de-carrelages-et-faiences-PORTO_VENERE_MONTPELLIER-pres-de-Saint-Pargoire-34.jpg\" data-elementor-open-lightbox=\"yes\" data-elementor-lightbox-slideshow=\"073178a\" data-elementor-lightbox-title=\"Mosa\u00efque-hexagonale-effet-pierre-AWASSA-3-coloris-magasin-de-carrelages-et-fa\u00efences-PORTO_VENERE_MONTPELLIER-pr\u00e8s-de-Saint-Pargoire-34\" data-e-action-hash=\"#elementor-action%3Aaction%3Dlightbox%26settings%3DeyJpZCI6NjgwMTEsInVybCI6Imh0dHBzOlwvXC93d3cucG9ydG92ZW5lcmUuZnJcL2ZyLWZyXC93cC1jb250ZW50XC91cGxvYWRzXC8yMDI1XC8xMlwvTW9zYWlxdWUtaGV4YWdvbmFsZS1lZmZldC1waWVycmUtQVdBU1NBLTMtY29sb3Jpcy1tYWdhc2luLWRlLWNhcnJlbGFnZXMtZXQtZmFpZW5jZXMtUE9SVE9fVkVORVJFX01PTlRQRUxMSUVSLXByZXMtZGUtU2FpbnQtUGFyZ29pcmUtMzQuanBnIiwic2xpZGVzaG93IjoiMDczMTc4YSJ9\">\n\t\t\t\t\t<div class=\"e-gallery-image elementor-gallery-item__image\" data-thumbnail=\"https:\/\/www.portovenere.fr\/fr-fr\/wp-content\/uploads\/2025\/12\/Mosaique-hexagonale-effet-pierre-AWASSA-3-coloris-magasin-de-carrelages-et-faiences-PORTO_VENERE_MONTPELLIER-pres-de-Saint-Pargoire-34-150x150.jpg\" data-width=\"150\" data-height=\"150\" aria-label=\"Mosa\u00efque hexagonale claire sable beige cr\u00e8me effet pierre contemporaine AWASSA. Magasin de carrelages et fa\u00efences Porto Venere \u00e0 Montpellier 34\" role=\"img\" ><\/div>\n\t\t\t\t\t\t\t\t\t\t\t<div class=\"elementor-gallery-item__overlay\"><\/div>\n\t\t\t\t\t\t\t\t\t\t\t\t\t\t<\/a>\n\t\t\t\t\t\t\t<a class=\"e-gallery-item elementor-gallery-item elementor-animated-content\" href=\"https:\/\/www.portovenere.fr\/fr-fr\/wp-content\/uploads\/2025\/12\/Mosaique-sol-mur-30x30-cm-effet-pierre-AWASSA-3-coloris-magasin-de-carrelages-et-faiences-PORTO_VENERE_MONTPELLIER-pres-de-Saint-Aunes-34.jpg\" data-elementor-open-lightbox=\"yes\" data-elementor-lightbox-slideshow=\"073178a\" data-elementor-lightbox-title=\"Mosa\u00efque-sol-mur-30x30-cm-effet-pierre-AWASSA-3-coloris-magasin-de-carrelages-et-fa\u00efences-PORTO_VENERE_MONTPELLIER-pr\u00e8s-de-Saint-Aun\u00e8s-34\" data-e-action-hash=\"#elementor-action%3Aaction%3Dlightbox%26settings%3DeyJpZCI6NjgwMTIsInVybCI6Imh0dHBzOlwvXC93d3cucG9ydG92ZW5lcmUuZnJcL2ZyLWZyXC93cC1jb250ZW50XC91cGxvYWRzXC8yMDI1XC8xMlwvTW9zYWlxdWUtc29sLW11ci0zMHgzMC1jbS1lZmZldC1waWVycmUtQVdBU1NBLTMtY29sb3Jpcy1tYWdhc2luLWRlLWNhcnJlbGFnZXMtZXQtZmFpZW5jZXMtUE9SVE9fVkVORVJFX01PTlRQRUxMSUVSLXByZXMtZGUtU2FpbnQtQXVuZXMtMzQuanBnIiwic2xpZGVzaG93IjoiMDczMTc4YSJ9\">\n\t\t\t\t\t<div class=\"e-gallery-image elementor-gallery-item__image\" data-thumbnail=\"https:\/\/www.portovenere.fr\/fr-fr\/wp-content\/uploads\/2025\/12\/Mosaique-sol-mur-30x30-cm-effet-pierre-AWASSA-3-coloris-magasin-de-carrelages-et-faiences-PORTO_VENERE_MONTPELLIER-pres-de-Saint-Aunes-34-150x150.jpg\" data-width=\"150\" data-height=\"150\" aria-label=\"Mosa\u00efque 30x30 cm claire sable beige cr\u00e8me effet pierre contemporaine AWASSA. Magasin de carrelages et fa\u00efences Porto Venere \u00e0 Montpellier 34\" role=\"img\" ><\/div>\n\t\t\t\t\t\t\t\t\t\t\t<div class=\"elementor-gallery-item__overlay\"><\/div>\n\t\t\t\t\t\t\t\t\t\t\t\t\t\t<\/a>\n\t\t\t\t\t<\/div>\n\t\t\t\t\t<\/div>\n\t\t\t\t<\/div>\n\t\t\t\t<div class=\"elementor-element elementor-element-b6f6ea6 elementor-widget elementor-widget-text-editor\" data-id=\"b6f6ea6\" data-element_type=\"widget\" data-e-type=\"widget\" data-widget_type=\"text-editor.default\">\n\t\t\t\t<div class=\"elementor-widget-container\">\n\t\t\t\t\t\t\t\t\t<p data-start=\"2112\" data-end=\"2723\">La collection <strong data-start=\"2126\" data-end=\"2136\">AWASSA<\/strong> r\u00e9invente le gr\u00e8s c\u00e9rame effet pierre pour sols et murs int\u00e9rieurs et ext\u00e9rieurs.\u00a0<\/p><p data-start=\"2112\" data-end=\"2723\">Disponible en <strong data-start=\"2233\" data-end=\"2246\">3 coloris<\/strong> : Bone, Pearl et White, et en <strong data-start=\"2277\" data-end=\"2290\">5 formats<\/strong> : 120&#215;280, 120&#215;120, 60&#215;120, 60&#215;60 et 30&#215;60 cm, elle s\u2019adapte \u00e0 tous les projets.\u00a0<\/p><p data-start=\"2112\" data-end=\"2723\">Avec <strong data-start=\"2377\" data-end=\"2392\">2 finitions<\/strong> \u2014 Naturelle et Structur\u00e9e antid\u00e9rapante \u2014 et des d\u00e9cors mosa\u00efques et muraux (ISEN, SEKIBA, ZEKTON), AWASSA permet de cr\u00e9er des espaces \u00e9l\u00e9gants, lumineux et harmonieux.\u00a0<\/p><p data-start=\"2112\" data-end=\"2723\">Sa durabilit\u00e9 et sa r\u00e9sistance offrent confort et s\u00e9curit\u00e9, tandis que sa palette raffin\u00e9e apporte chaleur et style naturel \u00e0 chaque int\u00e9rieur comme ext\u00e9rieur.<\/p>\t\t\t\t\t\t\t\t<\/div>\n\t\t\t\t<\/div>\n\t\t\t\t<div class=\"elementor-element elementor-element-3c8a971 elementor-mobile-align-center elementor-align-left elementor-widget elementor-widget-button\" data-id=\"3c8a971\" data-element_type=\"widget\" data-e-type=\"widget\" data-widget_type=\"button.default\">\n\t\t\t\t<div class=\"elementor-widget-container\">\n\t\t\t\t\t\t\t\t\t<div class=\"elementor-button-wrapper\">\n\t\t\t\t\t<a class=\"elementor-button elementor-button-link elementor-size-sm\" href=\"https:\/\/www.portovenere.fr\/fr-fr\/carrelage-sol-et-mur-en-gres-cerame-et-faience\/carrelage-aspect-pierre\/carrelage-beige-sable-effet-pierre-awassa\/\">\n\t\t\t\t\t\t<span class=\"elementor-button-content-wrapper\">\n\t\t\t\t\t\t\t\t\t<span class=\"elementor-button-text\">Voir la collection<\/span>\n\t\t\t\t\t<\/span>\n\t\t\t\t\t<\/a>\n\t\t\t\t<\/div>\n\t\t\t\t\t\t\t\t<\/div>\n\t\t\t\t<\/div>\n\t\t\t\t\t<\/div>\n\t\t<\/div>\n\t\t\t\t<div class=\"elementor-column elementor-col-33 elementor-top-column elementor-element elementor-element-5955768 elementor-invisible\" data-id=\"5955768\" data-element_type=\"column\" data-e-type=\"column\" data-settings=\"{&quot;animation&quot;:&quot;fadeIn&quot;,&quot;background_background&quot;:&quot;classic&quot;}\">\n\t\t\t<div class=\"elementor-widget-wrap elementor-element-populated\">\n\t\t\t\t\t\t<section class=\"elementor-section elementor-inner-section elementor-element elementor-element-35ea09c elementor-section-boxed elementor-section-height-default elementor-section-height-default elementor-invisible\" data-id=\"35ea09c\" data-element_type=\"section\" data-e-type=\"section\" data-settings=\"{&quot;background_background&quot;:&quot;classic&quot;,&quot;animation&quot;:&quot;fadeIn&quot;}\">\n\t\t\t\t\t\t<div class=\"elementor-container elementor-column-gap-default\">\n\t\t\t\t\t<div class=\"elementor-column elementor-col-100 elementor-inner-column elementor-element elementor-element-b9e61fa\" data-id=\"b9e61fa\" data-element_type=\"column\" data-e-type=\"column\">\n\t\t\t<div class=\"elementor-widget-wrap elementor-element-populated\">\n\t\t\t\t\t\t<div class=\"elementor-element elementor-element-2d9e0f4 elementor-widget elementor-widget-image\" data-id=\"2d9e0f4\" data-element_type=\"widget\" data-e-type=\"widget\" data-widget_type=\"image.default\">\n\t\t\t\t<div class=\"elementor-widget-container\">\n\t\t\t\t\t\t\t\t\t\t\t\t\t\t\t\t<a href=\"https:\/\/www.portovenere.fr\/fr-fr\/carrelage-sol-et-mur-en-gres-cerame-et-faience\/carrelage-imitation-parquet-aspect-bois\/carrelage-grand-format-effet-marbre-starlike\/\">\n\t\t\t\t\t\t\t<img loading=\"lazy\" decoding=\"async\" width=\"768\" height=\"576\" src=\"https:\/\/www.portovenere.fr\/fr-fr\/wp-content\/uploads\/2025\/12\/Carrelage-grand-format-effet-marbre-brillant-ou-adouci-pour-sols-et-murs-STARLIKE-8-finitions-Magasin-Porto-Venere-pres-de-Cannes-06-768x576.jpg\" class=\"attachment-medium_large size-medium_large wp-image-68341\" alt=\"Carrelage grand format effet marbre STARLIKE\" srcset=\"https:\/\/www.portovenere.fr\/fr-fr\/wp-content\/uploads\/2025\/12\/Carrelage-grand-format-effet-marbre-brillant-ou-adouci-pour-sols-et-murs-STARLIKE-8-finitions-Magasin-Porto-Venere-pres-de-Cannes-06-768x576.jpg 768w, https:\/\/www.portovenere.fr\/fr-fr\/wp-content\/uploads\/2025\/12\/Carrelage-grand-format-effet-marbre-brillant-ou-adouci-pour-sols-et-murs-STARLIKE-8-finitions-Magasin-Porto-Venere-pres-de-Cannes-06-300x225.jpg 300w, https:\/\/www.portovenere.fr\/fr-fr\/wp-content\/uploads\/2025\/12\/Carrelage-grand-format-effet-marbre-brillant-ou-adouci-pour-sols-et-murs-STARLIKE-8-finitions-Magasin-Porto-Venere-pres-de-Cannes-06-1024x768.jpg 1024w, https:\/\/www.portovenere.fr\/fr-fr\/wp-content\/uploads\/2025\/12\/Carrelage-grand-format-effet-marbre-brillant-ou-adouci-pour-sols-et-murs-STARLIKE-8-finitions-Magasin-Porto-Venere-pres-de-Cannes-06.jpg 1250w\" sizes=\"(max-width: 768px) 100vw, 768px\" \/>\t\t\t\t\t\t\t\t<\/a>\n\t\t\t\t\t\t\t\t\t\t\t\t\t\t\t<\/div>\n\t\t\t\t<\/div>\n\t\t\t\t<div class=\"elementor-element elementor-element-0b96a53 elementor-widget elementor-widget-heading\" data-id=\"0b96a53\" data-element_type=\"widget\" data-e-type=\"widget\" data-widget_type=\"heading.default\">\n\t\t\t\t<div class=\"elementor-widget-container\">\n\t\t\t\t\t<h3 class=\"elementor-heading-title elementor-size-default\"><a href=\"https:\/\/www.portovenere.fr\/fr-fr\/carrelage-sol-et-mur-en-gres-cerame-et-faience\/carrelage-imitation-parquet-aspect-bois\/carrelage-grand-format-effet-marbre-starlike\/\">STARLIKE Kerlite | 8 styles<\/a><\/h3>\t\t\t\t<\/div>\n\t\t\t\t<\/div>\n\t\t\t\t<div class=\"elementor-element elementor-element-f4bdd3a elementor-widget__width-initial elementor-widget elementor-widget-gallery\" data-id=\"f4bdd3a\" data-element_type=\"widget\" data-e-type=\"widget\" data-settings=\"{&quot;gap&quot;:{&quot;unit&quot;:&quot;px&quot;,&quot;size&quot;:3,&quot;sizes&quot;:[]},&quot;columns_mobile&quot;:3,&quot;gap_mobile&quot;:{&quot;unit&quot;:&quot;px&quot;,&quot;size&quot;:6,&quot;sizes&quot;:[]},&quot;columns&quot;:5,&quot;columns_tablet&quot;:3,&quot;gap_tablet&quot;:{&quot;unit&quot;:&quot;px&quot;,&quot;size&quot;:5,&quot;sizes&quot;:[]},&quot;lazyload&quot;:&quot;yes&quot;,&quot;gallery_layout&quot;:&quot;grid&quot;,&quot;link_to&quot;:&quot;file&quot;,&quot;aspect_ratio&quot;:&quot;3:2&quot;,&quot;overlay_background&quot;:&quot;yes&quot;,&quot;content_hover_animation&quot;:&quot;fade-in&quot;}\" data-widget_type=\"gallery.default\">\n\t\t\t\t<div class=\"elementor-widget-container\">\n\t\t\t\t\t\t\t<div class=\"elementor-gallery__container\">\n\t\t\t\t\t\t\t<a class=\"e-gallery-item elementor-gallery-item elementor-animated-content\" href=\"https:\/\/www.portovenere.fr\/fr-fr\/wp-content\/uploads\/2025\/12\/Carrelage-marbre-en-gres-cerame-STARLIKE-coloris-VERSILIA-GOLD-nombreux-formats-et-finitions-Magasin-PORTO-VENERE-pres-de-Saint-Clement-de-Riviere-34.jpg\" data-elementor-open-lightbox=\"yes\" data-elementor-lightbox-slideshow=\"f4bdd3a\" data-elementor-lightbox-title=\"Carrelage-marbre-en-gr\u00e8s-c\u00e9rame-STARLIKE-coloris-VERSILIA-GOLD-nombreux-formats-et-finitions-Magasin-PORTO-VENERE-pr\u00e8s-de-Saint-Cl\u00e9ment-de-Rivi\u00e8re-34\" data-e-action-hash=\"#elementor-action%3Aaction%3Dlightbox%26settings%3DeyJpZCI6NjgzODcsInVybCI6Imh0dHBzOlwvXC93d3cucG9ydG92ZW5lcmUuZnJcL2ZyLWZyXC93cC1jb250ZW50XC91cGxvYWRzXC8yMDI1XC8xMlwvQ2FycmVsYWdlLW1hcmJyZS1lbi1ncmVzLWNlcmFtZS1TVEFSTElLRS1jb2xvcmlzLVZFUlNJTElBLUdPTEQtbm9tYnJldXgtZm9ybWF0cy1ldC1maW5pdGlvbnMtTWFnYXNpbi1QT1JUTy1WRU5FUkUtcHJlcy1kZS1TYWludC1DbGVtZW50LWRlLVJpdmllcmUtMzQuanBnIiwic2xpZGVzaG93IjoiZjRiZGQzYSJ9\">\n\t\t\t\t\t<div class=\"e-gallery-image elementor-gallery-item__image\" data-thumbnail=\"https:\/\/www.portovenere.fr\/fr-fr\/wp-content\/uploads\/2025\/12\/Carrelage-marbre-en-gres-cerame-STARLIKE-coloris-VERSILIA-GOLD-nombreux-formats-et-finitions-Magasin-PORTO-VENERE-pres-de-Saint-Clement-de-Riviere-34-150x150.jpg\" data-width=\"150\" data-height=\"150\" aria-label=\"Carrelage haut de gamme effet marbre clair gr\u00e8s c\u00e9rame grand format fine \u00e9paisseur large choix au magasin Porto Venere \u00e0 Montpellier 34\" role=\"img\" ><\/div>\n\t\t\t\t\t\t\t\t\t\t\t<div class=\"elementor-gallery-item__overlay\"><\/div>\n\t\t\t\t\t\t\t\t\t\t\t\t\t\t<\/a>\n\t\t\t\t\t\t\t<a class=\"e-gallery-item elementor-gallery-item elementor-animated-content\" href=\"https:\/\/www.portovenere.fr\/fr-fr\/wp-content\/uploads\/2025\/12\/Carrelage-travertin-marbre-en-gres-cerame-STARLIKE-coloris-TRAVERTINO-CLASS-nombreux-formats-et-finitions-Magasin-PORTO-VENERE-pres-de-Agde-34.jpg\" data-elementor-open-lightbox=\"yes\" data-elementor-lightbox-slideshow=\"f4bdd3a\" data-elementor-lightbox-title=\"Carrelage-travertin-marbre-en-gr\u00e8s-c\u00e9rame-STARLIKE-coloris-TRAVERTINO-CLASS-nombreux-formats-et-finitions-Magasin-PORTO-VENERE-pr\u00e8s-de-Agde-34\" data-e-action-hash=\"#elementor-action%3Aaction%3Dlightbox%26settings%3DeyJpZCI6NjgzOTQsInVybCI6Imh0dHBzOlwvXC93d3cucG9ydG92ZW5lcmUuZnJcL2ZyLWZyXC93cC1jb250ZW50XC91cGxvYWRzXC8yMDI1XC8xMlwvQ2FycmVsYWdlLXRyYXZlcnRpbi1tYXJicmUtZW4tZ3Jlcy1jZXJhbWUtU1RBUkxJS0UtY29sb3Jpcy1UUkFWRVJUSU5PLUNMQVNTLW5vbWJyZXV4LWZvcm1hdHMtZXQtZmluaXRpb25zLU1hZ2FzaW4tUE9SVE8tVkVORVJFLXByZXMtZGUtQWdkZS0zNC5qcGciLCJzbGlkZXNob3ciOiJmNGJkZDNhIn0%3D\">\n\t\t\t\t\t<div class=\"e-gallery-image elementor-gallery-item__image\" data-thumbnail=\"https:\/\/www.portovenere.fr\/fr-fr\/wp-content\/uploads\/2025\/12\/Carrelage-travertin-marbre-en-gres-cerame-STARLIKE-coloris-TRAVERTINO-CLASS-nombreux-formats-et-finitions-Magasin-PORTO-VENERE-pres-de-Agde-34-150x150.jpg\" data-width=\"150\" data-height=\"150\" aria-label=\"Carrelage haut de gamme effet travertin marbre gr\u00e8s c\u00e9rame grand format fine \u00e9paisseur large choix au magasin Porto Venere \u00e0 Montpellier 34\" role=\"img\" ><\/div>\n\t\t\t\t\t\t\t\t\t\t\t<div class=\"elementor-gallery-item__overlay\"><\/div>\n\t\t\t\t\t\t\t\t\t\t\t\t\t\t<\/a>\n\t\t\t\t\t\t\t<a class=\"e-gallery-item elementor-gallery-item elementor-animated-content\" href=\"https:\/\/www.portovenere.fr\/fr-fr\/wp-content\/uploads\/2025\/12\/Carrelage-style-marbre-de-carrare-blanc-en-gres-cerame-STARLIKE-coloris-CARRARA-WHITE-nombreux-formats-et-finitions-Magasin-PORTO-VENERE-a-Lattes-34.jpg\" data-elementor-open-lightbox=\"yes\" data-elementor-lightbox-slideshow=\"f4bdd3a\" data-elementor-lightbox-title=\"Carrelage-style-marbre-de-carrare-blanc-en-gr\u00e8s-c\u00e9rame-STARLIKE-coloris-CARRARA-WHITE-nombreux-formats-et-finitions-Magasin-PORTO-VENERE-\u00e0-Lattes-34\" data-e-action-hash=\"#elementor-action%3Aaction%3Dlightbox%26settings%3DeyJpZCI6NjgzOTMsInVybCI6Imh0dHBzOlwvXC93d3cucG9ydG92ZW5lcmUuZnJcL2ZyLWZyXC93cC1jb250ZW50XC91cGxvYWRzXC8yMDI1XC8xMlwvQ2FycmVsYWdlLXN0eWxlLW1hcmJyZS1kZS1jYXJyYXJlLWJsYW5jLWVuLWdyZXMtY2VyYW1lLVNUQVJMSUtFLWNvbG9yaXMtQ0FSUkFSQS1XSElURS1ub21icmV1eC1mb3JtYXRzLWV0LWZpbml0aW9ucy1NYWdhc2luLVBPUlRPLVZFTkVSRS1hLUxhdHRlcy0zNC5qcGciLCJzbGlkZXNob3ciOiJmNGJkZDNhIn0%3D\">\n\t\t\t\t\t<div class=\"e-gallery-image elementor-gallery-item__image\" data-thumbnail=\"https:\/\/www.portovenere.fr\/fr-fr\/wp-content\/uploads\/2025\/12\/Carrelage-style-marbre-de-carrare-blanc-en-gres-cerame-STARLIKE-coloris-CARRARA-WHITE-nombreux-formats-et-finitions-Magasin-PORTO-VENERE-a-Lattes-34-150x150.jpg\" data-width=\"150\" data-height=\"150\" aria-label=\"Carrelage haut de gamme effet marbre clair gr\u00e8s c\u00e9rame grand format fine \u00e9paisseur large choix au magasin Porto Venere \u00e0 Montpellier 34\" role=\"img\" ><\/div>\n\t\t\t\t\t\t\t\t\t\t\t<div class=\"elementor-gallery-item__overlay\"><\/div>\n\t\t\t\t\t\t\t\t\t\t\t\t\t\t<\/a>\n\t\t\t\t\t\t\t<a class=\"e-gallery-item elementor-gallery-item elementor-animated-content\" href=\"https:\/\/www.portovenere.fr\/fr-fr\/wp-content\/uploads\/2025\/12\/Carrelage-marbre-en-gres-cerame-STARLIKE-coloris-PATAGONIA-EMERALD-nombreux-formats-et-finitions-Magasin-PORTO-VENERE-pres-de-Mougin-06.jpg\" data-elementor-open-lightbox=\"yes\" data-elementor-lightbox-slideshow=\"f4bdd3a\" data-elementor-lightbox-title=\"Carrelage-marbre-en-gr\u00e8s-c\u00e9rame-STARLIKE-coloris-PATAGONIA-EMERALD-nombreux-formats-et-finitions-Magasin-PORTO-VENERE-pr\u00e8s-de-Mougin-06\" data-e-action-hash=\"#elementor-action%3Aaction%3Dlightbox%26settings%3DeyJpZCI6NjgzOTEsInVybCI6Imh0dHBzOlwvXC93d3cucG9ydG92ZW5lcmUuZnJcL2ZyLWZyXC93cC1jb250ZW50XC91cGxvYWRzXC8yMDI1XC8xMlwvQ2FycmVsYWdlLW1hcmJyZS1lbi1ncmVzLWNlcmFtZS1TVEFSTElLRS1jb2xvcmlzLVBBVEFHT05JQS1FTUVSQUxELW5vbWJyZXV4LWZvcm1hdHMtZXQtZmluaXRpb25zLU1hZ2FzaW4tUE9SVE8tVkVORVJFLXByZXMtZGUtTW91Z2luLTA2LmpwZyIsInNsaWRlc2hvdyI6ImY0YmRkM2EifQ%3D%3D\">\n\t\t\t\t\t<div class=\"e-gallery-image elementor-gallery-item__image\" data-thumbnail=\"https:\/\/www.portovenere.fr\/fr-fr\/wp-content\/uploads\/2025\/12\/Carrelage-marbre-en-gres-cerame-STARLIKE-coloris-PATAGONIA-EMERALD-nombreux-formats-et-finitions-Magasin-PORTO-VENERE-pres-de-Mougin-06-150x150.jpg\" data-width=\"150\" data-height=\"150\" aria-label=\"Carrelage haut de gamme effet marbre vert \u00e9meraude gr\u00e8s c\u00e9rame grand format fine \u00e9paisseur large choix au magasin Porto Venere \u00e0 Montpellier 34\" role=\"img\" ><\/div>\n\t\t\t\t\t\t\t\t\t\t\t<div class=\"elementor-gallery-item__overlay\"><\/div>\n\t\t\t\t\t\t\t\t\t\t\t\t\t\t<\/a>\n\t\t\t\t\t\t\t<a class=\"e-gallery-item elementor-gallery-item elementor-animated-content\" href=\"https:\/\/www.portovenere.fr\/fr-fr\/wp-content\/uploads\/2025\/12\/Carrelage-marbre-luxe-en-gres-cerame-STARLIKE-coloris-ONYX-PEARL-nombreux-formats-et-finitions-Magasin-PORTO-VENERE-pres-de-Lyon-69.jpg\" data-elementor-open-lightbox=\"yes\" data-elementor-lightbox-slideshow=\"f4bdd3a\" data-elementor-lightbox-title=\"Carrelage-marbre-luxe-en-gr\u00e8s-c\u00e9rame-STARLIKE-coloris-ONYX-PEARL-nombreux-formats-et-finitions-Magasin-PORTO-VENERE-pr\u00e8s-de-Lyon-69\" data-e-action-hash=\"#elementor-action%3Aaction%3Dlightbox%26settings%3DeyJpZCI6NjgzOTIsInVybCI6Imh0dHBzOlwvXC93d3cucG9ydG92ZW5lcmUuZnJcL2ZyLWZyXC93cC1jb250ZW50XC91cGxvYWRzXC8yMDI1XC8xMlwvQ2FycmVsYWdlLW1hcmJyZS1sdXhlLWVuLWdyZXMtY2VyYW1lLVNUQVJMSUtFLWNvbG9yaXMtT05ZWC1QRUFSTC1ub21icmV1eC1mb3JtYXRzLWV0LWZpbml0aW9ucy1NYWdhc2luLVBPUlRPLVZFTkVSRS1wcmVzLWRlLUx5b24tNjkuanBnIiwic2xpZGVzaG93IjoiZjRiZGQzYSJ9\">\n\t\t\t\t\t<div class=\"e-gallery-image elementor-gallery-item__image\" data-thumbnail=\"https:\/\/www.portovenere.fr\/fr-fr\/wp-content\/uploads\/2025\/12\/Carrelage-marbre-luxe-en-gres-cerame-STARLIKE-coloris-ONYX-PEARL-nombreux-formats-et-finitions-Magasin-PORTO-VENERE-pres-de-Lyon-69-150x150.jpg\" data-width=\"150\" data-height=\"150\" aria-label=\"Carrelage haut de gamme effet marbre clair gr\u00e8s c\u00e9rame grand format fine \u00e9paisseur large choix au magasin Porto Venere \u00e0 Montpellier 34\" role=\"img\" ><\/div>\n\t\t\t\t\t\t\t\t\t\t\t<div class=\"elementor-gallery-item__overlay\"><\/div>\n\t\t\t\t\t\t\t\t\t\t\t\t\t\t<\/a>\n\t\t\t\t\t\t\t<a class=\"e-gallery-item elementor-gallery-item elementor-animated-content\" href=\"https:\/\/www.portovenere.fr\/fr-fr\/wp-content\/uploads\/2025\/12\/Carrelage-marbre-blanc-en-gres-cerame-STARLIKE-coloris-STATUARIO-EXTRA-nombreux-formats-et-finitions-Magasin-PORTO-VENERE-pres-de-Bordeaux-33.jpg\" data-elementor-open-lightbox=\"yes\" data-elementor-lightbox-slideshow=\"f4bdd3a\" data-elementor-lightbox-title=\"Carrelage-marbre-blanc-en-gr\u00e8s-c\u00e9rame-STARLIKE-coloris-STATUARIO-EXTRA-nombreux-formats-et-finitions-Magasin-PORTO-VENERE-pr\u00e8s-de-Bordeaux-33\" data-e-action-hash=\"#elementor-action%3Aaction%3Dlightbox%26settings%3DeyJpZCI6NjgzODksInVybCI6Imh0dHBzOlwvXC93d3cucG9ydG92ZW5lcmUuZnJcL2ZyLWZyXC93cC1jb250ZW50XC91cGxvYWRzXC8yMDI1XC8xMlwvQ2FycmVsYWdlLW1hcmJyZS1ibGFuYy1lbi1ncmVzLWNlcmFtZS1TVEFSTElLRS1jb2xvcmlzLVNUQVRVQVJJTy1FWFRSQS1ub21icmV1eC1mb3JtYXRzLWV0LWZpbml0aW9ucy1NYWdhc2luLVBPUlRPLVZFTkVSRS1wcmVzLWRlLUJvcmRlYXV4LTMzLmpwZyIsInNsaWRlc2hvdyI6ImY0YmRkM2EifQ%3D%3D\">\n\t\t\t\t\t<div class=\"e-gallery-image elementor-gallery-item__image\" data-thumbnail=\"https:\/\/www.portovenere.fr\/fr-fr\/wp-content\/uploads\/2025\/12\/Carrelage-marbre-blanc-en-gres-cerame-STARLIKE-coloris-STATUARIO-EXTRA-nombreux-formats-et-finitions-Magasin-PORTO-VENERE-pres-de-Bordeaux-33-150x150.jpg\" data-width=\"150\" data-height=\"150\" aria-label=\"Carrelage haut de gamme effet marbre clair gr\u00e8s c\u00e9rame grand format fine \u00e9paisseur large choix au magasin Porto Venere \u00e0 Montpellier 34\" role=\"img\" ><\/div>\n\t\t\t\t\t\t\t\t\t\t\t<div class=\"elementor-gallery-item__overlay\"><\/div>\n\t\t\t\t\t\t\t\t\t\t\t\t\t\t<\/a>\n\t\t\t\t\t\t\t<a class=\"e-gallery-item elementor-gallery-item elementor-animated-content\" href=\"https:\/\/www.portovenere.fr\/fr-fr\/wp-content\/uploads\/2025\/12\/Carrelage-marbre-en-gres-cerame-STARLIKE-coloris-DORADO-GLAMOUR-nombreux-formats-et-finitions-Magasin-PORTO-VENERE-pres-de-Aix-en-Provence-13.jpg\" data-elementor-open-lightbox=\"yes\" data-elementor-lightbox-slideshow=\"f4bdd3a\" data-elementor-lightbox-title=\"Carrelage-marbre-en-gr\u00e8s-c\u00e9rame-STARLIKE-coloris-DORADO-GLAMOUR-nombreux-formats-et-finitions-Magasin-PORTO-VENERE-pr\u00e8s-de-Aix-en-Provence-13\" data-e-action-hash=\"#elementor-action%3Aaction%3Dlightbox%26settings%3DeyJpZCI6NjgzOTAsInVybCI6Imh0dHBzOlwvXC93d3cucG9ydG92ZW5lcmUuZnJcL2ZyLWZyXC93cC1jb250ZW50XC91cGxvYWRzXC8yMDI1XC8xMlwvQ2FycmVsYWdlLW1hcmJyZS1lbi1ncmVzLWNlcmFtZS1TVEFSTElLRS1jb2xvcmlzLURPUkFETy1HTEFNT1VSLW5vbWJyZXV4LWZvcm1hdHMtZXQtZmluaXRpb25zLU1hZ2FzaW4tUE9SVE8tVkVORVJFLXByZXMtZGUtQWl4LWVuLVByb3ZlbmNlLTEzLmpwZyIsInNsaWRlc2hvdyI6ImY0YmRkM2EifQ%3D%3D\">\n\t\t\t\t\t<div class=\"e-gallery-image elementor-gallery-item__image\" data-thumbnail=\"https:\/\/www.portovenere.fr\/fr-fr\/wp-content\/uploads\/2025\/12\/Carrelage-marbre-en-gres-cerame-STARLIKE-coloris-DORADO-GLAMOUR-nombreux-formats-et-finitions-Magasin-PORTO-VENERE-pres-de-Aix-en-Provence-13-150x150.jpg\" data-width=\"150\" data-height=\"150\" aria-label=\"Carrelage haut de gamme effet marbre clair gr\u00e8s c\u00e9rame grand format fine \u00e9paisseur large choix au magasin Porto Venere \u00e0 Montpellier 34\" role=\"img\" ><\/div>\n\t\t\t\t\t\t\t\t\t\t\t<div class=\"elementor-gallery-item__overlay\"><\/div>\n\t\t\t\t\t\t\t\t\t\t\t\t\t\t<\/a>\n\t\t\t\t\t\t\t<a class=\"e-gallery-item elementor-gallery-item elementor-animated-content\" href=\"https:\/\/www.portovenere.fr\/fr-fr\/wp-content\/uploads\/2025\/12\/Carrelage-marbre-blanc-en-gres-cerame-STARLIKE-coloris-CALACATTA-SUPREME-nombreux-formats-et-finitions-Magasin-PORTO-VENERE-pres-de-Jacou.jpg\" data-elementor-open-lightbox=\"yes\" data-elementor-lightbox-slideshow=\"f4bdd3a\" data-elementor-lightbox-title=\"Carrelage-marbre-blanc-en-gr\u00e8s-c\u00e9rame-STARLIKE-coloris-CALACATTA-SUPREME-nombreux-formats-et-finitions-Magasin-PORTO-VENERE-pr\u00e8s-de-Jacou\" data-e-action-hash=\"#elementor-action%3Aaction%3Dlightbox%26settings%3DeyJpZCI6NjgzODgsInVybCI6Imh0dHBzOlwvXC93d3cucG9ydG92ZW5lcmUuZnJcL2ZyLWZyXC93cC1jb250ZW50XC91cGxvYWRzXC8yMDI1XC8xMlwvQ2FycmVsYWdlLW1hcmJyZS1ibGFuYy1lbi1ncmVzLWNlcmFtZS1TVEFSTElLRS1jb2xvcmlzLUNBTEFDQVRUQS1TVVBSRU1FLW5vbWJyZXV4LWZvcm1hdHMtZXQtZmluaXRpb25zLU1hZ2FzaW4tUE9SVE8tVkVORVJFLXByZXMtZGUtSmFjb3UuanBnIiwic2xpZGVzaG93IjoiZjRiZGQzYSJ9\">\n\t\t\t\t\t<div class=\"e-gallery-image elementor-gallery-item__image\" data-thumbnail=\"https:\/\/www.portovenere.fr\/fr-fr\/wp-content\/uploads\/2025\/12\/Carrelage-marbre-blanc-en-gres-cerame-STARLIKE-coloris-CALACATTA-SUPREME-nombreux-formats-et-finitions-Magasin-PORTO-VENERE-pres-de-Jacou-150x150.jpg\" data-width=\"150\" data-height=\"150\" aria-label=\"Carrelage haut de gamme effet marbre clair gr\u00e8s c\u00e9rame grand format fine \u00e9paisseur large choix au magasin Porto Venere \u00e0 Montpellier 34\" role=\"img\" ><\/div>\n\t\t\t\t\t\t\t\t\t\t\t<div class=\"elementor-gallery-item__overlay\"><\/div>\n\t\t\t\t\t\t\t\t\t\t\t\t\t\t<\/a>\n\t\t\t\t\t<\/div>\n\t\t\t\t\t<\/div>\n\t\t\t\t<\/div>\n\t\t\t\t<div class=\"elementor-element elementor-element-80feeaf elementor-widget elementor-widget-text-editor\" data-id=\"80feeaf\" data-element_type=\"widget\" data-e-type=\"widget\" data-widget_type=\"text-editor.default\">\n\t\t\t\t<div class=\"elementor-widget-container\">\n\t\t\t\t\t\t\t\t\t<p>La collection <strong data-start=\"2186\" data-end=\"2198\">STARLIKE<\/strong> offre un <span data-start=\"2208\" data-end=\"2251\">gr\u00e8s c\u00e9rame effet marbre<\/span><strong data-start=\"2208\" data-end=\"2251\"> ultra-r\u00e9aliste<\/strong> en<b> <span data-start=\"2255\" data-end=\"2268\">8 coloris<\/span><\/b> : Carrara White, Statuario Extra, Calacatta Supreme, Versilia Gold, Onyx Pearl, Travertino Class, Dorado Glamour et Patagonia Emerald.&nbsp;<\/p>\n<p>Disponible en<b> <span data-start=\"2418\" data-end=\"2487\">formats 60\u00d760, 60\u00d7120, 120\u00d7120 et XXL 120\u00d7278 cm ultra-fin 3,5 mm<\/span><\/b>, avec <strong data-start=\"2494\" data-end=\"2511\">deux surfaces<\/strong> : <b>Glossy et Smooth<\/b>, elle sublime sols et murs avec authenticit\u00e9 et \u00e9l\u00e9gance.&nbsp;<\/p>\n<p>STARLIKE combine luxe, finesse et durabilit\u00e9, offrant des reflets lumineux et une modularit\u00e9 parfaite pour tous les projets contemporains, du r\u00e9sidentiel aux espaces commerciaux.<\/p>\t\t\t\t\t\t\t\t<\/div>\n\t\t\t\t<\/div>\n\t\t\t\t<div class=\"elementor-element elementor-element-90a841c elementor-mobile-align-center elementor-widget elementor-widget-button\" data-id=\"90a841c\" data-element_type=\"widget\" data-e-type=\"widget\" data-widget_type=\"button.default\">\n\t\t\t\t<div class=\"elementor-widget-container\">\n\t\t\t\t\t\t\t\t\t<div class=\"elementor-button-wrapper\">\n\t\t\t\t\t<a class=\"elementor-button elementor-button-link elementor-size-sm\" href=\"https:\/\/www.portovenere.fr\/fr-fr\/carrelage-sol-et-mur-en-gres-cerame-et-faience\/carrelage-imitation-parquet-aspect-bois\/carrelage-grand-format-effet-marbre-starlike\/\">\n\t\t\t\t\t\t<span class=\"elementor-button-content-wrapper\">\n\t\t\t\t\t\t\t\t\t<span class=\"elementor-button-text\">Voir la collection<\/span>\n\t\t\t\t\t<\/span>\n\t\t\t\t\t<\/a>\n\t\t\t\t<\/div>\n\t\t\t\t\t\t\t\t<\/div>\n\t\t\t\t<\/div>\n\t\t\t\t\t<\/div>\n\t\t<\/div>\n\t\t\t\t\t<\/div>\n\t\t<\/section>\n\t\t\t\t\t<\/div>\n\t\t<\/div>\n\t\t\t\t\t<\/div>\n\t\t<\/section>\n\t\t\t\t<section class=\"elementor-section elementor-top-section elementor-element elementor-element-31f44f59 elementor-section-full_width elementor-section-height-default elementor-section-height-default elementor-invisible\" data-id=\"31f44f59\" data-element_type=\"section\" data-e-type=\"section\" data-settings=\"{&quot;animation&quot;:&quot;fadeIn&quot;}\">\n\t\t\t\t\t\t<div class=\"elementor-container elementor-column-gap-default\">\n\t\t\t\t\t<div class=\"elementor-column elementor-col-33 elementor-top-column elementor-element elementor-element-c94e7ec\" data-id=\"c94e7ec\" data-element_type=\"column\" data-e-type=\"column\" data-settings=\"{&quot;background_background&quot;:&quot;classic&quot;}\">\n\t\t\t<div class=\"elementor-widget-wrap elementor-element-populated\">\n\t\t\t\t\t\t<div class=\"elementor-element elementor-element-10ebd8c elementor-widget elementor-widget-image\" data-id=\"10ebd8c\" data-element_type=\"widget\" data-e-type=\"widget\" data-widget_type=\"image.default\">\n\t\t\t\t<div class=\"elementor-widget-container\">\n\t\t\t\t\t\t\t\t\t\t\t\t\t\t\t\t<a href=\"https:\/\/www.portovenere.fr\/fr-fr\/carrelage-sol-et-mur-en-gres-cerame-et-faience\/carrelage-aspect-pierre\/carrelage-clair-aspect-pierre-calcaire-creana\/\">\n\t\t\t\t\t\t\t<img decoding=\"async\" src=\"https:\/\/www.portovenere.fr\/fr-fr\/wp-content\/uploads\/elementor\/thumbs\/Carrelage-grand-format-sol-et-mur-effet-pierre-naturelle-Creana-Ivory-salon-cuisine-contemporaine-120x120-au-sol-et-120x278-cm-au-mur-a-montpellier-34-r8iff0st9y3xfyr3fox57yv4f39snv9kqwc1abyqgs.jpg\" title=\"Carrelage-grand-format-sol-et-mur-effet-pierre-naturelle-Creana-Ivory-salon-cuisine-contemporaine-120&#215;120-au-sol-et-120&#215;278-cm-au-mur-\u00e0-montpellier-34\" alt=\"Creana Ivory\" loading=\"lazy\" \/>\t\t\t\t\t\t\t\t<\/a>\n\t\t\t\t\t\t\t\t\t\t\t\t\t\t\t<\/div>\n\t\t\t\t<\/div>\n\t\t\t\t<div class=\"elementor-element elementor-element-1b443f8 elementor-widget elementor-widget-heading\" data-id=\"1b443f8\" data-element_type=\"widget\" data-e-type=\"widget\" data-widget_type=\"heading.default\">\n\t\t\t\t<div class=\"elementor-widget-container\">\n\t\t\t\t\t<h3 class=\"elementor-heading-title elementor-size-default\"><a href=\"https:\/\/www.portovenere.fr\/fr-fr\/carrelage-sol-et-mur-en-gres-cerame-et-faience\/carrelage-aspect-pierre\/carrelage-clair-aspect-pierre-calcaire-creana\/\">CREANA 6mm | 4 coloris<\/a><\/h3>\t\t\t\t<\/div>\n\t\t\t\t<\/div>\n\t\t\t\t<div class=\"elementor-element elementor-element-1913622 elementor-widget__width-initial elementor-widget elementor-widget-gallery\" data-id=\"1913622\" data-element_type=\"widget\" data-e-type=\"widget\" data-settings=\"{&quot;gap&quot;:{&quot;unit&quot;:&quot;px&quot;,&quot;size&quot;:3,&quot;sizes&quot;:[]},&quot;columns_mobile&quot;:3,&quot;gap_mobile&quot;:{&quot;unit&quot;:&quot;px&quot;,&quot;size&quot;:6,&quot;sizes&quot;:[]},&quot;columns&quot;:5,&quot;columns_tablet&quot;:3,&quot;gap_tablet&quot;:{&quot;unit&quot;:&quot;px&quot;,&quot;size&quot;:5,&quot;sizes&quot;:[]},&quot;lazyload&quot;:&quot;yes&quot;,&quot;gallery_layout&quot;:&quot;grid&quot;,&quot;aspect_ratio&quot;:&quot;3:2&quot;,&quot;overlay_background&quot;:&quot;yes&quot;,&quot;content_hover_animation&quot;:&quot;fade-in&quot;}\" data-widget_type=\"gallery.default\">\n\t\t\t\t<div class=\"elementor-widget-container\">\n\t\t\t\t\t\t\t<div class=\"elementor-gallery__container\">\n\t\t\t\t\t\t\t<div class=\"e-gallery-item elementor-gallery-item elementor-animated-content\">\n\t\t\t\t\t<div class=\"e-gallery-image elementor-gallery-item__image\" data-thumbnail=\"https:\/\/www.portovenere.fr\/fr-fr\/wp-content\/uploads\/2024\/08\/Carrelage-pierre-claire-en-gres-cerame-effet-calcaire-Creana-Sand-sable-pour-interieur-et-exterieur-pres-de-Vendargues-34-150x150.jpg\" data-width=\"150\" data-height=\"150\" aria-label=\"\" role=\"img\" ><\/div>\n\t\t\t\t\t\t\t\t\t\t\t<div class=\"elementor-gallery-item__overlay\"><\/div>\n\t\t\t\t\t\t\t\t\t\t\t\t\t\t<\/div>\n\t\t\t\t\t\t\t<div class=\"e-gallery-item elementor-gallery-item elementor-animated-content\">\n\t\t\t\t\t<div class=\"e-gallery-image elementor-gallery-item__image\" data-thumbnail=\"https:\/\/www.portovenere.fr\/fr-fr\/wp-content\/uploads\/2024\/08\/Carrelage-pierre-claire-en-gres-cerame-effet-calcaire-Creana-White-Blanc-pour-interieur-et-exterieur-a-Montpellier-34-150x150.jpg\" data-width=\"150\" data-height=\"150\" aria-label=\"\" role=\"img\" ><\/div>\n\t\t\t\t\t\t\t\t\t\t\t<div class=\"elementor-gallery-item__overlay\"><\/div>\n\t\t\t\t\t\t\t\t\t\t\t\t\t\t<\/div>\n\t\t\t\t\t\t\t<div class=\"e-gallery-item elementor-gallery-item elementor-animated-content\">\n\t\t\t\t\t<div class=\"e-gallery-image elementor-gallery-item__image\" data-thumbnail=\"https:\/\/www.portovenere.fr\/fr-fr\/wp-content\/uploads\/2024\/08\/Carrelage-pierre-claire-en-gres-cerame-effet-calcaire-Creana-Pearl-pour-interieur-et-exterieur-pres-de-Bouzigues-34-150x150.jpg\" data-width=\"150\" data-height=\"150\" aria-label=\"\" role=\"img\" ><\/div>\n\t\t\t\t\t\t\t\t\t\t\t<div class=\"elementor-gallery-item__overlay\"><\/div>\n\t\t\t\t\t\t\t\t\t\t\t\t\t\t<\/div>\n\t\t\t\t\t\t\t<div class=\"e-gallery-item elementor-gallery-item elementor-animated-content\">\n\t\t\t\t\t<div class=\"e-gallery-image elementor-gallery-item__image\" data-thumbnail=\"https:\/\/www.portovenere.fr\/fr-fr\/wp-content\/uploads\/2024\/08\/Carrelage-pierre-claire-en-gres-cerame-effet-calcaire-Creana-Ivory-Ivoire-pour-interieur-et-exterieur-pres-de-Castelnau-le-lez-34-150x150.jpg\" data-width=\"150\" data-height=\"150\" aria-label=\"\" role=\"img\" ><\/div>\n\t\t\t\t\t\t\t\t\t\t\t<div class=\"elementor-gallery-item__overlay\"><\/div>\n\t\t\t\t\t\t\t\t\t\t\t\t\t\t<\/div>\n\t\t\t\t\t\t\t<div class=\"e-gallery-item elementor-gallery-item elementor-animated-content\">\n\t\t\t\t\t<div class=\"e-gallery-image elementor-gallery-item__image\" data-thumbnail=\"https:\/\/www.portovenere.fr\/fr-fr\/wp-content\/uploads\/2024\/08\/Mosaique-originale-esprit-pierre-naturelle-Creana-Sand-pres-de-Saint-jean-de-vedas-34-150x150.jpg\" data-width=\"150\" data-height=\"150\" aria-label=\"\" role=\"img\" ><\/div>\n\t\t\t\t\t\t\t\t\t\t\t<div class=\"elementor-gallery-item__overlay\"><\/div>\n\t\t\t\t\t\t\t\t\t\t\t\t\t\t<\/div>\n\t\t\t\t\t\t\t<div class=\"e-gallery-item elementor-gallery-item elementor-animated-content\">\n\t\t\t\t\t<div class=\"e-gallery-image elementor-gallery-item__image\" data-thumbnail=\"https:\/\/www.portovenere.fr\/fr-fr\/wp-content\/uploads\/2024\/08\/Mosaique-originale-esprit-pierre-naturelle-Creana-White-carrelage-salle-de-bain-pres-deBeziers-34-150x150.jpg\" data-width=\"150\" data-height=\"150\" aria-label=\"\" role=\"img\" ><\/div>\n\t\t\t\t\t\t\t\t\t\t\t<div class=\"elementor-gallery-item__overlay\"><\/div>\n\t\t\t\t\t\t\t\t\t\t\t\t\t\t<\/div>\n\t\t\t\t\t\t\t<div class=\"e-gallery-item elementor-gallery-item elementor-animated-content\">\n\t\t\t\t\t<div class=\"e-gallery-image elementor-gallery-item__image\" data-thumbnail=\"https:\/\/www.portovenere.fr\/fr-fr\/wp-content\/uploads\/2024\/08\/Mosaique-originale-esprit-pierre-naturelle-Creana-Ivory-carrelage-salle-de-bain-pres-de-Juvignac-34-150x150.jpg\" data-width=\"150\" data-height=\"150\" aria-label=\"\" role=\"img\" ><\/div>\n\t\t\t\t\t\t\t\t\t\t\t<div class=\"elementor-gallery-item__overlay\"><\/div>\n\t\t\t\t\t\t\t\t\t\t\t\t\t\t<\/div>\n\t\t\t\t\t\t\t<div class=\"e-gallery-item elementor-gallery-item elementor-animated-content\">\n\t\t\t\t\t<div class=\"e-gallery-image elementor-gallery-item__image\" data-thumbnail=\"https:\/\/www.portovenere.fr\/fr-fr\/wp-content\/uploads\/2024\/08\/Mosaique-originale-esprit-pierre-naturelle-Creana-Pearl-pres-de-Saint-Clement-de-Riviere-34-150x150.jpg\" data-width=\"150\" data-height=\"150\" aria-label=\"\" role=\"img\" ><\/div>\n\t\t\t\t\t\t\t\t\t\t\t<div class=\"elementor-gallery-item__overlay\"><\/div>\n\t\t\t\t\t\t\t\t\t\t\t\t\t\t<\/div>\n\t\t\t\t\t<\/div>\n\t\t\t\t\t<\/div>\n\t\t\t\t<\/div>\n\t\t\t\t<div class=\"elementor-element elementor-element-3a60e67 elementor-widget elementor-widget-text-editor\" data-id=\"3a60e67\" data-element_type=\"widget\" data-e-type=\"widget\" data-widget_type=\"text-editor.default\">\n\t\t\t\t<div class=\"elementor-widget-container\">\n\t\t\t\t\t\t\t\t\t<p>Ce carrelage\u00a0<b>gr\u00e8s c\u00e9rame de belle qualit\u00e9\u00a0<\/b>reprend<b>\u00a0l\u2019esprit de la pierre naturelle calcaire\u00a0<\/b>avec les avantages du gr\u00e8s c\u00e9rame.<\/p><p>Il propose plusieurs formats \u00e0 poser au\u00a0<b>sol\u00a0<\/b>et au<b>\u00a0mur\u00a0<\/b>en\u00a0<b>int\u00e9rieur mais aussi en ext\u00e9rieur<\/b>\u00a0:\u00a0 60\u00d760 cm, 60\u00d760 cm, 60\u00d7120 cm, 120\u00d7120 cm e<b>t un format fine \u00e9paisseur 6mm XXL de 120\u00d7278 cm<\/b>.\u00a0<\/p><p>Le carrelage effet pierre calcaire Creana est propos\u00e9 en dalles antid\u00e9rapantes de 2 cm d\u2019\u00e9paisseur pour une pose sur plots, pose coll\u00e9e, sur gazon, en tour de piscine ou terrasse (coloris Pearl et Ivory) formats : 60\u00d7120 cm et 60\u00d760 cm.<\/p><p>Une\u00a0<b>mosa\u00efque \u00ab\u00a0hexagonale\u00a0\u00bb<\/b>\u00a0ainsi qu\u2019une mosa\u00efque 30\u00d730 cm compl\u00e8tent cette collection de c\u00e9ramique contemporaine.\u00a0<\/p><p><b>4\u00a0coloris<\/b>\u00a0(<b>sable, ivoire, blanc et perle<\/b>) inspir\u00e9s de la nature\u00a0pour apporter une touche\u00a0douce et\u00a0naturelle \u00e0 vos espaces : salle de bain, terrasse, cuisine, s\u00e9jour, piscine, chambre\u2026<\/p>\t\t\t\t\t\t\t\t<\/div>\n\t\t\t\t<\/div>\n\t\t\t\t<div class=\"elementor-element elementor-element-d85c8bf elementor-mobile-align-center elementor-align-left elementor-widget elementor-widget-button\" data-id=\"d85c8bf\" data-element_type=\"widget\" data-e-type=\"widget\" data-widget_type=\"button.default\">\n\t\t\t\t<div class=\"elementor-widget-container\">\n\t\t\t\t\t\t\t\t\t<div class=\"elementor-button-wrapper\">\n\t\t\t\t\t<a class=\"elementor-button elementor-button-link elementor-size-sm\" href=\"https:\/\/www.portovenere.fr\/fr-fr\/carrelage-sol-et-mur-en-gres-cerame-et-faience\/carrelage-aspect-pierre\/carrelage-clair-aspect-pierre-calcaire-creana\/\">\n\t\t\t\t\t\t<span class=\"elementor-button-content-wrapper\">\n\t\t\t\t\t\t\t\t\t<span class=\"elementor-button-text\">Voir la collection<\/span>\n\t\t\t\t\t<\/span>\n\t\t\t\t\t<\/a>\n\t\t\t\t<\/div>\n\t\t\t\t\t\t\t\t<\/div>\n\t\t\t\t<\/div>\n\t\t\t\t\t<\/div>\n\t\t<\/div>\n\t\t\t\t<div class=\"elementor-column elementor-col-33 elementor-top-column elementor-element elementor-element-2ec667a elementor-invisible\" data-id=\"2ec667a\" data-element_type=\"column\" data-e-type=\"column\" data-settings=\"{&quot;animation&quot;:&quot;fadeIn&quot;,&quot;background_background&quot;:&quot;classic&quot;}\">\n\t\t\t<div class=\"elementor-widget-wrap elementor-element-populated\">\n\t\t\t\t\t\t<div class=\"elementor-element elementor-element-e2a4128 elementor-widget elementor-widget-image\" data-id=\"e2a4128\" data-element_type=\"widget\" data-e-type=\"widget\" data-widget_type=\"image.default\">\n\t\t\t\t<div class=\"elementor-widget-container\">\n\t\t\t\t\t\t\t\t\t\t\t\t\t\t\t\t<a href=\"https:\/\/www.portovenere.fr\/fr-fr\/carrelage-sol-et-mur-en-gres-cerame-et-faience\/carrelage-contemporain-et-design\/carrelage-contemporain-imitation-beton-colore-pictural\/\">\n\t\t\t\t\t\t\t<img decoding=\"async\" src=\"https:\/\/www.portovenere.fr\/fr-fr\/wp-content\/uploads\/elementor\/thumbs\/Carrelage-vert-Salvia-effet-ciment-lisse-pour-sol-et-mur-Pictural-collection-proche-de-Sete-34-r8if1d77zleyrwl66af9hwx1qkktu61yjb53am7mv0.jpg\" title=\"Carrelage-vert-Salvia-effet-ciment-lisse-pour-sol-et-mur-Pictural-collection-proche-de-S\u00e8te-34\" alt=\"Carrelage-vert-Salvia-effet-ciment-lisse-pour-sol-et-mur-Pictural-collection-proche-de-S\u00e8te-34\" loading=\"lazy\" \/>\t\t\t\t\t\t\t\t<\/a>\n\t\t\t\t\t\t\t\t\t\t\t\t\t\t\t<\/div>\n\t\t\t\t<\/div>\n\t\t\t\t<section class=\"elementor-section elementor-inner-section elementor-element elementor-element-4ae0ed0 elementor-section-boxed elementor-section-height-default elementor-section-height-default elementor-invisible\" data-id=\"4ae0ed0\" data-element_type=\"section\" data-e-type=\"section\" data-settings=\"{&quot;background_background&quot;:&quot;classic&quot;,&quot;animation&quot;:&quot;fadeIn&quot;}\">\n\t\t\t\t\t\t<div class=\"elementor-container elementor-column-gap-default\">\n\t\t\t\t\t<div class=\"elementor-column elementor-col-100 elementor-inner-column elementor-element elementor-element-723511b\" data-id=\"723511b\" data-element_type=\"column\" data-e-type=\"column\">\n\t\t\t<div class=\"elementor-widget-wrap elementor-element-populated\">\n\t\t\t\t\t\t<div class=\"elementor-element elementor-element-a525753 elementor-widget elementor-widget-heading\" data-id=\"a525753\" data-element_type=\"widget\" data-e-type=\"widget\" data-widget_type=\"heading.default\">\n\t\t\t\t<div class=\"elementor-widget-container\">\n\t\t\t\t\t<h3 class=\"elementor-heading-title elementor-size-default\"><a href=\"https:\/\/www.portovenere.fr\/fr-fr\/carrelage-sol-et-mur-en-gres-cerame-et-faience\/carrelage-contemporain-et-design\/carrelage-contemporain-imitation-beton-colore-pictural\/\">PICTURAL | 9 coloris &amp; d\u00e9cors<\/a><\/h3>\t\t\t\t<\/div>\n\t\t\t\t<\/div>\n\t\t\t\t<div class=\"elementor-element elementor-element-204545e elementor-widget__width-initial elementor-widget elementor-widget-gallery\" data-id=\"204545e\" data-element_type=\"widget\" data-e-type=\"widget\" data-settings=\"{&quot;gap&quot;:{&quot;unit&quot;:&quot;px&quot;,&quot;size&quot;:3,&quot;sizes&quot;:[]},&quot;columns_mobile&quot;:3,&quot;gap_mobile&quot;:{&quot;unit&quot;:&quot;px&quot;,&quot;size&quot;:6,&quot;sizes&quot;:[]},&quot;columns&quot;:6,&quot;columns_tablet&quot;:3,&quot;gap_tablet&quot;:{&quot;unit&quot;:&quot;px&quot;,&quot;size&quot;:5,&quot;sizes&quot;:[]},&quot;lazyload&quot;:&quot;yes&quot;,&quot;gallery_layout&quot;:&quot;grid&quot;,&quot;aspect_ratio&quot;:&quot;3:2&quot;,&quot;overlay_background&quot;:&quot;yes&quot;,&quot;content_hover_animation&quot;:&quot;fade-in&quot;}\" data-widget_type=\"gallery.default\">\n\t\t\t\t<div class=\"elementor-widget-container\">\n\t\t\t\t\t\t\t<div class=\"elementor-gallery__container\">\n\t\t\t\t\t\t\t<div class=\"e-gallery-item elementor-gallery-item elementor-animated-content\">\n\t\t\t\t\t<div class=\"e-gallery-image elementor-gallery-item__image\" data-thumbnail=\"https:\/\/www.portovenere.fr\/fr-fr\/wp-content\/uploads\/2024\/03\/Carrelage-effet-ciment-Anthracite-Pictural-a-montpellier-150x150.jpg\" data-width=\"150\" data-height=\"150\" aria-label=\"\" role=\"img\" ><\/div>\n\t\t\t\t\t\t\t\t\t\t\t<div class=\"elementor-gallery-item__overlay\"><\/div>\n\t\t\t\t\t\t\t\t\t\t\t\t\t\t<\/div>\n\t\t\t\t\t\t\t<div class=\"e-gallery-item elementor-gallery-item elementor-animated-content\">\n\t\t\t\t\t<div class=\"e-gallery-image elementor-gallery-item__image\" data-thumbnail=\"https:\/\/www.portovenere.fr\/fr-fr\/wp-content\/uploads\/2024\/03\/Carrelage-effet-ciment-vert-Salvia-Pictural-a-montpellier-150x150.jpg\" data-width=\"150\" data-height=\"150\" aria-label=\"\" role=\"img\" ><\/div>\n\t\t\t\t\t\t\t\t\t\t\t<div class=\"elementor-gallery-item__overlay\"><\/div>\n\t\t\t\t\t\t\t\t\t\t\t\t\t\t<\/div>\n\t\t\t\t\t\t\t<div class=\"e-gallery-item elementor-gallery-item elementor-animated-content\">\n\t\t\t\t\t<div class=\"e-gallery-image elementor-gallery-item__image\" data-thumbnail=\"https:\/\/www.portovenere.fr\/fr-fr\/wp-content\/uploads\/2024\/03\/Carrelage-effet-ciment-terracotta-Amarento-Pictural-a-montpellier-150x150.jpg\" data-width=\"150\" data-height=\"150\" aria-label=\"\" role=\"img\" ><\/div>\n\t\t\t\t\t\t\t\t\t\t\t<div class=\"elementor-gallery-item__overlay\"><\/div>\n\t\t\t\t\t\t\t\t\t\t\t\t\t\t<\/div>\n\t\t\t\t\t\t\t<div class=\"e-gallery-item elementor-gallery-item elementor-animated-content\">\n\t\t\t\t\t<div class=\"e-gallery-image elementor-gallery-item__image\" data-thumbnail=\"https:\/\/www.portovenere.fr\/fr-fr\/wp-content\/uploads\/2024\/03\/Carrelage-effet-ciment-Gris-Cenere-Pictural-a-montpellier-150x150.jpg\" data-width=\"150\" data-height=\"150\" aria-label=\"\" role=\"img\" ><\/div>\n\t\t\t\t\t\t\t\t\t\t\t<div class=\"elementor-gallery-item__overlay\"><\/div>\n\t\t\t\t\t\t\t\t\t\t\t\t\t\t<\/div>\n\t\t\t\t\t\t\t<div class=\"e-gallery-item elementor-gallery-item elementor-animated-content\">\n\t\t\t\t\t<div class=\"e-gallery-image elementor-gallery-item__image\" data-thumbnail=\"https:\/\/www.portovenere.fr\/fr-fr\/wp-content\/uploads\/2024\/03\/Carrelage-effet-ciment-Gris-Basalto-Pictural-a-montpellier-150x150.jpg\" data-width=\"150\" data-height=\"150\" aria-label=\"\" role=\"img\" ><\/div>\n\t\t\t\t\t\t\t\t\t\t\t<div class=\"elementor-gallery-item__overlay\"><\/div>\n\t\t\t\t\t\t\t\t\t\t\t\t\t\t<\/div>\n\t\t\t\t\t\t\t<div class=\"e-gallery-item elementor-gallery-item elementor-animated-content\">\n\t\t\t\t\t<div class=\"e-gallery-image elementor-gallery-item__image\" data-thumbnail=\"https:\/\/www.portovenere.fr\/fr-fr\/wp-content\/uploads\/2024\/03\/Carrelage-effet-ciment-Gris-Avio-Pictural-a-montpellier-150x150.jpg\" data-width=\"150\" data-height=\"150\" aria-label=\"\" role=\"img\" ><\/div>\n\t\t\t\t\t\t\t\t\t\t\t<div class=\"elementor-gallery-item__overlay\"><\/div>\n\t\t\t\t\t\t\t\t\t\t\t\t\t\t<\/div>\n\t\t\t\t\t\t\t<div class=\"e-gallery-item elementor-gallery-item elementor-animated-content\">\n\t\t\t\t\t<div class=\"e-gallery-image elementor-gallery-item__image\" data-thumbnail=\"https:\/\/www.portovenere.fr\/fr-fr\/wp-content\/uploads\/2024\/03\/Carrelage-effet-ciment-coloris-Cappuccino-Pictural-a-montpellier-150x150.jpg\" data-width=\"150\" data-height=\"150\" aria-label=\"\" role=\"img\" ><\/div>\n\t\t\t\t\t\t\t\t\t\t\t<div class=\"elementor-gallery-item__overlay\"><\/div>\n\t\t\t\t\t\t\t\t\t\t\t\t\t\t<\/div>\n\t\t\t\t\t\t\t<div class=\"e-gallery-item elementor-gallery-item elementor-animated-content\">\n\t\t\t\t\t<div class=\"e-gallery-image elementor-gallery-item__image\" data-thumbnail=\"https:\/\/www.portovenere.fr\/fr-fr\/wp-content\/uploads\/2024\/03\/Carrelage-effet-ciment-clair-Perla-Pictural-a-montpellier-150x150.jpg\" data-width=\"150\" data-height=\"150\" aria-label=\"\" role=\"img\" ><\/div>\n\t\t\t\t\t\t\t\t\t\t\t<div class=\"elementor-gallery-item__overlay\"><\/div>\n\t\t\t\t\t\t\t\t\t\t\t\t\t\t<\/div>\n\t\t\t\t\t\t\t<div class=\"e-gallery-item elementor-gallery-item elementor-animated-content\">\n\t\t\t\t\t<div class=\"e-gallery-image elementor-gallery-item__image\" data-thumbnail=\"https:\/\/www.portovenere.fr\/fr-fr\/wp-content\/uploads\/2024\/03\/Carrelage-effet-ciment-clair-Crema-Pictural-a-montpellier-150x150.jpg\" data-width=\"150\" data-height=\"150\" aria-label=\"\" role=\"img\" ><\/div>\n\t\t\t\t\t\t\t\t\t\t\t<div class=\"elementor-gallery-item__overlay\"><\/div>\n\t\t\t\t\t\t\t\t\t\t\t\t\t\t<\/div>\n\t\t\t\t\t\t\t<div class=\"e-gallery-item elementor-gallery-item elementor-animated-content\">\n\t\t\t\t\t<div class=\"e-gallery-image elementor-gallery-item__image\" data-thumbnail=\"https:\/\/www.portovenere.fr\/fr-fr\/wp-content\/uploads\/2024\/03\/Carrelage-mural-decor-jungle-xxl-120x278-cm-Carioca-face-A-Pictural-proche-de-Lattes-34-150x150.jpg\" data-width=\"150\" data-height=\"150\" aria-label=\"\" role=\"img\" ><\/div>\n\t\t\t\t\t\t\t\t\t\t\t<div class=\"elementor-gallery-item__overlay\"><\/div>\n\t\t\t\t\t\t\t\t\t\t\t\t\t\t<\/div>\n\t\t\t\t\t\t\t<div class=\"e-gallery-item elementor-gallery-item elementor-animated-content\">\n\t\t\t\t\t<div class=\"e-gallery-image elementor-gallery-item__image\" data-thumbnail=\"https:\/\/www.portovenere.fr\/fr-fr\/wp-content\/uploads\/2024\/03\/Carrelage-mural-decor-Pop-Art-xxl-120x278-cm-face-A-Pictural-proche-de-perols-34-150x150.jpg\" data-width=\"150\" data-height=\"150\" aria-label=\"\" role=\"img\" ><\/div>\n\t\t\t\t\t\t\t\t\t\t\t<div class=\"elementor-gallery-item__overlay\"><\/div>\n\t\t\t\t\t\t\t\t\t\t\t\t\t\t<\/div>\n\t\t\t\t\t\t\t<div class=\"e-gallery-item elementor-gallery-item elementor-animated-content\">\n\t\t\t\t\t<div class=\"e-gallery-image elementor-gallery-item__image\" data-thumbnail=\"https:\/\/www.portovenere.fr\/fr-fr\/wp-content\/uploads\/2024\/03\/Carrelage-mural-decor-floral-nature-xxl-120x278-cm-Peonia-face-B-Pictural-a-Montpellierl-34-150x150.jpg\" data-width=\"150\" data-height=\"150\" aria-label=\"\" role=\"img\" ><\/div>\n\t\t\t\t\t\t\t\t\t\t\t<div class=\"elementor-gallery-item__overlay\"><\/div>\n\t\t\t\t\t\t\t\t\t\t\t\t\t\t<\/div>\n\t\t\t\t\t<\/div>\n\t\t\t\t\t<\/div>\n\t\t\t\t<\/div>\n\t\t\t\t<div class=\"elementor-element elementor-element-db0e5eb elementor-widget elementor-widget-text-editor\" data-id=\"db0e5eb\" data-element_type=\"widget\" data-e-type=\"widget\" data-widget_type=\"text-editor.default\">\n\t\t\t\t<div class=\"elementor-widget-container\">\n\t\t\t\t\t\t\t\t\t<p>La collection de\u00a0<b>carrelage contemporain imitation b\u00e9ton color\u00e9 en gr\u00e8s c\u00e9rame PICTURAL<\/b>\u00a0aborde\u00a0<b>9 teintes<\/b>\u00a0tendances &amp; traditionnelles :<\/p><p><strong>C<\/strong><b>appuccino, Cr\u00e8me<\/b>\u00a0(Cr\u00e8ma),<b>\u00a0Perle<\/b>\u00a0(Perla),\u00a0<b>4 gris<\/b>\u00a0diff\u00e9rents (Avio, Cenere, Basalto,\u00a0Anthracite),\u00a0<b>Vert<\/b>\u00a0Salvia et Rouge\u00a0<b>Terracotta<\/b>\u00a0(Amarento).<\/p><p>Une finition effet\u00a0<b>b\u00e9ton lisse<\/b>\u00a0Silteck est propos\u00e9e dans de nombreux formats (\u00e9paisseur 9,5mm) :\u00a030\u00d760 cm,\u00a060\u00d760\u00a0cm,\u00a060\u00d7120\u00a0cm,\u00a080\u00d780\u00a0cm,\u00a0120\u00d7120\u00a0cm et en format XXL de 120\u00d7278 cm\u00a0(6,5mm fine \u00e9paisseur). Une<b> finition antid\u00e9rapante<\/b> est \u00e9galement disponible pour une terrasse, tour de piscine\u2026<\/p><p>Une<b> finition\u00a0b\u00e9ton stri\u00e9<\/b>\u00a0tout comme des <b>d\u00e9cors originaux <\/b>compl\u00e8tent cette collection de carrelage gr\u00e8s c\u00e9rame originale et contemporaine.<\/p>\t\t\t\t\t\t\t\t<\/div>\n\t\t\t\t<\/div>\n\t\t\t\t<div class=\"elementor-element elementor-element-586e3b4 elementor-mobile-align-center elementor-widget elementor-widget-button\" data-id=\"586e3b4\" data-element_type=\"widget\" data-e-type=\"widget\" data-widget_type=\"button.default\">\n\t\t\t\t<div class=\"elementor-widget-container\">\n\t\t\t\t\t\t\t\t\t<div class=\"elementor-button-wrapper\">\n\t\t\t\t\t<a class=\"elementor-button elementor-button-link elementor-size-sm\" href=\"https:\/\/www.portovenere.fr\/fr-fr\/carrelage-sol-et-mur-en-gres-cerame-et-faience\/carrelage-contemporain-et-design\/carrelage-contemporain-imitation-beton-colore-pictural\/\">\n\t\t\t\t\t\t<span class=\"elementor-button-content-wrapper\">\n\t\t\t\t\t\t\t\t\t<span class=\"elementor-button-text\">Voir la collection<\/span>\n\t\t\t\t\t<\/span>\n\t\t\t\t\t<\/a>\n\t\t\t\t<\/div>\n\t\t\t\t\t\t\t\t<\/div>\n\t\t\t\t<\/div>\n\t\t\t\t\t<\/div>\n\t\t<\/div>\n\t\t\t\t\t<\/div>\n\t\t<\/section>\n\t\t\t\t\t<\/div>\n\t\t<\/div>\n\t\t\t\t<div class=\"elementor-column elementor-col-33 elementor-top-column elementor-element elementor-element-1f16461d\" data-id=\"1f16461d\" data-element_type=\"column\" data-e-type=\"column\" data-settings=\"{&quot;background_background&quot;:&quot;gradient&quot;}\">\n\t\t\t<div class=\"elementor-widget-wrap elementor-element-populated\">\n\t\t\t\t\t\t<div class=\"elementor-element elementor-element-1f3959 elementor-widget elementor-widget-image\" data-id=\"1f3959\" data-element_type=\"widget\" data-e-type=\"widget\" data-widget_type=\"image.default\">\n\t\t\t\t<div class=\"elementor-widget-container\">\n\t\t\t\t\t\t\t\t\t\t\t\t\t\t\t\t<a href=\"https:\/\/www.portovenere.fr\/fr-fr\/carrelage-sol-et-mur-en-gres-cerame-et-faience\/carrelage-contemporain-et-design\/carrelage-contemporain-aspect-beton-cement-project\/\">\n\t\t\t\t\t\t\t<img loading=\"lazy\" decoding=\"async\" width=\"768\" height=\"576\" src=\"https:\/\/www.portovenere.fr\/fr-fr\/wp-content\/uploads\/2019\/08\/Cement-project-color-10-land-lapatto-au-sol-et-color10-work-au-mur-768x576.jpg\" class=\"attachment-medium_large size-medium_large wp-image-12103\" alt=\"\" srcset=\"https:\/\/www.portovenere.fr\/fr-fr\/wp-content\/uploads\/2019\/08\/Cement-project-color-10-land-lapatto-au-sol-et-color10-work-au-mur-768x576.jpg 768w, https:\/\/www.portovenere.fr\/fr-fr\/wp-content\/uploads\/2019\/08\/Cement-project-color-10-land-lapatto-au-sol-et-color10-work-au-mur-300x225.jpg 300w, https:\/\/www.portovenere.fr\/fr-fr\/wp-content\/uploads\/2019\/08\/Cement-project-color-10-land-lapatto-au-sol-et-color10-work-au-mur.jpg 1000w\" sizes=\"(max-width: 768px) 100vw, 768px\" \/>\t\t\t\t\t\t\t\t<\/a>\n\t\t\t\t\t\t\t\t\t\t\t\t\t\t\t<\/div>\n\t\t\t\t<\/div>\n\t\t\t\t<div class=\"elementor-element elementor-element-5d95aa45 elementor-widget elementor-widget-heading\" data-id=\"5d95aa45\" data-element_type=\"widget\" data-e-type=\"widget\" data-widget_type=\"heading.default\">\n\t\t\t\t<div class=\"elementor-widget-container\">\n\t\t\t\t\t<h3 class=\"elementor-heading-title elementor-size-default\"><a href=\"https:\/\/www.portovenere.fr\/fr-fr\/carrelage-sol-et-mur-en-gres-cerame-et-faience\/carrelage-contemporain-et-design\/carrelage-contemporain-aspect-beton-cement-project\/\">CEMENT PROJECT 5,5 mm | 3 coloris<\/a><\/h3>\t\t\t\t<\/div>\n\t\t\t\t<\/div>\n\t\t\t\t<div class=\"elementor-element elementor-element-3d37c8c elementor-widget__width-initial elementor-widget elementor-widget-gallery\" data-id=\"3d37c8c\" data-element_type=\"widget\" data-e-type=\"widget\" data-settings=\"{&quot;gap&quot;:{&quot;unit&quot;:&quot;px&quot;,&quot;size&quot;:3,&quot;sizes&quot;:[]},&quot;columns_mobile&quot;:3,&quot;gap_mobile&quot;:{&quot;unit&quot;:&quot;px&quot;,&quot;size&quot;:6,&quot;sizes&quot;:[]},&quot;columns&quot;:5,&quot;columns_tablet&quot;:3,&quot;gap_tablet&quot;:{&quot;unit&quot;:&quot;px&quot;,&quot;size&quot;:5,&quot;sizes&quot;:[]},&quot;lazyload&quot;:&quot;yes&quot;,&quot;gallery_layout&quot;:&quot;grid&quot;,&quot;aspect_ratio&quot;:&quot;3:2&quot;,&quot;overlay_background&quot;:&quot;yes&quot;,&quot;content_hover_animation&quot;:&quot;fade-in&quot;}\" data-widget_type=\"gallery.default\">\n\t\t\t\t<div class=\"elementor-widget-container\">\n\t\t\t\t\t\t\t<div class=\"elementor-gallery__container\">\n\t\t\t\t\t\t\t<div class=\"e-gallery-item elementor-gallery-item elementor-animated-content\">\n\t\t\t\t\t<div class=\"e-gallery-image elementor-gallery-item__image\" data-thumbnail=\"https:\/\/www.portovenere.fr\/fr-fr\/wp-content\/uploads\/2019\/08\/Cement-project-color10-cem-150x150.jpg\" data-width=\"150\" data-height=\"150\" aria-label=\"\" role=\"img\" ><\/div>\n\t\t\t\t\t\t\t\t\t\t\t<div class=\"elementor-gallery-item__overlay\"><\/div>\n\t\t\t\t\t\t\t\t\t\t\t\t\t\t<\/div>\n\t\t\t\t\t\t\t<div class=\"e-gallery-item elementor-gallery-item elementor-animated-content\">\n\t\t\t\t\t<div class=\"e-gallery-image elementor-gallery-item__image\" data-thumbnail=\"https:\/\/www.portovenere.fr\/fr-fr\/wp-content\/uploads\/2019\/08\/Cement-project-color10-land-150x150.jpg\" data-width=\"150\" data-height=\"150\" aria-label=\"\" role=\"img\" ><\/div>\n\t\t\t\t\t\t\t\t\t\t\t<div class=\"elementor-gallery-item__overlay\"><\/div>\n\t\t\t\t\t\t\t\t\t\t\t\t\t\t<\/div>\n\t\t\t\t\t\t\t<div class=\"e-gallery-item elementor-gallery-item elementor-animated-content\">\n\t\t\t\t\t<div class=\"e-gallery-image elementor-gallery-item__image\" data-thumbnail=\"https:\/\/www.portovenere.fr\/fr-fr\/wp-content\/uploads\/2019\/08\/Cement-project-color20-cem-150x150.jpg\" data-width=\"150\" data-height=\"150\" aria-label=\"\" role=\"img\" ><\/div>\n\t\t\t\t\t\t\t\t\t\t\t<div class=\"elementor-gallery-item__overlay\"><\/div>\n\t\t\t\t\t\t\t\t\t\t\t\t\t\t<\/div>\n\t\t\t\t\t\t\t<div class=\"e-gallery-item elementor-gallery-item elementor-animated-content\">\n\t\t\t\t\t<div class=\"e-gallery-image elementor-gallery-item__image\" data-thumbnail=\"https:\/\/www.portovenere.fr\/fr-fr\/wp-content\/uploads\/2019\/08\/Cement-project-color20-land-150x150.jpg\" data-width=\"150\" data-height=\"150\" aria-label=\"\" role=\"img\" ><\/div>\n\t\t\t\t\t\t\t\t\t\t\t<div class=\"elementor-gallery-item__overlay\"><\/div>\n\t\t\t\t\t\t\t\t\t\t\t\t\t\t<\/div>\n\t\t\t\t\t\t\t<div class=\"e-gallery-item elementor-gallery-item elementor-animated-content\">\n\t\t\t\t\t<div class=\"e-gallery-image elementor-gallery-item__image\" data-thumbnail=\"https:\/\/www.portovenere.fr\/fr-fr\/wp-content\/uploads\/2019\/08\/Cement-project-color30-cem-150x150.jpg\" data-width=\"150\" data-height=\"150\" aria-label=\"\" role=\"img\" ><\/div>\n\t\t\t\t\t\t\t\t\t\t\t<div class=\"elementor-gallery-item__overlay\"><\/div>\n\t\t\t\t\t\t\t\t\t\t\t\t\t\t<\/div>\n\t\t\t\t\t<\/div>\n\t\t\t\t\t<\/div>\n\t\t\t\t<\/div>\n\t\t\t\t<div class=\"elementor-element elementor-element-2664e7b elementor-widget elementor-widget-text-editor\" data-id=\"2664e7b\" data-element_type=\"widget\" data-e-type=\"widget\" data-widget_type=\"text-editor.default\">\n\t\t\t\t<div class=\"elementor-widget-container\">\n\t\t\t\t\t\t\t\t\t<p>Carrelage de sol et mur en gr\u00e8s c\u00e9rame aspect b\u00e9ton disponible en 3 nuances de gris et d\u00e9clin\u00e9 sous 2 finitions : Cem, Land <span style=\"color: var( --e-global-color-text ); background-color: transparent;\">pour les Color 10 et 20, et 1 finition pour le Color 30<\/span><span style=\"color: var( --e-global-color-text ); background-color: transparent;\">. Plusieurs formats disponibles jusqu&rsquo;au 100x300cm pour une pose en int\u00e9rieur et en ext\u00e9rieur.<\/span><\/p>\t\t\t\t\t\t\t\t<\/div>\n\t\t\t\t<\/div>\n\t\t\t\t<div class=\"elementor-element elementor-element-5ceba4e0 elementor-mobile-align-center elementor-widget elementor-widget-button\" data-id=\"5ceba4e0\" data-element_type=\"widget\" data-e-type=\"widget\" data-widget_type=\"button.default\">\n\t\t\t\t<div class=\"elementor-widget-container\">\n\t\t\t\t\t\t\t\t\t<div class=\"elementor-button-wrapper\">\n\t\t\t\t\t<a class=\"elementor-button elementor-button-link elementor-size-sm\" href=\"https:\/\/www.portovenere.fr\/fr-fr\/carrelage-sol-et-mur-en-gres-cerame-et-faience\/carrelage-contemporain-et-design\/carrelage-contemporain-aspect-beton-cement-project\/\">\n\t\t\t\t\t\t<span class=\"elementor-button-content-wrapper\">\n\t\t\t\t\t\t\t\t\t<span class=\"elementor-button-text\">Voir la collection<\/span>\n\t\t\t\t\t<\/span>\n\t\t\t\t\t<\/a>\n\t\t\t\t<\/div>\n\t\t\t\t\t\t\t\t<\/div>\n\t\t\t\t<\/div>\n\t\t\t\t\t<\/div>\n\t\t<\/div>\n\t\t\t\t\t<\/div>\n\t\t<\/section>\n\t\t\t\t<section class=\"elementor-section elementor-top-section elementor-element elementor-element-3956b808 elementor-section-full_width elementor-section-height-default elementor-section-height-default\" data-id=\"3956b808\" data-element_type=\"section\" data-e-type=\"section\" data-settings=\"{&quot;background_background&quot;:&quot;classic&quot;}\">\n\t\t\t\t\t\t<div class=\"elementor-container elementor-column-gap-default\">\n\t\t\t\t\t<div class=\"elementor-column elementor-col-33 elementor-top-column elementor-element elementor-element-416db26\" data-id=\"416db26\" data-element_type=\"column\" data-e-type=\"column\" data-settings=\"{&quot;background_background&quot;:&quot;classic&quot;}\">\n\t\t\t<div class=\"elementor-widget-wrap elementor-element-populated\">\n\t\t\t\t\t\t<div class=\"elementor-element elementor-element-6606020 elementor-widget elementor-widget-image\" data-id=\"6606020\" data-element_type=\"widget\" data-e-type=\"widget\" data-widget_type=\"image.default\">\n\t\t\t\t<div class=\"elementor-widget-container\">\n\t\t\t\t\t\t\t\t\t\t\t\t\t\t\t\t<a href=\"https:\/\/www.portovenere.fr\/fr-fr\/carrelage-sol-et-mur-en-gres-cerame-et-faience\/carrelage-aspect-marbre\/carrelage-gres-cerame-effet-onyx-paradigme\/\">\n\t\t\t\t\t\t\t<img decoding=\"async\" src=\"https:\/\/www.portovenere.fr\/fr-fr\/wp-content\/uploads\/elementor\/thumbs\/Carrelage-haut-de-gamme-gres-cerame-fine-epaisseur-6mm-effet-onyx-Paradigme-Almond-et-Caramel-maxi-format-hotel-proche-de-Annecy-74-r8ifnl3vjltx6ektzsbj33hb837ro02ezxrihsm3vc.jpg\" title=\"Carrelage-haut-de-gamme-gr\u00e8s-c\u00e9rame-fine-\u00e9paisseur-6mm-effet-onyx-Paradigme-Almond-et-Caramel-maxi-format-h\u00f4tel-proche-de-Annecy-74\" alt=\"Carrelage-haut-de-gamme-gr\u00e8s-c\u00e9rame-fine-\u00e9paisseur-6mm-effet-onyx-Paradigme-Almond-et-Caramel-maxi-format-h\u00f4tel-proche-de-Annecy-74\" loading=\"lazy\" \/>\t\t\t\t\t\t\t\t<\/a>\n\t\t\t\t\t\t\t\t\t\t\t\t\t\t\t<\/div>\n\t\t\t\t<\/div>\n\t\t\t\t<div class=\"elementor-element elementor-element-00f1544 elementor-widget elementor-widget-heading\" data-id=\"00f1544\" data-element_type=\"widget\" data-e-type=\"widget\" data-widget_type=\"heading.default\">\n\t\t\t\t<div class=\"elementor-widget-container\">\n\t\t\t\t\t<h3 class=\"elementor-heading-title elementor-size-default\"><a href=\"https:\/\/www.portovenere.fr\/fr-fr\/carrelage-sol-et-mur-en-gres-cerame-et-faience\/carrelage-aspect-marbre\/carrelage-gres-cerame-effet-onyx-paradigme\/\">PARADIGME | 6 coloris &amp; 1 d\u00e9cor<\/a><\/h3>\t\t\t\t<\/div>\n\t\t\t\t<\/div>\n\t\t\t\t<div class=\"elementor-element elementor-element-9a4e21f elementor-widget__width-initial elementor-widget elementor-widget-gallery\" data-id=\"9a4e21f\" data-element_type=\"widget\" data-e-type=\"widget\" data-settings=\"{&quot;gap&quot;:{&quot;unit&quot;:&quot;px&quot;,&quot;size&quot;:3,&quot;sizes&quot;:[]},&quot;columns_mobile&quot;:3,&quot;gap_mobile&quot;:{&quot;unit&quot;:&quot;px&quot;,&quot;size&quot;:6,&quot;sizes&quot;:[]},&quot;columns&quot;:5,&quot;columns_tablet&quot;:3,&quot;gap_tablet&quot;:{&quot;unit&quot;:&quot;px&quot;,&quot;size&quot;:5,&quot;sizes&quot;:[]},&quot;lazyload&quot;:&quot;yes&quot;,&quot;gallery_layout&quot;:&quot;grid&quot;,&quot;aspect_ratio&quot;:&quot;3:2&quot;,&quot;overlay_background&quot;:&quot;yes&quot;,&quot;content_hover_animation&quot;:&quot;fade-in&quot;}\" data-widget_type=\"gallery.default\">\n\t\t\t\t<div class=\"elementor-widget-container\">\n\t\t\t\t\t\t\t<div class=\"elementor-gallery__container\">\n\t\t\t\t\t\t\t<div class=\"e-gallery-item elementor-gallery-item elementor-animated-content\">\n\t\t\t\t\t<div class=\"e-gallery-image elementor-gallery-item__image\" data-thumbnail=\"https:\/\/www.portovenere.fr\/fr-fr\/wp-content\/uploads\/2024\/10\/Carrelage-gres-cerame-Onyx-vert-haut-de-gamme-Paradigme-Mint-effet-marbre-pour-sol-et-mur-proche-de-Castelnau-le-lez-Herault-34-150x150.jpg\" data-width=\"150\" data-height=\"150\" aria-label=\"\" role=\"img\" ><\/div>\n\t\t\t\t\t\t\t\t\t\t\t<div class=\"elementor-gallery-item__overlay\"><\/div>\n\t\t\t\t\t\t\t\t\t\t\t\t\t\t<\/div>\n\t\t\t\t\t\t\t<div class=\"e-gallery-item elementor-gallery-item elementor-animated-content\">\n\t\t\t\t\t<div class=\"e-gallery-image elementor-gallery-item__image\" data-thumbnail=\"https:\/\/www.portovenere.fr\/fr-fr\/wp-content\/uploads\/2024\/10\/Carrelage-gres-cerame-Onyx-noir-velour-Paradigme-black-effet-marbre-pour-sol-et-mur-proche-de-Clapiers-Herault-34-150x150.jpg\" data-width=\"150\" data-height=\"150\" aria-label=\"\" role=\"img\" ><\/div>\n\t\t\t\t\t\t\t\t\t\t\t<div class=\"elementor-gallery-item__overlay\"><\/div>\n\t\t\t\t\t\t\t\t\t\t\t\t\t\t<\/div>\n\t\t\t\t\t\t\t<div class=\"e-gallery-item elementor-gallery-item elementor-animated-content\">\n\t\t\t\t\t<div class=\"e-gallery-image elementor-gallery-item__image\" data-thumbnail=\"https:\/\/www.portovenere.fr\/fr-fr\/wp-content\/uploads\/2024\/10\/Carrelage-gres-cerame-Onyx-blanc-creme-velour-Paradigme-White-pour-sol-et-mur-proche-de-Sete-Herault-34-1-150x150.jpg\" data-width=\"150\" data-height=\"150\" aria-label=\"\" role=\"img\" ><\/div>\n\t\t\t\t\t\t\t\t\t\t\t<div class=\"elementor-gallery-item__overlay\"><\/div>\n\t\t\t\t\t\t\t\t\t\t\t\t\t\t<\/div>\n\t\t\t\t\t\t\t<div class=\"e-gallery-item elementor-gallery-item elementor-animated-content\">\n\t\t\t\t\t<div class=\"e-gallery-image elementor-gallery-item__image\" data-thumbnail=\"https:\/\/www.portovenere.fr\/fr-fr\/wp-content\/uploads\/2024\/10\/Carrelage-gres-cerame-Onyx-effet-marbre-haut-de-gamme-Paradigme-Caramel-pour-sol-et-mur-proche-de-Saint-Clement-de-Riviere-Herault-34-150x150.jpg\" data-width=\"150\" data-height=\"150\" aria-label=\"\" role=\"img\" ><\/div>\n\t\t\t\t\t\t\t\t\t\t\t<div class=\"elementor-gallery-item__overlay\"><\/div>\n\t\t\t\t\t\t\t\t\t\t\t\t\t\t<\/div>\n\t\t\t\t\t\t\t<div class=\"e-gallery-item elementor-gallery-item elementor-animated-content\">\n\t\t\t\t\t<div class=\"e-gallery-image elementor-gallery-item__image\" data-thumbnail=\"https:\/\/www.portovenere.fr\/fr-fr\/wp-content\/uploads\/2024\/10\/Carrelage-gres-cerame-Onyx-haut-de-gamme-Paradigme-Sage-effet-marbre-pour-sol-et-mur-proche-de-Agde-Herault-34-150x150.jpg\" data-width=\"150\" data-height=\"150\" aria-label=\"\" role=\"img\" ><\/div>\n\t\t\t\t\t\t\t\t\t\t\t<div class=\"elementor-gallery-item__overlay\"><\/div>\n\t\t\t\t\t\t\t\t\t\t\t\t\t\t<\/div>\n\t\t\t\t\t\t\t<div class=\"e-gallery-item elementor-gallery-item elementor-animated-content\">\n\t\t\t\t\t<div class=\"e-gallery-image elementor-gallery-item__image\" data-thumbnail=\"https:\/\/www.portovenere.fr\/fr-fr\/wp-content\/uploads\/2024\/10\/Carrelage-gres-cerame-Onyx-effet-marbre-haut-de-gamme-Paradigme-Almond-pour-sol-et-mur-proche-de-Pezenas-Herault-34-150x150.jpg\" data-width=\"150\" data-height=\"150\" aria-label=\"\" role=\"img\" ><\/div>\n\t\t\t\t\t\t\t\t\t\t\t<div class=\"elementor-gallery-item__overlay\"><\/div>\n\t\t\t\t\t\t\t\t\t\t\t\t\t\t<\/div>\n\t\t\t\t\t\t\t<div class=\"e-gallery-item elementor-gallery-item elementor-animated-content\">\n\t\t\t\t\t<div class=\"e-gallery-image elementor-gallery-item__image\" data-thumbnail=\"https:\/\/www.portovenere.fr\/fr-fr\/wp-content\/uploads\/2024\/10\/Carrelage-fine-epaisseur-26x26-cm-effet-marbre-blanc-et-noir-decor-Charm-Paradigme-pres-de-Bouzigues-34-150x150.jpg\" data-width=\"150\" data-height=\"150\" aria-label=\"\" role=\"img\" ><\/div>\n\t\t\t\t\t\t\t\t\t\t\t<div class=\"elementor-gallery-item__overlay\"><\/div>\n\t\t\t\t\t\t\t\t\t\t\t\t\t\t<\/div>\n\t\t\t\t\t<\/div>\n\t\t\t\t\t<\/div>\n\t\t\t\t<\/div>\n\t\t\t\t<div class=\"elementor-element elementor-element-a81efc6 elementor-widget elementor-widget-text-editor\" data-id=\"a81efc6\" data-element_type=\"widget\" data-e-type=\"widget\" data-widget_type=\"text-editor.default\">\n\t\t\t\t<div class=\"elementor-widget-container\">\n\t\t\t\t\t\t\t\t\t<p>Ce<b>\u00a0carrelage\u00a0gr\u00e8s c\u00e9rame<\/b>\u00a0effet Onyx est con\u00e7u pour une\u00a0<b>pose murale\u00a0<\/b>mais aussi une<b>\u00a0pose au sol\u00a0<\/b>gr\u00e2ce \u00e0 ses\u00a0<b>deux finitions :<\/b>\u00a0Glossy\u00a0<b>Brillant\u00a0<\/b>et\u00a0<b>Comfort R10 PTV.<\/b><\/p><p>Ce<b>\u00a0<\/b>gr\u00e8s c\u00e9rame de\u00a0<b>haut qualit\u00e9<\/b>\u00a0propose\u00a0<b>6\u00a0coloris<\/b>\u00a0<b>intenses\u00a0<\/b>: blanc (cloudy white), noir (smoky black), caramel, sage, menthe (mint), amande (almond).<\/p><p>La collection Paradigme propose des<b>\u00a0formats en fine \u00e9paisseur de 6 mm<\/b>\u00a0: <b>maxi format XXL 120 x 280 cm, 120 x 240 cm, 120 x120 cm<\/b>, 60 x120 cm en\u00a0<b>finition brillante<\/b>.\u00a0<\/p><p>Une\u00a0\u00e9paisseur de 9 mm\u00a0est propos\u00e9e en format 80 x 180 cm brillant et 60 x 120 cm en brillant mais aussi en\u00a0finition Comfort qui assure une r\u00e9sistance au glissement.<\/p>\t\t\t\t\t\t\t\t<\/div>\n\t\t\t\t<\/div>\n\t\t\t\t<div class=\"elementor-element elementor-element-4648fce elementor-mobile-align-center elementor-align-left elementor-widget elementor-widget-button\" data-id=\"4648fce\" data-element_type=\"widget\" data-e-type=\"widget\" data-widget_type=\"button.default\">\n\t\t\t\t<div class=\"elementor-widget-container\">\n\t\t\t\t\t\t\t\t\t<div class=\"elementor-button-wrapper\">\n\t\t\t\t\t<a class=\"elementor-button elementor-button-link elementor-size-sm\" href=\"https:\/\/www.portovenere.fr\/fr-fr\/carrelage-sol-et-mur-en-gres-cerame-et-faience\/carrelage-aspect-marbre\/carrelage-gres-cerame-effet-onyx-paradigme\/\">\n\t\t\t\t\t\t<span class=\"elementor-button-content-wrapper\">\n\t\t\t\t\t\t\t\t\t<span class=\"elementor-button-text\">Voir la collection<\/span>\n\t\t\t\t\t<\/span>\n\t\t\t\t\t<\/a>\n\t\t\t\t<\/div>\n\t\t\t\t\t\t\t\t<\/div>\n\t\t\t\t<\/div>\n\t\t\t\t\t<\/div>\n\t\t<\/div>\n\t\t\t\t<div class=\"elementor-column elementor-col-33 elementor-top-column elementor-element elementor-element-8c272b4 elementor-invisible\" data-id=\"8c272b4\" data-element_type=\"column\" data-e-type=\"column\" data-settings=\"{&quot;animation&quot;:&quot;fadeIn&quot;,&quot;background_background&quot;:&quot;classic&quot;}\">\n\t\t\t<div class=\"elementor-widget-wrap elementor-element-populated\">\n\t\t\t\t\t\t<div class=\"elementor-element elementor-element-d644842 elementor-widget elementor-widget-image\" data-id=\"d644842\" data-element_type=\"widget\" data-e-type=\"widget\" data-widget_type=\"image.default\">\n\t\t\t\t<div class=\"elementor-widget-container\">\n\t\t\t\t\t\t\t\t\t\t\t\t\t\t\t\t<a href=\"https:\/\/www.portovenere.fr\/fr-fr\/carrelage-sol-et-mur-en-gres-cerame-et-faience\/carrelage-contemporain-et-design\/carrelage-sol-et-mur-effet-beton-colore-haze\/\">\n\t\t\t\t\t\t\t<img decoding=\"async\" src=\"https:\/\/www.portovenere.fr\/fr-fr\/wp-content\/uploads\/elementor\/thumbs\/Amenagement-salle-de-bain-design-carrelage-bleu-et-credence-style-terrazzo-bianco-coccio-collection-HAZE-a-Montpellier-34--r8ig0to1slyaopclp0bdp980efyv2jmbtgiot2zi8o.jpg\" title=\"Am\u00e9nagement-salle-de-bain-design-carrelage-bleu-et-cr\u00e9dence-style-terrazzo-bianco-coccio-collection-HAZE-\u00e0-Montpellier-34-\" alt=\"Cr\u00e9dence Coccio Bianco 80x80 cm et sols et murs Cielo 40x80 \/ 80x80 cm\" loading=\"lazy\" \/>\t\t\t\t\t\t\t\t<\/a>\n\t\t\t\t\t\t\t\t\t\t\t\t\t\t\t<\/div>\n\t\t\t\t<\/div>\n\t\t\t\t<div class=\"elementor-element elementor-element-f066635 elementor-widget elementor-widget-heading\" data-id=\"f066635\" data-element_type=\"widget\" data-e-type=\"widget\" data-widget_type=\"heading.default\">\n\t\t\t\t<div class=\"elementor-widget-container\">\n\t\t\t\t\t<h3 class=\"elementor-heading-title elementor-size-default\"><a href=\"https:\/\/www.portovenere.fr\/fr-fr\/carrelage-sol-et-mur-en-gres-cerame-et-faience\/carrelage-contemporain-et-design\/carrelage-sol-et-mur-effet-beton-colore-haze\/\">HAZE 6mm | 14 coloris &amp; d\u00e9cors<\/a><\/h3>\t\t\t\t<\/div>\n\t\t\t\t<\/div>\n\t\t\t\t<div class=\"elementor-element elementor-element-ef2e439 elementor-widget__width-initial elementor-widget elementor-widget-gallery\" data-id=\"ef2e439\" data-element_type=\"widget\" data-e-type=\"widget\" data-settings=\"{&quot;gap&quot;:{&quot;unit&quot;:&quot;px&quot;,&quot;size&quot;:3,&quot;sizes&quot;:[]},&quot;columns_mobile&quot;:3,&quot;gap_mobile&quot;:{&quot;unit&quot;:&quot;px&quot;,&quot;size&quot;:6,&quot;sizes&quot;:[]},&quot;columns&quot;:5,&quot;columns_tablet&quot;:3,&quot;gap_tablet&quot;:{&quot;unit&quot;:&quot;px&quot;,&quot;size&quot;:5,&quot;sizes&quot;:[]},&quot;lazyload&quot;:&quot;yes&quot;,&quot;gallery_layout&quot;:&quot;grid&quot;,&quot;aspect_ratio&quot;:&quot;3:2&quot;,&quot;overlay_background&quot;:&quot;yes&quot;,&quot;content_hover_animation&quot;:&quot;fade-in&quot;}\" data-widget_type=\"gallery.default\">\n\t\t\t\t<div class=\"elementor-widget-container\">\n\t\t\t\t\t\t\t<div class=\"elementor-gallery__container\">\n\t\t\t\t\t\t\t<div class=\"e-gallery-item elementor-gallery-item elementor-animated-content\">\n\t\t\t\t\t<div class=\"e-gallery-image elementor-gallery-item__image\" data-thumbnail=\"https:\/\/www.portovenere.fr\/fr-fr\/wp-content\/uploads\/2025\/05\/Carrelage-colore-effet-beton-lisse-bleu-nombreux-coloris-HAZE-Cielo-magasin-carrelage-interieur-exterieur-Porto-Venere-pres-de-Clapiers-34-150x150.jpg\" data-width=\"150\" data-height=\"150\" aria-label=\"\" role=\"img\" ><\/div>\n\t\t\t\t\t\t\t\t\t\t\t<div class=\"elementor-gallery-item__overlay\"><\/div>\n\t\t\t\t\t\t\t\t\t\t\t\t\t\t<\/div>\n\t\t\t\t\t\t\t<div class=\"e-gallery-item elementor-gallery-item elementor-animated-content\">\n\t\t\t\t\t<div class=\"e-gallery-image elementor-gallery-item__image\" data-thumbnail=\"https:\/\/www.portovenere.fr\/fr-fr\/wp-content\/uploads\/2025\/05\/Carrelage-colore-effet-beton-lisse-clair-nombreux-coloris-HAZE-Avorio-magasin-carrelage-interieur-exterieur-Porto-Venere-pres-de-Castelnau-le-Lez-34-150x150.jpg\" data-width=\"150\" data-height=\"150\" aria-label=\"\" role=\"img\" ><\/div>\n\t\t\t\t\t\t\t\t\t\t\t<div class=\"elementor-gallery-item__overlay\"><\/div>\n\t\t\t\t\t\t\t\t\t\t\t\t\t\t<\/div>\n\t\t\t\t\t\t\t<div class=\"e-gallery-item elementor-gallery-item elementor-animated-content\">\n\t\t\t\t\t<div class=\"e-gallery-image elementor-gallery-item__image\" data-thumbnail=\"https:\/\/www.portovenere.fr\/fr-fr\/wp-content\/uploads\/2025\/05\/Carrelage-colore-effet-beton-lisse-fonce-nombreux-coloris-HAZE-Nero-magasin-carrelage-interieur-exterieur-Porto-Venere-pres-de-Castelnau-le-Lez-34-150x150.jpg\" data-width=\"150\" data-height=\"150\" aria-label=\"\" role=\"img\" ><\/div>\n\t\t\t\t\t\t\t\t\t\t\t<div class=\"elementor-gallery-item__overlay\"><\/div>\n\t\t\t\t\t\t\t\t\t\t\t\t\t\t<\/div>\n\t\t\t\t\t\t\t<div class=\"e-gallery-item elementor-gallery-item elementor-animated-content\">\n\t\t\t\t\t<div class=\"e-gallery-image elementor-gallery-item__image\" data-thumbnail=\"https:\/\/www.portovenere.fr\/fr-fr\/wp-content\/uploads\/2025\/05\/Carrelage-colore-effet-beton-lisse-jaune-pale-nombreux-coloris-HAZE-Luce-magasin-carrelage-interieur-exterieur-Porto-Venere-a-Montpellier-34-150x150.jpg\" data-width=\"150\" data-height=\"150\" aria-label=\"\" role=\"img\" ><\/div>\n\t\t\t\t\t\t\t\t\t\t\t<div class=\"elementor-gallery-item__overlay\"><\/div>\n\t\t\t\t\t\t\t\t\t\t\t\t\t\t<\/div>\n\t\t\t\t\t\t\t<div class=\"e-gallery-item elementor-gallery-item elementor-animated-content\">\n\t\t\t\t\t<div class=\"e-gallery-image elementor-gallery-item__image\" data-thumbnail=\"https:\/\/www.portovenere.fr\/fr-fr\/wp-content\/uploads\/2025\/05\/Carrelage-colore-effet-beton-lisse-nombreux-coloris-HAZE-Antracite-magasin-carrelage-interieur-exterieur-Porto-Venere-pres-de-Meze-34-150x150.jpg\" data-width=\"150\" data-height=\"150\" aria-label=\"\" role=\"img\" ><\/div>\n\t\t\t\t\t\t\t\t\t\t\t<div class=\"elementor-gallery-item__overlay\"><\/div>\n\t\t\t\t\t\t\t\t\t\t\t\t\t\t<\/div>\n\t\t\t\t\t\t\t<div class=\"e-gallery-item elementor-gallery-item elementor-animated-content\">\n\t\t\t\t\t<div class=\"e-gallery-image elementor-gallery-item__image\" data-thumbnail=\"https:\/\/www.portovenere.fr\/fr-fr\/wp-content\/uploads\/2025\/05\/Carrelage-colore-effet-beton-lisse-nombreux-coloris-HAZE-Cipria-magasin-carrelage-interieur-exterieur-Porto-Venere-pres-de-Saint-Gely-du-Fesc-34-150x150.jpg\" data-width=\"150\" data-height=\"150\" aria-label=\"\" role=\"img\" ><\/div>\n\t\t\t\t\t\t\t\t\t\t\t<div class=\"elementor-gallery-item__overlay\"><\/div>\n\t\t\t\t\t\t\t\t\t\t\t\t\t\t<\/div>\n\t\t\t\t\t\t\t<div class=\"e-gallery-item elementor-gallery-item elementor-animated-content\">\n\t\t\t\t\t<div class=\"e-gallery-image elementor-gallery-item__image\" data-thumbnail=\"https:\/\/www.portovenere.fr\/fr-fr\/wp-content\/uploads\/2025\/05\/Carrelage-colore-effet-beton-lisse-nombreux-coloris-HAZE-Fiamma-magasin-carrelage-interieur-exterieur-Porto-Venere-pres-de-Pezenas-34-150x150.jpg\" data-width=\"150\" data-height=\"150\" aria-label=\"\" role=\"img\" ><\/div>\n\t\t\t\t\t\t\t\t\t\t\t<div class=\"elementor-gallery-item__overlay\"><\/div>\n\t\t\t\t\t\t\t\t\t\t\t\t\t\t<\/div>\n\t\t\t\t\t\t\t<div class=\"e-gallery-item elementor-gallery-item elementor-animated-content\">\n\t\t\t\t\t<div class=\"e-gallery-image elementor-gallery-item__image\" data-thumbnail=\"https:\/\/www.portovenere.fr\/fr-fr\/wp-content\/uploads\/2025\/05\/Carrelage-colore-effet-beton-lisse-nombreux-coloris-HAZE-Grigio-magasin-carrelage-interieur-exterieur-Porto-Venere-pres-de-Agde-34-150x150.jpg\" data-width=\"150\" data-height=\"150\" aria-label=\"\" role=\"img\" ><\/div>\n\t\t\t\t\t\t\t\t\t\t\t<div class=\"elementor-gallery-item__overlay\"><\/div>\n\t\t\t\t\t\t\t\t\t\t\t\t\t\t<\/div>\n\t\t\t\t\t\t\t<div class=\"e-gallery-item elementor-gallery-item elementor-animated-content\">\n\t\t\t\t\t<div class=\"e-gallery-image elementor-gallery-item__image\" data-thumbnail=\"https:\/\/www.portovenere.fr\/fr-fr\/wp-content\/uploads\/2025\/05\/Carrelage-colore-effet-beton-lisse-nombreux-coloris-HAZE-Marrone-magasin-carrelage-interieur-exterieur-Porto-Venere-pres-de-Lattes-34-150x150.jpg\" data-width=\"150\" data-height=\"150\" aria-label=\"\" role=\"img\" ><\/div>\n\t\t\t\t\t\t\t\t\t\t\t<div class=\"elementor-gallery-item__overlay\"><\/div>\n\t\t\t\t\t\t\t\t\t\t\t\t\t\t<\/div>\n\t\t\t\t\t\t\t<div class=\"e-gallery-item elementor-gallery-item elementor-animated-content\">\n\t\t\t\t\t<div class=\"e-gallery-image elementor-gallery-item__image\" data-thumbnail=\"https:\/\/www.portovenere.fr\/fr-fr\/wp-content\/uploads\/2025\/05\/Carrelage-colore-effet-beton-lisse-nombreux-coloris-HAZE-Salvia-magasin-carrelage-interieur-exterieur-Porto-Venere-pres-de-Sete-34-150x150.jpg\" data-width=\"150\" data-height=\"150\" aria-label=\"\" role=\"img\" ><\/div>\n\t\t\t\t\t\t\t\t\t\t\t<div class=\"elementor-gallery-item__overlay\"><\/div>\n\t\t\t\t\t\t\t\t\t\t\t\t\t\t<\/div>\n\t\t\t\t\t\t\t<div class=\"e-gallery-item elementor-gallery-item elementor-animated-content\">\n\t\t\t\t\t<div class=\"e-gallery-image elementor-gallery-item__image\" data-thumbnail=\"https:\/\/www.portovenere.fr\/fr-fr\/wp-content\/uploads\/2025\/05\/Carrelage-colore-effet-beton-lisse-nombreux-coloris-HAZE-Tortora-magasin-carrelage-interieur-exterieur-Porto-Venere-pres-de-Palavas-34-150x150.jpg\" data-width=\"150\" data-height=\"150\" aria-label=\"\" role=\"img\" ><\/div>\n\t\t\t\t\t\t\t\t\t\t\t<div class=\"elementor-gallery-item__overlay\"><\/div>\n\t\t\t\t\t\t\t\t\t\t\t\t\t\t<\/div>\n\t\t\t\t\t\t\t<div class=\"e-gallery-item elementor-gallery-item elementor-animated-content\">\n\t\t\t\t\t<div class=\"e-gallery-image elementor-gallery-item__image\" data-thumbnail=\"https:\/\/www.portovenere.fr\/fr-fr\/wp-content\/uploads\/2025\/05\/Carrelage-colore-effet-beton-lisse-rose-clair-nombreux-coloris-HAZE-Rose-magasin-carrelage-interieur-exterieur-Porto-Venere-pres-de-Mauguio-34-150x150.jpg\" data-width=\"150\" data-height=\"150\" aria-label=\"\" role=\"img\" ><\/div>\n\t\t\t\t\t\t\t\t\t\t\t<div class=\"elementor-gallery-item__overlay\"><\/div>\n\t\t\t\t\t\t\t\t\t\t\t\t\t\t<\/div>\n\t\t\t\t\t\t\t<div class=\"e-gallery-item elementor-gallery-item elementor-animated-content\">\n\t\t\t\t\t<div class=\"e-gallery-image elementor-gallery-item__image\" data-thumbnail=\"https:\/\/www.portovenere.fr\/fr-fr\/wp-content\/uploads\/2025\/05\/Carrelage-colore-effet-beton-lisse-vert-nombreux-coloris-HAZE-Giada-magasin-carrelage-interieur-exterieur-Porto-Venere-pres-de-Maurin-34-150x150.jpg\" data-width=\"150\" data-height=\"150\" aria-label=\"\" role=\"img\" ><\/div>\n\t\t\t\t\t\t\t\t\t\t\t<div class=\"elementor-gallery-item__overlay\"><\/div>\n\t\t\t\t\t\t\t\t\t\t\t\t\t\t<\/div>\n\t\t\t\t\t\t\t<div class=\"e-gallery-item elementor-gallery-item elementor-animated-content\">\n\t\t\t\t\t<div class=\"e-gallery-image elementor-gallery-item__image\" data-thumbnail=\"https:\/\/www.portovenere.fr\/fr-fr\/wp-content\/uploads\/2025\/05\/Carrelage-uni-effet-beton-lisse-clair-nombreux-coloris-HAZE-Bianco-magasin-carrelage-interieur-exterieur-Porto-Venere-pres-de-Balaruc-34-150x150.jpg\" data-width=\"150\" data-height=\"150\" aria-label=\"\" role=\"img\" ><\/div>\n\t\t\t\t\t\t\t\t\t\t\t<div class=\"elementor-gallery-item__overlay\"><\/div>\n\t\t\t\t\t\t\t\t\t\t\t\t\t\t<\/div>\n\t\t\t\t\t\t\t<div class=\"e-gallery-item elementor-gallery-item elementor-animated-content\">\n\t\t\t\t\t<div class=\"e-gallery-image elementor-gallery-item__image\" data-thumbnail=\"https:\/\/www.portovenere.fr\/fr-fr\/wp-content\/uploads\/2025\/05\/Carrelage-grand-format-formes-geometriques-design-3-pieces-soit-360-cm-de-large-et-280-cm-de-hauteur-HAZE-Triangolo-Cipria-120x280-cm-fine-epaisseur-6mm-pres-de-Perols-34-150x150.png\" data-width=\"150\" data-height=\"150\" aria-label=\"\" role=\"img\" ><\/div>\n\t\t\t\t\t\t\t\t\t\t\t<div class=\"elementor-gallery-item__overlay\"><\/div>\n\t\t\t\t\t\t\t\t\t\t\t\t\t\t<\/div>\n\t\t\t\t\t\t\t<div class=\"e-gallery-item elementor-gallery-item elementor-animated-content\">\n\t\t\t\t\t<div class=\"e-gallery-image elementor-gallery-item__image\" data-thumbnail=\"https:\/\/www.portovenere.fr\/fr-fr\/wp-content\/uploads\/2025\/05\/Carrelage-grand-format-formes-geometriques-design-3-pieces-soit-360-cm-de-large-et-280-cm-de-hauteur-HAZE-Triangolo-bleu-cielo-120x280-cm-fine-epaisseur-pres-de-Perols-34-150x150.png\" data-width=\"150\" data-height=\"150\" aria-label=\"\" role=\"img\" ><\/div>\n\t\t\t\t\t\t\t\t\t\t\t<div class=\"elementor-gallery-item__overlay\"><\/div>\n\t\t\t\t\t\t\t\t\t\t\t\t\t\t<\/div>\n\t\t\t\t\t\t\t<div class=\"e-gallery-item elementor-gallery-item elementor-animated-content\">\n\t\t\t\t\t<div class=\"e-gallery-image elementor-gallery-item__image\" data-thumbnail=\"https:\/\/www.portovenere.fr\/fr-fr\/wp-content\/uploads\/2025\/05\/Carrelage-grand-format-design-feuilles-3-pieces-soit-360-cm-de-large-et-280-cm-de-hauteur-HAZE-Foliage-120x280-cm-fine-epaisseur-pres-de-Clapiers-34-150x150.png\" data-width=\"150\" data-height=\"150\" aria-label=\"\" role=\"img\" ><\/div>\n\t\t\t\t\t\t\t\t\t\t\t<div class=\"elementor-gallery-item__overlay\"><\/div>\n\t\t\t\t\t\t\t\t\t\t\t\t\t\t<\/div>\n\t\t\t\t\t\t\t<div class=\"e-gallery-item elementor-gallery-item elementor-animated-content\">\n\t\t\t\t\t<div class=\"e-gallery-image elementor-gallery-item__image\" data-thumbnail=\"https:\/\/www.portovenere.fr\/fr-fr\/wp-content\/uploads\/2025\/05\/Carrelage-grand-format-degrade-de-couleur-bleue-ou-beige-HAZE-Sfumatura-120x280-cm-fine-epaisseur-6mm-pres-de-Mauguio-34-150x150.png\" data-width=\"150\" data-height=\"150\" aria-label=\"\" role=\"img\" ><\/div>\n\t\t\t\t\t\t\t\t\t\t\t<div class=\"elementor-gallery-item__overlay\"><\/div>\n\t\t\t\t\t\t\t\t\t\t\t\t\t\t<\/div>\n\t\t\t\t\t<\/div>\n\t\t\t\t\t<\/div>\n\t\t\t\t<\/div>\n\t\t\t\t<div class=\"elementor-element elementor-element-ca8be7a elementor-widget elementor-widget-text-editor\" data-id=\"ca8be7a\" data-element_type=\"widget\" data-e-type=\"widget\" data-widget_type=\"text-editor.default\">\n\t\t\t\t<div class=\"elementor-widget-container\">\n\t\t\t\t\t\t\t\t\t<p>La collection de <b>carrelage color\u00e9 HAZE<\/b> allie \u00e9l\u00e9gamment effets de mati\u00e8re subtils et palette de couleurs raffin\u00e9e. Ce carrelage en gr\u00e8s c\u00e9rame polyvalent s\u2019adapte aux projets r\u00e9sidentiels et commerciaux,<b> int\u00e9rieurs et ext\u00e9rieurs<\/b>.&nbsp;<\/p>\n<p>La technologie StrideUp offre une r\u00e9sistance au glissement \u00e9lev\u00e9e et une surface douce. HAZE propose<b> 14 coloris vari\u00e9s<\/b>, dont des teintes comme Giada, Rose et Antracite. Certains coloris existent en d\u00e9cor <b>Coccio (esprit Terrazzo<\/b>), compl\u00e9t\u00e9s par d&rsquo;<b>autres d\u00e9cors et mosa\u00efques<\/b>.&nbsp;<\/p>\n<p>La collection NUANCES se d\u00e9cline en divers formats de gr\u00e8s c\u00e9rame <b>(6 mm, 9 mm, 20 mm) en finition naturelle ou antid\u00e9rapante<\/b>. Choisir HAZE, c&rsquo;est opter pour la qualit\u00e9, la durabilit\u00e9 et l&rsquo;esth\u00e9tisme italien. Ce carrelage est r\u00e9sistant, facile \u00e0 entretenir et polyvalent <b>pour sols et murs<\/b>. Laissez HAZE signer vos projets avec \u00e9l\u00e9gance et modernit\u00e9. Explorez les combinaisons de couleurs et de formats pour un espace personnalis\u00e9.<\/p>\t\t\t\t\t\t\t\t<\/div>\n\t\t\t\t<\/div>\n\t\t\t\t<div class=\"elementor-element elementor-element-9446c36 elementor-mobile-align-center elementor-widget elementor-widget-button\" data-id=\"9446c36\" data-element_type=\"widget\" data-e-type=\"widget\" data-widget_type=\"button.default\">\n\t\t\t\t<div class=\"elementor-widget-container\">\n\t\t\t\t\t\t\t\t\t<div class=\"elementor-button-wrapper\">\n\t\t\t\t\t<a class=\"elementor-button elementor-button-link elementor-size-sm\" href=\"https:\/\/www.portovenere.fr\/fr-fr\/carrelage-sol-et-mur-en-gres-cerame-et-faience\/carrelage-contemporain-et-design\/carrelage-sol-et-mur-effet-beton-colore-haze\/\">\n\t\t\t\t\t\t<span class=\"elementor-button-content-wrapper\">\n\t\t\t\t\t\t\t\t\t<span class=\"elementor-button-text\">Voir la collection<\/span>\n\t\t\t\t\t<\/span>\n\t\t\t\t\t<\/a>\n\t\t\t\t<\/div>\n\t\t\t\t\t\t\t\t<\/div>\n\t\t\t\t<\/div>\n\t\t\t\t\t<\/div>\n\t\t<\/div>\n\t\t\t\t<div class=\"elementor-column elementor-col-33 elementor-top-column elementor-element elementor-element-4149ec86\" data-id=\"4149ec86\" data-element_type=\"column\" data-e-type=\"column\" data-settings=\"{&quot;background_background&quot;:&quot;classic&quot;}\">\n\t\t\t<div class=\"elementor-widget-wrap elementor-element-populated\">\n\t\t\t\t\t\t<div class=\"elementor-element elementor-element-e61368c elementor-widget elementor-widget-image\" data-id=\"e61368c\" data-element_type=\"widget\" data-e-type=\"widget\" data-widget_type=\"image.default\">\n\t\t\t\t<div class=\"elementor-widget-container\">\n\t\t\t\t\t\t\t\t\t\t\t\t\t\t\t\t<a href=\"https:\/\/www.portovenere.fr\/fr-fr\/carrelage-sol-et-mur-en-gres-cerame-et-faience\/carrelage-aspect-marbre\/carrelage-effet-marbre-brillant-et-mat-marblemore\/\">\n\t\t\t\t\t\t\t<img decoding=\"async\" src=\"https:\/\/www.portovenere.fr\/fr-fr\/wp-content\/uploads\/elementor\/thumbs\/Carrelage-fin-6-mm-marbre-noir-veine-Marblemore-Stone-Sahara-noir-pose-murale-maxi-format-salle-de-bain-proche-de-Sete-34-r8ifkh92ybksst3b4xyxcdpgj8j380qcwk4qdv7yfs.jpg\" title=\"Carrelage-fin-6-mm-marbre-noir-vein\u00e9-Marblemore-Stone-Sahara-noir-pose-murale-maxi-format-salle-de-bain-proche-de-S\u00e8te-34\" alt=\"Carrelage-fin-6-mm-marbre-noir-vein\u00e9-Marblemore-Stone-Sahara-noir-pose-murale-maxi-format-salle-de-bain-proche-de-S\u00e8te-34\" loading=\"lazy\" \/>\t\t\t\t\t\t\t\t<\/a>\n\t\t\t\t\t\t\t\t\t\t\t\t\t\t\t<\/div>\n\t\t\t\t<\/div>\n\t\t\t\t<div class=\"elementor-element elementor-element-5ba23ab elementor-widget elementor-widget-heading\" data-id=\"5ba23ab\" data-element_type=\"widget\" data-e-type=\"widget\" data-widget_type=\"heading.default\">\n\t\t\t\t<div class=\"elementor-widget-container\">\n\t\t\t\t\t<h3 class=\"elementor-heading-title elementor-size-default\"><a href=\"https:\/\/www.portovenere.fr\/fr-fr\/carrelage-sol-et-mur-en-gres-cerame-et-faience\/carrelage-aspect-marbre\/carrelage-effet-marbre-brillant-et-mat-marblemore\/\">MARBLEMORE 6mm | 4 coloris<\/a><\/h3>\t\t\t\t<\/div>\n\t\t\t\t<\/div>\n\t\t\t\t<div class=\"elementor-element elementor-element-881bad9 elementor-widget__width-initial elementor-widget elementor-widget-gallery\" data-id=\"881bad9\" data-element_type=\"widget\" data-e-type=\"widget\" data-settings=\"{&quot;gap&quot;:{&quot;unit&quot;:&quot;px&quot;,&quot;size&quot;:3,&quot;sizes&quot;:[]},&quot;columns_mobile&quot;:3,&quot;gap_mobile&quot;:{&quot;unit&quot;:&quot;px&quot;,&quot;size&quot;:6,&quot;sizes&quot;:[]},&quot;columns&quot;:5,&quot;columns_tablet&quot;:3,&quot;gap_tablet&quot;:{&quot;unit&quot;:&quot;px&quot;,&quot;size&quot;:5,&quot;sizes&quot;:[]},&quot;lazyload&quot;:&quot;yes&quot;,&quot;gallery_layout&quot;:&quot;grid&quot;,&quot;aspect_ratio&quot;:&quot;3:2&quot;,&quot;overlay_background&quot;:&quot;yes&quot;,&quot;content_hover_animation&quot;:&quot;fade-in&quot;}\" data-widget_type=\"gallery.default\">\n\t\t\t\t<div class=\"elementor-widget-container\">\n\t\t\t\t\t\t\t<div class=\"elementor-gallery__container\">\n\t\t\t\t\t\t\t<div class=\"e-gallery-item elementor-gallery-item elementor-animated-content\">\n\t\t\t\t\t<div class=\"e-gallery-image elementor-gallery-item__image\" data-thumbnail=\"https:\/\/www.portovenere.fr\/fr-fr\/wp-content\/uploads\/2024\/09\/Carrelage-effet-pierre-marbre-veine-gris-marron-Marblemore-Amani-bronze-magasin-carrelage-haut-de-gamme-Porto-Venere-a-Montpellier-34-150x150.jpg\" data-width=\"150\" data-height=\"150\" aria-label=\"\" role=\"img\" ><\/div>\n\t\t\t\t\t\t\t\t\t\t\t<div class=\"elementor-gallery-item__overlay\"><\/div>\n\t\t\t\t\t\t\t\t\t\t\t\t\t\t<\/div>\n\t\t\t\t\t\t\t<div class=\"e-gallery-item elementor-gallery-item elementor-animated-content\">\n\t\t\t\t\t<div class=\"e-gallery-image elementor-gallery-item__image\" data-thumbnail=\"https:\/\/www.portovenere.fr\/fr-fr\/wp-content\/uploads\/2024\/09\/Carrelage-effet-pierre-marbre-creme-blanc-Marblemore-Stone-Stone-Calacatta-magasin-carrelage-haut-de-gamme-Porto-Venere-Montpellier-proche-Perols-34-150x150.jpg\" data-width=\"150\" data-height=\"150\" aria-label=\"\" role=\"img\" ><\/div>\n\t\t\t\t\t\t\t\t\t\t\t<div class=\"elementor-gallery-item__overlay\"><\/div>\n\t\t\t\t\t\t\t\t\t\t\t\t\t\t<\/div>\n\t\t\t\t\t\t\t<div class=\"e-gallery-item elementor-gallery-item elementor-animated-content\">\n\t\t\t\t\t<div class=\"e-gallery-image elementor-gallery-item__image\" data-thumbnail=\"https:\/\/www.portovenere.fr\/fr-fr\/wp-content\/uploads\/2024\/09\/Carrelage-effet-pierre-marbre-veine-noir-Marblemore-Stone-Sahara-noir-magasin-carrelage-haut-de-gamme-Porto-Venere-a-Montpellier-34-150x150.jpg\" data-width=\"150\" data-height=\"150\" aria-label=\"\" role=\"img\" ><\/div>\n\t\t\t\t\t\t\t\t\t\t\t<div class=\"elementor-gallery-item__overlay\"><\/div>\n\t\t\t\t\t\t\t\t\t\t\t\t\t\t<\/div>\n\t\t\t\t\t\t\t<div class=\"e-gallery-item elementor-gallery-item elementor-animated-content\">\n\t\t\t\t\t<div class=\"e-gallery-image elementor-gallery-item__image\" data-thumbnail=\"https:\/\/www.portovenere.fr\/fr-fr\/wp-content\/uploads\/2024\/09\/Carrelage-effet-pierre-marbre-creme-beige-Marblemore-Stone-Stone-Marfil-magasin-carrelage-haut-de-gamme-Porto-Venere-Montpellier-proche-Mauguio-34-150x150.jpg\" data-width=\"150\" data-height=\"150\" aria-label=\"\" role=\"img\" ><\/div>\n\t\t\t\t\t\t\t\t\t\t\t<div class=\"elementor-gallery-item__overlay\"><\/div>\n\t\t\t\t\t\t\t\t\t\t\t\t\t\t<\/div>\n\t\t\t\t\t<\/div>\n\t\t\t\t\t<\/div>\n\t\t\t\t<\/div>\n\t\t\t\t<div class=\"elementor-element elementor-element-41fc40cd elementor-widget elementor-widget-text-editor\" data-id=\"41fc40cd\" data-element_type=\"widget\" data-e-type=\"widget\" data-widget_type=\"text-editor.default\">\n\t\t\t\t<div class=\"elementor-widget-container\">\n\t\t\t\t\t\t\t\t\t<p>De sublimes imitations de pierres marbri\u00e8res en gr\u00e8s c\u00e9rame fin qui proposent des finitions : mat, brillant et adouci.<\/p><p>La collection Marblemore est disponible dans un tr\u00e8s large choix de formats afin d&rsquo;offrir de nombreuses possibilit\u00e9s d&rsquo;am\u00e9nagement d&rsquo;espaces. Les formats XXL en fine \u00e9paisseur 6 mm procurent une exceptionnelle sensation d&rsquo;espace &amp; bien-\u00eatre.<\/p>\t\t\t\t\t\t\t\t<\/div>\n\t\t\t\t<\/div>\n\t\t\t\t<div class=\"elementor-element elementor-element-5cc2a1cb elementor-mobile-align-center elementor-align-left elementor-widget elementor-widget-button\" data-id=\"5cc2a1cb\" data-element_type=\"widget\" data-e-type=\"widget\" data-widget_type=\"button.default\">\n\t\t\t\t<div class=\"elementor-widget-container\">\n\t\t\t\t\t\t\t\t\t<div class=\"elementor-button-wrapper\">\n\t\t\t\t\t<a class=\"elementor-button elementor-button-link elementor-size-sm\" href=\"https:\/\/www.portovenere.fr\/fr-fr\/carrelage-sol-et-mur-en-gres-cerame-et-faience\/carrelage-aspect-marbre\/carrelage-effet-marbre-brillant-et-mat-marblemore\/\">\n\t\t\t\t\t\t<span class=\"elementor-button-content-wrapper\">\n\t\t\t\t\t\t\t\t\t<span class=\"elementor-button-text\">Voir la collection<\/span>\n\t\t\t\t\t<\/span>\n\t\t\t\t\t<\/a>\n\t\t\t\t<\/div>\n\t\t\t\t\t\t\t\t<\/div>\n\t\t\t\t<\/div>\n\t\t\t\t\t<\/div>\n\t\t<\/div>\n\t\t\t\t\t<\/div>\n\t\t<\/section>\n\t\t\t\t<section class=\"elementor-section elementor-top-section elementor-element elementor-element-3a0816df elementor-section-full_width elementor-section-height-default elementor-section-height-default\" data-id=\"3a0816df\" data-element_type=\"section\" data-e-type=\"section\" data-settings=\"{&quot;background_background&quot;:&quot;classic&quot;}\">\n\t\t\t\t\t\t<div class=\"elementor-container elementor-column-gap-default\">\n\t\t\t\t\t<div class=\"elementor-column elementor-col-33 elementor-top-column elementor-element elementor-element-e86bf76 elementor-invisible\" data-id=\"e86bf76\" data-element_type=\"column\" data-e-type=\"column\" data-settings=\"{&quot;animation&quot;:&quot;fadeIn&quot;,&quot;background_background&quot;:&quot;classic&quot;}\">\n\t\t\t<div class=\"elementor-widget-wrap elementor-element-populated\">\n\t\t\t\t\t\t<div class=\"elementor-element elementor-element-dd7d70a elementor-widget elementor-widget-image\" data-id=\"dd7d70a\" data-element_type=\"widget\" data-e-type=\"widget\" data-widget_type=\"image.default\">\n\t\t\t\t<div class=\"elementor-widget-container\">\n\t\t\t\t\t\t\t\t\t\t\t\t\t\t\t\t<a href=\"https:\/\/www.portovenere.fr\/fr-fr\/carrelage-sol-et-mur-en-gres-cerame-et-faience\/carrelage-extra-fin-special-renovation\/carrelage-extra-fin-3mm-aspect-pierre-moderne-kerlite-buxy\/\">\n\t\t\t\t\t\t\t<img loading=\"lazy\" decoding=\"async\" width=\"768\" height=\"512\" src=\"https:\/\/www.portovenere.fr\/fr-fr\/wp-content\/uploads\/2020\/02\/Carrelage_sol_et_mur_Ultra_Fin_3mm_id\u00e9al_r\u00e9novation_Kerlite_Buxy_Amande_pr\u00e8s_de_Gordes-1-768x512.jpg\" class=\"attachment-medium_large size-medium_large wp-image-25733\" alt=\"Carrelage extra fin pour r\u00e9novation de salle de bain Kerlite 3,5mm d&#039;\u00e9paisseur\" srcset=\"https:\/\/www.portovenere.fr\/fr-fr\/wp-content\/uploads\/2020\/02\/Carrelage_sol_et_mur_Ultra_Fin_3mm_id\u00e9al_r\u00e9novation_Kerlite_Buxy_Amande_pr\u00e8s_de_Gordes-1-768x512.jpg 768w, https:\/\/www.portovenere.fr\/fr-fr\/wp-content\/uploads\/2020\/02\/Carrelage_sol_et_mur_Ultra_Fin_3mm_id\u00e9al_r\u00e9novation_Kerlite_Buxy_Amande_pr\u00e8s_de_Gordes-1-300x200.jpg 300w, https:\/\/www.portovenere.fr\/fr-fr\/wp-content\/uploads\/2020\/02\/Carrelage_sol_et_mur_Ultra_Fin_3mm_id\u00e9al_r\u00e9novation_Kerlite_Buxy_Amande_pr\u00e8s_de_Gordes-1-1024x683.jpg 1024w, https:\/\/www.portovenere.fr\/fr-fr\/wp-content\/uploads\/2020\/02\/Carrelage_sol_et_mur_Ultra_Fin_3mm_id\u00e9al_r\u00e9novation_Kerlite_Buxy_Amande_pr\u00e8s_de_Gordes-1.jpg 1200w\" sizes=\"(max-width: 768px) 100vw, 768px\" \/>\t\t\t\t\t\t\t\t<\/a>\n\t\t\t\t\t\t\t\t\t\t\t\t\t\t\t<\/div>\n\t\t\t\t<\/div>\n\t\t\t\t<section class=\"elementor-section elementor-inner-section elementor-element elementor-element-1710b04 elementor-section-boxed elementor-section-height-default elementor-section-height-default elementor-invisible\" data-id=\"1710b04\" data-element_type=\"section\" data-e-type=\"section\" data-settings=\"{&quot;background_background&quot;:&quot;classic&quot;,&quot;animation&quot;:&quot;fadeIn&quot;}\">\n\t\t\t\t\t\t<div class=\"elementor-container elementor-column-gap-default\">\n\t\t\t\t\t<div class=\"elementor-column elementor-col-100 elementor-inner-column elementor-element elementor-element-30775ff\" data-id=\"30775ff\" data-element_type=\"column\" data-e-type=\"column\">\n\t\t\t<div class=\"elementor-widget-wrap elementor-element-populated\">\n\t\t\t\t\t\t<div class=\"elementor-element elementor-element-af15031 elementor-widget elementor-widget-heading\" data-id=\"af15031\" data-element_type=\"widget\" data-e-type=\"widget\" data-widget_type=\"heading.default\">\n\t\t\t\t<div class=\"elementor-widget-container\">\n\t\t\t\t\t<h3 class=\"elementor-heading-title elementor-size-default\"><a href=\"https:\/\/www.portovenere.fr\/fr-fr\/carrelage-sol-et-mur-en-gres-cerame-et-faience\/carrelage-extra-fin-special-renovation\/carrelage-extra-fin-3mm-aspect-pierre-moderne-kerlite-buxy\/\">KERLITE BUXY 3,5mm | 5 coloris<\/a><\/h3>\t\t\t\t<\/div>\n\t\t\t\t<\/div>\n\t\t\t\t<div class=\"elementor-element elementor-element-4f4269a elementor-widget__width-initial elementor-widget elementor-widget-gallery\" data-id=\"4f4269a\" data-element_type=\"widget\" data-e-type=\"widget\" data-settings=\"{&quot;gap&quot;:{&quot;unit&quot;:&quot;px&quot;,&quot;size&quot;:3,&quot;sizes&quot;:[]},&quot;columns_mobile&quot;:3,&quot;gap_mobile&quot;:{&quot;unit&quot;:&quot;px&quot;,&quot;size&quot;:6,&quot;sizes&quot;:[]},&quot;columns&quot;:5,&quot;columns_tablet&quot;:3,&quot;gap_tablet&quot;:{&quot;unit&quot;:&quot;px&quot;,&quot;size&quot;:5,&quot;sizes&quot;:[]},&quot;lazyload&quot;:&quot;yes&quot;,&quot;gallery_layout&quot;:&quot;grid&quot;,&quot;aspect_ratio&quot;:&quot;3:2&quot;,&quot;overlay_background&quot;:&quot;yes&quot;,&quot;content_hover_animation&quot;:&quot;fade-in&quot;}\" data-widget_type=\"gallery.default\">\n\t\t\t\t<div class=\"elementor-widget-container\">\n\t\t\t\t\t\t\t<div class=\"elementor-gallery__container\">\n\t\t\t\t\t\t\t<div class=\"e-gallery-item elementor-gallery-item elementor-animated-content\">\n\t\t\t\t\t<div class=\"e-gallery-image elementor-gallery-item__image\" data-thumbnail=\"https:\/\/www.portovenere.fr\/fr-fr\/wp-content\/uploads\/2020\/02\/Kerlite-Buxy-Cendre_effet_pierre_contemporaine_fine_\u00e9paisseur_Porto_Venere_Montpellier-150x150.jpg\" data-width=\"150\" data-height=\"150\" aria-label=\"\" role=\"img\" ><\/div>\n\t\t\t\t\t\t\t\t\t\t\t<div class=\"elementor-gallery-item__overlay\"><\/div>\n\t\t\t\t\t\t\t\t\t\t\t\t\t\t<\/div>\n\t\t\t\t\t\t\t<div class=\"e-gallery-item elementor-gallery-item elementor-animated-content\">\n\t\t\t\t\t<div class=\"e-gallery-image elementor-gallery-item__image\" data-thumbnail=\"https:\/\/www.portovenere.fr\/fr-fr\/wp-content\/uploads\/2020\/02\/Kerlite-Buxy-Amande_aspect_pierre_moderne_Porto_Venere_Montpellier-150x150.jpg\" data-width=\"150\" data-height=\"150\" aria-label=\"\" role=\"img\" ><\/div>\n\t\t\t\t\t\t\t\t\t\t\t<div class=\"elementor-gallery-item__overlay\"><\/div>\n\t\t\t\t\t\t\t\t\t\t\t\t\t\t<\/div>\n\t\t\t\t\t\t\t<div class=\"e-gallery-item elementor-gallery-item elementor-animated-content\">\n\t\t\t\t\t<div class=\"e-gallery-image elementor-gallery-item__image\" data-thumbnail=\"https:\/\/www.portovenere.fr\/fr-fr\/wp-content\/uploads\/2020\/02\/Kerlite-Buxy-Perle_aspect_pierre_contemporaine_Porto_Venere_Montpellier-150x150.jpg\" data-width=\"150\" data-height=\"150\" aria-label=\"\" role=\"img\" ><\/div>\n\t\t\t\t\t\t\t\t\t\t\t<div class=\"elementor-gallery-item__overlay\"><\/div>\n\t\t\t\t\t\t\t\t\t\t\t\t\t\t<\/div>\n\t\t\t\t\t\t\t<div class=\"e-gallery-item elementor-gallery-item elementor-animated-content\">\n\t\t\t\t\t<div class=\"e-gallery-image elementor-gallery-item__image\" data-thumbnail=\"https:\/\/www.portovenere.fr\/fr-fr\/wp-content\/uploads\/2020\/02\/Kerlite-Buxy-Noisette_aspect_pierre_contemporaine_fine_\u00e9paisseur_Porto_Venere_Montpellier-150x150.jpg\" data-width=\"150\" data-height=\"150\" aria-label=\"\" role=\"img\" ><\/div>\n\t\t\t\t\t\t\t\t\t\t\t<div class=\"elementor-gallery-item__overlay\"><\/div>\n\t\t\t\t\t\t\t\t\t\t\t\t\t\t<\/div>\n\t\t\t\t\t\t\t<div class=\"e-gallery-item elementor-gallery-item elementor-animated-content\">\n\t\t\t\t\t<div class=\"e-gallery-image elementor-gallery-item__image\" data-thumbnail=\"https:\/\/www.portovenere.fr\/fr-fr\/wp-content\/uploads\/2020\/02\/Kerlite-Buxy-Corail_aspect_pierre_moderne_fine_\u00e9paisseur_Porto_Venere_Montpellier-150x150.jpg\" data-width=\"150\" data-height=\"150\" aria-label=\"\" role=\"img\" ><\/div>\n\t\t\t\t\t\t\t\t\t\t\t<div class=\"elementor-gallery-item__overlay\"><\/div>\n\t\t\t\t\t\t\t\t\t\t\t\t\t\t<\/div>\n\t\t\t\t\t<\/div>\n\t\t\t\t\t<\/div>\n\t\t\t\t<\/div>\n\t\t\t\t<div class=\"elementor-element elementor-element-c184304 elementor-widget elementor-widget-text-editor\" data-id=\"c184304\" data-element_type=\"widget\" data-e-type=\"widget\" data-widget_type=\"text-editor.default\">\n\t\t\t\t<div class=\"elementor-widget-container\">\n\t\t\t\t\t\t\t\t\t<p>Carrelage sol et mur en gr\u00e8s c\u00e9rame lamin\u00e9 extra-fin de style pierre contemporaine, disponible en \u00e9paisseur 3,5mm fibr\u00e9. Cette collection est d\u00e9clin\u00e9e en 4 formats : 50x50cm, 50x100cm, 100x100cm et 100x300cm.<\/p><p>Disponible en 5 coloris : Amande, Cendre, Corail Blanc, Noisette, Perle.<\/p>\t\t\t\t\t\t\t\t<\/div>\n\t\t\t\t<\/div>\n\t\t\t\t<div class=\"elementor-element elementor-element-c927e48 elementor-mobile-align-center elementor-widget elementor-widget-button\" data-id=\"c927e48\" data-element_type=\"widget\" data-e-type=\"widget\" data-widget_type=\"button.default\">\n\t\t\t\t<div class=\"elementor-widget-container\">\n\t\t\t\t\t\t\t\t\t<div class=\"elementor-button-wrapper\">\n\t\t\t\t\t<a class=\"elementor-button elementor-button-link elementor-size-sm\" href=\"https:\/\/www.portovenere.fr\/fr-fr\/carrelage-sol-et-mur-en-gres-cerame-et-faience\/carrelage-extra-fin-special-renovation\/carrelage-extra-fin-3mm-aspect-pierre-moderne-kerlite-buxy\/\">\n\t\t\t\t\t\t<span class=\"elementor-button-content-wrapper\">\n\t\t\t\t\t\t\t\t\t<span class=\"elementor-button-text\">Voir la collection<\/span>\n\t\t\t\t\t<\/span>\n\t\t\t\t\t<\/a>\n\t\t\t\t<\/div>\n\t\t\t\t\t\t\t\t<\/div>\n\t\t\t\t<\/div>\n\t\t\t\t\t<\/div>\n\t\t<\/div>\n\t\t\t\t\t<\/div>\n\t\t<\/section>\n\t\t\t\t\t<\/div>\n\t\t<\/div>\n\t\t\t\t<div class=\"elementor-column elementor-col-33 elementor-top-column elementor-element elementor-element-ac53153\" data-id=\"ac53153\" data-element_type=\"column\" data-e-type=\"column\" data-settings=\"{&quot;background_background&quot;:&quot;classic&quot;}\">\n\t\t\t<div class=\"elementor-widget-wrap elementor-element-populated\">\n\t\t\t\t\t\t<div class=\"elementor-element elementor-element-0d154b1 elementor-widget elementor-widget-image\" data-id=\"0d154b1\" data-element_type=\"widget\" data-e-type=\"widget\" data-widget_type=\"image.default\">\n\t\t\t\t<div class=\"elementor-widget-container\">\n\t\t\t\t\t\t\t\t\t\t\t\t\t\t\t\t<a href=\"https:\/\/www.portovenere.fr\/fr-fr\/carrelage-sol-et-mur-en-gres-cerame-et-faience\/carrelage-aspect-marbre\/carrelage-imitation-marbre-en-gres-cerame-pour-sol-et-mur-umore\/\">\n\t\t\t\t\t\t\t<img decoding=\"async\" src=\"https:\/\/www.portovenere.fr\/fr-fr\/wp-content\/uploads\/elementor\/thumbs\/Carrelage-mural-et-sol-effet-marbre-patagonia-UMORE-grand-format-magasin-de-carrelage-Porto-venere-Montpellier-pres-de-Agde-34-r9kd19pgm5y4is73s1zy6xwm57m2m4jggl32acx0o0.jpg\" title=\"Carrelage-mural-et-sol-effet-marbre-patagonia-UMORE-grand-format-magasin-de-carrelage-Porto-venere-Montpellier-pr\u00e8s-de-Agde-34\" alt=\"Carrelage imitation marbre maxi format pour sol et mur Umore\" loading=\"lazy\" \/>\t\t\t\t\t\t\t\t<\/a>\n\t\t\t\t\t\t\t\t\t\t\t\t\t\t\t<\/div>\n\t\t\t\t<\/div>\n\t\t\t\t<div class=\"elementor-element elementor-element-d9850ef elementor-widget elementor-widget-heading\" data-id=\"d9850ef\" data-element_type=\"widget\" data-e-type=\"widget\" data-widget_type=\"heading.default\">\n\t\t\t\t<div class=\"elementor-widget-container\">\n\t\t\t\t\t<h3 class=\"elementor-heading-title elementor-size-default\"><a href=\"https:\/\/www.portovenere.fr\/fr-fr\/carrelage-sol-et-mur-en-gres-cerame-et-faience\/carrelage-aspect-marbre\/carrelage-imitation-marbre-en-gres-cerame-pour-sol-et-mur-umore\/\">UMORE 6mm | 5 coloris<\/a><\/h3>\t\t\t\t<\/div>\n\t\t\t\t<\/div>\n\t\t\t\t<div class=\"elementor-element elementor-element-93ef428 elementor-widget__width-initial elementor-widget elementor-widget-gallery\" data-id=\"93ef428\" data-element_type=\"widget\" data-e-type=\"widget\" data-settings=\"{&quot;gap&quot;:{&quot;unit&quot;:&quot;px&quot;,&quot;size&quot;:3,&quot;sizes&quot;:[]},&quot;columns_mobile&quot;:3,&quot;gap_mobile&quot;:{&quot;unit&quot;:&quot;px&quot;,&quot;size&quot;:6,&quot;sizes&quot;:[]},&quot;columns&quot;:6,&quot;columns_tablet&quot;:3,&quot;gap_tablet&quot;:{&quot;unit&quot;:&quot;px&quot;,&quot;size&quot;:5,&quot;sizes&quot;:[]},&quot;lazyload&quot;:&quot;yes&quot;,&quot;gallery_layout&quot;:&quot;grid&quot;,&quot;link_to&quot;:&quot;file&quot;,&quot;aspect_ratio&quot;:&quot;3:2&quot;,&quot;overlay_background&quot;:&quot;yes&quot;,&quot;content_hover_animation&quot;:&quot;fade-in&quot;}\" data-widget_type=\"gallery.default\">\n\t\t\t\t<div class=\"elementor-widget-container\">\n\t\t\t\t\t\t\t<div class=\"elementor-gallery__container\">\n\t\t\t\t\t\t\t<a class=\"e-gallery-item elementor-gallery-item elementor-animated-content\" href=\"https:\/\/www.portovenere.fr\/fr-fr\/wp-content\/uploads\/2025\/07\/Carrelage-effet-marbre-pour-sol-et-mur-UMORE-Rainforest-nombreux-formats-magasin-de-carrelage-haut-de-gamme-Porto_Venere_Montpellier-pres-de-Marseillan-34.jpg\" data-elementor-open-lightbox=\"yes\" data-elementor-lightbox-slideshow=\"93ef428\" data-elementor-lightbox-title=\"Carrelage-effet-marbre-pour-sol-et-mur-UMORE-Rainforest-nombreux-formats-magasin-de-carrelage-haut-de-gamme-Porto_Venere_Montpellier-pr\u00e8s-de-Marseillan-34\" data-e-action-hash=\"#elementor-action%3Aaction%3Dlightbox%26settings%3DeyJpZCI6NjI5ODIsInVybCI6Imh0dHBzOlwvXC93d3cucG9ydG92ZW5lcmUuZnJcL2ZyLWZyXC93cC1jb250ZW50XC91cGxvYWRzXC8yMDI1XC8wN1wvQ2FycmVsYWdlLWVmZmV0LW1hcmJyZS1wb3VyLXNvbC1ldC1tdXItVU1PUkUtUmFpbmZvcmVzdC1ub21icmV1eC1mb3JtYXRzLW1hZ2FzaW4tZGUtY2FycmVsYWdlLWhhdXQtZGUtZ2FtbWUtUG9ydG9fVmVuZXJlX01vbnRwZWxsaWVyLXByZXMtZGUtTWFyc2VpbGxhbi0zNC5qcGciLCJzbGlkZXNob3ciOiI5M2VmNDI4In0%3D\">\n\t\t\t\t\t<div class=\"e-gallery-image elementor-gallery-item__image\" data-thumbnail=\"https:\/\/www.portovenere.fr\/fr-fr\/wp-content\/uploads\/2025\/07\/Carrelage-effet-marbre-pour-sol-et-mur-UMORE-Rainforest-nombreux-formats-magasin-de-carrelage-haut-de-gamme-Porto_Venere_Montpellier-pres-de-Marseillan-34-150x150.jpg\" data-width=\"150\" data-height=\"150\" aria-label=\"Carrelage imitation marbre maxi format pour sol et mur Umore\" role=\"img\" ><\/div>\n\t\t\t\t\t\t\t\t\t\t\t<div class=\"elementor-gallery-item__overlay\"><\/div>\n\t\t\t\t\t\t\t\t\t\t\t\t\t\t<\/a>\n\t\t\t\t\t\t\t<a class=\"e-gallery-item elementor-gallery-item elementor-animated-content\" href=\"https:\/\/www.portovenere.fr\/fr-fr\/wp-content\/uploads\/2025\/07\/Carrelage-effet-marbre-pour-sol-et-mur-UMORE-Riverbed-nombreux-formats-magasin-de-carrelage-Porto_Venere_Montpellier-pres-de-Frontignan-34.jpg\" data-elementor-open-lightbox=\"yes\" data-elementor-lightbox-slideshow=\"93ef428\" data-elementor-lightbox-title=\"Carrelage-effet-marbre-pour-sol-et-mur-UMORE-Riverbed-nombreux-formats-magasin-de-carrelage-Porto_Venere_Montpellier-pr\u00e8s-de-Frontignan-34\" data-e-action-hash=\"#elementor-action%3Aaction%3Dlightbox%26settings%3DeyJpZCI6NjI5NjksInVybCI6Imh0dHBzOlwvXC93d3cucG9ydG92ZW5lcmUuZnJcL2ZyLWZyXC93cC1jb250ZW50XC91cGxvYWRzXC8yMDI1XC8wN1wvQ2FycmVsYWdlLWVmZmV0LW1hcmJyZS1wb3VyLXNvbC1ldC1tdXItVU1PUkUtUml2ZXJiZWQtbm9tYnJldXgtZm9ybWF0cy1tYWdhc2luLWRlLWNhcnJlbGFnZS1Qb3J0b19WZW5lcmVfTW9udHBlbGxpZXItcHJlcy1kZS1Gcm9udGlnbmFuLTM0LmpwZyIsInNsaWRlc2hvdyI6IjkzZWY0MjgifQ%3D%3D\">\n\t\t\t\t\t<div class=\"e-gallery-image elementor-gallery-item__image\" data-thumbnail=\"https:\/\/www.portovenere.fr\/fr-fr\/wp-content\/uploads\/2025\/07\/Carrelage-effet-marbre-pour-sol-et-mur-UMORE-Riverbed-nombreux-formats-magasin-de-carrelage-Porto_Venere_Montpellier-pres-de-Frontignan-34-150x150.jpg\" data-width=\"150\" data-height=\"150\" aria-label=\"Carrelage imitation marbre maxi format pour sol et mur Umore\" role=\"img\" ><\/div>\n\t\t\t\t\t\t\t\t\t\t\t<div class=\"elementor-gallery-item__overlay\"><\/div>\n\t\t\t\t\t\t\t\t\t\t\t\t\t\t<\/a>\n\t\t\t\t\t\t\t<a class=\"e-gallery-item elementor-gallery-item elementor-animated-content\" href=\"https:\/\/www.portovenere.fr\/fr-fr\/wp-content\/uploads\/2025\/07\/Carrelage-effet-marbre-pour-sol-et-mur-UMORE-Glacier-nombreux-formats-magasin-de-carrelage-haut-de-gamme-Porto_Venere_Montpellier-pres-de-Jacou-34.jpg\" data-elementor-open-lightbox=\"yes\" data-elementor-lightbox-slideshow=\"93ef428\" data-elementor-lightbox-title=\"Carrelage-effet-marbre-pour-sol-et-mur-UMORE-Glacier-nombreux-formats-magasin-de-carrelage-haut-de-gamme-Porto_Venere_Montpellier-pr\u00e8s-de-Jacou-34\" data-e-action-hash=\"#elementor-action%3Aaction%3Dlightbox%26settings%3DeyJpZCI6NjI5ODAsInVybCI6Imh0dHBzOlwvXC93d3cucG9ydG92ZW5lcmUuZnJcL2ZyLWZyXC93cC1jb250ZW50XC91cGxvYWRzXC8yMDI1XC8wN1wvQ2FycmVsYWdlLWVmZmV0LW1hcmJyZS1wb3VyLXNvbC1ldC1tdXItVU1PUkUtR2xhY2llci1ub21icmV1eC1mb3JtYXRzLW1hZ2FzaW4tZGUtY2FycmVsYWdlLWhhdXQtZGUtZ2FtbWUtUG9ydG9fVmVuZXJlX01vbnRwZWxsaWVyLXByZXMtZGUtSmFjb3UtMzQuanBnIiwic2xpZGVzaG93IjoiOTNlZjQyOCJ9\">\n\t\t\t\t\t<div class=\"e-gallery-image elementor-gallery-item__image\" data-thumbnail=\"https:\/\/www.portovenere.fr\/fr-fr\/wp-content\/uploads\/2025\/07\/Carrelage-effet-marbre-pour-sol-et-mur-UMORE-Glacier-nombreux-formats-magasin-de-carrelage-haut-de-gamme-Porto_Venere_Montpellier-pres-de-Jacou-34-150x150.jpg\" data-width=\"150\" data-height=\"150\" aria-label=\"Carrelage imitation marbre maxi format pour sol et mur Umore\" role=\"img\" ><\/div>\n\t\t\t\t\t\t\t\t\t\t\t<div class=\"elementor-gallery-item__overlay\"><\/div>\n\t\t\t\t\t\t\t\t\t\t\t\t\t\t<\/a>\n\t\t\t\t\t\t\t<a class=\"e-gallery-item elementor-gallery-item elementor-animated-content\" href=\"https:\/\/www.portovenere.fr\/fr-fr\/wp-content\/uploads\/2025\/07\/Carrelage-effet-marbre-pour-sol-et-mur-UMORE-Mountain-Peak-nombreux-formats-magasin-de-carrelage-haut-de-gamme-Porto_Venere_Montpellier-pres-de-Lunel-34.jpg\" data-elementor-open-lightbox=\"yes\" data-elementor-lightbox-slideshow=\"93ef428\" data-elementor-lightbox-title=\"Carrelage-effet-marbre-pour-sol-et-mur-UMORE-Mountain-Peak-nombreux-formats-magasin-de-carrelage-haut-de-gamme-Porto_Venere_Montpellier-pr\u00e8s-de-Lunel-34\" data-e-action-hash=\"#elementor-action%3Aaction%3Dlightbox%26settings%3DeyJpZCI6NjI5ODEsInVybCI6Imh0dHBzOlwvXC93d3cucG9ydG92ZW5lcmUuZnJcL2ZyLWZyXC93cC1jb250ZW50XC91cGxvYWRzXC8yMDI1XC8wN1wvQ2FycmVsYWdlLWVmZmV0LW1hcmJyZS1wb3VyLXNvbC1ldC1tdXItVU1PUkUtTW91bnRhaW4tUGVhay1ub21icmV1eC1mb3JtYXRzLW1hZ2FzaW4tZGUtY2FycmVsYWdlLWhhdXQtZGUtZ2FtbWUtUG9ydG9fVmVuZXJlX01vbnRwZWxsaWVyLXByZXMtZGUtTHVuZWwtMzQuanBnIiwic2xpZGVzaG93IjoiOTNlZjQyOCJ9\">\n\t\t\t\t\t<div class=\"e-gallery-image elementor-gallery-item__image\" data-thumbnail=\"https:\/\/www.portovenere.fr\/fr-fr\/wp-content\/uploads\/2025\/07\/Carrelage-effet-marbre-pour-sol-et-mur-UMORE-Mountain-Peak-nombreux-formats-magasin-de-carrelage-haut-de-gamme-Porto_Venere_Montpellier-pres-de-Lunel-34-150x150.jpg\" data-width=\"150\" data-height=\"150\" aria-label=\"Carrelage imitation marbre maxi format pour sol et mur Umore\" role=\"img\" ><\/div>\n\t\t\t\t\t\t\t\t\t\t\t<div class=\"elementor-gallery-item__overlay\"><\/div>\n\t\t\t\t\t\t\t\t\t\t\t\t\t\t<\/a>\n\t\t\t\t\t\t\t<a class=\"e-gallery-item elementor-gallery-item elementor-animated-content\" href=\"https:\/\/www.portovenere.fr\/fr-fr\/wp-content\/uploads\/2025\/07\/Carrelage-effet-marbre-de-patagonie-pour-sol-et-mur-UMORE-Tundra-nombreux-formats-magasin-de-carrelage-Porto_Venere_Montpellier-pres-de-Mauguio-34.jpg\" data-elementor-open-lightbox=\"yes\" data-elementor-lightbox-slideshow=\"93ef428\" data-elementor-lightbox-title=\"Carrelage-effet-marbre-de-patagonie-pour-sol-et-mur-UMORE-Tundra-nombreux-formats-magasin-de-carrelage-Porto_Venere_Montpellier-pr\u00e8s-de-Mauguio-34\" data-e-action-hash=\"#elementor-action%3Aaction%3Dlightbox%26settings%3DeyJpZCI6NjI5NjgsInVybCI6Imh0dHBzOlwvXC93d3cucG9ydG92ZW5lcmUuZnJcL2ZyLWZyXC93cC1jb250ZW50XC91cGxvYWRzXC8yMDI1XC8wN1wvQ2FycmVsYWdlLWVmZmV0LW1hcmJyZS1kZS1wYXRhZ29uaWUtcG91ci1zb2wtZXQtbXVyLVVNT1JFLVR1bmRyYS1ub21icmV1eC1mb3JtYXRzLW1hZ2FzaW4tZGUtY2FycmVsYWdlLVBvcnRvX1ZlbmVyZV9Nb250cGVsbGllci1wcmVzLWRlLU1hdWd1aW8tMzQuanBnIiwic2xpZGVzaG93IjoiOTNlZjQyOCJ9\">\n\t\t\t\t\t<div class=\"e-gallery-image elementor-gallery-item__image\" data-thumbnail=\"https:\/\/www.portovenere.fr\/fr-fr\/wp-content\/uploads\/2025\/07\/Carrelage-effet-marbre-de-patagonie-pour-sol-et-mur-UMORE-Tundra-nombreux-formats-magasin-de-carrelage-Porto_Venere_Montpellier-pres-de-Mauguio-34-150x150.jpg\" data-width=\"150\" data-height=\"150\" aria-label=\"Carrelage imitation marbre maxi format pour sol et mur Umore effet patagonia Tundra\" role=\"img\" ><\/div>\n\t\t\t\t\t\t\t\t\t\t\t<div class=\"elementor-gallery-item__overlay\"><\/div>\n\t\t\t\t\t\t\t\t\t\t\t\t\t\t<\/a>\n\t\t\t\t\t<\/div>\n\t\t\t\t\t<\/div>\n\t\t\t\t<\/div>\n\t\t\t\t<div class=\"elementor-element elementor-element-b42b37f elementor-widget elementor-widget-text-editor\" data-id=\"b42b37f\" data-element_type=\"widget\" data-e-type=\"widget\" data-widget_type=\"text-editor.default\">\n\t\t\t\t<div class=\"elementor-widget-container\">\n\t\t\t\t\t\t\t\t\t<p data-start=\"156\" data-end=\"379\">UMORE est une collection de <strong data-start=\"184\" data-end=\"225\">carrelage en gr\u00e8s c\u00e9rame effet marbre<\/strong> haut de gamme, con\u00e7ue pour sublimer les espaces r\u00e9sidentiels comme professionnels. Elle allie la beaut\u00e9 du marbre naturel \u00e0 la r\u00e9sistance du gr\u00e8s c\u00e9rame.<\/p>\n<p data-start=\"381\" data-end=\"607\">D\u00e9clin\u00e9e en cinq styles inspir\u00e9s de la nature \u2014 <strong data-start=\"429\" data-end=\"439\">Tundra<\/strong>, <strong data-start=\"441\" data-end=\"455\">Rainforest<\/strong>, <strong data-start=\"457\" data-end=\"469\">Riverbed<\/strong>, <strong data-start=\"471\" data-end=\"482\">Glacier<\/strong> et <strong data-start=\"486\" data-end=\"503\">Mountain Peak<\/strong> \u2014 elle offre des d\u00e9cors riches en veinures, allant du blanc cristallin aux nuances sombres et intenses.<\/p>\n<p data-start=\"609\" data-end=\"819\">Disponible en <strong data-start=\"623\" data-end=\"641\">grands formats<\/strong> (160\u00d7320, 120\u00d7280, 120\u00d7240, 120\u00d7120, 60\u00d7120 cm), UMORE permet une pose avec peu de joints, pour un rendu visuel \u00e9l\u00e9gant et continu. Deux <strong data-start=\"779\" data-end=\"792\">finitions<\/strong> subliment chaque d\u00e9cor :<\/p>\n<ul data-start=\"820\" data-end=\"931\">\n<li data-start=\"820\" data-end=\"872\">\n<p data-start=\"822\" data-end=\"872\"><strong data-start=\"822\" data-end=\"832\">Glossy<\/strong>, brillante, pour refl\u00e9ter la lumi\u00e8re,<\/p>\n<\/li>\n<li data-start=\"873\" data-end=\"931\">\n<p data-start=\"875\" data-end=\"931\"><b>Matt Silk<\/b>, douce et mate, pour une ambiance apaisante.<\/p>\n<\/li>\n<\/ul>\n<p data-start=\"933\" data-end=\"1105\">Avec ses <strong data-start=\"942\" data-end=\"969\">\u00e9paisseurs 6 mm et 9 mm<\/strong>, ce carrelage s\u2019installe au <strong data-start=\"998\" data-end=\"1005\">sol<\/strong> comme au <strong data-start=\"1015\" data-end=\"1022\">mur<\/strong> : <strong data-start=\"1025\" data-end=\"1042\">salle de bain<\/strong>, <strong data-start=\"1044\" data-end=\"1055\">cuisine<\/strong>, <strong data-start=\"1057\" data-end=\"1066\">salon<\/strong>, <strong data-start=\"1068\" data-end=\"1079\">chambre<\/strong>, <strong data-start=\"1081\" data-end=\"1090\">h\u00f4tel<\/strong>, <strong data-start=\"1092\" data-end=\"1104\">commerce<\/strong>\u2026<\/p>\n<p data-start=\"1107\" data-end=\"1240\">R\u00e9sistant \u00e0 l\u2019humidit\u00e9, aux taches et facile \u00e0 entretenir, UMORE est le choix id\u00e9al pour un int\u00e9rieur raffin\u00e9, durable et intemporel.<\/p>\t\t\t\t\t\t\t\t<\/div>\n\t\t\t\t<\/div>\n\t\t\t\t<div class=\"elementor-element elementor-element-6951dc9 elementor-mobile-align-center elementor-align-left elementor-widget elementor-widget-button\" data-id=\"6951dc9\" data-element_type=\"widget\" data-e-type=\"widget\" data-widget_type=\"button.default\">\n\t\t\t\t<div class=\"elementor-widget-container\">\n\t\t\t\t\t\t\t\t\t<div class=\"elementor-button-wrapper\">\n\t\t\t\t\t<a class=\"elementor-button elementor-button-link elementor-size-sm\" href=\"https:\/\/www.portovenere.fr\/fr-fr\/carrelage-sol-et-mur-en-gres-cerame-et-faience\/carrelage-aspect-marbre\/carrelage-imitation-marbre-en-gres-cerame-pour-sol-et-mur-umore\/\">\n\t\t\t\t\t\t<span class=\"elementor-button-content-wrapper\">\n\t\t\t\t\t\t\t\t\t<span class=\"elementor-button-text\">Voir la collection<\/span>\n\t\t\t\t\t<\/span>\n\t\t\t\t\t<\/a>\n\t\t\t\t<\/div>\n\t\t\t\t\t\t\t\t<\/div>\n\t\t\t\t<\/div>\n\t\t\t\t\t<\/div>\n\t\t<\/div>\n\t\t\t\t<div class=\"elementor-column elementor-col-33 elementor-top-column elementor-element elementor-element-da71c22\" data-id=\"da71c22\" data-element_type=\"column\" data-e-type=\"column\" data-settings=\"{&quot;background_background&quot;:&quot;classic&quot;}\">\n\t\t\t<div class=\"elementor-widget-wrap elementor-element-populated\">\n\t\t\t\t\t\t<div class=\"elementor-element elementor-element-da26f71 elementor-widget elementor-widget-image\" data-id=\"da26f71\" data-element_type=\"widget\" data-e-type=\"widget\" data-widget_type=\"image.default\">\n\t\t\t\t<div class=\"elementor-widget-container\">\n\t\t\t\t\t\t\t\t\t\t\t\t\t\t\t\t<a href=\"https:\/\/www.portovenere.fr\/fr-fr\/carrelage-sol-et-mur-en-gres-cerame-et-faience\/carrelage-aspect-marbre\/carrelage-effet-marbre-luxe-sublimis-lumiere\/\">\n\t\t\t\t\t\t\t<img decoding=\"async\" src=\"https:\/\/www.portovenere.fr\/fr-fr\/wp-content\/uploads\/elementor\/thumbs\/Carrelage-marbre-de-luxe-effet-retroeclaire-maxi-format-120x278-cm-fine-epaisseur-SUBLIMIS-LUMIERE-ambre-a-Montpellier-Herault-34-r8ifrg7zn34eycp6v2bk6tyj6i0ifslt4ev5q1jc70.jpg\" title=\"Carrelage-marbre-de-luxe-effet-r\u00e9tro\u00e9clair\u00e9-maxi-format-120&#215;278-cm-fine-\u00e9paisseur-SUBLIMIS-LUMIERE-ambre-\u00e0-Montpellier-H\u00e9rault-34\" alt=\"Carrelage-marbre-de-luxe-effet-r\u00e9tro\u00e9clair\u00e9-maxi-format-120x278-cm-fine-\u00e9paisseur-SUBLIMIS-LUMIERE-ambre-\u00e0-Montpellier-H\u00e9rault-34\" loading=\"lazy\" \/>\t\t\t\t\t\t\t\t<\/a>\n\t\t\t\t\t\t\t\t\t\t\t\t\t\t\t<\/div>\n\t\t\t\t<\/div>\n\t\t\t\t<div class=\"elementor-element elementor-element-5ea0eab elementor-widget elementor-widget-heading\" data-id=\"5ea0eab\" data-element_type=\"widget\" data-e-type=\"widget\" data-widget_type=\"heading.default\">\n\t\t\t\t<div class=\"elementor-widget-container\">\n\t\t\t\t\t<h3 class=\"elementor-heading-title elementor-size-default\"><a href=\"https:\/\/www.portovenere.fr\/fr-fr\/carrelage-sol-et-mur-en-gres-cerame-et-faience\/carrelage-aspect-marbre\/carrelage-effet-marbre-luxe-sublimis-lumiere\/\">SUBLIMIS LUMIERE | 3 coloris<\/a><\/h3>\t\t\t\t<\/div>\n\t\t\t\t<\/div>\n\t\t\t\t<div class=\"elementor-element elementor-element-b5179c6 elementor-widget__width-initial elementor-widget elementor-widget-gallery\" data-id=\"b5179c6\" data-element_type=\"widget\" data-e-type=\"widget\" data-settings=\"{&quot;gap&quot;:{&quot;unit&quot;:&quot;px&quot;,&quot;size&quot;:3,&quot;sizes&quot;:[]},&quot;columns_mobile&quot;:3,&quot;gap_mobile&quot;:{&quot;unit&quot;:&quot;px&quot;,&quot;size&quot;:6,&quot;sizes&quot;:[]},&quot;columns&quot;:5,&quot;columns_tablet&quot;:3,&quot;gap_tablet&quot;:{&quot;unit&quot;:&quot;px&quot;,&quot;size&quot;:5,&quot;sizes&quot;:[]},&quot;lazyload&quot;:&quot;yes&quot;,&quot;gallery_layout&quot;:&quot;grid&quot;,&quot;aspect_ratio&quot;:&quot;3:2&quot;,&quot;overlay_background&quot;:&quot;yes&quot;,&quot;content_hover_animation&quot;:&quot;fade-in&quot;}\" data-widget_type=\"gallery.default\">\n\t\t\t\t<div class=\"elementor-widget-container\">\n\t\t\t\t\t\t\t<div class=\"elementor-gallery__container\">\n\t\t\t\t\t\t\t<div class=\"e-gallery-item elementor-gallery-item elementor-animated-content\">\n\t\t\t\t\t<div class=\"e-gallery-image elementor-gallery-item__image\" data-thumbnail=\"https:\/\/www.portovenere.fr\/fr-fr\/wp-content\/uploads\/2024\/11\/Carrelage-marbre-effet-retroeclaire-finition-haut-de-gamme-Sublimis-Lumiere-Golden-Ambre-luxe-grand-format-pres-de-Sete-34-150x150.jpg\" data-width=\"150\" data-height=\"150\" aria-label=\"\" role=\"img\" ><\/div>\n\t\t\t\t\t\t\t\t\t\t\t<div class=\"elementor-gallery-item__overlay\"><\/div>\n\t\t\t\t\t\t\t\t\t\t\t\t\t\t<\/div>\n\t\t\t\t\t\t\t<div class=\"e-gallery-item elementor-gallery-item elementor-animated-content\">\n\t\t\t\t\t<div class=\"e-gallery-image elementor-gallery-item__image\" data-thumbnail=\"https:\/\/www.portovenere.fr\/fr-fr\/wp-content\/uploads\/2024\/11\/Carrelage-marbre-effet-retroeclaire-finition-haut-de-gamme-Sublimis-Lumiere-Bleu-Labradorite-luxe-grand-format-pres-de-Perols-34-150x150.jpg\" data-width=\"150\" data-height=\"150\" aria-label=\"\" role=\"img\" ><\/div>\n\t\t\t\t\t\t\t\t\t\t\t<div class=\"elementor-gallery-item__overlay\"><\/div>\n\t\t\t\t\t\t\t\t\t\t\t\t\t\t<\/div>\n\t\t\t\t\t\t\t<div class=\"e-gallery-item elementor-gallery-item elementor-animated-content\">\n\t\t\t\t\t<div class=\"e-gallery-image elementor-gallery-item__image\" data-thumbnail=\"https:\/\/www.portovenere.fr\/fr-fr\/wp-content\/uploads\/2024\/11\/Carrelage-marbre-effet-retroeclaire-finition-haut-de-gamme-Sublimis-Lumiere-Ivoire-grand-format-pres-de-Castelnau-le-Lez-34-150x150.jpg\" data-width=\"150\" data-height=\"150\" aria-label=\"\" role=\"img\" ><\/div>\n\t\t\t\t\t\t\t\t\t\t\t<div class=\"elementor-gallery-item__overlay\"><\/div>\n\t\t\t\t\t\t\t\t\t\t\t\t\t\t<\/div>\n\t\t\t\t\t\t\t<div class=\"e-gallery-item elementor-gallery-item elementor-animated-content\">\n\t\t\t\t\t<div class=\"e-gallery-image elementor-gallery-item__image\" data-thumbnail=\"https:\/\/www.portovenere.fr\/fr-fr\/wp-content\/uploads\/2024\/11\/Mosaique-marbre-bleu-design-tresse-30x30-cm-sol-et-mur-SUBLIMIS-LUMIERE-carrelage-luxe-proche-de-Agde-34-150x150.jpg\" data-width=\"150\" data-height=\"150\" aria-label=\"\" role=\"img\" ><\/div>\n\t\t\t\t\t\t\t\t\t\t\t<div class=\"elementor-gallery-item__overlay\"><\/div>\n\t\t\t\t\t\t\t\t\t\t\t\t\t\t<\/div>\n\t\t\t\t\t\t\t<div class=\"e-gallery-item elementor-gallery-item elementor-animated-content\">\n\t\t\t\t\t<div class=\"e-gallery-image elementor-gallery-item__image\" data-thumbnail=\"https:\/\/www.portovenere.fr\/fr-fr\/wp-content\/uploads\/2024\/11\/Mosaique-marbre-Ivoire-design-tresse-30x30-cm-sol-et-mur-SUBLIMIS-LUMIERE-carrelage-luxe-proche-de-Clapiers-34-150x150.jpg\" data-width=\"150\" data-height=\"150\" aria-label=\"\" role=\"img\" ><\/div>\n\t\t\t\t\t\t\t\t\t\t\t<div class=\"elementor-gallery-item__overlay\"><\/div>\n\t\t\t\t\t\t\t\t\t\t\t\t\t\t<\/div>\n\t\t\t\t\t\t\t<div class=\"e-gallery-item elementor-gallery-item elementor-animated-content\">\n\t\t\t\t\t<div class=\"e-gallery-image elementor-gallery-item__image\" data-thumbnail=\"https:\/\/www.portovenere.fr\/fr-fr\/wp-content\/uploads\/2024\/11\/Mosaique-marbre-ambre-design-tresse-30x30-cm-sol-et-mur-SUBLIMIS-LUMIERE-carrelage-luxe-proche-de-Palavas-34-150x150.jpg\" data-width=\"150\" data-height=\"150\" aria-label=\"\" role=\"img\" ><\/div>\n\t\t\t\t\t\t\t\t\t\t\t<div class=\"elementor-gallery-item__overlay\"><\/div>\n\t\t\t\t\t\t\t\t\t\t\t\t\t\t<\/div>\n\t\t\t\t\t\t\t<div class=\"e-gallery-item elementor-gallery-item elementor-animated-content\">\n\t\t\t\t\t<div class=\"e-gallery-image elementor-gallery-item__image\" data-thumbnail=\"https:\/\/www.portovenere.fr\/fr-fr\/wp-content\/uploads\/2024\/11\/Mosaique-marbre-Ivoire-30x30-cm-sol-et-mur-SUBLIMIS-LUMIERE-carrelage-luxe-proche-de-Saint-Clement-de-Riviere-34-150x150.jpg\" data-width=\"150\" data-height=\"150\" aria-label=\"\" role=\"img\" ><\/div>\n\t\t\t\t\t\t\t\t\t\t\t<div class=\"elementor-gallery-item__overlay\"><\/div>\n\t\t\t\t\t\t\t\t\t\t\t\t\t\t<\/div>\n\t\t\t\t\t\t\t<div class=\"e-gallery-item elementor-gallery-item elementor-animated-content\">\n\t\t\t\t\t<div class=\"e-gallery-image elementor-gallery-item__image\" data-thumbnail=\"https:\/\/www.portovenere.fr\/fr-fr\/wp-content\/uploads\/2024\/11\/Mosaique-marbre-bleu-30x30-cm-sol-et-mur-SUBLIMIS-LUMIERE-carrelage-luxe-proche-de-Mauguio-34-150x150.jpg\" data-width=\"150\" data-height=\"150\" aria-label=\"\" role=\"img\" ><\/div>\n\t\t\t\t\t\t\t\t\t\t\t<div class=\"elementor-gallery-item__overlay\"><\/div>\n\t\t\t\t\t\t\t\t\t\t\t\t\t\t<\/div>\n\t\t\t\t\t\t\t<div class=\"e-gallery-item elementor-gallery-item elementor-animated-content\">\n\t\t\t\t\t<div class=\"e-gallery-image elementor-gallery-item__image\" data-thumbnail=\"https:\/\/www.portovenere.fr\/fr-fr\/wp-content\/uploads\/2024\/11\/Mosaique-marbre-ambre-dore-30x30-cm-sol-et-mur-SUBLIMIS-LUMIERE-carrelage-luxe-proche-de-Sete-34-150x150.jpg\" data-width=\"150\" data-height=\"150\" aria-label=\"\" role=\"img\" ><\/div>\n\t\t\t\t\t\t\t\t\t\t\t<div class=\"elementor-gallery-item__overlay\"><\/div>\n\t\t\t\t\t\t\t\t\t\t\t\t\t\t<\/div>\n\t\t\t\t\t<\/div>\n\t\t\t\t\t<\/div>\n\t\t\t\t<\/div>\n\t\t\t\t<div class=\"elementor-element elementor-element-bfc5a6a elementor-widget elementor-widget-text-editor\" data-id=\"bfc5a6a\" data-element_type=\"widget\" data-e-type=\"widget\" data-widget_type=\"text-editor.default\">\n\t\t\t\t<div class=\"elementor-widget-container\">\n\t\t\t\t\t\t\t\t\t<p>La collection de carrelage effet marbre luxe SUBLIMIS LUMIERE va vous \u00e9merveiller de part sa\u00a0<b>puissance visuelle<\/b>\u00a0qui laisse\u00a0<b>imaginer un r\u00e9tro\u00e9clairage<\/b>\u00a0du carreau par transparence. Les d\u00e9tails &amp; finitions offrent un r\u00e9alisme puissant et r\u00e9v\u00e8lent tout l\u2019\u00e9clat de ces<b>\u00a0pierres pr\u00e9cieuses<\/b>.\u00a0<\/p><p>D\u00e9clin\u00e9 dans\u00a0<b>3 teintes<\/b>\u00a0: Golden ambre, Ivoire Gioiello et Labradorite bleu.<\/p><p>Propos\u00e9e dans\u00a0<b>2 formats<\/b>\u00a0\u00e9paisseur 9 mm \u2013\u00a0<b>120 x 120 cm,<\/b>\u00a0<b>6<\/b>0 x 120 cm\u00a0<b>et dans un maxi format\u00a0 120 x 278 cm en fine \u00e9paisseur de 6,5mm,\u00a0<\/b>cette collection de gr\u00e8s c\u00e9rame sublimera vos sols et vos murs en int\u00e9rieur.\u00a0<\/p><p>Une mosa\u00efque carr\u00e9e et une mosa\u00efque tress\u00e9e\u00a030\u00d730 cm, compl\u00e8tent cette collection effet marbre de luxe.<\/p><p>La collection de carrelage\u00a0<b>effet marbre r\u00e9tro\u00e9clair\u00e9<\/b>\u00a0Sublimis Lumi\u00e8re se d\u00e9cline en\u00a0<b>finition Full Lappato (brillant effet miroir)\u00a0<\/b>et une\u00a0<b>finition silktech pour les espaces n\u00e9cessitant une meilleure adh\u00e9rence.<\/b><\/p>\t\t\t\t\t\t\t\t<\/div>\n\t\t\t\t<\/div>\n\t\t\t\t<div class=\"elementor-element elementor-element-099c0e0 elementor-mobile-align-center elementor-align-left elementor-widget elementor-widget-button\" data-id=\"099c0e0\" data-element_type=\"widget\" data-e-type=\"widget\" data-widget_type=\"button.default\">\n\t\t\t\t<div class=\"elementor-widget-container\">\n\t\t\t\t\t\t\t\t\t<div class=\"elementor-button-wrapper\">\n\t\t\t\t\t<a class=\"elementor-button elementor-button-link elementor-size-sm\" href=\"https:\/\/www.portovenere.fr\/fr-fr\/carrelage-sol-et-mur-en-gres-cerame-et-faience\/carrelage-aspect-marbre\/carrelage-effet-marbre-luxe-sublimis-lumiere\/\">\n\t\t\t\t\t\t<span class=\"elementor-button-content-wrapper\">\n\t\t\t\t\t\t\t\t\t<span class=\"elementor-button-text\">Voir la collection<\/span>\n\t\t\t\t\t<\/span>\n\t\t\t\t\t<\/a>\n\t\t\t\t<\/div>\n\t\t\t\t\t\t\t\t<\/div>\n\t\t\t\t<\/div>\n\t\t\t\t\t<\/div>\n\t\t<\/div>\n\t\t\t\t\t<\/div>\n\t\t<\/section>\n\t\t\t\t<section class=\"elementor-section elementor-top-section elementor-element elementor-element-29d8dafd elementor-section-full_width elementor-section-height-default elementor-section-height-default elementor-invisible\" data-id=\"29d8dafd\" data-element_type=\"section\" data-e-type=\"section\" data-settings=\"{&quot;background_background&quot;:&quot;classic&quot;,&quot;animation&quot;:&quot;fadeIn&quot;}\">\n\t\t\t\t\t\t<div class=\"elementor-container elementor-column-gap-default\">\n\t\t\t\t\t<div class=\"elementor-column elementor-col-33 elementor-top-column elementor-element elementor-element-5f16a0e\" data-id=\"5f16a0e\" data-element_type=\"column\" data-e-type=\"column\">\n\t\t\t<div class=\"elementor-widget-wrap elementor-element-populated\">\n\t\t\t\t\t\t<div class=\"elementor-element elementor-element-82785b2 elementor-widget elementor-widget-image\" data-id=\"82785b2\" data-element_type=\"widget\" data-e-type=\"widget\" data-widget_type=\"image.default\">\n\t\t\t\t<div class=\"elementor-widget-container\">\n\t\t\t\t\t\t\t\t\t\t\t\t\t\t\t\t<a href=\"https:\/\/www.portovenere.fr\/fr-fr\/carrelage-sol-et-mur-en-gres-cerame-et-faience\/carrelage-extra-fin-special-renovation\/carrelage-slim-special-renovation-5mm-fibre-kerlite-elegance\/\">\n\t\t\t\t\t\t\t<img loading=\"lazy\" decoding=\"async\" width=\"800\" height=\"533\" src=\"https:\/\/www.portovenere.fr\/fr-fr\/wp-content\/uploads\/2020\/02\/Carrelage_Extra_Fin_Slim_Kerlite_Via-Tornabuoni_effet_pierre_proche_N\u00eemes.jpg\" class=\"attachment-large size-large wp-image-25949\" alt=\"Rev\u00eatement de sol pour coller sur ancien carrelage\" srcset=\"https:\/\/www.portovenere.fr\/fr-fr\/wp-content\/uploads\/2020\/02\/Carrelage_Extra_Fin_Slim_Kerlite_Via-Tornabuoni_effet_pierre_proche_N\u00eemes.jpg 860w, https:\/\/www.portovenere.fr\/fr-fr\/wp-content\/uploads\/2020\/02\/Carrelage_Extra_Fin_Slim_Kerlite_Via-Tornabuoni_effet_pierre_proche_N\u00eemes-300x200.jpg 300w, https:\/\/www.portovenere.fr\/fr-fr\/wp-content\/uploads\/2020\/02\/Carrelage_Extra_Fin_Slim_Kerlite_Via-Tornabuoni_effet_pierre_proche_N\u00eemes-768x512.jpg 768w\" sizes=\"(max-width: 800px) 100vw, 800px\" \/>\t\t\t\t\t\t\t\t<\/a>\n\t\t\t\t\t\t\t\t\t\t\t\t\t\t\t<\/div>\n\t\t\t\t<\/div>\n\t\t\t\t<div class=\"elementor-element elementor-element-50d9231 elementor-widget elementor-widget-heading\" data-id=\"50d9231\" data-element_type=\"widget\" data-e-type=\"widget\" data-widget_type=\"heading.default\">\n\t\t\t\t<div class=\"elementor-widget-container\">\n\t\t\t\t\t<h3 class=\"elementor-heading-title elementor-size-default\"><a href=\"https:\/\/www.portovenere.fr\/fr-fr\/carrelage-sol-et-mur-en-gres-cerame-et-faience\/carrelage-extra-fin-special-renovation\/carrelage-slim-special-renovation-5mm-fibre-kerlite-elegance\/\">KERLITE ELEGANCE 5,5mm | 4 coloris<\/a><\/h3>\t\t\t\t<\/div>\n\t\t\t\t<\/div>\n\t\t\t\t<div class=\"elementor-element elementor-element-8e8d18b elementor-widget__width-initial elementor-widget elementor-widget-gallery\" data-id=\"8e8d18b\" data-element_type=\"widget\" data-e-type=\"widget\" data-settings=\"{&quot;gap&quot;:{&quot;unit&quot;:&quot;px&quot;,&quot;size&quot;:3,&quot;sizes&quot;:[]},&quot;columns_mobile&quot;:3,&quot;gap_mobile&quot;:{&quot;unit&quot;:&quot;px&quot;,&quot;size&quot;:6,&quot;sizes&quot;:[]},&quot;columns&quot;:5,&quot;columns_tablet&quot;:3,&quot;gap_tablet&quot;:{&quot;unit&quot;:&quot;px&quot;,&quot;size&quot;:5,&quot;sizes&quot;:[]},&quot;lazyload&quot;:&quot;yes&quot;,&quot;gallery_layout&quot;:&quot;grid&quot;,&quot;aspect_ratio&quot;:&quot;3:2&quot;,&quot;overlay_background&quot;:&quot;yes&quot;,&quot;content_hover_animation&quot;:&quot;fade-in&quot;}\" data-widget_type=\"gallery.default\">\n\t\t\t\t<div class=\"elementor-widget-container\">\n\t\t\t\t\t\t\t<div class=\"elementor-gallery__container\">\n\t\t\t\t\t\t\t<div class=\"e-gallery-item elementor-gallery-item elementor-animated-content\">\n\t\t\t\t\t<div class=\"e-gallery-image elementor-gallery-item__image\" data-thumbnail=\"https:\/\/www.portovenere.fr\/fr-fr\/wp-content\/uploads\/2020\/02\/Kerlite-Elegance_Via-Tornabuoni_Porto_Venere_Montpellier-150x150.jpg\" data-width=\"150\" data-height=\"150\" aria-label=\"\" role=\"img\" ><\/div>\n\t\t\t\t\t\t\t\t\t\t\t<div class=\"elementor-gallery-item__overlay\"><\/div>\n\t\t\t\t\t\t\t\t\t\t\t\t\t\t<\/div>\n\t\t\t\t\t\t\t<div class=\"e-gallery-item elementor-gallery-item elementor-animated-content\">\n\t\t\t\t\t<div class=\"e-gallery-image elementor-gallery-item__image\" data-thumbnail=\"https:\/\/www.portovenere.fr\/fr-fr\/wp-content\/uploads\/2020\/02\/Kerlite-Elegance_Via-Montenapoleone_Porto_Venere_Montpellier-150x150.jpg\" data-width=\"150\" data-height=\"150\" aria-label=\"\" role=\"img\" ><\/div>\n\t\t\t\t\t\t\t\t\t\t\t<div class=\"elementor-gallery-item__overlay\"><\/div>\n\t\t\t\t\t\t\t\t\t\t\t\t\t\t<\/div>\n\t\t\t\t\t\t\t<div class=\"e-gallery-item elementor-gallery-item elementor-animated-content\">\n\t\t\t\t\t<div class=\"e-gallery-image elementor-gallery-item__image\" data-thumbnail=\"https:\/\/www.portovenere.fr\/fr-fr\/wp-content\/uploads\/2020\/02\/Kerlite-Elegance_Via-Farini_Porto_Venere_Montpellier-150x150.jpg\" data-width=\"150\" data-height=\"150\" aria-label=\"\" role=\"img\" ><\/div>\n\t\t\t\t\t\t\t\t\t\t\t<div class=\"elementor-gallery-item__overlay\"><\/div>\n\t\t\t\t\t\t\t\t\t\t\t\t\t\t<\/div>\n\t\t\t\t\t\t\t<div class=\"e-gallery-item elementor-gallery-item elementor-animated-content\">\n\t\t\t\t\t<div class=\"e-gallery-image elementor-gallery-item__image\" data-thumbnail=\"https:\/\/www.portovenere.fr\/fr-fr\/wp-content\/uploads\/2020\/02\/Kerlite-Elegance_Via-Condotti_Porto_Venere_Montpellier-150x150.jpg\" data-width=\"150\" data-height=\"150\" aria-label=\"\" role=\"img\" ><\/div>\n\t\t\t\t\t\t\t\t\t\t\t<div class=\"elementor-gallery-item__overlay\"><\/div>\n\t\t\t\t\t\t\t\t\t\t\t\t\t\t<\/div>\n\t\t\t\t\t<\/div>\n\t\t\t\t\t<\/div>\n\t\t\t\t<\/div>\n\t\t\t\t<div class=\"elementor-element elementor-element-9726a29 elementor-widget elementor-widget-text-editor\" data-id=\"9726a29\" data-element_type=\"widget\" data-e-type=\"widget\" data-widget_type=\"text-editor.default\">\n\t\t\t\t<div class=\"elementor-widget-container\">\n\t\t\t\t\t\t\t\t\t<p>Carrelage contemporain pour sol et mur en gr\u00e8s c\u00e9rame lamin\u00e9 extra-fin de style pierre calcaire naturelle, disponible en \u00e9paisseur 5,5mm. Cette collection est d\u00e9clin\u00e9e en formats 100x100cm et 100x300cm.<\/p><p>Disponible en 4 coloris : Sable, Beige, Gris et Taupe.<\/p>\t\t\t\t\t\t\t\t<\/div>\n\t\t\t\t<\/div>\n\t\t\t\t<div class=\"elementor-element elementor-element-f7122bd elementor-mobile-align-center elementor-align-left elementor-widget elementor-widget-button\" data-id=\"f7122bd\" data-element_type=\"widget\" data-e-type=\"widget\" data-widget_type=\"button.default\">\n\t\t\t\t<div class=\"elementor-widget-container\">\n\t\t\t\t\t\t\t\t\t<div class=\"elementor-button-wrapper\">\n\t\t\t\t\t<a class=\"elementor-button elementor-button-link elementor-size-sm\" href=\"https:\/\/www.portovenere.fr\/fr-fr\/carrelage-sol-et-mur-en-gres-cerame-et-faience\/carrelage-extra-fin-special-renovation\/carrelage-slim-special-renovation-5mm-fibre-kerlite-elegance\/\">\n\t\t\t\t\t\t<span class=\"elementor-button-content-wrapper\">\n\t\t\t\t\t\t\t\t\t<span class=\"elementor-button-text\">Voir la collection<\/span>\n\t\t\t\t\t<\/span>\n\t\t\t\t\t<\/a>\n\t\t\t\t<\/div>\n\t\t\t\t\t\t\t\t<\/div>\n\t\t\t\t<\/div>\n\t\t\t\t\t<\/div>\n\t\t<\/div>\n\t\t\t\t<div class=\"elementor-column elementor-col-33 elementor-top-column elementor-element elementor-element-21f4ac2\" data-id=\"21f4ac2\" data-element_type=\"column\" data-e-type=\"column\" data-settings=\"{&quot;background_background&quot;:&quot;classic&quot;}\">\n\t\t\t<div class=\"elementor-widget-wrap elementor-element-populated\">\n\t\t\t\t\t\t<div class=\"elementor-element elementor-element-916e7fc elementor-widget elementor-widget-image\" data-id=\"916e7fc\" data-element_type=\"widget\" data-e-type=\"widget\" data-widget_type=\"image.default\">\n\t\t\t\t<div class=\"elementor-widget-container\">\n\t\t\t\t\t\t\t\t\t\t\t\t\t\t\t\t<a href=\"https:\/\/www.portovenere.fr\/fr-fr\/carrelage-sol-et-mur-en-gres-cerame-et-faience\/carrelage-aspect-marbre\/carrelage-effet-marbre-naturel-ou-poli-trianon\/\">\n\t\t\t\t\t\t\t<img loading=\"lazy\" decoding=\"async\" width=\"800\" height=\"534\" src=\"https:\/\/www.portovenere.fr\/fr-fr\/wp-content\/uploads\/2019\/11\/Carrelage_salle_de_bain_-aspect_marbre_Trianon_Moon_beige_Lux_brillant_60x120_au_sol__D\u00e9cor_mural_Fusion-relief__D\u00e9cor_mural_Glamour_mix-1024x683.jpg\" class=\"attachment-large size-large wp-image-18971\" alt=\"\" srcset=\"https:\/\/www.portovenere.fr\/fr-fr\/wp-content\/uploads\/2019\/11\/Carrelage_salle_de_bain_-aspect_marbre_Trianon_Moon_beige_Lux_brillant_60x120_au_sol__D\u00e9cor_mural_Fusion-relief__D\u00e9cor_mural_Glamour_mix-1024x683.jpg 1024w, https:\/\/www.portovenere.fr\/fr-fr\/wp-content\/uploads\/2019\/11\/Carrelage_salle_de_bain_-aspect_marbre_Trianon_Moon_beige_Lux_brillant_60x120_au_sol__D\u00e9cor_mural_Fusion-relief__D\u00e9cor_mural_Glamour_mix-300x200.jpg 300w, https:\/\/www.portovenere.fr\/fr-fr\/wp-content\/uploads\/2019\/11\/Carrelage_salle_de_bain_-aspect_marbre_Trianon_Moon_beige_Lux_brillant_60x120_au_sol__D\u00e9cor_mural_Fusion-relief__D\u00e9cor_mural_Glamour_mix-768x512.jpg 768w, https:\/\/www.portovenere.fr\/fr-fr\/wp-content\/uploads\/2019\/11\/Carrelage_salle_de_bain_-aspect_marbre_Trianon_Moon_beige_Lux_brillant_60x120_au_sol__D\u00e9cor_mural_Fusion-relief__D\u00e9cor_mural_Glamour_mix.jpg 1500w\" sizes=\"(max-width: 800px) 100vw, 800px\" \/>\t\t\t\t\t\t\t\t<\/a>\n\t\t\t\t\t\t\t\t\t\t\t\t\t\t\t<\/div>\n\t\t\t\t<\/div>\n\t\t\t\t<div class=\"elementor-element elementor-element-d286fec elementor-widget elementor-widget-heading\" data-id=\"d286fec\" data-element_type=\"widget\" data-e-type=\"widget\" data-widget_type=\"heading.default\">\n\t\t\t\t<div class=\"elementor-widget-container\">\n\t\t\t\t\t<h3 class=\"elementor-heading-title elementor-size-default\"><a href=\"https:\/\/www.portovenere.fr\/fr-fr\/carrelage-sol-et-mur-en-gres-cerame-et-faience\/carrelage-aspect-marbre\/carrelage-effet-marbre-naturel-ou-poli-trianon\/\">TRIANON 6mm | 4 coloris<\/a><\/h3>\t\t\t\t<\/div>\n\t\t\t\t<\/div>\n\t\t\t\t<div class=\"elementor-element elementor-element-b4429be elementor-widget__width-initial elementor-widget elementor-widget-gallery\" data-id=\"b4429be\" data-element_type=\"widget\" data-e-type=\"widget\" data-settings=\"{&quot;gap&quot;:{&quot;unit&quot;:&quot;px&quot;,&quot;size&quot;:3,&quot;sizes&quot;:[]},&quot;columns_mobile&quot;:3,&quot;gap_mobile&quot;:{&quot;unit&quot;:&quot;px&quot;,&quot;size&quot;:6,&quot;sizes&quot;:[]},&quot;columns&quot;:5,&quot;columns_tablet&quot;:3,&quot;gap_tablet&quot;:{&quot;unit&quot;:&quot;px&quot;,&quot;size&quot;:5,&quot;sizes&quot;:[]},&quot;lazyload&quot;:&quot;yes&quot;,&quot;gallery_layout&quot;:&quot;grid&quot;,&quot;aspect_ratio&quot;:&quot;3:2&quot;,&quot;overlay_background&quot;:&quot;yes&quot;,&quot;content_hover_animation&quot;:&quot;fade-in&quot;}\" data-widget_type=\"gallery.default\">\n\t\t\t\t<div class=\"elementor-widget-container\">\n\t\t\t\t\t\t\t<div class=\"elementor-gallery__container\">\n\t\t\t\t\t\t\t<div class=\"e-gallery-item elementor-gallery-item elementor-animated-content\">\n\t\t\t\t\t<div class=\"e-gallery-image elementor-gallery-item__image\" data-thumbnail=\"https:\/\/www.portovenere.fr\/fr-fr\/wp-content\/uploads\/2019\/11\/Carrelage-effet-marbre_Trianon_Calacatta_White-150x150.jpg\" data-width=\"150\" data-height=\"150\" aria-label=\"\" role=\"img\" ><\/div>\n\t\t\t\t\t\t\t\t\t\t\t<div class=\"elementor-gallery-item__overlay\"><\/div>\n\t\t\t\t\t\t\t\t\t\t\t\t\t\t<\/div>\n\t\t\t\t\t\t\t<div class=\"e-gallery-item elementor-gallery-item elementor-animated-content\">\n\t\t\t\t\t<div class=\"e-gallery-image elementor-gallery-item__image\" data-thumbnail=\"https:\/\/www.portovenere.fr\/fr-fr\/wp-content\/uploads\/2019\/11\/Carrelage-effet-marbre_Trianon_Moon_Beige-150x150.jpg\" data-width=\"150\" data-height=\"150\" aria-label=\"\" role=\"img\" ><\/div>\n\t\t\t\t\t\t\t\t\t\t\t<div class=\"elementor-gallery-item__overlay\"><\/div>\n\t\t\t\t\t\t\t\t\t\t\t\t\t\t<\/div>\n\t\t\t\t\t\t\t<div class=\"e-gallery-item elementor-gallery-item elementor-animated-content\">\n\t\t\t\t\t<div class=\"e-gallery-image elementor-gallery-item__image\" data-thumbnail=\"https:\/\/www.portovenere.fr\/fr-fr\/wp-content\/uploads\/2019\/11\/Carrelage-effet-marbre_Trianon_Onix_Light-150x150.jpg\" data-width=\"150\" data-height=\"150\" aria-label=\"\" role=\"img\" ><\/div>\n\t\t\t\t\t\t\t\t\t\t\t<div class=\"elementor-gallery-item__overlay\"><\/div>\n\t\t\t\t\t\t\t\t\t\t\t\t\t\t<\/div>\n\t\t\t\t\t\t\t<div class=\"e-gallery-item elementor-gallery-item elementor-animated-content\">\n\t\t\t\t\t<div class=\"e-gallery-image elementor-gallery-item__image\" data-thumbnail=\"https:\/\/www.portovenere.fr\/fr-fr\/wp-content\/uploads\/2019\/11\/Carrelage-effet-marbre_Trianon_Sandy_Grey-150x150.jpg\" data-width=\"150\" data-height=\"150\" aria-label=\"\" role=\"img\" ><\/div>\n\t\t\t\t\t\t\t\t\t\t\t<div class=\"elementor-gallery-item__overlay\"><\/div>\n\t\t\t\t\t\t\t\t\t\t\t\t\t\t<\/div>\n\t\t\t\t\t<\/div>\n\t\t\t\t\t<\/div>\n\t\t\t\t<\/div>\n\t\t\t\t<div class=\"elementor-element elementor-element-508f126 elementor-widget elementor-widget-text-editor\" data-id=\"508f126\" data-element_type=\"widget\" data-e-type=\"widget\" data-widget_type=\"text-editor.default\">\n\t\t\t\t<div class=\"elementor-widget-container\">\n\t\t\t\t\t\t\t\t\t<p>Cette collection de carrelage effet marbre naturel ou poli en gr\u00e8s c\u00e9rame pour sol et mur, vous propose une une merveilleuse s\u00e9rie de formats et mosa\u00efques d\u00e9clin\u00e9s en 4 tonalit\u00e9s.<\/p>\n<p>Les mosa\u00efques d\u00e9voilent les innombrables possibilit\u00e9s d&rsquo;am\u00e9nagement de vos espaces de vie avec la collection Trianon.<\/p>\t\t\t\t\t\t\t\t<\/div>\n\t\t\t\t<\/div>\n\t\t\t\t<div class=\"elementor-element elementor-element-8945dad elementor-mobile-align-center elementor-align-left elementor-widget elementor-widget-button\" data-id=\"8945dad\" data-element_type=\"widget\" data-e-type=\"widget\" data-widget_type=\"button.default\">\n\t\t\t\t<div class=\"elementor-widget-container\">\n\t\t\t\t\t\t\t\t\t<div class=\"elementor-button-wrapper\">\n\t\t\t\t\t<a class=\"elementor-button elementor-button-link elementor-size-sm\" href=\"https:\/\/www.portovenere.fr\/fr-fr\/carrelage-sol-et-mur-en-gres-cerame-et-faience\/carrelage-aspect-marbre\/carrelage-effet-marbre-naturel-ou-poli-trianon\/\">\n\t\t\t\t\t\t<span class=\"elementor-button-content-wrapper\">\n\t\t\t\t\t\t\t\t\t<span class=\"elementor-button-text\">Voir la collection<\/span>\n\t\t\t\t\t<\/span>\n\t\t\t\t\t<\/a>\n\t\t\t\t<\/div>\n\t\t\t\t\t\t\t\t<\/div>\n\t\t\t\t<\/div>\n\t\t\t\t\t<\/div>\n\t\t<\/div>\n\t\t\t\t<div class=\"elementor-column elementor-col-33 elementor-top-column elementor-element elementor-element-3b6e0e1a\" data-id=\"3b6e0e1a\" data-element_type=\"column\" data-e-type=\"column\">\n\t\t\t<div class=\"elementor-widget-wrap elementor-element-populated\">\n\t\t\t\t\t\t<div class=\"elementor-element elementor-element-a8aaab3 elementor-widget elementor-widget-image\" data-id=\"a8aaab3\" data-element_type=\"widget\" data-e-type=\"widget\" data-widget_type=\"image.default\">\n\t\t\t\t<div class=\"elementor-widget-container\">\n\t\t\t\t\t\t\t\t\t\t\t\t\t\t\t\t<a href=\"https:\/\/www.portovenere.fr\/fr-fr\/carrelage-sol-et-mur-en-gres-cerame-et-faience\/carrelage-aspect-pierre\/carrelage-pierre-brute-style-retro-nuances\/\">\n\t\t\t\t\t\t\t<img loading=\"lazy\" decoding=\"async\" width=\"800\" height=\"504\" src=\"https:\/\/www.portovenere.fr\/fr-fr\/wp-content\/uploads\/2019\/09\/Carrelage-aspect-pierre-style-r\u00e9tro-Nuances-Moderne-Brun-60x120-et-Decors-Deco-brun-2.jpg\" class=\"attachment-large size-large wp-image-14352\" alt=\"\" srcset=\"https:\/\/www.portovenere.fr\/fr-fr\/wp-content\/uploads\/2019\/09\/Carrelage-aspect-pierre-style-r\u00e9tro-Nuances-Moderne-Brun-60x120-et-Decors-Deco-brun-2.jpg 1000w, https:\/\/www.portovenere.fr\/fr-fr\/wp-content\/uploads\/2019\/09\/Carrelage-aspect-pierre-style-r\u00e9tro-Nuances-Moderne-Brun-60x120-et-Decors-Deco-brun-2-300x189.jpg 300w, https:\/\/www.portovenere.fr\/fr-fr\/wp-content\/uploads\/2019\/09\/Carrelage-aspect-pierre-style-r\u00e9tro-Nuances-Moderne-Brun-60x120-et-Decors-Deco-brun-2-768x484.jpg 768w\" sizes=\"(max-width: 800px) 100vw, 800px\" \/>\t\t\t\t\t\t\t\t<\/a>\n\t\t\t\t\t\t\t\t\t\t\t\t\t\t\t<\/div>\n\t\t\t\t<\/div>\n\t\t\t\t<div class=\"elementor-element elementor-element-530c02ef elementor-widget elementor-widget-heading\" data-id=\"530c02ef\" data-element_type=\"widget\" data-e-type=\"widget\" data-widget_type=\"heading.default\">\n\t\t\t\t<div class=\"elementor-widget-container\">\n\t\t\t\t\t<h3 class=\"elementor-heading-title elementor-size-default\"><a href=\"https:\/\/www.portovenere.fr\/fr-fr\/carrelage-sol-et-mur-en-gres-cerame-et-faience\/carrelage-aspect-pierre\/carrelage-pierre-brute-style-retro-nuances\/\">NUANCES 6mm | 6 coloris<\/a><\/h3>\t\t\t\t<\/div>\n\t\t\t\t<\/div>\n\t\t\t\t<div class=\"elementor-element elementor-element-16bddd6 elementor-widget__width-initial elementor-widget elementor-widget-gallery\" data-id=\"16bddd6\" data-element_type=\"widget\" data-e-type=\"widget\" data-settings=\"{&quot;gap&quot;:{&quot;unit&quot;:&quot;px&quot;,&quot;size&quot;:3,&quot;sizes&quot;:[]},&quot;columns_mobile&quot;:3,&quot;gap_mobile&quot;:{&quot;unit&quot;:&quot;px&quot;,&quot;size&quot;:6,&quot;sizes&quot;:[]},&quot;columns&quot;:5,&quot;columns_tablet&quot;:3,&quot;gap_tablet&quot;:{&quot;unit&quot;:&quot;px&quot;,&quot;size&quot;:5,&quot;sizes&quot;:[]},&quot;lazyload&quot;:&quot;yes&quot;,&quot;gallery_layout&quot;:&quot;grid&quot;,&quot;aspect_ratio&quot;:&quot;3:2&quot;,&quot;overlay_background&quot;:&quot;yes&quot;,&quot;content_hover_animation&quot;:&quot;fade-in&quot;}\" data-widget_type=\"gallery.default\">\n\t\t\t\t<div class=\"elementor-widget-container\">\n\t\t\t\t\t\t\t<div class=\"elementor-gallery__container\">\n\t\t\t\t\t\t\t<div class=\"e-gallery-item elementor-gallery-item elementor-animated-content\">\n\t\t\t\t\t<div class=\"e-gallery-image elementor-gallery-item__image\" data-thumbnail=\"https:\/\/www.portovenere.fr\/fr-fr\/wp-content\/uploads\/2019\/09\/Nuances-Neutral-Brun-150x150.jpg\" data-width=\"150\" data-height=\"150\" aria-label=\"\" role=\"img\" ><\/div>\n\t\t\t\t\t\t\t\t\t\t\t<div class=\"elementor-gallery-item__overlay\"><\/div>\n\t\t\t\t\t\t\t\t\t\t\t\t\t\t<\/div>\n\t\t\t\t\t\t\t<div class=\"e-gallery-item elementor-gallery-item elementor-animated-content\">\n\t\t\t\t\t<div class=\"e-gallery-image elementor-gallery-item__image\" data-thumbnail=\"https:\/\/www.portovenere.fr\/fr-fr\/wp-content\/uploads\/2019\/09\/Nuances-Moderne-Brun-150x150.jpg\" data-width=\"150\" data-height=\"150\" aria-label=\"\" role=\"img\" ><\/div>\n\t\t\t\t\t\t\t\t\t\t\t<div class=\"elementor-gallery-item__overlay\"><\/div>\n\t\t\t\t\t\t\t\t\t\t\t\t\t\t<\/div>\n\t\t\t\t\t\t\t<div class=\"e-gallery-item elementor-gallery-item elementor-animated-content\">\n\t\t\t\t\t<div class=\"e-gallery-image elementor-gallery-item__image\" data-thumbnail=\"https:\/\/www.portovenere.fr\/fr-fr\/wp-content\/uploads\/2019\/09\/Nuances-Vintage-Brun-150x150.jpg\" data-width=\"150\" data-height=\"150\" aria-label=\"\" role=\"img\" ><\/div>\n\t\t\t\t\t\t\t\t\t\t\t<div class=\"elementor-gallery-item__overlay\"><\/div>\n\t\t\t\t\t\t\t\t\t\t\t\t\t\t<\/div>\n\t\t\t\t\t\t\t<div class=\"e-gallery-item elementor-gallery-item elementor-animated-content\">\n\t\t\t\t\t<div class=\"e-gallery-image elementor-gallery-item__image\" data-thumbnail=\"https:\/\/www.portovenere.fr\/fr-fr\/wp-content\/uploads\/2019\/09\/Nuances-Neutral-Gris-150x150.jpg\" data-width=\"150\" data-height=\"150\" aria-label=\"\" role=\"img\" ><\/div>\n\t\t\t\t\t\t\t\t\t\t\t<div class=\"elementor-gallery-item__overlay\"><\/div>\n\t\t\t\t\t\t\t\t\t\t\t\t\t\t<\/div>\n\t\t\t\t\t\t\t<div class=\"e-gallery-item elementor-gallery-item elementor-animated-content\">\n\t\t\t\t\t<div class=\"e-gallery-image elementor-gallery-item__image\" data-thumbnail=\"https:\/\/www.portovenere.fr\/fr-fr\/wp-content\/uploads\/2019\/09\/Nuances-Moderne-Gris-150x150.jpg\" data-width=\"150\" data-height=\"150\" aria-label=\"\" role=\"img\" ><\/div>\n\t\t\t\t\t\t\t\t\t\t\t<div class=\"elementor-gallery-item__overlay\"><\/div>\n\t\t\t\t\t\t\t\t\t\t\t\t\t\t<\/div>\n\t\t\t\t\t\t\t<div class=\"e-gallery-item elementor-gallery-item elementor-animated-content\">\n\t\t\t\t\t<div class=\"e-gallery-image elementor-gallery-item__image\" data-thumbnail=\"https:\/\/www.portovenere.fr\/fr-fr\/wp-content\/uploads\/2019\/09\/Nuances-Vintage-Gris-150x150.jpg\" data-width=\"150\" data-height=\"150\" aria-label=\"\" role=\"img\" ><\/div>\n\t\t\t\t\t\t\t\t\t\t\t<div class=\"elementor-gallery-item__overlay\"><\/div>\n\t\t\t\t\t\t\t\t\t\t\t\t\t\t<\/div>\n\t\t\t\t\t<\/div>\n\t\t\t\t\t<\/div>\n\t\t\t\t<\/div>\n\t\t\t\t<div class=\"elementor-element elementor-element-617a34d9 elementor-widget elementor-widget-text-editor\" data-id=\"617a34d9\" data-element_type=\"widget\" data-e-type=\"widget\" data-widget_type=\"text-editor.default\">\n\t\t\t\t<div class=\"elementor-widget-container\">\n\t\t\t\t\t\t\t\t\t<p>3 textures (Vintage, Neutral et Moderne), 2 couleurs (Brun, Gris) et 1 d\u00e9cor graphique pour une collection au style r\u00e9tro revisit\u00e9. De\u00a0multiples combinaisons, \u00e0 la fois \u00e9l\u00e9gantes et fonctionnelles, sont propos\u00e9es gr\u00e2ce aux diff\u00e9rents formats et styles pour sol et mur.\u00a0<\/p>\t\t\t\t\t\t\t\t<\/div>\n\t\t\t\t<\/div>\n\t\t\t\t<div class=\"elementor-element elementor-element-7ccc0c91 elementor-mobile-align-center elementor-align-left elementor-widget elementor-widget-button\" data-id=\"7ccc0c91\" data-element_type=\"widget\" data-e-type=\"widget\" data-widget_type=\"button.default\">\n\t\t\t\t<div class=\"elementor-widget-container\">\n\t\t\t\t\t\t\t\t\t<div class=\"elementor-button-wrapper\">\n\t\t\t\t\t<a class=\"elementor-button elementor-button-link elementor-size-sm\" href=\"https:\/\/www.portovenere.fr\/fr-fr\/carrelage-sol-et-mur-en-gres-cerame-et-faience\/carrelage-aspect-pierre\/carrelage-pierre-brute-style-retro-nuances\/\">\n\t\t\t\t\t\t<span class=\"elementor-button-content-wrapper\">\n\t\t\t\t\t\t\t\t\t<span class=\"elementor-button-text\">Voir la collection<\/span>\n\t\t\t\t\t<\/span>\n\t\t\t\t\t<\/a>\n\t\t\t\t<\/div>\n\t\t\t\t\t\t\t\t<\/div>\n\t\t\t\t<\/div>\n\t\t\t\t\t<\/div>\n\t\t<\/div>\n\t\t\t\t\t<\/div>\n\t\t<\/section>\n\t\t\t\t<section class=\"elementor-section elementor-top-section elementor-element elementor-element-91a35fe elementor-section-full_width elementor-section-height-default elementor-section-height-default elementor-invisible\" data-id=\"91a35fe\" data-element_type=\"section\" data-e-type=\"section\" data-settings=\"{&quot;background_background&quot;:&quot;classic&quot;,&quot;animation&quot;:&quot;fadeIn&quot;}\">\n\t\t\t\t\t\t<div class=\"elementor-container elementor-column-gap-default\">\n\t\t\t\t\t<div class=\"elementor-column elementor-col-33 elementor-top-column elementor-element elementor-element-a648fd9 elementor-invisible\" data-id=\"a648fd9\" data-element_type=\"column\" data-e-type=\"column\" data-settings=\"{&quot;animation&quot;:&quot;fadeIn&quot;,&quot;background_background&quot;:&quot;classic&quot;}\">\n\t\t\t<div class=\"elementor-widget-wrap elementor-element-populated\">\n\t\t\t\t\t\t<div class=\"elementor-element elementor-element-c7c6414 elementor-widget elementor-widget-image\" data-id=\"c7c6414\" data-element_type=\"widget\" data-e-type=\"widget\" data-widget_type=\"image.default\">\n\t\t\t\t<div class=\"elementor-widget-container\">\n\t\t\t\t\t\t\t\t\t\t\t\t\t\t\t\t<a href=\"https:\/\/www.portovenere.fr\/fr-fr\/carrelage-sol-et-mur-en-gres-cerame-et-faience\/carrelage-aspect-pierre\/carrelage-contemporain-grand-format-presentina\/\">\n\t\t\t\t\t\t\t<img decoding=\"async\" src=\"https:\/\/www.portovenere.fr\/fr-fr\/wp-content\/uploads\/elementor\/thumbs\/Carrelage-contemporain-PRESENTINA-nombreux-coloris-et-fromats-pour-sol-et-mur-interieur-et-exterieur-a-Montpellier-34-r8ifqfk90oxut7r4tth6q7y70inzkfjocxdu257yt4.jpg\" title=\"Carrelage-contemporain-PRESENTINA-nombreux-coloris-et-formats-pour-sol-et-mur-int\u00e9rieur-et-ext\u00e9rieur-\u00e0-Montpellier-34\" alt=\"Carrelage sol et rev\u00eatement mural nombreux coloris collection Presentina Porto Venere\" loading=\"lazy\" \/>\t\t\t\t\t\t\t\t<\/a>\n\t\t\t\t\t\t\t\t\t\t\t\t\t\t\t<\/div>\n\t\t\t\t<\/div>\n\t\t\t\t<section class=\"elementor-section elementor-inner-section elementor-element elementor-element-3bce34b elementor-section-boxed elementor-section-height-default elementor-section-height-default elementor-invisible\" data-id=\"3bce34b\" data-element_type=\"section\" data-e-type=\"section\" data-settings=\"{&quot;background_background&quot;:&quot;classic&quot;,&quot;animation&quot;:&quot;fadeIn&quot;}\">\n\t\t\t\t\t\t<div class=\"elementor-container elementor-column-gap-default\">\n\t\t\t\t\t<div class=\"elementor-column elementor-col-100 elementor-inner-column elementor-element elementor-element-f1d1be1\" data-id=\"f1d1be1\" data-element_type=\"column\" data-e-type=\"column\">\n\t\t\t<div class=\"elementor-widget-wrap elementor-element-populated\">\n\t\t\t\t\t\t<div class=\"elementor-element elementor-element-cb7af20 elementor-widget elementor-widget-heading\" data-id=\"cb7af20\" data-element_type=\"widget\" data-e-type=\"widget\" data-widget_type=\"heading.default\">\n\t\t\t\t<div class=\"elementor-widget-container\">\n\t\t\t\t\t<h3 class=\"elementor-heading-title elementor-size-default\"><a href=\"https:\/\/www.portovenere.fr\/fr-fr\/carrelage-sol-et-mur-en-gres-cerame-et-faience\/carrelage-aspect-pierre\/carrelage-contemporain-grand-format-presentina\/\">PRESENTINA | 5 coloris &amp; d\u00e9cors <\/a><\/h3>\t\t\t\t<\/div>\n\t\t\t\t<\/div>\n\t\t\t\t<div class=\"elementor-element elementor-element-5ff078c elementor-widget__width-initial elementor-widget elementor-widget-gallery\" data-id=\"5ff078c\" data-element_type=\"widget\" data-e-type=\"widget\" data-settings=\"{&quot;gap&quot;:{&quot;unit&quot;:&quot;px&quot;,&quot;size&quot;:3,&quot;sizes&quot;:[]},&quot;columns_mobile&quot;:3,&quot;gap_mobile&quot;:{&quot;unit&quot;:&quot;px&quot;,&quot;size&quot;:6,&quot;sizes&quot;:[]},&quot;columns&quot;:5,&quot;columns_tablet&quot;:3,&quot;gap_tablet&quot;:{&quot;unit&quot;:&quot;px&quot;,&quot;size&quot;:5,&quot;sizes&quot;:[]},&quot;lazyload&quot;:&quot;yes&quot;,&quot;gallery_layout&quot;:&quot;grid&quot;,&quot;aspect_ratio&quot;:&quot;3:2&quot;,&quot;overlay_background&quot;:&quot;yes&quot;,&quot;content_hover_animation&quot;:&quot;fade-in&quot;}\" data-widget_type=\"gallery.default\">\n\t\t\t\t<div class=\"elementor-widget-container\">\n\t\t\t\t\t\t\t<div class=\"elementor-gallery__container\">\n\t\t\t\t\t\t\t<div class=\"e-gallery-item elementor-gallery-item elementor-animated-content\">\n\t\t\t\t\t<div class=\"e-gallery-image elementor-gallery-item__image\" data-thumbnail=\"https:\/\/www.portovenere.fr\/fr-fr\/wp-content\/uploads\/2024\/11\/Carrelage-design-contemporain-pour-sol-mur-Presentina-Beige-a-Lattes-34-150x150.jpeg\" data-width=\"150\" data-height=\"150\" aria-label=\"\" role=\"img\" ><\/div>\n\t\t\t\t\t\t\t\t\t\t\t<div class=\"elementor-gallery-item__overlay\"><\/div>\n\t\t\t\t\t\t\t\t\t\t\t\t\t\t<\/div>\n\t\t\t\t\t\t\t<div class=\"e-gallery-item elementor-gallery-item elementor-animated-content\">\n\t\t\t\t\t<div class=\"e-gallery-image elementor-gallery-item__image\" data-thumbnail=\"https:\/\/www.portovenere.fr\/fr-fr\/wp-content\/uploads\/2024\/11\/Carrelage-design-contemporain-pour-sol-mur-Presentina-Crete-proche-de-Castelnau-le-Lez-34-150x150.jpeg\" data-width=\"150\" data-height=\"150\" aria-label=\"\" role=\"img\" ><\/div>\n\t\t\t\t\t\t\t\t\t\t\t<div class=\"elementor-gallery-item__overlay\"><\/div>\n\t\t\t\t\t\t\t\t\t\t\t\t\t\t<\/div>\n\t\t\t\t\t\t\t<div class=\"e-gallery-item elementor-gallery-item elementor-animated-content\">\n\t\t\t\t\t<div class=\"e-gallery-image elementor-gallery-item__image\" data-thumbnail=\"https:\/\/www.portovenere.fr\/fr-fr\/wp-content\/uploads\/2024\/11\/Carrelage-design-contemporain-pour-sol-mur-Presentina-Clair-proche-de-Sete-34-150x150.jpeg\" data-width=\"150\" data-height=\"150\" aria-label=\"\" role=\"img\" ><\/div>\n\t\t\t\t\t\t\t\t\t\t\t<div class=\"elementor-gallery-item__overlay\"><\/div>\n\t\t\t\t\t\t\t\t\t\t\t\t\t\t<\/div>\n\t\t\t\t\t\t\t<div class=\"e-gallery-item elementor-gallery-item elementor-animated-content\">\n\t\t\t\t\t<div class=\"e-gallery-image elementor-gallery-item__image\" data-thumbnail=\"https:\/\/www.portovenere.fr\/fr-fr\/wp-content\/uploads\/2024\/11\/Carrelage-design-contemporain-pour-sol-mur-Presentina-Perle-proche-de-Saint-Clement-de-Riviere-34-150x150.jpeg\" data-width=\"150\" data-height=\"150\" aria-label=\"\" role=\"img\" ><\/div>\n\t\t\t\t\t\t\t\t\t\t\t<div class=\"elementor-gallery-item__overlay\"><\/div>\n\t\t\t\t\t\t\t\t\t\t\t\t\t\t<\/div>\n\t\t\t\t\t\t\t<div class=\"e-gallery-item elementor-gallery-item elementor-animated-content\">\n\t\t\t\t\t<div class=\"e-gallery-image elementor-gallery-item__image\" data-thumbnail=\"https:\/\/www.portovenere.fr\/fr-fr\/wp-content\/uploads\/2024\/11\/Carrelage-design-contemporain-pour-sol-mur-Presentina-Toffee-a-Montpellier-34-150x150.jpeg\" data-width=\"150\" data-height=\"150\" aria-label=\"\" role=\"img\" ><\/div>\n\t\t\t\t\t\t\t\t\t\t\t<div class=\"elementor-gallery-item__overlay\"><\/div>\n\t\t\t\t\t\t\t\t\t\t\t\t\t\t<\/div>\n\t\t\t\t\t\t\t<div class=\"e-gallery-item elementor-gallery-item elementor-animated-content\">\n\t\t\t\t\t<div class=\"e-gallery-image elementor-gallery-item__image\" data-thumbnail=\"https:\/\/www.portovenere.fr\/fr-fr\/wp-content\/uploads\/2024\/11\/Carrelage-ceramique-decor-mural-blanc-gris-Presentina-Plick-60x120-cm-finition-lappato-brillant-pres-de-Saint-Aunes-34-150x150.jpg\" data-width=\"150\" data-height=\"150\" aria-label=\"\" role=\"img\" ><\/div>\n\t\t\t\t\t\t\t\t\t\t\t<div class=\"elementor-gallery-item__overlay\"><\/div>\n\t\t\t\t\t\t\t\t\t\t\t\t\t\t<\/div>\n\t\t\t\t\t\t\t<div class=\"e-gallery-item elementor-gallery-item elementor-animated-content\">\n\t\t\t\t\t<div class=\"e-gallery-image elementor-gallery-item__image\" data-thumbnail=\"https:\/\/www.portovenere.fr\/fr-fr\/wp-content\/uploads\/2024\/11\/Carrelage-ceramique-decor-mural-blanc-beige-Presentina-Plick-Mou-60x120-cm-finition-lappato-brillant-pres-de-Saint-Clmement-de-Riviere-34-150x150.jpg\" data-width=\"150\" data-height=\"150\" aria-label=\"\" role=\"img\" ><\/div>\n\t\t\t\t\t\t\t\t\t\t\t<div class=\"elementor-gallery-item__overlay\"><\/div>\n\t\t\t\t\t\t\t\t\t\t\t\t\t\t<\/div>\n\t\t\t\t\t\t\t<div class=\"e-gallery-item elementor-gallery-item elementor-animated-content\">\n\t\t\t\t\t<div class=\"e-gallery-image elementor-gallery-item__image\" data-thumbnail=\"https:\/\/www.portovenere.fr\/fr-fr\/wp-content\/uploads\/2024\/11\/Carrelage-ceramique-decor-mural-design-Presentina-Trait-60x120-cm-finition-Beige-naturel-mat-pres-de-Agde-34-150x150.jpg\" data-width=\"150\" data-height=\"150\" aria-label=\"\" role=\"img\" ><\/div>\n\t\t\t\t\t\t\t\t\t\t\t<div class=\"elementor-gallery-item__overlay\"><\/div>\n\t\t\t\t\t\t\t\t\t\t\t\t\t\t<\/div>\n\t\t\t\t\t\t\t<div class=\"e-gallery-item elementor-gallery-item elementor-animated-content\">\n\t\t\t\t\t<div class=\"e-gallery-image elementor-gallery-item__image\" data-thumbnail=\"https:\/\/www.portovenere.fr\/fr-fr\/wp-content\/uploads\/2024\/11\/Carrelage-ceramique-decor-mural-design-Presentina-Trait-60x120-cm-finition-Toffee-naturel-mat-pres-de-Saint-Drezery-34-150x150.jpg\" data-width=\"150\" data-height=\"150\" aria-label=\"\" role=\"img\" ><\/div>\n\t\t\t\t\t\t\t\t\t\t\t<div class=\"elementor-gallery-item__overlay\"><\/div>\n\t\t\t\t\t\t\t\t\t\t\t\t\t\t<\/div>\n\t\t\t\t\t\t\t<div class=\"e-gallery-item elementor-gallery-item elementor-animated-content\">\n\t\t\t\t\t<div class=\"e-gallery-image elementor-gallery-item__image\" data-thumbnail=\"https:\/\/www.portovenere.fr\/fr-fr\/wp-content\/uploads\/2024\/11\/Carrelage-ceramique-decor-mural-design-Presentina-Trait-60x120-cm-finition-Perle-naturel-mat-pres-de-Sete-34-150x150.jpg\" data-width=\"150\" data-height=\"150\" aria-label=\"\" role=\"img\" ><\/div>\n\t\t\t\t\t\t\t\t\t\t\t<div class=\"elementor-gallery-item__overlay\"><\/div>\n\t\t\t\t\t\t\t\t\t\t\t\t\t\t<\/div>\n\t\t\t\t\t\t\t<div class=\"e-gallery-item elementor-gallery-item elementor-animated-content\">\n\t\t\t\t\t<div class=\"e-gallery-image elementor-gallery-item__image\" data-thumbnail=\"https:\/\/www.portovenere.fr\/fr-fr\/wp-content\/uploads\/2024\/11\/Carrelage-ceramique-decor-mural-design-Presentina-Trait-60x120-cm-finition-Crete-naturel-mat-pres-de-Lattes-34-150x150.jpg\" data-width=\"150\" data-height=\"150\" aria-label=\"\" role=\"img\" ><\/div>\n\t\t\t\t\t\t\t\t\t\t\t<div class=\"elementor-gallery-item__overlay\"><\/div>\n\t\t\t\t\t\t\t\t\t\t\t\t\t\t<\/div>\n\t\t\t\t\t\t\t<div class=\"e-gallery-item elementor-gallery-item elementor-animated-content\">\n\t\t\t\t\t<div class=\"e-gallery-image elementor-gallery-item__image\" data-thumbnail=\"https:\/\/www.portovenere.fr\/fr-fr\/wp-content\/uploads\/2024\/11\/Carrelage-ceramique-decor-mural-design-Presentina-Trait-60x120-cm-finition-Clair-naturel-mat-a-Montpellier-34-150x150.jpg\" data-width=\"150\" data-height=\"150\" aria-label=\"\" role=\"img\" ><\/div>\n\t\t\t\t\t\t\t\t\t\t\t<div class=\"elementor-gallery-item__overlay\"><\/div>\n\t\t\t\t\t\t\t\t\t\t\t\t\t\t<\/div>\n\t\t\t\t\t<\/div>\n\t\t\t\t\t<\/div>\n\t\t\t\t<\/div>\n\t\t\t\t<div class=\"elementor-element elementor-element-1c379d1 elementor-widget elementor-widget-text-editor\" data-id=\"1c379d1\" data-element_type=\"widget\" data-e-type=\"widget\" data-widget_type=\"text-editor.default\">\n\t\t\t\t<div class=\"elementor-widget-container\">\n\t\t\t\t\t\t\t\t\t<p>La collection de carrelage contemporain en gr\u00e8s c\u00e9rame PRESENTINA reprend l\u2019esprit naturel de la pierre qu\u2019elle d\u00e9cline dans<b>\u00a05 couleurs \u00e0 l\u2019esprit \u00ab\u00a0nature : Clair, Beige, Perle, Toffee et Crete.<\/b><\/p><p>En s\u2019inspirant des structures s\u00e9dimentaires du calcaire, la collection Presentina propose un\u00a0<b>gr\u00e8s c\u00e9rame qui recr\u00e9e fid\u00e8lement les textures granuleuses<\/b>\u00a0et les micro-fossiles caract\u00e9ristiques de cette roche, offrant ainsi une exp\u00e9rience tactile et visuelle authentique.<\/p><p>Propos\u00e9e dans 1 <b>format xxl fine \u00e9paisseur 6mm <\/b>de <b>120&#215;278 cm<\/b> et 6 formats (\u00e9paisseur 9mm) :\u00a0<b>90 x 180 cm,<\/b>\u00a0<b>120 x 120 cm<\/b>,\u00a0<b>60 x 120 cm, 90 x 90 cm, 60 x 60 cm et 30 x 60 cm,\u00a0<\/b>cette collection de gr\u00e8s c\u00e9rame est disponible en finition naturelle mate, en finition Lappato (brillant) et en finition antid\u00e9rapante pour l\u2019ext\u00e9rieur.<\/p><p>Des dalles antid\u00e9rapantes en 20 mm au format 60 x 120 cm offrent la possibilit\u00e9 d\u2019avoir des dalles sur plots en terrasse ou tour de piscine par exemple.<\/p><p>De\u00a0<b>nombreux d\u00e9cors et mosa\u00efques<\/b>\u00a0compl\u00e8tent cette collection effet pierre : carreaux effet stri\u00e9, carreau cr\u00e9dence murale bords arrondis, mosa\u00efques, chevrons\u2026<\/p><p>R\u00e9alisez de merveilleux projets avec un carrelage int\u00e9rieur qui offre une continuit\u00e9 vers l\u2019ext\u00e9rieur. Ce carrelage se pose au sol et au mur.\u00a0<\/p>\t\t\t\t\t\t\t\t<\/div>\n\t\t\t\t<\/div>\n\t\t\t\t<div class=\"elementor-element elementor-element-76b20c6 elementor-mobile-align-center elementor-widget elementor-widget-button\" data-id=\"76b20c6\" data-element_type=\"widget\" data-e-type=\"widget\" data-widget_type=\"button.default\">\n\t\t\t\t<div class=\"elementor-widget-container\">\n\t\t\t\t\t\t\t\t\t<div class=\"elementor-button-wrapper\">\n\t\t\t\t\t<a class=\"elementor-button elementor-button-link elementor-size-sm\" href=\"https:\/\/www.portovenere.fr\/fr-fr\/carrelage-sol-et-mur-en-gres-cerame-et-faience\/carrelage-aspect-pierre\/carrelage-contemporain-grand-format-presentina\/\">\n\t\t\t\t\t\t<span class=\"elementor-button-content-wrapper\">\n\t\t\t\t\t\t\t\t\t<span class=\"elementor-button-text\">Voir la collection<\/span>\n\t\t\t\t\t<\/span>\n\t\t\t\t\t<\/a>\n\t\t\t\t<\/div>\n\t\t\t\t\t\t\t\t<\/div>\n\t\t\t\t<\/div>\n\t\t\t\t\t<\/div>\n\t\t<\/div>\n\t\t\t\t\t<\/div>\n\t\t<\/section>\n\t\t\t\t\t<\/div>\n\t\t<\/div>\n\t\t\t\t<div class=\"elementor-column elementor-col-33 elementor-top-column elementor-element elementor-element-346839c elementor-invisible\" data-id=\"346839c\" data-element_type=\"column\" data-e-type=\"column\" data-settings=\"{&quot;animation&quot;:&quot;fadeIn&quot;,&quot;background_background&quot;:&quot;classic&quot;}\">\n\t\t\t<div class=\"elementor-widget-wrap elementor-element-populated\">\n\t\t\t\t\t\t<section class=\"elementor-section elementor-inner-section elementor-element elementor-element-e91af9f elementor-section-boxed elementor-section-height-default elementor-section-height-default elementor-invisible\" data-id=\"e91af9f\" data-element_type=\"section\" data-e-type=\"section\" data-settings=\"{&quot;background_background&quot;:&quot;classic&quot;,&quot;animation&quot;:&quot;fadeIn&quot;}\">\n\t\t\t\t\t\t<div class=\"elementor-container elementor-column-gap-default\">\n\t\t\t\t\t<div class=\"elementor-column elementor-col-100 elementor-inner-column elementor-element elementor-element-d3ae3a1\" data-id=\"d3ae3a1\" data-element_type=\"column\" data-e-type=\"column\">\n\t\t\t<div class=\"elementor-widget-wrap elementor-element-populated\">\n\t\t\t\t\t\t<div class=\"elementor-element elementor-element-e02c79b elementor-widget elementor-widget-image\" data-id=\"e02c79b\" data-element_type=\"widget\" data-e-type=\"widget\" data-widget_type=\"image.default\">\n\t\t\t\t<div class=\"elementor-widget-container\">\n\t\t\t\t\t\t\t\t\t\t\t\t\t\t\t\t<a href=\"https:\/\/www.portovenere.fr\/fr-fr\/carrelage-sol-et-mur-en-gres-cerame-et-faience\/les-creations-carrelage-decoratif-a-motifs-aspect-carreau-ciment\/carrelage-colore-grand-format-design-first\/\">\n\t\t\t\t\t\t\t<img decoding=\"async\" src=\"https:\/\/www.portovenere.fr\/fr-fr\/wp-content\/uploads\/elementor\/thumbs\/Carrelage-design-grand-format-120x120-cm-fine-epaisseur-aux-motifs-geometriques-teinte-douce-pour-sol-et-mur-collection-FIRST-02-proche-de-La-Grande-Motte-34-r8ifqwhb7ust6tujejea9v64tnin9kzlkuqjcwnna8.jpg\" title=\"Carrelage-design-grand-format-120&#215;120-cm-fine-epaisseur-aux-motifs-geometriques-teinte-douce-pour-sol-et-mur-collection-FIRST-02-proche-de-La-Grande-Motte-34\" alt=\"First 02\" loading=\"lazy\" \/>\t\t\t\t\t\t\t\t<\/a>\n\t\t\t\t\t\t\t\t\t\t\t\t\t\t\t<\/div>\n\t\t\t\t<\/div>\n\t\t\t\t<div class=\"elementor-element elementor-element-7de9f29 elementor-widget elementor-widget-heading\" data-id=\"7de9f29\" data-element_type=\"widget\" data-e-type=\"widget\" data-widget_type=\"heading.default\">\n\t\t\t\t<div class=\"elementor-widget-container\">\n\t\t\t\t\t<h3 class=\"elementor-heading-title elementor-size-default\"><a href=\"https:\/\/www.portovenere.fr\/fr-fr\/carrelage-sol-et-mur-en-gres-cerame-et-faience\/les-creations-carrelage-decoratif-a-motifs-aspect-carreau-ciment\/carrelage-colore-grand-format-design-first\/\">FIRST | 9 d\u00e9cors | 6 mm<\/a><\/h3>\t\t\t\t<\/div>\n\t\t\t\t<\/div>\n\t\t\t\t<div class=\"elementor-element elementor-element-2c72416 elementor-widget__width-initial elementor-widget elementor-widget-gallery\" data-id=\"2c72416\" data-element_type=\"widget\" data-e-type=\"widget\" data-settings=\"{&quot;gap&quot;:{&quot;unit&quot;:&quot;px&quot;,&quot;size&quot;:3,&quot;sizes&quot;:[]},&quot;columns_mobile&quot;:3,&quot;gap_mobile&quot;:{&quot;unit&quot;:&quot;px&quot;,&quot;size&quot;:6,&quot;sizes&quot;:[]},&quot;columns&quot;:5,&quot;columns_tablet&quot;:3,&quot;gap_tablet&quot;:{&quot;unit&quot;:&quot;px&quot;,&quot;size&quot;:5,&quot;sizes&quot;:[]},&quot;lazyload&quot;:&quot;yes&quot;,&quot;gallery_layout&quot;:&quot;grid&quot;,&quot;aspect_ratio&quot;:&quot;3:2&quot;,&quot;overlay_background&quot;:&quot;yes&quot;,&quot;content_hover_animation&quot;:&quot;fade-in&quot;}\" data-widget_type=\"gallery.default\">\n\t\t\t\t<div class=\"elementor-widget-container\">\n\t\t\t\t\t\t\t<div class=\"elementor-gallery__container\">\n\t\t\t\t\t\t\t<div class=\"e-gallery-item elementor-gallery-item elementor-animated-content\">\n\t\t\t\t\t<div class=\"e-gallery-image elementor-gallery-item__image\" data-thumbnail=\"https:\/\/www.portovenere.fr\/fr-fr\/wp-content\/uploads\/2024\/11\/Carrelage-design-colore-grand-format-120x120-cm-effet-maxi-carreau-de-ciment-collection-artistique-FIRST-08-proche-de-Sete-34-150x150.jpg\" data-width=\"150\" data-height=\"150\" aria-label=\"\" role=\"img\" ><\/div>\n\t\t\t\t\t\t\t\t\t\t\t<div class=\"elementor-gallery-item__overlay\"><\/div>\n\t\t\t\t\t\t\t\t\t\t\t\t\t\t<\/div>\n\t\t\t\t\t\t\t<div class=\"e-gallery-item elementor-gallery-item elementor-animated-content\">\n\t\t\t\t\t<div class=\"e-gallery-image elementor-gallery-item__image\" data-thumbnail=\"https:\/\/www.portovenere.fr\/fr-fr\/wp-content\/uploads\/2024\/11\/Carrelage-colore-et-design-grand-format-120x120-cm-effet-maxi-carreau-de-ciment-collection-FIRST-01-a-Montpellier-34-150x150.jpg\" data-width=\"150\" data-height=\"150\" aria-label=\"\" role=\"img\" ><\/div>\n\t\t\t\t\t\t\t\t\t\t\t<div class=\"elementor-gallery-item__overlay\"><\/div>\n\t\t\t\t\t\t\t\t\t\t\t\t\t\t<\/div>\n\t\t\t\t\t\t\t<div class=\"e-gallery-item elementor-gallery-item elementor-animated-content\">\n\t\t\t\t\t<div class=\"e-gallery-image elementor-gallery-item__image\" data-thumbnail=\"https:\/\/www.portovenere.fr\/fr-fr\/wp-content\/uploads\/2024\/11\/Carrelage-design-colore-grand-format-120x120-cm-effet-maxi-carreau-de-ciment-collection-artistique-FIRST-05-proche-de-La-Grande-Motte-34-150x150.jpg\" data-width=\"150\" data-height=\"150\" aria-label=\"\" role=\"img\" ><\/div>\n\t\t\t\t\t\t\t\t\t\t\t<div class=\"elementor-gallery-item__overlay\"><\/div>\n\t\t\t\t\t\t\t\t\t\t\t\t\t\t<\/div>\n\t\t\t\t\t\t\t<div class=\"e-gallery-item elementor-gallery-item elementor-animated-content\">\n\t\t\t\t\t<div class=\"e-gallery-image elementor-gallery-item__image\" data-thumbnail=\"https:\/\/www.portovenere.fr\/fr-fr\/wp-content\/uploads\/2024\/11\/Carrelage-design-colore-grand-format-120x120-cm-effet-maxi-carreau-de-ciment-collection-artistique-FIRST-02-proche-de-Pezenas-34-150x150.jpg\" data-width=\"150\" data-height=\"150\" aria-label=\"\" role=\"img\" ><\/div>\n\t\t\t\t\t\t\t\t\t\t\t<div class=\"elementor-gallery-item__overlay\"><\/div>\n\t\t\t\t\t\t\t\t\t\t\t\t\t\t<\/div>\n\t\t\t\t\t\t\t<div class=\"e-gallery-item elementor-gallery-item elementor-animated-content\">\n\t\t\t\t\t<div class=\"e-gallery-image elementor-gallery-item__image\" data-thumbnail=\"https:\/\/www.portovenere.fr\/fr-fr\/wp-content\/uploads\/2024\/11\/Carrelage-design-colore-grand-format-120x120-cm-effet-maxi-carreau-de-ciment-collection-artistique-FIRST-07-proche-de-Lattes-34-150x150.jpg\" data-width=\"150\" data-height=\"150\" aria-label=\"\" role=\"img\" ><\/div>\n\t\t\t\t\t\t\t\t\t\t\t<div class=\"elementor-gallery-item__overlay\"><\/div>\n\t\t\t\t\t\t\t\t\t\t\t\t\t\t<\/div>\n\t\t\t\t\t\t\t<div class=\"e-gallery-item elementor-gallery-item elementor-animated-content\">\n\t\t\t\t\t<div class=\"e-gallery-image elementor-gallery-item__image\" data-thumbnail=\"https:\/\/www.portovenere.fr\/fr-fr\/wp-content\/uploads\/2024\/11\/Carrelage-design-colore-grand-format-120x120-cm-effet-maxi-carreau-de-ciment-collection-artistique-FIRST-06-proche-de-Saint-Clement-de-Riviere-34-150x150.jpg\" data-width=\"150\" data-height=\"150\" aria-label=\"\" role=\"img\" ><\/div>\n\t\t\t\t\t\t\t\t\t\t\t<div class=\"elementor-gallery-item__overlay\"><\/div>\n\t\t\t\t\t\t\t\t\t\t\t\t\t\t<\/div>\n\t\t\t\t\t\t\t<div class=\"e-gallery-item elementor-gallery-item elementor-animated-content\">\n\t\t\t\t\t<div class=\"e-gallery-image elementor-gallery-item__image\" data-thumbnail=\"https:\/\/www.portovenere.fr\/fr-fr\/wp-content\/uploads\/2024\/11\/Carrelage-design-colore-grand-format-120x120-cm-effet-maxi-carreau-de-ciment-collection-artistique-FIRST-04-proche-de-Castelnau-le-Lez-34-150x150.jpg\" data-width=\"150\" data-height=\"150\" aria-label=\"\" role=\"img\" ><\/div>\n\t\t\t\t\t\t\t\t\t\t\t<div class=\"elementor-gallery-item__overlay\"><\/div>\n\t\t\t\t\t\t\t\t\t\t\t\t\t\t<\/div>\n\t\t\t\t\t\t\t<div class=\"e-gallery-item elementor-gallery-item elementor-animated-content\">\n\t\t\t\t\t<div class=\"e-gallery-image elementor-gallery-item__image\" data-thumbnail=\"https:\/\/www.portovenere.fr\/fr-fr\/wp-content\/uploads\/2024\/11\/Carrelage-design-colore-grand-format-120x120-cm-effet-maxi-carreau-de-ciment-collection-artistique-FIRST-00-proche-de-Perols-34-150x150.jpg\" data-width=\"150\" data-height=\"150\" aria-label=\"\" role=\"img\" ><\/div>\n\t\t\t\t\t\t\t\t\t\t\t<div class=\"elementor-gallery-item__overlay\"><\/div>\n\t\t\t\t\t\t\t\t\t\t\t\t\t\t<\/div>\n\t\t\t\t\t\t\t<div class=\"e-gallery-item elementor-gallery-item elementor-animated-content\">\n\t\t\t\t\t<div class=\"e-gallery-image elementor-gallery-item__image\" data-thumbnail=\"https:\/\/www.portovenere.fr\/fr-fr\/wp-content\/uploads\/2024\/11\/Carrelage-design-colore-grand-format-120x120-cm-effet-maxi-carreau-de-ciment-collection-artistique-FIRST-03-proche-de-Baillargues-34-150x150.jpg\" data-width=\"150\" data-height=\"150\" aria-label=\"\" role=\"img\" ><\/div>\n\t\t\t\t\t\t\t\t\t\t\t<div class=\"elementor-gallery-item__overlay\"><\/div>\n\t\t\t\t\t\t\t\t\t\t\t\t\t\t<\/div>\n\t\t\t\t\t<\/div>\n\t\t\t\t\t<\/div>\n\t\t\t\t<\/div>\n\t\t\t\t<div class=\"elementor-element elementor-element-cb07313 elementor-widget elementor-widget-text-editor\" data-id=\"cb07313\" data-element_type=\"widget\" data-e-type=\"widget\" data-widget_type=\"text-editor.default\">\n\t\t\t\t<div class=\"elementor-widget-container\">\n\t\t\t\t\t\t\t\t\t<p>La collection de\u00a0<b>carrelage color\u00e9<\/b>\u00a0grand format design FIRST, vous permet d\u2019imaginer des lieux haut en couleurs !\u00a0<\/p><p>Les\u00a0<b>carreaux \u00e0 motifs\u00a0<\/b>First sont de<b>\u00a0fine \u00e9paisseur 6mm<\/b>\u00a0et proposent un\u00a0<b>format unique de 120 x 120 cm<\/b>. D\u00e9clin\u00e9 dans\u00a0<b>1 teinte unie<\/b>\u00a0pour s\u2019accorder \u00e0 la perfection avec les autres carreaux, c\u2019est surtout les<strong>\u00a08<\/strong>\u00a0<b>design<\/b>\u00a0tr\u00e8s color\u00e9s qui apportent une originalit\u00e9 \u00e0 cette collection de carrelage\u00a0<b>pour sol et mur<\/b>. Le carrelage gr\u00e8s c\u00e9rame First peut se d\u00e9crire comme des <b>carreaux de ciment excentriques revisit\u00e9s en version XXL<\/b> !<\/p><p><b>\u00a0<\/b>Une collection de qualit\u00e9 qui saura vous s\u00e9duire pour cr\u00e9er des espaces de vie ou des espaces professionnels originaux et envo\u00fbtants.<\/p>\t\t\t\t\t\t\t\t<\/div>\n\t\t\t\t<\/div>\n\t\t\t\t<div class=\"elementor-element elementor-element-8442bcc elementor-mobile-align-center elementor-widget elementor-widget-button\" data-id=\"8442bcc\" data-element_type=\"widget\" data-e-type=\"widget\" data-widget_type=\"button.default\">\n\t\t\t\t<div class=\"elementor-widget-container\">\n\t\t\t\t\t\t\t\t\t<div class=\"elementor-button-wrapper\">\n\t\t\t\t\t<a class=\"elementor-button elementor-button-link elementor-size-sm\" href=\"https:\/\/www.portovenere.fr\/fr-fr\/carrelage-sol-et-mur-en-gres-cerame-et-faience\/les-creations-carrelage-decoratif-a-motifs-aspect-carreau-ciment\/carrelage-colore-grand-format-design-first\/\">\n\t\t\t\t\t\t<span class=\"elementor-button-content-wrapper\">\n\t\t\t\t\t\t\t\t\t<span class=\"elementor-button-text\">Voir la collection<\/span>\n\t\t\t\t\t<\/span>\n\t\t\t\t\t<\/a>\n\t\t\t\t<\/div>\n\t\t\t\t\t\t\t\t<\/div>\n\t\t\t\t<\/div>\n\t\t\t\t\t<\/div>\n\t\t<\/div>\n\t\t\t\t\t<\/div>\n\t\t<\/section>\n\t\t\t\t\t<\/div>\n\t\t<\/div>\n\t\t\t\t<div class=\"elementor-column elementor-col-33 elementor-top-column elementor-element elementor-element-9165275 elementor-invisible\" data-id=\"9165275\" data-element_type=\"column\" data-e-type=\"column\" data-settings=\"{&quot;animation&quot;:&quot;fadeIn&quot;,&quot;background_background&quot;:&quot;classic&quot;}\">\n\t\t\t<div class=\"elementor-widget-wrap elementor-element-populated\">\n\t\t\t\t\t\t<div class=\"elementor-element elementor-element-6789ba5 elementor-widget elementor-widget-image\" data-id=\"6789ba5\" data-element_type=\"widget\" data-e-type=\"widget\" data-widget_type=\"image.default\">\n\t\t\t\t<div class=\"elementor-widget-container\">\n\t\t\t\t\t\t\t\t\t\t\t\t\t\t\t\t<a href=\"https:\/\/www.portovenere.fr\/fr-fr\/carrelage-sol-et-mur-en-gres-cerame-et-faience\/carrelage-extra-fin-special-renovation\/carrelage-grand-format-fine-epaisseur-coloris-sable-and\/\">\n\t\t\t\t\t\t\t<img decoding=\"async\" src=\"https:\/\/www.portovenere.fr\/fr-fr\/wp-content\/uploads\/elementor\/thumbs\/Ananda-Blanco-Non-Slip-r8iebc24prs170nzqxgz39thg11gjcigd467mg5na0.jpg\" title=\"Carrelage-fine-\u00e9paisseur-couleur-beige-sable-And-grand-format-int\u00e9rieur-ext\u00e9rieur\" alt=\"Carrelage fine \u00e9paisseur couleur beige sable And grand format int\u00e9rieur ext\u00e9rieur\" loading=\"lazy\" \/>\t\t\t\t\t\t\t\t<\/a>\n\t\t\t\t\t\t\t\t\t\t\t\t\t\t\t<\/div>\n\t\t\t\t<\/div>\n\t\t\t\t<div class=\"elementor-element elementor-element-cf04787 elementor-widget elementor-widget-heading\" data-id=\"cf04787\" data-element_type=\"widget\" data-e-type=\"widget\" data-widget_type=\"heading.default\">\n\t\t\t\t<div class=\"elementor-widget-container\">\n\t\t\t\t\t<h3 class=\"elementor-heading-title elementor-size-default\"><a href=\"https:\/\/www.portovenere.fr\/fr-fr\/carrelage-sol-et-mur-en-gres-cerame-et-faience\/carrelage-extra-fin-special-renovation\/carrelage-grand-format-fine-epaisseur-coloris-sable-and\/\">AND 6mm | 1 coloris <\/a><\/h3>\t\t\t\t<\/div>\n\t\t\t\t<\/div>\n\t\t\t\t<div class=\"elementor-element elementor-element-8f66164 elementor-widget__width-initial elementor-widget elementor-widget-gallery\" data-id=\"8f66164\" data-element_type=\"widget\" data-e-type=\"widget\" data-settings=\"{&quot;gap&quot;:{&quot;unit&quot;:&quot;px&quot;,&quot;size&quot;:3,&quot;sizes&quot;:[]},&quot;columns_mobile&quot;:3,&quot;gap_mobile&quot;:{&quot;unit&quot;:&quot;px&quot;,&quot;size&quot;:6,&quot;sizes&quot;:[]},&quot;columns&quot;:5,&quot;columns_tablet&quot;:3,&quot;gap_tablet&quot;:{&quot;unit&quot;:&quot;px&quot;,&quot;size&quot;:5,&quot;sizes&quot;:[]},&quot;lazyload&quot;:&quot;yes&quot;,&quot;gallery_layout&quot;:&quot;grid&quot;,&quot;aspect_ratio&quot;:&quot;3:2&quot;,&quot;overlay_background&quot;:&quot;yes&quot;,&quot;content_hover_animation&quot;:&quot;fade-in&quot;}\" data-widget_type=\"gallery.default\">\n\t\t\t\t<div class=\"elementor-widget-container\">\n\t\t\t\t\t\t\t<div class=\"elementor-gallery__container\">\n\t\t\t\t\t\t\t<div class=\"e-gallery-item elementor-gallery-item elementor-animated-content\">\n\t\t\t\t\t<div class=\"e-gallery-image elementor-gallery-item__image\" data-thumbnail=\"https:\/\/www.portovenere.fr\/fr-fr\/wp-content\/uploads\/2021\/12\/coloris-1-150x150.jpg\" data-width=\"150\" data-height=\"150\" aria-label=\"\" role=\"img\" ><\/div>\n\t\t\t\t\t\t\t\t\t\t\t<div class=\"elementor-gallery-item__overlay\"><\/div>\n\t\t\t\t\t\t\t\t\t\t\t\t\t\t<\/div>\n\t\t\t\t\t<\/div>\n\t\t\t\t\t<\/div>\n\t\t\t\t<\/div>\n\t\t\t\t<div class=\"elementor-element elementor-element-eed0195 elementor-widget elementor-widget-text-editor\" data-id=\"eed0195\" data-element_type=\"widget\" data-e-type=\"widget\" data-widget_type=\"text-editor.default\">\n\t\t\t\t<div class=\"elementor-widget-container\">\n\t\t\t\t\t\t\t\t\t<p style=\"margin-top: 0cm; text-align: justify; background-image: initial; background-position: initial; background-size: initial; background-repeat: initial; background-attachment: initial; background-origin: initial; background-clip: initial;\"><span style=\"font-family: Raleway; color: rgb(45, 45, 45);\">Carrelage&nbsp;fine \u00e9paisseur, disponible dans des grands formats&nbsp;pour int\u00e9rieur et ext\u00e9rieur.&nbsp;<\/span><span style=\"color: rgb(45, 45, 45); font-family: Raleway;\">And&nbsp;est une collection id\u00e9ale pour\nun&nbsp;projet de nouvelle&nbsp;construction&nbsp;ou&nbsp;projet\nde&nbsp;r\u00e9novation&nbsp;de<\/span><span style=\"color: rgb(45, 45, 45); font-family: Raleway;\">&nbsp;sol ou mur.<\/span><br><\/p><p style=\"margin-top: 0cm; text-align: justify; background-image: initial; background-position: initial; background-size: initial; background-repeat: initial; background-attachment: initial; background-origin: initial; background-clip: initial;\"><span style=\"color: rgb(45, 45, 45); font-family: Raleway;\">Son coloris beige sable apporte une nuance chaude, comparable \u00e0 un d\u00e9sert pour r\u00e9chauffer votre espace.<\/span><\/p>\t\t\t\t\t\t\t\t<\/div>\n\t\t\t\t<\/div>\n\t\t\t\t<div class=\"elementor-element elementor-element-fec6973 elementor-mobile-align-center elementor-widget elementor-widget-button\" data-id=\"fec6973\" data-element_type=\"widget\" data-e-type=\"widget\" data-widget_type=\"button.default\">\n\t\t\t\t<div class=\"elementor-widget-container\">\n\t\t\t\t\t\t\t\t\t<div class=\"elementor-button-wrapper\">\n\t\t\t\t\t<a class=\"elementor-button elementor-button-link elementor-size-sm\" href=\"https:\/\/www.portovenere.fr\/fr-fr\/carrelage-sol-et-mur-en-gres-cerame-et-faience\/carrelage-extra-fin-special-renovation\/carrelage-grand-format-fine-epaisseur-coloris-sable-and\/\">\n\t\t\t\t\t\t<span class=\"elementor-button-content-wrapper\">\n\t\t\t\t\t\t\t\t\t<span class=\"elementor-button-text\">Voir la collection<\/span>\n\t\t\t\t\t<\/span>\n\t\t\t\t\t<\/a>\n\t\t\t\t<\/div>\n\t\t\t\t\t\t\t\t<\/div>\n\t\t\t\t<\/div>\n\t\t\t\t\t<\/div>\n\t\t<\/div>\n\t\t\t\t\t<\/div>\n\t\t<\/section>\n\t\t\t\t<section class=\"elementor-section elementor-top-section elementor-element elementor-element-ddeb023 elementor-section-full_width elementor-section-height-default elementor-section-height-default\" data-id=\"ddeb023\" data-element_type=\"section\" data-e-type=\"section\" data-settings=\"{&quot;background_background&quot;:&quot;classic&quot;}\">\n\t\t\t\t\t\t<div class=\"elementor-container elementor-column-gap-default\">\n\t\t\t\t\t<div class=\"elementor-column elementor-col-33 elementor-top-column elementor-element elementor-element-d366cb6\" data-id=\"d366cb6\" data-element_type=\"column\" data-e-type=\"column\">\n\t\t\t<div class=\"elementor-widget-wrap elementor-element-populated\">\n\t\t\t\t\t\t<div class=\"elementor-element elementor-element-369b387 elementor-widget elementor-widget-image\" data-id=\"369b387\" data-element_type=\"widget\" data-e-type=\"widget\" data-widget_type=\"image.default\">\n\t\t\t\t<div class=\"elementor-widget-container\">\n\t\t\t\t\t\t\t\t\t\t\t\t\t\t\t\t<a href=\"https:\/\/www.portovenere.fr\/fr-fr\/carrelage-sol-et-mur-en-gres-cerame-et-faience\/carrelage-aspect-marbre\/carrelage-imitation-marbre-place-de-letoile\/\">\n\t\t\t\t\t\t\t<img loading=\"lazy\" decoding=\"async\" width=\"800\" height=\"534\" src=\"https:\/\/www.portovenere.fr\/fr-fr\/wp-content\/uploads\/2019\/11\/Carrelage-salle-de-bain_-imitation-marbre-vein\u00e9-Place-de-l\u00e9toile_Porto_Venere_Montpellier-1024x683.jpg\" class=\"attachment-large size-large wp-image-17750\" alt=\"Gr\u00e8s c\u00e9rame imitation marbre\" srcset=\"https:\/\/www.portovenere.fr\/fr-fr\/wp-content\/uploads\/2019\/11\/Carrelage-salle-de-bain_-imitation-marbre-vein\u00e9-Place-de-l\u00e9toile_Porto_Venere_Montpellier-1024x683.jpg 1024w, https:\/\/www.portovenere.fr\/fr-fr\/wp-content\/uploads\/2019\/11\/Carrelage-salle-de-bain_-imitation-marbre-vein\u00e9-Place-de-l\u00e9toile_Porto_Venere_Montpellier-300x200.jpg 300w, https:\/\/www.portovenere.fr\/fr-fr\/wp-content\/uploads\/2019\/11\/Carrelage-salle-de-bain_-imitation-marbre-vein\u00e9-Place-de-l\u00e9toile_Porto_Venere_Montpellier-768x512.jpg 768w, https:\/\/www.portovenere.fr\/fr-fr\/wp-content\/uploads\/2019\/11\/Carrelage-salle-de-bain_-imitation-marbre-vein\u00e9-Place-de-l\u00e9toile_Porto_Venere_Montpellier.jpg 1500w\" sizes=\"(max-width: 800px) 100vw, 800px\" \/>\t\t\t\t\t\t\t\t<\/a>\n\t\t\t\t\t\t\t\t\t\t\t\t\t\t\t<\/div>\n\t\t\t\t<\/div>\n\t\t\t\t<div class=\"elementor-element elementor-element-941f815 elementor-widget elementor-widget-heading\" data-id=\"941f815\" data-element_type=\"widget\" data-e-type=\"widget\" data-widget_type=\"heading.default\">\n\t\t\t\t<div class=\"elementor-widget-container\">\n\t\t\t\t\t<h3 class=\"elementor-heading-title elementor-size-default\"><a href=\"https:\/\/www.portovenere.fr\/fr-fr\/carrelage-sol-et-mur-en-gres-cerame-et-faience\/carrelage-aspect-marbre\/carrelage-imitation-marbre-place-de-letoile\/\">PLACE DE L'\u00c9TOILE 6mm | 4 coloris<\/a><\/h3>\t\t\t\t<\/div>\n\t\t\t\t<\/div>\n\t\t\t\t<div class=\"elementor-element elementor-element-8bd6c03 elementor-widget__width-initial elementor-widget elementor-widget-gallery\" data-id=\"8bd6c03\" data-element_type=\"widget\" data-e-type=\"widget\" data-settings=\"{&quot;gap&quot;:{&quot;unit&quot;:&quot;px&quot;,&quot;size&quot;:3,&quot;sizes&quot;:[]},&quot;columns_mobile&quot;:3,&quot;gap_mobile&quot;:{&quot;unit&quot;:&quot;px&quot;,&quot;size&quot;:6,&quot;sizes&quot;:[]},&quot;columns&quot;:5,&quot;columns_tablet&quot;:3,&quot;gap_tablet&quot;:{&quot;unit&quot;:&quot;px&quot;,&quot;size&quot;:5,&quot;sizes&quot;:[]},&quot;lazyload&quot;:&quot;yes&quot;,&quot;gallery_layout&quot;:&quot;grid&quot;,&quot;aspect_ratio&quot;:&quot;3:2&quot;,&quot;overlay_background&quot;:&quot;yes&quot;,&quot;content_hover_animation&quot;:&quot;fade-in&quot;}\" data-widget_type=\"gallery.default\">\n\t\t\t\t<div class=\"elementor-widget-container\">\n\t\t\t\t\t\t\t<div class=\"elementor-gallery__container\">\n\t\t\t\t\t\t\t<div class=\"e-gallery-item elementor-gallery-item elementor-animated-content\">\n\t\t\t\t\t<div class=\"e-gallery-image elementor-gallery-item__image\" data-thumbnail=\"https:\/\/www.portovenere.fr\/fr-fr\/wp-content\/uploads\/2019\/11\/Carrelage-effet-marbre-Place-de-l\u00e9toile-Illusion-150x150.jpg\" data-width=\"150\" data-height=\"150\" aria-label=\"\" role=\"img\" ><\/div>\n\t\t\t\t\t\t\t\t\t\t\t<div class=\"elementor-gallery-item__overlay\"><\/div>\n\t\t\t\t\t\t\t\t\t\t\t\t\t\t<\/div>\n\t\t\t\t\t\t\t<div class=\"e-gallery-item elementor-gallery-item elementor-animated-content\">\n\t\t\t\t\t<div class=\"e-gallery-image elementor-gallery-item__image\" data-thumbnail=\"https:\/\/www.portovenere.fr\/fr-fr\/wp-content\/uploads\/2019\/11\/Carrelage-effet-marbre-Place-de-l\u00e9toile-Renoir-150x150.jpg\" data-width=\"150\" data-height=\"150\" aria-label=\"\" role=\"img\" ><\/div>\n\t\t\t\t\t\t\t\t\t\t\t<div class=\"elementor-gallery-item__overlay\"><\/div>\n\t\t\t\t\t\t\t\t\t\t\t\t\t\t<\/div>\n\t\t\t\t\t\t\t<div class=\"e-gallery-item elementor-gallery-item elementor-animated-content\">\n\t\t\t\t\t<div class=\"e-gallery-image elementor-gallery-item__image\" data-thumbnail=\"https:\/\/www.portovenere.fr\/fr-fr\/wp-content\/uploads\/2019\/11\/Carrelage-effet-marbre-Place-de-l\u00e9toile-Symphonie-150x150.jpg\" data-width=\"150\" data-height=\"150\" aria-label=\"\" role=\"img\" ><\/div>\n\t\t\t\t\t\t\t\t\t\t\t<div class=\"elementor-gallery-item__overlay\"><\/div>\n\t\t\t\t\t\t\t\t\t\t\t\t\t\t<\/div>\n\t\t\t\t\t\t\t<div class=\"e-gallery-item elementor-gallery-item elementor-animated-content\">\n\t\t\t\t\t<div class=\"e-gallery-image elementor-gallery-item__image\" data-thumbnail=\"https:\/\/www.portovenere.fr\/fr-fr\/wp-content\/uploads\/2019\/11\/Carrelage-effet-marbre-Place-de-l\u00e9toile-Tropical-150x150.jpg\" data-width=\"150\" data-height=\"150\" aria-label=\"\" role=\"img\" ><\/div>\n\t\t\t\t\t\t\t\t\t\t\t<div class=\"elementor-gallery-item__overlay\"><\/div>\n\t\t\t\t\t\t\t\t\t\t\t\t\t\t<\/div>\n\t\t\t\t\t<\/div>\n\t\t\t\t\t<\/div>\n\t\t\t\t<\/div>\n\t\t\t\t<div class=\"elementor-element elementor-element-9a450d0 elementor-widget elementor-widget-text-editor\" data-id=\"9a450d0\" data-element_type=\"widget\" data-e-type=\"widget\" data-widget_type=\"text-editor.default\">\n\t\t\t\t<div class=\"elementor-widget-container\">\n\t\t\t\t\t\t\t\t\t<p>Carrelage en gr\u00e8s c\u00e9rame color\u00e9 dans la masse imitation marbre pour sol et mur. De sublimes carreaux propos\u00e9s dans des dimensions XXL de 120&#215;280 cm, qui procurent une sensation d&rsquo;espace incomparable.&nbsp;<\/p>\n<p>Veines dor\u00e9es, claires, fonc\u00e9es ou multicolores donnent tout le r\u00e9alisme \u00e0 cette collection aspect marbre pour vos espaces int\u00e9rieurs tels qu&rsquo;une salle de bain, un salon, une cuisine, etc.<\/p>\t\t\t\t\t\t\t\t<\/div>\n\t\t\t\t<\/div>\n\t\t\t\t<div class=\"elementor-element elementor-element-aa4adf7 elementor-mobile-align-center elementor-align-left elementor-widget elementor-widget-button\" data-id=\"aa4adf7\" data-element_type=\"widget\" data-e-type=\"widget\" data-widget_type=\"button.default\">\n\t\t\t\t<div class=\"elementor-widget-container\">\n\t\t\t\t\t\t\t\t\t<div class=\"elementor-button-wrapper\">\n\t\t\t\t\t<a class=\"elementor-button elementor-button-link elementor-size-sm\" href=\"https:\/\/www.portovenere.fr\/fr-fr\/carrelage-sol-et-mur-en-gres-cerame-et-faience\/carrelage-aspect-marbre\/carrelage-imitation-marbre-place-de-letoile\/\">\n\t\t\t\t\t\t<span class=\"elementor-button-content-wrapper\">\n\t\t\t\t\t\t\t\t\t<span class=\"elementor-button-text\">Voir la collection<\/span>\n\t\t\t\t\t<\/span>\n\t\t\t\t\t<\/a>\n\t\t\t\t<\/div>\n\t\t\t\t\t\t\t\t<\/div>\n\t\t\t\t<\/div>\n\t\t\t\t\t<\/div>\n\t\t<\/div>\n\t\t\t\t<div class=\"elementor-column elementor-col-33 elementor-top-column elementor-element elementor-element-57b71cc elementor-hidden-phone\" data-id=\"57b71cc\" data-element_type=\"column\" data-e-type=\"column\" data-settings=\"{&quot;background_background&quot;:&quot;classic&quot;}\">\n\t\t\t<div class=\"elementor-widget-wrap elementor-element-populated\">\n\t\t\t\t\t\t<div class=\"elementor-element elementor-element-ff21060 elementor-widget elementor-widget-image\" data-id=\"ff21060\" data-element_type=\"widget\" data-e-type=\"widget\" data-widget_type=\"image.default\">\n\t\t\t\t<div class=\"elementor-widget-container\">\n\t\t\t\t\t\t\t\t\t\t\t\t\t\t\t\t<a href=\"https:\/\/www.portovenere.fr\/fr-fr\/carrelage-sol-et-mur-en-gres-cerame-et-faience\/carrelage-aspect-marbre\/carrelage-effet-marbre-noir-veines-or-precieux\/\">\n\t\t\t\t\t\t\t<img decoding=\"async\" src=\"https:\/\/www.portovenere.fr\/fr-fr\/wp-content\/uploads\/elementor\/thumbs\/Carrelage-aspect-marbre-noir-et-or-Precieux_Thunder-Night_Porto-Venere-1-r8iblpjkw84zeo7g8u65h4a0dq2h7n56v9hig5k5fg.jpg\" title=\"Carrelage-aspect-marbre-noir-et-or-Precieux_Thunder-Night_Porto-Venere\" alt=\"Carrelage-aspect-marbre-noir-et-or-Precieux_Thunder-Night_Porto-Venere\" loading=\"lazy\" \/>\t\t\t\t\t\t\t\t<\/a>\n\t\t\t\t\t\t\t\t\t\t\t\t\t\t\t<\/div>\n\t\t\t\t<\/div>\n\t\t\t\t<div class=\"elementor-element elementor-element-b7542c3 elementor-widget elementor-widget-heading\" data-id=\"b7542c3\" data-element_type=\"widget\" data-e-type=\"widget\" data-widget_type=\"heading.default\">\n\t\t\t\t<div class=\"elementor-widget-container\">\n\t\t\t\t\t<h3 class=\"elementor-heading-title elementor-size-default\"><a href=\"https:\/\/www.portovenere.fr\/fr-fr\/carrelage-sol-et-mur-en-gres-cerame-et-faience\/carrelage-aspect-marbre\/carrelage-effet-marbre-noir-veines-or-precieux\/\">PRECIEUX 6mm | 1 coloris<\/a><\/h3>\t\t\t\t<\/div>\n\t\t\t\t<\/div>\n\t\t\t\t<div class=\"elementor-element elementor-element-db3a192 elementor-widget__width-initial elementor-widget elementor-widget-gallery\" data-id=\"db3a192\" data-element_type=\"widget\" data-e-type=\"widget\" data-settings=\"{&quot;gap&quot;:{&quot;unit&quot;:&quot;px&quot;,&quot;size&quot;:3,&quot;sizes&quot;:[]},&quot;columns_mobile&quot;:3,&quot;gap_mobile&quot;:{&quot;unit&quot;:&quot;px&quot;,&quot;size&quot;:6,&quot;sizes&quot;:[]},&quot;columns&quot;:5,&quot;columns_tablet&quot;:3,&quot;gap_tablet&quot;:{&quot;unit&quot;:&quot;px&quot;,&quot;size&quot;:5,&quot;sizes&quot;:[]},&quot;lazyload&quot;:&quot;yes&quot;,&quot;gallery_layout&quot;:&quot;grid&quot;,&quot;aspect_ratio&quot;:&quot;3:2&quot;,&quot;overlay_background&quot;:&quot;yes&quot;,&quot;content_hover_animation&quot;:&quot;fade-in&quot;}\" data-widget_type=\"gallery.default\">\n\t\t\t\t<div class=\"elementor-widget-container\">\n\t\t\t\t\t\t\t<div class=\"elementor-gallery__container\">\n\t\t\t\t\t\t\t<div class=\"e-gallery-item elementor-gallery-item elementor-animated-content\">\n\t\t\t\t\t<div class=\"e-gallery-image elementor-gallery-item__image\" data-thumbnail=\"https:\/\/www.portovenere.fr\/fr-fr\/wp-content\/uploads\/2019\/11\/Carrelage-aspect-marbre-Noir-vein\u00e9-dor\u00e9-et-blanc_Precieux_Thunder-Night_Porto_Venere-150x150.jpg\" data-width=\"150\" data-height=\"150\" aria-label=\"\" role=\"img\" ><\/div>\n\t\t\t\t\t\t\t\t\t\t\t<div class=\"elementor-gallery-item__overlay\"><\/div>\n\t\t\t\t\t\t\t\t\t\t\t\t\t\t<\/div>\n\t\t\t\t\t<\/div>\n\t\t\t\t\t<\/div>\n\t\t\t\t<\/div>\n\t\t\t\t<div class=\"elementor-element elementor-element-adf8738 elementor-widget elementor-widget-text-editor\" data-id=\"adf8738\" data-element_type=\"widget\" data-e-type=\"widget\" data-widget_type=\"text-editor.default\">\n\t\t\t\t<div class=\"elementor-widget-container\">\n\t\t\t\t\t\t\t\t\t<p>Carrelage aspect marbre noir aux sublimes marbrures couleur or. Cette collection en gr\u00e8s c\u00e9rame color\u00e9 dans la masse pour sol et mur, est propos\u00e9e dans de nombreux formats en finition mate et brillante (glossy).\u00a0<\/p><p>L&rsquo;unique couleur \u00ab\u00a0Thunder night\u00a0\u00bb apportera beaucoup de caract\u00e8re \u00e0 vos espaces.<\/p>\t\t\t\t\t\t\t\t<\/div>\n\t\t\t\t<\/div>\n\t\t\t\t<div class=\"elementor-element elementor-element-8d8243f elementor-mobile-align-center elementor-align-left elementor-widget elementor-widget-button\" data-id=\"8d8243f\" data-element_type=\"widget\" data-e-type=\"widget\" data-widget_type=\"button.default\">\n\t\t\t\t<div class=\"elementor-widget-container\">\n\t\t\t\t\t\t\t\t\t<div class=\"elementor-button-wrapper\">\n\t\t\t\t\t<a class=\"elementor-button elementor-button-link elementor-size-sm\" href=\"https:\/\/www.portovenere.fr\/fr-fr\/carrelage-sol-et-mur-en-gres-cerame-et-faience\/carrelage-aspect-marbre\/carrelage-effet-marbre-noir-veines-or-precieux\/\">\n\t\t\t\t\t\t<span class=\"elementor-button-content-wrapper\">\n\t\t\t\t\t\t\t\t\t<span class=\"elementor-button-text\">Voir la collection<\/span>\n\t\t\t\t\t<\/span>\n\t\t\t\t\t<\/a>\n\t\t\t\t<\/div>\n\t\t\t\t\t\t\t\t<\/div>\n\t\t\t\t<\/div>\n\t\t\t\t\t<\/div>\n\t\t<\/div>\n\t\t\t\t<div class=\"elementor-column elementor-col-33 elementor-top-column elementor-element elementor-element-7529fed\" data-id=\"7529fed\" data-element_type=\"column\" data-e-type=\"column\" data-settings=\"{&quot;background_background&quot;:&quot;classic&quot;}\">\n\t\t\t<div class=\"elementor-widget-wrap elementor-element-populated\">\n\t\t\t\t\t\t<div class=\"elementor-element elementor-element-bb3f637 elementor-widget elementor-widget-image\" data-id=\"bb3f637\" data-element_type=\"widget\" data-e-type=\"widget\" data-widget_type=\"image.default\">\n\t\t\t\t<div class=\"elementor-widget-container\">\n\t\t\t\t\t\t\t\t\t\t\t\t\t\t\t\t<a href=\"https:\/\/www.portovenere.fr\/fr-fr\/carrelage-sol-et-mur-en-gres-cerame-et-faience\/carrelage-aspect-pierre\/carrelage-aspect-pierre-naturelle-limestone\/\">\n\t\t\t\t\t\t\t<img loading=\"lazy\" decoding=\"async\" width=\"800\" height=\"534\" src=\"https:\/\/www.portovenere.fr\/fr-fr\/wp-content\/uploads\/2019\/09\/Carrelage-Limestone-Slate-Naturel-kerlite-100x300-au-sol-et-Clay-Naturel-100x300-au-mur-1024x683.jpg\" class=\"attachment-large size-large wp-image-13332\" alt=\"\" srcset=\"https:\/\/www.portovenere.fr\/fr-fr\/wp-content\/uploads\/2019\/09\/Carrelage-Limestone-Slate-Naturel-kerlite-100x300-au-sol-et-Clay-Naturel-100x300-au-mur-1024x683.jpg 1024w, https:\/\/www.portovenere.fr\/fr-fr\/wp-content\/uploads\/2019\/09\/Carrelage-Limestone-Slate-Naturel-kerlite-100x300-au-sol-et-Clay-Naturel-100x300-au-mur-300x200.jpg 300w, https:\/\/www.portovenere.fr\/fr-fr\/wp-content\/uploads\/2019\/09\/Carrelage-Limestone-Slate-Naturel-kerlite-100x300-au-sol-et-Clay-Naturel-100x300-au-mur-768x512.jpg 768w, https:\/\/www.portovenere.fr\/fr-fr\/wp-content\/uploads\/2019\/09\/Carrelage-Limestone-Slate-Naturel-kerlite-100x300-au-sol-et-Clay-Naturel-100x300-au-mur.jpg 1500w\" sizes=\"(max-width: 800px) 100vw, 800px\" \/>\t\t\t\t\t\t\t\t<\/a>\n\t\t\t\t\t\t\t\t\t\t\t\t\t\t\t<\/div>\n\t\t\t\t<\/div>\n\t\t\t\t<div class=\"elementor-element elementor-element-bfa124e elementor-widget elementor-widget-heading\" data-id=\"bfa124e\" data-element_type=\"widget\" data-e-type=\"widget\" data-widget_type=\"heading.default\">\n\t\t\t\t<div class=\"elementor-widget-container\">\n\t\t\t\t\t<h3 class=\"elementor-heading-title elementor-size-default\"><a href=\"https:\/\/www.portovenere.fr\/fr-fr\/carrelage-sol-et-mur-en-gres-cerame-et-faience\/carrelage-aspect-pierre\/carrelage-aspect-pierre-naturelle-limestone\/\">KERLITE LIMESTONE 5,5mm | 3 coloris<\/a><\/h3>\t\t\t\t<\/div>\n\t\t\t\t<\/div>\n\t\t\t\t<div class=\"elementor-element elementor-element-2f7d925 elementor-widget__width-initial elementor-widget elementor-widget-gallery\" data-id=\"2f7d925\" data-element_type=\"widget\" data-e-type=\"widget\" data-settings=\"{&quot;gap&quot;:{&quot;unit&quot;:&quot;px&quot;,&quot;size&quot;:3,&quot;sizes&quot;:[]},&quot;columns_mobile&quot;:3,&quot;gap_mobile&quot;:{&quot;unit&quot;:&quot;px&quot;,&quot;size&quot;:6,&quot;sizes&quot;:[]},&quot;columns&quot;:5,&quot;columns_tablet&quot;:3,&quot;gap_tablet&quot;:{&quot;unit&quot;:&quot;px&quot;,&quot;size&quot;:5,&quot;sizes&quot;:[]},&quot;lazyload&quot;:&quot;yes&quot;,&quot;gallery_layout&quot;:&quot;grid&quot;,&quot;aspect_ratio&quot;:&quot;3:2&quot;,&quot;overlay_background&quot;:&quot;yes&quot;,&quot;content_hover_animation&quot;:&quot;fade-in&quot;}\" data-widget_type=\"gallery.default\">\n\t\t\t\t<div class=\"elementor-widget-container\">\n\t\t\t\t\t\t\t<div class=\"elementor-gallery__container\">\n\t\t\t\t\t\t\t<div class=\"e-gallery-item elementor-gallery-item elementor-animated-content\">\n\t\t\t\t\t<div class=\"e-gallery-image elementor-gallery-item__image\" data-thumbnail=\"https:\/\/www.portovenere.fr\/fr-fr\/wp-content\/uploads\/2019\/09\/carrelage_extra_fin_special_renovation_kerlite_limestone_oyster-150x150.jpg\" data-width=\"150\" data-height=\"150\" aria-label=\"\" role=\"img\" ><\/div>\n\t\t\t\t\t\t\t\t\t\t\t<div class=\"elementor-gallery-item__overlay\"><\/div>\n\t\t\t\t\t\t\t\t\t\t\t\t\t\t<\/div>\n\t\t\t\t\t\t\t<div class=\"e-gallery-item elementor-gallery-item elementor-animated-content\">\n\t\t\t\t\t<div class=\"e-gallery-image elementor-gallery-item__image\" data-thumbnail=\"https:\/\/www.portovenere.fr\/fr-fr\/wp-content\/uploads\/2019\/09\/carrelage_extra_fin_special_renovation_kerlite_limestone_clay-150x150.jpg\" data-width=\"150\" data-height=\"150\" aria-label=\"\" role=\"img\" ><\/div>\n\t\t\t\t\t\t\t\t\t\t\t<div class=\"elementor-gallery-item__overlay\"><\/div>\n\t\t\t\t\t\t\t\t\t\t\t\t\t\t<\/div>\n\t\t\t\t\t\t\t<div class=\"e-gallery-item elementor-gallery-item elementor-animated-content\">\n\t\t\t\t\t<div class=\"e-gallery-image elementor-gallery-item__image\" data-thumbnail=\"https:\/\/www.portovenere.fr\/fr-fr\/wp-content\/uploads\/2019\/09\/carrelage_extra_fin_special_renovation_kerlite_limestone_slate-150x150.jpg\" data-width=\"150\" data-height=\"150\" aria-label=\"\" role=\"img\" ><\/div>\n\t\t\t\t\t\t\t\t\t\t\t<div class=\"elementor-gallery-item__overlay\"><\/div>\n\t\t\t\t\t\t\t\t\t\t\t\t\t\t<\/div>\n\t\t\t\t\t<\/div>\n\t\t\t\t\t<\/div>\n\t\t\t\t<\/div>\n\t\t\t\t<div class=\"elementor-element elementor-element-1e5fb11 elementor-widget elementor-widget-text-editor\" data-id=\"1e5fb11\" data-element_type=\"widget\" data-e-type=\"widget\" data-widget_type=\"text-editor.default\">\n\t\t\t\t<div class=\"elementor-widget-container\">\n\t\t\t\t\t\t\t\t\t<p>Carrelage sol et mur en gr\u00e8s c\u00e9rame lamin\u00e9 extra-fin de style pierre naturelle, disponible en \u00e9paisseur 5,5mm fibr\u00e9. Cette collection est d\u00e9clin\u00e9e en 4 formats : 50x100cm, 100x100cm, 100x250cm et 100x300cm.<\/p><p>Disponible en 3 coloris : Clay (blanc), Oyster (gris), Slate (anthracite).<\/p><p>D&rsquo;autres formats et \u00e9paisseurs viennent compl\u00e9ter cette s\u00e9rie de carrelage.<\/p>\t\t\t\t\t\t\t\t<\/div>\n\t\t\t\t<\/div>\n\t\t\t\t<div class=\"elementor-element elementor-element-7782e28 elementor-mobile-align-center elementor-align-left elementor-widget elementor-widget-button\" data-id=\"7782e28\" data-element_type=\"widget\" data-e-type=\"widget\" data-widget_type=\"button.default\">\n\t\t\t\t<div class=\"elementor-widget-container\">\n\t\t\t\t\t\t\t\t\t<div class=\"elementor-button-wrapper\">\n\t\t\t\t\t<a class=\"elementor-button elementor-button-link elementor-size-sm\" href=\"https:\/\/www.portovenere.fr\/fr-fr\/carrelage-sol-et-mur-en-gres-cerame-et-faience\/carrelage-aspect-pierre\/carrelage-aspect-pierre-naturelle-limestone\/\">\n\t\t\t\t\t\t<span class=\"elementor-button-content-wrapper\">\n\t\t\t\t\t\t\t\t\t<span class=\"elementor-button-text\">Voir la collection<\/span>\n\t\t\t\t\t<\/span>\n\t\t\t\t\t<\/a>\n\t\t\t\t<\/div>\n\t\t\t\t\t\t\t\t<\/div>\n\t\t\t\t<\/div>\n\t\t\t\t\t<\/div>\n\t\t<\/div>\n\t\t\t\t\t<\/div>\n\t\t<\/section>\n\t\t\t\t<section class=\"elementor-section elementor-top-section elementor-element elementor-element-d80f3d5 elementor-section-full_width elementor-section-height-default elementor-section-height-default elementor-invisible\" data-id=\"d80f3d5\" data-element_type=\"section\" data-e-type=\"section\" data-settings=\"{&quot;background_background&quot;:&quot;classic&quot;,&quot;animation&quot;:&quot;fadeIn&quot;}\">\n\t\t\t\t\t\t<div class=\"elementor-container elementor-column-gap-default\">\n\t\t\t\t\t<div class=\"elementor-column elementor-col-33 elementor-top-column elementor-element elementor-element-19eb1e4\" data-id=\"19eb1e4\" data-element_type=\"column\" data-e-type=\"column\" data-settings=\"{&quot;background_background&quot;:&quot;classic&quot;}\">\n\t\t\t<div class=\"elementor-widget-wrap elementor-element-populated\">\n\t\t\t\t\t\t<div class=\"elementor-element elementor-element-0b101ff elementor-widget elementor-widget-image\" data-id=\"0b101ff\" data-element_type=\"widget\" data-e-type=\"widget\" data-widget_type=\"image.default\">\n\t\t\t\t<div class=\"elementor-widget-container\">\n\t\t\t\t\t\t\t\t\t\t\t\t\t\t\t\t<a href=\"https:\/\/www.portovenere.fr\/fr-fr\/carrelage-sol-et-mur-en-gres-cerame-et-faience\/carrelage-aspect-pierre\/carrelage-gres-cerame-esprit-argile-manoterra\/\">\n\t\t\t\t\t\t\t<img decoding=\"async\" src=\"https:\/\/www.portovenere.fr\/fr-fr\/wp-content\/uploads\/elementor\/thumbs\/Carrelage-imitation-argile-esprit-naturel-MANOTERRA-nombreux-coloris-et-finitions-interieur-exterieur-a-Montpellier-34-r8ifwr14iw16a2j968807f118gxfrwyxrhryqg17kw.jpg\" title=\"Carrelage-imitation-argile-esprit-naturel-MANOTERRA-nombreux-coloris-et-finitions-interieur-exterieur-\u00e0-Montpellier-34\" alt=\"Carrelage int\u00e9rieur ext\u00e9rieur imitation argile naturelle\" loading=\"lazy\" \/>\t\t\t\t\t\t\t\t<\/a>\n\t\t\t\t\t\t\t\t\t\t\t\t\t\t\t<\/div>\n\t\t\t\t<\/div>\n\t\t\t\t<div class=\"elementor-element elementor-element-3b247a5 elementor-widget elementor-widget-heading\" data-id=\"3b247a5\" data-element_type=\"widget\" data-e-type=\"widget\" data-widget_type=\"heading.default\">\n\t\t\t\t<div class=\"elementor-widget-container\">\n\t\t\t\t\t<h3 class=\"elementor-heading-title elementor-size-default\"><a href=\"https:\/\/www.portovenere.fr\/fr-fr\/carrelage-sol-et-mur-en-gres-cerame-et-faience\/carrelage-aspect-pierre\/carrelage-gres-cerame-esprit-argile-manoterra\/\">MANOTERRA | 6 coloris &amp; 4 finitions<\/a><\/h3>\t\t\t\t<\/div>\n\t\t\t\t<\/div>\n\t\t\t\t<div class=\"elementor-element elementor-element-170df84 elementor-widget__width-initial elementor-widget elementor-widget-gallery\" data-id=\"170df84\" data-element_type=\"widget\" data-e-type=\"widget\" data-settings=\"{&quot;gap&quot;:{&quot;unit&quot;:&quot;px&quot;,&quot;size&quot;:3,&quot;sizes&quot;:[]},&quot;columns_mobile&quot;:3,&quot;gap_mobile&quot;:{&quot;unit&quot;:&quot;px&quot;,&quot;size&quot;:6,&quot;sizes&quot;:[]},&quot;columns&quot;:5,&quot;columns_tablet&quot;:3,&quot;gap_tablet&quot;:{&quot;unit&quot;:&quot;px&quot;,&quot;size&quot;:5,&quot;sizes&quot;:[]},&quot;lazyload&quot;:&quot;yes&quot;,&quot;gallery_layout&quot;:&quot;grid&quot;,&quot;aspect_ratio&quot;:&quot;3:2&quot;,&quot;overlay_background&quot;:&quot;yes&quot;,&quot;content_hover_animation&quot;:&quot;fade-in&quot;}\" data-widget_type=\"gallery.default\">\n\t\t\t\t<div class=\"elementor-widget-container\">\n\t\t\t\t\t\t\t<div class=\"elementor-gallery__container\">\n\t\t\t\t\t\t\t<div class=\"e-gallery-item elementor-gallery-item elementor-animated-content\">\n\t\t\t\t\t<div class=\"e-gallery-image elementor-gallery-item__image\" data-thumbnail=\"https:\/\/www.portovenere.fr\/fr-fr\/wp-content\/uploads\/2025\/03\/Carrelage-gres-cerame-teintes-naturelles-et-argile-Manoterra-Sabbia-Rigatino-magasin-Porto-Venere-a-Montpellier-34-150x150.jpg\" data-width=\"150\" data-height=\"150\" aria-label=\"\" role=\"img\" ><\/div>\n\t\t\t\t\t\t\t\t\t\t\t<div class=\"elementor-gallery-item__overlay\"><\/div>\n\t\t\t\t\t\t\t\t\t\t\t\t\t\t<\/div>\n\t\t\t\t\t\t\t<div class=\"e-gallery-item elementor-gallery-item elementor-animated-content\">\n\t\t\t\t\t<div class=\"e-gallery-image elementor-gallery-item__image\" data-thumbnail=\"https:\/\/www.portovenere.fr\/fr-fr\/wp-content\/uploads\/2025\/03\/Carrelage-gres-cerame-teintes-naturelles-et-argile-Manoterra-Sabbia-Naturel-magasin-Porto-Venere-a-Montpellier-34-150x150.jpg\" data-width=\"150\" data-height=\"150\" aria-label=\"\" role=\"img\" ><\/div>\n\t\t\t\t\t\t\t\t\t\t\t<div class=\"elementor-gallery-item__overlay\"><\/div>\n\t\t\t\t\t\t\t\t\t\t\t\t\t\t<\/div>\n\t\t\t\t\t\t\t<div class=\"e-gallery-item elementor-gallery-item elementor-animated-content\">\n\t\t\t\t\t<div class=\"e-gallery-image elementor-gallery-item__image\" data-thumbnail=\"https:\/\/www.portovenere.fr\/fr-fr\/wp-content\/uploads\/2025\/03\/Carrelage-gres-cerame-teintes-naturelles-et-argile-Manoterra-Sabbia-Grana-magasin-Porto-Venere-a-Montpellier-34-150x150.jpg\" data-width=\"150\" data-height=\"150\" aria-label=\"\" role=\"img\" ><\/div>\n\t\t\t\t\t\t\t\t\t\t\t<div class=\"elementor-gallery-item__overlay\"><\/div>\n\t\t\t\t\t\t\t\t\t\t\t\t\t\t<\/div>\n\t\t\t\t\t\t\t<div class=\"e-gallery-item elementor-gallery-item elementor-animated-content\">\n\t\t\t\t\t<div class=\"e-gallery-image elementor-gallery-item__image\" data-thumbnail=\"https:\/\/www.portovenere.fr\/fr-fr\/wp-content\/uploads\/2025\/03\/Carrelage-gres-cerame-teintes-naturelles-et-argile-Manoterra-Mattone-Rigatino-magasin-Porto-Venere-Montpellier-proche-de-Lattes-34-150x150.jpg\" data-width=\"150\" data-height=\"150\" aria-label=\"\" role=\"img\" ><\/div>\n\t\t\t\t\t\t\t\t\t\t\t<div class=\"elementor-gallery-item__overlay\"><\/div>\n\t\t\t\t\t\t\t\t\t\t\t\t\t\t<\/div>\n\t\t\t\t\t\t\t<div class=\"e-gallery-item elementor-gallery-item elementor-animated-content\">\n\t\t\t\t\t<div class=\"e-gallery-image elementor-gallery-item__image\" data-thumbnail=\"https:\/\/www.portovenere.fr\/fr-fr\/wp-content\/uploads\/2025\/03\/Carrelage-gres-cerame-teintes-naturelles-et-argile-Manoterra-Mattone-Naturel-magasin-Porto-Venere-Montpellier-proche-de-Perols-34-150x150.jpg\" data-width=\"150\" data-height=\"150\" aria-label=\"\" role=\"img\" ><\/div>\n\t\t\t\t\t\t\t\t\t\t\t<div class=\"elementor-gallery-item__overlay\"><\/div>\n\t\t\t\t\t\t\t\t\t\t\t\t\t\t<\/div>\n\t\t\t\t\t\t\t<div class=\"e-gallery-item elementor-gallery-item elementor-animated-content\">\n\t\t\t\t\t<div class=\"e-gallery-image elementor-gallery-item__image\" data-thumbnail=\"https:\/\/www.portovenere.fr\/fr-fr\/wp-content\/uploads\/2025\/03\/Carrelage-gres-cerame-teintes-naturelles-et-argile-Manoterra-Mattone-Grana-magasin-Porto-Venere-Montpellier-proche-de-Agde-34-150x150.jpg\" data-width=\"150\" data-height=\"150\" aria-label=\"\" role=\"img\" ><\/div>\n\t\t\t\t\t\t\t\t\t\t\t<div class=\"elementor-gallery-item__overlay\"><\/div>\n\t\t\t\t\t\t\t\t\t\t\t\t\t\t<\/div>\n\t\t\t\t\t\t\t<div class=\"e-gallery-item elementor-gallery-item elementor-animated-content\">\n\t\t\t\t\t<div class=\"e-gallery-image elementor-gallery-item__image\" data-thumbnail=\"https:\/\/www.portovenere.fr\/fr-fr\/wp-content\/uploads\/2025\/03\/Carrelage-gres-cerame-teintes-naturelles-et-argile-Manoterra-Mattone-Cannettato-magasin-Porto-Venere-Montpellier-proche-de-Palavas-34-150x150.jpg\" data-width=\"150\" data-height=\"150\" aria-label=\"\" role=\"img\" ><\/div>\n\t\t\t\t\t\t\t\t\t\t\t<div class=\"elementor-gallery-item__overlay\"><\/div>\n\t\t\t\t\t\t\t\t\t\t\t\t\t\t<\/div>\n\t\t\t\t\t\t\t<div class=\"e-gallery-item elementor-gallery-item elementor-animated-content\">\n\t\t\t\t\t<div class=\"e-gallery-image elementor-gallery-item__image\" data-thumbnail=\"https:\/\/www.portovenere.fr\/fr-fr\/wp-content\/uploads\/2025\/03\/Carrelage-gres-cerame-teintes-naturelles-et-argile-Manoterra-Sabbia-Cannettato-magasin-Porto-Venere-Montpellier-proche-de-Lattes-34-150x150.jpg\" data-width=\"150\" data-height=\"150\" aria-label=\"\" role=\"img\" ><\/div>\n\t\t\t\t\t\t\t\t\t\t\t<div class=\"elementor-gallery-item__overlay\"><\/div>\n\t\t\t\t\t\t\t\t\t\t\t\t\t\t<\/div>\n\t\t\t\t\t\t\t<div class=\"e-gallery-item elementor-gallery-item elementor-animated-content\">\n\t\t\t\t\t<div class=\"e-gallery-image elementor-gallery-item__image\" data-thumbnail=\"https:\/\/www.portovenere.fr\/fr-fr\/wp-content\/uploads\/2025\/03\/Carrelage-gres-cerame-teintes-naturelles-et-argile-Manoterra-Rosato-naturel-magasin-Porto-Venere-Montpellier-proche-de-Mauguio-34-150x150.jpg\" data-width=\"150\" data-height=\"150\" aria-label=\"\" role=\"img\" ><\/div>\n\t\t\t\t\t\t\t\t\t\t\t<div class=\"elementor-gallery-item__overlay\"><\/div>\n\t\t\t\t\t\t\t\t\t\t\t\t\t\t<\/div>\n\t\t\t\t\t\t\t<div class=\"e-gallery-item elementor-gallery-item elementor-animated-content\">\n\t\t\t\t\t<div class=\"e-gallery-image elementor-gallery-item__image\" data-thumbnail=\"https:\/\/www.portovenere.fr\/fr-fr\/wp-content\/uploads\/2025\/03\/Carrelage-gres-cerame-teintes-naturelles-et-argile-Manoterra-Rosato-Grana-magasin-Porto-Venere-Montpellier-proche-de-saussan-34-150x150.jpg\" data-width=\"150\" data-height=\"150\" aria-label=\"\" role=\"img\" ><\/div>\n\t\t\t\t\t\t\t\t\t\t\t<div class=\"elementor-gallery-item__overlay\"><\/div>\n\t\t\t\t\t\t\t\t\t\t\t\t\t\t<\/div>\n\t\t\t\t\t\t\t<div class=\"e-gallery-item elementor-gallery-item elementor-animated-content\">\n\t\t\t\t\t<div class=\"e-gallery-image elementor-gallery-item__image\" data-thumbnail=\"https:\/\/www.portovenere.fr\/fr-fr\/wp-content\/uploads\/2025\/03\/Carrelage-gres-cerame-teintes-naturelles-et-argile-Manoterra-Carbone-Naturel-magasin-Porto-Venere-Montpellier-proche-de-Le-Cres-34-150x150.jpg\" data-width=\"150\" data-height=\"150\" aria-label=\"\" role=\"img\" ><\/div>\n\t\t\t\t\t\t\t\t\t\t\t<div class=\"elementor-gallery-item__overlay\"><\/div>\n\t\t\t\t\t\t\t\t\t\t\t\t\t\t<\/div>\n\t\t\t\t\t\t\t<div class=\"e-gallery-item elementor-gallery-item elementor-animated-content\">\n\t\t\t\t\t<div class=\"e-gallery-image elementor-gallery-item__image\" data-thumbnail=\"https:\/\/www.portovenere.fr\/fr-fr\/wp-content\/uploads\/2025\/03\/Carrelage-gres-cerame-teintes-naturelles-et-argile-Manoterra-Carbone-Grana-magasin-Porto-Venere-Montpellier-proche-de-Lattes-34-150x150.jpg\" data-width=\"150\" data-height=\"150\" aria-label=\"\" role=\"img\" ><\/div>\n\t\t\t\t\t\t\t\t\t\t\t<div class=\"elementor-gallery-item__overlay\"><\/div>\n\t\t\t\t\t\t\t\t\t\t\t\t\t\t<\/div>\n\t\t\t\t\t\t\t<div class=\"e-gallery-item elementor-gallery-item elementor-animated-content\">\n\t\t\t\t\t<div class=\"e-gallery-image elementor-gallery-item__image\" data-thumbnail=\"https:\/\/www.portovenere.fr\/fr-fr\/wp-content\/uploads\/2025\/03\/Carrelage-gres-cerame-teintes-naturelles-et-argile-Manoterra-Cottone-naturel-magasin-Porto-Venere-Montpellier-proche-de-Beziers-34-150x150.jpg\" data-width=\"150\" data-height=\"150\" aria-label=\"\" role=\"img\" ><\/div>\n\t\t\t\t\t\t\t\t\t\t\t<div class=\"elementor-gallery-item__overlay\"><\/div>\n\t\t\t\t\t\t\t\t\t\t\t\t\t\t<\/div>\n\t\t\t\t\t\t\t<div class=\"e-gallery-item elementor-gallery-item elementor-animated-content\">\n\t\t\t\t\t<div class=\"e-gallery-image elementor-gallery-item__image\" data-thumbnail=\"https:\/\/www.portovenere.fr\/fr-fr\/wp-content\/uploads\/2025\/03\/Carrelage-gres-cerame-teintes-naturelles-et-argile-Manoterra-Cottone-Grana-magasin-Porto-Venere-Montpellier-proche-de-Jacou-34-150x150.jpg\" data-width=\"150\" data-height=\"150\" aria-label=\"\" role=\"img\" ><\/div>\n\t\t\t\t\t\t\t\t\t\t\t<div class=\"elementor-gallery-item__overlay\"><\/div>\n\t\t\t\t\t\t\t\t\t\t\t\t\t\t<\/div>\n\t\t\t\t\t\t\t<div class=\"e-gallery-item elementor-gallery-item elementor-animated-content\">\n\t\t\t\t\t<div class=\"e-gallery-image elementor-gallery-item__image\" data-thumbnail=\"https:\/\/www.portovenere.fr\/fr-fr\/wp-content\/uploads\/2025\/03\/Carrelage-gres-cerame-teintes-naturelles-et-argile-Manoterra-Amaranto-nature-magasin-Porto-Venere-Montpellier-proche-de-Jacou-34-150x150.jpg\" data-width=\"150\" data-height=\"150\" aria-label=\"\" role=\"img\" ><\/div>\n\t\t\t\t\t\t\t\t\t\t\t<div class=\"elementor-gallery-item__overlay\"><\/div>\n\t\t\t\t\t\t\t\t\t\t\t\t\t\t<\/div>\n\t\t\t\t\t\t\t<div class=\"e-gallery-item elementor-gallery-item elementor-animated-content\">\n\t\t\t\t\t<div class=\"e-gallery-image elementor-gallery-item__image\" data-thumbnail=\"https:\/\/www.portovenere.fr\/fr-fr\/wp-content\/uploads\/2025\/03\/Carrelage-gres-cerame-teintes-naturelles-et-argile-Manoterra-Amaranto-Grana-magasin-Porto-Venere-Montpellier-proche-de-Perols-34-150x150.jpg\" data-width=\"150\" data-height=\"150\" aria-label=\"\" role=\"img\" ><\/div>\n\t\t\t\t\t\t\t\t\t\t\t<div class=\"elementor-gallery-item__overlay\"><\/div>\n\t\t\t\t\t\t\t\t\t\t\t\t\t\t<\/div>\n\t\t\t\t\t<\/div>\n\t\t\t\t\t<\/div>\n\t\t\t\t<\/div>\n\t\t\t\t<div class=\"elementor-element elementor-element-870b5f5 elementor-widget elementor-widget-text-editor\" data-id=\"870b5f5\" data-element_type=\"widget\" data-e-type=\"widget\" data-widget_type=\"text-editor.default\">\n\t\t\t\t<div class=\"elementor-widget-container\">\n\t\t\t\t\t\t\t\t\t<p data-sourcepos=\"5:1-5:46\">Le carrelage gr\u00e8s c\u00e9rame pour\u00a0<b>int\u00e9rieur et ext\u00e9rieur MANOTERRA<\/b>\u00a0s\u2019inspire \u00e0 merveille des<b>\u00a0teintes naturelles de la nature<\/b>\u00a0\u00e0 travers<b>\u00a06 coloris : Cottone, Sabbia, Mattone, Rosato, Amaranto et Carbone.<\/b><\/p><p data-sourcepos=\"5:1-5:46\">Ce carrelage esprit argile est\u00a0<b>d\u00e9clin\u00e9 en 4 identit\u00e9s\u00a0<\/b>visuelles :\u00a0<b>Uni, Grana, Cannettato et Rigatino<\/b>, dans des<b>\u00a0finitions naturelles PTV<\/b>\u00a0et\u00a0<b>antid\u00e9rapantes PTV R11 pour l\u2019ext\u00e9rieur<\/b>.<\/p><p data-sourcepos=\"5:1-5:46\">Les\u00a0<b>2 d\u00e9cors pour sols<\/b>\u00a0<b>et\/ou murs\u00a0<\/b>Cannettato et Rigatino, compl\u00e8tent cette collection pour offrir un magnifique rendu dans votre projet d\u2019am\u00e9nagement.<\/p><p data-sourcepos=\"5:1-5:46\">Plusieurs formats propos\u00e9s pour cette collection de carrelage effet naturel argile :\u00a0<b>120\u00d7120 cm, 80x80cm, 60\u00d7120 cm, 60\u00d760 cm, 30x60cm, 20\u00d720 cm, 15\u00d730 cm mais aussi un maxi format 120\u00d7240 cm.\u00a0<\/b>De nombreuses possibilit\u00e9s de cr\u00e9ation s\u2019offrent \u00e0 vous gr\u00e2ce \u00e0 ses formats.<\/p>\t\t\t\t\t\t\t\t<\/div>\n\t\t\t\t<\/div>\n\t\t\t\t<div class=\"elementor-element elementor-element-fbe544d elementor-mobile-align-center elementor-align-left elementor-widget elementor-widget-button\" data-id=\"fbe544d\" data-element_type=\"widget\" data-e-type=\"widget\" data-widget_type=\"button.default\">\n\t\t\t\t<div class=\"elementor-widget-container\">\n\t\t\t\t\t\t\t\t\t<div class=\"elementor-button-wrapper\">\n\t\t\t\t\t<a class=\"elementor-button elementor-button-link elementor-size-sm\" href=\"https:\/\/www.portovenere.fr\/fr-fr\/carrelage-sol-et-mur-en-gres-cerame-et-faience\/carrelage-aspect-pierre\/carrelage-gres-cerame-esprit-argile-manoterra\/\">\n\t\t\t\t\t\t<span class=\"elementor-button-content-wrapper\">\n\t\t\t\t\t\t\t\t\t<span class=\"elementor-button-text\">Voir la collection<\/span>\n\t\t\t\t\t<\/span>\n\t\t\t\t\t<\/a>\n\t\t\t\t<\/div>\n\t\t\t\t\t\t\t\t<\/div>\n\t\t\t\t<\/div>\n\t\t\t\t\t<\/div>\n\t\t<\/div>\n\t\t\t\t<div class=\"elementor-column elementor-col-33 elementor-top-column elementor-element elementor-element-a614bbf\" data-id=\"a614bbf\" data-element_type=\"column\" data-e-type=\"column\" data-settings=\"{&quot;background_background&quot;:&quot;classic&quot;}\">\n\t\t\t<div class=\"elementor-widget-wrap elementor-element-populated\">\n\t\t\t\t\t\t<div class=\"elementor-element elementor-element-887d77f elementor-widget elementor-widget-image\" data-id=\"887d77f\" data-element_type=\"widget\" data-e-type=\"widget\" data-widget_type=\"image.default\">\n\t\t\t\t<div class=\"elementor-widget-container\">\n\t\t\t\t\t\t\t\t\t\t\t\t\t\t\t\t<a href=\"https:\/\/www.portovenere.fr\/fr-fr\/carrelage-sol-et-mur-en-gres-cerame-et-faience\/carrelage-extra-fin-special-renovation\/carrelage-fine-epaisseur-grand-format-aspect-pierre-meteorite\/\">\n\t\t\t\t\t\t\t<img loading=\"lazy\" decoding=\"async\" width=\"800\" height=\"534\" src=\"https:\/\/www.portovenere.fr\/fr-fr\/wp-content\/uploads\/2021\/05\/Carrelage-gres-cerame-fin-sol-cuisine-6mm-Meteorite-gris-boucharde_et_credence_ceramique_Umbrella_a_Montpellier_Herault_34-1024x683.jpg\" class=\"attachment-large size-large wp-image-36815\" alt=\"Carrelage fin en gr\u00e8s c\u00e9rame pour sol et mur\" srcset=\"https:\/\/www.portovenere.fr\/fr-fr\/wp-content\/uploads\/2021\/05\/Carrelage-gres-cerame-fin-sol-cuisine-6mm-Meteorite-gris-boucharde_et_credence_ceramique_Umbrella_a_Montpellier_Herault_34-1024x683.jpg 1024w, https:\/\/www.portovenere.fr\/fr-fr\/wp-content\/uploads\/2021\/05\/Carrelage-gres-cerame-fin-sol-cuisine-6mm-Meteorite-gris-boucharde_et_credence_ceramique_Umbrella_a_Montpellier_Herault_34-300x200.jpg 300w, https:\/\/www.portovenere.fr\/fr-fr\/wp-content\/uploads\/2021\/05\/Carrelage-gres-cerame-fin-sol-cuisine-6mm-Meteorite-gris-boucharde_et_credence_ceramique_Umbrella_a_Montpellier_Herault_34-768x512.jpg 768w, https:\/\/www.portovenere.fr\/fr-fr\/wp-content\/uploads\/2021\/05\/Carrelage-gres-cerame-fin-sol-cuisine-6mm-Meteorite-gris-boucharde_et_credence_ceramique_Umbrella_a_Montpellier_Herault_34.jpg 1320w\" sizes=\"(max-width: 800px) 100vw, 800px\" \/>\t\t\t\t\t\t\t\t<\/a>\n\t\t\t\t\t\t\t\t\t\t\t\t\t\t\t<\/div>\n\t\t\t\t<\/div>\n\t\t\t\t<div class=\"elementor-element elementor-element-fbf26fa elementor-widget elementor-widget-heading\" data-id=\"fbf26fa\" data-element_type=\"widget\" data-e-type=\"widget\" data-widget_type=\"heading.default\">\n\t\t\t\t<div class=\"elementor-widget-container\">\n\t\t\t\t\t<h3 class=\"elementor-heading-title elementor-size-default\"><a href=\"https:\/\/www.portovenere.fr\/fr-fr\/carrelage-sol-et-mur-en-gres-cerame-et-faience\/carrelage-extra-fin-special-renovation\/carrelage-fine-epaisseur-grand-format-aspect-pierre-meteorite\/\">METEORITE 6mm | 1 coloris<\/a><\/h3>\t\t\t\t<\/div>\n\t\t\t\t<\/div>\n\t\t\t\t<div class=\"elementor-element elementor-element-b21b6f8 elementor-widget__width-initial elementor-widget elementor-widget-gallery\" data-id=\"b21b6f8\" data-element_type=\"widget\" data-e-type=\"widget\" data-settings=\"{&quot;gap&quot;:{&quot;unit&quot;:&quot;px&quot;,&quot;size&quot;:3,&quot;sizes&quot;:[]},&quot;columns_mobile&quot;:3,&quot;gap_mobile&quot;:{&quot;unit&quot;:&quot;px&quot;,&quot;size&quot;:6,&quot;sizes&quot;:[]},&quot;columns&quot;:5,&quot;columns_tablet&quot;:3,&quot;gap_tablet&quot;:{&quot;unit&quot;:&quot;px&quot;,&quot;size&quot;:5,&quot;sizes&quot;:[]},&quot;lazyload&quot;:&quot;yes&quot;,&quot;gallery_layout&quot;:&quot;grid&quot;,&quot;aspect_ratio&quot;:&quot;3:2&quot;,&quot;overlay_background&quot;:&quot;yes&quot;,&quot;content_hover_animation&quot;:&quot;fade-in&quot;}\" data-widget_type=\"gallery.default\">\n\t\t\t\t<div class=\"elementor-widget-container\">\n\t\t\t\t\t\t\t<div class=\"elementor-gallery__container\">\n\t\t\t\t\t\t\t<div class=\"e-gallery-item elementor-gallery-item elementor-animated-content\">\n\t\t\t\t\t<div class=\"e-gallery-image elementor-gallery-item__image\" data-thumbnail=\"https:\/\/www.portovenere.fr\/fr-fr\/wp-content\/uploads\/2021\/05\/Carrelage-fin-6mm-gris-pour-mur-et-sol-effet-pierre-naturelle_Meteorite-Boucharde-proche_de_Laverune_Herault_34-150x150.jpg\" data-width=\"150\" data-height=\"150\" aria-label=\"\" role=\"img\" ><\/div>\n\t\t\t\t\t\t\t\t\t\t\t<div class=\"elementor-gallery-item__overlay\"><\/div>\n\t\t\t\t\t\t\t\t\t\t\t\t\t\t<\/div>\n\t\t\t\t\t<\/div>\n\t\t\t\t\t<\/div>\n\t\t\t\t<\/div>\n\t\t\t\t<div class=\"elementor-element elementor-element-83838f9 elementor-widget elementor-widget-text-editor\" data-id=\"83838f9\" data-element_type=\"widget\" data-e-type=\"widget\" data-widget_type=\"text-editor.default\">\n\t\t\t\t<div class=\"elementor-widget-container\">\n\t\t\t\t\t\t\t\t\t<p>Carrelage<b> c\u00e9ramique<\/b> grand format de<b> fine<\/b> <b>\u00e9paisseur<\/b> (6mm) <b>pour sol et mur<\/b> de style pierre naturelle inspir\u00e9e des m\u00e9t\u00e9orites.&nbsp;<\/p>\n<p>Cette collection est disponible en g\u00e9n\u00e9reux formats de<b>&nbsp;100x250cm, 150x150cm et 150&#215;320 cm<\/b><span style=\"color: var( --e-global-color-text ); font-weight: var( --e-global-typography-text-font-weight );\">&nbsp;en <\/span><b style=\"color: var( --e-global-color-text );\">coloris gris <\/b><span style=\"color: var( --e-global-color-text );\">finition<\/span><b style=\"color: var( --e-global-color-text );\"> bouchard\u00e9e<\/b><span style=\"color: var( --e-global-color-text ); font-weight: var( --e-global-typography-text-font-weight );\">.<\/span><\/p>\n<p><span style=\"color: var( --e-global-color-text ); font-weight: var( --e-global-typography-text-font-weight );\">Un produit id\u00e9al dans un projet de salle de bain, sol de s\u00e9jour, au mur d&rsquo;un hall d&rsquo;h\u00f4tel, etc.<\/span><\/p>\t\t\t\t\t\t\t\t<\/div>\n\t\t\t\t<\/div>\n\t\t\t\t<div class=\"elementor-element elementor-element-7b1f929 elementor-mobile-align-center elementor-align-left elementor-widget elementor-widget-button\" data-id=\"7b1f929\" data-element_type=\"widget\" data-e-type=\"widget\" data-widget_type=\"button.default\">\n\t\t\t\t<div class=\"elementor-widget-container\">\n\t\t\t\t\t\t\t\t\t<div class=\"elementor-button-wrapper\">\n\t\t\t\t\t<a class=\"elementor-button elementor-button-link elementor-size-sm\" href=\"https:\/\/www.portovenere.fr\/fr-fr\/carrelage-sol-et-mur-en-gres-cerame-et-faience\/carrelage-extra-fin-special-renovation\/carrelage-fine-epaisseur-grand-format-aspect-pierre-meteorite\/\">\n\t\t\t\t\t\t<span class=\"elementor-button-content-wrapper\">\n\t\t\t\t\t\t\t\t\t<span class=\"elementor-button-text\">Voir la collection<\/span>\n\t\t\t\t\t<\/span>\n\t\t\t\t\t<\/a>\n\t\t\t\t<\/div>\n\t\t\t\t\t\t\t\t<\/div>\n\t\t\t\t<\/div>\n\t\t\t\t\t<\/div>\n\t\t<\/div>\n\t\t\t\t<div class=\"elementor-column elementor-col-33 elementor-top-column elementor-element elementor-element-88308f4\" data-id=\"88308f4\" data-element_type=\"column\" data-e-type=\"column\" data-settings=\"{&quot;background_background&quot;:&quot;classic&quot;}\">\n\t\t\t<div class=\"elementor-widget-wrap elementor-element-populated\">\n\t\t\t\t\t\t<div class=\"elementor-element elementor-element-1f66296 elementor-widget elementor-widget-image\" data-id=\"1f66296\" data-element_type=\"widget\" data-e-type=\"widget\" data-widget_type=\"image.default\">\n\t\t\t\t<div class=\"elementor-widget-container\">\n\t\t\t\t\t\t\t\t\t\t\t\t\t\t\t\t<a href=\"https:\/\/www.portovenere.fr\/fr-fr\/carrelage-sol-et-mur-en-gres-cerame-et-faience\/carrelage-aspect-pierre\/carrelage-haut-de-gamme-pour-interieur-et-exterieur-purezza\/\">\n\t\t\t\t\t\t\t<img decoding=\"async\" src=\"https:\/\/www.portovenere.fr\/fr-fr\/wp-content\/uploads\/elementor\/thumbs\/Carrelage-interieur-exterieur-effet-texture-ou-naturel-pour-sols-et-murs-PUREZZA-coloris-Sand-en-gres-cerame-haut-de-gamme-Magasin-Porto-Venere-a-Montpellier-rezd3znb4t32gdavpfkhbov24q6220ue1nvxwexv18.jpg\" title=\"Carrelage-int\u00e9rieur-ext\u00e9rieur-effet-textur\u00e9-ou-naturel-pour-sols-et-murs-PUREZZA-coloris-Sand-en-gr\u00e8s-c\u00e9rame-haut-de-gamme-Magasin-Porto-Venere-\u00e0-Montpellier\" alt=\"Purezza Sand Finition Hammered antid\u00e9rapant\" loading=\"lazy\" \/>\t\t\t\t\t\t\t\t<\/a>\n\t\t\t\t\t\t\t\t\t\t\t\t\t\t\t<\/div>\n\t\t\t\t<\/div>\n\t\t\t\t<div class=\"elementor-element elementor-element-afa11a7 elementor-widget elementor-widget-heading\" data-id=\"afa11a7\" data-element_type=\"widget\" data-e-type=\"widget\" data-widget_type=\"heading.default\">\n\t\t\t\t<div class=\"elementor-widget-container\">\n\t\t\t\t\t<h3 class=\"elementor-heading-title elementor-size-default\"><a href=\"https:\/\/www.portovenere.fr\/fr-fr\/carrelage-sol-et-mur-en-gres-cerame-et-faience\/carrelage-aspect-pierre\/carrelage-haut-de-gamme-pour-interieur-et-exterieur-purezza\/\">PUREZZA | 4 coloris &amp; 5 finitions<\/a><\/h3>\t\t\t\t<\/div>\n\t\t\t\t<\/div>\n\t\t\t\t<div class=\"elementor-element elementor-element-7ae60f9 elementor-widget__width-initial elementor-widget elementor-widget-gallery\" data-id=\"7ae60f9\" data-element_type=\"widget\" data-e-type=\"widget\" data-settings=\"{&quot;gap&quot;:{&quot;unit&quot;:&quot;px&quot;,&quot;size&quot;:3,&quot;sizes&quot;:[]},&quot;columns_mobile&quot;:3,&quot;gap_mobile&quot;:{&quot;unit&quot;:&quot;px&quot;,&quot;size&quot;:6,&quot;sizes&quot;:[]},&quot;columns&quot;:5,&quot;columns_tablet&quot;:3,&quot;gap_tablet&quot;:{&quot;unit&quot;:&quot;px&quot;,&quot;size&quot;:5,&quot;sizes&quot;:[]},&quot;lazyload&quot;:&quot;yes&quot;,&quot;gallery_layout&quot;:&quot;grid&quot;,&quot;aspect_ratio&quot;:&quot;3:2&quot;,&quot;overlay_background&quot;:&quot;yes&quot;,&quot;content_hover_animation&quot;:&quot;fade-in&quot;}\" data-widget_type=\"gallery.default\">\n\t\t\t\t<div class=\"elementor-widget-container\">\n\t\t\t\t\t\t\t<div class=\"elementor-gallery__container\">\n\t\t\t\t\t\t\t<div class=\"e-gallery-item elementor-gallery-item elementor-animated-content\">\n\t\t\t\t\t<div class=\"e-gallery-image elementor-gallery-item__image\" data-thumbnail=\"https:\/\/www.portovenere.fr\/fr-fr\/wp-content\/uploads\/2025\/11\/Carrelage-exterieur-et-interieur-pour-sol-et-mur-effet-pierre-PUREZZA-Sable-magasin-carrelages-Porto_Venere_Montpellier-proche-de-Palavas-34-150x150.jpg\" data-width=\"150\" data-height=\"150\" aria-label=\"Carrelage gr\u00e8s c\u00e9rame aspect pierre calcaire naturelle 4 coloris PUREZZA magasin de carrelages haut de gamme PORTO VENERE \u00e0 Montpellier\" role=\"img\" ><\/div>\n\t\t\t\t\t\t\t\t\t\t\t<div class=\"elementor-gallery-item__overlay\"><\/div>\n\t\t\t\t\t\t\t\t\t\t\t\t\t\t<\/div>\n\t\t\t\t\t\t\t<div class=\"e-gallery-item elementor-gallery-item elementor-animated-content\">\n\t\t\t\t\t<div class=\"e-gallery-image elementor-gallery-item__image\" data-thumbnail=\"https:\/\/www.portovenere.fr\/fr-fr\/wp-content\/uploads\/2025\/11\/Carrelage-exterieur-et-interieur-pour-sol-et-mur-effet-pierre-PUREZZA-Perle-magasin-carrelages-Porto_Venere_Montpellier-proche-de-Agde-34-150x150.jpg\" data-width=\"150\" data-height=\"150\" aria-label=\"Carrelage gr\u00e8s c\u00e9rame aspect pierre calcaire naturelle 4 coloris PUREZZA magasin de carrelages haut de gamme PORTO VENERE \u00e0 Montpellier\" role=\"img\" ><\/div>\n\t\t\t\t\t\t\t\t\t\t\t<div class=\"elementor-gallery-item__overlay\"><\/div>\n\t\t\t\t\t\t\t\t\t\t\t\t\t\t<\/div>\n\t\t\t\t\t\t\t<div class=\"e-gallery-item elementor-gallery-item elementor-animated-content\">\n\t\t\t\t\t<div class=\"e-gallery-image elementor-gallery-item__image\" data-thumbnail=\"https:\/\/www.portovenere.fr\/fr-fr\/wp-content\/uploads\/2025\/11\/Carrelage-exterieur-et-interieur-pour-sol-et-mur-effet-pierre-PUREZZA-Ivoire-magasin-carrelages-Porto_Venere_Montpellier-proche-de-Le-Grau-du-Roi-30-150x150.jpg\" data-width=\"150\" data-height=\"150\" aria-label=\"Carrelage gr\u00e8s c\u00e9rame aspect pierre calcaire naturelle 4 coloris PUREZZA magasin de carrelages haut de gamme PORTO VENERE \u00e0 Montpellier\" role=\"img\" ><\/div>\n\t\t\t\t\t\t\t\t\t\t\t<div class=\"elementor-gallery-item__overlay\"><\/div>\n\t\t\t\t\t\t\t\t\t\t\t\t\t\t<\/div>\n\t\t\t\t\t\t\t<div class=\"e-gallery-item elementor-gallery-item elementor-animated-content\">\n\t\t\t\t\t<div class=\"e-gallery-image elementor-gallery-item__image\" data-thumbnail=\"https:\/\/www.portovenere.fr\/fr-fr\/wp-content\/uploads\/2025\/11\/Carrelage-exterieur-et-interieur-pour-sol-et-mur-effet-pierre-PUREZZA-Gris-magasin-carrelages-Porto_Venere_Montpellier-proche-de-Montferrier-sur-Lez-34-150x150.jpg\" data-width=\"150\" data-height=\"150\" aria-label=\"Carrelage gr\u00e8s c\u00e9rame aspect pierre calcaire naturelle 4 coloris PUREZZA magasin de carrelages haut de gamme PORTO VENERE \u00e0 Montpellier\" role=\"img\" ><\/div>\n\t\t\t\t\t\t\t\t\t\t\t<div class=\"elementor-gallery-item__overlay\"><\/div>\n\t\t\t\t\t\t\t\t\t\t\t\t\t\t<\/div>\n\t\t\t\t\t<\/div>\n\t\t\t\t\t<\/div>\n\t\t\t\t<\/div>\n\t\t\t\t<div class=\"elementor-element elementor-element-0854fbb elementor-widget elementor-widget-text-editor\" data-id=\"0854fbb\" data-element_type=\"widget\" data-e-type=\"widget\" data-widget_type=\"text-editor.default\">\n\t\t\t\t<div class=\"elementor-widget-container\">\n\t\t\t\t\t\t\t\t\t<p>PUREZZA est une collection de <b>gr\u00e8s c\u00e9rame i<\/b>nspir\u00e9e de la puret\u00e9 de la <b>pierre calcaire.&nbsp;<\/b><\/p>\n<p>D\u00e9clin\u00e9e en trois \u00e9paisseurs (fine \u00e9paisseur Kerlite plus&nbsp;<b>6.5 mm, <\/b>\u00e9paisseur renforc\u00e9e <b>14 mm, dalles 20 mm<\/b>), <b>six formats (dont 120&#215;278 cm)&nbsp;<\/b>et quatre coloris \u2014 <b>Grey, Ivory, Pearl, Sand<\/b> \u2014 elle s\u2019adapte \u00e0 tous les projets, du rev\u00eatement mural aux dallages ext\u00e9rieurs.&nbsp;<\/p>\n<p>Ses<b> cinq finitions <\/b>(Natural, Honed, Rolled, Hammered, Chiseled) offrent une grande vari\u00e9t\u00e9 de rendus, du plus lisse au plus textur\u00e9.&nbsp;<\/p>\n<p>R\u00e9sistante, durable et \u00e9l\u00e9gante, PUREZZA r\u00e9pond aux exigences des architectures contemporaines.<\/p>\t\t\t\t\t\t\t\t<\/div>\n\t\t\t\t<\/div>\n\t\t\t\t<div class=\"elementor-element elementor-element-c104af6 elementor-mobile-align-center elementor-widget elementor-widget-button\" data-id=\"c104af6\" data-element_type=\"widget\" data-e-type=\"widget\" data-widget_type=\"button.default\">\n\t\t\t\t<div class=\"elementor-widget-container\">\n\t\t\t\t\t\t\t\t\t<div class=\"elementor-button-wrapper\">\n\t\t\t\t\t<a class=\"elementor-button elementor-button-link elementor-size-sm\" href=\"https:\/\/www.portovenere.fr\/fr-fr\/carrelage-sol-et-mur-en-gres-cerame-et-faience\/carrelage-aspect-pierre\/carrelage-haut-de-gamme-pour-interieur-et-exterieur-purezza\/\">\n\t\t\t\t\t\t<span class=\"elementor-button-content-wrapper\">\n\t\t\t\t\t\t\t\t\t<span class=\"elementor-button-text\">VOIR LA COLLECTION<\/span>\n\t\t\t\t\t<\/span>\n\t\t\t\t\t<\/a>\n\t\t\t\t<\/div>\n\t\t\t\t\t\t\t\t<\/div>\n\t\t\t\t<\/div>\n\t\t\t\t\t<\/div>\n\t\t<\/div>\n\t\t\t\t\t<\/div>\n\t\t<\/section>\n\t\t\t\t<section class=\"elementor-section elementor-top-section elementor-element elementor-element-299a66d6 elementor-section-full_width elementor-section-height-default elementor-section-height-default elementor-invisible\" data-id=\"299a66d6\" data-element_type=\"section\" data-e-type=\"section\" data-settings=\"{&quot;background_background&quot;:&quot;classic&quot;,&quot;animation&quot;:&quot;fadeIn&quot;}\">\n\t\t\t\t\t\t<div class=\"elementor-container elementor-column-gap-default\">\n\t\t\t\t\t<div class=\"elementor-column elementor-col-33 elementor-top-column elementor-element elementor-element-5a46eb3d\" data-id=\"5a46eb3d\" data-element_type=\"column\" data-e-type=\"column\">\n\t\t\t<div class=\"elementor-widget-wrap elementor-element-populated\">\n\t\t\t\t\t\t<div class=\"elementor-element elementor-element-b660ad3 elementor-widget elementor-widget-image\" data-id=\"b660ad3\" data-element_type=\"widget\" data-e-type=\"widget\" data-widget_type=\"image.default\">\n\t\t\t\t<div class=\"elementor-widget-container\">\n\t\t\t\t\t\t\t\t\t\t\t\t\t\t\t\t<a href=\"https:\/\/www.portovenere.fr\/fr-fr\/carrelage-sol-et-mur-en-gres-cerame-et-faience\/carrelage-aspect-metal\/carrelage-sol-et-mur-effet-metal-en-gres-cerame-times\/\">\n\t\t\t\t\t\t\t<img loading=\"lazy\" decoding=\"async\" width=\"800\" height=\"534\" src=\"https:\/\/www.portovenere.fr\/fr-fr\/wp-content\/uploads\/2019\/10\/Carrelage-effet-m\u00e9tal-fonc\u00e9-Times-Black-grand-format-1024x683.jpg\" class=\"attachment-large size-large wp-image-15443\" alt=\"\" srcset=\"https:\/\/www.portovenere.fr\/fr-fr\/wp-content\/uploads\/2019\/10\/Carrelage-effet-m\u00e9tal-fonc\u00e9-Times-Black-grand-format-1024x683.jpg 1024w, https:\/\/www.portovenere.fr\/fr-fr\/wp-content\/uploads\/2019\/10\/Carrelage-effet-m\u00e9tal-fonc\u00e9-Times-Black-grand-format-300x200.jpg 300w, https:\/\/www.portovenere.fr\/fr-fr\/wp-content\/uploads\/2019\/10\/Carrelage-effet-m\u00e9tal-fonc\u00e9-Times-Black-grand-format-768x512.jpg 768w, https:\/\/www.portovenere.fr\/fr-fr\/wp-content\/uploads\/2019\/10\/Carrelage-effet-m\u00e9tal-fonc\u00e9-Times-Black-grand-format.jpg 1500w\" sizes=\"(max-width: 800px) 100vw, 800px\" \/>\t\t\t\t\t\t\t\t<\/a>\n\t\t\t\t\t\t\t\t\t\t\t\t\t\t\t<\/div>\n\t\t\t\t<\/div>\n\t\t\t\t<div class=\"elementor-element elementor-element-5f19586e elementor-widget elementor-widget-heading\" data-id=\"5f19586e\" data-element_type=\"widget\" data-e-type=\"widget\" data-widget_type=\"heading.default\">\n\t\t\t\t<div class=\"elementor-widget-container\">\n\t\t\t\t\t<h3 class=\"elementor-heading-title elementor-size-default\"><a href=\"https:\/\/www.portovenere.fr\/fr-fr\/carrelage-sol-et-mur-en-gres-cerame-et-faience\/carrelage-aspect-metal\/carrelage-sol-et-mur-effet-metal-en-gres-cerame-times\/\">TIMES 6mm | 3 coloris<\/a><\/h3>\t\t\t\t<\/div>\n\t\t\t\t<\/div>\n\t\t\t\t<div class=\"elementor-element elementor-element-d482388 elementor-widget__width-initial elementor-widget elementor-widget-gallery\" data-id=\"d482388\" data-element_type=\"widget\" data-e-type=\"widget\" data-settings=\"{&quot;gap&quot;:{&quot;unit&quot;:&quot;px&quot;,&quot;size&quot;:3,&quot;sizes&quot;:[]},&quot;columns_mobile&quot;:3,&quot;gap_mobile&quot;:{&quot;unit&quot;:&quot;px&quot;,&quot;size&quot;:6,&quot;sizes&quot;:[]},&quot;columns&quot;:5,&quot;columns_tablet&quot;:3,&quot;gap_tablet&quot;:{&quot;unit&quot;:&quot;px&quot;,&quot;size&quot;:5,&quot;sizes&quot;:[]},&quot;lazyload&quot;:&quot;yes&quot;,&quot;gallery_layout&quot;:&quot;grid&quot;,&quot;aspect_ratio&quot;:&quot;3:2&quot;,&quot;overlay_background&quot;:&quot;yes&quot;,&quot;content_hover_animation&quot;:&quot;fade-in&quot;}\" data-widget_type=\"gallery.default\">\n\t\t\t\t<div class=\"elementor-widget-container\">\n\t\t\t\t\t\t\t<div class=\"elementor-gallery__container\">\n\t\t\t\t\t\t\t<div class=\"e-gallery-item elementor-gallery-item elementor-animated-content\">\n\t\t\t\t\t<div class=\"e-gallery-image elementor-gallery-item__image\" data-thumbnail=\"https:\/\/www.portovenere.fr\/fr-fr\/wp-content\/uploads\/2019\/10\/Carrelage-effet-m\u00e9tal-Times_Oxydum_2-150x150.jpg\" data-width=\"150\" data-height=\"150\" aria-label=\"\" role=\"img\" ><\/div>\n\t\t\t\t\t\t\t\t\t\t\t<div class=\"elementor-gallery-item__overlay\"><\/div>\n\t\t\t\t\t\t\t\t\t\t\t\t\t\t<\/div>\n\t\t\t\t\t\t\t<div class=\"e-gallery-item elementor-gallery-item elementor-animated-content\">\n\t\t\t\t\t<div class=\"e-gallery-image elementor-gallery-item__image\" data-thumbnail=\"https:\/\/www.portovenere.fr\/fr-fr\/wp-content\/uploads\/2019\/10\/Carrelage-effet-m\u00e9tal-Times_Black_2-150x150.jpg\" data-width=\"150\" data-height=\"150\" aria-label=\"\" role=\"img\" ><\/div>\n\t\t\t\t\t\t\t\t\t\t\t<div class=\"elementor-gallery-item__overlay\"><\/div>\n\t\t\t\t\t\t\t\t\t\t\t\t\t\t<\/div>\n\t\t\t\t\t\t\t<div class=\"e-gallery-item elementor-gallery-item elementor-animated-content\">\n\t\t\t\t\t<div class=\"e-gallery-image elementor-gallery-item__image\" data-thumbnail=\"https:\/\/www.portovenere.fr\/fr-fr\/wp-content\/uploads\/2019\/10\/Carrelage-effet-m\u00e9tal-Times_White_2-150x150.jpg\" data-width=\"150\" data-height=\"150\" aria-label=\"\" role=\"img\" ><\/div>\n\t\t\t\t\t\t\t\t\t\t\t<div class=\"elementor-gallery-item__overlay\"><\/div>\n\t\t\t\t\t\t\t\t\t\t\t\t\t\t<\/div>\n\t\t\t\t\t<\/div>\n\t\t\t\t\t<\/div>\n\t\t\t\t<\/div>\n\t\t\t\t<div class=\"elementor-element elementor-element-6f565621 elementor-widget elementor-widget-text-editor\" data-id=\"6f565621\" data-element_type=\"widget\" data-e-type=\"widget\" data-widget_type=\"text-editor.default\">\n\t\t\t\t<div class=\"elementor-widget-container\">\n\t\t\t\t\t\t\t\t\t<p>Collection de carrelage aspect m\u00e9tal pour sol et mur d\u00e9clin\u00e9e dans 3 tonalit\u00e9s : clair White, fonc\u00e9 Black et gris Oxidum.<\/p><p>Les petits et grands formats de carreaux s&rsquo;adapteront parfaitement \u00e0 vos projets de r\u00e9novation ou construction.<\/p><p>Une finition antid\u00e9rapante 20mm pour l&rsquo;ext\u00e9rieur, un d\u00e9cor Oxidum graffiti 60x260cm ainsi qu&rsquo;une finition satin\u00e9e pour le coloris White, viennent compl\u00e9ter la gamme Times.<\/p>\t\t\t\t\t\t\t\t<\/div>\n\t\t\t\t<\/div>\n\t\t\t\t<div class=\"elementor-element elementor-element-c8af46f elementor-mobile-align-center elementor-align-left elementor-widget elementor-widget-button\" data-id=\"c8af46f\" data-element_type=\"widget\" data-e-type=\"widget\" data-widget_type=\"button.default\">\n\t\t\t\t<div class=\"elementor-widget-container\">\n\t\t\t\t\t\t\t\t\t<div class=\"elementor-button-wrapper\">\n\t\t\t\t\t<a class=\"elementor-button elementor-button-link elementor-size-sm\" href=\"https:\/\/www.portovenere.fr\/fr-fr\/carrelage-sol-et-mur-en-gres-cerame-et-faience\/carrelage-aspect-metal\/carrelage-sol-et-mur-effet-metal-en-gres-cerame-times\/\">\n\t\t\t\t\t\t<span class=\"elementor-button-content-wrapper\">\n\t\t\t\t\t\t\t\t\t<span class=\"elementor-button-text\">Voir la collection<\/span>\n\t\t\t\t\t<\/span>\n\t\t\t\t\t<\/a>\n\t\t\t\t<\/div>\n\t\t\t\t\t\t\t\t<\/div>\n\t\t\t\t<\/div>\n\t\t\t\t\t<\/div>\n\t\t<\/div>\n\t\t\t\t<div class=\"elementor-column elementor-col-33 elementor-top-column elementor-element elementor-element-0fcc109\" data-id=\"0fcc109\" data-element_type=\"column\" data-e-type=\"column\" data-settings=\"{&quot;background_background&quot;:&quot;classic&quot;}\">\n\t\t\t<div class=\"elementor-widget-wrap elementor-element-populated\">\n\t\t\t\t\t\t<div class=\"elementor-element elementor-element-db62947 elementor-widget elementor-widget-image\" data-id=\"db62947\" data-element_type=\"widget\" data-e-type=\"widget\" data-widget_type=\"image.default\">\n\t\t\t\t<div class=\"elementor-widget-container\">\n\t\t\t\t\t\t\t\t\t\t\t\t\t\t\t\t<a href=\"https:\/\/www.portovenere.fr\/fr-fr\/carrelage-sol-et-mur-en-gres-cerame-et-faience\/carrelage-aspect-marbre\/carrelage-aspect-marbre-grand-format-les-classiques\/\">\n\t\t\t\t\t\t\t<img decoding=\"async\" src=\"https:\/\/www.portovenere.fr\/fr-fr\/wp-content\/uploads\/elementor\/thumbs\/Carrelage-gr\u00e8s-c\u00e9rame-effet-marbre-blanc-gris-Statuario_Les_Classiques_grand-format-Sol-mus\u00e9e-r8ibq93kd3xgij97dl9chkrxmivi3jmbylff8milw8.jpg\" title=\"Carrelage-gr\u00e8s-c\u00e9rame-effet-marbre-blanc-gris-Statuario_Les_Classiques_grand-format-Sol-mus\u00e9e\" alt=\"Carrelage-gr\u00e8s-c\u00e9rame-effet-marbre-blanc-gris-Statuario_Les_Classiques_grand-format-Sol-mus\u00e9e\" loading=\"lazy\" \/>\t\t\t\t\t\t\t\t<\/a>\n\t\t\t\t\t\t\t\t\t\t\t\t\t\t\t<\/div>\n\t\t\t\t<\/div>\n\t\t\t\t<div class=\"elementor-element elementor-element-cd46803 elementor-widget elementor-widget-heading\" data-id=\"cd46803\" data-element_type=\"widget\" data-e-type=\"widget\" data-widget_type=\"heading.default\">\n\t\t\t\t<div class=\"elementor-widget-container\">\n\t\t\t\t\t<h3 class=\"elementor-heading-title elementor-size-default\"><a href=\"https:\/\/www.portovenere.fr\/fr-fr\/carrelage-sol-et-mur-en-gres-cerame-et-faience\/carrelage-aspect-marbre\/carrelage-aspect-marbre-grand-format-les-classiques\/\">LES CLASSIQUES 6mm | 3 coloris<\/a><\/h3>\t\t\t\t<\/div>\n\t\t\t\t<\/div>\n\t\t\t\t<div class=\"elementor-element elementor-element-5aa54e9 elementor-widget__width-initial elementor-widget elementor-widget-gallery\" data-id=\"5aa54e9\" data-element_type=\"widget\" data-e-type=\"widget\" data-settings=\"{&quot;gap&quot;:{&quot;unit&quot;:&quot;px&quot;,&quot;size&quot;:3,&quot;sizes&quot;:[]},&quot;columns_mobile&quot;:3,&quot;gap_mobile&quot;:{&quot;unit&quot;:&quot;px&quot;,&quot;size&quot;:6,&quot;sizes&quot;:[]},&quot;columns&quot;:5,&quot;columns_tablet&quot;:3,&quot;gap_tablet&quot;:{&quot;unit&quot;:&quot;px&quot;,&quot;size&quot;:5,&quot;sizes&quot;:[]},&quot;lazyload&quot;:&quot;yes&quot;,&quot;gallery_layout&quot;:&quot;grid&quot;,&quot;aspect_ratio&quot;:&quot;3:2&quot;,&quot;overlay_background&quot;:&quot;yes&quot;,&quot;content_hover_animation&quot;:&quot;fade-in&quot;}\" data-widget_type=\"gallery.default\">\n\t\t\t\t<div class=\"elementor-widget-container\">\n\t\t\t\t\t\t\t<div class=\"elementor-gallery__container\">\n\t\t\t\t\t\t\t<div class=\"e-gallery-item elementor-gallery-item elementor-animated-content\">\n\t\t\t\t\t<div class=\"e-gallery-image elementor-gallery-item__image\" data-thumbnail=\"https:\/\/www.portovenere.fr\/fr-fr\/wp-content\/uploads\/2019\/11\/Carrelage-aspect-marbre-Les-Classiques_Porto-Venere_D\u00e9cor-CHAIN-240x360-150x150.jpg\" data-width=\"150\" data-height=\"150\" aria-label=\"\" role=\"img\" ><\/div>\n\t\t\t\t\t\t\t\t\t\t\t<div class=\"elementor-gallery-item__overlay\"><\/div>\n\t\t\t\t\t\t\t\t\t\t\t\t\t\t<\/div>\n\t\t\t\t\t\t\t<div class=\"e-gallery-item elementor-gallery-item elementor-animated-content\">\n\t\t\t\t\t<div class=\"e-gallery-image elementor-gallery-item__image\" data-thumbnail=\"https:\/\/www.portovenere.fr\/fr-fr\/wp-content\/uploads\/2019\/11\/Carrelage-effet-marbre-noir-Les-Classiques_Porto-Venere_D\u00e9cor-CHAIN-240x360-150x150.jpg\" data-width=\"150\" data-height=\"150\" aria-label=\"\" role=\"img\" ><\/div>\n\t\t\t\t\t\t\t\t\t\t\t<div class=\"elementor-gallery-item__overlay\"><\/div>\n\t\t\t\t\t\t\t\t\t\t\t\t\t\t<\/div>\n\t\t\t\t\t\t\t<div class=\"e-gallery-item elementor-gallery-item elementor-animated-content\">\n\t\t\t\t\t<div class=\"e-gallery-image elementor-gallery-item__image\" data-thumbnail=\"https:\/\/www.portovenere.fr\/fr-fr\/wp-content\/uploads\/2019\/11\/Carrelage-effet-marbre-Les-Classiques_Porto-Venere_D\u00e9cor-CHAIN-240x360-150x150.jpg\" data-width=\"150\" data-height=\"150\" aria-label=\"\" role=\"img\" ><\/div>\n\t\t\t\t\t\t\t\t\t\t\t<div class=\"elementor-gallery-item__overlay\"><\/div>\n\t\t\t\t\t\t\t\t\t\t\t\t\t\t<\/div>\n\t\t\t\t\t<\/div>\n\t\t\t\t\t<\/div>\n\t\t\t\t<\/div>\n\t\t\t\t<div class=\"elementor-element elementor-element-ca0b00b elementor-widget elementor-widget-text-editor\" data-id=\"ca0b00b\" data-element_type=\"widget\" data-e-type=\"widget\" data-widget_type=\"text-editor.default\">\n\t\t\t\t<div class=\"elementor-widget-container\">\n\t\t\t\t\t\t\t\t\t<p>La collection de<b>\u00a0carrelage aspect marbre<\/b>\u00a0Les Classiques est disponible en 3 coloris\u00a0raffin\u00e9s qui \u00e9voquent les atmosph\u00e8res \u00e9l\u00e9gantes des ann\u00e9es \u201850, revisit\u00e9es au go\u00fbt\u00a0du jour dans un\u00a0<b>style frais et surprenant<\/b>\u00a0: Calacatta Gold (blanc vein\u00e9 dor\u00e9e), Nero Marquinia (noir avec des veines blanches) et Statuario (marbre blanc vein\u00e9 gris identique au\u00a0<a href=\"https:\/\/fr.wikipedia.org\/wiki\/Marbre_de_Carrare\" target=\"_blank\" rel=\"noopener\"><b>marbre de Carrare<\/b><\/a>\u00a0utilis\u00e9 pour les statues).<\/p><p>\u00a0Un\u00a0<b>tr\u00e8s grand choix dans les formats<\/b>\u00a0est propos\u00e9 :\u00a0160\u00d7320 cm, 160\u00d7160 cm, 120\u00d7280 cm, 120\u00d7240 cm, 120\u00d7120 cm, 80\u00d780 cm, 60\u00d7120 cm, 80\u00d780 cm, 60\u00d760 cm et 30\u00d760 cm\u00a0\u2013 d\u00e9clin\u00e9 dans 2 finitions \u2013 Soft (adouci) et Glossy (brillant).<\/p><p>Des ingr\u00e9dients parfaits\u00a0<b>pour un projet sur mesure<\/b>,\u00a0tra\u00e7ant une nouvelle ligne de luxe, qui s\u2019exprime dans les<b>\u00a0lignes \u00e9l\u00e9gantes et fluides<\/b>\u00a0ainsi que\u00a0dans les\u00a0<b>contrastes de clair-obscur<\/b>.\u00a0<\/p>\t\t\t\t\t\t\t\t<\/div>\n\t\t\t\t<\/div>\n\t\t\t\t<div class=\"elementor-element elementor-element-5748638 elementor-mobile-align-center elementor-align-left elementor-widget elementor-widget-button\" data-id=\"5748638\" data-element_type=\"widget\" data-e-type=\"widget\" data-widget_type=\"button.default\">\n\t\t\t\t<div class=\"elementor-widget-container\">\n\t\t\t\t\t\t\t\t\t<div class=\"elementor-button-wrapper\">\n\t\t\t\t\t<a class=\"elementor-button elementor-button-link elementor-size-sm\" href=\"https:\/\/www.portovenere.fr\/fr-fr\/carrelage-sol-et-mur-en-gres-cerame-et-faience\/carrelage-aspect-marbre\/carrelage-aspect-marbre-grand-format-les-classiques\/\">\n\t\t\t\t\t\t<span class=\"elementor-button-content-wrapper\">\n\t\t\t\t\t\t\t\t\t<span class=\"elementor-button-text\">Voir la collection<\/span>\n\t\t\t\t\t<\/span>\n\t\t\t\t\t<\/a>\n\t\t\t\t<\/div>\n\t\t\t\t\t\t\t\t<\/div>\n\t\t\t\t<\/div>\n\t\t\t\t\t<\/div>\n\t\t<\/div>\n\t\t\t\t<div class=\"elementor-column elementor-col-33 elementor-top-column elementor-element elementor-element-cf726da elementor-invisible\" data-id=\"cf726da\" data-element_type=\"column\" data-e-type=\"column\" data-settings=\"{&quot;animation&quot;:&quot;fadeIn&quot;,&quot;background_background&quot;:&quot;classic&quot;}\">\n\t\t\t<div class=\"elementor-widget-wrap elementor-element-populated\">\n\t\t\t\t\t\t<div class=\"elementor-element elementor-element-d8e5dcc elementor-widget elementor-widget-image\" data-id=\"d8e5dcc\" data-element_type=\"widget\" data-e-type=\"widget\" data-widget_type=\"image.default\">\n\t\t\t\t<div class=\"elementor-widget-container\">\n\t\t\t\t\t\t\t\t\t\t\t\t\t\t\t\t<a href=\"https:\/\/www.portovenere.fr\/fr-fr\/carrelage-sol-et-mur-en-gres-cerame-et-faience\/carrelage-contemporain-et-design\/carrelage-contemporain-aspect-beton-tint-unit\/\">\n\t\t\t\t\t\t\t<img loading=\"lazy\" decoding=\"async\" width=\"768\" height=\"512\" src=\"https:\/\/www.portovenere.fr\/fr-fr\/wp-content\/uploads\/2019\/12\/Carrelage-sol-et-mur-colore\u0301-uni-Tinte-Unite-bleu-turquoise-768x512.jpg\" class=\"attachment-medium_large size-medium_large wp-image-20293\" alt=\"\" srcset=\"https:\/\/www.portovenere.fr\/fr-fr\/wp-content\/uploads\/2019\/12\/Carrelage-sol-et-mur-colore\u0301-uni-Tinte-Unite-bleu-turquoise-768x512.jpg 768w, https:\/\/www.portovenere.fr\/fr-fr\/wp-content\/uploads\/2019\/12\/Carrelage-sol-et-mur-colore\u0301-uni-Tinte-Unite-bleu-turquoise-300x200.jpg 300w, https:\/\/www.portovenere.fr\/fr-fr\/wp-content\/uploads\/2019\/12\/Carrelage-sol-et-mur-colore\u0301-uni-Tinte-Unite-bleu-turquoise-1024x683.jpg 1024w, https:\/\/www.portovenere.fr\/fr-fr\/wp-content\/uploads\/2019\/12\/Carrelage-sol-et-mur-colore\u0301-uni-Tinte-Unite-bleu-turquoise.jpg 1500w\" sizes=\"(max-width: 768px) 100vw, 768px\" \/>\t\t\t\t\t\t\t\t<\/a>\n\t\t\t\t\t\t\t\t\t\t\t\t\t\t\t<\/div>\n\t\t\t\t<\/div>\n\t\t\t\t<section class=\"elementor-section elementor-inner-section elementor-element elementor-element-db8d919 elementor-section-boxed elementor-section-height-default elementor-section-height-default elementor-invisible\" data-id=\"db8d919\" data-element_type=\"section\" data-e-type=\"section\" data-settings=\"{&quot;background_background&quot;:&quot;classic&quot;,&quot;animation&quot;:&quot;fadeIn&quot;}\">\n\t\t\t\t\t\t<div class=\"elementor-container elementor-column-gap-default\">\n\t\t\t\t\t<div class=\"elementor-column elementor-col-100 elementor-inner-column elementor-element elementor-element-446a668\" data-id=\"446a668\" data-element_type=\"column\" data-e-type=\"column\">\n\t\t\t<div class=\"elementor-widget-wrap elementor-element-populated\">\n\t\t\t\t\t\t<div class=\"elementor-element elementor-element-beae884 elementor-widget elementor-widget-heading\" data-id=\"beae884\" data-element_type=\"widget\" data-e-type=\"widget\" data-widget_type=\"heading.default\">\n\t\t\t\t<div class=\"elementor-widget-container\">\n\t\t\t\t\t<h3 class=\"elementor-heading-title elementor-size-default\"><a href=\"https:\/\/www.portovenere.fr\/fr-fr\/carrelage-sol-et-mur-en-gres-cerame-et-faience\/carrelage-contemporain-et-design\/carrelage-contemporain-aspect-beton-tint-unit\/\">TINTE UNITE 6mm | 7 coloris &amp; d\u00e9cors<\/a><\/h3>\t\t\t\t<\/div>\n\t\t\t\t<\/div>\n\t\t\t\t<div class=\"elementor-element elementor-element-e3cc783 elementor-widget__width-initial elementor-widget elementor-widget-gallery\" data-id=\"e3cc783\" data-element_type=\"widget\" data-e-type=\"widget\" data-settings=\"{&quot;gap&quot;:{&quot;unit&quot;:&quot;px&quot;,&quot;size&quot;:3,&quot;sizes&quot;:[]},&quot;columns_mobile&quot;:3,&quot;gap_mobile&quot;:{&quot;unit&quot;:&quot;px&quot;,&quot;size&quot;:6,&quot;sizes&quot;:[]},&quot;columns&quot;:5,&quot;columns_tablet&quot;:3,&quot;gap_tablet&quot;:{&quot;unit&quot;:&quot;px&quot;,&quot;size&quot;:5,&quot;sizes&quot;:[]},&quot;lazyload&quot;:&quot;yes&quot;,&quot;gallery_layout&quot;:&quot;grid&quot;,&quot;aspect_ratio&quot;:&quot;3:2&quot;,&quot;overlay_background&quot;:&quot;yes&quot;,&quot;content_hover_animation&quot;:&quot;fade-in&quot;}\" data-widget_type=\"gallery.default\">\n\t\t\t\t<div class=\"elementor-widget-container\">\n\t\t\t\t\t\t\t<div class=\"elementor-gallery__container\">\n\t\t\t\t\t\t\t<div class=\"e-gallery-item elementor-gallery-item elementor-animated-content\">\n\t\t\t\t\t<div class=\"e-gallery-image elementor-gallery-item__image\" data-thumbnail=\"https:\/\/www.portovenere.fr\/fr-fr\/wp-content\/uploads\/2019\/12\/Tinte-Unite-Polvere-150x150.jpg\" data-width=\"150\" data-height=\"150\" aria-label=\"\" role=\"img\" ><\/div>\n\t\t\t\t\t\t\t\t\t\t\t<div class=\"elementor-gallery-item__overlay\"><\/div>\n\t\t\t\t\t\t\t\t\t\t\t\t\t\t<\/div>\n\t\t\t\t\t\t\t<div class=\"e-gallery-item elementor-gallery-item elementor-animated-content\">\n\t\t\t\t\t<div class=\"e-gallery-image elementor-gallery-item__image\" data-thumbnail=\"https:\/\/www.portovenere.fr\/fr-fr\/wp-content\/uploads\/2019\/12\/Tinte-Unite-Petrolio-150x150.jpg\" data-width=\"150\" data-height=\"150\" aria-label=\"\" role=\"img\" ><\/div>\n\t\t\t\t\t\t\t\t\t\t\t<div class=\"elementor-gallery-item__overlay\"><\/div>\n\t\t\t\t\t\t\t\t\t\t\t\t\t\t<\/div>\n\t\t\t\t\t\t\t<div class=\"e-gallery-item elementor-gallery-item elementor-animated-content\">\n\t\t\t\t\t<div class=\"e-gallery-image elementor-gallery-item__image\" data-thumbnail=\"https:\/\/www.portovenere.fr\/fr-fr\/wp-content\/uploads\/2019\/12\/Tinte-Unite-Perla-150x150.jpg\" data-width=\"150\" data-height=\"150\" aria-label=\"\" role=\"img\" ><\/div>\n\t\t\t\t\t\t\t\t\t\t\t<div class=\"elementor-gallery-item__overlay\"><\/div>\n\t\t\t\t\t\t\t\t\t\t\t\t\t\t<\/div>\n\t\t\t\t\t\t\t<div class=\"e-gallery-item elementor-gallery-item elementor-animated-content\">\n\t\t\t\t\t<div class=\"e-gallery-image elementor-gallery-item__image\" data-thumbnail=\"https:\/\/www.portovenere.fr\/fr-fr\/wp-content\/uploads\/2019\/12\/Tinte-Unite-Grafite-150x150.jpg\" data-width=\"150\" data-height=\"150\" aria-label=\"\" role=\"img\" ><\/div>\n\t\t\t\t\t\t\t\t\t\t\t<div class=\"elementor-gallery-item__overlay\"><\/div>\n\t\t\t\t\t\t\t\t\t\t\t\t\t\t<\/div>\n\t\t\t\t\t\t\t<div class=\"e-gallery-item elementor-gallery-item elementor-animated-content\">\n\t\t\t\t\t<div class=\"e-gallery-image elementor-gallery-item__image\" data-thumbnail=\"https:\/\/www.portovenere.fr\/fr-fr\/wp-content\/uploads\/2019\/12\/Tinte-Unite-Ferro-150x150.jpg\" data-width=\"150\" data-height=\"150\" aria-label=\"\" role=\"img\" ><\/div>\n\t\t\t\t\t\t\t\t\t\t\t<div class=\"elementor-gallery-item__overlay\"><\/div>\n\t\t\t\t\t\t\t\t\t\t\t\t\t\t<\/div>\n\t\t\t\t\t\t\t<div class=\"e-gallery-item elementor-gallery-item elementor-animated-content\">\n\t\t\t\t\t<div class=\"e-gallery-image elementor-gallery-item__image\" data-thumbnail=\"https:\/\/www.portovenere.fr\/fr-fr\/wp-content\/uploads\/2019\/12\/Tinte-Unite-Bianco-150x150.jpg\" data-width=\"150\" data-height=\"150\" aria-label=\"\" role=\"img\" ><\/div>\n\t\t\t\t\t\t\t\t\t\t\t<div class=\"elementor-gallery-item__overlay\"><\/div>\n\t\t\t\t\t\t\t\t\t\t\t\t\t\t<\/div>\n\t\t\t\t\t\t\t<div class=\"e-gallery-item elementor-gallery-item elementor-animated-content\">\n\t\t\t\t\t<div class=\"e-gallery-image elementor-gallery-item__image\" data-thumbnail=\"https:\/\/www.portovenere.fr\/fr-fr\/wp-content\/uploads\/2019\/12\/Tinte-Unite-Avio-150x150.jpg\" data-width=\"150\" data-height=\"150\" aria-label=\"\" role=\"img\" ><\/div>\n\t\t\t\t\t\t\t\t\t\t\t<div class=\"elementor-gallery-item__overlay\"><\/div>\n\t\t\t\t\t\t\t\t\t\t\t\t\t\t<\/div>\n\t\t\t\t\t\t\t<div class=\"e-gallery-item elementor-gallery-item elementor-animated-content\">\n\t\t\t\t\t<div class=\"e-gallery-image elementor-gallery-item__image\" data-thumbnail=\"https:\/\/www.portovenere.fr\/fr-fr\/wp-content\/uploads\/2019\/08\/Tint-Unit-D\u00e9cor-G-Light-150x150.jpg\" data-width=\"150\" data-height=\"150\" aria-label=\"\" role=\"img\" ><\/div>\n\t\t\t\t\t\t\t\t\t\t\t<div class=\"elementor-gallery-item__overlay\"><\/div>\n\t\t\t\t\t\t\t\t\t\t\t\t\t\t<\/div>\n\t\t\t\t\t\t\t<div class=\"e-gallery-item elementor-gallery-item elementor-animated-content\">\n\t\t\t\t\t<div class=\"e-gallery-image elementor-gallery-item__image\" data-thumbnail=\"https:\/\/www.portovenere.fr\/fr-fr\/wp-content\/uploads\/2019\/08\/Tint-Unit-Decor-A-Dark-150x150.jpg\" data-width=\"150\" data-height=\"150\" aria-label=\"\" role=\"img\" ><\/div>\n\t\t\t\t\t\t\t\t\t\t\t<div class=\"elementor-gallery-item__overlay\"><\/div>\n\t\t\t\t\t\t\t\t\t\t\t\t\t\t<\/div>\n\t\t\t\t\t\t\t<div class=\"e-gallery-item elementor-gallery-item elementor-animated-content\">\n\t\t\t\t\t<div class=\"e-gallery-image elementor-gallery-item__image\" data-thumbnail=\"https:\/\/www.portovenere.fr\/fr-fr\/wp-content\/uploads\/2019\/08\/Tint-Unit-D\u00e9cor-F-Light-150x150.jpg\" data-width=\"150\" data-height=\"150\" aria-label=\"\" role=\"img\" ><\/div>\n\t\t\t\t\t\t\t\t\t\t\t<div class=\"elementor-gallery-item__overlay\"><\/div>\n\t\t\t\t\t\t\t\t\t\t\t\t\t\t<\/div>\n\t\t\t\t\t\t\t<div class=\"e-gallery-item elementor-gallery-item elementor-animated-content\">\n\t\t\t\t\t<div class=\"e-gallery-image elementor-gallery-item__image\" data-thumbnail=\"https:\/\/www.portovenere.fr\/fr-fr\/wp-content\/uploads\/2019\/08\/Tint-Unit-D\u00e9cor-E-Dark-150x150.jpg\" data-width=\"150\" data-height=\"150\" aria-label=\"\" role=\"img\" ><\/div>\n\t\t\t\t\t\t\t\t\t\t\t<div class=\"elementor-gallery-item__overlay\"><\/div>\n\t\t\t\t\t\t\t\t\t\t\t\t\t\t<\/div>\n\t\t\t\t\t\t\t<div class=\"e-gallery-item elementor-gallery-item elementor-animated-content\">\n\t\t\t\t\t<div class=\"e-gallery-image elementor-gallery-item__image\" data-thumbnail=\"https:\/\/www.portovenere.fr\/fr-fr\/wp-content\/uploads\/2019\/08\/Tint-Unit-D\u00e9cor-C-Light-150x150.jpg\" data-width=\"150\" data-height=\"150\" aria-label=\"\" role=\"img\" ><\/div>\n\t\t\t\t\t\t\t\t\t\t\t<div class=\"elementor-gallery-item__overlay\"><\/div>\n\t\t\t\t\t\t\t\t\t\t\t\t\t\t<\/div>\n\t\t\t\t\t\t\t<div class=\"e-gallery-item elementor-gallery-item elementor-animated-content\">\n\t\t\t\t\t<div class=\"e-gallery-image elementor-gallery-item__image\" data-thumbnail=\"https:\/\/www.portovenere.fr\/fr-fr\/wp-content\/uploads\/2019\/08\/Tint-Unit-D\u00e9cor-D-Dark-150x150.jpg\" data-width=\"150\" data-height=\"150\" aria-label=\"\" role=\"img\" ><\/div>\n\t\t\t\t\t\t\t\t\t\t\t<div class=\"elementor-gallery-item__overlay\"><\/div>\n\t\t\t\t\t\t\t\t\t\t\t\t\t\t<\/div>\n\t\t\t\t\t\t\t<div class=\"e-gallery-item elementor-gallery-item elementor-animated-content\">\n\t\t\t\t\t<div class=\"e-gallery-image elementor-gallery-item__image\" data-thumbnail=\"https:\/\/www.portovenere.fr\/fr-fr\/wp-content\/uploads\/2019\/08\/Tint-Unit-D\u00e9cor-B-Light-150x150.jpg\" data-width=\"150\" data-height=\"150\" aria-label=\"\" role=\"img\" ><\/div>\n\t\t\t\t\t\t\t\t\t\t\t<div class=\"elementor-gallery-item__overlay\"><\/div>\n\t\t\t\t\t\t\t\t\t\t\t\t\t\t<\/div>\n\t\t\t\t\t<\/div>\n\t\t\t\t\t<\/div>\n\t\t\t\t<\/div>\n\t\t\t\t<div class=\"elementor-element elementor-element-03b634b elementor-widget elementor-widget-text-editor\" data-id=\"03b634b\" data-element_type=\"widget\" data-e-type=\"widget\" data-widget_type=\"text-editor.default\">\n\t\t\t\t<div class=\"elementor-widget-container\">\n\t\t\t\t\t\t\t\t\t<p>Carrelage de sol et mur en gr\u00e8s c\u00e9rame aspect b\u00e9ton disponible en 7 coloris et nombreux d\u00e9cors et mosa\u00efques. Votre surface murale devient un v\u00e9ritable \u00e9l\u00e9ment de design.<\/p>\t\t\t\t\t\t\t\t<\/div>\n\t\t\t\t<\/div>\n\t\t\t\t<div class=\"elementor-element elementor-element-4016574 elementor-mobile-align-center elementor-widget elementor-widget-button\" data-id=\"4016574\" data-element_type=\"widget\" data-e-type=\"widget\" data-widget_type=\"button.default\">\n\t\t\t\t<div class=\"elementor-widget-container\">\n\t\t\t\t\t\t\t\t\t<div class=\"elementor-button-wrapper\">\n\t\t\t\t\t<a class=\"elementor-button elementor-button-link elementor-size-sm\" href=\"https:\/\/www.portovenere.fr\/fr-fr\/carrelage-sol-et-mur-en-gres-cerame-et-faience\/carrelage-contemporain-et-design\/carrelage-contemporain-aspect-beton-tint-unit\/\">\n\t\t\t\t\t\t<span class=\"elementor-button-content-wrapper\">\n\t\t\t\t\t\t\t\t\t<span class=\"elementor-button-text\">Voir la collection<\/span>\n\t\t\t\t\t<\/span>\n\t\t\t\t\t<\/a>\n\t\t\t\t<\/div>\n\t\t\t\t\t\t\t\t<\/div>\n\t\t\t\t<\/div>\n\t\t\t\t\t<\/div>\n\t\t<\/div>\n\t\t\t\t\t<\/div>\n\t\t<\/section>\n\t\t\t\t\t<\/div>\n\t\t<\/div>\n\t\t\t\t\t<\/div>\n\t\t<\/section>\n\t\t\t\t<section class=\"elementor-section elementor-top-section elementor-element elementor-element-2bf1133 elementor-section-full_width elementor-section-height-default elementor-section-height-default elementor-invisible\" data-id=\"2bf1133\" data-element_type=\"section\" data-e-type=\"section\" data-settings=\"{&quot;background_background&quot;:&quot;classic&quot;,&quot;animation&quot;:&quot;fadeIn&quot;}\">\n\t\t\t\t\t\t<div class=\"elementor-container elementor-column-gap-default\">\n\t\t\t\t\t<div class=\"elementor-column elementor-col-33 elementor-top-column elementor-element elementor-element-5362fad\" data-id=\"5362fad\" data-element_type=\"column\" data-e-type=\"column\" data-settings=\"{&quot;background_background&quot;:&quot;classic&quot;}\">\n\t\t\t<div class=\"elementor-widget-wrap elementor-element-populated\">\n\t\t\t\t\t\t<div class=\"elementor-element elementor-element-8b6f7ea elementor-widget elementor-widget-image\" data-id=\"8b6f7ea\" data-element_type=\"widget\" data-e-type=\"widget\" data-widget_type=\"image.default\">\n\t\t\t\t<div class=\"elementor-widget-container\">\n\t\t\t\t\t\t\t\t\t\t\t\t\t\t\t\t<a href=\"https:\/\/www.portovenere.fr\/fr-fr\/carrelage-sol-et-mur-en-gres-cerame-et-faience\/carrelage-aspect-pierre\/carrelage-aspect-pierre-ardoise-cinama-stone\/\">\n\t\t\t\t\t\t\t<img decoding=\"async\" src=\"https:\/\/www.portovenere.fr\/fr-fr\/wp-content\/uploads\/elementor\/thumbs\/Carrelage-grand-format-xxl-fine-epaisseur-120x278-cm-effet-pierre-ardoise-CINAMA-STONE-Slate-Grey-6-coloris-pour-sol-et-mur-Magasin-pres-de-Sete-34-r969pcnsodlec2xtbrt9s3cwpx6mkpou4s0wt7cu00.jpg\" title=\"Carrelage-grand-format-xxl-fine-\u00e9paisseur-120&#215;278-cm-effet-pierre-ardoise-CINAMA-STONE-Slate-Grey-6-coloris-pour-sol-et-mur-Magasin-pr\u00e8s-de-S\u00e8te-34\" alt=\"Slate Grey 120x278 cm\" loading=\"lazy\" \/>\t\t\t\t\t\t\t\t<\/a>\n\t\t\t\t\t\t\t\t\t\t\t\t\t\t\t<\/div>\n\t\t\t\t<\/div>\n\t\t\t\t<div class=\"elementor-element elementor-element-6d95056 elementor-widget elementor-widget-heading\" data-id=\"6d95056\" data-element_type=\"widget\" data-e-type=\"widget\" data-widget_type=\"heading.default\">\n\t\t\t\t<div class=\"elementor-widget-container\">\n\t\t\t\t\t<h3 class=\"elementor-heading-title elementor-size-default\"><a href=\"https:\/\/www.portovenere.fr\/fr-fr\/carrelage-sol-et-mur-en-gres-cerame-et-faience\/carrelage-aspect-pierre\/carrelage-aspect-pierre-ardoise-cinama-stone\/\">CINAMA STONE | 6 coloris<\/a><\/h3>\t\t\t\t<\/div>\n\t\t\t\t<\/div>\n\t\t\t\t<div class=\"elementor-element elementor-element-996e0cf elementor-widget__width-initial elementor-widget elementor-widget-gallery\" data-id=\"996e0cf\" data-element_type=\"widget\" data-e-type=\"widget\" data-settings=\"{&quot;gap&quot;:{&quot;unit&quot;:&quot;px&quot;,&quot;size&quot;:3,&quot;sizes&quot;:[]},&quot;columns_mobile&quot;:3,&quot;gap_mobile&quot;:{&quot;unit&quot;:&quot;px&quot;,&quot;size&quot;:6,&quot;sizes&quot;:[]},&quot;columns&quot;:5,&quot;columns_tablet&quot;:3,&quot;gap_tablet&quot;:{&quot;unit&quot;:&quot;px&quot;,&quot;size&quot;:5,&quot;sizes&quot;:[]},&quot;lazyload&quot;:&quot;yes&quot;,&quot;gallery_layout&quot;:&quot;grid&quot;,&quot;aspect_ratio&quot;:&quot;3:2&quot;,&quot;overlay_background&quot;:&quot;yes&quot;,&quot;content_hover_animation&quot;:&quot;fade-in&quot;}\" data-widget_type=\"gallery.default\">\n\t\t\t\t<div class=\"elementor-widget-container\">\n\t\t\t\t\t\t\t<div class=\"elementor-gallery__container\">\n\t\t\t\t\t\t\t<div class=\"e-gallery-item elementor-gallery-item elementor-animated-content\">\n\t\t\t\t\t<div class=\"e-gallery-image elementor-gallery-item__image\" data-thumbnail=\"https:\/\/www.portovenere.fr\/fr-fr\/wp-content\/uploads\/2025\/07\/Carrelage-gris-type-pierre-ardoise-pour-sol-et-mur-en-gres-cerame-CINAMA-STONE-Slate-grey-magasin-pres-de-Lunel-34-150x150.jpg\" data-width=\"150\" data-height=\"150\" aria-label=\"\" role=\"img\" ><\/div>\n\t\t\t\t\t\t\t\t\t\t\t<div class=\"elementor-gallery-item__overlay\"><\/div>\n\t\t\t\t\t\t\t\t\t\t\t\t\t\t<\/div>\n\t\t\t\t\t\t\t<div class=\"e-gallery-item elementor-gallery-item elementor-animated-content\">\n\t\t\t\t\t<div class=\"e-gallery-image elementor-gallery-item__image\" data-thumbnail=\"https:\/\/www.portovenere.fr\/fr-fr\/wp-content\/uploads\/2025\/07\/Carrelage-gris-clair-type-pierre-ardoise-pour-sol-et-mur-en-gres-cerame-CINAMA-STONE-Slate-light-grey-magasin-pres-de-Balaruc-34-150x150.jpg\" data-width=\"150\" data-height=\"150\" aria-label=\"\" role=\"img\" ><\/div>\n\t\t\t\t\t\t\t\t\t\t\t<div class=\"elementor-gallery-item__overlay\"><\/div>\n\t\t\t\t\t\t\t\t\t\t\t\t\t\t<\/div>\n\t\t\t\t\t\t\t<div class=\"e-gallery-item elementor-gallery-item elementor-animated-content\">\n\t\t\t\t\t<div class=\"e-gallery-image elementor-gallery-item__image\" data-thumbnail=\"https:\/\/www.portovenere.fr\/fr-fr\/wp-content\/uploads\/2025\/07\/Carrelage-fonce-type-pierre-ardoise-pour-sol-et-mur-en-gres-cerame-CINAMA-STONE-Slate-black-noir-magasin-pres-de-Palavas-34-150x150.jpg\" data-width=\"150\" data-height=\"150\" aria-label=\"\" role=\"img\" ><\/div>\n\t\t\t\t\t\t\t\t\t\t\t<div class=\"elementor-gallery-item__overlay\"><\/div>\n\t\t\t\t\t\t\t\t\t\t\t\t\t\t<\/div>\n\t\t\t\t\t\t\t<div class=\"e-gallery-item elementor-gallery-item elementor-animated-content\">\n\t\t\t\t\t<div class=\"e-gallery-image elementor-gallery-item__image\" data-thumbnail=\"https:\/\/www.portovenere.fr\/fr-fr\/wp-content\/uploads\/2025\/07\/Carrelage-clair-type-pierre-ardoise-pour-sol-et-mur-en-gres-cerame-CINAMA-STONE-Slate-white-magasin-pres-de-Gigean-34-150x150.jpg\" data-width=\"150\" data-height=\"150\" aria-label=\"\" role=\"img\" ><\/div>\n\t\t\t\t\t\t\t\t\t\t\t<div class=\"elementor-gallery-item__overlay\"><\/div>\n\t\t\t\t\t\t\t\t\t\t\t\t\t\t<\/div>\n\t\t\t\t\t\t\t<div class=\"e-gallery-item elementor-gallery-item elementor-animated-content\">\n\t\t\t\t\t<div class=\"e-gallery-image elementor-gallery-item__image\" data-thumbnail=\"https:\/\/www.portovenere.fr\/fr-fr\/wp-content\/uploads\/2025\/07\/Carrelage-clair-sable-type-pierre-ardoise-pour-sol-et-mur-en-gres-cerame-CINAMA-STONE-Sand-magasin-a-Montpellier-34-150x150.jpg\" data-width=\"150\" data-height=\"150\" aria-label=\"\" role=\"img\" ><\/div>\n\t\t\t\t\t\t\t\t\t\t\t<div class=\"elementor-gallery-item__overlay\"><\/div>\n\t\t\t\t\t\t\t\t\t\t\t\t\t\t<\/div>\n\t\t\t\t\t\t\t<div class=\"e-gallery-item elementor-gallery-item elementor-animated-content\">\n\t\t\t\t\t<div class=\"e-gallery-image elementor-gallery-item__image\" data-thumbnail=\"https:\/\/www.portovenere.fr\/fr-fr\/wp-content\/uploads\/2025\/07\/Carrelage-blanc-clair-type-pierre-ardoise-pour-sol-et-mur-en-gres-cerame-CINAMA-STONE-Superwhite-magasin-pres-de-Perols-34-150x150.jpg\" data-width=\"150\" data-height=\"150\" aria-label=\"\" role=\"img\" ><\/div>\n\t\t\t\t\t\t\t\t\t\t\t<div class=\"elementor-gallery-item__overlay\"><\/div>\n\t\t\t\t\t\t\t\t\t\t\t\t\t\t<\/div>\n\t\t\t\t\t<\/div>\n\t\t\t\t\t<\/div>\n\t\t\t\t<\/div>\n\t\t\t\t<div class=\"elementor-element elementor-element-90f028c elementor-widget elementor-widget-text-editor\" data-id=\"90f028c\" data-element_type=\"widget\" data-e-type=\"widget\" data-widget_type=\"text-editor.default\">\n\t\t\t\t<div class=\"elementor-widget-container\">\n\t\t\t\t\t\t\t\t\t<p data-start=\"74\" data-end=\"212\">Le carrelage effet pierre ardoise&nbsp;<strong data-start=\"100\" data-end=\"116\">CINAMA STONE<\/strong> en gr\u00e8s c\u00e9rame s\u2019adapte \u00e0 une pose <strong data-start=\"152\" data-end=\"172\">murale ou au sol<\/strong>, <strong data-start=\"174\" data-end=\"209\">en int\u00e9rieur comme en ext\u00e9rieur<\/strong>.<\/p>\n<p data-start=\"214\" data-end=\"417\">D\u00e9clin\u00e9 en <strong data-start=\"225\" data-end=\"252\">6 coloris effet ardoise<\/strong> \u2013 du super blanc \u00e0 l\u2019anthracite \u2013 il propose <strong data-start=\"298\" data-end=\"316\">deux finitions<\/strong> pour une continuit\u00e9 parfaite entre les espaces : <strong data-start=\"366\" data-end=\"381\">Naturel R10<\/strong> et <strong data-start=\"385\" data-end=\"414\">Technica antid\u00e9rapant R11<\/strong>.<\/p>\n<p data-start=\"419\" data-end=\"664\">Sa large gamme de <strong data-start=\"437\" data-end=\"461\">formats et mosa\u00efques<\/strong> permet de s&rsquo;int\u00e9grer \u00e0 tous les projets d\u2019am\u00e9nagement : <strong data-start=\"518\" data-end=\"584\">10&#215;30, 30&#215;60, 60&#215;60, 60&#215;120, 45&#215;90, 90&#215;90, 100&#215;100, 120&#215;120 cm<\/strong>, jusqu\u2019au <strong data-start=\"595\" data-end=\"622\">grand format 120&#215;278 cm<\/strong> en fine \u00e9paisseur <strong data-start=\"641\" data-end=\"661\">6,5 mm renforc\u00e9e<\/strong>.<\/p>\n<p data-start=\"666\" data-end=\"908\">L\u2019effet ardoise <strong data-start=\"682\" data-end=\"698\">CINAMA STONE<\/strong> est \u00e9galement propos\u00e9 en dalles antid\u00e9rapantes <strong data-start=\"746\" data-end=\"755\">20 mm<\/strong> pour l&rsquo;ext\u00e9rieur, id\u00e9ales pour une <strong data-start=\"791\" data-end=\"805\">pose \u00e0 sec<\/strong> (sur sable, herbe ou gravier), <strong data-start=\"837\" data-end=\"850\">sur plots<\/strong> ou <strong data-start=\"854\" data-end=\"864\">coll\u00e9e<\/strong> sur chape b\u00e9ton, en <strong data-start=\"885\" data-end=\"907\">60&#215;60 et 60&#215;120 cm<\/strong>.<\/p>\t\t\t\t\t\t\t\t<\/div>\n\t\t\t\t<\/div>\n\t\t\t\t<div class=\"elementor-element elementor-element-c2430d9 elementor-mobile-align-center elementor-align-left elementor-widget elementor-widget-button\" data-id=\"c2430d9\" data-element_type=\"widget\" data-e-type=\"widget\" data-widget_type=\"button.default\">\n\t\t\t\t<div class=\"elementor-widget-container\">\n\t\t\t\t\t\t\t\t\t<div class=\"elementor-button-wrapper\">\n\t\t\t\t\t<a class=\"elementor-button elementor-button-link elementor-size-sm\" href=\"https:\/\/www.portovenere.fr\/fr-fr\/carrelage-sol-et-mur-en-gres-cerame-et-faience\/carrelage-aspect-pierre\/carrelage-aspect-pierre-ardoise-cinama-stone\/\">\n\t\t\t\t\t\t<span class=\"elementor-button-content-wrapper\">\n\t\t\t\t\t\t\t\t\t<span class=\"elementor-button-text\">Voir la collection<\/span>\n\t\t\t\t\t<\/span>\n\t\t\t\t\t<\/a>\n\t\t\t\t<\/div>\n\t\t\t\t\t\t\t\t<\/div>\n\t\t\t\t<\/div>\n\t\t\t\t\t<\/div>\n\t\t<\/div>\n\t\t\t\t<div class=\"elementor-column elementor-col-33 elementor-top-column elementor-element elementor-element-44a4673a\" data-id=\"44a4673a\" data-element_type=\"column\" data-e-type=\"column\" data-settings=\"{&quot;background_background&quot;:&quot;classic&quot;}\">\n\t\t\t<div class=\"elementor-widget-wrap elementor-element-populated\">\n\t\t\t\t\t\t<div class=\"elementor-element elementor-element-3ad4b159 elementor-widget elementor-widget-image\" data-id=\"3ad4b159\" data-element_type=\"widget\" data-e-type=\"widget\" data-widget_type=\"image.default\">\n\t\t\t\t<div class=\"elementor-widget-container\">\n\t\t\t\t\t\t\t\t\t\t\t\t\t\t\t\t<a href=\"https:\/\/www.portovenere.fr\/fr-fr\/carrelage-sol-et-mur-en-gres-cerame-et-faience\/carrelage-aspect-pierre\/carrelage-pierre-brute-tachee-contemporaine-carrieres\/\">\n\t\t\t\t\t\t\t<img loading=\"lazy\" decoding=\"async\" width=\"800\" height=\"534\" src=\"https:\/\/www.portovenere.fr\/fr-fr\/wp-content\/uploads\/2019\/09\/Carrelage_Pierre_Carrieres_Grey-80x80-1024x683.jpg\" class=\"attachment-large size-large wp-image-13592\" alt=\"\" srcset=\"https:\/\/www.portovenere.fr\/fr-fr\/wp-content\/uploads\/2019\/09\/Carrelage_Pierre_Carrieres_Grey-80x80-1024x683.jpg 1024w, https:\/\/www.portovenere.fr\/fr-fr\/wp-content\/uploads\/2019\/09\/Carrelage_Pierre_Carrieres_Grey-80x80-300x200.jpg 300w, https:\/\/www.portovenere.fr\/fr-fr\/wp-content\/uploads\/2019\/09\/Carrelage_Pierre_Carrieres_Grey-80x80-768x512.jpg 768w, https:\/\/www.portovenere.fr\/fr-fr\/wp-content\/uploads\/2019\/09\/Carrelage_Pierre_Carrieres_Grey-80x80.jpg 1500w\" sizes=\"(max-width: 800px) 100vw, 800px\" \/>\t\t\t\t\t\t\t\t<\/a>\n\t\t\t\t\t\t\t\t\t\t\t\t\t\t\t<\/div>\n\t\t\t\t<\/div>\n\t\t\t\t<div class=\"elementor-element elementor-element-7d78b4da elementor-widget elementor-widget-heading\" data-id=\"7d78b4da\" data-element_type=\"widget\" data-e-type=\"widget\" data-widget_type=\"heading.default\">\n\t\t\t\t<div class=\"elementor-widget-container\">\n\t\t\t\t\t<h3 class=\"elementor-heading-title elementor-size-default\"><a href=\"https:\/\/www.portovenere.fr\/fr-fr\/carrelage-sol-et-mur-en-gres-cerame-et-faience\/carrelage-aspect-pierre\/carrelage-pierre-brute-tachee-contemporaine-carrieres\/\">CARRI\u00c8RES 6mm | 4 coloris<\/a><\/h3>\t\t\t\t<\/div>\n\t\t\t\t<\/div>\n\t\t\t\t<div class=\"elementor-element elementor-element-7b8315b elementor-widget__width-initial elementor-widget elementor-widget-gallery\" data-id=\"7b8315b\" data-element_type=\"widget\" data-e-type=\"widget\" data-settings=\"{&quot;gap&quot;:{&quot;unit&quot;:&quot;px&quot;,&quot;size&quot;:3,&quot;sizes&quot;:[]},&quot;columns_mobile&quot;:3,&quot;gap_mobile&quot;:{&quot;unit&quot;:&quot;px&quot;,&quot;size&quot;:6,&quot;sizes&quot;:[]},&quot;columns&quot;:5,&quot;columns_tablet&quot;:3,&quot;gap_tablet&quot;:{&quot;unit&quot;:&quot;px&quot;,&quot;size&quot;:5,&quot;sizes&quot;:[]},&quot;lazyload&quot;:&quot;yes&quot;,&quot;gallery_layout&quot;:&quot;grid&quot;,&quot;aspect_ratio&quot;:&quot;3:2&quot;,&quot;overlay_background&quot;:&quot;yes&quot;,&quot;content_hover_animation&quot;:&quot;fade-in&quot;}\" data-widget_type=\"gallery.default\">\n\t\t\t\t<div class=\"elementor-widget-container\">\n\t\t\t\t\t\t\t<div class=\"elementor-gallery__container\">\n\t\t\t\t\t\t\t<div class=\"e-gallery-item elementor-gallery-item elementor-animated-content\">\n\t\t\t\t\t<div class=\"e-gallery-image elementor-gallery-item__image\" data-thumbnail=\"https:\/\/www.portovenere.fr\/fr-fr\/wp-content\/uploads\/2019\/09\/Carrieres_Blanc-150x150.jpg\" data-width=\"150\" data-height=\"150\" aria-label=\"\" role=\"img\" ><\/div>\n\t\t\t\t\t\t\t\t\t\t\t<div class=\"elementor-gallery-item__overlay\"><\/div>\n\t\t\t\t\t\t\t\t\t\t\t\t\t\t<\/div>\n\t\t\t\t\t\t\t<div class=\"e-gallery-item elementor-gallery-item elementor-animated-content\">\n\t\t\t\t\t<div class=\"e-gallery-image elementor-gallery-item__image\" data-thumbnail=\"https:\/\/www.portovenere.fr\/fr-fr\/wp-content\/uploads\/2019\/09\/Carrieres_Mud-150x150.jpg\" data-width=\"150\" data-height=\"150\" aria-label=\"\" role=\"img\" ><\/div>\n\t\t\t\t\t\t\t\t\t\t\t<div class=\"elementor-gallery-item__overlay\"><\/div>\n\t\t\t\t\t\t\t\t\t\t\t\t\t\t<\/div>\n\t\t\t\t\t\t\t<div class=\"e-gallery-item elementor-gallery-item elementor-animated-content\">\n\t\t\t\t\t<div class=\"e-gallery-image elementor-gallery-item__image\" data-thumbnail=\"https:\/\/www.portovenere.fr\/fr-fr\/wp-content\/uploads\/2019\/09\/Carrieres_Ecru-150x150.jpg\" data-width=\"150\" data-height=\"150\" aria-label=\"\" role=\"img\" ><\/div>\n\t\t\t\t\t\t\t\t\t\t\t<div class=\"elementor-gallery-item__overlay\"><\/div>\n\t\t\t\t\t\t\t\t\t\t\t\t\t\t<\/div>\n\t\t\t\t\t\t\t<div class=\"e-gallery-item elementor-gallery-item elementor-animated-content\">\n\t\t\t\t\t<div class=\"e-gallery-image elementor-gallery-item__image\" data-thumbnail=\"https:\/\/www.portovenere.fr\/fr-fr\/wp-content\/uploads\/2019\/09\/Carrieres_Grey-150x150.jpg\" data-width=\"150\" data-height=\"150\" aria-label=\"\" role=\"img\" ><\/div>\n\t\t\t\t\t\t\t\t\t\t\t<div class=\"elementor-gallery-item__overlay\"><\/div>\n\t\t\t\t\t\t\t\t\t\t\t\t\t\t<\/div>\n\t\t\t\t\t<\/div>\n\t\t\t\t\t<\/div>\n\t\t\t\t<\/div>\n\t\t\t\t<div class=\"elementor-element elementor-element-7800f335 elementor-widget elementor-widget-text-editor\" data-id=\"7800f335\" data-element_type=\"widget\" data-e-type=\"widget\" data-widget_type=\"text-editor.default\">\n\t\t\t\t<div class=\"elementor-widget-container\">\n\t\t\t\t\t\t\t\t\tCarrelage sol et mur aspect pierre naturelle brute et tr\u00e8s nuanc\u00e9e, pr\u00e9sentant des t\u00e2ches caract\u00e9ristiques, en gr\u00e8s c\u00e9rame color\u00e9 dans la masse. Disponible en finition Antique bords vieillis, Smooth adouci\u00a0(l\u00e9g\u00e8rement satin\u00e9) et structur\u00e9e antid\u00e9rapante R11. Disponible en 4 coloris : Blanc, Ecru, Grey (Gris) et Mud (Boue). De nombreux d\u00e9cors et mosa\u00efques compl\u00e8tes cette collection.\t\t\t\t\t\t\t\t<\/div>\n\t\t\t\t<\/div>\n\t\t\t\t<div class=\"elementor-element elementor-element-7c85216a elementor-mobile-align-center elementor-align-left elementor-widget elementor-widget-button\" data-id=\"7c85216a\" data-element_type=\"widget\" data-e-type=\"widget\" data-widget_type=\"button.default\">\n\t\t\t\t<div class=\"elementor-widget-container\">\n\t\t\t\t\t\t\t\t\t<div class=\"elementor-button-wrapper\">\n\t\t\t\t\t<a class=\"elementor-button elementor-button-link elementor-size-sm\" href=\"https:\/\/www.portovenere.fr\/fr-fr\/carrelage-sol-et-mur-en-gres-cerame-et-faience\/carrelage-aspect-pierre\/carrelage-pierre-brute-tachee-contemporaine-carrieres\/\">\n\t\t\t\t\t\t<span class=\"elementor-button-content-wrapper\">\n\t\t\t\t\t\t\t\t\t<span class=\"elementor-button-text\">Voir la collection<\/span>\n\t\t\t\t\t<\/span>\n\t\t\t\t\t<\/a>\n\t\t\t\t<\/div>\n\t\t\t\t\t\t\t\t<\/div>\n\t\t\t\t<\/div>\n\t\t\t\t\t<\/div>\n\t\t<\/div>\n\t\t\t\t<div class=\"elementor-column elementor-col-33 elementor-top-column elementor-element elementor-element-12d7fccb\" data-id=\"12d7fccb\" data-element_type=\"column\" data-e-type=\"column\" data-settings=\"{&quot;background_background&quot;:&quot;classic&quot;}\">\n\t\t\t<div class=\"elementor-widget-wrap elementor-element-populated\">\n\t\t\t\t\t\t<div class=\"elementor-element elementor-element-1e17d9a1 elementor-widget elementor-widget-image\" data-id=\"1e17d9a1\" data-element_type=\"widget\" data-e-type=\"widget\" data-widget_type=\"image.default\">\n\t\t\t\t<div class=\"elementor-widget-container\">\n\t\t\t\t\t\t\t\t\t\t\t\t\t\t\t\t<a href=\"https:\/\/www.portovenere.fr\/fr-fr\/carrelage-sol-et-mur-en-gres-cerame-et-faience\/carrelage-aspect-metal\/carrelage-sol-et-mur-effet-metal-en-gres-cerame-metallic\/\">\n\t\t\t\t\t\t\t<img loading=\"lazy\" decoding=\"async\" width=\"800\" height=\"534\" src=\"https:\/\/www.portovenere.fr\/fr-fr\/wp-content\/uploads\/2019\/10\/Carrelage-effet-m\u00e9tal-Metalic-Iron-format-XXL-160x320-Zone-commerciale-1024x683.jpg\" class=\"attachment-large size-large wp-image-15286\" alt=\"\" srcset=\"https:\/\/www.portovenere.fr\/fr-fr\/wp-content\/uploads\/2019\/10\/Carrelage-effet-m\u00e9tal-Metalic-Iron-format-XXL-160x320-Zone-commerciale-1024x683.jpg 1024w, https:\/\/www.portovenere.fr\/fr-fr\/wp-content\/uploads\/2019\/10\/Carrelage-effet-m\u00e9tal-Metalic-Iron-format-XXL-160x320-Zone-commerciale-300x200.jpg 300w, https:\/\/www.portovenere.fr\/fr-fr\/wp-content\/uploads\/2019\/10\/Carrelage-effet-m\u00e9tal-Metalic-Iron-format-XXL-160x320-Zone-commerciale-768x512.jpg 768w, https:\/\/www.portovenere.fr\/fr-fr\/wp-content\/uploads\/2019\/10\/Carrelage-effet-m\u00e9tal-Metalic-Iron-format-XXL-160x320-Zone-commerciale.jpg 1500w\" sizes=\"(max-width: 800px) 100vw, 800px\" \/>\t\t\t\t\t\t\t\t<\/a>\n\t\t\t\t\t\t\t\t\t\t\t\t\t\t\t<\/div>\n\t\t\t\t<\/div>\n\t\t\t\t<div class=\"elementor-element elementor-element-70abbd8b elementor-widget elementor-widget-heading\" data-id=\"70abbd8b\" data-element_type=\"widget\" data-e-type=\"widget\" data-widget_type=\"heading.default\">\n\t\t\t\t<div class=\"elementor-widget-container\">\n\t\t\t\t\t<h3 class=\"elementor-heading-title elementor-size-default\"><a href=\"https:\/\/www.portovenere.fr\/fr-fr\/carrelage-sol-et-mur-en-gres-cerame-et-faience\/carrelage-aspect-metal\/carrelage-sol-et-mur-effet-metal-en-gres-cerame-metallic\/\">METALLIC 6mm | 4 coloris<\/a><\/h3>\t\t\t\t<\/div>\n\t\t\t\t<\/div>\n\t\t\t\t<div class=\"elementor-element elementor-element-e349c09 elementor-widget__width-initial elementor-widget elementor-widget-gallery\" data-id=\"e349c09\" data-element_type=\"widget\" data-e-type=\"widget\" data-settings=\"{&quot;gap&quot;:{&quot;unit&quot;:&quot;px&quot;,&quot;size&quot;:3,&quot;sizes&quot;:[]},&quot;columns_mobile&quot;:3,&quot;gap_mobile&quot;:{&quot;unit&quot;:&quot;px&quot;,&quot;size&quot;:6,&quot;sizes&quot;:[]},&quot;columns&quot;:5,&quot;columns_tablet&quot;:3,&quot;gap_tablet&quot;:{&quot;unit&quot;:&quot;px&quot;,&quot;size&quot;:5,&quot;sizes&quot;:[]},&quot;lazyload&quot;:&quot;yes&quot;,&quot;gallery_layout&quot;:&quot;grid&quot;,&quot;aspect_ratio&quot;:&quot;3:2&quot;,&quot;overlay_background&quot;:&quot;yes&quot;,&quot;content_hover_animation&quot;:&quot;fade-in&quot;}\" data-widget_type=\"gallery.default\">\n\t\t\t\t<div class=\"elementor-widget-container\">\n\t\t\t\t\t\t\t<div class=\"elementor-gallery__container\">\n\t\t\t\t\t\t\t<div class=\"e-gallery-item elementor-gallery-item elementor-animated-content\">\n\t\t\t\t\t<div class=\"e-gallery-image elementor-gallery-item__image\" data-thumbnail=\"https:\/\/www.portovenere.fr\/fr-fr\/wp-content\/uploads\/2019\/10\/Metalic-Corten-150x150.jpg\" data-width=\"150\" data-height=\"150\" aria-label=\"\" role=\"img\" ><\/div>\n\t\t\t\t\t\t\t\t\t\t\t<div class=\"elementor-gallery-item__overlay\"><\/div>\n\t\t\t\t\t\t\t\t\t\t\t\t\t\t<\/div>\n\t\t\t\t\t\t\t<div class=\"e-gallery-item elementor-gallery-item elementor-animated-content\">\n\t\t\t\t\t<div class=\"e-gallery-image elementor-gallery-item__image\" data-thumbnail=\"https:\/\/www.portovenere.fr\/fr-fr\/wp-content\/uploads\/2019\/10\/Metalic-Zinc-150x150.jpg\" data-width=\"150\" data-height=\"150\" aria-label=\"\" role=\"img\" ><\/div>\n\t\t\t\t\t\t\t\t\t\t\t<div class=\"elementor-gallery-item__overlay\"><\/div>\n\t\t\t\t\t\t\t\t\t\t\t\t\t\t<\/div>\n\t\t\t\t\t\t\t<div class=\"e-gallery-item elementor-gallery-item elementor-animated-content\">\n\t\t\t\t\t<div class=\"e-gallery-image elementor-gallery-item__image\" data-thumbnail=\"https:\/\/www.portovenere.fr\/fr-fr\/wp-content\/uploads\/2019\/10\/Metalic-Plate-150x150.jpg\" data-width=\"150\" data-height=\"150\" aria-label=\"\" role=\"img\" ><\/div>\n\t\t\t\t\t\t\t\t\t\t\t<div class=\"elementor-gallery-item__overlay\"><\/div>\n\t\t\t\t\t\t\t\t\t\t\t\t\t\t<\/div>\n\t\t\t\t\t\t\t<div class=\"e-gallery-item elementor-gallery-item elementor-animated-content\">\n\t\t\t\t\t<div class=\"e-gallery-image elementor-gallery-item__image\" data-thumbnail=\"https:\/\/www.portovenere.fr\/fr-fr\/wp-content\/uploads\/2019\/10\/Metalic-Iron-150x150.jpg\" data-width=\"150\" data-height=\"150\" aria-label=\"\" role=\"img\" ><\/div>\n\t\t\t\t\t\t\t\t\t\t\t<div class=\"elementor-gallery-item__overlay\"><\/div>\n\t\t\t\t\t\t\t\t\t\t\t\t\t\t<\/div>\n\t\t\t\t\t<\/div>\n\t\t\t\t\t<\/div>\n\t\t\t\t<\/div>\n\t\t\t\t<div class=\"elementor-element elementor-element-b7e14f3 elementor-widget elementor-widget-text-editor\" data-id=\"b7e14f3\" data-element_type=\"widget\" data-e-type=\"widget\" data-widget_type=\"text-editor.default\">\n\t\t\t\t<div class=\"elementor-widget-container\">\n\t\t\t\t\t\t\t\t\t<p>Carrelage en gr\u00e8s c\u00e9rame aspect m\u00e9tal disponible en finition naturelle, finition travaill\u00e9e (Melt) et finition antid\u00e9rapante en 20mm d&rsquo;\u00e9paisseur pour les espaces ext\u00e9rieurs.<\/p><p>La grande r\u00e9sistance au trafic, les nombreux formats dont le M\u00e9ga format XXL de 160x320cm et les 4 coloris (anthracite, m\u00e9tal oxyd\u00e9 rouill\u00e9, gris moyen et beige sable) offrent de tr\u00e8s belles possibilit\u00e9s pour l&rsquo;\u00e9laboration de vos projets d&rsquo;architecture (fa\u00e7ade d&rsquo;immeuble, sol de centre commercial, boutique, h\u00f4tel, villa&#8230;).<\/p>\t\t\t\t\t\t\t\t<\/div>\n\t\t\t\t<\/div>\n\t\t\t\t<div class=\"elementor-element elementor-element-9f4fbcc elementor-mobile-align-center elementor-align-left elementor-widget elementor-widget-button\" data-id=\"9f4fbcc\" data-element_type=\"widget\" data-e-type=\"widget\" data-widget_type=\"button.default\">\n\t\t\t\t<div class=\"elementor-widget-container\">\n\t\t\t\t\t\t\t\t\t<div class=\"elementor-button-wrapper\">\n\t\t\t\t\t<a class=\"elementor-button elementor-button-link elementor-size-sm\" href=\"https:\/\/www.portovenere.fr\/fr-fr\/carrelage-sol-et-mur-en-gres-cerame-et-faience\/carrelage-aspect-metal\/carrelage-sol-et-mur-effet-metal-en-gres-cerame-metallic\/\">\n\t\t\t\t\t\t<span class=\"elementor-button-content-wrapper\">\n\t\t\t\t\t\t\t\t\t<span class=\"elementor-button-text\">Voir la collection<\/span>\n\t\t\t\t\t<\/span>\n\t\t\t\t\t<\/a>\n\t\t\t\t<\/div>\n\t\t\t\t\t\t\t\t<\/div>\n\t\t\t\t<\/div>\n\t\t\t\t\t<\/div>\n\t\t<\/div>\n\t\t\t\t\t<\/div>\n\t\t<\/section>\n\t\t\t\t<section class=\"elementor-section elementor-top-section elementor-element elementor-element-a3ace26 elementor-section-full_width elementor-section-height-default elementor-section-height-default elementor-invisible\" data-id=\"a3ace26\" data-element_type=\"section\" data-e-type=\"section\" data-settings=\"{&quot;background_background&quot;:&quot;classic&quot;,&quot;animation&quot;:&quot;fadeIn&quot;}\">\n\t\t\t\t\t\t<div class=\"elementor-container elementor-column-gap-default\">\n\t\t\t\t\t<div class=\"elementor-column elementor-col-33 elementor-top-column elementor-element elementor-element-d995340 elementor-invisible\" data-id=\"d995340\" data-element_type=\"column\" data-e-type=\"column\" data-settings=\"{&quot;animation&quot;:&quot;fadeIn&quot;,&quot;background_background&quot;:&quot;classic&quot;}\">\n\t\t\t<div class=\"elementor-widget-wrap elementor-element-populated\">\n\t\t\t\t\t\t<div class=\"elementor-element elementor-element-b1eddda elementor-widget elementor-widget-image\" data-id=\"b1eddda\" data-element_type=\"widget\" data-e-type=\"widget\" data-widget_type=\"image.default\">\n\t\t\t\t<div class=\"elementor-widget-container\">\n\t\t\t\t\t\t\t\t\t\t\t\t\t\t\t\t<a href=\"https:\/\/www.portovenere.fr\/fr-fr\/carrelage-sol-et-mur-en-gres-cerame-et-faience\/carrelage-aspect-marbre\/carrelage-terrazzo-sol-et-mur-pour-interieur-et-exterieur\/\">\n\t\t\t\t\t\t\t<img decoding=\"async\" src=\"https:\/\/www.portovenere.fr\/fr-fr\/wp-content\/uploads\/elementor\/thumbs\/Carrelage-terrazzo-granito-en-gres-cerame-XXL-120x278-cm-SERIE-RR-coloris-02-pose-murale-a-Montpellier-34-r8if18i11f8j5urzxqe4ng3qrn7zrojaunvnw8elq4.jpg\" title=\"Carrelage-terrazzo-granito-en-gr\u00e8s-c\u00e9rame-XXL-120&#215;278-cm-SERIE-RR-coloris-02-pose-murale-\u00e0-Montpellier-34\" alt=\"Carrelage-terrazzo-granito-en-gr\u00e8s-c\u00e9rame-XXL-120x278-cm-SERIE-RR-coloris-02-pose-murale-\u00e0-Montpellier-34\" loading=\"lazy\" \/>\t\t\t\t\t\t\t\t<\/a>\n\t\t\t\t\t\t\t\t\t\t\t\t\t\t\t<\/div>\n\t\t\t\t<\/div>\n\t\t\t\t<section class=\"elementor-section elementor-inner-section elementor-element elementor-element-0d06d8c elementor-section-boxed elementor-section-height-default elementor-section-height-default elementor-invisible\" data-id=\"0d06d8c\" data-element_type=\"section\" data-e-type=\"section\" data-settings=\"{&quot;background_background&quot;:&quot;classic&quot;,&quot;animation&quot;:&quot;fadeIn&quot;}\">\n\t\t\t\t\t\t<div class=\"elementor-container elementor-column-gap-default\">\n\t\t\t\t\t<div class=\"elementor-column elementor-col-100 elementor-inner-column elementor-element elementor-element-7efc638\" data-id=\"7efc638\" data-element_type=\"column\" data-e-type=\"column\">\n\t\t\t<div class=\"elementor-widget-wrap elementor-element-populated\">\n\t\t\t\t\t\t<div class=\"elementor-element elementor-element-68dd583 elementor-widget elementor-widget-heading\" data-id=\"68dd583\" data-element_type=\"widget\" data-e-type=\"widget\" data-widget_type=\"heading.default\">\n\t\t\t\t<div class=\"elementor-widget-container\">\n\t\t\t\t\t<h3 class=\"elementor-heading-title elementor-size-default\"><a href=\"https:\/\/www.portovenere.fr\/fr-fr\/carrelage-sol-et-mur-en-gres-cerame-et-faience\/carrelage-aspect-marbre\/carrelage-terrazzo-sol-et-mur-pour-interieur-et-exterieur\/\">S\u00c9RIE RR 6mm | 5 coloris<\/a><\/h3>\t\t\t\t<\/div>\n\t\t\t\t<\/div>\n\t\t\t\t<div class=\"elementor-element elementor-element-d405978 elementor-widget__width-initial elementor-widget elementor-widget-gallery\" data-id=\"d405978\" data-element_type=\"widget\" data-e-type=\"widget\" data-settings=\"{&quot;gap&quot;:{&quot;unit&quot;:&quot;px&quot;,&quot;size&quot;:3,&quot;sizes&quot;:[]},&quot;columns_mobile&quot;:3,&quot;gap_mobile&quot;:{&quot;unit&quot;:&quot;px&quot;,&quot;size&quot;:6,&quot;sizes&quot;:[]},&quot;columns&quot;:5,&quot;columns_tablet&quot;:3,&quot;gap_tablet&quot;:{&quot;unit&quot;:&quot;px&quot;,&quot;size&quot;:5,&quot;sizes&quot;:[]},&quot;lazyload&quot;:&quot;yes&quot;,&quot;gallery_layout&quot;:&quot;grid&quot;,&quot;aspect_ratio&quot;:&quot;3:2&quot;,&quot;overlay_background&quot;:&quot;yes&quot;,&quot;content_hover_animation&quot;:&quot;fade-in&quot;}\" data-widget_type=\"gallery.default\">\n\t\t\t\t<div class=\"elementor-widget-container\">\n\t\t\t\t\t\t\t<div class=\"elementor-gallery__container\">\n\t\t\t\t\t\t\t<div class=\"e-gallery-item elementor-gallery-item elementor-animated-content\">\n\t\t\t\t\t<div class=\"e-gallery-image elementor-gallery-item__image\" data-thumbnail=\"https:\/\/www.portovenere.fr\/fr-fr\/wp-content\/uploads\/2024\/03\/Magasin-carrelage-terrazzo-granito-en-gres-cerame-SERIE-RR-coloris-09-sol-et-mur-interieur-exterieur-proche-lattes-34-150x150.jpg\" data-width=\"150\" data-height=\"150\" aria-label=\"\" role=\"img\" ><\/div>\n\t\t\t\t\t\t\t\t\t\t\t<div class=\"elementor-gallery-item__overlay\"><\/div>\n\t\t\t\t\t\t\t\t\t\t\t\t\t\t<\/div>\n\t\t\t\t\t\t\t<div class=\"e-gallery-item elementor-gallery-item elementor-animated-content\">\n\t\t\t\t\t<div class=\"e-gallery-image elementor-gallery-item__image\" data-thumbnail=\"https:\/\/www.portovenere.fr\/fr-fr\/wp-content\/uploads\/2024\/03\/Magasin-carrelage-terrazzo-granito-en-gres-cerame-SERIE-RR-coloris-08-sol-et-mur-interieur-exterieur-proche-sete-34-150x150.jpg\" data-width=\"150\" data-height=\"150\" aria-label=\"\" role=\"img\" ><\/div>\n\t\t\t\t\t\t\t\t\t\t\t<div class=\"elementor-gallery-item__overlay\"><\/div>\n\t\t\t\t\t\t\t\t\t\t\t\t\t\t<\/div>\n\t\t\t\t\t\t\t<div class=\"e-gallery-item elementor-gallery-item elementor-animated-content\">\n\t\t\t\t\t<div class=\"e-gallery-image elementor-gallery-item__image\" data-thumbnail=\"https:\/\/www.portovenere.fr\/fr-fr\/wp-content\/uploads\/2024\/03\/Carrelage-terrazzo-granito-en-gres-cerame-SERIE-RR-coloris-06-sol-et-mur-interieur-exterieur-proche-bouzigues-34-150x150.jpg\" data-width=\"150\" data-height=\"150\" aria-label=\"\" role=\"img\" ><\/div>\n\t\t\t\t\t\t\t\t\t\t\t<div class=\"elementor-gallery-item__overlay\"><\/div>\n\t\t\t\t\t\t\t\t\t\t\t\t\t\t<\/div>\n\t\t\t\t\t\t\t<div class=\"e-gallery-item elementor-gallery-item elementor-animated-content\">\n\t\t\t\t\t<div class=\"e-gallery-image elementor-gallery-item__image\" data-thumbnail=\"https:\/\/www.portovenere.fr\/fr-fr\/wp-content\/uploads\/2024\/03\/Carrelage-terrazzo-granito-en-gres-cerame-SERIE-RR-coloris-05-sol-et-mural-interieur-exterieur-proche-le-cres-34-150x150.jpg\" data-width=\"150\" data-height=\"150\" aria-label=\"\" role=\"img\" ><\/div>\n\t\t\t\t\t\t\t\t\t\t\t<div class=\"elementor-gallery-item__overlay\"><\/div>\n\t\t\t\t\t\t\t\t\t\t\t\t\t\t<\/div>\n\t\t\t\t\t\t\t<div class=\"e-gallery-item elementor-gallery-item elementor-animated-content\">\n\t\t\t\t\t<div class=\"e-gallery-image elementor-gallery-item__image\" data-thumbnail=\"https:\/\/www.portovenere.fr\/fr-fr\/wp-content\/uploads\/2024\/03\/Carrelage-terrazzo-granito-en-gres-cerame-SERIE-RR-coloris-02-nombreux-formats-proche-avigon-84-150x150.jpg\" data-width=\"150\" data-height=\"150\" aria-label=\"\" role=\"img\" ><\/div>\n\t\t\t\t\t\t\t\t\t\t\t<div class=\"elementor-gallery-item__overlay\"><\/div>\n\t\t\t\t\t\t\t\t\t\t\t\t\t\t<\/div>\n\t\t\t\t\t<\/div>\n\t\t\t\t\t<\/div>\n\t\t\t\t<\/div>\n\t\t\t\t<div class=\"elementor-element elementor-element-422dff9 elementor-widget elementor-widget-text-editor\" data-id=\"422dff9\" data-element_type=\"widget\" data-e-type=\"widget\" data-widget_type=\"text-editor.default\">\n\t\t\t\t<div class=\"elementor-widget-container\">\n\t\t\t\t\t\t\t\t\t<p>Ce carrelage esprit marbre fine \u00e9paisseur offre l&rsquo;incarnation m\u00eame de la puret\u00e9 avec ses deux teintes oppos\u00e9es : le blanc et le noir.&nbsp;<\/p>\n<p><span style=\"color: var( --e-global-color-text ); font-weight: var( --e-global-typography-text-font-weight );\">Sublimez vos espaces de vie avec le&nbsp;<\/span><b style=\"color: var( --e-global-color-text );\">carrelage gr\u00e8s c\u00e9rame<\/b><span style=\"color: var( --e-global-color-text ); font-weight: var( --e-global-typography-text-font-weight );\">&nbsp;effet marbre noir blanc fin Noblaska, qui propose une palette de <\/span><span style=\"color: var( --e-global-color-text );\"><b>4<\/b><\/span><b style=\"color: var( --e-global-color-text );\">&nbsp;finitions de carreaux<\/b><span style=\"color: var( --e-global-color-text ); font-weight: var( --e-global-typography-text-font-weight );\">&nbsp;uniquement bas\u00e9s sur la puret\u00e9 du blanc et la puissance du noir.&nbsp;<\/span><\/p>\n<p><strong>8 formats<\/strong>&nbsp;disponibles :&nbsp;<strong>3<\/strong><b>0x60 cm, 60&#215;60 cm, 60&#215;120 cm<\/b>&nbsp;en 9mm d&rsquo;\u00e9paisseur&nbsp;et&nbsp;<b>maxi formats<\/b>&nbsp;<b>120&#215;120 cm,&nbsp;120&#215;240 cm,&nbsp;120&#215;280 cm, 160&#215;320 cm<\/b>&nbsp;en<b>&nbsp;fine \u00e9paisseur de 6 mm<\/b>.&nbsp;<\/p>\n<p>Les coloris propos\u00e9s en&nbsp;<b>fine \u00e9paisseur de 6 mm<\/b>, sont parfait pour un projet de r\u00e9novation mais aussi construction.&nbsp;<\/p>\n<p>Cette collection de carrelage&nbsp;<strong>gr\u00e8s c\u00e9rame 1er choix<\/strong>&nbsp;imitation marbre propose \u00e9galement des&nbsp;<strong>mosa\u00efques, d\u00e9cors muraux, plinthes et marches<\/strong>.&nbsp;<\/p>\t\t\t\t\t\t\t\t<\/div>\n\t\t\t\t<\/div>\n\t\t\t\t<div class=\"elementor-element elementor-element-577f941 elementor-mobile-align-center elementor-widget elementor-widget-button\" data-id=\"577f941\" data-element_type=\"widget\" data-e-type=\"widget\" data-widget_type=\"button.default\">\n\t\t\t\t<div class=\"elementor-widget-container\">\n\t\t\t\t\t\t\t\t\t<div class=\"elementor-button-wrapper\">\n\t\t\t\t\t<a class=\"elementor-button elementor-button-link elementor-size-sm\" href=\"https:\/\/www.portovenere.fr\/fr-fr\/carrelage-sol-et-mur-en-gres-cerame-et-faience\/carrelage-aspect-marbre\/carrelage-terrazzo-sol-et-mur-pour-interieur-et-exterieur\/\">\n\t\t\t\t\t\t<span class=\"elementor-button-content-wrapper\">\n\t\t\t\t\t\t\t\t\t<span class=\"elementor-button-text\">Voir la collection<\/span>\n\t\t\t\t\t<\/span>\n\t\t\t\t\t<\/a>\n\t\t\t\t<\/div>\n\t\t\t\t\t\t\t\t<\/div>\n\t\t\t\t<\/div>\n\t\t\t\t\t<\/div>\n\t\t<\/div>\n\t\t\t\t\t<\/div>\n\t\t<\/section>\n\t\t\t\t\t<\/div>\n\t\t<\/div>\n\t\t\t\t<div class=\"elementor-column elementor-col-33 elementor-top-column elementor-element elementor-element-8ff3811 elementor-invisible\" data-id=\"8ff3811\" data-element_type=\"column\" data-e-type=\"column\" data-settings=\"{&quot;animation&quot;:&quot;fadeIn&quot;,&quot;background_background&quot;:&quot;classic&quot;}\">\n\t\t\t<div class=\"elementor-widget-wrap elementor-element-populated\">\n\t\t\t\t\t\t<section class=\"elementor-section elementor-inner-section elementor-element elementor-element-560ce40 elementor-section-boxed elementor-section-height-default elementor-section-height-default elementor-invisible\" data-id=\"560ce40\" data-element_type=\"section\" data-e-type=\"section\" data-settings=\"{&quot;background_background&quot;:&quot;classic&quot;,&quot;animation&quot;:&quot;fadeIn&quot;}\">\n\t\t\t\t\t\t<div class=\"elementor-container elementor-column-gap-default\">\n\t\t\t\t\t<div class=\"elementor-column elementor-col-100 elementor-inner-column elementor-element elementor-element-c671123\" data-id=\"c671123\" data-element_type=\"column\" data-e-type=\"column\">\n\t\t\t<div class=\"elementor-widget-wrap elementor-element-populated\">\n\t\t\t\t\t\t<div class=\"elementor-element elementor-element-5a3e619 elementor-widget elementor-widget-image\" data-id=\"5a3e619\" data-element_type=\"widget\" data-e-type=\"widget\" data-widget_type=\"image.default\">\n\t\t\t\t<div class=\"elementor-widget-container\">\n\t\t\t\t\t\t\t\t\t\t\t\t\t\t\t\t<a href=\"https:\/\/www.portovenere.fr\/fr-fr\/carrelage-sol-et-mur-en-gres-cerame-et-faience\/carrelage-extra-fin-special-renovation\/carrelage-design-aspect-metallise-vicolo\/\">\n\t\t\t\t\t\t\t<img decoding=\"async\" src=\"https:\/\/www.portovenere.fr\/fr-fr\/wp-content\/uploads\/elementor\/thumbs\/decor-mural-et-mosaique-effet-industriel-moderne-restaurant-multicolor-vicolo-a-annecy-haute-savoie-74-r8ieiry4tjyt5jlaq94w6lsus87hlo92nandllrxx8.jpg\" title=\"decor-mural-et-mosaique-effet-industriel-moderne-restaurant-multicolor-vicolo-a-annecy-haute-savoie-74\" alt=\"Carrelage design aspect m\u00e9tallis\u00e9 VICOLO\" loading=\"lazy\" \/>\t\t\t\t\t\t\t\t<\/a>\n\t\t\t\t\t\t\t\t\t\t\t\t\t\t\t<\/div>\n\t\t\t\t<\/div>\n\t\t\t\t<div class=\"elementor-element elementor-element-2938936 elementor-widget elementor-widget-heading\" data-id=\"2938936\" data-element_type=\"widget\" data-e-type=\"widget\" data-widget_type=\"heading.default\">\n\t\t\t\t<div class=\"elementor-widget-container\">\n\t\t\t\t\t<h3 class=\"elementor-heading-title elementor-size-default\"><a href=\"https:\/\/www.portovenere.fr\/fr-fr\/carrelage-sol-et-mur-en-gres-cerame-et-faience\/carrelage-extra-fin-special-renovation\/carrelage-design-aspect-metallise-vicolo\/\">VICOLO 6mm | 4 coloris &amp; d\u00e9cors graffiti<\/a><\/h3>\t\t\t\t<\/div>\n\t\t\t\t<\/div>\n\t\t\t\t<div class=\"elementor-element elementor-element-bbfbf59 elementor-widget__width-initial elementor-widget elementor-widget-gallery\" data-id=\"bbfbf59\" data-element_type=\"widget\" data-e-type=\"widget\" data-settings=\"{&quot;gap&quot;:{&quot;unit&quot;:&quot;px&quot;,&quot;size&quot;:3,&quot;sizes&quot;:[]},&quot;columns_mobile&quot;:3,&quot;gap_mobile&quot;:{&quot;unit&quot;:&quot;px&quot;,&quot;size&quot;:6,&quot;sizes&quot;:[]},&quot;columns&quot;:5,&quot;columns_tablet&quot;:3,&quot;gap_tablet&quot;:{&quot;unit&quot;:&quot;px&quot;,&quot;size&quot;:5,&quot;sizes&quot;:[]},&quot;lazyload&quot;:&quot;yes&quot;,&quot;gallery_layout&quot;:&quot;grid&quot;,&quot;aspect_ratio&quot;:&quot;3:2&quot;,&quot;overlay_background&quot;:&quot;yes&quot;,&quot;content_hover_animation&quot;:&quot;fade-in&quot;}\" data-widget_type=\"gallery.default\">\n\t\t\t\t<div class=\"elementor-widget-container\">\n\t\t\t\t\t\t\t<div class=\"elementor-gallery__container\">\n\t\t\t\t\t\t\t<div class=\"e-gallery-item elementor-gallery-item elementor-animated-content\">\n\t\t\t\t\t<div class=\"e-gallery-image elementor-gallery-item__image\" data-thumbnail=\"https:\/\/www.portovenere.fr\/fr-fr\/wp-content\/uploads\/2022\/03\/carrelage-effet-metal-vicolo-white-haut-de-gamme-a-nice-alpes-maritimes-06-150x150.jpg\" data-width=\"150\" data-height=\"150\" aria-label=\"Carrelage design aspect m\u00e9tallis\u00e9 VICOLO\" role=\"img\" ><\/div>\n\t\t\t\t\t\t\t\t\t\t\t<div class=\"elementor-gallery-item__overlay\"><\/div>\n\t\t\t\t\t\t\t\t\t\t\t\t\t\t<\/div>\n\t\t\t\t\t\t\t<div class=\"e-gallery-item elementor-gallery-item elementor-animated-content\">\n\t\t\t\t\t<div class=\"e-gallery-image elementor-gallery-item__image\" data-thumbnail=\"https:\/\/www.portovenere.fr\/fr-fr\/wp-content\/uploads\/2022\/03\/carrelage-effet-beton-vicolo-grey-haut-de-gamme-a-marseille-bouches-du-rhone-13-150x150.jpg\" data-width=\"150\" data-height=\"150\" aria-label=\"Carrelage design aspect m\u00e9tallis\u00e9 VICOLO\" role=\"img\" ><\/div>\n\t\t\t\t\t\t\t\t\t\t\t<div class=\"elementor-gallery-item__overlay\"><\/div>\n\t\t\t\t\t\t\t\t\t\t\t\t\t\t<\/div>\n\t\t\t\t\t\t\t<div class=\"e-gallery-item elementor-gallery-item elementor-animated-content\">\n\t\t\t\t\t<div class=\"e-gallery-image elementor-gallery-item__image\" data-thumbnail=\"https:\/\/www.portovenere.fr\/fr-fr\/wp-content\/uploads\/2022\/03\/carrelage-effet-beton-metalise-vicolo-multicolor-a-carnon-herault-34-150x150.jpg\" data-width=\"150\" data-height=\"150\" aria-label=\"Carrelage design aspect m\u00e9tallis\u00e9 VICOLO\" role=\"img\" ><\/div>\n\t\t\t\t\t\t\t\t\t\t\t<div class=\"elementor-gallery-item__overlay\"><\/div>\n\t\t\t\t\t\t\t\t\t\t\t\t\t\t<\/div>\n\t\t\t\t\t\t\t<div class=\"e-gallery-item elementor-gallery-item elementor-animated-content\">\n\t\t\t\t\t<div class=\"e-gallery-image elementor-gallery-item__image\" data-thumbnail=\"https:\/\/www.portovenere.fr\/fr-fr\/wp-content\/uploads\/2022\/03\/carrelage-effet-beton-vicolo-beige-grand-format-a-montpellier-herault-34-150x150.jpg\" data-width=\"150\" data-height=\"150\" aria-label=\"Carrelage design aspect m\u00e9tallis\u00e9 VICOLO\" role=\"img\" ><\/div>\n\t\t\t\t\t\t\t\t\t\t\t<div class=\"elementor-gallery-item__overlay\"><\/div>\n\t\t\t\t\t\t\t\t\t\t\t\t\t\t<\/div>\n\t\t\t\t\t<\/div>\n\t\t\t\t\t<\/div>\n\t\t\t\t<\/div>\n\t\t\t\t<div class=\"elementor-element elementor-element-950c2c0 elementor-widget elementor-widget-text-editor\" data-id=\"950c2c0\" data-element_type=\"widget\" data-e-type=\"widget\" data-widget_type=\"text-editor.default\">\n\t\t\t\t<div class=\"elementor-widget-container\">\n\t\t\t\t\t\t\t\t\t<p>Des surfaces brillantes, avec un effet de peinture, capables d\u2019interpr\u00e9ter fid\u00e8lement&nbsp;<strong>l\u2019oxydation<\/strong>&nbsp;des&nbsp;<strong>m\u00e9taux<\/strong>&nbsp;et des d\u00e9corations inspir\u00e9es des&nbsp;<strong>graffitis<\/strong>&nbsp;de la grande m\u00e9tropole font de la&nbsp;<strong>collection Vicolo<\/strong>&nbsp;un produit&nbsp;<strong>moderne<\/strong>&nbsp;id\u00e9al pour caract\u00e9riser les environnements r\u00e9sidentiels et commerciaux avec un look&nbsp;<strong>urbain<\/strong>.<\/p>\n<p>Tout cela est renforc\u00e9 par les<strong>&nbsp;grandes dalles<\/strong>&nbsp;qui assurent une polyvalence maximale dans le rev\u00eatement de sol et de rev\u00eatement de toute surface verticale avec les&nbsp;<strong>formats XXL 280\u00d7120 cm et 120\u00d7120 cm de 6 mm d\u2019\u00e9paisseur<\/strong>.<\/p>\n<p>Combin\u00e9 avec les&nbsp;<strong>d\u00e9cors&nbsp;Graffiti<\/strong>, il rendra l\u2019espace encore plus spectaculaire : id\u00e9al pour une boutique, ou un style bien particulier.<\/p>\t\t\t\t\t\t\t\t<\/div>\n\t\t\t\t<\/div>\n\t\t\t\t\t<\/div>\n\t\t<\/div>\n\t\t\t\t\t<\/div>\n\t\t<\/section>\n\t\t\t\t<div class=\"elementor-element elementor-element-38c1862 elementor-mobile-align-center elementor-widget elementor-widget-button\" data-id=\"38c1862\" data-element_type=\"widget\" data-e-type=\"widget\" data-widget_type=\"button.default\">\n\t\t\t\t<div class=\"elementor-widget-container\">\n\t\t\t\t\t\t\t\t\t<div class=\"elementor-button-wrapper\">\n\t\t\t\t\t<a class=\"elementor-button elementor-button-link elementor-size-sm\" href=\"https:\/\/www.portovenere.fr\/fr-fr\/carrelage-sol-et-mur-en-gres-cerame-et-faience\/carrelage-extra-fin-special-renovation\/carrelage-design-aspect-metallise-vicolo\/\">\n\t\t\t\t\t\t<span class=\"elementor-button-content-wrapper\">\n\t\t\t\t\t\t\t\t\t<span class=\"elementor-button-text\">VOIR LA COLLECTION<\/span>\n\t\t\t\t\t<\/span>\n\t\t\t\t\t<\/a>\n\t\t\t\t<\/div>\n\t\t\t\t\t\t\t\t<\/div>\n\t\t\t\t<\/div>\n\t\t\t\t\t<\/div>\n\t\t<\/div>\n\t\t\t\t<div class=\"elementor-column elementor-col-33 elementor-top-column elementor-element elementor-element-4f15728\" data-id=\"4f15728\" data-element_type=\"column\" data-e-type=\"column\" data-settings=\"{&quot;background_background&quot;:&quot;classic&quot;}\">\n\t\t\t<div class=\"elementor-widget-wrap elementor-element-populated\">\n\t\t\t\t\t\t<div class=\"elementor-element elementor-element-df385ad elementor-widget elementor-widget-image\" data-id=\"df385ad\" data-element_type=\"widget\" data-e-type=\"widget\" data-widget_type=\"image.default\">\n\t\t\t\t<div class=\"elementor-widget-container\">\n\t\t\t\t\t\t\t\t\t\t\t\t\t\t\t\t<a href=\"https:\/\/www.portovenere.fr\/fr-fr\/carrelage-sol-et-mur-en-gres-cerame-et-faience\/carrelage-aspect-marbre\/carrelage-marbre-noir-et-blanc-mat-ou-brillant-noblaska\/\">\n\t\t\t\t\t\t\t<img decoding=\"async\" src=\"https:\/\/www.portovenere.fr\/fr-fr\/wp-content\/uploads\/elementor\/thumbs\/Carrelage-salle-de-bain-noir-et-blanc-imitation-marbre-Noblaska-Breach-sol-et-mur-proche-de-Agde-Herault-34-r8ifa6wo5lhvs3ron3r5woquit2w3v38ezn7i54kfw.jpg\" title=\"Carrelage-salle-de-bain-noir-et-blanc-imitation-marbre-Noblaska-Breach-sol-et-mur-proche-de-Agde-H\u00e9rault-34\" alt=\"Carrelage-salle-de-bain-noir-et-blanc-imitation-marbre-Noblaska-Breach-sol-et-mur-proche-de-Agde-H\u00e9rault-34\" loading=\"lazy\" \/>\t\t\t\t\t\t\t\t<\/a>\n\t\t\t\t\t\t\t\t\t\t\t\t\t\t\t<\/div>\n\t\t\t\t<\/div>\n\t\t\t\t<div class=\"elementor-element elementor-element-0d25173 elementor-widget elementor-widget-heading\" data-id=\"0d25173\" data-element_type=\"widget\" data-e-type=\"widget\" data-widget_type=\"heading.default\">\n\t\t\t\t<div class=\"elementor-widget-container\">\n\t\t\t\t\t<h3 class=\"elementor-heading-title elementor-size-default\"><a href=\"https:\/\/www.portovenere.fr\/fr-fr\/carrelage-sol-et-mur-en-gres-cerame-et-faience\/carrelage-aspect-marbre\/carrelage-marbre-noir-et-blanc-mat-ou-brillant-noblaska\/\">NOBLASKA 6mm | 3 coloris<\/a><\/h3>\t\t\t\t<\/div>\n\t\t\t\t<\/div>\n\t\t\t\t<div class=\"elementor-element elementor-element-3c0795d elementor-widget__width-initial elementor-widget elementor-widget-gallery\" data-id=\"3c0795d\" data-element_type=\"widget\" data-e-type=\"widget\" data-settings=\"{&quot;gap&quot;:{&quot;unit&quot;:&quot;px&quot;,&quot;size&quot;:3,&quot;sizes&quot;:[]},&quot;columns_mobile&quot;:3,&quot;gap_mobile&quot;:{&quot;unit&quot;:&quot;px&quot;,&quot;size&quot;:6,&quot;sizes&quot;:[]},&quot;columns&quot;:5,&quot;columns_tablet&quot;:3,&quot;gap_tablet&quot;:{&quot;unit&quot;:&quot;px&quot;,&quot;size&quot;:5,&quot;sizes&quot;:[]},&quot;lazyload&quot;:&quot;yes&quot;,&quot;gallery_layout&quot;:&quot;grid&quot;,&quot;aspect_ratio&quot;:&quot;3:2&quot;,&quot;overlay_background&quot;:&quot;yes&quot;,&quot;content_hover_animation&quot;:&quot;fade-in&quot;}\" data-widget_type=\"gallery.default\">\n\t\t\t\t<div class=\"elementor-widget-container\">\n\t\t\t\t\t\t\t<div class=\"elementor-gallery__container\">\n\t\t\t\t\t\t\t<div class=\"e-gallery-item elementor-gallery-item elementor-animated-content\">\n\t\t\t\t\t<div class=\"e-gallery-image elementor-gallery-item__image\" data-thumbnail=\"https:\/\/www.portovenere.fr\/fr-fr\/wp-content\/uploads\/2024\/07\/Carrelage-marbre-noir-et-blanc-veine-sol-et-mur-en-gres-cerame-haut-de-gamme-Noblaska-Breach-pres-de-mauguio-34-150x150.jpg\" data-width=\"150\" data-height=\"150\" aria-label=\"\" role=\"img\" ><\/div>\n\t\t\t\t\t\t\t\t\t\t\t<div class=\"elementor-gallery-item__overlay\"><\/div>\n\t\t\t\t\t\t\t\t\t\t\t\t\t\t<\/div>\n\t\t\t\t\t\t\t<div class=\"e-gallery-item elementor-gallery-item elementor-animated-content\">\n\t\t\t\t\t<div class=\"e-gallery-image elementor-gallery-item__image\" data-thumbnail=\"https:\/\/www.portovenere.fr\/fr-fr\/wp-content\/uploads\/2024\/07\/Carrelage-marbre-noir-et-blanc-sol-et-mur-en-gres-cerame-haut-de-gamme-Noblaska-Fragment-pres-de-saint-clement-de-riviere-34-150x150.jpg\" data-width=\"150\" data-height=\"150\" aria-label=\"\" role=\"img\" ><\/div>\n\t\t\t\t\t\t\t\t\t\t\t<div class=\"elementor-gallery-item__overlay\"><\/div>\n\t\t\t\t\t\t\t\t\t\t\t\t\t\t<\/div>\n\t\t\t\t\t\t\t<div class=\"e-gallery-item elementor-gallery-item elementor-animated-content\">\n\t\t\t\t\t<div class=\"e-gallery-image elementor-gallery-item__image\" data-thumbnail=\"https:\/\/www.portovenere.fr\/fr-fr\/wp-content\/uploads\/2024\/07\/Carrelage-marbre-blanc-uni-sol-et-mur-en-gres-cerame-haut-de-gamme-Noblaska-Wave-pres-de-Palavas-Herault-34-150x150.jpg\" data-width=\"150\" data-height=\"150\" aria-label=\"\" role=\"img\" ><\/div>\n\t\t\t\t\t\t\t\t\t\t\t<div class=\"elementor-gallery-item__overlay\"><\/div>\n\t\t\t\t\t\t\t\t\t\t\t\t\t\t<\/div>\n\t\t\t\t\t<\/div>\n\t\t\t\t\t<\/div>\n\t\t\t\t<\/div>\n\t\t\t\t<div class=\"elementor-element elementor-element-6276f0a elementor-widget elementor-widget-text-editor\" data-id=\"6276f0a\" data-element_type=\"widget\" data-e-type=\"widget\" data-widget_type=\"text-editor.default\">\n\t\t\t\t<div class=\"elementor-widget-container\">\n\t\t\t\t\t\t\t\t\t<p>Ce carrelage esprit marbre fine \u00e9paisseur offre l&rsquo;incarnation m\u00eame de la puret\u00e9 avec ses deux teintes oppos\u00e9es : le blanc et le noir.\u00a0<\/p><p>Ce duo chromatique cr\u00e9e un \u00e9crin id\u00e9al pour mettre en valeur une \u00ab\u00a0palette de pierre\u00a0\u00bb compos\u00e9e d&rsquo;une multitude d&rsquo;\u00e9l\u00e9ments aux formes vari\u00e9es, \u00e9voquant les veinures \u00e9l\u00e9gantes du marbre.\u00a0<\/p><p><span style=\"color: var( --e-global-color-text ); font-weight: var( --e-global-typography-text-font-weight );\">Sublimez vos espaces de vie avec le\u00a0<\/span><b style=\"color: var( --e-global-color-text );\">carrelage gr\u00e8s c\u00e9rame<\/b><span style=\"color: var( --e-global-color-text ); font-weight: var( --e-global-typography-text-font-weight );\">\u00a0effet marbre noir blanc fin Noblaska, qui propose une palette de\u00a0<\/span><b style=\"color: var( --e-global-color-text );\">8 finitions de carreaux<\/b><span style=\"color: var( --e-global-color-text ); font-weight: var( --e-global-typography-text-font-weight );\">\u00a0uniquement bas\u00e9s sur la puret\u00e9 du blanc et la puissance du noir.\u00a0<\/span><\/p><p><strong>8 formats<\/strong>\u00a0disponibles :\u00a0<strong>3<\/strong><b>0x60 cm, 60&#215;60 cm, 60&#215;120 cm<\/b>\u00a0en 9mm d&rsquo;\u00e9paisseur\u00a0et\u00a0<b>maxi formats<\/b>\u00a0<b>120&#215;120 cm,\u00a0120&#215;240 cm,\u00a0120&#215;280 cm, 160&#215;320 cm<\/b>\u00a0en<b>\u00a0fine \u00e9paisseur de 6 mm<\/b>.\u00a0<\/p><p>Les coloris propos\u00e9s en\u00a0<b>fine \u00e9paisseur de 6 mm<\/b>, sont parfait pour un projet de r\u00e9novation mais aussi construction.\u00a0<\/p><p>Cette collection de carrelage\u00a0<strong>gr\u00e8s c\u00e9rame 1er choix<\/strong>\u00a0imitation marbre propose \u00e9galement des\u00a0<strong>mosa\u00efques, d\u00e9cors muraux, plinthes et marches<\/strong>.\u00a0<\/p>\t\t\t\t\t\t\t\t<\/div>\n\t\t\t\t<\/div>\n\t\t\t\t<div class=\"elementor-element elementor-element-de4e190 elementor-mobile-align-center elementor-align-left elementor-widget elementor-widget-button\" data-id=\"de4e190\" data-element_type=\"widget\" data-e-type=\"widget\" data-widget_type=\"button.default\">\n\t\t\t\t<div class=\"elementor-widget-container\">\n\t\t\t\t\t\t\t\t\t<div class=\"elementor-button-wrapper\">\n\t\t\t\t\t<a class=\"elementor-button elementor-button-link elementor-size-sm\" href=\"https:\/\/www.portovenere.fr\/fr-fr\/carrelage-sol-et-mur-en-gres-cerame-et-faience\/carrelage-aspect-marbre\/carrelage-marbre-noir-et-blanc-mat-ou-brillant-noblaska\/\">\n\t\t\t\t\t\t<span class=\"elementor-button-content-wrapper\">\n\t\t\t\t\t\t\t\t\t<span class=\"elementor-button-text\">Voir la collection<\/span>\n\t\t\t\t\t<\/span>\n\t\t\t\t\t<\/a>\n\t\t\t\t<\/div>\n\t\t\t\t\t\t\t\t<\/div>\n\t\t\t\t<\/div>\n\t\t\t\t\t<\/div>\n\t\t<\/div>\n\t\t\t\t\t<\/div>\n\t\t<\/section>\n\t\t\t\t<section class=\"elementor-section elementor-top-section elementor-element elementor-element-55d7373 elementor-section-full_width elementor-section-height-default elementor-section-height-default elementor-invisible\" data-id=\"55d7373\" data-element_type=\"section\" data-e-type=\"section\" data-settings=\"{&quot;background_background&quot;:&quot;classic&quot;,&quot;animation&quot;:&quot;fadeIn&quot;}\">\n\t\t\t\t\t\t<div class=\"elementor-container elementor-column-gap-default\">\n\t\t\t\t\t<div class=\"elementor-column elementor-col-33 elementor-top-column elementor-element elementor-element-a6de700\" data-id=\"a6de700\" data-element_type=\"column\" data-e-type=\"column\" data-settings=\"{&quot;background_background&quot;:&quot;classic&quot;}\">\n\t\t\t<div class=\"elementor-widget-wrap elementor-element-populated\">\n\t\t\t\t\t\t<div class=\"elementor-element elementor-element-2487606 elementor-widget elementor-widget-image\" data-id=\"2487606\" data-element_type=\"widget\" data-e-type=\"widget\" data-widget_type=\"image.default\">\n\t\t\t\t<div class=\"elementor-widget-container\">\n\t\t\t\t\t\t\t\t\t\t\t\t\t\t\t\t<a href=\"https:\/\/www.portovenere.fr\/fr-fr\/carrelage-sol-et-mur-en-gres-cerame-et-faience\/carrelage-aspect-marbre\/carrelage-imitation-marbre-precieux-pregiati\/\">\n\t\t\t\t\t\t\t<img decoding=\"async\" src=\"https:\/\/www.portovenere.fr\/fr-fr\/wp-content\/uploads\/elementor\/thumbs\/carrelage-sol-et-mur-luxe-pregiati-grey-et-blue-aspect-marbre-a-carnon-herault-34-r8iefbvfrf8wjcv3f5mw6rj0bzcm91ddwvzi1s8eu0.jpg\" title=\"carrelage-sol-et-mur-luxe-pregiati-grey-et-blue-aspect-marbre-a-carnon-herault-34\" alt=\"carrelage imitation marbre pr\u00e9cieux Pregiati\" loading=\"lazy\" \/>\t\t\t\t\t\t\t\t<\/a>\n\t\t\t\t\t\t\t\t\t\t\t\t\t\t\t<\/div>\n\t\t\t\t<\/div>\n\t\t\t\t<div class=\"elementor-element elementor-element-87fff80 elementor-widget elementor-widget-heading\" data-id=\"87fff80\" data-element_type=\"widget\" data-e-type=\"widget\" data-widget_type=\"heading.default\">\n\t\t\t\t<div class=\"elementor-widget-container\">\n\t\t\t\t\t<h3 class=\"elementor-heading-title elementor-size-default\"><a href=\"https:\/\/www.portovenere.fr\/fr-fr\/carrelage-sol-et-mur-en-gres-cerame-et-faience\/carrelage-aspect-marbre\/carrelage-imitation-marbre-precieux-pregiati\/\">PREGIATI 6mm | 5 coloris<\/a><\/h3>\t\t\t\t<\/div>\n\t\t\t\t<\/div>\n\t\t\t\t<div class=\"elementor-element elementor-element-5d1d17f elementor-widget__width-initial elementor-widget elementor-widget-gallery\" data-id=\"5d1d17f\" data-element_type=\"widget\" data-e-type=\"widget\" data-settings=\"{&quot;gap&quot;:{&quot;unit&quot;:&quot;px&quot;,&quot;size&quot;:3,&quot;sizes&quot;:[]},&quot;columns_mobile&quot;:3,&quot;gap_mobile&quot;:{&quot;unit&quot;:&quot;px&quot;,&quot;size&quot;:6,&quot;sizes&quot;:[]},&quot;columns&quot;:5,&quot;columns_tablet&quot;:3,&quot;gap_tablet&quot;:{&quot;unit&quot;:&quot;px&quot;,&quot;size&quot;:5,&quot;sizes&quot;:[]},&quot;lazyload&quot;:&quot;yes&quot;,&quot;gallery_layout&quot;:&quot;grid&quot;,&quot;aspect_ratio&quot;:&quot;3:2&quot;,&quot;overlay_background&quot;:&quot;yes&quot;,&quot;content_hover_animation&quot;:&quot;fade-in&quot;}\" data-widget_type=\"gallery.default\">\n\t\t\t\t<div class=\"elementor-widget-container\">\n\t\t\t\t\t\t\t<div class=\"elementor-gallery__container\">\n\t\t\t\t\t\t\t<div class=\"e-gallery-item elementor-gallery-item elementor-animated-content\">\n\t\t\t\t\t<div class=\"e-gallery-image elementor-gallery-item__image\" data-thumbnail=\"https:\/\/www.portovenere.fr\/fr-fr\/wp-content\/uploads\/2022\/02\/carrelage-sol-et-mur-pregiati-white-effet-marbre-a-montpellier-34-herault-150x150.jpg\" data-width=\"150\" data-height=\"150\" aria-label=\"carrelage imitation marbre pr\u00e9cieux Pregiati\" role=\"img\" ><\/div>\n\t\t\t\t\t\t\t\t\t\t\t<div class=\"elementor-gallery-item__overlay\"><\/div>\n\t\t\t\t\t\t\t\t\t\t\t\t\t\t<\/div>\n\t\t\t\t\t\t\t<div class=\"e-gallery-item elementor-gallery-item elementor-animated-content\">\n\t\t\t\t\t<div class=\"e-gallery-image elementor-gallery-item__image\" data-thumbnail=\"https:\/\/www.portovenere.fr\/fr-fr\/wp-content\/uploads\/2022\/02\/carrelage-sol-et-mur-pregiati-jade-effet-marbre-haut-de-gamme-a-paris-75-150x150.jpg\" data-width=\"150\" data-height=\"150\" aria-label=\"carrelage imitation marbre pr\u00e9cieux Pregiati\" role=\"img\" ><\/div>\n\t\t\t\t\t\t\t\t\t\t\t<div class=\"elementor-gallery-item__overlay\"><\/div>\n\t\t\t\t\t\t\t\t\t\t\t\t\t\t<\/div>\n\t\t\t\t\t\t\t<div class=\"e-gallery-item elementor-gallery-item elementor-animated-content\">\n\t\t\t\t\t<div class=\"e-gallery-image elementor-gallery-item__image\" data-thumbnail=\"https:\/\/www.portovenere.fr\/fr-fr\/wp-content\/uploads\/2022\/02\/carrelage-pregiati-grey-effet-marbre-luxe-a-marseille-bouches-du-rhone-13-150x150.jpg\" data-width=\"150\" data-height=\"150\" aria-label=\"carrelage imitation marbre pr\u00e9cieux Pregiati\" role=\"img\" ><\/div>\n\t\t\t\t\t\t\t\t\t\t\t<div class=\"elementor-gallery-item__overlay\"><\/div>\n\t\t\t\t\t\t\t\t\t\t\t\t\t\t<\/div>\n\t\t\t\t\t\t\t<div class=\"e-gallery-item elementor-gallery-item elementor-animated-content\">\n\t\t\t\t\t<div class=\"e-gallery-image elementor-gallery-item__image\" data-thumbnail=\"https:\/\/www.portovenere.fr\/fr-fr\/wp-content\/uploads\/2022\/02\/carrelage-pregiati-blue-aspect-marbre-grand-format-160x320cm-a-reims-marne-51-150x150.jpg\" data-width=\"150\" data-height=\"150\" aria-label=\"carrelage imitation marbre pr\u00e9cieux Pregiati\" role=\"img\" ><\/div>\n\t\t\t\t\t\t\t\t\t\t\t<div class=\"elementor-gallery-item__overlay\"><\/div>\n\t\t\t\t\t\t\t\t\t\t\t\t\t\t<\/div>\n\t\t\t\t\t\t\t<div class=\"e-gallery-item elementor-gallery-item elementor-animated-content\">\n\t\t\t\t\t<div class=\"e-gallery-image elementor-gallery-item__image\" data-thumbnail=\"https:\/\/www.portovenere.fr\/fr-fr\/wp-content\/uploads\/2022\/02\/carrelage-pregiati-black-aspect-marbre-haut-de-gamme-270x120-clermont-ferrand-puy-du-dome-63-150x150.jpg\" data-width=\"150\" data-height=\"150\" aria-label=\"carrelage imitation marbre pr\u00e9cieux Pregiati\" role=\"img\" ><\/div>\n\t\t\t\t\t\t\t\t\t\t\t<div class=\"elementor-gallery-item__overlay\"><\/div>\n\t\t\t\t\t\t\t\t\t\t\t\t\t\t<\/div>\n\t\t\t\t\t<\/div>\n\t\t\t\t\t<\/div>\n\t\t\t\t<\/div>\n\t\t\t\t<div class=\"elementor-element elementor-element-7eb9f34 elementor-widget elementor-widget-text-editor\" data-id=\"7eb9f34\" data-element_type=\"widget\" data-e-type=\"widget\" data-widget_type=\"text-editor.default\">\n\t\t\t\t<div class=\"elementor-widget-container\">\n\t\t\t\t\t\t\t\t\t<p>La\u00a0<strong>collection de carrelage imitation marbre pr\u00e9cieux Pregiati<\/strong>,\u00a0est le rev\u00eatement parfait pour donner aux pi\u00e8ces de la maison le charme\u00a0<strong>intemporel<\/strong>\u00a0de la pierre d&rsquo;onyx avec une touche de\u00a0<strong>modernit\u00e9<\/strong>.<\/p><p>Les transparences et les couleurs pr\u00e9cieuses qui caract\u00e9risent cette essence se retrouvent dans une touche\u00a0<strong>contemporaine et luxueuse<\/strong>\u00a0dans les\u00a0<strong>grands formats<\/strong>\u00a0160&#215;320 cm ou 270&#215;120 cm d&rsquo;une \u00e9paisseur de\u00a0<strong>6 mm<\/strong>, en finition Lappatto.<\/p><p>Vous retrouverez \u00e9galement une \u00e9paisseur de\u00a0<strong>9 mm<\/strong>\u00a0qui propose d&rsquo;autres formats, ainsi que que les<strong>\u00a0finitions Lappatto et Rectifi\u00e9e.<\/strong><\/p>\t\t\t\t\t\t\t\t<\/div>\n\t\t\t\t<\/div>\n\t\t\t\t<div class=\"elementor-element elementor-element-746afaa elementor-mobile-align-center elementor-align-left elementor-widget elementor-widget-button\" data-id=\"746afaa\" data-element_type=\"widget\" data-e-type=\"widget\" data-widget_type=\"button.default\">\n\t\t\t\t<div class=\"elementor-widget-container\">\n\t\t\t\t\t\t\t\t\t<div class=\"elementor-button-wrapper\">\n\t\t\t\t\t<a class=\"elementor-button elementor-button-link elementor-size-sm\" href=\"https:\/\/www.portovenere.fr\/fr-fr\/carrelage-sol-et-mur-en-gres-cerame-et-faience\/carrelage-aspect-marbre\/carrelage-imitation-marbre-precieux-pregiati\/\">\n\t\t\t\t\t\t<span class=\"elementor-button-content-wrapper\">\n\t\t\t\t\t\t\t\t\t<span class=\"elementor-button-text\">Voir la collection<\/span>\n\t\t\t\t\t<\/span>\n\t\t\t\t\t<\/a>\n\t\t\t\t<\/div>\n\t\t\t\t\t\t\t\t<\/div>\n\t\t\t\t<\/div>\n\t\t\t\t\t<\/div>\n\t\t<\/div>\n\t\t\t\t<div class=\"elementor-column elementor-col-33 elementor-top-column elementor-element elementor-element-03e53db\" data-id=\"03e53db\" data-element_type=\"column\" data-e-type=\"column\" data-settings=\"{&quot;background_background&quot;:&quot;classic&quot;}\">\n\t\t\t<div class=\"elementor-widget-wrap elementor-element-populated\">\n\t\t\t\t\t\t<div class=\"elementor-element elementor-element-2a4c880 elementor-widget elementor-widget-image\" data-id=\"2a4c880\" data-element_type=\"widget\" data-e-type=\"widget\" data-widget_type=\"image.default\">\n\t\t\t\t<div class=\"elementor-widget-container\">\n\t\t\t\t\t\t\t\t\t\t\t\t\t\t\t\t<a href=\"https:\/\/www.portovenere.fr\/fr-fr\/carrelage-sol-et-mur-en-gres-cerame-et-faience\/carrelage-aspect-pierre\/carrelage-grand-format-effet-pierre-majorque\/\">\n\t\t\t\t\t\t\t<img decoding=\"async\" src=\"https:\/\/www.portovenere.fr\/fr-fr\/wp-content\/uploads\/elementor\/thumbs\/Carrelege-salle-de-bain-effet-pierre-grands-formats-xxl-120x278-cm-MAJORQUE-Blanc-Ancienne-au-sol-et-Noble-au-mur-villa-proche-Palavas-34-r8ig3a0uf6ivfpcydridy9nz8pi5mxchv5sxyzirv8.jpg\" title=\"Carrelege-salle-de-bain-effet-pierre-grands-formats-xxl-120&#215;278-cm-MAJORQUE-Blanc-Ancienne-au-sol-et-Noble-au-mur-villa-proche-Palavas-34\" alt=\"Blanc Ancienne 120x278cm au sol et Noble 120x278cm au mur\" loading=\"lazy\" \/>\t\t\t\t\t\t\t\t<\/a>\n\t\t\t\t\t\t\t\t\t\t\t\t\t\t\t<\/div>\n\t\t\t\t<\/div>\n\t\t\t\t<div class=\"elementor-element elementor-element-966efb7 elementor-widget elementor-widget-heading\" data-id=\"966efb7\" data-element_type=\"widget\" data-e-type=\"widget\" data-widget_type=\"heading.default\">\n\t\t\t\t<div class=\"elementor-widget-container\">\n\t\t\t\t\t<h3 class=\"elementor-heading-title elementor-size-default\"><a href=\"https:\/\/www.portovenere.fr\/fr-fr\/carrelage-sol-et-mur-en-gres-cerame-et-faience\/carrelage-aspect-pierre\/carrelage-grand-format-effet-pierre-majorque\/\">MAJORQUE 6.5mm | 5 coloris<\/a><\/h3>\t\t\t\t<\/div>\n\t\t\t\t<\/div>\n\t\t\t\t<div class=\"elementor-element elementor-element-00d9357 elementor-widget__width-initial elementor-widget elementor-widget-gallery\" data-id=\"00d9357\" data-element_type=\"widget\" data-e-type=\"widget\" data-settings=\"{&quot;gap&quot;:{&quot;unit&quot;:&quot;px&quot;,&quot;size&quot;:3,&quot;sizes&quot;:[]},&quot;columns_mobile&quot;:3,&quot;gap_mobile&quot;:{&quot;unit&quot;:&quot;px&quot;,&quot;size&quot;:6,&quot;sizes&quot;:[]},&quot;columns&quot;:5,&quot;columns_tablet&quot;:3,&quot;gap_tablet&quot;:{&quot;unit&quot;:&quot;px&quot;,&quot;size&quot;:5,&quot;sizes&quot;:[]},&quot;lazyload&quot;:&quot;yes&quot;,&quot;gallery_layout&quot;:&quot;grid&quot;,&quot;aspect_ratio&quot;:&quot;3:2&quot;,&quot;overlay_background&quot;:&quot;yes&quot;,&quot;content_hover_animation&quot;:&quot;fade-in&quot;}\" data-widget_type=\"gallery.default\">\n\t\t\t\t<div class=\"elementor-widget-container\">\n\t\t\t\t\t\t\t<div class=\"elementor-gallery__container\">\n\t\t\t\t\t\t\t<div class=\"e-gallery-item elementor-gallery-item elementor-animated-content\">\n\t\t\t\t\t<div class=\"e-gallery-image elementor-gallery-item__image\" data-thumbnail=\"https:\/\/www.portovenere.fr\/fr-fr\/wp-content\/uploads\/2025\/05\/Carrelege-effet-pierre-interieur-et-exterieur-petits-et-grands-formats-MAJORQUE-Naturel-Noble-magasin-proche-de-Castelnau-le-lez-34-150x150.jpg\" data-width=\"150\" data-height=\"150\" aria-label=\"\" role=\"img\" ><\/div>\n\t\t\t\t\t\t\t\t\t\t\t<div class=\"elementor-gallery-item__overlay\"><\/div>\n\t\t\t\t\t\t\t\t\t\t\t\t\t\t<\/div>\n\t\t\t\t\t\t\t<div class=\"e-gallery-item elementor-gallery-item elementor-animated-content\">\n\t\t\t\t\t<div class=\"e-gallery-image elementor-gallery-item__image\" data-thumbnail=\"https:\/\/www.portovenere.fr\/fr-fr\/wp-content\/uploads\/2025\/05\/Carrelege-effet-pierre-interieur-et-exterieur-petits-et-grands-formats-MAJORQUE-Naturel-Ancienne-magasin-proche-de-Bouzigues-34-150x150.jpg\" data-width=\"150\" data-height=\"150\" aria-label=\"\" role=\"img\" ><\/div>\n\t\t\t\t\t\t\t\t\t\t\t<div class=\"elementor-gallery-item__overlay\"><\/div>\n\t\t\t\t\t\t\t\t\t\t\t\t\t\t<\/div>\n\t\t\t\t\t\t\t<div class=\"e-gallery-item elementor-gallery-item elementor-animated-content\">\n\t\t\t\t\t<div class=\"e-gallery-image elementor-gallery-item__image\" data-thumbnail=\"https:\/\/www.portovenere.fr\/fr-fr\/wp-content\/uploads\/2025\/05\/Carrelege-effet-pierre-interieur-et-exterieur-petits-et-grands-formats-MAJORQUE-Gris-Noble-magasin-proche-de-Palavas-34-150x150.jpg\" data-width=\"150\" data-height=\"150\" aria-label=\"\" role=\"img\" ><\/div>\n\t\t\t\t\t\t\t\t\t\t\t<div class=\"elementor-gallery-item__overlay\"><\/div>\n\t\t\t\t\t\t\t\t\t\t\t\t\t\t<\/div>\n\t\t\t\t\t\t\t<div class=\"e-gallery-item elementor-gallery-item elementor-animated-content\">\n\t\t\t\t\t<div class=\"e-gallery-image elementor-gallery-item__image\" data-thumbnail=\"https:\/\/www.portovenere.fr\/fr-fr\/wp-content\/uploads\/2025\/05\/Carrelege-effet-pierre-interieur-et-exterieur-petits-et-grands-formats-MAJORQUE-Gris-Ancienne-magasin-proche-de-Meze-34-150x150.jpg\" data-width=\"150\" data-height=\"150\" aria-label=\"\" role=\"img\" ><\/div>\n\t\t\t\t\t\t\t\t\t\t\t<div class=\"elementor-gallery-item__overlay\"><\/div>\n\t\t\t\t\t\t\t\t\t\t\t\t\t\t<\/div>\n\t\t\t\t\t\t\t<div class=\"e-gallery-item elementor-gallery-item elementor-animated-content\">\n\t\t\t\t\t<div class=\"e-gallery-image elementor-gallery-item__image\" data-thumbnail=\"https:\/\/www.portovenere.fr\/fr-fr\/wp-content\/uploads\/2025\/05\/Carrelege-effet-pierre-interieur-et-exterieur-petits-et-grands-formats-MAJORQUE-Noir-Noble-magasin-proche-de-Clapiers-34-150x150.jpg\" data-width=\"150\" data-height=\"150\" aria-label=\"\" role=\"img\" ><\/div>\n\t\t\t\t\t\t\t\t\t\t\t<div class=\"elementor-gallery-item__overlay\"><\/div>\n\t\t\t\t\t\t\t\t\t\t\t\t\t\t<\/div>\n\t\t\t\t\t\t\t<div class=\"e-gallery-item elementor-gallery-item elementor-animated-content\">\n\t\t\t\t\t<div class=\"e-gallery-image elementor-gallery-item__image\" data-thumbnail=\"https:\/\/www.portovenere.fr\/fr-fr\/wp-content\/uploads\/2025\/05\/Carrelege-effet-pierre-interieur-et-exterieur-petits-et-grands-formats-MAJORQUE-Noir-Ancienne-magasin-proche-de-Gigean-34-150x150.jpg\" data-width=\"150\" data-height=\"150\" aria-label=\"\" role=\"img\" ><\/div>\n\t\t\t\t\t\t\t\t\t\t\t<div class=\"elementor-gallery-item__overlay\"><\/div>\n\t\t\t\t\t\t\t\t\t\t\t\t\t\t<\/div>\n\t\t\t\t\t\t\t<div class=\"e-gallery-item elementor-gallery-item elementor-animated-content\">\n\t\t\t\t\t<div class=\"e-gallery-image elementor-gallery-item__image\" data-thumbnail=\"https:\/\/www.portovenere.fr\/fr-fr\/wp-content\/uploads\/2025\/05\/Carrelege-effet-pierre-interieur-et-exterieur-petits-et-grands-formats-MAJORQUEBlanc-Noble-magasin-proche-de-Sete-34-150x150.jpg\" data-width=\"150\" data-height=\"150\" aria-label=\"\" role=\"img\" ><\/div>\n\t\t\t\t\t\t\t\t\t\t\t<div class=\"elementor-gallery-item__overlay\"><\/div>\n\t\t\t\t\t\t\t\t\t\t\t\t\t\t<\/div>\n\t\t\t\t\t\t\t<div class=\"e-gallery-item elementor-gallery-item elementor-animated-content\">\n\t\t\t\t\t<div class=\"e-gallery-image elementor-gallery-item__image\" data-thumbnail=\"https:\/\/www.portovenere.fr\/fr-fr\/wp-content\/uploads\/2025\/05\/Carrelege-effet-pierre-interieur-et-exterieur-petits-et-grands-formats-MAJORQUE-Blanc-Ancienne-magasin-proche-de-Agde-34-150x150.jpg\" data-width=\"150\" data-height=\"150\" aria-label=\"\" role=\"img\" ><\/div>\n\t\t\t\t\t\t\t\t\t\t\t<div class=\"elementor-gallery-item__overlay\"><\/div>\n\t\t\t\t\t\t\t\t\t\t\t\t\t\t<\/div>\n\t\t\t\t\t\t\t<div class=\"e-gallery-item elementor-gallery-item elementor-animated-content\">\n\t\t\t\t\t<div class=\"e-gallery-image elementor-gallery-item__image\" data-thumbnail=\"https:\/\/www.portovenere.fr\/fr-fr\/wp-content\/uploads\/2025\/05\/Carrelege-effet-pierre-interieur-et-exterieur-petits-et-grands-formats-sol-mur-MAJORQUE-Beige-Noble-magasin-proche-de-Castries-34-150x150.jpg\" data-width=\"150\" data-height=\"150\" aria-label=\"\" role=\"img\" ><\/div>\n\t\t\t\t\t\t\t\t\t\t\t<div class=\"elementor-gallery-item__overlay\"><\/div>\n\t\t\t\t\t\t\t\t\t\t\t\t\t\t<\/div>\n\t\t\t\t\t\t\t<div class=\"e-gallery-item elementor-gallery-item elementor-animated-content\">\n\t\t\t\t\t<div class=\"e-gallery-image elementor-gallery-item__image\" data-thumbnail=\"https:\/\/www.portovenere.fr\/fr-fr\/wp-content\/uploads\/2025\/05\/Carrelege-effet-pierre-interieur-et-exterieur-petits-et-grands-formats-sol-mur-MAJORQUE-Beige-Ancienne-magasin-proche-de-Mauguio-34-150x150.jpg\" data-width=\"150\" data-height=\"150\" aria-label=\"\" role=\"img\" ><\/div>\n\t\t\t\t\t\t\t\t\t\t\t<div class=\"elementor-gallery-item__overlay\"><\/div>\n\t\t\t\t\t\t\t\t\t\t\t\t\t\t<\/div>\n\t\t\t\t\t\t\t<div class=\"e-gallery-item elementor-gallery-item elementor-animated-content\">\n\t\t\t\t\t<div class=\"e-gallery-image elementor-gallery-item__image\" data-thumbnail=\"https:\/\/www.portovenere.fr\/fr-fr\/wp-content\/uploads\/2025\/05\/Carrelege-effet-pierre-relief-ligne-60x120-cm-MAJORQUE-Noir-R10-magasin-Porto-Venere-proche-de-Vendargues-34-150x150.jpg\" data-width=\"150\" data-height=\"150\" aria-label=\"\" role=\"img\" ><\/div>\n\t\t\t\t\t\t\t\t\t\t\t<div class=\"elementor-gallery-item__overlay\"><\/div>\n\t\t\t\t\t\t\t\t\t\t\t\t\t\t<\/div>\n\t\t\t\t\t\t\t<div class=\"e-gallery-item elementor-gallery-item elementor-animated-content\">\n\t\t\t\t\t<div class=\"e-gallery-image elementor-gallery-item__image\" data-thumbnail=\"https:\/\/www.portovenere.fr\/fr-fr\/wp-content\/uploads\/2025\/05\/Carrelege-effet-pierre-relief-ligne-60x120-cm-MAJORQUE-Beige-credence-salle-de-bain-magasin-Porto-Venere-proche-de-La-Grande-Motte-34-150x150.jpg\" data-width=\"150\" data-height=\"150\" aria-label=\"\" role=\"img\" ><\/div>\n\t\t\t\t\t\t\t\t\t\t\t<div class=\"elementor-gallery-item__overlay\"><\/div>\n\t\t\t\t\t\t\t\t\t\t\t\t\t\t<\/div>\n\t\t\t\t\t\t\t<div class=\"e-gallery-item elementor-gallery-item elementor-animated-content\">\n\t\t\t\t\t<div class=\"e-gallery-image elementor-gallery-item__image\" data-thumbnail=\"https:\/\/www.portovenere.fr\/fr-fr\/wp-content\/uploads\/2025\/05\/Carrelege-effet-pierre-relief-ligne-60x120-cm-MAJORQUE-Naturel-R10-magasin-Porto-Venere-proche-de-Quissac-30-150x150.jpg\" data-width=\"150\" data-height=\"150\" aria-label=\"\" role=\"img\" ><\/div>\n\t\t\t\t\t\t\t\t\t\t\t<div class=\"elementor-gallery-item__overlay\"><\/div>\n\t\t\t\t\t\t\t\t\t\t\t\t\t\t<\/div>\n\t\t\t\t\t\t\t<div class=\"e-gallery-item elementor-gallery-item elementor-animated-content\">\n\t\t\t\t\t<div class=\"e-gallery-image elementor-gallery-item__image\" data-thumbnail=\"https:\/\/www.portovenere.fr\/fr-fr\/wp-content\/uploads\/2025\/05\/Carrelege-effet-pierre-relief-ligne-60x120-cm-MAJORQUE-Gris-R10-magasin-Porto-Venere-proche-de-Frontignan-34-150x150.jpg\" data-width=\"150\" data-height=\"150\" aria-label=\"\" role=\"img\" ><\/div>\n\t\t\t\t\t\t\t\t\t\t\t<div class=\"elementor-gallery-item__overlay\"><\/div>\n\t\t\t\t\t\t\t\t\t\t\t\t\t\t<\/div>\n\t\t\t\t\t\t\t<div class=\"e-gallery-item elementor-gallery-item elementor-animated-content\">\n\t\t\t\t\t<div class=\"e-gallery-image elementor-gallery-item__image\" data-thumbnail=\"https:\/\/www.portovenere.fr\/fr-fr\/wp-content\/uploads\/2025\/05\/Carrelege-effet-pierre-relief-ligne-60x120-cm-MAJORQUE-Blanc-credence-salle-de-bain-magasin-Porto-Venere-proche-de-Mauguio-34-150x150.jpg\" data-width=\"150\" data-height=\"150\" aria-label=\"\" role=\"img\" ><\/div>\n\t\t\t\t\t\t\t\t\t\t\t<div class=\"elementor-gallery-item__overlay\"><\/div>\n\t\t\t\t\t\t\t\t\t\t\t\t\t\t<\/div>\n\t\t\t\t\t<\/div>\n\t\t\t\t\t<\/div>\n\t\t\t\t<\/div>\n\t\t\t\t<div class=\"elementor-element elementor-element-c9b036b elementor-widget__width-initial elementor-widget elementor-widget-text-editor\" data-id=\"c9b036b\" data-element_type=\"widget\" data-e-type=\"widget\" data-widget_type=\"text-editor.default\">\n\t\t\t\t<div class=\"elementor-widget-container\">\n\t\t\t\t\t\t\t\t\t<p>D\u00e9couvrez Majorque, notre collection de carrelage petits et grands formats effet pierre.\u00a0<\/p><p>Ce carrelage gr\u00e8s c\u00e9rame est propos\u00e9 dans 5 coloris :\u00a0<b>Blanc, beige, naturel, gris et noir \u2013\u00a0<\/b>D\u00e9clin\u00e9 dans de nombreux formats des plus petits au plus g\u00e9n\u00e9reux :\u00a0<b>20\u00d720 et 20\u00d730 cm en bords non rectifi\u00e9s en Opus<\/b>, <b>ou aux bords droits<\/b>\u00a0<b>30\u00d760 cm, 60\u00d760<\/b>\u00a0cm<b>, 80\u00d780<\/b>\u00a0cm<b>, 60\u00d7120<\/b>\u00a0cm<b>\u00a0et 120\u00d7120 cm<\/b>\u00a0sans oublier le maxi\u00a0<b>format XXL 120\u00d7278 cm en fine \u00e9paisseur 6.5mm<\/b>. Finition \u00ab\u00a0Naturale\u00a0\u00bb ou Technica (antid\u00e9rapante).<\/p><p>Des<b>\u00a0dalles antid\u00e9rapantes de 2 cm d\u2019\u00e9paisseur en formats 80\u00d780 cm et 120\u00d7120 cm<\/b>\u00a0compl\u00e8tent cette collection de carrelage aspect pierre naturelle afin d\u2019assurer une continuit\u00e9 des espaces int\u00e9rieurs vers l\u2019ext\u00e9rieur.\u00a0<\/p><p>3 styles disponibles pour s\u2019adapter \u00e0 vos diff\u00e9rents projets de r\u00e9novation ou construction :\u00a0<\/p><p><strong>S<\/strong><b>tyle Noble :<\/b>\u00a0pierre moins nuanc\u00e9es,\u00a0<\/p><p><b>Style Ancienne<\/b>\u00a0: de belles nuances pour un style encore plus authentique<\/p><p><b>Style \u00ab\u00a0ligne<\/b>\u00a0<strong>\u00bb<\/strong>\u00a0: d\u00e9cor mural qui reprend un effet travaill\u00e9 en lignes.<\/p><p>Des mosaiques, plinthes et autres marches viennent compl\u00e9ter cette riche collection de carrelage de qualit\u00e9, id\u00e9ale pour une salle de bain, une cuisine, un s\u00e9jour ou une terrasse.<\/p>\t\t\t\t\t\t\t\t<\/div>\n\t\t\t\t<\/div>\n\t\t\t\t<div class=\"elementor-element elementor-element-cf151a0 elementor-mobile-align-center elementor-widget elementor-widget-button\" data-id=\"cf151a0\" data-element_type=\"widget\" data-e-type=\"widget\" data-widget_type=\"button.default\">\n\t\t\t\t<div class=\"elementor-widget-container\">\n\t\t\t\t\t\t\t\t\t<div class=\"elementor-button-wrapper\">\n\t\t\t\t\t<a class=\"elementor-button elementor-button-link elementor-size-sm\" href=\"https:\/\/www.portovenere.fr\/fr-fr\/carrelage-sol-et-mur-en-gres-cerame-et-faience\/carrelage-aspect-pierre\/carrelage-grand-format-effet-pierre-majorque\/\">\n\t\t\t\t\t\t<span class=\"elementor-button-content-wrapper\">\n\t\t\t\t\t\t\t\t\t<span class=\"elementor-button-text\">VOIR LA COLLECTION<\/span>\n\t\t\t\t\t<\/span>\n\t\t\t\t\t<\/a>\n\t\t\t\t<\/div>\n\t\t\t\t\t\t\t\t<\/div>\n\t\t\t\t<\/div>\n\t\t\t\t\t<\/div>\n\t\t<\/div>\n\t\t\t\t<div class=\"elementor-column elementor-col-33 elementor-top-column elementor-element elementor-element-505daa8 elementor-invisible\" data-id=\"505daa8\" data-element_type=\"column\" data-e-type=\"column\" data-settings=\"{&quot;animation&quot;:&quot;fadeIn&quot;,&quot;background_background&quot;:&quot;classic&quot;}\">\n\t\t\t<div class=\"elementor-widget-wrap elementor-element-populated\">\n\t\t\t\t\t\t<div class=\"elementor-element elementor-element-d2e4dc9 elementor-widget elementor-widget-image\" data-id=\"d2e4dc9\" data-element_type=\"widget\" data-e-type=\"widget\" data-widget_type=\"image.default\">\n\t\t\t\t<div class=\"elementor-widget-container\">\n\t\t\t\t\t\t\t\t\t\t\t\t\t\t\t\t<a href=\"https:\/\/www.portovenere.fr\/fr-fr\/carrelage-sol-et-mur-en-gres-cerame-et-faience\/carrelage-aspect-pierre\/carrelage-effet-pierre-piasentina-drakara\/\">\n\t\t\t\t\t\t\t<img decoding=\"async\" src=\"https:\/\/www.portovenere.fr\/fr-fr\/wp-content\/uploads\/elementor\/thumbs\/Carrelage-fine-epaisseur-6-mm-Drakara-brushed-light-mate-effet-pierre-piasentina-maxi-format-120-x-280-cm-mur-et-sol-salle-de-bain-a-Lattes-34-r8ifmryydz781qsr008p25q58xsbw5sh0dcnakget0.jpg\" title=\"Carrelage-fine-\u00e9paisseur-6-mm-Drakara-brushed-light-mate-effet-pierre-piasentina-maxi-format-120-x-280-cm-mur-et-sol-salle-de-bain-\u00e0-Lattes-34\" alt=\"Carrelage-fine-\u00e9paisseur-6-mm-Drakara-brushed-light-mate-effet-pierre-piasentina-maxi-format-120-x-280-cm-mur-et-sol-salle-de-bain-\u00e0-Lattes-34\" loading=\"lazy\" \/>\t\t\t\t\t\t\t\t<\/a>\n\t\t\t\t\t\t\t\t\t\t\t\t\t\t\t<\/div>\n\t\t\t\t<\/div>\n\t\t\t\t<section class=\"elementor-section elementor-inner-section elementor-element elementor-element-2129db4 elementor-section-boxed elementor-section-height-default elementor-section-height-default elementor-invisible\" data-id=\"2129db4\" data-element_type=\"section\" data-e-type=\"section\" data-settings=\"{&quot;background_background&quot;:&quot;classic&quot;,&quot;animation&quot;:&quot;fadeIn&quot;}\">\n\t\t\t\t\t\t<div class=\"elementor-container elementor-column-gap-default\">\n\t\t\t\t\t<div class=\"elementor-column elementor-col-100 elementor-inner-column elementor-element elementor-element-05834fe\" data-id=\"05834fe\" data-element_type=\"column\" data-e-type=\"column\">\n\t\t\t<div class=\"elementor-widget-wrap elementor-element-populated\">\n\t\t\t\t\t\t<div class=\"elementor-element elementor-element-a56b8d0 elementor-widget elementor-widget-heading\" data-id=\"a56b8d0\" data-element_type=\"widget\" data-e-type=\"widget\" data-widget_type=\"heading.default\">\n\t\t\t\t<div class=\"elementor-widget-container\">\n\t\t\t\t\t<h3 class=\"elementor-heading-title elementor-size-default\"><a href=\"https:\/\/www.portovenere.fr\/fr-fr\/carrelage-sol-et-mur-en-gres-cerame-et-faience\/carrelage-aspect-pierre\/carrelage-effet-pierre-piasentina-drakara\/\">DRAKARA | 4 coloris<\/a><\/h3>\t\t\t\t<\/div>\n\t\t\t\t<\/div>\n\t\t\t\t<div class=\"elementor-element elementor-element-787a35b elementor-widget__width-initial elementor-widget elementor-widget-gallery\" data-id=\"787a35b\" data-element_type=\"widget\" data-e-type=\"widget\" data-settings=\"{&quot;gap&quot;:{&quot;unit&quot;:&quot;px&quot;,&quot;size&quot;:3,&quot;sizes&quot;:[]},&quot;columns_mobile&quot;:3,&quot;gap_mobile&quot;:{&quot;unit&quot;:&quot;px&quot;,&quot;size&quot;:6,&quot;sizes&quot;:[]},&quot;columns&quot;:5,&quot;columns_tablet&quot;:3,&quot;gap_tablet&quot;:{&quot;unit&quot;:&quot;px&quot;,&quot;size&quot;:5,&quot;sizes&quot;:[]},&quot;lazyload&quot;:&quot;yes&quot;,&quot;gallery_layout&quot;:&quot;grid&quot;,&quot;aspect_ratio&quot;:&quot;3:2&quot;,&quot;overlay_background&quot;:&quot;yes&quot;,&quot;content_hover_animation&quot;:&quot;fade-in&quot;}\" data-widget_type=\"gallery.default\">\n\t\t\t\t<div class=\"elementor-widget-container\">\n\t\t\t\t\t\t\t<div class=\"elementor-gallery__container\">\n\t\t\t\t\t\t\t<div class=\"e-gallery-item elementor-gallery-item elementor-animated-content\">\n\t\t\t\t\t<div class=\"e-gallery-image elementor-gallery-item__image\" data-thumbnail=\"https:\/\/www.portovenere.fr\/fr-fr\/wp-content\/uploads\/2024\/10\/Carrelage-gres-cerame-effet-pierre-naturelle-piasentina-Drakara-satin-dark-sol-et-mur-proche-de-Lattes-34-150x150.jpg\" data-width=\"150\" data-height=\"150\" aria-label=\"\" role=\"img\" ><\/div>\n\t\t\t\t\t\t\t\t\t\t\t<div class=\"elementor-gallery-item__overlay\"><\/div>\n\t\t\t\t\t\t\t\t\t\t\t\t\t\t<\/div>\n\t\t\t\t\t\t\t<div class=\"e-gallery-item elementor-gallery-item elementor-animated-content\">\n\t\t\t\t\t<div class=\"e-gallery-image elementor-gallery-item__image\" data-thumbnail=\"https:\/\/www.portovenere.fr\/fr-fr\/wp-content\/uploads\/2024\/10\/Carrelage-gres-cerame-effet-pierre-naturelle-piasentina-Drakara-flame-light-sol-et-mur-proche-de-Sete-34-150x150.jpg\" data-width=\"150\" data-height=\"150\" aria-label=\"\" role=\"img\" ><\/div>\n\t\t\t\t\t\t\t\t\t\t\t<div class=\"elementor-gallery-item__overlay\"><\/div>\n\t\t\t\t\t\t\t\t\t\t\t\t\t\t<\/div>\n\t\t\t\t\t\t\t<div class=\"e-gallery-item elementor-gallery-item elementor-animated-content\">\n\t\t\t\t\t<div class=\"e-gallery-image elementor-gallery-item__image\" data-thumbnail=\"https:\/\/www.portovenere.fr\/fr-fr\/wp-content\/uploads\/2024\/10\/Carrelage-gres-cerame-effet-pierre-naturelle-piasentina-Drakara-flame-dark-sol-et-mur-proche-de-saint-clement-de-riviere-34-e1728377883503-150x150.jpg\" data-width=\"150\" data-height=\"150\" aria-label=\"\" role=\"img\" ><\/div>\n\t\t\t\t\t\t\t\t\t\t\t<div class=\"elementor-gallery-item__overlay\"><\/div>\n\t\t\t\t\t\t\t\t\t\t\t\t\t\t<\/div>\n\t\t\t\t\t\t\t<div class=\"e-gallery-item elementor-gallery-item elementor-animated-content\">\n\t\t\t\t\t<div class=\"e-gallery-image elementor-gallery-item__image\" data-thumbnail=\"https:\/\/www.portovenere.fr\/fr-fr\/wp-content\/uploads\/2024\/10\/Carrelage-gres-cerame-effet-pierre-naturelle-piasentina-Drakara-brushed-light-sol-et-mur-a-Montpellier-34-150x150.jpg\" data-width=\"150\" data-height=\"150\" aria-label=\"\" role=\"img\" ><\/div>\n\t\t\t\t\t\t\t\t\t\t\t<div class=\"elementor-gallery-item__overlay\"><\/div>\n\t\t\t\t\t\t\t\t\t\t\t\t\t\t<\/div>\n\t\t\t\t\t\t\t<div class=\"e-gallery-item elementor-gallery-item elementor-animated-content\">\n\t\t\t\t\t<div class=\"e-gallery-image elementor-gallery-item__image\" data-thumbnail=\"https:\/\/www.portovenere.fr\/fr-fr\/wp-content\/uploads\/2024\/10\/Carrelage-gres-cerame-effet-pierre-lisse-ou-cannete-relief-strie-Drakara-Flame-light-magasin-carrelage-Porto-venere-a-Montpellier-34-150x150.jpg\" data-width=\"150\" data-height=\"150\" aria-label=\"\" role=\"img\" ><\/div>\n\t\t\t\t\t\t\t\t\t\t\t<div class=\"elementor-gallery-item__overlay\"><\/div>\n\t\t\t\t\t\t\t\t\t\t\t\t\t\t<\/div>\n\t\t\t\t\t<\/div>\n\t\t\t\t\t<\/div>\n\t\t\t\t<\/div>\n\t\t\t\t<div class=\"elementor-element elementor-element-61e8757 elementor-widget elementor-widget-text-editor\" data-id=\"61e8757\" data-element_type=\"widget\" data-e-type=\"widget\" data-widget_type=\"text-editor.default\">\n\t\t\t\t<div class=\"elementor-widget-container\">\n\t\t\t\t\t\t\t\t\t<p>Ce<b>\u00a0carrelage\u00a0gr\u00e8s c\u00e9rame<\/b>\u00a0effet\u00a0<a href=\"https:\/\/it.wikipedia.org\/wiki\/Pietra_Piasentina\" target=\"_blank\" rel=\"noopener\"><b>pierre naturelle Piasentina<\/b><\/a>\u00a0est con\u00e7u pour une\u00a0<b>pose murale\u00a0<\/b>mais aussi une<b>\u00a0pose au sol en int\u00e9rieur et<\/b>\u00a0en\u00a0<b>ext\u00e9rieur.<\/b><\/p><p><strong>Les 3<\/strong>\u00a0<b>finitions\u00a0<\/b>propos\u00e9es sont :\u00a0Soft (<b>l\u00e9g\u00e8rement satin\u00e9<\/b>),\u00a0<b>naturel mat\u00a0<\/b>(R10 B) et R+PTV (R11\u00a0<b>antid\u00e9rapant<\/b>).<\/p><p>Ce<b>\u00a0<\/b>gr\u00e8s c\u00e9rame de\u00a0<b>haut qualit\u00e9<\/b>\u00a0propose\u00a0<b>4\u00a0coloris<\/b><b>\u00a0<\/b>:\u00a0Brushed Light, Flame Light, Flame Dark et Satin Dark.<\/p><p>La collection Drakara propose des<b>\u00a0formats en fine \u00e9paisseur de 6 mm<\/b>\u00a0: maxi format XXL 120 x 280 cm, 120 x 240 cm, 120 x120 cm, 60 x120 cm en\u00a0<b>finition naturelle mate ou soft<\/b>\u00a0(selon coloris).\u00a0<\/p><p>Une\u00a0<b>\u00e9paisseur de 9 mm<\/b>\u00a0est propos\u00e9e en format 80 x 180 cm, 120 x 120 cm, 60 x 120 cm, 60 x 60 cm.<\/p><p>Le coloris Flame Light propose un format en\u00a0<b>dalles 20 mm antid\u00e9rapantes<\/b>\u00a060 x 120 cm pour pose sur plot, pose sur chappe ciment avec colle \u00e0 double encollage, sur gravier ou sur gazon. ce coloris est \u00e9galement disponible en<b>\u00a0motif cannet\u00e9<\/b>\u00a060 x 120 cm.<\/p>\t\t\t\t\t\t\t\t<\/div>\n\t\t\t\t<\/div>\n\t\t\t\t<div class=\"elementor-element elementor-element-5ccfc08 elementor-mobile-align-center elementor-widget elementor-widget-button\" data-id=\"5ccfc08\" data-element_type=\"widget\" data-e-type=\"widget\" data-widget_type=\"button.default\">\n\t\t\t\t<div class=\"elementor-widget-container\">\n\t\t\t\t\t\t\t\t\t<div class=\"elementor-button-wrapper\">\n\t\t\t\t\t<a class=\"elementor-button elementor-button-link elementor-size-sm\" href=\"https:\/\/www.portovenere.fr\/fr-fr\/carrelage-sol-et-mur-en-gres-cerame-et-faience\/carrelage-aspect-pierre\/carrelage-effet-pierre-piasentina-drakara\/\">\n\t\t\t\t\t\t<span class=\"elementor-button-content-wrapper\">\n\t\t\t\t\t\t\t\t\t<span class=\"elementor-button-text\">VOIR LA COLLECTION<\/span>\n\t\t\t\t\t<\/span>\n\t\t\t\t\t<\/a>\n\t\t\t\t<\/div>\n\t\t\t\t\t\t\t\t<\/div>\n\t\t\t\t<\/div>\n\t\t\t\t\t<\/div>\n\t\t<\/div>\n\t\t\t\t\t<\/div>\n\t\t<\/section>\n\t\t\t\t\t<\/div>\n\t\t<\/div>\n\t\t\t\t\t<\/div>\n\t\t<\/section>\n\t\t\t\t<section class=\"elementor-section elementor-top-section elementor-element elementor-element-ca1bc60 elementor-section-full_width elementor-section-height-default elementor-section-height-default elementor-invisible\" data-id=\"ca1bc60\" data-element_type=\"section\" data-e-type=\"section\" data-settings=\"{&quot;background_background&quot;:&quot;classic&quot;,&quot;animation&quot;:&quot;fadeIn&quot;}\">\n\t\t\t\t\t\t<div class=\"elementor-container elementor-column-gap-default\">\n\t\t\t\t\t<div class=\"elementor-column elementor-col-33 elementor-top-column elementor-element elementor-element-17fefc81\" data-id=\"17fefc81\" data-element_type=\"column\" data-e-type=\"column\" data-settings=\"{&quot;background_background&quot;:&quot;classic&quot;}\">\n\t\t\t<div class=\"elementor-widget-wrap elementor-element-populated\">\n\t\t\t\t\t\t<div class=\"elementor-element elementor-element-6c60a19c elementor-widget elementor-widget-image\" data-id=\"6c60a19c\" data-element_type=\"widget\" data-e-type=\"widget\" data-widget_type=\"image.default\">\n\t\t\t\t<div class=\"elementor-widget-container\">\n\t\t\t\t\t\t\t\t\t\t\t\t\t\t\t\t<a href=\"https:\/\/www.portovenere.fr\/fr-fr\/carrelage-sol-et-mur-en-gres-cerame-et-faience\/carrelage-extra-fin-special-renovation\/carrelage-tres-fin-aspect-beton-contemporain-kerlite-over\/\">\n\t\t\t\t\t\t\t<img loading=\"lazy\" decoding=\"async\" width=\"800\" height=\"534\" src=\"https:\/\/www.portovenere.fr\/fr-fr\/wp-content\/uploads\/2020\/02\/Carrelage_extra_fin_salle_de_bain_Kerlite_Over-Loft-soft_et_Road-soft-3.5mm_\u00e0_Montpellier_Garosud.jpg\" class=\"attachment-large size-large wp-image-26023\" alt=\"\" srcset=\"https:\/\/www.portovenere.fr\/fr-fr\/wp-content\/uploads\/2020\/02\/Carrelage_extra_fin_salle_de_bain_Kerlite_Over-Loft-soft_et_Road-soft-3.5mm_\u00e0_Montpellier_Garosud.jpg 1000w, https:\/\/www.portovenere.fr\/fr-fr\/wp-content\/uploads\/2020\/02\/Carrelage_extra_fin_salle_de_bain_Kerlite_Over-Loft-soft_et_Road-soft-3.5mm_\u00e0_Montpellier_Garosud-300x200.jpg 300w, https:\/\/www.portovenere.fr\/fr-fr\/wp-content\/uploads\/2020\/02\/Carrelage_extra_fin_salle_de_bain_Kerlite_Over-Loft-soft_et_Road-soft-3.5mm_\u00e0_Montpellier_Garosud-768x512.jpg 768w\" sizes=\"(max-width: 800px) 100vw, 800px\" \/>\t\t\t\t\t\t\t\t<\/a>\n\t\t\t\t\t\t\t\t\t\t\t\t\t\t\t<\/div>\n\t\t\t\t<\/div>\n\t\t\t\t<div class=\"elementor-element elementor-element-50e51f81 elementor-widget elementor-widget-heading\" data-id=\"50e51f81\" data-element_type=\"widget\" data-e-type=\"widget\" data-widget_type=\"heading.default\">\n\t\t\t\t<div class=\"elementor-widget-container\">\n\t\t\t\t\t<h3 class=\"elementor-heading-title elementor-size-default\"><a href=\"https:\/\/www.portovenere.fr\/fr-fr\/carrelage-sol-et-mur-en-gres-cerame-et-faience\/carrelage-extra-fin-special-renovation\/carrelage-tres-fin-aspect-beton-contemporain-kerlite-over\/\">KERLITE OVER 3,5mm | 3 coloris<\/a><\/h3>\t\t\t\t<\/div>\n\t\t\t\t<\/div>\n\t\t\t\t<div class=\"elementor-element elementor-element-654bf36 elementor-widget__width-initial elementor-widget elementor-widget-gallery\" data-id=\"654bf36\" data-element_type=\"widget\" data-e-type=\"widget\" data-settings=\"{&quot;gap&quot;:{&quot;unit&quot;:&quot;px&quot;,&quot;size&quot;:3,&quot;sizes&quot;:[]},&quot;columns_mobile&quot;:3,&quot;gap_mobile&quot;:{&quot;unit&quot;:&quot;px&quot;,&quot;size&quot;:6,&quot;sizes&quot;:[]},&quot;columns&quot;:5,&quot;columns_tablet&quot;:3,&quot;gap_tablet&quot;:{&quot;unit&quot;:&quot;px&quot;,&quot;size&quot;:5,&quot;sizes&quot;:[]},&quot;lazyload&quot;:&quot;yes&quot;,&quot;gallery_layout&quot;:&quot;grid&quot;,&quot;aspect_ratio&quot;:&quot;3:2&quot;,&quot;overlay_background&quot;:&quot;yes&quot;,&quot;content_hover_animation&quot;:&quot;fade-in&quot;}\" data-widget_type=\"gallery.default\">\n\t\t\t\t<div class=\"elementor-widget-container\">\n\t\t\t\t\t\t\t<div class=\"elementor-gallery__container\">\n\t\t\t\t\t\t\t<div class=\"e-gallery-item elementor-gallery-item elementor-animated-content\">\n\t\t\t\t\t<div class=\"e-gallery-image elementor-gallery-item__image\" data-thumbnail=\"https:\/\/www.portovenere.fr\/fr-fr\/wp-content\/uploads\/2020\/02\/Kerlite-Over-Loft_carrelage-extra-fin-aspect-b\u00e9ton_contemporain_proche_Lav\u00e9rune-1-150x150.jpg\" data-width=\"150\" data-height=\"150\" aria-label=\"\" role=\"img\" ><\/div>\n\t\t\t\t\t\t\t\t\t\t\t<div class=\"elementor-gallery-item__overlay\"><\/div>\n\t\t\t\t\t\t\t\t\t\t\t\t\t\t<\/div>\n\t\t\t\t\t\t\t<div class=\"e-gallery-item elementor-gallery-item elementor-animated-content\">\n\t\t\t\t\t<div class=\"e-gallery-image elementor-gallery-item__image\" data-thumbnail=\"https:\/\/www.portovenere.fr\/fr-fr\/wp-content\/uploads\/2020\/02\/Kerlite-Over-Road_carrelage-extra-fin-aspect-b\u00e9ton_Montpellier-150x150.jpg\" data-width=\"150\" data-height=\"150\" aria-label=\"\" role=\"img\" ><\/div>\n\t\t\t\t\t\t\t\t\t\t\t<div class=\"elementor-gallery-item__overlay\"><\/div>\n\t\t\t\t\t\t\t\t\t\t\t\t\t\t<\/div>\n\t\t\t\t\t\t\t<div class=\"e-gallery-item elementor-gallery-item elementor-animated-content\">\n\t\t\t\t\t<div class=\"e-gallery-image elementor-gallery-item__image\" data-thumbnail=\"https:\/\/www.portovenere.fr\/fr-fr\/wp-content\/uploads\/2020\/02\/Kerlite-Over-Office_carrelage-extra-fin-aspect-b\u00e9ton_contemporain_gris_proche_Castelnau-le-Lez-150x150.jpg\" data-width=\"150\" data-height=\"150\" aria-label=\"\" role=\"img\" ><\/div>\n\t\t\t\t\t\t\t\t\t\t\t<div class=\"elementor-gallery-item__overlay\"><\/div>\n\t\t\t\t\t\t\t\t\t\t\t\t\t\t<\/div>\n\t\t\t\t\t<\/div>\n\t\t\t\t\t<\/div>\n\t\t\t\t<\/div>\n\t\t\t\t<div class=\"elementor-element elementor-element-868c91d elementor-widget elementor-widget-text-editor\" data-id=\"868c91d\" data-element_type=\"widget\" data-e-type=\"widget\" data-widget_type=\"text-editor.default\">\n\t\t\t\t<div class=\"elementor-widget-container\">\n\t\t\t\t\t\t\t\t\t<p>Carrelage sol et mur en gr\u00e8s c\u00e9rame lamin\u00e9 extra-fin aspect b\u00e9ton, disponible en \u00e9paisseur 3,5mm fibr\u00e9 (finition naturelle mate ou soft adouci).<\/p>\n<p>Disponible en 3 coloris &#8211; Loft (Gris Beige), Office (Gris Bleut\u00e9), Road (Gris Anthracite) &#8211; d\u00e9clin\u00e9s dans les formats 100&#215;100 et 300x100cm.<\/p>\t\t\t\t\t\t\t\t<\/div>\n\t\t\t\t<\/div>\n\t\t\t\t<div class=\"elementor-element elementor-element-5f03f211 elementor-mobile-align-center elementor-align-left elementor-widget elementor-widget-button\" data-id=\"5f03f211\" data-element_type=\"widget\" data-e-type=\"widget\" data-widget_type=\"button.default\">\n\t\t\t\t<div class=\"elementor-widget-container\">\n\t\t\t\t\t\t\t\t\t<div class=\"elementor-button-wrapper\">\n\t\t\t\t\t<a class=\"elementor-button elementor-button-link elementor-size-sm\" href=\"https:\/\/www.portovenere.fr\/fr-fr\/carrelage-sol-et-mur-en-gres-cerame-et-faience\/carrelage-extra-fin-special-renovation\/carrelage-tres-fin-aspect-beton-contemporain-kerlite-over\/\">\n\t\t\t\t\t\t<span class=\"elementor-button-content-wrapper\">\n\t\t\t\t\t\t\t\t\t<span class=\"elementor-button-text\">Voir la collection<\/span>\n\t\t\t\t\t<\/span>\n\t\t\t\t\t<\/a>\n\t\t\t\t<\/div>\n\t\t\t\t\t\t\t\t<\/div>\n\t\t\t\t<\/div>\n\t\t\t\t\t<\/div>\n\t\t<\/div>\n\t\t\t\t<div class=\"elementor-column elementor-col-33 elementor-top-column elementor-element elementor-element-fb8e24e\" data-id=\"fb8e24e\" data-element_type=\"column\" data-e-type=\"column\" data-settings=\"{&quot;background_background&quot;:&quot;classic&quot;}\">\n\t\t\t<div class=\"elementor-widget-wrap elementor-element-populated\">\n\t\t\t\t\t\t<div class=\"elementor-element elementor-element-acb6437 elementor-widget elementor-widget-image\" data-id=\"acb6437\" data-element_type=\"widget\" data-e-type=\"widget\" data-widget_type=\"image.default\">\n\t\t\t\t<div class=\"elementor-widget-container\">\n\t\t\t\t\t\t\t\t\t\t\t\t\t\t\t\t<a href=\"https:\/\/www.portovenere.fr\/fr-fr\/carrelage-sol-et-mur-en-gres-cerame-et-faience\/carrelage-aspect-marbre\/carrelage-effet-marbre-veine-blanc-et-violet-marbiola\/\">\n\t\t\t\t\t\t\t<img loading=\"lazy\" decoding=\"async\" width=\"800\" height=\"600\" src=\"https:\/\/www.portovenere.fr\/fr-fr\/wp-content\/uploads\/2026\/01\/Carrelage-salle-de-bain-effet-marbre-veine-blanc-et-violet-MARBIOLA-grand-format-pour-sols-et-credence-Porto-Venere-Montpellier-pres-de-Mauguio-34-1024x768.jpg\" class=\"attachment-large size-large wp-image-68801\" alt=\"Carrelage salle de bain luxe effet marbre vein\u00e9 blanc et violet MARBIOLA en carreaux grands formats - Magasin PORTO VENERE \u00e0 Montpellier 34\" srcset=\"https:\/\/www.portovenere.fr\/fr-fr\/wp-content\/uploads\/2026\/01\/Carrelage-salle-de-bain-effet-marbre-veine-blanc-et-violet-MARBIOLA-grand-format-pour-sols-et-credence-Porto-Venere-Montpellier-pres-de-Mauguio-34-1024x768.jpg 1024w, https:\/\/www.portovenere.fr\/fr-fr\/wp-content\/uploads\/2026\/01\/Carrelage-salle-de-bain-effet-marbre-veine-blanc-et-violet-MARBIOLA-grand-format-pour-sols-et-credence-Porto-Venere-Montpellier-pres-de-Mauguio-34-300x225.jpg 300w, https:\/\/www.portovenere.fr\/fr-fr\/wp-content\/uploads\/2026\/01\/Carrelage-salle-de-bain-effet-marbre-veine-blanc-et-violet-MARBIOLA-grand-format-pour-sols-et-credence-Porto-Venere-Montpellier-pres-de-Mauguio-34-768x576.jpg 768w, https:\/\/www.portovenere.fr\/fr-fr\/wp-content\/uploads\/2026\/01\/Carrelage-salle-de-bain-effet-marbre-veine-blanc-et-violet-MARBIOLA-grand-format-pour-sols-et-credence-Porto-Venere-Montpellier-pres-de-Mauguio-34.jpg 1467w\" sizes=\"(max-width: 800px) 100vw, 800px\" \/>\t\t\t\t\t\t\t\t<\/a>\n\t\t\t\t\t\t\t\t\t\t\t\t\t\t\t<\/div>\n\t\t\t\t<\/div>\n\t\t\t\t<div class=\"elementor-element elementor-element-a25c6de elementor-widget elementor-widget-heading\" data-id=\"a25c6de\" data-element_type=\"widget\" data-e-type=\"widget\" data-widget_type=\"heading.default\">\n\t\t\t\t<div class=\"elementor-widget-container\">\n\t\t\t\t\t<h3 class=\"elementor-heading-title elementor-size-default\"><a href=\"https:\/\/www.portovenere.fr\/fr-fr\/carrelage-sol-et-mur-en-gres-cerame-et-faience\/carrelage-aspect-marbre\/carrelage-effet-marbre-veine-blanc-et-violet-marbiola\/\">MARBIOLA | 1 coloris<\/a><\/h3>\t\t\t\t<\/div>\n\t\t\t\t<\/div>\n\t\t\t\t<div class=\"elementor-element elementor-element-89ba0d0 elementor-widget__width-initial elementor-widget elementor-widget-gallery\" data-id=\"89ba0d0\" data-element_type=\"widget\" data-e-type=\"widget\" data-settings=\"{&quot;gap&quot;:{&quot;unit&quot;:&quot;px&quot;,&quot;size&quot;:3,&quot;sizes&quot;:[]},&quot;columns_mobile&quot;:3,&quot;gap_mobile&quot;:{&quot;unit&quot;:&quot;px&quot;,&quot;size&quot;:6,&quot;sizes&quot;:[]},&quot;columns&quot;:5,&quot;columns_tablet&quot;:5,&quot;gap_tablet&quot;:{&quot;unit&quot;:&quot;px&quot;,&quot;size&quot;:5,&quot;sizes&quot;:[]},&quot;lazyload&quot;:&quot;yes&quot;,&quot;gallery_layout&quot;:&quot;grid&quot;,&quot;link_to&quot;:&quot;file&quot;,&quot;aspect_ratio&quot;:&quot;3:2&quot;,&quot;overlay_background&quot;:&quot;yes&quot;,&quot;content_hover_animation&quot;:&quot;fade-in&quot;}\" data-widget_type=\"gallery.default\">\n\t\t\t\t<div class=\"elementor-widget-container\">\n\t\t\t\t\t\t\t<div class=\"elementor-gallery__container\">\n\t\t\t\t\t\t\t<a class=\"e-gallery-item elementor-gallery-item elementor-animated-content\" href=\"https:\/\/www.portovenere.fr\/fr-fr\/wp-content\/uploads\/2026\/01\/Carrelage-effet-marbre-veine-blanc-et-violet-MARBIOLA-grand-format-pour-sol-et-credence-murale-Porto-Venere-Montpellier-pres-de-Sete-34.jpg\" data-elementor-open-lightbox=\"yes\" data-elementor-lightbox-slideshow=\"89ba0d0\" data-elementor-lightbox-title=\"Carrelage-effet-marbre-vein\u00e9-blanc-et-violet-MARBIOLA-grand-format-pour-sol-et-cr\u00e9dence-murale-Porto-Venere-Montpellier-pr\u00e8s-de-S\u00e8te-34\" data-e-action-hash=\"#elementor-action%3Aaction%3Dlightbox%26settings%3DeyJpZCI6Njg4MTEsInVybCI6Imh0dHBzOlwvXC93d3cucG9ydG92ZW5lcmUuZnJcL2ZyLWZyXC93cC1jb250ZW50XC91cGxvYWRzXC8yMDI2XC8wMVwvQ2FycmVsYWdlLWVmZmV0LW1hcmJyZS12ZWluZS1ibGFuYy1ldC12aW9sZXQtTUFSQklPTEEtZ3JhbmQtZm9ybWF0LXBvdXItc29sLWV0LWNyZWRlbmNlLW11cmFsZS1Qb3J0by1WZW5lcmUtTW9udHBlbGxpZXItcHJlcy1kZS1TZXRlLTM0LmpwZyIsInNsaWRlc2hvdyI6Ijg5YmEwZDAifQ%3D%3D\">\n\t\t\t\t\t<div class=\"e-gallery-image elementor-gallery-item__image\" data-thumbnail=\"https:\/\/www.portovenere.fr\/fr-fr\/wp-content\/uploads\/2026\/01\/Carrelage-effet-marbre-veine-blanc-et-violet-MARBIOLA-grand-format-pour-sol-et-credence-murale-Porto-Venere-Montpellier-pres-de-Sete-34-150x150.jpg\" data-width=\"150\" data-height=\"150\" aria-label=\"Carrelage luxe effet marbre vein\u00e9 blanc et violet MARBIOLA en carreaux grands formats - Magasin PORTO VENERE \u00e0 Montpellier 34\" role=\"img\" ><\/div>\n\t\t\t\t\t\t\t\t\t\t\t<div class=\"elementor-gallery-item__overlay\"><\/div>\n\t\t\t\t\t\t\t\t\t\t\t\t\t\t<\/a>\n\t\t\t\t\t<\/div>\n\t\t\t\t\t<\/div>\n\t\t\t\t<\/div>\n\t\t\t\t<div class=\"elementor-element elementor-element-4728fcd elementor-widget elementor-widget-text-editor\" data-id=\"4728fcd\" data-element_type=\"widget\" data-e-type=\"widget\" data-widget_type=\"text-editor.default\">\n\t\t\t\t<div class=\"elementor-widget-container\">\n\t\t\t\t\t\t\t\t\t<p>La collection <strong data-start=\"2082\" data-end=\"2094\">MARBIOLA<\/strong> r\u00e9interpr\u00e8te le marbre blanc et violet avec une intensit\u00e9 graphique remarquable.\u00a0<\/p><p>Son fond lumineux est travers\u00e9 de veines profondes aux nuances violettes et dor\u00e9es, apportant caract\u00e8re et \u00e9l\u00e9gance aux espaces.\u00a0<\/p><p>Disponible en <strong data-start=\"2319\" data-end=\"2352\">formats 60\u00d7120 cm, 120\u00d7120 cm<\/strong> et en <strong data-start=\"2359\" data-end=\"2407\">format XXL 120\u00d7280 cm en \u00e9paisseur fine 6 mm<\/strong>, MARBIOLA offre une continuit\u00e9 visuelle spectaculaire.\u00a0<\/p><p>La <strong data-start=\"2466\" data-end=\"2495\">finition 3D Honed adoucie<\/strong>, associ\u00e9e \u00e0 des <strong data-start=\"2512\" data-end=\"2531\">bords rectifi\u00e9s<\/strong>, souligne la richesse du dessin tout en garantissant une pose pr\u00e9cise.\u00a0<\/p><p>Un carrelage en gr\u00e8s c\u00e9rame id\u00e9al pour des projets int\u00e9rieurs contemporains et haut de gamme.<\/p>\t\t\t\t\t\t\t\t<\/div>\n\t\t\t\t<\/div>\n\t\t\t\t<div class=\"elementor-element elementor-element-248b47d elementor-mobile-align-center elementor-align-left elementor-widget elementor-widget-button\" data-id=\"248b47d\" data-element_type=\"widget\" data-e-type=\"widget\" data-widget_type=\"button.default\">\n\t\t\t\t<div class=\"elementor-widget-container\">\n\t\t\t\t\t\t\t\t\t<div class=\"elementor-button-wrapper\">\n\t\t\t\t\t<a class=\"elementor-button elementor-button-link elementor-size-sm\" href=\"https:\/\/www.portovenere.fr\/fr-fr\/carrelage-sol-et-mur-en-gres-cerame-et-faience\/carrelage-aspect-marbre\/carrelage-effet-marbre-veine-blanc-et-violet-marbiola\/\">\n\t\t\t\t\t\t<span class=\"elementor-button-content-wrapper\">\n\t\t\t\t\t\t\t\t\t<span class=\"elementor-button-text\">Voir la collection<\/span>\n\t\t\t\t\t<\/span>\n\t\t\t\t\t<\/a>\n\t\t\t\t<\/div>\n\t\t\t\t\t\t\t\t<\/div>\n\t\t\t\t<\/div>\n\t\t\t\t\t<\/div>\n\t\t<\/div>\n\t\t\t\t<div class=\"elementor-column elementor-col-33 elementor-top-column elementor-element elementor-element-2b8ae00\" data-id=\"2b8ae00\" data-element_type=\"column\" data-e-type=\"column\" data-settings=\"{&quot;background_background&quot;:&quot;classic&quot;}\">\n\t\t\t<div class=\"elementor-widget-wrap elementor-element-populated\">\n\t\t\t\t\t\t<div class=\"elementor-element elementor-element-99530ce elementor-widget elementor-widget-image\" data-id=\"99530ce\" data-element_type=\"widget\" data-e-type=\"widget\" data-widget_type=\"image.default\">\n\t\t\t\t<div class=\"elementor-widget-container\">\n\t\t\t\t\t\t\t\t\t\t\t\t\t\t\t\t<a href=\"https:\/\/www.portovenere.fr\/fr-fr\/carrelage-sol-et-mur-en-gres-cerame-et-faience\/carrelage-aspect-pierre\/carrelage-fine-epaisseur-effet-marbre-pour-sols-et-murs-baskana\/\">\n\t\t\t\t\t\t\t<img decoding=\"async\" src=\"https:\/\/www.portovenere.fr\/fr-fr\/wp-content\/uploads\/elementor\/thumbs\/Carrelage-fine-epaisseur-6-mm-effet-marbre-luxe-brillant-noir-pour-sols-et-murs-grands-formats-BASKANA-coloris-Orobico-Magasin-de-carrelages-haut-de-gamme-a-Montpellier-34--rif5hnronx7p3rghev1jjycl4ea2pj3uiunobo877s.jpg\" title=\"Carrelage-fine-\u00e9paisseur-6-mm-effet-marbre-luxe-brillant-noir-pour-sols-et-murs-grands-formats-BASKANA-coloris-Orobico-Magasin-de-carrelages-haut-de-gamme-\u00e0-Montpellier-34-\" alt=\"Carrelage marbre haut de gamme noir vein\u00e9 puissant BASKANA coloris Orobico fine \u00e9paisseur 6mm pour sols et murs Magasin Porto Venere \u00e0 Montpellier 34\" loading=\"lazy\" \/>\t\t\t\t\t\t\t\t<\/a>\n\t\t\t\t\t\t\t\t\t\t\t\t\t\t\t<\/div>\n\t\t\t\t<\/div>\n\t\t\t\t<div class=\"elementor-element elementor-element-9e006e5 elementor-widget elementor-widget-heading\" data-id=\"9e006e5\" data-element_type=\"widget\" data-e-type=\"widget\" data-widget_type=\"heading.default\">\n\t\t\t\t<div class=\"elementor-widget-container\">\n\t\t\t\t\t<h3 class=\"elementor-heading-title elementor-size-default\"><a href=\"https:\/\/www.portovenere.fr\/fr-fr\/carrelage-sol-et-mur-en-gres-cerame-et-faience\/carrelage-aspect-pierre\/carrelage-fine-epaisseur-effet-marbre-pour-sols-et-murs-baskana\/\">BASKANA | 2 coloris<\/a><\/h3>\t\t\t\t<\/div>\n\t\t\t\t<\/div>\n\t\t\t\t<div class=\"elementor-element elementor-element-4e98769 elementor-widget__width-initial elementor-widget elementor-widget-gallery\" data-id=\"4e98769\" data-element_type=\"widget\" data-e-type=\"widget\" data-settings=\"{&quot;gap&quot;:{&quot;unit&quot;:&quot;px&quot;,&quot;size&quot;:3,&quot;sizes&quot;:[]},&quot;columns_mobile&quot;:3,&quot;gap_mobile&quot;:{&quot;unit&quot;:&quot;px&quot;,&quot;size&quot;:6,&quot;sizes&quot;:[]},&quot;columns&quot;:5,&quot;columns_tablet&quot;:3,&quot;gap_tablet&quot;:{&quot;unit&quot;:&quot;px&quot;,&quot;size&quot;:5,&quot;sizes&quot;:[]},&quot;lazyload&quot;:&quot;yes&quot;,&quot;gallery_layout&quot;:&quot;grid&quot;,&quot;link_to&quot;:&quot;file&quot;,&quot;aspect_ratio&quot;:&quot;3:2&quot;,&quot;overlay_background&quot;:&quot;yes&quot;,&quot;content_hover_animation&quot;:&quot;fade-in&quot;}\" data-widget_type=\"gallery.default\">\n\t\t\t\t<div class=\"elementor-widget-container\">\n\t\t\t\t\t\t\t<div class=\"elementor-gallery__container\">\n\t\t\t\t\t\t\t<a class=\"e-gallery-item elementor-gallery-item elementor-animated-content\" href=\"https:\/\/www.portovenere.fr\/fr-fr\/wp-content\/uploads\/2026\/01\/Carrelage-fine-epaisseur-6-mm-effet-marbre-luxe-brillant-pour-sols-et-murs-grands-formats-BASKANA-coloris-Alaska-Magasin-de-carrelages-Porto-Venere-pres-de-Agde-34-.jpg\" data-elementor-open-lightbox=\"yes\" data-elementor-lightbox-slideshow=\"4e98769\" data-elementor-lightbox-title=\"Carrelage-fine-\u00e9paisseur-6-mm-effet-marbre-luxe-brillant-pour-sols-et-murs-grands-formats-BASKANA-coloris-Alaska-Magasin-de-carrelages-Porto-Venere-pr\u00e8s-de-Agde-34-\" data-e-action-hash=\"#elementor-action%3Aaction%3Dlightbox%26settings%3DeyJpZCI6Njk0OTcsInVybCI6Imh0dHBzOlwvXC93d3cucG9ydG92ZW5lcmUuZnJcL2ZyLWZyXC93cC1jb250ZW50XC91cGxvYWRzXC8yMDI2XC8wMVwvQ2FycmVsYWdlLWZpbmUtZXBhaXNzZXVyLTYtbW0tZWZmZXQtbWFyYnJlLWx1eGUtYnJpbGxhbnQtcG91ci1zb2xzLWV0LW11cnMtZ3JhbmRzLWZvcm1hdHMtQkFTS0FOQS1jb2xvcmlzLUFsYXNrYS1NYWdhc2luLWRlLWNhcnJlbGFnZXMtUG9ydG8tVmVuZXJlLXByZXMtZGUtQWdkZS0zNC0uanBnIiwic2xpZGVzaG93IjoiNGU5ODc2OSJ9\">\n\t\t\t\t\t<div class=\"e-gallery-image elementor-gallery-item__image\" data-thumbnail=\"https:\/\/www.portovenere.fr\/fr-fr\/wp-content\/uploads\/2026\/01\/Carrelage-fine-epaisseur-6-mm-effet-marbre-luxe-brillant-pour-sols-et-murs-grands-formats-BASKANA-coloris-Alaska-Magasin-de-carrelages-Porto-Venere-pres-de-Agde-34--150x150.jpg\" data-width=\"150\" data-height=\"150\" aria-label=\"\" role=\"img\" ><\/div>\n\t\t\t\t\t\t\t\t\t\t\t<div class=\"elementor-gallery-item__overlay\"><\/div>\n\t\t\t\t\t\t\t\t\t\t\t\t\t\t<\/a>\n\t\t\t\t\t\t\t<a class=\"e-gallery-item elementor-gallery-item elementor-animated-content\" href=\"https:\/\/www.portovenere.fr\/fr-fr\/wp-content\/uploads\/2026\/01\/Carrelage-fine-epaisseur-6-mm-effet-marbre-luxe-brillant-noir-pour-sols-et-murs-grands-formats-BASKANA-coloris-Orobico-Magasin-de-carrelages-Porto-Venere-pres-de-Sete-34-.jpg\" data-elementor-open-lightbox=\"yes\" data-elementor-lightbox-slideshow=\"4e98769\" data-elementor-lightbox-title=\"Carrelage-fine-\u00e9paisseur-6-mm-effet-marbre-luxe-brillant-noir-pour-sols-et-murs-grands-formats-BASKANA-coloris-Orobico-Magasin-de-carrelages-Porto-Venere-pr\u00e8s-de-S\u00e8te-34-\" data-e-action-hash=\"#elementor-action%3Aaction%3Dlightbox%26settings%3DeyJpZCI6Njk0OTIsInVybCI6Imh0dHBzOlwvXC93d3cucG9ydG92ZW5lcmUuZnJcL2ZyLWZyXC93cC1jb250ZW50XC91cGxvYWRzXC8yMDI2XC8wMVwvQ2FycmVsYWdlLWZpbmUtZXBhaXNzZXVyLTYtbW0tZWZmZXQtbWFyYnJlLWx1eGUtYnJpbGxhbnQtbm9pci1wb3VyLXNvbHMtZXQtbXVycy1ncmFuZHMtZm9ybWF0cy1CQVNLQU5BLWNvbG9yaXMtT3JvYmljby1NYWdhc2luLWRlLWNhcnJlbGFnZXMtUG9ydG8tVmVuZXJlLXByZXMtZGUtU2V0ZS0zNC0uanBnIiwic2xpZGVzaG93IjoiNGU5ODc2OSJ9\">\n\t\t\t\t\t<div class=\"e-gallery-image elementor-gallery-item__image\" data-thumbnail=\"https:\/\/www.portovenere.fr\/fr-fr\/wp-content\/uploads\/2026\/01\/Carrelage-fine-epaisseur-6-mm-effet-marbre-luxe-brillant-noir-pour-sols-et-murs-grands-formats-BASKANA-coloris-Orobico-Magasin-de-carrelages-Porto-Venere-pres-de-Sete-34--150x150.jpg\" data-width=\"150\" data-height=\"150\" aria-label=\"\" role=\"img\" ><\/div>\n\t\t\t\t\t\t\t\t\t\t\t<div class=\"elementor-gallery-item__overlay\"><\/div>\n\t\t\t\t\t\t\t\t\t\t\t\t\t\t<\/a>\n\t\t\t\t\t<\/div>\n\t\t\t\t\t<\/div>\n\t\t\t\t<\/div>\n\t\t\t\t<div class=\"elementor-element elementor-element-6821d77 elementor-widget elementor-widget-text-editor\" data-id=\"6821d77\" data-element_type=\"widget\" data-e-type=\"widget\" data-widget_type=\"text-editor.default\">\n\t\t\t\t<div class=\"elementor-widget-container\">\n\t\t\t\t\t\t\t\t\t<p data-start=\"2207\" data-end=\"2521\"><strong data-start=\"2207\" data-end=\"2218\">BASKANA<\/strong> r\u00e9interpr\u00e8te l\u2019\u00e9l\u00e9gance du marbre dans une collection de carrelage c\u00e9ramique <strong data-start=\"2296\" data-end=\"2329\">ultra fine \u00e9paisseur (6,5 mm)<\/strong>, pens\u00e9e pour les sols et murs.\u00a0<\/p><p data-start=\"2207\" data-end=\"2521\">D\u00e9clin\u00e9e en deux nuances raffin\u00e9es, <strong data-start=\"2397\" data-end=\"2407\">Alaska<\/strong>, claire et lumineuse, et <strong data-start=\"2433\" data-end=\"2444\">Orobico<\/strong>, plus intense et expressive, elle s\u2019adapte \u00e0 tous les styles d\u2019architecture.<\/p><p data-start=\"2523\" data-end=\"2854\">Disponible en <strong data-start=\"2537\" data-end=\"2550\">60\u00d7120 cm<\/strong>, <strong data-start=\"2552\" data-end=\"2566\">120\u00d7120 cm<\/strong> et en <strong data-start=\"2573\" data-end=\"2598\">format XXL 120\u00d7278 cm<\/strong>, BASKANA permet de cr\u00e9er de vastes surfaces continues.\u00a0<\/p><p data-start=\"2523\" data-end=\"2854\">Les finitions <strong data-start=\"2668\" data-end=\"2688\">Glossy brillante<\/strong> ou <strong data-start=\"2692\" data-end=\"2705\">Touch mat<\/strong> offrent deux lectures esth\u00e9tiques, du marbre \u00e9clatant au rendu plus doux et contemporain. Une solution id\u00e9ale pour des projets \u00e9l\u00e9gants et durables.<\/p>\t\t\t\t\t\t\t\t<\/div>\n\t\t\t\t<\/div>\n\t\t\t\t<div class=\"elementor-element elementor-element-a2cd110 elementor-mobile-align-center elementor-align-left elementor-widget elementor-widget-button\" data-id=\"a2cd110\" data-element_type=\"widget\" data-e-type=\"widget\" data-widget_type=\"button.default\">\n\t\t\t\t<div class=\"elementor-widget-container\">\n\t\t\t\t\t\t\t\t\t<div class=\"elementor-button-wrapper\">\n\t\t\t\t\t<a class=\"elementor-button elementor-button-link elementor-size-sm\" href=\"https:\/\/www.portovenere.fr\/fr-fr\/carrelage-sol-et-mur-en-gres-cerame-et-faience\/carrelage-aspect-pierre\/carrelage-fine-epaisseur-effet-marbre-pour-sols-et-murs-baskana\/\">\n\t\t\t\t\t\t<span class=\"elementor-button-content-wrapper\">\n\t\t\t\t\t\t\t\t\t<span class=\"elementor-button-text\">Voir la collection<\/span>\n\t\t\t\t\t<\/span>\n\t\t\t\t\t<\/a>\n\t\t\t\t<\/div>\n\t\t\t\t\t\t\t\t<\/div>\n\t\t\t\t<\/div>\n\t\t\t\t\t<\/div>\n\t\t<\/div>\n\t\t\t\t\t<\/div>\n\t\t<\/section>\n\t\t\t\t<section class=\"elementor-section elementor-top-section elementor-element elementor-element-d63c6cd elementor-section-full_width elementor-section-height-default elementor-section-height-default elementor-invisible\" data-id=\"d63c6cd\" data-element_type=\"section\" data-e-type=\"section\" data-settings=\"{&quot;background_background&quot;:&quot;classic&quot;,&quot;animation&quot;:&quot;fadeIn&quot;}\">\n\t\t\t\t\t\t<div class=\"elementor-container elementor-column-gap-default\">\n\t\t\t\t\t<div class=\"elementor-column elementor-col-33 elementor-top-column elementor-element elementor-element-7c0fd18\" data-id=\"7c0fd18\" data-element_type=\"column\" data-e-type=\"column\" data-settings=\"{&quot;background_background&quot;:&quot;classic&quot;}\">\n\t\t\t<div class=\"elementor-widget-wrap elementor-element-populated\">\n\t\t\t\t\t\t<div class=\"elementor-element elementor-element-18b190f elementor-widget elementor-widget-image\" data-id=\"18b190f\" data-element_type=\"widget\" data-e-type=\"widget\" data-widget_type=\"image.default\">\n\t\t\t\t<div class=\"elementor-widget-container\">\n\t\t\t\t\t\t\t\t\t\t\t\t\t\t\t\t<a href=\"https:\/\/www.portovenere.fr\/fr-fr\/carrelage-sol-et-mur-en-gres-cerame-et-faience\/carrelage-aspect-pierre\/carrelage-haut-de-gamme-effet-pierre-variati\/\">\n\t\t\t\t\t\t\t<img decoding=\"async\" src=\"https:\/\/www.portovenere.fr\/fr-fr\/wp-content\/uploads\/elementor\/thumbs\/Carrelage-haut-de-gamme-de-qualite-effet-pierre-differentes-textures-et-coloris-pour-sols-et-murs-interieur-et-exterieur-VARIATI-magasin-Porto-Venere-Montpellier-pres-de-Agde-34-rhb8vpkgqh8lxknywzs26ar417h0h9fhmrkbn4y4co.jpg\" title=\"Carrelage-haut-de-gamme-de-qualit\u00e9-effet-pierre-diff\u00e9rentes-textures-et-coloris-pour-sols-et-murs-int\u00e9rieur-et-ext\u00e9rieur-VARIATI-magasin-Porto-Venere-Montpellier-pr\u00e8s-de-Agde-34\" alt=\"Carrelage-haut-de-gamme-de-qualit\u00e9-effet-pierre-diff\u00e9rentes-textures-et-coloris-pour-sols-et-murs-int\u00e9rieur-et-ext\u00e9rieur-VARIATI-magasin-Porto-Venere-Montpellier-pr\u00e8s-de-Agde-34\" loading=\"lazy\" \/>\t\t\t\t\t\t\t\t<\/a>\n\t\t\t\t\t\t\t\t\t\t\t\t\t\t\t<\/div>\n\t\t\t\t<\/div>\n\t\t\t\t<div class=\"elementor-element elementor-element-c9082d5 elementor-widget elementor-widget-heading\" data-id=\"c9082d5\" data-element_type=\"widget\" data-e-type=\"widget\" data-widget_type=\"heading.default\">\n\t\t\t\t<div class=\"elementor-widget-container\">\n\t\t\t\t\t<h3 class=\"elementor-heading-title elementor-size-default\"><a href=\"https:\/\/www.portovenere.fr\/fr-fr\/carrelage-sol-et-mur-en-gres-cerame-et-faience\/carrelage-aspect-pierre\/carrelage-haut-de-gamme-effet-pierre-variati\/\">VARIATI | 4 coloris<\/a><\/h3>\t\t\t\t<\/div>\n\t\t\t\t<\/div>\n\t\t\t\t<div class=\"elementor-element elementor-element-831688a elementor-widget__width-initial elementor-widget elementor-widget-gallery\" data-id=\"831688a\" data-element_type=\"widget\" data-e-type=\"widget\" data-settings=\"{&quot;gap&quot;:{&quot;unit&quot;:&quot;px&quot;,&quot;size&quot;:3,&quot;sizes&quot;:[]},&quot;columns_mobile&quot;:3,&quot;gap_mobile&quot;:{&quot;unit&quot;:&quot;px&quot;,&quot;size&quot;:6,&quot;sizes&quot;:[]},&quot;columns&quot;:5,&quot;columns_tablet&quot;:5,&quot;gap_tablet&quot;:{&quot;unit&quot;:&quot;px&quot;,&quot;size&quot;:5,&quot;sizes&quot;:[]},&quot;lazyload&quot;:&quot;yes&quot;,&quot;gallery_layout&quot;:&quot;grid&quot;,&quot;link_to&quot;:&quot;file&quot;,&quot;aspect_ratio&quot;:&quot;3:2&quot;,&quot;overlay_background&quot;:&quot;yes&quot;,&quot;content_hover_animation&quot;:&quot;fade-in&quot;}\" data-widget_type=\"gallery.default\">\n\t\t\t\t<div class=\"elementor-widget-container\">\n\t\t\t\t\t\t\t<div class=\"elementor-gallery__container\">\n\t\t\t\t\t\t\t<a class=\"e-gallery-item elementor-gallery-item elementor-animated-content\" href=\"https:\/\/www.portovenere.fr\/fr-fr\/wp-content\/uploads\/2026\/01\/Carrelage-gres-cerame-effet-pierre-foncee-differentes-textures-et-coloris-pour-sols-et-murs-interieur-et-exterieur-VARIATI-coloris-Clay-magasin-Porto-Venere-proche-Sete-34.jpg\" data-elementor-open-lightbox=\"yes\" data-elementor-lightbox-slideshow=\"831688a\" data-elementor-lightbox-title=\"Carrelage-gr\u00e8s-c\u00e9rame-effet-pierre-fonc\u00e9e-diff\u00e9rentes-textures-et-coloris-pour-sols-et-murs-int\u00e9rieur-et-ext\u00e9rieur-VARIATI-coloris-Clay-magasin-Porto-Venere-proche-S\u00e8te-34\" data-e-action-hash=\"#elementor-action%3Aaction%3Dlightbox%26settings%3DeyJpZCI6Njg4ODUsInVybCI6Imh0dHBzOlwvXC93d3cucG9ydG92ZW5lcmUuZnJcL2ZyLWZyXC93cC1jb250ZW50XC91cGxvYWRzXC8yMDI2XC8wMVwvQ2FycmVsYWdlLWdyZXMtY2VyYW1lLWVmZmV0LXBpZXJyZS1mb25jZWUtZGlmZmVyZW50ZXMtdGV4dHVyZXMtZXQtY29sb3Jpcy1wb3VyLXNvbHMtZXQtbXVycy1pbnRlcmlldXItZXQtZXh0ZXJpZXVyLVZBUklBVEktY29sb3Jpcy1DbGF5LW1hZ2FzaW4tUG9ydG8tVmVuZXJlLXByb2NoZS1TZXRlLTM0LmpwZyIsInNsaWRlc2hvdyI6IjgzMTY4OGEifQ%3D%3D\">\n\t\t\t\t\t<div class=\"e-gallery-image elementor-gallery-item__image\" data-thumbnail=\"https:\/\/www.portovenere.fr\/fr-fr\/wp-content\/uploads\/2026\/01\/Carrelage-gres-cerame-effet-pierre-foncee-differentes-textures-et-coloris-pour-sols-et-murs-interieur-et-exterieur-VARIATI-coloris-Clay-magasin-Porto-Venere-proche-Sete-34-150x150.jpg\" data-width=\"150\" data-height=\"150\" aria-label=\"Carrelage-haut-de-gamme-de-qualit\u00e9-effet-pierre-diff\u00e9rentes-textures-et-coloris-pour-sols-et-murs-int\u00e9rieur-et-ext\u00e9rieur-VARIATI-magasin-Porto-Venere-\u00e0-Montpellier-34\" role=\"img\" ><\/div>\n\t\t\t\t\t\t\t\t\t\t\t<div class=\"elementor-gallery-item__overlay\"><\/div>\n\t\t\t\t\t\t\t\t\t\t\t\t\t\t<\/a>\n\t\t\t\t\t\t\t<a class=\"e-gallery-item elementor-gallery-item elementor-animated-content\" href=\"https:\/\/www.portovenere.fr\/fr-fr\/wp-content\/uploads\/2026\/01\/Carrelage-gres-cerame-effet-pierre-differentes-textures-et-coloris-pour-sols-et-murs-interieur-et-exterieur-VARIATI-coloris-Shell-magasin-Porto-Venere-proche-Perols-34.jpg\" data-elementor-open-lightbox=\"yes\" data-elementor-lightbox-slideshow=\"831688a\" data-elementor-lightbox-title=\"Carrelage-gr\u00e8s-c\u00e9rame-effet-pierre-diff\u00e9rentes-textures-et-coloris-pour-sols-et-murs-int\u00e9rieur-et-ext\u00e9rieur-VARIATI-coloris-Shell-magasin-Porto-Venere-proche-Perols-34\" data-e-action-hash=\"#elementor-action%3Aaction%3Dlightbox%26settings%3DeyJpZCI6Njg4ODQsInVybCI6Imh0dHBzOlwvXC93d3cucG9ydG92ZW5lcmUuZnJcL2ZyLWZyXC93cC1jb250ZW50XC91cGxvYWRzXC8yMDI2XC8wMVwvQ2FycmVsYWdlLWdyZXMtY2VyYW1lLWVmZmV0LXBpZXJyZS1kaWZmZXJlbnRlcy10ZXh0dXJlcy1ldC1jb2xvcmlzLXBvdXItc29scy1ldC1tdXJzLWludGVyaWV1ci1ldC1leHRlcmlldXItVkFSSUFUSS1jb2xvcmlzLVNoZWxsLW1hZ2FzaW4tUG9ydG8tVmVuZXJlLXByb2NoZS1QZXJvbHMtMzQuanBnIiwic2xpZGVzaG93IjoiODMxNjg4YSJ9\">\n\t\t\t\t\t<div class=\"e-gallery-image elementor-gallery-item__image\" data-thumbnail=\"https:\/\/www.portovenere.fr\/fr-fr\/wp-content\/uploads\/2026\/01\/Carrelage-gres-cerame-effet-pierre-differentes-textures-et-coloris-pour-sols-et-murs-interieur-et-exterieur-VARIATI-coloris-Shell-magasin-Porto-Venere-proche-Perols-34-150x150.jpg\" data-width=\"150\" data-height=\"150\" aria-label=\"Carrelage-haut-de-gamme-de-qualit\u00e9-effet-pierre-diff\u00e9rentes-textures-et-coloris-pour-sols-et-murs-int\u00e9rieur-et-ext\u00e9rieur-VARIATI-magasin-Porto-Venere-\u00e0-Montpellier-34\" role=\"img\" ><\/div>\n\t\t\t\t\t\t\t\t\t\t\t<div class=\"elementor-gallery-item__overlay\"><\/div>\n\t\t\t\t\t\t\t\t\t\t\t\t\t\t<\/a>\n\t\t\t\t\t\t\t<a class=\"e-gallery-item elementor-gallery-item elementor-animated-content\" href=\"https:\/\/www.portovenere.fr\/fr-fr\/wp-content\/uploads\/2026\/01\/Carrelage-gres-cerame-effet-pierre-differentes-textures-et-coloris-pour-sols-et-murs-interieur-et-exterieur-VARIATI-coloris-Clay-magasin-Porto-Venere-proche-Balaruc-34.jpg\" data-elementor-open-lightbox=\"yes\" data-elementor-lightbox-slideshow=\"831688a\" data-elementor-lightbox-title=\"Carrelage-gr\u00e8s-c\u00e9rame-effet-pierre-diff\u00e9rentes-textures-et-coloris-pour-sols-et-murs-int\u00e9rieur-et-ext\u00e9rieur-VARIATI-coloris-Clay-magasin-Porto-Venere-proche-Balaruc-34\" data-e-action-hash=\"#elementor-action%3Aaction%3Dlightbox%26settings%3DeyJpZCI6Njg4ODIsInVybCI6Imh0dHBzOlwvXC93d3cucG9ydG92ZW5lcmUuZnJcL2ZyLWZyXC93cC1jb250ZW50XC91cGxvYWRzXC8yMDI2XC8wMVwvQ2FycmVsYWdlLWdyZXMtY2VyYW1lLWVmZmV0LXBpZXJyZS1kaWZmZXJlbnRlcy10ZXh0dXJlcy1ldC1jb2xvcmlzLXBvdXItc29scy1ldC1tdXJzLWludGVyaWV1ci1ldC1leHRlcmlldXItVkFSSUFUSS1jb2xvcmlzLUNsYXktbWFnYXNpbi1Qb3J0by1WZW5lcmUtcHJvY2hlLUJhbGFydWMtMzQuanBnIiwic2xpZGVzaG93IjoiODMxNjg4YSJ9\">\n\t\t\t\t\t<div class=\"e-gallery-image elementor-gallery-item__image\" data-thumbnail=\"https:\/\/www.portovenere.fr\/fr-fr\/wp-content\/uploads\/2026\/01\/Carrelage-gres-cerame-effet-pierre-differentes-textures-et-coloris-pour-sols-et-murs-interieur-et-exterieur-VARIATI-coloris-Clay-magasin-Porto-Venere-proche-Balaruc-34-150x150.jpg\" data-width=\"150\" data-height=\"150\" aria-label=\"Carrelage-haut-de-gamme-de-qualit\u00e9-effet-pierre-diff\u00e9rentes-textures-et-coloris-pour-sols-et-murs-int\u00e9rieur-et-ext\u00e9rieur-VARIATI-magasin-Porto-Venere-\u00e0-Montpellier-34\" role=\"img\" ><\/div>\n\t\t\t\t\t\t\t\t\t\t\t<div class=\"elementor-gallery-item__overlay\"><\/div>\n\t\t\t\t\t\t\t\t\t\t\t\t\t\t<\/a>\n\t\t\t\t\t\t\t<a class=\"e-gallery-item elementor-gallery-item elementor-animated-content\" href=\"https:\/\/www.portovenere.fr\/fr-fr\/wp-content\/uploads\/2026\/01\/Carrelage-gres-cerame-effet-pierre-differentes-textures-et-coloris-pour-sols-et-murs-interieur-et-exterieur-VARIATI-coloris-Sand-magasin-Porto-Venere-proche-Jacou-34.jpg\" data-elementor-open-lightbox=\"yes\" data-elementor-lightbox-slideshow=\"831688a\" data-elementor-lightbox-title=\"Carrelage-gr\u00e8s-c\u00e9rame-effet-pierre-diff\u00e9rentes-textures-et-coloris-pour-sols-et-murs-int\u00e9rieur-et-ext\u00e9rieur-VARIATI-coloris-Sand-magasin-Porto-Venere-proche-Jacou-34\" data-e-action-hash=\"#elementor-action%3Aaction%3Dlightbox%26settings%3DeyJpZCI6Njg4ODMsInVybCI6Imh0dHBzOlwvXC93d3cucG9ydG92ZW5lcmUuZnJcL2ZyLWZyXC93cC1jb250ZW50XC91cGxvYWRzXC8yMDI2XC8wMVwvQ2FycmVsYWdlLWdyZXMtY2VyYW1lLWVmZmV0LXBpZXJyZS1kaWZmZXJlbnRlcy10ZXh0dXJlcy1ldC1jb2xvcmlzLXBvdXItc29scy1ldC1tdXJzLWludGVyaWV1ci1ldC1leHRlcmlldXItVkFSSUFUSS1jb2xvcmlzLVNhbmQtbWFnYXNpbi1Qb3J0by1WZW5lcmUtcHJvY2hlLUphY291LTM0LmpwZyIsInNsaWRlc2hvdyI6IjgzMTY4OGEifQ%3D%3D\">\n\t\t\t\t\t<div class=\"e-gallery-image elementor-gallery-item__image\" data-thumbnail=\"https:\/\/www.portovenere.fr\/fr-fr\/wp-content\/uploads\/2026\/01\/Carrelage-gres-cerame-effet-pierre-differentes-textures-et-coloris-pour-sols-et-murs-interieur-et-exterieur-VARIATI-coloris-Sand-magasin-Porto-Venere-proche-Jacou-34-150x150.jpg\" data-width=\"150\" data-height=\"150\" aria-label=\"Carrelage-haut-de-gamme-de-qualit\u00e9-effet-pierre-diff\u00e9rentes-textures-et-coloris-pour-sols-et-murs-int\u00e9rieur-et-ext\u00e9rieur-VARIATI-magasin-Porto-Venere-\u00e0-Montpellier-34\" role=\"img\" ><\/div>\n\t\t\t\t\t\t\t\t\t\t\t<div class=\"elementor-gallery-item__overlay\"><\/div>\n\t\t\t\t\t\t\t\t\t\t\t\t\t\t<\/a>\n\t\t\t\t\t<\/div>\n\t\t\t\t\t<\/div>\n\t\t\t\t<\/div>\n\t\t\t\t<div class=\"elementor-element elementor-element-57c6263 elementor-widget elementor-widget-text-editor\" data-id=\"57c6263\" data-element_type=\"widget\" data-e-type=\"widget\" data-widget_type=\"text-editor.default\">\n\t\t\t\t<div class=\"elementor-widget-container\">\n\t\t\t\t\t\t\t\t\t<p data-start=\"33\" data-end=\"290\">La collection <strong data-start=\"2256\" data-end=\"2267\">VARIATI<\/strong> est un carrelage haut de gamme effet pierre con\u00e7u pour les <strong data-start=\"2327\" data-end=\"2343\">sols et murs<\/strong>, en <strong>int\u00e9rieur comme en ext\u00e9rieur<\/strong>.\u00a0<\/p><p data-start=\"33\" data-end=\"290\">Elle se d\u00e9cline en <span data-start=\"2397\" data-end=\"2424\"><b>quatre coloris naturels<\/b><\/span> : Shell, Sand, Clay et Shadow.\u00a0<\/p><p data-start=\"33\" data-end=\"290\">Disponible en <strong data-start=\"2470\" data-end=\"2485\">six formats<\/strong>, du <strong data-start=\"2490\" data-end=\"2529\">60\u00d760 cm au grand format 120\u00d7278 cm<\/strong>, VARIATI s\u2019adapte \u00e0 tous les projets.\u00a0<\/p><p data-start=\"33\" data-end=\"290\">Les <strong data-start=\"2572\" data-end=\"2628\">finitions Nat, Lapp, Rough et Rough L2 antid\u00e9rapante<\/strong>, ainsi que les <strong data-start=\"2644\" data-end=\"2672\">\u00e9paisseurs 6, 9 et 20 mm<\/strong>, permettent de r\u00e9pondre aux usages r\u00e9sidentiels et ext\u00e9rieurs, y compris les terrasses et plages de piscine. Une collection \u00e9l\u00e9gante, r\u00e9sistante et polyvalente.<\/p>\t\t\t\t\t\t\t\t<\/div>\n\t\t\t\t<\/div>\n\t\t\t\t<div class=\"elementor-element elementor-element-2ae943f elementor-mobile-align-center elementor-widget elementor-widget-button\" data-id=\"2ae943f\" data-element_type=\"widget\" data-e-type=\"widget\" data-widget_type=\"button.default\">\n\t\t\t\t<div class=\"elementor-widget-container\">\n\t\t\t\t\t\t\t\t\t<div class=\"elementor-button-wrapper\">\n\t\t\t\t\t<a class=\"elementor-button elementor-button-link elementor-size-sm\" href=\"https:\/\/www.portovenere.fr\/fr-fr\/carrelage-sol-et-mur-en-gres-cerame-et-faience\/carrelage-aspect-pierre\/carrelage-haut-de-gamme-effet-pierre-variati\/\">\n\t\t\t\t\t\t<span class=\"elementor-button-content-wrapper\">\n\t\t\t\t\t\t\t\t\t<span class=\"elementor-button-text\">Voir la collection<\/span>\n\t\t\t\t\t<\/span>\n\t\t\t\t\t<\/a>\n\t\t\t\t<\/div>\n\t\t\t\t\t\t\t\t<\/div>\n\t\t\t\t<\/div>\n\t\t\t\t\t<\/div>\n\t\t<\/div>\n\t\t\t\t<div class=\"elementor-column elementor-col-33 elementor-top-column elementor-element elementor-element-6ef0fe5\" data-id=\"6ef0fe5\" data-element_type=\"column\" data-e-type=\"column\">\n\t\t\t<div class=\"elementor-widget-wrap\">\n\t\t\t\t\t\t\t<\/div>\n\t\t<\/div>\n\t\t\t\t<div class=\"elementor-column elementor-col-33 elementor-top-column elementor-element elementor-element-db3701e\" data-id=\"db3701e\" data-element_type=\"column\" data-e-type=\"column\">\n\t\t\t<div class=\"elementor-widget-wrap\">\n\t\t\t\t\t\t\t<\/div>\n\t\t<\/div>\n\t\t\t\t\t<\/div>\n\t\t<\/section>\n\t\t\t\t<section class=\"elementor-section elementor-top-section elementor-element elementor-element-247ae9e3 elementor-section-full_width elementor-section-height-default elementor-section-height-default\" data-id=\"247ae9e3\" data-element_type=\"section\" data-e-type=\"section\" data-settings=\"{&quot;background_background&quot;:&quot;classic&quot;}\">\n\t\t\t\t\t\t<div class=\"elementor-container elementor-column-gap-default\">\n\t\t\t\t\t<div class=\"elementor-column elementor-col-100 elementor-top-column elementor-element elementor-element-468eb238\" data-id=\"468eb238\" data-element_type=\"column\" data-e-type=\"column\">\n\t\t\t<div class=\"elementor-widget-wrap elementor-element-populated\">\n\t\t\t\t\t\t<div class=\"elementor-element elementor-element-79c2e497 elementor-widget-divider--view-line elementor-widget elementor-widget-divider\" data-id=\"79c2e497\" data-element_type=\"widget\" data-e-type=\"widget\" data-widget_type=\"divider.default\">\n\t\t\t\t<div class=\"elementor-widget-container\">\n\t\t\t\t\t\t\t<div class=\"elementor-divider\">\n\t\t\t<span class=\"elementor-divider-separator\">\n\t\t\t\t\t\t<\/span>\n\t\t<\/div>\n\t\t\t\t\t\t<\/div>\n\t\t\t\t<\/div>\n\t\t\t\t<div class=\"elementor-element elementor-element-7e9d644f elementor-widget elementor-widget-heading\" data-id=\"7e9d644f\" data-element_type=\"widget\" data-e-type=\"widget\" data-widget_type=\"heading.default\">\n\t\t\t\t<div class=\"elementor-widget-container\">\n\t\t\t\t\t<h4 class=\"elementor-heading-title elementor-size-large\"><a href=\"#partager\">Partager<\/a><\/h4>\t\t\t\t<\/div>\n\t\t\t\t<\/div>\n\t\t\t\t<div class=\"elementor-element elementor-element-52fe9eb9 elementor-share-buttons--skin-minimal elementor-share-buttons--shape-circle elementor-share-buttons--view-icon-text elementor-grid-0 elementor-share-buttons--color-official elementor-widget elementor-widget-share-buttons\" data-id=\"52fe9eb9\" data-element_type=\"widget\" data-e-type=\"widget\" data-widget_type=\"share-buttons.default\">\n\t\t\t\t<div class=\"elementor-widget-container\">\n\t\t\t\t\t\t\t<div class=\"elementor-grid\" role=\"list\">\n\t\t\t\t\t\t\t\t<div class=\"elementor-grid-item\" role=\"listitem\">\n\t\t\t\t\t\t<div class=\"elementor-share-btn elementor-share-btn_facebook\" role=\"button\" tabindex=\"0\" aria-label=\"Partager sur facebook\">\n\t\t\t\t\t\t\t\t\t\t\t\t\t\t\t<span class=\"elementor-share-btn__icon\">\n\t\t\t\t\t\t\t\t<svg aria-hidden=\"true\" class=\"e-font-icon-svg e-fab-facebook\" viewBox=\"0 0 512 512\" xmlns=\"http:\/\/www.w3.org\/2000\/svg\"><path d=\"M504 256C504 119 393 8 256 8S8 119 8 256c0 123.78 90.69 226.38 209.25 245V327.69h-63V256h63v-54.64c0-62.15 37-96.48 93.67-96.48 27.14 0 55.52 4.84 55.52 4.84v61h-31.28c-30.8 0-40.41 19.12-40.41 38.73V256h68.78l-11 71.69h-57.78V501C413.31 482.38 504 379.78 504 256z\"><\/path><\/svg>\t\t\t\t\t\t\t<\/span>\n\t\t\t\t\t\t\t\t\t\t\t\t\t\t\t\t\t\t\t\t\t\t<div class=\"elementor-share-btn__text\">\n\t\t\t\t\t\t\t\t\t\t\t\t\t\t\t\t\t\t\t<span class=\"elementor-share-btn__title\">\n\t\t\t\t\t\t\t\t\t\tFacebook\t\t\t\t\t\t\t\t\t<\/span>\n\t\t\t\t\t\t\t\t\t\t\t\t\t\t\t\t\t<\/div>\n\t\t\t\t\t\t\t\t\t\t\t\t\t<\/div>\n\t\t\t\t\t<\/div>\n\t\t\t\t\t\t\t\t\t<div class=\"elementor-grid-item\" role=\"listitem\">\n\t\t\t\t\t\t<div class=\"elementor-share-btn elementor-share-btn_pinterest\" role=\"button\" tabindex=\"0\" aria-label=\"Partager sur pinterest\">\n\t\t\t\t\t\t\t\t\t\t\t\t\t\t\t<span class=\"elementor-share-btn__icon\">\n\t\t\t\t\t\t\t\t<svg aria-hidden=\"true\" class=\"e-font-icon-svg e-fab-pinterest\" viewBox=\"0 0 496 512\" xmlns=\"http:\/\/www.w3.org\/2000\/svg\"><path d=\"M496 256c0 137-111 248-248 248-25.6 0-50.2-3.9-73.4-11.1 10.1-16.5 25.2-43.5 30.8-65 3-11.6 15.4-59 15.4-59 8.1 15.4 31.7 28.5 56.8 28.5 74.8 0 128.7-68.8 128.7-154.3 0-81.9-66.9-143.2-152.9-143.2-107 0-163.9 71.8-163.9 150.1 0 36.4 19.4 81.7 50.3 96.1 4.7 2.2 7.2 1.2 8.3-3.3.8-3.4 5-20.3 6.9-28.1.6-2.5.3-4.7-1.7-7.1-10.1-12.5-18.3-35.3-18.3-56.6 0-54.7 41.4-107.6 112-107.6 60.9 0 103.6 41.5 103.6 100.9 0 67.1-33.9 113.6-78 113.6-24.3 0-42.6-20.1-36.7-44.8 7-29.5 20.5-61.3 20.5-82.6 0-19-10.2-34.9-31.4-34.9-24.9 0-44.9 25.7-44.9 60.2 0 22 7.4 36.8 7.4 36.8s-24.5 103.8-29 123.2c-5 21.4-3 51.6-.9 71.2C65.4 450.9 0 361.1 0 256 0 119 111 8 248 8s248 111 248 248z\"><\/path><\/svg>\t\t\t\t\t\t\t<\/span>\n\t\t\t\t\t\t\t\t\t\t\t\t\t\t\t\t\t\t\t\t\t\t<div class=\"elementor-share-btn__text\">\n\t\t\t\t\t\t\t\t\t\t\t\t\t\t\t\t\t\t\t<span class=\"elementor-share-btn__title\">\n\t\t\t\t\t\t\t\t\t\tPinterest\t\t\t\t\t\t\t\t\t<\/span>\n\t\t\t\t\t\t\t\t\t\t\t\t\t\t\t\t\t<\/div>\n\t\t\t\t\t\t\t\t\t\t\t\t\t<\/div>\n\t\t\t\t\t<\/div>\n\t\t\t\t\t\t\t\t\t<div class=\"elementor-grid-item\" role=\"listitem\">\n\t\t\t\t\t\t<div class=\"elementor-share-btn elementor-share-btn_linkedin\" role=\"button\" tabindex=\"0\" aria-label=\"Partager sur linkedin\">\n\t\t\t\t\t\t\t\t\t\t\t\t\t\t\t<span class=\"elementor-share-btn__icon\">\n\t\t\t\t\t\t\t\t<svg aria-hidden=\"true\" class=\"e-font-icon-svg e-fab-linkedin\" viewBox=\"0 0 448 512\" xmlns=\"http:\/\/www.w3.org\/2000\/svg\"><path d=\"M416 32H31.9C14.3 32 0 46.5 0 64.3v383.4C0 465.5 14.3 480 31.9 480H416c17.6 0 32-14.5 32-32.3V64.3c0-17.8-14.4-32.3-32-32.3zM135.4 416H69V202.2h66.5V416zm-33.2-243c-21.3 0-38.5-17.3-38.5-38.5S80.9 96 102.2 96c21.2 0 38.5 17.3 38.5 38.5 0 21.3-17.2 38.5-38.5 38.5zm282.1 243h-66.4V312c0-24.8-.5-56.7-34.5-56.7-34.6 0-39.9 27-39.9 54.9V416h-66.4V202.2h63.7v29.2h.9c8.9-16.8 30.6-34.5 62.9-34.5 67.2 0 79.7 44.3 79.7 101.9V416z\"><\/path><\/svg>\t\t\t\t\t\t\t<\/span>\n\t\t\t\t\t\t\t\t\t\t\t\t\t\t\t\t\t\t\t\t\t\t<div class=\"elementor-share-btn__text\">\n\t\t\t\t\t\t\t\t\t\t\t\t\t\t\t\t\t\t\t<span class=\"elementor-share-btn__title\">\n\t\t\t\t\t\t\t\t\t\tLinkedIn\t\t\t\t\t\t\t\t\t<\/span>\n\t\t\t\t\t\t\t\t\t\t\t\t\t\t\t\t\t<\/div>\n\t\t\t\t\t\t\t\t\t\t\t\t\t<\/div>\n\t\t\t\t\t<\/div>\n\t\t\t\t\t\t\t\t\t<div class=\"elementor-grid-item\" role=\"listitem\">\n\t\t\t\t\t\t<div class=\"elementor-share-btn elementor-share-btn_whatsapp\" role=\"button\" tabindex=\"0\" aria-label=\"Partager sur whatsapp\">\n\t\t\t\t\t\t\t\t\t\t\t\t\t\t\t<span class=\"elementor-share-btn__icon\">\n\t\t\t\t\t\t\t\t<svg aria-hidden=\"true\" class=\"e-font-icon-svg e-fab-whatsapp\" viewBox=\"0 0 448 512\" xmlns=\"http:\/\/www.w3.org\/2000\/svg\"><path d=\"M380.9 97.1C339 55.1 283.2 32 223.9 32c-122.4 0-222 99.6-222 222 0 39.1 10.2 77.3 29.6 111L0 480l117.7-30.9c32.4 17.7 68.9 27 106.1 27h.1c122.3 0 224.1-99.6 224.1-222 0-59.3-25.2-115-67.1-157zm-157 341.6c-33.2 0-65.7-8.9-94-25.7l-6.7-4-69.8 18.3L72 359.2l-4.4-7c-18.5-29.4-28.2-63.3-28.2-98.2 0-101.7 82.8-184.5 184.6-184.5 49.3 0 95.6 19.2 130.4 54.1 34.8 34.9 56.2 81.2 56.1 130.5 0 101.8-84.9 184.6-186.6 184.6zm101.2-138.2c-5.5-2.8-32.8-16.2-37.9-18-5.1-1.9-8.8-2.8-12.5 2.8-3.7 5.6-14.3 18-17.6 21.8-3.2 3.7-6.5 4.2-12 1.4-32.6-16.3-54-29.1-75.5-66-5.7-9.8 5.7-9.1 16.3-30.3 1.8-3.7.9-6.9-.5-9.7-1.4-2.8-12.5-30.1-17.1-41.2-4.5-10.8-9.1-9.3-12.5-9.5-3.2-.2-6.9-.2-10.6-.2-3.7 0-9.7 1.4-14.8 6.9-5.1 5.6-19.4 19-19.4 46.3 0 27.3 19.9 53.7 22.6 57.4 2.8 3.7 39.1 59.7 94.8 83.8 35.2 15.2 49 16.5 66.6 13.9 10.7-1.6 32.8-13.4 37.4-26.4 4.6-13 4.6-24.1 3.2-26.4-1.3-2.5-5-3.9-10.5-6.6z\"><\/path><\/svg>\t\t\t\t\t\t\t<\/span>\n\t\t\t\t\t\t\t\t\t\t\t\t\t\t\t\t\t\t\t\t\t\t<div class=\"elementor-share-btn__text\">\n\t\t\t\t\t\t\t\t\t\t\t\t\t\t\t\t\t\t\t<span class=\"elementor-share-btn__title\">\n\t\t\t\t\t\t\t\t\t\tWhatsApp\t\t\t\t\t\t\t\t\t<\/span>\n\t\t\t\t\t\t\t\t\t\t\t\t\t\t\t\t\t<\/div>\n\t\t\t\t\t\t\t\t\t\t\t\t\t<\/div>\n\t\t\t\t\t<\/div>\n\t\t\t\t\t\t\t\t\t<div class=\"elementor-grid-item\" role=\"listitem\">\n\t\t\t\t\t\t<div class=\"elementor-share-btn elementor-share-btn_twitter\" role=\"button\" tabindex=\"0\" aria-label=\"Partager sur twitter\">\n\t\t\t\t\t\t\t\t\t\t\t\t\t\t\t<span class=\"elementor-share-btn__icon\">\n\t\t\t\t\t\t\t\t<svg aria-hidden=\"true\" class=\"e-font-icon-svg e-fab-twitter\" viewBox=\"0 0 512 512\" xmlns=\"http:\/\/www.w3.org\/2000\/svg\"><path d=\"M459.37 151.716c.325 4.548.325 9.097.325 13.645 0 138.72-105.583 298.558-298.558 298.558-59.452 0-114.68-17.219-161.137-47.106 8.447.974 16.568 1.299 25.34 1.299 49.055 0 94.213-16.568 130.274-44.832-46.132-.975-84.792-31.188-98.112-72.772 6.498.974 12.995 1.624 19.818 1.624 9.421 0 18.843-1.3 27.614-3.573-48.081-9.747-84.143-51.98-84.143-102.985v-1.299c13.969 7.797 30.214 12.67 47.431 13.319-28.264-18.843-46.781-51.005-46.781-87.391 0-19.492 5.197-37.36 14.294-52.954 51.655 63.675 129.3 105.258 216.365 109.807-1.624-7.797-2.599-15.918-2.599-24.04 0-57.828 46.782-104.934 104.934-104.934 30.213 0 57.502 12.67 76.67 33.137 23.715-4.548 46.456-13.32 66.599-25.34-7.798 24.366-24.366 44.833-46.132 57.827 21.117-2.273 41.584-8.122 60.426-16.243-14.292 20.791-32.161 39.308-52.628 54.253z\"><\/path><\/svg>\t\t\t\t\t\t\t<\/span>\n\t\t\t\t\t\t\t\t\t\t\t\t\t\t\t\t\t\t\t\t\t\t<div class=\"elementor-share-btn__text\">\n\t\t\t\t\t\t\t\t\t\t\t\t\t\t\t\t\t\t\t<span class=\"elementor-share-btn__title\">\n\t\t\t\t\t\t\t\t\t\tTwitter\t\t\t\t\t\t\t\t\t<\/span>\n\t\t\t\t\t\t\t\t\t\t\t\t\t\t\t\t\t<\/div>\n\t\t\t\t\t\t\t\t\t\t\t\t\t<\/div>\n\t\t\t\t\t<\/div>\n\t\t\t\t\t\t\t\t\t<div class=\"elementor-grid-item\" role=\"listitem\">\n\t\t\t\t\t\t<div class=\"elementor-share-btn elementor-share-btn_email\" role=\"button\" tabindex=\"0\" aria-label=\"Partager sur email\">\n\t\t\t\t\t\t\t\t\t\t\t\t\t\t\t<span class=\"elementor-share-btn__icon\">\n\t\t\t\t\t\t\t\t<svg aria-hidden=\"true\" class=\"e-font-icon-svg e-fas-envelope\" viewBox=\"0 0 512 512\" xmlns=\"http:\/\/www.w3.org\/2000\/svg\"><path d=\"M502.3 190.8c3.9-3.1 9.7-.2 9.7 4.7V400c0 26.5-21.5 48-48 48H48c-26.5 0-48-21.5-48-48V195.6c0-5 5.7-7.8 9.7-4.7 22.4 17.4 52.1 39.5 154.1 113.6 21.1 15.4 56.7 47.8 92.2 47.6 35.7.3 72-32.8 92.3-47.6 102-74.1 131.6-96.3 154-113.7zM256 320c23.2.4 56.6-29.2 73.4-41.4 132.7-96.3 142.8-104.7 173.4-128.7 5.8-4.5 9.2-11.5 9.2-18.9v-19c0-26.5-21.5-48-48-48H48C21.5 64 0 85.5 0 112v19c0 7.4 3.4 14.3 9.2 18.9 30.6 23.9 40.7 32.4 173.4 128.7 16.8 12.2 50.2 41.8 73.4 41.4z\"><\/path><\/svg>\t\t\t\t\t\t\t<\/span>\n\t\t\t\t\t\t\t\t\t\t\t\t\t\t\t\t\t\t\t\t\t\t<div class=\"elementor-share-btn__text\">\n\t\t\t\t\t\t\t\t\t\t\t\t\t\t\t\t\t\t\t<span class=\"elementor-share-btn__title\">\n\t\t\t\t\t\t\t\t\t\tEmail\t\t\t\t\t\t\t\t\t<\/span>\n\t\t\t\t\t\t\t\t\t\t\t\t\t\t\t\t\t<\/div>\n\t\t\t\t\t\t\t\t\t\t\t\t\t<\/div>\n\t\t\t\t\t<\/div>\n\t\t\t\t\t\t\t\t\t<div class=\"elementor-grid-item\" role=\"listitem\">\n\t\t\t\t\t\t<div class=\"elementor-share-btn elementor-share-btn_print\" role=\"button\" tabindex=\"0\" aria-label=\"Partager sur print\">\n\t\t\t\t\t\t\t\t\t\t\t\t\t\t\t<span class=\"elementor-share-btn__icon\">\n\t\t\t\t\t\t\t\t<svg aria-hidden=\"true\" class=\"e-font-icon-svg e-fas-print\" viewBox=\"0 0 512 512\" xmlns=\"http:\/\/www.w3.org\/2000\/svg\"><path d=\"M448 192V77.25c0-8.49-3.37-16.62-9.37-22.63L393.37 9.37c-6-6-14.14-9.37-22.63-9.37H96C78.33 0 64 14.33 64 32v160c-35.35 0-64 28.65-64 64v112c0 8.84 7.16 16 16 16h48v96c0 17.67 14.33 32 32 32h320c17.67 0 32-14.33 32-32v-96h48c8.84 0 16-7.16 16-16V256c0-35.35-28.65-64-64-64zm-64 256H128v-96h256v96zm0-224H128V64h192v48c0 8.84 7.16 16 16 16h48v96zm48 72c-13.25 0-24-10.75-24-24 0-13.26 10.75-24 24-24s24 10.74 24 24c0 13.25-10.75 24-24 24z\"><\/path><\/svg>\t\t\t\t\t\t\t<\/span>\n\t\t\t\t\t\t\t\t\t\t\t\t\t\t\t\t\t\t\t\t\t\t<div class=\"elementor-share-btn__text\">\n\t\t\t\t\t\t\t\t\t\t\t\t\t\t\t\t\t\t\t<span class=\"elementor-share-btn__title\">\n\t\t\t\t\t\t\t\t\t\tImprimer\t\t\t\t\t\t\t\t\t<\/span>\n\t\t\t\t\t\t\t\t\t\t\t\t\t\t\t\t\t<\/div>\n\t\t\t\t\t\t\t\t\t\t\t\t\t<\/div>\n\t\t\t\t\t<\/div>\n\t\t\t\t\t\t<\/div>\n\t\t\t\t\t\t<\/div>\n\t\t\t\t<\/div>\n\t\t\t\t<div class=\"elementor-element elementor-element-7e41166c elementor-widget elementor-widget-facebook-button\" data-id=\"7e41166c\" data-element_type=\"widget\" data-e-type=\"widget\" data-widget_type=\"facebook-button.default\">\n\t\t\t\t<div class=\"elementor-widget-container\">\n\t\t\t\t\t\t\t<div data-layout=\"standard\" data-colorscheme=\"light\" data-size=\"small\" data-show-faces=\"false\" class=\"elementor-facebook-widget fb-like\" data-href=\"https:\/\/www.portovenere.fr\/fr-fr?p=25799\" data-share=\"false\" data-action=\"like\"><\/div>\n\t\t\t\t\t\t<\/div>\n\t\t\t\t<\/div>\n\t\t\t\t\t<\/div>\n\t\t<\/div>\n\t\t\t\t\t<\/div>\n\t\t<\/section>\n\t\t\t\t<\/div>\n\t\t","protected":false},"excerpt":{"rendered":"<p>Collections de carrelage extra fin ou Slim Porto Venere en gr\u00e8s c\u00e9rame lamin\u00e9 de 3,5mm \u00e0 7mm. Id\u00e9al pour coller sur un ancien carrelage sans le retirer. <\/p>\n","protected":false},"author":2,"featured_media":25634,"parent":7146,"menu_order":0,"comment_status":"closed","ping_status":"closed","template":"","meta":{"_monsterinsights_skip_tracking":false,"_monsterinsights_sitenote_active":false,"_monsterinsights_sitenote_note":"","_monsterinsights_sitenote_category":0,"_uf_show_specific_survey":0,"_uf_disable_surveys":false,"footnotes":""},"class_list":["post-25799","page","type-page","status-publish","has-post-thumbnail","hentry"],"yoast_head":"<!-- This site is optimized with the Yoast SEO plugin v27.5 - https:\/\/yoast.com\/product\/yoast-seo-wordpress\/ -->\n<title>Carrelage Extra fin sp\u00e9cial r\u00e9novation - Porto Venere<\/title>\n<meta name=\"description\" content=\"Collections de carrelage extra fin ou Slim Porto Venere en gr\u00e8s c\u00e9rame lamin\u00e9 de 3,5mm \u00e0 7mm. Id\u00e9al pour coller sur un ancien carrelage sans le retirer.\" \/>\n<meta name=\"robots\" content=\"index, follow, max-snippet:-1, max-image-preview:large, max-video-preview:-1\" \/>\n<link rel=\"canonical\" href=\"https:\/\/www.portovenere.fr\/fr-fr\/carrelage-sol-et-mur-en-gres-cerame-et-faience\/carrelage-extra-fin-special-renovation\/\" \/>\n<meta property=\"og:locale\" content=\"fr_FR\" \/>\n<meta property=\"og:type\" content=\"article\" \/>\n<meta property=\"og:title\" content=\"Carrelage Extra fin sp\u00e9cial r\u00e9novation - Porto Venere\" \/>\n<meta property=\"og:description\" content=\"Collections de carrelage extra fin ou Slim Porto Venere en gr\u00e8s c\u00e9rame lamin\u00e9 de 3,5mm \u00e0 7mm. Id\u00e9al pour coller sur un ancien carrelage sans le retirer.\" \/>\n<meta property=\"og:url\" content=\"https:\/\/www.portovenere.fr\/fr-fr\/carrelage-sol-et-mur-en-gres-cerame-et-faience\/carrelage-extra-fin-special-renovation\/\" \/>\n<meta property=\"og:site_name\" content=\"Porto Venere\" \/>\n<meta property=\"article:publisher\" content=\"https:\/\/www.facebook.com\/portovenere34\/\" \/>\n<meta property=\"article:modified_time\" content=\"2026-02-02T08:01:16+00:00\" \/>\n<meta property=\"og:image\" content=\"https:\/\/www.portovenere.fr\/fr-fr\/wp-content\/uploads\/2020\/02\/Carrelage_Extra_Fin_3mm_Gr\u00e8s_C\u00e9rame_Aspect_Beton_Urban_Life_Portland_Grand_Format_Renovation_maison_proche_Nice-1.jpg\" \/>\n\t<meta property=\"og:image:width\" content=\"1500\" \/>\n\t<meta property=\"og:image:height\" content=\"1000\" \/>\n\t<meta property=\"og:image:type\" content=\"image\/jpeg\" \/>\n<meta name=\"twitter:card\" content=\"summary_large_image\" \/>\n<meta name=\"twitter:label1\" content=\"Dur\u00e9e de lecture estim\u00e9e\" \/>\n\t<meta name=\"twitter:data1\" content=\"36 minutes\" \/>\n<script type=\"application\/ld+json\" class=\"yoast-schema-graph\">{\"@context\":\"https:\\\/\\\/schema.org\",\"@graph\":[{\"@type\":\"WebPage\",\"@id\":\"https:\\\/\\\/www.portovenere.fr\\\/fr-fr\\\/carrelage-sol-et-mur-en-gres-cerame-et-faience\\\/carrelage-extra-fin-special-renovation\\\/\",\"url\":\"https:\\\/\\\/www.portovenere.fr\\\/fr-fr\\\/carrelage-sol-et-mur-en-gres-cerame-et-faience\\\/carrelage-extra-fin-special-renovation\\\/\",\"name\":\"Carrelage Extra fin sp\u00e9cial r\u00e9novation - Porto Venere\",\"isPartOf\":{\"@id\":\"https:\\\/\\\/www.portovenere.fr\\\/fr-fr\\\/#website\"},\"primaryImageOfPage\":{\"@id\":\"https:\\\/\\\/www.portovenere.fr\\\/fr-fr\\\/carrelage-sol-et-mur-en-gres-cerame-et-faience\\\/carrelage-extra-fin-special-renovation\\\/#primaryimage\"},\"image\":{\"@id\":\"https:\\\/\\\/www.portovenere.fr\\\/fr-fr\\\/carrelage-sol-et-mur-en-gres-cerame-et-faience\\\/carrelage-extra-fin-special-renovation\\\/#primaryimage\"},\"thumbnailUrl\":\"https:\\\/\\\/www.portovenere.fr\\\/fr-fr\\\/wp-content\\\/uploads\\\/2020\\\/02\\\/Carrelage_Extra_Fin_3mm_Gr\u00e8s_C\u00e9rame_Aspect_Beton_Urban_Life_Portland_Grand_Format_Renovation_maison_proche_Nice-1.jpg\",\"datePublished\":\"2020-02-21T10:29:47+00:00\",\"dateModified\":\"2026-02-02T08:01:16+00:00\",\"description\":\"Collections de carrelage extra fin ou Slim Porto Venere en gr\u00e8s c\u00e9rame lamin\u00e9 de 3,5mm \u00e0 7mm. Id\u00e9al pour coller sur un ancien carrelage sans le retirer.\",\"breadcrumb\":{\"@id\":\"https:\\\/\\\/www.portovenere.fr\\\/fr-fr\\\/carrelage-sol-et-mur-en-gres-cerame-et-faience\\\/carrelage-extra-fin-special-renovation\\\/#breadcrumb\"},\"inLanguage\":\"fr-FR\",\"potentialAction\":[{\"@type\":\"ReadAction\",\"target\":[\"https:\\\/\\\/www.portovenere.fr\\\/fr-fr\\\/carrelage-sol-et-mur-en-gres-cerame-et-faience\\\/carrelage-extra-fin-special-renovation\\\/\"]}]},{\"@type\":\"ImageObject\",\"inLanguage\":\"fr-FR\",\"@id\":\"https:\\\/\\\/www.portovenere.fr\\\/fr-fr\\\/carrelage-sol-et-mur-en-gres-cerame-et-faience\\\/carrelage-extra-fin-special-renovation\\\/#primaryimage\",\"url\":\"https:\\\/\\\/www.portovenere.fr\\\/fr-fr\\\/wp-content\\\/uploads\\\/2020\\\/02\\\/Carrelage_Extra_Fin_3mm_Gr\u00e8s_C\u00e9rame_Aspect_Beton_Urban_Life_Portland_Grand_Format_Renovation_maison_proche_Nice-1.jpg\",\"contentUrl\":\"https:\\\/\\\/www.portovenere.fr\\\/fr-fr\\\/wp-content\\\/uploads\\\/2020\\\/02\\\/Carrelage_Extra_Fin_3mm_Gr\u00e8s_C\u00e9rame_Aspect_Beton_Urban_Life_Portland_Grand_Format_Renovation_maison_proche_Nice-1.jpg\",\"width\":1500,\"height\":1000,\"caption\":\"Carrelage extra fin Portland_Porto Venere Montpellier\"},{\"@type\":\"BreadcrumbList\",\"@id\":\"https:\\\/\\\/www.portovenere.fr\\\/fr-fr\\\/carrelage-sol-et-mur-en-gres-cerame-et-faience\\\/carrelage-extra-fin-special-renovation\\\/#breadcrumb\",\"itemListElement\":[{\"@type\":\"ListItem\",\"position\":1,\"name\":\"Page d'accueil\",\"item\":\"https:\\\/\\\/www.portovenere.fr\\\/fr-fr\\\/\"},{\"@type\":\"ListItem\",\"position\":2,\"name\":\"Carrelage sol et mur en gr\u00e8s c\u00e9rame et fa\u00efence\",\"item\":\"https:\\\/\\\/www.portovenere.fr\\\/fr-fr\\\/carrelage-sol-et-mur-en-gres-cerame-et-faience\\\/\"},{\"@type\":\"ListItem\",\"position\":3,\"name\":\"Carrelage Extra fin sp\u00e9cial r\u00e9novation\"}]},{\"@type\":\"WebSite\",\"@id\":\"https:\\\/\\\/www.portovenere.fr\\\/fr-fr\\\/#website\",\"url\":\"https:\\\/\\\/www.portovenere.fr\\\/fr-fr\\\/\",\"name\":\"Porto Venere\",\"description\":\"Magasin de carrelage, cuisine, salle de bain \u00e0 Montpellier dans l&#039;H\u00e9rault\",\"publisher\":{\"@id\":\"https:\\\/\\\/www.portovenere.fr\\\/fr-fr\\\/#organization\"},\"potentialAction\":[{\"@type\":\"SearchAction\",\"target\":{\"@type\":\"EntryPoint\",\"urlTemplate\":\"https:\\\/\\\/www.portovenere.fr\\\/fr-fr\\\/?s={search_term_string}\"},\"query-input\":{\"@type\":\"PropertyValueSpecification\",\"valueRequired\":true,\"valueName\":\"search_term_string\"}}],\"inLanguage\":\"fr-FR\"},{\"@type\":\"Organization\",\"@id\":\"https:\\\/\\\/www.portovenere.fr\\\/fr-fr\\\/#organization\",\"name\":\"Porto Venere - Carrelage Usine Center SARL\",\"url\":\"https:\\\/\\\/www.portovenere.fr\\\/fr-fr\\\/\",\"logo\":{\"@type\":\"ImageObject\",\"inLanguage\":\"fr-FR\",\"@id\":\"https:\\\/\\\/www.portovenere.fr\\\/fr-fr\\\/#\\\/schema\\\/logo\\\/image\\\/\",\"url\":\"https:\\\/\\\/www.portovenere.fr\\\/fr-fr\\\/wp-content\\\/uploads\\\/2019\\\/05\\\/logo3.png\",\"contentUrl\":\"https:\\\/\\\/www.portovenere.fr\\\/fr-fr\\\/wp-content\\\/uploads\\\/2019\\\/05\\\/logo3.png\",\"width\":388,\"height\":120,\"caption\":\"Porto Venere - Carrelage Usine Center SARL\"},\"image\":{\"@id\":\"https:\\\/\\\/www.portovenere.fr\\\/fr-fr\\\/#\\\/schema\\\/logo\\\/image\\\/\"},\"sameAs\":[\"https:\\\/\\\/www.facebook.com\\\/portovenere34\\\/\",\"https:\\\/\\\/www.instagram.com\\\/porto.venere\\\/\",\"https:\\\/\\\/www.linkedin.com\\\/company\\\/porto-venere-montpellier\\\/\",\"https:\\\/\\\/www.pinterest.fr\\\/portovenere34\\\/\"]}]}<\/script>\n<!-- \/ Yoast SEO plugin. -->","yoast_head_json":{"title":"Carrelage Extra fin sp\u00e9cial r\u00e9novation - Porto Venere","description":"Collections de carrelage extra fin ou Slim Porto Venere en gr\u00e8s c\u00e9rame lamin\u00e9 de 3,5mm \u00e0 7mm. Id\u00e9al pour coller sur un ancien carrelage sans le retirer.","robots":{"index":"index","follow":"follow","max-snippet":"max-snippet:-1","max-image-preview":"max-image-preview:large","max-video-preview":"max-video-preview:-1"},"canonical":"https:\/\/www.portovenere.fr\/fr-fr\/carrelage-sol-et-mur-en-gres-cerame-et-faience\/carrelage-extra-fin-special-renovation\/","og_locale":"fr_FR","og_type":"article","og_title":"Carrelage Extra fin sp\u00e9cial r\u00e9novation - Porto Venere","og_description":"Collections de carrelage extra fin ou Slim Porto Venere en gr\u00e8s c\u00e9rame lamin\u00e9 de 3,5mm \u00e0 7mm. Id\u00e9al pour coller sur un ancien carrelage sans le retirer.","og_url":"https:\/\/www.portovenere.fr\/fr-fr\/carrelage-sol-et-mur-en-gres-cerame-et-faience\/carrelage-extra-fin-special-renovation\/","og_site_name":"Porto Venere","article_publisher":"https:\/\/www.facebook.com\/portovenere34\/","article_modified_time":"2026-02-02T08:01:16+00:00","og_image":[{"width":1500,"height":1000,"url":"https:\/\/www.portovenere.fr\/fr-fr\/wp-content\/uploads\/2020\/02\/Carrelage_Extra_Fin_3mm_Gr\u00e8s_C\u00e9rame_Aspect_Beton_Urban_Life_Portland_Grand_Format_Renovation_maison_proche_Nice-1.jpg","type":"image\/jpeg"}],"twitter_card":"summary_large_image","twitter_misc":{"Dur\u00e9e de lecture estim\u00e9e":"36 minutes"},"schema":{"@context":"https:\/\/schema.org","@graph":[{"@type":"WebPage","@id":"https:\/\/www.portovenere.fr\/fr-fr\/carrelage-sol-et-mur-en-gres-cerame-et-faience\/carrelage-extra-fin-special-renovation\/","url":"https:\/\/www.portovenere.fr\/fr-fr\/carrelage-sol-et-mur-en-gres-cerame-et-faience\/carrelage-extra-fin-special-renovation\/","name":"Carrelage Extra fin sp\u00e9cial r\u00e9novation - Porto Venere","isPartOf":{"@id":"https:\/\/www.portovenere.fr\/fr-fr\/#website"},"primaryImageOfPage":{"@id":"https:\/\/www.portovenere.fr\/fr-fr\/carrelage-sol-et-mur-en-gres-cerame-et-faience\/carrelage-extra-fin-special-renovation\/#primaryimage"},"image":{"@id":"https:\/\/www.portovenere.fr\/fr-fr\/carrelage-sol-et-mur-en-gres-cerame-et-faience\/carrelage-extra-fin-special-renovation\/#primaryimage"},"thumbnailUrl":"https:\/\/www.portovenere.fr\/fr-fr\/wp-content\/uploads\/2020\/02\/Carrelage_Extra_Fin_3mm_Gr\u00e8s_C\u00e9rame_Aspect_Beton_Urban_Life_Portland_Grand_Format_Renovation_maison_proche_Nice-1.jpg","datePublished":"2020-02-21T10:29:47+00:00","dateModified":"2026-02-02T08:01:16+00:00","description":"Collections de carrelage extra fin ou Slim Porto Venere en gr\u00e8s c\u00e9rame lamin\u00e9 de 3,5mm \u00e0 7mm. Id\u00e9al pour coller sur un ancien carrelage sans le retirer.","breadcrumb":{"@id":"https:\/\/www.portovenere.fr\/fr-fr\/carrelage-sol-et-mur-en-gres-cerame-et-faience\/carrelage-extra-fin-special-renovation\/#breadcrumb"},"inLanguage":"fr-FR","potentialAction":[{"@type":"ReadAction","target":["https:\/\/www.portovenere.fr\/fr-fr\/carrelage-sol-et-mur-en-gres-cerame-et-faience\/carrelage-extra-fin-special-renovation\/"]}]},{"@type":"ImageObject","inLanguage":"fr-FR","@id":"https:\/\/www.portovenere.fr\/fr-fr\/carrelage-sol-et-mur-en-gres-cerame-et-faience\/carrelage-extra-fin-special-renovation\/#primaryimage","url":"https:\/\/www.portovenere.fr\/fr-fr\/wp-content\/uploads\/2020\/02\/Carrelage_Extra_Fin_3mm_Gr\u00e8s_C\u00e9rame_Aspect_Beton_Urban_Life_Portland_Grand_Format_Renovation_maison_proche_Nice-1.jpg","contentUrl":"https:\/\/www.portovenere.fr\/fr-fr\/wp-content\/uploads\/2020\/02\/Carrelage_Extra_Fin_3mm_Gr\u00e8s_C\u00e9rame_Aspect_Beton_Urban_Life_Portland_Grand_Format_Renovation_maison_proche_Nice-1.jpg","width":1500,"height":1000,"caption":"Carrelage extra fin Portland_Porto Venere Montpellier"},{"@type":"BreadcrumbList","@id":"https:\/\/www.portovenere.fr\/fr-fr\/carrelage-sol-et-mur-en-gres-cerame-et-faience\/carrelage-extra-fin-special-renovation\/#breadcrumb","itemListElement":[{"@type":"ListItem","position":1,"name":"Page d'accueil","item":"https:\/\/www.portovenere.fr\/fr-fr\/"},{"@type":"ListItem","position":2,"name":"Carrelage sol et mur en gr\u00e8s c\u00e9rame et fa\u00efence","item":"https:\/\/www.portovenere.fr\/fr-fr\/carrelage-sol-et-mur-en-gres-cerame-et-faience\/"},{"@type":"ListItem","position":3,"name":"Carrelage Extra fin sp\u00e9cial r\u00e9novation"}]},{"@type":"WebSite","@id":"https:\/\/www.portovenere.fr\/fr-fr\/#website","url":"https:\/\/www.portovenere.fr\/fr-fr\/","name":"Porto Venere","description":"Magasin de carrelage, cuisine, salle de bain \u00e0 Montpellier dans l&#039;H\u00e9rault","publisher":{"@id":"https:\/\/www.portovenere.fr\/fr-fr\/#organization"},"potentialAction":[{"@type":"SearchAction","target":{"@type":"EntryPoint","urlTemplate":"https:\/\/www.portovenere.fr\/fr-fr\/?s={search_term_string}"},"query-input":{"@type":"PropertyValueSpecification","valueRequired":true,"valueName":"search_term_string"}}],"inLanguage":"fr-FR"},{"@type":"Organization","@id":"https:\/\/www.portovenere.fr\/fr-fr\/#organization","name":"Porto Venere - Carrelage Usine Center SARL","url":"https:\/\/www.portovenere.fr\/fr-fr\/","logo":{"@type":"ImageObject","inLanguage":"fr-FR","@id":"https:\/\/www.portovenere.fr\/fr-fr\/#\/schema\/logo\/image\/","url":"https:\/\/www.portovenere.fr\/fr-fr\/wp-content\/uploads\/2019\/05\/logo3.png","contentUrl":"https:\/\/www.portovenere.fr\/fr-fr\/wp-content\/uploads\/2019\/05\/logo3.png","width":388,"height":120,"caption":"Porto Venere - Carrelage Usine Center SARL"},"image":{"@id":"https:\/\/www.portovenere.fr\/fr-fr\/#\/schema\/logo\/image\/"},"sameAs":["https:\/\/www.facebook.com\/portovenere34\/","https:\/\/www.instagram.com\/porto.venere\/","https:\/\/www.linkedin.com\/company\/porto-venere-montpellier\/","https:\/\/www.pinterest.fr\/portovenere34\/"]}]}},"_links":{"self":[{"href":"https:\/\/www.portovenere.fr\/fr-fr\/wp-json\/wp\/v2\/pages\/25799","targetHints":{"allow":["GET"]}}],"collection":[{"href":"https:\/\/www.portovenere.fr\/fr-fr\/wp-json\/wp\/v2\/pages"}],"about":[{"href":"https:\/\/www.portovenere.fr\/fr-fr\/wp-json\/wp\/v2\/types\/page"}],"author":[{"embeddable":true,"href":"https:\/\/www.portovenere.fr\/fr-fr\/wp-json\/wp\/v2\/users\/2"}],"replies":[{"embeddable":true,"href":"https:\/\/www.portovenere.fr\/fr-fr\/wp-json\/wp\/v2\/comments?post=25799"}],"version-history":[{"count":246,"href":"https:\/\/www.portovenere.fr\/fr-fr\/wp-json\/wp\/v2\/pages\/25799\/revisions"}],"predecessor-version":[{"id":69516,"href":"https:\/\/www.portovenere.fr\/fr-fr\/wp-json\/wp\/v2\/pages\/25799\/revisions\/69516"}],"up":[{"embeddable":true,"href":"https:\/\/www.portovenere.fr\/fr-fr\/wp-json\/wp\/v2\/pages\/7146"}],"wp:featuredmedia":[{"embeddable":true,"href":"https:\/\/www.portovenere.fr\/fr-fr\/wp-json\/wp\/v2\/media\/25634"}],"wp:attachment":[{"href":"https:\/\/www.portovenere.fr\/fr-fr\/wp-json\/wp\/v2\/media?parent=25799"}],"curies":[{"name":"wp","href":"https:\/\/api.w.org\/{rel}","templated":true}]}}