{"id":31276,"date":"2020-07-31T15:43:03","date_gmt":"2020-07-31T13:43:03","guid":{"rendered":"https:\/\/www.portovenere.fr\/fr-fr\/?page_id=31276"},"modified":"2026-02-02T09:02:17","modified_gmt":"2026-02-02T08:02:17","slug":"carrelage-grand-format-en-gres-cerame-xxl-pour-sol-et-mur","status":"publish","type":"page","link":"https:\/\/www.portovenere.fr\/fr-fr\/carrelage-sol-et-mur-en-gres-cerame-et-faience\/carrelage-grand-format-en-gres-cerame-xxl-pour-sol-et-mur\/","title":{"rendered":"Carrelage grand format en gr\u00e8s c\u00e9rame XXL pour sol et mur"},"content":{"rendered":"\t\t<div data-elementor-type=\"wp-post\" data-elementor-id=\"31276\" class=\"elementor elementor-31276\" data-elementor-post-type=\"page\">\n\t\t\t\t\t\t<section class=\"elementor-section elementor-top-section elementor-element elementor-element-5d8336b8 elementor-section-boxed elementor-section-height-default elementor-section-height-default\" data-id=\"5d8336b8\" data-element_type=\"section\" data-e-type=\"section\">\n\t\t\t\t\t\t<div class=\"elementor-container elementor-column-gap-default\">\n\t\t\t\t\t<div class=\"elementor-column elementor-col-100 elementor-top-column elementor-element elementor-element-db6d5e7\" data-id=\"db6d5e7\" data-element_type=\"column\" data-e-type=\"column\">\n\t\t\t<div class=\"elementor-widget-wrap\">\n\t\t\t\t\t\t\t<\/div>\n\t\t<\/div>\n\t\t\t\t\t<\/div>\n\t\t<\/section>\n\t\t\t\t<section class=\"elementor-section elementor-top-section elementor-element elementor-element-632cdc85 elementor-section-boxed elementor-section-height-default elementor-section-height-default\" data-id=\"632cdc85\" data-element_type=\"section\" data-e-type=\"section\">\n\t\t\t\t\t\t<div class=\"elementor-container elementor-column-gap-default\">\n\t\t\t\t\t<div class=\"elementor-column elementor-col-100 elementor-top-column elementor-element elementor-element-3484993d\" data-id=\"3484993d\" data-element_type=\"column\" data-e-type=\"column\">\n\t\t\t<div class=\"elementor-widget-wrap elementor-element-populated\">\n\t\t\t\t\t\t<div class=\"elementor-element elementor-element-14b5b259 elementor-widget elementor-widget-menu-anchor\" data-id=\"14b5b259\" data-element_type=\"widget\" data-e-type=\"widget\" data-widget_type=\"menu-anchor.default\">\n\t\t\t\t<div class=\"elementor-widget-container\">\n\t\t\t\t\t\t\t<div class=\"elementor-menu-anchor\" id=\"retourhaut\"><\/div>\n\t\t\t\t\t\t<\/div>\n\t\t\t\t<\/div>\n\t\t\t\t\t<\/div>\n\t\t<\/div>\n\t\t\t\t\t<\/div>\n\t\t<\/section>\n\t\t\t\t<section class=\"elementor-section elementor-top-section elementor-element elementor-element-2c589bb6 elementor-section-full_width elementor-section-height-default elementor-section-height-default\" data-id=\"2c589bb6\" data-element_type=\"section\" data-e-type=\"section\" data-settings=\"{&quot;background_background&quot;:&quot;classic&quot;}\">\n\t\t\t\t\t\t<div class=\"elementor-container elementor-column-gap-no\">\n\t\t\t\t\t<div class=\"elementor-column elementor-col-100 elementor-top-column elementor-element elementor-element-27357db7\" data-id=\"27357db7\" data-element_type=\"column\" data-e-type=\"column\">\n\t\t\t<div class=\"elementor-widget-wrap elementor-element-populated\">\n\t\t\t\t\t\t<div class=\"elementor-element elementor-element-4c31dfe1 elementor-widget elementor-widget-heading\" data-id=\"4c31dfe1\" data-element_type=\"widget\" data-e-type=\"widget\" data-widget_type=\"heading.default\">\n\t\t\t\t<div class=\"elementor-widget-container\">\n\t\t\t\t\t<h1 class=\"elementor-heading-title elementor-size-default\">CARRELAGE<br>grand format<\/h1>\t\t\t\t<\/div>\n\t\t\t\t<\/div>\n\t\t\t\t\t<\/div>\n\t\t<\/div>\n\t\t\t\t\t<\/div>\n\t\t<\/section>\n\t\t\t\t<section class=\"elementor-section elementor-top-section elementor-element elementor-element-8085434 elementor-section-stretched elementor-section-boxed elementor-section-height-default elementor-section-height-default\" data-id=\"8085434\" data-element_type=\"section\" data-e-type=\"section\" data-settings=\"{&quot;stretch_section&quot;:&quot;section-stretched&quot;,&quot;background_background&quot;:&quot;classic&quot;}\">\n\t\t\t\t\t\t<div class=\"elementor-container elementor-column-gap-default\">\n\t\t\t\t\t<div class=\"elementor-column elementor-col-100 elementor-top-column elementor-element elementor-element-2ea267d5\" data-id=\"2ea267d5\" data-element_type=\"column\" data-e-type=\"column\">\n\t\t\t<div class=\"elementor-widget-wrap elementor-element-populated\">\n\t\t\t\t\t\t<div class=\"elementor-element elementor-element-66b2880e elementor-headline--style-rotate elementor-hidden-phone elementor-widget elementor-widget-animated-headline\" data-id=\"66b2880e\" data-element_type=\"widget\" data-e-type=\"widget\" data-settings=\"{&quot;headline_style&quot;:&quot;rotate&quot;,&quot;animation_type&quot;:&quot;swirl&quot;,&quot;rotating_text&quot;:&quot;Brillant, mat, adouci\\n100x100, 150x150, 160x320...\\nPose murale ou au sol\\nPour int\\u00e9rieur et ext\\u00e9rieur\\n\\n&quot;,&quot;loop&quot;:&quot;yes&quot;,&quot;rotate_iteration_delay&quot;:2500}\" data-widget_type=\"animated-headline.default\">\n\t\t\t\t<div class=\"elementor-widget-container\">\n\t\t\t\t\t\t\t<p class=\"elementor-headline elementor-headline-animation-type-swirl elementor-headline-letters\">\n\t\t\t\t<span class=\"elementor-headline-dynamic-wrapper elementor-headline-text-wrapper\">\n\t\t\t\t\t<span class=\"elementor-headline-dynamic-text elementor-headline-text-active\">\n\t\t\t\tBrillant,&nbsp;mat,&nbsp;adouci\t\t\t<\/span>\n\t\t\t\t\t<span class=\"elementor-headline-dynamic-text\">\n\t\t\t\t100x100,&nbsp;150x150,&nbsp;160x320...\t\t\t<\/span>\n\t\t\t\t\t<span class=\"elementor-headline-dynamic-text\">\n\t\t\t\tPose&nbsp;murale&nbsp;ou&nbsp;au&nbsp;sol\t\t\t<\/span>\n\t\t\t\t\t<span class=\"elementor-headline-dynamic-text\">\n\t\t\t\tPour&nbsp;int\u00e9rieur&nbsp;et&nbsp;ext\u00e9rieur\t\t\t<\/span>\n\t\t\t\t\t<span class=\"elementor-headline-dynamic-text\">\n\t\t\t\t\t\t\t<\/span>\n\t\t\t\t\t<span class=\"elementor-headline-dynamic-text\">\n\t\t\t\t\t\t\t<\/span>\n\t\t\t\t\t\t<\/span>\n\t\t\t\t<\/p>\n\t\t\t\t\t\t<\/div>\n\t\t\t\t<\/div>\n\t\t\t\t\t<\/div>\n\t\t<\/div>\n\t\t\t\t\t<\/div>\n\t\t<\/section>\n\t\t\t\t<section class=\"elementor-section elementor-top-section elementor-element elementor-element-1ce74767 elementor-section-boxed elementor-section-height-default elementor-section-height-default\" data-id=\"1ce74767\" data-element_type=\"section\" data-e-type=\"section\">\n\t\t\t\t\t\t<div class=\"elementor-container elementor-column-gap-default\">\n\t\t\t\t\t<div class=\"elementor-column elementor-col-100 elementor-top-column elementor-element elementor-element-63a0e981\" data-id=\"63a0e981\" data-element_type=\"column\" data-e-type=\"column\">\n\t\t\t<div class=\"elementor-widget-wrap elementor-element-populated\">\n\t\t\t\t\t\t<div class=\"elementor-element elementor-element-4858d9e elementor-widget elementor-widget-heading\" data-id=\"4858d9e\" data-element_type=\"widget\" data-e-type=\"widget\" data-widget_type=\"heading.default\">\n\t\t\t\t<div class=\"elementor-widget-container\">\n\t\t\t\t\t<h2 class=\"elementor-heading-title elementor-size-default\">Carrelage grand format &amp; format XXL en gr\u00e8s c\u00e9rame pour sol et mur \u00e0 Montpellier - H\u00e9rault<br><\/h2>\t\t\t\t<\/div>\n\t\t\t\t<\/div>\n\t\t\t\t\t<\/div>\n\t\t<\/div>\n\t\t\t\t\t<\/div>\n\t\t<\/section>\n\t\t\t\t<section class=\"elementor-section elementor-top-section elementor-element elementor-element-5a4b07ff elementor-section-boxed elementor-section-height-default elementor-section-height-default\" data-id=\"5a4b07ff\" data-element_type=\"section\" data-e-type=\"section\" data-settings=\"{&quot;background_background&quot;:&quot;classic&quot;}\">\n\t\t\t\t\t\t<div class=\"elementor-container elementor-column-gap-default\">\n\t\t\t\t\t<div class=\"elementor-column elementor-col-100 elementor-top-column elementor-element elementor-element-4c4a5413\" data-id=\"4c4a5413\" data-element_type=\"column\" data-e-type=\"column\">\n\t\t\t<div class=\"elementor-widget-wrap elementor-element-populated\">\n\t\t\t\t\t\t<div class=\"elementor-element elementor-element-4d48691b elementor-widget elementor-widget-text-editor\" data-id=\"4d48691b\" data-element_type=\"widget\" data-e-type=\"widget\" data-widget_type=\"text-editor.default\">\n\t\t\t\t<div class=\"elementor-widget-container\">\n\t\t\t\t\t\t\t\t\t<p><a href=\"https:\/\/www.portovenere.fr\/fr-fr\/qui-sommes-nous\/\">Porto Venere<\/a>\u00a0vous propose sa s\u00e9lection de\u00a0<strong>carrelage<\/strong>\u00a0<b>grand format <\/b>en <b>gr\u00e8s c\u00e9rame <\/b>pour <b>int\u00e9rieur<\/b> et\/ou <b>ext\u00e9rieur.\u00a0<\/b>Ces carreaux reprennent avec beaucoup d&rsquo;\u00e9l\u00e9gance l&rsquo;\u00a0<a style=\"background-color: #ffffff;\" href=\"https:\/\/www.portovenere.fr\/fr-fr\/carrelage-sol-et-mur-en-gres-cerame-et-faience\/carrelage-contemporain-et-design\/\" target=\"_blank\" rel=\"noopener\">aspect b\u00e9ton contemporain<\/a>, l&rsquo;\u00a0<a style=\"background-color: #ffffff;\" href=\"https:\/\/www.portovenere.fr\/fr-fr\/carrelage-sol-et-mur-en-gres-cerame-et-faience\/carrelage-aspect-marbre\/\" target=\"_blank\" rel=\"noopener\">effet marbre, terrazzo<\/a>,\u00a0<a style=\"background-color: #ffffff;\" href=\"https:\/\/www.portovenere.fr\/fr-fr\/carrelage-sol-et-mur-en-gres-cerame-et-faience\/carrelage-aspect-metal\/\" target=\"_blank\" rel=\"noopener\">m\u00e9tal<\/a>\u00a0ou\u00a0<a style=\"background-color: #ffffff;\" href=\"https:\/\/www.portovenere.fr\/fr-fr\/carrelage-sol-et-mur-en-gres-cerame-et-faience\/carrelage-aspect-pierre\/\" target=\"_blank\" rel=\"noopener\">pierre naturelle<\/a>, dans des finitions et coloris tr\u00e8s vari\u00e9s.\u00a0<\/p><p><span style=\"font-size: 14px; text-align: center;\">L<\/span><span style=\"font-size: 14px; text-align: center;\">es rev\u00eatements de\u00a0<\/span><span style=\"font-weight: bolder; font-size: 14px; text-align: center;\">sols<\/span><span style=\"font-size: 14px; text-align: center;\">\u00a0et\u00a0<\/span><span style=\"font-weight: bolder; font-size: 14px; text-align: center;\">murs<\/span><span style=\"font-size: 14px; text-align: center;\">\u00a0en\u00a0<\/span><span style=\"font-weight: bolder; font-size: 14px; text-align: center;\">gr\u00e8s c\u00e9rame<\/span><span style=\"font-size: 14px; text-align: center;\">\u00a0Porto Venere sont la parfaite combinaison entre recherche \u00e9lev\u00e9e de l\u2019esth\u00e9tique et du\u00a0<\/span><span style=\"font-weight: bolder; font-size: 14px; text-align: center;\">design<\/span><span style=\"font-size: 14px; text-align: center;\">\u00a0associ\u00e9e \u00e0 la robustesse de nos mat\u00e9riaux c\u00e9ramiques issus des technologies \u00e0 la pointe dans le monde du\u00a0<\/span><span style=\"font-weight: bolder; font-size: 14px; text-align: center;\">carrelage<\/span><span style=\"font-size: 14px; text-align: center;\">\u00a0ainsi que l\u2019extr\u00eame facilit\u00e9 d\u2019entretien caract\u00e9ris\u00e9e par la non porosit\u00e9 du produit.\u00a0<\/span><\/p><p><span style=\"font-size: 14px; text-align: center;\">Les\u00a0<\/span><span style=\"font-weight: bolder; font-size: 14px; text-align: center;\">grands formats<\/span><span style=\"font-size: 14px; text-align: center;\">\u00a0associ\u00e9s \u00e0 la rectification des bords du carreau permettent la pose avec des <b>joints tr\u00e8s fins<\/b>, donnant l\u2019impression d\u2019une continuit\u00e9 de dalle synonyme de\u00a0<\/span><span style=\"font-weight: bolder; font-size: 14px; text-align: center;\">modernit\u00e9<\/span><span style=\"font-size: 14px; text-align: center;\">. Les carreaux grands formats s&rsquo;adaptent \u00e0 de nombreux lieux de destination : cr\u00e9dence de cuisine, s\u00e9jour, salle de bain, restaurant, h\u00f4tel, mus\u00e9e, loft, boutique, etc.\u00a0<\/span><\/p><p><span style=\"text-align: center;\">Retrouvez aussi dans cette s\u00e9lection \u00ab\u00a0grand format\u00a0\u00bb, des\u00a0<\/span><a href=\"https:\/\/www.portovenere.fr\/fr-fr\/carrelage-sol-et-mur-en-gres-cerame-et-faience\/carrelage-extra-fin-special-renovation\/\" target=\"_blank\" rel=\"noopener\">gr\u00e8s lamin\u00e9s extra-fins<\/a><span style=\"text-align: center;\">\u00a0pour la\u00a0<\/span><span style=\"font-weight: bolder; text-align: center;\">r\u00e9novation de sol<\/span><span style=\"text-align: center;\">\u00a0et\u00a0<\/span><span style=\"font-weight: bolder; text-align: center;\">mur.<\/span><span style=\"text-align: center;\">\u00a0Ces produits de 3,5 et 5,5mm (mais aussi 6 et 7mm) d\u2019\u00e9paisseur peuvent \u00eatre pos\u00e9s sur un\u00a0<\/span><span style=\"font-weight: bolder; text-align: center;\">ancien carrelage\u00a0<\/span><span style=\"text-align: center;\">sans ajouter trop de poids et de sur-\u00e9paisseur.<\/span><\/p><p>Les diff\u00e9rents formats propos\u00e9s : 80&#215;80 cm, 90&#215;90, <b>100&#215;100<\/b>, 120&#215;120, 150&#215;150, 180&#215;180, <b>120&#215;240<\/b>, 120&#215;270, 120&#215;280, 150&#215;300 cm&#8230;et m\u00eame un<b> maxi carreau format XXL<\/b> de <b>160&#215;320<\/b> cm.\u00a0<\/p>\t\t\t\t\t\t\t\t<\/div>\n\t\t\t\t<\/div>\n\t\t\t\t\t<\/div>\n\t\t<\/div>\n\t\t\t\t\t<\/div>\n\t\t<\/section>\n\t\t\t\t<section class=\"elementor-section elementor-top-section elementor-element elementor-element-3e295463 elementor-section-stretched elementor-section-boxed elementor-section-height-default elementor-section-height-default\" data-id=\"3e295463\" data-element_type=\"section\" data-e-type=\"section\" data-settings=\"{&quot;stretch_section&quot;:&quot;section-stretched&quot;}\">\n\t\t\t\t\t\t<div class=\"elementor-container elementor-column-gap-default\">\n\t\t\t\t\t<div class=\"elementor-column elementor-col-50 elementor-top-column elementor-element elementor-element-53ea4688\" data-id=\"53ea4688\" data-element_type=\"column\" data-e-type=\"column\">\n\t\t\t<div class=\"elementor-widget-wrap elementor-element-populated\">\n\t\t\t\t\t\t<div class=\"elementor-element elementor-element-44b7be14 elementor-align-center elementor-mobile-align-justify elementor-widget elementor-widget-button\" data-id=\"44b7be14\" data-element_type=\"widget\" data-e-type=\"widget\" data-widget_type=\"button.default\">\n\t\t\t\t<div class=\"elementor-widget-container\">\n\t\t\t\t\t\t\t\t\t<div class=\"elementor-button-wrapper\">\n\t\t\t\t\t<a class=\"elementor-button elementor-button-link elementor-size-md\" href=\"#formatxxl\">\n\t\t\t\t\t\t<span class=\"elementor-button-content-wrapper\">\n\t\t\t\t\t\t\t\t\t<span class=\"elementor-button-text\">Maxi Formats XXL<\/span>\n\t\t\t\t\t<\/span>\n\t\t\t\t\t<\/a>\n\t\t\t\t<\/div>\n\t\t\t\t\t\t\t\t<\/div>\n\t\t\t\t<\/div>\n\t\t\t\t\t<\/div>\n\t\t<\/div>\n\t\t\t\t<div class=\"elementor-column elementor-col-50 elementor-top-column elementor-element elementor-element-208e7972\" data-id=\"208e7972\" data-element_type=\"column\" data-e-type=\"column\">\n\t\t\t<div class=\"elementor-widget-wrap elementor-element-populated\">\n\t\t\t\t\t\t<div class=\"elementor-element elementor-element-47cceea3 elementor-align-center elementor-mobile-align-justify elementor-widget elementor-widget-button\" data-id=\"47cceea3\" data-element_type=\"widget\" data-e-type=\"widget\" data-widget_type=\"button.default\">\n\t\t\t\t<div class=\"elementor-widget-container\">\n\t\t\t\t\t\t\t\t\t<div class=\"elementor-button-wrapper\">\n\t\t\t\t\t<a class=\"elementor-button elementor-button-link elementor-size-md\" href=\"#grandsformats\">\n\t\t\t\t\t\t<span class=\"elementor-button-content-wrapper\">\n\t\t\t\t\t\t\t\t\t<span class=\"elementor-button-text\">Grands formats<\/span>\n\t\t\t\t\t<\/span>\n\t\t\t\t\t<\/a>\n\t\t\t\t<\/div>\n\t\t\t\t\t\t\t\t<\/div>\n\t\t\t\t<\/div>\n\t\t\t\t\t<\/div>\n\t\t<\/div>\n\t\t\t\t\t<\/div>\n\t\t<\/section>\n\t\t\t\t<section class=\"elementor-section elementor-top-section elementor-element elementor-element-42551ee1 elementor-section-stretched elementor-section-full_width elementor-section-height-default elementor-section-height-default\" data-id=\"42551ee1\" data-element_type=\"section\" data-e-type=\"section\" data-settings=\"{&quot;stretch_section&quot;:&quot;section-stretched&quot;}\">\n\t\t\t\t\t\t<div class=\"elementor-container elementor-column-gap-default\">\n\t\t\t\t\t<div class=\"elementor-column elementor-col-100 elementor-top-column elementor-element elementor-element-7d97258a\" data-id=\"7d97258a\" data-element_type=\"column\" data-e-type=\"column\">\n\t\t\t<div class=\"elementor-widget-wrap elementor-element-populated\">\n\t\t\t\t\t\t<div class=\"elementor-element elementor-element-3d37258c elementor-widget elementor-widget-spacer\" data-id=\"3d37258c\" data-element_type=\"widget\" data-e-type=\"widget\" data-widget_type=\"spacer.default\">\n\t\t\t\t<div class=\"elementor-widget-container\">\n\t\t\t\t\t\t\t<div class=\"elementor-spacer\">\n\t\t\t<div class=\"elementor-spacer-inner\"><\/div>\n\t\t<\/div>\n\t\t\t\t\t\t<\/div>\n\t\t\t\t<\/div>\n\t\t\t\t\t<\/div>\n\t\t<\/div>\n\t\t\t\t\t<\/div>\n\t\t<\/section>\n\t\t\t\t<section class=\"elementor-section elementor-top-section elementor-element elementor-element-4b48950d elementor-section-boxed elementor-section-height-default elementor-section-height-default\" data-id=\"4b48950d\" data-element_type=\"section\" data-e-type=\"section\">\n\t\t\t\t\t\t<div class=\"elementor-container elementor-column-gap-default\">\n\t\t\t\t\t<div class=\"elementor-column elementor-col-100 elementor-top-column elementor-element elementor-element-497d7970\" data-id=\"497d7970\" data-element_type=\"column\" data-e-type=\"column\">\n\t\t\t<div class=\"elementor-widget-wrap elementor-element-populated\">\n\t\t\t\t\t\t<div class=\"elementor-element elementor-element-24fda0c1 elementor-widget elementor-widget-spacer\" data-id=\"24fda0c1\" data-element_type=\"widget\" data-e-type=\"widget\" data-widget_type=\"spacer.default\">\n\t\t\t\t<div class=\"elementor-widget-container\">\n\t\t\t\t\t\t\t<div class=\"elementor-spacer\">\n\t\t\t<div class=\"elementor-spacer-inner\"><\/div>\n\t\t<\/div>\n\t\t\t\t\t\t<\/div>\n\t\t\t\t<\/div>\n\t\t\t\t\t<\/div>\n\t\t<\/div>\n\t\t\t\t\t<\/div>\n\t\t<\/section>\n\t\t\t\t<section class=\"elementor-section elementor-top-section elementor-element elementor-element-1f23edff elementor-section-boxed elementor-section-height-default elementor-section-height-default\" data-id=\"1f23edff\" data-element_type=\"section\" data-e-type=\"section\">\n\t\t\t\t\t\t<div class=\"elementor-container elementor-column-gap-default\">\n\t\t\t\t\t<div class=\"elementor-column elementor-col-100 elementor-top-column elementor-element elementor-element-7afa825\" data-id=\"7afa825\" data-element_type=\"column\" data-e-type=\"column\">\n\t\t\t<div class=\"elementor-widget-wrap elementor-element-populated\">\n\t\t\t\t\t\t<div class=\"elementor-element elementor-element-7939501d elementor-widget elementor-widget-menu-anchor\" data-id=\"7939501d\" data-element_type=\"widget\" data-e-type=\"widget\" data-widget_type=\"menu-anchor.default\">\n\t\t\t\t<div class=\"elementor-widget-container\">\n\t\t\t\t\t\t\t<div class=\"elementor-menu-anchor\" id=\"formatxxl\"><\/div>\n\t\t\t\t\t\t<\/div>\n\t\t\t\t<\/div>\n\t\t\t\t\t<\/div>\n\t\t<\/div>\n\t\t\t\t\t<\/div>\n\t\t<\/section>\n\t\t\t\t<section class=\"elementor-section elementor-top-section elementor-element elementor-element-6e10f03a elementor-section-full_width elementor-section-height-default elementor-section-height-default\" data-id=\"6e10f03a\" data-element_type=\"section\" data-e-type=\"section\" data-settings=\"{&quot;background_background&quot;:&quot;classic&quot;}\">\n\t\t\t\t\t\t<div class=\"elementor-container elementor-column-gap-default\">\n\t\t\t\t\t<div class=\"elementor-column elementor-col-100 elementor-top-column elementor-element elementor-element-6f5ccc60\" data-id=\"6f5ccc60\" data-element_type=\"column\" data-e-type=\"column\">\n\t\t\t<div class=\"elementor-widget-wrap elementor-element-populated\">\n\t\t\t\t\t\t<div class=\"elementor-element elementor-element-6cde1864 elementor-invisible elementor-widget elementor-widget-heading\" data-id=\"6cde1864\" data-element_type=\"widget\" data-e-type=\"widget\" data-settings=\"{&quot;_animation&quot;:&quot;fadeInLeft&quot;}\" data-widget_type=\"heading.default\">\n\t\t\t\t<div class=\"elementor-widget-container\">\n\t\t\t\t\t<h2 class=\"elementor-heading-title elementor-size-default\">Carreaux maxi formats XXL : 120x120 cm jusqu'\u00e0 160x320 cm<\/h2>\t\t\t\t<\/div>\n\t\t\t\t<\/div>\n\t\t\t\t<div class=\"elementor-element elementor-element-62be6834 elementor-widget elementor-widget-text-editor\" data-id=\"62be6834\" data-element_type=\"widget\" data-e-type=\"widget\" data-widget_type=\"text-editor.default\">\n\t\t\t\t<div class=\"elementor-widget-container\">\n\t\t\t\t\t\t\t\t\t<p>Les collections de carrelage ci-dessous proposent des formats XXL de 120x120cm, 150x150cm, 120x240cm&#8230;jusqu&rsquo;\u00e0 160x320cm pour une pose murale et pose au sol.\u00a0<\/p><p>NB : Ces collections proposent des formats plus petits (90&#215;90, 30&#215;60, 60&#215;60, 60x120cm&#8230;.), n&rsquo;h\u00e9sitez pas \u00e0 d\u00e9couvrir chaque collection pour un agr\u00e9able voyage au pays des carreaux maxi formats.<\/p>\t\t\t\t\t\t\t\t<\/div>\n\t\t\t\t<\/div>\n\t\t\t\t\t<\/div>\n\t\t<\/div>\n\t\t\t\t\t<\/div>\n\t\t<\/section>\n\t\t\t\t<section class=\"elementor-section elementor-top-section elementor-element elementor-element-371b757 elementor-section-full_width elementor-section-height-default elementor-section-height-default\" data-id=\"371b757\" data-element_type=\"section\" data-e-type=\"section\">\n\t\t\t\t\t\t<div class=\"elementor-container elementor-column-gap-default\">\n\t\t\t\t\t<div class=\"elementor-column elementor-col-33 elementor-top-column elementor-element elementor-element-43d94f85\" data-id=\"43d94f85\" data-element_type=\"column\" data-e-type=\"column\" data-settings=\"{&quot;background_background&quot;:&quot;classic&quot;}\">\n\t\t\t<div class=\"elementor-widget-wrap elementor-element-populated\">\n\t\t\t\t\t\t<div class=\"elementor-element elementor-element-4487c873 elementor-widget elementor-widget-image\" data-id=\"4487c873\" data-element_type=\"widget\" data-e-type=\"widget\" data-widget_type=\"image.default\">\n\t\t\t\t<div class=\"elementor-widget-container\">\n\t\t\t\t\t\t\t\t\t\t\t\t\t\t\t\t<a href=\"https:\/\/www.portovenere.fr\/fr-fr\/carrelage-sol-et-mur-en-gres-cerame-et-faience\/carrelage-aspect-pierre\/carrelage-imitation-travertin-interieur-exterieur-brumata-travertin\/\">\n\t\t\t\t\t\t\t<img fetchpriority=\"high\" decoding=\"async\" width=\"768\" height=\"502\" src=\"https:\/\/www.portovenere.fr\/fr-fr\/wp-content\/uploads\/2024\/04\/Magasin-de-carrelage-de-salle-de-bain-haut-de-gamme-imitation-pierre-Brumata-Travertin-cream-beige-a-Montpellier-34-768x502.jpg\" class=\"attachment-medium_large size-medium_large wp-image-49767\" alt=\"\" srcset=\"https:\/\/www.portovenere.fr\/fr-fr\/wp-content\/uploads\/2024\/04\/Magasin-de-carrelage-de-salle-de-bain-haut-de-gamme-imitation-pierre-Brumata-Travertin-cream-beige-a-Montpellier-34-768x502.jpg 768w, https:\/\/www.portovenere.fr\/fr-fr\/wp-content\/uploads\/2024\/04\/Magasin-de-carrelage-de-salle-de-bain-haut-de-gamme-imitation-pierre-Brumata-Travertin-cream-beige-a-Montpellier-34-300x196.jpg 300w, https:\/\/www.portovenere.fr\/fr-fr\/wp-content\/uploads\/2024\/04\/Magasin-de-carrelage-de-salle-de-bain-haut-de-gamme-imitation-pierre-Brumata-Travertin-cream-beige-a-Montpellier-34-1024x669.jpg 1024w, https:\/\/www.portovenere.fr\/fr-fr\/wp-content\/uploads\/2024\/04\/Magasin-de-carrelage-de-salle-de-bain-haut-de-gamme-imitation-pierre-Brumata-Travertin-cream-beige-a-Montpellier-34-1536x1004.jpg 1536w, https:\/\/www.portovenere.fr\/fr-fr\/wp-content\/uploads\/2024\/04\/Magasin-de-carrelage-de-salle-de-bain-haut-de-gamme-imitation-pierre-Brumata-Travertin-cream-beige-a-Montpellier-34.jpg 1800w\" sizes=\"(max-width: 768px) 100vw, 768px\" \/>\t\t\t\t\t\t\t\t<\/a>\n\t\t\t\t\t\t\t\t\t\t\t\t\t\t\t<\/div>\n\t\t\t\t<\/div>\n\t\t\t\t<div class=\"elementor-element elementor-element-29e91938 elementor-widget elementor-widget-heading\" data-id=\"29e91938\" data-element_type=\"widget\" data-e-type=\"widget\" data-widget_type=\"heading.default\">\n\t\t\t\t<div class=\"elementor-widget-container\">\n\t\t\t\t\t<h3 class=\"elementor-heading-title elementor-size-default\"><a href=\"https:\/\/www.portovenere.fr\/fr-fr\/carrelage-sol-et-mur-en-gres-cerame-et-faience\/carrelage-aspect-pierre\/carrelage-imitation-travertin-interieur-exterieur-brumata-travertin\/\">BRUMATA TRAVERTIN | 2 coloris &amp; 2 styles<\/a><\/h3>\t\t\t\t<\/div>\n\t\t\t\t<\/div>\n\t\t\t\t<div class=\"elementor-element elementor-element-36ae847f elementor-widget__width-initial elementor-widget elementor-widget-gallery\" data-id=\"36ae847f\" data-element_type=\"widget\" data-e-type=\"widget\" data-settings=\"{&quot;gap&quot;:{&quot;unit&quot;:&quot;px&quot;,&quot;size&quot;:3,&quot;sizes&quot;:[]},&quot;columns_mobile&quot;:3,&quot;gap_mobile&quot;:{&quot;unit&quot;:&quot;px&quot;,&quot;size&quot;:6,&quot;sizes&quot;:[]},&quot;columns&quot;:5,&quot;columns_tablet&quot;:3,&quot;gap_tablet&quot;:{&quot;unit&quot;:&quot;px&quot;,&quot;size&quot;:5,&quot;sizes&quot;:[]},&quot;lazyload&quot;:&quot;yes&quot;,&quot;gallery_layout&quot;:&quot;grid&quot;,&quot;aspect_ratio&quot;:&quot;3:2&quot;,&quot;overlay_background&quot;:&quot;yes&quot;,&quot;content_hover_animation&quot;:&quot;fade-in&quot;}\" data-widget_type=\"gallery.default\">\n\t\t\t\t<div class=\"elementor-widget-container\">\n\t\t\t\t\t\t\t<div class=\"elementor-gallery__container\">\n\t\t\t\t\t\t\t<div class=\"e-gallery-item elementor-gallery-item elementor-animated-content\">\n\t\t\t\t\t<div class=\"e-gallery-image elementor-gallery-item__image\" data-thumbnail=\"https:\/\/www.portovenere.fr\/fr-fr\/wp-content\/uploads\/2024\/04\/Carrelage-travertin-en-gres-cerame-mat-ou-brillant-sol-et-mur-Brumata-travertin-Vein-Cut-blanc-pres-de-Castelnau-le-lez-34-150x150.jpg\" data-width=\"150\" data-height=\"150\" aria-label=\"\" role=\"img\" ><\/div>\n\t\t\t\t\t\t\t\t\t\t\t<div class=\"elementor-gallery-item__overlay\"><\/div>\n\t\t\t\t\t\t\t\t\t\t\t\t\t\t<\/div>\n\t\t\t\t\t\t\t<div class=\"e-gallery-item elementor-gallery-item elementor-animated-content\">\n\t\t\t\t\t<div class=\"e-gallery-image elementor-gallery-item__image\" data-thumbnail=\"https:\/\/www.portovenere.fr\/fr-fr\/wp-content\/uploads\/2024\/04\/Carrelage-travertin-en-gres-cerame-mat-ou-brillant-sol-et-mur-Brumata-travertin-Vein-Cut-cream-proche-de-Mauguio-34-150x150.jpg\" data-width=\"150\" data-height=\"150\" aria-label=\"\" role=\"img\" ><\/div>\n\t\t\t\t\t\t\t\t\t\t\t<div class=\"elementor-gallery-item__overlay\"><\/div>\n\t\t\t\t\t\t\t\t\t\t\t\t\t\t<\/div>\n\t\t\t\t\t\t\t<div class=\"e-gallery-item elementor-gallery-item elementor-animated-content\">\n\t\t\t\t\t<div class=\"e-gallery-image elementor-gallery-item__image\" data-thumbnail=\"https:\/\/www.portovenere.fr\/fr-fr\/wp-content\/uploads\/2024\/04\/Carrelage-travertin-en-gres-cerame-mat-ou-brillant-sol-et-mur-Brumata-travertin-Minimal-Cream-a-saint-jean-de-vedas-34-150x150.jpg\" data-width=\"150\" data-height=\"150\" aria-label=\"\" role=\"img\" ><\/div>\n\t\t\t\t\t\t\t\t\t\t\t<div class=\"elementor-gallery-item__overlay\"><\/div>\n\t\t\t\t\t\t\t\t\t\t\t\t\t\t<\/div>\n\t\t\t\t\t\t\t<div class=\"e-gallery-item elementor-gallery-item elementor-animated-content\">\n\t\t\t\t\t<div class=\"e-gallery-image elementor-gallery-item__image\" data-thumbnail=\"https:\/\/www.portovenere.fr\/fr-fr\/wp-content\/uploads\/2024\/04\/Carrelage-travertin-en-gres-cerame-mat-ou-brillant-sol-et-mur-Brumata-travertin-Minimal-blanc-pres-de-Pezenas-34-150x150.jpg\" data-width=\"150\" data-height=\"150\" aria-label=\"\" role=\"img\" ><\/div>\n\t\t\t\t\t\t\t\t\t\t\t<div class=\"elementor-gallery-item__overlay\"><\/div>\n\t\t\t\t\t\t\t\t\t\t\t\t\t\t<\/div>\n\t\t\t\t\t<\/div>\n\t\t\t\t\t<\/div>\n\t\t\t\t<\/div>\n\t\t\t\t<div class=\"elementor-element elementor-element-7c49a85 elementor-widget elementor-widget-text-editor\" data-id=\"7c49a85\" data-element_type=\"widget\" data-e-type=\"widget\" data-widget_type=\"text-editor.default\">\n\t\t\t\t<div class=\"elementor-widget-container\">\n\t\t\t\t\t\t\t\t\t<p>La merveilleuse collection<b> esprit Travertin<\/b> de\u00a0carrelage 1er choix\u00a0<b>BRUMATA TRAVERTIN\u00a0<\/b>est con\u00e7u pour une\u00a0<b>pose au sol et pose murale en int\u00e9rieur et ext\u00e9rieur.<\/b><\/p><p>Ce gr\u00e8s c\u00e9rame de qualit\u00e9 pour int\u00e9rieur et ext\u00e9rieur, propose\u00a0<b>4\u00a0coloris<\/b>\u00a0\u00a0<b>effet pierre naturelle Travertin<\/b>\u00a0: beige, blanc, gris et marron.<\/p><p>Les <b>coloris blanc et cream beige sont disponibles en formats 120 x278 cm et 120&#215;120 cm.<\/b><\/p><p>Un carrelage propos\u00e9 dans\u00a0<b>4 styles<\/b>\u00a0pour une cr\u00e9ation originale dans votre projets d\u2019am\u00e9nagement :\u00a0<b>Vein Cut (esprit Travertin),\u00a0Minimal (esprit pierre),\u00a0\u00a0Ancient (tr\u00e8s nuanc\u00e9) et\u00a0\u00a0Ruled (stri\u00e9).<\/b><\/p><p>Le<b>s nombreux formats<\/b>,\u00a0<b>mosa\u00efques<\/b> et<b> d\u00e9cors brick<\/b> offrent de multiples possibilit\u00e9s. Disponible \u00e9galement en <b>Opus bords non rectifi\u00e9s<\/b> et <b>dalles 2 cm antid\u00e9rapantes<\/b>.<\/p>\t\t\t\t\t\t\t\t<\/div>\n\t\t\t\t<\/div>\n\t\t\t\t<div class=\"elementor-element elementor-element-2c4bf18e elementor-mobile-align-center elementor-align-left elementor-widget elementor-widget-button\" data-id=\"2c4bf18e\" data-element_type=\"widget\" data-e-type=\"widget\" data-widget_type=\"button.default\">\n\t\t\t\t<div class=\"elementor-widget-container\">\n\t\t\t\t\t\t\t\t\t<div class=\"elementor-button-wrapper\">\n\t\t\t\t\t<a class=\"elementor-button elementor-button-link elementor-size-sm\" href=\"https:\/\/www.portovenere.fr\/fr-fr\/carrelage-sol-et-mur-en-gres-cerame-et-faience\/carrelage-aspect-pierre\/carrelage-imitation-travertin-interieur-exterieur-brumata-travertin\/\">\n\t\t\t\t\t\t<span class=\"elementor-button-content-wrapper\">\n\t\t\t\t\t\t\t\t\t<span class=\"elementor-button-text\">Voir la collection<\/span>\n\t\t\t\t\t<\/span>\n\t\t\t\t\t<\/a>\n\t\t\t\t<\/div>\n\t\t\t\t\t\t\t\t<\/div>\n\t\t\t\t<\/div>\n\t\t\t\t\t<\/div>\n\t\t<\/div>\n\t\t\t\t<div class=\"elementor-column elementor-col-33 elementor-top-column elementor-element elementor-element-6ab4d7f2\" data-id=\"6ab4d7f2\" data-element_type=\"column\" data-e-type=\"column\" data-settings=\"{&quot;background_background&quot;:&quot;gradient&quot;}\">\n\t\t\t<div class=\"elementor-widget-wrap elementor-element-populated\">\n\t\t\t\t\t\t<div class=\"elementor-element elementor-element-1ea5b3d5 elementor-widget elementor-widget-image\" data-id=\"1ea5b3d5\" data-element_type=\"widget\" data-e-type=\"widget\" data-widget_type=\"image.default\">\n\t\t\t\t<div class=\"elementor-widget-container\">\n\t\t\t\t\t\t\t\t\t\t\t\t\t\t\t\t<a href=\"https:\/\/www.portovenere.fr\/fr-fr\/carrelage-sol-et-mur-en-gres-cerame-et-faience\/carrelage-aspect-pierre\/carrelage-aspect-pierre-naturelle-cluny\/\">\n\t\t\t\t\t\t\t<img decoding=\"async\" width=\"768\" height=\"530\" src=\"https:\/\/www.portovenere.fr\/fr-fr\/wp-content\/uploads\/2019\/08\/Cluny-bourgogne-naturel-35mm-100x300-1-768x530.jpg\" class=\"attachment-medium_large size-medium_large wp-image-13306\" alt=\"\" srcset=\"https:\/\/www.portovenere.fr\/fr-fr\/wp-content\/uploads\/2019\/08\/Cluny-bourgogne-naturel-35mm-100x300-1-768x530.jpg 768w, https:\/\/www.portovenere.fr\/fr-fr\/wp-content\/uploads\/2019\/08\/Cluny-bourgogne-naturel-35mm-100x300-1-300x207.jpg 300w, https:\/\/www.portovenere.fr\/fr-fr\/wp-content\/uploads\/2019\/08\/Cluny-bourgogne-naturel-35mm-100x300-1.jpg 1000w\" sizes=\"(max-width: 768px) 100vw, 768px\" \/>\t\t\t\t\t\t\t\t<\/a>\n\t\t\t\t\t\t\t\t\t\t\t\t\t\t\t<\/div>\n\t\t\t\t<\/div>\n\t\t\t\t<div class=\"elementor-element elementor-element-79ac05fb elementor-widget elementor-widget-heading\" data-id=\"79ac05fb\" data-element_type=\"widget\" data-e-type=\"widget\" data-widget_type=\"heading.default\">\n\t\t\t\t<div class=\"elementor-widget-container\">\n\t\t\t\t\t<h3 class=\"elementor-heading-title elementor-size-default\"><a href=\"https:\/\/www.portovenere.fr\/fr-fr\/carrelage-sol-et-mur-en-gres-cerame-et-faience\/carrelage-aspect-pierre\/carrelage-aspect-pierre-naturelle-cluny\/\">KERLITE CLUNY 3,5 mm &amp; 5,5 mm | 3 coloris<\/a><\/h3>\t\t\t\t<\/div>\n\t\t\t\t<\/div>\n\t\t\t\t<div class=\"elementor-element elementor-element-2b163f18 elementor-widget__width-initial elementor-widget elementor-widget-gallery\" data-id=\"2b163f18\" data-element_type=\"widget\" data-e-type=\"widget\" data-settings=\"{&quot;gap&quot;:{&quot;unit&quot;:&quot;px&quot;,&quot;size&quot;:3,&quot;sizes&quot;:[]},&quot;columns_mobile&quot;:3,&quot;gap_mobile&quot;:{&quot;unit&quot;:&quot;px&quot;,&quot;size&quot;:6,&quot;sizes&quot;:[]},&quot;columns&quot;:5,&quot;columns_tablet&quot;:3,&quot;gap_tablet&quot;:{&quot;unit&quot;:&quot;px&quot;,&quot;size&quot;:5,&quot;sizes&quot;:[]},&quot;lazyload&quot;:&quot;yes&quot;,&quot;gallery_layout&quot;:&quot;grid&quot;,&quot;aspect_ratio&quot;:&quot;3:2&quot;,&quot;overlay_background&quot;:&quot;yes&quot;,&quot;content_hover_animation&quot;:&quot;fade-in&quot;}\" data-widget_type=\"gallery.default\">\n\t\t\t\t<div class=\"elementor-widget-container\">\n\t\t\t\t\t\t\t<div class=\"elementor-gallery__container\">\n\t\t\t\t\t\t\t<div class=\"e-gallery-item elementor-gallery-item elementor-animated-content\">\n\t\t\t\t\t<div class=\"e-gallery-image elementor-gallery-item__image\" data-thumbnail=\"https:\/\/www.portovenere.fr\/fr-fr\/wp-content\/uploads\/2019\/08\/Cluny-Bourgogne-150x150.jpg\" data-width=\"150\" data-height=\"150\" aria-label=\"\" role=\"img\" ><\/div>\n\t\t\t\t\t\t\t\t\t\t\t<div class=\"elementor-gallery-item__overlay\"><\/div>\n\t\t\t\t\t\t\t\t\t\t\t\t\t\t<\/div>\n\t\t\t\t\t\t\t<div class=\"e-gallery-item elementor-gallery-item elementor-animated-content\">\n\t\t\t\t\t<div class=\"e-gallery-image elementor-gallery-item__image\" data-thumbnail=\"https:\/\/www.portovenere.fr\/fr-fr\/wp-content\/uploads\/2019\/08\/Cluny-Argerot-150x150.jpg\" data-width=\"150\" data-height=\"150\" aria-label=\"\" role=\"img\" ><\/div>\n\t\t\t\t\t\t\t\t\t\t\t<div class=\"elementor-gallery-item__overlay\"><\/div>\n\t\t\t\t\t\t\t\t\t\t\t\t\t\t<\/div>\n\t\t\t\t\t\t\t<div class=\"e-gallery-item elementor-gallery-item elementor-animated-content\">\n\t\t\t\t\t<div class=\"e-gallery-image elementor-gallery-item__image\" data-thumbnail=\"https:\/\/www.portovenere.fr\/fr-fr\/wp-content\/uploads\/2019\/08\/Cluny-Champagne-150x150.jpg\" data-width=\"150\" data-height=\"150\" aria-label=\"\" role=\"img\" ><\/div>\n\t\t\t\t\t\t\t\t\t\t\t<div class=\"elementor-gallery-item__overlay\"><\/div>\n\t\t\t\t\t\t\t\t\t\t\t\t\t\t<\/div>\n\t\t\t\t\t<\/div>\n\t\t\t\t\t<\/div>\n\t\t\t\t<\/div>\n\t\t\t\t<div class=\"elementor-element elementor-element-577936a3 elementor-widget elementor-widget-text-editor\" data-id=\"577936a3\" data-element_type=\"widget\" data-e-type=\"widget\" data-widget_type=\"text-editor.default\">\n\t\t\t\t<div class=\"elementor-widget-container\">\n\t\t\t\t\t\t\t\t\t<p>Carrelage extra fin pour sol et mur en int\u00e9rieur. Ce gr\u00e8s c\u00e9rame lamin\u00e9 aspect pierre contemporaine est disponible en 3 coloris d\u00e9clin\u00e9s sous 2 formats : 100x100cm et 100x300cm.<\/p><p>Les 3 coloris\u00a0<span style=\"background-color: transparent;\">&#8211; Champagne, Bourgogne et Argerot &#8211;<\/span><span style=\"background-color: transparent;\">\u00a0<\/span><span style=\"background-color: transparent;\">sont propos\u00e9s en finition \u00ab\u00a0Naturel\u00a0\u00bb ou \u00ab\u00a0Lay\u00e9\u00a0\u00bb.<\/span><\/p><p><span style=\"background-color: transparent;\">La collection Kerlite Cluny existe aussi dans d&rsquo;autres formats et \u00e9paisseurs afin de proposer une gamme compl\u00e8te de rev\u00eatement de sol et mur en int\u00e9rieur et ext\u00e9rieur.<\/span><\/p>\t\t\t\t\t\t\t\t<\/div>\n\t\t\t\t<\/div>\n\t\t\t\t<div class=\"elementor-element elementor-element-306aed2d elementor-mobile-align-center elementor-widget elementor-widget-button\" data-id=\"306aed2d\" data-element_type=\"widget\" data-e-type=\"widget\" data-widget_type=\"button.default\">\n\t\t\t\t<div class=\"elementor-widget-container\">\n\t\t\t\t\t\t\t\t\t<div class=\"elementor-button-wrapper\">\n\t\t\t\t\t<a class=\"elementor-button elementor-button-link elementor-size-sm\" href=\"https:\/\/www.portovenere.fr\/fr-fr\/carrelage-sol-et-mur-en-gres-cerame-et-faience\/carrelage-aspect-pierre\/carrelage-aspect-pierre-naturelle-cluny\/\">\n\t\t\t\t\t\t<span class=\"elementor-button-content-wrapper\">\n\t\t\t\t\t\t\t\t\t<span class=\"elementor-button-text\">Voir la collection<\/span>\n\t\t\t\t\t<\/span>\n\t\t\t\t\t<\/a>\n\t\t\t\t<\/div>\n\t\t\t\t\t\t\t\t<\/div>\n\t\t\t\t<\/div>\n\t\t\t\t\t<\/div>\n\t\t<\/div>\n\t\t\t\t<div class=\"elementor-column elementor-col-33 elementor-top-column elementor-element elementor-element-746cc497\" data-id=\"746cc497\" data-element_type=\"column\" data-e-type=\"column\" data-settings=\"{&quot;background_background&quot;:&quot;classic&quot;}\">\n\t\t\t<div class=\"elementor-widget-wrap elementor-element-populated\">\n\t\t\t\t\t\t<div class=\"elementor-element elementor-element-4f600b06 elementor-widget elementor-widget-image\" data-id=\"4f600b06\" data-element_type=\"widget\" data-e-type=\"widget\" data-widget_type=\"image.default\">\n\t\t\t\t<div class=\"elementor-widget-container\">\n\t\t\t\t\t\t\t\t\t\t\t\t\t\t\t\t<a href=\"https:\/\/www.portovenere.fr\/fr-fr\/carrelage-sol-et-mur-en-gres-cerame-et-faience\/carrelage-aspect-pierre\/carrelage-grand-format-effet-pierre-majorque\/\">\n\t\t\t\t\t\t\t<img decoding=\"async\" src=\"https:\/\/www.portovenere.fr\/fr-fr\/wp-content\/uploads\/elementor\/thumbs\/Dalles-antiderapantes-aspect-pierre-120x120-cm-en-gres-cerame-epaisseur-2-cm-MAJORQUE-Gris-Ancienne-R11-pour-terrasse-pres-de-Lattes-34-r8ig3glpr0s1tyaom5yihur7ik4ziknz040oxt7idc.jpg\" title=\"Dalles-antid\u00e9rapantes-aspect-pierre-120&#215;120-cm-en-gr\u00e8s-c\u00e9rame-\u00e9paisseur-2-cm-MAJORQUE-Gris-Ancienne-R11-pour-terrasse-pr\u00e8s-de-Lattes-34\" alt=\"Dalles-antid\u00e9rapantes-aspect-pierre-120x120-cm-en-gr\u00e8s-c\u00e9rame-\u00e9paisseur-2-cm-MAJORQUE-Gris-Ancienne-R11-pour-terrasse-pr\u00e8s-de-Lattes-34\" loading=\"lazy\" \/>\t\t\t\t\t\t\t\t<\/a>\n\t\t\t\t\t\t\t\t\t\t\t\t\t\t\t<\/div>\n\t\t\t\t<\/div>\n\t\t\t\t<div class=\"elementor-element elementor-element-3aa6732d elementor-widget elementor-widget-heading\" data-id=\"3aa6732d\" data-element_type=\"widget\" data-e-type=\"widget\" data-widget_type=\"heading.default\">\n\t\t\t\t<div class=\"elementor-widget-container\">\n\t\t\t\t\t<h3 class=\"elementor-heading-title elementor-size-default\"><a href=\"https:\/\/www.portovenere.fr\/fr-fr\/carrelage-sol-et-mur-en-gres-cerame-et-faience\/carrelage-aspect-pierre\/carrelage-grand-format-effet-pierre-majorque\/\">MAJORQUE 6.5mm | 5 coloris<\/a><\/h3>\t\t\t\t<\/div>\n\t\t\t\t<\/div>\n\t\t\t\t<div class=\"elementor-element elementor-element-1de229bd elementor-widget__width-initial elementor-widget elementor-widget-gallery\" data-id=\"1de229bd\" data-element_type=\"widget\" data-e-type=\"widget\" data-settings=\"{&quot;gap&quot;:{&quot;unit&quot;:&quot;px&quot;,&quot;size&quot;:3,&quot;sizes&quot;:[]},&quot;columns_mobile&quot;:3,&quot;gap_mobile&quot;:{&quot;unit&quot;:&quot;px&quot;,&quot;size&quot;:6,&quot;sizes&quot;:[]},&quot;columns&quot;:5,&quot;columns_tablet&quot;:3,&quot;gap_tablet&quot;:{&quot;unit&quot;:&quot;px&quot;,&quot;size&quot;:5,&quot;sizes&quot;:[]},&quot;lazyload&quot;:&quot;yes&quot;,&quot;gallery_layout&quot;:&quot;grid&quot;,&quot;aspect_ratio&quot;:&quot;3:2&quot;,&quot;overlay_background&quot;:&quot;yes&quot;,&quot;content_hover_animation&quot;:&quot;fade-in&quot;}\" data-widget_type=\"gallery.default\">\n\t\t\t\t<div class=\"elementor-widget-container\">\n\t\t\t\t\t\t\t<div class=\"elementor-gallery__container\">\n\t\t\t\t\t\t\t<div class=\"e-gallery-item elementor-gallery-item elementor-animated-content\">\n\t\t\t\t\t<div class=\"e-gallery-image elementor-gallery-item__image\" data-thumbnail=\"https:\/\/www.portovenere.fr\/fr-fr\/wp-content\/uploads\/2025\/05\/Carrelege-effet-pierre-interieur-et-exterieur-petits-et-grands-formats-MAJORQUE-Naturel-Noble-magasin-proche-de-Castelnau-le-lez-34-150x150.jpg\" data-width=\"150\" data-height=\"150\" aria-label=\"\" role=\"img\" ><\/div>\n\t\t\t\t\t\t\t\t\t\t\t<div class=\"elementor-gallery-item__overlay\"><\/div>\n\t\t\t\t\t\t\t\t\t\t\t\t\t\t<\/div>\n\t\t\t\t\t\t\t<div class=\"e-gallery-item elementor-gallery-item elementor-animated-content\">\n\t\t\t\t\t<div class=\"e-gallery-image elementor-gallery-item__image\" data-thumbnail=\"https:\/\/www.portovenere.fr\/fr-fr\/wp-content\/uploads\/2025\/05\/Carrelege-effet-pierre-interieur-et-exterieur-petits-et-grands-formats-MAJORQUE-Naturel-Ancienne-magasin-proche-de-Bouzigues-34-150x150.jpg\" data-width=\"150\" data-height=\"150\" aria-label=\"\" role=\"img\" ><\/div>\n\t\t\t\t\t\t\t\t\t\t\t<div class=\"elementor-gallery-item__overlay\"><\/div>\n\t\t\t\t\t\t\t\t\t\t\t\t\t\t<\/div>\n\t\t\t\t\t\t\t<div class=\"e-gallery-item elementor-gallery-item elementor-animated-content\">\n\t\t\t\t\t<div class=\"e-gallery-image elementor-gallery-item__image\" data-thumbnail=\"https:\/\/www.portovenere.fr\/fr-fr\/wp-content\/uploads\/2025\/05\/Carrelege-effet-pierre-interieur-et-exterieur-petits-et-grands-formats-MAJORQUE-Gris-Noble-magasin-proche-de-Palavas-34-150x150.jpg\" data-width=\"150\" data-height=\"150\" aria-label=\"\" role=\"img\" ><\/div>\n\t\t\t\t\t\t\t\t\t\t\t<div class=\"elementor-gallery-item__overlay\"><\/div>\n\t\t\t\t\t\t\t\t\t\t\t\t\t\t<\/div>\n\t\t\t\t\t\t\t<div class=\"e-gallery-item elementor-gallery-item elementor-animated-content\">\n\t\t\t\t\t<div class=\"e-gallery-image elementor-gallery-item__image\" data-thumbnail=\"https:\/\/www.portovenere.fr\/fr-fr\/wp-content\/uploads\/2025\/05\/Carrelege-effet-pierre-interieur-et-exterieur-petits-et-grands-formats-MAJORQUE-Gris-Ancienne-magasin-proche-de-Meze-34-150x150.jpg\" data-width=\"150\" data-height=\"150\" aria-label=\"\" role=\"img\" ><\/div>\n\t\t\t\t\t\t\t\t\t\t\t<div class=\"elementor-gallery-item__overlay\"><\/div>\n\t\t\t\t\t\t\t\t\t\t\t\t\t\t<\/div>\n\t\t\t\t\t\t\t<div class=\"e-gallery-item elementor-gallery-item elementor-animated-content\">\n\t\t\t\t\t<div class=\"e-gallery-image elementor-gallery-item__image\" data-thumbnail=\"https:\/\/www.portovenere.fr\/fr-fr\/wp-content\/uploads\/2025\/05\/Carrelege-effet-pierre-interieur-et-exterieur-petits-et-grands-formats-MAJORQUE-Noir-Noble-magasin-proche-de-Clapiers-34-150x150.jpg\" data-width=\"150\" data-height=\"150\" aria-label=\"\" role=\"img\" ><\/div>\n\t\t\t\t\t\t\t\t\t\t\t<div class=\"elementor-gallery-item__overlay\"><\/div>\n\t\t\t\t\t\t\t\t\t\t\t\t\t\t<\/div>\n\t\t\t\t\t\t\t<div class=\"e-gallery-item elementor-gallery-item elementor-animated-content\">\n\t\t\t\t\t<div class=\"e-gallery-image elementor-gallery-item__image\" data-thumbnail=\"https:\/\/www.portovenere.fr\/fr-fr\/wp-content\/uploads\/2025\/05\/Carrelege-effet-pierre-interieur-et-exterieur-petits-et-grands-formats-MAJORQUE-Noir-Ancienne-magasin-proche-de-Gigean-34-150x150.jpg\" data-width=\"150\" data-height=\"150\" aria-label=\"\" role=\"img\" ><\/div>\n\t\t\t\t\t\t\t\t\t\t\t<div class=\"elementor-gallery-item__overlay\"><\/div>\n\t\t\t\t\t\t\t\t\t\t\t\t\t\t<\/div>\n\t\t\t\t\t\t\t<div class=\"e-gallery-item elementor-gallery-item elementor-animated-content\">\n\t\t\t\t\t<div class=\"e-gallery-image elementor-gallery-item__image\" data-thumbnail=\"https:\/\/www.portovenere.fr\/fr-fr\/wp-content\/uploads\/2025\/05\/Carrelege-effet-pierre-interieur-et-exterieur-petits-et-grands-formats-MAJORQUEBlanc-Noble-magasin-proche-de-Sete-34-150x150.jpg\" data-width=\"150\" data-height=\"150\" aria-label=\"\" role=\"img\" ><\/div>\n\t\t\t\t\t\t\t\t\t\t\t<div class=\"elementor-gallery-item__overlay\"><\/div>\n\t\t\t\t\t\t\t\t\t\t\t\t\t\t<\/div>\n\t\t\t\t\t\t\t<div class=\"e-gallery-item elementor-gallery-item elementor-animated-content\">\n\t\t\t\t\t<div class=\"e-gallery-image elementor-gallery-item__image\" data-thumbnail=\"https:\/\/www.portovenere.fr\/fr-fr\/wp-content\/uploads\/2025\/05\/Carrelege-effet-pierre-interieur-et-exterieur-petits-et-grands-formats-MAJORQUE-Blanc-Ancienne-magasin-proche-de-Agde-34-150x150.jpg\" data-width=\"150\" data-height=\"150\" aria-label=\"\" role=\"img\" ><\/div>\n\t\t\t\t\t\t\t\t\t\t\t<div class=\"elementor-gallery-item__overlay\"><\/div>\n\t\t\t\t\t\t\t\t\t\t\t\t\t\t<\/div>\n\t\t\t\t\t\t\t<div class=\"e-gallery-item elementor-gallery-item elementor-animated-content\">\n\t\t\t\t\t<div class=\"e-gallery-image elementor-gallery-item__image\" data-thumbnail=\"https:\/\/www.portovenere.fr\/fr-fr\/wp-content\/uploads\/2025\/05\/Carrelege-effet-pierre-interieur-et-exterieur-petits-et-grands-formats-sol-mur-MAJORQUE-Beige-Noble-magasin-proche-de-Castries-34-150x150.jpg\" data-width=\"150\" data-height=\"150\" aria-label=\"\" role=\"img\" ><\/div>\n\t\t\t\t\t\t\t\t\t\t\t<div class=\"elementor-gallery-item__overlay\"><\/div>\n\t\t\t\t\t\t\t\t\t\t\t\t\t\t<\/div>\n\t\t\t\t\t\t\t<div class=\"e-gallery-item elementor-gallery-item elementor-animated-content\">\n\t\t\t\t\t<div class=\"e-gallery-image elementor-gallery-item__image\" data-thumbnail=\"https:\/\/www.portovenere.fr\/fr-fr\/wp-content\/uploads\/2025\/05\/Carrelege-effet-pierre-interieur-et-exterieur-petits-et-grands-formats-sol-mur-MAJORQUE-Beige-Ancienne-magasin-proche-de-Mauguio-34-150x150.jpg\" data-width=\"150\" data-height=\"150\" aria-label=\"\" role=\"img\" ><\/div>\n\t\t\t\t\t\t\t\t\t\t\t<div class=\"elementor-gallery-item__overlay\"><\/div>\n\t\t\t\t\t\t\t\t\t\t\t\t\t\t<\/div>\n\t\t\t\t\t\t\t<div class=\"e-gallery-item elementor-gallery-item elementor-animated-content\">\n\t\t\t\t\t<div class=\"e-gallery-image elementor-gallery-item__image\" data-thumbnail=\"https:\/\/www.portovenere.fr\/fr-fr\/wp-content\/uploads\/2025\/05\/Carrelege-effet-pierre-relief-ligne-60x120-cm-MAJORQUE-Noir-R10-magasin-Porto-Venere-proche-de-Vendargues-34-150x150.jpg\" data-width=\"150\" data-height=\"150\" aria-label=\"\" role=\"img\" ><\/div>\n\t\t\t\t\t\t\t\t\t\t\t<div class=\"elementor-gallery-item__overlay\"><\/div>\n\t\t\t\t\t\t\t\t\t\t\t\t\t\t<\/div>\n\t\t\t\t\t\t\t<div class=\"e-gallery-item elementor-gallery-item elementor-animated-content\">\n\t\t\t\t\t<div class=\"e-gallery-image elementor-gallery-item__image\" data-thumbnail=\"https:\/\/www.portovenere.fr\/fr-fr\/wp-content\/uploads\/2025\/05\/Carrelege-effet-pierre-relief-ligne-60x120-cm-MAJORQUE-Beige-credence-salle-de-bain-magasin-Porto-Venere-proche-de-La-Grande-Motte-34-150x150.jpg\" data-width=\"150\" data-height=\"150\" aria-label=\"\" role=\"img\" ><\/div>\n\t\t\t\t\t\t\t\t\t\t\t<div class=\"elementor-gallery-item__overlay\"><\/div>\n\t\t\t\t\t\t\t\t\t\t\t\t\t\t<\/div>\n\t\t\t\t\t\t\t<div class=\"e-gallery-item elementor-gallery-item elementor-animated-content\">\n\t\t\t\t\t<div class=\"e-gallery-image elementor-gallery-item__image\" data-thumbnail=\"https:\/\/www.portovenere.fr\/fr-fr\/wp-content\/uploads\/2025\/05\/Carrelege-effet-pierre-relief-ligne-60x120-cm-MAJORQUE-Naturel-R10-magasin-Porto-Venere-proche-de-Quissac-30-150x150.jpg\" data-width=\"150\" data-height=\"150\" aria-label=\"\" role=\"img\" ><\/div>\n\t\t\t\t\t\t\t\t\t\t\t<div class=\"elementor-gallery-item__overlay\"><\/div>\n\t\t\t\t\t\t\t\t\t\t\t\t\t\t<\/div>\n\t\t\t\t\t\t\t<div class=\"e-gallery-item elementor-gallery-item elementor-animated-content\">\n\t\t\t\t\t<div class=\"e-gallery-image elementor-gallery-item__image\" data-thumbnail=\"https:\/\/www.portovenere.fr\/fr-fr\/wp-content\/uploads\/2025\/05\/Carrelege-effet-pierre-relief-ligne-60x120-cm-MAJORQUE-Gris-R10-magasin-Porto-Venere-proche-de-Frontignan-34-150x150.jpg\" data-width=\"150\" data-height=\"150\" aria-label=\"\" role=\"img\" ><\/div>\n\t\t\t\t\t\t\t\t\t\t\t<div class=\"elementor-gallery-item__overlay\"><\/div>\n\t\t\t\t\t\t\t\t\t\t\t\t\t\t<\/div>\n\t\t\t\t\t\t\t<div class=\"e-gallery-item elementor-gallery-item elementor-animated-content\">\n\t\t\t\t\t<div class=\"e-gallery-image elementor-gallery-item__image\" data-thumbnail=\"https:\/\/www.portovenere.fr\/fr-fr\/wp-content\/uploads\/2025\/05\/Carrelege-effet-pierre-relief-ligne-60x120-cm-MAJORQUE-Blanc-credence-salle-de-bain-magasin-Porto-Venere-proche-de-Mauguio-34-150x150.jpg\" data-width=\"150\" data-height=\"150\" aria-label=\"\" role=\"img\" ><\/div>\n\t\t\t\t\t\t\t\t\t\t\t<div class=\"elementor-gallery-item__overlay\"><\/div>\n\t\t\t\t\t\t\t\t\t\t\t\t\t\t<\/div>\n\t\t\t\t\t<\/div>\n\t\t\t\t\t<\/div>\n\t\t\t\t<\/div>\n\t\t\t\t<div class=\"elementor-element elementor-element-140d2e8b elementor-widget__width-initial elementor-widget elementor-widget-text-editor\" data-id=\"140d2e8b\" data-element_type=\"widget\" data-e-type=\"widget\" data-widget_type=\"text-editor.default\">\n\t\t\t\t<div class=\"elementor-widget-container\">\n\t\t\t\t\t\t\t\t\t<p>D\u00e9couvrez Majorque, notre collection de carrelage petits et grands formats effet pierre.\u00a0<\/p><p>Ce carrelage gr\u00e8s c\u00e9rame est propos\u00e9 dans 5 coloris :\u00a0<b>Blanc, beige, naturel, gris et noir \u2013\u00a0<\/b>D\u00e9clin\u00e9 dans de nombreux formats des plus petits au plus g\u00e9n\u00e9reux :\u00a0<b>20\u00d720 et 20\u00d730 cm en bords non rectifi\u00e9s en Opus<\/b>, <b>ou aux bords droits<\/b>\u00a0<b>30\u00d760 cm, 60\u00d760<\/b>\u00a0cm<b>, 80\u00d780<\/b>\u00a0cm<b>, 60\u00d7120<\/b>\u00a0cm<b>\u00a0et 120\u00d7120 cm<\/b>\u00a0sans oublier le maxi\u00a0<b>format XXL 120\u00d7278 cm en fine \u00e9paisseur 6.5mm<\/b>. Finition \u00ab\u00a0Naturale\u00a0\u00bb ou Technica (antid\u00e9rapante).<\/p><p>Des<b>\u00a0dalles antid\u00e9rapantes de 2 cm d\u2019\u00e9paisseur en formats 80\u00d780 cm et 120\u00d7120 cm<\/b>\u00a0compl\u00e8tent cette collection de carrelage aspect pierre naturelle afin d\u2019assurer une continuit\u00e9 des espaces int\u00e9rieurs vers l\u2019ext\u00e9rieur.\u00a0<\/p><p>3 styles disponibles pour s\u2019adapter \u00e0 vos diff\u00e9rents projets de r\u00e9novation ou construction :\u00a0<\/p><p><strong>S<\/strong><b>tyle Noble :<\/b>\u00a0pierre moins nuanc\u00e9es,\u00a0<\/p><p><b>Style Ancienne<\/b>\u00a0: de belles nuances pour un style encore plus authentique<\/p><p><b>Style \u00ab\u00a0ligne<\/b>\u00a0<strong>\u00bb<\/strong>\u00a0: d\u00e9cor mural qui reprend un effet travaill\u00e9 en lignes.<\/p><p>Des mosaiques, plinthes et autres marches viennent compl\u00e9ter cette riche collection de carrelage de qualit\u00e9, id\u00e9ale pour une salle de bain, une cuisine, un s\u00e9jour ou une terrasse.<\/p>\t\t\t\t\t\t\t\t<\/div>\n\t\t\t\t<\/div>\n\t\t\t\t<div class=\"elementor-element elementor-element-644fad18 elementor-mobile-align-center elementor-widget elementor-widget-button\" data-id=\"644fad18\" data-element_type=\"widget\" data-e-type=\"widget\" data-widget_type=\"button.default\">\n\t\t\t\t<div class=\"elementor-widget-container\">\n\t\t\t\t\t\t\t\t\t<div class=\"elementor-button-wrapper\">\n\t\t\t\t\t<a class=\"elementor-button elementor-button-link elementor-size-sm\" href=\"https:\/\/www.portovenere.fr\/fr-fr\/carrelage-sol-et-mur-en-gres-cerame-et-faience\/carrelage-aspect-pierre\/carrelage-grand-format-effet-pierre-majorque\/\">\n\t\t\t\t\t\t<span class=\"elementor-button-content-wrapper\">\n\t\t\t\t\t\t\t\t\t<span class=\"elementor-button-text\">VOIR LA COLLECTION<\/span>\n\t\t\t\t\t<\/span>\n\t\t\t\t\t<\/a>\n\t\t\t\t<\/div>\n\t\t\t\t\t\t\t\t<\/div>\n\t\t\t\t<\/div>\n\t\t\t\t\t<\/div>\n\t\t<\/div>\n\t\t\t\t\t<\/div>\n\t\t<\/section>\n\t\t\t\t<section class=\"elementor-section elementor-top-section elementor-element elementor-element-15ab83b6 elementor-section-full_width elementor-section-height-default elementor-section-height-default elementor-invisible\" data-id=\"15ab83b6\" data-element_type=\"section\" data-e-type=\"section\" data-settings=\"{&quot;animation&quot;:&quot;fadeIn&quot;}\">\n\t\t\t\t\t\t<div class=\"elementor-container elementor-column-gap-default\">\n\t\t\t\t\t<div class=\"elementor-column elementor-col-33 elementor-top-column elementor-element elementor-element-11607e38 elementor-invisible\" data-id=\"11607e38\" data-element_type=\"column\" data-e-type=\"column\" data-settings=\"{&quot;animation&quot;:&quot;fadeIn&quot;,&quot;background_background&quot;:&quot;classic&quot;}\">\n\t\t\t<div class=\"elementor-widget-wrap elementor-element-populated\">\n\t\t\t\t\t\t<div class=\"elementor-element elementor-element-11ea1cd9 elementor-widget elementor-widget-image\" data-id=\"11ea1cd9\" data-element_type=\"widget\" data-e-type=\"widget\" data-widget_type=\"image.default\">\n\t\t\t\t<div class=\"elementor-widget-container\">\n\t\t\t\t\t\t\t\t\t\t\t\t\t\t\t\t<a href=\"https:\/\/www.portovenere.fr\/fr-fr\/carrelage-sol-et-mur-en-gres-cerame-et-faience\/carrelage-extra-fin-special-renovation\/carrelage-ultra-fin-special-renovation-noir-et-blanc-kerlite-black-white\/\">\n\t\t\t\t\t\t\t<img decoding=\"async\" width=\"768\" height=\"511\" src=\"https:\/\/www.portovenere.fr\/fr-fr\/wp-content\/uploads\/2020\/02\/Carrelage_noir_extra_fin_\u00e9paisseur_3mm_et_5mm_Kerlite_Black_proche-N\u00eemes_H\u00e9rault_34-768x511.jpg\" class=\"attachment-medium_large size-medium_large wp-image-25703\" alt=\"Carrelage fin Slim \u00e0 d\u00e9couvrir chez Porto Venere Montpellier\" srcset=\"https:\/\/www.portovenere.fr\/fr-fr\/wp-content\/uploads\/2020\/02\/Carrelage_noir_extra_fin_\u00e9paisseur_3mm_et_5mm_Kerlite_Black_proche-N\u00eemes_H\u00e9rault_34-768x511.jpg 768w, https:\/\/www.portovenere.fr\/fr-fr\/wp-content\/uploads\/2020\/02\/Carrelage_noir_extra_fin_\u00e9paisseur_3mm_et_5mm_Kerlite_Black_proche-N\u00eemes_H\u00e9rault_34-300x200.jpg 300w, https:\/\/www.portovenere.fr\/fr-fr\/wp-content\/uploads\/2020\/02\/Carrelage_noir_extra_fin_\u00e9paisseur_3mm_et_5mm_Kerlite_Black_proche-N\u00eemes_H\u00e9rault_34.jpg 1000w\" sizes=\"(max-width: 768px) 100vw, 768px\" \/>\t\t\t\t\t\t\t\t<\/a>\n\t\t\t\t\t\t\t\t\t\t\t\t\t\t\t<\/div>\n\t\t\t\t<\/div>\n\t\t\t\t<section class=\"elementor-section elementor-inner-section elementor-element elementor-element-18dc1e7d elementor-section-boxed elementor-section-height-default elementor-section-height-default elementor-invisible\" data-id=\"18dc1e7d\" data-element_type=\"section\" data-e-type=\"section\" data-settings=\"{&quot;background_background&quot;:&quot;classic&quot;,&quot;animation&quot;:&quot;fadeIn&quot;}\">\n\t\t\t\t\t\t<div class=\"elementor-container elementor-column-gap-default\">\n\t\t\t\t\t<div class=\"elementor-column elementor-col-100 elementor-inner-column elementor-element elementor-element-5063e51f\" data-id=\"5063e51f\" data-element_type=\"column\" data-e-type=\"column\">\n\t\t\t<div class=\"elementor-widget-wrap elementor-element-populated\">\n\t\t\t\t\t\t<div class=\"elementor-element elementor-element-185e91ea elementor-widget elementor-widget-heading\" data-id=\"185e91ea\" data-element_type=\"widget\" data-e-type=\"widget\" data-widget_type=\"heading.default\">\n\t\t\t\t<div class=\"elementor-widget-container\">\n\t\t\t\t\t<h3 class=\"elementor-heading-title elementor-size-default\"><a href=\"https:\/\/www.portovenere.fr\/fr-fr\/carrelage-sol-et-mur-en-gres-cerame-et-faience\/carrelage-extra-fin-special-renovation\/carrelage-ultra-fin-special-renovation-noir-et-blanc-kerlite-black-white\/\">KERLITE BLACK &amp; WHITE 5,5mm | 2 coloris<\/a><\/h3>\t\t\t\t<\/div>\n\t\t\t\t<\/div>\n\t\t\t\t<div class=\"elementor-element elementor-element-1ab7fb93 elementor-widget__width-initial elementor-widget elementor-widget-gallery\" data-id=\"1ab7fb93\" data-element_type=\"widget\" data-e-type=\"widget\" data-settings=\"{&quot;gap&quot;:{&quot;unit&quot;:&quot;px&quot;,&quot;size&quot;:3,&quot;sizes&quot;:[]},&quot;columns_mobile&quot;:3,&quot;gap_mobile&quot;:{&quot;unit&quot;:&quot;px&quot;,&quot;size&quot;:6,&quot;sizes&quot;:[]},&quot;columns&quot;:5,&quot;columns_tablet&quot;:3,&quot;gap_tablet&quot;:{&quot;unit&quot;:&quot;px&quot;,&quot;size&quot;:5,&quot;sizes&quot;:[]},&quot;lazyload&quot;:&quot;yes&quot;,&quot;gallery_layout&quot;:&quot;grid&quot;,&quot;aspect_ratio&quot;:&quot;3:2&quot;,&quot;overlay_background&quot;:&quot;yes&quot;,&quot;content_hover_animation&quot;:&quot;fade-in&quot;}\" data-widget_type=\"gallery.default\">\n\t\t\t\t<div class=\"elementor-widget-container\">\n\t\t\t\t\t\t\t<div class=\"elementor-gallery__container\">\n\t\t\t\t\t\t\t<div class=\"e-gallery-item elementor-gallery-item elementor-animated-content\">\n\t\t\t\t\t<div class=\"e-gallery-image elementor-gallery-item__image\" data-thumbnail=\"https:\/\/www.portovenere.fr\/fr-fr\/wp-content\/uploads\/2020\/02\/Kerlite_Black_Carrelage-fine-\u00e9paisseur-3mm-et-5mm-\u00e0-Montpellier-150x150.jpg\" data-width=\"150\" data-height=\"150\" aria-label=\"\" role=\"img\" ><\/div>\n\t\t\t\t\t\t\t\t\t\t\t<div class=\"elementor-gallery-item__overlay\"><\/div>\n\t\t\t\t\t\t\t\t\t\t\t\t\t\t<\/div>\n\t\t\t\t\t\t\t<div class=\"e-gallery-item elementor-gallery-item elementor-animated-content\">\n\t\t\t\t\t<div class=\"e-gallery-image elementor-gallery-item__image\" data-thumbnail=\"https:\/\/www.portovenere.fr\/fr-fr\/wp-content\/uploads\/2020\/02\/Kerlite_Blanc_Ultrawhite_Carrelage-faible_\u00e9paisseur_3mm_et_5mm_proche_Bouzigues-150x150.jpg\" data-width=\"150\" data-height=\"150\" aria-label=\"\" role=\"img\" ><\/div>\n\t\t\t\t\t\t\t\t\t\t\t<div class=\"elementor-gallery-item__overlay\"><\/div>\n\t\t\t\t\t\t\t\t\t\t\t\t\t\t<\/div>\n\t\t\t\t\t<\/div>\n\t\t\t\t\t<\/div>\n\t\t\t\t<\/div>\n\t\t\t\t<div class=\"elementor-element elementor-element-127aff63 elementor-widget elementor-widget-text-editor\" data-id=\"127aff63\" data-element_type=\"widget\" data-e-type=\"widget\" data-widget_type=\"text-editor.default\">\n\t\t\t\t<div class=\"elementor-widget-container\">\n\t\t\t\t\t\t\t\t\t<p>Carrelage sol et mur en gr\u00e8s c\u00e9rame lamin\u00e9 extra-fin uni d&rsquo;aspect satin\u00e9, disponible en \u00e9paisseur 5,5mm fibr\u00e9. \u00a0Id\u00e9al pour la pose au sol et au mur sur un ancien carrelage.<\/p><p>Disponible en 2 coloris : Black (Noir), Ultrawhite (Blanc Pur).<\/p>\t\t\t\t\t\t\t\t<\/div>\n\t\t\t\t<\/div>\n\t\t\t\t<div class=\"elementor-element elementor-element-708ddb56 elementor-mobile-align-center elementor-widget elementor-widget-button\" data-id=\"708ddb56\" data-element_type=\"widget\" data-e-type=\"widget\" data-widget_type=\"button.default\">\n\t\t\t\t<div class=\"elementor-widget-container\">\n\t\t\t\t\t\t\t\t\t<div class=\"elementor-button-wrapper\">\n\t\t\t\t\t<a class=\"elementor-button elementor-button-link elementor-size-sm\" href=\"https:\/\/www.portovenere.fr\/fr-fr\/carrelage-sol-et-mur-en-gres-cerame-et-faience\/carrelage-extra-fin-special-renovation\/carrelage-ultra-fin-special-renovation-noir-et-blanc-kerlite-black-white\/\">\n\t\t\t\t\t\t<span class=\"elementor-button-content-wrapper\">\n\t\t\t\t\t\t\t\t\t<span class=\"elementor-button-text\">Voir la collection<\/span>\n\t\t\t\t\t<\/span>\n\t\t\t\t\t<\/a>\n\t\t\t\t<\/div>\n\t\t\t\t\t\t\t\t<\/div>\n\t\t\t\t<\/div>\n\t\t\t\t\t<\/div>\n\t\t<\/div>\n\t\t\t\t\t<\/div>\n\t\t<\/section>\n\t\t\t\t\t<\/div>\n\t\t<\/div>\n\t\t\t\t<div class=\"elementor-column elementor-col-33 elementor-top-column elementor-element elementor-element-717a6cc0\" data-id=\"717a6cc0\" data-element_type=\"column\" data-e-type=\"column\">\n\t\t\t<div class=\"elementor-widget-wrap elementor-element-populated\">\n\t\t\t\t\t\t<div class=\"elementor-element elementor-element-1251b30b elementor-widget elementor-widget-image\" data-id=\"1251b30b\" data-element_type=\"widget\" data-e-type=\"widget\" data-widget_type=\"image.default\">\n\t\t\t\t<div class=\"elementor-widget-container\">\n\t\t\t\t\t\t\t\t\t\t\t\t\t\t\t\t<a href=\"https:\/\/www.portovenere.fr\/fr-fr\/carrelage-sol-et-mur-en-gres-cerame-et-faience\/carrelage-aspect-marbre\/carrelage-imitation-marbre-precieux-sublimis\/\">\n\t\t\t\t\t\t\t<img loading=\"lazy\" decoding=\"async\" width=\"768\" height=\"579\" src=\"https:\/\/www.portovenere.fr\/fr-fr\/wp-content\/uploads\/2021\/12\/carrelage-sublimis-haut-de-gamme-salon-aspect-marbre-vert-a-Pau-Pyrenees-Orientales-64-e1744708513252-768x579.jpg\" class=\"attachment-medium_large size-medium_large wp-image-39586\" alt=\"\" srcset=\"https:\/\/www.portovenere.fr\/fr-fr\/wp-content\/uploads\/2021\/12\/carrelage-sublimis-haut-de-gamme-salon-aspect-marbre-vert-a-Pau-Pyrenees-Orientales-64-e1744708513252-768x579.jpg 768w, https:\/\/www.portovenere.fr\/fr-fr\/wp-content\/uploads\/2021\/12\/carrelage-sublimis-haut-de-gamme-salon-aspect-marbre-vert-a-Pau-Pyrenees-Orientales-64-e1744708513252-300x226.jpg 300w, https:\/\/www.portovenere.fr\/fr-fr\/wp-content\/uploads\/2021\/12\/carrelage-sublimis-haut-de-gamme-salon-aspect-marbre-vert-a-Pau-Pyrenees-Orientales-64-e1744708513252.jpg 998w\" sizes=\"(max-width: 768px) 100vw, 768px\" \/>\t\t\t\t\t\t\t\t<\/a>\n\t\t\t\t\t\t\t\t\t\t\t\t\t\t\t<\/div>\n\t\t\t\t<\/div>\n\t\t\t\t<div class=\"elementor-element elementor-element-6360cbd7 elementor-widget elementor-widget-heading\" data-id=\"6360cbd7\" data-element_type=\"widget\" data-e-type=\"widget\" data-widget_type=\"heading.default\">\n\t\t\t\t<div class=\"elementor-widget-container\">\n\t\t\t\t\t<h3 class=\"elementor-heading-title elementor-size-default\"><a href=\"https:\/\/www.portovenere.fr\/fr-fr\/carrelage-sol-et-mur-en-gres-cerame-et-faience\/carrelage-aspect-marbre\/carrelage-imitation-marbre-precieux-sublimis\/\">SUBLIMIS | 5 coloris &amp; 3 mosa\u00efques<\/a><\/h3>\t\t\t\t<\/div>\n\t\t\t\t<\/div>\n\t\t\t\t<div class=\"elementor-element elementor-element-5b8c0c7e elementor-widget__width-initial elementor-widget elementor-widget-gallery\" data-id=\"5b8c0c7e\" data-element_type=\"widget\" data-e-type=\"widget\" data-settings=\"{&quot;gap&quot;:{&quot;unit&quot;:&quot;px&quot;,&quot;size&quot;:3,&quot;sizes&quot;:[]},&quot;columns_mobile&quot;:3,&quot;gap_mobile&quot;:{&quot;unit&quot;:&quot;px&quot;,&quot;size&quot;:6,&quot;sizes&quot;:[]},&quot;columns&quot;:5,&quot;columns_tablet&quot;:3,&quot;gap_tablet&quot;:{&quot;unit&quot;:&quot;px&quot;,&quot;size&quot;:5,&quot;sizes&quot;:[]},&quot;lazyload&quot;:&quot;yes&quot;,&quot;gallery_layout&quot;:&quot;grid&quot;,&quot;aspect_ratio&quot;:&quot;3:2&quot;,&quot;overlay_background&quot;:&quot;yes&quot;,&quot;content_hover_animation&quot;:&quot;fade-in&quot;}\" data-widget_type=\"gallery.default\">\n\t\t\t\t<div class=\"elementor-widget-container\">\n\t\t\t\t\t\t\t<div class=\"elementor-gallery__container\">\n\t\t\t\t\t\t\t<div class=\"e-gallery-item elementor-gallery-item elementor-animated-content\">\n\t\t\t\t\t<div class=\"e-gallery-image elementor-gallery-item__image\" data-thumbnail=\"https:\/\/www.portovenere.fr\/fr-fr\/wp-content\/uploads\/2021\/12\/carrelage-grand-format-sublimis-aspect-marbre-bleu-a-Toulon-Var-83-150x150.jpg\" data-width=\"150\" data-height=\"150\" aria-label=\"\" role=\"img\" ><\/div>\n\t\t\t\t\t\t\t\t\t\t\t<div class=\"elementor-gallery-item__overlay\"><\/div>\n\t\t\t\t\t\t\t\t\t\t\t\t\t\t<\/div>\n\t\t\t\t\t\t\t<div class=\"e-gallery-item elementor-gallery-item elementor-animated-content\">\n\t\t\t\t\t<div class=\"e-gallery-image elementor-gallery-item__image\" data-thumbnail=\"https:\/\/www.portovenere.fr\/fr-fr\/wp-content\/uploads\/2021\/12\/carrelage-haut-de-gamme-sublimis-aspect-marbre-vert-a-Quimper-Finistere-29-150x150.jpg\" data-width=\"150\" data-height=\"150\" aria-label=\"\" role=\"img\" ><\/div>\n\t\t\t\t\t\t\t\t\t\t\t<div class=\"elementor-gallery-item__overlay\"><\/div>\n\t\t\t\t\t\t\t\t\t\t\t\t\t\t<\/div>\n\t\t\t\t\t\t\t<div class=\"e-gallery-item elementor-gallery-item elementor-animated-content\">\n\t\t\t\t\t<div class=\"e-gallery-image elementor-gallery-item__image\" data-thumbnail=\"https:\/\/www.portovenere.fr\/fr-fr\/wp-content\/uploads\/2021\/12\/carrelage-sublimis-haut-de-gamme-aspect-marbre-ivoire-a-Perpigan-Pyrenees-Orientales-66-150x150.jpg\" data-width=\"150\" data-height=\"150\" aria-label=\"\" role=\"img\" ><\/div>\n\t\t\t\t\t\t\t\t\t\t\t<div class=\"elementor-gallery-item__overlay\"><\/div>\n\t\t\t\t\t\t\t\t\t\t\t\t\t\t<\/div>\n\t\t\t\t\t\t\t<div class=\"e-gallery-item elementor-gallery-item elementor-animated-content\">\n\t\t\t\t\t<div class=\"e-gallery-image elementor-gallery-item__image\" data-thumbnail=\"https:\/\/www.portovenere.fr\/fr-fr\/wp-content\/uploads\/2021\/12\/carrelage-sublimis-haut-de-gamme-aspect-marbre-rose-a-Paris-Ile-de-France-75-150x124.jpg\" data-width=\"150\" data-height=\"124\" aria-label=\"\" role=\"img\" ><\/div>\n\t\t\t\t\t\t\t\t\t\t\t<div class=\"elementor-gallery-item__overlay\"><\/div>\n\t\t\t\t\t\t\t\t\t\t\t\t\t\t<\/div>\n\t\t\t\t\t\t\t<div class=\"e-gallery-item elementor-gallery-item elementor-animated-content\">\n\t\t\t\t\t<div class=\"e-gallery-image elementor-gallery-item__image\" data-thumbnail=\"https:\/\/www.portovenere.fr\/fr-fr\/wp-content\/uploads\/2021\/12\/carrelage-haut-de-gamme-sublimis-aspect-marbre-noir-a-Paris-Ile-de-France-75-150x150.jpg\" data-width=\"150\" data-height=\"150\" aria-label=\"\" role=\"img\" ><\/div>\n\t\t\t\t\t\t\t\t\t\t\t<div class=\"elementor-gallery-item__overlay\"><\/div>\n\t\t\t\t\t\t\t\t\t\t\t\t\t\t<\/div>\n\t\t\t\t\t\t\t<div class=\"e-gallery-item elementor-gallery-item elementor-animated-content\">\n\t\t\t\t\t<div class=\"e-gallery-image elementor-gallery-item__image\" data-thumbnail=\"https:\/\/www.portovenere.fr\/fr-fr\/wp-content\/uploads\/2021\/12\/mosaiques-sublimis-aspect-marbre-bleu-pres-de-Sete-Herault-34-150x150.jpg\" data-width=\"150\" data-height=\"150\" aria-label=\"\" role=\"img\" ><\/div>\n\t\t\t\t\t\t\t\t\t\t\t<div class=\"elementor-gallery-item__overlay\"><\/div>\n\t\t\t\t\t\t\t\t\t\t\t\t\t\t<\/div>\n\t\t\t\t\t\t\t<div class=\"e-gallery-item elementor-gallery-item elementor-animated-content\">\n\t\t\t\t\t<div class=\"e-gallery-image elementor-gallery-item__image\" data-thumbnail=\"https:\/\/www.portovenere.fr\/fr-fr\/wp-content\/uploads\/2021\/12\/mosaiques-sublimis-imitation-marbre-vert-a-Privas-Ardeche-07-150x150.jpg\" data-width=\"150\" data-height=\"150\" aria-label=\"\" role=\"img\" ><\/div>\n\t\t\t\t\t\t\t\t\t\t\t<div class=\"elementor-gallery-item__overlay\"><\/div>\n\t\t\t\t\t\t\t\t\t\t\t\t\t\t<\/div>\n\t\t\t\t\t\t\t<div class=\"e-gallery-item elementor-gallery-item elementor-animated-content\">\n\t\t\t\t\t<div class=\"e-gallery-image elementor-gallery-item__image\" data-thumbnail=\"https:\/\/www.portovenere.fr\/fr-fr\/wp-content\/uploads\/2021\/12\/decors-sublimis-imitation-marbre-ivoire-a-Rodez-Aveyron-12-150x150.jpg\" data-width=\"150\" data-height=\"150\" aria-label=\"\" role=\"img\" ><\/div>\n\t\t\t\t\t\t\t\t\t\t\t<div class=\"elementor-gallery-item__overlay\"><\/div>\n\t\t\t\t\t\t\t\t\t\t\t\t\t\t<\/div>\n\t\t\t\t\t<\/div>\n\t\t\t\t\t<\/div>\n\t\t\t\t<\/div>\n\t\t\t\t<div class=\"elementor-element elementor-element-13e31bf4 elementor-widget elementor-widget-text-editor\" data-id=\"13e31bf4\" data-element_type=\"widget\" data-e-type=\"widget\" data-widget_type=\"text-editor.default\">\n\t\t\t\t<div class=\"elementor-widget-container\">\n\t\t\t\t\t\t\t\t\t<p style=\"margin-top: 0cm; background-image: initial; background-position: initial; background-size: initial; background-repeat: initial; background-attachment: initial; background-origin: initial; background-clip: initial;\"><span style=\"font-size: 10pt; font-family: Raleway;\">\u00a0<\/span><\/p>\n<p style=\"margin-top: 0cm; background-image: initial; background-position: initial; background-size: initial; background-repeat: initial; background-attachment: initial; background-origin: initial; background-clip: initial;\"><span style=\"font-size: 10pt; font-family: Raleway;\">Carrelage imitation marbre dans un style luxueux dot\u00e9 d\u2019un reflet miroir. Cette collection est propos\u00e9e dans 5 nuances en finitions Lappato Brillant ou SilkTech<br \/>(naturel) : Bleu, Vert, Ivoire, Rose ou Noir.<\/span><\/p>\n<p style=\"margin-top: 0cm; background-image: initial; background-position: initial; background-size: initial; background-repeat: initial; background-attachment: initial; background-origin: initial; background-clip: initial;\">\u00a0<\/p>\n<p style=\"margin-top: 0cm; background-image: initial; background-position: initial; background-size: initial; background-repeat: initial; background-attachment: initial; background-origin: initial; background-clip: initial;\"><span style=\"font-size: 1rem; color: var( --e-global-color-text ); font-weight: var( --e-global-typography-text-font-weight );\"><span style=\"font-size: 10pt; font-family: Raleway;\">Les nombreux formats : 120\u00d7278 cm, 90\u00d790 cm, 60\u00d7120 cm, 30\u00d760 cm et 90\u00d7180 cm, sont disponibles en 6,5 mm, 9,5 mm et 10,5 mm d&rsquo;\u00e9paisseur permettent d&rsquo;am\u00e9nager les sols et murs avec un aspect luxueux et intemporel.\u00a0\u00a0<\/span><\/span><\/p>\t\t\t\t\t\t\t\t<\/div>\n\t\t\t\t<\/div>\n\t\t\t\t<div class=\"elementor-element elementor-element-252002f9 elementor-mobile-align-center elementor-align-left elementor-widget elementor-widget-button\" data-id=\"252002f9\" data-element_type=\"widget\" data-e-type=\"widget\" data-widget_type=\"button.default\">\n\t\t\t\t<div class=\"elementor-widget-container\">\n\t\t\t\t\t\t\t\t\t<div class=\"elementor-button-wrapper\">\n\t\t\t\t\t<a class=\"elementor-button elementor-button-link elementor-size-sm\" href=\"https:\/\/www.portovenere.fr\/fr-fr\/carrelage-sol-et-mur-en-gres-cerame-et-faience\/carrelage-aspect-marbre\/carrelage-imitation-marbre-precieux-sublimis\/\">\n\t\t\t\t\t\t<span class=\"elementor-button-content-wrapper\">\n\t\t\t\t\t\t\t\t\t<span class=\"elementor-button-text\">Voir la collection<\/span>\n\t\t\t\t\t<\/span>\n\t\t\t\t\t<\/a>\n\t\t\t\t<\/div>\n\t\t\t\t\t\t\t\t<\/div>\n\t\t\t\t<\/div>\n\t\t\t\t\t<\/div>\n\t\t<\/div>\n\t\t\t\t<div class=\"elementor-column elementor-col-33 elementor-top-column elementor-element elementor-element-503d92ae elementor-invisible\" data-id=\"503d92ae\" data-element_type=\"column\" data-e-type=\"column\" data-settings=\"{&quot;animation&quot;:&quot;fadeIn&quot;,&quot;background_background&quot;:&quot;classic&quot;}\">\n\t\t\t<div class=\"elementor-widget-wrap elementor-element-populated\">\n\t\t\t\t\t\t<div class=\"elementor-element elementor-element-76e6aced elementor-widget elementor-widget-image\" data-id=\"76e6aced\" data-element_type=\"widget\" data-e-type=\"widget\" data-widget_type=\"image.default\">\n\t\t\t\t<div class=\"elementor-widget-container\">\n\t\t\t\t\t\t\t\t\t\t\t\t\t\t\t\t<a href=\"https:\/\/www.portovenere.fr\/fr-fr\/carrelage-sol-et-mur-en-gres-cerame-et-faience\/carrelage-imitation-parquet-aspect-bois\/carrelage-imitation-parquet-bois-naturel-vallee\/\">\n\t\t\t\t\t\t\t<img decoding=\"async\" src=\"https:\/\/www.portovenere.fr\/fr-fr\/wp-content\/uploads\/elementor\/thumbs\/Carrelage-effet-bois-salle-de-bain-haut-de-gamme-collection-Vallee-teinte-Jinkoh-grand-format-120x278-cm-proche-Saint-Gely-du-fesc-34-e1744708459212-r8ifjup0u0a9v8poq1508au407fr9hw68wpdcd8dic.jpg\" title=\"Carrelage-effet-bois-salle-de-bain-haut-de-gamme-collection-Vall\u00e9e-teinte-Jinkoh-grand-format-120&#215;278-cm-proche-Saint-Gely-du-fesc-34\" alt=\"Carrelage-effet-bois-salle-de-bain-haut-de-gamme-collection-Vall\u00e9e-teinte-Jinkoh-grand-format-120x278-cm-proche-Saint-Gely-du-fesc-34\" loading=\"lazy\" \/>\t\t\t\t\t\t\t\t<\/a>\n\t\t\t\t\t\t\t\t\t\t\t\t\t\t\t<\/div>\n\t\t\t\t<\/div>\n\t\t\t\t<section class=\"elementor-section elementor-inner-section elementor-element elementor-element-3901cb5 elementor-section-boxed elementor-section-height-default elementor-section-height-default elementor-invisible\" data-id=\"3901cb5\" data-element_type=\"section\" data-e-type=\"section\" data-settings=\"{&quot;background_background&quot;:&quot;classic&quot;,&quot;animation&quot;:&quot;fadeIn&quot;}\">\n\t\t\t\t\t\t<div class=\"elementor-container elementor-column-gap-default\">\n\t\t\t\t\t<div class=\"elementor-column elementor-col-100 elementor-inner-column elementor-element elementor-element-6081f4fc\" data-id=\"6081f4fc\" data-element_type=\"column\" data-e-type=\"column\">\n\t\t\t<div class=\"elementor-widget-wrap elementor-element-populated\">\n\t\t\t\t\t\t<div class=\"elementor-element elementor-element-6b84e9f3 elementor-widget elementor-widget-heading\" data-id=\"6b84e9f3\" data-element_type=\"widget\" data-e-type=\"widget\" data-widget_type=\"heading.default\">\n\t\t\t\t<div class=\"elementor-widget-container\">\n\t\t\t\t\t<h3 class=\"elementor-heading-title elementor-size-default\"><a href=\"https:\/\/www.portovenere.fr\/fr-fr\/carrelage-sol-et-mur-en-gres-cerame-et-faience\/carrelage-imitation-parquet-aspect-bois\/carrelage-imitation-parquet-bois-naturel-vallee\/\">VALL\u00c9E | 7 coloris &amp; d\u00e9cors<\/a><\/h3>\t\t\t\t<\/div>\n\t\t\t\t<\/div>\n\t\t\t\t<div class=\"elementor-element elementor-element-79ed15a6 elementor-widget__width-initial elementor-widget elementor-widget-gallery\" data-id=\"79ed15a6\" data-element_type=\"widget\" data-e-type=\"widget\" data-settings=\"{&quot;gap&quot;:{&quot;unit&quot;:&quot;px&quot;,&quot;size&quot;:3,&quot;sizes&quot;:[]},&quot;columns_mobile&quot;:3,&quot;gap_mobile&quot;:{&quot;unit&quot;:&quot;px&quot;,&quot;size&quot;:6,&quot;sizes&quot;:[]},&quot;columns&quot;:5,&quot;columns_tablet&quot;:3,&quot;gap_tablet&quot;:{&quot;unit&quot;:&quot;px&quot;,&quot;size&quot;:5,&quot;sizes&quot;:[]},&quot;lazyload&quot;:&quot;yes&quot;,&quot;gallery_layout&quot;:&quot;grid&quot;,&quot;aspect_ratio&quot;:&quot;3:2&quot;,&quot;overlay_background&quot;:&quot;yes&quot;,&quot;content_hover_animation&quot;:&quot;fade-in&quot;}\" data-widget_type=\"gallery.default\">\n\t\t\t\t<div class=\"elementor-widget-container\">\n\t\t\t\t\t\t\t<div class=\"elementor-gallery__container\">\n\t\t\t\t\t\t\t<div class=\"e-gallery-item elementor-gallery-item elementor-animated-content\">\n\t\t\t\t\t<div class=\"e-gallery-image elementor-gallery-item__image\" data-thumbnail=\"https:\/\/www.portovenere.fr\/fr-fr\/wp-content\/uploads\/2024\/09\/Carrelage-parquet-bois-naturel-gres-cerame-haut-de-gamme-pour-sol-et-mur-collection-VALLEE-coloris-Pino-proche-de-Saint-jean-de-vedas-34-150x150.jpg\" data-width=\"150\" data-height=\"150\" aria-label=\"\" role=\"img\" ><\/div>\n\t\t\t\t\t\t\t\t\t\t\t<div class=\"elementor-gallery-item__overlay\"><\/div>\n\t\t\t\t\t\t\t\t\t\t\t\t\t\t<\/div>\n\t\t\t\t\t\t\t<div class=\"e-gallery-item elementor-gallery-item elementor-animated-content\">\n\t\t\t\t\t<div class=\"e-gallery-image elementor-gallery-item__image\" data-thumbnail=\"https:\/\/www.portovenere.fr\/fr-fr\/wp-content\/uploads\/2024\/09\/Carrelage-parquet-bois-naturel-gres-cerame-haut-de-gamme-pour-sol-et-mur-collection-VALLEE-coloris-Lodano-proche-de-Juvignac-34-150x150.jpg\" data-width=\"150\" data-height=\"150\" aria-label=\"\" role=\"img\" ><\/div>\n\t\t\t\t\t\t\t\t\t\t\t<div class=\"elementor-gallery-item__overlay\"><\/div>\n\t\t\t\t\t\t\t\t\t\t\t\t\t\t<\/div>\n\t\t\t\t\t\t\t<div class=\"e-gallery-item elementor-gallery-item elementor-animated-content\">\n\t\t\t\t\t<div class=\"e-gallery-image elementor-gallery-item__image\" data-thumbnail=\"https:\/\/www.portovenere.fr\/fr-fr\/wp-content\/uploads\/2024\/09\/Carrelage-parquet-bois-naturel-gres-cerame-haut-de-gamme-pour-sol-et-mur-collection-VALLEE-coloris-Laos-proche-de-Laverune-34-150x150.jpg\" data-width=\"150\" data-height=\"150\" aria-label=\"\" role=\"img\" ><\/div>\n\t\t\t\t\t\t\t\t\t\t\t<div class=\"elementor-gallery-item__overlay\"><\/div>\n\t\t\t\t\t\t\t\t\t\t\t\t\t\t<\/div>\n\t\t\t\t\t\t\t<div class=\"e-gallery-item elementor-gallery-item elementor-animated-content\">\n\t\t\t\t\t<div class=\"e-gallery-image elementor-gallery-item__image\" data-thumbnail=\"https:\/\/www.portovenere.fr\/fr-fr\/wp-content\/uploads\/2024\/09\/Carrelage-parquet-bois-naturel-gres-cerame-haut-de-gamme-pour-sol-et-mur-collection-VALLEE-coloris-Jinkoh-proche-de-Prades-le-lez-34-150x150.jpg\" data-width=\"150\" data-height=\"150\" aria-label=\"\" role=\"img\" ><\/div>\n\t\t\t\t\t\t\t\t\t\t\t<div class=\"elementor-gallery-item__overlay\"><\/div>\n\t\t\t\t\t\t\t\t\t\t\t\t\t\t<\/div>\n\t\t\t\t\t\t\t<div class=\"e-gallery-item elementor-gallery-item elementor-animated-content\">\n\t\t\t\t\t<div class=\"e-gallery-image elementor-gallery-item__image\" data-thumbnail=\"https:\/\/www.portovenere.fr\/fr-fr\/wp-content\/uploads\/2024\/09\/Carrelage-parquet-bois-naturel-gres-cerame-haut-de-gamme-pour-sol-et-mur-collection-VALLEE-coloris-Elem-a-Montpellier-Herault-34-150x150.jpg\" data-width=\"150\" data-height=\"150\" aria-label=\"\" role=\"img\" ><\/div>\n\t\t\t\t\t\t\t\t\t\t\t<div class=\"elementor-gallery-item__overlay\"><\/div>\n\t\t\t\t\t\t\t\t\t\t\t\t\t\t<\/div>\n\t\t\t\t\t\t\t<div class=\"e-gallery-item elementor-gallery-item elementor-animated-content\">\n\t\t\t\t\t<div class=\"e-gallery-image elementor-gallery-item__image\" data-thumbnail=\"https:\/\/www.portovenere.fr\/fr-fr\/wp-content\/uploads\/2024\/09\/Carrelage-parquet-bois-naturel-gres-cerame-haut-de-gamme-pour-sol-et-mur-collection-VALLEE-coloris-Cedro-proche-de-Saint-Aunes-34-150x150.jpg\" data-width=\"150\" data-height=\"150\" aria-label=\"\" role=\"img\" ><\/div>\n\t\t\t\t\t\t\t\t\t\t\t<div class=\"elementor-gallery-item__overlay\"><\/div>\n\t\t\t\t\t\t\t\t\t\t\t\t\t\t<\/div>\n\t\t\t\t\t\t\t<div class=\"e-gallery-item elementor-gallery-item elementor-animated-content\">\n\t\t\t\t\t<div class=\"e-gallery-image elementor-gallery-item__image\" data-thumbnail=\"https:\/\/www.portovenere.fr\/fr-fr\/wp-content\/uploads\/2024\/09\/Carrelage-parquet-bois-clair-naturel-gres-cerame-haut-de-gamme-pour-sol-et-mur-collection-VALLEE-coloris-Copahu-proche-de-Palavas-34-150x150.jpg\" data-width=\"150\" data-height=\"150\" aria-label=\"\" role=\"img\" ><\/div>\n\t\t\t\t\t\t\t\t\t\t\t<div class=\"elementor-gallery-item__overlay\"><\/div>\n\t\t\t\t\t\t\t\t\t\t\t\t\t\t<\/div>\n\t\t\t\t\t\t\t<div class=\"e-gallery-item elementor-gallery-item elementor-animated-content\">\n\t\t\t\t\t<div class=\"e-gallery-image elementor-gallery-item__image\" data-thumbnail=\"https:\/\/www.portovenere.fr\/fr-fr\/wp-content\/uploads\/2024\/09\/Carrelage-120x120-effet-parquet-bois-decor-Florio-collection-VALLEE-proche-de-juvignac-Herault-34-150x150.jpg\" data-width=\"150\" data-height=\"150\" aria-label=\"\" role=\"img\" ><\/div>\n\t\t\t\t\t\t\t\t\t\t\t<div class=\"elementor-gallery-item__overlay\"><\/div>\n\t\t\t\t\t\t\t\t\t\t\t\t\t\t<\/div>\n\t\t\t\t\t\t\t<div class=\"e-gallery-item elementor-gallery-item elementor-animated-content\">\n\t\t\t\t\t<div class=\"e-gallery-image elementor-gallery-item__image\" data-thumbnail=\"https:\/\/www.portovenere.fr\/fr-fr\/wp-content\/uploads\/2024\/09\/Carrelage-120x120-effet-bois-et-inserts-marbre-blanc-decor-Florio-mix-VALLEE-proche-de-Lattes-34-150x150.jpg\" data-width=\"150\" data-height=\"150\" aria-label=\"\" role=\"img\" ><\/div>\n\t\t\t\t\t\t\t\t\t\t\t<div class=\"elementor-gallery-item__overlay\"><\/div>\n\t\t\t\t\t\t\t\t\t\t\t\t\t\t<\/div>\n\t\t\t\t\t\t\t<div class=\"e-gallery-item elementor-gallery-item elementor-animated-content\">\n\t\t\t\t\t<div class=\"e-gallery-image elementor-gallery-item__image\" data-thumbnail=\"https:\/\/www.portovenere.fr\/fr-fr\/wp-content\/uploads\/2024\/09\/Carrelage-effet-parquet-puzzle-au-design-original-pour-sol-et-mur-collection-Vallee-coloris-Laos-proche-de-Baillargues-34-150x150.jpg\" data-width=\"150\" data-height=\"150\" aria-label=\"\" role=\"img\" ><\/div>\n\t\t\t\t\t\t\t\t\t\t\t<div class=\"elementor-gallery-item__overlay\"><\/div>\n\t\t\t\t\t\t\t\t\t\t\t\t\t\t<\/div>\n\t\t\t\t\t<\/div>\n\t\t\t\t\t<\/div>\n\t\t\t\t<\/div>\n\t\t\t\t<div class=\"elementor-element elementor-element-6ebfcd elementor-widget elementor-widget-text-editor\" data-id=\"6ebfcd\" data-element_type=\"widget\" data-e-type=\"widget\" data-widget_type=\"text-editor.default\">\n\t\t\t\t<div class=\"elementor-widget-container\">\n\t\t\t\t\t\t\t\t\t<p>Une collection de gr\u00e8s c\u00e9rame <b>finition bross\u00e9e<\/b> au graphisme raffin\u00e9 et intemporel, La collection de carrelage effet parquet bois <b>Vall\u00e9e,<\/b> s\u00e9duit par ses<b> contrastes subtils et ses n\u0153uds d\u00e9licatement dessin\u00e9s<\/b>.\u00a0<\/p><p>Ses <strong>t<\/strong><b>onalit\u00e9s naturelles<\/b>, allant de la cr\u00e8me \u00e0 l&rsquo;olive, \u00e9voquent la richesse et la<b> chaleur du bois authentique<\/b>.\u00a0<\/p><p>Disponible dans une <b>large gamme de formats<\/b>, 20&#215;120 cm,\u00a0 25&#215;150 cm, 30&#215;120 cm, 30&#215;240 cm, <b>grand format<\/b> 20&#215;278 cm et<b>\u00a0format\u00a0XXL 120&#215;278 cm<\/b>, Vall\u00e9e s&rsquo;adapte \u00e0 tous les espaces, des plus classiques aux plus contemporains. Parfaitement align\u00e9e avec les principes du <b>design biophilique<\/b>, cette collection de carrelage aspect parquet bois naturel invite la nature au c\u0153ur de votre int\u00e9rieur.<\/p><p><b>Dalles antid\u00e9rapantes<\/b> en 30 x 120 x 2 cm d&rsquo;\u00e9paisseur, lames antid\u00e9rapantes 20x120cm ainsi que des <b>d\u00e9cors originaux<\/b> compl\u00e8tent cette collection.\u00a0<\/p>\t\t\t\t\t\t\t\t<\/div>\n\t\t\t\t<\/div>\n\t\t\t\t\t<\/div>\n\t\t<\/div>\n\t\t\t\t\t<\/div>\n\t\t<\/section>\n\t\t\t\t<div class=\"elementor-element elementor-element-69373fb5 elementor-mobile-align-center elementor-widget elementor-widget-button\" data-id=\"69373fb5\" data-element_type=\"widget\" data-e-type=\"widget\" data-widget_type=\"button.default\">\n\t\t\t\t<div class=\"elementor-widget-container\">\n\t\t\t\t\t\t\t\t\t<div class=\"elementor-button-wrapper\">\n\t\t\t\t\t<a class=\"elementor-button elementor-button-link elementor-size-sm\" href=\"https:\/\/www.portovenere.fr\/fr-fr\/carrelage-sol-et-mur-en-gres-cerame-et-faience\/carrelage-imitation-parquet-aspect-bois\/carrelage-imitation-parquet-bois-naturel-vallee\/\">\n\t\t\t\t\t\t<span class=\"elementor-button-content-wrapper\">\n\t\t\t\t\t\t\t\t\t<span class=\"elementor-button-text\">Voir la collection<\/span>\n\t\t\t\t\t<\/span>\n\t\t\t\t\t<\/a>\n\t\t\t\t<\/div>\n\t\t\t\t\t\t\t\t<\/div>\n\t\t\t\t<\/div>\n\t\t\t\t\t<\/div>\n\t\t<\/div>\n\t\t\t\t\t<\/div>\n\t\t<\/section>\n\t\t\t\t<section class=\"elementor-section elementor-top-section elementor-element elementor-element-3e25e328 elementor-section-full_width elementor-section-height-default elementor-section-height-default\" data-id=\"3e25e328\" data-element_type=\"section\" data-e-type=\"section\" data-settings=\"{&quot;background_background&quot;:&quot;classic&quot;}\">\n\t\t\t\t\t\t<div class=\"elementor-container elementor-column-gap-default\">\n\t\t\t\t\t<div class=\"elementor-column elementor-col-33 elementor-top-column elementor-element elementor-element-3a876ce3\" data-id=\"3a876ce3\" data-element_type=\"column\" data-e-type=\"column\" data-settings=\"{&quot;background_background&quot;:&quot;classic&quot;}\">\n\t\t\t<div class=\"elementor-widget-wrap elementor-element-populated\">\n\t\t\t\t\t\t<div class=\"elementor-element elementor-element-32cdd5f2 elementor-widget elementor-widget-image\" data-id=\"32cdd5f2\" data-element_type=\"widget\" data-e-type=\"widget\" data-widget_type=\"image.default\">\n\t\t\t\t<div class=\"elementor-widget-container\">\n\t\t\t\t\t\t\t\t\t\t\t\t\t\t\t\t<a href=\"https:\/\/www.portovenere.fr\/fr-fr\/carrelage-sol-et-mur-en-gres-cerame-et-faience\/carrelage-aspect-pierre\/carrelage-aspect-pierre-naturelle-limestone\/\">\n\t\t\t\t\t\t\t<img loading=\"lazy\" decoding=\"async\" width=\"800\" height=\"534\" src=\"https:\/\/www.portovenere.fr\/fr-fr\/wp-content\/uploads\/2019\/09\/Carrelage-Limestone-Slate-Naturel-kerlite-100x300-au-sol-et-Clay-Naturel-100x300-au-mur-1024x683.jpg\" class=\"attachment-large size-large wp-image-13332\" alt=\"\" srcset=\"https:\/\/www.portovenere.fr\/fr-fr\/wp-content\/uploads\/2019\/09\/Carrelage-Limestone-Slate-Naturel-kerlite-100x300-au-sol-et-Clay-Naturel-100x300-au-mur-1024x683.jpg 1024w, https:\/\/www.portovenere.fr\/fr-fr\/wp-content\/uploads\/2019\/09\/Carrelage-Limestone-Slate-Naturel-kerlite-100x300-au-sol-et-Clay-Naturel-100x300-au-mur-300x200.jpg 300w, https:\/\/www.portovenere.fr\/fr-fr\/wp-content\/uploads\/2019\/09\/Carrelage-Limestone-Slate-Naturel-kerlite-100x300-au-sol-et-Clay-Naturel-100x300-au-mur-768x512.jpg 768w, https:\/\/www.portovenere.fr\/fr-fr\/wp-content\/uploads\/2019\/09\/Carrelage-Limestone-Slate-Naturel-kerlite-100x300-au-sol-et-Clay-Naturel-100x300-au-mur.jpg 1500w\" sizes=\"(max-width: 800px) 100vw, 800px\" \/>\t\t\t\t\t\t\t\t<\/a>\n\t\t\t\t\t\t\t\t\t\t\t\t\t\t\t<\/div>\n\t\t\t\t<\/div>\n\t\t\t\t<div class=\"elementor-element elementor-element-2e26aa03 elementor-widget elementor-widget-heading\" data-id=\"2e26aa03\" data-element_type=\"widget\" data-e-type=\"widget\" data-widget_type=\"heading.default\">\n\t\t\t\t<div class=\"elementor-widget-container\">\n\t\t\t\t\t<h3 class=\"elementor-heading-title elementor-size-default\"><a href=\"https:\/\/www.portovenere.fr\/fr-fr\/carrelage-sol-et-mur-en-gres-cerame-et-faience\/carrelage-aspect-pierre\/carrelage-aspect-pierre-naturelle-limestone\/\">KERLITE LIMESTONE 5,5mm | 3 coloris<\/a><\/h3>\t\t\t\t<\/div>\n\t\t\t\t<\/div>\n\t\t\t\t<div class=\"elementor-element elementor-element-510880af elementor-widget__width-initial elementor-widget elementor-widget-gallery\" data-id=\"510880af\" data-element_type=\"widget\" data-e-type=\"widget\" data-settings=\"{&quot;gap&quot;:{&quot;unit&quot;:&quot;px&quot;,&quot;size&quot;:3,&quot;sizes&quot;:[]},&quot;columns_mobile&quot;:3,&quot;gap_mobile&quot;:{&quot;unit&quot;:&quot;px&quot;,&quot;size&quot;:6,&quot;sizes&quot;:[]},&quot;columns&quot;:5,&quot;columns_tablet&quot;:3,&quot;gap_tablet&quot;:{&quot;unit&quot;:&quot;px&quot;,&quot;size&quot;:5,&quot;sizes&quot;:[]},&quot;lazyload&quot;:&quot;yes&quot;,&quot;gallery_layout&quot;:&quot;grid&quot;,&quot;aspect_ratio&quot;:&quot;3:2&quot;,&quot;overlay_background&quot;:&quot;yes&quot;,&quot;content_hover_animation&quot;:&quot;fade-in&quot;}\" data-widget_type=\"gallery.default\">\n\t\t\t\t<div class=\"elementor-widget-container\">\n\t\t\t\t\t\t\t<div class=\"elementor-gallery__container\">\n\t\t\t\t\t\t\t<div class=\"e-gallery-item elementor-gallery-item elementor-animated-content\">\n\t\t\t\t\t<div class=\"e-gallery-image elementor-gallery-item__image\" data-thumbnail=\"https:\/\/www.portovenere.fr\/fr-fr\/wp-content\/uploads\/2019\/09\/carrelage_extra_fin_special_renovation_kerlite_limestone_oyster-150x150.jpg\" data-width=\"150\" data-height=\"150\" aria-label=\"\" role=\"img\" ><\/div>\n\t\t\t\t\t\t\t\t\t\t\t<div class=\"elementor-gallery-item__overlay\"><\/div>\n\t\t\t\t\t\t\t\t\t\t\t\t\t\t<\/div>\n\t\t\t\t\t\t\t<div class=\"e-gallery-item elementor-gallery-item elementor-animated-content\">\n\t\t\t\t\t<div class=\"e-gallery-image elementor-gallery-item__image\" data-thumbnail=\"https:\/\/www.portovenere.fr\/fr-fr\/wp-content\/uploads\/2019\/09\/carrelage_extra_fin_special_renovation_kerlite_limestone_clay-150x150.jpg\" data-width=\"150\" data-height=\"150\" aria-label=\"\" role=\"img\" ><\/div>\n\t\t\t\t\t\t\t\t\t\t\t<div class=\"elementor-gallery-item__overlay\"><\/div>\n\t\t\t\t\t\t\t\t\t\t\t\t\t\t<\/div>\n\t\t\t\t\t\t\t<div class=\"e-gallery-item elementor-gallery-item elementor-animated-content\">\n\t\t\t\t\t<div class=\"e-gallery-image elementor-gallery-item__image\" data-thumbnail=\"https:\/\/www.portovenere.fr\/fr-fr\/wp-content\/uploads\/2019\/09\/carrelage_extra_fin_special_renovation_kerlite_limestone_slate-150x150.jpg\" data-width=\"150\" data-height=\"150\" aria-label=\"\" role=\"img\" ><\/div>\n\t\t\t\t\t\t\t\t\t\t\t<div class=\"elementor-gallery-item__overlay\"><\/div>\n\t\t\t\t\t\t\t\t\t\t\t\t\t\t<\/div>\n\t\t\t\t\t<\/div>\n\t\t\t\t\t<\/div>\n\t\t\t\t<\/div>\n\t\t\t\t<div class=\"elementor-element elementor-element-46ed592d elementor-widget elementor-widget-text-editor\" data-id=\"46ed592d\" data-element_type=\"widget\" data-e-type=\"widget\" data-widget_type=\"text-editor.default\">\n\t\t\t\t<div class=\"elementor-widget-container\">\n\t\t\t\t\t\t\t\t\t<p>Carrelage sol et mur en gr\u00e8s c\u00e9rame lamin\u00e9 extra-fin de style pierre naturelle, disponible en \u00e9paisseur 5,5mm fibr\u00e9. Cette collection est d\u00e9clin\u00e9e en 4 formats : 50x100cm, 100x100cm, 100x250cm et 100x300cm.<\/p><p>Disponible en 3 coloris : Clay (blanc), Oyster (gris), Slate (anthracite).<\/p><p>D&rsquo;autres formats et \u00e9paisseurs viennent compl\u00e9ter cette s\u00e9rie de carrelage.<\/p>\t\t\t\t\t\t\t\t<\/div>\n\t\t\t\t<\/div>\n\t\t\t\t<div class=\"elementor-element elementor-element-17860ad9 elementor-mobile-align-center elementor-align-left elementor-widget elementor-widget-button\" data-id=\"17860ad9\" data-element_type=\"widget\" data-e-type=\"widget\" data-widget_type=\"button.default\">\n\t\t\t\t<div class=\"elementor-widget-container\">\n\t\t\t\t\t\t\t\t\t<div class=\"elementor-button-wrapper\">\n\t\t\t\t\t<a class=\"elementor-button elementor-button-link elementor-size-sm\" href=\"https:\/\/www.portovenere.fr\/fr-fr\/carrelage-sol-et-mur-en-gres-cerame-et-faience\/carrelage-aspect-pierre\/carrelage-aspect-pierre-naturelle-limestone\/\">\n\t\t\t\t\t\t<span class=\"elementor-button-content-wrapper\">\n\t\t\t\t\t\t\t\t\t<span class=\"elementor-button-text\">Voir la collection<\/span>\n\t\t\t\t\t<\/span>\n\t\t\t\t\t<\/a>\n\t\t\t\t<\/div>\n\t\t\t\t\t\t\t\t<\/div>\n\t\t\t\t<\/div>\n\t\t\t\t\t<\/div>\n\t\t<\/div>\n\t\t\t\t<div class=\"elementor-column elementor-col-33 elementor-top-column elementor-element elementor-element-7f37605b\" data-id=\"7f37605b\" data-element_type=\"column\" data-e-type=\"column\" data-settings=\"{&quot;background_background&quot;:&quot;classic&quot;}\">\n\t\t\t<div class=\"elementor-widget-wrap elementor-element-populated\">\n\t\t\t\t\t\t<div class=\"elementor-element elementor-element-5fbb5e01 elementor-widget elementor-widget-image\" data-id=\"5fbb5e01\" data-element_type=\"widget\" data-e-type=\"widget\" data-widget_type=\"image.default\">\n\t\t\t\t<div class=\"elementor-widget-container\">\n\t\t\t\t\t\t\t\t\t\t\t\t\t\t\t\t<a href=\"https:\/\/www.portovenere.fr\/fr-fr\/carrelage-sol-et-mur-en-gres-cerame-et-faience\/carrelage-aspect-marbre\/carrelage-effet-marbre-original-sublimis-precious\/\">\n\t\t\t\t\t\t\t<img decoding=\"async\" src=\"https:\/\/www.portovenere.fr\/fr-fr\/wp-content\/uploads\/elementor\/thumbs\/Carrelage-effet-marbre-original-pour-salle-de-bain-elegante-a-montpellier-34-r8iex6t1m3p14mx74vjpk9aanjboi09sda7mb1r4m0.jpg\" title=\"Carrelage effet marbre original Sublimis Precious pour salle de bain \u00e9l\u00e9gante \u00e0 Montpellier 34\" alt=\"Carrelage grand format aspect marbre pour salle de bain\" loading=\"lazy\" \/>\t\t\t\t\t\t\t\t<\/a>\n\t\t\t\t\t\t\t\t\t\t\t\t\t\t\t<\/div>\n\t\t\t\t<\/div>\n\t\t\t\t<div class=\"elementor-element elementor-element-13a677a6 elementor-widget elementor-widget-heading\" data-id=\"13a677a6\" data-element_type=\"widget\" data-e-type=\"widget\" data-widget_type=\"heading.default\">\n\t\t\t\t<div class=\"elementor-widget-container\">\n\t\t\t\t\t<h3 class=\"elementor-heading-title elementor-size-default\"><a href=\"https:\/\/www.portovenere.fr\/fr-fr\/carrelage-sol-et-mur-en-gres-cerame-et-faience\/carrelage-aspect-marbre\/carrelage-effet-marbre-original-sublimis-precious\/\">SUBLIMIS PRECIOUS | 6 coloris &amp; mosa\u00efques<\/a><\/h3>\t\t\t\t<\/div>\n\t\t\t\t<\/div>\n\t\t\t\t<div class=\"elementor-element elementor-element-5ab66987 elementor-widget__width-initial elementor-widget elementor-widget-gallery\" data-id=\"5ab66987\" data-element_type=\"widget\" data-e-type=\"widget\" data-settings=\"{&quot;gap&quot;:{&quot;unit&quot;:&quot;px&quot;,&quot;size&quot;:3,&quot;sizes&quot;:[]},&quot;columns_mobile&quot;:3,&quot;gap_mobile&quot;:{&quot;unit&quot;:&quot;px&quot;,&quot;size&quot;:6,&quot;sizes&quot;:[]},&quot;columns&quot;:5,&quot;columns_tablet&quot;:3,&quot;gap_tablet&quot;:{&quot;unit&quot;:&quot;px&quot;,&quot;size&quot;:5,&quot;sizes&quot;:[]},&quot;lazyload&quot;:&quot;yes&quot;,&quot;gallery_layout&quot;:&quot;grid&quot;,&quot;aspect_ratio&quot;:&quot;3:2&quot;,&quot;overlay_background&quot;:&quot;yes&quot;,&quot;content_hover_animation&quot;:&quot;fade-in&quot;}\" data-widget_type=\"gallery.default\">\n\t\t\t\t<div class=\"elementor-widget-container\">\n\t\t\t\t\t\t\t<div class=\"elementor-gallery__container\">\n\t\t\t\t\t\t\t<div class=\"e-gallery-item elementor-gallery-item elementor-animated-content\">\n\t\t\t\t\t<div class=\"e-gallery-image elementor-gallery-item__image\" data-thumbnail=\"https:\/\/www.portovenere.fr\/fr-fr\/wp-content\/uploads\/2024\/01\/Carrelage-effet-marbre-precieux-bleu-Sublimis-precious-Agathe-proche-de-montferrier-le-lez-34-150x150.jpg\" data-width=\"150\" data-height=\"150\" aria-label=\"\" role=\"img\" ><\/div>\n\t\t\t\t\t\t\t\t\t\t\t<div class=\"elementor-gallery-item__overlay\"><\/div>\n\t\t\t\t\t\t\t\t\t\t\t\t\t\t<\/div>\n\t\t\t\t\t\t\t<div class=\"e-gallery-item elementor-gallery-item elementor-animated-content\">\n\t\t\t\t\t<div class=\"e-gallery-image elementor-gallery-item__image\" data-thumbnail=\"https:\/\/www.portovenere.fr\/fr-fr\/wp-content\/uploads\/2024\/01\/Carrelage-effet-marbre-precieux-bleu-Sublimis-precious-Crystal-proche-de-clapiers-34-150x150.jpg\" data-width=\"150\" data-height=\"150\" aria-label=\"\" role=\"img\" ><\/div>\n\t\t\t\t\t\t\t\t\t\t\t<div class=\"elementor-gallery-item__overlay\"><\/div>\n\t\t\t\t\t\t\t\t\t\t\t\t\t\t<\/div>\n\t\t\t\t\t\t\t<div class=\"e-gallery-item elementor-gallery-item elementor-animated-content\">\n\t\t\t\t\t<div class=\"e-gallery-image elementor-gallery-item__image\" data-thumbnail=\"https:\/\/www.portovenere.fr\/fr-fr\/wp-content\/uploads\/2024\/01\/Carrelage-effet-marbre-precieux-marron-Sublimis-precious-Agathe-proche-de-lattes-34-150x150.jpg\" data-width=\"150\" data-height=\"150\" aria-label=\"\" role=\"img\" ><\/div>\n\t\t\t\t\t\t\t\t\t\t\t<div class=\"elementor-gallery-item__overlay\"><\/div>\n\t\t\t\t\t\t\t\t\t\t\t\t\t\t<\/div>\n\t\t\t\t\t\t\t<div class=\"e-gallery-item elementor-gallery-item elementor-animated-content\">\n\t\t\t\t\t<div class=\"e-gallery-image elementor-gallery-item__image\" data-thumbnail=\"https:\/\/www.portovenere.fr\/fr-fr\/wp-content\/uploads\/2024\/01\/Carrelage-effet-marbre-precieux-ambre-Sublimis-precious-Crystal-proche-de-saint-jean-de-vedas-34-150x150.jpg\" data-width=\"150\" data-height=\"150\" aria-label=\"\" role=\"img\" ><\/div>\n\t\t\t\t\t\t\t\t\t\t\t<div class=\"elementor-gallery-item__overlay\"><\/div>\n\t\t\t\t\t\t\t\t\t\t\t\t\t\t<\/div>\n\t\t\t\t\t\t\t<div class=\"e-gallery-item elementor-gallery-item elementor-animated-content\">\n\t\t\t\t\t<div class=\"e-gallery-image elementor-gallery-item__image\" data-thumbnail=\"https:\/\/www.portovenere.fr\/fr-fr\/wp-content\/uploads\/2024\/01\/Carrelage-effet-marbre-precieux-noir-Sublimis-precious-Agathe-proche-de-agde-34-150x150.jpg\" data-width=\"150\" data-height=\"150\" aria-label=\"\" role=\"img\" ><\/div>\n\t\t\t\t\t\t\t\t\t\t\t<div class=\"elementor-gallery-item__overlay\"><\/div>\n\t\t\t\t\t\t\t\t\t\t\t\t\t\t<\/div>\n\t\t\t\t\t\t\t<div class=\"e-gallery-item elementor-gallery-item elementor-animated-content\">\n\t\t\t\t\t<div class=\"e-gallery-image elementor-gallery-item__image\" data-thumbnail=\"https:\/\/www.portovenere.fr\/fr-fr\/wp-content\/uploads\/2024\/01\/Carrelage-effet-marbre-precieux-blanc-Sublimis-precious-Crystal-proche-de-vendargues-34-150x150.jpg\" data-width=\"150\" data-height=\"150\" aria-label=\"\" role=\"img\" ><\/div>\n\t\t\t\t\t\t\t\t\t\t\t<div class=\"elementor-gallery-item__overlay\"><\/div>\n\t\t\t\t\t\t\t\t\t\t\t\t\t\t<\/div>\n\t\t\t\t\t\t\t<div class=\"e-gallery-item elementor-gallery-item elementor-animated-content\">\n\t\t\t\t\t<div class=\"e-gallery-image elementor-gallery-item__image\" data-thumbnail=\"https:\/\/www.portovenere.fr\/fr-fr\/wp-content\/uploads\/2024\/01\/Mosaique-30x30-effet-marbre-agathe-marron-Sublimis-Precious-a-Montpellier-34-150x150.jpg\" data-width=\"150\" data-height=\"150\" aria-label=\"\" role=\"img\" ><\/div>\n\t\t\t\t\t\t\t\t\t\t\t<div class=\"elementor-gallery-item__overlay\"><\/div>\n\t\t\t\t\t\t\t\t\t\t\t\t\t\t<\/div>\n\t\t\t\t\t\t\t<div class=\"e-gallery-item elementor-gallery-item elementor-animated-content\">\n\t\t\t\t\t<div class=\"e-gallery-image elementor-gallery-item__image\" data-thumbnail=\"https:\/\/www.portovenere.fr\/fr-fr\/wp-content\/uploads\/2024\/01\/Mosaique-30x30-effet-marbre-agathe-noir-Sublimis-Precious-a-Montpellier-34-150x150.jpg\" data-width=\"150\" data-height=\"150\" aria-label=\"\" role=\"img\" ><\/div>\n\t\t\t\t\t\t\t\t\t\t\t<div class=\"elementor-gallery-item__overlay\"><\/div>\n\t\t\t\t\t\t\t\t\t\t\t\t\t\t<\/div>\n\t\t\t\t\t\t\t<div class=\"e-gallery-item elementor-gallery-item elementor-animated-content\">\n\t\t\t\t\t<div class=\"e-gallery-image elementor-gallery-item__image\" data-thumbnail=\"https:\/\/www.portovenere.fr\/fr-fr\/wp-content\/uploads\/2024\/01\/Mosaique-30x30-effet-marbre-agathe-bleu-Sublimis-Precious-a-Montpellier-34-150x150.jpg\" data-width=\"150\" data-height=\"150\" aria-label=\"\" role=\"img\" ><\/div>\n\t\t\t\t\t\t\t\t\t\t\t<div class=\"elementor-gallery-item__overlay\"><\/div>\n\t\t\t\t\t\t\t\t\t\t\t\t\t\t<\/div>\n\t\t\t\t\t\t\t<div class=\"e-gallery-item elementor-gallery-item elementor-animated-content\">\n\t\t\t\t\t<div class=\"e-gallery-image elementor-gallery-item__image\" data-thumbnail=\"https:\/\/www.portovenere.fr\/fr-fr\/wp-content\/uploads\/2024\/01\/Mosaique-30x30-effet-marbre-crystal-clair-Sublimis-Precious-White-a-Montpellier-150x150.jpg\" data-width=\"150\" data-height=\"150\" aria-label=\"\" role=\"img\" ><\/div>\n\t\t\t\t\t\t\t\t\t\t\t<div class=\"elementor-gallery-item__overlay\"><\/div>\n\t\t\t\t\t\t\t\t\t\t\t\t\t\t<\/div>\n\t\t\t\t\t\t\t<div class=\"e-gallery-item elementor-gallery-item elementor-animated-content\">\n\t\t\t\t\t<div class=\"e-gallery-image elementor-gallery-item__image\" data-thumbnail=\"https:\/\/www.portovenere.fr\/fr-fr\/wp-content\/uploads\/2024\/01\/Mosaique-30x30-effet-marbre-crystal-Sublimis-Precious-bleu-azur-a-Montpellier-150x150.jpg\" data-width=\"150\" data-height=\"150\" aria-label=\"\" role=\"img\" ><\/div>\n\t\t\t\t\t\t\t\t\t\t\t<div class=\"elementor-gallery-item__overlay\"><\/div>\n\t\t\t\t\t\t\t\t\t\t\t\t\t\t<\/div>\n\t\t\t\t\t\t\t<div class=\"e-gallery-item elementor-gallery-item elementor-animated-content\">\n\t\t\t\t\t<div class=\"e-gallery-image elementor-gallery-item__image\" data-thumbnail=\"https:\/\/www.portovenere.fr\/fr-fr\/wp-content\/uploads\/2024\/01\/Mosaique-30x30-effet-marbre-crystal-clair-Sublimis-Precious-Ambra-a-Montpellier-150x150.jpg\" data-width=\"150\" data-height=\"150\" aria-label=\"\" role=\"img\" ><\/div>\n\t\t\t\t\t\t\t\t\t\t\t<div class=\"elementor-gallery-item__overlay\"><\/div>\n\t\t\t\t\t\t\t\t\t\t\t\t\t\t<\/div>\n\t\t\t\t\t\t\t<div class=\"e-gallery-item elementor-gallery-item elementor-animated-content\">\n\t\t\t\t\t<div class=\"e-gallery-image elementor-gallery-item__image\" data-thumbnail=\"https:\/\/www.portovenere.fr\/fr-fr\/wp-content\/uploads\/2024\/01\/Mosaique-30x30-effet-marbre-crystal-Sublimis-Precious-bleu-azur-a-Montpellier-34-150x150.jpg\" data-width=\"150\" data-height=\"150\" aria-label=\"\" role=\"img\" ><\/div>\n\t\t\t\t\t\t\t\t\t\t\t<div class=\"elementor-gallery-item__overlay\"><\/div>\n\t\t\t\t\t\t\t\t\t\t\t\t\t\t<\/div>\n\t\t\t\t\t\t\t<div class=\"e-gallery-item elementor-gallery-item elementor-animated-content\">\n\t\t\t\t\t<div class=\"e-gallery-image elementor-gallery-item__image\" data-thumbnail=\"https:\/\/www.portovenere.fr\/fr-fr\/wp-content\/uploads\/2024\/01\/Mosaique-30x30-effet-marbre-crystal-clair-Sublimis-Precious-White-a-Montpellier-34-150x150.jpg\" data-width=\"150\" data-height=\"150\" aria-label=\"\" role=\"img\" ><\/div>\n\t\t\t\t\t\t\t\t\t\t\t<div class=\"elementor-gallery-item__overlay\"><\/div>\n\t\t\t\t\t\t\t\t\t\t\t\t\t\t<\/div>\n\t\t\t\t\t\t\t<div class=\"e-gallery-item elementor-gallery-item elementor-animated-content\">\n\t\t\t\t\t<div class=\"e-gallery-image elementor-gallery-item__image\" data-thumbnail=\"https:\/\/www.portovenere.fr\/fr-fr\/wp-content\/uploads\/2024\/01\/Mosaique-30x30-effet-marbre-crystal-clair-Sublimis-Precious-Ambra-a-Montpellier-34-150x150.jpg\" data-width=\"150\" data-height=\"150\" aria-label=\"\" role=\"img\" ><\/div>\n\t\t\t\t\t\t\t\t\t\t\t<div class=\"elementor-gallery-item__overlay\"><\/div>\n\t\t\t\t\t\t\t\t\t\t\t\t\t\t<\/div>\n\t\t\t\t\t<\/div>\n\t\t\t\t\t<\/div>\n\t\t\t\t<\/div>\n\t\t\t\t<div class=\"elementor-element elementor-element-678ad672 elementor-widget elementor-widget-text-editor\" data-id=\"678ad672\" data-element_type=\"widget\" data-e-type=\"widget\" data-widget_type=\"text-editor.default\">\n\t\t\t\t<div class=\"elementor-widget-container\">\n\t\t\t\t\t\t\t\t\t<div data-vce-do-apply=\"all el-faca387d\"><p>La collection de carrelage <b>effet marbre Sublimis Precious<\/b>, reprend\u00a0un style luxueux\u00a0pour votre rev\u00eatement mural ou sol.<\/p><p>Le gr\u00e8s c\u00e9rame Sublimis Precious, propose <b>6 d\u00e9cors<\/b> en finitions Full\u00a0Lappato\u00a0Brillant, Naturel ou SilkTech naturel R10B\u00a0: <b>Agathe bleu, Agathe noir, Agathe marron, Crystal Azur bleu, Crystal blanc et Crystal ambra.<\/b><\/p><p><b>5 formats<\/b> : 120&#215;278 cm, 120&#215;120 cm, 60&#215;120 cm, 30&#215;60 cm et 90&#215;180 cm, sont disponibles en 6,5mm, 9,5mm et 10mm d&rsquo;\u00e9paisseur permettent d&rsquo;am\u00e9nager les <strong>s<\/strong><b>ols et murs<\/b> de vos espaces.<\/p><\/div>\t\t\t\t\t\t\t\t<\/div>\n\t\t\t\t<\/div>\n\t\t\t\t<div class=\"elementor-element elementor-element-1775b482 elementor-mobile-align-center elementor-align-left elementor-widget elementor-widget-button\" data-id=\"1775b482\" data-element_type=\"widget\" data-e-type=\"widget\" data-widget_type=\"button.default\">\n\t\t\t\t<div class=\"elementor-widget-container\">\n\t\t\t\t\t\t\t\t\t<div class=\"elementor-button-wrapper\">\n\t\t\t\t\t<a class=\"elementor-button elementor-button-link elementor-size-sm\" href=\"https:\/\/www.portovenere.fr\/fr-fr\/carrelage-sol-et-mur-en-gres-cerame-et-faience\/carrelage-aspect-marbre\/carrelage-effet-marbre-original-sublimis-precious\/\">\n\t\t\t\t\t\t<span class=\"elementor-button-content-wrapper\">\n\t\t\t\t\t\t\t\t\t<span class=\"elementor-button-text\">Voir la collection<\/span>\n\t\t\t\t\t<\/span>\n\t\t\t\t\t<\/a>\n\t\t\t\t<\/div>\n\t\t\t\t\t\t\t\t<\/div>\n\t\t\t\t<\/div>\n\t\t\t\t\t<\/div>\n\t\t<\/div>\n\t\t\t\t<div class=\"elementor-column elementor-col-33 elementor-top-column elementor-element elementor-element-4713568b elementor-invisible\" data-id=\"4713568b\" data-element_type=\"column\" data-e-type=\"column\" data-settings=\"{&quot;animation&quot;:&quot;fadeIn&quot;,&quot;background_background&quot;:&quot;classic&quot;}\">\n\t\t\t<div class=\"elementor-widget-wrap elementor-element-populated\">\n\t\t\t\t\t\t<div class=\"elementor-element elementor-element-301295b2 elementor-widget elementor-widget-image\" data-id=\"301295b2\" data-element_type=\"widget\" data-e-type=\"widget\" data-widget_type=\"image.default\">\n\t\t\t\t<div class=\"elementor-widget-container\">\n\t\t\t\t\t\t\t\t\t\t\t\t\t\t\t\t<a href=\"https:\/\/www.portovenere.fr\/fr-fr\/carrelage-sol-et-mur-en-gres-cerame-et-faience\/carrelage-aspect-pierre\/carrelage-aspect-pierre-contemporaine-veinee-lithos\/\">\n\t\t\t\t\t\t\t<img loading=\"lazy\" decoding=\"async\" width=\"768\" height=\"512\" src=\"https:\/\/www.portovenere.fr\/fr-fr\/wp-content\/uploads\/2020\/01\/Carrelage-effet-b\u00e9ton-contemporain-en-gr\u00e8s-c\u00e9rame-Lithos-desert-lappato-14mm-interieur-et-exterieur-768x512.jpg\" class=\"attachment-medium_large size-medium_large wp-image-24740\" alt=\"\" srcset=\"https:\/\/www.portovenere.fr\/fr-fr\/wp-content\/uploads\/2020\/01\/Carrelage-effet-b\u00e9ton-contemporain-en-gr\u00e8s-c\u00e9rame-Lithos-desert-lappato-14mm-interieur-et-exterieur-768x512.jpg 768w, https:\/\/www.portovenere.fr\/fr-fr\/wp-content\/uploads\/2020\/01\/Carrelage-effet-b\u00e9ton-contemporain-en-gr\u00e8s-c\u00e9rame-Lithos-desert-lappato-14mm-interieur-et-exterieur-300x200.jpg 300w, https:\/\/www.portovenere.fr\/fr-fr\/wp-content\/uploads\/2020\/01\/Carrelage-effet-b\u00e9ton-contemporain-en-gr\u00e8s-c\u00e9rame-Lithos-desert-lappato-14mm-interieur-et-exterieur-1024x683.jpg 1024w, https:\/\/www.portovenere.fr\/fr-fr\/wp-content\/uploads\/2020\/01\/Carrelage-effet-b\u00e9ton-contemporain-en-gr\u00e8s-c\u00e9rame-Lithos-desert-lappato-14mm-interieur-et-exterieur.jpg 1500w\" sizes=\"(max-width: 768px) 100vw, 768px\" \/>\t\t\t\t\t\t\t\t<\/a>\n\t\t\t\t\t\t\t\t\t\t\t\t\t\t\t<\/div>\n\t\t\t\t<\/div>\n\t\t\t\t<section class=\"elementor-section elementor-inner-section elementor-element elementor-element-1cdd8f24 elementor-section-boxed elementor-section-height-default elementor-section-height-default elementor-invisible\" data-id=\"1cdd8f24\" data-element_type=\"section\" data-e-type=\"section\" data-settings=\"{&quot;background_background&quot;:&quot;classic&quot;,&quot;animation&quot;:&quot;fadeIn&quot;}\">\n\t\t\t\t\t\t<div class=\"elementor-container elementor-column-gap-default\">\n\t\t\t\t\t<div class=\"elementor-column elementor-col-100 elementor-inner-column elementor-element elementor-element-70027212\" data-id=\"70027212\" data-element_type=\"column\" data-e-type=\"column\">\n\t\t\t<div class=\"elementor-widget-wrap elementor-element-populated\">\n\t\t\t\t\t\t<div class=\"elementor-element elementor-element-724af107 elementor-widget elementor-widget-heading\" data-id=\"724af107\" data-element_type=\"widget\" data-e-type=\"widget\" data-widget_type=\"heading.default\">\n\t\t\t\t<div class=\"elementor-widget-container\">\n\t\t\t\t\t<h3 class=\"elementor-heading-title elementor-size-default\"><a href=\"https:\/\/www.portovenere.fr\/fr-fr\/carrelage-sol-et-mur-en-gres-cerame-et-faience\/carrelage-aspect-pierre\/carrelage-aspect-pierre-contemporaine-veinee-lithos\/\">LITHOS 6mm | 4 coloris<\/a><\/h3>\t\t\t\t<\/div>\n\t\t\t\t<\/div>\n\t\t\t\t<div class=\"elementor-element elementor-element-d998563 elementor-widget__width-initial elementor-widget elementor-widget-gallery\" data-id=\"d998563\" data-element_type=\"widget\" data-e-type=\"widget\" data-settings=\"{&quot;gap&quot;:{&quot;unit&quot;:&quot;px&quot;,&quot;size&quot;:3,&quot;sizes&quot;:[]},&quot;columns_mobile&quot;:3,&quot;gap_mobile&quot;:{&quot;unit&quot;:&quot;px&quot;,&quot;size&quot;:6,&quot;sizes&quot;:[]},&quot;columns&quot;:5,&quot;columns_tablet&quot;:3,&quot;gap_tablet&quot;:{&quot;unit&quot;:&quot;px&quot;,&quot;size&quot;:5,&quot;sizes&quot;:[]},&quot;lazyload&quot;:&quot;yes&quot;,&quot;gallery_layout&quot;:&quot;grid&quot;,&quot;aspect_ratio&quot;:&quot;3:2&quot;,&quot;overlay_background&quot;:&quot;yes&quot;,&quot;content_hover_animation&quot;:&quot;fade-in&quot;}\" data-widget_type=\"gallery.default\">\n\t\t\t\t<div class=\"elementor-widget-container\">\n\t\t\t\t\t\t\t<div class=\"elementor-gallery__container\">\n\t\t\t\t\t\t\t<div class=\"e-gallery-item elementor-gallery-item elementor-animated-content\">\n\t\t\t\t\t<div class=\"e-gallery-image elementor-gallery-item__image\" data-thumbnail=\"https:\/\/www.portovenere.fr\/fr-fr\/wp-content\/uploads\/2020\/01\/Carrelage-sol-et-mur-Lithos-moon-60x60_2-150x150.jpg\" data-width=\"150\" data-height=\"150\" aria-label=\"\" role=\"img\" ><\/div>\n\t\t\t\t\t\t\t\t\t\t\t<div class=\"elementor-gallery-item__overlay\"><\/div>\n\t\t\t\t\t\t\t\t\t\t\t\t\t\t<\/div>\n\t\t\t\t\t\t\t<div class=\"e-gallery-item elementor-gallery-item elementor-animated-content\">\n\t\t\t\t\t<div class=\"e-gallery-image elementor-gallery-item__image\" data-thumbnail=\"https:\/\/www.portovenere.fr\/fr-fr\/wp-content\/uploads\/2020\/01\/Carrelage-sol-et-mur-Lithos-stone-60x60-1-150x150.jpg\" data-width=\"150\" data-height=\"150\" aria-label=\"\" role=\"img\" ><\/div>\n\t\t\t\t\t\t\t\t\t\t\t<div class=\"elementor-gallery-item__overlay\"><\/div>\n\t\t\t\t\t\t\t\t\t\t\t\t\t\t<\/div>\n\t\t\t\t\t\t\t<div class=\"e-gallery-item elementor-gallery-item elementor-animated-content\">\n\t\t\t\t\t<div class=\"e-gallery-image elementor-gallery-item__image\" data-thumbnail=\"https:\/\/www.portovenere.fr\/fr-fr\/wp-content\/uploads\/2020\/01\/Carrelage-sol-et-mur-Lithos-desert-60x60-1-150x150.jpg\" data-width=\"150\" data-height=\"150\" aria-label=\"\" role=\"img\" ><\/div>\n\t\t\t\t\t\t\t\t\t\t\t<div class=\"elementor-gallery-item__overlay\"><\/div>\n\t\t\t\t\t\t\t\t\t\t\t\t\t\t<\/div>\n\t\t\t\t\t\t\t<div class=\"e-gallery-item elementor-gallery-item elementor-animated-content\">\n\t\t\t\t\t<div class=\"e-gallery-image elementor-gallery-item__image\" data-thumbnail=\"https:\/\/www.portovenere.fr\/fr-fr\/wp-content\/uploads\/2020\/01\/Carrelage-sol-et-mur-Lithos-carbon-60x60-1-150x150.jpg\" data-width=\"150\" data-height=\"150\" aria-label=\"\" role=\"img\" ><\/div>\n\t\t\t\t\t\t\t\t\t\t\t<div class=\"elementor-gallery-item__overlay\"><\/div>\n\t\t\t\t\t\t\t\t\t\t\t\t\t\t<\/div>\n\t\t\t\t\t<\/div>\n\t\t\t\t\t<\/div>\n\t\t\t\t<\/div>\n\t\t\t\t<div class=\"elementor-element elementor-element-3b52cbe8 elementor-widget elementor-widget-text-editor\" data-id=\"3b52cbe8\" data-element_type=\"widget\" data-e-type=\"widget\" data-widget_type=\"text-editor.default\">\n\t\t\t\t<div class=\"elementor-widget-container\">\n\t\t\t\t\t\t\t\t\t<p>Carrelage de sol et mur en gr\u00e8s c\u00e9rame aspect pierre vein\u00e9e pour int\u00e9rieur et ext\u00e9rieur. D\u00e9clin\u00e9e sous 4 tonalit\u00e9s (Moon, Desert, Carbon et Stone), cette collection offre un large choix de composition gr\u00e2ce aux nombreux formats (jusqu&rsquo;\u00e0 120x260cm) et finitions propos\u00e9s. Les carreaux de 6mm d&rsquo;\u00e9paisseur, seront parfaitement adapt\u00e9s \u00e0 des travaux de r\u00e9novation. Les\u00a0 carreaux de 14mm d&rsquo;\u00e9paisseur offrent une extraordinaire r\u00e9sistance et durabilit\u00e9 dans le temps.<\/p>\t\t\t\t\t\t\t\t<\/div>\n\t\t\t\t<\/div>\n\t\t\t\t<div class=\"elementor-element elementor-element-37aacd30 elementor-mobile-align-center elementor-widget elementor-widget-button\" data-id=\"37aacd30\" data-element_type=\"widget\" data-e-type=\"widget\" data-widget_type=\"button.default\">\n\t\t\t\t<div class=\"elementor-widget-container\">\n\t\t\t\t\t\t\t\t\t<div class=\"elementor-button-wrapper\">\n\t\t\t\t\t<a class=\"elementor-button elementor-button-link elementor-size-sm\" href=\"https:\/\/www.portovenere.fr\/fr-fr\/carrelage-sol-et-mur-en-gres-cerame-et-faience\/carrelage-aspect-pierre\/carrelage-aspect-pierre-contemporaine-veinee-lithos\/\">\n\t\t\t\t\t\t<span class=\"elementor-button-content-wrapper\">\n\t\t\t\t\t\t\t\t\t<span class=\"elementor-button-text\">Voir la collection<\/span>\n\t\t\t\t\t<\/span>\n\t\t\t\t\t<\/a>\n\t\t\t\t<\/div>\n\t\t\t\t\t\t\t\t<\/div>\n\t\t\t\t<\/div>\n\t\t\t\t\t<\/div>\n\t\t<\/div>\n\t\t\t\t\t<\/div>\n\t\t<\/section>\n\t\t\t\t\t<\/div>\n\t\t<\/div>\n\t\t\t\t\t<\/div>\n\t\t<\/section>\n\t\t\t\t<section class=\"elementor-section elementor-top-section elementor-element elementor-element-5270eb3b elementor-section-full_width elementor-section-height-default elementor-section-height-default elementor-invisible\" data-id=\"5270eb3b\" data-element_type=\"section\" data-e-type=\"section\" data-settings=\"{&quot;animation&quot;:&quot;fadeIn&quot;}\">\n\t\t\t\t\t\t<div class=\"elementor-container elementor-column-gap-default\">\n\t\t\t\t\t<div class=\"elementor-column elementor-col-33 elementor-top-column elementor-element elementor-element-87077e9\" data-id=\"87077e9\" data-element_type=\"column\" data-e-type=\"column\" data-settings=\"{&quot;background_background&quot;:&quot;classic&quot;}\">\n\t\t\t<div class=\"elementor-widget-wrap elementor-element-populated\">\n\t\t\t\t\t\t<div class=\"elementor-element elementor-element-5d5aa4c9 elementor-widget elementor-widget-image\" data-id=\"5d5aa4c9\" data-element_type=\"widget\" data-e-type=\"widget\" data-widget_type=\"image.default\">\n\t\t\t\t<div class=\"elementor-widget-container\">\n\t\t\t\t\t\t\t\t\t\t\t\t\t\t\t\t<a href=\"https:\/\/www.portovenere.fr\/fr-fr\/carrelage-sol-et-mur-en-gres-cerame-et-faience\/carrelage-aspect-pierre\/carrelage-effet-pierre-pour-interieur-et-exterieur-kaposano\/\">\n\t\t\t\t\t\t\t<img decoding=\"async\" src=\"https:\/\/www.portovenere.fr\/fr-fr\/wp-content\/uploads\/elementor\/thumbs\/Carrelage-salon-terrasse-80x80-cm-exterieur-et-interieur-KAPOSANO-coloris-LIGHT-pour-sols-et-murs-Porto_Venere_Montpellier-pres-de-Frontignan-34-rfps3gwghavklk3bziidr73qtxoytiirwwgtzwb1s0.jpg\" title=\"Carrelage-salon-terrasse-80&#215;80-cm-ext\u00e9rieur-et-int\u00e9rieur-KAPOSANO-coloris-LIGHT-pour-sols-et-murs-Porto_Venere_Montpellier-pr\u00e8s-de-Frontignan-34\" alt=\"Salon salle \u00e0 manger avec carrelage gr\u00e8s c\u00e9rame effet pierre travertin haut de gamme KAPOSANO magasin de carrelages et pierres naturelles PORTO VENERE MONTPELLIER dans l&#039;H\u00e9rault\" loading=\"lazy\" \/>\t\t\t\t\t\t\t\t<\/a>\n\t\t\t\t\t\t\t\t\t\t\t\t\t\t\t<\/div>\n\t\t\t\t<\/div>\n\t\t\t\t<div class=\"elementor-element elementor-element-20b44960 elementor-widget elementor-widget-heading\" data-id=\"20b44960\" data-element_type=\"widget\" data-e-type=\"widget\" data-widget_type=\"heading.default\">\n\t\t\t\t<div class=\"elementor-widget-container\">\n\t\t\t\t\t<h3 class=\"elementor-heading-title elementor-size-default\"><a href=\"https:\/\/www.portovenere.fr\/fr-fr\/carrelage-sol-et-mur-en-gres-cerame-et-faience\/carrelage-aspect-pierre\/carrelage-effet-pierre-pour-interieur-et-exterieur-kaposano\/pierre\/carrelage-clair-en-gres-cerame-ozigua\/\">KAPOSANO | 3 coloris &amp; D\u00e9cors<\/a><\/h3>\t\t\t\t<\/div>\n\t\t\t\t<\/div>\n\t\t\t\t<div class=\"elementor-element elementor-element-44d43d9 elementor-widget__width-initial elementor-widget elementor-widget-gallery\" data-id=\"44d43d9\" data-element_type=\"widget\" data-e-type=\"widget\" data-settings=\"{&quot;gap&quot;:{&quot;unit&quot;:&quot;px&quot;,&quot;size&quot;:3,&quot;sizes&quot;:[]},&quot;columns_mobile&quot;:3,&quot;gap_mobile&quot;:{&quot;unit&quot;:&quot;px&quot;,&quot;size&quot;:6,&quot;sizes&quot;:[]},&quot;columns&quot;:5,&quot;columns_tablet&quot;:5,&quot;gap_tablet&quot;:{&quot;unit&quot;:&quot;px&quot;,&quot;size&quot;:5,&quot;sizes&quot;:[]},&quot;lazyload&quot;:&quot;yes&quot;,&quot;gallery_layout&quot;:&quot;grid&quot;,&quot;link_to&quot;:&quot;file&quot;,&quot;aspect_ratio&quot;:&quot;3:2&quot;,&quot;overlay_background&quot;:&quot;yes&quot;,&quot;content_hover_animation&quot;:&quot;fade-in&quot;}\" data-widget_type=\"gallery.default\">\n\t\t\t\t<div class=\"elementor-widget-container\">\n\t\t\t\t\t\t\t<div class=\"elementor-gallery__container\">\n\t\t\t\t\t\t\t<a class=\"e-gallery-item elementor-gallery-item elementor-animated-content\" href=\"https:\/\/www.portovenere.fr\/fr-fr\/wp-content\/uploads\/2025\/12\/Carrelage-en-gres-cerame-exterieur-et-interieur-KAPOSANO-coloris-NUT-pour-sols-et-murs-magasin-carrelage-haut-de-gamme-Porto_Venere_Montpellier-pres-de-Saint-Gely-du-Fesc-34.jpg\" data-elementor-open-lightbox=\"yes\" data-elementor-lightbox-slideshow=\"44d43d9\" data-elementor-lightbox-title=\"Carrelage-en-gr\u00e8s-c\u00e9rame-ext\u00e9rieur-et-int\u00e9rieur-KAPOSANO-coloris-NUT-pour-sols-et-murs-magasin-carrelage-haut-de-gamme-Porto_Venere_Montpellier-pr\u00e8s-de-Saint-G\u00e9ly-du-Fesc-34\" data-e-action-hash=\"#elementor-action%3Aaction%3Dlightbox%26settings%3DeyJpZCI6Njc4NzIsInVybCI6Imh0dHBzOlwvXC93d3cucG9ydG92ZW5lcmUuZnJcL2ZyLWZyXC93cC1jb250ZW50XC91cGxvYWRzXC8yMDI1XC8xMlwvQ2FycmVsYWdlLWVuLWdyZXMtY2VyYW1lLWV4dGVyaWV1ci1ldC1pbnRlcmlldXItS0FQT1NBTk8tY29sb3Jpcy1OVVQtcG91ci1zb2xzLWV0LW11cnMtbWFnYXNpbi1jYXJyZWxhZ2UtaGF1dC1kZS1nYW1tZS1Qb3J0b19WZW5lcmVfTW9udHBlbGxpZXItcHJlcy1kZS1TYWludC1HZWx5LWR1LUZlc2MtMzQuanBnIiwic2xpZGVzaG93IjoiNDRkNDNkOSJ9\">\n\t\t\t\t\t<div class=\"e-gallery-image elementor-gallery-item__image\" data-thumbnail=\"https:\/\/www.portovenere.fr\/fr-fr\/wp-content\/uploads\/2025\/12\/Carrelage-en-gres-cerame-exterieur-et-interieur-KAPOSANO-coloris-NUT-pour-sols-et-murs-magasin-carrelage-haut-de-gamme-Porto_Venere_Montpellier-pres-de-Saint-Gely-du-Fesc-34-150x150.jpg\" data-width=\"150\" data-height=\"150\" aria-label=\"Carrelage gr\u00e8s c\u00e9rame effet pierre travertin haut de gamme KAPOSANO magasin de carrelages et pierres naturelles PORTO VENERE MONTPELLIER dans l&#039;H\u00e9rault\" role=\"img\" ><\/div>\n\t\t\t\t\t\t\t\t\t\t\t<div class=\"elementor-gallery-item__overlay\"><\/div>\n\t\t\t\t\t\t\t\t\t\t\t\t\t\t<\/a>\n\t\t\t\t\t\t\t<a class=\"e-gallery-item elementor-gallery-item elementor-animated-content\" href=\"https:\/\/www.portovenere.fr\/fr-fr\/wp-content\/uploads\/2025\/12\/Carrelage-en-gres-cerame-exterieur-et-interieur-KAPOSANO-coloris-LIGHT-pour-sols-et-murs-magasin-carrelage-haut-de-gamme-Porto_Venere_Montpellier-pres-de-Palavas-34.jpg\" data-elementor-open-lightbox=\"yes\" data-elementor-lightbox-slideshow=\"44d43d9\" data-elementor-lightbox-title=\"Carrelage-en-gr\u00e8s-c\u00e9rame-ext\u00e9rieur-et-int\u00e9rieur-KAPOSANO-coloris-LIGHT-pour-sols-et-murs-magasin-carrelage-haut-de-gamme-Porto_Venere_Montpellier-pr\u00e8s-de-Palavas-34\" data-e-action-hash=\"#elementor-action%3Aaction%3Dlightbox%26settings%3DeyJpZCI6Njc4NzEsInVybCI6Imh0dHBzOlwvXC93d3cucG9ydG92ZW5lcmUuZnJcL2ZyLWZyXC93cC1jb250ZW50XC91cGxvYWRzXC8yMDI1XC8xMlwvQ2FycmVsYWdlLWVuLWdyZXMtY2VyYW1lLWV4dGVyaWV1ci1ldC1pbnRlcmlldXItS0FQT1NBTk8tY29sb3Jpcy1MSUdIVC1wb3VyLXNvbHMtZXQtbXVycy1tYWdhc2luLWNhcnJlbGFnZS1oYXV0LWRlLWdhbW1lLVBvcnRvX1ZlbmVyZV9Nb250cGVsbGllci1wcmVzLWRlLVBhbGF2YXMtMzQuanBnIiwic2xpZGVzaG93IjoiNDRkNDNkOSJ9\">\n\t\t\t\t\t<div class=\"e-gallery-image elementor-gallery-item__image\" data-thumbnail=\"https:\/\/www.portovenere.fr\/fr-fr\/wp-content\/uploads\/2025\/12\/Carrelage-en-gres-cerame-exterieur-et-interieur-KAPOSANO-coloris-LIGHT-pour-sols-et-murs-magasin-carrelage-haut-de-gamme-Porto_Venere_Montpellier-pres-de-Palavas-34-150x150.jpg\" data-width=\"150\" data-height=\"150\" aria-label=\"Carrelage gr\u00e8s c\u00e9rame effet pierre travertin haut de gamme KAPOSANO magasin de carrelages et pierres naturelles PORTO VENERE MONTPELLIER dans l&#039;H\u00e9rault\" role=\"img\" ><\/div>\n\t\t\t\t\t\t\t\t\t\t\t<div class=\"elementor-gallery-item__overlay\"><\/div>\n\t\t\t\t\t\t\t\t\t\t\t\t\t\t<\/a>\n\t\t\t\t\t\t\t<a class=\"e-gallery-item elementor-gallery-item elementor-animated-content\" href=\"https:\/\/www.portovenere.fr\/fr-fr\/wp-content\/uploads\/2025\/12\/Carrelage-en-gres-cerame-exterieur-et-interieur-KAPOSANO-coloris-IVORY-pour-sols-et-murs-magasin-carrelage-haut-de-gamme-Porto_Venere_Montpellier-pres-de-Clapiers-34.jpg\" data-elementor-open-lightbox=\"yes\" data-elementor-lightbox-slideshow=\"44d43d9\" data-elementor-lightbox-title=\"Carrelage-en-gr\u00e8s-c\u00e9rame-ext\u00e9rieur-et-int\u00e9rieur-KAPOSANO-coloris-IVORY-pour-sols-et-murs-magasin-carrelage-haut-de-gamme-Porto_Venere_Montpellier-pr\u00e8s-de-Clapiers-34\" data-e-action-hash=\"#elementor-action%3Aaction%3Dlightbox%26settings%3DeyJpZCI6Njc4NzAsInVybCI6Imh0dHBzOlwvXC93d3cucG9ydG92ZW5lcmUuZnJcL2ZyLWZyXC93cC1jb250ZW50XC91cGxvYWRzXC8yMDI1XC8xMlwvQ2FycmVsYWdlLWVuLWdyZXMtY2VyYW1lLWV4dGVyaWV1ci1ldC1pbnRlcmlldXItS0FQT1NBTk8tY29sb3Jpcy1JVk9SWS1wb3VyLXNvbHMtZXQtbXVycy1tYWdhc2luLWNhcnJlbGFnZS1oYXV0LWRlLWdhbW1lLVBvcnRvX1ZlbmVyZV9Nb250cGVsbGllci1wcmVzLWRlLUNsYXBpZXJzLTM0LmpwZyIsInNsaWRlc2hvdyI6IjQ0ZDQzZDkifQ%3D%3D\">\n\t\t\t\t\t<div class=\"e-gallery-image elementor-gallery-item__image\" data-thumbnail=\"https:\/\/www.portovenere.fr\/fr-fr\/wp-content\/uploads\/2025\/12\/Carrelage-en-gres-cerame-exterieur-et-interieur-KAPOSANO-coloris-IVORY-pour-sols-et-murs-magasin-carrelage-haut-de-gamme-Porto_Venere_Montpellier-pres-de-Clapiers-34-150x150.jpg\" data-width=\"150\" data-height=\"150\" aria-label=\"Carrelage gr\u00e8s c\u00e9rame effet pierre travertin haut de gamme KAPOSANO magasin de carrelages et pierres naturelles PORTO VENERE MONTPELLIER dans l&#039;H\u00e9rault\" role=\"img\" ><\/div>\n\t\t\t\t\t\t\t\t\t\t\t<div class=\"elementor-gallery-item__overlay\"><\/div>\n\t\t\t\t\t\t\t\t\t\t\t\t\t\t<\/a>\n\t\t\t\t\t\t\t<a class=\"e-gallery-item elementor-gallery-item elementor-animated-content\" href=\"https:\/\/www.portovenere.fr\/fr-fr\/wp-content\/uploads\/2025\/12\/Carrelage-mural-a-relief-strie-KAPOSANO-decor-PLISSE-60x120-cm-3-coloris-teinets-naturelles-magasin-PORTO-VENERE-MONTPELLEIR-pres-de-Jacou-34.png\" data-elementor-open-lightbox=\"yes\" data-elementor-lightbox-slideshow=\"44d43d9\" data-elementor-lightbox-title=\"Carrelage mural \u00e0 relief stri\u00e9 KAPOSANO d\u00e9cor PLISS\u00c9 60x120 cm 3 coloris teinets naturelles magasin PORTO VENERE MONTPELLEIR pr\u00e8s de Jacou 34\" data-e-action-hash=\"#elementor-action%3Aaction%3Dlightbox%26settings%3DeyJpZCI6Njc4NjUsInVybCI6Imh0dHBzOlwvXC93d3cucG9ydG92ZW5lcmUuZnJcL2ZyLWZyXC93cC1jb250ZW50XC91cGxvYWRzXC8yMDI1XC8xMlwvQ2FycmVsYWdlLW11cmFsLWEtcmVsaWVmLXN0cmllLUtBUE9TQU5PLWRlY29yLVBMSVNTRS02MHgxMjAtY20tMy1jb2xvcmlzLXRlaW5ldHMtbmF0dXJlbGxlcy1tYWdhc2luLVBPUlRPLVZFTkVSRS1NT05UUEVMTEVJUi1wcmVzLWRlLUphY291LTM0LnBuZyIsInNsaWRlc2hvdyI6IjQ0ZDQzZDkifQ%3D%3D\">\n\t\t\t\t\t<div class=\"e-gallery-image elementor-gallery-item__image\" data-thumbnail=\"https:\/\/www.portovenere.fr\/fr-fr\/wp-content\/uploads\/2025\/12\/Carrelage-mural-a-relief-strie-KAPOSANO-decor-PLISSE-60x120-cm-3-coloris-teinets-naturelles-magasin-PORTO-VENERE-MONTPELLEIR-pres-de-Jacou-34-150x150.png\" data-width=\"150\" data-height=\"150\" aria-label=\"Carrelage gr\u00e8s c\u00e9rame effet pierre travertin haut de gamme KAPOSANO magasin de carrelages et pierres naturelles PORTO VENERE MONTPELLIER dans l&#039;H\u00e9rault\" role=\"img\" ><\/div>\n\t\t\t\t\t\t\t\t\t\t\t<div class=\"elementor-gallery-item__overlay\"><\/div>\n\t\t\t\t\t\t\t\t\t\t\t\t\t\t<\/a>\n\t\t\t\t\t\t\t<a class=\"e-gallery-item elementor-gallery-item elementor-animated-content\" href=\"https:\/\/www.portovenere.fr\/fr-fr\/wp-content\/uploads\/2025\/12\/Carrelage-mural-a-relief-strie-KAPOSANO-decor-GRID-60x120-cm-3-coloris-teinets-naturelles-magasin-PORTO-VENERE-MONTPELLEIR-pres-de-Perols-34.png\" data-elementor-open-lightbox=\"yes\" data-elementor-lightbox-slideshow=\"44d43d9\" data-elementor-lightbox-title=\"Carrelage mural \u00e0 relief stri\u00e9 KAPOSANO d\u00e9cor GRID 60x120 cm 3 coloris teinets naturelles magasin PORTO VENERE MONTPELLEIR pr\u00e8s de P\u00e9rols 34\" data-e-action-hash=\"#elementor-action%3Aaction%3Dlightbox%26settings%3DeyJpZCI6Njc4NjQsInVybCI6Imh0dHBzOlwvXC93d3cucG9ydG92ZW5lcmUuZnJcL2ZyLWZyXC93cC1jb250ZW50XC91cGxvYWRzXC8yMDI1XC8xMlwvQ2FycmVsYWdlLW11cmFsLWEtcmVsaWVmLXN0cmllLUtBUE9TQU5PLWRlY29yLUdSSUQtNjB4MTIwLWNtLTMtY29sb3Jpcy10ZWluZXRzLW5hdHVyZWxsZXMtbWFnYXNpbi1QT1JUTy1WRU5FUkUtTU9OVFBFTExFSVItcHJlcy1kZS1QZXJvbHMtMzQucG5nIiwic2xpZGVzaG93IjoiNDRkNDNkOSJ9\">\n\t\t\t\t\t<div class=\"e-gallery-image elementor-gallery-item__image\" data-thumbnail=\"https:\/\/www.portovenere.fr\/fr-fr\/wp-content\/uploads\/2025\/12\/Carrelage-mural-a-relief-strie-KAPOSANO-decor-GRID-60x120-cm-3-coloris-teinets-naturelles-magasin-PORTO-VENERE-MONTPELLEIR-pres-de-Perols-34-150x150.png\" data-width=\"150\" data-height=\"150\" aria-label=\"Carrelage gr\u00e8s c\u00e9rame effet pierre travertin haut de gamme KAPOSANO magasin de carrelages et pierres naturelles PORTO VENERE MONTPELLIER dans l&#039;H\u00e9rault\" role=\"img\" ><\/div>\n\t\t\t\t\t\t\t\t\t\t\t<div class=\"elementor-gallery-item__overlay\"><\/div>\n\t\t\t\t\t\t\t\t\t\t\t\t\t\t<\/a>\n\t\t\t\t\t<\/div>\n\t\t\t\t\t<\/div>\n\t\t\t\t<\/div>\n\t\t\t\t<div class=\"elementor-element elementor-element-554d229 elementor-widget elementor-widget-text-editor\" data-id=\"554d229\" data-element_type=\"widget\" data-e-type=\"widget\" data-widget_type=\"text-editor.default\">\n\t\t\t\t<div class=\"elementor-widget-container\">\n\t\t\t\t\t\t\t\t\t<p data-start=\"184\" data-end=\"483\">La collection <strong data-start=\"2569\" data-end=\"2581\">KAPOSANO<\/strong> revisite l\u2019\u00e9l\u00e9gance naturelle du travertin avec des surfaces lumineuses et authentiques.\u00a0<\/p><p data-start=\"184\" data-end=\"483\">D\u00e9clin\u00e9e en <strong data-start=\"2683\" data-end=\"2692\">Light<\/strong>, <strong data-start=\"2694\" data-end=\"2703\">Ivory<\/strong> et <strong data-start=\"2707\" data-end=\"2714\">Nut<\/strong>, elle offre un r\u00e9alisme graphique remarquable. Ses formats, du <strong data-start=\"2778\" data-end=\"2792\">120&#215;278 cm<\/strong> au <strong data-start=\"2796\" data-end=\"2808\">30&#215;60 cm<\/strong>, ainsi que ses mosa\u00efques et ses d\u00e9cors structur\u00e9s <strong data-start=\"2859\" data-end=\"2869\">Pliss\u00e9<\/strong> et <strong data-start=\"2873\" data-end=\"2881\">Grid<\/strong>, permettent de cr\u00e9er des espaces harmonieux et expressifs.\u00a0<\/p><p data-start=\"184\" data-end=\"483\">Adapt\u00e9e \u00e0 l\u2019int\u00e9rieur comme \u00e0 l\u2019ext\u00e9rieur, KAPOSANO propose des finitions techniques <strong data-start=\"3026\" data-end=\"3034\">Grip<\/strong> et <strong data-start=\"3038\" data-end=\"3053\">20 mm R11 C<\/strong>, parfaites pour terrasses et zones humides.<\/p><p data-start=\"184\" data-end=\"483\">\u00a0Un carrelage polyvalent, contemporain et durable, id\u00e9al pour donner caract\u00e8re et sophistication \u00e0 tout projet architectural.<\/p>\t\t\t\t\t\t\t\t<\/div>\n\t\t\t\t<\/div>\n\t\t\t\t<div class=\"elementor-element elementor-element-4fc5940a elementor-mobile-align-center elementor-align-left elementor-widget elementor-widget-button\" data-id=\"4fc5940a\" data-element_type=\"widget\" data-e-type=\"widget\" data-widget_type=\"button.default\">\n\t\t\t\t<div class=\"elementor-widget-container\">\n\t\t\t\t\t\t\t\t\t<div class=\"elementor-button-wrapper\">\n\t\t\t\t\t<a class=\"elementor-button elementor-button-link elementor-size-sm\" href=\"https:\/\/www.portovenere.fr\/fr-fr\/carrelage-sol-et-mur-en-gres-cerame-et-faience\/carrelage-aspect-pierre\/carrelage-effet-pierre-pour-interieur-et-exterieur-kaposano\/\">\n\t\t\t\t\t\t<span class=\"elementor-button-content-wrapper\">\n\t\t\t\t\t\t\t\t\t<span class=\"elementor-button-text\">Voir la collection<\/span>\n\t\t\t\t\t<\/span>\n\t\t\t\t\t<\/a>\n\t\t\t\t<\/div>\n\t\t\t\t\t\t\t\t<\/div>\n\t\t\t\t<\/div>\n\t\t\t\t\t<\/div>\n\t\t<\/div>\n\t\t\t\t<div class=\"elementor-column elementor-col-33 elementor-top-column elementor-element elementor-element-4371846f\" data-id=\"4371846f\" data-element_type=\"column\" data-e-type=\"column\" data-settings=\"{&quot;background_background&quot;:&quot;classic&quot;}\">\n\t\t\t<div class=\"elementor-widget-wrap elementor-element-populated\">\n\t\t\t\t\t\t<div class=\"elementor-element elementor-element-79fc90a elementor-widget elementor-widget-image\" data-id=\"79fc90a\" data-element_type=\"widget\" data-e-type=\"widget\" data-widget_type=\"image.default\">\n\t\t\t\t<div class=\"elementor-widget-container\">\n\t\t\t\t\t\t\t\t\t\t\t\t\t\t\t\t<a href=\"https:\/\/www.portovenere.fr\/fr-fr\/carrelage-sol-et-mur-en-gres-cerame-et-faience\/carrelage-aspect-marbre\/carrelage-gres-cerame-effet-onyx-paradigme\/\">\n\t\t\t\t\t\t\t<img decoding=\"async\" src=\"https:\/\/www.portovenere.fr\/fr-fr\/wp-content\/uploads\/elementor\/thumbs\/Carrelage-haut-de-gamme-gres-cerame-fine-epaisseur-6mm-effet-onyx-Paradigme-Almond-et-Caramel-maxi-format-hotel-proche-de-Annecy-74-r8ifnl3vjltx6ektzsbj33hb837ro02ezxrihsm3vc.jpg\" title=\"Carrelage-haut-de-gamme-gr\u00e8s-c\u00e9rame-fine-\u00e9paisseur-6mm-effet-onyx-Paradigme-Almond-et-Caramel-maxi-format-h\u00f4tel-proche-de-Annecy-74\" alt=\"Carrelage-haut-de-gamme-gr\u00e8s-c\u00e9rame-fine-\u00e9paisseur-6mm-effet-onyx-Paradigme-Almond-et-Caramel-maxi-format-h\u00f4tel-proche-de-Annecy-74\" loading=\"lazy\" \/>\t\t\t\t\t\t\t\t<\/a>\n\t\t\t\t\t\t\t\t\t\t\t\t\t\t\t<\/div>\n\t\t\t\t<\/div>\n\t\t\t\t<div class=\"elementor-element elementor-element-7c9a6091 elementor-widget elementor-widget-heading\" data-id=\"7c9a6091\" data-element_type=\"widget\" data-e-type=\"widget\" data-widget_type=\"heading.default\">\n\t\t\t\t<div class=\"elementor-widget-container\">\n\t\t\t\t\t<h3 class=\"elementor-heading-title elementor-size-default\"><a href=\"https:\/\/www.portovenere.fr\/fr-fr\/carrelage-sol-et-mur-en-gres-cerame-et-faience\/carrelage-aspect-marbre\/carrelage-gres-cerame-effet-onyx-paradigme\/\">PARADIGME | 6 coloris &amp; 1 d\u00e9cor<\/a><\/h3>\t\t\t\t<\/div>\n\t\t\t\t<\/div>\n\t\t\t\t<div class=\"elementor-element elementor-element-6d7d40f6 elementor-widget__width-initial elementor-widget elementor-widget-gallery\" data-id=\"6d7d40f6\" data-element_type=\"widget\" data-e-type=\"widget\" data-settings=\"{&quot;gap&quot;:{&quot;unit&quot;:&quot;px&quot;,&quot;size&quot;:3,&quot;sizes&quot;:[]},&quot;columns_mobile&quot;:3,&quot;gap_mobile&quot;:{&quot;unit&quot;:&quot;px&quot;,&quot;size&quot;:6,&quot;sizes&quot;:[]},&quot;columns&quot;:5,&quot;columns_tablet&quot;:3,&quot;gap_tablet&quot;:{&quot;unit&quot;:&quot;px&quot;,&quot;size&quot;:5,&quot;sizes&quot;:[]},&quot;lazyload&quot;:&quot;yes&quot;,&quot;gallery_layout&quot;:&quot;grid&quot;,&quot;aspect_ratio&quot;:&quot;3:2&quot;,&quot;overlay_background&quot;:&quot;yes&quot;,&quot;content_hover_animation&quot;:&quot;fade-in&quot;}\" data-widget_type=\"gallery.default\">\n\t\t\t\t<div class=\"elementor-widget-container\">\n\t\t\t\t\t\t\t<div class=\"elementor-gallery__container\">\n\t\t\t\t\t\t\t<div class=\"e-gallery-item elementor-gallery-item elementor-animated-content\">\n\t\t\t\t\t<div class=\"e-gallery-image elementor-gallery-item__image\" data-thumbnail=\"https:\/\/www.portovenere.fr\/fr-fr\/wp-content\/uploads\/2024\/10\/Carrelage-gres-cerame-Onyx-vert-haut-de-gamme-Paradigme-Mint-effet-marbre-pour-sol-et-mur-proche-de-Castelnau-le-lez-Herault-34-150x150.jpg\" data-width=\"150\" data-height=\"150\" aria-label=\"\" role=\"img\" ><\/div>\n\t\t\t\t\t\t\t\t\t\t\t<div class=\"elementor-gallery-item__overlay\"><\/div>\n\t\t\t\t\t\t\t\t\t\t\t\t\t\t<\/div>\n\t\t\t\t\t\t\t<div class=\"e-gallery-item elementor-gallery-item elementor-animated-content\">\n\t\t\t\t\t<div class=\"e-gallery-image elementor-gallery-item__image\" data-thumbnail=\"https:\/\/www.portovenere.fr\/fr-fr\/wp-content\/uploads\/2024\/10\/Carrelage-gres-cerame-Onyx-noir-velour-Paradigme-black-effet-marbre-pour-sol-et-mur-proche-de-Clapiers-Herault-34-150x150.jpg\" data-width=\"150\" data-height=\"150\" aria-label=\"\" role=\"img\" ><\/div>\n\t\t\t\t\t\t\t\t\t\t\t<div class=\"elementor-gallery-item__overlay\"><\/div>\n\t\t\t\t\t\t\t\t\t\t\t\t\t\t<\/div>\n\t\t\t\t\t\t\t<div class=\"e-gallery-item elementor-gallery-item elementor-animated-content\">\n\t\t\t\t\t<div class=\"e-gallery-image elementor-gallery-item__image\" data-thumbnail=\"https:\/\/www.portovenere.fr\/fr-fr\/wp-content\/uploads\/2024\/10\/Carrelage-gres-cerame-Onyx-blanc-creme-velour-Paradigme-White-pour-sol-et-mur-proche-de-Sete-Herault-34-1-150x150.jpg\" data-width=\"150\" data-height=\"150\" aria-label=\"\" role=\"img\" ><\/div>\n\t\t\t\t\t\t\t\t\t\t\t<div class=\"elementor-gallery-item__overlay\"><\/div>\n\t\t\t\t\t\t\t\t\t\t\t\t\t\t<\/div>\n\t\t\t\t\t\t\t<div class=\"e-gallery-item elementor-gallery-item elementor-animated-content\">\n\t\t\t\t\t<div class=\"e-gallery-image elementor-gallery-item__image\" data-thumbnail=\"https:\/\/www.portovenere.fr\/fr-fr\/wp-content\/uploads\/2024\/10\/Carrelage-gres-cerame-Onyx-effet-marbre-haut-de-gamme-Paradigme-Caramel-pour-sol-et-mur-proche-de-Saint-Clement-de-Riviere-Herault-34-150x150.jpg\" data-width=\"150\" data-height=\"150\" aria-label=\"\" role=\"img\" ><\/div>\n\t\t\t\t\t\t\t\t\t\t\t<div class=\"elementor-gallery-item__overlay\"><\/div>\n\t\t\t\t\t\t\t\t\t\t\t\t\t\t<\/div>\n\t\t\t\t\t\t\t<div class=\"e-gallery-item elementor-gallery-item elementor-animated-content\">\n\t\t\t\t\t<div class=\"e-gallery-image elementor-gallery-item__image\" data-thumbnail=\"https:\/\/www.portovenere.fr\/fr-fr\/wp-content\/uploads\/2024\/10\/Carrelage-gres-cerame-Onyx-haut-de-gamme-Paradigme-Sage-effet-marbre-pour-sol-et-mur-proche-de-Agde-Herault-34-150x150.jpg\" data-width=\"150\" data-height=\"150\" aria-label=\"\" role=\"img\" ><\/div>\n\t\t\t\t\t\t\t\t\t\t\t<div class=\"elementor-gallery-item__overlay\"><\/div>\n\t\t\t\t\t\t\t\t\t\t\t\t\t\t<\/div>\n\t\t\t\t\t\t\t<div class=\"e-gallery-item elementor-gallery-item elementor-animated-content\">\n\t\t\t\t\t<div class=\"e-gallery-image elementor-gallery-item__image\" data-thumbnail=\"https:\/\/www.portovenere.fr\/fr-fr\/wp-content\/uploads\/2024\/10\/Carrelage-gres-cerame-Onyx-effet-marbre-haut-de-gamme-Paradigme-Almond-pour-sol-et-mur-proche-de-Pezenas-Herault-34-150x150.jpg\" data-width=\"150\" data-height=\"150\" aria-label=\"\" role=\"img\" ><\/div>\n\t\t\t\t\t\t\t\t\t\t\t<div class=\"elementor-gallery-item__overlay\"><\/div>\n\t\t\t\t\t\t\t\t\t\t\t\t\t\t<\/div>\n\t\t\t\t\t\t\t<div class=\"e-gallery-item elementor-gallery-item elementor-animated-content\">\n\t\t\t\t\t<div class=\"e-gallery-image elementor-gallery-item__image\" data-thumbnail=\"https:\/\/www.portovenere.fr\/fr-fr\/wp-content\/uploads\/2024\/10\/Carrelage-fine-epaisseur-26x26-cm-effet-marbre-blanc-et-noir-decor-Charm-Paradigme-pres-de-Bouzigues-34-150x150.jpg\" data-width=\"150\" data-height=\"150\" aria-label=\"\" role=\"img\" ><\/div>\n\t\t\t\t\t\t\t\t\t\t\t<div class=\"elementor-gallery-item__overlay\"><\/div>\n\t\t\t\t\t\t\t\t\t\t\t\t\t\t<\/div>\n\t\t\t\t\t<\/div>\n\t\t\t\t\t<\/div>\n\t\t\t\t<\/div>\n\t\t\t\t<div class=\"elementor-element elementor-element-1c9c836d elementor-widget elementor-widget-text-editor\" data-id=\"1c9c836d\" data-element_type=\"widget\" data-e-type=\"widget\" data-widget_type=\"text-editor.default\">\n\t\t\t\t<div class=\"elementor-widget-container\">\n\t\t\t\t\t\t\t\t\t<p>Ce<b>\u00a0carrelage\u00a0gr\u00e8s c\u00e9rame<\/b>\u00a0effet Onyx est con\u00e7u pour une\u00a0<b>pose murale\u00a0<\/b>mais aussi une<b>\u00a0pose au sol\u00a0<\/b>gr\u00e2ce \u00e0 ses\u00a0<b>deux finitions :<\/b>\u00a0Glossy\u00a0<b>Brillant\u00a0<\/b>et\u00a0<b>Comfort R10 PTV.<\/b><\/p><p>Ce<b>\u00a0<\/b>gr\u00e8s c\u00e9rame de\u00a0<b>haut qualit\u00e9<\/b>\u00a0propose\u00a0<b>6\u00a0coloris<\/b>\u00a0<b>intenses\u00a0<\/b>: blanc (cloudy white), noir (smoky black), caramel, sage, menthe (mint), amande (almond).<\/p><p>La collection Paradigme propose des<b>\u00a0formats en fine \u00e9paisseur de 6 mm<\/b>\u00a0: <b>maxi format XXL 120 x 280 cm, 120 x 240 cm, 120 x120 cm<\/b>, 60 x120 cm en\u00a0<b>finition brillante<\/b>.\u00a0<\/p><p>Une\u00a0\u00e9paisseur de 9 mm\u00a0est propos\u00e9e en format 80 x 180 cm brillant et 60 x 120 cm en brillant mais aussi en\u00a0finition Comfort qui assure une r\u00e9sistance au glissement.<\/p>\t\t\t\t\t\t\t\t<\/div>\n\t\t\t\t<\/div>\n\t\t\t\t<div class=\"elementor-element elementor-element-22286be3 elementor-mobile-align-center elementor-align-left elementor-widget elementor-widget-button\" data-id=\"22286be3\" data-element_type=\"widget\" data-e-type=\"widget\" data-widget_type=\"button.default\">\n\t\t\t\t<div class=\"elementor-widget-container\">\n\t\t\t\t\t\t\t\t\t<div class=\"elementor-button-wrapper\">\n\t\t\t\t\t<a class=\"elementor-button elementor-button-link elementor-size-sm\" href=\"https:\/\/www.portovenere.fr\/fr-fr\/carrelage-sol-et-mur-en-gres-cerame-et-faience\/carrelage-aspect-marbre\/carrelage-gres-cerame-effet-onyx-paradigme\/\">\n\t\t\t\t\t\t<span class=\"elementor-button-content-wrapper\">\n\t\t\t\t\t\t\t\t\t<span class=\"elementor-button-text\">Voir la collection<\/span>\n\t\t\t\t\t<\/span>\n\t\t\t\t\t<\/a>\n\t\t\t\t<\/div>\n\t\t\t\t\t\t\t\t<\/div>\n\t\t\t\t<\/div>\n\t\t\t\t\t<\/div>\n\t\t<\/div>\n\t\t\t\t<div class=\"elementor-column elementor-col-33 elementor-top-column elementor-element elementor-element-74a790e8 elementor-invisible\" data-id=\"74a790e8\" data-element_type=\"column\" data-e-type=\"column\" data-settings=\"{&quot;animation&quot;:&quot;fadeIn&quot;,&quot;background_background&quot;:&quot;classic&quot;}\">\n\t\t\t<div class=\"elementor-widget-wrap elementor-element-populated\">\n\t\t\t\t\t\t<div class=\"elementor-element elementor-element-1237314a elementor-widget elementor-widget-image\" data-id=\"1237314a\" data-element_type=\"widget\" data-e-type=\"widget\" data-widget_type=\"image.default\">\n\t\t\t\t<div class=\"elementor-widget-container\">\n\t\t\t\t\t\t\t\t\t\t\t\t\t\t\t\t<a href=\"https:\/\/www.portovenere.fr\/fr-fr\/carrelage-sol-et-mur-en-gres-cerame-et-faience\/carrelage-contemporain-et-design\/carrelage-contemporain-aspect-beton-galicia\/\">\n\t\t\t\t\t\t\t<img loading=\"lazy\" decoding=\"async\" width=\"768\" height=\"512\" src=\"https:\/\/www.portovenere.fr\/fr-fr\/wp-content\/uploads\/2019\/07\/Galicia_Light_Mur_Boutique-home-768x512.jpg\" class=\"attachment-medium_large size-medium_large wp-image-9911\" alt=\"\" srcset=\"https:\/\/www.portovenere.fr\/fr-fr\/wp-content\/uploads\/2019\/07\/Galicia_Light_Mur_Boutique-home-768x512.jpg 768w, https:\/\/www.portovenere.fr\/fr-fr\/wp-content\/uploads\/2019\/07\/Galicia_Light_Mur_Boutique-home-300x200.jpg 300w, https:\/\/www.portovenere.fr\/fr-fr\/wp-content\/uploads\/2019\/07\/Galicia_Light_Mur_Boutique-home-1024x683.jpg 1024w, https:\/\/www.portovenere.fr\/fr-fr\/wp-content\/uploads\/2019\/07\/Galicia_Light_Mur_Boutique-home.jpg 1500w\" sizes=\"(max-width: 768px) 100vw, 768px\" \/>\t\t\t\t\t\t\t\t<\/a>\n\t\t\t\t\t\t\t\t\t\t\t\t\t\t\t<\/div>\n\t\t\t\t<\/div>\n\t\t\t\t<section class=\"elementor-section elementor-inner-section elementor-element elementor-element-7a43cdd0 elementor-section-boxed elementor-section-height-default elementor-section-height-default elementor-invisible\" data-id=\"7a43cdd0\" data-element_type=\"section\" data-e-type=\"section\" data-settings=\"{&quot;background_background&quot;:&quot;classic&quot;,&quot;animation&quot;:&quot;fadeIn&quot;}\">\n\t\t\t\t\t\t<div class=\"elementor-container elementor-column-gap-default\">\n\t\t\t\t\t<div class=\"elementor-column elementor-col-100 elementor-inner-column elementor-element elementor-element-115b0200\" data-id=\"115b0200\" data-element_type=\"column\" data-e-type=\"column\">\n\t\t\t<div class=\"elementor-widget-wrap elementor-element-populated\">\n\t\t\t\t\t\t<div class=\"elementor-element elementor-element-732e8fb5 elementor-widget elementor-widget-heading\" data-id=\"732e8fb5\" data-element_type=\"widget\" data-e-type=\"widget\" data-widget_type=\"heading.default\">\n\t\t\t\t<div class=\"elementor-widget-container\">\n\t\t\t\t\t<h3 class=\"elementor-heading-title elementor-size-default\"><a href=\"https:\/\/www.portovenere.fr\/fr-fr\/carrelage-sol-et-mur-en-gres-cerame-et-faience\/carrelage-contemporain-et-design\/carrelage-contemporain-aspect-beton-galicia\/\">GALICIA | 2 coloris<\/a><\/h3>\t\t\t\t<\/div>\n\t\t\t\t<\/div>\n\t\t\t\t<div class=\"elementor-element elementor-element-3ddb2e7a elementor-widget__width-initial elementor-widget elementor-widget-gallery\" data-id=\"3ddb2e7a\" data-element_type=\"widget\" data-e-type=\"widget\" data-settings=\"{&quot;gap&quot;:{&quot;unit&quot;:&quot;px&quot;,&quot;size&quot;:3,&quot;sizes&quot;:[]},&quot;columns_mobile&quot;:3,&quot;gap_mobile&quot;:{&quot;unit&quot;:&quot;px&quot;,&quot;size&quot;:6,&quot;sizes&quot;:[]},&quot;columns&quot;:5,&quot;columns_tablet&quot;:3,&quot;gap_tablet&quot;:{&quot;unit&quot;:&quot;px&quot;,&quot;size&quot;:5,&quot;sizes&quot;:[]},&quot;lazyload&quot;:&quot;yes&quot;,&quot;gallery_layout&quot;:&quot;grid&quot;,&quot;aspect_ratio&quot;:&quot;3:2&quot;,&quot;overlay_background&quot;:&quot;yes&quot;,&quot;content_hover_animation&quot;:&quot;fade-in&quot;}\" data-widget_type=\"gallery.default\">\n\t\t\t\t<div class=\"elementor-widget-container\">\n\t\t\t\t\t\t\t<div class=\"elementor-gallery__container\">\n\t\t\t\t\t\t\t<div class=\"e-gallery-item elementor-gallery-item elementor-animated-content\">\n\t\t\t\t\t<div class=\"e-gallery-image elementor-gallery-item__image\" data-thumbnail=\"https:\/\/www.portovenere.fr\/fr-fr\/wp-content\/uploads\/2019\/07\/Galicia-Light-Naturel-150x150.jpg\" data-width=\"150\" data-height=\"150\" aria-label=\"\" role=\"img\" ><\/div>\n\t\t\t\t\t\t\t\t\t\t\t<div class=\"elementor-gallery-item__overlay\"><\/div>\n\t\t\t\t\t\t\t\t\t\t\t\t\t\t<\/div>\n\t\t\t\t\t\t\t<div class=\"e-gallery-item elementor-gallery-item elementor-animated-content\">\n\t\t\t\t\t<div class=\"e-gallery-image elementor-gallery-item__image\" data-thumbnail=\"https:\/\/www.portovenere.fr\/fr-fr\/wp-content\/uploads\/2019\/07\/Galicia-Cloud-naturel-150x150.jpg\" data-width=\"150\" data-height=\"150\" aria-label=\"\" role=\"img\" ><\/div>\n\t\t\t\t\t\t\t\t\t\t\t<div class=\"elementor-gallery-item__overlay\"><\/div>\n\t\t\t\t\t\t\t\t\t\t\t\t\t\t<\/div>\n\t\t\t\t\t<\/div>\n\t\t\t\t\t<\/div>\n\t\t\t\t<\/div>\n\t\t\t\t<div class=\"elementor-element elementor-element-6cad60a0 elementor-widget elementor-widget-text-editor\" data-id=\"6cad60a0\" data-element_type=\"widget\" data-e-type=\"widget\" data-widget_type=\"text-editor.default\">\n\t\t\t\t<div class=\"elementor-widget-container\">\n\t\t\t\t\t\t\t\t\t<p>Carrelage de sol et mur en gr\u00e8s c\u00e9rame aspect b\u00e9ton propos\u00e9 sous 2 coloris : Cloud (gris)&nbsp; et Light (beige). Grand choix de formats jusqu&rsquo;\u00e0 120x260cm. Finition int\u00e9rieure et ext\u00e9rieure.<\/p>\t\t\t\t\t\t\t\t<\/div>\n\t\t\t\t<\/div>\n\t\t\t\t<div class=\"elementor-element elementor-element-ecf64 elementor-mobile-align-center elementor-widget elementor-widget-button\" data-id=\"ecf64\" data-element_type=\"widget\" data-e-type=\"widget\" data-widget_type=\"button.default\">\n\t\t\t\t<div class=\"elementor-widget-container\">\n\t\t\t\t\t\t\t\t\t<div class=\"elementor-button-wrapper\">\n\t\t\t\t\t<a class=\"elementor-button elementor-button-link elementor-size-sm\" href=\"https:\/\/www.portovenere.fr\/fr-fr\/carrelage-sol-et-mur-en-gres-cerame-et-faience\/carrelage-contemporain-et-design\/carrelage-contemporain-aspect-beton-galicia\/\">\n\t\t\t\t\t\t<span class=\"elementor-button-content-wrapper\">\n\t\t\t\t\t\t\t\t\t<span class=\"elementor-button-text\">Voir la collection<\/span>\n\t\t\t\t\t<\/span>\n\t\t\t\t\t<\/a>\n\t\t\t\t<\/div>\n\t\t\t\t\t\t\t\t<\/div>\n\t\t\t\t<\/div>\n\t\t\t\t\t<\/div>\n\t\t<\/div>\n\t\t\t\t\t<\/div>\n\t\t<\/section>\n\t\t\t\t\t<\/div>\n\t\t<\/div>\n\t\t\t\t\t<\/div>\n\t\t<\/section>\n\t\t\t\t<section class=\"elementor-section elementor-top-section elementor-element elementor-element-1e94c47b elementor-section-full_width elementor-section-height-default elementor-section-height-default\" data-id=\"1e94c47b\" data-element_type=\"section\" data-e-type=\"section\">\n\t\t\t\t\t\t<div class=\"elementor-container elementor-column-gap-default\">\n\t\t\t\t\t<div class=\"elementor-column elementor-col-33 elementor-top-column elementor-element elementor-element-e5d9a11 elementor-invisible\" data-id=\"e5d9a11\" data-element_type=\"column\" data-e-type=\"column\" data-settings=\"{&quot;animation&quot;:&quot;fadeIn&quot;,&quot;background_background&quot;:&quot;classic&quot;}\">\n\t\t\t<div class=\"elementor-widget-wrap elementor-element-populated\">\n\t\t\t\t\t\t<div class=\"elementor-element elementor-element-a9a45d4 elementor-widget elementor-widget-image\" data-id=\"a9a45d4\" data-element_type=\"widget\" data-e-type=\"widget\" data-widget_type=\"image.default\">\n\t\t\t\t<div class=\"elementor-widget-container\">\n\t\t\t\t\t\t\t\t\t\t\t\t\t\t\t\t<a href=\"https:\/\/www.portovenere.fr\/fr-fr\/carrelage-sol-et-mur-en-gres-cerame-et-faience\/carrelage-aspect-pierre\/carrelage-effet-terrazzo-pour-sols-et-murs-tivoli\/\">\n\t\t\t\t\t\t\t<img loading=\"lazy\" decoding=\"async\" width=\"768\" height=\"591\" src=\"https:\/\/www.portovenere.fr\/fr-fr\/wp-content\/uploads\/2026\/01\/Carrelage-grand-froamt-120x120-cm-effet-terrazzo-en-gres-cerame-de-qualite-5-coloris-TIVOLI-pour-sols-et-murs-Magasin-Porto-Venere-pres-de-Saint-Clement-de-Riviere-34-768x591.jpg\" class=\"attachment-medium_large size-medium_large wp-image-69417\" alt=\"Carrelage XXL effet terrazzo en gr\u00e8s c\u00e9rame 5 coloris disponibles en finition terrazzo l\u00e9ger ou plus marqu\u00e9 TIVOLI pour int\u00e9rieur et ext\u00e9rieur - Magasin Porto Venere \u00e0 Montpellier 34\" srcset=\"https:\/\/www.portovenere.fr\/fr-fr\/wp-content\/uploads\/2026\/01\/Carrelage-grand-froamt-120x120-cm-effet-terrazzo-en-gres-cerame-de-qualite-5-coloris-TIVOLI-pour-sols-et-murs-Magasin-Porto-Venere-pres-de-Saint-Clement-de-Riviere-34-768x591.jpg 768w, https:\/\/www.portovenere.fr\/fr-fr\/wp-content\/uploads\/2026\/01\/Carrelage-grand-froamt-120x120-cm-effet-terrazzo-en-gres-cerame-de-qualite-5-coloris-TIVOLI-pour-sols-et-murs-Magasin-Porto-Venere-pres-de-Saint-Clement-de-Riviere-34-300x231.jpg 300w, https:\/\/www.portovenere.fr\/fr-fr\/wp-content\/uploads\/2026\/01\/Carrelage-grand-froamt-120x120-cm-effet-terrazzo-en-gres-cerame-de-qualite-5-coloris-TIVOLI-pour-sols-et-murs-Magasin-Porto-Venere-pres-de-Saint-Clement-de-Riviere-34-1024x788.jpg 1024w, https:\/\/www.portovenere.fr\/fr-fr\/wp-content\/uploads\/2026\/01\/Carrelage-grand-froamt-120x120-cm-effet-terrazzo-en-gres-cerame-de-qualite-5-coloris-TIVOLI-pour-sols-et-murs-Magasin-Porto-Venere-pres-de-Saint-Clement-de-Riviere-34.jpg 1200w\" sizes=\"(max-width: 768px) 100vw, 768px\" \/>\t\t\t\t\t\t\t\t<\/a>\n\t\t\t\t\t\t\t\t\t\t\t\t\t\t\t<\/div>\n\t\t\t\t<\/div>\n\t\t\t\t<section class=\"elementor-section elementor-inner-section elementor-element elementor-element-7bdcf76 elementor-section-boxed elementor-section-height-default elementor-section-height-default elementor-invisible\" data-id=\"7bdcf76\" data-element_type=\"section\" data-e-type=\"section\" data-settings=\"{&quot;background_background&quot;:&quot;classic&quot;,&quot;animation&quot;:&quot;fadeIn&quot;}\">\n\t\t\t\t\t\t<div class=\"elementor-container elementor-column-gap-default\">\n\t\t\t\t\t<div class=\"elementor-column elementor-col-100 elementor-inner-column elementor-element elementor-element-29801d3\" data-id=\"29801d3\" data-element_type=\"column\" data-e-type=\"column\">\n\t\t\t<div class=\"elementor-widget-wrap elementor-element-populated\">\n\t\t\t\t\t\t<div class=\"elementor-element elementor-element-3c50ba1 elementor-widget elementor-widget-heading\" data-id=\"3c50ba1\" data-element_type=\"widget\" data-e-type=\"widget\" data-widget_type=\"heading.default\">\n\t\t\t\t<div class=\"elementor-widget-container\">\n\t\t\t\t\t<h3 class=\"elementor-heading-title elementor-size-default\"><a href=\"https:\/\/www.portovenere.fr\/fr-fr\/carrelage-sol-et-mur-en-gres-cerame-et-faience\/carrelage-aspect-pierre\/carrelage-effet-terrazzo-pour-sols-et-murs-tivoli\/\">TIVOLI | 5 coloris &amp; 2 styles<\/a><\/h3>\t\t\t\t<\/div>\n\t\t\t\t<\/div>\n\t\t\t\t<div class=\"elementor-element elementor-element-fe38731 elementor-widget__width-initial elementor-widget elementor-widget-gallery\" data-id=\"fe38731\" data-element_type=\"widget\" data-e-type=\"widget\" data-settings=\"{&quot;gap&quot;:{&quot;unit&quot;:&quot;px&quot;,&quot;size&quot;:3,&quot;sizes&quot;:[]},&quot;columns_mobile&quot;:3,&quot;gap_mobile&quot;:{&quot;unit&quot;:&quot;px&quot;,&quot;size&quot;:6,&quot;sizes&quot;:[]},&quot;columns&quot;:5,&quot;columns_tablet&quot;:3,&quot;gap_tablet&quot;:{&quot;unit&quot;:&quot;px&quot;,&quot;size&quot;:5,&quot;sizes&quot;:[]},&quot;lazyload&quot;:&quot;yes&quot;,&quot;gallery_layout&quot;:&quot;grid&quot;,&quot;link_to&quot;:&quot;file&quot;,&quot;aspect_ratio&quot;:&quot;3:2&quot;,&quot;overlay_background&quot;:&quot;yes&quot;,&quot;content_hover_animation&quot;:&quot;fade-in&quot;}\" data-widget_type=\"gallery.default\">\n\t\t\t\t<div class=\"elementor-widget-container\">\n\t\t\t\t\t\t\t<div class=\"elementor-gallery__container\">\n\t\t\t\t\t\t\t<a class=\"e-gallery-item elementor-gallery-item elementor-animated-content\" href=\"https:\/\/www.portovenere.fr\/fr-fr\/wp-content\/uploads\/2026\/01\/Carrelage-effet-mineral-en-gres-cerame-de-qualite-TIVOLI-SABBIA-Grigio-pour-sols-et-murs-Magasin-Porto-Venere-pres-de-Saint-Gely-du-Fesc-34.jpg\" data-elementor-open-lightbox=\"yes\" data-elementor-lightbox-slideshow=\"fe38731\" data-elementor-lightbox-title=\"Carrelage-effet-min\u00e9ral-en-gr\u00e8s-c\u00e9rame-de-qualit\u00e9-TIVOLI-SABBIA-Grigio-pour-sols-et-murs-Magasin-Porto-Venere-pr\u00e8s-de-Saint-G\u00e9ly-du-Fesc-34\" data-e-action-hash=\"#elementor-action%3Aaction%3Dlightbox%26settings%3DeyJpZCI6NjkzODgsInVybCI6Imh0dHBzOlwvXC93d3cucG9ydG92ZW5lcmUuZnJcL2ZyLWZyXC93cC1jb250ZW50XC91cGxvYWRzXC8yMDI2XC8wMVwvQ2FycmVsYWdlLWVmZmV0LW1pbmVyYWwtZW4tZ3Jlcy1jZXJhbWUtZGUtcXVhbGl0ZS1USVZPTEktU0FCQklBLUdyaWdpby1wb3VyLXNvbHMtZXQtbXVycy1NYWdhc2luLVBvcnRvLVZlbmVyZS1wcmVzLWRlLVNhaW50LUdlbHktZHUtRmVzYy0zNC5qcGciLCJzbGlkZXNob3ciOiJmZTM4NzMxIn0%3D\">\n\t\t\t\t\t<div class=\"e-gallery-image elementor-gallery-item__image\" data-thumbnail=\"https:\/\/www.portovenere.fr\/fr-fr\/wp-content\/uploads\/2026\/01\/Carrelage-effet-mineral-en-gres-cerame-de-qualite-TIVOLI-SABBIA-Grigio-pour-sols-et-murs-Magasin-Porto-Venere-pres-de-Saint-Gely-du-Fesc-34-300x300.jpg\" data-width=\"300\" data-height=\"300\" aria-label=\"Carrelage effet min\u00e9ral en gr\u00e8s c\u00e9rame 5 coloris disponibles en finition terrazzo l\u00e9ger ou plus marqu\u00e9 TIVOLI pour int\u00e9rieur et ext\u00e9rieur - Magasin Porto Venere Montpellier pr\u00e8s de S\u00e8te 34\" role=\"img\" ><\/div>\n\t\t\t\t\t\t\t\t\t\t\t<div class=\"elementor-gallery-item__overlay\"><\/div>\n\t\t\t\t\t\t\t\t\t\t\t\t\t\t<\/a>\n\t\t\t\t\t\t\t<a class=\"e-gallery-item elementor-gallery-item elementor-animated-content\" href=\"https:\/\/www.portovenere.fr\/fr-fr\/wp-content\/uploads\/2026\/01\/Carrelage-effet-mineral-en-gres-cerame-de-qualite-TIVOLI-SABBIA-Beige-pour-sols-et-murs-Magasin-Porto-Venere-a-Montpellier-34.jpg\" data-elementor-open-lightbox=\"yes\" data-elementor-lightbox-slideshow=\"fe38731\" data-elementor-lightbox-title=\"Carrelage-effet-min\u00e9ral-en-gr\u00e8s-c\u00e9rame-de-qualit\u00e9-TIVOLI-SABBIA-Beige-pour-sols-et-murs-Magasin-Porto-Venere-\u00e0-Montpellier-34\" data-e-action-hash=\"#elementor-action%3Aaction%3Dlightbox%26settings%3DeyJpZCI6NjkzODcsInVybCI6Imh0dHBzOlwvXC93d3cucG9ydG92ZW5lcmUuZnJcL2ZyLWZyXC93cC1jb250ZW50XC91cGxvYWRzXC8yMDI2XC8wMVwvQ2FycmVsYWdlLWVmZmV0LW1pbmVyYWwtZW4tZ3Jlcy1jZXJhbWUtZGUtcXVhbGl0ZS1USVZPTEktU0FCQklBLUJlaWdlLXBvdXItc29scy1ldC1tdXJzLU1hZ2FzaW4tUG9ydG8tVmVuZXJlLWEtTW9udHBlbGxpZXItMzQuanBnIiwic2xpZGVzaG93IjoiZmUzODczMSJ9\">\n\t\t\t\t\t<div class=\"e-gallery-image elementor-gallery-item__image\" data-thumbnail=\"https:\/\/www.portovenere.fr\/fr-fr\/wp-content\/uploads\/2026\/01\/Carrelage-effet-mineral-en-gres-cerame-de-qualite-TIVOLI-SABBIA-Beige-pour-sols-et-murs-Magasin-Porto-Venere-a-Montpellier-34-300x300.jpg\" data-width=\"300\" data-height=\"300\" aria-label=\"Carrelage effet min\u00e9ral en gr\u00e8s c\u00e9rame 5 coloris disponibles en finition terrazzo l\u00e9ger ou plus marqu\u00e9 TIVOLI pour int\u00e9rieur et ext\u00e9rieur - Magasin Porto Venere Montpellier pr\u00e8s de S\u00e8te 34\" role=\"img\" ><\/div>\n\t\t\t\t\t\t\t\t\t\t\t<div class=\"elementor-gallery-item__overlay\"><\/div>\n\t\t\t\t\t\t\t\t\t\t\t\t\t\t<\/a>\n\t\t\t\t\t\t\t<a class=\"e-gallery-item elementor-gallery-item elementor-animated-content\" href=\"https:\/\/www.portovenere.fr\/fr-fr\/wp-content\/uploads\/2026\/01\/Carrelage-effet-mineral-en-gres-cerame-de-qualite-TIVOLI-SABBIA-Avorio-pour-sols-et-murs-Magasin-Porto-Venere-pres-de-Palavas-34.jpg\" data-elementor-open-lightbox=\"yes\" data-elementor-lightbox-slideshow=\"fe38731\" data-elementor-lightbox-title=\"Carrelage-effet-min\u00e9ral-en-gr\u00e8s-c\u00e9rame-de-qualit\u00e9-TIVOLI-SABBIA-Avorio-pour-sols-et-murs-Magasin-Porto-Venere-pr\u00e8s-de-Palavas-34\" data-e-action-hash=\"#elementor-action%3Aaction%3Dlightbox%26settings%3DeyJpZCI6NjkzODYsInVybCI6Imh0dHBzOlwvXC93d3cucG9ydG92ZW5lcmUuZnJcL2ZyLWZyXC93cC1jb250ZW50XC91cGxvYWRzXC8yMDI2XC8wMVwvQ2FycmVsYWdlLWVmZmV0LW1pbmVyYWwtZW4tZ3Jlcy1jZXJhbWUtZGUtcXVhbGl0ZS1USVZPTEktU0FCQklBLUF2b3Jpby1wb3VyLXNvbHMtZXQtbXVycy1NYWdhc2luLVBvcnRvLVZlbmVyZS1wcmVzLWRlLVBhbGF2YXMtMzQuanBnIiwic2xpZGVzaG93IjoiZmUzODczMSJ9\">\n\t\t\t\t\t<div class=\"e-gallery-image elementor-gallery-item__image\" data-thumbnail=\"https:\/\/www.portovenere.fr\/fr-fr\/wp-content\/uploads\/2026\/01\/Carrelage-effet-mineral-en-gres-cerame-de-qualite-TIVOLI-SABBIA-Avorio-pour-sols-et-murs-Magasin-Porto-Venere-pres-de-Palavas-34-300x300.jpg\" data-width=\"300\" data-height=\"300\" aria-label=\"Carrelage effet min\u00e9ral en gr\u00e8s c\u00e9rame 5 coloris disponibles en finition terrazzo l\u00e9ger ou plus marqu\u00e9 TIVOLI pour int\u00e9rieur et ext\u00e9rieur - Magasin Porto Venere \u00e0 Montpellier 34\" role=\"img\" ><\/div>\n\t\t\t\t\t\t\t\t\t\t\t<div class=\"elementor-gallery-item__overlay\"><\/div>\n\t\t\t\t\t\t\t\t\t\t\t\t\t\t<\/a>\n\t\t\t\t\t\t\t<a class=\"e-gallery-item elementor-gallery-item elementor-animated-content\" href=\"https:\/\/www.portovenere.fr\/fr-fr\/wp-content\/uploads\/2026\/01\/Carrelage-effet-mineral-en-gres-cerame-de-qualite-TIVOLI-SABBIA-Argilla-pour-sols-et-murs-Magasin-Porto-Venere-pres-de-Mauguio-34.jpg\" data-elementor-open-lightbox=\"yes\" data-elementor-lightbox-slideshow=\"fe38731\" data-elementor-lightbox-title=\"Carrelage-effet-min\u00e9ral-en-gr\u00e8s-c\u00e9rame-de-qualit\u00e9-TIVOLI-SABBIA-Argilla-pour-sols-et-murs-Magasin-Porto-Venere-pr\u00e8s-de-Mauguio-34\" data-e-action-hash=\"#elementor-action%3Aaction%3Dlightbox%26settings%3DeyJpZCI6NjkzODUsInVybCI6Imh0dHBzOlwvXC93d3cucG9ydG92ZW5lcmUuZnJcL2ZyLWZyXC93cC1jb250ZW50XC91cGxvYWRzXC8yMDI2XC8wMVwvQ2FycmVsYWdlLWVmZmV0LW1pbmVyYWwtZW4tZ3Jlcy1jZXJhbWUtZGUtcXVhbGl0ZS1USVZPTEktU0FCQklBLUFyZ2lsbGEtcG91ci1zb2xzLWV0LW11cnMtTWFnYXNpbi1Qb3J0by1WZW5lcmUtcHJlcy1kZS1NYXVndWlvLTM0LmpwZyIsInNsaWRlc2hvdyI6ImZlMzg3MzEifQ%3D%3D\">\n\t\t\t\t\t<div class=\"e-gallery-image elementor-gallery-item__image\" data-thumbnail=\"https:\/\/www.portovenere.fr\/fr-fr\/wp-content\/uploads\/2026\/01\/Carrelage-effet-mineral-en-gres-cerame-de-qualite-TIVOLI-SABBIA-Argilla-pour-sols-et-murs-Magasin-Porto-Venere-pres-de-Mauguio-34-300x300.jpg\" data-width=\"300\" data-height=\"300\" aria-label=\"Carrelage effet min\u00e9ral en gr\u00e8s c\u00e9rame 5 coloris disponibles en finition terrazzo l\u00e9ger ou plus marqu\u00e9 TIVOLI pour int\u00e9rieur et ext\u00e9rieur - Magasin Porto Venere \u00e0 Montpellier 34\" role=\"img\" ><\/div>\n\t\t\t\t\t\t\t\t\t\t\t<div class=\"elementor-gallery-item__overlay\"><\/div>\n\t\t\t\t\t\t\t\t\t\t\t\t\t\t<\/a>\n\t\t\t\t\t\t\t<a class=\"e-gallery-item elementor-gallery-item elementor-animated-content\" href=\"https:\/\/www.portovenere.fr\/fr-fr\/wp-content\/uploads\/2026\/01\/Carrelage-effet-mineral-en-gres-cerame-de-qualite-TIVOLI-SABBIA-Antracite-pour-sols-et-murs-Magasin-Porto-Venere-pres-de-Saint-Jean-de-Vedas-34.jpg\" data-elementor-open-lightbox=\"yes\" data-elementor-lightbox-slideshow=\"fe38731\" data-elementor-lightbox-title=\"Carrelage-effet-min\u00e9ral-en-gr\u00e8s-c\u00e9rame-de-qualit\u00e9-TIVOLI-SABBIA-Antracite-pour-sols-et-murs-Magasin-Porto-Venere-pr\u00e8s-de-Saint-Jean-de-V\u00e9das-34\" data-e-action-hash=\"#elementor-action%3Aaction%3Dlightbox%26settings%3DeyJpZCI6NjkzODQsInVybCI6Imh0dHBzOlwvXC93d3cucG9ydG92ZW5lcmUuZnJcL2ZyLWZyXC93cC1jb250ZW50XC91cGxvYWRzXC8yMDI2XC8wMVwvQ2FycmVsYWdlLWVmZmV0LW1pbmVyYWwtZW4tZ3Jlcy1jZXJhbWUtZGUtcXVhbGl0ZS1USVZPTEktU0FCQklBLUFudHJhY2l0ZS1wb3VyLXNvbHMtZXQtbXVycy1NYWdhc2luLVBvcnRvLVZlbmVyZS1wcmVzLWRlLVNhaW50LUplYW4tZGUtVmVkYXMtMzQuanBnIiwic2xpZGVzaG93IjoiZmUzODczMSJ9\">\n\t\t\t\t\t<div class=\"e-gallery-image elementor-gallery-item__image\" data-thumbnail=\"https:\/\/www.portovenere.fr\/fr-fr\/wp-content\/uploads\/2026\/01\/Carrelage-effet-mineral-en-gres-cerame-de-qualite-TIVOLI-SABBIA-Antracite-pour-sols-et-murs-Magasin-Porto-Venere-pres-de-Saint-Jean-de-Vedas-34-300x300.jpg\" data-width=\"300\" data-height=\"300\" aria-label=\"Carrelage effet min\u00e9ral en gr\u00e8s c\u00e9rame 5 coloris disponibles en finition terrazzo l\u00e9ger ou plus marqu\u00e9 TIVOLI pour int\u00e9rieur et ext\u00e9rieur - Magasin Porto Venere \u00e0 Montpellier 34\" role=\"img\" ><\/div>\n\t\t\t\t\t\t\t\t\t\t\t<div class=\"elementor-gallery-item__overlay\"><\/div>\n\t\t\t\t\t\t\t\t\t\t\t\t\t\t<\/a>\n\t\t\t\t\t\t\t<a class=\"e-gallery-item elementor-gallery-item elementor-animated-content\" href=\"https:\/\/www.portovenere.fr\/fr-fr\/wp-content\/uploads\/2026\/01\/Carrelage-effet-terrazzo-clair-en-gres-cerame-de-qualite-TIVOLI-SASSI-Avorio-pour-sols-et-murs-Magasin-Porto-Venere-pres-de-Lattes.jpg\" data-elementor-open-lightbox=\"yes\" data-elementor-lightbox-slideshow=\"fe38731\" data-elementor-lightbox-title=\"Carrelage-effet-terrazzo-clair-en-gr\u00e8s-c\u00e9rame-de-qualit\u00e9-TIVOLI-SASSI-Avorio-pour-sols-et-murs-Magasin-Porto-Venere-pr\u00e8s-de-Lattes\" data-e-action-hash=\"#elementor-action%3Aaction%3Dlightbox%26settings%3DeyJpZCI6NjkzNzgsInVybCI6Imh0dHBzOlwvXC93d3cucG9ydG92ZW5lcmUuZnJcL2ZyLWZyXC93cC1jb250ZW50XC91cGxvYWRzXC8yMDI2XC8wMVwvQ2FycmVsYWdlLWVmZmV0LXRlcnJhenpvLWNsYWlyLWVuLWdyZXMtY2VyYW1lLWRlLXF1YWxpdGUtVElWT0xJLVNBU1NJLUF2b3Jpby1wb3VyLXNvbHMtZXQtbXVycy1NYWdhc2luLVBvcnRvLVZlbmVyZS1wcmVzLWRlLUxhdHRlcy5qcGciLCJzbGlkZXNob3ciOiJmZTM4NzMxIn0%3D\">\n\t\t\t\t\t<div class=\"e-gallery-image elementor-gallery-item__image\" data-thumbnail=\"https:\/\/www.portovenere.fr\/fr-fr\/wp-content\/uploads\/2026\/01\/Carrelage-effet-terrazzo-clair-en-gres-cerame-de-qualite-TIVOLI-SASSI-Avorio-pour-sols-et-murs-Magasin-Porto-Venere-pres-de-Lattes-300x300.jpg\" data-width=\"300\" data-height=\"300\" aria-label=\"Carrelage effet terrazzo en gr\u00e8s c\u00e9rame 5 coloris disponibles en finition terrazzo l\u00e9ger ou plus marqu\u00e9 TIVOLI pour int\u00e9rieur et ext\u00e9rieur - Magasin Porto Venere \u00e0 Montpellier 34\" role=\"img\" ><\/div>\n\t\t\t\t\t\t\t\t\t\t\t<div class=\"elementor-gallery-item__overlay\"><\/div>\n\t\t\t\t\t\t\t\t\t\t\t\t\t\t<\/a>\n\t\t\t\t\t\t\t<a class=\"e-gallery-item elementor-gallery-item elementor-animated-content\" href=\"https:\/\/www.portovenere.fr\/fr-fr\/wp-content\/uploads\/2026\/01\/Carrelage-effet-terrazzo-gris-en-gres-cerame-de-qualite-TIVOLI-SASSI-Grigio-pour-sols-et-murs-Magasin-Porto-Venere-pres-de-Clapiers.jpg\" data-elementor-open-lightbox=\"yes\" data-elementor-lightbox-slideshow=\"fe38731\" data-elementor-lightbox-title=\"Carrelage-effet-terrazzo-gris-en-gr\u00e8s-c\u00e9rame-de-qualit\u00e9-TIVOLI-SASSI-Grigio-pour-sols-et-murs-Magasin-Porto-Venere-pr\u00e8s-de-Clapiers\" data-e-action-hash=\"#elementor-action%3Aaction%3Dlightbox%26settings%3DeyJpZCI6NjkzODIsInVybCI6Imh0dHBzOlwvXC93d3cucG9ydG92ZW5lcmUuZnJcL2ZyLWZyXC93cC1jb250ZW50XC91cGxvYWRzXC8yMDI2XC8wMVwvQ2FycmVsYWdlLWVmZmV0LXRlcnJhenpvLWdyaXMtZW4tZ3Jlcy1jZXJhbWUtZGUtcXVhbGl0ZS1USVZPTEktU0FTU0ktR3JpZ2lvLXBvdXItc29scy1ldC1tdXJzLU1hZ2FzaW4tUG9ydG8tVmVuZXJlLXByZXMtZGUtQ2xhcGllcnMuanBnIiwic2xpZGVzaG93IjoiZmUzODczMSJ9\">\n\t\t\t\t\t<div class=\"e-gallery-image elementor-gallery-item__image\" data-thumbnail=\"https:\/\/www.portovenere.fr\/fr-fr\/wp-content\/uploads\/2026\/01\/Carrelage-effet-terrazzo-gris-en-gres-cerame-de-qualite-TIVOLI-SASSI-Grigio-pour-sols-et-murs-Magasin-Porto-Venere-pres-de-Clapiers-300x300.jpg\" data-width=\"300\" data-height=\"300\" aria-label=\"Carrelage effet terrazzo en gr\u00e8s c\u00e9rame 5 coloris disponibles en finition terrazzo l\u00e9ger ou plus marqu\u00e9 TIVOLI pour int\u00e9rieur et ext\u00e9rieur - Magasin Porto Venere \u00e0 Montpellier 34\" role=\"img\" ><\/div>\n\t\t\t\t\t\t\t\t\t\t\t<div class=\"elementor-gallery-item__overlay\"><\/div>\n\t\t\t\t\t\t\t\t\t\t\t\t\t\t<\/a>\n\t\t\t\t\t\t\t<a class=\"e-gallery-item elementor-gallery-item elementor-animated-content\" href=\"https:\/\/www.portovenere.fr\/fr-fr\/wp-content\/uploads\/2026\/01\/Carrelage-effet-terrazzo-en-gres-cerame-de-qualite-TIVOLI-SASSI-Argilla-pour-sols-et-murs-Magasin-Porto-Venere-pres-de-Perols.jpg\" data-elementor-open-lightbox=\"yes\" data-elementor-lightbox-slideshow=\"fe38731\" data-elementor-lightbox-title=\"Carrelage-effet-terrazzo-en-gr\u00e8s-c\u00e9rame-de-qualit\u00e9-TIVOLI-SASSI-Argilla-pour-sols-et-murs-Magasin-Porto-Venere-pr\u00e8s-de-P\u00e9rols\" data-e-action-hash=\"#elementor-action%3Aaction%3Dlightbox%26settings%3DeyJpZCI6NjkzODEsInVybCI6Imh0dHBzOlwvXC93d3cucG9ydG92ZW5lcmUuZnJcL2ZyLWZyXC93cC1jb250ZW50XC91cGxvYWRzXC8yMDI2XC8wMVwvQ2FycmVsYWdlLWVmZmV0LXRlcnJhenpvLWVuLWdyZXMtY2VyYW1lLWRlLXF1YWxpdGUtVElWT0xJLVNBU1NJLUFyZ2lsbGEtcG91ci1zb2xzLWV0LW11cnMtTWFnYXNpbi1Qb3J0by1WZW5lcmUtcHJlcy1kZS1QZXJvbHMuanBnIiwic2xpZGVzaG93IjoiZmUzODczMSJ9\">\n\t\t\t\t\t<div class=\"e-gallery-image elementor-gallery-item__image\" data-thumbnail=\"https:\/\/www.portovenere.fr\/fr-fr\/wp-content\/uploads\/2026\/01\/Carrelage-effet-terrazzo-en-gres-cerame-de-qualite-TIVOLI-SASSI-Argilla-pour-sols-et-murs-Magasin-Porto-Venere-pres-de-Perols-300x300.jpg\" data-width=\"300\" data-height=\"300\" aria-label=\"Carrelage effet terrazzo en gr\u00e8s c\u00e9rame 5 coloris disponibles en finition terrazzo l\u00e9ger ou plus marqu\u00e9 TIVOLI pour int\u00e9rieur et ext\u00e9rieur - Magasin Porto Venere \u00e0 Montpellier 34\" role=\"img\" ><\/div>\n\t\t\t\t\t\t\t\t\t\t\t<div class=\"elementor-gallery-item__overlay\"><\/div>\n\t\t\t\t\t\t\t\t\t\t\t\t\t\t<\/a>\n\t\t\t\t\t\t\t<a class=\"e-gallery-item elementor-gallery-item elementor-animated-content\" href=\"https:\/\/www.portovenere.fr\/fr-fr\/wp-content\/uploads\/2026\/01\/Carrelage-effet-terrazzo-en-gres-cerame-de-qualite-TIVOLI-SASSI-Antracite-pour-sols-et-murs-Magasin-Porto-Venere-pres-de-Saint-Clement-de-Riviere-34.jpg\" data-elementor-open-lightbox=\"yes\" data-elementor-lightbox-slideshow=\"fe38731\" data-elementor-lightbox-title=\"Carrelage-effet-terrazzo-en-gr\u00e8s-c\u00e9rame-de-qualit\u00e9-TIVOLI-SASSI-Antracite-pour-sols-et-murs-Magasin-Porto-Venere-pr\u00e8s-de-Saint-Cl\u00e9ment-de-Rivi\u00e8re-34\" data-e-action-hash=\"#elementor-action%3Aaction%3Dlightbox%26settings%3DeyJpZCI6NjkzODAsInVybCI6Imh0dHBzOlwvXC93d3cucG9ydG92ZW5lcmUuZnJcL2ZyLWZyXC93cC1jb250ZW50XC91cGxvYWRzXC8yMDI2XC8wMVwvQ2FycmVsYWdlLWVmZmV0LXRlcnJhenpvLWVuLWdyZXMtY2VyYW1lLWRlLXF1YWxpdGUtVElWT0xJLVNBU1NJLUFudHJhY2l0ZS1wb3VyLXNvbHMtZXQtbXVycy1NYWdhc2luLVBvcnRvLVZlbmVyZS1wcmVzLWRlLVNhaW50LUNsZW1lbnQtZGUtUml2aWVyZS0zNC5qcGciLCJzbGlkZXNob3ciOiJmZTM4NzMxIn0%3D\">\n\t\t\t\t\t<div class=\"e-gallery-image elementor-gallery-item__image\" data-thumbnail=\"https:\/\/www.portovenere.fr\/fr-fr\/wp-content\/uploads\/2026\/01\/Carrelage-effet-terrazzo-en-gres-cerame-de-qualite-TIVOLI-SASSI-Antracite-pour-sols-et-murs-Magasin-Porto-Venere-pres-de-Saint-Clement-de-Riviere-34-300x300.jpg\" data-width=\"300\" data-height=\"300\" aria-label=\"Carrelage effet terrazzo en gr\u00e8s c\u00e9rame 5 coloris disponibles en finition terrazzo l\u00e9ger ou plus marqu\u00e9 TIVOLI pour int\u00e9rieur et ext\u00e9rieur - Magasin Porto Venere \u00e0 Montpellier 34\" role=\"img\" ><\/div>\n\t\t\t\t\t\t\t\t\t\t\t<div class=\"elementor-gallery-item__overlay\"><\/div>\n\t\t\t\t\t\t\t\t\t\t\t\t\t\t<\/a>\n\t\t\t\t\t\t\t<a class=\"e-gallery-item elementor-gallery-item elementor-animated-content\" href=\"https:\/\/www.portovenere.fr\/fr-fr\/wp-content\/uploads\/2026\/01\/Carrelage-effet-terrazzo-clair-en-gres-cerame-de-qualite-TIVOLI-SASSI-Beige-pour-sols-et-murs-Magasin-Porto-Venere-pres-de-Baillargues.jpg\" data-elementor-open-lightbox=\"yes\" data-elementor-lightbox-slideshow=\"fe38731\" data-elementor-lightbox-title=\"Carrelage-effet-terrazzo-clair-en-gr\u00e8s-c\u00e9rame-de-qualit\u00e9-TIVOLI-SASSI-Beige-pour-sols-et-murs-Magasin-Porto-Venere-pr\u00e8s-de-Baillargues\" data-e-action-hash=\"#elementor-action%3Aaction%3Dlightbox%26settings%3DeyJpZCI6NjkzNzksInVybCI6Imh0dHBzOlwvXC93d3cucG9ydG92ZW5lcmUuZnJcL2ZyLWZyXC93cC1jb250ZW50XC91cGxvYWRzXC8yMDI2XC8wMVwvQ2FycmVsYWdlLWVmZmV0LXRlcnJhenpvLWNsYWlyLWVuLWdyZXMtY2VyYW1lLWRlLXF1YWxpdGUtVElWT0xJLVNBU1NJLUJlaWdlLXBvdXItc29scy1ldC1tdXJzLU1hZ2FzaW4tUG9ydG8tVmVuZXJlLXByZXMtZGUtQmFpbGxhcmd1ZXMuanBnIiwic2xpZGVzaG93IjoiZmUzODczMSJ9\">\n\t\t\t\t\t<div class=\"e-gallery-image elementor-gallery-item__image\" data-thumbnail=\"https:\/\/www.portovenere.fr\/fr-fr\/wp-content\/uploads\/2026\/01\/Carrelage-effet-terrazzo-clair-en-gres-cerame-de-qualite-TIVOLI-SASSI-Beige-pour-sols-et-murs-Magasin-Porto-Venere-pres-de-Baillargues-300x300.jpg\" data-width=\"300\" data-height=\"300\" aria-label=\"Carrelage effet terrazzo en gr\u00e8s c\u00e9rame 5 coloris disponibles en finition terrazzo l\u00e9ger ou plus marqu\u00e9 TIVOLI pour int\u00e9rieur et ext\u00e9rieur - Magasin Porto Venere \u00e0 Montpellier 34\" role=\"img\" ><\/div>\n\t\t\t\t\t\t\t\t\t\t\t<div class=\"elementor-gallery-item__overlay\"><\/div>\n\t\t\t\t\t\t\t\t\t\t\t\t\t\t<\/a>\n\t\t\t\t\t\t\t<a class=\"e-gallery-item elementor-gallery-item elementor-animated-content\" href=\"https:\/\/www.portovenere.fr\/fr-fr\/wp-content\/uploads\/2026\/01\/Carrelage-sol-et-mur-effet-pierre-minerale-et-terrazzo-TIVOLI-mosaique-Pailladiana-style-morceaux-irreguliers-mix-mat-et-poli-mat-Magasin-Porto-Venere-a-Montpellier-34.png\" data-elementor-open-lightbox=\"yes\" data-elementor-lightbox-slideshow=\"fe38731\" data-elementor-lightbox-title=\"Carrelage sol et mur effet pierre min\u00e9rale et terrazzo TIVOLI mosa\u00efque Pailladiana style morceaux irr\u00e9guliers mix mat et poli mat Magasin Porto Venere \u00e0 Montpellier 34\" data-e-action-hash=\"#elementor-action%3Aaction%3Dlightbox%26settings%3DeyJpZCI6NjkzODksInVybCI6Imh0dHBzOlwvXC93d3cucG9ydG92ZW5lcmUuZnJcL2ZyLWZyXC93cC1jb250ZW50XC91cGxvYWRzXC8yMDI2XC8wMVwvQ2FycmVsYWdlLXNvbC1ldC1tdXItZWZmZXQtcGllcnJlLW1pbmVyYWxlLWV0LXRlcnJhenpvLVRJVk9MSS1tb3NhaXF1ZS1QYWlsbGFkaWFuYS1zdHlsZS1tb3JjZWF1eC1pcnJlZ3VsaWVycy1taXgtbWF0LWV0LXBvbGktbWF0LU1hZ2FzaW4tUG9ydG8tVmVuZXJlLWEtTW9udHBlbGxpZXItMzQucG5nIiwic2xpZGVzaG93IjoiZmUzODczMSJ9\">\n\t\t\t\t\t<div class=\"e-gallery-image elementor-gallery-item__image\" data-thumbnail=\"https:\/\/www.portovenere.fr\/fr-fr\/wp-content\/uploads\/2026\/01\/Carrelage-sol-et-mur-effet-pierre-minerale-et-terrazzo-TIVOLI-mosaique-Pailladiana-style-morceaux-irreguliers-mix-mat-et-poli-mat-Magasin-Porto-Venere-a-Montpellier-34-300x229.png\" data-width=\"300\" data-height=\"229\" aria-label=\"Carrelage effet min\u00e9ral en mosa\u00efque gr\u00e8s c\u00e9rame 5 coloris TIVOLI - Magasin Porto Venere Montpellier pr\u00e8s de Mauguio 34\" role=\"img\" ><\/div>\n\t\t\t\t\t\t\t\t\t\t\t<div class=\"elementor-gallery-item__overlay\"><\/div>\n\t\t\t\t\t\t\t\t\t\t\t\t\t\t<\/a>\n\t\t\t\t\t<\/div>\n\t\t\t\t\t<\/div>\n\t\t\t\t<\/div>\n\t\t\t\t<div class=\"elementor-element elementor-element-9934702 elementor-widget elementor-widget-text-editor\" data-id=\"9934702\" data-element_type=\"widget\" data-e-type=\"widget\" data-widget_type=\"text-editor.default\">\n\t\t\t\t<div class=\"elementor-widget-container\">\n\t\t\t\t\t\t\t\t\t<p data-start=\"2040\" data-end=\"2320\"><strong data-start=\"2040\" data-end=\"2050\">TIVOLI<\/strong> r\u00e9interpr\u00e8te le terrazzo italien dans une version contemporaine, \u00e9l\u00e9gante et textur\u00e9e.<b> Inspir\u00e9e d\u2019une pierre calcaire enrichie de fragments min\u00e9raux<\/b>, la collection propose des surfaces vivantes et \u00e9quilibr\u00e9es, adapt\u00e9es aux <b>sols et murs,<\/b> en <b>int\u00e9rieur comme en ext\u00e9rieur.<\/b><\/p>\n<p data-start=\"2322\" data-end=\"2715\">Disponible en <b><span data-start=\"2336\" data-end=\"2361\">cinq coloris naturels<\/span>,<\/b> TIVOLI se d\u00e9cline en <b>deux effets graphiques \u2013 l\u00e9ger ou plus marqu\u00e9<\/b> \u2013 et en <strong data-start=\"2438\" data-end=\"2488\">finitions naturelle, poli mat et antid\u00e9rapante<\/strong>.&nbsp;<\/p><p data-start=\"2322\" data-end=\"2715\">Ses nombreux formats, du petit module au grand carreau, ainsi que des <b><span data-start=\"2560\" data-end=\"2593\">dalles 20 mm pour l\u2019ext\u00e9rieur<\/span>, <\/b>permettent une grande libert\u00e9 de cr\u00e9ation. Une mosa\u00efque d\u00e9corative vient compl\u00e9ter la gamme pour des projets sur mesure.<\/p>\t\t\t\t\t\t\t\t<\/div>\n\t\t\t\t<\/div>\n\t\t\t\t<div class=\"elementor-element elementor-element-2229e44 elementor-mobile-align-center elementor-widget elementor-widget-button\" data-id=\"2229e44\" data-element_type=\"widget\" data-e-type=\"widget\" data-widget_type=\"button.default\">\n\t\t\t\t<div class=\"elementor-widget-container\">\n\t\t\t\t\t\t\t\t\t<div class=\"elementor-button-wrapper\">\n\t\t\t\t\t<a class=\"elementor-button elementor-button-link elementor-size-sm\" href=\"https:\/\/www.portovenere.fr\/fr-fr\/carrelage-sol-et-mur-en-gres-cerame-et-faience\/carrelage-aspect-pierre\/carrelage-effet-terrazzo-pour-sols-et-murs-tivoli\/\">\n\t\t\t\t\t\t<span class=\"elementor-button-content-wrapper\">\n\t\t\t\t\t\t\t\t\t<span class=\"elementor-button-text\">Voir la collection<\/span>\n\t\t\t\t\t<\/span>\n\t\t\t\t\t<\/a>\n\t\t\t\t<\/div>\n\t\t\t\t\t\t\t\t<\/div>\n\t\t\t\t<\/div>\n\t\t\t\t\t<\/div>\n\t\t<\/div>\n\t\t\t\t\t<\/div>\n\t\t<\/section>\n\t\t\t\t\t<\/div>\n\t\t<\/div>\n\t\t\t\t<div class=\"elementor-column elementor-col-33 elementor-top-column elementor-element elementor-element-6e0e4a98\" data-id=\"6e0e4a98\" data-element_type=\"column\" data-e-type=\"column\" data-settings=\"{&quot;background_background&quot;:&quot;classic&quot;}\">\n\t\t\t<div class=\"elementor-widget-wrap elementor-element-populated\">\n\t\t\t\t\t\t<div class=\"elementor-element elementor-element-44d52868 elementor-widget elementor-widget-image\" data-id=\"44d52868\" data-element_type=\"widget\" data-e-type=\"widget\" data-widget_type=\"image.default\">\n\t\t\t\t<div class=\"elementor-widget-container\">\n\t\t\t\t\t\t\t\t\t\t\t\t\t\t\t\t<a href=\"https:\/\/www.portovenere.fr\/fr-fr\/carrelage-sol-et-mur-en-gres-cerame-et-faience\/carrelage-aspect-marbre\/carrelage-effet-marbre-grand-format-epigone-luxe\/\">\n\t\t\t\t\t\t\t<img loading=\"lazy\" decoding=\"async\" width=\"800\" height=\"550\" src=\"https:\/\/www.portovenere.fr\/fr-fr\/wp-content\/uploads\/2023\/01\/Carrelage-salle-de-bain-bleu-et-veine-marron-aspect-marbre-Epigone-Azure-proche-de-Quissac_Gard_30-Porto-Venere.jpg\" class=\"attachment-large size-large wp-image-44328\" alt=\"Carrelage effet marbre grand format sol et mur Epigone Luxe\" srcset=\"https:\/\/www.portovenere.fr\/fr-fr\/wp-content\/uploads\/2023\/01\/Carrelage-salle-de-bain-bleu-et-veine-marron-aspect-marbre-Epigone-Azure-proche-de-Quissac_Gard_30-Porto-Venere.jpg 1000w, https:\/\/www.portovenere.fr\/fr-fr\/wp-content\/uploads\/2023\/01\/Carrelage-salle-de-bain-bleu-et-veine-marron-aspect-marbre-Epigone-Azure-proche-de-Quissac_Gard_30-Porto-Venere-300x206.jpg 300w, https:\/\/www.portovenere.fr\/fr-fr\/wp-content\/uploads\/2023\/01\/Carrelage-salle-de-bain-bleu-et-veine-marron-aspect-marbre-Epigone-Azure-proche-de-Quissac_Gard_30-Porto-Venere-768x528.jpg 768w\" sizes=\"(max-width: 800px) 100vw, 800px\" \/>\t\t\t\t\t\t\t\t<\/a>\n\t\t\t\t\t\t\t\t\t\t\t\t\t\t\t<\/div>\n\t\t\t\t<\/div>\n\t\t\t\t<div class=\"elementor-element elementor-element-1eb4a9ce elementor-widget elementor-widget-heading\" data-id=\"1eb4a9ce\" data-element_type=\"widget\" data-e-type=\"widget\" data-widget_type=\"heading.default\">\n\t\t\t\t<div class=\"elementor-widget-container\">\n\t\t\t\t\t<h3 class=\"elementor-heading-title elementor-size-default\"><a href=\"https:\/\/www.portovenere.fr\/fr-fr\/carrelage-sol-et-mur-en-gres-cerame-et-faience\/carrelage-aspect-marbre\/carrelage-effet-marbre-grand-format-epigone-luxe\/\">EPIGONE 6mm | 6 coloris<\/a><\/h3>\t\t\t\t<\/div>\n\t\t\t\t<\/div>\n\t\t\t\t<div class=\"elementor-element elementor-element-7b71815c elementor-widget__width-initial elementor-widget elementor-widget-gallery\" data-id=\"7b71815c\" data-element_type=\"widget\" data-e-type=\"widget\" data-settings=\"{&quot;gap&quot;:{&quot;unit&quot;:&quot;px&quot;,&quot;size&quot;:3,&quot;sizes&quot;:[]},&quot;columns_mobile&quot;:3,&quot;gap_mobile&quot;:{&quot;unit&quot;:&quot;px&quot;,&quot;size&quot;:6,&quot;sizes&quot;:[]},&quot;columns&quot;:5,&quot;columns_tablet&quot;:3,&quot;gap_tablet&quot;:{&quot;unit&quot;:&quot;px&quot;,&quot;size&quot;:5,&quot;sizes&quot;:[]},&quot;lazyload&quot;:&quot;yes&quot;,&quot;gallery_layout&quot;:&quot;grid&quot;,&quot;aspect_ratio&quot;:&quot;3:2&quot;,&quot;overlay_background&quot;:&quot;yes&quot;,&quot;content_hover_animation&quot;:&quot;fade-in&quot;}\" data-widget_type=\"gallery.default\">\n\t\t\t\t<div class=\"elementor-widget-container\">\n\t\t\t\t\t\t\t<div class=\"elementor-gallery__container\">\n\t\t\t\t\t\t\t<div class=\"e-gallery-item elementor-gallery-item elementor-animated-content\">\n\t\t\t\t\t<div class=\"e-gallery-image elementor-gallery-item__image\" data-thumbnail=\"https:\/\/www.portovenere.fr\/fr-fr\/wp-content\/uploads\/2023\/01\/Carrelage-sol-et-mur-aspect-marbre-Epigone-Flame-pres-de-Montferrier-Sur-Lez_Herault_34-Porto-Venere-150x150.jpg\" data-width=\"150\" data-height=\"150\" aria-label=\"Carrelage effet marbre grand format sol et mur Epigone Flame\" role=\"img\" ><\/div>\n\t\t\t\t\t\t\t\t\t\t\t<div class=\"elementor-gallery-item__overlay\"><\/div>\n\t\t\t\t\t\t\t\t\t\t\t\t\t\t<\/div>\n\t\t\t\t\t\t\t<div class=\"e-gallery-item elementor-gallery-item elementor-animated-content\">\n\t\t\t\t\t<div class=\"e-gallery-image elementor-gallery-item__image\" data-thumbnail=\"https:\/\/www.portovenere.fr\/fr-fr\/wp-content\/uploads\/2023\/01\/Carrelage-sol-et-mur-salon-aspect-marbre-Epigone-Emerald-proche-de-Perols-Herault-34-150x150.jpg\" data-width=\"150\" data-height=\"150\" aria-label=\"Carrelage sol et mur effet marbre Epigone Emerald\" role=\"img\" ><\/div>\n\t\t\t\t\t\t\t\t\t\t\t<div class=\"elementor-gallery-item__overlay\"><\/div>\n\t\t\t\t\t\t\t\t\t\t\t\t\t\t<\/div>\n\t\t\t\t\t\t\t<div class=\"e-gallery-item elementor-gallery-item elementor-animated-content\">\n\t\t\t\t\t<div class=\"e-gallery-image elementor-gallery-item__image\" data-thumbnail=\"https:\/\/www.portovenere.fr\/fr-fr\/wp-content\/uploads\/2023\/01\/Carrelage-cuisine-sol-et-mur-Epigone-Cloud-proche-de-Lattes_Herault_34-Porto-Venere-150x150.jpg\" data-width=\"150\" data-height=\"150\" aria-label=\"Carrelage effet marbre grand format sol et mur Epigone Cloud\" role=\"img\" ><\/div>\n\t\t\t\t\t\t\t\t\t\t\t<div class=\"elementor-gallery-item__overlay\"><\/div>\n\t\t\t\t\t\t\t\t\t\t\t\t\t\t<\/div>\n\t\t\t\t\t\t\t<div class=\"e-gallery-item elementor-gallery-item elementor-animated-content\">\n\t\t\t\t\t<div class=\"e-gallery-image elementor-gallery-item__image\" data-thumbnail=\"https:\/\/www.portovenere.fr\/fr-fr\/wp-content\/uploads\/2023\/01\/carrelage-salle-de-bain-aspect-marbre-Epigone-Aqua-proche-Montpellier-Herault-34-Porto-Venere-150x150.jpg\" data-width=\"150\" data-height=\"150\" aria-label=\"Carrelage effet marbre grand format sol et mur Epigone Luxe\" role=\"img\" ><\/div>\n\t\t\t\t\t\t\t\t\t\t\t<div class=\"elementor-gallery-item__overlay\"><\/div>\n\t\t\t\t\t\t\t\t\t\t\t\t\t\t<\/div>\n\t\t\t\t\t\t\t<div class=\"e-gallery-item elementor-gallery-item elementor-animated-content\">\n\t\t\t\t\t<div class=\"e-gallery-image elementor-gallery-item__image\" data-thumbnail=\"https:\/\/www.portovenere.fr\/fr-fr\/wp-content\/uploads\/2023\/01\/Carrelage-salle-de-bain-aspect-marbre-Epigone-Brown-pres-de-Saint-Jean-De-Vedas_Herault_34-150x150.jpg\" data-width=\"150\" data-height=\"150\" aria-label=\"Carrelage effet marbre grand format sol et mur Epigone Luxe\" role=\"img\" ><\/div>\n\t\t\t\t\t\t\t\t\t\t\t<div class=\"elementor-gallery-item__overlay\"><\/div>\n\t\t\t\t\t\t\t\t\t\t\t\t\t\t<\/div>\n\t\t\t\t\t\t\t<div class=\"e-gallery-item elementor-gallery-item elementor-animated-content\">\n\t\t\t\t\t<div class=\"e-gallery-image elementor-gallery-item__image\" data-thumbnail=\"https:\/\/www.portovenere.fr\/fr-fr\/wp-content\/uploads\/2023\/01\/Carrelage-salle-de-bain-aspect-marbre-Epigone-Azure-proche-de-Montpellier_Herault_34-Porto-Venere-150x150.jpg\" data-width=\"150\" data-height=\"150\" aria-label=\"Carrelage effet marbre grand format sol et mur Epigone Luxe\" role=\"img\" ><\/div>\n\t\t\t\t\t\t\t\t\t\t\t<div class=\"elementor-gallery-item__overlay\"><\/div>\n\t\t\t\t\t\t\t\t\t\t\t\t\t\t<\/div>\n\t\t\t\t\t\t\t<div class=\"e-gallery-item elementor-gallery-item elementor-animated-content\">\n\t\t\t\t\t<div class=\"e-gallery-image elementor-gallery-item__image\" data-thumbnail=\"https:\/\/www.portovenere.fr\/fr-fr\/wp-content\/uploads\/2023\/01\/Carrelage-de-deco-Epigone-Picket-Cloud-et-Emerald-pres-de-Montpellier-Herault-34-Porto-Venere-150x150.jpg\" data-width=\"150\" data-height=\"150\" aria-label=\"\" role=\"img\" ><\/div>\n\t\t\t\t\t\t\t\t\t\t\t<div class=\"elementor-gallery-item__overlay\"><\/div>\n\t\t\t\t\t\t\t\t\t\t\t\t\t\t<\/div>\n\t\t\t\t\t\t\t<div class=\"e-gallery-item elementor-gallery-item elementor-animated-content\">\n\t\t\t\t\t<div class=\"e-gallery-image elementor-gallery-item__image\" data-thumbnail=\"https:\/\/www.portovenere.fr\/fr-fr\/wp-content\/uploads\/2023\/01\/Carrelage-de-deco-Epigone-Trinity-proche-de-Saint-Jean-De-Vedas-Herault-34-Porto-Venere-150x150.jpg\" data-width=\"150\" data-height=\"150\" aria-label=\"Carrelage de d\u00e9coration Epigone Trinity\" role=\"img\" ><\/div>\n\t\t\t\t\t\t\t\t\t\t\t<div class=\"elementor-gallery-item__overlay\"><\/div>\n\t\t\t\t\t\t\t\t\t\t\t\t\t\t<\/div>\n\t\t\t\t\t\t\t<div class=\"e-gallery-item elementor-gallery-item elementor-animated-content\">\n\t\t\t\t\t<div class=\"e-gallery-image elementor-gallery-item__image\" data-thumbnail=\"https:\/\/www.portovenere.fr\/fr-fr\/wp-content\/uploads\/2023\/01\/Carrelage-de-deco-mosaique-Maze-proche-de-Sussargues-Porto-Venere-150x150.jpg\" data-width=\"150\" data-height=\"150\" aria-label=\"Carrelage de d\u00e9coration Mosaique Epigone Maze\" role=\"img\" ><\/div>\n\t\t\t\t\t\t\t\t\t\t\t<div class=\"elementor-gallery-item__overlay\"><\/div>\n\t\t\t\t\t\t\t\t\t\t\t\t\t\t<\/div>\n\t\t\t\t\t<\/div>\n\t\t\t\t\t<\/div>\n\t\t\t\t<\/div>\n\t\t\t\t<div class=\"elementor-element elementor-element-7361793f elementor-widget elementor-widget-text-editor\" data-id=\"7361793f\" data-element_type=\"widget\" data-e-type=\"widget\" data-widget_type=\"text-editor.default\">\n\t\t\t\t<div class=\"elementor-widget-container\">\n\t\t\t\t\t\t\t\t\t<div>\n<div data-vce-full-width=\"true\" data-vce-stretch-content=\"true\" data-vce-do-apply=\"all el-3641d200\">\n<div data-vce-element-content=\"true\">\n<div>\n<div data-vce-do-apply=\"border margin background el-ba2d2d3f\">\n<div data-vce-element-content=\"true\" data-vce-do-apply=\"padding el-ba2d2d3f\">\n<div>\n<div data-vce-do-apply=\"all el-78a3e964\">\n<div>\n<div data-vce-do-apply=\"all el-faca387d\">Cette collection existe en plusieurs coloris :&nbsp;<b>Cloud<\/b>&nbsp;(Beige),&nbsp;<b>Brown<\/b>&nbsp;(Marron et veine blanche),&nbsp;<b>Emerald<\/b>&nbsp;(Vert mate et veine blanche),&nbsp;<b>Aqua<\/b>&nbsp;(Vert et blanc),&nbsp;<b>Flame<\/b>&nbsp;(Marron et Beige) et pour finir&nbsp;<b>Azure<\/b>&nbsp;(Bleu et veine rouille).&nbsp;<\/div>\n<\/div>\n<\/div>\n<\/div>\n<\/div>\n<\/div>\n<\/div>\n<\/div>\n<\/div>\n<\/div>\n<div>\n<div data-vce-full-width=\"true\" data-vce-stretch-content=\"true\" data-vce-do-apply=\"all el-c7844cbc\">\n<div data-vce-element-content=\"true\">\n<div data-vce-do-apply=\"border margin background el-bd023295\" data-vce-animate=\"vce-o-animate--fadeIn\">\n<div data-vce-element-content=\"true\" data-vce-do-apply=\"padding el-bd023295\">\n<div data-vce-do-apply=\"all el-47ee2249\">\n<p><strong>Epigone<\/strong>&nbsp;est une gamme de carrelage en&nbsp;<strong>gr\u00e8s c\u00e9rame<\/strong>&nbsp;tr\u00e8s&nbsp;<strong>contemporain<\/strong>&nbsp;pour&nbsp;<strong>sol<\/strong>&nbsp;et&nbsp;<strong>mur<\/strong>&nbsp;en int\u00e9rieur. Ce mod\u00e8le offre un large choix de formats :&nbsp;<b>60\u00d7120 cm, 120\u00d7120 cm, 120\u00d7240 cm et 120\u00d7280 cm<\/b><strong>.<\/strong>&nbsp;Il existe \u00e9galement 2 types de finitions pour ce mod\u00e8le,&nbsp;<strong>Glossy<\/strong>&nbsp;(Brillant) ou&nbsp;<strong>Matt Silk<\/strong>&nbsp;(Naturel mat) ou Matte (Mat).<\/p>\n<p>Ce gr\u00e8s c\u00e9rame s\u2019inspire des palais, des sculptures et des monuments du Vieux Continent r\u00e9alis\u00e9s \u00e0 l\u2019aide de&nbsp;<strong>marbres color\u00e9s<\/strong>, consid\u00e9r\u00e9s quasiment comme une forme de peinture divine, gr\u00e2ce aux&nbsp;<strong>veines vives<\/strong>&nbsp;et au large choix de&nbsp;<strong>nuances<\/strong>.&nbsp;<\/p>\n<\/div>\n<\/div>\n<\/div>\n<\/div>\n<\/div>\n<\/div>\t\t\t\t\t\t\t\t<\/div>\n\t\t\t\t<\/div>\n\t\t\t\t<div class=\"elementor-element elementor-element-1063c233 elementor-mobile-align-center elementor-align-left elementor-widget elementor-widget-button\" data-id=\"1063c233\" data-element_type=\"widget\" data-e-type=\"widget\" data-widget_type=\"button.default\">\n\t\t\t\t<div class=\"elementor-widget-container\">\n\t\t\t\t\t\t\t\t\t<div class=\"elementor-button-wrapper\">\n\t\t\t\t\t<a class=\"elementor-button elementor-button-link elementor-size-sm\" href=\"https:\/\/www.portovenere.fr\/fr-fr\/carrelage-sol-et-mur-en-gres-cerame-et-faience\/carrelage-aspect-marbre\/carrelage-effet-marbre-grand-format-epigone-luxe\/\">\n\t\t\t\t\t\t<span class=\"elementor-button-content-wrapper\">\n\t\t\t\t\t\t\t\t\t<span class=\"elementor-button-text\">Voir la collection<\/span>\n\t\t\t\t\t<\/span>\n\t\t\t\t\t<\/a>\n\t\t\t\t<\/div>\n\t\t\t\t\t\t\t\t<\/div>\n\t\t\t\t<\/div>\n\t\t\t\t\t<\/div>\n\t\t<\/div>\n\t\t\t\t<div class=\"elementor-column elementor-col-33 elementor-top-column elementor-element elementor-element-659100e7 elementor-invisible\" data-id=\"659100e7\" data-element_type=\"column\" data-e-type=\"column\" data-settings=\"{&quot;animation&quot;:&quot;fadeIn&quot;,&quot;background_background&quot;:&quot;classic&quot;}\">\n\t\t\t<div class=\"elementor-widget-wrap elementor-element-populated\">\n\t\t\t\t\t\t<div class=\"elementor-element elementor-element-72e602db elementor-widget elementor-widget-image\" data-id=\"72e602db\" data-element_type=\"widget\" data-e-type=\"widget\" data-widget_type=\"image.default\">\n\t\t\t\t<div class=\"elementor-widget-container\">\n\t\t\t\t\t\t\t\t\t\t\t\t\t\t\t\t<a href=\"https:\/\/www.portovenere.fr\/fr-fr\/carrelage-sol-et-mur-en-gres-cerame-et-faience\/carrelage-aspect-pierre\/carrelage-effet-pierre-piasentina-drakara\/\">\n\t\t\t\t\t\t\t<img decoding=\"async\" src=\"https:\/\/www.portovenere.fr\/fr-fr\/wp-content\/uploads\/elementor\/thumbs\/Carrelage-effet-pierre-Piasentina-DRAKARA-Flame-dark-grand-format-xxl-pour-sol-et-mur-interieur-exterieur-proche-de-Baillargues-34--r8ifmikkhmuevawtyi1o7xojcgx2vry9wfdkp3hufs.jpg\" title=\"Carrelage-effet-pierre-Piasentina-DRAKARA-Flame-dark-grand-format-xxl-pour-sol-et-mur-int\u00e9rieur-ext\u00e9rieur-proche-de-Baillargues-34-\" alt=\"Carrelage-effet-pierre-Piasentina-DRAKARA-Flame-dark-grand-format-xxl-pour-sol-et-mur-int\u00e9rieur-ext\u00e9rieur-proche-de-Baillargues-34-\" loading=\"lazy\" \/>\t\t\t\t\t\t\t\t<\/a>\n\t\t\t\t\t\t\t\t\t\t\t\t\t\t\t<\/div>\n\t\t\t\t<\/div>\n\t\t\t\t<section class=\"elementor-section elementor-inner-section elementor-element elementor-element-289577cf elementor-section-boxed elementor-section-height-default elementor-section-height-default elementor-invisible\" data-id=\"289577cf\" data-element_type=\"section\" data-e-type=\"section\" data-settings=\"{&quot;background_background&quot;:&quot;classic&quot;,&quot;animation&quot;:&quot;fadeIn&quot;}\">\n\t\t\t\t\t\t<div class=\"elementor-container elementor-column-gap-default\">\n\t\t\t\t\t<div class=\"elementor-column elementor-col-100 elementor-inner-column elementor-element elementor-element-814a2d2\" data-id=\"814a2d2\" data-element_type=\"column\" data-e-type=\"column\">\n\t\t\t<div class=\"elementor-widget-wrap elementor-element-populated\">\n\t\t\t\t\t\t<div class=\"elementor-element elementor-element-26d4036c elementor-widget elementor-widget-heading\" data-id=\"26d4036c\" data-element_type=\"widget\" data-e-type=\"widget\" data-widget_type=\"heading.default\">\n\t\t\t\t<div class=\"elementor-widget-container\">\n\t\t\t\t\t<h3 class=\"elementor-heading-title elementor-size-default\"><a href=\"https:\/\/www.portovenere.fr\/fr-fr\/carrelage-sol-et-mur-en-gres-cerame-et-faience\/carrelage-aspect-pierre\/carrelage-effet-pierre-piasentina-drakara\/\">DRAKARA | 4 coloris<\/a><\/h3>\t\t\t\t<\/div>\n\t\t\t\t<\/div>\n\t\t\t\t<div class=\"elementor-element elementor-element-6a4abef4 elementor-widget__width-initial elementor-widget elementor-widget-gallery\" data-id=\"6a4abef4\" data-element_type=\"widget\" data-e-type=\"widget\" data-settings=\"{&quot;gap&quot;:{&quot;unit&quot;:&quot;px&quot;,&quot;size&quot;:3,&quot;sizes&quot;:[]},&quot;columns_mobile&quot;:3,&quot;gap_mobile&quot;:{&quot;unit&quot;:&quot;px&quot;,&quot;size&quot;:6,&quot;sizes&quot;:[]},&quot;columns&quot;:5,&quot;columns_tablet&quot;:3,&quot;gap_tablet&quot;:{&quot;unit&quot;:&quot;px&quot;,&quot;size&quot;:5,&quot;sizes&quot;:[]},&quot;lazyload&quot;:&quot;yes&quot;,&quot;gallery_layout&quot;:&quot;grid&quot;,&quot;aspect_ratio&quot;:&quot;3:2&quot;,&quot;overlay_background&quot;:&quot;yes&quot;,&quot;content_hover_animation&quot;:&quot;fade-in&quot;}\" data-widget_type=\"gallery.default\">\n\t\t\t\t<div class=\"elementor-widget-container\">\n\t\t\t\t\t\t\t<div class=\"elementor-gallery__container\">\n\t\t\t\t\t\t\t<div class=\"e-gallery-item elementor-gallery-item elementor-animated-content\">\n\t\t\t\t\t<div class=\"e-gallery-image elementor-gallery-item__image\" data-thumbnail=\"https:\/\/www.portovenere.fr\/fr-fr\/wp-content\/uploads\/2024\/10\/Carrelage-gres-cerame-effet-pierre-naturelle-piasentina-Drakara-satin-dark-sol-et-mur-proche-de-Lattes-34-150x150.jpg\" data-width=\"150\" data-height=\"150\" aria-label=\"\" role=\"img\" ><\/div>\n\t\t\t\t\t\t\t\t\t\t\t<div class=\"elementor-gallery-item__overlay\"><\/div>\n\t\t\t\t\t\t\t\t\t\t\t\t\t\t<\/div>\n\t\t\t\t\t\t\t<div class=\"e-gallery-item elementor-gallery-item elementor-animated-content\">\n\t\t\t\t\t<div class=\"e-gallery-image elementor-gallery-item__image\" data-thumbnail=\"https:\/\/www.portovenere.fr\/fr-fr\/wp-content\/uploads\/2024\/10\/Carrelage-gres-cerame-effet-pierre-naturelle-piasentina-Drakara-flame-light-sol-et-mur-proche-de-Sete-34-150x150.jpg\" data-width=\"150\" data-height=\"150\" aria-label=\"\" role=\"img\" ><\/div>\n\t\t\t\t\t\t\t\t\t\t\t<div class=\"elementor-gallery-item__overlay\"><\/div>\n\t\t\t\t\t\t\t\t\t\t\t\t\t\t<\/div>\n\t\t\t\t\t\t\t<div class=\"e-gallery-item elementor-gallery-item elementor-animated-content\">\n\t\t\t\t\t<div class=\"e-gallery-image elementor-gallery-item__image\" data-thumbnail=\"https:\/\/www.portovenere.fr\/fr-fr\/wp-content\/uploads\/2024\/10\/Carrelage-gres-cerame-effet-pierre-naturelle-piasentina-Drakara-flame-dark-sol-et-mur-proche-de-saint-clement-de-riviere-34-e1728377883503-150x150.jpg\" data-width=\"150\" data-height=\"150\" aria-label=\"\" role=\"img\" ><\/div>\n\t\t\t\t\t\t\t\t\t\t\t<div class=\"elementor-gallery-item__overlay\"><\/div>\n\t\t\t\t\t\t\t\t\t\t\t\t\t\t<\/div>\n\t\t\t\t\t\t\t<div class=\"e-gallery-item elementor-gallery-item elementor-animated-content\">\n\t\t\t\t\t<div class=\"e-gallery-image elementor-gallery-item__image\" data-thumbnail=\"https:\/\/www.portovenere.fr\/fr-fr\/wp-content\/uploads\/2024\/10\/Carrelage-gres-cerame-effet-pierre-naturelle-piasentina-Drakara-brushed-light-sol-et-mur-a-Montpellier-34-150x150.jpg\" data-width=\"150\" data-height=\"150\" aria-label=\"\" role=\"img\" ><\/div>\n\t\t\t\t\t\t\t\t\t\t\t<div class=\"elementor-gallery-item__overlay\"><\/div>\n\t\t\t\t\t\t\t\t\t\t\t\t\t\t<\/div>\n\t\t\t\t\t\t\t<div class=\"e-gallery-item elementor-gallery-item elementor-animated-content\">\n\t\t\t\t\t<div class=\"e-gallery-image elementor-gallery-item__image\" data-thumbnail=\"https:\/\/www.portovenere.fr\/fr-fr\/wp-content\/uploads\/2024\/10\/Carrelage-gres-cerame-effet-pierre-lisse-ou-cannete-relief-strie-Drakara-Flame-light-magasin-carrelage-Porto-venere-a-Montpellier-34-150x150.jpg\" data-width=\"150\" data-height=\"150\" aria-label=\"\" role=\"img\" ><\/div>\n\t\t\t\t\t\t\t\t\t\t\t<div class=\"elementor-gallery-item__overlay\"><\/div>\n\t\t\t\t\t\t\t\t\t\t\t\t\t\t<\/div>\n\t\t\t\t\t<\/div>\n\t\t\t\t\t<\/div>\n\t\t\t\t<\/div>\n\t\t\t\t<div class=\"elementor-element elementor-element-20a0a202 elementor-widget elementor-widget-text-editor\" data-id=\"20a0a202\" data-element_type=\"widget\" data-e-type=\"widget\" data-widget_type=\"text-editor.default\">\n\t\t\t\t<div class=\"elementor-widget-container\">\n\t\t\t\t\t\t\t\t\t<p>Ce<b>\u00a0carrelage\u00a0gr\u00e8s c\u00e9rame<\/b>\u00a0effet\u00a0<a href=\"https:\/\/it.wikipedia.org\/wiki\/Pietra_Piasentina\" target=\"_blank\" rel=\"noopener\"><b>pierre naturelle Piasentina<\/b><\/a>\u00a0est con\u00e7u pour une\u00a0<b>pose murale\u00a0<\/b>mais aussi une<b>\u00a0pose au sol en int\u00e9rieur et<\/b>\u00a0en\u00a0<b>ext\u00e9rieur.<\/b><\/p><p><strong>Les 3<\/strong>\u00a0<b>finitions\u00a0<\/b>propos\u00e9es sont :\u00a0Soft (<b>l\u00e9g\u00e8rement satin\u00e9<\/b>),\u00a0<b>naturel mat\u00a0<\/b>(R10 B) et R+PTV (R11\u00a0<b>antid\u00e9rapant<\/b>).<\/p><p>Ce<b>\u00a0<\/b>gr\u00e8s c\u00e9rame de\u00a0<b>haut qualit\u00e9<\/b>\u00a0propose\u00a0<b>4\u00a0coloris<\/b><b>\u00a0<\/b>:\u00a0Brushed Light, Flame Light, Flame Dark et Satin Dark.<\/p><p>La collection Drakara propose des<b>\u00a0formats en fine \u00e9paisseur de 6 mm<\/b>\u00a0: maxi format XXL 120 x 280 cm, 120 x 240 cm, 120 x120 cm, 60 x120 cm en\u00a0<b>finition naturelle mate ou soft<\/b>\u00a0(selon coloris).\u00a0<\/p><p>Une\u00a0<b>\u00e9paisseur de 9 mm<\/b>\u00a0est propos\u00e9e en format 80 x 180 cm, 120 x 120 cm, 60 x 120 cm, 60 x 60 cm.<\/p><p>Le coloris Flame Light propose un format en\u00a0<b>dalles 20 mm antid\u00e9rapantes<\/b>\u00a060 x 120 cm pour pose sur plot, pose sur chappe ciment avec colle \u00e0 double encollage, sur gravier ou sur gazon. ce coloris est \u00e9galement disponible en<b>\u00a0motif cannet\u00e9<\/b>\u00a060 x 120 cm.<\/p>\t\t\t\t\t\t\t\t<\/div>\n\t\t\t\t<\/div>\n\t\t\t\t<div class=\"elementor-element elementor-element-323f2da4 elementor-mobile-align-center elementor-widget elementor-widget-button\" data-id=\"323f2da4\" data-element_type=\"widget\" data-e-type=\"widget\" data-widget_type=\"button.default\">\n\t\t\t\t<div class=\"elementor-widget-container\">\n\t\t\t\t\t\t\t\t\t<div class=\"elementor-button-wrapper\">\n\t\t\t\t\t<a class=\"elementor-button elementor-button-link elementor-size-sm\" href=\"https:\/\/www.portovenere.fr\/fr-fr\/carrelage-sol-et-mur-en-gres-cerame-et-faience\/carrelage-aspect-pierre\/carrelage-effet-pierre-piasentina-drakara\/\">\n\t\t\t\t\t\t<span class=\"elementor-button-content-wrapper\">\n\t\t\t\t\t\t\t\t\t<span class=\"elementor-button-text\">VOIR LA COLLECTION<\/span>\n\t\t\t\t\t<\/span>\n\t\t\t\t\t<\/a>\n\t\t\t\t<\/div>\n\t\t\t\t\t\t\t\t<\/div>\n\t\t\t\t<\/div>\n\t\t\t\t\t<\/div>\n\t\t<\/div>\n\t\t\t\t\t<\/div>\n\t\t<\/section>\n\t\t\t\t\t<\/div>\n\t\t<\/div>\n\t\t\t\t\t<\/div>\n\t\t<\/section>\n\t\t\t\t<section class=\"elementor-section elementor-top-section elementor-element elementor-element-376e245e elementor-section-full_width elementor-section-height-default elementor-section-height-default\" data-id=\"376e245e\" data-element_type=\"section\" data-e-type=\"section\">\n\t\t\t\t\t\t<div class=\"elementor-container elementor-column-gap-default\">\n\t\t\t\t\t<div class=\"elementor-column elementor-col-33 elementor-top-column elementor-element elementor-element-40f2d05a elementor-invisible\" data-id=\"40f2d05a\" data-element_type=\"column\" data-e-type=\"column\" data-settings=\"{&quot;animation&quot;:&quot;fadeIn&quot;,&quot;background_background&quot;:&quot;classic&quot;}\">\n\t\t\t<div class=\"elementor-widget-wrap elementor-element-populated\">\n\t\t\t\t\t\t<div class=\"elementor-element elementor-element-77c45d22 elementor-widget elementor-widget-image\" data-id=\"77c45d22\" data-element_type=\"widget\" data-e-type=\"widget\" data-widget_type=\"image.default\">\n\t\t\t\t<div class=\"elementor-widget-container\">\n\t\t\t\t\t\t\t\t\t\t\t\t\t\t\t\t<a href=\"https:\/\/www.portovenere.fr\/fr-fr\/carrelage-sol-et-mur-en-gres-cerame-et-faience\/carrelage-contemporain-et-design\/carrelage-contemporain-aspect-beton-banche\/\">\n\t\t\t\t\t\t\t<img decoding=\"async\" src=\"https:\/\/www.portovenere.fr\/fr-fr\/wp-content\/uploads\/elementor\/thumbs\/B\u00e9ton-banch\u00e9-Greige-Uni-et-D\u00e9cor-r8iac2hmm43arwblyjao5gak77ik1bwrz7swoquctk.jpg\" title=\"B\u00e9ton-banch\u00e9-Greige-Uni-et-D\u00e9cor\" alt=\"B\u00e9ton-banch\u00e9-Greige-Uni-et-D\u00e9cor\" loading=\"lazy\" \/>\t\t\t\t\t\t\t\t<\/a>\n\t\t\t\t\t\t\t\t\t\t\t\t\t\t\t<\/div>\n\t\t\t\t<\/div>\n\t\t\t\t<section class=\"elementor-section elementor-inner-section elementor-element elementor-element-26ea6ebc elementor-section-boxed elementor-section-height-default elementor-section-height-default elementor-invisible\" data-id=\"26ea6ebc\" data-element_type=\"section\" data-e-type=\"section\" data-settings=\"{&quot;background_background&quot;:&quot;classic&quot;,&quot;animation&quot;:&quot;fadeIn&quot;}\">\n\t\t\t\t\t\t<div class=\"elementor-container elementor-column-gap-default\">\n\t\t\t\t\t<div class=\"elementor-column elementor-col-100 elementor-inner-column elementor-element elementor-element-42e9c24f\" data-id=\"42e9c24f\" data-element_type=\"column\" data-e-type=\"column\">\n\t\t\t<div class=\"elementor-widget-wrap elementor-element-populated\">\n\t\t\t\t\t\t<div class=\"elementor-element elementor-element-e6e16f elementor-widget elementor-widget-heading\" data-id=\"e6e16f\" data-element_type=\"widget\" data-e-type=\"widget\" data-widget_type=\"heading.default\">\n\t\t\t\t<div class=\"elementor-widget-container\">\n\t\t\t\t\t<h3 class=\"elementor-heading-title elementor-size-default\"><a href=\"https:\/\/www.portovenere.fr\/fr-fr\/carrelage-sol-et-mur-en-gres-cerame-et-faience\/carrelage-contemporain-et-design\/carrelage-contemporain-aspect-beton-banche\/\">B\u00c9TON BANCH\u00c9 | 3 coloris<\/a><\/h3>\t\t\t\t<\/div>\n\t\t\t\t<\/div>\n\t\t\t\t<div class=\"elementor-element elementor-element-7f92744 elementor-widget__width-initial elementor-widget elementor-widget-gallery\" data-id=\"7f92744\" data-element_type=\"widget\" data-e-type=\"widget\" data-settings=\"{&quot;gap&quot;:{&quot;unit&quot;:&quot;px&quot;,&quot;size&quot;:3,&quot;sizes&quot;:[]},&quot;columns_mobile&quot;:3,&quot;gap_mobile&quot;:{&quot;unit&quot;:&quot;px&quot;,&quot;size&quot;:6,&quot;sizes&quot;:[]},&quot;columns&quot;:5,&quot;columns_tablet&quot;:3,&quot;gap_tablet&quot;:{&quot;unit&quot;:&quot;px&quot;,&quot;size&quot;:5,&quot;sizes&quot;:[]},&quot;lazyload&quot;:&quot;yes&quot;,&quot;gallery_layout&quot;:&quot;grid&quot;,&quot;aspect_ratio&quot;:&quot;3:2&quot;,&quot;overlay_background&quot;:&quot;yes&quot;,&quot;content_hover_animation&quot;:&quot;fade-in&quot;}\" data-widget_type=\"gallery.default\">\n\t\t\t\t<div class=\"elementor-widget-container\">\n\t\t\t\t\t\t\t<div class=\"elementor-gallery__container\">\n\t\t\t\t\t\t\t<div class=\"e-gallery-item elementor-gallery-item elementor-animated-content\">\n\t\t\t\t\t<div class=\"e-gallery-image elementor-gallery-item__image\" data-thumbnail=\"https:\/\/www.portovenere.fr\/fr-fr\/wp-content\/uploads\/2019\/08\/B\u00e9ton-banch\u00e9-uni-Grigio-Chiaro-150x150.jpg\" data-width=\"150\" data-height=\"150\" aria-label=\"\" role=\"img\" ><\/div>\n\t\t\t\t\t\t\t\t\t\t\t<div class=\"elementor-gallery-item__overlay\"><\/div>\n\t\t\t\t\t\t\t\t\t\t\t\t\t\t<\/div>\n\t\t\t\t\t\t\t<div class=\"e-gallery-item elementor-gallery-item elementor-animated-content\">\n\t\t\t\t\t<div class=\"e-gallery-image elementor-gallery-item__image\" data-thumbnail=\"https:\/\/www.portovenere.fr\/fr-fr\/wp-content\/uploads\/2019\/08\/B\u00e9ton-banch\u00e9-uni-Grigio-Scuro-150x150.jpg\" data-width=\"150\" data-height=\"150\" aria-label=\"\" role=\"img\" ><\/div>\n\t\t\t\t\t\t\t\t\t\t\t<div class=\"elementor-gallery-item__overlay\"><\/div>\n\t\t\t\t\t\t\t\t\t\t\t\t\t\t<\/div>\n\t\t\t\t\t\t\t<div class=\"e-gallery-item elementor-gallery-item elementor-animated-content\">\n\t\t\t\t\t<div class=\"e-gallery-image elementor-gallery-item__image\" data-thumbnail=\"https:\/\/www.portovenere.fr\/fr-fr\/wp-content\/uploads\/2019\/08\/B\u00e9ton-banch\u00e9-uni-Greige-150x150.jpg\" data-width=\"150\" data-height=\"150\" aria-label=\"\" role=\"img\" ><\/div>\n\t\t\t\t\t\t\t\t\t\t\t<div class=\"elementor-gallery-item__overlay\"><\/div>\n\t\t\t\t\t\t\t\t\t\t\t\t\t\t<\/div>\n\t\t\t\t\t\t\t<div class=\"e-gallery-item elementor-gallery-item elementor-animated-content\">\n\t\t\t\t\t<div class=\"e-gallery-image elementor-gallery-item__image\" data-thumbnail=\"https:\/\/www.portovenere.fr\/fr-fr\/wp-content\/uploads\/2019\/08\/B\u00e9ton-banch\u00e9-D\u00e9cor-Grigio-Scuro-150x150.jpg\" data-width=\"150\" data-height=\"150\" aria-label=\"\" role=\"img\" ><\/div>\n\t\t\t\t\t\t\t\t\t\t\t<div class=\"elementor-gallery-item__overlay\"><\/div>\n\t\t\t\t\t\t\t\t\t\t\t\t\t\t<\/div>\n\t\t\t\t\t\t\t<div class=\"e-gallery-item elementor-gallery-item elementor-animated-content\">\n\t\t\t\t\t<div class=\"e-gallery-image elementor-gallery-item__image\" data-thumbnail=\"https:\/\/www.portovenere.fr\/fr-fr\/wp-content\/uploads\/2019\/08\/B\u00e9ton-banch\u00e9-D\u00e9cor-Greige-150x150.jpg\" data-width=\"150\" data-height=\"150\" aria-label=\"\" role=\"img\" ><\/div>\n\t\t\t\t\t\t\t\t\t\t\t<div class=\"elementor-gallery-item__overlay\"><\/div>\n\t\t\t\t\t\t\t\t\t\t\t\t\t\t<\/div>\n\t\t\t\t\t\t\t<div class=\"e-gallery-item elementor-gallery-item elementor-animated-content\">\n\t\t\t\t\t<div class=\"e-gallery-image elementor-gallery-item__image\" data-thumbnail=\"https:\/\/www.portovenere.fr\/fr-fr\/wp-content\/uploads\/2019\/08\/B\u00e9ton-banch\u00e9-D\u00e9cor-Grigio-Chiaro-150x150.jpg\" data-width=\"150\" data-height=\"150\" aria-label=\"\" role=\"img\" ><\/div>\n\t\t\t\t\t\t\t\t\t\t\t<div class=\"elementor-gallery-item__overlay\"><\/div>\n\t\t\t\t\t\t\t\t\t\t\t\t\t\t<\/div>\n\t\t\t\t\t<\/div>\n\t\t\t\t\t<\/div>\n\t\t\t\t<\/div>\n\t\t\t\t<div class=\"elementor-element elementor-element-75b2b649 elementor-widget elementor-widget-text-editor\" data-id=\"75b2b649\" data-element_type=\"widget\" data-e-type=\"widget\" data-widget_type=\"text-editor.default\">\n\t\t\t\t<div class=\"elementor-widget-container\">\n\t\t\t\t\t\t\t\t\t<p>Carrelage en gr\u00e8s c\u00e9rame aspect b\u00e9ton disponible en 3 tonalit\u00e9s d\u00e9clin\u00e9es en 2 finitions : \u00ab\u00a0D\u00e9cor\u00a0\u00bb et \u00ab\u00a0Uni\u00a0\u00bb. La finition D\u00e9cor exclusivement r\u00e9serv\u00e9e pour une pose murale, a pour signe distinctif un point laiss\u00e9 par la matrice sur le ciment.\u00a0<\/p>\t\t\t\t\t\t\t\t<\/div>\n\t\t\t\t<\/div>\n\t\t\t\t<div class=\"elementor-element elementor-element-a432d7 elementor-mobile-align-center elementor-widget elementor-widget-button\" data-id=\"a432d7\" data-element_type=\"widget\" data-e-type=\"widget\" data-widget_type=\"button.default\">\n\t\t\t\t<div class=\"elementor-widget-container\">\n\t\t\t\t\t\t\t\t\t<div class=\"elementor-button-wrapper\">\n\t\t\t\t\t<a class=\"elementor-button elementor-button-link elementor-size-sm\" href=\"https:\/\/www.portovenere.fr\/fr-fr\/carrelage-sol-et-mur-en-gres-cerame-et-faience\/carrelage-contemporain-et-design\/carrelage-contemporain-aspect-beton-banche\/\">\n\t\t\t\t\t\t<span class=\"elementor-button-content-wrapper\">\n\t\t\t\t\t\t\t\t\t<span class=\"elementor-button-text\">Voir la collection<\/span>\n\t\t\t\t\t<\/span>\n\t\t\t\t\t<\/a>\n\t\t\t\t<\/div>\n\t\t\t\t\t\t\t\t<\/div>\n\t\t\t\t<\/div>\n\t\t\t\t\t<\/div>\n\t\t<\/div>\n\t\t\t\t\t<\/div>\n\t\t<\/section>\n\t\t\t\t\t<\/div>\n\t\t<\/div>\n\t\t\t\t<div class=\"elementor-column elementor-col-33 elementor-top-column elementor-element elementor-element-670e5902 elementor-invisible\" data-id=\"670e5902\" data-element_type=\"column\" data-e-type=\"column\" data-settings=\"{&quot;animation&quot;:&quot;fadeIn&quot;,&quot;background_background&quot;:&quot;classic&quot;}\">\n\t\t\t<div class=\"elementor-widget-wrap elementor-element-populated\">\n\t\t\t\t\t\t<section class=\"elementor-section elementor-inner-section elementor-element elementor-element-2d406b9e elementor-section-boxed elementor-section-height-default elementor-section-height-default elementor-invisible\" data-id=\"2d406b9e\" data-element_type=\"section\" data-e-type=\"section\" data-settings=\"{&quot;background_background&quot;:&quot;classic&quot;,&quot;animation&quot;:&quot;fadeIn&quot;}\">\n\t\t\t\t\t\t<div class=\"elementor-container elementor-column-gap-default\">\n\t\t\t\t\t<div class=\"elementor-column elementor-col-100 elementor-inner-column elementor-element elementor-element-2159f8d2\" data-id=\"2159f8d2\" data-element_type=\"column\" data-e-type=\"column\">\n\t\t\t<div class=\"elementor-widget-wrap elementor-element-populated\">\n\t\t\t\t\t\t<div class=\"elementor-element elementor-element-2b607909 elementor-widget elementor-widget-image\" data-id=\"2b607909\" data-element_type=\"widget\" data-e-type=\"widget\" data-widget_type=\"image.default\">\n\t\t\t\t<div class=\"elementor-widget-container\">\n\t\t\t\t\t\t\t\t\t\t\t\t\t\t\t\t<a href=\"https:\/\/www.portovenere.fr\/fr-fr\/carrelage-sol-et-mur-en-gres-cerame-et-faience\/les-creations-carrelage-decoratif-a-motifs-aspect-carreau-ciment\/carrelage-sol-et-mur-a-motifs-confettis-bleus-blugaia\/\">\n\t\t\t\t\t\t\t<img loading=\"lazy\" decoding=\"async\" width=\"768\" height=\"543\" src=\"https:\/\/www.portovenere.fr\/fr-fr\/wp-content\/uploads\/2025\/06\/Carrelage-gres-cerame-original-melange-confettis-bleus-et-matieres-BLUGAIA-Grigio-60x60-pour-sols-et-murs-Porto-Venere-a-Montpellier-34-768x543.jpg\" class=\"attachment-medium_large size-medium_large wp-image-61483\" alt=\"\" srcset=\"https:\/\/www.portovenere.fr\/fr-fr\/wp-content\/uploads\/2025\/06\/Carrelage-gres-cerame-original-melange-confettis-bleus-et-matieres-BLUGAIA-Grigio-60x60-pour-sols-et-murs-Porto-Venere-a-Montpellier-34-768x543.jpg 768w, https:\/\/www.portovenere.fr\/fr-fr\/wp-content\/uploads\/2025\/06\/Carrelage-gres-cerame-original-melange-confettis-bleus-et-matieres-BLUGAIA-Grigio-60x60-pour-sols-et-murs-Porto-Venere-a-Montpellier-34-300x212.jpg 300w, https:\/\/www.portovenere.fr\/fr-fr\/wp-content\/uploads\/2025\/06\/Carrelage-gres-cerame-original-melange-confettis-bleus-et-matieres-BLUGAIA-Grigio-60x60-pour-sols-et-murs-Porto-Venere-a-Montpellier-34.jpg 1024w\" sizes=\"(max-width: 768px) 100vw, 768px\" \/>\t\t\t\t\t\t\t\t<\/a>\n\t\t\t\t\t\t\t\t\t\t\t\t\t\t\t<\/div>\n\t\t\t\t<\/div>\n\t\t\t\t<div class=\"elementor-element elementor-element-39a63085 elementor-widget elementor-widget-heading\" data-id=\"39a63085\" data-element_type=\"widget\" data-e-type=\"widget\" data-widget_type=\"heading.default\">\n\t\t\t\t<div class=\"elementor-widget-container\">\n\t\t\t\t\t<h3 class=\"elementor-heading-title elementor-size-default\"><a href=\"https:\/\/www.portovenere.fr\/fr-fr\/carrelage-sol-et-mur-en-gres-cerame-et-faience\/les-creations-carrelage-decoratif-a-motifs-aspect-carreau-ciment\/carrelage-sol-et-mur-a-motifs-confettis-bleus-blugaia\/\">BLUGAIA | 3 coloris &amp; 2 finitions<\/a><\/h3>\t\t\t\t<\/div>\n\t\t\t\t<\/div>\n\t\t\t\t<div class=\"elementor-element elementor-element-5d50e60a elementor-widget__width-initial elementor-widget elementor-widget-gallery\" data-id=\"5d50e60a\" data-element_type=\"widget\" data-e-type=\"widget\" data-settings=\"{&quot;gap&quot;:{&quot;unit&quot;:&quot;px&quot;,&quot;size&quot;:3,&quot;sizes&quot;:[]},&quot;columns_mobile&quot;:3,&quot;gap_mobile&quot;:{&quot;unit&quot;:&quot;px&quot;,&quot;size&quot;:6,&quot;sizes&quot;:[]},&quot;columns&quot;:5,&quot;columns_tablet&quot;:3,&quot;gap_tablet&quot;:{&quot;unit&quot;:&quot;px&quot;,&quot;size&quot;:5,&quot;sizes&quot;:[]},&quot;lazyload&quot;:&quot;yes&quot;,&quot;gallery_layout&quot;:&quot;grid&quot;,&quot;aspect_ratio&quot;:&quot;3:2&quot;,&quot;overlay_background&quot;:&quot;yes&quot;,&quot;content_hover_animation&quot;:&quot;fade-in&quot;}\" data-widget_type=\"gallery.default\">\n\t\t\t\t<div class=\"elementor-widget-container\">\n\t\t\t\t\t\t\t<div class=\"elementor-gallery__container\">\n\t\t\t\t\t\t\t<div class=\"e-gallery-item elementor-gallery-item elementor-animated-content\">\n\t\t\t\t\t<div class=\"e-gallery-image elementor-gallery-item__image\" data-thumbnail=\"https:\/\/www.portovenere.fr\/fr-fr\/wp-content\/uploads\/2025\/06\/Carrelage-gres-cerame-decore-blanc-avec-incrustations-couleurs-Blugaia-maxi-bianco-magasin-pres-de-Perols-34-150x150.jpg\" data-width=\"150\" data-height=\"150\" aria-label=\"\" role=\"img\" ><\/div>\n\t\t\t\t\t\t\t\t\t\t\t<div class=\"elementor-gallery-item__overlay\"><\/div>\n\t\t\t\t\t\t\t\t\t\t\t\t\t\t<\/div>\n\t\t\t\t\t\t\t<div class=\"e-gallery-item elementor-gallery-item elementor-animated-content\">\n\t\t\t\t\t<div class=\"e-gallery-image elementor-gallery-item__image\" data-thumbnail=\"https:\/\/www.portovenere.fr\/fr-fr\/wp-content\/uploads\/2025\/06\/Carrelage-gres-cerame-decore-gris-avec-incrustations-couleurs-Blugaia-maxi-grafite-magasin-pres-de-La-Grande-Motte-34-150x150.jpg\" data-width=\"150\" data-height=\"150\" aria-label=\"\" role=\"img\" ><\/div>\n\t\t\t\t\t\t\t\t\t\t\t<div class=\"elementor-gallery-item__overlay\"><\/div>\n\t\t\t\t\t\t\t\t\t\t\t\t\t\t<\/div>\n\t\t\t\t\t\t\t<div class=\"e-gallery-item elementor-gallery-item elementor-animated-content\">\n\t\t\t\t\t<div class=\"e-gallery-image elementor-gallery-item__image\" data-thumbnail=\"https:\/\/www.portovenere.fr\/fr-fr\/wp-content\/uploads\/2025\/06\/Carrelage-gres-cerame-decore-gris-clair-avec-incrustations-couleurs-Blugaia-maxi-grigio-magasin-pres-de-Agde-34-150x150.jpg\" data-width=\"150\" data-height=\"150\" aria-label=\"\" role=\"img\" ><\/div>\n\t\t\t\t\t\t\t\t\t\t\t<div class=\"elementor-gallery-item__overlay\"><\/div>\n\t\t\t\t\t\t\t\t\t\t\t\t\t\t<\/div>\n\t\t\t\t\t\t\t<div class=\"e-gallery-item elementor-gallery-item elementor-animated-content\">\n\t\t\t\t\t<div class=\"e-gallery-image elementor-gallery-item__image\" data-thumbnail=\"https:\/\/www.portovenere.fr\/fr-fr\/wp-content\/uploads\/2025\/06\/Carrelage-gres-cerame-decore-blanc-avec-incrustations-couleurs-confettis-Blugaia-bianco-magasin-pres-de-Lattes-34-150x150.jpg\" data-width=\"150\" data-height=\"150\" aria-label=\"\" role=\"img\" ><\/div>\n\t\t\t\t\t\t\t\t\t\t\t<div class=\"elementor-gallery-item__overlay\"><\/div>\n\t\t\t\t\t\t\t\t\t\t\t\t\t\t<\/div>\n\t\t\t\t\t\t\t<div class=\"e-gallery-item elementor-gallery-item elementor-animated-content\">\n\t\t\t\t\t<div class=\"e-gallery-image elementor-gallery-item__image\" data-thumbnail=\"https:\/\/www.portovenere.fr\/fr-fr\/wp-content\/uploads\/2025\/06\/Carrelage-gres-cerame-decore-gris-avec-incrustations-couleurs-confettis-Blugaia-grafite-magasin-pres-de-Saint-Clement-de-Riviere-34-150x150.jpg\" data-width=\"150\" data-height=\"150\" aria-label=\"\" role=\"img\" ><\/div>\n\t\t\t\t\t\t\t\t\t\t\t<div class=\"elementor-gallery-item__overlay\"><\/div>\n\t\t\t\t\t\t\t\t\t\t\t\t\t\t<\/div>\n\t\t\t\t\t\t\t<div class=\"e-gallery-item elementor-gallery-item elementor-animated-content\">\n\t\t\t\t\t<div class=\"e-gallery-image elementor-gallery-item__image\" data-thumbnail=\"https:\/\/www.portovenere.fr\/fr-fr\/wp-content\/uploads\/2025\/06\/Carrelage-gres-cerame-decore-gris-clair-avec-incrustations-couleurs-confettis-Blugaia-grigio-magasin-pres-de-Palavas-34-150x150.jpg\" data-width=\"150\" data-height=\"150\" aria-label=\"\" role=\"img\" ><\/div>\n\t\t\t\t\t\t\t\t\t\t\t<div class=\"elementor-gallery-item__overlay\"><\/div>\n\t\t\t\t\t\t\t\t\t\t\t\t\t\t<\/div>\n\t\t\t\t\t<\/div>\n\t\t\t\t\t<\/div>\n\t\t\t\t<\/div>\n\t\t\t\t<div class=\"elementor-element elementor-element-7ecda3ac elementor-widget elementor-widget-text-editor\" data-id=\"7ecda3ac\" data-element_type=\"widget\" data-e-type=\"widget\" data-widget_type=\"text-editor.default\">\n\t\t\t\t<div class=\"elementor-widget-container\">\n\t\t\t\t\t\t\t\t\t<p>Transformez vos espaces int\u00e9rieurs et ext\u00e9rieurs avec le carrelage \u00e0 motifs confettis bleus BLUGAIA, une collection de gr\u00e8s c\u00e9rame d&rsquo;exception qui r\u00e9invente l&rsquo;esth\u00e9tique intemporelle du terrazzo. Id\u00e9al pour les sols et les murs, BLUGAIA apporte une touche d&rsquo;originalit\u00e9 et de modernit\u00e9 \u00e0 votre habitation ou votre projet professionnel \u00e0 Montpellier et dans l&rsquo;H\u00e9rault (34).<\/p><p data-sourcepos=\"7:1-7:430\">Son motif mouchet\u00e9, inspir\u00e9 du terrazzo traditionnel, est modernis\u00e9 par une palette de couleurs contemporaines et des inclusions vari\u00e9es, cr\u00e9ant un dynamisme visuel captivant. Que vous souhaitiez habiller un salon, une cuisine, une salle de bain ou une terrasse, BLUGAIA s&rsquo;adapte \u00e0 toutes vos envies.<\/p><p data-sourcepos=\"9:1-9:44\"><strong>Une Gamme Compl\u00e8te pour Tous Vos Projets<\/strong><\/p><p data-sourcepos=\"11:1-11:149\">Pour s&rsquo;adapter parfaitement \u00e0 votre d\u00e9coration et \u00e0 vos contraintes techniques, le carrelage BLUGAIA est disponible en plusieurs coloris et formats :<\/p><p data-sourcepos=\"11:1-11:149\"><b>Blanc (Bianco), Gris (Grigio) et Graphite (Grafite)<\/b> &#8211; formats <b>30&#215;30 cm, 60c60 cm et maxi format mural 120&#215;280 cm<\/b>.\u00a0<\/p><p data-sourcepos=\"23:3-23:17\"><strong>Finitions :<\/strong><\/p><p data-sourcepos=\"11:1-11:149\">\u00a0<\/p><ul data-sourcepos=\"24:5-26:0\"><li data-sourcepos=\"24:5-24:89\"><b>Naturelle<\/b> (R10) : Pour un rendu mat et authentique, offrant une excellente adh\u00e9rence.<\/li><li data-sourcepos=\"25:5-26:0\"><strong>Semi-poli :<\/strong> Disponible sur certains formats, cette finition apporte une l\u00e9g\u00e8re brillance et un toucher soyeux, soulignant la richesse des motifs.<\/li><\/ul><div>\u00a0<\/div>\t\t\t\t\t\t\t\t<\/div>\n\t\t\t\t<\/div>\n\t\t\t\t<div class=\"elementor-element elementor-element-6f93787f elementor-mobile-align-center elementor-widget elementor-widget-button\" data-id=\"6f93787f\" data-element_type=\"widget\" data-e-type=\"widget\" data-widget_type=\"button.default\">\n\t\t\t\t<div class=\"elementor-widget-container\">\n\t\t\t\t\t\t\t\t\t<div class=\"elementor-button-wrapper\">\n\t\t\t\t\t<a class=\"elementor-button elementor-button-link elementor-size-sm\" href=\"https:\/\/www.portovenere.fr\/fr-fr\/carrelage-sol-et-mur-en-gres-cerame-et-faience\/les-creations-carrelage-decoratif-a-motifs-aspect-carreau-ciment\/carrelage-sol-et-mur-a-motifs-confettis-bleus-blugaia\/\">\n\t\t\t\t\t\t<span class=\"elementor-button-content-wrapper\">\n\t\t\t\t\t\t\t\t\t<span class=\"elementor-button-text\">Voir la collection<\/span>\n\t\t\t\t\t<\/span>\n\t\t\t\t\t<\/a>\n\t\t\t\t<\/div>\n\t\t\t\t\t\t\t\t<\/div>\n\t\t\t\t<\/div>\n\t\t\t\t\t<\/div>\n\t\t<\/div>\n\t\t\t\t\t<\/div>\n\t\t<\/section>\n\t\t\t\t\t<\/div>\n\t\t<\/div>\n\t\t\t\t<div class=\"elementor-column elementor-col-33 elementor-top-column elementor-element elementor-element-289b2786\" data-id=\"289b2786\" data-element_type=\"column\" data-e-type=\"column\" data-settings=\"{&quot;background_background&quot;:&quot;classic&quot;}\">\n\t\t\t<div class=\"elementor-widget-wrap elementor-element-populated\">\n\t\t\t\t\t\t<div class=\"elementor-element elementor-element-317d6b1 elementor-widget elementor-widget-image\" data-id=\"317d6b1\" data-element_type=\"widget\" data-e-type=\"widget\" data-widget_type=\"image.default\">\n\t\t\t\t<div class=\"elementor-widget-container\">\n\t\t\t\t\t\t\t\t\t\t\t\t\t\t\t\t<a href=\"https:\/\/www.portovenere.fr\/fr-fr\/carrelage-sol-et-mur-en-gres-cerame-et-faience\/carrelage-aspect-pierre\/carrelage-aspect-pierre-naturelle-nuancee-pierre-de-sel\/\">\n\t\t\t\t\t\t\t<img loading=\"lazy\" decoding=\"async\" width=\"800\" height=\"605\" src=\"https:\/\/www.portovenere.fr\/fr-fr\/wp-content\/uploads\/2020\/03\/Carrelage-sol-de-salon-aspect-pierre-veinee-grise-Pierre-de-Sel-Gris-Celtique-1024x775.jpg\" class=\"attachment-large size-large wp-image-26385\" alt=\"\" srcset=\"https:\/\/www.portovenere.fr\/fr-fr\/wp-content\/uploads\/2020\/03\/Carrelage-sol-de-salon-aspect-pierre-veinee-grise-Pierre-de-Sel-Gris-Celtique-1024x775.jpg 1024w, https:\/\/www.portovenere.fr\/fr-fr\/wp-content\/uploads\/2020\/03\/Carrelage-sol-de-salon-aspect-pierre-veinee-grise-Pierre-de-Sel-Gris-Celtique-300x227.jpg 300w, https:\/\/www.portovenere.fr\/fr-fr\/wp-content\/uploads\/2020\/03\/Carrelage-sol-de-salon-aspect-pierre-veinee-grise-Pierre-de-Sel-Gris-Celtique-768x581.jpg 768w, https:\/\/www.portovenere.fr\/fr-fr\/wp-content\/uploads\/2020\/03\/Carrelage-sol-de-salon-aspect-pierre-veinee-grise-Pierre-de-Sel-Gris-Celtique.jpg 1200w\" sizes=\"(max-width: 800px) 100vw, 800px\" \/>\t\t\t\t\t\t\t\t<\/a>\n\t\t\t\t\t\t\t\t\t\t\t\t\t\t\t<\/div>\n\t\t\t\t<\/div>\n\t\t\t\t<div class=\"elementor-element elementor-element-503690df elementor-widget elementor-widget-heading\" data-id=\"503690df\" data-element_type=\"widget\" data-e-type=\"widget\" data-widget_type=\"heading.default\">\n\t\t\t\t<div class=\"elementor-widget-container\">\n\t\t\t\t\t<h3 class=\"elementor-heading-title elementor-size-default\"><a href=\"https:\/\/www.portovenere.fr\/fr-fr\/carrelage-sol-et-mur-en-gres-cerame-et-faience\/carrelage-aspect-pierre\/carrelage-aspect-pierre-naturelle-nuancee-pierre-de-sel\/\">PIERRE DE SEL | 5 coloris<\/a><\/h3>\t\t\t\t<\/div>\n\t\t\t\t<\/div>\n\t\t\t\t<div class=\"elementor-element elementor-element-20edfab6 elementor-widget__width-initial elementor-widget elementor-widget-gallery\" data-id=\"20edfab6\" data-element_type=\"widget\" data-e-type=\"widget\" data-settings=\"{&quot;gap&quot;:{&quot;unit&quot;:&quot;px&quot;,&quot;size&quot;:3,&quot;sizes&quot;:[]},&quot;columns_mobile&quot;:3,&quot;gap_mobile&quot;:{&quot;unit&quot;:&quot;px&quot;,&quot;size&quot;:6,&quot;sizes&quot;:[]},&quot;columns&quot;:5,&quot;columns_tablet&quot;:3,&quot;gap_tablet&quot;:{&quot;unit&quot;:&quot;px&quot;,&quot;size&quot;:5,&quot;sizes&quot;:[]},&quot;lazyload&quot;:&quot;yes&quot;,&quot;gallery_layout&quot;:&quot;grid&quot;,&quot;aspect_ratio&quot;:&quot;3:2&quot;,&quot;overlay_background&quot;:&quot;yes&quot;,&quot;content_hover_animation&quot;:&quot;fade-in&quot;}\" data-widget_type=\"gallery.default\">\n\t\t\t\t<div class=\"elementor-widget-container\">\n\t\t\t\t\t\t\t<div class=\"elementor-gallery__container\">\n\t\t\t\t\t\t\t<div class=\"e-gallery-item elementor-gallery-item elementor-animated-content\">\n\t\t\t\t\t<div class=\"e-gallery-image elementor-gallery-item__image\" data-thumbnail=\"https:\/\/www.portovenere.fr\/fr-fr\/wp-content\/uploads\/2020\/03\/Pierre-de-Sel-Maui-Green-150x150.jpg\" data-width=\"150\" data-height=\"150\" aria-label=\"\" role=\"img\" ><\/div>\n\t\t\t\t\t\t\t\t\t\t\t<div class=\"elementor-gallery-item__overlay\"><\/div>\n\t\t\t\t\t\t\t\t\t\t\t\t\t\t<\/div>\n\t\t\t\t\t\t\t<div class=\"e-gallery-item elementor-gallery-item elementor-animated-content\">\n\t\t\t\t\t<div class=\"e-gallery-image elementor-gallery-item__image\" data-thumbnail=\"https:\/\/www.portovenere.fr\/fr-fr\/wp-content\/uploads\/2020\/03\/Pierre-de-Sel-Rouge-Hawai-150x150.jpg\" data-width=\"150\" data-height=\"150\" aria-label=\"\" role=\"img\" ><\/div>\n\t\t\t\t\t\t\t\t\t\t\t<div class=\"elementor-gallery-item__overlay\"><\/div>\n\t\t\t\t\t\t\t\t\t\t\t\t\t\t<\/div>\n\t\t\t\t\t\t\t<div class=\"e-gallery-item elementor-gallery-item elementor-animated-content\">\n\t\t\t\t\t<div class=\"e-gallery-image elementor-gallery-item__image\" data-thumbnail=\"https:\/\/www.portovenere.fr\/fr-fr\/wp-content\/uploads\/2020\/03\/Pierre-de-Sel-Danish-Smoke-150x150.jpg\" data-width=\"150\" data-height=\"150\" aria-label=\"\" role=\"img\" ><\/div>\n\t\t\t\t\t\t\t\t\t\t\t<div class=\"elementor-gallery-item__overlay\"><\/div>\n\t\t\t\t\t\t\t\t\t\t\t\t\t\t<\/div>\n\t\t\t\t\t\t\t<div class=\"e-gallery-item elementor-gallery-item elementor-animated-content\">\n\t\t\t\t\t<div class=\"e-gallery-image elementor-gallery-item__image\" data-thumbnail=\"https:\/\/www.portovenere.fr\/fr-fr\/wp-content\/uploads\/2020\/03\/Pierre-de-Sel-Gris-Celtique-150x150.jpg\" data-width=\"150\" data-height=\"150\" aria-label=\"\" role=\"img\" ><\/div>\n\t\t\t\t\t\t\t\t\t\t\t<div class=\"elementor-gallery-item__overlay\"><\/div>\n\t\t\t\t\t\t\t\t\t\t\t\t\t\t<\/div>\n\t\t\t\t\t\t\t<div class=\"e-gallery-item elementor-gallery-item elementor-animated-content\">\n\t\t\t\t\t<div class=\"e-gallery-image elementor-gallery-item__image\" data-thumbnail=\"https:\/\/www.portovenere.fr\/fr-fr\/wp-content\/uploads\/2020\/03\/Pierre-de-Sel-White-Gold-150x150.jpg\" data-width=\"150\" data-height=\"150\" aria-label=\"\" role=\"img\" ><\/div>\n\t\t\t\t\t\t\t\t\t\t\t<div class=\"elementor-gallery-item__overlay\"><\/div>\n\t\t\t\t\t\t\t\t\t\t\t\t\t\t<\/div>\n\t\t\t\t\t<\/div>\n\t\t\t\t\t<\/div>\n\t\t\t\t<\/div>\n\t\t\t\t<div class=\"elementor-element elementor-element-42c2e2b9 elementor-widget elementor-widget-text-editor\" data-id=\"42c2e2b9\" data-element_type=\"widget\" data-e-type=\"widget\" data-widget_type=\"text-editor.default\">\n\t\t\t\t<div class=\"elementor-widget-container\">\n\t\t\t\t\t\t\t\t\t<p>Ce carrelage s\u2019inspire de l\u2019esth\u00e9tique des gros blocs de sel gemme extraits des mines souterraines et utilis\u00e9s aussi pour la construction de parois et de cristaux de sel.<\/p>\t\t\t\t\t\t\t\t<\/div>\n\t\t\t\t<\/div>\n\t\t\t\t<div class=\"elementor-element elementor-element-4822a0a0 elementor-mobile-align-center elementor-align-left elementor-widget elementor-widget-button\" data-id=\"4822a0a0\" data-element_type=\"widget\" data-e-type=\"widget\" data-widget_type=\"button.default\">\n\t\t\t\t<div class=\"elementor-widget-container\">\n\t\t\t\t\t\t\t\t\t<div class=\"elementor-button-wrapper\">\n\t\t\t\t\t<a class=\"elementor-button elementor-button-link elementor-size-sm\" href=\"https:\/\/www.portovenere.fr\/fr-fr\/carrelage-sol-et-mur-en-gres-cerame-et-faience\/carrelage-aspect-pierre\/carrelage-aspect-pierre-naturelle-nuancee-pierre-de-sel\/\">\n\t\t\t\t\t\t<span class=\"elementor-button-content-wrapper\">\n\t\t\t\t\t\t\t\t\t<span class=\"elementor-button-text\">Voir la collection<\/span>\n\t\t\t\t\t<\/span>\n\t\t\t\t\t<\/a>\n\t\t\t\t<\/div>\n\t\t\t\t\t\t\t\t<\/div>\n\t\t\t\t<\/div>\n\t\t\t\t\t<\/div>\n\t\t<\/div>\n\t\t\t\t\t<\/div>\n\t\t<\/section>\n\t\t\t\t<section class=\"elementor-section elementor-top-section elementor-element elementor-element-ea64561 elementor-section-full_width elementor-section-height-default elementor-section-height-default\" data-id=\"ea64561\" data-element_type=\"section\" data-e-type=\"section\">\n\t\t\t\t\t\t<div class=\"elementor-container elementor-column-gap-default\">\n\t\t\t\t\t<div class=\"elementor-column elementor-col-33 elementor-top-column elementor-element elementor-element-30f8585c\" data-id=\"30f8585c\" data-element_type=\"column\" data-e-type=\"column\" data-settings=\"{&quot;background_background&quot;:&quot;classic&quot;}\">\n\t\t\t<div class=\"elementor-widget-wrap elementor-element-populated\">\n\t\t\t\t\t\t<div class=\"elementor-element elementor-element-cb09039 elementor-widget elementor-widget-image\" data-id=\"cb09039\" data-element_type=\"widget\" data-e-type=\"widget\" data-widget_type=\"image.default\">\n\t\t\t\t<div class=\"elementor-widget-container\">\n\t\t\t\t\t\t\t\t\t\t\t\t\t\t\t\t<a href=\"https:\/\/www.portovenere.fr\/fr-fr\/carrelage-sol-et-mur-en-gres-cerame-et-faience\/carrelage-aspect-pierre\/carrelage-haut-de-gamme-pour-interieur-et-exterieur-purezza\/\">\n\t\t\t\t\t\t\t<img decoding=\"async\" src=\"https:\/\/www.portovenere.fr\/fr-fr\/wp-content\/uploads\/elementor\/thumbs\/Carrelage-interieur-exterieur-effet-texture-ou-naturel-pour-sols-et-murs-PUREZZA-finition-Honed-en-gres-cerame-haut-de-gamme-Magasin-Porto-Venere-proche-Nimes-30-rezd0dxkxo5hy6jaqvhyrllg5jxejsjfjtuxo8a6vw.jpg\" title=\"Carrelage-int\u00e9rieur-ext\u00e9rieur-effet-textur\u00e9-ou-naturel-pour-sols-et-murs-PUREZZA-finition-Honed-en-gr\u00e8s-c\u00e9rame-haut-de-gamme-Magasin-Porto-Venere-proche-Nimes-30\" alt=\"Purezza Finition Honed\" loading=\"lazy\" \/>\t\t\t\t\t\t\t\t<\/a>\n\t\t\t\t\t\t\t\t\t\t\t\t\t\t\t<\/div>\n\t\t\t\t<\/div>\n\t\t\t\t<div class=\"elementor-element elementor-element-1c43200d elementor-widget elementor-widget-heading\" data-id=\"1c43200d\" data-element_type=\"widget\" data-e-type=\"widget\" data-widget_type=\"heading.default\">\n\t\t\t\t<div class=\"elementor-widget-container\">\n\t\t\t\t\t<h3 class=\"elementor-heading-title elementor-size-default\"><a href=\"https:\/\/www.portovenere.fr\/fr-fr\/carrelage-sol-et-mur-en-gres-cerame-et-faience\/carrelage-aspect-pierre\/carrelage-haut-de-gamme-pour-interieur-et-exterieur-purezza\/\">PUREZZA | 4 coloris &amp; 5 finitions<\/a><\/h3>\t\t\t\t<\/div>\n\t\t\t\t<\/div>\n\t\t\t\t<div class=\"elementor-element elementor-element-4cbae8db elementor-widget__width-initial elementor-widget elementor-widget-gallery\" data-id=\"4cbae8db\" data-element_type=\"widget\" data-e-type=\"widget\" data-settings=\"{&quot;gap&quot;:{&quot;unit&quot;:&quot;px&quot;,&quot;size&quot;:3,&quot;sizes&quot;:[]},&quot;columns_mobile&quot;:3,&quot;gap_mobile&quot;:{&quot;unit&quot;:&quot;px&quot;,&quot;size&quot;:6,&quot;sizes&quot;:[]},&quot;columns&quot;:5,&quot;columns_tablet&quot;:3,&quot;gap_tablet&quot;:{&quot;unit&quot;:&quot;px&quot;,&quot;size&quot;:5,&quot;sizes&quot;:[]},&quot;lazyload&quot;:&quot;yes&quot;,&quot;gallery_layout&quot;:&quot;grid&quot;,&quot;aspect_ratio&quot;:&quot;3:2&quot;,&quot;overlay_background&quot;:&quot;yes&quot;,&quot;content_hover_animation&quot;:&quot;fade-in&quot;}\" data-widget_type=\"gallery.default\">\n\t\t\t\t<div class=\"elementor-widget-container\">\n\t\t\t\t\t\t\t<div class=\"elementor-gallery__container\">\n\t\t\t\t\t\t\t<div class=\"e-gallery-item elementor-gallery-item elementor-animated-content\">\n\t\t\t\t\t<div class=\"e-gallery-image elementor-gallery-item__image\" data-thumbnail=\"https:\/\/www.portovenere.fr\/fr-fr\/wp-content\/uploads\/2025\/11\/Carrelage-exterieur-et-interieur-pour-sol-et-mur-effet-pierre-PUREZZA-Sable-magasin-carrelages-Porto_Venere_Montpellier-proche-de-Palavas-34-150x150.jpg\" data-width=\"150\" data-height=\"150\" aria-label=\"Carrelage gr\u00e8s c\u00e9rame aspect pierre calcaire naturelle 4 coloris PUREZZA magasin de carrelages haut de gamme PORTO VENERE \u00e0 Montpellier\" role=\"img\" ><\/div>\n\t\t\t\t\t\t\t\t\t\t\t<div class=\"elementor-gallery-item__overlay\"><\/div>\n\t\t\t\t\t\t\t\t\t\t\t\t\t\t<\/div>\n\t\t\t\t\t\t\t<div class=\"e-gallery-item elementor-gallery-item elementor-animated-content\">\n\t\t\t\t\t<div class=\"e-gallery-image elementor-gallery-item__image\" data-thumbnail=\"https:\/\/www.portovenere.fr\/fr-fr\/wp-content\/uploads\/2025\/11\/Carrelage-exterieur-et-interieur-pour-sol-et-mur-effet-pierre-PUREZZA-Perle-magasin-carrelages-Porto_Venere_Montpellier-proche-de-Agde-34-150x150.jpg\" data-width=\"150\" data-height=\"150\" aria-label=\"Carrelage gr\u00e8s c\u00e9rame aspect pierre calcaire naturelle 4 coloris PUREZZA magasin de carrelages haut de gamme PORTO VENERE \u00e0 Montpellier\" role=\"img\" ><\/div>\n\t\t\t\t\t\t\t\t\t\t\t<div class=\"elementor-gallery-item__overlay\"><\/div>\n\t\t\t\t\t\t\t\t\t\t\t\t\t\t<\/div>\n\t\t\t\t\t\t\t<div class=\"e-gallery-item elementor-gallery-item elementor-animated-content\">\n\t\t\t\t\t<div class=\"e-gallery-image elementor-gallery-item__image\" data-thumbnail=\"https:\/\/www.portovenere.fr\/fr-fr\/wp-content\/uploads\/2025\/11\/Carrelage-exterieur-et-interieur-pour-sol-et-mur-effet-pierre-PUREZZA-Ivoire-magasin-carrelages-Porto_Venere_Montpellier-proche-de-Le-Grau-du-Roi-30-150x150.jpg\" data-width=\"150\" data-height=\"150\" aria-label=\"Carrelage gr\u00e8s c\u00e9rame aspect pierre calcaire naturelle 4 coloris PUREZZA magasin de carrelages haut de gamme PORTO VENERE \u00e0 Montpellier\" role=\"img\" ><\/div>\n\t\t\t\t\t\t\t\t\t\t\t<div class=\"elementor-gallery-item__overlay\"><\/div>\n\t\t\t\t\t\t\t\t\t\t\t\t\t\t<\/div>\n\t\t\t\t\t\t\t<div class=\"e-gallery-item elementor-gallery-item elementor-animated-content\">\n\t\t\t\t\t<div class=\"e-gallery-image elementor-gallery-item__image\" data-thumbnail=\"https:\/\/www.portovenere.fr\/fr-fr\/wp-content\/uploads\/2025\/11\/Carrelage-exterieur-et-interieur-pour-sol-et-mur-effet-pierre-PUREZZA-Gris-magasin-carrelages-Porto_Venere_Montpellier-proche-de-Montferrier-sur-Lez-34-150x150.jpg\" data-width=\"150\" data-height=\"150\" aria-label=\"Carrelage gr\u00e8s c\u00e9rame aspect pierre calcaire naturelle 4 coloris PUREZZA magasin de carrelages haut de gamme PORTO VENERE \u00e0 Montpellier\" role=\"img\" ><\/div>\n\t\t\t\t\t\t\t\t\t\t\t<div class=\"elementor-gallery-item__overlay\"><\/div>\n\t\t\t\t\t\t\t\t\t\t\t\t\t\t<\/div>\n\t\t\t\t\t<\/div>\n\t\t\t\t\t<\/div>\n\t\t\t\t<\/div>\n\t\t\t\t<div class=\"elementor-element elementor-element-2a6b6675 elementor-widget elementor-widget-text-editor\" data-id=\"2a6b6675\" data-element_type=\"widget\" data-e-type=\"widget\" data-widget_type=\"text-editor.default\">\n\t\t\t\t<div class=\"elementor-widget-container\">\n\t\t\t\t\t\t\t\t\t<p>PUREZZA est une collection de <b>gr\u00e8s c\u00e9rame i<\/b>nspir\u00e9e de la puret\u00e9 de la <b>pierre calcaire.\u00a0<\/b><\/p><p>D\u00e9clin\u00e9e en trois \u00e9paisseurs (fine \u00e9paisseur Kerlite plus\u00a0<b>6.5 mm, <\/b>\u00e9paisseur renforc\u00e9e <b>14 mm, dalles 20 mm<\/b>), <b>six formats <\/b>(dont 120&#215;278 cm, 120&#215;120 cm, 90&#215;90 cm)<b>\u00a0<\/b>et quatre coloris \u2014 <b>Grey, Ivory, Pearl, Sand<\/b> \u2014 elle s\u2019adapte \u00e0 tous les projets, du rev\u00eatement mural aux dallages ext\u00e9rieurs.\u00a0<\/p><p>Ses<b> cinq finitions <\/b>(Natural, Honed, Rolled, Hammered, Chiseled) offrent une grande vari\u00e9t\u00e9 de rendus, du plus lisse au plus textur\u00e9.\u00a0<\/p><p>R\u00e9sistante, durable et \u00e9l\u00e9gante, PUREZZA r\u00e9pond aux exigences des architectures contemporaines.<\/p>\t\t\t\t\t\t\t\t<\/div>\n\t\t\t\t<\/div>\n\t\t\t\t<div class=\"elementor-element elementor-element-33f598a7 elementor-mobile-align-center elementor-widget elementor-widget-button\" data-id=\"33f598a7\" data-element_type=\"widget\" data-e-type=\"widget\" data-widget_type=\"button.default\">\n\t\t\t\t<div class=\"elementor-widget-container\">\n\t\t\t\t\t\t\t\t\t<div class=\"elementor-button-wrapper\">\n\t\t\t\t\t<a class=\"elementor-button elementor-button-link elementor-size-sm\" href=\"https:\/\/www.portovenere.fr\/fr-fr\/carrelage-sol-et-mur-en-gres-cerame-et-faience\/carrelage-aspect-pierre\/carrelage-haut-de-gamme-pour-interieur-et-exterieur-purezza\/\">\n\t\t\t\t\t\t<span class=\"elementor-button-content-wrapper\">\n\t\t\t\t\t\t\t\t\t<span class=\"elementor-button-text\">VOIR LA COLLECTION<\/span>\n\t\t\t\t\t<\/span>\n\t\t\t\t\t<\/a>\n\t\t\t\t<\/div>\n\t\t\t\t\t\t\t\t<\/div>\n\t\t\t\t<\/div>\n\t\t\t\t\t<\/div>\n\t\t<\/div>\n\t\t\t\t<div class=\"elementor-column elementor-col-33 elementor-top-column elementor-element elementor-element-653ba75f\" data-id=\"653ba75f\" data-element_type=\"column\" data-e-type=\"column\" data-settings=\"{&quot;background_background&quot;:&quot;classic&quot;}\">\n\t\t\t<div class=\"elementor-widget-wrap elementor-element-populated\">\n\t\t\t\t\t\t<div class=\"elementor-element elementor-element-315949b1 elementor-widget elementor-widget-image\" data-id=\"315949b1\" data-element_type=\"widget\" data-e-type=\"widget\" data-widget_type=\"image.default\">\n\t\t\t\t<div class=\"elementor-widget-container\">\n\t\t\t\t\t\t\t\t\t\t\t\t\t\t\t\t<a href=\"https:\/\/www.portovenere.fr\/fr-fr\/carrelage-sol-et-mur-en-gres-cerame-et-faience\/carrelage-aspect-pierre\/carrelage-pierre-brute-tachee-contemporaine-carrieres\/\">\n\t\t\t\t\t\t\t<img loading=\"lazy\" decoding=\"async\" width=\"800\" height=\"534\" src=\"https:\/\/www.portovenere.fr\/fr-fr\/wp-content\/uploads\/2019\/09\/Carrelage_Pierre_Carrieres_Grey-80x80-1024x683.jpg\" class=\"attachment-large size-large wp-image-13592\" alt=\"\" srcset=\"https:\/\/www.portovenere.fr\/fr-fr\/wp-content\/uploads\/2019\/09\/Carrelage_Pierre_Carrieres_Grey-80x80-1024x683.jpg 1024w, https:\/\/www.portovenere.fr\/fr-fr\/wp-content\/uploads\/2019\/09\/Carrelage_Pierre_Carrieres_Grey-80x80-300x200.jpg 300w, https:\/\/www.portovenere.fr\/fr-fr\/wp-content\/uploads\/2019\/09\/Carrelage_Pierre_Carrieres_Grey-80x80-768x512.jpg 768w, https:\/\/www.portovenere.fr\/fr-fr\/wp-content\/uploads\/2019\/09\/Carrelage_Pierre_Carrieres_Grey-80x80.jpg 1500w\" sizes=\"(max-width: 800px) 100vw, 800px\" \/>\t\t\t\t\t\t\t\t<\/a>\n\t\t\t\t\t\t\t\t\t\t\t\t\t\t\t<\/div>\n\t\t\t\t<\/div>\n\t\t\t\t<div class=\"elementor-element elementor-element-2144d38b elementor-widget elementor-widget-heading\" data-id=\"2144d38b\" data-element_type=\"widget\" data-e-type=\"widget\" data-widget_type=\"heading.default\">\n\t\t\t\t<div class=\"elementor-widget-container\">\n\t\t\t\t\t<h3 class=\"elementor-heading-title elementor-size-default\"><a href=\"https:\/\/www.portovenere.fr\/fr-fr\/carrelage-sol-et-mur-en-gres-cerame-et-faience\/carrelage-aspect-pierre\/carrelage-pierre-brute-tachee-contemporaine-carrieres\/\">CARRI\u00c8RES | 4 coloris<\/a><\/h3>\t\t\t\t<\/div>\n\t\t\t\t<\/div>\n\t\t\t\t<div class=\"elementor-element elementor-element-3c3bb382 elementor-widget__width-initial elementor-widget elementor-widget-gallery\" data-id=\"3c3bb382\" data-element_type=\"widget\" data-e-type=\"widget\" data-settings=\"{&quot;gap&quot;:{&quot;unit&quot;:&quot;px&quot;,&quot;size&quot;:3,&quot;sizes&quot;:[]},&quot;columns_mobile&quot;:3,&quot;gap_mobile&quot;:{&quot;unit&quot;:&quot;px&quot;,&quot;size&quot;:6,&quot;sizes&quot;:[]},&quot;columns&quot;:5,&quot;columns_tablet&quot;:3,&quot;gap_tablet&quot;:{&quot;unit&quot;:&quot;px&quot;,&quot;size&quot;:5,&quot;sizes&quot;:[]},&quot;lazyload&quot;:&quot;yes&quot;,&quot;gallery_layout&quot;:&quot;grid&quot;,&quot;aspect_ratio&quot;:&quot;3:2&quot;,&quot;overlay_background&quot;:&quot;yes&quot;,&quot;content_hover_animation&quot;:&quot;fade-in&quot;}\" data-widget_type=\"gallery.default\">\n\t\t\t\t<div class=\"elementor-widget-container\">\n\t\t\t\t\t\t\t<div class=\"elementor-gallery__container\">\n\t\t\t\t\t\t\t<div class=\"e-gallery-item elementor-gallery-item elementor-animated-content\">\n\t\t\t\t\t<div class=\"e-gallery-image elementor-gallery-item__image\" data-thumbnail=\"https:\/\/www.portovenere.fr\/fr-fr\/wp-content\/uploads\/2019\/09\/Carrieres_Blanc-150x150.jpg\" data-width=\"150\" data-height=\"150\" aria-label=\"\" role=\"img\" ><\/div>\n\t\t\t\t\t\t\t\t\t\t\t<div class=\"elementor-gallery-item__overlay\"><\/div>\n\t\t\t\t\t\t\t\t\t\t\t\t\t\t<\/div>\n\t\t\t\t\t\t\t<div class=\"e-gallery-item elementor-gallery-item elementor-animated-content\">\n\t\t\t\t\t<div class=\"e-gallery-image elementor-gallery-item__image\" data-thumbnail=\"https:\/\/www.portovenere.fr\/fr-fr\/wp-content\/uploads\/2019\/09\/Carrieres_Mud-150x150.jpg\" data-width=\"150\" data-height=\"150\" aria-label=\"\" role=\"img\" ><\/div>\n\t\t\t\t\t\t\t\t\t\t\t<div class=\"elementor-gallery-item__overlay\"><\/div>\n\t\t\t\t\t\t\t\t\t\t\t\t\t\t<\/div>\n\t\t\t\t\t\t\t<div class=\"e-gallery-item elementor-gallery-item elementor-animated-content\">\n\t\t\t\t\t<div class=\"e-gallery-image elementor-gallery-item__image\" data-thumbnail=\"https:\/\/www.portovenere.fr\/fr-fr\/wp-content\/uploads\/2019\/09\/Carrieres_Ecru-150x150.jpg\" data-width=\"150\" data-height=\"150\" aria-label=\"\" role=\"img\" ><\/div>\n\t\t\t\t\t\t\t\t\t\t\t<div class=\"elementor-gallery-item__overlay\"><\/div>\n\t\t\t\t\t\t\t\t\t\t\t\t\t\t<\/div>\n\t\t\t\t\t\t\t<div class=\"e-gallery-item elementor-gallery-item elementor-animated-content\">\n\t\t\t\t\t<div class=\"e-gallery-image elementor-gallery-item__image\" data-thumbnail=\"https:\/\/www.portovenere.fr\/fr-fr\/wp-content\/uploads\/2019\/09\/Carrieres_Grey-150x150.jpg\" data-width=\"150\" data-height=\"150\" aria-label=\"\" role=\"img\" ><\/div>\n\t\t\t\t\t\t\t\t\t\t\t<div class=\"elementor-gallery-item__overlay\"><\/div>\n\t\t\t\t\t\t\t\t\t\t\t\t\t\t<\/div>\n\t\t\t\t\t<\/div>\n\t\t\t\t\t<\/div>\n\t\t\t\t<\/div>\n\t\t\t\t<div class=\"elementor-element elementor-element-51ec60b9 elementor-widget elementor-widget-text-editor\" data-id=\"51ec60b9\" data-element_type=\"widget\" data-e-type=\"widget\" data-widget_type=\"text-editor.default\">\n\t\t\t\t<div class=\"elementor-widget-container\">\n\t\t\t\t\t\t\t\t\tCarrelage sol et mur aspect pierre naturelle brute et tr\u00e8s nuanc\u00e9e, pr\u00e9sentant des t\u00e2ches caract\u00e9ristiques, en gr\u00e8s c\u00e9rame color\u00e9 dans la masse. Disponible en finition Antique bords vieillis, Smooth adouci\u00a0(l\u00e9g\u00e8rement satin\u00e9) et structur\u00e9e antid\u00e9rapante R11. Disponible en 4 coloris : Blanc, Ecru, Grey (Gris) et Mud (Boue). De nombreux d\u00e9cors et mosa\u00efques compl\u00e8tes cette collection.\t\t\t\t\t\t\t\t<\/div>\n\t\t\t\t<\/div>\n\t\t\t\t<div class=\"elementor-element elementor-element-382d4e86 elementor-mobile-align-center elementor-align-left elementor-widget elementor-widget-button\" data-id=\"382d4e86\" data-element_type=\"widget\" data-e-type=\"widget\" data-widget_type=\"button.default\">\n\t\t\t\t<div class=\"elementor-widget-container\">\n\t\t\t\t\t\t\t\t\t<div class=\"elementor-button-wrapper\">\n\t\t\t\t\t<a class=\"elementor-button elementor-button-link elementor-size-sm\" href=\"https:\/\/www.portovenere.fr\/fr-fr\/carrelage-sol-et-mur-en-gres-cerame-et-faience\/carrelage-aspect-pierre\/carrelage-pierre-brute-tachee-contemporaine-carrieres\/\">\n\t\t\t\t\t\t<span class=\"elementor-button-content-wrapper\">\n\t\t\t\t\t\t\t\t\t<span class=\"elementor-button-text\">Voir la collection<\/span>\n\t\t\t\t\t<\/span>\n\t\t\t\t\t<\/a>\n\t\t\t\t<\/div>\n\t\t\t\t\t\t\t\t<\/div>\n\t\t\t\t<\/div>\n\t\t\t\t\t<\/div>\n\t\t<\/div>\n\t\t\t\t<div class=\"elementor-column elementor-col-33 elementor-top-column elementor-element elementor-element-4a61e170\" data-id=\"4a61e170\" data-element_type=\"column\" data-e-type=\"column\">\n\t\t\t<div class=\"elementor-widget-wrap elementor-element-populated\">\n\t\t\t\t\t\t<div class=\"elementor-element elementor-element-6bfa082f elementor-widget elementor-widget-image\" data-id=\"6bfa082f\" data-element_type=\"widget\" data-e-type=\"widget\" data-widget_type=\"image.default\">\n\t\t\t\t<div class=\"elementor-widget-container\">\n\t\t\t\t\t\t\t\t\t\t\t\t\t\t\t\t<a href=\"https:\/\/www.portovenere.fr\/fr-fr\/carrelage-sol-et-mur-en-gres-cerame-et-faience\/carrelage-aspect-marbre\/carrelage-effet-marbre-luxe-sublimis-lumiere\/\">\n\t\t\t\t\t\t\t<img decoding=\"async\" src=\"https:\/\/www.portovenere.fr\/fr-fr\/wp-content\/uploads\/elementor\/thumbs\/Carrelage-marbre-de-luxe-effet-retroeclaire-maxi-format-120x278-cm-fine-epaisseur-SUBLIMIS-LUMIERE-ambre-a-Montpellier-Herault-34-r8ifrg7zn34eycp6v2bk6tyj6i0ifslt4ev5q1jc70.jpg\" title=\"Carrelage-marbre-de-luxe-effet-r\u00e9tro\u00e9clair\u00e9-maxi-format-120&#215;278-cm-fine-\u00e9paisseur-SUBLIMIS-LUMIERE-ambre-\u00e0-Montpellier-H\u00e9rault-34\" alt=\"Carrelage-marbre-de-luxe-effet-r\u00e9tro\u00e9clair\u00e9-maxi-format-120x278-cm-fine-\u00e9paisseur-SUBLIMIS-LUMIERE-ambre-\u00e0-Montpellier-H\u00e9rault-34\" loading=\"lazy\" \/>\t\t\t\t\t\t\t\t<\/a>\n\t\t\t\t\t\t\t\t\t\t\t\t\t\t\t<\/div>\n\t\t\t\t<\/div>\n\t\t\t\t<div class=\"elementor-element elementor-element-13c83e93 elementor-widget elementor-widget-heading\" data-id=\"13c83e93\" data-element_type=\"widget\" data-e-type=\"widget\" data-widget_type=\"heading.default\">\n\t\t\t\t<div class=\"elementor-widget-container\">\n\t\t\t\t\t<h3 class=\"elementor-heading-title elementor-size-default\"><a href=\"https:\/\/www.portovenere.fr\/fr-fr\/carrelage-sol-et-mur-en-gres-cerame-et-faience\/carrelage-aspect-marbre\/carrelage-effet-marbre-luxe-sublimis-lumiere\/\">SUBLIMIS LUMIERE | 3 coloris<\/a><\/h3>\t\t\t\t<\/div>\n\t\t\t\t<\/div>\n\t\t\t\t<div class=\"elementor-element elementor-element-587a7f28 elementor-widget__width-initial elementor-widget elementor-widget-gallery\" data-id=\"587a7f28\" data-element_type=\"widget\" data-e-type=\"widget\" data-settings=\"{&quot;gap&quot;:{&quot;unit&quot;:&quot;px&quot;,&quot;size&quot;:3,&quot;sizes&quot;:[]},&quot;columns_mobile&quot;:3,&quot;gap_mobile&quot;:{&quot;unit&quot;:&quot;px&quot;,&quot;size&quot;:6,&quot;sizes&quot;:[]},&quot;columns&quot;:5,&quot;columns_tablet&quot;:3,&quot;gap_tablet&quot;:{&quot;unit&quot;:&quot;px&quot;,&quot;size&quot;:5,&quot;sizes&quot;:[]},&quot;lazyload&quot;:&quot;yes&quot;,&quot;gallery_layout&quot;:&quot;grid&quot;,&quot;aspect_ratio&quot;:&quot;3:2&quot;,&quot;overlay_background&quot;:&quot;yes&quot;,&quot;content_hover_animation&quot;:&quot;fade-in&quot;}\" data-widget_type=\"gallery.default\">\n\t\t\t\t<div class=\"elementor-widget-container\">\n\t\t\t\t\t\t\t<div class=\"elementor-gallery__container\">\n\t\t\t\t\t\t\t<div class=\"e-gallery-item elementor-gallery-item elementor-animated-content\">\n\t\t\t\t\t<div class=\"e-gallery-image elementor-gallery-item__image\" data-thumbnail=\"https:\/\/www.portovenere.fr\/fr-fr\/wp-content\/uploads\/2024\/11\/Carrelage-marbre-effet-retroeclaire-finition-haut-de-gamme-Sublimis-Lumiere-Golden-Ambre-luxe-grand-format-pres-de-Sete-34-150x150.jpg\" data-width=\"150\" data-height=\"150\" aria-label=\"\" role=\"img\" ><\/div>\n\t\t\t\t\t\t\t\t\t\t\t<div class=\"elementor-gallery-item__overlay\"><\/div>\n\t\t\t\t\t\t\t\t\t\t\t\t\t\t<\/div>\n\t\t\t\t\t\t\t<div class=\"e-gallery-item elementor-gallery-item elementor-animated-content\">\n\t\t\t\t\t<div class=\"e-gallery-image elementor-gallery-item__image\" data-thumbnail=\"https:\/\/www.portovenere.fr\/fr-fr\/wp-content\/uploads\/2024\/11\/Carrelage-marbre-effet-retroeclaire-finition-haut-de-gamme-Sublimis-Lumiere-Bleu-Labradorite-luxe-grand-format-pres-de-Perols-34-150x150.jpg\" data-width=\"150\" data-height=\"150\" aria-label=\"\" role=\"img\" ><\/div>\n\t\t\t\t\t\t\t\t\t\t\t<div class=\"elementor-gallery-item__overlay\"><\/div>\n\t\t\t\t\t\t\t\t\t\t\t\t\t\t<\/div>\n\t\t\t\t\t\t\t<div class=\"e-gallery-item elementor-gallery-item elementor-animated-content\">\n\t\t\t\t\t<div class=\"e-gallery-image elementor-gallery-item__image\" data-thumbnail=\"https:\/\/www.portovenere.fr\/fr-fr\/wp-content\/uploads\/2024\/11\/Carrelage-marbre-effet-retroeclaire-finition-haut-de-gamme-Sublimis-Lumiere-Ivoire-grand-format-pres-de-Castelnau-le-Lez-34-150x150.jpg\" data-width=\"150\" data-height=\"150\" aria-label=\"\" role=\"img\" ><\/div>\n\t\t\t\t\t\t\t\t\t\t\t<div class=\"elementor-gallery-item__overlay\"><\/div>\n\t\t\t\t\t\t\t\t\t\t\t\t\t\t<\/div>\n\t\t\t\t\t\t\t<div class=\"e-gallery-item elementor-gallery-item elementor-animated-content\">\n\t\t\t\t\t<div class=\"e-gallery-image elementor-gallery-item__image\" data-thumbnail=\"https:\/\/www.portovenere.fr\/fr-fr\/wp-content\/uploads\/2024\/11\/Mosaique-marbre-bleu-design-tresse-30x30-cm-sol-et-mur-SUBLIMIS-LUMIERE-carrelage-luxe-proche-de-Agde-34-150x150.jpg\" data-width=\"150\" data-height=\"150\" aria-label=\"\" role=\"img\" ><\/div>\n\t\t\t\t\t\t\t\t\t\t\t<div class=\"elementor-gallery-item__overlay\"><\/div>\n\t\t\t\t\t\t\t\t\t\t\t\t\t\t<\/div>\n\t\t\t\t\t\t\t<div class=\"e-gallery-item elementor-gallery-item elementor-animated-content\">\n\t\t\t\t\t<div class=\"e-gallery-image elementor-gallery-item__image\" data-thumbnail=\"https:\/\/www.portovenere.fr\/fr-fr\/wp-content\/uploads\/2024\/11\/Mosaique-marbre-Ivoire-design-tresse-30x30-cm-sol-et-mur-SUBLIMIS-LUMIERE-carrelage-luxe-proche-de-Clapiers-34-150x150.jpg\" data-width=\"150\" data-height=\"150\" aria-label=\"\" role=\"img\" ><\/div>\n\t\t\t\t\t\t\t\t\t\t\t<div class=\"elementor-gallery-item__overlay\"><\/div>\n\t\t\t\t\t\t\t\t\t\t\t\t\t\t<\/div>\n\t\t\t\t\t\t\t<div class=\"e-gallery-item elementor-gallery-item elementor-animated-content\">\n\t\t\t\t\t<div class=\"e-gallery-image elementor-gallery-item__image\" data-thumbnail=\"https:\/\/www.portovenere.fr\/fr-fr\/wp-content\/uploads\/2024\/11\/Mosaique-marbre-ambre-design-tresse-30x30-cm-sol-et-mur-SUBLIMIS-LUMIERE-carrelage-luxe-proche-de-Palavas-34-150x150.jpg\" data-width=\"150\" data-height=\"150\" aria-label=\"\" role=\"img\" ><\/div>\n\t\t\t\t\t\t\t\t\t\t\t<div class=\"elementor-gallery-item__overlay\"><\/div>\n\t\t\t\t\t\t\t\t\t\t\t\t\t\t<\/div>\n\t\t\t\t\t\t\t<div class=\"e-gallery-item elementor-gallery-item elementor-animated-content\">\n\t\t\t\t\t<div class=\"e-gallery-image elementor-gallery-item__image\" data-thumbnail=\"https:\/\/www.portovenere.fr\/fr-fr\/wp-content\/uploads\/2024\/11\/Mosaique-marbre-Ivoire-30x30-cm-sol-et-mur-SUBLIMIS-LUMIERE-carrelage-luxe-proche-de-Saint-Clement-de-Riviere-34-150x150.jpg\" data-width=\"150\" data-height=\"150\" aria-label=\"\" role=\"img\" ><\/div>\n\t\t\t\t\t\t\t\t\t\t\t<div class=\"elementor-gallery-item__overlay\"><\/div>\n\t\t\t\t\t\t\t\t\t\t\t\t\t\t<\/div>\n\t\t\t\t\t\t\t<div class=\"e-gallery-item elementor-gallery-item elementor-animated-content\">\n\t\t\t\t\t<div class=\"e-gallery-image elementor-gallery-item__image\" data-thumbnail=\"https:\/\/www.portovenere.fr\/fr-fr\/wp-content\/uploads\/2024\/11\/Mosaique-marbre-bleu-30x30-cm-sol-et-mur-SUBLIMIS-LUMIERE-carrelage-luxe-proche-de-Mauguio-34-150x150.jpg\" data-width=\"150\" data-height=\"150\" aria-label=\"\" role=\"img\" ><\/div>\n\t\t\t\t\t\t\t\t\t\t\t<div class=\"elementor-gallery-item__overlay\"><\/div>\n\t\t\t\t\t\t\t\t\t\t\t\t\t\t<\/div>\n\t\t\t\t\t\t\t<div class=\"e-gallery-item elementor-gallery-item elementor-animated-content\">\n\t\t\t\t\t<div class=\"e-gallery-image elementor-gallery-item__image\" data-thumbnail=\"https:\/\/www.portovenere.fr\/fr-fr\/wp-content\/uploads\/2024\/11\/Mosaique-marbre-ambre-dore-30x30-cm-sol-et-mur-SUBLIMIS-LUMIERE-carrelage-luxe-proche-de-Sete-34-150x150.jpg\" data-width=\"150\" data-height=\"150\" aria-label=\"\" role=\"img\" ><\/div>\n\t\t\t\t\t\t\t\t\t\t\t<div class=\"elementor-gallery-item__overlay\"><\/div>\n\t\t\t\t\t\t\t\t\t\t\t\t\t\t<\/div>\n\t\t\t\t\t<\/div>\n\t\t\t\t\t<\/div>\n\t\t\t\t<\/div>\n\t\t\t\t<div class=\"elementor-element elementor-element-23dd97eb elementor-widget elementor-widget-text-editor\" data-id=\"23dd97eb\" data-element_type=\"widget\" data-e-type=\"widget\" data-widget_type=\"text-editor.default\">\n\t\t\t\t<div class=\"elementor-widget-container\">\n\t\t\t\t\t\t\t\t\t<p>La collection de carrelage effet marbre luxe SUBLIMIS LUMIERE va vous \u00e9merveiller de part sa\u00a0<b>puissance visuelle<\/b>\u00a0qui laisse\u00a0<b>imaginer un r\u00e9tro\u00e9clairage<\/b>\u00a0du carreau par transparence. Les d\u00e9tails &amp; finitions offrent un r\u00e9alisme puissant et r\u00e9v\u00e8lent tout l\u2019\u00e9clat de ces<b>\u00a0pierres pr\u00e9cieuses<\/b>.\u00a0<\/p><p>D\u00e9clin\u00e9 dans\u00a0<b>3 teintes<\/b>\u00a0: Golden ambre, Ivoire Gioiello et Labradorite bleu.<\/p><p>Propos\u00e9e dans\u00a0<b>2 formats<\/b>\u00a0\u00e9paisseur 9 mm \u2013\u00a0<b>120 x 120 cm,<\/b>\u00a0<b>6<\/b>0 x 120 cm\u00a0<b>et dans un maxi format\u00a0 120 x 278 cm en fine \u00e9paisseur de 6,5mm,\u00a0<\/b>cette collection de gr\u00e8s c\u00e9rame sublimera vos sols et vos murs en int\u00e9rieur.\u00a0<\/p><p>Une mosa\u00efque carr\u00e9e et une mosa\u00efque tress\u00e9e\u00a030\u00d730 cm, compl\u00e8tent cette collection effet marbre de luxe.<\/p><p>La collection de carrelage\u00a0<b>effet marbre r\u00e9tro\u00e9clair\u00e9<\/b>\u00a0Sublimis Lumi\u00e8re se d\u00e9cline en\u00a0<b>finition Full Lappato (brillant effet miroir)\u00a0<\/b>et une\u00a0<b>finition silktech pour les espaces n\u00e9cessitant une meilleure adh\u00e9rence.<\/b><\/p>\t\t\t\t\t\t\t\t<\/div>\n\t\t\t\t<\/div>\n\t\t\t\t<div class=\"elementor-element elementor-element-42fee0ad elementor-mobile-align-center elementor-align-left elementor-widget elementor-widget-button\" data-id=\"42fee0ad\" data-element_type=\"widget\" data-e-type=\"widget\" data-widget_type=\"button.default\">\n\t\t\t\t<div class=\"elementor-widget-container\">\n\t\t\t\t\t\t\t\t\t<div class=\"elementor-button-wrapper\">\n\t\t\t\t\t<a class=\"elementor-button elementor-button-link elementor-size-sm\" href=\"https:\/\/www.portovenere.fr\/fr-fr\/carrelage-sol-et-mur-en-gres-cerame-et-faience\/carrelage-aspect-marbre\/carrelage-effet-marbre-luxe-sublimis-lumiere\/\">\n\t\t\t\t\t\t<span class=\"elementor-button-content-wrapper\">\n\t\t\t\t\t\t\t\t\t<span class=\"elementor-button-text\">Voir la collection<\/span>\n\t\t\t\t\t<\/span>\n\t\t\t\t\t<\/a>\n\t\t\t\t<\/div>\n\t\t\t\t\t\t\t\t<\/div>\n\t\t\t\t<\/div>\n\t\t\t\t\t<\/div>\n\t\t<\/div>\n\t\t\t\t\t<\/div>\n\t\t<\/section>\n\t\t\t\t<section class=\"elementor-section elementor-top-section elementor-element elementor-element-33ef0488 elementor-section-full_width elementor-section-height-default elementor-section-height-default\" data-id=\"33ef0488\" data-element_type=\"section\" data-e-type=\"section\">\n\t\t\t\t\t\t<div class=\"elementor-container elementor-column-gap-default\">\n\t\t\t\t\t<div class=\"elementor-column elementor-col-33 elementor-top-column elementor-element elementor-element-6c2c6328\" data-id=\"6c2c6328\" data-element_type=\"column\" data-e-type=\"column\" data-settings=\"{&quot;background_background&quot;:&quot;classic&quot;}\">\n\t\t\t<div class=\"elementor-widget-wrap elementor-element-populated\">\n\t\t\t\t\t\t<div class=\"elementor-element elementor-element-4c0dc880 elementor-widget elementor-widget-image\" data-id=\"4c0dc880\" data-element_type=\"widget\" data-e-type=\"widget\" data-widget_type=\"image.default\">\n\t\t\t\t<div class=\"elementor-widget-container\">\n\t\t\t\t\t\t\t\t\t\t\t\t\t\t\t\t<a href=\"https:\/\/www.portovenere.fr\/fr-fr\/carrelage-sol-et-mur-en-gres-cerame-et-faience\/carrelage-aspect-pierre\/carrelage-sol-et-mur-effet-naturel-reflejo\/\">\n\t\t\t\t\t\t\t<img decoding=\"async\" src=\"https:\/\/www.portovenere.fr\/fr-fr\/wp-content\/uploads\/elementor\/thumbs\/Credence-de-salle-de-bain-relief-esprit-contemporain-design-carrelage-collection-Reflejo-grey-gris-a-Montpellier-34-r8iffr49dgbmyczzmb60r4jo3b5a8tcktf40z9phek.jpg\" title=\"Cr\u00e9dence-de-salle-de-bain-relief-esprit-contemporain-design-carrelage-collection-Reflejo-grey-gris-\u00e0-Montpellier-34\" alt=\"Cr\u00e9dence-de-salle-de-bain-relief-esprit-contemporain-design-carrelage-collection-Reflejo-grey-gris-\u00e0-Montpellier-34\" loading=\"lazy\" \/>\t\t\t\t\t\t\t\t<\/a>\n\t\t\t\t\t\t\t\t\t\t\t\t\t\t\t<\/div>\n\t\t\t\t<\/div>\n\t\t\t\t<div class=\"elementor-element elementor-element-5b597520 elementor-widget elementor-widget-heading\" data-id=\"5b597520\" data-element_type=\"widget\" data-e-type=\"widget\" data-widget_type=\"heading.default\">\n\t\t\t\t<div class=\"elementor-widget-container\">\n\t\t\t\t\t<h3 class=\"elementor-heading-title elementor-size-default\"><a href=\"https:\/\/www.portovenere.fr\/fr-fr\/carrelage-sol-et-mur-en-gres-cerame-et-faience\/carrelage-aspect-pierre\/carrelage-sol-et-mur-effet-naturel-reflejo\/\">REFLEJO | 4 coloris, d\u00e9cors et mosa\u00efques<\/a><\/h3>\t\t\t\t<\/div>\n\t\t\t\t<\/div>\n\t\t\t\t<div class=\"elementor-element elementor-element-27906144 elementor-widget__width-initial elementor-widget elementor-widget-gallery\" data-id=\"27906144\" data-element_type=\"widget\" data-e-type=\"widget\" data-settings=\"{&quot;gap&quot;:{&quot;unit&quot;:&quot;px&quot;,&quot;size&quot;:3,&quot;sizes&quot;:[]},&quot;columns_mobile&quot;:3,&quot;gap_mobile&quot;:{&quot;unit&quot;:&quot;px&quot;,&quot;size&quot;:6,&quot;sizes&quot;:[]},&quot;columns&quot;:5,&quot;columns_tablet&quot;:3,&quot;gap_tablet&quot;:{&quot;unit&quot;:&quot;px&quot;,&quot;size&quot;:5,&quot;sizes&quot;:[]},&quot;lazyload&quot;:&quot;yes&quot;,&quot;gallery_layout&quot;:&quot;grid&quot;,&quot;aspect_ratio&quot;:&quot;3:2&quot;,&quot;overlay_background&quot;:&quot;yes&quot;,&quot;content_hover_animation&quot;:&quot;fade-in&quot;}\" data-widget_type=\"gallery.default\">\n\t\t\t\t<div class=\"elementor-widget-container\">\n\t\t\t\t\t\t\t<div class=\"elementor-gallery__container\">\n\t\t\t\t\t\t\t<div class=\"e-gallery-item elementor-gallery-item elementor-animated-content\">\n\t\t\t\t\t<div class=\"e-gallery-image elementor-gallery-item__image\" data-thumbnail=\"https:\/\/www.portovenere.fr\/fr-fr\/wp-content\/uploads\/2024\/08\/Carrelage-sol-et-mur-esprit-pierre-marbriere-naturelle-contemporaine-greige-Reflejo-grege-plusieurs-finitions-et-formats-pres-de-Lattes-34-150x150.jpg\" data-width=\"150\" data-height=\"150\" aria-label=\"\" role=\"img\" ><\/div>\n\t\t\t\t\t\t\t\t\t\t\t<div class=\"elementor-gallery-item__overlay\"><\/div>\n\t\t\t\t\t\t\t\t\t\t\t\t\t\t<\/div>\n\t\t\t\t\t\t\t<div class=\"e-gallery-item elementor-gallery-item elementor-animated-content\">\n\t\t\t\t\t<div class=\"e-gallery-image elementor-gallery-item__image\" data-thumbnail=\"https:\/\/www.portovenere.fr\/fr-fr\/wp-content\/uploads\/2024\/08\/Carrelage-sol-et-mur-esprit-pierre-marbriere-naturelle-contemporaine-Reflejo-light-plusieurs-finitions-et-formats-pres-de-Frontignan-34-150x150.jpg\" data-width=\"150\" data-height=\"150\" aria-label=\"\" role=\"img\" ><\/div>\n\t\t\t\t\t\t\t\t\t\t\t<div class=\"elementor-gallery-item__overlay\"><\/div>\n\t\t\t\t\t\t\t\t\t\t\t\t\t\t<\/div>\n\t\t\t\t\t\t\t<div class=\"e-gallery-item elementor-gallery-item elementor-animated-content\">\n\t\t\t\t\t<div class=\"e-gallery-image elementor-gallery-item__image\" data-thumbnail=\"https:\/\/www.portovenere.fr\/fr-fr\/wp-content\/uploads\/2024\/08\/Carrelage-sol-et-mur-esprit-pierre-marbriere-naturelle-contemporaine-grise-Reflejo-grey-plusieurs-finitions-et-formats-pres-de-Palavas-34-150x150.jpg\" data-width=\"150\" data-height=\"150\" aria-label=\"\" role=\"img\" ><\/div>\n\t\t\t\t\t\t\t\t\t\t\t<div class=\"elementor-gallery-item__overlay\"><\/div>\n\t\t\t\t\t\t\t\t\t\t\t\t\t\t<\/div>\n\t\t\t\t\t\t\t<div class=\"e-gallery-item elementor-gallery-item elementor-animated-content\">\n\t\t\t\t\t<div class=\"e-gallery-image elementor-gallery-item__image\" data-thumbnail=\"https:\/\/www.portovenere.fr\/fr-fr\/wp-content\/uploads\/2024\/08\/Carrelage-sol-et-mur-esprit-pierre-marbriere-naturelle-contemporaine-Reflejo-anthracite-plusieurs-finitions-et-formats-pres-de-Clapiers-34-150x150.jpg\" data-width=\"150\" data-height=\"150\" aria-label=\"\" role=\"img\" ><\/div>\n\t\t\t\t\t\t\t\t\t\t\t<div class=\"elementor-gallery-item__overlay\"><\/div>\n\t\t\t\t\t\t\t\t\t\t\t\t\t\t<\/div>\n\t\t\t\t\t\t\t<div class=\"e-gallery-item elementor-gallery-item elementor-animated-content\">\n\t\t\t\t\t<div class=\"e-gallery-image elementor-gallery-item__image\" data-thumbnail=\"https:\/\/www.portovenere.fr\/fr-fr\/wp-content\/uploads\/2024\/08\/Credence-murale-a-relief-striee-carrelage-teinte-grise-60-x120-cm-Reflejo-Leaf-Grey-salle-de-bain-proche-La-Grande-Motte-34-150x150.jpg\" data-width=\"150\" data-height=\"150\" aria-label=\"\" role=\"img\" ><\/div>\n\t\t\t\t\t\t\t\t\t\t\t<div class=\"elementor-gallery-item__overlay\"><\/div>\n\t\t\t\t\t\t\t\t\t\t\t\t\t\t<\/div>\n\t\t\t\t\t\t\t<div class=\"e-gallery-item elementor-gallery-item elementor-animated-content\">\n\t\t\t\t\t<div class=\"e-gallery-image elementor-gallery-item__image\" data-thumbnail=\"https:\/\/www.portovenere.fr\/fr-fr\/wp-content\/uploads\/2024\/08\/Credence-murale-a-relief-striee-carrelage-teinte-grege-60-x120-cm-Reflejo-Leaf-Greige-salle-de-bain-proche-Agde-34-150x150.jpg\" data-width=\"150\" data-height=\"150\" aria-label=\"\" role=\"img\" ><\/div>\n\t\t\t\t\t\t\t\t\t\t\t<div class=\"elementor-gallery-item__overlay\"><\/div>\n\t\t\t\t\t\t\t\t\t\t\t\t\t\t<\/div>\n\t\t\t\t\t\t\t<div class=\"e-gallery-item elementor-gallery-item elementor-animated-content\">\n\t\t\t\t\t<div class=\"e-gallery-image elementor-gallery-item__image\" data-thumbnail=\"https:\/\/www.portovenere.fr\/fr-fr\/wp-content\/uploads\/2024\/08\/Credence-murale-a-relief-striee-carrelage-teinte-claire-60-x120-cm-Reflejo-Leaf-Light-salle-de-bain-a-Saint-jean-de-vedas-34-150x150.jpg\" data-width=\"150\" data-height=\"150\" aria-label=\"\" role=\"img\" ><\/div>\n\t\t\t\t\t\t\t\t\t\t\t<div class=\"elementor-gallery-item__overlay\"><\/div>\n\t\t\t\t\t\t\t\t\t\t\t\t\t\t<\/div>\n\t\t\t\t\t\t\t<div class=\"e-gallery-item elementor-gallery-item elementor-animated-content\">\n\t\t\t\t\t<div class=\"e-gallery-image elementor-gallery-item__image\" data-thumbnail=\"https:\/\/www.portovenere.fr\/fr-fr\/wp-content\/uploads\/2024\/08\/Credence-murale-a-relief-striee-carrelage-teinte-grise-60-x120-cm-Reflejo-Loom-Grey-salle-de-bain-proche-Sete-34-150x150.jpg\" data-width=\"150\" data-height=\"150\" aria-label=\"\" role=\"img\" ><\/div>\n\t\t\t\t\t\t\t\t\t\t\t<div class=\"elementor-gallery-item__overlay\"><\/div>\n\t\t\t\t\t\t\t\t\t\t\t\t\t\t<\/div>\n\t\t\t\t\t\t\t<div class=\"e-gallery-item elementor-gallery-item elementor-animated-content\">\n\t\t\t\t\t<div class=\"e-gallery-image elementor-gallery-item__image\" data-thumbnail=\"https:\/\/www.portovenere.fr\/fr-fr\/wp-content\/uploads\/2024\/08\/Credence-murale-a-relief-striee-carrelage-teinte-grege-60-x120-cm-Reflejo-Loom-Greige-salle-de-bain-proche-Baillargues-34-150x150.jpg\" data-width=\"150\" data-height=\"150\" aria-label=\"\" role=\"img\" ><\/div>\n\t\t\t\t\t\t\t\t\t\t\t<div class=\"elementor-gallery-item__overlay\"><\/div>\n\t\t\t\t\t\t\t\t\t\t\t\t\t\t<\/div>\n\t\t\t\t\t\t\t<div class=\"e-gallery-item elementor-gallery-item elementor-animated-content\">\n\t\t\t\t\t<div class=\"e-gallery-image elementor-gallery-item__image\" data-thumbnail=\"https:\/\/www.portovenere.fr\/fr-fr\/wp-content\/uploads\/2024\/08\/Credence-murale-a-relief-striee-carrelage-teinte-claire-60-x120-cm-Reflejo-Loom-Light-salle-de-bain-a-Montpellier-34-150x150.jpg\" data-width=\"150\" data-height=\"150\" aria-label=\"\" role=\"img\" ><\/div>\n\t\t\t\t\t\t\t\t\t\t\t<div class=\"elementor-gallery-item__overlay\"><\/div>\n\t\t\t\t\t\t\t\t\t\t\t\t\t\t<\/div>\n\t\t\t\t\t<\/div>\n\t\t\t\t\t<\/div>\n\t\t\t\t<\/div>\n\t\t\t\t<div class=\"elementor-element elementor-element-858704a elementor-widget__width-initial elementor-widget elementor-widget-gallery\" data-id=\"858704a\" data-element_type=\"widget\" data-e-type=\"widget\" data-settings=\"{&quot;gap&quot;:{&quot;unit&quot;:&quot;px&quot;,&quot;size&quot;:3,&quot;sizes&quot;:[]},&quot;columns_mobile&quot;:3,&quot;gap_mobile&quot;:{&quot;unit&quot;:&quot;px&quot;,&quot;size&quot;:6,&quot;sizes&quot;:[]},&quot;columns&quot;:5,&quot;columns_tablet&quot;:3,&quot;gap_tablet&quot;:{&quot;unit&quot;:&quot;px&quot;,&quot;size&quot;:5,&quot;sizes&quot;:[]},&quot;lazyload&quot;:&quot;yes&quot;,&quot;gallery_layout&quot;:&quot;grid&quot;,&quot;aspect_ratio&quot;:&quot;3:2&quot;,&quot;overlay_background&quot;:&quot;yes&quot;,&quot;content_hover_animation&quot;:&quot;fade-in&quot;}\" data-widget_type=\"gallery.default\">\n\t\t\t\t<div class=\"elementor-widget-container\">\n\t\t\t\t\t\t\t<div class=\"elementor-gallery__container\">\n\t\t\t\t\t\t\t<div class=\"e-gallery-item elementor-gallery-item elementor-animated-content\">\n\t\t\t\t\t<div class=\"e-gallery-image elementor-gallery-item__image\" data-thumbnail=\"https:\/\/www.portovenere.fr\/fr-fr\/wp-content\/uploads\/2024\/03\/Carrelage-effet-ciment-Anthracite-Pictural-a-montpellier-150x150.jpg\" data-width=\"150\" data-height=\"150\" aria-label=\"\" role=\"img\" ><\/div>\n\t\t\t\t\t\t\t\t\t\t\t<div class=\"elementor-gallery-item__overlay\"><\/div>\n\t\t\t\t\t\t\t\t\t\t\t\t\t\t<\/div>\n\t\t\t\t\t\t\t<div class=\"e-gallery-item elementor-gallery-item elementor-animated-content\">\n\t\t\t\t\t<div class=\"e-gallery-image elementor-gallery-item__image\" data-thumbnail=\"https:\/\/www.portovenere.fr\/fr-fr\/wp-content\/uploads\/2024\/03\/Carrelage-effet-ciment-vert-Salvia-Pictural-a-montpellier-150x150.jpg\" data-width=\"150\" data-height=\"150\" aria-label=\"\" role=\"img\" ><\/div>\n\t\t\t\t\t\t\t\t\t\t\t<div class=\"elementor-gallery-item__overlay\"><\/div>\n\t\t\t\t\t\t\t\t\t\t\t\t\t\t<\/div>\n\t\t\t\t\t\t\t<div class=\"e-gallery-item elementor-gallery-item elementor-animated-content\">\n\t\t\t\t\t<div class=\"e-gallery-image elementor-gallery-item__image\" data-thumbnail=\"https:\/\/www.portovenere.fr\/fr-fr\/wp-content\/uploads\/2024\/03\/Carrelage-effet-ciment-terracotta-Amarento-Pictural-a-montpellier-150x150.jpg\" data-width=\"150\" data-height=\"150\" aria-label=\"\" role=\"img\" ><\/div>\n\t\t\t\t\t\t\t\t\t\t\t<div class=\"elementor-gallery-item__overlay\"><\/div>\n\t\t\t\t\t\t\t\t\t\t\t\t\t\t<\/div>\n\t\t\t\t\t\t\t<div class=\"e-gallery-item elementor-gallery-item elementor-animated-content\">\n\t\t\t\t\t<div class=\"e-gallery-image elementor-gallery-item__image\" data-thumbnail=\"https:\/\/www.portovenere.fr\/fr-fr\/wp-content\/uploads\/2024\/03\/Carrelage-effet-ciment-Gris-Cenere-Pictural-a-montpellier-150x150.jpg\" data-width=\"150\" data-height=\"150\" aria-label=\"\" role=\"img\" ><\/div>\n\t\t\t\t\t\t\t\t\t\t\t<div class=\"elementor-gallery-item__overlay\"><\/div>\n\t\t\t\t\t\t\t\t\t\t\t\t\t\t<\/div>\n\t\t\t\t\t\t\t<div class=\"e-gallery-item elementor-gallery-item elementor-animated-content\">\n\t\t\t\t\t<div class=\"e-gallery-image elementor-gallery-item__image\" data-thumbnail=\"https:\/\/www.portovenere.fr\/fr-fr\/wp-content\/uploads\/2024\/03\/Carrelage-effet-ciment-Gris-Basalto-Pictural-a-montpellier-150x150.jpg\" data-width=\"150\" data-height=\"150\" aria-label=\"\" role=\"img\" ><\/div>\n\t\t\t\t\t\t\t\t\t\t\t<div class=\"elementor-gallery-item__overlay\"><\/div>\n\t\t\t\t\t\t\t\t\t\t\t\t\t\t<\/div>\n\t\t\t\t\t\t\t<div class=\"e-gallery-item elementor-gallery-item elementor-animated-content\">\n\t\t\t\t\t<div class=\"e-gallery-image elementor-gallery-item__image\" data-thumbnail=\"https:\/\/www.portovenere.fr\/fr-fr\/wp-content\/uploads\/2024\/03\/Carrelage-effet-ciment-Gris-Avio-Pictural-a-montpellier-150x150.jpg\" data-width=\"150\" data-height=\"150\" aria-label=\"\" role=\"img\" ><\/div>\n\t\t\t\t\t\t\t\t\t\t\t<div class=\"elementor-gallery-item__overlay\"><\/div>\n\t\t\t\t\t\t\t\t\t\t\t\t\t\t<\/div>\n\t\t\t\t\t\t\t<div class=\"e-gallery-item elementor-gallery-item elementor-animated-content\">\n\t\t\t\t\t<div class=\"e-gallery-image elementor-gallery-item__image\" data-thumbnail=\"https:\/\/www.portovenere.fr\/fr-fr\/wp-content\/uploads\/2024\/03\/Carrelage-effet-ciment-coloris-Cappuccino-Pictural-a-montpellier-150x150.jpg\" data-width=\"150\" data-height=\"150\" aria-label=\"\" role=\"img\" ><\/div>\n\t\t\t\t\t\t\t\t\t\t\t<div class=\"elementor-gallery-item__overlay\"><\/div>\n\t\t\t\t\t\t\t\t\t\t\t\t\t\t<\/div>\n\t\t\t\t\t\t\t<div class=\"e-gallery-item elementor-gallery-item elementor-animated-content\">\n\t\t\t\t\t<div class=\"e-gallery-image elementor-gallery-item__image\" data-thumbnail=\"https:\/\/www.portovenere.fr\/fr-fr\/wp-content\/uploads\/2024\/03\/Carrelage-effet-ciment-clair-Perla-Pictural-a-montpellier-150x150.jpg\" data-width=\"150\" data-height=\"150\" aria-label=\"\" role=\"img\" ><\/div>\n\t\t\t\t\t\t\t\t\t\t\t<div class=\"elementor-gallery-item__overlay\"><\/div>\n\t\t\t\t\t\t\t\t\t\t\t\t\t\t<\/div>\n\t\t\t\t\t\t\t<div class=\"e-gallery-item elementor-gallery-item elementor-animated-content\">\n\t\t\t\t\t<div class=\"e-gallery-image elementor-gallery-item__image\" data-thumbnail=\"https:\/\/www.portovenere.fr\/fr-fr\/wp-content\/uploads\/2024\/03\/Carrelage-effet-ciment-clair-Crema-Pictural-a-montpellier-150x150.jpg\" data-width=\"150\" data-height=\"150\" aria-label=\"\" role=\"img\" ><\/div>\n\t\t\t\t\t\t\t\t\t\t\t<div class=\"elementor-gallery-item__overlay\"><\/div>\n\t\t\t\t\t\t\t\t\t\t\t\t\t\t<\/div>\n\t\t\t\t\t\t\t<div class=\"e-gallery-item elementor-gallery-item elementor-animated-content\">\n\t\t\t\t\t<div class=\"e-gallery-image elementor-gallery-item__image\" data-thumbnail=\"https:\/\/www.portovenere.fr\/fr-fr\/wp-content\/uploads\/2024\/03\/Carrelage-mural-decor-jungle-xxl-120x278-cm-Carioca-face-A-Pictural-proche-de-Lattes-34-150x150.jpg\" data-width=\"150\" data-height=\"150\" aria-label=\"\" role=\"img\" ><\/div>\n\t\t\t\t\t\t\t\t\t\t\t<div class=\"elementor-gallery-item__overlay\"><\/div>\n\t\t\t\t\t\t\t\t\t\t\t\t\t\t<\/div>\n\t\t\t\t\t\t\t<div class=\"e-gallery-item elementor-gallery-item elementor-animated-content\">\n\t\t\t\t\t<div class=\"e-gallery-image elementor-gallery-item__image\" data-thumbnail=\"https:\/\/www.portovenere.fr\/fr-fr\/wp-content\/uploads\/2024\/03\/Carrelage-mural-decor-Pop-Art-xxl-120x278-cm-face-A-Pictural-proche-de-perols-34-150x150.jpg\" data-width=\"150\" data-height=\"150\" aria-label=\"\" role=\"img\" ><\/div>\n\t\t\t\t\t\t\t\t\t\t\t<div class=\"elementor-gallery-item__overlay\"><\/div>\n\t\t\t\t\t\t\t\t\t\t\t\t\t\t<\/div>\n\t\t\t\t\t\t\t<div class=\"e-gallery-item elementor-gallery-item elementor-animated-content\">\n\t\t\t\t\t<div class=\"e-gallery-image elementor-gallery-item__image\" data-thumbnail=\"https:\/\/www.portovenere.fr\/fr-fr\/wp-content\/uploads\/2024\/03\/Carrelage-mural-decor-floral-nature-xxl-120x278-cm-Peonia-face-B-Pictural-a-Montpellierl-34-150x150.jpg\" data-width=\"150\" data-height=\"150\" aria-label=\"\" role=\"img\" ><\/div>\n\t\t\t\t\t\t\t\t\t\t\t<div class=\"elementor-gallery-item__overlay\"><\/div>\n\t\t\t\t\t\t\t\t\t\t\t\t\t\t<\/div>\n\t\t\t\t\t<\/div>\n\t\t\t\t\t<\/div>\n\t\t\t\t<\/div>\n\t\t\t\t<div class=\"elementor-element elementor-element-6880c7c9 elementor-widget elementor-widget-text-editor\" data-id=\"6880c7c9\" data-element_type=\"widget\" data-e-type=\"widget\" data-widget_type=\"text-editor.default\">\n\t\t\t\t<div class=\"elementor-widget-container\">\n\t\t\t\t\t\t\t\t\t<p>D\u00e9couvrez la collection de\u00a0<b>carrelage sol et mur<\/b>\u00a0effet naturel Reflejo, une invitation \u00e0 un voyage au c\u0153ur de la nature.<\/p><p>Cette gamme de\u00a0<strong>carrelage gr\u00e8s c\u00e9rame<\/strong>\u00a0s\u2019inspire des pierres marbri\u00e8res les plus prestigieuses, offrant un rendu r\u00e9aliste et authentique.\u00a0<\/p><p>Avec ses formats modulables (de la mosa\u00efque 30\u00d730 cm au <b>maxi format 120 x 270 cm<\/b>) et ses \u00e9paisseurs vari\u00e9es (6mm, 9mm, 20mm), le carrelage Reflejo s\u2019adapte \u00e0 tous les styles architecturaux.\u00a0<\/p><p>Gr\u00e2ce \u00e0 la<strong>\u00a0technologie Ductile\u00ae<\/strong>, ce<strong>\u00a0rev\u00eatement de sol et mural<\/strong>\u00a0allie esth\u00e9tique et performance, pour une continuit\u00e9 parfaite entre les espaces int\u00e9rieurs et ext\u00e9rieurs.<\/p><p>4 coloris,\u00a04 finitions, nombreux formats, d\u00e9cors \u00e0 relief, mosa\u00efques et dalles antid\u00e9rapantes 2 cm pour assurer une continuit\u00e9 de l&rsquo;int\u00e9rieur vers l&rsquo;ext\u00e9rieur.<\/p>\t\t\t\t\t\t\t\t<\/div>\n\t\t\t\t<\/div>\n\t\t\t\t<div class=\"elementor-element elementor-element-384a23b4 elementor-mobile-align-center elementor-widget elementor-widget-button\" data-id=\"384a23b4\" data-element_type=\"widget\" data-e-type=\"widget\" data-widget_type=\"button.default\">\n\t\t\t\t<div class=\"elementor-widget-container\">\n\t\t\t\t\t\t\t\t\t<div class=\"elementor-button-wrapper\">\n\t\t\t\t\t<a class=\"elementor-button elementor-button-link elementor-size-sm\" href=\"https:\/\/www.portovenere.fr\/fr-fr\/carrelage-sol-et-mur-en-gres-cerame-et-faience\/carrelage-aspect-pierre\/carrelage-sol-et-mur-effet-naturel-reflejo\/\">\n\t\t\t\t\t\t<span class=\"elementor-button-content-wrapper\">\n\t\t\t\t\t\t\t\t\t<span class=\"elementor-button-text\">VOIR LA COLLECTION<\/span>\n\t\t\t\t\t<\/span>\n\t\t\t\t\t<\/a>\n\t\t\t\t<\/div>\n\t\t\t\t\t\t\t\t<\/div>\n\t\t\t\t<\/div>\n\t\t\t\t\t<\/div>\n\t\t<\/div>\n\t\t\t\t<div class=\"elementor-column elementor-col-33 elementor-top-column elementor-element elementor-element-68066f92 elementor-invisible\" data-id=\"68066f92\" data-element_type=\"column\" data-e-type=\"column\" data-settings=\"{&quot;animation&quot;:&quot;fadeIn&quot;,&quot;background_background&quot;:&quot;classic&quot;}\">\n\t\t\t<div class=\"elementor-widget-wrap elementor-element-populated\">\n\t\t\t\t\t\t<div class=\"elementor-element elementor-element-19f3e444 elementor-widget elementor-widget-image\" data-id=\"19f3e444\" data-element_type=\"widget\" data-e-type=\"widget\" data-widget_type=\"image.default\">\n\t\t\t\t<div class=\"elementor-widget-container\">\n\t\t\t\t\t\t\t\t\t\t\t\t\t\t\t\t<a href=\"https:\/\/www.portovenere.fr\/fr-fr\/carrelage-sol-et-mur-en-gres-cerame-et-faience\/carrelage-contemporain-et-design\/carrelage-contemporain-imitation-beton-colore-pictural\/\">\n\t\t\t\t\t\t\t<img decoding=\"async\" src=\"https:\/\/www.portovenere.fr\/fr-fr\/wp-content\/uploads\/elementor\/thumbs\/Sol-salon-sejour-gris-basalto-carrelage-maxi-format-xxl-120x278cm-effet-ciment-Picture-proche-de-vendargues-34-r8if24gjhsga4lhkr47g081eyquh1e26b2267n37uk.jpg\" title=\"Sol-salon-s\u00e9jour-gris-basalto-carrelage-maxi-format-xxl-120x278cm-effet-ciment-Picture-proche-de-vendargues-34\" alt=\"Sol-salon-s\u00e9jour-gris-basalto-carrelage-maxi-format-xxl-120x278cm-effet-ciment-Picture-proche-de-vendargues-34\" loading=\"lazy\" \/>\t\t\t\t\t\t\t\t<\/a>\n\t\t\t\t\t\t\t\t\t\t\t\t\t\t\t<\/div>\n\t\t\t\t<\/div>\n\t\t\t\t<section class=\"elementor-section elementor-inner-section elementor-element elementor-element-1d1e03fe elementor-section-boxed elementor-section-height-default elementor-section-height-default elementor-invisible\" data-id=\"1d1e03fe\" data-element_type=\"section\" data-e-type=\"section\" data-settings=\"{&quot;background_background&quot;:&quot;classic&quot;,&quot;animation&quot;:&quot;fadeIn&quot;}\">\n\t\t\t\t\t\t<div class=\"elementor-container elementor-column-gap-default\">\n\t\t\t\t\t<div class=\"elementor-column elementor-col-100 elementor-inner-column elementor-element elementor-element-51e1ee31\" data-id=\"51e1ee31\" data-element_type=\"column\" data-e-type=\"column\">\n\t\t\t<div class=\"elementor-widget-wrap elementor-element-populated\">\n\t\t\t\t\t\t<div class=\"elementor-element elementor-element-2d2169f7 elementor-widget elementor-widget-heading\" data-id=\"2d2169f7\" data-element_type=\"widget\" data-e-type=\"widget\" data-widget_type=\"heading.default\">\n\t\t\t\t<div class=\"elementor-widget-container\">\n\t\t\t\t\t<h3 class=\"elementor-heading-title elementor-size-default\"><a href=\"https:\/\/www.portovenere.fr\/fr-fr\/carrelage-sol-et-mur-en-gres-cerame-et-faience\/carrelage-contemporain-et-design\/carrelage-contemporain-imitation-beton-colore-pictural\/\">PICTURAL | 9 coloris &amp; d\u00e9cors<\/a><\/h3>\t\t\t\t<\/div>\n\t\t\t\t<\/div>\n\t\t\t\t<div class=\"elementor-element elementor-element-29bf21c6 elementor-widget elementor-widget-text-editor\" data-id=\"29bf21c6\" data-element_type=\"widget\" data-e-type=\"widget\" data-widget_type=\"text-editor.default\">\n\t\t\t\t<div class=\"elementor-widget-container\">\n\t\t\t\t\t\t\t\t\t<p>La collection de\u00a0<b>carrelage contemporain imitation b\u00e9ton color\u00e9 en gr\u00e8s c\u00e9rame PICTURAL<\/b>\u00a0aborde\u00a0<b>9 teintes<\/b>\u00a0tendances &amp; traditionnelles :<\/p><p><strong>C<\/strong><b>appuccino, Cr\u00e8me<\/b>\u00a0(Cr\u00e8ma),<b>\u00a0Perle<\/b>\u00a0(Perla),\u00a0<b>4 gris<\/b>\u00a0diff\u00e9rents (Avio, Cenere, Basalto,\u00a0Anthracite),\u00a0<b>Vert<\/b>\u00a0Salvia et Rouge\u00a0<b>Terracotta<\/b>\u00a0(Amarento).<\/p><p>Une finition effet\u00a0<b>b\u00e9ton lisse<\/b>\u00a0Silteck est propos\u00e9e dans de nombreux formats (\u00e9paisseur 9,5mm) :\u00a030\u00d760 cm,\u00a060\u00d760\u00a0cm,\u00a060\u00d7120\u00a0cm,\u00a0<b>80\u00d780\u00a0cm,\u00a0120\u00d7120\u00a0cm<\/b> et en<b> format XXL de 120\u00d7278 cm<\/b>\u00a0(6,5mm fine \u00e9paisseur). Une<b> finition antid\u00e9rapante<\/b> est \u00e9galement disponible pour une terrasse, tour de piscine\u2026<\/p><p>Une<b> finition\u00a0b\u00e9ton stri\u00e9<\/b>\u00a0tout comme des <b>d\u00e9cors originaux <\/b>compl\u00e8tent cette collection de carrelage gr\u00e8s c\u00e9rame originale et contemporaine.<\/p>\t\t\t\t\t\t\t\t<\/div>\n\t\t\t\t<\/div>\n\t\t\t\t<div class=\"elementor-element elementor-element-3590b6e9 elementor-mobile-align-center elementor-widget elementor-widget-button\" data-id=\"3590b6e9\" data-element_type=\"widget\" data-e-type=\"widget\" data-widget_type=\"button.default\">\n\t\t\t\t<div class=\"elementor-widget-container\">\n\t\t\t\t\t\t\t\t\t<div class=\"elementor-button-wrapper\">\n\t\t\t\t\t<a class=\"elementor-button elementor-button-link elementor-size-sm\" href=\"https:\/\/www.portovenere.fr\/fr-fr\/carrelage-sol-et-mur-en-gres-cerame-et-faience\/carrelage-contemporain-et-design\/carrelage-contemporain-imitation-beton-colore-pictural\/\">\n\t\t\t\t\t\t<span class=\"elementor-button-content-wrapper\">\n\t\t\t\t\t\t\t\t\t<span class=\"elementor-button-text\">Voir la collection<\/span>\n\t\t\t\t\t<\/span>\n\t\t\t\t\t<\/a>\n\t\t\t\t<\/div>\n\t\t\t\t\t\t\t\t<\/div>\n\t\t\t\t<\/div>\n\t\t\t\t\t<\/div>\n\t\t<\/div>\n\t\t\t\t\t<\/div>\n\t\t<\/section>\n\t\t\t\t\t<\/div>\n\t\t<\/div>\n\t\t\t\t<div class=\"elementor-column elementor-col-33 elementor-top-column elementor-element elementor-element-617a0f7f\" data-id=\"617a0f7f\" data-element_type=\"column\" data-e-type=\"column\" data-settings=\"{&quot;background_background&quot;:&quot;classic&quot;}\">\n\t\t\t<div class=\"elementor-widget-wrap elementor-element-populated\">\n\t\t\t\t\t\t<div class=\"elementor-element elementor-element-11853593 elementor-widget elementor-widget-image\" data-id=\"11853593\" data-element_type=\"widget\" data-e-type=\"widget\" data-widget_type=\"image.default\">\n\t\t\t\t<div class=\"elementor-widget-container\">\n\t\t\t\t\t\t\t\t\t\t\t\t\t\t\t\t<a href=\"https:\/\/www.portovenere.fr\/fr-fr\/carrelage-sol-et-mur-en-gres-cerame-et-faience\/carrelage-aspect-marbre\/carrelage-effet-marbre-noir-veines-or-precieux\/\">\n\t\t\t\t\t\t\t<img loading=\"lazy\" decoding=\"async\" width=\"800\" height=\"537\" src=\"https:\/\/www.portovenere.fr\/fr-fr\/wp-content\/uploads\/2019\/11\/Carrelage-aspect-marbre-noir-et-or-Precieux_Thunder-Night_Porto-Venere-1.jpg\" class=\"attachment-large size-large wp-image-18018\" alt=\"\" srcset=\"https:\/\/www.portovenere.fr\/fr-fr\/wp-content\/uploads\/2019\/11\/Carrelage-aspect-marbre-noir-et-or-Precieux_Thunder-Night_Porto-Venere-1.jpg 1024w, https:\/\/www.portovenere.fr\/fr-fr\/wp-content\/uploads\/2019\/11\/Carrelage-aspect-marbre-noir-et-or-Precieux_Thunder-Night_Porto-Venere-1-300x201.jpg 300w, https:\/\/www.portovenere.fr\/fr-fr\/wp-content\/uploads\/2019\/11\/Carrelage-aspect-marbre-noir-et-or-Precieux_Thunder-Night_Porto-Venere-1-768x515.jpg 768w\" sizes=\"(max-width: 800px) 100vw, 800px\" \/>\t\t\t\t\t\t\t\t<\/a>\n\t\t\t\t\t\t\t\t\t\t\t\t\t\t\t<\/div>\n\t\t\t\t<\/div>\n\t\t\t\t<div class=\"elementor-element elementor-element-5cd72902 elementor-widget elementor-widget-heading\" data-id=\"5cd72902\" data-element_type=\"widget\" data-e-type=\"widget\" data-widget_type=\"heading.default\">\n\t\t\t\t<div class=\"elementor-widget-container\">\n\t\t\t\t\t<h3 class=\"elementor-heading-title elementor-size-default\"><a href=\"https:\/\/www.portovenere.fr\/fr-fr\/carrelage-sol-et-mur-en-gres-cerame-et-faience\/carrelage-aspect-marbre\/carrelage-effet-marbre-noir-veines-or-precieux\/\">PRECIEUX | 1 coloris<\/a><\/h3>\t\t\t\t<\/div>\n\t\t\t\t<\/div>\n\t\t\t\t<div class=\"elementor-element elementor-element-71c1e9c5 elementor-widget__width-initial elementor-widget elementor-widget-gallery\" data-id=\"71c1e9c5\" data-element_type=\"widget\" data-e-type=\"widget\" data-settings=\"{&quot;gap&quot;:{&quot;unit&quot;:&quot;px&quot;,&quot;size&quot;:3,&quot;sizes&quot;:[]},&quot;columns_mobile&quot;:3,&quot;gap_mobile&quot;:{&quot;unit&quot;:&quot;px&quot;,&quot;size&quot;:6,&quot;sizes&quot;:[]},&quot;columns&quot;:5,&quot;columns_tablet&quot;:3,&quot;gap_tablet&quot;:{&quot;unit&quot;:&quot;px&quot;,&quot;size&quot;:5,&quot;sizes&quot;:[]},&quot;lazyload&quot;:&quot;yes&quot;,&quot;gallery_layout&quot;:&quot;grid&quot;,&quot;aspect_ratio&quot;:&quot;3:2&quot;,&quot;overlay_background&quot;:&quot;yes&quot;,&quot;content_hover_animation&quot;:&quot;fade-in&quot;}\" data-widget_type=\"gallery.default\">\n\t\t\t\t<div class=\"elementor-widget-container\">\n\t\t\t\t\t\t\t<div class=\"elementor-gallery__container\">\n\t\t\t\t\t\t\t<div class=\"e-gallery-item elementor-gallery-item elementor-animated-content\">\n\t\t\t\t\t<div class=\"e-gallery-image elementor-gallery-item__image\" data-thumbnail=\"https:\/\/www.portovenere.fr\/fr-fr\/wp-content\/uploads\/2019\/11\/Carrelage-aspect-marbre-Noir-vein\u00e9-dor\u00e9-et-blanc_Precieux_Thunder-Night_Porto_Venere-150x150.jpg\" data-width=\"150\" data-height=\"150\" aria-label=\"\" role=\"img\" ><\/div>\n\t\t\t\t\t\t\t\t\t\t\t<div class=\"elementor-gallery-item__overlay\"><\/div>\n\t\t\t\t\t\t\t\t\t\t\t\t\t\t<\/div>\n\t\t\t\t\t<\/div>\n\t\t\t\t\t<\/div>\n\t\t\t\t<\/div>\n\t\t\t\t<div class=\"elementor-element elementor-element-7877a29e elementor-widget elementor-widget-text-editor\" data-id=\"7877a29e\" data-element_type=\"widget\" data-e-type=\"widget\" data-widget_type=\"text-editor.default\">\n\t\t\t\t<div class=\"elementor-widget-container\">\n\t\t\t\t\t\t\t\t\t<p>Carrelage aspect marbre noir aux sublimes marbrures couleur or. Cette collection en gr\u00e8s c\u00e9rame color\u00e9 dans la masse pour sol et mur, est propos\u00e9e dans de nombreux formats en finition mate et brillante (glossy).\u00a0<\/p><p>L&rsquo;unique couleur \u00ab\u00a0Thunder night\u00a0\u00bb apportera beaucoup de caract\u00e8re \u00e0 vos espaces.<\/p>\t\t\t\t\t\t\t\t<\/div>\n\t\t\t\t<\/div>\n\t\t\t\t<div class=\"elementor-element elementor-element-1397dace elementor-mobile-align-center elementor-align-left elementor-widget elementor-widget-button\" data-id=\"1397dace\" data-element_type=\"widget\" data-e-type=\"widget\" data-widget_type=\"button.default\">\n\t\t\t\t<div class=\"elementor-widget-container\">\n\t\t\t\t\t\t\t\t\t<div class=\"elementor-button-wrapper\">\n\t\t\t\t\t<a class=\"elementor-button elementor-button-link elementor-size-sm\" href=\"https:\/\/www.portovenere.fr\/fr-fr\/carrelage-sol-et-mur-en-gres-cerame-et-faience\/carrelage-aspect-marbre\/carrelage-effet-marbre-noir-veines-or-precieux\/\">\n\t\t\t\t\t\t<span class=\"elementor-button-content-wrapper\">\n\t\t\t\t\t\t\t\t\t<span class=\"elementor-button-text\">Voir la collection<\/span>\n\t\t\t\t\t<\/span>\n\t\t\t\t\t<\/a>\n\t\t\t\t<\/div>\n\t\t\t\t\t\t\t\t<\/div>\n\t\t\t\t<\/div>\n\t\t\t\t\t<\/div>\n\t\t<\/div>\n\t\t\t\t\t<\/div>\n\t\t<\/section>\n\t\t\t\t<section class=\"elementor-section elementor-top-section elementor-element elementor-element-396cb7b8 elementor-section-full_width elementor-section-height-default elementor-section-height-default\" data-id=\"396cb7b8\" data-element_type=\"section\" data-e-type=\"section\" data-settings=\"{&quot;background_background&quot;:&quot;classic&quot;}\">\n\t\t\t\t\t\t<div class=\"elementor-container elementor-column-gap-default\">\n\t\t\t\t\t<div class=\"elementor-column elementor-col-33 elementor-top-column elementor-element elementor-element-36b09ee\" data-id=\"36b09ee\" data-element_type=\"column\" data-e-type=\"column\">\n\t\t\t<div class=\"elementor-widget-wrap elementor-element-populated\">\n\t\t\t\t\t\t<div class=\"elementor-element elementor-element-2544919f elementor-widget elementor-widget-image\" data-id=\"2544919f\" data-element_type=\"widget\" data-e-type=\"widget\" data-widget_type=\"image.default\">\n\t\t\t\t<div class=\"elementor-widget-container\">\n\t\t\t\t\t\t\t\t\t\t\t\t\t\t\t\t<a href=\"https:\/\/www.portovenere.fr\/fr-fr\/carrelage-sol-et-mur-en-gres-cerame-et-faience\/carrelage-extra-fin-special-renovation\/carrelage-effet-beton-taloche-extra-fin-pour-la-renovation-kerlite-materica\/\">\n\t\t\t\t\t\t\t<img loading=\"lazy\" decoding=\"async\" width=\"800\" height=\"534\" src=\"https:\/\/www.portovenere.fr\/fr-fr\/wp-content\/uploads\/2020\/02\/Carrelage_Extra_Fin_aspect_b\u00e9ton_Kerlite_Materica_Sabbia_proche_Rodez.jpg\" class=\"attachment-large size-large wp-image-25998\" alt=\"\" srcset=\"https:\/\/www.portovenere.fr\/fr-fr\/wp-content\/uploads\/2020\/02\/Carrelage_Extra_Fin_aspect_b\u00e9ton_Kerlite_Materica_Sabbia_proche_Rodez.jpg 898w, https:\/\/www.portovenere.fr\/fr-fr\/wp-content\/uploads\/2020\/02\/Carrelage_Extra_Fin_aspect_b\u00e9ton_Kerlite_Materica_Sabbia_proche_Rodez-300x200.jpg 300w, https:\/\/www.portovenere.fr\/fr-fr\/wp-content\/uploads\/2020\/02\/Carrelage_Extra_Fin_aspect_b\u00e9ton_Kerlite_Materica_Sabbia_proche_Rodez-768x512.jpg 768w\" sizes=\"(max-width: 800px) 100vw, 800px\" \/>\t\t\t\t\t\t\t\t<\/a>\n\t\t\t\t\t\t\t\t\t\t\t\t\t\t\t<\/div>\n\t\t\t\t<\/div>\n\t\t\t\t<div class=\"elementor-element elementor-element-6dc4ace1 elementor-widget elementor-widget-heading\" data-id=\"6dc4ace1\" data-element_type=\"widget\" data-e-type=\"widget\" data-widget_type=\"heading.default\">\n\t\t\t\t<div class=\"elementor-widget-container\">\n\t\t\t\t\t<h3 class=\"elementor-heading-title elementor-size-default\"><a href=\"https:\/\/www.portovenere.fr\/fr-fr\/carrelage-sol-et-mur-en-gres-cerame-et-faience\/carrelage-extra-fin-special-renovation\/carrelage-effet-beton-taloche-extra-fin-pour-la-renovation-kerlite-materica\/\">KERLITE MATERICA 5,5mm | 4 coloris<\/a><\/h3>\t\t\t\t<\/div>\n\t\t\t\t<\/div>\n\t\t\t\t<div class=\"elementor-element elementor-element-5c27202 elementor-widget__width-initial elementor-widget elementor-widget-gallery\" data-id=\"5c27202\" data-element_type=\"widget\" data-e-type=\"widget\" data-settings=\"{&quot;gap&quot;:{&quot;unit&quot;:&quot;px&quot;,&quot;size&quot;:3,&quot;sizes&quot;:[]},&quot;columns_mobile&quot;:3,&quot;gap_mobile&quot;:{&quot;unit&quot;:&quot;px&quot;,&quot;size&quot;:6,&quot;sizes&quot;:[]},&quot;columns&quot;:5,&quot;columns_tablet&quot;:3,&quot;gap_tablet&quot;:{&quot;unit&quot;:&quot;px&quot;,&quot;size&quot;:5,&quot;sizes&quot;:[]},&quot;lazyload&quot;:&quot;yes&quot;,&quot;gallery_layout&quot;:&quot;grid&quot;,&quot;aspect_ratio&quot;:&quot;3:2&quot;,&quot;overlay_background&quot;:&quot;yes&quot;,&quot;content_hover_animation&quot;:&quot;fade-in&quot;}\" data-widget_type=\"gallery.default\">\n\t\t\t\t<div class=\"elementor-widget-container\">\n\t\t\t\t\t\t\t<div class=\"elementor-gallery__container\">\n\t\t\t\t\t\t\t<div class=\"e-gallery-item elementor-gallery-item elementor-animated-content\">\n\t\t\t\t\t<div class=\"e-gallery-image elementor-gallery-item__image\" data-thumbnail=\"https:\/\/www.portovenere.fr\/fr-fr\/wp-content\/uploads\/2020\/02\/Kerlite-Materica-Ardesia-150x150.jpg\" data-width=\"150\" data-height=\"150\" aria-label=\"\" role=\"img\" ><\/div>\n\t\t\t\t\t\t\t\t\t\t\t<div class=\"elementor-gallery-item__overlay\"><\/div>\n\t\t\t\t\t\t\t\t\t\t\t\t\t\t<\/div>\n\t\t\t\t\t\t\t<div class=\"e-gallery-item elementor-gallery-item elementor-animated-content\">\n\t\t\t\t\t<div class=\"e-gallery-image elementor-gallery-item__image\" data-thumbnail=\"https:\/\/www.portovenere.fr\/fr-fr\/wp-content\/uploads\/2020\/02\/Kerlite-Materica-Bianco-150x150.jpg\" data-width=\"150\" data-height=\"150\" aria-label=\"\" role=\"img\" ><\/div>\n\t\t\t\t\t\t\t\t\t\t\t<div class=\"elementor-gallery-item__overlay\"><\/div>\n\t\t\t\t\t\t\t\t\t\t\t\t\t\t<\/div>\n\t\t\t\t\t\t\t<div class=\"e-gallery-item elementor-gallery-item elementor-animated-content\">\n\t\t\t\t\t<div class=\"e-gallery-image elementor-gallery-item__image\" data-thumbnail=\"https:\/\/www.portovenere.fr\/fr-fr\/wp-content\/uploads\/2020\/02\/Kerlite-Materica-Avorio-150x150.jpg\" data-width=\"150\" data-height=\"150\" aria-label=\"\" role=\"img\" ><\/div>\n\t\t\t\t\t\t\t\t\t\t\t<div class=\"elementor-gallery-item__overlay\"><\/div>\n\t\t\t\t\t\t\t\t\t\t\t\t\t\t<\/div>\n\t\t\t\t\t\t\t<div class=\"e-gallery-item elementor-gallery-item elementor-animated-content\">\n\t\t\t\t\t<div class=\"e-gallery-image elementor-gallery-item__image\" data-thumbnail=\"https:\/\/www.portovenere.fr\/fr-fr\/wp-content\/uploads\/2020\/02\/Kerlite-Materica-Tortora-150x150.jpg\" data-width=\"150\" data-height=\"150\" aria-label=\"\" role=\"img\" ><\/div>\n\t\t\t\t\t\t\t\t\t\t\t<div class=\"elementor-gallery-item__overlay\"><\/div>\n\t\t\t\t\t\t\t\t\t\t\t\t\t\t<\/div>\n\t\t\t\t\t<\/div>\n\t\t\t\t\t<\/div>\n\t\t\t\t<\/div>\n\t\t\t\t<div class=\"elementor-element elementor-element-67254870 elementor-widget elementor-widget-text-editor\" data-id=\"67254870\" data-element_type=\"widget\" data-e-type=\"widget\" data-widget_type=\"text-editor.default\">\n\t\t\t\t<div class=\"elementor-widget-container\">\n\t\t\t\t\t\t\t\t\t<p>Carrelage au style b\u00e9ton contemporain pour sol et mur en gr\u00e8s c\u00e9rame lamin\u00e9 extra-fin d&rsquo;\u00e9paisseur 5,5mm. Cette collection est d\u00e9clin\u00e9e en formats 50x100cm, 100x100cm, 100x250cm\u00a0 et 300x100cm.<\/p><p>4 coloris : Ardesia (Anthracite), Avorio (Ivoire), Bianco (Blanc), Tortora (Taupe)<\/p>\t\t\t\t\t\t\t\t<\/div>\n\t\t\t\t<\/div>\n\t\t\t\t<div class=\"elementor-element elementor-element-2cee8e34 elementor-mobile-align-center elementor-align-left elementor-widget elementor-widget-button\" data-id=\"2cee8e34\" data-element_type=\"widget\" data-e-type=\"widget\" data-widget_type=\"button.default\">\n\t\t\t\t<div class=\"elementor-widget-container\">\n\t\t\t\t\t\t\t\t\t<div class=\"elementor-button-wrapper\">\n\t\t\t\t\t<a class=\"elementor-button elementor-button-link elementor-size-sm\" href=\"https:\/\/www.portovenere.fr\/fr-fr\/carrelage-sol-et-mur-en-gres-cerame-et-faience\/carrelage-extra-fin-special-renovation\/carrelage-effet-beton-taloche-extra-fin-pour-la-renovation-kerlite-materica\/\">\n\t\t\t\t\t\t<span class=\"elementor-button-content-wrapper\">\n\t\t\t\t\t\t\t\t\t<span class=\"elementor-button-text\">Voir la collection<\/span>\n\t\t\t\t\t<\/span>\n\t\t\t\t\t<\/a>\n\t\t\t\t<\/div>\n\t\t\t\t\t\t\t\t<\/div>\n\t\t\t\t<\/div>\n\t\t\t\t\t<\/div>\n\t\t<\/div>\n\t\t\t\t<div class=\"elementor-column elementor-col-33 elementor-top-column elementor-element elementor-element-5abfb346\" data-id=\"5abfb346\" data-element_type=\"column\" data-e-type=\"column\" data-settings=\"{&quot;background_background&quot;:&quot;classic&quot;}\">\n\t\t\t<div class=\"elementor-widget-wrap elementor-element-populated\">\n\t\t\t\t\t\t<div class=\"elementor-element elementor-element-e9dd529 elementor-widget elementor-widget-image\" data-id=\"e9dd529\" data-element_type=\"widget\" data-e-type=\"widget\" data-widget_type=\"image.default\">\n\t\t\t\t<div class=\"elementor-widget-container\">\n\t\t\t\t\t\t\t\t\t\t\t\t\t\t\t\t<a href=\"https:\/\/www.portovenere.fr\/fr-fr\/carrelage-sol-et-mur-en-gres-cerame-et-faience\/carrelage-extra-fin-special-renovation\/carrelage-grand-format-extra-fin-effet-metal-kerlite-metal\/\">\n\t\t\t\t\t\t\t<img loading=\"lazy\" decoding=\"async\" width=\"800\" height=\"534\" src=\"https:\/\/www.portovenere.fr\/fr-fr\/wp-content\/uploads\/2020\/02\/Carrelage_grand_format_Extra_Fin_Kerlite_Metal_Corten_\u00e0_Montpellier_H\u00e9rault-34-1024x683.jpg\" class=\"attachment-large size-large wp-image-26011\" alt=\"\" srcset=\"https:\/\/www.portovenere.fr\/fr-fr\/wp-content\/uploads\/2020\/02\/Carrelage_grand_format_Extra_Fin_Kerlite_Metal_Corten_\u00e0_Montpellier_H\u00e9rault-34-1024x683.jpg 1024w, https:\/\/www.portovenere.fr\/fr-fr\/wp-content\/uploads\/2020\/02\/Carrelage_grand_format_Extra_Fin_Kerlite_Metal_Corten_\u00e0_Montpellier_H\u00e9rault-34-300x200.jpg 300w, https:\/\/www.portovenere.fr\/fr-fr\/wp-content\/uploads\/2020\/02\/Carrelage_grand_format_Extra_Fin_Kerlite_Metal_Corten_\u00e0_Montpellier_H\u00e9rault-34-768x512.jpg 768w, https:\/\/www.portovenere.fr\/fr-fr\/wp-content\/uploads\/2020\/02\/Carrelage_grand_format_Extra_Fin_Kerlite_Metal_Corten_\u00e0_Montpellier_H\u00e9rault-34.jpg 1200w\" sizes=\"(max-width: 800px) 100vw, 800px\" \/>\t\t\t\t\t\t\t\t<\/a>\n\t\t\t\t\t\t\t\t\t\t\t\t\t\t\t<\/div>\n\t\t\t\t<\/div>\n\t\t\t\t<div class=\"elementor-element elementor-element-32b5a2eb elementor-widget elementor-widget-heading\" data-id=\"32b5a2eb\" data-element_type=\"widget\" data-e-type=\"widget\" data-widget_type=\"heading.default\">\n\t\t\t\t<div class=\"elementor-widget-container\">\n\t\t\t\t\t<h3 class=\"elementor-heading-title elementor-size-default\"><a href=\"https:\/\/www.portovenere.fr\/fr-fr\/carrelage-sol-et-mur-en-gres-cerame-et-faience\/carrelage-extra-fin-special-renovation\/carrelage-grand-format-extra-fin-effet-metal-kerlite-metal\/\">KERLITE METAL 5,5mm | 2 coloris<\/a><\/h3>\t\t\t\t<\/div>\n\t\t\t\t<\/div>\n\t\t\t\t<div class=\"elementor-element elementor-element-7445ecb6 elementor-widget__width-initial elementor-widget elementor-widget-gallery\" data-id=\"7445ecb6\" data-element_type=\"widget\" data-e-type=\"widget\" data-settings=\"{&quot;gap&quot;:{&quot;unit&quot;:&quot;px&quot;,&quot;size&quot;:3,&quot;sizes&quot;:[]},&quot;columns_mobile&quot;:3,&quot;gap_mobile&quot;:{&quot;unit&quot;:&quot;px&quot;,&quot;size&quot;:6,&quot;sizes&quot;:[]},&quot;columns&quot;:5,&quot;columns_tablet&quot;:3,&quot;gap_tablet&quot;:{&quot;unit&quot;:&quot;px&quot;,&quot;size&quot;:5,&quot;sizes&quot;:[]},&quot;lazyload&quot;:&quot;yes&quot;,&quot;gallery_layout&quot;:&quot;grid&quot;,&quot;aspect_ratio&quot;:&quot;3:2&quot;,&quot;overlay_background&quot;:&quot;yes&quot;,&quot;content_hover_animation&quot;:&quot;fade-in&quot;}\" data-widget_type=\"gallery.default\">\n\t\t\t\t<div class=\"elementor-widget-container\">\n\t\t\t\t\t\t\t<div class=\"elementor-gallery__container\">\n\t\t\t\t\t\t\t<div class=\"e-gallery-item elementor-gallery-item elementor-animated-content\">\n\t\t\t\t\t<div class=\"e-gallery-image elementor-gallery-item__image\" data-thumbnail=\"https:\/\/www.portovenere.fr\/fr-fr\/wp-content\/uploads\/2020\/02\/Kerlite-Metal-Corten_carrelage_ultra_fin_effet_m\u00e9tal_sp\u00e9cial_r\u00e9novation_\u00e0_Montpellier-150x150.jpg\" data-width=\"150\" data-height=\"150\" aria-label=\"\" role=\"img\" ><\/div>\n\t\t\t\t\t\t\t\t\t\t\t<div class=\"elementor-gallery-item__overlay\"><\/div>\n\t\t\t\t\t\t\t\t\t\t\t\t\t\t<\/div>\n\t\t\t\t\t\t\t<div class=\"e-gallery-item elementor-gallery-item elementor-animated-content\">\n\t\t\t\t\t<div class=\"e-gallery-image elementor-gallery-item__image\" data-thumbnail=\"https:\/\/www.portovenere.fr\/fr-fr\/wp-content\/uploads\/2020\/02\/Kerlite-Metal-Iron_carrelage_extra_fin_effet_m\u00e9tal_sp\u00e9cial_r\u00e9novation_\u00e0_Montpellier-150x150.jpg\" data-width=\"150\" data-height=\"150\" aria-label=\"\" role=\"img\" ><\/div>\n\t\t\t\t\t\t\t\t\t\t\t<div class=\"elementor-gallery-item__overlay\"><\/div>\n\t\t\t\t\t\t\t\t\t\t\t\t\t\t<\/div>\n\t\t\t\t\t<\/div>\n\t\t\t\t\t<\/div>\n\t\t\t\t<\/div>\n\t\t\t\t<div class=\"elementor-element elementor-element-2b0c47e8 elementor-widget elementor-widget-text-editor\" data-id=\"2b0c47e8\" data-element_type=\"widget\" data-e-type=\"widget\" data-widget_type=\"text-editor.default\">\n\t\t\t\t<div class=\"elementor-widget-container\">\n\t\t\t\t\t\t\t\t\t<p>Carrelage effet m\u00e9tal (fer ou fer rouill\u00e9) grand format en gr\u00e8s c\u00e9rame lamin\u00e9 fibr\u00e9 de 5,5mm, id\u00e9al pour un projet de r\u00e9novation de sol ou mur (pose sur un ancien carrelage par exemple) ou construction neuve.<\/p><p>2 coloris disponibles d\u00e9clin\u00e9s sous 2 formats : 100&#215;100 et 100x300cm.<\/p>\t\t\t\t\t\t\t\t<\/div>\n\t\t\t\t<\/div>\n\t\t\t\t<div class=\"elementor-element elementor-element-57e053b elementor-mobile-align-center elementor-align-left elementor-widget elementor-widget-button\" data-id=\"57e053b\" data-element_type=\"widget\" data-e-type=\"widget\" data-widget_type=\"button.default\">\n\t\t\t\t<div class=\"elementor-widget-container\">\n\t\t\t\t\t\t\t\t\t<div class=\"elementor-button-wrapper\">\n\t\t\t\t\t<a class=\"elementor-button elementor-button-link elementor-size-sm\" href=\"https:\/\/www.portovenere.fr\/fr-fr\/carrelage-sol-et-mur-en-gres-cerame-et-faience\/carrelage-extra-fin-special-renovation\/carrelage-grand-format-extra-fin-effet-metal-kerlite-metal\/\">\n\t\t\t\t\t\t<span class=\"elementor-button-content-wrapper\">\n\t\t\t\t\t\t\t\t\t<span class=\"elementor-button-text\">Voir la collection<\/span>\n\t\t\t\t\t<\/span>\n\t\t\t\t\t<\/a>\n\t\t\t\t<\/div>\n\t\t\t\t\t\t\t\t<\/div>\n\t\t\t\t<\/div>\n\t\t\t\t\t<\/div>\n\t\t<\/div>\n\t\t\t\t<div class=\"elementor-column elementor-col-33 elementor-top-column elementor-element elementor-element-75618b94\" data-id=\"75618b94\" data-element_type=\"column\" data-e-type=\"column\" data-settings=\"{&quot;background_background&quot;:&quot;classic&quot;}\">\n\t\t\t<div class=\"elementor-widget-wrap elementor-element-populated\">\n\t\t\t\t\t\t<div class=\"elementor-element elementor-element-198ac623 elementor-widget elementor-widget-image\" data-id=\"198ac623\" data-element_type=\"widget\" data-e-type=\"widget\" data-widget_type=\"image.default\">\n\t\t\t\t<div class=\"elementor-widget-container\">\n\t\t\t\t\t\t\t\t\t\t\t\t\t\t\t\t<a href=\"https:\/\/www.portovenere.fr\/fr-fr\/carrelage-sol-et-mur-en-gres-cerame-et-faience\/carrelage-extra-fin-special-renovation\/carrelage-tres-fin-aspect-beton-contemporain-kerlite-over\/\">\n\t\t\t\t\t\t\t<img loading=\"lazy\" decoding=\"async\" width=\"800\" height=\"534\" src=\"https:\/\/www.portovenere.fr\/fr-fr\/wp-content\/uploads\/2020\/02\/Carrelage_extra_fin_salle_de_bain_Kerlite_Over-Loft-soft_et_Road-soft-3.5mm_\u00e0_Montpellier_Garosud.jpg\" class=\"attachment-large size-large wp-image-26023\" alt=\"\" srcset=\"https:\/\/www.portovenere.fr\/fr-fr\/wp-content\/uploads\/2020\/02\/Carrelage_extra_fin_salle_de_bain_Kerlite_Over-Loft-soft_et_Road-soft-3.5mm_\u00e0_Montpellier_Garosud.jpg 1000w, https:\/\/www.portovenere.fr\/fr-fr\/wp-content\/uploads\/2020\/02\/Carrelage_extra_fin_salle_de_bain_Kerlite_Over-Loft-soft_et_Road-soft-3.5mm_\u00e0_Montpellier_Garosud-300x200.jpg 300w, https:\/\/www.portovenere.fr\/fr-fr\/wp-content\/uploads\/2020\/02\/Carrelage_extra_fin_salle_de_bain_Kerlite_Over-Loft-soft_et_Road-soft-3.5mm_\u00e0_Montpellier_Garosud-768x512.jpg 768w\" sizes=\"(max-width: 800px) 100vw, 800px\" \/>\t\t\t\t\t\t\t\t<\/a>\n\t\t\t\t\t\t\t\t\t\t\t\t\t\t\t<\/div>\n\t\t\t\t<\/div>\n\t\t\t\t<div class=\"elementor-element elementor-element-15d444a7 elementor-widget elementor-widget-heading\" data-id=\"15d444a7\" data-element_type=\"widget\" data-e-type=\"widget\" data-widget_type=\"heading.default\">\n\t\t\t\t<div class=\"elementor-widget-container\">\n\t\t\t\t\t<h3 class=\"elementor-heading-title elementor-size-default\"><a href=\"https:\/\/www.portovenere.fr\/fr-fr\/carrelage-sol-et-mur-en-gres-cerame-et-faience\/carrelage-extra-fin-special-renovation\/carrelage-tres-fin-aspect-beton-contemporain-kerlite-over\/\">KERLITE OVER 3,5mm | 3 coloris<\/a><\/h3>\t\t\t\t<\/div>\n\t\t\t\t<\/div>\n\t\t\t\t<div class=\"elementor-element elementor-element-9b64203 elementor-widget__width-initial elementor-widget elementor-widget-gallery\" data-id=\"9b64203\" data-element_type=\"widget\" data-e-type=\"widget\" data-settings=\"{&quot;gap&quot;:{&quot;unit&quot;:&quot;px&quot;,&quot;size&quot;:3,&quot;sizes&quot;:[]},&quot;columns_mobile&quot;:3,&quot;gap_mobile&quot;:{&quot;unit&quot;:&quot;px&quot;,&quot;size&quot;:6,&quot;sizes&quot;:[]},&quot;columns&quot;:5,&quot;columns_tablet&quot;:3,&quot;gap_tablet&quot;:{&quot;unit&quot;:&quot;px&quot;,&quot;size&quot;:5,&quot;sizes&quot;:[]},&quot;lazyload&quot;:&quot;yes&quot;,&quot;gallery_layout&quot;:&quot;grid&quot;,&quot;aspect_ratio&quot;:&quot;3:2&quot;,&quot;overlay_background&quot;:&quot;yes&quot;,&quot;content_hover_animation&quot;:&quot;fade-in&quot;}\" data-widget_type=\"gallery.default\">\n\t\t\t\t<div class=\"elementor-widget-container\">\n\t\t\t\t\t\t\t<div class=\"elementor-gallery__container\">\n\t\t\t\t\t\t\t<div class=\"e-gallery-item elementor-gallery-item elementor-animated-content\">\n\t\t\t\t\t<div class=\"e-gallery-image elementor-gallery-item__image\" data-thumbnail=\"https:\/\/www.portovenere.fr\/fr-fr\/wp-content\/uploads\/2020\/02\/Kerlite-Over-Loft_carrelage-extra-fin-aspect-b\u00e9ton_contemporain_proche_Lav\u00e9rune-1-150x150.jpg\" data-width=\"150\" data-height=\"150\" aria-label=\"\" role=\"img\" ><\/div>\n\t\t\t\t\t\t\t\t\t\t\t<div class=\"elementor-gallery-item__overlay\"><\/div>\n\t\t\t\t\t\t\t\t\t\t\t\t\t\t<\/div>\n\t\t\t\t\t\t\t<div class=\"e-gallery-item elementor-gallery-item elementor-animated-content\">\n\t\t\t\t\t<div class=\"e-gallery-image elementor-gallery-item__image\" data-thumbnail=\"https:\/\/www.portovenere.fr\/fr-fr\/wp-content\/uploads\/2020\/02\/Kerlite-Over-Road_carrelage-extra-fin-aspect-b\u00e9ton_Montpellier-150x150.jpg\" data-width=\"150\" data-height=\"150\" aria-label=\"\" role=\"img\" ><\/div>\n\t\t\t\t\t\t\t\t\t\t\t<div class=\"elementor-gallery-item__overlay\"><\/div>\n\t\t\t\t\t\t\t\t\t\t\t\t\t\t<\/div>\n\t\t\t\t\t\t\t<div class=\"e-gallery-item elementor-gallery-item elementor-animated-content\">\n\t\t\t\t\t<div class=\"e-gallery-image elementor-gallery-item__image\" data-thumbnail=\"https:\/\/www.portovenere.fr\/fr-fr\/wp-content\/uploads\/2020\/02\/Kerlite-Over-Office_carrelage-extra-fin-aspect-b\u00e9ton_contemporain_gris_proche_Castelnau-le-Lez-150x150.jpg\" data-width=\"150\" data-height=\"150\" aria-label=\"\" role=\"img\" ><\/div>\n\t\t\t\t\t\t\t\t\t\t\t<div class=\"elementor-gallery-item__overlay\"><\/div>\n\t\t\t\t\t\t\t\t\t\t\t\t\t\t<\/div>\n\t\t\t\t\t<\/div>\n\t\t\t\t\t<\/div>\n\t\t\t\t<\/div>\n\t\t\t\t<div class=\"elementor-element elementor-element-17513421 elementor-widget elementor-widget-text-editor\" data-id=\"17513421\" data-element_type=\"widget\" data-e-type=\"widget\" data-widget_type=\"text-editor.default\">\n\t\t\t\t<div class=\"elementor-widget-container\">\n\t\t\t\t\t\t\t\t\t<p>Carrelage sol et mur en gr\u00e8s c\u00e9rame lamin\u00e9 extra-fin aspect b\u00e9ton, disponible en \u00e9paisseur 3,5mm fibr\u00e9 (finition naturelle mate ou soft adouci).<\/p>\n<p>Disponible en 3 coloris &#8211; Loft (Gris Beige), Office (Gris Bleut\u00e9), Road (Gris Anthracite) &#8211; d\u00e9clin\u00e9s dans les formats : 50&#215;50, 50&#215;100, 100&#215;100 et 300x100cm.<\/p>\t\t\t\t\t\t\t\t<\/div>\n\t\t\t\t<\/div>\n\t\t\t\t<div class=\"elementor-element elementor-element-48cc24b9 elementor-mobile-align-center elementor-align-left elementor-widget elementor-widget-button\" data-id=\"48cc24b9\" data-element_type=\"widget\" data-e-type=\"widget\" data-widget_type=\"button.default\">\n\t\t\t\t<div class=\"elementor-widget-container\">\n\t\t\t\t\t\t\t\t\t<div class=\"elementor-button-wrapper\">\n\t\t\t\t\t<a class=\"elementor-button elementor-button-link elementor-size-sm\" href=\"https:\/\/www.portovenere.fr\/fr-fr\/carrelage-sol-et-mur-en-gres-cerame-et-faience\/carrelage-extra-fin-special-renovation\/carrelage-tres-fin-aspect-beton-contemporain-kerlite-over\/\">\n\t\t\t\t\t\t<span class=\"elementor-button-content-wrapper\">\n\t\t\t\t\t\t\t\t\t<span class=\"elementor-button-text\">Voir la collection<\/span>\n\t\t\t\t\t<\/span>\n\t\t\t\t\t<\/a>\n\t\t\t\t<\/div>\n\t\t\t\t\t\t\t\t<\/div>\n\t\t\t\t<\/div>\n\t\t\t\t\t<\/div>\n\t\t<\/div>\n\t\t\t\t\t<\/div>\n\t\t<\/section>\n\t\t\t\t<section class=\"elementor-section elementor-top-section elementor-element elementor-element-7088b92a elementor-section-full_width elementor-section-height-default elementor-section-height-default\" data-id=\"7088b92a\" data-element_type=\"section\" data-e-type=\"section\" data-settings=\"{&quot;background_background&quot;:&quot;classic&quot;}\">\n\t\t\t\t\t\t<div class=\"elementor-container elementor-column-gap-default\">\n\t\t\t\t\t<div class=\"elementor-column elementor-col-33 elementor-top-column elementor-element elementor-element-69ed3c86 elementor-invisible\" data-id=\"69ed3c86\" data-element_type=\"column\" data-e-type=\"column\" data-settings=\"{&quot;animation&quot;:&quot;fadeIn&quot;,&quot;background_background&quot;:&quot;classic&quot;}\">\n\t\t\t<div class=\"elementor-widget-wrap elementor-element-populated\">\n\t\t\t\t\t\t<div class=\"elementor-element elementor-element-41ae95eb elementor-widget elementor-widget-image\" data-id=\"41ae95eb\" data-element_type=\"widget\" data-e-type=\"widget\" data-widget_type=\"image.default\">\n\t\t\t\t<div class=\"elementor-widget-container\">\n\t\t\t\t\t\t\t\t\t\t\t\t\t\t\t\t<a href=\"https:\/\/www.portovenere.fr\/fr-fr\/carrelage-sol-et-mur-en-gres-cerame-et-faience\/carrelage-aspect-pierre\/carrelage-effet-pierre-naturelle-pour-exterieur-et-interieur-st-guilhem\/\">\n\t\t\t\t\t\t\t<img loading=\"lazy\" decoding=\"async\" width=\"768\" height=\"522\" src=\"https:\/\/www.portovenere.fr\/fr-fr\/wp-content\/uploads\/2020\/07\/Carrelage_gr\u00e8s_c\u00e9rame_aspect_pierre_min\u00e9rale_naturelle_pour_sol_et_mur_St-Guilhem_Sabbia_\u00e0_Montpellier_H\u00e9rault-768x522.jpg\" class=\"attachment-medium_large size-medium_large wp-image-30944\" alt=\"Carrelage grand format int\u00e9rieur ext\u00e9rieur aspect pierre naturelle\" srcset=\"https:\/\/www.portovenere.fr\/fr-fr\/wp-content\/uploads\/2020\/07\/Carrelage_gr\u00e8s_c\u00e9rame_aspect_pierre_min\u00e9rale_naturelle_pour_sol_et_mur_St-Guilhem_Sabbia_\u00e0_Montpellier_H\u00e9rault-768x522.jpg 768w, https:\/\/www.portovenere.fr\/fr-fr\/wp-content\/uploads\/2020\/07\/Carrelage_gr\u00e8s_c\u00e9rame_aspect_pierre_min\u00e9rale_naturelle_pour_sol_et_mur_St-Guilhem_Sabbia_\u00e0_Montpellier_H\u00e9rault-300x204.jpg 300w, https:\/\/www.portovenere.fr\/fr-fr\/wp-content\/uploads\/2020\/07\/Carrelage_gr\u00e8s_c\u00e9rame_aspect_pierre_min\u00e9rale_naturelle_pour_sol_et_mur_St-Guilhem_Sabbia_\u00e0_Montpellier_H\u00e9rault-1024x696.jpg 1024w, https:\/\/www.portovenere.fr\/fr-fr\/wp-content\/uploads\/2020\/07\/Carrelage_gr\u00e8s_c\u00e9rame_aspect_pierre_min\u00e9rale_naturelle_pour_sol_et_mur_St-Guilhem_Sabbia_\u00e0_Montpellier_H\u00e9rault.jpg 1500w\" sizes=\"(max-width: 768px) 100vw, 768px\" \/>\t\t\t\t\t\t\t\t<\/a>\n\t\t\t\t\t\t\t\t\t\t\t\t\t\t\t<\/div>\n\t\t\t\t<\/div>\n\t\t\t\t<section class=\"elementor-section elementor-inner-section elementor-element elementor-element-6483a2ef elementor-section-boxed elementor-section-height-default elementor-section-height-default elementor-invisible\" data-id=\"6483a2ef\" data-element_type=\"section\" data-e-type=\"section\" data-settings=\"{&quot;background_background&quot;:&quot;classic&quot;,&quot;animation&quot;:&quot;fadeIn&quot;}\">\n\t\t\t\t\t\t<div class=\"elementor-container elementor-column-gap-default\">\n\t\t\t\t\t<div class=\"elementor-column elementor-col-100 elementor-inner-column elementor-element elementor-element-2b1be4f0\" data-id=\"2b1be4f0\" data-element_type=\"column\" data-e-type=\"column\">\n\t\t\t<div class=\"elementor-widget-wrap elementor-element-populated\">\n\t\t\t\t\t\t<div class=\"elementor-element elementor-element-1ebd3708 elementor-widget elementor-widget-heading\" data-id=\"1ebd3708\" data-element_type=\"widget\" data-e-type=\"widget\" data-widget_type=\"heading.default\">\n\t\t\t\t<div class=\"elementor-widget-container\">\n\t\t\t\t\t<h3 class=\"elementor-heading-title elementor-size-default\"><a href=\"https:\/\/www.portovenere.fr\/fr-fr\/carrelage-sol-et-mur-en-gres-cerame-et-faience\/carrelage-aspect-pierre\/carrelage-effet-pierre-naturelle-pour-exterieur-et-interieur-st-guilhem\/\">ST GUILHEM | 5 coloris &amp; mosa\u00efques<\/a><\/h3>\t\t\t\t<\/div>\n\t\t\t\t<\/div>\n\t\t\t\t<div class=\"elementor-element elementor-element-d969e32 elementor-widget__width-initial elementor-widget elementor-widget-gallery\" data-id=\"d969e32\" data-element_type=\"widget\" data-e-type=\"widget\" data-settings=\"{&quot;gap&quot;:{&quot;unit&quot;:&quot;px&quot;,&quot;size&quot;:3,&quot;sizes&quot;:[]},&quot;columns_mobile&quot;:3,&quot;gap_mobile&quot;:{&quot;unit&quot;:&quot;px&quot;,&quot;size&quot;:6,&quot;sizes&quot;:[]},&quot;columns&quot;:5,&quot;columns_tablet&quot;:3,&quot;gap_tablet&quot;:{&quot;unit&quot;:&quot;px&quot;,&quot;size&quot;:5,&quot;sizes&quot;:[]},&quot;lazyload&quot;:&quot;yes&quot;,&quot;gallery_layout&quot;:&quot;grid&quot;,&quot;aspect_ratio&quot;:&quot;3:2&quot;,&quot;overlay_background&quot;:&quot;yes&quot;,&quot;content_hover_animation&quot;:&quot;fade-in&quot;}\" data-widget_type=\"gallery.default\">\n\t\t\t\t<div class=\"elementor-widget-container\">\n\t\t\t\t\t\t\t<div class=\"elementor-gallery__container\">\n\t\t\t\t\t\t\t<div class=\"e-gallery-item elementor-gallery-item elementor-animated-content\">\n\t\t\t\t\t<div class=\"e-gallery-image elementor-gallery-item__image\" data-thumbnail=\"https:\/\/www.portovenere.fr\/fr-fr\/wp-content\/uploads\/2020\/07\/Carrelage_gr\u00e8s_c\u00e9rame_aspect_pierre_naturelle_St-Guilhem_Tan_proche_de_Lyon_69-150x150.jpg\" data-width=\"150\" data-height=\"150\" aria-label=\"\" role=\"img\" ><\/div>\n\t\t\t\t\t\t\t\t\t\t\t<div class=\"elementor-gallery-item__overlay\"><\/div>\n\t\t\t\t\t\t\t\t\t\t\t\t\t\t<\/div>\n\t\t\t\t\t\t\t<div class=\"e-gallery-item elementor-gallery-item elementor-animated-content\">\n\t\t\t\t\t<div class=\"e-gallery-image elementor-gallery-item__image\" data-thumbnail=\"https:\/\/www.portovenere.fr\/fr-fr\/wp-content\/uploads\/2020\/07\/Carrelage_gr\u00e8s_c\u00e9rame_aspect_pierre_naturelle_St-Guilhem_Sabbia_Sable_proche_de_Grabels_H\u00e9rault_34-150x150.jpg\" data-width=\"150\" data-height=\"150\" aria-label=\"\" role=\"img\" ><\/div>\n\t\t\t\t\t\t\t\t\t\t\t<div class=\"elementor-gallery-item__overlay\"><\/div>\n\t\t\t\t\t\t\t\t\t\t\t\t\t\t<\/div>\n\t\t\t\t\t\t\t<div class=\"e-gallery-item elementor-gallery-item elementor-animated-content\">\n\t\t\t\t\t<div class=\"e-gallery-image elementor-gallery-item__image\" data-thumbnail=\"https:\/\/www.portovenere.fr\/fr-fr\/wp-content\/uploads\/2020\/07\/Carrelage_gr\u00e8s_c\u00e9rame_aspect_pierre_naturelle_St-Guilhem_Ebano_\u00e0_S\u00e8te_H\u00e9rault_34-150x150.jpg\" data-width=\"150\" data-height=\"150\" aria-label=\"\" role=\"img\" ><\/div>\n\t\t\t\t\t\t\t\t\t\t\t<div class=\"elementor-gallery-item__overlay\"><\/div>\n\t\t\t\t\t\t\t\t\t\t\t\t\t\t<\/div>\n\t\t\t\t\t\t\t<div class=\"e-gallery-item elementor-gallery-item elementor-animated-content\">\n\t\t\t\t\t<div class=\"e-gallery-image elementor-gallery-item__image\" data-thumbnail=\"https:\/\/www.portovenere.fr\/fr-fr\/wp-content\/uploads\/2020\/07\/Carrelage_gr\u00e8s_c\u00e9rame_aspect_pierre_naturelle_St-Guilhem_Corda_Corde_proche_de_Castelnau-le-Lez_H\u00e9rault_34-150x150.jpg\" data-width=\"150\" data-height=\"150\" aria-label=\"\" role=\"img\" ><\/div>\n\t\t\t\t\t\t\t\t\t\t\t<div class=\"elementor-gallery-item__overlay\"><\/div>\n\t\t\t\t\t\t\t\t\t\t\t\t\t\t<\/div>\n\t\t\t\t\t\t\t<div class=\"e-gallery-item elementor-gallery-item elementor-animated-content\">\n\t\t\t\t\t<div class=\"e-gallery-image elementor-gallery-item__image\" data-thumbnail=\"https:\/\/www.portovenere.fr\/fr-fr\/wp-content\/uploads\/2020\/07\/Carrelage_gr\u00e8s_c\u00e9rame_aspect_pierre_naturelle_St-Guilhem_Argento_\u00e0_Montpellier_H\u00e9rault_34-150x150.jpg\" data-width=\"150\" data-height=\"150\" aria-label=\"\" role=\"img\" ><\/div>\n\t\t\t\t\t\t\t\t\t\t\t<div class=\"elementor-gallery-item__overlay\"><\/div>\n\t\t\t\t\t\t\t\t\t\t\t\t\t\t<\/div>\n\t\t\t\t\t<\/div>\n\t\t\t\t\t<\/div>\n\t\t\t\t<\/div>\n\t\t\t\t<div class=\"elementor-element elementor-element-48ba1d46 elementor-widget elementor-widget-text-editor\" data-id=\"48ba1d46\" data-element_type=\"widget\" data-e-type=\"widget\" data-widget_type=\"text-editor.default\">\n\t\t\t\t<div class=\"elementor-widget-container\">\n\t\t\t\t\t\t\t\t\t<p>Sublime collection de carrelage pour sol et mur aspect pierre naturelle en gr\u00e8s c\u00e9rame, disponible en 5 coloris pour int\u00e9rieur et ext\u00e9rieur antid\u00e9rapant pour les tours de piscines et terrasses.<\/p><p>Les bords rectifi\u00e9s permettent une pose avec des joints fins.<\/p><p>Un agr\u00e9able choix de formats : 120x120cm, 100x100cm, 60x120cm, 60x60cm, 30x60cm.\u00a0<\/p><p>Dalles antid\u00e9rapantes\u00a0<span style=\"background-color: rgba(242, 242, 242, 0);\">20mm<\/span><span style=\"background-color: rgba(242, 242, 242, 0);\">\u00a0 d&rsquo;\u00e9paisseur\u00a0<\/span><span style=\"background-color: rgba(242, 242, 242, 0);\">pour pose sur plots, sable, herbe, gravier ou \u00e0 coller : formats 60x60cm et 60x120cm.<\/span><\/p>\t\t\t\t\t\t\t\t<\/div>\n\t\t\t\t<\/div>\n\t\t\t\t<div class=\"elementor-element elementor-element-5c3f68d9 elementor-mobile-align-center elementor-widget elementor-widget-button\" data-id=\"5c3f68d9\" data-element_type=\"widget\" data-e-type=\"widget\" data-widget_type=\"button.default\">\n\t\t\t\t<div class=\"elementor-widget-container\">\n\t\t\t\t\t\t\t\t\t<div class=\"elementor-button-wrapper\">\n\t\t\t\t\t<a class=\"elementor-button elementor-button-link elementor-size-sm\" href=\"https:\/\/www.portovenere.fr\/fr-fr\/carrelage-sol-et-mur-en-gres-cerame-et-faience\/carrelage-aspect-pierre\/carrelage-effet-pierre-naturelle-pour-exterieur-et-interieur-st-guilhem\/\">\n\t\t\t\t\t\t<span class=\"elementor-button-content-wrapper\">\n\t\t\t\t\t\t\t\t\t<span class=\"elementor-button-text\">Voir la collection<\/span>\n\t\t\t\t\t<\/span>\n\t\t\t\t\t<\/a>\n\t\t\t\t<\/div>\n\t\t\t\t\t\t\t\t<\/div>\n\t\t\t\t<\/div>\n\t\t\t\t\t<\/div>\n\t\t<\/div>\n\t\t\t\t\t<\/div>\n\t\t<\/section>\n\t\t\t\t\t<\/div>\n\t\t<\/div>\n\t\t\t\t<div class=\"elementor-column elementor-col-33 elementor-top-column elementor-element elementor-element-2901874e\" data-id=\"2901874e\" data-element_type=\"column\" data-e-type=\"column\" data-settings=\"{&quot;background_background&quot;:&quot;classic&quot;}\">\n\t\t\t<div class=\"elementor-widget-wrap elementor-element-populated\">\n\t\t\t\t\t\t<div class=\"elementor-element elementor-element-21241107 elementor-widget elementor-widget-image\" data-id=\"21241107\" data-element_type=\"widget\" data-e-type=\"widget\" data-widget_type=\"image.default\">\n\t\t\t\t<div class=\"elementor-widget-container\">\n\t\t\t\t\t\t\t\t\t\t\t\t\t\t\t\t<a href=\"https:\/\/www.portovenere.fr\/fr-fr\/carrelage-sol-et-mur-en-gres-cerame-et-faience\/carrelage-aspect-marbre\/carrelage-effet-marbre-veine-blanc-et-violet-marbiola\/\">\n\t\t\t\t\t\t\t<img loading=\"lazy\" decoding=\"async\" width=\"800\" height=\"600\" src=\"https:\/\/www.portovenere.fr\/fr-fr\/wp-content\/uploads\/2026\/01\/Carrelage-salle-de-bain-effet-marbre-veine-blanc-et-violet-MARBIOLA-grand-format-pour-sols-et-credence-Porto-Venere-Montpellier-pres-de-Mauguio-34-1024x768.jpg\" class=\"attachment-large size-large wp-image-68801\" alt=\"Carrelage salle de bain luxe effet marbre vein\u00e9 blanc et violet MARBIOLA en carreaux grands formats - Magasin PORTO VENERE \u00e0 Montpellier 34\" srcset=\"https:\/\/www.portovenere.fr\/fr-fr\/wp-content\/uploads\/2026\/01\/Carrelage-salle-de-bain-effet-marbre-veine-blanc-et-violet-MARBIOLA-grand-format-pour-sols-et-credence-Porto-Venere-Montpellier-pres-de-Mauguio-34-1024x768.jpg 1024w, https:\/\/www.portovenere.fr\/fr-fr\/wp-content\/uploads\/2026\/01\/Carrelage-salle-de-bain-effet-marbre-veine-blanc-et-violet-MARBIOLA-grand-format-pour-sols-et-credence-Porto-Venere-Montpellier-pres-de-Mauguio-34-300x225.jpg 300w, https:\/\/www.portovenere.fr\/fr-fr\/wp-content\/uploads\/2026\/01\/Carrelage-salle-de-bain-effet-marbre-veine-blanc-et-violet-MARBIOLA-grand-format-pour-sols-et-credence-Porto-Venere-Montpellier-pres-de-Mauguio-34-768x576.jpg 768w, https:\/\/www.portovenere.fr\/fr-fr\/wp-content\/uploads\/2026\/01\/Carrelage-salle-de-bain-effet-marbre-veine-blanc-et-violet-MARBIOLA-grand-format-pour-sols-et-credence-Porto-Venere-Montpellier-pres-de-Mauguio-34.jpg 1467w\" sizes=\"(max-width: 800px) 100vw, 800px\" \/>\t\t\t\t\t\t\t\t<\/a>\n\t\t\t\t\t\t\t\t\t\t\t\t\t\t\t<\/div>\n\t\t\t\t<\/div>\n\t\t\t\t<div class=\"elementor-element elementor-element-2c5f40f7 elementor-widget elementor-widget-heading\" data-id=\"2c5f40f7\" data-element_type=\"widget\" data-e-type=\"widget\" data-widget_type=\"heading.default\">\n\t\t\t\t<div class=\"elementor-widget-container\">\n\t\t\t\t\t<h3 class=\"elementor-heading-title elementor-size-default\"><a href=\"https:\/\/www.portovenere.fr\/fr-fr\/carrelage-sol-et-mur-en-gres-cerame-et-faience\/carrelage-aspect-marbre\/carrelage-effet-marbre-veine-blanc-et-violet-marbiola\/\">MARBIOLA | 1 coloris<\/a><\/h3>\t\t\t\t<\/div>\n\t\t\t\t<\/div>\n\t\t\t\t<div class=\"elementor-element elementor-element-2678833 elementor-widget__width-initial elementor-widget elementor-widget-gallery\" data-id=\"2678833\" data-element_type=\"widget\" data-e-type=\"widget\" data-settings=\"{&quot;gap&quot;:{&quot;unit&quot;:&quot;px&quot;,&quot;size&quot;:3,&quot;sizes&quot;:[]},&quot;columns_mobile&quot;:3,&quot;gap_mobile&quot;:{&quot;unit&quot;:&quot;px&quot;,&quot;size&quot;:6,&quot;sizes&quot;:[]},&quot;columns&quot;:5,&quot;columns_tablet&quot;:5,&quot;gap_tablet&quot;:{&quot;unit&quot;:&quot;px&quot;,&quot;size&quot;:5,&quot;sizes&quot;:[]},&quot;lazyload&quot;:&quot;yes&quot;,&quot;gallery_layout&quot;:&quot;grid&quot;,&quot;link_to&quot;:&quot;file&quot;,&quot;aspect_ratio&quot;:&quot;3:2&quot;,&quot;overlay_background&quot;:&quot;yes&quot;,&quot;content_hover_animation&quot;:&quot;fade-in&quot;}\" data-widget_type=\"gallery.default\">\n\t\t\t\t<div class=\"elementor-widget-container\">\n\t\t\t\t\t\t\t<div class=\"elementor-gallery__container\">\n\t\t\t\t\t\t\t<a class=\"e-gallery-item elementor-gallery-item elementor-animated-content\" href=\"https:\/\/www.portovenere.fr\/fr-fr\/wp-content\/uploads\/2026\/01\/Carrelage-effet-marbre-veine-blanc-et-violet-MARBIOLA-grand-format-pour-sol-et-credence-murale-Porto-Venere-Montpellier-pres-de-Sete-34.jpg\" data-elementor-open-lightbox=\"yes\" data-elementor-lightbox-slideshow=\"2678833\" data-elementor-lightbox-title=\"Carrelage-effet-marbre-vein\u00e9-blanc-et-violet-MARBIOLA-grand-format-pour-sol-et-cr\u00e9dence-murale-Porto-Venere-Montpellier-pr\u00e8s-de-S\u00e8te-34\" data-e-action-hash=\"#elementor-action%3Aaction%3Dlightbox%26settings%3DeyJpZCI6Njg4MTEsInVybCI6Imh0dHBzOlwvXC93d3cucG9ydG92ZW5lcmUuZnJcL2ZyLWZyXC93cC1jb250ZW50XC91cGxvYWRzXC8yMDI2XC8wMVwvQ2FycmVsYWdlLWVmZmV0LW1hcmJyZS12ZWluZS1ibGFuYy1ldC12aW9sZXQtTUFSQklPTEEtZ3JhbmQtZm9ybWF0LXBvdXItc29sLWV0LWNyZWRlbmNlLW11cmFsZS1Qb3J0by1WZW5lcmUtTW9udHBlbGxpZXItcHJlcy1kZS1TZXRlLTM0LmpwZyIsInNsaWRlc2hvdyI6IjI2Nzg4MzMifQ%3D%3D\">\n\t\t\t\t\t<div class=\"e-gallery-image elementor-gallery-item__image\" data-thumbnail=\"https:\/\/www.portovenere.fr\/fr-fr\/wp-content\/uploads\/2026\/01\/Carrelage-effet-marbre-veine-blanc-et-violet-MARBIOLA-grand-format-pour-sol-et-credence-murale-Porto-Venere-Montpellier-pres-de-Sete-34-150x150.jpg\" data-width=\"150\" data-height=\"150\" aria-label=\"Carrelage luxe effet marbre vein\u00e9 blanc et violet MARBIOLA en carreaux grands formats - Magasin PORTO VENERE \u00e0 Montpellier 34\" role=\"img\" ><\/div>\n\t\t\t\t\t\t\t\t\t\t\t<div class=\"elementor-gallery-item__overlay\"><\/div>\n\t\t\t\t\t\t\t\t\t\t\t\t\t\t<\/a>\n\t\t\t\t\t<\/div>\n\t\t\t\t\t<\/div>\n\t\t\t\t<\/div>\n\t\t\t\t<div class=\"elementor-element elementor-element-6c93e2fd elementor-widget elementor-widget-text-editor\" data-id=\"6c93e2fd\" data-element_type=\"widget\" data-e-type=\"widget\" data-widget_type=\"text-editor.default\">\n\t\t\t\t<div class=\"elementor-widget-container\">\n\t\t\t\t\t\t\t\t\t<p>La collection <strong data-start=\"2082\" data-end=\"2094\">MARBIOLA<\/strong> r\u00e9interpr\u00e8te le marbre blanc et violet avec une intensit\u00e9 graphique remarquable.\u00a0<\/p><p>Son fond lumineux est travers\u00e9 de veines profondes aux nuances violettes et dor\u00e9es, apportant caract\u00e8re et \u00e9l\u00e9gance aux espaces.\u00a0<\/p><p>Disponible en <strong data-start=\"2319\" data-end=\"2352\">formats 60\u00d7120 cm, 120\u00d7120 cm<\/strong> et en <strong data-start=\"2359\" data-end=\"2407\">format XXL 120\u00d7280 cm en \u00e9paisseur fine 6 mm<\/strong>, MARBIOLA offre une continuit\u00e9 visuelle spectaculaire.\u00a0<\/p><p>La <strong data-start=\"2466\" data-end=\"2495\">finition 3D Honed adoucie<\/strong>, associ\u00e9e \u00e0 des <strong data-start=\"2512\" data-end=\"2531\">bords rectifi\u00e9s<\/strong>, souligne la richesse du dessin tout en garantissant une pose pr\u00e9cise.\u00a0<\/p><p>Un carrelage en gr\u00e8s c\u00e9rame id\u00e9al pour des projets int\u00e9rieurs contemporains et haut de gamme.<\/p>\t\t\t\t\t\t\t\t<\/div>\n\t\t\t\t<\/div>\n\t\t\t\t<div class=\"elementor-element elementor-element-64e55fbf elementor-mobile-align-center elementor-align-left elementor-widget elementor-widget-button\" data-id=\"64e55fbf\" data-element_type=\"widget\" data-e-type=\"widget\" data-widget_type=\"button.default\">\n\t\t\t\t<div class=\"elementor-widget-container\">\n\t\t\t\t\t\t\t\t\t<div class=\"elementor-button-wrapper\">\n\t\t\t\t\t<a class=\"elementor-button elementor-button-link elementor-size-sm\" href=\"https:\/\/www.portovenere.fr\/fr-fr\/carrelage-sol-et-mur-en-gres-cerame-et-faience\/carrelage-aspect-marbre\/carrelage-effet-marbre-veine-blanc-et-violet-marbiola\/\">\n\t\t\t\t\t\t<span class=\"elementor-button-content-wrapper\">\n\t\t\t\t\t\t\t\t\t<span class=\"elementor-button-text\">Voir la collection<\/span>\n\t\t\t\t\t<\/span>\n\t\t\t\t\t<\/a>\n\t\t\t\t<\/div>\n\t\t\t\t\t\t\t\t<\/div>\n\t\t\t\t<\/div>\n\t\t\t\t\t<\/div>\n\t\t<\/div>\n\t\t\t\t<div class=\"elementor-column elementor-col-33 elementor-top-column elementor-element elementor-element-664070ab\" data-id=\"664070ab\" data-element_type=\"column\" data-e-type=\"column\" data-settings=\"{&quot;background_background&quot;:&quot;classic&quot;}\">\n\t\t\t<div class=\"elementor-widget-wrap elementor-element-populated\">\n\t\t\t\t\t\t<div class=\"elementor-element elementor-element-18a5003 elementor-widget elementor-widget-image\" data-id=\"18a5003\" data-element_type=\"widget\" data-e-type=\"widget\" data-widget_type=\"image.default\">\n\t\t\t\t<div class=\"elementor-widget-container\">\n\t\t\t\t\t\t\t\t\t\t\t\t\t\t\t\t<a href=\"https:\/\/www.portovenere.fr\/fr-fr\/carrelage-sol-et-mur-en-gres-cerame-et-faience\/carrelage-aspect-pierre\/carrelage-aspect-pierre-naturelle-limestone\/\">\n\t\t\t\t\t\t\t<img loading=\"lazy\" decoding=\"async\" width=\"800\" height=\"534\" src=\"https:\/\/www.portovenere.fr\/fr-fr\/wp-content\/uploads\/2019\/09\/Carrelage-Limestone-Slate-Naturel-kerlite-100x300-au-sol-et-Clay-Naturel-100x300-au-mur-1024x683.jpg\" class=\"attachment-large size-large wp-image-13332\" alt=\"\" srcset=\"https:\/\/www.portovenere.fr\/fr-fr\/wp-content\/uploads\/2019\/09\/Carrelage-Limestone-Slate-Naturel-kerlite-100x300-au-sol-et-Clay-Naturel-100x300-au-mur-1024x683.jpg 1024w, https:\/\/www.portovenere.fr\/fr-fr\/wp-content\/uploads\/2019\/09\/Carrelage-Limestone-Slate-Naturel-kerlite-100x300-au-sol-et-Clay-Naturel-100x300-au-mur-300x200.jpg 300w, https:\/\/www.portovenere.fr\/fr-fr\/wp-content\/uploads\/2019\/09\/Carrelage-Limestone-Slate-Naturel-kerlite-100x300-au-sol-et-Clay-Naturel-100x300-au-mur-768x512.jpg 768w, https:\/\/www.portovenere.fr\/fr-fr\/wp-content\/uploads\/2019\/09\/Carrelage-Limestone-Slate-Naturel-kerlite-100x300-au-sol-et-Clay-Naturel-100x300-au-mur.jpg 1500w\" sizes=\"(max-width: 800px) 100vw, 800px\" \/>\t\t\t\t\t\t\t\t<\/a>\n\t\t\t\t\t\t\t\t\t\t\t\t\t\t\t<\/div>\n\t\t\t\t<\/div>\n\t\t\t\t<div class=\"elementor-element elementor-element-497f7054 elementor-widget elementor-widget-heading\" data-id=\"497f7054\" data-element_type=\"widget\" data-e-type=\"widget\" data-widget_type=\"heading.default\">\n\t\t\t\t<div class=\"elementor-widget-container\">\n\t\t\t\t\t<h3 class=\"elementor-heading-title elementor-size-default\"><a href=\"https:\/\/www.portovenere.fr\/fr-fr\/carrelage-sol-et-mur-en-gres-cerame-et-faience\/carrelage-aspect-pierre\/carrelage-aspect-pierre-naturelle-limestone\/\">LIMESTONE | 3 coloris<\/a><\/h3>\t\t\t\t<\/div>\n\t\t\t\t<\/div>\n\t\t\t\t<div class=\"elementor-element elementor-element-65b82372 elementor-widget__width-initial elementor-widget elementor-widget-gallery\" data-id=\"65b82372\" data-element_type=\"widget\" data-e-type=\"widget\" data-settings=\"{&quot;gap&quot;:{&quot;unit&quot;:&quot;px&quot;,&quot;size&quot;:3,&quot;sizes&quot;:[]},&quot;columns_mobile&quot;:3,&quot;gap_mobile&quot;:{&quot;unit&quot;:&quot;px&quot;,&quot;size&quot;:6,&quot;sizes&quot;:[]},&quot;columns&quot;:5,&quot;columns_tablet&quot;:3,&quot;gap_tablet&quot;:{&quot;unit&quot;:&quot;px&quot;,&quot;size&quot;:5,&quot;sizes&quot;:[]},&quot;lazyload&quot;:&quot;yes&quot;,&quot;gallery_layout&quot;:&quot;grid&quot;,&quot;aspect_ratio&quot;:&quot;3:2&quot;,&quot;overlay_background&quot;:&quot;yes&quot;,&quot;content_hover_animation&quot;:&quot;fade-in&quot;}\" data-widget_type=\"gallery.default\">\n\t\t\t\t<div class=\"elementor-widget-container\">\n\t\t\t\t\t\t\t<div class=\"elementor-gallery__container\">\n\t\t\t\t\t\t\t<div class=\"e-gallery-item elementor-gallery-item elementor-animated-content\">\n\t\t\t\t\t<div class=\"e-gallery-image elementor-gallery-item__image\" data-thumbnail=\"https:\/\/www.portovenere.fr\/fr-fr\/wp-content\/uploads\/2019\/09\/carrelage_extra_fin_special_renovation_kerlite_limestone_slate-150x150.jpg\" data-width=\"150\" data-height=\"150\" aria-label=\"\" role=\"img\" ><\/div>\n\t\t\t\t\t\t\t\t\t\t\t<div class=\"elementor-gallery-item__overlay\"><\/div>\n\t\t\t\t\t\t\t\t\t\t\t\t\t\t<\/div>\n\t\t\t\t\t\t\t<div class=\"e-gallery-item elementor-gallery-item elementor-animated-content\">\n\t\t\t\t\t<div class=\"e-gallery-image elementor-gallery-item__image\" data-thumbnail=\"https:\/\/www.portovenere.fr\/fr-fr\/wp-content\/uploads\/2019\/09\/carrelage_extra_fin_special_renovation_kerlite_limestone_oyster-150x150.jpg\" data-width=\"150\" data-height=\"150\" aria-label=\"\" role=\"img\" ><\/div>\n\t\t\t\t\t\t\t\t\t\t\t<div class=\"elementor-gallery-item__overlay\"><\/div>\n\t\t\t\t\t\t\t\t\t\t\t\t\t\t<\/div>\n\t\t\t\t\t\t\t<div class=\"e-gallery-item elementor-gallery-item elementor-animated-content\">\n\t\t\t\t\t<div class=\"e-gallery-image elementor-gallery-item__image\" data-thumbnail=\"https:\/\/www.portovenere.fr\/fr-fr\/wp-content\/uploads\/2019\/09\/carrelage_extra_fin_special_renovation_kerlite_limestone_clay-150x150.jpg\" data-width=\"150\" data-height=\"150\" aria-label=\"\" role=\"img\" ><\/div>\n\t\t\t\t\t\t\t\t\t\t\t<div class=\"elementor-gallery-item__overlay\"><\/div>\n\t\t\t\t\t\t\t\t\t\t\t\t\t\t<\/div>\n\t\t\t\t\t<\/div>\n\t\t\t\t\t<\/div>\n\t\t\t\t<\/div>\n\t\t\t\t<div class=\"elementor-element elementor-element-5c59ea8a elementor-widget elementor-widget-text-editor\" data-id=\"5c59ea8a\" data-element_type=\"widget\" data-e-type=\"widget\" data-widget_type=\"text-editor.default\">\n\t\t\t\t<div class=\"elementor-widget-container\">\n\t\t\t\t\t\t\t\t\tCarrelage de sol et mur en gr\u00e8s c\u00e9rame aspect pierre naturelle pour\u00a0vos projets de r\u00e9novation ou neuf,\u00a0disponible en 3 coloris : Clay (blanc), Oyster (gris), Slate (anthracite) et nombreux formats. Les formats disponibles en Kerlite extra-fin, seront des pi\u00e8ces id\u00e9ales pour les projets de r\u00e9novation.\t\t\t\t\t\t\t\t<\/div>\n\t\t\t\t<\/div>\n\t\t\t\t<div class=\"elementor-element elementor-element-630f80bf elementor-mobile-align-center elementor-align-left elementor-widget elementor-widget-button\" data-id=\"630f80bf\" data-element_type=\"widget\" data-e-type=\"widget\" data-widget_type=\"button.default\">\n\t\t\t\t<div class=\"elementor-widget-container\">\n\t\t\t\t\t\t\t\t\t<div class=\"elementor-button-wrapper\">\n\t\t\t\t\t<a class=\"elementor-button elementor-button-link elementor-size-sm\" href=\"https:\/\/www.portovenere.fr\/fr-fr\/carrelage-sol-et-mur-en-gres-cerame-et-faience\/carrelage-aspect-pierre\/carrelage-aspect-pierre-naturelle-limestone\/\">\n\t\t\t\t\t\t<span class=\"elementor-button-content-wrapper\">\n\t\t\t\t\t\t\t\t\t<span class=\"elementor-button-text\">Voir la collection<\/span>\n\t\t\t\t\t<\/span>\n\t\t\t\t\t<\/a>\n\t\t\t\t<\/div>\n\t\t\t\t\t\t\t\t<\/div>\n\t\t\t\t<\/div>\n\t\t\t\t\t<\/div>\n\t\t<\/div>\n\t\t\t\t\t<\/div>\n\t\t<\/section>\n\t\t\t\t<section class=\"elementor-section elementor-top-section elementor-element elementor-element-1c533d41 elementor-section-full_width elementor-section-height-default elementor-section-height-default\" data-id=\"1c533d41\" data-element_type=\"section\" data-e-type=\"section\">\n\t\t\t\t\t\t<div class=\"elementor-container elementor-column-gap-default\">\n\t\t\t\t\t<div class=\"elementor-column elementor-col-33 elementor-top-column elementor-element elementor-element-38ef8e98\" data-id=\"38ef8e98\" data-element_type=\"column\" data-e-type=\"column\">\n\t\t\t<div class=\"elementor-widget-wrap elementor-element-populated\">\n\t\t\t\t\t\t<div class=\"elementor-element elementor-element-445ec142 elementor-widget elementor-widget-image\" data-id=\"445ec142\" data-element_type=\"widget\" data-e-type=\"widget\" data-widget_type=\"image.default\">\n\t\t\t\t<div class=\"elementor-widget-container\">\n\t\t\t\t\t\t\t\t\t\t\t\t\t\t\t\t<a href=\"https:\/\/www.portovenere.fr\/fr-fr\/carrelage-sol-et-mur-en-gres-cerame-et-faience\/carrelage-aspect-metal\/carrelage-sol-et-mur-effet-metal-en-gres-cerame-metallic\/\">\n\t\t\t\t\t\t\t<img loading=\"lazy\" decoding=\"async\" width=\"800\" height=\"534\" src=\"https:\/\/www.portovenere.fr\/fr-fr\/wp-content\/uploads\/2019\/10\/Carrelage-effet-m\u00e9tal-Metalic-Iron-format-XXL-160x320-Zone-commerciale-1024x683.jpg\" class=\"attachment-large size-large wp-image-15286\" alt=\"\" srcset=\"https:\/\/www.portovenere.fr\/fr-fr\/wp-content\/uploads\/2019\/10\/Carrelage-effet-m\u00e9tal-Metalic-Iron-format-XXL-160x320-Zone-commerciale-1024x683.jpg 1024w, https:\/\/www.portovenere.fr\/fr-fr\/wp-content\/uploads\/2019\/10\/Carrelage-effet-m\u00e9tal-Metalic-Iron-format-XXL-160x320-Zone-commerciale-300x200.jpg 300w, https:\/\/www.portovenere.fr\/fr-fr\/wp-content\/uploads\/2019\/10\/Carrelage-effet-m\u00e9tal-Metalic-Iron-format-XXL-160x320-Zone-commerciale-768x512.jpg 768w, https:\/\/www.portovenere.fr\/fr-fr\/wp-content\/uploads\/2019\/10\/Carrelage-effet-m\u00e9tal-Metalic-Iron-format-XXL-160x320-Zone-commerciale.jpg 1500w\" sizes=\"(max-width: 800px) 100vw, 800px\" \/>\t\t\t\t\t\t\t\t<\/a>\n\t\t\t\t\t\t\t\t\t\t\t\t\t\t\t<\/div>\n\t\t\t\t<\/div>\n\t\t\t\t<div class=\"elementor-element elementor-element-628c6e6 elementor-widget elementor-widget-heading\" data-id=\"628c6e6\" data-element_type=\"widget\" data-e-type=\"widget\" data-widget_type=\"heading.default\">\n\t\t\t\t<div class=\"elementor-widget-container\">\n\t\t\t\t\t<h3 class=\"elementor-heading-title elementor-size-default\"><a href=\"https:\/\/www.portovenere.fr\/fr-fr\/carrelage-sol-et-mur-en-gres-cerame-et-faience\/carrelage-aspect-metal\/carrelage-sol-et-mur-effet-metal-en-gres-cerame-metallic\/\">METALLIC | 4 coloris<\/a><\/h3>\t\t\t\t<\/div>\n\t\t\t\t<\/div>\n\t\t\t\t<div class=\"elementor-element elementor-element-6f790c07 elementor-widget__width-initial elementor-widget elementor-widget-gallery\" data-id=\"6f790c07\" data-element_type=\"widget\" data-e-type=\"widget\" data-settings=\"{&quot;gap&quot;:{&quot;unit&quot;:&quot;px&quot;,&quot;size&quot;:3,&quot;sizes&quot;:[]},&quot;columns_mobile&quot;:3,&quot;gap_mobile&quot;:{&quot;unit&quot;:&quot;px&quot;,&quot;size&quot;:6,&quot;sizes&quot;:[]},&quot;columns&quot;:5,&quot;columns_tablet&quot;:3,&quot;gap_tablet&quot;:{&quot;unit&quot;:&quot;px&quot;,&quot;size&quot;:5,&quot;sizes&quot;:[]},&quot;lazyload&quot;:&quot;yes&quot;,&quot;gallery_layout&quot;:&quot;grid&quot;,&quot;aspect_ratio&quot;:&quot;3:2&quot;,&quot;overlay_background&quot;:&quot;yes&quot;,&quot;content_hover_animation&quot;:&quot;fade-in&quot;}\" data-widget_type=\"gallery.default\">\n\t\t\t\t<div class=\"elementor-widget-container\">\n\t\t\t\t\t\t\t<div class=\"elementor-gallery__container\">\n\t\t\t\t\t\t\t<div class=\"e-gallery-item elementor-gallery-item elementor-animated-content\">\n\t\t\t\t\t<div class=\"e-gallery-image elementor-gallery-item__image\" data-thumbnail=\"https:\/\/www.portovenere.fr\/fr-fr\/wp-content\/uploads\/2019\/10\/Metalic-Corten-150x150.jpg\" data-width=\"150\" data-height=\"150\" aria-label=\"\" role=\"img\" ><\/div>\n\t\t\t\t\t\t\t\t\t\t\t<div class=\"elementor-gallery-item__overlay\"><\/div>\n\t\t\t\t\t\t\t\t\t\t\t\t\t\t<\/div>\n\t\t\t\t\t\t\t<div class=\"e-gallery-item elementor-gallery-item elementor-animated-content\">\n\t\t\t\t\t<div class=\"e-gallery-image elementor-gallery-item__image\" data-thumbnail=\"https:\/\/www.portovenere.fr\/fr-fr\/wp-content\/uploads\/2019\/10\/Metalic-Zinc-150x150.jpg\" data-width=\"150\" data-height=\"150\" aria-label=\"\" role=\"img\" ><\/div>\n\t\t\t\t\t\t\t\t\t\t\t<div class=\"elementor-gallery-item__overlay\"><\/div>\n\t\t\t\t\t\t\t\t\t\t\t\t\t\t<\/div>\n\t\t\t\t\t\t\t<div class=\"e-gallery-item elementor-gallery-item elementor-animated-content\">\n\t\t\t\t\t<div class=\"e-gallery-image elementor-gallery-item__image\" data-thumbnail=\"https:\/\/www.portovenere.fr\/fr-fr\/wp-content\/uploads\/2019\/10\/Metalic-Plate-150x150.jpg\" data-width=\"150\" data-height=\"150\" aria-label=\"\" role=\"img\" ><\/div>\n\t\t\t\t\t\t\t\t\t\t\t<div class=\"elementor-gallery-item__overlay\"><\/div>\n\t\t\t\t\t\t\t\t\t\t\t\t\t\t<\/div>\n\t\t\t\t\t\t\t<div class=\"e-gallery-item elementor-gallery-item elementor-animated-content\">\n\t\t\t\t\t<div class=\"e-gallery-image elementor-gallery-item__image\" data-thumbnail=\"https:\/\/www.portovenere.fr\/fr-fr\/wp-content\/uploads\/2019\/10\/Metalic-Iron-150x150.jpg\" data-width=\"150\" data-height=\"150\" aria-label=\"\" role=\"img\" ><\/div>\n\t\t\t\t\t\t\t\t\t\t\t<div class=\"elementor-gallery-item__overlay\"><\/div>\n\t\t\t\t\t\t\t\t\t\t\t\t\t\t<\/div>\n\t\t\t\t\t<\/div>\n\t\t\t\t\t<\/div>\n\t\t\t\t<\/div>\n\t\t\t\t<div class=\"elementor-element elementor-element-3c158d81 elementor-widget elementor-widget-text-editor\" data-id=\"3c158d81\" data-element_type=\"widget\" data-e-type=\"widget\" data-widget_type=\"text-editor.default\">\n\t\t\t\t<div class=\"elementor-widget-container\">\n\t\t\t\t\t\t\t\t\t<p>Carrelage en gr\u00e8s c\u00e9rame aspect m\u00e9tal disponible en finition naturelle, finition travaill\u00e9e (Melt) et finition antid\u00e9rapante en 20mm d&rsquo;\u00e9paisseur pour les espaces ext\u00e9rieurs.<\/p><p>La grande r\u00e9sistance au trafic, les nombreux formats dont le M\u00e9ga format XXL de 160x320cm et les 4 coloris (anthracite, m\u00e9tal oxyd\u00e9 rouill\u00e9, gris moyen et beige sable) offrent de tr\u00e8s belles possibilit\u00e9s pour l&rsquo;\u00e9laboration de vos projets d&rsquo;architecture (fa\u00e7ade d&rsquo;immeuble, sol de centre commercial, boutique, h\u00f4tel, villa&#8230;).<\/p>\t\t\t\t\t\t\t\t<\/div>\n\t\t\t\t<\/div>\n\t\t\t\t<div class=\"elementor-element elementor-element-106ecdb5 elementor-mobile-align-center elementor-align-left elementor-widget elementor-widget-button\" data-id=\"106ecdb5\" data-element_type=\"widget\" data-e-type=\"widget\" data-widget_type=\"button.default\">\n\t\t\t\t<div class=\"elementor-widget-container\">\n\t\t\t\t\t\t\t\t\t<div class=\"elementor-button-wrapper\">\n\t\t\t\t\t<a class=\"elementor-button elementor-button-link elementor-size-sm\" href=\"https:\/\/www.portovenere.fr\/fr-fr\/carrelage-sol-et-mur-en-gres-cerame-et-faience\/carrelage-aspect-metal\/carrelage-sol-et-mur-effet-metal-en-gres-cerame-metallic\/\">\n\t\t\t\t\t\t<span class=\"elementor-button-content-wrapper\">\n\t\t\t\t\t\t\t\t\t<span class=\"elementor-button-text\">Voir la collection<\/span>\n\t\t\t\t\t<\/span>\n\t\t\t\t\t<\/a>\n\t\t\t\t<\/div>\n\t\t\t\t\t\t\t\t<\/div>\n\t\t\t\t<\/div>\n\t\t\t\t\t<\/div>\n\t\t<\/div>\n\t\t\t\t<div class=\"elementor-column elementor-col-33 elementor-top-column elementor-element elementor-element-6dd72d34\" data-id=\"6dd72d34\" data-element_type=\"column\" data-e-type=\"column\" data-settings=\"{&quot;background_background&quot;:&quot;classic&quot;}\">\n\t\t\t<div class=\"elementor-widget-wrap elementor-element-populated\">\n\t\t\t\t\t\t<div class=\"elementor-element elementor-element-d23d0dd elementor-widget elementor-widget-image\" data-id=\"d23d0dd\" data-element_type=\"widget\" data-e-type=\"widget\" data-widget_type=\"image.default\">\n\t\t\t\t<div class=\"elementor-widget-container\">\n\t\t\t\t\t\t\t\t\t\t\t\t\t\t\t\t<a href=\"https:\/\/www.portovenere.fr\/fr-fr\/carrelage-sol-et-mur-en-gres-cerame-et-faience\/carrelage-aspect-pierre\/carrelage-clair-en-gres-cerame-ozigua\/\">\n\t\t\t\t\t\t\t<img decoding=\"async\" src=\"https:\/\/www.portovenere.fr\/fr-fr\/wp-content\/uploads\/elementor\/thumbs\/Carrelage-clair-grand-format-effet-pierre-pierre-120x120-cm-OZIGUA-White-pour-pose-murale-ou-au-sol-magasin-Porto-Venere-pres-de-Perols-34-rfk8il667xbdkqj7nb5c3rz5nd24z21gf1gt8reh8g.jpg\" title=\"Carrelage-clair-grand-format-effet-pierre-pierre-120&#215;120-cm-OZIGUA-White-pour-pose-murale-ou-au-sol-magasin-Porto-Venere-pr\u00e8s-de-P\u00e9rols-34\" alt=\"Villa contemporaine avec sols et murs en carrelage gr\u00e8s c\u00e9rame clair de grand format 120x120 cm collection Ozigua - Magasin de carrelages Porto Venere Montpellier proche de Agde 34\" loading=\"lazy\" \/>\t\t\t\t\t\t\t\t<\/a>\n\t\t\t\t\t\t\t\t\t\t\t\t\t\t\t<\/div>\n\t\t\t\t<\/div>\n\t\t\t\t<div class=\"elementor-element elementor-element-647f9afa elementor-widget elementor-widget-heading\" data-id=\"647f9afa\" data-element_type=\"widget\" data-e-type=\"widget\" data-widget_type=\"heading.default\">\n\t\t\t\t<div class=\"elementor-widget-container\">\n\t\t\t\t\t<h3 class=\"elementor-heading-title elementor-size-default\"><a href=\"https:\/\/www.portovenere.fr\/fr-fr\/carrelage-sol-et-mur-en-gres-cerame-et-faience\/carrelage-aspect-pierre\/carrelage-clair-en-gres-cerame-ozigua\/\">OZIGUA | 4 coloris<\/a><\/h3>\t\t\t\t<\/div>\n\t\t\t\t<\/div>\n\t\t\t\t<div class=\"elementor-element elementor-element-3fd9ca7d elementor-widget__width-initial elementor-widget elementor-widget-gallery\" data-id=\"3fd9ca7d\" data-element_type=\"widget\" data-e-type=\"widget\" data-settings=\"{&quot;gap&quot;:{&quot;unit&quot;:&quot;px&quot;,&quot;size&quot;:3,&quot;sizes&quot;:[]},&quot;columns_mobile&quot;:3,&quot;gap_mobile&quot;:{&quot;unit&quot;:&quot;px&quot;,&quot;size&quot;:6,&quot;sizes&quot;:[]},&quot;columns&quot;:5,&quot;columns_tablet&quot;:5,&quot;gap_tablet&quot;:{&quot;unit&quot;:&quot;px&quot;,&quot;size&quot;:5,&quot;sizes&quot;:[]},&quot;lazyload&quot;:&quot;yes&quot;,&quot;gallery_layout&quot;:&quot;grid&quot;,&quot;link_to&quot;:&quot;file&quot;,&quot;aspect_ratio&quot;:&quot;3:2&quot;,&quot;overlay_background&quot;:&quot;yes&quot;,&quot;content_hover_animation&quot;:&quot;fade-in&quot;}\" data-widget_type=\"gallery.default\">\n\t\t\t\t<div class=\"elementor-widget-container\">\n\t\t\t\t\t\t\t<div class=\"elementor-gallery__container\">\n\t\t\t\t\t\t\t<a class=\"e-gallery-item elementor-gallery-item elementor-animated-content\" href=\"https:\/\/www.portovenere.fr\/fr-fr\/wp-content\/uploads\/2025\/12\/Carrelage-clair-effet-pierre-pierre-OZIGUA-Grey-gris-clair-pour-pose-murale-ou-au-sol-magasin-de-carrelage-Porto-Venere-pres-de-Palavas-34.jpg\" data-elementor-open-lightbox=\"yes\" data-elementor-lightbox-slideshow=\"3fd9ca7d\" data-elementor-lightbox-title=\"Carrelage-clair-effet-pierre-pierre-OZIGUA-Grey-gris-clair-pour-pose-murale-ou-au-sol-magasin-de-carrelage-Porto-Venere-pr\u00e8s-de-Palavas-34\" data-e-action-hash=\"#elementor-action%3Aaction%3Dlightbox%26settings%3DeyJpZCI6Njc2ODAsInVybCI6Imh0dHBzOlwvXC93d3cucG9ydG92ZW5lcmUuZnJcL2ZyLWZyXC93cC1jb250ZW50XC91cGxvYWRzXC8yMDI1XC8xMlwvQ2FycmVsYWdlLWNsYWlyLWVmZmV0LXBpZXJyZS1waWVycmUtT1pJR1VBLUdyZXktZ3Jpcy1jbGFpci1wb3VyLXBvc2UtbXVyYWxlLW91LWF1LXNvbC1tYWdhc2luLWRlLWNhcnJlbGFnZS1Qb3J0by1WZW5lcmUtcHJlcy1kZS1QYWxhdmFzLTM0LmpwZyIsInNsaWRlc2hvdyI6IjNmZDljYTdkIn0%3D\">\n\t\t\t\t\t<div class=\"e-gallery-image elementor-gallery-item__image\" data-thumbnail=\"https:\/\/www.portovenere.fr\/fr-fr\/wp-content\/uploads\/2025\/12\/Carrelage-clair-effet-pierre-pierre-OZIGUA-Grey-gris-clair-pour-pose-murale-ou-au-sol-magasin-de-carrelage-Porto-Venere-pres-de-Palavas-34-150x150.jpg\" data-width=\"150\" data-height=\"150\" aria-label=\"\" role=\"img\" ><\/div>\n\t\t\t\t\t\t\t\t\t\t\t<div class=\"elementor-gallery-item__overlay\"><\/div>\n\t\t\t\t\t\t\t\t\t\t\t\t\t\t<\/a>\n\t\t\t\t\t\t\t<a class=\"e-gallery-item elementor-gallery-item elementor-animated-content\" href=\"https:\/\/www.portovenere.fr\/fr-fr\/wp-content\/uploads\/2025\/12\/Carrelage-clair-effet-pierre-pierre-OZIGUA-Beige-pour-pose-murale-ou-au-sol-magasin-de-carrelage-Porto-Venere-pres-de-Lattes-34.jpg\" data-elementor-open-lightbox=\"yes\" data-elementor-lightbox-slideshow=\"3fd9ca7d\" data-elementor-lightbox-title=\"Carrelage-clair-effet-pierre-pierre-OZIGUA-Beige-pour-pose-murale-ou-au-sol-magasin-de-carrelage-Porto-Venere-pr\u00e8s-de-Lattes-34\" data-e-action-hash=\"#elementor-action%3Aaction%3Dlightbox%26settings%3DeyJpZCI6Njc2NzgsInVybCI6Imh0dHBzOlwvXC93d3cucG9ydG92ZW5lcmUuZnJcL2ZyLWZyXC93cC1jb250ZW50XC91cGxvYWRzXC8yMDI1XC8xMlwvQ2FycmVsYWdlLWNsYWlyLWVmZmV0LXBpZXJyZS1waWVycmUtT1pJR1VBLUJlaWdlLXBvdXItcG9zZS1tdXJhbGUtb3UtYXUtc29sLW1hZ2FzaW4tZGUtY2FycmVsYWdlLVBvcnRvLVZlbmVyZS1wcmVzLWRlLUxhdHRlcy0zNC5qcGciLCJzbGlkZXNob3ciOiIzZmQ5Y2E3ZCJ9\">\n\t\t\t\t\t<div class=\"e-gallery-image elementor-gallery-item__image\" data-thumbnail=\"https:\/\/www.portovenere.fr\/fr-fr\/wp-content\/uploads\/2025\/12\/Carrelage-clair-effet-pierre-pierre-OZIGUA-Beige-pour-pose-murale-ou-au-sol-magasin-de-carrelage-Porto-Venere-pres-de-Lattes-34-150x150.jpg\" data-width=\"150\" data-height=\"150\" aria-label=\"\" role=\"img\" ><\/div>\n\t\t\t\t\t\t\t\t\t\t\t<div class=\"elementor-gallery-item__overlay\"><\/div>\n\t\t\t\t\t\t\t\t\t\t\t\t\t\t<\/a>\n\t\t\t\t\t\t\t<a class=\"e-gallery-item elementor-gallery-item elementor-animated-content\" href=\"https:\/\/www.portovenere.fr\/fr-fr\/wp-content\/uploads\/2025\/12\/Carrelage-clair-effet-pierre-pierre-OZIGUA-White-blanc-pour-pose-murale-ou-au-sol-magasin-de-carrelage-Porto-Venere-pres-de-Saint-Jean-de-Vedas-34.jpg\" data-elementor-open-lightbox=\"yes\" data-elementor-lightbox-slideshow=\"3fd9ca7d\" data-elementor-lightbox-title=\"Carrelage-clair-effet-pierre-pierre-OZIGUA-White-blanc-pour-pose-murale-ou-au-sol-magasin-de-carrelage-Porto-Venere-pr\u00e8s-de-Saint-Jean-de-V\u00e9das-34\" data-e-action-hash=\"#elementor-action%3Aaction%3Dlightbox%26settings%3DeyJpZCI6Njc2ODEsInVybCI6Imh0dHBzOlwvXC93d3cucG9ydG92ZW5lcmUuZnJcL2ZyLWZyXC93cC1jb250ZW50XC91cGxvYWRzXC8yMDI1XC8xMlwvQ2FycmVsYWdlLWNsYWlyLWVmZmV0LXBpZXJyZS1waWVycmUtT1pJR1VBLVdoaXRlLWJsYW5jLXBvdXItcG9zZS1tdXJhbGUtb3UtYXUtc29sLW1hZ2FzaW4tZGUtY2FycmVsYWdlLVBvcnRvLVZlbmVyZS1wcmVzLWRlLVNhaW50LUplYW4tZGUtVmVkYXMtMzQuanBnIiwic2xpZGVzaG93IjoiM2ZkOWNhN2QifQ%3D%3D\">\n\t\t\t\t\t<div class=\"e-gallery-image elementor-gallery-item__image\" data-thumbnail=\"https:\/\/www.portovenere.fr\/fr-fr\/wp-content\/uploads\/2025\/12\/Carrelage-clair-effet-pierre-pierre-OZIGUA-White-blanc-pour-pose-murale-ou-au-sol-magasin-de-carrelage-Porto-Venere-pres-de-Saint-Jean-de-Vedas-34-150x150.jpg\" data-width=\"150\" data-height=\"150\" aria-label=\"\" role=\"img\" ><\/div>\n\t\t\t\t\t\t\t\t\t\t\t<div class=\"elementor-gallery-item__overlay\"><\/div>\n\t\t\t\t\t\t\t\t\t\t\t\t\t\t<\/a>\n\t\t\t\t\t\t\t<a class=\"e-gallery-item elementor-gallery-item elementor-animated-content\" href=\"https:\/\/www.portovenere.fr\/fr-fr\/wp-content\/uploads\/2025\/12\/Carrelage-clair-effet-pierre-pierre-OZIGUA-Blue-pour-pose-murale-ou-au-sol-magasin-de-carrelage-Porto-Venere-pres-de-Mauguio-34.jpg\" data-elementor-open-lightbox=\"yes\" data-elementor-lightbox-slideshow=\"3fd9ca7d\" data-elementor-lightbox-title=\"Carrelage-clair-effet-pierre-pierre-OZIGUA-Blue-pour-pose-murale-ou-au-sol-magasin-de-carrelage-Porto-Venere-pr\u00e8s-de-Mauguio-34\" data-e-action-hash=\"#elementor-action%3Aaction%3Dlightbox%26settings%3DeyJpZCI6Njc2NzksInVybCI6Imh0dHBzOlwvXC93d3cucG9ydG92ZW5lcmUuZnJcL2ZyLWZyXC93cC1jb250ZW50XC91cGxvYWRzXC8yMDI1XC8xMlwvQ2FycmVsYWdlLWNsYWlyLWVmZmV0LXBpZXJyZS1waWVycmUtT1pJR1VBLUJsdWUtcG91ci1wb3NlLW11cmFsZS1vdS1hdS1zb2wtbWFnYXNpbi1kZS1jYXJyZWxhZ2UtUG9ydG8tVmVuZXJlLXByZXMtZGUtTWF1Z3Vpby0zNC5qcGciLCJzbGlkZXNob3ciOiIzZmQ5Y2E3ZCJ9\">\n\t\t\t\t\t<div class=\"e-gallery-image elementor-gallery-item__image\" data-thumbnail=\"https:\/\/www.portovenere.fr\/fr-fr\/wp-content\/uploads\/2025\/12\/Carrelage-clair-effet-pierre-pierre-OZIGUA-Blue-pour-pose-murale-ou-au-sol-magasin-de-carrelage-Porto-Venere-pres-de-Mauguio-34-150x150.jpg\" data-width=\"150\" data-height=\"150\" aria-label=\"\" role=\"img\" ><\/div>\n\t\t\t\t\t\t\t\t\t\t\t<div class=\"elementor-gallery-item__overlay\"><\/div>\n\t\t\t\t\t\t\t\t\t\t\t\t\t\t<\/a>\n\t\t\t\t\t\t\t<a class=\"e-gallery-item elementor-gallery-item elementor-animated-content\" href=\"https:\/\/www.portovenere.fr\/fr-fr\/wp-content\/uploads\/2025\/12\/Carrelage-credence-petits-carreaux-format-hexagonal-imitation-pierre-marbre-OZIGUA-beige-25x30-cm-magasin-de-carrelage-haut-de-gamme-proche-Saint-Aunes-34.jpg\" data-elementor-open-lightbox=\"yes\" data-elementor-lightbox-slideshow=\"3fd9ca7d\" data-elementor-lightbox-title=\"Carrelage-cr\u00e9dence-petits-carreaux-format-hexagonal-imitation-pierre-marbre-OZIGUA-beige-25x30-cm-magasin-de-carrelage-haut-de-gamme-proche-Saint-Aun\u00e8s-34\" data-e-action-hash=\"#elementor-action%3Aaction%3Dlightbox%26settings%3DeyJpZCI6Njc2ODYsInVybCI6Imh0dHBzOlwvXC93d3cucG9ydG92ZW5lcmUuZnJcL2ZyLWZyXC93cC1jb250ZW50XC91cGxvYWRzXC8yMDI1XC8xMlwvQ2FycmVsYWdlLWNyZWRlbmNlLXBldGl0cy1jYXJyZWF1eC1mb3JtYXQtaGV4YWdvbmFsLWltaXRhdGlvbi1waWVycmUtbWFyYnJlLU9aSUdVQS1iZWlnZS0yNXgzMC1jbS1tYWdhc2luLWRlLWNhcnJlbGFnZS1oYXV0LWRlLWdhbW1lLXByb2NoZS1TYWludC1BdW5lcy0zNC5qcGciLCJzbGlkZXNob3ciOiIzZmQ5Y2E3ZCJ9\">\n\t\t\t\t\t<div class=\"e-gallery-image elementor-gallery-item__image\" data-thumbnail=\"https:\/\/www.portovenere.fr\/fr-fr\/wp-content\/uploads\/2025\/12\/Carrelage-credence-petits-carreaux-format-hexagonal-imitation-pierre-marbre-OZIGUA-beige-25x30-cm-magasin-de-carrelage-haut-de-gamme-proche-Saint-Aunes-34-150x150.jpg\" data-width=\"150\" data-height=\"150\" aria-label=\"\" role=\"img\" ><\/div>\n\t\t\t\t\t\t\t\t\t\t\t<div class=\"elementor-gallery-item__overlay\"><\/div>\n\t\t\t\t\t\t\t\t\t\t\t\t\t\t<\/a>\n\t\t\t\t\t\t\t<a class=\"e-gallery-item elementor-gallery-item elementor-animated-content\" href=\"https:\/\/www.portovenere.fr\/fr-fr\/wp-content\/uploads\/2025\/12\/Carrelage-parement-mural-Muretto-clair-effet-pierre-pierre-OZIGUA-Blue-Magasin-de-carrelage-Porto-Venere-pres-de-Laverune-34.jpg\" data-elementor-open-lightbox=\"yes\" data-elementor-lightbox-slideshow=\"3fd9ca7d\" data-elementor-lightbox-title=\"Carrelage-parement-mural-Muretto-clair-effet-pierre-pierre-OZIGUA-Blue-Magasin-de-carrelage-Porto-Venere-pr\u00e8s-de-Lav\u00e9rune-34\" data-e-action-hash=\"#elementor-action%3Aaction%3Dlightbox%26settings%3DeyJpZCI6Njc2ODcsInVybCI6Imh0dHBzOlwvXC93d3cucG9ydG92ZW5lcmUuZnJcL2ZyLWZyXC93cC1jb250ZW50XC91cGxvYWRzXC8yMDI1XC8xMlwvQ2FycmVsYWdlLXBhcmVtZW50LW11cmFsLU11cmV0dG8tY2xhaXItZWZmZXQtcGllcnJlLXBpZXJyZS1PWklHVUEtQmx1ZS1NYWdhc2luLWRlLWNhcnJlbGFnZS1Qb3J0by1WZW5lcmUtcHJlcy1kZS1MYXZlcnVuZS0zNC5qcGciLCJzbGlkZXNob3ciOiIzZmQ5Y2E3ZCJ9\">\n\t\t\t\t\t<div class=\"e-gallery-image elementor-gallery-item__image\" data-thumbnail=\"https:\/\/www.portovenere.fr\/fr-fr\/wp-content\/uploads\/2025\/12\/Carrelage-parement-mural-Muretto-clair-effet-pierre-pierre-OZIGUA-Blue-Magasin-de-carrelage-Porto-Venere-pres-de-Laverune-34-150x150.jpg\" data-width=\"150\" data-height=\"150\" aria-label=\"\" role=\"img\" ><\/div>\n\t\t\t\t\t\t\t\t\t\t\t<div class=\"elementor-gallery-item__overlay\"><\/div>\n\t\t\t\t\t\t\t\t\t\t\t\t\t\t<\/a>\n\t\t\t\t\t\t\t<a class=\"e-gallery-item elementor-gallery-item elementor-animated-content\" href=\"https:\/\/www.portovenere.fr\/fr-fr\/wp-content\/uploads\/2025\/12\/Carrelage-60x120-cm-decor-a-motif-floral-clair-OZIGUA-Rose-Mix-blanc-Magasin-carrelage-Porto-Venere-pres-de-Sete-34.jpg\" data-elementor-open-lightbox=\"yes\" data-elementor-lightbox-slideshow=\"3fd9ca7d\" data-elementor-lightbox-title=\"Carrelage-60x120-cm-d\u00e9cor-\u00e0-motif-floral-clair-OZIGUA-Rose-Mix-blanc-Magasin-carrelage-Porto-Venere-pr\u00e8s-de-S\u00e8te-34\" data-e-action-hash=\"#elementor-action%3Aaction%3Dlightbox%26settings%3DeyJpZCI6Njc2OTEsInVybCI6Imh0dHBzOlwvXC93d3cucG9ydG92ZW5lcmUuZnJcL2ZyLWZyXC93cC1jb250ZW50XC91cGxvYWRzXC8yMDI1XC8xMlwvQ2FycmVsYWdlLTYweDEyMC1jbS1kZWNvci1hLW1vdGlmLWZsb3JhbC1jbGFpci1PWklHVUEtUm9zZS1NaXgtYmxhbmMtTWFnYXNpbi1jYXJyZWxhZ2UtUG9ydG8tVmVuZXJlLXByZXMtZGUtU2V0ZS0zNC5qcGciLCJzbGlkZXNob3ciOiIzZmQ5Y2E3ZCJ9\">\n\t\t\t\t\t<div class=\"e-gallery-image elementor-gallery-item__image\" data-thumbnail=\"https:\/\/www.portovenere.fr\/fr-fr\/wp-content\/uploads\/2025\/12\/Carrelage-60x120-cm-decor-a-motif-floral-clair-OZIGUA-Rose-Mix-blanc-Magasin-carrelage-Porto-Venere-pres-de-Sete-34-150x150.jpg\" data-width=\"150\" data-height=\"150\" aria-label=\"\" role=\"img\" ><\/div>\n\t\t\t\t\t\t\t\t\t\t\t<div class=\"elementor-gallery-item__overlay\"><\/div>\n\t\t\t\t\t\t\t\t\t\t\t\t\t\t<\/a>\n\t\t\t\t\t<\/div>\n\t\t\t\t\t<\/div>\n\t\t\t\t<\/div>\n\t\t\t\t<div class=\"elementor-element elementor-element-2406411e elementor-widget elementor-widget-text-editor\" data-id=\"2406411e\" data-element_type=\"widget\" data-e-type=\"widget\" data-widget_type=\"text-editor.default\">\n\t\t\t\t<div class=\"elementor-widget-container\">\n\t\t\t\t\t\t\t\t\t<p data-start=\"184\" data-end=\"483\">La collection <strong data-start=\"198\" data-end=\"208\">OZIGUA<\/strong> propose quatre coloris lumineux \u2014 <em data-start=\"243\" data-end=\"250\">Blanc<\/em>, <em data-start=\"252\" data-end=\"259\">Beige<\/em>, <em data-start=\"261\" data-end=\"267\">Gris<\/em> et <em data-start=\"271\" data-end=\"277\">Bleu<\/em> clair \u2014 con\u00e7us pour apporter douceur, clart\u00e9 et modernit\u00e9 \u00e0 chaque pi\u00e8ce.\u00a0<\/p><p data-start=\"184\" data-end=\"483\">Ces teintes naturelles refl\u00e8tent la lumi\u00e8re et agrandissent visuellement les espaces, cr\u00e9ant une ambiance sereine et contemporaine.<\/p><p data-start=\"485\" data-end=\"815\">Adapt\u00e9 aux <strong data-start=\"496\" data-end=\"512\">sols et murs<\/strong> du <strong data-start=\"516\" data-end=\"525\">salon<\/strong>, de la <strong data-start=\"533\" data-end=\"544\">cuisine<\/strong> ou de la <strong data-start=\"554\" data-end=\"571\">salle de bain<\/strong>, OZIGUA est fabriqu\u00e9 en gr\u00e8s c\u00e9rame \u00e9maill\u00e9, garantissant r\u00e9sistance et facilit\u00e9 d\u2019entretien.\u00a0<\/p><p data-start=\"485\" data-end=\"815\">Ses <strong data-start=\"670\" data-end=\"688\">quatre formats<\/strong> (120\u00d7120, 60\u00d7120, 60\u00d760, 30\u00d760), tous en <strong data-start=\"730\" data-end=\"740\">9,5 mm<\/strong> avec <strong data-start=\"746\" data-end=\"765\">bords rectifi\u00e9s<\/strong>, permettent une pose pr\u00e9cise et un rendu \u00e9l\u00e9gant.<\/p>\t\t\t\t\t\t\t\t<\/div>\n\t\t\t\t<\/div>\n\t\t\t\t<div class=\"elementor-element elementor-element-34e7b562 elementor-mobile-align-center elementor-align-left elementor-widget elementor-widget-button\" data-id=\"34e7b562\" data-element_type=\"widget\" data-e-type=\"widget\" data-widget_type=\"button.default\">\n\t\t\t\t<div class=\"elementor-widget-container\">\n\t\t\t\t\t\t\t\t\t<div class=\"elementor-button-wrapper\">\n\t\t\t\t\t<a class=\"elementor-button elementor-button-link elementor-size-sm\" href=\"https:\/\/www.portovenere.fr\/fr-fr\/carrelage-sol-et-mur-en-gres-cerame-et-faience\/carrelage-aspect-pierre\/carrelage-clair-en-gres-cerame-ozigua\/\">\n\t\t\t\t\t\t<span class=\"elementor-button-content-wrapper\">\n\t\t\t\t\t\t\t\t\t<span class=\"elementor-button-text\">Voir la collection<\/span>\n\t\t\t\t\t<\/span>\n\t\t\t\t\t<\/a>\n\t\t\t\t<\/div>\n\t\t\t\t\t\t\t\t<\/div>\n\t\t\t\t<\/div>\n\t\t\t\t\t<\/div>\n\t\t<\/div>\n\t\t\t\t<div class=\"elementor-column elementor-col-33 elementor-top-column elementor-element elementor-element-68629b19\" data-id=\"68629b19\" data-element_type=\"column\" data-e-type=\"column\" data-settings=\"{&quot;background_background&quot;:&quot;classic&quot;}\">\n\t\t\t<div class=\"elementor-widget-wrap elementor-element-populated\">\n\t\t\t\t\t\t<div class=\"elementor-element elementor-element-35f379b6 elementor-widget elementor-widget-image\" data-id=\"35f379b6\" data-element_type=\"widget\" data-e-type=\"widget\" data-widget_type=\"image.default\">\n\t\t\t\t<div class=\"elementor-widget-container\">\n\t\t\t\t\t\t\t\t\t\t\t\t\t\t\t\t<a href=\"https:\/\/www.portovenere.fr\/fr-fr\/carrelage-sol-et-mur-en-gres-cerame-et-faience\/carrelage-aspect-marbre\/carrelage-marbre-noir-et-blanc-mat-ou-brillant-noblaska\/\">\n\t\t\t\t\t\t\t<img decoding=\"async\" src=\"https:\/\/www.portovenere.fr\/fr-fr\/wp-content\/uploads\/elementor\/thumbs\/Carrelage-salle-de-bain-noir-et-blanc-imitation-marbre-Noblaska-Breach-sol-et-mur-proche-de-Agde-Herault-34-r8ifa6wlpvxase4czbd1y2z4n1vqfandy57s7tflwg.jpg\" title=\"Carrelage-salle-de-bain-noir-et-blanc-imitation-marbre-Noblaska-Breach-sol-et-mur-proche-de-Agde-H\u00e9rault-34\" alt=\"Carrelage-salle-de-bain-noir-et-blanc-imitation-marbre-Noblaska-Breach-sol-et-mur-proche-de-Agde-H\u00e9rault-34\" loading=\"lazy\" \/>\t\t\t\t\t\t\t\t<\/a>\n\t\t\t\t\t\t\t\t\t\t\t\t\t\t\t<\/div>\n\t\t\t\t<\/div>\n\t\t\t\t<div class=\"elementor-element elementor-element-2b56a0d4 elementor-widget elementor-widget-heading\" data-id=\"2b56a0d4\" data-element_type=\"widget\" data-e-type=\"widget\" data-widget_type=\"heading.default\">\n\t\t\t\t<div class=\"elementor-widget-container\">\n\t\t\t\t\t<h3 class=\"elementor-heading-title elementor-size-default\"><a href=\"https:\/\/www.portovenere.fr\/fr-fr\/carrelage-sol-et-mur-en-gres-cerame-et-faience\/carrelage-aspect-marbre\/carrelage-marbre-noir-et-blanc-mat-ou-brillant-noblaska\/\">NOBLASKA 6mm | 3 coloris<\/a><\/h3>\t\t\t\t<\/div>\n\t\t\t\t<\/div>\n\t\t\t\t<div class=\"elementor-element elementor-element-228547e8 elementor-widget__width-initial elementor-widget elementor-widget-gallery\" data-id=\"228547e8\" data-element_type=\"widget\" data-e-type=\"widget\" data-settings=\"{&quot;gap&quot;:{&quot;unit&quot;:&quot;px&quot;,&quot;size&quot;:3,&quot;sizes&quot;:[]},&quot;columns_mobile&quot;:3,&quot;gap_mobile&quot;:{&quot;unit&quot;:&quot;px&quot;,&quot;size&quot;:6,&quot;sizes&quot;:[]},&quot;columns&quot;:5,&quot;columns_tablet&quot;:3,&quot;gap_tablet&quot;:{&quot;unit&quot;:&quot;px&quot;,&quot;size&quot;:5,&quot;sizes&quot;:[]},&quot;lazyload&quot;:&quot;yes&quot;,&quot;gallery_layout&quot;:&quot;grid&quot;,&quot;aspect_ratio&quot;:&quot;3:2&quot;,&quot;overlay_background&quot;:&quot;yes&quot;,&quot;content_hover_animation&quot;:&quot;fade-in&quot;}\" data-widget_type=\"gallery.default\">\n\t\t\t\t<div class=\"elementor-widget-container\">\n\t\t\t\t\t\t\t<div class=\"elementor-gallery__container\">\n\t\t\t\t\t\t\t<div class=\"e-gallery-item elementor-gallery-item elementor-animated-content\">\n\t\t\t\t\t<div class=\"e-gallery-image elementor-gallery-item__image\" data-thumbnail=\"https:\/\/www.portovenere.fr\/fr-fr\/wp-content\/uploads\/2024\/07\/Carrelage-marbre-noir-et-blanc-veine-sol-et-mur-en-gres-cerame-haut-de-gamme-Noblaska-Breach-pres-de-mauguio-34-150x150.jpg\" data-width=\"150\" data-height=\"150\" aria-label=\"\" role=\"img\" ><\/div>\n\t\t\t\t\t\t\t\t\t\t\t<div class=\"elementor-gallery-item__overlay\"><\/div>\n\t\t\t\t\t\t\t\t\t\t\t\t\t\t<\/div>\n\t\t\t\t\t\t\t<div class=\"e-gallery-item elementor-gallery-item elementor-animated-content\">\n\t\t\t\t\t<div class=\"e-gallery-image elementor-gallery-item__image\" data-thumbnail=\"https:\/\/www.portovenere.fr\/fr-fr\/wp-content\/uploads\/2024\/07\/Carrelage-marbre-blanc-uni-sol-et-mur-en-gres-cerame-haut-de-gamme-Noblaska-Wave-pres-de-Palavas-Herault-34-150x150.jpg\" data-width=\"150\" data-height=\"150\" aria-label=\"\" role=\"img\" ><\/div>\n\t\t\t\t\t\t\t\t\t\t\t<div class=\"elementor-gallery-item__overlay\"><\/div>\n\t\t\t\t\t\t\t\t\t\t\t\t\t\t<\/div>\n\t\t\t\t\t\t\t<div class=\"e-gallery-item elementor-gallery-item elementor-animated-content\">\n\t\t\t\t\t<div class=\"e-gallery-image elementor-gallery-item__image\" data-thumbnail=\"https:\/\/www.portovenere.fr\/fr-fr\/wp-content\/uploads\/2024\/07\/Carrelage-marbre-noir-et-blanc-sol-et-mur-en-gres-cerame-haut-de-gamme-Noblaska-Fragment-pres-de-saint-clement-de-riviere-34-150x150.jpg\" data-width=\"150\" data-height=\"150\" aria-label=\"\" role=\"img\" ><\/div>\n\t\t\t\t\t\t\t\t\t\t\t<div class=\"elementor-gallery-item__overlay\"><\/div>\n\t\t\t\t\t\t\t\t\t\t\t\t\t\t<\/div>\n\t\t\t\t\t<\/div>\n\t\t\t\t\t<\/div>\n\t\t\t\t<\/div>\n\t\t\t\t<div class=\"elementor-element elementor-element-1f9469f0 elementor-widget elementor-widget-text-editor\" data-id=\"1f9469f0\" data-element_type=\"widget\" data-e-type=\"widget\" data-widget_type=\"text-editor.default\">\n\t\t\t\t<div class=\"elementor-widget-container\">\n\t\t\t\t\t\t\t\t\t<p>Ce carrelage esprit marbre fine \u00e9paisseur offre l&rsquo;incarnation m\u00eame de la puret\u00e9 avec ses deux teintes oppos\u00e9es : le blanc et le noir.&nbsp;<\/p>\n<p><span style=\"color: var( --e-global-color-text ); font-weight: var( --e-global-typography-text-font-weight );\">Sublimez vos espaces de vie avec le&nbsp;<\/span><b style=\"color: var( --e-global-color-text );\">carrelage gr\u00e8s c\u00e9rame<\/b><span style=\"color: var( --e-global-color-text ); font-weight: var( --e-global-typography-text-font-weight );\">&nbsp;effet marbre noir blanc fin Noblaska, qui propose une palette de <\/span><span style=\"color: var( --e-global-color-text );\"><b>4<\/b><\/span><b style=\"color: var( --e-global-color-text );\">&nbsp;finitions de carreaux<\/b><span style=\"color: var( --e-global-color-text ); font-weight: var( --e-global-typography-text-font-weight );\">&nbsp;uniquement bas\u00e9s sur la puret\u00e9 du blanc et la puissance du noir.&nbsp;<\/span><\/p>\n<p><strong>8 formats<\/strong>&nbsp;disponibles :&nbsp;<strong>3<\/strong><b>0x60 cm, 60&#215;60 cm, 60&#215;120 cm<\/b>&nbsp;en 9mm d&rsquo;\u00e9paisseur&nbsp;et&nbsp;<b>maxi formats<\/b>&nbsp;<b>120&#215;120 cm,&nbsp;120&#215;240 cm,&nbsp;120&#215;280 cm, 160&#215;320 cm<\/b>&nbsp;en<b>&nbsp;fine \u00e9paisseur de 6 mm<\/b>.&nbsp;<\/p>\n<p>Les coloris propos\u00e9s en&nbsp;<b>fine \u00e9paisseur de 6 mm<\/b>, sont parfait pour un projet de r\u00e9novation mais aussi construction.&nbsp;<\/p>\n<p>Cette collection de carrelage&nbsp;<strong>gr\u00e8s c\u00e9rame 1er choix<\/strong>&nbsp;imitation marbre propose \u00e9galement des&nbsp;<strong>mosa\u00efques, d\u00e9cors muraux, plinthes et marches<\/strong>.&nbsp;<\/p>\t\t\t\t\t\t\t\t<\/div>\n\t\t\t\t<\/div>\n\t\t\t\t<div class=\"elementor-element elementor-element-3471522d elementor-mobile-align-center elementor-align-left elementor-widget elementor-widget-button\" data-id=\"3471522d\" data-element_type=\"widget\" data-e-type=\"widget\" data-widget_type=\"button.default\">\n\t\t\t\t<div class=\"elementor-widget-container\">\n\t\t\t\t\t\t\t\t\t<div class=\"elementor-button-wrapper\">\n\t\t\t\t\t<a class=\"elementor-button elementor-button-link elementor-size-sm\" href=\"https:\/\/www.portovenere.fr\/fr-fr\/carrelage-sol-et-mur-en-gres-cerame-et-faience\/carrelage-aspect-marbre\/carrelage-marbre-noir-et-blanc-mat-ou-brillant-noblaska\/\">\n\t\t\t\t\t\t<span class=\"elementor-button-content-wrapper\">\n\t\t\t\t\t\t\t\t\t<span class=\"elementor-button-text\">Voir la collection<\/span>\n\t\t\t\t\t<\/span>\n\t\t\t\t\t<\/a>\n\t\t\t\t<\/div>\n\t\t\t\t\t\t\t\t<\/div>\n\t\t\t\t<\/div>\n\t\t\t\t\t<\/div>\n\t\t<\/div>\n\t\t\t\t\t<\/div>\n\t\t<\/section>\n\t\t\t\t<section class=\"elementor-section elementor-top-section elementor-element elementor-element-5e9c6f0e elementor-section-full_width elementor-section-height-default elementor-section-height-default\" data-id=\"5e9c6f0e\" data-element_type=\"section\" data-e-type=\"section\" data-settings=\"{&quot;background_background&quot;:&quot;classic&quot;}\">\n\t\t\t\t\t\t<div class=\"elementor-container elementor-column-gap-default\">\n\t\t\t\t\t<div class=\"elementor-column elementor-col-33 elementor-top-column elementor-element elementor-element-a612963\" data-id=\"a612963\" data-element_type=\"column\" data-e-type=\"column\" data-settings=\"{&quot;background_background&quot;:&quot;gradient&quot;}\">\n\t\t\t<div class=\"elementor-widget-wrap elementor-element-populated\">\n\t\t\t\t\t\t<div class=\"elementor-element elementor-element-368d8d6d elementor-widget elementor-widget-image\" data-id=\"368d8d6d\" data-element_type=\"widget\" data-e-type=\"widget\" data-widget_type=\"image.default\">\n\t\t\t\t<div class=\"elementor-widget-container\">\n\t\t\t\t\t\t\t\t\t\t\t\t\t\t\t\t<a href=\"https:\/\/www.portovenere.fr\/fr-fr\/carrelage-sol-et-mur-en-gres-cerame-et-faience\/carrelage-contemporain-et-design\/carrelage-contemporain-aspect-beton-cement-project\/\">\n\t\t\t\t\t\t\t<img loading=\"lazy\" decoding=\"async\" width=\"768\" height=\"576\" src=\"https:\/\/www.portovenere.fr\/fr-fr\/wp-content\/uploads\/2019\/08\/Cement-project-color30-land-naturel-au-sol-et-color30-cem-au-mur-768x576.jpg\" class=\"attachment-medium_large size-medium_large wp-image-12134\" alt=\"\" srcset=\"https:\/\/www.portovenere.fr\/fr-fr\/wp-content\/uploads\/2019\/08\/Cement-project-color30-land-naturel-au-sol-et-color30-cem-au-mur-768x576.jpg 768w, https:\/\/www.portovenere.fr\/fr-fr\/wp-content\/uploads\/2019\/08\/Cement-project-color30-land-naturel-au-sol-et-color30-cem-au-mur-300x225.jpg 300w, https:\/\/www.portovenere.fr\/fr-fr\/wp-content\/uploads\/2019\/08\/Cement-project-color30-land-naturel-au-sol-et-color30-cem-au-mur.jpg 1000w\" sizes=\"(max-width: 768px) 100vw, 768px\" \/>\t\t\t\t\t\t\t\t<\/a>\n\t\t\t\t\t\t\t\t\t\t\t\t\t\t\t<\/div>\n\t\t\t\t<\/div>\n\t\t\t\t<div class=\"elementor-element elementor-element-dbbb3f7 elementor-widget elementor-widget-heading\" data-id=\"dbbb3f7\" data-element_type=\"widget\" data-e-type=\"widget\" data-widget_type=\"heading.default\">\n\t\t\t\t<div class=\"elementor-widget-container\">\n\t\t\t\t\t<h3 class=\"elementor-heading-title elementor-size-default\"><a href=\"https:\/\/www.portovenere.fr\/fr-fr\/carrelage-sol-et-mur-en-gres-cerame-et-faience\/carrelage-contemporain-et-design\/carrelage-contemporain-aspect-beton-cement-project\/\">CEMENT PROJECT | 3 coloris<\/a><\/h3>\t\t\t\t<\/div>\n\t\t\t\t<\/div>\n\t\t\t\t<div class=\"elementor-element elementor-element-3acaa06d elementor-widget__width-initial elementor-widget elementor-widget-gallery\" data-id=\"3acaa06d\" data-element_type=\"widget\" data-e-type=\"widget\" data-settings=\"{&quot;gap&quot;:{&quot;unit&quot;:&quot;px&quot;,&quot;size&quot;:3,&quot;sizes&quot;:[]},&quot;columns_mobile&quot;:3,&quot;gap_mobile&quot;:{&quot;unit&quot;:&quot;px&quot;,&quot;size&quot;:6,&quot;sizes&quot;:[]},&quot;columns&quot;:5,&quot;columns_tablet&quot;:3,&quot;gap_tablet&quot;:{&quot;unit&quot;:&quot;px&quot;,&quot;size&quot;:5,&quot;sizes&quot;:[]},&quot;lazyload&quot;:&quot;yes&quot;,&quot;gallery_layout&quot;:&quot;grid&quot;,&quot;aspect_ratio&quot;:&quot;3:2&quot;,&quot;overlay_background&quot;:&quot;yes&quot;,&quot;content_hover_animation&quot;:&quot;fade-in&quot;}\" data-widget_type=\"gallery.default\">\n\t\t\t\t<div class=\"elementor-widget-container\">\n\t\t\t\t\t\t\t<div class=\"elementor-gallery__container\">\n\t\t\t\t\t\t\t<div class=\"e-gallery-item elementor-gallery-item elementor-animated-content\">\n\t\t\t\t\t<div class=\"e-gallery-image elementor-gallery-item__image\" data-thumbnail=\"https:\/\/www.portovenere.fr\/fr-fr\/wp-content\/uploads\/2019\/08\/Cement-project-color10-cem-150x150.jpg\" data-width=\"150\" data-height=\"150\" aria-label=\"\" role=\"img\" ><\/div>\n\t\t\t\t\t\t\t\t\t\t\t<div class=\"elementor-gallery-item__overlay\"><\/div>\n\t\t\t\t\t\t\t\t\t\t\t\t\t\t<\/div>\n\t\t\t\t\t\t\t<div class=\"e-gallery-item elementor-gallery-item elementor-animated-content\">\n\t\t\t\t\t<div class=\"e-gallery-image elementor-gallery-item__image\" data-thumbnail=\"https:\/\/www.portovenere.fr\/fr-fr\/wp-content\/uploads\/2019\/08\/Cement-project-color10-land-150x150.jpg\" data-width=\"150\" data-height=\"150\" aria-label=\"\" role=\"img\" ><\/div>\n\t\t\t\t\t\t\t\t\t\t\t<div class=\"elementor-gallery-item__overlay\"><\/div>\n\t\t\t\t\t\t\t\t\t\t\t\t\t\t<\/div>\n\t\t\t\t\t\t\t<div class=\"e-gallery-item elementor-gallery-item elementor-animated-content\">\n\t\t\t\t\t<div class=\"e-gallery-image elementor-gallery-item__image\" data-thumbnail=\"https:\/\/www.portovenere.fr\/fr-fr\/wp-content\/uploads\/2019\/08\/Cement-project-color20-cem-150x150.jpg\" data-width=\"150\" data-height=\"150\" aria-label=\"\" role=\"img\" ><\/div>\n\t\t\t\t\t\t\t\t\t\t\t<div class=\"elementor-gallery-item__overlay\"><\/div>\n\t\t\t\t\t\t\t\t\t\t\t\t\t\t<\/div>\n\t\t\t\t\t\t\t<div class=\"e-gallery-item elementor-gallery-item elementor-animated-content\">\n\t\t\t\t\t<div class=\"e-gallery-image elementor-gallery-item__image\" data-thumbnail=\"https:\/\/www.portovenere.fr\/fr-fr\/wp-content\/uploads\/2019\/08\/Cement-project-color20-land-150x150.jpg\" data-width=\"150\" data-height=\"150\" aria-label=\"\" role=\"img\" ><\/div>\n\t\t\t\t\t\t\t\t\t\t\t<div class=\"elementor-gallery-item__overlay\"><\/div>\n\t\t\t\t\t\t\t\t\t\t\t\t\t\t<\/div>\n\t\t\t\t\t\t\t<div class=\"e-gallery-item elementor-gallery-item elementor-animated-content\">\n\t\t\t\t\t<div class=\"e-gallery-image elementor-gallery-item__image\" data-thumbnail=\"https:\/\/www.portovenere.fr\/fr-fr\/wp-content\/uploads\/2019\/08\/Cement-project-color30-cem-150x150.jpg\" data-width=\"150\" data-height=\"150\" aria-label=\"\" role=\"img\" ><\/div>\n\t\t\t\t\t\t\t\t\t\t\t<div class=\"elementor-gallery-item__overlay\"><\/div>\n\t\t\t\t\t\t\t\t\t\t\t\t\t\t<\/div>\n\t\t\t\t\t<\/div>\n\t\t\t\t\t<\/div>\n\t\t\t\t<\/div>\n\t\t\t\t<div class=\"elementor-element elementor-element-40718b97 elementor-widget elementor-widget-text-editor\" data-id=\"40718b97\" data-element_type=\"widget\" data-e-type=\"widget\" data-widget_type=\"text-editor.default\">\n\t\t\t\t<div class=\"elementor-widget-container\">\n\t\t\t\t\t\t\t\t\t<p>Carrelage de sol et mur en gr\u00e8s c\u00e9rame aspect b\u00e9ton disponible en 3 nuances de gris et d\u00e9clin\u00e9 sous 2 finitions : Cem, Land pour les Color 10 et 20, et 1 finition pour le Color 30. Plusieurs formats disponibles jusqu&rsquo;au 100x300cm pour une pose en int\u00e9rieur et en ext\u00e9rieur.<\/p>\t\t\t\t\t\t\t\t<\/div>\n\t\t\t\t<\/div>\n\t\t\t\t<div class=\"elementor-element elementor-element-8195334 elementor-mobile-align-center elementor-widget elementor-widget-button\" data-id=\"8195334\" data-element_type=\"widget\" data-e-type=\"widget\" data-widget_type=\"button.default\">\n\t\t\t\t<div class=\"elementor-widget-container\">\n\t\t\t\t\t\t\t\t\t<div class=\"elementor-button-wrapper\">\n\t\t\t\t\t<a class=\"elementor-button elementor-button-link elementor-size-sm\" href=\"https:\/\/www.portovenere.fr\/fr-fr\/carrelage-sol-et-mur-en-gres-cerame-et-faience\/carrelage-contemporain-et-design\/carrelage-contemporain-aspect-beton-cement-project\/\">\n\t\t\t\t\t\t<span class=\"elementor-button-content-wrapper\">\n\t\t\t\t\t\t\t\t\t<span class=\"elementor-button-text\">Voir la collection<\/span>\n\t\t\t\t\t<\/span>\n\t\t\t\t\t<\/a>\n\t\t\t\t<\/div>\n\t\t\t\t\t\t\t\t<\/div>\n\t\t\t\t<\/div>\n\t\t\t\t\t<\/div>\n\t\t<\/div>\n\t\t\t\t<div class=\"elementor-column elementor-col-33 elementor-top-column elementor-element elementor-element-4223eb18\" data-id=\"4223eb18\" data-element_type=\"column\" data-e-type=\"column\" data-settings=\"{&quot;background_background&quot;:&quot;classic&quot;}\">\n\t\t\t<div class=\"elementor-widget-wrap elementor-element-populated\">\n\t\t\t\t\t\t<div class=\"elementor-element elementor-element-2392c2ac elementor-widget elementor-widget-image\" data-id=\"2392c2ac\" data-element_type=\"widget\" data-e-type=\"widget\" data-widget_type=\"image.default\">\n\t\t\t\t<div class=\"elementor-widget-container\">\n\t\t\t\t\t\t\t\t\t\t\t\t\t\t\t\t<a href=\"https:\/\/www.portovenere.fr\/fr-fr\/carrelage-sol-et-mur-en-gres-cerame-et-faience\/carrelage-aspect-pierre\/carrelage-aspect-pierre-ardoise-cinama-stone\/\">\n\t\t\t\t\t\t\t<img decoding=\"async\" src=\"https:\/\/www.portovenere.fr\/fr-fr\/wp-content\/uploads\/elementor\/thumbs\/Carrelage-grand-format-xxl-fine-epaisseur-120x278-cm-effet-pierre-ardoise-CINAMA-STONE-Slate-Grey-6-coloris-pour-sol-et-mur-Magasin-pres-de-Sete-34-r969pcnsodlec2xtbrt9s3cwpx6mkpou4s0wt7cu00.jpg\" title=\"Carrelage-grand-format-xxl-fine-\u00e9paisseur-120&#215;278-cm-effet-pierre-ardoise-CINAMA-STONE-Slate-Grey-6-coloris-pour-sol-et-mur-Magasin-pr\u00e8s-de-S\u00e8te-34\" alt=\"Slate Grey 120x278 cm\" loading=\"lazy\" \/>\t\t\t\t\t\t\t\t<\/a>\n\t\t\t\t\t\t\t\t\t\t\t\t\t\t\t<\/div>\n\t\t\t\t<\/div>\n\t\t\t\t<div class=\"elementor-element elementor-element-7b50b8de elementor-widget elementor-widget-heading\" data-id=\"7b50b8de\" data-element_type=\"widget\" data-e-type=\"widget\" data-widget_type=\"heading.default\">\n\t\t\t\t<div class=\"elementor-widget-container\">\n\t\t\t\t\t<h3 class=\"elementor-heading-title elementor-size-default\"><a href=\"https:\/\/www.portovenere.fr\/fr-fr\/carrelage-sol-et-mur-en-gres-cerame-et-faience\/carrelage-aspect-pierre\/carrelage-aspect-pierre-ardoise-cinama-stone\/\">CINAMA STONE | 6 coloris<\/a><\/h3>\t\t\t\t<\/div>\n\t\t\t\t<\/div>\n\t\t\t\t<div class=\"elementor-element elementor-element-1cb26dc2 elementor-widget__width-initial elementor-widget elementor-widget-gallery\" data-id=\"1cb26dc2\" data-element_type=\"widget\" data-e-type=\"widget\" data-settings=\"{&quot;gap&quot;:{&quot;unit&quot;:&quot;px&quot;,&quot;size&quot;:3,&quot;sizes&quot;:[]},&quot;columns_mobile&quot;:3,&quot;gap_mobile&quot;:{&quot;unit&quot;:&quot;px&quot;,&quot;size&quot;:6,&quot;sizes&quot;:[]},&quot;columns&quot;:5,&quot;columns_tablet&quot;:3,&quot;gap_tablet&quot;:{&quot;unit&quot;:&quot;px&quot;,&quot;size&quot;:5,&quot;sizes&quot;:[]},&quot;lazyload&quot;:&quot;yes&quot;,&quot;gallery_layout&quot;:&quot;grid&quot;,&quot;aspect_ratio&quot;:&quot;3:2&quot;,&quot;overlay_background&quot;:&quot;yes&quot;,&quot;content_hover_animation&quot;:&quot;fade-in&quot;}\" data-widget_type=\"gallery.default\">\n\t\t\t\t<div class=\"elementor-widget-container\">\n\t\t\t\t\t\t\t<div class=\"elementor-gallery__container\">\n\t\t\t\t\t\t\t<div class=\"e-gallery-item elementor-gallery-item elementor-animated-content\">\n\t\t\t\t\t<div class=\"e-gallery-image elementor-gallery-item__image\" data-thumbnail=\"https:\/\/www.portovenere.fr\/fr-fr\/wp-content\/uploads\/2025\/07\/Carrelage-gris-type-pierre-ardoise-pour-sol-et-mur-en-gres-cerame-CINAMA-STONE-Slate-grey-magasin-pres-de-Lunel-34-150x150.jpg\" data-width=\"150\" data-height=\"150\" aria-label=\"\" role=\"img\" ><\/div>\n\t\t\t\t\t\t\t\t\t\t\t<div class=\"elementor-gallery-item__overlay\"><\/div>\n\t\t\t\t\t\t\t\t\t\t\t\t\t\t<\/div>\n\t\t\t\t\t\t\t<div class=\"e-gallery-item elementor-gallery-item elementor-animated-content\">\n\t\t\t\t\t<div class=\"e-gallery-image elementor-gallery-item__image\" data-thumbnail=\"https:\/\/www.portovenere.fr\/fr-fr\/wp-content\/uploads\/2025\/07\/Carrelage-gris-clair-type-pierre-ardoise-pour-sol-et-mur-en-gres-cerame-CINAMA-STONE-Slate-light-grey-magasin-pres-de-Balaruc-34-150x150.jpg\" data-width=\"150\" data-height=\"150\" aria-label=\"\" role=\"img\" ><\/div>\n\t\t\t\t\t\t\t\t\t\t\t<div class=\"elementor-gallery-item__overlay\"><\/div>\n\t\t\t\t\t\t\t\t\t\t\t\t\t\t<\/div>\n\t\t\t\t\t\t\t<div class=\"e-gallery-item elementor-gallery-item elementor-animated-content\">\n\t\t\t\t\t<div class=\"e-gallery-image elementor-gallery-item__image\" data-thumbnail=\"https:\/\/www.portovenere.fr\/fr-fr\/wp-content\/uploads\/2025\/07\/Carrelage-fonce-type-pierre-ardoise-pour-sol-et-mur-en-gres-cerame-CINAMA-STONE-Slate-black-noir-magasin-pres-de-Palavas-34-150x150.jpg\" data-width=\"150\" data-height=\"150\" aria-label=\"\" role=\"img\" ><\/div>\n\t\t\t\t\t\t\t\t\t\t\t<div class=\"elementor-gallery-item__overlay\"><\/div>\n\t\t\t\t\t\t\t\t\t\t\t\t\t\t<\/div>\n\t\t\t\t\t\t\t<div class=\"e-gallery-item elementor-gallery-item elementor-animated-content\">\n\t\t\t\t\t<div class=\"e-gallery-image elementor-gallery-item__image\" data-thumbnail=\"https:\/\/www.portovenere.fr\/fr-fr\/wp-content\/uploads\/2025\/07\/Carrelage-clair-type-pierre-ardoise-pour-sol-et-mur-en-gres-cerame-CINAMA-STONE-Slate-white-magasin-pres-de-Gigean-34-150x150.jpg\" data-width=\"150\" data-height=\"150\" aria-label=\"\" role=\"img\" ><\/div>\n\t\t\t\t\t\t\t\t\t\t\t<div class=\"elementor-gallery-item__overlay\"><\/div>\n\t\t\t\t\t\t\t\t\t\t\t\t\t\t<\/div>\n\t\t\t\t\t\t\t<div class=\"e-gallery-item elementor-gallery-item elementor-animated-content\">\n\t\t\t\t\t<div class=\"e-gallery-image elementor-gallery-item__image\" data-thumbnail=\"https:\/\/www.portovenere.fr\/fr-fr\/wp-content\/uploads\/2025\/07\/Carrelage-clair-sable-type-pierre-ardoise-pour-sol-et-mur-en-gres-cerame-CINAMA-STONE-Sand-magasin-a-Montpellier-34-150x150.jpg\" data-width=\"150\" data-height=\"150\" aria-label=\"\" role=\"img\" ><\/div>\n\t\t\t\t\t\t\t\t\t\t\t<div class=\"elementor-gallery-item__overlay\"><\/div>\n\t\t\t\t\t\t\t\t\t\t\t\t\t\t<\/div>\n\t\t\t\t\t\t\t<div class=\"e-gallery-item elementor-gallery-item elementor-animated-content\">\n\t\t\t\t\t<div class=\"e-gallery-image elementor-gallery-item__image\" data-thumbnail=\"https:\/\/www.portovenere.fr\/fr-fr\/wp-content\/uploads\/2025\/07\/Carrelage-blanc-clair-type-pierre-ardoise-pour-sol-et-mur-en-gres-cerame-CINAMA-STONE-Superwhite-magasin-pres-de-Perols-34-150x150.jpg\" data-width=\"150\" data-height=\"150\" aria-label=\"\" role=\"img\" ><\/div>\n\t\t\t\t\t\t\t\t\t\t\t<div class=\"elementor-gallery-item__overlay\"><\/div>\n\t\t\t\t\t\t\t\t\t\t\t\t\t\t<\/div>\n\t\t\t\t\t<\/div>\n\t\t\t\t\t<\/div>\n\t\t\t\t<\/div>\n\t\t\t\t<div class=\"elementor-element elementor-element-1382928e elementor-widget elementor-widget-text-editor\" data-id=\"1382928e\" data-element_type=\"widget\" data-e-type=\"widget\" data-widget_type=\"text-editor.default\">\n\t\t\t\t<div class=\"elementor-widget-container\">\n\t\t\t\t\t\t\t\t\t<p data-start=\"74\" data-end=\"212\">Le carrelage effet pierre ardoise&nbsp;<strong data-start=\"100\" data-end=\"116\">CINAMA STONE<\/strong> en gr\u00e8s c\u00e9rame s\u2019adapte \u00e0 une pose <strong data-start=\"152\" data-end=\"172\">murale ou au sol<\/strong>, <strong data-start=\"174\" data-end=\"209\">en int\u00e9rieur comme en ext\u00e9rieur<\/strong>.<\/p>\n<p data-start=\"214\" data-end=\"417\">D\u00e9clin\u00e9 en <strong data-start=\"225\" data-end=\"252\">6 coloris effet ardoise<\/strong> \u2013 du super blanc \u00e0 l\u2019anthracite \u2013 il propose <strong data-start=\"298\" data-end=\"316\">deux finitions<\/strong> pour une continuit\u00e9 parfaite entre les espaces : <strong data-start=\"366\" data-end=\"381\">Naturel R10<\/strong> et <strong data-start=\"385\" data-end=\"414\">Technica antid\u00e9rapant R11<\/strong>.<\/p>\n<p data-start=\"419\" data-end=\"664\">Sa large gamme de <strong data-start=\"437\" data-end=\"461\">formats et mosa\u00efques<\/strong> permet de s&rsquo;int\u00e9grer \u00e0 tous les projets d\u2019am\u00e9nagement : <strong data-start=\"518\" data-end=\"584\">10&#215;30, 30&#215;60, 60&#215;60, 60&#215;120, 45&#215;90, 90&#215;90, 100&#215;100, 120&#215;120 cm<\/strong>, jusqu\u2019au <strong data-start=\"595\" data-end=\"622\">grand format 120&#215;278 cm<\/strong> en fine \u00e9paisseur <strong data-start=\"641\" data-end=\"661\">6,5 mm renforc\u00e9e<\/strong>.<\/p>\n<p data-start=\"666\" data-end=\"908\">L\u2019effet ardoise <strong data-start=\"682\" data-end=\"698\">CINAMA STONE<\/strong> est \u00e9galement propos\u00e9 en dalles antid\u00e9rapantes <strong data-start=\"746\" data-end=\"755\">20 mm<\/strong> pour l&rsquo;ext\u00e9rieur, id\u00e9ales pour une <strong data-start=\"791\" data-end=\"805\">pose \u00e0 sec<\/strong> (sur sable, herbe ou gravier), <strong data-start=\"837\" data-end=\"850\">sur plots<\/strong> ou <strong data-start=\"854\" data-end=\"864\">coll\u00e9e<\/strong> sur chape b\u00e9ton, en <strong data-start=\"885\" data-end=\"907\">60&#215;60 et 60&#215;120 cm<\/strong>.<\/p>\t\t\t\t\t\t\t\t<\/div>\n\t\t\t\t<\/div>\n\t\t\t\t<div class=\"elementor-element elementor-element-2eafb483 elementor-mobile-align-center elementor-align-left elementor-widget elementor-widget-button\" data-id=\"2eafb483\" data-element_type=\"widget\" data-e-type=\"widget\" data-widget_type=\"button.default\">\n\t\t\t\t<div class=\"elementor-widget-container\">\n\t\t\t\t\t\t\t\t\t<div class=\"elementor-button-wrapper\">\n\t\t\t\t\t<a class=\"elementor-button elementor-button-link elementor-size-sm\" href=\"https:\/\/www.portovenere.fr\/fr-fr\/carrelage-sol-et-mur-en-gres-cerame-et-faience\/carrelage-aspect-pierre\/carrelage-aspect-pierre-ardoise-cinama-stone\/\">\n\t\t\t\t\t\t<span class=\"elementor-button-content-wrapper\">\n\t\t\t\t\t\t\t\t\t<span class=\"elementor-button-text\">Voir la collection<\/span>\n\t\t\t\t\t<\/span>\n\t\t\t\t\t<\/a>\n\t\t\t\t<\/div>\n\t\t\t\t\t\t\t\t<\/div>\n\t\t\t\t<\/div>\n\t\t\t\t\t<\/div>\n\t\t<\/div>\n\t\t\t\t<div class=\"elementor-column elementor-col-33 elementor-top-column elementor-element elementor-element-746aae47\" data-id=\"746aae47\" data-element_type=\"column\" data-e-type=\"column\" data-settings=\"{&quot;background_background&quot;:&quot;classic&quot;}\">\n\t\t\t<div class=\"elementor-widget-wrap elementor-element-populated\">\n\t\t\t\t\t\t<div class=\"elementor-element elementor-element-43fff325 elementor-widget elementor-widget-image\" data-id=\"43fff325\" data-element_type=\"widget\" data-e-type=\"widget\" data-widget_type=\"image.default\">\n\t\t\t\t<div class=\"elementor-widget-container\">\n\t\t\t\t\t\t\t\t\t\t\t\t\t\t\t\t<a href=\"https:\/\/www.portovenere.fr\/fr-fr\/carrelage-sol-et-mur-en-gres-cerame-et-faience\/carrelage-aspect-marbre\/carrelage-aspect-marbre-grand-format-les-classiques\/\">\n\t\t\t\t\t\t\t<img decoding=\"async\" src=\"https:\/\/www.portovenere.fr\/fr-fr\/wp-content\/uploads\/elementor\/thumbs\/Carrelage-gr\u00e8s-c\u00e9rame-effet-marbre-blanc-gris-Statuario_Les_Classiques_grand-format-Sol-mus\u00e9e-r8ibq93kd3xgij97dl9chkrxmivi3jmbylff8milw8.jpg\" title=\"Carrelage-gr\u00e8s-c\u00e9rame-effet-marbre-blanc-gris-Statuario_Les_Classiques_grand-format-Sol-mus\u00e9e\" alt=\"Carrelage-gr\u00e8s-c\u00e9rame-effet-marbre-blanc-gris-Statuario_Les_Classiques_grand-format-Sol-mus\u00e9e\" loading=\"lazy\" \/>\t\t\t\t\t\t\t\t<\/a>\n\t\t\t\t\t\t\t\t\t\t\t\t\t\t\t<\/div>\n\t\t\t\t<\/div>\n\t\t\t\t<div class=\"elementor-element elementor-element-5cd56db2 elementor-widget elementor-widget-heading\" data-id=\"5cd56db2\" data-element_type=\"widget\" data-e-type=\"widget\" data-widget_type=\"heading.default\">\n\t\t\t\t<div class=\"elementor-widget-container\">\n\t\t\t\t\t<h3 class=\"elementor-heading-title elementor-size-default\"><a href=\"https:\/\/www.portovenere.fr\/fr-fr\/carrelage-sol-et-mur-en-gres-cerame-et-faience\/carrelage-aspect-marbre\/carrelage-aspect-marbre-grand-format-les-classiques\/\">LES CLASSIQUES | 3 coloris<\/a><\/h3>\t\t\t\t<\/div>\n\t\t\t\t<\/div>\n\t\t\t\t<div class=\"elementor-element elementor-element-3781bb34 elementor-widget__width-initial elementor-widget elementor-widget-gallery\" data-id=\"3781bb34\" data-element_type=\"widget\" data-e-type=\"widget\" data-settings=\"{&quot;gap&quot;:{&quot;unit&quot;:&quot;px&quot;,&quot;size&quot;:3,&quot;sizes&quot;:[]},&quot;columns_mobile&quot;:3,&quot;gap_mobile&quot;:{&quot;unit&quot;:&quot;px&quot;,&quot;size&quot;:6,&quot;sizes&quot;:[]},&quot;columns&quot;:5,&quot;columns_tablet&quot;:3,&quot;gap_tablet&quot;:{&quot;unit&quot;:&quot;px&quot;,&quot;size&quot;:5,&quot;sizes&quot;:[]},&quot;lazyload&quot;:&quot;yes&quot;,&quot;gallery_layout&quot;:&quot;grid&quot;,&quot;aspect_ratio&quot;:&quot;3:2&quot;,&quot;overlay_background&quot;:&quot;yes&quot;,&quot;content_hover_animation&quot;:&quot;fade-in&quot;}\" data-widget_type=\"gallery.default\">\n\t\t\t\t<div class=\"elementor-widget-container\">\n\t\t\t\t\t\t\t<div class=\"elementor-gallery__container\">\n\t\t\t\t\t\t\t<div class=\"e-gallery-item elementor-gallery-item elementor-animated-content\">\n\t\t\t\t\t<div class=\"e-gallery-image elementor-gallery-item__image\" data-thumbnail=\"https:\/\/www.portovenere.fr\/fr-fr\/wp-content\/uploads\/2019\/11\/Carrelage-aspect-marbre-Les-Classiques_Porto-Venere_D\u00e9cor-CHAIN-240x360-150x150.jpg\" data-width=\"150\" data-height=\"150\" aria-label=\"\" role=\"img\" ><\/div>\n\t\t\t\t\t\t\t\t\t\t\t<div class=\"elementor-gallery-item__overlay\"><\/div>\n\t\t\t\t\t\t\t\t\t\t\t\t\t\t<\/div>\n\t\t\t\t\t\t\t<div class=\"e-gallery-item elementor-gallery-item elementor-animated-content\">\n\t\t\t\t\t<div class=\"e-gallery-image elementor-gallery-item__image\" data-thumbnail=\"https:\/\/www.portovenere.fr\/fr-fr\/wp-content\/uploads\/2019\/11\/Carrelage-effet-marbre-noir-Les-Classiques_Porto-Venere_D\u00e9cor-CHAIN-240x360-150x150.jpg\" data-width=\"150\" data-height=\"150\" aria-label=\"\" role=\"img\" ><\/div>\n\t\t\t\t\t\t\t\t\t\t\t<div class=\"elementor-gallery-item__overlay\"><\/div>\n\t\t\t\t\t\t\t\t\t\t\t\t\t\t<\/div>\n\t\t\t\t\t\t\t<div class=\"e-gallery-item elementor-gallery-item elementor-animated-content\">\n\t\t\t\t\t<div class=\"e-gallery-image elementor-gallery-item__image\" data-thumbnail=\"https:\/\/www.portovenere.fr\/fr-fr\/wp-content\/uploads\/2019\/11\/Carrelage-effet-marbre-Les-Classiques_Porto-Venere_D\u00e9cor-CHAIN-240x360-150x150.jpg\" data-width=\"150\" data-height=\"150\" aria-label=\"\" role=\"img\" ><\/div>\n\t\t\t\t\t\t\t\t\t\t\t<div class=\"elementor-gallery-item__overlay\"><\/div>\n\t\t\t\t\t\t\t\t\t\t\t\t\t\t<\/div>\n\t\t\t\t\t<\/div>\n\t\t\t\t\t<\/div>\n\t\t\t\t<\/div>\n\t\t\t\t<div class=\"elementor-element elementor-element-7545b517 elementor-widget elementor-widget-text-editor\" data-id=\"7545b517\" data-element_type=\"widget\" data-e-type=\"widget\" data-widget_type=\"text-editor.default\">\n\t\t\t\t<div class=\"elementor-widget-container\">\n\t\t\t\t\t\t\t\t\t<p>La collection de<b>\u00a0carrelage aspect marbre<\/b>\u00a0Les Classiques est disponible en 3 coloris\u00a0raffin\u00e9s qui \u00e9voquent les atmosph\u00e8res \u00e9l\u00e9gantes des ann\u00e9es \u201850, revisit\u00e9es au go\u00fbt\u00a0du jour dans un\u00a0<b>style frais et surprenant<\/b>\u00a0: Calacatta Gold (blanc vein\u00e9 dor\u00e9e), Nero Marquinia (noir avec des veines blanches) et Statuario (marbre blanc vein\u00e9 gris identique au\u00a0<a href=\"https:\/\/fr.wikipedia.org\/wiki\/Marbre_de_Carrare\" target=\"_blank\" rel=\"noopener\"><b>marbre de Carrare<\/b><\/a>\u00a0utilis\u00e9 pour les statues).<\/p><p>\u00a0Un\u00a0<b>tr\u00e8s grand choix dans les formats<\/b>\u00a0est propos\u00e9 :<b>\u00a0120\u00d7280 cm, 120\u00d7240 cm, 120\u00d7120 cm<\/b>, 60\u00d7120 cm, 60\u00d760 cm et 30\u00d760 cm\u00a0\u2013 d\u00e9clin\u00e9 dans 2 finitions \u2013 Soft (adouci) et Glossy (brillant).<\/p><p>Des ingr\u00e9dients parfaits\u00a0<b>pour un projet sur mesure<\/b>,\u00a0tra\u00e7ant une nouvelle ligne de luxe, qui s\u2019exprime dans les<b>\u00a0lignes \u00e9l\u00e9gantes et fluides<\/b>\u00a0ainsi que\u00a0dans les\u00a0<b>contrastes de clair-obscur<\/b>.<\/p>\t\t\t\t\t\t\t\t<\/div>\n\t\t\t\t<\/div>\n\t\t\t\t<div class=\"elementor-element elementor-element-58db168d elementor-mobile-align-center elementor-align-left elementor-widget elementor-widget-button\" data-id=\"58db168d\" data-element_type=\"widget\" data-e-type=\"widget\" data-widget_type=\"button.default\">\n\t\t\t\t<div class=\"elementor-widget-container\">\n\t\t\t\t\t\t\t\t\t<div class=\"elementor-button-wrapper\">\n\t\t\t\t\t<a class=\"elementor-button elementor-button-link elementor-size-sm\" href=\"https:\/\/www.portovenere.fr\/fr-fr\/carrelage-sol-et-mur-en-gres-cerame-et-faience\/carrelage-aspect-marbre\/carrelage-aspect-marbre-grand-format-les-classiques\/\">\n\t\t\t\t\t\t<span class=\"elementor-button-content-wrapper\">\n\t\t\t\t\t\t\t\t\t<span class=\"elementor-button-text\">Voir la collection<\/span>\n\t\t\t\t\t<\/span>\n\t\t\t\t\t<\/a>\n\t\t\t\t<\/div>\n\t\t\t\t\t\t\t\t<\/div>\n\t\t\t\t<\/div>\n\t\t\t\t\t<\/div>\n\t\t<\/div>\n\t\t\t\t\t<\/div>\n\t\t<\/section>\n\t\t\t\t<section class=\"elementor-section elementor-top-section elementor-element elementor-element-985331c elementor-section-full_width elementor-section-height-default elementor-section-height-default\" data-id=\"985331c\" data-element_type=\"section\" data-e-type=\"section\" data-settings=\"{&quot;background_background&quot;:&quot;classic&quot;}\">\n\t\t\t\t\t\t<div class=\"elementor-container elementor-column-gap-default\">\n\t\t\t\t\t<div class=\"elementor-column elementor-col-33 elementor-top-column elementor-element elementor-element-34cb69c elementor-invisible\" data-id=\"34cb69c\" data-element_type=\"column\" data-e-type=\"column\" data-settings=\"{&quot;animation&quot;:&quot;fadeIn&quot;,&quot;background_background&quot;:&quot;classic&quot;}\">\n\t\t\t<div class=\"elementor-widget-wrap elementor-element-populated\">\n\t\t\t\t\t\t<div class=\"elementor-element elementor-element-5e7c653 elementor-skin-carousel elementor-widget elementor-widget-media-carousel\" data-id=\"5e7c653\" data-element_type=\"widget\" data-e-type=\"widget\" data-settings=\"{&quot;slides_per_view&quot;:&quot;1&quot;,&quot;slides_per_view_tablet&quot;:&quot;1&quot;,&quot;slides_to_scroll&quot;:&quot;1&quot;,&quot;slides_to_scroll_tablet&quot;:&quot;1&quot;,&quot;skin&quot;:&quot;carousel&quot;,&quot;effect&quot;:&quot;slide&quot;,&quot;speed&quot;:500,&quot;autoplay&quot;:&quot;yes&quot;,&quot;autoplay_speed&quot;:5000,&quot;loop&quot;:&quot;yes&quot;,&quot;pause_on_hover&quot;:&quot;yes&quot;,&quot;pause_on_interaction&quot;:&quot;yes&quot;,&quot;space_between&quot;:{&quot;unit&quot;:&quot;px&quot;,&quot;size&quot;:10,&quot;sizes&quot;:[]},&quot;space_between_tablet&quot;:{&quot;unit&quot;:&quot;px&quot;,&quot;size&quot;:10,&quot;sizes&quot;:[]},&quot;space_between_mobile&quot;:{&quot;unit&quot;:&quot;px&quot;,&quot;size&quot;:10,&quot;sizes&quot;:[]}}\" data-widget_type=\"media-carousel.default\">\n\t\t\t\t<div class=\"elementor-widget-container\">\n\t\t\t\t\t\t\t\t\t<div class=\"elementor-swiper\">\n\t\t\t\t\t<div class=\"elementor-main-swiper swiper\" role=\"region\" aria-roledescription=\"carousel\" aria-label=\"Diapositives\">\n\t\t\t\t<div class=\"swiper-wrapper\">\n\t\t\t\t\t\t\t\t\t\t\t<div class=\"swiper-slide\" role=\"group\" aria-roledescription=\"slide\">\n\t\t\t\t\t\t\t<a href=\"https:\/\/www.portovenere.fr\/fr-fr\/carrelage-sol-et-mur-en-gres-cerame-et-faience\/carrelage-imitation-parquet-aspect-bois\/carrelage-bois-effet-naturel-ou-scie-karban\/\">\t\t<div class=\"elementor-carousel-image\" role=\"img\" aria-label=\"Carrelage sol et mural effet bois naturel ou sci\u00e9 - S\u00e9rie KARBAN au magasin de carrelages et fa\u00efences salle de bains Porto Venere \u00e0 Montpellier 34\" style=\"background-image: url(&#039;https:\/\/www.portovenere.fr\/fr-fr\/wp-content\/uploads\/2026\/01\/Carrelage-effet-bois-naturel-et-antiderapant-KARBAN-coloris-Elm-pour-exterieur-et-interieur-Magasin-PORTO_VENERE_MONTPELLIER-pres-de-Saint-Gely-du-Fesc-34.jpg&#039;)\">\n\n\t\t\t\n\t\t\t\t\t<\/div>\n\t\t<\/a>\t\t\t\t\t\t<\/div>\n\t\t\t\t\t\t\t\t\t<\/div>\n\t\t\t\t\t\t\t<\/div>\n\t\t\t\t<\/div>\n\t\t\t\t\t\t\t\t<\/div>\n\t\t\t\t<\/div>\n\t\t\t\t<section class=\"elementor-section elementor-inner-section elementor-element elementor-element-876c7dd elementor-section-boxed elementor-section-height-default elementor-section-height-default elementor-invisible\" data-id=\"876c7dd\" data-element_type=\"section\" data-e-type=\"section\" data-settings=\"{&quot;background_background&quot;:&quot;classic&quot;,&quot;animation&quot;:&quot;fadeIn&quot;}\">\n\t\t\t\t\t\t<div class=\"elementor-container elementor-column-gap-default\">\n\t\t\t\t\t<div class=\"elementor-column elementor-col-100 elementor-inner-column elementor-element elementor-element-30ba75d\" data-id=\"30ba75d\" data-element_type=\"column\" data-e-type=\"column\">\n\t\t\t<div class=\"elementor-widget-wrap elementor-element-populated\">\n\t\t\t\t\t\t<div class=\"elementor-element elementor-element-1863a35 elementor-widget elementor-widget-heading\" data-id=\"1863a35\" data-element_type=\"widget\" data-e-type=\"widget\" data-widget_type=\"heading.default\">\n\t\t\t\t<div class=\"elementor-widget-container\">\n\t\t\t\t\t<h3 class=\"elementor-heading-title elementor-size-default\"><a href=\"https:\/\/www.portovenere.fr\/fr-fr\/carrelage-sol-et-mur-en-gres-cerame-et-faience\/carrelage-imitation-parquet-aspect-bois\/carrelage-bois-effet-naturel-ou-scie-karban\/\">KARBAN | 4 coloris - Naturel ou Sci\u00e9<\/a><\/h3>\t\t\t\t<\/div>\n\t\t\t\t<\/div>\n\t\t\t\t<div class=\"elementor-element elementor-element-20e57e1 elementor-widget__width-initial elementor-widget elementor-widget-gallery\" data-id=\"20e57e1\" data-element_type=\"widget\" data-e-type=\"widget\" data-settings=\"{&quot;gap&quot;:{&quot;unit&quot;:&quot;px&quot;,&quot;size&quot;:3,&quot;sizes&quot;:[]},&quot;columns_mobile&quot;:3,&quot;gap_mobile&quot;:{&quot;unit&quot;:&quot;px&quot;,&quot;size&quot;:6,&quot;sizes&quot;:[]},&quot;columns&quot;:5,&quot;columns_tablet&quot;:3,&quot;gap_tablet&quot;:{&quot;unit&quot;:&quot;px&quot;,&quot;size&quot;:5,&quot;sizes&quot;:[]},&quot;lazyload&quot;:&quot;yes&quot;,&quot;gallery_layout&quot;:&quot;grid&quot;,&quot;link_to&quot;:&quot;file&quot;,&quot;aspect_ratio&quot;:&quot;3:2&quot;,&quot;overlay_background&quot;:&quot;yes&quot;,&quot;content_hover_animation&quot;:&quot;fade-in&quot;}\" data-widget_type=\"gallery.default\">\n\t\t\t\t<div class=\"elementor-widget-container\">\n\t\t\t\t\t\t\t<div class=\"elementor-gallery__container\">\n\t\t\t\t\t\t\t<a class=\"e-gallery-item elementor-gallery-item elementor-animated-content\" href=\"https:\/\/www.portovenere.fr\/fr-fr\/wp-content\/uploads\/2026\/01\/Carrelage-haut-de-gamme-effet-bois-finition-naturelle-ou-sciee-KARBAN-coloris-Walnut-scie-Magasin-PORTO_VENERE_MONTPELLIER-pres-de-Palavas-34.jpg\" data-elementor-open-lightbox=\"yes\" data-elementor-lightbox-slideshow=\"20e57e1\" data-elementor-lightbox-title=\"Carrelage-haut-de-gamme-effet-bois-finition-naturelle-ou-sci\u00e9e-KARBAN-coloris-Walnut-sci\u00e9-Magasin-PORTO_VENERE_MONTPELLIER-pr\u00e8s-de-Palavas-34\" data-e-action-hash=\"#elementor-action%3Aaction%3Dlightbox%26settings%3DeyJpZCI6NjkyMTAsInVybCI6Imh0dHBzOlwvXC93d3cucG9ydG92ZW5lcmUuZnJcL2ZyLWZyXC93cC1jb250ZW50XC91cGxvYWRzXC8yMDI2XC8wMVwvQ2FycmVsYWdlLWhhdXQtZGUtZ2FtbWUtZWZmZXQtYm9pcy1maW5pdGlvbi1uYXR1cmVsbGUtb3Utc2NpZWUtS0FSQkFOLWNvbG9yaXMtV2FsbnV0LXNjaWUtTWFnYXNpbi1QT1JUT19WRU5FUkVfTU9OVFBFTExJRVItcHJlcy1kZS1QYWxhdmFzLTM0LmpwZyIsInNsaWRlc2hvdyI6IjIwZTU3ZTEifQ%3D%3D\">\n\t\t\t\t\t<div class=\"e-gallery-image elementor-gallery-item__image\" data-thumbnail=\"https:\/\/www.portovenere.fr\/fr-fr\/wp-content\/uploads\/2026\/01\/Carrelage-haut-de-gamme-effet-bois-finition-naturelle-ou-sciee-KARBAN-coloris-Walnut-scie-Magasin-PORTO_VENERE_MONTPELLIER-pres-de-Palavas-34-150x150.jpg\" data-width=\"150\" data-height=\"150\" aria-label=\"Carrelage effet bois naturel ou sci\u00e9 - S\u00e9rie KARBAN au magasin de carrelages et fa\u00efences salle de bains Porto Venere \u00e0 Montpellier 34\" role=\"img\" ><\/div>\n\t\t\t\t\t\t\t\t\t\t\t<div class=\"elementor-gallery-item__overlay\"><\/div>\n\t\t\t\t\t\t\t\t\t\t\t\t\t\t<\/a>\n\t\t\t\t\t\t\t<a class=\"e-gallery-item elementor-gallery-item elementor-animated-content\" href=\"https:\/\/www.portovenere.fr\/fr-fr\/wp-content\/uploads\/2026\/01\/Carrelage-haut-de-gamme-effet-bois-finition-naturelle-ou-sciee-KARBAN-coloris-Oak-Saw-scie-Magasin-PORTO_VENERE_MONTPELLIER-pres-de-Castries-34.jpg\" data-elementor-open-lightbox=\"yes\" data-elementor-lightbox-slideshow=\"20e57e1\" data-elementor-lightbox-title=\"Carrelage-haut-de-gamme-effet-bois-finition-naturelle-ou-sci\u00e9e-KARBAN-coloris-Oak-Saw-sci\u00e9-Magasin-PORTO_VENERE_MONTPELLIER-pr\u00e8s-de-Castries-34\" data-e-action-hash=\"#elementor-action%3Aaction%3Dlightbox%26settings%3DeyJpZCI6NjkyMDksInVybCI6Imh0dHBzOlwvXC93d3cucG9ydG92ZW5lcmUuZnJcL2ZyLWZyXC93cC1jb250ZW50XC91cGxvYWRzXC8yMDI2XC8wMVwvQ2FycmVsYWdlLWhhdXQtZGUtZ2FtbWUtZWZmZXQtYm9pcy1maW5pdGlvbi1uYXR1cmVsbGUtb3Utc2NpZWUtS0FSQkFOLWNvbG9yaXMtT2FrLVNhdy1zY2llLU1hZ2FzaW4tUE9SVE9fVkVORVJFX01PTlRQRUxMSUVSLXByZXMtZGUtQ2FzdHJpZXMtMzQuanBnIiwic2xpZGVzaG93IjoiMjBlNTdlMSJ9\">\n\t\t\t\t\t<div class=\"e-gallery-image elementor-gallery-item__image\" data-thumbnail=\"https:\/\/www.portovenere.fr\/fr-fr\/wp-content\/uploads\/2026\/01\/Carrelage-haut-de-gamme-effet-bois-finition-naturelle-ou-sciee-KARBAN-coloris-Oak-Saw-scie-Magasin-PORTO_VENERE_MONTPELLIER-pres-de-Castries-34-150x150.jpg\" data-width=\"150\" data-height=\"150\" aria-label=\"Carrelage effet bois naturel ou sci\u00e9 - S\u00e9rie KARBAN au magasin de carrelages et fa\u00efences salle de bains Porto Venere \u00e0 Montpellier 34\" role=\"img\" ><\/div>\n\t\t\t\t\t\t\t\t\t\t\t<div class=\"elementor-gallery-item__overlay\"><\/div>\n\t\t\t\t\t\t\t\t\t\t\t\t\t\t<\/a>\n\t\t\t\t\t\t\t<a class=\"e-gallery-item elementor-gallery-item elementor-animated-content\" href=\"https:\/\/www.portovenere.fr\/fr-fr\/wp-content\/uploads\/2026\/01\/Carrelage-haut-de-gamme-effet-bois-finition-naturelle-ou-sciee-KARBAN-coloris-Ash-scie-Magasin-PORTO_VENERE_MONTPELLIER-pres-de-Perols-34.jpg\" data-elementor-open-lightbox=\"yes\" data-elementor-lightbox-slideshow=\"20e57e1\" data-elementor-lightbox-title=\"Carrelage-haut-de-gamme-effet-bois-finition-naturelle-ou-sci\u00e9e-KARBAN-coloris-Ash-sci\u00e9-Magasin-PORTO_VENERE_MONTPELLIER-pr\u00e8s-de-P\u00e9rols-34\" data-e-action-hash=\"#elementor-action%3Aaction%3Dlightbox%26settings%3DeyJpZCI6NjkyMDgsInVybCI6Imh0dHBzOlwvXC93d3cucG9ydG92ZW5lcmUuZnJcL2ZyLWZyXC93cC1jb250ZW50XC91cGxvYWRzXC8yMDI2XC8wMVwvQ2FycmVsYWdlLWhhdXQtZGUtZ2FtbWUtZWZmZXQtYm9pcy1maW5pdGlvbi1uYXR1cmVsbGUtb3Utc2NpZWUtS0FSQkFOLWNvbG9yaXMtQXNoLXNjaWUtTWFnYXNpbi1QT1JUT19WRU5FUkVfTU9OVFBFTExJRVItcHJlcy1kZS1QZXJvbHMtMzQuanBnIiwic2xpZGVzaG93IjoiMjBlNTdlMSJ9\">\n\t\t\t\t\t<div class=\"e-gallery-image elementor-gallery-item__image\" data-thumbnail=\"https:\/\/www.portovenere.fr\/fr-fr\/wp-content\/uploads\/2026\/01\/Carrelage-haut-de-gamme-effet-bois-finition-naturelle-ou-sciee-KARBAN-coloris-Ash-scie-Magasin-PORTO_VENERE_MONTPELLIER-pres-de-Perols-34-150x150.jpg\" data-width=\"150\" data-height=\"150\" aria-label=\"Carrelage effet bois naturel ou sci\u00e9 - S\u00e9rie KARBAN au magasin de carrelages et fa\u00efences salle de bains Porto Venere \u00e0 Montpellier 34\" role=\"img\" ><\/div>\n\t\t\t\t\t\t\t\t\t\t\t<div class=\"elementor-gallery-item__overlay\"><\/div>\n\t\t\t\t\t\t\t\t\t\t\t\t\t\t<\/a>\n\t\t\t\t\t\t\t<a class=\"e-gallery-item elementor-gallery-item elementor-animated-content\" href=\"https:\/\/www.portovenere.fr\/fr-fr\/wp-content\/uploads\/2026\/01\/Carrelage-haut-de-gamme-effet-bois-clair-finition-naturelle-ou-sciee-KARBAN-coloris-Elm-scie-Magasin-PORTO_VENERE_MONTPELLIER-pres-de-Sete-34.jpg\" data-elementor-open-lightbox=\"yes\" data-elementor-lightbox-slideshow=\"20e57e1\" data-elementor-lightbox-title=\"Carrelage-haut-de-gamme-effet-bois-clair-finition-naturelle-ou-sci\u00e9e-KARBAN-coloris-Elm-sci\u00e9-Magasin-PORTO_VENERE_MONTPELLIER-pr\u00e8s-de-S\u00e8te-34\" data-e-action-hash=\"#elementor-action%3Aaction%3Dlightbox%26settings%3DeyJpZCI6NjkyMDcsInVybCI6Imh0dHBzOlwvXC93d3cucG9ydG92ZW5lcmUuZnJcL2ZyLWZyXC93cC1jb250ZW50XC91cGxvYWRzXC8yMDI2XC8wMVwvQ2FycmVsYWdlLWhhdXQtZGUtZ2FtbWUtZWZmZXQtYm9pcy1jbGFpci1maW5pdGlvbi1uYXR1cmVsbGUtb3Utc2NpZWUtS0FSQkFOLWNvbG9yaXMtRWxtLXNjaWUtTWFnYXNpbi1QT1JUT19WRU5FUkVfTU9OVFBFTExJRVItcHJlcy1kZS1TZXRlLTM0LmpwZyIsInNsaWRlc2hvdyI6IjIwZTU3ZTEifQ%3D%3D\">\n\t\t\t\t\t<div class=\"e-gallery-image elementor-gallery-item__image\" data-thumbnail=\"https:\/\/www.portovenere.fr\/fr-fr\/wp-content\/uploads\/2026\/01\/Carrelage-haut-de-gamme-effet-bois-clair-finition-naturelle-ou-sciee-KARBAN-coloris-Elm-scie-Magasin-PORTO_VENERE_MONTPELLIER-pres-de-Sete-34-150x150.jpg\" data-width=\"150\" data-height=\"150\" aria-label=\"Carrelage effet bois naturel ou sci\u00e9 - S\u00e9rie KARBAN au magasin de carrelages et fa\u00efences salle de bains Porto Venere \u00e0 Montpellier 34\" role=\"img\" ><\/div>\n\t\t\t\t\t\t\t\t\t\t\t<div class=\"elementor-gallery-item__overlay\"><\/div>\n\t\t\t\t\t\t\t\t\t\t\t\t\t\t<\/a>\n\t\t\t\t\t\t\t<a class=\"e-gallery-item elementor-gallery-item elementor-animated-content\" href=\"https:\/\/www.portovenere.fr\/fr-fr\/wp-content\/uploads\/2026\/01\/Carrelage-haut-de-gamme-effet-bois-finition-naturelle-ou-sciee-KARBAN-coloris-Walnut-Magasin-PORTO_VENERE_MONTPELLIER-pres-de-Juvignac-34.jpg\" data-elementor-open-lightbox=\"yes\" data-elementor-lightbox-slideshow=\"20e57e1\" data-elementor-lightbox-title=\"Carrelage-haut-de-gamme-effet-bois-finition-naturelle-ou-sci\u00e9e-KARBAN-coloris-Walnut-Magasin-PORTO_VENERE_MONTPELLIER-pr\u00e8s-de-Juvignac-34\" data-e-action-hash=\"#elementor-action%3Aaction%3Dlightbox%26settings%3DeyJpZCI6NjkyMDYsInVybCI6Imh0dHBzOlwvXC93d3cucG9ydG92ZW5lcmUuZnJcL2ZyLWZyXC93cC1jb250ZW50XC91cGxvYWRzXC8yMDI2XC8wMVwvQ2FycmVsYWdlLWhhdXQtZGUtZ2FtbWUtZWZmZXQtYm9pcy1maW5pdGlvbi1uYXR1cmVsbGUtb3Utc2NpZWUtS0FSQkFOLWNvbG9yaXMtV2FsbnV0LU1hZ2FzaW4tUE9SVE9fVkVORVJFX01PTlRQRUxMSUVSLXByZXMtZGUtSnV2aWduYWMtMzQuanBnIiwic2xpZGVzaG93IjoiMjBlNTdlMSJ9\">\n\t\t\t\t\t<div class=\"e-gallery-image elementor-gallery-item__image\" data-thumbnail=\"https:\/\/www.portovenere.fr\/fr-fr\/wp-content\/uploads\/2026\/01\/Carrelage-haut-de-gamme-effet-bois-finition-naturelle-ou-sciee-KARBAN-coloris-Walnut-Magasin-PORTO_VENERE_MONTPELLIER-pres-de-Juvignac-34-150x150.jpg\" data-width=\"150\" data-height=\"150\" aria-label=\"Carrelage effet bois naturel ou sci\u00e9 - S\u00e9rie KARBAN au magasin de carrelages et fa\u00efences salle de bains Porto Venere \u00e0 Montpellier 34\" role=\"img\" ><\/div>\n\t\t\t\t\t\t\t\t\t\t\t<div class=\"elementor-gallery-item__overlay\"><\/div>\n\t\t\t\t\t\t\t\t\t\t\t\t\t\t<\/a>\n\t\t\t\t\t\t\t<a class=\"e-gallery-item elementor-gallery-item elementor-animated-content\" href=\"https:\/\/www.portovenere.fr\/fr-fr\/wp-content\/uploads\/2026\/01\/Carrelage-haut-de-gamme-effet-bois-finition-naturelle-ou-sciee-KARBAN-coloris-Oak-Magasin-PORTO_VENERE_MONTPELLIER-pres-de-Frontignan-34.jpg\" data-elementor-open-lightbox=\"yes\" data-elementor-lightbox-slideshow=\"20e57e1\" data-elementor-lightbox-title=\"Carrelage-haut-de-gamme-effet-bois-finition-naturelle-ou-sci\u00e9e-KARBAN-coloris-Oak-Magasin-PORTO_VENERE_MONTPELLIER-pr\u00e8s-de-Frontignan-34\" data-e-action-hash=\"#elementor-action%3Aaction%3Dlightbox%26settings%3DeyJpZCI6NjkyMDUsInVybCI6Imh0dHBzOlwvXC93d3cucG9ydG92ZW5lcmUuZnJcL2ZyLWZyXC93cC1jb250ZW50XC91cGxvYWRzXC8yMDI2XC8wMVwvQ2FycmVsYWdlLWhhdXQtZGUtZ2FtbWUtZWZmZXQtYm9pcy1maW5pdGlvbi1uYXR1cmVsbGUtb3Utc2NpZWUtS0FSQkFOLWNvbG9yaXMtT2FrLU1hZ2FzaW4tUE9SVE9fVkVORVJFX01PTlRQRUxMSUVSLXByZXMtZGUtRnJvbnRpZ25hbi0zNC5qcGciLCJzbGlkZXNob3ciOiIyMGU1N2UxIn0%3D\">\n\t\t\t\t\t<div class=\"e-gallery-image elementor-gallery-item__image\" data-thumbnail=\"https:\/\/www.portovenere.fr\/fr-fr\/wp-content\/uploads\/2026\/01\/Carrelage-haut-de-gamme-effet-bois-finition-naturelle-ou-sciee-KARBAN-coloris-Oak-Magasin-PORTO_VENERE_MONTPELLIER-pres-de-Frontignan-34-150x150.jpg\" data-width=\"150\" data-height=\"150\" aria-label=\"Carrelage effet bois naturel ou sci\u00e9 - S\u00e9rie KARBAN au magasin de carrelages et fa\u00efences salle de bains Porto Venere \u00e0 Montpellier 34\" role=\"img\" ><\/div>\n\t\t\t\t\t\t\t\t\t\t\t<div class=\"elementor-gallery-item__overlay\"><\/div>\n\t\t\t\t\t\t\t\t\t\t\t\t\t\t<\/a>\n\t\t\t\t\t\t\t<a class=\"e-gallery-item elementor-gallery-item elementor-animated-content\" href=\"https:\/\/www.portovenere.fr\/fr-fr\/wp-content\/uploads\/2026\/01\/Carrelage-haut-de-gamme-effet-bois-finition-naturelle-ou-sciee-KARBAN-coloris-Elm-Magasin-PORTO_VENERE_MONTPELLIER-pres-de-Saint-Aunes-34.jpg\" data-elementor-open-lightbox=\"yes\" data-elementor-lightbox-slideshow=\"20e57e1\" data-elementor-lightbox-title=\"Carrelage-haut-de-gamme-effet-bois-finition-naturelle-ou-sci\u00e9e-KARBAN-coloris-Elm-Magasin-PORTO_VENERE_MONTPELLIER-pr\u00e8s-de-Saint-Aun\u00e8s-34\" data-e-action-hash=\"#elementor-action%3Aaction%3Dlightbox%26settings%3DeyJpZCI6NjkyMDQsInVybCI6Imh0dHBzOlwvXC93d3cucG9ydG92ZW5lcmUuZnJcL2ZyLWZyXC93cC1jb250ZW50XC91cGxvYWRzXC8yMDI2XC8wMVwvQ2FycmVsYWdlLWhhdXQtZGUtZ2FtbWUtZWZmZXQtYm9pcy1maW5pdGlvbi1uYXR1cmVsbGUtb3Utc2NpZWUtS0FSQkFOLWNvbG9yaXMtRWxtLU1hZ2FzaW4tUE9SVE9fVkVORVJFX01PTlRQRUxMSUVSLXByZXMtZGUtU2FpbnQtQXVuZXMtMzQuanBnIiwic2xpZGVzaG93IjoiMjBlNTdlMSJ9\">\n\t\t\t\t\t<div class=\"e-gallery-image elementor-gallery-item__image\" data-thumbnail=\"https:\/\/www.portovenere.fr\/fr-fr\/wp-content\/uploads\/2026\/01\/Carrelage-haut-de-gamme-effet-bois-finition-naturelle-ou-sciee-KARBAN-coloris-Elm-Magasin-PORTO_VENERE_MONTPELLIER-pres-de-Saint-Aunes-34-150x150.jpg\" data-width=\"150\" data-height=\"150\" aria-label=\"Carrelage effet bois naturel ou sci\u00e9 - S\u00e9rie KARBAN au magasin de carrelages et fa\u00efences salle de bains Porto Venere \u00e0 Montpellier 34\" role=\"img\" ><\/div>\n\t\t\t\t\t\t\t\t\t\t\t<div class=\"elementor-gallery-item__overlay\"><\/div>\n\t\t\t\t\t\t\t\t\t\t\t\t\t\t<\/a>\n\t\t\t\t\t\t\t<a class=\"e-gallery-item elementor-gallery-item elementor-animated-content\" href=\"https:\/\/www.portovenere.fr\/fr-fr\/wp-content\/uploads\/2026\/01\/Carrelage-haut-de-gamme-effet-bois-finition-naturelle-ou-sciee-KARBAN-coloris-Ash-Magasin-PORTO_VENERE_MONTPELLIER-pres-de-Mauguio-34.jpg\" data-elementor-open-lightbox=\"yes\" data-elementor-lightbox-slideshow=\"20e57e1\" data-elementor-lightbox-title=\"Carrelage-haut-de-gamme-effet-bois-finition-naturelle-ou-sci\u00e9e-KARBAN-coloris-Ash-Magasin-PORTO_VENERE_MONTPELLIER-pr\u00e8s-de-Mauguio-34\" data-e-action-hash=\"#elementor-action%3Aaction%3Dlightbox%26settings%3DeyJpZCI6NjkyMDIsInVybCI6Imh0dHBzOlwvXC93d3cucG9ydG92ZW5lcmUuZnJcL2ZyLWZyXC93cC1jb250ZW50XC91cGxvYWRzXC8yMDI2XC8wMVwvQ2FycmVsYWdlLWhhdXQtZGUtZ2FtbWUtZWZmZXQtYm9pcy1maW5pdGlvbi1uYXR1cmVsbGUtb3Utc2NpZWUtS0FSQkFOLWNvbG9yaXMtQXNoLU1hZ2FzaW4tUE9SVE9fVkVORVJFX01PTlRQRUxMSUVSLXByZXMtZGUtTWF1Z3Vpby0zNC5qcGciLCJzbGlkZXNob3ciOiIyMGU1N2UxIn0%3D\">\n\t\t\t\t\t<div class=\"e-gallery-image elementor-gallery-item__image\" data-thumbnail=\"https:\/\/www.portovenere.fr\/fr-fr\/wp-content\/uploads\/2026\/01\/Carrelage-haut-de-gamme-effet-bois-finition-naturelle-ou-sciee-KARBAN-coloris-Ash-Magasin-PORTO_VENERE_MONTPELLIER-pres-de-Mauguio-34-150x150.jpg\" data-width=\"150\" data-height=\"150\" aria-label=\"Carrelage effet bois naturel ou sci\u00e9 - S\u00e9rie KARBAN au magasin de carrelages et fa\u00efences salle de bains Porto Venere \u00e0 Montpellier 34\" role=\"img\" ><\/div>\n\t\t\t\t\t\t\t\t\t\t\t<div class=\"elementor-gallery-item__overlay\"><\/div>\n\t\t\t\t\t\t\t\t\t\t\t\t\t\t<\/a>\n\t\t\t\t\t\t\t<a class=\"e-gallery-item elementor-gallery-item elementor-animated-content\" href=\"https:\/\/www.portovenere.fr\/fr-fr\/wp-content\/uploads\/2026\/01\/Carrelage-sol-mur-effet-bois-karban-finition-mosaique-batons-STICK-30x30-cm-KARBAN-coloris-ELM-Magasin-PORTO-VENERE-pres-de-Vendargues-34.jpg\" data-elementor-open-lightbox=\"yes\" data-elementor-lightbox-slideshow=\"20e57e1\" data-elementor-lightbox-title=\"Carrelage-sol-mur-effet-bois-karban-finition-mosa\u00efque-b\u00e2tons-STICK-30x30-cm-KARBAN-coloris-ELM-Magasin-PORTO-VENERE-pr\u00e8s-de-Vendargues-34\" data-e-action-hash=\"#elementor-action%3Aaction%3Dlightbox%26settings%3DeyJpZCI6NjkyMTEsInVybCI6Imh0dHBzOlwvXC93d3cucG9ydG92ZW5lcmUuZnJcL2ZyLWZyXC93cC1jb250ZW50XC91cGxvYWRzXC8yMDI2XC8wMVwvQ2FycmVsYWdlLXNvbC1tdXItZWZmZXQtYm9pcy1rYXJiYW4tZmluaXRpb24tbW9zYWlxdWUtYmF0b25zLVNUSUNLLTMweDMwLWNtLUtBUkJBTi1jb2xvcmlzLUVMTS1NYWdhc2luLVBPUlRPLVZFTkVSRS1wcmVzLWRlLVZlbmRhcmd1ZXMtMzQuanBnIiwic2xpZGVzaG93IjoiMjBlNTdlMSJ9\">\n\t\t\t\t\t<div class=\"e-gallery-image elementor-gallery-item__image\" data-thumbnail=\"https:\/\/www.portovenere.fr\/fr-fr\/wp-content\/uploads\/2026\/01\/Carrelage-sol-mur-effet-bois-karban-finition-mosaique-batons-STICK-30x30-cm-KARBAN-coloris-ELM-Magasin-PORTO-VENERE-pres-de-Vendargues-34-150x150.jpg\" data-width=\"150\" data-height=\"150\" aria-label=\"Carrelage effet bois en b\u00e2tons mosa\u00efque STICK 30x30 cm - S\u00e9rie KARBAN au magasin de carrelages et fa\u00efences salle de bains Porto Venere \u00e0 Montpellier 34\" role=\"img\" ><\/div>\n\t\t\t\t\t\t\t\t\t\t\t<div class=\"elementor-gallery-item__overlay\"><\/div>\n\t\t\t\t\t\t\t\t\t\t\t\t\t\t<\/a>\n\t\t\t\t\t<\/div>\n\t\t\t\t\t<\/div>\n\t\t\t\t<\/div>\n\t\t\t\t<div class=\"elementor-element elementor-element-f1d4e39 elementor-widget elementor-widget-text-editor\" data-id=\"f1d4e39\" data-element_type=\"widget\" data-e-type=\"widget\" data-widget_type=\"text-editor.default\">\n\t\t\t\t<div class=\"elementor-widget-container\">\n\t\t\t\t\t\t\t\t\t<p data-start=\"1902\" data-end=\"2158\">La collection <span data-start=\"1916\" data-end=\"1926\"><b>KARBAN<\/b><\/span> r\u00e9invente le <b>carrelage effet bois<\/b> avec un rendu chaleureux, brut et tr\u00e8s naturel. Inspir\u00e9e de <b>quatre essences<\/b> \u2013 <strong data-start=\"2039\" data-end=\"2066\">Elm, Oak, Ash et Walnut<\/strong> \u2013 elle joue sur les nuances, les veines et les irr\u00e9gularit\u00e9s pour un r\u00e9sultat plein de vie.<\/p>\n<p data-start=\"2160\" data-end=\"2427\">Disponible en<b> <span data-start=\"2174\" data-end=\"2187\">20&#215;120 cm<\/span>, <span data-start=\"2189\" data-end=\"2202\">30&#215;120 cm<\/span> et <span data-start=\"2206\" data-end=\"2225\">XXL 26,5&#215;180 cm<\/span>,<\/b> elle se d\u00e9cline en finitions <span data-start=\"2256\" data-end=\"2269\" style=\"font-weight: bold;\">naturelle<\/span><b>, <\/b><span data-start=\"2271\" data-end=\"2285\" style=\"font-weight: bold;\">Soft Touch<\/span> et <span data-start=\"2289\" data-end=\"2306\" style=\"\">antid\u00e9rapante<\/span>.<br data-start=\"2307\" data-end=\"2310\">Pour l\u2019ext\u00e9rieur, des <span data-start=\"2332\" data-end=\"2361\">dalles 20 mm en 30&#215;120 cm<\/span> permettent une pose sur plots pour terrasses et tours de piscine.<\/p>\n<p data-start=\"2429\" data-end=\"2551\">KARBAN s\u2019utilise au<b> sol comme au mur<\/b>, en <b>int\u00e9rieur comme en ext\u00e9rieur<\/b>, avec toute la beaut\u00e9 du bois\u2026 sans ses contraintes.<\/p>\t\t\t\t\t\t\t\t<\/div>\n\t\t\t\t<\/div>\n\t\t\t\t\t<\/div>\n\t\t<\/div>\n\t\t\t\t\t<\/div>\n\t\t<\/section>\n\t\t\t\t<div class=\"elementor-element elementor-element-81483ea elementor-mobile-align-center elementor-widget elementor-widget-button\" data-id=\"81483ea\" data-element_type=\"widget\" data-e-type=\"widget\" data-widget_type=\"button.default\">\n\t\t\t\t<div class=\"elementor-widget-container\">\n\t\t\t\t\t\t\t\t\t<div class=\"elementor-button-wrapper\">\n\t\t\t\t\t<a class=\"elementor-button elementor-button-link elementor-size-sm\" href=\"https:\/\/www.portovenere.fr\/fr-fr\/carrelage-sol-et-mur-en-gres-cerame-et-faience\/carrelage-imitation-parquet-aspect-bois\/carrelage-bois-effet-naturel-ou-scie-karban\/\">\n\t\t\t\t\t\t<span class=\"elementor-button-content-wrapper\">\n\t\t\t\t\t\t\t\t\t<span class=\"elementor-button-text\">Voir la collection<\/span>\n\t\t\t\t\t<\/span>\n\t\t\t\t\t<\/a>\n\t\t\t\t<\/div>\n\t\t\t\t\t\t\t\t<\/div>\n\t\t\t\t<\/div>\n\t\t\t\t\t<\/div>\n\t\t<\/div>\n\t\t\t\t<div class=\"elementor-column elementor-col-33 elementor-top-column elementor-element elementor-element-78ab658c elementor-invisible\" data-id=\"78ab658c\" data-element_type=\"column\" data-e-type=\"column\" data-settings=\"{&quot;animation&quot;:&quot;fadeIn&quot;,&quot;background_background&quot;:&quot;classic&quot;}\">\n\t\t\t<div class=\"elementor-widget-wrap elementor-element-populated\">\n\t\t\t\t\t\t<div class=\"elementor-element elementor-element-34870c40 elementor-widget elementor-widget-image\" data-id=\"34870c40\" data-element_type=\"widget\" data-e-type=\"widget\" data-widget_type=\"image.default\">\n\t\t\t\t<div class=\"elementor-widget-container\">\n\t\t\t\t\t\t\t\t\t\t\t\t\t\t\t\t<a href=\"https:\/\/www.portovenere.fr\/fr-fr\/carrelage-sol-et-mur-en-gres-cerame-et-faience\/carrelage-contemporain-et-design\/carrelage-sol-et-mur-effet-beton-colore-haze\/\">\n\t\t\t\t\t\t\t<img decoding=\"async\" src=\"https:\/\/www.portovenere.fr\/fr-fr\/wp-content\/uploads\/elementor\/thumbs\/Salle-de-bains-carrelage-mural-decor-vert-nature-maxi-carreaux-120x280-cm-fine-epaisseur-HAZE-decor-Botanica-Cipria-pres-de-Mireval-34-r8ig5nk6wykcckc0hlhd0jcaaq5rmjso5d7il9to9k.jpg\" title=\"Salle-de-bains-carrelage-mural-d\u00e9cor-vert-nature-maxi-carreaux-120&#215;280-cm-fine-\u00e9paisseur-HAZE-d\u00e9cor-Botanica-Cipria-pr\u00e8s-de-Mireval-34\" alt=\"D\u00e9cor XXL Botanica Cipria A+B soit 240x280 cm\" loading=\"lazy\" \/>\t\t\t\t\t\t\t\t<\/a>\n\t\t\t\t\t\t\t\t\t\t\t\t\t\t\t<\/div>\n\t\t\t\t<\/div>\n\t\t\t\t<div class=\"elementor-element elementor-element-748824b4 elementor-widget elementor-widget-heading\" data-id=\"748824b4\" data-element_type=\"widget\" data-e-type=\"widget\" data-widget_type=\"heading.default\">\n\t\t\t\t<div class=\"elementor-widget-container\">\n\t\t\t\t\t<h3 class=\"elementor-heading-title elementor-size-default\"><a href=\"https:\/\/www.portovenere.fr\/fr-fr\/carrelage-sol-et-mur-en-gres-cerame-et-faience\/carrelage-contemporain-et-design\/carrelage-sol-et-mur-effet-beton-colore-haze\/\">HAZE | 14 coloris &amp; d\u00e9cors<\/a><\/h3>\t\t\t\t<\/div>\n\t\t\t\t<\/div>\n\t\t\t\t<div class=\"elementor-element elementor-element-68ab9a23 elementor-widget__width-initial elementor-widget elementor-widget-gallery\" data-id=\"68ab9a23\" data-element_type=\"widget\" data-e-type=\"widget\" data-settings=\"{&quot;gap&quot;:{&quot;unit&quot;:&quot;px&quot;,&quot;size&quot;:3,&quot;sizes&quot;:[]},&quot;columns_mobile&quot;:3,&quot;gap_mobile&quot;:{&quot;unit&quot;:&quot;px&quot;,&quot;size&quot;:6,&quot;sizes&quot;:[]},&quot;columns&quot;:5,&quot;columns_tablet&quot;:3,&quot;gap_tablet&quot;:{&quot;unit&quot;:&quot;px&quot;,&quot;size&quot;:5,&quot;sizes&quot;:[]},&quot;lazyload&quot;:&quot;yes&quot;,&quot;gallery_layout&quot;:&quot;grid&quot;,&quot;aspect_ratio&quot;:&quot;3:2&quot;,&quot;overlay_background&quot;:&quot;yes&quot;,&quot;content_hover_animation&quot;:&quot;fade-in&quot;}\" data-widget_type=\"gallery.default\">\n\t\t\t\t<div class=\"elementor-widget-container\">\n\t\t\t\t\t\t\t<div class=\"elementor-gallery__container\">\n\t\t\t\t\t\t\t<div class=\"e-gallery-item elementor-gallery-item elementor-animated-content\">\n\t\t\t\t\t<div class=\"e-gallery-image elementor-gallery-item__image\" data-thumbnail=\"https:\/\/www.portovenere.fr\/fr-fr\/wp-content\/uploads\/2025\/05\/Carrelage-colore-effet-beton-lisse-bleu-nombreux-coloris-HAZE-Cielo-magasin-carrelage-interieur-exterieur-Porto-Venere-pres-de-Clapiers-34-150x150.jpg\" data-width=\"150\" data-height=\"150\" aria-label=\"\" role=\"img\" ><\/div>\n\t\t\t\t\t\t\t\t\t\t\t<div class=\"elementor-gallery-item__overlay\"><\/div>\n\t\t\t\t\t\t\t\t\t\t\t\t\t\t<\/div>\n\t\t\t\t\t\t\t<div class=\"e-gallery-item elementor-gallery-item elementor-animated-content\">\n\t\t\t\t\t<div class=\"e-gallery-image elementor-gallery-item__image\" data-thumbnail=\"https:\/\/www.portovenere.fr\/fr-fr\/wp-content\/uploads\/2025\/05\/Carrelage-colore-effet-beton-lisse-clair-nombreux-coloris-HAZE-Avorio-magasin-carrelage-interieur-exterieur-Porto-Venere-pres-de-Castelnau-le-Lez-34-150x150.jpg\" data-width=\"150\" data-height=\"150\" aria-label=\"\" role=\"img\" ><\/div>\n\t\t\t\t\t\t\t\t\t\t\t<div class=\"elementor-gallery-item__overlay\"><\/div>\n\t\t\t\t\t\t\t\t\t\t\t\t\t\t<\/div>\n\t\t\t\t\t\t\t<div class=\"e-gallery-item elementor-gallery-item elementor-animated-content\">\n\t\t\t\t\t<div class=\"e-gallery-image elementor-gallery-item__image\" data-thumbnail=\"https:\/\/www.portovenere.fr\/fr-fr\/wp-content\/uploads\/2025\/05\/Carrelage-colore-effet-beton-lisse-fonce-nombreux-coloris-HAZE-Nero-magasin-carrelage-interieur-exterieur-Porto-Venere-pres-de-Castelnau-le-Lez-34-150x150.jpg\" data-width=\"150\" data-height=\"150\" aria-label=\"\" role=\"img\" ><\/div>\n\t\t\t\t\t\t\t\t\t\t\t<div class=\"elementor-gallery-item__overlay\"><\/div>\n\t\t\t\t\t\t\t\t\t\t\t\t\t\t<\/div>\n\t\t\t\t\t\t\t<div class=\"e-gallery-item elementor-gallery-item elementor-animated-content\">\n\t\t\t\t\t<div class=\"e-gallery-image elementor-gallery-item__image\" data-thumbnail=\"https:\/\/www.portovenere.fr\/fr-fr\/wp-content\/uploads\/2025\/05\/Carrelage-colore-effet-beton-lisse-jaune-pale-nombreux-coloris-HAZE-Luce-magasin-carrelage-interieur-exterieur-Porto-Venere-a-Montpellier-34-150x150.jpg\" data-width=\"150\" data-height=\"150\" aria-label=\"\" role=\"img\" ><\/div>\n\t\t\t\t\t\t\t\t\t\t\t<div class=\"elementor-gallery-item__overlay\"><\/div>\n\t\t\t\t\t\t\t\t\t\t\t\t\t\t<\/div>\n\t\t\t\t\t\t\t<div class=\"e-gallery-item elementor-gallery-item elementor-animated-content\">\n\t\t\t\t\t<div class=\"e-gallery-image elementor-gallery-item__image\" data-thumbnail=\"https:\/\/www.portovenere.fr\/fr-fr\/wp-content\/uploads\/2025\/05\/Carrelage-colore-effet-beton-lisse-nombreux-coloris-HAZE-Antracite-magasin-carrelage-interieur-exterieur-Porto-Venere-pres-de-Meze-34-150x150.jpg\" data-width=\"150\" data-height=\"150\" aria-label=\"\" role=\"img\" ><\/div>\n\t\t\t\t\t\t\t\t\t\t\t<div class=\"elementor-gallery-item__overlay\"><\/div>\n\t\t\t\t\t\t\t\t\t\t\t\t\t\t<\/div>\n\t\t\t\t\t\t\t<div class=\"e-gallery-item elementor-gallery-item elementor-animated-content\">\n\t\t\t\t\t<div class=\"e-gallery-image elementor-gallery-item__image\" data-thumbnail=\"https:\/\/www.portovenere.fr\/fr-fr\/wp-content\/uploads\/2025\/05\/Carrelage-colore-effet-beton-lisse-nombreux-coloris-HAZE-Cipria-magasin-carrelage-interieur-exterieur-Porto-Venere-pres-de-Saint-Gely-du-Fesc-34-150x150.jpg\" data-width=\"150\" data-height=\"150\" aria-label=\"\" role=\"img\" ><\/div>\n\t\t\t\t\t\t\t\t\t\t\t<div class=\"elementor-gallery-item__overlay\"><\/div>\n\t\t\t\t\t\t\t\t\t\t\t\t\t\t<\/div>\n\t\t\t\t\t\t\t<div class=\"e-gallery-item elementor-gallery-item elementor-animated-content\">\n\t\t\t\t\t<div class=\"e-gallery-image elementor-gallery-item__image\" data-thumbnail=\"https:\/\/www.portovenere.fr\/fr-fr\/wp-content\/uploads\/2025\/05\/Carrelage-colore-effet-beton-lisse-nombreux-coloris-HAZE-Fiamma-magasin-carrelage-interieur-exterieur-Porto-Venere-pres-de-Pezenas-34-150x150.jpg\" data-width=\"150\" data-height=\"150\" aria-label=\"\" role=\"img\" ><\/div>\n\t\t\t\t\t\t\t\t\t\t\t<div class=\"elementor-gallery-item__overlay\"><\/div>\n\t\t\t\t\t\t\t\t\t\t\t\t\t\t<\/div>\n\t\t\t\t\t\t\t<div class=\"e-gallery-item elementor-gallery-item elementor-animated-content\">\n\t\t\t\t\t<div class=\"e-gallery-image elementor-gallery-item__image\" data-thumbnail=\"https:\/\/www.portovenere.fr\/fr-fr\/wp-content\/uploads\/2025\/05\/Carrelage-colore-effet-beton-lisse-nombreux-coloris-HAZE-Grigio-magasin-carrelage-interieur-exterieur-Porto-Venere-pres-de-Agde-34-150x150.jpg\" data-width=\"150\" data-height=\"150\" aria-label=\"\" role=\"img\" ><\/div>\n\t\t\t\t\t\t\t\t\t\t\t<div class=\"elementor-gallery-item__overlay\"><\/div>\n\t\t\t\t\t\t\t\t\t\t\t\t\t\t<\/div>\n\t\t\t\t\t\t\t<div class=\"e-gallery-item elementor-gallery-item elementor-animated-content\">\n\t\t\t\t\t<div class=\"e-gallery-image elementor-gallery-item__image\" data-thumbnail=\"https:\/\/www.portovenere.fr\/fr-fr\/wp-content\/uploads\/2025\/05\/Carrelage-colore-effet-beton-lisse-nombreux-coloris-HAZE-Marrone-magasin-carrelage-interieur-exterieur-Porto-Venere-pres-de-Lattes-34-150x150.jpg\" data-width=\"150\" data-height=\"150\" aria-label=\"\" role=\"img\" ><\/div>\n\t\t\t\t\t\t\t\t\t\t\t<div class=\"elementor-gallery-item__overlay\"><\/div>\n\t\t\t\t\t\t\t\t\t\t\t\t\t\t<\/div>\n\t\t\t\t\t\t\t<div class=\"e-gallery-item elementor-gallery-item elementor-animated-content\">\n\t\t\t\t\t<div class=\"e-gallery-image elementor-gallery-item__image\" data-thumbnail=\"https:\/\/www.portovenere.fr\/fr-fr\/wp-content\/uploads\/2025\/05\/Carrelage-colore-effet-beton-lisse-nombreux-coloris-HAZE-Salvia-magasin-carrelage-interieur-exterieur-Porto-Venere-pres-de-Sete-34-150x150.jpg\" data-width=\"150\" data-height=\"150\" aria-label=\"\" role=\"img\" ><\/div>\n\t\t\t\t\t\t\t\t\t\t\t<div class=\"elementor-gallery-item__overlay\"><\/div>\n\t\t\t\t\t\t\t\t\t\t\t\t\t\t<\/div>\n\t\t\t\t\t\t\t<div class=\"e-gallery-item elementor-gallery-item elementor-animated-content\">\n\t\t\t\t\t<div class=\"e-gallery-image elementor-gallery-item__image\" data-thumbnail=\"https:\/\/www.portovenere.fr\/fr-fr\/wp-content\/uploads\/2025\/05\/Carrelage-colore-effet-beton-lisse-nombreux-coloris-HAZE-Tortora-magasin-carrelage-interieur-exterieur-Porto-Venere-pres-de-Palavas-34-150x150.jpg\" data-width=\"150\" data-height=\"150\" aria-label=\"\" role=\"img\" ><\/div>\n\t\t\t\t\t\t\t\t\t\t\t<div class=\"elementor-gallery-item__overlay\"><\/div>\n\t\t\t\t\t\t\t\t\t\t\t\t\t\t<\/div>\n\t\t\t\t\t\t\t<div class=\"e-gallery-item elementor-gallery-item elementor-animated-content\">\n\t\t\t\t\t<div class=\"e-gallery-image elementor-gallery-item__image\" data-thumbnail=\"https:\/\/www.portovenere.fr\/fr-fr\/wp-content\/uploads\/2025\/05\/Carrelage-colore-effet-beton-lisse-rose-clair-nombreux-coloris-HAZE-Rose-magasin-carrelage-interieur-exterieur-Porto-Venere-pres-de-Mauguio-34-150x150.jpg\" data-width=\"150\" data-height=\"150\" aria-label=\"\" role=\"img\" ><\/div>\n\t\t\t\t\t\t\t\t\t\t\t<div class=\"elementor-gallery-item__overlay\"><\/div>\n\t\t\t\t\t\t\t\t\t\t\t\t\t\t<\/div>\n\t\t\t\t\t\t\t<div class=\"e-gallery-item elementor-gallery-item elementor-animated-content\">\n\t\t\t\t\t<div class=\"e-gallery-image elementor-gallery-item__image\" data-thumbnail=\"https:\/\/www.portovenere.fr\/fr-fr\/wp-content\/uploads\/2025\/05\/Carrelage-colore-effet-beton-lisse-vert-nombreux-coloris-HAZE-Giada-magasin-carrelage-interieur-exterieur-Porto-Venere-pres-de-Maurin-34-150x150.jpg\" data-width=\"150\" data-height=\"150\" aria-label=\"\" role=\"img\" ><\/div>\n\t\t\t\t\t\t\t\t\t\t\t<div class=\"elementor-gallery-item__overlay\"><\/div>\n\t\t\t\t\t\t\t\t\t\t\t\t\t\t<\/div>\n\t\t\t\t\t\t\t<div class=\"e-gallery-item elementor-gallery-item elementor-animated-content\">\n\t\t\t\t\t<div class=\"e-gallery-image elementor-gallery-item__image\" data-thumbnail=\"https:\/\/www.portovenere.fr\/fr-fr\/wp-content\/uploads\/2025\/05\/Carrelage-uni-effet-beton-lisse-clair-nombreux-coloris-HAZE-Bianco-magasin-carrelage-interieur-exterieur-Porto-Venere-pres-de-Balaruc-34-150x150.jpg\" data-width=\"150\" data-height=\"150\" aria-label=\"\" role=\"img\" ><\/div>\n\t\t\t\t\t\t\t\t\t\t\t<div class=\"elementor-gallery-item__overlay\"><\/div>\n\t\t\t\t\t\t\t\t\t\t\t\t\t\t<\/div>\n\t\t\t\t\t\t\t<div class=\"e-gallery-item elementor-gallery-item elementor-animated-content\">\n\t\t\t\t\t<div class=\"e-gallery-image elementor-gallery-item__image\" data-thumbnail=\"https:\/\/www.portovenere.fr\/fr-fr\/wp-content\/uploads\/2025\/05\/Carrelage-grand-format-formes-geometriques-design-3-pieces-soit-360-cm-de-large-et-280-cm-de-hauteur-HAZE-Triangolo-Cipria-120x280-cm-fine-epaisseur-6mm-pres-de-Perols-34-150x150.png\" data-width=\"150\" data-height=\"150\" aria-label=\"\" role=\"img\" ><\/div>\n\t\t\t\t\t\t\t\t\t\t\t<div class=\"elementor-gallery-item__overlay\"><\/div>\n\t\t\t\t\t\t\t\t\t\t\t\t\t\t<\/div>\n\t\t\t\t\t\t\t<div class=\"e-gallery-item elementor-gallery-item elementor-animated-content\">\n\t\t\t\t\t<div class=\"e-gallery-image elementor-gallery-item__image\" data-thumbnail=\"https:\/\/www.portovenere.fr\/fr-fr\/wp-content\/uploads\/2025\/05\/Carrelage-grand-format-formes-geometriques-design-3-pieces-soit-360-cm-de-large-et-280-cm-de-hauteur-HAZE-Triangolo-bleu-cielo-120x280-cm-fine-epaisseur-pres-de-Perols-34-150x150.png\" data-width=\"150\" data-height=\"150\" aria-label=\"\" role=\"img\" ><\/div>\n\t\t\t\t\t\t\t\t\t\t\t<div class=\"elementor-gallery-item__overlay\"><\/div>\n\t\t\t\t\t\t\t\t\t\t\t\t\t\t<\/div>\n\t\t\t\t\t\t\t<div class=\"e-gallery-item elementor-gallery-item elementor-animated-content\">\n\t\t\t\t\t<div class=\"e-gallery-image elementor-gallery-item__image\" data-thumbnail=\"https:\/\/www.portovenere.fr\/fr-fr\/wp-content\/uploads\/2025\/05\/Carrelage-grand-format-design-feuilles-3-pieces-soit-360-cm-de-large-et-280-cm-de-hauteur-HAZE-Foliage-120x280-cm-fine-epaisseur-pres-de-Clapiers-34-150x150.png\" data-width=\"150\" data-height=\"150\" aria-label=\"\" role=\"img\" ><\/div>\n\t\t\t\t\t\t\t\t\t\t\t<div class=\"elementor-gallery-item__overlay\"><\/div>\n\t\t\t\t\t\t\t\t\t\t\t\t\t\t<\/div>\n\t\t\t\t\t\t\t<div class=\"e-gallery-item elementor-gallery-item elementor-animated-content\">\n\t\t\t\t\t<div class=\"e-gallery-image elementor-gallery-item__image\" data-thumbnail=\"https:\/\/www.portovenere.fr\/fr-fr\/wp-content\/uploads\/2025\/05\/Carrelage-grand-format-degrade-de-couleur-bleue-ou-beige-HAZE-Sfumatura-120x280-cm-fine-epaisseur-6mm-pres-de-Mauguio-34-150x150.png\" data-width=\"150\" data-height=\"150\" aria-label=\"\" role=\"img\" ><\/div>\n\t\t\t\t\t\t\t\t\t\t\t<div class=\"elementor-gallery-item__overlay\"><\/div>\n\t\t\t\t\t\t\t\t\t\t\t\t\t\t<\/div>\n\t\t\t\t\t<\/div>\n\t\t\t\t\t<\/div>\n\t\t\t\t<\/div>\n\t\t\t\t<div class=\"elementor-element elementor-element-29f64e9d elementor-widget elementor-widget-text-editor\" data-id=\"29f64e9d\" data-element_type=\"widget\" data-e-type=\"widget\" data-widget_type=\"text-editor.default\">\n\t\t\t\t<div class=\"elementor-widget-container\">\n\t\t\t\t\t\t\t\t\t<p>La collection de <b>carrelage color\u00e9 HAZE<\/b> allie \u00e9l\u00e9gamment effets de mati\u00e8re subtils et palette de couleurs raffin\u00e9e. Ce carrelage en gr\u00e8s c\u00e9rame polyvalent s\u2019adapte aux projets r\u00e9sidentiels et commerciaux,<b> int\u00e9rieurs et ext\u00e9rieurs<\/b>.&nbsp;<\/p>\n<p>La technologie StrideUp offre une r\u00e9sistance au glissement \u00e9lev\u00e9e et une surface douce. HAZE propose<b> 14 coloris vari\u00e9s<\/b>, dont des teintes comme Giada, Rose et Antracite. Certains coloris existent en d\u00e9cor <b>Coccio (esprit Terrazzo<\/b>), compl\u00e9t\u00e9s par d&rsquo;<b>autres d\u00e9cors et mosa\u00efques<\/b>.&nbsp;<\/p>\n<p>La collection NUANCES se d\u00e9cline en divers formats de gr\u00e8s c\u00e9rame <b>(6 mm, 9 mm, 20 mm) en finition naturelle ou antid\u00e9rapante<\/b>. Choisir HAZE, c&rsquo;est opter pour la qualit\u00e9, la durabilit\u00e9 et l&rsquo;esth\u00e9tisme italien. Ce carrelage est r\u00e9sistant, facile \u00e0 entretenir et polyvalent <b>pour sols et murs<\/b>. Laissez HAZE signer vos projets avec \u00e9l\u00e9gance et modernit\u00e9. Explorez les combinaisons de couleurs et de formats pour un espace personnalis\u00e9.<\/p>\t\t\t\t\t\t\t\t<\/div>\n\t\t\t\t<\/div>\n\t\t\t\t<div class=\"elementor-element elementor-element-167f93cc elementor-mobile-align-center elementor-widget elementor-widget-button\" data-id=\"167f93cc\" data-element_type=\"widget\" data-e-type=\"widget\" data-widget_type=\"button.default\">\n\t\t\t\t<div class=\"elementor-widget-container\">\n\t\t\t\t\t\t\t\t\t<div class=\"elementor-button-wrapper\">\n\t\t\t\t\t<a class=\"elementor-button elementor-button-link elementor-size-sm\" href=\"https:\/\/www.portovenere.fr\/fr-fr\/carrelage-sol-et-mur-en-gres-cerame-et-faience\/carrelage-contemporain-et-design\/carrelage-sol-et-mur-effet-beton-colore-haze\/\">\n\t\t\t\t\t\t<span class=\"elementor-button-content-wrapper\">\n\t\t\t\t\t\t\t\t\t<span class=\"elementor-button-text\">Voir la collection<\/span>\n\t\t\t\t\t<\/span>\n\t\t\t\t\t<\/a>\n\t\t\t\t<\/div>\n\t\t\t\t\t\t\t\t<\/div>\n\t\t\t\t<\/div>\n\t\t\t\t\t<\/div>\n\t\t<\/div>\n\t\t\t\t<div class=\"elementor-column elementor-col-33 elementor-top-column elementor-element elementor-element-6047426b\" data-id=\"6047426b\" data-element_type=\"column\" data-e-type=\"column\" data-settings=\"{&quot;background_background&quot;:&quot;classic&quot;}\">\n\t\t\t<div class=\"elementor-widget-wrap elementor-element-populated\">\n\t\t\t\t\t\t<div class=\"elementor-element elementor-element-714d4ffe elementor-widget elementor-widget-image\" data-id=\"714d4ffe\" data-element_type=\"widget\" data-e-type=\"widget\" data-widget_type=\"image.default\">\n\t\t\t\t<div class=\"elementor-widget-container\">\n\t\t\t\t\t\t\t\t\t\t\t\t\t\t\t\t<a href=\"https:\/\/www.portovenere.fr\/fr-fr\/carrelage-sol-et-mur-en-gres-cerame-et-faience\/carrelage-aspect-marbre\/carrelage-imitation-marbre-style-luxe-albatre-dream\/\">\n\t\t\t\t\t\t\t<img loading=\"lazy\" decoding=\"async\" width=\"800\" height=\"550\" src=\"https:\/\/www.portovenere.fr\/fr-fr\/wp-content\/uploads\/2021\/05\/Carrelage_gres_cerame_imitation_marbre_maxi_format_style_luxe_Albatre_DREAM_Noisette_mat_a_Montpellier_Herault_34.jpg\" class=\"attachment-large size-large wp-image-36936\" alt=\"Carrelage luxe effet marbre blanc noisette mat ou brillant\" srcset=\"https:\/\/www.portovenere.fr\/fr-fr\/wp-content\/uploads\/2021\/05\/Carrelage_gres_cerame_imitation_marbre_maxi_format_style_luxe_Albatre_DREAM_Noisette_mat_a_Montpellier_Herault_34.jpg 938w, https:\/\/www.portovenere.fr\/fr-fr\/wp-content\/uploads\/2021\/05\/Carrelage_gres_cerame_imitation_marbre_maxi_format_style_luxe_Albatre_DREAM_Noisette_mat_a_Montpellier_Herault_34-300x206.jpg 300w, https:\/\/www.portovenere.fr\/fr-fr\/wp-content\/uploads\/2021\/05\/Carrelage_gres_cerame_imitation_marbre_maxi_format_style_luxe_Albatre_DREAM_Noisette_mat_a_Montpellier_Herault_34-768x528.jpg 768w\" sizes=\"(max-width: 800px) 100vw, 800px\" \/>\t\t\t\t\t\t\t\t<\/a>\n\t\t\t\t\t\t\t\t\t\t\t\t\t\t\t<\/div>\n\t\t\t\t<\/div>\n\t\t\t\t<div class=\"elementor-element elementor-element-7c0d54cf elementor-widget elementor-widget-heading\" data-id=\"7c0d54cf\" data-element_type=\"widget\" data-e-type=\"widget\" data-widget_type=\"heading.default\">\n\t\t\t\t<div class=\"elementor-widget-container\">\n\t\t\t\t\t<h3 class=\"elementor-heading-title elementor-size-default\"><a href=\"https:\/\/www.portovenere.fr\/fr-fr\/carrelage-sol-et-mur-en-gres-cerame-et-faience\/carrelage-aspect-marbre\/carrelage-imitation-marbre-style-luxe-albatre-dream\/\">DREAM | 4 coloris<\/a><\/h3>\t\t\t\t<\/div>\n\t\t\t\t<\/div>\n\t\t\t\t<div class=\"elementor-element elementor-element-df92cc1 elementor-widget__width-initial elementor-widget elementor-widget-gallery\" data-id=\"df92cc1\" data-element_type=\"widget\" data-e-type=\"widget\" data-settings=\"{&quot;gap&quot;:{&quot;unit&quot;:&quot;px&quot;,&quot;size&quot;:3,&quot;sizes&quot;:[]},&quot;columns_mobile&quot;:3,&quot;gap_mobile&quot;:{&quot;unit&quot;:&quot;px&quot;,&quot;size&quot;:6,&quot;sizes&quot;:[]},&quot;columns&quot;:5,&quot;columns_tablet&quot;:3,&quot;gap_tablet&quot;:{&quot;unit&quot;:&quot;px&quot;,&quot;size&quot;:5,&quot;sizes&quot;:[]},&quot;lazyload&quot;:&quot;yes&quot;,&quot;gallery_layout&quot;:&quot;grid&quot;,&quot;aspect_ratio&quot;:&quot;3:2&quot;,&quot;overlay_background&quot;:&quot;yes&quot;,&quot;content_hover_animation&quot;:&quot;fade-in&quot;}\" data-widget_type=\"gallery.default\">\n\t\t\t\t<div class=\"elementor-widget-container\">\n\t\t\t\t\t\t\t<div class=\"elementor-gallery__container\">\n\t\t\t\t\t\t\t<div class=\"e-gallery-item elementor-gallery-item elementor-animated-content\">\n\t\t\t\t\t<div class=\"e-gallery-image elementor-gallery-item__image\" data-thumbnail=\"https:\/\/www.portovenere.fr\/fr-fr\/wp-content\/uploads\/2021\/05\/Carrelage-imitation-marbre-clair-Dream-perle_proche_de_Sete_Herault_34-150x150.jpg\" data-width=\"150\" data-height=\"150\" aria-label=\"C\u00e9ramique grand format effet marbre clair\" role=\"img\" ><\/div>\n\t\t\t\t\t\t\t\t\t\t\t<div class=\"elementor-gallery-item__overlay\"><\/div>\n\t\t\t\t\t\t\t\t\t\t\t\t\t\t<\/div>\n\t\t\t\t\t\t\t<div class=\"e-gallery-item elementor-gallery-item elementor-animated-content\">\n\t\t\t\t\t<div class=\"e-gallery-image elementor-gallery-item__image\" data-thumbnail=\"https:\/\/www.portovenere.fr\/fr-fr\/wp-content\/uploads\/2021\/05\/Carrelage-imitation-marbre-veine-marron-Dream-choco_proche_de_Saint-Jean-de-Vedas_Herault_34-150x150.jpg\" data-width=\"150\" data-height=\"150\" aria-label=\"C\u00e9ramique grand format effet marbre marron\" role=\"img\" ><\/div>\n\t\t\t\t\t\t\t\t\t\t\t<div class=\"elementor-gallery-item__overlay\"><\/div>\n\t\t\t\t\t\t\t\t\t\t\t\t\t\t<\/div>\n\t\t\t\t\t\t\t<div class=\"e-gallery-item elementor-gallery-item elementor-animated-content\">\n\t\t\t\t\t<div class=\"e-gallery-image elementor-gallery-item__image\" data-thumbnail=\"https:\/\/www.portovenere.fr\/fr-fr\/wp-content\/uploads\/2021\/05\/Carrelage-gres-cerame-imitation-marbre-veine-bleu-Dream_proche_de_Jacou_Herault_34-150x150.jpg\" data-width=\"150\" data-height=\"150\" aria-label=\"C\u00e9ramique grand format effet marbre bleu\" role=\"img\" ><\/div>\n\t\t\t\t\t\t\t\t\t\t\t<div class=\"elementor-gallery-item__overlay\"><\/div>\n\t\t\t\t\t\t\t\t\t\t\t\t\t\t<\/div>\n\t\t\t\t\t\t\t<div class=\"e-gallery-item elementor-gallery-item elementor-animated-content\">\n\t\t\t\t\t<div class=\"e-gallery-image elementor-gallery-item__image\" data-thumbnail=\"https:\/\/www.portovenere.fr\/fr-fr\/wp-content\/uploads\/2021\/05\/Carrelage-imitation-marbre_Albatre_Dream-noisette_proche_de_Saint-Aunes_Herault_34-150x150.jpg\" data-width=\"150\" data-height=\"150\" aria-label=\"\" role=\"img\" ><\/div>\n\t\t\t\t\t\t\t\t\t\t\t<div class=\"elementor-gallery-item__overlay\"><\/div>\n\t\t\t\t\t\t\t\t\t\t\t\t\t\t<\/div>\n\t\t\t\t\t<\/div>\n\t\t\t\t\t<\/div>\n\t\t\t\t<\/div>\n\t\t\t\t<div class=\"elementor-element elementor-element-66e7ed88 elementor-widget elementor-widget-text-editor\" data-id=\"66e7ed88\" data-element_type=\"widget\" data-e-type=\"widget\" data-widget_type=\"text-editor.default\">\n\t\t\t\t<div class=\"elementor-widget-container\">\n\t\t\t\t\t\t\t\t\t<p>Une collection charg\u00e9e d&rsquo;une<b>\u00a0<\/b>grande valeur expressive<b>\u00a0<\/b>en raison des\u00a0<b>veines et des couleurs extraordinaires<\/b>\u00a0qu&rsquo;elle pr\u00e9sente.<\/p><p>Le\u00a0<b>gr\u00e8s c\u00e9rame<\/b>\u00a0Dream,\u00a0<b>color\u00e9 dans la masse<\/b>, est propos\u00e9 dans 4 teintes en finition\u00a0<b>Mate ou Brillante<\/b>\u00a0(Glossy) :\u00a0<b>Perle, Noisette, Choco et Bleu<\/b>.<\/p><p>Les\u00a0<b>nombreux formats<\/b>\u00a0en 6mm (<span style=\"color: var( --e-global-color-text );\">160&#215;320 cm, 120&#215;280 cm, 120&#215;240 cm,\u00a0<\/span><span style=\"color: var( --e-global-color-text );\">120&#215;12<\/span><span style=\"color: var( --e-global-color-text );\">0 cm, 60&#215;120 cm)\u00a0<\/span><span style=\"color: var( --e-global-color-text ); font-weight: var( --e-global-typography-text-font-weight );\">et 10mm<\/span><span style=\"color: var( --e-global-color-text );\">\u00a0(<\/span><span style=\"color: var( --e-global-color-text );\">80&#215;180 cm, 60&#215;120 cm, 60&#215;60 cm, 30&#215;60 cm)<\/span><span style=\"font-weight: bold; color: var( --e-global-color-text );\">\u00a0<\/span><span style=\"color: var( --e-global-color-text ); font-weight: var( --e-global-typography-text-font-weight );\">permettent d&rsquo;am\u00e9nager les\u00a0<\/span><b style=\"color: var( --e-global-color-text );\">sols et murs<\/b><span style=\"color: var( --e-global-color-text ); font-weight: var( --e-global-typography-text-font-weight );\">\u00a0de vos espaces de vie : cuisine, salle de bain, pi\u00e8ce \u00e0 vivre&#8230;avec une notion de<\/span><b style=\"color: var( --e-global-color-text );\">\u00a0luxe incontestable<\/b><span style=\"color: var( --e-global-color-text ); font-weight: var( --e-global-typography-text-font-weight );\">.\u00a0<\/span><\/p>\t\t\t\t\t\t\t\t<\/div>\n\t\t\t\t<\/div>\n\t\t\t\t<div class=\"elementor-element elementor-element-2190d542 elementor-mobile-align-center elementor-align-left elementor-widget elementor-widget-button\" data-id=\"2190d542\" data-element_type=\"widget\" data-e-type=\"widget\" data-widget_type=\"button.default\">\n\t\t\t\t<div class=\"elementor-widget-container\">\n\t\t\t\t\t\t\t\t\t<div class=\"elementor-button-wrapper\">\n\t\t\t\t\t<a class=\"elementor-button elementor-button-link elementor-size-sm\" href=\"https:\/\/www.portovenere.fr\/fr-fr\/carrelage-sol-et-mur-en-gres-cerame-et-faience\/carrelage-aspect-marbre\/carrelage-imitation-marbre-style-luxe-albatre-dream\/\">\n\t\t\t\t\t\t<span class=\"elementor-button-content-wrapper\">\n\t\t\t\t\t\t\t\t\t<span class=\"elementor-button-text\">Voir la collection<\/span>\n\t\t\t\t\t<\/span>\n\t\t\t\t\t<\/a>\n\t\t\t\t<\/div>\n\t\t\t\t\t\t\t\t<\/div>\n\t\t\t\t<\/div>\n\t\t\t\t\t<\/div>\n\t\t<\/div>\n\t\t\t\t\t<\/div>\n\t\t<\/section>\n\t\t\t\t<section class=\"elementor-section elementor-top-section elementor-element elementor-element-16a4f60b elementor-section-full_width elementor-section-height-default elementor-section-height-default\" data-id=\"16a4f60b\" data-element_type=\"section\" data-e-type=\"section\">\n\t\t\t\t\t\t<div class=\"elementor-container elementor-column-gap-default\">\n\t\t\t\t\t<div class=\"elementor-column elementor-col-33 elementor-top-column elementor-element elementor-element-66ad74d0 elementor-invisible\" data-id=\"66ad74d0\" data-element_type=\"column\" data-e-type=\"column\" data-settings=\"{&quot;animation&quot;:&quot;fadeIn&quot;,&quot;background_background&quot;:&quot;classic&quot;}\">\n\t\t\t<div class=\"elementor-widget-wrap elementor-element-populated\">\n\t\t\t\t\t\t<div class=\"elementor-element elementor-element-1e97787 elementor-widget elementor-widget-image\" data-id=\"1e97787\" data-element_type=\"widget\" data-e-type=\"widget\" data-widget_type=\"image.default\">\n\t\t\t\t<div class=\"elementor-widget-container\">\n\t\t\t\t\t\t\t\t\t\t\t\t\t\t\t\t<a href=\"https:\/\/www.portovenere.fr\/fr-fr\/carrelage-sol-et-mur-en-gres-cerame-et-faience\/carrelage-aspect-pierre\/carrelage-contemporain-grand-format-presentina\/\">\n\t\t\t\t\t\t\t<img decoding=\"async\" src=\"https:\/\/www.portovenere.fr\/fr-fr\/wp-content\/uploads\/elementor\/thumbs\/Carrelage-contemporain-PRESENTINA-nombreux-coloris-et-fromats-pour-sol-et-mur-interieur-et-exterieur-a-Montpellier-34-r8ifqfk90oxut7r4tth6q7y70inzkfjocxdu257yt4.jpg\" title=\"Carrelage-contemporain-PRESENTINA-nombreux-coloris-et-formats-pour-sol-et-mur-int\u00e9rieur-et-ext\u00e9rieur-\u00e0-Montpellier-34\" alt=\"Carrelage sol et rev\u00eatement mural nombreux coloris collection Presentina Porto Venere\" loading=\"lazy\" \/>\t\t\t\t\t\t\t\t<\/a>\n\t\t\t\t\t\t\t\t\t\t\t\t\t\t\t<\/div>\n\t\t\t\t<\/div>\n\t\t\t\t<section class=\"elementor-section elementor-inner-section elementor-element elementor-element-48d4c96c elementor-section-boxed elementor-section-height-default elementor-section-height-default elementor-invisible\" data-id=\"48d4c96c\" data-element_type=\"section\" data-e-type=\"section\" data-settings=\"{&quot;background_background&quot;:&quot;classic&quot;,&quot;animation&quot;:&quot;fadeIn&quot;}\">\n\t\t\t\t\t\t<div class=\"elementor-container elementor-column-gap-default\">\n\t\t\t\t\t<div class=\"elementor-column elementor-col-100 elementor-inner-column elementor-element elementor-element-67e80ea0\" data-id=\"67e80ea0\" data-element_type=\"column\" data-e-type=\"column\">\n\t\t\t<div class=\"elementor-widget-wrap elementor-element-populated\">\n\t\t\t\t\t\t<div class=\"elementor-element elementor-element-795161f elementor-widget elementor-widget-heading\" data-id=\"795161f\" data-element_type=\"widget\" data-e-type=\"widget\" data-widget_type=\"heading.default\">\n\t\t\t\t<div class=\"elementor-widget-container\">\n\t\t\t\t\t<h3 class=\"elementor-heading-title elementor-size-default\"><a href=\"https:\/\/www.portovenere.fr\/fr-fr\/carrelage-sol-et-mur-en-gres-cerame-et-faience\/carrelage-aspect-pierre\/carrelage-contemporain-grand-format-presentina\/\">PRESENTINA | 5 coloris &amp; d\u00e9cors <\/a><\/h3>\t\t\t\t<\/div>\n\t\t\t\t<\/div>\n\t\t\t\t<div class=\"elementor-element elementor-element-6ff2571d elementor-widget__width-initial elementor-widget elementor-widget-gallery\" data-id=\"6ff2571d\" data-element_type=\"widget\" data-e-type=\"widget\" data-settings=\"{&quot;gap&quot;:{&quot;unit&quot;:&quot;px&quot;,&quot;size&quot;:3,&quot;sizes&quot;:[]},&quot;columns_mobile&quot;:3,&quot;gap_mobile&quot;:{&quot;unit&quot;:&quot;px&quot;,&quot;size&quot;:6,&quot;sizes&quot;:[]},&quot;columns&quot;:5,&quot;columns_tablet&quot;:3,&quot;gap_tablet&quot;:{&quot;unit&quot;:&quot;px&quot;,&quot;size&quot;:5,&quot;sizes&quot;:[]},&quot;lazyload&quot;:&quot;yes&quot;,&quot;gallery_layout&quot;:&quot;grid&quot;,&quot;aspect_ratio&quot;:&quot;3:2&quot;,&quot;overlay_background&quot;:&quot;yes&quot;,&quot;content_hover_animation&quot;:&quot;fade-in&quot;}\" data-widget_type=\"gallery.default\">\n\t\t\t\t<div class=\"elementor-widget-container\">\n\t\t\t\t\t\t\t<div class=\"elementor-gallery__container\">\n\t\t\t\t\t\t\t<div class=\"e-gallery-item elementor-gallery-item elementor-animated-content\">\n\t\t\t\t\t<div class=\"e-gallery-image elementor-gallery-item__image\" data-thumbnail=\"https:\/\/www.portovenere.fr\/fr-fr\/wp-content\/uploads\/2024\/11\/Carrelage-design-contemporain-pour-sol-mur-Presentina-Beige-a-Lattes-34-150x150.jpeg\" data-width=\"150\" data-height=\"150\" aria-label=\"\" role=\"img\" ><\/div>\n\t\t\t\t\t\t\t\t\t\t\t<div class=\"elementor-gallery-item__overlay\"><\/div>\n\t\t\t\t\t\t\t\t\t\t\t\t\t\t<\/div>\n\t\t\t\t\t\t\t<div class=\"e-gallery-item elementor-gallery-item elementor-animated-content\">\n\t\t\t\t\t<div class=\"e-gallery-image elementor-gallery-item__image\" data-thumbnail=\"https:\/\/www.portovenere.fr\/fr-fr\/wp-content\/uploads\/2024\/11\/Carrelage-design-contemporain-pour-sol-mur-Presentina-Crete-proche-de-Castelnau-le-Lez-34-150x150.jpeg\" data-width=\"150\" data-height=\"150\" aria-label=\"\" role=\"img\" ><\/div>\n\t\t\t\t\t\t\t\t\t\t\t<div class=\"elementor-gallery-item__overlay\"><\/div>\n\t\t\t\t\t\t\t\t\t\t\t\t\t\t<\/div>\n\t\t\t\t\t\t\t<div class=\"e-gallery-item elementor-gallery-item elementor-animated-content\">\n\t\t\t\t\t<div class=\"e-gallery-image elementor-gallery-item__image\" data-thumbnail=\"https:\/\/www.portovenere.fr\/fr-fr\/wp-content\/uploads\/2024\/11\/Carrelage-design-contemporain-pour-sol-mur-Presentina-Clair-proche-de-Sete-34-150x150.jpeg\" data-width=\"150\" data-height=\"150\" aria-label=\"\" role=\"img\" ><\/div>\n\t\t\t\t\t\t\t\t\t\t\t<div class=\"elementor-gallery-item__overlay\"><\/div>\n\t\t\t\t\t\t\t\t\t\t\t\t\t\t<\/div>\n\t\t\t\t\t\t\t<div class=\"e-gallery-item elementor-gallery-item elementor-animated-content\">\n\t\t\t\t\t<div class=\"e-gallery-image elementor-gallery-item__image\" data-thumbnail=\"https:\/\/www.portovenere.fr\/fr-fr\/wp-content\/uploads\/2024\/11\/Carrelage-design-contemporain-pour-sol-mur-Presentina-Perle-proche-de-Saint-Clement-de-Riviere-34-150x150.jpeg\" data-width=\"150\" data-height=\"150\" aria-label=\"\" role=\"img\" ><\/div>\n\t\t\t\t\t\t\t\t\t\t\t<div class=\"elementor-gallery-item__overlay\"><\/div>\n\t\t\t\t\t\t\t\t\t\t\t\t\t\t<\/div>\n\t\t\t\t\t\t\t<div class=\"e-gallery-item elementor-gallery-item elementor-animated-content\">\n\t\t\t\t\t<div class=\"e-gallery-image elementor-gallery-item__image\" data-thumbnail=\"https:\/\/www.portovenere.fr\/fr-fr\/wp-content\/uploads\/2024\/11\/Carrelage-design-contemporain-pour-sol-mur-Presentina-Toffee-a-Montpellier-34-150x150.jpeg\" data-width=\"150\" data-height=\"150\" aria-label=\"\" role=\"img\" ><\/div>\n\t\t\t\t\t\t\t\t\t\t\t<div class=\"elementor-gallery-item__overlay\"><\/div>\n\t\t\t\t\t\t\t\t\t\t\t\t\t\t<\/div>\n\t\t\t\t\t\t\t<div class=\"e-gallery-item elementor-gallery-item elementor-animated-content\">\n\t\t\t\t\t<div class=\"e-gallery-image elementor-gallery-item__image\" data-thumbnail=\"https:\/\/www.portovenere.fr\/fr-fr\/wp-content\/uploads\/2024\/11\/Carrelage-ceramique-decor-mural-blanc-gris-Presentina-Plick-60x120-cm-finition-lappato-brillant-pres-de-Saint-Aunes-34-150x150.jpg\" data-width=\"150\" data-height=\"150\" aria-label=\"\" role=\"img\" ><\/div>\n\t\t\t\t\t\t\t\t\t\t\t<div class=\"elementor-gallery-item__overlay\"><\/div>\n\t\t\t\t\t\t\t\t\t\t\t\t\t\t<\/div>\n\t\t\t\t\t\t\t<div class=\"e-gallery-item elementor-gallery-item elementor-animated-content\">\n\t\t\t\t\t<div class=\"e-gallery-image elementor-gallery-item__image\" data-thumbnail=\"https:\/\/www.portovenere.fr\/fr-fr\/wp-content\/uploads\/2024\/11\/Carrelage-ceramique-decor-mural-blanc-beige-Presentina-Plick-Mou-60x120-cm-finition-lappato-brillant-pres-de-Saint-Clmement-de-Riviere-34-150x150.jpg\" data-width=\"150\" data-height=\"150\" aria-label=\"\" role=\"img\" ><\/div>\n\t\t\t\t\t\t\t\t\t\t\t<div class=\"elementor-gallery-item__overlay\"><\/div>\n\t\t\t\t\t\t\t\t\t\t\t\t\t\t<\/div>\n\t\t\t\t\t\t\t<div class=\"e-gallery-item elementor-gallery-item elementor-animated-content\">\n\t\t\t\t\t<div class=\"e-gallery-image elementor-gallery-item__image\" data-thumbnail=\"https:\/\/www.portovenere.fr\/fr-fr\/wp-content\/uploads\/2024\/11\/Carrelage-ceramique-decor-mural-design-Presentina-Trait-60x120-cm-finition-Beige-naturel-mat-pres-de-Agde-34-150x150.jpg\" data-width=\"150\" data-height=\"150\" aria-label=\"\" role=\"img\" ><\/div>\n\t\t\t\t\t\t\t\t\t\t\t<div class=\"elementor-gallery-item__overlay\"><\/div>\n\t\t\t\t\t\t\t\t\t\t\t\t\t\t<\/div>\n\t\t\t\t\t\t\t<div class=\"e-gallery-item elementor-gallery-item elementor-animated-content\">\n\t\t\t\t\t<div class=\"e-gallery-image elementor-gallery-item__image\" data-thumbnail=\"https:\/\/www.portovenere.fr\/fr-fr\/wp-content\/uploads\/2024\/11\/Carrelage-ceramique-decor-mural-design-Presentina-Trait-60x120-cm-finition-Toffee-naturel-mat-pres-de-Saint-Drezery-34-150x150.jpg\" data-width=\"150\" data-height=\"150\" aria-label=\"\" role=\"img\" ><\/div>\n\t\t\t\t\t\t\t\t\t\t\t<div class=\"elementor-gallery-item__overlay\"><\/div>\n\t\t\t\t\t\t\t\t\t\t\t\t\t\t<\/div>\n\t\t\t\t\t\t\t<div class=\"e-gallery-item elementor-gallery-item elementor-animated-content\">\n\t\t\t\t\t<div class=\"e-gallery-image elementor-gallery-item__image\" data-thumbnail=\"https:\/\/www.portovenere.fr\/fr-fr\/wp-content\/uploads\/2024\/11\/Carrelage-ceramique-decor-mural-design-Presentina-Trait-60x120-cm-finition-Perle-naturel-mat-pres-de-Sete-34-150x150.jpg\" data-width=\"150\" data-height=\"150\" aria-label=\"\" role=\"img\" ><\/div>\n\t\t\t\t\t\t\t\t\t\t\t<div class=\"elementor-gallery-item__overlay\"><\/div>\n\t\t\t\t\t\t\t\t\t\t\t\t\t\t<\/div>\n\t\t\t\t\t\t\t<div class=\"e-gallery-item elementor-gallery-item elementor-animated-content\">\n\t\t\t\t\t<div class=\"e-gallery-image elementor-gallery-item__image\" data-thumbnail=\"https:\/\/www.portovenere.fr\/fr-fr\/wp-content\/uploads\/2024\/11\/Carrelage-ceramique-decor-mural-design-Presentina-Trait-60x120-cm-finition-Crete-naturel-mat-pres-de-Lattes-34-150x150.jpg\" data-width=\"150\" data-height=\"150\" aria-label=\"\" role=\"img\" ><\/div>\n\t\t\t\t\t\t\t\t\t\t\t<div class=\"elementor-gallery-item__overlay\"><\/div>\n\t\t\t\t\t\t\t\t\t\t\t\t\t\t<\/div>\n\t\t\t\t\t\t\t<div class=\"e-gallery-item elementor-gallery-item elementor-animated-content\">\n\t\t\t\t\t<div class=\"e-gallery-image elementor-gallery-item__image\" data-thumbnail=\"https:\/\/www.portovenere.fr\/fr-fr\/wp-content\/uploads\/2024\/11\/Carrelage-ceramique-decor-mural-design-Presentina-Trait-60x120-cm-finition-Clair-naturel-mat-a-Montpellier-34-150x150.jpg\" data-width=\"150\" data-height=\"150\" aria-label=\"\" role=\"img\" ><\/div>\n\t\t\t\t\t\t\t\t\t\t\t<div class=\"elementor-gallery-item__overlay\"><\/div>\n\t\t\t\t\t\t\t\t\t\t\t\t\t\t<\/div>\n\t\t\t\t\t<\/div>\n\t\t\t\t\t<\/div>\n\t\t\t\t<\/div>\n\t\t\t\t<div class=\"elementor-element elementor-element-20fc887b elementor-widget elementor-widget-text-editor\" data-id=\"20fc887b\" data-element_type=\"widget\" data-e-type=\"widget\" data-widget_type=\"text-editor.default\">\n\t\t\t\t<div class=\"elementor-widget-container\">\n\t\t\t\t\t\t\t\t\t<p>La collection de carrelage contemporain en gr\u00e8s c\u00e9rame PRESENTINA reprend l\u2019esprit naturel de la pierre qu\u2019elle d\u00e9cline dans<b>\u00a05 couleurs \u00e0 l\u2019esprit \u00ab\u00a0nature : Clair, Beige, Perle, Toffee et Crete.<\/b><\/p><p>En s\u2019inspirant des structures s\u00e9dimentaires du calcaire, la collection Presentina propose un\u00a0<b>gr\u00e8s c\u00e9rame qui recr\u00e9e fid\u00e8lement les textures granuleuses<\/b>\u00a0et les micro-fossiles caract\u00e9ristiques de cette roche, offrant ainsi une exp\u00e9rience tactile et visuelle authentique.<\/p><p>Propos\u00e9e dans 1 <b>format xxl fine \u00e9paisseur 6mm <\/b>de <b>120&#215;278 cm<\/b> et 6 formats (\u00e9paisseur 9mm) :\u00a0<b>90 x 180 cm,<\/b>\u00a0<b>120 x 120 cm<\/b>,\u00a0<b>60 x 120 cm, 90 x 90 cm, 60 x 60 cm et 30 x 60 cm,\u00a0<\/b>cette collection de gr\u00e8s c\u00e9rame est disponible en finition naturelle mate, en finition Lappato (brillant) et en finition antid\u00e9rapante pour l\u2019ext\u00e9rieur.<\/p><p>Des dalles antid\u00e9rapantes en 20 mm au format 60 x 120 cm offrent la possibilit\u00e9 d\u2019avoir des dalles sur plots en terrasse ou tour de piscine par exemple.<\/p><p>De\u00a0<b>nombreux d\u00e9cors et mosa\u00efques<\/b>\u00a0compl\u00e8tent cette collection effet pierre : carreaux effet stri\u00e9, carreau cr\u00e9dence murale bords arrondis, mosa\u00efques, chevrons\u2026<\/p><p>R\u00e9alisez de merveilleux projets avec un carrelage int\u00e9rieur qui offre une continuit\u00e9 vers l\u2019ext\u00e9rieur. Ce carrelage se pose au sol et au mur.\u00a0<\/p>\t\t\t\t\t\t\t\t<\/div>\n\t\t\t\t<\/div>\n\t\t\t\t<div class=\"elementor-element elementor-element-28aed2e elementor-mobile-align-center elementor-widget elementor-widget-button\" data-id=\"28aed2e\" data-element_type=\"widget\" data-e-type=\"widget\" data-widget_type=\"button.default\">\n\t\t\t\t<div class=\"elementor-widget-container\">\n\t\t\t\t\t\t\t\t\t<div class=\"elementor-button-wrapper\">\n\t\t\t\t\t<a class=\"elementor-button elementor-button-link elementor-size-sm\" href=\"https:\/\/www.portovenere.fr\/fr-fr\/carrelage-sol-et-mur-en-gres-cerame-et-faience\/carrelage-aspect-pierre\/carrelage-contemporain-grand-format-presentina\/\">\n\t\t\t\t\t\t<span class=\"elementor-button-content-wrapper\">\n\t\t\t\t\t\t\t\t\t<span class=\"elementor-button-text\">Voir la collection<\/span>\n\t\t\t\t\t<\/span>\n\t\t\t\t\t<\/a>\n\t\t\t\t<\/div>\n\t\t\t\t\t\t\t\t<\/div>\n\t\t\t\t<\/div>\n\t\t\t\t\t<\/div>\n\t\t<\/div>\n\t\t\t\t\t<\/div>\n\t\t<\/section>\n\t\t\t\t\t<\/div>\n\t\t<\/div>\n\t\t\t\t<div class=\"elementor-column elementor-col-33 elementor-top-column elementor-element elementor-element-ae40a96\" data-id=\"ae40a96\" data-element_type=\"column\" data-e-type=\"column\" data-settings=\"{&quot;background_background&quot;:&quot;classic&quot;}\">\n\t\t\t<div class=\"elementor-widget-wrap elementor-element-populated\">\n\t\t\t\t\t\t<div class=\"elementor-element elementor-element-3e44d2ff elementor-widget elementor-widget-image\" data-id=\"3e44d2ff\" data-element_type=\"widget\" data-e-type=\"widget\" data-widget_type=\"image.default\">\n\t\t\t\t<div class=\"elementor-widget-container\">\n\t\t\t\t\t\t\t\t\t\t\t\t\t\t\t\t<a href=\"https:\/\/www.portovenere.fr\/fr-fr\/carrelage-sol-et-mur-en-gres-cerame-et-faience\/carrelage-aspect-marbre\/carrelage-aspect-granito-terrazzo-base-et-colors\/\">\n\t\t\t\t\t\t\t<img loading=\"lazy\" decoding=\"async\" width=\"800\" height=\"530\" src=\"https:\/\/www.portovenere.fr\/fr-fr\/wp-content\/uploads\/2019\/11\/Carrelage-Terrazzo-Basic-01_aspect-marbre-Granito-blanc-noir_villa-design-contemporaine-1024x679.jpg\" class=\"attachment-large size-large wp-image-17445\" alt=\"\" srcset=\"https:\/\/www.portovenere.fr\/fr-fr\/wp-content\/uploads\/2019\/11\/Carrelage-Terrazzo-Basic-01_aspect-marbre-Granito-blanc-noir_villa-design-contemporaine.jpg 1024w, https:\/\/www.portovenere.fr\/fr-fr\/wp-content\/uploads\/2019\/11\/Carrelage-Terrazzo-Basic-01_aspect-marbre-Granito-blanc-noir_villa-design-contemporaine-300x199.jpg 300w, https:\/\/www.portovenere.fr\/fr-fr\/wp-content\/uploads\/2019\/11\/Carrelage-Terrazzo-Basic-01_aspect-marbre-Granito-blanc-noir_villa-design-contemporaine-768x509.jpg 768w\" sizes=\"(max-width: 800px) 100vw, 800px\" \/>\t\t\t\t\t\t\t\t<\/a>\n\t\t\t\t\t\t\t\t\t\t\t\t\t\t\t<\/div>\n\t\t\t\t<\/div>\n\t\t\t\t<div class=\"elementor-element elementor-element-32029fb1 elementor-widget elementor-widget-heading\" data-id=\"32029fb1\" data-element_type=\"widget\" data-e-type=\"widget\" data-widget_type=\"heading.default\">\n\t\t\t\t<div class=\"elementor-widget-container\">\n\t\t\t\t\t<h3 class=\"elementor-heading-title elementor-size-default\"><a href=\"https:\/\/www.portovenere.fr\/fr-fr\/carrelage-sol-et-mur-en-gres-cerame-et-faience\/carrelage-aspect-marbre\/carrelage-aspect-granito-terrazzo-base-et-colors\/\">TERRAZZO BASE &amp; COLORS | 11 coloris<\/a><\/h3>\t\t\t\t<\/div>\n\t\t\t\t<\/div>\n\t\t\t\t<div class=\"elementor-element elementor-element-1439768b elementor-widget__width-initial elementor-widget elementor-widget-gallery\" data-id=\"1439768b\" data-element_type=\"widget\" data-e-type=\"widget\" data-settings=\"{&quot;gap&quot;:{&quot;unit&quot;:&quot;px&quot;,&quot;size&quot;:3,&quot;sizes&quot;:[]},&quot;columns_mobile&quot;:3,&quot;gap_mobile&quot;:{&quot;unit&quot;:&quot;px&quot;,&quot;size&quot;:6,&quot;sizes&quot;:[]},&quot;columns&quot;:5,&quot;columns_tablet&quot;:3,&quot;gap_tablet&quot;:{&quot;unit&quot;:&quot;px&quot;,&quot;size&quot;:5,&quot;sizes&quot;:[]},&quot;lazyload&quot;:&quot;yes&quot;,&quot;gallery_layout&quot;:&quot;grid&quot;,&quot;aspect_ratio&quot;:&quot;3:2&quot;,&quot;overlay_background&quot;:&quot;yes&quot;,&quot;content_hover_animation&quot;:&quot;fade-in&quot;}\" data-widget_type=\"gallery.default\">\n\t\t\t\t<div class=\"elementor-widget-container\">\n\t\t\t\t\t\t\t<div class=\"elementor-gallery__container\">\n\t\t\t\t\t\t\t<div class=\"e-gallery-item elementor-gallery-item elementor-animated-content\">\n\t\t\t\t\t<div class=\"e-gallery-image elementor-gallery-item__image\" data-thumbnail=\"https:\/\/www.portovenere.fr\/fr-fr\/wp-content\/uploads\/2019\/11\/Carrelage-gr\u00e8s-c\u00e9rame-imitation-marbre-granito_Terrazzo_blanc_noir_BASIC-02-150x150.jpg\" data-width=\"150\" data-height=\"150\" aria-label=\"\" role=\"img\" ><\/div>\n\t\t\t\t\t\t\t\t\t\t\t<div class=\"elementor-gallery-item__overlay\"><\/div>\n\t\t\t\t\t\t\t\t\t\t\t\t\t\t<\/div>\n\t\t\t\t\t\t\t<div class=\"e-gallery-item elementor-gallery-item elementor-animated-content\">\n\t\t\t\t\t<div class=\"e-gallery-image elementor-gallery-item__image\" data-thumbnail=\"https:\/\/www.portovenere.fr\/fr-fr\/wp-content\/uploads\/2019\/11\/Carrelage-gr\u00e8s-c\u00e9rame-effet-marbre-granito_Terrazzo_gris_blanc_MACRO-01-150x150.jpg\" data-width=\"150\" data-height=\"150\" aria-label=\"\" role=\"img\" ><\/div>\n\t\t\t\t\t\t\t\t\t\t\t<div class=\"elementor-gallery-item__overlay\"><\/div>\n\t\t\t\t\t\t\t\t\t\t\t\t\t\t<\/div>\n\t\t\t\t\t\t\t<div class=\"e-gallery-item elementor-gallery-item elementor-animated-content\">\n\t\t\t\t\t<div class=\"e-gallery-image elementor-gallery-item__image\" data-thumbnail=\"https:\/\/www.portovenere.fr\/fr-fr\/wp-content\/uploads\/2019\/11\/Carrelage-gr\u00e8s-c\u00e9rame-effet-marbre-granito_Terrazzo_vert_DECO-01-150x150.jpg\" data-width=\"150\" data-height=\"150\" aria-label=\"\" role=\"img\" ><\/div>\n\t\t\t\t\t\t\t\t\t\t\t<div class=\"elementor-gallery-item__overlay\"><\/div>\n\t\t\t\t\t\t\t\t\t\t\t\t\t\t<\/div>\n\t\t\t\t\t\t\t<div class=\"e-gallery-item elementor-gallery-item elementor-animated-content\">\n\t\t\t\t\t<div class=\"e-gallery-image elementor-gallery-item__image\" data-thumbnail=\"https:\/\/www.portovenere.fr\/fr-fr\/wp-content\/uploads\/2019\/11\/Carrelage-gr\u00e8s-c\u00e9rame-effet-marbre-granito_Terrazzo_rouge_bordeaux_DECO-03-150x150.jpg\" data-width=\"150\" data-height=\"150\" aria-label=\"\" role=\"img\" ><\/div>\n\t\t\t\t\t\t\t\t\t\t\t<div class=\"elementor-gallery-item__overlay\"><\/div>\n\t\t\t\t\t\t\t\t\t\t\t\t\t\t<\/div>\n\t\t\t\t\t\t\t<div class=\"e-gallery-item elementor-gallery-item elementor-animated-content\">\n\t\t\t\t\t<div class=\"e-gallery-image elementor-gallery-item__image\" data-thumbnail=\"https:\/\/www.portovenere.fr\/fr-fr\/wp-content\/uploads\/2019\/11\/Carrelage-gr\u00e8s-c\u00e9rame-effet-marbre-granito_Terrazzo_noir_blanc_MACRO-02-150x150.jpg\" data-width=\"150\" data-height=\"150\" aria-label=\"\" role=\"img\" ><\/div>\n\t\t\t\t\t\t\t\t\t\t\t<div class=\"elementor-gallery-item__overlay\"><\/div>\n\t\t\t\t\t\t\t\t\t\t\t\t\t\t<\/div>\n\t\t\t\t\t\t\t<div class=\"e-gallery-item elementor-gallery-item elementor-animated-content\">\n\t\t\t\t\t<div class=\"e-gallery-image elementor-gallery-item__image\" data-thumbnail=\"https:\/\/www.portovenere.fr\/fr-fr\/wp-content\/uploads\/2019\/11\/Carrelage-gr\u00e8s-c\u00e9rame-effet-marbre-granito_Terrazzo_gris_blanc_BASIC-01-150x150.jpg\" data-width=\"150\" data-height=\"150\" aria-label=\"\" role=\"img\" ><\/div>\n\t\t\t\t\t\t\t\t\t\t\t<div class=\"elementor-gallery-item__overlay\"><\/div>\n\t\t\t\t\t\t\t\t\t\t\t\t\t\t<\/div>\n\t\t\t\t\t\t\t<div class=\"e-gallery-item elementor-gallery-item elementor-animated-content\">\n\t\t\t\t\t<div class=\"e-gallery-image elementor-gallery-item__image\" data-thumbnail=\"https:\/\/www.portovenere.fr\/fr-fr\/wp-content\/uploads\/2019\/11\/Carrelage-gr\u00e8s-c\u00e9rame-effet-marbre-granito_Terrazzo_bleu_DECO-05-150x150.jpg\" data-width=\"150\" data-height=\"150\" aria-label=\"\" role=\"img\" ><\/div>\n\t\t\t\t\t\t\t\t\t\t\t<div class=\"elementor-gallery-item__overlay\"><\/div>\n\t\t\t\t\t\t\t\t\t\t\t\t\t\t<\/div>\n\t\t\t\t\t\t\t<div class=\"e-gallery-item elementor-gallery-item elementor-animated-content\">\n\t\t\t\t\t<div class=\"e-gallery-image elementor-gallery-item__image\" data-thumbnail=\"https:\/\/www.portovenere.fr\/fr-fr\/wp-content\/uploads\/2019\/11\/Carrelage-gr\u00e8s-c\u00e9rame-effet-marbre-granito_Terrazzo_bleu_vert_cr\u00e8me_DECO-07-150x150.jpg\" data-width=\"150\" data-height=\"150\" aria-label=\"\" role=\"img\" ><\/div>\n\t\t\t\t\t\t\t\t\t\t\t<div class=\"elementor-gallery-item__overlay\"><\/div>\n\t\t\t\t\t\t\t\t\t\t\t\t\t\t<\/div>\n\t\t\t\t\t\t\t<div class=\"e-gallery-item elementor-gallery-item elementor-animated-content\">\n\t\t\t\t\t<div class=\"e-gallery-image elementor-gallery-item__image\" data-thumbnail=\"https:\/\/www.portovenere.fr\/fr-fr\/wp-content\/uploads\/2019\/11\/Carrelage-gr\u00e8s-c\u00e9rame-effet-marbre-granito_Terrazzo_blanc_gris_MICRO-01-150x150.jpg\" data-width=\"150\" data-height=\"150\" aria-label=\"\" role=\"img\" ><\/div>\n\t\t\t\t\t\t\t\t\t\t\t<div class=\"elementor-gallery-item__overlay\"><\/div>\n\t\t\t\t\t\t\t\t\t\t\t\t\t\t<\/div>\n\t\t\t\t\t\t\t<div class=\"e-gallery-item elementor-gallery-item elementor-animated-content\">\n\t\t\t\t\t<div class=\"e-gallery-image elementor-gallery-item__image\" data-thumbnail=\"https:\/\/www.portovenere.fr\/fr-fr\/wp-content\/uploads\/2019\/11\/Carrelage-gr\u00e8s-c\u00e9rame-effet-marbre-granito_Terrazzo_blanc_noir_MICRO-2-150x150.jpg\" data-width=\"150\" data-height=\"150\" aria-label=\"\" role=\"img\" ><\/div>\n\t\t\t\t\t\t\t\t\t\t\t<div class=\"elementor-gallery-item__overlay\"><\/div>\n\t\t\t\t\t\t\t\t\t\t\t\t\t\t<\/div>\n\t\t\t\t\t\t\t<div class=\"e-gallery-item elementor-gallery-item elementor-animated-content\">\n\t\t\t\t\t<div class=\"e-gallery-image elementor-gallery-item__image\" data-thumbnail=\"https:\/\/www.portovenere.fr\/fr-fr\/wp-content\/uploads\/2019\/11\/Carrelage-gr\u00e8s-c\u00e9rame-effet-marbre-granito_Terrazzo_beige_blanc_gris_NEUTRAL-00-150x150.jpg\" data-width=\"150\" data-height=\"150\" aria-label=\"\" role=\"img\" ><\/div>\n\t\t\t\t\t\t\t\t\t\t\t<div class=\"elementor-gallery-item__overlay\"><\/div>\n\t\t\t\t\t\t\t\t\t\t\t\t\t\t<\/div>\n\t\t\t\t\t<\/div>\n\t\t\t\t\t<\/div>\n\t\t\t\t<\/div>\n\t\t\t\t<div class=\"elementor-element elementor-element-2c5dfaea elementor-widget elementor-widget-text-editor\" data-id=\"2c5dfaea\" data-element_type=\"widget\" data-e-type=\"widget\" data-widget_type=\"text-editor.default\">\n\t\t\t\t<div class=\"elementor-widget-container\">\n\t\t\t\t\t\t\t\t\t<p>Collection de carrelage en gr\u00e8s c\u00e9rame imitation granito et terrazzo pour sol et mur. Disponible dans 6 coloris \u00ab\u00a0BASE\u00a0\u00bb dans les tons blanc-noir et gris-blanc, elle est compl\u00e9t\u00e9e par 5 fonds \u00ab\u00a0COLORS\u00a0\u00bb utilisant des grenailles de color\u00e9s : bleu, vert, beige, rouge, cr\u00e8me. La s\u00e9rie aspect Granito Terrazzo compte de nombreux formats jusqu&rsquo;\u00e0 des tailles XXL en finition brillante ou mate.<\/p><p>Tr\u00e8s tendance, ce style r\u00e9tro revient en force dans les am\u00e9nagements d&rsquo;espaces des plus originaux aux plus classiques.<\/p>\t\t\t\t\t\t\t\t<\/div>\n\t\t\t\t<\/div>\n\t\t\t\t<div class=\"elementor-element elementor-element-271cde2b elementor-mobile-align-center elementor-align-left elementor-widget elementor-widget-button\" data-id=\"271cde2b\" data-element_type=\"widget\" data-e-type=\"widget\" data-widget_type=\"button.default\">\n\t\t\t\t<div class=\"elementor-widget-container\">\n\t\t\t\t\t\t\t\t\t<div class=\"elementor-button-wrapper\">\n\t\t\t\t\t<a class=\"elementor-button elementor-button-link elementor-size-sm\" href=\"https:\/\/www.portovenere.fr\/fr-fr\/carrelage-sol-et-mur-en-gres-cerame-et-faience\/carrelage-aspect-marbre\/carrelage-aspect-granito-terrazzo-base-et-colors\/\">\n\t\t\t\t\t\t<span class=\"elementor-button-content-wrapper\">\n\t\t\t\t\t\t\t\t\t<span class=\"elementor-button-text\">Voir la collection<\/span>\n\t\t\t\t\t<\/span>\n\t\t\t\t\t<\/a>\n\t\t\t\t<\/div>\n\t\t\t\t\t\t\t\t<\/div>\n\t\t\t\t<\/div>\n\t\t\t\t\t<\/div>\n\t\t<\/div>\n\t\t\t\t<div class=\"elementor-column elementor-col-33 elementor-top-column elementor-element elementor-element-3af29c3a\" data-id=\"3af29c3a\" data-element_type=\"column\" data-e-type=\"column\" data-settings=\"{&quot;background_background&quot;:&quot;classic&quot;}\">\n\t\t\t<div class=\"elementor-widget-wrap elementor-element-populated\">\n\t\t\t\t\t\t<div class=\"elementor-element elementor-element-59d90548 elementor-widget elementor-widget-image\" data-id=\"59d90548\" data-element_type=\"widget\" data-e-type=\"widget\" data-widget_type=\"image.default\">\n\t\t\t\t<div class=\"elementor-widget-container\">\n\t\t\t\t\t\t\t\t\t\t\t\t\t\t\t\t<a href=\"https:\/\/www.portovenere.fr\/fr-fr\/carrelage-sol-et-mur-en-gres-cerame-et-faience\/carrelage-aspect-pierre\/carrelage-contemporain-imitation-pierre-naturelle\/\">\n\t\t\t\t\t\t\t<img decoding=\"async\" src=\"https:\/\/www.portovenere.fr\/fr-fr\/wp-content\/uploads\/elementor\/thumbs\/Carrelage-esprit-naturel-teinte-beige-Evidence-pour-sol-et-mur-interieur-exterieur-proche-de-Saint-Guilhem-le-desert-34-r8if8fxg7ubcnjmab5ehcyylrf6idkbqh8g2lsjpss.jpg\" title=\"Carrelage-esprit-naturel-teinte-beige-Evidence-pour-sol-et-mur-int\u00e9rieur-ext\u00e9rieur-proche-de-Saint-Guilhem-le-d\u00e9sert-34\" alt=\"Carrelage-esprit-naturel-teinte-beige-Evidence-pour-sol-et-mur-int\u00e9rieur-ext\u00e9rieur-proche-de-Saint-Guilhem-le-d\u00e9sert-34\" loading=\"lazy\" \/>\t\t\t\t\t\t\t\t<\/a>\n\t\t\t\t\t\t\t\t\t\t\t\t\t\t\t<\/div>\n\t\t\t\t<\/div>\n\t\t\t\t<div class=\"elementor-element elementor-element-189c87fe elementor-widget elementor-widget-heading\" data-id=\"189c87fe\" data-element_type=\"widget\" data-e-type=\"widget\" data-widget_type=\"heading.default\">\n\t\t\t\t<div class=\"elementor-widget-container\">\n\t\t\t\t\t<h3 class=\"elementor-heading-title elementor-size-default\"><a href=\"https:\/\/www.portovenere.fr\/fr-fr\/carrelage-sol-et-mur-en-gres-cerame-et-faience\/carrelage-aspect-pierre\/carrelage-contemporain-imitation-pierre-naturelle\/\">EVIDENCE | 4 coloris &amp; 2 mosa\u00efques<\/a><\/h3>\t\t\t\t<\/div>\n\t\t\t\t<\/div>\n\t\t\t\t<div class=\"elementor-element elementor-element-33a063de elementor-widget__width-initial elementor-widget elementor-widget-gallery\" data-id=\"33a063de\" data-element_type=\"widget\" data-e-type=\"widget\" data-settings=\"{&quot;gap&quot;:{&quot;unit&quot;:&quot;px&quot;,&quot;size&quot;:3,&quot;sizes&quot;:[]},&quot;columns_mobile&quot;:3,&quot;gap_mobile&quot;:{&quot;unit&quot;:&quot;px&quot;,&quot;size&quot;:6,&quot;sizes&quot;:[]},&quot;columns&quot;:5,&quot;columns_tablet&quot;:3,&quot;gap_tablet&quot;:{&quot;unit&quot;:&quot;px&quot;,&quot;size&quot;:5,&quot;sizes&quot;:[]},&quot;lazyload&quot;:&quot;yes&quot;,&quot;gallery_layout&quot;:&quot;grid&quot;,&quot;aspect_ratio&quot;:&quot;3:2&quot;,&quot;overlay_background&quot;:&quot;yes&quot;,&quot;content_hover_animation&quot;:&quot;fade-in&quot;}\" data-widget_type=\"gallery.default\">\n\t\t\t\t<div class=\"elementor-widget-container\">\n\t\t\t\t\t\t\t<div class=\"elementor-gallery__container\">\n\t\t\t\t\t\t\t<div class=\"e-gallery-item elementor-gallery-item elementor-animated-content\">\n\t\t\t\t\t<div class=\"e-gallery-image elementor-gallery-item__image\" data-thumbnail=\"https:\/\/www.portovenere.fr\/fr-fr\/wp-content\/uploads\/2024\/07\/Carrelage-gres-cerame-effet-pierre-naturelle-Evidence-coloris-Beige-pour-sol-et-mur-interieur-et-exterieur-proche-Saturargues-34-150x150.jpg\" data-width=\"150\" data-height=\"150\" aria-label=\"\" role=\"img\" ><\/div>\n\t\t\t\t\t\t\t\t\t\t\t<div class=\"elementor-gallery-item__overlay\"><\/div>\n\t\t\t\t\t\t\t\t\t\t\t\t\t\t<\/div>\n\t\t\t\t\t\t\t<div class=\"e-gallery-item elementor-gallery-item elementor-animated-content\">\n\t\t\t\t\t<div class=\"e-gallery-image elementor-gallery-item__image\" data-thumbnail=\"https:\/\/www.portovenere.fr\/fr-fr\/wp-content\/uploads\/2024\/07\/Carrelage-gres-cerame-effet-pierre-naturelle-Evidence-coloris-Gis-pour-sol-et-mur-interieur-et-exterieur-proche-le-cres-34-1-150x150.jpg\" data-width=\"150\" data-height=\"150\" aria-label=\"\" role=\"img\" ><\/div>\n\t\t\t\t\t\t\t\t\t\t\t<div class=\"elementor-gallery-item__overlay\"><\/div>\n\t\t\t\t\t\t\t\t\t\t\t\t\t\t<\/div>\n\t\t\t\t\t\t\t<div class=\"e-gallery-item elementor-gallery-item elementor-animated-content\">\n\t\t\t\t\t<div class=\"e-gallery-image elementor-gallery-item__image\" data-thumbnail=\"https:\/\/www.portovenere.fr\/fr-fr\/wp-content\/uploads\/2024\/07\/Carrelage-gres-cerame-effet-pierre-naturelle-Evidence-coloris-Cream-pour-sol-et-mur-interieur-et-exterieur-proche-Jacou-34-150x150.jpg\" data-width=\"150\" data-height=\"150\" aria-label=\"\" role=\"img\" ><\/div>\n\t\t\t\t\t\t\t\t\t\t\t<div class=\"elementor-gallery-item__overlay\"><\/div>\n\t\t\t\t\t\t\t\t\t\t\t\t\t\t<\/div>\n\t\t\t\t\t\t\t<div class=\"e-gallery-item elementor-gallery-item elementor-animated-content\">\n\t\t\t\t\t<div class=\"e-gallery-image elementor-gallery-item__image\" data-thumbnail=\"https:\/\/www.portovenere.fr\/fr-fr\/wp-content\/uploads\/2024\/07\/Carrelage-gres-cerame-effet-pierre-naturelle-Evidence-coloris-Greige-pour-sol-et-mur-interieur-et-exterieur-a-Montpellier-34-1-150x150.jpg\" data-width=\"150\" data-height=\"150\" aria-label=\"\" role=\"img\" ><\/div>\n\t\t\t\t\t\t\t\t\t\t\t<div class=\"elementor-gallery-item__overlay\"><\/div>\n\t\t\t\t\t\t\t\t\t\t\t\t\t\t<\/div>\n\t\t\t\t\t\t\t<div class=\"e-gallery-item elementor-gallery-item elementor-animated-content\">\n\t\t\t\t\t<div class=\"e-gallery-image elementor-gallery-item__image\" data-thumbnail=\"https:\/\/www.portovenere.fr\/fr-fr\/wp-content\/uploads\/2024\/07\/Mosaique-hexagonale-effet-pierre-naturelle-credence-murale-5x5-cm-sur-filet-de-30x30-cm-coloris-Beige-Evidence-proche-de-Loupian-34-150x150.jpg\" data-width=\"150\" data-height=\"150\" aria-label=\"\" role=\"img\" ><\/div>\n\t\t\t\t\t\t\t\t\t\t\t<div class=\"elementor-gallery-item__overlay\"><\/div>\n\t\t\t\t\t\t\t\t\t\t\t\t\t\t<\/div>\n\t\t\t\t\t\t\t<div class=\"e-gallery-item elementor-gallery-item elementor-animated-content\">\n\t\t\t\t\t<div class=\"e-gallery-image elementor-gallery-item__image\" data-thumbnail=\"https:\/\/www.portovenere.fr\/fr-fr\/wp-content\/uploads\/2024\/07\/Mosaique-effet-pierre-naturelle-credence-murale-5x5-cm-sur-filet-de-30x30-cm-coloris-Beige-Evidence-proche-de-sussargues-34-150x150.jpg\" data-width=\"150\" data-height=\"150\" aria-label=\"\" role=\"img\" ><\/div>\n\t\t\t\t\t\t\t\t\t\t\t<div class=\"elementor-gallery-item__overlay\"><\/div>\n\t\t\t\t\t\t\t\t\t\t\t\t\t\t<\/div>\n\t\t\t\t\t<\/div>\n\t\t\t\t\t<\/div>\n\t\t\t\t<\/div>\n\t\t\t\t<div class=\"elementor-element elementor-element-4c784f59 elementor-widget elementor-widget-text-editor\" data-id=\"4c784f59\" data-element_type=\"widget\" data-e-type=\"widget\" data-widget_type=\"text-editor.default\">\n\t\t\t\t<div class=\"elementor-widget-container\">\n\t\t\t\t\t\t\t\t\t<p>La fine texture, <b>inspir\u00e9e des pierres s\u00e9dimentaires <\/b>et riche en d\u00e9tails, est caract\u00e9ris\u00e9e par un m\u00e9lange raffin\u00e9 de <b>nuances naturelles<\/b>. Les surfaces, une fois pos\u00e9es, offrent des chromatismes chauds et modernes qui ajoutent une touche de nature aux lignes essentielles de l\u2019architecture contemporaine.\u00a0<\/p><p><span style=\"font-weight: var( --e-global-typography-text-font-weight );\">La collection de carrelage<\/span><b> gr\u00e8s c\u00e9rame color\u00e9 dans la masse<\/b><span style=\"font-weight: var( --e-global-typography-text-font-weight );\"> Evidence, est propos\u00e9e en <\/span><b>finition naturelle pour int\u00e9rieur et antid\u00e9rapante<\/b><span style=\"font-weight: var( --e-global-typography-text-font-weight );\"> pour les terrasses, tour de piscine&#8230;<\/span><\/p><p><span style=\"font-weight: var( --e-global-typography-text-font-weight );\">Le<\/span>\u00a0format\u00a0propos\u00e9\u00a0en 8,5 mm d&rsquo;\u00e9paisseur est\u00a0: <b>100 x 100 cm<\/b><\/p><p><span style=\"font-weight: var( --e-global-typography-text-font-weight );\">En 9,5mm, les formats sont : <\/span><b>60 x 60 cm, 60 x 120 cm, 80 x 80 cm (naturel ou antid\u00e9rapant) et\u00a0120 x 120 cm.<\/b><\/p><p><span style=\"font-weight: var( --e-global-typography-text-font-weight );\">Enfin, cette collection de gr\u00e8s c\u00e9rame est propos\u00e9e en <\/span><b>dalles antid\u00e9rapantes de 2 cm d&rsquo;\u00e9paisseur de 80 x80 cm<\/b><span style=\"font-weight: var( --e-global-typography-text-font-weight );\"> pour une pose en dalles sur plots, pose coll\u00e9e, sur gazon, gravier&#8230;<\/span><\/p>\t\t\t\t\t\t\t\t<\/div>\n\t\t\t\t<\/div>\n\t\t\t\t<div class=\"elementor-element elementor-element-47de94d1 elementor-mobile-align-center elementor-widget elementor-widget-button\" data-id=\"47de94d1\" data-element_type=\"widget\" data-e-type=\"widget\" data-widget_type=\"button.default\">\n\t\t\t\t<div class=\"elementor-widget-container\">\n\t\t\t\t\t\t\t\t\t<div class=\"elementor-button-wrapper\">\n\t\t\t\t\t<a class=\"elementor-button elementor-button-link elementor-size-sm\" href=\"https:\/\/www.portovenere.fr\/fr-fr\/carrelage-sol-et-mur-en-gres-cerame-et-faience\/carrelage-aspect-pierre\/carrelage-contemporain-imitation-pierre-naturelle\/\">\n\t\t\t\t\t\t<span class=\"elementor-button-content-wrapper\">\n\t\t\t\t\t\t\t\t\t<span class=\"elementor-button-text\">VOIR LA COLLECTION<\/span>\n\t\t\t\t\t<\/span>\n\t\t\t\t\t<\/a>\n\t\t\t\t<\/div>\n\t\t\t\t\t\t\t\t<\/div>\n\t\t\t\t<\/div>\n\t\t\t\t\t<\/div>\n\t\t<\/div>\n\t\t\t\t\t<\/div>\n\t\t<\/section>\n\t\t\t\t<section class=\"elementor-section elementor-top-section elementor-element elementor-element-5039f76a elementor-section-full_width elementor-section-height-default elementor-section-height-default\" data-id=\"5039f76a\" data-element_type=\"section\" data-e-type=\"section\">\n\t\t\t\t\t\t<div class=\"elementor-container elementor-column-gap-default\">\n\t\t\t\t\t<div class=\"elementor-column elementor-col-33 elementor-top-column elementor-element elementor-element-6147f913\" data-id=\"6147f913\" data-element_type=\"column\" data-e-type=\"column\" data-settings=\"{&quot;background_background&quot;:&quot;classic&quot;}\">\n\t\t\t<div class=\"elementor-widget-wrap elementor-element-populated\">\n\t\t\t\t\t\t<div class=\"elementor-element elementor-element-4bf00b92 elementor-widget elementor-widget-image\" data-id=\"4bf00b92\" data-element_type=\"widget\" data-e-type=\"widget\" data-widget_type=\"image.default\">\n\t\t\t\t<div class=\"elementor-widget-container\">\n\t\t\t\t\t\t\t\t\t\t\t\t\t\t\t\t<a href=\"https:\/\/www.portovenere.fr\/fr-fr\/carrelage-sol-et-mur-en-gres-cerame-et-faience\/carrelage-extra-fin-special-renovation\/carrelage-slim-special-renovation-5mm-fibre-kerlite-elegance\/\">\n\t\t\t\t\t\t\t<img loading=\"lazy\" decoding=\"async\" width=\"800\" height=\"533\" src=\"https:\/\/www.portovenere.fr\/fr-fr\/wp-content\/uploads\/2020\/02\/Carrelage_Extra_Fin_Slim_Kerlite_Via-Tornabuoni_effet_pierre_proche_N\u00eemes.jpg\" class=\"attachment-large size-large wp-image-25949\" alt=\"Rev\u00eatement de sol pour coller sur ancien carrelage\" srcset=\"https:\/\/www.portovenere.fr\/fr-fr\/wp-content\/uploads\/2020\/02\/Carrelage_Extra_Fin_Slim_Kerlite_Via-Tornabuoni_effet_pierre_proche_N\u00eemes.jpg 860w, https:\/\/www.portovenere.fr\/fr-fr\/wp-content\/uploads\/2020\/02\/Carrelage_Extra_Fin_Slim_Kerlite_Via-Tornabuoni_effet_pierre_proche_N\u00eemes-300x200.jpg 300w, https:\/\/www.portovenere.fr\/fr-fr\/wp-content\/uploads\/2020\/02\/Carrelage_Extra_Fin_Slim_Kerlite_Via-Tornabuoni_effet_pierre_proche_N\u00eemes-768x512.jpg 768w\" sizes=\"(max-width: 800px) 100vw, 800px\" \/>\t\t\t\t\t\t\t\t<\/a>\n\t\t\t\t\t\t\t\t\t\t\t\t\t\t\t<\/div>\n\t\t\t\t<\/div>\n\t\t\t\t<div class=\"elementor-element elementor-element-d03832b elementor-widget elementor-widget-heading\" data-id=\"d03832b\" data-element_type=\"widget\" data-e-type=\"widget\" data-widget_type=\"heading.default\">\n\t\t\t\t<div class=\"elementor-widget-container\">\n\t\t\t\t\t<h3 class=\"elementor-heading-title elementor-size-default\"><a href=\"https:\/\/www.portovenere.fr\/fr-fr\/carrelage-sol-et-mur-en-gres-cerame-et-faience\/carrelage-extra-fin-special-renovation\/carrelage-slim-special-renovation-5mm-fibre-kerlite-elegance\/\">KERLITE ELEGANCE 5,5mm | 4 coloris<\/a><\/h3>\t\t\t\t<\/div>\n\t\t\t\t<\/div>\n\t\t\t\t<div class=\"elementor-element elementor-element-76dc3d64 elementor-widget__width-initial elementor-widget elementor-widget-gallery\" data-id=\"76dc3d64\" data-element_type=\"widget\" data-e-type=\"widget\" data-settings=\"{&quot;gap&quot;:{&quot;unit&quot;:&quot;px&quot;,&quot;size&quot;:3,&quot;sizes&quot;:[]},&quot;columns_mobile&quot;:3,&quot;gap_mobile&quot;:{&quot;unit&quot;:&quot;px&quot;,&quot;size&quot;:6,&quot;sizes&quot;:[]},&quot;columns&quot;:5,&quot;columns_tablet&quot;:3,&quot;gap_tablet&quot;:{&quot;unit&quot;:&quot;px&quot;,&quot;size&quot;:5,&quot;sizes&quot;:[]},&quot;lazyload&quot;:&quot;yes&quot;,&quot;gallery_layout&quot;:&quot;grid&quot;,&quot;aspect_ratio&quot;:&quot;3:2&quot;,&quot;overlay_background&quot;:&quot;yes&quot;,&quot;content_hover_animation&quot;:&quot;fade-in&quot;}\" data-widget_type=\"gallery.default\">\n\t\t\t\t<div class=\"elementor-widget-container\">\n\t\t\t\t\t\t\t<div class=\"elementor-gallery__container\">\n\t\t\t\t\t\t\t<div class=\"e-gallery-item elementor-gallery-item elementor-animated-content\">\n\t\t\t\t\t<div class=\"e-gallery-image elementor-gallery-item__image\" data-thumbnail=\"https:\/\/www.portovenere.fr\/fr-fr\/wp-content\/uploads\/2020\/02\/Kerlite-Elegance_Via-Tornabuoni_Porto_Venere_Montpellier-150x150.jpg\" data-width=\"150\" data-height=\"150\" aria-label=\"\" role=\"img\" ><\/div>\n\t\t\t\t\t\t\t\t\t\t\t<div class=\"elementor-gallery-item__overlay\"><\/div>\n\t\t\t\t\t\t\t\t\t\t\t\t\t\t<\/div>\n\t\t\t\t\t\t\t<div class=\"e-gallery-item elementor-gallery-item elementor-animated-content\">\n\t\t\t\t\t<div class=\"e-gallery-image elementor-gallery-item__image\" data-thumbnail=\"https:\/\/www.portovenere.fr\/fr-fr\/wp-content\/uploads\/2020\/02\/Kerlite-Elegance_Via-Montenapoleone_Porto_Venere_Montpellier-150x150.jpg\" data-width=\"150\" data-height=\"150\" aria-label=\"\" role=\"img\" ><\/div>\n\t\t\t\t\t\t\t\t\t\t\t<div class=\"elementor-gallery-item__overlay\"><\/div>\n\t\t\t\t\t\t\t\t\t\t\t\t\t\t<\/div>\n\t\t\t\t\t\t\t<div class=\"e-gallery-item elementor-gallery-item elementor-animated-content\">\n\t\t\t\t\t<div class=\"e-gallery-image elementor-gallery-item__image\" data-thumbnail=\"https:\/\/www.portovenere.fr\/fr-fr\/wp-content\/uploads\/2020\/02\/Kerlite-Elegance_Via-Farini_Porto_Venere_Montpellier-150x150.jpg\" data-width=\"150\" data-height=\"150\" aria-label=\"\" role=\"img\" ><\/div>\n\t\t\t\t\t\t\t\t\t\t\t<div class=\"elementor-gallery-item__overlay\"><\/div>\n\t\t\t\t\t\t\t\t\t\t\t\t\t\t<\/div>\n\t\t\t\t\t\t\t<div class=\"e-gallery-item elementor-gallery-item elementor-animated-content\">\n\t\t\t\t\t<div class=\"e-gallery-image elementor-gallery-item__image\" data-thumbnail=\"https:\/\/www.portovenere.fr\/fr-fr\/wp-content\/uploads\/2020\/02\/Kerlite-Elegance_Via-Condotti_Porto_Venere_Montpellier-150x150.jpg\" data-width=\"150\" data-height=\"150\" aria-label=\"\" role=\"img\" ><\/div>\n\t\t\t\t\t\t\t\t\t\t\t<div class=\"elementor-gallery-item__overlay\"><\/div>\n\t\t\t\t\t\t\t\t\t\t\t\t\t\t<\/div>\n\t\t\t\t\t<\/div>\n\t\t\t\t\t<\/div>\n\t\t\t\t<\/div>\n\t\t\t\t<div class=\"elementor-element elementor-element-3cdab5a1 elementor-widget elementor-widget-text-editor\" data-id=\"3cdab5a1\" data-element_type=\"widget\" data-e-type=\"widget\" data-widget_type=\"text-editor.default\">\n\t\t\t\t<div class=\"elementor-widget-container\">\n\t\t\t\t\t\t\t\t\t<p>Carrelage contemporain pour sol et mur en gr\u00e8s c\u00e9rame lamin\u00e9 extra-fin de style pierre calcaire naturelle, disponible en \u00e9paisseur 5,5mm. Cette collection est d\u00e9clin\u00e9e en formats 100x100cm et 100x300cm.<\/p><p>Disponible en 4 coloris : Sable, Beige, Gris et Taupe.<\/p>\t\t\t\t\t\t\t\t<\/div>\n\t\t\t\t<\/div>\n\t\t\t\t<div class=\"elementor-element elementor-element-3f8d8740 elementor-mobile-align-center elementor-align-left elementor-widget elementor-widget-button\" data-id=\"3f8d8740\" data-element_type=\"widget\" data-e-type=\"widget\" data-widget_type=\"button.default\">\n\t\t\t\t<div class=\"elementor-widget-container\">\n\t\t\t\t\t\t\t\t\t<div class=\"elementor-button-wrapper\">\n\t\t\t\t\t<a class=\"elementor-button elementor-button-link elementor-size-sm\" href=\"https:\/\/www.portovenere.fr\/fr-fr\/carrelage-sol-et-mur-en-gres-cerame-et-faience\/carrelage-extra-fin-special-renovation\/carrelage-slim-special-renovation-5mm-fibre-kerlite-elegance\/\">\n\t\t\t\t\t\t<span class=\"elementor-button-content-wrapper\">\n\t\t\t\t\t\t\t\t\t<span class=\"elementor-button-text\">Voir la collection<\/span>\n\t\t\t\t\t<\/span>\n\t\t\t\t\t<\/a>\n\t\t\t\t<\/div>\n\t\t\t\t\t\t\t\t<\/div>\n\t\t\t\t<\/div>\n\t\t\t\t\t<\/div>\n\t\t<\/div>\n\t\t\t\t<div class=\"elementor-column elementor-col-33 elementor-top-column elementor-element elementor-element-1f8701d6\" data-id=\"1f8701d6\" data-element_type=\"column\" data-e-type=\"column\" data-settings=\"{&quot;background_background&quot;:&quot;classic&quot;}\">\n\t\t\t<div class=\"elementor-widget-wrap elementor-element-populated\">\n\t\t\t\t\t\t<div class=\"elementor-element elementor-element-2a274c02 elementor-widget elementor-widget-image\" data-id=\"2a274c02\" data-element_type=\"widget\" data-e-type=\"widget\" data-widget_type=\"image.default\">\n\t\t\t\t<div class=\"elementor-widget-container\">\n\t\t\t\t\t\t\t\t\t\t\t\t\t\t\t\t<a href=\"https:\/\/www.portovenere.fr\/fr-fr\/carrelage-sol-et-mur-en-gres-cerame-et-faience\/carrelage-aspect-pierre\/carrelage-aspect-pierre-naturelle-brera\/\">\n\t\t\t\t\t\t\t<img loading=\"lazy\" decoding=\"async\" width=\"800\" height=\"534\" src=\"https:\/\/www.portovenere.fr\/fr-fr\/wp-content\/uploads\/2020\/03\/Carrelage-interieur-et-exterieur-en-gres-cerame-aspect-pierre-contemporaine-Brera.jpg\" class=\"attachment-large size-large wp-image-26398\" alt=\"\" srcset=\"https:\/\/www.portovenere.fr\/fr-fr\/wp-content\/uploads\/2020\/03\/Carrelage-interieur-et-exterieur-en-gres-cerame-aspect-pierre-contemporaine-Brera.jpg 1024w, https:\/\/www.portovenere.fr\/fr-fr\/wp-content\/uploads\/2020\/03\/Carrelage-interieur-et-exterieur-en-gres-cerame-aspect-pierre-contemporaine-Brera-300x200.jpg 300w, https:\/\/www.portovenere.fr\/fr-fr\/wp-content\/uploads\/2020\/03\/Carrelage-interieur-et-exterieur-en-gres-cerame-aspect-pierre-contemporaine-Brera-768x512.jpg 768w\" sizes=\"(max-width: 800px) 100vw, 800px\" \/>\t\t\t\t\t\t\t\t<\/a>\n\t\t\t\t\t\t\t\t\t\t\t\t\t\t\t<\/div>\n\t\t\t\t<\/div>\n\t\t\t\t<div class=\"elementor-element elementor-element-4e913837 elementor-widget elementor-widget-heading\" data-id=\"4e913837\" data-element_type=\"widget\" data-e-type=\"widget\" data-widget_type=\"heading.default\">\n\t\t\t\t<div class=\"elementor-widget-container\">\n\t\t\t\t\t<h3 class=\"elementor-heading-title elementor-size-default\"><a href=\"https:\/\/www.portovenere.fr\/fr-fr\/carrelage-sol-et-mur-en-gres-cerame-et-faience\/carrelage-aspect-pierre\/carrelage-aspect-pierre-naturelle-brera\/\">BRERA | 6 coloris<\/a><\/h3>\t\t\t\t<\/div>\n\t\t\t\t<\/div>\n\t\t\t\t<div class=\"elementor-element elementor-element-434bf96d elementor-widget__width-initial elementor-widget elementor-widget-gallery\" data-id=\"434bf96d\" data-element_type=\"widget\" data-e-type=\"widget\" data-settings=\"{&quot;gap&quot;:{&quot;unit&quot;:&quot;px&quot;,&quot;size&quot;:3,&quot;sizes&quot;:[]},&quot;columns_mobile&quot;:3,&quot;gap_mobile&quot;:{&quot;unit&quot;:&quot;px&quot;,&quot;size&quot;:6,&quot;sizes&quot;:[]},&quot;columns&quot;:5,&quot;columns_tablet&quot;:3,&quot;gap_tablet&quot;:{&quot;unit&quot;:&quot;px&quot;,&quot;size&quot;:5,&quot;sizes&quot;:[]},&quot;lazyload&quot;:&quot;yes&quot;,&quot;gallery_layout&quot;:&quot;grid&quot;,&quot;aspect_ratio&quot;:&quot;3:2&quot;,&quot;overlay_background&quot;:&quot;yes&quot;,&quot;content_hover_animation&quot;:&quot;fade-in&quot;}\" data-widget_type=\"gallery.default\">\n\t\t\t\t<div class=\"elementor-widget-container\">\n\t\t\t\t\t\t\t<div class=\"elementor-gallery__container\">\n\t\t\t\t\t\t\t<div class=\"e-gallery-item elementor-gallery-item elementor-animated-content\">\n\t\t\t\t\t<div class=\"e-gallery-image elementor-gallery-item__image\" data-thumbnail=\"https:\/\/www.portovenere.fr\/fr-fr\/wp-content\/uploads\/2019\/08\/Carrelage_Pierre_Contemporaine_Minimaliste_Brera_Biscuit-150x150.jpg\" data-width=\"150\" data-height=\"150\" aria-label=\"\" role=\"img\" ><\/div>\n\t\t\t\t\t\t\t\t\t\t\t<div class=\"elementor-gallery-item__overlay\"><\/div>\n\t\t\t\t\t\t\t\t\t\t\t\t\t\t<\/div>\n\t\t\t\t\t\t\t<div class=\"e-gallery-item elementor-gallery-item elementor-animated-content\">\n\t\t\t\t\t<div class=\"e-gallery-image elementor-gallery-item__image\" data-thumbnail=\"https:\/\/www.portovenere.fr\/fr-fr\/wp-content\/uploads\/2019\/08\/Carrelage_Pierre_Contemporaine_Minimaliste_Brera_Black-150x150.jpg\" data-width=\"150\" data-height=\"150\" aria-label=\"\" role=\"img\" ><\/div>\n\t\t\t\t\t\t\t\t\t\t\t<div class=\"elementor-gallery-item__overlay\"><\/div>\n\t\t\t\t\t\t\t\t\t\t\t\t\t\t<\/div>\n\t\t\t\t\t\t\t<div class=\"e-gallery-item elementor-gallery-item elementor-animated-content\">\n\t\t\t\t\t<div class=\"e-gallery-image elementor-gallery-item__image\" data-thumbnail=\"https:\/\/www.portovenere.fr\/fr-fr\/wp-content\/uploads\/2019\/08\/Carrelage_Pierre_Contemporaine_Minimaliste_Brera_Dark_Grey-150x150.jpg\" data-width=\"150\" data-height=\"150\" aria-label=\"\" role=\"img\" ><\/div>\n\t\t\t\t\t\t\t\t\t\t\t<div class=\"elementor-gallery-item__overlay\"><\/div>\n\t\t\t\t\t\t\t\t\t\t\t\t\t\t<\/div>\n\t\t\t\t\t\t\t<div class=\"e-gallery-item elementor-gallery-item elementor-animated-content\">\n\t\t\t\t\t<div class=\"e-gallery-image elementor-gallery-item__image\" data-thumbnail=\"https:\/\/www.portovenere.fr\/fr-fr\/wp-content\/uploads\/2019\/08\/Carrelage_Pierre_Contemporaine_Minimaliste_Brera_Greige-150x150.jpg\" data-width=\"150\" data-height=\"150\" aria-label=\"\" role=\"img\" ><\/div>\n\t\t\t\t\t\t\t\t\t\t\t<div class=\"elementor-gallery-item__overlay\"><\/div>\n\t\t\t\t\t\t\t\t\t\t\t\t\t\t<\/div>\n\t\t\t\t\t\t\t<div class=\"e-gallery-item elementor-gallery-item elementor-animated-content\">\n\t\t\t\t\t<div class=\"e-gallery-image elementor-gallery-item__image\" data-thumbnail=\"https:\/\/www.portovenere.fr\/fr-fr\/wp-content\/uploads\/2019\/08\/Carrelage_Pierre_Contemporaine_Minimaliste_Brera_Light_Grey-150x150.jpg\" data-width=\"150\" data-height=\"150\" aria-label=\"\" role=\"img\" ><\/div>\n\t\t\t\t\t\t\t\t\t\t\t<div class=\"elementor-gallery-item__overlay\"><\/div>\n\t\t\t\t\t\t\t\t\t\t\t\t\t\t<\/div>\n\t\t\t\t\t\t\t<div class=\"e-gallery-item elementor-gallery-item elementor-animated-content\">\n\t\t\t\t\t<div class=\"e-gallery-image elementor-gallery-item__image\" data-thumbnail=\"https:\/\/www.portovenere.fr\/fr-fr\/wp-content\/uploads\/2019\/08\/Carrelage_Pierre_Contemporaine_Minimaliste_Brera_White-150x150.jpg\" data-width=\"150\" data-height=\"150\" aria-label=\"\" role=\"img\" ><\/div>\n\t\t\t\t\t\t\t\t\t\t\t<div class=\"elementor-gallery-item__overlay\"><\/div>\n\t\t\t\t\t\t\t\t\t\t\t\t\t\t<\/div>\n\t\t\t\t\t<\/div>\n\t\t\t\t\t<\/div>\n\t\t\t\t<\/div>\n\t\t\t\t<div class=\"elementor-element elementor-element-46f78648 elementor-widget elementor-widget-text-editor\" data-id=\"46f78648\" data-element_type=\"widget\" data-e-type=\"widget\" data-widget_type=\"text-editor.default\">\n\t\t\t\t<div class=\"elementor-widget-container\">\n\t\t\t\t\t\t\t\t\t<p>Carrelage sol et mur aspect pierre naturelle en gr\u00e8s c\u00e9rame color\u00e9 dans la masse. Finitions disponibles : Naturel rectifi\u00e9, Soft textured (reliefs fins et r\u00e9alistes), bouchard\u00e9, et antid\u00e9rapant rectifi\u00e9 pour les tours de piscines et terrasses. Une collection riche de tonalit\u00e9s, formats et d\u00e9cors.<\/p>\t\t\t\t\t\t\t\t<\/div>\n\t\t\t\t<\/div>\n\t\t\t\t<div class=\"elementor-element elementor-element-7a6e087f elementor-mobile-align-center elementor-align-left elementor-widget elementor-widget-button\" data-id=\"7a6e087f\" data-element_type=\"widget\" data-e-type=\"widget\" data-widget_type=\"button.default\">\n\t\t\t\t<div class=\"elementor-widget-container\">\n\t\t\t\t\t\t\t\t\t<div class=\"elementor-button-wrapper\">\n\t\t\t\t\t<a class=\"elementor-button elementor-button-link elementor-size-sm\" href=\"https:\/\/www.portovenere.fr\/fr-fr\/carrelage-sol-et-mur-en-gres-cerame-et-faience\/carrelage-aspect-pierre\/carrelage-aspect-pierre-naturelle-brera\/\">\n\t\t\t\t\t\t<span class=\"elementor-button-content-wrapper\">\n\t\t\t\t\t\t\t\t\t<span class=\"elementor-button-text\">Voir la collection<\/span>\n\t\t\t\t\t<\/span>\n\t\t\t\t\t<\/a>\n\t\t\t\t<\/div>\n\t\t\t\t\t\t\t\t<\/div>\n\t\t\t\t<\/div>\n\t\t\t\t\t<\/div>\n\t\t<\/div>\n\t\t\t\t<div class=\"elementor-column elementor-col-33 elementor-top-column elementor-element elementor-element-276234b3\" data-id=\"276234b3\" data-element_type=\"column\" data-e-type=\"column\" data-settings=\"{&quot;background_background&quot;:&quot;classic&quot;}\">\n\t\t\t<div class=\"elementor-widget-wrap elementor-element-populated\">\n\t\t\t\t\t\t<div class=\"elementor-element elementor-element-585a795e elementor-widget elementor-widget-image\" data-id=\"585a795e\" data-element_type=\"widget\" data-e-type=\"widget\" data-widget_type=\"image.default\">\n\t\t\t\t<div class=\"elementor-widget-container\">\n\t\t\t\t\t\t\t\t\t\t\t\t\t\t\t\t<a href=\"https:\/\/www.portovenere.fr\/fr-fr\/carrelage-sol-et-mur-en-gres-cerame-et-faience\/carrelage-aspect-marbre\/carrelage-imitation-marbre-en-gres-cerame-pour-sol-et-mur-umore\/\">\n\t\t\t\t\t\t\t<img decoding=\"async\" src=\"https:\/\/www.portovenere.fr\/fr-fr\/wp-content\/uploads\/elementor\/thumbs\/Carrelage-mural-et-sol-effet-marbre-patagonia-UMORE-grand-format-magasin-de-carrelage-Porto-venere-Montpellier-pres-de-Agde-34-r9kd19pgm5y4is73s1zy6xwm57m2m4jggl32acx0o0.jpg\" title=\"Carrelage-mural-et-sol-effet-marbre-patagonia-UMORE-grand-format-magasin-de-carrelage-Porto-venere-Montpellier-pr\u00e8s-de-Agde-34\" alt=\"Carrelage imitation marbre maxi format pour sol et mur Umore\" loading=\"lazy\" \/>\t\t\t\t\t\t\t\t<\/a>\n\t\t\t\t\t\t\t\t\t\t\t\t\t\t\t<\/div>\n\t\t\t\t<\/div>\n\t\t\t\t<div class=\"elementor-element elementor-element-4446952f elementor-widget elementor-widget-heading\" data-id=\"4446952f\" data-element_type=\"widget\" data-e-type=\"widget\" data-widget_type=\"heading.default\">\n\t\t\t\t<div class=\"elementor-widget-container\">\n\t\t\t\t\t<h3 class=\"elementor-heading-title elementor-size-default\"><a href=\"https:\/\/www.portovenere.fr\/fr-fr\/carrelage-sol-et-mur-en-gres-cerame-et-faience\/carrelage-aspect-marbre\/carrelage-imitation-marbre-en-gres-cerame-pour-sol-et-mur-umore\/\">UMORE 6mm | 5 coloris<\/a><\/h3>\t\t\t\t<\/div>\n\t\t\t\t<\/div>\n\t\t\t\t<div class=\"elementor-element elementor-element-43f8a514 elementor-widget__width-initial elementor-widget elementor-widget-gallery\" data-id=\"43f8a514\" data-element_type=\"widget\" data-e-type=\"widget\" data-settings=\"{&quot;gap&quot;:{&quot;unit&quot;:&quot;px&quot;,&quot;size&quot;:3,&quot;sizes&quot;:[]},&quot;columns_mobile&quot;:3,&quot;gap_mobile&quot;:{&quot;unit&quot;:&quot;px&quot;,&quot;size&quot;:6,&quot;sizes&quot;:[]},&quot;columns&quot;:6,&quot;columns_tablet&quot;:3,&quot;gap_tablet&quot;:{&quot;unit&quot;:&quot;px&quot;,&quot;size&quot;:5,&quot;sizes&quot;:[]},&quot;lazyload&quot;:&quot;yes&quot;,&quot;gallery_layout&quot;:&quot;grid&quot;,&quot;aspect_ratio&quot;:&quot;3:2&quot;,&quot;overlay_background&quot;:&quot;yes&quot;,&quot;content_hover_animation&quot;:&quot;fade-in&quot;}\" data-widget_type=\"gallery.default\">\n\t\t\t\t<div class=\"elementor-widget-container\">\n\t\t\t\t\t\t\t<div class=\"elementor-gallery__container\">\n\t\t\t\t\t\t\t<div class=\"e-gallery-item elementor-gallery-item elementor-animated-content\">\n\t\t\t\t\t<div class=\"e-gallery-image elementor-gallery-item__image\" data-thumbnail=\"https:\/\/www.portovenere.fr\/fr-fr\/wp-content\/uploads\/2025\/07\/Carrelage-effet-marbre-pour-sol-et-mur-UMORE-Rainforest-nombreux-formats-magasin-de-carrelage-haut-de-gamme-Porto_Venere_Montpellier-pres-de-Marseillan-34-150x150.jpg\" data-width=\"150\" data-height=\"150\" aria-label=\"Carrelage imitation marbre maxi format pour sol et mur Umore\" role=\"img\" ><\/div>\n\t\t\t\t\t\t\t\t\t\t\t<div class=\"elementor-gallery-item__overlay\"><\/div>\n\t\t\t\t\t\t\t\t\t\t\t\t\t\t<\/div>\n\t\t\t\t\t\t\t<div class=\"e-gallery-item elementor-gallery-item elementor-animated-content\">\n\t\t\t\t\t<div class=\"e-gallery-image elementor-gallery-item__image\" data-thumbnail=\"https:\/\/www.portovenere.fr\/fr-fr\/wp-content\/uploads\/2025\/07\/Carrelage-effet-marbre-pour-sol-et-mur-UMORE-Riverbed-nombreux-formats-magasin-de-carrelage-Porto_Venere_Montpellier-pres-de-Frontignan-34-150x150.jpg\" data-width=\"150\" data-height=\"150\" aria-label=\"Carrelage imitation marbre maxi format pour sol et mur Umore\" role=\"img\" ><\/div>\n\t\t\t\t\t\t\t\t\t\t\t<div class=\"elementor-gallery-item__overlay\"><\/div>\n\t\t\t\t\t\t\t\t\t\t\t\t\t\t<\/div>\n\t\t\t\t\t\t\t<div class=\"e-gallery-item elementor-gallery-item elementor-animated-content\">\n\t\t\t\t\t<div class=\"e-gallery-image elementor-gallery-item__image\" data-thumbnail=\"https:\/\/www.portovenere.fr\/fr-fr\/wp-content\/uploads\/2025\/07\/Carrelage-effet-marbre-pour-sol-et-mur-UMORE-Glacier-nombreux-formats-magasin-de-carrelage-haut-de-gamme-Porto_Venere_Montpellier-pres-de-Jacou-34-150x150.jpg\" data-width=\"150\" data-height=\"150\" aria-label=\"Carrelage imitation marbre maxi format pour sol et mur Umore\" role=\"img\" ><\/div>\n\t\t\t\t\t\t\t\t\t\t\t<div class=\"elementor-gallery-item__overlay\"><\/div>\n\t\t\t\t\t\t\t\t\t\t\t\t\t\t<\/div>\n\t\t\t\t\t\t\t<div class=\"e-gallery-item elementor-gallery-item elementor-animated-content\">\n\t\t\t\t\t<div class=\"e-gallery-image elementor-gallery-item__image\" data-thumbnail=\"https:\/\/www.portovenere.fr\/fr-fr\/wp-content\/uploads\/2025\/07\/Carrelage-effet-marbre-pour-sol-et-mur-UMORE-Mountain-Peak-nombreux-formats-magasin-de-carrelage-haut-de-gamme-Porto_Venere_Montpellier-pres-de-Lunel-34-150x150.jpg\" data-width=\"150\" data-height=\"150\" aria-label=\"Carrelage imitation marbre maxi format pour sol et mur Umore\" role=\"img\" ><\/div>\n\t\t\t\t\t\t\t\t\t\t\t<div class=\"elementor-gallery-item__overlay\"><\/div>\n\t\t\t\t\t\t\t\t\t\t\t\t\t\t<\/div>\n\t\t\t\t\t\t\t<div class=\"e-gallery-item elementor-gallery-item elementor-animated-content\">\n\t\t\t\t\t<div class=\"e-gallery-image elementor-gallery-item__image\" data-thumbnail=\"https:\/\/www.portovenere.fr\/fr-fr\/wp-content\/uploads\/2025\/07\/Carrelage-effet-marbre-de-patagonie-pour-sol-et-mur-UMORE-Tundra-nombreux-formats-magasin-de-carrelage-Porto_Venere_Montpellier-pres-de-Mauguio-34-150x150.jpg\" data-width=\"150\" data-height=\"150\" aria-label=\"Carrelage imitation marbre maxi format pour sol et mur Umore effet patagonia Tundra\" role=\"img\" ><\/div>\n\t\t\t\t\t\t\t\t\t\t\t<div class=\"elementor-gallery-item__overlay\"><\/div>\n\t\t\t\t\t\t\t\t\t\t\t\t\t\t<\/div>\n\t\t\t\t\t<\/div>\n\t\t\t\t\t<\/div>\n\t\t\t\t<\/div>\n\t\t\t\t<div class=\"elementor-element elementor-element-7eac43ea elementor-widget elementor-widget-text-editor\" data-id=\"7eac43ea\" data-element_type=\"widget\" data-e-type=\"widget\" data-widget_type=\"text-editor.default\">\n\t\t\t\t<div class=\"elementor-widget-container\">\n\t\t\t\t\t\t\t\t\t<p data-start=\"156\" data-end=\"379\">UMORE est une collection de <strong data-start=\"184\" data-end=\"225\">carrelage en gr\u00e8s c\u00e9rame effet marbre<\/strong> haut de gamme, con\u00e7ue pour sublimer les espaces r\u00e9sidentiels comme professionnels. Elle allie la beaut\u00e9 du marbre naturel \u00e0 la r\u00e9sistance du gr\u00e8s c\u00e9rame.<\/p><p data-start=\"381\" data-end=\"607\">D\u00e9clin\u00e9e en cinq styles inspir\u00e9s de la nature \u2014 <strong data-start=\"429\" data-end=\"439\">Tundra<\/strong>, <strong data-start=\"441\" data-end=\"455\">Rainforest<\/strong>, <strong data-start=\"457\" data-end=\"469\">Riverbed<\/strong>, <strong data-start=\"471\" data-end=\"482\">Glacier<\/strong> et <strong data-start=\"486\" data-end=\"503\">Mountain Peak<\/strong> \u2014 elle offre des d\u00e9cors riches en veinures, allant du blanc cristallin aux nuances sombres et intenses.<\/p><p data-start=\"609\" data-end=\"819\">Disponible en <strong data-start=\"623\" data-end=\"641\">grands formats<\/strong> (160\u00d7320, 120\u00d7280, 120\u00d7240, 120\u00d7120, 60\u00d7120 cm), UMORE permet une pose avec peu de joints, pour un rendu visuel \u00e9l\u00e9gant et continu. Deux <strong data-start=\"779\" data-end=\"792\">finitions<\/strong> subliment chaque d\u00e9cor :<\/p><ul data-start=\"820\" data-end=\"931\"><li data-start=\"820\" data-end=\"872\"><p data-start=\"822\" data-end=\"872\"><strong data-start=\"822\" data-end=\"832\">Glossy<\/strong>, brillante, pour refl\u00e9ter la lumi\u00e8re,<\/p><\/li><li data-start=\"873\" data-end=\"931\"><p data-start=\"875\" data-end=\"931\"><b>Matt Silk<\/b>, douce et mate, pour une ambiance apaisante.<\/p><\/li><\/ul><p data-start=\"933\" data-end=\"1105\">Avec ses <strong data-start=\"942\" data-end=\"969\">\u00e9paisseurs 6 mm et 9 mm<\/strong>, ce carrelage s\u2019installe au <strong data-start=\"998\" data-end=\"1005\">sol<\/strong> comme au <strong data-start=\"1015\" data-end=\"1022\">mur<\/strong> : <strong data-start=\"1025\" data-end=\"1042\">salle de bain<\/strong>, <strong data-start=\"1044\" data-end=\"1055\">cuisine<\/strong>, <strong data-start=\"1057\" data-end=\"1066\">salon<\/strong>, <strong data-start=\"1068\" data-end=\"1079\">chambre<\/strong>, <strong data-start=\"1081\" data-end=\"1090\">h\u00f4tel<\/strong>, <strong data-start=\"1092\" data-end=\"1104\">commerce<\/strong>\u2026<\/p><p data-start=\"1107\" data-end=\"1240\">R\u00e9sistant \u00e0 l\u2019humidit\u00e9, aux taches et facile \u00e0 entretenir, UMORE est le choix id\u00e9al pour un int\u00e9rieur raffin\u00e9, durable et intemporel.<\/p>\t\t\t\t\t\t\t\t<\/div>\n\t\t\t\t<\/div>\n\t\t\t\t<div class=\"elementor-element elementor-element-28768bc elementor-mobile-align-center elementor-align-left elementor-widget elementor-widget-button\" data-id=\"28768bc\" data-element_type=\"widget\" data-e-type=\"widget\" data-widget_type=\"button.default\">\n\t\t\t\t<div class=\"elementor-widget-container\">\n\t\t\t\t\t\t\t\t\t<div class=\"elementor-button-wrapper\">\n\t\t\t\t\t<a class=\"elementor-button elementor-button-link elementor-size-sm\" href=\"https:\/\/www.portovenere.fr\/fr-fr\/carrelage-sol-et-mur-en-gres-cerame-et-faience\/carrelage-aspect-marbre\/carrelage-imitation-marbre-en-gres-cerame-pour-sol-et-mur-umore\/\">\n\t\t\t\t\t\t<span class=\"elementor-button-content-wrapper\">\n\t\t\t\t\t\t\t\t\t<span class=\"elementor-button-text\">Voir la collection<\/span>\n\t\t\t\t\t<\/span>\n\t\t\t\t\t<\/a>\n\t\t\t\t<\/div>\n\t\t\t\t\t\t\t\t<\/div>\n\t\t\t\t<\/div>\n\t\t\t\t\t<\/div>\n\t\t<\/div>\n\t\t\t\t\t<\/div>\n\t\t<\/section>\n\t\t\t\t<section class=\"elementor-section elementor-top-section elementor-element elementor-element-57563481 elementor-section-full_width elementor-section-height-default elementor-section-height-default\" data-id=\"57563481\" data-element_type=\"section\" data-e-type=\"section\">\n\t\t\t\t\t\t<div class=\"elementor-container elementor-column-gap-default\">\n\t\t\t\t\t<div class=\"elementor-column elementor-col-33 elementor-top-column elementor-element elementor-element-5d32ea6b\" data-id=\"5d32ea6b\" data-element_type=\"column\" data-e-type=\"column\" data-settings=\"{&quot;background_background&quot;:&quot;classic&quot;}\">\n\t\t\t<div class=\"elementor-widget-wrap elementor-element-populated\">\n\t\t\t\t\t\t<div class=\"elementor-element elementor-element-1ec706ac elementor-widget elementor-widget-image\" data-id=\"1ec706ac\" data-element_type=\"widget\" data-e-type=\"widget\" data-widget_type=\"image.default\">\n\t\t\t\t<div class=\"elementor-widget-container\">\n\t\t\t\t\t\t\t\t\t\t\t\t\t\t\t\t<a href=\"https:\/\/www.portovenere.fr\/fr-fr\/carrelage-sol-et-mur-en-gres-cerame-et-faience\/carrelage-aspect-pierre\/carrelage-clair-aspect-pierre-calcaire-creana\/\">\n\t\t\t\t\t\t\t<img decoding=\"async\" src=\"https:\/\/www.portovenere.fr\/fr-fr\/wp-content\/uploads\/elementor\/thumbs\/Carrelage-grand-format-sol-et-mur-effet-pierre-naturelle-Creana-Ivory-salon-cuisine-contemporaine-120x120-au-sol-et-120x278-cm-au-mur-a-montpellier-34-r8iff0spmdrhauabp2cboe31vub7lfl6zqt9vkbixs.jpg\" title=\"Carrelage-grand-format-sol-et-mur-effet-pierre-naturelle-Creana-Ivory-salon-cuisine-contemporaine-120&#215;120-au-sol-et-120&#215;278-cm-au-mur-\u00e0-montpellier-34\" alt=\"Creana Ivory\" loading=\"lazy\" \/>\t\t\t\t\t\t\t\t<\/a>\n\t\t\t\t\t\t\t\t\t\t\t\t\t\t\t<\/div>\n\t\t\t\t<\/div>\n\t\t\t\t<div class=\"elementor-element elementor-element-17867145 elementor-widget elementor-widget-heading\" data-id=\"17867145\" data-element_type=\"widget\" data-e-type=\"widget\" data-widget_type=\"heading.default\">\n\t\t\t\t<div class=\"elementor-widget-container\">\n\t\t\t\t\t<h3 class=\"elementor-heading-title elementor-size-default\"><a href=\"https:\/\/www.portovenere.fr\/fr-fr\/carrelage-sol-et-mur-en-gres-cerame-et-faience\/carrelage-aspect-pierre\/carrelage-clair-aspect-pierre-calcaire-creana\/\">CREANA | 4 coloris &amp; mosa\u00efques<\/a><\/h3>\t\t\t\t<\/div>\n\t\t\t\t<\/div>\n\t\t\t\t<div class=\"elementor-element elementor-element-4521e9d7 elementor-widget__width-initial elementor-widget elementor-widget-gallery\" data-id=\"4521e9d7\" data-element_type=\"widget\" data-e-type=\"widget\" data-settings=\"{&quot;gap&quot;:{&quot;unit&quot;:&quot;px&quot;,&quot;size&quot;:3,&quot;sizes&quot;:[]},&quot;columns_mobile&quot;:3,&quot;gap_mobile&quot;:{&quot;unit&quot;:&quot;px&quot;,&quot;size&quot;:6,&quot;sizes&quot;:[]},&quot;columns&quot;:5,&quot;columns_tablet&quot;:3,&quot;gap_tablet&quot;:{&quot;unit&quot;:&quot;px&quot;,&quot;size&quot;:5,&quot;sizes&quot;:[]},&quot;lazyload&quot;:&quot;yes&quot;,&quot;gallery_layout&quot;:&quot;grid&quot;,&quot;aspect_ratio&quot;:&quot;3:2&quot;,&quot;overlay_background&quot;:&quot;yes&quot;,&quot;content_hover_animation&quot;:&quot;fade-in&quot;}\" data-widget_type=\"gallery.default\">\n\t\t\t\t<div class=\"elementor-widget-container\">\n\t\t\t\t\t\t\t<div class=\"elementor-gallery__container\">\n\t\t\t\t\t\t\t<div class=\"e-gallery-item elementor-gallery-item elementor-animated-content\">\n\t\t\t\t\t<div class=\"e-gallery-image elementor-gallery-item__image\" data-thumbnail=\"https:\/\/www.portovenere.fr\/fr-fr\/wp-content\/uploads\/2024\/08\/Carrelage-pierre-claire-en-gres-cerame-effet-calcaire-Creana-Sand-sable-pour-interieur-et-exterieur-pres-de-Vendargues-34-150x150.jpg\" data-width=\"150\" data-height=\"150\" aria-label=\"\" role=\"img\" ><\/div>\n\t\t\t\t\t\t\t\t\t\t\t<div class=\"elementor-gallery-item__overlay\"><\/div>\n\t\t\t\t\t\t\t\t\t\t\t\t\t\t<\/div>\n\t\t\t\t\t\t\t<div class=\"e-gallery-item elementor-gallery-item elementor-animated-content\">\n\t\t\t\t\t<div class=\"e-gallery-image elementor-gallery-item__image\" data-thumbnail=\"https:\/\/www.portovenere.fr\/fr-fr\/wp-content\/uploads\/2024\/08\/Carrelage-pierre-claire-en-gres-cerame-effet-calcaire-Creana-White-Blanc-pour-interieur-et-exterieur-a-Montpellier-34-150x150.jpg\" data-width=\"150\" data-height=\"150\" aria-label=\"\" role=\"img\" ><\/div>\n\t\t\t\t\t\t\t\t\t\t\t<div class=\"elementor-gallery-item__overlay\"><\/div>\n\t\t\t\t\t\t\t\t\t\t\t\t\t\t<\/div>\n\t\t\t\t\t\t\t<div class=\"e-gallery-item elementor-gallery-item elementor-animated-content\">\n\t\t\t\t\t<div class=\"e-gallery-image elementor-gallery-item__image\" data-thumbnail=\"https:\/\/www.portovenere.fr\/fr-fr\/wp-content\/uploads\/2024\/08\/Carrelage-pierre-claire-en-gres-cerame-effet-calcaire-Creana-Pearl-pour-interieur-et-exterieur-pres-de-Bouzigues-34-150x150.jpg\" data-width=\"150\" data-height=\"150\" aria-label=\"\" role=\"img\" ><\/div>\n\t\t\t\t\t\t\t\t\t\t\t<div class=\"elementor-gallery-item__overlay\"><\/div>\n\t\t\t\t\t\t\t\t\t\t\t\t\t\t<\/div>\n\t\t\t\t\t\t\t<div class=\"e-gallery-item elementor-gallery-item elementor-animated-content\">\n\t\t\t\t\t<div class=\"e-gallery-image elementor-gallery-item__image\" data-thumbnail=\"https:\/\/www.portovenere.fr\/fr-fr\/wp-content\/uploads\/2024\/08\/Carrelage-pierre-claire-en-gres-cerame-effet-calcaire-Creana-Ivory-Ivoire-pour-interieur-et-exterieur-pres-de-Castelnau-le-lez-34-150x150.jpg\" data-width=\"150\" data-height=\"150\" aria-label=\"\" role=\"img\" ><\/div>\n\t\t\t\t\t\t\t\t\t\t\t<div class=\"elementor-gallery-item__overlay\"><\/div>\n\t\t\t\t\t\t\t\t\t\t\t\t\t\t<\/div>\n\t\t\t\t\t\t\t<div class=\"e-gallery-item elementor-gallery-item elementor-animated-content\">\n\t\t\t\t\t<div class=\"e-gallery-image elementor-gallery-item__image\" data-thumbnail=\"https:\/\/www.portovenere.fr\/fr-fr\/wp-content\/uploads\/2024\/08\/Mosaique-originale-esprit-pierre-naturelle-Creana-Sand-pres-de-Saint-jean-de-vedas-34-150x150.jpg\" data-width=\"150\" data-height=\"150\" aria-label=\"\" role=\"img\" ><\/div>\n\t\t\t\t\t\t\t\t\t\t\t<div class=\"elementor-gallery-item__overlay\"><\/div>\n\t\t\t\t\t\t\t\t\t\t\t\t\t\t<\/div>\n\t\t\t\t\t\t\t<div class=\"e-gallery-item elementor-gallery-item elementor-animated-content\">\n\t\t\t\t\t<div class=\"e-gallery-image elementor-gallery-item__image\" data-thumbnail=\"https:\/\/www.portovenere.fr\/fr-fr\/wp-content\/uploads\/2024\/08\/Mosaique-originale-esprit-pierre-naturelle-Creana-White-carrelage-salle-de-bain-pres-deBeziers-34-150x150.jpg\" data-width=\"150\" data-height=\"150\" aria-label=\"\" role=\"img\" ><\/div>\n\t\t\t\t\t\t\t\t\t\t\t<div class=\"elementor-gallery-item__overlay\"><\/div>\n\t\t\t\t\t\t\t\t\t\t\t\t\t\t<\/div>\n\t\t\t\t\t\t\t<div class=\"e-gallery-item elementor-gallery-item elementor-animated-content\">\n\t\t\t\t\t<div class=\"e-gallery-image elementor-gallery-item__image\" data-thumbnail=\"https:\/\/www.portovenere.fr\/fr-fr\/wp-content\/uploads\/2024\/08\/Mosaique-originale-esprit-pierre-naturelle-Creana-Ivory-carrelage-salle-de-bain-pres-de-Juvignac-34-150x150.jpg\" data-width=\"150\" data-height=\"150\" aria-label=\"\" role=\"img\" ><\/div>\n\t\t\t\t\t\t\t\t\t\t\t<div class=\"elementor-gallery-item__overlay\"><\/div>\n\t\t\t\t\t\t\t\t\t\t\t\t\t\t<\/div>\n\t\t\t\t\t\t\t<div class=\"e-gallery-item elementor-gallery-item elementor-animated-content\">\n\t\t\t\t\t<div class=\"e-gallery-image elementor-gallery-item__image\" data-thumbnail=\"https:\/\/www.portovenere.fr\/fr-fr\/wp-content\/uploads\/2024\/08\/Mosaique-originale-esprit-pierre-naturelle-Creana-Pearl-pres-de-Saint-Clement-de-Riviere-34-150x150.jpg\" data-width=\"150\" data-height=\"150\" aria-label=\"\" role=\"img\" ><\/div>\n\t\t\t\t\t\t\t\t\t\t\t<div class=\"elementor-gallery-item__overlay\"><\/div>\n\t\t\t\t\t\t\t\t\t\t\t\t\t\t<\/div>\n\t\t\t\t\t<\/div>\n\t\t\t\t\t<\/div>\n\t\t\t\t<\/div>\n\t\t\t\t<div class=\"elementor-element elementor-element-17f4120 elementor-widget elementor-widget-text-editor\" data-id=\"17f4120\" data-element_type=\"widget\" data-e-type=\"widget\" data-widget_type=\"text-editor.default\">\n\t\t\t\t<div class=\"elementor-widget-container\">\n\t\t\t\t\t\t\t\t\t<p>Ce carrelage&nbsp;<b>gr\u00e8s c\u00e9rame de belle qualit\u00e9&nbsp;<\/b>reprend<b>&nbsp;l\u2019esprit de la pierre naturelle calcaire&nbsp;<\/b>avec les avantages du gr\u00e8s c\u00e9rame.<\/p>\n<p>Il propose plusieurs formats \u00e0 poser au&nbsp;<b>sol&nbsp;<\/b>et au<b>&nbsp;mur&nbsp;<\/b>en&nbsp;<b>int\u00e9rieur mais aussi en ext\u00e9rieur<\/b>&nbsp;:&nbsp; 60\u00d760 cm, 60\u00d760 cm, 60\u00d7120 cm, 120\u00d7120 cm et un format fine \u00e9paisseur <b>XXL de 120\u00d7278 cm<\/b>.&nbsp;<\/p>\n<p>Le carrelage effet pierre calcaire Creana est propos\u00e9 en dalles antid\u00e9rapantes de 2 cm d\u2019\u00e9paisseur pour une pose sur plots, pose coll\u00e9e, sur gazon, en tour de piscine ou terrasse (coloris Pearl et Ivory) formats : 60\u00d7120 cm et 60\u00d760 cm.<\/p>\n<p>Une&nbsp;<b>mosa\u00efque \u00ab&nbsp;hexagonale&nbsp;\u00bb<\/b>&nbsp;ainsi qu\u2019une mosa\u00efque 30\u00d730 cm compl\u00e8tent cette collection de c\u00e9ramique contemporaine.&nbsp;<\/p>\n<p><b>4&nbsp;coloris<\/b>&nbsp;(<b>sable, ivoire, blanc et perle<\/b>) inspir\u00e9s de la nature&nbsp;pour apporter une touche&nbsp;douce et&nbsp;naturelle \u00e0 vos espaces : salle de bain, terrasse, cuisine, s\u00e9jour, piscine, chambre\u2026<\/p>\t\t\t\t\t\t\t\t<\/div>\n\t\t\t\t<\/div>\n\t\t\t\t<div class=\"elementor-element elementor-element-6d41d384 elementor-mobile-align-center elementor-align-left elementor-widget elementor-widget-button\" data-id=\"6d41d384\" data-element_type=\"widget\" data-e-type=\"widget\" data-widget_type=\"button.default\">\n\t\t\t\t<div class=\"elementor-widget-container\">\n\t\t\t\t\t\t\t\t\t<div class=\"elementor-button-wrapper\">\n\t\t\t\t\t<a class=\"elementor-button elementor-button-link elementor-size-sm\" href=\"https:\/\/www.portovenere.fr\/fr-fr\/carrelage-sol-et-mur-en-gres-cerame-et-faience\/carrelage-aspect-pierre\/carrelage-clair-aspect-pierre-calcaire-creana\/\">\n\t\t\t\t\t\t<span class=\"elementor-button-content-wrapper\">\n\t\t\t\t\t\t\t\t\t<span class=\"elementor-button-text\">Voir la collection<\/span>\n\t\t\t\t\t<\/span>\n\t\t\t\t\t<\/a>\n\t\t\t\t<\/div>\n\t\t\t\t\t\t\t\t<\/div>\n\t\t\t\t<\/div>\n\t\t\t\t\t<\/div>\n\t\t<\/div>\n\t\t\t\t<div class=\"elementor-column elementor-col-33 elementor-top-column elementor-element elementor-element-7f0efa6\" data-id=\"7f0efa6\" data-element_type=\"column\" data-e-type=\"column\" data-settings=\"{&quot;background_background&quot;:&quot;classic&quot;}\">\n\t\t\t<div class=\"elementor-widget-wrap elementor-element-populated\">\n\t\t\t\t\t\t<div class=\"elementor-element elementor-element-5fa4153 elementor-widget elementor-widget-image\" data-id=\"5fa4153\" data-element_type=\"widget\" data-e-type=\"widget\" data-widget_type=\"image.default\">\n\t\t\t\t<div class=\"elementor-widget-container\">\n\t\t\t\t\t\t\t\t\t\t\t\t\t\t\t\t<a href=\"https:\/\/www.portovenere.fr\/fr-fr\/carrelage-sol-et-mur-en-gres-cerame-et-faience\/carrelage-aspect-pierre\/carrelage-fine-epaisseur-effet-marbre-pour-sols-et-murs-baskana\/\">\n\t\t\t\t\t\t\t<img decoding=\"async\" src=\"https:\/\/www.portovenere.fr\/fr-fr\/wp-content\/uploads\/elementor\/thumbs\/Carrelage-fine-epaisseur-6-mm-effet-marbre-luxe-brillant-pour-sols-et-murs-grands-formats-BASKANA-coloris-Alaska-Magasin-de-carrelages-haut-de-gamme-a-Montpellier-34--rif79jur7ioc9knhbz9mjbxiq9d8wvr0z30tnrhua0.jpg\" title=\"Carrelage-fine-\u00e9paisseur-6-mm-effet-marbre-luxe-brillant-pour-sols-et-murs-grands-formats-BASKANA-coloris-Alaska-Magasin-de-carrelages-haut-de-gamme-\u00e0-Montpellier-34-\" alt=\"Coloris Alaska format 120x120 cm finition Glossy Brillant\" loading=\"lazy\" \/>\t\t\t\t\t\t\t\t<\/a>\n\t\t\t\t\t\t\t\t\t\t\t\t\t\t\t<\/div>\n\t\t\t\t<\/div>\n\t\t\t\t<div class=\"elementor-element elementor-element-5d0a22f elementor-widget elementor-widget-heading\" data-id=\"5d0a22f\" data-element_type=\"widget\" data-e-type=\"widget\" data-widget_type=\"heading.default\">\n\t\t\t\t<div class=\"elementor-widget-container\">\n\t\t\t\t\t<h3 class=\"elementor-heading-title elementor-size-default\"><a href=\"https:\/\/www.portovenere.fr\/fr-fr\/carrelage-sol-et-mur-en-gres-cerame-et-faience\/carrelage-aspect-pierre\/carrelage-fine-epaisseur-effet-marbre-pour-sols-et-murs-baskana\/\">BASKANA | 2 coloris<\/a><\/h3>\t\t\t\t<\/div>\n\t\t\t\t<\/div>\n\t\t\t\t<div class=\"elementor-element elementor-element-5aa9d4b elementor-widget__width-initial elementor-widget elementor-widget-gallery\" data-id=\"5aa9d4b\" data-element_type=\"widget\" data-e-type=\"widget\" data-settings=\"{&quot;gap&quot;:{&quot;unit&quot;:&quot;px&quot;,&quot;size&quot;:3,&quot;sizes&quot;:[]},&quot;columns_mobile&quot;:3,&quot;gap_mobile&quot;:{&quot;unit&quot;:&quot;px&quot;,&quot;size&quot;:6,&quot;sizes&quot;:[]},&quot;columns&quot;:5,&quot;columns_tablet&quot;:3,&quot;gap_tablet&quot;:{&quot;unit&quot;:&quot;px&quot;,&quot;size&quot;:5,&quot;sizes&quot;:[]},&quot;lazyload&quot;:&quot;yes&quot;,&quot;gallery_layout&quot;:&quot;grid&quot;,&quot;link_to&quot;:&quot;file&quot;,&quot;aspect_ratio&quot;:&quot;3:2&quot;,&quot;overlay_background&quot;:&quot;yes&quot;,&quot;content_hover_animation&quot;:&quot;fade-in&quot;}\" data-widget_type=\"gallery.default\">\n\t\t\t\t<div class=\"elementor-widget-container\">\n\t\t\t\t\t\t\t<div class=\"elementor-gallery__container\">\n\t\t\t\t\t\t\t<a class=\"e-gallery-item elementor-gallery-item elementor-animated-content\" href=\"https:\/\/www.portovenere.fr\/fr-fr\/wp-content\/uploads\/2026\/01\/Carrelage-fine-epaisseur-6-mm-effet-marbre-luxe-brillant-pour-sols-et-murs-grands-formats-BASKANA-coloris-Alaska-Magasin-de-carrelages-Porto-Venere-pres-de-Agde-34-.jpg\" data-elementor-open-lightbox=\"yes\" data-elementor-lightbox-slideshow=\"5aa9d4b\" data-elementor-lightbox-title=\"Carrelage-fine-\u00e9paisseur-6-mm-effet-marbre-luxe-brillant-pour-sols-et-murs-grands-formats-BASKANA-coloris-Alaska-Magasin-de-carrelages-Porto-Venere-pr\u00e8s-de-Agde-34-\" data-e-action-hash=\"#elementor-action%3Aaction%3Dlightbox%26settings%3DeyJpZCI6Njk0OTcsInVybCI6Imh0dHBzOlwvXC93d3cucG9ydG92ZW5lcmUuZnJcL2ZyLWZyXC93cC1jb250ZW50XC91cGxvYWRzXC8yMDI2XC8wMVwvQ2FycmVsYWdlLWZpbmUtZXBhaXNzZXVyLTYtbW0tZWZmZXQtbWFyYnJlLWx1eGUtYnJpbGxhbnQtcG91ci1zb2xzLWV0LW11cnMtZ3JhbmRzLWZvcm1hdHMtQkFTS0FOQS1jb2xvcmlzLUFsYXNrYS1NYWdhc2luLWRlLWNhcnJlbGFnZXMtUG9ydG8tVmVuZXJlLXByZXMtZGUtQWdkZS0zNC0uanBnIiwic2xpZGVzaG93IjoiNWFhOWQ0YiJ9\">\n\t\t\t\t\t<div class=\"e-gallery-image elementor-gallery-item__image\" data-thumbnail=\"https:\/\/www.portovenere.fr\/fr-fr\/wp-content\/uploads\/2026\/01\/Carrelage-fine-epaisseur-6-mm-effet-marbre-luxe-brillant-pour-sols-et-murs-grands-formats-BASKANA-coloris-Alaska-Magasin-de-carrelages-Porto-Venere-pres-de-Agde-34--150x150.jpg\" data-width=\"150\" data-height=\"150\" aria-label=\"\" role=\"img\" ><\/div>\n\t\t\t\t\t\t\t\t\t\t\t<div class=\"elementor-gallery-item__overlay\"><\/div>\n\t\t\t\t\t\t\t\t\t\t\t\t\t\t<\/a>\n\t\t\t\t\t\t\t<a class=\"e-gallery-item elementor-gallery-item elementor-animated-content\" href=\"https:\/\/www.portovenere.fr\/fr-fr\/wp-content\/uploads\/2026\/01\/Carrelage-fine-epaisseur-6-mm-effet-marbre-luxe-brillant-noir-pour-sols-et-murs-grands-formats-BASKANA-coloris-Orobico-Magasin-de-carrelages-Porto-Venere-pres-de-Sete-34-.jpg\" data-elementor-open-lightbox=\"yes\" data-elementor-lightbox-slideshow=\"5aa9d4b\" data-elementor-lightbox-title=\"Carrelage-fine-\u00e9paisseur-6-mm-effet-marbre-luxe-brillant-noir-pour-sols-et-murs-grands-formats-BASKANA-coloris-Orobico-Magasin-de-carrelages-Porto-Venere-pr\u00e8s-de-S\u00e8te-34-\" data-e-action-hash=\"#elementor-action%3Aaction%3Dlightbox%26settings%3DeyJpZCI6Njk0OTIsInVybCI6Imh0dHBzOlwvXC93d3cucG9ydG92ZW5lcmUuZnJcL2ZyLWZyXC93cC1jb250ZW50XC91cGxvYWRzXC8yMDI2XC8wMVwvQ2FycmVsYWdlLWZpbmUtZXBhaXNzZXVyLTYtbW0tZWZmZXQtbWFyYnJlLWx1eGUtYnJpbGxhbnQtbm9pci1wb3VyLXNvbHMtZXQtbXVycy1ncmFuZHMtZm9ybWF0cy1CQVNLQU5BLWNvbG9yaXMtT3JvYmljby1NYWdhc2luLWRlLWNhcnJlbGFnZXMtUG9ydG8tVmVuZXJlLXByZXMtZGUtU2V0ZS0zNC0uanBnIiwic2xpZGVzaG93IjoiNWFhOWQ0YiJ9\">\n\t\t\t\t\t<div class=\"e-gallery-image elementor-gallery-item__image\" data-thumbnail=\"https:\/\/www.portovenere.fr\/fr-fr\/wp-content\/uploads\/2026\/01\/Carrelage-fine-epaisseur-6-mm-effet-marbre-luxe-brillant-noir-pour-sols-et-murs-grands-formats-BASKANA-coloris-Orobico-Magasin-de-carrelages-Porto-Venere-pres-de-Sete-34--150x150.jpg\" data-width=\"150\" data-height=\"150\" aria-label=\"\" role=\"img\" ><\/div>\n\t\t\t\t\t\t\t\t\t\t\t<div class=\"elementor-gallery-item__overlay\"><\/div>\n\t\t\t\t\t\t\t\t\t\t\t\t\t\t<\/a>\n\t\t\t\t\t<\/div>\n\t\t\t\t\t<\/div>\n\t\t\t\t<\/div>\n\t\t\t\t<div class=\"elementor-element elementor-element-e6c2d3c elementor-widget elementor-widget-text-editor\" data-id=\"e6c2d3c\" data-element_type=\"widget\" data-e-type=\"widget\" data-widget_type=\"text-editor.default\">\n\t\t\t\t<div class=\"elementor-widget-container\">\n\t\t\t\t\t\t\t\t\t<p data-start=\"2207\" data-end=\"2521\"><strong data-start=\"2207\" data-end=\"2218\">BASKANA<\/strong> r\u00e9interpr\u00e8te l\u2019\u00e9l\u00e9gance du marbre dans une collection de carrelage c\u00e9ramique <strong data-start=\"2296\" data-end=\"2329\">ultra fine \u00e9paisseur (6,5 mm)<\/strong>, pens\u00e9e pour les sols et murs.\u00a0<\/p><p data-start=\"2207\" data-end=\"2521\">D\u00e9clin\u00e9e en deux nuances raffin\u00e9es, <strong data-start=\"2397\" data-end=\"2407\">Alaska<\/strong>, claire et lumineuse, et <strong data-start=\"2433\" data-end=\"2444\">Orobico<\/strong>, plus intense et expressive, elle s\u2019adapte \u00e0 tous les styles d\u2019architecture.<\/p><p data-start=\"2523\" data-end=\"2854\">Disponible en <strong data-start=\"2537\" data-end=\"2550\">60\u00d7120 cm<\/strong>, <strong data-start=\"2552\" data-end=\"2566\">120\u00d7120 cm<\/strong> et en <strong data-start=\"2573\" data-end=\"2598\">format XXL 120\u00d7278 cm<\/strong>, BASKANA permet de cr\u00e9er de vastes surfaces continues.\u00a0<\/p><p data-start=\"2523\" data-end=\"2854\">Les finitions <strong data-start=\"2668\" data-end=\"2688\">Glossy brillante<\/strong> ou <strong data-start=\"2692\" data-end=\"2705\">Touch mat<\/strong> offrent deux lectures esth\u00e9tiques, du marbre \u00e9clatant au rendu plus doux et contemporain. Une solution id\u00e9ale pour des projets \u00e9l\u00e9gants et durables.<\/p>\t\t\t\t\t\t\t\t<\/div>\n\t\t\t\t<\/div>\n\t\t\t\t<div class=\"elementor-element elementor-element-db4158c elementor-mobile-align-center elementor-align-left elementor-widget elementor-widget-button\" data-id=\"db4158c\" data-element_type=\"widget\" data-e-type=\"widget\" data-widget_type=\"button.default\">\n\t\t\t\t<div class=\"elementor-widget-container\">\n\t\t\t\t\t\t\t\t\t<div class=\"elementor-button-wrapper\">\n\t\t\t\t\t<a class=\"elementor-button elementor-button-link elementor-size-sm\" href=\"https:\/\/www.portovenere.fr\/fr-fr\/carrelage-sol-et-mur-en-gres-cerame-et-faience\/carrelage-aspect-pierre\/carrelage-fine-epaisseur-effet-marbre-pour-sols-et-murs-baskana\/\">\n\t\t\t\t\t\t<span class=\"elementor-button-content-wrapper\">\n\t\t\t\t\t\t\t\t\t<span class=\"elementor-button-text\">Voir la collection<\/span>\n\t\t\t\t\t<\/span>\n\t\t\t\t\t<\/a>\n\t\t\t\t<\/div>\n\t\t\t\t\t\t\t\t<\/div>\n\t\t\t\t<\/div>\n\t\t\t\t\t<\/div>\n\t\t<\/div>\n\t\t\t\t<div class=\"elementor-column elementor-col-33 elementor-top-column elementor-element elementor-element-ed16519\" data-id=\"ed16519\" data-element_type=\"column\" data-e-type=\"column\">\n\t\t\t<div class=\"elementor-widget-wrap\">\n\t\t\t\t\t\t\t<\/div>\n\t\t<\/div>\n\t\t\t\t\t<\/div>\n\t\t<\/section>\n\t\t\t\t<section class=\"elementor-section elementor-top-section elementor-element elementor-element-515457e elementor-section-stretched elementor-section-boxed elementor-section-height-default elementor-section-height-default\" data-id=\"515457e\" data-element_type=\"section\" data-e-type=\"section\" data-settings=\"{&quot;stretch_section&quot;:&quot;section-stretched&quot;,&quot;background_background&quot;:&quot;classic&quot;}\">\n\t\t\t\t\t\t<div class=\"elementor-container elementor-column-gap-default\">\n\t\t\t\t\t<div class=\"elementor-column elementor-col-100 elementor-top-column elementor-element elementor-element-44d32bb1\" data-id=\"44d32bb1\" data-element_type=\"column\" data-e-type=\"column\">\n\t\t\t<div class=\"elementor-widget-wrap elementor-element-populated\">\n\t\t\t\t\t\t<div class=\"elementor-element elementor-element-644f0032 elementor-widget elementor-widget-spacer\" data-id=\"644f0032\" data-element_type=\"widget\" data-e-type=\"widget\" data-widget_type=\"spacer.default\">\n\t\t\t\t<div class=\"elementor-widget-container\">\n\t\t\t\t\t\t\t<div class=\"elementor-spacer\">\n\t\t\t<div class=\"elementor-spacer-inner\"><\/div>\n\t\t<\/div>\n\t\t\t\t\t\t<\/div>\n\t\t\t\t<\/div>\n\t\t\t\t\t<\/div>\n\t\t<\/div>\n\t\t\t\t\t<\/div>\n\t\t<\/section>\n\t\t\t\t<section class=\"elementor-section elementor-top-section elementor-element elementor-element-7ca4b1cd elementor-section-boxed elementor-section-height-default elementor-section-height-default\" data-id=\"7ca4b1cd\" data-element_type=\"section\" data-e-type=\"section\">\n\t\t\t\t\t\t<div class=\"elementor-container elementor-column-gap-default\">\n\t\t\t\t\t<div class=\"elementor-column elementor-col-100 elementor-top-column elementor-element elementor-element-2463feaf\" data-id=\"2463feaf\" data-element_type=\"column\" data-e-type=\"column\">\n\t\t\t<div class=\"elementor-widget-wrap elementor-element-populated\">\n\t\t\t\t\t\t<div class=\"elementor-element elementor-element-2f4aa8c8 elementor-view-default elementor-invisible elementor-widget elementor-widget-icon\" data-id=\"2f4aa8c8\" data-element_type=\"widget\" data-e-type=\"widget\" data-settings=\"{&quot;_animation&quot;:&quot;fadeInUp&quot;}\" data-widget_type=\"icon.default\">\n\t\t\t\t<div class=\"elementor-widget-container\">\n\t\t\t\t\t\t\t<div class=\"elementor-icon-wrapper\">\n\t\t\t<a class=\"elementor-icon\" href=\"#retourhaut\">\n\t\t\t<svg aria-hidden=\"true\" class=\"e-font-icon-svg e-far-arrow-alt-circle-up\" viewBox=\"0 0 512 512\" xmlns=\"http:\/\/www.w3.org\/2000\/svg\"><path d=\"M256 504c137 0 248-111 248-248S393 8 256 8 8 119 8 256s111 248 248 248zm0-448c110.5 0 200 89.5 200 200s-89.5 200-200 200S56 366.5 56 256 145.5 56 256 56zm20 328h-40c-6.6 0-12-5.4-12-12V256h-67c-10.7 0-16-12.9-8.5-20.5l99-99c4.7-4.7 12.3-4.7 17 0l99 99c7.6 7.6 2.2 20.5-8.5 20.5h-67v116c0 6.6-5.4 12-12 12z\"><\/path><\/svg>\t\t\t<\/a>\n\t\t<\/div>\n\t\t\t\t\t\t<\/div>\n\t\t\t\t<\/div>\n\t\t\t\t\t<\/div>\n\t\t<\/div>\n\t\t\t\t\t<\/div>\n\t\t<\/section>\n\t\t\t\t<section class=\"elementor-section elementor-top-section elementor-element elementor-element-4442b42b elementor-section-boxed elementor-section-height-default elementor-section-height-default\" data-id=\"4442b42b\" data-element_type=\"section\" data-e-type=\"section\">\n\t\t\t\t\t\t<div class=\"elementor-container elementor-column-gap-default\">\n\t\t\t\t\t<div class=\"elementor-column elementor-col-100 elementor-top-column elementor-element elementor-element-5d43606c\" data-id=\"5d43606c\" data-element_type=\"column\" data-e-type=\"column\">\n\t\t\t<div class=\"elementor-widget-wrap elementor-element-populated\">\n\t\t\t\t\t\t<div class=\"elementor-element elementor-element-569d54f7 elementor-widget elementor-widget-menu-anchor\" data-id=\"569d54f7\" data-element_type=\"widget\" data-e-type=\"widget\" data-widget_type=\"menu-anchor.default\">\n\t\t\t\t<div class=\"elementor-widget-container\">\n\t\t\t\t\t\t\t<div class=\"elementor-menu-anchor\" id=\"grandsformats\"><\/div>\n\t\t\t\t\t\t<\/div>\n\t\t\t\t<\/div>\n\t\t\t\t\t<\/div>\n\t\t<\/div>\n\t\t\t\t\t<\/div>\n\t\t<\/section>\n\t\t\t\t<section class=\"elementor-section elementor-top-section elementor-element elementor-element-71f744ae elementor-section-stretched elementor-section-full_width elementor-section-height-default elementor-section-height-default\" data-id=\"71f744ae\" data-element_type=\"section\" data-e-type=\"section\" data-settings=\"{&quot;stretch_section&quot;:&quot;section-stretched&quot;,&quot;background_background&quot;:&quot;classic&quot;}\">\n\t\t\t\t\t\t<div class=\"elementor-container elementor-column-gap-default\">\n\t\t\t\t\t<div class=\"elementor-column elementor-col-100 elementor-top-column elementor-element elementor-element-5a0b3b0e\" data-id=\"5a0b3b0e\" data-element_type=\"column\" data-e-type=\"column\">\n\t\t\t<div class=\"elementor-widget-wrap elementor-element-populated\">\n\t\t\t\t\t\t<div class=\"elementor-element elementor-element-10367843 elementor-invisible elementor-widget elementor-widget-heading\" data-id=\"10367843\" data-element_type=\"widget\" data-e-type=\"widget\" data-settings=\"{&quot;_animation&quot;:&quot;fadeInRight&quot;}\" data-widget_type=\"heading.default\">\n\t\t\t\t<div class=\"elementor-widget-container\">\n\t\t\t\t\t<h2 class=\"elementor-heading-title elementor-size-default\">Carreaux grands formats : 80x80 cm, 90x90 cm &amp; 100x100 cm<\/h2>\t\t\t\t<\/div>\n\t\t\t\t<\/div>\n\t\t\t\t<div class=\"elementor-element elementor-element-4f40a722 elementor-widget elementor-widget-text-editor\" data-id=\"4f40a722\" data-element_type=\"widget\" data-e-type=\"widget\" data-widget_type=\"text-editor.default\">\n\t\t\t\t<div class=\"elementor-widget-container\">\n\t\t\t\t\t\t\t\t\t<p>Les collections de carrelage ci-dessous proposent des carreaux de grandes dimensions pour une pose murale et pose au sol en int\u00e9rieur et ext\u00e9rieur. De finition mate, brillante, antid\u00e9rapante&#8230;ces collections de gr\u00e8s c\u00e9rame grand format offrent de nombreux coloris pour vos projets de r\u00e9novation ou construction neuve.&nbsp;<\/p>\t\t\t\t\t\t\t\t<\/div>\n\t\t\t\t<\/div>\n\t\t\t\t<div class=\"elementor-element elementor-element-275064f1 elementor-invisible elementor-widget elementor-widget-text-editor\" data-id=\"275064f1\" data-element_type=\"widget\" data-e-type=\"widget\" data-settings=\"{&quot;_animation&quot;:&quot;fadeInUp&quot;}\" data-widget_type=\"text-editor.default\">\n\t\t\t\t<div class=\"elementor-widget-container\">\n\t\t\t\t\t\t\t\t\t<p>NB : <b>Retrouvez \u00e9galement ces tailles de carreaux (de 80x80cm \u00e0 100x100cm) dans les collections Maxi formats XXL ci-dessus<\/b>.<\/p>\t\t\t\t\t\t\t\t<\/div>\n\t\t\t\t<\/div>\n\t\t\t\t\t<\/div>\n\t\t<\/div>\n\t\t\t\t\t<\/div>\n\t\t<\/section>\n\t\t\t\t<section class=\"elementor-section elementor-top-section elementor-element elementor-element-7974d340 elementor-section-full_width elementor-section-height-default elementor-section-height-default\" data-id=\"7974d340\" data-element_type=\"section\" data-e-type=\"section\">\n\t\t\t\t\t\t<div class=\"elementor-container elementor-column-gap-default\">\n\t\t\t\t\t<div class=\"elementor-column elementor-col-33 elementor-top-column elementor-element elementor-element-25c6168a\" data-id=\"25c6168a\" data-element_type=\"column\" data-e-type=\"column\" data-settings=\"{&quot;background_background&quot;:&quot;classic&quot;}\">\n\t\t\t<div class=\"elementor-widget-wrap elementor-element-populated\">\n\t\t\t\t\t\t<div class=\"elementor-element elementor-element-3be46b09 elementor-widget elementor-widget-image\" data-id=\"3be46b09\" data-element_type=\"widget\" data-e-type=\"widget\" data-widget_type=\"image.default\">\n\t\t\t\t<div class=\"elementor-widget-container\">\n\t\t\t\t\t\t\t\t\t\t\t\t\t\t\t\t<a href=\"https:\/\/www.portovenere.fr\/fr-fr\/carrelage-sol-et-mur-en-gres-cerame-et-faience\/carrelage-aspect-marbre\/carrelage-imitation-marbre-noir-et-blanc-prestige\/\">\n\t\t\t\t\t\t\t<img loading=\"lazy\" decoding=\"async\" width=\"800\" height=\"534\" src=\"https:\/\/www.portovenere.fr\/fr-fr\/wp-content\/uploads\/2019\/11\/Carrelage-aspect_marbre_brillant-poli-Prestige_Black-Antique-Effect_Porto_Venere-salle-de-restaurant-1024x683.jpg\" class=\"attachment-large size-large wp-image-18721\" alt=\"\" srcset=\"https:\/\/www.portovenere.fr\/fr-fr\/wp-content\/uploads\/2019\/11\/Carrelage-aspect_marbre_brillant-poli-Prestige_Black-Antique-Effect_Porto_Venere-salle-de-restaurant-1024x683.jpg 1024w, https:\/\/www.portovenere.fr\/fr-fr\/wp-content\/uploads\/2019\/11\/Carrelage-aspect_marbre_brillant-poli-Prestige_Black-Antique-Effect_Porto_Venere-salle-de-restaurant-300x200.jpg 300w, https:\/\/www.portovenere.fr\/fr-fr\/wp-content\/uploads\/2019\/11\/Carrelage-aspect_marbre_brillant-poli-Prestige_Black-Antique-Effect_Porto_Venere-salle-de-restaurant-768x512.jpg 768w, https:\/\/www.portovenere.fr\/fr-fr\/wp-content\/uploads\/2019\/11\/Carrelage-aspect_marbre_brillant-poli-Prestige_Black-Antique-Effect_Porto_Venere-salle-de-restaurant.jpg 1500w\" sizes=\"(max-width: 800px) 100vw, 800px\" \/>\t\t\t\t\t\t\t\t<\/a>\n\t\t\t\t\t\t\t\t\t\t\t\t\t\t\t<\/div>\n\t\t\t\t<\/div>\n\t\t\t\t<div class=\"elementor-element elementor-element-be156b6 elementor-widget elementor-widget-heading\" data-id=\"be156b6\" data-element_type=\"widget\" data-e-type=\"widget\" data-widget_type=\"heading.default\">\n\t\t\t\t<div class=\"elementor-widget-container\">\n\t\t\t\t\t<h3 class=\"elementor-heading-title elementor-size-default\"><a href=\"https:\/\/www.portovenere.fr\/fr-fr\/carrelage-sol-et-mur-en-gres-cerame-et-faience\/carrelage-aspect-marbre\/carrelage-imitation-marbre-noir-et-blanc-prestige\/\">PRESTIGE | 4 coloris<\/a><\/h3>\t\t\t\t<\/div>\n\t\t\t\t<\/div>\n\t\t\t\t<div class=\"elementor-element elementor-element-784829e2 elementor-widget__width-initial elementor-widget elementor-widget-gallery\" data-id=\"784829e2\" data-element_type=\"widget\" data-e-type=\"widget\" data-settings=\"{&quot;gap&quot;:{&quot;unit&quot;:&quot;px&quot;,&quot;size&quot;:3,&quot;sizes&quot;:[]},&quot;columns_mobile&quot;:3,&quot;gap_mobile&quot;:{&quot;unit&quot;:&quot;px&quot;,&quot;size&quot;:6,&quot;sizes&quot;:[]},&quot;columns&quot;:5,&quot;columns_tablet&quot;:3,&quot;gap_tablet&quot;:{&quot;unit&quot;:&quot;px&quot;,&quot;size&quot;:5,&quot;sizes&quot;:[]},&quot;lazyload&quot;:&quot;yes&quot;,&quot;gallery_layout&quot;:&quot;grid&quot;,&quot;aspect_ratio&quot;:&quot;3:2&quot;,&quot;overlay_background&quot;:&quot;yes&quot;,&quot;content_hover_animation&quot;:&quot;fade-in&quot;}\" data-widget_type=\"gallery.default\">\n\t\t\t\t<div class=\"elementor-widget-container\">\n\t\t\t\t\t\t\t<div class=\"elementor-gallery__container\">\n\t\t\t\t\t\t\t<div class=\"e-gallery-item elementor-gallery-item elementor-animated-content\">\n\t\t\t\t\t<div class=\"e-gallery-image elementor-gallery-item__image\" data-thumbnail=\"https:\/\/www.portovenere.fr\/fr-fr\/wp-content\/uploads\/2019\/11\/Carrelage-aspect_marbre_Prestige_Portoro-Effect_Porto_Venere-150x150.jpg\" data-width=\"150\" data-height=\"150\" aria-label=\"\" role=\"img\" ><\/div>\n\t\t\t\t\t\t\t\t\t\t\t<div class=\"elementor-gallery-item__overlay\"><\/div>\n\t\t\t\t\t\t\t\t\t\t\t\t\t\t<\/div>\n\t\t\t\t\t\t\t<div class=\"e-gallery-item elementor-gallery-item elementor-animated-content\">\n\t\t\t\t\t<div class=\"e-gallery-image elementor-gallery-item__image\" data-thumbnail=\"https:\/\/www.portovenere.fr\/fr-fr\/wp-content\/uploads\/2019\/11\/Carrelage-aspect_marbre_Prestige_Borghini-Effect_Porto_Venere-150x150.jpg\" data-width=\"150\" data-height=\"150\" aria-label=\"\" role=\"img\" ><\/div>\n\t\t\t\t\t\t\t\t\t\t\t<div class=\"elementor-gallery-item__overlay\"><\/div>\n\t\t\t\t\t\t\t\t\t\t\t\t\t\t<\/div>\n\t\t\t\t\t\t\t<div class=\"e-gallery-item elementor-gallery-item elementor-animated-content\">\n\t\t\t\t\t<div class=\"e-gallery-image elementor-gallery-item__image\" data-thumbnail=\"https:\/\/www.portovenere.fr\/fr-fr\/wp-content\/uploads\/2019\/11\/Carrelage-aspect_marbre_Prestige_Black-Antique-Effect_Porto_Venere-150x150.jpg\" data-width=\"150\" data-height=\"150\" aria-label=\"\" role=\"img\" ><\/div>\n\t\t\t\t\t\t\t\t\t\t\t<div class=\"elementor-gallery-item__overlay\"><\/div>\n\t\t\t\t\t\t\t\t\t\t\t\t\t\t<\/div>\n\t\t\t\t\t\t\t<div class=\"e-gallery-item elementor-gallery-item elementor-animated-content\">\n\t\t\t\t\t<div class=\"e-gallery-image elementor-gallery-item__image\" data-thumbnail=\"https:\/\/www.portovenere.fr\/fr-fr\/wp-content\/uploads\/2019\/11\/Carrelage-aspect_marbre_Prestige_Carnico-Effect_Porto_Venere-150x150.jpg\" data-width=\"150\" data-height=\"150\" aria-label=\"\" role=\"img\" ><\/div>\n\t\t\t\t\t\t\t\t\t\t\t<div class=\"elementor-gallery-item__overlay\"><\/div>\n\t\t\t\t\t\t\t\t\t\t\t\t\t\t<\/div>\n\t\t\t\t\t<\/div>\n\t\t\t\t\t<\/div>\n\t\t\t\t<\/div>\n\t\t\t\t<div class=\"elementor-element elementor-element-7f8326e8 elementor-widget elementor-widget-text-editor\" data-id=\"7f8326e8\" data-element_type=\"widget\" data-e-type=\"widget\" data-widget_type=\"text-editor.default\">\n\t\t\t\t<div class=\"elementor-widget-container\">\n\t\t\t\t\t\t\t\t\t<p>Carrelage en gr\u00e8s c\u00e9rame imitation marbre classique revisit\u00e9 pour proposer une collection contemporaine.\u00a0<\/p><p>4 coloris dans les tons de noir et blanc disponibles en finition mate ou polie pour sol et mur. Une collection originale dans ses formats, mosa\u00efques et d\u00e9cors.<\/p>\t\t\t\t\t\t\t\t<\/div>\n\t\t\t\t<\/div>\n\t\t\t\t<div class=\"elementor-element elementor-element-3678c556 elementor-mobile-align-center elementor-align-left elementor-widget elementor-widget-button\" data-id=\"3678c556\" data-element_type=\"widget\" data-e-type=\"widget\" data-widget_type=\"button.default\">\n\t\t\t\t<div class=\"elementor-widget-container\">\n\t\t\t\t\t\t\t\t\t<div class=\"elementor-button-wrapper\">\n\t\t\t\t\t<a class=\"elementor-button elementor-button-link elementor-size-sm\" href=\"https:\/\/www.portovenere.fr\/fr-fr\/carrelage-sol-et-mur-en-gres-cerame-et-faience\/carrelage-aspect-marbre\/carrelage-imitation-marbre-noir-et-blanc-prestige\/\">\n\t\t\t\t\t\t<span class=\"elementor-button-content-wrapper\">\n\t\t\t\t\t\t\t\t\t<span class=\"elementor-button-text\">Voir la collection<\/span>\n\t\t\t\t\t<\/span>\n\t\t\t\t\t<\/a>\n\t\t\t\t<\/div>\n\t\t\t\t\t\t\t\t<\/div>\n\t\t\t\t<\/div>\n\t\t\t\t\t<\/div>\n\t\t<\/div>\n\t\t\t\t<div class=\"elementor-column elementor-col-33 elementor-top-column elementor-element elementor-element-5c41ac40 elementor-invisible\" data-id=\"5c41ac40\" data-element_type=\"column\" data-e-type=\"column\" data-settings=\"{&quot;animation&quot;:&quot;fadeIn&quot;,&quot;background_background&quot;:&quot;classic&quot;}\">\n\t\t\t<div class=\"elementor-widget-wrap elementor-element-populated\">\n\t\t\t\t\t\t<div class=\"elementor-element elementor-element-13e93d4d elementor-widget elementor-widget-image\" data-id=\"13e93d4d\" data-element_type=\"widget\" data-e-type=\"widget\" data-widget_type=\"image.default\">\n\t\t\t\t<div class=\"elementor-widget-container\">\n\t\t\t\t\t\t\t\t\t\t\t\t\t\t\t\t<a href=\"https:\/\/www.portovenere.fr\/fr-fr\/carrelage-sol-et-mur-en-gres-cerame-et-faience\/carrelage-contemporain-et-design\/carrelage-aspect-beton-pour-interieur-et-exterieur-cleveland\/\">\n\t\t\t\t\t\t\t<img decoding=\"async\" src=\"https:\/\/www.portovenere.fr\/fr-fr\/wp-content\/uploads\/elementor\/thumbs\/carrelage-grand-format-aspect-beton-interieur-et-exterieur-gris-architecture-100x100cm-a-montpellier-herault-34-r8iek205oq59yq32lini46eq0cpbe9w2os6qtu6oww.jpg\" title=\"carrelage-grand-format-aspect-beton-interieur-et-exterieur-gris-architecture-100x100cm-a-montpellier-herault-34\" alt=\"carrelage contemporain aspect b\u00e9ton Architecture\" loading=\"lazy\" \/>\t\t\t\t\t\t\t\t<\/a>\n\t\t\t\t\t\t\t\t\t\t\t\t\t\t\t<\/div>\n\t\t\t\t<\/div>\n\t\t\t\t<section class=\"elementor-section elementor-inner-section elementor-element elementor-element-6297190f elementor-section-boxed elementor-section-height-default elementor-section-height-default elementor-invisible\" data-id=\"6297190f\" data-element_type=\"section\" data-e-type=\"section\" data-settings=\"{&quot;background_background&quot;:&quot;classic&quot;,&quot;animation&quot;:&quot;fadeIn&quot;}\">\n\t\t\t\t\t\t<div class=\"elementor-container elementor-column-gap-default\">\n\t\t\t\t\t<div class=\"elementor-column elementor-col-100 elementor-inner-column elementor-element elementor-element-1c73703c\" data-id=\"1c73703c\" data-element_type=\"column\" data-e-type=\"column\">\n\t\t\t<div class=\"elementor-widget-wrap elementor-element-populated\">\n\t\t\t\t\t\t<div class=\"elementor-element elementor-element-4abec4b9 elementor-widget elementor-widget-heading\" data-id=\"4abec4b9\" data-element_type=\"widget\" data-e-type=\"widget\" data-widget_type=\"heading.default\">\n\t\t\t\t<div class=\"elementor-widget-container\">\n\t\t\t\t\t<h3 class=\"elementor-heading-title elementor-size-default\"><a href=\"https:\/\/www.portovenere.fr\/fr-fr\/carrelage-sol-et-mur-en-gres-cerame-et-faience\/carrelage-contemporain-et-design\/carrelage-aspect-beton-pour-interieur-et-exterieur-cleveland\/\">ARCHITECTURE | 1 coloris<\/a><\/h3>\t\t\t\t<\/div>\n\t\t\t\t<\/div>\n\t\t\t\t<div class=\"elementor-element elementor-element-64779d7d elementor-widget__width-initial elementor-widget elementor-widget-gallery\" data-id=\"64779d7d\" data-element_type=\"widget\" data-e-type=\"widget\" data-settings=\"{&quot;gap&quot;:{&quot;unit&quot;:&quot;px&quot;,&quot;size&quot;:3,&quot;sizes&quot;:[]},&quot;columns_mobile&quot;:3,&quot;gap_mobile&quot;:{&quot;unit&quot;:&quot;px&quot;,&quot;size&quot;:6,&quot;sizes&quot;:[]},&quot;columns&quot;:5,&quot;columns_tablet&quot;:3,&quot;gap_tablet&quot;:{&quot;unit&quot;:&quot;px&quot;,&quot;size&quot;:5,&quot;sizes&quot;:[]},&quot;lazyload&quot;:&quot;yes&quot;,&quot;gallery_layout&quot;:&quot;grid&quot;,&quot;aspect_ratio&quot;:&quot;3:2&quot;,&quot;overlay_background&quot;:&quot;yes&quot;,&quot;content_hover_animation&quot;:&quot;fade-in&quot;}\" data-widget_type=\"gallery.default\">\n\t\t\t\t<div class=\"elementor-widget-container\">\n\t\t\t\t\t\t\t<div class=\"elementor-gallery__container\">\n\t\t\t\t\t\t\t<div class=\"e-gallery-item elementor-gallery-item elementor-animated-content\">\n\t\t\t\t\t<div class=\"e-gallery-image elementor-gallery-item__image\" data-thumbnail=\"https:\/\/www.portovenere.fr\/fr-fr\/wp-content\/uploads\/2019\/04\/Carrelage-39-Grigio-150x150.jpg\" data-width=\"150\" data-height=\"150\" aria-label=\"\" role=\"img\" ><\/div>\n\t\t\t\t\t\t\t\t\t\t\t<div class=\"elementor-gallery-item__overlay\"><\/div>\n\t\t\t\t\t\t\t\t\t\t\t\t\t\t<\/div>\n\t\t\t\t\t<\/div>\n\t\t\t\t\t<\/div>\n\t\t\t\t<\/div>\n\t\t\t\t<div class=\"elementor-element elementor-element-385ed702 elementor-widget elementor-widget-text-editor\" data-id=\"385ed702\" data-element_type=\"widget\" data-e-type=\"widget\" data-widget_type=\"text-editor.default\">\n\t\t\t\t<div class=\"elementor-widget-container\">\n\t\t\t\t\t\t\t\t\t<p>L&rsquo;effet b\u00e9ton contemporain pour habiller vos murs et sols en int\u00e9rieur et en ext\u00e9rieur.<\/p><p>Ce\u00a0<b>gr\u00e8s c\u00e9rame\u00a0<\/b>\u00e0 la couleur de b\u00e9ton gris intense offre une multitude de possibilit\u00e9s\u00a0d&rsquo;agencements avec son\u00a0\u00a0<b>maxi format\u00a0<\/b>100&#215;100 cm, pour un rendu ultra moderne.\u00a0<\/p>\t\t\t\t\t\t\t\t<\/div>\n\t\t\t\t<\/div>\n\t\t\t\t<div class=\"elementor-element elementor-element-7cfa80e3 elementor-mobile-align-center elementor-widget elementor-widget-button\" data-id=\"7cfa80e3\" data-element_type=\"widget\" data-e-type=\"widget\" data-widget_type=\"button.default\">\n\t\t\t\t<div class=\"elementor-widget-container\">\n\t\t\t\t\t\t\t\t\t<div class=\"elementor-button-wrapper\">\n\t\t\t\t\t<a class=\"elementor-button elementor-button-link elementor-size-sm\" href=\"https:\/\/www.portovenere.fr\/fr-fr\/carrelage-sol-et-mur-en-gres-cerame-et-faience\/carrelage-contemporain-et-design\/carrelage-contemporain-effet-beton-interieur-exterieur-architecture\/\">\n\t\t\t\t\t\t<span class=\"elementor-button-content-wrapper\">\n\t\t\t\t\t\t\t\t\t<span class=\"elementor-button-text\">VOIR LA COLLECTION<\/span>\n\t\t\t\t\t<\/span>\n\t\t\t\t\t<\/a>\n\t\t\t\t<\/div>\n\t\t\t\t\t\t\t\t<\/div>\n\t\t\t\t<\/div>\n\t\t\t\t\t<\/div>\n\t\t<\/div>\n\t\t\t\t\t<\/div>\n\t\t<\/section>\n\t\t\t\t\t<\/div>\n\t\t<\/div>\n\t\t\t\t<div class=\"elementor-column elementor-col-33 elementor-top-column elementor-element elementor-element-2bae2708\" data-id=\"2bae2708\" data-element_type=\"column\" data-e-type=\"column\" data-settings=\"{&quot;background_background&quot;:&quot;classic&quot;}\">\n\t\t\t<div class=\"elementor-widget-wrap elementor-element-populated\">\n\t\t\t\t\t\t<div class=\"elementor-element elementor-element-2be6d130 elementor-widget elementor-widget-image\" data-id=\"2be6d130\" data-element_type=\"widget\" data-e-type=\"widget\" data-widget_type=\"image.default\">\n\t\t\t\t<div class=\"elementor-widget-container\">\n\t\t\t\t\t\t\t\t\t\t\t\t\t\t\t\t<a href=\"https:\/\/www.portovenere.fr\/fr-fr\/carrelage-sol-et-mur-en-gres-cerame-et-faience\/carrelage-aspect-marbre\/carrelage-sol-venitien-terrazzo-venise\/\">\n\t\t\t\t\t\t\t<img loading=\"lazy\" decoding=\"async\" width=\"800\" height=\"534\" src=\"https:\/\/www.portovenere.fr\/fr-fr\/wp-content\/uploads\/2019\/11\/Salle-de-bain-tendance-d\u00e9co_Carrelage-Venise_aspect-Terrazzo-sol-San-Polo-et-Mur-Castello__d\u00e9cor-muretto-1-1024x683.jpg\" class=\"attachment-large size-large wp-image-18951\" alt=\"\" srcset=\"https:\/\/www.portovenere.fr\/fr-fr\/wp-content\/uploads\/2019\/11\/Salle-de-bain-tendance-d\u00e9co_Carrelage-Venise_aspect-Terrazzo-sol-San-Polo-et-Mur-Castello__d\u00e9cor-muretto-1-1024x683.jpg 1024w, https:\/\/www.portovenere.fr\/fr-fr\/wp-content\/uploads\/2019\/11\/Salle-de-bain-tendance-d\u00e9co_Carrelage-Venise_aspect-Terrazzo-sol-San-Polo-et-Mur-Castello__d\u00e9cor-muretto-1-300x200.jpg 300w, https:\/\/www.portovenere.fr\/fr-fr\/wp-content\/uploads\/2019\/11\/Salle-de-bain-tendance-d\u00e9co_Carrelage-Venise_aspect-Terrazzo-sol-San-Polo-et-Mur-Castello__d\u00e9cor-muretto-1-768x512.jpg 768w, https:\/\/www.portovenere.fr\/fr-fr\/wp-content\/uploads\/2019\/11\/Salle-de-bain-tendance-d\u00e9co_Carrelage-Venise_aspect-Terrazzo-sol-San-Polo-et-Mur-Castello__d\u00e9cor-muretto-1.jpg 1500w\" sizes=\"(max-width: 800px) 100vw, 800px\" \/>\t\t\t\t\t\t\t\t<\/a>\n\t\t\t\t\t\t\t\t\t\t\t\t\t\t\t<\/div>\n\t\t\t\t<\/div>\n\t\t\t\t<div class=\"elementor-element elementor-element-5d3555b0 elementor-widget elementor-widget-heading\" data-id=\"5d3555b0\" data-element_type=\"widget\" data-e-type=\"widget\" data-widget_type=\"heading.default\">\n\t\t\t\t<div class=\"elementor-widget-container\">\n\t\t\t\t\t<h3 class=\"elementor-heading-title elementor-size-default\"><a href=\"https:\/\/www.portovenere.fr\/fr-fr\/carrelage-sol-et-mur-en-gres-cerame-et-faience\/carrelage-aspect-marbre\/carrelage-sol-venitien-terrazzo-venise\/\">VENISE | 6 coloris<\/a><\/h3>\t\t\t\t<\/div>\n\t\t\t\t<\/div>\n\t\t\t\t<div class=\"elementor-element elementor-element-24780849 elementor-widget__width-initial elementor-widget elementor-widget-gallery\" data-id=\"24780849\" data-element_type=\"widget\" data-e-type=\"widget\" data-settings=\"{&quot;gap&quot;:{&quot;unit&quot;:&quot;px&quot;,&quot;size&quot;:3,&quot;sizes&quot;:[]},&quot;columns_mobile&quot;:3,&quot;gap_mobile&quot;:{&quot;unit&quot;:&quot;px&quot;,&quot;size&quot;:6,&quot;sizes&quot;:[]},&quot;columns&quot;:5,&quot;columns_tablet&quot;:3,&quot;gap_tablet&quot;:{&quot;unit&quot;:&quot;px&quot;,&quot;size&quot;:5,&quot;sizes&quot;:[]},&quot;lazyload&quot;:&quot;yes&quot;,&quot;gallery_layout&quot;:&quot;grid&quot;,&quot;aspect_ratio&quot;:&quot;3:2&quot;,&quot;overlay_background&quot;:&quot;yes&quot;,&quot;content_hover_animation&quot;:&quot;fade-in&quot;}\" data-widget_type=\"gallery.default\">\n\t\t\t\t<div class=\"elementor-widget-container\">\n\t\t\t\t\t\t\t<div class=\"elementor-gallery__container\">\n\t\t\t\t\t\t\t<div class=\"e-gallery-item elementor-gallery-item elementor-animated-content\">\n\t\t\t\t\t<div class=\"e-gallery-image elementor-gallery-item__image\" data-thumbnail=\"https:\/\/www.portovenere.fr\/fr-fr\/wp-content\/uploads\/2019\/11\/Carrelage-sol-venitien-terrazzo-Venise-Cannaregio-150x150.jpg\" data-width=\"150\" data-height=\"150\" aria-label=\"\" role=\"img\" ><\/div>\n\t\t\t\t\t\t\t\t\t\t\t<div class=\"elementor-gallery-item__overlay\"><\/div>\n\t\t\t\t\t\t\t\t\t\t\t\t\t\t<\/div>\n\t\t\t\t\t\t\t<div class=\"e-gallery-item elementor-gallery-item elementor-animated-content\">\n\t\t\t\t\t<div class=\"e-gallery-image elementor-gallery-item__image\" data-thumbnail=\"https:\/\/www.portovenere.fr\/fr-fr\/wp-content\/uploads\/2019\/11\/Carrelage-sol-venitien-terrazzo-Venise-San-Marco-150x150.jpg\" data-width=\"150\" data-height=\"150\" aria-label=\"\" role=\"img\" ><\/div>\n\t\t\t\t\t\t\t\t\t\t\t<div class=\"elementor-gallery-item__overlay\"><\/div>\n\t\t\t\t\t\t\t\t\t\t\t\t\t\t<\/div>\n\t\t\t\t\t\t\t<div class=\"e-gallery-item elementor-gallery-item elementor-animated-content\">\n\t\t\t\t\t<div class=\"e-gallery-image elementor-gallery-item__image\" data-thumbnail=\"https:\/\/www.portovenere.fr\/fr-fr\/wp-content\/uploads\/2019\/11\/Carrelage-sol-venitien-terrazzo-Venise-Castello-150x150.jpg\" data-width=\"150\" data-height=\"150\" aria-label=\"\" role=\"img\" ><\/div>\n\t\t\t\t\t\t\t\t\t\t\t<div class=\"elementor-gallery-item__overlay\"><\/div>\n\t\t\t\t\t\t\t\t\t\t\t\t\t\t<\/div>\n\t\t\t\t\t\t\t<div class=\"e-gallery-item elementor-gallery-item elementor-animated-content\">\n\t\t\t\t\t<div class=\"e-gallery-image elementor-gallery-item__image\" data-thumbnail=\"https:\/\/www.portovenere.fr\/fr-fr\/wp-content\/uploads\/2019\/11\/Carrelage-sol-venitien-terrazzo-Venise-San-Polo-150x150.jpg\" data-width=\"150\" data-height=\"150\" aria-label=\"\" role=\"img\" ><\/div>\n\t\t\t\t\t\t\t\t\t\t\t<div class=\"elementor-gallery-item__overlay\"><\/div>\n\t\t\t\t\t\t\t\t\t\t\t\t\t\t<\/div>\n\t\t\t\t\t\t\t<div class=\"e-gallery-item elementor-gallery-item elementor-animated-content\">\n\t\t\t\t\t<div class=\"e-gallery-image elementor-gallery-item__image\" data-thumbnail=\"https:\/\/www.portovenere.fr\/fr-fr\/wp-content\/uploads\/2019\/11\/Carrelage-sol-venitien-terrazzo-Venise-Dorsoduro-150x150.jpg\" data-width=\"150\" data-height=\"150\" aria-label=\"\" role=\"img\" ><\/div>\n\t\t\t\t\t\t\t\t\t\t\t<div class=\"elementor-gallery-item__overlay\"><\/div>\n\t\t\t\t\t\t\t\t\t\t\t\t\t\t<\/div>\n\t\t\t\t\t\t\t<div class=\"e-gallery-item elementor-gallery-item elementor-animated-content\">\n\t\t\t\t\t<div class=\"e-gallery-image elementor-gallery-item__image\" data-thumbnail=\"https:\/\/www.portovenere.fr\/fr-fr\/wp-content\/uploads\/2019\/11\/Carrelage-sol-venitien-terrazzo-Venise-Santa-Croce-150x150.jpg\" data-width=\"150\" data-height=\"150\" aria-label=\"\" role=\"img\" ><\/div>\n\t\t\t\t\t\t\t\t\t\t\t<div class=\"elementor-gallery-item__overlay\"><\/div>\n\t\t\t\t\t\t\t\t\t\t\t\t\t\t<\/div>\n\t\t\t\t\t<\/div>\n\t\t\t\t\t<\/div>\n\t\t\t\t<\/div>\n\t\t\t\t<div class=\"elementor-element elementor-element-3ecc2fd7 elementor-widget elementor-widget-text-editor\" data-id=\"3ecc2fd7\" data-element_type=\"widget\" data-e-type=\"widget\" data-widget_type=\"text-editor.default\">\n\t\t\t\t<div class=\"elementor-widget-container\">\n\t\t\t\t\t\t\t\t\t<p>Collection de carrelage effet Terrazzo \u00e0 la v\u00e9nitienne, riche en d\u00e9tails graphiques, caract\u00e9ris\u00e9e par\u00a0des styles et des couleurs repens\u00e9s\u00a0pour des\u00a0ambiances modernes.\u00a0<\/p><p>D\u00e9clin\u00e9e en 6 coloris, cette collection en gr\u00e8s c\u00e9rame propose de nombreux formats en finition naturelle, polie brillante ou antid\u00e9rapante R+PTV, en \u00e9paisseur 10mm ou extra-fin 6mm.\u00a0<\/p>\t\t\t\t\t\t\t\t<\/div>\n\t\t\t\t<\/div>\n\t\t\t\t<div class=\"elementor-element elementor-element-35ed3c6b elementor-mobile-align-center elementor-align-left elementor-widget elementor-widget-button\" data-id=\"35ed3c6b\" data-element_type=\"widget\" data-e-type=\"widget\" data-widget_type=\"button.default\">\n\t\t\t\t<div class=\"elementor-widget-container\">\n\t\t\t\t\t\t\t\t\t<div class=\"elementor-button-wrapper\">\n\t\t\t\t\t<a class=\"elementor-button elementor-button-link elementor-size-sm\" href=\"https:\/\/www.portovenere.fr\/fr-fr\/carrelage-sol-et-mur-en-gres-cerame-et-faience\/carrelage-aspect-marbre\/carrelage-sol-venitien-terrazzo-venise\/\">\n\t\t\t\t\t\t<span class=\"elementor-button-content-wrapper\">\n\t\t\t\t\t\t\t\t\t<span class=\"elementor-button-text\">Voir la collection<\/span>\n\t\t\t\t\t<\/span>\n\t\t\t\t\t<\/a>\n\t\t\t\t<\/div>\n\t\t\t\t\t\t\t\t<\/div>\n\t\t\t\t<\/div>\n\t\t\t\t\t<\/div>\n\t\t<\/div>\n\t\t\t\t\t<\/div>\n\t\t<\/section>\n\t\t\t\t<section class=\"elementor-section elementor-top-section elementor-element elementor-element-1932eeb8 elementor-section-full_width elementor-section-height-default elementor-section-height-default elementor-invisible\" data-id=\"1932eeb8\" data-element_type=\"section\" data-e-type=\"section\" data-settings=\"{&quot;animation&quot;:&quot;fadeIn&quot;}\">\n\t\t\t\t\t\t<div class=\"elementor-container elementor-column-gap-default\">\n\t\t\t\t\t<div class=\"elementor-column elementor-col-50 elementor-top-column elementor-element elementor-element-1e2fb333\" data-id=\"1e2fb333\" data-element_type=\"column\" data-e-type=\"column\" data-settings=\"{&quot;background_background&quot;:&quot;classic&quot;}\">\n\t\t\t<div class=\"elementor-widget-wrap elementor-element-populated\">\n\t\t\t\t\t\t<div class=\"elementor-element elementor-element-57f3fae4 elementor-widget elementor-widget-image\" data-id=\"57f3fae4\" data-element_type=\"widget\" data-e-type=\"widget\" data-widget_type=\"image.default\">\n\t\t\t\t<div class=\"elementor-widget-container\">\n\t\t\t\t\t\t\t\t\t\t\t\t\t\t\t\t<a href=\"https:\/\/www.portovenere.fr\/fr-fr\/carrelage-sol-et-mur-en-gres-cerame-et-faience\/carrelage-aspect-pierre\/carrelage-sol-et-mur-aspect-pierre-ardoise-shalis\/\">\n\t\t\t\t\t\t\t<img decoding=\"async\" src=\"https:\/\/www.portovenere.fr\/fr-fr\/wp-content\/uploads\/elementor\/thumbs\/Carrelage-sol-imitation-pierre-naturelle-en-gres-cerame-SHALIS-taupe-antiderapant-et-mural-ribbed-strie-piscine-spa-pres-de-Agde-34-r8ig2mizmew3o2kp5j9i1izxpo4vao46qrp0zmzy6g.jpg\" title=\"Carrelage-sol-imitation-pierre-naturelle-en-gr\u00e8s-c\u00e9rame-SHALIS-taupe-antid\u00e9rapant-et-mural-ribbed-stri\u00e9-piscine-spa-pr\u00e8s-de-Agde-34\" alt=\"Carrelage-sol-imitation-pierre-naturelle-en-gr\u00e8s-c\u00e9rame-SHALIS-taupe-antid\u00e9rapant-et-mural-ribbed-stri\u00e9-piscine-spa-pr\u00e8s-de-Agde-34\" loading=\"lazy\" \/>\t\t\t\t\t\t\t\t<\/a>\n\t\t\t\t\t\t\t\t\t\t\t\t\t\t\t<\/div>\n\t\t\t\t<\/div>\n\t\t\t\t<div class=\"elementor-element elementor-element-6f9e1b04 elementor-widget elementor-widget-heading\" data-id=\"6f9e1b04\" data-element_type=\"widget\" data-e-type=\"widget\" data-widget_type=\"heading.default\">\n\t\t\t\t<div class=\"elementor-widget-container\">\n\t\t\t\t\t<h3 class=\"elementor-heading-title elementor-size-default\"><a href=\"https:\/\/www.portovenere.fr\/fr-fr\/carrelage-sol-et-mur-en-gres-cerame-et-faience\/carrelage-aspect-pierre\/carrelage-sol-et-mur-aspect-pierre-ardoise-shalis\/\">SHALIS | 6 coloris &amp; d\u00e9cors<\/a><\/h3>\t\t\t\t<\/div>\n\t\t\t\t<\/div>\n\t\t\t\t<div class=\"elementor-element elementor-element-4f32d55b elementor-widget__width-initial elementor-widget elementor-widget-gallery\" data-id=\"4f32d55b\" data-element_type=\"widget\" data-e-type=\"widget\" data-settings=\"{&quot;gap&quot;:{&quot;unit&quot;:&quot;px&quot;,&quot;size&quot;:3,&quot;sizes&quot;:[]},&quot;columns_mobile&quot;:3,&quot;gap_mobile&quot;:{&quot;unit&quot;:&quot;px&quot;,&quot;size&quot;:6,&quot;sizes&quot;:[]},&quot;columns&quot;:5,&quot;columns_tablet&quot;:3,&quot;gap_tablet&quot;:{&quot;unit&quot;:&quot;px&quot;,&quot;size&quot;:5,&quot;sizes&quot;:[]},&quot;lazyload&quot;:&quot;yes&quot;,&quot;gallery_layout&quot;:&quot;grid&quot;,&quot;aspect_ratio&quot;:&quot;3:2&quot;,&quot;overlay_background&quot;:&quot;yes&quot;,&quot;content_hover_animation&quot;:&quot;fade-in&quot;}\" data-widget_type=\"gallery.default\">\n\t\t\t\t<div class=\"elementor-widget-container\">\n\t\t\t\t\t\t\t<div class=\"elementor-gallery__container\">\n\t\t\t\t\t\t\t<div class=\"e-gallery-item elementor-gallery-item elementor-animated-content\">\n\t\t\t\t\t<div class=\"e-gallery-image elementor-gallery-item__image\" data-thumbnail=\"https:\/\/www.portovenere.fr\/fr-fr\/wp-content\/uploads\/2024\/07\/Carrelage-pierre-naturelle-gres-cerame-Shalis-Ash-pres-de-Vendargues-34-150x150.jpg\" data-width=\"150\" data-height=\"150\" aria-label=\"\" role=\"img\" ><\/div>\n\t\t\t\t\t\t\t\t\t\t\t<div class=\"elementor-gallery-item__overlay\"><\/div>\n\t\t\t\t\t\t\t\t\t\t\t\t\t\t<\/div>\n\t\t\t\t\t\t\t<div class=\"e-gallery-item elementor-gallery-item elementor-animated-content\">\n\t\t\t\t\t<div class=\"e-gallery-image elementor-gallery-item__image\" data-thumbnail=\"https:\/\/www.portovenere.fr\/fr-fr\/wp-content\/uploads\/2024\/07\/Carrelage-pierre-naturelle-gres-cerame-Shalis-Moon-pres-de-Saint-Clement-de-Riviere-34-150x150.jpg\" data-width=\"150\" data-height=\"150\" aria-label=\"\" role=\"img\" ><\/div>\n\t\t\t\t\t\t\t\t\t\t\t<div class=\"elementor-gallery-item__overlay\"><\/div>\n\t\t\t\t\t\t\t\t\t\t\t\t\t\t<\/div>\n\t\t\t\t\t\t\t<div class=\"e-gallery-item elementor-gallery-item elementor-animated-content\">\n\t\t\t\t\t<div class=\"e-gallery-image elementor-gallery-item__image\" data-thumbnail=\"https:\/\/www.portovenere.fr\/fr-fr\/wp-content\/uploads\/2024\/07\/Carrelage-pierre-naturelle-gres-cerame-Shalis-Greige-pres-de-Perols-34-150x150.jpg\" data-width=\"150\" data-height=\"150\" aria-label=\"\" role=\"img\" ><\/div>\n\t\t\t\t\t\t\t\t\t\t\t<div class=\"elementor-gallery-item__overlay\"><\/div>\n\t\t\t\t\t\t\t\t\t\t\t\t\t\t<\/div>\n\t\t\t\t\t\t\t<div class=\"e-gallery-item elementor-gallery-item elementor-animated-content\">\n\t\t\t\t\t<div class=\"e-gallery-image elementor-gallery-item__image\" data-thumbnail=\"https:\/\/www.portovenere.fr\/fr-fr\/wp-content\/uploads\/2024\/07\/Carrelage-pierre-naturelle-gres-cerame-Shalis-Sand-a-Montpellier-34-150x150.jpg\" data-width=\"150\" data-height=\"150\" aria-label=\"\" role=\"img\" ><\/div>\n\t\t\t\t\t\t\t\t\t\t\t<div class=\"elementor-gallery-item__overlay\"><\/div>\n\t\t\t\t\t\t\t\t\t\t\t\t\t\t<\/div>\n\t\t\t\t\t\t\t<div class=\"e-gallery-item elementor-gallery-item elementor-animated-content\">\n\t\t\t\t\t<div class=\"e-gallery-image elementor-gallery-item__image\" data-thumbnail=\"https:\/\/www.portovenere.fr\/fr-fr\/wp-content\/uploads\/2024\/07\/Carrelage-pierre-naturelle-gres-cerame-Shalis-Taupe-pres-de-Saussan-34-150x150.jpg\" data-width=\"150\" data-height=\"150\" aria-label=\"\" role=\"img\" ><\/div>\n\t\t\t\t\t\t\t\t\t\t\t<div class=\"elementor-gallery-item__overlay\"><\/div>\n\t\t\t\t\t\t\t\t\t\t\t\t\t\t<\/div>\n\t\t\t\t\t\t\t<div class=\"e-gallery-item elementor-gallery-item elementor-animated-content\">\n\t\t\t\t\t<div class=\"e-gallery-image elementor-gallery-item__image\" data-thumbnail=\"https:\/\/www.portovenere.fr\/fr-fr\/wp-content\/uploads\/2024\/07\/Carrelage-pierre-naturelle-gres-cerame-Shalis-Noir-pres-de-Agde-34-150x150.jpg\" data-width=\"150\" data-height=\"150\" aria-label=\"\" role=\"img\" ><\/div>\n\t\t\t\t\t\t\t\t\t\t\t<div class=\"elementor-gallery-item__overlay\"><\/div>\n\t\t\t\t\t\t\t\t\t\t\t\t\t\t<\/div>\n\t\t\t\t\t\t\t<div class=\"e-gallery-item elementor-gallery-item elementor-animated-content\">\n\t\t\t\t\t<div class=\"e-gallery-image elementor-gallery-item__image\" data-thumbnail=\"https:\/\/www.portovenere.fr\/fr-fr\/wp-content\/uploads\/2024\/07\/Carrelage-mural-relief-strie-lignes-effet-pierre-Shalis-taupe-30x60-cm-et-60x120-cm-credence-design-proche-de-Mauguio-34-150x150.jpg\" data-width=\"150\" data-height=\"150\" aria-label=\"\" role=\"img\" ><\/div>\n\t\t\t\t\t\t\t\t\t\t\t<div class=\"elementor-gallery-item__overlay\"><\/div>\n\t\t\t\t\t\t\t\t\t\t\t\t\t\t<\/div>\n\t\t\t\t\t\t\t<div class=\"e-gallery-item elementor-gallery-item elementor-animated-content\">\n\t\t\t\t\t<div class=\"e-gallery-image elementor-gallery-item__image\" data-thumbnail=\"https:\/\/www.portovenere.fr\/fr-fr\/wp-content\/uploads\/2024\/07\/Carrelage-mural-relief-strie-lignes-effet-pierre-Shalis-Sand-30x60-cm-et-60x120-cm-credence-gres-cerame-proche-de-Sete-34-150x150.jpg\" data-width=\"150\" data-height=\"150\" aria-label=\"\" role=\"img\" ><\/div>\n\t\t\t\t\t\t\t\t\t\t\t<div class=\"elementor-gallery-item__overlay\"><\/div>\n\t\t\t\t\t\t\t\t\t\t\t\t\t\t<\/div>\n\t\t\t\t\t\t\t<div class=\"e-gallery-item elementor-gallery-item elementor-animated-content\">\n\t\t\t\t\t<div class=\"e-gallery-image elementor-gallery-item__image\" data-thumbnail=\"https:\/\/www.portovenere.fr\/fr-fr\/wp-content\/uploads\/2024\/07\/Carrelage-mural-relief-strie-lignes-effet-pierre-Shalis-noir-30x60-cm-et-60x120-cm-credence-design-proche-de-baillargues-34-150x150.jpg\" data-width=\"150\" data-height=\"150\" aria-label=\"\" role=\"img\" ><\/div>\n\t\t\t\t\t\t\t\t\t\t\t<div class=\"elementor-gallery-item__overlay\"><\/div>\n\t\t\t\t\t\t\t\t\t\t\t\t\t\t<\/div>\n\t\t\t\t\t\t\t<div class=\"e-gallery-item elementor-gallery-item elementor-animated-content\">\n\t\t\t\t\t<div class=\"e-gallery-image elementor-gallery-item__image\" data-thumbnail=\"https:\/\/www.portovenere.fr\/fr-fr\/wp-content\/uploads\/2024\/07\/Carrelage-mural-relief-strie-lignes-effet-pierre-Shalis-Moon-30x60-cm-et-60x120-cm-credence-gres-cerame-proche-de-meze-34-150x150.jpg\" data-width=\"150\" data-height=\"150\" aria-label=\"\" role=\"img\" ><\/div>\n\t\t\t\t\t\t\t\t\t\t\t<div class=\"elementor-gallery-item__overlay\"><\/div>\n\t\t\t\t\t\t\t\t\t\t\t\t\t\t<\/div>\n\t\t\t\t\t\t\t<div class=\"e-gallery-item elementor-gallery-item elementor-animated-content\">\n\t\t\t\t\t<div class=\"e-gallery-image elementor-gallery-item__image\" data-thumbnail=\"https:\/\/www.portovenere.fr\/fr-fr\/wp-content\/uploads\/2024\/07\/Carrelage-mural-relief-strie-lignes-effet-pierre-Shalis-greige-30x60-cm-et-60x120-cm-credence-gres-cerame-proche-de-vailhauques-34-150x150.jpg\" data-width=\"150\" data-height=\"150\" aria-label=\"\" role=\"img\" ><\/div>\n\t\t\t\t\t\t\t\t\t\t\t<div class=\"elementor-gallery-item__overlay\"><\/div>\n\t\t\t\t\t\t\t\t\t\t\t\t\t\t<\/div>\n\t\t\t\t\t\t\t<div class=\"e-gallery-item elementor-gallery-item elementor-animated-content\">\n\t\t\t\t\t<div class=\"e-gallery-image elementor-gallery-item__image\" data-thumbnail=\"https:\/\/www.portovenere.fr\/fr-fr\/wp-content\/uploads\/2024\/07\/Carrelage-mural-relief-strie-lignes-effet-pierre-Shalis-30x60-cm-et-60x120-cm-credence-design-proche-de-Saint-jean-de-vedas-34-150x150.jpg\" data-width=\"150\" data-height=\"150\" aria-label=\"\" role=\"img\" ><\/div>\n\t\t\t\t\t\t\t\t\t\t\t<div class=\"elementor-gallery-item__overlay\"><\/div>\n\t\t\t\t\t\t\t\t\t\t\t\t\t\t<\/div>\n\t\t\t\t\t<\/div>\n\t\t\t\t\t<\/div>\n\t\t\t\t<\/div>\n\t\t\t\t<div class=\"elementor-element elementor-element-2874b907 elementor-widget elementor-widget-text-editor\" data-id=\"2874b907\" data-element_type=\"widget\" data-e-type=\"widget\" data-widget_type=\"text-editor.default\">\n\t\t\t\t<div class=\"elementor-widget-container\">\n\t\t\t\t\t\t\t\t\t<p>Cette collection de <b>carrelage haut de gamme <\/b>pour sol et mur <b>aspect pierre ardoise<\/b> d\u00e9voile de nombreux atouts.\u00a0<\/p><p>D\u00e9clin\u00e9 dans <b>6 coloris des tons clairs aux tons fonc\u00e9s<\/b> en passant par des teintes \u00ab\u00a0naturelles\u00a0\u00bb, le carrelage gr\u00e8s c\u00e9rame de premier choix Shalis se pose au<b> sol et au mur,<\/b> <b>en int\u00e9rieur comme en ext\u00e9rieur<\/b> gr\u00e2ce \u00e0 sa d\u00e9clinaison en version antid\u00e9rapante.\u00a0<\/p><p>De <b>nombreux formats<\/b> sont disponibles : <b>maxi format 120&#215;280 cm en fine \u00e9paisseur 6mm<\/b>, 120&#215;120 cm, 60&#215;120 cm , 80&#215;160 cm, 80&#215;80 cm, 60&#215;60 cm, 30&#215;60 cm, 15&#215;30 cm en bords rectifi\u00e9s mais aussi <b>un format antid\u00e9rapant en bords non rectifi\u00e9s pour encore plus d&rsquo;authenticit\u00e9 \u00e0 la pierre<\/b>.\u00a0<\/p><p>Un <b>d\u00e9cor mural<\/b> Ribbed avec lignes en reliefs 60x120cm, deux mosa\u00efques ainsi que des pi\u00e8ces de finitions (marches, plinthes&#8230;) compl\u00e8tent cette collection effet pierre naturelle Shalis.<\/p>\t\t\t\t\t\t\t\t<\/div>\n\t\t\t\t<\/div>\n\t\t\t\t<div class=\"elementor-element elementor-element-2b4e59d4 elementor-mobile-align-center elementor-align-left elementor-widget elementor-widget-button\" data-id=\"2b4e59d4\" data-element_type=\"widget\" data-e-type=\"widget\" data-widget_type=\"button.default\">\n\t\t\t\t<div class=\"elementor-widget-container\">\n\t\t\t\t\t\t\t\t\t<div class=\"elementor-button-wrapper\">\n\t\t\t\t\t<a class=\"elementor-button elementor-button-link elementor-size-sm\" href=\"https:\/\/www.portovenere.fr\/fr-fr\/carrelage-sol-et-mur-en-gres-cerame-et-faience\/carrelage-aspect-pierre\/carrelage-sol-et-mur-aspect-pierre-ardoise-shalis\/\">\n\t\t\t\t\t\t<span class=\"elementor-button-content-wrapper\">\n\t\t\t\t\t\t\t\t\t<span class=\"elementor-button-text\">Voir la collection<\/span>\n\t\t\t\t\t<\/span>\n\t\t\t\t\t<\/a>\n\t\t\t\t<\/div>\n\t\t\t\t\t\t\t\t<\/div>\n\t\t\t\t<\/div>\n\t\t\t\t\t<\/div>\n\t\t<\/div>\n\t\t\t\t<div class=\"elementor-column elementor-col-50 elementor-top-column elementor-element elementor-element-4ab141f6 elementor-invisible\" data-id=\"4ab141f6\" data-element_type=\"column\" data-e-type=\"column\" data-settings=\"{&quot;animation&quot;:&quot;fadeIn&quot;,&quot;background_background&quot;:&quot;classic&quot;}\">\n\t\t\t<div class=\"elementor-widget-wrap elementor-element-populated\">\n\t\t\t\t\t\t<div class=\"elementor-element elementor-element-448aae87 elementor-widget elementor-widget-image\" data-id=\"448aae87\" data-element_type=\"widget\" data-e-type=\"widget\" data-widget_type=\"image.default\">\n\t\t\t\t<div class=\"elementor-widget-container\">\n\t\t\t\t\t\t\t\t\t\t\t\t\t\t\t\t<a href=\"https:\/\/www.portovenere.fr\/fr-fr\/carrelage-sol-et-mur-en-gres-cerame-et-faience\/carrelage-extra-fin-special-renovation\/carrelage-extra-fin-3mm-aspect-pierre-moderne-kerlite-buxy\/\">\n\t\t\t\t\t\t\t<img loading=\"lazy\" decoding=\"async\" width=\"768\" height=\"512\" src=\"https:\/\/www.portovenere.fr\/fr-fr\/wp-content\/uploads\/2020\/02\/Carrelage_sol_et_mur_Ultra_Fin_3mm_id\u00e9al_r\u00e9novation_Kerlite_Buxy_Amande_pr\u00e8s_de_Gordes-1-768x512.jpg\" class=\"attachment-medium_large size-medium_large wp-image-25733\" alt=\"Carrelage extra fin pour r\u00e9novation de salle de bain Kerlite 3,5mm d&#039;\u00e9paisseur\" srcset=\"https:\/\/www.portovenere.fr\/fr-fr\/wp-content\/uploads\/2020\/02\/Carrelage_sol_et_mur_Ultra_Fin_3mm_id\u00e9al_r\u00e9novation_Kerlite_Buxy_Amande_pr\u00e8s_de_Gordes-1-768x512.jpg 768w, https:\/\/www.portovenere.fr\/fr-fr\/wp-content\/uploads\/2020\/02\/Carrelage_sol_et_mur_Ultra_Fin_3mm_id\u00e9al_r\u00e9novation_Kerlite_Buxy_Amande_pr\u00e8s_de_Gordes-1-300x200.jpg 300w, https:\/\/www.portovenere.fr\/fr-fr\/wp-content\/uploads\/2020\/02\/Carrelage_sol_et_mur_Ultra_Fin_3mm_id\u00e9al_r\u00e9novation_Kerlite_Buxy_Amande_pr\u00e8s_de_Gordes-1-1024x683.jpg 1024w, https:\/\/www.portovenere.fr\/fr-fr\/wp-content\/uploads\/2020\/02\/Carrelage_sol_et_mur_Ultra_Fin_3mm_id\u00e9al_r\u00e9novation_Kerlite_Buxy_Amande_pr\u00e8s_de_Gordes-1.jpg 1200w\" sizes=\"(max-width: 768px) 100vw, 768px\" \/>\t\t\t\t\t\t\t\t<\/a>\n\t\t\t\t\t\t\t\t\t\t\t\t\t\t\t<\/div>\n\t\t\t\t<\/div>\n\t\t\t\t<section class=\"elementor-section elementor-inner-section elementor-element elementor-element-4d619f73 elementor-section-boxed elementor-section-height-default elementor-section-height-default elementor-invisible\" data-id=\"4d619f73\" data-element_type=\"section\" data-e-type=\"section\" data-settings=\"{&quot;background_background&quot;:&quot;classic&quot;,&quot;animation&quot;:&quot;fadeIn&quot;}\">\n\t\t\t\t\t\t<div class=\"elementor-container elementor-column-gap-default\">\n\t\t\t\t\t<div class=\"elementor-column elementor-col-100 elementor-inner-column elementor-element elementor-element-173a6ac2\" data-id=\"173a6ac2\" data-element_type=\"column\" data-e-type=\"column\">\n\t\t\t<div class=\"elementor-widget-wrap elementor-element-populated\">\n\t\t\t\t\t\t<div class=\"elementor-element elementor-element-46128dfa elementor-widget elementor-widget-heading\" data-id=\"46128dfa\" data-element_type=\"widget\" data-e-type=\"widget\" data-widget_type=\"heading.default\">\n\t\t\t\t<div class=\"elementor-widget-container\">\n\t\t\t\t\t<h3 class=\"elementor-heading-title elementor-size-default\"><a href=\"https:\/\/www.portovenere.fr\/fr-fr\/carrelage-sol-et-mur-en-gres-cerame-et-faience\/carrelage-extra-fin-special-renovation\/carrelage-extra-fin-3mm-aspect-pierre-moderne-kerlite-buxy\/\">KERLITE BUXY 3,5mm | 6 coloris<\/a><\/h3>\t\t\t\t<\/div>\n\t\t\t\t<\/div>\n\t\t\t\t<div class=\"elementor-element elementor-element-6e2ea5c5 elementor-widget__width-initial elementor-widget elementor-widget-gallery\" data-id=\"6e2ea5c5\" data-element_type=\"widget\" data-e-type=\"widget\" data-settings=\"{&quot;gap&quot;:{&quot;unit&quot;:&quot;px&quot;,&quot;size&quot;:3,&quot;sizes&quot;:[]},&quot;columns_mobile&quot;:3,&quot;gap_mobile&quot;:{&quot;unit&quot;:&quot;px&quot;,&quot;size&quot;:6,&quot;sizes&quot;:[]},&quot;columns&quot;:5,&quot;columns_tablet&quot;:3,&quot;gap_tablet&quot;:{&quot;unit&quot;:&quot;px&quot;,&quot;size&quot;:5,&quot;sizes&quot;:[]},&quot;lazyload&quot;:&quot;yes&quot;,&quot;gallery_layout&quot;:&quot;grid&quot;,&quot;aspect_ratio&quot;:&quot;3:2&quot;,&quot;overlay_background&quot;:&quot;yes&quot;,&quot;content_hover_animation&quot;:&quot;fade-in&quot;}\" data-widget_type=\"gallery.default\">\n\t\t\t\t<div class=\"elementor-widget-container\">\n\t\t\t\t\t\t\t<div class=\"elementor-gallery__container\">\n\t\t\t\t\t\t\t<div class=\"e-gallery-item elementor-gallery-item elementor-animated-content\">\n\t\t\t\t\t<div class=\"e-gallery-image elementor-gallery-item__image\" data-thumbnail=\"https:\/\/www.portovenere.fr\/fr-fr\/wp-content\/uploads\/2020\/02\/Kerlite-Buxy-Cendre_effet_pierre_contemporaine_fine_\u00e9paisseur_Porto_Venere_Montpellier-150x150.jpg\" data-width=\"150\" data-height=\"150\" aria-label=\"\" role=\"img\" ><\/div>\n\t\t\t\t\t\t\t\t\t\t\t<div class=\"elementor-gallery-item__overlay\"><\/div>\n\t\t\t\t\t\t\t\t\t\t\t\t\t\t<\/div>\n\t\t\t\t\t\t\t<div class=\"e-gallery-item elementor-gallery-item elementor-animated-content\">\n\t\t\t\t\t<div class=\"e-gallery-image elementor-gallery-item__image\" data-thumbnail=\"https:\/\/www.portovenere.fr\/fr-fr\/wp-content\/uploads\/2020\/02\/Kerlite-Buxy-Caramel_aspect_pierre_contemporaine_fine_\u00e9paisseur_Porto_Venere_Montpellier-150x150.jpg\" data-width=\"150\" data-height=\"150\" aria-label=\"\" role=\"img\" ><\/div>\n\t\t\t\t\t\t\t\t\t\t\t<div class=\"elementor-gallery-item__overlay\"><\/div>\n\t\t\t\t\t\t\t\t\t\t\t\t\t\t<\/div>\n\t\t\t\t\t\t\t<div class=\"e-gallery-item elementor-gallery-item elementor-animated-content\">\n\t\t\t\t\t<div class=\"e-gallery-image elementor-gallery-item__image\" data-thumbnail=\"https:\/\/www.portovenere.fr\/fr-fr\/wp-content\/uploads\/2020\/02\/Kerlite-Buxy-Amande_aspect_pierre_moderne_Porto_Venere_Montpellier-150x150.jpg\" data-width=\"150\" data-height=\"150\" aria-label=\"\" role=\"img\" ><\/div>\n\t\t\t\t\t\t\t\t\t\t\t<div class=\"elementor-gallery-item__overlay\"><\/div>\n\t\t\t\t\t\t\t\t\t\t\t\t\t\t<\/div>\n\t\t\t\t\t\t\t<div class=\"e-gallery-item elementor-gallery-item elementor-animated-content\">\n\t\t\t\t\t<div class=\"e-gallery-image elementor-gallery-item__image\" data-thumbnail=\"https:\/\/www.portovenere.fr\/fr-fr\/wp-content\/uploads\/2020\/02\/Kerlite-Buxy-Perle_aspect_pierre_contemporaine_Porto_Venere_Montpellier-150x150.jpg\" data-width=\"150\" data-height=\"150\" aria-label=\"\" role=\"img\" ><\/div>\n\t\t\t\t\t\t\t\t\t\t\t<div class=\"elementor-gallery-item__overlay\"><\/div>\n\t\t\t\t\t\t\t\t\t\t\t\t\t\t<\/div>\n\t\t\t\t\t\t\t<div class=\"e-gallery-item elementor-gallery-item elementor-animated-content\">\n\t\t\t\t\t<div class=\"e-gallery-image elementor-gallery-item__image\" data-thumbnail=\"https:\/\/www.portovenere.fr\/fr-fr\/wp-content\/uploads\/2020\/02\/Kerlite-Buxy-Noisette_aspect_pierre_contemporaine_fine_\u00e9paisseur_Porto_Venere_Montpellier-150x150.jpg\" data-width=\"150\" data-height=\"150\" aria-label=\"\" role=\"img\" ><\/div>\n\t\t\t\t\t\t\t\t\t\t\t<div class=\"elementor-gallery-item__overlay\"><\/div>\n\t\t\t\t\t\t\t\t\t\t\t\t\t\t<\/div>\n\t\t\t\t\t\t\t<div class=\"e-gallery-item elementor-gallery-item elementor-animated-content\">\n\t\t\t\t\t<div class=\"e-gallery-image elementor-gallery-item__image\" data-thumbnail=\"https:\/\/www.portovenere.fr\/fr-fr\/wp-content\/uploads\/2020\/02\/Kerlite-Buxy-Corail_aspect_pierre_moderne_fine_\u00e9paisseur_Porto_Venere_Montpellier-150x150.jpg\" data-width=\"150\" data-height=\"150\" aria-label=\"\" role=\"img\" ><\/div>\n\t\t\t\t\t\t\t\t\t\t\t<div class=\"elementor-gallery-item__overlay\"><\/div>\n\t\t\t\t\t\t\t\t\t\t\t\t\t\t<\/div>\n\t\t\t\t\t<\/div>\n\t\t\t\t\t<\/div>\n\t\t\t\t<\/div>\n\t\t\t\t<div class=\"elementor-element elementor-element-28ec82f9 elementor-widget elementor-widget-text-editor\" data-id=\"28ec82f9\" data-element_type=\"widget\" data-e-type=\"widget\" data-widget_type=\"text-editor.default\">\n\t\t\t\t<div class=\"elementor-widget-container\">\n\t\t\t\t\t\t\t\t\t<p>Carrelage sol et mur en gr\u00e8s c\u00e9rame lamin\u00e9 extra-fin de style pierre contemporaine, disponible en \u00e9paisseur 3,5mm fibr\u00e9. Cette collection est d\u00e9clin\u00e9e en 4 formats : 50x50cm, 50x100cm, 100x100cm et 100x300cm.<\/p><p>Disponible en 6 coloris : Amande, Caramel, Cendre, Corail Blanc, Noisette, Perle.<\/p>\t\t\t\t\t\t\t\t<\/div>\n\t\t\t\t<\/div>\n\t\t\t\t<div class=\"elementor-element elementor-element-24b07132 elementor-mobile-align-center elementor-widget elementor-widget-button\" data-id=\"24b07132\" data-element_type=\"widget\" data-e-type=\"widget\" data-widget_type=\"button.default\">\n\t\t\t\t<div class=\"elementor-widget-container\">\n\t\t\t\t\t\t\t\t\t<div class=\"elementor-button-wrapper\">\n\t\t\t\t\t<a class=\"elementor-button elementor-button-link elementor-size-sm\" href=\"https:\/\/www.portovenere.fr\/fr-fr\/carrelage-sol-et-mur-en-gres-cerame-et-faience\/carrelage-extra-fin-special-renovation\/carrelage-extra-fin-3mm-aspect-pierre-moderne-kerlite-buxy\/\">\n\t\t\t\t\t\t<span class=\"elementor-button-content-wrapper\">\n\t\t\t\t\t\t\t\t\t<span class=\"elementor-button-text\">Voir la collection<\/span>\n\t\t\t\t\t<\/span>\n\t\t\t\t\t<\/a>\n\t\t\t\t<\/div>\n\t\t\t\t\t\t\t\t<\/div>\n\t\t\t\t<\/div>\n\t\t\t\t\t<\/div>\n\t\t<\/div>\n\t\t\t\t\t<\/div>\n\t\t<\/section>\n\t\t\t\t\t<\/div>\n\t\t<\/div>\n\t\t\t\t\t<\/div>\n\t\t<\/section>\n\t\t\t\t<section class=\"elementor-section elementor-top-section elementor-element elementor-element-4b5e5cb9 elementor-section-full_width elementor-section-height-default elementor-section-height-default\" data-id=\"4b5e5cb9\" data-element_type=\"section\" data-e-type=\"section\">\n\t\t\t\t\t\t<div class=\"elementor-container elementor-column-gap-default\">\n\t\t\t\t\t<div class=\"elementor-column elementor-col-33 elementor-top-column elementor-element elementor-element-5256be03\" data-id=\"5256be03\" data-element_type=\"column\" data-e-type=\"column\" data-settings=\"{&quot;background_background&quot;:&quot;classic&quot;}\">\n\t\t\t<div class=\"elementor-widget-wrap elementor-element-populated\">\n\t\t\t\t\t\t<div class=\"elementor-element elementor-element-55ce8b6f elementor-widget elementor-widget-image\" data-id=\"55ce8b6f\" data-element_type=\"widget\" data-e-type=\"widget\" data-widget_type=\"image.default\">\n\t\t\t\t<div class=\"elementor-widget-container\">\n\t\t\t\t\t\t\t\t\t\t\t\t\t\t\t\t<a href=\"https:\/\/www.portovenere.fr\/fr-fr\/carrelage-sol-et-mur-en-gres-cerame-et-faience\/carrelage-contemporain-et-design\/carrelage-contemporain-aspect-beton-factory\/\">\n\t\t\t\t\t\t\t<img loading=\"lazy\" decoding=\"async\" width=\"768\" height=\"512\" src=\"https:\/\/www.portovenere.fr\/fr-fr\/wp-content\/uploads\/2019\/08\/Factory-vintage-taupe-60x60-768x512.jpg\" class=\"attachment-medium_large size-medium_large wp-image-12628\" alt=\"\" srcset=\"https:\/\/www.portovenere.fr\/fr-fr\/wp-content\/uploads\/2019\/08\/Factory-vintage-taupe-60x60-768x512.jpg 768w, https:\/\/www.portovenere.fr\/fr-fr\/wp-content\/uploads\/2019\/08\/Factory-vintage-taupe-60x60-300x200.jpg 300w, https:\/\/www.portovenere.fr\/fr-fr\/wp-content\/uploads\/2019\/08\/Factory-vintage-taupe-60x60-1024x683.jpg 1024w, https:\/\/www.portovenere.fr\/fr-fr\/wp-content\/uploads\/2019\/08\/Factory-vintage-taupe-60x60.jpg 1500w\" sizes=\"(max-width: 768px) 100vw, 768px\" \/>\t\t\t\t\t\t\t\t<\/a>\n\t\t\t\t\t\t\t\t\t\t\t\t\t\t\t<\/div>\n\t\t\t\t<\/div>\n\t\t\t\t<div class=\"elementor-element elementor-element-706a023e elementor-widget elementor-widget-heading\" data-id=\"706a023e\" data-element_type=\"widget\" data-e-type=\"widget\" data-widget_type=\"heading.default\">\n\t\t\t\t<div class=\"elementor-widget-container\">\n\t\t\t\t\t<h3 class=\"elementor-heading-title elementor-size-default\"><a href=\"https:\/\/www.portovenere.fr\/fr-fr\/carrelage-sol-et-mur-en-gres-cerame-et-faience\/carrelage-contemporain-et-design\/carrelage-contemporain-aspect-beton-factory\/\">FACTORY | 6 coloris<\/a><\/h3>\t\t\t\t<\/div>\n\t\t\t\t<\/div>\n\t\t\t\t<div class=\"elementor-element elementor-element-64a24bf4 elementor-widget__width-initial elementor-widget elementor-widget-gallery\" data-id=\"64a24bf4\" data-element_type=\"widget\" data-e-type=\"widget\" data-settings=\"{&quot;gap&quot;:{&quot;unit&quot;:&quot;px&quot;,&quot;size&quot;:3,&quot;sizes&quot;:[]},&quot;columns_mobile&quot;:3,&quot;gap_mobile&quot;:{&quot;unit&quot;:&quot;px&quot;,&quot;size&quot;:6,&quot;sizes&quot;:[]},&quot;columns&quot;:5,&quot;columns_tablet&quot;:3,&quot;gap_tablet&quot;:{&quot;unit&quot;:&quot;px&quot;,&quot;size&quot;:5,&quot;sizes&quot;:[]},&quot;lazyload&quot;:&quot;yes&quot;,&quot;gallery_layout&quot;:&quot;grid&quot;,&quot;aspect_ratio&quot;:&quot;3:2&quot;,&quot;overlay_background&quot;:&quot;yes&quot;,&quot;content_hover_animation&quot;:&quot;fade-in&quot;}\" data-widget_type=\"gallery.default\">\n\t\t\t\t<div class=\"elementor-widget-container\">\n\t\t\t\t\t\t\t<div class=\"elementor-gallery__container\">\n\t\t\t\t\t\t\t<div class=\"e-gallery-item elementor-gallery-item elementor-animated-content\">\n\t\t\t\t\t<div class=\"e-gallery-image elementor-gallery-item__image\" data-thumbnail=\"https:\/\/www.portovenere.fr\/fr-fr\/wp-content\/uploads\/2019\/08\/Factory-worn-sand-150x150.jpg\" data-width=\"150\" data-height=\"150\" aria-label=\"\" role=\"img\" ><\/div>\n\t\t\t\t\t\t\t\t\t\t\t<div class=\"elementor-gallery-item__overlay\"><\/div>\n\t\t\t\t\t\t\t\t\t\t\t\t\t\t<\/div>\n\t\t\t\t\t\t\t<div class=\"e-gallery-item elementor-gallery-item elementor-animated-content\">\n\t\t\t\t\t<div class=\"e-gallery-image elementor-gallery-item__image\" data-thumbnail=\"https:\/\/www.portovenere.fr\/fr-fr\/wp-content\/uploads\/2019\/08\/Factory-Worked-Charcoal-150x150.jpg\" data-width=\"150\" data-height=\"150\" aria-label=\"\" role=\"img\" ><\/div>\n\t\t\t\t\t\t\t\t\t\t\t<div class=\"elementor-gallery-item__overlay\"><\/div>\n\t\t\t\t\t\t\t\t\t\t\t\t\t\t<\/div>\n\t\t\t\t\t\t\t<div class=\"e-gallery-item elementor-gallery-item elementor-animated-content\">\n\t\t\t\t\t<div class=\"e-gallery-image elementor-gallery-item__image\" data-thumbnail=\"https:\/\/www.portovenere.fr\/fr-fr\/wp-content\/uploads\/2019\/08\/Factory-white-aged-150x150.jpg\" data-width=\"150\" data-height=\"150\" aria-label=\"\" role=\"img\" ><\/div>\n\t\t\t\t\t\t\t\t\t\t\t<div class=\"elementor-gallery-item__overlay\"><\/div>\n\t\t\t\t\t\t\t\t\t\t\t\t\t\t<\/div>\n\t\t\t\t\t\t\t<div class=\"e-gallery-item elementor-gallery-item elementor-animated-content\">\n\t\t\t\t\t<div class=\"e-gallery-image elementor-gallery-item__image\" data-thumbnail=\"https:\/\/www.portovenere.fr\/fr-fr\/wp-content\/uploads\/2019\/08\/Factory-Used-grey-150x150.jpg\" data-width=\"150\" data-height=\"150\" aria-label=\"\" role=\"img\" ><\/div>\n\t\t\t\t\t\t\t\t\t\t\t<div class=\"elementor-gallery-item__overlay\"><\/div>\n\t\t\t\t\t\t\t\t\t\t\t\t\t\t<\/div>\n\t\t\t\t\t\t\t<div class=\"e-gallery-item elementor-gallery-item elementor-animated-content\">\n\t\t\t\t\t<div class=\"e-gallery-image elementor-gallery-item__image\" data-thumbnail=\"https:\/\/www.portovenere.fr\/fr-fr\/wp-content\/uploads\/2019\/08\/Factory-Vintage-taupe-150x150.jpg\" data-width=\"150\" data-height=\"150\" aria-label=\"\" role=\"img\" ><\/div>\n\t\t\t\t\t\t\t\t\t\t\t<div class=\"elementor-gallery-item__overlay\"><\/div>\n\t\t\t\t\t\t\t\t\t\t\t\t\t\t<\/div>\n\t\t\t\t\t\t\t<div class=\"e-gallery-item elementor-gallery-item elementor-animated-content\">\n\t\t\t\t\t<div class=\"e-gallery-image elementor-gallery-item__image\" data-thumbnail=\"https:\/\/www.portovenere.fr\/fr-fr\/wp-content\/uploads\/2019\/08\/Factory-Crafed-graphite-150x150.jpg\" data-width=\"150\" data-height=\"150\" aria-label=\"\" role=\"img\" ><\/div>\n\t\t\t\t\t\t\t\t\t\t\t<div class=\"elementor-gallery-item__overlay\"><\/div>\n\t\t\t\t\t\t\t\t\t\t\t\t\t\t<\/div>\n\t\t\t\t\t<\/div>\n\t\t\t\t\t<\/div>\n\t\t\t\t<\/div>\n\t\t\t\t<div class=\"elementor-element elementor-element-5aa1346b elementor-widget elementor-widget-text-editor\" data-id=\"5aa1346b\" data-element_type=\"widget\" data-e-type=\"widget\" data-widget_type=\"text-editor.default\">\n\t\t\t\t<div class=\"elementor-widget-container\">\n\t\t\t\t\t\t\t\t\t<p>Carrelage de sol et mur en gr\u00e8s c\u00e9rame aspect b\u00e9ton pour int\u00e9rieur et ext\u00e9rieur. La collection propose deux familles de formats (60&#215;120\u00a0cm et 80&#215;80\u00a0cm), avec leurs sous-formats modulaires respectifs. Les d\u00e9grad\u00e9s du b\u00e9ton se d\u00e9clinent en 6 tonalit\u00e9s neutres allant du blanc au noir charbon, en passant par les gris et les beiges.<\/p>\t\t\t\t\t\t\t\t<\/div>\n\t\t\t\t<\/div>\n\t\t\t\t<div class=\"elementor-element elementor-element-374b8d2c elementor-mobile-align-center elementor-widget elementor-widget-button\" data-id=\"374b8d2c\" data-element_type=\"widget\" data-e-type=\"widget\" data-widget_type=\"button.default\">\n\t\t\t\t<div class=\"elementor-widget-container\">\n\t\t\t\t\t\t\t\t\t<div class=\"elementor-button-wrapper\">\n\t\t\t\t\t<a class=\"elementor-button elementor-button-link elementor-size-sm\" href=\"https:\/\/www.portovenere.fr\/fr-fr\/carrelage-sol-et-mur-en-gres-cerame-et-faience\/carrelage-contemporain-et-design\/carrelage-contemporain-aspect-beton-factory\/\">\n\t\t\t\t\t\t<span class=\"elementor-button-content-wrapper\">\n\t\t\t\t\t\t\t\t\t<span class=\"elementor-button-text\">Voir la collection<\/span>\n\t\t\t\t\t<\/span>\n\t\t\t\t\t<\/a>\n\t\t\t\t<\/div>\n\t\t\t\t\t\t\t\t<\/div>\n\t\t\t\t<\/div>\n\t\t\t\t\t<\/div>\n\t\t<\/div>\n\t\t\t\t<div class=\"elementor-column elementor-col-33 elementor-top-column elementor-element elementor-element-4668a1f8 elementor-invisible\" data-id=\"4668a1f8\" data-element_type=\"column\" data-e-type=\"column\" data-settings=\"{&quot;animation&quot;:&quot;fadeIn&quot;,&quot;background_background&quot;:&quot;classic&quot;}\">\n\t\t\t<div class=\"elementor-widget-wrap elementor-element-populated\">\n\t\t\t\t\t\t<div class=\"elementor-element elementor-element-f8e863 elementor-widget elementor-widget-image\" data-id=\"f8e863\" data-element_type=\"widget\" data-e-type=\"widget\" data-widget_type=\"image.default\">\n\t\t\t\t<div class=\"elementor-widget-container\">\n\t\t\t\t\t\t\t\t\t\t\t\t\t\t\t\t<a href=\"https:\/\/www.portovenere.fr\/fr-fr\/carrelage-sol-et-mur-en-gres-cerame-et-faience\/carrelage-contemporain-et-design\/carrelage-contemporain-aspect-beton-be-in\/\">\n\t\t\t\t\t\t\t<img loading=\"lazy\" decoding=\"async\" width=\"768\" height=\"512\" src=\"https:\/\/www.portovenere.fr\/fr-fr\/wp-content\/uploads\/2019\/08\/Be-In-carrelage-aspect-b\u00e9ton-768x512.jpg\" class=\"attachment-medium_large size-medium_large wp-image-11532\" alt=\"\" srcset=\"https:\/\/www.portovenere.fr\/fr-fr\/wp-content\/uploads\/2019\/08\/Be-In-carrelage-aspect-b\u00e9ton-768x512.jpg 768w, https:\/\/www.portovenere.fr\/fr-fr\/wp-content\/uploads\/2019\/08\/Be-In-carrelage-aspect-b\u00e9ton-300x200.jpg 300w, https:\/\/www.portovenere.fr\/fr-fr\/wp-content\/uploads\/2019\/08\/Be-In-carrelage-aspect-b\u00e9ton-1024x683.jpg 1024w, https:\/\/www.portovenere.fr\/fr-fr\/wp-content\/uploads\/2019\/08\/Be-In-carrelage-aspect-b\u00e9ton.jpg 1500w\" sizes=\"(max-width: 768px) 100vw, 768px\" \/>\t\t\t\t\t\t\t\t<\/a>\n\t\t\t\t\t\t\t\t\t\t\t\t\t\t\t<\/div>\n\t\t\t\t<\/div>\n\t\t\t\t<section class=\"elementor-section elementor-inner-section elementor-element elementor-element-57c2a30d elementor-section-boxed elementor-section-height-default elementor-section-height-default elementor-invisible\" data-id=\"57c2a30d\" data-element_type=\"section\" data-e-type=\"section\" data-settings=\"{&quot;background_background&quot;:&quot;classic&quot;,&quot;animation&quot;:&quot;fadeIn&quot;}\">\n\t\t\t\t\t\t<div class=\"elementor-container elementor-column-gap-default\">\n\t\t\t\t\t<div class=\"elementor-column elementor-col-100 elementor-inner-column elementor-element elementor-element-7d564fc0\" data-id=\"7d564fc0\" data-element_type=\"column\" data-e-type=\"column\">\n\t\t\t<div class=\"elementor-widget-wrap elementor-element-populated\">\n\t\t\t\t\t\t<div class=\"elementor-element elementor-element-72424de7 elementor-widget elementor-widget-heading\" data-id=\"72424de7\" data-element_type=\"widget\" data-e-type=\"widget\" data-widget_type=\"heading.default\">\n\t\t\t\t<div class=\"elementor-widget-container\">\n\t\t\t\t\t<h3 class=\"elementor-heading-title elementor-size-default\"><a href=\"https:\/\/www.portovenere.fr\/fr-fr\/carrelage-sol-et-mur-en-gres-cerame-et-faience\/carrelage-contemporain-et-design\/carrelage-contemporain-aspect-beton-be-in\/\">BE IN | 4 coloris &amp; d\u00e9cors<\/a><\/h3>\t\t\t\t<\/div>\n\t\t\t\t<\/div>\n\t\t\t\t<div class=\"elementor-element elementor-element-91a176d elementor-widget__width-initial elementor-widget elementor-widget-gallery\" data-id=\"91a176d\" data-element_type=\"widget\" data-e-type=\"widget\" data-settings=\"{&quot;gap&quot;:{&quot;unit&quot;:&quot;px&quot;,&quot;size&quot;:3,&quot;sizes&quot;:[]},&quot;columns_mobile&quot;:3,&quot;gap_mobile&quot;:{&quot;unit&quot;:&quot;px&quot;,&quot;size&quot;:6,&quot;sizes&quot;:[]},&quot;columns&quot;:5,&quot;columns_tablet&quot;:3,&quot;gap_tablet&quot;:{&quot;unit&quot;:&quot;px&quot;,&quot;size&quot;:5,&quot;sizes&quot;:[]},&quot;lazyload&quot;:&quot;yes&quot;,&quot;gallery_layout&quot;:&quot;grid&quot;,&quot;aspect_ratio&quot;:&quot;3:2&quot;,&quot;overlay_background&quot;:&quot;yes&quot;,&quot;content_hover_animation&quot;:&quot;fade-in&quot;}\" data-widget_type=\"gallery.default\">\n\t\t\t\t<div class=\"elementor-widget-container\">\n\t\t\t\t\t\t\t<div class=\"elementor-gallery__container\">\n\t\t\t\t\t\t\t<div class=\"e-gallery-item elementor-gallery-item elementor-animated-content\">\n\t\t\t\t\t<div class=\"e-gallery-image elementor-gallery-item__image\" data-thumbnail=\"https:\/\/www.portovenere.fr\/fr-fr\/wp-content\/uploads\/2019\/08\/Be-in-Concrete-Corda-150x150.jpg\" data-width=\"150\" data-height=\"150\" aria-label=\"\" role=\"img\" ><\/div>\n\t\t\t\t\t\t\t\t\t\t\t<div class=\"elementor-gallery-item__overlay\"><\/div>\n\t\t\t\t\t\t\t\t\t\t\t\t\t\t<\/div>\n\t\t\t\t\t\t\t<div class=\"e-gallery-item elementor-gallery-item elementor-animated-content\">\n\t\t\t\t\t<div class=\"e-gallery-image elementor-gallery-item__image\" data-thumbnail=\"https:\/\/www.portovenere.fr\/fr-fr\/wp-content\/uploads\/2019\/08\/Be-in-Concrete-Gesso-150x150.jpg\" data-width=\"150\" data-height=\"150\" aria-label=\"\" role=\"img\" ><\/div>\n\t\t\t\t\t\t\t\t\t\t\t<div class=\"elementor-gallery-item__overlay\"><\/div>\n\t\t\t\t\t\t\t\t\t\t\t\t\t\t<\/div>\n\t\t\t\t\t\t\t<div class=\"e-gallery-item elementor-gallery-item elementor-animated-content\">\n\t\t\t\t\t<div class=\"e-gallery-image elementor-gallery-item__image\" data-thumbnail=\"https:\/\/www.portovenere.fr\/fr-fr\/wp-content\/uploads\/2019\/08\/Be-In-Concrete-Grigio-150x150.jpg\" data-width=\"150\" data-height=\"150\" aria-label=\"\" role=\"img\" ><\/div>\n\t\t\t\t\t\t\t\t\t\t\t<div class=\"elementor-gallery-item__overlay\"><\/div>\n\t\t\t\t\t\t\t\t\t\t\t\t\t\t<\/div>\n\t\t\t\t\t\t\t<div class=\"e-gallery-item elementor-gallery-item elementor-animated-content\">\n\t\t\t\t\t<div class=\"e-gallery-image elementor-gallery-item__image\" data-thumbnail=\"https:\/\/www.portovenere.fr\/fr-fr\/wp-content\/uploads\/2019\/08\/Be-in-Concrete-Peltro-150x150.jpg\" data-width=\"150\" data-height=\"150\" aria-label=\"\" role=\"img\" ><\/div>\n\t\t\t\t\t\t\t\t\t\t\t<div class=\"elementor-gallery-item__overlay\"><\/div>\n\t\t\t\t\t\t\t\t\t\t\t\t\t\t<\/div>\n\t\t\t\t\t<\/div>\n\t\t\t\t\t<\/div>\n\t\t\t\t<\/div>\n\t\t\t\t<div class=\"elementor-element elementor-element-8f75774 elementor-widget elementor-widget-text-editor\" data-id=\"8f75774\" data-element_type=\"widget\" data-e-type=\"widget\" data-widget_type=\"text-editor.default\">\n\t\t\t\t<div class=\"elementor-widget-container\">\n\t\t\t\t\t\t\t\t\t<p>Carrelage de sol et mur en gr\u00e8s c\u00e9rame aspect b\u00e9ton disponible en 4 tonalit\u00e9s d\u00e9clin\u00e9es en 2 finitions : \u00ab\u00a0Concret ciment\u00a0\u00bb et \u00ab\u00a0Resin bois\u00a0\u00bb. Naturel rectifi\u00e9e pour l&rsquo;int\u00e9rieur ou Antid\u00e9rapant pour pose en ext\u00e9rieur. De nombreux d\u00e9cors et mosa\u00efques viennent compl\u00e9ter cette collection originale.<\/p>\t\t\t\t\t\t\t\t<\/div>\n\t\t\t\t<\/div>\n\t\t\t\t<div class=\"elementor-element elementor-element-6e9a591c elementor-mobile-align-center elementor-widget elementor-widget-button\" data-id=\"6e9a591c\" data-element_type=\"widget\" data-e-type=\"widget\" data-widget_type=\"button.default\">\n\t\t\t\t<div class=\"elementor-widget-container\">\n\t\t\t\t\t\t\t\t\t<div class=\"elementor-button-wrapper\">\n\t\t\t\t\t<a class=\"elementor-button elementor-button-link elementor-size-sm\" href=\"https:\/\/www.portovenere.fr\/fr-fr\/carrelage-sol-et-mur-en-gres-cerame-et-faience\/carrelage-contemporain-et-design\/carrelage-contemporain-aspect-beton-be-in\/\">\n\t\t\t\t\t\t<span class=\"elementor-button-content-wrapper\">\n\t\t\t\t\t\t\t\t\t<span class=\"elementor-button-text\">Voir la collection<\/span>\n\t\t\t\t\t<\/span>\n\t\t\t\t\t<\/a>\n\t\t\t\t<\/div>\n\t\t\t\t\t\t\t\t<\/div>\n\t\t\t\t<\/div>\n\t\t\t\t\t<\/div>\n\t\t<\/div>\n\t\t\t\t\t<\/div>\n\t\t<\/section>\n\t\t\t\t\t<\/div>\n\t\t<\/div>\n\t\t\t\t<div class=\"elementor-column elementor-col-33 elementor-top-column elementor-element elementor-element-38ac9811 elementor-invisible\" data-id=\"38ac9811\" data-element_type=\"column\" data-e-type=\"column\" data-settings=\"{&quot;animation&quot;:&quot;fadeIn&quot;,&quot;background_background&quot;:&quot;classic&quot;}\">\n\t\t\t<div class=\"elementor-widget-wrap elementor-element-populated\">\n\t\t\t\t\t\t<div class=\"elementor-element elementor-element-11f425c2 elementor-widget elementor-widget-image\" data-id=\"11f425c2\" data-element_type=\"widget\" data-e-type=\"widget\" data-widget_type=\"image.default\">\n\t\t\t\t<div class=\"elementor-widget-container\">\n\t\t\t\t\t\t\t\t\t\t\t\t\t\t\t\t<a href=\"https:\/\/www.portovenere.fr\/fr-fr\/carrelage-sol-et-mur-en-gres-cerame-et-faience\/carrelage-contemporain-et-design\/carrelage-contemporain-gres-cerame-aspect-beton-look\/\">\n\t\t\t\t\t\t\t<img loading=\"lazy\" decoding=\"async\" width=\"768\" height=\"512\" src=\"https:\/\/www.portovenere.fr\/fr-fr\/wp-content\/uploads\/2019\/09\/Carrelage-effet-b\u00e9ton-Look-Dim-603x603-768x512.jpg\" class=\"attachment-medium_large size-medium_large wp-image-13452\" alt=\"\" srcset=\"https:\/\/www.portovenere.fr\/fr-fr\/wp-content\/uploads\/2019\/09\/Carrelage-effet-b\u00e9ton-Look-Dim-603x603-768x512.jpg 768w, https:\/\/www.portovenere.fr\/fr-fr\/wp-content\/uploads\/2019\/09\/Carrelage-effet-b\u00e9ton-Look-Dim-603x603-300x200.jpg 300w, https:\/\/www.portovenere.fr\/fr-fr\/wp-content\/uploads\/2019\/09\/Carrelage-effet-b\u00e9ton-Look-Dim-603x603-1024x683.jpg 1024w, https:\/\/www.portovenere.fr\/fr-fr\/wp-content\/uploads\/2019\/09\/Carrelage-effet-b\u00e9ton-Look-Dim-603x603.jpg 1500w\" sizes=\"(max-width: 768px) 100vw, 768px\" \/>\t\t\t\t\t\t\t\t<\/a>\n\t\t\t\t\t\t\t\t\t\t\t\t\t\t\t<\/div>\n\t\t\t\t<\/div>\n\t\t\t\t<section class=\"elementor-section elementor-inner-section elementor-element elementor-element-3ae2952c elementor-section-boxed elementor-section-height-default elementor-section-height-default elementor-invisible\" data-id=\"3ae2952c\" data-element_type=\"section\" data-e-type=\"section\" data-settings=\"{&quot;background_background&quot;:&quot;classic&quot;,&quot;animation&quot;:&quot;fadeIn&quot;}\">\n\t\t\t\t\t\t<div class=\"elementor-container elementor-column-gap-default\">\n\t\t\t\t\t<div class=\"elementor-column elementor-col-100 elementor-inner-column elementor-element elementor-element-31e41dcd\" data-id=\"31e41dcd\" data-element_type=\"column\" data-e-type=\"column\">\n\t\t\t<div class=\"elementor-widget-wrap elementor-element-populated\">\n\t\t\t\t\t\t<div class=\"elementor-element elementor-element-5b5e0751 elementor-widget elementor-widget-heading\" data-id=\"5b5e0751\" data-element_type=\"widget\" data-e-type=\"widget\" data-widget_type=\"heading.default\">\n\t\t\t\t<div class=\"elementor-widget-container\">\n\t\t\t\t\t<h3 class=\"elementor-heading-title elementor-size-default\"><a href=\"https:\/\/www.portovenere.fr\/fr-fr\/carrelage-sol-et-mur-en-gres-cerame-et-faience\/carrelage-contemporain-et-design\/carrelage-contemporain-gres-cerame-aspect-beton-look\/\">LOOK | 1 coloris<\/a><\/h3>\t\t\t\t<\/div>\n\t\t\t\t<\/div>\n\t\t\t\t<div class=\"elementor-element elementor-element-538ed836 elementor-widget__width-initial elementor-widget elementor-widget-gallery\" data-id=\"538ed836\" data-element_type=\"widget\" data-e-type=\"widget\" data-settings=\"{&quot;gap&quot;:{&quot;unit&quot;:&quot;px&quot;,&quot;size&quot;:3,&quot;sizes&quot;:[]},&quot;columns_mobile&quot;:3,&quot;gap_mobile&quot;:{&quot;unit&quot;:&quot;px&quot;,&quot;size&quot;:6,&quot;sizes&quot;:[]},&quot;columns&quot;:5,&quot;columns_tablet&quot;:3,&quot;gap_tablet&quot;:{&quot;unit&quot;:&quot;px&quot;,&quot;size&quot;:5,&quot;sizes&quot;:[]},&quot;lazyload&quot;:&quot;yes&quot;,&quot;gallery_layout&quot;:&quot;grid&quot;,&quot;aspect_ratio&quot;:&quot;3:2&quot;,&quot;overlay_background&quot;:&quot;yes&quot;,&quot;content_hover_animation&quot;:&quot;fade-in&quot;}\" data-widget_type=\"gallery.default\">\n\t\t\t\t<div class=\"elementor-widget-container\">\n\t\t\t\t\t\t\t<div class=\"elementor-gallery__container\">\n\t\t\t\t\t\t\t<div class=\"e-gallery-item elementor-gallery-item elementor-animated-content\">\n\t\t\t\t\t<div class=\"e-gallery-image elementor-gallery-item__image\" data-thumbnail=\"https:\/\/www.portovenere.fr\/fr-fr\/wp-content\/uploads\/2019\/09\/Look-Dim-150x150.jpg\" data-width=\"150\" data-height=\"150\" aria-label=\"\" role=\"img\" ><\/div>\n\t\t\t\t\t\t\t\t\t\t\t<div class=\"elementor-gallery-item__overlay\"><\/div>\n\t\t\t\t\t\t\t\t\t\t\t\t\t\t<\/div>\n\t\t\t\t\t<\/div>\n\t\t\t\t\t<\/div>\n\t\t\t\t<\/div>\n\t\t\t\t<div class=\"elementor-element elementor-element-7e0d52d5 elementor-widget elementor-widget-text-editor\" data-id=\"7e0d52d5\" data-element_type=\"widget\" data-e-type=\"widget\" data-widget_type=\"text-editor.default\">\n\t\t\t\t<div class=\"elementor-widget-container\">\n\t\t\t\t\t\t\t\t\t<p>Carrelage de sol et mur en gr\u00e8s c\u00e9rame aspect b\u00e9ton pour int\u00e9rieur et ext\u00e9rieur. Cette unique tonalit\u00e9 (gris\/taupe) est d\u00e9clin\u00e9e sous 4 formats du 20\u00d720 au 90\u00d790.\u00a0Des possibilit\u00e9s sans fin s\u2019offrent \u00e0 vous pour composer de nouvelles id\u00e9es cr\u00e9atives gr\u00e2ce aux 9 carreaux d\u00e9cors.<\/p>\t\t\t\t\t\t\t\t<\/div>\n\t\t\t\t<\/div>\n\t\t\t\t<div class=\"elementor-element elementor-element-55b66c06 elementor-mobile-align-center elementor-widget elementor-widget-button\" data-id=\"55b66c06\" data-element_type=\"widget\" data-e-type=\"widget\" data-widget_type=\"button.default\">\n\t\t\t\t<div class=\"elementor-widget-container\">\n\t\t\t\t\t\t\t\t\t<div class=\"elementor-button-wrapper\">\n\t\t\t\t\t<a class=\"elementor-button elementor-button-link elementor-size-sm\" href=\"https:\/\/www.portovenere.fr\/fr-fr\/carrelage-sol-et-mur-en-gres-cerame-et-faience\/carrelage-contemporain-et-design\/carrelage-contemporain-gres-cerame-aspect-beton-look\/\">\n\t\t\t\t\t\t<span class=\"elementor-button-content-wrapper\">\n\t\t\t\t\t\t\t\t\t<span class=\"elementor-button-text\">Voir la collection<\/span>\n\t\t\t\t\t<\/span>\n\t\t\t\t\t<\/a>\n\t\t\t\t<\/div>\n\t\t\t\t\t\t\t\t<\/div>\n\t\t\t\t<\/div>\n\t\t\t\t\t<\/div>\n\t\t<\/div>\n\t\t\t\t\t<\/div>\n\t\t<\/section>\n\t\t\t\t\t<\/div>\n\t\t<\/div>\n\t\t\t\t\t<\/div>\n\t\t<\/section>\n\t\t\t\t<section class=\"elementor-section elementor-top-section elementor-element elementor-element-7400b4ab elementor-section-full_width elementor-section-height-default elementor-section-height-default\" data-id=\"7400b4ab\" data-element_type=\"section\" data-e-type=\"section\">\n\t\t\t\t\t\t<div class=\"elementor-container elementor-column-gap-default\">\n\t\t\t\t\t<div class=\"elementor-column elementor-col-33 elementor-top-column elementor-element elementor-element-a34e144\" data-id=\"a34e144\" data-element_type=\"column\" data-e-type=\"column\" data-settings=\"{&quot;background_background&quot;:&quot;classic&quot;}\">\n\t\t\t<div class=\"elementor-widget-wrap elementor-element-populated\">\n\t\t\t\t\t\t<div class=\"elementor-element elementor-element-61d01151 elementor-widget elementor-widget-image\" data-id=\"61d01151\" data-element_type=\"widget\" data-e-type=\"widget\" data-widget_type=\"image.default\">\n\t\t\t\t<div class=\"elementor-widget-container\">\n\t\t\t\t\t\t\t\t\t\t\t\t\t\t\t\t<a href=\"https:\/\/www.portovenere.fr\/fr-fr\/carrelage-sol-et-mur-en-gres-cerame-et-faience\/carrelage-aspect-pierre\/carrelage-aspect-vieille-pierre-pittsburgh\/\">\n\t\t\t\t\t\t\t<img loading=\"lazy\" decoding=\"async\" width=\"800\" height=\"534\" src=\"https:\/\/www.portovenere.fr\/fr-fr\/wp-content\/uploads\/2019\/12\/Carrelage-aspect-pierre-ancienne-Pittsburgs_Sunrise_salle-de-bain_douche_italienne_mosa\u00efque_muretto_et-60x60_au_sol-1024x683.jpg\" class=\"attachment-large size-large wp-image-19632\" alt=\"\" srcset=\"https:\/\/www.portovenere.fr\/fr-fr\/wp-content\/uploads\/2019\/12\/Carrelage-aspect-pierre-ancienne-Pittsburgs_Sunrise_salle-de-bain_douche_italienne_mosa\u00efque_muretto_et-60x60_au_sol-1024x683.jpg 1024w, https:\/\/www.portovenere.fr\/fr-fr\/wp-content\/uploads\/2019\/12\/Carrelage-aspect-pierre-ancienne-Pittsburgs_Sunrise_salle-de-bain_douche_italienne_mosa\u00efque_muretto_et-60x60_au_sol-300x200.jpg 300w, https:\/\/www.portovenere.fr\/fr-fr\/wp-content\/uploads\/2019\/12\/Carrelage-aspect-pierre-ancienne-Pittsburgs_Sunrise_salle-de-bain_douche_italienne_mosa\u00efque_muretto_et-60x60_au_sol-768x512.jpg 768w, https:\/\/www.portovenere.fr\/fr-fr\/wp-content\/uploads\/2019\/12\/Carrelage-aspect-pierre-ancienne-Pittsburgs_Sunrise_salle-de-bain_douche_italienne_mosa\u00efque_muretto_et-60x60_au_sol.jpg 1500w\" sizes=\"(max-width: 800px) 100vw, 800px\" \/>\t\t\t\t\t\t\t\t<\/a>\n\t\t\t\t\t\t\t\t\t\t\t\t\t\t\t<\/div>\n\t\t\t\t<\/div>\n\t\t\t\t<div class=\"elementor-element elementor-element-70e940e4 elementor-widget elementor-widget-heading\" data-id=\"70e940e4\" data-element_type=\"widget\" data-e-type=\"widget\" data-widget_type=\"heading.default\">\n\t\t\t\t<div class=\"elementor-widget-container\">\n\t\t\t\t\t<h3 class=\"elementor-heading-title elementor-size-default\"><a href=\"https:\/\/www.portovenere.fr\/fr-fr\/carrelage-sol-et-mur-en-gres-cerame-et-faience\/carrelage-aspect-pierre\/carrelage-aspect-vieille-pierre-pittsburgh\/\">PITTSBURGH | 2 coloris<\/a><\/h3>\t\t\t\t<\/div>\n\t\t\t\t<\/div>\n\t\t\t\t<div class=\"elementor-element elementor-element-7e5abf elementor-widget__width-initial elementor-widget elementor-widget-gallery\" data-id=\"7e5abf\" data-element_type=\"widget\" data-e-type=\"widget\" data-settings=\"{&quot;gap&quot;:{&quot;unit&quot;:&quot;px&quot;,&quot;size&quot;:3,&quot;sizes&quot;:[]},&quot;columns_mobile&quot;:3,&quot;gap_mobile&quot;:{&quot;unit&quot;:&quot;px&quot;,&quot;size&quot;:6,&quot;sizes&quot;:[]},&quot;columns&quot;:5,&quot;columns_tablet&quot;:3,&quot;gap_tablet&quot;:{&quot;unit&quot;:&quot;px&quot;,&quot;size&quot;:5,&quot;sizes&quot;:[]},&quot;lazyload&quot;:&quot;yes&quot;,&quot;gallery_layout&quot;:&quot;grid&quot;,&quot;aspect_ratio&quot;:&quot;3:2&quot;,&quot;overlay_background&quot;:&quot;yes&quot;,&quot;content_hover_animation&quot;:&quot;fade-in&quot;}\" data-widget_type=\"gallery.default\">\n\t\t\t\t<div class=\"elementor-widget-container\">\n\t\t\t\t\t\t\t<div class=\"elementor-gallery__container\">\n\t\t\t\t\t\t\t<div class=\"e-gallery-item elementor-gallery-item elementor-animated-content\">\n\t\t\t\t\t<div class=\"e-gallery-image elementor-gallery-item__image\" data-thumbnail=\"https:\/\/www.portovenere.fr\/fr-fr\/wp-content\/uploads\/2019\/12\/Carrelage-aspect-pierre-ancienne-Pittsburgs_Sunrise_bords-rectifi\u00e9s-150x150.jpg\" data-width=\"150\" data-height=\"150\" aria-label=\"\" role=\"img\" ><\/div>\n\t\t\t\t\t\t\t\t\t\t\t<div class=\"elementor-gallery-item__overlay\"><\/div>\n\t\t\t\t\t\t\t\t\t\t\t\t\t\t<\/div>\n\t\t\t\t\t\t\t<div class=\"e-gallery-item elementor-gallery-item elementor-animated-content\">\n\t\t\t\t\t<div class=\"e-gallery-image elementor-gallery-item__image\" data-thumbnail=\"https:\/\/www.portovenere.fr\/fr-fr\/wp-content\/uploads\/2019\/12\/Carrelage-aspect-pierre-ancienne-Pittsburgs_Wind_bords-rectifi\u00e9s-150x150.jpg\" data-width=\"150\" data-height=\"150\" aria-label=\"\" role=\"img\" ><\/div>\n\t\t\t\t\t\t\t\t\t\t\t<div class=\"elementor-gallery-item__overlay\"><\/div>\n\t\t\t\t\t\t\t\t\t\t\t\t\t\t<\/div>\n\t\t\t\t\t<\/div>\n\t\t\t\t\t<\/div>\n\t\t\t\t<\/div>\n\t\t\t\t<div class=\"elementor-element elementor-element-56068472 elementor-widget elementor-widget-text-editor\" data-id=\"56068472\" data-element_type=\"widget\" data-e-type=\"widget\" data-widget_type=\"text-editor.default\">\n\t\t\t\t<div class=\"elementor-widget-container\">\n\t\t\t\t\t\t\t\t\t<p>Carrelage aspect vieille pierre naturelle disponible en finition \u00ab\u00a0Antique\u00a0\u00bb aux bords irr\u00e9guliers ou bords droits r\u00e9guliers. Nombreux formats propos\u00e9s pour une pose au sol et murale pour des espaces int\u00e9rieurs et ext\u00e9rieurs gr\u00e2ce \u00e0 une finition antid\u00e9rapante.\u00a0<\/p><p>Les d\u00e9cors mosa\u00efques apporteront la touche finale \u00e0 l&rsquo;atmosph\u00e8re de vos espaces de vie.\u00a0<\/p>\t\t\t\t\t\t\t\t<\/div>\n\t\t\t\t<\/div>\n\t\t\t\t<div class=\"elementor-element elementor-element-2b0c2c6f elementor-mobile-align-center elementor-align-left elementor-widget elementor-widget-button\" data-id=\"2b0c2c6f\" data-element_type=\"widget\" data-e-type=\"widget\" data-widget_type=\"button.default\">\n\t\t\t\t<div class=\"elementor-widget-container\">\n\t\t\t\t\t\t\t\t\t<div class=\"elementor-button-wrapper\">\n\t\t\t\t\t<a class=\"elementor-button elementor-button-link elementor-size-sm\" href=\"https:\/\/www.portovenere.fr\/fr-fr\/carrelage-sol-et-mur-en-gres-cerame-et-faience\/carrelage-aspect-pierre\/carrelage-aspect-vieille-pierre-pittsburgh\/\">\n\t\t\t\t\t\t<span class=\"elementor-button-content-wrapper\">\n\t\t\t\t\t\t\t\t\t<span class=\"elementor-button-text\">Voir la collection<\/span>\n\t\t\t\t\t<\/span>\n\t\t\t\t\t<\/a>\n\t\t\t\t<\/div>\n\t\t\t\t\t\t\t\t<\/div>\n\t\t\t\t<\/div>\n\t\t\t\t\t<\/div>\n\t\t<\/div>\n\t\t\t\t<div class=\"elementor-column elementor-col-33 elementor-top-column elementor-element elementor-element-4b28851b\" data-id=\"4b28851b\" data-element_type=\"column\" data-e-type=\"column\" data-settings=\"{&quot;background_background&quot;:&quot;classic&quot;}\">\n\t\t\t<div class=\"elementor-widget-wrap elementor-element-populated\">\n\t\t\t\t\t\t<div class=\"elementor-element elementor-element-2f1b1097 elementor-invisible elementor-widget elementor-widget-image\" data-id=\"2f1b1097\" data-element_type=\"widget\" data-e-type=\"widget\" data-settings=\"{&quot;_animation&quot;:&quot;fadeInLeft&quot;}\" data-widget_type=\"image.default\">\n\t\t\t\t<div class=\"elementor-widget-container\">\n\t\t\t\t\t\t\t\t\t\t\t\t\t\t\t\t<a href=\"https:\/\/www.portovenere.fr\/fr-fr\/carrelage-sol-et-mur-en-gres-cerame-et-faience\/carrelage-contemporain-et-design\/carrelage-sol-et-mur-pour-interieur-et-exterieur-duomo\/\">\n\t\t\t\t\t\t\t<img decoding=\"async\" src=\"https:\/\/www.portovenere.fr\/fr-fr\/wp-content\/uploads\/elementor\/thumbs\/Carrelage-contemporain-clair-grand-format-effet-ciment-pour-sol-et-mur-en-interieur-et-exterieur-DUOMO-Light-Porto-Venere-a-Montpellier-34-r8ig762sphuvpwdntze11c8ny1jy4rs3d5r7hp0lmw.jpg\" title=\"Carrelage-contemporain-clair-grand-format-effet-ciment-pour-sol-et-mur-en-int\u00e9rieur-et-ext\u00e9rieur-DUOMO-Light-Porto-Venere-\u00e0-Montpellier-34\" alt=\"Duomo Light\" loading=\"lazy\" \/>\t\t\t\t\t\t\t\t<\/a>\n\t\t\t\t\t\t\t\t\t\t\t\t\t\t\t<\/div>\n\t\t\t\t<\/div>\n\t\t\t\t<div class=\"elementor-element elementor-element-1a33b014 elementor-widget elementor-widget-heading\" data-id=\"1a33b014\" data-element_type=\"widget\" data-e-type=\"widget\" data-widget_type=\"heading.default\">\n\t\t\t\t<div class=\"elementor-widget-container\">\n\t\t\t\t\t<h3 class=\"elementor-heading-title elementor-size-default\"><a href=\"https:\/\/www.portovenere.fr\/fr-fr\/carrelage-sol-et-mur-en-gres-cerame-et-faience\/carrelage-contemporain-et-design\/carrelage-sol-et-mur-pour-interieur-et-exterieur-duomo\/\">Collection DUOMO | 3 coloris<\/a><\/h3>\t\t\t\t<\/div>\n\t\t\t\t<\/div>\n\t\t\t\t<div class=\"elementor-element elementor-element-134fae2a elementor-widget__width-initial elementor-widget elementor-widget-gallery\" data-id=\"134fae2a\" data-element_type=\"widget\" data-e-type=\"widget\" data-settings=\"{&quot;gap&quot;:{&quot;unit&quot;:&quot;px&quot;,&quot;size&quot;:3,&quot;sizes&quot;:[]},&quot;columns_mobile&quot;:3,&quot;gap_mobile&quot;:{&quot;unit&quot;:&quot;px&quot;,&quot;size&quot;:6,&quot;sizes&quot;:[]},&quot;columns&quot;:5,&quot;columns_tablet&quot;:5,&quot;gap_tablet&quot;:{&quot;unit&quot;:&quot;px&quot;,&quot;size&quot;:5,&quot;sizes&quot;:[]},&quot;gallery_layout&quot;:&quot;grid&quot;,&quot;aspect_ratio&quot;:&quot;3:2&quot;,&quot;overlay_background&quot;:&quot;yes&quot;,&quot;content_hover_animation&quot;:&quot;fade-in&quot;}\" data-widget_type=\"gallery.default\">\n\t\t\t\t<div class=\"elementor-widget-container\">\n\t\t\t\t\t\t\t<div class=\"elementor-gallery__container\">\n\t\t\t\t\t\t\t<div class=\"e-gallery-item elementor-gallery-item elementor-animated-content\">\n\t\t\t\t\t<div class=\"e-gallery-image elementor-gallery-item__image\" data-thumbnail=\"https:\/\/www.portovenere.fr\/fr-fr\/wp-content\/uploads\/2025\/06\/Carrelage-gris-fonce-grand-format-design-epure-pour-sol-et-mur-en-interieur-et-exterieur-DUOMO-Dark-Gray-pres-de-Saint-Jean-de-Vedas-34-150x150.jpg\" data-width=\"150\" data-height=\"150\" aria-label=\"\" role=\"img\" ><\/div>\n\t\t\t\t\t\t\t\t\t\t\t<div class=\"elementor-gallery-item__overlay\"><\/div>\n\t\t\t\t\t\t\t\t\t\t\t\t\t\t<\/div>\n\t\t\t\t\t\t\t<div class=\"e-gallery-item elementor-gallery-item elementor-animated-content\">\n\t\t\t\t\t<div class=\"e-gallery-image elementor-gallery-item__image\" data-thumbnail=\"https:\/\/www.portovenere.fr\/fr-fr\/wp-content\/uploads\/2025\/06\/Carrelage-gris-contemporain-grand-format-design-epure-pour-sol-et-mur-en-interieur-et-exterieur-DUOMO-Gray-pres-de-Saint-Pargoire-34-150x150.jpg\" data-width=\"150\" data-height=\"150\" aria-label=\"\" role=\"img\" ><\/div>\n\t\t\t\t\t\t\t\t\t\t\t<div class=\"elementor-gallery-item__overlay\"><\/div>\n\t\t\t\t\t\t\t\t\t\t\t\t\t\t<\/div>\n\t\t\t\t\t\t\t<div class=\"e-gallery-item elementor-gallery-item elementor-animated-content\">\n\t\t\t\t\t<div class=\"e-gallery-image elementor-gallery-item__image\" data-thumbnail=\"https:\/\/www.portovenere.fr\/fr-fr\/wp-content\/uploads\/2025\/06\/Carrelage-contemporain-clair-grand-format-design-epure-pour-sol-et-mur-en-interieur-et-exterieur-DUOMO-Light-pres-de-Lunel-34-150x150.jpg\" data-width=\"150\" data-height=\"150\" aria-label=\"\" role=\"img\" ><\/div>\n\t\t\t\t\t\t\t\t\t\t\t<div class=\"elementor-gallery-item__overlay\"><\/div>\n\t\t\t\t\t\t\t\t\t\t\t\t\t\t<\/div>\n\t\t\t\t\t<\/div>\n\t\t\t\t\t<\/div>\n\t\t\t\t<\/div>\n\t\t\t\t<div class=\"elementor-element elementor-element-4e00602b elementor-widget elementor-widget-text-editor\" data-id=\"4e00602b\" data-element_type=\"widget\" data-e-type=\"widget\" data-widget_type=\"text-editor.default\">\n\t\t\t\t<div class=\"elementor-widget-container\">\n\t\t\t\t\t\t\t\t\t<p data-sourcepos=\"4:1-4:296\">D\u00e9couvrez la collection <strong>DUOMO<\/strong>, notre carrelage en <strong>gr\u00e8s c\u00e9rame color\u00e9 dans la masse<\/strong>, id\u00e9al pour sols et murs. Con\u00e7u pour une alliance parfaite entre <strong>esth\u00e9tique contemporaine<\/strong> et <strong>performance technique<\/strong>, DUOMO est un choix polyvalent pour tous vos projets, int\u00e9rieurs comme ext\u00e9rieurs.<\/p><p data-sourcepos=\"6:1-6:225\">Disponible en trois teintes intemporelles (Light, Gray, Dark Gray), DUOMO propose deux finitions : <strong>naturelle<\/strong> pour un toucher doux, et <strong>antid\u00e9rapante<\/strong> pour une s\u00e9curit\u00e9 accrue en ext\u00e9rieur.<\/p><p data-sourcepos=\"8:1-8:269\">La collection offre une large gamme de <strong>formats rectifi\u00e9s<\/strong> 120&#215;260 cm en fine \u00e9paisseur 6 mm et 120&#215;120 cm, 60&#215;120 cm, 90&#215;90 cm, 15&#215;90 cm, 60&#215;60 cm en \u00e9paisseur 10 mm). Ces <strong>bords rectifi\u00e9s<\/strong> garantissent une pose impeccable avec des joints fins.<\/p><p data-sourcepos=\"10:1-10:197\">Le carrelage DUOMO est robuste et r\u00e9sistant, parfait pour une <strong>pose en int\u00e9rieur comme en ext\u00e9rieur<\/strong> (terrasses, balcons, zones \u00e0 fort passage).<\/p><p data-sourcepos=\"12:1-12:119\">Pour une touche d&rsquo;originalit\u00e9, DUOMO inclut quatre types de <strong>mosa\u00efques d\u00e9coratives<\/strong> (5&#215;5 cm, Brick, Origami, KitKat).<\/p>\t\t\t\t\t\t\t\t<\/div>\n\t\t\t\t<\/div>\n\t\t\t\t<div class=\"elementor-element elementor-element-2e90c2d4 elementor-mobile-align-center elementor-align-center elementor-widget elementor-widget-button\" data-id=\"2e90c2d4\" data-element_type=\"widget\" data-e-type=\"widget\" data-widget_type=\"button.default\">\n\t\t\t\t<div class=\"elementor-widget-container\">\n\t\t\t\t\t\t\t\t\t<div class=\"elementor-button-wrapper\">\n\t\t\t\t\t<a class=\"elementor-button elementor-button-link elementor-size-sm\" href=\"https:\/\/www.portovenere.fr\/fr-fr\/carrelage-sol-et-mur-en-gres-cerame-et-faience\/carrelage-contemporain-et-design\/carrelage-sol-et-mur-pour-interieur-et-exterieur-duomo\/\">\n\t\t\t\t\t\t<span class=\"elementor-button-content-wrapper\">\n\t\t\t\t\t\t\t\t\t<span class=\"elementor-button-text\">Voir la collection<\/span>\n\t\t\t\t\t<\/span>\n\t\t\t\t\t<\/a>\n\t\t\t\t<\/div>\n\t\t\t\t\t\t\t\t<\/div>\n\t\t\t\t<\/div>\n\t\t\t\t\t<\/div>\n\t\t<\/div>\n\t\t\t\t<div class=\"elementor-column elementor-col-33 elementor-top-column elementor-element elementor-element-5dc4156b elementor-invisible\" data-id=\"5dc4156b\" data-element_type=\"column\" data-e-type=\"column\" data-settings=\"{&quot;animation&quot;:&quot;fadeIn&quot;,&quot;background_background&quot;:&quot;classic&quot;}\">\n\t\t\t<div class=\"elementor-widget-wrap elementor-element-populated\">\n\t\t\t\t\t\t<div class=\"elementor-element elementor-element-44c0c810 elementor-widget elementor-widget-image\" data-id=\"44c0c810\" data-element_type=\"widget\" data-e-type=\"widget\" data-widget_type=\"image.default\">\n\t\t\t\t<div class=\"elementor-widget-container\">\n\t\t\t\t\t\t\t\t\t\t\t\t\t\t\t\t<a href=\"https:\/\/www.portovenere.fr\/fr-fr\/carrelage-sol-et-mur-en-gres-cerame-et-faience\/carrelage-imitation-parquet-aspect-bois\/carrelage-effet-bois-pour-interieur-et-exterieur-queria-plus\/\">\n\t\t\t\t\t\t\t<img loading=\"lazy\" decoding=\"async\" width=\"768\" height=\"571\" src=\"https:\/\/www.portovenere.fr\/fr-fr\/wp-content\/uploads\/2025\/06\/Carrelage-aspect-parquet-bois-de-qualite-grandes-lames-26x160-cm-QUERIA-PLUS-Oro-magasin-carrelage-et-parquet-proche-Palavas-34-768x571.jpg\" class=\"attachment-medium_large size-medium_large wp-image-60611\" alt=\"\" srcset=\"https:\/\/www.portovenere.fr\/fr-fr\/wp-content\/uploads\/2025\/06\/Carrelage-aspect-parquet-bois-de-qualite-grandes-lames-26x160-cm-QUERIA-PLUS-Oro-magasin-carrelage-et-parquet-proche-Palavas-34-768x571.jpg 768w, https:\/\/www.portovenere.fr\/fr-fr\/wp-content\/uploads\/2025\/06\/Carrelage-aspect-parquet-bois-de-qualite-grandes-lames-26x160-cm-QUERIA-PLUS-Oro-magasin-carrelage-et-parquet-proche-Palavas-34-300x223.jpg 300w, https:\/\/www.portovenere.fr\/fr-fr\/wp-content\/uploads\/2025\/06\/Carrelage-aspect-parquet-bois-de-qualite-grandes-lames-26x160-cm-QUERIA-PLUS-Oro-magasin-carrelage-et-parquet-proche-Palavas-34-1024x761.jpg 1024w, https:\/\/www.portovenere.fr\/fr-fr\/wp-content\/uploads\/2025\/06\/Carrelage-aspect-parquet-bois-de-qualite-grandes-lames-26x160-cm-QUERIA-PLUS-Oro-magasin-carrelage-et-parquet-proche-Palavas-34.jpg 1345w\" sizes=\"(max-width: 768px) 100vw, 768px\" \/>\t\t\t\t\t\t\t\t<\/a>\n\t\t\t\t\t\t\t\t\t\t\t\t\t\t\t<\/div>\n\t\t\t\t<\/div>\n\t\t\t\t<section class=\"elementor-section elementor-inner-section elementor-element elementor-element-1b0362ea elementor-section-boxed elementor-section-height-default elementor-section-height-default elementor-invisible\" data-id=\"1b0362ea\" data-element_type=\"section\" data-e-type=\"section\" data-settings=\"{&quot;background_background&quot;:&quot;classic&quot;,&quot;animation&quot;:&quot;fadeIn&quot;}\">\n\t\t\t\t\t\t<div class=\"elementor-container elementor-column-gap-default\">\n\t\t\t\t\t<div class=\"elementor-column elementor-col-100 elementor-inner-column elementor-element elementor-element-30713171\" data-id=\"30713171\" data-element_type=\"column\" data-e-type=\"column\">\n\t\t\t<div class=\"elementor-widget-wrap elementor-element-populated\">\n\t\t\t\t\t\t<div class=\"elementor-element elementor-element-4891c7fa elementor-widget elementor-widget-heading\" data-id=\"4891c7fa\" data-element_type=\"widget\" data-e-type=\"widget\" data-widget_type=\"heading.default\">\n\t\t\t\t<div class=\"elementor-widget-container\">\n\t\t\t\t\t<h3 class=\"elementor-heading-title elementor-size-default\"><a href=\"https:\/\/www.portovenere.fr\/fr-fr\/carrelage-sol-et-mur-en-gres-cerame-et-faience\/carrelage-imitation-parquet-aspect-bois\/carrelage-effet-bois-pour-interieur-et-exterieur-queria-plus\/\">QUERIA PLUS | 4 coloris<\/a><\/h3>\t\t\t\t<\/div>\n\t\t\t\t<\/div>\n\t\t\t\t<div class=\"elementor-element elementor-element-1347017d elementor-widget__width-initial elementor-widget elementor-widget-gallery\" data-id=\"1347017d\" data-element_type=\"widget\" data-e-type=\"widget\" data-settings=\"{&quot;gap&quot;:{&quot;unit&quot;:&quot;px&quot;,&quot;size&quot;:3,&quot;sizes&quot;:[]},&quot;columns_mobile&quot;:3,&quot;gap_mobile&quot;:{&quot;unit&quot;:&quot;px&quot;,&quot;size&quot;:6,&quot;sizes&quot;:[]},&quot;columns&quot;:5,&quot;columns_tablet&quot;:3,&quot;gap_tablet&quot;:{&quot;unit&quot;:&quot;px&quot;,&quot;size&quot;:5,&quot;sizes&quot;:[]},&quot;lazyload&quot;:&quot;yes&quot;,&quot;gallery_layout&quot;:&quot;grid&quot;,&quot;aspect_ratio&quot;:&quot;3:2&quot;,&quot;overlay_background&quot;:&quot;yes&quot;,&quot;content_hover_animation&quot;:&quot;fade-in&quot;}\" data-widget_type=\"gallery.default\">\n\t\t\t\t<div class=\"elementor-widget-container\">\n\t\t\t\t\t\t\t<div class=\"elementor-gallery__container\">\n\t\t\t\t\t\t\t<div class=\"e-gallery-item elementor-gallery-item elementor-animated-content\">\n\t\t\t\t\t<div class=\"e-gallery-image elementor-gallery-item__image\" data-thumbnail=\"https:\/\/www.portovenere.fr\/fr-fr\/wp-content\/uploads\/2025\/06\/Carrelage-sol-mur-aspect-parquet-bois-de-qualite-pour-interieur-exterieur-QUERIA-PLUS-Oro-magasin-carrelage-et-parquet-proche-Mauguio-34-150x150.jpg\" data-width=\"150\" data-height=\"150\" aria-label=\"\" role=\"img\" ><\/div>\n\t\t\t\t\t\t\t\t\t\t\t<div class=\"elementor-gallery-item__overlay\"><\/div>\n\t\t\t\t\t\t\t\t\t\t\t\t\t\t<\/div>\n\t\t\t\t\t\t\t<div class=\"e-gallery-item elementor-gallery-item elementor-animated-content\">\n\t\t\t\t\t<div class=\"e-gallery-image elementor-gallery-item__image\" data-thumbnail=\"https:\/\/www.portovenere.fr\/fr-fr\/wp-content\/uploads\/2025\/06\/Carrelage-sol-mur-aspect-parquet-bois-de-qualite-pour-interieur-exterieur-QUERIA-PLUS-Miele-magasin-carrelage-et-parquet-a-Montpellier-34-150x150.jpg\" data-width=\"150\" data-height=\"150\" aria-label=\"\" role=\"img\" ><\/div>\n\t\t\t\t\t\t\t\t\t\t\t<div class=\"elementor-gallery-item__overlay\"><\/div>\n\t\t\t\t\t\t\t\t\t\t\t\t\t\t<\/div>\n\t\t\t\t\t\t\t<div class=\"e-gallery-item elementor-gallery-item elementor-animated-content\">\n\t\t\t\t\t<div class=\"e-gallery-image elementor-gallery-item__image\" data-thumbnail=\"https:\/\/www.portovenere.fr\/fr-fr\/wp-content\/uploads\/2025\/06\/Carrelage-sol-mur-aspect-parquet-bois-de-qualite-pour-interieur-exterieur-QUERIA-PLUS-Mandorla-magasin-carrelage-et-parquet-a-Montpellier-34-150x150.jpg\" data-width=\"150\" data-height=\"150\" aria-label=\"\" role=\"img\" ><\/div>\n\t\t\t\t\t\t\t\t\t\t\t<div class=\"elementor-gallery-item__overlay\"><\/div>\n\t\t\t\t\t\t\t\t\t\t\t\t\t\t<\/div>\n\t\t\t\t\t\t\t<div class=\"e-gallery-item elementor-gallery-item elementor-animated-content\">\n\t\t\t\t\t<div class=\"e-gallery-image elementor-gallery-item__image\" data-thumbnail=\"https:\/\/www.portovenere.fr\/fr-fr\/wp-content\/uploads\/2025\/06\/Carrelage-sol-mur-aspect-parquet-bois-de-qualite-pour-interieur-exterieur-QUERIA-PLUS-Chiaro-magasin-carrelage-et-parquet-proche-Sete-34-150x150.jpg\" data-width=\"150\" data-height=\"150\" aria-label=\"\" role=\"img\" ><\/div>\n\t\t\t\t\t\t\t\t\t\t\t<div class=\"elementor-gallery-item__overlay\"><\/div>\n\t\t\t\t\t\t\t\t\t\t\t\t\t\t<\/div>\n\t\t\t\t\t<\/div>\n\t\t\t\t\t<\/div>\n\t\t\t\t<\/div>\n\t\t\t\t<div class=\"elementor-element elementor-element-1ab2a9ed elementor-widget elementor-widget-text-editor\" data-id=\"1ab2a9ed\" data-element_type=\"widget\" data-e-type=\"widget\" data-widget_type=\"text-editor.default\">\n\t\t\t\t<div class=\"elementor-widget-container\">\n\t\t\t\t\t\t\t\t\t<p data-sourcepos=\"4:1-4:293\">La collection de&nbsp;<b>carrelage pour sol et mur<\/b>&nbsp;effet bois&nbsp;<strong>QUERIA PLUS<\/strong>&nbsp;vient enrichir la collection&nbsp;<strong><a href=\"https:\/\/www.portovenere.fr\/fr-fr\/carrelage-sol-et-mur-en-gres-cerame-et-faience\/carrelage-imitation-parquet-aspect-bois\/carrelage-imitation-bois-pour-interieur-et-exterieur-queria\/\">QUERIA<\/a><\/strong>&nbsp;de 4 nouvelles teintes de bois.&nbsp;<\/p>\n<p data-sourcepos=\"4:1-4:293\"><strong>Ce gr\u00e8s c\u00e9rame imitation bois<\/strong>&nbsp;propose les coloris suivants : Oro, Chiaro, Miele et Mandorla.<\/p>\n<p data-sourcepos=\"6:1-6:411\">Les carreaux sont propos\u00e9s en<b>&nbsp;20x120cm finition naturelle ou antid\u00e9rapante et<\/b><b>&nbsp;en Listel Tratto 20\u00d7120 cm.<\/b><\/p>\n<p>Imaginez la chaleur et le charme du&nbsp;<strong>bois v\u00e9ritable<\/strong>, combin\u00e9s \u00e0 la praticit\u00e9 d\u2019un carrelage ultra-r\u00e9sistant. C\u2019est ce que vous offre QUERIA PLUS. Son&nbsp;<strong>gr\u00e8s c\u00e9rame<\/strong>&nbsp;imite parfaitement le bois tout en vous garantissant une&nbsp;<strong>durabilit\u00e9<\/strong>&nbsp;\u00e0 toute \u00e9preuve face \u00e0 l\u2019usure, au gel et \u00e0 l\u2019humidit\u00e9, sans oublier un&nbsp;<strong>entretien ais\u00e9<\/strong>. Cr\u00e9ez une atmosph\u00e8re authentique et raffin\u00e9e, aussi bien \u00e0 l\u2019int\u00e9rieur qu\u2019\u00e0 l\u2019ext\u00e9rieur.<\/p>\n<p>Adapt\u00e9 pour un trafic intense.<\/p>\t\t\t\t\t\t\t\t<\/div>\n\t\t\t\t<\/div>\n\t\t\t\t<div class=\"elementor-element elementor-element-2465cd0d elementor-mobile-align-center elementor-widget elementor-widget-button\" data-id=\"2465cd0d\" data-element_type=\"widget\" data-e-type=\"widget\" data-widget_type=\"button.default\">\n\t\t\t\t<div class=\"elementor-widget-container\">\n\t\t\t\t\t\t\t\t\t<div class=\"elementor-button-wrapper\">\n\t\t\t\t\t<a class=\"elementor-button elementor-button-link elementor-size-sm\" href=\"https:\/\/www.portovenere.fr\/fr-fr\/carrelage-sol-et-mur-en-gres-cerame-et-faience\/carrelage-imitation-parquet-aspect-bois\/carrelage-effet-bois-pour-interieur-et-exterieur-queria-plus\/\">\n\t\t\t\t\t\t<span class=\"elementor-button-content-wrapper\">\n\t\t\t\t\t\t\t\t\t<span class=\"elementor-button-text\">VOIR LA COLLECTION<\/span>\n\t\t\t\t\t<\/span>\n\t\t\t\t\t<\/a>\n\t\t\t\t<\/div>\n\t\t\t\t\t\t\t\t<\/div>\n\t\t\t\t<\/div>\n\t\t\t\t\t<\/div>\n\t\t<\/div>\n\t\t\t\t\t<\/div>\n\t\t<\/section>\n\t\t\t\t\t<\/div>\n\t\t<\/div>\n\t\t\t\t\t<\/div>\n\t\t<\/section>\n\t\t\t\t<section class=\"elementor-section elementor-top-section elementor-element elementor-element-7e46f836 elementor-section-full_width elementor-section-height-default elementor-section-height-default\" data-id=\"7e46f836\" data-element_type=\"section\" data-e-type=\"section\">\n\t\t\t\t\t\t<div class=\"elementor-container elementor-column-gap-default\">\n\t\t\t\t\t<div class=\"elementor-column elementor-col-50 elementor-top-column elementor-element elementor-element-2b30ad0e\" data-id=\"2b30ad0e\" data-element_type=\"column\" data-e-type=\"column\" data-settings=\"{&quot;background_background&quot;:&quot;classic&quot;}\">\n\t\t\t<div class=\"elementor-widget-wrap elementor-element-populated\">\n\t\t\t\t\t\t<div class=\"elementor-element elementor-element-7b491eb1 elementor-widget elementor-widget-image\" data-id=\"7b491eb1\" data-element_type=\"widget\" data-e-type=\"widget\" data-widget_type=\"image.default\">\n\t\t\t\t<div class=\"elementor-widget-container\">\n\t\t\t\t\t\t\t\t\t\t\t\t\t\t\t\t<a href=\"https:\/\/www.portovenere.fr\/fr-fr\/carrelage-sol-et-mur-en-gres-cerame-et-faience\/carrelage-aspect-pierre\/carrelage-haut-de-gamme-pour-interieur-et-exterieur-purezza\/\">\n\t\t\t\t\t\t\t<img decoding=\"async\" src=\"https:\/\/www.portovenere.fr\/fr-fr\/wp-content\/uploads\/elementor\/thumbs\/Carrelage-tour-de-piscine-antiderapant-effet-stuctrue-PUREZZA-Sand-sable-finition-Rolled-14-mm-gres-cerame-de-qualite-magasin-Porto-Venere-proche-de-Saint-Gely-du-Fesc-34-rezmoo2r8qx9sqmy0x6i57n009ahme6zrnwq65vrdo.jpg\" title=\"Carrelage-tour-de-piscine-antid\u00e9rapant-effet-stuctru\u00e9-PUREZZA-Sand-sable-finition-Rolled-14-mm-gr\u00e8s-c\u00e9rame-de-qualit\u00e9-magasin-Porto-Venere-proche-de-Saint-G\u00e9ly-du-Fesc-34\" alt=\"Sol finition Rolled 60x120 cm antid\u00e9rapant et fine \u00e9paisseur au mur 120x278 cm finition Chiseled\" loading=\"lazy\" \/>\t\t\t\t\t\t\t\t<\/a>\n\t\t\t\t\t\t\t\t\t\t\t\t\t\t\t<\/div>\n\t\t\t\t<\/div>\n\t\t\t\t<div class=\"elementor-element elementor-element-5ad2335b elementor-widget elementor-widget-heading\" data-id=\"5ad2335b\" data-element_type=\"widget\" data-e-type=\"widget\" data-widget_type=\"heading.default\">\n\t\t\t\t<div class=\"elementor-widget-container\">\n\t\t\t\t\t<h3 class=\"elementor-heading-title elementor-size-default\"><a href=\"https:\/\/www.portovenere.fr\/fr-fr\/carrelage-sol-et-mur-en-gres-cerame-et-faience\/carrelage-aspect-pierre\/carrelage-haut-de-gamme-pour-interieur-et-exterieur-purezza\/\">PUREZZA | 4 coloris &amp; 5 finitions<\/a><\/h3>\t\t\t\t<\/div>\n\t\t\t\t<\/div>\n\t\t\t\t<div class=\"elementor-element elementor-element-696cbccb elementor-widget__width-initial elementor-widget elementor-widget-gallery\" data-id=\"696cbccb\" data-element_type=\"widget\" data-e-type=\"widget\" data-settings=\"{&quot;gap&quot;:{&quot;unit&quot;:&quot;px&quot;,&quot;size&quot;:3,&quot;sizes&quot;:[]},&quot;columns_mobile&quot;:3,&quot;gap_mobile&quot;:{&quot;unit&quot;:&quot;px&quot;,&quot;size&quot;:6,&quot;sizes&quot;:[]},&quot;columns&quot;:5,&quot;columns_tablet&quot;:3,&quot;gap_tablet&quot;:{&quot;unit&quot;:&quot;px&quot;,&quot;size&quot;:5,&quot;sizes&quot;:[]},&quot;lazyload&quot;:&quot;yes&quot;,&quot;gallery_layout&quot;:&quot;grid&quot;,&quot;aspect_ratio&quot;:&quot;3:2&quot;,&quot;overlay_background&quot;:&quot;yes&quot;,&quot;content_hover_animation&quot;:&quot;fade-in&quot;}\" data-widget_type=\"gallery.default\">\n\t\t\t\t<div class=\"elementor-widget-container\">\n\t\t\t\t\t\t\t<div class=\"elementor-gallery__container\">\n\t\t\t\t\t\t\t<div class=\"e-gallery-item elementor-gallery-item elementor-animated-content\">\n\t\t\t\t\t<div class=\"e-gallery-image elementor-gallery-item__image\" data-thumbnail=\"https:\/\/www.portovenere.fr\/fr-fr\/wp-content\/uploads\/2025\/11\/Carrelage-exterieur-et-interieur-pour-sol-et-mur-effet-pierre-PUREZZA-Sable-magasin-carrelages-Porto_Venere_Montpellier-proche-de-Palavas-34-150x150.jpg\" data-width=\"150\" data-height=\"150\" aria-label=\"Carrelage gr\u00e8s c\u00e9rame aspect pierre calcaire naturelle 4 coloris PUREZZA magasin de carrelages haut de gamme PORTO VENERE \u00e0 Montpellier\" role=\"img\" ><\/div>\n\t\t\t\t\t\t\t\t\t\t\t<div class=\"elementor-gallery-item__overlay\"><\/div>\n\t\t\t\t\t\t\t\t\t\t\t\t\t\t<\/div>\n\t\t\t\t\t\t\t<div class=\"e-gallery-item elementor-gallery-item elementor-animated-content\">\n\t\t\t\t\t<div class=\"e-gallery-image elementor-gallery-item__image\" data-thumbnail=\"https:\/\/www.portovenere.fr\/fr-fr\/wp-content\/uploads\/2025\/11\/Carrelage-exterieur-et-interieur-pour-sol-et-mur-effet-pierre-PUREZZA-Perle-magasin-carrelages-Porto_Venere_Montpellier-proche-de-Agde-34-150x150.jpg\" data-width=\"150\" data-height=\"150\" aria-label=\"Carrelage gr\u00e8s c\u00e9rame aspect pierre calcaire naturelle 4 coloris PUREZZA magasin de carrelages haut de gamme PORTO VENERE \u00e0 Montpellier\" role=\"img\" ><\/div>\n\t\t\t\t\t\t\t\t\t\t\t<div class=\"elementor-gallery-item__overlay\"><\/div>\n\t\t\t\t\t\t\t\t\t\t\t\t\t\t<\/div>\n\t\t\t\t\t\t\t<div class=\"e-gallery-item elementor-gallery-item elementor-animated-content\">\n\t\t\t\t\t<div class=\"e-gallery-image elementor-gallery-item__image\" data-thumbnail=\"https:\/\/www.portovenere.fr\/fr-fr\/wp-content\/uploads\/2025\/11\/Carrelage-exterieur-et-interieur-pour-sol-et-mur-effet-pierre-PUREZZA-Ivoire-magasin-carrelages-Porto_Venere_Montpellier-proche-de-Le-Grau-du-Roi-30-150x150.jpg\" data-width=\"150\" data-height=\"150\" aria-label=\"Carrelage gr\u00e8s c\u00e9rame aspect pierre calcaire naturelle 4 coloris PUREZZA magasin de carrelages haut de gamme PORTO VENERE \u00e0 Montpellier\" role=\"img\" ><\/div>\n\t\t\t\t\t\t\t\t\t\t\t<div class=\"elementor-gallery-item__overlay\"><\/div>\n\t\t\t\t\t\t\t\t\t\t\t\t\t\t<\/div>\n\t\t\t\t\t\t\t<div class=\"e-gallery-item elementor-gallery-item elementor-animated-content\">\n\t\t\t\t\t<div class=\"e-gallery-image elementor-gallery-item__image\" data-thumbnail=\"https:\/\/www.portovenere.fr\/fr-fr\/wp-content\/uploads\/2025\/11\/Carrelage-exterieur-et-interieur-pour-sol-et-mur-effet-pierre-PUREZZA-Gris-magasin-carrelages-Porto_Venere_Montpellier-proche-de-Montferrier-sur-Lez-34-150x150.jpg\" data-width=\"150\" data-height=\"150\" aria-label=\"Carrelage gr\u00e8s c\u00e9rame aspect pierre calcaire naturelle 4 coloris PUREZZA magasin de carrelages haut de gamme PORTO VENERE \u00e0 Montpellier\" role=\"img\" ><\/div>\n\t\t\t\t\t\t\t\t\t\t\t<div class=\"elementor-gallery-item__overlay\"><\/div>\n\t\t\t\t\t\t\t\t\t\t\t\t\t\t<\/div>\n\t\t\t\t\t<\/div>\n\t\t\t\t\t<\/div>\n\t\t\t\t<\/div>\n\t\t\t\t<div class=\"elementor-element elementor-element-f8fff4 elementor-widget elementor-widget-text-editor\" data-id=\"f8fff4\" data-element_type=\"widget\" data-e-type=\"widget\" data-widget_type=\"text-editor.default\">\n\t\t\t\t<div class=\"elementor-widget-container\">\n\t\t\t\t\t\t\t\t\t<p>PUREZZA est une collection de <b>gr\u00e8s c\u00e9rame i<\/b>nspir\u00e9e de la puret\u00e9 de la <b>pierre calcaire.&nbsp;<\/b><\/p>\n<p>D\u00e9clin\u00e9e en trois \u00e9paisseurs (fine \u00e9paisseur Kerlite plus&nbsp;<b>6.5 mm, <\/b>\u00e9paisseur renforc\u00e9e <b>14 mm, dalles 20 mm<\/b>), <b>six formats (dont 120&#215;278 cm)&nbsp;<\/b>et quatre coloris \u2014 <b>Grey, Ivory, Pearl, Sand<\/b> \u2014 elle s\u2019adapte \u00e0 tous les projets, du rev\u00eatement mural aux dallages ext\u00e9rieurs.&nbsp;<\/p>\n<p>Ses<b> cinq finitions <\/b>(Natural, Honed, Rolled, Hammered, Chiseled) offrent une grande vari\u00e9t\u00e9 de rendus, du plus lisse au plus textur\u00e9.&nbsp;<\/p>\n<p>R\u00e9sistante, durable et \u00e9l\u00e9gante, PUREZZA r\u00e9pond aux exigences des architectures contemporaines.<\/p>\t\t\t\t\t\t\t\t<\/div>\n\t\t\t\t<\/div>\n\t\t\t\t<div class=\"elementor-element elementor-element-2998a433 elementor-mobile-align-center elementor-widget elementor-widget-button\" data-id=\"2998a433\" data-element_type=\"widget\" data-e-type=\"widget\" data-widget_type=\"button.default\">\n\t\t\t\t<div class=\"elementor-widget-container\">\n\t\t\t\t\t\t\t\t\t<div class=\"elementor-button-wrapper\">\n\t\t\t\t\t<a class=\"elementor-button elementor-button-link elementor-size-sm\" href=\"https:\/\/www.portovenere.fr\/fr-fr\/carrelage-sol-et-mur-en-gres-cerame-et-faience\/carrelage-aspect-pierre\/carrelage-haut-de-gamme-pour-interieur-et-exterieur-purezza\/\">\n\t\t\t\t\t\t<span class=\"elementor-button-content-wrapper\">\n\t\t\t\t\t\t\t\t\t<span class=\"elementor-button-text\">VOIR LA COLLECTION<\/span>\n\t\t\t\t\t<\/span>\n\t\t\t\t\t<\/a>\n\t\t\t\t<\/div>\n\t\t\t\t\t\t\t\t<\/div>\n\t\t\t\t<\/div>\n\t\t\t\t\t<\/div>\n\t\t<\/div>\n\t\t\t\t<div class=\"elementor-column elementor-col-50 elementor-top-column elementor-element elementor-element-2732121f elementor-invisible\" data-id=\"2732121f\" data-element_type=\"column\" data-e-type=\"column\" data-settings=\"{&quot;animation&quot;:&quot;fadeIn&quot;}\">\n\t\t\t<div class=\"elementor-widget-wrap elementor-element-populated\">\n\t\t\t\t\t\t<div class=\"elementor-element elementor-element-8c043ef elementor-widget elementor-widget-image\" data-id=\"8c043ef\" data-element_type=\"widget\" data-e-type=\"widget\" data-widget_type=\"image.default\">\n\t\t\t\t<div class=\"elementor-widget-container\">\n\t\t\t\t\t\t\t\t\t\t\t\t\t\t\t\t<a href=\"https:\/\/www.portovenere.fr\/fr-fr\/carrelage-sol-et-mur-en-gres-cerame-et-faience\/carrelage-contemporain-et-design\/carrelage-contemporain-aspect-beton-stone-land\/\">\n\t\t\t\t\t\t\t<img loading=\"lazy\" decoding=\"async\" width=\"768\" height=\"512\" src=\"https:\/\/www.portovenere.fr\/fr-fr\/wp-content\/uploads\/2020\/02\/Carrelage-aspect-pierre-contemporaine-Stone-Land.jpg\" class=\"attachment-medium_large size-medium_large wp-image-25553\" alt=\"\" srcset=\"https:\/\/www.portovenere.fr\/fr-fr\/wp-content\/uploads\/2020\/02\/Carrelage-aspect-pierre-contemporaine-Stone-Land.jpg 768w, https:\/\/www.portovenere.fr\/fr-fr\/wp-content\/uploads\/2020\/02\/Carrelage-aspect-pierre-contemporaine-Stone-Land-300x200.jpg 300w\" sizes=\"(max-width: 768px) 100vw, 768px\" \/>\t\t\t\t\t\t\t\t<\/a>\n\t\t\t\t\t\t\t\t\t\t\t\t\t\t\t<\/div>\n\t\t\t\t<\/div>\n\t\t\t\t<section class=\"elementor-section elementor-inner-section elementor-element elementor-element-1b4dd9e elementor-section-boxed elementor-section-height-default elementor-section-height-default elementor-invisible\" data-id=\"1b4dd9e\" data-element_type=\"section\" data-e-type=\"section\" data-settings=\"{&quot;background_background&quot;:&quot;classic&quot;,&quot;animation&quot;:&quot;fadeIn&quot;}\">\n\t\t\t\t\t\t<div class=\"elementor-container elementor-column-gap-default\">\n\t\t\t\t\t<div class=\"elementor-column elementor-col-100 elementor-inner-column elementor-element elementor-element-1753aa3c\" data-id=\"1753aa3c\" data-element_type=\"column\" data-e-type=\"column\">\n\t\t\t<div class=\"elementor-widget-wrap elementor-element-populated\">\n\t\t\t\t\t\t<div class=\"elementor-element elementor-element-613b0af9 elementor-widget elementor-widget-heading\" data-id=\"613b0af9\" data-element_type=\"widget\" data-e-type=\"widget\" data-widget_type=\"heading.default\">\n\t\t\t\t<div class=\"elementor-widget-container\">\n\t\t\t\t\t<h3 class=\"elementor-heading-title elementor-size-default\"><a href=\"https:\/\/www.portovenere.fr\/fr-fr\/carrelage-sol-et-mur-en-gres-cerame-et-faience\/carrelage-contemporain-et-design\/carrelage-contemporain-aspect-beton-stone-land\/\">STONE LAND | 3 coloris<\/a><\/h3>\t\t\t\t<\/div>\n\t\t\t\t<\/div>\n\t\t\t\t<div class=\"elementor-element elementor-element-2e788e2c elementor-widget__width-initial elementor-widget elementor-widget-gallery\" data-id=\"2e788e2c\" data-element_type=\"widget\" data-e-type=\"widget\" data-settings=\"{&quot;gap&quot;:{&quot;unit&quot;:&quot;px&quot;,&quot;size&quot;:3,&quot;sizes&quot;:[]},&quot;columns_mobile&quot;:3,&quot;gap_mobile&quot;:{&quot;unit&quot;:&quot;px&quot;,&quot;size&quot;:6,&quot;sizes&quot;:[]},&quot;columns&quot;:5,&quot;columns_tablet&quot;:3,&quot;gap_tablet&quot;:{&quot;unit&quot;:&quot;px&quot;,&quot;size&quot;:5,&quot;sizes&quot;:[]},&quot;lazyload&quot;:&quot;yes&quot;,&quot;gallery_layout&quot;:&quot;grid&quot;,&quot;aspect_ratio&quot;:&quot;3:2&quot;,&quot;overlay_background&quot;:&quot;yes&quot;,&quot;content_hover_animation&quot;:&quot;fade-in&quot;}\" data-widget_type=\"gallery.default\">\n\t\t\t\t<div class=\"elementor-widget-container\">\n\t\t\t\t\t\t\t<div class=\"elementor-gallery__container\">\n\t\t\t\t\t\t\t<div class=\"e-gallery-item elementor-gallery-item elementor-animated-content\">\n\t\t\t\t\t<div class=\"e-gallery-image elementor-gallery-item__image\" data-thumbnail=\"https:\/\/www.portovenere.fr\/fr-fr\/wp-content\/uploads\/2019\/07\/Stone-Land-Grey-150x150.jpg\" data-width=\"150\" data-height=\"150\" aria-label=\"\" role=\"img\" ><\/div>\n\t\t\t\t\t\t\t\t\t\t\t<div class=\"elementor-gallery-item__overlay\"><\/div>\n\t\t\t\t\t\t\t\t\t\t\t\t\t\t<\/div>\n\t\t\t\t\t\t\t<div class=\"e-gallery-item elementor-gallery-item elementor-animated-content\">\n\t\t\t\t\t<div class=\"e-gallery-image elementor-gallery-item__image\" data-thumbnail=\"https:\/\/www.portovenere.fr\/fr-fr\/wp-content\/uploads\/2019\/07\/Stone-Land-Clear-naturel-150x150.jpg\" data-width=\"150\" data-height=\"150\" aria-label=\"\" role=\"img\" ><\/div>\n\t\t\t\t\t\t\t\t\t\t\t<div class=\"elementor-gallery-item__overlay\"><\/div>\n\t\t\t\t\t\t\t\t\t\t\t\t\t\t<\/div>\n\t\t\t\t\t\t\t<div class=\"e-gallery-item elementor-gallery-item elementor-animated-content\">\n\t\t\t\t\t<div class=\"e-gallery-image elementor-gallery-item__image\" data-thumbnail=\"https:\/\/www.portovenere.fr\/fr-fr\/wp-content\/uploads\/2019\/07\/Stone-Land-Greige-naturel-150x150.jpg\" data-width=\"150\" data-height=\"150\" aria-label=\"\" role=\"img\" ><\/div>\n\t\t\t\t\t\t\t\t\t\t\t<div class=\"elementor-gallery-item__overlay\"><\/div>\n\t\t\t\t\t\t\t\t\t\t\t\t\t\t<\/div>\n\t\t\t\t\t<\/div>\n\t\t\t\t\t<\/div>\n\t\t\t\t<\/div>\n\t\t\t\t<div class=\"elementor-element elementor-element-38bff847 elementor-widget elementor-widget-text-editor\" data-id=\"38bff847\" data-element_type=\"widget\" data-e-type=\"widget\" data-widget_type=\"text-editor.default\">\n\t\t\t\t<div class=\"elementor-widget-container\">\n\t\t\t\t\t\t\t\t\t<p>Carrelage de sol et mur en gr\u00e8s c\u00e9rame aspect b\u00e9ton disponible en 3 coloris : Greige, Clear et Grey. Finition rectifi\u00e9e naturelle ou bouchard\u00e9e.<\/p>\t\t\t\t\t\t\t\t<\/div>\n\t\t\t\t<\/div>\n\t\t\t\t<div class=\"elementor-element elementor-element-3d717c71 elementor-mobile-align-center elementor-widget elementor-widget-button\" data-id=\"3d717c71\" data-element_type=\"widget\" data-e-type=\"widget\" data-widget_type=\"button.default\">\n\t\t\t\t<div class=\"elementor-widget-container\">\n\t\t\t\t\t\t\t\t\t<div class=\"elementor-button-wrapper\">\n\t\t\t\t\t<a class=\"elementor-button elementor-button-link elementor-size-sm\" href=\"https:\/\/www.portovenere.fr\/fr-fr\/carrelage-sol-et-mur-en-gres-cerame-et-faience\/carrelage-contemporain-et-design\/carrelage-contemporain-aspect-beton-stone-land\/\">\n\t\t\t\t\t\t<span class=\"elementor-button-content-wrapper\">\n\t\t\t\t\t\t\t\t\t<span class=\"elementor-button-text\">Voir la collection<\/span>\n\t\t\t\t\t<\/span>\n\t\t\t\t\t<\/a>\n\t\t\t\t<\/div>\n\t\t\t\t\t\t\t\t<\/div>\n\t\t\t\t<\/div>\n\t\t\t\t\t<\/div>\n\t\t<\/div>\n\t\t\t\t\t<\/div>\n\t\t<\/section>\n\t\t\t\t\t<\/div>\n\t\t<\/div>\n\t\t\t\t\t<\/div>\n\t\t<\/section>\n\t\t\t\t<section class=\"elementor-section elementor-top-section elementor-element elementor-element-15f4469c elementor-section-full_width elementor-section-height-default elementor-section-height-default\" data-id=\"15f4469c\" data-element_type=\"section\" data-e-type=\"section\">\n\t\t\t\t\t\t<div class=\"elementor-container elementor-column-gap-default\">\n\t\t\t\t\t<div class=\"elementor-column elementor-col-33 elementor-top-column elementor-element elementor-element-4bc7e6bb elementor-invisible\" data-id=\"4bc7e6bb\" data-element_type=\"column\" data-e-type=\"column\" data-settings=\"{&quot;animation&quot;:&quot;fadeIn&quot;,&quot;background_background&quot;:&quot;classic&quot;}\">\n\t\t\t<div class=\"elementor-widget-wrap elementor-element-populated\">\n\t\t\t\t\t\t<div class=\"elementor-element elementor-element-1d9097fa elementor-widget elementor-widget-image\" data-id=\"1d9097fa\" data-element_type=\"widget\" data-e-type=\"widget\" data-widget_type=\"image.default\">\n\t\t\t\t<div class=\"elementor-widget-container\">\n\t\t\t\t\t\t\t\t\t\t\t\t\t\t\t\t<a href=\"https:\/\/www.portovenere.fr\/fr-fr\/carrelage-sol-et-mur-en-gres-cerame-et-faience\/carrelage-contemporain-et-design\/carrelage-contemporain-aspect-beton-flint\/\">\n\t\t\t\t\t\t\t<img loading=\"lazy\" decoding=\"async\" width=\"768\" height=\"512\" src=\"https:\/\/www.portovenere.fr\/fr-fr\/wp-content\/uploads\/2019\/07\/Carrelage_Beton_Cire_Gris_Clair_Flint_Silver_Sol_Mur_Salle_de_Bain-Home-768x512.jpg\" class=\"attachment-medium_large size-medium_large wp-image-9871\" alt=\"\" srcset=\"https:\/\/www.portovenere.fr\/fr-fr\/wp-content\/uploads\/2019\/07\/Carrelage_Beton_Cire_Gris_Clair_Flint_Silver_Sol_Mur_Salle_de_Bain-Home-768x512.jpg 768w, https:\/\/www.portovenere.fr\/fr-fr\/wp-content\/uploads\/2019\/07\/Carrelage_Beton_Cire_Gris_Clair_Flint_Silver_Sol_Mur_Salle_de_Bain-Home-300x200.jpg 300w, https:\/\/www.portovenere.fr\/fr-fr\/wp-content\/uploads\/2019\/07\/Carrelage_Beton_Cire_Gris_Clair_Flint_Silver_Sol_Mur_Salle_de_Bain-Home-1024x683.jpg 1024w, https:\/\/www.portovenere.fr\/fr-fr\/wp-content\/uploads\/2019\/07\/Carrelage_Beton_Cire_Gris_Clair_Flint_Silver_Sol_Mur_Salle_de_Bain-Home.jpg 1500w\" sizes=\"(max-width: 768px) 100vw, 768px\" \/>\t\t\t\t\t\t\t\t<\/a>\n\t\t\t\t\t\t\t\t\t\t\t\t\t\t\t<\/div>\n\t\t\t\t<\/div>\n\t\t\t\t<section class=\"elementor-section elementor-inner-section elementor-element elementor-element-4ecd8235 elementor-section-boxed elementor-section-height-default elementor-section-height-default elementor-invisible\" data-id=\"4ecd8235\" data-element_type=\"section\" data-e-type=\"section\" data-settings=\"{&quot;background_background&quot;:&quot;classic&quot;,&quot;animation&quot;:&quot;fadeIn&quot;}\">\n\t\t\t\t\t\t<div class=\"elementor-container elementor-column-gap-default\">\n\t\t\t\t\t<div class=\"elementor-column elementor-col-100 elementor-inner-column elementor-element elementor-element-77927d92\" data-id=\"77927d92\" data-element_type=\"column\" data-e-type=\"column\">\n\t\t\t<div class=\"elementor-widget-wrap elementor-element-populated\">\n\t\t\t\t\t\t<div class=\"elementor-element elementor-element-3d3b0601 elementor-widget elementor-widget-heading\" data-id=\"3d3b0601\" data-element_type=\"widget\" data-e-type=\"widget\" data-widget_type=\"heading.default\">\n\t\t\t\t<div class=\"elementor-widget-container\">\n\t\t\t\t\t<h3 class=\"elementor-heading-title elementor-size-default\"><a href=\"https:\/\/www.portovenere.fr\/fr-fr\/carrelage-sol-et-mur-en-gres-cerame-et-faience\/carrelage-contemporain-et-design\/carrelage-contemporain-aspect-beton-flint\/\">FLINT | 3 coloris<\/a><\/h3>\t\t\t\t<\/div>\n\t\t\t\t<\/div>\n\t\t\t\t<div class=\"elementor-element elementor-element-4a713a5c elementor-widget__width-initial elementor-widget elementor-widget-gallery\" data-id=\"4a713a5c\" data-element_type=\"widget\" data-e-type=\"widget\" data-settings=\"{&quot;gap&quot;:{&quot;unit&quot;:&quot;px&quot;,&quot;size&quot;:3,&quot;sizes&quot;:[]},&quot;columns_mobile&quot;:3,&quot;gap_mobile&quot;:{&quot;unit&quot;:&quot;px&quot;,&quot;size&quot;:6,&quot;sizes&quot;:[]},&quot;columns&quot;:5,&quot;columns_tablet&quot;:3,&quot;gap_tablet&quot;:{&quot;unit&quot;:&quot;px&quot;,&quot;size&quot;:5,&quot;sizes&quot;:[]},&quot;lazyload&quot;:&quot;yes&quot;,&quot;gallery_layout&quot;:&quot;grid&quot;,&quot;aspect_ratio&quot;:&quot;3:2&quot;,&quot;overlay_background&quot;:&quot;yes&quot;,&quot;content_hover_animation&quot;:&quot;fade-in&quot;}\" data-widget_type=\"gallery.default\">\n\t\t\t\t<div class=\"elementor-widget-container\">\n\t\t\t\t\t\t\t<div class=\"elementor-gallery__container\">\n\t\t\t\t\t\t\t<div class=\"e-gallery-item elementor-gallery-item elementor-animated-content\">\n\t\t\t\t\t<div class=\"e-gallery-image elementor-gallery-item__image\" data-thumbnail=\"https:\/\/www.portovenere.fr\/fr-fr\/wp-content\/uploads\/2019\/07\/Flint_Bone_blanc-150x150.jpg\" data-width=\"150\" data-height=\"150\" aria-label=\"\" role=\"img\" ><\/div>\n\t\t\t\t\t\t\t\t\t\t\t<div class=\"elementor-gallery-item__overlay\"><\/div>\n\t\t\t\t\t\t\t\t\t\t\t\t\t\t<\/div>\n\t\t\t\t\t\t\t<div class=\"e-gallery-item elementor-gallery-item elementor-animated-content\">\n\t\t\t\t\t<div class=\"e-gallery-image elementor-gallery-item__image\" data-thumbnail=\"https:\/\/www.portovenere.fr\/fr-fr\/wp-content\/uploads\/2019\/07\/Flint_Smoky_Gris_Taupe-150x150.jpg\" data-width=\"150\" data-height=\"150\" aria-label=\"\" role=\"img\" ><\/div>\n\t\t\t\t\t\t\t\t\t\t\t<div class=\"elementor-gallery-item__overlay\"><\/div>\n\t\t\t\t\t\t\t\t\t\t\t\t\t\t<\/div>\n\t\t\t\t\t\t\t<div class=\"e-gallery-item elementor-gallery-item elementor-animated-content\">\n\t\t\t\t\t<div class=\"e-gallery-image elementor-gallery-item__image\" data-thumbnail=\"https:\/\/www.portovenere.fr\/fr-fr\/wp-content\/uploads\/2019\/07\/Flint_Silver_clair-150x150.jpg\" data-width=\"150\" data-height=\"150\" aria-label=\"\" role=\"img\" ><\/div>\n\t\t\t\t\t\t\t\t\t\t\t<div class=\"elementor-gallery-item__overlay\"><\/div>\n\t\t\t\t\t\t\t\t\t\t\t\t\t\t<\/div>\n\t\t\t\t\t<\/div>\n\t\t\t\t\t<\/div>\n\t\t\t\t<\/div>\n\t\t\t\t<div class=\"elementor-element elementor-element-5a0b30d2 elementor-widget elementor-widget-text-editor\" data-id=\"5a0b30d2\" data-element_type=\"widget\" data-e-type=\"widget\" data-widget_type=\"text-editor.default\">\n\t\t\t\t<div class=\"elementor-widget-container\">\n\t\t\t\t\t\t\t\t\t<p style=\"outline: currentcolor none medium;\">Carrelage de sol et mur en gr\u00e8s c\u00e9rame aspect b\u00e9ton disponible en 3 coloris : Bone blanc cass\u00e9, Silver gris clair et Smoky gris taupe, disponible en finition int\u00e9rieure et ext\u00e9rieure.<\/p>\t\t\t\t\t\t\t\t<\/div>\n\t\t\t\t<\/div>\n\t\t\t\t<div class=\"elementor-element elementor-element-5dec128d elementor-mobile-align-center elementor-widget elementor-widget-button\" data-id=\"5dec128d\" data-element_type=\"widget\" data-e-type=\"widget\" data-widget_type=\"button.default\">\n\t\t\t\t<div class=\"elementor-widget-container\">\n\t\t\t\t\t\t\t\t\t<div class=\"elementor-button-wrapper\">\n\t\t\t\t\t<a class=\"elementor-button elementor-button-link elementor-size-sm\" href=\"https:\/\/www.portovenere.fr\/fr-fr\/carrelage-sol-et-mur-en-gres-cerame-et-faience\/carrelage-contemporain-et-design\/carrelage-contemporain-aspect-beton-flint\/\">\n\t\t\t\t\t\t<span class=\"elementor-button-content-wrapper\">\n\t\t\t\t\t\t\t\t\t<span class=\"elementor-button-text\">Voir la collection<\/span>\n\t\t\t\t\t<\/span>\n\t\t\t\t\t<\/a>\n\t\t\t\t<\/div>\n\t\t\t\t\t\t\t\t<\/div>\n\t\t\t\t<\/div>\n\t\t\t\t\t<\/div>\n\t\t<\/div>\n\t\t\t\t\t<\/div>\n\t\t<\/section>\n\t\t\t\t\t<\/div>\n\t\t<\/div>\n\t\t\t\t<div class=\"elementor-column elementor-col-33 elementor-top-column elementor-element elementor-element-55ff69c8\" data-id=\"55ff69c8\" data-element_type=\"column\" data-e-type=\"column\">\n\t\t\t<div class=\"elementor-widget-wrap elementor-element-populated\">\n\t\t\t\t\t\t<div class=\"elementor-element elementor-element-29a7d83c elementor-widget elementor-widget-image\" data-id=\"29a7d83c\" data-element_type=\"widget\" data-e-type=\"widget\" data-widget_type=\"image.default\">\n\t\t\t\t<div class=\"elementor-widget-container\">\n\t\t\t\t\t\t\t\t\t\t\t\t\t\t\t\t<a href=\"https:\/\/www.portovenere.fr\/fr-fr\/carrelage-sol-et-mur-en-gres-cerame-et-faience\/carrelage-aspect-pierre\/carrelage-effet-pierre-et-metal-ox\/\">\n\t\t\t\t\t\t\t<img loading=\"lazy\" decoding=\"async\" width=\"800\" height=\"534\" src=\"https:\/\/www.portovenere.fr\/fr-fr\/wp-content\/uploads\/2019\/12\/Carrelage-aspect-pierre-m\u00e9talis\u00e9e-OX_Aluminium-60x120-60x60-30x60-80x80-40x80-1024x683.jpg\" class=\"attachment-large size-large wp-image-19553\" alt=\"\" srcset=\"https:\/\/www.portovenere.fr\/fr-fr\/wp-content\/uploads\/2019\/12\/Carrelage-aspect-pierre-m\u00e9talis\u00e9e-OX_Aluminium-60x120-60x60-30x60-80x80-40x80-1024x683.jpg 1024w, https:\/\/www.portovenere.fr\/fr-fr\/wp-content\/uploads\/2019\/12\/Carrelage-aspect-pierre-m\u00e9talis\u00e9e-OX_Aluminium-60x120-60x60-30x60-80x80-40x80-300x200.jpg 300w, https:\/\/www.portovenere.fr\/fr-fr\/wp-content\/uploads\/2019\/12\/Carrelage-aspect-pierre-m\u00e9talis\u00e9e-OX_Aluminium-60x120-60x60-30x60-80x80-40x80-768x512.jpg 768w, https:\/\/www.portovenere.fr\/fr-fr\/wp-content\/uploads\/2019\/12\/Carrelage-aspect-pierre-m\u00e9talis\u00e9e-OX_Aluminium-60x120-60x60-30x60-80x80-40x80.jpg 1500w\" sizes=\"(max-width: 800px) 100vw, 800px\" \/>\t\t\t\t\t\t\t\t<\/a>\n\t\t\t\t\t\t\t\t\t\t\t\t\t\t\t<\/div>\n\t\t\t\t<\/div>\n\t\t\t\t<div class=\"elementor-element elementor-element-2261afc9 elementor-widget elementor-widget-heading\" data-id=\"2261afc9\" data-element_type=\"widget\" data-e-type=\"widget\" data-widget_type=\"heading.default\">\n\t\t\t\t<div class=\"elementor-widget-container\">\n\t\t\t\t\t<h3 class=\"elementor-heading-title elementor-size-default\"><a href=\"https:\/\/www.portovenere.fr\/fr-fr\/carrelage-sol-et-mur-en-gres-cerame-et-faience\/carrelage-aspect-pierre\/carrelage-effet-pierre-et-metal-ox\/\">OX | 4 coloris<\/a><\/h3>\t\t\t\t<\/div>\n\t\t\t\t<\/div>\n\t\t\t\t<div class=\"elementor-element elementor-element-3243e31f elementor-widget__width-initial elementor-widget elementor-widget-gallery\" data-id=\"3243e31f\" data-element_type=\"widget\" data-e-type=\"widget\" data-settings=\"{&quot;gap&quot;:{&quot;unit&quot;:&quot;px&quot;,&quot;size&quot;:3,&quot;sizes&quot;:[]},&quot;columns_mobile&quot;:3,&quot;gap_mobile&quot;:{&quot;unit&quot;:&quot;px&quot;,&quot;size&quot;:6,&quot;sizes&quot;:[]},&quot;columns&quot;:5,&quot;columns_tablet&quot;:3,&quot;gap_tablet&quot;:{&quot;unit&quot;:&quot;px&quot;,&quot;size&quot;:5,&quot;sizes&quot;:[]},&quot;lazyload&quot;:&quot;yes&quot;,&quot;gallery_layout&quot;:&quot;grid&quot;,&quot;aspect_ratio&quot;:&quot;3:2&quot;,&quot;overlay_background&quot;:&quot;yes&quot;,&quot;content_hover_animation&quot;:&quot;fade-in&quot;}\" data-widget_type=\"gallery.default\">\n\t\t\t\t<div class=\"elementor-widget-container\">\n\t\t\t\t\t\t\t<div class=\"elementor-gallery__container\">\n\t\t\t\t\t\t\t<div class=\"e-gallery-item elementor-gallery-item elementor-animated-content\">\n\t\t\t\t\t<div class=\"e-gallery-image elementor-gallery-item__image\" data-thumbnail=\"https:\/\/www.portovenere.fr\/fr-fr\/wp-content\/uploads\/2019\/12\/Carrelage-gr\u00e8s-c\u00e9rame-m\u00e9tal-et-pierre-contemporaine_OX_Aluminium-150x150.jpg\" data-width=\"150\" data-height=\"150\" aria-label=\"\" role=\"img\" ><\/div>\n\t\t\t\t\t\t\t\t\t\t\t<div class=\"elementor-gallery-item__overlay\"><\/div>\n\t\t\t\t\t\t\t\t\t\t\t\t\t\t<\/div>\n\t\t\t\t\t\t\t<div class=\"e-gallery-item elementor-gallery-item elementor-animated-content\">\n\t\t\t\t\t<div class=\"e-gallery-image elementor-gallery-item__image\" data-thumbnail=\"https:\/\/www.portovenere.fr\/fr-fr\/wp-content\/uploads\/2019\/12\/Carrelage-effet-m\u00e9tal-et-pierre-contemporaine_OX_Bronze-150x150.jpg\" data-width=\"150\" data-height=\"150\" aria-label=\"\" role=\"img\" ><\/div>\n\t\t\t\t\t\t\t\t\t\t\t<div class=\"elementor-gallery-item__overlay\"><\/div>\n\t\t\t\t\t\t\t\t\t\t\t\t\t\t<\/div>\n\t\t\t\t\t\t\t<div class=\"e-gallery-item elementor-gallery-item elementor-animated-content\">\n\t\t\t\t\t<div class=\"e-gallery-image elementor-gallery-item__image\" data-thumbnail=\"https:\/\/www.portovenere.fr\/fr-fr\/wp-content\/uploads\/2019\/12\/Carrelage-contemporain-aspect-m\u00e9tal-et-pierre-OX_Titanium-150x150.jpg\" data-width=\"150\" data-height=\"150\" aria-label=\"\" role=\"img\" ><\/div>\n\t\t\t\t\t\t\t\t\t\t\t<div class=\"elementor-gallery-item__overlay\"><\/div>\n\t\t\t\t\t\t\t\t\t\t\t\t\t\t<\/div>\n\t\t\t\t\t\t\t<div class=\"e-gallery-item elementor-gallery-item elementor-animated-content\">\n\t\t\t\t\t<div class=\"e-gallery-image elementor-gallery-item__image\" data-thumbnail=\"https:\/\/www.portovenere.fr\/fr-fr\/wp-content\/uploads\/2019\/12\/Carrelage-aspect-m\u00e9tal-et-pierre-contemporaine_OX_Copper-150x150.jpg\" data-width=\"150\" data-height=\"150\" aria-label=\"\" role=\"img\" ><\/div>\n\t\t\t\t\t\t\t\t\t\t\t<div class=\"elementor-gallery-item__overlay\"><\/div>\n\t\t\t\t\t\t\t\t\t\t\t\t\t\t<\/div>\n\t\t\t\t\t<\/div>\n\t\t\t\t\t<\/div>\n\t\t\t\t<\/div>\n\t\t\t\t<div class=\"elementor-element elementor-element-281f37a9 elementor-widget elementor-widget-text-editor\" data-id=\"281f37a9\" data-element_type=\"widget\" data-e-type=\"widget\" data-widget_type=\"text-editor.default\">\n\t\t\t\t<div class=\"elementor-widget-container\">\n\t\t\t\t\t\t\t\t\t<p>Collection de carrelage effet pierre et m\u00e9tal disponible en finition naturelle ou brillante (Lappato) avec bords rectifi\u00e9s. Les 4 couleurs : Titanium, Bronze, Aluminium et Copper, sont disponibles dans 5 formats de 10mm d&rsquo;\u00e9paisseur.<\/p><p>Une collection en gr\u00e8s c\u00e9rame pleine masse aux d\u00e9tails extraordinaires.\u00a0<\/p>\t\t\t\t\t\t\t\t<\/div>\n\t\t\t\t<\/div>\n\t\t\t\t<div class=\"elementor-element elementor-element-4f46031e elementor-mobile-align-center elementor-align-left elementor-widget elementor-widget-button\" data-id=\"4f46031e\" data-element_type=\"widget\" data-e-type=\"widget\" data-widget_type=\"button.default\">\n\t\t\t\t<div class=\"elementor-widget-container\">\n\t\t\t\t\t\t\t\t\t<div class=\"elementor-button-wrapper\">\n\t\t\t\t\t<a class=\"elementor-button elementor-button-link elementor-size-sm\" href=\"https:\/\/www.portovenere.fr\/fr-fr\/carrelage-sol-et-mur-en-gres-cerame-et-faience\/carrelage-aspect-pierre\/carrelage-effet-pierre-et-metal-ox\/\">\n\t\t\t\t\t\t<span class=\"elementor-button-content-wrapper\">\n\t\t\t\t\t\t\t\t\t<span class=\"elementor-button-text\">Voir la collection<\/span>\n\t\t\t\t\t<\/span>\n\t\t\t\t\t<\/a>\n\t\t\t\t<\/div>\n\t\t\t\t\t\t\t\t<\/div>\n\t\t\t\t<\/div>\n\t\t\t\t\t<\/div>\n\t\t<\/div>\n\t\t\t\t<div class=\"elementor-column elementor-col-33 elementor-top-column elementor-element elementor-element-7ebb9951 elementor-invisible\" data-id=\"7ebb9951\" data-element_type=\"column\" data-e-type=\"column\" data-settings=\"{&quot;animation&quot;:&quot;fadeIn&quot;,&quot;background_background&quot;:&quot;classic&quot;}\">\n\t\t\t<div class=\"elementor-widget-wrap elementor-element-populated\">\n\t\t\t\t\t\t<div class=\"elementor-element elementor-element-33b48153 elementor-widget elementor-widget-image\" data-id=\"33b48153\" data-element_type=\"widget\" data-e-type=\"widget\" data-widget_type=\"image.default\">\n\t\t\t\t<div class=\"elementor-widget-container\">\n\t\t\t\t\t\t\t\t\t\t\t\t\t\t\t\t<a href=\"https:\/\/www.portovenere.fr\/fr-fr\/carrelage-sol-et-mur-en-gres-cerame-et-faience\/carrelage-contemporain-et-design\/carrelage-moderne-aspect-beton-story\/\">\n\t\t\t\t\t\t\t<img loading=\"lazy\" decoding=\"async\" width=\"768\" height=\"512\" src=\"https:\/\/www.portovenere.fr\/fr-fr\/wp-content\/uploads\/2019\/11\/Carrelage-moderne-effet-b\u00e9ton-clair_STORY_White_grand-format_100x100_villa_design_contemporain-768x512.jpg\" class=\"attachment-medium_large size-medium_large wp-image-19371\" alt=\"\" srcset=\"https:\/\/www.portovenere.fr\/fr-fr\/wp-content\/uploads\/2019\/11\/Carrelage-moderne-effet-b\u00e9ton-clair_STORY_White_grand-format_100x100_villa_design_contemporain-768x512.jpg 768w, https:\/\/www.portovenere.fr\/fr-fr\/wp-content\/uploads\/2019\/11\/Carrelage-moderne-effet-b\u00e9ton-clair_STORY_White_grand-format_100x100_villa_design_contemporain-300x200.jpg 300w, https:\/\/www.portovenere.fr\/fr-fr\/wp-content\/uploads\/2019\/11\/Carrelage-moderne-effet-b\u00e9ton-clair_STORY_White_grand-format_100x100_villa_design_contemporain-1024x683.jpg 1024w, https:\/\/www.portovenere.fr\/fr-fr\/wp-content\/uploads\/2019\/11\/Carrelage-moderne-effet-b\u00e9ton-clair_STORY_White_grand-format_100x100_villa_design_contemporain.jpg 1500w\" sizes=\"(max-width: 768px) 100vw, 768px\" \/>\t\t\t\t\t\t\t\t<\/a>\n\t\t\t\t\t\t\t\t\t\t\t\t\t\t\t<\/div>\n\t\t\t\t<\/div>\n\t\t\t\t<section class=\"elementor-section elementor-inner-section elementor-element elementor-element-7a73f9c elementor-section-boxed elementor-section-height-default elementor-section-height-default elementor-invisible\" data-id=\"7a73f9c\" data-element_type=\"section\" data-e-type=\"section\" data-settings=\"{&quot;background_background&quot;:&quot;classic&quot;,&quot;animation&quot;:&quot;fadeIn&quot;}\">\n\t\t\t\t\t\t<div class=\"elementor-container elementor-column-gap-default\">\n\t\t\t\t\t<div class=\"elementor-column elementor-col-100 elementor-inner-column elementor-element elementor-element-26a9b69f\" data-id=\"26a9b69f\" data-element_type=\"column\" data-e-type=\"column\">\n\t\t\t<div class=\"elementor-widget-wrap elementor-element-populated\">\n\t\t\t\t\t\t<div class=\"elementor-element elementor-element-5644fca1 elementor-widget elementor-widget-heading\" data-id=\"5644fca1\" data-element_type=\"widget\" data-e-type=\"widget\" data-widget_type=\"heading.default\">\n\t\t\t\t<div class=\"elementor-widget-container\">\n\t\t\t\t\t<h3 class=\"elementor-heading-title elementor-size-default\"><a href=\"https:\/\/www.portovenere.fr\/fr-fr\/carrelage-sol-et-mur-en-gres-cerame-et-faience\/carrelage-contemporain-et-design\/carrelage-moderne-aspect-beton-story\/\">STORY | 3 coloris<\/a><\/h3>\t\t\t\t<\/div>\n\t\t\t\t<\/div>\n\t\t\t\t<div class=\"elementor-element elementor-element-42a30684 elementor-widget__width-initial elementor-widget elementor-widget-gallery\" data-id=\"42a30684\" data-element_type=\"widget\" data-e-type=\"widget\" data-settings=\"{&quot;gap&quot;:{&quot;unit&quot;:&quot;px&quot;,&quot;size&quot;:3,&quot;sizes&quot;:[]},&quot;columns_mobile&quot;:3,&quot;gap_mobile&quot;:{&quot;unit&quot;:&quot;px&quot;,&quot;size&quot;:6,&quot;sizes&quot;:[]},&quot;columns&quot;:5,&quot;columns_tablet&quot;:3,&quot;gap_tablet&quot;:{&quot;unit&quot;:&quot;px&quot;,&quot;size&quot;:5,&quot;sizes&quot;:[]},&quot;lazyload&quot;:&quot;yes&quot;,&quot;gallery_layout&quot;:&quot;grid&quot;,&quot;aspect_ratio&quot;:&quot;3:2&quot;,&quot;overlay_background&quot;:&quot;yes&quot;,&quot;content_hover_animation&quot;:&quot;fade-in&quot;}\" data-widget_type=\"gallery.default\">\n\t\t\t\t<div class=\"elementor-widget-container\">\n\t\t\t\t\t\t\t<div class=\"elementor-gallery__container\">\n\t\t\t\t\t\t\t<div class=\"e-gallery-item elementor-gallery-item elementor-animated-content\">\n\t\t\t\t\t<div class=\"e-gallery-image elementor-gallery-item__image\" data-thumbnail=\"https:\/\/www.portovenere.fr\/fr-fr\/wp-content\/uploads\/2019\/11\/Carrelage-moderne-effet-b\u00e9ton-STORY_Grey-150x150.jpg\" data-width=\"150\" data-height=\"150\" aria-label=\"\" role=\"img\" ><\/div>\n\t\t\t\t\t\t\t\t\t\t\t<div class=\"elementor-gallery-item__overlay\"><\/div>\n\t\t\t\t\t\t\t\t\t\t\t\t\t\t<\/div>\n\t\t\t\t\t\t\t<div class=\"e-gallery-item elementor-gallery-item elementor-animated-content\">\n\t\t\t\t\t<div class=\"e-gallery-image elementor-gallery-item__image\" data-thumbnail=\"https:\/\/www.portovenere.fr\/fr-fr\/wp-content\/uploads\/2019\/11\/Carrelage-moderne-effet-b\u00e9ton-STORY_White-150x150.jpg\" data-width=\"150\" data-height=\"150\" aria-label=\"\" role=\"img\" ><\/div>\n\t\t\t\t\t\t\t\t\t\t\t<div class=\"elementor-gallery-item__overlay\"><\/div>\n\t\t\t\t\t\t\t\t\t\t\t\t\t\t<\/div>\n\t\t\t\t\t\t\t<div class=\"e-gallery-item elementor-gallery-item elementor-animated-content\">\n\t\t\t\t\t<div class=\"e-gallery-image elementor-gallery-item__image\" data-thumbnail=\"https:\/\/www.portovenere.fr\/fr-fr\/wp-content\/uploads\/2019\/11\/Carrelage-moderne-effet-b\u00e9ton-STORY_Smoke-150x150.jpg\" data-width=\"150\" data-height=\"150\" aria-label=\"\" role=\"img\" ><\/div>\n\t\t\t\t\t\t\t\t\t\t\t<div class=\"elementor-gallery-item__overlay\"><\/div>\n\t\t\t\t\t\t\t\t\t\t\t\t\t\t<\/div>\n\t\t\t\t\t<\/div>\n\t\t\t\t\t<\/div>\n\t\t\t\t<\/div>\n\t\t\t\t<div class=\"elementor-element elementor-element-9afad86 elementor-widget elementor-widget-text-editor\" data-id=\"9afad86\" data-element_type=\"widget\" data-e-type=\"widget\" data-widget_type=\"text-editor.default\">\n\t\t\t\t<div class=\"elementor-widget-container\">\n\t\t\t\t\t\t\t\t\tCollection de carrelage moderne en gr\u00e8s c\u00e9rame effet b\u00e9ton d\u00e9clin\u00e9 en gris,\u00a0blanc\u00a0et fum\u00e9.\n\nPropos\u00e9e en 8 formats du 10&#215;30 au 100&#215;100 en passant par du 60&#215;120, la collection Story s&rsquo;adaptera \u00e0 vos diff\u00e9rents travaux de r\u00e9novation ou construction.\t\t\t\t\t\t\t\t<\/div>\n\t\t\t\t<\/div>\n\t\t\t\t<div class=\"elementor-element elementor-element-11151dd4 elementor-mobile-align-center elementor-widget elementor-widget-button\" data-id=\"11151dd4\" data-element_type=\"widget\" data-e-type=\"widget\" data-widget_type=\"button.default\">\n\t\t\t\t<div class=\"elementor-widget-container\">\n\t\t\t\t\t\t\t\t\t<div class=\"elementor-button-wrapper\">\n\t\t\t\t\t<a class=\"elementor-button elementor-button-link elementor-size-sm\" href=\"https:\/\/www.portovenere.fr\/fr-fr\/carrelage-sol-et-mur-en-gres-cerame-et-faience\/carrelage-contemporain-et-design\/carrelage-moderne-aspect-beton-story\/\">\n\t\t\t\t\t\t<span class=\"elementor-button-content-wrapper\">\n\t\t\t\t\t\t\t\t\t<span class=\"elementor-button-text\">Voir la collection<\/span>\n\t\t\t\t\t<\/span>\n\t\t\t\t\t<\/a>\n\t\t\t\t<\/div>\n\t\t\t\t\t\t\t\t<\/div>\n\t\t\t\t<\/div>\n\t\t\t\t\t<\/div>\n\t\t<\/div>\n\t\t\t\t\t<\/div>\n\t\t<\/section>\n\t\t\t\t\t<\/div>\n\t\t<\/div>\n\t\t\t\t\t<\/div>\n\t\t<\/section>\n\t\t\t\t<section class=\"elementor-section elementor-top-section elementor-element elementor-element-50754978 elementor-section-boxed elementor-section-height-default elementor-section-height-default\" data-id=\"50754978\" data-element_type=\"section\" data-e-type=\"section\" data-settings=\"{&quot;background_background&quot;:&quot;classic&quot;}\">\n\t\t\t\t\t\t<div class=\"elementor-container elementor-column-gap-default\">\n\t\t\t\t\t<div class=\"elementor-column elementor-col-100 elementor-top-column elementor-element elementor-element-35e8242b\" data-id=\"35e8242b\" data-element_type=\"column\" data-e-type=\"column\">\n\t\t\t<div class=\"elementor-widget-wrap elementor-element-populated\">\n\t\t\t\t\t\t<div class=\"elementor-element elementor-element-214551e9 elementor-invisible elementor-widget elementor-widget-heading\" data-id=\"214551e9\" data-element_type=\"widget\" data-e-type=\"widget\" data-settings=\"{&quot;_animation&quot;:&quot;bounceIn&quot;}\" data-widget_type=\"heading.default\">\n\t\t\t\t<div class=\"elementor-widget-container\">\n\t\t\t\t\t<p class=\"elementor-heading-title elementor-size-default\"><a href=\"https:\/\/www.portovenere.fr\/fr-fr\/carrelage-sol-et-mur-en-gres-cerame-et-faience\/\">Beaucoup d'autres collections proposent de grands formats, parcourez toutes nos collections pour trouver le carrelage qui correspond parfaitement \u00e0 vos besoins. <\/a><\/p>\t\t\t\t<\/div>\n\t\t\t\t<\/div>\n\t\t\t\t<div class=\"elementor-element elementor-element-a8ca1fd elementor-align-center elementor-widget elementor-widget-button\" data-id=\"a8ca1fd\" data-element_type=\"widget\" data-e-type=\"widget\" data-widget_type=\"button.default\">\n\t\t\t\t<div class=\"elementor-widget-container\">\n\t\t\t\t\t\t\t\t\t<div class=\"elementor-button-wrapper\">\n\t\t\t\t\t<a class=\"elementor-button elementor-button-link elementor-size-sm\" href=\"https:\/\/www.portovenere.fr\/fr-fr\/carrelage-sol-et-mur-en-gres-cerame-et-faience\/\">\n\t\t\t\t\t\t<span class=\"elementor-button-content-wrapper\">\n\t\t\t\t\t\t\t\t\t<span class=\"elementor-button-text\">Cliquez ici<\/span>\n\t\t\t\t\t<\/span>\n\t\t\t\t\t<\/a>\n\t\t\t\t<\/div>\n\t\t\t\t\t\t\t\t<\/div>\n\t\t\t\t<\/div>\n\t\t\t\t\t<\/div>\n\t\t<\/div>\n\t\t\t\t\t<\/div>\n\t\t<\/section>\n\t\t\t\t<section class=\"elementor-section elementor-top-section elementor-element elementor-element-4d088557 elementor-section-full_width elementor-section-height-default elementor-section-height-default\" data-id=\"4d088557\" data-element_type=\"section\" data-e-type=\"section\" data-settings=\"{&quot;background_background&quot;:&quot;classic&quot;}\">\n\t\t\t\t\t\t<div class=\"elementor-container elementor-column-gap-default\">\n\t\t\t\t\t<div class=\"elementor-column elementor-col-100 elementor-top-column elementor-element elementor-element-21aecbef\" data-id=\"21aecbef\" data-element_type=\"column\" data-e-type=\"column\">\n\t\t\t<div class=\"elementor-widget-wrap elementor-element-populated\">\n\t\t\t\t\t\t<div class=\"elementor-element elementor-element-7571c40b elementor-view-framed elementor-shape-circle elementor-invisible elementor-widget elementor-widget-icon\" data-id=\"7571c40b\" data-element_type=\"widget\" data-e-type=\"widget\" data-settings=\"{&quot;_animation&quot;:&quot;fadeInUp&quot;}\" data-widget_type=\"icon.default\">\n\t\t\t\t<div class=\"elementor-widget-container\">\n\t\t\t\t\t\t\t<div class=\"elementor-icon-wrapper\">\n\t\t\t<a class=\"elementor-icon elementor-animation-grow\" href=\"#retourhaut\">\n\t\t\t<svg aria-hidden=\"true\" class=\"e-font-icon-svg e-fas-chevron-circle-up\" viewBox=\"0 0 512 512\" xmlns=\"http:\/\/www.w3.org\/2000\/svg\"><path d=\"M8 256C8 119 119 8 256 8s248 111 248 248-111 248-248 248S8 393 8 256zm231-113.9L103.5 277.6c-9.4 9.4-9.4 24.6 0 33.9l17 17c9.4 9.4 24.6 9.4 33.9 0L256 226.9l101.6 101.6c9.4 9.4 24.6 9.4 33.9 0l17-17c9.4-9.4 9.4-24.6 0-33.9L273 142.1c-9.4-9.4-24.6-9.4-34 0z\"><\/path><\/svg>\t\t\t<\/a>\n\t\t<\/div>\n\t\t\t\t\t\t<\/div>\n\t\t\t\t<\/div>\n\t\t\t\t<div class=\"elementor-element elementor-element-1f3a5988 elementor-widget-divider--view-line elementor-widget elementor-widget-divider\" data-id=\"1f3a5988\" data-element_type=\"widget\" data-e-type=\"widget\" data-widget_type=\"divider.default\">\n\t\t\t\t<div class=\"elementor-widget-container\">\n\t\t\t\t\t\t\t<div class=\"elementor-divider\">\n\t\t\t<span class=\"elementor-divider-separator\">\n\t\t\t\t\t\t<\/span>\n\t\t<\/div>\n\t\t\t\t\t\t<\/div>\n\t\t\t\t<\/div>\n\t\t\t\t<div class=\"elementor-element elementor-element-42a4b4bc elementor-widget elementor-widget-heading\" data-id=\"42a4b4bc\" data-element_type=\"widget\" data-e-type=\"widget\" data-widget_type=\"heading.default\">\n\t\t\t\t<div class=\"elementor-widget-container\">\n\t\t\t\t\t<h4 class=\"elementor-heading-title elementor-size-large\"><a href=\"#partager\">Partager<\/a><\/h4>\t\t\t\t<\/div>\n\t\t\t\t<\/div>\n\t\t\t\t<div class=\"elementor-element elementor-element-30c6d8b9 elementor-share-buttons--skin-minimal elementor-share-buttons--shape-circle elementor-share-buttons--view-icon-text elementor-grid-0 elementor-share-buttons--color-official elementor-widget elementor-widget-share-buttons\" data-id=\"30c6d8b9\" data-element_type=\"widget\" data-e-type=\"widget\" data-widget_type=\"share-buttons.default\">\n\t\t\t\t<div class=\"elementor-widget-container\">\n\t\t\t\t\t\t\t<div class=\"elementor-grid\" role=\"list\">\n\t\t\t\t\t\t\t\t<div class=\"elementor-grid-item\" role=\"listitem\">\n\t\t\t\t\t\t<div class=\"elementor-share-btn elementor-share-btn_facebook\" role=\"button\" tabindex=\"0\" aria-label=\"Partager sur facebook\">\n\t\t\t\t\t\t\t\t\t\t\t\t\t\t\t<span class=\"elementor-share-btn__icon\">\n\t\t\t\t\t\t\t\t<svg aria-hidden=\"true\" class=\"e-font-icon-svg e-fab-facebook\" viewBox=\"0 0 512 512\" xmlns=\"http:\/\/www.w3.org\/2000\/svg\"><path d=\"M504 256C504 119 393 8 256 8S8 119 8 256c0 123.78 90.69 226.38 209.25 245V327.69h-63V256h63v-54.64c0-62.15 37-96.48 93.67-96.48 27.14 0 55.52 4.84 55.52 4.84v61h-31.28c-30.8 0-40.41 19.12-40.41 38.73V256h68.78l-11 71.69h-57.78V501C413.31 482.38 504 379.78 504 256z\"><\/path><\/svg>\t\t\t\t\t\t\t<\/span>\n\t\t\t\t\t\t\t\t\t\t\t\t\t\t\t\t\t\t\t\t\t\t<div class=\"elementor-share-btn__text\">\n\t\t\t\t\t\t\t\t\t\t\t\t\t\t\t\t\t\t\t<span class=\"elementor-share-btn__title\">\n\t\t\t\t\t\t\t\t\t\tFacebook\t\t\t\t\t\t\t\t\t<\/span>\n\t\t\t\t\t\t\t\t\t\t\t\t\t\t\t\t\t<\/div>\n\t\t\t\t\t\t\t\t\t\t\t\t\t<\/div>\n\t\t\t\t\t<\/div>\n\t\t\t\t\t\t\t\t\t<div class=\"elementor-grid-item\" role=\"listitem\">\n\t\t\t\t\t\t<div class=\"elementor-share-btn elementor-share-btn_pinterest\" role=\"button\" tabindex=\"0\" aria-label=\"Partager sur pinterest\">\n\t\t\t\t\t\t\t\t\t\t\t\t\t\t\t<span class=\"elementor-share-btn__icon\">\n\t\t\t\t\t\t\t\t<svg aria-hidden=\"true\" class=\"e-font-icon-svg e-fab-pinterest\" viewBox=\"0 0 496 512\" xmlns=\"http:\/\/www.w3.org\/2000\/svg\"><path d=\"M496 256c0 137-111 248-248 248-25.6 0-50.2-3.9-73.4-11.1 10.1-16.5 25.2-43.5 30.8-65 3-11.6 15.4-59 15.4-59 8.1 15.4 31.7 28.5 56.8 28.5 74.8 0 128.7-68.8 128.7-154.3 0-81.9-66.9-143.2-152.9-143.2-107 0-163.9 71.8-163.9 150.1 0 36.4 19.4 81.7 50.3 96.1 4.7 2.2 7.2 1.2 8.3-3.3.8-3.4 5-20.3 6.9-28.1.6-2.5.3-4.7-1.7-7.1-10.1-12.5-18.3-35.3-18.3-56.6 0-54.7 41.4-107.6 112-107.6 60.9 0 103.6 41.5 103.6 100.9 0 67.1-33.9 113.6-78 113.6-24.3 0-42.6-20.1-36.7-44.8 7-29.5 20.5-61.3 20.5-82.6 0-19-10.2-34.9-31.4-34.9-24.9 0-44.9 25.7-44.9 60.2 0 22 7.4 36.8 7.4 36.8s-24.5 103.8-29 123.2c-5 21.4-3 51.6-.9 71.2C65.4 450.9 0 361.1 0 256 0 119 111 8 248 8s248 111 248 248z\"><\/path><\/svg>\t\t\t\t\t\t\t<\/span>\n\t\t\t\t\t\t\t\t\t\t\t\t\t\t\t\t\t\t\t\t\t\t<div class=\"elementor-share-btn__text\">\n\t\t\t\t\t\t\t\t\t\t\t\t\t\t\t\t\t\t\t<span class=\"elementor-share-btn__title\">\n\t\t\t\t\t\t\t\t\t\tPinterest\t\t\t\t\t\t\t\t\t<\/span>\n\t\t\t\t\t\t\t\t\t\t\t\t\t\t\t\t\t<\/div>\n\t\t\t\t\t\t\t\t\t\t\t\t\t<\/div>\n\t\t\t\t\t<\/div>\n\t\t\t\t\t\t\t\t\t<div class=\"elementor-grid-item\" role=\"listitem\">\n\t\t\t\t\t\t<div class=\"elementor-share-btn elementor-share-btn_linkedin\" role=\"button\" tabindex=\"0\" aria-label=\"Partager sur linkedin\">\n\t\t\t\t\t\t\t\t\t\t\t\t\t\t\t<span class=\"elementor-share-btn__icon\">\n\t\t\t\t\t\t\t\t<svg aria-hidden=\"true\" class=\"e-font-icon-svg e-fab-linkedin\" viewBox=\"0 0 448 512\" xmlns=\"http:\/\/www.w3.org\/2000\/svg\"><path d=\"M416 32H31.9C14.3 32 0 46.5 0 64.3v383.4C0 465.5 14.3 480 31.9 480H416c17.6 0 32-14.5 32-32.3V64.3c0-17.8-14.4-32.3-32-32.3zM135.4 416H69V202.2h66.5V416zm-33.2-243c-21.3 0-38.5-17.3-38.5-38.5S80.9 96 102.2 96c21.2 0 38.5 17.3 38.5 38.5 0 21.3-17.2 38.5-38.5 38.5zm282.1 243h-66.4V312c0-24.8-.5-56.7-34.5-56.7-34.6 0-39.9 27-39.9 54.9V416h-66.4V202.2h63.7v29.2h.9c8.9-16.8 30.6-34.5 62.9-34.5 67.2 0 79.7 44.3 79.7 101.9V416z\"><\/path><\/svg>\t\t\t\t\t\t\t<\/span>\n\t\t\t\t\t\t\t\t\t\t\t\t\t\t\t\t\t\t\t\t\t\t<div class=\"elementor-share-btn__text\">\n\t\t\t\t\t\t\t\t\t\t\t\t\t\t\t\t\t\t\t<span class=\"elementor-share-btn__title\">\n\t\t\t\t\t\t\t\t\t\tLinkedIn\t\t\t\t\t\t\t\t\t<\/span>\n\t\t\t\t\t\t\t\t\t\t\t\t\t\t\t\t\t<\/div>\n\t\t\t\t\t\t\t\t\t\t\t\t\t<\/div>\n\t\t\t\t\t<\/div>\n\t\t\t\t\t\t\t\t\t<div class=\"elementor-grid-item\" role=\"listitem\">\n\t\t\t\t\t\t<div class=\"elementor-share-btn elementor-share-btn_whatsapp\" role=\"button\" tabindex=\"0\" aria-label=\"Partager sur whatsapp\">\n\t\t\t\t\t\t\t\t\t\t\t\t\t\t\t<span class=\"elementor-share-btn__icon\">\n\t\t\t\t\t\t\t\t<svg aria-hidden=\"true\" class=\"e-font-icon-svg e-fab-whatsapp\" viewBox=\"0 0 448 512\" xmlns=\"http:\/\/www.w3.org\/2000\/svg\"><path d=\"M380.9 97.1C339 55.1 283.2 32 223.9 32c-122.4 0-222 99.6-222 222 0 39.1 10.2 77.3 29.6 111L0 480l117.7-30.9c32.4 17.7 68.9 27 106.1 27h.1c122.3 0 224.1-99.6 224.1-222 0-59.3-25.2-115-67.1-157zm-157 341.6c-33.2 0-65.7-8.9-94-25.7l-6.7-4-69.8 18.3L72 359.2l-4.4-7c-18.5-29.4-28.2-63.3-28.2-98.2 0-101.7 82.8-184.5 184.6-184.5 49.3 0 95.6 19.2 130.4 54.1 34.8 34.9 56.2 81.2 56.1 130.5 0 101.8-84.9 184.6-186.6 184.6zm101.2-138.2c-5.5-2.8-32.8-16.2-37.9-18-5.1-1.9-8.8-2.8-12.5 2.8-3.7 5.6-14.3 18-17.6 21.8-3.2 3.7-6.5 4.2-12 1.4-32.6-16.3-54-29.1-75.5-66-5.7-9.8 5.7-9.1 16.3-30.3 1.8-3.7.9-6.9-.5-9.7-1.4-2.8-12.5-30.1-17.1-41.2-4.5-10.8-9.1-9.3-12.5-9.5-3.2-.2-6.9-.2-10.6-.2-3.7 0-9.7 1.4-14.8 6.9-5.1 5.6-19.4 19-19.4 46.3 0 27.3 19.9 53.7 22.6 57.4 2.8 3.7 39.1 59.7 94.8 83.8 35.2 15.2 49 16.5 66.6 13.9 10.7-1.6 32.8-13.4 37.4-26.4 4.6-13 4.6-24.1 3.2-26.4-1.3-2.5-5-3.9-10.5-6.6z\"><\/path><\/svg>\t\t\t\t\t\t\t<\/span>\n\t\t\t\t\t\t\t\t\t\t\t\t\t\t\t\t\t\t\t\t\t\t<div class=\"elementor-share-btn__text\">\n\t\t\t\t\t\t\t\t\t\t\t\t\t\t\t\t\t\t\t<span class=\"elementor-share-btn__title\">\n\t\t\t\t\t\t\t\t\t\tWhatsApp\t\t\t\t\t\t\t\t\t<\/span>\n\t\t\t\t\t\t\t\t\t\t\t\t\t\t\t\t\t<\/div>\n\t\t\t\t\t\t\t\t\t\t\t\t\t<\/div>\n\t\t\t\t\t<\/div>\n\t\t\t\t\t\t\t\t\t<div class=\"elementor-grid-item\" role=\"listitem\">\n\t\t\t\t\t\t<div class=\"elementor-share-btn elementor-share-btn_twitter\" role=\"button\" tabindex=\"0\" aria-label=\"Partager sur twitter\">\n\t\t\t\t\t\t\t\t\t\t\t\t\t\t\t<span class=\"elementor-share-btn__icon\">\n\t\t\t\t\t\t\t\t<svg aria-hidden=\"true\" class=\"e-font-icon-svg e-fab-twitter\" viewBox=\"0 0 512 512\" xmlns=\"http:\/\/www.w3.org\/2000\/svg\"><path d=\"M459.37 151.716c.325 4.548.325 9.097.325 13.645 0 138.72-105.583 298.558-298.558 298.558-59.452 0-114.68-17.219-161.137-47.106 8.447.974 16.568 1.299 25.34 1.299 49.055 0 94.213-16.568 130.274-44.832-46.132-.975-84.792-31.188-98.112-72.772 6.498.974 12.995 1.624 19.818 1.624 9.421 0 18.843-1.3 27.614-3.573-48.081-9.747-84.143-51.98-84.143-102.985v-1.299c13.969 7.797 30.214 12.67 47.431 13.319-28.264-18.843-46.781-51.005-46.781-87.391 0-19.492 5.197-37.36 14.294-52.954 51.655 63.675 129.3 105.258 216.365 109.807-1.624-7.797-2.599-15.918-2.599-24.04 0-57.828 46.782-104.934 104.934-104.934 30.213 0 57.502 12.67 76.67 33.137 23.715-4.548 46.456-13.32 66.599-25.34-7.798 24.366-24.366 44.833-46.132 57.827 21.117-2.273 41.584-8.122 60.426-16.243-14.292 20.791-32.161 39.308-52.628 54.253z\"><\/path><\/svg>\t\t\t\t\t\t\t<\/span>\n\t\t\t\t\t\t\t\t\t\t\t\t\t\t\t\t\t\t\t\t\t\t<div class=\"elementor-share-btn__text\">\n\t\t\t\t\t\t\t\t\t\t\t\t\t\t\t\t\t\t\t<span class=\"elementor-share-btn__title\">\n\t\t\t\t\t\t\t\t\t\tTwitter\t\t\t\t\t\t\t\t\t<\/span>\n\t\t\t\t\t\t\t\t\t\t\t\t\t\t\t\t\t<\/div>\n\t\t\t\t\t\t\t\t\t\t\t\t\t<\/div>\n\t\t\t\t\t<\/div>\n\t\t\t\t\t\t\t\t\t<div class=\"elementor-grid-item\" role=\"listitem\">\n\t\t\t\t\t\t<div class=\"elementor-share-btn elementor-share-btn_email\" role=\"button\" tabindex=\"0\" aria-label=\"Partager sur email\">\n\t\t\t\t\t\t\t\t\t\t\t\t\t\t\t<span class=\"elementor-share-btn__icon\">\n\t\t\t\t\t\t\t\t<svg aria-hidden=\"true\" class=\"e-font-icon-svg e-fas-envelope\" viewBox=\"0 0 512 512\" xmlns=\"http:\/\/www.w3.org\/2000\/svg\"><path d=\"M502.3 190.8c3.9-3.1 9.7-.2 9.7 4.7V400c0 26.5-21.5 48-48 48H48c-26.5 0-48-21.5-48-48V195.6c0-5 5.7-7.8 9.7-4.7 22.4 17.4 52.1 39.5 154.1 113.6 21.1 15.4 56.7 47.8 92.2 47.6 35.7.3 72-32.8 92.3-47.6 102-74.1 131.6-96.3 154-113.7zM256 320c23.2.4 56.6-29.2 73.4-41.4 132.7-96.3 142.8-104.7 173.4-128.7 5.8-4.5 9.2-11.5 9.2-18.9v-19c0-26.5-21.5-48-48-48H48C21.5 64 0 85.5 0 112v19c0 7.4 3.4 14.3 9.2 18.9 30.6 23.9 40.7 32.4 173.4 128.7 16.8 12.2 50.2 41.8 73.4 41.4z\"><\/path><\/svg>\t\t\t\t\t\t\t<\/span>\n\t\t\t\t\t\t\t\t\t\t\t\t\t\t\t\t\t\t\t\t\t\t<div class=\"elementor-share-btn__text\">\n\t\t\t\t\t\t\t\t\t\t\t\t\t\t\t\t\t\t\t<span class=\"elementor-share-btn__title\">\n\t\t\t\t\t\t\t\t\t\tEmail\t\t\t\t\t\t\t\t\t<\/span>\n\t\t\t\t\t\t\t\t\t\t\t\t\t\t\t\t\t<\/div>\n\t\t\t\t\t\t\t\t\t\t\t\t\t<\/div>\n\t\t\t\t\t<\/div>\n\t\t\t\t\t\t\t\t\t<div class=\"elementor-grid-item\" role=\"listitem\">\n\t\t\t\t\t\t<div class=\"elementor-share-btn elementor-share-btn_print\" role=\"button\" tabindex=\"0\" aria-label=\"Partager sur print\">\n\t\t\t\t\t\t\t\t\t\t\t\t\t\t\t<span class=\"elementor-share-btn__icon\">\n\t\t\t\t\t\t\t\t<svg aria-hidden=\"true\" class=\"e-font-icon-svg e-fas-print\" viewBox=\"0 0 512 512\" xmlns=\"http:\/\/www.w3.org\/2000\/svg\"><path d=\"M448 192V77.25c0-8.49-3.37-16.62-9.37-22.63L393.37 9.37c-6-6-14.14-9.37-22.63-9.37H96C78.33 0 64 14.33 64 32v160c-35.35 0-64 28.65-64 64v112c0 8.84 7.16 16 16 16h48v96c0 17.67 14.33 32 32 32h320c17.67 0 32-14.33 32-32v-96h48c8.84 0 16-7.16 16-16V256c0-35.35-28.65-64-64-64zm-64 256H128v-96h256v96zm0-224H128V64h192v48c0 8.84 7.16 16 16 16h48v96zm48 72c-13.25 0-24-10.75-24-24 0-13.26 10.75-24 24-24s24 10.74 24 24c0 13.25-10.75 24-24 24z\"><\/path><\/svg>\t\t\t\t\t\t\t<\/span>\n\t\t\t\t\t\t\t\t\t\t\t\t\t\t\t\t\t\t\t\t\t\t<div class=\"elementor-share-btn__text\">\n\t\t\t\t\t\t\t\t\t\t\t\t\t\t\t\t\t\t\t<span class=\"elementor-share-btn__title\">\n\t\t\t\t\t\t\t\t\t\tImprimer\t\t\t\t\t\t\t\t\t<\/span>\n\t\t\t\t\t\t\t\t\t\t\t\t\t\t\t\t\t<\/div>\n\t\t\t\t\t\t\t\t\t\t\t\t\t<\/div>\n\t\t\t\t\t<\/div>\n\t\t\t\t\t\t<\/div>\n\t\t\t\t\t\t<\/div>\n\t\t\t\t<\/div>\n\t\t\t\t<div class=\"elementor-element elementor-element-40aa663d elementor-widget elementor-widget-facebook-button\" data-id=\"40aa663d\" data-element_type=\"widget\" data-e-type=\"widget\" data-widget_type=\"facebook-button.default\">\n\t\t\t\t<div class=\"elementor-widget-container\">\n\t\t\t\t\t\t\t<div data-layout=\"standard\" data-colorscheme=\"light\" data-size=\"small\" data-show-faces=\"false\" class=\"elementor-facebook-widget fb-like\" data-href=\"https:\/\/www.portovenere.fr\/fr-fr?p=31276\" data-share=\"false\" data-action=\"like\"><\/div>\n\t\t\t\t\t\t<\/div>\n\t\t\t\t<\/div>\n\t\t\t\t\t<\/div>\n\t\t<\/div>\n\t\t\t\t\t<\/div>\n\t\t<\/section>\n\t\t\t\t<\/div>\n\t\t","protected":false},"excerpt":{"rendered":"<p>D\u00e9couvrez le carrelage grand format en gr\u00e8s c\u00e9rame XXL. Style contemporain &#038; raffin\u00e9 pour l\u2019habillage mural et les sols : Jusqu&rsquo;\u00e0 160&#215;320 cm<\/p>\n","protected":false},"author":2,"featured_media":42202,"parent":7146,"menu_order":0,"comment_status":"closed","ping_status":"closed","template":"","meta":{"_monsterinsights_skip_tracking":false,"_monsterinsights_sitenote_active":false,"_monsterinsights_sitenote_note":"","_monsterinsights_sitenote_category":0,"_uf_show_specific_survey":0,"_uf_disable_surveys":false,"footnotes":""},"class_list":["post-31276","page","type-page","status-publish","has-post-thumbnail","hentry"],"yoast_head":"<!-- This site is optimized with the Yoast SEO plugin v27.5 - https:\/\/yoast.com\/product\/yoast-seo-wordpress\/ -->\n<title>Carrelage grand format en gr\u00e8s c\u00e9rame XXL pour sol et mur - Porto Venere<\/title>\n<meta name=\"description\" content=\"D\u00e9couvrez le carrelage grand format en gr\u00e8s c\u00e9rame XXL. Style contemporain &amp; raffin\u00e9 pour l\u2019habillage mural et les sols : Jusqu&#039;\u00e0 160x320 cm\" \/>\n<meta name=\"robots\" content=\"index, follow, max-snippet:-1, max-image-preview:large, max-video-preview:-1\" \/>\n<link rel=\"canonical\" href=\"https:\/\/www.portovenere.fr\/fr-fr\/carrelage-sol-et-mur-en-gres-cerame-et-faience\/carrelage-grand-format-en-gres-cerame-xxl-pour-sol-et-mur\/\" \/>\n<meta property=\"og:locale\" content=\"fr_FR\" \/>\n<meta property=\"og:type\" content=\"article\" \/>\n<meta property=\"og:title\" content=\"Carrelage grand format en gr\u00e8s c\u00e9rame XXL pour sol et mur - Porto Venere\" \/>\n<meta property=\"og:description\" content=\"D\u00e9couvrez le carrelage grand format en gr\u00e8s c\u00e9rame XXL. Style contemporain &amp; raffin\u00e9 pour l\u2019habillage mural et les sols : Jusqu&#039;\u00e0 160x320 cm\" \/>\n<meta property=\"og:url\" content=\"https:\/\/www.portovenere.fr\/fr-fr\/carrelage-sol-et-mur-en-gres-cerame-et-faience\/carrelage-grand-format-en-gres-cerame-xxl-pour-sol-et-mur\/\" \/>\n<meta property=\"og:site_name\" content=\"Porto Venere\" \/>\n<meta property=\"article:publisher\" content=\"https:\/\/www.facebook.com\/portovenere34\/\" \/>\n<meta property=\"article:modified_time\" content=\"2026-02-02T08:02:17+00:00\" \/>\n<meta property=\"og:image\" content=\"https:\/\/www.portovenere.fr\/fr-fr\/wp-content\/uploads\/2022\/03\/carrelage-mural-sejour-haut-de-gamme-maxi-format-gioco-effet-pierre-sand-a-cournonterral-herault-34.jpg\" \/>\n\t<meta property=\"og:image:width\" content=\"1000\" \/>\n\t<meta property=\"og:image:height\" content=\"1005\" \/>\n\t<meta property=\"og:image:type\" content=\"image\/jpeg\" \/>\n<meta name=\"twitter:card\" content=\"summary_large_image\" \/>\n<meta name=\"twitter:label1\" content=\"Dur\u00e9e de lecture estim\u00e9e\" \/>\n\t<meta name=\"twitter:data1\" content=\"43 minutes\" \/>\n<script type=\"application\/ld+json\" class=\"yoast-schema-graph\">{\"@context\":\"https:\\\/\\\/schema.org\",\"@graph\":[{\"@type\":\"WebPage\",\"@id\":\"https:\\\/\\\/www.portovenere.fr\\\/fr-fr\\\/carrelage-sol-et-mur-en-gres-cerame-et-faience\\\/carrelage-grand-format-en-gres-cerame-xxl-pour-sol-et-mur\\\/\",\"url\":\"https:\\\/\\\/www.portovenere.fr\\\/fr-fr\\\/carrelage-sol-et-mur-en-gres-cerame-et-faience\\\/carrelage-grand-format-en-gres-cerame-xxl-pour-sol-et-mur\\\/\",\"name\":\"Carrelage grand format en gr\u00e8s c\u00e9rame XXL pour sol et mur - Porto Venere\",\"isPartOf\":{\"@id\":\"https:\\\/\\\/www.portovenere.fr\\\/fr-fr\\\/#website\"},\"primaryImageOfPage\":{\"@id\":\"https:\\\/\\\/www.portovenere.fr\\\/fr-fr\\\/carrelage-sol-et-mur-en-gres-cerame-et-faience\\\/carrelage-grand-format-en-gres-cerame-xxl-pour-sol-et-mur\\\/#primaryimage\"},\"image\":{\"@id\":\"https:\\\/\\\/www.portovenere.fr\\\/fr-fr\\\/carrelage-sol-et-mur-en-gres-cerame-et-faience\\\/carrelage-grand-format-en-gres-cerame-xxl-pour-sol-et-mur\\\/#primaryimage\"},\"thumbnailUrl\":\"https:\\\/\\\/www.portovenere.fr\\\/fr-fr\\\/wp-content\\\/uploads\\\/2022\\\/03\\\/carrelage-mural-sejour-haut-de-gamme-maxi-format-gioco-effet-pierre-sand-a-cournonterral-herault-34.jpg\",\"datePublished\":\"2020-07-31T13:43:03+00:00\",\"dateModified\":\"2026-02-02T08:02:17+00:00\",\"description\":\"D\u00e9couvrez le carrelage grand format en gr\u00e8s c\u00e9rame XXL. Style contemporain & raffin\u00e9 pour l\u2019habillage mural et les sols : Jusqu'\u00e0 160x320 cm\",\"breadcrumb\":{\"@id\":\"https:\\\/\\\/www.portovenere.fr\\\/fr-fr\\\/carrelage-sol-et-mur-en-gres-cerame-et-faience\\\/carrelage-grand-format-en-gres-cerame-xxl-pour-sol-et-mur\\\/#breadcrumb\"},\"inLanguage\":\"fr-FR\",\"potentialAction\":[{\"@type\":\"ReadAction\",\"target\":[\"https:\\\/\\\/www.portovenere.fr\\\/fr-fr\\\/carrelage-sol-et-mur-en-gres-cerame-et-faience\\\/carrelage-grand-format-en-gres-cerame-xxl-pour-sol-et-mur\\\/\"]}]},{\"@type\":\"ImageObject\",\"inLanguage\":\"fr-FR\",\"@id\":\"https:\\\/\\\/www.portovenere.fr\\\/fr-fr\\\/carrelage-sol-et-mur-en-gres-cerame-et-faience\\\/carrelage-grand-format-en-gres-cerame-xxl-pour-sol-et-mur\\\/#primaryimage\",\"url\":\"https:\\\/\\\/www.portovenere.fr\\\/fr-fr\\\/wp-content\\\/uploads\\\/2022\\\/03\\\/carrelage-mural-sejour-haut-de-gamme-maxi-format-gioco-effet-pierre-sand-a-cournonterral-herault-34.jpg\",\"contentUrl\":\"https:\\\/\\\/www.portovenere.fr\\\/fr-fr\\\/wp-content\\\/uploads\\\/2022\\\/03\\\/carrelage-mural-sejour-haut-de-gamme-maxi-format-gioco-effet-pierre-sand-a-cournonterral-herault-34.jpg\",\"width\":1000,\"height\":1005,\"caption\":\"Carrelage contemporain imitation b\u00e9ton GIOCO\"},{\"@type\":\"BreadcrumbList\",\"@id\":\"https:\\\/\\\/www.portovenere.fr\\\/fr-fr\\\/carrelage-sol-et-mur-en-gres-cerame-et-faience\\\/carrelage-grand-format-en-gres-cerame-xxl-pour-sol-et-mur\\\/#breadcrumb\",\"itemListElement\":[{\"@type\":\"ListItem\",\"position\":1,\"name\":\"Page d'accueil\",\"item\":\"https:\\\/\\\/www.portovenere.fr\\\/fr-fr\\\/\"},{\"@type\":\"ListItem\",\"position\":2,\"name\":\"Carrelage sol et mur en gr\u00e8s c\u00e9rame et fa\u00efence\",\"item\":\"https:\\\/\\\/www.portovenere.fr\\\/fr-fr\\\/carrelage-sol-et-mur-en-gres-cerame-et-faience\\\/\"},{\"@type\":\"ListItem\",\"position\":3,\"name\":\"Carrelage grand format en gr\u00e8s c\u00e9rame XXL pour sol et mur\"}]},{\"@type\":\"WebSite\",\"@id\":\"https:\\\/\\\/www.portovenere.fr\\\/fr-fr\\\/#website\",\"url\":\"https:\\\/\\\/www.portovenere.fr\\\/fr-fr\\\/\",\"name\":\"Porto Venere\",\"description\":\"Magasin de carrelage, cuisine, salle de bain \u00e0 Montpellier dans l&#039;H\u00e9rault\",\"publisher\":{\"@id\":\"https:\\\/\\\/www.portovenere.fr\\\/fr-fr\\\/#organization\"},\"potentialAction\":[{\"@type\":\"SearchAction\",\"target\":{\"@type\":\"EntryPoint\",\"urlTemplate\":\"https:\\\/\\\/www.portovenere.fr\\\/fr-fr\\\/?s={search_term_string}\"},\"query-input\":{\"@type\":\"PropertyValueSpecification\",\"valueRequired\":true,\"valueName\":\"search_term_string\"}}],\"inLanguage\":\"fr-FR\"},{\"@type\":\"Organization\",\"@id\":\"https:\\\/\\\/www.portovenere.fr\\\/fr-fr\\\/#organization\",\"name\":\"Porto Venere - Carrelage Usine Center SARL\",\"url\":\"https:\\\/\\\/www.portovenere.fr\\\/fr-fr\\\/\",\"logo\":{\"@type\":\"ImageObject\",\"inLanguage\":\"fr-FR\",\"@id\":\"https:\\\/\\\/www.portovenere.fr\\\/fr-fr\\\/#\\\/schema\\\/logo\\\/image\\\/\",\"url\":\"https:\\\/\\\/www.portovenere.fr\\\/fr-fr\\\/wp-content\\\/uploads\\\/2019\\\/05\\\/logo3.png\",\"contentUrl\":\"https:\\\/\\\/www.portovenere.fr\\\/fr-fr\\\/wp-content\\\/uploads\\\/2019\\\/05\\\/logo3.png\",\"width\":388,\"height\":120,\"caption\":\"Porto Venere - Carrelage Usine Center SARL\"},\"image\":{\"@id\":\"https:\\\/\\\/www.portovenere.fr\\\/fr-fr\\\/#\\\/schema\\\/logo\\\/image\\\/\"},\"sameAs\":[\"https:\\\/\\\/www.facebook.com\\\/portovenere34\\\/\",\"https:\\\/\\\/www.instagram.com\\\/porto.venere\\\/\",\"https:\\\/\\\/www.linkedin.com\\\/company\\\/porto-venere-montpellier\\\/\",\"https:\\\/\\\/www.pinterest.fr\\\/portovenere34\\\/\"]}]}<\/script>\n<!-- \/ Yoast SEO plugin. -->","yoast_head_json":{"title":"Carrelage grand format en gr\u00e8s c\u00e9rame XXL pour sol et mur - Porto Venere","description":"D\u00e9couvrez le carrelage grand format en gr\u00e8s c\u00e9rame XXL. Style contemporain & raffin\u00e9 pour l\u2019habillage mural et les sols : Jusqu'\u00e0 160x320 cm","robots":{"index":"index","follow":"follow","max-snippet":"max-snippet:-1","max-image-preview":"max-image-preview:large","max-video-preview":"max-video-preview:-1"},"canonical":"https:\/\/www.portovenere.fr\/fr-fr\/carrelage-sol-et-mur-en-gres-cerame-et-faience\/carrelage-grand-format-en-gres-cerame-xxl-pour-sol-et-mur\/","og_locale":"fr_FR","og_type":"article","og_title":"Carrelage grand format en gr\u00e8s c\u00e9rame XXL pour sol et mur - Porto Venere","og_description":"D\u00e9couvrez le carrelage grand format en gr\u00e8s c\u00e9rame XXL. Style contemporain & raffin\u00e9 pour l\u2019habillage mural et les sols : Jusqu'\u00e0 160x320 cm","og_url":"https:\/\/www.portovenere.fr\/fr-fr\/carrelage-sol-et-mur-en-gres-cerame-et-faience\/carrelage-grand-format-en-gres-cerame-xxl-pour-sol-et-mur\/","og_site_name":"Porto Venere","article_publisher":"https:\/\/www.facebook.com\/portovenere34\/","article_modified_time":"2026-02-02T08:02:17+00:00","og_image":[{"width":1000,"height":1005,"url":"https:\/\/www.portovenere.fr\/fr-fr\/wp-content\/uploads\/2022\/03\/carrelage-mural-sejour-haut-de-gamme-maxi-format-gioco-effet-pierre-sand-a-cournonterral-herault-34.jpg","type":"image\/jpeg"}],"twitter_card":"summary_large_image","twitter_misc":{"Dur\u00e9e de lecture estim\u00e9e":"43 minutes"},"schema":{"@context":"https:\/\/schema.org","@graph":[{"@type":"WebPage","@id":"https:\/\/www.portovenere.fr\/fr-fr\/carrelage-sol-et-mur-en-gres-cerame-et-faience\/carrelage-grand-format-en-gres-cerame-xxl-pour-sol-et-mur\/","url":"https:\/\/www.portovenere.fr\/fr-fr\/carrelage-sol-et-mur-en-gres-cerame-et-faience\/carrelage-grand-format-en-gres-cerame-xxl-pour-sol-et-mur\/","name":"Carrelage grand format en gr\u00e8s c\u00e9rame XXL pour sol et mur - Porto Venere","isPartOf":{"@id":"https:\/\/www.portovenere.fr\/fr-fr\/#website"},"primaryImageOfPage":{"@id":"https:\/\/www.portovenere.fr\/fr-fr\/carrelage-sol-et-mur-en-gres-cerame-et-faience\/carrelage-grand-format-en-gres-cerame-xxl-pour-sol-et-mur\/#primaryimage"},"image":{"@id":"https:\/\/www.portovenere.fr\/fr-fr\/carrelage-sol-et-mur-en-gres-cerame-et-faience\/carrelage-grand-format-en-gres-cerame-xxl-pour-sol-et-mur\/#primaryimage"},"thumbnailUrl":"https:\/\/www.portovenere.fr\/fr-fr\/wp-content\/uploads\/2022\/03\/carrelage-mural-sejour-haut-de-gamme-maxi-format-gioco-effet-pierre-sand-a-cournonterral-herault-34.jpg","datePublished":"2020-07-31T13:43:03+00:00","dateModified":"2026-02-02T08:02:17+00:00","description":"D\u00e9couvrez le carrelage grand format en gr\u00e8s c\u00e9rame XXL. Style contemporain & raffin\u00e9 pour l\u2019habillage mural et les sols : Jusqu'\u00e0 160x320 cm","breadcrumb":{"@id":"https:\/\/www.portovenere.fr\/fr-fr\/carrelage-sol-et-mur-en-gres-cerame-et-faience\/carrelage-grand-format-en-gres-cerame-xxl-pour-sol-et-mur\/#breadcrumb"},"inLanguage":"fr-FR","potentialAction":[{"@type":"ReadAction","target":["https:\/\/www.portovenere.fr\/fr-fr\/carrelage-sol-et-mur-en-gres-cerame-et-faience\/carrelage-grand-format-en-gres-cerame-xxl-pour-sol-et-mur\/"]}]},{"@type":"ImageObject","inLanguage":"fr-FR","@id":"https:\/\/www.portovenere.fr\/fr-fr\/carrelage-sol-et-mur-en-gres-cerame-et-faience\/carrelage-grand-format-en-gres-cerame-xxl-pour-sol-et-mur\/#primaryimage","url":"https:\/\/www.portovenere.fr\/fr-fr\/wp-content\/uploads\/2022\/03\/carrelage-mural-sejour-haut-de-gamme-maxi-format-gioco-effet-pierre-sand-a-cournonterral-herault-34.jpg","contentUrl":"https:\/\/www.portovenere.fr\/fr-fr\/wp-content\/uploads\/2022\/03\/carrelage-mural-sejour-haut-de-gamme-maxi-format-gioco-effet-pierre-sand-a-cournonterral-herault-34.jpg","width":1000,"height":1005,"caption":"Carrelage contemporain imitation b\u00e9ton GIOCO"},{"@type":"BreadcrumbList","@id":"https:\/\/www.portovenere.fr\/fr-fr\/carrelage-sol-et-mur-en-gres-cerame-et-faience\/carrelage-grand-format-en-gres-cerame-xxl-pour-sol-et-mur\/#breadcrumb","itemListElement":[{"@type":"ListItem","position":1,"name":"Page d'accueil","item":"https:\/\/www.portovenere.fr\/fr-fr\/"},{"@type":"ListItem","position":2,"name":"Carrelage sol et mur en gr\u00e8s c\u00e9rame et fa\u00efence","item":"https:\/\/www.portovenere.fr\/fr-fr\/carrelage-sol-et-mur-en-gres-cerame-et-faience\/"},{"@type":"ListItem","position":3,"name":"Carrelage grand format en gr\u00e8s c\u00e9rame XXL pour sol et mur"}]},{"@type":"WebSite","@id":"https:\/\/www.portovenere.fr\/fr-fr\/#website","url":"https:\/\/www.portovenere.fr\/fr-fr\/","name":"Porto Venere","description":"Magasin de carrelage, cuisine, salle de bain \u00e0 Montpellier dans l&#039;H\u00e9rault","publisher":{"@id":"https:\/\/www.portovenere.fr\/fr-fr\/#organization"},"potentialAction":[{"@type":"SearchAction","target":{"@type":"EntryPoint","urlTemplate":"https:\/\/www.portovenere.fr\/fr-fr\/?s={search_term_string}"},"query-input":{"@type":"PropertyValueSpecification","valueRequired":true,"valueName":"search_term_string"}}],"inLanguage":"fr-FR"},{"@type":"Organization","@id":"https:\/\/www.portovenere.fr\/fr-fr\/#organization","name":"Porto Venere - Carrelage Usine Center SARL","url":"https:\/\/www.portovenere.fr\/fr-fr\/","logo":{"@type":"ImageObject","inLanguage":"fr-FR","@id":"https:\/\/www.portovenere.fr\/fr-fr\/#\/schema\/logo\/image\/","url":"https:\/\/www.portovenere.fr\/fr-fr\/wp-content\/uploads\/2019\/05\/logo3.png","contentUrl":"https:\/\/www.portovenere.fr\/fr-fr\/wp-content\/uploads\/2019\/05\/logo3.png","width":388,"height":120,"caption":"Porto Venere - Carrelage Usine Center SARL"},"image":{"@id":"https:\/\/www.portovenere.fr\/fr-fr\/#\/schema\/logo\/image\/"},"sameAs":["https:\/\/www.facebook.com\/portovenere34\/","https:\/\/www.instagram.com\/porto.venere\/","https:\/\/www.linkedin.com\/company\/porto-venere-montpellier\/","https:\/\/www.pinterest.fr\/portovenere34\/"]}]}},"_links":{"self":[{"href":"https:\/\/www.portovenere.fr\/fr-fr\/wp-json\/wp\/v2\/pages\/31276","targetHints":{"allow":["GET"]}}],"collection":[{"href":"https:\/\/www.portovenere.fr\/fr-fr\/wp-json\/wp\/v2\/pages"}],"about":[{"href":"https:\/\/www.portovenere.fr\/fr-fr\/wp-json\/wp\/v2\/types\/page"}],"author":[{"embeddable":true,"href":"https:\/\/www.portovenere.fr\/fr-fr\/wp-json\/wp\/v2\/users\/2"}],"replies":[{"embeddable":true,"href":"https:\/\/www.portovenere.fr\/fr-fr\/wp-json\/wp\/v2\/comments?post=31276"}],"version-history":[{"count":265,"href":"https:\/\/www.portovenere.fr\/fr-fr\/wp-json\/wp\/v2\/pages\/31276\/revisions"}],"predecessor-version":[{"id":69522,"href":"https:\/\/www.portovenere.fr\/fr-fr\/wp-json\/wp\/v2\/pages\/31276\/revisions\/69522"}],"up":[{"embeddable":true,"href":"https:\/\/www.portovenere.fr\/fr-fr\/wp-json\/wp\/v2\/pages\/7146"}],"wp:featuredmedia":[{"embeddable":true,"href":"https:\/\/www.portovenere.fr\/fr-fr\/wp-json\/wp\/v2\/media\/42202"}],"wp:attachment":[{"href":"https:\/\/www.portovenere.fr\/fr-fr\/wp-json\/wp\/v2\/media?parent=31276"}],"curies":[{"name":"wp","href":"https:\/\/api.w.org\/{rel}","templated":true}]}}