{"id":31404,"date":"2020-08-06T14:08:55","date_gmt":"2020-08-06T12:08:55","guid":{"rendered":"https:\/\/www.portovenere.fr\/fr-fr\/?page_id=31404"},"modified":"2026-02-10T14:52:27","modified_gmt":"2026-02-10T13:52:27","slug":"dalles-exterieures-20mm-gres-cerame-pour-pose-sur-plots-sable-gravier","status":"publish","type":"page","link":"https:\/\/www.portovenere.fr\/fr-fr\/carrelage-sol-et-mur-en-gres-cerame-et-faience\/dalles-exterieures-20mm-gres-cerame-pour-pose-sur-plots-sable-gravier\/","title":{"rendered":"Dalles ext\u00e9rieures 20mm gr\u00e8s c\u00e9rame pour pose sur plots, sable, gravier"},"content":{"rendered":"\t\t<div data-elementor-type=\"wp-page\" data-elementor-id=\"31404\" class=\"elementor elementor-31404\" data-elementor-post-type=\"page\">\n\t\t\t\t\t\t<section class=\"elementor-section elementor-top-section elementor-element elementor-element-97e96ab elementor-section-boxed elementor-section-height-default elementor-section-height-default\" data-id=\"97e96ab\" data-element_type=\"section\" data-e-type=\"section\">\n\t\t\t\t\t\t<div class=\"elementor-container elementor-column-gap-default\">\n\t\t\t\t\t\t<\/div>\n\t\t<\/section>\n\t\t\t\t<section class=\"elementor-section elementor-top-section elementor-element elementor-element-76c1ace4 elementor-section-boxed elementor-section-height-default elementor-section-height-default\" data-id=\"76c1ace4\" data-element_type=\"section\" data-e-type=\"section\">\n\t\t\t\t\t\t<div class=\"elementor-container elementor-column-gap-default\">\n\t\t\t\t\t<div class=\"elementor-column elementor-col-100 elementor-top-column elementor-element elementor-element-2d5ae871\" data-id=\"2d5ae871\" data-element_type=\"column\" data-e-type=\"column\">\n\t\t\t<div class=\"elementor-widget-wrap elementor-element-populated\">\n\t\t\t\t\t\t<div class=\"elementor-element elementor-element-2cbed64 elementor-widget elementor-widget-menu-anchor\" data-id=\"2cbed64\" data-element_type=\"widget\" data-e-type=\"widget\" data-widget_type=\"menu-anchor.default\">\n\t\t\t\t<div class=\"elementor-widget-container\">\n\t\t\t\t\t\t\t<div class=\"elementor-menu-anchor\" id=\"retourhaut\"><\/div>\n\t\t\t\t\t\t<\/div>\n\t\t\t\t<\/div>\n\t\t\t\t\t<\/div>\n\t\t<\/div>\n\t\t\t\t\t<\/div>\n\t\t<\/section>\n\t\t\t\t<section class=\"elementor-section elementor-top-section elementor-element elementor-element-76f0db79 elementor-section-full_width elementor-section-height-default elementor-section-height-default\" data-id=\"76f0db79\" data-element_type=\"section\" data-e-type=\"section\" data-settings=\"{&quot;background_background&quot;:&quot;classic&quot;}\">\n\t\t\t\t\t\t<div class=\"elementor-container elementor-column-gap-no\">\n\t\t\t\t\t<div class=\"elementor-column elementor-col-100 elementor-top-column elementor-element elementor-element-458ff150\" data-id=\"458ff150\" data-element_type=\"column\" data-e-type=\"column\">\n\t\t\t<div class=\"elementor-widget-wrap elementor-element-populated\">\n\t\t\t\t\t\t<div class=\"elementor-element elementor-element-499f62f8 elementor-widget elementor-widget-heading\" data-id=\"499f62f8\" data-element_type=\"widget\" data-e-type=\"widget\" data-widget_type=\"heading.default\">\n\t\t\t\t<div class=\"elementor-widget-container\">\n\t\t\t\t\t<h1 class=\"elementor-heading-title elementor-size-default\">DALLES<br>EXT\u00c9RIEURES 20MM<\/h1>\t\t\t\t<\/div>\n\t\t\t\t<\/div>\n\t\t\t\t<div class=\"elementor-element elementor-element-18199bac elementor-headline--style-rotate elementor-widget elementor-widget-animated-headline\" data-id=\"18199bac\" data-element_type=\"widget\" data-e-type=\"widget\" data-settings=\"{&quot;headline_style&quot;:&quot;rotate&quot;,&quot;animation_type&quot;:&quot;swirl&quot;,&quot;rotating_text&quot;:&quot;Pose_sur_plot, sable, herbe, gravier, coll\\u00e9...\\nTerrasse, all\\u00e9e_de_garage, tour_de_piscine...\\n&quot;,&quot;loop&quot;:&quot;yes&quot;,&quot;rotate_iteration_delay&quot;:2500}\" data-widget_type=\"animated-headline.default\">\n\t\t\t\t<div class=\"elementor-widget-container\">\n\t\t\t\t\t\t\t<h2 class=\"elementor-headline elementor-headline-animation-type-swirl elementor-headline-letters\">\n\t\t\t\t\t<span class=\"elementor-headline-plain-text elementor-headline-text-wrapper\">Dalles antid\u00e9rapantes :<\/span>\n\t\t\t\t<span class=\"elementor-headline-dynamic-wrapper elementor-headline-text-wrapper\">\n\t\t\t\t\t<span class=\"elementor-headline-dynamic-text elementor-headline-text-active\">\n\t\t\t\tPose_sur_plot,&nbsp;sable,&nbsp;herbe,&nbsp;gravier,&nbsp;coll\u00e9...\t\t\t<\/span>\n\t\t\t\t\t<span class=\"elementor-headline-dynamic-text\">\n\t\t\t\tTerrasse,&nbsp;all\u00e9e_de_garage,&nbsp;tour_de_piscine...\t\t\t<\/span>\n\t\t\t\t\t<span class=\"elementor-headline-dynamic-text\">\n\t\t\t\t\t\t\t<\/span>\n\t\t\t\t\t\t<\/span>\n\t\t\t\t<\/h2>\n\t\t\t\t\t\t<\/div>\n\t\t\t\t<\/div>\n\t\t\t\t\t<\/div>\n\t\t<\/div>\n\t\t\t\t\t<\/div>\n\t\t<\/section>\n\t\t\t\t<section class=\"elementor-section elementor-top-section elementor-element elementor-element-2edba842 elementor-section-full_width elementor-section-height-default elementor-section-height-default\" data-id=\"2edba842\" data-element_type=\"section\" data-e-type=\"section\" data-settings=\"{&quot;background_background&quot;:&quot;classic&quot;}\">\n\t\t\t\t\t\t<div class=\"elementor-container elementor-column-gap-default\">\n\t\t\t\t\t<div class=\"elementor-column elementor-col-100 elementor-top-column elementor-element elementor-element-4c15d4aa\" data-id=\"4c15d4aa\" data-element_type=\"column\" data-e-type=\"column\">\n\t\t\t<div class=\"elementor-widget-wrap elementor-element-populated\">\n\t\t\t\t\t\t<div class=\"elementor-element elementor-element-6386f2fc elementor-widget elementor-widget-text-editor\" data-id=\"6386f2fc\" data-element_type=\"widget\" data-e-type=\"widget\" data-widget_type=\"text-editor.default\">\n\t\t\t\t<div class=\"elementor-widget-container\">\n\t\t\t\t\t\t\t\t\t<p>R\u00e9sistance aux t\u00e2ches | R\u00e9sistance aux acides | R\u00e9sistance au gel | R\u00e9sistance aux charges lourdes | Versatile et simple \u00e0 poser | Antid\u00e9rapant<\/p><p style=\"text-align: center;\">Les rev\u00eatements de\u00a0<strong>sols<\/strong>\u00a0<b>antid\u00e9rapants<\/b>\u00a0<span style=\"font-weight: bold;\">gr\u00e8s c\u00e9rame<\/span><span style=\"font-weight: bold;\">\u00a0<\/span>en <b>dalles<\/b> <b>20mm<\/b> sont la parfaite combinaison entre recherche \u00e9lev\u00e9e de l\u2019esth\u00e9tique et du\u00a0<strong>design<\/strong>\u00a0associ\u00e9e \u00e0 la <b>robustesse<\/b> de nos mat\u00e9riaux c\u00e9ramiques issus des technologies \u00e0 la pointe dans le monde du\u00a0<strong>carrelage.<\/strong>\u00a0Retrouvez les caract\u00e9ristiques techniques, classification\u00a0<a style=\"font-weight: bold; background-color: #ffffff;\" href=\"https:\/\/evaluation.cstb.fr\/fr\/certifications-produits-services\/\" target=\"_blank\" rel=\"noopener\">QB UPEC F+<\/a>\u00a0et guide de pose pour nos collections &#8211; Pose sur sable, herbe, gravier, sur plots ou en pose coll\u00e9e sur chape.<\/p><p style=\"text-align: center;\">La grande vari\u00e9t\u00e9 de notre gamme de dalles ext\u00e9rieures 2 cm permet de vous proposer une multitude de s\u00e9ries, se d\u00e9clinant chacune dans divers formats : effet plancher bois brut ou pose en chevrons, aspect pierre naturelle, sol contemporain, effet m\u00e9tal, aspect b\u00e9ton brut, etc.<\/p><p style=\"text-align: center;\">Toutes les collections pr\u00e9sent\u00e9es ci-dessous conviennent parfaitement en dalles pour tour de piscine ou terrasse.<\/p>\t\t\t\t\t\t\t\t<\/div>\n\t\t\t\t<\/div>\n\t\t\t\t<div class=\"elementor-element elementor-element-1c0cb35d elementor-widget elementor-widget-spacer\" data-id=\"1c0cb35d\" data-element_type=\"widget\" data-e-type=\"widget\" data-widget_type=\"spacer.default\">\n\t\t\t\t<div class=\"elementor-widget-container\">\n\t\t\t\t\t\t\t<div class=\"elementor-spacer\">\n\t\t\t<div class=\"elementor-spacer-inner\"><\/div>\n\t\t<\/div>\n\t\t\t\t\t\t<\/div>\n\t\t\t\t<\/div>\n\t\t\t\t<section class=\"elementor-section elementor-inner-section elementor-element elementor-element-77a268f7 elementor-section-boxed elementor-section-height-default elementor-section-height-default\" data-id=\"77a268f7\" data-element_type=\"section\" data-e-type=\"section\" data-settings=\"{&quot;background_background&quot;:&quot;classic&quot;}\">\n\t\t\t\t\t\t<div class=\"elementor-container elementor-column-gap-default\">\n\t\t\t\t\t<div class=\"elementor-column elementor-col-50 elementor-inner-column elementor-element elementor-element-700cd692\" data-id=\"700cd692\" data-element_type=\"column\" data-e-type=\"column\" data-settings=\"{&quot;background_background&quot;:&quot;classic&quot;}\">\n\t\t\t<div class=\"elementor-widget-wrap elementor-element-populated\">\n\t\t\t\t\t\t<div class=\"elementor-element elementor-element-7434c3d6 elementor-widget elementor-widget-text-editor\" data-id=\"7434c3d6\" data-element_type=\"widget\" data-e-type=\"widget\" data-widget_type=\"text-editor.default\">\n\t\t\t\t<div class=\"elementor-widget-container\">\n\t\t\t\t\t\t\t\t\t<p style=\"text-align: center;\"><a href=\"#presentation\">D\u00e9couvrir les collections<\/a><\/p>\t\t\t\t\t\t\t\t<\/div>\n\t\t\t\t<\/div>\n\t\t\t\t\t<\/div>\n\t\t<\/div>\n\t\t\t\t<div class=\"elementor-column elementor-col-50 elementor-inner-column elementor-element elementor-element-4b0b4486\" data-id=\"4b0b4486\" data-element_type=\"column\" data-e-type=\"column\" data-settings=\"{&quot;background_background&quot;:&quot;classic&quot;}\">\n\t\t\t<div class=\"elementor-widget-wrap elementor-element-populated\">\n\t\t\t\t\t\t<div class=\"elementor-element elementor-element-547264d3 elementor-widget elementor-widget-text-editor\" data-id=\"547264d3\" data-element_type=\"widget\" data-e-type=\"widget\" data-widget_type=\"text-editor.default\">\n\t\t\t\t<div class=\"elementor-widget-container\">\n\t\t\t\t\t\t\t\t\t<p style=\"text-align: center;\"><a href=\"#format\">Types de poses<\/a><\/p>\t\t\t\t\t\t\t\t<\/div>\n\t\t\t\t<\/div>\n\t\t\t\t\t<\/div>\n\t\t<\/div>\n\t\t\t\t\t<\/div>\n\t\t<\/section>\n\t\t\t\t\t<\/div>\n\t\t<\/div>\n\t\t\t\t\t<\/div>\n\t\t<\/section>\n\t\t\t\t<section class=\"elementor-section elementor-top-section elementor-element elementor-element-606a0eb5 elementor-section-full_width elementor-section-height-default elementor-section-height-default\" data-id=\"606a0eb5\" data-element_type=\"section\" data-e-type=\"section\" data-settings=\"{&quot;background_background&quot;:&quot;classic&quot;}\">\n\t\t\t\t\t\t<div class=\"elementor-container elementor-column-gap-default\">\n\t\t\t\t\t<div class=\"elementor-column elementor-col-100 elementor-top-column elementor-element elementor-element-275bf5f0\" data-id=\"275bf5f0\" data-element_type=\"column\" data-e-type=\"column\">\n\t\t\t<div class=\"elementor-widget-wrap elementor-element-populated\">\n\t\t\t\t\t\t<div class=\"elementor-element elementor-element-7fcd42d2 elementor-widget elementor-widget-menu-anchor\" data-id=\"7fcd42d2\" data-element_type=\"widget\" data-e-type=\"widget\" data-widget_type=\"menu-anchor.default\">\n\t\t\t\t<div class=\"elementor-widget-container\">\n\t\t\t\t\t\t\t<div class=\"elementor-menu-anchor\" id=\"presentation\"><\/div>\n\t\t\t\t\t\t<\/div>\n\t\t\t\t<\/div>\n\t\t\t\t<div class=\"elementor-element elementor-element-39a322ae elementor-widget elementor-widget-heading\" data-id=\"39a322ae\" data-element_type=\"widget\" data-e-type=\"widget\" data-widget_type=\"heading.default\">\n\t\t\t\t<div class=\"elementor-widget-container\">\n\t\t\t\t\t<h3 class=\"elementor-heading-title elementor-size-default\">D\u00e9couvrir les collections<\/h3>\t\t\t\t<\/div>\n\t\t\t\t<\/div>\n\t\t\t\t\t<\/div>\n\t\t<\/div>\n\t\t\t\t\t<\/div>\n\t\t<\/section>\n\t\t\t\t<section class=\"elementor-section elementor-top-section elementor-element elementor-element-4604bf10 elementor-section-full_width elementor-section-height-default elementor-section-height-default elementor-invisible\" data-id=\"4604bf10\" data-element_type=\"section\" data-e-type=\"section\" data-settings=\"{&quot;animation&quot;:&quot;fadeIn&quot;}\">\n\t\t\t\t\t\t<div class=\"elementor-container elementor-column-gap-default\">\n\t\t\t\t\t<div class=\"elementor-column elementor-col-33 elementor-top-column elementor-element elementor-element-10809448\" data-id=\"10809448\" data-element_type=\"column\" data-e-type=\"column\" data-settings=\"{&quot;background_background&quot;:&quot;classic&quot;}\">\n\t\t\t<div class=\"elementor-widget-wrap elementor-element-populated\">\n\t\t\t\t\t\t<div class=\"elementor-element elementor-element-57c2e256 elementor-widget elementor-widget-image\" data-id=\"57c2e256\" data-element_type=\"widget\" data-e-type=\"widget\" data-widget_type=\"image.default\">\n\t\t\t\t<div class=\"elementor-widget-container\">\n\t\t\t\t\t\t\t\t\t\t\t\t\t\t\t\t<a href=\"https:\/\/www.portovenere.fr\/fr-fr\/carrelage-sol-et-mur-en-gres-cerame-et-faience\/carrelage-aspect-pierre\/carrelage-exterieur-et-interieur-effet-pierre-aldapietra\/\">\n\t\t\t\t\t\t\t<img decoding=\"async\" src=\"https:\/\/www.portovenere.fr\/fr-fr\/wp-content\/uploads\/elementor\/thumbs\/Carrelage-terrasse-piscine-effet-pierre-naturelle-ALDAPIETRA-Trani-60x90-cm-en-dalles-exterieures-antiderapantes-20-mm-magasin-Porto_Venere_pres-de-Saint-Aunes-34-revvcnzxlniqm1hq3gzmt57vrkrpw9ollhpynvncd8.jpg\" title=\"Carrelage-terrasse-piscine-effet-pierre-naturelle-ALDAPIETRA-Trani-60&#215;90-cm-en-dalles-ext\u00e9rieures-antid\u00e9rapantes-20-mm-magasin-Porto_Venere_pr\u00e8s-de-Saint-Aun\u00e8s-34\" alt=\"Carrelage terrasse et tour de piscine aspect pierre naturelle claire Aldapietra Trani magasin Porto venere \u00e0 Montpellier Occitanie\" loading=\"lazy\" \/>\t\t\t\t\t\t\t\t<\/a>\n\t\t\t\t\t\t\t\t\t\t\t\t\t\t\t<\/div>\n\t\t\t\t<\/div>\n\t\t\t\t<div class=\"elementor-element elementor-element-c13ca41 elementor-widget elementor-widget-heading\" data-id=\"c13ca41\" data-element_type=\"widget\" data-e-type=\"widget\" data-widget_type=\"heading.default\">\n\t\t\t\t<div class=\"elementor-widget-container\">\n\t\t\t\t\t<h3 class=\"elementor-heading-title elementor-size-default\"><a href=\"https:\/\/www.portovenere.fr\/fr-fr\/carrelage-sol-et-mur-en-gres-cerame-et-faience\/carrelage-aspect-pierre\/carrelage-exterieur-et-interieur-effet-pierre-aldapietra\/\">ALDAPIETRA | 3 coloris<\/a><\/h3>\t\t\t\t<\/div>\n\t\t\t\t<\/div>\n\t\t\t\t<div class=\"elementor-element elementor-element-5e0c0682 elementor-widget__width-initial elementor-widget elementor-widget-gallery\" data-id=\"5e0c0682\" data-element_type=\"widget\" data-e-type=\"widget\" data-settings=\"{&quot;gap&quot;:{&quot;unit&quot;:&quot;px&quot;,&quot;size&quot;:3,&quot;sizes&quot;:[]},&quot;columns_mobile&quot;:3,&quot;gap_mobile&quot;:{&quot;unit&quot;:&quot;px&quot;,&quot;size&quot;:6,&quot;sizes&quot;:[]},&quot;columns&quot;:5,&quot;columns_tablet&quot;:3,&quot;gap_tablet&quot;:{&quot;unit&quot;:&quot;px&quot;,&quot;size&quot;:5,&quot;sizes&quot;:[]},&quot;lazyload&quot;:&quot;yes&quot;,&quot;gallery_layout&quot;:&quot;grid&quot;,&quot;aspect_ratio&quot;:&quot;3:2&quot;,&quot;overlay_background&quot;:&quot;yes&quot;,&quot;content_hover_animation&quot;:&quot;fade-in&quot;}\" data-widget_type=\"gallery.default\">\n\t\t\t\t<div class=\"elementor-widget-container\">\n\t\t\t\t\t\t\t<div class=\"elementor-gallery__container\">\n\t\t\t\t\t\t\t<div class=\"e-gallery-item elementor-gallery-item elementor-animated-content\">\n\t\t\t\t\t<div class=\"e-gallery-image elementor-gallery-item__image\" data-thumbnail=\"https:\/\/www.portovenere.fr\/fr-fr\/wp-content\/uploads\/2025\/11\/Carrelage-effet-pierre-naturelle-exterieur-interieur-pour-sols-et-murs-ALDAPIETRA-Trani-magasin-Porto_Venere_pres-de-Saint-Jean-de-vedas-34-150x150.jpg\" data-width=\"150\" data-height=\"150\" aria-label=\"\" role=\"img\" ><\/div>\n\t\t\t\t\t\t\t\t\t\t\t<div class=\"elementor-gallery-item__overlay\"><\/div>\n\t\t\t\t\t\t\t\t\t\t\t\t\t\t<\/div>\n\t\t\t\t\t\t\t<div class=\"e-gallery-item elementor-gallery-item elementor-animated-content\">\n\t\t\t\t\t<div class=\"e-gallery-image elementor-gallery-item__image\" data-thumbnail=\"https:\/\/www.portovenere.fr\/fr-fr\/wp-content\/uploads\/2025\/11\/Carrelage-effet-pierre-naturelle-exterieur-interieur-pour-sols-et-murs-ALDAPIETRA-Apulia-magasin-Porto_Venere_pres-de-Marseillan-34-150x150.jpg\" data-width=\"150\" data-height=\"150\" aria-label=\"Carrelage terrasse et sols et murs int\u00e9rieurs aspect pierre naturelle claire Aldapietra Trani magasin Porto venere \u00e0 Montpellier Occitanie\" role=\"img\" ><\/div>\n\t\t\t\t\t\t\t\t\t\t\t<div class=\"elementor-gallery-item__overlay\"><\/div>\n\t\t\t\t\t\t\t\t\t\t\t\t\t\t<\/div>\n\t\t\t\t\t\t\t<div class=\"e-gallery-item elementor-gallery-item elementor-animated-content\">\n\t\t\t\t\t<div class=\"e-gallery-image elementor-gallery-item__image\" data-thumbnail=\"https:\/\/www.portovenere.fr\/fr-fr\/wp-content\/uploads\/2025\/11\/Carrelage-effet-pierre-naturelle-exterieur-interieur-pour-sols-et-murs-ALDAPIETRA-Chianca-magasin-Porto_Venere_pres-de-Saint-Clement-de-Riviere-34-150x150.jpg\" data-width=\"150\" data-height=\"150\" aria-label=\"Carrelage terrasse et sols et murs int\u00e9rieurs aspect pierre naturelle claire Aldapietra Trani magasin Porto venere \u00e0 Montpellier Occitanie\" role=\"img\" ><\/div>\n\t\t\t\t\t\t\t\t\t\t\t<div class=\"elementor-gallery-item__overlay\"><\/div>\n\t\t\t\t\t\t\t\t\t\t\t\t\t\t<\/div>\n\t\t\t\t\t<\/div>\n\t\t\t\t\t<\/div>\n\t\t\t\t<\/div>\n\t\t\t\t<div class=\"elementor-element elementor-element-11d8bc6f elementor-widget elementor-widget-text-editor\" data-id=\"11d8bc6f\" data-element_type=\"widget\" data-e-type=\"widget\" data-widget_type=\"text-editor.default\">\n\t\t\t\t<div class=\"elementor-widget-container\">\n\t\t\t\t\t\t\t\t\t<p>La collection <strong>ALDAPIETRA<\/strong> de Portovenere r\u00e9invente la pierre des Pouilles pour vos am\u00e9nagements <b>int\u00e9rieurs et ext\u00e9rieurs<\/b>.\u00a0<\/p><p>Ses surfaces <b>naturelles non rectifi\u00e9es<\/b> offrent un rendu authentique, d\u00e9clin\u00e9 en<b> trois coloris<\/b> : <strong>Trani<\/strong>, <strong>Chianca<\/strong> et <strong>Apulia pour <\/strong><b>sols et murs.<\/b><\/p><p>Disponible en<b> formats 20&#215;20, 20&#215;40, 40&#215;40, 40&#215;60.8, 60.8&#215;60.8 et 60.8&#215;90 cm<\/b>, ALDAPIETRA propose des<b> finitions naturelle, lappato et antid\u00e9rapante<\/b>, y compris en<b> dalles 20 mm pour l\u2019ext\u00e9rieur.<\/b>\u00a0<\/p><p>Cette collection permet une<b> pose traditionnelle ou en opus<\/b>, id\u00e9ale pour cr\u00e9er une continuit\u00e9 \u00e9l\u00e9gante et durable entre l\u2019int\u00e9rieur et la terrasse.<\/p>\t\t\t\t\t\t\t\t<\/div>\n\t\t\t\t<\/div>\n\t\t\t\t<div class=\"elementor-element elementor-element-5cefcaa3 elementor-mobile-align-center elementor-widget elementor-widget-button\" data-id=\"5cefcaa3\" data-element_type=\"widget\" data-e-type=\"widget\" data-widget_type=\"button.default\">\n\t\t\t\t<div class=\"elementor-widget-container\">\n\t\t\t\t\t\t\t\t\t<div class=\"elementor-button-wrapper\">\n\t\t\t\t\t<a class=\"elementor-button elementor-button-link elementor-size-sm\" href=\"https:\/\/www.portovenere.fr\/fr-fr\/carrelage-sol-et-mur-en-gres-cerame-et-faience\/carrelage-aspect-pierre\/carrelage-exterieur-et-interieur-effet-pierre-aldapietra\/\">\n\t\t\t\t\t\t<span class=\"elementor-button-content-wrapper\">\n\t\t\t\t\t\t\t\t\t<span class=\"elementor-button-text\">VOIR LA COLLECTION<\/span>\n\t\t\t\t\t<\/span>\n\t\t\t\t\t<\/a>\n\t\t\t\t<\/div>\n\t\t\t\t\t\t\t\t<\/div>\n\t\t\t\t<\/div>\n\t\t\t\t\t<\/div>\n\t\t<\/div>\n\t\t\t\t<div class=\"elementor-column elementor-col-33 elementor-top-column elementor-element elementor-element-fb0b234\" data-id=\"fb0b234\" data-element_type=\"column\" data-e-type=\"column\" data-settings=\"{&quot;background_background&quot;:&quot;classic&quot;}\">\n\t\t\t<div class=\"elementor-widget-wrap elementor-element-populated\">\n\t\t\t\t\t\t<div class=\"elementor-element elementor-element-685dfcad elementor-widget elementor-widget-image\" data-id=\"685dfcad\" data-element_type=\"widget\" data-e-type=\"widget\" data-widget_type=\"image.default\">\n\t\t\t\t<div class=\"elementor-widget-container\">\n\t\t\t\t\t\t\t\t\t\t\t\t\t\t\t\t<a href=\"https:\/\/www.portovenere.fr\/fr-fr\/carrelage-sol-et-mur-en-gres-cerame-et-faience\/carrelage-aspect-pierre\/carrelage-imitation-ardoise-elios\/\">\n\t\t\t\t\t\t\t<img decoding=\"async\" src=\"https:\/\/www.portovenere.fr\/fr-fr\/wp-content\/uploads\/elementor\/thumbs\/Carrelage-effet-ardoise-pierre-naturelle-en-gres-cerame-ELIOS-astra-clair-60x120-antiderapant-tour-de-piscine-proche-Lattes-34-r8ifmdvd8xr572rod8f2avetnyss4q596sj93i4onc.jpg\" title=\"Carrelage effet ardoise pierre naturelle en gr\u00e8s c\u00e9rame ELIOS astra clair 60&#215;120 antid\u00e9rapant tour de piscine proche Lattes 34\" alt=\"Coloris Astra 60x120 cm antid\u00e9rapant\" loading=\"lazy\" \/>\t\t\t\t\t\t\t\t<\/a>\n\t\t\t\t\t\t\t\t\t\t\t\t\t\t\t<\/div>\n\t\t\t\t<\/div>\n\t\t\t\t<div class=\"elementor-element elementor-element-64f700f elementor-widget elementor-widget-heading\" data-id=\"64f700f\" data-element_type=\"widget\" data-e-type=\"widget\" data-widget_type=\"heading.default\">\n\t\t\t\t<div class=\"elementor-widget-container\">\n\t\t\t\t\t<h3 class=\"elementor-heading-title elementor-size-default\"><a href=\"https:\/\/www.portovenere.fr\/fr-fr\/carrelage-sol-et-mur-en-gres-cerame-et-faience\/carrelage-aspect-pierre\/carrelage-imitation-ardoise-elios\/\">ELIOS effet ardoise | 5 coloris<\/a><\/h3>\t\t\t\t<\/div>\n\t\t\t\t<\/div>\n\t\t\t\t<div class=\"elementor-element elementor-element-33d8ef3f elementor-widget__width-initial elementor-widget elementor-widget-gallery\" data-id=\"33d8ef3f\" data-element_type=\"widget\" data-e-type=\"widget\" data-settings=\"{&quot;gap&quot;:{&quot;unit&quot;:&quot;px&quot;,&quot;size&quot;:3,&quot;sizes&quot;:[]},&quot;columns_mobile&quot;:3,&quot;gap_mobile&quot;:{&quot;unit&quot;:&quot;px&quot;,&quot;size&quot;:6,&quot;sizes&quot;:[]},&quot;columns&quot;:5,&quot;columns_tablet&quot;:3,&quot;gap_tablet&quot;:{&quot;unit&quot;:&quot;px&quot;,&quot;size&quot;:5,&quot;sizes&quot;:[]},&quot;lazyload&quot;:&quot;yes&quot;,&quot;gallery_layout&quot;:&quot;grid&quot;,&quot;aspect_ratio&quot;:&quot;3:2&quot;,&quot;overlay_background&quot;:&quot;yes&quot;,&quot;content_hover_animation&quot;:&quot;fade-in&quot;}\" data-widget_type=\"gallery.default\">\n\t\t\t\t<div class=\"elementor-widget-container\">\n\t\t\t\t\t\t\t<div class=\"elementor-gallery__container\">\n\t\t\t\t\t\t\t<div class=\"e-gallery-item elementor-gallery-item elementor-animated-content\">\n\t\t\t\t\t<div class=\"e-gallery-image elementor-gallery-item__image\" data-thumbnail=\"https:\/\/www.portovenere.fr\/fr-fr\/wp-content\/uploads\/2024\/10\/Carrelage-aspect-ardoise-interieur-exterieur-ELIOS-coloris-Crono-a-Motnpellier-34-150x150.jpg\" data-width=\"150\" data-height=\"150\" aria-label=\"\" role=\"img\" ><\/div>\n\t\t\t\t\t\t\t\t\t\t\t<div class=\"elementor-gallery-item__overlay\"><\/div>\n\t\t\t\t\t\t\t\t\t\t\t\t\t\t<\/div>\n\t\t\t\t\t\t\t<div class=\"e-gallery-item elementor-gallery-item elementor-animated-content\">\n\t\t\t\t\t<div class=\"e-gallery-image elementor-gallery-item__image\" data-thumbnail=\"https:\/\/www.portovenere.fr\/fr-fr\/wp-content\/uploads\/2024\/10\/Carrelage-aspect-ardoise-interieur-exterieur-ELIOS-coloris-Astra-pres-de-Sete-34-150x150.jpg\" data-width=\"150\" data-height=\"150\" aria-label=\"\" role=\"img\" ><\/div>\n\t\t\t\t\t\t\t\t\t\t\t<div class=\"elementor-gallery-item__overlay\"><\/div>\n\t\t\t\t\t\t\t\t\t\t\t\t\t\t<\/div>\n\t\t\t\t\t\t\t<div class=\"e-gallery-item elementor-gallery-item elementor-animated-content\">\n\t\t\t\t\t<div class=\"e-gallery-image elementor-gallery-item__image\" data-thumbnail=\"https:\/\/www.portovenere.fr\/fr-fr\/wp-content\/uploads\/2024\/10\/Carrelage-aspect-ardoise-interieur-exterieur-ELIOS-coloris-Litos-pres-de-Castelnau-le-lez-34-150x150.jpg\" data-width=\"150\" data-height=\"150\" aria-label=\"\" role=\"img\" ><\/div>\n\t\t\t\t\t\t\t\t\t\t\t<div class=\"elementor-gallery-item__overlay\"><\/div>\n\t\t\t\t\t\t\t\t\t\t\t\t\t\t<\/div>\n\t\t\t\t\t\t\t<div class=\"e-gallery-item elementor-gallery-item elementor-animated-content\">\n\t\t\t\t\t<div class=\"e-gallery-image elementor-gallery-item__image\" data-thumbnail=\"https:\/\/www.portovenere.fr\/fr-fr\/wp-content\/uploads\/2024\/10\/Carrelage-aspect-ardoise-interieur-exterieur-ELIOS-coloris-Geo-pres-de-Perols-34-150x150.jpg\" data-width=\"150\" data-height=\"150\" aria-label=\"\" role=\"img\" ><\/div>\n\t\t\t\t\t\t\t\t\t\t\t<div class=\"elementor-gallery-item__overlay\"><\/div>\n\t\t\t\t\t\t\t\t\t\t\t\t\t\t<\/div>\n\t\t\t\t\t\t\t<div class=\"e-gallery-item elementor-gallery-item elementor-animated-content\">\n\t\t\t\t\t<div class=\"e-gallery-image elementor-gallery-item__image\" data-thumbnail=\"https:\/\/www.portovenere.fr\/fr-fr\/wp-content\/uploads\/2024\/10\/Carrelage-aspect-ardoise-interieur-exterieur-ELIOS-coloris-Leucos-pres-de-Agde-34-150x150.jpg\" data-width=\"150\" data-height=\"150\" aria-label=\"\" role=\"img\" ><\/div>\n\t\t\t\t\t\t\t\t\t\t\t<div class=\"elementor-gallery-item__overlay\"><\/div>\n\t\t\t\t\t\t\t\t\t\t\t\t\t\t<\/div>\n\t\t\t\t\t<\/div>\n\t\t\t\t\t<\/div>\n\t\t\t\t<\/div>\n\t\t\t\t<div class=\"elementor-element elementor-element-4767d493 elementor-widget elementor-widget-text-editor\" data-id=\"4767d493\" data-element_type=\"widget\" data-e-type=\"widget\" data-widget_type=\"text-editor.default\">\n\t\t\t\t<div class=\"elementor-widget-container\">\n\t\t\t\t\t\t\t\t\t<p>La collection de carrelage en gr\u00e8s c\u00e9rame ELIOS reprend l\u2019aspect de l\u2019ardoise qu\u2019elle d\u00e9cline dans<b>\u00a05 teintes du clair<\/b>\u00a0(Leucos et Astra) au\u00a0<b>plus fonc\u00e9\u00a0<\/b>(Crono) en passant par du<b>\u00a0gris<\/b>\u00a0(Geo et Lithos).<\/p><p>Propos\u00e9 dans 4 formats (\u00e9paisseur 9mm) :\u00a0<b>60 x 120 cm, 90 x 90 cm, 60 x 60 cm et 30 x 60 cm,\u00a0<\/b>cette collection de gr\u00e8s c\u00e9rame est disponible en finition naturelle R10 A+B, en finition antid\u00e9rapante R11 A+B+C.<\/p><p>Des dalles antid\u00e9rapantes en 20 mm au format 60 x 120 cm et format 60 x 60 cm compl\u00e8tent cette collection effet pierre naturelle. Les dalles se posent sur plots, en pose coll\u00e9e double encollage, pose sur gazon, sable et gravier.\u00a0<\/p><p>R\u00e9alisez de merveilleux projets avec un carrelage int\u00e9rieur qui offre une continuit\u00e9 vers l\u2019ext\u00e9rieur.\u00a0<\/p><p>Ce carrelage se pose au sol et au mur.\u00a0<\/p>\t\t\t\t\t\t\t\t<\/div>\n\t\t\t\t<\/div>\n\t\t\t\t<div class=\"elementor-element elementor-element-7827e285 elementor-mobile-align-center elementor-align-left elementor-widget elementor-widget-button\" data-id=\"7827e285\" data-element_type=\"widget\" data-e-type=\"widget\" data-widget_type=\"button.default\">\n\t\t\t\t<div class=\"elementor-widget-container\">\n\t\t\t\t\t\t\t\t\t<div class=\"elementor-button-wrapper\">\n\t\t\t\t\t<a class=\"elementor-button elementor-button-link elementor-size-sm\" href=\"https:\/\/www.portovenere.fr\/fr-fr\/carrelage-sol-et-mur-en-gres-cerame-et-faience\/carrelage-aspect-pierre\/carrelage-imitation-ardoise-elios\/\">\n\t\t\t\t\t\t<span class=\"elementor-button-content-wrapper\">\n\t\t\t\t\t\t\t\t\t<span class=\"elementor-button-text\">Voir la collection<\/span>\n\t\t\t\t\t<\/span>\n\t\t\t\t\t<\/a>\n\t\t\t\t<\/div>\n\t\t\t\t\t\t\t\t<\/div>\n\t\t\t\t<\/div>\n\t\t\t\t\t<\/div>\n\t\t<\/div>\n\t\t\t\t<div class=\"elementor-column elementor-col-33 elementor-top-column elementor-element elementor-element-3e6e5d9a\" data-id=\"3e6e5d9a\" data-element_type=\"column\" data-e-type=\"column\" data-settings=\"{&quot;background_background&quot;:&quot;classic&quot;}\">\n\t\t\t<div class=\"elementor-widget-wrap elementor-element-populated\">\n\t\t\t\t\t\t<div class=\"elementor-element elementor-element-12f10f36 elementor-widget elementor-widget-image\" data-id=\"12f10f36\" data-element_type=\"widget\" data-e-type=\"widget\" data-widget_type=\"image.default\">\n\t\t\t\t<div class=\"elementor-widget-container\">\n\t\t\t\t\t\t\t\t\t\t\t\t\t\t\t\t<a href=\"https:\/\/www.portovenere.fr\/fr-fr\/carrelage-sol-et-mur-en-gres-cerame-et-faience\/carrelage-aspect-pierre\/carrelage-grand-format-effet-pierre-majorque\/\">\n\t\t\t\t\t\t\t<img decoding=\"async\" src=\"https:\/\/www.portovenere.fr\/fr-fr\/wp-content\/uploads\/elementor\/thumbs\/Dalles-antiderapantes-aspect-pierre-120x120-cm-en-gres-cerame-epaisseur-2-cm-MAJORQUE-Gris-Ancienne-R11-pour-terrasse-a-Montpellier-34-r8ig3glpr0rvoz3ebccrxq07eelq4t2m82dcbx90no.jpg\" title=\"Dalles-antid\u00e9rapantes-aspect-pierre-120&#215;120-cm-en-gr\u00e8s-c\u00e9rame-\u00e9paisseur-2-cm-MAJORQUE-Gris-Ancienne-R11-pour-terrasse-\u00e0-Montpellier-34\" alt=\"Gris Ancienne 20MM Naturale R11  120x120 cm\" loading=\"lazy\" \/>\t\t\t\t\t\t\t\t<\/a>\n\t\t\t\t\t\t\t\t\t\t\t\t\t\t\t<\/div>\n\t\t\t\t<\/div>\n\t\t\t\t<div class=\"elementor-element elementor-element-3c095846 elementor-widget elementor-widget-heading\" data-id=\"3c095846\" data-element_type=\"widget\" data-e-type=\"widget\" data-widget_type=\"heading.default\">\n\t\t\t\t<div class=\"elementor-widget-container\">\n\t\t\t\t\t<h3 class=\"elementor-heading-title elementor-size-default\"><a href=\"https:\/\/www.portovenere.fr\/fr-fr\/carrelage-sol-et-mur-en-gres-cerame-et-faience\/carrelage-aspect-pierre\/carrelage-grand-format-effet-pierre-majorque\/\">MAJORQUE | 5 coloris<\/a><\/h3>\t\t\t\t<\/div>\n\t\t\t\t<\/div>\n\t\t\t\t<div class=\"elementor-element elementor-element-5f0b1ca4 elementor-widget__width-initial elementor-widget elementor-widget-gallery\" data-id=\"5f0b1ca4\" data-element_type=\"widget\" data-e-type=\"widget\" data-settings=\"{&quot;gap&quot;:{&quot;unit&quot;:&quot;px&quot;,&quot;size&quot;:3,&quot;sizes&quot;:[]},&quot;columns_mobile&quot;:3,&quot;gap_mobile&quot;:{&quot;unit&quot;:&quot;px&quot;,&quot;size&quot;:6,&quot;sizes&quot;:[]},&quot;columns&quot;:5,&quot;columns_tablet&quot;:3,&quot;gap_tablet&quot;:{&quot;unit&quot;:&quot;px&quot;,&quot;size&quot;:5,&quot;sizes&quot;:[]},&quot;lazyload&quot;:&quot;yes&quot;,&quot;gallery_layout&quot;:&quot;grid&quot;,&quot;aspect_ratio&quot;:&quot;3:2&quot;,&quot;overlay_background&quot;:&quot;yes&quot;,&quot;content_hover_animation&quot;:&quot;fade-in&quot;}\" data-widget_type=\"gallery.default\">\n\t\t\t\t<div class=\"elementor-widget-container\">\n\t\t\t\t\t\t\t<div class=\"elementor-gallery__container\">\n\t\t\t\t\t\t\t<div class=\"e-gallery-item elementor-gallery-item elementor-animated-content\">\n\t\t\t\t\t<div class=\"e-gallery-image elementor-gallery-item__image\" data-thumbnail=\"https:\/\/www.portovenere.fr\/fr-fr\/wp-content\/uploads\/2025\/05\/Carrelege-effet-pierre-interieur-et-exterieur-petits-et-grands-formats-MAJORQUE-Naturel-Noble-magasin-proche-de-Castelnau-le-lez-34-150x150.jpg\" data-width=\"150\" data-height=\"150\" aria-label=\"\" role=\"img\" ><\/div>\n\t\t\t\t\t\t\t\t\t\t\t<div class=\"elementor-gallery-item__overlay\"><\/div>\n\t\t\t\t\t\t\t\t\t\t\t\t\t\t<\/div>\n\t\t\t\t\t\t\t<div class=\"e-gallery-item elementor-gallery-item elementor-animated-content\">\n\t\t\t\t\t<div class=\"e-gallery-image elementor-gallery-item__image\" data-thumbnail=\"https:\/\/www.portovenere.fr\/fr-fr\/wp-content\/uploads\/2025\/05\/Carrelege-effet-pierre-interieur-et-exterieur-petits-et-grands-formats-MAJORQUE-Naturel-Ancienne-magasin-proche-de-Bouzigues-34-150x150.jpg\" data-width=\"150\" data-height=\"150\" aria-label=\"\" role=\"img\" ><\/div>\n\t\t\t\t\t\t\t\t\t\t\t<div class=\"elementor-gallery-item__overlay\"><\/div>\n\t\t\t\t\t\t\t\t\t\t\t\t\t\t<\/div>\n\t\t\t\t\t\t\t<div class=\"e-gallery-item elementor-gallery-item elementor-animated-content\">\n\t\t\t\t\t<div class=\"e-gallery-image elementor-gallery-item__image\" data-thumbnail=\"https:\/\/www.portovenere.fr\/fr-fr\/wp-content\/uploads\/2025\/05\/Carrelege-effet-pierre-interieur-et-exterieur-petits-et-grands-formats-MAJORQUE-Gris-Noble-magasin-proche-de-Palavas-34-150x150.jpg\" data-width=\"150\" data-height=\"150\" aria-label=\"\" role=\"img\" ><\/div>\n\t\t\t\t\t\t\t\t\t\t\t<div class=\"elementor-gallery-item__overlay\"><\/div>\n\t\t\t\t\t\t\t\t\t\t\t\t\t\t<\/div>\n\t\t\t\t\t\t\t<div class=\"e-gallery-item elementor-gallery-item elementor-animated-content\">\n\t\t\t\t\t<div class=\"e-gallery-image elementor-gallery-item__image\" data-thumbnail=\"https:\/\/www.portovenere.fr\/fr-fr\/wp-content\/uploads\/2025\/05\/Carrelege-effet-pierre-interieur-et-exterieur-petits-et-grands-formats-MAJORQUE-Gris-Ancienne-magasin-proche-de-Meze-34-150x150.jpg\" data-width=\"150\" data-height=\"150\" aria-label=\"\" role=\"img\" ><\/div>\n\t\t\t\t\t\t\t\t\t\t\t<div class=\"elementor-gallery-item__overlay\"><\/div>\n\t\t\t\t\t\t\t\t\t\t\t\t\t\t<\/div>\n\t\t\t\t\t\t\t<div class=\"e-gallery-item elementor-gallery-item elementor-animated-content\">\n\t\t\t\t\t<div class=\"e-gallery-image elementor-gallery-item__image\" data-thumbnail=\"https:\/\/www.portovenere.fr\/fr-fr\/wp-content\/uploads\/2025\/05\/Carrelege-effet-pierre-interieur-et-exterieur-petits-et-grands-formats-MAJORQUE-Noir-Noble-magasin-proche-de-Clapiers-34-150x150.jpg\" data-width=\"150\" data-height=\"150\" aria-label=\"\" role=\"img\" ><\/div>\n\t\t\t\t\t\t\t\t\t\t\t<div class=\"elementor-gallery-item__overlay\"><\/div>\n\t\t\t\t\t\t\t\t\t\t\t\t\t\t<\/div>\n\t\t\t\t\t\t\t<div class=\"e-gallery-item elementor-gallery-item elementor-animated-content\">\n\t\t\t\t\t<div class=\"e-gallery-image elementor-gallery-item__image\" data-thumbnail=\"https:\/\/www.portovenere.fr\/fr-fr\/wp-content\/uploads\/2025\/05\/Carrelege-effet-pierre-interieur-et-exterieur-petits-et-grands-formats-MAJORQUE-Noir-Ancienne-magasin-proche-de-Gigean-34-150x150.jpg\" data-width=\"150\" data-height=\"150\" aria-label=\"\" role=\"img\" ><\/div>\n\t\t\t\t\t\t\t\t\t\t\t<div class=\"elementor-gallery-item__overlay\"><\/div>\n\t\t\t\t\t\t\t\t\t\t\t\t\t\t<\/div>\n\t\t\t\t\t\t\t<div class=\"e-gallery-item elementor-gallery-item elementor-animated-content\">\n\t\t\t\t\t<div class=\"e-gallery-image elementor-gallery-item__image\" data-thumbnail=\"https:\/\/www.portovenere.fr\/fr-fr\/wp-content\/uploads\/2025\/05\/Carrelege-effet-pierre-interieur-et-exterieur-petits-et-grands-formats-MAJORQUEBlanc-Noble-magasin-proche-de-Sete-34-150x150.jpg\" data-width=\"150\" data-height=\"150\" aria-label=\"\" role=\"img\" ><\/div>\n\t\t\t\t\t\t\t\t\t\t\t<div class=\"elementor-gallery-item__overlay\"><\/div>\n\t\t\t\t\t\t\t\t\t\t\t\t\t\t<\/div>\n\t\t\t\t\t\t\t<div class=\"e-gallery-item elementor-gallery-item elementor-animated-content\">\n\t\t\t\t\t<div class=\"e-gallery-image elementor-gallery-item__image\" data-thumbnail=\"https:\/\/www.portovenere.fr\/fr-fr\/wp-content\/uploads\/2025\/05\/Carrelege-effet-pierre-interieur-et-exterieur-petits-et-grands-formats-MAJORQUE-Blanc-Ancienne-magasin-proche-de-Agde-34-150x150.jpg\" data-width=\"150\" data-height=\"150\" aria-label=\"\" role=\"img\" ><\/div>\n\t\t\t\t\t\t\t\t\t\t\t<div class=\"elementor-gallery-item__overlay\"><\/div>\n\t\t\t\t\t\t\t\t\t\t\t\t\t\t<\/div>\n\t\t\t\t\t\t\t<div class=\"e-gallery-item elementor-gallery-item elementor-animated-content\">\n\t\t\t\t\t<div class=\"e-gallery-image elementor-gallery-item__image\" data-thumbnail=\"https:\/\/www.portovenere.fr\/fr-fr\/wp-content\/uploads\/2025\/05\/Carrelege-effet-pierre-interieur-et-exterieur-petits-et-grands-formats-sol-mur-MAJORQUE-Beige-Noble-magasin-proche-de-Castries-34-150x150.jpg\" data-width=\"150\" data-height=\"150\" aria-label=\"\" role=\"img\" ><\/div>\n\t\t\t\t\t\t\t\t\t\t\t<div class=\"elementor-gallery-item__overlay\"><\/div>\n\t\t\t\t\t\t\t\t\t\t\t\t\t\t<\/div>\n\t\t\t\t\t\t\t<div class=\"e-gallery-item elementor-gallery-item elementor-animated-content\">\n\t\t\t\t\t<div class=\"e-gallery-image elementor-gallery-item__image\" data-thumbnail=\"https:\/\/www.portovenere.fr\/fr-fr\/wp-content\/uploads\/2025\/05\/Carrelege-effet-pierre-interieur-et-exterieur-petits-et-grands-formats-sol-mur-MAJORQUE-Beige-Ancienne-magasin-proche-de-Mauguio-34-150x150.jpg\" data-width=\"150\" data-height=\"150\" aria-label=\"\" role=\"img\" ><\/div>\n\t\t\t\t\t\t\t\t\t\t\t<div class=\"elementor-gallery-item__overlay\"><\/div>\n\t\t\t\t\t\t\t\t\t\t\t\t\t\t<\/div>\n\t\t\t\t\t\t\t<div class=\"e-gallery-item elementor-gallery-item elementor-animated-content\">\n\t\t\t\t\t<div class=\"e-gallery-image elementor-gallery-item__image\" data-thumbnail=\"https:\/\/www.portovenere.fr\/fr-fr\/wp-content\/uploads\/2025\/05\/Carrelege-effet-pierre-relief-ligne-60x120-cm-MAJORQUE-Noir-R10-magasin-Porto-Venere-proche-de-Vendargues-34-150x150.jpg\" data-width=\"150\" data-height=\"150\" aria-label=\"\" role=\"img\" ><\/div>\n\t\t\t\t\t\t\t\t\t\t\t<div class=\"elementor-gallery-item__overlay\"><\/div>\n\t\t\t\t\t\t\t\t\t\t\t\t\t\t<\/div>\n\t\t\t\t\t\t\t<div class=\"e-gallery-item elementor-gallery-item elementor-animated-content\">\n\t\t\t\t\t<div class=\"e-gallery-image elementor-gallery-item__image\" data-thumbnail=\"https:\/\/www.portovenere.fr\/fr-fr\/wp-content\/uploads\/2025\/05\/Carrelege-effet-pierre-relief-ligne-60x120-cm-MAJORQUE-Beige-credence-salle-de-bain-magasin-Porto-Venere-proche-de-La-Grande-Motte-34-150x150.jpg\" data-width=\"150\" data-height=\"150\" aria-label=\"\" role=\"img\" ><\/div>\n\t\t\t\t\t\t\t\t\t\t\t<div class=\"elementor-gallery-item__overlay\"><\/div>\n\t\t\t\t\t\t\t\t\t\t\t\t\t\t<\/div>\n\t\t\t\t\t\t\t<div class=\"e-gallery-item elementor-gallery-item elementor-animated-content\">\n\t\t\t\t\t<div class=\"e-gallery-image elementor-gallery-item__image\" data-thumbnail=\"https:\/\/www.portovenere.fr\/fr-fr\/wp-content\/uploads\/2025\/05\/Carrelege-effet-pierre-relief-ligne-60x120-cm-MAJORQUE-Naturel-R10-magasin-Porto-Venere-proche-de-Quissac-30-150x150.jpg\" data-width=\"150\" data-height=\"150\" aria-label=\"\" role=\"img\" ><\/div>\n\t\t\t\t\t\t\t\t\t\t\t<div class=\"elementor-gallery-item__overlay\"><\/div>\n\t\t\t\t\t\t\t\t\t\t\t\t\t\t<\/div>\n\t\t\t\t\t\t\t<div class=\"e-gallery-item elementor-gallery-item elementor-animated-content\">\n\t\t\t\t\t<div class=\"e-gallery-image elementor-gallery-item__image\" data-thumbnail=\"https:\/\/www.portovenere.fr\/fr-fr\/wp-content\/uploads\/2025\/05\/Carrelege-effet-pierre-relief-ligne-60x120-cm-MAJORQUE-Gris-R10-magasin-Porto-Venere-proche-de-Frontignan-34-150x150.jpg\" data-width=\"150\" data-height=\"150\" aria-label=\"\" role=\"img\" ><\/div>\n\t\t\t\t\t\t\t\t\t\t\t<div class=\"elementor-gallery-item__overlay\"><\/div>\n\t\t\t\t\t\t\t\t\t\t\t\t\t\t<\/div>\n\t\t\t\t\t\t\t<div class=\"e-gallery-item elementor-gallery-item elementor-animated-content\">\n\t\t\t\t\t<div class=\"e-gallery-image elementor-gallery-item__image\" data-thumbnail=\"https:\/\/www.portovenere.fr\/fr-fr\/wp-content\/uploads\/2025\/05\/Carrelege-effet-pierre-relief-ligne-60x120-cm-MAJORQUE-Blanc-credence-salle-de-bain-magasin-Porto-Venere-proche-de-Mauguio-34-150x150.jpg\" data-width=\"150\" data-height=\"150\" aria-label=\"\" role=\"img\" ><\/div>\n\t\t\t\t\t\t\t\t\t\t\t<div class=\"elementor-gallery-item__overlay\"><\/div>\n\t\t\t\t\t\t\t\t\t\t\t\t\t\t<\/div>\n\t\t\t\t\t<\/div>\n\t\t\t\t\t<\/div>\n\t\t\t\t<\/div>\n\t\t\t\t<div class=\"elementor-element elementor-element-324d654d elementor-widget__width-initial elementor-widget elementor-widget-text-editor\" data-id=\"324d654d\" data-element_type=\"widget\" data-e-type=\"widget\" data-widget_type=\"text-editor.default\">\n\t\t\t\t<div class=\"elementor-widget-container\">\n\t\t\t\t\t\t\t\t\t<p>D\u00e9couvrez Majorque, notre collection de carrelage petits et grands formats effet pierre.\u00a0<\/p><p>Ce carrelage gr\u00e8s c\u00e9rame est propos\u00e9 dans 5 coloris :\u00a0<b>Blanc, beige, naturel, gris et noir \u2013\u00a0<\/b>D\u00e9clin\u00e9 dans de nombreux formats des plus petits au plus g\u00e9n\u00e9reux :\u00a0<b>20\u00d720 et 20\u00d730 cm en bords non rectifi\u00e9s en Opus<\/b>, <b>ou aux bords droits<\/b>\u00a0<b>30\u00d760 cm, 60\u00d760<\/b>\u00a0cm<b>, 80\u00d780<\/b>\u00a0cm<b>, 60\u00d7120<\/b>\u00a0cm<b>\u00a0et 120\u00d7120 cm<\/b>\u00a0sans oublier le maxi\u00a0<b>format XXL 120\u00d7278 cm en fine \u00e9paisseur 6.5mm<\/b>. Finition \u00ab\u00a0Naturale\u00a0\u00bb ou Technica (antid\u00e9rapante).<\/p><p>Des<b>\u00a0dalles antid\u00e9rapantes de 2 cm d\u2019\u00e9paisseur en formats 80\u00d780 cm et 120\u00d7120 cm<\/b>\u00a0compl\u00e8tent cette collection de carrelage aspect pierre naturelle afin d\u2019assurer une continuit\u00e9 des espaces int\u00e9rieurs vers l\u2019ext\u00e9rieur.\u00a0<\/p><p>3 styles disponibles pour s\u2019adapter \u00e0 vos diff\u00e9rents projets de r\u00e9novation ou construction :\u00a0<\/p><p><strong>S<\/strong><b>tyle Noble :<\/b>\u00a0pierre moins nuanc\u00e9es,\u00a0<\/p><p><b>Style Ancienne<\/b>\u00a0: de belles nuances pour un style encore plus authentique<\/p><p><b>Style \u00ab\u00a0ligne<\/b>\u00a0<strong>\u00bb<\/strong>\u00a0: d\u00e9cor mural qui reprend un effet travaill\u00e9 en lignes.<\/p><p>Des mosaiques, plinthes et autres marches viennent compl\u00e9ter cette riche collection de carrelage de qualit\u00e9, id\u00e9ale pour une salle de bain, une cuisine, un s\u00e9jour ou une terrasse.<\/p>\t\t\t\t\t\t\t\t<\/div>\n\t\t\t\t<\/div>\n\t\t\t\t<div class=\"elementor-element elementor-element-5feadf1a elementor-mobile-align-center elementor-widget elementor-widget-button\" data-id=\"5feadf1a\" data-element_type=\"widget\" data-e-type=\"widget\" data-widget_type=\"button.default\">\n\t\t\t\t<div class=\"elementor-widget-container\">\n\t\t\t\t\t\t\t\t\t<div class=\"elementor-button-wrapper\">\n\t\t\t\t\t<a class=\"elementor-button elementor-button-link elementor-size-sm\" href=\"https:\/\/www.portovenere.fr\/fr-fr\/carrelage-sol-et-mur-en-gres-cerame-et-faience\/carrelage-aspect-pierre\/carrelage-grand-format-effet-pierre-majorque\/\">\n\t\t\t\t\t\t<span class=\"elementor-button-content-wrapper\">\n\t\t\t\t\t\t\t\t\t<span class=\"elementor-button-text\">VOIR LA COLLECTION<\/span>\n\t\t\t\t\t<\/span>\n\t\t\t\t\t<\/a>\n\t\t\t\t<\/div>\n\t\t\t\t\t\t\t\t<\/div>\n\t\t\t\t<\/div>\n\t\t\t\t\t<\/div>\n\t\t<\/div>\n\t\t\t\t\t<\/div>\n\t\t<\/section>\n\t\t\t\t<section class=\"elementor-section elementor-top-section elementor-element elementor-element-125fac06 elementor-section-full_width elementor-section-height-default elementor-section-height-default elementor-invisible\" data-id=\"125fac06\" data-element_type=\"section\" data-e-type=\"section\" data-settings=\"{&quot;animation&quot;:&quot;fadeIn&quot;}\">\n\t\t\t\t\t\t<div class=\"elementor-container elementor-column-gap-default\">\n\t\t\t\t\t<div class=\"elementor-column elementor-col-33 elementor-top-column elementor-element elementor-element-6be962cb\" data-id=\"6be962cb\" data-element_type=\"column\" data-e-type=\"column\" data-settings=\"{&quot;background_background&quot;:&quot;classic&quot;}\">\n\t\t\t<div class=\"elementor-widget-wrap elementor-element-populated\">\n\t\t\t\t\t\t<div class=\"elementor-element elementor-element-34a1ade6 elementor-widget elementor-widget-image\" data-id=\"34a1ade6\" data-element_type=\"widget\" data-e-type=\"widget\" data-widget_type=\"image.default\">\n\t\t\t\t<div class=\"elementor-widget-container\">\n\t\t\t\t\t\t\t\t\t\t\t\t\t\t\t\t<a href=\"https:\/\/www.portovenere.fr\/fr-fr\/carrelage-sol-et-mur-en-gres-cerame-et-faience\/carrelage-aspect-pierre\/carrelage-sol-et-mur-pierre-de-roche\/\">\n\t\t\t\t\t\t\t<img decoding=\"async\" src=\"https:\/\/www.portovenere.fr\/fr-fr\/wp-content\/uploads\/elementor\/thumbs\/Carrelage-pour-exterieur-et-interieur-pour-Pierre-de-Roche-Beige-en-gres-cerame-de-qualite-dalles-2cm-grand-format-100x100-cm-magasin-a-Montpellier-34-r8ifx397djbjhdjv7klkrrm7xisqh6xkcrl825tefs.jpg\" title=\"Carrelage-pour-ext\u00e9rieur-et-int\u00e9rieur-pour-Pierre-de-Roche-Beige-en-gr\u00e8s-c\u00e9rame-de-qualit\u00e9-dalles-2cm-grand-format-100&#215;100-cm-magasin-\u00e0-Montpellier-34\" alt=\"Beige Minimal 100x100cm - 20mm au sol et Vari\u00e9 120x278 cm au mur\" loading=\"lazy\" \/>\t\t\t\t\t\t\t\t<\/a>\n\t\t\t\t\t\t\t\t\t\t\t\t\t\t\t<\/div>\n\t\t\t\t<\/div>\n\t\t\t\t<div class=\"elementor-element elementor-element-53266955 elementor-widget elementor-widget-heading\" data-id=\"53266955\" data-element_type=\"widget\" data-e-type=\"widget\" data-widget_type=\"heading.default\">\n\t\t\t\t<div class=\"elementor-widget-container\">\n\t\t\t\t\t<h3 class=\"elementor-heading-title elementor-size-default\"><a href=\"https:\/\/www.portovenere.fr\/fr-fr\/carrelage-sol-et-mur-en-gres-cerame-et-faience\/carrelage-aspect-pierre\/carrelage-sol-et-mur-pierre-de-roche\/\">PIERRE DE ROCHE | 3 coloris &amp; 2 styles<\/a><\/h3>\t\t\t\t<\/div>\n\t\t\t\t<\/div>\n\t\t\t\t<div class=\"elementor-element elementor-element-4126734c elementor-widget__width-initial elementor-widget elementor-widget-gallery\" data-id=\"4126734c\" data-element_type=\"widget\" data-e-type=\"widget\" data-settings=\"{&quot;gap&quot;:{&quot;unit&quot;:&quot;px&quot;,&quot;size&quot;:3,&quot;sizes&quot;:[]},&quot;columns_mobile&quot;:3,&quot;gap_mobile&quot;:{&quot;unit&quot;:&quot;px&quot;,&quot;size&quot;:6,&quot;sizes&quot;:[]},&quot;columns&quot;:5,&quot;columns_tablet&quot;:3,&quot;gap_tablet&quot;:{&quot;unit&quot;:&quot;px&quot;,&quot;size&quot;:5,&quot;sizes&quot;:[]},&quot;lazyload&quot;:&quot;yes&quot;,&quot;gallery_layout&quot;:&quot;grid&quot;,&quot;aspect_ratio&quot;:&quot;3:2&quot;,&quot;overlay_background&quot;:&quot;yes&quot;,&quot;content_hover_animation&quot;:&quot;fade-in&quot;}\" data-widget_type=\"gallery.default\">\n\t\t\t\t<div class=\"elementor-widget-container\">\n\t\t\t\t\t\t\t<div class=\"elementor-gallery__container\">\n\t\t\t\t\t\t\t<div class=\"e-gallery-item elementor-gallery-item elementor-animated-content\">\n\t\t\t\t\t<div class=\"e-gallery-image elementor-gallery-item__image\" data-thumbnail=\"https:\/\/www.portovenere.fr\/fr-fr\/wp-content\/uploads\/2025\/03\/Carrelage-sol-et-mur-pour-interieur-et-exterieur-style-Pierre-de-Roche-Blanc-minimal-en-gres-cerame-de-qualite-magasin-Porto-Venere-a-Montpellier-34-150x150.jpg\" data-width=\"150\" data-height=\"150\" aria-label=\"\" role=\"img\" ><\/div>\n\t\t\t\t\t\t\t\t\t\t\t<div class=\"elementor-gallery-item__overlay\"><\/div>\n\t\t\t\t\t\t\t\t\t\t\t\t\t\t<\/div>\n\t\t\t\t\t\t\t<div class=\"e-gallery-item elementor-gallery-item elementor-animated-content\">\n\t\t\t\t\t<div class=\"e-gallery-image elementor-gallery-item__image\" data-thumbnail=\"https:\/\/www.portovenere.fr\/fr-fr\/wp-content\/uploads\/2025\/03\/Carrelage-sol-et-mur-pour-interieur-et-exterieur-style-Pierre-de-Roche-Beige-minimal-en-gres-cerame-de-qualite-magasin-Porto-Venere-pres-de-Mauguio-34-150x150.jpg\" data-width=\"150\" data-height=\"150\" aria-label=\"\" role=\"img\" ><\/div>\n\t\t\t\t\t\t\t\t\t\t\t<div class=\"elementor-gallery-item__overlay\"><\/div>\n\t\t\t\t\t\t\t\t\t\t\t\t\t\t<\/div>\n\t\t\t\t\t\t\t<div class=\"e-gallery-item elementor-gallery-item elementor-animated-content\">\n\t\t\t\t\t<div class=\"e-gallery-image elementor-gallery-item__image\" data-thumbnail=\"https:\/\/www.portovenere.fr\/fr-fr\/wp-content\/uploads\/2025\/03\/Carrelage-sol-et-mur-pour-interieur-et-exterieur-style-Pierre-de-Roche-Gris-minimal-en-gres-cerame-de-qualite-magasin-Porto-Venere-pres-de-Agde-34-150x150.jpg\" data-width=\"150\" data-height=\"150\" aria-label=\"\" role=\"img\" ><\/div>\n\t\t\t\t\t\t\t\t\t\t\t<div class=\"elementor-gallery-item__overlay\"><\/div>\n\t\t\t\t\t\t\t\t\t\t\t\t\t\t<\/div>\n\t\t\t\t\t\t\t<div class=\"e-gallery-item elementor-gallery-item elementor-animated-content\">\n\t\t\t\t\t<div class=\"e-gallery-image elementor-gallery-item__image\" data-thumbnail=\"https:\/\/www.portovenere.fr\/fr-fr\/wp-content\/uploads\/2025\/03\/Carrelage-sol-et-mur-pour-interieur-et-exterieur-style-Pierre-de-Roche-Blanc-Variee-en-gres-cerame-de-qualite-Porto-Venere-a-Montpellier-34-150x150.jpg\" data-width=\"150\" data-height=\"150\" aria-label=\"\" role=\"img\" ><\/div>\n\t\t\t\t\t\t\t\t\t\t\t<div class=\"elementor-gallery-item__overlay\"><\/div>\n\t\t\t\t\t\t\t\t\t\t\t\t\t\t<\/div>\n\t\t\t\t\t\t\t<div class=\"e-gallery-item elementor-gallery-item elementor-animated-content\">\n\t\t\t\t\t<div class=\"e-gallery-image elementor-gallery-item__image\" data-thumbnail=\"https:\/\/www.portovenere.fr\/fr-fr\/wp-content\/uploads\/2025\/03\/Carrelage-sol-et-mur-pour-interieur-et-exterieur-style-Pierre-de-Roche-Beige-Variee-en-gres-cerame-de-qualite-Porto-Venere-pres-de-Jacou-34-150x150.jpg\" data-width=\"150\" data-height=\"150\" aria-label=\"\" role=\"img\" ><\/div>\n\t\t\t\t\t\t\t\t\t\t\t<div class=\"elementor-gallery-item__overlay\"><\/div>\n\t\t\t\t\t\t\t\t\t\t\t\t\t\t<\/div>\n\t\t\t\t\t\t\t<div class=\"e-gallery-item elementor-gallery-item elementor-animated-content\">\n\t\t\t\t\t<div class=\"e-gallery-image elementor-gallery-item__image\" data-thumbnail=\"https:\/\/www.portovenere.fr\/fr-fr\/wp-content\/uploads\/2025\/03\/Carrelage-sol-et-mur-pour-interieur-et-exterieur-style-Pierre-de-Roche-Gris-Variee-en-gres-cerame-de-qualite-Porto-Venere-pres-de-Lattes-34-150x150.jpg\" data-width=\"150\" data-height=\"150\" aria-label=\"\" role=\"img\" ><\/div>\n\t\t\t\t\t\t\t\t\t\t\t<div class=\"elementor-gallery-item__overlay\"><\/div>\n\t\t\t\t\t\t\t\t\t\t\t\t\t\t<\/div>\n\t\t\t\t\t\t\t<div class=\"e-gallery-item elementor-gallery-item elementor-animated-content\">\n\t\t\t\t\t<div class=\"e-gallery-image elementor-gallery-item__image\" data-thumbnail=\"https:\/\/www.portovenere.fr\/fr-fr\/wp-content\/uploads\/2025\/03\/Carrelage-mural-decor-credence-Pierre-de-Roche-Pointe-60x120-cm-Beige-pour-cusiine-salle-de-bain-magasin-Porto-Venere-pres-de-Sete-34-150x150.jpg\" data-width=\"150\" data-height=\"150\" aria-label=\"\" role=\"img\" ><\/div>\n\t\t\t\t\t\t\t\t\t\t\t<div class=\"elementor-gallery-item__overlay\"><\/div>\n\t\t\t\t\t\t\t\t\t\t\t\t\t\t<\/div>\n\t\t\t\t\t\t\t<div class=\"e-gallery-item elementor-gallery-item elementor-animated-content\">\n\t\t\t\t\t<div class=\"e-gallery-image elementor-gallery-item__image\" data-thumbnail=\"https:\/\/www.portovenere.fr\/fr-fr\/wp-content\/uploads\/2025\/03\/Carrelage-mural-decor-credence-Pierre-de-Roche-Pointe-60x120-cm-Blanc-pour-cusiine-salle-de-bain-magasin-Porto-Venere-pres-de-Palavas-34-150x150.jpg\" data-width=\"150\" data-height=\"150\" aria-label=\"\" role=\"img\" ><\/div>\n\t\t\t\t\t\t\t\t\t\t\t<div class=\"elementor-gallery-item__overlay\"><\/div>\n\t\t\t\t\t\t\t\t\t\t\t\t\t\t<\/div>\n\t\t\t\t\t\t\t<div class=\"e-gallery-item elementor-gallery-item elementor-animated-content\">\n\t\t\t\t\t<div class=\"e-gallery-image elementor-gallery-item__image\" data-thumbnail=\"https:\/\/www.portovenere.fr\/fr-fr\/wp-content\/uploads\/2025\/03\/Carrelage-mural-decor-credence-Pierre-de-Roche-Pointe-60x120-cm-Gris-pour-cusiine-salle-de-bain-magasin-Porto-Venere-pres-de-Montferrier-sur-Lez-34-150x150.jpg\" data-width=\"150\" data-height=\"150\" aria-label=\"\" role=\"img\" ><\/div>\n\t\t\t\t\t\t\t\t\t\t\t<div class=\"elementor-gallery-item__overlay\"><\/div>\n\t\t\t\t\t\t\t\t\t\t\t\t\t\t<\/div>\n\t\t\t\t\t\t\t<div class=\"e-gallery-item elementor-gallery-item elementor-animated-content\">\n\t\t\t\t\t<div class=\"e-gallery-image elementor-gallery-item__image\" data-thumbnail=\"https:\/\/www.portovenere.fr\/fr-fr\/wp-content\/uploads\/2025\/03\/Mosaique-credence-carrelage-mural-Pierre-de-Roche-Petit-Mur-30x30-cm-gris-magasin-revetement-mural-a-Montpellier-34-150x150.jpg\" data-width=\"150\" data-height=\"150\" aria-label=\"\" role=\"img\" ><\/div>\n\t\t\t\t\t\t\t\t\t\t\t<div class=\"elementor-gallery-item__overlay\"><\/div>\n\t\t\t\t\t\t\t\t\t\t\t\t\t\t<\/div>\n\t\t\t\t\t\t\t<div class=\"e-gallery-item elementor-gallery-item elementor-animated-content\">\n\t\t\t\t\t<div class=\"e-gallery-image elementor-gallery-item__image\" data-thumbnail=\"https:\/\/www.portovenere.fr\/fr-fr\/wp-content\/uploads\/2025\/03\/Mosaique-credence-carrelage-mural-Pierre-de-Roche-Petit-Mur-30x30-cm-blanc-magasin-revetement-mural-proche-de-Mauguio-34-150x150.jpg\" data-width=\"150\" data-height=\"150\" aria-label=\"\" role=\"img\" ><\/div>\n\t\t\t\t\t\t\t\t\t\t\t<div class=\"elementor-gallery-item__overlay\"><\/div>\n\t\t\t\t\t\t\t\t\t\t\t\t\t\t<\/div>\n\t\t\t\t\t\t\t<div class=\"e-gallery-item elementor-gallery-item elementor-animated-content\">\n\t\t\t\t\t<div class=\"e-gallery-image elementor-gallery-item__image\" data-thumbnail=\"https:\/\/www.portovenere.fr\/fr-fr\/wp-content\/uploads\/2025\/03\/Mosaique-credence-carrelage-mural-Pierre-de-Roche-Petit-Mur-30x30-cm-beige-magasin-revetement-mural-a-Montpellier-34-150x150.jpg\" data-width=\"150\" data-height=\"150\" aria-label=\"\" role=\"img\" ><\/div>\n\t\t\t\t\t\t\t\t\t\t\t<div class=\"elementor-gallery-item__overlay\"><\/div>\n\t\t\t\t\t\t\t\t\t\t\t\t\t\t<\/div>\n\t\t\t\t\t\t\t<div class=\"e-gallery-item elementor-gallery-item elementor-animated-content\">\n\t\t\t\t\t<div class=\"e-gallery-image elementor-gallery-item__image\" data-thumbnail=\"https:\/\/www.portovenere.fr\/fr-fr\/wp-content\/uploads\/2025\/03\/Mosaique-carrelage-mural-et-sol-tendance-Pierre-de-Roche-Minimal-Gris-30x30-cm-magasin-amenagement-interieur-proche-de-Agde-34-150x150.jpg\" data-width=\"150\" data-height=\"150\" aria-label=\"\" role=\"img\" ><\/div>\n\t\t\t\t\t\t\t\t\t\t\t<div class=\"elementor-gallery-item__overlay\"><\/div>\n\t\t\t\t\t\t\t\t\t\t\t\t\t\t<\/div>\n\t\t\t\t\t\t\t<div class=\"e-gallery-item elementor-gallery-item elementor-animated-content\">\n\t\t\t\t\t<div class=\"e-gallery-image elementor-gallery-item__image\" data-thumbnail=\"https:\/\/www.portovenere.fr\/fr-fr\/wp-content\/uploads\/2025\/03\/Mosaique-carrelage-mural-et-sol-tendance-Pierre-de-Roche-Minimal-blanc-30x30-cm-magasin-amenagement-interieur-proche-de-Sete-34-150x150.jpg\" data-width=\"150\" data-height=\"150\" aria-label=\"\" role=\"img\" ><\/div>\n\t\t\t\t\t\t\t\t\t\t\t<div class=\"elementor-gallery-item__overlay\"><\/div>\n\t\t\t\t\t\t\t\t\t\t\t\t\t\t<\/div>\n\t\t\t\t\t\t\t<div class=\"e-gallery-item elementor-gallery-item elementor-animated-content\">\n\t\t\t\t\t<div class=\"e-gallery-image elementor-gallery-item__image\" data-thumbnail=\"https:\/\/www.portovenere.fr\/fr-fr\/wp-content\/uploads\/2025\/03\/Mosaique-carrelage-mural-et-sol-tendance-Pierre-de-Roche-Minimal-beige-30x30-cm-magasin-amenagement-interieur-proche-de-Saint-Clement-de-Riviere-34-150x150.jpg\" data-width=\"150\" data-height=\"150\" aria-label=\"\" role=\"img\" ><\/div>\n\t\t\t\t\t\t\t\t\t\t\t<div class=\"elementor-gallery-item__overlay\"><\/div>\n\t\t\t\t\t\t\t\t\t\t\t\t\t\t<\/div>\n\t\t\t\t\t\t\t<div class=\"e-gallery-item elementor-gallery-item elementor-animated-content\">\n\t\t\t\t\t<div class=\"e-gallery-image elementor-gallery-item__image\" data-thumbnail=\"https:\/\/www.portovenere.fr\/fr-fr\/wp-content\/uploads\/2025\/03\/Mosaique-carrelage-mural-et-sol-tendance-Pierre-de-Roche-Variee-beige-30x30-cm-magasin-amenagement-interieur-proche-de-Laverune-34-150x150.jpg\" data-width=\"150\" data-height=\"150\" aria-label=\"\" role=\"img\" ><\/div>\n\t\t\t\t\t\t\t\t\t\t\t<div class=\"elementor-gallery-item__overlay\"><\/div>\n\t\t\t\t\t\t\t\t\t\t\t\t\t\t<\/div>\n\t\t\t\t\t<\/div>\n\t\t\t\t\t<\/div>\n\t\t\t\t<\/div>\n\t\t\t\t<div class=\"elementor-element elementor-element-1c7652b5 elementor-widget elementor-widget-text-editor\" data-id=\"1c7652b5\" data-element_type=\"widget\" data-e-type=\"widget\" data-widget_type=\"text-editor.default\">\n\t\t\t\t<div class=\"elementor-widget-container\">\n\t\t\t\t\t\t\t\t\t<p>Vous recherchez un carrelage\u00a0<b>pour sol et mur\u00a0<\/b>dans les\u00a0<b>nuances de beige<\/b>\u00a0et\/ou gris cr\u00e8me ? D\u00e9couvrez le\u00a0<b>gr\u00e8s c\u00e9rame<\/b>\u00a0de qualit\u00e9 sup\u00e9rieure Pierre de Roche qui se d\u00e9cline dans\u00a0<b>3 teintes naturelles<\/b>\u00a0: Blanc, Beige et Gris.\u00a0<\/p><p>Tr\u00e8s tendance, le beige revient dans tous les am\u00e9nagements int\u00e9rieurs. Le carrelage sol et mur Pierre de Roche se d\u00e9cline dans les formats :\u00a0<b>120\u00d7120 cm, 60\u00d7120 cm, 60\u00d760 cm, 30\u00d760 cm, 100\u00d7100 cm et en maxi format XXL 120\u00d7278 cm en fine \u00e9paisseur 6.5mm<\/b>.\u00a0<\/p><p>3 finitions disponibles :\u00a0<b>Naturel , Lappato (poli) ou Tecnica Antid\u00e9rapant.<\/b>\u00a0<\/p><p>La collection de carrelage Pierre de Roche est parfaitement adapt\u00e9e pour toutes les pi\u00e8ces de la maison, du salon \u00e0 la salle de bain, en passant par la cuisine ou la\u00a0<b>terrasse\u00a0<\/b>gr\u00e2ce \u00e0 la finition<b>\u00a0Technica antid\u00e9rapante<\/b>\u00a0en 9mm et en\u00a0<b>dalles ext\u00e9rieures 20mm<\/b>\u00a0d\u2019\u00e9paisseur 100\u00d7100 cm.<\/p><p>Trois styles de\u00a0<b>mosa\u00efques 30\u00d730 cm<\/b>, un\u00a0<b>d\u00e9cor Pointe 60\u00d7120 cm,<\/b>\u00a0des plinthes et des marches compl\u00e8tent la collection.\u00a0<\/p>\t\t\t\t\t\t\t\t<\/div>\n\t\t\t\t<\/div>\n\t\t\t\t<div class=\"elementor-element elementor-element-15071e18 elementor-mobile-align-center elementor-align-left elementor-widget elementor-widget-button\" data-id=\"15071e18\" data-element_type=\"widget\" data-e-type=\"widget\" data-widget_type=\"button.default\">\n\t\t\t\t<div class=\"elementor-widget-container\">\n\t\t\t\t\t\t\t\t\t<div class=\"elementor-button-wrapper\">\n\t\t\t\t\t<a class=\"elementor-button elementor-button-link elementor-size-sm\" href=\"https:\/\/www.portovenere.fr\/fr-fr\/carrelage-sol-et-mur-en-gres-cerame-et-faience\/carrelage-aspect-pierre\/carrelage-sol-et-mur-pierre-de-roche\/\">\n\t\t\t\t\t\t<span class=\"elementor-button-content-wrapper\">\n\t\t\t\t\t\t\t\t\t<span class=\"elementor-button-text\">Voir la collection<\/span>\n\t\t\t\t\t<\/span>\n\t\t\t\t\t<\/a>\n\t\t\t\t<\/div>\n\t\t\t\t\t\t\t\t<\/div>\n\t\t\t\t<\/div>\n\t\t\t\t\t<\/div>\n\t\t<\/div>\n\t\t\t\t<div class=\"elementor-column elementor-col-33 elementor-top-column elementor-element elementor-element-6eb809b0\" data-id=\"6eb809b0\" data-element_type=\"column\" data-e-type=\"column\" data-settings=\"{&quot;background_background&quot;:&quot;classic&quot;}\">\n\t\t\t<div class=\"elementor-widget-wrap elementor-element-populated\">\n\t\t\t\t\t\t<div class=\"elementor-element elementor-element-6ab2f19b elementor-widget elementor-widget-image\" data-id=\"6ab2f19b\" data-element_type=\"widget\" data-e-type=\"widget\" data-widget_type=\"image.default\">\n\t\t\t\t<div class=\"elementor-widget-container\">\n\t\t\t\t\t\t\t\t\t\t\t\t\t\t\t\t<a href=\"https:\/\/www.portovenere.fr\/fr-fr\/carrelage-sol-et-mur-en-gres-cerame-et-faience\/carrelage-aspect-pierre\/carrelage-effet-pierre-pour-interieur-et-exterieur-artiglio\/\">\n\t\t\t\t\t\t\t<img decoding=\"async\" src=\"https:\/\/www.portovenere.fr\/fr-fr\/wp-content\/uploads\/elementor\/thumbs\/Carrelage-gres-cerame-en-dalles-antiderapantes-2-cm-effet-pierre-quartz-de-qualite-ARTIGLIO-plusieurs-formats-Magasin-Porto-Venere-pres-de-Saint-Clement-de-Riviere-34-rfm493x0czgtagg2edg9pfap3dwfywsr0lijt3s728.jpg\" title=\"Carrelage-gr\u00e8s-c\u00e9rame-en-dalles-antid\u00e9rapantes-2-cm-effet-pierre-quartz-de-qualit\u00e9-ARTIGLIO-plusieurs-formats-Magasin-Porto-Venere-pr\u00e8s-de-Saint-Cl\u00e9ment-de-Rivi\u00e8re-34\" alt=\"Carrelage antid\u00e9rapant pour terrasse en gr\u00e8s c\u00e9rame effet pierre quartz de qualit\u00e9 ARTIGLIO Magasin Porto Venere Montpellier\" loading=\"lazy\" \/>\t\t\t\t\t\t\t\t<\/a>\n\t\t\t\t\t\t\t\t\t\t\t\t\t\t\t<\/div>\n\t\t\t\t<\/div>\n\t\t\t\t<div class=\"elementor-element elementor-element-3f027200 elementor-widget elementor-widget-heading\" data-id=\"3f027200\" data-element_type=\"widget\" data-e-type=\"widget\" data-widget_type=\"heading.default\">\n\t\t\t\t<div class=\"elementor-widget-container\">\n\t\t\t\t\t<h3 class=\"elementor-heading-title elementor-size-default\"><a href=\"https:\/\/www.portovenere.fr\/fr-fr\/carrelage-sol-et-mur-en-gres-cerame-et-faience\/carrelage-aspect-pierre\/carrelage-effet-pierre-pour-interieur-et-exterieur-artiglio\/\">ARTIGLIO | 5 coloris &amp; d\u00e9cors<\/a><\/h3>\t\t\t\t<\/div>\n\t\t\t\t<\/div>\n\t\t\t\t<div class=\"elementor-element elementor-element-2e76d49e elementor-widget__width-initial elementor-widget elementor-widget-gallery\" data-id=\"2e76d49e\" data-element_type=\"widget\" data-e-type=\"widget\" data-settings=\"{&quot;gap&quot;:{&quot;unit&quot;:&quot;px&quot;,&quot;size&quot;:3,&quot;sizes&quot;:[]},&quot;columns_mobile&quot;:3,&quot;gap_mobile&quot;:{&quot;unit&quot;:&quot;px&quot;,&quot;size&quot;:6,&quot;sizes&quot;:[]},&quot;columns&quot;:5,&quot;columns_tablet&quot;:5,&quot;gap_tablet&quot;:{&quot;unit&quot;:&quot;px&quot;,&quot;size&quot;:5,&quot;sizes&quot;:[]},&quot;lazyload&quot;:&quot;yes&quot;,&quot;gallery_layout&quot;:&quot;grid&quot;,&quot;link_to&quot;:&quot;file&quot;,&quot;aspect_ratio&quot;:&quot;3:2&quot;,&quot;overlay_background&quot;:&quot;yes&quot;,&quot;content_hover_animation&quot;:&quot;fade-in&quot;}\" data-widget_type=\"gallery.default\">\n\t\t\t\t<div class=\"elementor-widget-container\">\n\t\t\t\t\t\t\t<div class=\"elementor-gallery__container\">\n\t\t\t\t\t\t\t<a class=\"e-gallery-item elementor-gallery-item elementor-animated-content\" href=\"https:\/\/www.portovenere.fr\/fr-fr\/wp-content\/uploads\/2025\/12\/Carrelage-gres-cerame-exterieur-et-interieur-effet-pierre-quartz-gris-de-qualite-ARTIGLIO-Grey-plusieurs-formats-Magasin-Porto-Venere-pres-de-Clapiers-34.jpg\" data-elementor-open-lightbox=\"yes\" data-elementor-lightbox-slideshow=\"2e76d49e\" data-elementor-lightbox-title=\"Carrelage-gr\u00e8s-c\u00e9rame-ext\u00e9rieur-et-int\u00e9rieur-effet-pierre-quartz-gris-de-qualit\u00e9-ARTIGLIO-Grey-plusieurs-formats-Magasin-Porto-Venere-pr\u00e8s-de-Clapiers-34\" data-e-action-hash=\"#elementor-action%3Aaction%3Dlightbox%26settings%3DeyJpZCI6Njc3NjYsInVybCI6Imh0dHBzOlwvXC93d3cucG9ydG92ZW5lcmUuZnJcL2ZyLWZyXC93cC1jb250ZW50XC91cGxvYWRzXC8yMDI1XC8xMlwvQ2FycmVsYWdlLWdyZXMtY2VyYW1lLWV4dGVyaWV1ci1ldC1pbnRlcmlldXItZWZmZXQtcGllcnJlLXF1YXJ0ei1ncmlzLWRlLXF1YWxpdGUtQVJUSUdMSU8tR3JleS1wbHVzaWV1cnMtZm9ybWF0cy1NYWdhc2luLVBvcnRvLVZlbmVyZS1wcmVzLWRlLUNsYXBpZXJzLTM0LmpwZyIsInNsaWRlc2hvdyI6IjJlNzZkNDllIn0%3D\">\n\t\t\t\t\t<div class=\"e-gallery-image elementor-gallery-item__image\" data-thumbnail=\"https:\/\/www.portovenere.fr\/fr-fr\/wp-content\/uploads\/2025\/12\/Carrelage-gres-cerame-exterieur-et-interieur-effet-pierre-quartz-gris-de-qualite-ARTIGLIO-Grey-plusieurs-formats-Magasin-Porto-Venere-pres-de-Clapiers-34-150x150.jpg\" data-width=\"150\" data-height=\"150\" aria-label=\"Carrelage en gr\u00e8s c\u00e9rame effet pierre quartz de qualit\u00e9 pour int\u00e9rieur et ext\u00e9rieur ARTIGLIO Magasin Porto Venere Montpellier\" role=\"img\" ><\/div>\n\t\t\t\t\t\t\t\t\t\t\t<div class=\"elementor-gallery-item__overlay\"><\/div>\n\t\t\t\t\t\t\t\t\t\t\t\t\t\t<\/a>\n\t\t\t\t\t\t\t<a class=\"e-gallery-item elementor-gallery-item elementor-animated-content\" href=\"https:\/\/www.portovenere.fr\/fr-fr\/wp-content\/uploads\/2025\/12\/Carrelage-gres-cerame-exterieur-et-interieur-effet-pierre-quartz-de-qualite-ARTIGLIO-Wild-plusieurs-formats-Magasin-Porto-Venere-pres-de-Perols-34.jpg\" data-elementor-open-lightbox=\"yes\" data-elementor-lightbox-slideshow=\"2e76d49e\" data-elementor-lightbox-title=\"Carrelage-gr\u00e8s-c\u00e9rame-ext\u00e9rieur-et-int\u00e9rieur-effet-pierre-quartz-de-qualit\u00e9-ARTIGLIO-Wild-plusieurs-formats-Magasin-Porto-Venere-pr\u00e8s-de-P\u00e9rols-34\" data-e-action-hash=\"#elementor-action%3Aaction%3Dlightbox%26settings%3DeyJpZCI6Njc3NjUsInVybCI6Imh0dHBzOlwvXC93d3cucG9ydG92ZW5lcmUuZnJcL2ZyLWZyXC93cC1jb250ZW50XC91cGxvYWRzXC8yMDI1XC8xMlwvQ2FycmVsYWdlLWdyZXMtY2VyYW1lLWV4dGVyaWV1ci1ldC1pbnRlcmlldXItZWZmZXQtcGllcnJlLXF1YXJ0ei1kZS1xdWFsaXRlLUFSVElHTElPLVdpbGQtcGx1c2lldXJzLWZvcm1hdHMtTWFnYXNpbi1Qb3J0by1WZW5lcmUtcHJlcy1kZS1QZXJvbHMtMzQuanBnIiwic2xpZGVzaG93IjoiMmU3NmQ0OWUifQ%3D%3D\">\n\t\t\t\t\t<div class=\"e-gallery-image elementor-gallery-item__image\" data-thumbnail=\"https:\/\/www.portovenere.fr\/fr-fr\/wp-content\/uploads\/2025\/12\/Carrelage-gres-cerame-exterieur-et-interieur-effet-pierre-quartz-de-qualite-ARTIGLIO-Wild-plusieurs-formats-Magasin-Porto-Venere-pres-de-Perols-34-150x150.jpg\" data-width=\"150\" data-height=\"150\" aria-label=\"Carrelage en gr\u00e8s c\u00e9rame effet pierre quartz de qualit\u00e9 pour int\u00e9rieur et ext\u00e9rieur ARTIGLIO Magasin Porto Venere Montpellier\" role=\"img\" ><\/div>\n\t\t\t\t\t\t\t\t\t\t\t<div class=\"elementor-gallery-item__overlay\"><\/div>\n\t\t\t\t\t\t\t\t\t\t\t\t\t\t<\/a>\n\t\t\t\t\t\t\t<a class=\"e-gallery-item elementor-gallery-item elementor-animated-content\" href=\"https:\/\/www.portovenere.fr\/fr-fr\/wp-content\/uploads\/2025\/12\/Carrelage-gres-cerame-exterieur-et-interieur-effet-pierre-quartz-de-qualite-ARTIGLIO-Sand-Sable-plusieurs-formats-Magasin-Porto-Venere-pres-de-Montferrier-sur-Lez-34.jpg\" data-elementor-open-lightbox=\"yes\" data-elementor-lightbox-slideshow=\"2e76d49e\" data-elementor-lightbox-title=\"Carrelage-gr\u00e8s-c\u00e9rame-ext\u00e9rieur-et-int\u00e9rieur-effet-pierre-quartz-de-qualit\u00e9-ARTIGLIO-Sand-Sable-plusieurs-formats-Magasin-Porto-Venere-pr\u00e8s-de-Montferrier-sur-Lez-34\" data-e-action-hash=\"#elementor-action%3Aaction%3Dlightbox%26settings%3DeyJpZCI6Njc3NjQsInVybCI6Imh0dHBzOlwvXC93d3cucG9ydG92ZW5lcmUuZnJcL2ZyLWZyXC93cC1jb250ZW50XC91cGxvYWRzXC8yMDI1XC8xMlwvQ2FycmVsYWdlLWdyZXMtY2VyYW1lLWV4dGVyaWV1ci1ldC1pbnRlcmlldXItZWZmZXQtcGllcnJlLXF1YXJ0ei1kZS1xdWFsaXRlLUFSVElHTElPLVNhbmQtU2FibGUtcGx1c2lldXJzLWZvcm1hdHMtTWFnYXNpbi1Qb3J0by1WZW5lcmUtcHJlcy1kZS1Nb250ZmVycmllci1zdXItTGV6LTM0LmpwZyIsInNsaWRlc2hvdyI6IjJlNzZkNDllIn0%3D\">\n\t\t\t\t\t<div class=\"e-gallery-image elementor-gallery-item__image\" data-thumbnail=\"https:\/\/www.portovenere.fr\/fr-fr\/wp-content\/uploads\/2025\/12\/Carrelage-gres-cerame-exterieur-et-interieur-effet-pierre-quartz-de-qualite-ARTIGLIO-Sand-Sable-plusieurs-formats-Magasin-Porto-Venere-pres-de-Montferrier-sur-Lez-34-150x150.jpg\" data-width=\"150\" data-height=\"150\" aria-label=\"Carrelage en gr\u00e8s c\u00e9rame effet pierre quartz de qualit\u00e9 pour int\u00e9rieur et ext\u00e9rieur ARTIGLIO Magasin Porto Venere Montpellier\" role=\"img\" ><\/div>\n\t\t\t\t\t\t\t\t\t\t\t<div class=\"elementor-gallery-item__overlay\"><\/div>\n\t\t\t\t\t\t\t\t\t\t\t\t\t\t<\/a>\n\t\t\t\t\t\t\t<a class=\"e-gallery-item elementor-gallery-item elementor-animated-content\" href=\"https:\/\/www.portovenere.fr\/fr-fr\/wp-content\/uploads\/2025\/12\/Carrelage-gres-cerame-exterieur-et-interieur-effet-pierre-quartz-de-qualite-ARTIGLIO-Greige-plusieurs-formats-Magasin-Porto-Venere-pres-de-Castelnau-le-Lez-34.jpg\" data-elementor-open-lightbox=\"yes\" data-elementor-lightbox-slideshow=\"2e76d49e\" data-elementor-lightbox-title=\"Carrelage-gr\u00e8s-c\u00e9rame-ext\u00e9rieur-et-int\u00e9rieur-effet-pierre-quartz-de-qualit\u00e9-ARTIGLIO-Greige-plusieurs-formats-Magasin-Porto-Venere-pr\u00e8s-de-Castelnau-le-Lez-34\" data-e-action-hash=\"#elementor-action%3Aaction%3Dlightbox%26settings%3DeyJpZCI6Njc3NjMsInVybCI6Imh0dHBzOlwvXC93d3cucG9ydG92ZW5lcmUuZnJcL2ZyLWZyXC93cC1jb250ZW50XC91cGxvYWRzXC8yMDI1XC8xMlwvQ2FycmVsYWdlLWdyZXMtY2VyYW1lLWV4dGVyaWV1ci1ldC1pbnRlcmlldXItZWZmZXQtcGllcnJlLXF1YXJ0ei1kZS1xdWFsaXRlLUFSVElHTElPLUdyZWlnZS1wbHVzaWV1cnMtZm9ybWF0cy1NYWdhc2luLVBvcnRvLVZlbmVyZS1wcmVzLWRlLUNhc3RlbG5hdS1sZS1MZXotMzQuanBnIiwic2xpZGVzaG93IjoiMmU3NmQ0OWUifQ%3D%3D\">\n\t\t\t\t\t<div class=\"e-gallery-image elementor-gallery-item__image\" data-thumbnail=\"https:\/\/www.portovenere.fr\/fr-fr\/wp-content\/uploads\/2025\/12\/Carrelage-gres-cerame-exterieur-et-interieur-effet-pierre-quartz-de-qualite-ARTIGLIO-Greige-plusieurs-formats-Magasin-Porto-Venere-pres-de-Castelnau-le-Lez-34-150x150.jpg\" data-width=\"150\" data-height=\"150\" aria-label=\"Carrelage en gr\u00e8s c\u00e9rame effet pierre quartz de qualit\u00e9 pour int\u00e9rieur et ext\u00e9rieur ARTIGLIO Magasin Porto Venere Montpellier\" role=\"img\" ><\/div>\n\t\t\t\t\t\t\t\t\t\t\t<div class=\"elementor-gallery-item__overlay\"><\/div>\n\t\t\t\t\t\t\t\t\t\t\t\t\t\t<\/a>\n\t\t\t\t\t\t\t<a class=\"e-gallery-item elementor-gallery-item elementor-animated-content\" href=\"https:\/\/www.portovenere.fr\/fr-fr\/wp-content\/uploads\/2025\/12\/Carrelage-gres-cerame-exterieur-et-interieur-effet-pierre-quartz-clair-de-qualite-ARTIGLIO-Light-plusieurs-formats-Magasin-Porto-Venere-pres-de-Frontignan-34.jpg\" data-elementor-open-lightbox=\"yes\" data-elementor-lightbox-slideshow=\"2e76d49e\" data-elementor-lightbox-title=\"Carrelage-gr\u00e8s-c\u00e9rame-ext\u00e9rieur-et-int\u00e9rieur-effet-pierre-quartz-clair-de-qualit\u00e9-ARTIGLIO-Light-plusieurs-formats-Magasin-Porto-Venere-pr\u00e8s-de-Frontignan-34\" data-e-action-hash=\"#elementor-action%3Aaction%3Dlightbox%26settings%3DeyJpZCI6Njc3NjIsInVybCI6Imh0dHBzOlwvXC93d3cucG9ydG92ZW5lcmUuZnJcL2ZyLWZyXC93cC1jb250ZW50XC91cGxvYWRzXC8yMDI1XC8xMlwvQ2FycmVsYWdlLWdyZXMtY2VyYW1lLWV4dGVyaWV1ci1ldC1pbnRlcmlldXItZWZmZXQtcGllcnJlLXF1YXJ0ei1jbGFpci1kZS1xdWFsaXRlLUFSVElHTElPLUxpZ2h0LXBsdXNpZXVycy1mb3JtYXRzLU1hZ2FzaW4tUG9ydG8tVmVuZXJlLXByZXMtZGUtRnJvbnRpZ25hbi0zNC5qcGciLCJzbGlkZXNob3ciOiIyZTc2ZDQ5ZSJ9\">\n\t\t\t\t\t<div class=\"e-gallery-image elementor-gallery-item__image\" data-thumbnail=\"https:\/\/www.portovenere.fr\/fr-fr\/wp-content\/uploads\/2025\/12\/Carrelage-gres-cerame-exterieur-et-interieur-effet-pierre-quartz-clair-de-qualite-ARTIGLIO-Light-plusieurs-formats-Magasin-Porto-Venere-pres-de-Frontignan-34-150x150.jpg\" data-width=\"150\" data-height=\"150\" aria-label=\"Carrelage en gr\u00e8s c\u00e9rame effet pierre quartz de qualit\u00e9 pour int\u00e9rieur et ext\u00e9rieur ARTIGLIO Magasin Porto Venere Montpellier\" role=\"img\" ><\/div>\n\t\t\t\t\t\t\t\t\t\t\t<div class=\"elementor-gallery-item__overlay\"><\/div>\n\t\t\t\t\t\t\t\t\t\t\t\t\t\t<\/a>\n\t\t\t\t\t<\/div>\n\t\t\t\t\t<\/div>\n\t\t\t\t<\/div>\n\t\t\t\t<div class=\"elementor-element elementor-element-1a2595c8 elementor-widget elementor-widget-text-editor\" data-id=\"1a2595c8\" data-element_type=\"widget\" data-e-type=\"widget\" data-widget_type=\"text-editor.default\">\n\t\t\t\t<div class=\"elementor-widget-container\">\n\t\t\t\t\t\t\t\t\t<p data-start=\"184\" data-end=\"483\">La collection ARTIGLIO propose un gr\u00e8s c\u00e9rame effet pierre inspir\u00e9 des quartzites naturelles, avec cinq coloris raffin\u00e9s (Light, Greige, Grey, Sand, Wild).\u00a0<\/p><p data-start=\"184\" data-end=\"483\">D\u00e9clin\u00e9e en formats 22.5\u00d745.3, 30\u00d760, 60\u00d760 et 60\u00d7120 cm (et dalles antid\u00e9rapantes 2 cm) elle combine esth\u00e9tique naturelle et polyvalence pratique. Avec des finitions vari\u00e9es \u2014 Natural, Structured, Grip ou Anti-Slip \u2014 ARTIGLIO s\u2019adapte \u00e0 tous les espaces : salons, cuisines, salles de bains, couloirs, voire ext\u00e9rieurs. Sols ou murs, int\u00e9rieur ou ext\u00e9rieur, cette collection apporte caract\u00e8re, \u00e9l\u00e9gance et robustesse.\u00a0<\/p><p data-start=\"184\" data-end=\"483\">Id\u00e9al pour des projets r\u00e9sidentiels ou commerciaux, ARTIGLIO conjugue pierre authentique et confort moderne.<\/p>\t\t\t\t\t\t\t\t<\/div>\n\t\t\t\t<\/div>\n\t\t\t\t<div class=\"elementor-element elementor-element-9f7d6fb elementor-mobile-align-center elementor-align-left elementor-widget elementor-widget-button\" data-id=\"9f7d6fb\" data-element_type=\"widget\" data-e-type=\"widget\" data-widget_type=\"button.default\">\n\t\t\t\t<div class=\"elementor-widget-container\">\n\t\t\t\t\t\t\t\t\t<div class=\"elementor-button-wrapper\">\n\t\t\t\t\t<a class=\"elementor-button elementor-button-link elementor-size-sm\" href=\"https:\/\/www.portovenere.fr\/fr-fr\/carrelage-sol-et-mur-en-gres-cerame-et-faience\/carrelage-aspect-pierre\/carrelage-effet-pierre-pour-interieur-et-exterieur-artiglio\/\">\n\t\t\t\t\t\t<span class=\"elementor-button-content-wrapper\">\n\t\t\t\t\t\t\t\t\t<span class=\"elementor-button-text\">Voir la collection<\/span>\n\t\t\t\t\t<\/span>\n\t\t\t\t\t<\/a>\n\t\t\t\t<\/div>\n\t\t\t\t\t\t\t\t<\/div>\n\t\t\t\t<\/div>\n\t\t\t\t\t<\/div>\n\t\t<\/div>\n\t\t\t\t<div class=\"elementor-column elementor-col-33 elementor-top-column elementor-element elementor-element-1c42c42 elementor-invisible\" data-id=\"1c42c42\" data-element_type=\"column\" data-e-type=\"column\" data-settings=\"{&quot;animation&quot;:&quot;fadeIn&quot;,&quot;background_background&quot;:&quot;classic&quot;}\">\n\t\t\t<div class=\"elementor-widget-wrap elementor-element-populated\">\n\t\t\t\t\t\t<div class=\"elementor-element elementor-element-773b041 elementor-widget elementor-widget-image\" data-id=\"773b041\" data-element_type=\"widget\" data-e-type=\"widget\" data-widget_type=\"image.default\">\n\t\t\t\t<div class=\"elementor-widget-container\">\n\t\t\t\t\t\t\t\t\t\t\t\t\t\t\t\t<a href=\"https:\/\/www.portovenere.fr\/fr-fr\/carrelage-sol-et-mur-en-gres-cerame-et-faience\/carrelage-aspect-pierre\/carrelage-effet-terrazzo-pour-sols-et-murs-tivoli\/\">\n\t\t\t\t\t\t\t<img fetchpriority=\"high\" decoding=\"async\" width=\"768\" height=\"468\" src=\"https:\/\/www.portovenere.fr\/fr-fr\/wp-content\/uploads\/2026\/01\/Carrelage-terrasse-effet-terrazzo-en-gres-cerame-de-qualite-5-coloris-2-finitions-TIVOLI-pour-sols-et-murs-interieur-exterieur-Magasin-Porto-Venere-pres-de-La-Grande-Motte-34-768x468.jpg\" class=\"attachment-medium_large size-medium_large wp-image-69342\" alt=\"Carrelage effet terrazzo en gr\u00e8s c\u00e9rame 5 coloris disponibles en finition terrazzo l\u00e9ger ou plus marqu\u00e9 TIVOLI pour int\u00e9rieur et ext\u00e9rieur - Magasin Porto Venere \u00e0 Montpellier 34\" srcset=\"https:\/\/www.portovenere.fr\/fr-fr\/wp-content\/uploads\/2026\/01\/Carrelage-terrasse-effet-terrazzo-en-gres-cerame-de-qualite-5-coloris-2-finitions-TIVOLI-pour-sols-et-murs-interieur-exterieur-Magasin-Porto-Venere-pres-de-La-Grande-Motte-34-768x468.jpg 768w, https:\/\/www.portovenere.fr\/fr-fr\/wp-content\/uploads\/2026\/01\/Carrelage-terrasse-effet-terrazzo-en-gres-cerame-de-qualite-5-coloris-2-finitions-TIVOLI-pour-sols-et-murs-interieur-exterieur-Magasin-Porto-Venere-pres-de-La-Grande-Motte-34-300x183.jpg 300w, https:\/\/www.portovenere.fr\/fr-fr\/wp-content\/uploads\/2026\/01\/Carrelage-terrasse-effet-terrazzo-en-gres-cerame-de-qualite-5-coloris-2-finitions-TIVOLI-pour-sols-et-murs-interieur-exterieur-Magasin-Porto-Venere-pres-de-La-Grande-Motte-34-1024x624.jpg 1024w, https:\/\/www.portovenere.fr\/fr-fr\/wp-content\/uploads\/2026\/01\/Carrelage-terrasse-effet-terrazzo-en-gres-cerame-de-qualite-5-coloris-2-finitions-TIVOLI-pour-sols-et-murs-interieur-exterieur-Magasin-Porto-Venere-pres-de-La-Grande-Motte-34-1536x936.jpg 1536w, https:\/\/www.portovenere.fr\/fr-fr\/wp-content\/uploads\/2026\/01\/Carrelage-terrasse-effet-terrazzo-en-gres-cerame-de-qualite-5-coloris-2-finitions-TIVOLI-pour-sols-et-murs-interieur-exterieur-Magasin-Porto-Venere-pres-de-La-Grande-Motte-34.jpg 1641w\" sizes=\"(max-width: 768px) 100vw, 768px\" \/>\t\t\t\t\t\t\t\t<\/a>\n\t\t\t\t\t\t\t\t\t\t\t\t\t\t\t<\/div>\n\t\t\t\t<\/div>\n\t\t\t\t<section class=\"elementor-section elementor-inner-section elementor-element elementor-element-4a00984 elementor-section-boxed elementor-section-height-default elementor-section-height-default elementor-invisible\" data-id=\"4a00984\" data-element_type=\"section\" data-e-type=\"section\" data-settings=\"{&quot;background_background&quot;:&quot;classic&quot;,&quot;animation&quot;:&quot;fadeIn&quot;}\">\n\t\t\t\t\t\t<div class=\"elementor-container elementor-column-gap-default\">\n\t\t\t\t\t<div class=\"elementor-column elementor-col-100 elementor-inner-column elementor-element elementor-element-2685935\" data-id=\"2685935\" data-element_type=\"column\" data-e-type=\"column\">\n\t\t\t<div class=\"elementor-widget-wrap elementor-element-populated\">\n\t\t\t\t\t\t<div class=\"elementor-element elementor-element-14c0608 elementor-widget elementor-widget-heading\" data-id=\"14c0608\" data-element_type=\"widget\" data-e-type=\"widget\" data-widget_type=\"heading.default\">\n\t\t\t\t<div class=\"elementor-widget-container\">\n\t\t\t\t\t<h3 class=\"elementor-heading-title elementor-size-default\"><a href=\"https:\/\/www.portovenere.fr\/fr-fr\/carrelage-sol-et-mur-en-gres-cerame-et-faience\/carrelage-aspect-pierre\/carrelage-effet-terrazzo-pour-sols-et-murs-tivoli\/\">TIVOLI | 5 coloris &amp; 2 styles<\/a><\/h3>\t\t\t\t<\/div>\n\t\t\t\t<\/div>\n\t\t\t\t<div class=\"elementor-element elementor-element-0c09c81 elementor-widget__width-initial elementor-widget elementor-widget-gallery\" data-id=\"0c09c81\" data-element_type=\"widget\" data-e-type=\"widget\" data-settings=\"{&quot;gap&quot;:{&quot;unit&quot;:&quot;px&quot;,&quot;size&quot;:3,&quot;sizes&quot;:[]},&quot;columns_mobile&quot;:3,&quot;gap_mobile&quot;:{&quot;unit&quot;:&quot;px&quot;,&quot;size&quot;:6,&quot;sizes&quot;:[]},&quot;columns&quot;:5,&quot;columns_tablet&quot;:3,&quot;gap_tablet&quot;:{&quot;unit&quot;:&quot;px&quot;,&quot;size&quot;:5,&quot;sizes&quot;:[]},&quot;lazyload&quot;:&quot;yes&quot;,&quot;gallery_layout&quot;:&quot;grid&quot;,&quot;link_to&quot;:&quot;file&quot;,&quot;aspect_ratio&quot;:&quot;3:2&quot;,&quot;overlay_background&quot;:&quot;yes&quot;,&quot;content_hover_animation&quot;:&quot;fade-in&quot;}\" data-widget_type=\"gallery.default\">\n\t\t\t\t<div class=\"elementor-widget-container\">\n\t\t\t\t\t\t\t<div class=\"elementor-gallery__container\">\n\t\t\t\t\t\t\t<a class=\"e-gallery-item elementor-gallery-item elementor-animated-content\" href=\"https:\/\/www.portovenere.fr\/fr-fr\/wp-content\/uploads\/2026\/01\/Carrelage-effet-mineral-en-gres-cerame-de-qualite-TIVOLI-SABBIA-Grigio-pour-sols-et-murs-Magasin-Porto-Venere-pres-de-Saint-Gely-du-Fesc-34.jpg\" data-elementor-open-lightbox=\"yes\" data-elementor-lightbox-slideshow=\"0c09c81\" data-elementor-lightbox-title=\"Carrelage-effet-min\u00e9ral-en-gr\u00e8s-c\u00e9rame-de-qualit\u00e9-TIVOLI-SABBIA-Grigio-pour-sols-et-murs-Magasin-Porto-Venere-pr\u00e8s-de-Saint-G\u00e9ly-du-Fesc-34\" data-e-action-hash=\"#elementor-action%3Aaction%3Dlightbox%26settings%3DeyJpZCI6NjkzODgsInVybCI6Imh0dHBzOlwvXC93d3cucG9ydG92ZW5lcmUuZnJcL2ZyLWZyXC93cC1jb250ZW50XC91cGxvYWRzXC8yMDI2XC8wMVwvQ2FycmVsYWdlLWVmZmV0LW1pbmVyYWwtZW4tZ3Jlcy1jZXJhbWUtZGUtcXVhbGl0ZS1USVZPTEktU0FCQklBLUdyaWdpby1wb3VyLXNvbHMtZXQtbXVycy1NYWdhc2luLVBvcnRvLVZlbmVyZS1wcmVzLWRlLVNhaW50LUdlbHktZHUtRmVzYy0zNC5qcGciLCJzbGlkZXNob3ciOiIwYzA5YzgxIn0%3D\">\n\t\t\t\t\t<div class=\"e-gallery-image elementor-gallery-item__image\" data-thumbnail=\"https:\/\/www.portovenere.fr\/fr-fr\/wp-content\/uploads\/2026\/01\/Carrelage-effet-mineral-en-gres-cerame-de-qualite-TIVOLI-SABBIA-Grigio-pour-sols-et-murs-Magasin-Porto-Venere-pres-de-Saint-Gely-du-Fesc-34-300x300.jpg\" data-width=\"300\" data-height=\"300\" aria-label=\"Carrelage effet min\u00e9ral en gr\u00e8s c\u00e9rame 5 coloris disponibles en finition terrazzo l\u00e9ger ou plus marqu\u00e9 TIVOLI pour int\u00e9rieur et ext\u00e9rieur - Magasin Porto Venere Montpellier pr\u00e8s de S\u00e8te 34\" role=\"img\" ><\/div>\n\t\t\t\t\t\t\t\t\t\t\t<div class=\"elementor-gallery-item__overlay\"><\/div>\n\t\t\t\t\t\t\t\t\t\t\t\t\t\t<\/a>\n\t\t\t\t\t\t\t<a class=\"e-gallery-item elementor-gallery-item elementor-animated-content\" href=\"https:\/\/www.portovenere.fr\/fr-fr\/wp-content\/uploads\/2026\/01\/Carrelage-effet-mineral-en-gres-cerame-de-qualite-TIVOLI-SABBIA-Beige-pour-sols-et-murs-Magasin-Porto-Venere-a-Montpellier-34.jpg\" data-elementor-open-lightbox=\"yes\" data-elementor-lightbox-slideshow=\"0c09c81\" data-elementor-lightbox-title=\"Carrelage-effet-min\u00e9ral-en-gr\u00e8s-c\u00e9rame-de-qualit\u00e9-TIVOLI-SABBIA-Beige-pour-sols-et-murs-Magasin-Porto-Venere-\u00e0-Montpellier-34\" data-e-action-hash=\"#elementor-action%3Aaction%3Dlightbox%26settings%3DeyJpZCI6NjkzODcsInVybCI6Imh0dHBzOlwvXC93d3cucG9ydG92ZW5lcmUuZnJcL2ZyLWZyXC93cC1jb250ZW50XC91cGxvYWRzXC8yMDI2XC8wMVwvQ2FycmVsYWdlLWVmZmV0LW1pbmVyYWwtZW4tZ3Jlcy1jZXJhbWUtZGUtcXVhbGl0ZS1USVZPTEktU0FCQklBLUJlaWdlLXBvdXItc29scy1ldC1tdXJzLU1hZ2FzaW4tUG9ydG8tVmVuZXJlLWEtTW9udHBlbGxpZXItMzQuanBnIiwic2xpZGVzaG93IjoiMGMwOWM4MSJ9\">\n\t\t\t\t\t<div class=\"e-gallery-image elementor-gallery-item__image\" data-thumbnail=\"https:\/\/www.portovenere.fr\/fr-fr\/wp-content\/uploads\/2026\/01\/Carrelage-effet-mineral-en-gres-cerame-de-qualite-TIVOLI-SABBIA-Beige-pour-sols-et-murs-Magasin-Porto-Venere-a-Montpellier-34-300x300.jpg\" data-width=\"300\" data-height=\"300\" aria-label=\"Carrelage effet min\u00e9ral en gr\u00e8s c\u00e9rame 5 coloris disponibles en finition terrazzo l\u00e9ger ou plus marqu\u00e9 TIVOLI pour int\u00e9rieur et ext\u00e9rieur - Magasin Porto Venere Montpellier pr\u00e8s de S\u00e8te 34\" role=\"img\" ><\/div>\n\t\t\t\t\t\t\t\t\t\t\t<div class=\"elementor-gallery-item__overlay\"><\/div>\n\t\t\t\t\t\t\t\t\t\t\t\t\t\t<\/a>\n\t\t\t\t\t\t\t<a class=\"e-gallery-item elementor-gallery-item elementor-animated-content\" href=\"https:\/\/www.portovenere.fr\/fr-fr\/wp-content\/uploads\/2026\/01\/Carrelage-effet-mineral-en-gres-cerame-de-qualite-TIVOLI-SABBIA-Avorio-pour-sols-et-murs-Magasin-Porto-Venere-pres-de-Palavas-34.jpg\" data-elementor-open-lightbox=\"yes\" data-elementor-lightbox-slideshow=\"0c09c81\" data-elementor-lightbox-title=\"Carrelage-effet-min\u00e9ral-en-gr\u00e8s-c\u00e9rame-de-qualit\u00e9-TIVOLI-SABBIA-Avorio-pour-sols-et-murs-Magasin-Porto-Venere-pr\u00e8s-de-Palavas-34\" data-e-action-hash=\"#elementor-action%3Aaction%3Dlightbox%26settings%3DeyJpZCI6NjkzODYsInVybCI6Imh0dHBzOlwvXC93d3cucG9ydG92ZW5lcmUuZnJcL2ZyLWZyXC93cC1jb250ZW50XC91cGxvYWRzXC8yMDI2XC8wMVwvQ2FycmVsYWdlLWVmZmV0LW1pbmVyYWwtZW4tZ3Jlcy1jZXJhbWUtZGUtcXVhbGl0ZS1USVZPTEktU0FCQklBLUF2b3Jpby1wb3VyLXNvbHMtZXQtbXVycy1NYWdhc2luLVBvcnRvLVZlbmVyZS1wcmVzLWRlLVBhbGF2YXMtMzQuanBnIiwic2xpZGVzaG93IjoiMGMwOWM4MSJ9\">\n\t\t\t\t\t<div class=\"e-gallery-image elementor-gallery-item__image\" data-thumbnail=\"https:\/\/www.portovenere.fr\/fr-fr\/wp-content\/uploads\/2026\/01\/Carrelage-effet-mineral-en-gres-cerame-de-qualite-TIVOLI-SABBIA-Avorio-pour-sols-et-murs-Magasin-Porto-Venere-pres-de-Palavas-34-300x300.jpg\" data-width=\"300\" data-height=\"300\" aria-label=\"Carrelage effet min\u00e9ral en gr\u00e8s c\u00e9rame 5 coloris disponibles en finition terrazzo l\u00e9ger ou plus marqu\u00e9 TIVOLI pour int\u00e9rieur et ext\u00e9rieur - Magasin Porto Venere \u00e0 Montpellier 34\" role=\"img\" ><\/div>\n\t\t\t\t\t\t\t\t\t\t\t<div class=\"elementor-gallery-item__overlay\"><\/div>\n\t\t\t\t\t\t\t\t\t\t\t\t\t\t<\/a>\n\t\t\t\t\t\t\t<a class=\"e-gallery-item elementor-gallery-item elementor-animated-content\" href=\"https:\/\/www.portovenere.fr\/fr-fr\/wp-content\/uploads\/2026\/01\/Carrelage-effet-mineral-en-gres-cerame-de-qualite-TIVOLI-SABBIA-Argilla-pour-sols-et-murs-Magasin-Porto-Venere-pres-de-Mauguio-34.jpg\" data-elementor-open-lightbox=\"yes\" data-elementor-lightbox-slideshow=\"0c09c81\" data-elementor-lightbox-title=\"Carrelage-effet-min\u00e9ral-en-gr\u00e8s-c\u00e9rame-de-qualit\u00e9-TIVOLI-SABBIA-Argilla-pour-sols-et-murs-Magasin-Porto-Venere-pr\u00e8s-de-Mauguio-34\" data-e-action-hash=\"#elementor-action%3Aaction%3Dlightbox%26settings%3DeyJpZCI6NjkzODUsInVybCI6Imh0dHBzOlwvXC93d3cucG9ydG92ZW5lcmUuZnJcL2ZyLWZyXC93cC1jb250ZW50XC91cGxvYWRzXC8yMDI2XC8wMVwvQ2FycmVsYWdlLWVmZmV0LW1pbmVyYWwtZW4tZ3Jlcy1jZXJhbWUtZGUtcXVhbGl0ZS1USVZPTEktU0FCQklBLUFyZ2lsbGEtcG91ci1zb2xzLWV0LW11cnMtTWFnYXNpbi1Qb3J0by1WZW5lcmUtcHJlcy1kZS1NYXVndWlvLTM0LmpwZyIsInNsaWRlc2hvdyI6IjBjMDljODEifQ%3D%3D\">\n\t\t\t\t\t<div class=\"e-gallery-image elementor-gallery-item__image\" data-thumbnail=\"https:\/\/www.portovenere.fr\/fr-fr\/wp-content\/uploads\/2026\/01\/Carrelage-effet-mineral-en-gres-cerame-de-qualite-TIVOLI-SABBIA-Argilla-pour-sols-et-murs-Magasin-Porto-Venere-pres-de-Mauguio-34-300x300.jpg\" data-width=\"300\" data-height=\"300\" aria-label=\"Carrelage effet min\u00e9ral en gr\u00e8s c\u00e9rame 5 coloris disponibles en finition terrazzo l\u00e9ger ou plus marqu\u00e9 TIVOLI pour int\u00e9rieur et ext\u00e9rieur - Magasin Porto Venere \u00e0 Montpellier 34\" role=\"img\" ><\/div>\n\t\t\t\t\t\t\t\t\t\t\t<div class=\"elementor-gallery-item__overlay\"><\/div>\n\t\t\t\t\t\t\t\t\t\t\t\t\t\t<\/a>\n\t\t\t\t\t\t\t<a class=\"e-gallery-item elementor-gallery-item elementor-animated-content\" href=\"https:\/\/www.portovenere.fr\/fr-fr\/wp-content\/uploads\/2026\/01\/Carrelage-effet-mineral-en-gres-cerame-de-qualite-TIVOLI-SABBIA-Antracite-pour-sols-et-murs-Magasin-Porto-Venere-pres-de-Saint-Jean-de-Vedas-34.jpg\" data-elementor-open-lightbox=\"yes\" data-elementor-lightbox-slideshow=\"0c09c81\" data-elementor-lightbox-title=\"Carrelage-effet-min\u00e9ral-en-gr\u00e8s-c\u00e9rame-de-qualit\u00e9-TIVOLI-SABBIA-Antracite-pour-sols-et-murs-Magasin-Porto-Venere-pr\u00e8s-de-Saint-Jean-de-V\u00e9das-34\" data-e-action-hash=\"#elementor-action%3Aaction%3Dlightbox%26settings%3DeyJpZCI6NjkzODQsInVybCI6Imh0dHBzOlwvXC93d3cucG9ydG92ZW5lcmUuZnJcL2ZyLWZyXC93cC1jb250ZW50XC91cGxvYWRzXC8yMDI2XC8wMVwvQ2FycmVsYWdlLWVmZmV0LW1pbmVyYWwtZW4tZ3Jlcy1jZXJhbWUtZGUtcXVhbGl0ZS1USVZPTEktU0FCQklBLUFudHJhY2l0ZS1wb3VyLXNvbHMtZXQtbXVycy1NYWdhc2luLVBvcnRvLVZlbmVyZS1wcmVzLWRlLVNhaW50LUplYW4tZGUtVmVkYXMtMzQuanBnIiwic2xpZGVzaG93IjoiMGMwOWM4MSJ9\">\n\t\t\t\t\t<div class=\"e-gallery-image elementor-gallery-item__image\" data-thumbnail=\"https:\/\/www.portovenere.fr\/fr-fr\/wp-content\/uploads\/2026\/01\/Carrelage-effet-mineral-en-gres-cerame-de-qualite-TIVOLI-SABBIA-Antracite-pour-sols-et-murs-Magasin-Porto-Venere-pres-de-Saint-Jean-de-Vedas-34-300x300.jpg\" data-width=\"300\" data-height=\"300\" aria-label=\"Carrelage effet min\u00e9ral en gr\u00e8s c\u00e9rame 5 coloris disponibles en finition terrazzo l\u00e9ger ou plus marqu\u00e9 TIVOLI pour int\u00e9rieur et ext\u00e9rieur - Magasin Porto Venere \u00e0 Montpellier 34\" role=\"img\" ><\/div>\n\t\t\t\t\t\t\t\t\t\t\t<div class=\"elementor-gallery-item__overlay\"><\/div>\n\t\t\t\t\t\t\t\t\t\t\t\t\t\t<\/a>\n\t\t\t\t\t\t\t<a class=\"e-gallery-item elementor-gallery-item elementor-animated-content\" href=\"https:\/\/www.portovenere.fr\/fr-fr\/wp-content\/uploads\/2026\/01\/Carrelage-effet-terrazzo-clair-en-gres-cerame-de-qualite-TIVOLI-SASSI-Avorio-pour-sols-et-murs-Magasin-Porto-Venere-pres-de-Lattes.jpg\" data-elementor-open-lightbox=\"yes\" data-elementor-lightbox-slideshow=\"0c09c81\" data-elementor-lightbox-title=\"Carrelage-effet-terrazzo-clair-en-gr\u00e8s-c\u00e9rame-de-qualit\u00e9-TIVOLI-SASSI-Avorio-pour-sols-et-murs-Magasin-Porto-Venere-pr\u00e8s-de-Lattes\" data-e-action-hash=\"#elementor-action%3Aaction%3Dlightbox%26settings%3DeyJpZCI6NjkzNzgsInVybCI6Imh0dHBzOlwvXC93d3cucG9ydG92ZW5lcmUuZnJcL2ZyLWZyXC93cC1jb250ZW50XC91cGxvYWRzXC8yMDI2XC8wMVwvQ2FycmVsYWdlLWVmZmV0LXRlcnJhenpvLWNsYWlyLWVuLWdyZXMtY2VyYW1lLWRlLXF1YWxpdGUtVElWT0xJLVNBU1NJLUF2b3Jpby1wb3VyLXNvbHMtZXQtbXVycy1NYWdhc2luLVBvcnRvLVZlbmVyZS1wcmVzLWRlLUxhdHRlcy5qcGciLCJzbGlkZXNob3ciOiIwYzA5YzgxIn0%3D\">\n\t\t\t\t\t<div class=\"e-gallery-image elementor-gallery-item__image\" data-thumbnail=\"https:\/\/www.portovenere.fr\/fr-fr\/wp-content\/uploads\/2026\/01\/Carrelage-effet-terrazzo-clair-en-gres-cerame-de-qualite-TIVOLI-SASSI-Avorio-pour-sols-et-murs-Magasin-Porto-Venere-pres-de-Lattes-300x300.jpg\" data-width=\"300\" data-height=\"300\" aria-label=\"Carrelage effet terrazzo en gr\u00e8s c\u00e9rame 5 coloris disponibles en finition terrazzo l\u00e9ger ou plus marqu\u00e9 TIVOLI pour int\u00e9rieur et ext\u00e9rieur - Magasin Porto Venere \u00e0 Montpellier 34\" role=\"img\" ><\/div>\n\t\t\t\t\t\t\t\t\t\t\t<div class=\"elementor-gallery-item__overlay\"><\/div>\n\t\t\t\t\t\t\t\t\t\t\t\t\t\t<\/a>\n\t\t\t\t\t\t\t<a class=\"e-gallery-item elementor-gallery-item elementor-animated-content\" href=\"https:\/\/www.portovenere.fr\/fr-fr\/wp-content\/uploads\/2026\/01\/Carrelage-effet-terrazzo-gris-en-gres-cerame-de-qualite-TIVOLI-SASSI-Grigio-pour-sols-et-murs-Magasin-Porto-Venere-pres-de-Clapiers.jpg\" data-elementor-open-lightbox=\"yes\" data-elementor-lightbox-slideshow=\"0c09c81\" data-elementor-lightbox-title=\"Carrelage-effet-terrazzo-gris-en-gr\u00e8s-c\u00e9rame-de-qualit\u00e9-TIVOLI-SASSI-Grigio-pour-sols-et-murs-Magasin-Porto-Venere-pr\u00e8s-de-Clapiers\" data-e-action-hash=\"#elementor-action%3Aaction%3Dlightbox%26settings%3DeyJpZCI6NjkzODIsInVybCI6Imh0dHBzOlwvXC93d3cucG9ydG92ZW5lcmUuZnJcL2ZyLWZyXC93cC1jb250ZW50XC91cGxvYWRzXC8yMDI2XC8wMVwvQ2FycmVsYWdlLWVmZmV0LXRlcnJhenpvLWdyaXMtZW4tZ3Jlcy1jZXJhbWUtZGUtcXVhbGl0ZS1USVZPTEktU0FTU0ktR3JpZ2lvLXBvdXItc29scy1ldC1tdXJzLU1hZ2FzaW4tUG9ydG8tVmVuZXJlLXByZXMtZGUtQ2xhcGllcnMuanBnIiwic2xpZGVzaG93IjoiMGMwOWM4MSJ9\">\n\t\t\t\t\t<div class=\"e-gallery-image elementor-gallery-item__image\" data-thumbnail=\"https:\/\/www.portovenere.fr\/fr-fr\/wp-content\/uploads\/2026\/01\/Carrelage-effet-terrazzo-gris-en-gres-cerame-de-qualite-TIVOLI-SASSI-Grigio-pour-sols-et-murs-Magasin-Porto-Venere-pres-de-Clapiers-300x300.jpg\" data-width=\"300\" data-height=\"300\" aria-label=\"Carrelage effet terrazzo en gr\u00e8s c\u00e9rame 5 coloris disponibles en finition terrazzo l\u00e9ger ou plus marqu\u00e9 TIVOLI pour int\u00e9rieur et ext\u00e9rieur - Magasin Porto Venere \u00e0 Montpellier 34\" role=\"img\" ><\/div>\n\t\t\t\t\t\t\t\t\t\t\t<div class=\"elementor-gallery-item__overlay\"><\/div>\n\t\t\t\t\t\t\t\t\t\t\t\t\t\t<\/a>\n\t\t\t\t\t\t\t<a class=\"e-gallery-item elementor-gallery-item elementor-animated-content\" href=\"https:\/\/www.portovenere.fr\/fr-fr\/wp-content\/uploads\/2026\/01\/Carrelage-effet-terrazzo-en-gres-cerame-de-qualite-TIVOLI-SASSI-Argilla-pour-sols-et-murs-Magasin-Porto-Venere-pres-de-Perols.jpg\" data-elementor-open-lightbox=\"yes\" data-elementor-lightbox-slideshow=\"0c09c81\" data-elementor-lightbox-title=\"Carrelage-effet-terrazzo-en-gr\u00e8s-c\u00e9rame-de-qualit\u00e9-TIVOLI-SASSI-Argilla-pour-sols-et-murs-Magasin-Porto-Venere-pr\u00e8s-de-P\u00e9rols\" data-e-action-hash=\"#elementor-action%3Aaction%3Dlightbox%26settings%3DeyJpZCI6NjkzODEsInVybCI6Imh0dHBzOlwvXC93d3cucG9ydG92ZW5lcmUuZnJcL2ZyLWZyXC93cC1jb250ZW50XC91cGxvYWRzXC8yMDI2XC8wMVwvQ2FycmVsYWdlLWVmZmV0LXRlcnJhenpvLWVuLWdyZXMtY2VyYW1lLWRlLXF1YWxpdGUtVElWT0xJLVNBU1NJLUFyZ2lsbGEtcG91ci1zb2xzLWV0LW11cnMtTWFnYXNpbi1Qb3J0by1WZW5lcmUtcHJlcy1kZS1QZXJvbHMuanBnIiwic2xpZGVzaG93IjoiMGMwOWM4MSJ9\">\n\t\t\t\t\t<div class=\"e-gallery-image elementor-gallery-item__image\" data-thumbnail=\"https:\/\/www.portovenere.fr\/fr-fr\/wp-content\/uploads\/2026\/01\/Carrelage-effet-terrazzo-en-gres-cerame-de-qualite-TIVOLI-SASSI-Argilla-pour-sols-et-murs-Magasin-Porto-Venere-pres-de-Perols-300x300.jpg\" data-width=\"300\" data-height=\"300\" aria-label=\"Carrelage effet terrazzo en gr\u00e8s c\u00e9rame 5 coloris disponibles en finition terrazzo l\u00e9ger ou plus marqu\u00e9 TIVOLI pour int\u00e9rieur et ext\u00e9rieur - Magasin Porto Venere \u00e0 Montpellier 34\" role=\"img\" ><\/div>\n\t\t\t\t\t\t\t\t\t\t\t<div class=\"elementor-gallery-item__overlay\"><\/div>\n\t\t\t\t\t\t\t\t\t\t\t\t\t\t<\/a>\n\t\t\t\t\t\t\t<a class=\"e-gallery-item elementor-gallery-item elementor-animated-content\" href=\"https:\/\/www.portovenere.fr\/fr-fr\/wp-content\/uploads\/2026\/01\/Carrelage-effet-terrazzo-en-gres-cerame-de-qualite-TIVOLI-SASSI-Antracite-pour-sols-et-murs-Magasin-Porto-Venere-pres-de-Saint-Clement-de-Riviere-34.jpg\" data-elementor-open-lightbox=\"yes\" data-elementor-lightbox-slideshow=\"0c09c81\" data-elementor-lightbox-title=\"Carrelage-effet-terrazzo-en-gr\u00e8s-c\u00e9rame-de-qualit\u00e9-TIVOLI-SASSI-Antracite-pour-sols-et-murs-Magasin-Porto-Venere-pr\u00e8s-de-Saint-Cl\u00e9ment-de-Rivi\u00e8re-34\" data-e-action-hash=\"#elementor-action%3Aaction%3Dlightbox%26settings%3DeyJpZCI6NjkzODAsInVybCI6Imh0dHBzOlwvXC93d3cucG9ydG92ZW5lcmUuZnJcL2ZyLWZyXC93cC1jb250ZW50XC91cGxvYWRzXC8yMDI2XC8wMVwvQ2FycmVsYWdlLWVmZmV0LXRlcnJhenpvLWVuLWdyZXMtY2VyYW1lLWRlLXF1YWxpdGUtVElWT0xJLVNBU1NJLUFudHJhY2l0ZS1wb3VyLXNvbHMtZXQtbXVycy1NYWdhc2luLVBvcnRvLVZlbmVyZS1wcmVzLWRlLVNhaW50LUNsZW1lbnQtZGUtUml2aWVyZS0zNC5qcGciLCJzbGlkZXNob3ciOiIwYzA5YzgxIn0%3D\">\n\t\t\t\t\t<div class=\"e-gallery-image elementor-gallery-item__image\" data-thumbnail=\"https:\/\/www.portovenere.fr\/fr-fr\/wp-content\/uploads\/2026\/01\/Carrelage-effet-terrazzo-en-gres-cerame-de-qualite-TIVOLI-SASSI-Antracite-pour-sols-et-murs-Magasin-Porto-Venere-pres-de-Saint-Clement-de-Riviere-34-300x300.jpg\" data-width=\"300\" data-height=\"300\" aria-label=\"Carrelage effet terrazzo en gr\u00e8s c\u00e9rame 5 coloris disponibles en finition terrazzo l\u00e9ger ou plus marqu\u00e9 TIVOLI pour int\u00e9rieur et ext\u00e9rieur - Magasin Porto Venere \u00e0 Montpellier 34\" role=\"img\" ><\/div>\n\t\t\t\t\t\t\t\t\t\t\t<div class=\"elementor-gallery-item__overlay\"><\/div>\n\t\t\t\t\t\t\t\t\t\t\t\t\t\t<\/a>\n\t\t\t\t\t\t\t<a class=\"e-gallery-item elementor-gallery-item elementor-animated-content\" href=\"https:\/\/www.portovenere.fr\/fr-fr\/wp-content\/uploads\/2026\/01\/Carrelage-effet-terrazzo-clair-en-gres-cerame-de-qualite-TIVOLI-SASSI-Beige-pour-sols-et-murs-Magasin-Porto-Venere-pres-de-Baillargues.jpg\" data-elementor-open-lightbox=\"yes\" data-elementor-lightbox-slideshow=\"0c09c81\" data-elementor-lightbox-title=\"Carrelage-effet-terrazzo-clair-en-gr\u00e8s-c\u00e9rame-de-qualit\u00e9-TIVOLI-SASSI-Beige-pour-sols-et-murs-Magasin-Porto-Venere-pr\u00e8s-de-Baillargues\" data-e-action-hash=\"#elementor-action%3Aaction%3Dlightbox%26settings%3DeyJpZCI6NjkzNzksInVybCI6Imh0dHBzOlwvXC93d3cucG9ydG92ZW5lcmUuZnJcL2ZyLWZyXC93cC1jb250ZW50XC91cGxvYWRzXC8yMDI2XC8wMVwvQ2FycmVsYWdlLWVmZmV0LXRlcnJhenpvLWNsYWlyLWVuLWdyZXMtY2VyYW1lLWRlLXF1YWxpdGUtVElWT0xJLVNBU1NJLUJlaWdlLXBvdXItc29scy1ldC1tdXJzLU1hZ2FzaW4tUG9ydG8tVmVuZXJlLXByZXMtZGUtQmFpbGxhcmd1ZXMuanBnIiwic2xpZGVzaG93IjoiMGMwOWM4MSJ9\">\n\t\t\t\t\t<div class=\"e-gallery-image elementor-gallery-item__image\" data-thumbnail=\"https:\/\/www.portovenere.fr\/fr-fr\/wp-content\/uploads\/2026\/01\/Carrelage-effet-terrazzo-clair-en-gres-cerame-de-qualite-TIVOLI-SASSI-Beige-pour-sols-et-murs-Magasin-Porto-Venere-pres-de-Baillargues-300x300.jpg\" data-width=\"300\" data-height=\"300\" aria-label=\"Carrelage effet terrazzo en gr\u00e8s c\u00e9rame 5 coloris disponibles en finition terrazzo l\u00e9ger ou plus marqu\u00e9 TIVOLI pour int\u00e9rieur et ext\u00e9rieur - Magasin Porto Venere \u00e0 Montpellier 34\" role=\"img\" ><\/div>\n\t\t\t\t\t\t\t\t\t\t\t<div class=\"elementor-gallery-item__overlay\"><\/div>\n\t\t\t\t\t\t\t\t\t\t\t\t\t\t<\/a>\n\t\t\t\t\t\t\t<a class=\"e-gallery-item elementor-gallery-item elementor-animated-content\" href=\"https:\/\/www.portovenere.fr\/fr-fr\/wp-content\/uploads\/2026\/01\/Carrelage-sol-et-mur-effet-pierre-minerale-et-terrazzo-TIVOLI-mosaique-Pailladiana-style-morceaux-irreguliers-mix-mat-et-poli-mat-Magasin-Porto-Venere-a-Montpellier-34.png\" data-elementor-open-lightbox=\"yes\" data-elementor-lightbox-slideshow=\"0c09c81\" data-elementor-lightbox-title=\"Carrelage sol et mur effet pierre min\u00e9rale et terrazzo TIVOLI mosa\u00efque Pailladiana style morceaux irr\u00e9guliers mix mat et poli mat Magasin Porto Venere \u00e0 Montpellier 34\" data-e-action-hash=\"#elementor-action%3Aaction%3Dlightbox%26settings%3DeyJpZCI6NjkzODksInVybCI6Imh0dHBzOlwvXC93d3cucG9ydG92ZW5lcmUuZnJcL2ZyLWZyXC93cC1jb250ZW50XC91cGxvYWRzXC8yMDI2XC8wMVwvQ2FycmVsYWdlLXNvbC1ldC1tdXItZWZmZXQtcGllcnJlLW1pbmVyYWxlLWV0LXRlcnJhenpvLVRJVk9MSS1tb3NhaXF1ZS1QYWlsbGFkaWFuYS1zdHlsZS1tb3JjZWF1eC1pcnJlZ3VsaWVycy1taXgtbWF0LWV0LXBvbGktbWF0LU1hZ2FzaW4tUG9ydG8tVmVuZXJlLWEtTW9udHBlbGxpZXItMzQucG5nIiwic2xpZGVzaG93IjoiMGMwOWM4MSJ9\">\n\t\t\t\t\t<div class=\"e-gallery-image elementor-gallery-item__image\" data-thumbnail=\"https:\/\/www.portovenere.fr\/fr-fr\/wp-content\/uploads\/2026\/01\/Carrelage-sol-et-mur-effet-pierre-minerale-et-terrazzo-TIVOLI-mosaique-Pailladiana-style-morceaux-irreguliers-mix-mat-et-poli-mat-Magasin-Porto-Venere-a-Montpellier-34-300x229.png\" data-width=\"300\" data-height=\"229\" aria-label=\"Carrelage effet min\u00e9ral en mosa\u00efque gr\u00e8s c\u00e9rame 5 coloris TIVOLI - Magasin Porto Venere Montpellier pr\u00e8s de Mauguio 34\" role=\"img\" ><\/div>\n\t\t\t\t\t\t\t\t\t\t\t<div class=\"elementor-gallery-item__overlay\"><\/div>\n\t\t\t\t\t\t\t\t\t\t\t\t\t\t<\/a>\n\t\t\t\t\t<\/div>\n\t\t\t\t\t<\/div>\n\t\t\t\t<\/div>\n\t\t\t\t<div class=\"elementor-element elementor-element-99b92eb elementor-widget elementor-widget-text-editor\" data-id=\"99b92eb\" data-element_type=\"widget\" data-e-type=\"widget\" data-widget_type=\"text-editor.default\">\n\t\t\t\t<div class=\"elementor-widget-container\">\n\t\t\t\t\t\t\t\t\t<p data-start=\"2040\" data-end=\"2320\"><strong data-start=\"2040\" data-end=\"2050\">TIVOLI<\/strong> r\u00e9interpr\u00e8te le terrazzo italien dans une version contemporaine, \u00e9l\u00e9gante et textur\u00e9e.<b> Inspir\u00e9e d\u2019une pierre calcaire enrichie de fragments min\u00e9raux<\/b>, la collection propose des surfaces vivantes et \u00e9quilibr\u00e9es, adapt\u00e9es aux <b>sols et murs,<\/b> en <b>int\u00e9rieur comme en ext\u00e9rieur.<\/b><\/p>\n<p data-start=\"2322\" data-end=\"2715\">Disponible en <b><span data-start=\"2336\" data-end=\"2361\">cinq coloris naturels<\/span>,<\/b> TIVOLI se d\u00e9cline en <b>deux effets graphiques \u2013 l\u00e9ger ou plus marqu\u00e9<\/b> \u2013 et en <strong data-start=\"2438\" data-end=\"2488\">finitions naturelle, poli mat et antid\u00e9rapante<\/strong>.&nbsp;<\/p><p data-start=\"2322\" data-end=\"2715\">Ses nombreux formats, du petit module au grand carreau, ainsi que des <b><span data-start=\"2560\" data-end=\"2593\">dalles 20 mm pour l\u2019ext\u00e9rieur<\/span>, <\/b>permettent une grande libert\u00e9 de cr\u00e9ation. Une mosa\u00efque d\u00e9corative vient compl\u00e9ter la gamme pour des projets sur mesure.<\/p>\t\t\t\t\t\t\t\t<\/div>\n\t\t\t\t<\/div>\n\t\t\t\t<div class=\"elementor-element elementor-element-0caf40f elementor-mobile-align-center elementor-widget elementor-widget-button\" data-id=\"0caf40f\" data-element_type=\"widget\" data-e-type=\"widget\" data-widget_type=\"button.default\">\n\t\t\t\t<div class=\"elementor-widget-container\">\n\t\t\t\t\t\t\t\t\t<div class=\"elementor-button-wrapper\">\n\t\t\t\t\t<a class=\"elementor-button elementor-button-link elementor-size-sm\" href=\"https:\/\/www.portovenere.fr\/fr-fr\/carrelage-sol-et-mur-en-gres-cerame-et-faience\/carrelage-aspect-pierre\/carrelage-effet-terrazzo-pour-sols-et-murs-tivoli\/\">\n\t\t\t\t\t\t<span class=\"elementor-button-content-wrapper\">\n\t\t\t\t\t\t\t\t\t<span class=\"elementor-button-text\">Voir la collection<\/span>\n\t\t\t\t\t<\/span>\n\t\t\t\t\t<\/a>\n\t\t\t\t<\/div>\n\t\t\t\t\t\t\t\t<\/div>\n\t\t\t\t<\/div>\n\t\t\t\t\t<\/div>\n\t\t<\/div>\n\t\t\t\t\t<\/div>\n\t\t<\/section>\n\t\t\t\t\t<\/div>\n\t\t<\/div>\n\t\t\t\t\t<\/div>\n\t\t<\/section>\n\t\t\t\t<section class=\"elementor-section elementor-top-section elementor-element elementor-element-aaaae4a elementor-section-full_width elementor-section-height-default elementor-section-height-default elementor-invisible\" data-id=\"aaaae4a\" data-element_type=\"section\" data-e-type=\"section\" data-settings=\"{&quot;animation&quot;:&quot;fadeIn&quot;}\">\n\t\t\t\t\t\t<div class=\"elementor-container elementor-column-gap-default\">\n\t\t\t\t\t<div class=\"elementor-column elementor-col-33 elementor-top-column elementor-element elementor-element-529d03b0\" data-id=\"529d03b0\" data-element_type=\"column\" data-e-type=\"column\" data-settings=\"{&quot;background_background&quot;:&quot;classic&quot;}\">\n\t\t\t<div class=\"elementor-widget-wrap elementor-element-populated\">\n\t\t\t\t\t\t<div class=\"elementor-element elementor-element-4d745f9 elementor-widget elementor-widget-image\" data-id=\"4d745f9\" data-element_type=\"widget\" data-e-type=\"widget\" data-widget_type=\"image.default\">\n\t\t\t\t<div class=\"elementor-widget-container\">\n\t\t\t\t\t\t\t\t\t\t\t\t\t\t\t\t<a href=\"https:\/\/www.portovenere.fr\/fr-fr\/carrelage-sol-et-mur-en-gres-cerame-et-faience\/carrelage-aspect-pierre\/carrelage-haut-de-gamme-pierre-calcaire-capietra\/\">\n\t\t\t\t\t\t\t<img decoding=\"async\" src=\"https:\/\/www.portovenere.fr\/fr-fr\/wp-content\/uploads\/elementor\/thumbs\/Carrelage-haut-de-gamme-effet-pierre-calcaire-pour-sol-interieur-et-exterieur-CAPIETRA-et-habillage-mural-villa-contemporaine-pres-de-Cannes-06-rgwu2mkmalptcmpb3i938z2oksqxz2b4l38078c8g0.jpg\" title=\"Carrelage-haut-de-gamme-effet-pierre-calcaire-pour-sol-interieur-et-exterieur-CAPIETRA-et-habillage-mural-villa-contemporaine-pr\u00e8s-de-Cannes-06\" alt=\"Villa contemporaine d&#039;architecte avec sol en carrelage gr\u00e8s c\u00e9rame haut de gamme CAPIETRA int\u00e9rieur et terrasse dans la m\u00eame teinte - Magasin Porto Venere Montpellier pr\u00e8s de Marseille 13\" loading=\"lazy\" \/>\t\t\t\t\t\t\t\t<\/a>\n\t\t\t\t\t\t\t\t\t\t\t\t\t\t\t<\/div>\n\t\t\t\t<\/div>\n\t\t\t\t<div class=\"elementor-element elementor-element-275405d7 elementor-widget elementor-widget-heading\" data-id=\"275405d7\" data-element_type=\"widget\" data-e-type=\"widget\" data-widget_type=\"heading.default\">\n\t\t\t\t<div class=\"elementor-widget-container\">\n\t\t\t\t\t<h3 class=\"elementor-heading-title elementor-size-default\"><a href=\"https:\/\/www.portovenere.fr\/fr-fr\/carrelage-sol-et-mur-en-gres-cerame-et-faience\/carrelage-aspect-pierre\/carrelage-haut-de-gamme-pierre-calcaire-capietra\/\">CAPIETRA | 5 coloris &amp; D\u00e9cors<\/a><\/h3>\t\t\t\t<\/div>\n\t\t\t\t<\/div>\n\t\t\t\t<div class=\"elementor-element elementor-element-5f1cfeb2 elementor-widget__width-initial elementor-widget elementor-widget-gallery\" data-id=\"5f1cfeb2\" data-element_type=\"widget\" data-e-type=\"widget\" data-settings=\"{&quot;gap&quot;:{&quot;unit&quot;:&quot;px&quot;,&quot;size&quot;:3,&quot;sizes&quot;:[]},&quot;columns_mobile&quot;:3,&quot;gap_mobile&quot;:{&quot;unit&quot;:&quot;px&quot;,&quot;size&quot;:6,&quot;sizes&quot;:[]},&quot;columns&quot;:5,&quot;columns_tablet&quot;:5,&quot;gap_tablet&quot;:{&quot;unit&quot;:&quot;px&quot;,&quot;size&quot;:5,&quot;sizes&quot;:[]},&quot;lazyload&quot;:&quot;yes&quot;,&quot;gallery_layout&quot;:&quot;grid&quot;,&quot;link_to&quot;:&quot;file&quot;,&quot;aspect_ratio&quot;:&quot;3:2&quot;,&quot;overlay_background&quot;:&quot;yes&quot;,&quot;content_hover_animation&quot;:&quot;fade-in&quot;}\" data-widget_type=\"gallery.default\">\n\t\t\t\t<div class=\"elementor-widget-container\">\n\t\t\t\t\t\t\t<div class=\"elementor-gallery__container\">\n\t\t\t\t\t\t\t<a class=\"e-gallery-item elementor-gallery-item elementor-animated-content\" href=\"https:\/\/www.portovenere.fr\/fr-fr\/wp-content\/uploads\/2025\/12\/Carrelage-gris-haut-de-gamme-effet-pierre-calcaire-pour-interieur-et-exterieur-teinte-grise-CAPIETRA-Cloud-Magasin-Porto-Venere-Montpellier-pres-de-Balaruc-34.jpg\" data-elementor-open-lightbox=\"yes\" data-elementor-lightbox-slideshow=\"5f1cfeb2\" data-elementor-lightbox-title=\"Carrelage-gris-haut-de-gamme-effet-pierre-calcaire-pour-interieur-et-exterieur-teinte-grise-CAPIETRA-Cloud-Magasin-Porto-Venere-Montpellier-pr\u00e8s-de-Balaruc-34\" data-e-action-hash=\"#elementor-action%3Aaction%3Dlightbox%26settings%3DeyJpZCI6Njg2OTIsInVybCI6Imh0dHBzOlwvXC93d3cucG9ydG92ZW5lcmUuZnJcL2ZyLWZyXC93cC1jb250ZW50XC91cGxvYWRzXC8yMDI1XC8xMlwvQ2FycmVsYWdlLWdyaXMtaGF1dC1kZS1nYW1tZS1lZmZldC1waWVycmUtY2FsY2FpcmUtcG91ci1pbnRlcmlldXItZXQtZXh0ZXJpZXVyLXRlaW50ZS1ncmlzZS1DQVBJRVRSQS1DbG91ZC1NYWdhc2luLVBvcnRvLVZlbmVyZS1Nb250cGVsbGllci1wcmVzLWRlLUJhbGFydWMtMzQuanBnIiwic2xpZGVzaG93IjoiNWYxY2ZlYjIifQ%3D%3D\">\n\t\t\t\t\t<div class=\"e-gallery-image elementor-gallery-item__image\" data-thumbnail=\"https:\/\/www.portovenere.fr\/fr-fr\/wp-content\/uploads\/2025\/12\/Carrelage-gris-haut-de-gamme-effet-pierre-calcaire-pour-interieur-et-exterieur-teinte-grise-CAPIETRA-Cloud-Magasin-Porto-Venere-Montpellier-pres-de-Balaruc-34-150x150.jpg\" data-width=\"150\" data-height=\"150\" aria-label=\"Carrelage effet pierre calcaire en gr\u00e8s c\u00e9rame de grande qualit\u00e9 1er choix Porto Venere Montpellier\" role=\"img\" ><\/div>\n\t\t\t\t\t\t\t\t\t\t\t<div class=\"elementor-gallery-item__overlay\"><\/div>\n\t\t\t\t\t\t\t\t\t\t\t\t\t\t<\/a>\n\t\t\t\t\t\t\t<a class=\"e-gallery-item elementor-gallery-item elementor-animated-content\" href=\"https:\/\/www.portovenere.fr\/fr-fr\/wp-content\/uploads\/2025\/12\/Carrelage-haut-de-gamme-effet-pierre-calcaire-claire-pour-interieur-et-exterieur-CAPIETRA-Blanc-Magasin-Porto-Venere-Montpellier-pres-de-Sete-34.jpg\" data-elementor-open-lightbox=\"yes\" data-elementor-lightbox-slideshow=\"5f1cfeb2\" data-elementor-lightbox-title=\"Carrelage-haut-de-gamme-effet-pierre-calcaire-claire-pour-interieur-et-exterieur-CAPIETRA-Blanc-Magasin-Porto-Venere-Montpellier-pr\u00e8s-de-S\u00e8te-34\" data-e-action-hash=\"#elementor-action%3Aaction%3Dlightbox%26settings%3DeyJpZCI6Njg2OTMsInVybCI6Imh0dHBzOlwvXC93d3cucG9ydG92ZW5lcmUuZnJcL2ZyLWZyXC93cC1jb250ZW50XC91cGxvYWRzXC8yMDI1XC8xMlwvQ2FycmVsYWdlLWhhdXQtZGUtZ2FtbWUtZWZmZXQtcGllcnJlLWNhbGNhaXJlLWNsYWlyZS1wb3VyLWludGVyaWV1ci1ldC1leHRlcmlldXItQ0FQSUVUUkEtQmxhbmMtTWFnYXNpbi1Qb3J0by1WZW5lcmUtTW9udHBlbGxpZXItcHJlcy1kZS1TZXRlLTM0LmpwZyIsInNsaWRlc2hvdyI6IjVmMWNmZWIyIn0%3D\">\n\t\t\t\t\t<div class=\"e-gallery-image elementor-gallery-item__image\" data-thumbnail=\"https:\/\/www.portovenere.fr\/fr-fr\/wp-content\/uploads\/2025\/12\/Carrelage-haut-de-gamme-effet-pierre-calcaire-claire-pour-interieur-et-exterieur-CAPIETRA-Blanc-Magasin-Porto-Venere-Montpellier-pres-de-Sete-34-150x150.jpg\" data-width=\"150\" data-height=\"150\" aria-label=\"Carrelage effet pierre calcaire en gr\u00e8s c\u00e9rame de grande qualit\u00e9 1er choix Porto Venere Montpellier\" role=\"img\" ><\/div>\n\t\t\t\t\t\t\t\t\t\t\t<div class=\"elementor-gallery-item__overlay\"><\/div>\n\t\t\t\t\t\t\t\t\t\t\t\t\t\t<\/a>\n\t\t\t\t\t\t\t<a class=\"e-gallery-item elementor-gallery-item elementor-animated-content\" href=\"https:\/\/www.portovenere.fr\/fr-fr\/wp-content\/uploads\/2025\/12\/Carrelage-haut-de-gamme-effet-pierre-calcaire-pour-interieur-et-exterieur-teinte-terre-CAPIETRA-Earth-Magasin-Porto-Venere-Montpellier-pres-de-Castlenau-le-lez-34.jpg\" data-elementor-open-lightbox=\"yes\" data-elementor-lightbox-slideshow=\"5f1cfeb2\" data-elementor-lightbox-title=\"Carrelage-haut-de-gamme-effet-pierre-calcaire-pour-interieur-et-exterieur-teinte-terre-CAPIETRA-Earth-Magasin-Porto-Venere-Montpellier-pr\u00e8s-de-Castlenau-le-lez-34\" data-e-action-hash=\"#elementor-action%3Aaction%3Dlightbox%26settings%3DeyJpZCI6Njg2OTUsInVybCI6Imh0dHBzOlwvXC93d3cucG9ydG92ZW5lcmUuZnJcL2ZyLWZyXC93cC1jb250ZW50XC91cGxvYWRzXC8yMDI1XC8xMlwvQ2FycmVsYWdlLWhhdXQtZGUtZ2FtbWUtZWZmZXQtcGllcnJlLWNhbGNhaXJlLXBvdXItaW50ZXJpZXVyLWV0LWV4dGVyaWV1ci10ZWludGUtdGVycmUtQ0FQSUVUUkEtRWFydGgtTWFnYXNpbi1Qb3J0by1WZW5lcmUtTW9udHBlbGxpZXItcHJlcy1kZS1DYXN0bGVuYXUtbGUtbGV6LTM0LmpwZyIsInNsaWRlc2hvdyI6IjVmMWNmZWIyIn0%3D\">\n\t\t\t\t\t<div class=\"e-gallery-image elementor-gallery-item__image\" data-thumbnail=\"https:\/\/www.portovenere.fr\/fr-fr\/wp-content\/uploads\/2025\/12\/Carrelage-haut-de-gamme-effet-pierre-calcaire-pour-interieur-et-exterieur-teinte-terre-CAPIETRA-Earth-Magasin-Porto-Venere-Montpellier-pres-de-Castlenau-le-lez-34-150x150.jpg\" data-width=\"150\" data-height=\"150\" aria-label=\"Carrelage effet pierre calcaire en gr\u00e8s c\u00e9rame de grande qualit\u00e9 1er choix Porto Venere Montpellier\" role=\"img\" ><\/div>\n\t\t\t\t\t\t\t\t\t\t\t<div class=\"elementor-gallery-item__overlay\"><\/div>\n\t\t\t\t\t\t\t\t\t\t\t\t\t\t<\/a>\n\t\t\t\t\t\t\t<a class=\"e-gallery-item elementor-gallery-item elementor-animated-content\" href=\"https:\/\/www.portovenere.fr\/fr-fr\/wp-content\/uploads\/2025\/12\/Carrelage-haut-de-gamme-effet-pierre-calcaire-claire-pour-interieur-et-exterieur-CAPIETRA-Dune-Magasin-Porto-Venere-Montpellier-pres-de-Lunel-34.jpg\" data-elementor-open-lightbox=\"yes\" data-elementor-lightbox-slideshow=\"5f1cfeb2\" data-elementor-lightbox-title=\"Carrelage-haut-de-gamme-effet-pierre-calcaire-claire-pour-interieur-et-exterieur-CAPIETRA-Dune-Magasin-Porto-Venere-Montpellier-pr\u00e8s-de-Lunel-34\" data-e-action-hash=\"#elementor-action%3Aaction%3Dlightbox%26settings%3DeyJpZCI6Njg2OTQsInVybCI6Imh0dHBzOlwvXC93d3cucG9ydG92ZW5lcmUuZnJcL2ZyLWZyXC93cC1jb250ZW50XC91cGxvYWRzXC8yMDI1XC8xMlwvQ2FycmVsYWdlLWhhdXQtZGUtZ2FtbWUtZWZmZXQtcGllcnJlLWNhbGNhaXJlLWNsYWlyZS1wb3VyLWludGVyaWV1ci1ldC1leHRlcmlldXItQ0FQSUVUUkEtRHVuZS1NYWdhc2luLVBvcnRvLVZlbmVyZS1Nb250cGVsbGllci1wcmVzLWRlLUx1bmVsLTM0LmpwZyIsInNsaWRlc2hvdyI6IjVmMWNmZWIyIn0%3D\">\n\t\t\t\t\t<div class=\"e-gallery-image elementor-gallery-item__image\" data-thumbnail=\"https:\/\/www.portovenere.fr\/fr-fr\/wp-content\/uploads\/2025\/12\/Carrelage-haut-de-gamme-effet-pierre-calcaire-claire-pour-interieur-et-exterieur-CAPIETRA-Dune-Magasin-Porto-Venere-Montpellier-pres-de-Lunel-34-150x150.jpg\" data-width=\"150\" data-height=\"150\" aria-label=\"Carrelage effet pierre calcaire en gr\u00e8s c\u00e9rame de grande qualit\u00e9 1er choix Porto Venere Montpellier\" role=\"img\" ><\/div>\n\t\t\t\t\t\t\t\t\t\t\t<div class=\"elementor-gallery-item__overlay\"><\/div>\n\t\t\t\t\t\t\t\t\t\t\t\t\t\t<\/a>\n\t\t\t\t\t\t\t<a class=\"e-gallery-item elementor-gallery-item elementor-animated-content\" href=\"https:\/\/www.portovenere.fr\/fr-fr\/wp-content\/uploads\/2025\/12\/Carrelage-haut-de-gamme-effet-pierre-calcaire-pour-interieur-et-exterieur-teinte-terre-CAPIETRA-Warm-Magasin-Porto-Venere-Montpellier-pres-de-Saussan-34.jpg\" data-elementor-open-lightbox=\"yes\" data-elementor-lightbox-slideshow=\"5f1cfeb2\" data-elementor-lightbox-title=\"Carrelage-haut-de-gamme-effet-pierre-calcaire-pour-interieur-et-exterieur-teinte-terre-CAPIETRA-Warm-Magasin-Porto-Venere-Montpellier-pr\u00e8s-de-Saussan-34\" data-e-action-hash=\"#elementor-action%3Aaction%3Dlightbox%26settings%3DeyJpZCI6Njg2OTYsInVybCI6Imh0dHBzOlwvXC93d3cucG9ydG92ZW5lcmUuZnJcL2ZyLWZyXC93cC1jb250ZW50XC91cGxvYWRzXC8yMDI1XC8xMlwvQ2FycmVsYWdlLWhhdXQtZGUtZ2FtbWUtZWZmZXQtcGllcnJlLWNhbGNhaXJlLXBvdXItaW50ZXJpZXVyLWV0LWV4dGVyaWV1ci10ZWludGUtdGVycmUtQ0FQSUVUUkEtV2FybS1NYWdhc2luLVBvcnRvLVZlbmVyZS1Nb250cGVsbGllci1wcmVzLWRlLVNhdXNzYW4tMzQuanBnIiwic2xpZGVzaG93IjoiNWYxY2ZlYjIifQ%3D%3D\">\n\t\t\t\t\t<div class=\"e-gallery-image elementor-gallery-item__image\" data-thumbnail=\"https:\/\/www.portovenere.fr\/fr-fr\/wp-content\/uploads\/2025\/12\/Carrelage-haut-de-gamme-effet-pierre-calcaire-pour-interieur-et-exterieur-teinte-terre-CAPIETRA-Warm-Magasin-Porto-Venere-Montpellier-pres-de-Saussan-34-150x150.jpg\" data-width=\"150\" data-height=\"150\" aria-label=\"Carrelage effet pierre calcaire en gr\u00e8s c\u00e9rame de grande qualit\u00e9 1er choix Porto Venere Montpellier\" role=\"img\" ><\/div>\n\t\t\t\t\t\t\t\t\t\t\t<div class=\"elementor-gallery-item__overlay\"><\/div>\n\t\t\t\t\t\t\t\t\t\t\t\t\t\t<\/a>\n\t\t\t\t\t\t\t<a class=\"e-gallery-item elementor-gallery-item elementor-animated-content\" href=\"https:\/\/www.portovenere.fr\/fr-fr\/wp-content\/uploads\/2025\/12\/Carrelage-haut-de-gamme-effet-pierre-calcaire-claire-decor-mural-Foliage-CAPIETRA-Magasin-Porto-Venere-Montpellier-pres-de-Sete-34.jpg\" data-elementor-open-lightbox=\"yes\" data-elementor-lightbox-slideshow=\"5f1cfeb2\" data-elementor-lightbox-title=\"Carrelage-haut-de-gamme-effet-pierre-calcaire-claire-d\u00e9cor-mural-Foliage-CAPIETRA-Magasin-Porto-Venere-Montpellier-pr\u00e8s-de-S\u00e8te-34\" data-e-action-hash=\"#elementor-action%3Aaction%3Dlightbox%26settings%3DeyJpZCI6Njg3MjAsInVybCI6Imh0dHBzOlwvXC93d3cucG9ydG92ZW5lcmUuZnJcL2ZyLWZyXC93cC1jb250ZW50XC91cGxvYWRzXC8yMDI1XC8xMlwvQ2FycmVsYWdlLWhhdXQtZGUtZ2FtbWUtZWZmZXQtcGllcnJlLWNhbGNhaXJlLWNsYWlyZS1kZWNvci1tdXJhbC1Gb2xpYWdlLUNBUElFVFJBLU1hZ2FzaW4tUG9ydG8tVmVuZXJlLU1vbnRwZWxsaWVyLXByZXMtZGUtU2V0ZS0zNC5qcGciLCJzbGlkZXNob3ciOiI1ZjFjZmViMiJ9\">\n\t\t\t\t\t<div class=\"e-gallery-image elementor-gallery-item__image\" data-thumbnail=\"https:\/\/www.portovenere.fr\/fr-fr\/wp-content\/uploads\/2025\/12\/Carrelage-haut-de-gamme-effet-pierre-calcaire-claire-decor-mural-Foliage-CAPIETRA-Magasin-Porto-Venere-Montpellier-pres-de-Sete-34-150x150.jpg\" data-width=\"150\" data-height=\"150\" aria-label=\"\" role=\"img\" ><\/div>\n\t\t\t\t\t\t\t\t\t\t\t<div class=\"elementor-gallery-item__overlay\"><\/div>\n\t\t\t\t\t\t\t\t\t\t\t\t\t\t<\/a>\n\t\t\t\t\t\t\t<a class=\"e-gallery-item elementor-gallery-item elementor-animated-content\" href=\"https:\/\/www.portovenere.fr\/fr-fr\/wp-content\/uploads\/2025\/12\/Mosaique-murale-en-batons-30x34-cm-style-parement-mural-CAPIETRA-Stick-5-coloris-Magasin-de-carrelage-salles-de-bains-et-cuisines-a-Montpellier-34.jpg\" data-elementor-open-lightbox=\"yes\" data-elementor-lightbox-slideshow=\"5f1cfeb2\" data-elementor-lightbox-title=\"Mosaique-murale-en-batons-30x34-cm-style-parement-mural-CAPIETRA-Stick-5-coloris-Magasin-de-carrelage-salles-de-bains-et-cuisines-\u00e0-Montpellier-34\" data-e-action-hash=\"#elementor-action%3Aaction%3Dlightbox%26settings%3DeyJpZCI6Njg3MjIsInVybCI6Imh0dHBzOlwvXC93d3cucG9ydG92ZW5lcmUuZnJcL2ZyLWZyXC93cC1jb250ZW50XC91cGxvYWRzXC8yMDI1XC8xMlwvTW9zYWlxdWUtbXVyYWxlLWVuLWJhdG9ucy0zMHgzNC1jbS1zdHlsZS1wYXJlbWVudC1tdXJhbC1DQVBJRVRSQS1TdGljay01LWNvbG9yaXMtTWFnYXNpbi1kZS1jYXJyZWxhZ2Utc2FsbGVzLWRlLWJhaW5zLWV0LWN1aXNpbmVzLWEtTW9udHBlbGxpZXItMzQuanBnIiwic2xpZGVzaG93IjoiNWYxY2ZlYjIifQ%3D%3D\">\n\t\t\t\t\t<div class=\"e-gallery-image elementor-gallery-item__image\" data-thumbnail=\"https:\/\/www.portovenere.fr\/fr-fr\/wp-content\/uploads\/2025\/12\/Mosaique-murale-en-batons-30x34-cm-style-parement-mural-CAPIETRA-Stick-5-coloris-Magasin-de-carrelage-salles-de-bains-et-cuisines-a-Montpellier-34-150x150.jpg\" data-width=\"150\" data-height=\"150\" aria-label=\"\" role=\"img\" ><\/div>\n\t\t\t\t\t\t\t\t\t\t\t<div class=\"elementor-gallery-item__overlay\"><\/div>\n\t\t\t\t\t\t\t\t\t\t\t\t\t\t<\/a>\n\t\t\t\t\t\t\t<a class=\"e-gallery-item elementor-gallery-item elementor-animated-content\" href=\"https:\/\/www.portovenere.fr\/fr-fr\/wp-content\/uploads\/2025\/12\/Carrelage-haut-de-gamme-effet-pierre-calcaire-decor-Mural-CAPIETRA-Magasin-Porto-Venere-Montpellier-pres-de-Carnon-34.jpg\" data-elementor-open-lightbox=\"yes\" data-elementor-lightbox-slideshow=\"5f1cfeb2\" data-elementor-lightbox-title=\"Carrelage-haut-de-gamme-effet-pierre-calcaire-d\u00e9cor-Mural-CAPIETRA-Magasin-Porto-Venere-Montpellier-pr\u00e8s-de-Carnon-34\" data-e-action-hash=\"#elementor-action%3Aaction%3Dlightbox%26settings%3DeyJpZCI6Njg3MjEsInVybCI6Imh0dHBzOlwvXC93d3cucG9ydG92ZW5lcmUuZnJcL2ZyLWZyXC93cC1jb250ZW50XC91cGxvYWRzXC8yMDI1XC8xMlwvQ2FycmVsYWdlLWhhdXQtZGUtZ2FtbWUtZWZmZXQtcGllcnJlLWNhbGNhaXJlLWRlY29yLU11cmFsLUNBUElFVFJBLU1hZ2FzaW4tUG9ydG8tVmVuZXJlLU1vbnRwZWxsaWVyLXByZXMtZGUtQ2Fybm9uLTM0LmpwZyIsInNsaWRlc2hvdyI6IjVmMWNmZWIyIn0%3D\">\n\t\t\t\t\t<div class=\"e-gallery-image elementor-gallery-item__image\" data-thumbnail=\"https:\/\/www.portovenere.fr\/fr-fr\/wp-content\/uploads\/2025\/12\/Carrelage-haut-de-gamme-effet-pierre-calcaire-decor-Mural-CAPIETRA-Magasin-Porto-Venere-Montpellier-pres-de-Carnon-34-150x150.jpg\" data-width=\"150\" data-height=\"150\" aria-label=\"\" role=\"img\" ><\/div>\n\t\t\t\t\t\t\t\t\t\t\t<div class=\"elementor-gallery-item__overlay\"><\/div>\n\t\t\t\t\t\t\t\t\t\t\t\t\t\t<\/a>\n\t\t\t\t\t<\/div>\n\t\t\t\t\t<\/div>\n\t\t\t\t<\/div>\n\t\t\t\t<div class=\"elementor-element elementor-element-5063e07c elementor-widget elementor-widget-text-editor\" data-id=\"5063e07c\" data-element_type=\"widget\" data-e-type=\"widget\" data-widget_type=\"text-editor.default\">\n\t\t\t\t<div class=\"elementor-widget-container\">\n\t\t\t\t\t\t\t\t\t<p data-start=\"2437\" data-end=\"2995\">La collection <strong data-start=\"2451\" data-end=\"2463\">CAPIETRA<\/strong> r\u00e9interpr\u00e8te la pierre calcaire \u00e0 travers un gr\u00e8s c\u00e9rame aux textures douces et aux nuances naturelles.\u00a0<\/p><p data-start=\"2437\" data-end=\"2995\">Disponible en <strong data-start=\"2582\" data-end=\"2607\">cinq coloris lumineux<\/strong>, elle se d\u00e9cline en <strong data-start=\"2628\" data-end=\"2681\">formats 30\u00d760, 60\u00d760, 80\u00d780, 60\u00d7120 et 120\u00d7120 cm<\/strong> pour sols et murs.\u00a0<\/p><p data-start=\"2437\" data-end=\"2995\">Deux finitions sont propos\u00e9es : <strong data-start=\"2733\" data-end=\"2751\">Soft Touch R10<\/strong> pour l\u2019int\u00e9rieur et <strong data-start=\"2772\" data-end=\"2793\">antid\u00e9rapante R11<\/strong> pour l\u2019ext\u00e9rieur, avec des <strong data-start=\"2821\" data-end=\"2836\">dalles 2 cm<\/strong> id\u00e9ales pour terrasses et piscines. Bords droits ou bords irr\u00e9guliers.\u00a0<\/p><p data-start=\"2437\" data-end=\"2995\"><strong data-start=\"2873\" data-end=\"2913\">Deux mosa\u00efques et deux d\u00e9cors muraux<\/strong> compl\u00e8tent la collection pour enrichir les projets avec \u00e9l\u00e9gance et authenticit\u00e9.<\/p>\t\t\t\t\t\t\t\t<\/div>\n\t\t\t\t<\/div>\n\t\t\t\t<div class=\"elementor-element elementor-element-277c6f4 elementor-mobile-align-center elementor-align-left elementor-widget elementor-widget-button\" data-id=\"277c6f4\" data-element_type=\"widget\" data-e-type=\"widget\" data-widget_type=\"button.default\">\n\t\t\t\t<div class=\"elementor-widget-container\">\n\t\t\t\t\t\t\t\t\t<div class=\"elementor-button-wrapper\">\n\t\t\t\t\t<a class=\"elementor-button elementor-button-link elementor-size-sm\" href=\"https:\/\/www.portovenere.fr\/fr-fr\/carrelage-sol-et-mur-en-gres-cerame-et-faience\/carrelage-aspect-pierre\/carrelage-haut-de-gamme-pierre-calcaire-capietra\/\">\n\t\t\t\t\t\t<span class=\"elementor-button-content-wrapper\">\n\t\t\t\t\t\t\t\t\t<span class=\"elementor-button-text\">Voir la collection<\/span>\n\t\t\t\t\t<\/span>\n\t\t\t\t\t<\/a>\n\t\t\t\t<\/div>\n\t\t\t\t\t\t\t\t<\/div>\n\t\t\t\t<\/div>\n\t\t\t\t\t<\/div>\n\t\t<\/div>\n\t\t\t\t<div class=\"elementor-column elementor-col-33 elementor-top-column elementor-element elementor-element-1d57ed68 elementor-invisible\" data-id=\"1d57ed68\" data-element_type=\"column\" data-e-type=\"column\" data-settings=\"{&quot;animation&quot;:&quot;fadeIn&quot;,&quot;background_background&quot;:&quot;classic&quot;}\">\n\t\t\t<div class=\"elementor-widget-wrap elementor-element-populated\">\n\t\t\t\t\t\t<div class=\"elementor-element elementor-element-3bc7c3c4 elementor-widget elementor-widget-image\" data-id=\"3bc7c3c4\" data-element_type=\"widget\" data-e-type=\"widget\" data-widget_type=\"image.default\">\n\t\t\t\t<div class=\"elementor-widget-container\">\n\t\t\t\t\t\t\t\t\t\t\t\t\t\t\t\t<a href=\"https:\/\/www.portovenere.fr\/fr-fr\/carrelage-sol-et-mur-en-gres-cerame-et-faience\/carrelage-aspect-pierre\/carrelage-clair-esprit-pierre-naturelle-ondrata\/\">\n\t\t\t\t\t\t\t<img decoding=\"async\" src=\"https:\/\/www.portovenere.fr\/fr-fr\/wp-content\/uploads\/elementor\/thumbs\/Dalles-antiderapantes-2-cm-effet-pierre-naturelle-grise-Ondrata-Grey-60x120-cm-tour-de-psicine-carrelage-grip-proche-de-Saint-Gely-34-r8ifof6scjg69uxvj03p7tm6lfzm3wxbptco4epm3w.jpg\" title=\"Dalles-antid\u00e9rapantes-2-cm-effet-pierre-naturelle-grise-Ondrata-Grey-60&#215;120-cm-tour-de-psicine-carrelage-grip-proche-de-Saint-G\u00e9ly-34\" alt=\"dalles 2 cm antid\u00e9rapantes Ond 60x120 cm\" loading=\"lazy\" \/>\t\t\t\t\t\t\t\t<\/a>\n\t\t\t\t\t\t\t\t\t\t\t\t\t\t\t<\/div>\n\t\t\t\t<\/div>\n\t\t\t\t<section class=\"elementor-section elementor-inner-section elementor-element elementor-element-7c9b3ece elementor-section-boxed elementor-section-height-default elementor-section-height-default elementor-invisible\" data-id=\"7c9b3ece\" data-element_type=\"section\" data-e-type=\"section\" data-settings=\"{&quot;background_background&quot;:&quot;classic&quot;,&quot;animation&quot;:&quot;fadeIn&quot;}\">\n\t\t\t\t\t\t<div class=\"elementor-container elementor-column-gap-default\">\n\t\t\t\t\t<div class=\"elementor-column elementor-col-100 elementor-inner-column elementor-element elementor-element-77d2c311\" data-id=\"77d2c311\" data-element_type=\"column\" data-e-type=\"column\">\n\t\t\t<div class=\"elementor-widget-wrap elementor-element-populated\">\n\t\t\t\t\t\t<div class=\"elementor-element elementor-element-46ce7dfb elementor-widget elementor-widget-heading\" data-id=\"46ce7dfb\" data-element_type=\"widget\" data-e-type=\"widget\" data-widget_type=\"heading.default\">\n\t\t\t\t<div class=\"elementor-widget-container\">\n\t\t\t\t\t<h3 class=\"elementor-heading-title elementor-size-default\"><a href=\"https:\/\/www.portovenere.fr\/fr-fr\/carrelage-sol-et-mur-en-gres-cerame-et-faience\/carrelage-aspect-pierre\/carrelage-clair-esprit-pierre-naturelle-ondrata\/\">ONDRATA | 3 coloris et 2 styles<\/a><\/h3>\t\t\t\t<\/div>\n\t\t\t\t<\/div>\n\t\t\t\t<div class=\"elementor-element elementor-element-15afa7ad elementor-widget__width-initial elementor-widget elementor-widget-gallery\" data-id=\"15afa7ad\" data-element_type=\"widget\" data-e-type=\"widget\" data-settings=\"{&quot;gap&quot;:{&quot;unit&quot;:&quot;px&quot;,&quot;size&quot;:3,&quot;sizes&quot;:[]},&quot;columns_mobile&quot;:3,&quot;gap_mobile&quot;:{&quot;unit&quot;:&quot;px&quot;,&quot;size&quot;:6,&quot;sizes&quot;:[]},&quot;columns&quot;:5,&quot;columns_tablet&quot;:3,&quot;gap_tablet&quot;:{&quot;unit&quot;:&quot;px&quot;,&quot;size&quot;:5,&quot;sizes&quot;:[]},&quot;lazyload&quot;:&quot;yes&quot;,&quot;gallery_layout&quot;:&quot;grid&quot;,&quot;aspect_ratio&quot;:&quot;3:2&quot;,&quot;overlay_background&quot;:&quot;yes&quot;,&quot;content_hover_animation&quot;:&quot;fade-in&quot;}\" data-widget_type=\"gallery.default\">\n\t\t\t\t<div class=\"elementor-widget-container\">\n\t\t\t\t\t\t\t<div class=\"elementor-gallery__container\">\n\t\t\t\t\t\t\t<div class=\"e-gallery-item elementor-gallery-item elementor-animated-content\">\n\t\t\t\t\t<div class=\"e-gallery-image elementor-gallery-item__image\" data-thumbnail=\"https:\/\/www.portovenere.fr\/fr-fr\/wp-content\/uploads\/2024\/10\/Carrelage-esprit-pierre-clair-Ondrata-Ond-Creme-beige-sable-gres-cerame-pour-sol-et-mur-magasin-Porto-Venere-pres-de-Sete-34-150x150.jpg\" data-width=\"150\" data-height=\"150\" aria-label=\"\" role=\"img\" ><\/div>\n\t\t\t\t\t\t\t\t\t\t\t<div class=\"elementor-gallery-item__overlay\"><\/div>\n\t\t\t\t\t\t\t\t\t\t\t\t\t\t<\/div>\n\t\t\t\t\t\t\t<div class=\"e-gallery-item elementor-gallery-item elementor-animated-content\">\n\t\t\t\t\t<div class=\"e-gallery-image elementor-gallery-item__image\" data-thumbnail=\"https:\/\/www.portovenere.fr\/fr-fr\/wp-content\/uploads\/2024\/10\/Carrelage-esprit-pierre-clair-Ondrata-Ond-Ivoire-gres-cerame-pour-sol-et-mur-magasin-Porto-Venere-pres-de-Pezenas-34-150x150.jpg\" data-width=\"150\" data-height=\"150\" aria-label=\"\" role=\"img\" ><\/div>\n\t\t\t\t\t\t\t\t\t\t\t<div class=\"elementor-gallery-item__overlay\"><\/div>\n\t\t\t\t\t\t\t\t\t\t\t\t\t\t<\/div>\n\t\t\t\t\t\t\t<div class=\"e-gallery-item elementor-gallery-item elementor-animated-content\">\n\t\t\t\t\t<div class=\"e-gallery-image elementor-gallery-item__image\" data-thumbnail=\"https:\/\/www.portovenere.fr\/fr-fr\/wp-content\/uploads\/2024\/10\/Carrelage-esprit-pierre-grise-Ondrata-Ond-Grey-pour-sol-et-mur-interieur-et-exterieur-magasin-Porto-Venere-pres-de-Juvignac-34-150x150.jpg\" data-width=\"150\" data-height=\"150\" aria-label=\"\" role=\"img\" ><\/div>\n\t\t\t\t\t\t\t\t\t\t\t<div class=\"elementor-gallery-item__overlay\"><\/div>\n\t\t\t\t\t\t\t\t\t\t\t\t\t\t<\/div>\n\t\t\t\t\t\t\t<div class=\"e-gallery-item elementor-gallery-item elementor-animated-content\">\n\t\t\t\t\t<div class=\"e-gallery-image elementor-gallery-item__image\" data-thumbnail=\"https:\/\/www.portovenere.fr\/fr-fr\/wp-content\/uploads\/2024\/10\/Carrelage-esprit-travertin-clair-Ondrata-In-Creme-beige-sable-gres-cerame-pour-sol-et-mur-magasin-Porto-Venere-pres-de-Villeneuve-les-maguelone-34-150x150.jpg\" data-width=\"150\" data-height=\"150\" aria-label=\"\" role=\"img\" ><\/div>\n\t\t\t\t\t\t\t\t\t\t\t<div class=\"elementor-gallery-item__overlay\"><\/div>\n\t\t\t\t\t\t\t\t\t\t\t\t\t\t<\/div>\n\t\t\t\t\t\t\t<div class=\"e-gallery-item elementor-gallery-item elementor-animated-content\">\n\t\t\t\t\t<div class=\"e-gallery-image elementor-gallery-item__image\" data-thumbnail=\"https:\/\/www.portovenere.fr\/fr-fr\/wp-content\/uploads\/2024\/10\/Carrelage-esprit-travertin-clair-Ondrata-In-Ivoire-gres-cerame-pour-sol-et-mur-magasin-Porto-Venere-pres-de-Perols-34-150x150.jpg\" data-width=\"150\" data-height=\"150\" aria-label=\"\" role=\"img\" ><\/div>\n\t\t\t\t\t\t\t\t\t\t\t<div class=\"elementor-gallery-item__overlay\"><\/div>\n\t\t\t\t\t\t\t\t\t\t\t\t\t\t<\/div>\n\t\t\t\t\t\t\t<div class=\"e-gallery-item elementor-gallery-item elementor-animated-content\">\n\t\t\t\t\t<div class=\"e-gallery-image elementor-gallery-item__image\" data-thumbnail=\"https:\/\/www.portovenere.fr\/fr-fr\/wp-content\/uploads\/2024\/10\/Carrelage-esprit-travertin-gris-clair-Ondrata-In-Grey-gres-cerame-pour-sol-et-mur-magasin-Porto-Venere-pres-de-Lunel-34-150x150.jpg\" data-width=\"150\" data-height=\"150\" aria-label=\"\" role=\"img\" ><\/div>\n\t\t\t\t\t\t\t\t\t\t\t<div class=\"elementor-gallery-item__overlay\"><\/div>\n\t\t\t\t\t\t\t\t\t\t\t\t\t\t<\/div>\n\t\t\t\t\t\t\t<div class=\"e-gallery-item elementor-gallery-item elementor-animated-content\">\n\t\t\t\t\t<div class=\"e-gallery-image elementor-gallery-item__image\" data-thumbnail=\"https:\/\/www.portovenere.fr\/fr-fr\/wp-content\/uploads\/2024\/10\/Carrelage-esprit-pierre-gris-clair-Ondrata-Grey-decor-Lines-60x120-cm-gres-cerame-mural-Porto-Venere-a-Montpellier-34-150x150.jpg\" data-width=\"150\" data-height=\"150\" aria-label=\"\" role=\"img\" ><\/div>\n\t\t\t\t\t\t\t\t\t\t\t<div class=\"elementor-gallery-item__overlay\"><\/div>\n\t\t\t\t\t\t\t\t\t\t\t\t\t\t<\/div>\n\t\t\t\t\t\t\t<div class=\"e-gallery-item elementor-gallery-item elementor-animated-content\">\n\t\t\t\t\t<div class=\"e-gallery-image elementor-gallery-item__image\" data-thumbnail=\"https:\/\/www.portovenere.fr\/fr-fr\/wp-content\/uploads\/2024\/10\/Carrelage-esprit-pierre-clair-Ondrata-Creme-decor-Lines-60x120-cm-gres-cerame-mural-Porto-Venere-pres-de-Castelnau-le-lez-34-150x150.jpg\" data-width=\"150\" data-height=\"150\" aria-label=\"\" role=\"img\" ><\/div>\n\t\t\t\t\t\t\t\t\t\t\t<div class=\"elementor-gallery-item__overlay\"><\/div>\n\t\t\t\t\t\t\t\t\t\t\t\t\t\t<\/div>\n\t\t\t\t\t\t\t<div class=\"e-gallery-item elementor-gallery-item elementor-animated-content\">\n\t\t\t\t\t<div class=\"e-gallery-image elementor-gallery-item__image\" data-thumbnail=\"https:\/\/www.portovenere.fr\/fr-fr\/wp-content\/uploads\/2024\/10\/Carrelage-esprit-pierre-clair-Ondrata-Ivoire-decor-Lines-60x120-cm-gres-cerame-mural-Porto-Venere-pres-de-Agde-34-150x150.jpg\" data-width=\"150\" data-height=\"150\" aria-label=\"\" role=\"img\" ><\/div>\n\t\t\t\t\t\t\t\t\t\t\t<div class=\"elementor-gallery-item__overlay\"><\/div>\n\t\t\t\t\t\t\t\t\t\t\t\t\t\t<\/div>\n\t\t\t\t\t\t\t<div class=\"e-gallery-item elementor-gallery-item elementor-animated-content\">\n\t\t\t\t\t<div class=\"e-gallery-image elementor-gallery-item__image\" data-thumbnail=\"https:\/\/www.portovenere.fr\/fr-fr\/wp-content\/uploads\/2024\/10\/Mosaique-carrelage-effet-pierre-claire-Ondrata-Ond-Ivoire-30x30-cm-en-gres-cerame-pres-de-Palavas-34.jpg\" data-width=\"124\" data-height=\"124\" aria-label=\"\" role=\"img\" ><\/div>\n\t\t\t\t\t\t\t\t\t\t\t<div class=\"elementor-gallery-item__overlay\"><\/div>\n\t\t\t\t\t\t\t\t\t\t\t\t\t\t<\/div>\n\t\t\t\t\t\t\t<div class=\"e-gallery-item elementor-gallery-item elementor-animated-content\">\n\t\t\t\t\t<div class=\"e-gallery-image elementor-gallery-item__image\" data-thumbnail=\"https:\/\/www.portovenere.fr\/fr-fr\/wp-content\/uploads\/2024\/10\/Mosaique-carrelage-effet-pierre-gris-Ondrata-Ond-grey-30x30-cm-en-gres-cerame-pres-de-Lattes-34.jpg\" data-width=\"124\" data-height=\"124\" aria-label=\"\" role=\"img\" ><\/div>\n\t\t\t\t\t\t\t\t\t\t\t<div class=\"elementor-gallery-item__overlay\"><\/div>\n\t\t\t\t\t\t\t\t\t\t\t\t\t\t<\/div>\n\t\t\t\t\t\t\t<div class=\"e-gallery-item elementor-gallery-item elementor-animated-content\">\n\t\t\t\t\t<div class=\"e-gallery-image elementor-gallery-item__image\" data-thumbnail=\"https:\/\/www.portovenere.fr\/fr-fr\/wp-content\/uploads\/2024\/10\/Mosaique-carrelage-effet-pierre-Ondrata-Ond-Creme-30x30-cm-en-gres-cerame-pres-de-Meze-34.jpg\" data-width=\"124\" data-height=\"124\" aria-label=\"\" role=\"img\" ><\/div>\n\t\t\t\t\t\t\t\t\t\t\t<div class=\"elementor-gallery-item__overlay\"><\/div>\n\t\t\t\t\t\t\t\t\t\t\t\t\t\t<\/div>\n\t\t\t\t\t\t\t<div class=\"e-gallery-item elementor-gallery-item elementor-animated-content\">\n\t\t\t\t\t<div class=\"e-gallery-image elementor-gallery-item__image\" data-thumbnail=\"https:\/\/www.portovenere.fr\/fr-fr\/wp-content\/uploads\/2024\/10\/Mosaique-hexagonale-carrelage-effet-pierre-travertin-gris-Ondrata-In-grey-32x28-cm-en-gres-cerame-pres-de-Saturargues-34-150x132.jpg\" data-width=\"150\" data-height=\"132\" aria-label=\"\" role=\"img\" ><\/div>\n\t\t\t\t\t\t\t\t\t\t\t<div class=\"elementor-gallery-item__overlay\"><\/div>\n\t\t\t\t\t\t\t\t\t\t\t\t\t\t<\/div>\n\t\t\t\t\t\t\t<div class=\"e-gallery-item elementor-gallery-item elementor-animated-content\">\n\t\t\t\t\t<div class=\"e-gallery-image elementor-gallery-item__image\" data-thumbnail=\"https:\/\/www.portovenere.fr\/fr-fr\/wp-content\/uploads\/2024\/10\/Mosaique-hexagonale-carrelage-effet-pierre-travertin-clair-Ondrata-In-Creme-32x28-cm-en-gres-cerame-pres-de-Vendargues-34-150x132.jpg\" data-width=\"150\" data-height=\"132\" aria-label=\"\" role=\"img\" ><\/div>\n\t\t\t\t\t\t\t\t\t\t\t<div class=\"elementor-gallery-item__overlay\"><\/div>\n\t\t\t\t\t\t\t\t\t\t\t\t\t\t<\/div>\n\t\t\t\t\t\t\t<div class=\"e-gallery-item elementor-gallery-item elementor-animated-content\">\n\t\t\t\t\t<div class=\"e-gallery-image elementor-gallery-item__image\" data-thumbnail=\"https:\/\/www.portovenere.fr\/fr-fr\/wp-content\/uploads\/2024\/10\/Mosaique-hexagonale-carrelage-effet-pierre-claire-Ondrata-Ond-Ivoire-32x28-cm-en-gres-cerame-proche-de-Saint-Clement-de-Riviere-34-150x132.jpg\" data-width=\"150\" data-height=\"132\" aria-label=\"\" role=\"img\" ><\/div>\n\t\t\t\t\t\t\t\t\t\t\t<div class=\"elementor-gallery-item__overlay\"><\/div>\n\t\t\t\t\t\t\t\t\t\t\t\t\t\t<\/div>\n\t\t\t\t\t<\/div>\n\t\t\t\t\t<\/div>\n\t\t\t\t<\/div>\n\t\t\t\t<div class=\"elementor-element elementor-element-64727a88 elementor-widget elementor-widget-text-editor\" data-id=\"64727a88\" data-element_type=\"widget\" data-e-type=\"widget\" data-widget_type=\"text-editor.default\">\n\t\t\t\t<div class=\"elementor-widget-container\">\n\t\t\t\t\t\t\t\t\t<p>La collection de carrelage Ondrata exprime tout le charme de la pierre naturelle.\u00a0<\/p><p>D\u00e9clin\u00e9 en effet travertin ou en effet pierre, le gr\u00e8s c\u00e9rame Ondrata offre 3 teintes claires : Ivoire, Cr\u00e8me et Gris clair.\u00a0<\/p><p>Le carrelage Ondrata se pose au\u00a0<b>sol et au mur en int\u00e9rieur et ext\u00e9rieur<\/b>\u00a0gr\u00e2ce \u00e0 sa finition\u00a0<b>antid\u00e9rapante<\/b>\u00a0en \u00e9paisseur 8,5 et 9,5 mm mais aussi en dalles de 20 mm d\u2019\u00e9paisseur.<\/p><p>Ondrata propose un\u00a0<b>maxi format 120\u00d7280<\/b>\u00a0cm\u00a0<b>fine \u00e9paisseur 6 mm<\/b>\u00a0ainsi que les formats suivants :\u00a0120\u00d7120 cm, , 100\u00d7100 cm, 60\u00d7120 cm, 60\u00d760 cm, 30\u00d760 cm- finition\u00a0<b>mat (naturel), Wax (poli) ou antid\u00e9rapant\u00a0<\/b><i>(selon les formats).<\/i><\/p><p>Un d\u00e9cor mural Lines avec des lignes en format 60\u00d7120 cm ainsi qu\u2019une\u00a0mosaique en 30\u00d730 cm et mosa\u00efque hexagonale compl\u00e8tent cette collection de carrelage clair esprit pierre naturelle.<\/p>\t\t\t\t\t\t\t\t<\/div>\n\t\t\t\t<\/div>\n\t\t\t\t<div class=\"elementor-element elementor-element-6f25b05a elementor-mobile-align-center elementor-widget elementor-widget-button\" data-id=\"6f25b05a\" data-element_type=\"widget\" data-e-type=\"widget\" data-widget_type=\"button.default\">\n\t\t\t\t<div class=\"elementor-widget-container\">\n\t\t\t\t\t\t\t\t\t<div class=\"elementor-button-wrapper\">\n\t\t\t\t\t<a class=\"elementor-button elementor-button-link elementor-size-sm\" href=\"https:\/\/www.portovenere.fr\/fr-fr\/carrelage-sol-et-mur-en-gres-cerame-et-faience\/carrelage-aspect-pierre\/carrelage-clair-esprit-pierre-naturelle-ondrata\/\">\n\t\t\t\t\t\t<span class=\"elementor-button-content-wrapper\">\n\t\t\t\t\t\t\t\t\t<span class=\"elementor-button-text\">VOIR LA COLLECTION<\/span>\n\t\t\t\t\t<\/span>\n\t\t\t\t\t<\/a>\n\t\t\t\t<\/div>\n\t\t\t\t\t\t\t\t<\/div>\n\t\t\t\t<\/div>\n\t\t\t\t\t<\/div>\n\t\t<\/div>\n\t\t\t\t\t<\/div>\n\t\t<\/section>\n\t\t\t\t\t<\/div>\n\t\t<\/div>\n\t\t\t\t<div class=\"elementor-column elementor-col-33 elementor-top-column elementor-element elementor-element-65c498a7\" data-id=\"65c498a7\" data-element_type=\"column\" data-e-type=\"column\">\n\t\t\t<div class=\"elementor-widget-wrap elementor-element-populated\">\n\t\t\t\t\t\t<div class=\"elementor-element elementor-element-7bbf81f elementor-widget elementor-widget-image\" data-id=\"7bbf81f\" data-element_type=\"widget\" data-e-type=\"widget\" data-widget_type=\"image.default\">\n\t\t\t\t<div class=\"elementor-widget-container\">\n\t\t\t\t\t\t\t\t\t\t\t\t\t\t\t\t<a href=\"https:\/\/www.portovenere.fr\/fr-fr\/carrelage-sol-et-mur-en-gres-cerame-et-faience\/carrelage-aspect-pierre\/carrelage-haut-de-gamme-effet-pierre-variati\/\">\n\t\t\t\t\t\t\t<img decoding=\"async\" src=\"https:\/\/www.portovenere.fr\/fr-fr\/wp-content\/uploads\/elementor\/thumbs\/Carrelage-effet-pierre-naturelle-interieur-et-exterieur-finition-antiderapante-Rough-VARIATI-coloris-Clay-Magasin-Porto-Venere-Montpellier-proche-de-La-Grande-Motte-34-rheeaoyfj2j9fxwl5vvwzyzx32yvxyl8bnl5sr2geg.jpg\" title=\"Carrelage-effet-pierre-naturelle-int\u00e9rieur-et-ext\u00e9rieur-finition-antid\u00e9rapante-Rough-VARIATI-coloris-Clay-Magasin-Porto-Venere-Montpellier-proche-de-La-Grande-Motte-34\" alt=\"Coloris Clay finition antid\u00e9rapante Rough en terrasse 60x120 cm et naturelle \u00e0 l&#039;int\u00e9rieur 120x120 cm\" loading=\"lazy\" \/>\t\t\t\t\t\t\t\t<\/a>\n\t\t\t\t\t\t\t\t\t\t\t\t\t\t\t<\/div>\n\t\t\t\t<\/div>\n\t\t\t\t<div class=\"elementor-element elementor-element-473be3b4 elementor-widget elementor-widget-heading\" data-id=\"473be3b4\" data-element_type=\"widget\" data-e-type=\"widget\" data-widget_type=\"heading.default\">\n\t\t\t\t<div class=\"elementor-widget-container\">\n\t\t\t\t\t<h3 class=\"elementor-heading-title elementor-size-default\"><a href=\"https:\/\/www.portovenere.fr\/fr-fr\/carrelage-sol-et-mur-en-gres-cerame-et-faience\/carrelage-aspect-pierre\/carrelage-haut-de-gamme-effet-pierre-variati\/\">VARIATI | 4 coloris<\/a><\/h3>\t\t\t\t<\/div>\n\t\t\t\t<\/div>\n\t\t\t\t<div class=\"elementor-element elementor-element-878a49e elementor-widget__width-initial elementor-widget elementor-widget-gallery\" data-id=\"878a49e\" data-element_type=\"widget\" data-e-type=\"widget\" data-settings=\"{&quot;gap&quot;:{&quot;unit&quot;:&quot;px&quot;,&quot;size&quot;:3,&quot;sizes&quot;:[]},&quot;columns_mobile&quot;:3,&quot;gap_mobile&quot;:{&quot;unit&quot;:&quot;px&quot;,&quot;size&quot;:6,&quot;sizes&quot;:[]},&quot;columns&quot;:5,&quot;columns_tablet&quot;:5,&quot;gap_tablet&quot;:{&quot;unit&quot;:&quot;px&quot;,&quot;size&quot;:5,&quot;sizes&quot;:[]},&quot;lazyload&quot;:&quot;yes&quot;,&quot;gallery_layout&quot;:&quot;grid&quot;,&quot;link_to&quot;:&quot;file&quot;,&quot;aspect_ratio&quot;:&quot;3:2&quot;,&quot;overlay_background&quot;:&quot;yes&quot;,&quot;content_hover_animation&quot;:&quot;fade-in&quot;}\" data-widget_type=\"gallery.default\">\n\t\t\t\t<div class=\"elementor-widget-container\">\n\t\t\t\t\t\t\t<div class=\"elementor-gallery__container\">\n\t\t\t\t\t\t\t<a class=\"e-gallery-item elementor-gallery-item elementor-animated-content\" href=\"https:\/\/www.portovenere.fr\/fr-fr\/wp-content\/uploads\/2026\/01\/Carrelage-gres-cerame-effet-pierre-foncee-differentes-textures-et-coloris-pour-sols-et-murs-interieur-et-exterieur-VARIATI-coloris-Clay-magasin-Porto-Venere-proche-Sete-34.jpg\" data-elementor-open-lightbox=\"yes\" data-elementor-lightbox-slideshow=\"878a49e\" data-elementor-lightbox-title=\"Carrelage-gr\u00e8s-c\u00e9rame-effet-pierre-fonc\u00e9e-diff\u00e9rentes-textures-et-coloris-pour-sols-et-murs-int\u00e9rieur-et-ext\u00e9rieur-VARIATI-coloris-Clay-magasin-Porto-Venere-proche-S\u00e8te-34\" data-e-action-hash=\"#elementor-action%3Aaction%3Dlightbox%26settings%3DeyJpZCI6Njg4ODUsInVybCI6Imh0dHBzOlwvXC93d3cucG9ydG92ZW5lcmUuZnJcL2ZyLWZyXC93cC1jb250ZW50XC91cGxvYWRzXC8yMDI2XC8wMVwvQ2FycmVsYWdlLWdyZXMtY2VyYW1lLWVmZmV0LXBpZXJyZS1mb25jZWUtZGlmZmVyZW50ZXMtdGV4dHVyZXMtZXQtY29sb3Jpcy1wb3VyLXNvbHMtZXQtbXVycy1pbnRlcmlldXItZXQtZXh0ZXJpZXVyLVZBUklBVEktY29sb3Jpcy1DbGF5LW1hZ2FzaW4tUG9ydG8tVmVuZXJlLXByb2NoZS1TZXRlLTM0LmpwZyIsInNsaWRlc2hvdyI6Ijg3OGE0OWUifQ%3D%3D\">\n\t\t\t\t\t<div class=\"e-gallery-image elementor-gallery-item__image\" data-thumbnail=\"https:\/\/www.portovenere.fr\/fr-fr\/wp-content\/uploads\/2026\/01\/Carrelage-gres-cerame-effet-pierre-foncee-differentes-textures-et-coloris-pour-sols-et-murs-interieur-et-exterieur-VARIATI-coloris-Clay-magasin-Porto-Venere-proche-Sete-34-150x150.jpg\" data-width=\"150\" data-height=\"150\" aria-label=\"Carrelage-haut-de-gamme-de-qualit\u00e9-effet-pierre-diff\u00e9rentes-textures-et-coloris-pour-sols-et-murs-int\u00e9rieur-et-ext\u00e9rieur-VARIATI-magasin-Porto-Venere-\u00e0-Montpellier-34\" role=\"img\" ><\/div>\n\t\t\t\t\t\t\t\t\t\t\t<div class=\"elementor-gallery-item__overlay\"><\/div>\n\t\t\t\t\t\t\t\t\t\t\t\t\t\t<\/a>\n\t\t\t\t\t\t\t<a class=\"e-gallery-item elementor-gallery-item elementor-animated-content\" href=\"https:\/\/www.portovenere.fr\/fr-fr\/wp-content\/uploads\/2026\/01\/Carrelage-gres-cerame-effet-pierre-differentes-textures-et-coloris-pour-sols-et-murs-interieur-et-exterieur-VARIATI-coloris-Shell-magasin-Porto-Venere-proche-Perols-34.jpg\" data-elementor-open-lightbox=\"yes\" data-elementor-lightbox-slideshow=\"878a49e\" data-elementor-lightbox-title=\"Carrelage-gr\u00e8s-c\u00e9rame-effet-pierre-diff\u00e9rentes-textures-et-coloris-pour-sols-et-murs-int\u00e9rieur-et-ext\u00e9rieur-VARIATI-coloris-Shell-magasin-Porto-Venere-proche-Perols-34\" data-e-action-hash=\"#elementor-action%3Aaction%3Dlightbox%26settings%3DeyJpZCI6Njg4ODQsInVybCI6Imh0dHBzOlwvXC93d3cucG9ydG92ZW5lcmUuZnJcL2ZyLWZyXC93cC1jb250ZW50XC91cGxvYWRzXC8yMDI2XC8wMVwvQ2FycmVsYWdlLWdyZXMtY2VyYW1lLWVmZmV0LXBpZXJyZS1kaWZmZXJlbnRlcy10ZXh0dXJlcy1ldC1jb2xvcmlzLXBvdXItc29scy1ldC1tdXJzLWludGVyaWV1ci1ldC1leHRlcmlldXItVkFSSUFUSS1jb2xvcmlzLVNoZWxsLW1hZ2FzaW4tUG9ydG8tVmVuZXJlLXByb2NoZS1QZXJvbHMtMzQuanBnIiwic2xpZGVzaG93IjoiODc4YTQ5ZSJ9\">\n\t\t\t\t\t<div class=\"e-gallery-image elementor-gallery-item__image\" data-thumbnail=\"https:\/\/www.portovenere.fr\/fr-fr\/wp-content\/uploads\/2026\/01\/Carrelage-gres-cerame-effet-pierre-differentes-textures-et-coloris-pour-sols-et-murs-interieur-et-exterieur-VARIATI-coloris-Shell-magasin-Porto-Venere-proche-Perols-34-150x150.jpg\" data-width=\"150\" data-height=\"150\" aria-label=\"Carrelage-haut-de-gamme-de-qualit\u00e9-effet-pierre-diff\u00e9rentes-textures-et-coloris-pour-sols-et-murs-int\u00e9rieur-et-ext\u00e9rieur-VARIATI-magasin-Porto-Venere-\u00e0-Montpellier-34\" role=\"img\" ><\/div>\n\t\t\t\t\t\t\t\t\t\t\t<div class=\"elementor-gallery-item__overlay\"><\/div>\n\t\t\t\t\t\t\t\t\t\t\t\t\t\t<\/a>\n\t\t\t\t\t\t\t<a class=\"e-gallery-item elementor-gallery-item elementor-animated-content\" href=\"https:\/\/www.portovenere.fr\/fr-fr\/wp-content\/uploads\/2026\/01\/Carrelage-gres-cerame-effet-pierre-differentes-textures-et-coloris-pour-sols-et-murs-interieur-et-exterieur-VARIATI-coloris-Clay-magasin-Porto-Venere-proche-Balaruc-34.jpg\" data-elementor-open-lightbox=\"yes\" data-elementor-lightbox-slideshow=\"878a49e\" data-elementor-lightbox-title=\"Carrelage-gr\u00e8s-c\u00e9rame-effet-pierre-diff\u00e9rentes-textures-et-coloris-pour-sols-et-murs-int\u00e9rieur-et-ext\u00e9rieur-VARIATI-coloris-Clay-magasin-Porto-Venere-proche-Balaruc-34\" data-e-action-hash=\"#elementor-action%3Aaction%3Dlightbox%26settings%3DeyJpZCI6Njg4ODIsInVybCI6Imh0dHBzOlwvXC93d3cucG9ydG92ZW5lcmUuZnJcL2ZyLWZyXC93cC1jb250ZW50XC91cGxvYWRzXC8yMDI2XC8wMVwvQ2FycmVsYWdlLWdyZXMtY2VyYW1lLWVmZmV0LXBpZXJyZS1kaWZmZXJlbnRlcy10ZXh0dXJlcy1ldC1jb2xvcmlzLXBvdXItc29scy1ldC1tdXJzLWludGVyaWV1ci1ldC1leHRlcmlldXItVkFSSUFUSS1jb2xvcmlzLUNsYXktbWFnYXNpbi1Qb3J0by1WZW5lcmUtcHJvY2hlLUJhbGFydWMtMzQuanBnIiwic2xpZGVzaG93IjoiODc4YTQ5ZSJ9\">\n\t\t\t\t\t<div class=\"e-gallery-image elementor-gallery-item__image\" data-thumbnail=\"https:\/\/www.portovenere.fr\/fr-fr\/wp-content\/uploads\/2026\/01\/Carrelage-gres-cerame-effet-pierre-differentes-textures-et-coloris-pour-sols-et-murs-interieur-et-exterieur-VARIATI-coloris-Clay-magasin-Porto-Venere-proche-Balaruc-34-150x150.jpg\" data-width=\"150\" data-height=\"150\" aria-label=\"Carrelage-haut-de-gamme-de-qualit\u00e9-effet-pierre-diff\u00e9rentes-textures-et-coloris-pour-sols-et-murs-int\u00e9rieur-et-ext\u00e9rieur-VARIATI-magasin-Porto-Venere-\u00e0-Montpellier-34\" role=\"img\" ><\/div>\n\t\t\t\t\t\t\t\t\t\t\t<div class=\"elementor-gallery-item__overlay\"><\/div>\n\t\t\t\t\t\t\t\t\t\t\t\t\t\t<\/a>\n\t\t\t\t\t\t\t<a class=\"e-gallery-item elementor-gallery-item elementor-animated-content\" href=\"https:\/\/www.portovenere.fr\/fr-fr\/wp-content\/uploads\/2026\/01\/Carrelage-gres-cerame-effet-pierre-differentes-textures-et-coloris-pour-sols-et-murs-interieur-et-exterieur-VARIATI-coloris-Sand-magasin-Porto-Venere-proche-Jacou-34.jpg\" data-elementor-open-lightbox=\"yes\" data-elementor-lightbox-slideshow=\"878a49e\" data-elementor-lightbox-title=\"Carrelage-gr\u00e8s-c\u00e9rame-effet-pierre-diff\u00e9rentes-textures-et-coloris-pour-sols-et-murs-int\u00e9rieur-et-ext\u00e9rieur-VARIATI-coloris-Sand-magasin-Porto-Venere-proche-Jacou-34\" data-e-action-hash=\"#elementor-action%3Aaction%3Dlightbox%26settings%3DeyJpZCI6Njg4ODMsInVybCI6Imh0dHBzOlwvXC93d3cucG9ydG92ZW5lcmUuZnJcL2ZyLWZyXC93cC1jb250ZW50XC91cGxvYWRzXC8yMDI2XC8wMVwvQ2FycmVsYWdlLWdyZXMtY2VyYW1lLWVmZmV0LXBpZXJyZS1kaWZmZXJlbnRlcy10ZXh0dXJlcy1ldC1jb2xvcmlzLXBvdXItc29scy1ldC1tdXJzLWludGVyaWV1ci1ldC1leHRlcmlldXItVkFSSUFUSS1jb2xvcmlzLVNhbmQtbWFnYXNpbi1Qb3J0by1WZW5lcmUtcHJvY2hlLUphY291LTM0LmpwZyIsInNsaWRlc2hvdyI6Ijg3OGE0OWUifQ%3D%3D\">\n\t\t\t\t\t<div class=\"e-gallery-image elementor-gallery-item__image\" data-thumbnail=\"https:\/\/www.portovenere.fr\/fr-fr\/wp-content\/uploads\/2026\/01\/Carrelage-gres-cerame-effet-pierre-differentes-textures-et-coloris-pour-sols-et-murs-interieur-et-exterieur-VARIATI-coloris-Sand-magasin-Porto-Venere-proche-Jacou-34-150x150.jpg\" data-width=\"150\" data-height=\"150\" aria-label=\"Carrelage-haut-de-gamme-de-qualit\u00e9-effet-pierre-diff\u00e9rentes-textures-et-coloris-pour-sols-et-murs-int\u00e9rieur-et-ext\u00e9rieur-VARIATI-magasin-Porto-Venere-\u00e0-Montpellier-34\" role=\"img\" ><\/div>\n\t\t\t\t\t\t\t\t\t\t\t<div class=\"elementor-gallery-item__overlay\"><\/div>\n\t\t\t\t\t\t\t\t\t\t\t\t\t\t<\/a>\n\t\t\t\t\t<\/div>\n\t\t\t\t\t<\/div>\n\t\t\t\t<\/div>\n\t\t\t\t<div class=\"elementor-element elementor-element-13e85f98 elementor-widget elementor-widget-text-editor\" data-id=\"13e85f98\" data-element_type=\"widget\" data-e-type=\"widget\" data-widget_type=\"text-editor.default\">\n\t\t\t\t<div class=\"elementor-widget-container\">\n\t\t\t\t\t\t\t\t\t<p data-start=\"33\" data-end=\"290\">La collection <strong data-start=\"2256\" data-end=\"2267\">VARIATI<\/strong> est un carrelage haut de gamme effet pierre con\u00e7u pour les <strong data-start=\"2327\" data-end=\"2343\">sols et murs<\/strong>, en <strong>int\u00e9rieur comme en ext\u00e9rieur<\/strong>.\u00a0<\/p><p data-start=\"33\" data-end=\"290\">Elle se d\u00e9cline en <span data-start=\"2397\" data-end=\"2424\"><b>quatre coloris naturels<\/b><\/span> : Shell, Sand, Clay et Shadow.\u00a0<\/p><p data-start=\"33\" data-end=\"290\">Disponible en <strong data-start=\"2470\" data-end=\"2485\">six formats<\/strong>, du <strong data-start=\"2490\" data-end=\"2529\">60\u00d760 cm au grand format 120\u00d7278 cm<\/strong>, VARIATI s\u2019adapte \u00e0 tous les projets.\u00a0<\/p><p data-start=\"33\" data-end=\"290\">Les <strong data-start=\"2572\" data-end=\"2628\">finitions Nat, Lapp, Rough et Rough L2 antid\u00e9rapante<\/strong>, ainsi que les <strong data-start=\"2644\" data-end=\"2672\">\u00e9paisseurs 6, 9 et 20 mm<\/strong>, permettent de r\u00e9pondre aux usages r\u00e9sidentiels et ext\u00e9rieurs, y compris les terrasses et plages de piscine. Une collection \u00e9l\u00e9gante, r\u00e9sistante et polyvalente.<\/p>\t\t\t\t\t\t\t\t<\/div>\n\t\t\t\t<\/div>\n\t\t\t\t<div class=\"elementor-element elementor-element-33fa709 elementor-mobile-align-center elementor-widget elementor-widget-button\" data-id=\"33fa709\" data-element_type=\"widget\" data-e-type=\"widget\" data-widget_type=\"button.default\">\n\t\t\t\t<div class=\"elementor-widget-container\">\n\t\t\t\t\t\t\t\t\t<div class=\"elementor-button-wrapper\">\n\t\t\t\t\t<a class=\"elementor-button elementor-button-link elementor-size-sm\" href=\"https:\/\/www.portovenere.fr\/fr-fr\/carrelage-sol-et-mur-en-gres-cerame-et-faience\/carrelage-aspect-pierre\/carrelage-haut-de-gamme-effet-pierre-variati\/\">\n\t\t\t\t\t\t<span class=\"elementor-button-content-wrapper\">\n\t\t\t\t\t\t\t\t\t<span class=\"elementor-button-text\">Voir la collection<\/span>\n\t\t\t\t\t<\/span>\n\t\t\t\t\t<\/a>\n\t\t\t\t<\/div>\n\t\t\t\t\t\t\t\t<\/div>\n\t\t\t\t<\/div>\n\t\t\t\t\t<\/div>\n\t\t<\/div>\n\t\t\t\t\t<\/div>\n\t\t<\/section>\n\t\t\t\t<section class=\"elementor-section elementor-top-section elementor-element elementor-element-8010e0a elementor-section-full_width elementor-section-height-default elementor-section-height-default elementor-invisible\" data-id=\"8010e0a\" data-element_type=\"section\" data-e-type=\"section\" data-settings=\"{&quot;animation&quot;:&quot;fadeIn&quot;}\">\n\t\t\t\t\t\t<div class=\"elementor-container elementor-column-gap-default\">\n\t\t\t\t\t<div class=\"elementor-column elementor-col-33 elementor-top-column elementor-element elementor-element-18923fec elementor-invisible\" data-id=\"18923fec\" data-element_type=\"column\" data-e-type=\"column\" data-settings=\"{&quot;animation&quot;:&quot;fadeIn&quot;,&quot;background_background&quot;:&quot;classic&quot;}\">\n\t\t\t<div class=\"elementor-widget-wrap elementor-element-populated\">\n\t\t\t\t\t\t<div class=\"elementor-element elementor-element-5744fd11 elementor-widget elementor-widget-image\" data-id=\"5744fd11\" data-element_type=\"widget\" data-e-type=\"widget\" data-widget_type=\"image.default\">\n\t\t\t\t<div class=\"elementor-widget-container\">\n\t\t\t\t\t\t\t\t\t\t\t\t\t\t\t\t<a href=\"https:\/\/www.portovenere.fr\/fr-fr\/carrelage-sol-et-mur-en-gres-cerame-et-faience\/carrelage-aspect-pierre\/carrelage-effet-pierre-piasentina-drakara\/\">\n\t\t\t\t\t\t\t<img decoding=\"async\" src=\"https:\/\/www.portovenere.fr\/fr-fr\/wp-content\/uploads\/elementor\/thumbs\/Carrelage-120-x-120-cm-dalles-antiderapantes-2-cm-effet-pierre-naturelle-Drakara-Falme-light-grand-format-pour-terrasse-tour-de-psicine-proche-de-Palavas-34-r8ifm3j5ga9tpjioebjn41h5uaz7gmakicxt0o457c.jpg\" title=\"Carrelage-120-x-120-cm-dalles-antid\u00e9rapantes-2-cm-effet-pierre-naturelle-Drakara-Flame-light-grand-format-pour-terrasse-tour-de-piscine-proche-de-Palavas-34\" alt=\"Carrelage-120-x-120-cm-dalles-antid\u00e9rapantes-2-cm-effet-pierre-naturelle-Drakara-Flame-light-grand-format-pour-terrasse-tour-de-piscine-proche-de-Palavas-34\" loading=\"lazy\" \/>\t\t\t\t\t\t\t\t<\/a>\n\t\t\t\t\t\t\t\t\t\t\t\t\t\t\t<\/div>\n\t\t\t\t<\/div>\n\t\t\t\t<section class=\"elementor-section elementor-inner-section elementor-element elementor-element-11fb6cdc elementor-section-boxed elementor-section-height-default elementor-section-height-default elementor-invisible\" data-id=\"11fb6cdc\" data-element_type=\"section\" data-e-type=\"section\" data-settings=\"{&quot;background_background&quot;:&quot;classic&quot;,&quot;animation&quot;:&quot;fadeIn&quot;}\">\n\t\t\t\t\t\t<div class=\"elementor-container elementor-column-gap-default\">\n\t\t\t\t\t<div class=\"elementor-column elementor-col-100 elementor-inner-column elementor-element elementor-element-579277a2\" data-id=\"579277a2\" data-element_type=\"column\" data-e-type=\"column\">\n\t\t\t<div class=\"elementor-widget-wrap elementor-element-populated\">\n\t\t\t\t\t\t<div class=\"elementor-element elementor-element-5ef5936 elementor-widget elementor-widget-heading\" data-id=\"5ef5936\" data-element_type=\"widget\" data-e-type=\"widget\" data-widget_type=\"heading.default\">\n\t\t\t\t<div class=\"elementor-widget-container\">\n\t\t\t\t\t<h3 class=\"elementor-heading-title elementor-size-default\"><a href=\"https:\/\/www.portovenere.fr\/fr-fr\/carrelage-sol-et-mur-en-gres-cerame-et-faience\/carrelage-aspect-pierre\/carrelage-effet-pierre-piasentina-drakara\/\">DRAKARA | 1 coloris<\/a><\/h3>\t\t\t\t<\/div>\n\t\t\t\t<\/div>\n\t\t\t\t<div class=\"elementor-element elementor-element-2b8d6b14 elementor-widget__width-initial elementor-widget elementor-widget-gallery\" data-id=\"2b8d6b14\" data-element_type=\"widget\" data-e-type=\"widget\" data-settings=\"{&quot;gap&quot;:{&quot;unit&quot;:&quot;px&quot;,&quot;size&quot;:3,&quot;sizes&quot;:[]},&quot;columns_mobile&quot;:3,&quot;gap_mobile&quot;:{&quot;unit&quot;:&quot;px&quot;,&quot;size&quot;:6,&quot;sizes&quot;:[]},&quot;columns&quot;:5,&quot;columns_tablet&quot;:3,&quot;gap_tablet&quot;:{&quot;unit&quot;:&quot;px&quot;,&quot;size&quot;:5,&quot;sizes&quot;:[]},&quot;lazyload&quot;:&quot;yes&quot;,&quot;gallery_layout&quot;:&quot;grid&quot;,&quot;aspect_ratio&quot;:&quot;3:2&quot;,&quot;overlay_background&quot;:&quot;yes&quot;,&quot;content_hover_animation&quot;:&quot;fade-in&quot;}\" data-widget_type=\"gallery.default\">\n\t\t\t\t<div class=\"elementor-widget-container\">\n\t\t\t\t\t\t\t<div class=\"elementor-gallery__container\">\n\t\t\t\t\t\t\t<div class=\"e-gallery-item elementor-gallery-item elementor-animated-content\">\n\t\t\t\t\t<div class=\"e-gallery-image elementor-gallery-item__image\" data-thumbnail=\"https:\/\/www.portovenere.fr\/fr-fr\/wp-content\/uploads\/2024\/10\/Carrelage-gres-cerame-effet-pierre-naturelle-piasentina-Drakara-satin-dark-sol-et-mur-proche-de-Lattes-34-150x150.jpg\" data-width=\"150\" data-height=\"150\" aria-label=\"\" role=\"img\" ><\/div>\n\t\t\t\t\t\t\t\t\t\t\t<div class=\"elementor-gallery-item__overlay\"><\/div>\n\t\t\t\t\t\t\t\t\t\t\t\t\t\t<\/div>\n\t\t\t\t\t\t\t<div class=\"e-gallery-item elementor-gallery-item elementor-animated-content\">\n\t\t\t\t\t<div class=\"e-gallery-image elementor-gallery-item__image\" data-thumbnail=\"https:\/\/www.portovenere.fr\/fr-fr\/wp-content\/uploads\/2024\/10\/Carrelage-gres-cerame-effet-pierre-naturelle-piasentina-Drakara-flame-light-sol-et-mur-proche-de-Sete-34-150x150.jpg\" data-width=\"150\" data-height=\"150\" aria-label=\"\" role=\"img\" ><\/div>\n\t\t\t\t\t\t\t\t\t\t\t<div class=\"elementor-gallery-item__overlay\"><\/div>\n\t\t\t\t\t\t\t\t\t\t\t\t\t\t<\/div>\n\t\t\t\t\t\t\t<div class=\"e-gallery-item elementor-gallery-item elementor-animated-content\">\n\t\t\t\t\t<div class=\"e-gallery-image elementor-gallery-item__image\" data-thumbnail=\"https:\/\/www.portovenere.fr\/fr-fr\/wp-content\/uploads\/2024\/10\/Carrelage-gres-cerame-effet-pierre-naturelle-piasentina-Drakara-flame-dark-sol-et-mur-proche-de-saint-clement-de-riviere-34-e1728377883503-150x150.jpg\" data-width=\"150\" data-height=\"150\" aria-label=\"\" role=\"img\" ><\/div>\n\t\t\t\t\t\t\t\t\t\t\t<div class=\"elementor-gallery-item__overlay\"><\/div>\n\t\t\t\t\t\t\t\t\t\t\t\t\t\t<\/div>\n\t\t\t\t\t\t\t<div class=\"e-gallery-item elementor-gallery-item elementor-animated-content\">\n\t\t\t\t\t<div class=\"e-gallery-image elementor-gallery-item__image\" data-thumbnail=\"https:\/\/www.portovenere.fr\/fr-fr\/wp-content\/uploads\/2024\/10\/Carrelage-gres-cerame-effet-pierre-naturelle-piasentina-Drakara-brushed-light-sol-et-mur-a-Montpellier-34-150x150.jpg\" data-width=\"150\" data-height=\"150\" aria-label=\"\" role=\"img\" ><\/div>\n\t\t\t\t\t\t\t\t\t\t\t<div class=\"elementor-gallery-item__overlay\"><\/div>\n\t\t\t\t\t\t\t\t\t\t\t\t\t\t<\/div>\n\t\t\t\t\t\t\t<div class=\"e-gallery-item elementor-gallery-item elementor-animated-content\">\n\t\t\t\t\t<div class=\"e-gallery-image elementor-gallery-item__image\" data-thumbnail=\"https:\/\/www.portovenere.fr\/fr-fr\/wp-content\/uploads\/2024\/10\/Carrelage-gres-cerame-effet-pierre-lisse-ou-cannete-relief-strie-Drakara-Flame-light-magasin-carrelage-Porto-venere-a-Montpellier-34-150x150.jpg\" data-width=\"150\" data-height=\"150\" aria-label=\"\" role=\"img\" ><\/div>\n\t\t\t\t\t\t\t\t\t\t\t<div class=\"elementor-gallery-item__overlay\"><\/div>\n\t\t\t\t\t\t\t\t\t\t\t\t\t\t<\/div>\n\t\t\t\t\t<\/div>\n\t\t\t\t\t<\/div>\n\t\t\t\t<\/div>\n\t\t\t\t<div class=\"elementor-element elementor-element-62fb1d7a elementor-widget elementor-widget-text-editor\" data-id=\"62fb1d7a\" data-element_type=\"widget\" data-e-type=\"widget\" data-widget_type=\"text-editor.default\">\n\t\t\t\t<div class=\"elementor-widget-container\">\n\t\t\t\t\t\t\t\t\t<p>Ce<b>\u00a0carrelage\u00a0gr\u00e8s c\u00e9rame<\/b>\u00a0effet\u00a0<a href=\"https:\/\/it.wikipedia.org\/wiki\/Pietra_Piasentina\" target=\"_blank\" rel=\"noopener\"><b>pierre naturelle Piasentina<\/b><\/a>\u00a0est con\u00e7u pour une\u00a0<b>pose murale\u00a0<\/b>mais aussi une<b>\u00a0pose au sol en int\u00e9rieur et<\/b>\u00a0en\u00a0<b>ext\u00e9rieur.<\/b><\/p><p><strong>Les 3<\/strong>\u00a0<b>finitions\u00a0<\/b>propos\u00e9es sont :\u00a0Soft (<b>l\u00e9g\u00e8rement satin\u00e9<\/b>),\u00a0<b>naturel mat\u00a0<\/b>(R10 B) et R+PTV (R11\u00a0<b>antid\u00e9rapant<\/b>).<\/p><p>Ce<b>\u00a0<\/b>gr\u00e8s c\u00e9rame de\u00a0<b>haut qualit\u00e9<\/b>\u00a0propose\u00a0<b>4\u00a0coloris<\/b><b>\u00a0<\/b>:\u00a0Brushed Light, Flame Light, Flame Dark et Satin Dark.<\/p><p>La collection Drakara propose des<b>\u00a0formats en fine \u00e9paisseur de 6 mm<\/b>\u00a0: maxi format XXL 120 x 280 cm, 120 x 240 cm, 120 x120 cm, 60 x120 cm en\u00a0<b>finition naturelle mate ou soft<\/b>\u00a0(selon coloris).\u00a0<\/p><p>Une\u00a0<b>\u00e9paisseur de 9 mm<\/b>\u00a0est propos\u00e9e en format 80 x 180 cm, 120 x 120 cm, 60 x 120 cm, 60 x 60 cm.<\/p><p>Le coloris Flame Light propose un format en\u00a0<b>dalles 20 mm antid\u00e9rapantes<\/b>\u00a060 x 120 cm pour pose sur plot, pose sur chappe ciment avec colle \u00e0 double encollage, sur gravier ou sur gazon. ce coloris est \u00e9galement disponible en<b>\u00a0motif cannet\u00e9<\/b>\u00a060 x 120 cm.<\/p>\t\t\t\t\t\t\t\t<\/div>\n\t\t\t\t<\/div>\n\t\t\t\t<div class=\"elementor-element elementor-element-194de386 elementor-mobile-align-center elementor-widget elementor-widget-button\" data-id=\"194de386\" data-element_type=\"widget\" data-e-type=\"widget\" data-widget_type=\"button.default\">\n\t\t\t\t<div class=\"elementor-widget-container\">\n\t\t\t\t\t\t\t\t\t<div class=\"elementor-button-wrapper\">\n\t\t\t\t\t<a class=\"elementor-button elementor-button-link elementor-size-sm\" href=\"https:\/\/www.portovenere.fr\/fr-fr\/carrelage-sol-et-mur-en-gres-cerame-et-faience\/carrelage-aspect-pierre\/carrelage-effet-pierre-piasentina-drakara\/\">\n\t\t\t\t\t\t<span class=\"elementor-button-content-wrapper\">\n\t\t\t\t\t\t\t\t\t<span class=\"elementor-button-text\">VOIR LA COLLECTION<\/span>\n\t\t\t\t\t<\/span>\n\t\t\t\t\t<\/a>\n\t\t\t\t<\/div>\n\t\t\t\t\t\t\t\t<\/div>\n\t\t\t\t<\/div>\n\t\t\t\t\t<\/div>\n\t\t<\/div>\n\t\t\t\t\t<\/div>\n\t\t<\/section>\n\t\t\t\t\t<\/div>\n\t\t<\/div>\n\t\t\t\t<div class=\"elementor-column elementor-col-33 elementor-top-column elementor-element elementor-element-7cf9b5d3\" data-id=\"7cf9b5d3\" data-element_type=\"column\" data-e-type=\"column\" data-settings=\"{&quot;background_background&quot;:&quot;classic&quot;}\">\n\t\t\t<div class=\"elementor-widget-wrap elementor-element-populated\">\n\t\t\t\t\t\t<div class=\"elementor-element elementor-element-661ca06f elementor-widget elementor-widget-image\" data-id=\"661ca06f\" data-element_type=\"widget\" data-e-type=\"widget\" data-widget_type=\"image.default\">\n\t\t\t\t<div class=\"elementor-widget-container\">\n\t\t\t\t\t\t\t\t\t\t\t\t\t\t\t\t<a href=\"https:\/\/www.portovenere.fr\/fr-fr\/carrelage-sol-et-mur-en-gres-cerame-et-faience\/carrelage-aspect-pierre\/carrelage-haut-de-gamme-pour-interieur-et-exterieur-purezza\/\">\n\t\t\t\t\t\t\t<img decoding=\"async\" src=\"https:\/\/www.portovenere.fr\/fr-fr\/wp-content\/uploads\/elementor\/thumbs\/Carrelage-interieur-exterieur-effet-texture-ou-naturel-pour-sols-et-murs-PUREZZA-coloris-Sand-en-gres-cerame-haut-de-gamme-Magasin-Porto-Venere-a-Montpellier-rezd3znb4t32gdavpfkhbov24q6220ue1nvxwexv18.jpg\" title=\"Carrelage-int\u00e9rieur-ext\u00e9rieur-effet-textur\u00e9-ou-naturel-pour-sols-et-murs-PUREZZA-coloris-Sand-en-gr\u00e8s-c\u00e9rame-haut-de-gamme-Magasin-Porto-Venere-\u00e0-Montpellier\" alt=\"Purezza Sand Finition Hammered antid\u00e9rapant\" loading=\"lazy\" \/>\t\t\t\t\t\t\t\t<\/a>\n\t\t\t\t\t\t\t\t\t\t\t\t\t\t\t<\/div>\n\t\t\t\t<\/div>\n\t\t\t\t<div class=\"elementor-element elementor-element-19543410 elementor-widget elementor-widget-heading\" data-id=\"19543410\" data-element_type=\"widget\" data-e-type=\"widget\" data-widget_type=\"heading.default\">\n\t\t\t\t<div class=\"elementor-widget-container\">\n\t\t\t\t\t<h3 class=\"elementor-heading-title elementor-size-default\"><a href=\"https:\/\/www.portovenere.fr\/fr-fr\/carrelage-sol-et-mur-en-gres-cerame-et-faience\/carrelage-aspect-pierre\/carrelage-haut-de-gamme-pour-interieur-et-exterieur-purezza\/\">PUREZZA | 4 coloris &amp; 5 finitions<\/a><\/h3>\t\t\t\t<\/div>\n\t\t\t\t<\/div>\n\t\t\t\t<div class=\"elementor-element elementor-element-24157331 elementor-widget__width-initial elementor-widget elementor-widget-gallery\" data-id=\"24157331\" data-element_type=\"widget\" data-e-type=\"widget\" data-settings=\"{&quot;gap&quot;:{&quot;unit&quot;:&quot;px&quot;,&quot;size&quot;:3,&quot;sizes&quot;:[]},&quot;columns_mobile&quot;:3,&quot;gap_mobile&quot;:{&quot;unit&quot;:&quot;px&quot;,&quot;size&quot;:6,&quot;sizes&quot;:[]},&quot;columns&quot;:5,&quot;columns_tablet&quot;:3,&quot;gap_tablet&quot;:{&quot;unit&quot;:&quot;px&quot;,&quot;size&quot;:5,&quot;sizes&quot;:[]},&quot;lazyload&quot;:&quot;yes&quot;,&quot;gallery_layout&quot;:&quot;grid&quot;,&quot;aspect_ratio&quot;:&quot;3:2&quot;,&quot;overlay_background&quot;:&quot;yes&quot;,&quot;content_hover_animation&quot;:&quot;fade-in&quot;}\" data-widget_type=\"gallery.default\">\n\t\t\t\t<div class=\"elementor-widget-container\">\n\t\t\t\t\t\t\t<div class=\"elementor-gallery__container\">\n\t\t\t\t\t\t\t<div class=\"e-gallery-item elementor-gallery-item elementor-animated-content\">\n\t\t\t\t\t<div class=\"e-gallery-image elementor-gallery-item__image\" data-thumbnail=\"https:\/\/www.portovenere.fr\/fr-fr\/wp-content\/uploads\/2025\/11\/Carrelage-exterieur-et-interieur-pour-sol-et-mur-effet-pierre-PUREZZA-Sable-magasin-carrelages-Porto_Venere_Montpellier-proche-de-Palavas-34-150x150.jpg\" data-width=\"150\" data-height=\"150\" aria-label=\"Carrelage gr\u00e8s c\u00e9rame aspect pierre calcaire naturelle 4 coloris PUREZZA magasin de carrelages haut de gamme PORTO VENERE \u00e0 Montpellier\" role=\"img\" ><\/div>\n\t\t\t\t\t\t\t\t\t\t\t<div class=\"elementor-gallery-item__overlay\"><\/div>\n\t\t\t\t\t\t\t\t\t\t\t\t\t\t<\/div>\n\t\t\t\t\t\t\t<div class=\"e-gallery-item elementor-gallery-item elementor-animated-content\">\n\t\t\t\t\t<div class=\"e-gallery-image elementor-gallery-item__image\" data-thumbnail=\"https:\/\/www.portovenere.fr\/fr-fr\/wp-content\/uploads\/2025\/11\/Carrelage-exterieur-et-interieur-pour-sol-et-mur-effet-pierre-PUREZZA-Perle-magasin-carrelages-Porto_Venere_Montpellier-proche-de-Agde-34-150x150.jpg\" data-width=\"150\" data-height=\"150\" aria-label=\"Carrelage gr\u00e8s c\u00e9rame aspect pierre calcaire naturelle 4 coloris PUREZZA magasin de carrelages haut de gamme PORTO VENERE \u00e0 Montpellier\" role=\"img\" ><\/div>\n\t\t\t\t\t\t\t\t\t\t\t<div class=\"elementor-gallery-item__overlay\"><\/div>\n\t\t\t\t\t\t\t\t\t\t\t\t\t\t<\/div>\n\t\t\t\t\t\t\t<div class=\"e-gallery-item elementor-gallery-item elementor-animated-content\">\n\t\t\t\t\t<div class=\"e-gallery-image elementor-gallery-item__image\" data-thumbnail=\"https:\/\/www.portovenere.fr\/fr-fr\/wp-content\/uploads\/2025\/11\/Carrelage-exterieur-et-interieur-pour-sol-et-mur-effet-pierre-PUREZZA-Ivoire-magasin-carrelages-Porto_Venere_Montpellier-proche-de-Le-Grau-du-Roi-30-150x150.jpg\" data-width=\"150\" data-height=\"150\" aria-label=\"Carrelage gr\u00e8s c\u00e9rame aspect pierre calcaire naturelle 4 coloris PUREZZA magasin de carrelages haut de gamme PORTO VENERE \u00e0 Montpellier\" role=\"img\" ><\/div>\n\t\t\t\t\t\t\t\t\t\t\t<div class=\"elementor-gallery-item__overlay\"><\/div>\n\t\t\t\t\t\t\t\t\t\t\t\t\t\t<\/div>\n\t\t\t\t\t\t\t<div class=\"e-gallery-item elementor-gallery-item elementor-animated-content\">\n\t\t\t\t\t<div class=\"e-gallery-image elementor-gallery-item__image\" data-thumbnail=\"https:\/\/www.portovenere.fr\/fr-fr\/wp-content\/uploads\/2025\/11\/Carrelage-exterieur-et-interieur-pour-sol-et-mur-effet-pierre-PUREZZA-Gris-magasin-carrelages-Porto_Venere_Montpellier-proche-de-Montferrier-sur-Lez-34-150x150.jpg\" data-width=\"150\" data-height=\"150\" aria-label=\"Carrelage gr\u00e8s c\u00e9rame aspect pierre calcaire naturelle 4 coloris PUREZZA magasin de carrelages haut de gamme PORTO VENERE \u00e0 Montpellier\" role=\"img\" ><\/div>\n\t\t\t\t\t\t\t\t\t\t\t<div class=\"elementor-gallery-item__overlay\"><\/div>\n\t\t\t\t\t\t\t\t\t\t\t\t\t\t<\/div>\n\t\t\t\t\t<\/div>\n\t\t\t\t\t<\/div>\n\t\t\t\t<\/div>\n\t\t\t\t<div class=\"elementor-element elementor-element-4398eefa elementor-widget elementor-widget-text-editor\" data-id=\"4398eefa\" data-element_type=\"widget\" data-e-type=\"widget\" data-widget_type=\"text-editor.default\">\n\t\t\t\t<div class=\"elementor-widget-container\">\n\t\t\t\t\t\t\t\t\t<p>PUREZZA est une collection de <b>gr\u00e8s c\u00e9rame i<\/b>nspir\u00e9e de la puret\u00e9 de la <b>pierre calcaire.&nbsp;<\/b><\/p>\n<p>D\u00e9clin\u00e9e en trois \u00e9paisseurs (fine \u00e9paisseur Kerlite plus&nbsp;<b>6.5 mm, <\/b>\u00e9paisseur renforc\u00e9e <b>14 mm, dalles 20 mm<\/b>), <b>six formats (dont 120&#215;278 cm)&nbsp;<\/b>et quatre coloris \u2014 <b>Grey, Ivory, Pearl, Sand<\/b> \u2014 elle s\u2019adapte \u00e0 tous les projets, du rev\u00eatement mural aux dallages ext\u00e9rieurs.&nbsp;<\/p>\n<p>Ses<b> cinq finitions <\/b>(Natural, Honed, Rolled, Hammered, Chiseled) offrent une grande vari\u00e9t\u00e9 de rendus, du plus lisse au plus textur\u00e9.&nbsp;<\/p>\n<p>R\u00e9sistante, durable et \u00e9l\u00e9gante, PUREZZA r\u00e9pond aux exigences des architectures contemporaines.<\/p>\t\t\t\t\t\t\t\t<\/div>\n\t\t\t\t<\/div>\n\t\t\t\t<div class=\"elementor-element elementor-element-5b074431 elementor-mobile-align-center elementor-widget elementor-widget-button\" data-id=\"5b074431\" data-element_type=\"widget\" data-e-type=\"widget\" data-widget_type=\"button.default\">\n\t\t\t\t<div class=\"elementor-widget-container\">\n\t\t\t\t\t\t\t\t\t<div class=\"elementor-button-wrapper\">\n\t\t\t\t\t<a class=\"elementor-button elementor-button-link elementor-size-sm\" href=\"https:\/\/www.portovenere.fr\/fr-fr\/carrelage-sol-et-mur-en-gres-cerame-et-faience\/carrelage-aspect-pierre\/carrelage-haut-de-gamme-pour-interieur-et-exterieur-purezza\/\">\n\t\t\t\t\t\t<span class=\"elementor-button-content-wrapper\">\n\t\t\t\t\t\t\t\t\t<span class=\"elementor-button-text\">VOIR LA COLLECTION<\/span>\n\t\t\t\t\t<\/span>\n\t\t\t\t\t<\/a>\n\t\t\t\t<\/div>\n\t\t\t\t\t\t\t\t<\/div>\n\t\t\t\t<\/div>\n\t\t\t\t\t<\/div>\n\t\t<\/div>\n\t\t\t\t<div class=\"elementor-column elementor-col-33 elementor-top-column elementor-element elementor-element-4944b045 elementor-invisible\" data-id=\"4944b045\" data-element_type=\"column\" data-e-type=\"column\" data-settings=\"{&quot;animation&quot;:&quot;fadeIn&quot;,&quot;background_background&quot;:&quot;classic&quot;}\">\n\t\t\t<div class=\"elementor-widget-wrap elementor-element-populated\">\n\t\t\t\t\t\t<div class=\"elementor-element elementor-element-68bebebc elementor-skin-carousel elementor-widget elementor-widget-media-carousel\" data-id=\"68bebebc\" data-element_type=\"widget\" data-e-type=\"widget\" data-settings=\"{&quot;slides_per_view&quot;:&quot;1&quot;,&quot;slides_per_view_tablet&quot;:&quot;1&quot;,&quot;slides_to_scroll&quot;:&quot;1&quot;,&quot;slides_to_scroll_tablet&quot;:&quot;1&quot;,&quot;skin&quot;:&quot;carousel&quot;,&quot;effect&quot;:&quot;slide&quot;,&quot;speed&quot;:500,&quot;autoplay&quot;:&quot;yes&quot;,&quot;autoplay_speed&quot;:5000,&quot;loop&quot;:&quot;yes&quot;,&quot;pause_on_hover&quot;:&quot;yes&quot;,&quot;pause_on_interaction&quot;:&quot;yes&quot;,&quot;space_between&quot;:{&quot;unit&quot;:&quot;px&quot;,&quot;size&quot;:10,&quot;sizes&quot;:[]},&quot;space_between_tablet&quot;:{&quot;unit&quot;:&quot;px&quot;,&quot;size&quot;:10,&quot;sizes&quot;:[]},&quot;space_between_mobile&quot;:{&quot;unit&quot;:&quot;px&quot;,&quot;size&quot;:10,&quot;sizes&quot;:[]}}\" data-widget_type=\"media-carousel.default\">\n\t\t\t\t<div class=\"elementor-widget-container\">\n\t\t\t\t\t\t\t\t\t<div class=\"elementor-swiper\">\n\t\t\t\t\t<div class=\"elementor-main-swiper swiper\" role=\"region\" aria-roledescription=\"carousel\" aria-label=\"Diapositives\">\n\t\t\t\t<div class=\"swiper-wrapper\">\n\t\t\t\t\t\t\t\t\t\t\t<div class=\"swiper-slide\" role=\"group\" aria-roledescription=\"slide\">\n\t\t\t\t\t\t\t\t\t<div class=\"elementor-carousel-image\" role=\"img\" aria-label=\"Terrasse en carrelage antid\u00e9rapant style parquet bois de ch\u00eane naturel Newwood 40 x 120 cm x 2 cm\" style=\"background-image: url(&#039;https:\/\/www.portovenere.fr\/fr-fr\/wp-content\/uploads\/2025\/09\/Carrelage-dalle-antiderapante-effet-parquet-bois-chene-naturel-Newwood-40x120x2-cm-pour-sol-exterieur-showroom-Porto-Venere-proche-Lattes-34.jpg&#039;)\">\n\n\t\t\t\n\t\t\t\t\t<\/div>\n\t\t\t\t\t\t\t\t<\/div>\n\t\t\t\t\t\t\t\t\t<\/div>\n\t\t\t\t\t\t\t<\/div>\n\t\t\t\t<\/div>\n\t\t\t\t\t\t\t\t<\/div>\n\t\t\t\t<\/div>\n\t\t\t\t<section class=\"elementor-section elementor-inner-section elementor-element elementor-element-4316a372 elementor-section-boxed elementor-section-height-default elementor-section-height-default elementor-invisible\" data-id=\"4316a372\" data-element_type=\"section\" data-e-type=\"section\" data-settings=\"{&quot;background_background&quot;:&quot;classic&quot;,&quot;animation&quot;:&quot;fadeIn&quot;}\">\n\t\t\t\t\t\t<div class=\"elementor-container elementor-column-gap-default\">\n\t\t\t\t\t<div class=\"elementor-column elementor-col-100 elementor-inner-column elementor-element elementor-element-447d98ac\" data-id=\"447d98ac\" data-element_type=\"column\" data-e-type=\"column\">\n\t\t\t<div class=\"elementor-widget-wrap elementor-element-populated\">\n\t\t\t\t\t\t<div class=\"elementor-element elementor-element-7c768d6 elementor-widget elementor-widget-heading\" data-id=\"7c768d6\" data-element_type=\"widget\" data-e-type=\"widget\" data-widget_type=\"heading.default\">\n\t\t\t\t<div class=\"elementor-widget-container\">\n\t\t\t\t\t<h3 class=\"elementor-heading-title elementor-size-default\"><a href=\"https:\/\/www.portovenere.fr\/fr-fr\/carrelage-sol-et-mur-en-gres-cerame-et-faience\/carrelage-imitation-parquet-aspect-bois\/carrelage-effet-bois-newwood\/\">NEWWOOD | 3 coloris<\/a><\/h3>\t\t\t\t<\/div>\n\t\t\t\t<\/div>\n\t\t\t\t<div class=\"elementor-element elementor-element-1eef6cae elementor-widget__width-initial elementor-widget elementor-widget-gallery\" data-id=\"1eef6cae\" data-element_type=\"widget\" data-e-type=\"widget\" data-settings=\"{&quot;gap&quot;:{&quot;unit&quot;:&quot;px&quot;,&quot;size&quot;:3,&quot;sizes&quot;:[]},&quot;columns_mobile&quot;:3,&quot;gap_mobile&quot;:{&quot;unit&quot;:&quot;px&quot;,&quot;size&quot;:6,&quot;sizes&quot;:[]},&quot;columns&quot;:5,&quot;columns_tablet&quot;:3,&quot;gap_tablet&quot;:{&quot;unit&quot;:&quot;px&quot;,&quot;size&quot;:5,&quot;sizes&quot;:[]},&quot;lazyload&quot;:&quot;yes&quot;,&quot;gallery_layout&quot;:&quot;grid&quot;,&quot;aspect_ratio&quot;:&quot;3:2&quot;,&quot;overlay_background&quot;:&quot;yes&quot;,&quot;content_hover_animation&quot;:&quot;fade-in&quot;}\" data-widget_type=\"gallery.default\">\n\t\t\t\t<div class=\"elementor-widget-container\">\n\t\t\t\t\t\t\t<div class=\"elementor-gallery__container\">\n\t\t\t\t\t\t\t<div class=\"e-gallery-item elementor-gallery-item elementor-animated-content\">\n\t\t\t\t\t<div class=\"e-gallery-image elementor-gallery-item__image\" data-thumbnail=\"https:\/\/www.portovenere.fr\/fr-fr\/wp-content\/uploads\/2025\/09\/Carrelage-effet-parquet-bois-chene-clair-Newwood-almond-20x120-cm-pour-sol-en-interieur-et-exterieur-showroom-Porto-Venere-proche-Perols-34-150x150.jpg\" data-width=\"150\" data-height=\"150\" aria-label=\"Carrelage effet parquet bois Newwood esprit bois de ch\u00eane clair\" role=\"img\" ><\/div>\n\t\t\t\t\t\t\t\t\t\t\t<div class=\"elementor-gallery-item__overlay\"><\/div>\n\t\t\t\t\t\t\t\t\t\t\t\t\t\t<\/div>\n\t\t\t\t\t\t\t<div class=\"e-gallery-item elementor-gallery-item elementor-animated-content\">\n\t\t\t\t\t<div class=\"e-gallery-image elementor-gallery-item__image\" data-thumbnail=\"https:\/\/www.portovenere.fr\/fr-fr\/wp-content\/uploads\/2025\/09\/Carrelage-effet-parquet-bois-chene-clair-Newwood-20x120-cm-pour-sol-en-interieur-et-exterieur-showroom-Porto-Venere-proche-Montagnac-34-150x150.jpg\" data-width=\"150\" data-height=\"150\" aria-label=\"Carrelage effet parquet bois Newwood esprit bois de ch\u00eane authentique\" role=\"img\" ><\/div>\n\t\t\t\t\t\t\t\t\t\t\t<div class=\"elementor-gallery-item__overlay\"><\/div>\n\t\t\t\t\t\t\t\t\t\t\t\t\t\t<\/div>\n\t\t\t\t\t\t\t<div class=\"e-gallery-item elementor-gallery-item elementor-animated-content\">\n\t\t\t\t\t<div class=\"e-gallery-image elementor-gallery-item__image\" data-thumbnail=\"https:\/\/www.portovenere.fr\/fr-fr\/wp-content\/uploads\/2025\/09\/Carrelage-effet-parquet-bois-chene-clair-Newwood-20x120-cm-pour-sol-en-interieur-et-exterieur-showroom-Porto-Venere-proche-La-Grande-Motte-34-150x150.jpg\" data-width=\"150\" data-height=\"150\" aria-label=\"Carrelage effet parquet bois Newwood esprit bois de ch\u00eane naturel\" role=\"img\" ><\/div>\n\t\t\t\t\t\t\t\t\t\t\t<div class=\"elementor-gallery-item__overlay\"><\/div>\n\t\t\t\t\t\t\t\t\t\t\t\t\t\t<\/div>\n\t\t\t\t\t\t\t<div class=\"e-gallery-item elementor-gallery-item elementor-animated-content\">\n\t\t\t\t\t<div class=\"e-gallery-image elementor-gallery-item__image\" data-thumbnail=\"https:\/\/www.portovenere.fr\/fr-fr\/wp-content\/uploads\/2025\/09\/Carrelage-effet-parquet-chevrons-bois-chene-Newwood-20x120-cm-pour-sol-en-interieur-et-exterieur-showroom-Porto-Venere-proche-Pezenas-34-150x150.jpg\" data-width=\"150\" data-height=\"150\" aria-label=\"Carrelage effet parquet chevrons bois Newwood esprit bois de ch\u00eane clair\" role=\"img\" ><\/div>\n\t\t\t\t\t\t\t\t\t\t\t<div class=\"elementor-gallery-item__overlay\"><\/div>\n\t\t\t\t\t\t\t\t\t\t\t\t\t\t<\/div>\n\t\t\t\t\t\t\t<div class=\"e-gallery-item elementor-gallery-item elementor-animated-content\">\n\t\t\t\t\t<div class=\"e-gallery-image elementor-gallery-item__image\" data-thumbnail=\"https:\/\/www.portovenere.fr\/fr-fr\/wp-content\/uploads\/2025\/09\/Carrelage-effet-parquet-chevrons-bois-chene-clair-Newwood-20x120-cm-pour-sol-en-interieur-et-exterieur-showroom-Porto-Venere-proche-Lunel-34-150x150.jpg\" data-width=\"150\" data-height=\"150\" aria-label=\"Carrelage effet parquet bois Newwood esprit parquet chevrons bois de ch\u00eane authentique\" role=\"img\" ><\/div>\n\t\t\t\t\t\t\t\t\t\t\t<div class=\"elementor-gallery-item__overlay\"><\/div>\n\t\t\t\t\t\t\t\t\t\t\t\t\t\t<\/div>\n\t\t\t\t\t\t\t<div class=\"e-gallery-item elementor-gallery-item elementor-animated-content\">\n\t\t\t\t\t<div class=\"e-gallery-image elementor-gallery-item__image\" data-thumbnail=\"https:\/\/www.portovenere.fr\/fr-fr\/wp-content\/uploads\/2025\/09\/Carrelage-effet-parquet-chevrons-bois-chene-clair-Newwood-20x120-cm-pour-sol-en-interieur-et-exterieur-showroom-Porto-Venere-proche-La-Grande-Motte-34-150x150.jpg\" data-width=\"150\" data-height=\"150\" aria-label=\"Carrelage effet parquet chevrons bois Newwood esprit bois de ch\u00eane clair\" role=\"img\" ><\/div>\n\t\t\t\t\t\t\t\t\t\t\t<div class=\"elementor-gallery-item__overlay\"><\/div>\n\t\t\t\t\t\t\t\t\t\t\t\t\t\t<\/div>\n\t\t\t\t\t<\/div>\n\t\t\t\t\t<\/div>\n\t\t\t\t<\/div>\n\t\t\t\t<div class=\"elementor-element elementor-element-759b2e8d elementor-widget elementor-widget-text-editor\" data-id=\"759b2e8d\" data-element_type=\"widget\" data-e-type=\"widget\" data-widget_type=\"text-editor.default\">\n\t\t\t\t<div class=\"elementor-widget-container\">\n\t\t\t\t\t\t\t\t\t<p>La collection <strong data-start=\"71\" data-end=\"82\">NEWWOOD<\/strong> sublime l\u2019authenticit\u00e9 du ch\u00eane avec un carrelage effet bois au r\u00e9alisme saisissant.&nbsp;<\/p>\n<p>Ses nuances, veines et textures restituent la chaleur et l\u2019\u00e9l\u00e9gance du mat\u00e9riau naturel.&nbsp;<\/p><p>D\u00e9clin\u00e9e en formats 20\u00d7120 cm et Chevron 11\u00d754 cm, elle s\u2019int\u00e8gre aussi bien aux int\u00e9rieurs classiques que contemporains.&nbsp;<\/p><p>Trois teintes inspirent des ambiances vari\u00e9es : <strong data-start=\"427\" data-end=\"437\">Almond<\/strong>, clair et lumineux ; <strong data-start=\"459\" data-end=\"469\">Biondo<\/strong>, naturel et \u00e9l\u00e9gant ; <strong data-start=\"492\" data-end=\"501\">Cuoio<\/strong>, intense et raffin\u00e9. Gr\u00e2ce \u00e0 la technologie <strong data-start=\"546\" data-end=\"558\">SilkTech<\/strong>, NEWWOOD associe toucher soyeux, s\u00e9curit\u00e9 antid\u00e9rapante et entretien facile.&nbsp;<\/p><p>\u00c9galement disponible en dalle 40\u00d7120 cm de 20 mm, elle assure une parfaite continuit\u00e9 entre int\u00e9rieur et ext\u00e9rieur.<\/p><p><br><\/p>\t\t\t\t\t\t\t\t<\/div>\n\t\t\t\t<\/div>\n\t\t\t\t\t<\/div>\n\t\t<\/div>\n\t\t\t\t\t<\/div>\n\t\t<\/section>\n\t\t\t\t<div class=\"elementor-element elementor-element-6001e9cf elementor-mobile-align-center elementor-widget elementor-widget-button\" data-id=\"6001e9cf\" data-element_type=\"widget\" data-e-type=\"widget\" data-widget_type=\"button.default\">\n\t\t\t\t<div class=\"elementor-widget-container\">\n\t\t\t\t\t\t\t\t\t<div class=\"elementor-button-wrapper\">\n\t\t\t\t\t<a class=\"elementor-button elementor-button-link elementor-size-sm\" href=\"https:\/\/www.portovenere.fr\/fr-fr\/carrelage-sol-et-mur-en-gres-cerame-et-faience\/carrelage-imitation-parquet-aspect-bois\/carrelage-effet-bois-newwood\/\">\n\t\t\t\t\t\t<span class=\"elementor-button-content-wrapper\">\n\t\t\t\t\t\t\t\t\t<span class=\"elementor-button-text\">Voir la collection<\/span>\n\t\t\t\t\t<\/span>\n\t\t\t\t\t<\/a>\n\t\t\t\t<\/div>\n\t\t\t\t\t\t\t\t<\/div>\n\t\t\t\t<\/div>\n\t\t\t\t\t<\/div>\n\t\t<\/div>\n\t\t\t\t\t<\/div>\n\t\t<\/section>\n\t\t\t\t<section class=\"elementor-section elementor-top-section elementor-element elementor-element-23fc19be elementor-section-full_width elementor-section-height-default elementor-section-height-default elementor-invisible\" data-id=\"23fc19be\" data-element_type=\"section\" data-e-type=\"section\" data-settings=\"{&quot;animation&quot;:&quot;fadeIn&quot;}\">\n\t\t\t\t\t\t<div class=\"elementor-container elementor-column-gap-default\">\n\t\t\t\t\t<div class=\"elementor-column elementor-col-33 elementor-top-column elementor-element elementor-element-7e390b02\" data-id=\"7e390b02\" data-element_type=\"column\" data-e-type=\"column\" data-settings=\"{&quot;background_background&quot;:&quot;classic&quot;}\">\n\t\t\t<div class=\"elementor-widget-wrap elementor-element-populated\">\n\t\t\t\t\t\t<div class=\"elementor-element elementor-element-22d4dc21 elementor-widget elementor-widget-image\" data-id=\"22d4dc21\" data-element_type=\"widget\" data-e-type=\"widget\" data-widget_type=\"image.default\">\n\t\t\t\t<div class=\"elementor-widget-container\">\n\t\t\t\t\t\t\t\t\t\t\t\t\t\t\t\t<a href=\"https:\/\/www.portovenere.fr\/fr-fr\/carrelage-sol-et-mur-en-gres-cerame-et-faience\/carrelage-aspect-pierre\/carrelage-imitation-travertin-interieur-exterieur-brumata-travertin\/\">\n\t\t\t\t\t\t\t<img decoding=\"async\" src=\"https:\/\/www.portovenere.fr\/fr-fr\/wp-content\/uploads\/elementor\/thumbs\/Dalles-antiderapantes-20-mm-pour-terrasses-et-tour-de-psicine-imitation-pierre-naturelle-Brumata-Travertin-beige-cream-a-Lattes-34-r8if3cn08sb4gz9v1h9fnz8m8xw2furjo2utz9q290.jpg\" title=\"Dalles-antid\u00e9rapantes-20-mm-pour-terrasses-et-tour-de-psicine-imitation-pierre-naturelle-Brumata-Travertin-beige-cream-\u00e0-Lattes-34\" alt=\"Dalles-antid\u00e9rapantes-20-mm-pour-terrasses-et-tour-de-psicine-imitation-pierre-naturelle-Brumata-Travertin-beige-cream-\u00e0-Lattes-34\" loading=\"lazy\" \/>\t\t\t\t\t\t\t\t<\/a>\n\t\t\t\t\t\t\t\t\t\t\t\t\t\t\t<\/div>\n\t\t\t\t<\/div>\n\t\t\t\t<div class=\"elementor-element elementor-element-4421c8cf elementor-widget elementor-widget-heading\" data-id=\"4421c8cf\" data-element_type=\"widget\" data-e-type=\"widget\" data-widget_type=\"heading.default\">\n\t\t\t\t<div class=\"elementor-widget-container\">\n\t\t\t\t\t<h3 class=\"elementor-heading-title elementor-size-default\"><a href=\"https:\/\/www.portovenere.fr\/fr-fr\/carrelage-sol-et-mur-en-gres-cerame-et-faience\/carrelage-aspect-pierre\/carrelage-imitation-travertin-interieur-exterieur-brumata-travertin\/\">Dalles BRUMATA TRAVERTIN | 1 coloris<\/a><\/h3>\t\t\t\t<\/div>\n\t\t\t\t<\/div>\n\t\t\t\t<div class=\"elementor-element elementor-element-5680d93 elementor-widget__width-initial elementor-widget elementor-widget-gallery\" data-id=\"5680d93\" data-element_type=\"widget\" data-e-type=\"widget\" data-settings=\"{&quot;gap&quot;:{&quot;unit&quot;:&quot;px&quot;,&quot;size&quot;:3,&quot;sizes&quot;:[]},&quot;columns_mobile&quot;:3,&quot;gap_mobile&quot;:{&quot;unit&quot;:&quot;px&quot;,&quot;size&quot;:6,&quot;sizes&quot;:[]},&quot;columns&quot;:5,&quot;columns_tablet&quot;:3,&quot;gap_tablet&quot;:{&quot;unit&quot;:&quot;px&quot;,&quot;size&quot;:5,&quot;sizes&quot;:[]},&quot;lazyload&quot;:&quot;yes&quot;,&quot;gallery_layout&quot;:&quot;grid&quot;,&quot;aspect_ratio&quot;:&quot;3:2&quot;,&quot;overlay_background&quot;:&quot;yes&quot;,&quot;content_hover_animation&quot;:&quot;fade-in&quot;}\" data-widget_type=\"gallery.default\">\n\t\t\t\t<div class=\"elementor-widget-container\">\n\t\t\t\t\t\t\t<div class=\"elementor-gallery__container\">\n\t\t\t\t\t\t\t<div class=\"e-gallery-item elementor-gallery-item elementor-animated-content\">\n\t\t\t\t\t<div class=\"e-gallery-image elementor-gallery-item__image\" data-thumbnail=\"https:\/\/www.portovenere.fr\/fr-fr\/wp-content\/uploads\/2024\/04\/Carrelage-travertin-en-gres-cerame-mat-ou-brillant-sol-et-mur-Brumata-travertin-Minimal-Cream-a-saint-jean-de-vedas-34-150x150.jpg\" data-width=\"150\" data-height=\"150\" aria-label=\"\" role=\"img\" ><\/div>\n\t\t\t\t\t\t\t\t\t\t\t<div class=\"elementor-gallery-item__overlay\"><\/div>\n\t\t\t\t\t\t\t\t\t\t\t\t\t\t<\/div>\n\t\t\t\t\t<\/div>\n\t\t\t\t\t<\/div>\n\t\t\t\t<\/div>\n\t\t\t\t<div class=\"elementor-element elementor-element-394aa84d elementor-widget elementor-widget-text-editor\" data-id=\"394aa84d\" data-element_type=\"widget\" data-e-type=\"widget\" data-widget_type=\"text-editor.default\">\n\t\t\t\t<div class=\"elementor-widget-container\">\n\t\t\t\t\t\t\t\t\t<p>La merveilleuse collection<b> esprit Travertin<\/b> de&nbsp;carrelage 1er choix&nbsp;<b>BRUMATA TRAVERTIN&nbsp;<\/b>est con\u00e7u pour une&nbsp;<b>pose au sol et pose murale en int\u00e9rieur et ext\u00e9rieur.<\/b><\/p>\n<p>Ce gr\u00e8s c\u00e9rame de qualit\u00e9 pour int\u00e9rieur et ext\u00e9rieur, propose&nbsp;<b>4&nbsp;coloris<\/b>&nbsp;&nbsp;<b>effet pierre naturelle Travertin<\/b>&nbsp;: beige, blanc, gris et marron (int\u00e9rieur uniquement).<\/p>\n<p>Un carrelage propos\u00e9 dans&nbsp;<b>4 styles<\/b>&nbsp;pour une cr\u00e9ation originale dans votre projets d\u2019am\u00e9nagement :&nbsp;<b>Vein Cut (esprit Travertin),&nbsp;Minimal (esprit pierre),&nbsp;&nbsp;Ancient (tr\u00e8s nuanc\u00e9) et&nbsp;&nbsp;Ruled (stri\u00e9).<\/b><\/p>\n<p>Le<b>s nombreux formats<\/b>,&nbsp;<b>mosa\u00efques<\/b> et<b> d\u00e9cors brick<\/b> offrent de multiples possibilit\u00e9s. Disponible \u00e9galement en <b>Opus bords non rectifi\u00e9s<\/b> et <b>dalles 2 cm antid\u00e9rapantes en coloris Cream beige finition Minimal.<\/b><\/p>\t\t\t\t\t\t\t\t<\/div>\n\t\t\t\t<\/div>\n\t\t\t\t<div class=\"elementor-element elementor-element-770262dc elementor-mobile-align-center elementor-align-left elementor-widget elementor-widget-button\" data-id=\"770262dc\" data-element_type=\"widget\" data-e-type=\"widget\" data-widget_type=\"button.default\">\n\t\t\t\t<div class=\"elementor-widget-container\">\n\t\t\t\t\t\t\t\t\t<div class=\"elementor-button-wrapper\">\n\t\t\t\t\t<a class=\"elementor-button elementor-button-link elementor-size-sm\" href=\"https:\/\/www.portovenere.fr\/fr-fr\/carrelage-sol-et-mur-en-gres-cerame-et-faience\/carrelage-aspect-pierre\/carrelage-imitation-travertin-interieur-exterieur-brumata-travertin\/\">\n\t\t\t\t\t\t<span class=\"elementor-button-content-wrapper\">\n\t\t\t\t\t\t\t\t\t<span class=\"elementor-button-text\">Voir la collection<\/span>\n\t\t\t\t\t<\/span>\n\t\t\t\t\t<\/a>\n\t\t\t\t<\/div>\n\t\t\t\t\t\t\t\t<\/div>\n\t\t\t\t<\/div>\n\t\t\t\t\t<\/div>\n\t\t<\/div>\n\t\t\t\t<div class=\"elementor-column elementor-col-33 elementor-top-column elementor-element elementor-element-13e15eb3 elementor-invisible\" data-id=\"13e15eb3\" data-element_type=\"column\" data-e-type=\"column\" data-settings=\"{&quot;animation&quot;:&quot;fadeIn&quot;,&quot;background_background&quot;:&quot;classic&quot;}\">\n\t\t\t<div class=\"elementor-widget-wrap elementor-element-populated\">\n\t\t\t\t\t\t<div class=\"elementor-element elementor-element-6b45b273 elementor-widget elementor-widget-image\" data-id=\"6b45b273\" data-element_type=\"widget\" data-e-type=\"widget\" data-widget_type=\"image.default\">\n\t\t\t\t<div class=\"elementor-widget-container\">\n\t\t\t\t\t\t\t\t\t\t\t\t\t\t\t\t<a href=\"https:\/\/www.portovenere.fr\/fr-fr\/carrelage-sol-et-mur-en-gres-cerame-et-faience\/dalles-20mm-pose-sur-plots-sable-gravier-collee\/dalle-ceramique-aspect-pierre-20mm-quartzites\/\">\n\t\t\t\t\t\t\t<img decoding=\"async\" width=\"768\" height=\"512\" src=\"https:\/\/www.portovenere.fr\/fr-fr\/wp-content\/uploads\/2019\/12\/Carrelage-ext\u00e9rieur-dalle-20mm_effet-pierre_beige-sable-Les-Quartzites-QR02-mix-formats-768x512.jpg\" class=\"attachment-medium_large size-medium_large wp-image-21915\" alt=\"dalle en gr\u00e8s c\u00e9rame pour ext\u00e9rieur\" srcset=\"https:\/\/www.portovenere.fr\/fr-fr\/wp-content\/uploads\/2019\/12\/Carrelage-ext\u00e9rieur-dalle-20mm_effet-pierre_beige-sable-Les-Quartzites-QR02-mix-formats-768x512.jpg 768w, https:\/\/www.portovenere.fr\/fr-fr\/wp-content\/uploads\/2019\/12\/Carrelage-ext\u00e9rieur-dalle-20mm_effet-pierre_beige-sable-Les-Quartzites-QR02-mix-formats-300x200.jpg 300w, https:\/\/www.portovenere.fr\/fr-fr\/wp-content\/uploads\/2019\/12\/Carrelage-ext\u00e9rieur-dalle-20mm_effet-pierre_beige-sable-Les-Quartzites-QR02-mix-formats-1024x683.jpg 1024w, https:\/\/www.portovenere.fr\/fr-fr\/wp-content\/uploads\/2019\/12\/Carrelage-ext\u00e9rieur-dalle-20mm_effet-pierre_beige-sable-Les-Quartzites-QR02-mix-formats.jpg 1275w\" sizes=\"(max-width: 768px) 100vw, 768px\" \/>\t\t\t\t\t\t\t\t<\/a>\n\t\t\t\t\t\t\t\t\t\t\t\t\t\t\t<\/div>\n\t\t\t\t<\/div>\n\t\t\t\t<section class=\"elementor-section elementor-inner-section elementor-element elementor-element-3b5fd0f1 elementor-section-boxed elementor-section-height-default elementor-section-height-default elementor-invisible\" data-id=\"3b5fd0f1\" data-element_type=\"section\" data-e-type=\"section\" data-settings=\"{&quot;background_background&quot;:&quot;classic&quot;,&quot;animation&quot;:&quot;fadeIn&quot;}\">\n\t\t\t\t\t\t<div class=\"elementor-container elementor-column-gap-default\">\n\t\t\t\t\t<div class=\"elementor-column elementor-col-100 elementor-inner-column elementor-element elementor-element-66d96e99\" data-id=\"66d96e99\" data-element_type=\"column\" data-e-type=\"column\">\n\t\t\t<div class=\"elementor-widget-wrap elementor-element-populated\">\n\t\t\t\t\t\t<div class=\"elementor-element elementor-element-10587e36 elementor-widget elementor-widget-heading\" data-id=\"10587e36\" data-element_type=\"widget\" data-e-type=\"widget\" data-widget_type=\"heading.default\">\n\t\t\t\t<div class=\"elementor-widget-container\">\n\t\t\t\t\t<h3 class=\"elementor-heading-title elementor-size-default\"><a href=\"https:\/\/www.portovenere.fr\/fr-fr\/carrelage-sol-et-mur-en-gres-cerame-et-faience\/dalles-20mm-pose-sur-plots-sable-gravier-collee\/dalle-ceramique-aspect-pierre-20mm-quartzites\/\">Dalles LES QUARTZITES | 5 coloris<\/a><\/h3>\t\t\t\t<\/div>\n\t\t\t\t<\/div>\n\t\t\t\t<div class=\"elementor-element elementor-element-4a4a5147 elementor-widget__width-initial elementor-widget elementor-widget-gallery\" data-id=\"4a4a5147\" data-element_type=\"widget\" data-e-type=\"widget\" data-settings=\"{&quot;gap&quot;:{&quot;unit&quot;:&quot;px&quot;,&quot;size&quot;:3,&quot;sizes&quot;:[]},&quot;columns_mobile&quot;:3,&quot;gap_mobile&quot;:{&quot;unit&quot;:&quot;px&quot;,&quot;size&quot;:6,&quot;sizes&quot;:[]},&quot;columns&quot;:5,&quot;columns_tablet&quot;:3,&quot;gap_tablet&quot;:{&quot;unit&quot;:&quot;px&quot;,&quot;size&quot;:5,&quot;sizes&quot;:[]},&quot;lazyload&quot;:&quot;yes&quot;,&quot;gallery_layout&quot;:&quot;grid&quot;,&quot;aspect_ratio&quot;:&quot;3:2&quot;,&quot;overlay_background&quot;:&quot;yes&quot;,&quot;content_hover_animation&quot;:&quot;fade-in&quot;}\" data-widget_type=\"gallery.default\">\n\t\t\t\t<div class=\"elementor-widget-container\">\n\t\t\t\t\t\t\t<div class=\"elementor-gallery__container\">\n\t\t\t\t\t\t\t<div class=\"e-gallery-item elementor-gallery-item elementor-animated-content\">\n\t\t\t\t\t<div class=\"e-gallery-image elementor-gallery-item__image\" data-thumbnail=\"https:\/\/www.portovenere.fr\/fr-fr\/wp-content\/uploads\/2019\/12\/Dalle-ext\u00e9rieure-2_cm_Les-Quartzites-QR05-20mm-150x150.jpg\" data-width=\"150\" data-height=\"150\" aria-label=\"Dalles 20mm Quartzites Porto Venere\" role=\"img\" ><\/div>\n\t\t\t\t\t\t\t\t\t\t\t<div class=\"elementor-gallery-item__overlay\"><\/div>\n\t\t\t\t\t\t\t\t\t\t\t\t\t\t<\/div>\n\t\t\t\t\t\t\t<div class=\"e-gallery-item elementor-gallery-item elementor-animated-content\">\n\t\t\t\t\t<div class=\"e-gallery-image elementor-gallery-item__image\" data-thumbnail=\"https:\/\/www.portovenere.fr\/fr-fr\/wp-content\/uploads\/2019\/12\/Dalle-ext\u00e9rieure-2_cm_Les-Quartzites-QR01-20mm-150x150.jpg\" data-width=\"150\" data-height=\"150\" aria-label=\"Dalles 20mm Quartzites Porto Venere\" role=\"img\" ><\/div>\n\t\t\t\t\t\t\t\t\t\t\t<div class=\"elementor-gallery-item__overlay\"><\/div>\n\t\t\t\t\t\t\t\t\t\t\t\t\t\t<\/div>\n\t\t\t\t\t\t\t<div class=\"e-gallery-item elementor-gallery-item elementor-animated-content\">\n\t\t\t\t\t<div class=\"e-gallery-image elementor-gallery-item__image\" data-thumbnail=\"https:\/\/www.portovenere.fr\/fr-fr\/wp-content\/uploads\/2019\/12\/Dalle-ext\u00e9rieure-2_cm_Les-Quartzites-QR04-20mm-150x150.jpg\" data-width=\"150\" data-height=\"150\" aria-label=\"Dalles 20mm Quartzites Porto Venere\" role=\"img\" ><\/div>\n\t\t\t\t\t\t\t\t\t\t\t<div class=\"elementor-gallery-item__overlay\"><\/div>\n\t\t\t\t\t\t\t\t\t\t\t\t\t\t<\/div>\n\t\t\t\t\t\t\t<div class=\"e-gallery-item elementor-gallery-item elementor-animated-content\">\n\t\t\t\t\t<div class=\"e-gallery-image elementor-gallery-item__image\" data-thumbnail=\"https:\/\/www.portovenere.fr\/fr-fr\/wp-content\/uploads\/2019\/12\/Dalle-ext\u00e9rieure-2_cm_Les-Quartzites-QR03-20mm-150x150.jpg\" data-width=\"150\" data-height=\"150\" aria-label=\"Dalles 20mm Quartzites Porto Venere\" role=\"img\" ><\/div>\n\t\t\t\t\t\t\t\t\t\t\t<div class=\"elementor-gallery-item__overlay\"><\/div>\n\t\t\t\t\t\t\t\t\t\t\t\t\t\t<\/div>\n\t\t\t\t\t\t\t<div class=\"e-gallery-item elementor-gallery-item elementor-animated-content\">\n\t\t\t\t\t<div class=\"e-gallery-image elementor-gallery-item__image\" data-thumbnail=\"https:\/\/www.portovenere.fr\/fr-fr\/wp-content\/uploads\/2019\/12\/Dalle-ext\u00e9rieure-2_cm_Les-Quartzites-QR02-20mm-150x150.jpg\" data-width=\"150\" data-height=\"150\" aria-label=\"Dalles 20mm Quartzites Porto Venere\" role=\"img\" ><\/div>\n\t\t\t\t\t\t\t\t\t\t\t<div class=\"elementor-gallery-item__overlay\"><\/div>\n\t\t\t\t\t\t\t\t\t\t\t\t\t\t<\/div>\n\t\t\t\t\t<\/div>\n\t\t\t\t\t<\/div>\n\t\t\t\t<\/div>\n\t\t\t\t<div class=\"elementor-element elementor-element-1f15c3c6 elementor-widget elementor-widget-text-editor\" data-id=\"1f15c3c6\" data-element_type=\"widget\" data-e-type=\"widget\" data-widget_type=\"text-editor.default\">\n\t\t\t\t<div class=\"elementor-widget-container\">\n\t\t\t\t\t\t\t\t\t<p>Dalles ext\u00e9rieures en gr\u00e8s c\u00e9rame aspect pierre de 20mm d&rsquo;\u00e9paisseur pour terrasse, tour de piscine, all\u00e9e de garage, balcon, etc. Une collection disponible dans les formats <b>45x90cm, 60x60cm, 60x120cm<\/b> et<b> 30&#215;60 cm.<\/b><\/p>\n<p>Pose sur plots r\u00e9glables, sable, gravier, pelouse et pose coll\u00e9e sur chape b\u00e9ton.<\/p>\t\t\t\t\t\t\t\t<\/div>\n\t\t\t\t<\/div>\n\t\t\t\t<div class=\"elementor-element elementor-element-4680ac72 elementor-mobile-align-center elementor-widget elementor-widget-button\" data-id=\"4680ac72\" data-element_type=\"widget\" data-e-type=\"widget\" data-widget_type=\"button.default\">\n\t\t\t\t<div class=\"elementor-widget-container\">\n\t\t\t\t\t\t\t\t\t<div class=\"elementor-button-wrapper\">\n\t\t\t\t\t<a class=\"elementor-button elementor-button-link elementor-size-sm\" href=\"https:\/\/www.portovenere.fr\/fr-fr\/carrelage-sol-et-mur-en-gres-cerame-et-faience\/dalles-20mm-pose-sur-plots-sable-gravier-collee\/dalle-ceramique-aspect-pierre-20mm-quartzites\/\">\n\t\t\t\t\t\t<span class=\"elementor-button-content-wrapper\">\n\t\t\t\t\t\t\t\t\t<span class=\"elementor-button-text\">Voir la collection<\/span>\n\t\t\t\t\t<\/span>\n\t\t\t\t\t<\/a>\n\t\t\t\t<\/div>\n\t\t\t\t\t\t\t\t<\/div>\n\t\t\t\t<\/div>\n\t\t\t\t\t<\/div>\n\t\t<\/div>\n\t\t\t\t\t<\/div>\n\t\t<\/section>\n\t\t\t\t\t<\/div>\n\t\t<\/div>\n\t\t\t\t<div class=\"elementor-column elementor-col-33 elementor-top-column elementor-element elementor-element-5a14da5e\" data-id=\"5a14da5e\" data-element_type=\"column\" data-e-type=\"column\" data-settings=\"{&quot;background_background&quot;:&quot;classic&quot;}\">\n\t\t\t<div class=\"elementor-widget-wrap elementor-element-populated\">\n\t\t\t\t\t\t<div class=\"elementor-element elementor-element-4c64a059 elementor-widget elementor-widget-image\" data-id=\"4c64a059\" data-element_type=\"widget\" data-e-type=\"widget\" data-widget_type=\"image.default\">\n\t\t\t\t<div class=\"elementor-widget-container\">\n\t\t\t\t\t\t\t\t\t\t\t\t\t\t\t\t<a href=\"https:\/\/www.portovenere.fr\/fr-fr\/carrelage-sol-et-mur-en-gres-cerame-et-faience\/carrelage-aspect-pierre\/carrelage-clair-aspect-pierre-calcaire-creana\/\">\n\t\t\t\t\t\t\t<img decoding=\"async\" src=\"https:\/\/www.portovenere.fr\/fr-fr\/wp-content\/uploads\/elementor\/thumbs\/Sol-carrelage-dalle-claire-antiderapante-2-cm-en-gres-cerame-pour-terrasse-et-tour-de-psicine-Creana-effet-pierre-Ivory-a-Montpellier-34-r8ifjdruza2tauf2z2ruad93mfs3dbkr0ha4fjhzlo.jpg\" title=\"Sol-carrelage-dalle-claire-antid\u00e9rapante-2-cm-en-gr\u00e8s-c\u00e9rame-pour-terrasse-et-tour-de-psicine-Creana-effet-pierre-Ivory-\u00e0-Montpellier-34\" alt=\"Sol carrelage ext\u00e9rieur int\u00e9rieur effet pierre naturelle calcaire Creana ivory\" loading=\"lazy\" \/>\t\t\t\t\t\t\t\t<\/a>\n\t\t\t\t\t\t\t\t\t\t\t\t\t\t\t<\/div>\n\t\t\t\t<\/div>\n\t\t\t\t<div class=\"elementor-element elementor-element-747f5dbd elementor-widget elementor-widget-heading\" data-id=\"747f5dbd\" data-element_type=\"widget\" data-e-type=\"widget\" data-widget_type=\"heading.default\">\n\t\t\t\t<div class=\"elementor-widget-container\">\n\t\t\t\t\t<h3 class=\"elementor-heading-title elementor-size-default\"><a href=\"https:\/\/www.portovenere.fr\/fr-fr\/carrelage-sol-et-mur-en-gres-cerame-et-faience\/carrelage-aspect-pierre\/carrelage-clair-aspect-pierre-calcaire-creana\/\">Dalles 2 cm CREANA | 2 coloris<\/a><\/h3>\t\t\t\t<\/div>\n\t\t\t\t<\/div>\n\t\t\t\t<div class=\"elementor-element elementor-element-5bf20635 elementor-widget__width-initial elementor-widget elementor-widget-gallery\" data-id=\"5bf20635\" data-element_type=\"widget\" data-e-type=\"widget\" data-settings=\"{&quot;gap&quot;:{&quot;unit&quot;:&quot;px&quot;,&quot;size&quot;:3,&quot;sizes&quot;:[]},&quot;columns_mobile&quot;:3,&quot;gap_mobile&quot;:{&quot;unit&quot;:&quot;px&quot;,&quot;size&quot;:6,&quot;sizes&quot;:[]},&quot;columns&quot;:5,&quot;columns_tablet&quot;:3,&quot;gap_tablet&quot;:{&quot;unit&quot;:&quot;px&quot;,&quot;size&quot;:5,&quot;sizes&quot;:[]},&quot;lazyload&quot;:&quot;yes&quot;,&quot;gallery_layout&quot;:&quot;grid&quot;,&quot;aspect_ratio&quot;:&quot;3:2&quot;,&quot;overlay_background&quot;:&quot;yes&quot;,&quot;content_hover_animation&quot;:&quot;fade-in&quot;}\" data-widget_type=\"gallery.default\">\n\t\t\t\t<div class=\"elementor-widget-container\">\n\t\t\t\t\t\t\t<div class=\"elementor-gallery__container\">\n\t\t\t\t\t\t\t<div class=\"e-gallery-item elementor-gallery-item elementor-animated-content\">\n\t\t\t\t\t<div class=\"e-gallery-image elementor-gallery-item__image\" data-thumbnail=\"https:\/\/www.portovenere.fr\/fr-fr\/wp-content\/uploads\/2024\/08\/Carrelage-pierre-claire-en-gres-cerame-effet-calcaire-Creana-Pearl-pour-interieur-et-exterieur-pres-de-Bouzigues-34-150x150.jpg\" data-width=\"150\" data-height=\"150\" aria-label=\"\" role=\"img\" ><\/div>\n\t\t\t\t\t\t\t\t\t\t\t<div class=\"elementor-gallery-item__overlay\"><\/div>\n\t\t\t\t\t\t\t\t\t\t\t\t\t\t<\/div>\n\t\t\t\t\t\t\t<div class=\"e-gallery-item elementor-gallery-item elementor-animated-content\">\n\t\t\t\t\t<div class=\"e-gallery-image elementor-gallery-item__image\" data-thumbnail=\"https:\/\/www.portovenere.fr\/fr-fr\/wp-content\/uploads\/2024\/08\/Carrelage-pierre-claire-en-gres-cerame-effet-calcaire-Creana-Ivory-Ivoire-pour-interieur-et-exterieur-pres-de-Castelnau-le-lez-34-150x150.jpg\" data-width=\"150\" data-height=\"150\" aria-label=\"\" role=\"img\" ><\/div>\n\t\t\t\t\t\t\t\t\t\t\t<div class=\"elementor-gallery-item__overlay\"><\/div>\n\t\t\t\t\t\t\t\t\t\t\t\t\t\t<\/div>\n\t\t\t\t\t<\/div>\n\t\t\t\t\t<\/div>\n\t\t\t\t<\/div>\n\t\t\t\t<div class=\"elementor-element elementor-element-479bfa7c elementor-widget elementor-widget-text-editor\" data-id=\"479bfa7c\" data-element_type=\"widget\" data-e-type=\"widget\" data-widget_type=\"text-editor.default\">\n\t\t\t\t<div class=\"elementor-widget-container\">\n\t\t\t\t\t\t\t\t\t<p>Ce carrelage&nbsp;<b>gr\u00e8s c\u00e9rame de belle qualit\u00e9&nbsp;<\/b>reprend<b>&nbsp;l\u2019esprit de la pierre naturelle calcaire&nbsp;<\/b>avec les avantages du gr\u00e8s c\u00e9rame.<\/p>\n<p>Il propose plusieurs formats \u00e0 poser au&nbsp;<b>sol&nbsp;<\/b>et au<b>&nbsp;mur&nbsp;<\/b>en&nbsp;<b>int\u00e9rieur mais aussi en ext\u00e9rieur<\/b>&nbsp;:&nbsp; 60\u00d760 cm, 60\u00d760 cm, 60\u00d7120 cm, 120\u00d7120 cm et un format fine \u00e9paisseur XXL de 120\u00d7278 cm.&nbsp;<\/p>\n<p>Le carrelage effet pierre calcaire Creana est propos\u00e9 en<b> dalles antid\u00e9rapantes<\/b> de 2 cm d\u2019\u00e9paisseur pour une <b>pose sur plots, pose coll\u00e9e, sur gazon, en tour de piscine, all\u00e9e de garage ou terrasse <\/b>(coloris Pearl et Ivory) <b>formats : 60\u00d7120 cm et 60\u00d760 cm<\/b>.<\/p>\n<p>Une&nbsp;<b>mosa\u00efque \u00ab&nbsp;hexagonale&nbsp;\u00bb<\/b>&nbsp;ainsi qu\u2019une mosa\u00efque 30\u00d730 cm compl\u00e8tent cette collection de c\u00e9ramique contemporaine.&nbsp;<\/p>\n<p><b>4&nbsp;coloris<\/b>&nbsp;(<b>sable, ivoire, blanc et perle<\/b>) inspir\u00e9s de la nature&nbsp;pour apporter une touche&nbsp;douce et&nbsp;naturelle \u00e0 vos espaces : salle de bain, terrasse, cuisine, s\u00e9jour, piscine, chambre\u2026<\/p>\t\t\t\t\t\t\t\t<\/div>\n\t\t\t\t<\/div>\n\t\t\t\t<div class=\"elementor-element elementor-element-2b85437c elementor-mobile-align-center elementor-align-left elementor-widget elementor-widget-button\" data-id=\"2b85437c\" data-element_type=\"widget\" data-e-type=\"widget\" data-widget_type=\"button.default\">\n\t\t\t\t<div class=\"elementor-widget-container\">\n\t\t\t\t\t\t\t\t\t<div class=\"elementor-button-wrapper\">\n\t\t\t\t\t<a class=\"elementor-button elementor-button-link elementor-size-sm\" href=\"https:\/\/www.portovenere.fr\/fr-fr\/carrelage-sol-et-mur-en-gres-cerame-et-faience\/carrelage-aspect-pierre\/carrelage-clair-aspect-pierre-calcaire-creana\/\">\n\t\t\t\t\t\t<span class=\"elementor-button-content-wrapper\">\n\t\t\t\t\t\t\t\t\t<span class=\"elementor-button-text\">Voir la collection<\/span>\n\t\t\t\t\t<\/span>\n\t\t\t\t\t<\/a>\n\t\t\t\t<\/div>\n\t\t\t\t\t\t\t\t<\/div>\n\t\t\t\t<\/div>\n\t\t\t\t\t<\/div>\n\t\t<\/div>\n\t\t\t\t\t<\/div>\n\t\t<\/section>\n\t\t\t\t<section class=\"elementor-section elementor-top-section elementor-element elementor-element-73564158 elementor-section-full_width elementor-section-height-default elementor-section-height-default elementor-invisible\" data-id=\"73564158\" data-element_type=\"section\" data-e-type=\"section\" data-settings=\"{&quot;animation&quot;:&quot;fadeIn&quot;}\">\n\t\t\t\t\t\t<div class=\"elementor-container elementor-column-gap-default\">\n\t\t\t\t\t<div class=\"elementor-column elementor-col-33 elementor-top-column elementor-element elementor-element-63d229bc elementor-invisible\" data-id=\"63d229bc\" data-element_type=\"column\" data-e-type=\"column\" data-settings=\"{&quot;animation&quot;:&quot;fadeIn&quot;,&quot;background_background&quot;:&quot;classic&quot;}\">\n\t\t\t<div class=\"elementor-widget-wrap elementor-element-populated\">\n\t\t\t\t\t\t<div class=\"elementor-element elementor-element-5bff914c elementor-widget elementor-widget-image\" data-id=\"5bff914c\" data-element_type=\"widget\" data-e-type=\"widget\" data-widget_type=\"image.default\">\n\t\t\t\t<div class=\"elementor-widget-container\">\n\t\t\t\t\t\t\t\t\t\t\t\t\t\t\t\t<a href=\"https:\/\/www.portovenere.fr\/fr-fr\/carrelage-sol-et-mur-en-gres-cerame-et-faience\/dalles-20mm-pose-sur-plots-sable-gravier-collee\/dalle-20mm-gres-cerame-pour-exterieur-secret-stone\/\">\n\t\t\t\t\t\t\t<img decoding=\"async\" width=\"768\" height=\"512\" src=\"https:\/\/www.portovenere.fr\/fr-fr\/wp-content\/uploads\/2019\/12\/Dalle-ext\u00e9rieure-20mm-gr\u00e8s-c\u00e9rame-aspect_contemporain_Secret-Stone-Precious-Beige-Piscine-vue-mer-768x512.jpg\" class=\"attachment-medium_large size-medium_large wp-image-21932\" alt=\"Carrelage pour terrasse ou tour de psicine en gr\u00e8s c\u00e9rame 20mm antid\u00e9rapant\" srcset=\"https:\/\/www.portovenere.fr\/fr-fr\/wp-content\/uploads\/2019\/12\/Dalle-ext\u00e9rieure-20mm-gr\u00e8s-c\u00e9rame-aspect_contemporain_Secret-Stone-Precious-Beige-Piscine-vue-mer-768x512.jpg 768w, https:\/\/www.portovenere.fr\/fr-fr\/wp-content\/uploads\/2019\/12\/Dalle-ext\u00e9rieure-20mm-gr\u00e8s-c\u00e9rame-aspect_contemporain_Secret-Stone-Precious-Beige-Piscine-vue-mer-300x200.jpg 300w, https:\/\/www.portovenere.fr\/fr-fr\/wp-content\/uploads\/2019\/12\/Dalle-ext\u00e9rieure-20mm-gr\u00e8s-c\u00e9rame-aspect_contemporain_Secret-Stone-Precious-Beige-Piscine-vue-mer-1024x683.jpg 1024w, https:\/\/www.portovenere.fr\/fr-fr\/wp-content\/uploads\/2019\/12\/Dalle-ext\u00e9rieure-20mm-gr\u00e8s-c\u00e9rame-aspect_contemporain_Secret-Stone-Precious-Beige-Piscine-vue-mer.jpg 1500w\" sizes=\"(max-width: 768px) 100vw, 768px\" \/>\t\t\t\t\t\t\t\t<\/a>\n\t\t\t\t\t\t\t\t\t\t\t\t\t\t\t<\/div>\n\t\t\t\t<\/div>\n\t\t\t\t<section class=\"elementor-section elementor-inner-section elementor-element elementor-element-39bc1204 elementor-section-boxed elementor-section-height-default elementor-section-height-default elementor-invisible\" data-id=\"39bc1204\" data-element_type=\"section\" data-e-type=\"section\" data-settings=\"{&quot;background_background&quot;:&quot;classic&quot;,&quot;animation&quot;:&quot;fadeIn&quot;}\">\n\t\t\t\t\t\t<div class=\"elementor-container elementor-column-gap-default\">\n\t\t\t\t\t<div class=\"elementor-column elementor-col-100 elementor-inner-column elementor-element elementor-element-569fa2b3\" data-id=\"569fa2b3\" data-element_type=\"column\" data-e-type=\"column\">\n\t\t\t<div class=\"elementor-widget-wrap elementor-element-populated\">\n\t\t\t\t\t\t<div class=\"elementor-element elementor-element-6e01727a elementor-widget elementor-widget-heading\" data-id=\"6e01727a\" data-element_type=\"widget\" data-e-type=\"widget\" data-widget_type=\"heading.default\">\n\t\t\t\t<div class=\"elementor-widget-container\">\n\t\t\t\t\t<h3 class=\"elementor-heading-title elementor-size-default\"><a href=\"https:\/\/www.portovenere.fr\/fr-fr\/carrelage-sol-et-mur-en-gres-cerame-et-faience\/dalles-20mm-pose-sur-plots-sable-gravier-collee\/dalle-20mm-gres-cerame-pour-exterieur-secret-stone\/\">Dalles SECRET STONE | 3 coloris<\/a><\/h3>\t\t\t\t<\/div>\n\t\t\t\t<\/div>\n\t\t\t\t<div class=\"elementor-element elementor-element-14046626 elementor-widget__width-initial elementor-widget elementor-widget-gallery\" data-id=\"14046626\" data-element_type=\"widget\" data-e-type=\"widget\" data-settings=\"{&quot;gap&quot;:{&quot;unit&quot;:&quot;px&quot;,&quot;size&quot;:3,&quot;sizes&quot;:[]},&quot;columns_mobile&quot;:3,&quot;gap_mobile&quot;:{&quot;unit&quot;:&quot;px&quot;,&quot;size&quot;:6,&quot;sizes&quot;:[]},&quot;columns&quot;:5,&quot;columns_tablet&quot;:3,&quot;gap_tablet&quot;:{&quot;unit&quot;:&quot;px&quot;,&quot;size&quot;:5,&quot;sizes&quot;:[]},&quot;lazyload&quot;:&quot;yes&quot;,&quot;gallery_layout&quot;:&quot;grid&quot;,&quot;aspect_ratio&quot;:&quot;3:2&quot;,&quot;overlay_background&quot;:&quot;yes&quot;,&quot;content_hover_animation&quot;:&quot;fade-in&quot;}\" data-widget_type=\"gallery.default\">\n\t\t\t\t<div class=\"elementor-widget-container\">\n\t\t\t\t\t\t\t<div class=\"elementor-gallery__container\">\n\t\t\t\t\t\t\t<div class=\"e-gallery-item elementor-gallery-item elementor-animated-content\">\n\t\t\t\t\t<div class=\"e-gallery-image elementor-gallery-item__image\" data-thumbnail=\"https:\/\/www.portovenere.fr\/fr-fr\/wp-content\/uploads\/2019\/12\/Dalle-ext\u00e9rieure-2-cm_Secret-Stone-Mystery-White-20mm-150x150.jpg\" data-width=\"150\" data-height=\"150\" aria-label=\"\" role=\"img\" ><\/div>\n\t\t\t\t\t\t\t\t\t\t\t<div class=\"elementor-gallery-item__overlay\"><\/div>\n\t\t\t\t\t\t\t\t\t\t\t\t\t\t<\/div>\n\t\t\t\t\t\t\t<div class=\"e-gallery-item elementor-gallery-item elementor-animated-content\">\n\t\t\t\t\t<div class=\"e-gallery-image elementor-gallery-item__image\" data-thumbnail=\"https:\/\/www.portovenere.fr\/fr-fr\/wp-content\/uploads\/2019\/12\/Dalle-ext\u00e9rieure-2-cm_Secret-Stone-Shadow-Grey-20mm-150x150.jpg\" data-width=\"150\" data-height=\"150\" aria-label=\"\" role=\"img\" ><\/div>\n\t\t\t\t\t\t\t\t\t\t\t<div class=\"elementor-gallery-item__overlay\"><\/div>\n\t\t\t\t\t\t\t\t\t\t\t\t\t\t<\/div>\n\t\t\t\t\t\t\t<div class=\"e-gallery-item elementor-gallery-item elementor-animated-content\">\n\t\t\t\t\t<div class=\"e-gallery-image elementor-gallery-item__image\" data-thumbnail=\"https:\/\/www.portovenere.fr\/fr-fr\/wp-content\/uploads\/2019\/12\/Dalle-ext\u00e9rieure-2-cm_Secret-Stone-Precious-Beige-20mm-150x150.jpg\" data-width=\"150\" data-height=\"150\" aria-label=\"\" role=\"img\" ><\/div>\n\t\t\t\t\t\t\t\t\t\t\t<div class=\"elementor-gallery-item__overlay\"><\/div>\n\t\t\t\t\t\t\t\t\t\t\t\t\t\t<\/div>\n\t\t\t\t\t<\/div>\n\t\t\t\t\t<\/div>\n\t\t\t\t<\/div>\n\t\t\t\t<div class=\"elementor-element elementor-element-77934118 elementor-widget elementor-widget-text-editor\" data-id=\"77934118\" data-element_type=\"widget\" data-e-type=\"widget\" data-widget_type=\"text-editor.default\">\n\t\t\t\t<div class=\"elementor-widget-container\">\n\t\t\t\t\t\t\t\t\t<p>Dalles 60x120cm pour espaces ext\u00e9rieurs aspect sol contemporain en gr\u00e8s c\u00e9rame de 20 mm d&rsquo;\u00e9paisseur : terrasse, tour de piscine, all\u00e9e de garage, balcon, all\u00e9e pi\u00e9tonne, etc. Pose sur plots r\u00e9glables, sable, gravier, pelouse et pose coll\u00e9e sur dalle b\u00e9ton.<\/p><p>S\u00e9rie compl\u00e9t\u00e9e des pi\u00e8ces sp\u00e9ciales : grilles, margelles, marches stri\u00e9es&#8230;<br><\/p>\t\t\t\t\t\t\t\t<\/div>\n\t\t\t\t<\/div>\n\t\t\t\t<div class=\"elementor-element elementor-element-55043fbc elementor-mobile-align-center elementor-widget elementor-widget-button\" data-id=\"55043fbc\" data-element_type=\"widget\" data-e-type=\"widget\" data-widget_type=\"button.default\">\n\t\t\t\t<div class=\"elementor-widget-container\">\n\t\t\t\t\t\t\t\t\t<div class=\"elementor-button-wrapper\">\n\t\t\t\t\t<a class=\"elementor-button elementor-button-link elementor-size-sm\" href=\"https:\/\/www.portovenere.fr\/fr-fr\/carrelage-sol-et-mur-en-gres-cerame-et-faience\/dalles-20mm-pose-sur-plots-sable-gravier-collee\/dalle-20mm-gres-cerame-pour-exterieur-secret-stone\/\">\n\t\t\t\t\t\t<span class=\"elementor-button-content-wrapper\">\n\t\t\t\t\t\t\t\t\t<span class=\"elementor-button-text\">Voir la collection<\/span>\n\t\t\t\t\t<\/span>\n\t\t\t\t\t<\/a>\n\t\t\t\t<\/div>\n\t\t\t\t\t\t\t\t<\/div>\n\t\t\t\t<\/div>\n\t\t\t\t\t<\/div>\n\t\t<\/div>\n\t\t\t\t\t<\/div>\n\t\t<\/section>\n\t\t\t\t\t<\/div>\n\t\t<\/div>\n\t\t\t\t<div class=\"elementor-column elementor-col-33 elementor-top-column elementor-element elementor-element-2daa6161 elementor-invisible\" data-id=\"2daa6161\" data-element_type=\"column\" data-e-type=\"column\" data-settings=\"{&quot;animation&quot;:&quot;fadeIn&quot;,&quot;background_background&quot;:&quot;classic&quot;}\">\n\t\t\t<div class=\"elementor-widget-wrap elementor-element-populated\">\n\t\t\t\t\t\t<div class=\"elementor-element elementor-element-f4bf29f elementor-widget elementor-widget-image\" data-id=\"f4bf29f\" data-element_type=\"widget\" data-e-type=\"widget\" data-widget_type=\"image.default\">\n\t\t\t\t<div class=\"elementor-widget-container\">\n\t\t\t\t\t\t\t\t\t\t\t\t\t\t\t\t<a href=\"https:\/\/www.portovenere.fr\/fr-fr\/carrelage-sol-et-mur-en-gres-cerame-et-faience\/dalles-20mm-pose-sur-plots-sable-gravier-collee\/dalle-20mm-imitation-pierre-antiderapante-pour-exterieur-serie-rr\/\">\n\t\t\t\t\t\t\t<img loading=\"lazy\" decoding=\"async\" width=\"768\" height=\"524\" src=\"https:\/\/www.portovenere.fr\/fr-fr\/wp-content\/uploads\/2024\/03\/Carrelage-exterieur-antiderapant-et-dalles-20-mm-imitation-terrazzo-granito-SERIE-RR-02-a-montpellier-34-768x524.jpg\" class=\"attachment-medium_large size-medium_large wp-image-48847\" alt=\"\" srcset=\"https:\/\/www.portovenere.fr\/fr-fr\/wp-content\/uploads\/2024\/03\/Carrelage-exterieur-antiderapant-et-dalles-20-mm-imitation-terrazzo-granito-SERIE-RR-02-a-montpellier-34-768x524.jpg 768w, https:\/\/www.portovenere.fr\/fr-fr\/wp-content\/uploads\/2024\/03\/Carrelage-exterieur-antiderapant-et-dalles-20-mm-imitation-terrazzo-granito-SERIE-RR-02-a-montpellier-34-300x205.jpg 300w, https:\/\/www.portovenere.fr\/fr-fr\/wp-content\/uploads\/2024\/03\/Carrelage-exterieur-antiderapant-et-dalles-20-mm-imitation-terrazzo-granito-SERIE-RR-02-a-montpellier-34-1024x699.jpg 1024w, https:\/\/www.portovenere.fr\/fr-fr\/wp-content\/uploads\/2024\/03\/Carrelage-exterieur-antiderapant-et-dalles-20-mm-imitation-terrazzo-granito-SERIE-RR-02-a-montpellier-34.jpg 1400w\" sizes=\"(max-width: 768px) 100vw, 768px\" \/>\t\t\t\t\t\t\t\t<\/a>\n\t\t\t\t\t\t\t\t\t\t\t\t\t\t\t<\/div>\n\t\t\t\t<\/div>\n\t\t\t\t<section class=\"elementor-section elementor-inner-section elementor-element elementor-element-33c0762b elementor-section-boxed elementor-section-height-default elementor-section-height-default elementor-invisible\" data-id=\"33c0762b\" data-element_type=\"section\" data-e-type=\"section\" data-settings=\"{&quot;background_background&quot;:&quot;classic&quot;,&quot;animation&quot;:&quot;fadeIn&quot;}\">\n\t\t\t\t\t\t<div class=\"elementor-container elementor-column-gap-default\">\n\t\t\t\t\t<div class=\"elementor-column elementor-col-100 elementor-inner-column elementor-element elementor-element-3cdb85ea\" data-id=\"3cdb85ea\" data-element_type=\"column\" data-e-type=\"column\">\n\t\t\t<div class=\"elementor-widget-wrap elementor-element-populated\">\n\t\t\t\t\t\t<div class=\"elementor-element elementor-element-14228723 elementor-widget elementor-widget-heading\" data-id=\"14228723\" data-element_type=\"widget\" data-e-type=\"widget\" data-widget_type=\"heading.default\">\n\t\t\t\t<div class=\"elementor-widget-container\">\n\t\t\t\t\t<h3 class=\"elementor-heading-title elementor-size-default\"><a href=\"https:\/\/www.portovenere.fr\/fr-fr\/carrelage-sol-et-mur-en-gres-cerame-et-faience\/dalles-20mm-pose-sur-plots-sable-gravier-collee\/dalle-20mm-imitation-pierre-antiderapante-pour-exterieur-serie-rr\/\">Dalles S\u00c9RIE RR | 7 coloris<\/a><\/h3>\t\t\t\t<\/div>\n\t\t\t\t<\/div>\n\t\t\t\t<div class=\"elementor-element elementor-element-40e70f07 elementor-widget__width-initial elementor-widget elementor-widget-gallery\" data-id=\"40e70f07\" data-element_type=\"widget\" data-e-type=\"widget\" data-settings=\"{&quot;gap&quot;:{&quot;unit&quot;:&quot;px&quot;,&quot;size&quot;:3,&quot;sizes&quot;:[]},&quot;columns_mobile&quot;:3,&quot;gap_mobile&quot;:{&quot;unit&quot;:&quot;px&quot;,&quot;size&quot;:6,&quot;sizes&quot;:[]},&quot;columns&quot;:5,&quot;columns_tablet&quot;:3,&quot;gap_tablet&quot;:{&quot;unit&quot;:&quot;px&quot;,&quot;size&quot;:5,&quot;sizes&quot;:[]},&quot;lazyload&quot;:&quot;yes&quot;,&quot;gallery_layout&quot;:&quot;grid&quot;,&quot;aspect_ratio&quot;:&quot;3:2&quot;,&quot;overlay_background&quot;:&quot;yes&quot;,&quot;content_hover_animation&quot;:&quot;fade-in&quot;}\" data-widget_type=\"gallery.default\">\n\t\t\t\t<div class=\"elementor-widget-container\">\n\t\t\t\t\t\t\t<div class=\"elementor-gallery__container\">\n\t\t\t\t\t\t\t<div class=\"e-gallery-item elementor-gallery-item elementor-animated-content\">\n\t\t\t\t\t<div class=\"e-gallery-image elementor-gallery-item__image\" data-thumbnail=\"https:\/\/www.portovenere.fr\/fr-fr\/wp-content\/uploads\/2024\/03\/Carrelage-exterieur-antiderapant-en-dalles-20-mm-imitation-terrazzo-granito-SERIE-RR-01-Vit-proche-Agde-34-150x150.jpg\" data-width=\"150\" data-height=\"150\" aria-label=\"\" role=\"img\" ><\/div>\n\t\t\t\t\t\t\t\t\t\t\t<div class=\"elementor-gallery-item__overlay\"><\/div>\n\t\t\t\t\t\t\t\t\t\t\t\t\t\t<\/div>\n\t\t\t\t\t\t\t<div class=\"e-gallery-item elementor-gallery-item elementor-animated-content\">\n\t\t\t\t\t<div class=\"e-gallery-image elementor-gallery-item__image\" data-thumbnail=\"https:\/\/www.portovenere.fr\/fr-fr\/wp-content\/uploads\/2024\/03\/Carrelage-exterieur-antiderapant-en-dalles-20-mm-imitation-terrazzo-granito-SERIE-RR-02-Gra-proche-Sete-34-150x150.jpg\" data-width=\"150\" data-height=\"150\" aria-label=\"\" role=\"img\" ><\/div>\n\t\t\t\t\t\t\t\t\t\t\t<div class=\"elementor-gallery-item__overlay\"><\/div>\n\t\t\t\t\t\t\t\t\t\t\t\t\t\t<\/div>\n\t\t\t\t\t\t\t<div class=\"e-gallery-item elementor-gallery-item elementor-animated-content\">\n\t\t\t\t\t<div class=\"e-gallery-image elementor-gallery-item__image\" data-thumbnail=\"https:\/\/www.portovenere.fr\/fr-fr\/wp-content\/uploads\/2024\/03\/Carrelage-exterieur-antiderapant-en-dalles-20-mm-imitation-terrazzo-granito-SERIE-RR-03-Svart-proche-La-grande-motte-34-150x150.jpg\" data-width=\"150\" data-height=\"150\" aria-label=\"\" role=\"img\" ><\/div>\n\t\t\t\t\t\t\t\t\t\t\t<div class=\"elementor-gallery-item__overlay\"><\/div>\n\t\t\t\t\t\t\t\t\t\t\t\t\t\t<\/div>\n\t\t\t\t\t\t\t<div class=\"e-gallery-item elementor-gallery-item elementor-animated-content\">\n\t\t\t\t\t<div class=\"e-gallery-image elementor-gallery-item__image\" data-thumbnail=\"https:\/\/www.portovenere.fr\/fr-fr\/wp-content\/uploads\/2024\/03\/Carrelage-exterieur-antiderapant-en-dalles-20-mm-imitation-terrazzo-granito-SERIE-RR-05-Farge-proche-mauguio-34-150x150.jpg\" data-width=\"150\" data-height=\"150\" aria-label=\"\" role=\"img\" ><\/div>\n\t\t\t\t\t\t\t\t\t\t\t<div class=\"elementor-gallery-item__overlay\"><\/div>\n\t\t\t\t\t\t\t\t\t\t\t\t\t\t<\/div>\n\t\t\t\t\t\t\t<div class=\"e-gallery-item elementor-gallery-item elementor-animated-content\">\n\t\t\t\t\t<div class=\"e-gallery-image elementor-gallery-item__image\" data-thumbnail=\"https:\/\/www.portovenere.fr\/fr-fr\/wp-content\/uploads\/2024\/03\/Carrelage-exterieur-antiderapant-en-dalles-20-mm-imitation-terrazzo-granito-SERIE-RR-06-Hav-a-saint-jean-de-vedas-34-150x150.jpg\" data-width=\"150\" data-height=\"150\" aria-label=\"\" role=\"img\" ><\/div>\n\t\t\t\t\t\t\t\t\t\t\t<div class=\"elementor-gallery-item__overlay\"><\/div>\n\t\t\t\t\t\t\t\t\t\t\t\t\t\t<\/div>\n\t\t\t\t\t\t\t<div class=\"e-gallery-item elementor-gallery-item elementor-animated-content\">\n\t\t\t\t\t<div class=\"e-gallery-image elementor-gallery-item__image\" data-thumbnail=\"https:\/\/www.portovenere.fr\/fr-fr\/wp-content\/uploads\/2024\/03\/Carrelage-exterieur-antiderapant-en-dalles-20-mm-imitation-terrazzo-granito-SERIE-RR-08-Oken-a-lattes-34-150x150.jpg\" data-width=\"150\" data-height=\"150\" aria-label=\"\" role=\"img\" ><\/div>\n\t\t\t\t\t\t\t\t\t\t\t<div class=\"elementor-gallery-item__overlay\"><\/div>\n\t\t\t\t\t\t\t\t\t\t\t\t\t\t<\/div>\n\t\t\t\t\t\t\t<div class=\"e-gallery-item elementor-gallery-item elementor-animated-content\">\n\t\t\t\t\t<div class=\"e-gallery-image elementor-gallery-item__image\" data-thumbnail=\"https:\/\/www.portovenere.fr\/fr-fr\/wp-content\/uploads\/2024\/03\/Carrelage-exterieur-antiderapant-en-dalles-20-mm-imitation-terrazzo-granito-SERIE-RR-09-Grus-a-Montpellier-34-150x150.jpg\" data-width=\"150\" data-height=\"150\" aria-label=\"\" role=\"img\" ><\/div>\n\t\t\t\t\t\t\t\t\t\t\t<div class=\"elementor-gallery-item__overlay\"><\/div>\n\t\t\t\t\t\t\t\t\t\t\t\t\t\t<\/div>\n\t\t\t\t\t<\/div>\n\t\t\t\t\t<\/div>\n\t\t\t\t<\/div>\n\t\t\t\t<div class=\"elementor-element elementor-element-2c98c46 elementor-widget elementor-widget-text-editor\" data-id=\"2c98c46\" data-element_type=\"widget\" data-e-type=\"widget\" data-widget_type=\"text-editor.default\">\n\t\t\t\t<div class=\"elementor-widget-container\">\n\t\t\t\t\t\t\t\t\t<p>Dalles ext\u00e9rieures en gr\u00e8s c\u00e9rame\u00a0imitation pierre 20mm d&rsquo;\u00e9paisseur pour terrasse, tour de piscine, all\u00e9e de garage, balcon, etc. Disponible dans les formats 60&#215;60 cm, 80&#215;80 cm et en 120&#215;120 cm pour 4 coloris.<\/p><p>Pose sur plots r\u00e9glables, sable, gravier, pelouse et pose coll\u00e9e sur chape b\u00e9ton.<\/p><p>Cette collection est \u00e9galement disponible dans d&rsquo;autres \u00e9paisseurs et finitions pour int\u00e9rieur\/ext\u00e9rieur et un coloris suppl\u00e9mentaire. Du 15cm x 60cm au maxi format 160cm x 320xm.<\/p>\t\t\t\t\t\t\t\t<\/div>\n\t\t\t\t<\/div>\n\t\t\t\t<div class=\"elementor-element elementor-element-394b5ba0 elementor-mobile-align-center elementor-widget elementor-widget-button\" data-id=\"394b5ba0\" data-element_type=\"widget\" data-e-type=\"widget\" data-widget_type=\"button.default\">\n\t\t\t\t<div class=\"elementor-widget-container\">\n\t\t\t\t\t\t\t\t\t<div class=\"elementor-button-wrapper\">\n\t\t\t\t\t<a class=\"elementor-button elementor-button-link elementor-size-sm\" href=\"https:\/\/www.portovenere.fr\/fr-fr\/carrelage-sol-et-mur-en-gres-cerame-et-faience\/dalles-20mm-pose-sur-plots-sable-gravier-collee\/dalle-20mm-imitation-pierre-antiderapante-pour-exterieur-serie-rr\/\">\n\t\t\t\t\t\t<span class=\"elementor-button-content-wrapper\">\n\t\t\t\t\t\t\t\t\t<span class=\"elementor-button-text\">Voir la collection<\/span>\n\t\t\t\t\t<\/span>\n\t\t\t\t\t<\/a>\n\t\t\t\t<\/div>\n\t\t\t\t\t\t\t\t<\/div>\n\t\t\t\t<\/div>\n\t\t\t\t\t<\/div>\n\t\t<\/div>\n\t\t\t\t\t<\/div>\n\t\t<\/section>\n\t\t\t\t\t<\/div>\n\t\t<\/div>\n\t\t\t\t<div class=\"elementor-column elementor-col-33 elementor-top-column elementor-element elementor-element-635d3c1f elementor-invisible\" data-id=\"635d3c1f\" data-element_type=\"column\" data-e-type=\"column\" data-settings=\"{&quot;animation&quot;:&quot;fadeIn&quot;,&quot;background_background&quot;:&quot;classic&quot;}\">\n\t\t\t<div class=\"elementor-widget-wrap elementor-element-populated\">\n\t\t\t\t\t\t<div class=\"elementor-element elementor-element-2047a9ae elementor-widget elementor-widget-image\" data-id=\"2047a9ae\" data-element_type=\"widget\" data-e-type=\"widget\" data-widget_type=\"image.default\">\n\t\t\t\t<div class=\"elementor-widget-container\">\n\t\t\t\t\t\t\t\t\t\t\t\t\t\t\t\t<a href=\"https:\/\/www.portovenere.fr\/fr-fr\/carrelage-sol-et-mur-en-gres-cerame-et-faience\/carrelage-imitation-parquet-aspect-bois\/carrelage-imitation-parquet-bois-naturel-vallee\/\">\n\t\t\t\t\t\t\t<img decoding=\"async\" src=\"https:\/\/www.portovenere.fr\/fr-fr\/wp-content\/uploads\/elementor\/thumbs\/Dalles-antiderapantes-2-cm-effet-parquet-bois-en-gres-cerame-colelction-VALLEE-coloris-Cedro-pose-sur-plot-ou-collee-proche-de-Clapiers-34-r8ifljsdt9yom7anml8a54las9lfha8t71d2bt0gbk.jpg\" title=\"Dalles-antid\u00e9rapantes-2-cm-effet-parquet-bois-en-gr\u00e8s-c\u00e9rame-colelction-VALL\u00c9E-coloris-Cedro-pose-sur-plot-ou-coll\u00e9e-proche-de-Clapiers-34\" alt=\"Dalles-antid\u00e9rapantes-2-cm-effet-parquet-bois-en-gr\u00e8s-c\u00e9rame-colelction-VALL\u00c9E-coloris-Cedro-pose-sur-plot-ou-coll\u00e9e-proche-de-Clapiers-34\" loading=\"lazy\" \/>\t\t\t\t\t\t\t\t<\/a>\n\t\t\t\t\t\t\t\t\t\t\t\t\t\t\t<\/div>\n\t\t\t\t<\/div>\n\t\t\t\t<section class=\"elementor-section elementor-inner-section elementor-element elementor-element-1695cc66 elementor-section-boxed elementor-section-height-default elementor-section-height-default elementor-invisible\" data-id=\"1695cc66\" data-element_type=\"section\" data-e-type=\"section\" data-settings=\"{&quot;background_background&quot;:&quot;classic&quot;,&quot;animation&quot;:&quot;fadeIn&quot;}\">\n\t\t\t\t\t\t<div class=\"elementor-container elementor-column-gap-default\">\n\t\t\t\t\t<div class=\"elementor-column elementor-col-100 elementor-inner-column elementor-element elementor-element-717072b7\" data-id=\"717072b7\" data-element_type=\"column\" data-e-type=\"column\">\n\t\t\t<div class=\"elementor-widget-wrap elementor-element-populated\">\n\t\t\t\t\t\t<div class=\"elementor-element elementor-element-35129540 elementor-widget elementor-widget-heading\" data-id=\"35129540\" data-element_type=\"widget\" data-e-type=\"widget\" data-widget_type=\"heading.default\">\n\t\t\t\t<div class=\"elementor-widget-container\">\n\t\t\t\t\t<h3 class=\"elementor-heading-title elementor-size-default\"><a href=\"https:\/\/www.portovenere.fr\/fr-fr\/carrelage-sol-et-mur-en-gres-cerame-et-faience\/carrelage-imitation-parquet-aspect-bois\/carrelage-imitation-parquet-bois-naturel-vallee\/\">VALL\u00c9E | 7 coloris &amp; d\u00e9cors<\/a><\/h3>\t\t\t\t<\/div>\n\t\t\t\t<\/div>\n\t\t\t\t<div class=\"elementor-element elementor-element-4ab35153 elementor-widget__width-initial elementor-widget elementor-widget-gallery\" data-id=\"4ab35153\" data-element_type=\"widget\" data-e-type=\"widget\" data-settings=\"{&quot;gap&quot;:{&quot;unit&quot;:&quot;px&quot;,&quot;size&quot;:3,&quot;sizes&quot;:[]},&quot;columns_mobile&quot;:3,&quot;gap_mobile&quot;:{&quot;unit&quot;:&quot;px&quot;,&quot;size&quot;:6,&quot;sizes&quot;:[]},&quot;columns&quot;:5,&quot;columns_tablet&quot;:3,&quot;gap_tablet&quot;:{&quot;unit&quot;:&quot;px&quot;,&quot;size&quot;:5,&quot;sizes&quot;:[]},&quot;lazyload&quot;:&quot;yes&quot;,&quot;gallery_layout&quot;:&quot;grid&quot;,&quot;aspect_ratio&quot;:&quot;3:2&quot;,&quot;overlay_background&quot;:&quot;yes&quot;,&quot;content_hover_animation&quot;:&quot;fade-in&quot;}\" data-widget_type=\"gallery.default\">\n\t\t\t\t<div class=\"elementor-widget-container\">\n\t\t\t\t\t\t\t<div class=\"elementor-gallery__container\">\n\t\t\t\t\t\t\t<div class=\"e-gallery-item elementor-gallery-item elementor-animated-content\">\n\t\t\t\t\t<div class=\"e-gallery-image elementor-gallery-item__image\" data-thumbnail=\"https:\/\/www.portovenere.fr\/fr-fr\/wp-content\/uploads\/2024\/09\/Carrelage-parquet-bois-naturel-gres-cerame-haut-de-gamme-pour-sol-et-mur-collection-VALLEE-coloris-Pino-proche-de-Saint-jean-de-vedas-34-150x150.jpg\" data-width=\"150\" data-height=\"150\" aria-label=\"\" role=\"img\" ><\/div>\n\t\t\t\t\t\t\t\t\t\t\t<div class=\"elementor-gallery-item__overlay\"><\/div>\n\t\t\t\t\t\t\t\t\t\t\t\t\t\t<\/div>\n\t\t\t\t\t\t\t<div class=\"e-gallery-item elementor-gallery-item elementor-animated-content\">\n\t\t\t\t\t<div class=\"e-gallery-image elementor-gallery-item__image\" data-thumbnail=\"https:\/\/www.portovenere.fr\/fr-fr\/wp-content\/uploads\/2024\/09\/Carrelage-parquet-bois-naturel-gres-cerame-haut-de-gamme-pour-sol-et-mur-collection-VALLEE-coloris-Lodano-proche-de-Juvignac-34-150x150.jpg\" data-width=\"150\" data-height=\"150\" aria-label=\"\" role=\"img\" ><\/div>\n\t\t\t\t\t\t\t\t\t\t\t<div class=\"elementor-gallery-item__overlay\"><\/div>\n\t\t\t\t\t\t\t\t\t\t\t\t\t\t<\/div>\n\t\t\t\t\t\t\t<div class=\"e-gallery-item elementor-gallery-item elementor-animated-content\">\n\t\t\t\t\t<div class=\"e-gallery-image elementor-gallery-item__image\" data-thumbnail=\"https:\/\/www.portovenere.fr\/fr-fr\/wp-content\/uploads\/2024\/09\/Carrelage-parquet-bois-naturel-gres-cerame-haut-de-gamme-pour-sol-et-mur-collection-VALLEE-coloris-Laos-proche-de-Laverune-34-150x150.jpg\" data-width=\"150\" data-height=\"150\" aria-label=\"\" role=\"img\" ><\/div>\n\t\t\t\t\t\t\t\t\t\t\t<div class=\"elementor-gallery-item__overlay\"><\/div>\n\t\t\t\t\t\t\t\t\t\t\t\t\t\t<\/div>\n\t\t\t\t\t\t\t<div class=\"e-gallery-item elementor-gallery-item elementor-animated-content\">\n\t\t\t\t\t<div class=\"e-gallery-image elementor-gallery-item__image\" data-thumbnail=\"https:\/\/www.portovenere.fr\/fr-fr\/wp-content\/uploads\/2024\/09\/Carrelage-parquet-bois-naturel-gres-cerame-haut-de-gamme-pour-sol-et-mur-collection-VALLEE-coloris-Jinkoh-proche-de-Prades-le-lez-34-150x150.jpg\" data-width=\"150\" data-height=\"150\" aria-label=\"\" role=\"img\" ><\/div>\n\t\t\t\t\t\t\t\t\t\t\t<div class=\"elementor-gallery-item__overlay\"><\/div>\n\t\t\t\t\t\t\t\t\t\t\t\t\t\t<\/div>\n\t\t\t\t\t\t\t<div class=\"e-gallery-item elementor-gallery-item elementor-animated-content\">\n\t\t\t\t\t<div class=\"e-gallery-image elementor-gallery-item__image\" data-thumbnail=\"https:\/\/www.portovenere.fr\/fr-fr\/wp-content\/uploads\/2024\/09\/Carrelage-parquet-bois-naturel-gres-cerame-haut-de-gamme-pour-sol-et-mur-collection-VALLEE-coloris-Elem-a-Montpellier-Herault-34-150x150.jpg\" data-width=\"150\" data-height=\"150\" aria-label=\"\" role=\"img\" ><\/div>\n\t\t\t\t\t\t\t\t\t\t\t<div class=\"elementor-gallery-item__overlay\"><\/div>\n\t\t\t\t\t\t\t\t\t\t\t\t\t\t<\/div>\n\t\t\t\t\t\t\t<div class=\"e-gallery-item elementor-gallery-item elementor-animated-content\">\n\t\t\t\t\t<div class=\"e-gallery-image elementor-gallery-item__image\" data-thumbnail=\"https:\/\/www.portovenere.fr\/fr-fr\/wp-content\/uploads\/2024\/09\/Carrelage-parquet-bois-naturel-gres-cerame-haut-de-gamme-pour-sol-et-mur-collection-VALLEE-coloris-Cedro-proche-de-Saint-Aunes-34-150x150.jpg\" data-width=\"150\" data-height=\"150\" aria-label=\"\" role=\"img\" ><\/div>\n\t\t\t\t\t\t\t\t\t\t\t<div class=\"elementor-gallery-item__overlay\"><\/div>\n\t\t\t\t\t\t\t\t\t\t\t\t\t\t<\/div>\n\t\t\t\t\t\t\t<div class=\"e-gallery-item elementor-gallery-item elementor-animated-content\">\n\t\t\t\t\t<div class=\"e-gallery-image elementor-gallery-item__image\" data-thumbnail=\"https:\/\/www.portovenere.fr\/fr-fr\/wp-content\/uploads\/2024\/09\/Carrelage-parquet-bois-clair-naturel-gres-cerame-haut-de-gamme-pour-sol-et-mur-collection-VALLEE-coloris-Copahu-proche-de-Palavas-34-150x150.jpg\" data-width=\"150\" data-height=\"150\" aria-label=\"\" role=\"img\" ><\/div>\n\t\t\t\t\t\t\t\t\t\t\t<div class=\"elementor-gallery-item__overlay\"><\/div>\n\t\t\t\t\t\t\t\t\t\t\t\t\t\t<\/div>\n\t\t\t\t\t\t\t<div class=\"e-gallery-item elementor-gallery-item elementor-animated-content\">\n\t\t\t\t\t<div class=\"e-gallery-image elementor-gallery-item__image\" data-thumbnail=\"https:\/\/www.portovenere.fr\/fr-fr\/wp-content\/uploads\/2024\/09\/Carrelage-120x120-effet-parquet-bois-decor-Florio-collection-VALLEE-proche-de-juvignac-Herault-34-150x150.jpg\" data-width=\"150\" data-height=\"150\" aria-label=\"\" role=\"img\" ><\/div>\n\t\t\t\t\t\t\t\t\t\t\t<div class=\"elementor-gallery-item__overlay\"><\/div>\n\t\t\t\t\t\t\t\t\t\t\t\t\t\t<\/div>\n\t\t\t\t\t\t\t<div class=\"e-gallery-item elementor-gallery-item elementor-animated-content\">\n\t\t\t\t\t<div class=\"e-gallery-image elementor-gallery-item__image\" data-thumbnail=\"https:\/\/www.portovenere.fr\/fr-fr\/wp-content\/uploads\/2024\/09\/Carrelage-120x120-effet-bois-et-inserts-marbre-blanc-decor-Florio-mix-VALLEE-proche-de-Lattes-34-150x150.jpg\" data-width=\"150\" data-height=\"150\" aria-label=\"\" role=\"img\" ><\/div>\n\t\t\t\t\t\t\t\t\t\t\t<div class=\"elementor-gallery-item__overlay\"><\/div>\n\t\t\t\t\t\t\t\t\t\t\t\t\t\t<\/div>\n\t\t\t\t\t\t\t<div class=\"e-gallery-item elementor-gallery-item elementor-animated-content\">\n\t\t\t\t\t<div class=\"e-gallery-image elementor-gallery-item__image\" data-thumbnail=\"https:\/\/www.portovenere.fr\/fr-fr\/wp-content\/uploads\/2024\/09\/Carrelage-effet-parquet-puzzle-au-design-original-pour-sol-et-mur-collection-Vallee-coloris-Laos-proche-de-Baillargues-34-150x150.jpg\" data-width=\"150\" data-height=\"150\" aria-label=\"\" role=\"img\" ><\/div>\n\t\t\t\t\t\t\t\t\t\t\t<div class=\"elementor-gallery-item__overlay\"><\/div>\n\t\t\t\t\t\t\t\t\t\t\t\t\t\t<\/div>\n\t\t\t\t\t<\/div>\n\t\t\t\t\t<\/div>\n\t\t\t\t<\/div>\n\t\t\t\t<div class=\"elementor-element elementor-element-4801c76a elementor-widget elementor-widget-text-editor\" data-id=\"4801c76a\" data-element_type=\"widget\" data-e-type=\"widget\" data-widget_type=\"text-editor.default\">\n\t\t\t\t<div class=\"elementor-widget-container\">\n\t\t\t\t\t\t\t\t\t<p>Une collection de gr\u00e8s c\u00e9rame <b>finition bross\u00e9e<\/b> au graphisme raffin\u00e9 et intemporel, La collection de carrelage effet parquet bois <b>Vall\u00e9e,<\/b> s\u00e9duit par ses<b> contrastes subtils et ses n\u0153uds d\u00e9licatement dessin\u00e9s<\/b>.\u00a0<\/p><p>Ses <strong>t<\/strong><b>onalit\u00e9s naturelles<\/b>, allant de la cr\u00e8me \u00e0 l&rsquo;olive, \u00e9voquent la richesse et la<b> chaleur du bois authentique<\/b>.\u00a0<\/p><p>Disponible dans une <b>large gamme de formats<\/b>, 20&#215;120 cm,\u00a0 25&#215;150 cm, 30&#215;120 cm, 30&#215;240 cm, <b>grand format<\/b> 20&#215;278 cm et<b>\u00a0format\u00a0XXL 120&#215;278 cm<\/b>, Vall\u00e9e s&rsquo;adapte \u00e0 tous les espaces, des plus classiques aux plus contemporains. Parfaitement align\u00e9e avec les principes du <b>design biophilique<\/b>, cette collection de carrelage aspect parquet bois naturel invite la nature au c\u0153ur de votre int\u00e9rieur.<\/p><p><b>Dalles antid\u00e9rapantes<\/b> en 30 x 120 x 2 cm d&rsquo;\u00e9paisseur, lames antid\u00e9rapantes 9mm en 20x120cm ainsi que des <b>d\u00e9cors originaux<\/b> compl\u00e8tent cette collection.\u00a0<\/p>\t\t\t\t\t\t\t\t<\/div>\n\t\t\t\t<\/div>\n\t\t\t\t\t<\/div>\n\t\t<\/div>\n\t\t\t\t\t<\/div>\n\t\t<\/section>\n\t\t\t\t<div class=\"elementor-element elementor-element-1fba8aa4 elementor-mobile-align-center elementor-widget elementor-widget-button\" data-id=\"1fba8aa4\" data-element_type=\"widget\" data-e-type=\"widget\" data-widget_type=\"button.default\">\n\t\t\t\t<div class=\"elementor-widget-container\">\n\t\t\t\t\t\t\t\t\t<div class=\"elementor-button-wrapper\">\n\t\t\t\t\t<a class=\"elementor-button elementor-button-link elementor-size-sm\" href=\"https:\/\/www.portovenere.fr\/fr-fr\/carrelage-sol-et-mur-en-gres-cerame-et-faience\/carrelage-imitation-parquet-aspect-bois\/carrelage-imitation-parquet-bois-naturel-vallee\/\">\n\t\t\t\t\t\t<span class=\"elementor-button-content-wrapper\">\n\t\t\t\t\t\t\t\t\t<span class=\"elementor-button-text\">Voir la collection<\/span>\n\t\t\t\t\t<\/span>\n\t\t\t\t\t<\/a>\n\t\t\t\t<\/div>\n\t\t\t\t\t\t\t\t<\/div>\n\t\t\t\t<\/div>\n\t\t\t\t\t<\/div>\n\t\t<\/div>\n\t\t\t\t\t<\/div>\n\t\t<\/section>\n\t\t\t\t<section class=\"elementor-section elementor-top-section elementor-element elementor-element-39a6e8fa elementor-section-full_width elementor-section-height-default elementor-section-height-default elementor-invisible\" data-id=\"39a6e8fa\" data-element_type=\"section\" data-e-type=\"section\" data-settings=\"{&quot;animation&quot;:&quot;fadeIn&quot;}\">\n\t\t\t\t\t\t<div class=\"elementor-container elementor-column-gap-default\">\n\t\t\t\t\t<div class=\"elementor-column elementor-col-33 elementor-top-column elementor-element elementor-element-3630ac38\" data-id=\"3630ac38\" data-element_type=\"column\" data-e-type=\"column\">\n\t\t\t<div class=\"elementor-widget-wrap elementor-element-populated\">\n\t\t\t\t\t\t<div class=\"elementor-element elementor-element-6e54a324 elementor-widget elementor-widget-image\" data-id=\"6e54a324\" data-element_type=\"widget\" data-e-type=\"widget\" data-widget_type=\"image.default\">\n\t\t\t\t<div class=\"elementor-widget-container\">\n\t\t\t\t\t\t\t\t\t\t\t\t\t\t\t\t<a href=\"https:\/\/www.portovenere.fr\/fr-fr\/carrelage-sol-et-mur-en-gres-cerame-et-faience\/carrelage-aspect-pierre\/carrelage-aspect-pierre-naturelle-nuancee-pierre-de-sel\/\">\n\t\t\t\t\t\t\t<img decoding=\"async\" src=\"https:\/\/www.portovenere.fr\/fr-fr\/wp-content\/uploads\/elementor\/thumbs\/Allee-de-garage-Pierre-de-sel-gris-Client-MARTIN-Nicolas-r8if57dgodveca6l6hy0stafty81yz36vrpdoes1wg.jpg\" title=\"All\u00e9e de garage Pierre de sel gris &#8211; Client MARTIN Nicolas\" alt=\"All\u00e9e de garage Pierre de sel gris - Client MARTIN Nicolas\" loading=\"lazy\" \/>\t\t\t\t\t\t\t\t<\/a>\n\t\t\t\t\t\t\t\t\t\t\t\t\t\t\t<\/div>\n\t\t\t\t<\/div>\n\t\t\t\t<div class=\"elementor-element elementor-element-1932a7d9 elementor-widget__width-initial elementor-widget elementor-widget-heading\" data-id=\"1932a7d9\" data-element_type=\"widget\" data-e-type=\"widget\" data-widget_type=\"heading.default\">\n\t\t\t\t<div class=\"elementor-widget-container\">\n\t\t\t\t\t<h3 class=\"elementor-heading-title elementor-size-default\"><a href=\"https:\/\/www.portovenere.fr\/fr-fr\/carrelage-sol-et-mur-en-gres-cerame-et-faience\/carrelage-aspect-pierre\/carrelage-aspect-pierre-naturelle-nuancee-pierre-de-sel\/\">Dalles PIERRE DE SEL | 5 coloris<\/a><\/h3>\t\t\t\t<\/div>\n\t\t\t\t<\/div>\n\t\t\t\t<div class=\"elementor-element elementor-element-6b64cdd7 elementor-widget__width-initial elementor-widget elementor-widget-gallery\" data-id=\"6b64cdd7\" data-element_type=\"widget\" data-e-type=\"widget\" data-settings=\"{&quot;gap&quot;:{&quot;unit&quot;:&quot;px&quot;,&quot;size&quot;:3,&quot;sizes&quot;:[]},&quot;columns_mobile&quot;:3,&quot;gap_mobile&quot;:{&quot;unit&quot;:&quot;px&quot;,&quot;size&quot;:6,&quot;sizes&quot;:[]},&quot;columns&quot;:5,&quot;columns_tablet&quot;:3,&quot;gap_tablet&quot;:{&quot;unit&quot;:&quot;px&quot;,&quot;size&quot;:5,&quot;sizes&quot;:[]},&quot;lazyload&quot;:&quot;yes&quot;,&quot;gallery_layout&quot;:&quot;grid&quot;,&quot;aspect_ratio&quot;:&quot;3:2&quot;,&quot;overlay_background&quot;:&quot;yes&quot;,&quot;content_hover_animation&quot;:&quot;fade-in&quot;}\" data-widget_type=\"gallery.default\">\n\t\t\t\t<div class=\"elementor-widget-container\">\n\t\t\t\t\t\t\t<div class=\"elementor-gallery__container\">\n\t\t\t\t\t\t\t<div class=\"e-gallery-item elementor-gallery-item elementor-animated-content\">\n\t\t\t\t\t<div class=\"e-gallery-image elementor-gallery-item__image\" data-thumbnail=\"https:\/\/www.portovenere.fr\/fr-fr\/wp-content\/uploads\/2020\/03\/Pierre-de-Sel-Maui-Green-150x150.jpg\" data-width=\"150\" data-height=\"150\" aria-label=\"\" role=\"img\" ><\/div>\n\t\t\t\t\t\t\t\t\t\t\t<div class=\"elementor-gallery-item__overlay\"><\/div>\n\t\t\t\t\t\t\t\t\t\t\t\t\t\t<\/div>\n\t\t\t\t\t\t\t<div class=\"e-gallery-item elementor-gallery-item elementor-animated-content\">\n\t\t\t\t\t<div class=\"e-gallery-image elementor-gallery-item__image\" data-thumbnail=\"https:\/\/www.portovenere.fr\/fr-fr\/wp-content\/uploads\/2020\/03\/Pierre-de-Sel-Rouge-Hawai-150x150.jpg\" data-width=\"150\" data-height=\"150\" aria-label=\"\" role=\"img\" ><\/div>\n\t\t\t\t\t\t\t\t\t\t\t<div class=\"elementor-gallery-item__overlay\"><\/div>\n\t\t\t\t\t\t\t\t\t\t\t\t\t\t<\/div>\n\t\t\t\t\t\t\t<div class=\"e-gallery-item elementor-gallery-item elementor-animated-content\">\n\t\t\t\t\t<div class=\"e-gallery-image elementor-gallery-item__image\" data-thumbnail=\"https:\/\/www.portovenere.fr\/fr-fr\/wp-content\/uploads\/2020\/03\/Pierre-de-Sel-Danish-Smoke-150x150.jpg\" data-width=\"150\" data-height=\"150\" aria-label=\"\" role=\"img\" ><\/div>\n\t\t\t\t\t\t\t\t\t\t\t<div class=\"elementor-gallery-item__overlay\"><\/div>\n\t\t\t\t\t\t\t\t\t\t\t\t\t\t<\/div>\n\t\t\t\t\t\t\t<div class=\"e-gallery-item elementor-gallery-item elementor-animated-content\">\n\t\t\t\t\t<div class=\"e-gallery-image elementor-gallery-item__image\" data-thumbnail=\"https:\/\/www.portovenere.fr\/fr-fr\/wp-content\/uploads\/2020\/03\/Pierre-de-Sel-Gris-Celtique-150x150.jpg\" data-width=\"150\" data-height=\"150\" aria-label=\"\" role=\"img\" ><\/div>\n\t\t\t\t\t\t\t\t\t\t\t<div class=\"elementor-gallery-item__overlay\"><\/div>\n\t\t\t\t\t\t\t\t\t\t\t\t\t\t<\/div>\n\t\t\t\t\t\t\t<div class=\"e-gallery-item elementor-gallery-item elementor-animated-content\">\n\t\t\t\t\t<div class=\"e-gallery-image elementor-gallery-item__image\" data-thumbnail=\"https:\/\/www.portovenere.fr\/fr-fr\/wp-content\/uploads\/2020\/03\/Pierre-de-Sel-White-Gold-150x150.jpg\" data-width=\"150\" data-height=\"150\" aria-label=\"\" role=\"img\" ><\/div>\n\t\t\t\t\t\t\t\t\t\t\t<div class=\"elementor-gallery-item__overlay\"><\/div>\n\t\t\t\t\t\t\t\t\t\t\t\t\t\t<\/div>\n\t\t\t\t\t<\/div>\n\t\t\t\t\t<\/div>\n\t\t\t\t<\/div>\n\t\t\t\t<div class=\"elementor-element elementor-element-4549da55 elementor-widget elementor-widget-text-editor\" data-id=\"4549da55\" data-element_type=\"widget\" data-e-type=\"widget\" data-widget_type=\"text-editor.default\">\n\t\t\t\t<div class=\"elementor-widget-container\">\n\t\t\t\t\t\t\t\t\t<p>Ce carrelage s\u2019inspire de l\u2019esth\u00e9tique des gros blocs de sel gemme extraits des mines souterraines et utilis\u00e9s aussi pour la construction de parois et de cristaux de sel. Nombreux formats pour int\u00e9rieur et ext\u00e9rieur. Pose au sol et pose murale.<\/p>\n<p>En <b>dalles 20mm antid\u00e9rapantes<\/b> pour terrasses, tour de piscine, pas japonais&#8230;en format <b>90&#215;90 cm et 120&#215;120 cm.<\/b><\/p>\t\t\t\t\t\t\t\t<\/div>\n\t\t\t\t<\/div>\n\t\t\t\t<div class=\"elementor-element elementor-element-470ce254 elementor-mobile-align-center elementor-align-left elementor-widget elementor-widget-button\" data-id=\"470ce254\" data-element_type=\"widget\" data-e-type=\"widget\" data-widget_type=\"button.default\">\n\t\t\t\t<div class=\"elementor-widget-container\">\n\t\t\t\t\t\t\t\t\t<div class=\"elementor-button-wrapper\">\n\t\t\t\t\t<a class=\"elementor-button elementor-button-link elementor-size-sm\" href=\"https:\/\/www.portovenere.fr\/fr-fr\/carrelage-sol-et-mur-en-gres-cerame-et-faience\/carrelage-aspect-pierre\/carrelage-aspect-pierre-naturelle-nuancee-pierre-de-sel\/\">\n\t\t\t\t\t\t<span class=\"elementor-button-content-wrapper\">\n\t\t\t\t\t\t\t\t\t<span class=\"elementor-button-text\">Voir la collection<\/span>\n\t\t\t\t\t<\/span>\n\t\t\t\t\t<\/a>\n\t\t\t\t<\/div>\n\t\t\t\t\t\t\t\t<\/div>\n\t\t\t\t<\/div>\n\t\t\t\t\t<\/div>\n\t\t<\/div>\n\t\t\t\t<div class=\"elementor-column elementor-col-33 elementor-top-column elementor-element elementor-element-1dcd6a71 elementor-invisible\" data-id=\"1dcd6a71\" data-element_type=\"column\" data-e-type=\"column\" data-settings=\"{&quot;animation&quot;:&quot;fadeIn&quot;,&quot;background_background&quot;:&quot;classic&quot;}\">\n\t\t\t<div class=\"elementor-widget-wrap elementor-element-populated\">\n\t\t\t\t\t\t<div class=\"elementor-element elementor-element-2212fa12 elementor-widget elementor-widget-image\" data-id=\"2212fa12\" data-element_type=\"widget\" data-e-type=\"widget\" data-widget_type=\"image.default\">\n\t\t\t\t<div class=\"elementor-widget-container\">\n\t\t\t\t\t\t\t\t\t\t\t\t\t\t\t\t<a href=\"https:\/\/www.portovenere.fr\/fr-fr\/carrelage-sol-et-mur-en-gres-cerame-et-faience\/carrelage-imitation-parquet-aspect-bois\/carrelage-imitation-parquet-chene-liberta\/\">\n\t\t\t\t\t\t\t<img decoding=\"async\" src=\"https:\/\/www.portovenere.fr\/fr-fr\/wp-content\/uploads\/elementor\/thumbs\/Carrelage-imitation-parquet-chene-Liberta-imbrunito-pour-interieur-et-exterieur-20x120-cm-proche-de-castelnau-le-lez-34-r8iezla4n5evupiovqeitr9zgm4pm6kd5ocndh5g2o.jpg\" title=\"Carrelage-imitation-parquet-ch\u00eane-Liberta-imbrunito-pour-int\u00e9rieur-et-ext\u00e9rieur-20&#215;120-cm-proche-de-castelnau-le-lez-34\" alt=\"Carrelage effet parquet de qualit\u00e9 Liberta \u00e0 Montpellier\" loading=\"lazy\" \/>\t\t\t\t\t\t\t\t<\/a>\n\t\t\t\t\t\t\t\t\t\t\t\t\t\t\t<\/div>\n\t\t\t\t<\/div>\n\t\t\t\t<section class=\"elementor-section elementor-inner-section elementor-element elementor-element-4087bd89 elementor-section-boxed elementor-section-height-default elementor-section-height-default elementor-invisible\" data-id=\"4087bd89\" data-element_type=\"section\" data-e-type=\"section\" data-settings=\"{&quot;background_background&quot;:&quot;classic&quot;,&quot;animation&quot;:&quot;fadeIn&quot;}\">\n\t\t\t\t\t\t<div class=\"elementor-container elementor-column-gap-default\">\n\t\t\t\t\t<div class=\"elementor-column elementor-col-100 elementor-inner-column elementor-element elementor-element-48e72628\" data-id=\"48e72628\" data-element_type=\"column\" data-e-type=\"column\">\n\t\t\t<div class=\"elementor-widget-wrap elementor-element-populated\">\n\t\t\t\t\t\t<div class=\"elementor-element elementor-element-101a4c45 elementor-widget elementor-widget-heading\" data-id=\"101a4c45\" data-element_type=\"widget\" data-e-type=\"widget\" data-widget_type=\"heading.default\">\n\t\t\t\t<div class=\"elementor-widget-container\">\n\t\t\t\t\t<h3 class=\"elementor-heading-title elementor-size-default\"><a href=\"https:\/\/www.portovenere.fr\/fr-fr\/carrelage-sol-et-mur-en-gres-cerame-et-faience\/carrelage-imitation-parquet-aspect-bois\/carrelage-imitation-parquet-chene-liberta\/\">Dalles LIBERTA | 3 coloris<\/a><\/h3>\t\t\t\t<\/div>\n\t\t\t\t<\/div>\n\t\t\t\t<div class=\"elementor-element elementor-element-450ac789 elementor-widget__width-initial elementor-widget elementor-widget-gallery\" data-id=\"450ac789\" data-element_type=\"widget\" data-e-type=\"widget\" data-settings=\"{&quot;gap&quot;:{&quot;unit&quot;:&quot;px&quot;,&quot;size&quot;:3,&quot;sizes&quot;:[]},&quot;columns_mobile&quot;:3,&quot;gap_mobile&quot;:{&quot;unit&quot;:&quot;px&quot;,&quot;size&quot;:6,&quot;sizes&quot;:[]},&quot;columns&quot;:5,&quot;columns_tablet&quot;:3,&quot;gap_tablet&quot;:{&quot;unit&quot;:&quot;px&quot;,&quot;size&quot;:5,&quot;sizes&quot;:[]},&quot;lazyload&quot;:&quot;yes&quot;,&quot;gallery_layout&quot;:&quot;grid&quot;,&quot;aspect_ratio&quot;:&quot;3:2&quot;,&quot;overlay_background&quot;:&quot;yes&quot;,&quot;content_hover_animation&quot;:&quot;fade-in&quot;}\" data-widget_type=\"gallery.default\">\n\t\t\t\t<div class=\"elementor-widget-container\">\n\t\t\t\t\t\t\t<div class=\"elementor-gallery__container\">\n\t\t\t\t\t\t\t<div class=\"e-gallery-item elementor-gallery-item elementor-animated-content\">\n\t\t\t\t\t<div class=\"e-gallery-image elementor-gallery-item__image\" data-thumbnail=\"https:\/\/www.portovenere.fr\/fr-fr\/wp-content\/uploads\/2024\/03\/Carrelage-imitation-parquet-chene-clair-Liberta-rovere-pallido-proche-de-castelnau-le-lez-34-150x150.jpg\" data-width=\"150\" data-height=\"150\" aria-label=\"\" role=\"img\" ><\/div>\n\t\t\t\t\t\t\t\t\t\t\t<div class=\"elementor-gallery-item__overlay\"><\/div>\n\t\t\t\t\t\t\t\t\t\t\t\t\t\t<\/div>\n\t\t\t\t\t\t\t<div class=\"e-gallery-item elementor-gallery-item elementor-animated-content\">\n\t\t\t\t\t<div class=\"e-gallery-image elementor-gallery-item__image\" data-thumbnail=\"https:\/\/www.portovenere.fr\/fr-fr\/wp-content\/uploads\/2024\/03\/Carrelage-imitation-parquet-chene-naturel-Liberta-rovere-dorato-proche-de-agde-34-150x150.jpg\" data-width=\"150\" data-height=\"150\" aria-label=\"\" role=\"img\" ><\/div>\n\t\t\t\t\t\t\t\t\t\t\t<div class=\"elementor-gallery-item__overlay\"><\/div>\n\t\t\t\t\t\t\t\t\t\t\t\t\t\t<\/div>\n\t\t\t\t\t\t\t<div class=\"e-gallery-item elementor-gallery-item elementor-animated-content\">\n\t\t\t\t\t<div class=\"e-gallery-image elementor-gallery-item__image\" data-thumbnail=\"https:\/\/www.portovenere.fr\/fr-fr\/wp-content\/uploads\/2024\/03\/Carrelage-imitation-parquet-chene-naturel-brun-Liberta-rovere-imbrunito-proche-de-lattes-34-150x150.jpg\" data-width=\"150\" data-height=\"150\" aria-label=\"\" role=\"img\" ><\/div>\n\t\t\t\t\t\t\t\t\t\t\t<div class=\"elementor-gallery-item__overlay\"><\/div>\n\t\t\t\t\t\t\t\t\t\t\t\t\t\t<\/div>\n\t\t\t\t\t<\/div>\n\t\t\t\t\t<\/div>\n\t\t\t\t<\/div>\n\t\t\t\t<div class=\"elementor-element elementor-element-1699104c elementor-widget elementor-widget-text-editor\" data-id=\"1699104c\" data-element_type=\"widget\" data-e-type=\"widget\" data-widget_type=\"text-editor.default\">\n\t\t\t\t<div class=\"elementor-widget-container\">\n\t\t\t\t\t\t\t\t\t<p>La collection de\u00a0<b>carrelage imitation parquet<\/b>\u00a0Liberta offre un rendu<b>\u00a0visuel exceptionnel<\/b>\u00a0une fois pos\u00e9 sur vos\u00a0<b>murs et sols<\/b>. Cette collection de carrelage gr\u00e8s c\u00e9rame de\u00a0<b>grande qualit\u00e9<\/b>\u00a0se d\u00e9cline dans\u00a0<b>3 teintes de bois de ch\u00eane<\/b>\u00a0: Rovere Pallido (ch\u00eane clair), Rovere Dorato (ch\u00eane naturel) et Rovere Imbrunito (ch\u00eane brun).\u00a0<\/p><p>L\u2019effet parquet Liberta propose diff\u00e9rents formats dans 3 \u00e9paisseurs\/finitions :\u00a0<\/p><p>Epaisseur 6,5mm : Maxi<b>\u00a0format XXL<\/b>\u00a0<b>24\u00d7278 cm<\/b>\u00a0Naturel. Ces lames effet parquet au format g\u00e9n\u00e9reux apportent un rendu \u00e9l\u00e9gant \u00e0 vos int\u00e9rieurs.<\/p><p>Epaisseur 9mm :\u00a0<b>22,5\u00d7180 cm<\/b>\u00a0Naturel,\u00a0<b>20\u00d7120 cm<\/b>\u00a0Naturel et antid\u00e9rapant,\u00a0<b>30\u00d7120 cm\u00a0<\/b>Naturel.<\/p><p>Epaisseur 20mm : Dalles antid\u00e9rapantes\u00a0<b>40\u00d7120 cm<\/b>\u00a0(Dorato exclusivement) pour une pose en ext\u00e9rieur : tour de piscine, terrasse. Les dalles 20 mm se posent sur plots, pose encoll\u00e9e, pose sur sable, gravier et sur gazon.\u00a0\u00a0<\/p><p>le carrelage Liberta offre une continuit\u00e9 de l\u2019espace\u00a0<b>int\u00e9rieurs vers l\u2019ext\u00e9rieur<\/b>.<\/p>\t\t\t\t\t\t\t\t<\/div>\n\t\t\t\t<\/div>\n\t\t\t\t<div class=\"elementor-element elementor-element-7dd9782 elementor-mobile-align-center elementor-widget elementor-widget-button\" data-id=\"7dd9782\" data-element_type=\"widget\" data-e-type=\"widget\" data-widget_type=\"button.default\">\n\t\t\t\t<div class=\"elementor-widget-container\">\n\t\t\t\t\t\t\t\t\t<div class=\"elementor-button-wrapper\">\n\t\t\t\t\t<a class=\"elementor-button elementor-button-link elementor-size-sm\" href=\"https:\/\/www.portovenere.fr\/fr-fr\/carrelage-sol-et-mur-en-gres-cerame-et-faience\/carrelage-imitation-parquet-aspect-bois\/carrelage-imitation-parquet-chene-liberta\/\">\n\t\t\t\t\t\t<span class=\"elementor-button-content-wrapper\">\n\t\t\t\t\t\t\t\t\t<span class=\"elementor-button-text\">Voir la collection<\/span>\n\t\t\t\t\t<\/span>\n\t\t\t\t\t<\/a>\n\t\t\t\t<\/div>\n\t\t\t\t\t\t\t\t<\/div>\n\t\t\t\t<\/div>\n\t\t\t\t\t<\/div>\n\t\t<\/div>\n\t\t\t\t\t<\/div>\n\t\t<\/section>\n\t\t\t\t\t<\/div>\n\t\t<\/div>\n\t\t\t\t<div class=\"elementor-column elementor-col-33 elementor-top-column elementor-element elementor-element-12a87f9e elementor-invisible\" data-id=\"12a87f9e\" data-element_type=\"column\" data-e-type=\"column\" data-settings=\"{&quot;animation&quot;:&quot;fadeIn&quot;,&quot;background_background&quot;:&quot;classic&quot;}\">\n\t\t\t<div class=\"elementor-widget-wrap elementor-element-populated\">\n\t\t\t\t\t\t<div class=\"elementor-element elementor-element-36b92c0e elementor-widget elementor-widget-image\" data-id=\"36b92c0e\" data-element_type=\"widget\" data-e-type=\"widget\" data-widget_type=\"image.default\">\n\t\t\t\t<div class=\"elementor-widget-container\">\n\t\t\t\t\t\t\t\t\t\t\t\t\t\t\t\t<a href=\"https:\/\/www.portovenere.fr\/fr-fr\/carrelage-sol-et-mur-en-gres-cerame-et-faience\/carrelage-extra-fin-special-renovation\/carrelage-sol-et-mur-effet-metallise-electron\/\">\n\t\t\t\t\t\t\t<img decoding=\"async\" src=\"https:\/\/www.portovenere.fr\/fr-fr\/wp-content\/uploads\/elementor\/thumbs\/carrelage-sol-exterieur-terrasse-electron-white-effet-beton-metallise-style-industriel-a-assas-herault-34-r8iehzqw2vxjsoc50osi7xomnpdjzs37s1q9cimxba.jpg\" title=\"carrelage-sol-exterieur-terrasse-electron-white-effet-beton-metallise-style-industriel-a-assas-herault-34\" alt=\"carrelage-sol-et-mur-effet-m\u00e9tallis\u00e9-Electron\" loading=\"lazy\" \/>\t\t\t\t\t\t\t\t<\/a>\n\t\t\t\t\t\t\t\t\t\t\t\t\t\t\t<\/div>\n\t\t\t\t<\/div>\n\t\t\t\t<section class=\"elementor-section elementor-inner-section elementor-element elementor-element-4a464955 elementor-section-boxed elementor-section-height-default elementor-section-height-default elementor-invisible\" data-id=\"4a464955\" data-element_type=\"section\" data-e-type=\"section\" data-settings=\"{&quot;background_background&quot;:&quot;classic&quot;,&quot;animation&quot;:&quot;fadeIn&quot;}\">\n\t\t\t\t\t\t<div class=\"elementor-container elementor-column-gap-default\">\n\t\t\t\t\t<div class=\"elementor-column elementor-col-100 elementor-inner-column elementor-element elementor-element-462bc89d\" data-id=\"462bc89d\" data-element_type=\"column\" data-e-type=\"column\">\n\t\t\t<div class=\"elementor-widget-wrap elementor-element-populated\">\n\t\t\t\t\t\t<div class=\"elementor-element elementor-element-165796e3 elementor-widget elementor-widget-heading\" data-id=\"165796e3\" data-element_type=\"widget\" data-e-type=\"widget\" data-widget_type=\"heading.default\">\n\t\t\t\t<div class=\"elementor-widget-container\">\n\t\t\t\t\t<h3 class=\"elementor-heading-title elementor-size-default\"><a href=\"https:\/\/www.portovenere.fr\/fr-fr\/carrelage-sol-et-mur-en-gres-cerame-et-faience\/carrelage-extra-fin-special-renovation\/carrelage-sol-et-mur-effet-metallise-electron\/\">Dalles ELECTRON | 6 coloris &amp; d\u00e9cors<\/a><\/h3>\t\t\t\t<\/div>\n\t\t\t\t<\/div>\n\t\t\t\t<div class=\"elementor-element elementor-element-4d992623 elementor-widget__width-initial elementor-widget elementor-widget-gallery\" data-id=\"4d992623\" data-element_type=\"widget\" data-e-type=\"widget\" data-settings=\"{&quot;gap&quot;:{&quot;unit&quot;:&quot;px&quot;,&quot;size&quot;:3,&quot;sizes&quot;:[]},&quot;columns_mobile&quot;:3,&quot;gap_mobile&quot;:{&quot;unit&quot;:&quot;px&quot;,&quot;size&quot;:6,&quot;sizes&quot;:[]},&quot;columns&quot;:5,&quot;columns_tablet&quot;:3,&quot;gap_tablet&quot;:{&quot;unit&quot;:&quot;px&quot;,&quot;size&quot;:5,&quot;sizes&quot;:[]},&quot;lazyload&quot;:&quot;yes&quot;,&quot;gallery_layout&quot;:&quot;grid&quot;,&quot;aspect_ratio&quot;:&quot;3:2&quot;,&quot;overlay_background&quot;:&quot;yes&quot;,&quot;content_hover_animation&quot;:&quot;fade-in&quot;}\" data-widget_type=\"gallery.default\">\n\t\t\t\t<div class=\"elementor-widget-container\">\n\t\t\t\t\t\t\t<div class=\"elementor-gallery__container\">\n\t\t\t\t\t\t\t<div class=\"e-gallery-item elementor-gallery-item elementor-animated-content\">\n\t\t\t\t\t<div class=\"e-gallery-image elementor-gallery-item__image\" data-thumbnail=\"https:\/\/www.portovenere.fr\/fr-fr\/wp-content\/uploads\/2022\/03\/carrelage-salle-de-bain-effet-industriel-electron-white-a-nimes-gard-30-150x150.jpg\" data-width=\"150\" data-height=\"150\" aria-label=\"carrelage-sol-et-mur-effet-m\u00e9tallis\u00e9-Electron\" role=\"img\" ><\/div>\n\t\t\t\t\t\t\t\t\t\t\t<div class=\"elementor-gallery-item__overlay\"><\/div>\n\t\t\t\t\t\t\t\t\t\t\t\t\t\t<\/div>\n\t\t\t\t\t\t\t<div class=\"e-gallery-item elementor-gallery-item elementor-animated-content\">\n\t\t\t\t\t<div class=\"e-gallery-image elementor-gallery-item__image\" data-thumbnail=\"https:\/\/www.portovenere.fr\/fr-fr\/wp-content\/uploads\/2022\/03\/carrelage-cuisine-et-salon-haut-de-gamme-effet-industriel-metallise-electron-silver-a-clapiers-herault-34-150x150.jpg\" data-width=\"150\" data-height=\"150\" aria-label=\"carrelage-sol-et-mur-effet-m\u00e9tallis\u00e9-Electron\" role=\"img\" ><\/div>\n\t\t\t\t\t\t\t\t\t\t\t<div class=\"elementor-gallery-item__overlay\"><\/div>\n\t\t\t\t\t\t\t\t\t\t\t\t\t\t<\/div>\n\t\t\t\t\t\t\t<div class=\"e-gallery-item elementor-gallery-item elementor-animated-content\">\n\t\t\t\t\t<div class=\"e-gallery-image elementor-gallery-item__image\" data-thumbnail=\"https:\/\/www.portovenere.fr\/fr-fr\/wp-content\/uploads\/2022\/03\/carrelage-salon-grand-format-sol-et-mur-electron-rust-a-tours-indre-et-loire-37-150x150.jpg\" data-width=\"150\" data-height=\"150\" aria-label=\"carrelage-sol-et-mur-effet-m\u00e9tallis\u00e9-Electron\" role=\"img\" ><\/div>\n\t\t\t\t\t\t\t\t\t\t\t<div class=\"elementor-gallery-item__overlay\"><\/div>\n\t\t\t\t\t\t\t\t\t\t\t\t\t\t<\/div>\n\t\t\t\t\t\t\t<div class=\"e-gallery-item elementor-gallery-item elementor-animated-content\">\n\t\t\t\t\t<div class=\"e-gallery-image elementor-gallery-item__image\" data-thumbnail=\"https:\/\/www.portovenere.fr\/fr-fr\/wp-content\/uploads\/2022\/03\/carrelage-grand-format-haut-de-gamme-effet-industriel-ciment-electron-jeko-a-dijon-cote-dor-21-150x150.jpg\" data-width=\"150\" data-height=\"150\" aria-label=\"carrelage-sol-et-mur-effet-m\u00e9tallis\u00e9-Electron\" role=\"img\" ><\/div>\n\t\t\t\t\t\t\t\t\t\t\t<div class=\"elementor-gallery-item__overlay\"><\/div>\n\t\t\t\t\t\t\t\t\t\t\t\t\t\t<\/div>\n\t\t\t\t\t\t\t<div class=\"e-gallery-item elementor-gallery-item elementor-animated-content\">\n\t\t\t\t\t<div class=\"e-gallery-image elementor-gallery-item__image\" data-thumbnail=\"https:\/\/www.portovenere.fr\/fr-fr\/wp-content\/uploads\/2022\/03\/carrelage-cuisine-haut-de-gamme-effet-industriel-ciment-electron-black-a-limoges-haute-vienne-87-150x150.jpg\" data-width=\"150\" data-height=\"150\" aria-label=\"carrelage-sol-et-mur-effet-m\u00e9tallis\u00e9-Electron\" role=\"img\" ><\/div>\n\t\t\t\t\t\t\t\t\t\t\t<div class=\"elementor-gallery-item__overlay\"><\/div>\n\t\t\t\t\t\t\t\t\t\t\t\t\t\t<\/div>\n\t\t\t\t\t\t\t<div class=\"e-gallery-item elementor-gallery-item elementor-animated-content\">\n\t\t\t\t\t<div class=\"e-gallery-image elementor-gallery-item__image\" data-thumbnail=\"https:\/\/www.portovenere.fr\/fr-fr\/wp-content\/uploads\/2022\/03\/carrelage-haut-de-gamme-sol-et-mur-electron-blue-a-montpellier-herault-34-1-150x150.jpg\" data-width=\"150\" data-height=\"150\" aria-label=\"carrelage-sol-et-mur-effet-m\u00e9tallis\u00e9-Electron\" role=\"img\" ><\/div>\n\t\t\t\t\t\t\t\t\t\t\t<div class=\"elementor-gallery-item__overlay\"><\/div>\n\t\t\t\t\t\t\t\t\t\t\t\t\t\t<\/div>\n\t\t\t\t\t<\/div>\n\t\t\t\t\t<\/div>\n\t\t\t\t<\/div>\n\t\t\t\t<div class=\"elementor-element elementor-element-24aec51a elementor-widget elementor-widget-text-editor\" data-id=\"24aec51a\" data-element_type=\"widget\" data-e-type=\"widget\" data-widget_type=\"text-editor.default\">\n\t\t\t\t<div class=\"elementor-widget-container\">\n\t\t\t\t\t\t\t\t\t<p>La <strong>collection de carrelage&nbsp;sol et mur effet m\u00e9tallis\u00e9 Electron<\/strong>, se d\u00e9cline en 6 coloris (Silver, Black, Jeko, Blue, White et Rust) dispose&nbsp;<strong>d\u2019effets d\u2019oxydation<\/strong>&nbsp;tr\u00e8s prononc\u00e9s.&nbsp;<\/p><p>Les diff\u00e9rentes nuances de cette collection en font l\u2019alli\u00e9e id\u00e9ale des int\u00e9rieurs de&nbsp;<strong>style loft urbain<\/strong>&nbsp;les plus os\u00e9s et excentriques, en particulier ses&nbsp;<strong>tr\u00e8s grands formats<\/strong>&nbsp;160\u00d7320, 121\u00d7270 et 121\u00d7121 rectifi\u00e9s. <b>Deux formats de dalles antid\u00e9rapantes 2 cm<\/b> disponibles.<\/p>\t\t\t\t\t\t\t\t<\/div>\n\t\t\t\t<\/div>\n\t\t\t\t<div class=\"elementor-element elementor-element-7b6485b6 elementor-mobile-align-center elementor-widget elementor-widget-button\" data-id=\"7b6485b6\" data-element_type=\"widget\" data-e-type=\"widget\" data-widget_type=\"button.default\">\n\t\t\t\t<div class=\"elementor-widget-container\">\n\t\t\t\t\t\t\t\t\t<div class=\"elementor-button-wrapper\">\n\t\t\t\t\t<a class=\"elementor-button elementor-button-link elementor-size-sm\" href=\"https:\/\/www.portovenere.fr\/fr-fr\/carrelage-sol-et-mur-en-gres-cerame-et-faience\/carrelage-extra-fin-special-renovation\/carrelage-sol-et-mur-effet-metallise-electron\/\">\n\t\t\t\t\t\t<span class=\"elementor-button-content-wrapper\">\n\t\t\t\t\t\t\t\t\t<span class=\"elementor-button-text\">Voir la collection<\/span>\n\t\t\t\t\t<\/span>\n\t\t\t\t\t<\/a>\n\t\t\t\t<\/div>\n\t\t\t\t\t\t\t\t<\/div>\n\t\t\t\t<\/div>\n\t\t\t\t\t<\/div>\n\t\t<\/div>\n\t\t\t\t\t<\/div>\n\t\t<\/section>\n\t\t\t\t\t<\/div>\n\t\t<\/div>\n\t\t\t\t\t<\/div>\n\t\t<\/section>\n\t\t\t\t<section class=\"elementor-section elementor-top-section elementor-element elementor-element-2b763da7 elementor-section-full_width elementor-section-height-default elementor-section-height-default elementor-invisible\" data-id=\"2b763da7\" data-element_type=\"section\" data-e-type=\"section\" data-settings=\"{&quot;animation&quot;:&quot;fadeIn&quot;}\">\n\t\t\t\t\t\t<div class=\"elementor-container elementor-column-gap-default\">\n\t\t\t\t\t<div class=\"elementor-column elementor-col-33 elementor-top-column elementor-element elementor-element-20f9209f\" data-id=\"20f9209f\" data-element_type=\"column\" data-e-type=\"column\" data-settings=\"{&quot;background_background&quot;:&quot;classic&quot;}\">\n\t\t\t<div class=\"elementor-widget-wrap elementor-element-populated\">\n\t\t\t\t\t\t<div class=\"elementor-element elementor-element-44bc8f56 elementor-widget elementor-widget-image\" data-id=\"44bc8f56\" data-element_type=\"widget\" data-e-type=\"widget\" data-widget_type=\"image.default\">\n\t\t\t\t<div class=\"elementor-widget-container\">\n\t\t\t\t\t\t\t\t\t\t\t\t\t\t\t\t<a href=\"https:\/\/www.portovenere.fr\/fr-fr\/carrelage-sol-et-mur-en-gres-cerame-et-faience\/carrelage-aspect-pierre\/carrelage-aspect-pierre-naturelle-brera\/\">\n\t\t\t\t\t\t\t<img loading=\"lazy\" decoding=\"async\" width=\"800\" height=\"534\" src=\"https:\/\/www.portovenere.fr\/fr-fr\/wp-content\/uploads\/2019\/08\/Brera-Light-Grey-Carrelage-antid\u00e9rapant-ext\u00e9rieur-tour-de-piscine-1024x683.jpg\" class=\"attachment-large size-large wp-image-13146\" alt=\"\" srcset=\"https:\/\/www.portovenere.fr\/fr-fr\/wp-content\/uploads\/2019\/08\/Brera-Light-Grey-Carrelage-antid\u00e9rapant-ext\u00e9rieur-tour-de-piscine-1024x683.jpg 1024w, https:\/\/www.portovenere.fr\/fr-fr\/wp-content\/uploads\/2019\/08\/Brera-Light-Grey-Carrelage-antid\u00e9rapant-ext\u00e9rieur-tour-de-piscine-300x200.jpg 300w, https:\/\/www.portovenere.fr\/fr-fr\/wp-content\/uploads\/2019\/08\/Brera-Light-Grey-Carrelage-antid\u00e9rapant-ext\u00e9rieur-tour-de-piscine-768x512.jpg 768w, https:\/\/www.portovenere.fr\/fr-fr\/wp-content\/uploads\/2019\/08\/Brera-Light-Grey-Carrelage-antid\u00e9rapant-ext\u00e9rieur-tour-de-piscine.jpg 1500w\" sizes=\"(max-width: 800px) 100vw, 800px\" \/>\t\t\t\t\t\t\t\t<\/a>\n\t\t\t\t\t\t\t\t\t\t\t\t\t\t\t<\/div>\n\t\t\t\t<\/div>\n\t\t\t\t<div class=\"elementor-element elementor-element-1d38f53c elementor-widget elementor-widget-heading\" data-id=\"1d38f53c\" data-element_type=\"widget\" data-e-type=\"widget\" data-widget_type=\"heading.default\">\n\t\t\t\t<div class=\"elementor-widget-container\">\n\t\t\t\t\t<h3 class=\"elementor-heading-title elementor-size-default\"><a href=\"https:\/\/www.portovenere.fr\/fr-fr\/carrelage-sol-et-mur-en-gres-cerame-et-faience\/carrelage-aspect-pierre\/carrelage-aspect-pierre-naturelle-brera\/\">BRERA | 8 coloris<\/a><\/h3>\t\t\t\t<\/div>\n\t\t\t\t<\/div>\n\t\t\t\t<div class=\"elementor-element elementor-element-7742fef8 elementor-widget__width-initial elementor-widget elementor-widget-gallery\" data-id=\"7742fef8\" data-element_type=\"widget\" data-e-type=\"widget\" data-settings=\"{&quot;gap&quot;:{&quot;unit&quot;:&quot;px&quot;,&quot;size&quot;:3,&quot;sizes&quot;:[]},&quot;columns_mobile&quot;:3,&quot;gap_mobile&quot;:{&quot;unit&quot;:&quot;px&quot;,&quot;size&quot;:6,&quot;sizes&quot;:[]},&quot;columns&quot;:5,&quot;columns_tablet&quot;:3,&quot;gap_tablet&quot;:{&quot;unit&quot;:&quot;px&quot;,&quot;size&quot;:5,&quot;sizes&quot;:[]},&quot;lazyload&quot;:&quot;yes&quot;,&quot;gallery_layout&quot;:&quot;grid&quot;,&quot;aspect_ratio&quot;:&quot;3:2&quot;,&quot;overlay_background&quot;:&quot;yes&quot;,&quot;content_hover_animation&quot;:&quot;fade-in&quot;}\" data-widget_type=\"gallery.default\">\n\t\t\t\t<div class=\"elementor-widget-container\">\n\t\t\t\t\t\t\t<div class=\"elementor-gallery__container\">\n\t\t\t\t\t\t\t<div class=\"e-gallery-item elementor-gallery-item elementor-animated-content\">\n\t\t\t\t\t<div class=\"e-gallery-image elementor-gallery-item__image\" data-thumbnail=\"https:\/\/www.portovenere.fr\/fr-fr\/wp-content\/uploads\/2019\/08\/Carrelage_Pierre_Contemporaine_Minimaliste_Brera_Biscuit-150x150.jpg\" data-width=\"150\" data-height=\"150\" aria-label=\"\" role=\"img\" ><\/div>\n\t\t\t\t\t\t\t\t\t\t\t<div class=\"elementor-gallery-item__overlay\"><\/div>\n\t\t\t\t\t\t\t\t\t\t\t\t\t\t<\/div>\n\t\t\t\t\t\t\t<div class=\"e-gallery-item elementor-gallery-item elementor-animated-content\">\n\t\t\t\t\t<div class=\"e-gallery-image elementor-gallery-item__image\" data-thumbnail=\"https:\/\/www.portovenere.fr\/fr-fr\/wp-content\/uploads\/2019\/08\/Carrelage_Pierre_Contemporaine_Minimaliste_Brera_Black-150x150.jpg\" data-width=\"150\" data-height=\"150\" aria-label=\"\" role=\"img\" ><\/div>\n\t\t\t\t\t\t\t\t\t\t\t<div class=\"elementor-gallery-item__overlay\"><\/div>\n\t\t\t\t\t\t\t\t\t\t\t\t\t\t<\/div>\n\t\t\t\t\t\t\t<div class=\"e-gallery-item elementor-gallery-item elementor-animated-content\">\n\t\t\t\t\t<div class=\"e-gallery-image elementor-gallery-item__image\" data-thumbnail=\"https:\/\/www.portovenere.fr\/fr-fr\/wp-content\/uploads\/2019\/08\/Carrelage_Pierre_Contemporaine_Minimaliste_Brera_White-150x150.jpg\" data-width=\"150\" data-height=\"150\" aria-label=\"\" role=\"img\" ><\/div>\n\t\t\t\t\t\t\t\t\t\t\t<div class=\"elementor-gallery-item__overlay\"><\/div>\n\t\t\t\t\t\t\t\t\t\t\t\t\t\t<\/div>\n\t\t\t\t\t\t\t<div class=\"e-gallery-item elementor-gallery-item elementor-animated-content\">\n\t\t\t\t\t<div class=\"e-gallery-image elementor-gallery-item__image\" data-thumbnail=\"https:\/\/www.portovenere.fr\/fr-fr\/wp-content\/uploads\/2019\/08\/Carrelage_Pierre_Contemporaine_Minimaliste_Brera_Greige-150x150.jpg\" data-width=\"150\" data-height=\"150\" aria-label=\"\" role=\"img\" ><\/div>\n\t\t\t\t\t\t\t\t\t\t\t<div class=\"elementor-gallery-item__overlay\"><\/div>\n\t\t\t\t\t\t\t\t\t\t\t\t\t\t<\/div>\n\t\t\t\t\t\t\t<div class=\"e-gallery-item elementor-gallery-item elementor-animated-content\">\n\t\t\t\t\t<div class=\"e-gallery-image elementor-gallery-item__image\" data-thumbnail=\"https:\/\/www.portovenere.fr\/fr-fr\/wp-content\/uploads\/2019\/08\/Carrelage_Pierre_Contemporaine_Minimaliste_Brera_Light_Grey-150x150.jpg\" data-width=\"150\" data-height=\"150\" aria-label=\"\" role=\"img\" ><\/div>\n\t\t\t\t\t\t\t\t\t\t\t<div class=\"elementor-gallery-item__overlay\"><\/div>\n\t\t\t\t\t\t\t\t\t\t\t\t\t\t<\/div>\n\t\t\t\t\t\t\t<div class=\"e-gallery-item elementor-gallery-item elementor-animated-content\">\n\t\t\t\t\t<div class=\"e-gallery-image elementor-gallery-item__image\" data-thumbnail=\"https:\/\/www.portovenere.fr\/fr-fr\/wp-content\/uploads\/2024\/10\/Carrelage-clair-sol-et-mur-effet-beton-contemporain-Brera-Ice-nombreux-formats-magasin-carrelage-haut-de-gamme-Porto-venere-proche-Lunel-34-150x150.jpg\" data-width=\"150\" data-height=\"150\" aria-label=\"\" role=\"img\" ><\/div>\n\t\t\t\t\t\t\t\t\t\t\t<div class=\"elementor-gallery-item__overlay\"><\/div>\n\t\t\t\t\t\t\t\t\t\t\t\t\t\t<\/div>\n\t\t\t\t\t\t\t<div class=\"e-gallery-item elementor-gallery-item elementor-animated-content\">\n\t\t\t\t\t<div class=\"e-gallery-image elementor-gallery-item__image\" data-thumbnail=\"https:\/\/www.portovenere.fr\/fr-fr\/wp-content\/uploads\/2019\/08\/Carrelage_Pierre_Contemporaine_Minimaliste_Brera_Dark_Grey-150x150.jpg\" data-width=\"150\" data-height=\"150\" aria-label=\"\" role=\"img\" ><\/div>\n\t\t\t\t\t\t\t\t\t\t\t<div class=\"elementor-gallery-item__overlay\"><\/div>\n\t\t\t\t\t\t\t\t\t\t\t\t\t\t<\/div>\n\t\t\t\t\t\t\t<div class=\"e-gallery-item elementor-gallery-item elementor-animated-content\">\n\t\t\t\t\t<div class=\"e-gallery-image elementor-gallery-item__image\" data-thumbnail=\"https:\/\/www.portovenere.fr\/fr-fr\/wp-content\/uploads\/2024\/10\/Carrelage-clair-beton-contemporain-Brera-Sand-nombreux-formats-magasin-carrelage-haut-de-gamme-Porto-venere-a-Montpellier-34-150x150.jpg\" data-width=\"150\" data-height=\"150\" aria-label=\"\" role=\"img\" ><\/div>\n\t\t\t\t\t\t\t\t\t\t\t<div class=\"elementor-gallery-item__overlay\"><\/div>\n\t\t\t\t\t\t\t\t\t\t\t\t\t\t<\/div>\n\t\t\t\t\t<\/div>\n\t\t\t\t\t<\/div>\n\t\t\t\t<\/div>\n\t\t\t\t<div class=\"elementor-element elementor-element-7ba5998b elementor-widget elementor-widget-text-editor\" data-id=\"7ba5998b\" data-element_type=\"widget\" data-e-type=\"widget\" data-widget_type=\"text-editor.default\">\n\t\t\t\t<div class=\"elementor-widget-container\">\n\t\t\t\t\t\t\t\t\t<p>Carrelage sol et mur aspect pierre naturelle en gr\u00e8s c\u00e9rame color\u00e9 dans la masse. Finitions disponibles : Naturel rectifi\u00e9, Soft textured, bouchard\u00e9, et antid\u00e9rapant rectifi\u00e9 pour les tours de piscines et terrasses. Une collection riche de tonalit\u00e9s, formats et d\u00e9cors.<\/p>\t\t\t\t\t\t\t\t<\/div>\n\t\t\t\t<\/div>\n\t\t\t\t<div class=\"elementor-element elementor-element-372bd2a1 elementor-mobile-align-center elementor-align-left elementor-widget elementor-widget-button\" data-id=\"372bd2a1\" data-element_type=\"widget\" data-e-type=\"widget\" data-widget_type=\"button.default\">\n\t\t\t\t<div class=\"elementor-widget-container\">\n\t\t\t\t\t\t\t\t\t<div class=\"elementor-button-wrapper\">\n\t\t\t\t\t<a class=\"elementor-button elementor-button-link elementor-size-sm\" href=\"https:\/\/www.portovenere.fr\/fr-fr\/carrelage-sol-et-mur-en-gres-cerame-et-faience\/carrelage-aspect-pierre\/carrelage-aspect-pierre-naturelle-brera\/\">\n\t\t\t\t\t\t<span class=\"elementor-button-content-wrapper\">\n\t\t\t\t\t\t\t\t\t<span class=\"elementor-button-text\">Voir la collection<\/span>\n\t\t\t\t\t<\/span>\n\t\t\t\t\t<\/a>\n\t\t\t\t<\/div>\n\t\t\t\t\t\t\t\t<\/div>\n\t\t\t\t<\/div>\n\t\t\t\t\t<\/div>\n\t\t<\/div>\n\t\t\t\t<div class=\"elementor-column elementor-col-33 elementor-top-column elementor-element elementor-element-15820f8a\" data-id=\"15820f8a\" data-element_type=\"column\" data-e-type=\"column\" data-settings=\"{&quot;background_background&quot;:&quot;classic&quot;}\">\n\t\t\t<div class=\"elementor-widget-wrap elementor-element-populated\">\n\t\t\t\t\t\t<div class=\"elementor-element elementor-element-43c44d56 elementor-widget elementor-widget-image\" data-id=\"43c44d56\" data-element_type=\"widget\" data-e-type=\"widget\" data-widget_type=\"image.default\">\n\t\t\t\t<div class=\"elementor-widget-container\">\n\t\t\t\t\t\t\t\t\t\t\t\t\t\t\t\t<a href=\"https:\/\/www.portovenere.fr\/fr-fr\/carrelage-sol-et-mur-en-gres-cerame-et-faience\/carrelage-aspect-pierre\/carrelage-effet-pierre-contemporaine-wellington\/\">\n\t\t\t\t\t\t\t<img decoding=\"async\" src=\"https:\/\/www.portovenere.fr\/fr-fr\/wp-content\/uploads\/elementor\/thumbs\/Dalle-exterieure-antiderapante-2-cm-effet-pierre-contemporaine-grise-disponible-dans-5-coloris-Wellington-Shade-60x120-cm-pres-de-La-Grande-Motte-34-r8ifusjeo4670df5rd3wyxbnkufleney6p2xf7x1u8.jpg\" title=\"Dalle-ext\u00e9rieure-antid\u00e9rapante-2-cm-effet-pierre-contemporaine-grise-disponible-dans-5-coloris-Wellington-Shade-60&#215;120-cm-pr\u00e8s-de-La-Grande-Motte-34\" alt=\"Wellington Shade\" loading=\"lazy\" \/>\t\t\t\t\t\t\t\t<\/a>\n\t\t\t\t\t\t\t\t\t\t\t\t\t\t\t<\/div>\n\t\t\t\t<\/div>\n\t\t\t\t<div class=\"elementor-element elementor-element-7ba73df9 elementor-widget elementor-widget-heading\" data-id=\"7ba73df9\" data-element_type=\"widget\" data-e-type=\"widget\" data-widget_type=\"heading.default\">\n\t\t\t\t<div class=\"elementor-widget-container\">\n\t\t\t\t\t<h3 class=\"elementor-heading-title elementor-size-default\"><a href=\"https:\/\/www.portovenere.fr\/fr-fr\/carrelage-sol-et-mur-en-gres-cerame-et-faience\/carrelage-aspect-pierre\/carrelage-effet-pierre-contemporaine-wellington\/\">WELLINGTON | 5 coloris &amp; d\u00e9cors<\/a><\/h3>\t\t\t\t<\/div>\n\t\t\t\t<\/div>\n\t\t\t\t<div class=\"elementor-element elementor-element-3acf8560 elementor-widget__width-initial elementor-widget elementor-widget-gallery\" data-id=\"3acf8560\" data-element_type=\"widget\" data-e-type=\"widget\" data-settings=\"{&quot;gap&quot;:{&quot;unit&quot;:&quot;px&quot;,&quot;size&quot;:3,&quot;sizes&quot;:[]},&quot;columns_mobile&quot;:3,&quot;gap_mobile&quot;:{&quot;unit&quot;:&quot;px&quot;,&quot;size&quot;:6,&quot;sizes&quot;:[]},&quot;columns&quot;:5,&quot;columns_tablet&quot;:3,&quot;gap_tablet&quot;:{&quot;unit&quot;:&quot;px&quot;,&quot;size&quot;:5,&quot;sizes&quot;:[]},&quot;lazyload&quot;:&quot;yes&quot;,&quot;gallery_layout&quot;:&quot;grid&quot;,&quot;aspect_ratio&quot;:&quot;3:2&quot;,&quot;overlay_background&quot;:&quot;yes&quot;,&quot;content_hover_animation&quot;:&quot;fade-in&quot;}\" data-widget_type=\"gallery.default\">\n\t\t\t\t<div class=\"elementor-widget-container\">\n\t\t\t\t\t\t\t<div class=\"elementor-gallery__container\">\n\t\t\t\t\t\t\t<div class=\"e-gallery-item elementor-gallery-item elementor-animated-content\">\n\t\t\t\t\t<div class=\"e-gallery-image elementor-gallery-item__image\" data-thumbnail=\"https:\/\/www.portovenere.fr\/fr-fr\/wp-content\/uploads\/2024\/12\/Carrelage-clair-effet-pierre-foncee-contemporaine-design-naturel-Wellington-Brave-60x120-cm-magasin-carrelage-haut-de-gamme-et-qualite-pres-de-Mauguio-34-150x150.jpg\" data-width=\"150\" data-height=\"150\" aria-label=\"\" role=\"img\" ><\/div>\n\t\t\t\t\t\t\t\t\t\t\t<div class=\"elementor-gallery-item__overlay\"><\/div>\n\t\t\t\t\t\t\t\t\t\t\t\t\t\t<\/div>\n\t\t\t\t\t\t\t<div class=\"e-gallery-item elementor-gallery-item elementor-animated-content\">\n\t\t\t\t\t<div class=\"e-gallery-image elementor-gallery-item__image\" data-thumbnail=\"https:\/\/www.portovenere.fr\/fr-fr\/wp-content\/uploads\/2024\/12\/Carrelage-clair-effet-pierre-contemporaine-design-Wellington-Sleet-sable-60x120-cm-magasin-carrelage-haut-de-gamme-et-qualite-proche-de-Sete-34-150x150.jpg\" data-width=\"150\" data-height=\"150\" aria-label=\"\" role=\"img\" ><\/div>\n\t\t\t\t\t\t\t\t\t\t\t<div class=\"elementor-gallery-item__overlay\"><\/div>\n\t\t\t\t\t\t\t\t\t\t\t\t\t\t<\/div>\n\t\t\t\t\t\t\t<div class=\"e-gallery-item elementor-gallery-item elementor-animated-content\">\n\t\t\t\t\t<div class=\"e-gallery-image elementor-gallery-item__image\" data-thumbnail=\"https:\/\/www.portovenere.fr\/fr-fr\/wp-content\/uploads\/2024\/12\/Carrelage-clair-effet-pierre-contemporaine-design-Wellington-Shade-60x120-cm-magasin-carrelage-haut-de-gamme-et-qualite-pres-de-Palavas-34-150x150.jpg\" data-width=\"150\" data-height=\"150\" aria-label=\"\" role=\"img\" ><\/div>\n\t\t\t\t\t\t\t\t\t\t\t<div class=\"elementor-gallery-item__overlay\"><\/div>\n\t\t\t\t\t\t\t\t\t\t\t\t\t\t<\/div>\n\t\t\t\t\t\t\t<div class=\"e-gallery-item elementor-gallery-item elementor-animated-content\">\n\t\t\t\t\t<div class=\"e-gallery-image elementor-gallery-item__image\" data-thumbnail=\"https:\/\/www.portovenere.fr\/fr-fr\/wp-content\/uploads\/2024\/12\/Carrelage-clair-effet-pierre-contemporaine-design-Wellington-Bright-60x120-cm-magasin-carrelage-haut-de-gamme-et-qualite-a-Montpellier-34-150x150.jpg\" data-width=\"150\" data-height=\"150\" aria-label=\"\" role=\"img\" ><\/div>\n\t\t\t\t\t\t\t\t\t\t\t<div class=\"elementor-gallery-item__overlay\"><\/div>\n\t\t\t\t\t\t\t\t\t\t\t\t\t\t<\/div>\n\t\t\t\t\t\t\t<div class=\"e-gallery-item elementor-gallery-item elementor-animated-content\">\n\t\t\t\t\t<div class=\"e-gallery-image elementor-gallery-item__image\" data-thumbnail=\"https:\/\/www.portovenere.fr\/fr-fr\/wp-content\/uploads\/2024\/12\/Carrelage-clair-effet-pierre-contemporaine-design-naturel-Wellington-Dunes-60x120-cm-magasin-carrelage-haut-de-gamme-et-qualite-pres-de-Castries-34-150x150.jpg\" data-width=\"150\" data-height=\"150\" aria-label=\"\" role=\"img\" ><\/div>\n\t\t\t\t\t\t\t\t\t\t\t<div class=\"elementor-gallery-item__overlay\"><\/div>\n\t\t\t\t\t\t\t\t\t\t\t\t\t\t<\/div>\n\t\t\t\t\t\t\t<div class=\"e-gallery-item elementor-gallery-item elementor-animated-content\">\n\t\t\t\t\t<div class=\"e-gallery-image elementor-gallery-item__image\" data-thumbnail=\"https:\/\/www.portovenere.fr\/fr-fr\/wp-content\/uploads\/2024\/12\/Carrelage-credence-mosaique-sol-mur-30x30-cm-effet-pierre-contemporaine-Wellington-5-coloris-pres-de-Pezenas-34-150x150.jpg\" data-width=\"150\" data-height=\"150\" aria-label=\"\" role=\"img\" ><\/div>\n\t\t\t\t\t\t\t\t\t\t\t<div class=\"elementor-gallery-item__overlay\"><\/div>\n\t\t\t\t\t\t\t\t\t\t\t\t\t\t<\/div>\n\t\t\t\t\t\t\t<div class=\"e-gallery-item elementor-gallery-item elementor-animated-content\">\n\t\t\t\t\t<div class=\"e-gallery-image elementor-gallery-item__image\" data-thumbnail=\"https:\/\/www.portovenere.fr\/fr-fr\/wp-content\/uploads\/2024\/12\/Carrelage-credence-mosaique-hexagonale-26x30-cm-effet-pierre-contemporaine-Wellington-5-coloris-pres-de-Mauguio-34-150x150.jpg\" data-width=\"150\" data-height=\"150\" aria-label=\"\" role=\"img\" ><\/div>\n\t\t\t\t\t\t\t\t\t\t\t<div class=\"elementor-gallery-item__overlay\"><\/div>\n\t\t\t\t\t\t\t\t\t\t\t\t\t\t<\/div>\n\t\t\t\t\t<\/div>\n\t\t\t\t\t<\/div>\n\t\t\t\t<\/div>\n\t\t\t\t<div class=\"elementor-element elementor-element-2d297bdd elementor-widget elementor-widget-text-editor\" data-id=\"2d297bdd\" data-element_type=\"widget\" data-e-type=\"widget\" data-widget_type=\"text-editor.default\">\n\t\t\t\t<div class=\"elementor-widget-container\">\n\t\t\t\t\t\t\t\t\t<p>La collection de carrelage effe<b>t pierre contemporaine Wellington<\/b> est un rev\u00eatement <b>pour sol et mur en gr\u00e8s c\u00e9rame color\u00e9 dans la <\/b>masse de belle qualit\u00e9.\u00a0<\/p><p>Ce carrelage est d\u00e9clin\u00e9 dans<b> 5\u00a0teintes<\/b>\u00a0naturelles des tons clairs aux plus fonc\u00e9s : Bright (clair), Sleet (cr\u00e8me\/sable), Dunes (beige\/sable), Shade (gris), Brave (gris anthracite).\u00a0<\/p><p>Propos\u00e9e dans 7<b>\u00a0formats<\/b>\u00a0et <b>3\u00a0<\/b><span style=\"font-weight: bold;\">\u00e9paisseurs (6 mm, 9 mm et 20 mm) :\u00a0<\/span><b>120 x 120 cm,<\/b>\u00a0<b>6<\/b><span style=\"font-weight: bold;\">0 x 120 cm, 60 x 60 cm, 30 x 60 cm, 80 x 160 cm\u00a0<\/span><b>et dans un maxi format\u00a0 120 x 280 cm en fine \u00e9paisseur de 6 mm, <\/b>cette collection de gr\u00e8s c\u00e9rame sublimera vos sols et vos murs en int\u00e9rieur et\/ou ext\u00e9rieur.<\/p><p>Une<b> finition naturelle<\/b>, une finition<b> sabl\u00e9e antid\u00e9rapante <\/b>et finition <b>antid\u00e9rapante<\/b> 20mm sont propos\u00e9es pour la collection Wellington.\u00a0<\/p><p><span style=\"font-weight: bold;\">Une mosa\u00efque carr\u00e9e 30&#215;30 cm, une mosa\u00efque hexagonale 26x30cm,<\/span>\u00a0ainsi que<b> 2 Muretto parement<\/b> compl\u00e8tent cette collection de gr\u00e8s c\u00e9rame effet pierre.<\/p>\t\t\t\t\t\t\t\t<\/div>\n\t\t\t\t<\/div>\n\t\t\t\t<div class=\"elementor-element elementor-element-58985373 elementor-mobile-align-center elementor-align-left elementor-widget elementor-widget-button\" data-id=\"58985373\" data-element_type=\"widget\" data-e-type=\"widget\" data-widget_type=\"button.default\">\n\t\t\t\t<div class=\"elementor-widget-container\">\n\t\t\t\t\t\t\t\t\t<div class=\"elementor-button-wrapper\">\n\t\t\t\t\t<a class=\"elementor-button elementor-button-link elementor-size-sm\" href=\"https:\/\/www.portovenere.fr\/fr-fr\/carrelage-sol-et-mur-en-gres-cerame-et-faience\/carrelage-aspect-pierre\/carrelage-effet-pierre-contemporaine-wellington\/\">\n\t\t\t\t\t\t<span class=\"elementor-button-content-wrapper\">\n\t\t\t\t\t\t\t\t\t<span class=\"elementor-button-text\">Voir la collection<\/span>\n\t\t\t\t\t<\/span>\n\t\t\t\t\t<\/a>\n\t\t\t\t<\/div>\n\t\t\t\t\t\t\t\t<\/div>\n\t\t\t\t<\/div>\n\t\t\t\t\t<\/div>\n\t\t<\/div>\n\t\t\t\t<div class=\"elementor-column elementor-col-33 elementor-top-column elementor-element elementor-element-85358ef\" data-id=\"85358ef\" data-element_type=\"column\" data-e-type=\"column\" data-settings=\"{&quot;background_background&quot;:&quot;classic&quot;}\">\n\t\t\t<div class=\"elementor-widget-wrap elementor-element-populated\">\n\t\t\t\t\t\t<div class=\"elementor-element elementor-element-684a17 elementor-widget elementor-widget-image\" data-id=\"684a17\" data-element_type=\"widget\" data-e-type=\"widget\" data-widget_type=\"image.default\">\n\t\t\t\t<div class=\"elementor-widget-container\">\n\t\t\t\t\t\t\t\t\t\t\t\t\t\t\t\t<a href=\"https:\/\/www.portovenere.fr\/fr-fr\/carrelage-sol-et-mur-en-gres-cerame-et-faience\/carrelage-aspect-pierre\/carrelage-effet-pierre-interieur-exterieur-caminarem\/\">\n\t\t\t\t\t\t\t<img decoding=\"async\" src=\"https:\/\/www.portovenere.fr\/fr-fr\/wp-content\/uploads\/elementor\/thumbs\/Carrelage-effet-pierre-en-pose-Opus-mix-formats-pour-interieur-et-exterieur-CAMINAREM-Ash-gris-magasin-Porto-Venere-pres-de-Marseillan-34-re9jlzt2w8x9pj558ltqt2rs7eg9zt232lw8rd784g.jpg\" title=\"Carrelage-effet-pierre-en-pose-Opus-mix-formats-pour-int\u00e9rieur-et-ext\u00e9rieur-CAMINAREM-Ash-gris-magasin-Porto-Venere-pr\u00e8s-de-Marseillan-34\" alt=\"Carrelage effet pierre en dalles antid\u00e9rapantes pour l&#039;ext\u00e9rieur - magasin Porto Venere \u00e0 Montpellier 34\" loading=\"lazy\" \/>\t\t\t\t\t\t\t\t<\/a>\n\t\t\t\t\t\t\t\t\t\t\t\t\t\t\t<\/div>\n\t\t\t\t<\/div>\n\t\t\t\t<div class=\"elementor-element elementor-element-2fcc998f elementor-widget elementor-widget-heading\" data-id=\"2fcc998f\" data-element_type=\"widget\" data-e-type=\"widget\" data-widget_type=\"heading.default\">\n\t\t\t\t<div class=\"elementor-widget-container\">\n\t\t\t\t\t<h3 class=\"elementor-heading-title elementor-size-default\"><a href=\"https:\/\/www.portovenere.fr\/fr-fr\/carrelage-sol-et-mur-en-gres-cerame-et-faience\/carrelage-aspect-pierre\/carrelage-effet-pierre-interieur-exterieur-caminarem\/\">CAMINAREM | 4 coloris<\/a><\/h3>\t\t\t\t<\/div>\n\t\t\t\t<\/div>\n\t\t\t\t<div class=\"elementor-element elementor-element-4d6ca549 elementor-widget__width-initial elementor-widget elementor-widget-gallery\" data-id=\"4d6ca549\" data-element_type=\"widget\" data-e-type=\"widget\" data-settings=\"{&quot;gap&quot;:{&quot;unit&quot;:&quot;px&quot;,&quot;size&quot;:3,&quot;sizes&quot;:[]},&quot;columns_mobile&quot;:3,&quot;gap_mobile&quot;:{&quot;unit&quot;:&quot;px&quot;,&quot;size&quot;:6,&quot;sizes&quot;:[]},&quot;columns&quot;:5,&quot;columns_tablet&quot;:3,&quot;gap_tablet&quot;:{&quot;unit&quot;:&quot;px&quot;,&quot;size&quot;:5,&quot;sizes&quot;:[]},&quot;lazyload&quot;:&quot;yes&quot;,&quot;gallery_layout&quot;:&quot;grid&quot;,&quot;aspect_ratio&quot;:&quot;3:2&quot;,&quot;overlay_background&quot;:&quot;yes&quot;,&quot;content_hover_animation&quot;:&quot;fade-in&quot;}\" data-widget_type=\"gallery.default\">\n\t\t\t\t<div class=\"elementor-widget-container\">\n\t\t\t\t\t\t\t<div class=\"elementor-gallery__container\">\n\t\t\t\t\t\t\t<div class=\"e-gallery-item elementor-gallery-item elementor-animated-content\">\n\t\t\t\t\t<div class=\"e-gallery-image elementor-gallery-item__image\" data-thumbnail=\"https:\/\/www.portovenere.fr\/fr-fr\/wp-content\/uploads\/2025\/11\/Carrelage-effet-pierre-naturelle-mix-formats-pour-interieur-et-exterieur-CAMINAREM-Mud-greige-magasin-Porto-Venere-pres-de-Baillargues-34-150x150.jpg\" data-width=\"150\" data-height=\"150\" aria-label=\"\" role=\"img\" ><\/div>\n\t\t\t\t\t\t\t\t\t\t\t<div class=\"elementor-gallery-item__overlay\"><\/div>\n\t\t\t\t\t\t\t\t\t\t\t\t\t\t<\/div>\n\t\t\t\t\t\t\t<div class=\"e-gallery-item elementor-gallery-item elementor-animated-content\">\n\t\t\t\t\t<div class=\"e-gallery-image elementor-gallery-item__image\" data-thumbnail=\"https:\/\/www.portovenere.fr\/fr-fr\/wp-content\/uploads\/2025\/11\/Carrelage-effet-pierre-naturelle-mix-formats-pour-interieur-et-exterieur-CAMINAREM-Light-sable-clair-magasin-Porto-Venere-pres-de-Clapiers-34-150x150.jpg\" data-width=\"150\" data-height=\"150\" aria-label=\"Carrelage effet pierre pour sols et murs en int\u00e9rieur et ext\u00e9rieur CAMINAREM magasin carrelage Porto Venere \u00e0 Montpellier\" role=\"img\" ><\/div>\n\t\t\t\t\t\t\t\t\t\t\t<div class=\"elementor-gallery-item__overlay\"><\/div>\n\t\t\t\t\t\t\t\t\t\t\t\t\t\t<\/div>\n\t\t\t\t\t\t\t<div class=\"e-gallery-item elementor-gallery-item elementor-animated-content\">\n\t\t\t\t\t<div class=\"e-gallery-image elementor-gallery-item__image\" data-thumbnail=\"https:\/\/www.portovenere.fr\/fr-fr\/wp-content\/uploads\/2025\/11\/Carrelage-effet-pierre-naturelle-mix-formats-pour-interieur-et-exterieur-CAMINAREM-Golden-beige-magasin-Porto-Venere-pres-de-Perols-34-150x150.jpg\" data-width=\"150\" data-height=\"150\" aria-label=\"Carrelage effet pierre pour sols et murs en int\u00e9rieur et ext\u00e9rieur CAMINAREM magasin carrelage Porto Venere \u00e0 Montpellier\" role=\"img\" ><\/div>\n\t\t\t\t\t\t\t\t\t\t\t<div class=\"elementor-gallery-item__overlay\"><\/div>\n\t\t\t\t\t\t\t\t\t\t\t\t\t\t<\/div>\n\t\t\t\t\t\t\t<div class=\"e-gallery-item elementor-gallery-item elementor-animated-content\">\n\t\t\t\t\t<div class=\"e-gallery-image elementor-gallery-item__image\" data-thumbnail=\"https:\/\/www.portovenere.fr\/fr-fr\/wp-content\/uploads\/2025\/11\/Carrelage-effet-pierre-naturelle-mix-formats-pour-interieur-et-exterieur-CAMINAREM-Ash-gris-magasin-Porto-Venere-pres-de-Juvignac-34-150x150.jpg\" data-width=\"150\" data-height=\"150\" aria-label=\"Carrelage effet pierre pour sols et murs en int\u00e9rieur et ext\u00e9rieur CAMINAREM magasin carrelage Porto Venere \u00e0 Montpellier\" role=\"img\" ><\/div>\n\t\t\t\t\t\t\t\t\t\t\t<div class=\"elementor-gallery-item__overlay\"><\/div>\n\t\t\t\t\t\t\t\t\t\t\t\t\t\t<\/div>\n\t\t\t\t\t<\/div>\n\t\t\t\t\t<\/div>\n\t\t\t\t<\/div>\n\t\t\t\t<div class=\"elementor-element elementor-element-23e1de4a elementor-widget elementor-widget-text-editor\" data-id=\"23e1de4a\" data-element_type=\"widget\" data-e-type=\"widget\" data-widget_type=\"text-editor.default\">\n\t\t\t\t<div class=\"elementor-widget-container\">\n\t\t\t\t\t\t\t\t\t<p data-start=\"74\" data-end=\"212\">Apportez l\u2019\u00e9l\u00e9gance min\u00e9rale de la pierre naturelle \u00e0 vos sols et murs avec <strong data-start=\"2136\" data-end=\"2149\">CAMINAREM<\/strong>. D\u00e9clin\u00e9e en 4 coloris\u00a0<strong data-start=\"2163\" data-end=\"2192\">Mud, Golden, Ash et Light<\/strong>, cette collection de gr\u00e8s c\u00e9rame s\u2019adapte \u00e0 tous les styles.\u00a0<\/p><p data-start=\"74\" data-end=\"212\">Formats <strong data-start=\"2262\" data-end=\"2317\">30\u00d760, 60\u00d760, 60\u00d790, 60\u00d7120 cm (\u00e9p 9.5mm) et 100\u00d7100 cm en 8,5 mm<\/strong>, avec pose possible en <strong data-start=\"2341\" data-end=\"2349\">OPUS<\/strong>, et dalles ext\u00e9rieures en 20 mm. Finitions mate\/naturelle, Wax (cir\u00e9) ou antid\u00e9rapante R11.\u00a0<\/p><p data-start=\"74\" data-end=\"212\">Convient aux <strong data-start=\"2454\" data-end=\"2482\">int\u00e9rieurs et ext\u00e9rieurs<\/strong>, sols et murs. Polyvalente, r\u00e9sistante et facile \u00e0 entretenir, CAMINAREM sublime vos espaces avec l\u2019authenticit\u00e9 de la pierre et la modernit\u00e9 du gr\u00e8s c\u00e9rame.<\/p>\t\t\t\t\t\t\t\t<\/div>\n\t\t\t\t<\/div>\n\t\t\t\t<div class=\"elementor-element elementor-element-6b38cb26 elementor-mobile-align-center elementor-align-left elementor-widget elementor-widget-button\" data-id=\"6b38cb26\" data-element_type=\"widget\" data-e-type=\"widget\" data-widget_type=\"button.default\">\n\t\t\t\t<div class=\"elementor-widget-container\">\n\t\t\t\t\t\t\t\t\t<div class=\"elementor-button-wrapper\">\n\t\t\t\t\t<a class=\"elementor-button elementor-button-link elementor-size-sm\" href=\"https:\/\/www.portovenere.fr\/fr-fr\/carrelage-sol-et-mur-en-gres-cerame-et-faience\/carrelage-aspect-pierre\/carrelage-effet-pierre-interieur-exterieur-caminarem\/\">\n\t\t\t\t\t\t<span class=\"elementor-button-content-wrapper\">\n\t\t\t\t\t\t\t\t\t<span class=\"elementor-button-text\">Voir la collection<\/span>\n\t\t\t\t\t<\/span>\n\t\t\t\t\t<\/a>\n\t\t\t\t<\/div>\n\t\t\t\t\t\t\t\t<\/div>\n\t\t\t\t<\/div>\n\t\t\t\t\t<\/div>\n\t\t<\/div>\n\t\t\t\t\t<\/div>\n\t\t<\/section>\n\t\t\t\t<section class=\"elementor-section elementor-top-section elementor-element elementor-element-686322c3 elementor-section-full_width elementor-section-height-default elementor-section-height-default elementor-invisible\" data-id=\"686322c3\" data-element_type=\"section\" data-e-type=\"section\" data-settings=\"{&quot;animation&quot;:&quot;fadeIn&quot;}\">\n\t\t\t\t\t\t<div class=\"elementor-container elementor-column-gap-default\">\n\t\t\t\t\t<div class=\"elementor-column elementor-col-33 elementor-top-column elementor-element elementor-element-596802c0 elementor-invisible\" data-id=\"596802c0\" data-element_type=\"column\" data-e-type=\"column\" data-settings=\"{&quot;animation&quot;:&quot;fadeIn&quot;,&quot;background_background&quot;:&quot;classic&quot;}\">\n\t\t\t<div class=\"elementor-widget-wrap elementor-element-populated\">\n\t\t\t\t\t\t<div class=\"elementor-element elementor-element-5a55def2 elementor-widget elementor-widget-image\" data-id=\"5a55def2\" data-element_type=\"widget\" data-e-type=\"widget\" data-widget_type=\"image.default\">\n\t\t\t\t<div class=\"elementor-widget-container\">\n\t\t\t\t\t\t\t\t\t\t\t\t\t\t\t\t<a href=\"https:\/\/www.portovenere.fr\/fr-fr\/carrelage-sol-et-mur-en-gres-cerame-et-faience\/carrelage-aspect-pierre\/carrelage-pierre-interieur-et-exterieur-nyonca\/\">\n\t\t\t\t\t\t\t<img decoding=\"async\" src=\"https:\/\/www.portovenere.fr\/fr-fr\/wp-content\/uploads\/elementor\/thumbs\/Carrelage-pierre-exterieur-interieur-design-contemporain-et-de-qualite-Nyonca-gris-magasin-Porto-Venere-a-Montpellier-34-r8ifx2bd6p9zyasawtscd2q95wmh6ufsukgpo1x21i.jpg\" title=\"Carrelage-pierre-exterieur-interieur-design-contemporain-et-de-qualit\u00e9-Nyonca-gris-magasin-Porto-Venere-\u00e0-Montpellier-34\" alt=\"Carrelage gris terrasse et int\u00e9rieur disponible dans plusieurs formats et coloris.\" loading=\"lazy\" \/>\t\t\t\t\t\t\t\t<\/a>\n\t\t\t\t\t\t\t\t\t\t\t\t\t\t\t<\/div>\n\t\t\t\t<\/div>\n\t\t\t\t<section class=\"elementor-section elementor-inner-section elementor-element elementor-element-dae12d9 elementor-section-boxed elementor-section-height-default elementor-section-height-default elementor-invisible\" data-id=\"dae12d9\" data-element_type=\"section\" data-e-type=\"section\" data-settings=\"{&quot;background_background&quot;:&quot;classic&quot;,&quot;animation&quot;:&quot;fadeIn&quot;}\">\n\t\t\t\t\t\t<div class=\"elementor-container elementor-column-gap-default\">\n\t\t\t\t\t<div class=\"elementor-column elementor-col-100 elementor-inner-column elementor-element elementor-element-337c9409\" data-id=\"337c9409\" data-element_type=\"column\" data-e-type=\"column\">\n\t\t\t<div class=\"elementor-widget-wrap elementor-element-populated\">\n\t\t\t\t\t\t<div class=\"elementor-element elementor-element-30630b4c elementor-widget elementor-widget-heading\" data-id=\"30630b4c\" data-element_type=\"widget\" data-e-type=\"widget\" data-widget_type=\"heading.default\">\n\t\t\t\t<div class=\"elementor-widget-container\">\n\t\t\t\t\t<h3 class=\"elementor-heading-title elementor-size-default\"><a href=\"https:\/\/www.portovenere.fr\/fr-fr\/carrelage-sol-et-mur-en-gres-cerame-et-faience\/carrelage-aspect-pierre\/carrelage-pierre-interieur-et-exterieur-nyonca\/\">NYONCA | 4 coloris<\/a><\/h3>\t\t\t\t<\/div>\n\t\t\t\t<\/div>\n\t\t\t\t<div class=\"elementor-element elementor-element-3c4e7e61 elementor-widget__width-initial elementor-widget elementor-widget-gallery\" data-id=\"3c4e7e61\" data-element_type=\"widget\" data-e-type=\"widget\" data-settings=\"{&quot;gap&quot;:{&quot;unit&quot;:&quot;px&quot;,&quot;size&quot;:3,&quot;sizes&quot;:[]},&quot;columns_mobile&quot;:3,&quot;gap_mobile&quot;:{&quot;unit&quot;:&quot;px&quot;,&quot;size&quot;:6,&quot;sizes&quot;:[]},&quot;columns&quot;:5,&quot;columns_tablet&quot;:3,&quot;gap_tablet&quot;:{&quot;unit&quot;:&quot;px&quot;,&quot;size&quot;:5,&quot;sizes&quot;:[]},&quot;lazyload&quot;:&quot;yes&quot;,&quot;gallery_layout&quot;:&quot;grid&quot;,&quot;aspect_ratio&quot;:&quot;3:2&quot;,&quot;overlay_background&quot;:&quot;yes&quot;,&quot;content_hover_animation&quot;:&quot;fade-in&quot;}\" data-widget_type=\"gallery.default\">\n\t\t\t\t<div class=\"elementor-widget-container\">\n\t\t\t\t\t\t\t<div class=\"elementor-gallery__container\">\n\t\t\t\t\t\t\t<div class=\"e-gallery-item elementor-gallery-item elementor-animated-content\">\n\t\t\t\t\t<div class=\"e-gallery-image elementor-gallery-item__image\" data-thumbnail=\"https:\/\/www.portovenere.fr\/fr-fr\/wp-content\/uploads\/2025\/03\/Carrelage-gris-effet-pierre-exterieur-interieur-design-contemporain-et-de-qualite-Nyonca-magasin-Porto-Venere-Montpellier-pres-de-Mauguio-34-150x150.jpg\" data-width=\"150\" data-height=\"150\" aria-label=\"\" role=\"img\" ><\/div>\n\t\t\t\t\t\t\t\t\t\t\t<div class=\"elementor-gallery-item__overlay\"><\/div>\n\t\t\t\t\t\t\t\t\t\t\t\t\t\t<\/div>\n\t\t\t\t\t\t\t<div class=\"e-gallery-item elementor-gallery-item elementor-animated-content\">\n\t\t\t\t\t<div class=\"e-gallery-image elementor-gallery-item__image\" data-thumbnail=\"https:\/\/www.portovenere.fr\/fr-fr\/wp-content\/uploads\/2025\/03\/Carrelage-Ivoire-effet-pierre-exterieur-interieur-design-contemporain-et-de-qualite-Nyonca-magasin-Porto-Venere-Montpellier-pres-de-Perols-34-150x150.jpg\" data-width=\"150\" data-height=\"150\" aria-label=\"\" role=\"img\" ><\/div>\n\t\t\t\t\t\t\t\t\t\t\t<div class=\"elementor-gallery-item__overlay\"><\/div>\n\t\t\t\t\t\t\t\t\t\t\t\t\t\t<\/div>\n\t\t\t\t\t\t\t<div class=\"e-gallery-item elementor-gallery-item elementor-animated-content\">\n\t\t\t\t\t<div class=\"e-gallery-image elementor-gallery-item__image\" data-thumbnail=\"https:\/\/www.portovenere.fr\/fr-fr\/wp-content\/uploads\/2025\/03\/Carrelage-noir-effet-pierre-exterieur-interieur-design-contemporain-et-de-qualite-Nyonca-magasin-Porto-Venere-Montpellier-pres-de-Sete-34-150x150.jpg\" data-width=\"150\" data-height=\"150\" aria-label=\"\" role=\"img\" ><\/div>\n\t\t\t\t\t\t\t\t\t\t\t<div class=\"elementor-gallery-item__overlay\"><\/div>\n\t\t\t\t\t\t\t\t\t\t\t\t\t\t<\/div>\n\t\t\t\t\t\t\t<div class=\"e-gallery-item elementor-gallery-item elementor-animated-content\">\n\t\t\t\t\t<div class=\"e-gallery-image elementor-gallery-item__image\" data-thumbnail=\"https:\/\/www.portovenere.fr\/fr-fr\/wp-content\/uploads\/2025\/03\/Carrelage-marron-beige-effet-pierre-exterieur-interieur-design-contemporain-et-de-qualite-Nyonca-magasin-Porto-Venere-Montpellier-pres-de-Palavas-34-150x150.jpg\" data-width=\"150\" data-height=\"150\" aria-label=\"\" role=\"img\" ><\/div>\n\t\t\t\t\t\t\t\t\t\t\t<div class=\"elementor-gallery-item__overlay\"><\/div>\n\t\t\t\t\t\t\t\t\t\t\t\t\t\t<\/div>\n\t\t\t\t\t\t\t<div class=\"e-gallery-item elementor-gallery-item elementor-animated-content\">\n\t\t\t\t\t<div class=\"e-gallery-image elementor-gallery-item__image\" data-thumbnail=\"https:\/\/www.portovenere.fr\/fr-fr\/wp-content\/uploads\/2025\/03\/Credence-carrelage-mosaique-hexagonale-effet-pierre-brown-Nyonca-magasin-de-carrelages-faiences-de-qualite-a-Montpellier-Herault-34--150x150.jpg\" data-width=\"150\" data-height=\"150\" aria-label=\"\" role=\"img\" ><\/div>\n\t\t\t\t\t\t\t\t\t\t\t<div class=\"elementor-gallery-item__overlay\"><\/div>\n\t\t\t\t\t\t\t\t\t\t\t\t\t\t<\/div>\n\t\t\t\t\t\t\t<div class=\"e-gallery-item elementor-gallery-item elementor-animated-content\">\n\t\t\t\t\t<div class=\"e-gallery-image elementor-gallery-item__image\" data-thumbnail=\"https:\/\/www.portovenere.fr\/fr-fr\/wp-content\/uploads\/2025\/03\/Credence-carrelage-mosaique-intreccio-effet-pierre-ivoire-Nyonca-magasin-de-carrelages-faiences-de-qualite-a-Montpellier-Herault-34--150x150.jpg\" data-width=\"150\" data-height=\"150\" aria-label=\"\" role=\"img\" ><\/div>\n\t\t\t\t\t\t\t\t\t\t\t<div class=\"elementor-gallery-item__overlay\"><\/div>\n\t\t\t\t\t\t\t\t\t\t\t\t\t\t<\/div>\n\t\t\t\t\t<\/div>\n\t\t\t\t\t<\/div>\n\t\t\t\t<\/div>\n\t\t\t\t<div class=\"elementor-element elementor-element-24e5ad0f elementor-widget elementor-widget-text-editor\" data-id=\"24e5ad0f\" data-element_type=\"widget\" data-e-type=\"widget\" data-widget_type=\"text-editor.default\">\n\t\t\t\t<div class=\"elementor-widget-container\">\n\t\t\t\t\t\t\t\t\t<p data-sourcepos=\"5:1-5:46\">Le carrelage pierre<b>&nbsp;int\u00e9rieur et ext\u00e9rieur&nbsp;<\/b>Nyonca reprend l&rsquo;effet de la pierre naturelle \u00e0 travers<b>&nbsp;4 coloris : Ivoire, Marron, Gris et Noir.&nbsp;<\/b><\/p>\n<p data-sourcepos=\"5:1-5:46\">Ce&nbsp;<b>gr\u00e8s c\u00e9rame<\/b>&nbsp;\u00e9maill\u00e9&nbsp;<b>color\u00e9 dans la masse<\/b>&nbsp;vous offre le choix parmi les formats suivants pour vos&nbsp;<b>sols et murs<\/b>&nbsp;:&nbsp;<b>30&#215;60 cm, 60&#215;60 cm , 60&#215;120 cm<\/b>, <b>120&#215;120 cm<\/b> et un<b>&nbsp;format hexagonal<\/b>&nbsp;de 24 x 27,7 cm.<\/p>\n<p data-sourcepos=\"5:1-5:46\">Vous pourrez assurer une&nbsp;<b>continuit\u00e9 de vos espaces de vie vers l&rsquo;ext\u00e9rieur<\/b>&nbsp;gr\u00e2ce \u00e0 la&nbsp;<b>finition antid\u00e9rapante<\/b>&nbsp;disponible.&nbsp;<\/p>\n<p data-sourcepos=\"5:1-5:46\">Aussi, des&nbsp;<b>dalles 60&#215;120 cm antid\u00e9rapantes en 2cm&nbsp;<\/b>d&rsquo;\u00e9paisseur, sont propos\u00e9es pour vos&nbsp;<b>terrasses ou tours de piscine<\/b>&nbsp;pour une pose sur plots, sur gravier, gazon ou en pose coll\u00e9e.&nbsp;<\/p>\t\t\t\t\t\t\t\t<\/div>\n\t\t\t\t<\/div>\n\t\t\t\t<div class=\"elementor-element elementor-element-5c818153 elementor-mobile-align-center elementor-widget elementor-widget-button\" data-id=\"5c818153\" data-element_type=\"widget\" data-e-type=\"widget\" data-widget_type=\"button.default\">\n\t\t\t\t<div class=\"elementor-widget-container\">\n\t\t\t\t\t\t\t\t\t<div class=\"elementor-button-wrapper\">\n\t\t\t\t\t<a class=\"elementor-button elementor-button-link elementor-size-sm\" href=\"https:\/\/www.portovenere.fr\/fr-fr\/carrelage-sol-et-mur-en-gres-cerame-et-faience\/carrelage-aspect-pierre\/carrelage-pierre-interieur-et-exterieur-nyonca\/\">\n\t\t\t\t\t\t<span class=\"elementor-button-content-wrapper\">\n\t\t\t\t\t\t\t\t\t<span class=\"elementor-button-text\">VOIR LA COLLECTION<\/span>\n\t\t\t\t\t<\/span>\n\t\t\t\t\t<\/a>\n\t\t\t\t<\/div>\n\t\t\t\t\t\t\t\t<\/div>\n\t\t\t\t<\/div>\n\t\t\t\t\t<\/div>\n\t\t<\/div>\n\t\t\t\t\t<\/div>\n\t\t<\/section>\n\t\t\t\t\t<\/div>\n\t\t<\/div>\n\t\t\t\t<div class=\"elementor-column elementor-col-33 elementor-top-column elementor-element elementor-element-67369bb2\" data-id=\"67369bb2\" data-element_type=\"column\" data-e-type=\"column\" data-settings=\"{&quot;background_background&quot;:&quot;classic&quot;}\">\n\t\t\t<div class=\"elementor-widget-wrap elementor-element-populated\">\n\t\t\t\t\t\t<div class=\"elementor-element elementor-element-40fa68c elementor-widget elementor-widget-image\" data-id=\"40fa68c\" data-element_type=\"widget\" data-e-type=\"widget\" data-widget_type=\"image.default\">\n\t\t\t\t<div class=\"elementor-widget-container\">\n\t\t\t\t\t\t\t\t\t\t\t\t\t\t\t\t<a href=\"https:\/\/www.portovenere.fr\/fr-fr\/carrelage-sol-et-mur-en-gres-cerame-et-faience\/carrelage-aspect-pierre\/carrelage-effet-pierre-naturelle-pour-exterieur-et-interieur-st-guilhem\/\">\n\t\t\t\t\t\t\t<img loading=\"lazy\" decoding=\"async\" width=\"800\" height=\"569\" src=\"https:\/\/www.portovenere.fr\/fr-fr\/wp-content\/uploads\/2020\/07\/Dalles_ext\u00e9rieures_2cm_gr\u00e8s_c\u00e9rame_aspect_pierre_naturelle_St-Guilhem_Corda_proche_de_P\u00e9rols_H\u00e9rault-e1710169196825.jpg\" class=\"attachment-large size-large wp-image-31010\" alt=\"\" srcset=\"https:\/\/www.portovenere.fr\/fr-fr\/wp-content\/uploads\/2020\/07\/Dalles_ext\u00e9rieures_2cm_gr\u00e8s_c\u00e9rame_aspect_pierre_naturelle_St-Guilhem_Corda_proche_de_P\u00e9rols_H\u00e9rault-e1710169196825.jpg 1000w, https:\/\/www.portovenere.fr\/fr-fr\/wp-content\/uploads\/2020\/07\/Dalles_ext\u00e9rieures_2cm_gr\u00e8s_c\u00e9rame_aspect_pierre_naturelle_St-Guilhem_Corda_proche_de_P\u00e9rols_H\u00e9rault-e1710169196825-300x213.jpg 300w, https:\/\/www.portovenere.fr\/fr-fr\/wp-content\/uploads\/2020\/07\/Dalles_ext\u00e9rieures_2cm_gr\u00e8s_c\u00e9rame_aspect_pierre_naturelle_St-Guilhem_Corda_proche_de_P\u00e9rols_H\u00e9rault-e1710169196825-768x546.jpg 768w\" sizes=\"(max-width: 800px) 100vw, 800px\" \/>\t\t\t\t\t\t\t\t<\/a>\n\t\t\t\t\t\t\t\t\t\t\t\t\t\t\t<\/div>\n\t\t\t\t<\/div>\n\t\t\t\t<div class=\"elementor-element elementor-element-532bf4e6 elementor-widget elementor-widget-heading\" data-id=\"532bf4e6\" data-element_type=\"widget\" data-e-type=\"widget\" data-widget_type=\"heading.default\">\n\t\t\t\t<div class=\"elementor-widget-container\">\n\t\t\t\t\t<h3 class=\"elementor-heading-title elementor-size-default\"><a href=\"https:\/\/www.portovenere.fr\/fr-fr\/carrelage-sol-et-mur-en-gres-cerame-et-faience\/carrelage-aspect-pierre\/carrelage-effet-pierre-naturelle-pour-exterieur-et-interieur-st-guilhem\/\">Dalles SAINT GUILHEM | 3 coloris<\/a><\/h3>\t\t\t\t<\/div>\n\t\t\t\t<\/div>\n\t\t\t\t<div class=\"elementor-element elementor-element-419b29ce elementor-widget__width-initial elementor-widget elementor-widget-gallery\" data-id=\"419b29ce\" data-element_type=\"widget\" data-e-type=\"widget\" data-settings=\"{&quot;gap&quot;:{&quot;unit&quot;:&quot;px&quot;,&quot;size&quot;:3,&quot;sizes&quot;:[]},&quot;columns_mobile&quot;:3,&quot;gap_mobile&quot;:{&quot;unit&quot;:&quot;px&quot;,&quot;size&quot;:6,&quot;sizes&quot;:[]},&quot;columns&quot;:5,&quot;columns_tablet&quot;:3,&quot;gap_tablet&quot;:{&quot;unit&quot;:&quot;px&quot;,&quot;size&quot;:5,&quot;sizes&quot;:[]},&quot;lazyload&quot;:&quot;yes&quot;,&quot;gallery_layout&quot;:&quot;grid&quot;,&quot;aspect_ratio&quot;:&quot;3:2&quot;,&quot;overlay_background&quot;:&quot;yes&quot;,&quot;content_hover_animation&quot;:&quot;fade-in&quot;}\" data-widget_type=\"gallery.default\">\n\t\t\t\t<div class=\"elementor-widget-container\">\n\t\t\t\t\t\t\t<div class=\"elementor-gallery__container\">\n\t\t\t\t\t\t\t<div class=\"e-gallery-item elementor-gallery-item elementor-animated-content\">\n\t\t\t\t\t<div class=\"e-gallery-image elementor-gallery-item__image\" data-thumbnail=\"https:\/\/www.portovenere.fr\/fr-fr\/wp-content\/uploads\/2020\/07\/Carrelage_gr\u00e8s_c\u00e9rame_aspect_pierre_naturelle_St-Guilhem_Sabbia_Sable_proche_de_Grabels_H\u00e9rault_34-150x150.jpg\" data-width=\"150\" data-height=\"150\" aria-label=\"\" role=\"img\" ><\/div>\n\t\t\t\t\t\t\t\t\t\t\t<div class=\"elementor-gallery-item__overlay\"><\/div>\n\t\t\t\t\t\t\t\t\t\t\t\t\t\t<\/div>\n\t\t\t\t\t\t\t<div class=\"e-gallery-item elementor-gallery-item elementor-animated-content\">\n\t\t\t\t\t<div class=\"e-gallery-image elementor-gallery-item__image\" data-thumbnail=\"https:\/\/www.portovenere.fr\/fr-fr\/wp-content\/uploads\/2020\/07\/Carrelage_gr\u00e8s_c\u00e9rame_aspect_pierre_naturelle_St-Guilhem_Corda_Corde_proche_de_Castelnau-le-Lez_H\u00e9rault_34-150x150.jpg\" data-width=\"150\" data-height=\"150\" aria-label=\"\" role=\"img\" ><\/div>\n\t\t\t\t\t\t\t\t\t\t\t<div class=\"elementor-gallery-item__overlay\"><\/div>\n\t\t\t\t\t\t\t\t\t\t\t\t\t\t<\/div>\n\t\t\t\t\t\t\t<div class=\"e-gallery-item elementor-gallery-item elementor-animated-content\">\n\t\t\t\t\t<div class=\"e-gallery-image elementor-gallery-item__image\" data-thumbnail=\"https:\/\/www.portovenere.fr\/fr-fr\/wp-content\/uploads\/2020\/07\/Carrelage_gr\u00e8s_c\u00e9rame_aspect_pierre_naturelle_St-Guilhem_Argento_\u00e0_Montpellier_H\u00e9rault_34-150x150.jpg\" data-width=\"150\" data-height=\"150\" aria-label=\"\" role=\"img\" ><\/div>\n\t\t\t\t\t\t\t\t\t\t\t<div class=\"elementor-gallery-item__overlay\"><\/div>\n\t\t\t\t\t\t\t\t\t\t\t\t\t\t<\/div>\n\t\t\t\t\t<\/div>\n\t\t\t\t\t<\/div>\n\t\t\t\t<\/div>\n\t\t\t\t<div class=\"elementor-element elementor-element-11bfeba5 elementor-widget elementor-widget-text-editor\" data-id=\"11bfeba5\" data-element_type=\"widget\" data-e-type=\"widget\" data-widget_type=\"text-editor.default\">\n\t\t\t\t<div class=\"elementor-widget-container\">\n\t\t\t\t\t\t\t\t\t<p>Sublime collection de carrelage aspect pierre naturelle en gr\u00e8s c\u00e9rame, disponible en 5 coloris dont 3 en dalles 20mm antid\u00e9rapantes pour les tours de piscines et terrasses.<\/p><p><span style=\"color: var( --e-global-color-text );\">Dalles antid\u00e9rapantes\u00a0<\/span><span style=\"color: var( --e-global-color-text ); background-color: rgba(242, 242, 242, 0);\">20mm<\/span><span style=\"color: var( --e-global-color-text ); background-color: rgba(242, 242, 242, 0);\">\u00a0 d&rsquo;\u00e9paisseur\u00a0<\/span><span style=\"color: var( --e-global-color-text ); background-color: rgba(242, 242, 242, 0);\">pour pose sur plots, sable, herbe, gravier ou \u00e0 coller : formats<b> 60x120cm ou 100 x 100 cm<\/b>.<\/span><\/p>\t\t\t\t\t\t\t\t<\/div>\n\t\t\t\t<\/div>\n\t\t\t\t<div class=\"elementor-element elementor-element-3898a87e elementor-mobile-align-center elementor-align-left elementor-widget elementor-widget-button\" data-id=\"3898a87e\" data-element_type=\"widget\" data-e-type=\"widget\" data-widget_type=\"button.default\">\n\t\t\t\t<div class=\"elementor-widget-container\">\n\t\t\t\t\t\t\t\t\t<div class=\"elementor-button-wrapper\">\n\t\t\t\t\t<a class=\"elementor-button elementor-button-link elementor-size-sm\" href=\"https:\/\/www.portovenere.fr\/fr-fr\/carrelage-sol-et-mur-en-gres-cerame-et-faience\/carrelage-aspect-pierre\/carrelage-effet-pierre-naturelle-pour-exterieur-et-interieur-st-guilhem\/\">\n\t\t\t\t\t\t<span class=\"elementor-button-content-wrapper\">\n\t\t\t\t\t\t\t\t\t<span class=\"elementor-button-text\">Voir la collection<\/span>\n\t\t\t\t\t<\/span>\n\t\t\t\t\t<\/a>\n\t\t\t\t<\/div>\n\t\t\t\t\t\t\t\t<\/div>\n\t\t\t\t<\/div>\n\t\t\t\t\t<\/div>\n\t\t<\/div>\n\t\t\t\t<div class=\"elementor-column elementor-col-33 elementor-top-column elementor-element elementor-element-11c0d37e\" data-id=\"11c0d37e\" data-element_type=\"column\" data-e-type=\"column\" data-settings=\"{&quot;background_background&quot;:&quot;classic&quot;}\">\n\t\t\t<div class=\"elementor-widget-wrap elementor-element-populated\">\n\t\t\t\t\t\t<div class=\"elementor-element elementor-element-16b0a3e7 elementor-widget elementor-widget-image\" data-id=\"16b0a3e7\" data-element_type=\"widget\" data-e-type=\"widget\" data-widget_type=\"image.default\">\n\t\t\t\t<div class=\"elementor-widget-container\">\n\t\t\t\t\t\t\t\t\t\t\t\t\t\t\t\t<a href=\"https:\/\/www.portovenere.fr\/fr-fr\/carrelage-sol-et-mur-en-gres-cerame-et-faience\/carrelage-aspect-pierre\/carrelage-pierre-ancienne-francaise-authentique-stone\/\">\n\t\t\t\t\t\t\t<img decoding=\"async\" src=\"https:\/\/www.portovenere.fr\/fr-fr\/wp-content\/uploads\/elementor\/thumbs\/Carrelage-effet-pierre-naturelle-ancienne-100x100-cm-et-60x120-cm-sol-et-mur-cuisine-Authentique-Stone-Sable-pres-de-Saint-Aunes-34-r8ifrakxa84di08i8ar4d7penm9ir15xqjgn3klh0c.jpg\" title=\"Carrelage-effet-pierre-naturelle-ancienne-100&#215;100-cm-et-60&#215;120-cm-sol-et-mur-cuisine-Authentique-Stone-Sable-pr\u00e8s-de-Saint-Aun\u00e8s-34\" alt=\"Sand 100x100 cm au sol et 60x120 cm au mur\" loading=\"lazy\" \/>\t\t\t\t\t\t\t\t<\/a>\n\t\t\t\t\t\t\t\t\t\t\t\t\t\t\t<\/div>\n\t\t\t\t<\/div>\n\t\t\t\t<div class=\"elementor-element elementor-element-600b4d96 elementor-widget elementor-widget-heading\" data-id=\"600b4d96\" data-element_type=\"widget\" data-e-type=\"widget\" data-widget_type=\"heading.default\">\n\t\t\t\t<div class=\"elementor-widget-container\">\n\t\t\t\t\t<h3 class=\"elementor-heading-title elementor-size-default\"><a href=\"https:\/\/www.portovenere.fr\/fr-fr\/carrelage-sol-et-mur-en-gres-cerame-et-faience\/carrelage-aspect-pierre\/carrelage-pierre-ancienne-francaise-authentique-stone\/\">AUTHENTIQUE STONE | 3 coloris &amp; d\u00e9cors<\/a><\/h3>\t\t\t\t<\/div>\n\t\t\t\t<\/div>\n\t\t\t\t<div class=\"elementor-element elementor-element-4d8c80f5 elementor-widget__width-initial elementor-widget elementor-widget-gallery\" data-id=\"4d8c80f5\" data-element_type=\"widget\" data-e-type=\"widget\" data-settings=\"{&quot;gap&quot;:{&quot;unit&quot;:&quot;px&quot;,&quot;size&quot;:3,&quot;sizes&quot;:[]},&quot;columns_mobile&quot;:3,&quot;gap_mobile&quot;:{&quot;unit&quot;:&quot;px&quot;,&quot;size&quot;:6,&quot;sizes&quot;:[]},&quot;columns&quot;:5,&quot;columns_tablet&quot;:3,&quot;gap_tablet&quot;:{&quot;unit&quot;:&quot;px&quot;,&quot;size&quot;:5,&quot;sizes&quot;:[]},&quot;lazyload&quot;:&quot;yes&quot;,&quot;gallery_layout&quot;:&quot;grid&quot;,&quot;aspect_ratio&quot;:&quot;3:2&quot;,&quot;overlay_background&quot;:&quot;yes&quot;,&quot;content_hover_animation&quot;:&quot;fade-in&quot;}\" data-widget_type=\"gallery.default\">\n\t\t\t\t<div class=\"elementor-widget-container\">\n\t\t\t\t\t\t\t<div class=\"elementor-gallery__container\">\n\t\t\t\t\t\t\t<div class=\"e-gallery-item elementor-gallery-item elementor-animated-content\">\n\t\t\t\t\t<div class=\"e-gallery-image elementor-gallery-item__image\" data-thumbnail=\"https:\/\/www.portovenere.fr\/fr-fr\/wp-content\/uploads\/2024\/11\/Carrelage-style-pierre-anthentique-pose-opus-100x100-cm-Authentique-Stone-sable-sand-pres-de-Agde-34-150x150.jpg\" data-width=\"150\" data-height=\"150\" aria-label=\"\" role=\"img\" ><\/div>\n\t\t\t\t\t\t\t\t\t\t\t<div class=\"elementor-gallery-item__overlay\"><\/div>\n\t\t\t\t\t\t\t\t\t\t\t\t\t\t<\/div>\n\t\t\t\t\t\t\t<div class=\"e-gallery-item elementor-gallery-item elementor-animated-content\">\n\t\t\t\t\t<div class=\"e-gallery-image elementor-gallery-item__image\" data-thumbnail=\"https:\/\/www.portovenere.fr\/fr-fr\/wp-content\/uploads\/2024\/11\/Carrelage-style-pierre-anthentique-pose-opus-100x100-cm-Authentique-Stone-Ivory-pres-de-Juvignac-34-150x150.jpg\" data-width=\"150\" data-height=\"150\" aria-label=\"\" role=\"img\" ><\/div>\n\t\t\t\t\t\t\t\t\t\t\t<div class=\"elementor-gallery-item__overlay\"><\/div>\n\t\t\t\t\t\t\t\t\t\t\t\t\t\t<\/div>\n\t\t\t\t\t\t\t<div class=\"e-gallery-item elementor-gallery-item elementor-animated-content\">\n\t\t\t\t\t<div class=\"e-gallery-image elementor-gallery-item__image\" data-thumbnail=\"https:\/\/www.portovenere.fr\/fr-fr\/wp-content\/uploads\/2024\/11\/Carrelage-style-pierre-anthentique-pose-opus-100x100-cm-Authentique-Gris-sand-pres-de-Mauguio-34-150x150.jpg\" data-width=\"150\" data-height=\"150\" aria-label=\"\" role=\"img\" ><\/div>\n\t\t\t\t\t\t\t\t\t\t\t<div class=\"elementor-gallery-item__overlay\"><\/div>\n\t\t\t\t\t\t\t\t\t\t\t\t\t\t<\/div>\n\t\t\t\t\t\t\t<div class=\"e-gallery-item elementor-gallery-item elementor-animated-content\">\n\t\t\t\t\t<div class=\"e-gallery-image elementor-gallery-item__image\" data-thumbnail=\"https:\/\/www.portovenere.fr\/fr-fr\/wp-content\/uploads\/2024\/11\/Carrelage-mural-effet-pierre-ancienne-francaise-mosaique-stripes-bandes-Authentique-Stone-Ivoire-Ivory-pres-de-Palavas-34-150x150.jpg\" data-width=\"150\" data-height=\"150\" aria-label=\"\" role=\"img\" ><\/div>\n\t\t\t\t\t\t\t\t\t\t\t<div class=\"elementor-gallery-item__overlay\"><\/div>\n\t\t\t\t\t\t\t\t\t\t\t\t\t\t<\/div>\n\t\t\t\t\t\t\t<div class=\"e-gallery-item elementor-gallery-item elementor-animated-content\">\n\t\t\t\t\t<div class=\"e-gallery-image elementor-gallery-item__image\" data-thumbnail=\"https:\/\/www.portovenere.fr\/fr-fr\/wp-content\/uploads\/2024\/11\/Carrelage-mural-effet-pierre-ancienne-francaise-mosaique-stripes-bandes-Authentique-Sand-sable-pres-de-Baillargues-34-150x150.jpg\" data-width=\"150\" data-height=\"150\" aria-label=\"\" role=\"img\" ><\/div>\n\t\t\t\t\t\t\t\t\t\t\t<div class=\"elementor-gallery-item__overlay\"><\/div>\n\t\t\t\t\t\t\t\t\t\t\t\t\t\t<\/div>\n\t\t\t\t\t\t\t<div class=\"e-gallery-item elementor-gallery-item elementor-animated-content\">\n\t\t\t\t\t<div class=\"e-gallery-image elementor-gallery-item__image\" data-thumbnail=\"https:\/\/www.portovenere.fr\/fr-fr\/wp-content\/uploads\/2024\/11\/Carrelage-mural-effet-pierre-ancienne-francaise-mosaique-stripes-bandes-Authentique-Gris-pres-de-Balaruc-34-150x150.jpg\" data-width=\"150\" data-height=\"150\" aria-label=\"\" role=\"img\" ><\/div>\n\t\t\t\t\t\t\t\t\t\t\t<div class=\"elementor-gallery-item__overlay\"><\/div>\n\t\t\t\t\t\t\t\t\t\t\t\t\t\t<\/div>\n\t\t\t\t\t\t\t<div class=\"e-gallery-item elementor-gallery-item elementor-animated-content\">\n\t\t\t\t\t<div class=\"e-gallery-image elementor-gallery-item__image\" data-thumbnail=\"https:\/\/www.portovenere.fr\/fr-fr\/wp-content\/uploads\/2024\/11\/Carrelage-haut-de-gamme-effet-pierre-ancienne-francaise-bods-droits-ou-irreguliers-coloris-sable-Authentique-Stone-Sand-a-Montpellier-34-150x150.jpg\" data-width=\"150\" data-height=\"150\" aria-label=\"\" role=\"img\" ><\/div>\n\t\t\t\t\t\t\t\t\t\t\t<div class=\"elementor-gallery-item__overlay\"><\/div>\n\t\t\t\t\t\t\t\t\t\t\t\t\t\t<\/div>\n\t\t\t\t\t\t\t<div class=\"e-gallery-item elementor-gallery-item elementor-animated-content\">\n\t\t\t\t\t<div class=\"e-gallery-image elementor-gallery-item__image\" data-thumbnail=\"https:\/\/www.portovenere.fr\/fr-fr\/wp-content\/uploads\/2024\/11\/Carrelage-haut-de-gamme-effet-pierre-ancienne-francaise-bods-droits-ou-irreguliers-coloris-ivroire-Authentique-Stone-Ivory-pres-de-Agde-34-150x150.jpg\" data-width=\"150\" data-height=\"150\" aria-label=\"\" role=\"img\" ><\/div>\n\t\t\t\t\t\t\t\t\t\t\t<div class=\"elementor-gallery-item__overlay\"><\/div>\n\t\t\t\t\t\t\t\t\t\t\t\t\t\t<\/div>\n\t\t\t\t\t\t\t<div class=\"e-gallery-item elementor-gallery-item elementor-animated-content\">\n\t\t\t\t\t<div class=\"e-gallery-image elementor-gallery-item__image\" data-thumbnail=\"https:\/\/www.portovenere.fr\/fr-fr\/wp-content\/uploads\/2024\/11\/Carrelage-haut-de-gamme-effet-pierre-ancienne-francaise-bods-droits-ou-irreguliers-Authentique-Stone-Gris-pres-de-Perols-34-150x150.jpg\" data-width=\"150\" data-height=\"150\" aria-label=\"\" role=\"img\" ><\/div>\n\t\t\t\t\t\t\t\t\t\t\t<div class=\"elementor-gallery-item__overlay\"><\/div>\n\t\t\t\t\t\t\t\t\t\t\t\t\t\t<\/div>\n\t\t\t\t\t\t\t<div class=\"e-gallery-item elementor-gallery-item elementor-animated-content\">\n\t\t\t\t\t<div class=\"e-gallery-image elementor-gallery-item__image\" data-thumbnail=\"https:\/\/www.portovenere.fr\/fr-fr\/wp-content\/uploads\/2024\/11\/Mosaique-carrelage-effet-pierre-ancienne-francaise-bords-droits-Authentique-Stone-Ivoire-Ivory-pres-de-Beziers-34-150x150.jpg\" data-width=\"150\" data-height=\"150\" aria-label=\"\" role=\"img\" ><\/div>\n\t\t\t\t\t\t\t\t\t\t\t<div class=\"elementor-gallery-item__overlay\"><\/div>\n\t\t\t\t\t\t\t\t\t\t\t\t\t\t<\/div>\n\t\t\t\t\t\t\t<div class=\"e-gallery-item elementor-gallery-item elementor-animated-content\">\n\t\t\t\t\t<div class=\"e-gallery-image elementor-gallery-item__image\" data-thumbnail=\"https:\/\/www.portovenere.fr\/fr-fr\/wp-content\/uploads\/2024\/11\/Mosaique-carrelage-effet-pierre-ancienne-francaise-bords-droits-Authentique-Stone-Gris-Grey-pres-de-Mauguio-34-150x150.jpg\" data-width=\"150\" data-height=\"150\" aria-label=\"\" role=\"img\" ><\/div>\n\t\t\t\t\t\t\t\t\t\t\t<div class=\"elementor-gallery-item__overlay\"><\/div>\n\t\t\t\t\t\t\t\t\t\t\t\t\t\t<\/div>\n\t\t\t\t\t\t\t<div class=\"e-gallery-item elementor-gallery-item elementor-animated-content\">\n\t\t\t\t\t<div class=\"e-gallery-image elementor-gallery-item__image\" data-thumbnail=\"https:\/\/www.portovenere.fr\/fr-fr\/wp-content\/uploads\/2024\/11\/Mosaique-carrelage-effet-pierre-ancienne-francaise-bords-droits-ou-irreguliers-Authentique-Stone-sable-Sand-pres-de-Castelnau-le-Lez-34-150x150.jpg\" data-width=\"150\" data-height=\"150\" aria-label=\"\" role=\"img\" ><\/div>\n\t\t\t\t\t\t\t\t\t\t\t<div class=\"elementor-gallery-item__overlay\"><\/div>\n\t\t\t\t\t\t\t\t\t\t\t\t\t\t<\/div>\n\t\t\t\t\t<\/div>\n\t\t\t\t\t<\/div>\n\t\t\t\t<\/div>\n\t\t\t\t<div class=\"elementor-element elementor-element-48c0d9cf elementor-widget elementor-widget-text-editor\" data-id=\"48c0d9cf\" data-element_type=\"widget\" data-e-type=\"widget\" data-widget_type=\"text-editor.default\">\n\t\t\t\t<div class=\"elementor-widget-container\">\n\t\t\t\t\t\t\t\t\t<p data-sourcepos=\"5:1-5:46\">Plongez dans l\u2019histoire avec notre nouvelle collection de&nbsp;<b>carrelage pierres anciennes<\/b>&nbsp;fran\u00e7aises Authentique Stone. Inspir\u00e9es des plus belles pierres fran\u00e7aises, ces dalles aux couleurs chaudes et enveloppantes (<b>Gris, Sable et Ivoire<\/b>) invitent \u00e0 cr\u00e9er des espaces uniques,&nbsp;<b>empreints d\u2019authenticit\u00e9<\/b>.<\/p>\n<p data-sourcepos=\"9:1-9:199\">Chaque carreau raconte une histoire, avec ses veines uniques et ses subtiles variations de couleurs. Une mati\u00e8re vivante, d\u00e9licatement imparfaite, qui apporte une&nbsp;<b>touche de caract\u00e8re \u00e0 votre int\u00e9rieur.<\/b><\/p>\n<p data-sourcepos=\"11:1-11:36\"><strong>Un jeu de formats et de couleurs<\/strong><\/p>\n<p data-sourcepos=\"13:1-13:219\">Avec cinq formats modulables (100\u00d7100 cm, 60\u00d7120 cm, 60\u00d760 cm, 30\u00d760 cm, 30\u00d730 cm), les possibilit\u00e9s de cr\u00e9ation sont infinies. Imaginez des mosa\u00efques \u00e9l\u00e9gantes,&nbsp;<b>des murs<\/b>&nbsp;habill\u00e9s de pierres ou encore des sols aux allures de patios.<\/p>\n<p data-sourcepos=\"15:1-15:54\"><strong>Le meilleur de la tradition et de l\u2019innovation<\/strong><\/p>\n<p data-sourcepos=\"21:1-21:174\">Gr\u00e2ce \u00e0 une technologie de pointe, nous avons reproduit fid\u00e8lement l\u2019aspect de la pierre naturelle, tout en offrant une r\u00e9sistance et une facilit\u00e9 d\u2019entretien incomparables.<\/p>\n<p data-sourcepos=\"21:1-21:174\">Cette collection est \u00e9galement&nbsp;<b>disponible en finition antid\u00e9rapante&nbsp;<\/b>en 60\u00d7120 cm et en<b> dalles 100\u00d7100 cm de<\/b> <b>20 mm d\u2019\u00e9paisseur antid\u00e9rapantes<\/b> pour assurer une&nbsp;<b>continuit\u00e9 de l\u2019int\u00e9rieur vers l\u2019ext\u00e9rieur<\/b>&nbsp;: terrasse, tour de piscine\u2026<\/p>\t\t\t\t\t\t\t\t<\/div>\n\t\t\t\t<\/div>\n\t\t\t\t<div class=\"elementor-element elementor-element-474279f2 elementor-mobile-align-center elementor-widget elementor-widget-button\" data-id=\"474279f2\" data-element_type=\"widget\" data-e-type=\"widget\" data-widget_type=\"button.default\">\n\t\t\t\t<div class=\"elementor-widget-container\">\n\t\t\t\t\t\t\t\t\t<div class=\"elementor-button-wrapper\">\n\t\t\t\t\t<a class=\"elementor-button elementor-button-link elementor-size-sm\" href=\"https:\/\/www.portovenere.fr\/fr-fr\/carrelage-sol-et-mur-en-gres-cerame-et-faience\/carrelage-aspect-pierre\/carrelage-pierre-ancienne-francaise-authentique-stone\/\">\n\t\t\t\t\t\t<span class=\"elementor-button-content-wrapper\">\n\t\t\t\t\t\t\t\t\t<span class=\"elementor-button-text\">VOIR LA COLLECTION<\/span>\n\t\t\t\t\t<\/span>\n\t\t\t\t\t<\/a>\n\t\t\t\t<\/div>\n\t\t\t\t\t\t\t\t<\/div>\n\t\t\t\t<\/div>\n\t\t\t\t\t<\/div>\n\t\t<\/div>\n\t\t\t\t\t<\/div>\n\t\t<\/section>\n\t\t\t\t<section class=\"elementor-section elementor-top-section elementor-element elementor-element-7ed0c161 elementor-section-full_width elementor-section-height-default elementor-section-height-default elementor-invisible\" data-id=\"7ed0c161\" data-element_type=\"section\" data-e-type=\"section\" data-settings=\"{&quot;animation&quot;:&quot;fadeIn&quot;}\">\n\t\t\t\t\t\t<div class=\"elementor-container elementor-column-gap-default\">\n\t\t\t\t\t<div class=\"elementor-column elementor-col-33 elementor-top-column elementor-element elementor-element-25f9e498 elementor-invisible\" data-id=\"25f9e498\" data-element_type=\"column\" data-e-type=\"column\" data-settings=\"{&quot;animation&quot;:&quot;fadeIn&quot;,&quot;background_background&quot;:&quot;classic&quot;}\">\n\t\t\t<div class=\"elementor-widget-wrap elementor-element-populated\">\n\t\t\t\t\t\t<div class=\"elementor-element elementor-element-760dcefb elementor-widget elementor-widget-image\" data-id=\"760dcefb\" data-element_type=\"widget\" data-e-type=\"widget\" data-widget_type=\"image.default\">\n\t\t\t\t<div class=\"elementor-widget-container\">\n\t\t\t\t\t\t\t\t\t\t\t\t\t\t\t\t<a href=\"https:\/\/www.portovenere.fr\/fr-fr\/carrelage-sol-et-mur-en-gres-cerame-et-faience\/carrelage-imitation-parquet-aspect-bois\/carrelage-effet-parquet-gres-cerame-20x120-moost\/\">\n\t\t\t\t\t\t\t<img loading=\"lazy\" decoding=\"async\" width=\"768\" height=\"558\" src=\"https:\/\/www.portovenere.fr\/fr-fr\/wp-content\/uploads\/2025\/08\/Sol-exterieur-antiderapant-en-dalles-2-cm-effet-decking-bois-MOOST-coloris-Sunset-gres-cerame-40x120-cm-pour-terrasses-et-tour-de-piscine-pres-de-Lattes-34-768x558.jpg\" class=\"attachment-medium_large size-medium_large wp-image-63335\" alt=\"Carrelage ext\u00e9rieur antid\u00e9rapant en dalles style Decking 40x120 cm MOOST\" srcset=\"https:\/\/www.portovenere.fr\/fr-fr\/wp-content\/uploads\/2025\/08\/Sol-exterieur-antiderapant-en-dalles-2-cm-effet-decking-bois-MOOST-coloris-Sunset-gres-cerame-40x120-cm-pour-terrasses-et-tour-de-piscine-pres-de-Lattes-34-768x558.jpg 768w, https:\/\/www.portovenere.fr\/fr-fr\/wp-content\/uploads\/2025\/08\/Sol-exterieur-antiderapant-en-dalles-2-cm-effet-decking-bois-MOOST-coloris-Sunset-gres-cerame-40x120-cm-pour-terrasses-et-tour-de-piscine-pres-de-Lattes-34-300x218.jpg 300w, https:\/\/www.portovenere.fr\/fr-fr\/wp-content\/uploads\/2025\/08\/Sol-exterieur-antiderapant-en-dalles-2-cm-effet-decking-bois-MOOST-coloris-Sunset-gres-cerame-40x120-cm-pour-terrasses-et-tour-de-piscine-pres-de-Lattes-34-1024x744.jpg 1024w, https:\/\/www.portovenere.fr\/fr-fr\/wp-content\/uploads\/2025\/08\/Sol-exterieur-antiderapant-en-dalles-2-cm-effet-decking-bois-MOOST-coloris-Sunset-gres-cerame-40x120-cm-pour-terrasses-et-tour-de-piscine-pres-de-Lattes-34.jpg 1183w\" sizes=\"(max-width: 768px) 100vw, 768px\" \/>\t\t\t\t\t\t\t\t<\/a>\n\t\t\t\t\t\t\t\t\t\t\t\t\t\t\t<\/div>\n\t\t\t\t<\/div>\n\t\t\t\t<section class=\"elementor-section elementor-inner-section elementor-element elementor-element-1615e8d2 elementor-section-boxed elementor-section-height-default elementor-section-height-default elementor-invisible\" data-id=\"1615e8d2\" data-element_type=\"section\" data-e-type=\"section\" data-settings=\"{&quot;background_background&quot;:&quot;classic&quot;,&quot;animation&quot;:&quot;fadeIn&quot;}\">\n\t\t\t\t\t\t<div class=\"elementor-container elementor-column-gap-default\">\n\t\t\t\t\t<div class=\"elementor-column elementor-col-100 elementor-inner-column elementor-element elementor-element-37613176\" data-id=\"37613176\" data-element_type=\"column\" data-e-type=\"column\">\n\t\t\t<div class=\"elementor-widget-wrap elementor-element-populated\">\n\t\t\t\t\t\t<div class=\"elementor-element elementor-element-7f509df5 elementor-widget elementor-widget-heading\" data-id=\"7f509df5\" data-element_type=\"widget\" data-e-type=\"widget\" data-widget_type=\"heading.default\">\n\t\t\t\t<div class=\"elementor-widget-container\">\n\t\t\t\t\t<h3 class=\"elementor-heading-title elementor-size-default\"><a href=\"https:\/\/www.portovenere.fr\/fr-fr\/carrelage-sol-et-mur-en-gres-cerame-et-faience\/carrelage-imitation-parquet-aspect-bois\/carrelage-effet-parquet-gres-cerame-20x120-moost\/\">MOOST | 3 coloris &amp; 3 finitions<\/a><\/h3>\t\t\t\t<\/div>\n\t\t\t\t<\/div>\n\t\t\t\t<div class=\"elementor-element elementor-element-2084d0a1 elementor-widget__width-initial elementor-widget elementor-widget-gallery\" data-id=\"2084d0a1\" data-element_type=\"widget\" data-e-type=\"widget\" data-settings=\"{&quot;gap&quot;:{&quot;unit&quot;:&quot;px&quot;,&quot;size&quot;:3,&quot;sizes&quot;:[]},&quot;columns_mobile&quot;:3,&quot;gap_mobile&quot;:{&quot;unit&quot;:&quot;px&quot;,&quot;size&quot;:6,&quot;sizes&quot;:[]},&quot;columns&quot;:5,&quot;columns_tablet&quot;:3,&quot;gap_tablet&quot;:{&quot;unit&quot;:&quot;px&quot;,&quot;size&quot;:5,&quot;sizes&quot;:[]},&quot;lazyload&quot;:&quot;yes&quot;,&quot;gallery_layout&quot;:&quot;grid&quot;,&quot;aspect_ratio&quot;:&quot;3:2&quot;,&quot;overlay_background&quot;:&quot;yes&quot;,&quot;content_hover_animation&quot;:&quot;fade-in&quot;}\" data-widget_type=\"gallery.default\">\n\t\t\t\t<div class=\"elementor-widget-container\">\n\t\t\t\t\t\t\t<div class=\"elementor-gallery__container\">\n\t\t\t\t\t\t\t<div class=\"e-gallery-item elementor-gallery-item elementor-animated-content\">\n\t\t\t\t\t<div class=\"e-gallery-image elementor-gallery-item__image\" data-thumbnail=\"https:\/\/www.portovenere.fr\/fr-fr\/wp-content\/uploads\/2025\/08\/Carrelage-sol-effet-bois-clair-3-finitions-avec-ou-sans-noeuds-et-finition-sciee-Moost-Blond-20x120-cm-magasin-carrelage-Porto_Venere-pres-de-Palavas-34-150x150.png\" data-width=\"150\" data-height=\"150\" aria-label=\"Sol effet parquet bois en carrelage gr\u00e8s c\u00e9rame de qualit\u00e9 MOOST\" role=\"img\" ><\/div>\n\t\t\t\t\t\t\t\t\t\t\t<div class=\"elementor-gallery-item__overlay\"><\/div>\n\t\t\t\t\t\t\t\t\t\t\t\t\t\t<\/div>\n\t\t\t\t\t\t\t<div class=\"e-gallery-item elementor-gallery-item elementor-animated-content\">\n\t\t\t\t\t<div class=\"e-gallery-image elementor-gallery-item__image\" data-thumbnail=\"https:\/\/www.portovenere.fr\/fr-fr\/wp-content\/uploads\/2025\/08\/Carrelage-sol-effet-bois-3-finitions-avec-ou-sans-noeuds-et-finition-sciee-Moost-Sunset-20x120-cm-magasin-carrelage-Porto_Venere-pres-de-Jacou-34-150x150.png\" data-width=\"150\" data-height=\"150\" aria-label=\"Sol effet parquet bois en carrelage gr\u00e8s c\u00e9rame de qualit\u00e9 MOOST\" role=\"img\" ><\/div>\n\t\t\t\t\t\t\t\t\t\t\t<div class=\"elementor-gallery-item__overlay\"><\/div>\n\t\t\t\t\t\t\t\t\t\t\t\t\t\t<\/div>\n\t\t\t\t\t\t\t<div class=\"e-gallery-item elementor-gallery-item elementor-animated-content\">\n\t\t\t\t\t<div class=\"e-gallery-image elementor-gallery-item__image\" data-thumbnail=\"https:\/\/www.portovenere.fr\/fr-fr\/wp-content\/uploads\/2025\/08\/Carrelage-sol-effet-bois-3-finitions-avec-ou-sans-noeuds-et-finition-sciee-Moost-Autumn-20x120-cm-magasin-carrelage-Porto_Venere-pres-de-Perols-34-150x150.png\" data-width=\"150\" data-height=\"150\" aria-label=\"Sol effet parquet bois en carrelage gr\u00e8s c\u00e9rame de qualit\u00e9 MOOST\" role=\"img\" ><\/div>\n\t\t\t\t\t\t\t\t\t\t\t<div class=\"elementor-gallery-item__overlay\"><\/div>\n\t\t\t\t\t\t\t\t\t\t\t\t\t\t<\/div>\n\t\t\t\t\t\t\t<div class=\"e-gallery-item elementor-gallery-item elementor-animated-content\">\n\t\t\t\t\t<div class=\"e-gallery-image elementor-gallery-item__image\" data-thumbnail=\"https:\/\/www.portovenere.fr\/fr-fr\/wp-content\/uploads\/2025\/08\/Carrelage-sol-type-parquet-et-carreaux-de-ciment-gres-cerame-80x80-cm-Moost-blond-Cassettone-Majolica-magasin-carrelage-PORTOVENERE-pres-de-Sete-34-150x150.jpg\" data-width=\"150\" data-height=\"150\" aria-label=\"Carrelage sol effet carreaux de ciment et parquet bois\" role=\"img\" ><\/div>\n\t\t\t\t\t\t\t\t\t\t\t<div class=\"elementor-gallery-item__overlay\"><\/div>\n\t\t\t\t\t\t\t\t\t\t\t\t\t\t<\/div>\n\t\t\t\t\t\t\t<div class=\"e-gallery-item elementor-gallery-item elementor-animated-content\">\n\t\t\t\t\t<div class=\"e-gallery-image elementor-gallery-item__image\" data-thumbnail=\"https:\/\/www.portovenere.fr\/fr-fr\/wp-content\/uploads\/2025\/08\/Parquet-type-Versailles-en-carrelage-gres-cerame-80x80-cm-Moost-blond-Cassettone-magasin-carrelages-et-parquets-PORTOVENERE-pres-de-Lattes-34-150x150.jpg\" data-width=\"150\" data-height=\"150\" aria-label=\"Carrelage imitation parquet bois Moost Cassettone 80x80 cm type Versailles\" role=\"img\" ><\/div>\n\t\t\t\t\t\t\t\t\t\t\t<div class=\"elementor-gallery-item__overlay\"><\/div>\n\t\t\t\t\t\t\t\t\t\t\t\t\t\t<\/div>\n\t\t\t\t\t\t\t<div class=\"e-gallery-item elementor-gallery-item elementor-animated-content\">\n\t\t\t\t\t<div class=\"e-gallery-image elementor-gallery-item__image\" data-thumbnail=\"https:\/\/www.portovenere.fr\/fr-fr\/wp-content\/uploads\/2025\/08\/Credence-murale-effet-bois-lignes-Ribbed-MOOST-60x120-cm-coloris-blond-en-gres-cerame-de-qualite-magasin-pres-de-Castelnau-le-lez-34-150x150.jpg\" data-width=\"150\" data-height=\"150\" aria-label=\"Carrelage mural effet bois en lignes Moost\" role=\"img\" ><\/div>\n\t\t\t\t\t\t\t\t\t\t\t<div class=\"elementor-gallery-item__overlay\"><\/div>\n\t\t\t\t\t\t\t\t\t\t\t\t\t\t<\/div>\n\t\t\t\t\t\t\t<div class=\"e-gallery-item elementor-gallery-item elementor-animated-content\">\n\t\t\t\t\t<div class=\"e-gallery-image elementor-gallery-item__image\" data-thumbnail=\"https:\/\/www.portovenere.fr\/fr-fr\/wp-content\/uploads\/2025\/08\/Credence-murale-effet-bois-mosaique-petits-batonnets-MOOST-30x30-cm-coloris-Sunset-en-gres-cerame-de-qualite-magasin-pres-de-Agde-34-150x150.jpg\" data-width=\"150\" data-height=\"150\" aria-label=\"Carrelage mural effet bois en b\u00e2tonnets Moost\" role=\"img\" ><\/div>\n\t\t\t\t\t\t\t\t\t\t\t<div class=\"elementor-gallery-item__overlay\"><\/div>\n\t\t\t\t\t\t\t\t\t\t\t\t\t\t<\/div>\n\t\t\t\t\t<\/div>\n\t\t\t\t\t<\/div>\n\t\t\t\t<\/div>\n\t\t\t\t<div class=\"elementor-element elementor-element-595b2873 elementor-widget elementor-widget-text-editor\" data-id=\"595b2873\" data-element_type=\"widget\" data-e-type=\"widget\" data-widget_type=\"text-editor.default\">\n\t\t\t\t<div class=\"elementor-widget-container\">\n\t\t\t\t\t\t\t\t\t<p data-start=\"117\" data-end=\"361\">La collection <strong data-start=\"131\" data-end=\"140\">Moost<\/strong> sublime l\u2019esth\u00e9tique du bois \u00e0 travers un carrelage en gr\u00e8s c\u00e9rame rectifi\u00e9 alliant authenticit\u00e9 et performance. Inspir\u00e9e par la chaleur des int\u00e9rieurs naturels, elle conjugue douceur, solidit\u00e9 et facilit\u00e9 d\u2019entretien.<\/p><p data-start=\"363\" data-end=\"971\">Disponible en trois teintes raffin\u00e9es \u2013 <strong data-start=\"403\" data-end=\"430\">Blond, Sunset et Autumn<\/strong> \u2013 Moost s\u2019adapte \u00e0 tous les styles. Chaque coloris est d\u00e9clin\u00e9 en plusieurs formats et finitions : <strong data-start=\"530\" data-end=\"551\">Naturel 20\u00d7120 cm<\/strong>, <strong data-start=\"553\" data-end=\"574\">Scratch 20\u00d7120 cm<\/strong> (relief structur\u00e9), <strong data-start=\"595\" data-end=\"613\">Dal\u00ed 20\u00d7120 cm<\/strong> (avec n\u0153uds), <strong data-start=\"628\" data-end=\"648\">Ribbed 60\u00d7120 cm<\/strong> (effet nervur\u00e9, pour mur), <strong data-start=\"676\" data-end=\"704\">Mosa\u00efque Tatami 30\u00d730 cm<\/strong>, <strong data-start=\"706\" data-end=\"729\">Cassettone 80\u00d780 cm<\/strong> (style parquet Versailles ou avec insert Majolica effet carreaux ciment). Pour l\u2019ext\u00e9rieur, la version <strong data-start=\"833\" data-end=\"873\">Decking antid\u00e9rapant 40\u00d7120 cm \u2013 R11<\/strong>, en 2 cm d\u2019\u00e9paisseur, convient aux terrasses et abords de piscine, en pose coll\u00e9e ou sur plots.<\/p><p data-start=\"973\" data-end=\"1143\">Gr\u00e2ce \u00e0 la technologie <strong data-start=\"996\" data-end=\"1020\">3D Shaped Technology<\/strong>, Moost restitue fid\u00e8lement la texture et les d\u00e9tails du bois pour un rendu visuel et tactile d\u2019un r\u00e9alisme exceptionnel.<\/p>\t\t\t\t\t\t\t\t<\/div>\n\t\t\t\t<\/div>\n\t\t\t\t<div class=\"elementor-element elementor-element-29b88545 elementor-mobile-align-center elementor-widget elementor-widget-button\" data-id=\"29b88545\" data-element_type=\"widget\" data-e-type=\"widget\" data-widget_type=\"button.default\">\n\t\t\t\t<div class=\"elementor-widget-container\">\n\t\t\t\t\t\t\t\t\t<div class=\"elementor-button-wrapper\">\n\t\t\t\t\t<a class=\"elementor-button elementor-button-link elementor-size-sm\" href=\"https:\/\/www.portovenere.fr\/fr-fr\/carrelage-sol-et-mur-en-gres-cerame-et-faience\/carrelage-imitation-parquet-aspect-bois\/carrelage-effet-parquet-gres-cerame-20x120-moost\/\">\n\t\t\t\t\t\t<span class=\"elementor-button-content-wrapper\">\n\t\t\t\t\t\t\t\t\t<span class=\"elementor-button-text\">Voir la collection<\/span>\n\t\t\t\t\t<\/span>\n\t\t\t\t\t<\/a>\n\t\t\t\t<\/div>\n\t\t\t\t\t\t\t\t<\/div>\n\t\t\t\t<\/div>\n\t\t\t\t\t<\/div>\n\t\t<\/div>\n\t\t\t\t\t<\/div>\n\t\t<\/section>\n\t\t\t\t\t<\/div>\n\t\t<\/div>\n\t\t\t\t<div class=\"elementor-column elementor-col-33 elementor-top-column elementor-element elementor-element-2fcec1e2\" data-id=\"2fcec1e2\" data-element_type=\"column\" data-e-type=\"column\" data-settings=\"{&quot;background_background&quot;:&quot;classic&quot;}\">\n\t\t\t<div class=\"elementor-widget-wrap elementor-element-populated\">\n\t\t\t\t\t\t<div class=\"elementor-element elementor-element-7e1c0725 elementor-widget elementor-widget-image\" data-id=\"7e1c0725\" data-element_type=\"widget\" data-e-type=\"widget\" data-widget_type=\"image.default\">\n\t\t\t\t<div class=\"elementor-widget-container\">\n\t\t\t\t\t\t\t\t\t\t\t\t\t\t\t\t<a href=\"https:\/\/www.portovenere.fr\/fr-fr\/carrelage-sol-et-mur-en-gres-cerame-et-faience\/carrelage-aspect-pierre\/carrelage-aspect-pierre-ardoise-cinama-stone\/\">\n\t\t\t\t\t\t\t<img decoding=\"async\" src=\"https:\/\/www.portovenere.fr\/fr-fr\/wp-content\/uploads\/elementor\/thumbs\/Carrelage-antiderapant-exterieur-dalles-2-cm-effet-pierre-claire-sable-CINAMA-STONE-Slate-Sand-60x120-cm-magasin-carrelage-pres-de-Juvignac-34-r96biba906ispwktzup23p7qokzujnl0eb4ytn1bz4.jpg\" title=\"Carrelage-antid\u00e9rapant-ext\u00e9rieur-dalles-2-cm-effet-pierre-claire-sable-CINAMA-STONE-Slate-Sand-60&#215;120-cm-magasin-carrelage-pr\u00e8s-de-Juvignac-34\" alt=\"Dalles antid\u00e9rapantes 2 cm pour pose sur plot\" loading=\"lazy\" \/>\t\t\t\t\t\t\t\t<\/a>\n\t\t\t\t\t\t\t\t\t\t\t\t\t\t\t<\/div>\n\t\t\t\t<\/div>\n\t\t\t\t<div class=\"elementor-element elementor-element-19691ffa elementor-widget elementor-widget-heading\" data-id=\"19691ffa\" data-element_type=\"widget\" data-e-type=\"widget\" data-widget_type=\"heading.default\">\n\t\t\t\t<div class=\"elementor-widget-container\">\n\t\t\t\t\t<h3 class=\"elementor-heading-title elementor-size-default\"><a href=\"https:\/\/www.portovenere.fr\/fr-fr\/carrelage-sol-et-mur-en-gres-cerame-et-faience\/carrelage-aspect-pierre\/carrelage-aspect-pierre-ardoise-cinama-stone\/\">CINAMA STONE | 6 coloris<\/a><\/h3>\t\t\t\t<\/div>\n\t\t\t\t<\/div>\n\t\t\t\t<div class=\"elementor-element elementor-element-3aaff355 elementor-widget__width-initial elementor-widget elementor-widget-gallery\" data-id=\"3aaff355\" data-element_type=\"widget\" data-e-type=\"widget\" data-settings=\"{&quot;gap&quot;:{&quot;unit&quot;:&quot;px&quot;,&quot;size&quot;:3,&quot;sizes&quot;:[]},&quot;columns_mobile&quot;:3,&quot;gap_mobile&quot;:{&quot;unit&quot;:&quot;px&quot;,&quot;size&quot;:6,&quot;sizes&quot;:[]},&quot;columns&quot;:5,&quot;columns_tablet&quot;:3,&quot;gap_tablet&quot;:{&quot;unit&quot;:&quot;px&quot;,&quot;size&quot;:5,&quot;sizes&quot;:[]},&quot;lazyload&quot;:&quot;yes&quot;,&quot;gallery_layout&quot;:&quot;grid&quot;,&quot;aspect_ratio&quot;:&quot;3:2&quot;,&quot;overlay_background&quot;:&quot;yes&quot;,&quot;content_hover_animation&quot;:&quot;fade-in&quot;}\" data-widget_type=\"gallery.default\">\n\t\t\t\t<div class=\"elementor-widget-container\">\n\t\t\t\t\t\t\t<div class=\"elementor-gallery__container\">\n\t\t\t\t\t\t\t<div class=\"e-gallery-item elementor-gallery-item elementor-animated-content\">\n\t\t\t\t\t<div class=\"e-gallery-image elementor-gallery-item__image\" data-thumbnail=\"https:\/\/www.portovenere.fr\/fr-fr\/wp-content\/uploads\/2025\/07\/Carrelage-gris-type-pierre-ardoise-pour-sol-et-mur-en-gres-cerame-CINAMA-STONE-Slate-grey-magasin-pres-de-Lunel-34-150x150.jpg\" data-width=\"150\" data-height=\"150\" aria-label=\"\" role=\"img\" ><\/div>\n\t\t\t\t\t\t\t\t\t\t\t<div class=\"elementor-gallery-item__overlay\"><\/div>\n\t\t\t\t\t\t\t\t\t\t\t\t\t\t<\/div>\n\t\t\t\t\t\t\t<div class=\"e-gallery-item elementor-gallery-item elementor-animated-content\">\n\t\t\t\t\t<div class=\"e-gallery-image elementor-gallery-item__image\" data-thumbnail=\"https:\/\/www.portovenere.fr\/fr-fr\/wp-content\/uploads\/2025\/07\/Carrelage-gris-clair-type-pierre-ardoise-pour-sol-et-mur-en-gres-cerame-CINAMA-STONE-Slate-light-grey-magasin-pres-de-Balaruc-34-150x150.jpg\" data-width=\"150\" data-height=\"150\" aria-label=\"\" role=\"img\" ><\/div>\n\t\t\t\t\t\t\t\t\t\t\t<div class=\"elementor-gallery-item__overlay\"><\/div>\n\t\t\t\t\t\t\t\t\t\t\t\t\t\t<\/div>\n\t\t\t\t\t\t\t<div class=\"e-gallery-item elementor-gallery-item elementor-animated-content\">\n\t\t\t\t\t<div class=\"e-gallery-image elementor-gallery-item__image\" data-thumbnail=\"https:\/\/www.portovenere.fr\/fr-fr\/wp-content\/uploads\/2025\/07\/Carrelage-fonce-type-pierre-ardoise-pour-sol-et-mur-en-gres-cerame-CINAMA-STONE-Slate-black-noir-magasin-pres-de-Palavas-34-150x150.jpg\" data-width=\"150\" data-height=\"150\" aria-label=\"\" role=\"img\" ><\/div>\n\t\t\t\t\t\t\t\t\t\t\t<div class=\"elementor-gallery-item__overlay\"><\/div>\n\t\t\t\t\t\t\t\t\t\t\t\t\t\t<\/div>\n\t\t\t\t\t\t\t<div class=\"e-gallery-item elementor-gallery-item elementor-animated-content\">\n\t\t\t\t\t<div class=\"e-gallery-image elementor-gallery-item__image\" data-thumbnail=\"https:\/\/www.portovenere.fr\/fr-fr\/wp-content\/uploads\/2025\/07\/Carrelage-clair-type-pierre-ardoise-pour-sol-et-mur-en-gres-cerame-CINAMA-STONE-Slate-white-magasin-pres-de-Gigean-34-150x150.jpg\" data-width=\"150\" data-height=\"150\" aria-label=\"\" role=\"img\" ><\/div>\n\t\t\t\t\t\t\t\t\t\t\t<div class=\"elementor-gallery-item__overlay\"><\/div>\n\t\t\t\t\t\t\t\t\t\t\t\t\t\t<\/div>\n\t\t\t\t\t\t\t<div class=\"e-gallery-item elementor-gallery-item elementor-animated-content\">\n\t\t\t\t\t<div class=\"e-gallery-image elementor-gallery-item__image\" data-thumbnail=\"https:\/\/www.portovenere.fr\/fr-fr\/wp-content\/uploads\/2025\/07\/Carrelage-clair-sable-type-pierre-ardoise-pour-sol-et-mur-en-gres-cerame-CINAMA-STONE-Sand-magasin-a-Montpellier-34-150x150.jpg\" data-width=\"150\" data-height=\"150\" aria-label=\"\" role=\"img\" ><\/div>\n\t\t\t\t\t\t\t\t\t\t\t<div class=\"elementor-gallery-item__overlay\"><\/div>\n\t\t\t\t\t\t\t\t\t\t\t\t\t\t<\/div>\n\t\t\t\t\t\t\t<div class=\"e-gallery-item elementor-gallery-item elementor-animated-content\">\n\t\t\t\t\t<div class=\"e-gallery-image elementor-gallery-item__image\" data-thumbnail=\"https:\/\/www.portovenere.fr\/fr-fr\/wp-content\/uploads\/2025\/07\/Carrelage-blanc-clair-type-pierre-ardoise-pour-sol-et-mur-en-gres-cerame-CINAMA-STONE-Superwhite-magasin-pres-de-Perols-34-150x150.jpg\" data-width=\"150\" data-height=\"150\" aria-label=\"\" role=\"img\" ><\/div>\n\t\t\t\t\t\t\t\t\t\t\t<div class=\"elementor-gallery-item__overlay\"><\/div>\n\t\t\t\t\t\t\t\t\t\t\t\t\t\t<\/div>\n\t\t\t\t\t<\/div>\n\t\t\t\t\t<\/div>\n\t\t\t\t<\/div>\n\t\t\t\t<div class=\"elementor-element elementor-element-136c9862 elementor-widget elementor-widget-text-editor\" data-id=\"136c9862\" data-element_type=\"widget\" data-e-type=\"widget\" data-widget_type=\"text-editor.default\">\n\t\t\t\t<div class=\"elementor-widget-container\">\n\t\t\t\t\t\t\t\t\t<p data-start=\"74\" data-end=\"212\">Le carrelage<b> effet pierre ardoise CINAM<\/b><span data-start=\"100\" data-end=\"116\"><b>A STONE<\/b><\/span> en gr\u00e8s c\u00e9rame s\u2019adapte \u00e0 une pose <strong data-start=\"152\" data-end=\"172\">murale ou au sol<\/strong>, <strong data-start=\"174\" data-end=\"209\">en int\u00e9rieur comme en ext\u00e9rieur<\/strong>.<\/p>\n<p data-start=\"214\" data-end=\"417\">D\u00e9clin\u00e9 en <strong data-start=\"225\" data-end=\"252\">6 coloris effet ardoise<\/strong> \u2013 du super blanc \u00e0 l\u2019anthracite \u2013 il propose <strong data-start=\"298\" data-end=\"316\">deux finitions<\/strong> pour une continuit\u00e9 parfaite entre les espaces : <strong data-start=\"366\" data-end=\"381\">Naturel R10<\/strong> et <strong data-start=\"385\" data-end=\"414\">Technica antid\u00e9rapant R11<\/strong>.<\/p>\n<p data-start=\"419\" data-end=\"664\">Sa large gamme de <strong data-start=\"437\" data-end=\"461\">formats et mosa\u00efques<\/strong> permet de s&rsquo;int\u00e9grer \u00e0 tous les projets d\u2019am\u00e9nagement : <strong data-start=\"518\" data-end=\"584\">10&#215;30, 30&#215;60, 60&#215;60, 60&#215;120, 45&#215;90, 90&#215;90, 100&#215;100, 120&#215;120 cm<\/strong>, jusqu\u2019au <strong data-start=\"595\" data-end=\"622\">grand format 120&#215;278 cm<\/strong> en fine \u00e9paisseur <strong data-start=\"641\" data-end=\"661\">6,5 mm renforc\u00e9e<\/strong>.<\/p>\n<p data-start=\"666\" data-end=\"908\">L\u2019effet ardoise <strong data-start=\"682\" data-end=\"698\">CINAMA STONE<\/strong> est \u00e9galement propos\u00e9 en dalles antid\u00e9rapantes <strong data-start=\"746\" data-end=\"755\">20 mm<\/strong> pour l&rsquo;ext\u00e9rieur, id\u00e9ales pour une <strong data-start=\"791\" data-end=\"805\">pose \u00e0 sec<\/strong> (sur sable, herbe ou gravier), <strong data-start=\"837\" data-end=\"850\">sur plots<\/strong> ou <strong data-start=\"854\" data-end=\"864\">coll\u00e9e<\/strong> sur chape b\u00e9ton, en <strong data-start=\"885\" data-end=\"907\">60&#215;60 et 60&#215;120 cm<\/strong>.<\/p>\t\t\t\t\t\t\t\t<\/div>\n\t\t\t\t<\/div>\n\t\t\t\t<div class=\"elementor-element elementor-element-3bed4755 elementor-mobile-align-center elementor-align-left elementor-widget elementor-widget-button\" data-id=\"3bed4755\" data-element_type=\"widget\" data-e-type=\"widget\" data-widget_type=\"button.default\">\n\t\t\t\t<div class=\"elementor-widget-container\">\n\t\t\t\t\t\t\t\t\t<div class=\"elementor-button-wrapper\">\n\t\t\t\t\t<a class=\"elementor-button elementor-button-link elementor-size-sm\" href=\"https:\/\/www.portovenere.fr\/fr-fr\/carrelage-sol-et-mur-en-gres-cerame-et-faience\/carrelage-aspect-pierre\/carrelage-aspect-pierre-ardoise-cinama-stone\/\">\n\t\t\t\t\t\t<span class=\"elementor-button-content-wrapper\">\n\t\t\t\t\t\t\t\t\t<span class=\"elementor-button-text\">Voir la collection<\/span>\n\t\t\t\t\t<\/span>\n\t\t\t\t\t<\/a>\n\t\t\t\t<\/div>\n\t\t\t\t\t\t\t\t<\/div>\n\t\t\t\t<\/div>\n\t\t\t\t\t<\/div>\n\t\t<\/div>\n\t\t\t\t<div class=\"elementor-column elementor-col-33 elementor-top-column elementor-element elementor-element-30d1e746\" data-id=\"30d1e746\" data-element_type=\"column\" data-e-type=\"column\" data-settings=\"{&quot;background_background&quot;:&quot;classic&quot;}\">\n\t\t\t<div class=\"elementor-widget-wrap elementor-element-populated\">\n\t\t\t\t\t\t<div class=\"elementor-element elementor-element-4d48b65a elementor-widget elementor-widget-image\" data-id=\"4d48b65a\" data-element_type=\"widget\" data-e-type=\"widget\" data-widget_type=\"image.default\">\n\t\t\t\t<div class=\"elementor-widget-container\">\n\t\t\t\t\t\t\t\t\t\t\t\t\t\t\t\t<a href=\"https:\/\/www.portovenere.fr\/fr-fr\/carrelage-sol-et-mur-en-gres-cerame-et-faience\/carrelage-aspect-pierre\/carrelage-aspect-pierre-naturelle-et-antiderapante-bellastone\/\">\n\t\t\t\t\t\t\t<img decoding=\"async\" src=\"https:\/\/www.portovenere.fr\/fr-fr\/wp-content\/uploads\/elementor\/thumbs\/Carrelage-haut-de-gamme-aspect-pierre-naturelle-antiderapante-BELLASTONE-Creme-pour-terrasses-et-tour-de-piscines-magasin-de-carrelages-a-Montpellier-34-r8ifwle9romt4hlnxtjfou7gga0nrzz2nkg2xfae78.jpg\" title=\"Carrelage-haut-de-gamme-aspect-pierre-naturelle-antid\u00e9rapante-BELLASTONE-Creme-pour-terrasses-et-tour-de-piscines-magasin-de-carrelages-\u00e0-Montpellier-34\" alt=\"cr\u00e9ation terrasse en carrelage antid\u00e9rapant dalles 2 cm Bellastone chez Porto Venere \u00e0 Montpellier\" loading=\"lazy\" \/>\t\t\t\t\t\t\t\t<\/a>\n\t\t\t\t\t\t\t\t\t\t\t\t\t\t\t<\/div>\n\t\t\t\t<\/div>\n\t\t\t\t<div class=\"elementor-element elementor-element-3a6ae3e8 elementor-widget elementor-widget-heading\" data-id=\"3a6ae3e8\" data-element_type=\"widget\" data-e-type=\"widget\" data-widget_type=\"heading.default\">\n\t\t\t\t<div class=\"elementor-widget-container\">\n\t\t\t\t\t<h3 class=\"elementor-heading-title elementor-size-default\"><a href=\"https:\/\/www.portovenere.fr\/fr-fr\/carrelage-sol-et-mur-en-gres-cerame-et-faience\/carrelage-aspect-pierre\/carrelage-aspect-pierre-naturelle-et-antiderapante-bellastone\/\">BELLASTONE | 4 coloris<\/a><\/h3>\t\t\t\t<\/div>\n\t\t\t\t<\/div>\n\t\t\t\t<div class=\"elementor-element elementor-element-4aa6a838 elementor-widget__width-initial elementor-widget elementor-widget-gallery\" data-id=\"4aa6a838\" data-element_type=\"widget\" data-e-type=\"widget\" data-settings=\"{&quot;gap&quot;:{&quot;unit&quot;:&quot;px&quot;,&quot;size&quot;:3,&quot;sizes&quot;:[]},&quot;columns_mobile&quot;:3,&quot;gap_mobile&quot;:{&quot;unit&quot;:&quot;px&quot;,&quot;size&quot;:6,&quot;sizes&quot;:[]},&quot;columns&quot;:5,&quot;columns_tablet&quot;:3,&quot;gap_tablet&quot;:{&quot;unit&quot;:&quot;px&quot;,&quot;size&quot;:5,&quot;sizes&quot;:[]},&quot;lazyload&quot;:&quot;yes&quot;,&quot;gallery_layout&quot;:&quot;grid&quot;,&quot;aspect_ratio&quot;:&quot;3:2&quot;,&quot;overlay_background&quot;:&quot;yes&quot;,&quot;content_hover_animation&quot;:&quot;fade-in&quot;}\" data-widget_type=\"gallery.default\">\n\t\t\t\t<div class=\"elementor-widget-container\">\n\t\t\t\t\t\t\t<div class=\"elementor-gallery__container\">\n\t\t\t\t\t\t\t<div class=\"e-gallery-item elementor-gallery-item elementor-animated-content\">\n\t\t\t\t\t<div class=\"e-gallery-image elementor-gallery-item__image\" data-thumbnail=\"https:\/\/www.portovenere.fr\/fr-fr\/wp-content\/uploads\/2025\/03\/Carrelage-interieur-et-exterieur-imitation-pierre-naturelle-BELLASTONE-coloris-marron-pres-de-Sete-34-150x150.jpg\" data-width=\"150\" data-height=\"150\" aria-label=\"\" role=\"img\" ><\/div>\n\t\t\t\t\t\t\t\t\t\t\t<div class=\"elementor-gallery-item__overlay\"><\/div>\n\t\t\t\t\t\t\t\t\t\t\t\t\t\t<\/div>\n\t\t\t\t\t\t\t<div class=\"e-gallery-item elementor-gallery-item elementor-animated-content\">\n\t\t\t\t\t<div class=\"e-gallery-image elementor-gallery-item__image\" data-thumbnail=\"https:\/\/www.portovenere.fr\/fr-fr\/wp-content\/uploads\/2025\/03\/Carrelage-interieur-et-exterieur-imitation-pierre-naturelle-BELLASTONE-coloris-greige-grege-pres-de-Castries-34-150x150.jpg\" data-width=\"150\" data-height=\"150\" aria-label=\"\" role=\"img\" ><\/div>\n\t\t\t\t\t\t\t\t\t\t\t<div class=\"elementor-gallery-item__overlay\"><\/div>\n\t\t\t\t\t\t\t\t\t\t\t\t\t\t<\/div>\n\t\t\t\t\t\t\t<div class=\"e-gallery-item elementor-gallery-item elementor-animated-content\">\n\t\t\t\t\t<div class=\"e-gallery-image elementor-gallery-item__image\" data-thumbnail=\"https:\/\/www.portovenere.fr\/fr-fr\/wp-content\/uploads\/2025\/03\/Carrelage-interieur-et-exterieur-imitation-pierre-naturelle-BELLASTONE-coloris-creme-pres-de-Pezenas-34-150x150.jpg\" data-width=\"150\" data-height=\"150\" aria-label=\"\" role=\"img\" ><\/div>\n\t\t\t\t\t\t\t\t\t\t\t<div class=\"elementor-gallery-item__overlay\"><\/div>\n\t\t\t\t\t\t\t\t\t\t\t\t\t\t<\/div>\n\t\t\t\t\t\t\t<div class=\"e-gallery-item elementor-gallery-item elementor-animated-content\">\n\t\t\t\t\t<div class=\"e-gallery-image elementor-gallery-item__image\" data-thumbnail=\"https:\/\/www.portovenere.fr\/fr-fr\/wp-content\/uploads\/2025\/03\/Carrelage-interieur-et-exterieur-imitation-pierre-naturelle-BELLASTONE-coloris-white-blanc-clair-pres-de-PALAVAS-34-150x150.jpg\" data-width=\"150\" data-height=\"150\" aria-label=\"\" role=\"img\" ><\/div>\n\t\t\t\t\t\t\t\t\t\t\t<div class=\"elementor-gallery-item__overlay\"><\/div>\n\t\t\t\t\t\t\t\t\t\t\t\t\t\t<\/div>\n\t\t\t\t\t\t\t<div class=\"e-gallery-item elementor-gallery-item elementor-animated-content\">\n\t\t\t\t\t<div class=\"e-gallery-image elementor-gallery-item__image\" data-thumbnail=\"https:\/\/www.portovenere.fr\/fr-fr\/wp-content\/uploads\/2025\/03\/Mosaique-hexagonale-pour-sol-et-mur-en-gres-cerame-imitation-pierre-naturelle-Bellastone-greige-30x30-cm-magasin-Porto-Venere-pres-de-Castelnau-le-Lez-34-150x150.jpg\" data-width=\"150\" data-height=\"150\" aria-label=\"\" role=\"img\" ><\/div>\n\t\t\t\t\t\t\t\t\t\t\t<div class=\"elementor-gallery-item__overlay\"><\/div>\n\t\t\t\t\t\t\t\t\t\t\t\t\t\t<\/div>\n\t\t\t\t\t\t\t<div class=\"e-gallery-item elementor-gallery-item elementor-animated-content\">\n\t\t\t\t\t<div class=\"e-gallery-image elementor-gallery-item__image\" data-thumbnail=\"https:\/\/www.portovenere.fr\/fr-fr\/wp-content\/uploads\/2025\/03\/Mosaique-hexagonale-pour-sol-et-mur-credence-en-gres-cerame-imitation-pierre-naturelle-Bellastone-white-30x30-cm-magasin-Porto-Venere-pres-de-Mauguio-34-150x150.jpg\" data-width=\"150\" data-height=\"150\" aria-label=\"\" role=\"img\" ><\/div>\n\t\t\t\t\t\t\t\t\t\t\t<div class=\"elementor-gallery-item__overlay\"><\/div>\n\t\t\t\t\t\t\t\t\t\t\t\t\t\t<\/div>\n\t\t\t\t\t\t\t<div class=\"e-gallery-item elementor-gallery-item elementor-animated-content\">\n\t\t\t\t\t<div class=\"e-gallery-image elementor-gallery-item__image\" data-thumbnail=\"https:\/\/www.portovenere.fr\/fr-fr\/wp-content\/uploads\/2025\/03\/Mosaique-hexagonale-pour-sol-et-mur-en-gres-cerame-imitation-pierre-naturelle-Bellastone-creme-30x30-cm-magasin-Porto-Venere-pres-de-Perols-34-150x150.jpg\" data-width=\"150\" data-height=\"150\" aria-label=\"\" role=\"img\" ><\/div>\n\t\t\t\t\t\t\t\t\t\t\t<div class=\"elementor-gallery-item__overlay\"><\/div>\n\t\t\t\t\t\t\t\t\t\t\t\t\t\t<\/div>\n\t\t\t\t\t\t\t<div class=\"e-gallery-item elementor-gallery-item elementor-animated-content\">\n\t\t\t\t\t<div class=\"e-gallery-image elementor-gallery-item__image\" data-thumbnail=\"https:\/\/www.portovenere.fr\/fr-fr\/wp-content\/uploads\/2025\/03\/Mosaique-hexagonale-pour-sol-et-mur-en-gres-cerame-imitation-pierre-naturelle-Bellastone-marron-30x30-cm-magasin-Porto-Venere-pres-de-Jacou-34-150x150.jpg\" data-width=\"150\" data-height=\"150\" aria-label=\"\" role=\"img\" ><\/div>\n\t\t\t\t\t\t\t\t\t\t\t<div class=\"elementor-gallery-item__overlay\"><\/div>\n\t\t\t\t\t\t\t\t\t\t\t\t\t\t<\/div>\n\t\t\t\t\t\t\t<div class=\"e-gallery-item elementor-gallery-item elementor-animated-content\">\n\t\t\t\t\t<div class=\"e-gallery-image elementor-gallery-item__image\" data-thumbnail=\"https:\/\/www.portovenere.fr\/fr-fr\/wp-content\/uploads\/2025\/03\/Mosaique-pour-sol-et-mur-en-gres-cerame-imitation-pierre-naturelle-Bellastone-greige-30x30-cm-magasin-Porto-Venere-a-Montpellier-34-150x150.jpg\" data-width=\"150\" data-height=\"150\" aria-label=\"\" role=\"img\" ><\/div>\n\t\t\t\t\t\t\t\t\t\t\t<div class=\"elementor-gallery-item__overlay\"><\/div>\n\t\t\t\t\t\t\t\t\t\t\t\t\t\t<\/div>\n\t\t\t\t\t\t\t<div class=\"e-gallery-item elementor-gallery-item elementor-animated-content\">\n\t\t\t\t\t<div class=\"e-gallery-image elementor-gallery-item__image\" data-thumbnail=\"https:\/\/www.portovenere.fr\/fr-fr\/wp-content\/uploads\/2025\/03\/Mosaique-pour-sol-et-mur-en-gres-cerame-imitation-pierre-naturelle-claire-Bellastone-white-30x30-cm-magasin-Porto-Venere-a-Montpellier-34-150x150.jpg\" data-width=\"150\" data-height=\"150\" aria-label=\"\" role=\"img\" ><\/div>\n\t\t\t\t\t\t\t\t\t\t\t<div class=\"elementor-gallery-item__overlay\"><\/div>\n\t\t\t\t\t\t\t\t\t\t\t\t\t\t<\/div>\n\t\t\t\t\t\t\t<div class=\"e-gallery-item elementor-gallery-item elementor-animated-content\">\n\t\t\t\t\t<div class=\"e-gallery-image elementor-gallery-item__image\" data-thumbnail=\"https:\/\/www.portovenere.fr\/fr-fr\/wp-content\/uploads\/2025\/03\/Mosaique-pour-sol-et-mur-en-gres-cerame-imitation-pierre-naturelle-Bellastone-marron-30x30-cm-magasin-Porto-Venere-pres-de-Balaruc-34-150x150.jpg\" data-width=\"150\" data-height=\"150\" aria-label=\"\" role=\"img\" ><\/div>\n\t\t\t\t\t\t\t\t\t\t\t<div class=\"elementor-gallery-item__overlay\"><\/div>\n\t\t\t\t\t\t\t\t\t\t\t\t\t\t<\/div>\n\t\t\t\t\t\t\t<div class=\"e-gallery-item elementor-gallery-item elementor-animated-content\">\n\t\t\t\t\t<div class=\"e-gallery-image elementor-gallery-item__image\" data-thumbnail=\"https:\/\/www.portovenere.fr\/fr-fr\/wp-content\/uploads\/2025\/03\/Mosaique-pour-sol-et-mur-en-gres-cerame-imitation-pierre-naturelle-claire-Bellastone-creme-30x30-cm-magasin-Porto-Venere-pres-de-Agde-34-150x150.jpg\" data-width=\"150\" data-height=\"150\" aria-label=\"\" role=\"img\" ><\/div>\n\t\t\t\t\t\t\t\t\t\t\t<div class=\"elementor-gallery-item__overlay\"><\/div>\n\t\t\t\t\t\t\t\t\t\t\t\t\t\t<\/div>\n\t\t\t\t\t<\/div>\n\t\t\t\t\t<\/div>\n\t\t\t\t<\/div>\n\t\t\t\t<div class=\"elementor-element elementor-element-65cd3a6d elementor-widget elementor-widget-text-editor\" data-id=\"65cd3a6d\" data-element_type=\"widget\" data-e-type=\"widget\" data-widget_type=\"text-editor.default\">\n\t\t\t\t<div class=\"elementor-widget-container\">\n\t\t\t\t\t\t\t\t\t<p data-sourcepos=\"5:1-5:46\">Le carrelage gr\u00e8s c\u00e9rame color\u00e9 dans la masse aspect pierre<b>\u00a0BELLASTONE,\u00a0<\/b>propose\u00a0<b>4 teintes\u00a0<\/b>agr\u00e9ables pour vos<b>\u00a0espaces int\u00e9rieurs et ext\u00e9rieurs : Marron, Gr\u00e8ge, Blanc et Cr\u00e8me.<\/b><\/p><p data-sourcepos=\"5:1-5:46\">Ce\u00a0<b>gr\u00e8s c\u00e9rame<\/b>\u00a0vous offre le choix parmi les formats suivants pour vos\u00a0<b>sols et murs<\/b>\u00a0:\u00a0<b>30&#215;60 cm, 60&#215;60 cm , 60&#215;120 cm, 100&#215;100 cm et le grand format 120&#215;120 cm.<\/b><\/p><p data-sourcepos=\"5:1-5:46\">Disponible en<b>\u00a0finition naturelle, finition Wax (Poli) ou antid\u00e9rapante.<\/b><\/p><p data-sourcepos=\"5:1-5:46\">Vous pourrez assurer une\u00a0<b>continuit\u00e9 de vos espaces de vie vers l&rsquo;ext\u00e9rieur<\/b>\u00a0gr\u00e2ce \u00e0 la\u00a0<b>finition antid\u00e9rapante<\/b>.\u00a0<\/p><p data-sourcepos=\"5:1-5:46\">Aussi, des\u00a0<b>dalles 60&#215;120 cm antid\u00e9rapantes en 2cm\u00a0<\/b>d&rsquo;\u00e9paisseur, sont propos\u00e9es pour vos\u00a0<b>terrasses ou tours de piscine<\/b>\u00a0pour une pose sur plots, sur gravier, gazon ou en pose coll\u00e9e.\u00a0<\/p><p data-sourcepos=\"5:1-5:46\">Le carrelage aspect pierre naturelle et antid\u00e9rapante Bellastone existe \u00e9galement en\u00a0<b>mosaique\u00a0<\/b>30&#215;30 cm et en\u00a0<b>mosa\u00efque hexagonale<\/b>\u00a025&#215;30 cm pour am\u00e9nager des espaces tels qu&rsquo;une cr\u00e9dence de cuisine, une salle de bain ou le mur d&rsquo;un hall d&rsquo;h\u00f4tel par exemple.<\/p>\t\t\t\t\t\t\t\t<\/div>\n\t\t\t\t<\/div>\n\t\t\t\t<div class=\"elementor-element elementor-element-58ba3e9a elementor-mobile-align-center elementor-align-left elementor-widget elementor-widget-button\" data-id=\"58ba3e9a\" data-element_type=\"widget\" data-e-type=\"widget\" data-widget_type=\"button.default\">\n\t\t\t\t<div class=\"elementor-widget-container\">\n\t\t\t\t\t\t\t\t\t<div class=\"elementor-button-wrapper\">\n\t\t\t\t\t<a class=\"elementor-button elementor-button-link elementor-size-sm\" href=\"https:\/\/www.portovenere.fr\/fr-fr\/carrelage-sol-et-mur-en-gres-cerame-et-faience\/carrelage-aspect-pierre\/carrelage-aspect-pierre-naturelle-et-antiderapante-bellastone\/\">\n\t\t\t\t\t\t<span class=\"elementor-button-content-wrapper\">\n\t\t\t\t\t\t\t\t\t<span class=\"elementor-button-text\">Voir la collection<\/span>\n\t\t\t\t\t<\/span>\n\t\t\t\t\t<\/a>\n\t\t\t\t<\/div>\n\t\t\t\t\t\t\t\t<\/div>\n\t\t\t\t<\/div>\n\t\t\t\t\t<\/div>\n\t\t<\/div>\n\t\t\t\t\t<\/div>\n\t\t<\/section>\n\t\t\t\t<section class=\"elementor-section elementor-top-section elementor-element elementor-element-79de61a6 elementor-section-full_width elementor-section-height-default elementor-section-height-default elementor-invisible\" data-id=\"79de61a6\" data-element_type=\"section\" data-e-type=\"section\" data-settings=\"{&quot;animation&quot;:&quot;fadeIn&quot;}\">\n\t\t\t\t\t\t<div class=\"elementor-container elementor-column-gap-default\">\n\t\t\t\t\t<div class=\"elementor-column elementor-col-33 elementor-top-column elementor-element elementor-element-16db111e elementor-invisible\" data-id=\"16db111e\" data-element_type=\"column\" data-e-type=\"column\" data-settings=\"{&quot;animation&quot;:&quot;fadeIn&quot;,&quot;background_background&quot;:&quot;classic&quot;}\">\n\t\t\t<div class=\"elementor-widget-wrap elementor-element-populated\">\n\t\t\t\t\t\t<div class=\"elementor-element elementor-element-261f9e80 elementor-widget elementor-widget-image\" data-id=\"261f9e80\" data-element_type=\"widget\" data-e-type=\"widget\" data-widget_type=\"image.default\">\n\t\t\t\t<div class=\"elementor-widget-container\">\n\t\t\t\t\t\t\t\t\t\t\t\t\t\t\t\t<a href=\"https:\/\/www.portovenere.fr\/fr-fr\/carrelage-sol-et-mur-en-gres-cerame-et-faience\/dalles-20mm-pose-sur-plots-sable-gravier-collee\/carrelage-exterieur-aspect-beton-lisse-20-mm-ground-concrete\/\">\n\t\t\t\t\t\t\t<img loading=\"lazy\" decoding=\"async\" width=\"768\" height=\"512\" src=\"https:\/\/www.portovenere.fr\/fr-fr\/wp-content\/uploads\/2019\/12\/Carrelage_ext\u00e9rieur_20mm_en-gr\u00e8s-c\u00e9rame-Ground-Concrete-GC05-1-768x512.jpg\" class=\"attachment-medium_large size-medium_large wp-image-21888\" alt=\"\" srcset=\"https:\/\/www.portovenere.fr\/fr-fr\/wp-content\/uploads\/2019\/12\/Carrelage_ext\u00e9rieur_20mm_en-gr\u00e8s-c\u00e9rame-Ground-Concrete-GC05-1-768x512.jpg 768w, https:\/\/www.portovenere.fr\/fr-fr\/wp-content\/uploads\/2019\/12\/Carrelage_ext\u00e9rieur_20mm_en-gr\u00e8s-c\u00e9rame-Ground-Concrete-GC05-1-300x200.jpg 300w, https:\/\/www.portovenere.fr\/fr-fr\/wp-content\/uploads\/2019\/12\/Carrelage_ext\u00e9rieur_20mm_en-gr\u00e8s-c\u00e9rame-Ground-Concrete-GC05-1-1024x682.jpg 1024w, https:\/\/www.portovenere.fr\/fr-fr\/wp-content\/uploads\/2019\/12\/Carrelage_ext\u00e9rieur_20mm_en-gr\u00e8s-c\u00e9rame-Ground-Concrete-GC05-1.jpg 1448w\" sizes=\"(max-width: 768px) 100vw, 768px\" \/>\t\t\t\t\t\t\t\t<\/a>\n\t\t\t\t\t\t\t\t\t\t\t\t\t\t\t<\/div>\n\t\t\t\t<\/div>\n\t\t\t\t<section class=\"elementor-section elementor-inner-section elementor-element elementor-element-c847a24 elementor-section-boxed elementor-section-height-default elementor-section-height-default elementor-invisible\" data-id=\"c847a24\" data-element_type=\"section\" data-e-type=\"section\" data-settings=\"{&quot;background_background&quot;:&quot;classic&quot;,&quot;animation&quot;:&quot;fadeIn&quot;}\">\n\t\t\t\t\t\t<div class=\"elementor-container elementor-column-gap-default\">\n\t\t\t\t\t<div class=\"elementor-column elementor-col-100 elementor-inner-column elementor-element elementor-element-776b24e1\" data-id=\"776b24e1\" data-element_type=\"column\" data-e-type=\"column\">\n\t\t\t<div class=\"elementor-widget-wrap elementor-element-populated\">\n\t\t\t\t\t\t<div class=\"elementor-element elementor-element-5ece7c59 elementor-widget elementor-widget-heading\" data-id=\"5ece7c59\" data-element_type=\"widget\" data-e-type=\"widget\" data-widget_type=\"heading.default\">\n\t\t\t\t<div class=\"elementor-widget-container\">\n\t\t\t\t\t<h3 class=\"elementor-heading-title elementor-size-default\"><a href=\"https:\/\/www.portovenere.fr\/fr-fr\/carrelage-sol-et-mur-en-gres-cerame-et-faience\/dalles-20mm-pose-sur-plots-sable-gravier-collee\/carrelage-exterieur-aspect-beton-lisse-20-mm-ground-concrete\/\">Dalles GROUND CONCRETE | 4 coloris<\/a><\/h3>\t\t\t\t<\/div>\n\t\t\t\t<\/div>\n\t\t\t\t<div class=\"elementor-element elementor-element-385ac7a7 elementor-widget__width-initial elementor-widget elementor-widget-gallery\" data-id=\"385ac7a7\" data-element_type=\"widget\" data-e-type=\"widget\" data-settings=\"{&quot;gap&quot;:{&quot;unit&quot;:&quot;px&quot;,&quot;size&quot;:3,&quot;sizes&quot;:[]},&quot;columns_mobile&quot;:3,&quot;gap_mobile&quot;:{&quot;unit&quot;:&quot;px&quot;,&quot;size&quot;:6,&quot;sizes&quot;:[]},&quot;columns&quot;:5,&quot;columns_tablet&quot;:3,&quot;gap_tablet&quot;:{&quot;unit&quot;:&quot;px&quot;,&quot;size&quot;:5,&quot;sizes&quot;:[]},&quot;lazyload&quot;:&quot;yes&quot;,&quot;gallery_layout&quot;:&quot;grid&quot;,&quot;aspect_ratio&quot;:&quot;3:2&quot;,&quot;overlay_background&quot;:&quot;yes&quot;,&quot;content_hover_animation&quot;:&quot;fade-in&quot;}\" data-widget_type=\"gallery.default\">\n\t\t\t\t<div class=\"elementor-widget-container\">\n\t\t\t\t\t\t\t<div class=\"elementor-gallery__container\">\n\t\t\t\t\t\t\t<div class=\"e-gallery-item elementor-gallery-item elementor-animated-content\">\n\t\t\t\t\t<div class=\"e-gallery-image elementor-gallery-item__image\" data-thumbnail=\"https:\/\/www.portovenere.fr\/fr-fr\/wp-content\/uploads\/2019\/12\/Carrelage-ext\u00e9rieur-contemporain-Ground-Concrete-GC06-20mm-150x150.jpg\" data-width=\"150\" data-height=\"150\" aria-label=\"\" role=\"img\" ><\/div>\n\t\t\t\t\t\t\t\t\t\t\t<div class=\"elementor-gallery-item__overlay\"><\/div>\n\t\t\t\t\t\t\t\t\t\t\t\t\t\t<\/div>\n\t\t\t\t\t\t\t<div class=\"e-gallery-item elementor-gallery-item elementor-animated-content\">\n\t\t\t\t\t<div class=\"e-gallery-image elementor-gallery-item__image\" data-thumbnail=\"https:\/\/www.portovenere.fr\/fr-fr\/wp-content\/uploads\/2019\/12\/Carrelage-ext\u00e9rieur-contemporain-Ground-Concrete-GC05-20mm-150x150.jpg\" data-width=\"150\" data-height=\"150\" aria-label=\"\" role=\"img\" ><\/div>\n\t\t\t\t\t\t\t\t\t\t\t<div class=\"elementor-gallery-item__overlay\"><\/div>\n\t\t\t\t\t\t\t\t\t\t\t\t\t\t<\/div>\n\t\t\t\t\t\t\t<div class=\"e-gallery-item elementor-gallery-item elementor-animated-content\">\n\t\t\t\t\t<div class=\"e-gallery-image elementor-gallery-item__image\" data-thumbnail=\"https:\/\/www.portovenere.fr\/fr-fr\/wp-content\/uploads\/2019\/12\/Carrelage-ext\u00e9rieur-contemporain-Ground-Concrete-GC04-20mm-150x150.jpg\" data-width=\"150\" data-height=\"150\" aria-label=\"\" role=\"img\" ><\/div>\n\t\t\t\t\t\t\t\t\t\t\t<div class=\"elementor-gallery-item__overlay\"><\/div>\n\t\t\t\t\t\t\t\t\t\t\t\t\t\t<\/div>\n\t\t\t\t\t\t\t<div class=\"e-gallery-item elementor-gallery-item elementor-animated-content\">\n\t\t\t\t\t<div class=\"e-gallery-image elementor-gallery-item__image\" data-thumbnail=\"https:\/\/www.portovenere.fr\/fr-fr\/wp-content\/uploads\/2019\/12\/Carrelage-ext\u00e9rieur-contemporain-Ground-Concrete-GC03-20mm-150x150.jpg\" data-width=\"150\" data-height=\"150\" aria-label=\"\" role=\"img\" ><\/div>\n\t\t\t\t\t\t\t\t\t\t\t<div class=\"elementor-gallery-item__overlay\"><\/div>\n\t\t\t\t\t\t\t\t\t\t\t\t\t\t<\/div>\n\t\t\t\t\t<\/div>\n\t\t\t\t\t<\/div>\n\t\t\t\t<\/div>\n\t\t\t\t<div class=\"elementor-element elementor-element-17d96945 elementor-widget elementor-widget-text-editor\" data-id=\"17d96945\" data-element_type=\"widget\" data-e-type=\"widget\" data-widget_type=\"text-editor.default\">\n\t\t\t\t<div class=\"elementor-widget-container\">\n\t\t\t\t\t\t\t\t\t<p>Dalles 20mm d&rsquo;\u00e9paisseur pour l&rsquo;ext\u00e9rieur aspect sol b\u00e9ton liss\u00e9 tr\u00e8s contemporain en gr\u00e8s c\u00e9rame pour terrasse, tour de piscine, all\u00e9e de garage, all\u00e9e pi\u00e9tonne, etc. Une collection disponible dans plusieurs formats : 60&#215;60 cm, 90&#215;90, 60&#215;120&#8230;<\/p>\n<p>Pose sur plots r\u00e9glables, sable, gravier, pelouse et pose coll\u00e9e sur dalle b\u00e9ton.<\/p>\t\t\t\t\t\t\t\t<\/div>\n\t\t\t\t<\/div>\n\t\t\t\t<div class=\"elementor-element elementor-element-49ba1bf4 elementor-mobile-align-center elementor-widget elementor-widget-button\" data-id=\"49ba1bf4\" data-element_type=\"widget\" data-e-type=\"widget\" data-widget_type=\"button.default\">\n\t\t\t\t<div class=\"elementor-widget-container\">\n\t\t\t\t\t\t\t\t\t<div class=\"elementor-button-wrapper\">\n\t\t\t\t\t<a class=\"elementor-button elementor-button-link elementor-size-sm\" href=\"https:\/\/www.portovenere.fr\/fr-fr\/carrelage-sol-et-mur-en-gres-cerame-et-faience\/dalles-20mm-pose-sur-plots-sable-gravier-collee\/carrelage-exterieur-aspect-beton-lisse-20-mm-ground-concrete\/\">\n\t\t\t\t\t\t<span class=\"elementor-button-content-wrapper\">\n\t\t\t\t\t\t\t\t\t<span class=\"elementor-button-text\">Voir la collection<\/span>\n\t\t\t\t\t<\/span>\n\t\t\t\t\t<\/a>\n\t\t\t\t<\/div>\n\t\t\t\t\t\t\t\t<\/div>\n\t\t\t\t<\/div>\n\t\t\t\t\t<\/div>\n\t\t<\/div>\n\t\t\t\t\t<\/div>\n\t\t<\/section>\n\t\t\t\t\t<\/div>\n\t\t<\/div>\n\t\t\t\t<div class=\"elementor-column elementor-col-33 elementor-top-column elementor-element elementor-element-4dc7ea2b elementor-invisible\" data-id=\"4dc7ea2b\" data-element_type=\"column\" data-e-type=\"column\" data-settings=\"{&quot;animation&quot;:&quot;fadeIn&quot;,&quot;background_background&quot;:&quot;classic&quot;}\">\n\t\t\t<div class=\"elementor-widget-wrap elementor-element-populated\">\n\t\t\t\t\t\t<div class=\"elementor-element elementor-element-6a5fb16d elementor-widget elementor-widget-image\" data-id=\"6a5fb16d\" data-element_type=\"widget\" data-e-type=\"widget\" data-widget_type=\"image.default\">\n\t\t\t\t<div class=\"elementor-widget-container\">\n\t\t\t\t\t\t\t\t\t\t\t\t\t\t\t\t<a href=\"https:\/\/www.portovenere.fr\/fr-fr\/carrelage-sol-et-mur-en-gres-cerame-et-faience\/dalles-20mm-pose-sur-plots-sable-gravier-collee\/dalle-exterieure-effet-parquet-bois-20mm-serie-na\/\">\n\t\t\t\t\t\t\t<img loading=\"lazy\" decoding=\"async\" width=\"768\" height=\"512\" src=\"https:\/\/www.portovenere.fr\/fr-fr\/wp-content\/uploads\/2019\/12\/Dalle-ext\u00e9rieure-20mm-effet-plancher-bois-naturel_S\u00e9rie-NA02-1-768x512.jpg\" class=\"attachment-medium_large size-medium_large wp-image-21904\" alt=\"\" srcset=\"https:\/\/www.portovenere.fr\/fr-fr\/wp-content\/uploads\/2019\/12\/Dalle-ext\u00e9rieure-20mm-effet-plancher-bois-naturel_S\u00e9rie-NA02-1-768x512.jpg 768w, https:\/\/www.portovenere.fr\/fr-fr\/wp-content\/uploads\/2019\/12\/Dalle-ext\u00e9rieure-20mm-effet-plancher-bois-naturel_S\u00e9rie-NA02-1-300x200.jpg 300w, https:\/\/www.portovenere.fr\/fr-fr\/wp-content\/uploads\/2019\/12\/Dalle-ext\u00e9rieure-20mm-effet-plancher-bois-naturel_S\u00e9rie-NA02-1-1024x683.jpg 1024w, https:\/\/www.portovenere.fr\/fr-fr\/wp-content\/uploads\/2019\/12\/Dalle-ext\u00e9rieure-20mm-effet-plancher-bois-naturel_S\u00e9rie-NA02-1.jpg 1119w\" sizes=\"(max-width: 768px) 100vw, 768px\" \/>\t\t\t\t\t\t\t\t<\/a>\n\t\t\t\t\t\t\t\t\t\t\t\t\t\t\t<\/div>\n\t\t\t\t<\/div>\n\t\t\t\t<section class=\"elementor-section elementor-inner-section elementor-element elementor-element-d4fc604 elementor-section-boxed elementor-section-height-default elementor-section-height-default elementor-invisible\" data-id=\"d4fc604\" data-element_type=\"section\" data-e-type=\"section\" data-settings=\"{&quot;background_background&quot;:&quot;classic&quot;,&quot;animation&quot;:&quot;fadeIn&quot;}\">\n\t\t\t\t\t\t<div class=\"elementor-container elementor-column-gap-default\">\n\t\t\t\t\t<div class=\"elementor-column elementor-col-100 elementor-inner-column elementor-element elementor-element-5d49f6ce\" data-id=\"5d49f6ce\" data-element_type=\"column\" data-e-type=\"column\">\n\t\t\t<div class=\"elementor-widget-wrap elementor-element-populated\">\n\t\t\t\t\t\t<div class=\"elementor-element elementor-element-75da0a91 elementor-widget elementor-widget-heading\" data-id=\"75da0a91\" data-element_type=\"widget\" data-e-type=\"widget\" data-widget_type=\"heading.default\">\n\t\t\t\t<div class=\"elementor-widget-container\">\n\t\t\t\t\t<h3 class=\"elementor-heading-title elementor-size-default\"><a href=\"https:\/\/www.portovenere.fr\/fr-fr\/carrelage-sol-et-mur-en-gres-cerame-et-faience\/dalles-20mm-pose-sur-plots-sable-gravier-collee\/dalle-exterieure-effet-parquet-bois-20mm-serie-na\/\">Dalles S\u00c9RIE NA | 2 coloris<\/a><\/h3>\t\t\t\t<\/div>\n\t\t\t\t<\/div>\n\t\t\t\t<div class=\"elementor-element elementor-element-59c6db4e elementor-widget__width-initial elementor-widget elementor-widget-gallery\" data-id=\"59c6db4e\" data-element_type=\"widget\" data-e-type=\"widget\" data-settings=\"{&quot;gap&quot;:{&quot;unit&quot;:&quot;px&quot;,&quot;size&quot;:3,&quot;sizes&quot;:[]},&quot;columns_mobile&quot;:3,&quot;gap_mobile&quot;:{&quot;unit&quot;:&quot;px&quot;,&quot;size&quot;:6,&quot;sizes&quot;:[]},&quot;columns&quot;:5,&quot;columns_tablet&quot;:3,&quot;gap_tablet&quot;:{&quot;unit&quot;:&quot;px&quot;,&quot;size&quot;:5,&quot;sizes&quot;:[]},&quot;lazyload&quot;:&quot;yes&quot;,&quot;gallery_layout&quot;:&quot;grid&quot;,&quot;aspect_ratio&quot;:&quot;3:2&quot;,&quot;overlay_background&quot;:&quot;yes&quot;,&quot;content_hover_animation&quot;:&quot;fade-in&quot;}\" data-widget_type=\"gallery.default\">\n\t\t\t\t<div class=\"elementor-widget-container\">\n\t\t\t\t\t\t\t<div class=\"elementor-gallery__container\">\n\t\t\t\t\t\t\t<div class=\"e-gallery-item elementor-gallery-item elementor-animated-content\">\n\t\t\t\t\t<div class=\"e-gallery-image elementor-gallery-item__image\" data-thumbnail=\"https:\/\/www.portovenere.fr\/fr-fr\/wp-content\/uploads\/2019\/12\/Carrelage-ext\u00e9rieur-effet-plancher-bois_S\u00e9rie-NA01-20mm-150x150.jpg\" data-width=\"150\" data-height=\"150\" aria-label=\"\" role=\"img\" ><\/div>\n\t\t\t\t\t\t\t\t\t\t\t<div class=\"elementor-gallery-item__overlay\"><\/div>\n\t\t\t\t\t\t\t\t\t\t\t\t\t\t<\/div>\n\t\t\t\t\t\t\t<div class=\"e-gallery-item elementor-gallery-item elementor-animated-content\">\n\t\t\t\t\t<div class=\"e-gallery-image elementor-gallery-item__image\" data-thumbnail=\"https:\/\/www.portovenere.fr\/fr-fr\/wp-content\/uploads\/2019\/12\/Carrelage-ext\u00e9rieur-effet-plancher-bois_S\u00e9rie-NA02-20mm-150x150.jpg\" data-width=\"150\" data-height=\"150\" aria-label=\"\" role=\"img\" ><\/div>\n\t\t\t\t\t\t\t\t\t\t\t<div class=\"elementor-gallery-item__overlay\"><\/div>\n\t\t\t\t\t\t\t\t\t\t\t\t\t\t<\/div>\n\t\t\t\t\t<\/div>\n\t\t\t\t\t<\/div>\n\t\t\t\t<\/div>\n\t\t\t\t<div class=\"elementor-element elementor-element-1556dc4 elementor-widget elementor-widget-text-editor\" data-id=\"1556dc4\" data-element_type=\"widget\" data-e-type=\"widget\" data-widget_type=\"text-editor.default\">\n\t\t\t\t<div class=\"elementor-widget-container\">\n\t\t\t\t\t\t\t\t\t<p>Dalle ext\u00e9rieure&nbsp;en gr\u00e8s c\u00e9rame&nbsp;aspect parquet en bois de 2 cm d&rsquo;\u00e9paisseur pour terrasse, tour de piscine, all\u00e9e de garage, balcon, all\u00e9e pi\u00e9tonne, etc. Disponible en coloris gris ou marron clair dans les formats 60&#215;60 cm et 30&#215;120 cm.<\/p>\n<p>Pose sur plots r\u00e9glables, sable, gravier, pelouse et pose coll\u00e9e sur chape b\u00e9ton.<\/p>\t\t\t\t\t\t\t\t<\/div>\n\t\t\t\t<\/div>\n\t\t\t\t<div class=\"elementor-element elementor-element-5528628e elementor-mobile-align-center elementor-widget elementor-widget-button\" data-id=\"5528628e\" data-element_type=\"widget\" data-e-type=\"widget\" data-widget_type=\"button.default\">\n\t\t\t\t<div class=\"elementor-widget-container\">\n\t\t\t\t\t\t\t\t\t<div class=\"elementor-button-wrapper\">\n\t\t\t\t\t<a class=\"elementor-button elementor-button-link elementor-size-sm\" href=\"https:\/\/www.portovenere.fr\/fr-fr\/carrelage-sol-et-mur-en-gres-cerame-et-faience\/dalles-20mm-pose-sur-plots-sable-gravier-collee\/dalle-exterieure-effet-parquet-bois-20mm-serie-na\/\">\n\t\t\t\t\t\t<span class=\"elementor-button-content-wrapper\">\n\t\t\t\t\t\t\t\t\t<span class=\"elementor-button-text\">Voir la collection<\/span>\n\t\t\t\t\t<\/span>\n\t\t\t\t\t<\/a>\n\t\t\t\t<\/div>\n\t\t\t\t\t\t\t\t<\/div>\n\t\t\t\t<\/div>\n\t\t\t\t\t<\/div>\n\t\t<\/div>\n\t\t\t\t\t<\/div>\n\t\t<\/section>\n\t\t\t\t\t<\/div>\n\t\t<\/div>\n\t\t\t\t<div class=\"elementor-column elementor-col-33 elementor-top-column elementor-element elementor-element-5c187f\" data-id=\"5c187f\" data-element_type=\"column\" data-e-type=\"column\" data-settings=\"{&quot;background_background&quot;:&quot;classic&quot;}\">\n\t\t\t<div class=\"elementor-widget-wrap elementor-element-populated\">\n\t\t\t\t\t\t<div class=\"elementor-element elementor-element-dafaeb7 elementor-widget elementor-widget-image\" data-id=\"dafaeb7\" data-element_type=\"widget\" data-e-type=\"widget\" data-widget_type=\"image.default\">\n\t\t\t\t<div class=\"elementor-widget-container\">\n\t\t\t\t\t\t\t\t\t\t\t\t\t\t\t\t<a href=\"https:\/\/www.portovenere.fr\/fr-fr\/carrelage-sol-et-mur-en-gres-cerame-et-faience\/carrelage-aspect-pierre\/carrelage-pierre-du-sud-leffet-pierre-mediterraneenne\/\">\n\t\t\t\t\t\t\t<img decoding=\"async\" src=\"https:\/\/www.portovenere.fr\/fr-fr\/wp-content\/uploads\/elementor\/thumbs\/Carrelage-gres-cerame-Pierre-du-Sud-style-mediterraneen-pour-interieur-et-exterieur-Magasin-Porto-Venere-Montpellier_pres-de-La-Grande-Motte-34-rct3cn9n6724em187iufjf9l545dvwp3dz0en1w4ww.jpg\" title=\"Carrelage-gr\u00e8s-c\u00e9rame-Pierre-du-Sud-style-m\u00e9diterran\u00e9en-pour-int\u00e9rieur-et-ext\u00e9rieur-Magasin-Porto-Venere-Montpellier_pr\u00e8s-de-La-Grande-Motte-34\" alt=\"Villa d&#039;architecte avec carrelage pour terrasse esprit pierre naturelle m\u00e9diterran\u00e9enne PIERRE DU SUD coloris Rodi finition dalles 20mm antid\u00e9rapantes 60x120 cm\" loading=\"lazy\" \/>\t\t\t\t\t\t\t\t<\/a>\n\t\t\t\t\t\t\t\t\t\t\t\t\t\t\t<\/div>\n\t\t\t\t<\/div>\n\t\t\t\t<div class=\"elementor-element elementor-element-78a55c32 elementor-widget elementor-widget-heading\" data-id=\"78a55c32\" data-element_type=\"widget\" data-e-type=\"widget\" data-widget_type=\"heading.default\">\n\t\t\t\t<div class=\"elementor-widget-container\">\n\t\t\t\t\t<h3 class=\"elementor-heading-title elementor-size-default\"><a href=\"https:\/\/www.portovenere.fr\/fr-fr\/carrelage-sol-et-mur-en-gres-cerame-et-faience\/carrelage-aspect-pierre\/carrelage-pierre-du-sud-leffet-pierre-mediterraneenne\/\">PIERRE DU SUD | 4 coloris<\/a><\/h3>\t\t\t\t<\/div>\n\t\t\t\t<\/div>\n\t\t\t\t<div class=\"elementor-element elementor-element-64c48d34 elementor-widget__width-initial elementor-widget elementor-widget-gallery\" data-id=\"64c48d34\" data-element_type=\"widget\" data-e-type=\"widget\" data-settings=\"{&quot;gap&quot;:{&quot;unit&quot;:&quot;px&quot;,&quot;size&quot;:3,&quot;sizes&quot;:[]},&quot;columns_mobile&quot;:3,&quot;gap_mobile&quot;:{&quot;unit&quot;:&quot;px&quot;,&quot;size&quot;:6,&quot;sizes&quot;:[]},&quot;columns&quot;:5,&quot;columns_tablet&quot;:3,&quot;gap_tablet&quot;:{&quot;unit&quot;:&quot;px&quot;,&quot;size&quot;:5,&quot;sizes&quot;:[]},&quot;lazyload&quot;:&quot;yes&quot;,&quot;gallery_layout&quot;:&quot;grid&quot;,&quot;aspect_ratio&quot;:&quot;3:2&quot;,&quot;overlay_background&quot;:&quot;yes&quot;,&quot;content_hover_animation&quot;:&quot;fade-in&quot;}\" data-widget_type=\"gallery.default\">\n\t\t\t\t<div class=\"elementor-widget-container\">\n\t\t\t\t\t\t\t<div class=\"elementor-gallery__container\">\n\t\t\t\t\t\t\t<div class=\"e-gallery-item elementor-gallery-item elementor-animated-content\">\n\t\t\t\t\t<div class=\"e-gallery-image elementor-gallery-item__image\" data-thumbnail=\"https:\/\/www.portovenere.fr\/fr-fr\/wp-content\/uploads\/2025\/10\/Carrelage-gres-cerame-Pierre-du-Sud-Ostuni-style-mediterraneen-pour-interieur-et-exterieur-Magasin-Porto-Venere-Montpellier_pres-de-Agde-34-150x150.jpg\" data-width=\"150\" data-height=\"150\" aria-label=\"\" role=\"img\" ><\/div>\n\t\t\t\t\t\t\t\t\t\t\t<div class=\"elementor-gallery-item__overlay\"><\/div>\n\t\t\t\t\t\t\t\t\t\t\t\t\t\t<\/div>\n\t\t\t\t\t\t\t<div class=\"e-gallery-item elementor-gallery-item elementor-animated-content\">\n\t\t\t\t\t<div class=\"e-gallery-image elementor-gallery-item__image\" data-thumbnail=\"https:\/\/www.portovenere.fr\/fr-fr\/wp-content\/uploads\/2025\/10\/Carrelage-gres-cerame-Pierre-du-Sud-Trani-style-mediterraneen-pour-interieur-et-exterieur-Magasin-Porto-Venere-Montpellier_pres-de-Castelnau-le-lez-34-150x150.jpg\" data-width=\"150\" data-height=\"150\" aria-label=\"\" role=\"img\" ><\/div>\n\t\t\t\t\t\t\t\t\t\t\t<div class=\"elementor-gallery-item__overlay\"><\/div>\n\t\t\t\t\t\t\t\t\t\t\t\t\t\t<\/div>\n\t\t\t\t\t\t\t<div class=\"e-gallery-item elementor-gallery-item elementor-animated-content\">\n\t\t\t\t\t<div class=\"e-gallery-image elementor-gallery-item__image\" data-thumbnail=\"https:\/\/www.portovenere.fr\/fr-fr\/wp-content\/uploads\/2025\/10\/Carrelage-gres-cerame-Pierre-du-Sud-Spalato-style-mediterraneen-pour-interieur-et-exterieur-Magasin-Porto-Venere-Montpellier_pres-de-Mauguio-34-150x150.jpg\" data-width=\"150\" data-height=\"150\" aria-label=\"\" role=\"img\" ><\/div>\n\t\t\t\t\t\t\t\t\t\t\t<div class=\"elementor-gallery-item__overlay\"><\/div>\n\t\t\t\t\t\t\t\t\t\t\t\t\t\t<\/div>\n\t\t\t\t\t\t\t<div class=\"e-gallery-item elementor-gallery-item elementor-animated-content\">\n\t\t\t\t\t<div class=\"e-gallery-image elementor-gallery-item__image\" data-thumbnail=\"https:\/\/www.portovenere.fr\/fr-fr\/wp-content\/uploads\/2025\/10\/Carrelage-gres-cerame-Pierre-du-Sud-Rodi-style-mediterraneen-pour-interieur-et-exterieur-Magasin-Porto-Venere-Montpellier_pres-de-Lattes-34-150x150.jpg\" data-width=\"150\" data-height=\"150\" aria-label=\"\" role=\"img\" ><\/div>\n\t\t\t\t\t\t\t\t\t\t\t<div class=\"elementor-gallery-item__overlay\"><\/div>\n\t\t\t\t\t\t\t\t\t\t\t\t\t\t<\/div>\n\t\t\t\t\t<\/div>\n\t\t\t\t\t<\/div>\n\t\t\t\t<\/div>\n\t\t\t\t<div class=\"elementor-element elementor-element-5dec2848 elementor-widget elementor-widget-text-editor\" data-id=\"5dec2848\" data-element_type=\"widget\" data-e-type=\"widget\" data-widget_type=\"text-editor.default\">\n\t\t\t\t<div class=\"elementor-widget-container\">\n\t\t\t\t\t\t\t\t\t<p data-start=\"74\" data-end=\"212\">La collection <span data-start=\"14\" data-end=\"31\">PIERRE DU SUD<\/span> r\u00e9invente le <b>carrelage effet pierre<\/b> dans un <b>esprit m\u00e9diterran\u00e9en<\/b> contemporain, id\u00e9al pour <b>l\u2019int\u00e9rieur comme pour l\u2019ext\u00e9rieur.&nbsp;<\/b><\/p><p data-start=\"74\" data-end=\"212\">En gr\u00e8s c\u00e9rame haute performance, elle allie authenticit\u00e9, \u00e9l\u00e9gance et durabilit\u00e9. Ses <b>formats vari\u00e9s<\/b> \u2013 du 30&#215;60 au XXL 120&#215;278 cm \u2013 offrent une grande libert\u00e9 de composition. D\u00e9clin\u00e9e en teintes <b>sable, beige, gris clair ou gris terre<\/b>, et en finitions naturel mat, Honed adouci ou antid\u00e9rapant, elle cr\u00e9e des ambiances chaleureuses et lumineuses.&nbsp;<\/p><p data-start=\"74\" data-end=\"212\">Parfaite pour sols, murs, terrasses, tour de piscine, cr\u00e9dence de salle de bain, <strong data-start=\"535\" data-end=\"552\">PIERRE DU SUD<\/strong> allie esth\u00e9tique naturelle et performance durable pour des espaces intemporels.<\/p>\t\t\t\t\t\t\t\t<\/div>\n\t\t\t\t<\/div>\n\t\t\t\t<div class=\"elementor-element elementor-element-2602a439 elementor-mobile-align-center elementor-align-left elementor-widget elementor-widget-button\" data-id=\"2602a439\" data-element_type=\"widget\" data-e-type=\"widget\" data-widget_type=\"button.default\">\n\t\t\t\t<div class=\"elementor-widget-container\">\n\t\t\t\t\t\t\t\t\t<div class=\"elementor-button-wrapper\">\n\t\t\t\t\t<a class=\"elementor-button elementor-button-link elementor-size-sm\" href=\"https:\/\/www.portovenere.fr\/fr-fr\/carrelage-sol-et-mur-en-gres-cerame-et-faience\/carrelage-aspect-pierre\/carrelage-pierre-du-sud-leffet-pierre-mediterraneenne\/\">\n\t\t\t\t\t\t<span class=\"elementor-button-content-wrapper\">\n\t\t\t\t\t\t\t\t\t<span class=\"elementor-button-text\">Voir la collection<\/span>\n\t\t\t\t\t<\/span>\n\t\t\t\t\t<\/a>\n\t\t\t\t<\/div>\n\t\t\t\t\t\t\t\t<\/div>\n\t\t\t\t<\/div>\n\t\t\t\t\t<\/div>\n\t\t<\/div>\n\t\t\t\t\t<\/div>\n\t\t<\/section>\n\t\t\t\t<section class=\"elementor-section elementor-top-section elementor-element elementor-element-681cac8f elementor-section-full_width elementor-section-height-default elementor-section-height-default elementor-invisible\" data-id=\"681cac8f\" data-element_type=\"section\" data-e-type=\"section\" data-settings=\"{&quot;animation&quot;:&quot;fadeIn&quot;}\">\n\t\t\t\t\t\t<div class=\"elementor-container elementor-column-gap-default\">\n\t\t\t\t\t<div class=\"elementor-column elementor-col-33 elementor-top-column elementor-element elementor-element-50f54e45\" data-id=\"50f54e45\" data-element_type=\"column\" data-e-type=\"column\" data-settings=\"{&quot;background_background&quot;:&quot;classic&quot;}\">\n\t\t\t<div class=\"elementor-widget-wrap elementor-element-populated\">\n\t\t\t\t\t\t<div class=\"elementor-element elementor-element-3a766e8a elementor-widget elementor-widget-image\" data-id=\"3a766e8a\" data-element_type=\"widget\" data-e-type=\"widget\" data-widget_type=\"image.default\">\n\t\t\t\t<div class=\"elementor-widget-container\">\n\t\t\t\t\t\t\t\t\t\t\t\t\t\t\t\t<a href=\"https:\/\/www.portovenere.fr\/fr-fr\/carrelage-sol-et-mur-en-gres-cerame-et-faience\/carrelage-aspect-pierre\/carrelage-contemporain-imitation-pierre-naturelle\/\">\n\t\t\t\t\t\t\t<img decoding=\"async\" src=\"https:\/\/www.portovenere.fr\/fr-fr\/wp-content\/uploads\/elementor\/thumbs\/Carrelage-exterieur-terrasse-tour-de-piscine-esprit-pierre-naturelle-cream-Evidence-antiderapant-proche-de-Palavas-34-r8if8josz6ghxzgtp70zmy0g4ynz8cqntr20iwe53w.jpg\" title=\"Carrelage-ext\u00e9rieur-terrasse-tour-de-piscine-esprit-pierre-naturelle-cream-Evidence-antid\u00e9rapant-proche-de-Palavas-34\" alt=\"Carrelage-ext\u00e9rieur-terrasse-tour-de-piscine-esprit-pierre-naturelle-cream-Evidence-antid\u00e9rapant-proche-de-Palavas-34\" loading=\"lazy\" \/>\t\t\t\t\t\t\t\t<\/a>\n\t\t\t\t\t\t\t\t\t\t\t\t\t\t\t<\/div>\n\t\t\t\t<\/div>\n\t\t\t\t<div class=\"elementor-element elementor-element-5cd2daf6 elementor-widget elementor-widget-heading\" data-id=\"5cd2daf6\" data-element_type=\"widget\" data-e-type=\"widget\" data-widget_type=\"heading.default\">\n\t\t\t\t<div class=\"elementor-widget-container\">\n\t\t\t\t\t<h3 class=\"elementor-heading-title elementor-size-default\"><a href=\"https:\/\/www.portovenere.fr\/fr-fr\/carrelage-sol-et-mur-en-gres-cerame-et-faience\/carrelage-aspect-pierre\/carrelage-contemporain-imitation-pierre-naturelle\/\">EVIDENCE | 4 coloris &amp; 2 mosa\u00efques<\/a><\/h3>\t\t\t\t<\/div>\n\t\t\t\t<\/div>\n\t\t\t\t<div class=\"elementor-element elementor-element-7c54ee95 elementor-widget__width-initial elementor-widget elementor-widget-gallery\" data-id=\"7c54ee95\" data-element_type=\"widget\" data-e-type=\"widget\" data-settings=\"{&quot;gap&quot;:{&quot;unit&quot;:&quot;px&quot;,&quot;size&quot;:3,&quot;sizes&quot;:[]},&quot;columns_mobile&quot;:3,&quot;gap_mobile&quot;:{&quot;unit&quot;:&quot;px&quot;,&quot;size&quot;:6,&quot;sizes&quot;:[]},&quot;columns&quot;:5,&quot;columns_tablet&quot;:3,&quot;gap_tablet&quot;:{&quot;unit&quot;:&quot;px&quot;,&quot;size&quot;:5,&quot;sizes&quot;:[]},&quot;lazyload&quot;:&quot;yes&quot;,&quot;gallery_layout&quot;:&quot;grid&quot;,&quot;aspect_ratio&quot;:&quot;3:2&quot;,&quot;overlay_background&quot;:&quot;yes&quot;,&quot;content_hover_animation&quot;:&quot;fade-in&quot;}\" data-widget_type=\"gallery.default\">\n\t\t\t\t<div class=\"elementor-widget-container\">\n\t\t\t\t\t\t\t<div class=\"elementor-gallery__container\">\n\t\t\t\t\t\t\t<div class=\"e-gallery-item elementor-gallery-item elementor-animated-content\">\n\t\t\t\t\t<div class=\"e-gallery-image elementor-gallery-item__image\" data-thumbnail=\"https:\/\/www.portovenere.fr\/fr-fr\/wp-content\/uploads\/2024\/07\/Carrelage-gres-cerame-effet-pierre-naturelle-Evidence-coloris-Beige-pour-sol-et-mur-interieur-et-exterieur-proche-Saturargues-34-150x150.jpg\" data-width=\"150\" data-height=\"150\" aria-label=\"\" role=\"img\" ><\/div>\n\t\t\t\t\t\t\t\t\t\t\t<div class=\"elementor-gallery-item__overlay\"><\/div>\n\t\t\t\t\t\t\t\t\t\t\t\t\t\t<\/div>\n\t\t\t\t\t\t\t<div class=\"e-gallery-item elementor-gallery-item elementor-animated-content\">\n\t\t\t\t\t<div class=\"e-gallery-image elementor-gallery-item__image\" data-thumbnail=\"https:\/\/www.portovenere.fr\/fr-fr\/wp-content\/uploads\/2024\/07\/Carrelage-gres-cerame-effet-pierre-naturelle-Evidence-coloris-Gis-pour-sol-et-mur-interieur-et-exterieur-proche-le-cres-34-1-150x150.jpg\" data-width=\"150\" data-height=\"150\" aria-label=\"\" role=\"img\" ><\/div>\n\t\t\t\t\t\t\t\t\t\t\t<div class=\"elementor-gallery-item__overlay\"><\/div>\n\t\t\t\t\t\t\t\t\t\t\t\t\t\t<\/div>\n\t\t\t\t\t\t\t<div class=\"e-gallery-item elementor-gallery-item elementor-animated-content\">\n\t\t\t\t\t<div class=\"e-gallery-image elementor-gallery-item__image\" data-thumbnail=\"https:\/\/www.portovenere.fr\/fr-fr\/wp-content\/uploads\/2024\/07\/Carrelage-gres-cerame-effet-pierre-naturelle-Evidence-coloris-Cream-pour-sol-et-mur-interieur-et-exterieur-proche-Jacou-34-150x150.jpg\" data-width=\"150\" data-height=\"150\" aria-label=\"\" role=\"img\" ><\/div>\n\t\t\t\t\t\t\t\t\t\t\t<div class=\"elementor-gallery-item__overlay\"><\/div>\n\t\t\t\t\t\t\t\t\t\t\t\t\t\t<\/div>\n\t\t\t\t\t\t\t<div class=\"e-gallery-item elementor-gallery-item elementor-animated-content\">\n\t\t\t\t\t<div class=\"e-gallery-image elementor-gallery-item__image\" data-thumbnail=\"https:\/\/www.portovenere.fr\/fr-fr\/wp-content\/uploads\/2024\/07\/Carrelage-gres-cerame-effet-pierre-naturelle-Evidence-coloris-Greige-pour-sol-et-mur-interieur-et-exterieur-a-Montpellier-34-1-150x150.jpg\" data-width=\"150\" data-height=\"150\" aria-label=\"\" role=\"img\" ><\/div>\n\t\t\t\t\t\t\t\t\t\t\t<div class=\"elementor-gallery-item__overlay\"><\/div>\n\t\t\t\t\t\t\t\t\t\t\t\t\t\t<\/div>\n\t\t\t\t\t\t\t<div class=\"e-gallery-item elementor-gallery-item elementor-animated-content\">\n\t\t\t\t\t<div class=\"e-gallery-image elementor-gallery-item__image\" data-thumbnail=\"https:\/\/www.portovenere.fr\/fr-fr\/wp-content\/uploads\/2024\/07\/Mosaique-hexagonale-effet-pierre-naturelle-credence-murale-5x5-cm-sur-filet-de-30x30-cm-coloris-Beige-Evidence-proche-de-Loupian-34-150x150.jpg\" data-width=\"150\" data-height=\"150\" aria-label=\"\" role=\"img\" ><\/div>\n\t\t\t\t\t\t\t\t\t\t\t<div class=\"elementor-gallery-item__overlay\"><\/div>\n\t\t\t\t\t\t\t\t\t\t\t\t\t\t<\/div>\n\t\t\t\t\t\t\t<div class=\"e-gallery-item elementor-gallery-item elementor-animated-content\">\n\t\t\t\t\t<div class=\"e-gallery-image elementor-gallery-item__image\" data-thumbnail=\"https:\/\/www.portovenere.fr\/fr-fr\/wp-content\/uploads\/2024\/07\/Mosaique-effet-pierre-naturelle-credence-murale-5x5-cm-sur-filet-de-30x30-cm-coloris-Beige-Evidence-proche-de-sussargues-34-150x150.jpg\" data-width=\"150\" data-height=\"150\" aria-label=\"\" role=\"img\" ><\/div>\n\t\t\t\t\t\t\t\t\t\t\t<div class=\"elementor-gallery-item__overlay\"><\/div>\n\t\t\t\t\t\t\t\t\t\t\t\t\t\t<\/div>\n\t\t\t\t\t<\/div>\n\t\t\t\t\t<\/div>\n\t\t\t\t<\/div>\n\t\t\t\t<div class=\"elementor-element elementor-element-3cd83576 elementor-widget elementor-widget-text-editor\" data-id=\"3cd83576\" data-element_type=\"widget\" data-e-type=\"widget\" data-widget_type=\"text-editor.default\">\n\t\t\t\t<div class=\"elementor-widget-container\">\n\t\t\t\t\t\t\t\t\t<p>La fine texture, <b>inspir\u00e9e des pierres s\u00e9dimentaires <\/b>et riche en d\u00e9tails, est caract\u00e9ris\u00e9e par un m\u00e9lange raffin\u00e9 de <b>nuances naturelles<\/b>. Les surfaces, une fois pos\u00e9es, offrent des chromatismes chauds et modernes qui ajoutent une touche de nature aux lignes essentielles de l\u2019architecture contemporaine.\u00a0<\/p><p><span style=\"font-weight: var( --e-global-typography-text-font-weight );\">La collection de carrelage<\/span><b> gr\u00e8s c\u00e9rame color\u00e9 dans la masse<\/b><span style=\"font-weight: var( --e-global-typography-text-font-weight );\"> Evidence, est propos\u00e9e en <\/span><b>finition naturelle pour int\u00e9rieur et antid\u00e9rapante<\/b><span style=\"font-weight: var( --e-global-typography-text-font-weight );\"> pour les terrasses, tour de piscine&#8230;<\/span><\/p><p><span style=\"font-weight: var( --e-global-typography-text-font-weight );\">Le<\/span>\u00a0format\u00a0propos\u00e9\u00a0en 8,5 mm d&rsquo;\u00e9paisseur est\u00a0: <b>100 x 100 cm<\/b><\/p><p><span style=\"font-weight: var( --e-global-typography-text-font-weight );\">En 9,5mm, les formats sont : <\/span><b>60 x 60 cm, 60 x 120 cm, 80 x 80 cm (naturel ou antid\u00e9rapant) et\u00a0120 x 120 cm.<\/b><\/p><p><span style=\"font-weight: var( --e-global-typography-text-font-weight );\">Enfin, cette collection de gr\u00e8s c\u00e9rame est propos\u00e9e en <\/span><b>dalles antid\u00e9rapantes de 2 cm d&rsquo;\u00e9paisseur de 80 x80 cm<\/b><span style=\"font-weight: var( --e-global-typography-text-font-weight );\"> pour une pose en dalles sur plots, pose coll\u00e9e, sur gazon, gravier&#8230;<\/span><\/p>\t\t\t\t\t\t\t\t<\/div>\n\t\t\t\t<\/div>\n\t\t\t\t<div class=\"elementor-element elementor-element-40623c6 elementor-mobile-align-center elementor-widget elementor-widget-button\" data-id=\"40623c6\" data-element_type=\"widget\" data-e-type=\"widget\" data-widget_type=\"button.default\">\n\t\t\t\t<div class=\"elementor-widget-container\">\n\t\t\t\t\t\t\t\t\t<div class=\"elementor-button-wrapper\">\n\t\t\t\t\t<a class=\"elementor-button elementor-button-link elementor-size-sm\" href=\"https:\/\/www.portovenere.fr\/fr-fr\/carrelage-sol-et-mur-en-gres-cerame-et-faience\/carrelage-aspect-pierre\/carrelage-contemporain-imitation-pierre-naturelle\/\">\n\t\t\t\t\t\t<span class=\"elementor-button-content-wrapper\">\n\t\t\t\t\t\t\t\t\t<span class=\"elementor-button-text\">VOIR LA COLLECTION<\/span>\n\t\t\t\t\t<\/span>\n\t\t\t\t\t<\/a>\n\t\t\t\t<\/div>\n\t\t\t\t\t\t\t\t<\/div>\n\t\t\t\t<\/div>\n\t\t\t\t\t<\/div>\n\t\t<\/div>\n\t\t\t\t<div class=\"elementor-column elementor-col-33 elementor-top-column elementor-element elementor-element-7d953717 elementor-invisible\" data-id=\"7d953717\" data-element_type=\"column\" data-e-type=\"column\" data-settings=\"{&quot;animation&quot;:&quot;fadeIn&quot;,&quot;background_background&quot;:&quot;classic&quot;}\">\n\t\t\t<div class=\"elementor-widget-wrap elementor-element-populated\">\n\t\t\t\t\t\t<div class=\"elementor-element elementor-element-3c3a59b4 elementor-widget elementor-widget-image\" data-id=\"3c3a59b4\" data-element_type=\"widget\" data-e-type=\"widget\" data-widget_type=\"image.default\">\n\t\t\t\t<div class=\"elementor-widget-container\">\n\t\t\t\t\t\t\t\t\t\t\t\t\t\t\t\t<a href=\"https:\/\/www.portovenere.fr\/fr-fr\/carrelage-sol-et-mur-en-gres-cerame-et-faience\/carrelage-aspect-pierre\/carrelage-imitation-pierre-quartz-interieur-exterieur-brumata-infinity\/\">\n\t\t\t\t\t\t\t<img decoding=\"async\" src=\"https:\/\/www.portovenere.fr\/fr-fr\/wp-content\/uploads\/elementor\/thumbs\/Carrelage-interieur-exterieur-imitation-pierre-quartz-gris-de-qualite-BRUMATA-Infinity-gris-cob-pres-de-sete-34-r8if07ued4bplai4goo0mozw5kcvo10uy3w9goijr8.jpg\" title=\"Carrelage-int\u00e9rieur-ext\u00e9rieur-imitation-pierre-quartz-gris-de-qualit\u00e9-BRUMATA-Infinity-gris-cob-pr\u00e8s-de-s\u00e8te-34\" alt=\"Carrelage-int\u00e9rieur-ext\u00e9rieur-imitation-pierre-quartz-gris-de-qualit\u00e9-BRUMATA-Infinity-gris-cob-pr\u00e8s-de-s\u00e8te-34\" loading=\"lazy\" \/>\t\t\t\t\t\t\t\t<\/a>\n\t\t\t\t\t\t\t\t\t\t\t\t\t\t\t<\/div>\n\t\t\t\t<\/div>\n\t\t\t\t<section class=\"elementor-section elementor-inner-section elementor-element elementor-element-1a2fcbb elementor-section-boxed elementor-section-height-default elementor-section-height-default elementor-invisible\" data-id=\"1a2fcbb\" data-element_type=\"section\" data-e-type=\"section\" data-settings=\"{&quot;background_background&quot;:&quot;classic&quot;,&quot;animation&quot;:&quot;fadeIn&quot;}\">\n\t\t\t\t\t\t<div class=\"elementor-container elementor-column-gap-default\">\n\t\t\t\t\t<div class=\"elementor-column elementor-col-100 elementor-inner-column elementor-element elementor-element-18a15c01\" data-id=\"18a15c01\" data-element_type=\"column\" data-e-type=\"column\">\n\t\t\t<div class=\"elementor-widget-wrap elementor-element-populated\">\n\t\t\t\t\t\t<div class=\"elementor-element elementor-element-4aace0fc elementor-widget elementor-widget-heading\" data-id=\"4aace0fc\" data-element_type=\"widget\" data-e-type=\"widget\" data-widget_type=\"heading.default\">\n\t\t\t\t<div class=\"elementor-widget-container\">\n\t\t\t\t\t<h3 class=\"elementor-heading-title elementor-size-default\"><a href=\"https:\/\/www.portovenere.fr\/fr-fr\/carrelage-sol-et-mur-en-gres-cerame-et-faience\/carrelage-aspect-pierre\/carrelage-imitation-pierre-quartz-interieur-exterieur-brumata-infinity\/\">BRUMATA INFINITY | 2 coloris &amp; 2 Finitions<\/a><\/h3>\t\t\t\t<\/div>\n\t\t\t\t<\/div>\n\t\t\t\t<div class=\"elementor-element elementor-element-2331d4bd elementor-widget__width-initial elementor-widget elementor-widget-gallery\" data-id=\"2331d4bd\" data-element_type=\"widget\" data-e-type=\"widget\" data-settings=\"{&quot;gap&quot;:{&quot;unit&quot;:&quot;px&quot;,&quot;size&quot;:3,&quot;sizes&quot;:[]},&quot;columns_mobile&quot;:3,&quot;gap_mobile&quot;:{&quot;unit&quot;:&quot;px&quot;,&quot;size&quot;:6,&quot;sizes&quot;:[]},&quot;columns&quot;:5,&quot;columns_tablet&quot;:3,&quot;gap_tablet&quot;:{&quot;unit&quot;:&quot;px&quot;,&quot;size&quot;:5,&quot;sizes&quot;:[]},&quot;lazyload&quot;:&quot;yes&quot;,&quot;gallery_layout&quot;:&quot;grid&quot;,&quot;aspect_ratio&quot;:&quot;3:2&quot;,&quot;overlay_background&quot;:&quot;yes&quot;,&quot;content_hover_animation&quot;:&quot;fade-in&quot;}\" data-widget_type=\"gallery.default\">\n\t\t\t\t<div class=\"elementor-widget-container\">\n\t\t\t\t\t\t\t<div class=\"elementor-gallery__container\">\n\t\t\t\t\t\t\t<div class=\"e-gallery-item elementor-gallery-item elementor-animated-content\">\n\t\t\t\t\t<div class=\"e-gallery-image elementor-gallery-item__image\" data-thumbnail=\"https:\/\/www.portovenere.fr\/fr-fr\/wp-content\/uploads\/2024\/03\/Carrelage-imitation-pierre-quartz-de-qualite-pour-exterieur-et-interieur-BRUMATA-gris-Cob-proche-castries-34-150x150.jpg\" data-width=\"150\" data-height=\"150\" aria-label=\"\" role=\"img\" ><\/div>\n\t\t\t\t\t\t\t\t\t\t\t<div class=\"elementor-gallery-item__overlay\"><\/div>\n\t\t\t\t\t\t\t\t\t\t\t\t\t\t<\/div>\n\t\t\t\t\t\t\t<div class=\"e-gallery-item elementor-gallery-item elementor-animated-content\">\n\t\t\t\t\t<div class=\"e-gallery-image elementor-gallery-item__image\" data-thumbnail=\"https:\/\/www.portovenere.fr\/fr-fr\/wp-content\/uploads\/2024\/03\/Carrelage-imitation-pierre-de-qualite-pour-exterieur-et-interieur-BRUMATA-beige-Pur-proche-agde-34-150x150.jpg\" data-width=\"150\" data-height=\"150\" aria-label=\"\" role=\"img\" ><\/div>\n\t\t\t\t\t\t\t\t\t\t\t<div class=\"elementor-gallery-item__overlay\"><\/div>\n\t\t\t\t\t\t\t\t\t\t\t\t\t\t<\/div>\n\t\t\t\t\t\t\t<div class=\"e-gallery-item elementor-gallery-item elementor-animated-content\">\n\t\t\t\t\t<div class=\"e-gallery-image elementor-gallery-item__image\" data-thumbnail=\"https:\/\/www.portovenere.fr\/fr-fr\/wp-content\/uploads\/2024\/03\/Carrelage-imitation-pierre-quartz-de-qualite-pour-exterieur-et-interieur-BRUMATA-gris-Pur-proche-saint-jean-de-vedas-34-150x150.jpg\" data-width=\"150\" data-height=\"150\" aria-label=\"\" role=\"img\" ><\/div>\n\t\t\t\t\t\t\t\t\t\t\t<div class=\"elementor-gallery-item__overlay\"><\/div>\n\t\t\t\t\t\t\t\t\t\t\t\t\t\t<\/div>\n\t\t\t\t\t<\/div>\n\t\t\t\t\t<\/div>\n\t\t\t\t<\/div>\n\t\t\t\t<div class=\"elementor-element elementor-element-6cb3479a elementor-widget elementor-widget-text-editor\" data-id=\"6cb3479a\" data-element_type=\"widget\" data-e-type=\"widget\" data-widget_type=\"text-editor.default\">\n\t\t\t\t<div class=\"elementor-widget-container\">\n\t\t\t\t\t\t\t\t\t<p>Le\u00a0<b>carrelage imitation pierre quartz BRUMATA INFINITY<\/b>\u00a0est con\u00e7u pour une<b>\u00a0pose au sol\u00a0<\/b>et\u00a0<b>pose murale.\u00a0<\/b><\/p><p>Ce gr\u00e8s c\u00e9rame de qualit\u00e9<b>\u00a0pour int\u00e9rieur et ext\u00e9rieur<\/b>, propose 4<b>\u00a0coloris\u00a0 effet pierre naturelle : beige, blanc, gris et noir. 3 Finitions.<\/b><\/p><p>Les nombreux formats, mosa\u00efques et d\u00e9cors offrent un rendu extraordinaire dans vos projets d\u2019am\u00e9nagement :\u00a0<\/p><p>30\u00d760 cm, 60\u00d760 cm, 60\u00d7120 cm, 80\u00d780 cm, 120\u00d7120 cm et le maxi format 120\u00d7278 cm en fine \u00e9paisseur 6,5 mm renforc\u00e9.\u00a0<\/p><p>1 format est propos\u00e9 en finition antid\u00e9rapante pour l\u2019ext\u00e9rieur en 9mm 60\u00d7120 cm dans les 4 coloris ainsi qu&rsquo;un format 60x120cm en 20 mm dalles antid\u00e9rapantes ( coloris beige, gris).<\/p>\t\t\t\t\t\t\t\t<\/div>\n\t\t\t\t<\/div>\n\t\t\t\t<div class=\"elementor-element elementor-element-3b9d7e51 elementor-mobile-align-center elementor-widget elementor-widget-button\" data-id=\"3b9d7e51\" data-element_type=\"widget\" data-e-type=\"widget\" data-widget_type=\"button.default\">\n\t\t\t\t<div class=\"elementor-widget-container\">\n\t\t\t\t\t\t\t\t\t<div class=\"elementor-button-wrapper\">\n\t\t\t\t\t<a class=\"elementor-button elementor-button-link elementor-size-sm\" href=\"https:\/\/www.portovenere.fr\/fr-fr\/carrelage-sol-et-mur-en-gres-cerame-et-faience\/carrelage-aspect-pierre\/carrelage-imitation-pierre-quartz-interieur-exterieur-brumata-infinity\/\">\n\t\t\t\t\t\t<span class=\"elementor-button-content-wrapper\">\n\t\t\t\t\t\t\t\t\t<span class=\"elementor-button-text\">VOIR LA COLLECTION<\/span>\n\t\t\t\t\t<\/span>\n\t\t\t\t\t<\/a>\n\t\t\t\t<\/div>\n\t\t\t\t\t\t\t\t<\/div>\n\t\t\t\t<\/div>\n\t\t\t\t\t<\/div>\n\t\t<\/div>\n\t\t\t\t\t<\/div>\n\t\t<\/section>\n\t\t\t\t\t<\/div>\n\t\t<\/div>\n\t\t\t\t<div class=\"elementor-column elementor-col-33 elementor-top-column elementor-element elementor-element-253eb13e elementor-invisible\" data-id=\"253eb13e\" data-element_type=\"column\" data-e-type=\"column\" data-settings=\"{&quot;animation&quot;:&quot;fadeIn&quot;,&quot;background_background&quot;:&quot;classic&quot;}\">\n\t\t\t<div class=\"elementor-widget-wrap elementor-element-populated\">\n\t\t\t\t\t\t<div class=\"elementor-element elementor-element-2e346c2d elementor-widget elementor-widget-image\" data-id=\"2e346c2d\" data-element_type=\"widget\" data-e-type=\"widget\" data-widget_type=\"image.default\">\n\t\t\t\t<div class=\"elementor-widget-container\">\n\t\t\t\t\t\t\t\t\t\t\t\t\t\t\t\t<a href=\"https:\/\/www.portovenere.fr\/fr-fr\/carrelage-sol-et-mur-en-gres-cerame-et-faience\/carrelage-imitation-parquet-aspect-bois\/carrelage-imitation-bois-naturel-interieur-et-exterieur-lecciazo\/\">\n\t\t\t\t\t\t\t<img decoding=\"async\" src=\"https:\/\/www.portovenere.fr\/fr-fr\/wp-content\/uploads\/elementor\/thumbs\/Carrelage-imitation-bois-pour-exterieur-et-interieur-gres-cerame-1er-choix-Lecciazo-4-coloris-pres-de-Castelnau-le-Lez-34-r8if5s1vmvvuaaj3qwp3qp288xmpag4r0ayq41z540.jpg\" title=\"Carrelage-imitation-bois-pour-ext\u00e9rieur-et-int\u00e9rieur-gr\u00e8s-c\u00e9rame-1er-choix-Lecciazo-4-coloris-pr\u00e8s-de-Castelnau-le-Lez-34\" alt=\"Carrelage terrasse imitation bois en gr\u00e8s c\u00e9rame Lecciazo 4 coloris\" loading=\"lazy\" \/>\t\t\t\t\t\t\t\t<\/a>\n\t\t\t\t\t\t\t\t\t\t\t\t\t\t\t<\/div>\n\t\t\t\t<\/div>\n\t\t\t\t<section class=\"elementor-section elementor-inner-section elementor-element elementor-element-5163f589 elementor-section-boxed elementor-section-height-default elementor-section-height-default elementor-invisible\" data-id=\"5163f589\" data-element_type=\"section\" data-e-type=\"section\" data-settings=\"{&quot;background_background&quot;:&quot;classic&quot;,&quot;animation&quot;:&quot;fadeIn&quot;}\">\n\t\t\t\t\t\t<div class=\"elementor-container elementor-column-gap-default\">\n\t\t\t\t\t<div class=\"elementor-column elementor-col-100 elementor-inner-column elementor-element elementor-element-417a3a45\" data-id=\"417a3a45\" data-element_type=\"column\" data-e-type=\"column\">\n\t\t\t<div class=\"elementor-widget-wrap elementor-element-populated\">\n\t\t\t\t\t\t<div class=\"elementor-element elementor-element-4b79a5fe elementor-widget__width-initial elementor-widget elementor-widget-heading\" data-id=\"4b79a5fe\" data-element_type=\"widget\" data-e-type=\"widget\" data-widget_type=\"heading.default\">\n\t\t\t\t<div class=\"elementor-widget-container\">\n\t\t\t\t\t<h3 class=\"elementor-heading-title elementor-size-default\"><a href=\"https:\/\/www.portovenere.fr\/fr-fr\/carrelage-sol-et-mur-en-gres-cerame-et-faience\/carrelage-imitation-parquet-aspect-bois\/carrelage-imitation-bois-naturel-interieur-et-exterieur-lecciazo\/\">Dalles LECCIAZO | 4 coloris<\/a><\/h3>\t\t\t\t<\/div>\n\t\t\t\t<\/div>\n\t\t\t\t<div class=\"elementor-element elementor-element-1f9787e0 elementor-widget__width-initial elementor-widget elementor-widget-gallery\" data-id=\"1f9787e0\" data-element_type=\"widget\" data-e-type=\"widget\" data-settings=\"{&quot;gap&quot;:{&quot;unit&quot;:&quot;px&quot;,&quot;size&quot;:3,&quot;sizes&quot;:[]},&quot;columns_mobile&quot;:3,&quot;gap_mobile&quot;:{&quot;unit&quot;:&quot;px&quot;,&quot;size&quot;:6,&quot;sizes&quot;:[]},&quot;columns&quot;:5,&quot;columns_tablet&quot;:3,&quot;gap_tablet&quot;:{&quot;unit&quot;:&quot;px&quot;,&quot;size&quot;:5,&quot;sizes&quot;:[]},&quot;lazyload&quot;:&quot;yes&quot;,&quot;gallery_layout&quot;:&quot;grid&quot;,&quot;aspect_ratio&quot;:&quot;3:2&quot;,&quot;overlay_background&quot;:&quot;yes&quot;,&quot;content_hover_animation&quot;:&quot;fade-in&quot;}\" data-widget_type=\"gallery.default\">\n\t\t\t\t<div class=\"elementor-widget-container\">\n\t\t\t\t\t\t\t<div class=\"elementor-gallery__container\">\n\t\t\t\t\t\t\t<div class=\"e-gallery-item elementor-gallery-item elementor-animated-content\">\n\t\t\t\t\t<div class=\"e-gallery-image elementor-gallery-item__image\" data-thumbnail=\"https:\/\/www.portovenere.fr\/fr-fr\/wp-content\/uploads\/2024\/05\/Carrelage-gres-cerame-Chene-naturel-interieur-exterieur-Lecciazo-Classico-a-Montpellier-34-150x150.jpg\" data-width=\"150\" data-height=\"150\" aria-label=\"\" role=\"img\" ><\/div>\n\t\t\t\t\t\t\t\t\t\t\t<div class=\"elementor-gallery-item__overlay\"><\/div>\n\t\t\t\t\t\t\t\t\t\t\t\t\t\t<\/div>\n\t\t\t\t\t\t\t<div class=\"e-gallery-item elementor-gallery-item elementor-animated-content\">\n\t\t\t\t\t<div class=\"e-gallery-image elementor-gallery-item__image\" data-thumbnail=\"https:\/\/www.portovenere.fr\/fr-fr\/wp-content\/uploads\/2024\/05\/Carrelage-gres-cerame-Chene-huile-interieur-exterieur-Lecciazo-Oliato-a-Montpellier-34-150x150.jpg\" data-width=\"150\" data-height=\"150\" aria-label=\"\" role=\"img\" ><\/div>\n\t\t\t\t\t\t\t\t\t\t\t<div class=\"elementor-gallery-item__overlay\"><\/div>\n\t\t\t\t\t\t\t\t\t\t\t\t\t\t<\/div>\n\t\t\t\t\t\t\t<div class=\"e-gallery-item elementor-gallery-item elementor-animated-content\">\n\t\t\t\t\t<div class=\"e-gallery-image elementor-gallery-item__image\" data-thumbnail=\"https:\/\/www.portovenere.fr\/fr-fr\/wp-content\/uploads\/2024\/05\/Carrelage-gres-cerame-Chene-fonce-interieur-exterieur-Lecciazo-Verniciato-a-Montpellier-34-150x150.jpg\" data-width=\"150\" data-height=\"150\" aria-label=\"\" role=\"img\" ><\/div>\n\t\t\t\t\t\t\t\t\t\t\t<div class=\"elementor-gallery-item__overlay\"><\/div>\n\t\t\t\t\t\t\t\t\t\t\t\t\t\t<\/div>\n\t\t\t\t\t\t\t<div class=\"e-gallery-item elementor-gallery-item elementor-animated-content\">\n\t\t\t\t\t<div class=\"e-gallery-image elementor-gallery-item__image\" data-thumbnail=\"https:\/\/www.portovenere.fr\/fr-fr\/wp-content\/uploads\/2024\/05\/Carrelage-gres-cerame-Chene-clair-interieur-exterieur-Lecciazo-Gentile-a-Montpellier-34-150x150.jpg\" data-width=\"150\" data-height=\"150\" aria-label=\"\" role=\"img\" ><\/div>\n\t\t\t\t\t\t\t\t\t\t\t<div class=\"elementor-gallery-item__overlay\"><\/div>\n\t\t\t\t\t\t\t\t\t\t\t\t\t\t<\/div>\n\t\t\t\t\t<\/div>\n\t\t\t\t\t<\/div>\n\t\t\t\t<\/div>\n\t\t\t\t<div class=\"elementor-element elementor-element-38249fd2 elementor-widget elementor-widget-text-editor\" data-id=\"38249fd2\" data-element_type=\"widget\" data-e-type=\"widget\" data-widget_type=\"text-editor.default\">\n\t\t\t\t<div class=\"elementor-widget-container\">\n\t\t\t\t\t\t\t\t\t<p>Le\u00a0<b>carrelage imitation bois<\/b>\u00a0de ch\u00eane pour<b>\u00a0int\u00e9rieur et ext\u00e9rieur<\/b>\u00a0LECCIAZO est con\u00e7u pour une<b>\u00a0pose au sol\u00a0<\/b>et\u00a0<b>pose murale.\u00a0<\/b><\/p><p>Ce gr\u00e8s c\u00e9rame de\u00a0<b>qualit\u00e9\u00a0premier choix<\/b>, propose<b>\u00a04<\/b><b>\u00a0coloris<\/b><b>\u00a0qui reprenne l\u2019essence du ch\u00eane vert :\u00a0<\/b><b>Gentile<\/b><b>\u00a0(c<\/b>h\u00eane clair),\u00a0<b>Oliato\u00a0<\/b>(Ch\u00eane huil\u00e9),\u00a0<b>Classico<\/b>\u00a0(Ch\u00eane naturel),\u00a0Verniciato\u00a0(Ch\u00eane teint\u00e9).<\/p><p>Les nombreux formats, et d\u00e9cors offrent un rendu extraordinaire dans vos projets d\u2019am\u00e9nagement :\u00a010\u00d740 cm, d\u00e9cor intreccio 60\u00d760 cm, 20\u00d7120 cm, 30\u00d7120 cm, 20\u00d7180 cm et chevrons 56,6 x 9,6 cm.\u00a0<\/p><p>1 format est propos\u00e9 en\u00a0finition antid\u00e9rapante pour l\u2019ext\u00e9rieur\u00a0en 20\u00d7120 cm dans les 4 coloris en \u00e9paisseur 9,5mm.<\/p><p>Ce gr\u00e8s c\u00e9rame effet parquet bois est \u00e9galement disponible en\u00a0<a href=\"https:\/\/www.portovenere.fr\/fr-fr\/carrelage-sol-et-mur-en-gres-cerame-et-faience\/dalles-exterieures-20mm-gres-cerame-pour-pose-sur-plots-sable-gravier\/dalle-20mm-imitation-pierre-antiderapante-pour-exterieur-serie-rr\/\" target=\"_blank\" rel=\"noopener\"><b>dalles antid\u00e9rapantes<\/b><\/a>\u00a0<b>pour ext\u00e9rieur\u00a0en 20mm d\u2019\u00e9paisseur en format 30&#215;120 cm.<\/b><\/p>\t\t\t\t\t\t\t\t<\/div>\n\t\t\t\t<\/div>\n\t\t\t\t<div class=\"elementor-element elementor-element-c8b16ab elementor-mobile-align-center elementor-widget elementor-widget-button\" data-id=\"c8b16ab\" data-element_type=\"widget\" data-e-type=\"widget\" data-widget_type=\"button.default\">\n\t\t\t\t<div class=\"elementor-widget-container\">\n\t\t\t\t\t\t\t\t\t<div class=\"elementor-button-wrapper\">\n\t\t\t\t\t<a class=\"elementor-button elementor-button-link elementor-size-sm\" href=\"https:\/\/www.portovenere.fr\/fr-fr\/carrelage-sol-et-mur-en-gres-cerame-et-faience\/carrelage-imitation-parquet-aspect-bois\/carrelage-imitation-bois-naturel-interieur-et-exterieur-lecciazo\/\">\n\t\t\t\t\t\t<span class=\"elementor-button-content-wrapper\">\n\t\t\t\t\t\t\t\t\t<span class=\"elementor-button-text\">Voir la collection<\/span>\n\t\t\t\t\t<\/span>\n\t\t\t\t\t<\/a>\n\t\t\t\t<\/div>\n\t\t\t\t\t\t\t\t<\/div>\n\t\t\t\t<\/div>\n\t\t\t\t\t<\/div>\n\t\t<\/div>\n\t\t\t\t\t<\/div>\n\t\t<\/section>\n\t\t\t\t\t<\/div>\n\t\t<\/div>\n\t\t\t\t\t<\/div>\n\t\t<\/section>\n\t\t\t\t<section class=\"elementor-section elementor-top-section elementor-element elementor-element-6296dde2 elementor-section-full_width elementor-section-height-default elementor-section-height-default elementor-invisible\" data-id=\"6296dde2\" data-element_type=\"section\" data-e-type=\"section\" data-settings=\"{&quot;animation&quot;:&quot;fadeIn&quot;}\">\n\t\t\t\t\t\t<div class=\"elementor-container elementor-column-gap-default\">\n\t\t\t\t\t<div class=\"elementor-column elementor-col-33 elementor-top-column elementor-element elementor-element-35b6906c\" data-id=\"35b6906c\" data-element_type=\"column\" data-e-type=\"column\" data-settings=\"{&quot;background_background&quot;:&quot;classic&quot;}\">\n\t\t\t<div class=\"elementor-widget-wrap elementor-element-populated\">\n\t\t\t\t\t\t<div class=\"elementor-element elementor-element-32a53e42 elementor-widget elementor-widget-image\" data-id=\"32a53e42\" data-element_type=\"widget\" data-e-type=\"widget\" data-widget_type=\"image.default\">\n\t\t\t\t<div class=\"elementor-widget-container\">\n\t\t\t\t\t\t\t\t\t\t\t\t\t\t\t\t<a href=\"https:\/\/www.portovenere.fr\/fr-fr\/carrelage-sol-et-mur-en-gres-cerame-et-faience\/carrelage-aspect-pierre\/carrelage-aspect-pierre-naturelle-limestone\/\">\n\t\t\t\t\t\t\t<img decoding=\"async\" src=\"https:\/\/www.portovenere.fr\/fr-fr\/wp-content\/uploads\/elementor\/thumbs\/Dalles-20mm-antiderapantes-pour-terrasses-et-tour-de-piscine_Lmestone-oyster-fiammata-20mm_a_Montpellier_34-r8ie86blb3vt85cayvs93obzq19b3zq7dzctgxstk0.jpg\" title=\"Dalles-20mm-antid\u00e9rapantes-pour-terrasses-et-tour-de-piscine_Lmestone-oyster-fiammata-20mm_\u00e0_Montpellier_34\" alt=\"Carrelage tour de piscine et terrasse antid\u00e9rapant\" loading=\"lazy\" \/>\t\t\t\t\t\t\t\t<\/a>\n\t\t\t\t\t\t\t\t\t\t\t\t\t\t\t<\/div>\n\t\t\t\t<\/div>\n\t\t\t\t<div class=\"elementor-element elementor-element-19c80029 elementor-widget elementor-widget-heading\" data-id=\"19c80029\" data-element_type=\"widget\" data-e-type=\"widget\" data-widget_type=\"heading.default\">\n\t\t\t\t<div class=\"elementor-widget-container\">\n\t\t\t\t\t<h3 class=\"elementor-heading-title elementor-size-default\"><a href=\"https:\/\/www.portovenere.fr\/fr-fr\/carrelage-sol-et-mur-en-gres-cerame-et-faience\/carrelage-aspect-pierre\/carrelage-aspect-pierre-naturelle-limestone\/\">Dalles LIMESTONE | 3 coloris<\/a><\/h3>\t\t\t\t<\/div>\n\t\t\t\t<\/div>\n\t\t\t\t<div class=\"elementor-element elementor-element-58a0f06f elementor-widget__width-initial elementor-widget elementor-widget-gallery\" data-id=\"58a0f06f\" data-element_type=\"widget\" data-e-type=\"widget\" data-settings=\"{&quot;gap&quot;:{&quot;unit&quot;:&quot;px&quot;,&quot;size&quot;:3,&quot;sizes&quot;:[]},&quot;columns_mobile&quot;:3,&quot;gap_mobile&quot;:{&quot;unit&quot;:&quot;px&quot;,&quot;size&quot;:6,&quot;sizes&quot;:[]},&quot;columns&quot;:5,&quot;columns_tablet&quot;:3,&quot;gap_tablet&quot;:{&quot;unit&quot;:&quot;px&quot;,&quot;size&quot;:5,&quot;sizes&quot;:[]},&quot;lazyload&quot;:&quot;yes&quot;,&quot;gallery_layout&quot;:&quot;grid&quot;,&quot;aspect_ratio&quot;:&quot;3:2&quot;,&quot;overlay_background&quot;:&quot;yes&quot;,&quot;content_hover_animation&quot;:&quot;fade-in&quot;}\" data-widget_type=\"gallery.default\">\n\t\t\t\t<div class=\"elementor-widget-container\">\n\t\t\t\t\t\t\t<div class=\"elementor-gallery__container\">\n\t\t\t\t\t\t\t<div class=\"e-gallery-item elementor-gallery-item elementor-animated-content\">\n\t\t\t\t\t<div class=\"e-gallery-image elementor-gallery-item__image\" data-thumbnail=\"https:\/\/www.portovenere.fr\/fr-fr\/wp-content\/uploads\/2019\/09\/carrelage_extra_fin_special_renovation_kerlite_limestone_slate-150x150.jpg\" data-width=\"150\" data-height=\"150\" aria-label=\"\" role=\"img\" ><\/div>\n\t\t\t\t\t\t\t\t\t\t\t<div class=\"elementor-gallery-item__overlay\"><\/div>\n\t\t\t\t\t\t\t\t\t\t\t\t\t\t<\/div>\n\t\t\t\t\t\t\t<div class=\"e-gallery-item elementor-gallery-item elementor-animated-content\">\n\t\t\t\t\t<div class=\"e-gallery-image elementor-gallery-item__image\" data-thumbnail=\"https:\/\/www.portovenere.fr\/fr-fr\/wp-content\/uploads\/2019\/09\/carrelage_extra_fin_special_renovation_kerlite_limestone_oyster-150x150.jpg\" data-width=\"150\" data-height=\"150\" aria-label=\"\" role=\"img\" ><\/div>\n\t\t\t\t\t\t\t\t\t\t\t<div class=\"elementor-gallery-item__overlay\"><\/div>\n\t\t\t\t\t\t\t\t\t\t\t\t\t\t<\/div>\n\t\t\t\t\t\t\t<div class=\"e-gallery-item elementor-gallery-item elementor-animated-content\">\n\t\t\t\t\t<div class=\"e-gallery-image elementor-gallery-item__image\" data-thumbnail=\"https:\/\/www.portovenere.fr\/fr-fr\/wp-content\/uploads\/2019\/09\/carrelage_extra_fin_special_renovation_kerlite_limestone_clay-150x150.jpg\" data-width=\"150\" data-height=\"150\" aria-label=\"\" role=\"img\" ><\/div>\n\t\t\t\t\t\t\t\t\t\t\t<div class=\"elementor-gallery-item__overlay\"><\/div>\n\t\t\t\t\t\t\t\t\t\t\t\t\t\t<\/div>\n\t\t\t\t\t<\/div>\n\t\t\t\t\t<\/div>\n\t\t\t\t<\/div>\n\t\t\t\t<div class=\"elementor-element elementor-element-72d18cd elementor-widget elementor-widget-text-editor\" data-id=\"72d18cd\" data-element_type=\"widget\" data-e-type=\"widget\" data-widget_type=\"text-editor.default\">\n\t\t\t\t<div class=\"elementor-widget-container\">\n\t\t\t\t\t\t\t\t\t<p>Carrelage de <b>sol et mur <\/b>en gr\u00e8s c\u00e9rame aspect pierre naturelle pour\u00a0vos projets de r\u00e9novation ou neuf,\u00a0disponible en 3 coloris : <b>Clay (blanc), Oyster (gris), Slate (anthracite) <\/b>et nombreux formats.<\/p><p>Cette collection est disponible en <b>dalles de 20mm d&rsquo;\u00e9paisseur pour une pose sur plots, gazon, sable, pose coll\u00e9e<\/b>&#8230;mais aussi en <b>format 14mm antid\u00e9rapant, adouci et naturel.<\/b><\/p><p><span style=\"color: var( --e-global-color-text );\">C&rsquo;est \u00e9galement un produit propos\u00e9 en grands formats en <\/span><b style=\"color: var( --e-global-color-text );\">Kerlite extra-fin 5,5mm.<\/b><span style=\"color: var( --e-global-color-text );\">\u00a0<\/span><\/p><p>Limestone est une collection id\u00e9ale\u00a0pour vos projets de r\u00e9novation ou construction : salle de bain, sol de cuisine, s\u00e9jour, mur de loft, tour de piscine, terrasse&#8230;<\/p>\t\t\t\t\t\t\t\t<\/div>\n\t\t\t\t<\/div>\n\t\t\t\t<div class=\"elementor-element elementor-element-51b7b13c elementor-mobile-align-center elementor-align-left elementor-widget elementor-widget-button\" data-id=\"51b7b13c\" data-element_type=\"widget\" data-e-type=\"widget\" data-widget_type=\"button.default\">\n\t\t\t\t<div class=\"elementor-widget-container\">\n\t\t\t\t\t\t\t\t\t<div class=\"elementor-button-wrapper\">\n\t\t\t\t\t<a class=\"elementor-button elementor-button-link elementor-size-sm\" href=\"https:\/\/www.portovenere.fr\/fr-fr\/carrelage-sol-et-mur-en-gres-cerame-et-faience\/carrelage-aspect-pierre\/carrelage-aspect-pierre-naturelle-limestone\/\">\n\t\t\t\t\t\t<span class=\"elementor-button-content-wrapper\">\n\t\t\t\t\t\t\t\t\t<span class=\"elementor-button-text\">Voir la collection<\/span>\n\t\t\t\t\t<\/span>\n\t\t\t\t\t<\/a>\n\t\t\t\t<\/div>\n\t\t\t\t\t\t\t\t<\/div>\n\t\t\t\t<\/div>\n\t\t\t\t\t<\/div>\n\t\t<\/div>\n\t\t\t\t<div class=\"elementor-column elementor-col-33 elementor-top-column elementor-element elementor-element-443f8700 elementor-invisible\" data-id=\"443f8700\" data-element_type=\"column\" data-e-type=\"column\" data-settings=\"{&quot;animation&quot;:&quot;fadeIn&quot;,&quot;background_background&quot;:&quot;classic&quot;}\">\n\t\t\t<div class=\"elementor-widget-wrap elementor-element-populated\">\n\t\t\t\t\t\t<div class=\"elementor-element elementor-element-798e4d67 elementor-widget elementor-widget-image\" data-id=\"798e4d67\" data-element_type=\"widget\" data-e-type=\"widget\" data-widget_type=\"image.default\">\n\t\t\t\t<div class=\"elementor-widget-container\">\n\t\t\t\t\t\t\t\t\t\t\t\t\t\t\t\t<a href=\"https:\/\/www.portovenere.fr\/fr-fr\/carrelage-sol-et-mur-en-gres-cerame-et-faience\/carrelage-contemporain-et-design\/carrelage-sol-et-mur-style-contemporain-spazioso\/\">\n\t\t\t\t\t\t\t<img decoding=\"async\" src=\"https:\/\/www.portovenere.fr\/fr-fr\/wp-content\/uploads\/elementor\/thumbs\/Carrelage-terrasse-et-tour-de-piscine-en-carrelage-grand-format-dalle-antiderapante-2cm-120x120-cm-styel-contemporain-SPAZIOSO-Classic-pres-de-Agde-34-r8ifyahpdohhej11hewkhe8as2g9bwkd4x8l98qp08.jpg\" title=\"Carrelage-terrasse-et-tour-de-piscine-en-carrelage-grand-format-dalle-antid\u00e9rapante-2cm-120&#215;120-cm-styel-contemporain-SPAZIOSO-Classic-pr\u00e8s-de-Agde-34\" alt=\"Coloris Classic\" loading=\"lazy\" \/>\t\t\t\t\t\t\t\t<\/a>\n\t\t\t\t\t\t\t\t\t\t\t\t\t\t\t<\/div>\n\t\t\t\t<\/div>\n\t\t\t\t<div class=\"elementor-element elementor-element-27ea4954 elementor-widget elementor-widget-heading\" data-id=\"27ea4954\" data-element_type=\"widget\" data-e-type=\"widget\" data-widget_type=\"heading.default\">\n\t\t\t\t<div class=\"elementor-widget-container\">\n\t\t\t\t\t<h3 class=\"elementor-heading-title elementor-size-default\"><a href=\"https:\/\/www.portovenere.fr\/fr-fr\/carrelage-sol-et-mur-en-gres-cerame-et-faience\/carrelage-contemporain-et-design\/carrelage-sol-et-mur-style-contemporain-spazioso\/\">SPAZIOSO | 3 coloris<\/a><\/h3>\t\t\t\t<\/div>\n\t\t\t\t<\/div>\n\t\t\t\t<div class=\"elementor-element elementor-element-502c6d3 elementor-widget__width-initial elementor-widget elementor-widget-gallery\" data-id=\"502c6d3\" data-element_type=\"widget\" data-e-type=\"widget\" data-settings=\"{&quot;gap&quot;:{&quot;unit&quot;:&quot;px&quot;,&quot;size&quot;:3,&quot;sizes&quot;:[]},&quot;columns_mobile&quot;:3,&quot;gap_mobile&quot;:{&quot;unit&quot;:&quot;px&quot;,&quot;size&quot;:6,&quot;sizes&quot;:[]},&quot;columns&quot;:5,&quot;columns_tablet&quot;:3,&quot;gap_tablet&quot;:{&quot;unit&quot;:&quot;px&quot;,&quot;size&quot;:5,&quot;sizes&quot;:[]},&quot;lazyload&quot;:&quot;yes&quot;,&quot;gallery_layout&quot;:&quot;grid&quot;,&quot;aspect_ratio&quot;:&quot;3:2&quot;,&quot;overlay_background&quot;:&quot;yes&quot;,&quot;content_hover_animation&quot;:&quot;fade-in&quot;}\" data-widget_type=\"gallery.default\">\n\t\t\t\t<div class=\"elementor-widget-container\">\n\t\t\t\t\t\t\t<div class=\"elementor-gallery__container\">\n\t\t\t\t\t\t\t<div class=\"e-gallery-item elementor-gallery-item elementor-animated-content\">\n\t\t\t\t\t<div class=\"e-gallery-image elementor-gallery-item__image\" data-thumbnail=\"https:\/\/www.portovenere.fr\/fr-fr\/wp-content\/uploads\/2025\/03\/Carrelage-clair-gres-cerame-style-contemporain-SPAZIOSO-coloris-Light-pour-sol-et-mur-interieur-et-exterieur-magasin-Porto-Venere-Montpellier-pres-de-Sete-34-150x150.jpg\" data-width=\"150\" data-height=\"150\" aria-label=\"\" role=\"img\" ><\/div>\n\t\t\t\t\t\t\t\t\t\t\t<div class=\"elementor-gallery-item__overlay\"><\/div>\n\t\t\t\t\t\t\t\t\t\t\t\t\t\t<\/div>\n\t\t\t\t\t\t\t<div class=\"e-gallery-item elementor-gallery-item elementor-animated-content\">\n\t\t\t\t\t<div class=\"e-gallery-image elementor-gallery-item__image\" data-thumbnail=\"https:\/\/www.portovenere.fr\/fr-fr\/wp-content\/uploads\/2025\/03\/Carrelage-gres-cerame-style-contemporain-SPAZIOSO-coloris-classic-fonce-pour-sol-et-mur-interieur-et-exterieur-magasin-Porto-Venere-Montpellier-pres-de-Saint-Aunes-34-150x150.jpg\" data-width=\"150\" data-height=\"150\" aria-label=\"\" role=\"img\" ><\/div>\n\t\t\t\t\t\t\t\t\t\t\t<div class=\"elementor-gallery-item__overlay\"><\/div>\n\t\t\t\t\t\t\t\t\t\t\t\t\t\t<\/div>\n\t\t\t\t\t\t\t<div class=\"e-gallery-item elementor-gallery-item elementor-animated-content\">\n\t\t\t\t\t<div class=\"e-gallery-image elementor-gallery-item__image\" data-thumbnail=\"https:\/\/www.portovenere.fr\/fr-fr\/wp-content\/uploads\/2025\/03\/Carrelage-clair-gres-cerame-style-contemporain-SPAZIOSO-coloris-Ice-pour-sol-et-mur-interieur-et-exterieur-magasin-Porto-Venere-Montpellier-pres-de-Baillargues-34-150x150.jpg\" data-width=\"150\" data-height=\"150\" aria-label=\"\" role=\"img\" ><\/div>\n\t\t\t\t\t\t\t\t\t\t\t<div class=\"elementor-gallery-item__overlay\"><\/div>\n\t\t\t\t\t\t\t\t\t\t\t\t\t\t<\/div>\n\t\t\t\t\t<\/div>\n\t\t\t\t\t<\/div>\n\t\t\t\t<\/div>\n\t\t\t\t<div class=\"elementor-element elementor-element-fa8a791 elementor-widget elementor-widget-text-editor\" data-id=\"fa8a791\" data-element_type=\"widget\" data-e-type=\"widget\" data-widget_type=\"text-editor.default\">\n\t\t\t\t<div class=\"elementor-widget-container\">\n\t\t\t\t\t\t\t\t\t<p data-sourcepos=\"5:1-5:46\">Le carrelage gr\u00e8s c\u00e9rame color\u00e9 dans la masse au style contemporain<b>\u00a0SPAZIOSO,\u00a0<\/b>propose\u00a0<b>3\u00a0teintes\u00a0<\/b>agr\u00e9ables pour vos<b>\u00a0espaces int\u00e9rieurs et ext\u00e9rieurs : Ice, Light et Classic.<\/b><\/p><p data-sourcepos=\"5:1-5:46\">Ce\u00a0<b>carrelage pour sols et murs<\/b>\u00a0vous offre le choix parmi les formats suivants\u00a0:\u00a0<b>30&#215;60 cm, 60&#215;60 cm , 60&#215;120 cm, 45&#215;90 cm, 90&#215;90 cm, 120&#215;120 cm et les formats XXL 120&#215;270 cm et 90&#215;270 cm.<\/b><\/p><p data-sourcepos=\"5:1-5:46\">Disponible en<b>\u00a0finition Honed (adouci), Soft ou antid\u00e9rapante.<\/b><\/p><p data-sourcepos=\"5:1-5:46\">Vous pourrez assurer une\u00a0<b>continuit\u00e9 de vos espaces de vie vers l&rsquo;ext\u00e9rieur<\/b>\u00a0gr\u00e2ce \u00e0 la\u00a0<b>finition antid\u00e9rapante<\/b>.\u00a0<\/p><p data-sourcepos=\"5:1-5:46\">Aussi, des\u00a0<b>dalles 60&#215;120 cm et maxi format 120&#215;120 cm antid\u00e9rapantes en 2cm\u00a0<\/b>d&rsquo;\u00e9paisseur, sont propos\u00e9es pour vos\u00a0<b>terrasses ou tours de piscine<\/b>\u00a0pour une pose sur plots, sur gravier, gazon ou en pose coll\u00e9e.\u00a0<\/p><p data-sourcepos=\"5:1-5:46\">Le carrelage sol et mur style contemporain SPAZIOSO existe \u00e9galement en\u00a0<b>rev\u00eatement mural Ductile Relief cannet\u00e9 CURVE et COAST 60x120cm<\/b>\u00a0pour am\u00e9nager des espaces tels qu&rsquo;une cr\u00e9dence de salle de bain ou le mur d&rsquo;un hall d&rsquo;h\u00f4tel, une t\u00eate de lit ou un commerce par exemple.<\/p>\t\t\t\t\t\t\t\t<\/div>\n\t\t\t\t<\/div>\n\t\t\t\t<div class=\"elementor-element elementor-element-4599a079 elementor-mobile-align-center elementor-widget elementor-widget-button\" data-id=\"4599a079\" data-element_type=\"widget\" data-e-type=\"widget\" data-widget_type=\"button.default\">\n\t\t\t\t<div class=\"elementor-widget-container\">\n\t\t\t\t\t\t\t\t\t<div class=\"elementor-button-wrapper\">\n\t\t\t\t\t<a class=\"elementor-button elementor-button-link elementor-size-sm\" href=\"https:\/\/www.portovenere.fr\/fr-fr\/carrelage-sol-et-mur-en-gres-cerame-et-faience\/carrelage-contemporain-et-design\/carrelage-sol-et-mur-style-contemporain-spazioso\/\">\n\t\t\t\t\t\t<span class=\"elementor-button-content-wrapper\">\n\t\t\t\t\t\t\t\t\t<span class=\"elementor-button-text\">Voir la collection<\/span>\n\t\t\t\t\t<\/span>\n\t\t\t\t\t<\/a>\n\t\t\t\t<\/div>\n\t\t\t\t\t\t\t\t<\/div>\n\t\t\t\t<\/div>\n\t\t\t\t\t<\/div>\n\t\t<\/div>\n\t\t\t\t<div class=\"elementor-column elementor-col-33 elementor-top-column elementor-element elementor-element-5530f671\" data-id=\"5530f671\" data-element_type=\"column\" data-e-type=\"column\" data-settings=\"{&quot;background_background&quot;:&quot;classic&quot;}\">\n\t\t\t<div class=\"elementor-widget-wrap elementor-element-populated\">\n\t\t\t\t\t\t<div class=\"elementor-element elementor-element-1c2d1113 elementor-widget elementor-widget-image\" data-id=\"1c2d1113\" data-element_type=\"widget\" data-e-type=\"widget\" data-widget_type=\"image.default\">\n\t\t\t\t<div class=\"elementor-widget-container\">\n\t\t\t\t\t\t\t\t\t\t\t\t\t\t\t\t<a href=\"https:\/\/www.portovenere.fr\/fr-fr\/carrelage-sol-et-mur-en-gres-cerame-et-faience\/carrelage-aspect-pierre\/carrelage-multiformat-effet-pierre-trias\/\">\n\t\t\t\t\t\t\t<img decoding=\"async\" src=\"https:\/\/www.portovenere.fr\/fr-fr\/wp-content\/uploads\/elementor\/thumbs\/Carrelage-interieur-et-exterieur-effet-pierre-Trias-crema-pour-les-sols-et-les-murs-de-vos-espaces-de-vie-pres-de-Agde-34-r8ifwuvrxou9rzk1malhipnczcc2xw67elu7omv8cc.jpg\" title=\"Carrelage-int\u00e9rieur-et-ext\u00e9rieur-effet-pierre-Trias-crema-pour-les-sols-et-les-murs-de-vos-espaces-de-vie-pr\u00e8s-de-Agde-34\" alt=\"Trias Crema 60x120 cm antid\u00e9rapant 2cm et soft en int\u00e9rieur\" loading=\"lazy\" \/>\t\t\t\t\t\t\t\t<\/a>\n\t\t\t\t\t\t\t\t\t\t\t\t\t\t\t<\/div>\n\t\t\t\t<\/div>\n\t\t\t\t<div class=\"elementor-element elementor-element-75ac4f09 elementor-widget elementor-widget-heading\" data-id=\"75ac4f09\" data-element_type=\"widget\" data-e-type=\"widget\" data-widget_type=\"heading.default\">\n\t\t\t\t<div class=\"elementor-widget-container\">\n\t\t\t\t\t<h3 class=\"elementor-heading-title elementor-size-default\"><a href=\"https:\/\/www.portovenere.fr\/fr-fr\/carrelage-sol-et-mur-en-gres-cerame-et-faience\/carrelage-aspect-pierre\/carrelage-multiformat-effet-pierre-trias\/\">TRIAS | 3 coloris<\/a><\/h3>\t\t\t\t<\/div>\n\t\t\t\t<\/div>\n\t\t\t\t<div class=\"elementor-element elementor-element-25cab531 elementor-widget__width-initial elementor-widget elementor-widget-gallery\" data-id=\"25cab531\" data-element_type=\"widget\" data-e-type=\"widget\" data-settings=\"{&quot;gap&quot;:{&quot;unit&quot;:&quot;px&quot;,&quot;size&quot;:3,&quot;sizes&quot;:[]},&quot;columns_mobile&quot;:3,&quot;gap_mobile&quot;:{&quot;unit&quot;:&quot;px&quot;,&quot;size&quot;:6,&quot;sizes&quot;:[]},&quot;columns&quot;:5,&quot;columns_tablet&quot;:3,&quot;gap_tablet&quot;:{&quot;unit&quot;:&quot;px&quot;,&quot;size&quot;:5,&quot;sizes&quot;:[]},&quot;lazyload&quot;:&quot;yes&quot;,&quot;gallery_layout&quot;:&quot;grid&quot;,&quot;aspect_ratio&quot;:&quot;3:2&quot;,&quot;overlay_background&quot;:&quot;yes&quot;,&quot;content_hover_animation&quot;:&quot;fade-in&quot;}\" data-widget_type=\"gallery.default\">\n\t\t\t\t<div class=\"elementor-widget-container\">\n\t\t\t\t\t\t\t<div class=\"elementor-gallery__container\">\n\t\t\t\t\t\t\t<div class=\"e-gallery-item elementor-gallery-item elementor-animated-content\">\n\t\t\t\t\t<div class=\"e-gallery-image elementor-gallery-item__image\" data-thumbnail=\"https:\/\/www.portovenere.fr\/fr-fr\/wp-content\/uploads\/2025\/03\/Carrelage-en-gres-cerame-multiformat-effet-pierre-pour-interieur-et-exterieur-TRIAS-grigio-pose-au-sol-et-au-mur-showroom-Porto-Venere-pres-de-La-Grande-Motte-34-150x150.jpg\" data-width=\"150\" data-height=\"150\" aria-label=\"\" role=\"img\" ><\/div>\n\t\t\t\t\t\t\t\t\t\t\t<div class=\"elementor-gallery-item__overlay\"><\/div>\n\t\t\t\t\t\t\t\t\t\t\t\t\t\t<\/div>\n\t\t\t\t\t\t\t<div class=\"e-gallery-item elementor-gallery-item elementor-animated-content\">\n\t\t\t\t\t<div class=\"e-gallery-image elementor-gallery-item__image\" data-thumbnail=\"https:\/\/www.portovenere.fr\/fr-fr\/wp-content\/uploads\/2025\/03\/Carrelage-en-gres-cerame-multiformat-effet-pierre-pour-interieur-et-exterieur-TRIAS-beige-pose-au-sol-et-au-mur-showroom-Porto-Venere-pres-de-Mauguio-34-150x150.jpg\" data-width=\"150\" data-height=\"150\" aria-label=\"\" role=\"img\" ><\/div>\n\t\t\t\t\t\t\t\t\t\t\t<div class=\"elementor-gallery-item__overlay\"><\/div>\n\t\t\t\t\t\t\t\t\t\t\t\t\t\t<\/div>\n\t\t\t\t\t\t\t<div class=\"e-gallery-item elementor-gallery-item elementor-animated-content\">\n\t\t\t\t\t<div class=\"e-gallery-image elementor-gallery-item__image\" data-thumbnail=\"https:\/\/www.portovenere.fr\/fr-fr\/wp-content\/uploads\/2025\/03\/Carrelage-clair-en-gres-cerame-multiformat-effet-pierre-pour-interieur-et-exetrieur-TRIAS-pose-au-sol-et-au-mur-showroom-Porto-Venere-pres-de-Beziers-34-150x150.jpg\" data-width=\"150\" data-height=\"150\" aria-label=\"\" role=\"img\" ><\/div>\n\t\t\t\t\t\t\t\t\t\t\t<div class=\"elementor-gallery-item__overlay\"><\/div>\n\t\t\t\t\t\t\t\t\t\t\t\t\t\t<\/div>\n\t\t\t\t\t\t\t<div class=\"e-gallery-item elementor-gallery-item elementor-animated-content\">\n\t\t\t\t\t<div class=\"e-gallery-image elementor-gallery-item__image\" data-thumbnail=\"https:\/\/www.portovenere.fr\/fr-fr\/wp-content\/uploads\/2025\/03\/Mosaique-carrelage-clair-en-gres-cerame-multiformat-effet-pierre-TRIAS-grigio-pose-au-sol-et-au-mur-showroom-Porto-Venere-pres-de-Jacou-34-150x150.jpg\" data-width=\"150\" data-height=\"150\" aria-label=\"\" role=\"img\" ><\/div>\n\t\t\t\t\t\t\t\t\t\t\t<div class=\"elementor-gallery-item__overlay\"><\/div>\n\t\t\t\t\t\t\t\t\t\t\t\t\t\t<\/div>\n\t\t\t\t\t\t\t<div class=\"e-gallery-item elementor-gallery-item elementor-animated-content\">\n\t\t\t\t\t<div class=\"e-gallery-image elementor-gallery-item__image\" data-thumbnail=\"https:\/\/www.portovenere.fr\/fr-fr\/wp-content\/uploads\/2025\/03\/Mosaique-carrelage-clair-en-gres-cerame-multiformat-effet-pierre-TRIAS-crema-pose-au-sol-et-au-mur-showroom-Porto-Venere-pres-de-Perols-34-150x150.jpg\" data-width=\"150\" data-height=\"150\" aria-label=\"\" role=\"img\" ><\/div>\n\t\t\t\t\t\t\t\t\t\t\t<div class=\"elementor-gallery-item__overlay\"><\/div>\n\t\t\t\t\t\t\t\t\t\t\t\t\t\t<\/div>\n\t\t\t\t\t\t\t<div class=\"e-gallery-item elementor-gallery-item elementor-animated-content\">\n\t\t\t\t\t<div class=\"e-gallery-image elementor-gallery-item__image\" data-thumbnail=\"https:\/\/www.portovenere.fr\/fr-fr\/wp-content\/uploads\/2025\/03\/Mosaique-carrelage-clair-en-gres-cerame-multiformat-effet-pierre-TRIAS-beige-pose-au-sol-et-au-mur-showroom-Porto-Venere-pres-de-Pezenas-34-150x150.jpg\" data-width=\"150\" data-height=\"150\" aria-label=\"\" role=\"img\" ><\/div>\n\t\t\t\t\t\t\t\t\t\t\t<div class=\"elementor-gallery-item__overlay\"><\/div>\n\t\t\t\t\t\t\t\t\t\t\t\t\t\t<\/div>\n\t\t\t\t\t<\/div>\n\t\t\t\t\t<\/div>\n\t\t\t\t<\/div>\n\t\t\t\t<div class=\"elementor-element elementor-element-5dc482b3 elementor-widget elementor-widget-text-editor\" data-id=\"5dc482b3\" data-element_type=\"widget\" data-e-type=\"widget\" data-widget_type=\"text-editor.default\">\n\t\t\t\t<div class=\"elementor-widget-container\">\n\t\t\t\t\t\t\t\t\t<p data-sourcepos=\"5:1-5:46\">Le carrelage\u00a0<b>gr\u00e8s c\u00e9rame color\u00e9 dans la masse<\/b>\u00a0TRIAS, se pose<b>\u00a0au sol et au mur en int\u00e9rieur et en ext\u00e9rieur.<\/b>\u00a0Ce<b>\u00a0carrelage multiformat effet pierre\u00a0<\/b>propose\u00a0<b>3\u00a0teintes<\/b>\u00a0inspir\u00e9es de la nature : Crema, Beige et Grigio.<\/p><p data-sourcepos=\"5:1-5:46\">Ce carrelage sol et mur vous offre le choix parmi les 4 formats suivants\u00a0:\u00a0<b>30\u00d760 cm, 60\u00d760 cm , 60\u00d7120 cm et 120\u00d7120 cm<\/b>\u00a0en finition Soft (adouci) ou Tech (naturel).<\/p><p data-sourcepos=\"5:1-5:46\">Vous pourrez assurer une\u00a0<b>continuit\u00e9 de vos espaces de vie vers l\u2019ext\u00e9rieur<\/b>\u00a0gr\u00e2ce \u00e0 la\u00a0<b>finition antid\u00e9rapante en dalles antid\u00e9rapantes de 60\u00d7120 cm et 2cm d\u2019\u00e9paisseur.<\/b><\/p><p data-sourcepos=\"5:1-5:46\"><strong>2 packs multiformat<\/strong>, compos\u00e9s de plusieurs pi\u00e8ces sont \u00e9galement disponibles pour cr\u00e9er un sol original ainsi qu\u2019une\u00a0<b>mosa\u00efque 30\u00d730 cm<\/b>.\u00a0<\/p>\t\t\t\t\t\t\t\t<\/div>\n\t\t\t\t<\/div>\n\t\t\t\t<div class=\"elementor-element elementor-element-1f4b9b0c elementor-mobile-align-center elementor-align-left elementor-widget elementor-widget-button\" data-id=\"1f4b9b0c\" data-element_type=\"widget\" data-e-type=\"widget\" data-widget_type=\"button.default\">\n\t\t\t\t<div class=\"elementor-widget-container\">\n\t\t\t\t\t\t\t\t\t<div class=\"elementor-button-wrapper\">\n\t\t\t\t\t<a class=\"elementor-button elementor-button-link elementor-size-sm\" href=\"https:\/\/www.portovenere.fr\/fr-fr\/carrelage-sol-et-mur-en-gres-cerame-et-faience\/carrelage-aspect-pierre\/carrelage-multiformat-effet-pierre-trias\/\">\n\t\t\t\t\t\t<span class=\"elementor-button-content-wrapper\">\n\t\t\t\t\t\t\t\t\t<span class=\"elementor-button-text\">Voir la collection<\/span>\n\t\t\t\t\t<\/span>\n\t\t\t\t\t<\/a>\n\t\t\t\t<\/div>\n\t\t\t\t\t\t\t\t<\/div>\n\t\t\t\t<\/div>\n\t\t\t\t\t<\/div>\n\t\t<\/div>\n\t\t\t\t\t<\/div>\n\t\t<\/section>\n\t\t\t\t<section class=\"elementor-section elementor-top-section elementor-element elementor-element-3cbcd9e5 elementor-section-full_width elementor-section-height-default elementor-section-height-default elementor-invisible\" data-id=\"3cbcd9e5\" data-element_type=\"section\" data-e-type=\"section\" data-settings=\"{&quot;animation&quot;:&quot;fadeIn&quot;}\">\n\t\t\t\t\t\t<div class=\"elementor-container elementor-column-gap-default\">\n\t\t\t\t\t<div class=\"elementor-column elementor-col-33 elementor-top-column elementor-element elementor-element-7a8369ab elementor-invisible\" data-id=\"7a8369ab\" data-element_type=\"column\" data-e-type=\"column\" data-settings=\"{&quot;animation&quot;:&quot;fadeIn&quot;,&quot;background_background&quot;:&quot;classic&quot;}\">\n\t\t\t<div class=\"elementor-widget-wrap elementor-element-populated\">\n\t\t\t\t\t\t<div class=\"elementor-element elementor-element-431f8f9d elementor-widget elementor-widget-image\" data-id=\"431f8f9d\" data-element_type=\"widget\" data-e-type=\"widget\" data-widget_type=\"image.default\">\n\t\t\t\t<div class=\"elementor-widget-container\">\n\t\t\t\t\t\t\t\t\t\t\t\t\t\t\t\t<a href=\"https:\/\/www.portovenere.fr\/fr-fr\/carrelage-sol-et-mur-en-gres-cerame-et-faience\/carrelage-imitation-parquet-aspect-bois\/carrelage-imitation-parquet-en-gres-cerame-valsa\/\">\n\t\t\t\t\t\t\t<img decoding=\"async\" src=\"https:\/\/www.portovenere.fr\/fr-fr\/wp-content\/uploads\/elementor\/thumbs\/carrelage-imitation-parquet-naturel-valsa-antico-porto-venere-04-r8ieob7zi546il762fnwttaalo4gm2o0jjdqml9ftk.jpg\" title=\"carrelage-imitation-parquet-naturel-valsa-antico-porto-venere-04\" alt=\"carrelage imitation parquet naturel valsa rovere antico porto venere\" loading=\"lazy\" \/>\t\t\t\t\t\t\t\t<\/a>\n\t\t\t\t\t\t\t\t\t\t\t\t\t\t\t<\/div>\n\t\t\t\t<\/div>\n\t\t\t\t<section class=\"elementor-section elementor-inner-section elementor-element elementor-element-311b48fd elementor-section-boxed elementor-section-height-default elementor-section-height-default elementor-invisible\" data-id=\"311b48fd\" data-element_type=\"section\" data-e-type=\"section\" data-settings=\"{&quot;background_background&quot;:&quot;classic&quot;,&quot;animation&quot;:&quot;fadeIn&quot;}\">\n\t\t\t\t\t\t<div class=\"elementor-container elementor-column-gap-default\">\n\t\t\t\t\t<div class=\"elementor-column elementor-col-100 elementor-inner-column elementor-element elementor-element-2dc9c06d\" data-id=\"2dc9c06d\" data-element_type=\"column\" data-e-type=\"column\">\n\t\t\t<div class=\"elementor-widget-wrap elementor-element-populated\">\n\t\t\t\t\t\t<div class=\"elementor-element elementor-element-5193cf53 elementor-widget elementor-widget-heading\" data-id=\"5193cf53\" data-element_type=\"widget\" data-e-type=\"widget\" data-widget_type=\"heading.default\">\n\t\t\t\t<div class=\"elementor-widget-container\">\n\t\t\t\t\t<h3 class=\"elementor-heading-title elementor-size-default\"><a href=\"https:\/\/www.portovenere.fr\/fr-fr\/carrelage-sol-et-mur-en-gres-cerame-et-faience\/carrelage-imitation-parquet-aspect-bois\/carrelage-imitation-parquet-en-gres-cerame-valsa\/\">Lames 2 cm VALSA | 3 coloris<\/a><\/h3>\t\t\t\t<\/div>\n\t\t\t\t<\/div>\n\t\t\t\t<div class=\"elementor-element elementor-element-6ddffaac elementor-widget__width-initial elementor-widget elementor-widget-gallery\" data-id=\"6ddffaac\" data-element_type=\"widget\" data-e-type=\"widget\" data-settings=\"{&quot;gap&quot;:{&quot;unit&quot;:&quot;px&quot;,&quot;size&quot;:3,&quot;sizes&quot;:[]},&quot;columns_mobile&quot;:3,&quot;gap_mobile&quot;:{&quot;unit&quot;:&quot;px&quot;,&quot;size&quot;:6,&quot;sizes&quot;:[]},&quot;columns&quot;:5,&quot;columns_tablet&quot;:3,&quot;gap_tablet&quot;:{&quot;unit&quot;:&quot;px&quot;,&quot;size&quot;:5,&quot;sizes&quot;:[]},&quot;lazyload&quot;:&quot;yes&quot;,&quot;gallery_layout&quot;:&quot;grid&quot;,&quot;aspect_ratio&quot;:&quot;3:2&quot;,&quot;overlay_background&quot;:&quot;yes&quot;,&quot;content_hover_animation&quot;:&quot;fade-in&quot;}\" data-widget_type=\"gallery.default\">\n\t\t\t\t<div class=\"elementor-widget-container\">\n\t\t\t\t\t\t\t<div class=\"elementor-gallery__container\">\n\t\t\t\t\t\t\t<div class=\"e-gallery-item elementor-gallery-item elementor-animated-content\">\n\t\t\t\t\t<div class=\"e-gallery-image elementor-gallery-item__image\" data-thumbnail=\"https:\/\/www.portovenere.fr\/fr-fr\/wp-content\/uploads\/2023\/07\/ROVERE-Naturale-30X120-5-150x150.jpg\" data-width=\"150\" data-height=\"150\" aria-label=\"\" role=\"img\" ><\/div>\n\t\t\t\t\t\t\t\t\t\t\t<div class=\"elementor-gallery-item__overlay\"><\/div>\n\t\t\t\t\t\t\t\t\t\t\t\t\t\t<\/div>\n\t\t\t\t\t\t\t<div class=\"e-gallery-item elementor-gallery-item elementor-animated-content\">\n\t\t\t\t\t<div class=\"e-gallery-image elementor-gallery-item__image\" data-thumbnail=\"https:\/\/www.portovenere.fr\/fr-fr\/wp-content\/uploads\/2023\/07\/ROVERE-Intenso-30X120-6-150x150.jpg\" data-width=\"150\" data-height=\"150\" aria-label=\"\" role=\"img\" ><\/div>\n\t\t\t\t\t\t\t\t\t\t\t<div class=\"elementor-gallery-item__overlay\"><\/div>\n\t\t\t\t\t\t\t\t\t\t\t\t\t\t<\/div>\n\t\t\t\t\t\t\t<div class=\"e-gallery-item elementor-gallery-item elementor-animated-content\">\n\t\t\t\t\t<div class=\"e-gallery-image elementor-gallery-item__image\" data-thumbnail=\"https:\/\/www.portovenere.fr\/fr-fr\/wp-content\/uploads\/2023\/07\/ROVERE-Antico-30x120-2-150x150.jpg\" data-width=\"150\" data-height=\"150\" aria-label=\"\" role=\"img\" ><\/div>\n\t\t\t\t\t\t\t\t\t\t\t<div class=\"elementor-gallery-item__overlay\"><\/div>\n\t\t\t\t\t\t\t\t\t\t\t\t\t\t<\/div>\n\t\t\t\t\t<\/div>\n\t\t\t\t\t<\/div>\n\t\t\t\t<\/div>\n\t\t\t\t<div class=\"elementor-element elementor-element-1a90a80f elementor-widget elementor-widget-text-editor\" data-id=\"1a90a80f\" data-element_type=\"widget\" data-e-type=\"widget\" data-widget_type=\"text-editor.default\">\n\t\t\t\t<div class=\"elementor-widget-container\">\n\t\t\t\t\t\t\t\t\t<p>Valsa est une riche collection de carrelage et dalles effet parquet bois qui offre un agr\u00e9able voyage \u00e0 travers les\u00a0<b>essences de bois.<\/b>\u00a0Ce\u00a0<b>carrelage<\/b>\u00a0imitation parquet bois en\u00a0<b>gr\u00e8s c\u00e9rame<\/b>\u00a0pour l&rsquo;int\u00e9rieur et l&rsquo;ext\u00e9rieur offre de belles possibilit\u00e9s d&rsquo;agencement de vos espaces avec sa\u00a0<b>pose au sol ou murale<\/b>\u00a0dans les 4<b>\u00a0coloris propos\u00e9s et 3 d\u00e9cors.<\/b><\/p><p><b>3 coloris sont disponibles en dalles antid\u00e9rapantes 20mm pour am\u00e9nager vos ext\u00e9rieurs.<\/b><\/p>\t\t\t\t\t\t\t\t<\/div>\n\t\t\t\t<\/div>\n\t\t\t\t<div class=\"elementor-element elementor-element-41f6b5c7 elementor-mobile-align-center elementor-widget elementor-widget-button\" data-id=\"41f6b5c7\" data-element_type=\"widget\" data-e-type=\"widget\" data-widget_type=\"button.default\">\n\t\t\t\t<div class=\"elementor-widget-container\">\n\t\t\t\t\t\t\t\t\t<div class=\"elementor-button-wrapper\">\n\t\t\t\t\t<a class=\"elementor-button elementor-button-link elementor-size-sm\" href=\"https:\/\/www.portovenere.fr\/fr-fr\/carrelage-sol-et-mur-en-gres-cerame-et-faience\/carrelage-imitation-parquet-aspect-bois\/carrelage-imitation-parquet-en-gres-cerame-valsa\/\">\n\t\t\t\t\t\t<span class=\"elementor-button-content-wrapper\">\n\t\t\t\t\t\t\t\t\t<span class=\"elementor-button-text\">Voir la collection<\/span>\n\t\t\t\t\t<\/span>\n\t\t\t\t\t<\/a>\n\t\t\t\t<\/div>\n\t\t\t\t\t\t\t\t<\/div>\n\t\t\t\t<\/div>\n\t\t\t\t\t<\/div>\n\t\t<\/div>\n\t\t\t\t\t<\/div>\n\t\t<\/section>\n\t\t\t\t\t<\/div>\n\t\t<\/div>\n\t\t\t\t<div class=\"elementor-column elementor-col-33 elementor-top-column elementor-element elementor-element-22f2d8e1 elementor-invisible\" data-id=\"22f2d8e1\" data-element_type=\"column\" data-e-type=\"column\" data-settings=\"{&quot;animation&quot;:&quot;fadeIn&quot;,&quot;background_background&quot;:&quot;classic&quot;}\">\n\t\t\t<div class=\"elementor-widget-wrap elementor-element-populated\">\n\t\t\t\t\t\t<section class=\"elementor-section elementor-inner-section elementor-element elementor-element-42a37499 elementor-section-boxed elementor-section-height-default elementor-section-height-default elementor-invisible\" data-id=\"42a37499\" data-element_type=\"section\" data-e-type=\"section\" data-settings=\"{&quot;background_background&quot;:&quot;classic&quot;,&quot;animation&quot;:&quot;fadeIn&quot;}\">\n\t\t\t\t\t\t<div class=\"elementor-container elementor-column-gap-default\">\n\t\t\t\t\t<div class=\"elementor-column elementor-col-100 elementor-inner-column elementor-element elementor-element-187ac1a2\" data-id=\"187ac1a2\" data-element_type=\"column\" data-e-type=\"column\">\n\t\t\t<div class=\"elementor-widget-wrap elementor-element-populated\">\n\t\t\t\t\t\t<div class=\"elementor-element elementor-element-33a43912 elementor-widget elementor-widget-image\" data-id=\"33a43912\" data-element_type=\"widget\" data-e-type=\"widget\" data-widget_type=\"image.default\">\n\t\t\t\t<div class=\"elementor-widget-container\">\n\t\t\t\t\t\t\t\t\t\t\t\t\t\t\t\t<a href=\"https:\/\/www.portovenere.fr\/fr-fr\/carrelage-sol-et-mur-en-gres-cerame-et-faience\/carrelage-aspect-pierre\/carrelage-haut-de-gamme-effet-pierre-contemporaine-atrata-stone\/\">\n\t\t\t\t\t\t\t<img decoding=\"async\" src=\"https:\/\/www.portovenere.fr\/fr-fr\/wp-content\/uploads\/elementor\/thumbs\/Dalles-antiderapantes-exterieures-effet-pierre-contemporaine-claire-ATRATA-STONE-Sassi-White-60x120-cm-terasse-pres-de-Montferrier-sur-Lez-34-r8igcb941y5f9qrq5m4udvey28jmhsdhhd6dtzze5g.jpg\" title=\"Dalles-antid\u00e9rapantes-ext\u00e9rieures-effet-pierre-contemporaine-claire-ATRATA-STONE-Sassi-White-60&#215;120-cm-terasse-pr\u00e8s-de-Montferrier-sur-Lez-34\" alt=\"Atrata White dalles antid\u00e9rapantes 20 mm\" loading=\"lazy\" \/>\t\t\t\t\t\t\t\t<\/a>\n\t\t\t\t\t\t\t\t\t\t\t\t\t\t\t<\/div>\n\t\t\t\t<\/div>\n\t\t\t\t<div class=\"elementor-element elementor-element-4dd5aa7a elementor-widget elementor-widget-heading\" data-id=\"4dd5aa7a\" data-element_type=\"widget\" data-e-type=\"widget\" data-widget_type=\"heading.default\">\n\t\t\t\t<div class=\"elementor-widget-container\">\n\t\t\t\t\t<h3 class=\"elementor-heading-title elementor-size-default\"><a href=\"https:\/\/www.portovenere.fr\/fr-fr\/carrelage-sol-et-mur-en-gres-cerame-et-faience\/carrelage-aspect-pierre\/carrelage-haut-de-gamme-effet-pierre-contemporaine-atrata-stone\/\">ATRATA STONE | 4 coloris &amp; 3 finitions<\/a><\/h3>\t\t\t\t<\/div>\n\t\t\t\t<\/div>\n\t\t\t\t<div class=\"elementor-element elementor-element-3a2786b0 elementor-widget__width-initial elementor-widget elementor-widget-gallery\" data-id=\"3a2786b0\" data-element_type=\"widget\" data-e-type=\"widget\" data-settings=\"{&quot;gap&quot;:{&quot;unit&quot;:&quot;px&quot;,&quot;size&quot;:3,&quot;sizes&quot;:[]},&quot;columns_mobile&quot;:3,&quot;gap_mobile&quot;:{&quot;unit&quot;:&quot;px&quot;,&quot;size&quot;:6,&quot;sizes&quot;:[]},&quot;columns&quot;:5,&quot;columns_tablet&quot;:3,&quot;gap_tablet&quot;:{&quot;unit&quot;:&quot;px&quot;,&quot;size&quot;:5,&quot;sizes&quot;:[]},&quot;lazyload&quot;:&quot;yes&quot;,&quot;gallery_layout&quot;:&quot;grid&quot;,&quot;aspect_ratio&quot;:&quot;3:2&quot;,&quot;overlay_background&quot;:&quot;yes&quot;,&quot;content_hover_animation&quot;:&quot;fade-in&quot;}\" data-widget_type=\"gallery.default\">\n\t\t\t\t<div class=\"elementor-widget-container\">\n\t\t\t\t\t\t\t<div class=\"elementor-gallery__container\">\n\t\t\t\t\t\t\t<div class=\"e-gallery-item elementor-gallery-item elementor-animated-content\">\n\t\t\t\t\t<div class=\"e-gallery-image elementor-gallery-item__image\" data-thumbnail=\"https:\/\/www.portovenere.fr\/fr-fr\/wp-content\/uploads\/2025\/07\/Carrelage-effet-pierre-contemporaine-ATRATA-STONE-Sassi-Grey-pour-sol-et-mur-4-coloris-Magasin-PORTO_VENERE_MONTPELLIER-pres-de-Mauguio-34-150x150.jpg\" data-width=\"150\" data-height=\"150\" aria-label=\"\" role=\"img\" ><\/div>\n\t\t\t\t\t\t\t\t\t\t\t<div class=\"elementor-gallery-item__overlay\"><\/div>\n\t\t\t\t\t\t\t\t\t\t\t\t\t\t<\/div>\n\t\t\t\t\t\t\t<div class=\"e-gallery-item elementor-gallery-item elementor-animated-content\">\n\t\t\t\t\t<div class=\"e-gallery-image elementor-gallery-item__image\" data-thumbnail=\"https:\/\/www.portovenere.fr\/fr-fr\/wp-content\/uploads\/2025\/07\/Carrelage-effet-pierre-contemporaine-ATRATA-STONE-Sassi-White-pour-sol-et-mur-4-coloris-Magasin-PORTO_VENERE_MONTPELLIER-pres-de-Palavas-34-150x150.jpg\" data-width=\"150\" data-height=\"150\" aria-label=\"\" role=\"img\" ><\/div>\n\t\t\t\t\t\t\t\t\t\t\t<div class=\"elementor-gallery-item__overlay\"><\/div>\n\t\t\t\t\t\t\t\t\t\t\t\t\t\t<\/div>\n\t\t\t\t\t\t\t<div class=\"e-gallery-item elementor-gallery-item elementor-animated-content\">\n\t\t\t\t\t<div class=\"e-gallery-image elementor-gallery-item__image\" data-thumbnail=\"https:\/\/www.portovenere.fr\/fr-fr\/wp-content\/uploads\/2025\/07\/Carrelage-effet-pierre-contemporaine-ATRATA-STONE-Sassi-Greige-pour-sol-et-mur-4-coloris-Magasin-PORTO_VENERE_MONTPELLIER-pres-de-Perols-34-150x150.jpg\" data-width=\"150\" data-height=\"150\" aria-label=\"\" role=\"img\" ><\/div>\n\t\t\t\t\t\t\t\t\t\t\t<div class=\"elementor-gallery-item__overlay\"><\/div>\n\t\t\t\t\t\t\t\t\t\t\t\t\t\t<\/div>\n\t\t\t\t\t\t\t<div class=\"e-gallery-item elementor-gallery-item elementor-animated-content\">\n\t\t\t\t\t<div class=\"e-gallery-image elementor-gallery-item__image\" data-thumbnail=\"https:\/\/www.portovenere.fr\/fr-fr\/wp-content\/uploads\/2025\/07\/Carrelage-effet-pierre-contemporaine-ATRATA-STONE-Sassi-Beige-pour-sol-et-mur-4-coloris-Magasin-PORTO_VENERE_MONTPELLIER-pres-de-Sete-34-150x150.jpg\" data-width=\"150\" data-height=\"150\" aria-label=\"\" role=\"img\" ><\/div>\n\t\t\t\t\t\t\t\t\t\t\t<div class=\"elementor-gallery-item__overlay\"><\/div>\n\t\t\t\t\t\t\t\t\t\t\t\t\t\t<\/div>\n\t\t\t\t\t\t\t<div class=\"e-gallery-item elementor-gallery-item elementor-animated-content\">\n\t\t\t\t\t<div class=\"e-gallery-image elementor-gallery-item__image\" data-thumbnail=\"https:\/\/www.portovenere.fr\/fr-fr\/wp-content\/uploads\/2025\/07\/Carrelage-effet-pierre-contemporaine-ATRATA-STONE-Ritmo-White-interieur-exterieur-4-coloris-Magasin-PORTO_VENERE_MONTPELLIER-pres-de-Carnon-34-150x150.jpg\" data-width=\"150\" data-height=\"150\" aria-label=\"\" role=\"img\" ><\/div>\n\t\t\t\t\t\t\t\t\t\t\t<div class=\"elementor-gallery-item__overlay\"><\/div>\n\t\t\t\t\t\t\t\t\t\t\t\t\t\t<\/div>\n\t\t\t\t\t\t\t<div class=\"e-gallery-item elementor-gallery-item elementor-animated-content\">\n\t\t\t\t\t<div class=\"e-gallery-image elementor-gallery-item__image\" data-thumbnail=\"https:\/\/www.portovenere.fr\/fr-fr\/wp-content\/uploads\/2025\/07\/Carrelage-effet-pierre-contemporaine-ATRATA-STONE-Ritmo-Grey-interieur-exterieur-4-coloris-Magasin-PORTO_VENERE_MONTPELLIER-pres-de-Clapiers-34-150x150.jpg\" data-width=\"150\" data-height=\"150\" aria-label=\"\" role=\"img\" ><\/div>\n\t\t\t\t\t\t\t\t\t\t\t<div class=\"elementor-gallery-item__overlay\"><\/div>\n\t\t\t\t\t\t\t\t\t\t\t\t\t\t<\/div>\n\t\t\t\t\t\t\t<div class=\"e-gallery-item elementor-gallery-item elementor-animated-content\">\n\t\t\t\t\t<div class=\"e-gallery-image elementor-gallery-item__image\" data-thumbnail=\"https:\/\/www.portovenere.fr\/fr-fr\/wp-content\/uploads\/2025\/07\/Carrelage-effet-pierre-contemporaine-ATRATA-STONE-Ritmo-Greige-interieur-exterieur-4-coloris-Magasin-PORTO_VENERE_MONTPELLIER-pres-de-Marseillan-34-150x150.jpg\" data-width=\"150\" data-height=\"150\" aria-label=\"\" role=\"img\" ><\/div>\n\t\t\t\t\t\t\t\t\t\t\t<div class=\"elementor-gallery-item__overlay\"><\/div>\n\t\t\t\t\t\t\t\t\t\t\t\t\t\t<\/div>\n\t\t\t\t\t\t\t<div class=\"e-gallery-item elementor-gallery-item elementor-animated-content\">\n\t\t\t\t\t<div class=\"e-gallery-image elementor-gallery-item__image\" data-thumbnail=\"https:\/\/www.portovenere.fr\/fr-fr\/wp-content\/uploads\/2025\/07\/Carrelage-effet-pierre-contemporaine-ATRATA-STONE-Ritmo-Beige-interieur-exterieur-4-coloris-Magasin-PORTO_VENERE_MONTPELLIER-pres-de-Lattes-34-150x150.jpg\" data-width=\"150\" data-height=\"150\" aria-label=\"\" role=\"img\" ><\/div>\n\t\t\t\t\t\t\t\t\t\t\t<div class=\"elementor-gallery-item__overlay\"><\/div>\n\t\t\t\t\t\t\t\t\t\t\t\t\t\t<\/div>\n\t\t\t\t\t\t\t<div class=\"e-gallery-item elementor-gallery-item elementor-animated-content\">\n\t\t\t\t\t<div class=\"e-gallery-image elementor-gallery-item__image\" data-thumbnail=\"https:\/\/www.portovenere.fr\/fr-fr\/wp-content\/uploads\/2025\/07\/Carrelage-effet-pierre-contemporaine-ATRATA-STONE-Neutra-Greige-pour-sol-et-mur-4-coloris-Magasin-PORTO_VENERE_MONTPELLIER-pres-de-Castries-34-150x150.jpg\" data-width=\"150\" data-height=\"150\" aria-label=\"\" role=\"img\" ><\/div>\n\t\t\t\t\t\t\t\t\t\t\t<div class=\"elementor-gallery-item__overlay\"><\/div>\n\t\t\t\t\t\t\t\t\t\t\t\t\t\t<\/div>\n\t\t\t\t\t\t\t<div class=\"e-gallery-item elementor-gallery-item elementor-animated-content\">\n\t\t\t\t\t<div class=\"e-gallery-image elementor-gallery-item__image\" data-thumbnail=\"https:\/\/www.portovenere.fr\/fr-fr\/wp-content\/uploads\/2025\/07\/Carrelage-effet-pierre-contemporaine-ATRATA-STONE-Neutra-White-pour-sol-et-mur-4-coloris-Magasin-PORTO_VENERE_MONTPELLIER-pres-de-Agde-34-150x150.jpg\" data-width=\"150\" data-height=\"150\" aria-label=\"\" role=\"img\" ><\/div>\n\t\t\t\t\t\t\t\t\t\t\t<div class=\"elementor-gallery-item__overlay\"><\/div>\n\t\t\t\t\t\t\t\t\t\t\t\t\t\t<\/div>\n\t\t\t\t\t\t\t<div class=\"e-gallery-item elementor-gallery-item elementor-animated-content\">\n\t\t\t\t\t<div class=\"e-gallery-image elementor-gallery-item__image\" data-thumbnail=\"https:\/\/www.portovenere.fr\/fr-fr\/wp-content\/uploads\/2025\/07\/Carrelage-effet-pierre-contemporaine-ATRATA-STONE-Neutra-Grey-pour-sol-et-mur-4-coloris-Magasin-PORTO_VENERE_MONTPELLIER-pres-de-Saussan-34-150x150.jpg\" data-width=\"150\" data-height=\"150\" aria-label=\"\" role=\"img\" ><\/div>\n\t\t\t\t\t\t\t\t\t\t\t<div class=\"elementor-gallery-item__overlay\"><\/div>\n\t\t\t\t\t\t\t\t\t\t\t\t\t\t<\/div>\n\t\t\t\t\t\t\t<div class=\"e-gallery-item elementor-gallery-item elementor-animated-content\">\n\t\t\t\t\t<div class=\"e-gallery-image elementor-gallery-item__image\" data-thumbnail=\"https:\/\/www.portovenere.fr\/fr-fr\/wp-content\/uploads\/2025\/07\/Carrelage-effet-pierre-contemporaine-ATRATA-STONE-Neutra-Beige-pour-sol-et-mur-4-coloris-Magasin-PORTO_VENERE_MONTPELLIER-pres-de-Lunel-34-150x150.jpg\" data-width=\"150\" data-height=\"150\" aria-label=\"\" role=\"img\" ><\/div>\n\t\t\t\t\t\t\t\t\t\t\t<div class=\"elementor-gallery-item__overlay\"><\/div>\n\t\t\t\t\t\t\t\t\t\t\t\t\t\t<\/div>\n\t\t\t\t\t\t\t<div class=\"e-gallery-item elementor-gallery-item elementor-animated-content\">\n\t\t\t\t\t<div class=\"e-gallery-image elementor-gallery-item__image\" data-thumbnail=\"https:\/\/www.portovenere.fr\/fr-fr\/wp-content\/uploads\/2025\/07\/Mosaique-carrelage-effet-pierre-contemporaine-ATRATA-STONE-Neutra-White-pour-sol-et-mur-4-coloris-Magasin-PORTO_VENERE_MONTPELLIER-pres-de-Mauguio-34-150x150.jpg\" data-width=\"150\" data-height=\"150\" aria-label=\"\" role=\"img\" ><\/div>\n\t\t\t\t\t\t\t\t\t\t\t<div class=\"elementor-gallery-item__overlay\"><\/div>\n\t\t\t\t\t\t\t\t\t\t\t\t\t\t<\/div>\n\t\t\t\t\t\t\t<div class=\"e-gallery-item elementor-gallery-item elementor-animated-content\">\n\t\t\t\t\t<div class=\"e-gallery-image elementor-gallery-item__image\" data-thumbnail=\"https:\/\/www.portovenere.fr\/fr-fr\/wp-content\/uploads\/2025\/07\/Mosaique-carrelage-effet-pierre-contemporaine-ATRATA-STONE-Neutra-Grey-pour-sol-et-mur-4-coloris-Magasin-PORTO_VENERE_MONTPELLIER-pres-de-Clapiers-34-150x150.jpg\" data-width=\"150\" data-height=\"150\" aria-label=\"\" role=\"img\" ><\/div>\n\t\t\t\t\t\t\t\t\t\t\t<div class=\"elementor-gallery-item__overlay\"><\/div>\n\t\t\t\t\t\t\t\t\t\t\t\t\t\t<\/div>\n\t\t\t\t\t\t\t<div class=\"e-gallery-item elementor-gallery-item elementor-animated-content\">\n\t\t\t\t\t<div class=\"e-gallery-image elementor-gallery-item__image\" data-thumbnail=\"https:\/\/www.portovenere.fr\/fr-fr\/wp-content\/uploads\/2025\/07\/Mosaique-carrelage-effet-pierre-contemporaine-ATRATA-STONE-Neutra-Beige-pour-sol-et-mur-4-coloris-Magasin-PORTO_VENERE_MONTPELLIER-pres-de-Lattes-34-150x150.jpg\" data-width=\"150\" data-height=\"150\" aria-label=\"\" role=\"img\" ><\/div>\n\t\t\t\t\t\t\t\t\t\t\t<div class=\"elementor-gallery-item__overlay\"><\/div>\n\t\t\t\t\t\t\t\t\t\t\t\t\t\t<\/div>\n\t\t\t\t\t\t\t<div class=\"e-gallery-item elementor-gallery-item elementor-animated-content\">\n\t\t\t\t\t<div class=\"e-gallery-image elementor-gallery-item__image\" data-thumbnail=\"https:\/\/www.portovenere.fr\/fr-fr\/wp-content\/uploads\/2025\/07\/Mosaique-carrelage-effet-pierre-contemporaine-ATRATA-STONE-Neurta-Greige-pour-sol-et-mur-4-coloris-Magasin-PORTO_VENERE_MONTPELLIER-pres-de-Juvignac-34-150x150.jpg\" data-width=\"150\" data-height=\"150\" aria-label=\"\" role=\"img\" ><\/div>\n\t\t\t\t\t\t\t\t\t\t\t<div class=\"elementor-gallery-item__overlay\"><\/div>\n\t\t\t\t\t\t\t\t\t\t\t\t\t\t<\/div>\n\t\t\t\t\t\t\t<div class=\"e-gallery-item elementor-gallery-item elementor-animated-content\">\n\t\t\t\t\t<div class=\"e-gallery-image elementor-gallery-item__image\" data-thumbnail=\"https:\/\/www.portovenere.fr\/fr-fr\/wp-content\/uploads\/2025\/07\/Mosaique-carrelage-effet-pierre-contemporaine-ATRATA-STONE-Sassi-White-pour-sol-et-mur-4-coloris-Magasin-PORTO_VENERE_MONTPELLIER-pres-de-Sete-34-150x150.jpg\" data-width=\"150\" data-height=\"150\" aria-label=\"\" role=\"img\" ><\/div>\n\t\t\t\t\t\t\t\t\t\t\t<div class=\"elementor-gallery-item__overlay\"><\/div>\n\t\t\t\t\t\t\t\t\t\t\t\t\t\t<\/div>\n\t\t\t\t\t\t\t<div class=\"e-gallery-item elementor-gallery-item elementor-animated-content\">\n\t\t\t\t\t<div class=\"e-gallery-image elementor-gallery-item__image\" data-thumbnail=\"https:\/\/www.portovenere.fr\/fr-fr\/wp-content\/uploads\/2025\/07\/Mosaique-carrelage-effet-pierre-contemporaine-ATRATA-STONE-Sassi-Greige-pour-sol-et-mur-4-coloris-Magasin-PORTO_VENERE_MONTPELLIER-pres-de-Mireval-34-150x150.jpg\" data-width=\"150\" data-height=\"150\" aria-label=\"\" role=\"img\" ><\/div>\n\t\t\t\t\t\t\t\t\t\t\t<div class=\"elementor-gallery-item__overlay\"><\/div>\n\t\t\t\t\t\t\t\t\t\t\t\t\t\t<\/div>\n\t\t\t\t\t\t\t<div class=\"e-gallery-item elementor-gallery-item elementor-animated-content\">\n\t\t\t\t\t<div class=\"e-gallery-image elementor-gallery-item__image\" data-thumbnail=\"https:\/\/www.portovenere.fr\/fr-fr\/wp-content\/uploads\/2025\/07\/Mosaique-carrelage-effet-pierre-contemporaine-ATRATA-STONE-Sassi-Dark-Grey-pour-sol-et-mur-4-coloris-Magasin-PORTO_VENERE_MONTPELLIER-pres-de-Cassis-13-150x150.jpg\" data-width=\"150\" data-height=\"150\" aria-label=\"\" role=\"img\" ><\/div>\n\t\t\t\t\t\t\t\t\t\t\t<div class=\"elementor-gallery-item__overlay\"><\/div>\n\t\t\t\t\t\t\t\t\t\t\t\t\t\t<\/div>\n\t\t\t\t\t\t\t<div class=\"e-gallery-item elementor-gallery-item elementor-animated-content\">\n\t\t\t\t\t<div class=\"e-gallery-image elementor-gallery-item__image\" data-thumbnail=\"https:\/\/www.portovenere.fr\/fr-fr\/wp-content\/uploads\/2025\/07\/Mosaique-carrelage-effet-pierre-contemporaine-ATRATA-STONE-Sassi-Beige-pour-sol-et-mur-4-coloris-Magasin-PORTO_VENERE_a-MONTPELLIER-34-150x150.jpg\" data-width=\"150\" data-height=\"150\" aria-label=\"\" role=\"img\" ><\/div>\n\t\t\t\t\t\t\t\t\t\t\t<div class=\"elementor-gallery-item__overlay\"><\/div>\n\t\t\t\t\t\t\t\t\t\t\t\t\t\t<\/div>\n\t\t\t\t\t<\/div>\n\t\t\t\t\t<\/div>\n\t\t\t\t<\/div>\n\t\t\t\t<div class=\"elementor-element elementor-element-6bb7d74b elementor-widget elementor-widget-text-editor\" data-id=\"6bb7d74b\" data-element_type=\"widget\" data-e-type=\"widget\" data-widget_type=\"text-editor.default\">\n\t\t\t\t<div class=\"elementor-widget-container\">\n\t\t\t\t\t\t\t\t\t<p data-sourcepos=\"5:1-5:46\">Le carrelage pierre<b> int\u00e9rieur et ext\u00e9rieur RINCA STONE<\/b>\u00a0reprend l&rsquo;effet de la pierre naturelle \u00e0 travers<b>\u00a03 coloris : White, Beige et Light Grey.<\/b><\/p><p data-sourcepos=\"5:1-5:46\"><span style=\"color: var( --e-global-color-text ); text-align: start;\">Ce carrelage gr\u00e8s c\u00e9rame est d\u00e9clin\u00e9 en deux identit\u00e9s visuelles : <b>VEIN CUT<\/b> (vagues lin\u00e9aires) et <b>CROSS CUT <\/b>(vagues arrondies), dans des<b> finitions naturelles Silktech<\/b> et <b>antid\u00e9rapantes Silktech Plus<\/b>.<\/span><\/p><p data-sourcepos=\"5:1-5:46\"><span style=\"color: var( --e-global-color-text ); text-align: start;\">Les <b>2 d\u00e9cors pour murs et sols<\/b>\u00a0BLOCKS et TWEED, ainsi que des mosa\u00efques &#8211; 5&#215;5 cm et hexagonale &#8211; compl\u00e8tent cette collection parfaitement adapt\u00e9e pour votre projet de construction ou r\u00e9novation.\u00a0<\/span><\/p><p style=\"text-align: start;\" data-sourcepos=\"5:1-5:46\"><span style=\"color: #2d2d2d;\">Plusieurs formats propos\u00e9s pour cette collection de carrelage imitation pierre naturelle de qualit\u00e9 : <b>120&#215;120 cm, 90x180cm, 60&#215;120 cm, 60&#215;60 cm et 30x60cm.<\/b><\/span><\/p>\t\t\t\t\t\t\t\t<\/div>\n\t\t\t\t<\/div>\n\t\t\t\t<div class=\"elementor-element elementor-element-1f10ef87 elementor-mobile-align-center elementor-widget elementor-widget-button\" data-id=\"1f10ef87\" data-element_type=\"widget\" data-e-type=\"widget\" data-widget_type=\"button.default\">\n\t\t\t\t<div class=\"elementor-widget-container\">\n\t\t\t\t\t\t\t\t\t<div class=\"elementor-button-wrapper\">\n\t\t\t\t\t<a class=\"elementor-button elementor-button-link elementor-size-sm\" href=\"https:\/\/www.portovenere.fr\/fr-fr\/carrelage-sol-et-mur-en-gres-cerame-et-faience\/carrelage-aspect-pierre\/carrelage-haut-de-gamme-effet-pierre-contemporaine-atrata-stone\/\">\n\t\t\t\t\t\t<span class=\"elementor-button-content-wrapper\">\n\t\t\t\t\t\t\t\t\t<span class=\"elementor-button-text\">VOIR LA COLLECTION<\/span>\n\t\t\t\t\t<\/span>\n\t\t\t\t\t<\/a>\n\t\t\t\t<\/div>\n\t\t\t\t\t\t\t\t<\/div>\n\t\t\t\t<\/div>\n\t\t\t\t\t<\/div>\n\t\t<\/div>\n\t\t\t\t\t<\/div>\n\t\t<\/section>\n\t\t\t\t\t<\/div>\n\t\t<\/div>\n\t\t\t\t<div class=\"elementor-column elementor-col-33 elementor-top-column elementor-element elementor-element-3ae12cc elementor-invisible\" data-id=\"3ae12cc\" data-element_type=\"column\" data-e-type=\"column\" data-settings=\"{&quot;animation&quot;:&quot;fadeIn&quot;,&quot;background_background&quot;:&quot;classic&quot;}\">\n\t\t\t<div class=\"elementor-widget-wrap elementor-element-populated\">\n\t\t\t\t\t\t<div class=\"elementor-element elementor-element-148748a elementor-widget elementor-widget-image\" data-id=\"148748a\" data-element_type=\"widget\" data-e-type=\"widget\" data-widget_type=\"image.default\">\n\t\t\t\t<div class=\"elementor-widget-container\">\n\t\t\t\t\t\t\t\t\t\t\t\t\t\t\t\t<a href=\"https:\/\/www.portovenere.fr\/fr-fr\/carrelage-sol-et-mur-en-gres-cerame-et-faience\/carrelage-imitation-parquet-aspect-bois\/carrelage-parquet-chene-pour-sol-et-mur-horizon\/\">\n\t\t\t\t\t\t\t<img decoding=\"async\" src=\"https:\/\/www.portovenere.fr\/fr-fr\/wp-content\/uploads\/elementor\/thumbs\/Carrelage-exterieur-effet-bois-dalles-antiderapantes-2-cm-x-30-cm-x120-cm-gres-cerame-Horizon-Spice-terrasse-proche-de-Vendargues-34-r8ifkefhy3wevxaid886j08cwpk90y6fooamv0aobk.jpg\" title=\"Carrelage-ext\u00e9rieur-effet-bois-dalles-antid\u00e9rapantes-2-cm-x-30-cm-x120-cm-gr\u00e8s-c\u00e9rame-Horizon-Spice-terrasse-proche-de-Vendargues-34\" alt=\"30x120 cm dalle antid\u00e9rapante 2 cm\" loading=\"lazy\" \/>\t\t\t\t\t\t\t\t<\/a>\n\t\t\t\t\t\t\t\t\t\t\t\t\t\t\t<\/div>\n\t\t\t\t<\/div>\n\t\t\t\t<section class=\"elementor-section elementor-inner-section elementor-element elementor-element-3138b626 elementor-section-boxed elementor-section-height-default elementor-section-height-default elementor-invisible\" data-id=\"3138b626\" data-element_type=\"section\" data-e-type=\"section\" data-settings=\"{&quot;background_background&quot;:&quot;classic&quot;,&quot;animation&quot;:&quot;fadeIn&quot;}\">\n\t\t\t\t\t\t<div class=\"elementor-container elementor-column-gap-default\">\n\t\t\t\t\t<div class=\"elementor-column elementor-col-100 elementor-inner-column elementor-element elementor-element-4c8171c1\" data-id=\"4c8171c1\" data-element_type=\"column\" data-e-type=\"column\">\n\t\t\t<div class=\"elementor-widget-wrap elementor-element-populated\">\n\t\t\t\t\t\t<div class=\"elementor-element elementor-element-603f6819 elementor-widget elementor-widget-heading\" data-id=\"603f6819\" data-element_type=\"widget\" data-e-type=\"widget\" data-widget_type=\"heading.default\">\n\t\t\t\t<div class=\"elementor-widget-container\">\n\t\t\t\t\t<h3 class=\"elementor-heading-title elementor-size-default\"><a href=\"https:\/\/www.portovenere.fr\/fr-fr\/carrelage-sol-et-mur-en-gres-cerame-et-faience\/carrelage-imitation-parquet-aspect-bois\/carrelage-parquet-chene-pour-sol-et-mur-horizon\/\">HORIZON | 4 tonalit\u00e9s &amp; 2 finitions<\/a><\/h3>\t\t\t\t<\/div>\n\t\t\t\t<\/div>\n\t\t\t\t<div class=\"elementor-element elementor-element-5257df93 elementor-widget__width-initial elementor-widget elementor-widget-gallery\" data-id=\"5257df93\" data-element_type=\"widget\" data-e-type=\"widget\" data-settings=\"{&quot;gap&quot;:{&quot;unit&quot;:&quot;px&quot;,&quot;size&quot;:3,&quot;sizes&quot;:[]},&quot;columns_mobile&quot;:3,&quot;gap_mobile&quot;:{&quot;unit&quot;:&quot;px&quot;,&quot;size&quot;:6,&quot;sizes&quot;:[]},&quot;columns&quot;:5,&quot;columns_tablet&quot;:3,&quot;gap_tablet&quot;:{&quot;unit&quot;:&quot;px&quot;,&quot;size&quot;:5,&quot;sizes&quot;:[]},&quot;lazyload&quot;:&quot;yes&quot;,&quot;gallery_layout&quot;:&quot;grid&quot;,&quot;aspect_ratio&quot;:&quot;3:2&quot;,&quot;overlay_background&quot;:&quot;yes&quot;,&quot;content_hover_animation&quot;:&quot;fade-in&quot;}\" data-widget_type=\"gallery.default\">\n\t\t\t\t<div class=\"elementor-widget-container\">\n\t\t\t\t\t\t\t<div class=\"elementor-gallery__container\">\n\t\t\t\t\t\t\t<div class=\"e-gallery-item elementor-gallery-item elementor-animated-content\">\n\t\t\t\t\t<div class=\"e-gallery-image elementor-gallery-item__image\" data-thumbnail=\"https:\/\/www.portovenere.fr\/fr-fr\/wp-content\/uploads\/2024\/09\/Carrelage-sol-mur-effet-parquet-bois-naturel-Horizon-Spice-grande-qualite-magasin-carrelage-haut-de-gamme-proche-Sete-34-150x150.jpg\" data-width=\"150\" data-height=\"150\" aria-label=\"\" role=\"img\" ><\/div>\n\t\t\t\t\t\t\t\t\t\t\t<div class=\"elementor-gallery-item__overlay\"><\/div>\n\t\t\t\t\t\t\t\t\t\t\t\t\t\t<\/div>\n\t\t\t\t\t\t\t<div class=\"e-gallery-item elementor-gallery-item elementor-animated-content\">\n\t\t\t\t\t<div class=\"e-gallery-image elementor-gallery-item__image\" data-thumbnail=\"https:\/\/www.portovenere.fr\/fr-fr\/wp-content\/uploads\/2024\/09\/Carrelage-sol-mur-effet-parquet-bois-naturel-Horizon-Hazelnut-grande-qualite-interieur-et-exterieur-magasin-carrelages-proche-gigean-34-150x150.jpg\" data-width=\"150\" data-height=\"150\" aria-label=\"\" role=\"img\" ><\/div>\n\t\t\t\t\t\t\t\t\t\t\t<div class=\"elementor-gallery-item__overlay\"><\/div>\n\t\t\t\t\t\t\t\t\t\t\t\t\t\t<\/div>\n\t\t\t\t\t\t\t<div class=\"e-gallery-item elementor-gallery-item elementor-animated-content\">\n\t\t\t\t\t<div class=\"e-gallery-image elementor-gallery-item__image\" data-thumbnail=\"https:\/\/www.portovenere.fr\/fr-fr\/wp-content\/uploads\/2024\/09\/Carrelage-sol-mur-effet-parquet-bois-naturel-Horizon-Charamel-grande-qualite-interieur-et-exterieur-magasin-proche-La-Grande-Motte-34-150x150.jpg\" data-width=\"150\" data-height=\"150\" aria-label=\"\" role=\"img\" ><\/div>\n\t\t\t\t\t\t\t\t\t\t\t<div class=\"elementor-gallery-item__overlay\"><\/div>\n\t\t\t\t\t\t\t\t\t\t\t\t\t\t<\/div>\n\t\t\t\t\t\t\t<div class=\"e-gallery-item elementor-gallery-item elementor-animated-content\">\n\t\t\t\t\t<div class=\"e-gallery-image elementor-gallery-item__image\" data-thumbnail=\"https:\/\/www.portovenere.fr\/fr-fr\/wp-content\/uploads\/2024\/09\/Carrelage-sol-mur-effet-parquet-bois-clair-naturel-Horizon-Dew-grande-qualite-interieur-et-exterieur-magasin-Porto-venere-a-Montpellier-34-150x150.jpg\" data-width=\"150\" data-height=\"150\" aria-label=\"\" role=\"img\" ><\/div>\n\t\t\t\t\t\t\t\t\t\t\t<div class=\"elementor-gallery-item__overlay\"><\/div>\n\t\t\t\t\t\t\t\t\t\t\t\t\t\t<\/div>\n\t\t\t\t\t\t\t<div class=\"e-gallery-item elementor-gallery-item elementor-animated-content\">\n\t\t\t\t\t<div class=\"e-gallery-image elementor-gallery-item__image\" data-thumbnail=\"https:\/\/www.portovenere.fr\/fr-fr\/wp-content\/uploads\/2024\/09\/Carrelage-sol-mur-effet-parquet-bois-naturel-scie-Horizon-Spice-Raw-grande-qualite-interieur-et-exterieur-proche-de-Saint-clement-de-riviere-34-150x150.jpg\" data-width=\"150\" data-height=\"150\" aria-label=\"\" role=\"img\" ><\/div>\n\t\t\t\t\t\t\t\t\t\t\t<div class=\"elementor-gallery-item__overlay\"><\/div>\n\t\t\t\t\t\t\t\t\t\t\t\t\t\t<\/div>\n\t\t\t\t\t\t\t<div class=\"e-gallery-item elementor-gallery-item elementor-animated-content\">\n\t\t\t\t\t<div class=\"e-gallery-image elementor-gallery-item__image\" data-thumbnail=\"https:\/\/www.portovenere.fr\/fr-fr\/wp-content\/uploads\/2024\/09\/Carrelage-sol-mur-effet-parquet-bois-naturel-scie-Horizon-Hazelnut-Raw-grande-qualite-interieur-et-exterieur-proche-de-Baillargues-34-150x150.jpg\" data-width=\"150\" data-height=\"150\" aria-label=\"\" role=\"img\" ><\/div>\n\t\t\t\t\t\t\t\t\t\t\t<div class=\"elementor-gallery-item__overlay\"><\/div>\n\t\t\t\t\t\t\t\t\t\t\t\t\t\t<\/div>\n\t\t\t\t\t\t\t<div class=\"e-gallery-item elementor-gallery-item elementor-animated-content\">\n\t\t\t\t\t<div class=\"e-gallery-image elementor-gallery-item__image\" data-thumbnail=\"https:\/\/www.portovenere.fr\/fr-fr\/wp-content\/uploads\/2024\/09\/Carrelage-sol-mur-effet-parquet-bois-naturel-scie-Horizon-Charamel-Raw-grande-qualite-interieur-et-exterieur-proche-de-Palavas-34-150x150.jpg\" data-width=\"150\" data-height=\"150\" aria-label=\"\" role=\"img\" ><\/div>\n\t\t\t\t\t\t\t\t\t\t\t<div class=\"elementor-gallery-item__overlay\"><\/div>\n\t\t\t\t\t\t\t\t\t\t\t\t\t\t<\/div>\n\t\t\t\t\t<\/div>\n\t\t\t\t\t<\/div>\n\t\t\t\t<\/div>\n\t\t\t\t<div class=\"elementor-element elementor-element-435fb722 elementor-widget elementor-widget-text-editor\" data-id=\"435fb722\" data-element_type=\"widget\" data-e-type=\"widget\" data-widget_type=\"text-editor.default\">\n\t\t\t\t<div class=\"elementor-widget-container\">\n\t\t\t\t\t\t\t\t\t<p>Plongez dans une ambiance chaleureuse et authentique gr\u00e2ce \u00e0 notre collection Horizon. Les\u00a0<b>carreaux effet parquet bois<\/b>\u00a0reproduisent \u00e0 la perfection les\u00a0<b>sensations tactiles et visuelles du ch\u00ean<\/b><strong>e naturel<\/strong>. Un choix \u00e0 la fois esth\u00e9tique et pratique.<\/p><p>D\u00e9couvrez<b>\u00a05\u00a0tonalit\u00e9s naturelles,\u00a0<\/b>du bois clair au plus fonc\u00e9, qui<b>\u00a0<\/b>\u00e9voquent la richesse et la<b>\u00a0chaleur du bois authentique<\/b>.\u00a0<b>3 coloris<\/b>\u00a0sont \u00e9galement\u00a0<b>disponibles en effet \u00ab\u00a0sci\u00e9\u00a0\u00bb.<\/b><\/p><p>Disponible dans les<b>\u00a0<\/b>formats suivants<b>\u00a0:\u00a020\u00d7120 cm,\u00a0 25\u00d7150 cm, 20\u00d7180 cm<\/b>\u00a0pour\u00a0s\u2019adapter \u00e0 tous les espaces, des plus classiques aux plus contemporains.<b>\u00a0Finition : spazzolata<\/b>\u00a0(bross\u00e9) ou\u00a0<b>naturel<\/b>.<\/p><p>Le gr\u00e8s c\u00e9rame Horizon peut \u00eatre pos\u00e9\u00a0<strong>au mur et au sol, en int\u00e9rieur mais aussi en ext\u00e9rieur<\/strong>\u00a0gr\u00e2ce \u00e0 sa\u00a0<b>version antid\u00e9rapante<\/b>\u00a0en\u00a0<b>dalle 20 mm antid\u00e9rapante<\/b>\u00a030\u00d7120 cm.\u00a0<\/p><p>Un\u00a0<b>d\u00e9cor style b\u00e2tons rompus effet parquet ancien en 21 x 42 cm<\/b>\u00a0et un\u00a0<b>d\u00e9cor mural stri\u00e9 maxi format XXL 120\u00d7278 cm\u00a0<\/b>viennent compl\u00e9ter cette agr\u00e9able collection tendance et chaleureuse pour vos projets d\u2019am\u00e9nagement d\u2019espace : salle de bain, cuisine, terrasse, tour de piscine, chambre, h\u00f4tel\u2026<\/p>\t\t\t\t\t\t\t\t<\/div>\n\t\t\t\t<\/div>\n\t\t\t\t<div class=\"elementor-element elementor-element-5e692b8d elementor-mobile-align-center elementor-widget elementor-widget-button\" data-id=\"5e692b8d\" data-element_type=\"widget\" data-e-type=\"widget\" data-widget_type=\"button.default\">\n\t\t\t\t<div class=\"elementor-widget-container\">\n\t\t\t\t\t\t\t\t\t<div class=\"elementor-button-wrapper\">\n\t\t\t\t\t<a class=\"elementor-button elementor-button-link elementor-size-sm\" href=\"https:\/\/www.portovenere.fr\/fr-fr\/carrelage-sol-et-mur-en-gres-cerame-et-faience\/carrelage-imitation-parquet-aspect-bois\/carrelage-parquet-chene-pour-sol-et-mur-horizon\/\">\n\t\t\t\t\t\t<span class=\"elementor-button-content-wrapper\">\n\t\t\t\t\t\t\t\t\t<span class=\"elementor-button-text\">Voir la collection<\/span>\n\t\t\t\t\t<\/span>\n\t\t\t\t\t<\/a>\n\t\t\t\t<\/div>\n\t\t\t\t\t\t\t\t<\/div>\n\t\t\t\t<\/div>\n\t\t\t\t\t<\/div>\n\t\t<\/div>\n\t\t\t\t\t<\/div>\n\t\t<\/section>\n\t\t\t\t\t<\/div>\n\t\t<\/div>\n\t\t\t\t\t<\/div>\n\t\t<\/section>\n\t\t\t\t<section class=\"elementor-section elementor-top-section elementor-element elementor-element-19c698a4 elementor-section-full_width elementor-section-height-default elementor-section-height-default elementor-invisible\" data-id=\"19c698a4\" data-element_type=\"section\" data-e-type=\"section\" data-settings=\"{&quot;animation&quot;:&quot;fadeIn&quot;}\">\n\t\t\t\t\t\t<div class=\"elementor-container elementor-column-gap-default\">\n\t\t\t\t\t<div class=\"elementor-column elementor-col-33 elementor-top-column elementor-element elementor-element-4220b054\" data-id=\"4220b054\" data-element_type=\"column\" data-e-type=\"column\" data-settings=\"{&quot;background_background&quot;:&quot;classic&quot;}\">\n\t\t\t<div class=\"elementor-widget-wrap elementor-element-populated\">\n\t\t\t\t\t\t<div class=\"elementor-element elementor-element-294ebded elementor-widget elementor-widget-image\" data-id=\"294ebded\" data-element_type=\"widget\" data-e-type=\"widget\" data-widget_type=\"image.default\">\n\t\t\t\t<div class=\"elementor-widget-container\">\n\t\t\t\t\t\t\t\t\t\t\t\t\t\t\t\t<a href=\"https:\/\/www.portovenere.fr\/fr-fr\/carrelage-sol-et-mur-en-gres-cerame-et-faience\/carrelage-aspect-marbre\/carrelage-effet-marbre-exterieur-interieur-candore\/\">\n\t\t\t\t\t\t\t<img decoding=\"async\" src=\"https:\/\/www.portovenere.fr\/fr-fr\/wp-content\/uploads\/elementor\/thumbs\/Carrelage-imitation-marbre-blanc-calacatta-terrasse-et-interieur-CANDORE-20mm-a-Montpellier-dans-lHerault-34-r8if6zahl4baldqquindhc8shudyeiirlzwvqaprh8.jpg\" title=\"Carrelage imitation marbre blanc calacatta terrasse et int\u00e9rieur CANDORE 20mm \u00e0 Montpellier dans l&rsquo;H\u00e9rault 34\" alt=\"Carrelage imitation marbre blanc calacatta terrasse et int\u00e9rieur CANDORE 20mm \u00e0 Montpellier dans l&#039;H\u00e9rault 34\" loading=\"lazy\" \/>\t\t\t\t\t\t\t\t<\/a>\n\t\t\t\t\t\t\t\t\t\t\t\t\t\t\t<\/div>\n\t\t\t\t<\/div>\n\t\t\t\t<div class=\"elementor-element elementor-element-6a2618ca elementor-widget elementor-widget-heading\" data-id=\"6a2618ca\" data-element_type=\"widget\" data-e-type=\"widget\" data-widget_type=\"heading.default\">\n\t\t\t\t<div class=\"elementor-widget-container\">\n\t\t\t\t\t<h3 class=\"elementor-heading-title elementor-size-default\"><a href=\"https:\/\/www.portovenere.fr\/fr-fr\/carrelage-sol-et-mur-en-gres-cerame-et-faience\/carrelage-aspect-marbre\/carrelage-effet-marbre-exterieur-interieur-candore\/\">Dalles CANDORE | 1 coloris<\/a><\/h3>\t\t\t\t<\/div>\n\t\t\t\t<\/div>\n\t\t\t\t<div class=\"elementor-element elementor-element-34fe1b6c elementor-widget__width-initial elementor-widget elementor-widget-gallery\" data-id=\"34fe1b6c\" data-element_type=\"widget\" data-e-type=\"widget\" data-settings=\"{&quot;gap&quot;:{&quot;unit&quot;:&quot;px&quot;,&quot;size&quot;:3,&quot;sizes&quot;:[]},&quot;columns_mobile&quot;:3,&quot;gap_mobile&quot;:{&quot;unit&quot;:&quot;px&quot;,&quot;size&quot;:6,&quot;sizes&quot;:[]},&quot;columns&quot;:5,&quot;columns_tablet&quot;:3,&quot;gap_tablet&quot;:{&quot;unit&quot;:&quot;px&quot;,&quot;size&quot;:5,&quot;sizes&quot;:[]},&quot;lazyload&quot;:&quot;yes&quot;,&quot;gallery_layout&quot;:&quot;grid&quot;,&quot;aspect_ratio&quot;:&quot;3:2&quot;,&quot;overlay_background&quot;:&quot;yes&quot;,&quot;content_hover_animation&quot;:&quot;fade-in&quot;}\" data-widget_type=\"gallery.default\">\n\t\t\t\t<div class=\"elementor-widget-container\">\n\t\t\t\t\t\t\t<div class=\"elementor-gallery__container\">\n\t\t\t\t\t\t\t<div class=\"e-gallery-item elementor-gallery-item elementor-animated-content\">\n\t\t\t\t\t<div class=\"e-gallery-image elementor-gallery-item__image\" data-thumbnail=\"https:\/\/www.portovenere.fr\/fr-fr\/wp-content\/uploads\/2024\/06\/Carrelage-gres-cerame-effet-marbre-blanc-veine-calacatta-Candore-exterieur-interieur-a-saint-jean-de-vedas-34-150x150.jpeg\" data-width=\"150\" data-height=\"150\" aria-label=\"\" role=\"img\" ><\/div>\n\t\t\t\t\t\t\t\t\t\t\t<div class=\"elementor-gallery-item__overlay\"><\/div>\n\t\t\t\t\t\t\t\t\t\t\t\t\t\t<\/div>\n\t\t\t\t\t\t\t<div class=\"e-gallery-item elementor-gallery-item elementor-animated-content\">\n\t\t\t\t\t<div class=\"e-gallery-image elementor-gallery-item__image\" data-thumbnail=\"https:\/\/www.portovenere.fr\/fr-fr\/wp-content\/uploads\/2024\/06\/Mosaique-hexagonale-effet-marbre-blanc-calacatta-CANDORE-pour-credence-cuisine-salle-de-bain-pres-de-Sete-34-150x150.png\" data-width=\"150\" data-height=\"150\" aria-label=\"\" role=\"img\" ><\/div>\n\t\t\t\t\t\t\t\t\t\t\t<div class=\"elementor-gallery-item__overlay\"><\/div>\n\t\t\t\t\t\t\t\t\t\t\t\t\t\t<\/div>\n\t\t\t\t\t\t\t<div class=\"e-gallery-item elementor-gallery-item elementor-animated-content\">\n\t\t\t\t\t<div class=\"e-gallery-image elementor-gallery-item__image\" data-thumbnail=\"https:\/\/www.portovenere.fr\/fr-fr\/wp-content\/uploads\/2024\/06\/Mosaique-30x30-cm-effet-marbre-blanc-calacatta-CANDORE-pour-credence-cuisine-salle-de-bain-pres-de-Mauguio-34-150x150.png\" data-width=\"150\" data-height=\"150\" aria-label=\"\" role=\"img\" ><\/div>\n\t\t\t\t\t\t\t\t\t\t\t<div class=\"elementor-gallery-item__overlay\"><\/div>\n\t\t\t\t\t\t\t\t\t\t\t\t\t\t<\/div>\n\t\t\t\t\t<\/div>\n\t\t\t\t\t<\/div>\n\t\t\t\t<\/div>\n\t\t\t\t<div class=\"elementor-element elementor-element-5b5c8a0e elementor-widget elementor-widget-text-editor\" data-id=\"5b5c8a0e\" data-element_type=\"widget\" data-e-type=\"widget\" data-widget_type=\"text-editor.default\">\n\t\t\t\t<div class=\"elementor-widget-container\">\n\t\t\t\t\t\t\t\t\t<p>Le carrelage gr\u00e8s c\u00e9rame pleine masse Candore offre la possibilit\u00e9 de continuer les<b>\u00a0espaces int\u00e9rieurs vers l\u2019ext\u00e9rieur.<\/b>\u00a0Ce carrelage effet marbre est\u00a0<b>l\u2019un des rares \u00e0 proposer une version antid\u00e9rapante pour l\u2019ext\u00e9rieur\u00a0<\/b>en\u00a0<b>dalles 20mm<\/b>\u00a0pour une pose sur plot<b>\u00a0pour un tour de piscine ou terrasse,<\/b>\u00a0sur gazon, sable\u2026<\/p><p>Le blanc intemporel\u00a0<b>s\u2019adapte \u00e0 tous les styles de d\u00e9coration<\/b>. Qu\u2019il soit associ\u00e9 \u00e0 un style moderne, minimaliste ou industriel, le carrelage effet marbre Candore apportera une touche d\u2019\u00e9l\u00e9gance \u00e0 votre pi\u00e8ce ou vos ext\u00e9rieurs.<\/p><p>Ce carrelage effet\u00a0<b>marbre blanc<\/b>\u00a0int\u00e9rieur ext\u00e9rieur se d\u00e9cline en<b>\u00a0finition : semi poli brillant, silk ou naturel.<\/b><\/p><p><span style=\"color: var( --e-global-color-text ); font-weight: var( --e-global-typography-text-font-weight );\">Diff\u00e9rents<\/span><b style=\"color: var( --e-global-color-text );\">\u00a0formats\u00a0<\/b><span style=\"color: var( --e-global-color-text ); font-weight: var( --e-global-typography-text-font-weight );\">propos\u00e9s\u00a0<\/span><b style=\"color: var( --e-global-color-text );\">en \u00e9paisseur 6mm, 9 mm<\/b><span style=\"color: var( --e-global-color-text ); font-weight: var( --e-global-typography-text-font-weight );\">,<\/span><b style=\"color: var( --e-global-color-text );\">\u00a012 mm et 20 mm\u00a0<\/b><span style=\"color: var( --e-global-color-text ); font-weight: var( --e-global-typography-text-font-weight );\">: 30 x 60 cm, 60 x 60 cm, 80 x 80 cm,\u00a060 x 120 cm,\u00a080 x 160 cm,\u00a0120 x 120 cm et les\u00a0<\/span><b style=\"color: var( --e-global-color-text );\">formats XXL<\/b><span style=\"color: var( --e-global-color-text ); font-weight: var( --e-global-typography-text-font-weight );\">\u00a0:\u00a0120 x 280 cm, 16 x 320 cm et 163 x 364 cm.<\/span><\/p><p>Le carrelage Candore propose\u00a0aussi une\u00a0<b>mosa\u00efque hexagonale 26 x 30 cm\u00a0<\/b>et\u00a0<b>mosa\u00efque 30 x 30 cm\u00a0<\/b>en finition brillante ou naturelle ainsi que des plinthes.\u00a0<\/p>\t\t\t\t\t\t\t\t<\/div>\n\t\t\t\t<\/div>\n\t\t\t\t<div class=\"elementor-element elementor-element-542a4ae8 elementor-mobile-align-center elementor-align-left elementor-widget elementor-widget-button\" data-id=\"542a4ae8\" data-element_type=\"widget\" data-e-type=\"widget\" data-widget_type=\"button.default\">\n\t\t\t\t<div class=\"elementor-widget-container\">\n\t\t\t\t\t\t\t\t\t<div class=\"elementor-button-wrapper\">\n\t\t\t\t\t<a class=\"elementor-button elementor-button-link elementor-size-sm\" href=\"https:\/\/www.portovenere.fr\/fr-fr\/carrelage-sol-et-mur-en-gres-cerame-et-faience\/carrelage-aspect-marbre\/carrelage-effet-marbre-exterieur-interieur-candore\/\">\n\t\t\t\t\t\t<span class=\"elementor-button-content-wrapper\">\n\t\t\t\t\t\t\t\t\t<span class=\"elementor-button-text\">Voir la collection<\/span>\n\t\t\t\t\t<\/span>\n\t\t\t\t\t<\/a>\n\t\t\t\t<\/div>\n\t\t\t\t\t\t\t\t<\/div>\n\t\t\t\t<\/div>\n\t\t\t\t\t<\/div>\n\t\t<\/div>\n\t\t\t\t<div class=\"elementor-column elementor-col-33 elementor-top-column elementor-element elementor-element-2d8c0fd6 elementor-invisible\" data-id=\"2d8c0fd6\" data-element_type=\"column\" data-e-type=\"column\" data-settings=\"{&quot;animation&quot;:&quot;fadeIn&quot;,&quot;background_background&quot;:&quot;classic&quot;}\">\n\t\t\t<div class=\"elementor-widget-wrap elementor-element-populated\">\n\t\t\t\t\t\t<div class=\"elementor-element elementor-element-22dce5a1 elementor-widget elementor-widget-image\" data-id=\"22dce5a1\" data-element_type=\"widget\" data-e-type=\"widget\" data-widget_type=\"image.default\">\n\t\t\t\t<div class=\"elementor-widget-container\">\n\t\t\t\t\t\t\t\t\t\t\t\t\t\t\t\t<a href=\"https:\/\/www.portovenere.fr\/fr-fr\/carrelage-sol-et-mur-en-gres-cerame-et-faience\/carrelage-contemporain-et-design\/carrelage-contemporain-imitation-beton-gioco\/\">\n\t\t\t\t\t\t\t<img decoding=\"async\" src=\"https:\/\/www.portovenere.fr\/fr-fr\/wp-content\/uploads\/elementor\/thumbs\/dalles-20mm-antiderapantes-exterieur-effet-pierre-contemporain-gioco-white-a-montpellier-34-herault-r8ieikfcv63xky8wadhro1xg5e1e7izdhf02h2e4rk.jpg\" title=\"dalles-20mm-antiderapantes-exterieur-effet-pierre-contemporain-gioco-white-a-montpellier-34-herault\" alt=\"Carrelage contemporain imitation b\u00e9ton GIOCO\" loading=\"lazy\" \/>\t\t\t\t\t\t\t\t<\/a>\n\t\t\t\t\t\t\t\t\t\t\t\t\t\t\t<\/div>\n\t\t\t\t<\/div>\n\t\t\t\t<section class=\"elementor-section elementor-inner-section elementor-element elementor-element-314b6964 elementor-section-boxed elementor-section-height-default elementor-section-height-default elementor-invisible\" data-id=\"314b6964\" data-element_type=\"section\" data-e-type=\"section\" data-settings=\"{&quot;background_background&quot;:&quot;classic&quot;,&quot;animation&quot;:&quot;fadeIn&quot;}\">\n\t\t\t\t\t\t<div class=\"elementor-container elementor-column-gap-default\">\n\t\t\t\t\t<div class=\"elementor-column elementor-col-100 elementor-inner-column elementor-element elementor-element-3890032\" data-id=\"3890032\" data-element_type=\"column\" data-e-type=\"column\">\n\t\t\t<div class=\"elementor-widget-wrap elementor-element-populated\">\n\t\t\t\t\t\t<div class=\"elementor-element elementor-element-3cc9c876 elementor-widget elementor-widget-heading\" data-id=\"3cc9c876\" data-element_type=\"widget\" data-e-type=\"widget\" data-widget_type=\"heading.default\">\n\t\t\t\t<div class=\"elementor-widget-container\">\n\t\t\t\t\t<h3 class=\"elementor-heading-title elementor-size-default\"><a href=\"https:\/\/www.portovenere.fr\/fr-fr\/carrelage-sol-et-mur-en-gres-cerame-et-faience\/carrelage-contemporain-et-design\/carrelage-contemporain-imitation-beton-gioco\/\">Dalles GIOCO | 6 coloris<\/a><\/h3>\t\t\t\t<\/div>\n\t\t\t\t<\/div>\n\t\t\t\t<div class=\"elementor-element elementor-element-2432721f elementor-widget__width-initial elementor-widget elementor-widget-gallery\" data-id=\"2432721f\" data-element_type=\"widget\" data-e-type=\"widget\" data-settings=\"{&quot;gap&quot;:{&quot;unit&quot;:&quot;px&quot;,&quot;size&quot;:3,&quot;sizes&quot;:[]},&quot;columns_mobile&quot;:3,&quot;gap_mobile&quot;:{&quot;unit&quot;:&quot;px&quot;,&quot;size&quot;:6,&quot;sizes&quot;:[]},&quot;columns&quot;:5,&quot;columns_tablet&quot;:3,&quot;gap_tablet&quot;:{&quot;unit&quot;:&quot;px&quot;,&quot;size&quot;:5,&quot;sizes&quot;:[]},&quot;lazyload&quot;:&quot;yes&quot;,&quot;gallery_layout&quot;:&quot;grid&quot;,&quot;aspect_ratio&quot;:&quot;3:2&quot;,&quot;overlay_background&quot;:&quot;yes&quot;,&quot;content_hover_animation&quot;:&quot;fade-in&quot;}\" data-widget_type=\"gallery.default\">\n\t\t\t\t<div class=\"elementor-widget-container\">\n\t\t\t\t\t\t\t<div class=\"elementor-gallery__container\">\n\t\t\t\t\t\t\t<div class=\"e-gallery-item elementor-gallery-item elementor-animated-content\">\n\t\t\t\t\t<div class=\"e-gallery-image elementor-gallery-item__image\" data-thumbnail=\"https:\/\/www.portovenere.fr\/fr-fr\/wp-content\/uploads\/2022\/03\/carrelage-sol-et-mur-salle-de-bain-effet-pierre-naturelle-gioco-white-design-a-perols-herault-34-150x150.jpg\" data-width=\"150\" data-height=\"150\" aria-label=\"Carrelage contemporain imitation b\u00e9ton GIOCO\" role=\"img\" ><\/div>\n\t\t\t\t\t\t\t\t\t\t\t<div class=\"elementor-gallery-item__overlay\"><\/div>\n\t\t\t\t\t\t\t\t\t\t\t\t\t\t<\/div>\n\t\t\t\t\t\t\t<div class=\"e-gallery-item elementor-gallery-item elementor-animated-content\">\n\t\t\t\t\t<div class=\"e-gallery-image elementor-gallery-item__image\" data-thumbnail=\"https:\/\/www.portovenere.fr\/fr-fr\/wp-content\/uploads\/2022\/03\/carrelage-sol-et-mur-salle-de-bain-effet-pierre-naturelle-gioco-sand-design-a-la-grande-motte-herault-34-150x150.jpg\" data-width=\"150\" data-height=\"150\" aria-label=\"Carrelage contemporain imitation b\u00e9ton GIOCO\" role=\"img\" ><\/div>\n\t\t\t\t\t\t\t\t\t\t\t<div class=\"elementor-gallery-item__overlay\"><\/div>\n\t\t\t\t\t\t\t\t\t\t\t\t\t\t<\/div>\n\t\t\t\t\t\t\t<div class=\"e-gallery-item elementor-gallery-item elementor-animated-content\">\n\t\t\t\t\t<div class=\"e-gallery-image elementor-gallery-item__image\" data-thumbnail=\"https:\/\/www.portovenere.fr\/fr-fr\/wp-content\/uploads\/2022\/03\/carrelage-sol-et-mur-salon-sejour-effet-pierre-gioco-grey-contemporain-a-lattes-herault-34-150x150.jpg\" data-width=\"150\" data-height=\"150\" aria-label=\"Carrelage contemporain imitation b\u00e9ton GIOCO\" role=\"img\" ><\/div>\n\t\t\t\t\t\t\t\t\t\t\t<div class=\"elementor-gallery-item__overlay\"><\/div>\n\t\t\t\t\t\t\t\t\t\t\t\t\t\t<\/div>\n\t\t\t\t\t\t\t<div class=\"e-gallery-item elementor-gallery-item elementor-animated-content\">\n\t\t\t\t\t<div class=\"e-gallery-image elementor-gallery-item__image\" data-thumbnail=\"https:\/\/www.portovenere.fr\/fr-fr\/wp-content\/uploads\/2022\/03\/carrelage-sol-et-mur-gioco-verdigris-grand-format-XXL-a-mireval-herault-34-150x150.jpg\" data-width=\"150\" data-height=\"150\" aria-label=\"Carrelage contemporain imitation b\u00e9ton GIOCO\" role=\"img\" ><\/div>\n\t\t\t\t\t\t\t\t\t\t\t<div class=\"elementor-gallery-item__overlay\"><\/div>\n\t\t\t\t\t\t\t\t\t\t\t\t\t\t<\/div>\n\t\t\t\t\t\t\t<div class=\"e-gallery-item elementor-gallery-item elementor-animated-content\">\n\t\t\t\t\t<div class=\"e-gallery-image elementor-gallery-item__image\" data-thumbnail=\"https:\/\/www.portovenere.fr\/fr-fr\/wp-content\/uploads\/2022\/03\/carrelage-sol-et-mur-effet-pierre-gioco-dark-grey-contemporain-a-montpellier-herault-34-150x150.jpg\" data-width=\"150\" data-height=\"150\" aria-label=\"Carrelage contemporain imitation b\u00e9ton GIOCO\" role=\"img\" ><\/div>\n\t\t\t\t\t\t\t\t\t\t\t<div class=\"elementor-gallery-item__overlay\"><\/div>\n\t\t\t\t\t\t\t\t\t\t\t\t\t\t<\/div>\n\t\t\t\t\t\t\t<div class=\"e-gallery-item elementor-gallery-item elementor-animated-content\">\n\t\t\t\t\t<div class=\"e-gallery-image elementor-gallery-item__image\" data-thumbnail=\"https:\/\/www.portovenere.fr\/fr-fr\/wp-content\/uploads\/2022\/03\/carrelage-sol-et-mur-effey-pierre-gioco-anthracite-haut-de-gamme-grand-format-XXL-a-lunel-herault-34-150x150.jpg\" data-width=\"150\" data-height=\"150\" aria-label=\"Carrelage contemporain imitation b\u00e9ton GIOCO\" role=\"img\" ><\/div>\n\t\t\t\t\t\t\t\t\t\t\t<div class=\"elementor-gallery-item__overlay\"><\/div>\n\t\t\t\t\t\t\t\t\t\t\t\t\t\t<\/div>\n\t\t\t\t\t<\/div>\n\t\t\t\t\t<\/div>\n\t\t\t\t<\/div>\n\t\t\t\t<div class=\"elementor-element elementor-element-43c2aa69 elementor-widget elementor-widget-text-editor\" data-id=\"43c2aa69\" data-element_type=\"widget\" data-e-type=\"widget\" data-widget_type=\"text-editor.default\">\n\t\t\t\t<div class=\"elementor-widget-container\">\n\t\t\t\t\t\t\t\t\t<p>La\u00a0<strong>collection de carrelage contemporain imitation b\u00e9ton GIOCO<\/strong> est patin\u00e9e de v\u00e9cu et de temps.\u00a0<\/p><p>La gamme de couleurs offre six propositions \u00e9l\u00e9gantes, aux possibilit\u00e9s infinies \u2013\u00a0<strong>Anthracite, Verdigris, Dark Grey, Grey, White et Sand<\/strong> : des teintes assorties, qui apportent une atmosph\u00e8re sophistiqu\u00e9e.<\/p><p>Chaque couleur est d\u00e9clin\u00e9e en trois finitions diff\u00e9rentes, \u00e0 associer pour exprimer les possibilit\u00e9s du projet :\u00a0<strong>Recupero<\/strong>, ,\u00a0<strong>Cassaforma<\/strong>\u00a0<strong>Flat<\/strong>\u00a0et\u00a0<strong>Cassaforma 3D.<\/strong><\/p><p>La gamme se d\u00e9cline en diff\u00e9rents<strong> grands formats et en dalles antid\u00e9rapantes.<\/strong><\/p>\t\t\t\t\t\t\t\t<\/div>\n\t\t\t\t<\/div>\n\t\t\t\t<div class=\"elementor-element elementor-element-2dc2e12a elementor-mobile-align-center elementor-widget elementor-widget-button\" data-id=\"2dc2e12a\" data-element_type=\"widget\" data-e-type=\"widget\" data-widget_type=\"button.default\">\n\t\t\t\t<div class=\"elementor-widget-container\">\n\t\t\t\t\t\t\t\t\t<div class=\"elementor-button-wrapper\">\n\t\t\t\t\t<a class=\"elementor-button elementor-button-link elementor-size-sm\" href=\"https:\/\/www.portovenere.fr\/fr-fr\/carrelage-sol-et-mur-en-gres-cerame-et-faience\/carrelage-contemporain-et-design\/carrelage-contemporain-imitation-beton-gioco\/\">\n\t\t\t\t\t\t<span class=\"elementor-button-content-wrapper\">\n\t\t\t\t\t\t\t\t\t<span class=\"elementor-button-text\">Voir la collection<\/span>\n\t\t\t\t\t<\/span>\n\t\t\t\t\t<\/a>\n\t\t\t\t<\/div>\n\t\t\t\t\t\t\t\t<\/div>\n\t\t\t\t<\/div>\n\t\t\t\t\t<\/div>\n\t\t<\/div>\n\t\t\t\t\t<\/div>\n\t\t<\/section>\n\t\t\t\t\t<\/div>\n\t\t<\/div>\n\t\t\t\t<div class=\"elementor-column elementor-col-33 elementor-top-column elementor-element elementor-element-553b0a6 elementor-invisible\" data-id=\"553b0a6\" data-element_type=\"column\" data-e-type=\"column\" data-settings=\"{&quot;animation&quot;:&quot;fadeIn&quot;,&quot;background_background&quot;:&quot;classic&quot;}\">\n\t\t\t<div class=\"elementor-widget-wrap elementor-element-populated\">\n\t\t\t\t\t\t<section class=\"elementor-section elementor-inner-section elementor-element elementor-element-13040402 elementor-section-boxed elementor-section-height-default elementor-section-height-default elementor-invisible\" data-id=\"13040402\" data-element_type=\"section\" data-e-type=\"section\" data-settings=\"{&quot;background_background&quot;:&quot;classic&quot;,&quot;animation&quot;:&quot;fadeIn&quot;}\">\n\t\t\t\t\t\t<div class=\"elementor-container elementor-column-gap-default\">\n\t\t\t\t\t<div class=\"elementor-column elementor-col-100 elementor-inner-column elementor-element elementor-element-6b4736a0\" data-id=\"6b4736a0\" data-element_type=\"column\" data-e-type=\"column\">\n\t\t\t<div class=\"elementor-widget-wrap elementor-element-populated\">\n\t\t\t\t\t\t<div class=\"elementor-element elementor-element-44a8b68 elementor-widget elementor-widget-image\" data-id=\"44a8b68\" data-element_type=\"widget\" data-e-type=\"widget\" data-widget_type=\"image.default\">\n\t\t\t\t<div class=\"elementor-widget-container\">\n\t\t\t\t\t\t\t\t\t\t\t\t\t\t\t\t<a href=\"https:\/\/www.portovenere.fr\/fr-fr\/carrelage-sol-et-mur-en-gres-cerame-et-faience\/dalles-20mm-pose-sur-plots-sable-gravier-collee\/dalle-gres-cerame-antiderapante-20mm-pour-exterieur-serie-ne\/\">\n\t\t\t\t\t\t\t<img loading=\"lazy\" decoding=\"async\" width=\"800\" height=\"534\" src=\"https:\/\/www.portovenere.fr\/fr-fr\/wp-content\/uploads\/2024\/08\/Dalles-antiderapantes-carrelage-2-cm-pour-pose-sur-plots-ou-pose-collee-pour-terrasse-tour-de-piscine-allee-garage-SERIE-NE-bourgogne-proche-Agde-34-1024x683.jpg\" class=\"attachment-large size-large wp-image-52876\" alt=\"\" srcset=\"https:\/\/www.portovenere.fr\/fr-fr\/wp-content\/uploads\/2024\/08\/Dalles-antiderapantes-carrelage-2-cm-pour-pose-sur-plots-ou-pose-collee-pour-terrasse-tour-de-piscine-allee-garage-SERIE-NE-bourgogne-proche-Agde-34-1024x683.jpg 1024w, https:\/\/www.portovenere.fr\/fr-fr\/wp-content\/uploads\/2024\/08\/Dalles-antiderapantes-carrelage-2-cm-pour-pose-sur-plots-ou-pose-collee-pour-terrasse-tour-de-piscine-allee-garage-SERIE-NE-bourgogne-proche-Agde-34-300x200.jpg 300w, https:\/\/www.portovenere.fr\/fr-fr\/wp-content\/uploads\/2024\/08\/Dalles-antiderapantes-carrelage-2-cm-pour-pose-sur-plots-ou-pose-collee-pour-terrasse-tour-de-piscine-allee-garage-SERIE-NE-bourgogne-proche-Agde-34-768x512.jpg 768w, https:\/\/www.portovenere.fr\/fr-fr\/wp-content\/uploads\/2024\/08\/Dalles-antiderapantes-carrelage-2-cm-pour-pose-sur-plots-ou-pose-collee-pour-terrasse-tour-de-piscine-allee-garage-SERIE-NE-bourgogne-proche-Agde-34.jpg 1499w\" sizes=\"(max-width: 800px) 100vw, 800px\" \/>\t\t\t\t\t\t\t\t<\/a>\n\t\t\t\t\t\t\t\t\t\t\t\t\t\t\t<\/div>\n\t\t\t\t<\/div>\n\t\t\t\t<div class=\"elementor-element elementor-element-5760fcd5 elementor-widget elementor-widget-heading\" data-id=\"5760fcd5\" data-element_type=\"widget\" data-e-type=\"widget\" data-widget_type=\"heading.default\">\n\t\t\t\t<div class=\"elementor-widget-container\">\n\t\t\t\t\t<h3 class=\"elementor-heading-title elementor-size-default\"><a href=\"https:\/\/www.portovenere.fr\/fr-fr\/carrelage-sol-et-mur-en-gres-cerame-et-faience\/dalles-20mm-pose-sur-plots-sable-gravier-collee\/dalle-gres-cerame-antiderapante-20mm-pour-exterieur-serie-ne\/\">Dalles S\u00c9RIE NE | 3 coloris<\/a><\/h3>\t\t\t\t<\/div>\n\t\t\t\t<\/div>\n\t\t\t\t<div class=\"elementor-element elementor-element-34946aa5 elementor-widget__width-initial elementor-widget elementor-widget-gallery\" data-id=\"34946aa5\" data-element_type=\"widget\" data-e-type=\"widget\" data-settings=\"{&quot;gap&quot;:{&quot;unit&quot;:&quot;px&quot;,&quot;size&quot;:3,&quot;sizes&quot;:[]},&quot;columns_mobile&quot;:3,&quot;gap_mobile&quot;:{&quot;unit&quot;:&quot;px&quot;,&quot;size&quot;:6,&quot;sizes&quot;:[]},&quot;columns&quot;:5,&quot;columns_tablet&quot;:3,&quot;gap_tablet&quot;:{&quot;unit&quot;:&quot;px&quot;,&quot;size&quot;:5,&quot;sizes&quot;:[]},&quot;lazyload&quot;:&quot;yes&quot;,&quot;gallery_layout&quot;:&quot;grid&quot;,&quot;aspect_ratio&quot;:&quot;3:2&quot;,&quot;overlay_background&quot;:&quot;yes&quot;,&quot;content_hover_animation&quot;:&quot;fade-in&quot;}\" data-widget_type=\"gallery.default\">\n\t\t\t\t<div class=\"elementor-widget-container\">\n\t\t\t\t\t\t\t<div class=\"elementor-gallery__container\">\n\t\t\t\t\t\t\t<div class=\"e-gallery-item elementor-gallery-item elementor-animated-content\">\n\t\t\t\t\t<div class=\"e-gallery-image elementor-gallery-item__image\" data-thumbnail=\"https:\/\/www.portovenere.fr\/fr-fr\/wp-content\/uploads\/2019\/12\/S\u00e9rie-NE31-carreaux-ext\u00e9rieur-20mm-150x150.jpg\" data-width=\"150\" data-height=\"150\" aria-label=\"\" role=\"img\" ><\/div>\n\t\t\t\t\t\t\t\t\t\t\t<div class=\"elementor-gallery-item__overlay\"><\/div>\n\t\t\t\t\t\t\t\t\t\t\t\t\t\t<\/div>\n\t\t\t\t\t\t\t<div class=\"e-gallery-item elementor-gallery-item elementor-animated-content\">\n\t\t\t\t\t<div class=\"e-gallery-image elementor-gallery-item__image\" data-thumbnail=\"https:\/\/www.portovenere.fr\/fr-fr\/wp-content\/uploads\/2019\/12\/S\u00e9rie-NE12-carreaux-ext\u00e9rieur-20mm-150x150.jpg\" data-width=\"150\" data-height=\"150\" aria-label=\"\" role=\"img\" ><\/div>\n\t\t\t\t\t\t\t\t\t\t\t<div class=\"elementor-gallery-item__overlay\"><\/div>\n\t\t\t\t\t\t\t\t\t\t\t\t\t\t<\/div>\n\t\t\t\t\t\t\t<div class=\"e-gallery-item elementor-gallery-item elementor-animated-content\">\n\t\t\t\t\t<div class=\"e-gallery-image elementor-gallery-item__image\" data-thumbnail=\"https:\/\/www.portovenere.fr\/fr-fr\/wp-content\/uploads\/2024\/08\/Carrelage-dalle-antiderapante-2-cm-pour-pose-sur-plots-ou-pose-collee-pour-terrasse-et-tour-de-piscine-SERIE-NE-Jura-beige-a-Montpellier-34-150x150.jpg\" data-width=\"150\" data-height=\"150\" aria-label=\"\" role=\"img\" ><\/div>\n\t\t\t\t\t\t\t\t\t\t\t<div class=\"elementor-gallery-item__overlay\"><\/div>\n\t\t\t\t\t\t\t\t\t\t\t\t\t\t<\/div>\n\t\t\t\t\t<\/div>\n\t\t\t\t\t<\/div>\n\t\t\t\t<\/div>\n\t\t\t\t<div class=\"elementor-element elementor-element-5613bffd elementor-widget elementor-widget-text-editor\" data-id=\"5613bffd\" data-element_type=\"widget\" data-e-type=\"widget\" data-widget_type=\"text-editor.default\">\n\t\t\t\t<div class=\"elementor-widget-container\">\n\t\t\t\t\t\t\t\t\t<p>Dalle ext\u00e9rieure aspect pierre naturelle en gr\u00e8s c\u00e9rame de 2 cm d&rsquo;\u00e9paisseur pour terrasse, tour de piscine, all\u00e9e de garage, zone \u00e0 fort trafic, all\u00e9e pi\u00e9tonne, etc. en formats 45x90cm, 60&#215;60 cm et 60&#215;120 cm.<\/p><p>Pose sur plots r\u00e9glables, sable, gravier, pelouse et pose coll\u00e9e sur dalle b\u00e9ton.<\/p>\t\t\t\t\t\t\t\t<\/div>\n\t\t\t\t<\/div>\n\t\t\t\t<div class=\"elementor-element elementor-element-6a3cdb1a elementor-mobile-align-center elementor-widget elementor-widget-button\" data-id=\"6a3cdb1a\" data-element_type=\"widget\" data-e-type=\"widget\" data-widget_type=\"button.default\">\n\t\t\t\t<div class=\"elementor-widget-container\">\n\t\t\t\t\t\t\t\t\t<div class=\"elementor-button-wrapper\">\n\t\t\t\t\t<a class=\"elementor-button elementor-button-link elementor-size-sm\" href=\"https:\/\/www.portovenere.fr\/fr-fr\/carrelage-sol-et-mur-en-gres-cerame-et-faience\/dalles-20mm-pose-sur-plots-sable-gravier-collee\/dalle-gres-cerame-antiderapante-20mm-pour-exterieur-serie-ne\/\">\n\t\t\t\t\t\t<span class=\"elementor-button-content-wrapper\">\n\t\t\t\t\t\t\t\t\t<span class=\"elementor-button-text\">Voir la collection<\/span>\n\t\t\t\t\t<\/span>\n\t\t\t\t\t<\/a>\n\t\t\t\t<\/div>\n\t\t\t\t\t\t\t\t<\/div>\n\t\t\t\t<\/div>\n\t\t\t\t\t<\/div>\n\t\t<\/div>\n\t\t\t\t\t<\/div>\n\t\t<\/section>\n\t\t\t\t\t<\/div>\n\t\t<\/div>\n\t\t\t\t\t<\/div>\n\t\t<\/section>\n\t\t\t\t<section class=\"elementor-section elementor-top-section elementor-element elementor-element-20a7d68b elementor-section-full_width elementor-section-height-default elementor-section-height-default elementor-invisible\" data-id=\"20a7d68b\" data-element_type=\"section\" data-e-type=\"section\" data-settings=\"{&quot;animation&quot;:&quot;fadeIn&quot;}\">\n\t\t\t\t\t\t<div class=\"elementor-container elementor-column-gap-default\">\n\t\t\t\t\t<div class=\"elementor-column elementor-col-33 elementor-top-column elementor-element elementor-element-6efcb7d\" data-id=\"6efcb7d\" data-element_type=\"column\" data-e-type=\"column\" data-settings=\"{&quot;background_background&quot;:&quot;classic&quot;}\">\n\t\t\t<div class=\"elementor-widget-wrap elementor-element-populated\">\n\t\t\t\t\t\t<div class=\"elementor-element elementor-element-616936e elementor-widget elementor-widget-image\" data-id=\"616936e\" data-element_type=\"widget\" data-e-type=\"widget\" data-widget_type=\"image.default\">\n\t\t\t\t<div class=\"elementor-widget-container\">\n\t\t\t\t\t\t\t\t\t\t\t\t\t\t\t\t<a href=\"https:\/\/www.portovenere.fr\/fr-fr\/carrelage-sol-et-mur-en-gres-cerame-et-faience\/carrelage-aspect-marbre\/carrelage-terrazzo-en-gres-cerame-pour-interieur-et-exterieur-med\/\">\n\t\t\t\t\t\t\t<img loading=\"lazy\" decoding=\"async\" width=\"800\" height=\"567\" src=\"https:\/\/www.portovenere.fr\/fr-fr\/wp-content\/uploads\/2026\/02\/Carrelage-terrazzo-en-dalle-antiderapante-20mm-gres-cerame-pour-terrasse-tour-de-psicine-MED-coloris-White-blanc-Magasin-Porto-Venere-Montpellier-34jpg-1024x726.jpg\" class=\"attachment-large size-large wp-image-69955\" alt=\"Carrelage style terrazzo en gr\u00e8s c\u00e9rame de qualit\u00e9 MED white pour int\u00e9rieur et ext\u00e9rieur- Magasin Porto Venere \u00e0 Montpellier 34\" srcset=\"https:\/\/www.portovenere.fr\/fr-fr\/wp-content\/uploads\/2026\/02\/Carrelage-terrazzo-en-dalle-antiderapante-20mm-gres-cerame-pour-terrasse-tour-de-psicine-MED-coloris-White-blanc-Magasin-Porto-Venere-Montpellier-34jpg-1024x726.jpg 1024w, https:\/\/www.portovenere.fr\/fr-fr\/wp-content\/uploads\/2026\/02\/Carrelage-terrazzo-en-dalle-antiderapante-20mm-gres-cerame-pour-terrasse-tour-de-psicine-MED-coloris-White-blanc-Magasin-Porto-Venere-Montpellier-34jpg-300x213.jpg 300w, https:\/\/www.portovenere.fr\/fr-fr\/wp-content\/uploads\/2026\/02\/Carrelage-terrazzo-en-dalle-antiderapante-20mm-gres-cerame-pour-terrasse-tour-de-psicine-MED-coloris-White-blanc-Magasin-Porto-Venere-Montpellier-34jpg-768x545.jpg 768w, https:\/\/www.portovenere.fr\/fr-fr\/wp-content\/uploads\/2026\/02\/Carrelage-terrazzo-en-dalle-antiderapante-20mm-gres-cerame-pour-terrasse-tour-de-psicine-MED-coloris-White-blanc-Magasin-Porto-Venere-Montpellier-34jpg.jpg 1410w\" sizes=\"(max-width: 800px) 100vw, 800px\" \/>\t\t\t\t\t\t\t\t<\/a>\n\t\t\t\t\t\t\t\t\t\t\t\t\t\t\t<\/div>\n\t\t\t\t<\/div>\n\t\t\t\t<div class=\"elementor-element elementor-element-53043fc elementor-widget elementor-widget-heading\" data-id=\"53043fc\" data-element_type=\"widget\" data-e-type=\"widget\" data-widget_type=\"heading.default\">\n\t\t\t\t<div class=\"elementor-widget-container\">\n\t\t\t\t\t<h3 class=\"elementor-heading-title elementor-size-default\"><a href=\"https:\/\/www.portovenere.fr\/fr-fr\/carrelage-sol-et-mur-en-gres-cerame-et-faience\/carrelage-aspect-marbre\/carrelage-terrazzo-en-gres-cerame-pour-interieur-et-exterieur-med\/\">MED | 5 coloris &amp; 2 finitions<\/a><\/h3>\t\t\t\t<\/div>\n\t\t\t\t<\/div>\n\t\t\t\t<div class=\"elementor-element elementor-element-5054854 elementor-widget__width-initial elementor-widget elementor-widget-gallery\" data-id=\"5054854\" data-element_type=\"widget\" data-e-type=\"widget\" data-settings=\"{&quot;gap&quot;:{&quot;unit&quot;:&quot;px&quot;,&quot;size&quot;:3,&quot;sizes&quot;:[]},&quot;columns_mobile&quot;:3,&quot;gap_mobile&quot;:{&quot;unit&quot;:&quot;px&quot;,&quot;size&quot;:6,&quot;sizes&quot;:[]},&quot;columns&quot;:5,&quot;columns_tablet&quot;:3,&quot;gap_tablet&quot;:{&quot;unit&quot;:&quot;px&quot;,&quot;size&quot;:5,&quot;sizes&quot;:[]},&quot;lazyload&quot;:&quot;yes&quot;,&quot;gallery_layout&quot;:&quot;grid&quot;,&quot;link_to&quot;:&quot;file&quot;,&quot;aspect_ratio&quot;:&quot;3:2&quot;,&quot;overlay_background&quot;:&quot;yes&quot;,&quot;content_hover_animation&quot;:&quot;fade-in&quot;}\" data-widget_type=\"gallery.default\">\n\t\t\t\t<div class=\"elementor-widget-container\">\n\t\t\t\t\t\t\t<div class=\"elementor-gallery__container\">\n\t\t\t\t\t\t\t<a class=\"e-gallery-item elementor-gallery-item elementor-animated-content\" href=\"https:\/\/www.portovenere.fr\/fr-fr\/wp-content\/uploads\/2026\/02\/Carrelage-gres-cerame-style-Terrazzo-MED-coloris-White-blanc-Magasin-de-carrelages-Porto-Venere-Montpellier-pres-de-Agde-34.jpg\" data-elementor-open-lightbox=\"yes\" data-elementor-lightbox-slideshow=\"5054854\" data-elementor-lightbox-title=\"Carrelage-gr\u00e8s-c\u00e9rame-style-Terrazzo-MED-coloris-White-blanc-Magasin-de-carrelages-Porto-Venere-Montpellier-pr\u00e8s-de-Agde-34\" data-e-action-hash=\"#elementor-action%3Aaction%3Dlightbox%26settings%3DeyJpZCI6Njk5NDEsInVybCI6Imh0dHBzOlwvXC93d3cucG9ydG92ZW5lcmUuZnJcL2ZyLWZyXC93cC1jb250ZW50XC91cGxvYWRzXC8yMDI2XC8wMlwvQ2FycmVsYWdlLWdyZXMtY2VyYW1lLXN0eWxlLVRlcnJhenpvLU1FRC1jb2xvcmlzLVdoaXRlLWJsYW5jLU1hZ2FzaW4tZGUtY2FycmVsYWdlcy1Qb3J0by1WZW5lcmUtTW9udHBlbGxpZXItcHJlcy1kZS1BZ2RlLTM0LmpwZyIsInNsaWRlc2hvdyI6IjUwNTQ4NTQifQ%3D%3D\">\n\t\t\t\t\t<div class=\"e-gallery-image elementor-gallery-item__image\" data-thumbnail=\"https:\/\/www.portovenere.fr\/fr-fr\/wp-content\/uploads\/2026\/02\/Carrelage-gres-cerame-style-Terrazzo-MED-coloris-White-blanc-Magasin-de-carrelages-Porto-Venere-Montpellier-pres-de-Agde-34-150x150.jpg\" data-width=\"150\" data-height=\"150\" aria-label=\"Carrelage style terrazzo en gr\u00e8s c\u00e9rame de qualit\u00e9 MED - Magasin Porto Venere \u00e0 Montpellier 34\" role=\"img\" ><\/div>\n\t\t\t\t\t\t\t\t\t\t\t<div class=\"elementor-gallery-item__overlay\"><\/div>\n\t\t\t\t\t\t\t\t\t\t\t\t\t\t<\/a>\n\t\t\t\t\t\t\t<a class=\"e-gallery-item elementor-gallery-item elementor-animated-content\" href=\"https:\/\/www.portovenere.fr\/fr-fr\/wp-content\/uploads\/2026\/02\/Carrelage-gres-cerame-style-Terrazzo-MED-coloris-Sugar-blanc-bleu-Magasin-de-carrelages-Porto-Venere-Montpellier-pres-de-Perols-34.jpg\" data-elementor-open-lightbox=\"yes\" data-elementor-lightbox-slideshow=\"5054854\" data-elementor-lightbox-title=\"Carrelage-gr\u00e8s-c\u00e9rame-style-Terrazzo-MED-coloris-Sugar-blanc-bleu-Magasin-de-carrelages-Porto-Venere-Montpellier-pr\u00e8s-de-Perols-34\" data-e-action-hash=\"#elementor-action%3Aaction%3Dlightbox%26settings%3DeyJpZCI6Njk5NDAsInVybCI6Imh0dHBzOlwvXC93d3cucG9ydG92ZW5lcmUuZnJcL2ZyLWZyXC93cC1jb250ZW50XC91cGxvYWRzXC8yMDI2XC8wMlwvQ2FycmVsYWdlLWdyZXMtY2VyYW1lLXN0eWxlLVRlcnJhenpvLU1FRC1jb2xvcmlzLVN1Z2FyLWJsYW5jLWJsZXUtTWFnYXNpbi1kZS1jYXJyZWxhZ2VzLVBvcnRvLVZlbmVyZS1Nb250cGVsbGllci1wcmVzLWRlLVBlcm9scy0zNC5qcGciLCJzbGlkZXNob3ciOiI1MDU0ODU0In0%3D\">\n\t\t\t\t\t<div class=\"e-gallery-image elementor-gallery-item__image\" data-thumbnail=\"https:\/\/www.portovenere.fr\/fr-fr\/wp-content\/uploads\/2026\/02\/Carrelage-gres-cerame-style-Terrazzo-MED-coloris-Sugar-blanc-bleu-Magasin-de-carrelages-Porto-Venere-Montpellier-pres-de-Perols-34-150x150.jpg\" data-width=\"150\" data-height=\"150\" aria-label=\"Carrelage style terrazzo en gr\u00e8s c\u00e9rame de qualit\u00e9 MED - Magasin Porto Venere \u00e0 Montpellier 34\" role=\"img\" ><\/div>\n\t\t\t\t\t\t\t\t\t\t\t<div class=\"elementor-gallery-item__overlay\"><\/div>\n\t\t\t\t\t\t\t\t\t\t\t\t\t\t<\/a>\n\t\t\t\t\t\t\t<a class=\"e-gallery-item elementor-gallery-item elementor-animated-content\" href=\"https:\/\/www.portovenere.fr\/fr-fr\/wp-content\/uploads\/2026\/02\/Carrelage-gres-cerame-style-Terrazzo-MED-coloris-Leaf-Vert-clair-Magasin-de-carrelages-Porto-Venere-Montpellier-pres-de-Clapiers-34.jpg\" data-elementor-open-lightbox=\"yes\" data-elementor-lightbox-slideshow=\"5054854\" data-elementor-lightbox-title=\"Carrelage-gr\u00e8s-c\u00e9rame-style-Terrazzo-MED-coloris-Leaf-Vert-clair-Magasin-de-carrelages-Porto-Venere-Montpellier-pr\u00e8s-de-Clapiers-34\" data-e-action-hash=\"#elementor-action%3Aaction%3Dlightbox%26settings%3DeyJpZCI6Njk5MzksInVybCI6Imh0dHBzOlwvXC93d3cucG9ydG92ZW5lcmUuZnJcL2ZyLWZyXC93cC1jb250ZW50XC91cGxvYWRzXC8yMDI2XC8wMlwvQ2FycmVsYWdlLWdyZXMtY2VyYW1lLXN0eWxlLVRlcnJhenpvLU1FRC1jb2xvcmlzLUxlYWYtVmVydC1jbGFpci1NYWdhc2luLWRlLWNhcnJlbGFnZXMtUG9ydG8tVmVuZXJlLU1vbnRwZWxsaWVyLXByZXMtZGUtQ2xhcGllcnMtMzQuanBnIiwic2xpZGVzaG93IjoiNTA1NDg1NCJ9\">\n\t\t\t\t\t<div class=\"e-gallery-image elementor-gallery-item__image\" data-thumbnail=\"https:\/\/www.portovenere.fr\/fr-fr\/wp-content\/uploads\/2026\/02\/Carrelage-gres-cerame-style-Terrazzo-MED-coloris-Leaf-Vert-clair-Magasin-de-carrelages-Porto-Venere-Montpellier-pres-de-Clapiers-34-150x150.jpg\" data-width=\"150\" data-height=\"150\" aria-label=\"Carrelage style terrazzo en gr\u00e8s c\u00e9rame de qualit\u00e9 MED - Magasin Porto Venere \u00e0 Montpellier 34\" role=\"img\" ><\/div>\n\t\t\t\t\t\t\t\t\t\t\t<div class=\"elementor-gallery-item__overlay\"><\/div>\n\t\t\t\t\t\t\t\t\t\t\t\t\t\t<\/a>\n\t\t\t\t\t\t\t<a class=\"e-gallery-item elementor-gallery-item elementor-animated-content\" href=\"https:\/\/www.portovenere.fr\/fr-fr\/wp-content\/uploads\/2026\/02\/Carrelage-gres-cerame-style-Terrazzo-MED-coloris-gris-fonce-Anthracite-Magasin-de-carrelages-Porto-Venere-Montpellier-pres-de-Juvignac-34.jpg\" data-elementor-open-lightbox=\"yes\" data-elementor-lightbox-slideshow=\"5054854\" data-elementor-lightbox-title=\"Carrelage-gr\u00e8s-c\u00e9rame-style-Terrazzo-MED-coloris-gris-fonc\u00e9-Anthracite-Magasin-de-carrelages-Porto-Venere-Montpellier-pr\u00e8s-de-Juvignac-34\" data-e-action-hash=\"#elementor-action%3Aaction%3Dlightbox%26settings%3DeyJpZCI6Njk5MzgsInVybCI6Imh0dHBzOlwvXC93d3cucG9ydG92ZW5lcmUuZnJcL2ZyLWZyXC93cC1jb250ZW50XC91cGxvYWRzXC8yMDI2XC8wMlwvQ2FycmVsYWdlLWdyZXMtY2VyYW1lLXN0eWxlLVRlcnJhenpvLU1FRC1jb2xvcmlzLWdyaXMtZm9uY2UtQW50aHJhY2l0ZS1NYWdhc2luLWRlLWNhcnJlbGFnZXMtUG9ydG8tVmVuZXJlLU1vbnRwZWxsaWVyLXByZXMtZGUtSnV2aWduYWMtMzQuanBnIiwic2xpZGVzaG93IjoiNTA1NDg1NCJ9\">\n\t\t\t\t\t<div class=\"e-gallery-image elementor-gallery-item__image\" data-thumbnail=\"https:\/\/www.portovenere.fr\/fr-fr\/wp-content\/uploads\/2026\/02\/Carrelage-gres-cerame-style-Terrazzo-MED-coloris-gris-fonce-Anthracite-Magasin-de-carrelages-Porto-Venere-Montpellier-pres-de-Juvignac-34-150x150.jpg\" data-width=\"150\" data-height=\"150\" aria-label=\"Carrelage style terrazzo en gr\u00e8s c\u00e9rame de qualit\u00e9 MED - Magasin Porto Venere \u00e0 Montpellier 34\" role=\"img\" ><\/div>\n\t\t\t\t\t\t\t\t\t\t\t<div class=\"elementor-gallery-item__overlay\"><\/div>\n\t\t\t\t\t\t\t\t\t\t\t\t\t\t<\/a>\n\t\t\t\t\t\t\t<a class=\"e-gallery-item elementor-gallery-item elementor-animated-content\" href=\"https:\/\/www.portovenere.fr\/fr-fr\/wp-content\/uploads\/2026\/02\/Carrelage-gres-cerame-style-Terrazzo-MED-coloris-Cream-Creme-Magasin-de-carrelages-Porto-Venere-Montpellier-pres-de-Balaruc-34.jpg\" data-elementor-open-lightbox=\"yes\" data-elementor-lightbox-slideshow=\"5054854\" data-elementor-lightbox-title=\"Carrelage-gr\u00e8s-c\u00e9rame-style-Terrazzo-MED-coloris-Cream-Creme-Magasin-de-carrelages-Porto-Venere-Montpellier-pr\u00e8s-de-Balaruc-34\" data-e-action-hash=\"#elementor-action%3Aaction%3Dlightbox%26settings%3DeyJpZCI6Njk5MzcsInVybCI6Imh0dHBzOlwvXC93d3cucG9ydG92ZW5lcmUuZnJcL2ZyLWZyXC93cC1jb250ZW50XC91cGxvYWRzXC8yMDI2XC8wMlwvQ2FycmVsYWdlLWdyZXMtY2VyYW1lLXN0eWxlLVRlcnJhenpvLU1FRC1jb2xvcmlzLUNyZWFtLUNyZW1lLU1hZ2FzaW4tZGUtY2FycmVsYWdlcy1Qb3J0by1WZW5lcmUtTW9udHBlbGxpZXItcHJlcy1kZS1CYWxhcnVjLTM0LmpwZyIsInNsaWRlc2hvdyI6IjUwNTQ4NTQifQ%3D%3D\">\n\t\t\t\t\t<div class=\"e-gallery-image elementor-gallery-item__image\" data-thumbnail=\"https:\/\/www.portovenere.fr\/fr-fr\/wp-content\/uploads\/2026\/02\/Carrelage-gres-cerame-style-Terrazzo-MED-coloris-Cream-Creme-Magasin-de-carrelages-Porto-Venere-Montpellier-pres-de-Balaruc-34-150x150.jpg\" data-width=\"150\" data-height=\"150\" aria-label=\"Carrelage style terrazzo en gr\u00e8s c\u00e9rame de qualit\u00e9 MED - Magasin Porto Venere \u00e0 Montpellier 34\" role=\"img\" ><\/div>\n\t\t\t\t\t\t\t\t\t\t\t<div class=\"elementor-gallery-item__overlay\"><\/div>\n\t\t\t\t\t\t\t\t\t\t\t\t\t\t<\/a>\n\t\t\t\t\t\t\t<a class=\"e-gallery-item elementor-gallery-item elementor-animated-content\" href=\"https:\/\/www.portovenere.fr\/fr-fr\/wp-content\/uploads\/2026\/02\/Mosaique-terrazzo-en-carrelage-gres-cerame-30x30-cm-MED-coloris-White-blanc-Magasin-de-carrelages-Porto-Venere-Montpellier-pres-de-Palavas-34.jpg\" data-elementor-open-lightbox=\"yes\" data-elementor-lightbox-slideshow=\"5054854\" data-elementor-lightbox-title=\"Mosaique-terrazzo-en-carrelage-gr\u00e8s-c\u00e9rame-30x30-cm-MED-coloris-White-blanc-Magasin-de-carrelages-Porto-Venere-Montpellier-pr\u00e8s-de-Palavas-34\" data-e-action-hash=\"#elementor-action%3Aaction%3Dlightbox%26settings%3DeyJpZCI6Njk5MzMsInVybCI6Imh0dHBzOlwvXC93d3cucG9ydG92ZW5lcmUuZnJcL2ZyLWZyXC93cC1jb250ZW50XC91cGxvYWRzXC8yMDI2XC8wMlwvTW9zYWlxdWUtdGVycmF6em8tZW4tY2FycmVsYWdlLWdyZXMtY2VyYW1lLTMweDMwLWNtLU1FRC1jb2xvcmlzLVdoaXRlLWJsYW5jLU1hZ2FzaW4tZGUtY2FycmVsYWdlcy1Qb3J0by1WZW5lcmUtTW9udHBlbGxpZXItcHJlcy1kZS1QYWxhdmFzLTM0LmpwZyIsInNsaWRlc2hvdyI6IjUwNTQ4NTQifQ%3D%3D\">\n\t\t\t\t\t<div class=\"e-gallery-image elementor-gallery-item__image\" data-thumbnail=\"https:\/\/www.portovenere.fr\/fr-fr\/wp-content\/uploads\/2026\/02\/Mosaique-terrazzo-en-carrelage-gres-cerame-30x30-cm-MED-coloris-White-blanc-Magasin-de-carrelages-Porto-Venere-Montpellier-pres-de-Palavas-34-150x150.jpg\" data-width=\"150\" data-height=\"150\" aria-label=\"Carrelage mosa\u00efque style terrazzo en gr\u00e8s c\u00e9rame de qualit\u00e9 MED - Magasin Porto Venere \u00e0 Montpellier 34\" role=\"img\" ><\/div>\n\t\t\t\t\t\t\t\t\t\t\t<div class=\"elementor-gallery-item__overlay\"><\/div>\n\t\t\t\t\t\t\t\t\t\t\t\t\t\t<\/a>\n\t\t\t\t\t\t\t<a class=\"e-gallery-item elementor-gallery-item elementor-animated-content\" href=\"https:\/\/www.portovenere.fr\/fr-fr\/wp-content\/uploads\/2026\/02\/Mosaique-terrazzo-en-carrelage-gres-cerame-30x30-cm-MED-coloris-Sugar-blanc-bleu-Magasin-de-carrelages-Porto-Venere-Montpellier-pres-de-Sete-34.jpg\" data-elementor-open-lightbox=\"yes\" data-elementor-lightbox-slideshow=\"5054854\" data-elementor-lightbox-title=\"Mosaique-terrazzo-en-carrelage-gr\u00e8s-c\u00e9rame-30x30-cm-MED-coloris-Sugar-blanc-bleu-Magasin-de-carrelages-Porto-Venere-Montpellier-pr\u00e8s-de-S\u00e8te-34\" data-e-action-hash=\"#elementor-action%3Aaction%3Dlightbox%26settings%3DeyJpZCI6Njk5MzIsInVybCI6Imh0dHBzOlwvXC93d3cucG9ydG92ZW5lcmUuZnJcL2ZyLWZyXC93cC1jb250ZW50XC91cGxvYWRzXC8yMDI2XC8wMlwvTW9zYWlxdWUtdGVycmF6em8tZW4tY2FycmVsYWdlLWdyZXMtY2VyYW1lLTMweDMwLWNtLU1FRC1jb2xvcmlzLVN1Z2FyLWJsYW5jLWJsZXUtTWFnYXNpbi1kZS1jYXJyZWxhZ2VzLVBvcnRvLVZlbmVyZS1Nb250cGVsbGllci1wcmVzLWRlLVNldGUtMzQuanBnIiwic2xpZGVzaG93IjoiNTA1NDg1NCJ9\">\n\t\t\t\t\t<div class=\"e-gallery-image elementor-gallery-item__image\" data-thumbnail=\"https:\/\/www.portovenere.fr\/fr-fr\/wp-content\/uploads\/2026\/02\/Mosaique-terrazzo-en-carrelage-gres-cerame-30x30-cm-MED-coloris-Sugar-blanc-bleu-Magasin-de-carrelages-Porto-Venere-Montpellier-pres-de-Sete-34-150x150.jpg\" data-width=\"150\" data-height=\"150\" aria-label=\"Carrelage mosa\u00efque style terrazzo en gr\u00e8s c\u00e9rame de qualit\u00e9 MED - Magasin Porto Venere \u00e0 Montpellier 34\" role=\"img\" ><\/div>\n\t\t\t\t\t\t\t\t\t\t\t<div class=\"elementor-gallery-item__overlay\"><\/div>\n\t\t\t\t\t\t\t\t\t\t\t\t\t\t<\/a>\n\t\t\t\t\t\t\t<a class=\"e-gallery-item elementor-gallery-item elementor-animated-content\" href=\"https:\/\/www.portovenere.fr\/fr-fr\/wp-content\/uploads\/2026\/02\/Mosaique-terrazzo-en-carrelage-gres-cerame-30x30-cm-MED-coloris-Leaf-Vert-clair-Magasin-de-carrelages-Porto-Venere-Montpellier-pres-de-Mauguio-34.jpg\" data-elementor-open-lightbox=\"yes\" data-elementor-lightbox-slideshow=\"5054854\" data-elementor-lightbox-title=\"Mosaique-terrazzo-en-carrelage-gr\u00e8s-c\u00e9rame-30x30-cm-MED-coloris-Leaf-Vert-clair-Magasin-de-carrelages-Porto-Venere-Montpellier-pr\u00e8s-de-Mauguio-34\" data-e-action-hash=\"#elementor-action%3Aaction%3Dlightbox%26settings%3DeyJpZCI6Njk5MzEsInVybCI6Imh0dHBzOlwvXC93d3cucG9ydG92ZW5lcmUuZnJcL2ZyLWZyXC93cC1jb250ZW50XC91cGxvYWRzXC8yMDI2XC8wMlwvTW9zYWlxdWUtdGVycmF6em8tZW4tY2FycmVsYWdlLWdyZXMtY2VyYW1lLTMweDMwLWNtLU1FRC1jb2xvcmlzLUxlYWYtVmVydC1jbGFpci1NYWdhc2luLWRlLWNhcnJlbGFnZXMtUG9ydG8tVmVuZXJlLU1vbnRwZWxsaWVyLXByZXMtZGUtTWF1Z3Vpby0zNC5qcGciLCJzbGlkZXNob3ciOiI1MDU0ODU0In0%3D\">\n\t\t\t\t\t<div class=\"e-gallery-image elementor-gallery-item__image\" data-thumbnail=\"https:\/\/www.portovenere.fr\/fr-fr\/wp-content\/uploads\/2026\/02\/Mosaique-terrazzo-en-carrelage-gres-cerame-30x30-cm-MED-coloris-Leaf-Vert-clair-Magasin-de-carrelages-Porto-Venere-Montpellier-pres-de-Mauguio-34-150x150.jpg\" data-width=\"150\" data-height=\"150\" aria-label=\"Carrelage mosa\u00efque style terrazzo en gr\u00e8s c\u00e9rame de qualit\u00e9 MED - Magasin Porto Venere \u00e0 Montpellier 34\" role=\"img\" ><\/div>\n\t\t\t\t\t\t\t\t\t\t\t<div class=\"elementor-gallery-item__overlay\"><\/div>\n\t\t\t\t\t\t\t\t\t\t\t\t\t\t<\/a>\n\t\t\t\t\t\t\t<a class=\"e-gallery-item elementor-gallery-item elementor-animated-content\" href=\"https:\/\/www.portovenere.fr\/fr-fr\/wp-content\/uploads\/2026\/02\/Mosaique-terrazzo-en-carrelage-gres-cerame-30x30-cm-MED-coloris-gris-fonce-Anthracite-Magasin-de-carrelages-Porto-Venere-Montpellier-pres-de-Castries-34.jpg\" data-elementor-open-lightbox=\"yes\" data-elementor-lightbox-slideshow=\"5054854\" data-elementor-lightbox-title=\"Mosaique-terrazzo-en-carrelage-gr\u00e8s-c\u00e9rame-30x30-cm-MED-coloris-gris-fonc\u00e9-Anthracite-Magasin-de-carrelages-Porto-Venere-Montpellier-pr\u00e8s-de-Castries-34\" data-e-action-hash=\"#elementor-action%3Aaction%3Dlightbox%26settings%3DeyJpZCI6Njk5MzAsInVybCI6Imh0dHBzOlwvXC93d3cucG9ydG92ZW5lcmUuZnJcL2ZyLWZyXC93cC1jb250ZW50XC91cGxvYWRzXC8yMDI2XC8wMlwvTW9zYWlxdWUtdGVycmF6em8tZW4tY2FycmVsYWdlLWdyZXMtY2VyYW1lLTMweDMwLWNtLU1FRC1jb2xvcmlzLWdyaXMtZm9uY2UtQW50aHJhY2l0ZS1NYWdhc2luLWRlLWNhcnJlbGFnZXMtUG9ydG8tVmVuZXJlLU1vbnRwZWxsaWVyLXByZXMtZGUtQ2FzdHJpZXMtMzQuanBnIiwic2xpZGVzaG93IjoiNTA1NDg1NCJ9\">\n\t\t\t\t\t<div class=\"e-gallery-image elementor-gallery-item__image\" data-thumbnail=\"https:\/\/www.portovenere.fr\/fr-fr\/wp-content\/uploads\/2026\/02\/Mosaique-terrazzo-en-carrelage-gres-cerame-30x30-cm-MED-coloris-gris-fonce-Anthracite-Magasin-de-carrelages-Porto-Venere-Montpellier-pres-de-Castries-34-150x150.jpg\" data-width=\"150\" data-height=\"150\" aria-label=\"Carrelage mosa\u00efque style terrazzo en gr\u00e8s c\u00e9rame de qualit\u00e9 MED - Magasin Porto Venere \u00e0 Montpellier 34\" role=\"img\" ><\/div>\n\t\t\t\t\t\t\t\t\t\t\t<div class=\"elementor-gallery-item__overlay\"><\/div>\n\t\t\t\t\t\t\t\t\t\t\t\t\t\t<\/a>\n\t\t\t\t\t\t\t<a class=\"e-gallery-item elementor-gallery-item elementor-animated-content\" href=\"https:\/\/www.portovenere.fr\/fr-fr\/wp-content\/uploads\/2026\/02\/Mosaique-terrazzo-en-carrelage-gres-cerame-30x30-cm-MED-coloris-Cream-Creme-Magasin-de-carrelages-Porto-Venere-Montpellier-pres-de-Agde-34.jpg\" data-elementor-open-lightbox=\"yes\" data-elementor-lightbox-slideshow=\"5054854\" data-elementor-lightbox-title=\"Mosaique-terrazzo-en-carrelage-gr\u00e8s-c\u00e9rame-30x30-cm-MED-coloris-Cream-Creme-Magasin-de-carrelages-Porto-Venere-Montpellier-pr\u00e8s-de-Agde-34\" data-e-action-hash=\"#elementor-action%3Aaction%3Dlightbox%26settings%3DeyJpZCI6Njk5MjksInVybCI6Imh0dHBzOlwvXC93d3cucG9ydG92ZW5lcmUuZnJcL2ZyLWZyXC93cC1jb250ZW50XC91cGxvYWRzXC8yMDI2XC8wMlwvTW9zYWlxdWUtdGVycmF6em8tZW4tY2FycmVsYWdlLWdyZXMtY2VyYW1lLTMweDMwLWNtLU1FRC1jb2xvcmlzLUNyZWFtLUNyZW1lLU1hZ2FzaW4tZGUtY2FycmVsYWdlcy1Qb3J0by1WZW5lcmUtTW9udHBlbGxpZXItcHJlcy1kZS1BZ2RlLTM0LmpwZyIsInNsaWRlc2hvdyI6IjUwNTQ4NTQifQ%3D%3D\">\n\t\t\t\t\t<div class=\"e-gallery-image elementor-gallery-item__image\" data-thumbnail=\"https:\/\/www.portovenere.fr\/fr-fr\/wp-content\/uploads\/2026\/02\/Mosaique-terrazzo-en-carrelage-gres-cerame-30x30-cm-MED-coloris-Cream-Creme-Magasin-de-carrelages-Porto-Venere-Montpellier-pres-de-Agde-34-150x150.jpg\" data-width=\"150\" data-height=\"150\" aria-label=\"Carrelage mosa\u00efque style terrazzo en gr\u00e8s c\u00e9rame de qualit\u00e9 MED - Magasin Porto Venere \u00e0 Montpellier 34\" role=\"img\" ><\/div>\n\t\t\t\t\t\t\t\t\t\t\t<div class=\"elementor-gallery-item__overlay\"><\/div>\n\t\t\t\t\t\t\t\t\t\t\t\t\t\t<\/a>\n\t\t\t\t\t<\/div>\n\t\t\t\t\t<\/div>\n\t\t\t\t<\/div>\n\t\t\t\t<div class=\"elementor-element elementor-element-d4ee498 elementor-widget elementor-widget-text-editor\" data-id=\"d4ee498\" data-element_type=\"widget\" data-e-type=\"widget\" data-widget_type=\"text-editor.default\">\n\t\t\t\t<div class=\"elementor-widget-container\">\n\t\t\t\t\t\t\t\t\t<p style=\"text-align: left;\">La collection <strong data-start=\"1762\" data-end=\"1769\">MED<\/strong> revisite le terrazzo dans un gr\u00e8s c\u00e9rame d\u00e9coratif \u00e9l\u00e9gant, id\u00e9al pour <strong data-start=\"1841\" data-end=\"1857\">sols et murs<\/strong>.\u00a0<\/p><p style=\"text-align: left;\">Elle se d\u00e9cline en <strong data-start=\"1878\" data-end=\"1894\">cinq coloris<\/strong> \u2014 White, Cream, Leaf, Sugar et Anthracite \u2014 permettant des ambiances lumineuses ou profondes. Disponible en <strong data-start=\"2003\" data-end=\"2048\">formats 60\u00d760 cm, 60\u00d7120 cm et 120\u00d7120 cm<\/strong> en 9 mm,\u00a0<\/p><p style=\"text-align: left;\">MED assure une continuit\u00e9 visuelle moderne. Pour l\u2019ext\u00e9rieur ou les zones techniques, des <strong data-start=\"2148\" data-end=\"2188\">dalles 20 mm en 60\u00d760 cm et 80\u00d780 cm<\/strong> offrent s\u00e9curit\u00e9 et r\u00e9sistance gr\u00e2ce \u00e0 leur surface structur\u00e9e.\u00a0<\/p><p style=\"text-align: left;\">Une collection polyvalente qui combine caract\u00e8re d\u00e9coratif, performance et durabilit\u00e9 pour des espaces contemporains et raffin\u00e9s.<\/p>\t\t\t\t\t\t\t\t<\/div>\n\t\t\t\t<\/div>\n\t\t\t\t<div class=\"elementor-element elementor-element-e9b5c44 elementor-mobile-align-center elementor-align-left elementor-widget elementor-widget-button\" data-id=\"e9b5c44\" data-element_type=\"widget\" data-e-type=\"widget\" data-widget_type=\"button.default\">\n\t\t\t\t<div class=\"elementor-widget-container\">\n\t\t\t\t\t\t\t\t\t<div class=\"elementor-button-wrapper\">\n\t\t\t\t\t<a class=\"elementor-button elementor-button-link elementor-size-sm\" href=\"https:\/\/www.portovenere.fr\/fr-fr\/carrelage-sol-et-mur-en-gres-cerame-et-faience\/carrelage-aspect-marbre\/carrelage-terrazzo-en-gres-cerame-pour-interieur-et-exterieur-med\/\">\n\t\t\t\t\t\t<span class=\"elementor-button-content-wrapper\">\n\t\t\t\t\t\t\t\t\t<span class=\"elementor-button-text\">Voir la collection<\/span>\n\t\t\t\t\t<\/span>\n\t\t\t\t\t<\/a>\n\t\t\t\t<\/div>\n\t\t\t\t\t\t\t\t<\/div>\n\t\t\t\t<\/div>\n\t\t\t\t\t<\/div>\n\t\t<\/div>\n\t\t\t\t<div class=\"elementor-column elementor-col-33 elementor-top-column elementor-element elementor-element-dbdfab0\" data-id=\"dbdfab0\" data-element_type=\"column\" data-e-type=\"column\" data-settings=\"{&quot;background_background&quot;:&quot;classic&quot;}\">\n\t\t\t<div class=\"elementor-widget-wrap elementor-element-populated\">\n\t\t\t\t\t\t<div class=\"elementor-element elementor-element-143f8111 elementor-widget elementor-widget-image\" data-id=\"143f8111\" data-element_type=\"widget\" data-e-type=\"widget\" data-widget_type=\"image.default\">\n\t\t\t\t<div class=\"elementor-widget-container\">\n\t\t\t\t\t\t\t\t\t\t\t\t\t\t\t\t<a href=\"https:\/\/www.portovenere.fr\/fr-fr\/carrelage-sol-et-mur-en-gres-cerame-et-faience\/carrelage-aspect-pierre\/carrelage-effet-pierre-pour-interieur-et-exterieur-kaposano\/\">\n\t\t\t\t\t\t\t<img decoding=\"async\" src=\"https:\/\/www.portovenere.fr\/fr-fr\/wp-content\/uploads\/elementor\/thumbs\/Carrelage-terrasse-dalles-2-cm-en-gres-cerame-antiderapantes-80x80-cm-KAPOSANO-coloris-clair-Light-et-carrelage-mural-xxl-magasin-Porto-Venere-a-Montpellier-34-rfuk32mgr8pr0kfydd9zk9n1oe2gqdra6hrg2pydhc.jpg\" title=\"Carrelage-terrasse-dalles-2-cm-en-gr\u00e8s-c\u00e9rame-antid\u00e9rapantes-80&#215;80-cm-KAPOSANO-coloris-clair-Light-et-carrelage-mural-xxl-magasin-Porto-Venere-\u00e0-Montpellier-34\" alt=\"Terrasse piscine avec carrelages en dalles antid\u00e9rapantes gr\u00e8s c\u00e9rame effet pierre travertin haut de gamme KAPOSANO magasin de carrelages et pierres naturelles PORTO VENERE MONTPELLIER dans l&#039;H\u00e9rault\" loading=\"lazy\" \/>\t\t\t\t\t\t\t\t<\/a>\n\t\t\t\t\t\t\t\t\t\t\t\t\t\t\t<\/div>\n\t\t\t\t<\/div>\n\t\t\t\t<div class=\"elementor-element elementor-element-275f5369 elementor-widget elementor-widget-heading\" data-id=\"275f5369\" data-element_type=\"widget\" data-e-type=\"widget\" data-widget_type=\"heading.default\">\n\t\t\t\t<div class=\"elementor-widget-container\">\n\t\t\t\t\t<h3 class=\"elementor-heading-title elementor-size-default\"><a href=\"https:\/\/www.portovenere.fr\/fr-fr\/carrelage-sol-et-mur-en-gres-cerame-et-faience\/carrelage-aspect-pierre\/carrelage-effet-pierre-pour-interieur-et-exterieur-kaposano\/pierre\/carrelage-clair-en-gres-cerame-ozigua\/\">KAPOSANO | 3 coloris &amp; D\u00e9cors<\/a><\/h3>\t\t\t\t<\/div>\n\t\t\t\t<\/div>\n\t\t\t\t<div class=\"elementor-element elementor-element-34d5136e elementor-widget__width-initial elementor-widget elementor-widget-gallery\" data-id=\"34d5136e\" data-element_type=\"widget\" data-e-type=\"widget\" data-settings=\"{&quot;gap&quot;:{&quot;unit&quot;:&quot;px&quot;,&quot;size&quot;:3,&quot;sizes&quot;:[]},&quot;columns_mobile&quot;:3,&quot;gap_mobile&quot;:{&quot;unit&quot;:&quot;px&quot;,&quot;size&quot;:6,&quot;sizes&quot;:[]},&quot;columns&quot;:5,&quot;columns_tablet&quot;:5,&quot;gap_tablet&quot;:{&quot;unit&quot;:&quot;px&quot;,&quot;size&quot;:5,&quot;sizes&quot;:[]},&quot;lazyload&quot;:&quot;yes&quot;,&quot;gallery_layout&quot;:&quot;grid&quot;,&quot;link_to&quot;:&quot;file&quot;,&quot;aspect_ratio&quot;:&quot;3:2&quot;,&quot;overlay_background&quot;:&quot;yes&quot;,&quot;content_hover_animation&quot;:&quot;fade-in&quot;}\" data-widget_type=\"gallery.default\">\n\t\t\t\t<div class=\"elementor-widget-container\">\n\t\t\t\t\t\t\t<div class=\"elementor-gallery__container\">\n\t\t\t\t\t\t\t<a class=\"e-gallery-item elementor-gallery-item elementor-animated-content\" href=\"https:\/\/www.portovenere.fr\/fr-fr\/wp-content\/uploads\/2025\/12\/Carrelage-en-gres-cerame-exterieur-et-interieur-KAPOSANO-coloris-NUT-pour-sols-et-murs-magasin-carrelage-haut-de-gamme-Porto_Venere_Montpellier-pres-de-Saint-Gely-du-Fesc-34.jpg\" data-elementor-open-lightbox=\"yes\" data-elementor-lightbox-slideshow=\"34d5136e\" data-elementor-lightbox-title=\"Carrelage-en-gr\u00e8s-c\u00e9rame-ext\u00e9rieur-et-int\u00e9rieur-KAPOSANO-coloris-NUT-pour-sols-et-murs-magasin-carrelage-haut-de-gamme-Porto_Venere_Montpellier-pr\u00e8s-de-Saint-G\u00e9ly-du-Fesc-34\" data-e-action-hash=\"#elementor-action%3Aaction%3Dlightbox%26settings%3DeyJpZCI6Njc4NzIsInVybCI6Imh0dHBzOlwvXC93d3cucG9ydG92ZW5lcmUuZnJcL2ZyLWZyXC93cC1jb250ZW50XC91cGxvYWRzXC8yMDI1XC8xMlwvQ2FycmVsYWdlLWVuLWdyZXMtY2VyYW1lLWV4dGVyaWV1ci1ldC1pbnRlcmlldXItS0FQT1NBTk8tY29sb3Jpcy1OVVQtcG91ci1zb2xzLWV0LW11cnMtbWFnYXNpbi1jYXJyZWxhZ2UtaGF1dC1kZS1nYW1tZS1Qb3J0b19WZW5lcmVfTW9udHBlbGxpZXItcHJlcy1kZS1TYWludC1HZWx5LWR1LUZlc2MtMzQuanBnIiwic2xpZGVzaG93IjoiMzRkNTEzNmUifQ%3D%3D\">\n\t\t\t\t\t<div class=\"e-gallery-image elementor-gallery-item__image\" data-thumbnail=\"https:\/\/www.portovenere.fr\/fr-fr\/wp-content\/uploads\/2025\/12\/Carrelage-en-gres-cerame-exterieur-et-interieur-KAPOSANO-coloris-NUT-pour-sols-et-murs-magasin-carrelage-haut-de-gamme-Porto_Venere_Montpellier-pres-de-Saint-Gely-du-Fesc-34-150x150.jpg\" data-width=\"150\" data-height=\"150\" aria-label=\"Carrelage gr\u00e8s c\u00e9rame effet pierre travertin haut de gamme KAPOSANO magasin de carrelages et pierres naturelles PORTO VENERE MONTPELLIER dans l&#039;H\u00e9rault\" role=\"img\" ><\/div>\n\t\t\t\t\t\t\t\t\t\t\t<div class=\"elementor-gallery-item__overlay\"><\/div>\n\t\t\t\t\t\t\t\t\t\t\t\t\t\t<\/a>\n\t\t\t\t\t\t\t<a class=\"e-gallery-item elementor-gallery-item elementor-animated-content\" href=\"https:\/\/www.portovenere.fr\/fr-fr\/wp-content\/uploads\/2025\/12\/Carrelage-en-gres-cerame-exterieur-et-interieur-KAPOSANO-coloris-LIGHT-pour-sols-et-murs-magasin-carrelage-haut-de-gamme-Porto_Venere_Montpellier-pres-de-Palavas-34.jpg\" data-elementor-open-lightbox=\"yes\" data-elementor-lightbox-slideshow=\"34d5136e\" data-elementor-lightbox-title=\"Carrelage-en-gr\u00e8s-c\u00e9rame-ext\u00e9rieur-et-int\u00e9rieur-KAPOSANO-coloris-LIGHT-pour-sols-et-murs-magasin-carrelage-haut-de-gamme-Porto_Venere_Montpellier-pr\u00e8s-de-Palavas-34\" data-e-action-hash=\"#elementor-action%3Aaction%3Dlightbox%26settings%3DeyJpZCI6Njc4NzEsInVybCI6Imh0dHBzOlwvXC93d3cucG9ydG92ZW5lcmUuZnJcL2ZyLWZyXC93cC1jb250ZW50XC91cGxvYWRzXC8yMDI1XC8xMlwvQ2FycmVsYWdlLWVuLWdyZXMtY2VyYW1lLWV4dGVyaWV1ci1ldC1pbnRlcmlldXItS0FQT1NBTk8tY29sb3Jpcy1MSUdIVC1wb3VyLXNvbHMtZXQtbXVycy1tYWdhc2luLWNhcnJlbGFnZS1oYXV0LWRlLWdhbW1lLVBvcnRvX1ZlbmVyZV9Nb250cGVsbGllci1wcmVzLWRlLVBhbGF2YXMtMzQuanBnIiwic2xpZGVzaG93IjoiMzRkNTEzNmUifQ%3D%3D\">\n\t\t\t\t\t<div class=\"e-gallery-image elementor-gallery-item__image\" data-thumbnail=\"https:\/\/www.portovenere.fr\/fr-fr\/wp-content\/uploads\/2025\/12\/Carrelage-en-gres-cerame-exterieur-et-interieur-KAPOSANO-coloris-LIGHT-pour-sols-et-murs-magasin-carrelage-haut-de-gamme-Porto_Venere_Montpellier-pres-de-Palavas-34-150x150.jpg\" data-width=\"150\" data-height=\"150\" aria-label=\"Carrelage gr\u00e8s c\u00e9rame effet pierre travertin haut de gamme KAPOSANO magasin de carrelages et pierres naturelles PORTO VENERE MONTPELLIER dans l&#039;H\u00e9rault\" role=\"img\" ><\/div>\n\t\t\t\t\t\t\t\t\t\t\t<div class=\"elementor-gallery-item__overlay\"><\/div>\n\t\t\t\t\t\t\t\t\t\t\t\t\t\t<\/a>\n\t\t\t\t\t\t\t<a class=\"e-gallery-item elementor-gallery-item elementor-animated-content\" href=\"https:\/\/www.portovenere.fr\/fr-fr\/wp-content\/uploads\/2025\/12\/Carrelage-en-gres-cerame-exterieur-et-interieur-KAPOSANO-coloris-IVORY-pour-sols-et-murs-magasin-carrelage-haut-de-gamme-Porto_Venere_Montpellier-pres-de-Clapiers-34.jpg\" data-elementor-open-lightbox=\"yes\" data-elementor-lightbox-slideshow=\"34d5136e\" data-elementor-lightbox-title=\"Carrelage-en-gr\u00e8s-c\u00e9rame-ext\u00e9rieur-et-int\u00e9rieur-KAPOSANO-coloris-IVORY-pour-sols-et-murs-magasin-carrelage-haut-de-gamme-Porto_Venere_Montpellier-pr\u00e8s-de-Clapiers-34\" data-e-action-hash=\"#elementor-action%3Aaction%3Dlightbox%26settings%3DeyJpZCI6Njc4NzAsInVybCI6Imh0dHBzOlwvXC93d3cucG9ydG92ZW5lcmUuZnJcL2ZyLWZyXC93cC1jb250ZW50XC91cGxvYWRzXC8yMDI1XC8xMlwvQ2FycmVsYWdlLWVuLWdyZXMtY2VyYW1lLWV4dGVyaWV1ci1ldC1pbnRlcmlldXItS0FQT1NBTk8tY29sb3Jpcy1JVk9SWS1wb3VyLXNvbHMtZXQtbXVycy1tYWdhc2luLWNhcnJlbGFnZS1oYXV0LWRlLWdhbW1lLVBvcnRvX1ZlbmVyZV9Nb250cGVsbGllci1wcmVzLWRlLUNsYXBpZXJzLTM0LmpwZyIsInNsaWRlc2hvdyI6IjM0ZDUxMzZlIn0%3D\">\n\t\t\t\t\t<div class=\"e-gallery-image elementor-gallery-item__image\" data-thumbnail=\"https:\/\/www.portovenere.fr\/fr-fr\/wp-content\/uploads\/2025\/12\/Carrelage-en-gres-cerame-exterieur-et-interieur-KAPOSANO-coloris-IVORY-pour-sols-et-murs-magasin-carrelage-haut-de-gamme-Porto_Venere_Montpellier-pres-de-Clapiers-34-150x150.jpg\" data-width=\"150\" data-height=\"150\" aria-label=\"Carrelage gr\u00e8s c\u00e9rame effet pierre travertin haut de gamme KAPOSANO magasin de carrelages et pierres naturelles PORTO VENERE MONTPELLIER dans l&#039;H\u00e9rault\" role=\"img\" ><\/div>\n\t\t\t\t\t\t\t\t\t\t\t<div class=\"elementor-gallery-item__overlay\"><\/div>\n\t\t\t\t\t\t\t\t\t\t\t\t\t\t<\/a>\n\t\t\t\t\t\t\t<a class=\"e-gallery-item elementor-gallery-item elementor-animated-content\" href=\"https:\/\/www.portovenere.fr\/fr-fr\/wp-content\/uploads\/2025\/12\/Carrelage-mural-a-relief-strie-KAPOSANO-decor-PLISSE-60x120-cm-3-coloris-teinets-naturelles-magasin-PORTO-VENERE-MONTPELLEIR-pres-de-Jacou-34.png\" data-elementor-open-lightbox=\"yes\" data-elementor-lightbox-slideshow=\"34d5136e\" data-elementor-lightbox-title=\"Carrelage mural \u00e0 relief stri\u00e9 KAPOSANO d\u00e9cor PLISS\u00c9 60x120 cm 3 coloris teinets naturelles magasin PORTO VENERE MONTPELLEIR pr\u00e8s de Jacou 34\" data-e-action-hash=\"#elementor-action%3Aaction%3Dlightbox%26settings%3DeyJpZCI6Njc4NjUsInVybCI6Imh0dHBzOlwvXC93d3cucG9ydG92ZW5lcmUuZnJcL2ZyLWZyXC93cC1jb250ZW50XC91cGxvYWRzXC8yMDI1XC8xMlwvQ2FycmVsYWdlLW11cmFsLWEtcmVsaWVmLXN0cmllLUtBUE9TQU5PLWRlY29yLVBMSVNTRS02MHgxMjAtY20tMy1jb2xvcmlzLXRlaW5ldHMtbmF0dXJlbGxlcy1tYWdhc2luLVBPUlRPLVZFTkVSRS1NT05UUEVMTEVJUi1wcmVzLWRlLUphY291LTM0LnBuZyIsInNsaWRlc2hvdyI6IjM0ZDUxMzZlIn0%3D\">\n\t\t\t\t\t<div class=\"e-gallery-image elementor-gallery-item__image\" data-thumbnail=\"https:\/\/www.portovenere.fr\/fr-fr\/wp-content\/uploads\/2025\/12\/Carrelage-mural-a-relief-strie-KAPOSANO-decor-PLISSE-60x120-cm-3-coloris-teinets-naturelles-magasin-PORTO-VENERE-MONTPELLEIR-pres-de-Jacou-34-150x150.png\" data-width=\"150\" data-height=\"150\" aria-label=\"Carrelage gr\u00e8s c\u00e9rame effet pierre travertin haut de gamme KAPOSANO magasin de carrelages et pierres naturelles PORTO VENERE MONTPELLIER dans l&#039;H\u00e9rault\" role=\"img\" ><\/div>\n\t\t\t\t\t\t\t\t\t\t\t<div class=\"elementor-gallery-item__overlay\"><\/div>\n\t\t\t\t\t\t\t\t\t\t\t\t\t\t<\/a>\n\t\t\t\t\t\t\t<a class=\"e-gallery-item elementor-gallery-item elementor-animated-content\" href=\"https:\/\/www.portovenere.fr\/fr-fr\/wp-content\/uploads\/2025\/12\/Carrelage-mural-a-relief-strie-KAPOSANO-decor-GRID-60x120-cm-3-coloris-teinets-naturelles-magasin-PORTO-VENERE-MONTPELLEIR-pres-de-Perols-34.png\" data-elementor-open-lightbox=\"yes\" data-elementor-lightbox-slideshow=\"34d5136e\" data-elementor-lightbox-title=\"Carrelage mural \u00e0 relief stri\u00e9 KAPOSANO d\u00e9cor GRID 60x120 cm 3 coloris teinets naturelles magasin PORTO VENERE MONTPELLEIR pr\u00e8s de P\u00e9rols 34\" data-e-action-hash=\"#elementor-action%3Aaction%3Dlightbox%26settings%3DeyJpZCI6Njc4NjQsInVybCI6Imh0dHBzOlwvXC93d3cucG9ydG92ZW5lcmUuZnJcL2ZyLWZyXC93cC1jb250ZW50XC91cGxvYWRzXC8yMDI1XC8xMlwvQ2FycmVsYWdlLW11cmFsLWEtcmVsaWVmLXN0cmllLUtBUE9TQU5PLWRlY29yLUdSSUQtNjB4MTIwLWNtLTMtY29sb3Jpcy10ZWluZXRzLW5hdHVyZWxsZXMtbWFnYXNpbi1QT1JUTy1WRU5FUkUtTU9OVFBFTExFSVItcHJlcy1kZS1QZXJvbHMtMzQucG5nIiwic2xpZGVzaG93IjoiMzRkNTEzNmUifQ%3D%3D\">\n\t\t\t\t\t<div class=\"e-gallery-image elementor-gallery-item__image\" data-thumbnail=\"https:\/\/www.portovenere.fr\/fr-fr\/wp-content\/uploads\/2025\/12\/Carrelage-mural-a-relief-strie-KAPOSANO-decor-GRID-60x120-cm-3-coloris-teinets-naturelles-magasin-PORTO-VENERE-MONTPELLEIR-pres-de-Perols-34-150x150.png\" data-width=\"150\" data-height=\"150\" aria-label=\"Carrelage gr\u00e8s c\u00e9rame effet pierre travertin haut de gamme KAPOSANO magasin de carrelages et pierres naturelles PORTO VENERE MONTPELLIER dans l&#039;H\u00e9rault\" role=\"img\" ><\/div>\n\t\t\t\t\t\t\t\t\t\t\t<div class=\"elementor-gallery-item__overlay\"><\/div>\n\t\t\t\t\t\t\t\t\t\t\t\t\t\t<\/a>\n\t\t\t\t\t<\/div>\n\t\t\t\t\t<\/div>\n\t\t\t\t<\/div>\n\t\t\t\t<div class=\"elementor-element elementor-element-7157ec6b elementor-widget elementor-widget-text-editor\" data-id=\"7157ec6b\" data-element_type=\"widget\" data-e-type=\"widget\" data-widget_type=\"text-editor.default\">\n\t\t\t\t<div class=\"elementor-widget-container\">\n\t\t\t\t\t\t\t\t\t<p data-start=\"184\" data-end=\"483\">La collection <strong data-start=\"2569\" data-end=\"2581\">KAPOSANO<\/strong> revisite l\u2019\u00e9l\u00e9gance naturelle du travertin avec des surfaces lumineuses et authentiques.\u00a0<\/p><p data-start=\"184\" data-end=\"483\">D\u00e9clin\u00e9e en <strong data-start=\"2683\" data-end=\"2692\">Light<\/strong>, <strong data-start=\"2694\" data-end=\"2703\">Ivory<\/strong> et <strong data-start=\"2707\" data-end=\"2714\">Nut<\/strong>, elle offre un r\u00e9alisme graphique remarquable. Ses formats, du <strong data-start=\"2778\" data-end=\"2792\">120&#215;278 cm<\/strong> au <strong data-start=\"2796\" data-end=\"2808\">30&#215;60 cm<\/strong>, ainsi que ses mosa\u00efques et ses d\u00e9cors structur\u00e9s <strong data-start=\"2859\" data-end=\"2869\">Pliss\u00e9<\/strong> et <strong data-start=\"2873\" data-end=\"2881\">Grid<\/strong>, permettent de cr\u00e9er des espaces harmonieux et expressifs.\u00a0<\/p><p data-start=\"184\" data-end=\"483\">Adapt\u00e9e \u00e0 l\u2019int\u00e9rieur comme \u00e0 l\u2019ext\u00e9rieur, KAPOSANO propose des finitions techniques <strong data-start=\"3026\" data-end=\"3034\">Grip<\/strong> et <strong data-start=\"3038\" data-end=\"3053\">20 mm R11 C<\/strong>, parfaites pour terrasses et zones humides.<\/p><p data-start=\"184\" data-end=\"483\">\u00a0Un carrelage polyvalent, contemporain et durable, id\u00e9al pour donner caract\u00e8re et sophistication \u00e0 tout projet architectural.<\/p>\t\t\t\t\t\t\t\t<\/div>\n\t\t\t\t<\/div>\n\t\t\t\t<div class=\"elementor-element elementor-element-f1beabf elementor-mobile-align-center elementor-align-left elementor-widget elementor-widget-button\" data-id=\"f1beabf\" data-element_type=\"widget\" data-e-type=\"widget\" data-widget_type=\"button.default\">\n\t\t\t\t<div class=\"elementor-widget-container\">\n\t\t\t\t\t\t\t\t\t<div class=\"elementor-button-wrapper\">\n\t\t\t\t\t<a class=\"elementor-button elementor-button-link elementor-size-sm\" href=\"https:\/\/www.portovenere.fr\/fr-fr\/carrelage-sol-et-mur-en-gres-cerame-et-faience\/carrelage-aspect-pierre\/carrelage-effet-pierre-pour-interieur-et-exterieur-kaposano\/\">\n\t\t\t\t\t\t<span class=\"elementor-button-content-wrapper\">\n\t\t\t\t\t\t\t\t\t<span class=\"elementor-button-text\">Voir la collection<\/span>\n\t\t\t\t\t<\/span>\n\t\t\t\t\t<\/a>\n\t\t\t\t<\/div>\n\t\t\t\t\t\t\t\t<\/div>\n\t\t\t\t<\/div>\n\t\t\t\t\t<\/div>\n\t\t<\/div>\n\t\t\t\t<div class=\"elementor-column elementor-col-33 elementor-top-column elementor-element elementor-element-ed83b71\" data-id=\"ed83b71\" data-element_type=\"column\" data-e-type=\"column\">\n\t\t\t<div class=\"elementor-widget-wrap\">\n\t\t\t\t\t\t\t<\/div>\n\t\t<\/div>\n\t\t\t\t\t<\/div>\n\t\t<\/section>\n\t\t\t\t<section class=\"elementor-section elementor-top-section elementor-element elementor-element-67a9566b elementor-section-boxed elementor-section-height-default elementor-section-height-default elementor-invisible\" data-id=\"67a9566b\" data-element_type=\"section\" data-e-type=\"section\" data-settings=\"{&quot;animation&quot;:&quot;fadeInUp&quot;}\">\n\t\t\t\t\t\t<div class=\"elementor-container elementor-column-gap-default\">\n\t\t\t\t\t<div class=\"elementor-column elementor-col-100 elementor-top-column elementor-element elementor-element-269c1c98\" data-id=\"269c1c98\" data-element_type=\"column\" data-e-type=\"column\">\n\t\t\t<div class=\"elementor-widget-wrap elementor-element-populated\">\n\t\t\t\t\t\t<div class=\"elementor-element elementor-element-47dad754 elementor-align-center elementor-widget elementor-widget-button\" data-id=\"47dad754\" data-element_type=\"widget\" data-e-type=\"widget\" data-widget_type=\"button.default\">\n\t\t\t\t<div class=\"elementor-widget-container\">\n\t\t\t\t\t\t\t\t\t<div class=\"elementor-button-wrapper\">\n\t\t\t\t\t<a class=\"elementor-button elementor-button-link elementor-size-lg\" href=\"https:\/\/www.portovenere.fr\/fr-fr\/carrelage-sol-et-mur-en-gres-cerame-et-faience\/carrelage-exterieur-antiderapant\/\">\n\t\t\t\t\t\t<span class=\"elementor-button-content-wrapper\">\n\t\t\t\t\t\t\t\t\t<span class=\"elementor-button-text\">D\u00e9couvrez \u00e9galement nos collections de carrelages antid\u00e9rapants<\/span>\n\t\t\t\t\t<\/span>\n\t\t\t\t\t<\/a>\n\t\t\t\t<\/div>\n\t\t\t\t\t\t\t\t<\/div>\n\t\t\t\t<\/div>\n\t\t\t\t\t<\/div>\n\t\t<\/div>\n\t\t\t\t\t<\/div>\n\t\t<\/section>\n\t\t\t\t<section class=\"elementor-section elementor-top-section elementor-element elementor-element-2496fb59 elementor-section-full_width elementor-section-height-default elementor-section-height-default\" data-id=\"2496fb59\" data-element_type=\"section\" data-e-type=\"section\" data-settings=\"{&quot;background_background&quot;:&quot;classic&quot;}\">\n\t\t\t\t\t\t<div class=\"elementor-container elementor-column-gap-default\">\n\t\t\t\t\t<div class=\"elementor-column elementor-col-100 elementor-top-column elementor-element elementor-element-71fc9d03\" data-id=\"71fc9d03\" data-element_type=\"column\" data-e-type=\"column\">\n\t\t\t<div class=\"elementor-widget-wrap elementor-element-populated\">\n\t\t\t\t\t\t<div class=\"elementor-element elementor-element-46173f82 elementor-widget-divider--view-line elementor-widget elementor-widget-divider\" data-id=\"46173f82\" data-element_type=\"widget\" data-e-type=\"widget\" data-widget_type=\"divider.default\">\n\t\t\t\t<div class=\"elementor-widget-container\">\n\t\t\t\t\t\t\t<div class=\"elementor-divider\">\n\t\t\t<span class=\"elementor-divider-separator\">\n\t\t\t\t\t\t<\/span>\n\t\t<\/div>\n\t\t\t\t\t\t<\/div>\n\t\t\t\t<\/div>\n\t\t\t\t<div class=\"elementor-element elementor-element-46938a80 elementor-widget elementor-widget-heading\" data-id=\"46938a80\" data-element_type=\"widget\" data-e-type=\"widget\" data-widget_type=\"heading.default\">\n\t\t\t\t<div class=\"elementor-widget-container\">\n\t\t\t\t\t<h4 class=\"elementor-heading-title elementor-size-default\">Types de poses<\/h4>\t\t\t\t<\/div>\n\t\t\t\t<\/div>\n\t\t\t\t\t<\/div>\n\t\t<\/div>\n\t\t\t\t\t<\/div>\n\t\t<\/section>\n\t\t\t\t<section class=\"elementor-section elementor-top-section elementor-element elementor-element-28ad1902 elementor-section-stretched elementor-section-boxed elementor-section-height-default elementor-section-height-default\" data-id=\"28ad1902\" data-element_type=\"section\" data-e-type=\"section\" data-settings=\"{&quot;stretch_section&quot;:&quot;section-stretched&quot;,&quot;background_background&quot;:&quot;classic&quot;}\">\n\t\t\t\t\t\t<div class=\"elementor-container elementor-column-gap-default\">\n\t\t\t\t\t<div class=\"elementor-column elementor-col-100 elementor-top-column elementor-element elementor-element-56cc3966\" data-id=\"56cc3966\" data-element_type=\"column\" data-e-type=\"column\">\n\t\t\t<div class=\"elementor-widget-wrap elementor-element-populated\">\n\t\t\t\t\t\t<div class=\"elementor-element elementor-element-eb5f5c9 elementor-widget elementor-widget-menu-anchor\" data-id=\"eb5f5c9\" data-element_type=\"widget\" data-e-type=\"widget\" data-widget_type=\"menu-anchor.default\">\n\t\t\t\t<div class=\"elementor-widget-container\">\n\t\t\t\t\t\t\t<div class=\"elementor-menu-anchor\" id=\"format\"><\/div>\n\t\t\t\t\t\t<\/div>\n\t\t\t\t<\/div>\n\t\t\t\t\t<\/div>\n\t\t<\/div>\n\t\t\t\t\t<\/div>\n\t\t<\/section>\n\t\t\t\t<section class=\"elementor-section elementor-top-section elementor-element elementor-element-9d5558e elementor-section-full_width elementor-section-content-middle elementor-section-height-default elementor-section-height-default elementor-invisible\" data-id=\"9d5558e\" data-element_type=\"section\" data-e-type=\"section\" data-settings=\"{&quot;background_background&quot;:&quot;classic&quot;,&quot;animation&quot;:&quot;fadeIn&quot;}\">\n\t\t\t\t\t\t<div class=\"elementor-container elementor-column-gap-default\">\n\t\t\t\t\t<div class=\"elementor-column elementor-col-50 elementor-top-column elementor-element elementor-element-33ce782f\" data-id=\"33ce782f\" data-element_type=\"column\" data-e-type=\"column\" data-settings=\"{&quot;background_background&quot;:&quot;classic&quot;}\">\n\t\t\t<div class=\"elementor-widget-wrap elementor-element-populated\">\n\t\t\t\t\t\t<div class=\"elementor-element elementor-element-13b05d6a elementor-view-default elementor-invisible elementor-widget elementor-widget-icon\" data-id=\"13b05d6a\" data-element_type=\"widget\" data-e-type=\"widget\" data-settings=\"{&quot;_animation&quot;:&quot;fadeInLeft&quot;}\" data-widget_type=\"icon.default\">\n\t\t\t\t<div class=\"elementor-widget-container\">\n\t\t\t\t\t\t\t<div class=\"elementor-icon-wrapper\">\n\t\t\t<div class=\"elementor-icon\">\n\t\t\t<svg aria-hidden=\"true\" class=\"e-font-icon-svg e-fas-quote-left\" viewBox=\"0 0 512 512\" xmlns=\"http:\/\/www.w3.org\/2000\/svg\"><path d=\"M464 256h-80v-64c0-35.3 28.7-64 64-64h8c13.3 0 24-10.7 24-24V56c0-13.3-10.7-24-24-24h-8c-88.4 0-160 71.6-160 160v240c0 26.5 21.5 48 48 48h128c26.5 0 48-21.5 48-48V304c0-26.5-21.5-48-48-48zm-288 0H96v-64c0-35.3 28.7-64 64-64h8c13.3 0 24-10.7 24-24V56c0-13.3-10.7-24-24-24h-8C71.6 32 0 103.6 0 192v240c0 26.5 21.5 48 48 48h128c26.5 0 48-21.5 48-48V304c0-26.5-21.5-48-48-48z\"><\/path><\/svg>\t\t\t<\/div>\n\t\t<\/div>\n\t\t\t\t\t\t<\/div>\n\t\t\t\t<\/div>\n\t\t\t\t<div class=\"elementor-element elementor-element-7436d782 elementor-invisible elementor-widget elementor-widget-heading\" data-id=\"7436d782\" data-element_type=\"widget\" data-e-type=\"widget\" data-settings=\"{&quot;_animation&quot;:&quot;fadeInRight&quot;}\" data-widget_type=\"heading.default\">\n\t\t\t\t<div class=\"elementor-widget-container\">\n\t\t\t\t\t<h4 class=\"elementor-heading-title elementor-size-default\">Pose sur plots r\u00e9glables<\/h4>\t\t\t\t<\/div>\n\t\t\t\t<\/div>\n\t\t\t\t<div class=\"elementor-element elementor-element-213395d0 elementor-invisible elementor-widget elementor-widget-text-editor\" data-id=\"213395d0\" data-element_type=\"widget\" data-e-type=\"widget\" data-settings=\"{&quot;_animation&quot;:&quot;fadeInLeft&quot;}\" data-widget_type=\"text-editor.default\">\n\t\t\t\t<div class=\"elementor-widget-container\">\n\t\t\t\t\t\t\t\t\t<p>Les dalles en gr\u00e8s c\u00e9rame de 2cm d&rsquo;\u00e9paisseur sont la solution id\u00e9ale pour des poses flottantes en milieux externes sur 3 types diff\u00e9rents de supports portants en polypropyl\u00e8ne. La possibilit\u00e9 de cr\u00e9er un petit compartiment entre la sous-couche et la surface praticable, uni \u00e0 la fuite ouverte de 3-4 mm impos\u00e9e par les ailettes intercalaires pr\u00e9sentes au sommet des supports, permettent un drainage facilit\u00e9 des eaux de pluies ainsi que la possibilit\u00e9 de b\u00e9n\u00e9ficier d&rsquo;un espace pr\u00e9cieux toujours contr\u00f4lable destin\u00e9 au passage de tout type de syst\u00e8mes (\u00e9clairage, irrigation, etc.)<\/p>\t\t\t\t\t\t\t\t<\/div>\n\t\t\t\t<\/div>\n\t\t\t\t<div class=\"elementor-element elementor-element-36eae315 elementor-invisible elementor-widget elementor-widget-image\" data-id=\"36eae315\" data-element_type=\"widget\" data-e-type=\"widget\" data-settings=\"{&quot;_animation&quot;:&quot;fadeInLeft&quot;}\" data-widget_type=\"image.default\">\n\t\t\t\t<div class=\"elementor-widget-container\">\n\t\t\t\t\t\t\t\t\t\t\t\t\t\t\t\t<a href=\"https:\/\/www.portovenere.fr\/fr-fr\/wp-content\/uploads\/2019\/09\/Carrelage-piscine-antid\u00e9rapant-20mm-Versus-Opal.jpg\" data-elementor-open-lightbox=\"yes\" data-elementor-lightbox-title=\"Carrelage-piscine-antid\u00e9rapant-20mm-Versus-Opal\" data-e-action-hash=\"#elementor-action%3Aaction%3Dlightbox%26settings%3DeyJpZCI6MTQzNTYsInVybCI6Imh0dHBzOlwvXC93d3cucG9ydG92ZW5lcmUuZnJcL2ZyLWZyXC93cC1jb250ZW50XC91cGxvYWRzXC8yMDE5XC8wOVwvQ2FycmVsYWdlLXBpc2NpbmUtYW50aWRcdTAwZTlyYXBhbnQtMjBtbS1WZXJzdXMtT3BhbC5qcGcifQ%3D%3D\">\n\t\t\t\t\t\t\t<img loading=\"lazy\" decoding=\"async\" width=\"768\" height=\"653\" src=\"https:\/\/www.portovenere.fr\/fr-fr\/wp-content\/uploads\/2019\/09\/Carrelage-piscine-antid\u00e9rapant-20mm-Versus-Opal-768x653.jpg\" class=\"attachment-medium_large size-medium_large wp-image-14356\" alt=\"\" srcset=\"https:\/\/www.portovenere.fr\/fr-fr\/wp-content\/uploads\/2019\/09\/Carrelage-piscine-antid\u00e9rapant-20mm-Versus-Opal-768x653.jpg 768w, https:\/\/www.portovenere.fr\/fr-fr\/wp-content\/uploads\/2019\/09\/Carrelage-piscine-antid\u00e9rapant-20mm-Versus-Opal-300x255.jpg 300w, https:\/\/www.portovenere.fr\/fr-fr\/wp-content\/uploads\/2019\/09\/Carrelage-piscine-antid\u00e9rapant-20mm-Versus-Opal-1024x870.jpg 1024w, https:\/\/www.portovenere.fr\/fr-fr\/wp-content\/uploads\/2019\/09\/Carrelage-piscine-antid\u00e9rapant-20mm-Versus-Opal.jpg 1059w\" sizes=\"(max-width: 768px) 100vw, 768px\" \/>\t\t\t\t\t\t\t\t<\/a>\n\t\t\t\t\t\t\t\t\t\t\t\t\t\t\t<\/div>\n\t\t\t\t<\/div>\n\t\t\t\t\t<\/div>\n\t\t<\/div>\n\t\t\t\t<div class=\"elementor-column elementor-col-50 elementor-top-column elementor-element elementor-element-eb4b095\" data-id=\"eb4b095\" data-element_type=\"column\" data-e-type=\"column\">\n\t\t\t<div class=\"elementor-widget-wrap elementor-element-populated\">\n\t\t\t\t\t\t<div class=\"elementor-element elementor-element-39c5b787 elementor-invisible elementor-widget elementor-widget-image\" data-id=\"39c5b787\" data-element_type=\"widget\" data-e-type=\"widget\" data-settings=\"{&quot;_animation&quot;:&quot;fadeInLeft&quot;}\" data-widget_type=\"image.default\">\n\t\t\t\t<div class=\"elementor-widget-container\">\n\t\t\t\t\t\t\t\t\t\t\t\t\t\t\t\t<a href=\"https:\/\/www.portovenere.fr\/fr-fr\/wp-content\/uploads\/2019\/12\/pose_sur_plots1.jpg\" data-elementor-open-lightbox=\"yes\" data-elementor-lightbox-title=\"pose_sur_plots1\" data-e-action-hash=\"#elementor-action%3Aaction%3Dlightbox%26settings%3DeyJpZCI6MjE1NjgsInVybCI6Imh0dHBzOlwvXC93d3cucG9ydG92ZW5lcmUuZnJcL2ZyLWZyXC93cC1jb250ZW50XC91cGxvYWRzXC8yMDE5XC8xMlwvcG9zZV9zdXJfcGxvdHMxLmpwZyJ9\">\n\t\t\t\t\t\t\t<img loading=\"lazy\" decoding=\"async\" width=\"300\" height=\"185\" src=\"https:\/\/www.portovenere.fr\/fr-fr\/wp-content\/uploads\/2019\/12\/pose_sur_plots1-300x185.jpg\" class=\"attachment-medium size-medium wp-image-21568\" alt=\"\" srcset=\"https:\/\/www.portovenere.fr\/fr-fr\/wp-content\/uploads\/2019\/12\/pose_sur_plots1-300x185.jpg 300w, https:\/\/www.portovenere.fr\/fr-fr\/wp-content\/uploads\/2019\/12\/pose_sur_plots1.jpg 530w\" sizes=\"(max-width: 300px) 100vw, 300px\" \/>\t\t\t\t\t\t\t\t<\/a>\n\t\t\t\t\t\t\t\t\t\t\t\t\t\t\t<\/div>\n\t\t\t\t<\/div>\n\t\t\t\t<div class=\"elementor-element elementor-element-a0d361f elementor-invisible elementor-widget elementor-widget-image\" data-id=\"a0d361f\" data-element_type=\"widget\" data-e-type=\"widget\" data-settings=\"{&quot;_animation&quot;:&quot;fadeInLeft&quot;}\" data-widget_type=\"image.default\">\n\t\t\t\t<div class=\"elementor-widget-container\">\n\t\t\t\t\t\t\t\t\t\t\t\t\t\t\t\t<a href=\"https:\/\/www.portovenere.fr\/fr-fr\/wp-content\/uploads\/2019\/12\/pose_sur_plots2.jpg\" data-elementor-open-lightbox=\"yes\" data-elementor-lightbox-title=\"pose_sur_plots2\" data-e-action-hash=\"#elementor-action%3Aaction%3Dlightbox%26settings%3DeyJpZCI6MjE1NzAsInVybCI6Imh0dHBzOlwvXC93d3cucG9ydG92ZW5lcmUuZnJcL2ZyLWZyXC93cC1jb250ZW50XC91cGxvYWRzXC8yMDE5XC8xMlwvcG9zZV9zdXJfcGxvdHMyLmpwZyJ9\">\n\t\t\t\t\t\t\t<img loading=\"lazy\" decoding=\"async\" width=\"300\" height=\"151\" src=\"https:\/\/www.portovenere.fr\/fr-fr\/wp-content\/uploads\/2019\/12\/pose_sur_plots2-300x151.jpg\" class=\"attachment-medium size-medium wp-image-21570\" alt=\"\" srcset=\"https:\/\/www.portovenere.fr\/fr-fr\/wp-content\/uploads\/2019\/12\/pose_sur_plots2-300x151.jpg 300w, https:\/\/www.portovenere.fr\/fr-fr\/wp-content\/uploads\/2019\/12\/pose_sur_plots2.jpg 552w\" sizes=\"(max-width: 300px) 100vw, 300px\" \/>\t\t\t\t\t\t\t\t<\/a>\n\t\t\t\t\t\t\t\t\t\t\t\t\t\t\t<\/div>\n\t\t\t\t<\/div>\n\t\t\t\t<div class=\"elementor-element elementor-element-2ea4e637 elementor-invisible elementor-widget elementor-widget-text-editor\" data-id=\"2ea4e637\" data-element_type=\"widget\" data-e-type=\"widget\" data-settings=\"{&quot;_animation&quot;:&quot;fadeInLeft&quot;}\" data-widget_type=\"text-editor.default\">\n\t\t\t\t<div class=\"elementor-widget-container\">\n\t\t\t\t\t\t\t\t\t<p><b>1<\/b> Placer les carreaux sur les plots r\u00e9partis auparavant<\/p>\t\t\t\t\t\t\t\t<\/div>\n\t\t\t\t<\/div>\n\t\t\t\t<div class=\"elementor-element elementor-element-6d5bea76 elementor-invisible elementor-widget elementor-widget-image\" data-id=\"6d5bea76\" data-element_type=\"widget\" data-e-type=\"widget\" data-settings=\"{&quot;_animation&quot;:&quot;fadeInLeft&quot;}\" data-widget_type=\"image.default\">\n\t\t\t\t<div class=\"elementor-widget-container\">\n\t\t\t\t\t\t\t\t\t\t\t\t\t\t\t\t<a href=\"https:\/\/www.portovenere.fr\/fr-fr\/wp-content\/uploads\/2019\/12\/pose_sur_plots3.jpg\" data-elementor-open-lightbox=\"yes\" data-elementor-lightbox-title=\"pose_sur_plots3\" data-e-action-hash=\"#elementor-action%3Aaction%3Dlightbox%26settings%3DeyJpZCI6MjE1NjksInVybCI6Imh0dHBzOlwvXC93d3cucG9ydG92ZW5lcmUuZnJcL2ZyLWZyXC93cC1jb250ZW50XC91cGxvYWRzXC8yMDE5XC8xMlwvcG9zZV9zdXJfcGxvdHMzLmpwZyJ9\">\n\t\t\t\t\t\t\t<img loading=\"lazy\" decoding=\"async\" width=\"300\" height=\"151\" src=\"https:\/\/www.portovenere.fr\/fr-fr\/wp-content\/uploads\/2019\/12\/pose_sur_plots3-300x151.jpg\" class=\"attachment-medium size-medium wp-image-21569\" alt=\"\" srcset=\"https:\/\/www.portovenere.fr\/fr-fr\/wp-content\/uploads\/2019\/12\/pose_sur_plots3-300x151.jpg 300w, https:\/\/www.portovenere.fr\/fr-fr\/wp-content\/uploads\/2019\/12\/pose_sur_plots3.jpg 552w\" sizes=\"(max-width: 300px) 100vw, 300px\" \/>\t\t\t\t\t\t\t\t<\/a>\n\t\t\t\t\t\t\t\t\t\t\t\t\t\t\t<\/div>\n\t\t\t\t<\/div>\n\t\t\t\t<div class=\"elementor-element elementor-element-c1d9e8c elementor-invisible elementor-widget elementor-widget-text-editor\" data-id=\"c1d9e8c\" data-element_type=\"widget\" data-e-type=\"widget\" data-settings=\"{&quot;_animation&quot;:&quot;fadeInLeft&quot;}\" data-widget_type=\"text-editor.default\">\n\t\t\t\t<div class=\"elementor-widget-container\">\n\t\t\t\t\t\t\t\t\t<p><b>2<\/b> V\u00e9rifier la plan\u00e9it\u00e9 et le nivellement de la surface et intervenir \u00e9ventuellement sur les plots avec la cl\u00e9 de r\u00e9glage<\/p>\t\t\t\t\t\t\t\t<\/div>\n\t\t\t\t<\/div>\n\t\t\t\t\t<\/div>\n\t\t<\/div>\n\t\t\t\t\t<\/div>\n\t\t<\/section>\n\t\t\t\t<section class=\"elementor-section elementor-top-section elementor-element elementor-element-30b6fef0 elementor-section-full_width elementor-section-height-full elementor-section-items-stretch elementor-section-content-middle elementor-section-height-default elementor-invisible\" data-id=\"30b6fef0\" data-element_type=\"section\" data-e-type=\"section\" data-settings=\"{&quot;background_background&quot;:&quot;classic&quot;,&quot;animation&quot;:&quot;fadeIn&quot;}\">\n\t\t\t\t\t\t<div class=\"elementor-container elementor-column-gap-default\">\n\t\t\t\t\t<div class=\"elementor-column elementor-col-50 elementor-top-column elementor-element elementor-element-d75b13\" data-id=\"d75b13\" data-element_type=\"column\" data-e-type=\"column\" data-settings=\"{&quot;background_background&quot;:&quot;classic&quot;}\">\n\t\t\t<div class=\"elementor-widget-wrap elementor-element-populated\">\n\t\t\t\t\t\t<div class=\"elementor-element elementor-element-404be2a2 elementor-view-default elementor-invisible elementor-widget elementor-widget-icon\" data-id=\"404be2a2\" data-element_type=\"widget\" data-e-type=\"widget\" data-settings=\"{&quot;_animation&quot;:&quot;fadeInRight&quot;}\" data-widget_type=\"icon.default\">\n\t\t\t\t<div class=\"elementor-widget-container\">\n\t\t\t\t\t\t\t<div class=\"elementor-icon-wrapper\">\n\t\t\t<div class=\"elementor-icon\">\n\t\t\t<svg aria-hidden=\"true\" class=\"e-font-icon-svg e-fas-quote-left\" viewBox=\"0 0 512 512\" xmlns=\"http:\/\/www.w3.org\/2000\/svg\"><path d=\"M464 256h-80v-64c0-35.3 28.7-64 64-64h8c13.3 0 24-10.7 24-24V56c0-13.3-10.7-24-24-24h-8c-88.4 0-160 71.6-160 160v240c0 26.5 21.5 48 48 48h128c26.5 0 48-21.5 48-48V304c0-26.5-21.5-48-48-48zm-288 0H96v-64c0-35.3 28.7-64 64-64h8c13.3 0 24-10.7 24-24V56c0-13.3-10.7-24-24-24h-8C71.6 32 0 103.6 0 192v240c0 26.5 21.5 48 48 48h128c26.5 0 48-21.5 48-48V304c0-26.5-21.5-48-48-48z\"><\/path><\/svg>\t\t\t<\/div>\n\t\t<\/div>\n\t\t\t\t\t\t<\/div>\n\t\t\t\t<\/div>\n\t\t\t\t<div class=\"elementor-element elementor-element-5a705e4a elementor-invisible elementor-widget elementor-widget-heading\" data-id=\"5a705e4a\" data-element_type=\"widget\" data-e-type=\"widget\" data-settings=\"{&quot;_animation&quot;:&quot;fadeInRight&quot;}\" data-widget_type=\"heading.default\">\n\t\t\t\t<div class=\"elementor-widget-container\">\n\t\t\t\t\t<h4 class=\"elementor-heading-title elementor-size-default\">Pose sur gravier<\/h4>\t\t\t\t<\/div>\n\t\t\t\t<\/div>\n\t\t\t\t<div class=\"elementor-element elementor-element-27ec0f79 elementor-invisible elementor-widget elementor-widget-text-editor\" data-id=\"27ec0f79\" data-element_type=\"widget\" data-e-type=\"widget\" data-settings=\"{&quot;_animation&quot;:&quot;fadeInLeft&quot;}\" data-widget_type=\"text-editor.default\">\n\t\t\t\t<div class=\"elementor-widget-container\">\n\t\t\t\t\t\t\t\t\t<p>La pose \u00e0 sec sur gravier est indiqu\u00e9e pour des sols pour pi\u00e9tons sur souscouche de gravier. La dalle gr\u00e8s c\u00e9rame en 2cm d&rsquo;\u00e9paisseur est simplement pos\u00e9e, sans utiliser de colle sur la sous-couche cr\u00e9ant ainsi des cheminements imm\u00e9diatement praticables, parfaitement int\u00e9gr\u00e9s et \u00e9cologiques<\/p>\t\t\t\t\t\t\t\t<\/div>\n\t\t\t\t<\/div>\n\t\t\t\t<div class=\"elementor-element elementor-element-7342c229 elementor-invisible elementor-widget elementor-widget-image\" data-id=\"7342c229\" data-element_type=\"widget\" data-e-type=\"widget\" data-settings=\"{&quot;_animation&quot;:&quot;fadeInRight&quot;}\" data-widget_type=\"image.default\">\n\t\t\t\t<div class=\"elementor-widget-container\">\n\t\t\t\t\t\t\t\t\t\t\t\t\t\t\t\t<a href=\"https:\/\/www.portovenere.fr\/fr-fr\/wp-content\/uploads\/2019\/09\/Dalle-de-2-cm-d\u00e9paisseur-pour-pose-sur-sable-et-gravier-bords-vieillis-Peyrou-Cenere.jpg\" data-elementor-open-lightbox=\"yes\" data-elementor-lightbox-title=\"Dalle-de-2-cm-d&#039;\u00e9paisseur-pour-pose-sur-sable-et-gravier-bords-vieillis-Peyrou-Cenere\" data-e-action-hash=\"#elementor-action%3Aaction%3Dlightbox%26settings%3DeyJpZCI6MTM5NTQsInVybCI6Imh0dHBzOlwvXC93d3cucG9ydG92ZW5lcmUuZnJcL2ZyLWZyXC93cC1jb250ZW50XC91cGxvYWRzXC8yMDE5XC8wOVwvRGFsbGUtZGUtMi1jbS1kXHUwMGU5cGFpc3NldXItcG91ci1wb3NlLXN1ci1zYWJsZS1ldC1ncmF2aWVyLWJvcmRzLXZpZWlsbGlzLVBleXJvdS1DZW5lcmUuanBnIn0%3D\">\n\t\t\t\t\t\t\t<img loading=\"lazy\" decoding=\"async\" width=\"768\" height=\"512\" src=\"https:\/\/www.portovenere.fr\/fr-fr\/wp-content\/uploads\/2019\/09\/Dalle-de-2-cm-d\u00e9paisseur-pour-pose-sur-sable-et-gravier-bords-vieillis-Peyrou-Cenere-768x512.jpg\" class=\"attachment-medium_large size-medium_large wp-image-13954\" alt=\"\" srcset=\"https:\/\/www.portovenere.fr\/fr-fr\/wp-content\/uploads\/2019\/09\/Dalle-de-2-cm-d\u00e9paisseur-pour-pose-sur-sable-et-gravier-bords-vieillis-Peyrou-Cenere-768x512.jpg 768w, https:\/\/www.portovenere.fr\/fr-fr\/wp-content\/uploads\/2019\/09\/Dalle-de-2-cm-d\u00e9paisseur-pour-pose-sur-sable-et-gravier-bords-vieillis-Peyrou-Cenere-300x200.jpg 300w, https:\/\/www.portovenere.fr\/fr-fr\/wp-content\/uploads\/2019\/09\/Dalle-de-2-cm-d\u00e9paisseur-pour-pose-sur-sable-et-gravier-bords-vieillis-Peyrou-Cenere.jpg 1024w\" sizes=\"(max-width: 768px) 100vw, 768px\" \/>\t\t\t\t\t\t\t\t<\/a>\n\t\t\t\t\t\t\t\t\t\t\t\t\t\t\t<\/div>\n\t\t\t\t<\/div>\n\t\t\t\t\t<\/div>\n\t\t<\/div>\n\t\t\t\t<div class=\"elementor-column elementor-col-50 elementor-top-column elementor-element elementor-element-477624f1\" data-id=\"477624f1\" data-element_type=\"column\" data-e-type=\"column\">\n\t\t\t<div class=\"elementor-widget-wrap elementor-element-populated\">\n\t\t\t\t\t\t<div class=\"elementor-element elementor-element-13e9496e elementor-invisible elementor-widget elementor-widget-image\" data-id=\"13e9496e\" data-element_type=\"widget\" data-e-type=\"widget\" data-settings=\"{&quot;_animation&quot;:&quot;fadeInLeft&quot;}\" data-widget_type=\"image.default\">\n\t\t\t\t<div class=\"elementor-widget-container\">\n\t\t\t\t\t\t\t\t\t\t\t\t\t\t\t\t<a href=\"https:\/\/www.portovenere.fr\/fr-fr\/wp-content\/uploads\/2019\/12\/pose_a_sec_sur_gravier1.jpg\" data-elementor-open-lightbox=\"yes\" data-elementor-lightbox-title=\"pose_a_sec_sur_gravier1\" data-e-action-hash=\"#elementor-action%3Aaction%3Dlightbox%26settings%3DeyJpZCI6MjE1OTgsInVybCI6Imh0dHBzOlwvXC93d3cucG9ydG92ZW5lcmUuZnJcL2ZyLWZyXC93cC1jb250ZW50XC91cGxvYWRzXC8yMDE5XC8xMlwvcG9zZV9hX3NlY19zdXJfZ3JhdmllcjEuanBnIn0%3D\">\n\t\t\t\t\t\t\t<img loading=\"lazy\" decoding=\"async\" width=\"300\" height=\"185\" src=\"https:\/\/www.portovenere.fr\/fr-fr\/wp-content\/uploads\/2019\/12\/pose_a_sec_sur_gravier1-300x185.jpg\" class=\"attachment-medium size-medium wp-image-21598\" alt=\"\" srcset=\"https:\/\/www.portovenere.fr\/fr-fr\/wp-content\/uploads\/2019\/12\/pose_a_sec_sur_gravier1-300x185.jpg 300w, https:\/\/www.portovenere.fr\/fr-fr\/wp-content\/uploads\/2019\/12\/pose_a_sec_sur_gravier1.jpg 530w\" sizes=\"(max-width: 300px) 100vw, 300px\" \/>\t\t\t\t\t\t\t\t<\/a>\n\t\t\t\t\t\t\t\t\t\t\t\t\t\t\t<\/div>\n\t\t\t\t<\/div>\n\t\t\t\t<div class=\"elementor-element elementor-element-428ca2c0 elementor-invisible elementor-widget elementor-widget-image\" data-id=\"428ca2c0\" data-element_type=\"widget\" data-e-type=\"widget\" data-settings=\"{&quot;_animation&quot;:&quot;fadeInLeft&quot;}\" data-widget_type=\"image.default\">\n\t\t\t\t<div class=\"elementor-widget-container\">\n\t\t\t\t\t\t\t\t\t\t\t\t\t\t\t\t<a href=\"https:\/\/www.portovenere.fr\/fr-fr\/wp-content\/uploads\/2019\/12\/pose_a_sec_sur_gravier_2.jpg\" data-elementor-open-lightbox=\"yes\" data-elementor-lightbox-title=\"pose_a_sec_sur_gravier_2\" data-e-action-hash=\"#elementor-action%3Aaction%3Dlightbox%26settings%3DeyJpZCI6MjE1OTcsInVybCI6Imh0dHBzOlwvXC93d3cucG9ydG92ZW5lcmUuZnJcL2ZyLWZyXC93cC1jb250ZW50XC91cGxvYWRzXC8yMDE5XC8xMlwvcG9zZV9hX3NlY19zdXJfZ3Jhdmllcl8yLmpwZyJ9\">\n\t\t\t\t\t\t\t<img loading=\"lazy\" decoding=\"async\" width=\"300\" height=\"151\" src=\"https:\/\/www.portovenere.fr\/fr-fr\/wp-content\/uploads\/2019\/12\/pose_a_sec_sur_gravier_2-300x151.jpg\" class=\"attachment-medium size-medium wp-image-21597\" alt=\"\" srcset=\"https:\/\/www.portovenere.fr\/fr-fr\/wp-content\/uploads\/2019\/12\/pose_a_sec_sur_gravier_2-300x151.jpg 300w, https:\/\/www.portovenere.fr\/fr-fr\/wp-content\/uploads\/2019\/12\/pose_a_sec_sur_gravier_2.jpg 552w\" sizes=\"(max-width: 300px) 100vw, 300px\" \/>\t\t\t\t\t\t\t\t<\/a>\n\t\t\t\t\t\t\t\t\t\t\t\t\t\t\t<\/div>\n\t\t\t\t<\/div>\n\t\t\t\t<div class=\"elementor-element elementor-element-15c2eb1f elementor-invisible elementor-widget elementor-widget-text-editor\" data-id=\"15c2eb1f\" data-element_type=\"widget\" data-e-type=\"widget\" data-settings=\"{&quot;_animation&quot;:&quot;fadeInLeft&quot;}\" data-widget_type=\"text-editor.default\">\n\t\t\t\t<div class=\"elementor-widget-container\">\n\t\t\t\t\t\t\t\t\t<p><b>1<\/b> \u00a0Niveler le gravier avec une grande r\u00e8gle<\/p>\t\t\t\t\t\t\t\t<\/div>\n\t\t\t\t<\/div>\n\t\t\t\t<div class=\"elementor-element elementor-element-68305db5 elementor-invisible elementor-widget elementor-widget-image\" data-id=\"68305db5\" data-element_type=\"widget\" data-e-type=\"widget\" data-settings=\"{&quot;_animation&quot;:&quot;fadeInLeft&quot;}\" data-widget_type=\"image.default\">\n\t\t\t\t<div class=\"elementor-widget-container\">\n\t\t\t\t\t\t\t\t\t\t\t\t\t\t\t\t<a href=\"https:\/\/www.portovenere.fr\/fr-fr\/wp-content\/uploads\/2019\/12\/pose_a_sec_sur_gravier_3.jpg\" data-elementor-open-lightbox=\"yes\" data-elementor-lightbox-title=\"pose_a_sec_sur_gravier_3\" data-e-action-hash=\"#elementor-action%3Aaction%3Dlightbox%26settings%3DeyJpZCI6MjE1OTYsInVybCI6Imh0dHBzOlwvXC93d3cucG9ydG92ZW5lcmUuZnJcL2ZyLWZyXC93cC1jb250ZW50XC91cGxvYWRzXC8yMDE5XC8xMlwvcG9zZV9hX3NlY19zdXJfZ3Jhdmllcl8zLmpwZyJ9\">\n\t\t\t\t\t\t\t<img loading=\"lazy\" decoding=\"async\" width=\"300\" height=\"151\" src=\"https:\/\/www.portovenere.fr\/fr-fr\/wp-content\/uploads\/2019\/12\/pose_a_sec_sur_gravier_3-300x151.jpg\" class=\"attachment-medium size-medium wp-image-21596\" alt=\"\" srcset=\"https:\/\/www.portovenere.fr\/fr-fr\/wp-content\/uploads\/2019\/12\/pose_a_sec_sur_gravier_3-300x151.jpg 300w, https:\/\/www.portovenere.fr\/fr-fr\/wp-content\/uploads\/2019\/12\/pose_a_sec_sur_gravier_3.jpg 552w\" sizes=\"(max-width: 300px) 100vw, 300px\" \/>\t\t\t\t\t\t\t\t<\/a>\n\t\t\t\t\t\t\t\t\t\t\t\t\t\t\t<\/div>\n\t\t\t\t<\/div>\n\t\t\t\t<div class=\"elementor-element elementor-element-174319bd elementor-invisible elementor-widget elementor-widget-text-editor\" data-id=\"174319bd\" data-element_type=\"widget\" data-e-type=\"widget\" data-settings=\"{&quot;_animation&quot;:&quot;fadeInLeft&quot;}\" data-widget_type=\"text-editor.default\">\n\t\t\t\t<div class=\"elementor-widget-container\">\n\t\t\t\t\t\t\t\t\t<p><b>2<\/b> Placer les carreaux en utilisant des croisillons pour l&rsquo;\u00e9cartement entre les dalles<\/p>\t\t\t\t\t\t\t\t<\/div>\n\t\t\t\t<\/div>\n\t\t\t\t\t<\/div>\n\t\t<\/div>\n\t\t\t\t\t<\/div>\n\t\t<\/section>\n\t\t\t\t<section class=\"elementor-section elementor-top-section elementor-element elementor-element-2ed03149 elementor-section-full_width elementor-section-height-full elementor-section-items-stretch elementor-section-content-middle elementor-section-height-default elementor-invisible\" data-id=\"2ed03149\" data-element_type=\"section\" data-e-type=\"section\" data-settings=\"{&quot;background_background&quot;:&quot;classic&quot;,&quot;animation&quot;:&quot;fadeIn&quot;}\">\n\t\t\t\t\t\t<div class=\"elementor-container elementor-column-gap-default\">\n\t\t\t\t\t<div class=\"elementor-column elementor-col-50 elementor-top-column elementor-element elementor-element-59e46270\" data-id=\"59e46270\" data-element_type=\"column\" data-e-type=\"column\" data-settings=\"{&quot;background_background&quot;:&quot;classic&quot;}\">\n\t\t\t<div class=\"elementor-widget-wrap elementor-element-populated\">\n\t\t\t\t\t\t<div class=\"elementor-element elementor-element-3406b9a7 elementor-view-default elementor-invisible elementor-widget elementor-widget-icon\" data-id=\"3406b9a7\" data-element_type=\"widget\" data-e-type=\"widget\" data-settings=\"{&quot;_animation&quot;:&quot;fadeInLeft&quot;}\" data-widget_type=\"icon.default\">\n\t\t\t\t<div class=\"elementor-widget-container\">\n\t\t\t\t\t\t\t<div class=\"elementor-icon-wrapper\">\n\t\t\t<div class=\"elementor-icon\">\n\t\t\t<svg aria-hidden=\"true\" class=\"e-font-icon-svg e-fas-quote-left\" viewBox=\"0 0 512 512\" xmlns=\"http:\/\/www.w3.org\/2000\/svg\"><path d=\"M464 256h-80v-64c0-35.3 28.7-64 64-64h8c13.3 0 24-10.7 24-24V56c0-13.3-10.7-24-24-24h-8c-88.4 0-160 71.6-160 160v240c0 26.5 21.5 48 48 48h128c26.5 0 48-21.5 48-48V304c0-26.5-21.5-48-48-48zm-288 0H96v-64c0-35.3 28.7-64 64-64h8c13.3 0 24-10.7 24-24V56c0-13.3-10.7-24-24-24h-8C71.6 32 0 103.6 0 192v240c0 26.5 21.5 48 48 48h128c26.5 0 48-21.5 48-48V304c0-26.5-21.5-48-48-48z\"><\/path><\/svg>\t\t\t<\/div>\n\t\t<\/div>\n\t\t\t\t\t\t<\/div>\n\t\t\t\t<\/div>\n\t\t\t\t<div class=\"elementor-element elementor-element-16ca9942 elementor-invisible elementor-widget elementor-widget-heading\" data-id=\"16ca9942\" data-element_type=\"widget\" data-e-type=\"widget\" data-settings=\"{&quot;_animation&quot;:&quot;fadeInRight&quot;}\" data-widget_type=\"heading.default\">\n\t\t\t\t<div class=\"elementor-widget-container\">\n\t\t\t\t\t<h4 class=\"elementor-heading-title elementor-size-default\">Pose sur gazon<\/h4>\t\t\t\t<\/div>\n\t\t\t\t<\/div>\n\t\t\t\t<div class=\"elementor-element elementor-element-40f01437 elementor-invisible elementor-widget elementor-widget-text-editor\" data-id=\"40f01437\" data-element_type=\"widget\" data-e-type=\"widget\" data-settings=\"{&quot;_animation&quot;:&quot;fadeInLeft&quot;}\" data-widget_type=\"text-editor.default\">\n\t\t\t\t<div class=\"elementor-widget-container\">\n\t\t\t\t\t\t\t\t\t<p>La pose sur l&rsquo;herbe permet de r\u00e9aliser au sein de parcs et jardins des cheminements tout \u00e0 fait originaux, personnalisables et modifiables au fil du temps.<\/p>\t\t\t\t\t\t\t\t<\/div>\n\t\t\t\t<\/div>\n\t\t\t\t<div class=\"elementor-element elementor-element-1499623c elementor-invisible elementor-widget elementor-widget-image\" data-id=\"1499623c\" data-element_type=\"widget\" data-e-type=\"widget\" data-settings=\"{&quot;_animation&quot;:&quot;fadeInLeft&quot;}\" data-widget_type=\"image.default\">\n\t\t\t\t<div class=\"elementor-widget-container\">\n\t\t\t\t\t\t\t\t\t\t\t\t\t\t\t\t<a href=\"https:\/\/www.portovenere.fr\/fr-fr\/wp-content\/uploads\/2019\/09\/Carrelage-contemporain-antid\u00e9rapant-20mm-aspect-Pierre-Scandinave-Danemark-terrasse-60x120.jpg\" data-elementor-open-lightbox=\"yes\" data-elementor-lightbox-title=\"Carrelage-contemporain-antid\u00e9rapant-20mm-aspect-Pierre-Scandinave-Danemark-terrasse-60x120\" data-e-action-hash=\"#elementor-action%3Aaction%3Dlightbox%26settings%3DeyJpZCI6MTQ1MzEsInVybCI6Imh0dHBzOlwvXC93d3cucG9ydG92ZW5lcmUuZnJcL2ZyLWZyXC93cC1jb250ZW50XC91cGxvYWRzXC8yMDE5XC8wOVwvQ2FycmVsYWdlLWNvbnRlbXBvcmFpbi1hbnRpZFx1MDBlOXJhcGFudC0yMG1tLWFzcGVjdC1QaWVycmUtU2NhbmRpbmF2ZS1EYW5lbWFyay10ZXJyYXNzZS02MHgxMjAuanBnIn0%3D\">\n\t\t\t\t\t\t\t<img loading=\"lazy\" decoding=\"async\" width=\"768\" height=\"464\" src=\"https:\/\/www.portovenere.fr\/fr-fr\/wp-content\/uploads\/2019\/09\/Carrelage-contemporain-antid\u00e9rapant-20mm-aspect-Pierre-Scandinave-Danemark-terrasse-60x120-768x464.jpg\" class=\"attachment-medium_large size-medium_large wp-image-14531\" alt=\"\" srcset=\"https:\/\/www.portovenere.fr\/fr-fr\/wp-content\/uploads\/2019\/09\/Carrelage-contemporain-antid\u00e9rapant-20mm-aspect-Pierre-Scandinave-Danemark-terrasse-60x120-768x464.jpg 768w, https:\/\/www.portovenere.fr\/fr-fr\/wp-content\/uploads\/2019\/09\/Carrelage-contemporain-antid\u00e9rapant-20mm-aspect-Pierre-Scandinave-Danemark-terrasse-60x120-300x181.jpg 300w, https:\/\/www.portovenere.fr\/fr-fr\/wp-content\/uploads\/2019\/09\/Carrelage-contemporain-antid\u00e9rapant-20mm-aspect-Pierre-Scandinave-Danemark-terrasse-60x120-1024x619.jpg 1024w, https:\/\/www.portovenere.fr\/fr-fr\/wp-content\/uploads\/2019\/09\/Carrelage-contemporain-antid\u00e9rapant-20mm-aspect-Pierre-Scandinave-Danemark-terrasse-60x120.jpg 1500w\" sizes=\"(max-width: 768px) 100vw, 768px\" \/>\t\t\t\t\t\t\t\t<\/a>\n\t\t\t\t\t\t\t\t\t\t\t\t\t\t\t<\/div>\n\t\t\t\t<\/div>\n\t\t\t\t\t<\/div>\n\t\t<\/div>\n\t\t\t\t<div class=\"elementor-column elementor-col-50 elementor-top-column elementor-element elementor-element-70ecf636\" data-id=\"70ecf636\" data-element_type=\"column\" data-e-type=\"column\">\n\t\t\t<div class=\"elementor-widget-wrap elementor-element-populated\">\n\t\t\t\t\t\t<div class=\"elementor-element elementor-element-28b769c7 elementor-invisible elementor-widget elementor-widget-image\" data-id=\"28b769c7\" data-element_type=\"widget\" data-e-type=\"widget\" data-settings=\"{&quot;_animation&quot;:&quot;fadeInLeft&quot;}\" data-widget_type=\"image.default\">\n\t\t\t\t<div class=\"elementor-widget-container\">\n\t\t\t\t\t\t\t\t\t\t\t\t\t\t\t\t<a href=\"https:\/\/www.portovenere.fr\/fr-fr\/wp-content\/uploads\/2019\/12\/pose_a_sec_sur_herbe1.jpg\" data-elementor-open-lightbox=\"yes\" data-elementor-lightbox-title=\"pose_a_sec_sur_herbe1\" data-e-action-hash=\"#elementor-action%3Aaction%3Dlightbox%26settings%3DeyJpZCI6MjE1OTIsInVybCI6Imh0dHBzOlwvXC93d3cucG9ydG92ZW5lcmUuZnJcL2ZyLWZyXC93cC1jb250ZW50XC91cGxvYWRzXC8yMDE5XC8xMlwvcG9zZV9hX3NlY19zdXJfaGVyYmUxLmpwZyJ9\">\n\t\t\t\t\t\t\t<img loading=\"lazy\" decoding=\"async\" width=\"300\" height=\"185\" src=\"https:\/\/www.portovenere.fr\/fr-fr\/wp-content\/uploads\/2019\/12\/pose_a_sec_sur_herbe1-300x185.jpg\" class=\"attachment-medium size-medium wp-image-21592\" alt=\"\" srcset=\"https:\/\/www.portovenere.fr\/fr-fr\/wp-content\/uploads\/2019\/12\/pose_a_sec_sur_herbe1-300x185.jpg 300w, https:\/\/www.portovenere.fr\/fr-fr\/wp-content\/uploads\/2019\/12\/pose_a_sec_sur_herbe1.jpg 530w\" sizes=\"(max-width: 300px) 100vw, 300px\" \/>\t\t\t\t\t\t\t\t<\/a>\n\t\t\t\t\t\t\t\t\t\t\t\t\t\t\t<\/div>\n\t\t\t\t<\/div>\n\t\t\t\t<div class=\"elementor-element elementor-element-9c6436b elementor-invisible elementor-widget elementor-widget-image\" data-id=\"9c6436b\" data-element_type=\"widget\" data-e-type=\"widget\" data-settings=\"{&quot;_animation&quot;:&quot;fadeInLeft&quot;}\" data-widget_type=\"image.default\">\n\t\t\t\t<div class=\"elementor-widget-container\">\n\t\t\t\t\t\t\t\t\t\t\t\t\t\t\t\t<a href=\"https:\/\/www.portovenere.fr\/fr-fr\/wp-content\/uploads\/2019\/12\/pose_a_sec_sur_herbe2.jpg\" data-elementor-open-lightbox=\"yes\" data-elementor-lightbox-title=\"pose_a_sec_sur_herbe2\" data-e-action-hash=\"#elementor-action%3Aaction%3Dlightbox%26settings%3DeyJpZCI6MjE1OTEsInVybCI6Imh0dHBzOlwvXC93d3cucG9ydG92ZW5lcmUuZnJcL2ZyLWZyXC93cC1jb250ZW50XC91cGxvYWRzXC8yMDE5XC8xMlwvcG9zZV9hX3NlY19zdXJfaGVyYmUyLmpwZyJ9\">\n\t\t\t\t\t\t\t<img loading=\"lazy\" decoding=\"async\" width=\"300\" height=\"151\" src=\"https:\/\/www.portovenere.fr\/fr-fr\/wp-content\/uploads\/2019\/12\/pose_a_sec_sur_herbe2-300x151.jpg\" class=\"attachment-medium size-medium wp-image-21591\" alt=\"\" srcset=\"https:\/\/www.portovenere.fr\/fr-fr\/wp-content\/uploads\/2019\/12\/pose_a_sec_sur_herbe2-300x151.jpg 300w, https:\/\/www.portovenere.fr\/fr-fr\/wp-content\/uploads\/2019\/12\/pose_a_sec_sur_herbe2.jpg 552w\" sizes=\"(max-width: 300px) 100vw, 300px\" \/>\t\t\t\t\t\t\t\t<\/a>\n\t\t\t\t\t\t\t\t\t\t\t\t\t\t\t<\/div>\n\t\t\t\t<\/div>\n\t\t\t\t<div class=\"elementor-element elementor-element-789e91a9 elementor-invisible elementor-widget elementor-widget-text-editor\" data-id=\"789e91a9\" data-element_type=\"widget\" data-e-type=\"widget\" data-settings=\"{&quot;_animation&quot;:&quot;fadeInLeft&quot;}\" data-widget_type=\"text-editor.default\">\n\t\t\t\t<div class=\"elementor-widget-container\">\n\t\t\t\t\t\t\t\t\t<p><b>1<\/b> Placer les carreaux puis les retirer et \u00e9liminer la surface de gazon dessous<\/p>\t\t\t\t\t\t\t\t<\/div>\n\t\t\t\t<\/div>\n\t\t\t\t<div class=\"elementor-element elementor-element-7f91c5a5 elementor-invisible elementor-widget elementor-widget-image\" data-id=\"7f91c5a5\" data-element_type=\"widget\" data-e-type=\"widget\" data-settings=\"{&quot;_animation&quot;:&quot;fadeInLeft&quot;}\" data-widget_type=\"image.default\">\n\t\t\t\t<div class=\"elementor-widget-container\">\n\t\t\t\t\t\t\t\t\t\t\t\t\t\t\t\t<a href=\"https:\/\/www.portovenere.fr\/fr-fr\/wp-content\/uploads\/2019\/12\/pose_a_sec_sur_herbe3.jpg\" data-elementor-open-lightbox=\"yes\" data-elementor-lightbox-title=\"pose_a_sec_sur_herbe3\" data-e-action-hash=\"#elementor-action%3Aaction%3Dlightbox%26settings%3DeyJpZCI6MjE1OTAsInVybCI6Imh0dHBzOlwvXC93d3cucG9ydG92ZW5lcmUuZnJcL2ZyLWZyXC93cC1jb250ZW50XC91cGxvYWRzXC8yMDE5XC8xMlwvcG9zZV9hX3NlY19zdXJfaGVyYmUzLmpwZyJ9\">\n\t\t\t\t\t\t\t<img loading=\"lazy\" decoding=\"async\" width=\"300\" height=\"151\" src=\"https:\/\/www.portovenere.fr\/fr-fr\/wp-content\/uploads\/2019\/12\/pose_a_sec_sur_herbe3-300x151.jpg\" class=\"attachment-medium size-medium wp-image-21590\" alt=\"\" srcset=\"https:\/\/www.portovenere.fr\/fr-fr\/wp-content\/uploads\/2019\/12\/pose_a_sec_sur_herbe3-300x151.jpg 300w, https:\/\/www.portovenere.fr\/fr-fr\/wp-content\/uploads\/2019\/12\/pose_a_sec_sur_herbe3.jpg 552w\" sizes=\"(max-width: 300px) 100vw, 300px\" \/>\t\t\t\t\t\t\t\t<\/a>\n\t\t\t\t\t\t\t\t\t\t\t\t\t\t\t<\/div>\n\t\t\t\t<\/div>\n\t\t\t\t<div class=\"elementor-element elementor-element-283abb0 elementor-invisible elementor-widget elementor-widget-text-editor\" data-id=\"283abb0\" data-element_type=\"widget\" data-e-type=\"widget\" data-settings=\"{&quot;_animation&quot;:&quot;fadeInLeft&quot;}\" data-widget_type=\"text-editor.default\">\n\t\t\t\t<div class=\"elementor-widget-container\">\n\t\t\t\t\t\t\t\t\t<p><b>2<\/b> Verser le stabilisant compos\u00e9 de gravier et de sable afin d&rsquo;am\u00e9liorer l&rsquo;\u00e9tanch\u00e9it\u00e9 de la sous couche puis placer les carreaux<\/p>\t\t\t\t\t\t\t\t<\/div>\n\t\t\t\t<\/div>\n\t\t\t\t\t<\/div>\n\t\t<\/div>\n\t\t\t\t\t<\/div>\n\t\t<\/section>\n\t\t\t\t<section class=\"elementor-section elementor-top-section elementor-element elementor-element-953ecdf elementor-section-full_width elementor-section-height-full elementor-section-items-stretch elementor-section-content-middle elementor-section-height-default elementor-invisible\" data-id=\"953ecdf\" data-element_type=\"section\" data-e-type=\"section\" data-settings=\"{&quot;background_background&quot;:&quot;classic&quot;,&quot;animation&quot;:&quot;fadeIn&quot;}\">\n\t\t\t\t\t\t<div class=\"elementor-container elementor-column-gap-default\">\n\t\t\t\t\t<div class=\"elementor-column elementor-col-50 elementor-top-column elementor-element elementor-element-30f46831\" data-id=\"30f46831\" data-element_type=\"column\" data-e-type=\"column\" data-settings=\"{&quot;background_background&quot;:&quot;classic&quot;}\">\n\t\t\t<div class=\"elementor-widget-wrap elementor-element-populated\">\n\t\t\t\t\t\t<div class=\"elementor-element elementor-element-26de7bce elementor-view-default elementor-invisible elementor-widget elementor-widget-icon\" data-id=\"26de7bce\" data-element_type=\"widget\" data-e-type=\"widget\" data-settings=\"{&quot;_animation&quot;:&quot;fadeInRight&quot;}\" data-widget_type=\"icon.default\">\n\t\t\t\t<div class=\"elementor-widget-container\">\n\t\t\t\t\t\t\t<div class=\"elementor-icon-wrapper\">\n\t\t\t<div class=\"elementor-icon\">\n\t\t\t<svg aria-hidden=\"true\" class=\"e-font-icon-svg e-fas-quote-left\" viewBox=\"0 0 512 512\" xmlns=\"http:\/\/www.w3.org\/2000\/svg\"><path d=\"M464 256h-80v-64c0-35.3 28.7-64 64-64h8c13.3 0 24-10.7 24-24V56c0-13.3-10.7-24-24-24h-8c-88.4 0-160 71.6-160 160v240c0 26.5 21.5 48 48 48h128c26.5 0 48-21.5 48-48V304c0-26.5-21.5-48-48-48zm-288 0H96v-64c0-35.3 28.7-64 64-64h8c13.3 0 24-10.7 24-24V56c0-13.3-10.7-24-24-24h-8C71.6 32 0 103.6 0 192v240c0 26.5 21.5 48 48 48h128c26.5 0 48-21.5 48-48V304c0-26.5-21.5-48-48-48z\"><\/path><\/svg>\t\t\t<\/div>\n\t\t<\/div>\n\t\t\t\t\t\t<\/div>\n\t\t\t\t<\/div>\n\t\t\t\t<div class=\"elementor-element elementor-element-2b7c4f60 elementor-invisible elementor-widget elementor-widget-heading\" data-id=\"2b7c4f60\" data-element_type=\"widget\" data-e-type=\"widget\" data-settings=\"{&quot;_animation&quot;:&quot;fadeInRight&quot;}\" data-widget_type=\"heading.default\">\n\t\t\t\t<div class=\"elementor-widget-container\">\n\t\t\t\t\t<h4 class=\"elementor-heading-title elementor-size-default\">Pose sur sable<\/h4>\t\t\t\t<\/div>\n\t\t\t\t<\/div>\n\t\t\t\t<div class=\"elementor-element elementor-element-5a60f325 elementor-invisible elementor-widget elementor-widget-text-editor\" data-id=\"5a60f325\" data-element_type=\"widget\" data-e-type=\"widget\" data-settings=\"{&quot;_animation&quot;:&quot;fadeInLeft&quot;}\" data-widget_type=\"text-editor.default\">\n\t\t\t\t<div class=\"elementor-widget-container\">\n\t\t\t\t\t\t\t\t\t<p>La pose sur sable est particuli\u00e8rement indiqu\u00e9e pour les plages et les \u00e9tablissements baln\u00e9aires (notamment dans les tons clairs). La dalle gr\u00e8s c\u00e9rame en 2cm d&rsquo;\u00e9paisseur est simplement pos\u00e9e, sans utiliser de colle sur la sous-couche cr\u00e9ant ainsi des cheminements imm\u00e9diatement praticables, parfaitement int\u00e9gr\u00e9s et \u00e9cologiques.<\/p>\t\t\t\t\t\t\t\t<\/div>\n\t\t\t\t<\/div>\n\t\t\t\t<div class=\"elementor-element elementor-element-5b8adeb8 elementor-invisible elementor-widget elementor-widget-image\" data-id=\"5b8adeb8\" data-element_type=\"widget\" data-e-type=\"widget\" data-settings=\"{&quot;_animation&quot;:&quot;fadeInRight&quot;}\" data-widget_type=\"image.default\">\n\t\t\t\t<div class=\"elementor-widget-container\">\n\t\t\t\t\t\t\t\t\t\t\t\t\t\t\t\t<a href=\"https:\/\/www.portovenere.fr\/fr-fr\/wp-content\/uploads\/2019\/09\/Dalle-Carrelage-ext\u00e9rieur-antid\u00e9rapant-20mm-Brescia-Pewter-smoke-gris-45x90.jpg\" data-elementor-open-lightbox=\"yes\" data-elementor-lightbox-title=\"Dalle-Carrelage-ext\u00e9rieur-antid\u00e9rapant-20mm-Brescia-Pewter-smoke-gris-45x90\" data-e-action-hash=\"#elementor-action%3Aaction%3Dlightbox%26settings%3DeyJpZCI6MTQ5NDUsInVybCI6Imh0dHBzOlwvXC93d3cucG9ydG92ZW5lcmUuZnJcL2ZyLWZyXC93cC1jb250ZW50XC91cGxvYWRzXC8yMDE5XC8wOVwvRGFsbGUtQ2FycmVsYWdlLWV4dFx1MDBlOXJpZXVyLWFudGlkXHUwMGU5cmFwYW50LTIwbW0tQnJlc2NpYS1QZXd0ZXItc21va2UtZ3Jpcy00NXg5MC5qcGcifQ%3D%3D\">\n\t\t\t\t\t\t\t<img loading=\"lazy\" decoding=\"async\" width=\"768\" height=\"512\" src=\"https:\/\/www.portovenere.fr\/fr-fr\/wp-content\/uploads\/2019\/09\/Dalle-Carrelage-ext\u00e9rieur-antid\u00e9rapant-20mm-Brescia-Pewter-smoke-gris-45x90-768x512.jpg\" class=\"attachment-medium_large size-medium_large wp-image-14945\" alt=\"\" srcset=\"https:\/\/www.portovenere.fr\/fr-fr\/wp-content\/uploads\/2019\/09\/Dalle-Carrelage-ext\u00e9rieur-antid\u00e9rapant-20mm-Brescia-Pewter-smoke-gris-45x90-768x512.jpg 768w, https:\/\/www.portovenere.fr\/fr-fr\/wp-content\/uploads\/2019\/09\/Dalle-Carrelage-ext\u00e9rieur-antid\u00e9rapant-20mm-Brescia-Pewter-smoke-gris-45x90-300x200.jpg 300w, https:\/\/www.portovenere.fr\/fr-fr\/wp-content\/uploads\/2019\/09\/Dalle-Carrelage-ext\u00e9rieur-antid\u00e9rapant-20mm-Brescia-Pewter-smoke-gris-45x90-1024x683.jpg 1024w, https:\/\/www.portovenere.fr\/fr-fr\/wp-content\/uploads\/2019\/09\/Dalle-Carrelage-ext\u00e9rieur-antid\u00e9rapant-20mm-Brescia-Pewter-smoke-gris-45x90.jpg 1500w\" sizes=\"(max-width: 768px) 100vw, 768px\" \/>\t\t\t\t\t\t\t\t<\/a>\n\t\t\t\t\t\t\t\t\t\t\t\t\t\t\t<\/div>\n\t\t\t\t<\/div>\n\t\t\t\t\t<\/div>\n\t\t<\/div>\n\t\t\t\t<div class=\"elementor-column elementor-col-50 elementor-top-column elementor-element elementor-element-8d96e68\" data-id=\"8d96e68\" data-element_type=\"column\" data-e-type=\"column\">\n\t\t\t<div class=\"elementor-widget-wrap elementor-element-populated\">\n\t\t\t\t\t\t<div class=\"elementor-element elementor-element-19cc8390 elementor-invisible elementor-widget elementor-widget-image\" data-id=\"19cc8390\" data-element_type=\"widget\" data-e-type=\"widget\" data-settings=\"{&quot;_animation&quot;:&quot;fadeInLeft&quot;}\" data-widget_type=\"image.default\">\n\t\t\t\t<div class=\"elementor-widget-container\">\n\t\t\t\t\t\t\t\t\t\t\t\t\t\t\t\t<a href=\"https:\/\/www.portovenere.fr\/fr-fr\/wp-content\/uploads\/2019\/12\/pose_a_sec_sur_sable.jpg\" data-elementor-open-lightbox=\"yes\" data-elementor-lightbox-title=\"pose_a_sec_sur_sable\" data-e-action-hash=\"#elementor-action%3Aaction%3Dlightbox%26settings%3DeyJpZCI6MjE1OTUsInVybCI6Imh0dHBzOlwvXC93d3cucG9ydG92ZW5lcmUuZnJcL2ZyLWZyXC93cC1jb250ZW50XC91cGxvYWRzXC8yMDE5XC8xMlwvcG9zZV9hX3NlY19zdXJfc2FibGUuanBnIn0%3D\">\n\t\t\t\t\t\t\t<img loading=\"lazy\" decoding=\"async\" width=\"300\" height=\"185\" src=\"https:\/\/www.portovenere.fr\/fr-fr\/wp-content\/uploads\/2019\/12\/pose_a_sec_sur_sable-300x185.jpg\" class=\"attachment-medium size-medium wp-image-21595\" alt=\"\" srcset=\"https:\/\/www.portovenere.fr\/fr-fr\/wp-content\/uploads\/2019\/12\/pose_a_sec_sur_sable-300x185.jpg 300w, https:\/\/www.portovenere.fr\/fr-fr\/wp-content\/uploads\/2019\/12\/pose_a_sec_sur_sable.jpg 530w\" sizes=\"(max-width: 300px) 100vw, 300px\" \/>\t\t\t\t\t\t\t\t<\/a>\n\t\t\t\t\t\t\t\t\t\t\t\t\t\t\t<\/div>\n\t\t\t\t<\/div>\n\t\t\t\t<div class=\"elementor-element elementor-element-7d9ca264 elementor-invisible elementor-widget elementor-widget-image\" data-id=\"7d9ca264\" data-element_type=\"widget\" data-e-type=\"widget\" data-settings=\"{&quot;_animation&quot;:&quot;fadeInLeft&quot;}\" data-widget_type=\"image.default\">\n\t\t\t\t<div class=\"elementor-widget-container\">\n\t\t\t\t\t\t\t\t\t\t\t\t\t\t\t\t<a href=\"https:\/\/www.portovenere.fr\/fr-fr\/wp-content\/uploads\/2019\/12\/pose_a_sec_sur_sable2.jpg\" data-elementor-open-lightbox=\"yes\" data-elementor-lightbox-title=\"pose_a_sec_sur_sable2\" data-e-action-hash=\"#elementor-action%3Aaction%3Dlightbox%26settings%3DeyJpZCI6MjE1OTQsInVybCI6Imh0dHBzOlwvXC93d3cucG9ydG92ZW5lcmUuZnJcL2ZyLWZyXC93cC1jb250ZW50XC91cGxvYWRzXC8yMDE5XC8xMlwvcG9zZV9hX3NlY19zdXJfc2FibGUyLmpwZyJ9\">\n\t\t\t\t\t\t\t<img loading=\"lazy\" decoding=\"async\" width=\"300\" height=\"151\" src=\"https:\/\/www.portovenere.fr\/fr-fr\/wp-content\/uploads\/2019\/12\/pose_a_sec_sur_sable2-300x151.jpg\" class=\"attachment-medium size-medium wp-image-21594\" alt=\"\" srcset=\"https:\/\/www.portovenere.fr\/fr-fr\/wp-content\/uploads\/2019\/12\/pose_a_sec_sur_sable2-300x151.jpg 300w, https:\/\/www.portovenere.fr\/fr-fr\/wp-content\/uploads\/2019\/12\/pose_a_sec_sur_sable2.jpg 552w\" sizes=\"(max-width: 300px) 100vw, 300px\" \/>\t\t\t\t\t\t\t\t<\/a>\n\t\t\t\t\t\t\t\t\t\t\t\t\t\t\t<\/div>\n\t\t\t\t<\/div>\n\t\t\t\t<div class=\"elementor-element elementor-element-67c1fd4e elementor-invisible elementor-widget elementor-widget-text-editor\" data-id=\"67c1fd4e\" data-element_type=\"widget\" data-e-type=\"widget\" data-settings=\"{&quot;_animation&quot;:&quot;fadeInLeft&quot;}\" data-widget_type=\"text-editor.default\">\n\t\t\t\t<div class=\"elementor-widget-container\">\n\t\t\t\t\t\t\t\t\t<p><b>1<\/b> Niveler le sable avec une grande r\u00e8gle<\/p>\t\t\t\t\t\t\t\t<\/div>\n\t\t\t\t<\/div>\n\t\t\t\t<div class=\"elementor-element elementor-element-45ecdf91 elementor-invisible elementor-widget elementor-widget-image\" data-id=\"45ecdf91\" data-element_type=\"widget\" data-e-type=\"widget\" data-settings=\"{&quot;_animation&quot;:&quot;fadeInLeft&quot;}\" data-widget_type=\"image.default\">\n\t\t\t\t<div class=\"elementor-widget-container\">\n\t\t\t\t\t\t\t\t\t\t\t\t\t\t\t\t<a href=\"https:\/\/www.portovenere.fr\/fr-fr\/wp-content\/uploads\/2019\/12\/pose_a_sec_sur_sable3.jpg\" data-elementor-open-lightbox=\"yes\" data-elementor-lightbox-title=\"pose_a_sec_sur_sable3\" data-e-action-hash=\"#elementor-action%3Aaction%3Dlightbox%26settings%3DeyJpZCI6MjE1OTMsInVybCI6Imh0dHBzOlwvXC93d3cucG9ydG92ZW5lcmUuZnJcL2ZyLWZyXC93cC1jb250ZW50XC91cGxvYWRzXC8yMDE5XC8xMlwvcG9zZV9hX3NlY19zdXJfc2FibGUzLmpwZyJ9\">\n\t\t\t\t\t\t\t<img loading=\"lazy\" decoding=\"async\" width=\"300\" height=\"151\" src=\"https:\/\/www.portovenere.fr\/fr-fr\/wp-content\/uploads\/2019\/12\/pose_a_sec_sur_sable3-300x151.jpg\" class=\"attachment-medium size-medium wp-image-21593\" alt=\"\" srcset=\"https:\/\/www.portovenere.fr\/fr-fr\/wp-content\/uploads\/2019\/12\/pose_a_sec_sur_sable3-300x151.jpg 300w, https:\/\/www.portovenere.fr\/fr-fr\/wp-content\/uploads\/2019\/12\/pose_a_sec_sur_sable3.jpg 552w\" sizes=\"(max-width: 300px) 100vw, 300px\" \/>\t\t\t\t\t\t\t\t<\/a>\n\t\t\t\t\t\t\t\t\t\t\t\t\t\t\t<\/div>\n\t\t\t\t<\/div>\n\t\t\t\t<div class=\"elementor-element elementor-element-237fe727 elementor-invisible elementor-widget elementor-widget-text-editor\" data-id=\"237fe727\" data-element_type=\"widget\" data-e-type=\"widget\" data-settings=\"{&quot;_animation&quot;:&quot;fadeInLeft&quot;}\" data-widget_type=\"text-editor.default\">\n\t\t\t\t<div class=\"elementor-widget-container\">\n\t\t\t\t\t\t\t\t\t<p><b>2<\/b> Placer les carreaux en utilisant des croisillons pour l&rsquo;\u00e9cartement entre les dalles<\/p>\t\t\t\t\t\t\t\t<\/div>\n\t\t\t\t<\/div>\n\t\t\t\t\t<\/div>\n\t\t<\/div>\n\t\t\t\t\t<\/div>\n\t\t<\/section>\n\t\t\t\t<section class=\"elementor-section elementor-top-section elementor-element elementor-element-7a33056a elementor-section-full_width elementor-section-height-full elementor-section-items-stretch elementor-section-content-middle elementor-section-height-default elementor-invisible\" data-id=\"7a33056a\" data-element_type=\"section\" data-e-type=\"section\" data-settings=\"{&quot;background_background&quot;:&quot;classic&quot;,&quot;animation&quot;:&quot;fadeIn&quot;}\">\n\t\t\t\t\t\t<div class=\"elementor-container elementor-column-gap-default\">\n\t\t\t\t\t<div class=\"elementor-column elementor-col-50 elementor-top-column elementor-element elementor-element-5594d296\" data-id=\"5594d296\" data-element_type=\"column\" data-e-type=\"column\" data-settings=\"{&quot;background_background&quot;:&quot;classic&quot;}\">\n\t\t\t<div class=\"elementor-widget-wrap elementor-element-populated\">\n\t\t\t\t\t\t<div class=\"elementor-element elementor-element-66a32c54 elementor-view-default elementor-invisible elementor-widget elementor-widget-icon\" data-id=\"66a32c54\" data-element_type=\"widget\" data-e-type=\"widget\" data-settings=\"{&quot;_animation&quot;:&quot;fadeInLeft&quot;}\" data-widget_type=\"icon.default\">\n\t\t\t\t<div class=\"elementor-widget-container\">\n\t\t\t\t\t\t\t<div class=\"elementor-icon-wrapper\">\n\t\t\t<div class=\"elementor-icon\">\n\t\t\t<svg aria-hidden=\"true\" class=\"e-font-icon-svg e-fas-quote-left\" viewBox=\"0 0 512 512\" xmlns=\"http:\/\/www.w3.org\/2000\/svg\"><path d=\"M464 256h-80v-64c0-35.3 28.7-64 64-64h8c13.3 0 24-10.7 24-24V56c0-13.3-10.7-24-24-24h-8c-88.4 0-160 71.6-160 160v240c0 26.5 21.5 48 48 48h128c26.5 0 48-21.5 48-48V304c0-26.5-21.5-48-48-48zm-288 0H96v-64c0-35.3 28.7-64 64-64h8c13.3 0 24-10.7 24-24V56c0-13.3-10.7-24-24-24h-8C71.6 32 0 103.6 0 192v240c0 26.5 21.5 48 48 48h128c26.5 0 48-21.5 48-48V304c0-26.5-21.5-48-48-48z\"><\/path><\/svg>\t\t\t<\/div>\n\t\t<\/div>\n\t\t\t\t\t\t<\/div>\n\t\t\t\t<\/div>\n\t\t\t\t<div class=\"elementor-element elementor-element-14a28036 elementor-invisible elementor-widget elementor-widget-heading\" data-id=\"14a28036\" data-element_type=\"widget\" data-e-type=\"widget\" data-settings=\"{&quot;_animation&quot;:&quot;fadeInRight&quot;}\" data-widget_type=\"heading.default\">\n\t\t\t\t<div class=\"elementor-widget-container\">\n\t\t\t\t\t<h4 class=\"elementor-heading-title elementor-size-default\">Pose coll\u00e9e sur chape<\/h4>\t\t\t\t<\/div>\n\t\t\t\t<\/div>\n\t\t\t\t<div class=\"elementor-element elementor-element-527b98e6 elementor-invisible elementor-widget elementor-widget-text-editor\" data-id=\"527b98e6\" data-element_type=\"widget\" data-e-type=\"widget\" data-settings=\"{&quot;_animation&quot;:&quot;fadeInLeft&quot;}\" data-widget_type=\"text-editor.default\">\n\t\t\t\t<div class=\"elementor-widget-container\">\n\t\t\t\t\t\t\t\t\t<p>La r\u00e9sistance extraordinaire du gr\u00e8s c\u00e9rame de 20 mm d&rsquo;\u00e9paisseur permet avec la technique traditionnelle de pose coll\u00e9e, de repr\u00e9senter la solution id\u00e9ale m\u00eame pour r\u00e9aliser des sols destin\u00e9s \u00e0 la circulation de v\u00e9hicules. Bien s\u00fbr, dans ce cas, nous recommandons la r\u00e9alisation parfaite de la chape (en respectant des pentes pour l&rsquo;\u00e9coulement de l&rsquo;eau), le double encollage de l&rsquo;adh\u00e9sif et le respect de joints de 5 mm entre une pi\u00e8ce et l&rsquo;autre.<\/p>\t\t\t\t\t\t\t\t<\/div>\n\t\t\t\t<\/div>\n\t\t\t\t<div class=\"elementor-element elementor-element-5d8506f4 elementor-invisible elementor-widget elementor-widget-image\" data-id=\"5d8506f4\" data-element_type=\"widget\" data-e-type=\"widget\" data-settings=\"{&quot;_animation&quot;:&quot;fadeInLeft&quot;}\" data-widget_type=\"image.default\">\n\t\t\t\t<div class=\"elementor-widget-container\">\n\t\t\t\t\t\t\t\t\t\t\t\t\t\t\t\t<a href=\"https:\/\/www.portovenere.fr\/fr-fr\/wp-content\/uploads\/2019\/09\/Carrelage-ext\u00e9rieur-all\u00e9e-garage-20mm-Pierre-Scandinave-Su\u00e8de-60x120-antid\u00e9rapant.jpg\" data-elementor-open-lightbox=\"yes\" data-elementor-lightbox-title=\"Carrelage-ext\u00e9rieur-all\u00e9e-garage-20mm-Pierre-Scandinave-Su\u00e8de-60x120-antid\u00e9rapant\" data-e-action-hash=\"#elementor-action%3Aaction%3Dlightbox%26settings%3DeyJpZCI6MTQ1NDMsInVybCI6Imh0dHBzOlwvXC93d3cucG9ydG92ZW5lcmUuZnJcL2ZyLWZyXC93cC1jb250ZW50XC91cGxvYWRzXC8yMDE5XC8wOVwvQ2FycmVsYWdlLWV4dFx1MDBlOXJpZXVyLWFsbFx1MDBlOWUtZ2FyYWdlLTIwbW0tUGllcnJlLVNjYW5kaW5hdmUtU3VcdTAwZThkZS02MHgxMjAtYW50aWRcdTAwZTlyYXBhbnQuanBnIn0%3D\">\n\t\t\t\t\t\t\t<img loading=\"lazy\" decoding=\"async\" width=\"768\" height=\"543\" src=\"https:\/\/www.portovenere.fr\/fr-fr\/wp-content\/uploads\/2019\/09\/Carrelage-ext\u00e9rieur-all\u00e9e-garage-20mm-Pierre-Scandinave-Su\u00e8de-60x120-antid\u00e9rapant-768x543.jpg\" class=\"attachment-medium_large size-medium_large wp-image-14543\" alt=\"\" srcset=\"https:\/\/www.portovenere.fr\/fr-fr\/wp-content\/uploads\/2019\/09\/Carrelage-ext\u00e9rieur-all\u00e9e-garage-20mm-Pierre-Scandinave-Su\u00e8de-60x120-antid\u00e9rapant-768x543.jpg 768w, https:\/\/www.portovenere.fr\/fr-fr\/wp-content\/uploads\/2019\/09\/Carrelage-ext\u00e9rieur-all\u00e9e-garage-20mm-Pierre-Scandinave-Su\u00e8de-60x120-antid\u00e9rapant-300x212.jpg 300w, https:\/\/www.portovenere.fr\/fr-fr\/wp-content\/uploads\/2019\/09\/Carrelage-ext\u00e9rieur-all\u00e9e-garage-20mm-Pierre-Scandinave-Su\u00e8de-60x120-antid\u00e9rapant-1024x725.jpg 1024w, https:\/\/www.portovenere.fr\/fr-fr\/wp-content\/uploads\/2019\/09\/Carrelage-ext\u00e9rieur-all\u00e9e-garage-20mm-Pierre-Scandinave-Su\u00e8de-60x120-antid\u00e9rapant.jpg 1450w\" sizes=\"(max-width: 768px) 100vw, 768px\" \/>\t\t\t\t\t\t\t\t<\/a>\n\t\t\t\t\t\t\t\t\t\t\t\t\t\t\t<\/div>\n\t\t\t\t<\/div>\n\t\t\t\t\t<\/div>\n\t\t<\/div>\n\t\t\t\t<div class=\"elementor-column elementor-col-50 elementor-top-column elementor-element elementor-element-7bb0c739\" data-id=\"7bb0c739\" data-element_type=\"column\" data-e-type=\"column\">\n\t\t\t<div class=\"elementor-widget-wrap elementor-element-populated\">\n\t\t\t\t\t\t<div class=\"elementor-element elementor-element-1aa2fb70 elementor-invisible elementor-widget elementor-widget-image\" data-id=\"1aa2fb70\" data-element_type=\"widget\" data-e-type=\"widget\" data-settings=\"{&quot;_animation&quot;:&quot;fadeInLeft&quot;}\" data-widget_type=\"image.default\">\n\t\t\t\t<div class=\"elementor-widget-container\">\n\t\t\t\t\t\t\t\t\t\t\t\t\t\t\t\t<a href=\"https:\/\/www.portovenere.fr\/fr-fr\/wp-content\/uploads\/2019\/12\/pose_collee_sur_dalle2.jpg\" data-elementor-open-lightbox=\"yes\" data-elementor-lightbox-title=\"pose_collee_sur_dalle2\" data-e-action-hash=\"#elementor-action%3Aaction%3Dlightbox%26settings%3DeyJpZCI6MjE1ODgsInVybCI6Imh0dHBzOlwvXC93d3cucG9ydG92ZW5lcmUuZnJcL2ZyLWZyXC93cC1jb250ZW50XC91cGxvYWRzXC8yMDE5XC8xMlwvcG9zZV9jb2xsZWVfc3VyX2RhbGxlMi5qcGcifQ%3D%3D\">\n\t\t\t\t\t\t\t<img loading=\"lazy\" decoding=\"async\" width=\"300\" height=\"151\" src=\"https:\/\/www.portovenere.fr\/fr-fr\/wp-content\/uploads\/2019\/12\/pose_collee_sur_dalle2-300x151.jpg\" class=\"attachment-medium size-medium wp-image-21588\" alt=\"\" srcset=\"https:\/\/www.portovenere.fr\/fr-fr\/wp-content\/uploads\/2019\/12\/pose_collee_sur_dalle2-300x151.jpg 300w, https:\/\/www.portovenere.fr\/fr-fr\/wp-content\/uploads\/2019\/12\/pose_collee_sur_dalle2.jpg 552w\" sizes=\"(max-width: 300px) 100vw, 300px\" \/>\t\t\t\t\t\t\t\t<\/a>\n\t\t\t\t\t\t\t\t\t\t\t\t\t\t\t<\/div>\n\t\t\t\t<\/div>\n\t\t\t\t<div class=\"elementor-element elementor-element-78f66e5a elementor-invisible elementor-widget elementor-widget-text-editor\" data-id=\"78f66e5a\" data-element_type=\"widget\" data-e-type=\"widget\" data-settings=\"{&quot;_animation&quot;:&quot;fadeInLeft&quot;}\" data-widget_type=\"text-editor.default\">\n\t\t\t\t<div class=\"elementor-widget-container\">\n\t\t\t\t\t\t\t\t\t<p><b>1<\/b> \u00c9taler la colle de fa\u00e7on homog\u00e8ne selon la technique du double encollage<\/p>\t\t\t\t\t\t\t\t<\/div>\n\t\t\t\t<\/div>\n\t\t\t\t<div class=\"elementor-element elementor-element-cfb307a elementor-invisible elementor-widget elementor-widget-image\" data-id=\"cfb307a\" data-element_type=\"widget\" data-e-type=\"widget\" data-settings=\"{&quot;_animation&quot;:&quot;fadeInLeft&quot;}\" data-widget_type=\"image.default\">\n\t\t\t\t<div class=\"elementor-widget-container\">\n\t\t\t\t\t\t\t\t\t\t\t\t\t\t\t\t<a href=\"https:\/\/www.portovenere.fr\/fr-fr\/wp-content\/uploads\/2019\/12\/pose_collee_sur_dalle3.jpg\" data-elementor-open-lightbox=\"yes\" data-elementor-lightbox-title=\"pose_collee_sur_dalle3\" data-e-action-hash=\"#elementor-action%3Aaction%3Dlightbox%26settings%3DeyJpZCI6MjE1ODcsInVybCI6Imh0dHBzOlwvXC93d3cucG9ydG92ZW5lcmUuZnJcL2ZyLWZyXC93cC1jb250ZW50XC91cGxvYWRzXC8yMDE5XC8xMlwvcG9zZV9jb2xsZWVfc3VyX2RhbGxlMy5qcGcifQ%3D%3D\">\n\t\t\t\t\t\t\t<img loading=\"lazy\" decoding=\"async\" width=\"300\" height=\"151\" src=\"https:\/\/www.portovenere.fr\/fr-fr\/wp-content\/uploads\/2019\/12\/pose_collee_sur_dalle3-300x151.jpg\" class=\"attachment-medium size-medium wp-image-21587\" alt=\"\" srcset=\"https:\/\/www.portovenere.fr\/fr-fr\/wp-content\/uploads\/2019\/12\/pose_collee_sur_dalle3-300x151.jpg 300w, https:\/\/www.portovenere.fr\/fr-fr\/wp-content\/uploads\/2019\/12\/pose_collee_sur_dalle3.jpg 552w\" sizes=\"(max-width: 300px) 100vw, 300px\" \/>\t\t\t\t\t\t\t\t<\/a>\n\t\t\t\t\t\t\t\t\t\t\t\t\t\t\t<\/div>\n\t\t\t\t<\/div>\n\t\t\t\t<div class=\"elementor-element elementor-element-12d08741 elementor-invisible elementor-widget elementor-widget-text-editor\" data-id=\"12d08741\" data-element_type=\"widget\" data-e-type=\"widget\" data-settings=\"{&quot;_animation&quot;:&quot;fadeInLeft&quot;}\" data-widget_type=\"text-editor.default\">\n\t\t\t\t<div class=\"elementor-widget-container\">\n\t\t\t\t\t\t\t\t\t<p><b>2<\/b> \u00a0Positionner le carreau en utilisant des croisillons de 5mm pour les joints<\/p>\t\t\t\t\t\t\t\t<\/div>\n\t\t\t\t<\/div>\n\t\t\t\t<div class=\"elementor-element elementor-element-64ea4d55 elementor-invisible elementor-widget elementor-widget-image\" data-id=\"64ea4d55\" data-element_type=\"widget\" data-e-type=\"widget\" data-settings=\"{&quot;_animation&quot;:&quot;fadeInLeft&quot;}\" data-widget_type=\"image.default\">\n\t\t\t\t<div class=\"elementor-widget-container\">\n\t\t\t\t\t\t\t\t\t\t\t\t\t\t\t\t<a href=\"https:\/\/www.portovenere.fr\/fr-fr\/wp-content\/uploads\/2019\/12\/pose_collee_sur_dalle4.jpg\" data-elementor-open-lightbox=\"yes\" data-elementor-lightbox-title=\"pose_collee_sur_dalle4\" data-e-action-hash=\"#elementor-action%3Aaction%3Dlightbox%26settings%3DeyJpZCI6MjE1ODYsInVybCI6Imh0dHBzOlwvXC93d3cucG9ydG92ZW5lcmUuZnJcL2ZyLWZyXC93cC1jb250ZW50XC91cGxvYWRzXC8yMDE5XC8xMlwvcG9zZV9jb2xsZWVfc3VyX2RhbGxlNC5qcGcifQ%3D%3D\">\n\t\t\t\t\t\t\t<img loading=\"lazy\" decoding=\"async\" width=\"300\" height=\"151\" src=\"https:\/\/www.portovenere.fr\/fr-fr\/wp-content\/uploads\/2019\/12\/pose_collee_sur_dalle4-300x151.jpg\" class=\"attachment-medium size-medium wp-image-21586\" alt=\"\" srcset=\"https:\/\/www.portovenere.fr\/fr-fr\/wp-content\/uploads\/2019\/12\/pose_collee_sur_dalle4-300x151.jpg 300w, https:\/\/www.portovenere.fr\/fr-fr\/wp-content\/uploads\/2019\/12\/pose_collee_sur_dalle4.jpg 552w\" sizes=\"(max-width: 300px) 100vw, 300px\" \/>\t\t\t\t\t\t\t\t<\/a>\n\t\t\t\t\t\t\t\t\t\t\t\t\t\t\t<\/div>\n\t\t\t\t<\/div>\n\t\t\t\t<div class=\"elementor-element elementor-element-4bcaad7e elementor-invisible elementor-widget elementor-widget-text-editor\" data-id=\"4bcaad7e\" data-element_type=\"widget\" data-e-type=\"widget\" data-settings=\"{&quot;_animation&quot;:&quot;fadeInLeft&quot;}\" data-widget_type=\"text-editor.default\">\n\t\t\t\t<div class=\"elementor-widget-container\">\n\t\t\t\t\t\t\t\t\t<p><b>3<\/b> Jointer le sol puis nettoyer soigneusement la surface<\/p>\t\t\t\t\t\t\t\t<\/div>\n\t\t\t\t<\/div>\n\t\t\t\t\t<\/div>\n\t\t<\/div>\n\t\t\t\t\t<\/div>\n\t\t<\/section>\n\t\t\t\t<section class=\"elementor-section elementor-top-section elementor-element elementor-element-587a3e2b elementor-section-boxed elementor-section-height-default elementor-section-height-default\" data-id=\"587a3e2b\" data-element_type=\"section\" data-e-type=\"section\">\n\t\t\t\t\t\t<div class=\"elementor-container elementor-column-gap-default\">\n\t\t\t\t\t<div class=\"elementor-column elementor-col-100 elementor-top-column elementor-element elementor-element-1069cb0f\" data-id=\"1069cb0f\" data-element_type=\"column\" data-e-type=\"column\">\n\t\t\t<div class=\"elementor-widget-wrap elementor-element-populated\">\n\t\t\t\t\t\t<div class=\"elementor-element elementor-element-67569de3 elementor-widget elementor-widget-menu-anchor\" data-id=\"67569de3\" data-element_type=\"widget\" data-e-type=\"widget\" data-widget_type=\"menu-anchor.default\">\n\t\t\t\t<div class=\"elementor-widget-container\">\n\t\t\t\t\t\t\t<div class=\"elementor-menu-anchor\" id=\"devis\"><\/div>\n\t\t\t\t\t\t<\/div>\n\t\t\t\t<\/div>\n\t\t\t\t\t<\/div>\n\t\t<\/div>\n\t\t\t\t\t<\/div>\n\t\t<\/section>\n\t\t\t\t<section class=\"elementor-section elementor-top-section elementor-element elementor-element-3302dffc elementor-section-boxed elementor-section-height-default elementor-section-height-default\" data-id=\"3302dffc\" data-element_type=\"section\" data-e-type=\"section\">\n\t\t\t\t\t\t<div class=\"elementor-container elementor-column-gap-default\">\n\t\t\t\t\t<div class=\"elementor-column elementor-col-100 elementor-top-column elementor-element elementor-element-5460350b\" data-id=\"5460350b\" data-element_type=\"column\" data-e-type=\"column\">\n\t\t\t<div class=\"elementor-widget-wrap elementor-element-populated\">\n\t\t\t\t\t\t<div class=\"elementor-element elementor-element-27582baa elementor-widget elementor-widget-spacer\" data-id=\"27582baa\" data-element_type=\"widget\" data-e-type=\"widget\" data-widget_type=\"spacer.default\">\n\t\t\t\t<div class=\"elementor-widget-container\">\n\t\t\t\t\t\t\t<div class=\"elementor-spacer\">\n\t\t\t<div class=\"elementor-spacer-inner\"><\/div>\n\t\t<\/div>\n\t\t\t\t\t\t<\/div>\n\t\t\t\t<\/div>\n\t\t\t\t\t<\/div>\n\t\t<\/div>\n\t\t\t\t\t<\/div>\n\t\t<\/section>\n\t\t\t\t<section class=\"elementor-section elementor-top-section elementor-element elementor-element-68d85793 elementor-section-boxed elementor-section-height-default elementor-section-height-default\" data-id=\"68d85793\" data-element_type=\"section\" data-e-type=\"section\" data-settings=\"{&quot;background_background&quot;:&quot;classic&quot;}\">\n\t\t\t\t\t\t<div class=\"elementor-container elementor-column-gap-default\">\n\t\t\t\t\t<div class=\"elementor-column elementor-col-100 elementor-top-column elementor-element elementor-element-48a4b449\" data-id=\"48a4b449\" data-element_type=\"column\" data-e-type=\"column\">\n\t\t\t<div class=\"elementor-widget-wrap elementor-element-populated\">\n\t\t\t\t\t\t<div class=\"elementor-element elementor-element-2af5f79b elementor-widget elementor-widget-heading\" data-id=\"2af5f79b\" data-element_type=\"widget\" data-e-type=\"widget\" data-widget_type=\"heading.default\">\n\t\t\t\t<div class=\"elementor-widget-container\">\n\t\t\t\t\t<h4 class=\"elementor-heading-title elementor-size-large\">Demande de devis<\/h4>\t\t\t\t<\/div>\n\t\t\t\t<\/div>\n\t\t\t\t<div class=\"elementor-element elementor-element-6ab1d032 elementor-widget elementor-widget-text-editor\" data-id=\"6ab1d032\" data-element_type=\"widget\" data-e-type=\"widget\" data-widget_type=\"text-editor.default\">\n\t\t\t\t<div class=\"elementor-widget-container\">\n\t\t\t\t\t\t\t\t\t<p><b style=\"color: var( --e-global-color-text ); font-family: var( --e-global-typography-text-font-family ), Raleway;\">Livraison en France<\/b> <strong style=\"color: var( --e-global-color-text ); font-family: var( --e-global-typography-text-font-family ), Raleway;\">M\u00e9tropolitaine<\/strong><span style=\"color: var( --e-global-color-text ); font-family: var( --e-global-typography-text-font-family ), Raleway; font-weight: var( --e-global-typography-text-font-weight );\">, le d\u00e9lai d\u2019exp\u00e9dition varie g\u00e9n\u00e9ralement de 15 \u00e0 20 jours en fonction de la disponibilit\u00e9 de la r\u00e9f\u00e9rence. Un d\u00e9lai suppl\u00e9mentaire peut toutefois \u00eatre \u00e0 pr\u00e9voir.<\/span><\/p><p><span style=\"color: var( --e-global-color-text ); font-family: var( --e-global-typography-text-font-family ), Raleway; font-weight: var( --e-global-typography-text-font-weight );\">\u00a0<\/span><b style=\"color: var( --e-global-color-text ); font-family: var( --e-global-typography-text-font-family ), Raleway;\">Livraison en Corse, DROM\u00a0<\/b><span style=\"color: var( --e-global-color-text ); font-family: var( --e-global-typography-text-font-family ), Raleway; font-weight: bold;\">(<\/span><span style=\"color: var( --e-global-color-text ); font-family: var( --e-global-typography-text-font-family ), Raleway; font-weight: bolder;\">D\u00e9partement et R\u00e9gion d&rsquo;Outre-Mer)\u00a0<\/span><span style=\"color: var( --e-global-color-text ); font-family: var( --e-global-typography-text-font-family ), Raleway; font-weight: var( --e-global-typography-text-font-weight );\"><b>&amp; \u00e0 l\u2019\u00e9tranger <\/b>:<\/span><span style=\"color: var( --e-global-color-text ); font-family: var( --e-global-typography-text-font-family ), Raleway; font-weight: var( --e-global-typography-text-font-weight );\">\u00a0d\u00e9lais &amp;\u00a0<\/span><span style=\"color: var( --e-global-color-text ); font-family: var( --e-global-typography-text-font-family ), Raleway; font-weight: var( --e-global-typography-text-font-weight );\">conditions d&rsquo;exp\u00e9dition sp\u00e9cifiques sont \u00e0 pr\u00e9voir.<\/span><\/p>\t\t\t\t\t\t\t\t<\/div>\n\t\t\t\t<\/div>\n\t\t\t\t<div class=\"elementor-element elementor-element-7db2bc1d elementor-button-align-center elementor-widget elementor-widget-form\" data-id=\"7db2bc1d\" data-element_type=\"widget\" data-e-type=\"widget\" data-settings=\"{&quot;step_next_label&quot;:&quot;Suivant&quot;,&quot;step_previous_label&quot;:&quot;Pr\\u00e9c\\u00e9dent&quot;,&quot;step_type&quot;:&quot;progress_bar&quot;,&quot;button_width&quot;:&quot;100&quot;}\" data-widget_type=\"form.default\">\n\t\t\t\t<div class=\"elementor-widget-container\">\n\t\t\t\t\t\t\t<form class=\"elementor-form\" method=\"post\" name=\"Demande Web : PROMO novembre\" aria-label=\"Demande Web : PROMO novembre\">\n\t\t\t<input type=\"hidden\" name=\"post_id\" value=\"31404\"\/>\n\t\t\t<input type=\"hidden\" name=\"form_id\" value=\"7db2bc1d\"\/>\n\t\t\t<input type=\"hidden\" name=\"referer_title\" value=\"Dalles ext\u00e9rieures 20mm en gr\u00e8s c\u00e9rame - Porto Venere\" \/>\n\n\t\t\t\t\t\t\t<input type=\"hidden\" name=\"queried_id\" value=\"31404\"\/>\n\t\t\t\n\t\t\t<div class=\"elementor-form-fields-wrapper elementor-labels-above\">\n\t\t\t\t\t\t\t\t<div class=\"elementor-field-type-step elementor-field-group elementor-column elementor-field-group-field_c75fc53 elementor-col-100\">\n\t\t\t\t\t\t\t<div class=\"e-field-step elementor-hidden\" data-label=\"\" data-previousButton=\"\" data-nextButton=\"\" data-iconUrl=\"\" data-iconLibrary=\"fas fa-star\" data-icon=\"&lt;svg class=&quot;e-font-icon-svg e-fas-star&quot; viewBox=&quot;0 0 576 512&quot; xmlns=&quot;http:\/\/www.w3.org\/2000\/svg&quot;&gt;&lt;path d=&quot;M259.3 17.8L194 150.2 47.9 171.5c-26.2 3.8-36.7 36.1-17.7 54.6l105.7 103-25 145.5c-4.5 26.3 23.2 46 46.4 33.7L288 439.6l130.7 68.7c23.2 12.2 50.9-7.4 46.4-33.7l-25-145.5 105.7-103c19-18.5 8.5-50.8-17.7-54.6L382 150.2 316.7 17.8c-11.7-23.6-45.6-23.9-57.4 0z&quot;&gt;&lt;\/path&gt;&lt;\/svg&gt;\" ><\/div>\n\n\t\t\t\t\t\t<\/div>\n\t\t\t\t\t\t\t\t<div class=\"elementor-field-type-text elementor-field-group elementor-column elementor-field-group-field_ac7c5de elementor-col-33 elementor-field-required elementor-mark-required\">\n\t\t\t\t\t\t\t\t\t\t\t\t<label for=\"form-field-field_ac7c5de\" class=\"elementor-field-label\">\n\t\t\t\t\t\t\t\tNom de la collection\t\t\t\t\t\t\t<\/label>\n\t\t\t\t\t\t\t\t\t\t\t\t\t\t<input size=\"1\" type=\"text\" name=\"form_fields[field_ac7c5de]\" id=\"form-field-field_ac7c5de\" class=\"elementor-field elementor-size-sm  elementor-field-textual\" required=\"required\">\n\t\t\t\t\t\t\t\t\t\t\t<\/div>\n\t\t\t\t\t\t\t\t<div class=\"elementor-field-type-text elementor-field-group elementor-column elementor-field-group-field_3d09146 elementor-col-33 elementor-field-required elementor-mark-required\">\n\t\t\t\t\t\t\t\t\t\t\t\t<label for=\"form-field-field_3d09146\" class=\"elementor-field-label\">\n\t\t\t\t\t\t\t\tFormat(s) & finition(s) \t\t\t\t\t\t\t<\/label>\n\t\t\t\t\t\t\t\t\t\t\t\t\t\t<input size=\"1\" type=\"text\" name=\"form_fields[field_3d09146]\" id=\"form-field-field_3d09146\" class=\"elementor-field elementor-size-sm  elementor-field-textual\" required=\"required\">\n\t\t\t\t\t\t\t\t\t\t\t<\/div>\n\t\t\t\t\t\t\t\t<div class=\"elementor-field-type-text elementor-field-group elementor-column elementor-field-group-field_e94b5e4 elementor-col-25 elementor-field-required elementor-mark-required\">\n\t\t\t\t\t\t\t\t\t\t\t\t<label for=\"form-field-field_e94b5e4\" class=\"elementor-field-label\">\n\t\t\t\t\t\t\t\tCouleur(s) s\u00e9lectionn\u00e9(s)\t\t\t\t\t\t\t<\/label>\n\t\t\t\t\t\t\t\t\t\t\t\t\t\t<input size=\"1\" type=\"text\" name=\"form_fields[field_e94b5e4]\" id=\"form-field-field_e94b5e4\" class=\"elementor-field elementor-size-sm  elementor-field-textual\" required=\"required\">\n\t\t\t\t\t\t\t\t\t\t\t<\/div>\n\t\t\t\t\t\t\t\t<div class=\"elementor-field-type-number elementor-field-group elementor-column elementor-field-group-field_7680f45 elementor-col-20 elementor-field-required elementor-mark-required\">\n\t\t\t\t\t\t\t\t\t\t\t\t<label for=\"form-field-field_7680f45\" class=\"elementor-field-label\">\n\t\t\t\t\t\t\t\tQuantit\u00e9\t\t\t\t\t\t\t<\/label>\n\t\t\t\t\t\t\t\t\t<input type=\"number\" name=\"form_fields[field_7680f45]\" id=\"form-field-field_7680f45\" class=\"elementor-field elementor-size-sm  elementor-field-textual\" required=\"required\" min=\"\" max=\"\" >\n\t\t\t\t\t\t<\/div>\n\t\t\t\t\t\t\t\t<div class=\"elementor-field-type-select elementor-field-group elementor-column elementor-field-group-field_a964843 elementor-col-20 elementor-field-required elementor-mark-required\">\n\t\t\t\t\t\t\t\t\t\t\t\t<label for=\"form-field-field_a964843\" class=\"elementor-field-label\">\n\t\t\t\t\t\t\t\tEn\t\t\t\t\t\t\t<\/label>\n\t\t\t\t\t\t\t\t<div class=\"elementor-field elementor-select-wrapper remove-before \">\n\t\t\t<div class=\"select-caret-down-wrapper\">\n\t\t\t\t<svg aria-hidden=\"true\" class=\"e-font-icon-svg e-eicon-caret-down\" viewBox=\"0 0 571.4 571.4\" xmlns=\"http:\/\/www.w3.org\/2000\/svg\"><path d=\"M571 393Q571 407 561 418L311 668Q300 679 286 679T261 668L11 418Q0 407 0 393T11 368 36 357H536Q550 357 561 368T571 393Z\"><\/path><\/svg>\t\t\t<\/div>\n\t\t\t<select name=\"form_fields[field_a964843]\" id=\"form-field-field_a964843\" class=\"elementor-field-textual elementor-size-sm\" required=\"required\">\n\t\t\t\t\t\t\t\t\t<option value=\"m2\" selected=\"selected\">m2<\/option>\n\t\t\t\t\t\t\t\t\t<option value=\"unit\u00e9(s)\">unit\u00e9(s)<\/option>\n\t\t\t\t\t\t\t<\/select>\n\t\t<\/div>\n\t\t\t\t\t\t<\/div>\n\t\t\t\t\t\t\t\t<div class=\"elementor-field-type-checkbox elementor-field-group elementor-column elementor-field-group-field_e8dfbd9 elementor-col-40\">\n\t\t\t\t\t\t\t\t\t\t\t\t<label for=\"form-field-field_e8dfbd9\" class=\"elementor-field-label\">\n\t\t\t\t\t\t\t\tProduits compl\u00e9mentaires\t\t\t\t\t\t\t<\/label>\n\t\t\t\t\t\t<div class=\"elementor-field-subgroup  elementor-subgroup-inline\"><span class=\"elementor-field-option\"><input type=\"checkbox\" value=\"Colle \" id=\"form-field-field_e8dfbd9-0\" name=\"form_fields[field_e8dfbd9][]\"> <label for=\"form-field-field_e8dfbd9-0\">Colle <\/label><\/span><span class=\"elementor-field-option\"><input type=\"checkbox\" value=\"Joint \" id=\"form-field-field_e8dfbd9-1\" name=\"form_fields[field_e8dfbd9][]\"> <label for=\"form-field-field_e8dfbd9-1\">Joint <\/label><\/span><span class=\"elementor-field-option\"><input type=\"checkbox\" value=\"Croisillons \" id=\"form-field-field_e8dfbd9-2\" name=\"form_fields[field_e8dfbd9][]\"> <label for=\"form-field-field_e8dfbd9-2\">Croisillons <\/label><\/span><span class=\"elementor-field-option\"><input type=\"checkbox\" value=\"Non merci\" id=\"form-field-field_e8dfbd9-3\" name=\"form_fields[field_e8dfbd9][]\"> <label for=\"form-field-field_e8dfbd9-3\">Non merci<\/label><\/span><\/div>\t\t\t\t<\/div>\n\t\t\t\t\t\t\t\t<div class=\"elementor-field-type-step elementor-field-group elementor-column elementor-field-group-field_ac9d746 elementor-col-100\">\n\t\t\t\t\t\t\t<div class=\"e-field-step elementor-hidden\" data-label=\"\" data-previousButton=\"Pr\u00e9c\u00e9dent\" data-nextButton=\"Suivant\" data-iconUrl=\"\" data-iconLibrary=\"fas fa-star\" data-icon=\"&lt;svg class=&quot;e-font-icon-svg e-fas-star&quot; viewBox=&quot;0 0 576 512&quot; xmlns=&quot;http:\/\/www.w3.org\/2000\/svg&quot;&gt;&lt;path d=&quot;M259.3 17.8L194 150.2 47.9 171.5c-26.2 3.8-36.7 36.1-17.7 54.6l105.7 103-25 145.5c-4.5 26.3 23.2 46 46.4 33.7L288 439.6l130.7 68.7c23.2 12.2 50.9-7.4 46.4-33.7l-25-145.5 105.7-103c19-18.5 8.5-50.8-17.7-54.6L382 150.2 316.7 17.8c-11.7-23.6-45.6-23.9-57.4 0z&quot;&gt;&lt;\/path&gt;&lt;\/svg&gt;\" ><\/div>\n\n\t\t\t\t\t\t<\/div>\n\t\t\t\t\t\t\t\t<div class=\"elementor-field-type-text elementor-field-group elementor-column elementor-field-group-name elementor-col-25 elementor-field-required elementor-mark-required\">\n\t\t\t\t\t\t\t\t\t\t\t\t<label for=\"form-field-name\" class=\"elementor-field-label\">\n\t\t\t\t\t\t\t\tNom\t\t\t\t\t\t\t<\/label>\n\t\t\t\t\t\t\t\t\t\t\t\t\t\t<input size=\"1\" type=\"text\" name=\"form_fields[name]\" id=\"form-field-name\" class=\"elementor-field elementor-size-sm  elementor-field-textual\" required=\"required\">\n\t\t\t\t\t\t\t\t\t\t\t<\/div>\n\t\t\t\t\t\t\t\t<div class=\"elementor-field-type-text elementor-field-group elementor-column elementor-field-group-field_d28b71d elementor-col-25 elementor-field-required elementor-mark-required\">\n\t\t\t\t\t\t\t\t\t\t\t\t<label for=\"form-field-field_d28b71d\" class=\"elementor-field-label\">\n\t\t\t\t\t\t\t\tPr\u00e9nom\t\t\t\t\t\t\t<\/label>\n\t\t\t\t\t\t\t\t\t\t\t\t\t\t<input size=\"1\" type=\"text\" name=\"form_fields[field_d28b71d]\" id=\"form-field-field_d28b71d\" class=\"elementor-field elementor-size-sm  elementor-field-textual\" required=\"required\">\n\t\t\t\t\t\t\t\t\t\t\t<\/div>\n\t\t\t\t\t\t\t\t<div class=\"elementor-field-type-email elementor-field-group elementor-column elementor-field-group-email elementor-col-25 elementor-field-required elementor-mark-required\">\n\t\t\t\t\t\t\t\t\t\t\t\t<label for=\"form-field-email\" class=\"elementor-field-label\">\n\t\t\t\t\t\t\t\tE-mail\t\t\t\t\t\t\t<\/label>\n\t\t\t\t\t\t\t\t\t\t\t\t\t\t<input size=\"1\" type=\"email\" name=\"form_fields[email]\" id=\"form-field-email\" class=\"elementor-field elementor-size-sm  elementor-field-textual\" required=\"required\">\n\t\t\t\t\t\t\t\t\t\t\t<\/div>\n\t\t\t\t\t\t\t\t<div class=\"elementor-field-type-tel elementor-field-group elementor-column elementor-field-group-field_974e77d elementor-col-20 elementor-field-required elementor-mark-required\">\n\t\t\t\t\t\t\t\t\t\t\t\t<label for=\"form-field-field_974e77d\" class=\"elementor-field-label\">\n\t\t\t\t\t\t\t\tT\u00e9l\u00e9phone\t\t\t\t\t\t\t<\/label>\n\t\t\t\t\t\t\t\t<input size=\"1\" type=\"tel\" name=\"form_fields[field_974e77d]\" id=\"form-field-field_974e77d\" class=\"elementor-field elementor-size-sm  elementor-field-textual\" required=\"required\" pattern=\"[0-9()#&amp;+*-=.]+\" title=\"Seuls les caract\u00e8res de num\u00e9ros de t\u00e9l\u00e9phone (#, -, *, etc.) sont accept\u00e9s.\">\n\n\t\t\t\t\t\t<\/div>\n\t\t\t\t\t\t\t\t<div class=\"elementor-field-type-text elementor-field-group elementor-column elementor-field-group-field_0535f87 elementor-col-33\">\n\t\t\t\t\t\t\t\t\t\t\t\t<label for=\"form-field-field_0535f87\" class=\"elementor-field-label\">\n\t\t\t\t\t\t\t\tAdresse\t\t\t\t\t\t\t<\/label>\n\t\t\t\t\t\t\t\t\t\t\t\t\t\t<input size=\"1\" type=\"text\" name=\"form_fields[field_0535f87]\" id=\"form-field-field_0535f87\" class=\"elementor-field elementor-size-sm  elementor-field-textual\">\n\t\t\t\t\t\t\t\t\t\t\t<\/div>\n\t\t\t\t\t\t\t\t<div class=\"elementor-field-type-text elementor-field-group elementor-column elementor-field-group-field_9b7b933 elementor-col-20 elementor-field-required elementor-mark-required\">\n\t\t\t\t\t\t\t\t\t\t\t\t<label for=\"form-field-field_9b7b933\" class=\"elementor-field-label\">\n\t\t\t\t\t\t\t\tCode Postal\t\t\t\t\t\t\t<\/label>\n\t\t\t\t\t\t\t\t\t\t\t\t\t\t<input size=\"1\" type=\"text\" name=\"form_fields[field_9b7b933]\" id=\"form-field-field_9b7b933\" class=\"elementor-field elementor-size-sm  elementor-field-textual\" required=\"required\">\n\t\t\t\t\t\t\t\t\t\t\t<\/div>\n\t\t\t\t\t\t\t\t<div class=\"elementor-field-type-text elementor-field-group elementor-column elementor-field-group-field_8aa5e2a elementor-col-25 elementor-field-required elementor-mark-required\">\n\t\t\t\t\t\t\t\t\t\t\t\t<label for=\"form-field-field_8aa5e2a\" class=\"elementor-field-label\">\n\t\t\t\t\t\t\t\tVille\t\t\t\t\t\t\t<\/label>\n\t\t\t\t\t\t\t\t\t\t\t\t\t\t<input size=\"1\" type=\"text\" name=\"form_fields[field_8aa5e2a]\" id=\"form-field-field_8aa5e2a\" class=\"elementor-field elementor-size-sm  elementor-field-textual\" required=\"required\">\n\t\t\t\t\t\t\t\t\t\t\t<\/div>\n\t\t\t\t\t\t\t\t<div class=\"elementor-field-type-text elementor-field-group elementor-column elementor-field-group-field_df80db9 elementor-col-20\">\n\t\t\t\t\t\t\t\t\t\t\t\t<label for=\"form-field-field_df80db9\" class=\"elementor-field-label\">\n\t\t\t\t\t\t\t\tPays\t\t\t\t\t\t\t<\/label>\n\t\t\t\t\t\t\t\t\t\t\t\t\t\t<input size=\"1\" type=\"text\" name=\"form_fields[field_df80db9]\" id=\"form-field-field_df80db9\" class=\"elementor-field elementor-size-sm  elementor-field-textual\" value=\"France\">\n\t\t\t\t\t\t\t\t\t\t\t<\/div>\n\t\t\t\t\t\t\t\t<div class=\"elementor-field-type-textarea elementor-field-group elementor-column elementor-field-group-message elementor-col-40\">\n\t\t\t\t\t\t\t\t\t\t\t\t<label for=\"form-field-message\" class=\"elementor-field-label\">\n\t\t\t\t\t\t\t\tCommentaire\t\t\t\t\t\t\t<\/label>\n\t\t\t\t\t\t<textarea class=\"elementor-field-textual elementor-field  elementor-size-sm\" name=\"form_fields[message]\" id=\"form-field-message\" rows=\"1\"><\/textarea>\t\t\t\t<\/div>\n\t\t\t\t\t\t\t\t<div class=\"elementor-field-type-select elementor-field-group elementor-column elementor-field-group-field_d6f2380 elementor-col-20\">\n\t\t\t\t\t\t\t\t\t\t\t\t<label for=\"form-field-field_d6f2380\" class=\"elementor-field-label\">\n\t\t\t\t\t\t\t\tRecevoir notre Newsletter\t\t\t\t\t\t\t<\/label>\n\t\t\t\t\t\t\t\t<div class=\"elementor-field elementor-select-wrapper remove-before \">\n\t\t\t<div class=\"select-caret-down-wrapper\">\n\t\t\t\t<svg aria-hidden=\"true\" class=\"e-font-icon-svg e-eicon-caret-down\" viewBox=\"0 0 571.4 571.4\" xmlns=\"http:\/\/www.w3.org\/2000\/svg\"><path d=\"M571 393Q571 407 561 418L311 668Q300 679 286 679T261 668L11 418Q0 407 0 393T11 368 36 357H536Q550 357 561 368T571 393Z\"><\/path><\/svg>\t\t\t<\/div>\n\t\t\t<select name=\"form_fields[field_d6f2380]\" id=\"form-field-field_d6f2380\" class=\"elementor-field-textual elementor-size-sm\">\n\t\t\t\t\t\t\t\t\t<option value=\"Non\" selected=\"selected\">Non<\/option>\n\t\t\t\t\t\t\t\t\t<option value=\"Oui\">Oui<\/option>\n\t\t\t\t\t\t\t<\/select>\n\t\t<\/div>\n\t\t\t\t\t\t<\/div>\n\t\t\t\t\t\t\t\t<div class=\"elementor-field-type-recaptcha_v3 elementor-field-group elementor-column elementor-field-group-field_0f1fba1 elementor-col-100 recaptcha_v3-bottomright\">\n\t\t\t\t\t<div class=\"elementor-field\" id=\"form-field-field_0f1fba1\"><div class=\"elementor-g-recaptcha\" data-sitekey=\"6Ldn54QUAAAAAOEznJOfGEiW59cpKp35qcEKFkzs\" data-type=\"v3\" data-action=\"Form\" data-badge=\"bottomright\" data-size=\"invisible\"><\/div><\/div>\t\t\t\t<\/div>\n\t\t\t\t\t\t\t\t<div class=\"elementor-field-group elementor-column elementor-field-type-submit elementor-col-100 e-form__buttons\">\n\t\t\t\t\t<button class=\"elementor-button elementor-size-md elementor-animation-grow\" type=\"submit\">\n\t\t\t\t\t\t<span class=\"elementor-button-content-wrapper\">\n\t\t\t\t\t\t\t\t\t\t\t\t\t\t\t\t\t\t\t\t\t\t<span class=\"elementor-button-text\">Envoyer<\/span>\n\t\t\t\t\t\t\t\t\t\t\t\t\t<\/span>\n\t\t\t\t\t<\/button>\n\t\t\t\t<\/div>\n\t\t\t<\/div>\n\t\t<\/form>\n\t\t\t\t\t\t<\/div>\n\t\t\t\t<\/div>\n\t\t\t\t\t<\/div>\n\t\t<\/div>\n\t\t\t\t\t<\/div>\n\t\t<\/section>\n\t\t\t\t<section class=\"elementor-section elementor-top-section elementor-element elementor-element-588f1e5b elementor-section-full_width elementor-section-height-default elementor-section-height-default\" data-id=\"588f1e5b\" data-element_type=\"section\" data-e-type=\"section\" data-settings=\"{&quot;background_background&quot;:&quot;classic&quot;}\">\n\t\t\t\t\t\t<div class=\"elementor-container elementor-column-gap-default\">\n\t\t\t\t\t<div class=\"elementor-column elementor-col-100 elementor-top-column elementor-element elementor-element-2e58632e\" data-id=\"2e58632e\" data-element_type=\"column\" data-e-type=\"column\">\n\t\t\t<div class=\"elementor-widget-wrap elementor-element-populated\">\n\t\t\t\t\t\t<div class=\"elementor-element elementor-element-7b852eca elementor-view-framed elementor-shape-circle elementor-invisible elementor-widget elementor-widget-icon\" data-id=\"7b852eca\" data-element_type=\"widget\" data-e-type=\"widget\" data-settings=\"{&quot;_animation&quot;:&quot;fadeInUp&quot;}\" data-widget_type=\"icon.default\">\n\t\t\t\t<div class=\"elementor-widget-container\">\n\t\t\t\t\t\t\t<div class=\"elementor-icon-wrapper\">\n\t\t\t<a class=\"elementor-icon elementor-animation-grow\" href=\"#retourhaut\">\n\t\t\t<svg aria-hidden=\"true\" class=\"e-font-icon-svg e-fas-chevron-circle-up\" viewBox=\"0 0 512 512\" xmlns=\"http:\/\/www.w3.org\/2000\/svg\"><path d=\"M8 256C8 119 119 8 256 8s248 111 248 248-111 248-248 248S8 393 8 256zm231-113.9L103.5 277.6c-9.4 9.4-9.4 24.6 0 33.9l17 17c9.4 9.4 24.6 9.4 33.9 0L256 226.9l101.6 101.6c9.4 9.4 24.6 9.4 33.9 0l17-17c9.4-9.4 9.4-24.6 0-33.9L273 142.1c-9.4-9.4-24.6-9.4-34 0z\"><\/path><\/svg>\t\t\t<\/a>\n\t\t<\/div>\n\t\t\t\t\t\t<\/div>\n\t\t\t\t<\/div>\n\t\t\t\t<div class=\"elementor-element elementor-element-42469a48 elementor-widget-divider--view-line elementor-widget elementor-widget-divider\" data-id=\"42469a48\" data-element_type=\"widget\" data-e-type=\"widget\" data-widget_type=\"divider.default\">\n\t\t\t\t<div class=\"elementor-widget-container\">\n\t\t\t\t\t\t\t<div class=\"elementor-divider\">\n\t\t\t<span class=\"elementor-divider-separator\">\n\t\t\t\t\t\t<\/span>\n\t\t<\/div>\n\t\t\t\t\t\t<\/div>\n\t\t\t\t<\/div>\n\t\t\t\t<div class=\"elementor-element elementor-element-6ef83dbb elementor-widget elementor-widget-heading\" data-id=\"6ef83dbb\" data-element_type=\"widget\" data-e-type=\"widget\" data-widget_type=\"heading.default\">\n\t\t\t\t<div class=\"elementor-widget-container\">\n\t\t\t\t\t<h4 class=\"elementor-heading-title elementor-size-large\"><a href=\"#partager\">Partager<\/a><\/h4>\t\t\t\t<\/div>\n\t\t\t\t<\/div>\n\t\t\t\t<div class=\"elementor-element elementor-element-716d4a47 elementor-share-buttons--skin-minimal elementor-share-buttons--shape-circle elementor-share-buttons--view-icon-text elementor-grid-0 elementor-share-buttons--color-official elementor-widget elementor-widget-share-buttons\" data-id=\"716d4a47\" data-element_type=\"widget\" data-e-type=\"widget\" data-widget_type=\"share-buttons.default\">\n\t\t\t\t<div class=\"elementor-widget-container\">\n\t\t\t\t\t\t\t<div class=\"elementor-grid\" role=\"list\">\n\t\t\t\t\t\t\t\t<div class=\"elementor-grid-item\" role=\"listitem\">\n\t\t\t\t\t\t<div class=\"elementor-share-btn elementor-share-btn_facebook\" role=\"button\" tabindex=\"0\" aria-label=\"Partager sur facebook\">\n\t\t\t\t\t\t\t\t\t\t\t\t\t\t\t<span class=\"elementor-share-btn__icon\">\n\t\t\t\t\t\t\t\t<svg aria-hidden=\"true\" class=\"e-font-icon-svg e-fab-facebook\" viewBox=\"0 0 512 512\" xmlns=\"http:\/\/www.w3.org\/2000\/svg\"><path d=\"M504 256C504 119 393 8 256 8S8 119 8 256c0 123.78 90.69 226.38 209.25 245V327.69h-63V256h63v-54.64c0-62.15 37-96.48 93.67-96.48 27.14 0 55.52 4.84 55.52 4.84v61h-31.28c-30.8 0-40.41 19.12-40.41 38.73V256h68.78l-11 71.69h-57.78V501C413.31 482.38 504 379.78 504 256z\"><\/path><\/svg>\t\t\t\t\t\t\t<\/span>\n\t\t\t\t\t\t\t\t\t\t\t\t\t\t\t\t\t\t\t\t\t\t<div class=\"elementor-share-btn__text\">\n\t\t\t\t\t\t\t\t\t\t\t\t\t\t\t\t\t\t\t<span class=\"elementor-share-btn__title\">\n\t\t\t\t\t\t\t\t\t\tFacebook\t\t\t\t\t\t\t\t\t<\/span>\n\t\t\t\t\t\t\t\t\t\t\t\t\t\t\t\t\t<\/div>\n\t\t\t\t\t\t\t\t\t\t\t\t\t<\/div>\n\t\t\t\t\t<\/div>\n\t\t\t\t\t\t\t\t\t<div class=\"elementor-grid-item\" role=\"listitem\">\n\t\t\t\t\t\t<div class=\"elementor-share-btn elementor-share-btn_pinterest\" role=\"button\" tabindex=\"0\" aria-label=\"Partager sur pinterest\">\n\t\t\t\t\t\t\t\t\t\t\t\t\t\t\t<span class=\"elementor-share-btn__icon\">\n\t\t\t\t\t\t\t\t<svg aria-hidden=\"true\" class=\"e-font-icon-svg e-fab-pinterest\" viewBox=\"0 0 496 512\" xmlns=\"http:\/\/www.w3.org\/2000\/svg\"><path d=\"M496 256c0 137-111 248-248 248-25.6 0-50.2-3.9-73.4-11.1 10.1-16.5 25.2-43.5 30.8-65 3-11.6 15.4-59 15.4-59 8.1 15.4 31.7 28.5 56.8 28.5 74.8 0 128.7-68.8 128.7-154.3 0-81.9-66.9-143.2-152.9-143.2-107 0-163.9 71.8-163.9 150.1 0 36.4 19.4 81.7 50.3 96.1 4.7 2.2 7.2 1.2 8.3-3.3.8-3.4 5-20.3 6.9-28.1.6-2.5.3-4.7-1.7-7.1-10.1-12.5-18.3-35.3-18.3-56.6 0-54.7 41.4-107.6 112-107.6 60.9 0 103.6 41.5 103.6 100.9 0 67.1-33.9 113.6-78 113.6-24.3 0-42.6-20.1-36.7-44.8 7-29.5 20.5-61.3 20.5-82.6 0-19-10.2-34.9-31.4-34.9-24.9 0-44.9 25.7-44.9 60.2 0 22 7.4 36.8 7.4 36.8s-24.5 103.8-29 123.2c-5 21.4-3 51.6-.9 71.2C65.4 450.9 0 361.1 0 256 0 119 111 8 248 8s248 111 248 248z\"><\/path><\/svg>\t\t\t\t\t\t\t<\/span>\n\t\t\t\t\t\t\t\t\t\t\t\t\t\t\t\t\t\t\t\t\t\t<div class=\"elementor-share-btn__text\">\n\t\t\t\t\t\t\t\t\t\t\t\t\t\t\t\t\t\t\t<span class=\"elementor-share-btn__title\">\n\t\t\t\t\t\t\t\t\t\tPinterest\t\t\t\t\t\t\t\t\t<\/span>\n\t\t\t\t\t\t\t\t\t\t\t\t\t\t\t\t\t<\/div>\n\t\t\t\t\t\t\t\t\t\t\t\t\t<\/div>\n\t\t\t\t\t<\/div>\n\t\t\t\t\t\t\t\t\t<div class=\"elementor-grid-item\" role=\"listitem\">\n\t\t\t\t\t\t<div class=\"elementor-share-btn elementor-share-btn_linkedin\" role=\"button\" tabindex=\"0\" aria-label=\"Partager sur linkedin\">\n\t\t\t\t\t\t\t\t\t\t\t\t\t\t\t<span class=\"elementor-share-btn__icon\">\n\t\t\t\t\t\t\t\t<svg aria-hidden=\"true\" class=\"e-font-icon-svg e-fab-linkedin\" viewBox=\"0 0 448 512\" xmlns=\"http:\/\/www.w3.org\/2000\/svg\"><path d=\"M416 32H31.9C14.3 32 0 46.5 0 64.3v383.4C0 465.5 14.3 480 31.9 480H416c17.6 0 32-14.5 32-32.3V64.3c0-17.8-14.4-32.3-32-32.3zM135.4 416H69V202.2h66.5V416zm-33.2-243c-21.3 0-38.5-17.3-38.5-38.5S80.9 96 102.2 96c21.2 0 38.5 17.3 38.5 38.5 0 21.3-17.2 38.5-38.5 38.5zm282.1 243h-66.4V312c0-24.8-.5-56.7-34.5-56.7-34.6 0-39.9 27-39.9 54.9V416h-66.4V202.2h63.7v29.2h.9c8.9-16.8 30.6-34.5 62.9-34.5 67.2 0 79.7 44.3 79.7 101.9V416z\"><\/path><\/svg>\t\t\t\t\t\t\t<\/span>\n\t\t\t\t\t\t\t\t\t\t\t\t\t\t\t\t\t\t\t\t\t\t<div class=\"elementor-share-btn__text\">\n\t\t\t\t\t\t\t\t\t\t\t\t\t\t\t\t\t\t\t<span class=\"elementor-share-btn__title\">\n\t\t\t\t\t\t\t\t\t\tLinkedIn\t\t\t\t\t\t\t\t\t<\/span>\n\t\t\t\t\t\t\t\t\t\t\t\t\t\t\t\t\t<\/div>\n\t\t\t\t\t\t\t\t\t\t\t\t\t<\/div>\n\t\t\t\t\t<\/div>\n\t\t\t\t\t\t\t\t\t<div class=\"elementor-grid-item\" role=\"listitem\">\n\t\t\t\t\t\t<div class=\"elementor-share-btn elementor-share-btn_whatsapp\" role=\"button\" tabindex=\"0\" aria-label=\"Partager sur whatsapp\">\n\t\t\t\t\t\t\t\t\t\t\t\t\t\t\t<span class=\"elementor-share-btn__icon\">\n\t\t\t\t\t\t\t\t<svg aria-hidden=\"true\" class=\"e-font-icon-svg e-fab-whatsapp\" viewBox=\"0 0 448 512\" xmlns=\"http:\/\/www.w3.org\/2000\/svg\"><path d=\"M380.9 97.1C339 55.1 283.2 32 223.9 32c-122.4 0-222 99.6-222 222 0 39.1 10.2 77.3 29.6 111L0 480l117.7-30.9c32.4 17.7 68.9 27 106.1 27h.1c122.3 0 224.1-99.6 224.1-222 0-59.3-25.2-115-67.1-157zm-157 341.6c-33.2 0-65.7-8.9-94-25.7l-6.7-4-69.8 18.3L72 359.2l-4.4-7c-18.5-29.4-28.2-63.3-28.2-98.2 0-101.7 82.8-184.5 184.6-184.5 49.3 0 95.6 19.2 130.4 54.1 34.8 34.9 56.2 81.2 56.1 130.5 0 101.8-84.9 184.6-186.6 184.6zm101.2-138.2c-5.5-2.8-32.8-16.2-37.9-18-5.1-1.9-8.8-2.8-12.5 2.8-3.7 5.6-14.3 18-17.6 21.8-3.2 3.7-6.5 4.2-12 1.4-32.6-16.3-54-29.1-75.5-66-5.7-9.8 5.7-9.1 16.3-30.3 1.8-3.7.9-6.9-.5-9.7-1.4-2.8-12.5-30.1-17.1-41.2-4.5-10.8-9.1-9.3-12.5-9.5-3.2-.2-6.9-.2-10.6-.2-3.7 0-9.7 1.4-14.8 6.9-5.1 5.6-19.4 19-19.4 46.3 0 27.3 19.9 53.7 22.6 57.4 2.8 3.7 39.1 59.7 94.8 83.8 35.2 15.2 49 16.5 66.6 13.9 10.7-1.6 32.8-13.4 37.4-26.4 4.6-13 4.6-24.1 3.2-26.4-1.3-2.5-5-3.9-10.5-6.6z\"><\/path><\/svg>\t\t\t\t\t\t\t<\/span>\n\t\t\t\t\t\t\t\t\t\t\t\t\t\t\t\t\t\t\t\t\t\t<div class=\"elementor-share-btn__text\">\n\t\t\t\t\t\t\t\t\t\t\t\t\t\t\t\t\t\t\t<span class=\"elementor-share-btn__title\">\n\t\t\t\t\t\t\t\t\t\tWhatsApp\t\t\t\t\t\t\t\t\t<\/span>\n\t\t\t\t\t\t\t\t\t\t\t\t\t\t\t\t\t<\/div>\n\t\t\t\t\t\t\t\t\t\t\t\t\t<\/div>\n\t\t\t\t\t<\/div>\n\t\t\t\t\t\t\t\t\t<div class=\"elementor-grid-item\" role=\"listitem\">\n\t\t\t\t\t\t<div class=\"elementor-share-btn elementor-share-btn_twitter\" role=\"button\" tabindex=\"0\" aria-label=\"Partager sur twitter\">\n\t\t\t\t\t\t\t\t\t\t\t\t\t\t\t<span class=\"elementor-share-btn__icon\">\n\t\t\t\t\t\t\t\t<svg aria-hidden=\"true\" class=\"e-font-icon-svg e-fab-twitter\" viewBox=\"0 0 512 512\" xmlns=\"http:\/\/www.w3.org\/2000\/svg\"><path d=\"M459.37 151.716c.325 4.548.325 9.097.325 13.645 0 138.72-105.583 298.558-298.558 298.558-59.452 0-114.68-17.219-161.137-47.106 8.447.974 16.568 1.299 25.34 1.299 49.055 0 94.213-16.568 130.274-44.832-46.132-.975-84.792-31.188-98.112-72.772 6.498.974 12.995 1.624 19.818 1.624 9.421 0 18.843-1.3 27.614-3.573-48.081-9.747-84.143-51.98-84.143-102.985v-1.299c13.969 7.797 30.214 12.67 47.431 13.319-28.264-18.843-46.781-51.005-46.781-87.391 0-19.492 5.197-37.36 14.294-52.954 51.655 63.675 129.3 105.258 216.365 109.807-1.624-7.797-2.599-15.918-2.599-24.04 0-57.828 46.782-104.934 104.934-104.934 30.213 0 57.502 12.67 76.67 33.137 23.715-4.548 46.456-13.32 66.599-25.34-7.798 24.366-24.366 44.833-46.132 57.827 21.117-2.273 41.584-8.122 60.426-16.243-14.292 20.791-32.161 39.308-52.628 54.253z\"><\/path><\/svg>\t\t\t\t\t\t\t<\/span>\n\t\t\t\t\t\t\t\t\t\t\t\t\t\t\t\t\t\t\t\t\t\t<div class=\"elementor-share-btn__text\">\n\t\t\t\t\t\t\t\t\t\t\t\t\t\t\t\t\t\t\t<span class=\"elementor-share-btn__title\">\n\t\t\t\t\t\t\t\t\t\tTwitter\t\t\t\t\t\t\t\t\t<\/span>\n\t\t\t\t\t\t\t\t\t\t\t\t\t\t\t\t\t<\/div>\n\t\t\t\t\t\t\t\t\t\t\t\t\t<\/div>\n\t\t\t\t\t<\/div>\n\t\t\t\t\t\t\t\t\t<div class=\"elementor-grid-item\" role=\"listitem\">\n\t\t\t\t\t\t<div class=\"elementor-share-btn elementor-share-btn_email\" role=\"button\" tabindex=\"0\" aria-label=\"Partager sur email\">\n\t\t\t\t\t\t\t\t\t\t\t\t\t\t\t<span class=\"elementor-share-btn__icon\">\n\t\t\t\t\t\t\t\t<svg aria-hidden=\"true\" class=\"e-font-icon-svg e-fas-envelope\" viewBox=\"0 0 512 512\" xmlns=\"http:\/\/www.w3.org\/2000\/svg\"><path d=\"M502.3 190.8c3.9-3.1 9.7-.2 9.7 4.7V400c0 26.5-21.5 48-48 48H48c-26.5 0-48-21.5-48-48V195.6c0-5 5.7-7.8 9.7-4.7 22.4 17.4 52.1 39.5 154.1 113.6 21.1 15.4 56.7 47.8 92.2 47.6 35.7.3 72-32.8 92.3-47.6 102-74.1 131.6-96.3 154-113.7zM256 320c23.2.4 56.6-29.2 73.4-41.4 132.7-96.3 142.8-104.7 173.4-128.7 5.8-4.5 9.2-11.5 9.2-18.9v-19c0-26.5-21.5-48-48-48H48C21.5 64 0 85.5 0 112v19c0 7.4 3.4 14.3 9.2 18.9 30.6 23.9 40.7 32.4 173.4 128.7 16.8 12.2 50.2 41.8 73.4 41.4z\"><\/path><\/svg>\t\t\t\t\t\t\t<\/span>\n\t\t\t\t\t\t\t\t\t\t\t\t\t\t\t\t\t\t\t\t\t\t<div class=\"elementor-share-btn__text\">\n\t\t\t\t\t\t\t\t\t\t\t\t\t\t\t\t\t\t\t<span class=\"elementor-share-btn__title\">\n\t\t\t\t\t\t\t\t\t\tEmail\t\t\t\t\t\t\t\t\t<\/span>\n\t\t\t\t\t\t\t\t\t\t\t\t\t\t\t\t\t<\/div>\n\t\t\t\t\t\t\t\t\t\t\t\t\t<\/div>\n\t\t\t\t\t<\/div>\n\t\t\t\t\t\t\t\t\t<div class=\"elementor-grid-item\" role=\"listitem\">\n\t\t\t\t\t\t<div class=\"elementor-share-btn elementor-share-btn_print\" role=\"button\" tabindex=\"0\" aria-label=\"Partager sur print\">\n\t\t\t\t\t\t\t\t\t\t\t\t\t\t\t<span class=\"elementor-share-btn__icon\">\n\t\t\t\t\t\t\t\t<svg aria-hidden=\"true\" class=\"e-font-icon-svg e-fas-print\" viewBox=\"0 0 512 512\" xmlns=\"http:\/\/www.w3.org\/2000\/svg\"><path d=\"M448 192V77.25c0-8.49-3.37-16.62-9.37-22.63L393.37 9.37c-6-6-14.14-9.37-22.63-9.37H96C78.33 0 64 14.33 64 32v160c-35.35 0-64 28.65-64 64v112c0 8.84 7.16 16 16 16h48v96c0 17.67 14.33 32 32 32h320c17.67 0 32-14.33 32-32v-96h48c8.84 0 16-7.16 16-16V256c0-35.35-28.65-64-64-64zm-64 256H128v-96h256v96zm0-224H128V64h192v48c0 8.84 7.16 16 16 16h48v96zm48 72c-13.25 0-24-10.75-24-24 0-13.26 10.75-24 24-24s24 10.74 24 24c0 13.25-10.75 24-24 24z\"><\/path><\/svg>\t\t\t\t\t\t\t<\/span>\n\t\t\t\t\t\t\t\t\t\t\t\t\t\t\t\t\t\t\t\t\t\t<div class=\"elementor-share-btn__text\">\n\t\t\t\t\t\t\t\t\t\t\t\t\t\t\t\t\t\t\t<span class=\"elementor-share-btn__title\">\n\t\t\t\t\t\t\t\t\t\tImprimer\t\t\t\t\t\t\t\t\t<\/span>\n\t\t\t\t\t\t\t\t\t\t\t\t\t\t\t\t\t<\/div>\n\t\t\t\t\t\t\t\t\t\t\t\t\t<\/div>\n\t\t\t\t\t<\/div>\n\t\t\t\t\t\t<\/div>\n\t\t\t\t\t\t<\/div>\n\t\t\t\t<\/div>\n\t\t\t\t<div class=\"elementor-element elementor-element-8316574 elementor-widget elementor-widget-facebook-button\" data-id=\"8316574\" data-element_type=\"widget\" data-e-type=\"widget\" data-widget_type=\"facebook-button.default\">\n\t\t\t\t<div class=\"elementor-widget-container\">\n\t\t\t\t\t\t\t<div data-layout=\"standard\" data-colorscheme=\"light\" data-size=\"small\" data-show-faces=\"false\" class=\"elementor-facebook-widget fb-like\" data-href=\"https:\/\/www.portovenere.fr\/fr-fr?p=31404\" data-share=\"false\" data-action=\"like\"><\/div>\n\t\t\t\t\t\t<\/div>\n\t\t\t\t<\/div>\n\t\t\t\t\t<\/div>\n\t\t<\/div>\n\t\t\t\t\t<\/div>\n\t\t<\/section>\n\t\t\t\t<section class=\"elementor-section elementor-top-section elementor-element elementor-element-6827739f elementor-section-boxed elementor-section-height-default elementor-section-height-default\" data-id=\"6827739f\" data-element_type=\"section\" data-e-type=\"section\">\n\t\t\t\t\t\t<div class=\"elementor-container elementor-column-gap-default\">\n\t\t\t\t\t\t<\/div>\n\t\t<\/section>\n\t\t\t\t<\/div>\n\t\t","protected":false},"excerpt":{"rendered":"<p>Large choix de dalles en gr\u00e8s c\u00e9rame de 20 mm (2 cm) pour les terrasses, all\u00e9es, tour de piscine : pose sur plots, sable, herbe, gravier ou pose coll\u00e9e.<\/p>\n","protected":false},"author":2,"featured_media":21875,"parent":7146,"menu_order":0,"comment_status":"closed","ping_status":"closed","template":"","meta":{"_monsterinsights_skip_tracking":false,"_monsterinsights_sitenote_active":false,"_monsterinsights_sitenote_note":"","_monsterinsights_sitenote_category":0,"_uf_show_specific_survey":0,"_uf_disable_surveys":false,"footnotes":""},"class_list":["post-31404","page","type-page","status-publish","has-post-thumbnail","hentry"],"yoast_head":"<!-- This site is optimized with the Yoast SEO plugin v27.5 - https:\/\/yoast.com\/product\/yoast-seo-wordpress\/ -->\n<title>Dalles ext\u00e9rieures 20mm en gr\u00e8s c\u00e9rame - Porto Venere<\/title>\n<meta name=\"description\" content=\"Large choix de dalles 20 mm (2cm) en gr\u00e8s c\u00e9rame pour les terrasses, all\u00e9es, tour de piscine : pose sur plots, sable, herbe, gravier ou pose coll\u00e9e.\" \/>\n<meta name=\"robots\" content=\"index, follow, max-snippet:-1, max-image-preview:large, max-video-preview:-1\" \/>\n<link rel=\"canonical\" href=\"https:\/\/www.portovenere.fr\/fr-fr\/carrelage-sol-et-mur-en-gres-cerame-et-faience\/dalles-exterieures-20mm-gres-cerame-pour-pose-sur-plots-sable-gravier\/\" \/>\n<meta property=\"og:locale\" content=\"fr_FR\" \/>\n<meta property=\"og:type\" content=\"article\" \/>\n<meta property=\"og:title\" content=\"Dalles ext\u00e9rieures 20mm en gr\u00e8s c\u00e9rame - Porto Venere\" \/>\n<meta property=\"og:description\" content=\"Large choix de dalles 20 mm (2cm) en gr\u00e8s c\u00e9rame pour les terrasses, all\u00e9es, tour de piscine : pose sur plots, sable, herbe, gravier ou pose coll\u00e9e.\" \/>\n<meta property=\"og:url\" content=\"https:\/\/www.portovenere.fr\/fr-fr\/carrelage-sol-et-mur-en-gres-cerame-et-faience\/dalles-exterieures-20mm-gres-cerame-pour-pose-sur-plots-sable-gravier\/\" \/>\n<meta property=\"og:site_name\" content=\"Porto Venere\" \/>\n<meta property=\"article:publisher\" content=\"https:\/\/www.facebook.com\/portovenere34\/\" \/>\n<meta property=\"article:modified_time\" content=\"2026-02-10T13:52:27+00:00\" \/>\n<meta property=\"og:image\" content=\"https:\/\/www.portovenere.fr\/fr-fr\/wp-content\/uploads\/2019\/12\/Dalles-exterieures-tour-de-piscine-en-gres-cerame-aspect-pierre-contemporaine-20mm-Prisme-Greige.jpg\" \/>\n\t<meta property=\"og:image:width\" content=\"1000\" \/>\n\t<meta property=\"og:image:height\" content=\"667\" \/>\n\t<meta property=\"og:image:type\" content=\"image\/jpeg\" \/>\n<meta name=\"twitter:card\" content=\"summary_large_image\" \/>\n<meta name=\"twitter:label1\" content=\"Dur\u00e9e de lecture estim\u00e9e\" \/>\n\t<meta name=\"twitter:data1\" content=\"45 minutes\" \/>\n<script type=\"application\/ld+json\" class=\"yoast-schema-graph\">{\"@context\":\"https:\\\/\\\/schema.org\",\"@graph\":[{\"@type\":\"WebPage\",\"@id\":\"https:\\\/\\\/www.portovenere.fr\\\/fr-fr\\\/carrelage-sol-et-mur-en-gres-cerame-et-faience\\\/dalles-exterieures-20mm-gres-cerame-pour-pose-sur-plots-sable-gravier\\\/\",\"url\":\"https:\\\/\\\/www.portovenere.fr\\\/fr-fr\\\/carrelage-sol-et-mur-en-gres-cerame-et-faience\\\/dalles-exterieures-20mm-gres-cerame-pour-pose-sur-plots-sable-gravier\\\/\",\"name\":\"Dalles ext\u00e9rieures 20mm en gr\u00e8s c\u00e9rame - Porto Venere\",\"isPartOf\":{\"@id\":\"https:\\\/\\\/www.portovenere.fr\\\/fr-fr\\\/#website\"},\"primaryImageOfPage\":{\"@id\":\"https:\\\/\\\/www.portovenere.fr\\\/fr-fr\\\/carrelage-sol-et-mur-en-gres-cerame-et-faience\\\/dalles-exterieures-20mm-gres-cerame-pour-pose-sur-plots-sable-gravier\\\/#primaryimage\"},\"image\":{\"@id\":\"https:\\\/\\\/www.portovenere.fr\\\/fr-fr\\\/carrelage-sol-et-mur-en-gres-cerame-et-faience\\\/dalles-exterieures-20mm-gres-cerame-pour-pose-sur-plots-sable-gravier\\\/#primaryimage\"},\"thumbnailUrl\":\"https:\\\/\\\/www.portovenere.fr\\\/fr-fr\\\/wp-content\\\/uploads\\\/2019\\\/12\\\/Dalles-exterieures-tour-de-piscine-en-gres-cerame-aspect-pierre-contemporaine-20mm-Prisme-Greige.jpg\",\"datePublished\":\"2020-08-06T12:08:55+00:00\",\"dateModified\":\"2026-02-10T13:52:27+00:00\",\"description\":\"Large choix de dalles 20 mm (2cm) en gr\u00e8s c\u00e9rame pour les terrasses, all\u00e9es, tour de piscine : pose sur plots, sable, herbe, gravier ou pose coll\u00e9e.\",\"breadcrumb\":{\"@id\":\"https:\\\/\\\/www.portovenere.fr\\\/fr-fr\\\/carrelage-sol-et-mur-en-gres-cerame-et-faience\\\/dalles-exterieures-20mm-gres-cerame-pour-pose-sur-plots-sable-gravier\\\/#breadcrumb\"},\"inLanguage\":\"fr-FR\",\"potentialAction\":[{\"@type\":\"ReadAction\",\"target\":[\"https:\\\/\\\/www.portovenere.fr\\\/fr-fr\\\/carrelage-sol-et-mur-en-gres-cerame-et-faience\\\/dalles-exterieures-20mm-gres-cerame-pour-pose-sur-plots-sable-gravier\\\/\"]}]},{\"@type\":\"ImageObject\",\"inLanguage\":\"fr-FR\",\"@id\":\"https:\\\/\\\/www.portovenere.fr\\\/fr-fr\\\/carrelage-sol-et-mur-en-gres-cerame-et-faience\\\/dalles-exterieures-20mm-gres-cerame-pour-pose-sur-plots-sable-gravier\\\/#primaryimage\",\"url\":\"https:\\\/\\\/www.portovenere.fr\\\/fr-fr\\\/wp-content\\\/uploads\\\/2019\\\/12\\\/Dalles-exterieures-tour-de-piscine-en-gres-cerame-aspect-pierre-contemporaine-20mm-Prisme-Greige.jpg\",\"contentUrl\":\"https:\\\/\\\/www.portovenere.fr\\\/fr-fr\\\/wp-content\\\/uploads\\\/2019\\\/12\\\/Dalles-exterieures-tour-de-piscine-en-gres-cerame-aspect-pierre-contemporaine-20mm-Prisme-Greige.jpg\",\"width\":1000,\"height\":667},{\"@type\":\"BreadcrumbList\",\"@id\":\"https:\\\/\\\/www.portovenere.fr\\\/fr-fr\\\/carrelage-sol-et-mur-en-gres-cerame-et-faience\\\/dalles-exterieures-20mm-gres-cerame-pour-pose-sur-plots-sable-gravier\\\/#breadcrumb\",\"itemListElement\":[{\"@type\":\"ListItem\",\"position\":1,\"name\":\"Page d'accueil\",\"item\":\"https:\\\/\\\/www.portovenere.fr\\\/fr-fr\\\/\"},{\"@type\":\"ListItem\",\"position\":2,\"name\":\"Carrelage sol et mur en gr\u00e8s c\u00e9rame et fa\u00efence\",\"item\":\"https:\\\/\\\/www.portovenere.fr\\\/fr-fr\\\/carrelage-sol-et-mur-en-gres-cerame-et-faience\\\/\"},{\"@type\":\"ListItem\",\"position\":3,\"name\":\"Dalles ext\u00e9rieures 20mm gr\u00e8s c\u00e9rame pour pose sur plots, sable, gravier\"}]},{\"@type\":\"WebSite\",\"@id\":\"https:\\\/\\\/www.portovenere.fr\\\/fr-fr\\\/#website\",\"url\":\"https:\\\/\\\/www.portovenere.fr\\\/fr-fr\\\/\",\"name\":\"Porto Venere\",\"description\":\"Magasin de carrelage, cuisine, salle de bain \u00e0 Montpellier dans l&#039;H\u00e9rault\",\"publisher\":{\"@id\":\"https:\\\/\\\/www.portovenere.fr\\\/fr-fr\\\/#organization\"},\"potentialAction\":[{\"@type\":\"SearchAction\",\"target\":{\"@type\":\"EntryPoint\",\"urlTemplate\":\"https:\\\/\\\/www.portovenere.fr\\\/fr-fr\\\/?s={search_term_string}\"},\"query-input\":{\"@type\":\"PropertyValueSpecification\",\"valueRequired\":true,\"valueName\":\"search_term_string\"}}],\"inLanguage\":\"fr-FR\"},{\"@type\":\"Organization\",\"@id\":\"https:\\\/\\\/www.portovenere.fr\\\/fr-fr\\\/#organization\",\"name\":\"Porto Venere - Carrelage Usine Center SARL\",\"url\":\"https:\\\/\\\/www.portovenere.fr\\\/fr-fr\\\/\",\"logo\":{\"@type\":\"ImageObject\",\"inLanguage\":\"fr-FR\",\"@id\":\"https:\\\/\\\/www.portovenere.fr\\\/fr-fr\\\/#\\\/schema\\\/logo\\\/image\\\/\",\"url\":\"https:\\\/\\\/www.portovenere.fr\\\/fr-fr\\\/wp-content\\\/uploads\\\/2019\\\/05\\\/logo3.png\",\"contentUrl\":\"https:\\\/\\\/www.portovenere.fr\\\/fr-fr\\\/wp-content\\\/uploads\\\/2019\\\/05\\\/logo3.png\",\"width\":388,\"height\":120,\"caption\":\"Porto Venere - Carrelage Usine Center SARL\"},\"image\":{\"@id\":\"https:\\\/\\\/www.portovenere.fr\\\/fr-fr\\\/#\\\/schema\\\/logo\\\/image\\\/\"},\"sameAs\":[\"https:\\\/\\\/www.facebook.com\\\/portovenere34\\\/\",\"https:\\\/\\\/www.instagram.com\\\/porto.venere\\\/\",\"https:\\\/\\\/www.linkedin.com\\\/company\\\/porto-venere-montpellier\\\/\",\"https:\\\/\\\/www.pinterest.fr\\\/portovenere34\\\/\"]}]}<\/script>\n<!-- \/ Yoast SEO plugin. -->","yoast_head_json":{"title":"Dalles ext\u00e9rieures 20mm en gr\u00e8s c\u00e9rame - Porto Venere","description":"Large choix de dalles 20 mm (2cm) en gr\u00e8s c\u00e9rame pour les terrasses, all\u00e9es, tour de piscine : pose sur plots, sable, herbe, gravier ou pose coll\u00e9e.","robots":{"index":"index","follow":"follow","max-snippet":"max-snippet:-1","max-image-preview":"max-image-preview:large","max-video-preview":"max-video-preview:-1"},"canonical":"https:\/\/www.portovenere.fr\/fr-fr\/carrelage-sol-et-mur-en-gres-cerame-et-faience\/dalles-exterieures-20mm-gres-cerame-pour-pose-sur-plots-sable-gravier\/","og_locale":"fr_FR","og_type":"article","og_title":"Dalles ext\u00e9rieures 20mm en gr\u00e8s c\u00e9rame - Porto Venere","og_description":"Large choix de dalles 20 mm (2cm) en gr\u00e8s c\u00e9rame pour les terrasses, all\u00e9es, tour de piscine : pose sur plots, sable, herbe, gravier ou pose coll\u00e9e.","og_url":"https:\/\/www.portovenere.fr\/fr-fr\/carrelage-sol-et-mur-en-gres-cerame-et-faience\/dalles-exterieures-20mm-gres-cerame-pour-pose-sur-plots-sable-gravier\/","og_site_name":"Porto Venere","article_publisher":"https:\/\/www.facebook.com\/portovenere34\/","article_modified_time":"2026-02-10T13:52:27+00:00","og_image":[{"width":1000,"height":667,"url":"https:\/\/www.portovenere.fr\/fr-fr\/wp-content\/uploads\/2019\/12\/Dalles-exterieures-tour-de-piscine-en-gres-cerame-aspect-pierre-contemporaine-20mm-Prisme-Greige.jpg","type":"image\/jpeg"}],"twitter_card":"summary_large_image","twitter_misc":{"Dur\u00e9e de lecture estim\u00e9e":"45 minutes"},"schema":{"@context":"https:\/\/schema.org","@graph":[{"@type":"WebPage","@id":"https:\/\/www.portovenere.fr\/fr-fr\/carrelage-sol-et-mur-en-gres-cerame-et-faience\/dalles-exterieures-20mm-gres-cerame-pour-pose-sur-plots-sable-gravier\/","url":"https:\/\/www.portovenere.fr\/fr-fr\/carrelage-sol-et-mur-en-gres-cerame-et-faience\/dalles-exterieures-20mm-gres-cerame-pour-pose-sur-plots-sable-gravier\/","name":"Dalles ext\u00e9rieures 20mm en gr\u00e8s c\u00e9rame - Porto Venere","isPartOf":{"@id":"https:\/\/www.portovenere.fr\/fr-fr\/#website"},"primaryImageOfPage":{"@id":"https:\/\/www.portovenere.fr\/fr-fr\/carrelage-sol-et-mur-en-gres-cerame-et-faience\/dalles-exterieures-20mm-gres-cerame-pour-pose-sur-plots-sable-gravier\/#primaryimage"},"image":{"@id":"https:\/\/www.portovenere.fr\/fr-fr\/carrelage-sol-et-mur-en-gres-cerame-et-faience\/dalles-exterieures-20mm-gres-cerame-pour-pose-sur-plots-sable-gravier\/#primaryimage"},"thumbnailUrl":"https:\/\/www.portovenere.fr\/fr-fr\/wp-content\/uploads\/2019\/12\/Dalles-exterieures-tour-de-piscine-en-gres-cerame-aspect-pierre-contemporaine-20mm-Prisme-Greige.jpg","datePublished":"2020-08-06T12:08:55+00:00","dateModified":"2026-02-10T13:52:27+00:00","description":"Large choix de dalles 20 mm (2cm) en gr\u00e8s c\u00e9rame pour les terrasses, all\u00e9es, tour de piscine : pose sur plots, sable, herbe, gravier ou pose coll\u00e9e.","breadcrumb":{"@id":"https:\/\/www.portovenere.fr\/fr-fr\/carrelage-sol-et-mur-en-gres-cerame-et-faience\/dalles-exterieures-20mm-gres-cerame-pour-pose-sur-plots-sable-gravier\/#breadcrumb"},"inLanguage":"fr-FR","potentialAction":[{"@type":"ReadAction","target":["https:\/\/www.portovenere.fr\/fr-fr\/carrelage-sol-et-mur-en-gres-cerame-et-faience\/dalles-exterieures-20mm-gres-cerame-pour-pose-sur-plots-sable-gravier\/"]}]},{"@type":"ImageObject","inLanguage":"fr-FR","@id":"https:\/\/www.portovenere.fr\/fr-fr\/carrelage-sol-et-mur-en-gres-cerame-et-faience\/dalles-exterieures-20mm-gres-cerame-pour-pose-sur-plots-sable-gravier\/#primaryimage","url":"https:\/\/www.portovenere.fr\/fr-fr\/wp-content\/uploads\/2019\/12\/Dalles-exterieures-tour-de-piscine-en-gres-cerame-aspect-pierre-contemporaine-20mm-Prisme-Greige.jpg","contentUrl":"https:\/\/www.portovenere.fr\/fr-fr\/wp-content\/uploads\/2019\/12\/Dalles-exterieures-tour-de-piscine-en-gres-cerame-aspect-pierre-contemporaine-20mm-Prisme-Greige.jpg","width":1000,"height":667},{"@type":"BreadcrumbList","@id":"https:\/\/www.portovenere.fr\/fr-fr\/carrelage-sol-et-mur-en-gres-cerame-et-faience\/dalles-exterieures-20mm-gres-cerame-pour-pose-sur-plots-sable-gravier\/#breadcrumb","itemListElement":[{"@type":"ListItem","position":1,"name":"Page d'accueil","item":"https:\/\/www.portovenere.fr\/fr-fr\/"},{"@type":"ListItem","position":2,"name":"Carrelage sol et mur en gr\u00e8s c\u00e9rame et fa\u00efence","item":"https:\/\/www.portovenere.fr\/fr-fr\/carrelage-sol-et-mur-en-gres-cerame-et-faience\/"},{"@type":"ListItem","position":3,"name":"Dalles ext\u00e9rieures 20mm gr\u00e8s c\u00e9rame pour pose sur plots, sable, gravier"}]},{"@type":"WebSite","@id":"https:\/\/www.portovenere.fr\/fr-fr\/#website","url":"https:\/\/www.portovenere.fr\/fr-fr\/","name":"Porto Venere","description":"Magasin de carrelage, cuisine, salle de bain \u00e0 Montpellier dans l&#039;H\u00e9rault","publisher":{"@id":"https:\/\/www.portovenere.fr\/fr-fr\/#organization"},"potentialAction":[{"@type":"SearchAction","target":{"@type":"EntryPoint","urlTemplate":"https:\/\/www.portovenere.fr\/fr-fr\/?s={search_term_string}"},"query-input":{"@type":"PropertyValueSpecification","valueRequired":true,"valueName":"search_term_string"}}],"inLanguage":"fr-FR"},{"@type":"Organization","@id":"https:\/\/www.portovenere.fr\/fr-fr\/#organization","name":"Porto Venere - Carrelage Usine Center SARL","url":"https:\/\/www.portovenere.fr\/fr-fr\/","logo":{"@type":"ImageObject","inLanguage":"fr-FR","@id":"https:\/\/www.portovenere.fr\/fr-fr\/#\/schema\/logo\/image\/","url":"https:\/\/www.portovenere.fr\/fr-fr\/wp-content\/uploads\/2019\/05\/logo3.png","contentUrl":"https:\/\/www.portovenere.fr\/fr-fr\/wp-content\/uploads\/2019\/05\/logo3.png","width":388,"height":120,"caption":"Porto Venere - Carrelage Usine Center SARL"},"image":{"@id":"https:\/\/www.portovenere.fr\/fr-fr\/#\/schema\/logo\/image\/"},"sameAs":["https:\/\/www.facebook.com\/portovenere34\/","https:\/\/www.instagram.com\/porto.venere\/","https:\/\/www.linkedin.com\/company\/porto-venere-montpellier\/","https:\/\/www.pinterest.fr\/portovenere34\/"]}]}},"_links":{"self":[{"href":"https:\/\/www.portovenere.fr\/fr-fr\/wp-json\/wp\/v2\/pages\/31404","targetHints":{"allow":["GET"]}}],"collection":[{"href":"https:\/\/www.portovenere.fr\/fr-fr\/wp-json\/wp\/v2\/pages"}],"about":[{"href":"https:\/\/www.portovenere.fr\/fr-fr\/wp-json\/wp\/v2\/types\/page"}],"author":[{"embeddable":true,"href":"https:\/\/www.portovenere.fr\/fr-fr\/wp-json\/wp\/v2\/users\/2"}],"replies":[{"embeddable":true,"href":"https:\/\/www.portovenere.fr\/fr-fr\/wp-json\/wp\/v2\/comments?post=31404"}],"version-history":[{"count":342,"href":"https:\/\/www.portovenere.fr\/fr-fr\/wp-json\/wp\/v2\/pages\/31404\/revisions"}],"predecessor-version":[{"id":69958,"href":"https:\/\/www.portovenere.fr\/fr-fr\/wp-json\/wp\/v2\/pages\/31404\/revisions\/69958"}],"up":[{"embeddable":true,"href":"https:\/\/www.portovenere.fr\/fr-fr\/wp-json\/wp\/v2\/pages\/7146"}],"wp:featuredmedia":[{"embeddable":true,"href":"https:\/\/www.portovenere.fr\/fr-fr\/wp-json\/wp\/v2\/media\/21875"}],"wp:attachment":[{"href":"https:\/\/www.portovenere.fr\/fr-fr\/wp-json\/wp\/v2\/media?parent=31404"}],"curies":[{"name":"wp","href":"https:\/\/api.w.org\/{rel}","templated":true}]}}