{"id":58839,"date":"2025-05-06T11:41:52","date_gmt":"2025-05-06T09:41:52","guid":{"rendered":"https:\/\/www.portovenere.fr\/fr-fr\/?page_id=58839"},"modified":"2025-08-27T15:59:28","modified_gmt":"2025-08-27T13:59:28","slug":"faq-porto-venere-et-via-brera","status":"publish","type":"page","link":"https:\/\/www.portovenere.fr\/fr-fr\/faq-porto-venere-et-via-brera\/","title":{"rendered":"FAQ &#8211; Les r\u00e9ponses \u00e0 vos questions"},"content":{"rendered":"\t\t<div data-elementor-type=\"wp-page\" data-elementor-id=\"58839\" class=\"elementor elementor-58839\" data-elementor-post-type=\"page\">\n\t\t\t\t\t\t<section class=\"elementor-section elementor-top-section elementor-element elementor-element-4dcde370 elementor-section-content-middle elementor-section-boxed elementor-section-height-default elementor-section-height-default\" data-id=\"4dcde370\" data-element_type=\"section\" data-e-type=\"section\">\n\t\t\t\t\t\t<div class=\"elementor-container elementor-column-gap-no\">\n\t\t\t\t\t<div class=\"elementor-column elementor-col-100 elementor-top-column elementor-element elementor-element-7f05e378\" data-id=\"7f05e378\" data-element_type=\"column\" data-e-type=\"column\">\n\t\t\t<div class=\"elementor-widget-wrap elementor-element-populated\">\n\t\t\t\t\t\t<div class=\"elementor-element elementor-element-6d1e484a elementor-widget elementor-widget-heading\" data-id=\"6d1e484a\" data-element_type=\"widget\" data-e-type=\"widget\" data-widget_type=\"heading.default\">\n\t\t\t\t<div class=\"elementor-widget-container\">\n\t\t\t\t\t<h1 class=\"elementor-heading-title elementor-size-default\">F.A.Q.<\/h1>\t\t\t\t<\/div>\n\t\t\t\t<\/div>\n\t\t\t\t<div class=\"elementor-element elementor-element-426a4edb elementor-widget elementor-widget-heading\" data-id=\"426a4edb\" data-element_type=\"widget\" data-e-type=\"widget\" data-widget_type=\"heading.default\">\n\t\t\t\t<div class=\"elementor-widget-container\">\n\t\t\t\t\t<h2 class=\"elementor-heading-title elementor-size-default\">Retrouvez les r\u00e9ponses aux questions les plus fr\u00e9quentes sur les services et produits Porto Venere et Via Brera \u00e0 Montpellier dans l'H\u00e9rault<\/h2>\t\t\t\t<\/div>\n\t\t\t\t<\/div>\n\t\t\t\t\t<\/div>\n\t\t<\/div>\n\t\t\t\t\t<\/div>\n\t\t<\/section>\n\t\t\t\t<section class=\"elementor-section elementor-top-section elementor-element elementor-element-9b95ded elementor-section-content-middle elementor-section-boxed elementor-section-height-default elementor-section-height-default\" data-id=\"9b95ded\" data-element_type=\"section\" data-e-type=\"section\" data-settings=\"{&quot;background_background&quot;:&quot;classic&quot;}\">\n\t\t\t\t\t\t<div class=\"elementor-container elementor-column-gap-no\">\n\t\t\t\t\t<div class=\"elementor-column elementor-col-100 elementor-top-column elementor-element elementor-element-f6711c8\" data-id=\"f6711c8\" data-element_type=\"column\" data-e-type=\"column\">\n\t\t\t<div class=\"elementor-widget-wrap elementor-element-populated\">\n\t\t\t\t\t\t<div class=\"elementor-element elementor-element-830d036 elementor-invisible elementor-widget elementor-widget-heading\" data-id=\"830d036\" data-element_type=\"widget\" data-e-type=\"widget\" data-settings=\"{&quot;_animation&quot;:&quot;fadeIn&quot;}\" data-widget_type=\"heading.default\">\n\t\t\t\t<div class=\"elementor-widget-container\">\n\t\t\t\t\t<p class=\"elementor-heading-title elementor-size-default\">Questions g\u00e9n\u00e9rales sur Porto Venere Montpellier :<\/p>\t\t\t\t<\/div>\n\t\t\t\t<\/div>\n\t\t\t\t<div class=\"elementor-element elementor-element-9b43140 elementor-widget elementor-widget-toggle\" data-id=\"9b43140\" data-element_type=\"widget\" data-e-type=\"widget\" data-widget_type=\"toggle.default\">\n\t\t\t\t<div class=\"elementor-widget-container\">\n\t\t\t\t\t\t\t<div class=\"elementor-toggle\">\n\t\t\t\t\t\t\t<div class=\"elementor-toggle-item\">\n\t\t\t\t\t<h3 id=\"elementor-tab-title-1621\" class=\"elementor-tab-title\" data-tab=\"1\" role=\"button\" aria-controls=\"elementor-tab-content-1621\" aria-expanded=\"false\">\n\t\t\t\t\t\t\t\t\t\t\t\t<span class=\"elementor-toggle-icon elementor-toggle-icon-right\" aria-hidden=\"true\">\n\t\t\t\t\t\t\t\t\t\t\t\t\t\t\t<span class=\"elementor-toggle-icon-closed\"><svg class=\"e-font-icon-svg e-fas-caret-right\" viewBox=\"0 0 192 512\" xmlns=\"http:\/\/www.w3.org\/2000\/svg\"><path d=\"M0 384.662V127.338c0-17.818 21.543-26.741 34.142-14.142l128.662 128.662c7.81 7.81 7.81 20.474 0 28.284L34.142 398.804C21.543 411.404 0 402.48 0 384.662z\"><\/path><\/svg><\/span>\n\t\t\t\t\t\t\t\t<span class=\"elementor-toggle-icon-opened\"><svg class=\"elementor-toggle-icon-opened e-font-icon-svg e-fas-caret-up\" viewBox=\"0 0 320 512\" xmlns=\"http:\/\/www.w3.org\/2000\/svg\"><path d=\"M288.662 352H31.338c-17.818 0-26.741-21.543-14.142-34.142l128.662-128.662c7.81-7.81 20.474-7.81 28.284 0l128.662 128.662c12.6 12.599 3.676 34.142-14.142 34.142z\"><\/path><\/svg><\/span>\n\t\t\t\t\t\t\t\t\t\t\t\t\t<\/span>\n\t\t\t\t\t\t\t\t\t\t\t\t<a class=\"elementor-toggle-title\" tabindex=\"0\">O\u00f9 se trouve exactement le magasin Porto Venere \u00e0 Montpellier ?<\/a>\n\t\t\t\t\t<\/h3>\n\n\t\t\t\t\t<div id=\"elementor-tab-content-1621\" class=\"elementor-tab-content elementor-clearfix\" data-tab=\"1\" role=\"region\" aria-labelledby=\"elementor-tab-title-1621\"><p>Nos showrooms PORTO VENERE et VIA BRERA sont situ\u00e9s \u00e0 <strong>Montpellier<\/strong>, dans la <strong>Zac Garosud<\/strong>, \u00e0 proximit\u00e9 imm\u00e9diate de l&rsquo;<strong>autoroute A709<\/strong>. C&rsquo;est un emplacement facilement accessible pour d\u00e9couvrir nos produits et services. Nos adresses exactes sont disponibles sur notre page <a href=\"https:\/\/www.portovenere.fr\/fr-fr\/contact\/\">contact<\/a> et en bas de nos sites internet.<\/p><\/div>\n\t\t\t\t<\/div>\n\t\t\t\t\t\t\t<div class=\"elementor-toggle-item\">\n\t\t\t\t\t<h3 id=\"elementor-tab-title-1622\" class=\"elementor-tab-title\" data-tab=\"2\" role=\"button\" aria-controls=\"elementor-tab-content-1622\" aria-expanded=\"false\">\n\t\t\t\t\t\t\t\t\t\t\t\t<span class=\"elementor-toggle-icon elementor-toggle-icon-right\" aria-hidden=\"true\">\n\t\t\t\t\t\t\t\t\t\t\t\t\t\t\t<span class=\"elementor-toggle-icon-closed\"><svg class=\"e-font-icon-svg e-fas-caret-right\" viewBox=\"0 0 192 512\" xmlns=\"http:\/\/www.w3.org\/2000\/svg\"><path d=\"M0 384.662V127.338c0-17.818 21.543-26.741 34.142-14.142l128.662 128.662c7.81 7.81 7.81 20.474 0 28.284L34.142 398.804C21.543 411.404 0 402.48 0 384.662z\"><\/path><\/svg><\/span>\n\t\t\t\t\t\t\t\t<span class=\"elementor-toggle-icon-opened\"><svg class=\"elementor-toggle-icon-opened e-font-icon-svg e-fas-caret-up\" viewBox=\"0 0 320 512\" xmlns=\"http:\/\/www.w3.org\/2000\/svg\"><path d=\"M288.662 352H31.338c-17.818 0-26.741-21.543-14.142-34.142l128.662-128.662c7.81-7.81 20.474-7.81 28.284 0l128.662 128.662c12.6 12.599 3.676 34.142-14.142 34.142z\"><\/path><\/svg><\/span>\n\t\t\t\t\t\t\t\t\t\t\t\t\t<\/span>\n\t\t\t\t\t\t\t\t\t\t\t\t<a class=\"elementor-toggle-title\" tabindex=\"0\">Quels types de produits puis-je trouver chez Porto Venere Montpellier ?<\/a>\n\t\t\t\t\t<\/h3>\n\n\t\t\t\t\t<div id=\"elementor-tab-content-1622\" class=\"elementor-tab-content elementor-clearfix\" data-tab=\"2\" role=\"region\" aria-labelledby=\"elementor-tab-title-1622\"><p>Chez Porto Venere Montpellier, vous trouverez une large gamme de rev\u00eatements de sol et muraux (carrelage, parquet, fa\u00efence, pierre naturelle), ainsi que des solutions compl\u00e8tes pour l&rsquo;am\u00e9nagement int\u00e9rieur et ext\u00e9rieur : cuisines, livings, biblioth\u00e8ques, rangements, dressings, espaces nuit et salon, portes d&rsquo;int\u00e9rieur et verri\u00e8res, salles de bain, luminaires, papiers peints, peintures, mobilier de jardin et cuisines d&rsquo;\u00e9t\u00e9.<\/p><\/div>\n\t\t\t\t<\/div>\n\t\t\t\t\t\t\t<div class=\"elementor-toggle-item\">\n\t\t\t\t\t<h3 id=\"elementor-tab-title-1623\" class=\"elementor-tab-title\" data-tab=\"3\" role=\"button\" aria-controls=\"elementor-tab-content-1623\" aria-expanded=\"false\">\n\t\t\t\t\t\t\t\t\t\t\t\t<span class=\"elementor-toggle-icon elementor-toggle-icon-right\" aria-hidden=\"true\">\n\t\t\t\t\t\t\t\t\t\t\t\t\t\t\t<span class=\"elementor-toggle-icon-closed\"><svg class=\"e-font-icon-svg e-fas-caret-right\" viewBox=\"0 0 192 512\" xmlns=\"http:\/\/www.w3.org\/2000\/svg\"><path d=\"M0 384.662V127.338c0-17.818 21.543-26.741 34.142-14.142l128.662 128.662c7.81 7.81 7.81 20.474 0 28.284L34.142 398.804C21.543 411.404 0 402.48 0 384.662z\"><\/path><\/svg><\/span>\n\t\t\t\t\t\t\t\t<span class=\"elementor-toggle-icon-opened\"><svg class=\"elementor-toggle-icon-opened e-font-icon-svg e-fas-caret-up\" viewBox=\"0 0 320 512\" xmlns=\"http:\/\/www.w3.org\/2000\/svg\"><path d=\"M288.662 352H31.338c-17.818 0-26.741-21.543-14.142-34.142l128.662-128.662c7.81-7.81 20.474-7.81 28.284 0l128.662 128.662c12.6 12.599 3.676 34.142-14.142 34.142z\"><\/path><\/svg><\/span>\n\t\t\t\t\t\t\t\t\t\t\t\t\t<\/span>\n\t\t\t\t\t\t\t\t\t\t\t\t<a class=\"elementor-toggle-title\" tabindex=\"0\">Est ce que Porto Venere Montpellier est une chaine de magasins ?<\/a>\n\t\t\t\t\t<\/h3>\n\n\t\t\t\t\t<div id=\"elementor-tab-content-1623\" class=\"elementor-tab-content elementor-clearfix\" data-tab=\"3\" role=\"region\" aria-labelledby=\"elementor-tab-title-1623\"><p data-sourcepos=\"1:1-1:151\">Porto Venere \u00e0 Montpellier n&rsquo;est pas une cha\u00eene de magasins au sens traditionnel. C&rsquo;est une entreprise familiale, fond\u00e9e en 1998 \u00e0 Montpellier.<\/p><p data-sourcepos=\"3:1-3:85\">Cependant, il y a deux showrooms compl\u00e9mentaires situ\u00e9s \u00e0 500 m\u00e8tres l&rsquo;un de l&rsquo;autre \u00e0 Montpellier dans la Zac Garosud :\u00a0PORTO VENERE et VIA BRERA. Chacun pr\u00e9sente une s\u00e9lection de nos produits et ambiances pour vous inspirer.<\/p><\/div>\n\t\t\t\t<\/div>\n\t\t\t\t\t\t\t<div class=\"elementor-toggle-item\">\n\t\t\t\t\t<h3 id=\"elementor-tab-title-1624\" class=\"elementor-tab-title\" data-tab=\"4\" role=\"button\" aria-controls=\"elementor-tab-content-1624\" aria-expanded=\"false\">\n\t\t\t\t\t\t\t\t\t\t\t\t<span class=\"elementor-toggle-icon elementor-toggle-icon-right\" aria-hidden=\"true\">\n\t\t\t\t\t\t\t\t\t\t\t\t\t\t\t<span class=\"elementor-toggle-icon-closed\"><svg class=\"e-font-icon-svg e-fas-caret-right\" viewBox=\"0 0 192 512\" xmlns=\"http:\/\/www.w3.org\/2000\/svg\"><path d=\"M0 384.662V127.338c0-17.818 21.543-26.741 34.142-14.142l128.662 128.662c7.81 7.81 7.81 20.474 0 28.284L34.142 398.804C21.543 411.404 0 402.48 0 384.662z\"><\/path><\/svg><\/span>\n\t\t\t\t\t\t\t\t<span class=\"elementor-toggle-icon-opened\"><svg class=\"elementor-toggle-icon-opened e-font-icon-svg e-fas-caret-up\" viewBox=\"0 0 320 512\" xmlns=\"http:\/\/www.w3.org\/2000\/svg\"><path d=\"M288.662 352H31.338c-17.818 0-26.741-21.543-14.142-34.142l128.662-128.662c7.81-7.81 20.474-7.81 28.284 0l128.662 128.662c12.6 12.599 3.676 34.142-14.142 34.142z\"><\/path><\/svg><\/span>\n\t\t\t\t\t\t\t\t\t\t\t\t\t<\/span>\n\t\t\t\t\t\t\t\t\t\t\t\t<a class=\"elementor-toggle-title\" tabindex=\"0\"> Quelle est la diff\u00e9rence entre le showroom PORTO VENERE et VIA BRERA \u00e0 Montpellier ?<\/a>\n\t\t\t\t\t<\/h3>\n\n\t\t\t\t\t<div id=\"elementor-tab-content-1624\" class=\"elementor-tab-content elementor-clearfix\" data-tab=\"4\" role=\"region\" aria-labelledby=\"elementor-tab-title-1624\"><p>Nos deux showrooms \u00e0 Montpellier, PORTO VENERE et VIA BRERA, pr\u00e9sentent une s\u00e9lection compl\u00e9mentaire de nos produits et ambiances. Nous vous invitons \u00e0 visiter les deux pour d\u00e9couvrir l&rsquo;\u00e9tendue de nos offres et trouver l&rsquo;inspiration pour votre projet.<\/p><p>Porto Venere : carrelages, fa\u00efences, parquets, salles de bains, cuisines.<\/p><p>Via Brera : portes d&rsquo;int\u00e9rieur, dressings, mobiliers, canap\u00e9s, rangements, livings, papiers peints, luminaires, peintures, mobiliers de jardin, cuisines d&rsquo;\u00e9t\u00e9, cuisines, d\u00e9co, miroirs&#8230;<\/p><\/div>\n\t\t\t\t<\/div>\n\t\t\t\t\t\t\t<div class=\"elementor-toggle-item\">\n\t\t\t\t\t<h3 id=\"elementor-tab-title-1625\" class=\"elementor-tab-title\" data-tab=\"5\" role=\"button\" aria-controls=\"elementor-tab-content-1625\" aria-expanded=\"false\">\n\t\t\t\t\t\t\t\t\t\t\t\t<span class=\"elementor-toggle-icon elementor-toggle-icon-right\" aria-hidden=\"true\">\n\t\t\t\t\t\t\t\t\t\t\t\t\t\t\t<span class=\"elementor-toggle-icon-closed\"><svg class=\"e-font-icon-svg e-fas-caret-right\" viewBox=\"0 0 192 512\" xmlns=\"http:\/\/www.w3.org\/2000\/svg\"><path d=\"M0 384.662V127.338c0-17.818 21.543-26.741 34.142-14.142l128.662 128.662c7.81 7.81 7.81 20.474 0 28.284L34.142 398.804C21.543 411.404 0 402.48 0 384.662z\"><\/path><\/svg><\/span>\n\t\t\t\t\t\t\t\t<span class=\"elementor-toggle-icon-opened\"><svg class=\"elementor-toggle-icon-opened e-font-icon-svg e-fas-caret-up\" viewBox=\"0 0 320 512\" xmlns=\"http:\/\/www.w3.org\/2000\/svg\"><path d=\"M288.662 352H31.338c-17.818 0-26.741-21.543-14.142-34.142l128.662-128.662c7.81-7.81 20.474-7.81 28.284 0l128.662 128.662c12.6 12.599 3.676 34.142-14.142 34.142z\"><\/path><\/svg><\/span>\n\t\t\t\t\t\t\t\t\t\t\t\t\t<\/span>\n\t\t\t\t\t\t\t\t\t\t\t\t<a class=\"elementor-toggle-title\" tabindex=\"0\">Porto Venere Montpellier propose-t-il des services au-del\u00e0 de la vente de produits ?<\/a>\n\t\t\t\t\t<\/h3>\n\n\t\t\t\t\t<div id=\"elementor-tab-content-1625\" class=\"elementor-tab-content elementor-clearfix\" data-tab=\"5\" role=\"region\" aria-labelledby=\"elementor-tab-title-1625\"><p>Oui, Porto Venere Montpellier offre des services de conception personnalis\u00e9e pour vos espaces de vie et professionnels, la livraison de vos produits et l&rsquo;installation de cuisines, livings, biblioth\u00e8ques, rangements, dressings et salles de bain. Nous proposons \u00e9galement une conception globale de vos espaces.<\/p><\/div>\n\t\t\t\t<\/div>\n\t\t\t\t\t\t\t<div class=\"elementor-toggle-item\">\n\t\t\t\t\t<h3 id=\"elementor-tab-title-1626\" class=\"elementor-tab-title\" data-tab=\"6\" role=\"button\" aria-controls=\"elementor-tab-content-1626\" aria-expanded=\"false\">\n\t\t\t\t\t\t\t\t\t\t\t\t<span class=\"elementor-toggle-icon elementor-toggle-icon-right\" aria-hidden=\"true\">\n\t\t\t\t\t\t\t\t\t\t\t\t\t\t\t<span class=\"elementor-toggle-icon-closed\"><svg class=\"e-font-icon-svg e-fas-caret-right\" viewBox=\"0 0 192 512\" xmlns=\"http:\/\/www.w3.org\/2000\/svg\"><path d=\"M0 384.662V127.338c0-17.818 21.543-26.741 34.142-14.142l128.662 128.662c7.81 7.81 7.81 20.474 0 28.284L34.142 398.804C21.543 411.404 0 402.48 0 384.662z\"><\/path><\/svg><\/span>\n\t\t\t\t\t\t\t\t<span class=\"elementor-toggle-icon-opened\"><svg class=\"elementor-toggle-icon-opened e-font-icon-svg e-fas-caret-up\" viewBox=\"0 0 320 512\" xmlns=\"http:\/\/www.w3.org\/2000\/svg\"><path d=\"M288.662 352H31.338c-17.818 0-26.741-21.543-14.142-34.142l128.662-128.662c7.81-7.81 20.474-7.81 28.284 0l128.662 128.662c12.6 12.599 3.676 34.142-14.142 34.142z\"><\/path><\/svg><\/span>\n\t\t\t\t\t\t\t\t\t\t\t\t\t<\/span>\n\t\t\t\t\t\t\t\t\t\t\t\t<a class=\"elementor-toggle-title\" tabindex=\"0\"> Quels sont les horaires d'ouverture des showrooms Porto Venere et VIA BRERA \u00e0 Montpellier ?<\/a>\n\t\t\t\t\t<\/h3>\n\n\t\t\t\t\t<div id=\"elementor-tab-content-1626\" class=\"elementor-tab-content elementor-clearfix\" data-tab=\"6\" role=\"region\" aria-labelledby=\"elementor-tab-title-1626\"><p>Nos horaires d&rsquo;ouverture sont disponibles sur notre site web <a href=\"http:\/\/www.portovenere.fr\">www.portovenere.fr<\/a> et sur Google et peuvent varier. Nous vous conseillons de les consulter avant votre visite.<\/p><p>Porto Venere : Lundi au vendredi :8h30 &#8211; 12h30 et 14h 18h30 &#8211; Samedi 9h &#8211; 12h30 et 14h &#8211; 18h30<\/p><p>Via Brera : mardi au samedi : 10h &#8211; 13h et 14h &#8211; 18h<\/p><\/div>\n\t\t\t\t<\/div>\n\t\t\t\t\t\t\t<div class=\"elementor-toggle-item\">\n\t\t\t\t\t<h3 id=\"elementor-tab-title-1627\" class=\"elementor-tab-title\" data-tab=\"7\" role=\"button\" aria-controls=\"elementor-tab-content-1627\" aria-expanded=\"false\">\n\t\t\t\t\t\t\t\t\t\t\t\t<span class=\"elementor-toggle-icon elementor-toggle-icon-right\" aria-hidden=\"true\">\n\t\t\t\t\t\t\t\t\t\t\t\t\t\t\t<span class=\"elementor-toggle-icon-closed\"><svg class=\"e-font-icon-svg e-fas-caret-right\" viewBox=\"0 0 192 512\" xmlns=\"http:\/\/www.w3.org\/2000\/svg\"><path d=\"M0 384.662V127.338c0-17.818 21.543-26.741 34.142-14.142l128.662 128.662c7.81 7.81 7.81 20.474 0 28.284L34.142 398.804C21.543 411.404 0 402.48 0 384.662z\"><\/path><\/svg><\/span>\n\t\t\t\t\t\t\t\t<span class=\"elementor-toggle-icon-opened\"><svg class=\"elementor-toggle-icon-opened e-font-icon-svg e-fas-caret-up\" viewBox=\"0 0 320 512\" xmlns=\"http:\/\/www.w3.org\/2000\/svg\"><path d=\"M288.662 352H31.338c-17.818 0-26.741-21.543-14.142-34.142l128.662-128.662c7.81-7.81 20.474-7.81 28.284 0l128.662 128.662c12.6 12.599 3.676 34.142-14.142 34.142z\"><\/path><\/svg><\/span>\n\t\t\t\t\t\t\t\t\t\t\t\t\t<\/span>\n\t\t\t\t\t\t\t\t\t\t\t\t<a class=\"elementor-toggle-title\" tabindex=\"0\">Est-il facile de se garer pr\u00e8s des showrooms Porto Venere et VIA BRERA \u00e0 Montpellier ?<\/a>\n\t\t\t\t\t<\/h3>\n\n\t\t\t\t\t<div id=\"elementor-tab-content-1627\" class=\"elementor-tab-content elementor-clearfix\" data-tab=\"7\" role=\"region\" aria-labelledby=\"elementor-tab-title-1627\"><p>\u00a0Oui, nos showrooms situ\u00e9s dans la Zac Garosud b\u00e9n\u00e9ficient de parkings gratuits sur place pour rendre votre visite plus agr\u00e9able.<\/p><\/div>\n\t\t\t\t<\/div>\n\t\t\t\t\t\t\t<div class=\"elementor-toggle-item\">\n\t\t\t\t\t<h3 id=\"elementor-tab-title-1628\" class=\"elementor-tab-title\" data-tab=\"8\" role=\"button\" aria-controls=\"elementor-tab-content-1628\" aria-expanded=\"false\">\n\t\t\t\t\t\t\t\t\t\t\t\t<span class=\"elementor-toggle-icon elementor-toggle-icon-right\" aria-hidden=\"true\">\n\t\t\t\t\t\t\t\t\t\t\t\t\t\t\t<span class=\"elementor-toggle-icon-closed\"><svg class=\"e-font-icon-svg e-fas-caret-right\" viewBox=\"0 0 192 512\" xmlns=\"http:\/\/www.w3.org\/2000\/svg\"><path d=\"M0 384.662V127.338c0-17.818 21.543-26.741 34.142-14.142l128.662 128.662c7.81 7.81 7.81 20.474 0 28.284L34.142 398.804C21.543 411.404 0 402.48 0 384.662z\"><\/path><\/svg><\/span>\n\t\t\t\t\t\t\t\t<span class=\"elementor-toggle-icon-opened\"><svg class=\"elementor-toggle-icon-opened e-font-icon-svg e-fas-caret-up\" viewBox=\"0 0 320 512\" xmlns=\"http:\/\/www.w3.org\/2000\/svg\"><path d=\"M288.662 352H31.338c-17.818 0-26.741-21.543-14.142-34.142l128.662-128.662c7.81-7.81 20.474-7.81 28.284 0l128.662 128.662c12.6 12.599 3.676 34.142-14.142 34.142z\"><\/path><\/svg><\/span>\n\t\t\t\t\t\t\t\t\t\t\t\t\t<\/span>\n\t\t\t\t\t\t\t\t\t\t\t\t<a class=\"elementor-toggle-title\" tabindex=\"0\"> Comment puis-je contacter Porto Venere Montpellier pour un projet ?<\/a>\n\t\t\t\t\t<\/h3>\n\n\t\t\t\t\t<div id=\"elementor-tab-content-1628\" class=\"elementor-tab-content elementor-clearfix\" data-tab=\"8\" role=\"region\" aria-labelledby=\"elementor-tab-title-1628\"><p>Vous pouvez nous contacter via notre <a href=\"https:\/\/outlook.office365.com\/book\/RservationProjet@portovenere.fr\/?\">page de r\u00e9servation en ligne<\/a>, via le formulaire de contact sur notre <a href=\"https:\/\/www.portovenere.fr\/fr-fr\/contact\/\">page contact<\/a>, par t\u00e9l\u00e9phone au <a href=\"tel: +33 4 67 65 38 20\">04 67 65 38 20<\/a> ou en visitant directement nos showrooms \u00e0 Montpellier (Zac Garosud).<\/p><\/div>\n\t\t\t\t<\/div>\n\t\t\t\t\t\t\t<div class=\"elementor-toggle-item\">\n\t\t\t\t\t<h3 id=\"elementor-tab-title-1629\" class=\"elementor-tab-title\" data-tab=\"9\" role=\"button\" aria-controls=\"elementor-tab-content-1629\" aria-expanded=\"false\">\n\t\t\t\t\t\t\t\t\t\t\t\t<span class=\"elementor-toggle-icon elementor-toggle-icon-right\" aria-hidden=\"true\">\n\t\t\t\t\t\t\t\t\t\t\t\t\t\t\t<span class=\"elementor-toggle-icon-closed\"><svg class=\"e-font-icon-svg e-fas-caret-right\" viewBox=\"0 0 192 512\" xmlns=\"http:\/\/www.w3.org\/2000\/svg\"><path d=\"M0 384.662V127.338c0-17.818 21.543-26.741 34.142-14.142l128.662 128.662c7.81 7.81 7.81 20.474 0 28.284L34.142 398.804C21.543 411.404 0 402.48 0 384.662z\"><\/path><\/svg><\/span>\n\t\t\t\t\t\t\t\t<span class=\"elementor-toggle-icon-opened\"><svg class=\"elementor-toggle-icon-opened e-font-icon-svg e-fas-caret-up\" viewBox=\"0 0 320 512\" xmlns=\"http:\/\/www.w3.org\/2000\/svg\"><path d=\"M288.662 352H31.338c-17.818 0-26.741-21.543-14.142-34.142l128.662-128.662c7.81-7.81 20.474-7.81 28.284 0l128.662 128.662c12.6 12.599 3.676 34.142-14.142 34.142z\"><\/path><\/svg><\/span>\n\t\t\t\t\t\t\t\t\t\t\t\t\t<\/span>\n\t\t\t\t\t\t\t\t\t\t\t\t<a class=\"elementor-toggle-title\" tabindex=\"0\">  Quels types de portes d'int\u00e9rieur puis-je trouver chez Porto Venere Montpellier ?<\/a>\n\t\t\t\t\t<\/h3>\n\n\t\t\t\t\t<div id=\"elementor-tab-content-1629\" class=\"elementor-tab-content elementor-clearfix\" data-tab=\"9\" role=\"region\" aria-labelledby=\"elementor-tab-title-1629\"><p>\u00a0Nous proposons une vari\u00e9t\u00e9 de portes d&rsquo;int\u00e9rieur : portes battantes, portes coulissantes, portes \u00e0 galandage, dans diff\u00e9rents mat\u00e9riaux (bois, verre, etc.) et styles pour s&rsquo;adapter \u00e0 votre int\u00e9rieur.<\/p><p>Retrouvez \u00e9galement des paroi modulaires et verri\u00e8res personnalisables et sur mesure.\u00a0<\/p><\/div>\n\t\t\t\t<\/div>\n\t\t\t\t\t\t\t\t<\/div>\n\t\t\t\t\t\t<\/div>\n\t\t\t\t<\/div>\n\t\t\t\t<div class=\"elementor-element elementor-element-6f795ad elementor-widget elementor-widget-toggle\" data-id=\"6f795ad\" data-element_type=\"widget\" data-e-type=\"widget\" data-widget_type=\"toggle.default\">\n\t\t\t\t<div class=\"elementor-widget-container\">\n\t\t\t\t\t\t\t<div class=\"elementor-toggle\">\n\t\t\t\t\t\t\t<div class=\"elementor-toggle-item\">\n\t\t\t\t\t<h3 id=\"elementor-tab-title-1161\" class=\"elementor-tab-title\" data-tab=\"1\" role=\"button\" aria-controls=\"elementor-tab-content-1161\" aria-expanded=\"false\">\n\t\t\t\t\t\t\t\t\t\t\t\t<span class=\"elementor-toggle-icon elementor-toggle-icon-right\" aria-hidden=\"true\">\n\t\t\t\t\t\t\t\t\t\t\t\t\t\t\t<span class=\"elementor-toggle-icon-closed\"><svg class=\"e-font-icon-svg e-fas-caret-right\" viewBox=\"0 0 192 512\" xmlns=\"http:\/\/www.w3.org\/2000\/svg\"><path d=\"M0 384.662V127.338c0-17.818 21.543-26.741 34.142-14.142l128.662 128.662c7.81 7.81 7.81 20.474 0 28.284L34.142 398.804C21.543 411.404 0 402.48 0 384.662z\"><\/path><\/svg><\/span>\n\t\t\t\t\t\t\t\t<span class=\"elementor-toggle-icon-opened\"><svg class=\"elementor-toggle-icon-opened e-font-icon-svg e-fas-caret-up\" viewBox=\"0 0 320 512\" xmlns=\"http:\/\/www.w3.org\/2000\/svg\"><path d=\"M288.662 352H31.338c-17.818 0-26.741-21.543-14.142-34.142l128.662-128.662c7.81-7.81 20.474-7.81 28.284 0l128.662 128.662c12.6 12.599 3.676 34.142-14.142 34.142z\"><\/path><\/svg><\/span>\n\t\t\t\t\t\t\t\t\t\t\t\t\t<\/span>\n\t\t\t\t\t\t\t\t\t\t\t\t<a class=\"elementor-toggle-title\" tabindex=\"0\">Quels types de carrelage propose Porto Venere Montpellier ?<\/a>\n\t\t\t\t\t<\/h3>\n\n\t\t\t\t\t<div id=\"elementor-tab-content-1161\" class=\"elementor-tab-content elementor-clearfix\" data-tab=\"1\" role=\"region\" aria-labelledby=\"elementor-tab-title-1161\"><p><b>Gr\u00e8s c\u00e9rame<\/b> : Dans toutes ses finitions (\u00e9maill\u00e9, pleine masse, poli, lappato), offrant une durabilit\u00e9 et une esth\u00e9tique exceptionnelles pour tous les espaces int\u00e9rieurs et ext\u00e9rieurs, sols et murs. <br \/>Vous trouverez des imitations parfaites de pierre naturelle, de bois, de b\u00e9ton, de marbre ainsi que des designs modernes et cr\u00e9atifs.<\/p><p><b>Fa\u00efence<\/b> : Une gamme vari\u00e9e de rev\u00eatements muraux esth\u00e9tiques et faciles d&rsquo;entretien, id\u00e9ale pour les salles de bain et les cuisines, avec un large choix de couleurs, de motifs et de textures.<\/p><p><b>Dalles antid\u00e9rapantes de 2 cm<\/b> : Sp\u00e9cialement con\u00e7ues pour les am\u00e9nagements ext\u00e9rieurs (terrasses, piscines, all\u00e9es), offrant s\u00e9curit\u00e9, r\u00e9sistance et diff\u00e9rentes options de pose.<\/p><p><b>Carrelage XXL <\/b>: Pour un rendu moderne et une sensation d&rsquo;espace agrandi, avec des carreaux de tr\u00e8s grandes dimensions (jusqu&rsquo;\u00e0 160&#215;320 cm)<\/p><p><b>Carrelage fine \u00e9paisseur<\/b> : Une solution l\u00e9g\u00e8re et esth\u00e9tique, id\u00e9ale pour la r\u00e9novation et certaines applications murales.<\/p><p><b>Pierre naturelle<\/b> : Une s\u00e9lection de marbres, granits, travertins, ardoises et autres pierres naturelles pour apporter une touche d&rsquo;authenticit\u00e9 et de prestige \u00e0 vos projets.<\/p><p><b>Mosa\u00efque<\/b> : En c\u00e9ramique, en verre ou en pierre, pour des cr\u00e9ations d\u00e9coratives uniques et personnalis\u00e9es.<\/p><p>Nous s\u00e9lectionnons rigoureusement nos produits aupr\u00e8s de fabricants reconnus pour leur qualit\u00e9, leur design et leur innovation.<\/p><\/div>\n\t\t\t\t<\/div>\n\t\t\t\t\t\t\t<div class=\"elementor-toggle-item\">\n\t\t\t\t\t<h3 id=\"elementor-tab-title-1162\" class=\"elementor-tab-title\" data-tab=\"2\" role=\"button\" aria-controls=\"elementor-tab-content-1162\" aria-expanded=\"false\">\n\t\t\t\t\t\t\t\t\t\t\t\t<span class=\"elementor-toggle-icon elementor-toggle-icon-right\" aria-hidden=\"true\">\n\t\t\t\t\t\t\t\t\t\t\t\t\t\t\t<span class=\"elementor-toggle-icon-closed\"><svg class=\"e-font-icon-svg e-fas-caret-right\" viewBox=\"0 0 192 512\" xmlns=\"http:\/\/www.w3.org\/2000\/svg\"><path d=\"M0 384.662V127.338c0-17.818 21.543-26.741 34.142-14.142l128.662 128.662c7.81 7.81 7.81 20.474 0 28.284L34.142 398.804C21.543 411.404 0 402.48 0 384.662z\"><\/path><\/svg><\/span>\n\t\t\t\t\t\t\t\t<span class=\"elementor-toggle-icon-opened\"><svg class=\"elementor-toggle-icon-opened e-font-icon-svg e-fas-caret-up\" viewBox=\"0 0 320 512\" xmlns=\"http:\/\/www.w3.org\/2000\/svg\"><path d=\"M288.662 352H31.338c-17.818 0-26.741-21.543-14.142-34.142l128.662-128.662c7.81-7.81 20.474-7.81 28.284 0l128.662 128.662c12.6 12.599 3.676 34.142-14.142 34.142z\"><\/path><\/svg><\/span>\n\t\t\t\t\t\t\t\t\t\t\t\t\t<\/span>\n\t\t\t\t\t\t\t\t\t\t\t\t<a class=\"elementor-toggle-title\" tabindex=\"0\">Quelle est la gamme de prix des carrelages chez Porto Venere Montpellier ?<\/a>\n\t\t\t\t\t<\/h3>\n\n\t\t\t\t\t<div id=\"elementor-tab-content-1162\" class=\"elementor-tab-content elementor-clearfix\" data-tab=\"2\" role=\"region\" aria-labelledby=\"elementor-tab-title-1162\"><p>Notre<b> gamme de prix est tr\u00e8s vari\u00e9e<\/b> afin de s&rsquo;adapter \u00e0 tous les budgets et \u00e0 tous les types de projets. Le prix d&rsquo;un carrelage d\u00e9pend de plusieurs facteurs tels que le mat\u00e9riau (c\u00e9ramique, gr\u00e8s c\u00e9rame, pierre naturelle), la taille, l&rsquo;\u00e9paisseur, la finition, le design et la marque.\u00a0<\/p><p>Nous proposons des carrelages d&rsquo;entr\u00e9e de gamme offrant un <b>bon rapport qualit\u00e9-prix<\/b>, ainsi que des <b>produits haut de gamme<\/b> aux finitions sophistiqu\u00e9es et aux mat\u00e9riaux nobles. N&rsquo;h\u00e9sitez pas \u00e0 consulter notre site web ou \u00e0 visiter nos showrooms pour d\u00e9couvrir nos diff\u00e9rentes gammes de prix et obtenir un devis personnalis\u00e9 en fonction de vos besoins et de votre budget. Notre \u00e9quipe sera ravie de vous conseiller et de vous orienter vers les solutions les plus adapt\u00e9es.<\/p><p>Nos<b> tarifs sont d\u00e9gressifs sur quantit\u00e9 <\/b>et vous pouvez \u00e9galement profiter de <b>promotions<\/b> mises en avant dans notre magasin et\/ou en ligne.<\/p><\/div>\n\t\t\t\t<\/div>\n\t\t\t\t\t\t\t<div class=\"elementor-toggle-item\">\n\t\t\t\t\t<h3 id=\"elementor-tab-title-1163\" class=\"elementor-tab-title\" data-tab=\"3\" role=\"button\" aria-controls=\"elementor-tab-content-1163\" aria-expanded=\"false\">\n\t\t\t\t\t\t\t\t\t\t\t\t<span class=\"elementor-toggle-icon elementor-toggle-icon-right\" aria-hidden=\"true\">\n\t\t\t\t\t\t\t\t\t\t\t\t\t\t\t<span class=\"elementor-toggle-icon-closed\"><svg class=\"e-font-icon-svg e-fas-caret-right\" viewBox=\"0 0 192 512\" xmlns=\"http:\/\/www.w3.org\/2000\/svg\"><path d=\"M0 384.662V127.338c0-17.818 21.543-26.741 34.142-14.142l128.662 128.662c7.81 7.81 7.81 20.474 0 28.284L34.142 398.804C21.543 411.404 0 402.48 0 384.662z\"><\/path><\/svg><\/span>\n\t\t\t\t\t\t\t\t<span class=\"elementor-toggle-icon-opened\"><svg class=\"elementor-toggle-icon-opened e-font-icon-svg e-fas-caret-up\" viewBox=\"0 0 320 512\" xmlns=\"http:\/\/www.w3.org\/2000\/svg\"><path d=\"M288.662 352H31.338c-17.818 0-26.741-21.543-14.142-34.142l128.662-128.662c7.81-7.81 20.474-7.81 28.284 0l128.662 128.662c12.6 12.599 3.676 34.142-14.142 34.142z\"><\/path><\/svg><\/span>\n\t\t\t\t\t\t\t\t\t\t\t\t\t<\/span>\n\t\t\t\t\t\t\t\t\t\t\t\t<a class=\"elementor-toggle-title\" tabindex=\"0\">Puis-je trouver diff\u00e9rents types de parquets chez Porto Venere Montpellier ?<\/a>\n\t\t\t\t\t<\/h3>\n\n\t\t\t\t\t<div id=\"elementor-tab-content-1163\" class=\"elementor-tab-content elementor-clearfix\" data-tab=\"3\" role=\"region\" aria-labelledby=\"elementor-tab-title-1163\"><p>Oui, notre gamme de parquets inclut le parquet massif, le parquet contrecoll\u00e9, parquet pointe de Hongrie, baton rompu, le rev\u00eatement mural en bois d\u00e9cor\u00e9, ainsi que des rev\u00eatements de sol stratifi\u00e9s de haute qualit\u00e9, disponibles dans diverses essences de bois et finitions. Une collection parquet et boiserie de luxe est \u00e9galement visible au showroom.<\/p><\/div>\n\t\t\t\t<\/div>\n\t\t\t\t\t\t\t<div class=\"elementor-toggle-item\">\n\t\t\t\t\t<h3 id=\"elementor-tab-title-1164\" class=\"elementor-tab-title\" data-tab=\"4\" role=\"button\" aria-controls=\"elementor-tab-content-1164\" aria-expanded=\"false\">\n\t\t\t\t\t\t\t\t\t\t\t\t<span class=\"elementor-toggle-icon elementor-toggle-icon-right\" aria-hidden=\"true\">\n\t\t\t\t\t\t\t\t\t\t\t\t\t\t\t<span class=\"elementor-toggle-icon-closed\"><svg class=\"e-font-icon-svg e-fas-caret-right\" viewBox=\"0 0 192 512\" xmlns=\"http:\/\/www.w3.org\/2000\/svg\"><path d=\"M0 384.662V127.338c0-17.818 21.543-26.741 34.142-14.142l128.662 128.662c7.81 7.81 7.81 20.474 0 28.284L34.142 398.804C21.543 411.404 0 402.48 0 384.662z\"><\/path><\/svg><\/span>\n\t\t\t\t\t\t\t\t<span class=\"elementor-toggle-icon-opened\"><svg class=\"elementor-toggle-icon-opened e-font-icon-svg e-fas-caret-up\" viewBox=\"0 0 320 512\" xmlns=\"http:\/\/www.w3.org\/2000\/svg\"><path d=\"M288.662 352H31.338c-17.818 0-26.741-21.543-14.142-34.142l128.662-128.662c7.81-7.81 20.474-7.81 28.284 0l128.662 128.662c12.6 12.599 3.676 34.142-14.142 34.142z\"><\/path><\/svg><\/span>\n\t\t\t\t\t\t\t\t\t\t\t\t\t<\/span>\n\t\t\t\t\t\t\t\t\t\t\t\t<a class=\"elementor-toggle-title\" tabindex=\"0\"> Comment puis-je obtenir un devis pour mon projet de carrelage ?<\/a>\n\t\t\t\t\t<\/h3>\n\n\t\t\t\t\t<div id=\"elementor-tab-content-1164\" class=\"elementor-tab-content elementor-clearfix\" data-tab=\"4\" role=\"region\" aria-labelledby=\"elementor-tab-title-1164\"><p>Pour obtenir un devis personnalis\u00e9 pour votre projet de carrelage, plusieurs options s&rsquo;offrent \u00e0 vous :<br \/>Visite en showroom : Venez nous rencontrer dans l&rsquo;un de nos showrooms \u00e0 Montpellier avec les dimensions de votre projet et vos pr\u00e9f\u00e9rences en termes de type de carrelage, de style et de budget. Notre \u00e9quipe vous pr\u00e9sentera les options les plus adapt\u00e9es et \u00e9tablira un devis d\u00e9taill\u00e9.<\/p><p>Demande de devis en ligne : Vous pouvez remplir le formulaire de demande de devis disponible sur notre site web en nous fournissant les informations n\u00e9cessaires sur votre projet (surfaces \u00e0 carreler, type de carrelage souhait\u00e9, etc.). Nous vous recontacterons dans les plus brefs d\u00e9lais avec une estimation.<\/p><p>Contact t\u00e9l\u00e9phonique ou par email : N&rsquo;h\u00e9sitez pas \u00e0 nous contacter par t\u00e9l\u00e9phone ou par email pour nous expliquer votre projet et nous poser vos questions. Nous pourrons ainsi vous fournir une premi\u00e8re estimation et convenir d&rsquo;un rendez-vous en showroom si n\u00e9cessaire.<\/p><p>Nous nous engageons \u00e0 vous fournir un devis clair, pr\u00e9cis et transparent, tenant compte de vos besoins et de votre budget.<\/p><\/div>\n\t\t\t\t<\/div>\n\t\t\t\t\t\t\t<div class=\"elementor-toggle-item\">\n\t\t\t\t\t<h3 id=\"elementor-tab-title-1165\" class=\"elementor-tab-title\" data-tab=\"5\" role=\"button\" aria-controls=\"elementor-tab-content-1165\" aria-expanded=\"false\">\n\t\t\t\t\t\t\t\t\t\t\t\t<span class=\"elementor-toggle-icon elementor-toggle-icon-right\" aria-hidden=\"true\">\n\t\t\t\t\t\t\t\t\t\t\t\t\t\t\t<span class=\"elementor-toggle-icon-closed\"><svg class=\"e-font-icon-svg e-fas-caret-right\" viewBox=\"0 0 192 512\" xmlns=\"http:\/\/www.w3.org\/2000\/svg\"><path d=\"M0 384.662V127.338c0-17.818 21.543-26.741 34.142-14.142l128.662 128.662c7.81 7.81 7.81 20.474 0 28.284L34.142 398.804C21.543 411.404 0 402.48 0 384.662z\"><\/path><\/svg><\/span>\n\t\t\t\t\t\t\t\t<span class=\"elementor-toggle-icon-opened\"><svg class=\"elementor-toggle-icon-opened e-font-icon-svg e-fas-caret-up\" viewBox=\"0 0 320 512\" xmlns=\"http:\/\/www.w3.org\/2000\/svg\"><path d=\"M288.662 352H31.338c-17.818 0-26.741-21.543-14.142-34.142l128.662-128.662c7.81-7.81 20.474-7.81 28.284 0l128.662 128.662c12.6 12.599 3.676 34.142-14.142 34.142z\"><\/path><\/svg><\/span>\n\t\t\t\t\t\t\t\t\t\t\t\t\t<\/span>\n\t\t\t\t\t\t\t\t\t\t\t\t<a class=\"elementor-toggle-title\" tabindex=\"0\"> Porto Venere Montpellier propose-t-il des solutions pour am\u00e9nager une salle de bain compl\u00e8te ?<\/a>\n\t\t\t\t\t<\/h3>\n\n\t\t\t\t\t<div id=\"elementor-tab-content-1165\" class=\"elementor-tab-content elementor-clearfix\" data-tab=\"5\" role=\"region\" aria-labelledby=\"elementor-tab-title-1165\"><p>\u00a0Absolument ! Notre service de conception de salle de bain vous accompagne de l&rsquo;id\u00e9e \u00e0 la r\u00e9alisation, en vous proposant des meubles vasques, des douches, des baignoires, de la robinetterie et des rev\u00eatements adapt\u00e9s \u00e0 vos besoins et \u00e0 votre style.<\/p><\/div>\n\t\t\t\t<\/div>\n\t\t\t\t\t\t\t<div class=\"elementor-toggle-item\">\n\t\t\t\t\t<h3 id=\"elementor-tab-title-1166\" class=\"elementor-tab-title\" data-tab=\"6\" role=\"button\" aria-controls=\"elementor-tab-content-1166\" aria-expanded=\"false\">\n\t\t\t\t\t\t\t\t\t\t\t\t<span class=\"elementor-toggle-icon elementor-toggle-icon-right\" aria-hidden=\"true\">\n\t\t\t\t\t\t\t\t\t\t\t\t\t\t\t<span class=\"elementor-toggle-icon-closed\"><svg class=\"e-font-icon-svg e-fas-caret-right\" viewBox=\"0 0 192 512\" xmlns=\"http:\/\/www.w3.org\/2000\/svg\"><path d=\"M0 384.662V127.338c0-17.818 21.543-26.741 34.142-14.142l128.662 128.662c7.81 7.81 7.81 20.474 0 28.284L34.142 398.804C21.543 411.404 0 402.48 0 384.662z\"><\/path><\/svg><\/span>\n\t\t\t\t\t\t\t\t<span class=\"elementor-toggle-icon-opened\"><svg class=\"elementor-toggle-icon-opened e-font-icon-svg e-fas-caret-up\" viewBox=\"0 0 320 512\" xmlns=\"http:\/\/www.w3.org\/2000\/svg\"><path d=\"M288.662 352H31.338c-17.818 0-26.741-21.543-14.142-34.142l128.662-128.662c7.81-7.81 20.474-7.81 28.284 0l128.662 128.662c12.6 12.599 3.676 34.142-14.142 34.142z\"><\/path><\/svg><\/span>\n\t\t\t\t\t\t\t\t\t\t\t\t\t<\/span>\n\t\t\t\t\t\t\t\t\t\t\t\t<a class=\"elementor-toggle-title\" tabindex=\"0\"> Porto Venere est il distributeur de la marque de baignoires Jacuzzi ?<\/a>\n\t\t\t\t\t<\/h3>\n\n\t\t\t\t\t<div id=\"elementor-tab-content-1166\" class=\"elementor-tab-content elementor-clearfix\" data-tab=\"6\" role=\"region\" aria-labelledby=\"elementor-tab-title-1166\"><p>Oui, Porto Venere est le <strong>distributeur exclusif agr\u00e9\u00e9 <\/strong>de la marque de <b>baignoires baln\u00e9o JACUZZI <\/b>sur Montpellier et sur tout le <b>d\u00e9partement de l&rsquo;H\u00e9rault<\/b> &#8211; 34<\/p><\/div>\n\t\t\t\t<\/div>\n\t\t\t\t\t\t\t\t<\/div>\n\t\t\t\t\t\t<\/div>\n\t\t\t\t<\/div>\n\t\t\t\t\t<\/div>\n\t\t<\/div>\n\t\t\t\t\t<\/div>\n\t\t<\/section>\n\t\t\t\t<section class=\"elementor-section elementor-top-section elementor-element elementor-element-3be4085 elementor-section-content-middle elementor-section-boxed elementor-section-height-default elementor-section-height-default\" data-id=\"3be4085\" data-element_type=\"section\" data-e-type=\"section\">\n\t\t\t\t\t\t<div class=\"elementor-container elementor-column-gap-no\">\n\t\t\t\t\t<div class=\"elementor-column elementor-col-100 elementor-top-column elementor-element elementor-element-81681e1\" data-id=\"81681e1\" data-element_type=\"column\" data-e-type=\"column\">\n\t\t\t<div class=\"elementor-widget-wrap elementor-element-populated\">\n\t\t\t\t\t\t<div class=\"elementor-element elementor-element-7013ad9 elementor-invisible elementor-widget elementor-widget-heading\" data-id=\"7013ad9\" data-element_type=\"widget\" data-e-type=\"widget\" data-settings=\"{&quot;_animation&quot;:&quot;fadeIn&quot;}\" data-widget_type=\"heading.default\">\n\t\t\t\t<div class=\"elementor-widget-container\">\n\t\t\t\t\t<p class=\"elementor-heading-title elementor-size-default\">Questions sp\u00e9cifiques au CARRELAGE :<\/p>\t\t\t\t<\/div>\n\t\t\t\t<\/div>\n\t\t\t\t<div class=\"elementor-element elementor-element-a16448d elementor-widget elementor-widget-toggle\" data-id=\"a16448d\" data-element_type=\"widget\" data-e-type=\"widget\" data-widget_type=\"toggle.default\">\n\t\t\t\t<div class=\"elementor-widget-container\">\n\t\t\t\t\t\t\t<div class=\"elementor-toggle\">\n\t\t\t\t\t\t\t<div class=\"elementor-toggle-item\">\n\t\t\t\t\t<h3 id=\"elementor-tab-title-1691\" class=\"elementor-tab-title\" data-tab=\"1\" role=\"button\" aria-controls=\"elementor-tab-content-1691\" aria-expanded=\"false\">\n\t\t\t\t\t\t\t\t\t\t\t\t<span class=\"elementor-toggle-icon elementor-toggle-icon-right\" aria-hidden=\"true\">\n\t\t\t\t\t\t\t\t\t\t\t\t\t\t\t<span class=\"elementor-toggle-icon-closed\"><svg class=\"e-font-icon-svg e-fas-caret-right\" viewBox=\"0 0 192 512\" xmlns=\"http:\/\/www.w3.org\/2000\/svg\"><path d=\"M0 384.662V127.338c0-17.818 21.543-26.741 34.142-14.142l128.662 128.662c7.81 7.81 7.81 20.474 0 28.284L34.142 398.804C21.543 411.404 0 402.48 0 384.662z\"><\/path><\/svg><\/span>\n\t\t\t\t\t\t\t\t<span class=\"elementor-toggle-icon-opened\"><svg class=\"elementor-toggle-icon-opened e-font-icon-svg e-fas-caret-up\" viewBox=\"0 0 320 512\" xmlns=\"http:\/\/www.w3.org\/2000\/svg\"><path d=\"M288.662 352H31.338c-17.818 0-26.741-21.543-14.142-34.142l128.662-128.662c7.81-7.81 20.474-7.81 28.284 0l128.662 128.662c12.6 12.599 3.676 34.142-14.142 34.142z\"><\/path><\/svg><\/span>\n\t\t\t\t\t\t\t\t\t\t\t\t\t<\/span>\n\t\t\t\t\t\t\t\t\t\t\t\t<a class=\"elementor-toggle-title\" tabindex=\"0\">Qu'est-ce que la classification UPEC pour le carrelage et comment la comprendre ?<\/a>\n\t\t\t\t\t<\/h3>\n\n\t\t\t\t\t<div id=\"elementor-tab-content-1691\" class=\"elementor-tab-content elementor-clearfix\" data-tab=\"1\" role=\"region\" aria-labelledby=\"elementor-tab-title-1691\"><p><strong><a href=\"https:\/\/www.cstb.fr\/nos-offres\/toutes-nos-offres\/certification-qb-upec-revetements-sol-carreaux-ceramiques\">La classification UPEC<\/a><\/strong> est une norme fran\u00e7aise qui \u00e9value la performance et la durabilit\u00e9 d&rsquo;un rev\u00eatement de sol en fonction de quatre crit\u00e8res essentiels, repr\u00e9sent\u00e9s par les lettres U, P, E et C, suivies d&rsquo;indices num\u00e9riques :<\/p><p><strong>U<\/strong> (Usure par le pi\u00e9tinement) : Indique la r\u00e9sistance \u00e0 l&rsquo;abrasion et au poin\u00e7onnement d\u00fb au passage. L&rsquo;indice varie de 1 (faible) \u00e0 4 (tr\u00e8s \u00e9lev\u00e9). Pour une habitation, un U2 ou U3 est g\u00e9n\u00e9ralement suffisant, tandis que les lieux publics \u00e0 fort trafic n\u00e9cessiteront un U4.<\/p><p><strong>P<\/strong> (Poin\u00e7onnement) : \u00c9value la r\u00e9sistance aux chocs et aux charges statiques (meubles, talons). L&rsquo;indice va de 1 (faible) \u00e0 4 ou 5 (tr\u00e8s \u00e9lev\u00e9). Pour une habitation, un P2 ou P3 est courant.<\/p><p><strong>E<\/strong> (Comportement \u00e0 l&rsquo;Eau) : Mesure la r\u00e9sistance \u00e0 l&rsquo;eau et \u00e0 l&rsquo;humidit\u00e9. L&rsquo;indice va de 0 (tr\u00e8s sensible) \u00e0 3 (tr\u00e8s r\u00e9sistant). Pour les salles de bain et les cuisines, un E2 ou E3 est recommand\u00e9. Pour l&rsquo;ext\u00e9rieur, un E3 est indispensable.<\/p><p><strong>C<\/strong> (R\u00e9sistance aux agents Chimiques) : \u00c9value la r\u00e9sistance aux produits d&rsquo;entretien courants et aux taches. L&rsquo;indice va de 0 (tr\u00e8s sensible) \u00e0 3 (tr\u00e8s r\u00e9sistant). Pour une utilisation domestique, un C1 ou C2 est souvent suffisant, mais un C3 est pr\u00e9f\u00e9rable pour les zones expos\u00e9es \u00e0 des produits agressifs.<\/p><\/div>\n\t\t\t\t<\/div>\n\t\t\t\t\t\t\t<div class=\"elementor-toggle-item\">\n\t\t\t\t\t<h3 id=\"elementor-tab-title-1692\" class=\"elementor-tab-title\" data-tab=\"2\" role=\"button\" aria-controls=\"elementor-tab-content-1692\" aria-expanded=\"false\">\n\t\t\t\t\t\t\t\t\t\t\t\t<span class=\"elementor-toggle-icon elementor-toggle-icon-right\" aria-hidden=\"true\">\n\t\t\t\t\t\t\t\t\t\t\t\t\t\t\t<span class=\"elementor-toggle-icon-closed\"><svg class=\"e-font-icon-svg e-fas-caret-right\" viewBox=\"0 0 192 512\" xmlns=\"http:\/\/www.w3.org\/2000\/svg\"><path d=\"M0 384.662V127.338c0-17.818 21.543-26.741 34.142-14.142l128.662 128.662c7.81 7.81 7.81 20.474 0 28.284L34.142 398.804C21.543 411.404 0 402.48 0 384.662z\"><\/path><\/svg><\/span>\n\t\t\t\t\t\t\t\t<span class=\"elementor-toggle-icon-opened\"><svg class=\"elementor-toggle-icon-opened e-font-icon-svg e-fas-caret-up\" viewBox=\"0 0 320 512\" xmlns=\"http:\/\/www.w3.org\/2000\/svg\"><path d=\"M288.662 352H31.338c-17.818 0-26.741-21.543-14.142-34.142l128.662-128.662c7.81-7.81 20.474-7.81 28.284 0l128.662 128.662c12.6 12.599 3.676 34.142-14.142 34.142z\"><\/path><\/svg><\/span>\n\t\t\t\t\t\t\t\t\t\t\t\t\t<\/span>\n\t\t\t\t\t\t\t\t\t\t\t\t<a class=\"elementor-toggle-title\" tabindex=\"0\">Quelle est la diff\u00e9rence entre un carrelage rectifi\u00e9 et un carrelage non rectifi\u00e9 ?<\/a>\n\t\t\t\t\t<\/h3>\n\n\t\t\t\t\t<div id=\"elementor-tab-content-1692\" class=\"elementor-tab-content elementor-clearfix\" data-tab=\"2\" role=\"region\" aria-labelledby=\"elementor-tab-title-1692\"><p>La principale distinction entre un carrelage rectifi\u00e9 et non rectifi\u00e9 r\u00e9side dans la finition de leurs bords :<\/p><p><strong>Carrelage non rectifi\u00e9 (bord arrondi ou naturel)<\/strong> : Les bords de ces carreaux sont tels qu&rsquo;ils sortent du processus de cuisson, pr\u00e9sentant un l\u00e9ger arrondi ou un aspect plus irr\u00e9gulier. Cela n\u00e9cessite des joints plus larges (g\u00e9n\u00e9ralement 3 mm et plus) pour compenser les petites variations de taille entre les carreaux et pour un rendu visuel plus traditionnel. La pose est souvent consid\u00e9r\u00e9e comme un peu plus tol\u00e9rante aux l\u00e9g\u00e8res imperfections du support.<\/p><p><strong>Carrelage rectifi\u00e9 (bord droit ou ar\u00eate vive)<\/strong> : Apr\u00e8s la cuisson, les bords de ces carreaux sont coup\u00e9s m\u00e9caniquement pour obtenir des angles droits et des dimensions tr\u00e8s pr\u00e9cises. Cela permet une pose avec des joints tr\u00e8s fins (parfois moins de 2 mm), cr\u00e9ant une impression de surface plus continue, moderne et \u00e9l\u00e9gante. La pose d&rsquo;un carrelage rectifi\u00e9 exige un support parfaitement plan et une grande pr\u00e9cision pour \u00e9viter les d\u00e9calages, car les d\u00e9fauts sont plus visibles avec des joints minces. Bien que l&rsquo;aspect final soit souvent plus esth\u00e9tique et facile \u00e0 nettoyer (moins de joints), le co\u00fbt de pose peut \u00eatre l\u00e9g\u00e8rement sup\u00e9rieur en raison de la pr\u00e9cision requise.<\/p><\/div>\n\t\t\t\t<\/div>\n\t\t\t\t\t\t\t<div class=\"elementor-toggle-item\">\n\t\t\t\t\t<h3 id=\"elementor-tab-title-1693\" class=\"elementor-tab-title\" data-tab=\"3\" role=\"button\" aria-controls=\"elementor-tab-content-1693\" aria-expanded=\"false\">\n\t\t\t\t\t\t\t\t\t\t\t\t<span class=\"elementor-toggle-icon elementor-toggle-icon-right\" aria-hidden=\"true\">\n\t\t\t\t\t\t\t\t\t\t\t\t\t\t\t<span class=\"elementor-toggle-icon-closed\"><svg class=\"e-font-icon-svg e-fas-caret-right\" viewBox=\"0 0 192 512\" xmlns=\"http:\/\/www.w3.org\/2000\/svg\"><path d=\"M0 384.662V127.338c0-17.818 21.543-26.741 34.142-14.142l128.662 128.662c7.81 7.81 7.81 20.474 0 28.284L34.142 398.804C21.543 411.404 0 402.48 0 384.662z\"><\/path><\/svg><\/span>\n\t\t\t\t\t\t\t\t<span class=\"elementor-toggle-icon-opened\"><svg class=\"elementor-toggle-icon-opened e-font-icon-svg e-fas-caret-up\" viewBox=\"0 0 320 512\" xmlns=\"http:\/\/www.w3.org\/2000\/svg\"><path d=\"M288.662 352H31.338c-17.818 0-26.741-21.543-14.142-34.142l128.662-128.662c7.81-7.81 20.474-7.81 28.284 0l128.662 128.662c12.6 12.599 3.676 34.142-14.142 34.142z\"><\/path><\/svg><\/span>\n\t\t\t\t\t\t\t\t\t\t\t\t\t<\/span>\n\t\t\t\t\t\t\t\t\t\t\t\t<a class=\"elementor-toggle-title\" tabindex=\"0\">Qu'est-ce que le classement R pour les carreaux et \u00e0 quoi correspond-il ?<\/a>\n\t\t\t\t\t<\/h3>\n\n\t\t\t\t\t<div id=\"elementor-tab-content-1693\" class=\"elementor-tab-content elementor-clearfix\" data-tab=\"3\" role=\"region\" aria-labelledby=\"elementor-tab-title-1693\"><p>Le classement R est une norme europ\u00e9enne qui \u00e9value la r\u00e9sistance \u00e0 la glissance des carreaux de sol lorsqu&rsquo;ils sont sollicit\u00e9s par des pieds chauss\u00e9s. Il est particuli\u00e8rement important pour les zones o\u00f9 le risque de chute est plus \u00e9lev\u00e9, comme les entr\u00e9es, les cuisines professionnelles ou les espaces ext\u00e9rieurs. Le classement R va de R9 (adh\u00e9rence normale) \u00e0 R13 (tr\u00e8s forte adh\u00e9rence) :<\/p><p><strong>R9 :<\/strong> Adh\u00e9rence normale, adapt\u00e9 aux espaces int\u00e9rieurs secs avec un trafic normal.<\/p><p><strong>R10 :<\/strong> Adh\u00e9rence moyenne, recommand\u00e9 pour les salles de bain domestiques, les douches priv\u00e9es et les entr\u00e9es.<\/p><p><strong>R11 :<\/strong> Forte adh\u00e9rence, convient aux cuisines collectives, aux vestiaires, aux garages, aux balcons, \u00e0 certaines zones d&rsquo;eau (abords de piscines)<\/p><p>R12 : Tr\u00e8s forte adh\u00e9rence, pour les zones o\u00f9 de l&rsquo;eau ou des substances glissantes peuvent \u00eatre pr\u00e9sentes (abords de piscines, locaux techniques).<\/p><p>R13 : Adh\u00e9rence maximale, pour les environnements industriels avec des risques \u00e9lev\u00e9s de glissance.<\/p><p>Choisir un carrelage avec un classement R appropri\u00e9 \u00e0 la destination de la pi\u00e8ce est essentiel pour la s\u00e9curit\u00e9 des utilisateurs.<\/p><\/div>\n\t\t\t\t<\/div>\n\t\t\t\t\t\t\t<div class=\"elementor-toggle-item\">\n\t\t\t\t\t<h3 id=\"elementor-tab-title-1694\" class=\"elementor-tab-title\" data-tab=\"4\" role=\"button\" aria-controls=\"elementor-tab-content-1694\" aria-expanded=\"false\">\n\t\t\t\t\t\t\t\t\t\t\t\t<span class=\"elementor-toggle-icon elementor-toggle-icon-right\" aria-hidden=\"true\">\n\t\t\t\t\t\t\t\t\t\t\t\t\t\t\t<span class=\"elementor-toggle-icon-closed\"><svg class=\"e-font-icon-svg e-fas-caret-right\" viewBox=\"0 0 192 512\" xmlns=\"http:\/\/www.w3.org\/2000\/svg\"><path d=\"M0 384.662V127.338c0-17.818 21.543-26.741 34.142-14.142l128.662 128.662c7.81 7.81 7.81 20.474 0 28.284L34.142 398.804C21.543 411.404 0 402.48 0 384.662z\"><\/path><\/svg><\/span>\n\t\t\t\t\t\t\t\t<span class=\"elementor-toggle-icon-opened\"><svg class=\"elementor-toggle-icon-opened e-font-icon-svg e-fas-caret-up\" viewBox=\"0 0 320 512\" xmlns=\"http:\/\/www.w3.org\/2000\/svg\"><path d=\"M288.662 352H31.338c-17.818 0-26.741-21.543-14.142-34.142l128.662-128.662c7.81-7.81 20.474-7.81 28.284 0l128.662 128.662c12.6 12.599 3.676 34.142-14.142 34.142z\"><\/path><\/svg><\/span>\n\t\t\t\t\t\t\t\t\t\t\t\t\t<\/span>\n\t\t\t\t\t\t\t\t\t\t\t\t<a class=\"elementor-toggle-title\" tabindex=\"0\">Qu'est-ce que le classement ABC pour les carreaux de piscine ou zone d'eau ?<\/a>\n\t\t\t\t\t<\/h3>\n\n\t\t\t\t\t<div id=\"elementor-tab-content-1694\" class=\"elementor-tab-content elementor-clearfix\" data-tab=\"4\" role=\"region\" aria-labelledby=\"elementor-tab-title-1694\"><p><strong>Le classement ABC<\/strong> est sp\u00e9cifique aux carreaux destin\u00e9s aux piscines et \u00e9value leur r\u00e9sistance \u00e0 la glissance pieds nus en milieu humide. Il comprend trois classes :<\/p><p><strong>A<\/strong> (Adh\u00e9rence moyenne) : Pour les zones s\u00e8ches ou peu humides<\/p><p><strong>B<\/strong> (Forte adh\u00e9rence) : Recommand\u00e9 pour les plages de piscines, les escaliers immerg\u00e9s et les zones o\u00f9 l&rsquo;eau est plus pr\u00e9sente.<\/p><p><strong>C<\/strong> (Tr\u00e8s forte adh\u00e9rence) : Indispensable pour les bassins, les pentes d&rsquo;acc\u00e8s et les zones avec un fort courant d&rsquo;eau, assurant une s\u00e9curit\u00e9 maximale aux baigneurs pieds nus.<\/p><p>Ce classement, combin\u00e9 au classement R pour les zones accessibles avec des chaussures, permet de choisir un rev\u00eatement de piscine s\u00fbr et adapt\u00e9 \u00e0 chaque zone.<\/p><\/div>\n\t\t\t\t<\/div>\n\t\t\t\t\t\t\t<div class=\"elementor-toggle-item\">\n\t\t\t\t\t<h3 id=\"elementor-tab-title-1695\" class=\"elementor-tab-title\" data-tab=\"5\" role=\"button\" aria-controls=\"elementor-tab-content-1695\" aria-expanded=\"false\">\n\t\t\t\t\t\t\t\t\t\t\t\t<span class=\"elementor-toggle-icon elementor-toggle-icon-right\" aria-hidden=\"true\">\n\t\t\t\t\t\t\t\t\t\t\t\t\t\t\t<span class=\"elementor-toggle-icon-closed\"><svg class=\"e-font-icon-svg e-fas-caret-right\" viewBox=\"0 0 192 512\" xmlns=\"http:\/\/www.w3.org\/2000\/svg\"><path d=\"M0 384.662V127.338c0-17.818 21.543-26.741 34.142-14.142l128.662 128.662c7.81 7.81 7.81 20.474 0 28.284L34.142 398.804C21.543 411.404 0 402.48 0 384.662z\"><\/path><\/svg><\/span>\n\t\t\t\t\t\t\t\t<span class=\"elementor-toggle-icon-opened\"><svg class=\"elementor-toggle-icon-opened e-font-icon-svg e-fas-caret-up\" viewBox=\"0 0 320 512\" xmlns=\"http:\/\/www.w3.org\/2000\/svg\"><path d=\"M288.662 352H31.338c-17.818 0-26.741-21.543-14.142-34.142l128.662-128.662c7.81-7.81 20.474-7.81 28.284 0l128.662 128.662c12.6 12.599 3.676 34.142-14.142 34.142z\"><\/path><\/svg><\/span>\n\t\t\t\t\t\t\t\t\t\t\t\t\t<\/span>\n\t\t\t\t\t\t\t\t\t\t\t\t<a class=\"elementor-toggle-title\" tabindex=\"0\">Quels sont les avantages du gr\u00e8s c\u00e9rame ?<\/a>\n\t\t\t\t\t<\/h3>\n\n\t\t\t\t\t<div id=\"elementor-tab-content-1695\" class=\"elementor-tab-content elementor-clearfix\" data-tab=\"5\" role=\"region\" aria-labelledby=\"elementor-tab-title-1695\"><p>Le gr\u00e8s c\u00e9rame est devenu un mat\u00e9riau de choix dans le monde du carrelage gr\u00e2ce \u00e0 ses <strong>nombreux avantages<\/strong> :<\/p><p><strong>Robustesse et durabilit\u00e9 exceptionnelles<\/strong> : Sa faible porosit\u00e9 et sa densit\u00e9 \u00e9lev\u00e9e le rendent extr\u00eamement r\u00e9sistant \u00e0 l&rsquo;usure, aux rayures, aux chocs et au poin\u00e7onnement, assurant une longue dur\u00e9e de vie.<\/p><p><strong>R\u00e9sistance au gel<\/strong> : Sa faible absorption d&rsquo;eau lui permet de r\u00e9sister aux cycles de gel et de d\u00e9gel sans se fissurer, ce qui le rend id\u00e9al pour les applications ext\u00e9rieures.<\/p><p><strong>R\u00e9sistance aux taches<\/strong> : Sa surface dense emp\u00eache la p\u00e9n\u00e9tration des liquides et des salet\u00e9s, facilitant ainsi le nettoyage et \u00e9vitant les taches permanentes.<\/p><p><strong>Faible porosit\u00e9<\/strong> : Cette caract\u00e9ristique le rend hygi\u00e9nique et r\u00e9sistant \u00e0 l&rsquo;humidit\u00e9, limitant la prolif\u00e9ration des bact\u00e9ries et des moisissures.<\/p><p><strong>Large choix esth\u00e9tique<\/strong> : Gr\u00e2ce aux avanc\u00e9es technologiques, le gr\u00e8s c\u00e9rame se d\u00e9cline dans une infinit\u00e9 de couleurs, de motifs, de textures et d&rsquo;imitations (bois, pierre naturelle, m\u00e9tal, b\u00e9ton, marbre&#8230;), offrant une grande libert\u00e9 de design.<\/p><p><strong>Facilit\u00e9 d&rsquo;entretien<\/strong> : Un nettoyage r\u00e9gulier avec des produits courants suffit \u00e0 maintenir son aspect d&rsquo;origine.<\/p><\/div>\n\t\t\t\t<\/div>\n\t\t\t\t\t\t\t<div class=\"elementor-toggle-item\">\n\t\t\t\t\t<h3 id=\"elementor-tab-title-1696\" class=\"elementor-tab-title\" data-tab=\"6\" role=\"button\" aria-controls=\"elementor-tab-content-1696\" aria-expanded=\"false\">\n\t\t\t\t\t\t\t\t\t\t\t\t<span class=\"elementor-toggle-icon elementor-toggle-icon-right\" aria-hidden=\"true\">\n\t\t\t\t\t\t\t\t\t\t\t\t\t\t\t<span class=\"elementor-toggle-icon-closed\"><svg class=\"e-font-icon-svg e-fas-caret-right\" viewBox=\"0 0 192 512\" xmlns=\"http:\/\/www.w3.org\/2000\/svg\"><path d=\"M0 384.662V127.338c0-17.818 21.543-26.741 34.142-14.142l128.662 128.662c7.81 7.81 7.81 20.474 0 28.284L34.142 398.804C21.543 411.404 0 402.48 0 384.662z\"><\/path><\/svg><\/span>\n\t\t\t\t\t\t\t\t<span class=\"elementor-toggle-icon-opened\"><svg class=\"elementor-toggle-icon-opened e-font-icon-svg e-fas-caret-up\" viewBox=\"0 0 320 512\" xmlns=\"http:\/\/www.w3.org\/2000\/svg\"><path d=\"M288.662 352H31.338c-17.818 0-26.741-21.543-14.142-34.142l128.662-128.662c7.81-7.81 20.474-7.81 28.284 0l128.662 128.662c12.6 12.599 3.676 34.142-14.142 34.142z\"><\/path><\/svg><\/span>\n\t\t\t\t\t\t\t\t\t\t\t\t\t<\/span>\n\t\t\t\t\t\t\t\t\t\t\t\t<a class=\"elementor-toggle-title\" tabindex=\"0\">Dans quels cas utiliser du carrelage fine \u00e9paisseur ?<\/a>\n\t\t\t\t\t<\/h3>\n\n\t\t\t\t\t<div id=\"elementor-tab-content-1696\" class=\"elementor-tab-content elementor-clearfix\" data-tab=\"6\" role=\"region\" aria-labelledby=\"elementor-tab-title-1696\"><p>Le carrelage fine \u00e9paisseur (g\u00e9n\u00e9ralement entre 3,5 et 7 mm) offre des solutions int\u00e9ressantes dans certaines situations sp\u00e9cifiques :<\/p><p><strong>R\u00e9novation sans d\u00e9pose de l&rsquo;ancien rev\u00eatement<\/strong> : Sa faible \u00e9paisseur permet de le poser directement sur un ancien carrelage \u00e9vitant ainsi les travaux de d\u00e9molition, la production de d\u00e9chets et les co\u00fbts associ\u00e9s. Des r\u00e8gles d&rsquo;application doivent \u00eatre respect\u00e9es, demandez nous conseils.\u00a0<\/p><p><strong>L\u00e9g\u00e8ret\u00e9 et facilit\u00e9 de manipulation<\/strong> : Son poids r\u00e9duit facilite le transport, la manutention et la d\u00e9coupe, ce qui peut \u00eatre avantageux sur les chantiers en hauteur ou difficiles d&rsquo;acc\u00e8s.<\/p><p><strong>Rev\u00eatement mural<\/strong> : Sa l\u00e9g\u00e8ret\u00e9 le rend id\u00e9al pour les applications murales, y compris les grandes surfaces, sans surcharger la structure.<\/p><p><strong>Applications sp\u00e9cifiques<\/strong> : Il peut \u00eatre utilis\u00e9 pour le rev\u00eatement de portes, d&rsquo;\u00e9l\u00e9ments de mobilier, sols et murs&#8230;<\/p><p><strong>Moins de consommation de mati\u00e8res premi\u00e8res<\/strong> lors de la fabrication par rapport aux carreaux traditionnels.<\/p><p>Cependant, le carrelage fine \u00e9paisseur peut \u00eatre plus fragile \u00e0 manipuler avant la pose et n\u00e9cessite un support parfaitement plan pour \u00e9viter les fissures. Il est \u00e9galement important d&rsquo;utiliser une colle adapt\u00e9e \u00e0 ce type de carrelage sans oublier un carreleur qui maitrise la pose de celui-ci.<\/p><\/div>\n\t\t\t\t<\/div>\n\t\t\t\t\t\t\t<div class=\"elementor-toggle-item\">\n\t\t\t\t\t<h3 id=\"elementor-tab-title-1697\" class=\"elementor-tab-title\" data-tab=\"7\" role=\"button\" aria-controls=\"elementor-tab-content-1697\" aria-expanded=\"false\">\n\t\t\t\t\t\t\t\t\t\t\t\t<span class=\"elementor-toggle-icon elementor-toggle-icon-right\" aria-hidden=\"true\">\n\t\t\t\t\t\t\t\t\t\t\t\t\t\t\t<span class=\"elementor-toggle-icon-closed\"><svg class=\"e-font-icon-svg e-fas-caret-right\" viewBox=\"0 0 192 512\" xmlns=\"http:\/\/www.w3.org\/2000\/svg\"><path d=\"M0 384.662V127.338c0-17.818 21.543-26.741 34.142-14.142l128.662 128.662c7.81 7.81 7.81 20.474 0 28.284L34.142 398.804C21.543 411.404 0 402.48 0 384.662z\"><\/path><\/svg><\/span>\n\t\t\t\t\t\t\t\t<span class=\"elementor-toggle-icon-opened\"><svg class=\"elementor-toggle-icon-opened e-font-icon-svg e-fas-caret-up\" viewBox=\"0 0 320 512\" xmlns=\"http:\/\/www.w3.org\/2000\/svg\"><path d=\"M288.662 352H31.338c-17.818 0-26.741-21.543-14.142-34.142l128.662-128.662c7.81-7.81 20.474-7.81 28.284 0l128.662 128.662c12.6 12.599 3.676 34.142-14.142 34.142z\"><\/path><\/svg><\/span>\n\t\t\t\t\t\t\t\t\t\t\t\t\t<\/span>\n\t\t\t\t\t\t\t\t\t\t\t\t<a class=\"elementor-toggle-title\" tabindex=\"0\">Le carrelage imitation parquet est-il une bonne option ?<\/a>\n\t\t\t\t\t<\/h3>\n\n\t\t\t\t\t<div id=\"elementor-tab-content-1697\" class=\"elementor-tab-content elementor-clearfix\" data-tab=\"7\" role=\"region\" aria-labelledby=\"elementor-tab-title-1697\"><p>Le carrelage imitation parquet est une alternative de plus en plus populaire au bois v\u00e9ritable, offrant un excellent compromis entre l&rsquo;esth\u00e9tique chaleureuse du bois et les avantages pratiques du carrelage :<\/p><p><b>Esth\u00e9tique chaleureuse et r\u00e9aliste<\/b> : Les avanc\u00e9es technologiques permettent de reproduire fid\u00e8lement les nuances, les veinures et les textures du bois, cr\u00e9ant une atmosph\u00e8re chaleureuse et naturelle. Diff\u00e9rents formats (lames longues, larges) et finitions (mat, structur\u00e9) sont disponibles pour imiter diff\u00e9rents types de parquets.<\/p><p><b>Durabilit\u00e9 et r\u00e9sistance<\/b> : Contrairement au bois, le carrelage est extr\u00eamement r\u00e9sistant \u00e0 l&rsquo;usure, aux rayures, aux chocs et aux taches, ce qui en fait un choix id\u00e9al pour les zones \u00e0 fort passage ou expos\u00e9es aux salet\u00e9s (entr\u00e9es, cuisines).<\/p><p><b>R\u00e9sistance \u00e0 l&rsquo;eau et \u00e0 l&rsquo;humidit\u00e9 <\/b>: Il peut \u00eatre install\u00e9 dans les pi\u00e8ces humides comme les salles de bain et les cuisines sans risque de gonflement ou de d\u00e9formation, contrairement au parquet massif.<\/p><p><b>Facilit\u00e9 d&rsquo;entretien :<\/b> Un simple nettoyage r\u00e9gulier suffit, sans n\u00e9cessiter de pon\u00e7age, de vitrification ou d&rsquo;huilage comme le bois.<\/p><p><b>Compatibilit\u00e9 avec le chauffage au sol :<\/b> Le carrelage est un excellent conducteur de chaleur, ce qui le rend parfaitement adapt\u00e9 aux syst\u00e8mes de chauffage par le sol.<\/p><p><b>Co\u00fbt<\/b> potentiellement inf\u00e9rieur \u00e0 certaines essences de bois noble et \u00e0 leur entretien \u00e0 long terme.<\/p><p>Le carrelage imitation parquet est donc une option pratique et esth\u00e9tique pour ceux qui appr\u00e9cient l&rsquo;aspect du bois mais recherchent la durabilit\u00e9 et la facilit\u00e9 d&rsquo;entretien du carrelage.<\/p><\/div>\n\t\t\t\t<\/div>\n\t\t\t\t\t\t\t<div class=\"elementor-toggle-item\">\n\t\t\t\t\t<h3 id=\"elementor-tab-title-1698\" class=\"elementor-tab-title\" data-tab=\"8\" role=\"button\" aria-controls=\"elementor-tab-content-1698\" aria-expanded=\"false\">\n\t\t\t\t\t\t\t\t\t\t\t\t<span class=\"elementor-toggle-icon elementor-toggle-icon-right\" aria-hidden=\"true\">\n\t\t\t\t\t\t\t\t\t\t\t\t\t\t\t<span class=\"elementor-toggle-icon-closed\"><svg class=\"e-font-icon-svg e-fas-caret-right\" viewBox=\"0 0 192 512\" xmlns=\"http:\/\/www.w3.org\/2000\/svg\"><path d=\"M0 384.662V127.338c0-17.818 21.543-26.741 34.142-14.142l128.662 128.662c7.81 7.81 7.81 20.474 0 28.284L34.142 398.804C21.543 411.404 0 402.48 0 384.662z\"><\/path><\/svg><\/span>\n\t\t\t\t\t\t\t\t<span class=\"elementor-toggle-icon-opened\"><svg class=\"elementor-toggle-icon-opened e-font-icon-svg e-fas-caret-up\" viewBox=\"0 0 320 512\" xmlns=\"http:\/\/www.w3.org\/2000\/svg\"><path d=\"M288.662 352H31.338c-17.818 0-26.741-21.543-14.142-34.142l128.662-128.662c7.81-7.81 20.474-7.81 28.284 0l128.662 128.662c12.6 12.599 3.676 34.142-14.142 34.142z\"><\/path><\/svg><\/span>\n\t\t\t\t\t\t\t\t\t\t\t\t\t<\/span>\n\t\t\t\t\t\t\t\t\t\t\t\t<a class=\"elementor-toggle-title\" tabindex=\"0\">Quelles sont les erreurs \u00e0 \u00e9viter lors de la pose de carrelage ?<\/a>\n\t\t\t\t\t<\/h3>\n\n\t\t\t\t\t<div id=\"elementor-tab-content-1698\" class=\"elementor-tab-content elementor-clearfix\" data-tab=\"8\" role=\"region\" aria-labelledby=\"elementor-tab-title-1698\"><p>Pour obtenir un r\u00e9sultat durable et esth\u00e9tique, il est important d&rsquo;\u00e9viter certaines erreurs courantes lors de la pose de carrelage :<\/p><p><b>Mauvaise pr\u00e9paration du support<\/b> : Un support non propre, non plan ou instable compromet l&rsquo;adh\u00e9rence du carrelage.<\/p><p><b>Choix de la colle inadapt\u00e9e<\/b> : Utiliser une colle non adapt\u00e9e au type de carreau ou au support peut entra\u00eener un d\u00e9collement.<\/p><p><b>Mauvais encollage<\/b> : Ne pas appliquer suffisamment de colle ou ne pas la r\u00e9partir uniform\u00e9ment peut cr\u00e9er des vides et des carreaux qui sonnent creux. La technique du double encollage est souvent n\u00e9cessaire pour les grands formats.<br \/>Joints irr\u00e9guliers : Des joints de largeur variable nuisent \u00e0 l&rsquo;esth\u00e9tique et peuvent \u00eatre plus difficiles \u00e0 nettoyer. L&rsquo;utilisation de croisillons est essentielle.<\/p><p><b>Mauvaises d\u00e9coupes<\/b> : Des coupes impr\u00e9cises ou \u00e9br\u00e9ch\u00e9es donnent un aspect n\u00e9glig\u00e9. Utiliser les bons outils et prendre son temps est important.<\/p><p>Jointoiement b\u00e2cl\u00e9 : Un jointoiement mal r\u00e9alis\u00e9 peut entra\u00eener des infiltrations, des moisissures et une mauvaise tenue du carrelage. Bien remplir les espaces et nettoyer correctement l&rsquo;exc\u00e9dent est crucial.<\/p><p><b>Non-respect des temps de s\u00e9chage<\/b> : Marcher trop t\u00f4t sur le carrelage fra\u00eechement pos\u00e9 ou ne pas respecter le temps de s\u00e9chage de la colle et du joint peut compromettre le r\u00e9sultat.<\/p><p><b>Absence d&rsquo;\u00e9tanch\u00e9it\u00e9 dans les zones humides<\/b> : Ne pas imperm\u00e9abiliser les douches, les pourtours de baignoire ou les cr\u00e9dences peut entra\u00eener des infiltrations et des dommages importants.<\/p><p><b>Mauvaise planification de la pose<\/b> : Ne pas pr\u00e9voir la disposition des carreaux (calepinage) peut entra\u00eener des coupes disgracieuses ou un aspect d\u00e9s\u00e9quilibr\u00e9.<\/p><p>N&rsquo;h\u00e9sitez pas \u00e0 solliciter les conseils des experts de Porto Venere Montpellier pour vous guider dans le choix des mat\u00e9riaux et des techniques de pose adapt\u00e9s \u00e0 votre projet.<\/p><p>Nous pouvons vous communiquer des contacts de carreleurs dont la qualit\u00e9 de travail est reconnue.\u00a0\u00a0<\/p><\/div>\n\t\t\t\t<\/div>\n\t\t\t\t\t\t\t<div class=\"elementor-toggle-item\">\n\t\t\t\t\t<h3 id=\"elementor-tab-title-1699\" class=\"elementor-tab-title\" data-tab=\"9\" role=\"button\" aria-controls=\"elementor-tab-content-1699\" aria-expanded=\"false\">\n\t\t\t\t\t\t\t\t\t\t\t\t<span class=\"elementor-toggle-icon elementor-toggle-icon-right\" aria-hidden=\"true\">\n\t\t\t\t\t\t\t\t\t\t\t\t\t\t\t<span class=\"elementor-toggle-icon-closed\"><svg class=\"e-font-icon-svg e-fas-caret-right\" viewBox=\"0 0 192 512\" xmlns=\"http:\/\/www.w3.org\/2000\/svg\"><path d=\"M0 384.662V127.338c0-17.818 21.543-26.741 34.142-14.142l128.662 128.662c7.81 7.81 7.81 20.474 0 28.284L34.142 398.804C21.543 411.404 0 402.48 0 384.662z\"><\/path><\/svg><\/span>\n\t\t\t\t\t\t\t\t<span class=\"elementor-toggle-icon-opened\"><svg class=\"elementor-toggle-icon-opened e-font-icon-svg e-fas-caret-up\" viewBox=\"0 0 320 512\" xmlns=\"http:\/\/www.w3.org\/2000\/svg\"><path d=\"M288.662 352H31.338c-17.818 0-26.741-21.543-14.142-34.142l128.662-128.662c7.81-7.81 20.474-7.81 28.284 0l128.662 128.662c12.6 12.599 3.676 34.142-14.142 34.142z\"><\/path><\/svg><\/span>\n\t\t\t\t\t\t\t\t\t\t\t\t\t<\/span>\n\t\t\t\t\t\t\t\t\t\t\t\t<a class=\"elementor-toggle-title\" tabindex=\"0\">Pourquoi mon carrelage sonne-t-il creux ? <\/a>\n\t\t\t\t\t<\/h3>\n\n\t\t\t\t\t<div id=\"elementor-tab-content-1699\" class=\"elementor-tab-content elementor-clearfix\" data-tab=\"9\" role=\"region\" aria-labelledby=\"elementor-tab-title-1699\"><p>Un carrelage qui sonne creux indique g\u00e9n\u00e9ralement un probl\u00e8me d&rsquo;adh\u00e9rence entre le carreau et le support. Plusieurs raisons peuvent en \u00eatre la cause :<\/p><p><b>Manque de colle <\/b>: La colle n&rsquo;a pas \u00e9t\u00e9 appliqu\u00e9e en quantit\u00e9 suffisante ou n&rsquo;a pas recouvert toute la surface du carreau.<\/p><p><b>Mauvaise application de la colle <\/b>: La colle a s\u00e9ch\u00e9 avant la pose du carreau (temps ouvert d\u00e9pass\u00e9).<\/p><p><b>Support mal pr\u00e9par\u00e9<\/b> : Un support poussi\u00e9reux, gras ou non primaire peut emp\u00eacher une bonne adh\u00e9rence.<\/p><p><b>Carreau mal pos\u00e9<\/b> : Un carreau n&rsquo;a pas \u00e9t\u00e9 suffisamment press\u00e9 ou tapot\u00e9 lors de la pose.<\/p><p><b>Mouvements du support<\/b> : Dans certains cas, des mouvements du support (dilatation, contraction) peuvent entra\u00eener le d\u00e9collement partiel des carreaux.<\/p><p>Un carreau qui sonne creux est plus fragile et risque de se fissurer ou de se d\u00e9coller avec le temps. La solution consiste souvent \u00e0 retirer le ou les carreaux concern\u00e9s, \u00e0 nettoyer le support et le dos du carreau, \u00e0 appliquer une nouvelle colle et \u00e0 reposer le carreau correctement. Si de nombreux carreaux sonnent creux, cela peut indiquer un probl\u00e8me plus g\u00e9n\u00e9ral de pose et il est conseill\u00e9 de faire appel \u00e0 un professionnel pour \u00e9valuer la situation.<\/p><\/div>\n\t\t\t\t<\/div>\n\t\t\t\t\t\t\t\t<\/div>\n\t\t\t\t\t\t<\/div>\n\t\t\t\t<\/div>\n\t\t\t\t\t<\/div>\n\t\t<\/div>\n\t\t\t\t\t<\/div>\n\t\t<\/section>\n\t\t\t\t<section class=\"elementor-section elementor-top-section elementor-element elementor-element-3c4951d elementor-section-boxed elementor-section-height-default elementor-section-height-default\" data-id=\"3c4951d\" data-element_type=\"section\" data-e-type=\"section\">\n\t\t\t\t\t\t<div class=\"elementor-container elementor-column-gap-default\">\n\t\t\t\t\t<div class=\"elementor-column elementor-col-100 elementor-top-column elementor-element elementor-element-e43f112\" data-id=\"e43f112\" data-element_type=\"column\" data-e-type=\"column\">\n\t\t\t<div class=\"elementor-widget-wrap elementor-element-populated\">\n\t\t\t\t\t\t<div class=\"elementor-element elementor-element-5619c6a elementor-widget elementor-widget-menu-anchor\" data-id=\"5619c6a\" data-element_type=\"widget\" data-e-type=\"widget\" data-widget_type=\"menu-anchor.default\">\n\t\t\t\t<div class=\"elementor-widget-container\">\n\t\t\t\t\t\t\t<div class=\"elementor-menu-anchor\" id=\"pvddef\"><\/div>\n\t\t\t\t\t\t<\/div>\n\t\t\t\t<\/div>\n\t\t\t\t\t<\/div>\n\t\t<\/div>\n\t\t\t\t\t<\/div>\n\t\t<\/section>\n\t\t\t\t<section class=\"elementor-section elementor-top-section elementor-element elementor-element-9481b81 elementor-section-content-middle elementor-section-boxed elementor-section-height-default elementor-section-height-default\" data-id=\"9481b81\" data-element_type=\"section\" data-e-type=\"section\">\n\t\t\t\t\t\t<div class=\"elementor-container elementor-column-gap-no\">\n\t\t\t\t\t<div class=\"elementor-column elementor-col-100 elementor-top-column elementor-element elementor-element-e7f1e39\" data-id=\"e7f1e39\" data-element_type=\"column\" data-e-type=\"column\">\n\t\t\t<div class=\"elementor-widget-wrap elementor-element-populated\">\n\t\t\t\t\t\t<div class=\"elementor-element elementor-element-e8eb293 elementor-invisible elementor-widget elementor-widget-heading\" data-id=\"e8eb293\" data-element_type=\"widget\" data-e-type=\"widget\" data-settings=\"{&quot;_animation&quot;:&quot;fadeIn&quot;}\" data-widget_type=\"heading.default\">\n\t\t\t\t<div class=\"elementor-widget-container\">\n\t\t\t\t\t<p class=\"elementor-heading-title elementor-size-default\">Questions sp\u00e9cifiques a LA SALLE DE BAIN :<\/p>\t\t\t\t<\/div>\n\t\t\t\t<\/div>\n\t\t\t\t<div class=\"elementor-element elementor-element-5a47faa elementor-widget elementor-widget-toggle\" data-id=\"5a47faa\" data-element_type=\"widget\" data-e-type=\"widget\" data-widget_type=\"toggle.default\">\n\t\t\t\t<div class=\"elementor-widget-container\">\n\t\t\t\t\t\t\t<div class=\"elementor-toggle\">\n\t\t\t\t\t\t\t<div class=\"elementor-toggle-item\">\n\t\t\t\t\t<h3 id=\"elementor-tab-title-9461\" class=\"elementor-tab-title\" data-tab=\"1\" role=\"button\" aria-controls=\"elementor-tab-content-9461\" aria-expanded=\"false\">\n\t\t\t\t\t\t\t\t\t\t\t\t<span class=\"elementor-toggle-icon elementor-toggle-icon-right\" aria-hidden=\"true\">\n\t\t\t\t\t\t\t\t\t\t\t\t\t\t\t<span class=\"elementor-toggle-icon-closed\"><svg class=\"e-font-icon-svg e-fas-caret-right\" viewBox=\"0 0 192 512\" xmlns=\"http:\/\/www.w3.org\/2000\/svg\"><path d=\"M0 384.662V127.338c0-17.818 21.543-26.741 34.142-14.142l128.662 128.662c7.81 7.81 7.81 20.474 0 28.284L34.142 398.804C21.543 411.404 0 402.48 0 384.662z\"><\/path><\/svg><\/span>\n\t\t\t\t\t\t\t\t<span class=\"elementor-toggle-icon-opened\"><svg class=\"elementor-toggle-icon-opened e-font-icon-svg e-fas-caret-up\" viewBox=\"0 0 320 512\" xmlns=\"http:\/\/www.w3.org\/2000\/svg\"><path d=\"M288.662 352H31.338c-17.818 0-26.741-21.543-14.142-34.142l128.662-128.662c7.81-7.81 20.474-7.81 28.284 0l128.662 128.662c12.6 12.599 3.676 34.142-14.142 34.142z\"><\/path><\/svg><\/span>\n\t\t\t\t\t\t\t\t\t\t\t\t\t<\/span>\n\t\t\t\t\t\t\t\t\t\t\t\t<a class=\"elementor-toggle-title\" tabindex=\"0\">Qu\u2019est-ce que la finition PVD pour la robinetterie ?<\/a>\n\t\t\t\t\t<\/h3>\n\n\t\t\t\t\t<div id=\"elementor-tab-content-9461\" class=\"elementor-tab-content elementor-clearfix\" data-tab=\"1\" role=\"region\" aria-labelledby=\"elementor-tab-title-9461\"><p data-start=\"160\" data-end=\"454\">Le <strong data-start=\"163\" data-end=\"233\">PVD (Physical Vapor Deposition, ou D\u00e9p\u00f4t Physique en phase Vapeur)<\/strong> est un proc\u00e9d\u00e9 de traitement de surface de haute technologie utilis\u00e9 en robinetterie design.<br data-start=\"326\" data-end=\"329\" \/>Cette technique consiste \u00e0 d\u00e9poser, sous vide, de fines couches m\u00e9talliques sur le produit par \u00e9vaporation et condensation.<\/p><p data-start=\"456\" data-end=\"471\">Le r\u00e9sultat :<\/p><ul data-start=\"472\" data-end=\"754\"><li data-start=\"472\" data-end=\"551\"><p data-start=\"474\" data-end=\"551\">une <strong data-start=\"478\" data-end=\"507\">r\u00e9sistance exceptionnelle<\/strong> aux rayures, \u00e0 l\u2019usure et \u00e0 la corrosion,<\/p><\/li><li data-start=\"552\" data-end=\"619\"><p data-start=\"554\" data-end=\"619\">des <strong data-start=\"558\" data-end=\"576\">finis durables<\/strong> qui conservent leur \u00e9clat dans le temps,<\/p><\/li><li data-start=\"620\" data-end=\"754\"><p data-start=\"622\" data-end=\"754\">une <strong data-start=\"626\" data-end=\"659\">palette de couleurs raffin\u00e9es<\/strong> (noir, cuivre, or, titane, etc.), id\u00e9ales pour personnaliser la salle de bain ou la cuisine.<\/p><\/li><\/ul><p data-start=\"756\" data-end=\"883\">Le PVD allie ainsi <strong data-start=\"775\" data-end=\"804\">esth\u00e9tique et performance<\/strong>, offrant des robinetteries aussi belles que r\u00e9sistantes, pens\u00e9es pour durer.<\/p><\/div>\n\t\t\t\t<\/div>\n\t\t\t\t\t\t\t<div class=\"elementor-toggle-item\">\n\t\t\t\t\t<h3 id=\"elementor-tab-title-9462\" class=\"elementor-tab-title\" data-tab=\"2\" role=\"button\" aria-controls=\"elementor-tab-content-9462\" aria-expanded=\"false\">\n\t\t\t\t\t\t\t\t\t\t\t\t<span class=\"elementor-toggle-icon elementor-toggle-icon-right\" aria-hidden=\"true\">\n\t\t\t\t\t\t\t\t\t\t\t\t\t\t\t<span class=\"elementor-toggle-icon-closed\"><svg class=\"e-font-icon-svg e-fas-caret-right\" viewBox=\"0 0 192 512\" xmlns=\"http:\/\/www.w3.org\/2000\/svg\"><path d=\"M0 384.662V127.338c0-17.818 21.543-26.741 34.142-14.142l128.662 128.662c7.81 7.81 7.81 20.474 0 28.284L34.142 398.804C21.543 411.404 0 402.48 0 384.662z\"><\/path><\/svg><\/span>\n\t\t\t\t\t\t\t\t<span class=\"elementor-toggle-icon-opened\"><svg class=\"elementor-toggle-icon-opened e-font-icon-svg e-fas-caret-up\" viewBox=\"0 0 320 512\" xmlns=\"http:\/\/www.w3.org\/2000\/svg\"><path d=\"M288.662 352H31.338c-17.818 0-26.741-21.543-14.142-34.142l128.662-128.662c7.81-7.81 20.474-7.81 28.284 0l128.662 128.662c12.6 12.599 3.676 34.142-14.142 34.142z\"><\/path><\/svg><\/span>\n\t\t\t\t\t\t\t\t\t\t\t\t\t<\/span>\n\t\t\t\t\t\t\t\t\t\t\t\t<a class=\"elementor-toggle-title\" tabindex=\"0\">Combien co\u00fbte une r\u00e9novation de salle de bains ?<\/a>\n\t\t\t\t\t<\/h3>\n\n\t\t\t\t\t<div id=\"elementor-tab-content-9462\" class=\"elementor-tab-content elementor-clearfix\" data-tab=\"2\" role=\"region\" aria-labelledby=\"elementor-tab-title-9462\"><p data-start=\"160\" data-end=\"454\">Le co\u00fbt d\u2019une r\u00e9novation de salle de bains varie consid\u00e9rablement selon la taille, les mat\u00e9riaux, la main-d\u2019\u0153uvre et les \u00e9quipements choisis. En France, une r\u00e9novation compl\u00e8te peut aller de 5 000 \u20ac pour un petit espace avec mat\u00e9riaux standards, jusqu\u2019\u00e0 20 000 \u20ac ou plus pour des finitions haut de gamme ou une restructuration. Pour affiner votre budget, \u00e9tablissez une liste d\u00e9taill\u00e9e des \u00e9l\u00e9ments souhait\u00e9s (carrelage, robinetterie, douche, etc.) et contactez nous pour prendre un rendez-vous pour \u00e9tudier votre projet\u00a0\u00bb. Nous vous transmettrons \u00e9galement une liste d&rsquo;artisans (plombiers, carreleurs, plaquistes&#8230;) s\u00e9rieux sur l&rsquo;H\u00e9rault et les environs.<\/p><\/div>\n\t\t\t\t<\/div>\n\t\t\t\t\t\t\t<div class=\"elementor-toggle-item\">\n\t\t\t\t\t<h3 id=\"elementor-tab-title-9463\" class=\"elementor-tab-title\" data-tab=\"3\" role=\"button\" aria-controls=\"elementor-tab-content-9463\" aria-expanded=\"false\">\n\t\t\t\t\t\t\t\t\t\t\t\t<span class=\"elementor-toggle-icon elementor-toggle-icon-right\" aria-hidden=\"true\">\n\t\t\t\t\t\t\t\t\t\t\t\t\t\t\t<span class=\"elementor-toggle-icon-closed\"><svg class=\"e-font-icon-svg e-fas-caret-right\" viewBox=\"0 0 192 512\" xmlns=\"http:\/\/www.w3.org\/2000\/svg\"><path d=\"M0 384.662V127.338c0-17.818 21.543-26.741 34.142-14.142l128.662 128.662c7.81 7.81 7.81 20.474 0 28.284L34.142 398.804C21.543 411.404 0 402.48 0 384.662z\"><\/path><\/svg><\/span>\n\t\t\t\t\t\t\t\t<span class=\"elementor-toggle-icon-opened\"><svg class=\"elementor-toggle-icon-opened e-font-icon-svg e-fas-caret-up\" viewBox=\"0 0 320 512\" xmlns=\"http:\/\/www.w3.org\/2000\/svg\"><path d=\"M288.662 352H31.338c-17.818 0-26.741-21.543-14.142-34.142l128.662-128.662c7.81-7.81 20.474-7.81 28.284 0l128.662 128.662c12.6 12.599 3.676 34.142-14.142 34.142z\"><\/path><\/svg><\/span>\n\t\t\t\t\t\t\t\t\t\t\t\t\t<\/span>\n\t\t\t\t\t\t\t\t\t\t\t\t<a class=\"elementor-toggle-title\" tabindex=\"0\">Quelle est la dur\u00e9e typique d\u2019une r\u00e9novation de salle de bains ?<\/a>\n\t\t\t\t\t<\/h3>\n\n\t\t\t\t\t<div id=\"elementor-tab-content-9463\" class=\"elementor-tab-content elementor-clearfix\" data-tab=\"3\" role=\"region\" aria-labelledby=\"elementor-tab-title-9463\"><p data-start=\"160\" data-end=\"454\">Une r\u00e9novation de salle de bains bien men\u00e9e s\u2019\u00e9tend g\u00e9n\u00e9ralement sur 4 \u00e0 8 mois, incluant la conception, les achats et les travaux. La phase de construction seule peut durer de 2 \u00e0 4 mois, selon la complexit\u00e9 du projet (plomberie, \u00e9lectricit\u00e9, carrelage). Anticipez les impr\u00e9vus (d\u00e9c\u00e8le d\u2019humidit\u00e9, retard de mat\u00e9riaux) et pr\u00e9voyez une solution alternative si vous n\u2019avez qu\u2019une seule salle de bains.<\/p><\/div>\n\t\t\t\t<\/div>\n\t\t\t\t\t\t\t<div class=\"elementor-toggle-item\">\n\t\t\t\t\t<h3 id=\"elementor-tab-title-9464\" class=\"elementor-tab-title\" data-tab=\"4\" role=\"button\" aria-controls=\"elementor-tab-content-9464\" aria-expanded=\"false\">\n\t\t\t\t\t\t\t\t\t\t\t\t<span class=\"elementor-toggle-icon elementor-toggle-icon-right\" aria-hidden=\"true\">\n\t\t\t\t\t\t\t\t\t\t\t\t\t\t\t<span class=\"elementor-toggle-icon-closed\"><svg class=\"e-font-icon-svg e-fas-caret-right\" viewBox=\"0 0 192 512\" xmlns=\"http:\/\/www.w3.org\/2000\/svg\"><path d=\"M0 384.662V127.338c0-17.818 21.543-26.741 34.142-14.142l128.662 128.662c7.81 7.81 7.81 20.474 0 28.284L34.142 398.804C21.543 411.404 0 402.48 0 384.662z\"><\/path><\/svg><\/span>\n\t\t\t\t\t\t\t\t<span class=\"elementor-toggle-icon-opened\"><svg class=\"elementor-toggle-icon-opened e-font-icon-svg e-fas-caret-up\" viewBox=\"0 0 320 512\" xmlns=\"http:\/\/www.w3.org\/2000\/svg\"><path d=\"M288.662 352H31.338c-17.818 0-26.741-21.543-14.142-34.142l128.662-128.662c7.81-7.81 20.474-7.81 28.284 0l128.662 128.662c12.6 12.599 3.676 34.142-14.142 34.142z\"><\/path><\/svg><\/span>\n\t\t\t\t\t\t\t\t\t\t\t\t\t<\/span>\n\t\t\t\t\t\t\t\t\t\t\t\t<a class=\"elementor-toggle-title\" tabindex=\"0\">Quelles sont les erreurs courantes \u00e0 \u00e9viter lors d\u2019une r\u00e9novation de salle de bains ?<\/a>\n\t\t\t\t\t<\/h3>\n\n\t\t\t\t\t<div id=\"elementor-tab-content-9464\" class=\"elementor-tab-content elementor-clearfix\" data-tab=\"4\" role=\"region\" aria-labelledby=\"elementor-tab-title-9464\"><p data-start=\"3223\" data-end=\"3458\">Lors d\u2019une r\u00e9novation, \u00e9vitez les erreurs suivantes :<\/p><ul data-start=\"3462\" data-end=\"3934\"><li data-start=\"3462\" data-end=\"3543\"><p data-start=\"3464\" data-end=\"3543\"><strong data-start=\"3464\" data-end=\"3499\">Mauvais am\u00e9nagement des espaces<\/strong>, cr\u00e9ant des zones \u00e9troites peu pratiques.<\/p><\/li><li data-start=\"3546\" data-end=\"3630\"><p data-start=\"3548\" data-end=\"3630\"><strong data-start=\"3548\" data-end=\"3590\">Absence ou insuffisance de ventilation<\/strong>, g\u00e9n\u00e9rant moisissures et d\u00e9gradation.<\/p><\/li><li data-start=\"3633\" data-end=\"3738\"><p data-start=\"3635\" data-end=\"3738\"><strong data-start=\"3635\" data-end=\"3680\">Choix de mat\u00e9riaux inadapt\u00e9s \u00e0 l\u2019humidit\u00e9<\/strong>, comme des bois non trait\u00e9s ou des joints insuffisants.<\/p><\/li><li data-start=\"3741\" data-end=\"3839\"><p data-start=\"3743\" data-end=\"3839\"><strong data-start=\"3743\" data-end=\"3790\">Pose de carrelages trop grands ou brillants<\/strong>, donnant un aspect clinique et peu chaleureux.<\/p><\/li><li data-start=\"3842\" data-end=\"3934\"><p data-start=\"3844\" data-end=\"3934\"><strong data-start=\"3844\" data-end=\"3876\">\u00c9clairage central uniquement<\/strong>, sans lumi\u00e8re d\u2019ambiance ou cibl\u00e9e, nuisant au confort.<\/p><\/li><\/ul><p data-start=\"3938\" data-end=\"4140\">Pensez \u00e0 optimiser l\u2019organisation, privil\u00e9gier des mat\u00e9riaux r\u00e9sistants \u00e0 l\u2019humidit\u00e9, multipliant les sources de lumi\u00e8re et pr\u00e9voir une bonne ventilation pour une salle de bains esth\u00e9tique et durable.<\/p><\/div>\n\t\t\t\t<\/div>\n\t\t\t\t\t\t\t\t<\/div>\n\t\t\t\t\t\t<\/div>\n\t\t\t\t<\/div>\n\t\t\t\t\t<\/div>\n\t\t<\/div>\n\t\t\t\t\t<\/div>\n\t\t<\/section>\n\t\t\t\t<section class=\"elementor-section elementor-top-section elementor-element elementor-element-1beb0b3 elementor-section-content-middle elementor-section-boxed elementor-section-height-default elementor-section-height-default\" data-id=\"1beb0b3\" data-element_type=\"section\" data-e-type=\"section\" data-settings=\"{&quot;background_background&quot;:&quot;classic&quot;}\">\n\t\t\t\t\t\t<div class=\"elementor-container elementor-column-gap-no\">\n\t\t\t\t\t<div class=\"elementor-column elementor-col-100 elementor-top-column elementor-element elementor-element-4b83e8f\" data-id=\"4b83e8f\" data-element_type=\"column\" data-e-type=\"column\">\n\t\t\t<div class=\"elementor-widget-wrap elementor-element-populated\">\n\t\t\t\t\t\t<div class=\"elementor-element elementor-element-ce8e193 elementor-invisible elementor-widget elementor-widget-heading\" data-id=\"ce8e193\" data-element_type=\"widget\" data-e-type=\"widget\" data-settings=\"{&quot;_animation&quot;:&quot;fadeIn&quot;}\" data-widget_type=\"heading.default\">\n\t\t\t\t<div class=\"elementor-widget-container\">\n\t\t\t\t\t<p class=\"elementor-heading-title elementor-size-default\">Questions g\u00e9n\u00e9rales sur LE SHOWROOM COMPL\u00c9MENTAIRE VIA BRERA :<\/p>\t\t\t\t<\/div>\n\t\t\t\t<\/div>\n\t\t\t\t<div class=\"elementor-element elementor-element-6aef25d elementor-widget elementor-widget-toggle\" data-id=\"6aef25d\" data-element_type=\"widget\" data-e-type=\"widget\" data-widget_type=\"toggle.default\">\n\t\t\t\t<div class=\"elementor-widget-container\">\n\t\t\t\t\t\t\t<div class=\"elementor-toggle\">\n\t\t\t\t\t\t\t<div class=\"elementor-toggle-item\">\n\t\t\t\t\t<h3 id=\"elementor-tab-title-1121\" class=\"elementor-tab-title\" data-tab=\"1\" role=\"button\" aria-controls=\"elementor-tab-content-1121\" aria-expanded=\"false\">\n\t\t\t\t\t\t\t\t\t\t\t\t<span class=\"elementor-toggle-icon elementor-toggle-icon-right\" aria-hidden=\"true\">\n\t\t\t\t\t\t\t\t\t\t\t\t\t\t\t<span class=\"elementor-toggle-icon-closed\"><svg class=\"e-font-icon-svg e-fas-caret-right\" viewBox=\"0 0 192 512\" xmlns=\"http:\/\/www.w3.org\/2000\/svg\"><path d=\"M0 384.662V127.338c0-17.818 21.543-26.741 34.142-14.142l128.662 128.662c7.81 7.81 7.81 20.474 0 28.284L34.142 398.804C21.543 411.404 0 402.48 0 384.662z\"><\/path><\/svg><\/span>\n\t\t\t\t\t\t\t\t<span class=\"elementor-toggle-icon-opened\"><svg class=\"elementor-toggle-icon-opened e-font-icon-svg e-fas-caret-up\" viewBox=\"0 0 320 512\" xmlns=\"http:\/\/www.w3.org\/2000\/svg\"><path d=\"M288.662 352H31.338c-17.818 0-26.741-21.543-14.142-34.142l128.662-128.662c7.81-7.81 20.474-7.81 28.284 0l128.662 128.662c12.6 12.599 3.676 34.142-14.142 34.142z\"><\/path><\/svg><\/span>\n\t\t\t\t\t\t\t\t\t\t\t\t\t<\/span>\n\t\t\t\t\t\t\t\t\t\t\t\t<a class=\"elementor-toggle-title\" tabindex=\"0\">Quelle est l'offre de mobilier propos\u00e9e par VIA BRERA, le showroom de Porto Venere ?<\/a>\n\t\t\t\t\t<\/h3>\n\n\t\t\t\t\t<div id=\"elementor-tab-content-1121\" class=\"elementor-tab-content elementor-clearfix\" data-tab=\"1\" role=\"region\" aria-labelledby=\"elementor-tab-title-1121\"><p>VIA BRERA propose une s\u00e9lection pointue de mobilier design pour toutes les pi\u00e8ces de la maison, incluant des canap\u00e9s, des tables (de repas, basses, d&rsquo;appoint), des chaises, du mobilier pour le salon (meubles TV, rangements, biblioth\u00e8ques), des lits, des dressings et du mobilier pour l&rsquo;ext\u00e9rieur (salons de jardin, cuisine d&rsquo;\u00e9t\u00e9). Vous trouverez \u00e9galement des luminaires, des papiers peints, des peintures, des portes d&rsquo;int\u00e9rieur &amp; verri\u00e8res sans oublier du mobilier professionnel (bureaux, restauration, commerce, banque d&rsquo;accueil, tables de r\u00e9union&#8230;)<\/p><\/div>\n\t\t\t\t<\/div>\n\t\t\t\t\t\t\t<div class=\"elementor-toggle-item\">\n\t\t\t\t\t<h3 id=\"elementor-tab-title-1122\" class=\"elementor-tab-title\" data-tab=\"2\" role=\"button\" aria-controls=\"elementor-tab-content-1122\" aria-expanded=\"false\">\n\t\t\t\t\t\t\t\t\t\t\t\t<span class=\"elementor-toggle-icon elementor-toggle-icon-right\" aria-hidden=\"true\">\n\t\t\t\t\t\t\t\t\t\t\t\t\t\t\t<span class=\"elementor-toggle-icon-closed\"><svg class=\"e-font-icon-svg e-fas-caret-right\" viewBox=\"0 0 192 512\" xmlns=\"http:\/\/www.w3.org\/2000\/svg\"><path d=\"M0 384.662V127.338c0-17.818 21.543-26.741 34.142-14.142l128.662 128.662c7.81 7.81 7.81 20.474 0 28.284L34.142 398.804C21.543 411.404 0 402.48 0 384.662z\"><\/path><\/svg><\/span>\n\t\t\t\t\t\t\t\t<span class=\"elementor-toggle-icon-opened\"><svg class=\"elementor-toggle-icon-opened e-font-icon-svg e-fas-caret-up\" viewBox=\"0 0 320 512\" xmlns=\"http:\/\/www.w3.org\/2000\/svg\"><path d=\"M288.662 352H31.338c-17.818 0-26.741-21.543-14.142-34.142l128.662-128.662c7.81-7.81 20.474-7.81 28.284 0l128.662 128.662c12.6 12.599 3.676 34.142-14.142 34.142z\"><\/path><\/svg><\/span>\n\t\t\t\t\t\t\t\t\t\t\t\t\t<\/span>\n\t\t\t\t\t\t\t\t\t\t\t\t<a class=\"elementor-toggle-title\" tabindex=\"0\">Peut-on trouver des canap\u00e9s chez VIA BRERA ?  <\/a>\n\t\t\t\t\t<\/h3>\n\n\t\t\t\t\t<div id=\"elementor-tab-content-1122\" class=\"elementor-tab-content elementor-clearfix\" data-tab=\"2\" role=\"region\" aria-labelledby=\"elementor-tab-title-1122\"><p>Oui, VIA BRERA pr\u00e9sente une collection de canap\u00e9s design, allant des mod\u00e8les confortables et modulables aux pi\u00e8ces plus sophistiqu\u00e9es, dans diff\u00e9rents styles, mat\u00e9riaux et dimensions pour s&rsquo;adapter \u00e0 votre salon. Chaque canap\u00e9 est personnalisable.<\/p><\/div>\n\t\t\t\t<\/div>\n\t\t\t\t\t\t\t<div class=\"elementor-toggle-item\">\n\t\t\t\t\t<h3 id=\"elementor-tab-title-1123\" class=\"elementor-tab-title\" data-tab=\"3\" role=\"button\" aria-controls=\"elementor-tab-content-1123\" aria-expanded=\"false\">\n\t\t\t\t\t\t\t\t\t\t\t\t<span class=\"elementor-toggle-icon elementor-toggle-icon-right\" aria-hidden=\"true\">\n\t\t\t\t\t\t\t\t\t\t\t\t\t\t\t<span class=\"elementor-toggle-icon-closed\"><svg class=\"e-font-icon-svg e-fas-caret-right\" viewBox=\"0 0 192 512\" xmlns=\"http:\/\/www.w3.org\/2000\/svg\"><path d=\"M0 384.662V127.338c0-17.818 21.543-26.741 34.142-14.142l128.662 128.662c7.81 7.81 7.81 20.474 0 28.284L34.142 398.804C21.543 411.404 0 402.48 0 384.662z\"><\/path><\/svg><\/span>\n\t\t\t\t\t\t\t\t<span class=\"elementor-toggle-icon-opened\"><svg class=\"elementor-toggle-icon-opened e-font-icon-svg e-fas-caret-up\" viewBox=\"0 0 320 512\" xmlns=\"http:\/\/www.w3.org\/2000\/svg\"><path d=\"M288.662 352H31.338c-17.818 0-26.741-21.543-14.142-34.142l128.662-128.662c7.81-7.81 20.474-7.81 28.284 0l128.662 128.662c12.6 12.599 3.676 34.142-14.142 34.142z\"><\/path><\/svg><\/span>\n\t\t\t\t\t\t\t\t\t\t\t\t\t<\/span>\n\t\t\t\t\t\t\t\t\t\t\t\t<a class=\"elementor-toggle-title\" tabindex=\"0\">Peut-on concevoir un dressing sur mesure avec VIA BRERA ? <\/a>\n\t\t\t\t\t<\/h3>\n\n\t\t\t\t\t<div id=\"elementor-tab-content-1123\" class=\"elementor-tab-content elementor-clearfix\" data-tab=\"3\" role=\"region\" aria-labelledby=\"elementor-tab-title-1123\"><p>Oui, VIA BRERA propose des solutions de dressing sur mesure, permettant d&rsquo;optimiser votre espace de rangement avec des syst\u00e8mes modulables et esth\u00e9tiques, adapt\u00e9s \u00e0 vos besoins sp\u00e9cifiques.<\/p><\/div>\n\t\t\t\t<\/div>\n\t\t\t\t\t\t\t<div class=\"elementor-toggle-item\">\n\t\t\t\t\t<h3 id=\"elementor-tab-title-1124\" class=\"elementor-tab-title\" data-tab=\"4\" role=\"button\" aria-controls=\"elementor-tab-content-1124\" aria-expanded=\"false\">\n\t\t\t\t\t\t\t\t\t\t\t\t<span class=\"elementor-toggle-icon elementor-toggle-icon-right\" aria-hidden=\"true\">\n\t\t\t\t\t\t\t\t\t\t\t\t\t\t\t<span class=\"elementor-toggle-icon-closed\"><svg class=\"e-font-icon-svg e-fas-caret-right\" viewBox=\"0 0 192 512\" xmlns=\"http:\/\/www.w3.org\/2000\/svg\"><path d=\"M0 384.662V127.338c0-17.818 21.543-26.741 34.142-14.142l128.662 128.662c7.81 7.81 7.81 20.474 0 28.284L34.142 398.804C21.543 411.404 0 402.48 0 384.662z\"><\/path><\/svg><\/span>\n\t\t\t\t\t\t\t\t<span class=\"elementor-toggle-icon-opened\"><svg class=\"elementor-toggle-icon-opened e-font-icon-svg e-fas-caret-up\" viewBox=\"0 0 320 512\" xmlns=\"http:\/\/www.w3.org\/2000\/svg\"><path d=\"M288.662 352H31.338c-17.818 0-26.741-21.543-14.142-34.142l128.662-128.662c7.81-7.81 20.474-7.81 28.284 0l128.662 128.662c12.6 12.599 3.676 34.142-14.142 34.142z\"><\/path><\/svg><\/span>\n\t\t\t\t\t\t\t\t\t\t\t\t\t<\/span>\n\t\t\t\t\t\t\t\t\t\t\t\t<a class=\"elementor-toggle-title\" tabindex=\"0\">VIA BRERA propose-t-il des solutions d'am\u00e9nagement int\u00e9rieur globales ? <\/a>\n\t\t\t\t\t<\/h3>\n\n\t\t\t\t\t<div id=\"elementor-tab-content-1124\" class=\"elementor-tab-content elementor-clearfix\" data-tab=\"4\" role=\"region\" aria-labelledby=\"elementor-tab-title-1124\"><p>Absolument. VIA BRERA vous accompagne dans votre projet d&rsquo;am\u00e9nagement int\u00e9rieur global, en vous proposant une s\u00e9lection de mobilier, de luminaires, de rev\u00eatements muraux (papier peint, peinture) et de solutions pour les portes int\u00e9rieures et les verri\u00e8res. En \u00e9troite collaboration avec l&rsquo;\u00e9quipe Porto Venere, votre projet est travaill\u00e9 dans son ensemble en incluant la cuisine, la salle de bain et les rev\u00eatements sols et murs selon vos besoins.\u00a0<\/p><\/div>\n\t\t\t\t<\/div>\n\t\t\t\t\t\t\t<div class=\"elementor-toggle-item\">\n\t\t\t\t\t<h3 id=\"elementor-tab-title-1125\" class=\"elementor-tab-title\" data-tab=\"5\" role=\"button\" aria-controls=\"elementor-tab-content-1125\" aria-expanded=\"false\">\n\t\t\t\t\t\t\t\t\t\t\t\t<span class=\"elementor-toggle-icon elementor-toggle-icon-right\" aria-hidden=\"true\">\n\t\t\t\t\t\t\t\t\t\t\t\t\t\t\t<span class=\"elementor-toggle-icon-closed\"><svg class=\"e-font-icon-svg e-fas-caret-right\" viewBox=\"0 0 192 512\" xmlns=\"http:\/\/www.w3.org\/2000\/svg\"><path d=\"M0 384.662V127.338c0-17.818 21.543-26.741 34.142-14.142l128.662 128.662c7.81 7.81 7.81 20.474 0 28.284L34.142 398.804C21.543 411.404 0 402.48 0 384.662z\"><\/path><\/svg><\/span>\n\t\t\t\t\t\t\t\t<span class=\"elementor-toggle-icon-opened\"><svg class=\"elementor-toggle-icon-opened e-font-icon-svg e-fas-caret-up\" viewBox=\"0 0 320 512\" xmlns=\"http:\/\/www.w3.org\/2000\/svg\"><path d=\"M288.662 352H31.338c-17.818 0-26.741-21.543-14.142-34.142l128.662-128.662c7.81-7.81 20.474-7.81 28.284 0l128.662 128.662c12.6 12.599 3.676 34.142-14.142 34.142z\"><\/path><\/svg><\/span>\n\t\t\t\t\t\t\t\t\t\t\t\t\t<\/span>\n\t\t\t\t\t\t\t\t\t\t\t\t<a class=\"elementor-toggle-title\" tabindex=\"0\">Faut il prendre Rendez-Vous pour venir au showroom Via Brera ?<\/a>\n\t\t\t\t\t<\/h3>\n\n\t\t\t\t\t<div id=\"elementor-tab-content-1125\" class=\"elementor-tab-content elementor-clearfix\" data-tab=\"5\" role=\"region\" aria-labelledby=\"elementor-tab-title-1125\"><p>Le showroom est ouvert du mardi au samedi de 10 h \u00e0 13 h et de 14h \u00e0 18 h. Il est pr\u00e9f\u00e9rable de nous contacter en amont afin de s&rsquo;assurer de la disponibilit\u00e9 de l&rsquo;\u00e9quipe pour vous faire d\u00e9couvrir les subtilit\u00e9s des 10 espaces mis en sc\u00e8ne pour une r\u00e9elle exp\u00e9rience immersive.<\/p><\/div>\n\t\t\t\t<\/div>\n\t\t\t\t\t\t\t<div class=\"elementor-toggle-item\">\n\t\t\t\t\t<h3 id=\"elementor-tab-title-1126\" class=\"elementor-tab-title\" data-tab=\"6\" role=\"button\" aria-controls=\"elementor-tab-content-1126\" aria-expanded=\"false\">\n\t\t\t\t\t\t\t\t\t\t\t\t<span class=\"elementor-toggle-icon elementor-toggle-icon-right\" aria-hidden=\"true\">\n\t\t\t\t\t\t\t\t\t\t\t\t\t\t\t<span class=\"elementor-toggle-icon-closed\"><svg class=\"e-font-icon-svg e-fas-caret-right\" viewBox=\"0 0 192 512\" xmlns=\"http:\/\/www.w3.org\/2000\/svg\"><path d=\"M0 384.662V127.338c0-17.818 21.543-26.741 34.142-14.142l128.662 128.662c7.81 7.81 7.81 20.474 0 28.284L34.142 398.804C21.543 411.404 0 402.48 0 384.662z\"><\/path><\/svg><\/span>\n\t\t\t\t\t\t\t\t<span class=\"elementor-toggle-icon-opened\"><svg class=\"elementor-toggle-icon-opened e-font-icon-svg e-fas-caret-up\" viewBox=\"0 0 320 512\" xmlns=\"http:\/\/www.w3.org\/2000\/svg\"><path d=\"M288.662 352H31.338c-17.818 0-26.741-21.543-14.142-34.142l128.662-128.662c7.81-7.81 20.474-7.81 28.284 0l128.662 128.662c12.6 12.599 3.676 34.142-14.142 34.142z\"><\/path><\/svg><\/span>\n\t\t\t\t\t\t\t\t\t\t\t\t\t<\/span>\n\t\t\t\t\t\t\t\t\t\t\t\t<a class=\"elementor-toggle-title\" tabindex=\"0\">Le showroom Via Brera propose des expositions artistiques ? <\/a>\n\t\t\t\t\t<\/h3>\n\n\t\t\t\t\t<div id=\"elementor-tab-content-1126\" class=\"elementor-tab-content elementor-clearfix\" data-tab=\"6\" role=\"region\" aria-labelledby=\"elementor-tab-title-1126\"><p>Oui, vous pouvez retrouver les \u0153uvres d&rsquo;artistes qui exposent au showroom du mardi au samedi de 10 h \u00e0 13 h et de 14h \u00e0 18 h. Peintres, sculpteurs, photographes&#8230; l&rsquo;art se m\u00e9lange parfaitement avec le design chez Via Brera \u00e0 Montpellier.<\/p><\/div>\n\t\t\t\t<\/div>\n\t\t\t\t\t\t\t\t<\/div>\n\t\t\t\t\t\t<\/div>\n\t\t\t\t<\/div>\n\t\t\t\t\t<\/div>\n\t\t<\/div>\n\t\t\t\t\t<\/div>\n\t\t<\/section>\n\t\t\t\t<section class=\"elementor-section elementor-top-section elementor-element elementor-element-f05f31c elementor-section-boxed elementor-section-height-default elementor-section-height-default\" data-id=\"f05f31c\" data-element_type=\"section\" data-e-type=\"section\">\n\t\t\t\t\t\t<div class=\"elementor-container elementor-column-gap-default\">\n\t\t\t\t\t<div class=\"elementor-column elementor-col-50 elementor-top-column elementor-element elementor-element-22cf358\" data-id=\"22cf358\" data-element_type=\"column\" data-e-type=\"column\">\n\t\t\t<div class=\"elementor-widget-wrap elementor-element-populated\">\n\t\t\t\t\t\t<div class=\"elementor-element elementor-element-0e6f5fb elementor-align-center elementor-widget-tablet__width-initial elementor-invisible elementor-widget elementor-widget-button\" data-id=\"0e6f5fb\" data-element_type=\"widget\" data-e-type=\"widget\" data-settings=\"{&quot;_animation&quot;:&quot;rollIn&quot;}\" data-widget_type=\"button.default\">\n\t\t\t\t<div class=\"elementor-widget-container\">\n\t\t\t\t\t\t\t\t\t<div class=\"elementor-button-wrapper\">\n\t\t\t\t\t<a class=\"elementor-button elementor-button-link elementor-size-lg\" href=\"https:\/\/www.portovenere.fr\/fr-fr\/contact\/\">\n\t\t\t\t\t\t<span class=\"elementor-button-content-wrapper\">\n\t\t\t\t\t\t\t\t\t<span class=\"elementor-button-text\">Nous contacter<\/span>\n\t\t\t\t\t<\/span>\n\t\t\t\t\t<\/a>\n\t\t\t\t<\/div>\n\t\t\t\t\t\t\t\t<\/div>\n\t\t\t\t<\/div>\n\t\t\t\t\t<\/div>\n\t\t<\/div>\n\t\t\t\t<div class=\"elementor-column elementor-col-50 elementor-top-column elementor-element elementor-element-2b79c00\" data-id=\"2b79c00\" data-element_type=\"column\" data-e-type=\"column\">\n\t\t\t<div class=\"elementor-widget-wrap elementor-element-populated\">\n\t\t\t\t\t\t<div class=\"elementor-element elementor-element-2a47b61 elementor-align-center elementor-tablet-align-center elementor-widget-tablet__width-initial elementor-invisible elementor-widget elementor-widget-button\" data-id=\"2a47b61\" data-element_type=\"widget\" data-e-type=\"widget\" data-settings=\"{&quot;_animation&quot;:&quot;rollIn&quot;}\" data-widget_type=\"button.default\">\n\t\t\t\t<div class=\"elementor-widget-container\">\n\t\t\t\t\t\t\t\t\t<div class=\"elementor-button-wrapper\">\n\t\t\t\t\t<a class=\"elementor-button elementor-button-link elementor-size-lg\" href=\"https:\/\/outlook.office365.com\/book\/RservationProjet@portovenere.fr\/\">\n\t\t\t\t\t\t<span class=\"elementor-button-content-wrapper\">\n\t\t\t\t\t\t\t\t\t<span class=\"elementor-button-text\">Prendre Rendez-vous<\/span>\n\t\t\t\t\t<\/span>\n\t\t\t\t\t<\/a>\n\t\t\t\t<\/div>\n\t\t\t\t\t\t\t\t<\/div>\n\t\t\t\t<\/div>\n\t\t\t\t\t<\/div>\n\t\t<\/div>\n\t\t\t\t\t<\/div>\n\t\t<\/section>\n\t\t\t\t<section class=\"elementor-section elementor-top-section elementor-element elementor-element-633d721 elementor-section-boxed elementor-section-height-default elementor-section-height-default\" data-id=\"633d721\" data-element_type=\"section\" data-e-type=\"section\">\n\t\t\t\t\t\t<div class=\"elementor-container elementor-column-gap-default\">\n\t\t\t\t\t<div class=\"elementor-column elementor-col-100 elementor-top-column elementor-element elementor-element-daeb7c8\" data-id=\"daeb7c8\" data-element_type=\"column\" data-e-type=\"column\">\n\t\t\t<div class=\"elementor-widget-wrap elementor-element-populated\">\n\t\t\t\t\t\t<div class=\"elementor-element elementor-element-404e6f7 elementor-widget-tablet__width-initial elementor-widget-divider--view-line elementor-invisible elementor-widget elementor-widget-divider\" data-id=\"404e6f7\" data-element_type=\"widget\" data-e-type=\"widget\" data-settings=\"{&quot;_animation&quot;:&quot;fadeInRight&quot;}\" data-widget_type=\"divider.default\">\n\t\t\t\t<div class=\"elementor-widget-container\">\n\t\t\t\t\t\t\t<div class=\"elementor-divider\">\n\t\t\t<span class=\"elementor-divider-separator\">\n\t\t\t\t\t\t<\/span>\n\t\t<\/div>\n\t\t\t\t\t\t<\/div>\n\t\t\t\t<\/div>\n\t\t\t\t\t<\/div>\n\t\t<\/div>\n\t\t\t\t\t<\/div>\n\t\t<\/section>\n\t\t\t\t<section class=\"elementor-section elementor-top-section elementor-element elementor-element-8f70e59 elementor-section-boxed elementor-section-height-default elementor-section-height-default\" data-id=\"8f70e59\" data-element_type=\"section\" data-e-type=\"section\">\n\t\t\t\t\t\t<div class=\"elementor-container elementor-column-gap-default\">\n\t\t\t\t\t<div class=\"elementor-column elementor-col-100 elementor-top-column elementor-element elementor-element-fe08ba4\" data-id=\"fe08ba4\" data-element_type=\"column\" data-e-type=\"column\">\n\t\t\t<div class=\"elementor-widget-wrap elementor-element-populated\">\n\t\t\t\t\t\t<div class=\"elementor-element elementor-element-ff87231 elementor-widget-tablet__width-initial elementor-widget-divider--view-line elementor-invisible elementor-widget elementor-widget-divider\" data-id=\"ff87231\" data-element_type=\"widget\" data-e-type=\"widget\" data-settings=\"{&quot;_animation&quot;:&quot;fadeInLeft&quot;}\" data-widget_type=\"divider.default\">\n\t\t\t\t<div class=\"elementor-widget-container\">\n\t\t\t\t\t\t\t<div class=\"elementor-divider\">\n\t\t\t<span class=\"elementor-divider-separator\">\n\t\t\t\t\t\t<\/span>\n\t\t<\/div>\n\t\t\t\t\t\t<\/div>\n\t\t\t\t<\/div>\n\t\t\t\t\t<\/div>\n\t\t<\/div>\n\t\t\t\t\t<\/div>\n\t\t<\/section>\n\t\t\t\t<\/div>\n\t\t","protected":false},"excerpt":{"rendered":"<p>Retrouvez toutes les r\u00e9ponses \u00e0 vos questions sur les produits &#038; services des magasins Porto Venere et Via Brera \u00e0 Montpellier dans l&rsquo;H\u00e9rault.<\/p>\n","protected":false},"author":2,"featured_media":25526,"parent":0,"menu_order":0,"comment_status":"closed","ping_status":"closed","template":"elementor_header_footer","meta":{"_monsterinsights_skip_tracking":false,"_monsterinsights_sitenote_active":false,"_monsterinsights_sitenote_note":"","_monsterinsights_sitenote_category":0,"_uf_show_specific_survey":0,"_uf_disable_surveys":false,"footnotes":""},"class_list":["post-58839","page","type-page","status-publish","has-post-thumbnail","hentry"],"yoast_head":"<!-- This site is optimized with the Yoast SEO plugin v27.5 - https:\/\/yoast.com\/product\/yoast-seo-wordpress\/ -->\n<title>FAQ : trouver la r\u00e9ponse \u00e0 ma question - Porto Venere &amp; Via Brera Montpellier<\/title>\n<meta name=\"description\" content=\"Retrouvez toutes les r\u00e9ponses \u00e0 vos questions sur les produits &amp; services des magasins Porto Venere et Via Brera \u00e0 Montpellier dans l&#039;H\u00e9rault.\" \/>\n<meta name=\"robots\" content=\"index, follow, max-snippet:-1, max-image-preview:large, max-video-preview:-1\" \/>\n<link rel=\"canonical\" href=\"https:\/\/www.portovenere.fr\/fr-fr\/faq-porto-venere-et-via-brera\/\" \/>\n<meta property=\"og:locale\" content=\"fr_FR\" \/>\n<meta property=\"og:type\" content=\"article\" \/>\n<meta property=\"og:title\" content=\"FAQ : trouver la r\u00e9ponse \u00e0 ma question - Porto Venere &amp; Via Brera Montpellier\" \/>\n<meta property=\"og:description\" content=\"Retrouvez toutes les r\u00e9ponses \u00e0 vos questions sur les produits &amp; services des magasins Porto Venere et Via Brera \u00e0 Montpellier dans l&#039;H\u00e9rault.\" \/>\n<meta property=\"og:url\" content=\"https:\/\/www.portovenere.fr\/fr-fr\/faq-porto-venere-et-via-brera\/\" \/>\n<meta property=\"og:site_name\" content=\"Porto Venere\" \/>\n<meta property=\"article:publisher\" content=\"https:\/\/www.facebook.com\/portovenere34\/\" \/>\n<meta property=\"article:modified_time\" content=\"2025-08-27T13:59:28+00:00\" \/>\n<meta property=\"og:image\" content=\"https:\/\/www.portovenere.fr\/fr-fr\/wp-content\/uploads\/2020\/02\/Magasin-Carrelage-Montpellier-Vue-de-Face.jpg\" \/>\n\t<meta property=\"og:image:width\" content=\"2500\" \/>\n\t<meta property=\"og:image:height\" content=\"1125\" \/>\n\t<meta property=\"og:image:type\" content=\"image\/jpeg\" \/>\n<meta name=\"twitter:card\" content=\"summary_large_image\" \/>\n<meta name=\"twitter:label1\" content=\"Dur\u00e9e de lecture estim\u00e9e\" \/>\n\t<meta name=\"twitter:data1\" content=\"20 minutes\" \/>\n<script type=\"application\/ld+json\" class=\"yoast-schema-graph\">{\"@context\":\"https:\\\/\\\/schema.org\",\"@graph\":[{\"@type\":\"WebPage\",\"@id\":\"https:\\\/\\\/www.portovenere.fr\\\/fr-fr\\\/faq-porto-venere-et-via-brera\\\/\",\"url\":\"https:\\\/\\\/www.portovenere.fr\\\/fr-fr\\\/faq-porto-venere-et-via-brera\\\/\",\"name\":\"FAQ : trouver la r\u00e9ponse \u00e0 ma question - Porto Venere & Via Brera Montpellier\",\"isPartOf\":{\"@id\":\"https:\\\/\\\/www.portovenere.fr\\\/fr-fr\\\/#website\"},\"primaryImageOfPage\":{\"@id\":\"https:\\\/\\\/www.portovenere.fr\\\/fr-fr\\\/faq-porto-venere-et-via-brera\\\/#primaryimage\"},\"image\":{\"@id\":\"https:\\\/\\\/www.portovenere.fr\\\/fr-fr\\\/faq-porto-venere-et-via-brera\\\/#primaryimage\"},\"thumbnailUrl\":\"https:\\\/\\\/www.portovenere.fr\\\/fr-fr\\\/wp-content\\\/uploads\\\/2020\\\/02\\\/Magasin-Carrelage-Montpellier-Vue-de-Face.jpg\",\"datePublished\":\"2025-05-06T09:41:52+00:00\",\"dateModified\":\"2025-08-27T13:59:28+00:00\",\"description\":\"Retrouvez toutes les r\u00e9ponses \u00e0 vos questions sur les produits & services des magasins Porto Venere et Via Brera \u00e0 Montpellier dans l'H\u00e9rault.\",\"breadcrumb\":{\"@id\":\"https:\\\/\\\/www.portovenere.fr\\\/fr-fr\\\/faq-porto-venere-et-via-brera\\\/#breadcrumb\"},\"inLanguage\":\"fr-FR\",\"potentialAction\":[{\"@type\":\"ReadAction\",\"target\":[\"https:\\\/\\\/www.portovenere.fr\\\/fr-fr\\\/faq-porto-venere-et-via-brera\\\/\"]}]},{\"@type\":\"ImageObject\",\"inLanguage\":\"fr-FR\",\"@id\":\"https:\\\/\\\/www.portovenere.fr\\\/fr-fr\\\/faq-porto-venere-et-via-brera\\\/#primaryimage\",\"url\":\"https:\\\/\\\/www.portovenere.fr\\\/fr-fr\\\/wp-content\\\/uploads\\\/2020\\\/02\\\/Magasin-Carrelage-Montpellier-Vue-de-Face.jpg\",\"contentUrl\":\"https:\\\/\\\/www.portovenere.fr\\\/fr-fr\\\/wp-content\\\/uploads\\\/2020\\\/02\\\/Magasin-Carrelage-Montpellier-Vue-de-Face.jpg\",\"width\":2500,\"height\":1125,\"caption\":\"FAQ : Trouvez la r\u00e9ponse \u00e0 vos questions sur les magasins Porto Venere et Via Brera \u00e0 Montpellier\"},{\"@type\":\"BreadcrumbList\",\"@id\":\"https:\\\/\\\/www.portovenere.fr\\\/fr-fr\\\/faq-porto-venere-et-via-brera\\\/#breadcrumb\",\"itemListElement\":[{\"@type\":\"ListItem\",\"position\":1,\"name\":\"Page d'accueil\",\"item\":\"https:\\\/\\\/www.portovenere.fr\\\/fr-fr\\\/\"},{\"@type\":\"ListItem\",\"position\":2,\"name\":\"FAQ &#8211; Les r\u00e9ponses \u00e0 vos questions\"}]},{\"@type\":\"WebSite\",\"@id\":\"https:\\\/\\\/www.portovenere.fr\\\/fr-fr\\\/#website\",\"url\":\"https:\\\/\\\/www.portovenere.fr\\\/fr-fr\\\/\",\"name\":\"Porto Venere\",\"description\":\"Magasin de carrelage, cuisine, salle de bain \u00e0 Montpellier dans l&#039;H\u00e9rault\",\"publisher\":{\"@id\":\"https:\\\/\\\/www.portovenere.fr\\\/fr-fr\\\/#organization\"},\"potentialAction\":[{\"@type\":\"SearchAction\",\"target\":{\"@type\":\"EntryPoint\",\"urlTemplate\":\"https:\\\/\\\/www.portovenere.fr\\\/fr-fr\\\/?s={search_term_string}\"},\"query-input\":{\"@type\":\"PropertyValueSpecification\",\"valueRequired\":true,\"valueName\":\"search_term_string\"}}],\"inLanguage\":\"fr-FR\"},{\"@type\":\"Organization\",\"@id\":\"https:\\\/\\\/www.portovenere.fr\\\/fr-fr\\\/#organization\",\"name\":\"Porto Venere - Carrelage Usine Center SARL\",\"url\":\"https:\\\/\\\/www.portovenere.fr\\\/fr-fr\\\/\",\"logo\":{\"@type\":\"ImageObject\",\"inLanguage\":\"fr-FR\",\"@id\":\"https:\\\/\\\/www.portovenere.fr\\\/fr-fr\\\/#\\\/schema\\\/logo\\\/image\\\/\",\"url\":\"https:\\\/\\\/www.portovenere.fr\\\/fr-fr\\\/wp-content\\\/uploads\\\/2019\\\/05\\\/logo3.png\",\"contentUrl\":\"https:\\\/\\\/www.portovenere.fr\\\/fr-fr\\\/wp-content\\\/uploads\\\/2019\\\/05\\\/logo3.png\",\"width\":388,\"height\":120,\"caption\":\"Porto Venere - Carrelage Usine Center SARL\"},\"image\":{\"@id\":\"https:\\\/\\\/www.portovenere.fr\\\/fr-fr\\\/#\\\/schema\\\/logo\\\/image\\\/\"},\"sameAs\":[\"https:\\\/\\\/www.facebook.com\\\/portovenere34\\\/\",\"https:\\\/\\\/www.instagram.com\\\/porto.venere\\\/\",\"https:\\\/\\\/www.linkedin.com\\\/company\\\/porto-venere-montpellier\\\/\",\"https:\\\/\\\/www.pinterest.fr\\\/portovenere34\\\/\"]}]}<\/script>\n<!-- \/ Yoast SEO plugin. -->","yoast_head_json":{"title":"FAQ : trouver la r\u00e9ponse \u00e0 ma question - Porto Venere & Via Brera Montpellier","description":"Retrouvez toutes les r\u00e9ponses \u00e0 vos questions sur les produits & services des magasins Porto Venere et Via Brera \u00e0 Montpellier dans l'H\u00e9rault.","robots":{"index":"index","follow":"follow","max-snippet":"max-snippet:-1","max-image-preview":"max-image-preview:large","max-video-preview":"max-video-preview:-1"},"canonical":"https:\/\/www.portovenere.fr\/fr-fr\/faq-porto-venere-et-via-brera\/","og_locale":"fr_FR","og_type":"article","og_title":"FAQ : trouver la r\u00e9ponse \u00e0 ma question - Porto Venere & Via Brera Montpellier","og_description":"Retrouvez toutes les r\u00e9ponses \u00e0 vos questions sur les produits & services des magasins Porto Venere et Via Brera \u00e0 Montpellier dans l'H\u00e9rault.","og_url":"https:\/\/www.portovenere.fr\/fr-fr\/faq-porto-venere-et-via-brera\/","og_site_name":"Porto Venere","article_publisher":"https:\/\/www.facebook.com\/portovenere34\/","article_modified_time":"2025-08-27T13:59:28+00:00","og_image":[{"width":2500,"height":1125,"url":"https:\/\/www.portovenere.fr\/fr-fr\/wp-content\/uploads\/2020\/02\/Magasin-Carrelage-Montpellier-Vue-de-Face.jpg","type":"image\/jpeg"}],"twitter_card":"summary_large_image","twitter_misc":{"Dur\u00e9e de lecture estim\u00e9e":"20 minutes"},"schema":{"@context":"https:\/\/schema.org","@graph":[{"@type":"WebPage","@id":"https:\/\/www.portovenere.fr\/fr-fr\/faq-porto-venere-et-via-brera\/","url":"https:\/\/www.portovenere.fr\/fr-fr\/faq-porto-venere-et-via-brera\/","name":"FAQ : trouver la r\u00e9ponse \u00e0 ma question - Porto Venere & Via Brera Montpellier","isPartOf":{"@id":"https:\/\/www.portovenere.fr\/fr-fr\/#website"},"primaryImageOfPage":{"@id":"https:\/\/www.portovenere.fr\/fr-fr\/faq-porto-venere-et-via-brera\/#primaryimage"},"image":{"@id":"https:\/\/www.portovenere.fr\/fr-fr\/faq-porto-venere-et-via-brera\/#primaryimage"},"thumbnailUrl":"https:\/\/www.portovenere.fr\/fr-fr\/wp-content\/uploads\/2020\/02\/Magasin-Carrelage-Montpellier-Vue-de-Face.jpg","datePublished":"2025-05-06T09:41:52+00:00","dateModified":"2025-08-27T13:59:28+00:00","description":"Retrouvez toutes les r\u00e9ponses \u00e0 vos questions sur les produits & services des magasins Porto Venere et Via Brera \u00e0 Montpellier dans l'H\u00e9rault.","breadcrumb":{"@id":"https:\/\/www.portovenere.fr\/fr-fr\/faq-porto-venere-et-via-brera\/#breadcrumb"},"inLanguage":"fr-FR","potentialAction":[{"@type":"ReadAction","target":["https:\/\/www.portovenere.fr\/fr-fr\/faq-porto-venere-et-via-brera\/"]}]},{"@type":"ImageObject","inLanguage":"fr-FR","@id":"https:\/\/www.portovenere.fr\/fr-fr\/faq-porto-venere-et-via-brera\/#primaryimage","url":"https:\/\/www.portovenere.fr\/fr-fr\/wp-content\/uploads\/2020\/02\/Magasin-Carrelage-Montpellier-Vue-de-Face.jpg","contentUrl":"https:\/\/www.portovenere.fr\/fr-fr\/wp-content\/uploads\/2020\/02\/Magasin-Carrelage-Montpellier-Vue-de-Face.jpg","width":2500,"height":1125,"caption":"FAQ : Trouvez la r\u00e9ponse \u00e0 vos questions sur les magasins Porto Venere et Via Brera \u00e0 Montpellier"},{"@type":"BreadcrumbList","@id":"https:\/\/www.portovenere.fr\/fr-fr\/faq-porto-venere-et-via-brera\/#breadcrumb","itemListElement":[{"@type":"ListItem","position":1,"name":"Page d'accueil","item":"https:\/\/www.portovenere.fr\/fr-fr\/"},{"@type":"ListItem","position":2,"name":"FAQ &#8211; Les r\u00e9ponses \u00e0 vos questions"}]},{"@type":"WebSite","@id":"https:\/\/www.portovenere.fr\/fr-fr\/#website","url":"https:\/\/www.portovenere.fr\/fr-fr\/","name":"Porto Venere","description":"Magasin de carrelage, cuisine, salle de bain \u00e0 Montpellier dans l&#039;H\u00e9rault","publisher":{"@id":"https:\/\/www.portovenere.fr\/fr-fr\/#organization"},"potentialAction":[{"@type":"SearchAction","target":{"@type":"EntryPoint","urlTemplate":"https:\/\/www.portovenere.fr\/fr-fr\/?s={search_term_string}"},"query-input":{"@type":"PropertyValueSpecification","valueRequired":true,"valueName":"search_term_string"}}],"inLanguage":"fr-FR"},{"@type":"Organization","@id":"https:\/\/www.portovenere.fr\/fr-fr\/#organization","name":"Porto Venere - Carrelage Usine Center SARL","url":"https:\/\/www.portovenere.fr\/fr-fr\/","logo":{"@type":"ImageObject","inLanguage":"fr-FR","@id":"https:\/\/www.portovenere.fr\/fr-fr\/#\/schema\/logo\/image\/","url":"https:\/\/www.portovenere.fr\/fr-fr\/wp-content\/uploads\/2019\/05\/logo3.png","contentUrl":"https:\/\/www.portovenere.fr\/fr-fr\/wp-content\/uploads\/2019\/05\/logo3.png","width":388,"height":120,"caption":"Porto Venere - Carrelage Usine Center SARL"},"image":{"@id":"https:\/\/www.portovenere.fr\/fr-fr\/#\/schema\/logo\/image\/"},"sameAs":["https:\/\/www.facebook.com\/portovenere34\/","https:\/\/www.instagram.com\/porto.venere\/","https:\/\/www.linkedin.com\/company\/porto-venere-montpellier\/","https:\/\/www.pinterest.fr\/portovenere34\/"]}]}},"_links":{"self":[{"href":"https:\/\/www.portovenere.fr\/fr-fr\/wp-json\/wp\/v2\/pages\/58839","targetHints":{"allow":["GET"]}}],"collection":[{"href":"https:\/\/www.portovenere.fr\/fr-fr\/wp-json\/wp\/v2\/pages"}],"about":[{"href":"https:\/\/www.portovenere.fr\/fr-fr\/wp-json\/wp\/v2\/types\/page"}],"author":[{"embeddable":true,"href":"https:\/\/www.portovenere.fr\/fr-fr\/wp-json\/wp\/v2\/users\/2"}],"replies":[{"embeddable":true,"href":"https:\/\/www.portovenere.fr\/fr-fr\/wp-json\/wp\/v2\/comments?post=58839"}],"version-history":[{"count":116,"href":"https:\/\/www.portovenere.fr\/fr-fr\/wp-json\/wp\/v2\/pages\/58839\/revisions"}],"predecessor-version":[{"id":63725,"href":"https:\/\/www.portovenere.fr\/fr-fr\/wp-json\/wp\/v2\/pages\/58839\/revisions\/63725"}],"wp:featuredmedia":[{"embeddable":true,"href":"https:\/\/www.portovenere.fr\/fr-fr\/wp-json\/wp\/v2\/media\/25526"}],"wp:attachment":[{"href":"https:\/\/www.portovenere.fr\/fr-fr\/wp-json\/wp\/v2\/media?parent=58839"}],"curies":[{"name":"wp","href":"https:\/\/api.w.org\/{rel}","templated":true}]}}