{"id":66259,"date":"2025-10-16T12:39:34","date_gmt":"2025-10-16T10:39:34","guid":{"rendered":"https:\/\/www.portovenere.fr\/fr-fr\/?page_id=66259"},"modified":"2026-03-26T08:09:53","modified_gmt":"2026-03-26T07:09:53","slug":"cuisines-d-exposition-modulnova-et-nolte-promotions","status":"publish","type":"page","link":"https:\/\/www.portovenere.fr\/fr-fr\/cuisines-d-exposition-modulnova-et-nolte-promotions\/","title":{"rendered":"Cuisines d\u2019exposition Modulnova et Nolte \u00e0 -50% \u2014 Showrooms Porto Venere &amp; Via Brera Montpellier"},"content":{"rendered":"\t\t<div data-elementor-type=\"wp-post\" data-elementor-id=\"66259\" class=\"elementor elementor-66259\" data-elementor-post-type=\"page\">\n\t\t\t\t\t\t<section class=\"elementor-section elementor-top-section elementor-element elementor-element-5a9a9ed7 elementor-section-full_width elementor-section-height-default elementor-section-height-default\" data-id=\"5a9a9ed7\" data-element_type=\"section\" data-e-type=\"section\" data-settings=\"{&quot;background_background&quot;:&quot;classic&quot;}\">\n\t\t\t\t\t\t<div class=\"elementor-container elementor-column-gap-no\">\n\t\t\t\t\t<div class=\"elementor-column elementor-col-100 elementor-top-column elementor-element elementor-element-1ac0f93\" data-id=\"1ac0f93\" data-element_type=\"column\" data-e-type=\"column\">\n\t\t\t<div class=\"elementor-widget-wrap elementor-element-populated\">\n\t\t\t\t\t\t<div class=\"elementor-element elementor-element-7b44d53f elementor-widget elementor-widget-heading\" data-id=\"7b44d53f\" data-element_type=\"widget\" data-e-type=\"widget\" data-widget_type=\"heading.default\">\n\t\t\t\t<div class=\"elementor-widget-container\">\n\t\t\t\t\t<h1 class=\"elementor-heading-title elementor-size-default\">Cuisines d\u2019exposition Modulnova et Nolte \u00e0 -50%* \u2014 Offres exclusives \u00e0 Montpellier<\/h1>\t\t\t\t<\/div>\n\t\t\t\t<\/div>\n\t\t\t\t\t<\/div>\n\t\t<\/div>\n\t\t\t\t\t<\/div>\n\t\t<\/section>\n\t\t\t\t<section class=\"elementor-section elementor-top-section elementor-element elementor-element-bcb2a75 elementor-section-boxed elementor-section-height-default elementor-section-height-default\" data-id=\"bcb2a75\" data-element_type=\"section\" data-e-type=\"section\" data-settings=\"{&quot;background_background&quot;:&quot;classic&quot;}\">\n\t\t\t\t\t\t<div class=\"elementor-container elementor-column-gap-no\">\n\t\t\t\t\t<div class=\"elementor-column elementor-col-100 elementor-top-column elementor-element elementor-element-9bd1d0a\" data-id=\"9bd1d0a\" data-element_type=\"column\" data-e-type=\"column\">\n\t\t\t<div class=\"elementor-widget-wrap elementor-element-populated\">\n\t\t\t\t\t\t<div class=\"elementor-element elementor-element-d420ae5 elementor-widget elementor-widget-heading\" data-id=\"d420ae5\" data-element_type=\"widget\" data-e-type=\"widget\" data-widget_type=\"heading.default\">\n\t\t\t\t<div class=\"elementor-widget-container\">\n\t\t\t\t\t<h2 class=\"elementor-heading-title elementor-size-default\">Une opportunit\u00e9 unique pour acqu\u00e9rir une cuisine haut de gamme \u00e0 moiti\u00e9 prix<\/h2>\t\t\t\t<\/div>\n\t\t\t\t<\/div>\n\t\t\t\t<div class=\"elementor-element elementor-element-c0088ae elementor-widget elementor-widget-text-editor\" data-id=\"c0088ae\" data-element_type=\"widget\" data-e-type=\"widget\" data-widget_type=\"text-editor.default\">\n\t\t\t\t<div class=\"elementor-widget-container\">\n\t\t\t\t\t\t\t\t\t<p data-start=\"304\" data-end=\"505\"><strong data-start=\"304\" data-end=\"320\">Porto Venere<\/strong> et <strong data-start=\"324\" data-end=\"349\">Via Brera Montpellier<\/strong> vous proposent une <strong data-start=\"369\" data-end=\"397\">op\u00e9ration exceptionnelle<\/strong> : la vente de nos <strong data-start=\"416\" data-end=\"462\">cuisines d\u2019exposition haut de gamme \u00e0 -50%<\/strong> pour le renouvellement d&rsquo;une partie de mod\u00e8les expos\u00e9s dans nos showrooms.<\/p>\n<p data-start=\"507\" data-end=\"940\">D\u00e9couvrez <strong data-start=\"517\" data-end=\"545\">trois cuisines Modulnova<\/strong>, marque italienne haut de gamme de r\u00e9f\u00e9rence, reconnue pour son <strong data-start=\"596\" data-end=\"618\">design minimaliste<\/strong>, la <strong data-start=\"623\" data-end=\"651\">qualit\u00e9 de ses mat\u00e9riaux<\/strong> et la <strong data-start=\"658\" data-end=\"682\">puret\u00e9 de ses lignes<\/strong>. Modulnova incarne l\u2019\u00e9l\u00e9gance italienne dans sa forme la plus contemporaine, alliant innovation, esth\u00e9tisme et fonctionnalit\u00e9.<br data-start=\"809\" data-end=\"812\">Ces mod\u00e8les d\u2019exposition, soigneusement entretenus, sont disponibles <strong data-start=\"881\" data-end=\"898\">rapidement<\/strong> et propos\u00e9s \u00e0 un <strong data-start=\"916\" data-end=\"937\">prix exceptionnel<\/strong>.<\/p>\n<p data-start=\"942\" data-end=\"1218\">Une <strong data-start=\"946\" data-end=\"963\">cuisine Nolte<\/strong>, marque allemande embl\u00e9matique, compl\u00e8te cette s\u00e9lection. R\u00e9put\u00e9e pour sa <strong data-start=\"1038\" data-end=\"1052\">robustesse<\/strong>&nbsp;et son <strong data-start=\"1094\" data-end=\"1115\">design intemporel<\/strong>, elle offre une alternative \u00e9l\u00e9gante et performante pour les amateurs de pr\u00e9cision et de durabilit\u00e9.<\/p>\n<p data-start=\"1220\" data-end=\"1311\">Ces <strong data-start=\"1224\" data-end=\"1255\">quatre cuisines d\u2019exception<\/strong> sont <strong data-start=\"1261\" data-end=\"1307\">visibles dans nos showrooms de Montpellier<\/strong> :<\/p>\n<ul data-start=\"1312\" data-end=\"1496\">\n<li data-start=\"1312\" data-end=\"1401\">\n<p data-start=\"1314\" data-end=\"1401\"><strong data-start=\"1314\" data-end=\"1330\">Porto Venere<\/strong> \u2014 sp\u00e9cialiste des cuisines design Modulnova dans le Sud de la France<\/p>\n<\/li>\n<li data-start=\"1402\" data-end=\"1496\">\n<p data-start=\"1404\" data-end=\"1496\"><strong data-start=\"1404\" data-end=\"1417\">Via Brera<\/strong> \u2014 espace d\u00e9di\u00e9 \u00e0 l\u2019am\u00e9nagement int\u00e9rieur, mobilier et cuisines haut de gamme<\/p>\n<\/li>\n<\/ul>\n<p data-start=\"1498\" data-end=\"1721\">Profitez de cette <strong data-start=\"1516\" data-end=\"1532\">vente unique<\/strong> pour acqu\u00e9rir une <strong data-start=\"1551\" data-end=\"1612\">cuisine italienne ou allemande d\u2019exposition \u00e0 moiti\u00e9 prix<\/strong>, sans compromis sur la qualit\u00e9 ni le style.<\/p>\n<p data-start=\"1498\" data-end=\"1721\"><strong>Offre soumise \u00e0 conditions <\/strong><i>(disponibles sur cette page)<\/i><\/p>\t\t\t\t\t\t\t\t<\/div>\n\t\t\t\t<\/div>\n\t\t\t\t\t<\/div>\n\t\t<\/div>\n\t\t\t\t\t<\/div>\n\t\t<\/section>\n\t\t\t\t<section class=\"elementor-section elementor-top-section elementor-element elementor-element-835dcab elementor-section-full_width elementor-section-height-min-height elementor-section-height-default elementor-section-items-middle\" data-id=\"835dcab\" data-element_type=\"section\" data-e-type=\"section\" data-settings=\"{&quot;background_background&quot;:&quot;classic&quot;}\">\n\t\t\t\t\t\t\t<div class=\"elementor-background-overlay\"><\/div>\n\t\t\t\t\t\t\t<div class=\"elementor-container elementor-column-gap-default\">\n\t\t\t\t\t<div class=\"elementor-column elementor-col-33 elementor-top-column elementor-element elementor-element-2199f60\" data-id=\"2199f60\" data-element_type=\"column\" data-e-type=\"column\" data-settings=\"{&quot;background_background&quot;:&quot;classic&quot;}\">\n\t\t\t<div class=\"elementor-widget-wrap elementor-element-populated\">\n\t\t\t\t\t\t<div class=\"elementor-element elementor-element-71a122b elementor-widget elementor-widget-heading\" data-id=\"71a122b\" data-element_type=\"widget\" data-e-type=\"widget\" data-widget_type=\"heading.default\">\n\t\t\t\t<div class=\"elementor-widget-container\">\n\t\t\t\t\t<h3 class=\"elementor-heading-title elementor-size-large\"><a href=\"https:\/\/www.portovenere.fr\/fr-fr\/cuisine-design-et-haut-de-gamme-a-montpellier\/cuisine-design-et-haut-de-gamme-a-montpellier-series-prestige\/cuisine-blade-en-noyer-blanchi-ceramique-aspect-beton-et-laque-satinee\/\">Cuisine FRAME MODULNOVA<\/a><\/h3>\t\t\t\t<\/div>\n\t\t\t\t<\/div>\n\t\t\t\t<div class=\"elementor-element elementor-element-2be5041 elementor-widget elementor-widget-heading\" data-id=\"2be5041\" data-element_type=\"widget\" data-e-type=\"widget\" data-widget_type=\"heading.default\">\n\t\t\t\t<div class=\"elementor-widget-container\">\n\t\t\t\t\t<p class=\"elementor-heading-title elementor-size-large\"><a href=\"https:\/\/www.portovenere.fr\/fr-fr\/cuisine-design-et-haut-de-gamme-a-montpellier\/cuisine-design-et-haut-de-gamme-a-montpellier-series-prestige\/cuisine-blade-en-noyer-blanchi-ceramique-aspect-beton-et-laque-satinee\/\">-50%*<\/a><\/p>\t\t\t\t<\/div>\n\t\t\t\t<\/div>\n\t\t\t\t<div class=\"elementor-element elementor-element-644a817 elementor-widget elementor-widget-heading\" data-id=\"644a817\" data-element_type=\"widget\" data-e-type=\"widget\" data-widget_type=\"heading.default\">\n\t\t\t\t<div class=\"elementor-widget-container\">\n\t\t\t\t\t<p class=\"elementor-heading-title elementor-size-large\"><a href=\"https:\/\/www.portovenere.fr\/fr-fr\/cuisine-design-et-haut-de-gamme-a-montpellier\/cuisine-design-et-haut-de-gamme-a-montpellier-series-prestige\/cuisine-blade-en-noyer-blanchi-ceramique-aspect-beton-et-laque-satinee\/\">Soit 59 750 \u20ac ttc<\/a><\/p>\t\t\t\t<\/div>\n\t\t\t\t<\/div>\n\t\t\t\t<div class=\"elementor-element elementor-element-074cda2 elementor-widget elementor-widget-heading\" data-id=\"074cda2\" data-element_type=\"widget\" data-e-type=\"widget\" data-widget_type=\"heading.default\">\n\t\t\t\t<div class=\"elementor-widget-container\">\n\t\t\t\t\t<p class=\"elementor-heading-title elementor-size-large\"><a href=\"https:\/\/www.portovenere.fr\/fr-fr\/cuisine-design-et-haut-de-gamme-a-montpellier\/cuisine-design-et-haut-de-gamme-a-montpellier-series-prestige\/cuisine-blade-en-noyer-blanchi-ceramique-aspect-beton-et-laque-satinee\/\">au lieu de  119 500 \u20ac ttc<\/a><\/p>\t\t\t\t<\/div>\n\t\t\t\t<\/div>\n\t\t\t\t<div class=\"elementor-element elementor-element-76f202b1 elementor-widget elementor-widget-text-editor\" data-id=\"76f202b1\" data-element_type=\"widget\" data-e-type=\"widget\" data-widget_type=\"text-editor.default\">\n\t\t\t\t<div class=\"elementor-widget-container\">\n\t\t\t\t\t\t\t\t\t<p>Cuisine haut de gamme, associant la c\u00e9ramique aspect marbre blanc au noyer Milano en habillage mural. Colonnes de rangement avec grandes portes rentrantes toute hauteur &#8211; r\u00e9tro\u00e9clairage. Ilot c\u00e9ramique avec \u00e9vier fa\u00e7onn\u00e9 et portes c\u00e9ramiques avec cadre en bois fait main.&nbsp;<\/p>\t\t\t\t\t\t\t\t<\/div>\n\t\t\t\t<\/div>\n\t\t\t\t<div class=\"elementor-element elementor-element-637ff4d2 elementor-mobile-align-center elementor-align-center elementor-widget elementor-widget-button\" data-id=\"637ff4d2\" data-element_type=\"widget\" data-e-type=\"widget\" data-widget_type=\"button.default\">\n\t\t\t\t<div class=\"elementor-widget-container\">\n\t\t\t\t\t\t\t\t\t<div class=\"elementor-button-wrapper\">\n\t\t\t\t\t<a class=\"elementor-button elementor-button-link elementor-size-sm\" href=\"#contact\">\n\t\t\t\t\t\t<span class=\"elementor-button-content-wrapper\">\n\t\t\t\t\t\t\t\t\t<span class=\"elementor-button-text\">NOUS CONTACTER<\/span>\n\t\t\t\t\t<\/span>\n\t\t\t\t\t<\/a>\n\t\t\t\t<\/div>\n\t\t\t\t\t\t\t\t<\/div>\n\t\t\t\t<\/div>\n\t\t\t\t\t<\/div>\n\t\t<\/div>\n\t\t\t\t<div class=\"elementor-column elementor-col-66 elementor-top-column elementor-element elementor-element-2101a06\" data-id=\"2101a06\" data-element_type=\"column\" data-e-type=\"column\">\n\t\t\t<div class=\"elementor-widget-wrap elementor-element-populated\">\n\t\t\t\t\t\t<div class=\"elementor-element elementor-element-aa2a2d9 elementor-skin-slideshow elementor-arrows-yes elementor-widget elementor-widget-media-carousel\" data-id=\"aa2a2d9\" data-element_type=\"widget\" data-e-type=\"widget\" data-settings=\"{&quot;skin&quot;:&quot;slideshow&quot;,&quot;effect&quot;:&quot;slide&quot;,&quot;show_arrows&quot;:&quot;yes&quot;,&quot;speed&quot;:500,&quot;autoplay&quot;:&quot;yes&quot;,&quot;autoplay_speed&quot;:5000,&quot;loop&quot;:&quot;yes&quot;,&quot;pause_on_hover&quot;:&quot;yes&quot;,&quot;pause_on_interaction&quot;:&quot;yes&quot;,&quot;space_between&quot;:{&quot;unit&quot;:&quot;px&quot;,&quot;size&quot;:10,&quot;sizes&quot;:[]},&quot;space_between_tablet&quot;:{&quot;unit&quot;:&quot;px&quot;,&quot;size&quot;:10,&quot;sizes&quot;:[]},&quot;space_between_mobile&quot;:{&quot;unit&quot;:&quot;px&quot;,&quot;size&quot;:10,&quot;sizes&quot;:[]}}\" data-widget_type=\"media-carousel.default\">\n\t\t\t\t<div class=\"elementor-widget-container\">\n\t\t\t\t\t\t\t\t\t<div class=\"elementor-swiper\">\n\t\t\t\t\t<div class=\"elementor-main-swiper swiper\" role=\"region\" aria-roledescription=\"carousel\" aria-label=\"Diapositives\">\n\t\t\t\t<div class=\"swiper-wrapper\">\n\t\t\t\t\t\t\t\t\t\t\t<div class=\"swiper-slide\" role=\"group\" aria-roledescription=\"slide\">\n\t\t\t\t\t\t\t\t\t<div class=\"elementor-carousel-image\" role=\"img\" aria-label=\"Vente mod\u00e8le cuisine d&#039;exposition de marque italienne Modulnova haut de gamme magasin PORTO VENERE et VIA BRERA \u00e0 Montpellier H\u00e9rault 34\" style=\"background-image: url(&#039;https:\/\/www.portovenere.fr\/fr-fr\/wp-content\/uploads\/2025\/10\/Vente-cuisine-dexposition-Modulnova-50-Magasin-cuisiniste-haut-de-gamme-Porto-Venere-et-Via-Brera-a-Montpellier-34.jpg&#039;)\">\n\n\t\t\t\n\t\t\t\t\t<\/div>\n\t\t\t\t\t\t\t\t<\/div>\n\t\t\t\t\t\t\t\t\t\t\t<div class=\"swiper-slide\" role=\"group\" aria-roledescription=\"slide\">\n\t\t\t\t\t\t\t\t\t<div class=\"elementor-carousel-image\" role=\"img\" aria-label=\"Vente-cuisine-d&#039;exposition-Modulnova--50%-Magasin-cuisiniste-haut-de-gamme-Porto-Venere-et-Via-Brera-pr\u00e8s-de-Balaruc-34\" style=\"background-image: url(&#039;https:\/\/www.portovenere.fr\/fr-fr\/wp-content\/uploads\/2025\/10\/Vente-cuisine-dexposition-Modulnova-50-Magasin-cuisiniste-haut-de-gamme-Porto-Venere-et-Via-Brera-pres-de-Balaruc-34.jpg&#039;)\">\n\n\t\t\t\n\t\t\t\t\t<\/div>\n\t\t\t\t\t\t\t\t<\/div>\n\t\t\t\t\t\t\t\t\t\t\t<div class=\"swiper-slide\" role=\"group\" aria-roledescription=\"slide\">\n\t\t\t\t\t\t\t\t\t<div class=\"elementor-carousel-image\" role=\"img\" aria-label=\"Vente-cuisine-d&#039;exposition-Modulnova--50%-Magasin-cuisiniste-haut-de-gamme-Porto-Venere-et-Via-Brera-pr\u00e8s-de-Castelnau-le-Lez-34\" style=\"background-image: url(&#039;https:\/\/www.portovenere.fr\/fr-fr\/wp-content\/uploads\/2025\/10\/Vente-cuisine-dexposition-Modulnova-50-Magasin-cuisiniste-haut-de-gamme-Porto-Venere-et-Via-Brera-pres-de-Castelnau-le-Lez-34.jpg&#039;)\">\n\n\t\t\t\n\t\t\t\t\t<\/div>\n\t\t\t\t\t\t\t\t<\/div>\n\t\t\t\t\t\t\t\t\t\t\t<div class=\"swiper-slide\" role=\"group\" aria-roledescription=\"slide\">\n\t\t\t\t\t\t\t\t\t<div class=\"elementor-carousel-image\" role=\"img\" aria-label=\"Vente-cuisine-d&#039;exposition-Modulnova--50%-Magasin-cuisiniste-haut-de-gamme-Porto-Venere-et-Via-Brera-pr\u00e8s-de-Clapiers-34\" style=\"background-image: url(&#039;https:\/\/www.portovenere.fr\/fr-fr\/wp-content\/uploads\/2025\/10\/Vente-cuisine-dexposition-Modulnova-50-Magasin-cuisiniste-haut-de-gamme-Porto-Venere-et-Via-Brera-pres-de-Clapiers-34.jpg&#039;)\">\n\n\t\t\t\n\t\t\t\t\t<\/div>\n\t\t\t\t\t\t\t\t<\/div>\n\t\t\t\t\t\t\t\t\t\t\t<div class=\"swiper-slide\" role=\"group\" aria-roledescription=\"slide\">\n\t\t\t\t\t\t\t\t\t<div class=\"elementor-carousel-image\" role=\"img\" aria-label=\"Vente-cuisine-d&#039;exposition-Modulnova-promo-\u00e0-50%-Magasin-cuisiniste-haut-de-gamme-Porto-Venere-et-Via-Brera-Montpellier-34\" style=\"background-image: url(&#039;https:\/\/www.portovenere.fr\/fr-fr\/wp-content\/uploads\/2025\/10\/Vente-cuisine-dexposition-Modulnova-promo-a-50-Magasin-cuisiniste-haut-de-gamme-Porto-Venere-et-Via-Brera-Montpellier-34.jpg&#039;)\">\n\n\t\t\t\n\t\t\t\t\t<\/div>\n\t\t\t\t\t\t\t\t<\/div>\n\t\t\t\t\t\t\t\t\t\t\t<div class=\"swiper-slide\" role=\"group\" aria-roledescription=\"slide\">\n\t\t\t\t\t\t\t\t\t<div class=\"elementor-carousel-image\" role=\"img\" aria-label=\"Vente-cuisine-d&#039;exposition-Modulnova--50%-Magasin-cuisiniste-haut-de-gamme-Porto-Venere-et-Via-Brera-pr\u00e8s-de-S\u00e8te-34\" style=\"background-image: url(&#039;https:\/\/www.portovenere.fr\/fr-fr\/wp-content\/uploads\/2025\/10\/Vente-cuisine-dexposition-Modulnova-50-Magasin-cuisiniste-haut-de-gamme-Porto-Venere-et-Via-Brera-pres-de-Sete-34.jpg&#039;)\">\n\n\t\t\t\n\t\t\t\t\t<\/div>\n\t\t\t\t\t\t\t\t<\/div>\n\t\t\t\t\t\t\t\t\t\t\t<div class=\"swiper-slide\" role=\"group\" aria-roledescription=\"slide\">\n\t\t\t\t\t\t\t\t\t<div class=\"elementor-carousel-image\" role=\"img\" aria-label=\"Vente-cuisine-d&#039;exposition-Modulnova--50%-Magasin-cuisiniste-haut-de-gamme-Porto-Venere-et-Via-Brera-pr\u00e8s-de-Lunel-34\" style=\"background-image: url(&#039;https:\/\/www.portovenere.fr\/fr-fr\/wp-content\/uploads\/2025\/10\/Vente-cuisine-dexposition-Modulnova-50-Magasin-cuisiniste-haut-de-gamme-Porto-Venere-et-Via-Brera-pres-de-Lunel-34.jpg&#039;)\">\n\n\t\t\t\n\t\t\t\t\t<\/div>\n\t\t\t\t\t\t\t\t<\/div>\n\t\t\t\t\t\t\t\t\t\t\t<div class=\"swiper-slide\" role=\"group\" aria-roledescription=\"slide\">\n\t\t\t\t\t\t\t\t\t<div class=\"elementor-carousel-image\" role=\"img\" aria-label=\"Vente-cuisine-d&#039;exposition-Modulnova--50%-Magasin-cuisiniste-haut-de-gamme-Porto-Venere-et-Via-Brera-pr\u00e8s-de-Mauguio-34\" style=\"background-image: url(&#039;https:\/\/www.portovenere.fr\/fr-fr\/wp-content\/uploads\/2025\/10\/Vente-cuisine-dexposition-Modulnova-50-Magasin-cuisiniste-haut-de-gamme-Porto-Venere-et-Via-Brera-pres-de-Mauguio-34.jpg&#039;)\">\n\n\t\t\t\n\t\t\t\t\t<\/div>\n\t\t\t\t\t\t\t\t<\/div>\n\t\t\t\t\t\t\t\t\t\t\t<div class=\"swiper-slide\" role=\"group\" aria-roledescription=\"slide\">\n\t\t\t\t\t\t\t\t\t<div class=\"elementor-carousel-image\" role=\"img\" aria-label=\"Vente-cuisine-d&#039;exposition-Modulnova--50%-Magasin-cuisiniste-haut-de-gamme-Porto-Venere-et-Via-Brera-pr\u00e8s-de-P\u00e9rols-34\" style=\"background-image: url(&#039;https:\/\/www.portovenere.fr\/fr-fr\/wp-content\/uploads\/2025\/10\/Vente-cuisine-dexposition-Modulnova-50-Magasin-cuisiniste-haut-de-gamme-Porto-Venere-et-Via-Brera-pres-de-Perols-34.jpg&#039;)\">\n\n\t\t\t\n\t\t\t\t\t<\/div>\n\t\t\t\t\t\t\t\t<\/div>\n\t\t\t\t\t\t\t\t\t\t\t<div class=\"swiper-slide\" role=\"group\" aria-roledescription=\"slide\">\n\t\t\t\t\t\t\t\t\t<div class=\"elementor-carousel-image\" role=\"img\" aria-label=\"Vente-cuisine-d&#039;exposition-Modulnova--50%-Magasin-cuisiniste-haut-de-gamme-Porto-Venere-et-Via-Brera-pr\u00e8s-de-Saint-Clement-de-Rivi\u00e8re-34\" style=\"background-image: url(&#039;https:\/\/www.portovenere.fr\/fr-fr\/wp-content\/uploads\/2025\/10\/Vente-cuisine-dexposition-Modulnova-50-Magasin-cuisiniste-haut-de-gamme-Porto-Venere-et-Via-Brera-pres-de-Saint-Clement-de-Riviere-34.jpg&#039;)\">\n\n\t\t\t\n\t\t\t\t\t<\/div>\n\t\t\t\t\t\t\t\t<\/div>\n\t\t\t\t\t\t\t\t\t<\/div>\n\t\t\t\t\t\t\t\t\t\t\t\t\t\t\t<div class=\"elementor-swiper-button elementor-swiper-button-prev\" role=\"button\" tabindex=\"0\" aria-label=\"Pr\u00e9c\u00e9dent\">\n\t\t\t\t\t\t\t<svg aria-hidden=\"true\" class=\"e-font-icon-svg e-eicon-chevron-left\" viewBox=\"0 0 1000 1000\" xmlns=\"http:\/\/www.w3.org\/2000\/svg\"><path d=\"M646 125C629 125 613 133 604 142L308 442C296 454 292 471 292 487 292 504 296 521 308 533L604 854C617 867 629 875 646 875 663 875 679 871 692 858 704 846 713 829 713 812 713 796 708 779 692 767L438 487 692 225C700 217 708 204 708 187 708 171 704 154 692 142 675 129 663 125 646 125Z\"><\/path><\/svg>\t\t\t\t\t\t<\/div>\n\t\t\t\t\t\t<div class=\"elementor-swiper-button elementor-swiper-button-next\" role=\"button\" tabindex=\"0\" aria-label=\"Suivant\">\n\t\t\t\t\t\t\t<svg aria-hidden=\"true\" class=\"e-font-icon-svg e-eicon-chevron-right\" viewBox=\"0 0 1000 1000\" xmlns=\"http:\/\/www.w3.org\/2000\/svg\"><path d=\"M696 533C708 521 713 504 713 487 713 471 708 454 696 446L400 146C388 133 375 125 354 125 338 125 325 129 313 142 300 154 292 171 292 187 292 204 296 221 308 233L563 492 304 771C292 783 288 800 288 817 288 833 296 850 308 863 321 871 338 875 354 875 371 875 388 867 400 854L696 533Z\"><\/path><\/svg>\t\t\t\t\t\t<\/div>\n\t\t\t\t\t\t\t\t\t\t\t\t\t\t\t\t\t<\/div>\n\t\t\t\t<\/div>\n\t\t\t\t\t\t\t\t<div class=\"elementor-swiper\">\n\t\t\t\t\t<div class=\"elementor-main-swiper swiper elementor-thumbnails-swiper swiper\" role=\"region region\" aria-roledescription=\"carousel carousel\" aria-label=\"Diapositives Diapositives\">\n\t\t\t\t<div class=\"swiper-wrapper\">\n\t\t\t\t\t\t\t\t\t\t\t<div class=\"swiper-slide\" role=\"group\" aria-roledescription=\"slide\">\n\t\t\t\t\t\t\t\t\t<div class=\"elementor-carousel-image\" role=\"img\" aria-label=\"Vente mod\u00e8le cuisine d&#039;exposition de marque italienne Modulnova haut de gamme magasin PORTO VENERE et VIA BRERA \u00e0 Montpellier H\u00e9rault 34\" style=\"background-image: url(&#039;https:\/\/www.portovenere.fr\/fr-fr\/wp-content\/uploads\/2025\/10\/Vente-cuisine-dexposition-Modulnova-50-Magasin-cuisiniste-haut-de-gamme-Porto-Venere-et-Via-Brera-a-Montpellier-34.jpg&#039;)\">\n\n\t\t\t\n\t\t\t\t\t<\/div>\n\t\t\t\t\t\t\t\t<\/div>\n\t\t\t\t\t\t\t\t\t\t\t<div class=\"swiper-slide\" role=\"group\" aria-roledescription=\"slide\">\n\t\t\t\t\t\t\t\t\t<div class=\"elementor-carousel-image\" role=\"img\" aria-label=\"Vente-cuisine-d&#039;exposition-Modulnova--50%-Magasin-cuisiniste-haut-de-gamme-Porto-Venere-et-Via-Brera-pr\u00e8s-de-Balaruc-34\" style=\"background-image: url(&#039;https:\/\/www.portovenere.fr\/fr-fr\/wp-content\/uploads\/2025\/10\/Vente-cuisine-dexposition-Modulnova-50-Magasin-cuisiniste-haut-de-gamme-Porto-Venere-et-Via-Brera-pres-de-Balaruc-34.jpg&#039;)\">\n\n\t\t\t\n\t\t\t\t\t<\/div>\n\t\t\t\t\t\t\t\t<\/div>\n\t\t\t\t\t\t\t\t\t\t\t<div class=\"swiper-slide\" role=\"group\" aria-roledescription=\"slide\">\n\t\t\t\t\t\t\t\t\t<div class=\"elementor-carousel-image\" role=\"img\" aria-label=\"Vente-cuisine-d&#039;exposition-Modulnova--50%-Magasin-cuisiniste-haut-de-gamme-Porto-Venere-et-Via-Brera-pr\u00e8s-de-Castelnau-le-Lez-34\" style=\"background-image: url(&#039;https:\/\/www.portovenere.fr\/fr-fr\/wp-content\/uploads\/2025\/10\/Vente-cuisine-dexposition-Modulnova-50-Magasin-cuisiniste-haut-de-gamme-Porto-Venere-et-Via-Brera-pres-de-Castelnau-le-Lez-34.jpg&#039;)\">\n\n\t\t\t\n\t\t\t\t\t<\/div>\n\t\t\t\t\t\t\t\t<\/div>\n\t\t\t\t\t\t\t\t\t\t\t<div class=\"swiper-slide\" role=\"group\" aria-roledescription=\"slide\">\n\t\t\t\t\t\t\t\t\t<div class=\"elementor-carousel-image\" role=\"img\" aria-label=\"Vente-cuisine-d&#039;exposition-Modulnova--50%-Magasin-cuisiniste-haut-de-gamme-Porto-Venere-et-Via-Brera-pr\u00e8s-de-Clapiers-34\" style=\"background-image: url(&#039;https:\/\/www.portovenere.fr\/fr-fr\/wp-content\/uploads\/2025\/10\/Vente-cuisine-dexposition-Modulnova-50-Magasin-cuisiniste-haut-de-gamme-Porto-Venere-et-Via-Brera-pres-de-Clapiers-34.jpg&#039;)\">\n\n\t\t\t\n\t\t\t\t\t<\/div>\n\t\t\t\t\t\t\t\t<\/div>\n\t\t\t\t\t\t\t\t\t\t\t<div class=\"swiper-slide\" role=\"group\" aria-roledescription=\"slide\">\n\t\t\t\t\t\t\t\t\t<div class=\"elementor-carousel-image\" role=\"img\" aria-label=\"Vente-cuisine-d&#039;exposition-Modulnova-promo-\u00e0-50%-Magasin-cuisiniste-haut-de-gamme-Porto-Venere-et-Via-Brera-Montpellier-34\" style=\"background-image: url(&#039;https:\/\/www.portovenere.fr\/fr-fr\/wp-content\/uploads\/2025\/10\/Vente-cuisine-dexposition-Modulnova-promo-a-50-Magasin-cuisiniste-haut-de-gamme-Porto-Venere-et-Via-Brera-Montpellier-34.jpg&#039;)\">\n\n\t\t\t\n\t\t\t\t\t<\/div>\n\t\t\t\t\t\t\t\t<\/div>\n\t\t\t\t\t\t\t\t\t\t\t<div class=\"swiper-slide\" role=\"group\" aria-roledescription=\"slide\">\n\t\t\t\t\t\t\t\t\t<div class=\"elementor-carousel-image\" role=\"img\" aria-label=\"Vente-cuisine-d&#039;exposition-Modulnova--50%-Magasin-cuisiniste-haut-de-gamme-Porto-Venere-et-Via-Brera-pr\u00e8s-de-S\u00e8te-34\" style=\"background-image: url(&#039;https:\/\/www.portovenere.fr\/fr-fr\/wp-content\/uploads\/2025\/10\/Vente-cuisine-dexposition-Modulnova-50-Magasin-cuisiniste-haut-de-gamme-Porto-Venere-et-Via-Brera-pres-de-Sete-34.jpg&#039;)\">\n\n\t\t\t\n\t\t\t\t\t<\/div>\n\t\t\t\t\t\t\t\t<\/div>\n\t\t\t\t\t\t\t\t\t\t\t<div class=\"swiper-slide\" role=\"group\" aria-roledescription=\"slide\">\n\t\t\t\t\t\t\t\t\t<div class=\"elementor-carousel-image\" role=\"img\" aria-label=\"Vente-cuisine-d&#039;exposition-Modulnova--50%-Magasin-cuisiniste-haut-de-gamme-Porto-Venere-et-Via-Brera-pr\u00e8s-de-Lunel-34\" style=\"background-image: url(&#039;https:\/\/www.portovenere.fr\/fr-fr\/wp-content\/uploads\/2025\/10\/Vente-cuisine-dexposition-Modulnova-50-Magasin-cuisiniste-haut-de-gamme-Porto-Venere-et-Via-Brera-pres-de-Lunel-34.jpg&#039;)\">\n\n\t\t\t\n\t\t\t\t\t<\/div>\n\t\t\t\t\t\t\t\t<\/div>\n\t\t\t\t\t\t\t\t\t\t\t<div class=\"swiper-slide\" role=\"group\" aria-roledescription=\"slide\">\n\t\t\t\t\t\t\t\t\t<div class=\"elementor-carousel-image\" role=\"img\" aria-label=\"Vente-cuisine-d&#039;exposition-Modulnova--50%-Magasin-cuisiniste-haut-de-gamme-Porto-Venere-et-Via-Brera-pr\u00e8s-de-Mauguio-34\" style=\"background-image: url(&#039;https:\/\/www.portovenere.fr\/fr-fr\/wp-content\/uploads\/2025\/10\/Vente-cuisine-dexposition-Modulnova-50-Magasin-cuisiniste-haut-de-gamme-Porto-Venere-et-Via-Brera-pres-de-Mauguio-34.jpg&#039;)\">\n\n\t\t\t\n\t\t\t\t\t<\/div>\n\t\t\t\t\t\t\t\t<\/div>\n\t\t\t\t\t\t\t\t\t\t\t<div class=\"swiper-slide\" role=\"group\" aria-roledescription=\"slide\">\n\t\t\t\t\t\t\t\t\t<div class=\"elementor-carousel-image\" role=\"img\" aria-label=\"Vente-cuisine-d&#039;exposition-Modulnova--50%-Magasin-cuisiniste-haut-de-gamme-Porto-Venere-et-Via-Brera-pr\u00e8s-de-P\u00e9rols-34\" style=\"background-image: url(&#039;https:\/\/www.portovenere.fr\/fr-fr\/wp-content\/uploads\/2025\/10\/Vente-cuisine-dexposition-Modulnova-50-Magasin-cuisiniste-haut-de-gamme-Porto-Venere-et-Via-Brera-pres-de-Perols-34.jpg&#039;)\">\n\n\t\t\t\n\t\t\t\t\t<\/div>\n\t\t\t\t\t\t\t\t<\/div>\n\t\t\t\t\t\t\t\t\t\t\t<div class=\"swiper-slide\" role=\"group\" aria-roledescription=\"slide\">\n\t\t\t\t\t\t\t\t\t<div class=\"elementor-carousel-image\" role=\"img\" aria-label=\"Vente-cuisine-d&#039;exposition-Modulnova--50%-Magasin-cuisiniste-haut-de-gamme-Porto-Venere-et-Via-Brera-pr\u00e8s-de-Saint-Clement-de-Rivi\u00e8re-34\" style=\"background-image: url(&#039;https:\/\/www.portovenere.fr\/fr-fr\/wp-content\/uploads\/2025\/10\/Vente-cuisine-dexposition-Modulnova-50-Magasin-cuisiniste-haut-de-gamme-Porto-Venere-et-Via-Brera-pres-de-Saint-Clement-de-Riviere-34.jpg&#039;)\">\n\n\t\t\t\n\t\t\t\t\t<\/div>\n\t\t\t\t\t\t\t\t<\/div>\n\t\t\t\t\t\t\t\t\t<\/div>\n\t\t\t\t\t\t\t\t\t\t\t\t\t\t\t\t\t\t\t\t\t<\/div>\n\t\t\t\t<\/div>\n\t\t\t\t\t\t\t\t<\/div>\n\t\t\t\t<\/div>\n\t\t\t\t\t<\/div>\n\t\t<\/div>\n\t\t\t\t\t<\/div>\n\t\t<\/section>\n\t\t\t\t<section class=\"elementor-section elementor-top-section elementor-element elementor-element-f35ad5c elementor-section-full_width elementor-section-height-min-height elementor-section-height-default elementor-section-items-middle\" data-id=\"f35ad5c\" data-element_type=\"section\" data-e-type=\"section\" data-settings=\"{&quot;background_background&quot;:&quot;classic&quot;}\">\n\t\t\t\t\t\t\t<div class=\"elementor-background-overlay\"><\/div>\n\t\t\t\t\t\t\t<div class=\"elementor-container elementor-column-gap-default\">\n\t\t\t\t\t<div class=\"elementor-column elementor-col-33 elementor-top-column elementor-element elementor-element-312c2e1\" data-id=\"312c2e1\" data-element_type=\"column\" data-e-type=\"column\" data-settings=\"{&quot;background_background&quot;:&quot;classic&quot;}\">\n\t\t\t<div class=\"elementor-widget-wrap elementor-element-populated\">\n\t\t\t\t\t<div class=\"elementor-background-overlay\"><\/div>\n\t\t\t\t\t\t<div class=\"elementor-element elementor-element-c35e5a0 elementor-widget elementor-widget-heading\" data-id=\"c35e5a0\" data-element_type=\"widget\" data-e-type=\"widget\" data-widget_type=\"heading.default\">\n\t\t\t\t<div class=\"elementor-widget-container\">\n\t\t\t\t\t<h3 class=\"elementor-heading-title elementor-size-large\"><a href=\"https:\/\/www.portovenere.fr\/fr-fr\/cuisine-design-et-haut-de-gamme-a-montpellier\/cuisine-design-et-haut-de-gamme-a-montpellier-series-prestige\/cuisine-blade-en-noyer-blanchi-ceramique-aspect-beton-et-laque-satinee\/\">Cuisine MH6 MODULNOVA<\/a><\/h3>\t\t\t\t<\/div>\n\t\t\t\t<\/div>\n\t\t\t\t<div class=\"elementor-element elementor-element-c10c0fc elementor-widget elementor-widget-heading\" data-id=\"c10c0fc\" data-element_type=\"widget\" data-e-type=\"widget\" data-widget_type=\"heading.default\">\n\t\t\t\t<div class=\"elementor-widget-container\">\n\t\t\t\t\t<h2 class=\"elementor-heading-title elementor-size-default\">VENDUE<\/h2>\t\t\t\t<\/div>\n\t\t\t\t<\/div>\n\t\t\t\t<div class=\"elementor-element elementor-element-ab9a4cb elementor-widget elementor-widget-heading\" data-id=\"ab9a4cb\" data-element_type=\"widget\" data-e-type=\"widget\" data-widget_type=\"heading.default\">\n\t\t\t\t<div class=\"elementor-widget-container\">\n\t\t\t\t\t<p class=\"elementor-heading-title elementor-size-large\"><a href=\"https:\/\/www.portovenere.fr\/fr-fr\/cuisine-design-et-haut-de-gamme-a-montpellier\/cuisine-design-et-haut-de-gamme-a-montpellier-series-prestige\/cuisine-blade-en-noyer-blanchi-ceramique-aspect-beton-et-laque-satinee\/\">-50%*<\/a><\/p>\t\t\t\t<\/div>\n\t\t\t\t<\/div>\n\t\t\t\t<div class=\"elementor-element elementor-element-50a5d47 elementor-widget elementor-widget-heading\" data-id=\"50a5d47\" data-element_type=\"widget\" data-e-type=\"widget\" data-widget_type=\"heading.default\">\n\t\t\t\t<div class=\"elementor-widget-container\">\n\t\t\t\t\t<p class=\"elementor-heading-title elementor-size-large\"><a href=\"https:\/\/www.portovenere.fr\/fr-fr\/cuisine-design-et-haut-de-gamme-a-montpellier\/cuisine-design-et-haut-de-gamme-a-montpellier-series-prestige\/cuisine-blade-en-noyer-blanchi-ceramique-aspect-beton-et-laque-satinee\/\">Soit 18 750 \u20ac ttc<\/a><\/p>\t\t\t\t<\/div>\n\t\t\t\t<\/div>\n\t\t\t\t<div class=\"elementor-element elementor-element-9615bad elementor-widget elementor-widget-heading\" data-id=\"9615bad\" data-element_type=\"widget\" data-e-type=\"widget\" data-widget_type=\"heading.default\">\n\t\t\t\t<div class=\"elementor-widget-container\">\n\t\t\t\t\t<p class=\"elementor-heading-title elementor-size-large\"><a href=\"https:\/\/www.portovenere.fr\/fr-fr\/cuisine-design-et-haut-de-gamme-a-montpellier\/cuisine-design-et-haut-de-gamme-a-montpellier-series-prestige\/cuisine-blade-en-noyer-blanchi-ceramique-aspect-beton-et-laque-satinee\/\">au lieu de  37 500 \u20ac ttc<\/a><\/p>\t\t\t\t<\/div>\n\t\t\t\t<\/div>\n\t\t\t\t<div class=\"elementor-element elementor-element-ef91665 elementor-widget elementor-widget-text-editor\" data-id=\"ef91665\" data-element_type=\"widget\" data-e-type=\"widget\" data-widget_type=\"text-editor.default\">\n\t\t\t\t<div class=\"elementor-widget-container\">\n\t\t\t\t\t\t\t\t\t<p>Plan c\u00e9ramique avec \u00e9vier int\u00e9gr\u00e9 &#8211; Cr\u00e9dence c\u00e9ramique &#8211; Fa\u00e7ades de colonnes effet bois brul\u00e9, meuble sur rail dissimul\u00e9 derri\u00e8re l&rsquo;\u00e9vier.\u00a0<\/p>\t\t\t\t\t\t\t\t<\/div>\n\t\t\t\t<\/div>\n\t\t\t\t<div class=\"elementor-element elementor-element-1fc5e4c elementor-mobile-align-center elementor-align-center elementor-widget elementor-widget-button\" data-id=\"1fc5e4c\" data-element_type=\"widget\" data-e-type=\"widget\" data-widget_type=\"button.default\">\n\t\t\t\t<div class=\"elementor-widget-container\">\n\t\t\t\t\t\t\t\t\t<div class=\"elementor-button-wrapper\">\n\t\t\t\t\t<a class=\"elementor-button elementor-button-link elementor-size-sm\" href=\"#contact\">\n\t\t\t\t\t\t<span class=\"elementor-button-content-wrapper\">\n\t\t\t\t\t\t\t\t\t<span class=\"elementor-button-text\">NOUS CONTACTER<\/span>\n\t\t\t\t\t<\/span>\n\t\t\t\t\t<\/a>\n\t\t\t\t<\/div>\n\t\t\t\t\t\t\t\t<\/div>\n\t\t\t\t<\/div>\n\t\t\t\t\t<\/div>\n\t\t<\/div>\n\t\t\t\t<div class=\"elementor-column elementor-col-66 elementor-top-column elementor-element elementor-element-108e45c\" data-id=\"108e45c\" data-element_type=\"column\" data-e-type=\"column\">\n\t\t\t<div class=\"elementor-widget-wrap elementor-element-populated\">\n\t\t\t\t\t\t<div class=\"elementor-element elementor-element-7a39fee elementor-skin-slideshow elementor-arrows-yes elementor-widget elementor-widget-media-carousel\" data-id=\"7a39fee\" data-element_type=\"widget\" data-e-type=\"widget\" data-settings=\"{&quot;skin&quot;:&quot;slideshow&quot;,&quot;effect&quot;:&quot;slide&quot;,&quot;show_arrows&quot;:&quot;yes&quot;,&quot;speed&quot;:500,&quot;autoplay&quot;:&quot;yes&quot;,&quot;autoplay_speed&quot;:5000,&quot;loop&quot;:&quot;yes&quot;,&quot;pause_on_hover&quot;:&quot;yes&quot;,&quot;pause_on_interaction&quot;:&quot;yes&quot;,&quot;space_between&quot;:{&quot;unit&quot;:&quot;px&quot;,&quot;size&quot;:10,&quot;sizes&quot;:[]},&quot;space_between_tablet&quot;:{&quot;unit&quot;:&quot;px&quot;,&quot;size&quot;:10,&quot;sizes&quot;:[]},&quot;space_between_mobile&quot;:{&quot;unit&quot;:&quot;px&quot;,&quot;size&quot;:10,&quot;sizes&quot;:[]}}\" data-widget_type=\"media-carousel.default\">\n\t\t\t\t<div class=\"elementor-widget-container\">\n\t\t\t\t\t\t\t\t\t<div class=\"elementor-swiper\">\n\t\t\t\t\t<div class=\"elementor-main-swiper swiper\" role=\"region\" aria-roledescription=\"carousel\" aria-label=\"Diapositives\">\n\t\t\t\t<div class=\"swiper-wrapper\">\n\t\t\t\t\t\t\t\t\t\t\t<div class=\"swiper-slide\" role=\"group\" aria-roledescription=\"slide\">\n\t\t\t\t\t\t\t\t\t<div class=\"elementor-carousel-image\" role=\"img\" aria-label=\"Vente-cuisine-d&#039;exposition-Modulnova_-50%-Magasin-cuisiniste-haut-de-gamme-Porto-Venere-et-Via-Brera-pr\u00e8s-de-Palavas-34\" style=\"background-image: url(&#039;https:\/\/www.portovenere.fr\/fr-fr\/wp-content\/uploads\/2025\/10\/Vente-cuisine-dexposition-Modulnova_-50-Magasin-cuisiniste-haut-de-gamme-Porto-Venere-et-Via-Brera-pres-de-Palavas-34.jpg&#039;)\">\n\n\t\t\t\n\t\t\t\t\t<\/div>\n\t\t\t\t\t\t\t\t<\/div>\n\t\t\t\t\t\t\t\t\t\t\t<div class=\"swiper-slide\" role=\"group\" aria-roledescription=\"slide\">\n\t\t\t\t\t\t\t\t\t<div class=\"elementor-carousel-image\" role=\"img\" aria-label=\"Vente-cuisine-d&#039;exposition-Modulnova_-50%-Magasin-cuisiniste-haut-de-gamme-Porto-Venere-et-Via-Brera-pr\u00e8s-de-Balaruc-34\" style=\"background-image: url(&#039;https:\/\/www.portovenere.fr\/fr-fr\/wp-content\/uploads\/2025\/10\/Vente-cuisine-dexposition-Modulnova_-50-Magasin-cuisiniste-haut-de-gamme-Porto-Venere-et-Via-Brera-pres-de-Balaruc-34.jpg&#039;)\">\n\n\t\t\t\n\t\t\t\t\t<\/div>\n\t\t\t\t\t\t\t\t<\/div>\n\t\t\t\t\t\t\t\t\t\t\t<div class=\"swiper-slide\" role=\"group\" aria-roledescription=\"slide\">\n\t\t\t\t\t\t\t\t\t<div class=\"elementor-carousel-image\" role=\"img\" aria-label=\"Vente-cuisine-d&#039;exposition-Modulnova_-50%-promo-Magasin-cuisiniste-haut-de-gamme-Porto-Venere-et-Via-Brera-pr\u00e8s-de-Mauguio-34\" style=\"background-image: url(&#039;https:\/\/www.portovenere.fr\/fr-fr\/wp-content\/uploads\/2025\/10\/Vente-cuisine-dexposition-Modulnova_-50-promo-Magasin-cuisiniste-haut-de-gamme-Porto-Venere-et-Via-Brera-pres-de-Mauguio-34.jpg&#039;)\">\n\n\t\t\t\n\t\t\t\t\t<\/div>\n\t\t\t\t\t\t\t\t<\/div>\n\t\t\t\t\t\t\t\t\t\t\t<div class=\"swiper-slide\" role=\"group\" aria-roledescription=\"slide\">\n\t\t\t\t\t\t\t\t\t<div class=\"elementor-carousel-image\" role=\"img\" aria-label=\"Vente-cuisine-d&#039;exposition-Modulnova_-50%-Magasin-cuisiniste-haut-de-gamme-Porto-Venere-et-Via-Brera-pr\u00e8s-de-La-Grande-Motte-34\" style=\"background-image: url(&#039;https:\/\/www.portovenere.fr\/fr-fr\/wp-content\/uploads\/2025\/10\/Vente-cuisine-dexposition-Modulnova_-50-Magasin-cuisiniste-haut-de-gamme-Porto-Venere-et-Via-Brera-pres-de-La-Grande-Motte-34.jpg&#039;)\">\n\n\t\t\t\n\t\t\t\t\t<\/div>\n\t\t\t\t\t\t\t\t<\/div>\n\t\t\t\t\t\t\t\t\t\t\t<div class=\"swiper-slide\" role=\"group\" aria-roledescription=\"slide\">\n\t\t\t\t\t\t\t\t\t<div class=\"elementor-carousel-image\" role=\"img\" aria-label=\"Vente-cuisine-d&#039;exposition-Modulnova_-50%-Magasin-cuisiniste-haut-de-gamme-effet-bois-brul\u00e9-Porto-Venere-et-Via-Brera-pr\u00e8s-de-Baillargues-34\" style=\"background-image: url(&#039;https:\/\/www.portovenere.fr\/fr-fr\/wp-content\/uploads\/2025\/10\/Vente-cuisine-dexposition-Modulnova_-50-Magasin-cuisiniste-haut-de-gamme-effet-bois-brule-Porto-Venere-et-Via-Brera-pres-de-Baillargues-34.jpg&#039;)\">\n\n\t\t\t\n\t\t\t\t\t<\/div>\n\t\t\t\t\t\t\t\t<\/div>\n\t\t\t\t\t\t\t\t\t\t\t<div class=\"swiper-slide\" role=\"group\" aria-roledescription=\"slide\">\n\t\t\t\t\t\t\t\t\t<div class=\"elementor-carousel-image\" role=\"img\" aria-label=\"Vente-cuisine-d&#039;exposition-Modulnova_-50%-Magasin-cuisiniste-haut-de-gamme-effet-bois-brul\u00e9-Porto-Venere-et-Via-Brera-pr\u00e8s-de-Lattes-34\" style=\"background-image: url(&#039;https:\/\/www.portovenere.fr\/fr-fr\/wp-content\/uploads\/2025\/10\/Vente-cuisine-dexposition-Modulnova_-50-Magasin-cuisiniste-haut-de-gamme-effet-bois-brule-Porto-Venere-et-Via-Brera-pres-de-Lattes-34.jpg&#039;)\">\n\n\t\t\t\n\t\t\t\t\t<\/div>\n\t\t\t\t\t\t\t\t<\/div>\n\t\t\t\t\t\t\t\t\t\t\t<div class=\"swiper-slide\" role=\"group\" aria-roledescription=\"slide\">\n\t\t\t\t\t\t\t\t\t<div class=\"elementor-carousel-image\" role=\"img\" aria-label=\"Vente-cuisine-d&#039;exposition-Modulnova_-50%-Magasin-cuisiniste-haut-de-gamme-effet-bois-brul\u00e9-Porto-Venere-et-Via-Brera-pr\u00e8s-de-Jacou-34\" style=\"background-image: url(&#039;https:\/\/www.portovenere.fr\/fr-fr\/wp-content\/uploads\/2025\/10\/Vente-cuisine-dexposition-Modulnova_-50-Magasin-cuisiniste-haut-de-gamme-effet-bois-brule-Porto-Venere-et-Via-Brera-pres-de-Jacou-34.jpg&#039;)\">\n\n\t\t\t\n\t\t\t\t\t<\/div>\n\t\t\t\t\t\t\t\t<\/div>\n\t\t\t\t\t\t\t\t\t\t\t<div class=\"swiper-slide\" role=\"group\" aria-roledescription=\"slide\">\n\t\t\t\t\t\t\t\t\t<div class=\"elementor-carousel-image\" role=\"img\" aria-label=\"Vente-cuisine-d&#039;exposition-Modulnova_-50%-Magasin-cuisiniste-haut-de-gamme-plan-c\u00e9ramique-Porto-Venere-et-Via-Brera-\u00e0-Montpellier-34\" style=\"background-image: url(&#039;https:\/\/www.portovenere.fr\/fr-fr\/wp-content\/uploads\/2025\/10\/Vente-cuisine-dexposition-Modulnova_-50-Magasin-cuisiniste-haut-de-gamme-plan-ceramique-Porto-Venere-et-Via-Brera-a-Montpellier-34.jpg&#039;)\">\n\n\t\t\t\n\t\t\t\t\t<\/div>\n\t\t\t\t\t\t\t\t<\/div>\n\t\t\t\t\t\t\t\t\t<\/div>\n\t\t\t\t\t\t\t\t\t\t\t\t\t\t\t<div class=\"elementor-swiper-button elementor-swiper-button-prev\" role=\"button\" tabindex=\"0\" aria-label=\"Pr\u00e9c\u00e9dent\">\n\t\t\t\t\t\t\t<svg aria-hidden=\"true\" class=\"e-font-icon-svg e-eicon-chevron-left\" viewBox=\"0 0 1000 1000\" xmlns=\"http:\/\/www.w3.org\/2000\/svg\"><path d=\"M646 125C629 125 613 133 604 142L308 442C296 454 292 471 292 487 292 504 296 521 308 533L604 854C617 867 629 875 646 875 663 875 679 871 692 858 704 846 713 829 713 812 713 796 708 779 692 767L438 487 692 225C700 217 708 204 708 187 708 171 704 154 692 142 675 129 663 125 646 125Z\"><\/path><\/svg>\t\t\t\t\t\t<\/div>\n\t\t\t\t\t\t<div class=\"elementor-swiper-button elementor-swiper-button-next\" role=\"button\" tabindex=\"0\" aria-label=\"Suivant\">\n\t\t\t\t\t\t\t<svg aria-hidden=\"true\" class=\"e-font-icon-svg e-eicon-chevron-right\" viewBox=\"0 0 1000 1000\" xmlns=\"http:\/\/www.w3.org\/2000\/svg\"><path d=\"M696 533C708 521 713 504 713 487 713 471 708 454 696 446L400 146C388 133 375 125 354 125 338 125 325 129 313 142 300 154 292 171 292 187 292 204 296 221 308 233L563 492 304 771C292 783 288 800 288 817 288 833 296 850 308 863 321 871 338 875 354 875 371 875 388 867 400 854L696 533Z\"><\/path><\/svg>\t\t\t\t\t\t<\/div>\n\t\t\t\t\t\t\t\t\t\t\t\t\t\t\t\t\t<\/div>\n\t\t\t\t<\/div>\n\t\t\t\t\t\t\t\t<div class=\"elementor-swiper\">\n\t\t\t\t\t<div class=\"elementor-main-swiper swiper elementor-thumbnails-swiper swiper\" role=\"region region\" aria-roledescription=\"carousel carousel\" aria-label=\"Diapositives Diapositives\">\n\t\t\t\t<div class=\"swiper-wrapper\">\n\t\t\t\t\t\t\t\t\t\t\t<div class=\"swiper-slide\" role=\"group\" aria-roledescription=\"slide\">\n\t\t\t\t\t\t\t\t\t<div class=\"elementor-carousel-image\" role=\"img\" aria-label=\"Vente-cuisine-d&#039;exposition-Modulnova_-50%-Magasin-cuisiniste-haut-de-gamme-Porto-Venere-et-Via-Brera-pr\u00e8s-de-Palavas-34\" style=\"background-image: url(&#039;https:\/\/www.portovenere.fr\/fr-fr\/wp-content\/uploads\/2025\/10\/Vente-cuisine-dexposition-Modulnova_-50-Magasin-cuisiniste-haut-de-gamme-Porto-Venere-et-Via-Brera-pres-de-Palavas-34.jpg&#039;)\">\n\n\t\t\t\n\t\t\t\t\t<\/div>\n\t\t\t\t\t\t\t\t<\/div>\n\t\t\t\t\t\t\t\t\t\t\t<div class=\"swiper-slide\" role=\"group\" aria-roledescription=\"slide\">\n\t\t\t\t\t\t\t\t\t<div class=\"elementor-carousel-image\" role=\"img\" aria-label=\"Vente-cuisine-d&#039;exposition-Modulnova_-50%-Magasin-cuisiniste-haut-de-gamme-Porto-Venere-et-Via-Brera-pr\u00e8s-de-Balaruc-34\" style=\"background-image: url(&#039;https:\/\/www.portovenere.fr\/fr-fr\/wp-content\/uploads\/2025\/10\/Vente-cuisine-dexposition-Modulnova_-50-Magasin-cuisiniste-haut-de-gamme-Porto-Venere-et-Via-Brera-pres-de-Balaruc-34.jpg&#039;)\">\n\n\t\t\t\n\t\t\t\t\t<\/div>\n\t\t\t\t\t\t\t\t<\/div>\n\t\t\t\t\t\t\t\t\t\t\t<div class=\"swiper-slide\" role=\"group\" aria-roledescription=\"slide\">\n\t\t\t\t\t\t\t\t\t<div class=\"elementor-carousel-image\" role=\"img\" aria-label=\"Vente-cuisine-d&#039;exposition-Modulnova_-50%-promo-Magasin-cuisiniste-haut-de-gamme-Porto-Venere-et-Via-Brera-pr\u00e8s-de-Mauguio-34\" style=\"background-image: url(&#039;https:\/\/www.portovenere.fr\/fr-fr\/wp-content\/uploads\/2025\/10\/Vente-cuisine-dexposition-Modulnova_-50-promo-Magasin-cuisiniste-haut-de-gamme-Porto-Venere-et-Via-Brera-pres-de-Mauguio-34.jpg&#039;)\">\n\n\t\t\t\n\t\t\t\t\t<\/div>\n\t\t\t\t\t\t\t\t<\/div>\n\t\t\t\t\t\t\t\t\t\t\t<div class=\"swiper-slide\" role=\"group\" aria-roledescription=\"slide\">\n\t\t\t\t\t\t\t\t\t<div class=\"elementor-carousel-image\" role=\"img\" aria-label=\"Vente-cuisine-d&#039;exposition-Modulnova_-50%-Magasin-cuisiniste-haut-de-gamme-Porto-Venere-et-Via-Brera-pr\u00e8s-de-La-Grande-Motte-34\" style=\"background-image: url(&#039;https:\/\/www.portovenere.fr\/fr-fr\/wp-content\/uploads\/2025\/10\/Vente-cuisine-dexposition-Modulnova_-50-Magasin-cuisiniste-haut-de-gamme-Porto-Venere-et-Via-Brera-pres-de-La-Grande-Motte-34.jpg&#039;)\">\n\n\t\t\t\n\t\t\t\t\t<\/div>\n\t\t\t\t\t\t\t\t<\/div>\n\t\t\t\t\t\t\t\t\t\t\t<div class=\"swiper-slide\" role=\"group\" aria-roledescription=\"slide\">\n\t\t\t\t\t\t\t\t\t<div class=\"elementor-carousel-image\" role=\"img\" aria-label=\"Vente-cuisine-d&#039;exposition-Modulnova_-50%-Magasin-cuisiniste-haut-de-gamme-effet-bois-brul\u00e9-Porto-Venere-et-Via-Brera-pr\u00e8s-de-Baillargues-34\" style=\"background-image: url(&#039;https:\/\/www.portovenere.fr\/fr-fr\/wp-content\/uploads\/2025\/10\/Vente-cuisine-dexposition-Modulnova_-50-Magasin-cuisiniste-haut-de-gamme-effet-bois-brule-Porto-Venere-et-Via-Brera-pres-de-Baillargues-34.jpg&#039;)\">\n\n\t\t\t\n\t\t\t\t\t<\/div>\n\t\t\t\t\t\t\t\t<\/div>\n\t\t\t\t\t\t\t\t\t\t\t<div class=\"swiper-slide\" role=\"group\" aria-roledescription=\"slide\">\n\t\t\t\t\t\t\t\t\t<div class=\"elementor-carousel-image\" role=\"img\" aria-label=\"Vente-cuisine-d&#039;exposition-Modulnova_-50%-Magasin-cuisiniste-haut-de-gamme-effet-bois-brul\u00e9-Porto-Venere-et-Via-Brera-pr\u00e8s-de-Lattes-34\" style=\"background-image: url(&#039;https:\/\/www.portovenere.fr\/fr-fr\/wp-content\/uploads\/2025\/10\/Vente-cuisine-dexposition-Modulnova_-50-Magasin-cuisiniste-haut-de-gamme-effet-bois-brule-Porto-Venere-et-Via-Brera-pres-de-Lattes-34.jpg&#039;)\">\n\n\t\t\t\n\t\t\t\t\t<\/div>\n\t\t\t\t\t\t\t\t<\/div>\n\t\t\t\t\t\t\t\t\t\t\t<div class=\"swiper-slide\" role=\"group\" aria-roledescription=\"slide\">\n\t\t\t\t\t\t\t\t\t<div class=\"elementor-carousel-image\" role=\"img\" aria-label=\"Vente-cuisine-d&#039;exposition-Modulnova_-50%-Magasin-cuisiniste-haut-de-gamme-effet-bois-brul\u00e9-Porto-Venere-et-Via-Brera-pr\u00e8s-de-Jacou-34\" style=\"background-image: url(&#039;https:\/\/www.portovenere.fr\/fr-fr\/wp-content\/uploads\/2025\/10\/Vente-cuisine-dexposition-Modulnova_-50-Magasin-cuisiniste-haut-de-gamme-effet-bois-brule-Porto-Venere-et-Via-Brera-pres-de-Jacou-34.jpg&#039;)\">\n\n\t\t\t\n\t\t\t\t\t<\/div>\n\t\t\t\t\t\t\t\t<\/div>\n\t\t\t\t\t\t\t\t\t\t\t<div class=\"swiper-slide\" role=\"group\" aria-roledescription=\"slide\">\n\t\t\t\t\t\t\t\t\t<div class=\"elementor-carousel-image\" role=\"img\" aria-label=\"Vente-cuisine-d&#039;exposition-Modulnova_-50%-Magasin-cuisiniste-haut-de-gamme-plan-c\u00e9ramique-Porto-Venere-et-Via-Brera-\u00e0-Montpellier-34\" style=\"background-image: url(&#039;https:\/\/www.portovenere.fr\/fr-fr\/wp-content\/uploads\/2025\/10\/Vente-cuisine-dexposition-Modulnova_-50-Magasin-cuisiniste-haut-de-gamme-plan-ceramique-Porto-Venere-et-Via-Brera-a-Montpellier-34.jpg&#039;)\">\n\n\t\t\t\n\t\t\t\t\t<\/div>\n\t\t\t\t\t\t\t\t<\/div>\n\t\t\t\t\t\t\t\t\t<\/div>\n\t\t\t\t\t\t\t\t\t\t\t\t\t\t\t\t\t\t\t\t\t<\/div>\n\t\t\t\t<\/div>\n\t\t\t\t\t\t\t\t<\/div>\n\t\t\t\t<\/div>\n\t\t\t\t\t<\/div>\n\t\t<\/div>\n\t\t\t\t\t<\/div>\n\t\t<\/section>\n\t\t\t\t<section class=\"elementor-section elementor-top-section elementor-element elementor-element-52f290c elementor-section-full_width elementor-section-height-min-height elementor-section-height-default elementor-section-items-middle\" data-id=\"52f290c\" data-element_type=\"section\" data-e-type=\"section\" data-settings=\"{&quot;background_background&quot;:&quot;classic&quot;}\">\n\t\t\t\t\t\t\t<div class=\"elementor-background-overlay\"><\/div>\n\t\t\t\t\t\t\t<div class=\"elementor-container elementor-column-gap-default\">\n\t\t\t\t\t<div class=\"elementor-column elementor-col-33 elementor-top-column elementor-element elementor-element-6ee1d94\" data-id=\"6ee1d94\" data-element_type=\"column\" data-e-type=\"column\" data-settings=\"{&quot;background_background&quot;:&quot;classic&quot;}\">\n\t\t\t<div class=\"elementor-widget-wrap elementor-element-populated\">\n\t\t\t\t\t\t<div class=\"elementor-element elementor-element-5c3cb8c elementor-widget elementor-widget-heading\" data-id=\"5c3cb8c\" data-element_type=\"widget\" data-e-type=\"widget\" data-widget_type=\"heading.default\">\n\t\t\t\t<div class=\"elementor-widget-container\">\n\t\t\t\t\t<h3 class=\"elementor-heading-title elementor-size-large\"><a href=\"https:\/\/www.portovenere.fr\/fr-fr\/cuisine-design-et-haut-de-gamme-a-montpellier\/cuisine-design-et-haut-de-gamme-a-montpellier-series-prestige\/cuisine-blade-en-noyer-blanchi-ceramique-aspect-beton-et-laque-satinee\/\">Cuisine SKILL GRES MODULNOVA<\/a><\/h3>\t\t\t\t<\/div>\n\t\t\t\t<\/div>\n\t\t\t\t<div class=\"elementor-element elementor-element-83b0856 elementor-widget elementor-widget-heading\" data-id=\"83b0856\" data-element_type=\"widget\" data-e-type=\"widget\" data-widget_type=\"heading.default\">\n\t\t\t\t<div class=\"elementor-widget-container\">\n\t\t\t\t\t<p class=\"elementor-heading-title elementor-size-large\"><a href=\"https:\/\/www.portovenere.fr\/fr-fr\/cuisine-design-et-haut-de-gamme-a-montpellier\/cuisine-design-et-haut-de-gamme-a-montpellier-series-prestige\/cuisine-blade-en-noyer-blanchi-ceramique-aspect-beton-et-laque-satinee\/\">-50%*<\/a><\/p>\t\t\t\t<\/div>\n\t\t\t\t<\/div>\n\t\t\t\t<div class=\"elementor-element elementor-element-4032013 elementor-widget elementor-widget-heading\" data-id=\"4032013\" data-element_type=\"widget\" data-e-type=\"widget\" data-widget_type=\"heading.default\">\n\t\t\t\t<div class=\"elementor-widget-container\">\n\t\t\t\t\t<p class=\"elementor-heading-title elementor-size-large\"><a href=\"https:\/\/www.portovenere.fr\/fr-fr\/cuisine-design-et-haut-de-gamme-a-montpellier\/cuisine-design-et-haut-de-gamme-a-montpellier-series-prestige\/cuisine-blade-en-noyer-blanchi-ceramique-aspect-beton-et-laque-satinee\/\">Soit 57 600 \u20ac ttc<\/a><\/p>\t\t\t\t<\/div>\n\t\t\t\t<\/div>\n\t\t\t\t<div class=\"elementor-element elementor-element-f8fc287 elementor-widget elementor-widget-heading\" data-id=\"f8fc287\" data-element_type=\"widget\" data-e-type=\"widget\" data-widget_type=\"heading.default\">\n\t\t\t\t<div class=\"elementor-widget-container\">\n\t\t\t\t\t<p class=\"elementor-heading-title elementor-size-large\"><a href=\"https:\/\/www.portovenere.fr\/fr-fr\/cuisine-design-et-haut-de-gamme-a-montpellier\/cuisine-design-et-haut-de-gamme-a-montpellier-series-prestige\/cuisine-blade-en-noyer-blanchi-ceramique-aspect-beton-et-laque-satinee\/\">au lieu de  115 200 \u20ac ttc<\/a><\/p>\t\t\t\t<\/div>\n\t\t\t\t<\/div>\n\t\t\t\t<div class=\"elementor-element elementor-element-e7f8aab elementor-widget elementor-widget-text-editor\" data-id=\"e7f8aab\" data-element_type=\"widget\" data-e-type=\"widget\" data-widget_type=\"text-editor.default\">\n\t\t\t\t<div class=\"elementor-widget-container\">\n\t\t\t\t\t\t\t\t\t<p>Ilot c\u00e9ramique avec fa\u00e7ades en c\u00e9ramiques. Table ronde en c\u00e9ramique. Meuble en bois. Colonne avec portes rentrantes et porte de service dissimul\u00e9e.\u00a0<\/p><p>Habillage mural en c\u00e9ramique avec \u00e9tag\u00e8re fixations invisibles.\u00a0<\/p><p>Composition compl\u00e9mentaire avec 4 portes grande hauteur d\u00e9bordantes avec rangements et biblioth\u00e8que ouverte \u00e9tag\u00e8res en bois et r\u00e9tro\u00e9clairage.<\/p>\t\t\t\t\t\t\t\t<\/div>\n\t\t\t\t<\/div>\n\t\t\t\t<div class=\"elementor-element elementor-element-420616b elementor-mobile-align-center elementor-align-center elementor-widget elementor-widget-button\" data-id=\"420616b\" data-element_type=\"widget\" data-e-type=\"widget\" data-widget_type=\"button.default\">\n\t\t\t\t<div class=\"elementor-widget-container\">\n\t\t\t\t\t\t\t\t\t<div class=\"elementor-button-wrapper\">\n\t\t\t\t\t<a class=\"elementor-button elementor-button-link elementor-size-sm\" href=\"#contact\">\n\t\t\t\t\t\t<span class=\"elementor-button-content-wrapper\">\n\t\t\t\t\t\t\t\t\t<span class=\"elementor-button-text\">NOUS CONTACTER<\/span>\n\t\t\t\t\t<\/span>\n\t\t\t\t\t<\/a>\n\t\t\t\t<\/div>\n\t\t\t\t\t\t\t\t<\/div>\n\t\t\t\t<\/div>\n\t\t\t\t\t<\/div>\n\t\t<\/div>\n\t\t\t\t<div class=\"elementor-column elementor-col-66 elementor-top-column elementor-element elementor-element-fbbcd2b\" data-id=\"fbbcd2b\" data-element_type=\"column\" data-e-type=\"column\">\n\t\t\t<div class=\"elementor-widget-wrap elementor-element-populated\">\n\t\t\t\t\t\t<div class=\"elementor-element elementor-element-8bb91c6 elementor-skin-slideshow elementor-widget-tablet__width-initial elementor-arrows-yes elementor-widget elementor-widget-media-carousel\" data-id=\"8bb91c6\" data-element_type=\"widget\" data-e-type=\"widget\" data-settings=\"{&quot;skin&quot;:&quot;slideshow&quot;,&quot;effect&quot;:&quot;slide&quot;,&quot;show_arrows&quot;:&quot;yes&quot;,&quot;speed&quot;:500,&quot;autoplay&quot;:&quot;yes&quot;,&quot;autoplay_speed&quot;:5000,&quot;loop&quot;:&quot;yes&quot;,&quot;pause_on_hover&quot;:&quot;yes&quot;,&quot;pause_on_interaction&quot;:&quot;yes&quot;,&quot;space_between&quot;:{&quot;unit&quot;:&quot;px&quot;,&quot;size&quot;:10,&quot;sizes&quot;:[]},&quot;space_between_tablet&quot;:{&quot;unit&quot;:&quot;px&quot;,&quot;size&quot;:10,&quot;sizes&quot;:[]},&quot;space_between_mobile&quot;:{&quot;unit&quot;:&quot;px&quot;,&quot;size&quot;:10,&quot;sizes&quot;:[]}}\" data-widget_type=\"media-carousel.default\">\n\t\t\t\t<div class=\"elementor-widget-container\">\n\t\t\t\t\t\t\t\t\t<div class=\"elementor-swiper\">\n\t\t\t\t\t<div class=\"elementor-main-swiper swiper\" role=\"region\" aria-roledescription=\"carousel\" aria-label=\"Diapositives\">\n\t\t\t\t<div class=\"swiper-wrapper\">\n\t\t\t\t\t\t\t\t\t\t\t<div class=\"swiper-slide\" role=\"group\" aria-roledescription=\"slide\">\n\t\t\t\t\t\t\t\t\t<div class=\"elementor-carousel-image\" role=\"img\" aria-label=\"Vente-cuisine-d&#039;exposition-Modulnova_-50%-Magasin-cuisiniste-haut-de-gamme-Porto-Venere-et-Via-Brera-pr\u00e8s-de-Castelnau-le-Lez-34\" style=\"background-image: url(&#039;https:\/\/www.portovenere.fr\/fr-fr\/wp-content\/uploads\/2025\/10\/Vente-cuisine-dexposition-Modulnova_-50-Magasin-cuisiniste-haut-de-gamme-Porto-Venere-et-Via-Brera-pres-de-Castelnau-le-Lez-34.jpg&#039;)\">\n\n\t\t\t\n\t\t\t\t\t<\/div>\n\t\t\t\t\t\t\t\t<\/div>\n\t\t\t\t\t\t\t\t\t\t\t<div class=\"swiper-slide\" role=\"group\" aria-roledescription=\"slide\">\n\t\t\t\t\t\t\t\t\t<div class=\"elementor-carousel-image\" role=\"img\" aria-label=\"Vente-cuisine-d&#039;exposition-Modulnova_-50%-Magasin-cuisiniste-haut-de-gamme-Porto-Venere-et-Via-Brera-pr\u00e8s-de-Saint-Aun\u00e8s-34\" style=\"background-image: url(&#039;https:\/\/www.portovenere.fr\/fr-fr\/wp-content\/uploads\/2025\/10\/Vente-cuisine-dexposition-Modulnova_-50-Magasin-cuisiniste-haut-de-gamme-Porto-Venere-et-Via-Brera-pres-de-Saint-Aunes-34.jpg&#039;)\">\n\n\t\t\t\n\t\t\t\t\t<\/div>\n\t\t\t\t\t\t\t\t<\/div>\n\t\t\t\t\t\t\t\t\t\t\t<div class=\"swiper-slide\" role=\"group\" aria-roledescription=\"slide\">\n\t\t\t\t\t\t\t\t\t<div class=\"elementor-carousel-image\" role=\"img\" aria-label=\"Vente-cuisine-d&#039;exposition-Modulnova_-50%-Magasin-cuisiniste-haut-de-gamme-Porto-Venere-et-Via-Brera-pr\u00e8s-de-Saint-Cl\u00e9ment-de-Rivi\u00e8re-34\" style=\"background-image: url(&#039;https:\/\/www.portovenere.fr\/fr-fr\/wp-content\/uploads\/2025\/10\/Vente-cuisine-dexposition-Modulnova_-50-Magasin-cuisiniste-haut-de-gamme-Porto-Venere-et-Via-Brera-pres-de-Saint-Clement-de-Riviere-34.jpg&#039;)\">\n\n\t\t\t\n\t\t\t\t\t<\/div>\n\t\t\t\t\t\t\t\t<\/div>\n\t\t\t\t\t\t\t\t\t\t\t<div class=\"swiper-slide\" role=\"group\" aria-roledescription=\"slide\">\n\t\t\t\t\t\t\t\t\t<div class=\"elementor-carousel-image\" role=\"img\" aria-label=\"Vente-cuisine-d&#039;exposition-Modulnova_-50%-Magasin-cuisiniste-haut-de-gamme-Porto-Venere-et-Via-Brera-pr\u00e8s-de-Carnon-34\" style=\"background-image: url(&#039;https:\/\/www.portovenere.fr\/fr-fr\/wp-content\/uploads\/2025\/10\/Vente-cuisine-dexposition-Modulnova_-50-Magasin-cuisiniste-haut-de-gamme-Porto-Venere-et-Via-Brera-pres-de-Carnon-34.jpg&#039;)\">\n\n\t\t\t\n\t\t\t\t\t<\/div>\n\t\t\t\t\t\t\t\t<\/div>\n\t\t\t\t\t\t\t\t\t\t\t<div class=\"swiper-slide\" role=\"group\" aria-roledescription=\"slide\">\n\t\t\t\t\t\t\t\t\t<div class=\"elementor-carousel-image\" role=\"img\" aria-label=\"Vente-cuisine-d&#039;exposition-Modulnova_-50%-Magasin-cuisiniste-haut-de-gamme-Porto-Venere-et-Via-Brera-pr\u00e8s-de-S\u00e8te-34\" style=\"background-image: url(&#039;https:\/\/www.portovenere.fr\/fr-fr\/wp-content\/uploads\/2025\/10\/Vente-cuisine-dexposition-Modulnova_-50-Magasin-cuisiniste-haut-de-gamme-Porto-Venere-et-Via-Brera-pres-de-Sete-34.jpg&#039;)\">\n\n\t\t\t\n\t\t\t\t\t<\/div>\n\t\t\t\t\t\t\t\t<\/div>\n\t\t\t\t\t\t\t\t\t\t\t<div class=\"swiper-slide\" role=\"group\" aria-roledescription=\"slide\">\n\t\t\t\t\t\t\t\t\t<div class=\"elementor-carousel-image\" role=\"img\" aria-label=\"Vente-cuisine-d&#039;exposition-Modulnova_-50%-Magasin-cuisiniste-haut-de-gamme-Porto-Venere-et-Via-Brera-pr\u00e8s-de-Montferrier-sur-Lez-34\" style=\"background-image: url(&#039;https:\/\/www.portovenere.fr\/fr-fr\/wp-content\/uploads\/2025\/10\/Vente-cuisine-dexposition-Modulnova_-50-Magasin-cuisiniste-haut-de-gamme-Porto-Venere-et-Via-Brera-pres-de-Montferrier-sur-Lez-34.jpg&#039;)\">\n\n\t\t\t\n\t\t\t\t\t<\/div>\n\t\t\t\t\t\t\t\t<\/div>\n\t\t\t\t\t\t\t\t\t\t\t<div class=\"swiper-slide\" role=\"group\" aria-roledescription=\"slide\">\n\t\t\t\t\t\t\t\t\t<div class=\"elementor-carousel-image\" role=\"img\" aria-label=\"Vente-cuisine-d&#039;exposition-Modulnova_-50%-Magasin-cuisiniste-haut-de-gamme-Porto-Venere-et-Via-Brera-pr\u00e8s-de-Saint-Georges-d&#039;Orques-34\" style=\"background-image: url(&#039;https:\/\/www.portovenere.fr\/fr-fr\/wp-content\/uploads\/2025\/10\/Vente-cuisine-dexposition-Modulnova_-50-Magasin-cuisiniste-haut-de-gamme-Porto-Venere-et-Via-Brera-pres-de-Saint-Georges-dOrques-34.jpg&#039;)\">\n\n\t\t\t\n\t\t\t\t\t<\/div>\n\t\t\t\t\t\t\t\t<\/div>\n\t\t\t\t\t\t\t\t\t\t\t<div class=\"swiper-slide\" role=\"group\" aria-roledescription=\"slide\">\n\t\t\t\t\t\t\t\t\t<div class=\"elementor-carousel-image\" role=\"img\" aria-label=\"Vente-cuisine-d&#039;exposition-Modulnova_-50%-Magasin-cuisiniste-haut-de-gamme-Porto-Venere-et-Via-Brera-pr\u00e8s-de-Saint-G\u00e9ly-du-Fesc-34\" style=\"background-image: url(&#039;https:\/\/www.portovenere.fr\/fr-fr\/wp-content\/uploads\/2025\/10\/Vente-cuisine-dexposition-Modulnova_-50-Magasin-cuisiniste-haut-de-gamme-Porto-Venere-et-Via-Brera-pres-de-Saint-Gely-du-Fesc-34.jpg&#039;)\">\n\n\t\t\t\n\t\t\t\t\t<\/div>\n\t\t\t\t\t\t\t\t<\/div>\n\t\t\t\t\t\t\t\t\t\t\t<div class=\"swiper-slide\" role=\"group\" aria-roledescription=\"slide\">\n\t\t\t\t\t\t\t\t\t<div class=\"elementor-carousel-image\" role=\"img\" aria-label=\"Vente-cuisine-d&#039;exposition-Modulnova_-50%-Magasin-cuisiniste-haut-de-gamme-Porto-Venere-et-Via-Brera-pr\u00e8s-de-Saint-Jean-de-V\u00e9das-34\" style=\"background-image: url(&#039;https:\/\/www.portovenere.fr\/fr-fr\/wp-content\/uploads\/2025\/10\/Vente-cuisine-dexposition-Modulnova_-50-Magasin-cuisiniste-haut-de-gamme-Porto-Venere-et-Via-Brera-pres-de-Saint-Jean-de-Vedas-34.jpg&#039;)\">\n\n\t\t\t\n\t\t\t\t\t<\/div>\n\t\t\t\t\t\t\t\t<\/div>\n\t\t\t\t\t\t\t\t\t\t\t<div class=\"swiper-slide\" role=\"group\" aria-roledescription=\"slide\">\n\t\t\t\t\t\t\t\t\t<div class=\"elementor-carousel-image\" role=\"img\" aria-label=\"Vente-cuisine-d&#039;exposition-Modulnova_-50%-Magasin-cuisiniste-haut-de-gamme-Porto-Venere-et-Via-Brera-\u00e0-Montpellier-H\u00e9rault-34\" style=\"background-image: url(&#039;https:\/\/www.portovenere.fr\/fr-fr\/wp-content\/uploads\/2025\/10\/Vente-cuisine-dexposition-Modulnova_-50-Magasin-cuisiniste-haut-de-gamme-Porto-Venere-et-Via-Brera-a-Montpellier-Herault-34.jpg&#039;)\">\n\n\t\t\t\n\t\t\t\t\t<\/div>\n\t\t\t\t\t\t\t\t<\/div>\n\t\t\t\t\t\t\t\t\t\t\t<div class=\"swiper-slide\" role=\"group\" aria-roledescription=\"slide\">\n\t\t\t\t\t\t\t\t\t<div class=\"elementor-carousel-image\" role=\"img\" aria-label=\"Vente-cuisine-d&#039;exposition-Modulnova_-50%-Magasin-cuisiniste-haut-de-gamme-Porto-Venere-et-Via-Brera-pr\u00e8s-de-Castries-34\" style=\"background-image: url(&#039;https:\/\/www.portovenere.fr\/fr-fr\/wp-content\/uploads\/2025\/10\/Vente-cuisine-dexposition-Modulnova_-50-Magasin-cuisiniste-haut-de-gamme-Porto-Venere-et-Via-Brera-pres-de-Castries-34.jpg&#039;)\">\n\n\t\t\t\n\t\t\t\t\t<\/div>\n\t\t\t\t\t\t\t\t<\/div>\n\t\t\t\t\t\t\t\t\t\t\t<div class=\"swiper-slide\" role=\"group\" aria-roledescription=\"slide\">\n\t\t\t\t\t\t\t\t\t<div class=\"elementor-carousel-image\" role=\"img\" aria-label=\"Vente-cuisine-d&#039;exposition-Modulnova_-50%-Magasin-cuisiniste-haut-de-gamme-Porto-Venere-et-Via-Brera-proche-de-Mauguio-34\" style=\"background-image: url(&#039;https:\/\/www.portovenere.fr\/fr-fr\/wp-content\/uploads\/2025\/10\/Vente-cuisine-dexposition-Modulnova_-50-Magasin-cuisiniste-haut-de-gamme-Porto-Venere-et-Via-Brera-proche-de-Mauguio-34.jpg&#039;)\">\n\n\t\t\t\n\t\t\t\t\t<\/div>\n\t\t\t\t\t\t\t\t<\/div>\n\t\t\t\t\t\t\t\t\t<\/div>\n\t\t\t\t\t\t\t\t\t\t\t\t\t\t\t<div class=\"elementor-swiper-button elementor-swiper-button-prev\" role=\"button\" tabindex=\"0\" aria-label=\"Pr\u00e9c\u00e9dent\">\n\t\t\t\t\t\t\t<svg aria-hidden=\"true\" class=\"e-font-icon-svg e-eicon-chevron-left\" viewBox=\"0 0 1000 1000\" xmlns=\"http:\/\/www.w3.org\/2000\/svg\"><path d=\"M646 125C629 125 613 133 604 142L308 442C296 454 292 471 292 487 292 504 296 521 308 533L604 854C617 867 629 875 646 875 663 875 679 871 692 858 704 846 713 829 713 812 713 796 708 779 692 767L438 487 692 225C700 217 708 204 708 187 708 171 704 154 692 142 675 129 663 125 646 125Z\"><\/path><\/svg>\t\t\t\t\t\t<\/div>\n\t\t\t\t\t\t<div class=\"elementor-swiper-button elementor-swiper-button-next\" role=\"button\" tabindex=\"0\" aria-label=\"Suivant\">\n\t\t\t\t\t\t\t<svg aria-hidden=\"true\" class=\"e-font-icon-svg e-eicon-chevron-right\" viewBox=\"0 0 1000 1000\" xmlns=\"http:\/\/www.w3.org\/2000\/svg\"><path d=\"M696 533C708 521 713 504 713 487 713 471 708 454 696 446L400 146C388 133 375 125 354 125 338 125 325 129 313 142 300 154 292 171 292 187 292 204 296 221 308 233L563 492 304 771C292 783 288 800 288 817 288 833 296 850 308 863 321 871 338 875 354 875 371 875 388 867 400 854L696 533Z\"><\/path><\/svg>\t\t\t\t\t\t<\/div>\n\t\t\t\t\t\t\t\t\t\t\t\t\t\t\t\t\t<\/div>\n\t\t\t\t<\/div>\n\t\t\t\t\t\t\t\t<div class=\"elementor-swiper\">\n\t\t\t\t\t<div class=\"elementor-main-swiper swiper elementor-thumbnails-swiper swiper\" role=\"region region\" aria-roledescription=\"carousel carousel\" aria-label=\"Diapositives Diapositives\">\n\t\t\t\t<div class=\"swiper-wrapper\">\n\t\t\t\t\t\t\t\t\t\t\t<div class=\"swiper-slide\" role=\"group\" aria-roledescription=\"slide\">\n\t\t\t\t\t\t\t\t\t<div class=\"elementor-carousel-image\" role=\"img\" aria-label=\"Vente-cuisine-d&#039;exposition-Modulnova_-50%-Magasin-cuisiniste-haut-de-gamme-Porto-Venere-et-Via-Brera-pr\u00e8s-de-Castelnau-le-Lez-34\" style=\"background-image: url(&#039;https:\/\/www.portovenere.fr\/fr-fr\/wp-content\/uploads\/2025\/10\/Vente-cuisine-dexposition-Modulnova_-50-Magasin-cuisiniste-haut-de-gamme-Porto-Venere-et-Via-Brera-pres-de-Castelnau-le-Lez-34.jpg&#039;)\">\n\n\t\t\t\n\t\t\t\t\t<\/div>\n\t\t\t\t\t\t\t\t<\/div>\n\t\t\t\t\t\t\t\t\t\t\t<div class=\"swiper-slide\" role=\"group\" aria-roledescription=\"slide\">\n\t\t\t\t\t\t\t\t\t<div class=\"elementor-carousel-image\" role=\"img\" aria-label=\"Vente-cuisine-d&#039;exposition-Modulnova_-50%-Magasin-cuisiniste-haut-de-gamme-Porto-Venere-et-Via-Brera-pr\u00e8s-de-Saint-Aun\u00e8s-34\" style=\"background-image: url(&#039;https:\/\/www.portovenere.fr\/fr-fr\/wp-content\/uploads\/2025\/10\/Vente-cuisine-dexposition-Modulnova_-50-Magasin-cuisiniste-haut-de-gamme-Porto-Venere-et-Via-Brera-pres-de-Saint-Aunes-34.jpg&#039;)\">\n\n\t\t\t\n\t\t\t\t\t<\/div>\n\t\t\t\t\t\t\t\t<\/div>\n\t\t\t\t\t\t\t\t\t\t\t<div class=\"swiper-slide\" role=\"group\" aria-roledescription=\"slide\">\n\t\t\t\t\t\t\t\t\t<div class=\"elementor-carousel-image\" role=\"img\" aria-label=\"Vente-cuisine-d&#039;exposition-Modulnova_-50%-Magasin-cuisiniste-haut-de-gamme-Porto-Venere-et-Via-Brera-pr\u00e8s-de-Saint-Cl\u00e9ment-de-Rivi\u00e8re-34\" style=\"background-image: url(&#039;https:\/\/www.portovenere.fr\/fr-fr\/wp-content\/uploads\/2025\/10\/Vente-cuisine-dexposition-Modulnova_-50-Magasin-cuisiniste-haut-de-gamme-Porto-Venere-et-Via-Brera-pres-de-Saint-Clement-de-Riviere-34.jpg&#039;)\">\n\n\t\t\t\n\t\t\t\t\t<\/div>\n\t\t\t\t\t\t\t\t<\/div>\n\t\t\t\t\t\t\t\t\t\t\t<div class=\"swiper-slide\" role=\"group\" aria-roledescription=\"slide\">\n\t\t\t\t\t\t\t\t\t<div class=\"elementor-carousel-image\" role=\"img\" aria-label=\"Vente-cuisine-d&#039;exposition-Modulnova_-50%-Magasin-cuisiniste-haut-de-gamme-Porto-Venere-et-Via-Brera-pr\u00e8s-de-Carnon-34\" style=\"background-image: url(&#039;https:\/\/www.portovenere.fr\/fr-fr\/wp-content\/uploads\/2025\/10\/Vente-cuisine-dexposition-Modulnova_-50-Magasin-cuisiniste-haut-de-gamme-Porto-Venere-et-Via-Brera-pres-de-Carnon-34.jpg&#039;)\">\n\n\t\t\t\n\t\t\t\t\t<\/div>\n\t\t\t\t\t\t\t\t<\/div>\n\t\t\t\t\t\t\t\t\t\t\t<div class=\"swiper-slide\" role=\"group\" aria-roledescription=\"slide\">\n\t\t\t\t\t\t\t\t\t<div class=\"elementor-carousel-image\" role=\"img\" aria-label=\"Vente-cuisine-d&#039;exposition-Modulnova_-50%-Magasin-cuisiniste-haut-de-gamme-Porto-Venere-et-Via-Brera-pr\u00e8s-de-S\u00e8te-34\" style=\"background-image: url(&#039;https:\/\/www.portovenere.fr\/fr-fr\/wp-content\/uploads\/2025\/10\/Vente-cuisine-dexposition-Modulnova_-50-Magasin-cuisiniste-haut-de-gamme-Porto-Venere-et-Via-Brera-pres-de-Sete-34.jpg&#039;)\">\n\n\t\t\t\n\t\t\t\t\t<\/div>\n\t\t\t\t\t\t\t\t<\/div>\n\t\t\t\t\t\t\t\t\t\t\t<div class=\"swiper-slide\" role=\"group\" aria-roledescription=\"slide\">\n\t\t\t\t\t\t\t\t\t<div class=\"elementor-carousel-image\" role=\"img\" aria-label=\"Vente-cuisine-d&#039;exposition-Modulnova_-50%-Magasin-cuisiniste-haut-de-gamme-Porto-Venere-et-Via-Brera-pr\u00e8s-de-Montferrier-sur-Lez-34\" style=\"background-image: url(&#039;https:\/\/www.portovenere.fr\/fr-fr\/wp-content\/uploads\/2025\/10\/Vente-cuisine-dexposition-Modulnova_-50-Magasin-cuisiniste-haut-de-gamme-Porto-Venere-et-Via-Brera-pres-de-Montferrier-sur-Lez-34.jpg&#039;)\">\n\n\t\t\t\n\t\t\t\t\t<\/div>\n\t\t\t\t\t\t\t\t<\/div>\n\t\t\t\t\t\t\t\t\t\t\t<div class=\"swiper-slide\" role=\"group\" aria-roledescription=\"slide\">\n\t\t\t\t\t\t\t\t\t<div class=\"elementor-carousel-image\" role=\"img\" aria-label=\"Vente-cuisine-d&#039;exposition-Modulnova_-50%-Magasin-cuisiniste-haut-de-gamme-Porto-Venere-et-Via-Brera-pr\u00e8s-de-Saint-Georges-d&#039;Orques-34\" style=\"background-image: url(&#039;https:\/\/www.portovenere.fr\/fr-fr\/wp-content\/uploads\/2025\/10\/Vente-cuisine-dexposition-Modulnova_-50-Magasin-cuisiniste-haut-de-gamme-Porto-Venere-et-Via-Brera-pres-de-Saint-Georges-dOrques-34.jpg&#039;)\">\n\n\t\t\t\n\t\t\t\t\t<\/div>\n\t\t\t\t\t\t\t\t<\/div>\n\t\t\t\t\t\t\t\t\t\t\t<div class=\"swiper-slide\" role=\"group\" aria-roledescription=\"slide\">\n\t\t\t\t\t\t\t\t\t<div class=\"elementor-carousel-image\" role=\"img\" aria-label=\"Vente-cuisine-d&#039;exposition-Modulnova_-50%-Magasin-cuisiniste-haut-de-gamme-Porto-Venere-et-Via-Brera-pr\u00e8s-de-Saint-G\u00e9ly-du-Fesc-34\" style=\"background-image: url(&#039;https:\/\/www.portovenere.fr\/fr-fr\/wp-content\/uploads\/2025\/10\/Vente-cuisine-dexposition-Modulnova_-50-Magasin-cuisiniste-haut-de-gamme-Porto-Venere-et-Via-Brera-pres-de-Saint-Gely-du-Fesc-34.jpg&#039;)\">\n\n\t\t\t\n\t\t\t\t\t<\/div>\n\t\t\t\t\t\t\t\t<\/div>\n\t\t\t\t\t\t\t\t\t\t\t<div class=\"swiper-slide\" role=\"group\" aria-roledescription=\"slide\">\n\t\t\t\t\t\t\t\t\t<div class=\"elementor-carousel-image\" role=\"img\" aria-label=\"Vente-cuisine-d&#039;exposition-Modulnova_-50%-Magasin-cuisiniste-haut-de-gamme-Porto-Venere-et-Via-Brera-pr\u00e8s-de-Saint-Jean-de-V\u00e9das-34\" style=\"background-image: url(&#039;https:\/\/www.portovenere.fr\/fr-fr\/wp-content\/uploads\/2025\/10\/Vente-cuisine-dexposition-Modulnova_-50-Magasin-cuisiniste-haut-de-gamme-Porto-Venere-et-Via-Brera-pres-de-Saint-Jean-de-Vedas-34.jpg&#039;)\">\n\n\t\t\t\n\t\t\t\t\t<\/div>\n\t\t\t\t\t\t\t\t<\/div>\n\t\t\t\t\t\t\t\t\t\t\t<div class=\"swiper-slide\" role=\"group\" aria-roledescription=\"slide\">\n\t\t\t\t\t\t\t\t\t<div class=\"elementor-carousel-image\" role=\"img\" aria-label=\"Vente-cuisine-d&#039;exposition-Modulnova_-50%-Magasin-cuisiniste-haut-de-gamme-Porto-Venere-et-Via-Brera-\u00e0-Montpellier-H\u00e9rault-34\" style=\"background-image: url(&#039;https:\/\/www.portovenere.fr\/fr-fr\/wp-content\/uploads\/2025\/10\/Vente-cuisine-dexposition-Modulnova_-50-Magasin-cuisiniste-haut-de-gamme-Porto-Venere-et-Via-Brera-a-Montpellier-Herault-34.jpg&#039;)\">\n\n\t\t\t\n\t\t\t\t\t<\/div>\n\t\t\t\t\t\t\t\t<\/div>\n\t\t\t\t\t\t\t\t\t\t\t<div class=\"swiper-slide\" role=\"group\" aria-roledescription=\"slide\">\n\t\t\t\t\t\t\t\t\t<div class=\"elementor-carousel-image\" role=\"img\" aria-label=\"Vente-cuisine-d&#039;exposition-Modulnova_-50%-Magasin-cuisiniste-haut-de-gamme-Porto-Venere-et-Via-Brera-pr\u00e8s-de-Castries-34\" style=\"background-image: url(&#039;https:\/\/www.portovenere.fr\/fr-fr\/wp-content\/uploads\/2025\/10\/Vente-cuisine-dexposition-Modulnova_-50-Magasin-cuisiniste-haut-de-gamme-Porto-Venere-et-Via-Brera-pres-de-Castries-34.jpg&#039;)\">\n\n\t\t\t\n\t\t\t\t\t<\/div>\n\t\t\t\t\t\t\t\t<\/div>\n\t\t\t\t\t\t\t\t\t\t\t<div class=\"swiper-slide\" role=\"group\" aria-roledescription=\"slide\">\n\t\t\t\t\t\t\t\t\t<div class=\"elementor-carousel-image\" role=\"img\" aria-label=\"Vente-cuisine-d&#039;exposition-Modulnova_-50%-Magasin-cuisiniste-haut-de-gamme-Porto-Venere-et-Via-Brera-proche-de-Mauguio-34\" style=\"background-image: url(&#039;https:\/\/www.portovenere.fr\/fr-fr\/wp-content\/uploads\/2025\/10\/Vente-cuisine-dexposition-Modulnova_-50-Magasin-cuisiniste-haut-de-gamme-Porto-Venere-et-Via-Brera-proche-de-Mauguio-34.jpg&#039;)\">\n\n\t\t\t\n\t\t\t\t\t<\/div>\n\t\t\t\t\t\t\t\t<\/div>\n\t\t\t\t\t\t\t\t\t<\/div>\n\t\t\t\t\t\t\t\t\t\t\t\t\t\t\t\t\t\t\t\t\t<\/div>\n\t\t\t\t<\/div>\n\t\t\t\t\t\t\t\t<\/div>\n\t\t\t\t<\/div>\n\t\t\t\t\t<\/div>\n\t\t<\/div>\n\t\t\t\t\t<\/div>\n\t\t<\/section>\n\t\t\t\t<section class=\"elementor-section elementor-top-section elementor-element elementor-element-031315f elementor-section-full_width elementor-section-height-full elementor-section-height-default elementor-section-items-middle\" data-id=\"031315f\" data-element_type=\"section\" data-e-type=\"section\">\n\t\t\t\t\t\t<div class=\"elementor-container elementor-column-gap-default\">\n\t\t\t\t\t<div class=\"elementor-column elementor-col-100 elementor-top-column elementor-element elementor-element-408de32\" data-id=\"408de32\" data-element_type=\"column\" data-e-type=\"column\" data-settings=\"{&quot;background_background&quot;:&quot;classic&quot;}\">\n\t\t\t<div class=\"elementor-widget-wrap elementor-element-populated\">\n\t\t\t\t\t\t<div class=\"elementor-element elementor-element-bfbdff0 elementor-widget elementor-widget-heading\" data-id=\"bfbdff0\" data-element_type=\"widget\" data-e-type=\"widget\" data-widget_type=\"heading.default\">\n\t\t\t\t<div class=\"elementor-widget-container\">\n\t\t\t\t\t<h2 class=\"elementor-heading-title elementor-size-default\">MODELE VENDU<\/h2>\t\t\t\t<\/div>\n\t\t\t\t<\/div>\n\t\t\t\t<section class=\"elementor-section elementor-inner-section elementor-element elementor-element-90b6593 elementor-section-full_width elementor-section-height-default elementor-section-height-default\" data-id=\"90b6593\" data-element_type=\"section\" data-e-type=\"section\">\n\t\t\t\t\t\t<div class=\"elementor-container elementor-column-gap-default\">\n\t\t\t\t\t<div class=\"elementor-column elementor-col-50 elementor-inner-column elementor-element elementor-element-4a0a086\" data-id=\"4a0a086\" data-element_type=\"column\" data-e-type=\"column\" data-settings=\"{&quot;background_background&quot;:&quot;classic&quot;}\">\n\t\t\t<div class=\"elementor-widget-wrap elementor-element-populated\">\n\t\t\t\t\t\t<div class=\"elementor-element elementor-element-d64b766 elementor-widget elementor-widget-heading\" data-id=\"d64b766\" data-element_type=\"widget\" data-e-type=\"widget\" data-widget_type=\"heading.default\">\n\t\t\t\t<div class=\"elementor-widget-container\">\n\t\t\t\t\t<h3 class=\"elementor-heading-title elementor-size-large\"><a href=\"https:\/\/www.portovenere.fr\/fr-fr\/cuisine-design-et-haut-de-gamme-a-montpellier\/cuisine-design-et-haut-de-gamme-a-montpellier-series-prestige\/cuisine-blade-en-noyer-blanchi-ceramique-aspect-beton-et-laque-satinee\/\">Cuisine NOLTE<\/a><\/h3>\t\t\t\t<\/div>\n\t\t\t\t<\/div>\n\t\t\t\t<div class=\"elementor-element elementor-element-132ea26 elementor-widget elementor-widget-heading\" data-id=\"132ea26\" data-element_type=\"widget\" data-e-type=\"widget\" data-widget_type=\"heading.default\">\n\t\t\t\t<div class=\"elementor-widget-container\">\n\t\t\t\t\t<p class=\"elementor-heading-title elementor-size-large\"><a href=\"https:\/\/www.portovenere.fr\/fr-fr\/cuisine-design-et-haut-de-gamme-a-montpellier\/cuisine-design-et-haut-de-gamme-a-montpellier-series-prestige\/cuisine-blade-en-noyer-blanchi-ceramique-aspect-beton-et-laque-satinee\/\">-50%*<\/a><\/p>\t\t\t\t<\/div>\n\t\t\t\t<\/div>\n\t\t\t\t<div class=\"elementor-element elementor-element-edd5ca5 elementor-widget elementor-widget-heading\" data-id=\"edd5ca5\" data-element_type=\"widget\" data-e-type=\"widget\" data-widget_type=\"heading.default\">\n\t\t\t\t<div class=\"elementor-widget-container\">\n\t\t\t\t\t<p class=\"elementor-heading-title elementor-size-large\"><a href=\"https:\/\/www.portovenere.fr\/fr-fr\/cuisine-design-et-haut-de-gamme-a-montpellier\/cuisine-design-et-haut-de-gamme-a-montpellier-series-prestige\/cuisine-blade-en-noyer-blanchi-ceramique-aspect-beton-et-laque-satinee\/\">Soit 15 000 \u20ac ttc<\/a><\/p>\t\t\t\t<\/div>\n\t\t\t\t<\/div>\n\t\t\t\t<div class=\"elementor-element elementor-element-3116759 elementor-widget elementor-widget-heading\" data-id=\"3116759\" data-element_type=\"widget\" data-e-type=\"widget\" data-widget_type=\"heading.default\">\n\t\t\t\t<div class=\"elementor-widget-container\">\n\t\t\t\t\t<p class=\"elementor-heading-title elementor-size-large\"><a href=\"https:\/\/www.portovenere.fr\/fr-fr\/cuisine-design-et-haut-de-gamme-a-montpellier\/cuisine-design-et-haut-de-gamme-a-montpellier-series-prestige\/cuisine-blade-en-noyer-blanchi-ceramique-aspect-beton-et-laque-satinee\/\">au lieu de  31 800 \u20ac ttc<\/a><\/p>\t\t\t\t<\/div>\n\t\t\t\t<\/div>\n\t\t\t\t<div class=\"elementor-element elementor-element-32b869d elementor-widget elementor-widget-text-editor\" data-id=\"32b869d\" data-element_type=\"widget\" data-e-type=\"widget\" data-widget_type=\"text-editor.default\">\n\t\t\t\t<div class=\"elementor-widget-container\">\n\t\t\t\t\t\t\t\t\t<p>Colonne plaquage ch\u00eane Pinot et meubles laque Blanc premium mat.<\/p><p>Plan et vasque en c\u00e9ramique, joue coupe \u00e0 45\u00b0 avec placage int\u00e9rieur miroir.<\/p><p>Robinetterie comprise.\u00a0<\/p><p>Electrom\u00e9nager offert<\/p>\t\t\t\t\t\t\t\t<\/div>\n\t\t\t\t<\/div>\n\t\t\t\t\t<\/div>\n\t\t<\/div>\n\t\t\t\t<div class=\"elementor-column elementor-col-50 elementor-inner-column elementor-element elementor-element-cf903e2\" data-id=\"cf903e2\" data-element_type=\"column\" data-e-type=\"column\">\n\t\t\t<div class=\"elementor-widget-wrap elementor-element-populated\">\n\t\t\t\t\t\t<div class=\"elementor-element elementor-element-c2f5b3f elementor-skin-slideshow elementor-widget-tablet__width-initial elementor-arrows-yes elementor-widget elementor-widget-media-carousel\" data-id=\"c2f5b3f\" data-element_type=\"widget\" data-e-type=\"widget\" data-settings=\"{&quot;skin&quot;:&quot;slideshow&quot;,&quot;effect&quot;:&quot;slide&quot;,&quot;show_arrows&quot;:&quot;yes&quot;,&quot;speed&quot;:500,&quot;autoplay&quot;:&quot;yes&quot;,&quot;autoplay_speed&quot;:5000,&quot;loop&quot;:&quot;yes&quot;,&quot;pause_on_hover&quot;:&quot;yes&quot;,&quot;pause_on_interaction&quot;:&quot;yes&quot;,&quot;space_between&quot;:{&quot;unit&quot;:&quot;px&quot;,&quot;size&quot;:10,&quot;sizes&quot;:[]},&quot;space_between_tablet&quot;:{&quot;unit&quot;:&quot;px&quot;,&quot;size&quot;:10,&quot;sizes&quot;:[]},&quot;space_between_mobile&quot;:{&quot;unit&quot;:&quot;px&quot;,&quot;size&quot;:10,&quot;sizes&quot;:[]}}\" data-widget_type=\"media-carousel.default\">\n\t\t\t\t<div class=\"elementor-widget-container\">\n\t\t\t\t\t\t\t\t\t<div class=\"elementor-swiper\">\n\t\t\t\t\t<div class=\"elementor-main-swiper swiper\" role=\"region\" aria-roledescription=\"carousel\" aria-label=\"Diapositives\">\n\t\t\t\t<div class=\"swiper-wrapper\">\n\t\t\t\t\t\t\t\t\t\t\t<div class=\"swiper-slide\" role=\"group\" aria-roledescription=\"slide\">\n\t\t\t\t\t\t\t\t\t<div class=\"elementor-carousel-image\" role=\"img\" aria-label=\"Vente-cuisine-d&#039;exposition-NOLTE_-50%-Magasin-cuisiniste-haut-de-gamme-Porto_Venere_Montpellier-pr\u00e8s-de-P\u00e9rols-34\" style=\"background-image: url(&#039;https:\/\/www.portovenere.fr\/fr-fr\/wp-content\/uploads\/2025\/10\/Vente-cuisine-dexposition-NOLTE_-50-Magasin-cuisiniste-haut-de-gamme-Porto_Venere_Montpellier-pres-de-Perols-34.jpg&#039;)\">\n\n\t\t\t\n\t\t\t\t\t<\/div>\n\t\t\t\t\t\t\t\t<\/div>\n\t\t\t\t\t\t\t\t\t\t\t<div class=\"swiper-slide\" role=\"group\" aria-roledescription=\"slide\">\n\t\t\t\t\t\t\t\t\t<div class=\"elementor-carousel-image\" role=\"img\" aria-label=\"Vente-cuisine-d&#039;exposition-NOLTE_-50%-Magasin-cuisiniste-haut-de-gamme-ilot-c\u00e9ramique-Porto_Venere_Montpellier-pr\u00e8s-de-Mauguio-34\" style=\"background-image: url(&#039;https:\/\/www.portovenere.fr\/fr-fr\/wp-content\/uploads\/2025\/10\/Vente-cuisine-dexposition-NOLTE_-50-Magasin-cuisiniste-haut-de-gamme-ilot-ceramique-Porto_Venere_Montpellier-pres-de-Mauguio-34.jpg&#039;)\">\n\n\t\t\t\n\t\t\t\t\t<\/div>\n\t\t\t\t\t\t\t\t<\/div>\n\t\t\t\t\t\t\t\t\t\t\t<div class=\"swiper-slide\" role=\"group\" aria-roledescription=\"slide\">\n\t\t\t\t\t\t\t\t\t<div class=\"elementor-carousel-image\" role=\"img\" aria-label=\"Vente-cuisine-d&#039;exposition-NOLTE_-50%-Magasin-cuisiniste-haut-de-gamme-Porto_Venere_Montpellier-pr\u00e8s-de-Clapiers-34\" style=\"background-image: url(&#039;https:\/\/www.portovenere.fr\/fr-fr\/wp-content\/uploads\/2025\/10\/Vente-cuisine-dexposition-NOLTE_-50-Magasin-cuisiniste-haut-de-gamme-Porto_Venere_Montpellier-pres-de-Clapiers-34.jpg&#039;)\">\n\n\t\t\t\n\t\t\t\t\t<\/div>\n\t\t\t\t\t\t\t\t<\/div>\n\t\t\t\t\t\t\t\t\t\t\t<div class=\"swiper-slide\" role=\"group\" aria-roledescription=\"slide\">\n\t\t\t\t\t\t\t\t\t<div class=\"elementor-carousel-image\" role=\"img\" aria-label=\"Vente-cuisine-d&#039;exposition-NOLTE_-50%-Magasin-cuisiniste-haut-de-gamme-Porto_Venere_Montpellier-pr\u00e8s-de-Juvignac-34\" style=\"background-image: url(&#039;https:\/\/www.portovenere.fr\/fr-fr\/wp-content\/uploads\/2025\/10\/Vente-cuisine-dexposition-NOLTE_-50-Magasin-cuisiniste-haut-de-gamme-Porto_Venere_Montpellier-pres-de-Juvignac-34.jpg&#039;)\">\n\n\t\t\t\n\t\t\t\t\t<\/div>\n\t\t\t\t\t\t\t\t<\/div>\n\t\t\t\t\t\t\t\t\t<\/div>\n\t\t\t\t\t\t\t\t\t\t\t\t\t\t\t<div class=\"elementor-swiper-button elementor-swiper-button-prev\" role=\"button\" tabindex=\"0\" aria-label=\"Pr\u00e9c\u00e9dent\">\n\t\t\t\t\t\t\t<svg aria-hidden=\"true\" class=\"e-font-icon-svg e-eicon-chevron-left\" viewBox=\"0 0 1000 1000\" xmlns=\"http:\/\/www.w3.org\/2000\/svg\"><path d=\"M646 125C629 125 613 133 604 142L308 442C296 454 292 471 292 487 292 504 296 521 308 533L604 854C617 867 629 875 646 875 663 875 679 871 692 858 704 846 713 829 713 812 713 796 708 779 692 767L438 487 692 225C700 217 708 204 708 187 708 171 704 154 692 142 675 129 663 125 646 125Z\"><\/path><\/svg>\t\t\t\t\t\t<\/div>\n\t\t\t\t\t\t<div class=\"elementor-swiper-button elementor-swiper-button-next\" role=\"button\" tabindex=\"0\" aria-label=\"Suivant\">\n\t\t\t\t\t\t\t<svg aria-hidden=\"true\" class=\"e-font-icon-svg e-eicon-chevron-right\" viewBox=\"0 0 1000 1000\" xmlns=\"http:\/\/www.w3.org\/2000\/svg\"><path d=\"M696 533C708 521 713 504 713 487 713 471 708 454 696 446L400 146C388 133 375 125 354 125 338 125 325 129 313 142 300 154 292 171 292 187 292 204 296 221 308 233L563 492 304 771C292 783 288 800 288 817 288 833 296 850 308 863 321 871 338 875 354 875 371 875 388 867 400 854L696 533Z\"><\/path><\/svg>\t\t\t\t\t\t<\/div>\n\t\t\t\t\t\t\t\t\t\t\t\t\t\t\t\t\t<\/div>\n\t\t\t\t<\/div>\n\t\t\t\t\t\t\t\t<div class=\"elementor-swiper\">\n\t\t\t\t\t<div class=\"elementor-main-swiper swiper elementor-thumbnails-swiper swiper\" role=\"region region\" aria-roledescription=\"carousel carousel\" aria-label=\"Diapositives Diapositives\">\n\t\t\t\t<div class=\"swiper-wrapper\">\n\t\t\t\t\t\t\t\t\t\t\t<div class=\"swiper-slide\" role=\"group\" aria-roledescription=\"slide\">\n\t\t\t\t\t\t\t\t\t<div class=\"elementor-carousel-image\" role=\"img\" aria-label=\"Vente-cuisine-d&#039;exposition-NOLTE_-50%-Magasin-cuisiniste-haut-de-gamme-Porto_Venere_Montpellier-pr\u00e8s-de-P\u00e9rols-34\" style=\"background-image: url(&#039;https:\/\/www.portovenere.fr\/fr-fr\/wp-content\/uploads\/2025\/10\/Vente-cuisine-dexposition-NOLTE_-50-Magasin-cuisiniste-haut-de-gamme-Porto_Venere_Montpellier-pres-de-Perols-34.jpg&#039;)\">\n\n\t\t\t\n\t\t\t\t\t<\/div>\n\t\t\t\t\t\t\t\t<\/div>\n\t\t\t\t\t\t\t\t\t\t\t<div class=\"swiper-slide\" role=\"group\" aria-roledescription=\"slide\">\n\t\t\t\t\t\t\t\t\t<div class=\"elementor-carousel-image\" role=\"img\" aria-label=\"Vente-cuisine-d&#039;exposition-NOLTE_-50%-Magasin-cuisiniste-haut-de-gamme-ilot-c\u00e9ramique-Porto_Venere_Montpellier-pr\u00e8s-de-Mauguio-34\" style=\"background-image: url(&#039;https:\/\/www.portovenere.fr\/fr-fr\/wp-content\/uploads\/2025\/10\/Vente-cuisine-dexposition-NOLTE_-50-Magasin-cuisiniste-haut-de-gamme-ilot-ceramique-Porto_Venere_Montpellier-pres-de-Mauguio-34.jpg&#039;)\">\n\n\t\t\t\n\t\t\t\t\t<\/div>\n\t\t\t\t\t\t\t\t<\/div>\n\t\t\t\t\t\t\t\t\t\t\t<div class=\"swiper-slide\" role=\"group\" aria-roledescription=\"slide\">\n\t\t\t\t\t\t\t\t\t<div class=\"elementor-carousel-image\" role=\"img\" aria-label=\"Vente-cuisine-d&#039;exposition-NOLTE_-50%-Magasin-cuisiniste-haut-de-gamme-Porto_Venere_Montpellier-pr\u00e8s-de-Clapiers-34\" style=\"background-image: url(&#039;https:\/\/www.portovenere.fr\/fr-fr\/wp-content\/uploads\/2025\/10\/Vente-cuisine-dexposition-NOLTE_-50-Magasin-cuisiniste-haut-de-gamme-Porto_Venere_Montpellier-pres-de-Clapiers-34.jpg&#039;)\">\n\n\t\t\t\n\t\t\t\t\t<\/div>\n\t\t\t\t\t\t\t\t<\/div>\n\t\t\t\t\t\t\t\t\t\t\t<div class=\"swiper-slide\" role=\"group\" aria-roledescription=\"slide\">\n\t\t\t\t\t\t\t\t\t<div class=\"elementor-carousel-image\" role=\"img\" aria-label=\"Vente-cuisine-d&#039;exposition-NOLTE_-50%-Magasin-cuisiniste-haut-de-gamme-Porto_Venere_Montpellier-pr\u00e8s-de-Juvignac-34\" style=\"background-image: url(&#039;https:\/\/www.portovenere.fr\/fr-fr\/wp-content\/uploads\/2025\/10\/Vente-cuisine-dexposition-NOLTE_-50-Magasin-cuisiniste-haut-de-gamme-Porto_Venere_Montpellier-pres-de-Juvignac-34.jpg&#039;)\">\n\n\t\t\t\n\t\t\t\t\t<\/div>\n\t\t\t\t\t\t\t\t<\/div>\n\t\t\t\t\t\t\t\t\t<\/div>\n\t\t\t\t\t\t\t\t\t\t\t\t\t\t\t\t\t\t\t\t\t<\/div>\n\t\t\t\t<\/div>\n\t\t\t\t\t\t\t\t<\/div>\n\t\t\t\t<\/div>\n\t\t\t\t\t<\/div>\n\t\t<\/div>\n\t\t\t\t\t<\/div>\n\t\t<\/section>\n\t\t\t\t\t<\/div>\n\t\t<\/div>\n\t\t\t\t\t<\/div>\n\t\t<\/section>\n\t\t\t\t<section class=\"elementor-section elementor-top-section elementor-element elementor-element-836102c elementor-section-boxed elementor-section-height-default elementor-section-height-default\" data-id=\"836102c\" data-element_type=\"section\" data-e-type=\"section\">\n\t\t\t\t\t\t<div class=\"elementor-container elementor-column-gap-default\">\n\t\t\t\t\t<div class=\"elementor-column elementor-col-100 elementor-top-column elementor-element elementor-element-5c39b93\" data-id=\"5c39b93\" data-element_type=\"column\" data-e-type=\"column\">\n\t\t\t<div class=\"elementor-widget-wrap elementor-element-populated\">\n\t\t\t\t\t\t<div class=\"elementor-element elementor-element-f0ea93f elementor-widget elementor-widget-text-editor\" data-id=\"f0ea93f\" data-element_type=\"widget\" data-e-type=\"widget\" data-widget_type=\"text-editor.default\">\n\t\t\t\t<div class=\"elementor-widget-container\">\n\t\t\t\t\t\t\t\t\t<p><span style=\"text-decoration: underline;\"><strong>*Conditions des offres :<\/strong><\/span><\/p><div><div><div>\u00a0<\/div><div><p><u>Mod\u00e8les MODULNOVA :<\/u> -50% sur les mod\u00e8les de cuisines d&rsquo;exposition signal\u00e9s ci-dessus et dans notre showroom Via Brera Montpellier. (soit 3 mod\u00e8les concern\u00e9s)<\/p><\/div><div><p>Valable dans la limite des expositions disponibles.<\/p><\/div><div><p>Offre valable sur le prix affich\u00e9, hors \u00e9lectrom\u00e9nager, hors livraison et installation, hors d\u00e9pose et pose du plan par le marbrier.<\/p><\/div><div><p>Offre non cumulable avec d&rsquo;autres remises ou promotions en cours ou ult\u00e9rieures.<\/p><\/div><div><p>Expositions vendues en l&rsquo;\u00e9tat.<\/p><\/div><div><p><u>Mod\u00e8le NOLTE\u00a0 :<\/u>\u00a0-50% sur le mod\u00e8le de cuisine d&rsquo;exposition signal\u00e9 ci-dessus et dans le showroom Porto Venere Montpellier (Soit 1 mod\u00e8le concern\u00e9).<\/p><\/div><div><div><div><p>Valable dans la limite de disponibilit\u00e9 de cette exposition.<\/p><\/div><div><p>Offre valable sur le prix affich\u00e9, hors livraison et installation, hors pose et d\u00e9pose du plan par le marbrier.<\/p><\/div><div><p>Offre non cumulable avec d&rsquo;autres remises ou promotions en cours ou ult\u00e9rieures.<\/p><\/div><div><p>Exposition vendue en l&rsquo;\u00e9tat. Informations aupr\u00e8s d\u2019un(e) conseiller(e) cuisine.<\/p><\/div><\/div><\/div><\/div><\/div>\t\t\t\t\t\t\t\t<\/div>\n\t\t\t\t<\/div>\n\t\t\t\t\t<\/div>\n\t\t<\/div>\n\t\t\t\t\t<\/div>\n\t\t<\/section>\n\t\t\t\t<section class=\"elementor-section elementor-top-section elementor-element elementor-element-6c348988 elementor-section-boxed elementor-section-height-default elementor-section-height-default\" data-id=\"6c348988\" data-element_type=\"section\" data-e-type=\"section\">\n\t\t\t\t\t\t<div class=\"elementor-container elementor-column-gap-default\">\n\t\t\t\t\t<div class=\"elementor-column elementor-col-100 elementor-top-column elementor-element elementor-element-2a1d2c06\" data-id=\"2a1d2c06\" data-element_type=\"column\" data-e-type=\"column\">\n\t\t\t<div class=\"elementor-widget-wrap elementor-element-populated\">\n\t\t\t\t\t\t<div class=\"elementor-element elementor-element-5133d655 elementor-widget elementor-widget-spacer\" data-id=\"5133d655\" data-element_type=\"widget\" data-e-type=\"widget\" data-widget_type=\"spacer.default\">\n\t\t\t\t<div class=\"elementor-widget-container\">\n\t\t\t\t\t\t\t<div class=\"elementor-spacer\">\n\t\t\t<div class=\"elementor-spacer-inner\"><\/div>\n\t\t<\/div>\n\t\t\t\t\t\t<\/div>\n\t\t\t\t<\/div>\n\t\t\t\t\t<\/div>\n\t\t<\/div>\n\t\t\t\t\t<\/div>\n\t\t<\/section>\n\t\t\t\t<section class=\"elementor-section elementor-top-section elementor-element elementor-element-3980385d elementor-section-boxed elementor-section-height-default elementor-section-height-default\" data-id=\"3980385d\" data-element_type=\"section\" data-e-type=\"section\">\n\t\t\t\t\t\t<div class=\"elementor-container elementor-column-gap-default\">\n\t\t\t\t\t<div class=\"elementor-column elementor-col-100 elementor-top-column elementor-element elementor-element-3c1d627c\" data-id=\"3c1d627c\" data-element_type=\"column\" data-e-type=\"column\">\n\t\t\t<div class=\"elementor-widget-wrap elementor-element-populated\">\n\t\t\t\t\t\t<div class=\"elementor-element elementor-element-6364d9fd elementor-widget elementor-widget-menu-anchor\" data-id=\"6364d9fd\" data-element_type=\"widget\" data-e-type=\"widget\" data-widget_type=\"menu-anchor.default\">\n\t\t\t\t<div class=\"elementor-widget-container\">\n\t\t\t\t\t\t\t<div class=\"elementor-menu-anchor\" id=\"contact\"><\/div>\n\t\t\t\t\t\t<\/div>\n\t\t\t\t<\/div>\n\t\t\t\t\t<\/div>\n\t\t<\/div>\n\t\t\t\t\t<\/div>\n\t\t<\/section>\n\t\t\t\t<section class=\"elementor-section elementor-top-section elementor-element elementor-element-3c60602a elementor-section-boxed elementor-section-height-default elementor-section-height-default\" data-id=\"3c60602a\" data-element_type=\"section\" data-e-type=\"section\">\n\t\t\t\t\t\t<div class=\"elementor-container elementor-column-gap-default\">\n\t\t\t\t\t<div class=\"elementor-column elementor-col-100 elementor-top-column elementor-element elementor-element-494dacac\" data-id=\"494dacac\" data-element_type=\"column\" data-e-type=\"column\">\n\t\t\t<div class=\"elementor-widget-wrap elementor-element-populated\">\n\t\t\t\t\t\t<div class=\"elementor-element elementor-element-60692bdd elementor-widget-divider--view-line_text elementor-widget-divider--element-align-left elementor-invisible elementor-widget elementor-widget-divider\" data-id=\"60692bdd\" data-element_type=\"widget\" data-e-type=\"widget\" data-settings=\"{&quot;_animation&quot;:&quot;fadeInLeft&quot;,&quot;motion_fx_motion_fx_scrolling&quot;:&quot;yes&quot;,&quot;motion_fx_translateX_effect&quot;:&quot;yes&quot;,&quot;motion_fx_translateX_affectedRange&quot;:{&quot;unit&quot;:&quot;%&quot;,&quot;size&quot;:&quot;&quot;,&quot;sizes&quot;:{&quot;start&quot;:37,&quot;end&quot;:56}},&quot;motion_fx_translateX_speed&quot;:{&quot;unit&quot;:&quot;px&quot;,&quot;size&quot;:0.7,&quot;sizes&quot;:[]},&quot;motion_fx_devices&quot;:[&quot;desktop&quot;,&quot;tablet&quot;,&quot;mobile&quot;]}\" data-widget_type=\"divider.default\">\n\t\t\t\t<div class=\"elementor-widget-container\">\n\t\t\t\t\t\t\t<div class=\"elementor-divider\">\n\t\t\t<span class=\"elementor-divider-separator\">\n\t\t\t\t\t\t\t<h6 class=\"elementor-divider__text elementor-divider__element\">\n\t\t\t\t<b>Contactez<\/b>-NOUS\t\t\t\t<\/h6>\n\t\t\t\t\t\t<\/span>\n\t\t<\/div>\n\t\t\t\t\t\t<\/div>\n\t\t\t\t<\/div>\n\t\t\t\t<section class=\"elementor-section elementor-inner-section elementor-element elementor-element-47570e99 elementor-section-boxed elementor-section-height-default elementor-section-height-default\" data-id=\"47570e99\" data-element_type=\"section\" data-e-type=\"section\">\n\t\t\t\t\t\t<div class=\"elementor-container elementor-column-gap-default\">\n\t\t\t\t\t<div class=\"elementor-column elementor-col-33 elementor-inner-column elementor-element elementor-element-56acf30a\" data-id=\"56acf30a\" data-element_type=\"column\" data-e-type=\"column\">\n\t\t\t<div class=\"elementor-widget-wrap elementor-element-populated\">\n\t\t\t\t\t\t<div class=\"elementor-element elementor-element-4924cc0 elementor-widget-divider--view-line elementor-invisible elementor-widget elementor-widget-divider\" data-id=\"4924cc0\" data-element_type=\"widget\" data-e-type=\"widget\" data-settings=\"{&quot;_animation&quot;:&quot;slideInLeft&quot;}\" data-widget_type=\"divider.default\">\n\t\t\t\t<div class=\"elementor-widget-container\">\n\t\t\t\t\t\t\t<div class=\"elementor-divider\">\n\t\t\t<span class=\"elementor-divider-separator\">\n\t\t\t\t\t\t<\/span>\n\t\t<\/div>\n\t\t\t\t\t\t<\/div>\n\t\t\t\t<\/div>\n\t\t\t\t\t<\/div>\n\t\t<\/div>\n\t\t\t\t<div class=\"elementor-column elementor-col-33 elementor-inner-column elementor-element elementor-element-90458c8\" data-id=\"90458c8\" data-element_type=\"column\" data-e-type=\"column\">\n\t\t\t<div class=\"elementor-widget-wrap elementor-element-populated\">\n\t\t\t\t\t\t<div class=\"elementor-element elementor-element-489eb8a1 elementor-invisible elementor-widget elementor-widget-heading\" data-id=\"489eb8a1\" data-element_type=\"widget\" data-e-type=\"widget\" data-settings=\"{&quot;_animation&quot;:&quot;slideInRight&quot;}\" data-widget_type=\"heading.default\">\n\t\t\t\t<div class=\"elementor-widget-container\">\n\t\t\t\t\t<p class=\"elementor-heading-title elementor-size-default\">Prendre Rendez-vous pour un projet<\/p>\t\t\t\t<\/div>\n\t\t\t\t<\/div>\n\t\t\t\t<div class=\"elementor-element elementor-element-2f412a7b elementor-widget elementor-widget-text-editor\" data-id=\"2f412a7b\" data-element_type=\"widget\" data-e-type=\"widget\" data-widget_type=\"text-editor.default\">\n\t\t\t\t<div class=\"elementor-widget-container\">\n\t\t\t\t\t\t\t\t\t<p>Simple et rapide, choisissez le jour et l&rsquo;horaire qui vous convient pour vos projets d&rsquo;am\u00e9nagement d&rsquo;espaces (cuisine, salle de bain, dressing, espace nuit, s\u00e9jour, biblioth\u00e8que sur-mesure, porte d&rsquo;int\u00e9rieur ou am\u00e9nagement global&#8230;).<\/p>\t\t\t\t\t\t\t\t<\/div>\n\t\t\t\t<\/div>\n\t\t\t\t\t<\/div>\n\t\t<\/div>\n\t\t\t\t<div class=\"elementor-column elementor-col-33 elementor-inner-column elementor-element elementor-element-70f69e1b\" data-id=\"70f69e1b\" data-element_type=\"column\" data-e-type=\"column\">\n\t\t\t<div class=\"elementor-widget-wrap elementor-element-populated\">\n\t\t\t\t\t\t<div class=\"elementor-element elementor-element-7fdbbef5 elementor-align-left elementor-mobile-align-center elementor-invisible elementor-widget elementor-widget-button\" data-id=\"7fdbbef5\" data-element_type=\"widget\" data-e-type=\"widget\" data-settings=\"{&quot;_animation&quot;:&quot;slideInRight&quot;}\" data-widget_type=\"button.default\">\n\t\t\t\t<div class=\"elementor-widget-container\">\n\t\t\t\t\t\t\t\t\t<div class=\"elementor-button-wrapper\">\n\t\t\t\t\t<a class=\"elementor-button elementor-button-link elementor-size-md elementor-animation-sink\" href=\"https:\/\/outlook.office365.com\/owa\/calendar\/RservationProjet@portovenere.fr\/bookings\/\" target=\"_blank\">\n\t\t\t\t\t\t<span class=\"elementor-button-content-wrapper\">\n\t\t\t\t\t\t\t\t\t<span class=\"elementor-button-text\">Prendre RDV<\/span>\n\t\t\t\t\t<\/span>\n\t\t\t\t\t<\/a>\n\t\t\t\t<\/div>\n\t\t\t\t\t\t\t\t<\/div>\n\t\t\t\t<\/div>\n\t\t\t\t\t<\/div>\n\t\t<\/div>\n\t\t\t\t\t<\/div>\n\t\t<\/section>\n\t\t\t\t\t<\/div>\n\t\t<\/div>\n\t\t\t\t\t<\/div>\n\t\t<\/section>\n\t\t\t\t<section class=\"elementor-section elementor-top-section elementor-element elementor-element-73de6919 elementor-section-full_width elementor-section-height-default elementor-section-height-default\" data-id=\"73de6919\" data-element_type=\"section\" data-e-type=\"section\">\n\t\t\t\t\t\t<div class=\"elementor-container elementor-column-gap-default\">\n\t\t\t\t\t<div class=\"elementor-column elementor-col-100 elementor-top-column elementor-element elementor-element-3880d6b6\" data-id=\"3880d6b6\" data-element_type=\"column\" data-e-type=\"column\">\n\t\t\t<div class=\"elementor-widget-wrap elementor-element-populated\">\n\t\t\t\t\t\t<section class=\"elementor-section elementor-inner-section elementor-element elementor-element-7e169968 elementor-section-boxed elementor-section-height-default elementor-section-height-default\" data-id=\"7e169968\" data-element_type=\"section\" data-e-type=\"section\">\n\t\t\t\t\t\t<div class=\"elementor-container elementor-column-gap-default\">\n\t\t\t\t\t<div class=\"elementor-column elementor-col-33 elementor-inner-column elementor-element elementor-element-21df4f67\" data-id=\"21df4f67\" data-element_type=\"column\" data-e-type=\"column\">\n\t\t\t<div class=\"elementor-widget-wrap elementor-element-populated\">\n\t\t\t\t\t\t<div class=\"elementor-element elementor-element-26285715 elementor-widget-divider--view-line elementor-invisible elementor-widget elementor-widget-divider\" data-id=\"26285715\" data-element_type=\"widget\" data-e-type=\"widget\" data-settings=\"{&quot;_animation&quot;:&quot;slideInRight&quot;}\" data-widget_type=\"divider.default\">\n\t\t\t\t<div class=\"elementor-widget-container\">\n\t\t\t\t\t\t\t<div class=\"elementor-divider\">\n\t\t\t<span class=\"elementor-divider-separator\">\n\t\t\t\t\t\t<\/span>\n\t\t<\/div>\n\t\t\t\t\t\t<\/div>\n\t\t\t\t<\/div>\n\t\t\t\t\t<\/div>\n\t\t<\/div>\n\t\t\t\t<div class=\"elementor-column elementor-col-33 elementor-inner-column elementor-element elementor-element-6b28c6a2\" data-id=\"6b28c6a2\" data-element_type=\"column\" data-e-type=\"column\">\n\t\t\t<div class=\"elementor-widget-wrap elementor-element-populated\">\n\t\t\t\t\t\t<div class=\"elementor-element elementor-element-4a931bbc elementor-invisible elementor-widget elementor-widget-heading\" data-id=\"4a931bbc\" data-element_type=\"widget\" data-e-type=\"widget\" data-settings=\"{&quot;_animation&quot;:&quot;slideInLeft&quot;}\" data-widget_type=\"heading.default\">\n\t\t\t\t<div class=\"elementor-widget-container\">\n\t\t\t\t\t<h3 class=\"elementor-heading-title elementor-size-default\">Formulaire de contact<\/h3>\t\t\t\t<\/div>\n\t\t\t\t<\/div>\n\t\t\t\t<div class=\"elementor-element elementor-element-1d74df6b elementor-widget elementor-widget-text-editor\" data-id=\"1d74df6b\" data-element_type=\"widget\" data-e-type=\"widget\" data-widget_type=\"text-editor.default\">\n\t\t\t\t<div class=\"elementor-widget-container\">\n\t\t\t\t\t\t\t\t\t<p>A la recherche d&rsquo;un produit ? Une demande de devis ?\u00a0<span style=\"color: var( --e-global-color-text );\">Un renseignement ? Ou pour toute autre demande.<\/span><\/p>\t\t\t\t\t\t\t\t<\/div>\n\t\t\t\t<\/div>\n\t\t\t\t\t<\/div>\n\t\t<\/div>\n\t\t\t\t<div class=\"elementor-column elementor-col-33 elementor-inner-column elementor-element elementor-element-594029d\" data-id=\"594029d\" data-element_type=\"column\" data-e-type=\"column\">\n\t\t\t<div class=\"elementor-widget-wrap elementor-element-populated\">\n\t\t\t\t\t\t<div class=\"elementor-element elementor-element-49ea0ce9 elementor-align-left elementor-mobile-align-center elementor-invisible elementor-widget elementor-widget-button\" data-id=\"49ea0ce9\" data-element_type=\"widget\" data-e-type=\"widget\" data-settings=\"{&quot;_animation&quot;:&quot;slideInLeft&quot;}\" data-widget_type=\"button.default\">\n\t\t\t\t<div class=\"elementor-widget-container\">\n\t\t\t\t\t\t\t\t\t<div class=\"elementor-button-wrapper\">\n\t\t\t\t\t<a class=\"elementor-button elementor-button-link elementor-size-md elementor-animation-sink\" href=\"#formulaire\">\n\t\t\t\t\t\t<span class=\"elementor-button-content-wrapper\">\n\t\t\t\t\t\t\t\t\t<span class=\"elementor-button-text\">Envoyer un message<\/span>\n\t\t\t\t\t<\/span>\n\t\t\t\t\t<\/a>\n\t\t\t\t<\/div>\n\t\t\t\t\t\t\t\t<\/div>\n\t\t\t\t<\/div>\n\t\t\t\t\t<\/div>\n\t\t<\/div>\n\t\t\t\t\t<\/div>\n\t\t<\/section>\n\t\t\t\t\t<\/div>\n\t\t<\/div>\n\t\t\t\t\t<\/div>\n\t\t<\/section>\n\t\t\t\t<section class=\"elementor-section elementor-top-section elementor-element elementor-element-5baeffd0 elementor-section-height-min-height elementor-section-boxed elementor-section-height-default elementor-section-items-middle\" data-id=\"5baeffd0\" data-element_type=\"section\" data-e-type=\"section\" data-settings=\"{&quot;background_background&quot;:&quot;classic&quot;}\">\n\t\t\t\t\t\t<div class=\"elementor-container elementor-column-gap-no\">\n\t\t\t\t\t<div class=\"elementor-column elementor-col-50 elementor-top-column elementor-element elementor-element-4f816f3c\" data-id=\"4f816f3c\" data-element_type=\"column\" data-e-type=\"column\" data-settings=\"{&quot;background_background&quot;:&quot;classic&quot;}\">\n\t\t\t<div class=\"elementor-widget-wrap elementor-element-populated\">\n\t\t\t\t\t\t<div class=\"elementor-element elementor-element-140d21a9 elementor-widget elementor-widget-heading\" data-id=\"140d21a9\" data-element_type=\"widget\" data-e-type=\"widget\" data-widget_type=\"heading.default\">\n\t\t\t\t<div class=\"elementor-widget-container\">\n\t\t\t\t\t<h6 class=\"elementor-heading-title elementor-size-default\">Horaires &amp; jours d'ouverture<\/h6>\t\t\t\t<\/div>\n\t\t\t\t<\/div>\n\t\t\t\t<section class=\"elementor-section elementor-inner-section elementor-element elementor-element-628f60bb elementor-section-boxed elementor-section-height-default elementor-section-height-default\" data-id=\"628f60bb\" data-element_type=\"section\" data-e-type=\"section\">\n\t\t\t\t\t\t<div class=\"elementor-container elementor-column-gap-default\">\n\t\t\t\t\t<div class=\"elementor-column elementor-col-50 elementor-inner-column elementor-element elementor-element-2e3e3e67\" data-id=\"2e3e3e67\" data-element_type=\"column\" data-e-type=\"column\">\n\t\t\t<div class=\"elementor-widget-wrap elementor-element-populated\">\n\t\t\t\t\t\t<div class=\"elementor-element elementor-element-3bcc2252 elementor-hidden-mobile elementor-view-default elementor-widget elementor-widget-icon\" data-id=\"3bcc2252\" data-element_type=\"widget\" data-e-type=\"widget\" data-widget_type=\"icon.default\">\n\t\t\t\t<div class=\"elementor-widget-container\">\n\t\t\t\t\t\t\t<div class=\"elementor-icon-wrapper\">\n\t\t\t<div class=\"elementor-icon elementor-animation-sink\">\n\t\t\t<svg aria-hidden=\"true\" class=\"e-font-icon-svg e-far-clock\" viewBox=\"0 0 512 512\" xmlns=\"http:\/\/www.w3.org\/2000\/svg\"><path d=\"M256 8C119 8 8 119 8 256s111 248 248 248 248-111 248-248S393 8 256 8zm0 448c-110.5 0-200-89.5-200-200S145.5 56 256 56s200 89.5 200 200-89.5 200-200 200zm61.8-104.4l-84.9-61.7c-3.1-2.3-4.9-5.9-4.9-9.7V116c0-6.6 5.4-12 12-12h32c6.6 0 12 5.4 12 12v141.7l66.8 48.6c5.4 3.9 6.5 11.4 2.6 16.8L334.6 349c-3.9 5.3-11.4 6.5-16.8 2.6z\"><\/path><\/svg>\t\t\t<\/div>\n\t\t<\/div>\n\t\t\t\t\t\t<\/div>\n\t\t\t\t<\/div>\n\t\t\t\t\t<\/div>\n\t\t<\/div>\n\t\t\t\t<div class=\"elementor-column elementor-col-50 elementor-inner-column elementor-element elementor-element-48dc3c14\" data-id=\"48dc3c14\" data-element_type=\"column\" data-e-type=\"column\">\n\t\t\t<div class=\"elementor-widget-wrap elementor-element-populated\">\n\t\t\t\t\t\t<div class=\"elementor-element elementor-element-1e137437 elementor-widget__width-initial elementor-widget elementor-widget-text-editor\" data-id=\"1e137437\" data-element_type=\"widget\" data-e-type=\"widget\" data-widget_type=\"text-editor.default\">\n\t\t\t\t<div class=\"elementor-widget-container\">\n\t\t\t\t\t\t\t\t\t<p><span style=\"letter-spacing: 0px; word-spacing: 0em; text-decoration-line: underline;\"><span style=\"letter-spacing: 0px; word-spacing: 0em;\">Showroom PORTO VENERE :<\/span><\/span><span style=\"letter-spacing: 0px; word-spacing: 0em;\">\u00a0<\/span><\/p><p><span style=\"letter-spacing: 0px; word-spacing: 0em;\">Du lundi au vendredi : 8<\/span><span style=\"letter-spacing: 0px; word-spacing: 0em;\">h30 &#8211; 12h30 &amp;\u00a014h00 &#8211; 18h30<\/span><\/p><p><span style=\"letter-spacing: 0px; word-spacing: 0em;\">Samedi : 9h &#8211; 12h30 &amp; 14h &#8211; 18h30<\/span><\/p><p><span style=\"letter-spacing: 0px; word-spacing: 0em;\"><span style=\"text-decoration-line: underline;\">Sh<\/span><u>owroom VIA BRERA :<\/u>\u00a0<\/span><\/p><p><span style=\"letter-spacing: 0px; word-spacing: 0em;\">Du mardi au samedi :\u00a0<\/span><span style=\"letter-spacing: 0px; word-spacing: 0em;\">10h00 &#8211; 13h00 &amp;\u00a014h00 &#8211; 18h00<\/span><\/p>\t\t\t\t\t\t\t\t<\/div>\n\t\t\t\t<\/div>\n\t\t\t\t\t<\/div>\n\t\t<\/div>\n\t\t\t\t\t<\/div>\n\t\t<\/section>\n\t\t\t\t<div class=\"elementor-element elementor-element-687e201c elementor-widget elementor-widget-heading\" data-id=\"687e201c\" data-element_type=\"widget\" data-e-type=\"widget\" data-widget_type=\"heading.default\">\n\t\t\t\t<div class=\"elementor-widget-container\">\n\t\t\t\t\t<h6 class=\"elementor-heading-title elementor-size-default\">SE RENDRE AUX SHOWROOMS<\/h6>\t\t\t\t<\/div>\n\t\t\t\t<\/div>\n\t\t\t\t<section class=\"elementor-section elementor-inner-section elementor-element elementor-element-7bfbdfa1 elementor-section-boxed elementor-section-height-default elementor-section-height-default\" data-id=\"7bfbdfa1\" data-element_type=\"section\" data-e-type=\"section\">\n\t\t\t\t\t\t<div class=\"elementor-container elementor-column-gap-default\">\n\t\t\t\t\t<div class=\"elementor-column elementor-col-50 elementor-inner-column elementor-element elementor-element-103793f8\" data-id=\"103793f8\" data-element_type=\"column\" data-e-type=\"column\">\n\t\t\t<div class=\"elementor-widget-wrap elementor-element-populated\">\n\t\t\t\t\t\t<div class=\"elementor-element elementor-element-13ced5f9 elementor-hidden-mobile elementor-view-default elementor-widget elementor-widget-icon\" data-id=\"13ced5f9\" data-element_type=\"widget\" data-e-type=\"widget\" data-widget_type=\"icon.default\">\n\t\t\t\t<div class=\"elementor-widget-container\">\n\t\t\t\t\t\t\t<div class=\"elementor-icon-wrapper\">\n\t\t\t<a class=\"elementor-icon elementor-animation-sink\" href=\"mailto:contact@viabrera.fr\">\n\t\t\t<i aria-hidden=\"true\" class=\"icon icon-map-marker1\"><\/i>\t\t\t<\/a>\n\t\t<\/div>\n\t\t\t\t\t\t<\/div>\n\t\t\t\t<\/div>\n\t\t\t\t\t<\/div>\n\t\t<\/div>\n\t\t\t\t<div class=\"elementor-column elementor-col-50 elementor-inner-column elementor-element elementor-element-6a3e7c79\" data-id=\"6a3e7c79\" data-element_type=\"column\" data-e-type=\"column\">\n\t\t\t<div class=\"elementor-widget-wrap elementor-element-populated\">\n\t\t\t\t\t\t<div class=\"elementor-element elementor-element-144b110f elementor-widget elementor-widget-text-editor\" data-id=\"144b110f\" data-element_type=\"widget\" data-e-type=\"widget\" data-widget_type=\"text-editor.default\">\n\t\t\t\t<div class=\"elementor-widget-container\">\n\t\t\t\t\t\t\t\t\t<p>Showroom Porto Venere<br \/>285 Rue Claude Balbastre<br \/>ZAC Garosud<br \/>34070 MONTPELLIER<\/p><p><em><a href=\"http:\/\/www.portovenere.fr\">www.portovenere.fr<\/a><\/em><\/p>\t\t\t\t\t\t\t\t<\/div>\n\t\t\t\t<\/div>\n\t\t\t\t<div class=\"elementor-element elementor-element-644d183d elementor-widget elementor-widget-text-editor\" data-id=\"644d183d\" data-element_type=\"widget\" data-e-type=\"widget\" data-widget_type=\"text-editor.default\">\n\t\t\t\t<div class=\"elementor-widget-container\">\n\t\t\t\t\t\t\t\t\t<p>Showroom VIA BRERA \u00e0 500m<br \/>1150 Rue de la Castelle<br \/>ZAC Garosud<br \/>34070 MONTPELLIER<\/p><p><em><a href=\"https:\/\/www.viabrera.fr\/\">www.viabrera.fr<\/a><\/em><\/p>\t\t\t\t\t\t\t\t<\/div>\n\t\t\t\t<\/div>\n\t\t\t\t\t<\/div>\n\t\t<\/div>\n\t\t\t\t\t<\/div>\n\t\t<\/section>\n\t\t\t\t\t<\/div>\n\t\t<\/div>\n\t\t\t\t<div class=\"elementor-column elementor-col-50 elementor-top-column elementor-element elementor-element-3fb2ce17\" data-id=\"3fb2ce17\" data-element_type=\"column\" data-e-type=\"column\">\n\t\t\t<div class=\"elementor-widget-wrap elementor-element-populated\">\n\t\t\t\t\t\t<div class=\"elementor-element elementor-element-42900a9b elementor-widget elementor-widget-google_maps\" data-id=\"42900a9b\" data-element_type=\"widget\" data-e-type=\"widget\" data-widget_type=\"google_maps.default\">\n\t\t\t\t<div class=\"elementor-widget-container\">\n\t\t\t\t\t\t\t<div class=\"elementor-custom-embed\">\n\t\t\t<iframe loading=\"lazy\"\n\t\t\t\t\tsrc=\"https:\/\/maps.google.com\/maps?q=porto%20venere%20montpellier%20et%20via%20brera%20motnpellier&#038;t=m&#038;z=14&#038;output=embed&#038;iwloc=near\"\n\t\t\t\t\ttitle=\"porto venere montpellier et via brera motnpellier\"\n\t\t\t\t\taria-label=\"porto venere montpellier et via brera motnpellier\"\n\t\t\t><\/iframe>\n\t\t<\/div>\n\t\t\t\t\t\t<\/div>\n\t\t\t\t<\/div>\n\t\t\t\t\t<\/div>\n\t\t<\/div>\n\t\t\t\t\t<\/div>\n\t\t<\/section>\n\t\t\t\t<section class=\"elementor-section elementor-top-section elementor-element elementor-element-23e50342 elementor-section-boxed elementor-section-height-default elementor-section-height-default\" data-id=\"23e50342\" data-element_type=\"section\" data-e-type=\"section\">\n\t\t\t\t\t\t<div class=\"elementor-container elementor-column-gap-default\">\n\t\t\t\t\t<div class=\"elementor-column elementor-col-100 elementor-top-column elementor-element elementor-element-4eb5bb85\" data-id=\"4eb5bb85\" data-element_type=\"column\" data-e-type=\"column\">\n\t\t\t<div class=\"elementor-widget-wrap elementor-element-populated\">\n\t\t\t\t\t\t<div class=\"elementor-element elementor-element-1deef3b9 elementor-widget elementor-widget-menu-anchor\" data-id=\"1deef3b9\" data-element_type=\"widget\" data-e-type=\"widget\" data-widget_type=\"menu-anchor.default\">\n\t\t\t\t<div class=\"elementor-widget-container\">\n\t\t\t\t\t\t\t<div class=\"elementor-menu-anchor\" id=\"formulaire\"><\/div>\n\t\t\t\t\t\t<\/div>\n\t\t\t\t<\/div>\n\t\t\t\t<div class=\"elementor-element elementor-element-4b0b2083 elementor-view-default elementor-position-block-start elementor-mobile-position-block-start elementor-widget elementor-widget-icon-box\" data-id=\"4b0b2083\" data-element_type=\"widget\" data-e-type=\"widget\" data-widget_type=\"icon-box.default\">\n\t\t\t\t<div class=\"elementor-widget-container\">\n\t\t\t\t\t\t\t<div class=\"elementor-icon-box-wrapper\">\n\n\t\t\t\t\t\t<div class=\"elementor-icon-box-icon\">\n\t\t\t\t<a href=\"#haut\" class=\"elementor-icon\" tabindex=\"-1\" aria-label=\"Retour haut de page\">\n\t\t\t\t<svg aria-hidden=\"true\" class=\"e-font-icon-svg e-far-arrow-alt-circle-up\" viewBox=\"0 0 512 512\" xmlns=\"http:\/\/www.w3.org\/2000\/svg\"><path d=\"M256 504c137 0 248-111 248-248S393 8 256 8 8 119 8 256s111 248 248 248zm0-448c110.5 0 200 89.5 200 200s-89.5 200-200 200S56 366.5 56 256 145.5 56 256 56zm20 328h-40c-6.6 0-12-5.4-12-12V256h-67c-10.7 0-16-12.9-8.5-20.5l99-99c4.7-4.7 12.3-4.7 17 0l99 99c7.6 7.6 2.2 20.5-8.5 20.5h-67v116c0 6.6-5.4 12-12 12z\"><\/path><\/svg>\t\t\t\t<\/a>\n\t\t\t<\/div>\n\t\t\t\n\t\t\t\t\t\t<div class=\"elementor-icon-box-content\">\n\n\t\t\t\t\t\t\t\t\t<div class=\"elementor-icon-box-title\">\n\t\t\t\t\t\t<a href=\"#haut\" >\n\t\t\t\t\t\t\tRetour haut de page\t\t\t\t\t\t<\/a>\n\t\t\t\t\t<\/div>\n\t\t\t\t\n\t\t\t\t\n\t\t\t<\/div>\n\t\t\t\n\t\t<\/div>\n\t\t\t\t\t\t<\/div>\n\t\t\t\t<\/div>\n\t\t\t\t\t<\/div>\n\t\t<\/div>\n\t\t\t\t\t<\/div>\n\t\t<\/section>\n\t\t\t\t<section class=\"elementor-section elementor-top-section elementor-element elementor-element-667e67b0 elementor-section-boxed elementor-section-height-default elementor-section-height-default\" data-id=\"667e67b0\" data-element_type=\"section\" data-e-type=\"section\">\n\t\t\t\t\t\t<div class=\"elementor-container elementor-column-gap-default\">\n\t\t\t\t\t<div class=\"elementor-column elementor-col-100 elementor-top-column elementor-element elementor-element-50dee439\" data-id=\"50dee439\" data-element_type=\"column\" data-e-type=\"column\">\n\t\t\t<div class=\"elementor-widget-wrap\">\n\t\t\t\t\t\t\t<\/div>\n\t\t<\/div>\n\t\t\t\t\t<\/div>\n\t\t<\/section>\n\t\t\t\t<section class=\"elementor-section elementor-top-section elementor-element elementor-element-400b0e1d elementor-section-boxed elementor-section-height-default elementor-section-height-default\" data-id=\"400b0e1d\" data-element_type=\"section\" data-e-type=\"section\">\n\t\t\t\t\t\t<div class=\"elementor-container elementor-column-gap-default\">\n\t\t\t\t\t<div class=\"elementor-column elementor-col-100 elementor-top-column elementor-element elementor-element-62a0720\" data-id=\"62a0720\" data-element_type=\"column\" data-e-type=\"column\">\n\t\t\t<div class=\"elementor-widget-wrap elementor-element-populated\">\n\t\t\t\t\t\t<div class=\"elementor-element elementor-element-2ff2865 elementor-widget elementor-widget-spacer\" data-id=\"2ff2865\" data-element_type=\"widget\" data-e-type=\"widget\" data-widget_type=\"spacer.default\">\n\t\t\t\t<div class=\"elementor-widget-container\">\n\t\t\t\t\t\t\t<div class=\"elementor-spacer\">\n\t\t\t<div class=\"elementor-spacer-inner\"><\/div>\n\t\t<\/div>\n\t\t\t\t\t\t<\/div>\n\t\t\t\t<\/div>\n\t\t\t\t\t<\/div>\n\t\t<\/div>\n\t\t\t\t\t<\/div>\n\t\t<\/section>\n\t\t\t\t<section class=\"elementor-section elementor-top-section elementor-element elementor-element-7120bd21 elementor-section-stretched elementor-section-boxed elementor-section-height-default elementor-section-height-default\" data-id=\"7120bd21\" data-element_type=\"section\" data-e-type=\"section\" data-settings=\"{&quot;stretch_section&quot;:&quot;section-stretched&quot;,&quot;background_background&quot;:&quot;classic&quot;}\">\n\t\t\t\t\t\t<div class=\"elementor-container elementor-column-gap-default\">\n\t\t\t\t\t<div class=\"elementor-column elementor-col-100 elementor-top-column elementor-element elementor-element-75608987\" data-id=\"75608987\" data-element_type=\"column\" data-e-type=\"column\">\n\t\t\t<div class=\"elementor-widget-wrap elementor-element-populated\">\n\t\t\t\t\t\t<div class=\"elementor-element elementor-element-7f14d022 elementor-widget-divider--view-line_text elementor-widget-divider--element-align-left elementor-invisible elementor-widget elementor-widget-divider\" data-id=\"7f14d022\" data-element_type=\"widget\" data-e-type=\"widget\" data-settings=\"{&quot;_animation&quot;:&quot;fadeInLeft&quot;,&quot;motion_fx_motion_fx_scrolling&quot;:&quot;yes&quot;,&quot;motion_fx_translateX_effect&quot;:&quot;yes&quot;,&quot;motion_fx_translateX_affectedRange&quot;:{&quot;unit&quot;:&quot;%&quot;,&quot;size&quot;:&quot;&quot;,&quot;sizes&quot;:{&quot;start&quot;:37,&quot;end&quot;:56}},&quot;motion_fx_translateX_speed&quot;:{&quot;unit&quot;:&quot;px&quot;,&quot;size&quot;:0.7,&quot;sizes&quot;:[]},&quot;motion_fx_devices&quot;:[&quot;desktop&quot;,&quot;tablet&quot;,&quot;mobile&quot;]}\" data-widget_type=\"divider.default\">\n\t\t\t\t<div class=\"elementor-widget-container\">\n\t\t\t\t\t\t\t<div class=\"elementor-divider\">\n\t\t\t<span class=\"elementor-divider-separator\">\n\t\t\t\t\t\t\t<h6 class=\"elementor-divider__text elementor-divider__element\">\n\t\t\t\t<b>FORMULAIRE<\/b> DE CONTACT<\/b>\t\t\t\t<\/h6>\n\t\t\t\t\t\t<\/span>\n\t\t<\/div>\n\t\t\t\t\t\t<\/div>\n\t\t\t\t<\/div>\n\t\t\t\t<div class=\"elementor-element elementor-element-30b04139 elementor-tablet-button-align-end elementor-mobile-button-align-stretch elementor-button-align-stretch elementor-widget elementor-widget-form\" data-id=\"30b04139\" data-element_type=\"widget\" data-e-type=\"widget\" data-settings=\"{&quot;step_next_label&quot;:&quot;Suivant&quot;,&quot;step_previous_label&quot;:&quot;Pr\\u00e9c\\u00e9dent&quot;,&quot;button_width&quot;:&quot;30&quot;,&quot;step_type&quot;:&quot;progress_bar&quot;,&quot;button_width_tablet&quot;:&quot;100&quot;}\" data-widget_type=\"form.default\">\n\t\t\t\t<div class=\"elementor-widget-container\">\n\t\t\t\t\t\t\t<form class=\"elementor-form\" method=\"post\" name=\"Formulaire de contact\" aria-label=\"Formulaire de contact\">\n\t\t\t<input type=\"hidden\" name=\"post_id\" value=\"66259\"\/>\n\t\t\t<input type=\"hidden\" name=\"form_id\" value=\"30b04139\"\/>\n\t\t\t<input type=\"hidden\" name=\"referer_title\" value=\"Cuisines d\u2019exposition Modulnova et Nolte \u00e0 -50% - Porto Venere Montpellier\" \/>\n\n\t\t\t\t\t\t\t<input type=\"hidden\" name=\"queried_id\" value=\"66259\"\/>\n\t\t\t\n\t\t\t<div class=\"elementor-form-fields-wrapper elementor-labels-above\">\n\t\t\t\t\t\t\t\t<div class=\"elementor-field-type-step elementor-field-group elementor-column elementor-field-group-field_f749e7a elementor-col-100\">\n\t\t\t\t\t\t\t<div class=\"e-field-step elementor-hidden\" data-label=\"\" data-previousButton=\"\" data-nextButton=\"\" data-iconUrl=\"\" data-iconLibrary=\"fas fa-star\" data-icon=\"&lt;svg class=&quot;e-font-icon-svg e-fas-star&quot; viewBox=&quot;0 0 576 512&quot; xmlns=&quot;http:\/\/www.w3.org\/2000\/svg&quot;&gt;&lt;path d=&quot;M259.3 17.8L194 150.2 47.9 171.5c-26.2 3.8-36.7 36.1-17.7 54.6l105.7 103-25 145.5c-4.5 26.3 23.2 46 46.4 33.7L288 439.6l130.7 68.7c23.2 12.2 50.9-7.4 46.4-33.7l-25-145.5 105.7-103c19-18.5 8.5-50.8-17.7-54.6L382 150.2 316.7 17.8c-11.7-23.6-45.6-23.9-57.4 0z&quot;&gt;&lt;\/path&gt;&lt;\/svg&gt;\" ><\/div>\n\n\t\t\t\t\t\t<\/div>\n\t\t\t\t\t\t\t\t<div class=\"elementor-field-type-select elementor-field-group elementor-column elementor-field-group-field_4ed5107 elementor-col-30 elementor-md-33 elementor-field-required elementor-mark-required\">\n\t\t\t\t\t\t\t\t\t\t\t\t<label for=\"form-field-field_4ed5107\" class=\"elementor-field-label\">\n\t\t\t\t\t\t\t\tDemande de\t\t\t\t\t\t\t<\/label>\n\t\t\t\t\t\t\t\t<div class=\"elementor-field elementor-select-wrapper remove-before \">\n\t\t\t<div class=\"select-caret-down-wrapper\">\n\t\t\t\t<svg aria-hidden=\"true\" class=\"e-font-icon-svg e-eicon-caret-down\" viewBox=\"0 0 571.4 571.4\" xmlns=\"http:\/\/www.w3.org\/2000\/svg\"><path d=\"M571 393Q571 407 561 418L311 668Q300 679 286 679T261 668L11 418Q0 407 0 393T11 368 36 357H536Q550 357 561 368T571 393Z\"><\/path><\/svg>\t\t\t<\/div>\n\t\t\t<select name=\"form_fields[field_4ed5107]\" id=\"form-field-field_4ed5107\" class=\"elementor-field-textual elementor-size-md\" required=\"required\">\n\t\t\t\t\t\t\t\t\t<option value=\"Information produit\">Information produit<\/option>\n\t\t\t\t\t\t\t\t\t<option value=\"Autre demande\">Autre demande<\/option>\n\t\t\t\t\t\t\t<\/select>\n\t\t<\/div>\n\t\t\t\t\t\t<\/div>\n\t\t\t\t\t\t\t\t<div class=\"elementor-field-type-text elementor-field-group elementor-column elementor-field-group-field_dd662c2 elementor-col-40 elementor-md-33 elementor-field-required elementor-mark-required\">\n\t\t\t\t\t\t\t\t\t\t\t\t<label for=\"form-field-field_dd662c2\" class=\"elementor-field-label\">\n\t\t\t\t\t\t\t\tMessage\t\t\t\t\t\t\t<\/label>\n\t\t\t\t\t\t\t\t\t\t\t\t\t\t<input size=\"1\" type=\"text\" name=\"form_fields[field_dd662c2]\" id=\"form-field-field_dd662c2\" class=\"elementor-field elementor-size-md  elementor-field-textual\" placeholder=\"Message\" required=\"required\">\n\t\t\t\t\t\t\t\t\t\t\t<\/div>\n\t\t\t\t\t\t\t\t<div class=\"elementor-field-type-upload elementor-field-group elementor-column elementor-field-group-field_152eec9 elementor-col-20 elementor-md-25\">\n\t\t\t\t\t\t\t\t\t\t\t\t<label for=\"form-field-field_152eec9\" class=\"elementor-field-label\">\n\t\t\t\t\t\t\t\tEnvoyer un \u00e9l\u00e9ment\t\t\t\t\t\t\t<\/label>\n\t\t\t\t\t\t\t\t<input type=\"file\" name=\"form_fields[field_152eec9]\" id=\"form-field-field_152eec9\" class=\"elementor-field elementor-size-md  elementor-upload-field\" data-maxsize=\"16\" data-maxsize-message=\"Ce fichier d\u00e9passe la taille maximale autoris\u00e9e.\">\n\n\t\t\t\t\t\t<\/div>\n\t\t\t\t\t\t\t\t<div class=\"elementor-field-type-text elementor-field-group elementor-column elementor-field-group-name elementor-col-30 elementor-md-25 elementor-field-required elementor-mark-required\">\n\t\t\t\t\t\t\t\t\t\t\t\t<label for=\"form-field-name\" class=\"elementor-field-label\">\n\t\t\t\t\t\t\t\tNom\t\t\t\t\t\t\t<\/label>\n\t\t\t\t\t\t\t\t\t\t\t\t\t\t<input size=\"1\" type=\"text\" name=\"form_fields[name]\" id=\"form-field-name\" class=\"elementor-field elementor-size-md  elementor-field-textual\" placeholder=\"Nom\" required=\"required\">\n\t\t\t\t\t\t\t\t\t\t\t<\/div>\n\t\t\t\t\t\t\t\t<div class=\"elementor-field-type-text elementor-field-group elementor-column elementor-field-group-field_e9b9d6b elementor-col-20 elementor-md-25 elementor-field-required elementor-mark-required\">\n\t\t\t\t\t\t\t\t\t\t\t\t<label for=\"form-field-field_e9b9d6b\" class=\"elementor-field-label\">\n\t\t\t\t\t\t\t\tPr\u00e9nom\t\t\t\t\t\t\t<\/label>\n\t\t\t\t\t\t\t\t\t\t\t\t\t\t<input size=\"1\" type=\"text\" name=\"form_fields[field_e9b9d6b]\" id=\"form-field-field_e9b9d6b\" class=\"elementor-field elementor-size-md  elementor-field-textual\" placeholder=\"Pr\u00e9nom\" required=\"required\">\n\t\t\t\t\t\t\t\t\t\t\t<\/div>\n\t\t\t\t\t\t\t\t<div class=\"elementor-field-type-select elementor-field-group elementor-column elementor-field-group-field_b11487c elementor-col-20 elementor-md-25 elementor-field-required elementor-mark-required\">\n\t\t\t\t\t\t\t\t\t\t\t\t<label for=\"form-field-field_b11487c\" class=\"elementor-field-label\">\n\t\t\t\t\t\t\t\tJe suis un\t\t\t\t\t\t\t<\/label>\n\t\t\t\t\t\t\t\t<div class=\"elementor-field elementor-select-wrapper remove-before \">\n\t\t\t<div class=\"select-caret-down-wrapper\">\n\t\t\t\t<svg aria-hidden=\"true\" class=\"e-font-icon-svg e-eicon-caret-down\" viewBox=\"0 0 571.4 571.4\" xmlns=\"http:\/\/www.w3.org\/2000\/svg\"><path d=\"M571 393Q571 407 561 418L311 668Q300 679 286 679T261 668L11 418Q0 407 0 393T11 368 36 357H536Q550 357 561 368T571 393Z\"><\/path><\/svg>\t\t\t<\/div>\n\t\t\t<select name=\"form_fields[field_b11487c]\" id=\"form-field-field_b11487c\" class=\"elementor-field-textual elementor-size-md\" required=\"required\">\n\t\t\t\t\t\t\t\t\t<option value=\"Particulier\" selected=\"selected\">Particulier<\/option>\n\t\t\t\t\t\t\t\t\t<option value=\"Professionnel\">Professionnel<\/option>\n\t\t\t\t\t\t\t\t\t<option value=\"Revendeur\">Revendeur<\/option>\n\t\t\t\t\t\t\t\t\t<option value=\"Autre\">Autre<\/option>\n\t\t\t\t\t\t\t<\/select>\n\t\t<\/div>\n\t\t\t\t\t\t<\/div>\n\t\t\t\t\t\t\t\t<div class=\"elementor-field-type-step elementor-field-group elementor-column elementor-field-group-field_13d8f23 elementor-col-100\">\n\t\t\t\t\t\t\t<div class=\"e-field-step elementor-hidden\" data-label=\"\" data-previousButton=\"Pr\u00e9c\u00e9dent\" data-nextButton=\"Suivant\" data-iconUrl=\"\" data-iconLibrary=\"fas fa-star\" data-icon=\"&lt;svg class=&quot;e-font-icon-svg e-fas-star&quot; viewBox=&quot;0 0 576 512&quot; xmlns=&quot;http:\/\/www.w3.org\/2000\/svg&quot;&gt;&lt;path d=&quot;M259.3 17.8L194 150.2 47.9 171.5c-26.2 3.8-36.7 36.1-17.7 54.6l105.7 103-25 145.5c-4.5 26.3 23.2 46 46.4 33.7L288 439.6l130.7 68.7c23.2 12.2 50.9-7.4 46.4-33.7l-25-145.5 105.7-103c19-18.5 8.5-50.8-17.7-54.6L382 150.2 316.7 17.8c-11.7-23.6-45.6-23.9-57.4 0z&quot;&gt;&lt;\/path&gt;&lt;\/svg&gt;\" ><\/div>\n\n\t\t\t\t\t\t<\/div>\n\t\t\t\t\t\t\t\t<div class=\"elementor-field-type-tel elementor-field-group elementor-column elementor-field-group-field_12617a1 elementor-col-25 elementor-md-25 elementor-field-required elementor-mark-required\">\n\t\t\t\t\t\t\t\t\t\t\t\t<label for=\"form-field-field_12617a1\" class=\"elementor-field-label\">\n\t\t\t\t\t\t\t\tT\u00e9l\u00e9phone\t\t\t\t\t\t\t<\/label>\n\t\t\t\t\t\t\t\t<input size=\"1\" type=\"tel\" name=\"form_fields[field_12617a1]\" id=\"form-field-field_12617a1\" class=\"elementor-field elementor-size-md  elementor-field-textual\" placeholder=\"T\u00e9l\u00e9phone\" required=\"required\" pattern=\"[0-9()#&amp;+*-=.]+\" title=\"Seuls les caract\u00e8res de num\u00e9ros de t\u00e9l\u00e9phone (#, -, *, etc.) sont accept\u00e9s.\">\n\n\t\t\t\t\t\t<\/div>\n\t\t\t\t\t\t\t\t<div class=\"elementor-field-type-email elementor-field-group elementor-column elementor-field-group-email elementor-col-40 elementor-md-40 elementor-field-required elementor-mark-required\">\n\t\t\t\t\t\t\t\t\t\t\t\t<label for=\"form-field-email\" class=\"elementor-field-label\">\n\t\t\t\t\t\t\t\tEmail\t\t\t\t\t\t\t<\/label>\n\t\t\t\t\t\t\t\t\t\t\t\t\t\t<input size=\"1\" type=\"email\" name=\"form_fields[email]\" id=\"form-field-email\" class=\"elementor-field elementor-size-md  elementor-field-textual\" placeholder=\"Email\" required=\"required\">\n\t\t\t\t\t\t\t\t\t\t\t<\/div>\n\t\t\t\t\t\t\t\t<div class=\"elementor-field-type-text elementor-field-group elementor-column elementor-field-group-field_ca118e7 elementor-col-25 elementor-md-25\">\n\t\t\t\t\t\t\t\t\t\t\t\t<label for=\"form-field-field_ca118e7\" class=\"elementor-field-label\">\n\t\t\t\t\t\t\t\tCode postal\t\t\t\t\t\t\t<\/label>\n\t\t\t\t\t\t\t\t\t\t\t\t\t\t<input size=\"1\" type=\"text\" name=\"form_fields[field_ca118e7]\" id=\"form-field-field_ca118e7\" class=\"elementor-field elementor-size-md  elementor-field-textual\" placeholder=\"Code postal\">\n\t\t\t\t\t\t\t\t\t\t\t<\/div>\n\t\t\t\t\t\t\t\t<div class=\"elementor-field-type-text elementor-field-group elementor-column elementor-field-group-field_d9e377a elementor-col-33 elementor-md-33\">\n\t\t\t\t\t\t\t\t\t\t\t\t<label for=\"form-field-field_d9e377a\" class=\"elementor-field-label\">\n\t\t\t\t\t\t\t\tVille\t\t\t\t\t\t\t<\/label>\n\t\t\t\t\t\t\t\t\t\t\t\t\t\t<input size=\"1\" type=\"text\" name=\"form_fields[field_d9e377a]\" id=\"form-field-field_d9e377a\" class=\"elementor-field elementor-size-md  elementor-field-textual\" placeholder=\"Ville\">\n\t\t\t\t\t\t\t\t\t\t\t<\/div>\n\t\t\t\t\t\t\t\t<div class=\"elementor-field-type-text elementor-field-group elementor-column elementor-field-group-field_5a3609b elementor-col-33 elementor-md-25\">\n\t\t\t\t\t\t\t\t\t\t\t\t<label for=\"form-field-field_5a3609b\" class=\"elementor-field-label\">\n\t\t\t\t\t\t\t\tPays\t\t\t\t\t\t\t<\/label>\n\t\t\t\t\t\t\t\t\t\t\t\t\t\t<input size=\"1\" type=\"text\" name=\"form_fields[field_5a3609b]\" id=\"form-field-field_5a3609b\" class=\"elementor-field elementor-size-md  elementor-field-textual\" placeholder=\"Pays\" value=\"France\">\n\t\t\t\t\t\t\t\t\t\t\t<\/div>\n\t\t\t\t\t\t\t\t<div class=\"elementor-field-type-recaptcha_v3 elementor-field-group elementor-column elementor-field-group-field_8347667 elementor-col-100 recaptcha_v3-bottomright\">\n\t\t\t\t\t<div class=\"elementor-field\" id=\"form-field-field_8347667\"><div class=\"elementor-g-recaptcha\" data-sitekey=\"6Ldn54QUAAAAAOEznJOfGEiW59cpKp35qcEKFkzs\" data-type=\"v3\" data-action=\"Form\" data-badge=\"bottomright\" data-size=\"invisible\"><\/div><\/div>\t\t\t\t<\/div>\n\t\t\t\t\t\t\t\t<div class=\"elementor-field-group elementor-column elementor-field-type-submit elementor-col-30 e-form__buttons elementor-md-100\">\n\t\t\t\t\t<button class=\"elementor-button elementor-size-md elementor-animation-grow\" type=\"submit\">\n\t\t\t\t\t\t<span class=\"elementor-button-content-wrapper\">\n\t\t\t\t\t\t\t\t\t\t\t\t\t\t\t\t\t\t\t\t\t\t<span class=\"elementor-button-text\">Envoyer<\/span>\n\t\t\t\t\t\t\t\t\t\t\t\t\t<\/span>\n\t\t\t\t\t<\/button>\n\t\t\t\t<\/div>\n\t\t\t<\/div>\n\t\t<\/form>\n\t\t\t\t\t\t<\/div>\n\t\t\t\t<\/div>\n\t\t\t\t\t<\/div>\n\t\t<\/div>\n\t\t\t\t\t<\/div>\n\t\t<\/section>\n\t\t\t\t<\/div>\n\t\t","protected":false},"excerpt":{"rendered":"<p>Cuisines d&rsquo;exposition Modulnova et Nolte \u00e0 -50% chez Porto Venere ! A d\u00e9couvrir dans nos 2 showrooms Via Brera et Porto Venere Montpellier.<\/p>\n","protected":false},"author":1,"featured_media":66261,"parent":0,"menu_order":0,"comment_status":"closed","ping_status":"closed","template":"","meta":{"_monsterinsights_skip_tracking":false,"_monsterinsights_sitenote_active":false,"_monsterinsights_sitenote_note":"","_monsterinsights_sitenote_category":0,"_uf_show_specific_survey":0,"_uf_disable_surveys":false,"footnotes":""},"class_list":["post-66259","page","type-page","status-publish","has-post-thumbnail","hentry"],"yoast_head":"<!-- This site is optimized with the Yoast SEO plugin v27.5 - https:\/\/yoast.com\/product\/yoast-seo-wordpress\/ -->\n<title>Cuisines d\u2019exposition Modulnova et Nolte \u00e0 -50% - Porto Venere Montpellier<\/title>\n<meta name=\"description\" content=\"Cuisines d&#039;exposition Modulnova et Nolte \u00e0 -50% chez Porto Venere ! A d\u00e9couvrir dans nos 2 showrooms Via Brera et Porto Venere Montpellier.\" \/>\n<meta name=\"robots\" content=\"index, follow, max-snippet:-1, max-image-preview:large, max-video-preview:-1\" \/>\n<link rel=\"canonical\" href=\"https:\/\/www.portovenere.fr\/fr-fr\/cuisines-d-exposition-modulnova-et-nolte-promotions\/\" \/>\n<meta property=\"og:locale\" content=\"fr_FR\" \/>\n<meta property=\"og:type\" content=\"article\" \/>\n<meta property=\"og:title\" content=\"Cuisines d\u2019exposition Modulnova et Nolte \u00e0 -50% - Porto Venere Montpellier\" \/>\n<meta property=\"og:description\" content=\"Cuisines d&#039;exposition Modulnova et Nolte \u00e0 -50% chez Porto Venere ! A d\u00e9couvrir dans nos 2 showrooms Via Brera et Porto Venere Montpellier.\" \/>\n<meta property=\"og:url\" content=\"https:\/\/www.portovenere.fr\/fr-fr\/cuisines-d-exposition-modulnova-et-nolte-promotions\/\" \/>\n<meta property=\"og:site_name\" content=\"Porto Venere\" \/>\n<meta property=\"article:publisher\" content=\"https:\/\/www.facebook.com\/portovenere34\/\" \/>\n<meta property=\"article:modified_time\" content=\"2026-03-26T07:09:53+00:00\" \/>\n<meta property=\"og:image\" content=\"https:\/\/www.portovenere.fr\/fr-fr\/wp-content\/uploads\/2025\/10\/Vente-cuisine-dexposition-Modulnova-50-Magasin-cuisiniste-haut-de-gamme-Porto-Venere-et-Via-Brera-a-Montpellier-34.jpg\" \/>\n\t<meta property=\"og:image:width\" content=\"1024\" \/>\n\t<meta property=\"og:image:height\" content=\"683\" \/>\n\t<meta property=\"og:image:type\" content=\"image\/jpeg\" \/>\n<meta name=\"twitter:card\" content=\"summary_large_image\" \/>\n<meta name=\"twitter:label1\" content=\"Dur\u00e9e de lecture estim\u00e9e\" \/>\n\t<meta name=\"twitter:data1\" content=\"4 minutes\" \/>\n<script type=\"application\/ld+json\" class=\"yoast-schema-graph\">{\"@context\":\"https:\\\/\\\/schema.org\",\"@graph\":[{\"@type\":\"WebPage\",\"@id\":\"https:\\\/\\\/www.portovenere.fr\\\/fr-fr\\\/cuisines-d-exposition-modulnova-et-nolte-promotions\\\/\",\"url\":\"https:\\\/\\\/www.portovenere.fr\\\/fr-fr\\\/cuisines-d-exposition-modulnova-et-nolte-promotions\\\/\",\"name\":\"Cuisines d\u2019exposition Modulnova et Nolte \u00e0 -50% - Porto Venere Montpellier\",\"isPartOf\":{\"@id\":\"https:\\\/\\\/www.portovenere.fr\\\/fr-fr\\\/#website\"},\"primaryImageOfPage\":{\"@id\":\"https:\\\/\\\/www.portovenere.fr\\\/fr-fr\\\/cuisines-d-exposition-modulnova-et-nolte-promotions\\\/#primaryimage\"},\"image\":{\"@id\":\"https:\\\/\\\/www.portovenere.fr\\\/fr-fr\\\/cuisines-d-exposition-modulnova-et-nolte-promotions\\\/#primaryimage\"},\"thumbnailUrl\":\"https:\\\/\\\/www.portovenere.fr\\\/fr-fr\\\/wp-content\\\/uploads\\\/2025\\\/10\\\/Vente-cuisine-dexposition-Modulnova-50-Magasin-cuisiniste-haut-de-gamme-Porto-Venere-et-Via-Brera-a-Montpellier-34.jpg\",\"datePublished\":\"2025-10-16T10:39:34+00:00\",\"dateModified\":\"2026-03-26T07:09:53+00:00\",\"description\":\"Cuisines d'exposition Modulnova et Nolte \u00e0 -50% chez Porto Venere ! A d\u00e9couvrir dans nos 2 showrooms Via Brera et Porto Venere Montpellier.\",\"breadcrumb\":{\"@id\":\"https:\\\/\\\/www.portovenere.fr\\\/fr-fr\\\/cuisines-d-exposition-modulnova-et-nolte-promotions\\\/#breadcrumb\"},\"inLanguage\":\"fr-FR\",\"potentialAction\":[{\"@type\":\"ReadAction\",\"target\":[\"https:\\\/\\\/www.portovenere.fr\\\/fr-fr\\\/cuisines-d-exposition-modulnova-et-nolte-promotions\\\/\"]}]},{\"@type\":\"ImageObject\",\"inLanguage\":\"fr-FR\",\"@id\":\"https:\\\/\\\/www.portovenere.fr\\\/fr-fr\\\/cuisines-d-exposition-modulnova-et-nolte-promotions\\\/#primaryimage\",\"url\":\"https:\\\/\\\/www.portovenere.fr\\\/fr-fr\\\/wp-content\\\/uploads\\\/2025\\\/10\\\/Vente-cuisine-dexposition-Modulnova-50-Magasin-cuisiniste-haut-de-gamme-Porto-Venere-et-Via-Brera-a-Montpellier-34.jpg\",\"contentUrl\":\"https:\\\/\\\/www.portovenere.fr\\\/fr-fr\\\/wp-content\\\/uploads\\\/2025\\\/10\\\/Vente-cuisine-dexposition-Modulnova-50-Magasin-cuisiniste-haut-de-gamme-Porto-Venere-et-Via-Brera-a-Montpellier-34.jpg\",\"width\":1024,\"height\":683,\"caption\":\"Vente mod\u00e8le cuisine d'exposition de marque italienne Modulnova haut de gamme magasin PORTO VENERE et VIA BRERA \u00e0 Montpellier H\u00e9rault 34\"},{\"@type\":\"BreadcrumbList\",\"@id\":\"https:\\\/\\\/www.portovenere.fr\\\/fr-fr\\\/cuisines-d-exposition-modulnova-et-nolte-promotions\\\/#breadcrumb\",\"itemListElement\":[{\"@type\":\"ListItem\",\"position\":1,\"name\":\"Page d'accueil\",\"item\":\"https:\\\/\\\/www.portovenere.fr\\\/fr-fr\\\/\"},{\"@type\":\"ListItem\",\"position\":2,\"name\":\"Cuisines d\u2019exposition Modulnova et Nolte \u00e0 -50% \u2014 Showrooms Porto Venere &amp; Via Brera Montpellier\"}]},{\"@type\":\"WebSite\",\"@id\":\"https:\\\/\\\/www.portovenere.fr\\\/fr-fr\\\/#website\",\"url\":\"https:\\\/\\\/www.portovenere.fr\\\/fr-fr\\\/\",\"name\":\"Porto Venere\",\"description\":\"Magasin de carrelage, cuisine, salle de bain \u00e0 Montpellier dans l&#039;H\u00e9rault\",\"publisher\":{\"@id\":\"https:\\\/\\\/www.portovenere.fr\\\/fr-fr\\\/#organization\"},\"potentialAction\":[{\"@type\":\"SearchAction\",\"target\":{\"@type\":\"EntryPoint\",\"urlTemplate\":\"https:\\\/\\\/www.portovenere.fr\\\/fr-fr\\\/?s={search_term_string}\"},\"query-input\":{\"@type\":\"PropertyValueSpecification\",\"valueRequired\":true,\"valueName\":\"search_term_string\"}}],\"inLanguage\":\"fr-FR\"},{\"@type\":\"Organization\",\"@id\":\"https:\\\/\\\/www.portovenere.fr\\\/fr-fr\\\/#organization\",\"name\":\"Porto Venere - Carrelage Usine Center SARL\",\"url\":\"https:\\\/\\\/www.portovenere.fr\\\/fr-fr\\\/\",\"logo\":{\"@type\":\"ImageObject\",\"inLanguage\":\"fr-FR\",\"@id\":\"https:\\\/\\\/www.portovenere.fr\\\/fr-fr\\\/#\\\/schema\\\/logo\\\/image\\\/\",\"url\":\"https:\\\/\\\/www.portovenere.fr\\\/fr-fr\\\/wp-content\\\/uploads\\\/2019\\\/05\\\/logo3.png\",\"contentUrl\":\"https:\\\/\\\/www.portovenere.fr\\\/fr-fr\\\/wp-content\\\/uploads\\\/2019\\\/05\\\/logo3.png\",\"width\":388,\"height\":120,\"caption\":\"Porto Venere - Carrelage Usine Center SARL\"},\"image\":{\"@id\":\"https:\\\/\\\/www.portovenere.fr\\\/fr-fr\\\/#\\\/schema\\\/logo\\\/image\\\/\"},\"sameAs\":[\"https:\\\/\\\/www.facebook.com\\\/portovenere34\\\/\",\"https:\\\/\\\/www.instagram.com\\\/porto.venere\\\/\",\"https:\\\/\\\/www.linkedin.com\\\/company\\\/porto-venere-montpellier\\\/\",\"https:\\\/\\\/www.pinterest.fr\\\/portovenere34\\\/\"]}]}<\/script>\n<!-- \/ Yoast SEO plugin. -->","yoast_head_json":{"title":"Cuisines d\u2019exposition Modulnova et Nolte \u00e0 -50% - Porto Venere Montpellier","description":"Cuisines d'exposition Modulnova et Nolte \u00e0 -50% chez Porto Venere ! A d\u00e9couvrir dans nos 2 showrooms Via Brera et Porto Venere Montpellier.","robots":{"index":"index","follow":"follow","max-snippet":"max-snippet:-1","max-image-preview":"max-image-preview:large","max-video-preview":"max-video-preview:-1"},"canonical":"https:\/\/www.portovenere.fr\/fr-fr\/cuisines-d-exposition-modulnova-et-nolte-promotions\/","og_locale":"fr_FR","og_type":"article","og_title":"Cuisines d\u2019exposition Modulnova et Nolte \u00e0 -50% - Porto Venere Montpellier","og_description":"Cuisines d'exposition Modulnova et Nolte \u00e0 -50% chez Porto Venere ! A d\u00e9couvrir dans nos 2 showrooms Via Brera et Porto Venere Montpellier.","og_url":"https:\/\/www.portovenere.fr\/fr-fr\/cuisines-d-exposition-modulnova-et-nolte-promotions\/","og_site_name":"Porto Venere","article_publisher":"https:\/\/www.facebook.com\/portovenere34\/","article_modified_time":"2026-03-26T07:09:53+00:00","og_image":[{"width":1024,"height":683,"url":"https:\/\/www.portovenere.fr\/fr-fr\/wp-content\/uploads\/2025\/10\/Vente-cuisine-dexposition-Modulnova-50-Magasin-cuisiniste-haut-de-gamme-Porto-Venere-et-Via-Brera-a-Montpellier-34.jpg","type":"image\/jpeg"}],"twitter_card":"summary_large_image","twitter_misc":{"Dur\u00e9e de lecture estim\u00e9e":"4 minutes"},"schema":{"@context":"https:\/\/schema.org","@graph":[{"@type":"WebPage","@id":"https:\/\/www.portovenere.fr\/fr-fr\/cuisines-d-exposition-modulnova-et-nolte-promotions\/","url":"https:\/\/www.portovenere.fr\/fr-fr\/cuisines-d-exposition-modulnova-et-nolte-promotions\/","name":"Cuisines d\u2019exposition Modulnova et Nolte \u00e0 -50% - Porto Venere Montpellier","isPartOf":{"@id":"https:\/\/www.portovenere.fr\/fr-fr\/#website"},"primaryImageOfPage":{"@id":"https:\/\/www.portovenere.fr\/fr-fr\/cuisines-d-exposition-modulnova-et-nolte-promotions\/#primaryimage"},"image":{"@id":"https:\/\/www.portovenere.fr\/fr-fr\/cuisines-d-exposition-modulnova-et-nolte-promotions\/#primaryimage"},"thumbnailUrl":"https:\/\/www.portovenere.fr\/fr-fr\/wp-content\/uploads\/2025\/10\/Vente-cuisine-dexposition-Modulnova-50-Magasin-cuisiniste-haut-de-gamme-Porto-Venere-et-Via-Brera-a-Montpellier-34.jpg","datePublished":"2025-10-16T10:39:34+00:00","dateModified":"2026-03-26T07:09:53+00:00","description":"Cuisines d'exposition Modulnova et Nolte \u00e0 -50% chez Porto Venere ! A d\u00e9couvrir dans nos 2 showrooms Via Brera et Porto Venere Montpellier.","breadcrumb":{"@id":"https:\/\/www.portovenere.fr\/fr-fr\/cuisines-d-exposition-modulnova-et-nolte-promotions\/#breadcrumb"},"inLanguage":"fr-FR","potentialAction":[{"@type":"ReadAction","target":["https:\/\/www.portovenere.fr\/fr-fr\/cuisines-d-exposition-modulnova-et-nolte-promotions\/"]}]},{"@type":"ImageObject","inLanguage":"fr-FR","@id":"https:\/\/www.portovenere.fr\/fr-fr\/cuisines-d-exposition-modulnova-et-nolte-promotions\/#primaryimage","url":"https:\/\/www.portovenere.fr\/fr-fr\/wp-content\/uploads\/2025\/10\/Vente-cuisine-dexposition-Modulnova-50-Magasin-cuisiniste-haut-de-gamme-Porto-Venere-et-Via-Brera-a-Montpellier-34.jpg","contentUrl":"https:\/\/www.portovenere.fr\/fr-fr\/wp-content\/uploads\/2025\/10\/Vente-cuisine-dexposition-Modulnova-50-Magasin-cuisiniste-haut-de-gamme-Porto-Venere-et-Via-Brera-a-Montpellier-34.jpg","width":1024,"height":683,"caption":"Vente mod\u00e8le cuisine d'exposition de marque italienne Modulnova haut de gamme magasin PORTO VENERE et VIA BRERA \u00e0 Montpellier H\u00e9rault 34"},{"@type":"BreadcrumbList","@id":"https:\/\/www.portovenere.fr\/fr-fr\/cuisines-d-exposition-modulnova-et-nolte-promotions\/#breadcrumb","itemListElement":[{"@type":"ListItem","position":1,"name":"Page d'accueil","item":"https:\/\/www.portovenere.fr\/fr-fr\/"},{"@type":"ListItem","position":2,"name":"Cuisines d\u2019exposition Modulnova et Nolte \u00e0 -50% \u2014 Showrooms Porto Venere &amp; Via Brera Montpellier"}]},{"@type":"WebSite","@id":"https:\/\/www.portovenere.fr\/fr-fr\/#website","url":"https:\/\/www.portovenere.fr\/fr-fr\/","name":"Porto Venere","description":"Magasin de carrelage, cuisine, salle de bain \u00e0 Montpellier dans l&#039;H\u00e9rault","publisher":{"@id":"https:\/\/www.portovenere.fr\/fr-fr\/#organization"},"potentialAction":[{"@type":"SearchAction","target":{"@type":"EntryPoint","urlTemplate":"https:\/\/www.portovenere.fr\/fr-fr\/?s={search_term_string}"},"query-input":{"@type":"PropertyValueSpecification","valueRequired":true,"valueName":"search_term_string"}}],"inLanguage":"fr-FR"},{"@type":"Organization","@id":"https:\/\/www.portovenere.fr\/fr-fr\/#organization","name":"Porto Venere - Carrelage Usine Center SARL","url":"https:\/\/www.portovenere.fr\/fr-fr\/","logo":{"@type":"ImageObject","inLanguage":"fr-FR","@id":"https:\/\/www.portovenere.fr\/fr-fr\/#\/schema\/logo\/image\/","url":"https:\/\/www.portovenere.fr\/fr-fr\/wp-content\/uploads\/2019\/05\/logo3.png","contentUrl":"https:\/\/www.portovenere.fr\/fr-fr\/wp-content\/uploads\/2019\/05\/logo3.png","width":388,"height":120,"caption":"Porto Venere - Carrelage Usine Center SARL"},"image":{"@id":"https:\/\/www.portovenere.fr\/fr-fr\/#\/schema\/logo\/image\/"},"sameAs":["https:\/\/www.facebook.com\/portovenere34\/","https:\/\/www.instagram.com\/porto.venere\/","https:\/\/www.linkedin.com\/company\/porto-venere-montpellier\/","https:\/\/www.pinterest.fr\/portovenere34\/"]}]}},"_links":{"self":[{"href":"https:\/\/www.portovenere.fr\/fr-fr\/wp-json\/wp\/v2\/pages\/66259","targetHints":{"allow":["GET"]}}],"collection":[{"href":"https:\/\/www.portovenere.fr\/fr-fr\/wp-json\/wp\/v2\/pages"}],"about":[{"href":"https:\/\/www.portovenere.fr\/fr-fr\/wp-json\/wp\/v2\/types\/page"}],"author":[{"embeddable":true,"href":"https:\/\/www.portovenere.fr\/fr-fr\/wp-json\/wp\/v2\/users\/1"}],"replies":[{"embeddable":true,"href":"https:\/\/www.portovenere.fr\/fr-fr\/wp-json\/wp\/v2\/comments?post=66259"}],"version-history":[{"count":115,"href":"https:\/\/www.portovenere.fr\/fr-fr\/wp-json\/wp\/v2\/pages\/66259\/revisions"}],"predecessor-version":[{"id":70046,"href":"https:\/\/www.portovenere.fr\/fr-fr\/wp-json\/wp\/v2\/pages\/66259\/revisions\/70046"}],"wp:featuredmedia":[{"embeddable":true,"href":"https:\/\/www.portovenere.fr\/fr-fr\/wp-json\/wp\/v2\/media\/66261"}],"wp:attachment":[{"href":"https:\/\/www.portovenere.fr\/fr-fr\/wp-json\/wp\/v2\/media?parent=66259"}],"curies":[{"name":"wp","href":"https:\/\/api.w.org\/{rel}","templated":true}]}}