{"id":67528,"date":"2025-11-25T09:24:41","date_gmt":"2025-11-25T08:24:41","guid":{"rendered":"https:\/\/www.portovenere.fr\/fr-fr\/?page_id=67528"},"modified":"2026-01-26T16:28:06","modified_gmt":"2026-01-26T15:28:06","slug":"archives-carrelage","status":"publish","type":"page","link":"https:\/\/www.portovenere.fr\/fr-fr\/archives-carrelage\/","title":{"rendered":"Archives carrelage"},"content":{"rendered":"\t\t<div data-elementor-type=\"wp-page\" data-elementor-id=\"67528\" class=\"elementor elementor-67528\" data-elementor-post-type=\"page\">\n\t\t\t\t\t\t<section class=\"elementor-section elementor-top-section elementor-element elementor-element-978d08a elementor-section-boxed elementor-section-height-default elementor-section-height-default\" data-id=\"978d08a\" data-element_type=\"section\" data-e-type=\"section\">\n\t\t\t\t\t\t<div class=\"elementor-container elementor-column-gap-default\">\n\t\t\t\t\t<div class=\"elementor-column elementor-col-100 elementor-top-column elementor-element elementor-element-b97c089\" data-id=\"b97c089\" data-element_type=\"column\" data-e-type=\"column\">\n\t\t\t<div class=\"elementor-widget-wrap elementor-element-populated\">\n\t\t\t\t\t\t<div class=\"elementor-element elementor-element-5ca7599 elementor-widget elementor-widget-heading\" data-id=\"5ca7599\" data-element_type=\"widget\" data-e-type=\"widget\" data-widget_type=\"heading.default\">\n\t\t\t\t<div class=\"elementor-widget-container\">\n\t\t\t\t\t<h1 class=\"elementor-heading-title elementor-size-default\">Tous nos carrelages \u2013 Archives &amp; Collections Porto Venere Montpellier<\/h1>\t\t\t\t<\/div>\n\t\t\t\t<\/div>\n\t\t\t\t\t<\/div>\n\t\t<\/div>\n\t\t\t\t\t<\/div>\n\t\t<\/section>\n\t\t\t\t<section class=\"elementor-section elementor-top-section elementor-element elementor-element-edb314e elementor-section-boxed elementor-section-height-default elementor-section-height-default\" data-id=\"edb314e\" data-element_type=\"section\" data-e-type=\"section\">\n\t\t\t\t\t\t<div class=\"elementor-container elementor-column-gap-default\">\n\t\t\t\t\t<div class=\"elementor-column elementor-col-100 elementor-top-column elementor-element elementor-element-4890c67\" data-id=\"4890c67\" data-element_type=\"column\" data-e-type=\"column\">\n\t\t\t<div class=\"elementor-widget-wrap elementor-element-populated\">\n\t\t\t\t\t\t<div class=\"elementor-element elementor-element-f31eed8 elementor-widget elementor-widget-text-editor\" data-id=\"f31eed8\" data-element_type=\"widget\" data-e-type=\"widget\" data-widget_type=\"text-editor.default\">\n\t\t\t\t<div class=\"elementor-widget-container\">\n\t\t\t\t\t\t\t\t\t<p data-start=\"335\" data-end=\"713\">Chez <strong data-start=\"340\" data-end=\"368\">Porto Venere Montpellier<\/strong>, nous s\u00e9lectionnons depuis des ann\u00e9es les plus belles collections de carrelages design destin\u00e9es aux projets r\u00e9sidentiels haut de gamme et aux espaces d\u2019exception. Gr\u00e8s c\u00e9rame pleine masse, grandes dalles XXL, effets mati\u00e8res d\u2019un r\u00e9alisme absolu, textures contemporaines\u2026 notre gamme r\u00e9unit le meilleur de la c\u00e9ramique italienne et europ\u00e9enne.<\/p><p data-start=\"715\" data-end=\"1036\">Cette page rassemble <strong data-start=\"736\" data-end=\"765\">tous nos mod\u00e8les archiv\u00e9s<\/strong>, toutes cat\u00e9gories confondues : effet bois, pierre, b\u00e9ton contemporain, marbre, m\u00e9tal oxyd\u00e9, terrazzo, r\u00e9sine min\u00e9rale\u2026 Vous y trouverez l\u2019ensemble des r\u00e9f\u00e9rences disponibles sur commande ou sur consultation, ainsi que des mod\u00e8les historiques conserv\u00e9s pour inspiration.<\/p><p data-start=\"1038\" data-end=\"1240\">Chaque carrelage pr\u00e9sent\u00e9 ici peut \u00eatre \u00e9tudi\u00e9 en d\u00e9tail dans notre showroom de Montpellier o\u00f9 notre \u00e9quipe vous accompagne dans la conception et l\u2019harmonisation de vos espaces int\u00e9rieurs et ext\u00e9rieurs.<\/p>\t\t\t\t\t\t\t\t<\/div>\n\t\t\t\t<\/div>\n\t\t\t\t\t<\/div>\n\t\t<\/div>\n\t\t\t\t\t<\/div>\n\t\t<\/section>\n\t\t\t\t<section class=\"elementor-section elementor-top-section elementor-element elementor-element-d0e584a elementor-section-boxed elementor-section-height-default elementor-section-height-default\" data-id=\"d0e584a\" data-element_type=\"section\" data-e-type=\"section\">\n\t\t\t\t\t\t<div class=\"elementor-container elementor-column-gap-default\">\n\t\t\t\t\t<div class=\"elementor-column elementor-col-100 elementor-top-column elementor-element elementor-element-4b20bcb\" data-id=\"4b20bcb\" data-element_type=\"column\" data-e-type=\"column\">\n\t\t\t<div class=\"elementor-widget-wrap elementor-element-populated\">\n\t\t\t\t\t\t<div class=\"elementor-element elementor-element-b95bcef elementor-widget elementor-widget-heading\" data-id=\"b95bcef\" data-element_type=\"widget\" data-e-type=\"widget\" data-widget_type=\"heading.default\">\n\t\t\t\t<div class=\"elementor-widget-container\">\n\t\t\t\t\t<h2 class=\"elementor-heading-title elementor-size-default\">Explorer par style<\/h2>\t\t\t\t<\/div>\n\t\t\t\t<\/div>\n\t\t\t\t\t<\/div>\n\t\t<\/div>\n\t\t\t\t\t<\/div>\n\t\t<\/section>\n\t\t\t\t<section class=\"elementor-section elementor-top-section elementor-element elementor-element-4f08556 elementor-section-boxed elementor-section-height-default elementor-section-height-default\" data-id=\"4f08556\" data-element_type=\"section\" data-e-type=\"section\">\n\t\t\t\t\t\t<div class=\"elementor-container elementor-column-gap-default\">\n\t\t\t\t\t<div class=\"elementor-column elementor-col-100 elementor-top-column elementor-element elementor-element-2cd0abc\" data-id=\"2cd0abc\" data-element_type=\"column\" data-e-type=\"column\">\n\t\t\t<div class=\"elementor-widget-wrap elementor-element-populated\">\n\t\t\t\t\t\t<div class=\"elementor-element elementor-element-99809df elementor-invisible elementor-widget elementor-widget-heading\" data-id=\"99809df\" data-element_type=\"widget\" data-e-type=\"widget\" data-settings=\"{&quot;_animation&quot;:&quot;fadeIn&quot;}\" data-widget_type=\"heading.default\">\n\t\t\t\t<div class=\"elementor-widget-container\">\n\t\t\t\t\t<h3 class=\"elementor-heading-title elementor-size-default\">Carrelage Aspect B\u00e9ton Contemporain &amp; Design<\/h3>\t\t\t\t<\/div>\n\t\t\t\t<\/div>\n\t\t\t\t\t<\/div>\n\t\t<\/div>\n\t\t\t\t\t<\/div>\n\t\t<\/section>\n\t\t\t\t<section class=\"elementor-section elementor-top-section elementor-element elementor-element-488e2af elementor-section-boxed elementor-section-height-default elementor-section-height-default\" data-id=\"488e2af\" data-element_type=\"section\" data-e-type=\"section\">\n\t\t\t\t\t\t<div class=\"elementor-container elementor-column-gap-default\">\n\t\t\t\t\t<div class=\"elementor-column elementor-col-33 elementor-top-column elementor-element elementor-element-25192da\" data-id=\"25192da\" data-element_type=\"column\" data-e-type=\"column\">\n\t\t\t<div class=\"elementor-widget-wrap elementor-element-populated\">\n\t\t\t\t\t\t<div class=\"elementor-element elementor-element-8d6135a elementor-widget elementor-widget-image\" data-id=\"8d6135a\" data-element_type=\"widget\" data-e-type=\"widget\" data-widget_type=\"image.default\">\n\t\t\t\t<div class=\"elementor-widget-container\">\n\t\t\t\t\t\t\t\t\t\t\t\t\t\t\t\t<a href=\"https:\/\/www.portovenere.fr\/fr-fr\/carrelage-sol-et-mur-en-gres-cerame-et-faience\/carrelage-contemporain-et-design\/carrelage-sol-mural-interieur-exterieur-aspect-beton-cire-50\/\">\n\t\t\t\t\t\t\t<img fetchpriority=\"high\" decoding=\"async\" width=\"768\" height=\"494\" src=\"https:\/\/www.portovenere.fr\/fr-fr\/wp-content\/uploads\/2021\/11\/beton-cir-50-768x494.jpg\" class=\"attachment-medium_large size-medium_large wp-image-39197\" alt=\"\" srcset=\"https:\/\/www.portovenere.fr\/fr-fr\/wp-content\/uploads\/2021\/11\/beton-cir-50-768x494.jpg 768w, https:\/\/www.portovenere.fr\/fr-fr\/wp-content\/uploads\/2021\/11\/beton-cir-50-300x193.jpg 300w, https:\/\/www.portovenere.fr\/fr-fr\/wp-content\/uploads\/2021\/11\/beton-cir-50-1024x659.jpg 1024w, https:\/\/www.portovenere.fr\/fr-fr\/wp-content\/uploads\/2021\/11\/beton-cir-50-1536x988.jpg 1536w, https:\/\/www.portovenere.fr\/fr-fr\/wp-content\/uploads\/2021\/11\/beton-cir-50.jpg 1575w\" sizes=\"(max-width: 768px) 100vw, 768px\" \/>\t\t\t\t\t\t\t\t<\/a>\n\t\t\t\t\t\t\t\t\t\t\t\t\t\t\t<\/div>\n\t\t\t\t<\/div>\n\t\t\t\t<div class=\"elementor-element elementor-element-e754629 elementor-widget elementor-widget-heading\" data-id=\"e754629\" data-element_type=\"widget\" data-e-type=\"widget\" data-widget_type=\"heading.default\">\n\t\t\t\t<div class=\"elementor-widget-container\">\n\t\t\t\t\t<h3 class=\"elementor-heading-title elementor-size-default\"><a href=\"https:\/\/www.portovenere.fr\/fr-fr\/carrelage-sol-et-mur-en-gres-cerame-et-faience\/carrelage-contemporain-et-design\/carrelage-sol-mural-interieur-exterieur-aspect-beton-cire-50\/\">B\u00c9TON CIR\u00c9 50 | 6 coloris | 4 D\u00e9cors<\/a><\/h3>\t\t\t\t<\/div>\n\t\t\t\t<\/div>\n\t\t\t\t<div class=\"elementor-element elementor-element-e0f7a91 elementor-widget__width-initial elementor-widget elementor-widget-gallery\" data-id=\"e0f7a91\" data-element_type=\"widget\" data-e-type=\"widget\" data-settings=\"{&quot;gap&quot;:{&quot;unit&quot;:&quot;px&quot;,&quot;size&quot;:3,&quot;sizes&quot;:[]},&quot;columns_mobile&quot;:3,&quot;gap_mobile&quot;:{&quot;unit&quot;:&quot;px&quot;,&quot;size&quot;:6,&quot;sizes&quot;:[]},&quot;columns&quot;:5,&quot;columns_tablet&quot;:3,&quot;gap_tablet&quot;:{&quot;unit&quot;:&quot;px&quot;,&quot;size&quot;:5,&quot;sizes&quot;:[]},&quot;lazyload&quot;:&quot;yes&quot;,&quot;gallery_layout&quot;:&quot;grid&quot;,&quot;link_to&quot;:&quot;file&quot;,&quot;aspect_ratio&quot;:&quot;3:2&quot;,&quot;overlay_background&quot;:&quot;yes&quot;,&quot;content_hover_animation&quot;:&quot;fade-in&quot;}\" data-widget_type=\"gallery.default\">\n\t\t\t\t<div class=\"elementor-widget-container\">\n\t\t\t\t\t\t\t<div class=\"elementor-gallery__container\">\n\t\t\t\t\t\t\t<a class=\"e-gallery-item elementor-gallery-item elementor-animated-content\" href=\"https:\/\/www.portovenere.fr\/fr-fr\/wp-content\/uploads\/2021\/11\/carrelage-grand-format-terracotta-pres-de-la-Grande-Motte-34.jpg\" data-elementor-open-lightbox=\"yes\" data-elementor-lightbox-slideshow=\"e0f7a91\" data-elementor-lightbox-title=\"carrelage-grand-format-terracotta-pr\u00e8s-de-la-Grande-Motte-34\" data-e-action-hash=\"#elementor-action%3Aaction%3Dlightbox%26settings%3DeyJpZCI6Mzg5OTksInVybCI6Imh0dHBzOlwvXC93d3cucG9ydG92ZW5lcmUuZnJcL2ZyLWZyXC93cC1jb250ZW50XC91cGxvYWRzXC8yMDIxXC8xMVwvY2FycmVsYWdlLWdyYW5kLWZvcm1hdC10ZXJyYWNvdHRhLXByZXMtZGUtbGEtR3JhbmRlLU1vdHRlLTM0LmpwZyIsInNsaWRlc2hvdyI6ImUwZjdhOTEifQ%3D%3D\">\n\t\t\t\t\t<div class=\"e-gallery-image elementor-gallery-item__image\" data-thumbnail=\"https:\/\/www.portovenere.fr\/fr-fr\/wp-content\/uploads\/2021\/11\/carrelage-grand-format-terracotta-pres-de-la-Grande-Motte-34-150x150.jpg\" data-width=\"150\" data-height=\"150\" aria-label=\"carrelage grand format terracotta, effet b\u00e9ton cir\u00e9 et m\u00e9tallis\u00e9\" role=\"img\" ><\/div>\n\t\t\t\t\t\t\t\t\t\t\t<div class=\"elementor-gallery-item__overlay\"><\/div>\n\t\t\t\t\t\t\t\t\t\t\t\t\t\t<\/a>\n\t\t\t\t\t\t\t<a class=\"e-gallery-item elementor-gallery-item elementor-animated-content\" href=\"https:\/\/www.portovenere.fr\/fr-fr\/wp-content\/uploads\/2021\/11\/carrelage-grand-format-terracotta-pres-de-Carnon-34.jpg\" data-elementor-open-lightbox=\"yes\" data-elementor-lightbox-slideshow=\"e0f7a91\" data-elementor-lightbox-title=\"carrelage-grand-format-terracotta-pr\u00e8s-de-Carnon-34\" data-e-action-hash=\"#elementor-action%3Aaction%3Dlightbox%26settings%3DeyJpZCI6Mzg5OTgsInVybCI6Imh0dHBzOlwvXC93d3cucG9ydG92ZW5lcmUuZnJcL2ZyLWZyXC93cC1jb250ZW50XC91cGxvYWRzXC8yMDIxXC8xMVwvY2FycmVsYWdlLWdyYW5kLWZvcm1hdC10ZXJyYWNvdHRhLXByZXMtZGUtQ2Fybm9uLTM0LmpwZyIsInNsaWRlc2hvdyI6ImUwZjdhOTEifQ%3D%3D\">\n\t\t\t\t\t<div class=\"e-gallery-image elementor-gallery-item__image\" data-thumbnail=\"https:\/\/www.portovenere.fr\/fr-fr\/wp-content\/uploads\/2021\/11\/carrelage-grand-format-terracotta-pres-de-Carnon-34-150x150.jpg\" data-width=\"150\" data-height=\"150\" aria-label=\"\" role=\"img\" ><\/div>\n\t\t\t\t\t\t\t\t\t\t\t<div class=\"elementor-gallery-item__overlay\"><\/div>\n\t\t\t\t\t\t\t\t\t\t\t\t\t\t<\/a>\n\t\t\t\t\t\t\t<a class=\"e-gallery-item elementor-gallery-item elementor-animated-content\" href=\"https:\/\/www.portovenere.fr\/fr-fr\/wp-content\/uploads\/2021\/11\/carrelage-grand-format-noir-corvino-pres-de-Montpellier-34.jpg\" data-elementor-open-lightbox=\"yes\" data-elementor-lightbox-slideshow=\"e0f7a91\" data-elementor-lightbox-title=\"carrelage-grand-format-noir-corvino-pr\u00e8s-de-Montpellier-34\" data-e-action-hash=\"#elementor-action%3Aaction%3Dlightbox%26settings%3DeyJpZCI6Mzg5OTcsInVybCI6Imh0dHBzOlwvXC93d3cucG9ydG92ZW5lcmUuZnJcL2ZyLWZyXC93cC1jb250ZW50XC91cGxvYWRzXC8yMDIxXC8xMVwvY2FycmVsYWdlLWdyYW5kLWZvcm1hdC1ub2lyLWNvcnZpbm8tcHJlcy1kZS1Nb250cGVsbGllci0zNC5qcGciLCJzbGlkZXNob3ciOiJlMGY3YTkxIn0%3D\">\n\t\t\t\t\t<div class=\"e-gallery-image elementor-gallery-item__image\" data-thumbnail=\"https:\/\/www.portovenere.fr\/fr-fr\/wp-content\/uploads\/2021\/11\/carrelage-grand-format-noir-corvino-pres-de-Montpellier-34-150x150.jpg\" data-width=\"150\" data-height=\"150\" aria-label=\"carrelage contemporain effet b\u00e9ton cir\u00e9 noir corvino\" role=\"img\" ><\/div>\n\t\t\t\t\t\t\t\t\t\t\t<div class=\"elementor-gallery-item__overlay\"><\/div>\n\t\t\t\t\t\t\t\t\t\t\t\t\t\t<\/a>\n\t\t\t\t\t\t\t<a class=\"e-gallery-item elementor-gallery-item elementor-animated-content\" href=\"https:\/\/www.portovenere.fr\/fr-fr\/wp-content\/uploads\/2021\/11\/carrelage-grand-format-decors-noir-corvino-pres-de-Prades-le-Lez-34.jpg\" data-elementor-open-lightbox=\"yes\" data-elementor-lightbox-slideshow=\"e0f7a91\" data-elementor-lightbox-title=\"carrelage-grand-format--decors-noir-corvino-pr\u00e8s-de-Prades-le-Lez-34\" data-e-action-hash=\"#elementor-action%3Aaction%3Dlightbox%26settings%3DeyJpZCI6Mzg5OTUsInVybCI6Imh0dHBzOlwvXC93d3cucG9ydG92ZW5lcmUuZnJcL2ZyLWZyXC93cC1jb250ZW50XC91cGxvYWRzXC8yMDIxXC8xMVwvY2FycmVsYWdlLWdyYW5kLWZvcm1hdC1kZWNvcnMtbm9pci1jb3J2aW5vLXByZXMtZGUtUHJhZGVzLWxlLUxlei0zNC5qcGciLCJzbGlkZXNob3ciOiJlMGY3YTkxIn0%3D\">\n\t\t\t\t\t<div class=\"e-gallery-image elementor-gallery-item__image\" data-thumbnail=\"https:\/\/www.portovenere.fr\/fr-fr\/wp-content\/uploads\/2021\/11\/carrelage-grand-format-decors-noir-corvino-pres-de-Prades-le-Lez-34-150x150.jpg\" data-width=\"150\" data-height=\"150\" aria-label=\"\" role=\"img\" ><\/div>\n\t\t\t\t\t\t\t\t\t\t\t<div class=\"elementor-gallery-item__overlay\"><\/div>\n\t\t\t\t\t\t\t\t\t\t\t\t\t\t<\/a>\n\t\t\t\t\t\t\t<a class=\"e-gallery-item elementor-gallery-item elementor-animated-content\" href=\"https:\/\/www.portovenere.fr\/fr-fr\/wp-content\/uploads\/2021\/11\/carrelage-grand-format-vert-verderame-pres-de-Castelneau-le-Lez-34.jpg\" data-elementor-open-lightbox=\"yes\" data-elementor-lightbox-slideshow=\"e0f7a91\" data-elementor-lightbox-title=\"carrelage-grand-format-vert-verderame-pr\u00e8s-de-Castelneau-le-Lez-34\" data-e-action-hash=\"#elementor-action%3Aaction%3Dlightbox%26settings%3DeyJpZCI6MzkwMDAsInVybCI6Imh0dHBzOlwvXC93d3cucG9ydG92ZW5lcmUuZnJcL2ZyLWZyXC93cC1jb250ZW50XC91cGxvYWRzXC8yMDIxXC8xMVwvY2FycmVsYWdlLWdyYW5kLWZvcm1hdC12ZXJ0LXZlcmRlcmFtZS1wcmVzLWRlLUNhc3RlbG5lYXUtbGUtTGV6LTM0LmpwZyIsInNsaWRlc2hvdyI6ImUwZjdhOTEifQ%3D%3D\">\n\t\t\t\t\t<div class=\"e-gallery-image elementor-gallery-item__image\" data-thumbnail=\"https:\/\/www.portovenere.fr\/fr-fr\/wp-content\/uploads\/2021\/11\/carrelage-grand-format-vert-verderame-pres-de-Castelneau-le-Lez-34-150x150.jpg\" data-width=\"150\" data-height=\"150\" aria-label=\"carrelage contemporain effet b\u00e9ton cir\u00e9 vert verderame\" role=\"img\" ><\/div>\n\t\t\t\t\t\t\t\t\t\t\t<div class=\"elementor-gallery-item__overlay\"><\/div>\n\t\t\t\t\t\t\t\t\t\t\t\t\t\t<\/a>\n\t\t\t\t\t\t\t<a class=\"e-gallery-item elementor-gallery-item elementor-animated-content\" href=\"https:\/\/www.portovenere.fr\/fr-fr\/wp-content\/uploads\/2021\/11\/carrelage-grand-format-decors-vert-verderame-pres-de-Lattes-34.jpg\" data-elementor-open-lightbox=\"yes\" data-elementor-lightbox-slideshow=\"e0f7a91\" data-elementor-lightbox-title=\"carrelage-grand-format-decors-vert-verderame-pr\u00e8s-de-Lattes-34\" data-e-action-hash=\"#elementor-action%3Aaction%3Dlightbox%26settings%3DeyJpZCI6Mzg5OTYsInVybCI6Imh0dHBzOlwvXC93d3cucG9ydG92ZW5lcmUuZnJcL2ZyLWZyXC93cC1jb250ZW50XC91cGxvYWRzXC8yMDIxXC8xMVwvY2FycmVsYWdlLWdyYW5kLWZvcm1hdC1kZWNvcnMtdmVydC12ZXJkZXJhbWUtcHJlcy1kZS1MYXR0ZXMtMzQuanBnIiwic2xpZGVzaG93IjoiZTBmN2E5MSJ9\">\n\t\t\t\t\t<div class=\"e-gallery-image elementor-gallery-item__image\" data-thumbnail=\"https:\/\/www.portovenere.fr\/fr-fr\/wp-content\/uploads\/2021\/11\/carrelage-grand-format-decors-vert-verderame-pres-de-Lattes-34-150x150.jpg\" data-width=\"150\" data-height=\"150\" aria-label=\"\" role=\"img\" ><\/div>\n\t\t\t\t\t\t\t\t\t\t\t<div class=\"elementor-gallery-item__overlay\"><\/div>\n\t\t\t\t\t\t\t\t\t\t\t\t\t\t<\/a>\n\t\t\t\t\t\t\t<a class=\"e-gallery-item elementor-gallery-item elementor-animated-content\" href=\"https:\/\/www.portovenere.fr\/fr-fr\/wp-content\/uploads\/2021\/11\/carrelage-grand-format-decors-gris-perla-pres-de-Rouet-34.jpg\" data-elementor-open-lightbox=\"yes\" data-elementor-lightbox-slideshow=\"e0f7a91\" data-elementor-lightbox-title=\"carrelage-grand-format-decors-gris-perla-pr\u00e8s-de-Rouet-34\" data-e-action-hash=\"#elementor-action%3Aaction%3Dlightbox%26settings%3DeyJpZCI6Mzg5OTMsInVybCI6Imh0dHBzOlwvXC93d3cucG9ydG92ZW5lcmUuZnJcL2ZyLWZyXC93cC1jb250ZW50XC91cGxvYWRzXC8yMDIxXC8xMVwvY2FycmVsYWdlLWdyYW5kLWZvcm1hdC1kZWNvcnMtZ3Jpcy1wZXJsYS1wcmVzLWRlLVJvdWV0LTM0LmpwZyIsInNsaWRlc2hvdyI6ImUwZjdhOTEifQ%3D%3D\">\n\t\t\t\t\t<div class=\"e-gallery-image elementor-gallery-item__image\" data-thumbnail=\"https:\/\/www.portovenere.fr\/fr-fr\/wp-content\/uploads\/2021\/11\/carrelage-grand-format-decors-gris-perla-pres-de-Rouet-34-150x150.jpg\" data-width=\"150\" data-height=\"150\" aria-label=\"carrelage grand format gris perla, effet beton cir\u00e9\" role=\"img\" ><\/div>\n\t\t\t\t\t\t\t\t\t\t\t<div class=\"elementor-gallery-item__overlay\"><\/div>\n\t\t\t\t\t\t\t\t\t\t\t\t\t\t<\/a>\n\t\t\t\t\t\t\t<a class=\"e-gallery-item elementor-gallery-item elementor-animated-content\" href=\"https:\/\/www.portovenere.fr\/fr-fr\/wp-content\/uploads\/2021\/11\/carrelage-grand-format-decors-gris-perla-pres-de-Sauteyrargues-34.jpg\" data-elementor-open-lightbox=\"yes\" data-elementor-lightbox-slideshow=\"e0f7a91\" data-elementor-lightbox-title=\"carrelage-grand-format--decors-gris-perla-pr\u00e8s-de-Sauteyrargues-34\" data-e-action-hash=\"#elementor-action%3Aaction%3Dlightbox%26settings%3DeyJpZCI6Mzg5OTQsInVybCI6Imh0dHBzOlwvXC93d3cucG9ydG92ZW5lcmUuZnJcL2ZyLWZyXC93cC1jb250ZW50XC91cGxvYWRzXC8yMDIxXC8xMVwvY2FycmVsYWdlLWdyYW5kLWZvcm1hdC1kZWNvcnMtZ3Jpcy1wZXJsYS1wcmVzLWRlLVNhdXRleXJhcmd1ZXMtMzQuanBnIiwic2xpZGVzaG93IjoiZTBmN2E5MSJ9\">\n\t\t\t\t\t<div class=\"e-gallery-image elementor-gallery-item__image\" data-thumbnail=\"https:\/\/www.portovenere.fr\/fr-fr\/wp-content\/uploads\/2021\/11\/carrelage-grand-format-decors-gris-perla-pres-de-Sauteyrargues-34-150x150.jpg\" data-width=\"150\" data-height=\"150\" aria-label=\"\" role=\"img\" ><\/div>\n\t\t\t\t\t\t\t\t\t\t\t<div class=\"elementor-gallery-item__overlay\"><\/div>\n\t\t\t\t\t\t\t\t\t\t\t\t\t\t<\/a>\n\t\t\t\t\t\t\t<a class=\"e-gallery-item elementor-gallery-item elementor-animated-content\" href=\"https:\/\/www.portovenere.fr\/fr-fr\/wp-content\/uploads\/2021\/11\/carrelage-grand-format-decors-gris-peltro-pres-de-Prades-le-Lez-34.jpg\" data-elementor-open-lightbox=\"yes\" data-elementor-lightbox-slideshow=\"e0f7a91\" data-elementor-lightbox-title=\"carrelage-grand-format--decors-gris-peltro-pr\u00e8s-de-Prades-le-Lez-34\" data-e-action-hash=\"#elementor-action%3Aaction%3Dlightbox%26settings%3DeyJpZCI6Mzg5OTIsInVybCI6Imh0dHBzOlwvXC93d3cucG9ydG92ZW5lcmUuZnJcL2ZyLWZyXC93cC1jb250ZW50XC91cGxvYWRzXC8yMDIxXC8xMVwvY2FycmVsYWdlLWdyYW5kLWZvcm1hdC1kZWNvcnMtZ3Jpcy1wZWx0cm8tcHJlcy1kZS1QcmFkZXMtbGUtTGV6LTM0LmpwZyIsInNsaWRlc2hvdyI6ImUwZjdhOTEifQ%3D%3D\">\n\t\t\t\t\t<div class=\"e-gallery-image elementor-gallery-item__image\" data-thumbnail=\"https:\/\/www.portovenere.fr\/fr-fr\/wp-content\/uploads\/2021\/11\/carrelage-grand-format-decors-gris-peltro-pres-de-Prades-le-Lez-34-150x150.jpg\" data-width=\"150\" data-height=\"150\" aria-label=\"\" role=\"img\" ><\/div>\n\t\t\t\t\t\t\t\t\t\t\t<div class=\"elementor-gallery-item__overlay\"><\/div>\n\t\t\t\t\t\t\t\t\t\t\t\t\t\t<\/a>\n\t\t\t\t\t\t\t<a class=\"e-gallery-item elementor-gallery-item elementor-animated-content\" href=\"https:\/\/www.portovenere.fr\/fr-fr\/wp-content\/uploads\/2021\/11\/carrelage-grand-format-decors-gris-peltro-pres-de-Claret-34.jpg\" data-elementor-open-lightbox=\"yes\" data-elementor-lightbox-slideshow=\"e0f7a91\" data-elementor-lightbox-title=\"carrelage-grand-format-finition-carpetgris-peltro--pr\u00e8s-de-Claret-34\" data-e-action-hash=\"#elementor-action%3Aaction%3Dlightbox%26settings%3DeyJpZCI6Mzg5OTEsInVybCI6Imh0dHBzOlwvXC93d3cucG9ydG92ZW5lcmUuZnJcL2ZyLWZyXC93cC1jb250ZW50XC91cGxvYWRzXC8yMDIxXC8xMVwvY2FycmVsYWdlLWdyYW5kLWZvcm1hdC1kZWNvcnMtZ3Jpcy1wZWx0cm8tcHJlcy1kZS1DbGFyZXQtMzQuanBnIiwic2xpZGVzaG93IjoiZTBmN2E5MSJ9\">\n\t\t\t\t\t<div class=\"e-gallery-image elementor-gallery-item__image\" data-thumbnail=\"https:\/\/www.portovenere.fr\/fr-fr\/wp-content\/uploads\/2021\/11\/carrelage-grand-format-decors-gris-peltro-pres-de-Claret-34-150x150.jpg\" data-width=\"150\" data-height=\"150\" aria-label=\"\" role=\"img\" ><\/div>\n\t\t\t\t\t\t\t\t\t\t\t<div class=\"elementor-gallery-item__overlay\"><\/div>\n\t\t\t\t\t\t\t\t\t\t\t\t\t\t<\/a>\n\t\t\t\t\t\t\t<a class=\"e-gallery-item elementor-gallery-item elementor-animated-content\" href=\"https:\/\/www.portovenere.fr\/fr-fr\/wp-content\/uploads\/2021\/11\/carrelage-grand-format-decors-beige-sabbia-pres-de-Castelneau-le-Lez-34.jpg\" data-elementor-open-lightbox=\"yes\" data-elementor-lightbox-slideshow=\"e0f7a91\" data-elementor-lightbox-title=\"carrelage-grand-format-beige-sabbia-pr\u00e8s-de-Castelneau-le-Lez-34\" data-e-action-hash=\"#elementor-action%3Aaction%3Dlightbox%26settings%3DeyJpZCI6Mzg5ODksInVybCI6Imh0dHBzOlwvXC93d3cucG9ydG92ZW5lcmUuZnJcL2ZyLWZyXC93cC1jb250ZW50XC91cGxvYWRzXC8yMDIxXC8xMVwvY2FycmVsYWdlLWdyYW5kLWZvcm1hdC1kZWNvcnMtYmVpZ2Utc2FiYmlhLXByZXMtZGUtQ2FzdGVsbmVhdS1sZS1MZXotMzQuanBnIiwic2xpZGVzaG93IjoiZTBmN2E5MSJ9\">\n\t\t\t\t\t<div class=\"e-gallery-image elementor-gallery-item__image\" data-thumbnail=\"https:\/\/www.portovenere.fr\/fr-fr\/wp-content\/uploads\/2021\/11\/carrelage-grand-format-decors-beige-sabbia-pres-de-Castelneau-le-Lez-34-150x150.jpg\" data-width=\"150\" data-height=\"150\" aria-label=\"carrelage grand format beige sabbia, effet b\u00e9ton cir\u00e9 et m\u00e9tallis\u00e9\" role=\"img\" ><\/div>\n\t\t\t\t\t\t\t\t\t\t\t<div class=\"elementor-gallery-item__overlay\"><\/div>\n\t\t\t\t\t\t\t\t\t\t\t\t\t\t<\/a>\n\t\t\t\t\t\t\t<a class=\"e-gallery-item elementor-gallery-item elementor-animated-content\" href=\"https:\/\/www.portovenere.fr\/fr-fr\/wp-content\/uploads\/2021\/11\/carrelage-grand-format-decors-beige-sabbia-pres-de-Sauteyrargues-34.jpg\" data-elementor-open-lightbox=\"yes\" data-elementor-lightbox-slideshow=\"e0f7a91\" data-elementor-lightbox-title=\"carrelage-grand-format--decors-beige-sabbia-pr\u00e8s-de-Sauteyrargues-34\" data-e-action-hash=\"#elementor-action%3Aaction%3Dlightbox%26settings%3DeyJpZCI6Mzg5OTAsInVybCI6Imh0dHBzOlwvXC93d3cucG9ydG92ZW5lcmUuZnJcL2ZyLWZyXC93cC1jb250ZW50XC91cGxvYWRzXC8yMDIxXC8xMVwvY2FycmVsYWdlLWdyYW5kLWZvcm1hdC1kZWNvcnMtYmVpZ2Utc2FiYmlhLXByZXMtZGUtU2F1dGV5cmFyZ3Vlcy0zNC5qcGciLCJzbGlkZXNob3ciOiJlMGY3YTkxIn0%3D\">\n\t\t\t\t\t<div class=\"e-gallery-image elementor-gallery-item__image\" data-thumbnail=\"https:\/\/www.portovenere.fr\/fr-fr\/wp-content\/uploads\/2021\/11\/carrelage-grand-format-decors-beige-sabbia-pres-de-Sauteyrargues-34-150x150.jpg\" data-width=\"150\" data-height=\"150\" aria-label=\"\" role=\"img\" ><\/div>\n\t\t\t\t\t\t\t\t\t\t\t<div class=\"elementor-gallery-item__overlay\"><\/div>\n\t\t\t\t\t\t\t\t\t\t\t\t\t\t<\/a>\n\t\t\t\t\t\t\t<a class=\"e-gallery-item elementor-gallery-item elementor-animated-content\" href=\"https:\/\/www.portovenere.fr\/fr-fr\/wp-content\/uploads\/2021\/11\/carrelage-decors-vert-a-Toulouse.jpg\" data-elementor-open-lightbox=\"yes\" data-elementor-lightbox-slideshow=\"e0f7a91\" data-elementor-lightbox-title=\"carrelage-decors-vert-a-Toulouse\" data-e-action-hash=\"#elementor-action%3Aaction%3Dlightbox%26settings%3DeyJpZCI6MzkxMTUsInVybCI6Imh0dHBzOlwvXC93d3cucG9ydG92ZW5lcmUuZnJcL2ZyLWZyXC93cC1jb250ZW50XC91cGxvYWRzXC8yMDIxXC8xMVwvY2FycmVsYWdlLWRlY29ycy12ZXJ0LWEtVG91bG91c2UuanBnIiwic2xpZGVzaG93IjoiZTBmN2E5MSJ9\">\n\t\t\t\t\t<div class=\"e-gallery-image elementor-gallery-item__image\" data-thumbnail=\"https:\/\/www.portovenere.fr\/fr-fr\/wp-content\/uploads\/2021\/11\/carrelage-decors-vert-a-Toulouse-150x150.jpg\" data-width=\"150\" data-height=\"150\" aria-label=\"Carrelage d\u00e9cors vert effet metallis\u00e9\" role=\"img\" ><\/div>\n\t\t\t\t\t\t\t\t\t\t\t<div class=\"elementor-gallery-item__overlay\"><\/div>\n\t\t\t\t\t\t\t\t\t\t\t\t\t\t<\/a>\n\t\t\t\t\t\t\t<a class=\"e-gallery-item elementor-gallery-item elementor-animated-content\" href=\"https:\/\/www.portovenere.fr\/fr-fr\/wp-content\/uploads\/2021\/11\/carrelage-decors-pop-vert-pres-de-Strasbourg.jpg\" data-elementor-open-lightbox=\"yes\" data-elementor-lightbox-slideshow=\"e0f7a91\" data-elementor-lightbox-title=\"carrelage-decors-pop-vert-pres-de-Strasbourg\" data-e-action-hash=\"#elementor-action%3Aaction%3Dlightbox%26settings%3DeyJpZCI6MzkxMDIsInVybCI6Imh0dHBzOlwvXC93d3cucG9ydG92ZW5lcmUuZnJcL2ZyLWZyXC93cC1jb250ZW50XC91cGxvYWRzXC8yMDIxXC8xMVwvY2FycmVsYWdlLWRlY29ycy1wb3AtdmVydC1wcmVzLWRlLVN0cmFzYm91cmcuanBnIiwic2xpZGVzaG93IjoiZTBmN2E5MSJ9\">\n\t\t\t\t\t<div class=\"e-gallery-image elementor-gallery-item__image\" data-thumbnail=\"https:\/\/www.portovenere.fr\/fr-fr\/wp-content\/uploads\/2021\/11\/carrelage-decors-pop-vert-pres-de-Strasbourg-150x150.jpg\" data-width=\"150\" data-height=\"150\" aria-label=\"Carrelage d\u00e9cors \u00e0 motifs pop vert effet metallis\u00e9\" role=\"img\" ><\/div>\n\t\t\t\t\t\t\t\t\t\t\t<div class=\"elementor-gallery-item__overlay\"><\/div>\n\t\t\t\t\t\t\t\t\t\t\t\t\t\t<\/a>\n\t\t\t\t\t\t\t<a class=\"e-gallery-item elementor-gallery-item elementor-animated-content\" href=\"https:\/\/www.portovenere.fr\/fr-fr\/wp-content\/uploads\/2021\/11\/carrelage-decors-red-a-Rennes-35.jpg\" data-elementor-open-lightbox=\"yes\" data-elementor-lightbox-slideshow=\"e0f7a91\" data-elementor-lightbox-title=\"carrelage-decors-red-a-Rennes-35\" data-e-action-hash=\"#elementor-action%3Aaction%3Dlightbox%26settings%3DeyJpZCI6MzkxMDUsInVybCI6Imh0dHBzOlwvXC93d3cucG9ydG92ZW5lcmUuZnJcL2ZyLWZyXC93cC1jb250ZW50XC91cGxvYWRzXC8yMDIxXC8xMVwvY2FycmVsYWdlLWRlY29ycy1yZWQtYS1SZW5uZXMtMzUuanBnIiwic2xpZGVzaG93IjoiZTBmN2E5MSJ9\">\n\t\t\t\t\t<div class=\"e-gallery-image elementor-gallery-item__image\" data-thumbnail=\"https:\/\/www.portovenere.fr\/fr-fr\/wp-content\/uploads\/2021\/11\/carrelage-decors-red-a-Rennes-35-150x150.jpg\" data-width=\"150\" data-height=\"150\" aria-label=\"Carrelage d\u00e9cors \u00e0 motifs red effet metallis\u00e9\" role=\"img\" ><\/div>\n\t\t\t\t\t\t\t\t\t\t\t<div class=\"elementor-gallery-item__overlay\"><\/div>\n\t\t\t\t\t\t\t\t\t\t\t\t\t\t<\/a>\n\t\t\t\t\t\t\t<a class=\"e-gallery-item elementor-gallery-item elementor-animated-content\" href=\"https:\/\/www.portovenere.fr\/fr-fr\/wp-content\/uploads\/2021\/11\/carrelage-decors-gis-a-Ganges-34.jpg\" data-elementor-open-lightbox=\"yes\" data-elementor-lightbox-slideshow=\"e0f7a91\" data-elementor-lightbox-title=\"carrelage-decors-gis-a-Ganges-34\" data-e-action-hash=\"#elementor-action%3Aaction%3Dlightbox%26settings%3DeyJpZCI6MzkwOTEsInVybCI6Imh0dHBzOlwvXC93d3cucG9ydG92ZW5lcmUuZnJcL2ZyLWZyXC93cC1jb250ZW50XC91cGxvYWRzXC8yMDIxXC8xMVwvY2FycmVsYWdlLWRlY29ycy1naXMtYS1HYW5nZXMtMzQuanBnIiwic2xpZGVzaG93IjoiZTBmN2E5MSJ9\">\n\t\t\t\t\t<div class=\"e-gallery-image elementor-gallery-item__image\" data-thumbnail=\"https:\/\/www.portovenere.fr\/fr-fr\/wp-content\/uploads\/2021\/11\/carrelage-decors-gis-a-Ganges-34-150x150.jpg\" data-width=\"150\" data-height=\"150\" aria-label=\"Carrelage d\u00e9cors \u00e0 motifs gris effet metallis\u00e9\" role=\"img\" ><\/div>\n\t\t\t\t\t\t\t\t\t\t\t<div class=\"elementor-gallery-item__overlay\"><\/div>\n\t\t\t\t\t\t\t\t\t\t\t\t\t\t<\/a>\n\t\t\t\t\t<\/div>\n\t\t\t\t\t<\/div>\n\t\t\t\t<\/div>\n\t\t\t\t<div class=\"elementor-element elementor-element-2167c04 elementor-widget elementor-widget-text-editor\" data-id=\"2167c04\" data-element_type=\"widget\" data-e-type=\"widget\" data-widget_type=\"text-editor.default\">\n\t\t\t\t<div class=\"elementor-widget-container\">\n\t\t\t\t\t\t\t\t\t<p>Une collection de carrelage <b>aspect b\u00e9ton cir\u00e9<\/b> disponible en 6 tonalit\u00e9s &#8211; gris perla, gris peltro, noir corvino, vert verderame, beige sabbia &#8211; qui se d\u00e9cline dans un large choix de formats. Ce carrelage en <b>gr\u00e8s c\u00e9rame<\/b> est con\u00e7u pour une pose au sol et murale en <b>int\u00e9rieur <\/b>mais aussi en <b>ext\u00e9rieur <\/b>gr\u00e2ce \u00e0 sa finition antid\u00e9rapante, et disponible en dalles de 19mm en pose sur plot, coll\u00e9e, gravier, gazon et sable.<\/p><p>Les <b>4 d\u00e9cors<\/b> color\u00e9s soulignent le style design et contemporain de la gamme.\u00a0<\/p>\t\t\t\t\t\t\t\t<\/div>\n\t\t\t\t<\/div>\n\t\t\t\t<div class=\"elementor-element elementor-element-90c614a elementor-mobile-align-center elementor-widget elementor-widget-button\" data-id=\"90c614a\" data-element_type=\"widget\" data-e-type=\"widget\" data-widget_type=\"button.default\">\n\t\t\t\t<div class=\"elementor-widget-container\">\n\t\t\t\t\t\t\t\t\t<div class=\"elementor-button-wrapper\">\n\t\t\t\t\t<a class=\"elementor-button elementor-button-link elementor-size-sm\" href=\"https:\/\/www.portovenere.fr\/fr-fr\/carrelage-sol-et-mur-en-gres-cerame-et-faience\/carrelage-contemporain-et-design\/carrelage-sol-mural-interieur-exterieur-aspect-beton-cire-50\/\">\n\t\t\t\t\t\t<span class=\"elementor-button-content-wrapper\">\n\t\t\t\t\t\t\t\t\t<span class=\"elementor-button-text\">Voir la collection<\/span>\n\t\t\t\t\t<\/span>\n\t\t\t\t\t<\/a>\n\t\t\t\t<\/div>\n\t\t\t\t\t\t\t\t<\/div>\n\t\t\t\t<\/div>\n\t\t\t\t\t<\/div>\n\t\t<\/div>\n\t\t\t\t<div class=\"elementor-column elementor-col-33 elementor-top-column elementor-element elementor-element-bdbecca elementor-invisible\" data-id=\"bdbecca\" data-element_type=\"column\" data-e-type=\"column\" data-settings=\"{&quot;animation&quot;:&quot;fadeIn&quot;,&quot;background_background&quot;:&quot;classic&quot;}\">\n\t\t\t<div class=\"elementor-widget-wrap elementor-element-populated\">\n\t\t\t\t\t\t<div class=\"elementor-element elementor-element-8a92f17 elementor-widget elementor-widget-image\" data-id=\"8a92f17\" data-element_type=\"widget\" data-e-type=\"widget\" data-widget_type=\"image.default\">\n\t\t\t\t<div class=\"elementor-widget-container\">\n\t\t\t\t\t\t\t\t\t\t\t\t\t\t\t\t<a href=\"https:\/\/www.portovenere.fr\/fr-fr\/carrelage-sol-et-mur-en-gres-cerame-et-faience\/carrelage-contemporain-et-design\/carrelage-gris-grand-format-design-contemporain-full-moon\/\">\n\t\t\t\t\t\t\t<img decoding=\"async\" width=\"768\" height=\"512\" src=\"https:\/\/www.portovenere.fr\/fr-fr\/wp-content\/uploads\/2021\/05\/Carrelage-grand-format-aspect-sol-contemporain-Full-Moon-Gris-Boucharde_pres_de_Neuilly_92-768x512.jpg\" class=\"attachment-medium_large size-medium_large wp-image-37018\" alt=\"Gr\u00e8s c\u00e9rame gris pour sol et mur en grand format\" srcset=\"https:\/\/www.portovenere.fr\/fr-fr\/wp-content\/uploads\/2021\/05\/Carrelage-grand-format-aspect-sol-contemporain-Full-Moon-Gris-Boucharde_pres_de_Neuilly_92-768x512.jpg 768w, https:\/\/www.portovenere.fr\/fr-fr\/wp-content\/uploads\/2021\/05\/Carrelage-grand-format-aspect-sol-contemporain-Full-Moon-Gris-Boucharde_pres_de_Neuilly_92-300x200.jpg 300w, https:\/\/www.portovenere.fr\/fr-fr\/wp-content\/uploads\/2021\/05\/Carrelage-grand-format-aspect-sol-contemporain-Full-Moon-Gris-Boucharde_pres_de_Neuilly_92-1024x683.jpg 1024w, https:\/\/www.portovenere.fr\/fr-fr\/wp-content\/uploads\/2021\/05\/Carrelage-grand-format-aspect-sol-contemporain-Full-Moon-Gris-Boucharde_pres_de_Neuilly_92.jpg 1320w\" sizes=\"(max-width: 768px) 100vw, 768px\" \/>\t\t\t\t\t\t\t\t<\/a>\n\t\t\t\t\t\t\t\t\t\t\t\t\t\t\t<\/div>\n\t\t\t\t<\/div>\n\t\t\t\t<section class=\"elementor-section elementor-inner-section elementor-element elementor-element-dc6e5dd elementor-section-boxed elementor-section-height-default elementor-section-height-default elementor-invisible\" data-id=\"dc6e5dd\" data-element_type=\"section\" data-e-type=\"section\" data-settings=\"{&quot;background_background&quot;:&quot;classic&quot;,&quot;animation&quot;:&quot;fadeIn&quot;}\">\n\t\t\t\t\t\t<div class=\"elementor-container elementor-column-gap-default\">\n\t\t\t\t\t<div class=\"elementor-column elementor-col-100 elementor-inner-column elementor-element elementor-element-7800fa5\" data-id=\"7800fa5\" data-element_type=\"column\" data-e-type=\"column\">\n\t\t\t<div class=\"elementor-widget-wrap elementor-element-populated\">\n\t\t\t\t\t\t<div class=\"elementor-element elementor-element-9106846 elementor-widget elementor-widget-heading\" data-id=\"9106846\" data-element_type=\"widget\" data-e-type=\"widget\" data-widget_type=\"heading.default\">\n\t\t\t\t<div class=\"elementor-widget-container\">\n\t\t\t\t\t<h3 class=\"elementor-heading-title elementor-size-default\"><a href=\"https:\/\/www.portovenere.fr\/fr-fr\/carrelage-sol-et-mur-en-gres-cerame-et-faience\/carrelage-contemporain-et-design\/carrelage-gris-grand-format-design-contemporain-full-moon\/\">FULL MOON | 1 coloris<\/a><\/h3>\t\t\t\t<\/div>\n\t\t\t\t<\/div>\n\t\t\t\t<div class=\"elementor-element elementor-element-d6c2727 elementor-widget__width-initial elementor-widget elementor-widget-gallery\" data-id=\"d6c2727\" data-element_type=\"widget\" data-e-type=\"widget\" data-settings=\"{&quot;gap&quot;:{&quot;unit&quot;:&quot;px&quot;,&quot;size&quot;:3,&quot;sizes&quot;:[]},&quot;columns_mobile&quot;:3,&quot;gap_mobile&quot;:{&quot;unit&quot;:&quot;px&quot;,&quot;size&quot;:6,&quot;sizes&quot;:[]},&quot;columns&quot;:5,&quot;columns_tablet&quot;:3,&quot;gap_tablet&quot;:{&quot;unit&quot;:&quot;px&quot;,&quot;size&quot;:5,&quot;sizes&quot;:[]},&quot;lazyload&quot;:&quot;yes&quot;,&quot;gallery_layout&quot;:&quot;grid&quot;,&quot;link_to&quot;:&quot;file&quot;,&quot;aspect_ratio&quot;:&quot;3:2&quot;,&quot;overlay_background&quot;:&quot;yes&quot;,&quot;content_hover_animation&quot;:&quot;fade-in&quot;}\" data-widget_type=\"gallery.default\">\n\t\t\t\t<div class=\"elementor-widget-container\">\n\t\t\t\t\t\t\t<div class=\"elementor-gallery__container\">\n\t\t\t\t\t\t\t<a class=\"e-gallery-item elementor-gallery-item elementor-animated-content\" href=\"https:\/\/www.portovenere.fr\/fr-fr\/wp-content\/uploads\/2021\/05\/Carrelage-grand-format-aspect-sol-contemporain-Full-Moon-Gris-Boucharde_pres_de_Pezenas_34.jpg\" data-elementor-open-lightbox=\"yes\" data-elementor-lightbox-slideshow=\"d6c2727\" data-elementor-lightbox-title=\"Carrelage-grand-format-aspect-sol-contemporain-Full-Moon-Gris-Bouchard\u00e9_pr\u00e8s_de_Pezenas_34\" data-e-action-hash=\"#elementor-action%3Aaction%3Dlightbox%26settings%3DeyJpZCI6MzcwMzYsInVybCI6Imh0dHBzOlwvXC93d3cucG9ydG92ZW5lcmUuZnJcL2ZyLWZyXC93cC1jb250ZW50XC91cGxvYWRzXC8yMDIxXC8wNVwvQ2FycmVsYWdlLWdyYW5kLWZvcm1hdC1hc3BlY3Qtc29sLWNvbnRlbXBvcmFpbi1GdWxsLU1vb24tR3Jpcy1Cb3VjaGFyZGVfcHJlc19kZV9QZXplbmFzXzM0LmpwZyIsInNsaWRlc2hvdyI6ImQ2YzI3MjcifQ%3D%3D\">\n\t\t\t\t\t<div class=\"e-gallery-image elementor-gallery-item__image\" data-thumbnail=\"https:\/\/www.portovenere.fr\/fr-fr\/wp-content\/uploads\/2021\/05\/Carrelage-grand-format-aspect-sol-contemporain-Full-Moon-Gris-Boucharde_pres_de_Pezenas_34-150x150.jpg\" data-width=\"150\" data-height=\"150\" aria-label=\"\" role=\"img\" ><\/div>\n\t\t\t\t\t\t\t\t\t\t\t<div class=\"elementor-gallery-item__overlay\"><\/div>\n\t\t\t\t\t\t\t\t\t\t\t\t\t\t<\/a>\n\t\t\t\t\t<\/div>\n\t\t\t\t\t<\/div>\n\t\t\t\t<\/div>\n\t\t\t\t<div class=\"elementor-element elementor-element-42a9a20 elementor-widget elementor-widget-text-editor\" data-id=\"42a9a20\" data-element_type=\"widget\" data-e-type=\"widget\" data-widget_type=\"text-editor.default\">\n\t\t\t\t<div class=\"elementor-widget-container\">\n\t\t\t\t\t\t\t\t\t<p>Le carrelage gr\u00e8s c\u00e9rame&nbsp;<strong>Full Moon<\/strong>&nbsp;est disponible dans un large choix de<b>&nbsp;formats<\/b>&nbsp;pour int\u00e9rieur (et certains espaces ext\u00e9rieurs) en&nbsp;<b>fine \u00e9paisseur<\/b>&nbsp;(slim) de&nbsp;<b>6mm bouchard\u00e9&nbsp;<\/b>: 100\u00d7250 cm, 150\u00d7150 cm et en&nbsp;<b>maxi format 150x320cm<\/b>.<\/p>\n<p>Une d\u00e9clinaison en&nbsp;<b>dalles de 20mm<\/b>&nbsp;pour les espaces<b>&nbsp;ext\u00e9rieurs<\/b>&nbsp;est propos\u00e9es dans 1<b>&nbsp;format antid\u00e9rapant<\/b>&nbsp;:&nbsp;<b>20\u00d730 cm<\/b>.<\/p>\n<p>Assurez une continuit\u00e9 de vos espaces&nbsp;<b>int\u00e9rieurs vers l\u2019ext\u00e9rieurs<\/b>&nbsp;avec la collection de gr\u00e8s c\u00e9rame Full Moon !<\/p>\t\t\t\t\t\t\t\t<\/div>\n\t\t\t\t<\/div>\n\t\t\t\t\t<\/div>\n\t\t<\/div>\n\t\t\t\t\t<\/div>\n\t\t<\/section>\n\t\t\t\t<div class=\"elementor-element elementor-element-5e9a89d elementor-mobile-align-center elementor-widget elementor-widget-button\" data-id=\"5e9a89d\" data-element_type=\"widget\" data-e-type=\"widget\" data-widget_type=\"button.default\">\n\t\t\t\t<div class=\"elementor-widget-container\">\n\t\t\t\t\t\t\t\t\t<div class=\"elementor-button-wrapper\">\n\t\t\t\t\t<a class=\"elementor-button elementor-button-link elementor-size-sm\" href=\"https:\/\/www.portovenere.fr\/fr-fr\/carrelage-sol-et-mur-en-gres-cerame-et-faience\/carrelage-contemporain-et-design\/carrelage-gris-grand-format-design-contemporain-full-moon\/\">\n\t\t\t\t\t\t<span class=\"elementor-button-content-wrapper\">\n\t\t\t\t\t\t\t\t\t<span class=\"elementor-button-text\">Voir la collection<\/span>\n\t\t\t\t\t<\/span>\n\t\t\t\t\t<\/a>\n\t\t\t\t<\/div>\n\t\t\t\t\t\t\t\t<\/div>\n\t\t\t\t<\/div>\n\t\t\t\t\t<\/div>\n\t\t<\/div>\n\t\t\t\t<div class=\"elementor-column elementor-col-33 elementor-top-column elementor-element elementor-element-1f7b427\" data-id=\"1f7b427\" data-element_type=\"column\" data-e-type=\"column\" data-settings=\"{&quot;background_background&quot;:&quot;classic&quot;}\">\n\t\t\t<div class=\"elementor-widget-wrap elementor-element-populated\">\n\t\t\t\t\t\t<div class=\"elementor-element elementor-element-7d0bb17 elementor-widget elementor-widget-image\" data-id=\"7d0bb17\" data-element_type=\"widget\" data-e-type=\"widget\" data-widget_type=\"image.default\">\n\t\t\t\t<div class=\"elementor-widget-container\">\n\t\t\t\t\t\t\t\t\t\t\t\t\t\t\t\t<a href=\"https:\/\/www.portovenere.fr\/fr-fr\/carrelage-sol-et-mur-en-gres-cerame-et-faience\/carrelage-contemporain-et-design\/carrelage-effet-beton-concorde\/\">\n\t\t\t\t\t\t\t<img decoding=\"async\" src=\"https:\/\/www.portovenere.fr\/fr-fr\/wp-content\/uploads\/elementor\/thumbs\/carrelage-aspect-beton-et-pierre-avorio-concorde-porto-venere-04-r8iemo00o5py7qajcna71iotevu0s098dpfatibbmo.jpg\" title=\"carrelage-aspect-beton-et-pierre-avorio-concorde-porto-venere-04\" alt=\"carrelage aspect b\u00e9ton et pierre naturelle avorio collection concorde porto venere\" loading=\"lazy\" \/>\t\t\t\t\t\t\t\t<\/a>\n\t\t\t\t\t\t\t\t\t\t\t\t\t\t\t<\/div>\n\t\t\t\t<\/div>\n\t\t\t\t<div class=\"elementor-element elementor-element-900599e elementor-widget elementor-widget-heading\" data-id=\"900599e\" data-element_type=\"widget\" data-e-type=\"widget\" data-widget_type=\"heading.default\">\n\t\t\t\t<div class=\"elementor-widget-container\">\n\t\t\t\t\t<h3 class=\"elementor-heading-title elementor-size-default\"><a href=\"https:\/\/www.portovenere.fr\/fr-fr\/carrelage-sol-et-mur-en-gres-cerame-et-faience\/carrelage-contemporain-et-design\/carrelage-effet-beton-concorde\/\">CONCORDE | 4 coloris<\/a><\/h3>\t\t\t\t<\/div>\n\t\t\t\t<\/div>\n\t\t\t\t<div class=\"elementor-element elementor-element-990c26e elementor-widget__width-initial elementor-widget elementor-widget-gallery\" data-id=\"990c26e\" data-element_type=\"widget\" data-e-type=\"widget\" data-settings=\"{&quot;gap&quot;:{&quot;unit&quot;:&quot;px&quot;,&quot;size&quot;:3,&quot;sizes&quot;:[]},&quot;columns_mobile&quot;:3,&quot;gap_mobile&quot;:{&quot;unit&quot;:&quot;px&quot;,&quot;size&quot;:6,&quot;sizes&quot;:[]},&quot;columns&quot;:5,&quot;columns_tablet&quot;:3,&quot;gap_tablet&quot;:{&quot;unit&quot;:&quot;px&quot;,&quot;size&quot;:5,&quot;sizes&quot;:[]},&quot;lazyload&quot;:&quot;yes&quot;,&quot;gallery_layout&quot;:&quot;grid&quot;,&quot;link_to&quot;:&quot;file&quot;,&quot;aspect_ratio&quot;:&quot;3:2&quot;,&quot;overlay_background&quot;:&quot;yes&quot;,&quot;content_hover_animation&quot;:&quot;fade-in&quot;}\" data-widget_type=\"gallery.default\">\n\t\t\t\t<div class=\"elementor-widget-container\">\n\t\t\t\t\t\t\t<div class=\"elementor-gallery__container\">\n\t\t\t\t\t\t\t<a class=\"e-gallery-item elementor-gallery-item elementor-animated-content\" href=\"https:\/\/www.portovenere.fr\/fr-fr\/wp-content\/uploads\/2023\/03\/carrelage-mosaique-concorde-ecru-porto-venere-1.jpg\" data-elementor-open-lightbox=\"yes\" data-elementor-lightbox-slideshow=\"990c26e\" data-elementor-lightbox-title=\"carrelage-mosaique-concorde-ecru-porto-venere\" data-e-action-hash=\"#elementor-action%3Aaction%3Dlightbox%26settings%3DeyJpZCI6NDUwNjUsInVybCI6Imh0dHBzOlwvXC93d3cucG9ydG92ZW5lcmUuZnJcL2ZyLWZyXC93cC1jb250ZW50XC91cGxvYWRzXC8yMDIzXC8wM1wvY2FycmVsYWdlLW1vc2FpcXVlLWNvbmNvcmRlLWVjcnUtcG9ydG8tdmVuZXJlLTEuanBnIiwic2xpZGVzaG93IjoiOTkwYzI2ZSJ9\">\n\t\t\t\t\t<div class=\"e-gallery-image elementor-gallery-item__image\" data-thumbnail=\"https:\/\/www.portovenere.fr\/fr-fr\/wp-content\/uploads\/2023\/03\/carrelage-mosaique-concorde-ecru-porto-venere-1-150x150.jpg\" data-width=\"150\" data-height=\"150\" aria-label=\"carrelage mosa\u00efque concorde \u00e9cru 30x30 porto venere\" role=\"img\" ><\/div>\n\t\t\t\t\t\t\t\t\t\t\t<div class=\"elementor-gallery-item__overlay\"><\/div>\n\t\t\t\t\t\t\t\t\t\t\t\t\t\t<\/a>\n\t\t\t\t\t\t\t<a class=\"e-gallery-item elementor-gallery-item elementor-animated-content\" href=\"https:\/\/www.portovenere.fr\/fr-fr\/wp-content\/uploads\/2023\/03\/mosaique-concorde-avorio-porto-venere-1.jpg\" data-elementor-open-lightbox=\"yes\" data-elementor-lightbox-slideshow=\"990c26e\" data-elementor-lightbox-title=\"mosaique-concorde-avorio-porto-venere\" data-e-action-hash=\"#elementor-action%3Aaction%3Dlightbox%26settings%3DeyJpZCI6NDUwNjQsInVybCI6Imh0dHBzOlwvXC93d3cucG9ydG92ZW5lcmUuZnJcL2ZyLWZyXC93cC1jb250ZW50XC91cGxvYWRzXC8yMDIzXC8wM1wvbW9zYWlxdWUtY29uY29yZGUtYXZvcmlvLXBvcnRvLXZlbmVyZS0xLmpwZyIsInNsaWRlc2hvdyI6Ijk5MGMyNmUifQ%3D%3D\">\n\t\t\t\t\t<div class=\"e-gallery-image elementor-gallery-item__image\" data-thumbnail=\"https:\/\/www.portovenere.fr\/fr-fr\/wp-content\/uploads\/2023\/03\/mosaique-concorde-avorio-porto-venere-1-150x150.jpg\" data-width=\"150\" data-height=\"150\" aria-label=\"\" role=\"img\" ><\/div>\n\t\t\t\t\t\t\t\t\t\t\t<div class=\"elementor-gallery-item__overlay\"><\/div>\n\t\t\t\t\t\t\t\t\t\t\t\t\t\t<\/a>\n\t\t\t\t\t\t\t<a class=\"e-gallery-item elementor-gallery-item elementor-animated-content\" href=\"https:\/\/www.portovenere.fr\/fr-fr\/wp-content\/uploads\/2023\/03\/carrelage-mosaique-concorde-anthracite-porto-venere-1.jpg\" data-elementor-open-lightbox=\"yes\" data-elementor-lightbox-slideshow=\"990c26e\" data-elementor-lightbox-title=\"carrelage-mosaique-concorde-anthracite-porto-venere\" data-e-action-hash=\"#elementor-action%3Aaction%3Dlightbox%26settings%3DeyJpZCI6NDUwNjMsInVybCI6Imh0dHBzOlwvXC93d3cucG9ydG92ZW5lcmUuZnJcL2ZyLWZyXC93cC1jb250ZW50XC91cGxvYWRzXC8yMDIzXC8wM1wvY2FycmVsYWdlLW1vc2FpcXVlLWNvbmNvcmRlLWFudGhyYWNpdGUtcG9ydG8tdmVuZXJlLTEuanBnIiwic2xpZGVzaG93IjoiOTkwYzI2ZSJ9\">\n\t\t\t\t\t<div class=\"e-gallery-image elementor-gallery-item__image\" data-thumbnail=\"https:\/\/www.portovenere.fr\/fr-fr\/wp-content\/uploads\/2023\/03\/carrelage-mosaique-concorde-anthracite-porto-venere-1-150x150.jpg\" data-width=\"150\" data-height=\"150\" aria-label=\"\" role=\"img\" ><\/div>\n\t\t\t\t\t\t\t\t\t\t\t<div class=\"elementor-gallery-item__overlay\"><\/div>\n\t\t\t\t\t\t\t\t\t\t\t\t\t\t<\/a>\n\t\t\t\t\t\t\t<a class=\"e-gallery-item elementor-gallery-item elementor-animated-content\" href=\"https:\/\/www.portovenere.fr\/fr-fr\/wp-content\/uploads\/2023\/03\/carrelage-mosaique-concorde-titanio-porto-venere.jpg\" data-elementor-open-lightbox=\"yes\" data-elementor-lightbox-slideshow=\"990c26e\" data-elementor-lightbox-title=\"carrelage-mosaique-concorde-titanio-porto-venere\" data-e-action-hash=\"#elementor-action%3Aaction%3Dlightbox%26settings%3DeyJpZCI6NDUwNTYsInVybCI6Imh0dHBzOlwvXC93d3cucG9ydG92ZW5lcmUuZnJcL2ZyLWZyXC93cC1jb250ZW50XC91cGxvYWRzXC8yMDIzXC8wM1wvY2FycmVsYWdlLW1vc2FpcXVlLWNvbmNvcmRlLXRpdGFuaW8tcG9ydG8tdmVuZXJlLmpwZyIsInNsaWRlc2hvdyI6Ijk5MGMyNmUifQ%3D%3D\">\n\t\t\t\t\t<div class=\"e-gallery-image elementor-gallery-item__image\" data-thumbnail=\"https:\/\/www.portovenere.fr\/fr-fr\/wp-content\/uploads\/2023\/03\/carrelage-mosaique-concorde-titanio-porto-venere-150x150.jpg\" data-width=\"150\" data-height=\"150\" aria-label=\"carrelage mosa\u00efque concorde titanio 30x30 porto venere\" role=\"img\" ><\/div>\n\t\t\t\t\t\t\t\t\t\t\t<div class=\"elementor-gallery-item__overlay\"><\/div>\n\t\t\t\t\t\t\t\t\t\t\t\t\t\t<\/a>\n\t\t\t\t\t<\/div>\n\t\t\t\t\t<\/div>\n\t\t\t\t<\/div>\n\t\t\t\t<div class=\"elementor-element elementor-element-f57af7f elementor-widget elementor-widget-text-editor\" data-id=\"f57af7f\" data-element_type=\"widget\" data-e-type=\"widget\" data-widget_type=\"text-editor.default\">\n\t\t\t\t<div class=\"elementor-widget-container\">\n\t\t\t\t\t\t\t\t\t<p>La collection de&nbsp;<strong>carrelage Concorde aspect b\u00e9ton<\/strong>&nbsp;et&nbsp;<strong>pierre naturelle<\/strong>&nbsp;s\u2019allie parfaitement et vous offre tous les avantages du&nbsp;<strong>gr\u00e8s c\u00e9rame<\/strong>. Elle se compose de&nbsp;<strong>4 coloris<\/strong>&nbsp;: Avorio, Titanio, \u00c9cru et Anthracite. Il existe une grande vari\u00e9t\u00e9 de&nbsp;<strong>tailles<\/strong>&nbsp;et&nbsp;<strong>d\u2019\u00e9paisseurs&nbsp;<\/strong>pour s\u2019adapter \u00e0 une utilisation en&nbsp;<strong>int\u00e9rieur<\/strong>&nbsp;ou en&nbsp;<strong>ext\u00e9rieur<\/strong>, avec des motifs de&nbsp;<strong>d\u00e9corations<\/strong>&nbsp;et des&nbsp;<strong>mosa\u00efques<\/strong>&nbsp;exclusives.&nbsp;<\/p><p>Cette&nbsp;<strong>collection de gr\u00e8s c\u00e9rame intemporelle<\/strong>&nbsp;convient parfaitement \u00e0 tous types d\u2019espaces, qu\u2019ils soient minimalistes ou luxueux, r\u00e9sidentiels ou commerciaux, et est fortement appr\u00e9ci\u00e9 par son&nbsp;<strong>\u00e9l\u00e9gance<\/strong>&nbsp;ainsi que pour sa&nbsp;<strong>polyvalence<\/strong>.&nbsp;<\/p>\n<p>En somme, la&nbsp;<strong>collection Concorde<\/strong>&nbsp;est un choix de&nbsp;<strong>rev\u00eatement de sol<\/strong>&nbsp;id\u00e9al pour les personnes cherchant \u00e0 marier simplicit\u00e9 et originalit\u00e9 dans leur d\u00e9coration int\u00e9rieure.<\/p>\n<p>Cette s\u00e9rie est disponible en finition naturelle rectifi\u00e9e. Les bords rectifi\u00e9s permettent la pose en int\u00e9rieur avec des joints de 2mm, joints \u00e0 assortir aux carreaux.<\/p>\t\t\t\t\t\t\t\t<\/div>\n\t\t\t\t<\/div>\n\t\t\t\t<div class=\"elementor-element elementor-element-043e08d elementor-mobile-align-center elementor-align-left elementor-widget elementor-widget-button\" data-id=\"043e08d\" data-element_type=\"widget\" data-e-type=\"widget\" data-widget_type=\"button.default\">\n\t\t\t\t<div class=\"elementor-widget-container\">\n\t\t\t\t\t\t\t\t\t<div class=\"elementor-button-wrapper\">\n\t\t\t\t\t<a class=\"elementor-button elementor-button-link elementor-size-sm\" href=\"https:\/\/www.portovenere.fr\/fr-fr\/carrelage-sol-et-mur-en-gres-cerame-et-faience\/carrelage-contemporain-et-design\/carrelage-effet-beton-concorde\/\">\n\t\t\t\t\t\t<span class=\"elementor-button-content-wrapper\">\n\t\t\t\t\t\t\t\t\t<span class=\"elementor-button-text\">Voir la collection<\/span>\n\t\t\t\t\t<\/span>\n\t\t\t\t\t<\/a>\n\t\t\t\t<\/div>\n\t\t\t\t\t\t\t\t<\/div>\n\t\t\t\t<\/div>\n\t\t\t\t\t<\/div>\n\t\t<\/div>\n\t\t\t\t\t<\/div>\n\t\t<\/section>\n\t\t\t\t<section class=\"elementor-section elementor-top-section elementor-element elementor-element-d906170 elementor-section-boxed elementor-section-height-default elementor-section-height-default\" data-id=\"d906170\" data-element_type=\"section\" data-e-type=\"section\">\n\t\t\t\t\t\t<div class=\"elementor-container elementor-column-gap-default\">\n\t\t\t\t\t<div class=\"elementor-column elementor-col-33 elementor-top-column elementor-element elementor-element-8df7d28 elementor-invisible\" data-id=\"8df7d28\" data-element_type=\"column\" data-e-type=\"column\" data-settings=\"{&quot;animation&quot;:&quot;fadeIn&quot;,&quot;background_background&quot;:&quot;classic&quot;}\">\n\t\t\t<div class=\"elementor-widget-wrap elementor-element-populated\">\n\t\t\t\t\t\t<div class=\"elementor-element elementor-element-4dfb3d1 elementor-widget elementor-widget-image\" data-id=\"4dfb3d1\" data-element_type=\"widget\" data-e-type=\"widget\" data-widget_type=\"image.default\">\n\t\t\t\t<div class=\"elementor-widget-container\">\n\t\t\t\t\t\t\t\t\t\t\t\t\t\t\t\t<a href=\"https:\/\/www.portovenere.fr\/fr-fr\/carrelage-sol-et-mur-en-gres-cerame-et-faience\/carrelage-contemporain-et-design\/carrelage-contemporain-aspect-beton-be-and-be\/\">\n\t\t\t\t\t\t\t<img decoding=\"async\" width=\"768\" height=\"512\" src=\"https:\/\/www.portovenere.fr\/fr-fr\/wp-content\/uploads\/2019\/07\/Carrelage-Be-and-Be-Sand-sol-et-mur-de-salle-de-bain-aspect-b\u00e9ton-cir\u00e9-1-768x512.jpg\" class=\"attachment-medium_large size-medium_large wp-image-9807\" alt=\"\" srcset=\"https:\/\/www.portovenere.fr\/fr-fr\/wp-content\/uploads\/2019\/07\/Carrelage-Be-and-Be-Sand-sol-et-mur-de-salle-de-bain-aspect-b\u00e9ton-cir\u00e9-1-768x512.jpg 768w, https:\/\/www.portovenere.fr\/fr-fr\/wp-content\/uploads\/2019\/07\/Carrelage-Be-and-Be-Sand-sol-et-mur-de-salle-de-bain-aspect-b\u00e9ton-cir\u00e9-1-300x200.jpg 300w, https:\/\/www.portovenere.fr\/fr-fr\/wp-content\/uploads\/2019\/07\/Carrelage-Be-and-Be-Sand-sol-et-mur-de-salle-de-bain-aspect-b\u00e9ton-cir\u00e9-1-1024x683.jpg 1024w, https:\/\/www.portovenere.fr\/fr-fr\/wp-content\/uploads\/2019\/07\/Carrelage-Be-and-Be-Sand-sol-et-mur-de-salle-de-bain-aspect-b\u00e9ton-cir\u00e9-1.jpg 1500w\" sizes=\"(max-width: 768px) 100vw, 768px\" \/>\t\t\t\t\t\t\t\t<\/a>\n\t\t\t\t\t\t\t\t\t\t\t\t\t\t\t<\/div>\n\t\t\t\t<\/div>\n\t\t\t\t<section class=\"elementor-section elementor-inner-section elementor-element elementor-element-258d65c elementor-section-boxed elementor-section-height-default elementor-section-height-default elementor-invisible\" data-id=\"258d65c\" data-element_type=\"section\" data-e-type=\"section\" data-settings=\"{&quot;background_background&quot;:&quot;classic&quot;,&quot;animation&quot;:&quot;fadeIn&quot;}\">\n\t\t\t\t\t\t<div class=\"elementor-container elementor-column-gap-default\">\n\t\t\t\t\t<div class=\"elementor-column elementor-col-100 elementor-inner-column elementor-element elementor-element-0aeb26c\" data-id=\"0aeb26c\" data-element_type=\"column\" data-e-type=\"column\">\n\t\t\t<div class=\"elementor-widget-wrap elementor-element-populated\">\n\t\t\t\t\t\t<div class=\"elementor-element elementor-element-de00ffe elementor-widget elementor-widget-heading\" data-id=\"de00ffe\" data-element_type=\"widget\" data-e-type=\"widget\" data-widget_type=\"heading.default\">\n\t\t\t\t<div class=\"elementor-widget-container\">\n\t\t\t\t\t<h3 class=\"elementor-heading-title elementor-size-default\"><a href=\"https:\/\/www.portovenere.fr\/fr-fr\/carrelage-sol-et-mur-en-gres-cerame-et-faience\/carrelage-contemporain-et-design\/carrelage-contemporain-aspect-beton-be-and-be\/\">BE AND BE | 4 coloris &amp; d\u00e9cors<\/a><\/h3>\t\t\t\t<\/div>\n\t\t\t\t<\/div>\n\t\t\t\t<div class=\"elementor-element elementor-element-909f148 elementor-widget__width-initial elementor-widget elementor-widget-gallery\" data-id=\"909f148\" data-element_type=\"widget\" data-e-type=\"widget\" data-settings=\"{&quot;gap&quot;:{&quot;unit&quot;:&quot;px&quot;,&quot;size&quot;:3,&quot;sizes&quot;:[]},&quot;columns_mobile&quot;:3,&quot;gap_mobile&quot;:{&quot;unit&quot;:&quot;px&quot;,&quot;size&quot;:6,&quot;sizes&quot;:[]},&quot;columns&quot;:5,&quot;columns_tablet&quot;:3,&quot;gap_tablet&quot;:{&quot;unit&quot;:&quot;px&quot;,&quot;size&quot;:5,&quot;sizes&quot;:[]},&quot;lazyload&quot;:&quot;yes&quot;,&quot;gallery_layout&quot;:&quot;grid&quot;,&quot;link_to&quot;:&quot;file&quot;,&quot;aspect_ratio&quot;:&quot;3:2&quot;,&quot;overlay_background&quot;:&quot;yes&quot;,&quot;content_hover_animation&quot;:&quot;fade-in&quot;}\" data-widget_type=\"gallery.default\">\n\t\t\t\t<div class=\"elementor-widget-container\">\n\t\t\t\t\t\t\t<div class=\"elementor-gallery__container\">\n\t\t\t\t\t\t\t<a class=\"e-gallery-item elementor-gallery-item elementor-animated-content\" href=\"https:\/\/www.portovenere.fr\/fr-fr\/wp-content\/uploads\/2019\/04\/Be-an-Be-Sand.jpg\" data-elementor-open-lightbox=\"yes\" data-elementor-lightbox-slideshow=\"909f148\" data-elementor-lightbox-title=\"Be and Be Sand\" data-e-action-hash=\"#elementor-action%3Aaction%3Dlightbox%26settings%3DeyJpZCI6NTY2MSwidXJsIjoiaHR0cHM6XC9cL3d3dy5wb3J0b3ZlbmVyZS5mclwvZnItZnJcL3dwLWNvbnRlbnRcL3VwbG9hZHNcLzIwMTlcLzA0XC9CZS1hbi1CZS1TYW5kLmpwZyIsInNsaWRlc2hvdyI6IjkwOWYxNDgifQ%3D%3D\">\n\t\t\t\t\t<div class=\"e-gallery-image elementor-gallery-item__image\" data-thumbnail=\"https:\/\/www.portovenere.fr\/fr-fr\/wp-content\/uploads\/2019\/04\/Be-an-Be-Sand-150x150.jpg\" data-width=\"150\" data-height=\"150\" aria-label=\"\" role=\"img\" ><\/div>\n\t\t\t\t\t\t\t\t\t\t\t<div class=\"elementor-gallery-item__overlay\"><\/div>\n\t\t\t\t\t\t\t\t\t\t\t\t\t\t<\/a>\n\t\t\t\t\t\t\t<a class=\"e-gallery-item elementor-gallery-item elementor-animated-content\" href=\"https:\/\/www.portovenere.fr\/fr-fr\/wp-content\/uploads\/2019\/04\/Be-an-Be-Ivory.jpg\" data-elementor-open-lightbox=\"yes\" data-elementor-lightbox-slideshow=\"909f148\" data-elementor-lightbox-title=\"Be and Be Ivory\" data-e-action-hash=\"#elementor-action%3Aaction%3Dlightbox%26settings%3DeyJpZCI6NTY2MCwidXJsIjoiaHR0cHM6XC9cL3d3dy5wb3J0b3ZlbmVyZS5mclwvZnItZnJcL3dwLWNvbnRlbnRcL3VwbG9hZHNcLzIwMTlcLzA0XC9CZS1hbi1CZS1Jdm9yeS5qcGciLCJzbGlkZXNob3ciOiI5MDlmMTQ4In0%3D\">\n\t\t\t\t\t<div class=\"e-gallery-image elementor-gallery-item__image\" data-thumbnail=\"https:\/\/www.portovenere.fr\/fr-fr\/wp-content\/uploads\/2019\/04\/Be-an-Be-Ivory-150x150.jpg\" data-width=\"150\" data-height=\"150\" aria-label=\"\" role=\"img\" ><\/div>\n\t\t\t\t\t\t\t\t\t\t\t<div class=\"elementor-gallery-item__overlay\"><\/div>\n\t\t\t\t\t\t\t\t\t\t\t\t\t\t<\/a>\n\t\t\t\t\t\t\t<a class=\"e-gallery-item elementor-gallery-item elementor-animated-content\" href=\"https:\/\/www.portovenere.fr\/fr-fr\/wp-content\/uploads\/2019\/04\/Be-an-Be-Concrete.jpg\" data-elementor-open-lightbox=\"yes\" data-elementor-lightbox-slideshow=\"909f148\" data-elementor-lightbox-title=\"Be and Be Concrete\" data-e-action-hash=\"#elementor-action%3Aaction%3Dlightbox%26settings%3DeyJpZCI6NTY1OSwidXJsIjoiaHR0cHM6XC9cL3d3dy5wb3J0b3ZlbmVyZS5mclwvZnItZnJcL3dwLWNvbnRlbnRcL3VwbG9hZHNcLzIwMTlcLzA0XC9CZS1hbi1CZS1Db25jcmV0ZS5qcGciLCJzbGlkZXNob3ciOiI5MDlmMTQ4In0%3D\">\n\t\t\t\t\t<div class=\"e-gallery-image elementor-gallery-item__image\" data-thumbnail=\"https:\/\/www.portovenere.fr\/fr-fr\/wp-content\/uploads\/2019\/04\/Be-an-Be-Concrete-150x150.jpg\" data-width=\"150\" data-height=\"150\" aria-label=\"\" role=\"img\" ><\/div>\n\t\t\t\t\t\t\t\t\t\t\t<div class=\"elementor-gallery-item__overlay\"><\/div>\n\t\t\t\t\t\t\t\t\t\t\t\t\t\t<\/a>\n\t\t\t\t\t\t\t<a class=\"e-gallery-item elementor-gallery-item elementor-animated-content\" href=\"https:\/\/www.portovenere.fr\/fr-fr\/wp-content\/uploads\/2019\/04\/Be-an-Be-Black.jpg\" data-elementor-open-lightbox=\"yes\" data-elementor-lightbox-slideshow=\"909f148\" data-elementor-lightbox-title=\"Be and Be Black\" data-e-action-hash=\"#elementor-action%3Aaction%3Dlightbox%26settings%3DeyJpZCI6NTY1OCwidXJsIjoiaHR0cHM6XC9cL3d3dy5wb3J0b3ZlbmVyZS5mclwvZnItZnJcL3dwLWNvbnRlbnRcL3VwbG9hZHNcLzIwMTlcLzA0XC9CZS1hbi1CZS1CbGFjay5qcGciLCJzbGlkZXNob3ciOiI5MDlmMTQ4In0%3D\">\n\t\t\t\t\t<div class=\"e-gallery-image elementor-gallery-item__image\" data-thumbnail=\"https:\/\/www.portovenere.fr\/fr-fr\/wp-content\/uploads\/2019\/04\/Be-an-Be-Black-150x150.jpg\" data-width=\"150\" data-height=\"150\" aria-label=\"\" role=\"img\" ><\/div>\n\t\t\t\t\t\t\t\t\t\t\t<div class=\"elementor-gallery-item__overlay\"><\/div>\n\t\t\t\t\t\t\t\t\t\t\t\t\t\t<\/a>\n\t\t\t\t\t\t\t<a class=\"e-gallery-item elementor-gallery-item elementor-animated-content\" href=\"https:\/\/www.portovenere.fr\/fr-fr\/wp-content\/uploads\/2020\/01\/Carrelage-d\u00e9cor_Be-And-Be_Decor_majolica_simple_20x20.jpg\" data-elementor-open-lightbox=\"yes\" data-elementor-lightbox-slideshow=\"909f148\" data-elementor-lightbox-title=\"Carrelage d\u00e9cor_Be And Be_Decor_majolica_simple_20x20\" data-e-action-hash=\"#elementor-action%3Aaction%3Dlightbox%26settings%3DeyJpZCI6MjQ3MjUsInVybCI6Imh0dHBzOlwvXC93d3cucG9ydG92ZW5lcmUuZnJcL2ZyLWZyXC93cC1jb250ZW50XC91cGxvYWRzXC8yMDIwXC8wMVwvQ2FycmVsYWdlLWRcdTAwZTljb3JfQmUtQW5kLUJlX0RlY29yX21ham9saWNhX3NpbXBsZV8yMHgyMC5qcGciLCJzbGlkZXNob3ciOiI5MDlmMTQ4In0%3D\">\n\t\t\t\t\t<div class=\"e-gallery-image elementor-gallery-item__image\" data-thumbnail=\"https:\/\/www.portovenere.fr\/fr-fr\/wp-content\/uploads\/2020\/01\/Carrelage-d\u00e9cor_Be-And-Be_Decor_majolica_simple_20x20-150x150.jpg\" data-width=\"150\" data-height=\"150\" aria-label=\"\" role=\"img\" ><\/div>\n\t\t\t\t\t\t\t\t\t\t\t<div class=\"elementor-gallery-item__overlay\"><\/div>\n\t\t\t\t\t\t\t\t\t\t\t\t\t\t<\/a>\n\t\t\t\t\t\t\t<a class=\"e-gallery-item elementor-gallery-item elementor-animated-content\" href=\"https:\/\/www.portovenere.fr\/fr-fr\/wp-content\/uploads\/2020\/01\/Carrelage-d\u00e9cor_Be-And-Be_Decor_concrete_simple_20x20.jpg\" data-elementor-open-lightbox=\"yes\" data-elementor-lightbox-slideshow=\"909f148\" data-elementor-lightbox-title=\"Carrelage d\u00e9cor_Be And Be_Decor_concrete_simple_20x20\" data-e-action-hash=\"#elementor-action%3Aaction%3Dlightbox%26settings%3DeyJpZCI6MjQ3MjQsInVybCI6Imh0dHBzOlwvXC93d3cucG9ydG92ZW5lcmUuZnJcL2ZyLWZyXC93cC1jb250ZW50XC91cGxvYWRzXC8yMDIwXC8wMVwvQ2FycmVsYWdlLWRcdTAwZTljb3JfQmUtQW5kLUJlX0RlY29yX2NvbmNyZXRlX3NpbXBsZV8yMHgyMC5qcGciLCJzbGlkZXNob3ciOiI5MDlmMTQ4In0%3D\">\n\t\t\t\t\t<div class=\"e-gallery-image elementor-gallery-item__image\" data-thumbnail=\"https:\/\/www.portovenere.fr\/fr-fr\/wp-content\/uploads\/2020\/01\/Carrelage-d\u00e9cor_Be-And-Be_Decor_concrete_simple_20x20-150x150.jpg\" data-width=\"150\" data-height=\"150\" aria-label=\"\" role=\"img\" ><\/div>\n\t\t\t\t\t\t\t\t\t\t\t<div class=\"elementor-gallery-item__overlay\"><\/div>\n\t\t\t\t\t\t\t\t\t\t\t\t\t\t<\/a>\n\t\t\t\t\t\t\t<a class=\"e-gallery-item elementor-gallery-item elementor-animated-content\" href=\"https:\/\/www.portovenere.fr\/fr-fr\/wp-content\/uploads\/2020\/01\/Carrelage-decor_Be-And-Be_Decor_concrete-black_30x30cm.jpg\" data-elementor-open-lightbox=\"yes\" data-elementor-lightbox-slideshow=\"909f148\" data-elementor-lightbox-title=\"Carrelage-decor_Be-And-Be_Decor_concrete-black_30x30cm\" data-e-action-hash=\"#elementor-action%3Aaction%3Dlightbox%26settings%3DeyJpZCI6MjQ3MjgsInVybCI6Imh0dHBzOlwvXC93d3cucG9ydG92ZW5lcmUuZnJcL2ZyLWZyXC93cC1jb250ZW50XC91cGxvYWRzXC8yMDIwXC8wMVwvQ2FycmVsYWdlLWRlY29yX0JlLUFuZC1CZV9EZWNvcl9jb25jcmV0ZS1ibGFja18zMHgzMGNtLmpwZyIsInNsaWRlc2hvdyI6IjkwOWYxNDgifQ%3D%3D\">\n\t\t\t\t\t<div class=\"e-gallery-image elementor-gallery-item__image\" data-thumbnail=\"https:\/\/www.portovenere.fr\/fr-fr\/wp-content\/uploads\/2020\/01\/Carrelage-decor_Be-And-Be_Decor_concrete-black_30x30cm-150x150.jpg\" data-width=\"150\" data-height=\"150\" aria-label=\"\" role=\"img\" ><\/div>\n\t\t\t\t\t\t\t\t\t\t\t<div class=\"elementor-gallery-item__overlay\"><\/div>\n\t\t\t\t\t\t\t\t\t\t\t\t\t\t<\/a>\n\t\t\t\t\t\t\t<a class=\"e-gallery-item elementor-gallery-item elementor-animated-content\" href=\"https:\/\/www.portovenere.fr\/fr-fr\/wp-content\/uploads\/2020\/01\/Carrelage-decor_Be-And-Be_Decor_concrete-black_30x30.jpg\" data-elementor-open-lightbox=\"yes\" data-elementor-lightbox-slideshow=\"909f148\" data-elementor-lightbox-title=\"Carrelage-decor_Be-And-Be_Decor_concrete-black_30x30\" data-e-action-hash=\"#elementor-action%3Aaction%3Dlightbox%26settings%3DeyJpZCI6MjQ3MjcsInVybCI6Imh0dHBzOlwvXC93d3cucG9ydG92ZW5lcmUuZnJcL2ZyLWZyXC93cC1jb250ZW50XC91cGxvYWRzXC8yMDIwXC8wMVwvQ2FycmVsYWdlLWRlY29yX0JlLUFuZC1CZV9EZWNvcl9jb25jcmV0ZS1ibGFja18zMHgzMC5qcGciLCJzbGlkZXNob3ciOiI5MDlmMTQ4In0%3D\">\n\t\t\t\t\t<div class=\"e-gallery-image elementor-gallery-item__image\" data-thumbnail=\"https:\/\/www.portovenere.fr\/fr-fr\/wp-content\/uploads\/2020\/01\/Carrelage-decor_Be-And-Be_Decor_concrete-black_30x30-150x150.jpg\" data-width=\"150\" data-height=\"150\" aria-label=\"\" role=\"img\" ><\/div>\n\t\t\t\t\t\t\t\t\t\t\t<div class=\"elementor-gallery-item__overlay\"><\/div>\n\t\t\t\t\t\t\t\t\t\t\t\t\t\t<\/a>\n\t\t\t\t\t<\/div>\n\t\t\t\t\t<\/div>\n\t\t\t\t<\/div>\n\t\t\t\t<div class=\"elementor-element elementor-element-6249e25 elementor-widget elementor-widget-text-editor\" data-id=\"6249e25\" data-element_type=\"widget\" data-e-type=\"widget\" data-widget_type=\"text-editor.default\">\n\t\t\t\t<div class=\"elementor-widget-container\">\n\t\t\t\t\t\t\t\t\t<p style=\"outline: currentcolor none medium;\">Cette collection de<b> carrelage pour sol et mur<\/b> en gr\u00e8s c\u00e9rame <b>aspect b\u00e9ton<\/b> est disponible en 4 coloris : <b>ivoire, sable, noir et gris ciment.<\/b>&nbsp;<\/p>\n<p style=\"outline: currentcolor none medium;\">Finition <b>naturelle <\/b>pour placer en int\u00e9rieur et finition <b>dalles antid\u00e9rapantes de 20mm<\/b> d&rsquo;\u00e9paisseur pour espaces&nbsp;<b>ext\u00e9rieurs<\/b> (terrasse, tour de piscine).<\/p>\n<p style=\"outline: currentcolor none medium;\">R\u00e9alisez de merveilleux projets tels qu&rsquo;une salle de bain, une cr\u00e9dence de cuisine, sol d&rsquo;un s\u00e9jour&#8230;gr\u00e2ce aux <b>nombreux formats<\/b> disponibles.<\/p>\t\t\t\t\t\t\t\t<\/div>\n\t\t\t\t<\/div>\n\t\t\t\t<div class=\"elementor-element elementor-element-8e9412f elementor-mobile-align-center elementor-widget elementor-widget-button\" data-id=\"8e9412f\" data-element_type=\"widget\" data-e-type=\"widget\" data-widget_type=\"button.default\">\n\t\t\t\t<div class=\"elementor-widget-container\">\n\t\t\t\t\t\t\t\t\t<div class=\"elementor-button-wrapper\">\n\t\t\t\t\t<a class=\"elementor-button elementor-button-link elementor-size-sm\" href=\"https:\/\/www.portovenere.fr\/fr-fr\/carrelage-sol-et-mur-en-gres-cerame-et-faience\/carrelage-contemporain-et-design\/carrelage-contemporain-aspect-beton-be-and-be\/\">\n\t\t\t\t\t\t<span class=\"elementor-button-content-wrapper\">\n\t\t\t\t\t\t\t\t\t<span class=\"elementor-button-text\">Voir la collection<\/span>\n\t\t\t\t\t<\/span>\n\t\t\t\t\t<\/a>\n\t\t\t\t<\/div>\n\t\t\t\t\t\t\t\t<\/div>\n\t\t\t\t<\/div>\n\t\t\t\t\t<\/div>\n\t\t<\/div>\n\t\t\t\t\t<\/div>\n\t\t<\/section>\n\t\t\t\t\t<\/div>\n\t\t<\/div>\n\t\t\t\t<div class=\"elementor-column elementor-col-33 elementor-top-column elementor-element elementor-element-a678e08\" data-id=\"a678e08\" data-element_type=\"column\" data-e-type=\"column\" data-settings=\"{&quot;background_background&quot;:&quot;classic&quot;}\">\n\t\t\t<div class=\"elementor-widget-wrap elementor-element-populated\">\n\t\t\t\t\t\t<div class=\"elementor-element elementor-element-1b0528f elementor-widget elementor-widget-image\" data-id=\"1b0528f\" data-element_type=\"widget\" data-e-type=\"widget\" data-widget_type=\"image.default\">\n\t\t\t\t<div class=\"elementor-widget-container\">\n\t\t\t\t\t\t\t\t\t\t\t\t\t\t\t\t<a href=\"https:\/\/www.portovenere.fr\/fr-fr\/carrelage-sol-et-mur-en-gres-cerame-et-faience\/carrelage-aspect-marbre\/carrelage-sol-et-mur-mix-beton-et-marbre-admirar\/\">\n\t\t\t\t\t\t\t<img decoding=\"async\" src=\"https:\/\/www.portovenere.fr\/fr-fr\/wp-content\/uploads\/elementor\/thumbs\/Carrelage-sol-imitation-beton-gris-poli-brillant-Admirar-100x100-cm-pres-de-Bouzigues-dans-l-herault-34-r8ifaly1z3a7gu7e36zrgmuv3sce914kpb55n1zjcw.jpg\" title=\"Carrelage-sol-imitation-b\u00e9ton-gris-poli-brillant-Admirar-100&#215;100-cm-pr\u00e8s-de-Bouzigues-dans-l-herault-34\" alt=\"Carrelage-sol-imitation-b\u00e9ton-gris-poli-brillant-Admirar-100x100-cm-pr\u00e8s-de-Bouzigues-dans-l-herault-34\" loading=\"lazy\" \/>\t\t\t\t\t\t\t\t<\/a>\n\t\t\t\t\t\t\t\t\t\t\t\t\t\t\t<\/div>\n\t\t\t\t<\/div>\n\t\t\t\t<div class=\"elementor-element elementor-element-00fcc17 elementor-widget elementor-widget-heading\" data-id=\"00fcc17\" data-element_type=\"widget\" data-e-type=\"widget\" data-widget_type=\"heading.default\">\n\t\t\t\t<div class=\"elementor-widget-container\">\n\t\t\t\t\t<h3 class=\"elementor-heading-title elementor-size-default\"><a href=\"https:\/\/www.portovenere.fr\/fr-fr\/carrelage-sol-et-mur-en-gres-cerame-et-faience\/carrelage-aspect-marbre\/carrelage-sol-et-mur-mix-beton-et-marbre-admirar\/\">ADMIRAR | 4 coloris &amp; 5 d\u00e9cors<\/a><\/h3>\t\t\t\t<\/div>\n\t\t\t\t<\/div>\n\t\t\t\t<div class=\"elementor-element elementor-element-0076c03 elementor-widget__width-initial elementor-widget elementor-widget-gallery\" data-id=\"0076c03\" data-element_type=\"widget\" data-e-type=\"widget\" data-settings=\"{&quot;gap&quot;:{&quot;unit&quot;:&quot;px&quot;,&quot;size&quot;:3,&quot;sizes&quot;:[]},&quot;columns_mobile&quot;:3,&quot;gap_mobile&quot;:{&quot;unit&quot;:&quot;px&quot;,&quot;size&quot;:6,&quot;sizes&quot;:[]},&quot;columns&quot;:5,&quot;columns_tablet&quot;:3,&quot;gap_tablet&quot;:{&quot;unit&quot;:&quot;px&quot;,&quot;size&quot;:5,&quot;sizes&quot;:[]},&quot;lazyload&quot;:&quot;yes&quot;,&quot;gallery_layout&quot;:&quot;grid&quot;,&quot;link_to&quot;:&quot;file&quot;,&quot;aspect_ratio&quot;:&quot;3:2&quot;,&quot;overlay_background&quot;:&quot;yes&quot;,&quot;content_hover_animation&quot;:&quot;fade-in&quot;}\" data-widget_type=\"gallery.default\">\n\t\t\t\t<div class=\"elementor-widget-container\">\n\t\t\t\t\t\t\t<div class=\"elementor-gallery__container\">\n\t\t\t\t\t\t\t<a class=\"e-gallery-item elementor-gallery-item elementor-animated-content\" href=\"https:\/\/www.portovenere.fr\/fr-fr\/wp-content\/uploads\/2024\/07\/Carrelage-sol-mur-effet-beton-Admirar-Elementi-Bianco-blanc-Lapp-100X100_a-montpellier-34.jpg\" data-elementor-open-lightbox=\"yes\" data-elementor-lightbox-slideshow=\"0076c03\" data-elementor-lightbox-title=\"Carrelage sol mur effet b\u00e9ton Admirar Elementi Bianco blanc Lapp-100X100_\u00e0-montpellier-34\" data-e-action-hash=\"#elementor-action%3Aaction%3Dlightbox%26settings%3DeyJpZCI6NTE1MTYsInVybCI6Imh0dHBzOlwvXC93d3cucG9ydG92ZW5lcmUuZnJcL2ZyLWZyXC93cC1jb250ZW50XC91cGxvYWRzXC8yMDI0XC8wN1wvQ2FycmVsYWdlLXNvbC1tdXItZWZmZXQtYmV0b24tQWRtaXJhci1FbGVtZW50aS1CaWFuY28tYmxhbmMtTGFwcC0xMDBYMTAwX2EtbW9udHBlbGxpZXItMzQuanBnIiwic2xpZGVzaG93IjoiMDA3NmMwMyJ9\">\n\t\t\t\t\t<div class=\"e-gallery-image elementor-gallery-item__image\" data-thumbnail=\"https:\/\/www.portovenere.fr\/fr-fr\/wp-content\/uploads\/2024\/07\/Carrelage-sol-mur-effet-beton-Admirar-Elementi-Bianco-blanc-Lapp-100X100_a-montpellier-34-150x150.jpg\" data-width=\"150\" data-height=\"150\" aria-label=\"\" role=\"img\" ><\/div>\n\t\t\t\t\t\t\t\t\t\t\t<div class=\"elementor-gallery-item__overlay\"><\/div>\n\t\t\t\t\t\t\t\t\t\t\t\t\t\t<\/a>\n\t\t\t\t\t\t\t<a class=\"e-gallery-item elementor-gallery-item elementor-animated-content\" href=\"https:\/\/www.portovenere.fr\/fr-fr\/wp-content\/uploads\/2024\/07\/Carrelage-decor-carre-mix-marbre-noir-et-beton-poli-brillant-100x100-proche-de-Beziers-34.jpg\" data-elementor-open-lightbox=\"yes\" data-elementor-lightbox-slideshow=\"0076c03\" data-elementor-lightbox-title=\"Carrelage d\u00e9cor carr\u00e9 mix marbre noir et b\u00e9ton poli brillant 100x100 proche de B\u00e9ziers 34\" data-e-action-hash=\"#elementor-action%3Aaction%3Dlightbox%26settings%3DeyJpZCI6NTE1MTUsInVybCI6Imh0dHBzOlwvXC93d3cucG9ydG92ZW5lcmUuZnJcL2ZyLWZyXC93cC1jb250ZW50XC91cGxvYWRzXC8yMDI0XC8wN1wvQ2FycmVsYWdlLWRlY29yLWNhcnJlLW1peC1tYXJicmUtbm9pci1ldC1iZXRvbi1wb2xpLWJyaWxsYW50LTEwMHgxMDAtcHJvY2hlLWRlLUJlemllcnMtMzQuanBnIiwic2xpZGVzaG93IjoiMDA3NmMwMyJ9\">\n\t\t\t\t\t<div class=\"e-gallery-image elementor-gallery-item__image\" data-thumbnail=\"https:\/\/www.portovenere.fr\/fr-fr\/wp-content\/uploads\/2024\/07\/Carrelage-decor-carre-mix-marbre-noir-et-beton-poli-brillant-100x100-proche-de-Beziers-34-150x150.jpg\" data-width=\"150\" data-height=\"150\" aria-label=\"\" role=\"img\" ><\/div>\n\t\t\t\t\t\t\t\t\t\t\t<div class=\"elementor-gallery-item__overlay\"><\/div>\n\t\t\t\t\t\t\t\t\t\t\t\t\t\t<\/a>\n\t\t\t\t\t\t\t<a class=\"e-gallery-item elementor-gallery-item elementor-animated-content\" href=\"https:\/\/www.portovenere.fr\/fr-fr\/wp-content\/uploads\/2024\/07\/Carrelage-decor-carre-mix-marbre-blanc-et-beton-poli-brillant-100x100-proche-de-La-Grande-Motte-34.jpg\" data-elementor-open-lightbox=\"yes\" data-elementor-lightbox-slideshow=\"0076c03\" data-elementor-lightbox-title=\"Carrelage d\u00e9cor carr\u00e9 mix marbre blanc et b\u00e9ton poli brillant 100x100 proche de La Grande Motte 34\" data-e-action-hash=\"#elementor-action%3Aaction%3Dlightbox%26settings%3DeyJpZCI6NTE1MTEsInVybCI6Imh0dHBzOlwvXC93d3cucG9ydG92ZW5lcmUuZnJcL2ZyLWZyXC93cC1jb250ZW50XC91cGxvYWRzXC8yMDI0XC8wN1wvQ2FycmVsYWdlLWRlY29yLWNhcnJlLW1peC1tYXJicmUtYmxhbmMtZXQtYmV0b24tcG9saS1icmlsbGFudC0xMDB4MTAwLXByb2NoZS1kZS1MYS1HcmFuZGUtTW90dGUtMzQuanBnIiwic2xpZGVzaG93IjoiMDA3NmMwMyJ9\">\n\t\t\t\t\t<div class=\"e-gallery-image elementor-gallery-item__image\" data-thumbnail=\"https:\/\/www.portovenere.fr\/fr-fr\/wp-content\/uploads\/2024\/07\/Carrelage-decor-carre-mix-marbre-blanc-et-beton-poli-brillant-100x100-proche-de-La-Grande-Motte-34-150x150.jpg\" data-width=\"150\" data-height=\"150\" aria-label=\"\" role=\"img\" ><\/div>\n\t\t\t\t\t\t\t\t\t\t\t<div class=\"elementor-gallery-item__overlay\"><\/div>\n\t\t\t\t\t\t\t\t\t\t\t\t\t\t<\/a>\n\t\t\t\t\t\t\t<a class=\"e-gallery-item elementor-gallery-item elementor-animated-content\" href=\"https:\/\/www.portovenere.fr\/fr-fr\/wp-content\/uploads\/2024\/07\/Carrelage-sol-mur-effet-beton-Admirar-Elementi-Fango-marron-Lapp-60X60_a-saint-jean-de-vedas-34.jpg\" data-elementor-open-lightbox=\"yes\" data-elementor-lightbox-slideshow=\"0076c03\" data-elementor-lightbox-title=\"Carrelage sol mur effet b\u00e9ton Admirar Elementi Fango marron Lapp-60X60_\u00e0-saint-jean-de-v\u00e9das-34\" data-e-action-hash=\"#elementor-action%3Aaction%3Dlightbox%26settings%3DeyJpZCI6NTE1MTgsInVybCI6Imh0dHBzOlwvXC93d3cucG9ydG92ZW5lcmUuZnJcL2ZyLWZyXC93cC1jb250ZW50XC91cGxvYWRzXC8yMDI0XC8wN1wvQ2FycmVsYWdlLXNvbC1tdXItZWZmZXQtYmV0b24tQWRtaXJhci1FbGVtZW50aS1GYW5nby1tYXJyb24tTGFwcC02MFg2MF9hLXNhaW50LWplYW4tZGUtdmVkYXMtMzQuanBnIiwic2xpZGVzaG93IjoiMDA3NmMwMyJ9\">\n\t\t\t\t\t<div class=\"e-gallery-image elementor-gallery-item__image\" data-thumbnail=\"https:\/\/www.portovenere.fr\/fr-fr\/wp-content\/uploads\/2024\/07\/Carrelage-sol-mur-effet-beton-Admirar-Elementi-Fango-marron-Lapp-60X60_a-saint-jean-de-vedas-34-150x150.jpg\" data-width=\"150\" data-height=\"150\" aria-label=\"\" role=\"img\" ><\/div>\n\t\t\t\t\t\t\t\t\t\t\t<div class=\"elementor-gallery-item__overlay\"><\/div>\n\t\t\t\t\t\t\t\t\t\t\t\t\t\t<\/a>\n\t\t\t\t\t\t\t<a class=\"e-gallery-item elementor-gallery-item elementor-animated-content\" href=\"https:\/\/www.portovenere.fr\/fr-fr\/wp-content\/uploads\/2024\/07\/Carrelage-decor-carre-mix-marbre-et-beton-marron-fango-poli-brillant-60x60-proche-de-Sete-34.jpg\" data-elementor-open-lightbox=\"yes\" data-elementor-lightbox-slideshow=\"0076c03\" data-elementor-lightbox-title=\"Carrelage d\u00e9cor carr\u00e9 mix marbre et b\u00e9ton marron fango poli brillant 60x60 proche de S\u00e8te 34\" data-e-action-hash=\"#elementor-action%3Aaction%3Dlightbox%26settings%3DeyJpZCI6NTE1MTQsInVybCI6Imh0dHBzOlwvXC93d3cucG9ydG92ZW5lcmUuZnJcL2ZyLWZyXC93cC1jb250ZW50XC91cGxvYWRzXC8yMDI0XC8wN1wvQ2FycmVsYWdlLWRlY29yLWNhcnJlLW1peC1tYXJicmUtZXQtYmV0b24tbWFycm9uLWZhbmdvLXBvbGktYnJpbGxhbnQtNjB4NjAtcHJvY2hlLWRlLVNldGUtMzQuanBnIiwic2xpZGVzaG93IjoiMDA3NmMwMyJ9\">\n\t\t\t\t\t<div class=\"e-gallery-image elementor-gallery-item__image\" data-thumbnail=\"https:\/\/www.portovenere.fr\/fr-fr\/wp-content\/uploads\/2024\/07\/Carrelage-decor-carre-mix-marbre-et-beton-marron-fango-poli-brillant-60x60-proche-de-Sete-34-150x150.jpg\" data-width=\"150\" data-height=\"150\" aria-label=\"\" role=\"img\" ><\/div>\n\t\t\t\t\t\t\t\t\t\t\t<div class=\"elementor-gallery-item__overlay\"><\/div>\n\t\t\t\t\t\t\t\t\t\t\t\t\t\t<\/a>\n\t\t\t\t\t\t\t<a class=\"e-gallery-item elementor-gallery-item elementor-animated-content\" href=\"https:\/\/www.portovenere.fr\/fr-fr\/wp-content\/uploads\/2024\/07\/Carrelage-sol-mur-effet-beton-Admirar-Elementi-Grigio-gris-Lapp-100X100_a-montpellier-34.jpg\" data-elementor-open-lightbox=\"yes\" data-elementor-lightbox-slideshow=\"0076c03\" data-elementor-lightbox-title=\"Carrelage sol mur effet b\u00e9ton Admirar Elementi Grigio gris Lapp-100X100_\u00e0-montpellier-34\" data-e-action-hash=\"#elementor-action%3Aaction%3Dlightbox%26settings%3DeyJpZCI6NTE1MTksInVybCI6Imh0dHBzOlwvXC93d3cucG9ydG92ZW5lcmUuZnJcL2ZyLWZyXC93cC1jb250ZW50XC91cGxvYWRzXC8yMDI0XC8wN1wvQ2FycmVsYWdlLXNvbC1tdXItZWZmZXQtYmV0b24tQWRtaXJhci1FbGVtZW50aS1HcmlnaW8tZ3Jpcy1MYXBwLTEwMFgxMDBfYS1tb250cGVsbGllci0zNC5qcGciLCJzbGlkZXNob3ciOiIwMDc2YzAzIn0%3D\">\n\t\t\t\t\t<div class=\"e-gallery-image elementor-gallery-item__image\" data-thumbnail=\"https:\/\/www.portovenere.fr\/fr-fr\/wp-content\/uploads\/2024\/07\/Carrelage-sol-mur-effet-beton-Admirar-Elementi-Grigio-gris-Lapp-100X100_a-montpellier-34-150x150.jpg\" data-width=\"150\" data-height=\"150\" aria-label=\"\" role=\"img\" ><\/div>\n\t\t\t\t\t\t\t\t\t\t\t<div class=\"elementor-gallery-item__overlay\"><\/div>\n\t\t\t\t\t\t\t\t\t\t\t\t\t\t<\/a>\n\t\t\t\t\t\t\t<a class=\"e-gallery-item elementor-gallery-item elementor-animated-content\" href=\"https:\/\/www.portovenere.fr\/fr-fr\/wp-content\/uploads\/2024\/07\/Carrelage-decor-carre-mix-marbre-et-beton-gris-poli-brillant-60x60-proche-de-Palavas-34.jpg\" data-elementor-open-lightbox=\"yes\" data-elementor-lightbox-slideshow=\"0076c03\" data-elementor-lightbox-title=\"Carrelage d\u00e9cor carr\u00e9 mix marbre et b\u00e9ton gris poli brillant 60x60 proche de Palavas 34\" data-e-action-hash=\"#elementor-action%3Aaction%3Dlightbox%26settings%3DeyJpZCI6NTE1MTMsInVybCI6Imh0dHBzOlwvXC93d3cucG9ydG92ZW5lcmUuZnJcL2ZyLWZyXC93cC1jb250ZW50XC91cGxvYWRzXC8yMDI0XC8wN1wvQ2FycmVsYWdlLWRlY29yLWNhcnJlLW1peC1tYXJicmUtZXQtYmV0b24tZ3Jpcy1wb2xpLWJyaWxsYW50LTYweDYwLXByb2NoZS1kZS1QYWxhdmFzLTM0LmpwZyIsInNsaWRlc2hvdyI6IjAwNzZjMDMifQ%3D%3D\">\n\t\t\t\t\t<div class=\"e-gallery-image elementor-gallery-item__image\" data-thumbnail=\"https:\/\/www.portovenere.fr\/fr-fr\/wp-content\/uploads\/2024\/07\/Carrelage-decor-carre-mix-marbre-et-beton-gris-poli-brillant-60x60-proche-de-Palavas-34-150x150.jpg\" data-width=\"150\" data-height=\"150\" aria-label=\"\" role=\"img\" ><\/div>\n\t\t\t\t\t\t\t\t\t\t\t<div class=\"elementor-gallery-item__overlay\"><\/div>\n\t\t\t\t\t\t\t\t\t\t\t\t\t\t<\/a>\n\t\t\t\t\t\t\t<a class=\"e-gallery-item elementor-gallery-item elementor-animated-content\" href=\"https:\/\/www.portovenere.fr\/fr-fr\/wp-content\/uploads\/2024\/07\/Carrelage-sol-mur-effet-beton-Admirar-Elementi-Corda-corde-sable-Lapp-60X60_a-lattes-34.jpg\" data-elementor-open-lightbox=\"yes\" data-elementor-lightbox-slideshow=\"0076c03\" data-elementor-lightbox-title=\"Carrelage sol mur effet b\u00e9ton Admirar Elementi Corda corde sable Lapp-60X60_\u00e0-lattes-34\" data-e-action-hash=\"#elementor-action%3Aaction%3Dlightbox%26settings%3DeyJpZCI6NTE1MTcsInVybCI6Imh0dHBzOlwvXC93d3cucG9ydG92ZW5lcmUuZnJcL2ZyLWZyXC93cC1jb250ZW50XC91cGxvYWRzXC8yMDI0XC8wN1wvQ2FycmVsYWdlLXNvbC1tdXItZWZmZXQtYmV0b24tQWRtaXJhci1FbGVtZW50aS1Db3JkYS1jb3JkZS1zYWJsZS1MYXBwLTYwWDYwX2EtbGF0dGVzLTM0LmpwZyIsInNsaWRlc2hvdyI6IjAwNzZjMDMifQ%3D%3D\">\n\t\t\t\t\t<div class=\"e-gallery-image elementor-gallery-item__image\" data-thumbnail=\"https:\/\/www.portovenere.fr\/fr-fr\/wp-content\/uploads\/2024\/07\/Carrelage-sol-mur-effet-beton-Admirar-Elementi-Corda-corde-sable-Lapp-60X60_a-lattes-34-150x150.jpg\" data-width=\"150\" data-height=\"150\" aria-label=\"\" role=\"img\" ><\/div>\n\t\t\t\t\t\t\t\t\t\t\t<div class=\"elementor-gallery-item__overlay\"><\/div>\n\t\t\t\t\t\t\t\t\t\t\t\t\t\t<\/a>\n\t\t\t\t\t\t\t<a class=\"e-gallery-item elementor-gallery-item elementor-animated-content\" href=\"https:\/\/www.portovenere.fr\/fr-fr\/wp-content\/uploads\/2024\/07\/Carrelage-decor-carre-mix-marbre-et-beton-corda-poli-brillant-60x60-proche-de-Agde-34.jpg\" data-elementor-open-lightbox=\"yes\" data-elementor-lightbox-slideshow=\"0076c03\" data-elementor-lightbox-title=\"Carrelage d\u00e9cor carr\u00e9 mix marbre et b\u00e9ton corda poli brillant 60x60 proche de Agde 34\" data-e-action-hash=\"#elementor-action%3Aaction%3Dlightbox%26settings%3DeyJpZCI6NTE1MTIsInVybCI6Imh0dHBzOlwvXC93d3cucG9ydG92ZW5lcmUuZnJcL2ZyLWZyXC93cC1jb250ZW50XC91cGxvYWRzXC8yMDI0XC8wN1wvQ2FycmVsYWdlLWRlY29yLWNhcnJlLW1peC1tYXJicmUtZXQtYmV0b24tY29yZGEtcG9saS1icmlsbGFudC02MHg2MC1wcm9jaGUtZGUtQWdkZS0zNC5qcGciLCJzbGlkZXNob3ciOiIwMDc2YzAzIn0%3D\">\n\t\t\t\t\t<div class=\"e-gallery-image elementor-gallery-item__image\" data-thumbnail=\"https:\/\/www.portovenere.fr\/fr-fr\/wp-content\/uploads\/2024\/07\/Carrelage-decor-carre-mix-marbre-et-beton-corda-poli-brillant-60x60-proche-de-Agde-34-150x150.jpg\" data-width=\"150\" data-height=\"150\" aria-label=\"\" role=\"img\" ><\/div>\n\t\t\t\t\t\t\t\t\t\t\t<div class=\"elementor-gallery-item__overlay\"><\/div>\n\t\t\t\t\t\t\t\t\t\t\t\t\t\t<\/a>\n\t\t\t\t\t<\/div>\n\t\t\t\t\t<\/div>\n\t\t\t\t<\/div>\n\t\t\t\t<div class=\"elementor-element elementor-element-5a8068b elementor-widget elementor-widget-text-editor\" data-id=\"5a8068b\" data-element_type=\"widget\" data-e-type=\"widget\" data-widget_type=\"text-editor.default\">\n\t\t\t\t<div class=\"elementor-widget-container\">\n\t\t\t\t\t\t\t\t\t<p>Le carrelage gr\u00e8s c\u00e9rame sol et mur mix marbre et b\u00e9ton\u00a0<b>Admirar<\/b>\u00a0propose\u00a0<strong>4 formats (100\u00d7100 cm, 60\u00d760 cm, 30\u00d760 cm et 7,5 x 30 cm)\u00a0<\/strong>en coloris<b>\u00a0b\u00e9ton uni<\/b>\u00a0et 2 formats en\u00a0<strong>mix b\u00e9ton\/marbre<\/strong>\u00a0(60\u00d760 cm et 100\u00d7100 cm). Une\u00a0<b>mosa\u00efque\u00a0<\/b>30\u00d730 cm et des<b>\u00a0plinthes<\/b>\u00a0sont \u00e9galement propos\u00e9es pour compl\u00e9ter la gamme.\u00a0<\/p><p>Coloris disponibles : blanc, gris, corde, marron et\u00a0<b>d\u00e9cor mix bicolor\u00a0<\/b>: blanc\/blanc \u2013 blanc\/noir \u2013 corde \u2013 gris \u2013 marron.<\/p><p>Ce gr\u00e8s c\u00e9rame est disponible en\u00a0<b>finition naturelle mate ou poli brillante<\/b>. Les d\u00e9cors aux formes g\u00e9om\u00e9triques sont propos\u00e9es uniquement en finition poli brillante.<\/p><p>Admirar se\u00a0<b>pose au sol comme au mur\u00a0<\/b>aussi bien dans des villas ou appartements priv\u00e9s que pour des h\u00f4tels, restaurants, mus\u00e9e, boutiques\u2026\u00a0<\/p><p>Cette collection de carrelage sol et mur mix marbre et b\u00e9ton apportera un cachet authentique \u00e0 votre projet.<\/p>\t\t\t\t\t\t\t\t<\/div>\n\t\t\t\t<\/div>\n\t\t\t\t<div class=\"elementor-element elementor-element-0196feb elementor-mobile-align-center elementor-align-left elementor-widget elementor-widget-button\" data-id=\"0196feb\" data-element_type=\"widget\" data-e-type=\"widget\" data-widget_type=\"button.default\">\n\t\t\t\t<div class=\"elementor-widget-container\">\n\t\t\t\t\t\t\t\t\t<div class=\"elementor-button-wrapper\">\n\t\t\t\t\t<a class=\"elementor-button elementor-button-link elementor-size-sm\" href=\"https:\/\/www.portovenere.fr\/fr-fr\/carrelage-sol-et-mur-en-gres-cerame-et-faience\/carrelage-aspect-marbre\/carrelage-sol-et-mur-mix-beton-et-marbre-admirar\/\">\n\t\t\t\t\t\t<span class=\"elementor-button-content-wrapper\">\n\t\t\t\t\t\t\t\t\t<span class=\"elementor-button-text\">Voir la collection<\/span>\n\t\t\t\t\t<\/span>\n\t\t\t\t\t<\/a>\n\t\t\t\t<\/div>\n\t\t\t\t\t\t\t\t<\/div>\n\t\t\t\t<\/div>\n\t\t\t\t\t<\/div>\n\t\t<\/div>\n\t\t\t\t<div class=\"elementor-column elementor-col-33 elementor-top-column elementor-element elementor-element-9329166 elementor-invisible\" data-id=\"9329166\" data-element_type=\"column\" data-e-type=\"column\" data-settings=\"{&quot;animation&quot;:&quot;fadeIn&quot;,&quot;background_background&quot;:&quot;classic&quot;}\">\n\t\t\t<div class=\"elementor-widget-wrap elementor-element-populated\">\n\t\t\t\t\t\t<div class=\"elementor-element elementor-element-20b8614 elementor-widget elementor-widget-image\" data-id=\"20b8614\" data-element_type=\"widget\" data-e-type=\"widget\" data-widget_type=\"image.default\">\n\t\t\t\t<div class=\"elementor-widget-container\">\n\t\t\t\t\t\t\t\t\t\t\t\t\t\t\t\t<a href=\"https:\/\/www.portovenere.fr\/fr-fr\/carrelage-sol-et-mur-en-gres-cerame-et-faience\/carrelage-contemporain-et-design\/carrelage-contemporain-aspect-beton-onde\/\">\n\t\t\t\t\t\t\t<img loading=\"lazy\" decoding=\"async\" width=\"768\" height=\"512\" src=\"https:\/\/www.portovenere.fr\/fr-fr\/wp-content\/uploads\/2019\/08\/Onde-Dust-gris-Carrelage-sol-ext\u00e9rieur-dalle-sur-plot-avec-caniveau-768x512.jpg\" class=\"attachment-medium_large size-medium_large wp-image-11785\" alt=\"carrelage piscine et tour de piscine aspect b\u00e9ton contemporain\" srcset=\"https:\/\/www.portovenere.fr\/fr-fr\/wp-content\/uploads\/2019\/08\/Onde-Dust-gris-Carrelage-sol-ext\u00e9rieur-dalle-sur-plot-avec-caniveau-768x512.jpg 768w, https:\/\/www.portovenere.fr\/fr-fr\/wp-content\/uploads\/2019\/08\/Onde-Dust-gris-Carrelage-sol-ext\u00e9rieur-dalle-sur-plot-avec-caniveau-300x200.jpg 300w, https:\/\/www.portovenere.fr\/fr-fr\/wp-content\/uploads\/2019\/08\/Onde-Dust-gris-Carrelage-sol-ext\u00e9rieur-dalle-sur-plot-avec-caniveau-1024x683.jpg 1024w, https:\/\/www.portovenere.fr\/fr-fr\/wp-content\/uploads\/2019\/08\/Onde-Dust-gris-Carrelage-sol-ext\u00e9rieur-dalle-sur-plot-avec-caniveau.jpg 1500w\" sizes=\"(max-width: 768px) 100vw, 768px\" \/>\t\t\t\t\t\t\t\t<\/a>\n\t\t\t\t\t\t\t\t\t\t\t\t\t\t\t<\/div>\n\t\t\t\t<\/div>\n\t\t\t\t<section class=\"elementor-section elementor-inner-section elementor-element elementor-element-b823f21 elementor-section-boxed elementor-section-height-default elementor-section-height-default elementor-invisible\" data-id=\"b823f21\" data-element_type=\"section\" data-e-type=\"section\" data-settings=\"{&quot;background_background&quot;:&quot;classic&quot;,&quot;animation&quot;:&quot;fadeIn&quot;}\">\n\t\t\t\t\t\t<div class=\"elementor-container elementor-column-gap-default\">\n\t\t\t\t\t<div class=\"elementor-column elementor-col-100 elementor-inner-column elementor-element elementor-element-460d09b\" data-id=\"460d09b\" data-element_type=\"column\" data-e-type=\"column\">\n\t\t\t<div class=\"elementor-widget-wrap elementor-element-populated\">\n\t\t\t\t\t\t<div class=\"elementor-element elementor-element-9dde84c elementor-widget elementor-widget-heading\" data-id=\"9dde84c\" data-element_type=\"widget\" data-e-type=\"widget\" data-widget_type=\"heading.default\">\n\t\t\t\t<div class=\"elementor-widget-container\">\n\t\t\t\t\t<h3 class=\"elementor-heading-title elementor-size-default\"><a href=\"https:\/\/www.portovenere.fr\/fr-fr\/carrelage-sol-et-mur-en-gres-cerame-et-faience\/carrelage-contemporain-et-design\/carrelage-contemporain-aspect-beton-onde\/\">ONDE | 5 coloris<\/a><\/h3>\t\t\t\t<\/div>\n\t\t\t\t<\/div>\n\t\t\t\t<div class=\"elementor-element elementor-element-37638bd elementor-widget__width-initial elementor-widget elementor-widget-gallery\" data-id=\"37638bd\" data-element_type=\"widget\" data-e-type=\"widget\" data-settings=\"{&quot;gap&quot;:{&quot;unit&quot;:&quot;px&quot;,&quot;size&quot;:3,&quot;sizes&quot;:[]},&quot;columns_mobile&quot;:3,&quot;gap_mobile&quot;:{&quot;unit&quot;:&quot;px&quot;,&quot;size&quot;:6,&quot;sizes&quot;:[]},&quot;columns&quot;:5,&quot;columns_tablet&quot;:3,&quot;gap_tablet&quot;:{&quot;unit&quot;:&quot;px&quot;,&quot;size&quot;:5,&quot;sizes&quot;:[]},&quot;lazyload&quot;:&quot;yes&quot;,&quot;gallery_layout&quot;:&quot;grid&quot;,&quot;link_to&quot;:&quot;file&quot;,&quot;aspect_ratio&quot;:&quot;3:2&quot;,&quot;overlay_background&quot;:&quot;yes&quot;,&quot;content_hover_animation&quot;:&quot;fade-in&quot;}\" data-widget_type=\"gallery.default\">\n\t\t\t\t<div class=\"elementor-widget-container\">\n\t\t\t\t\t\t\t<div class=\"elementor-gallery__container\">\n\t\t\t\t\t\t\t<a class=\"e-gallery-item elementor-gallery-item elementor-animated-content\" href=\"https:\/\/www.portovenere.fr\/fr-fr\/wp-content\/uploads\/2019\/08\/Onde-Titanium.jpg\" data-elementor-open-lightbox=\"yes\" data-elementor-lightbox-slideshow=\"37638bd\" data-elementor-lightbox-title=\"Onde-Titanium\" data-e-action-hash=\"#elementor-action%3Aaction%3Dlightbox%26settings%3DeyJpZCI6MTE4MDMsInVybCI6Imh0dHBzOlwvXC93d3cucG9ydG92ZW5lcmUuZnJcL2ZyLWZyXC93cC1jb250ZW50XC91cGxvYWRzXC8yMDE5XC8wOFwvT25kZS1UaXRhbml1bS5qcGciLCJzbGlkZXNob3ciOiIzNzYzOGJkIn0%3D\">\n\t\t\t\t\t<div class=\"e-gallery-image elementor-gallery-item__image\" data-thumbnail=\"https:\/\/www.portovenere.fr\/fr-fr\/wp-content\/uploads\/2019\/08\/Onde-Titanium-150x150.jpg\" data-width=\"150\" data-height=\"150\" aria-label=\"\" role=\"img\" ><\/div>\n\t\t\t\t\t\t\t\t\t\t\t<div class=\"elementor-gallery-item__overlay\"><\/div>\n\t\t\t\t\t\t\t\t\t\t\t\t\t\t<\/a>\n\t\t\t\t\t\t\t<a class=\"e-gallery-item elementor-gallery-item elementor-animated-content\" href=\"https:\/\/www.portovenere.fr\/fr-fr\/wp-content\/uploads\/2019\/08\/Onde-Light.jpg\" data-elementor-open-lightbox=\"yes\" data-elementor-lightbox-slideshow=\"37638bd\" data-elementor-lightbox-title=\"Onde-Light\" data-e-action-hash=\"#elementor-action%3Aaction%3Dlightbox%26settings%3DeyJpZCI6MTE4MDIsInVybCI6Imh0dHBzOlwvXC93d3cucG9ydG92ZW5lcmUuZnJcL2ZyLWZyXC93cC1jb250ZW50XC91cGxvYWRzXC8yMDE5XC8wOFwvT25kZS1MaWdodC5qcGciLCJzbGlkZXNob3ciOiIzNzYzOGJkIn0%3D\">\n\t\t\t\t\t<div class=\"e-gallery-image elementor-gallery-item__image\" data-thumbnail=\"https:\/\/www.portovenere.fr\/fr-fr\/wp-content\/uploads\/2019\/08\/Onde-Light-150x150.jpg\" data-width=\"150\" data-height=\"150\" aria-label=\"\" role=\"img\" ><\/div>\n\t\t\t\t\t\t\t\t\t\t\t<div class=\"elementor-gallery-item__overlay\"><\/div>\n\t\t\t\t\t\t\t\t\t\t\t\t\t\t<\/a>\n\t\t\t\t\t\t\t<a class=\"e-gallery-item elementor-gallery-item elementor-animated-content\" href=\"https:\/\/www.portovenere.fr\/fr-fr\/wp-content\/uploads\/2019\/08\/Onde-Greige.jpg\" data-elementor-open-lightbox=\"yes\" data-elementor-lightbox-slideshow=\"37638bd\" data-elementor-lightbox-title=\"Onde-Greige\" data-e-action-hash=\"#elementor-action%3Aaction%3Dlightbox%26settings%3DeyJpZCI6MTE4MDEsInVybCI6Imh0dHBzOlwvXC93d3cucG9ydG92ZW5lcmUuZnJcL2ZyLWZyXC93cC1jb250ZW50XC91cGxvYWRzXC8yMDE5XC8wOFwvT25kZS1HcmVpZ2UuanBnIiwic2xpZGVzaG93IjoiMzc2MzhiZCJ9\">\n\t\t\t\t\t<div class=\"e-gallery-image elementor-gallery-item__image\" data-thumbnail=\"https:\/\/www.portovenere.fr\/fr-fr\/wp-content\/uploads\/2019\/08\/Onde-Greige-150x150.jpg\" data-width=\"150\" data-height=\"150\" aria-label=\"\" role=\"img\" ><\/div>\n\t\t\t\t\t\t\t\t\t\t\t<div class=\"elementor-gallery-item__overlay\"><\/div>\n\t\t\t\t\t\t\t\t\t\t\t\t\t\t<\/a>\n\t\t\t\t\t\t\t<a class=\"e-gallery-item elementor-gallery-item elementor-animated-content\" href=\"https:\/\/www.portovenere.fr\/fr-fr\/wp-content\/uploads\/2019\/08\/Onde-Dust.jpg\" data-elementor-open-lightbox=\"yes\" data-elementor-lightbox-slideshow=\"37638bd\" data-elementor-lightbox-title=\"Onde-Dust\" data-e-action-hash=\"#elementor-action%3Aaction%3Dlightbox%26settings%3DeyJpZCI6MTE4MDAsInVybCI6Imh0dHBzOlwvXC93d3cucG9ydG92ZW5lcmUuZnJcL2ZyLWZyXC93cC1jb250ZW50XC91cGxvYWRzXC8yMDE5XC8wOFwvT25kZS1EdXN0LmpwZyIsInNsaWRlc2hvdyI6IjM3NjM4YmQifQ%3D%3D\">\n\t\t\t\t\t<div class=\"e-gallery-image elementor-gallery-item__image\" data-thumbnail=\"https:\/\/www.portovenere.fr\/fr-fr\/wp-content\/uploads\/2019\/08\/Onde-Dust-150x150.jpg\" data-width=\"150\" data-height=\"150\" aria-label=\"\" role=\"img\" ><\/div>\n\t\t\t\t\t\t\t\t\t\t\t<div class=\"elementor-gallery-item__overlay\"><\/div>\n\t\t\t\t\t\t\t\t\t\t\t\t\t\t<\/a>\n\t\t\t\t\t\t\t<a class=\"e-gallery-item elementor-gallery-item elementor-animated-content\" href=\"https:\/\/www.portovenere.fr\/fr-fr\/wp-content\/uploads\/2019\/08\/Onde-Dark.jpg\" data-elementor-open-lightbox=\"yes\" data-elementor-lightbox-slideshow=\"37638bd\" data-elementor-lightbox-title=\"Onde-Dark\" data-e-action-hash=\"#elementor-action%3Aaction%3Dlightbox%26settings%3DeyJpZCI6MTE3OTksInVybCI6Imh0dHBzOlwvXC93d3cucG9ydG92ZW5lcmUuZnJcL2ZyLWZyXC93cC1jb250ZW50XC91cGxvYWRzXC8yMDE5XC8wOFwvT25kZS1EYXJrLmpwZyIsInNsaWRlc2hvdyI6IjM3NjM4YmQifQ%3D%3D\">\n\t\t\t\t\t<div class=\"e-gallery-image elementor-gallery-item__image\" data-thumbnail=\"https:\/\/www.portovenere.fr\/fr-fr\/wp-content\/uploads\/2019\/08\/Onde-Dark-150x150.jpg\" data-width=\"150\" data-height=\"150\" aria-label=\"\" role=\"img\" ><\/div>\n\t\t\t\t\t\t\t\t\t\t\t<div class=\"elementor-gallery-item__overlay\"><\/div>\n\t\t\t\t\t\t\t\t\t\t\t\t\t\t<\/a>\n\t\t\t\t\t<\/div>\n\t\t\t\t\t<\/div>\n\t\t\t\t<\/div>\n\t\t\t\t<div class=\"elementor-element elementor-element-0c52534 elementor-widget elementor-widget-text-editor\" data-id=\"0c52534\" data-element_type=\"widget\" data-e-type=\"widget\" data-widget_type=\"text-editor.default\">\n\t\t\t\t<div class=\"elementor-widget-container\">\n\t\t\t\t\t\t\t\t\t<p>Carrelage de sol et mur en gr\u00e8s c\u00e9rame aspect b\u00e9ton disponible en 5 coloris : Light, Titanium, Dark, Greige, Dust. Plusieurs formats disponibles pour une pose en int\u00e9rieur ou ext\u00e9rieur : tour de piscine, terrasse&#8230;<\/p>\t\t\t\t\t\t\t\t<\/div>\n\t\t\t\t<\/div>\n\t\t\t\t<div class=\"elementor-element elementor-element-57d26ed elementor-mobile-align-center elementor-widget elementor-widget-button\" data-id=\"57d26ed\" data-element_type=\"widget\" data-e-type=\"widget\" data-widget_type=\"button.default\">\n\t\t\t\t<div class=\"elementor-widget-container\">\n\t\t\t\t\t\t\t\t\t<div class=\"elementor-button-wrapper\">\n\t\t\t\t\t<a class=\"elementor-button elementor-button-link elementor-size-sm\" href=\"https:\/\/www.portovenere.fr\/fr-fr\/carrelage-sol-et-mur-en-gres-cerame-et-faience\/carrelage-contemporain-et-design\/carrelage-contemporain-aspect-beton-onde\/\">\n\t\t\t\t\t\t<span class=\"elementor-button-content-wrapper\">\n\t\t\t\t\t\t\t\t\t<span class=\"elementor-button-text\">Voir la collection<\/span>\n\t\t\t\t\t<\/span>\n\t\t\t\t\t<\/a>\n\t\t\t\t<\/div>\n\t\t\t\t\t\t\t\t<\/div>\n\t\t\t\t<\/div>\n\t\t\t\t\t<\/div>\n\t\t<\/div>\n\t\t\t\t\t<\/div>\n\t\t<\/section>\n\t\t\t\t\t<\/div>\n\t\t<\/div>\n\t\t\t\t\t<\/div>\n\t\t<\/section>\n\t\t\t\t<section class=\"elementor-section elementor-top-section elementor-element elementor-element-d257afa elementor-section-boxed elementor-section-height-default elementor-section-height-default\" data-id=\"d257afa\" data-element_type=\"section\" data-e-type=\"section\">\n\t\t\t\t\t\t<div class=\"elementor-container elementor-column-gap-default\">\n\t\t\t\t\t<div class=\"elementor-column elementor-col-33 elementor-top-column elementor-element elementor-element-aaa4508\" data-id=\"aaa4508\" data-element_type=\"column\" data-e-type=\"column\" data-settings=\"{&quot;background_background&quot;:&quot;classic&quot;}\">\n\t\t\t<div class=\"elementor-widget-wrap elementor-element-populated\">\n\t\t\t\t\t\t<div class=\"elementor-element elementor-element-f8ddf35 elementor-widget elementor-widget-image\" data-id=\"f8ddf35\" data-element_type=\"widget\" data-e-type=\"widget\" data-widget_type=\"image.default\">\n\t\t\t\t<div class=\"elementor-widget-container\">\n\t\t\t\t\t\t\t\t\t\t\t\t\t\t\t\t<a href=\"https:\/\/www.portovenere.fr\/fr-fr\/carrelage-sol-et-mur-en-gres-cerame-et-faience\/carrelage-contemporain-et-design\/carrelage-contemporain-aspect-beton-factory\/\">\n\t\t\t\t\t\t\t<img loading=\"lazy\" decoding=\"async\" width=\"768\" height=\"512\" src=\"https:\/\/www.portovenere.fr\/fr-fr\/wp-content\/uploads\/2019\/08\/Factory-vintage-taupe-60x60-768x512.jpg\" class=\"attachment-medium_large size-medium_large wp-image-12628\" alt=\"\" srcset=\"https:\/\/www.portovenere.fr\/fr-fr\/wp-content\/uploads\/2019\/08\/Factory-vintage-taupe-60x60-768x512.jpg 768w, https:\/\/www.portovenere.fr\/fr-fr\/wp-content\/uploads\/2019\/08\/Factory-vintage-taupe-60x60-300x200.jpg 300w, https:\/\/www.portovenere.fr\/fr-fr\/wp-content\/uploads\/2019\/08\/Factory-vintage-taupe-60x60-1024x683.jpg 1024w, https:\/\/www.portovenere.fr\/fr-fr\/wp-content\/uploads\/2019\/08\/Factory-vintage-taupe-60x60.jpg 1500w\" sizes=\"(max-width: 768px) 100vw, 768px\" \/>\t\t\t\t\t\t\t\t<\/a>\n\t\t\t\t\t\t\t\t\t\t\t\t\t\t\t<\/div>\n\t\t\t\t<\/div>\n\t\t\t\t<div class=\"elementor-element elementor-element-ce94513 elementor-widget elementor-widget-heading\" data-id=\"ce94513\" data-element_type=\"widget\" data-e-type=\"widget\" data-widget_type=\"heading.default\">\n\t\t\t\t<div class=\"elementor-widget-container\">\n\t\t\t\t\t<h3 class=\"elementor-heading-title elementor-size-default\"><a href=\"https:\/\/www.portovenere.fr\/fr-fr\/carrelage-sol-et-mur-en-gres-cerame-et-faience\/carrelage-contemporain-et-design\/carrelage-contemporain-aspect-beton-factory\/\">FACTORY | 6 coloris<\/a><\/h3>\t\t\t\t<\/div>\n\t\t\t\t<\/div>\n\t\t\t\t<div class=\"elementor-element elementor-element-3491080 elementor-widget__width-initial elementor-widget elementor-widget-gallery\" data-id=\"3491080\" data-element_type=\"widget\" data-e-type=\"widget\" data-settings=\"{&quot;gap&quot;:{&quot;unit&quot;:&quot;px&quot;,&quot;size&quot;:3,&quot;sizes&quot;:[]},&quot;columns_mobile&quot;:3,&quot;gap_mobile&quot;:{&quot;unit&quot;:&quot;px&quot;,&quot;size&quot;:6,&quot;sizes&quot;:[]},&quot;columns&quot;:5,&quot;columns_tablet&quot;:3,&quot;gap_tablet&quot;:{&quot;unit&quot;:&quot;px&quot;,&quot;size&quot;:5,&quot;sizes&quot;:[]},&quot;lazyload&quot;:&quot;yes&quot;,&quot;gallery_layout&quot;:&quot;grid&quot;,&quot;link_to&quot;:&quot;file&quot;,&quot;aspect_ratio&quot;:&quot;3:2&quot;,&quot;overlay_background&quot;:&quot;yes&quot;,&quot;content_hover_animation&quot;:&quot;fade-in&quot;}\" data-widget_type=\"gallery.default\">\n\t\t\t\t<div class=\"elementor-widget-container\">\n\t\t\t\t\t\t\t<div class=\"elementor-gallery__container\">\n\t\t\t\t\t\t\t<a class=\"e-gallery-item elementor-gallery-item elementor-animated-content\" href=\"https:\/\/www.portovenere.fr\/fr-fr\/wp-content\/uploads\/2019\/08\/Factory-worn-sand.jpg\" data-elementor-open-lightbox=\"yes\" data-elementor-lightbox-slideshow=\"3491080\" data-elementor-lightbox-title=\"Factory worn sand\" data-e-action-hash=\"#elementor-action%3Aaction%3Dlightbox%26settings%3DeyJpZCI6MTI2NTEsInVybCI6Imh0dHBzOlwvXC93d3cucG9ydG92ZW5lcmUuZnJcL2ZyLWZyXC93cC1jb250ZW50XC91cGxvYWRzXC8yMDE5XC8wOFwvRmFjdG9yeS13b3JuLXNhbmQuanBnIiwic2xpZGVzaG93IjoiMzQ5MTA4MCJ9\">\n\t\t\t\t\t<div class=\"e-gallery-image elementor-gallery-item__image\" data-thumbnail=\"https:\/\/www.portovenere.fr\/fr-fr\/wp-content\/uploads\/2019\/08\/Factory-worn-sand-150x150.jpg\" data-width=\"150\" data-height=\"150\" aria-label=\"\" role=\"img\" ><\/div>\n\t\t\t\t\t\t\t\t\t\t\t<div class=\"elementor-gallery-item__overlay\"><\/div>\n\t\t\t\t\t\t\t\t\t\t\t\t\t\t<\/a>\n\t\t\t\t\t\t\t<a class=\"e-gallery-item elementor-gallery-item elementor-animated-content\" href=\"https:\/\/www.portovenere.fr\/fr-fr\/wp-content\/uploads\/2019\/08\/Factory-Worked-Charcoal.jpg\" data-elementor-open-lightbox=\"yes\" data-elementor-lightbox-slideshow=\"3491080\" data-elementor-lightbox-title=\"Factory Worked Charcoal\" data-e-action-hash=\"#elementor-action%3Aaction%3Dlightbox%26settings%3DeyJpZCI6MTI2NTAsInVybCI6Imh0dHBzOlwvXC93d3cucG9ydG92ZW5lcmUuZnJcL2ZyLWZyXC93cC1jb250ZW50XC91cGxvYWRzXC8yMDE5XC8wOFwvRmFjdG9yeS1Xb3JrZWQtQ2hhcmNvYWwuanBnIiwic2xpZGVzaG93IjoiMzQ5MTA4MCJ9\">\n\t\t\t\t\t<div class=\"e-gallery-image elementor-gallery-item__image\" data-thumbnail=\"https:\/\/www.portovenere.fr\/fr-fr\/wp-content\/uploads\/2019\/08\/Factory-Worked-Charcoal-150x150.jpg\" data-width=\"150\" data-height=\"150\" aria-label=\"\" role=\"img\" ><\/div>\n\t\t\t\t\t\t\t\t\t\t\t<div class=\"elementor-gallery-item__overlay\"><\/div>\n\t\t\t\t\t\t\t\t\t\t\t\t\t\t<\/a>\n\t\t\t\t\t\t\t<a class=\"e-gallery-item elementor-gallery-item elementor-animated-content\" href=\"https:\/\/www.portovenere.fr\/fr-fr\/wp-content\/uploads\/2019\/08\/Factory-white-aged.jpg\" data-elementor-open-lightbox=\"yes\" data-elementor-lightbox-slideshow=\"3491080\" data-elementor-lightbox-title=\"Factory white aged\" data-e-action-hash=\"#elementor-action%3Aaction%3Dlightbox%26settings%3DeyJpZCI6MTI2NDksInVybCI6Imh0dHBzOlwvXC93d3cucG9ydG92ZW5lcmUuZnJcL2ZyLWZyXC93cC1jb250ZW50XC91cGxvYWRzXC8yMDE5XC8wOFwvRmFjdG9yeS13aGl0ZS1hZ2VkLmpwZyIsInNsaWRlc2hvdyI6IjM0OTEwODAifQ%3D%3D\">\n\t\t\t\t\t<div class=\"e-gallery-image elementor-gallery-item__image\" data-thumbnail=\"https:\/\/www.portovenere.fr\/fr-fr\/wp-content\/uploads\/2019\/08\/Factory-white-aged-150x150.jpg\" data-width=\"150\" data-height=\"150\" aria-label=\"\" role=\"img\" ><\/div>\n\t\t\t\t\t\t\t\t\t\t\t<div class=\"elementor-gallery-item__overlay\"><\/div>\n\t\t\t\t\t\t\t\t\t\t\t\t\t\t<\/a>\n\t\t\t\t\t\t\t<a class=\"e-gallery-item elementor-gallery-item elementor-animated-content\" href=\"https:\/\/www.portovenere.fr\/fr-fr\/wp-content\/uploads\/2019\/08\/Factory-Used-grey.jpg\" data-elementor-open-lightbox=\"yes\" data-elementor-lightbox-slideshow=\"3491080\" data-elementor-lightbox-title=\"Factory Used grey\" data-e-action-hash=\"#elementor-action%3Aaction%3Dlightbox%26settings%3DeyJpZCI6MTI2NDcsInVybCI6Imh0dHBzOlwvXC93d3cucG9ydG92ZW5lcmUuZnJcL2ZyLWZyXC93cC1jb250ZW50XC91cGxvYWRzXC8yMDE5XC8wOFwvRmFjdG9yeS1Vc2VkLWdyZXkuanBnIiwic2xpZGVzaG93IjoiMzQ5MTA4MCJ9\">\n\t\t\t\t\t<div class=\"e-gallery-image elementor-gallery-item__image\" data-thumbnail=\"https:\/\/www.portovenere.fr\/fr-fr\/wp-content\/uploads\/2019\/08\/Factory-Used-grey-150x150.jpg\" data-width=\"150\" data-height=\"150\" aria-label=\"\" role=\"img\" ><\/div>\n\t\t\t\t\t\t\t\t\t\t\t<div class=\"elementor-gallery-item__overlay\"><\/div>\n\t\t\t\t\t\t\t\t\t\t\t\t\t\t<\/a>\n\t\t\t\t\t\t\t<a class=\"e-gallery-item elementor-gallery-item elementor-animated-content\" href=\"https:\/\/www.portovenere.fr\/fr-fr\/wp-content\/uploads\/2019\/08\/Factory-Vintage-taupe.jpg\" data-elementor-open-lightbox=\"yes\" data-elementor-lightbox-slideshow=\"3491080\" data-elementor-lightbox-title=\"Factory Vintage taupe\" data-e-action-hash=\"#elementor-action%3Aaction%3Dlightbox%26settings%3DeyJpZCI6MTI2NDgsInVybCI6Imh0dHBzOlwvXC93d3cucG9ydG92ZW5lcmUuZnJcL2ZyLWZyXC93cC1jb250ZW50XC91cGxvYWRzXC8yMDE5XC8wOFwvRmFjdG9yeS1WaW50YWdlLXRhdXBlLmpwZyIsInNsaWRlc2hvdyI6IjM0OTEwODAifQ%3D%3D\">\n\t\t\t\t\t<div class=\"e-gallery-image elementor-gallery-item__image\" data-thumbnail=\"https:\/\/www.portovenere.fr\/fr-fr\/wp-content\/uploads\/2019\/08\/Factory-Vintage-taupe-150x150.jpg\" data-width=\"150\" data-height=\"150\" aria-label=\"\" role=\"img\" ><\/div>\n\t\t\t\t\t\t\t\t\t\t\t<div class=\"elementor-gallery-item__overlay\"><\/div>\n\t\t\t\t\t\t\t\t\t\t\t\t\t\t<\/a>\n\t\t\t\t\t\t\t<a class=\"e-gallery-item elementor-gallery-item elementor-animated-content\" href=\"https:\/\/www.portovenere.fr\/fr-fr\/wp-content\/uploads\/2019\/08\/Factory-Crafed-graphite.jpg\" data-elementor-open-lightbox=\"yes\" data-elementor-lightbox-slideshow=\"3491080\" data-elementor-lightbox-title=\"Factory Crafed graphite\" data-e-action-hash=\"#elementor-action%3Aaction%3Dlightbox%26settings%3DeyJpZCI6MTI2NDYsInVybCI6Imh0dHBzOlwvXC93d3cucG9ydG92ZW5lcmUuZnJcL2ZyLWZyXC93cC1jb250ZW50XC91cGxvYWRzXC8yMDE5XC8wOFwvRmFjdG9yeS1DcmFmZWQtZ3JhcGhpdGUuanBnIiwic2xpZGVzaG93IjoiMzQ5MTA4MCJ9\">\n\t\t\t\t\t<div class=\"e-gallery-image elementor-gallery-item__image\" data-thumbnail=\"https:\/\/www.portovenere.fr\/fr-fr\/wp-content\/uploads\/2019\/08\/Factory-Crafed-graphite-150x150.jpg\" data-width=\"150\" data-height=\"150\" aria-label=\"\" role=\"img\" ><\/div>\n\t\t\t\t\t\t\t\t\t\t\t<div class=\"elementor-gallery-item__overlay\"><\/div>\n\t\t\t\t\t\t\t\t\t\t\t\t\t\t<\/a>\n\t\t\t\t\t<\/div>\n\t\t\t\t\t<\/div>\n\t\t\t\t<\/div>\n\t\t\t\t<div class=\"elementor-element elementor-element-5226a35 elementor-widget elementor-widget-text-editor\" data-id=\"5226a35\" data-element_type=\"widget\" data-e-type=\"widget\" data-widget_type=\"text-editor.default\">\n\t\t\t\t<div class=\"elementor-widget-container\">\n\t\t\t\t\t\t\t\t\t<p>Carrelage de sol et mur en gr\u00e8s c\u00e9rame aspect b\u00e9ton pour int\u00e9rieur et ext\u00e9rieur. La collection propose deux familles de formats (60&#215;120\u00a0cm et 80&#215;80\u00a0cm), avec leurs sous-formats modulaires respectifs. Les d\u00e9grad\u00e9s du b\u00e9ton se d\u00e9clinent en 6 tonalit\u00e9s neutres allant du blanc au noir charbon, en passant par les gris et les beiges.<\/p>\t\t\t\t\t\t\t\t<\/div>\n\t\t\t\t<\/div>\n\t\t\t\t<div class=\"elementor-element elementor-element-02003cc elementor-mobile-align-center elementor-widget elementor-widget-button\" data-id=\"02003cc\" data-element_type=\"widget\" data-e-type=\"widget\" data-widget_type=\"button.default\">\n\t\t\t\t<div class=\"elementor-widget-container\">\n\t\t\t\t\t\t\t\t\t<div class=\"elementor-button-wrapper\">\n\t\t\t\t\t<a class=\"elementor-button elementor-button-link elementor-size-sm\" href=\"https:\/\/www.portovenere.fr\/fr-fr\/carrelage-sol-et-mur-en-gres-cerame-et-faience\/carrelage-contemporain-et-design\/carrelage-contemporain-aspect-beton-factory\/\">\n\t\t\t\t\t\t<span class=\"elementor-button-content-wrapper\">\n\t\t\t\t\t\t\t\t\t<span class=\"elementor-button-text\">Voir la collection<\/span>\n\t\t\t\t\t<\/span>\n\t\t\t\t\t<\/a>\n\t\t\t\t<\/div>\n\t\t\t\t\t\t\t\t<\/div>\n\t\t\t\t<\/div>\n\t\t\t\t\t<\/div>\n\t\t<\/div>\n\t\t\t\t<div class=\"elementor-column elementor-col-33 elementor-top-column elementor-element elementor-element-5eb25b4 elementor-invisible\" data-id=\"5eb25b4\" data-element_type=\"column\" data-e-type=\"column\" data-settings=\"{&quot;animation&quot;:&quot;fadeIn&quot;,&quot;background_background&quot;:&quot;classic&quot;}\">\n\t\t\t<div class=\"elementor-widget-wrap elementor-element-populated\">\n\t\t\t\t\t\t<div class=\"elementor-element elementor-element-8eedd2c elementor-widget elementor-widget-image\" data-id=\"8eedd2c\" data-element_type=\"widget\" data-e-type=\"widget\" data-widget_type=\"image.default\">\n\t\t\t\t<div class=\"elementor-widget-container\">\n\t\t\t\t\t\t\t\t\t\t\t\t\t\t\t\t<a href=\"https:\/\/www.portovenere.fr\/fr-fr\/carrelage-sol-et-mur-en-gres-cerame-et-faience\/carrelage-contemporain-et-design\/carrelage-contemporain-aspect-beton-manchester\/\">\n\t\t\t\t\t\t\t<img loading=\"lazy\" decoding=\"async\" width=\"768\" height=\"512\" src=\"https:\/\/www.portovenere.fr\/fr-fr\/wp-content\/uploads\/2019\/09\/Carrelage-sol-int\u00e9rieur-effet-b\u00e9ton-grand-format-Manchester-Gris-mat-120x120-768x512.jpg\" class=\"attachment-medium_large size-medium_large wp-image-13565\" alt=\"\" srcset=\"https:\/\/www.portovenere.fr\/fr-fr\/wp-content\/uploads\/2019\/09\/Carrelage-sol-int\u00e9rieur-effet-b\u00e9ton-grand-format-Manchester-Gris-mat-120x120-768x512.jpg 768w, https:\/\/www.portovenere.fr\/fr-fr\/wp-content\/uploads\/2019\/09\/Carrelage-sol-int\u00e9rieur-effet-b\u00e9ton-grand-format-Manchester-Gris-mat-120x120-300x200.jpg 300w, https:\/\/www.portovenere.fr\/fr-fr\/wp-content\/uploads\/2019\/09\/Carrelage-sol-int\u00e9rieur-effet-b\u00e9ton-grand-format-Manchester-Gris-mat-120x120-1024x683.jpg 1024w, https:\/\/www.portovenere.fr\/fr-fr\/wp-content\/uploads\/2019\/09\/Carrelage-sol-int\u00e9rieur-effet-b\u00e9ton-grand-format-Manchester-Gris-mat-120x120.jpg 1500w\" sizes=\"(max-width: 768px) 100vw, 768px\" \/>\t\t\t\t\t\t\t\t<\/a>\n\t\t\t\t\t\t\t\t\t\t\t\t\t\t\t<\/div>\n\t\t\t\t<\/div>\n\t\t\t\t<section class=\"elementor-section elementor-inner-section elementor-element elementor-element-1f86999 elementor-section-boxed elementor-section-height-default elementor-section-height-default elementor-invisible\" data-id=\"1f86999\" data-element_type=\"section\" data-e-type=\"section\" data-settings=\"{&quot;background_background&quot;:&quot;classic&quot;,&quot;animation&quot;:&quot;fadeIn&quot;}\">\n\t\t\t\t\t\t<div class=\"elementor-container elementor-column-gap-default\">\n\t\t\t\t\t<div class=\"elementor-column elementor-col-100 elementor-inner-column elementor-element elementor-element-a49e166\" data-id=\"a49e166\" data-element_type=\"column\" data-e-type=\"column\">\n\t\t\t<div class=\"elementor-widget-wrap elementor-element-populated\">\n\t\t\t\t\t\t<div class=\"elementor-element elementor-element-1f2da94 elementor-widget elementor-widget-heading\" data-id=\"1f2da94\" data-element_type=\"widget\" data-e-type=\"widget\" data-widget_type=\"heading.default\">\n\t\t\t\t<div class=\"elementor-widget-container\">\n\t\t\t\t\t<h3 class=\"elementor-heading-title elementor-size-default\"><a href=\"https:\/\/www.portovenere.fr\/fr-fr\/carrelage-sol-et-mur-en-gres-cerame-et-faience\/carrelage-contemporain-et-design\/carrelage-contemporain-aspect-beton-manchester\/\">MANCHESTER | 6 coloris<\/a><\/h3>\t\t\t\t<\/div>\n\t\t\t\t<\/div>\n\t\t\t\t<div class=\"elementor-element elementor-element-ab82862 elementor-widget__width-initial elementor-widget elementor-widget-gallery\" data-id=\"ab82862\" data-element_type=\"widget\" data-e-type=\"widget\" data-settings=\"{&quot;gap&quot;:{&quot;unit&quot;:&quot;px&quot;,&quot;size&quot;:3,&quot;sizes&quot;:[]},&quot;columns_mobile&quot;:3,&quot;gap_mobile&quot;:{&quot;unit&quot;:&quot;px&quot;,&quot;size&quot;:6,&quot;sizes&quot;:[]},&quot;columns&quot;:5,&quot;columns_tablet&quot;:3,&quot;gap_tablet&quot;:{&quot;unit&quot;:&quot;px&quot;,&quot;size&quot;:5,&quot;sizes&quot;:[]},&quot;lazyload&quot;:&quot;yes&quot;,&quot;gallery_layout&quot;:&quot;grid&quot;,&quot;link_to&quot;:&quot;file&quot;,&quot;aspect_ratio&quot;:&quot;3:2&quot;,&quot;overlay_background&quot;:&quot;yes&quot;,&quot;content_hover_animation&quot;:&quot;fade-in&quot;}\" data-widget_type=\"gallery.default\">\n\t\t\t\t<div class=\"elementor-widget-container\">\n\t\t\t\t\t\t\t<div class=\"elementor-gallery__container\">\n\t\t\t\t\t\t\t<a class=\"e-gallery-item elementor-gallery-item elementor-animated-content\" href=\"https:\/\/www.portovenere.fr\/fr-fr\/wp-content\/uploads\/2019\/09\/Manchester-Brun.jpg\" data-elementor-open-lightbox=\"yes\" data-elementor-lightbox-slideshow=\"ab82862\" data-elementor-lightbox-title=\"Manchester-Brun\" data-e-action-hash=\"#elementor-action%3Aaction%3Dlightbox%26settings%3DeyJpZCI6MTM1MzcsInVybCI6Imh0dHBzOlwvXC93d3cucG9ydG92ZW5lcmUuZnJcL2ZyLWZyXC93cC1jb250ZW50XC91cGxvYWRzXC8yMDE5XC8wOVwvTWFuY2hlc3Rlci1CcnVuLmpwZyIsInNsaWRlc2hvdyI6ImFiODI4NjIifQ%3D%3D\">\n\t\t\t\t\t<div class=\"e-gallery-image elementor-gallery-item__image\" data-thumbnail=\"https:\/\/www.portovenere.fr\/fr-fr\/wp-content\/uploads\/2019\/09\/Manchester-Brun-150x150.jpg\" data-width=\"150\" data-height=\"150\" aria-label=\"\" role=\"img\" ><\/div>\n\t\t\t\t\t\t\t\t\t\t\t<div class=\"elementor-gallery-item__overlay\"><\/div>\n\t\t\t\t\t\t\t\t\t\t\t\t\t\t<\/a>\n\t\t\t\t\t\t\t<a class=\"e-gallery-item elementor-gallery-item elementor-animated-content\" href=\"https:\/\/www.portovenere.fr\/fr-fr\/wp-content\/uploads\/2019\/09\/Manchester-Barrique.jpg\" data-elementor-open-lightbox=\"yes\" data-elementor-lightbox-slideshow=\"ab82862\" data-elementor-lightbox-title=\"Manchester-Barrique\" data-e-action-hash=\"#elementor-action%3Aaction%3Dlightbox%26settings%3DeyJpZCI6MTM1MzUsInVybCI6Imh0dHBzOlwvXC93d3cucG9ydG92ZW5lcmUuZnJcL2ZyLWZyXC93cC1jb250ZW50XC91cGxvYWRzXC8yMDE5XC8wOVwvTWFuY2hlc3Rlci1CYXJyaXF1ZS5qcGciLCJzbGlkZXNob3ciOiJhYjgyODYyIn0%3D\">\n\t\t\t\t\t<div class=\"e-gallery-image elementor-gallery-item__image\" data-thumbnail=\"https:\/\/www.portovenere.fr\/fr-fr\/wp-content\/uploads\/2019\/09\/Manchester-Barrique-150x150.jpg\" data-width=\"150\" data-height=\"150\" aria-label=\"\" role=\"img\" ><\/div>\n\t\t\t\t\t\t\t\t\t\t\t<div class=\"elementor-gallery-item__overlay\"><\/div>\n\t\t\t\t\t\t\t\t\t\t\t\t\t\t<\/a>\n\t\t\t\t\t\t\t<a class=\"e-gallery-item elementor-gallery-item elementor-animated-content\" href=\"https:\/\/www.portovenere.fr\/fr-fr\/wp-content\/uploads\/2019\/09\/Manchester-Mou.jpg\" data-elementor-open-lightbox=\"yes\" data-elementor-lightbox-slideshow=\"ab82862\" data-elementor-lightbox-title=\"Manchester-Mou\" data-e-action-hash=\"#elementor-action%3Aaction%3Dlightbox%26settings%3DeyJpZCI6MTM1NDAsInVybCI6Imh0dHBzOlwvXC93d3cucG9ydG92ZW5lcmUuZnJcL2ZyLWZyXC93cC1jb250ZW50XC91cGxvYWRzXC8yMDE5XC8wOVwvTWFuY2hlc3Rlci1Nb3UuanBnIiwic2xpZGVzaG93IjoiYWI4Mjg2MiJ9\">\n\t\t\t\t\t<div class=\"e-gallery-image elementor-gallery-item__image\" data-thumbnail=\"https:\/\/www.portovenere.fr\/fr-fr\/wp-content\/uploads\/2019\/09\/Manchester-Mou-150x150.jpg\" data-width=\"150\" data-height=\"150\" aria-label=\"\" role=\"img\" ><\/div>\n\t\t\t\t\t\t\t\t\t\t\t<div class=\"elementor-gallery-item__overlay\"><\/div>\n\t\t\t\t\t\t\t\t\t\t\t\t\t\t<\/a>\n\t\t\t\t\t\t\t<a class=\"e-gallery-item elementor-gallery-item elementor-animated-content\" href=\"https:\/\/www.portovenere.fr\/fr-fr\/wp-content\/uploads\/2019\/09\/Manchester-Sable.jpg\" data-elementor-open-lightbox=\"yes\" data-elementor-lightbox-slideshow=\"ab82862\" data-elementor-lightbox-title=\"Manchester-Sable\" data-e-action-hash=\"#elementor-action%3Aaction%3Dlightbox%26settings%3DeyJpZCI6MTM1NDMsInVybCI6Imh0dHBzOlwvXC93d3cucG9ydG92ZW5lcmUuZnJcL2ZyLWZyXC93cC1jb250ZW50XC91cGxvYWRzXC8yMDE5XC8wOVwvTWFuY2hlc3Rlci1TYWJsZS5qcGciLCJzbGlkZXNob3ciOiJhYjgyODYyIn0%3D\">\n\t\t\t\t\t<div class=\"e-gallery-image elementor-gallery-item__image\" data-thumbnail=\"https:\/\/www.portovenere.fr\/fr-fr\/wp-content\/uploads\/2019\/09\/Manchester-Sable-150x150.jpg\" data-width=\"150\" data-height=\"150\" aria-label=\"\" role=\"img\" ><\/div>\n\t\t\t\t\t\t\t\t\t\t\t<div class=\"elementor-gallery-item__overlay\"><\/div>\n\t\t\t\t\t\t\t\t\t\t\t\t\t\t<\/a>\n\t\t\t\t\t\t\t<a class=\"e-gallery-item elementor-gallery-item elementor-animated-content\" href=\"https:\/\/www.portovenere.fr\/fr-fr\/wp-content\/uploads\/2019\/09\/Manchester-Nuage.jpg\" data-elementor-open-lightbox=\"yes\" data-elementor-lightbox-slideshow=\"ab82862\" data-elementor-lightbox-title=\"Manchester-Nuage\" data-e-action-hash=\"#elementor-action%3Aaction%3Dlightbox%26settings%3DeyJpZCI6MTM1NDIsInVybCI6Imh0dHBzOlwvXC93d3cucG9ydG92ZW5lcmUuZnJcL2ZyLWZyXC93cC1jb250ZW50XC91cGxvYWRzXC8yMDE5XC8wOVwvTWFuY2hlc3Rlci1OdWFnZS5qcGciLCJzbGlkZXNob3ciOiJhYjgyODYyIn0%3D\">\n\t\t\t\t\t<div class=\"e-gallery-image elementor-gallery-item__image\" data-thumbnail=\"https:\/\/www.portovenere.fr\/fr-fr\/wp-content\/uploads\/2019\/09\/Manchester-Nuage-150x150.jpg\" data-width=\"150\" data-height=\"150\" aria-label=\"\" role=\"img\" ><\/div>\n\t\t\t\t\t\t\t\t\t\t\t<div class=\"elementor-gallery-item__overlay\"><\/div>\n\t\t\t\t\t\t\t\t\t\t\t\t\t\t<\/a>\n\t\t\t\t\t\t\t<a class=\"e-gallery-item elementor-gallery-item elementor-animated-content\" href=\"https:\/\/www.portovenere.fr\/fr-fr\/wp-content\/uploads\/2019\/09\/Manchester-Gris.jpg\" data-elementor-open-lightbox=\"yes\" data-elementor-lightbox-slideshow=\"ab82862\" data-elementor-lightbox-title=\"Manchester-Gris\" data-e-action-hash=\"#elementor-action%3Aaction%3Dlightbox%26settings%3DeyJpZCI6MTM1MzksInVybCI6Imh0dHBzOlwvXC93d3cucG9ydG92ZW5lcmUuZnJcL2ZyLWZyXC93cC1jb250ZW50XC91cGxvYWRzXC8yMDE5XC8wOVwvTWFuY2hlc3Rlci1HcmlzLmpwZyIsInNsaWRlc2hvdyI6ImFiODI4NjIifQ%3D%3D\">\n\t\t\t\t\t<div class=\"e-gallery-image elementor-gallery-item__image\" data-thumbnail=\"https:\/\/www.portovenere.fr\/fr-fr\/wp-content\/uploads\/2019\/09\/Manchester-Gris-150x150.jpg\" data-width=\"150\" data-height=\"150\" aria-label=\"\" role=\"img\" ><\/div>\n\t\t\t\t\t\t\t\t\t\t\t<div class=\"elementor-gallery-item__overlay\"><\/div>\n\t\t\t\t\t\t\t\t\t\t\t\t\t\t<\/a>\n\t\t\t\t\t<\/div>\n\t\t\t\t\t<\/div>\n\t\t\t\t<\/div>\n\t\t\t\t<div class=\"elementor-element elementor-element-1410bf4 elementor-widget elementor-widget-text-editor\" data-id=\"1410bf4\" data-element_type=\"widget\" data-e-type=\"widget\" data-widget_type=\"text-editor.default\">\n\t\t\t\t<div class=\"elementor-widget-container\">\n\t\t\t\t\t\t\t\t\t<p>La palette chromatique de la collection Manchester offre six tons modernes qui, associ\u00e9s entre eux, \u00e9voquent d\u2019int\u00e9ressantes compositions d\u00e9coratives. Plusieurs formats disponibles pour cr\u00e9er vos espaces de vie.<\/p>\t\t\t\t\t\t\t\t<\/div>\n\t\t\t\t<\/div>\n\t\t\t\t<div class=\"elementor-element elementor-element-fcaef48 elementor-mobile-align-center elementor-widget elementor-widget-button\" data-id=\"fcaef48\" data-element_type=\"widget\" data-e-type=\"widget\" data-widget_type=\"button.default\">\n\t\t\t\t<div class=\"elementor-widget-container\">\n\t\t\t\t\t\t\t\t\t<div class=\"elementor-button-wrapper\">\n\t\t\t\t\t<a class=\"elementor-button elementor-button-link elementor-size-sm\" href=\"https:\/\/www.portovenere.fr\/fr-fr\/carrelage-sol-et-mur-en-gres-cerame-et-faience\/carrelage-contemporain-et-design\/carrelage-contemporain-aspect-beton-manchester\/\">\n\t\t\t\t\t\t<span class=\"elementor-button-content-wrapper\">\n\t\t\t\t\t\t\t\t\t<span class=\"elementor-button-text\">Voir la collection<\/span>\n\t\t\t\t\t<\/span>\n\t\t\t\t\t<\/a>\n\t\t\t\t<\/div>\n\t\t\t\t\t\t\t\t<\/div>\n\t\t\t\t<\/div>\n\t\t\t\t\t<\/div>\n\t\t<\/div>\n\t\t\t\t\t<\/div>\n\t\t<\/section>\n\t\t\t\t\t<\/div>\n\t\t<\/div>\n\t\t\t\t<div class=\"elementor-column elementor-col-33 elementor-top-column elementor-element elementor-element-e025055 elementor-invisible\" data-id=\"e025055\" data-element_type=\"column\" data-e-type=\"column\" data-settings=\"{&quot;animation&quot;:&quot;fadeIn&quot;,&quot;background_background&quot;:&quot;classic&quot;}\">\n\t\t\t<div class=\"elementor-widget-wrap elementor-element-populated\">\n\t\t\t\t\t\t<div class=\"elementor-element elementor-element-6f9db13 elementor-widget elementor-widget-image\" data-id=\"6f9db13\" data-element_type=\"widget\" data-e-type=\"widget\" data-widget_type=\"image.default\">\n\t\t\t\t<div class=\"elementor-widget-container\">\n\t\t\t\t\t\t\t\t\t\t\t\t\t\t\t\t<a href=\"https:\/\/www.portovenere.fr\/fr-fr\/carrelage-sol-et-mur-en-gres-cerame-et-faience\/carrelage-contemporain-et-design\/carrelage-contemporain-aspect-beton-flint\/\">\n\t\t\t\t\t\t\t<img loading=\"lazy\" decoding=\"async\" width=\"768\" height=\"512\" src=\"https:\/\/www.portovenere.fr\/fr-fr\/wp-content\/uploads\/2019\/07\/Carrelage_Beton_Cire_Gris_Clair_Flint_Silver_Sol_Mur_Salle_de_Bain-Home-768x512.jpg\" class=\"attachment-medium_large size-medium_large wp-image-9871\" alt=\"\" srcset=\"https:\/\/www.portovenere.fr\/fr-fr\/wp-content\/uploads\/2019\/07\/Carrelage_Beton_Cire_Gris_Clair_Flint_Silver_Sol_Mur_Salle_de_Bain-Home-768x512.jpg 768w, https:\/\/www.portovenere.fr\/fr-fr\/wp-content\/uploads\/2019\/07\/Carrelage_Beton_Cire_Gris_Clair_Flint_Silver_Sol_Mur_Salle_de_Bain-Home-300x200.jpg 300w, https:\/\/www.portovenere.fr\/fr-fr\/wp-content\/uploads\/2019\/07\/Carrelage_Beton_Cire_Gris_Clair_Flint_Silver_Sol_Mur_Salle_de_Bain-Home-1024x683.jpg 1024w, https:\/\/www.portovenere.fr\/fr-fr\/wp-content\/uploads\/2019\/07\/Carrelage_Beton_Cire_Gris_Clair_Flint_Silver_Sol_Mur_Salle_de_Bain-Home.jpg 1500w\" sizes=\"(max-width: 768px) 100vw, 768px\" \/>\t\t\t\t\t\t\t\t<\/a>\n\t\t\t\t\t\t\t\t\t\t\t\t\t\t\t<\/div>\n\t\t\t\t<\/div>\n\t\t\t\t<section class=\"elementor-section elementor-inner-section elementor-element elementor-element-f113d2f elementor-section-boxed elementor-section-height-default elementor-section-height-default elementor-invisible\" data-id=\"f113d2f\" data-element_type=\"section\" data-e-type=\"section\" data-settings=\"{&quot;background_background&quot;:&quot;classic&quot;,&quot;animation&quot;:&quot;fadeIn&quot;}\">\n\t\t\t\t\t\t<div class=\"elementor-container elementor-column-gap-default\">\n\t\t\t\t\t<div class=\"elementor-column elementor-col-100 elementor-inner-column elementor-element elementor-element-53e5239\" data-id=\"53e5239\" data-element_type=\"column\" data-e-type=\"column\">\n\t\t\t<div class=\"elementor-widget-wrap elementor-element-populated\">\n\t\t\t\t\t\t<div class=\"elementor-element elementor-element-a4d3280 elementor-widget elementor-widget-heading\" data-id=\"a4d3280\" data-element_type=\"widget\" data-e-type=\"widget\" data-widget_type=\"heading.default\">\n\t\t\t\t<div class=\"elementor-widget-container\">\n\t\t\t\t\t<h3 class=\"elementor-heading-title elementor-size-default\"><a href=\"https:\/\/www.portovenere.fr\/fr-fr\/carrelage-sol-et-mur-en-gres-cerame-et-faience\/carrelage-contemporain-et-design\/carrelage-contemporain-aspect-beton-flint\/\">FLINT | 2 coloris<\/a><\/h3>\t\t\t\t<\/div>\n\t\t\t\t<\/div>\n\t\t\t\t<div class=\"elementor-element elementor-element-63545b2 elementor-widget__width-initial elementor-widget elementor-widget-gallery\" data-id=\"63545b2\" data-element_type=\"widget\" data-e-type=\"widget\" data-settings=\"{&quot;gap&quot;:{&quot;unit&quot;:&quot;px&quot;,&quot;size&quot;:3,&quot;sizes&quot;:[]},&quot;columns_mobile&quot;:3,&quot;gap_mobile&quot;:{&quot;unit&quot;:&quot;px&quot;,&quot;size&quot;:6,&quot;sizes&quot;:[]},&quot;columns&quot;:5,&quot;columns_tablet&quot;:3,&quot;gap_tablet&quot;:{&quot;unit&quot;:&quot;px&quot;,&quot;size&quot;:5,&quot;sizes&quot;:[]},&quot;lazyload&quot;:&quot;yes&quot;,&quot;gallery_layout&quot;:&quot;grid&quot;,&quot;link_to&quot;:&quot;file&quot;,&quot;aspect_ratio&quot;:&quot;3:2&quot;,&quot;overlay_background&quot;:&quot;yes&quot;,&quot;content_hover_animation&quot;:&quot;fade-in&quot;}\" data-widget_type=\"gallery.default\">\n\t\t\t\t<div class=\"elementor-widget-container\">\n\t\t\t\t\t\t\t<div class=\"elementor-gallery__container\">\n\t\t\t\t\t\t\t<a class=\"e-gallery-item elementor-gallery-item elementor-animated-content\" href=\"https:\/\/www.portovenere.fr\/fr-fr\/wp-content\/uploads\/2019\/07\/Flint_Bone_blanc.jpg\" data-elementor-open-lightbox=\"yes\" data-elementor-lightbox-slideshow=\"63545b2\" data-elementor-lightbox-title=\"Flint Bone\" data-e-action-hash=\"#elementor-action%3Aaction%3Dlightbox%26settings%3DeyJpZCI6OTg2MiwidXJsIjoiaHR0cHM6XC9cL3d3dy5wb3J0b3ZlbmVyZS5mclwvZnItZnJcL3dwLWNvbnRlbnRcL3VwbG9hZHNcLzIwMTlcLzA3XC9GbGludF9Cb25lX2JsYW5jLmpwZyIsInNsaWRlc2hvdyI6IjYzNTQ1YjIifQ%3D%3D\">\n\t\t\t\t\t<div class=\"e-gallery-image elementor-gallery-item__image\" data-thumbnail=\"https:\/\/www.portovenere.fr\/fr-fr\/wp-content\/uploads\/2019\/07\/Flint_Bone_blanc-150x150.jpg\" data-width=\"150\" data-height=\"150\" aria-label=\"\" role=\"img\" ><\/div>\n\t\t\t\t\t\t\t\t\t\t\t<div class=\"elementor-gallery-item__overlay\"><\/div>\n\t\t\t\t\t\t\t\t\t\t\t\t\t\t<\/a>\n\t\t\t\t\t\t\t<a class=\"e-gallery-item elementor-gallery-item elementor-animated-content\" href=\"https:\/\/www.portovenere.fr\/fr-fr\/wp-content\/uploads\/2019\/07\/Flint_Silver_clair.jpg\" data-elementor-open-lightbox=\"yes\" data-elementor-lightbox-slideshow=\"63545b2\" data-elementor-lightbox-title=\"Flint Silver\" data-e-action-hash=\"#elementor-action%3Aaction%3Dlightbox%26settings%3DeyJpZCI6OTg2MywidXJsIjoiaHR0cHM6XC9cL3d3dy5wb3J0b3ZlbmVyZS5mclwvZnItZnJcL3dwLWNvbnRlbnRcL3VwbG9hZHNcLzIwMTlcLzA3XC9GbGludF9TaWx2ZXJfY2xhaXIuanBnIiwic2xpZGVzaG93IjoiNjM1NDViMiJ9\">\n\t\t\t\t\t<div class=\"e-gallery-image elementor-gallery-item__image\" data-thumbnail=\"https:\/\/www.portovenere.fr\/fr-fr\/wp-content\/uploads\/2019\/07\/Flint_Silver_clair-150x150.jpg\" data-width=\"150\" data-height=\"150\" aria-label=\"\" role=\"img\" ><\/div>\n\t\t\t\t\t\t\t\t\t\t\t<div class=\"elementor-gallery-item__overlay\"><\/div>\n\t\t\t\t\t\t\t\t\t\t\t\t\t\t<\/a>\n\t\t\t\t\t<\/div>\n\t\t\t\t\t<\/div>\n\t\t\t\t<\/div>\n\t\t\t\t<div class=\"elementor-element elementor-element-74bc476 elementor-widget elementor-widget-text-editor\" data-id=\"74bc476\" data-element_type=\"widget\" data-e-type=\"widget\" data-widget_type=\"text-editor.default\">\n\t\t\t\t<div class=\"elementor-widget-container\">\n\t\t\t\t\t\t\t\t\t<p style=\"outline: currentcolor none medium;\">Carrelage de sol et mur en gr\u00e8s c\u00e9rame aspect b\u00e9ton disponible en 2 coloris : Bone blanc cass\u00e9 et Silver gris clair, disponible en finition int\u00e9rieure et ext\u00e9rieure. Plusieurs formats disponibles.<\/p>\t\t\t\t\t\t\t\t<\/div>\n\t\t\t\t<\/div>\n\t\t\t\t<div class=\"elementor-element elementor-element-0a7b8a3 elementor-mobile-align-center elementor-widget elementor-widget-button\" data-id=\"0a7b8a3\" data-element_type=\"widget\" data-e-type=\"widget\" data-widget_type=\"button.default\">\n\t\t\t\t<div class=\"elementor-widget-container\">\n\t\t\t\t\t\t\t\t\t<div class=\"elementor-button-wrapper\">\n\t\t\t\t\t<a class=\"elementor-button elementor-button-link elementor-size-sm\" href=\"https:\/\/www.portovenere.fr\/fr-fr\/carrelage-sol-et-mur-en-gres-cerame-et-faience\/carrelage-contemporain-et-design\/carrelage-contemporain-aspect-beton-flint\/\">\n\t\t\t\t\t\t<span class=\"elementor-button-content-wrapper\">\n\t\t\t\t\t\t\t\t\t<span class=\"elementor-button-text\">Voir la collection<\/span>\n\t\t\t\t\t<\/span>\n\t\t\t\t\t<\/a>\n\t\t\t\t<\/div>\n\t\t\t\t\t\t\t\t<\/div>\n\t\t\t\t<\/div>\n\t\t\t\t\t<\/div>\n\t\t<\/div>\n\t\t\t\t\t<\/div>\n\t\t<\/section>\n\t\t\t\t\t<\/div>\n\t\t<\/div>\n\t\t\t\t\t<\/div>\n\t\t<\/section>\n\t\t\t\t<section class=\"elementor-section elementor-top-section elementor-element elementor-element-dda75a0 elementor-section-boxed elementor-section-height-default elementor-section-height-default elementor-invisible\" data-id=\"dda75a0\" data-element_type=\"section\" data-e-type=\"section\" data-settings=\"{&quot;animation&quot;:&quot;fadeIn&quot;}\">\n\t\t\t\t\t\t<div class=\"elementor-container elementor-column-gap-default\">\n\t\t\t\t\t<div class=\"elementor-column elementor-col-33 elementor-top-column elementor-element elementor-element-49cd07c elementor-invisible\" data-id=\"49cd07c\" data-element_type=\"column\" data-e-type=\"column\" data-settings=\"{&quot;animation&quot;:&quot;fadeIn&quot;,&quot;background_background&quot;:&quot;classic&quot;}\">\n\t\t\t<div class=\"elementor-widget-wrap elementor-element-populated\">\n\t\t\t\t\t\t<div class=\"elementor-element elementor-element-b22b64e elementor-widget elementor-widget-image\" data-id=\"b22b64e\" data-element_type=\"widget\" data-e-type=\"widget\" data-widget_type=\"image.default\">\n\t\t\t\t<div class=\"elementor-widget-container\">\n\t\t\t\t\t\t\t\t\t\t\t\t\t\t\t\t<a href=\"https:\/\/www.portovenere.fr\/fr-fr\/carrelage-sol-et-mur-en-gres-cerame-et-faience\/carrelage-contemporain-et-design\/carrelage-contemporain-aspect-beton-tint-unit\/\">\n\t\t\t\t\t\t\t<img loading=\"lazy\" decoding=\"async\" width=\"768\" height=\"512\" src=\"https:\/\/www.portovenere.fr\/fr-fr\/wp-content\/uploads\/2019\/12\/Carrelage-sol-et-mur-colore\u0301-uni-Tinte-Unite-bleu-turquoise-768x512.jpg\" class=\"attachment-medium_large size-medium_large wp-image-20293\" alt=\"\" srcset=\"https:\/\/www.portovenere.fr\/fr-fr\/wp-content\/uploads\/2019\/12\/Carrelage-sol-et-mur-colore\u0301-uni-Tinte-Unite-bleu-turquoise-768x512.jpg 768w, https:\/\/www.portovenere.fr\/fr-fr\/wp-content\/uploads\/2019\/12\/Carrelage-sol-et-mur-colore\u0301-uni-Tinte-Unite-bleu-turquoise-300x200.jpg 300w, https:\/\/www.portovenere.fr\/fr-fr\/wp-content\/uploads\/2019\/12\/Carrelage-sol-et-mur-colore\u0301-uni-Tinte-Unite-bleu-turquoise-1024x683.jpg 1024w, https:\/\/www.portovenere.fr\/fr-fr\/wp-content\/uploads\/2019\/12\/Carrelage-sol-et-mur-colore\u0301-uni-Tinte-Unite-bleu-turquoise.jpg 1500w\" sizes=\"(max-width: 768px) 100vw, 768px\" \/>\t\t\t\t\t\t\t\t<\/a>\n\t\t\t\t\t\t\t\t\t\t\t\t\t\t\t<\/div>\n\t\t\t\t<\/div>\n\t\t\t\t<section class=\"elementor-section elementor-inner-section elementor-element elementor-element-5e4c354 elementor-section-boxed elementor-section-height-default elementor-section-height-default elementor-invisible\" data-id=\"5e4c354\" data-element_type=\"section\" data-e-type=\"section\" data-settings=\"{&quot;background_background&quot;:&quot;classic&quot;,&quot;animation&quot;:&quot;fadeIn&quot;}\">\n\t\t\t\t\t\t<div class=\"elementor-container elementor-column-gap-default\">\n\t\t\t\t\t<div class=\"elementor-column elementor-col-100 elementor-inner-column elementor-element elementor-element-a67e449\" data-id=\"a67e449\" data-element_type=\"column\" data-e-type=\"column\">\n\t\t\t<div class=\"elementor-widget-wrap elementor-element-populated\">\n\t\t\t\t\t\t<div class=\"elementor-element elementor-element-913055b elementor-widget elementor-widget-heading\" data-id=\"913055b\" data-element_type=\"widget\" data-e-type=\"widget\" data-widget_type=\"heading.default\">\n\t\t\t\t<div class=\"elementor-widget-container\">\n\t\t\t\t\t<h3 class=\"elementor-heading-title elementor-size-default\"><a href=\"https:\/\/www.portovenere.fr\/fr-fr\/carrelage-sol-et-mur-en-gres-cerame-et-faience\/carrelage-contemporain-et-design\/carrelage-contemporain-aspect-beton-tint-unit\/\">TINTE UNITE | 7 coloris &amp; mosa\u00efques<\/a><\/h3>\t\t\t\t<\/div>\n\t\t\t\t<\/div>\n\t\t\t\t<div class=\"elementor-element elementor-element-d3e285e elementor-widget__width-initial elementor-widget elementor-widget-gallery\" data-id=\"d3e285e\" data-element_type=\"widget\" data-e-type=\"widget\" data-settings=\"{&quot;gap&quot;:{&quot;unit&quot;:&quot;px&quot;,&quot;size&quot;:3,&quot;sizes&quot;:[]},&quot;columns_mobile&quot;:3,&quot;gap_mobile&quot;:{&quot;unit&quot;:&quot;px&quot;,&quot;size&quot;:6,&quot;sizes&quot;:[]},&quot;columns&quot;:5,&quot;columns_tablet&quot;:3,&quot;gap_tablet&quot;:{&quot;unit&quot;:&quot;px&quot;,&quot;size&quot;:5,&quot;sizes&quot;:[]},&quot;lazyload&quot;:&quot;yes&quot;,&quot;gallery_layout&quot;:&quot;grid&quot;,&quot;link_to&quot;:&quot;file&quot;,&quot;aspect_ratio&quot;:&quot;3:2&quot;,&quot;overlay_background&quot;:&quot;yes&quot;,&quot;content_hover_animation&quot;:&quot;fade-in&quot;}\" data-widget_type=\"gallery.default\">\n\t\t\t\t<div class=\"elementor-widget-container\">\n\t\t\t\t\t\t\t<div class=\"elementor-gallery__container\">\n\t\t\t\t\t\t\t<a class=\"e-gallery-item elementor-gallery-item elementor-animated-content\" href=\"https:\/\/www.portovenere.fr\/fr-fr\/wp-content\/uploads\/2019\/12\/Tinte-Unite-Polvere.jpg\" data-elementor-open-lightbox=\"yes\" data-elementor-lightbox-slideshow=\"d3e285e\" data-elementor-lightbox-title=\"Tinte Unite Polvere\" data-e-action-hash=\"#elementor-action%3Aaction%3Dlightbox%26settings%3DeyJpZCI6MjAzMDAsInVybCI6Imh0dHBzOlwvXC93d3cucG9ydG92ZW5lcmUuZnJcL2ZyLWZyXC93cC1jb250ZW50XC91cGxvYWRzXC8yMDE5XC8xMlwvVGludGUtVW5pdGUtUG9sdmVyZS5qcGciLCJzbGlkZXNob3ciOiJkM2UyODVlIn0%3D\">\n\t\t\t\t\t<div class=\"e-gallery-image elementor-gallery-item__image\" data-thumbnail=\"https:\/\/www.portovenere.fr\/fr-fr\/wp-content\/uploads\/2019\/12\/Tinte-Unite-Polvere-150x150.jpg\" data-width=\"150\" data-height=\"150\" aria-label=\"\" role=\"img\" ><\/div>\n\t\t\t\t\t\t\t\t\t\t\t<div class=\"elementor-gallery-item__overlay\"><\/div>\n\t\t\t\t\t\t\t\t\t\t\t\t\t\t<\/a>\n\t\t\t\t\t\t\t<a class=\"e-gallery-item elementor-gallery-item elementor-animated-content\" href=\"https:\/\/www.portovenere.fr\/fr-fr\/wp-content\/uploads\/2019\/12\/Tinte-Unite-Petrolio.jpg\" data-elementor-open-lightbox=\"yes\" data-elementor-lightbox-slideshow=\"d3e285e\" data-elementor-lightbox-title=\"Tinte Unite Petrolio\" data-e-action-hash=\"#elementor-action%3Aaction%3Dlightbox%26settings%3DeyJpZCI6MjAyOTksInVybCI6Imh0dHBzOlwvXC93d3cucG9ydG92ZW5lcmUuZnJcL2ZyLWZyXC93cC1jb250ZW50XC91cGxvYWRzXC8yMDE5XC8xMlwvVGludGUtVW5pdGUtUGV0cm9saW8uanBnIiwic2xpZGVzaG93IjoiZDNlMjg1ZSJ9\">\n\t\t\t\t\t<div class=\"e-gallery-image elementor-gallery-item__image\" data-thumbnail=\"https:\/\/www.portovenere.fr\/fr-fr\/wp-content\/uploads\/2019\/12\/Tinte-Unite-Petrolio-150x150.jpg\" data-width=\"150\" data-height=\"150\" aria-label=\"\" role=\"img\" ><\/div>\n\t\t\t\t\t\t\t\t\t\t\t<div class=\"elementor-gallery-item__overlay\"><\/div>\n\t\t\t\t\t\t\t\t\t\t\t\t\t\t<\/a>\n\t\t\t\t\t\t\t<a class=\"e-gallery-item elementor-gallery-item elementor-animated-content\" href=\"https:\/\/www.portovenere.fr\/fr-fr\/wp-content\/uploads\/2019\/12\/Tinte-Unite-Perla.jpg\" data-elementor-open-lightbox=\"yes\" data-elementor-lightbox-slideshow=\"d3e285e\" data-elementor-lightbox-title=\"Tinte Unite Perla\" data-e-action-hash=\"#elementor-action%3Aaction%3Dlightbox%26settings%3DeyJpZCI6MjAyOTgsInVybCI6Imh0dHBzOlwvXC93d3cucG9ydG92ZW5lcmUuZnJcL2ZyLWZyXC93cC1jb250ZW50XC91cGxvYWRzXC8yMDE5XC8xMlwvVGludGUtVW5pdGUtUGVybGEuanBnIiwic2xpZGVzaG93IjoiZDNlMjg1ZSJ9\">\n\t\t\t\t\t<div class=\"e-gallery-image elementor-gallery-item__image\" data-thumbnail=\"https:\/\/www.portovenere.fr\/fr-fr\/wp-content\/uploads\/2019\/12\/Tinte-Unite-Perla-150x150.jpg\" data-width=\"150\" data-height=\"150\" aria-label=\"\" role=\"img\" ><\/div>\n\t\t\t\t\t\t\t\t\t\t\t<div class=\"elementor-gallery-item__overlay\"><\/div>\n\t\t\t\t\t\t\t\t\t\t\t\t\t\t<\/a>\n\t\t\t\t\t\t\t<a class=\"e-gallery-item elementor-gallery-item elementor-animated-content\" href=\"https:\/\/www.portovenere.fr\/fr-fr\/wp-content\/uploads\/2019\/12\/Tinte-Unite-Grafite.jpg\" data-elementor-open-lightbox=\"yes\" data-elementor-lightbox-slideshow=\"d3e285e\" data-elementor-lightbox-title=\"Tinte Unite Grafite\" data-e-action-hash=\"#elementor-action%3Aaction%3Dlightbox%26settings%3DeyJpZCI6MjAyOTcsInVybCI6Imh0dHBzOlwvXC93d3cucG9ydG92ZW5lcmUuZnJcL2ZyLWZyXC93cC1jb250ZW50XC91cGxvYWRzXC8yMDE5XC8xMlwvVGludGUtVW5pdGUtR3JhZml0ZS5qcGciLCJzbGlkZXNob3ciOiJkM2UyODVlIn0%3D\">\n\t\t\t\t\t<div class=\"e-gallery-image elementor-gallery-item__image\" data-thumbnail=\"https:\/\/www.portovenere.fr\/fr-fr\/wp-content\/uploads\/2019\/12\/Tinte-Unite-Grafite-150x150.jpg\" data-width=\"150\" data-height=\"150\" aria-label=\"\" role=\"img\" ><\/div>\n\t\t\t\t\t\t\t\t\t\t\t<div class=\"elementor-gallery-item__overlay\"><\/div>\n\t\t\t\t\t\t\t\t\t\t\t\t\t\t<\/a>\n\t\t\t\t\t\t\t<a class=\"e-gallery-item elementor-gallery-item elementor-animated-content\" href=\"https:\/\/www.portovenere.fr\/fr-fr\/wp-content\/uploads\/2019\/12\/Tinte-Unite-Ferro.jpg\" data-elementor-open-lightbox=\"yes\" data-elementor-lightbox-slideshow=\"d3e285e\" data-elementor-lightbox-title=\"Tinte Unite Ferro\" data-e-action-hash=\"#elementor-action%3Aaction%3Dlightbox%26settings%3DeyJpZCI6MjAyOTYsInVybCI6Imh0dHBzOlwvXC93d3cucG9ydG92ZW5lcmUuZnJcL2ZyLWZyXC93cC1jb250ZW50XC91cGxvYWRzXC8yMDE5XC8xMlwvVGludGUtVW5pdGUtRmVycm8uanBnIiwic2xpZGVzaG93IjoiZDNlMjg1ZSJ9\">\n\t\t\t\t\t<div class=\"e-gallery-image elementor-gallery-item__image\" data-thumbnail=\"https:\/\/www.portovenere.fr\/fr-fr\/wp-content\/uploads\/2019\/12\/Tinte-Unite-Ferro-150x150.jpg\" data-width=\"150\" data-height=\"150\" aria-label=\"\" role=\"img\" ><\/div>\n\t\t\t\t\t\t\t\t\t\t\t<div class=\"elementor-gallery-item__overlay\"><\/div>\n\t\t\t\t\t\t\t\t\t\t\t\t\t\t<\/a>\n\t\t\t\t\t\t\t<a class=\"e-gallery-item elementor-gallery-item elementor-animated-content\" href=\"https:\/\/www.portovenere.fr\/fr-fr\/wp-content\/uploads\/2019\/12\/Tinte-Unite-Bianco.jpg\" data-elementor-open-lightbox=\"yes\" data-elementor-lightbox-slideshow=\"d3e285e\" data-elementor-lightbox-title=\"Tinte Unite Bianco\" data-e-action-hash=\"#elementor-action%3Aaction%3Dlightbox%26settings%3DeyJpZCI6MjAyOTUsInVybCI6Imh0dHBzOlwvXC93d3cucG9ydG92ZW5lcmUuZnJcL2ZyLWZyXC93cC1jb250ZW50XC91cGxvYWRzXC8yMDE5XC8xMlwvVGludGUtVW5pdGUtQmlhbmNvLmpwZyIsInNsaWRlc2hvdyI6ImQzZTI4NWUifQ%3D%3D\">\n\t\t\t\t\t<div class=\"e-gallery-image elementor-gallery-item__image\" data-thumbnail=\"https:\/\/www.portovenere.fr\/fr-fr\/wp-content\/uploads\/2019\/12\/Tinte-Unite-Bianco-150x150.jpg\" data-width=\"150\" data-height=\"150\" aria-label=\"\" role=\"img\" ><\/div>\n\t\t\t\t\t\t\t\t\t\t\t<div class=\"elementor-gallery-item__overlay\"><\/div>\n\t\t\t\t\t\t\t\t\t\t\t\t\t\t<\/a>\n\t\t\t\t\t\t\t<a class=\"e-gallery-item elementor-gallery-item elementor-animated-content\" href=\"https:\/\/www.portovenere.fr\/fr-fr\/wp-content\/uploads\/2019\/12\/Tinte-Unite-Avio.jpg\" data-elementor-open-lightbox=\"yes\" data-elementor-lightbox-slideshow=\"d3e285e\" data-elementor-lightbox-title=\"Tinte Unite Avio\" data-e-action-hash=\"#elementor-action%3Aaction%3Dlightbox%26settings%3DeyJpZCI6MjAyOTQsInVybCI6Imh0dHBzOlwvXC93d3cucG9ydG92ZW5lcmUuZnJcL2ZyLWZyXC93cC1jb250ZW50XC91cGxvYWRzXC8yMDE5XC8xMlwvVGludGUtVW5pdGUtQXZpby5qcGciLCJzbGlkZXNob3ciOiJkM2UyODVlIn0%3D\">\n\t\t\t\t\t<div class=\"e-gallery-image elementor-gallery-item__image\" data-thumbnail=\"https:\/\/www.portovenere.fr\/fr-fr\/wp-content\/uploads\/2019\/12\/Tinte-Unite-Avio-150x150.jpg\" data-width=\"150\" data-height=\"150\" aria-label=\"\" role=\"img\" ><\/div>\n\t\t\t\t\t\t\t\t\t\t\t<div class=\"elementor-gallery-item__overlay\"><\/div>\n\t\t\t\t\t\t\t\t\t\t\t\t\t\t<\/a>\n\t\t\t\t\t\t\t<a class=\"e-gallery-item elementor-gallery-item elementor-animated-content\" href=\"https:\/\/www.portovenere.fr\/fr-fr\/wp-content\/uploads\/2019\/08\/Tint-Unit-D\u00e9cor-G-Light.jpg\" data-elementor-open-lightbox=\"yes\" data-elementor-lightbox-slideshow=\"d3e285e\" data-elementor-lightbox-title=\"Tint Unit D\u00e9cor G Light\" data-e-action-hash=\"#elementor-action%3Aaction%3Dlightbox%26settings%3DeyJpZCI6MTE0NDcsInVybCI6Imh0dHBzOlwvXC93d3cucG9ydG92ZW5lcmUuZnJcL2ZyLWZyXC93cC1jb250ZW50XC91cGxvYWRzXC8yMDE5XC8wOFwvVGludC1Vbml0LURcdTAwZTljb3ItRy1MaWdodC5qcGciLCJzbGlkZXNob3ciOiJkM2UyODVlIn0%3D\">\n\t\t\t\t\t<div class=\"e-gallery-image elementor-gallery-item__image\" data-thumbnail=\"https:\/\/www.portovenere.fr\/fr-fr\/wp-content\/uploads\/2019\/08\/Tint-Unit-D\u00e9cor-G-Light-150x150.jpg\" data-width=\"150\" data-height=\"150\" aria-label=\"\" role=\"img\" ><\/div>\n\t\t\t\t\t\t\t\t\t\t\t<div class=\"elementor-gallery-item__overlay\"><\/div>\n\t\t\t\t\t\t\t\t\t\t\t\t\t\t<\/a>\n\t\t\t\t\t\t\t<a class=\"e-gallery-item elementor-gallery-item elementor-animated-content\" href=\"https:\/\/www.portovenere.fr\/fr-fr\/wp-content\/uploads\/2019\/08\/Tint-Unit-Decor-A-Dark.jpg\" data-elementor-open-lightbox=\"yes\" data-elementor-lightbox-slideshow=\"d3e285e\" data-elementor-lightbox-title=\"Tint Unit Decor A Dark\" data-e-action-hash=\"#elementor-action%3Aaction%3Dlightbox%26settings%3DeyJpZCI6MTE0MzQsInVybCI6Imh0dHBzOlwvXC93d3cucG9ydG92ZW5lcmUuZnJcL2ZyLWZyXC93cC1jb250ZW50XC91cGxvYWRzXC8yMDE5XC8wOFwvVGludC1Vbml0LURlY29yLUEtRGFyay5qcGciLCJzbGlkZXNob3ciOiJkM2UyODVlIn0%3D\">\n\t\t\t\t\t<div class=\"e-gallery-image elementor-gallery-item__image\" data-thumbnail=\"https:\/\/www.portovenere.fr\/fr-fr\/wp-content\/uploads\/2019\/08\/Tint-Unit-Decor-A-Dark-150x150.jpg\" data-width=\"150\" data-height=\"150\" aria-label=\"\" role=\"img\" ><\/div>\n\t\t\t\t\t\t\t\t\t\t\t<div class=\"elementor-gallery-item__overlay\"><\/div>\n\t\t\t\t\t\t\t\t\t\t\t\t\t\t<\/a>\n\t\t\t\t\t\t\t<a class=\"e-gallery-item elementor-gallery-item elementor-animated-content\" href=\"https:\/\/www.portovenere.fr\/fr-fr\/wp-content\/uploads\/2019\/08\/Tint-Unit-D\u00e9cor-F-Light.jpg\" data-elementor-open-lightbox=\"yes\" data-elementor-lightbox-slideshow=\"d3e285e\" data-elementor-lightbox-title=\"Tint Unit D\u00e9cor F Light\" data-e-action-hash=\"#elementor-action%3Aaction%3Dlightbox%26settings%3DeyJpZCI6MTE0NDUsInVybCI6Imh0dHBzOlwvXC93d3cucG9ydG92ZW5lcmUuZnJcL2ZyLWZyXC93cC1jb250ZW50XC91cGxvYWRzXC8yMDE5XC8wOFwvVGludC1Vbml0LURcdTAwZTljb3ItRi1MaWdodC5qcGciLCJzbGlkZXNob3ciOiJkM2UyODVlIn0%3D\">\n\t\t\t\t\t<div class=\"e-gallery-image elementor-gallery-item__image\" data-thumbnail=\"https:\/\/www.portovenere.fr\/fr-fr\/wp-content\/uploads\/2019\/08\/Tint-Unit-D\u00e9cor-F-Light-150x150.jpg\" data-width=\"150\" data-height=\"150\" aria-label=\"\" role=\"img\" ><\/div>\n\t\t\t\t\t\t\t\t\t\t\t<div class=\"elementor-gallery-item__overlay\"><\/div>\n\t\t\t\t\t\t\t\t\t\t\t\t\t\t<\/a>\n\t\t\t\t\t\t\t<a class=\"e-gallery-item elementor-gallery-item elementor-animated-content\" href=\"https:\/\/www.portovenere.fr\/fr-fr\/wp-content\/uploads\/2019\/08\/Tint-Unit-D\u00e9cor-E-Dark.jpg\" data-elementor-open-lightbox=\"yes\" data-elementor-lightbox-slideshow=\"d3e285e\" data-elementor-lightbox-title=\"Tint Unit D\u00e9cor E Dark\" data-e-action-hash=\"#elementor-action%3Aaction%3Dlightbox%26settings%3DeyJpZCI6MTE0NDIsInVybCI6Imh0dHBzOlwvXC93d3cucG9ydG92ZW5lcmUuZnJcL2ZyLWZyXC93cC1jb250ZW50XC91cGxvYWRzXC8yMDE5XC8wOFwvVGludC1Vbml0LURcdTAwZTljb3ItRS1EYXJrLmpwZyIsInNsaWRlc2hvdyI6ImQzZTI4NWUifQ%3D%3D\">\n\t\t\t\t\t<div class=\"e-gallery-image elementor-gallery-item__image\" data-thumbnail=\"https:\/\/www.portovenere.fr\/fr-fr\/wp-content\/uploads\/2019\/08\/Tint-Unit-D\u00e9cor-E-Dark-150x150.jpg\" data-width=\"150\" data-height=\"150\" aria-label=\"\" role=\"img\" ><\/div>\n\t\t\t\t\t\t\t\t\t\t\t<div class=\"elementor-gallery-item__overlay\"><\/div>\n\t\t\t\t\t\t\t\t\t\t\t\t\t\t<\/a>\n\t\t\t\t\t\t\t<a class=\"e-gallery-item elementor-gallery-item elementor-animated-content\" href=\"https:\/\/www.portovenere.fr\/fr-fr\/wp-content\/uploads\/2019\/08\/Tint-Unit-D\u00e9cor-C-Light.jpg\" data-elementor-open-lightbox=\"yes\" data-elementor-lightbox-slideshow=\"d3e285e\" data-elementor-lightbox-title=\"Tint Unit D\u00e9cor C Light\" data-e-action-hash=\"#elementor-action%3Aaction%3Dlightbox%26settings%3DeyJpZCI6MTE0MzksInVybCI6Imh0dHBzOlwvXC93d3cucG9ydG92ZW5lcmUuZnJcL2ZyLWZyXC93cC1jb250ZW50XC91cGxvYWRzXC8yMDE5XC8wOFwvVGludC1Vbml0LURcdTAwZTljb3ItQy1MaWdodC5qcGciLCJzbGlkZXNob3ciOiJkM2UyODVlIn0%3D\">\n\t\t\t\t\t<div class=\"e-gallery-image elementor-gallery-item__image\" data-thumbnail=\"https:\/\/www.portovenere.fr\/fr-fr\/wp-content\/uploads\/2019\/08\/Tint-Unit-D\u00e9cor-C-Light-150x150.jpg\" data-width=\"150\" data-height=\"150\" aria-label=\"\" role=\"img\" ><\/div>\n\t\t\t\t\t\t\t\t\t\t\t<div class=\"elementor-gallery-item__overlay\"><\/div>\n\t\t\t\t\t\t\t\t\t\t\t\t\t\t<\/a>\n\t\t\t\t\t\t\t<a class=\"e-gallery-item elementor-gallery-item elementor-animated-content\" href=\"https:\/\/www.portovenere.fr\/fr-fr\/wp-content\/uploads\/2019\/08\/Tint-Unit-D\u00e9cor-D-Dark.jpg\" data-elementor-open-lightbox=\"yes\" data-elementor-lightbox-slideshow=\"d3e285e\" data-elementor-lightbox-title=\"Tint Unit D\u00e9cor D Dark\" data-e-action-hash=\"#elementor-action%3Aaction%3Dlightbox%26settings%3DeyJpZCI6MTE0NDAsInVybCI6Imh0dHBzOlwvXC93d3cucG9ydG92ZW5lcmUuZnJcL2ZyLWZyXC93cC1jb250ZW50XC91cGxvYWRzXC8yMDE5XC8wOFwvVGludC1Vbml0LURcdTAwZTljb3ItRC1EYXJrLmpwZyIsInNsaWRlc2hvdyI6ImQzZTI4NWUifQ%3D%3D\">\n\t\t\t\t\t<div class=\"e-gallery-image elementor-gallery-item__image\" data-thumbnail=\"https:\/\/www.portovenere.fr\/fr-fr\/wp-content\/uploads\/2019\/08\/Tint-Unit-D\u00e9cor-D-Dark-150x150.jpg\" data-width=\"150\" data-height=\"150\" aria-label=\"\" role=\"img\" ><\/div>\n\t\t\t\t\t\t\t\t\t\t\t<div class=\"elementor-gallery-item__overlay\"><\/div>\n\t\t\t\t\t\t\t\t\t\t\t\t\t\t<\/a>\n\t\t\t\t\t\t\t<a class=\"e-gallery-item elementor-gallery-item elementor-animated-content\" href=\"https:\/\/www.portovenere.fr\/fr-fr\/wp-content\/uploads\/2019\/08\/Tint-Unit-D\u00e9cor-B-Light.jpg\" data-elementor-open-lightbox=\"yes\" data-elementor-lightbox-slideshow=\"d3e285e\" data-elementor-lightbox-title=\"Tint Unit D\u00e9cor B Light\" data-e-action-hash=\"#elementor-action%3Aaction%3Dlightbox%26settings%3DeyJpZCI6MTE0MzcsInVybCI6Imh0dHBzOlwvXC93d3cucG9ydG92ZW5lcmUuZnJcL2ZyLWZyXC93cC1jb250ZW50XC91cGxvYWRzXC8yMDE5XC8wOFwvVGludC1Vbml0LURcdTAwZTljb3ItQi1MaWdodC5qcGciLCJzbGlkZXNob3ciOiJkM2UyODVlIn0%3D\">\n\t\t\t\t\t<div class=\"e-gallery-image elementor-gallery-item__image\" data-thumbnail=\"https:\/\/www.portovenere.fr\/fr-fr\/wp-content\/uploads\/2019\/08\/Tint-Unit-D\u00e9cor-B-Light-150x150.jpg\" data-width=\"150\" data-height=\"150\" aria-label=\"\" role=\"img\" ><\/div>\n\t\t\t\t\t\t\t\t\t\t\t<div class=\"elementor-gallery-item__overlay\"><\/div>\n\t\t\t\t\t\t\t\t\t\t\t\t\t\t<\/a>\n\t\t\t\t\t<\/div>\n\t\t\t\t\t<\/div>\n\t\t\t\t<\/div>\n\t\t\t\t<div class=\"elementor-element elementor-element-dc79893 elementor-widget elementor-widget-text-editor\" data-id=\"dc79893\" data-element_type=\"widget\" data-e-type=\"widget\" data-widget_type=\"text-editor.default\">\n\t\t\t\t<div class=\"elementor-widget-container\">\n\t\t\t\t\t\t\t\t\t<p>Carrelage de sol et mur en gr\u00e8s c\u00e9rame aspect b\u00e9ton disponible en 7 coloris et nombreux d\u00e9cors et mosa\u00efques. Votre surface murale devient un v\u00e9ritable \u00e9l\u00e9ment de design. Plusieurs formats disponibles.<\/p>\t\t\t\t\t\t\t\t<\/div>\n\t\t\t\t<\/div>\n\t\t\t\t<div class=\"elementor-element elementor-element-5ba56ea elementor-mobile-align-center elementor-widget elementor-widget-button\" data-id=\"5ba56ea\" data-element_type=\"widget\" data-e-type=\"widget\" data-widget_type=\"button.default\">\n\t\t\t\t<div class=\"elementor-widget-container\">\n\t\t\t\t\t\t\t\t\t<div class=\"elementor-button-wrapper\">\n\t\t\t\t\t<a class=\"elementor-button elementor-button-link elementor-size-sm\" href=\"https:\/\/www.portovenere.fr\/fr-fr\/carrelage-sol-et-mur-en-gres-cerame-et-faience\/carrelage-contemporain-et-design\/carrelage-contemporain-aspect-beton-tint-unit\/\">\n\t\t\t\t\t\t<span class=\"elementor-button-content-wrapper\">\n\t\t\t\t\t\t\t\t\t<span class=\"elementor-button-text\">Voir la collection<\/span>\n\t\t\t\t\t<\/span>\n\t\t\t\t\t<\/a>\n\t\t\t\t<\/div>\n\t\t\t\t\t\t\t\t<\/div>\n\t\t\t\t<\/div>\n\t\t\t\t\t<\/div>\n\t\t<\/div>\n\t\t\t\t\t<\/div>\n\t\t<\/section>\n\t\t\t\t\t<\/div>\n\t\t<\/div>\n\t\t\t\t<div class=\"elementor-column elementor-col-33 elementor-top-column elementor-element elementor-element-edda6e1 elementor-invisible\" data-id=\"edda6e1\" data-element_type=\"column\" data-e-type=\"column\" data-settings=\"{&quot;animation&quot;:&quot;fadeIn&quot;,&quot;background_background&quot;:&quot;classic&quot;}\">\n\t\t\t<div class=\"elementor-widget-wrap elementor-element-populated\">\n\t\t\t\t\t\t<div class=\"elementor-element elementor-element-f1c5ab8 elementor-widget elementor-widget-image\" data-id=\"f1c5ab8\" data-element_type=\"widget\" data-e-type=\"widget\" data-widget_type=\"image.default\">\n\t\t\t\t<div class=\"elementor-widget-container\">\n\t\t\t\t\t\t\t\t\t\t\t\t\t\t\t\t<a href=\"https:\/\/www.portovenere.fr\/fr-fr\/carrelage-sol-et-mur-en-gres-cerame-et-faience\/les-creations-carrelage-decoratif-a-motifs-aspect-carreau-ciment\/carrelage-colore\/carrelage-sol-et-mur-nuances-originales-et-colorees-ame\/\">\n\t\t\t\t\t\t\t<img loading=\"lazy\" decoding=\"async\" width=\"768\" height=\"511\" src=\"https:\/\/www.portovenere.fr\/fr-fr\/wp-content\/uploads\/2020\/12\/Carrelage-colore-et-design-original-Collection-AME_pres_de_Grasse_Alpes-Maritimes_06-768x511.jpg\" class=\"attachment-medium_large size-medium_large wp-image-34481\" alt=\"\" srcset=\"https:\/\/www.portovenere.fr\/fr-fr\/wp-content\/uploads\/2020\/12\/Carrelage-colore-et-design-original-Collection-AME_pres_de_Grasse_Alpes-Maritimes_06-768x511.jpg 768w, https:\/\/www.portovenere.fr\/fr-fr\/wp-content\/uploads\/2020\/12\/Carrelage-colore-et-design-original-Collection-AME_pres_de_Grasse_Alpes-Maritimes_06-300x200.jpg 300w, https:\/\/www.portovenere.fr\/fr-fr\/wp-content\/uploads\/2020\/12\/Carrelage-colore-et-design-original-Collection-AME_pres_de_Grasse_Alpes-Maritimes_06-1024x681.jpg 1024w, https:\/\/www.portovenere.fr\/fr-fr\/wp-content\/uploads\/2020\/12\/Carrelage-colore-et-design-original-Collection-AME_pres_de_Grasse_Alpes-Maritimes_06.jpg 1060w\" sizes=\"(max-width: 768px) 100vw, 768px\" \/>\t\t\t\t\t\t\t\t<\/a>\n\t\t\t\t\t\t\t\t\t\t\t\t\t\t\t<\/div>\n\t\t\t\t<\/div>\n\t\t\t\t<section class=\"elementor-section elementor-inner-section elementor-element elementor-element-16df5c1 elementor-section-boxed elementor-section-height-default elementor-section-height-default elementor-invisible\" data-id=\"16df5c1\" data-element_type=\"section\" data-e-type=\"section\" data-settings=\"{&quot;background_background&quot;:&quot;classic&quot;,&quot;animation&quot;:&quot;fadeIn&quot;}\">\n\t\t\t\t\t\t<div class=\"elementor-container elementor-column-gap-default\">\n\t\t\t\t\t<div class=\"elementor-column elementor-col-100 elementor-inner-column elementor-element elementor-element-fff2b83\" data-id=\"fff2b83\" data-element_type=\"column\" data-e-type=\"column\">\n\t\t\t<div class=\"elementor-widget-wrap elementor-element-populated\">\n\t\t\t\t\t\t<div class=\"elementor-element elementor-element-4c134f4 elementor-widget elementor-widget-heading\" data-id=\"4c134f4\" data-element_type=\"widget\" data-e-type=\"widget\" data-widget_type=\"heading.default\">\n\t\t\t\t<div class=\"elementor-widget-container\">\n\t\t\t\t\t<h3 class=\"elementor-heading-title elementor-size-default\"><a href=\"https:\/\/www.portovenere.fr\/fr-fr\/carrelage-sol-et-mur-en-gres-cerame-et-faience\/les-creations-carrelage-decoratif-a-motifs-aspect-carreau-ciment\/carrelage-colore\/carrelage-sol-et-mur-nuances-originales-et-colorees-ame\/\">\u00c2ME | 3 coloris<\/a><\/h3>\t\t\t\t<\/div>\n\t\t\t\t<\/div>\n\t\t\t\t<div class=\"elementor-element elementor-element-f0d4828 elementor-widget__width-initial elementor-widget elementor-widget-gallery\" data-id=\"f0d4828\" data-element_type=\"widget\" data-e-type=\"widget\" data-settings=\"{&quot;gap&quot;:{&quot;unit&quot;:&quot;px&quot;,&quot;size&quot;:3,&quot;sizes&quot;:[]},&quot;columns_mobile&quot;:3,&quot;gap_mobile&quot;:{&quot;unit&quot;:&quot;px&quot;,&quot;size&quot;:6,&quot;sizes&quot;:[]},&quot;columns&quot;:5,&quot;columns_tablet&quot;:3,&quot;gap_tablet&quot;:{&quot;unit&quot;:&quot;px&quot;,&quot;size&quot;:5,&quot;sizes&quot;:[]},&quot;lazyload&quot;:&quot;yes&quot;,&quot;gallery_layout&quot;:&quot;grid&quot;,&quot;link_to&quot;:&quot;file&quot;,&quot;aspect_ratio&quot;:&quot;3:2&quot;,&quot;overlay_background&quot;:&quot;yes&quot;,&quot;content_hover_animation&quot;:&quot;fade-in&quot;}\" data-widget_type=\"gallery.default\">\n\t\t\t\t<div class=\"elementor-widget-container\">\n\t\t\t\t\t\t\t<div class=\"elementor-gallery__container\">\n\t\t\t\t\t\t\t<a class=\"e-gallery-item elementor-gallery-item elementor-animated-content\" href=\"https:\/\/www.portovenere.fr\/fr-fr\/wp-content\/uploads\/2020\/12\/Carrelage-gris-rose-beige_mur_et_sol_Collection_originale_Ame_pres_de_Avignon_Vaucluse_84.jpg\" data-elementor-open-lightbox=\"yes\" data-elementor-lightbox-slideshow=\"f0d4828\" data-elementor-lightbox-title=\"Carrelage-gris-rose-beige_mur_et_sol_Collection_originale_Ame_pr\u00e8s_de_Avignon_Vaucluse_84\" data-e-action-hash=\"#elementor-action%3Aaction%3Dlightbox%26settings%3DeyJpZCI6MzQ0ODUsInVybCI6Imh0dHBzOlwvXC93d3cucG9ydG92ZW5lcmUuZnJcL2ZyLWZyXC93cC1jb250ZW50XC91cGxvYWRzXC8yMDIwXC8xMlwvQ2FycmVsYWdlLWdyaXMtcm9zZS1iZWlnZV9tdXJfZXRfc29sX0NvbGxlY3Rpb25fb3JpZ2luYWxlX0FtZV9wcmVzX2RlX0F2aWdub25fVmF1Y2x1c2VfODQuanBnIiwic2xpZGVzaG93IjoiZjBkNDgyOCJ9\">\n\t\t\t\t\t<div class=\"e-gallery-image elementor-gallery-item__image\" data-thumbnail=\"https:\/\/www.portovenere.fr\/fr-fr\/wp-content\/uploads\/2020\/12\/Carrelage-gris-rose-beige_mur_et_sol_Collection_originale_Ame_pres_de_Avignon_Vaucluse_84-150x300.jpg\" data-width=\"150\" data-height=\"300\" aria-label=\"\" role=\"img\" ><\/div>\n\t\t\t\t\t\t\t\t\t\t\t<div class=\"elementor-gallery-item__overlay\"><\/div>\n\t\t\t\t\t\t\t\t\t\t\t\t\t\t<\/a>\n\t\t\t\t\t\t\t<a class=\"e-gallery-item elementor-gallery-item elementor-animated-content\" href=\"https:\/\/www.portovenere.fr\/fr-fr\/wp-content\/uploads\/2020\/12\/Carrelage-original-nuance-gris-bleu-beige_mur_et_sol_Collection_originale_Ame_pres_de_Jacou_Herault_34.jpg\" data-elementor-open-lightbox=\"yes\" data-elementor-lightbox-slideshow=\"f0d4828\" data-elementor-lightbox-title=\"Carrelage-original-nuanc\u00e9-gris-bleu-beige_mur_et_sol_Collection_originale_Ame_pr\u00e8s_de_Jacou_H\u00e9rault_34\" data-e-action-hash=\"#elementor-action%3Aaction%3Dlightbox%26settings%3DeyJpZCI6MzQ0ODcsInVybCI6Imh0dHBzOlwvXC93d3cucG9ydG92ZW5lcmUuZnJcL2ZyLWZyXC93cC1jb250ZW50XC91cGxvYWRzXC8yMDIwXC8xMlwvQ2FycmVsYWdlLW9yaWdpbmFsLW51YW5jZS1ncmlzLWJsZXUtYmVpZ2VfbXVyX2V0X3NvbF9Db2xsZWN0aW9uX29yaWdpbmFsZV9BbWVfcHJlc19kZV9KYWNvdV9IZXJhdWx0XzM0LmpwZyIsInNsaWRlc2hvdyI6ImYwZDQ4MjgifQ%3D%3D\">\n\t\t\t\t\t<div class=\"e-gallery-image elementor-gallery-item__image\" data-thumbnail=\"https:\/\/www.portovenere.fr\/fr-fr\/wp-content\/uploads\/2020\/12\/Carrelage-original-nuance-gris-bleu-beige_mur_et_sol_Collection_originale_Ame_pres_de_Jacou_Herault_34-150x300.jpg\" data-width=\"150\" data-height=\"300\" aria-label=\"\" role=\"img\" ><\/div>\n\t\t\t\t\t\t\t\t\t\t\t<div class=\"elementor-gallery-item__overlay\"><\/div>\n\t\t\t\t\t\t\t\t\t\t\t\t\t\t<\/a>\n\t\t\t\t\t\t\t<a class=\"e-gallery-item elementor-gallery-item elementor-animated-content\" href=\"https:\/\/www.portovenere.fr\/fr-fr\/wp-content\/uploads\/2020\/12\/Carrelage-original-multicolor_gres-cerame_mur_et_sol_Collection_originale_Ame_pres_de_Sete_Herault_34.jpg\" data-elementor-open-lightbox=\"yes\" data-elementor-lightbox-slideshow=\"f0d4828\" data-elementor-lightbox-title=\"Carrelage-original-multicolor_gr\u00e8s-c\u00e9rame_mur_et_sol_Collection_originale_Ame_pr\u00e8s_de_S\u00e8te_H\u00e9rault_34\" data-e-action-hash=\"#elementor-action%3Aaction%3Dlightbox%26settings%3DeyJpZCI6MzQ0ODYsInVybCI6Imh0dHBzOlwvXC93d3cucG9ydG92ZW5lcmUuZnJcL2ZyLWZyXC93cC1jb250ZW50XC91cGxvYWRzXC8yMDIwXC8xMlwvQ2FycmVsYWdlLW9yaWdpbmFsLW11bHRpY29sb3JfZ3Jlcy1jZXJhbWVfbXVyX2V0X3NvbF9Db2xsZWN0aW9uX29yaWdpbmFsZV9BbWVfcHJlc19kZV9TZXRlX0hlcmF1bHRfMzQuanBnIiwic2xpZGVzaG93IjoiZjBkNDgyOCJ9\">\n\t\t\t\t\t<div class=\"e-gallery-image elementor-gallery-item__image\" data-thumbnail=\"https:\/\/www.portovenere.fr\/fr-fr\/wp-content\/uploads\/2020\/12\/Carrelage-original-multicolor_gres-cerame_mur_et_sol_Collection_originale_Ame_pres_de_Sete_Herault_34-150x300.jpg\" data-width=\"150\" data-height=\"300\" aria-label=\"\" role=\"img\" ><\/div>\n\t\t\t\t\t\t\t\t\t\t\t<div class=\"elementor-gallery-item__overlay\"><\/div>\n\t\t\t\t\t\t\t\t\t\t\t\t\t\t<\/a>\n\t\t\t\t\t<\/div>\n\t\t\t\t\t<\/div>\n\t\t\t\t<\/div>\n\t\t\t\t<div class=\"elementor-element elementor-element-ccb354e elementor-widget elementor-widget-text-editor\" data-id=\"ccb354e\" data-element_type=\"widget\" data-e-type=\"widget\" data-widget_type=\"text-editor.default\">\n\t\t\t\t<div class=\"elementor-widget-container\">\n\t\t\t\t\t\t\t\t\t<p>Ame est une <b>collection de carrelage<\/b> en <b>gr\u00e8s c\u00e9rame <\/b>aux nuances extraordinaires<b>.<\/b>&nbsp;Ce carrelage se <b>pose au&nbsp;<\/b><span style=\"font-weight: bold;\">sol <\/span><b>et<\/b> <b>au<\/b><span style=\"font-weight: bold;\"> mur en int\u00e9rieur et ext\u00e9rieur.&nbsp;<\/span><\/p>\n<p>La collection \u00c2me apporte beaucoup d&rsquo;originalit\u00e9 dans votre projet de cr\u00e9dence de salle de bain, sol de cuisine, pi\u00e8ce \u00e0 vivre, restaurant, etc.<\/p>\n<p>Une collection riche de 3 coloris sur fond de gris-beige : <b>rose, bleu vert d&rsquo;eau et multicolore<\/b>.&nbsp; 2 formats propos\u00e9s :&nbsp;<b>60&#215;120 cm &amp; 45&#215;90 cm&nbsp;<\/b>ainsi qu&rsquo;une<b> mosa\u00efque 30&#215;30 cm<\/b>&nbsp;\u00e9paisseur 7,4 mm.<\/p>\t\t\t\t\t\t\t\t<\/div>\n\t\t\t\t<\/div>\n\t\t\t\t<div class=\"elementor-element elementor-element-3ea1900 elementor-mobile-align-center elementor-widget elementor-widget-button\" data-id=\"3ea1900\" data-element_type=\"widget\" data-e-type=\"widget\" data-widget_type=\"button.default\">\n\t\t\t\t<div class=\"elementor-widget-container\">\n\t\t\t\t\t\t\t\t\t<div class=\"elementor-button-wrapper\">\n\t\t\t\t\t<a class=\"elementor-button elementor-button-link elementor-size-sm\" href=\"https:\/\/www.portovenere.fr\/fr-fr\/carrelage-sol-et-mur-en-gres-cerame-et-faience\/les-creations-carrelage-decoratif-a-motifs-aspect-carreau-ciment\/carrelage-colore\/carrelage-sol-et-mur-nuances-originales-et-colorees-ame\/\">\n\t\t\t\t\t\t<span class=\"elementor-button-content-wrapper\">\n\t\t\t\t\t\t\t\t\t<span class=\"elementor-button-text\">Voir la collection<\/span>\n\t\t\t\t\t<\/span>\n\t\t\t\t\t<\/a>\n\t\t\t\t<\/div>\n\t\t\t\t\t\t\t\t<\/div>\n\t\t\t\t<\/div>\n\t\t\t\t\t<\/div>\n\t\t<\/div>\n\t\t\t\t\t<\/div>\n\t\t<\/section>\n\t\t\t\t\t<\/div>\n\t\t<\/div>\n\t\t\t\t<div class=\"elementor-column elementor-col-33 elementor-top-column elementor-element elementor-element-9954b03\" data-id=\"9954b03\" data-element_type=\"column\" data-e-type=\"column\">\n\t\t\t<div class=\"elementor-widget-wrap\">\n\t\t\t\t\t\t\t<\/div>\n\t\t<\/div>\n\t\t\t\t\t<\/div>\n\t\t<\/section>\n\t\t\t\t<section class=\"elementor-section elementor-top-section elementor-element elementor-element-55dce16 elementor-section-boxed elementor-section-height-default elementor-section-height-default elementor-invisible\" data-id=\"55dce16\" data-element_type=\"section\" data-e-type=\"section\" data-settings=\"{&quot;animation&quot;:&quot;slideInRight&quot;}\">\n\t\t\t\t\t\t<div class=\"elementor-container elementor-column-gap-default\">\n\t\t\t\t\t<div class=\"elementor-column elementor-col-100 elementor-top-column elementor-element elementor-element-6497ea4\" data-id=\"6497ea4\" data-element_type=\"column\" data-e-type=\"column\">\n\t\t\t<div class=\"elementor-widget-wrap elementor-element-populated\">\n\t\t\t\t\t\t<div class=\"elementor-element elementor-element-0cce6b9 elementor-widget-divider--view-line elementor-widget elementor-widget-divider\" data-id=\"0cce6b9\" data-element_type=\"widget\" data-e-type=\"widget\" data-widget_type=\"divider.default\">\n\t\t\t\t<div class=\"elementor-widget-container\">\n\t\t\t\t\t\t\t<div class=\"elementor-divider\">\n\t\t\t<span class=\"elementor-divider-separator\">\n\t\t\t\t\t\t<\/span>\n\t\t<\/div>\n\t\t\t\t\t\t<\/div>\n\t\t\t\t<\/div>\n\t\t\t\t\t<\/div>\n\t\t<\/div>\n\t\t\t\t\t<\/div>\n\t\t<\/section>\n\t\t\t\t<section class=\"elementor-section elementor-top-section elementor-element elementor-element-33200a7 elementor-section-boxed elementor-section-height-default elementor-section-height-default\" data-id=\"33200a7\" data-element_type=\"section\" data-e-type=\"section\">\n\t\t\t\t\t\t<div class=\"elementor-container elementor-column-gap-default\">\n\t\t\t\t\t<div class=\"elementor-column elementor-col-100 elementor-top-column elementor-element elementor-element-99ea309\" data-id=\"99ea309\" data-element_type=\"column\" data-e-type=\"column\">\n\t\t\t<div class=\"elementor-widget-wrap elementor-element-populated\">\n\t\t\t\t\t\t<div class=\"elementor-element elementor-element-f6fdf2b elementor-invisible elementor-widget elementor-widget-heading\" data-id=\"f6fdf2b\" data-element_type=\"widget\" data-e-type=\"widget\" data-settings=\"{&quot;_animation&quot;:&quot;fadeIn&quot;}\" data-widget_type=\"heading.default\">\n\t\t\t\t<div class=\"elementor-widget-container\">\n\t\t\t\t\t<h3 class=\"elementor-heading-title elementor-size-default\">Carrelage Effet Bois &amp; Parquet<\/h3>\t\t\t\t<\/div>\n\t\t\t\t<\/div>\n\t\t\t\t\t<\/div>\n\t\t<\/div>\n\t\t\t\t\t<\/div>\n\t\t<\/section>\n\t\t\t\t<section class=\"elementor-section elementor-top-section elementor-element elementor-element-d9ce266 elementor-section-boxed elementor-section-height-default elementor-section-height-default elementor-invisible\" data-id=\"d9ce266\" data-element_type=\"section\" data-e-type=\"section\" data-settings=\"{&quot;animation&quot;:&quot;fadeIn&quot;}\">\n\t\t\t\t\t\t<div class=\"elementor-container elementor-column-gap-default\">\n\t\t\t\t\t<div class=\"elementor-column elementor-col-33 elementor-top-column elementor-element elementor-element-18c9652 elementor-invisible\" data-id=\"18c9652\" data-element_type=\"column\" data-e-type=\"column\" data-settings=\"{&quot;animation&quot;:&quot;fadeIn&quot;}\">\n\t\t\t<div class=\"elementor-widget-wrap elementor-element-populated\">\n\t\t\t\t\t\t<div class=\"elementor-element elementor-element-3b2f6ff elementor-widget elementor-widget-image\" data-id=\"3b2f6ff\" data-element_type=\"widget\" data-e-type=\"widget\" data-widget_type=\"image.default\">\n\t\t\t\t<div class=\"elementor-widget-container\">\n\t\t\t\t\t\t\t\t\t\t\t\t\t\t\t\t<a href=\"https:\/\/www.portovenere.fr\/fr-fr\/carrelage-sol-et-mur-en-gres-cerame-et-faience\/carrelage-imitation-parquet-aspect-bois\/carrelage-imitation-parquet-bois-pyrenees\/\">\n\t\t\t\t\t\t\t<img loading=\"lazy\" decoding=\"async\" width=\"768\" height=\"512\" src=\"https:\/\/www.portovenere.fr\/fr-fr\/wp-content\/uploads\/2019\/11\/Carrelage-aspect-parquet-bois-clair-naturel-Pyr\u00e9n\u00e9es-Cream-20x120_Restaurant_Porto_Venere-768x512.jpg\" class=\"attachment-medium_large size-medium_large wp-image-19148\" alt=\"\" srcset=\"https:\/\/www.portovenere.fr\/fr-fr\/wp-content\/uploads\/2019\/11\/Carrelage-aspect-parquet-bois-clair-naturel-Pyr\u00e9n\u00e9es-Cream-20x120_Restaurant_Porto_Venere-768x512.jpg 768w, https:\/\/www.portovenere.fr\/fr-fr\/wp-content\/uploads\/2019\/11\/Carrelage-aspect-parquet-bois-clair-naturel-Pyr\u00e9n\u00e9es-Cream-20x120_Restaurant_Porto_Venere-300x200.jpg 300w, https:\/\/www.portovenere.fr\/fr-fr\/wp-content\/uploads\/2019\/11\/Carrelage-aspect-parquet-bois-clair-naturel-Pyr\u00e9n\u00e9es-Cream-20x120_Restaurant_Porto_Venere-1024x683.jpg 1024w, https:\/\/www.portovenere.fr\/fr-fr\/wp-content\/uploads\/2019\/11\/Carrelage-aspect-parquet-bois-clair-naturel-Pyr\u00e9n\u00e9es-Cream-20x120_Restaurant_Porto_Venere.jpg 1500w\" sizes=\"(max-width: 768px) 100vw, 768px\" \/>\t\t\t\t\t\t\t\t<\/a>\n\t\t\t\t\t\t\t\t\t\t\t\t\t\t\t<\/div>\n\t\t\t\t<\/div>\n\t\t\t\t<section class=\"elementor-section elementor-inner-section elementor-element elementor-element-469e48c elementor-section-boxed elementor-section-height-default elementor-section-height-default elementor-invisible\" data-id=\"469e48c\" data-element_type=\"section\" data-e-type=\"section\" data-settings=\"{&quot;background_background&quot;:&quot;classic&quot;,&quot;animation&quot;:&quot;fadeIn&quot;}\">\n\t\t\t\t\t\t<div class=\"elementor-container elementor-column-gap-default\">\n\t\t\t\t\t<div class=\"elementor-column elementor-col-100 elementor-inner-column elementor-element elementor-element-1684b2d\" data-id=\"1684b2d\" data-element_type=\"column\" data-e-type=\"column\">\n\t\t\t<div class=\"elementor-widget-wrap elementor-element-populated\">\n\t\t\t\t\t\t<div class=\"elementor-element elementor-element-9b56399 elementor-widget elementor-widget-heading\" data-id=\"9b56399\" data-element_type=\"widget\" data-e-type=\"widget\" data-widget_type=\"heading.default\">\n\t\t\t\t<div class=\"elementor-widget-container\">\n\t\t\t\t\t<h3 class=\"elementor-heading-title elementor-size-default\"><a href=\"https:\/\/www.portovenere.fr\/fr-fr\/carrelage-sol-et-mur-en-gres-cerame-et-faience\/carrelage-imitation-parquet-aspect-bois\/carrelage-imitation-parquet-bois-pyrenees\/\">PYR\u00c9N\u00c9ES | 2 coloris<\/a><\/h3>\t\t\t\t<\/div>\n\t\t\t\t<\/div>\n\t\t\t\t<div class=\"elementor-element elementor-element-6ab7a9c elementor-widget__width-initial elementor-widget elementor-widget-gallery\" data-id=\"6ab7a9c\" data-element_type=\"widget\" data-e-type=\"widget\" data-settings=\"{&quot;gap&quot;:{&quot;unit&quot;:&quot;px&quot;,&quot;size&quot;:3,&quot;sizes&quot;:[]},&quot;columns_mobile&quot;:3,&quot;gap_mobile&quot;:{&quot;unit&quot;:&quot;px&quot;,&quot;size&quot;:6,&quot;sizes&quot;:[]},&quot;columns&quot;:5,&quot;columns_tablet&quot;:3,&quot;gap_tablet&quot;:{&quot;unit&quot;:&quot;px&quot;,&quot;size&quot;:5,&quot;sizes&quot;:[]},&quot;lazyload&quot;:&quot;yes&quot;,&quot;gallery_layout&quot;:&quot;grid&quot;,&quot;link_to&quot;:&quot;file&quot;,&quot;aspect_ratio&quot;:&quot;3:2&quot;,&quot;overlay_background&quot;:&quot;yes&quot;,&quot;content_hover_animation&quot;:&quot;fade-in&quot;}\" data-widget_type=\"gallery.default\">\n\t\t\t\t<div class=\"elementor-widget-container\">\n\t\t\t\t\t\t\t<div class=\"elementor-gallery__container\">\n\t\t\t\t\t\t\t<a class=\"e-gallery-item elementor-gallery-item elementor-animated-content\" href=\"https:\/\/www.portovenere.fr\/fr-fr\/wp-content\/uploads\/2019\/11\/Carrelage-imitation-parquet-bois-naturel-Pyr\u00e9n\u00e9es-miel_Honey-20x120.jpg\" data-elementor-open-lightbox=\"yes\" data-elementor-lightbox-slideshow=\"6ab7a9c\" data-elementor-lightbox-title=\"Carrelage-imitation-parquet-bois-naturel-Pyr\u00e9n\u00e9es-miel_Honey-20x120\" data-e-action-hash=\"#elementor-action%3Aaction%3Dlightbox%26settings%3DeyJpZCI6MTkxNDYsInVybCI6Imh0dHBzOlwvXC93d3cucG9ydG92ZW5lcmUuZnJcL2ZyLWZyXC93cC1jb250ZW50XC91cGxvYWRzXC8yMDE5XC8xMVwvQ2FycmVsYWdlLWltaXRhdGlvbi1wYXJxdWV0LWJvaXMtbmF0dXJlbC1QeXJcdTAwZTluXHUwMGU5ZXMtbWllbF9Ib25leS0yMHgxMjAuanBnIiwic2xpZGVzaG93IjoiNmFiN2E5YyJ9\">\n\t\t\t\t\t<div class=\"e-gallery-image elementor-gallery-item__image\" data-thumbnail=\"https:\/\/www.portovenere.fr\/fr-fr\/wp-content\/uploads\/2019\/11\/Carrelage-imitation-parquet-bois-naturel-Pyr\u00e9n\u00e9es-miel_Honey-20x120-150x150.jpg\" data-width=\"150\" data-height=\"150\" aria-label=\"\" role=\"img\" ><\/div>\n\t\t\t\t\t\t\t\t\t\t\t<div class=\"elementor-gallery-item__overlay\"><\/div>\n\t\t\t\t\t\t\t\t\t\t\t\t\t\t<\/a>\n\t\t\t\t\t\t\t<a class=\"e-gallery-item elementor-gallery-item elementor-animated-content\" href=\"https:\/\/www.portovenere.fr\/fr-fr\/wp-content\/uploads\/2019\/11\/Carrelage-imitation-parquet-bois-clair-naturel-Pyr\u00e9n\u00e9es-Cream-20x120.jpg\" data-elementor-open-lightbox=\"yes\" data-elementor-lightbox-slideshow=\"6ab7a9c\" data-elementor-lightbox-title=\"Carrelage-imitation-parquet-bois-clair-naturel-Pyr\u00e9n\u00e9es-Cream-20x120\" data-e-action-hash=\"#elementor-action%3Aaction%3Dlightbox%26settings%3DeyJpZCI6MTkxNDUsInVybCI6Imh0dHBzOlwvXC93d3cucG9ydG92ZW5lcmUuZnJcL2ZyLWZyXC93cC1jb250ZW50XC91cGxvYWRzXC8yMDE5XC8xMVwvQ2FycmVsYWdlLWltaXRhdGlvbi1wYXJxdWV0LWJvaXMtY2xhaXItbmF0dXJlbC1QeXJcdTAwZTluXHUwMGU5ZXMtQ3JlYW0tMjB4MTIwLmpwZyIsInNsaWRlc2hvdyI6IjZhYjdhOWMifQ%3D%3D\">\n\t\t\t\t\t<div class=\"e-gallery-image elementor-gallery-item__image\" data-thumbnail=\"https:\/\/www.portovenere.fr\/fr-fr\/wp-content\/uploads\/2019\/11\/Carrelage-imitation-parquet-bois-clair-naturel-Pyr\u00e9n\u00e9es-Cream-20x120-150x150.jpg\" data-width=\"150\" data-height=\"150\" aria-label=\"\" role=\"img\" ><\/div>\n\t\t\t\t\t\t\t\t\t\t\t<div class=\"elementor-gallery-item__overlay\"><\/div>\n\t\t\t\t\t\t\t\t\t\t\t\t\t\t<\/a>\n\t\t\t\t\t<\/div>\n\t\t\t\t\t<\/div>\n\t\t\t\t<\/div>\n\t\t\t\t<div class=\"elementor-element elementor-element-94fd3ec elementor-widget elementor-widget-text-editor\" data-id=\"94fd3ec\" data-element_type=\"widget\" data-e-type=\"widget\" data-widget_type=\"text-editor.default\">\n\t\t\t\t<div class=\"elementor-widget-container\">\n\t\t\t\t\t\t\t\t\t<p>Une collection de carrelage aspect parquet en bois qui propose 1 format de lames en 20x120cm finition bords rectifi\u00e9s.<\/p>\n<p>Les 2 coloris, Honey (miel) et Cream (cr\u00e8me), offrent 2 tonalit\u00e9s de base claire, qui procurent une tr\u00e8s belle luminosit\u00e9 \u00e0 votre pi\u00e8ce.<\/p>\t\t\t\t\t\t\t\t<\/div>\n\t\t\t\t<\/div>\n\t\t\t\t<div class=\"elementor-element elementor-element-9b6c7cc elementor-mobile-align-center elementor-widget elementor-widget-button\" data-id=\"9b6c7cc\" data-element_type=\"widget\" data-e-type=\"widget\" data-widget_type=\"button.default\">\n\t\t\t\t<div class=\"elementor-widget-container\">\n\t\t\t\t\t\t\t\t\t<div class=\"elementor-button-wrapper\">\n\t\t\t\t\t<a class=\"elementor-button elementor-button-link elementor-size-sm\" href=\"https:\/\/www.portovenere.fr\/fr-fr\/carrelage-sol-et-mur-en-gres-cerame-et-faience\/carrelage-imitation-parquet-aspect-bois\/carrelage-imitation-parquet-bois-pyrenees\/\">\n\t\t\t\t\t\t<span class=\"elementor-button-content-wrapper\">\n\t\t\t\t\t\t\t\t\t<span class=\"elementor-button-text\">Voir la collection<\/span>\n\t\t\t\t\t<\/span>\n\t\t\t\t\t<\/a>\n\t\t\t\t<\/div>\n\t\t\t\t\t\t\t\t<\/div>\n\t\t\t\t<\/div>\n\t\t\t\t\t<\/div>\n\t\t<\/div>\n\t\t\t\t\t<\/div>\n\t\t<\/section>\n\t\t\t\t\t<\/div>\n\t\t<\/div>\n\t\t\t\t<div class=\"elementor-column elementor-col-33 elementor-top-column elementor-element elementor-element-ec4c4b0 elementor-invisible\" data-id=\"ec4c4b0\" data-element_type=\"column\" data-e-type=\"column\" data-settings=\"{&quot;animation&quot;:&quot;fadeIn&quot;,&quot;background_background&quot;:&quot;classic&quot;}\">\n\t\t\t<div class=\"elementor-widget-wrap elementor-element-populated\">\n\t\t\t\t\t\t<div class=\"elementor-element elementor-element-bbbf206 elementor-widget elementor-widget-image\" data-id=\"bbbf206\" data-element_type=\"widget\" data-e-type=\"widget\" data-widget_type=\"image.default\">\n\t\t\t\t<div class=\"elementor-widget-container\">\n\t\t\t\t\t\t\t\t\t\t\t\t\t\t\t\t<a href=\"https:\/\/www.portovenere.fr\/fr-fr\/carrelage-sol-et-mur-en-gres-cerame-et-faience\/carrelage-imitation-parquet-aspect-bois\/lames-aspect-parquet-bois-pour-exterieur-et-interieur-en-ceramique-lucerne\/\">\n\t\t\t\t\t\t\t<img loading=\"lazy\" decoding=\"async\" width=\"768\" height=\"512\" src=\"https:\/\/www.portovenere.fr\/fr-fr\/wp-content\/uploads\/2019\/12\/Carrelage-ext\u00e9rieur-int\u00e9rieur-aspect-plancher-bois_Lucerne-Scottish-terrasse_dalle-20mm-768x512.jpg\" class=\"attachment-medium_large size-medium_large wp-image-21838\" alt=\"\" srcset=\"https:\/\/www.portovenere.fr\/fr-fr\/wp-content\/uploads\/2019\/12\/Carrelage-ext\u00e9rieur-int\u00e9rieur-aspect-plancher-bois_Lucerne-Scottish-terrasse_dalle-20mm-768x512.jpg 768w, https:\/\/www.portovenere.fr\/fr-fr\/wp-content\/uploads\/2019\/12\/Carrelage-ext\u00e9rieur-int\u00e9rieur-aspect-plancher-bois_Lucerne-Scottish-terrasse_dalle-20mm-300x200.jpg 300w, https:\/\/www.portovenere.fr\/fr-fr\/wp-content\/uploads\/2019\/12\/Carrelage-ext\u00e9rieur-int\u00e9rieur-aspect-plancher-bois_Lucerne-Scottish-terrasse_dalle-20mm-1024x683.jpg 1024w, https:\/\/www.portovenere.fr\/fr-fr\/wp-content\/uploads\/2019\/12\/Carrelage-ext\u00e9rieur-int\u00e9rieur-aspect-plancher-bois_Lucerne-Scottish-terrasse_dalle-20mm.jpg 1500w\" sizes=\"(max-width: 768px) 100vw, 768px\" \/>\t\t\t\t\t\t\t\t<\/a>\n\t\t\t\t\t\t\t\t\t\t\t\t\t\t\t<\/div>\n\t\t\t\t<\/div>\n\t\t\t\t<section class=\"elementor-section elementor-inner-section elementor-element elementor-element-207e28e elementor-section-boxed elementor-section-height-default elementor-section-height-default elementor-invisible\" data-id=\"207e28e\" data-element_type=\"section\" data-e-type=\"section\" data-settings=\"{&quot;background_background&quot;:&quot;classic&quot;,&quot;animation&quot;:&quot;fadeIn&quot;}\">\n\t\t\t\t\t\t<div class=\"elementor-container elementor-column-gap-default\">\n\t\t\t\t\t<div class=\"elementor-column elementor-col-100 elementor-inner-column elementor-element elementor-element-8849c42\" data-id=\"8849c42\" data-element_type=\"column\" data-e-type=\"column\">\n\t\t\t<div class=\"elementor-widget-wrap elementor-element-populated\">\n\t\t\t\t\t\t<div class=\"elementor-element elementor-element-2754d51 elementor-widget elementor-widget-heading\" data-id=\"2754d51\" data-element_type=\"widget\" data-e-type=\"widget\" data-widget_type=\"heading.default\">\n\t\t\t\t<div class=\"elementor-widget-container\">\n\t\t\t\t\t<h3 class=\"elementor-heading-title elementor-size-default\"><a href=\"https:\/\/www.portovenere.fr\/fr-fr\/carrelage-sol-et-mur-en-gres-cerame-et-faience\/carrelage-imitation-parquet-aspect-bois\/lames-aspect-parquet-bois-pour-exterieur-et-interieur-en-ceramique-lucerne\/\">LUCERNE | 4 coloris<\/a><\/h3>\t\t\t\t<\/div>\n\t\t\t\t<\/div>\n\t\t\t\t<div class=\"elementor-element elementor-element-22b1df1 elementor-widget__width-initial elementor-widget elementor-widget-gallery\" data-id=\"22b1df1\" data-element_type=\"widget\" data-e-type=\"widget\" data-settings=\"{&quot;gap&quot;:{&quot;unit&quot;:&quot;px&quot;,&quot;size&quot;:3,&quot;sizes&quot;:[]},&quot;columns_mobile&quot;:3,&quot;gap_mobile&quot;:{&quot;unit&quot;:&quot;px&quot;,&quot;size&quot;:6,&quot;sizes&quot;:[]},&quot;columns&quot;:5,&quot;columns_tablet&quot;:3,&quot;gap_tablet&quot;:{&quot;unit&quot;:&quot;px&quot;,&quot;size&quot;:5,&quot;sizes&quot;:[]},&quot;lazyload&quot;:&quot;yes&quot;,&quot;gallery_layout&quot;:&quot;grid&quot;,&quot;link_to&quot;:&quot;file&quot;,&quot;aspect_ratio&quot;:&quot;3:2&quot;,&quot;overlay_background&quot;:&quot;yes&quot;,&quot;content_hover_animation&quot;:&quot;fade-in&quot;}\" data-widget_type=\"gallery.default\">\n\t\t\t\t<div class=\"elementor-widget-container\">\n\t\t\t\t\t\t\t<div class=\"elementor-gallery__container\">\n\t\t\t\t\t\t\t<a class=\"e-gallery-item elementor-gallery-item elementor-animated-content\" href=\"https:\/\/www.portovenere.fr\/fr-fr\/wp-content\/uploads\/2019\/12\/Lucerne-Timber-20mm.jpg\" data-elementor-open-lightbox=\"yes\" data-elementor-lightbox-slideshow=\"22b1df1\" data-elementor-lightbox-title=\"Lucerne Timber 20mm\" data-e-action-hash=\"#elementor-action%3Aaction%3Dlightbox%26settings%3DeyJpZCI6MjE4MzcsInVybCI6Imh0dHBzOlwvXC93d3cucG9ydG92ZW5lcmUuZnJcL2ZyLWZyXC93cC1jb250ZW50XC91cGxvYWRzXC8yMDE5XC8xMlwvTHVjZXJuZS1UaW1iZXItMjBtbS5qcGciLCJzbGlkZXNob3ciOiIyMmIxZGYxIn0%3D\">\n\t\t\t\t\t<div class=\"e-gallery-image elementor-gallery-item__image\" data-thumbnail=\"https:\/\/www.portovenere.fr\/fr-fr\/wp-content\/uploads\/2019\/12\/Lucerne-Timber-20mm-150x150.jpg\" data-width=\"150\" data-height=\"150\" aria-label=\"\" role=\"img\" ><\/div>\n\t\t\t\t\t\t\t\t\t\t\t<div class=\"elementor-gallery-item__overlay\"><\/div>\n\t\t\t\t\t\t\t\t\t\t\t\t\t\t<\/a>\n\t\t\t\t\t\t\t<a class=\"e-gallery-item elementor-gallery-item elementor-animated-content\" href=\"https:\/\/www.portovenere.fr\/fr-fr\/wp-content\/uploads\/2019\/12\/Lucerne-Scottish-20mm.jpg\" data-elementor-open-lightbox=\"yes\" data-elementor-lightbox-slideshow=\"22b1df1\" data-elementor-lightbox-title=\"Lucerne Scottish 20mm\" data-e-action-hash=\"#elementor-action%3Aaction%3Dlightbox%26settings%3DeyJpZCI6MjE4MzYsInVybCI6Imh0dHBzOlwvXC93d3cucG9ydG92ZW5lcmUuZnJcL2ZyLWZyXC93cC1jb250ZW50XC91cGxvYWRzXC8yMDE5XC8xMlwvTHVjZXJuZS1TY290dGlzaC0yMG1tLmpwZyIsInNsaWRlc2hvdyI6IjIyYjFkZjEifQ%3D%3D\">\n\t\t\t\t\t<div class=\"e-gallery-image elementor-gallery-item__image\" data-thumbnail=\"https:\/\/www.portovenere.fr\/fr-fr\/wp-content\/uploads\/2019\/12\/Lucerne-Scottish-20mm-150x150.jpg\" data-width=\"150\" data-height=\"150\" aria-label=\"\" role=\"img\" ><\/div>\n\t\t\t\t\t\t\t\t\t\t\t<div class=\"elementor-gallery-item__overlay\"><\/div>\n\t\t\t\t\t\t\t\t\t\t\t\t\t\t<\/a>\n\t\t\t\t\t\t\t<a class=\"e-gallery-item elementor-gallery-item elementor-animated-content\" href=\"https:\/\/www.portovenere.fr\/fr-fr\/wp-content\/uploads\/2019\/12\/Lucerne-Natur-20mm.jpg\" data-elementor-open-lightbox=\"yes\" data-elementor-lightbox-slideshow=\"22b1df1\" data-elementor-lightbox-title=\"Lucerne Natur 20mm\" data-e-action-hash=\"#elementor-action%3Aaction%3Dlightbox%26settings%3DeyJpZCI6MjE4MzUsInVybCI6Imh0dHBzOlwvXC93d3cucG9ydG92ZW5lcmUuZnJcL2ZyLWZyXC93cC1jb250ZW50XC91cGxvYWRzXC8yMDE5XC8xMlwvTHVjZXJuZS1OYXR1ci0yMG1tLmpwZyIsInNsaWRlc2hvdyI6IjIyYjFkZjEifQ%3D%3D\">\n\t\t\t\t\t<div class=\"e-gallery-image elementor-gallery-item__image\" data-thumbnail=\"https:\/\/www.portovenere.fr\/fr-fr\/wp-content\/uploads\/2019\/12\/Lucerne-Natur-20mm-150x150.jpg\" data-width=\"150\" data-height=\"150\" aria-label=\"\" role=\"img\" ><\/div>\n\t\t\t\t\t\t\t\t\t\t\t<div class=\"elementor-gallery-item__overlay\"><\/div>\n\t\t\t\t\t\t\t\t\t\t\t\t\t\t<\/a>\n\t\t\t\t\t\t\t<a class=\"e-gallery-item elementor-gallery-item elementor-animated-content\" href=\"https:\/\/www.portovenere.fr\/fr-fr\/wp-content\/uploads\/2019\/12\/Lucerne-Land-20mm.jpg\" data-elementor-open-lightbox=\"yes\" data-elementor-lightbox-slideshow=\"22b1df1\" data-elementor-lightbox-title=\"Lucerne Land 20mm\" data-e-action-hash=\"#elementor-action%3Aaction%3Dlightbox%26settings%3DeyJpZCI6MjE4MzQsInVybCI6Imh0dHBzOlwvXC93d3cucG9ydG92ZW5lcmUuZnJcL2ZyLWZyXC93cC1jb250ZW50XC91cGxvYWRzXC8yMDE5XC8xMlwvTHVjZXJuZS1MYW5kLTIwbW0uanBnIiwic2xpZGVzaG93IjoiMjJiMWRmMSJ9\">\n\t\t\t\t\t<div class=\"e-gallery-image elementor-gallery-item__image\" data-thumbnail=\"https:\/\/www.portovenere.fr\/fr-fr\/wp-content\/uploads\/2019\/12\/Lucerne-Land-20mm-150x150.jpg\" data-width=\"150\" data-height=\"150\" aria-label=\"\" role=\"img\" ><\/div>\n\t\t\t\t\t\t\t\t\t\t\t<div class=\"elementor-gallery-item__overlay\"><\/div>\n\t\t\t\t\t\t\t\t\t\t\t\t\t\t<\/a>\n\t\t\t\t\t<\/div>\n\t\t\t\t\t<\/div>\n\t\t\t\t<\/div>\n\t\t\t\t<div class=\"elementor-element elementor-element-580ab8b elementor-widget elementor-widget-text-editor\" data-id=\"580ab8b\" data-element_type=\"widget\" data-e-type=\"widget\" data-widget_type=\"text-editor.default\">\n\t\t\t\t<div class=\"elementor-widget-container\">\n\t\t\t\t\t\t\t\t\t<p><strong>LUCERNE<\/strong>\u00a0est une collection de carrelage imitation lame de\u00a0<b>parquet bois<\/b>\u00a0pour<b>\u00a0int\u00e9rieur et ext\u00e9rieur<\/b>\u00a0d\u00e9clin\u00e9e en\u00a04 teintes\u00a0inspir\u00e9es du\u00a0bois naturel.\u00a0<\/p><p>Ce rev\u00eatement de sol c\u00e9ramique tr\u00e8s r\u00e9sistant est propos\u00e9 dans 7 formats :\u00a020\u00d720 cm, 20\u00d7120 cm, 30\u00d7120 cm, 40\u00d7120 cm, 16\u00d7160 cm, 26\u00d7160 cm, 30\u00d7180 cm.\u00a0Une mosa\u00efque et 2 parements apporte une touche originale \u00e0 vos projets.<\/p><p>Cette collection propose \u00e9galement des\u00a0<b>dalles ext\u00e9rieures<\/b>\u00a0antid\u00e9rapantes\u00a0<b>aspect bois<\/b>\u00a0c\u00e9ramique en\u00a0<b>20mm d\u2019\u00e9paisseur<\/b>\u00a0pour r\u00e9aliser des tours de piscine, une\u00a0terrasse drainante, jardin, all\u00e9e pi\u00e9tonne,\u00a0etc. Retrouvez les pi\u00e8ces de finitions ad\u00e9quates telles que les\u00a0margelles, grilles, plat de marche stri\u00e9, etc.\u00a0<\/p>\t\t\t\t\t\t\t\t<\/div>\n\t\t\t\t<\/div>\n\t\t\t\t<div class=\"elementor-element elementor-element-116b5ed elementor-mobile-align-center elementor-widget elementor-widget-button\" data-id=\"116b5ed\" data-element_type=\"widget\" data-e-type=\"widget\" data-widget_type=\"button.default\">\n\t\t\t\t<div class=\"elementor-widget-container\">\n\t\t\t\t\t\t\t\t\t<div class=\"elementor-button-wrapper\">\n\t\t\t\t\t<a class=\"elementor-button elementor-button-link elementor-size-sm\" href=\"https:\/\/www.portovenere.fr\/fr-fr\/carrelage-sol-et-mur-en-gres-cerame-et-faience\/carrelage-imitation-parquet-aspect-bois\/lames-aspect-parquet-bois-pour-exterieur-et-interieur-en-ceramique-lucerne\/\">\n\t\t\t\t\t\t<span class=\"elementor-button-content-wrapper\">\n\t\t\t\t\t\t\t\t\t<span class=\"elementor-button-text\">Voir la collection<\/span>\n\t\t\t\t\t<\/span>\n\t\t\t\t\t<\/a>\n\t\t\t\t<\/div>\n\t\t\t\t\t\t\t\t<\/div>\n\t\t\t\t<\/div>\n\t\t\t\t\t<\/div>\n\t\t<\/div>\n\t\t\t\t\t<\/div>\n\t\t<\/section>\n\t\t\t\t\t<\/div>\n\t\t<\/div>\n\t\t\t\t<div class=\"elementor-column elementor-col-33 elementor-top-column elementor-element elementor-element-d40ec2f elementor-invisible\" data-id=\"d40ec2f\" data-element_type=\"column\" data-e-type=\"column\" data-settings=\"{&quot;animation&quot;:&quot;fadeIn&quot;,&quot;background_background&quot;:&quot;classic&quot;}\">\n\t\t\t<div class=\"elementor-widget-wrap elementor-element-populated\">\n\t\t\t\t\t\t<div class=\"elementor-element elementor-element-29c70ce elementor-widget elementor-widget-image\" data-id=\"29c70ce\" data-element_type=\"widget\" data-e-type=\"widget\" data-widget_type=\"image.default\">\n\t\t\t\t<div class=\"elementor-widget-container\">\n\t\t\t\t\t\t\t\t\t\t\t\t\t\t\t\t<a href=\"https:\/\/www.portovenere.fr\/fr-fr\/carrelage-sol-et-mur-en-gres-cerame-et-faience\/carrelage-imitation-parquet-aspect-bois\/carrelage-exterieur-et-interieur-imitation-bois-miles\/\">\n\t\t\t\t\t\t\t<img loading=\"lazy\" decoding=\"async\" width=\"768\" height=\"523\" src=\"https:\/\/www.portovenere.fr\/fr-fr\/wp-content\/uploads\/2020\/09\/Carrelage_gres_cerame_imitation_parquet_bois_Miles_Orme-Sbiancato_20x120_pres_de_Saint-Jean-de-Vedas_Herault_34-768x523.jpg\" class=\"attachment-medium_large size-medium_large wp-image-32132\" alt=\"\" srcset=\"https:\/\/www.portovenere.fr\/fr-fr\/wp-content\/uploads\/2020\/09\/Carrelage_gres_cerame_imitation_parquet_bois_Miles_Orme-Sbiancato_20x120_pres_de_Saint-Jean-de-Vedas_Herault_34-768x523.jpg 768w, https:\/\/www.portovenere.fr\/fr-fr\/wp-content\/uploads\/2020\/09\/Carrelage_gres_cerame_imitation_parquet_bois_Miles_Orme-Sbiancato_20x120_pres_de_Saint-Jean-de-Vedas_Herault_34-300x204.jpg 300w, https:\/\/www.portovenere.fr\/fr-fr\/wp-content\/uploads\/2020\/09\/Carrelage_gres_cerame_imitation_parquet_bois_Miles_Orme-Sbiancato_20x120_pres_de_Saint-Jean-de-Vedas_Herault_34.jpg 978w\" sizes=\"(max-width: 768px) 100vw, 768px\" \/>\t\t\t\t\t\t\t\t<\/a>\n\t\t\t\t\t\t\t\t\t\t\t\t\t\t\t<\/div>\n\t\t\t\t<\/div>\n\t\t\t\t<section class=\"elementor-section elementor-inner-section elementor-element elementor-element-e960202 elementor-section-boxed elementor-section-height-default elementor-section-height-default elementor-invisible\" data-id=\"e960202\" data-element_type=\"section\" data-e-type=\"section\" data-settings=\"{&quot;background_background&quot;:&quot;classic&quot;,&quot;animation&quot;:&quot;fadeIn&quot;}\">\n\t\t\t\t\t\t<div class=\"elementor-container elementor-column-gap-default\">\n\t\t\t\t\t<div class=\"elementor-column elementor-col-100 elementor-inner-column elementor-element elementor-element-05f2658\" data-id=\"05f2658\" data-element_type=\"column\" data-e-type=\"column\">\n\t\t\t<div class=\"elementor-widget-wrap elementor-element-populated\">\n\t\t\t\t\t\t<div class=\"elementor-element elementor-element-70af07e elementor-widget elementor-widget-heading\" data-id=\"70af07e\" data-element_type=\"widget\" data-e-type=\"widget\" data-widget_type=\"heading.default\">\n\t\t\t\t<div class=\"elementor-widget-container\">\n\t\t\t\t\t<h3 class=\"elementor-heading-title elementor-size-default\"><a href=\"https:\/\/www.portovenere.fr\/fr-fr\/carrelage-sol-et-mur-en-gres-cerame-et-faience\/carrelage-imitation-parquet-aspect-bois\/carrelage-exterieur-et-interieur-imitation-bois-miles\/\">MILES | 7 coloris &amp; 2 mosa\u00efques<\/a><\/h3>\t\t\t\t<\/div>\n\t\t\t\t<\/div>\n\t\t\t\t<div class=\"elementor-element elementor-element-c2d2c63 elementor-widget__width-initial elementor-widget elementor-widget-gallery\" data-id=\"c2d2c63\" data-element_type=\"widget\" data-e-type=\"widget\" data-settings=\"{&quot;gap&quot;:{&quot;unit&quot;:&quot;px&quot;,&quot;size&quot;:3,&quot;sizes&quot;:[]},&quot;columns_mobile&quot;:3,&quot;gap_mobile&quot;:{&quot;unit&quot;:&quot;px&quot;,&quot;size&quot;:6,&quot;sizes&quot;:[]},&quot;columns&quot;:5,&quot;columns_tablet&quot;:3,&quot;gap_tablet&quot;:{&quot;unit&quot;:&quot;px&quot;,&quot;size&quot;:5,&quot;sizes&quot;:[]},&quot;lazyload&quot;:&quot;yes&quot;,&quot;gallery_layout&quot;:&quot;grid&quot;,&quot;link_to&quot;:&quot;file&quot;,&quot;aspect_ratio&quot;:&quot;3:2&quot;,&quot;overlay_background&quot;:&quot;yes&quot;,&quot;content_hover_animation&quot;:&quot;fade-in&quot;}\" data-widget_type=\"gallery.default\">\n\t\t\t\t<div class=\"elementor-widget-container\">\n\t\t\t\t\t\t\t<div class=\"elementor-gallery__container\">\n\t\t\t\t\t\t\t<a class=\"e-gallery-item elementor-gallery-item elementor-animated-content\" href=\"https:\/\/www.portovenere.fr\/fr-fr\/wp-content\/uploads\/2019\/10\/Carrelage-imitation-planche-bois-ch\u00eane-parquet-naturel-Miles_Scottish-Oak_20x120.jpg\" data-elementor-open-lightbox=\"yes\" data-elementor-lightbox-slideshow=\"c2d2c63\" data-elementor-lightbox-title=\"Carrelage-imitation-planche-bois-ch\u00eane-parquet-naturel-Miles_Scottish-Oak_20x120\" data-e-action-hash=\"#elementor-action%3Aaction%3Dlightbox%26settings%3DeyJpZCI6MTczNjgsInVybCI6Imh0dHBzOlwvXC93d3cucG9ydG92ZW5lcmUuZnJcL2ZyLWZyXC93cC1jb250ZW50XC91cGxvYWRzXC8yMDE5XC8xMFwvQ2FycmVsYWdlLWltaXRhdGlvbi1wbGFuY2hlLWJvaXMtY2hcdTAwZWFuZS1wYXJxdWV0LW5hdHVyZWwtTWlsZXNfU2NvdHRpc2gtT2FrXzIweDEyMC5qcGciLCJzbGlkZXNob3ciOiJjMmQyYzYzIn0%3D\">\n\t\t\t\t\t<div class=\"e-gallery-image elementor-gallery-item__image\" data-thumbnail=\"https:\/\/www.portovenere.fr\/fr-fr\/wp-content\/uploads\/2019\/10\/Carrelage-imitation-planche-bois-ch\u00eane-parquet-naturel-Miles_Scottish-Oak_20x120-150x150.jpg\" data-width=\"150\" data-height=\"150\" aria-label=\"\" role=\"img\" ><\/div>\n\t\t\t\t\t\t\t\t\t\t\t<div class=\"elementor-gallery-item__overlay\"><\/div>\n\t\t\t\t\t\t\t\t\t\t\t\t\t\t<\/a>\n\t\t\t\t\t\t\t<a class=\"e-gallery-item elementor-gallery-item elementor-animated-content\" href=\"https:\/\/www.portovenere.fr\/fr-fr\/wp-content\/uploads\/2019\/10\/Carrelage-imitation-bois-d\u00e9cor-mosa\u00efque-Intarsio-30x30-Miles-Scottish-Oak.jpg\" data-elementor-open-lightbox=\"yes\" data-elementor-lightbox-slideshow=\"c2d2c63\" data-elementor-lightbox-title=\"Carrelage-imitation-bois-d\u00e9cor-mosa\u00efque-Intarsio-30x30-Miles-Scottish-Oak\" data-e-action-hash=\"#elementor-action%3Aaction%3Dlightbox%26settings%3DeyJpZCI6MTczNjQsInVybCI6Imh0dHBzOlwvXC93d3cucG9ydG92ZW5lcmUuZnJcL2ZyLWZyXC93cC1jb250ZW50XC91cGxvYWRzXC8yMDE5XC8xMFwvQ2FycmVsYWdlLWltaXRhdGlvbi1ib2lzLWRcdTAwZTljb3ItbW9zYVx1MDBlZnF1ZS1JbnRhcnNpby0zMHgzMC1NaWxlcy1TY290dGlzaC1PYWsuanBnIiwic2xpZGVzaG93IjoiYzJkMmM2MyJ9\">\n\t\t\t\t\t<div class=\"e-gallery-image elementor-gallery-item__image\" data-thumbnail=\"https:\/\/www.portovenere.fr\/fr-fr\/wp-content\/uploads\/2019\/10\/Carrelage-imitation-bois-d\u00e9cor-mosa\u00efque-Intarsio-30x30-Miles-Scottish-Oak-150x150.jpg\" data-width=\"150\" data-height=\"150\" aria-label=\"\" role=\"img\" ><\/div>\n\t\t\t\t\t\t\t\t\t\t\t<div class=\"elementor-gallery-item__overlay\"><\/div>\n\t\t\t\t\t\t\t\t\t\t\t\t\t\t<\/a>\n\t\t\t\t\t\t\t<a class=\"e-gallery-item elementor-gallery-item elementor-animated-content\" href=\"https:\/\/www.portovenere.fr\/fr-fr\/wp-content\/uploads\/2020\/08\/Carrelage_gres_cerame_imitation_parquet_bois_Miles_Rovere-Ossidato_20x120_pres_de_Lille_Nord.jpg\" data-elementor-open-lightbox=\"yes\" data-elementor-lightbox-slideshow=\"c2d2c63\" data-elementor-lightbox-title=\"Carrelage_gr\u00e8s_c\u00e9rame_imitation_parquet_bois_Miles_Rovere-Ossidato_20x120_pr\u00e8s_de_Lille_Nord\" data-e-action-hash=\"#elementor-action%3Aaction%3Dlightbox%26settings%3DeyJpZCI6MzE3NTAsInVybCI6Imh0dHBzOlwvXC93d3cucG9ydG92ZW5lcmUuZnJcL2ZyLWZyXC93cC1jb250ZW50XC91cGxvYWRzXC8yMDIwXC8wOFwvQ2FycmVsYWdlX2dyZXNfY2VyYW1lX2ltaXRhdGlvbl9wYXJxdWV0X2JvaXNfTWlsZXNfUm92ZXJlLU9zc2lkYXRvXzIweDEyMF9wcmVzX2RlX0xpbGxlX05vcmQuanBnIiwic2xpZGVzaG93IjoiYzJkMmM2MyJ9\">\n\t\t\t\t\t<div class=\"e-gallery-image elementor-gallery-item__image\" data-thumbnail=\"https:\/\/www.portovenere.fr\/fr-fr\/wp-content\/uploads\/2020\/08\/Carrelage_gres_cerame_imitation_parquet_bois_Miles_Rovere-Ossidato_20x120_pres_de_Lille_Nord-150x131.jpg\" data-width=\"150\" data-height=\"131\" aria-label=\"\" role=\"img\" ><\/div>\n\t\t\t\t\t\t\t\t\t\t\t<div class=\"elementor-gallery-item__overlay\"><\/div>\n\t\t\t\t\t\t\t\t\t\t\t\t\t\t<\/a>\n\t\t\t\t\t\t\t<a class=\"e-gallery-item elementor-gallery-item elementor-animated-content\" href=\"https:\/\/www.portovenere.fr\/fr-fr\/wp-content\/uploads\/2020\/08\/Carrelage_gres_cerame_imitation_parquet_bois_Miles_Rovere-Bruno-Ossidato_20x120_proche_de_Royan_Vendee.jpg\" data-elementor-open-lightbox=\"yes\" data-elementor-lightbox-slideshow=\"c2d2c63\" data-elementor-lightbox-title=\"Carrelage_gr\u00e8s_c\u00e9rame_imitation_parquet_bois_Miles_Rovere-Bruno-Ossidato_20x120_proche_de_Royan_Vend\u00e9e\" data-e-action-hash=\"#elementor-action%3Aaction%3Dlightbox%26settings%3DeyJpZCI6MzE3NDgsInVybCI6Imh0dHBzOlwvXC93d3cucG9ydG92ZW5lcmUuZnJcL2ZyLWZyXC93cC1jb250ZW50XC91cGxvYWRzXC8yMDIwXC8wOFwvQ2FycmVsYWdlX2dyZXNfY2VyYW1lX2ltaXRhdGlvbl9wYXJxdWV0X2JvaXNfTWlsZXNfUm92ZXJlLUJydW5vLU9zc2lkYXRvXzIweDEyMF9wcm9jaGVfZGVfUm95YW5fVmVuZGVlLmpwZyIsInNsaWRlc2hvdyI6ImMyZDJjNjMifQ%3D%3D\">\n\t\t\t\t\t<div class=\"e-gallery-image elementor-gallery-item__image\" data-thumbnail=\"https:\/\/www.portovenere.fr\/fr-fr\/wp-content\/uploads\/2020\/08\/Carrelage_gres_cerame_imitation_parquet_bois_Miles_Rovere-Bruno-Ossidato_20x120_proche_de_Royan_Vendee-150x131.jpg\" data-width=\"150\" data-height=\"131\" aria-label=\"\" role=\"img\" ><\/div>\n\t\t\t\t\t\t\t\t\t\t\t<div class=\"elementor-gallery-item__overlay\"><\/div>\n\t\t\t\t\t\t\t\t\t\t\t\t\t\t<\/a>\n\t\t\t\t\t\t\t<a class=\"e-gallery-item elementor-gallery-item elementor-animated-content\" href=\"https:\/\/www.portovenere.fr\/fr-fr\/wp-content\/uploads\/2020\/08\/Carrelage_gres_cerame_imitation_parquet_bois_Miles_Orme-Sbiancato_20x120_pres_de_Lyon_Rhone_69.jpg\" data-elementor-open-lightbox=\"yes\" data-elementor-lightbox-slideshow=\"c2d2c63\" data-elementor-lightbox-title=\"Carrelage_gr\u00e8s_c\u00e9rame_imitation_parquet_bois_Miles_Orme-Sbiancato_20x120_pr\u00e8s_de_Lyon_Rh\u00f4ne_69\" data-e-action-hash=\"#elementor-action%3Aaction%3Dlightbox%26settings%3DeyJpZCI6MzE3NDQsInVybCI6Imh0dHBzOlwvXC93d3cucG9ydG92ZW5lcmUuZnJcL2ZyLWZyXC93cC1jb250ZW50XC91cGxvYWRzXC8yMDIwXC8wOFwvQ2FycmVsYWdlX2dyZXNfY2VyYW1lX2ltaXRhdGlvbl9wYXJxdWV0X2JvaXNfTWlsZXNfT3JtZS1TYmlhbmNhdG9fMjB4MTIwX3ByZXNfZGVfTHlvbl9SaG9uZV82OS5qcGciLCJzbGlkZXNob3ciOiJjMmQyYzYzIn0%3D\">\n\t\t\t\t\t<div class=\"e-gallery-image elementor-gallery-item__image\" data-thumbnail=\"https:\/\/www.portovenere.fr\/fr-fr\/wp-content\/uploads\/2020\/08\/Carrelage_gres_cerame_imitation_parquet_bois_Miles_Orme-Sbiancato_20x120_pres_de_Lyon_Rhone_69-150x131.jpg\" data-width=\"150\" data-height=\"131\" aria-label=\"\" role=\"img\" ><\/div>\n\t\t\t\t\t\t\t\t\t\t\t<div class=\"elementor-gallery-item__overlay\"><\/div>\n\t\t\t\t\t\t\t\t\t\t\t\t\t\t<\/a>\n\t\t\t\t\t\t\t<a class=\"e-gallery-item elementor-gallery-item elementor-animated-content\" href=\"https:\/\/www.portovenere.fr\/fr-fr\/wp-content\/uploads\/2020\/08\/Carrelage_gres_cerame_imitation_parquet_bois_Miles_Orme-Naturale_20x120_proche_de_Aix-en-Provence_13.jpg\" data-elementor-open-lightbox=\"yes\" data-elementor-lightbox-slideshow=\"c2d2c63\" data-elementor-lightbox-title=\"Carrelage_gr\u00e8s_c\u00e9rame_imitation_parquet_bois_Miles_Orme-Naturale_20x120_proche_de_Aix-en-Provence_13\" data-e-action-hash=\"#elementor-action%3Aaction%3Dlightbox%26settings%3DeyJpZCI6MzE3NDMsInVybCI6Imh0dHBzOlwvXC93d3cucG9ydG92ZW5lcmUuZnJcL2ZyLWZyXC93cC1jb250ZW50XC91cGxvYWRzXC8yMDIwXC8wOFwvQ2FycmVsYWdlX2dyZXNfY2VyYW1lX2ltaXRhdGlvbl9wYXJxdWV0X2JvaXNfTWlsZXNfT3JtZS1OYXR1cmFsZV8yMHgxMjBfcHJvY2hlX2RlX0FpeC1lbi1Qcm92ZW5jZV8xMy5qcGciLCJzbGlkZXNob3ciOiJjMmQyYzYzIn0%3D\">\n\t\t\t\t\t<div class=\"e-gallery-image elementor-gallery-item__image\" data-thumbnail=\"https:\/\/www.portovenere.fr\/fr-fr\/wp-content\/uploads\/2020\/08\/Carrelage_gres_cerame_imitation_parquet_bois_Miles_Orme-Naturale_20x120_proche_de_Aix-en-Provence_13-150x131.jpg\" data-width=\"150\" data-height=\"131\" aria-label=\"\" role=\"img\" ><\/div>\n\t\t\t\t\t\t\t\t\t\t\t<div class=\"elementor-gallery-item__overlay\"><\/div>\n\t\t\t\t\t\t\t\t\t\t\t\t\t\t<\/a>\n\t\t\t\t\t\t\t<a class=\"e-gallery-item elementor-gallery-item elementor-animated-content\" href=\"https:\/\/www.portovenere.fr\/fr-fr\/wp-content\/uploads\/2020\/08\/Carrelage_gres_cerame_imitation_parquet_bois_Miles_Orme-Dorato_20x120_pres_de_Clamart_Hauts-de-Seine_92.jpg\" data-elementor-open-lightbox=\"yes\" data-elementor-lightbox-slideshow=\"c2d2c63\" data-elementor-lightbox-title=\"Carrelage_gr\u00e8s_c\u00e9rame_imitation_parquet_bois_Miles_Orme-Dorato_20x120_pr\u00e8s_de_Clamart_Hauts-de-Seine_92\" data-e-action-hash=\"#elementor-action%3Aaction%3Dlightbox%26settings%3DeyJpZCI6MzE3NDEsInVybCI6Imh0dHBzOlwvXC93d3cucG9ydG92ZW5lcmUuZnJcL2ZyLWZyXC93cC1jb250ZW50XC91cGxvYWRzXC8yMDIwXC8wOFwvQ2FycmVsYWdlX2dyZXNfY2VyYW1lX2ltaXRhdGlvbl9wYXJxdWV0X2JvaXNfTWlsZXNfT3JtZS1Eb3JhdG9fMjB4MTIwX3ByZXNfZGVfQ2xhbWFydF9IYXV0cy1kZS1TZWluZV85Mi5qcGciLCJzbGlkZXNob3ciOiJjMmQyYzYzIn0%3D\">\n\t\t\t\t\t<div class=\"e-gallery-image elementor-gallery-item__image\" data-thumbnail=\"https:\/\/www.portovenere.fr\/fr-fr\/wp-content\/uploads\/2020\/08\/Carrelage_gres_cerame_imitation_parquet_bois_Miles_Orme-Dorato_20x120_pres_de_Clamart_Hauts-de-Seine_92-150x131.jpg\" data-width=\"150\" data-height=\"131\" aria-label=\"\" role=\"img\" ><\/div>\n\t\t\t\t\t\t\t\t\t\t\t<div class=\"elementor-gallery-item__overlay\"><\/div>\n\t\t\t\t\t\t\t\t\t\t\t\t\t\t<\/a>\n\t\t\t\t\t\t\t<a class=\"e-gallery-item elementor-gallery-item elementor-animated-content\" href=\"https:\/\/www.portovenere.fr\/fr-fr\/wp-content\/uploads\/2020\/08\/Carrelage_gres_cerame_imitation_parquet_bois_Miles_Orme-Tinto_20x120_pres_de_Cavaillon_Vaucluse.jpg\" data-elementor-open-lightbox=\"yes\" data-elementor-lightbox-slideshow=\"c2d2c63\" data-elementor-lightbox-title=\"Carrelage_gr\u00e8s_c\u00e9rame_imitation_parquet_bois_Miles_Orme-Tinto_20x120_pr\u00e8s_de_Cavaillon_Vaucluse\" data-e-action-hash=\"#elementor-action%3Aaction%3Dlightbox%26settings%3DeyJpZCI6MzE3NDYsInVybCI6Imh0dHBzOlwvXC93d3cucG9ydG92ZW5lcmUuZnJcL2ZyLWZyXC93cC1jb250ZW50XC91cGxvYWRzXC8yMDIwXC8wOFwvQ2FycmVsYWdlX2dyZXNfY2VyYW1lX2ltaXRhdGlvbl9wYXJxdWV0X2JvaXNfTWlsZXNfT3JtZS1UaW50b18yMHgxMjBfcHJlc19kZV9DYXZhaWxsb25fVmF1Y2x1c2UuanBnIiwic2xpZGVzaG93IjoiYzJkMmM2MyJ9\">\n\t\t\t\t\t<div class=\"e-gallery-image elementor-gallery-item__image\" data-thumbnail=\"https:\/\/www.portovenere.fr\/fr-fr\/wp-content\/uploads\/2020\/08\/Carrelage_gres_cerame_imitation_parquet_bois_Miles_Orme-Tinto_20x120_pres_de_Cavaillon_Vaucluse-150x131.jpg\" data-width=\"150\" data-height=\"131\" aria-label=\"\" role=\"img\" ><\/div>\n\t\t\t\t\t\t\t\t\t\t\t<div class=\"elementor-gallery-item__overlay\"><\/div>\n\t\t\t\t\t\t\t\t\t\t\t\t\t\t<\/a>\n\t\t\t\t\t<\/div>\n\t\t\t\t\t<\/div>\n\t\t\t\t<\/div>\n\t\t\t\t<div class=\"elementor-element elementor-element-d165d2c elementor-widget elementor-widget-text-editor\" data-id=\"d165d2c\" data-element_type=\"widget\" data-e-type=\"widget\" data-widget_type=\"text-editor.default\">\n\t\t\t\t<div class=\"elementor-widget-container\">\n\t\t\t\t\t\t\t\t\t<p>Une collection,<b>&nbsp;7 styles<\/b> et de nombreuses possibilit\u00e9s. Une d\u00e9clinaison de teintes de<b> bois d&rsquo;Olme&#8230;<\/b>ou bien encore<b>&nbsp;<\/b>Scottish oaks qui d\u00e9voile une couleur f\u00fbt de <b>ch\u00eane ancien<\/b> pour int\u00e9rieur et ext\u00e9rieur avec des nombreux formats, d\u00e9cors <b>listel<\/b> et <b>mosa\u00efques<\/b> ainsi que des <b>chevrons<\/b>. Son format 20mm antid\u00e9rapant permet la <b>pose en ext\u00e9rieur<\/b>.<\/p>\t\t\t\t\t\t\t\t<\/div>\n\t\t\t\t<\/div>\n\t\t\t\t<div class=\"elementor-element elementor-element-f47c13c elementor-mobile-align-center elementor-widget elementor-widget-button\" data-id=\"f47c13c\" data-element_type=\"widget\" data-e-type=\"widget\" data-widget_type=\"button.default\">\n\t\t\t\t<div class=\"elementor-widget-container\">\n\t\t\t\t\t\t\t\t\t<div class=\"elementor-button-wrapper\">\n\t\t\t\t\t<a class=\"elementor-button elementor-button-link elementor-size-sm\" href=\"https:\/\/www.portovenere.fr\/fr-fr\/carrelage-sol-et-mur-en-gres-cerame-et-faience\/carrelage-imitation-parquet-aspect-bois\/carrelage-exterieur-et-interieur-imitation-bois-miles\/\">\n\t\t\t\t\t\t<span class=\"elementor-button-content-wrapper\">\n\t\t\t\t\t\t\t\t\t<span class=\"elementor-button-text\">Voir la collection<\/span>\n\t\t\t\t\t<\/span>\n\t\t\t\t\t<\/a>\n\t\t\t\t<\/div>\n\t\t\t\t\t\t\t\t<\/div>\n\t\t\t\t<\/div>\n\t\t\t\t\t<\/div>\n\t\t<\/div>\n\t\t\t\t\t<\/div>\n\t\t<\/section>\n\t\t\t\t\t<\/div>\n\t\t<\/div>\n\t\t\t\t\t<\/div>\n\t\t<\/section>\n\t\t\t\t<section class=\"elementor-section elementor-top-section elementor-element elementor-element-71f9544 elementor-section-boxed elementor-section-height-default elementor-section-height-default elementor-invisible\" data-id=\"71f9544\" data-element_type=\"section\" data-e-type=\"section\" data-settings=\"{&quot;animation&quot;:&quot;fadeIn&quot;}\">\n\t\t\t\t\t\t<div class=\"elementor-container elementor-column-gap-default\">\n\t\t\t\t\t<div class=\"elementor-column elementor-col-33 elementor-top-column elementor-element elementor-element-080a85c elementor-invisible\" data-id=\"080a85c\" data-element_type=\"column\" data-e-type=\"column\" data-settings=\"{&quot;animation&quot;:&quot;fadeIn&quot;,&quot;background_background&quot;:&quot;classic&quot;}\">\n\t\t\t<div class=\"elementor-widget-wrap elementor-element-populated\">\n\t\t\t\t\t\t<div class=\"elementor-element elementor-element-05ccfc3 elementor-widget elementor-widget-image\" data-id=\"05ccfc3\" data-element_type=\"widget\" data-e-type=\"widget\" data-widget_type=\"image.default\">\n\t\t\t\t<div class=\"elementor-widget-container\">\n\t\t\t\t\t\t\t\t\t\t\t\t\t\t\t\t<a href=\"https:\/\/www.portovenere.fr\/fr-fr\/carrelage-sol-et-mur-en-gres-cerame-et-faience\/carrelage-imitation-parquet-aspect-bois\/carrelage-contemporain-effet-parquet-authentique-aulne\/\">\n\t\t\t\t\t\t\t<img loading=\"lazy\" decoding=\"async\" width=\"768\" height=\"511\" src=\"https:\/\/www.portovenere.fr\/fr-fr\/wp-content\/uploads\/2019\/12\/Carrelage-salle-de-bain-effet-parquet-bois-nordique-naturel-Aulne-Mondorla-768x511.jpg\" class=\"attachment-medium_large size-medium_large wp-image-20572\" alt=\"\" srcset=\"https:\/\/www.portovenere.fr\/fr-fr\/wp-content\/uploads\/2019\/12\/Carrelage-salle-de-bain-effet-parquet-bois-nordique-naturel-Aulne-Mondorla-768x511.jpg 768w, https:\/\/www.portovenere.fr\/fr-fr\/wp-content\/uploads\/2019\/12\/Carrelage-salle-de-bain-effet-parquet-bois-nordique-naturel-Aulne-Mondorla-300x200.jpg 300w, https:\/\/www.portovenere.fr\/fr-fr\/wp-content\/uploads\/2019\/12\/Carrelage-salle-de-bain-effet-parquet-bois-nordique-naturel-Aulne-Mondorla.jpg 1000w\" sizes=\"(max-width: 768px) 100vw, 768px\" \/>\t\t\t\t\t\t\t\t<\/a>\n\t\t\t\t\t\t\t\t\t\t\t\t\t\t\t<\/div>\n\t\t\t\t<\/div>\n\t\t\t\t<section class=\"elementor-section elementor-inner-section elementor-element elementor-element-be13316 elementor-section-boxed elementor-section-height-default elementor-section-height-default elementor-invisible\" data-id=\"be13316\" data-element_type=\"section\" data-e-type=\"section\" data-settings=\"{&quot;background_background&quot;:&quot;classic&quot;,&quot;animation&quot;:&quot;fadeIn&quot;}\">\n\t\t\t\t\t\t<div class=\"elementor-container elementor-column-gap-default\">\n\t\t\t\t\t<div class=\"elementor-column elementor-col-100 elementor-inner-column elementor-element elementor-element-508f5dd\" data-id=\"508f5dd\" data-element_type=\"column\" data-e-type=\"column\">\n\t\t\t<div class=\"elementor-widget-wrap elementor-element-populated\">\n\t\t\t\t\t\t<div class=\"elementor-element elementor-element-3e6589a elementor-widget elementor-widget-heading\" data-id=\"3e6589a\" data-element_type=\"widget\" data-e-type=\"widget\" data-widget_type=\"heading.default\">\n\t\t\t\t<div class=\"elementor-widget-container\">\n\t\t\t\t\t<h3 class=\"elementor-heading-title elementor-size-default\"><a href=\"https:\/\/www.portovenere.fr\/fr-fr\/carrelage-sol-et-mur-en-gres-cerame-et-faience\/carrelage-imitation-parquet-aspect-bois\/carrelage-contemporain-effet-parquet-authentique-aulne\/\">AULNE | 5 coloris<\/a><\/h3>\t\t\t\t<\/div>\n\t\t\t\t<\/div>\n\t\t\t\t<div class=\"elementor-element elementor-element-47d44e5 elementor-widget__width-initial elementor-widget elementor-widget-gallery\" data-id=\"47d44e5\" data-element_type=\"widget\" data-e-type=\"widget\" data-settings=\"{&quot;gap&quot;:{&quot;unit&quot;:&quot;px&quot;,&quot;size&quot;:3,&quot;sizes&quot;:[]},&quot;columns_mobile&quot;:3,&quot;gap_mobile&quot;:{&quot;unit&quot;:&quot;px&quot;,&quot;size&quot;:6,&quot;sizes&quot;:[]},&quot;columns&quot;:5,&quot;columns_tablet&quot;:3,&quot;gap_tablet&quot;:{&quot;unit&quot;:&quot;px&quot;,&quot;size&quot;:5,&quot;sizes&quot;:[]},&quot;lazyload&quot;:&quot;yes&quot;,&quot;gallery_layout&quot;:&quot;grid&quot;,&quot;link_to&quot;:&quot;file&quot;,&quot;aspect_ratio&quot;:&quot;3:2&quot;,&quot;overlay_background&quot;:&quot;yes&quot;,&quot;content_hover_animation&quot;:&quot;fade-in&quot;}\" data-widget_type=\"gallery.default\">\n\t\t\t\t<div class=\"elementor-widget-container\">\n\t\t\t\t\t\t\t<div class=\"elementor-gallery__container\">\n\t\t\t\t\t\t\t<a class=\"e-gallery-item elementor-gallery-item elementor-animated-content\" href=\"https:\/\/www.portovenere.fr\/fr-fr\/wp-content\/uploads\/2019\/10\/Carrelage-effet-parquet-bois-Aulne-Vaniglia.jpg\" data-elementor-open-lightbox=\"yes\" data-elementor-lightbox-slideshow=\"47d44e5\" data-elementor-lightbox-title=\"Carrelage effet parquet bois Aulne Vaniglia\" data-e-action-hash=\"#elementor-action%3Aaction%3Dlightbox%26settings%3DeyJpZCI6MTYxNjUsInVybCI6Imh0dHBzOlwvXC93d3cucG9ydG92ZW5lcmUuZnJcL2ZyLWZyXC93cC1jb250ZW50XC91cGxvYWRzXC8yMDE5XC8xMFwvQ2FycmVsYWdlLWVmZmV0LXBhcnF1ZXQtYm9pcy1BdWxuZS1WYW5pZ2xpYS5qcGciLCJzbGlkZXNob3ciOiI0N2Q0NGU1In0%3D\">\n\t\t\t\t\t<div class=\"e-gallery-image elementor-gallery-item__image\" data-thumbnail=\"https:\/\/www.portovenere.fr\/fr-fr\/wp-content\/uploads\/2019\/10\/Carrelage-effet-parquet-bois-Aulne-Vaniglia-150x150.jpg\" data-width=\"150\" data-height=\"150\" aria-label=\"\" role=\"img\" ><\/div>\n\t\t\t\t\t\t\t\t\t\t\t<div class=\"elementor-gallery-item__overlay\"><\/div>\n\t\t\t\t\t\t\t\t\t\t\t\t\t\t<\/a>\n\t\t\t\t\t\t\t<a class=\"e-gallery-item elementor-gallery-item elementor-animated-content\" href=\"https:\/\/www.portovenere.fr\/fr-fr\/wp-content\/uploads\/2019\/10\/Carrelage-effet-parquet-bois-Aulne-Puro.jpg\" data-elementor-open-lightbox=\"yes\" data-elementor-lightbox-slideshow=\"47d44e5\" data-elementor-lightbox-title=\"Carrelage effet parquet bois Aulne Puro\" data-e-action-hash=\"#elementor-action%3Aaction%3Dlightbox%26settings%3DeyJpZCI6MTYxNjQsInVybCI6Imh0dHBzOlwvXC93d3cucG9ydG92ZW5lcmUuZnJcL2ZyLWZyXC93cC1jb250ZW50XC91cGxvYWRzXC8yMDE5XC8xMFwvQ2FycmVsYWdlLWVmZmV0LXBhcnF1ZXQtYm9pcy1BdWxuZS1QdXJvLmpwZyIsInNsaWRlc2hvdyI6IjQ3ZDQ0ZTUifQ%3D%3D\">\n\t\t\t\t\t<div class=\"e-gallery-image elementor-gallery-item__image\" data-thumbnail=\"https:\/\/www.portovenere.fr\/fr-fr\/wp-content\/uploads\/2019\/10\/Carrelage-effet-parquet-bois-Aulne-Puro-150x150.jpg\" data-width=\"150\" data-height=\"150\" aria-label=\"\" role=\"img\" ><\/div>\n\t\t\t\t\t\t\t\t\t\t\t<div class=\"elementor-gallery-item__overlay\"><\/div>\n\t\t\t\t\t\t\t\t\t\t\t\t\t\t<\/a>\n\t\t\t\t\t\t\t<a class=\"e-gallery-item elementor-gallery-item elementor-animated-content\" href=\"https:\/\/www.portovenere.fr\/fr-fr\/wp-content\/uploads\/2019\/10\/Carrelage-effet-parquet-bois-Aulne-Plumbeo.jpg\" data-elementor-open-lightbox=\"yes\" data-elementor-lightbox-slideshow=\"47d44e5\" data-elementor-lightbox-title=\"Carrelage effet parquet bois Aulne Plumbeo\" data-e-action-hash=\"#elementor-action%3Aaction%3Dlightbox%26settings%3DeyJpZCI6MTYxNjMsInVybCI6Imh0dHBzOlwvXC93d3cucG9ydG92ZW5lcmUuZnJcL2ZyLWZyXC93cC1jb250ZW50XC91cGxvYWRzXC8yMDE5XC8xMFwvQ2FycmVsYWdlLWVmZmV0LXBhcnF1ZXQtYm9pcy1BdWxuZS1QbHVtYmVvLmpwZyIsInNsaWRlc2hvdyI6IjQ3ZDQ0ZTUifQ%3D%3D\">\n\t\t\t\t\t<div class=\"e-gallery-image elementor-gallery-item__image\" data-thumbnail=\"https:\/\/www.portovenere.fr\/fr-fr\/wp-content\/uploads\/2019\/10\/Carrelage-effet-parquet-bois-Aulne-Plumbeo-150x150.jpg\" data-width=\"150\" data-height=\"150\" aria-label=\"\" role=\"img\" ><\/div>\n\t\t\t\t\t\t\t\t\t\t\t<div class=\"elementor-gallery-item__overlay\"><\/div>\n\t\t\t\t\t\t\t\t\t\t\t\t\t\t<\/a>\n\t\t\t\t\t\t\t<a class=\"e-gallery-item elementor-gallery-item elementor-animated-content\" href=\"https:\/\/www.portovenere.fr\/fr-fr\/wp-content\/uploads\/2019\/10\/Carrelage-effet-parquet-bois-Aulne-Neutro.jpg\" data-elementor-open-lightbox=\"yes\" data-elementor-lightbox-slideshow=\"47d44e5\" data-elementor-lightbox-title=\"Carrelage effet parquet bois Aulne Neutro\" data-e-action-hash=\"#elementor-action%3Aaction%3Dlightbox%26settings%3DeyJpZCI6MTYxNjIsInVybCI6Imh0dHBzOlwvXC93d3cucG9ydG92ZW5lcmUuZnJcL2ZyLWZyXC93cC1jb250ZW50XC91cGxvYWRzXC8yMDE5XC8xMFwvQ2FycmVsYWdlLWVmZmV0LXBhcnF1ZXQtYm9pcy1BdWxuZS1OZXV0cm8uanBnIiwic2xpZGVzaG93IjoiNDdkNDRlNSJ9\">\n\t\t\t\t\t<div class=\"e-gallery-image elementor-gallery-item__image\" data-thumbnail=\"https:\/\/www.portovenere.fr\/fr-fr\/wp-content\/uploads\/2019\/10\/Carrelage-effet-parquet-bois-Aulne-Neutro-150x150.jpg\" data-width=\"150\" data-height=\"150\" aria-label=\"\" role=\"img\" ><\/div>\n\t\t\t\t\t\t\t\t\t\t\t<div class=\"elementor-gallery-item__overlay\"><\/div>\n\t\t\t\t\t\t\t\t\t\t\t\t\t\t<\/a>\n\t\t\t\t\t\t\t<a class=\"e-gallery-item elementor-gallery-item elementor-animated-content\" href=\"https:\/\/www.portovenere.fr\/fr-fr\/wp-content\/uploads\/2019\/10\/Carrelage-effet-parquet-bois-Aulne-Mandorla.jpg\" data-elementor-open-lightbox=\"yes\" data-elementor-lightbox-slideshow=\"47d44e5\" data-elementor-lightbox-title=\"Carrelage effet parquet bois Aulne Mandorla\" data-e-action-hash=\"#elementor-action%3Aaction%3Dlightbox%26settings%3DeyJpZCI6MTYxNjEsInVybCI6Imh0dHBzOlwvXC93d3cucG9ydG92ZW5lcmUuZnJcL2ZyLWZyXC93cC1jb250ZW50XC91cGxvYWRzXC8yMDE5XC8xMFwvQ2FycmVsYWdlLWVmZmV0LXBhcnF1ZXQtYm9pcy1BdWxuZS1NYW5kb3JsYS5qcGciLCJzbGlkZXNob3ciOiI0N2Q0NGU1In0%3D\">\n\t\t\t\t\t<div class=\"e-gallery-image elementor-gallery-item__image\" data-thumbnail=\"https:\/\/www.portovenere.fr\/fr-fr\/wp-content\/uploads\/2019\/10\/Carrelage-effet-parquet-bois-Aulne-Mandorla-150x150.jpg\" data-width=\"150\" data-height=\"150\" aria-label=\"\" role=\"img\" ><\/div>\n\t\t\t\t\t\t\t\t\t\t\t<div class=\"elementor-gallery-item__overlay\"><\/div>\n\t\t\t\t\t\t\t\t\t\t\t\t\t\t<\/a>\n\t\t\t\t\t<\/div>\n\t\t\t\t\t<\/div>\n\t\t\t\t<\/div>\n\t\t\t\t<div class=\"elementor-element elementor-element-db83c34 elementor-widget elementor-widget-text-editor\" data-id=\"db83c34\" data-element_type=\"widget\" data-e-type=\"widget\" data-widget_type=\"text-editor.default\">\n\t\t\t\t<div class=\"elementor-widget-container\">\n\t\t\t\t\t\t\t\t\t<p>Collection de carrelage en gr\u00e8s c\u00e9rame \u00e0 l&rsquo;aspect parquet bois authentique. D\u00e9clin\u00e9e en 5 coloris en format 20&#215;120 cm, cette collection propose une surface naturelle opaque et douce et une surface antid\u00e9rapante class\u00e9e R11 A+B+C. Le carrelage Aulne est dot\u00e9 de caract\u00e9ristiques r\u00e9sistantes \u00e0 un fort trafic.<\/p>\n<p>Un d\u00e9cor mix de 6 couleurs brillantes vient apporter une touche cr\u00e9ative et originale \u00e0 votre projet.<\/p>\t\t\t\t\t\t\t\t<\/div>\n\t\t\t\t<\/div>\n\t\t\t\t<div class=\"elementor-element elementor-element-de04ac8 elementor-mobile-align-center elementor-widget elementor-widget-button\" data-id=\"de04ac8\" data-element_type=\"widget\" data-e-type=\"widget\" data-widget_type=\"button.default\">\n\t\t\t\t<div class=\"elementor-widget-container\">\n\t\t\t\t\t\t\t\t\t<div class=\"elementor-button-wrapper\">\n\t\t\t\t\t<a class=\"elementor-button elementor-button-link elementor-size-sm\" href=\"https:\/\/www.portovenere.fr\/fr-fr\/carrelage-sol-et-mur-en-gres-cerame-et-faience\/carrelage-imitation-parquet-aspect-bois\/carrelage-contemporain-effet-parquet-authentique-aulne\/\">\n\t\t\t\t\t\t<span class=\"elementor-button-content-wrapper\">\n\t\t\t\t\t\t\t\t\t<span class=\"elementor-button-text\">Voir la collection<\/span>\n\t\t\t\t\t<\/span>\n\t\t\t\t\t<\/a>\n\t\t\t\t<\/div>\n\t\t\t\t\t\t\t\t<\/div>\n\t\t\t\t<\/div>\n\t\t\t\t\t<\/div>\n\t\t<\/div>\n\t\t\t\t\t<\/div>\n\t\t<\/section>\n\t\t\t\t\t<\/div>\n\t\t<\/div>\n\t\t\t\t<div class=\"elementor-column elementor-col-33 elementor-top-column elementor-element elementor-element-9511fc6 elementor-invisible\" data-id=\"9511fc6\" data-element_type=\"column\" data-e-type=\"column\" data-settings=\"{&quot;animation&quot;:&quot;fadeIn&quot;,&quot;background_background&quot;:&quot;classic&quot;}\">\n\t\t\t<div class=\"elementor-widget-wrap elementor-element-populated\">\n\t\t\t\t\t\t<div class=\"elementor-element elementor-element-cb29f0c elementor-widget elementor-widget-image\" data-id=\"cb29f0c\" data-element_type=\"widget\" data-e-type=\"widget\" data-widget_type=\"image.default\">\n\t\t\t\t<div class=\"elementor-widget-container\">\n\t\t\t\t\t\t\t\t\t\t\t\t\t\t\t\t<a href=\"https:\/\/www.portovenere.fr\/fr-fr\/carrelage-sol-et-mur-en-gres-cerame-et-faience\/carrelage-imitation-parquet-aspect-bois\/carrelage-effet-lame-de-bois-irreguliere-pour-sol-et-mur-rigo\/\">\n\t\t\t\t\t\t\t<img loading=\"lazy\" decoding=\"async\" width=\"768\" height=\"488\" src=\"https:\/\/www.portovenere.fr\/fr-fr\/wp-content\/uploads\/2020\/08\/Carrelage_Lames_Bois_Peint_Blanc_Rigo_White_pres_de_Meze_Herault_34-768x488.jpg\" class=\"attachment-medium_large size-medium_large wp-image-31834\" alt=\"\" srcset=\"https:\/\/www.portovenere.fr\/fr-fr\/wp-content\/uploads\/2020\/08\/Carrelage_Lames_Bois_Peint_Blanc_Rigo_White_pres_de_Meze_Herault_34-768x488.jpg 768w, https:\/\/www.portovenere.fr\/fr-fr\/wp-content\/uploads\/2020\/08\/Carrelage_Lames_Bois_Peint_Blanc_Rigo_White_pres_de_Meze_Herault_34-300x191.jpg 300w, https:\/\/www.portovenere.fr\/fr-fr\/wp-content\/uploads\/2020\/08\/Carrelage_Lames_Bois_Peint_Blanc_Rigo_White_pres_de_Meze_Herault_34.jpg 792w\" sizes=\"(max-width: 768px) 100vw, 768px\" \/>\t\t\t\t\t\t\t\t<\/a>\n\t\t\t\t\t\t\t\t\t\t\t\t\t\t\t<\/div>\n\t\t\t\t<\/div>\n\t\t\t\t<section class=\"elementor-section elementor-inner-section elementor-element elementor-element-3b1baac elementor-section-boxed elementor-section-height-default elementor-section-height-default elementor-invisible\" data-id=\"3b1baac\" data-element_type=\"section\" data-e-type=\"section\" data-settings=\"{&quot;background_background&quot;:&quot;classic&quot;,&quot;animation&quot;:&quot;fadeIn&quot;}\">\n\t\t\t\t\t\t<div class=\"elementor-container elementor-column-gap-default\">\n\t\t\t\t\t<div class=\"elementor-column elementor-col-100 elementor-inner-column elementor-element elementor-element-4682c36\" data-id=\"4682c36\" data-element_type=\"column\" data-e-type=\"column\">\n\t\t\t<div class=\"elementor-widget-wrap elementor-element-populated\">\n\t\t\t\t\t\t<div class=\"elementor-element elementor-element-afa279a elementor-widget elementor-widget-heading\" data-id=\"afa279a\" data-element_type=\"widget\" data-e-type=\"widget\" data-widget_type=\"heading.default\">\n\t\t\t\t<div class=\"elementor-widget-container\">\n\t\t\t\t\t<h3 class=\"elementor-heading-title elementor-size-default\"><a href=\"https:\/\/www.portovenere.fr\/fr-fr\/carrelage-sol-et-mur-en-gres-cerame-et-faience\/carrelage-imitation-parquet-aspect-bois\/carrelage-effet-lame-de-bois-irreguliere-pour-sol-et-mur-rigo\/\">RIGO  | 4 coloris<\/a><\/h3>\t\t\t\t<\/div>\n\t\t\t\t<\/div>\n\t\t\t\t<div class=\"elementor-element elementor-element-cee3524 elementor-widget__width-initial elementor-widget elementor-widget-gallery\" data-id=\"cee3524\" data-element_type=\"widget\" data-e-type=\"widget\" data-settings=\"{&quot;gap&quot;:{&quot;unit&quot;:&quot;px&quot;,&quot;size&quot;:3,&quot;sizes&quot;:[]},&quot;columns_mobile&quot;:3,&quot;gap_mobile&quot;:{&quot;unit&quot;:&quot;px&quot;,&quot;size&quot;:6,&quot;sizes&quot;:[]},&quot;columns&quot;:5,&quot;columns_tablet&quot;:3,&quot;gap_tablet&quot;:{&quot;unit&quot;:&quot;px&quot;,&quot;size&quot;:5,&quot;sizes&quot;:[]},&quot;lazyload&quot;:&quot;yes&quot;,&quot;gallery_layout&quot;:&quot;grid&quot;,&quot;link_to&quot;:&quot;file&quot;,&quot;aspect_ratio&quot;:&quot;3:2&quot;,&quot;overlay_background&quot;:&quot;yes&quot;,&quot;content_hover_animation&quot;:&quot;fade-in&quot;}\" data-widget_type=\"gallery.default\">\n\t\t\t\t<div class=\"elementor-widget-container\">\n\t\t\t\t\t\t\t<div class=\"elementor-gallery__container\">\n\t\t\t\t\t\t\t<a class=\"e-gallery-item elementor-gallery-item elementor-animated-content\" href=\"https:\/\/www.portovenere.fr\/fr-fr\/wp-content\/uploads\/2020\/08\/Carrelage_Lames_Bois_Peint_Taupe_Rigo_Mud_pres_de_Beziers_Herault_34.jpg\" data-elementor-open-lightbox=\"yes\" data-elementor-lightbox-slideshow=\"cee3524\" data-elementor-lightbox-title=\"Carrelage_Lames_Bois_Peint_Taupe_Rigo_Mud_pr\u00e8s_de_B\u00e9ziers_H\u00e9rault_34\" data-e-action-hash=\"#elementor-action%3Aaction%3Dlightbox%26settings%3DeyJpZCI6MzE4MzAsInVybCI6Imh0dHBzOlwvXC93d3cucG9ydG92ZW5lcmUuZnJcL2ZyLWZyXC93cC1jb250ZW50XC91cGxvYWRzXC8yMDIwXC8wOFwvQ2FycmVsYWdlX0xhbWVzX0JvaXNfUGVpbnRfVGF1cGVfUmlnb19NdWRfcHJlc19kZV9CZXppZXJzX0hlcmF1bHRfMzQuanBnIiwic2xpZGVzaG93IjoiY2VlMzUyNCJ9\">\n\t\t\t\t\t<div class=\"e-gallery-image elementor-gallery-item__image\" data-thumbnail=\"https:\/\/www.portovenere.fr\/fr-fr\/wp-content\/uploads\/2020\/08\/Carrelage_Lames_Bois_Peint_Taupe_Rigo_Mud_pres_de_Beziers_Herault_34-150x150.jpg\" data-width=\"150\" data-height=\"150\" aria-label=\"\" role=\"img\" ><\/div>\n\t\t\t\t\t\t\t\t\t\t\t<div class=\"elementor-gallery-item__overlay\"><\/div>\n\t\t\t\t\t\t\t\t\t\t\t\t\t\t<\/a>\n\t\t\t\t\t\t\t<a class=\"e-gallery-item elementor-gallery-item elementor-animated-content\" href=\"https:\/\/www.portovenere.fr\/fr-fr\/wp-content\/uploads\/2020\/08\/Carrelage_Lames_Bois_Peint_Noir_Rigo_Black_pres_de_Saint-Aunes_Herault_34.jpg\" data-elementor-open-lightbox=\"yes\" data-elementor-lightbox-slideshow=\"cee3524\" data-elementor-lightbox-title=\"Carrelage_Lames_Bois_Peint_Noir_Rigo_Black_pr\u00e8s_de_Saint-Aun\u00e8s_H\u00e9rault_34\" data-e-action-hash=\"#elementor-action%3Aaction%3Dlightbox%26settings%3DeyJpZCI6MzE4MjksInVybCI6Imh0dHBzOlwvXC93d3cucG9ydG92ZW5lcmUuZnJcL2ZyLWZyXC93cC1jb250ZW50XC91cGxvYWRzXC8yMDIwXC8wOFwvQ2FycmVsYWdlX0xhbWVzX0JvaXNfUGVpbnRfTm9pcl9SaWdvX0JsYWNrX3ByZXNfZGVfU2FpbnQtQXVuZXNfSGVyYXVsdF8zNC5qcGciLCJzbGlkZXNob3ciOiJjZWUzNTI0In0%3D\">\n\t\t\t\t\t<div class=\"e-gallery-image elementor-gallery-item__image\" data-thumbnail=\"https:\/\/www.portovenere.fr\/fr-fr\/wp-content\/uploads\/2020\/08\/Carrelage_Lames_Bois_Peint_Noir_Rigo_Black_pres_de_Saint-Aunes_Herault_34-150x150.jpg\" data-width=\"150\" data-height=\"150\" aria-label=\"\" role=\"img\" ><\/div>\n\t\t\t\t\t\t\t\t\t\t\t<div class=\"elementor-gallery-item__overlay\"><\/div>\n\t\t\t\t\t\t\t\t\t\t\t\t\t\t<\/a>\n\t\t\t\t\t\t\t<a class=\"e-gallery-item elementor-gallery-item elementor-animated-content\" href=\"https:\/\/www.portovenere.fr\/fr-fr\/wp-content\/uploads\/2020\/08\/Carrelage_Lames_Bois_Peint_Blanc_Rigo_White_pres_de_Jacou_Herault_34.jpg\" data-elementor-open-lightbox=\"yes\" data-elementor-lightbox-slideshow=\"cee3524\" data-elementor-lightbox-title=\"Carrelage_Lames_Bois_Peint_Blanc_Rigo_White_pr\u00e8s_de_Jacou_H\u00e9rault_34\" data-e-action-hash=\"#elementor-action%3Aaction%3Dlightbox%26settings%3DeyJpZCI6MzE4MjMsInVybCI6Imh0dHBzOlwvXC93d3cucG9ydG92ZW5lcmUuZnJcL2ZyLWZyXC93cC1jb250ZW50XC91cGxvYWRzXC8yMDIwXC8wOFwvQ2FycmVsYWdlX0xhbWVzX0JvaXNfUGVpbnRfQmxhbmNfUmlnb19XaGl0ZV9wcmVzX2RlX0phY291X0hlcmF1bHRfMzQuanBnIiwic2xpZGVzaG93IjoiY2VlMzUyNCJ9\">\n\t\t\t\t\t<div class=\"e-gallery-image elementor-gallery-item__image\" data-thumbnail=\"https:\/\/www.portovenere.fr\/fr-fr\/wp-content\/uploads\/2020\/08\/Carrelage_Lames_Bois_Peint_Blanc_Rigo_White_pres_de_Jacou_Herault_34-150x150.jpg\" data-width=\"150\" data-height=\"150\" aria-label=\"\" role=\"img\" ><\/div>\n\t\t\t\t\t\t\t\t\t\t\t<div class=\"elementor-gallery-item__overlay\"><\/div>\n\t\t\t\t\t\t\t\t\t\t\t\t\t\t<\/a>\n\t\t\t\t\t\t\t<a class=\"e-gallery-item elementor-gallery-item elementor-animated-content\" href=\"https:\/\/www.portovenere.fr\/fr-fr\/wp-content\/uploads\/2020\/08\/Carrelage_Lames_Bois_Peint_Gris_Rigo_Grey_pres_de_Les_Matelles_Herault_34.jpg\" data-elementor-open-lightbox=\"yes\" data-elementor-lightbox-slideshow=\"cee3524\" data-elementor-lightbox-title=\"Carrelage_Lames_Bois_Peint_Gris_Rigo_Grey_pr\u00e8s_de_Les_Matelles_H\u00e9rault_34\" data-e-action-hash=\"#elementor-action%3Aaction%3Dlightbox%26settings%3DeyJpZCI6MzE4MjUsInVybCI6Imh0dHBzOlwvXC93d3cucG9ydG92ZW5lcmUuZnJcL2ZyLWZyXC93cC1jb250ZW50XC91cGxvYWRzXC8yMDIwXC8wOFwvQ2FycmVsYWdlX0xhbWVzX0JvaXNfUGVpbnRfR3Jpc19SaWdvX0dyZXlfcHJlc19kZV9MZXNfTWF0ZWxsZXNfSGVyYXVsdF8zNC5qcGciLCJzbGlkZXNob3ciOiJjZWUzNTI0In0%3D\">\n\t\t\t\t\t<div class=\"e-gallery-image elementor-gallery-item__image\" data-thumbnail=\"https:\/\/www.portovenere.fr\/fr-fr\/wp-content\/uploads\/2020\/08\/Carrelage_Lames_Bois_Peint_Gris_Rigo_Grey_pres_de_Les_Matelles_Herault_34-150x150.jpg\" data-width=\"150\" data-height=\"150\" aria-label=\"\" role=\"img\" ><\/div>\n\t\t\t\t\t\t\t\t\t\t\t<div class=\"elementor-gallery-item__overlay\"><\/div>\n\t\t\t\t\t\t\t\t\t\t\t\t\t\t<\/a>\n\t\t\t\t\t<\/div>\n\t\t\t\t\t<\/div>\n\t\t\t\t<\/div>\n\t\t\t\t<div class=\"elementor-element elementor-element-90f89de elementor-widget elementor-widget-text-editor\" data-id=\"90f89de\" data-element_type=\"widget\" data-e-type=\"widget\" data-widget_type=\"text-editor.default\">\n\t\t\t\t<div class=\"elementor-widget-container\">\n\t\t\t\t\t\t\t\t\t<p>L&rsquo;\u00e9l\u00e9gance de la simplicit\u00e9 ! <b>Gris, blanc, noir, taupe<\/b> : 4 couleurs pour cette collection de <b>carrelage porcelain\u00e9 teint\u00e9 dans la masse <\/b>disponible au format unique de 5 x 35,5 cm et d&rsquo;\u00e9paisseur 8mm.&nbsp;<\/p>\n<p>Rigo c&rsquo;est la <b>r\u00e9interpr\u00e9tation des chutes de petites portions de bois <\/b>qu&rsquo;on r\u00e9utilise pour <b>rev\u00eatir un sol ou un mur<\/b> afin de donner tout le cachet \u00e0 une pi\u00e8ce de vie.&nbsp;<\/p>\t\t\t\t\t\t\t\t<\/div>\n\t\t\t\t<\/div>\n\t\t\t\t<div class=\"elementor-element elementor-element-36afc8d elementor-mobile-align-center elementor-widget elementor-widget-button\" data-id=\"36afc8d\" data-element_type=\"widget\" data-e-type=\"widget\" data-widget_type=\"button.default\">\n\t\t\t\t<div class=\"elementor-widget-container\">\n\t\t\t\t\t\t\t\t\t<div class=\"elementor-button-wrapper\">\n\t\t\t\t\t<a class=\"elementor-button elementor-button-link elementor-size-sm\" href=\"https:\/\/www.portovenere.fr\/fr-fr\/carrelage-sol-et-mur-en-gres-cerame-et-faience\/carrelage-imitation-parquet-aspect-bois\/carrelage-effet-lame-de-bois-irreguliere-pour-sol-et-mur-rigo\/\">\n\t\t\t\t\t\t<span class=\"elementor-button-content-wrapper\">\n\t\t\t\t\t\t\t\t\t<span class=\"elementor-button-text\">Voir la collection<\/span>\n\t\t\t\t\t<\/span>\n\t\t\t\t\t<\/a>\n\t\t\t\t<\/div>\n\t\t\t\t\t\t\t\t<\/div>\n\t\t\t\t<\/div>\n\t\t\t\t\t<\/div>\n\t\t<\/div>\n\t\t\t\t\t<\/div>\n\t\t<\/section>\n\t\t\t\t\t<\/div>\n\t\t<\/div>\n\t\t\t\t<div class=\"elementor-column elementor-col-33 elementor-top-column elementor-element elementor-element-75f4cba\" data-id=\"75f4cba\" data-element_type=\"column\" data-e-type=\"column\">\n\t\t\t<div class=\"elementor-widget-wrap\">\n\t\t\t\t\t\t\t<\/div>\n\t\t<\/div>\n\t\t\t\t\t<\/div>\n\t\t<\/section>\n\t\t\t\t<section class=\"elementor-section elementor-top-section elementor-element elementor-element-a955bec elementor-section-boxed elementor-section-height-default elementor-section-height-default\" data-id=\"a955bec\" data-element_type=\"section\" data-e-type=\"section\">\n\t\t\t\t\t\t<div class=\"elementor-container elementor-column-gap-default\">\n\t\t\t\t\t<div class=\"elementor-column elementor-col-100 elementor-top-column elementor-element elementor-element-a47e09d\" data-id=\"a47e09d\" data-element_type=\"column\" data-e-type=\"column\">\n\t\t\t<div class=\"elementor-widget-wrap elementor-element-populated\">\n\t\t\t\t\t\t<div class=\"elementor-element elementor-element-697488c elementor-invisible elementor-widget elementor-widget-heading\" data-id=\"697488c\" data-element_type=\"widget\" data-e-type=\"widget\" data-settings=\"{&quot;_animation&quot;:&quot;fadeIn&quot;}\" data-widget_type=\"heading.default\">\n\t\t\t\t<div class=\"elementor-widget-container\">\n\t\t\t\t\t<h3 class=\"elementor-heading-title elementor-size-default\">Carrelage Effet Pierre<\/h3>\t\t\t\t<\/div>\n\t\t\t\t<\/div>\n\t\t\t\t\t<\/div>\n\t\t<\/div>\n\t\t\t\t\t<\/div>\n\t\t<\/section>\n\t\t\t\t<section class=\"elementor-section elementor-top-section elementor-element elementor-element-4b4f150 elementor-section-boxed elementor-section-height-default elementor-section-height-default\" data-id=\"4b4f150\" data-element_type=\"section\" data-e-type=\"section\">\n\t\t\t\t\t\t<div class=\"elementor-container elementor-column-gap-default\">\n\t\t\t\t\t<div class=\"elementor-column elementor-col-33 elementor-top-column elementor-element elementor-element-c3af70b\" data-id=\"c3af70b\" data-element_type=\"column\" data-e-type=\"column\">\n\t\t\t<div class=\"elementor-widget-wrap elementor-element-populated\">\n\t\t\t\t\t\t<div class=\"elementor-element elementor-element-2337aa6 elementor-widget elementor-widget-image\" data-id=\"2337aa6\" data-element_type=\"widget\" data-e-type=\"widget\" data-widget_type=\"image.default\">\n\t\t\t\t<div class=\"elementor-widget-container\">\n\t\t\t\t\t\t\t\t\t\t\t\t\t\t\t\t<a href=\"https:\/\/www.portovenere.fr\/fr-fr\/carrelage-sol-et-mur-en-gres-cerame-et-faience\/carrelage-contemporain-et-design\/carrelage-aspect-naturel-structura\/\">\n\t\t\t\t\t\t\t<img decoding=\"async\" src=\"https:\/\/www.portovenere.fr\/fr-fr\/wp-content\/uploads\/elementor\/thumbs\/Carrelage-effet-pierre-ancienne-sol-mur-Structura-tortora-proche-de-agde-r8ieti9va680icpqzr1op5r0nt4tnhi4jv08bgy3t4.jpg\" title=\"Carrelage-effet pierre-ancienne-sol-mur Structura tortora-proche-de-agde\" alt=\"Carrelage-effet pierre-ancienne-sol-mur Structura tortora-proche-de-agde\" loading=\"lazy\" \/>\t\t\t\t\t\t\t\t<\/a>\n\t\t\t\t\t\t\t\t\t\t\t\t\t\t\t<\/div>\n\t\t\t\t<\/div>\n\t\t\t\t<div class=\"elementor-element elementor-element-0ada81d elementor-widget elementor-widget-heading\" data-id=\"0ada81d\" data-element_type=\"widget\" data-e-type=\"widget\" data-widget_type=\"heading.default\">\n\t\t\t\t<div class=\"elementor-widget-container\">\n\t\t\t\t\t<h3 class=\"elementor-heading-title elementor-size-default\"><a href=\"https:\/\/www.portovenere.fr\/fr-fr\/carrelage-sol-et-mur-en-gres-cerame-et-faience\/carrelage-contemporain-et-design\/carrelage-aspect-naturel-structura\/\">STRUCTURA | 5 coloris<\/a><\/h3>\t\t\t\t<\/div>\n\t\t\t\t<\/div>\n\t\t\t\t<div class=\"elementor-element elementor-element-2b9f000 elementor-widget__width-initial elementor-widget elementor-widget-gallery\" data-id=\"2b9f000\" data-element_type=\"widget\" data-e-type=\"widget\" data-settings=\"{&quot;gap&quot;:{&quot;unit&quot;:&quot;px&quot;,&quot;size&quot;:3,&quot;sizes&quot;:[]},&quot;columns_mobile&quot;:3,&quot;gap_mobile&quot;:{&quot;unit&quot;:&quot;px&quot;,&quot;size&quot;:6,&quot;sizes&quot;:[]},&quot;columns&quot;:5,&quot;columns_tablet&quot;:3,&quot;gap_tablet&quot;:{&quot;unit&quot;:&quot;px&quot;,&quot;size&quot;:5,&quot;sizes&quot;:[]},&quot;lazyload&quot;:&quot;yes&quot;,&quot;gallery_layout&quot;:&quot;grid&quot;,&quot;link_to&quot;:&quot;file&quot;,&quot;aspect_ratio&quot;:&quot;3:2&quot;,&quot;overlay_background&quot;:&quot;yes&quot;,&quot;content_hover_animation&quot;:&quot;fade-in&quot;}\" data-widget_type=\"gallery.default\">\n\t\t\t\t<div class=\"elementor-widget-container\">\n\t\t\t\t\t\t\t<div class=\"elementor-gallery__container\">\n\t\t\t\t\t\t\t<a class=\"e-gallery-item elementor-gallery-item elementor-animated-content\" href=\"https:\/\/www.portovenere.fr\/fr-fr\/wp-content\/uploads\/2023\/10\/Carrelage-gres-cerame-Structura-coloris-platino-sable.bmp\" data-elementor-open-lightbox=\"yes\" data-elementor-lightbox-slideshow=\"2b9f000\" data-elementor-lightbox-title=\"Carrelage gres cerame Structura coloris platino sable\" data-e-action-hash=\"#elementor-action%3Aaction%3Dlightbox%26settings%3DeyJpZCI6NDY5MDgsInVybCI6Imh0dHBzOlwvXC93d3cucG9ydG92ZW5lcmUuZnJcL2ZyLWZyXC93cC1jb250ZW50XC91cGxvYWRzXC8yMDIzXC8xMFwvQ2FycmVsYWdlLWdyZXMtY2VyYW1lLVN0cnVjdHVyYS1jb2xvcmlzLXBsYXRpbm8tc2FibGUuYm1wIiwic2xpZGVzaG93IjoiMmI5ZjAwMCJ9\">\n\t\t\t\t\t<div class=\"e-gallery-image elementor-gallery-item__image\" data-thumbnail=\"https:\/\/www.portovenere.fr\/fr-fr\/wp-content\/uploads\/2023\/10\/Carrelage-gres-cerame-Structura-coloris-platino-sable-150x150.jpg\" data-width=\"150\" data-height=\"150\" aria-label=\"\" role=\"img\" ><\/div>\n\t\t\t\t\t\t\t\t\t\t\t<div class=\"elementor-gallery-item__overlay\"><\/div>\n\t\t\t\t\t\t\t\t\t\t\t\t\t\t<\/a>\n\t\t\t\t\t\t\t<a class=\"e-gallery-item elementor-gallery-item elementor-animated-content\" href=\"https:\/\/www.portovenere.fr\/fr-fr\/wp-content\/uploads\/2023\/10\/Carrelage-gres-cerame-Structura-coloris-ecru.bmp\" data-elementor-open-lightbox=\"yes\" data-elementor-lightbox-slideshow=\"2b9f000\" data-elementor-lightbox-title=\"Carrelage gres cerame Structura coloris ecru\" data-e-action-hash=\"#elementor-action%3Aaction%3Dlightbox%26settings%3DeyJpZCI6NDY5MDcsInVybCI6Imh0dHBzOlwvXC93d3cucG9ydG92ZW5lcmUuZnJcL2ZyLWZyXC93cC1jb250ZW50XC91cGxvYWRzXC8yMDIzXC8xMFwvQ2FycmVsYWdlLWdyZXMtY2VyYW1lLVN0cnVjdHVyYS1jb2xvcmlzLWVjcnUuYm1wIiwic2xpZGVzaG93IjoiMmI5ZjAwMCJ9\">\n\t\t\t\t\t<div class=\"e-gallery-image elementor-gallery-item__image\" data-thumbnail=\"https:\/\/www.portovenere.fr\/fr-fr\/wp-content\/uploads\/2023\/10\/Carrelage-gres-cerame-Structura-coloris-ecru-150x150.jpg\" data-width=\"150\" data-height=\"150\" aria-label=\"\" role=\"img\" ><\/div>\n\t\t\t\t\t\t\t\t\t\t\t<div class=\"elementor-gallery-item__overlay\"><\/div>\n\t\t\t\t\t\t\t\t\t\t\t\t\t\t<\/a>\n\t\t\t\t\t\t\t<a class=\"e-gallery-item elementor-gallery-item elementor-animated-content\" href=\"https:\/\/www.portovenere.fr\/fr-fr\/wp-content\/uploads\/2023\/10\/Carrelage-gres-cerame-Structura-coloris-tortora-terre.bmp\" data-elementor-open-lightbox=\"yes\" data-elementor-lightbox-slideshow=\"2b9f000\" data-elementor-lightbox-title=\"Carrelage gres cerame Structura coloris tortora terre\" data-e-action-hash=\"#elementor-action%3Aaction%3Dlightbox%26settings%3DeyJpZCI6NDY5MDYsInVybCI6Imh0dHBzOlwvXC93d3cucG9ydG92ZW5lcmUuZnJcL2ZyLWZyXC93cC1jb250ZW50XC91cGxvYWRzXC8yMDIzXC8xMFwvQ2FycmVsYWdlLWdyZXMtY2VyYW1lLVN0cnVjdHVyYS1jb2xvcmlzLXRvcnRvcmEtdGVycmUuYm1wIiwic2xpZGVzaG93IjoiMmI5ZjAwMCJ9\">\n\t\t\t\t\t<div class=\"e-gallery-image elementor-gallery-item__image\" data-thumbnail=\"https:\/\/www.portovenere.fr\/fr-fr\/wp-content\/uploads\/2023\/10\/Carrelage-gres-cerame-Structura-coloris-tortora-terre-150x150.jpg\" data-width=\"150\" data-height=\"150\" aria-label=\"\" role=\"img\" ><\/div>\n\t\t\t\t\t\t\t\t\t\t\t<div class=\"elementor-gallery-item__overlay\"><\/div>\n\t\t\t\t\t\t\t\t\t\t\t\t\t\t<\/a>\n\t\t\t\t\t\t\t<a class=\"e-gallery-item elementor-gallery-item elementor-animated-content\" href=\"https:\/\/www.portovenere.fr\/fr-fr\/wp-content\/uploads\/2023\/10\/Carrelage-gres-cerame-Structura-coloris-gris-perla.bmp\" data-elementor-open-lightbox=\"yes\" data-elementor-lightbox-slideshow=\"2b9f000\" data-elementor-lightbox-title=\"Carrelage gres cerame Structura coloris gris perla\" data-e-action-hash=\"#elementor-action%3Aaction%3Dlightbox%26settings%3DeyJpZCI6NDY5MDUsInVybCI6Imh0dHBzOlwvXC93d3cucG9ydG92ZW5lcmUuZnJcL2ZyLWZyXC93cC1jb250ZW50XC91cGxvYWRzXC8yMDIzXC8xMFwvQ2FycmVsYWdlLWdyZXMtY2VyYW1lLVN0cnVjdHVyYS1jb2xvcmlzLWdyaXMtcGVybGEuYm1wIiwic2xpZGVzaG93IjoiMmI5ZjAwMCJ9\">\n\t\t\t\t\t<div class=\"e-gallery-image elementor-gallery-item__image\" data-thumbnail=\"https:\/\/www.portovenere.fr\/fr-fr\/wp-content\/uploads\/2023\/10\/Carrelage-gres-cerame-Structura-coloris-gris-perla-150x150.jpg\" data-width=\"150\" data-height=\"150\" aria-label=\"\" role=\"img\" ><\/div>\n\t\t\t\t\t\t\t\t\t\t\t<div class=\"elementor-gallery-item__overlay\"><\/div>\n\t\t\t\t\t\t\t\t\t\t\t\t\t\t<\/a>\n\t\t\t\t\t\t\t<a class=\"e-gallery-item elementor-gallery-item elementor-animated-content\" href=\"https:\/\/www.portovenere.fr\/fr-fr\/wp-content\/uploads\/2023\/10\/Carrelage-gres-cerame-Structura-coloris-nero-anthracite.bmp\" data-elementor-open-lightbox=\"yes\" data-elementor-lightbox-slideshow=\"2b9f000\" data-elementor-lightbox-title=\"Carrelage gres cerame Structura coloris nero anthracite\" data-e-action-hash=\"#elementor-action%3Aaction%3Dlightbox%26settings%3DeyJpZCI6NDY5MDQsInVybCI6Imh0dHBzOlwvXC93d3cucG9ydG92ZW5lcmUuZnJcL2ZyLWZyXC93cC1jb250ZW50XC91cGxvYWRzXC8yMDIzXC8xMFwvQ2FycmVsYWdlLWdyZXMtY2VyYW1lLVN0cnVjdHVyYS1jb2xvcmlzLW5lcm8tYW50aHJhY2l0ZS5ibXAiLCJzbGlkZXNob3ciOiIyYjlmMDAwIn0%3D\">\n\t\t\t\t\t<div class=\"e-gallery-image elementor-gallery-item__image\" data-thumbnail=\"https:\/\/www.portovenere.fr\/fr-fr\/wp-content\/uploads\/2023\/10\/Carrelage-gres-cerame-Structura-coloris-nero-anthracite-150x150.jpg\" data-width=\"150\" data-height=\"150\" aria-label=\"\" role=\"img\" ><\/div>\n\t\t\t\t\t\t\t\t\t\t\t<div class=\"elementor-gallery-item__overlay\"><\/div>\n\t\t\t\t\t\t\t\t\t\t\t\t\t\t<\/a>\n\t\t\t\t\t<\/div>\n\t\t\t\t\t<\/div>\n\t\t\t\t<\/div>\n\t\t\t\t<div class=\"elementor-element elementor-element-93593b6 elementor-widget elementor-widget-text-editor\" data-id=\"93593b6\" data-element_type=\"widget\" data-e-type=\"widget\" data-widget_type=\"text-editor.default\">\n\t\t\t\t<div class=\"elementor-widget-container\">\n\t\t\t\t\t\t\t\t\t<p>La collection de <strong>carrelage aspect naturel Structura<\/strong>\u00a0en gr\u00e8s c\u00e9rame pleine masse propose 5 teintes agr\u00e9ables pour habiller vos sols et vos murs : Platino (gris), Ecru (beige sable) , Tortora (terre), Perla (gris perle), Nero (anthracite).<\/p><p><b style=\"color: var( --e-global-color-text );\">Le carrelage\u00a0 de qualit\u00e9 <\/b><span style=\"color: var( --e-global-color-text ); font-weight: var( --e-global-typography-text-font-weight );\">Structura<\/span><b style=\"color: var( --e-global-color-text );\">\u00a0<\/b><span style=\"color: var( --e-global-color-text ); font-weight: var( --e-global-typography-text-font-weight );\">propose 6 formats : 30&#215;60 cm,\u00a0<\/span><span style=\"color: var( --e-global-color-text ); font-weight: var( --e-global-typography-text-font-weight );\">60X60 cm,\u00a0<\/span><span style=\"color: var( --e-global-color-text ); font-weight: var( --e-global-typography-text-font-weight );\">60X120 cm,\u00a0<\/span><span style=\"color: var( --e-global-color-text ); font-weight: var( --e-global-typography-text-font-weight );\">80X80 cm et\u00a0<\/span><span style=\"color: var( --e-global-color-text ); font-weight: var( --e-global-typography-text-font-weight );\">100X100 cm, 120&#215;120 cm. Finition naturelle et antid\u00e9rapante.<\/span><\/p><p><span style=\"color: var( --e-global-color-text ); font-weight: var( --e-global-typography-text-font-weight );\">Un d\u00e9cor mural structur\u00e9 &amp; des mosa\u00efques compl\u00e8tent cette collection.<\/span><\/p>\t\t\t\t\t\t\t\t<\/div>\n\t\t\t\t<\/div>\n\t\t\t\t<div class=\"elementor-element elementor-element-d3d51cd elementor-mobile-align-center elementor-align-left elementor-widget elementor-widget-button\" data-id=\"d3d51cd\" data-element_type=\"widget\" data-e-type=\"widget\" data-widget_type=\"button.default\">\n\t\t\t\t<div class=\"elementor-widget-container\">\n\t\t\t\t\t\t\t\t\t<div class=\"elementor-button-wrapper\">\n\t\t\t\t\t<a class=\"elementor-button elementor-button-link elementor-size-sm\" href=\"https:\/\/www.portovenere.fr\/fr-fr\/carrelage-sol-et-mur-en-gres-cerame-et-faience\/carrelage-contemporain-et-design\/carrelage-aspect-naturel-structura\/\">\n\t\t\t\t\t\t<span class=\"elementor-button-content-wrapper\">\n\t\t\t\t\t\t\t\t\t<span class=\"elementor-button-text\">Voir la collection<\/span>\n\t\t\t\t\t<\/span>\n\t\t\t\t\t<\/a>\n\t\t\t\t<\/div>\n\t\t\t\t\t\t\t\t<\/div>\n\t\t\t\t<\/div>\n\t\t\t\t\t<\/div>\n\t\t<\/div>\n\t\t\t\t<div class=\"elementor-column elementor-col-33 elementor-top-column elementor-element elementor-element-d442a99 elementor-invisible\" data-id=\"d442a99\" data-element_type=\"column\" data-e-type=\"column\" data-settings=\"{&quot;animation&quot;:&quot;fadeIn&quot;,&quot;background_background&quot;:&quot;classic&quot;}\">\n\t\t\t<div class=\"elementor-widget-wrap elementor-element-populated\">\n\t\t\t\t\t\t<div class=\"elementor-element elementor-element-ea0b397 elementor-widget elementor-widget-image\" data-id=\"ea0b397\" data-element_type=\"widget\" data-e-type=\"widget\" data-widget_type=\"image.default\">\n\t\t\t\t<div class=\"elementor-widget-container\">\n\t\t\t\t\t\t\t\t\t\t\t\t\t\t\t\t<a href=\"https:\/\/www.portovenere.fr\/fr-fr\/carrelage-sol-et-mur-en-gres-cerame-et-faience\/carrelage-extra-fin-special-renovation\/carrelage-grand-format-fine-epaisseur-coloris-sable-and\/\">\n\t\t\t\t\t\t\t<img decoding=\"async\" src=\"https:\/\/www.portovenere.fr\/fr-fr\/wp-content\/uploads\/elementor\/thumbs\/Ananda-Blanco-Non-Slip-r8iebc24prs170nzqxgz39thg11gjcigd467mg5na0.jpg\" title=\"Carrelage-fine-\u00e9paisseur-couleur-beige-sable-And-grand-format-int\u00e9rieur-ext\u00e9rieur\" alt=\"Carrelage fine \u00e9paisseur couleur beige sable And grand format int\u00e9rieur ext\u00e9rieur\" loading=\"lazy\" \/>\t\t\t\t\t\t\t\t<\/a>\n\t\t\t\t\t\t\t\t\t\t\t\t\t\t\t<\/div>\n\t\t\t\t<\/div>\n\t\t\t\t<div class=\"elementor-element elementor-element-5e8c56c elementor-widget elementor-widget-heading\" data-id=\"5e8c56c\" data-element_type=\"widget\" data-e-type=\"widget\" data-widget_type=\"heading.default\">\n\t\t\t\t<div class=\"elementor-widget-container\">\n\t\t\t\t\t<h3 class=\"elementor-heading-title elementor-size-default\"><a href=\"https:\/\/www.portovenere.fr\/fr-fr\/carrelage-sol-et-mur-en-gres-cerame-et-faience\/carrelage-extra-fin-special-renovation\/carrelage-grand-format-fine-epaisseur-coloris-sable-and\/\">AND 6mm | 1 coloris <\/a><\/h3>\t\t\t\t<\/div>\n\t\t\t\t<\/div>\n\t\t\t\t<div class=\"elementor-element elementor-element-4f79bff elementor-widget__width-initial elementor-widget elementor-widget-gallery\" data-id=\"4f79bff\" data-element_type=\"widget\" data-e-type=\"widget\" data-settings=\"{&quot;gap&quot;:{&quot;unit&quot;:&quot;px&quot;,&quot;size&quot;:3,&quot;sizes&quot;:[]},&quot;columns_mobile&quot;:3,&quot;gap_mobile&quot;:{&quot;unit&quot;:&quot;px&quot;,&quot;size&quot;:6,&quot;sizes&quot;:[]},&quot;columns&quot;:5,&quot;columns_tablet&quot;:3,&quot;gap_tablet&quot;:{&quot;unit&quot;:&quot;px&quot;,&quot;size&quot;:5,&quot;sizes&quot;:[]},&quot;lazyload&quot;:&quot;yes&quot;,&quot;gallery_layout&quot;:&quot;grid&quot;,&quot;link_to&quot;:&quot;file&quot;,&quot;aspect_ratio&quot;:&quot;3:2&quot;,&quot;overlay_background&quot;:&quot;yes&quot;,&quot;content_hover_animation&quot;:&quot;fade-in&quot;}\" data-widget_type=\"gallery.default\">\n\t\t\t\t<div class=\"elementor-widget-container\">\n\t\t\t\t\t\t\t<div class=\"elementor-gallery__container\">\n\t\t\t\t\t\t\t<a class=\"e-gallery-item elementor-gallery-item elementor-animated-content\" href=\"https:\/\/www.portovenere.fr\/fr-fr\/wp-content\/uploads\/2021\/12\/coloris-1.jpg\" data-elementor-open-lightbox=\"yes\" data-elementor-lightbox-slideshow=\"4f79bff\" data-elementor-lightbox-title=\"carrelage-blanco-d\u00e9sert\" data-e-action-hash=\"#elementor-action%3Aaction%3Dlightbox%26settings%3DeyJpZCI6MzkzODUsInVybCI6Imh0dHBzOlwvXC93d3cucG9ydG92ZW5lcmUuZnJcL2ZyLWZyXC93cC1jb250ZW50XC91cGxvYWRzXC8yMDIxXC8xMlwvY29sb3Jpcy0xLmpwZyIsInNsaWRlc2hvdyI6IjRmNzliZmYifQ%3D%3D\">\n\t\t\t\t\t<div class=\"e-gallery-image elementor-gallery-item__image\" data-thumbnail=\"https:\/\/www.portovenere.fr\/fr-fr\/wp-content\/uploads\/2021\/12\/coloris-1-150x150.jpg\" data-width=\"150\" data-height=\"150\" aria-label=\"\" role=\"img\" ><\/div>\n\t\t\t\t\t\t\t\t\t\t\t<div class=\"elementor-gallery-item__overlay\"><\/div>\n\t\t\t\t\t\t\t\t\t\t\t\t\t\t<\/a>\n\t\t\t\t\t<\/div>\n\t\t\t\t\t<\/div>\n\t\t\t\t<\/div>\n\t\t\t\t<div class=\"elementor-element elementor-element-7ca1b2d elementor-widget elementor-widget-text-editor\" data-id=\"7ca1b2d\" data-element_type=\"widget\" data-e-type=\"widget\" data-widget_type=\"text-editor.default\">\n\t\t\t\t<div class=\"elementor-widget-container\">\n\t\t\t\t\t\t\t\t\t<p style=\"margin-top: 0cm; text-align: justify; background-image: initial; background-position: initial; background-size: initial; background-repeat: initial; background-attachment: initial; background-origin: initial; background-clip: initial;\"><span style=\"font-family: Raleway; color: rgb(45, 45, 45);\">Carrelage&nbsp;fine \u00e9paisseur, disponible dans des grands formats&nbsp;pour int\u00e9rieur et ext\u00e9rieur.&nbsp;<\/span><span style=\"color: rgb(45, 45, 45); font-family: Raleway;\">And&nbsp;est une collection id\u00e9ale pour\nun&nbsp;projet de nouvelle&nbsp;construction&nbsp;ou&nbsp;projet\nde&nbsp;r\u00e9novation&nbsp;de<\/span><span style=\"color: rgb(45, 45, 45); font-family: Raleway;\">&nbsp;sol ou mur.<\/span><br><\/p><p style=\"margin-top: 0cm; text-align: justify; background-image: initial; background-position: initial; background-size: initial; background-repeat: initial; background-attachment: initial; background-origin: initial; background-clip: initial;\"><span style=\"color: rgb(45, 45, 45); font-family: Raleway;\">Son coloris beige sable apporte une nuance chaude, comparable \u00e0 un d\u00e9sert pour r\u00e9chauffer votre espace.<\/span><\/p>\t\t\t\t\t\t\t\t<\/div>\n\t\t\t\t<\/div>\n\t\t\t\t<div class=\"elementor-element elementor-element-33990c0 elementor-mobile-align-center elementor-widget elementor-widget-button\" data-id=\"33990c0\" data-element_type=\"widget\" data-e-type=\"widget\" data-widget_type=\"button.default\">\n\t\t\t\t<div class=\"elementor-widget-container\">\n\t\t\t\t\t\t\t\t\t<div class=\"elementor-button-wrapper\">\n\t\t\t\t\t<a class=\"elementor-button elementor-button-link elementor-size-sm\" href=\"https:\/\/www.portovenere.fr\/fr-fr\/carrelage-sol-et-mur-en-gres-cerame-et-faience\/carrelage-extra-fin-special-renovation\/carrelage-grand-format-fine-epaisseur-coloris-sable-and\/\">\n\t\t\t\t\t\t<span class=\"elementor-button-content-wrapper\">\n\t\t\t\t\t\t\t\t\t<span class=\"elementor-button-text\">Voir la collection<\/span>\n\t\t\t\t\t<\/span>\n\t\t\t\t\t<\/a>\n\t\t\t\t<\/div>\n\t\t\t\t\t\t\t\t<\/div>\n\t\t\t\t<\/div>\n\t\t\t\t\t<\/div>\n\t\t<\/div>\n\t\t\t\t<div class=\"elementor-column elementor-col-33 elementor-top-column elementor-element elementor-element-8247743\" data-id=\"8247743\" data-element_type=\"column\" data-e-type=\"column\">\n\t\t\t<div class=\"elementor-widget-wrap elementor-element-populated\">\n\t\t\t\t\t\t<div class=\"elementor-element elementor-element-832a3a8 elementor-widget elementor-widget-image\" data-id=\"832a3a8\" data-element_type=\"widget\" data-e-type=\"widget\" data-widget_type=\"image.default\">\n\t\t\t\t<div class=\"elementor-widget-container\">\n\t\t\t\t\t\t\t\t\t\t\t\t\t\t\t\t<a href=\"https:\/\/www.portovenere.fr\/fr-fr\/carrelage-sol-et-mur-en-gres-cerame-et-faience\/carrelage-aspect-pierre\/carrelage-aspect-pierre-naturelle-versus\/\">\n\t\t\t\t\t\t\t<img loading=\"lazy\" decoding=\"async\" width=\"800\" height=\"534\" src=\"https:\/\/www.portovenere.fr\/fr-fr\/wp-content\/uploads\/2019\/10\/Carrelage-salon-effet-pierre-naturelle-Versus-Antique-Opal-multiformats-semi-brillant-Lappato-1024x683.jpg\" class=\"attachment-large size-large wp-image-15209\" alt=\"\" srcset=\"https:\/\/www.portovenere.fr\/fr-fr\/wp-content\/uploads\/2019\/10\/Carrelage-salon-effet-pierre-naturelle-Versus-Antique-Opal-multiformats-semi-brillant-Lappato-1024x683.jpg 1024w, https:\/\/www.portovenere.fr\/fr-fr\/wp-content\/uploads\/2019\/10\/Carrelage-salon-effet-pierre-naturelle-Versus-Antique-Opal-multiformats-semi-brillant-Lappato-300x200.jpg 300w, https:\/\/www.portovenere.fr\/fr-fr\/wp-content\/uploads\/2019\/10\/Carrelage-salon-effet-pierre-naturelle-Versus-Antique-Opal-multiformats-semi-brillant-Lappato-768x512.jpg 768w, https:\/\/www.portovenere.fr\/fr-fr\/wp-content\/uploads\/2019\/10\/Carrelage-salon-effet-pierre-naturelle-Versus-Antique-Opal-multiformats-semi-brillant-Lappato.jpg 1500w\" sizes=\"(max-width: 800px) 100vw, 800px\" \/>\t\t\t\t\t\t\t\t<\/a>\n\t\t\t\t\t\t\t\t\t\t\t\t\t\t\t<\/div>\n\t\t\t\t<\/div>\n\t\t\t\t<div class=\"elementor-element elementor-element-e85cffd elementor-widget elementor-widget-heading\" data-id=\"e85cffd\" data-element_type=\"widget\" data-e-type=\"widget\" data-widget_type=\"heading.default\">\n\t\t\t\t<div class=\"elementor-widget-container\">\n\t\t\t\t\t<h3 class=\"elementor-heading-title elementor-size-default\"><a href=\"https:\/\/www.portovenere.fr\/fr-fr\/carrelage-sol-et-mur-en-gres-cerame-et-faience\/carrelage-aspect-pierre\/carrelage-aspect-pierre-naturelle-versus\/\">VERSUS | 4 coloris<\/a><\/h3>\t\t\t\t<\/div>\n\t\t\t\t<\/div>\n\t\t\t\t<div class=\"elementor-element elementor-element-b0e0e3b elementor-widget__width-initial elementor-widget elementor-widget-gallery\" data-id=\"b0e0e3b\" data-element_type=\"widget\" data-e-type=\"widget\" data-settings=\"{&quot;gap&quot;:{&quot;unit&quot;:&quot;px&quot;,&quot;size&quot;:3,&quot;sizes&quot;:[]},&quot;columns_mobile&quot;:3,&quot;gap_mobile&quot;:{&quot;unit&quot;:&quot;px&quot;,&quot;size&quot;:6,&quot;sizes&quot;:[]},&quot;columns&quot;:5,&quot;columns_tablet&quot;:3,&quot;gap_tablet&quot;:{&quot;unit&quot;:&quot;px&quot;,&quot;size&quot;:5,&quot;sizes&quot;:[]},&quot;lazyload&quot;:&quot;yes&quot;,&quot;gallery_layout&quot;:&quot;grid&quot;,&quot;link_to&quot;:&quot;file&quot;,&quot;aspect_ratio&quot;:&quot;3:2&quot;,&quot;overlay_background&quot;:&quot;yes&quot;,&quot;content_hover_animation&quot;:&quot;fade-in&quot;}\" data-widget_type=\"gallery.default\">\n\t\t\t\t<div class=\"elementor-widget-container\">\n\t\t\t\t\t\t\t<div class=\"elementor-gallery__container\">\n\t\t\t\t\t\t\t<a class=\"e-gallery-item elementor-gallery-item elementor-animated-content\" href=\"https:\/\/www.portovenere.fr\/fr-fr\/wp-content\/uploads\/2019\/10\/Versus-Carved-antid\u00e9rapant-Dune.jpg\" data-elementor-open-lightbox=\"yes\" data-elementor-lightbox-slideshow=\"b0e0e3b\" data-elementor-lightbox-title=\"Versus-Carved-antid\u00e9rapant-Dune\" data-e-action-hash=\"#elementor-action%3Aaction%3Dlightbox%26settings%3DeyJpZCI6MTUxOTEsInVybCI6Imh0dHBzOlwvXC93d3cucG9ydG92ZW5lcmUuZnJcL2ZyLWZyXC93cC1jb250ZW50XC91cGxvYWRzXC8yMDE5XC8xMFwvVmVyc3VzLUNhcnZlZC1hbnRpZFx1MDBlOXJhcGFudC1EdW5lLmpwZyIsInNsaWRlc2hvdyI6ImIwZTBlM2IifQ%3D%3D\">\n\t\t\t\t\t<div class=\"e-gallery-image elementor-gallery-item__image\" data-thumbnail=\"https:\/\/www.portovenere.fr\/fr-fr\/wp-content\/uploads\/2019\/10\/Versus-Carved-antid\u00e9rapant-Dune-150x150.jpg\" data-width=\"150\" data-height=\"150\" aria-label=\"\" role=\"img\" ><\/div>\n\t\t\t\t\t\t\t\t\t\t\t<div class=\"elementor-gallery-item__overlay\"><\/div>\n\t\t\t\t\t\t\t\t\t\t\t\t\t\t<\/a>\n\t\t\t\t\t\t\t<a class=\"e-gallery-item elementor-gallery-item elementor-animated-content\" href=\"https:\/\/www.portovenere.fr\/fr-fr\/wp-content\/uploads\/2019\/10\/Versus-Carved-antid\u00e9rapant-Taupe.jpg\" data-elementor-open-lightbox=\"yes\" data-elementor-lightbox-slideshow=\"b0e0e3b\" data-elementor-lightbox-title=\"Versus-Carved-antid\u00e9rapant-Taupe\" data-e-action-hash=\"#elementor-action%3Aaction%3Dlightbox%26settings%3DeyJpZCI6MTUxOTQsInVybCI6Imh0dHBzOlwvXC93d3cucG9ydG92ZW5lcmUuZnJcL2ZyLWZyXC93cC1jb250ZW50XC91cGxvYWRzXC8yMDE5XC8xMFwvVmVyc3VzLUNhcnZlZC1hbnRpZFx1MDBlOXJhcGFudC1UYXVwZS5qcGciLCJzbGlkZXNob3ciOiJiMGUwZTNiIn0%3D\">\n\t\t\t\t\t<div class=\"e-gallery-image elementor-gallery-item__image\" data-thumbnail=\"https:\/\/www.portovenere.fr\/fr-fr\/wp-content\/uploads\/2019\/10\/Versus-Carved-antid\u00e9rapant-Taupe-150x150.jpg\" data-width=\"150\" data-height=\"150\" aria-label=\"\" role=\"img\" ><\/div>\n\t\t\t\t\t\t\t\t\t\t\t<div class=\"elementor-gallery-item__overlay\"><\/div>\n\t\t\t\t\t\t\t\t\t\t\t\t\t\t<\/a>\n\t\t\t\t\t\t\t<a class=\"e-gallery-item elementor-gallery-item elementor-animated-content\" href=\"https:\/\/www.portovenere.fr\/fr-fr\/wp-content\/uploads\/2019\/10\/Versus-Carved-antid\u00e9rapant-Opal.jpg\" data-elementor-open-lightbox=\"yes\" data-elementor-lightbox-slideshow=\"b0e0e3b\" data-elementor-lightbox-title=\"Versus-Carved-antid\u00e9rapant-Opal\" data-e-action-hash=\"#elementor-action%3Aaction%3Dlightbox%26settings%3DeyJpZCI6MTUxOTMsInVybCI6Imh0dHBzOlwvXC93d3cucG9ydG92ZW5lcmUuZnJcL2ZyLWZyXC93cC1jb250ZW50XC91cGxvYWRzXC8yMDE5XC8xMFwvVmVyc3VzLUNhcnZlZC1hbnRpZFx1MDBlOXJhcGFudC1PcGFsLmpwZyIsInNsaWRlc2hvdyI6ImIwZTBlM2IifQ%3D%3D\">\n\t\t\t\t\t<div class=\"e-gallery-image elementor-gallery-item__image\" data-thumbnail=\"https:\/\/www.portovenere.fr\/fr-fr\/wp-content\/uploads\/2019\/10\/Versus-Carved-antid\u00e9rapant-Opal-150x150.jpg\" data-width=\"150\" data-height=\"150\" aria-label=\"\" role=\"img\" ><\/div>\n\t\t\t\t\t\t\t\t\t\t\t<div class=\"elementor-gallery-item__overlay\"><\/div>\n\t\t\t\t\t\t\t\t\t\t\t\t\t\t<\/a>\n\t\t\t\t\t\t\t<a class=\"e-gallery-item elementor-gallery-item elementor-animated-content\" href=\"https:\/\/www.portovenere.fr\/fr-fr\/wp-content\/uploads\/2019\/10\/Versus-Carved-antid\u00e9rapant-Nuit.jpg\" data-elementor-open-lightbox=\"yes\" data-elementor-lightbox-slideshow=\"b0e0e3b\" data-elementor-lightbox-title=\"Versus-Carved-antid\u00e9rapant-Nuit\" data-e-action-hash=\"#elementor-action%3Aaction%3Dlightbox%26settings%3DeyJpZCI6MTUxOTIsInVybCI6Imh0dHBzOlwvXC93d3cucG9ydG92ZW5lcmUuZnJcL2ZyLWZyXC93cC1jb250ZW50XC91cGxvYWRzXC8yMDE5XC8xMFwvVmVyc3VzLUNhcnZlZC1hbnRpZFx1MDBlOXJhcGFudC1OdWl0LmpwZyIsInNsaWRlc2hvdyI6ImIwZTBlM2IifQ%3D%3D\">\n\t\t\t\t\t<div class=\"e-gallery-image elementor-gallery-item__image\" data-thumbnail=\"https:\/\/www.portovenere.fr\/fr-fr\/wp-content\/uploads\/2019\/10\/Versus-Carved-antid\u00e9rapant-Nuit-150x150.jpg\" data-width=\"150\" data-height=\"150\" aria-label=\"\" role=\"img\" ><\/div>\n\t\t\t\t\t\t\t\t\t\t\t<div class=\"elementor-gallery-item__overlay\"><\/div>\n\t\t\t\t\t\t\t\t\t\t\t\t\t\t<\/a>\n\t\t\t\t\t<\/div>\n\t\t\t\t\t<\/div>\n\t\t\t\t<\/div>\n\t\t\t\t<div class=\"elementor-element elementor-element-c92c4b2 elementor-widget elementor-widget-text-editor\" data-id=\"c92c4b2\" data-element_type=\"widget\" data-e-type=\"widget\" data-widget_type=\"text-editor.default\">\n\t\t\t\t<div class=\"elementor-widget-container\">\n\t\t\t\t\t\t\t\t\t<p>Carrelage mural et sol en gr\u00e8s c\u00e9rame aspect pierre ancienne us\u00e9e pour la finition Antique et aspect pierre plus contemporaine pour la finition Elegance. Une multitude de\u00a0 formats (de 10x30cm \u00e0 120x280cm), de finitions (naturelle, semi-brillante, bords aspect us\u00e9, antid\u00e9rapante&#8230;) et de mosa\u00efques font la richesse de cette sublime collection.<\/p>\t\t\t\t\t\t\t\t<\/div>\n\t\t\t\t<\/div>\n\t\t\t\t<div class=\"elementor-element elementor-element-c084e57 elementor-mobile-align-center elementor-align-left elementor-widget elementor-widget-button\" data-id=\"c084e57\" data-element_type=\"widget\" data-e-type=\"widget\" data-widget_type=\"button.default\">\n\t\t\t\t<div class=\"elementor-widget-container\">\n\t\t\t\t\t\t\t\t\t<div class=\"elementor-button-wrapper\">\n\t\t\t\t\t<a class=\"elementor-button elementor-button-link elementor-size-sm\" href=\"https:\/\/www.portovenere.fr\/fr-fr\/carrelage-sol-et-mur-en-gres-cerame-et-faience\/carrelage-aspect-pierre\/carrelage-aspect-pierre-naturelle-versus\/\">\n\t\t\t\t\t\t<span class=\"elementor-button-content-wrapper\">\n\t\t\t\t\t\t\t\t\t<span class=\"elementor-button-text\">Voir la collection<\/span>\n\t\t\t\t\t<\/span>\n\t\t\t\t\t<\/a>\n\t\t\t\t<\/div>\n\t\t\t\t\t\t\t\t<\/div>\n\t\t\t\t<\/div>\n\t\t\t\t\t<\/div>\n\t\t<\/div>\n\t\t\t\t\t<\/div>\n\t\t<\/section>\n\t\t\t\t<section class=\"elementor-section elementor-top-section elementor-element elementor-element-7775d4c elementor-section-boxed elementor-section-height-default elementor-section-height-default elementor-invisible\" data-id=\"7775d4c\" data-element_type=\"section\" data-e-type=\"section\" data-settings=\"{&quot;background_background&quot;:&quot;classic&quot;,&quot;animation&quot;:&quot;fadeIn&quot;}\">\n\t\t\t\t\t\t<div class=\"elementor-container elementor-column-gap-default\">\n\t\t\t\t\t<div class=\"elementor-column elementor-col-33 elementor-top-column elementor-element elementor-element-215c973\" data-id=\"215c973\" data-element_type=\"column\" data-e-type=\"column\" data-settings=\"{&quot;background_background&quot;:&quot;classic&quot;}\">\n\t\t\t<div class=\"elementor-widget-wrap elementor-element-populated\">\n\t\t\t\t\t\t<div class=\"elementor-element elementor-element-6cc05ad elementor-widget elementor-widget-image\" data-id=\"6cc05ad\" data-element_type=\"widget\" data-e-type=\"widget\" data-widget_type=\"image.default\">\n\t\t\t\t<div class=\"elementor-widget-container\">\n\t\t\t\t\t\t\t\t\t\t\t\t\t\t\t\t<a href=\"https:\/\/www.portovenere.fr\/fr-fr\/carrelage-sol-et-mur-en-gres-cerame-et-faience\/carrelage-aspect-pierre\/carrelage-aspect-pierre-contemporaine-orvieto\/\">\n\t\t\t\t\t\t\t<img decoding=\"async\" src=\"https:\/\/www.portovenere.fr\/fr-fr\/wp-content\/uploads\/elementor\/thumbs\/carrelage-salle-restaurant-haut-de-gamme-orvieto-grigio-effet-pierre-a-perpignan-pyrennees-orientales-66-r8iehd6xaqi8dk0h2odesrl2yaii9ulpm0hfcj8tb8.jpg\" title=\"carrelage-salle-restaurant-haut-de-gamme-orvieto-grigio-effet-pierre-a-perpignan-pyrennees-orientales-66\" alt=\"Carrelage imitation pierre contemporaine ORVIETO\" loading=\"lazy\" \/>\t\t\t\t\t\t\t\t<\/a>\n\t\t\t\t\t\t\t\t\t\t\t\t\t\t\t<\/div>\n\t\t\t\t<\/div>\n\t\t\t\t<div class=\"elementor-element elementor-element-9da235a elementor-widget elementor-widget-heading\" data-id=\"9da235a\" data-element_type=\"widget\" data-e-type=\"widget\" data-widget_type=\"heading.default\">\n\t\t\t\t<div class=\"elementor-widget-container\">\n\t\t\t\t\t<h3 class=\"elementor-heading-title elementor-size-default\"><a href=\"https:\/\/www.portovenere.fr\/fr-fr\/carrelage-sol-et-mur-en-gres-cerame-et-faience\/carrelage-aspect-pierre\/carrelage-aspect-pierre-contemporaine-orvieto\/\">ORVIETO | 3 coloris<\/a><\/h3>\t\t\t\t<\/div>\n\t\t\t\t<\/div>\n\t\t\t\t<div class=\"elementor-element elementor-element-9c8bcad elementor-widget__width-initial elementor-widget elementor-widget-gallery\" data-id=\"9c8bcad\" data-element_type=\"widget\" data-e-type=\"widget\" data-settings=\"{&quot;gap&quot;:{&quot;unit&quot;:&quot;px&quot;,&quot;size&quot;:3,&quot;sizes&quot;:[]},&quot;columns_mobile&quot;:3,&quot;gap_mobile&quot;:{&quot;unit&quot;:&quot;px&quot;,&quot;size&quot;:6,&quot;sizes&quot;:[]},&quot;columns&quot;:5,&quot;columns_tablet&quot;:3,&quot;gap_tablet&quot;:{&quot;unit&quot;:&quot;px&quot;,&quot;size&quot;:5,&quot;sizes&quot;:[]},&quot;lazyload&quot;:&quot;yes&quot;,&quot;gallery_layout&quot;:&quot;grid&quot;,&quot;link_to&quot;:&quot;file&quot;,&quot;aspect_ratio&quot;:&quot;3:2&quot;,&quot;overlay_background&quot;:&quot;yes&quot;,&quot;content_hover_animation&quot;:&quot;fade-in&quot;}\" data-widget_type=\"gallery.default\">\n\t\t\t\t<div class=\"elementor-widget-container\">\n\t\t\t\t\t\t\t<div class=\"elementor-gallery__container\">\n\t\t\t\t\t\t\t<a class=\"e-gallery-item elementor-gallery-item elementor-animated-content\" href=\"https:\/\/www.portovenere.fr\/fr-fr\/wp-content\/uploads\/2022\/03\/carrelage-haut-de-gamme-orvieto-anthracite-60x60-aspect-pierre-brute-a-sete-herault-34.jpg\" data-elementor-open-lightbox=\"yes\" data-elementor-lightbox-slideshow=\"9c8bcad\" data-elementor-lightbox-title=\"carrelage-haut-de-gamme-orvieto-anthracite-60x60-aspect-pierre-brute-a-sete-herault-34\" data-e-action-hash=\"#elementor-action%3Aaction%3Dlightbox%26settings%3DeyJpZCI6NDE1NTksInVybCI6Imh0dHBzOlwvXC93d3cucG9ydG92ZW5lcmUuZnJcL2ZyLWZyXC93cC1jb250ZW50XC91cGxvYWRzXC8yMDIyXC8wM1wvY2FycmVsYWdlLWhhdXQtZGUtZ2FtbWUtb3J2aWV0by1hbnRocmFjaXRlLTYweDYwLWFzcGVjdC1waWVycmUtYnJ1dGUtYS1zZXRlLWhlcmF1bHQtMzQuanBnIiwic2xpZGVzaG93IjoiOWM4YmNhZCJ9\">\n\t\t\t\t\t<div class=\"e-gallery-image elementor-gallery-item__image\" data-thumbnail=\"https:\/\/www.portovenere.fr\/fr-fr\/wp-content\/uploads\/2022\/03\/carrelage-haut-de-gamme-orvieto-anthracite-60x60-aspect-pierre-brute-a-sete-herault-34-150x150.jpg\" data-width=\"150\" data-height=\"150\" aria-label=\"Carrelage imitation pierre contemporaine ORVIETO\" role=\"img\" ><\/div>\n\t\t\t\t\t\t\t\t\t\t\t<div class=\"elementor-gallery-item__overlay\"><\/div>\n\t\t\t\t\t\t\t\t\t\t\t\t\t\t<\/a>\n\t\t\t\t\t\t\t<a class=\"e-gallery-item elementor-gallery-item elementor-animated-content\" href=\"https:\/\/www.portovenere.fr\/fr-fr\/wp-content\/uploads\/2022\/03\/carrelage-grand-format-orvieto-grigio-90x90-aspect-pierre-a-castries-herault-34.jpg\" data-elementor-open-lightbox=\"yes\" data-elementor-lightbox-slideshow=\"9c8bcad\" data-elementor-lightbox-title=\"carrelage-grand-format-orvieto-grigio-90x90-aspect-pierre-a-castries-herault-34\" data-e-action-hash=\"#elementor-action%3Aaction%3Dlightbox%26settings%3DeyJpZCI6NDE1NTgsInVybCI6Imh0dHBzOlwvXC93d3cucG9ydG92ZW5lcmUuZnJcL2ZyLWZyXC93cC1jb250ZW50XC91cGxvYWRzXC8yMDIyXC8wM1wvY2FycmVsYWdlLWdyYW5kLWZvcm1hdC1vcnZpZXRvLWdyaWdpby05MHg5MC1hc3BlY3QtcGllcnJlLWEtY2FzdHJpZXMtaGVyYXVsdC0zNC5qcGciLCJzbGlkZXNob3ciOiI5YzhiY2FkIn0%3D\">\n\t\t\t\t\t<div class=\"e-gallery-image elementor-gallery-item__image\" data-thumbnail=\"https:\/\/www.portovenere.fr\/fr-fr\/wp-content\/uploads\/2022\/03\/carrelage-grand-format-orvieto-grigio-90x90-aspect-pierre-a-castries-herault-34-150x150.jpg\" data-width=\"150\" data-height=\"150\" aria-label=\"Carrelage imitation pierre contemporaine ORVIETO\" role=\"img\" ><\/div>\n\t\t\t\t\t\t\t\t\t\t\t<div class=\"elementor-gallery-item__overlay\"><\/div>\n\t\t\t\t\t\t\t\t\t\t\t\t\t\t<\/a>\n\t\t\t\t\t\t\t<a class=\"e-gallery-item elementor-gallery-item elementor-animated-content\" href=\"https:\/\/www.portovenere.fr\/fr-fr\/wp-content\/uploads\/2019\/09\/Carrelage-aspect-pierre-contemporaine-Evolution-AVORIO.jpg\" data-elementor-open-lightbox=\"yes\" data-elementor-lightbox-slideshow=\"9c8bcad\" data-elementor-lightbox-title=\"Carrelage-aspect-pierre-contemporaine-orvieto-bianco\" data-e-action-hash=\"#elementor-action%3Aaction%3Dlightbox%26settings%3DeyJpZCI6MTM4MTksInVybCI6Imh0dHBzOlwvXC93d3cucG9ydG92ZW5lcmUuZnJcL2ZyLWZyXC93cC1jb250ZW50XC91cGxvYWRzXC8yMDE5XC8wOVwvQ2FycmVsYWdlLWFzcGVjdC1waWVycmUtY29udGVtcG9yYWluZS1Fdm9sdXRpb24tQVZPUklPLmpwZyIsInNsaWRlc2hvdyI6IjljOGJjYWQifQ%3D%3D\">\n\t\t\t\t\t<div class=\"e-gallery-image elementor-gallery-item__image\" data-thumbnail=\"https:\/\/www.portovenere.fr\/fr-fr\/wp-content\/uploads\/2019\/09\/Carrelage-aspect-pierre-contemporaine-Evolution-AVORIO-150x150.jpg\" data-width=\"150\" data-height=\"150\" aria-label=\"Carrelage imitation pierre contemporaine ORVIETO\" role=\"img\" ><\/div>\n\t\t\t\t\t\t\t\t\t\t\t<div class=\"elementor-gallery-item__overlay\"><\/div>\n\t\t\t\t\t\t\t\t\t\t\t\t\t\t<\/a>\n\t\t\t\t\t<\/div>\n\t\t\t\t\t<\/div>\n\t\t\t\t<\/div>\n\t\t\t\t<div class=\"elementor-element elementor-element-9025772 elementor-widget elementor-widget-text-editor\" data-id=\"9025772\" data-element_type=\"widget\" data-e-type=\"widget\" data-widget_type=\"text-editor.default\">\n\t\t\t\t<div class=\"elementor-widget-container\">\n\t\t\t\t\t\t\t\t\t<p>Carrelage mural et sol en gr\u00e8s c\u00e9rame aspect pierre contemporaine. Une multitude de\u00a0 formats, de finitions et pi\u00e8ces sp\u00e9ciales qui permettent aussi bien une utilisation en int\u00e9rieur qu&rsquo;en ext\u00e9rieur.<\/p>\t\t\t\t\t\t\t\t<\/div>\n\t\t\t\t<\/div>\n\t\t\t\t<div class=\"elementor-element elementor-element-019b621 elementor-mobile-align-center elementor-align-left elementor-widget elementor-widget-button\" data-id=\"019b621\" data-element_type=\"widget\" data-e-type=\"widget\" data-widget_type=\"button.default\">\n\t\t\t\t<div class=\"elementor-widget-container\">\n\t\t\t\t\t\t\t\t\t<div class=\"elementor-button-wrapper\">\n\t\t\t\t\t<a class=\"elementor-button elementor-button-link elementor-size-sm\" href=\"https:\/\/www.portovenere.fr\/fr-fr\/carrelage-sol-et-mur-en-gres-cerame-et-faience\/carrelage-aspect-pierre\/carrelage-aspect-pierre-contemporaine-orvieto\/\">\n\t\t\t\t\t\t<span class=\"elementor-button-content-wrapper\">\n\t\t\t\t\t\t\t\t\t<span class=\"elementor-button-text\">Voir la collection<\/span>\n\t\t\t\t\t<\/span>\n\t\t\t\t\t<\/a>\n\t\t\t\t<\/div>\n\t\t\t\t\t\t\t\t<\/div>\n\t\t\t\t<\/div>\n\t\t\t\t\t<\/div>\n\t\t<\/div>\n\t\t\t\t<div class=\"elementor-column elementor-col-33 elementor-top-column elementor-element elementor-element-5035bd8\" data-id=\"5035bd8\" data-element_type=\"column\" data-e-type=\"column\" data-settings=\"{&quot;background_background&quot;:&quot;classic&quot;}\">\n\t\t\t<div class=\"elementor-widget-wrap elementor-element-populated\">\n\t\t\t\t\t\t<div class=\"elementor-element elementor-element-bb02d10 elementor-widget elementor-widget-image\" data-id=\"bb02d10\" data-element_type=\"widget\" data-e-type=\"widget\" data-widget_type=\"image.default\">\n\t\t\t\t<div class=\"elementor-widget-container\">\n\t\t\t\t\t\t\t\t\t\t\t\t\t\t\t\t<a href=\"https:\/\/www.portovenere.fr\/fr-fr\/carrelage-sol-et-mur-en-gres-cerame-et-faience\/carrelage-aspect-pierre\/carrelage-aspect-pierre-contemporaine-full-concrete\/\">\n\t\t\t\t\t\t\t<img decoding=\"async\" src=\"https:\/\/www.portovenere.fr\/fr-fr\/wp-content\/uploads\/elementor\/thumbs\/carrelage-full-concrete-salon-imitation-beton-style-contemporain-grigio-scuro-a-au-havre-seine-maritime-76-1-r8ieganj804xxrfcdbm8ib1ohnltlm7ojo9ocg4rfq.jpg\" title=\"carrelage-full-concrete-salon-imitation-beton-style-contemporain-grigio-scuro-a-au-havre-seine-maritime-76\" alt=\"Carrelage aspect pierre contemporaine FULL CONCRETE\" loading=\"lazy\" \/>\t\t\t\t\t\t\t\t<\/a>\n\t\t\t\t\t\t\t\t\t\t\t\t\t\t\t<\/div>\n\t\t\t\t<\/div>\n\t\t\t\t<div class=\"elementor-element elementor-element-ee12fe0 elementor-widget elementor-widget-heading\" data-id=\"ee12fe0\" data-element_type=\"widget\" data-e-type=\"widget\" data-widget_type=\"heading.default\">\n\t\t\t\t<div class=\"elementor-widget-container\">\n\t\t\t\t\t<h3 class=\"elementor-heading-title elementor-size-default\"><a href=\"https:\/\/www.portovenere.fr\/fr-fr\/carrelage-sol-et-mur-en-gres-cerame-et-faience\/carrelage-aspect-pierre\/carrelage-aspect-pierre-contemporaine-full-concrete\/\">FULL CONCRETE | 3 coloris<\/a><\/h3>\t\t\t\t<\/div>\n\t\t\t\t<\/div>\n\t\t\t\t<div class=\"elementor-element elementor-element-301ae8c elementor-widget__width-initial elementor-widget elementor-widget-gallery\" data-id=\"301ae8c\" data-element_type=\"widget\" data-e-type=\"widget\" data-settings=\"{&quot;gap&quot;:{&quot;unit&quot;:&quot;px&quot;,&quot;size&quot;:3,&quot;sizes&quot;:[]},&quot;columns_mobile&quot;:3,&quot;gap_mobile&quot;:{&quot;unit&quot;:&quot;px&quot;,&quot;size&quot;:6,&quot;sizes&quot;:[]},&quot;columns&quot;:5,&quot;columns_tablet&quot;:3,&quot;gap_tablet&quot;:{&quot;unit&quot;:&quot;px&quot;,&quot;size&quot;:5,&quot;sizes&quot;:[]},&quot;lazyload&quot;:&quot;yes&quot;,&quot;gallery_layout&quot;:&quot;grid&quot;,&quot;link_to&quot;:&quot;file&quot;,&quot;aspect_ratio&quot;:&quot;3:2&quot;,&quot;overlay_background&quot;:&quot;yes&quot;,&quot;content_hover_animation&quot;:&quot;fade-in&quot;}\" data-widget_type=\"gallery.default\">\n\t\t\t\t<div class=\"elementor-widget-container\">\n\t\t\t\t\t\t\t<div class=\"elementor-gallery__container\">\n\t\t\t\t\t\t\t<a class=\"e-gallery-item elementor-gallery-item elementor-animated-content\" href=\"https:\/\/www.portovenere.fr\/fr-fr\/wp-content\/uploads\/2022\/03\/carrelage-full-concrete-grand-format-interieur-exterieur-effet-beton-pierre-contemporaine-grigio-chiaro-a-Carnon-herault-34.jpg\" data-elementor-open-lightbox=\"yes\" data-elementor-lightbox-slideshow=\"301ae8c\" data-elementor-lightbox-title=\"carrelage-full-concrete-grand-format-interieur-exterieur-effet-beton-pierre-contemporaine-grigio-chiaro-a-Carnon-herault-34\" data-e-action-hash=\"#elementor-action%3Aaction%3Dlightbox%26settings%3DeyJpZCI6NDE1MjgsInVybCI6Imh0dHBzOlwvXC93d3cucG9ydG92ZW5lcmUuZnJcL2ZyLWZyXC93cC1jb250ZW50XC91cGxvYWRzXC8yMDIyXC8wM1wvY2FycmVsYWdlLWZ1bGwtY29uY3JldGUtZ3JhbmQtZm9ybWF0LWludGVyaWV1ci1leHRlcmlldXItZWZmZXQtYmV0b24tcGllcnJlLWNvbnRlbXBvcmFpbmUtZ3JpZ2lvLWNoaWFyby1hLUNhcm5vbi1oZXJhdWx0LTM0LmpwZyIsInNsaWRlc2hvdyI6IjMwMWFlOGMifQ%3D%3D\">\n\t\t\t\t\t<div class=\"e-gallery-image elementor-gallery-item__image\" data-thumbnail=\"https:\/\/www.portovenere.fr\/fr-fr\/wp-content\/uploads\/2022\/03\/carrelage-full-concrete-grand-format-interieur-exterieur-effet-beton-pierre-contemporaine-grigio-chiaro-a-Carnon-herault-34-150x150.jpg\" data-width=\"150\" data-height=\"150\" aria-label=\"Carrelage aspect pierre contemporaine FULL CONCRETE\" role=\"img\" ><\/div>\n\t\t\t\t\t\t\t\t\t\t\t<div class=\"elementor-gallery-item__overlay\"><\/div>\n\t\t\t\t\t\t\t\t\t\t\t\t\t\t<\/a>\n\t\t\t\t\t\t\t<a class=\"e-gallery-item elementor-gallery-item elementor-animated-content\" href=\"https:\/\/www.portovenere.fr\/fr-fr\/wp-content\/uploads\/2022\/03\/carrelage-haut-de-gamme-interieur-exterieur-effet-beton-contemporain-grigio-scuro-a-montpellier-herault-34-1.jpg\" data-elementor-open-lightbox=\"yes\" data-elementor-lightbox-slideshow=\"301ae8c\" data-e-action-hash=\"#elementor-action%3Aaction%3Dlightbox%26settings%3DeyJpZCI6NDIzMDYsInVybCI6Imh0dHBzOlwvXC93d3cucG9ydG92ZW5lcmUuZnJcL2ZyLWZyXC93cC1jb250ZW50XC91cGxvYWRzXC8yMDIyXC8wM1wvY2FycmVsYWdlLWhhdXQtZGUtZ2FtbWUtaW50ZXJpZXVyLWV4dGVyaWV1ci1lZmZldC1iZXRvbi1jb250ZW1wb3JhaW4tZ3JpZ2lvLXNjdXJvLWEtbW9udHBlbGxpZXItaGVyYXVsdC0zNC0xLmpwZyIsInNsaWRlc2hvdyI6IjMwMWFlOGMifQ%3D%3D\">\n\t\t\t\t\t<div class=\"e-gallery-image elementor-gallery-item__image\" data-thumbnail=\"https:\/\/www.portovenere.fr\/fr-fr\/wp-content\/uploads\/2022\/03\/carrelage-haut-de-gamme-interieur-exterieur-effet-beton-contemporain-grigio-scuro-a-montpellier-herault-34-1-150x150.jpg\" data-width=\"150\" data-height=\"150\" aria-label=\"\" role=\"img\" ><\/div>\n\t\t\t\t\t\t\t\t\t\t\t<div class=\"elementor-gallery-item__overlay\"><\/div>\n\t\t\t\t\t\t\t\t\t\t\t\t\t\t<\/a>\n\t\t\t\t\t\t\t<a class=\"e-gallery-item elementor-gallery-item elementor-animated-content\" href=\"https:\/\/www.portovenere.fr\/fr-fr\/wp-content\/uploads\/2022\/03\/carrelage-full-concrete-grand-format-interieur-exterieur-effet-beton-pierre-contemporaine-terra-a-Grabels-herault-34-1.jpg\" data-elementor-open-lightbox=\"yes\" data-elementor-lightbox-slideshow=\"301ae8c\" data-elementor-lightbox-title=\"carrelage-full-concrete-grand-format-interieur-exterieur-effet-beton-pierre-contemporaine-terra-a-Grabels-herault-34\" data-e-action-hash=\"#elementor-action%3Aaction%3Dlightbox%26settings%3DeyJpZCI6NDIzMDIsInVybCI6Imh0dHBzOlwvXC93d3cucG9ydG92ZW5lcmUuZnJcL2ZyLWZyXC93cC1jb250ZW50XC91cGxvYWRzXC8yMDIyXC8wM1wvY2FycmVsYWdlLWZ1bGwtY29uY3JldGUtZ3JhbmQtZm9ybWF0LWludGVyaWV1ci1leHRlcmlldXItZWZmZXQtYmV0b24tcGllcnJlLWNvbnRlbXBvcmFpbmUtdGVycmEtYS1HcmFiZWxzLWhlcmF1bHQtMzQtMS5qcGciLCJzbGlkZXNob3ciOiIzMDFhZThjIn0%3D\">\n\t\t\t\t\t<div class=\"e-gallery-image elementor-gallery-item__image\" data-thumbnail=\"https:\/\/www.portovenere.fr\/fr-fr\/wp-content\/uploads\/2022\/03\/carrelage-full-concrete-grand-format-interieur-exterieur-effet-beton-pierre-contemporaine-terra-a-Grabels-herault-34-1-150x150.jpg\" data-width=\"150\" data-height=\"150\" aria-label=\"Carrelage aspect pierre contemporaine FULL CONCRETE\" role=\"img\" ><\/div>\n\t\t\t\t\t\t\t\t\t\t\t<div class=\"elementor-gallery-item__overlay\"><\/div>\n\t\t\t\t\t\t\t\t\t\t\t\t\t\t<\/a>\n\t\t\t\t\t<\/div>\n\t\t\t\t\t<\/div>\n\t\t\t\t<\/div>\n\t\t\t\t<div class=\"elementor-element elementor-element-9c1e1c8 elementor-widget elementor-widget-text-editor\" data-id=\"9c1e1c8\" data-element_type=\"widget\" data-e-type=\"widget\" data-widget_type=\"text-editor.default\">\n\t\t\t\t<div class=\"elementor-widget-container\">\n\t\t\t\t\t\t\t\t\t<p><strong>Full concrete<\/strong>\u00a0est une\u00a0<strong>collection de carrelage en gr\u00e8s c\u00e9rame<\/strong>\u00a0<b>aspect pierre contemporaine.<\/b><\/p><p>Elle reprend les caract\u00e9ristiques visuelles du <strong>b\u00e9ton<\/strong>, mais avec les avantages du\u00a0<strong>gr\u00e8s c\u00e9rame<\/strong> \u00e9galement dans une finition <strong>antid\u00e9rapante<\/strong>\u00a0disponible en\u00a0<strong>3 couleurs<\/strong>. Une collection compl\u00e8te, disponible en 5 \u00e9paisseurs.<\/p><p>La collection se d\u00e9cline en\u00a0<strong>3 coloris<\/strong>\u00a0<strong>(Grigio Chiaro, Grigio Scuro et Terra)<\/strong>\u00a0et 2 finitions, aussi bien pour\u00a0<strong>l\u2019int\u00e9rieur<\/strong>\u00a0que pour\u00a0<strong>l\u2019ext\u00e9rieur\u00a0<\/strong>: en finition naturelle rectifi\u00e9e en 120\u00d7280 cm (\u00e9paisseur 6mm), 120\u00d7120 cm, 90\u00d790 cm, 45\u00d790 cm, 60\u00d7120 cm 60\u00d760 cm et 30\u00d760 cm (\u00e9paisseur 10mm), puis en finition antid\u00e9rapante 45\u00d790 cm et 30,2\u00d760,4 cm (\u00e9paisseur 10mm), 120\u00d7120 cm, 90\u00d790 cm et 60\u00d760 cm (\u00e9paisseur 20mm), 90\u00d790 cm et 60\u00d760 cm (\u00e9paisseur 30mm), 40\u00d760 cm et 20\u00d740 cm (\u00e9paisseur 50mm).\u00a0<\/p>\t\t\t\t\t\t\t\t<\/div>\n\t\t\t\t<\/div>\n\t\t\t\t<div class=\"elementor-element elementor-element-27d2731 elementor-mobile-align-center elementor-align-left elementor-widget elementor-widget-button\" data-id=\"27d2731\" data-element_type=\"widget\" data-e-type=\"widget\" data-widget_type=\"button.default\">\n\t\t\t\t<div class=\"elementor-widget-container\">\n\t\t\t\t\t\t\t\t\t<div class=\"elementor-button-wrapper\">\n\t\t\t\t\t<a class=\"elementor-button elementor-button-link elementor-size-sm\" href=\"https:\/\/www.portovenere.fr\/fr-fr\/carrelage-sol-et-mur-en-gres-cerame-et-faience\/carrelage-aspect-pierre\/carrelage-aspect-pierre-contemporaine-full-concrete\/\">\n\t\t\t\t\t\t<span class=\"elementor-button-content-wrapper\">\n\t\t\t\t\t\t\t\t\t<span class=\"elementor-button-text\">Voir la collection<\/span>\n\t\t\t\t\t<\/span>\n\t\t\t\t\t<\/a>\n\t\t\t\t<\/div>\n\t\t\t\t\t\t\t\t<\/div>\n\t\t\t\t<\/div>\n\t\t\t\t\t<\/div>\n\t\t<\/div>\n\t\t\t\t<div class=\"elementor-column elementor-col-33 elementor-top-column elementor-element elementor-element-68b432a\" data-id=\"68b432a\" data-element_type=\"column\" data-e-type=\"column\" data-settings=\"{&quot;background_background&quot;:&quot;classic&quot;}\">\n\t\t\t<div class=\"elementor-widget-wrap elementor-element-populated\">\n\t\t\t\t\t\t<div class=\"elementor-element elementor-element-e7f7922 elementor-widget elementor-widget-image\" data-id=\"e7f7922\" data-element_type=\"widget\" data-e-type=\"widget\" data-widget_type=\"image.default\">\n\t\t\t\t<div class=\"elementor-widget-container\">\n\t\t\t\t\t\t\t\t\t\t\t\t\t\t\t\t<a href=\"https:\/\/www.portovenere.fr\/fr-fr\/carrelage-sol-et-mur-en-gres-cerame-et-faience\/carrelage-aspect-pierre\/carrelage-gres-cerame-effet-pierre-veinee-marron-umbrella\/\">\n\t\t\t\t\t\t\t<img decoding=\"async\" src=\"https:\/\/www.portovenere.fr\/fr-fr\/wp-content\/uploads\/elementor\/thumbs\/Carrelage_imitation_pierre_veinee_marron_en_gres_cerame_de_qualite_sol_et_mur_pres_de_Saint-Gely-du-Fesc_Herault_34-r8ie7c8q0jyrr7qjrolhawww27m4vt69bjdxzn363k.jpg\" title=\"Carrelage_imitation_pierre_vein\u00e9e_marron_en_gr\u00e8s_c\u00e9rame_de_qualit\u00e9_sol_et_mur_pr\u00e8s_de_Saint-G\u00e9ly-du-Fesc_H\u00e9rault_34\" alt=\"Carrelage gr\u00e8s c\u00e9rame aspect pierre vein\u00e9e marron\" loading=\"lazy\" \/>\t\t\t\t\t\t\t\t<\/a>\n\t\t\t\t\t\t\t\t\t\t\t\t\t\t\t<\/div>\n\t\t\t\t<\/div>\n\t\t\t\t<div class=\"elementor-element elementor-element-efa07cc elementor-widget elementor-widget-heading\" data-id=\"efa07cc\" data-element_type=\"widget\" data-e-type=\"widget\" data-widget_type=\"heading.default\">\n\t\t\t\t<div class=\"elementor-widget-container\">\n\t\t\t\t\t<h3 class=\"elementor-heading-title elementor-size-default\"><a href=\"https:\/\/www.portovenere.fr\/fr-fr\/carrelage-sol-et-mur-en-gres-cerame-et-faience\/carrelage-aspect-pierre\/carrelage-gres-cerame-effet-pierre-veinee-marron-umbrella\/\">UMBRELLA | 1 coloris<\/a><\/h3>\t\t\t\t<\/div>\n\t\t\t\t<\/div>\n\t\t\t\t<div class=\"elementor-element elementor-element-1af4f02 elementor-widget__width-initial elementor-widget elementor-widget-gallery\" data-id=\"1af4f02\" data-element_type=\"widget\" data-e-type=\"widget\" data-settings=\"{&quot;gap&quot;:{&quot;unit&quot;:&quot;px&quot;,&quot;size&quot;:3,&quot;sizes&quot;:[]},&quot;columns_mobile&quot;:3,&quot;gap_mobile&quot;:{&quot;unit&quot;:&quot;px&quot;,&quot;size&quot;:6,&quot;sizes&quot;:[]},&quot;columns&quot;:5,&quot;columns_tablet&quot;:3,&quot;gap_tablet&quot;:{&quot;unit&quot;:&quot;px&quot;,&quot;size&quot;:5,&quot;sizes&quot;:[]},&quot;lazyload&quot;:&quot;yes&quot;,&quot;gallery_layout&quot;:&quot;grid&quot;,&quot;link_to&quot;:&quot;file&quot;,&quot;aspect_ratio&quot;:&quot;3:2&quot;,&quot;overlay_background&quot;:&quot;yes&quot;,&quot;content_hover_animation&quot;:&quot;fade-in&quot;}\" data-widget_type=\"gallery.default\">\n\t\t\t\t<div class=\"elementor-widget-container\">\n\t\t\t\t\t\t\t<div class=\"elementor-gallery__container\">\n\t\t\t\t\t\t\t<a class=\"e-gallery-item elementor-gallery-item elementor-animated-content\" href=\"https:\/\/www.portovenere.fr\/fr-fr\/wp-content\/uploads\/2021\/05\/Carrelage_imitation_pierre_veinee_marron_en_gres_cerame_de_qualite_pour_sol_et_mur_pres_de_Servian_Herault_34.jpg\" data-elementor-open-lightbox=\"yes\" data-elementor-lightbox-slideshow=\"1af4f02\" data-elementor-lightbox-title=\"Carrelage_imitation_pierre_vein\u00e9e_marron_en_gr\u00e8s_c\u00e9rame_de_qualit\u00e9_pour_sol_et_mur_pr\u00e8s_de_Servian_H\u00e9rault_34\" data-e-action-hash=\"#elementor-action%3Aaction%3Dlightbox%26settings%3DeyJpZCI6MzY4OTYsInVybCI6Imh0dHBzOlwvXC93d3cucG9ydG92ZW5lcmUuZnJcL2ZyLWZyXC93cC1jb250ZW50XC91cGxvYWRzXC8yMDIxXC8wNVwvQ2FycmVsYWdlX2ltaXRhdGlvbl9waWVycmVfdmVpbmVlX21hcnJvbl9lbl9ncmVzX2NlcmFtZV9kZV9xdWFsaXRlX3BvdXJfc29sX2V0X211cl9wcmVzX2RlX1NlcnZpYW5fSGVyYXVsdF8zNC5qcGciLCJzbGlkZXNob3ciOiIxYWY0ZjAyIn0%3D\">\n\t\t\t\t\t<div class=\"e-gallery-image elementor-gallery-item__image\" data-thumbnail=\"https:\/\/www.portovenere.fr\/fr-fr\/wp-content\/uploads\/2021\/05\/Carrelage_imitation_pierre_veinee_marron_en_gres_cerame_de_qualite_pour_sol_et_mur_pres_de_Servian_Herault_34-150x150.jpg\" data-width=\"150\" data-height=\"150\" aria-label=\"Carrelage marron en gr\u00e8s c\u00e9rame de qualit\u00e9 6mm\" role=\"img\" ><\/div>\n\t\t\t\t\t\t\t\t\t\t\t<div class=\"elementor-gallery-item__overlay\"><\/div>\n\t\t\t\t\t\t\t\t\t\t\t\t\t\t<\/a>\n\t\t\t\t\t<\/div>\n\t\t\t\t\t<\/div>\n\t\t\t\t<\/div>\n\t\t\t\t<div class=\"elementor-element elementor-element-59d03b5 elementor-widget elementor-widget-text-editor\" data-id=\"59d03b5\" data-element_type=\"widget\" data-e-type=\"widget\" data-widget_type=\"text-editor.default\">\n\t\t\t\t<div class=\"elementor-widget-container\">\n\t\t\t\t\t\t\t\t\t<p>Cette collection de carrelage en <b>gr\u00e8s c\u00e9ra<\/b><strong>me<\/strong> se <b>pose au sol et au mur<\/b>. Umbrella offre un merveilleux rendu <b>aspect pierre vein\u00e9e<\/b> de teinte <b>marron<\/b>.<\/p><p>Le carrelage Umbrella est disponible dans de <b>nombreux formats<\/b> pour int\u00e9rieur en <b>6mm d&rsquo;\u00e9paisseur <\/b>: 10&#215;20 cm, 20&#215;20 cm, 100&#215;100, 100&#215;250, 150&#215;150, 150x320cm mais aussi dans 2 formats pour l&rsquo;ext\u00e9rieur d\u00e9clin\u00e9s en version antid\u00e9rapante de <b>20mm d&rsquo;\u00e9paisseur<\/b> : 20&#215;20 cm et 20&#215;30 cm (classe R12 C). Vos espaces <b>int\u00e9rieurs et ext\u00e9rieurs<\/b> ne feront plus qu&rsquo;un !<\/p>\t\t\t\t\t\t\t\t<\/div>\n\t\t\t\t<\/div>\n\t\t\t\t<div class=\"elementor-element elementor-element-6598444 elementor-mobile-align-center elementor-align-left elementor-widget elementor-widget-button\" data-id=\"6598444\" data-element_type=\"widget\" data-e-type=\"widget\" data-widget_type=\"button.default\">\n\t\t\t\t<div class=\"elementor-widget-container\">\n\t\t\t\t\t\t\t\t\t<div class=\"elementor-button-wrapper\">\n\t\t\t\t\t<a class=\"elementor-button elementor-button-link elementor-size-sm\" href=\"https:\/\/www.portovenere.fr\/fr-fr\/carrelage-sol-et-mur-en-gres-cerame-et-faience\/carrelage-aspect-pierre\/carrelage-gres-cerame-effet-pierre-veinee-marron-umbrella\/\">\n\t\t\t\t\t\t<span class=\"elementor-button-content-wrapper\">\n\t\t\t\t\t\t\t\t\t<span class=\"elementor-button-text\">Voir la collection<\/span>\n\t\t\t\t\t<\/span>\n\t\t\t\t\t<\/a>\n\t\t\t\t<\/div>\n\t\t\t\t\t\t\t\t<\/div>\n\t\t\t\t<\/div>\n\t\t\t\t\t<\/div>\n\t\t<\/div>\n\t\t\t\t\t<\/div>\n\t\t<\/section>\n\t\t\t\t<section class=\"elementor-section elementor-top-section elementor-element elementor-element-448e846 elementor-section-boxed elementor-section-height-default elementor-section-height-default elementor-invisible\" data-id=\"448e846\" data-element_type=\"section\" data-e-type=\"section\" data-settings=\"{&quot;background_background&quot;:&quot;classic&quot;,&quot;animation&quot;:&quot;fadeIn&quot;}\">\n\t\t\t\t\t\t<div class=\"elementor-container elementor-column-gap-default\">\n\t\t\t\t\t<div class=\"elementor-column elementor-col-33 elementor-top-column elementor-element elementor-element-4489475\" data-id=\"4489475\" data-element_type=\"column\" data-e-type=\"column\" data-settings=\"{&quot;background_background&quot;:&quot;classic&quot;}\">\n\t\t\t<div class=\"elementor-widget-wrap elementor-element-populated\">\n\t\t\t\t\t\t<div class=\"elementor-element elementor-element-17f9062 elementor-widget elementor-widget-image\" data-id=\"17f9062\" data-element_type=\"widget\" data-e-type=\"widget\" data-widget_type=\"image.default\">\n\t\t\t\t<div class=\"elementor-widget-container\">\n\t\t\t\t\t\t\t\t\t\t\t\t\t\t\t\t<a href=\"https:\/\/www.portovenere.fr\/fr-fr\/carrelage-sol-et-mur-en-gres-cerame-et-faience\/carrelage-aspect-pierre\/carrelage-aspect-pierre-naturelle-pierre-scandinave\/\">\n\t\t\t\t\t\t\t<img loading=\"lazy\" decoding=\"async\" width=\"800\" height=\"534\" src=\"https:\/\/www.portovenere.fr\/fr-fr\/wp-content\/uploads\/2019\/09\/Carrelage-aspect-Pierre-Scandinave-Danemark-ext\u00e9rieur-20mm-60x120-1024x683.jpg\" class=\"attachment-large size-large wp-image-14522\" alt=\"\" srcset=\"https:\/\/www.portovenere.fr\/fr-fr\/wp-content\/uploads\/2019\/09\/Carrelage-aspect-Pierre-Scandinave-Danemark-ext\u00e9rieur-20mm-60x120-1024x683.jpg 1024w, https:\/\/www.portovenere.fr\/fr-fr\/wp-content\/uploads\/2019\/09\/Carrelage-aspect-Pierre-Scandinave-Danemark-ext\u00e9rieur-20mm-60x120-300x200.jpg 300w, https:\/\/www.portovenere.fr\/fr-fr\/wp-content\/uploads\/2019\/09\/Carrelage-aspect-Pierre-Scandinave-Danemark-ext\u00e9rieur-20mm-60x120-768x512.jpg 768w, https:\/\/www.portovenere.fr\/fr-fr\/wp-content\/uploads\/2019\/09\/Carrelage-aspect-Pierre-Scandinave-Danemark-ext\u00e9rieur-20mm-60x120.jpg 1500w\" sizes=\"(max-width: 800px) 100vw, 800px\" \/>\t\t\t\t\t\t\t\t<\/a>\n\t\t\t\t\t\t\t\t\t\t\t\t\t\t\t<\/div>\n\t\t\t\t<\/div>\n\t\t\t\t<div class=\"elementor-element elementor-element-7bf3145 elementor-widget elementor-widget-heading\" data-id=\"7bf3145\" data-element_type=\"widget\" data-e-type=\"widget\" data-widget_type=\"heading.default\">\n\t\t\t\t<div class=\"elementor-widget-container\">\n\t\t\t\t\t<h3 class=\"elementor-heading-title elementor-size-default\"><a href=\"https:\/\/www.portovenere.fr\/fr-fr\/carrelage-sol-et-mur-en-gres-cerame-et-faience\/carrelage-aspect-pierre\/carrelage-aspect-pierre-naturelle-pierre-scandinave\/\">PIERRE SCANDINAVE | 4 coloris<\/a><\/h3>\t\t\t\t<\/div>\n\t\t\t\t<\/div>\n\t\t\t\t<div class=\"elementor-element elementor-element-732fe63 elementor-widget__width-initial elementor-widget elementor-widget-gallery\" data-id=\"732fe63\" data-element_type=\"widget\" data-e-type=\"widget\" data-settings=\"{&quot;gap&quot;:{&quot;unit&quot;:&quot;px&quot;,&quot;size&quot;:3,&quot;sizes&quot;:[]},&quot;columns_mobile&quot;:3,&quot;gap_mobile&quot;:{&quot;unit&quot;:&quot;px&quot;,&quot;size&quot;:6,&quot;sizes&quot;:[]},&quot;columns&quot;:5,&quot;columns_tablet&quot;:3,&quot;gap_tablet&quot;:{&quot;unit&quot;:&quot;px&quot;,&quot;size&quot;:5,&quot;sizes&quot;:[]},&quot;lazyload&quot;:&quot;yes&quot;,&quot;gallery_layout&quot;:&quot;grid&quot;,&quot;link_to&quot;:&quot;file&quot;,&quot;aspect_ratio&quot;:&quot;3:2&quot;,&quot;overlay_background&quot;:&quot;yes&quot;,&quot;content_hover_animation&quot;:&quot;fade-in&quot;}\" data-widget_type=\"gallery.default\">\n\t\t\t\t<div class=\"elementor-widget-container\">\n\t\t\t\t\t\t\t<div class=\"elementor-gallery__container\">\n\t\t\t\t\t\t\t<a class=\"e-gallery-item elementor-gallery-item elementor-animated-content\" href=\"https:\/\/www.portovenere.fr\/fr-fr\/wp-content\/uploads\/2019\/09\/Pierre-Scandinave-Su\u00e8de.jpg\" data-elementor-open-lightbox=\"yes\" data-elementor-lightbox-slideshow=\"732fe63\" data-elementor-lightbox-title=\"Pierre-Scandinave-Su\u00e8de\" data-e-action-hash=\"#elementor-action%3Aaction%3Dlightbox%26settings%3DeyJpZCI6MTQwNjAsInVybCI6Imh0dHBzOlwvXC93d3cucG9ydG92ZW5lcmUuZnJcL2ZyLWZyXC93cC1jb250ZW50XC91cGxvYWRzXC8yMDE5XC8wOVwvUGllcnJlLVNjYW5kaW5hdmUtU3VcdTAwZThkZS5qcGciLCJzbGlkZXNob3ciOiI3MzJmZTYzIn0%3D\">\n\t\t\t\t\t<div class=\"e-gallery-image elementor-gallery-item__image\" data-thumbnail=\"https:\/\/www.portovenere.fr\/fr-fr\/wp-content\/uploads\/2019\/09\/Pierre-Scandinave-Su\u00e8de-150x150.jpg\" data-width=\"150\" data-height=\"150\" aria-label=\"\" role=\"img\" ><\/div>\n\t\t\t\t\t\t\t\t\t\t\t<div class=\"elementor-gallery-item__overlay\"><\/div>\n\t\t\t\t\t\t\t\t\t\t\t\t\t\t<\/a>\n\t\t\t\t\t\t\t<a class=\"e-gallery-item elementor-gallery-item elementor-animated-content\" href=\"https:\/\/www.portovenere.fr\/fr-fr\/wp-content\/uploads\/2019\/09\/Pierre-Scandinave-Islande.jpg\" data-elementor-open-lightbox=\"yes\" data-elementor-lightbox-slideshow=\"732fe63\" data-elementor-lightbox-title=\"Pierre-Scandinave-Islande\" data-e-action-hash=\"#elementor-action%3Aaction%3Dlightbox%26settings%3DeyJpZCI6MTQwNTksInVybCI6Imh0dHBzOlwvXC93d3cucG9ydG92ZW5lcmUuZnJcL2ZyLWZyXC93cC1jb250ZW50XC91cGxvYWRzXC8yMDE5XC8wOVwvUGllcnJlLVNjYW5kaW5hdmUtSXNsYW5kZS5qcGciLCJzbGlkZXNob3ciOiI3MzJmZTYzIn0%3D\">\n\t\t\t\t\t<div class=\"e-gallery-image elementor-gallery-item__image\" data-thumbnail=\"https:\/\/www.portovenere.fr\/fr-fr\/wp-content\/uploads\/2019\/09\/Pierre-Scandinave-Islande-150x150.jpg\" data-width=\"150\" data-height=\"150\" aria-label=\"\" role=\"img\" ><\/div>\n\t\t\t\t\t\t\t\t\t\t\t<div class=\"elementor-gallery-item__overlay\"><\/div>\n\t\t\t\t\t\t\t\t\t\t\t\t\t\t<\/a>\n\t\t\t\t\t\t\t<a class=\"e-gallery-item elementor-gallery-item elementor-animated-content\" href=\"https:\/\/www.portovenere.fr\/fr-fr\/wp-content\/uploads\/2019\/09\/Pierre-Scandinave-Danemark.jpg\" data-elementor-open-lightbox=\"yes\" data-elementor-lightbox-slideshow=\"732fe63\" data-elementor-lightbox-title=\"Pierre-Scandinave-Danemark\" data-e-action-hash=\"#elementor-action%3Aaction%3Dlightbox%26settings%3DeyJpZCI6MTQwNTcsInVybCI6Imh0dHBzOlwvXC93d3cucG9ydG92ZW5lcmUuZnJcL2ZyLWZyXC93cC1jb250ZW50XC91cGxvYWRzXC8yMDE5XC8wOVwvUGllcnJlLVNjYW5kaW5hdmUtRGFuZW1hcmsuanBnIiwic2xpZGVzaG93IjoiNzMyZmU2MyJ9\">\n\t\t\t\t\t<div class=\"e-gallery-image elementor-gallery-item__image\" data-thumbnail=\"https:\/\/www.portovenere.fr\/fr-fr\/wp-content\/uploads\/2019\/09\/Pierre-Scandinave-Danemark-150x150.jpg\" data-width=\"150\" data-height=\"150\" aria-label=\"\" role=\"img\" ><\/div>\n\t\t\t\t\t\t\t\t\t\t\t<div class=\"elementor-gallery-item__overlay\"><\/div>\n\t\t\t\t\t\t\t\t\t\t\t\t\t\t<\/a>\n\t\t\t\t\t\t\t<a class=\"e-gallery-item elementor-gallery-item elementor-animated-content\" href=\"https:\/\/www.portovenere.fr\/fr-fr\/wp-content\/uploads\/2019\/09\/Pierre-Scandinave-Finlande.jpg\" data-elementor-open-lightbox=\"yes\" data-elementor-lightbox-slideshow=\"732fe63\" data-elementor-lightbox-title=\"Pierre-Scandinave-Finlande\" data-e-action-hash=\"#elementor-action%3Aaction%3Dlightbox%26settings%3DeyJpZCI6MTQwNTgsInVybCI6Imh0dHBzOlwvXC93d3cucG9ydG92ZW5lcmUuZnJcL2ZyLWZyXC93cC1jb250ZW50XC91cGxvYWRzXC8yMDE5XC8wOVwvUGllcnJlLVNjYW5kaW5hdmUtRmlubGFuZGUuanBnIiwic2xpZGVzaG93IjoiNzMyZmU2MyJ9\">\n\t\t\t\t\t<div class=\"e-gallery-image elementor-gallery-item__image\" data-thumbnail=\"https:\/\/www.portovenere.fr\/fr-fr\/wp-content\/uploads\/2019\/09\/Pierre-Scandinave-Finlande-150x150.jpg\" data-width=\"150\" data-height=\"150\" aria-label=\"\" role=\"img\" ><\/div>\n\t\t\t\t\t\t\t\t\t\t\t<div class=\"elementor-gallery-item__overlay\"><\/div>\n\t\t\t\t\t\t\t\t\t\t\t\t\t\t<\/a>\n\t\t\t\t\t<\/div>\n\t\t\t\t\t<\/div>\n\t\t\t\t<\/div>\n\t\t\t\t<div class=\"elementor-element elementor-element-bd3f736 elementor-widget elementor-widget-text-editor\" data-id=\"bd3f736\" data-element_type=\"widget\" data-e-type=\"widget\" data-widget_type=\"text-editor.default\">\n\t\t\t\t<div class=\"elementor-widget-container\">\n\t\t\t\t\t\t\t\t\tDes tonalit\u00e9s raffin\u00e9es\u00a0qui\u00a0interpr\u00e8tent au mieux les\u00a0grands\u00a0espaces de l\u2019architecture contemporaine.\u00a0Les finitions naturelles et antid\u00e9rapantes ont une forte capacit\u00e9 de r\u00e9sistance au trafic intense en int\u00e9rieur et ext\u00e9rieur.\u00a0La finition Lappato (satin\u00e9 adouci), donne quant \u00e0 elle une surface soyeuse et\u00a0douce au toucher et met en lumi\u00e8re de subtils\u00a0reflets.\u00a0D\u00e9cors fibres, mosa\u00efques, chevrons, listels viennent compl\u00e9ter une collection propos\u00e9e dans de tr\u00e8s nombreux formats.\t\t\t\t\t\t\t\t<\/div>\n\t\t\t\t<\/div>\n\t\t\t\t<div class=\"elementor-element elementor-element-000e879 elementor-mobile-align-center elementor-align-left elementor-widget elementor-widget-button\" data-id=\"000e879\" data-element_type=\"widget\" data-e-type=\"widget\" data-widget_type=\"button.default\">\n\t\t\t\t<div class=\"elementor-widget-container\">\n\t\t\t\t\t\t\t\t\t<div class=\"elementor-button-wrapper\">\n\t\t\t\t\t<a class=\"elementor-button elementor-button-link elementor-size-sm\" href=\"https:\/\/www.portovenere.fr\/fr-fr\/carrelage-sol-et-mur-en-gres-cerame-et-faience\/carrelage-aspect-pierre\/carrelage-aspect-pierre-naturelle-pierre-scandinave\/\">\n\t\t\t\t\t\t<span class=\"elementor-button-content-wrapper\">\n\t\t\t\t\t\t\t\t\t<span class=\"elementor-button-text\">Voir la collection<\/span>\n\t\t\t\t\t<\/span>\n\t\t\t\t\t<\/a>\n\t\t\t\t<\/div>\n\t\t\t\t\t\t\t\t<\/div>\n\t\t\t\t<\/div>\n\t\t\t\t\t<\/div>\n\t\t<\/div>\n\t\t\t\t<div class=\"elementor-column elementor-col-33 elementor-top-column elementor-element elementor-element-a1af841\" data-id=\"a1af841\" data-element_type=\"column\" data-e-type=\"column\" data-settings=\"{&quot;background_background&quot;:&quot;classic&quot;}\">\n\t\t\t<div class=\"elementor-widget-wrap elementor-element-populated\">\n\t\t\t\t\t\t<div class=\"elementor-element elementor-element-30d29bb elementor-widget elementor-widget-image\" data-id=\"30d29bb\" data-element_type=\"widget\" data-e-type=\"widget\" data-widget_type=\"image.default\">\n\t\t\t\t<div class=\"elementor-widget-container\">\n\t\t\t\t\t\t\t\t\t\t\t\t\t\t\t\t<a href=\"https:\/\/www.portovenere.fr\/fr-fr\/carrelage-sol-et-mur-en-gres-cerame-et-faience\/carrelage-aspect-pierre\/carrelage-aspect-pierre-naturelle-allos\/\">\n\t\t\t\t\t\t\t<img decoding=\"async\" src=\"https:\/\/www.portovenere.fr\/fr-fr\/wp-content\/uploads\/elementor\/thumbs\/Allos-Anthracite-bouchard\u00e9-90x270-au-mur-et-Anthracite-naturel-90x90-au-sol-et-carrelage-Bois-Noble-imitation-parquet-au-mur-r8ia9pwaoywxc00u0qfhdqswtrt3kdrt0s148qqv2g.jpg\" title=\"Allos-Anthracite-bouchard\u00e9-90&#215;270-au-mur-et-Anthracite-naturel-90&#215;90-au-sol-(et-carrelage-Bois-Noble-imitation-parquet-au-mur)\" alt=\"Allos-Anthracite-bouchard\u00e9-90x270-au-mur-et-Anthracite-naturel-90x90-au-sol-(et-carrelage-Bois-Noble-imitation-parquet-au-mur)\" loading=\"lazy\" \/>\t\t\t\t\t\t\t\t<\/a>\n\t\t\t\t\t\t\t\t\t\t\t\t\t\t\t<\/div>\n\t\t\t\t<\/div>\n\t\t\t\t<div class=\"elementor-element elementor-element-80fee62 elementor-widget elementor-widget-heading\" data-id=\"80fee62\" data-element_type=\"widget\" data-e-type=\"widget\" data-widget_type=\"heading.default\">\n\t\t\t\t<div class=\"elementor-widget-container\">\n\t\t\t\t\t<h3 class=\"elementor-heading-title elementor-size-default\"><a href=\"https:\/\/www.portovenere.fr\/fr-fr\/carrelage-sol-et-mur-en-gres-cerame-et-faience\/carrelage-aspect-pierre\/carrelage-aspect-pierre-naturelle-allos\/\">ALLOS | 4 coloris<\/a><\/h3>\t\t\t\t<\/div>\n\t\t\t\t<\/div>\n\t\t\t\t<div class=\"elementor-element elementor-element-26c8c52 elementor-widget__width-initial elementor-widget elementor-widget-gallery\" data-id=\"26c8c52\" data-element_type=\"widget\" data-e-type=\"widget\" data-settings=\"{&quot;gap&quot;:{&quot;unit&quot;:&quot;px&quot;,&quot;size&quot;:3,&quot;sizes&quot;:[]},&quot;columns_mobile&quot;:3,&quot;gap_mobile&quot;:{&quot;unit&quot;:&quot;px&quot;,&quot;size&quot;:6,&quot;sizes&quot;:[]},&quot;columns&quot;:5,&quot;columns_tablet&quot;:3,&quot;gap_tablet&quot;:{&quot;unit&quot;:&quot;px&quot;,&quot;size&quot;:5,&quot;sizes&quot;:[]},&quot;lazyload&quot;:&quot;yes&quot;,&quot;gallery_layout&quot;:&quot;grid&quot;,&quot;link_to&quot;:&quot;file&quot;,&quot;aspect_ratio&quot;:&quot;3:2&quot;,&quot;overlay_background&quot;:&quot;yes&quot;,&quot;content_hover_animation&quot;:&quot;fade-in&quot;}\" data-widget_type=\"gallery.default\">\n\t\t\t\t<div class=\"elementor-widget-container\">\n\t\t\t\t\t\t\t<div class=\"elementor-gallery__container\">\n\t\t\t\t\t\t\t<a class=\"e-gallery-item elementor-gallery-item elementor-animated-content\" href=\"https:\/\/www.portovenere.fr\/fr-fr\/wp-content\/uploads\/2019\/08\/Allos-Lightgrey-naturel.jpg\" data-elementor-open-lightbox=\"yes\" data-elementor-lightbox-slideshow=\"26c8c52\" data-elementor-lightbox-title=\"Allos-Lightgrey-naturel\" data-e-action-hash=\"#elementor-action%3Aaction%3Dlightbox%26settings%3DeyJpZCI6MTMxMDEsInVybCI6Imh0dHBzOlwvXC93d3cucG9ydG92ZW5lcmUuZnJcL2ZyLWZyXC93cC1jb250ZW50XC91cGxvYWRzXC8yMDE5XC8wOFwvQWxsb3MtTGlnaHRncmV5LW5hdHVyZWwuanBnIiwic2xpZGVzaG93IjoiMjZjOGM1MiJ9\">\n\t\t\t\t\t<div class=\"e-gallery-image elementor-gallery-item__image\" data-thumbnail=\"https:\/\/www.portovenere.fr\/fr-fr\/wp-content\/uploads\/2019\/08\/Allos-Lightgrey-naturel-150x150.jpg\" data-width=\"150\" data-height=\"150\" aria-label=\"\" role=\"img\" ><\/div>\n\t\t\t\t\t\t\t\t\t\t\t<div class=\"elementor-gallery-item__overlay\"><\/div>\n\t\t\t\t\t\t\t\t\t\t\t\t\t\t<\/a>\n\t\t\t\t\t\t\t<a class=\"e-gallery-item elementor-gallery-item elementor-animated-content\" href=\"https:\/\/www.portovenere.fr\/fr-fr\/wp-content\/uploads\/2022\/01\/Sand.gif\" data-elementor-open-lightbox=\"yes\" data-elementor-lightbox-slideshow=\"26c8c52\" data-elementor-lightbox-title=\"Sand\" data-e-action-hash=\"#elementor-action%3Aaction%3Dlightbox%26settings%3DeyJpZCI6NDA4MjUsInVybCI6Imh0dHBzOlwvXC93d3cucG9ydG92ZW5lcmUuZnJcL2ZyLWZyXC93cC1jb250ZW50XC91cGxvYWRzXC8yMDIyXC8wMVwvU2FuZC5naWYiLCJzbGlkZXNob3ciOiIyNmM4YzUyIn0%3D\">\n\t\t\t\t\t<div class=\"e-gallery-image elementor-gallery-item__image\" data-thumbnail=\"https:\/\/www.portovenere.fr\/fr-fr\/wp-content\/uploads\/2022\/01\/Sand-150x150.gif\" data-width=\"150\" data-height=\"150\" aria-label=\"\" role=\"img\" ><\/div>\n\t\t\t\t\t\t\t\t\t\t\t<div class=\"elementor-gallery-item__overlay\"><\/div>\n\t\t\t\t\t\t\t\t\t\t\t\t\t\t<\/a>\n\t\t\t\t\t\t\t<a class=\"e-gallery-item elementor-gallery-item elementor-animated-content\" href=\"https:\/\/www.portovenere.fr\/fr-fr\/wp-content\/uploads\/2019\/08\/Allos-Anthracite-naturel.jpg\" data-elementor-open-lightbox=\"yes\" data-elementor-lightbox-slideshow=\"26c8c52\" data-elementor-lightbox-title=\"Allos-Anthracite-naturel\" data-e-action-hash=\"#elementor-action%3Aaction%3Dlightbox%26settings%3DeyJpZCI6MTMwOTgsInVybCI6Imh0dHBzOlwvXC93d3cucG9ydG92ZW5lcmUuZnJcL2ZyLWZyXC93cC1jb250ZW50XC91cGxvYWRzXC8yMDE5XC8wOFwvQWxsb3MtQW50aHJhY2l0ZS1uYXR1cmVsLmpwZyIsInNsaWRlc2hvdyI6IjI2YzhjNTIifQ%3D%3D\">\n\t\t\t\t\t<div class=\"e-gallery-image elementor-gallery-item__image\" data-thumbnail=\"https:\/\/www.portovenere.fr\/fr-fr\/wp-content\/uploads\/2019\/08\/Allos-Anthracite-naturel-150x150.jpg\" data-width=\"150\" data-height=\"150\" aria-label=\"\" role=\"img\" ><\/div>\n\t\t\t\t\t\t\t\t\t\t\t<div class=\"elementor-gallery-item__overlay\"><\/div>\n\t\t\t\t\t\t\t\t\t\t\t\t\t\t<\/a>\n\t\t\t\t\t\t\t<a class=\"e-gallery-item elementor-gallery-item elementor-animated-content\" href=\"https:\/\/www.portovenere.fr\/fr-fr\/wp-content\/uploads\/2019\/08\/Allos-grey-naturel.jpg\" data-elementor-open-lightbox=\"yes\" data-elementor-lightbox-slideshow=\"26c8c52\" data-elementor-lightbox-title=\"Allos-grey-naturel\" data-e-action-hash=\"#elementor-action%3Aaction%3Dlightbox%26settings%3DeyJpZCI6MTMxMDAsInVybCI6Imh0dHBzOlwvXC93d3cucG9ydG92ZW5lcmUuZnJcL2ZyLWZyXC93cC1jb250ZW50XC91cGxvYWRzXC8yMDE5XC8wOFwvQWxsb3MtZ3JleS1uYXR1cmVsLmpwZyIsInNsaWRlc2hvdyI6IjI2YzhjNTIifQ%3D%3D\">\n\t\t\t\t\t<div class=\"e-gallery-image elementor-gallery-item__image\" data-thumbnail=\"https:\/\/www.portovenere.fr\/fr-fr\/wp-content\/uploads\/2019\/08\/Allos-grey-naturel-150x150.jpg\" data-width=\"150\" data-height=\"150\" aria-label=\"\" role=\"img\" ><\/div>\n\t\t\t\t\t\t\t\t\t\t\t<div class=\"elementor-gallery-item__overlay\"><\/div>\n\t\t\t\t\t\t\t\t\t\t\t\t\t\t<\/a>\n\t\t\t\t\t<\/div>\n\t\t\t\t\t<\/div>\n\t\t\t\t<\/div>\n\t\t\t\t<div class=\"elementor-element elementor-element-aba6fe1 elementor-widget elementor-widget-text-editor\" data-id=\"aba6fe1\" data-element_type=\"widget\" data-e-type=\"widget\" data-widget_type=\"text-editor.default\">\n\t\t\t\t<div class=\"elementor-widget-container\">\n\t\t\t\t\t\t\t\t\t<p>Carrelage de sol et mur en gr\u00e8s c\u00e9rame aspect pierre dont le travaille des veines \u00e0 \u00e9t\u00e9 minutieusement \u00e9tudi\u00e9 pour un rendu exceptionnel. Disponible en 4 tonalit\u00e9s, ce carrelage se pose en&nbsp;int\u00e9rieur et en&nbsp;ext\u00e9rieur gr\u00e2ce \u00e0 sa finition antid\u00e9rapante. Une finition soft textured (reliefs fins et r\u00e9alistes) vient compl\u00e9ter cette belle collection.<\/p>\t\t\t\t\t\t\t\t<\/div>\n\t\t\t\t<\/div>\n\t\t\t\t<div class=\"elementor-element elementor-element-9dc1e62 elementor-mobile-align-center elementor-align-left elementor-widget elementor-widget-button\" data-id=\"9dc1e62\" data-element_type=\"widget\" data-e-type=\"widget\" data-widget_type=\"button.default\">\n\t\t\t\t<div class=\"elementor-widget-container\">\n\t\t\t\t\t\t\t\t\t<div class=\"elementor-button-wrapper\">\n\t\t\t\t\t<a class=\"elementor-button elementor-button-link elementor-size-sm\" href=\"https:\/\/www.portovenere.fr\/fr-fr\/carrelage-sol-et-mur-en-gres-cerame-et-faience\/carrelage-aspect-pierre\/carrelage-aspect-pierre-naturelle-allos\/\">\n\t\t\t\t\t\t<span class=\"elementor-button-content-wrapper\">\n\t\t\t\t\t\t\t\t\t<span class=\"elementor-button-text\">Voir la collection<\/span>\n\t\t\t\t\t<\/span>\n\t\t\t\t\t<\/a>\n\t\t\t\t<\/div>\n\t\t\t\t\t\t\t\t<\/div>\n\t\t\t\t<\/div>\n\t\t\t\t\t<\/div>\n\t\t<\/div>\n\t\t\t\t<div class=\"elementor-column elementor-col-33 elementor-top-column elementor-element elementor-element-0c7afa2\" data-id=\"0c7afa2\" data-element_type=\"column\" data-e-type=\"column\">\n\t\t\t<div class=\"elementor-widget-wrap elementor-element-populated\">\n\t\t\t\t\t\t<div class=\"elementor-element elementor-element-03538bb elementor-widget elementor-widget-image\" data-id=\"03538bb\" data-element_type=\"widget\" data-e-type=\"widget\" data-widget_type=\"image.default\">\n\t\t\t\t<div class=\"elementor-widget-container\">\n\t\t\t\t\t\t\t\t\t\t\t\t\t\t\t\t<a href=\"https:\/\/www.portovenere.fr\/fr-fr\/carrelage-sol-et-mur-en-gres-cerame-et-faience\/carrelage-aspect-pierre\/carrelage-aspect-pierre-naturelle-evolution\/\">\n\t\t\t\t\t\t\t<img loading=\"lazy\" decoding=\"async\" width=\"800\" height=\"534\" src=\"https:\/\/www.portovenere.fr\/fr-fr\/wp-content\/uploads\/2020\/03\/Carrelage-aspect-pierre-contemporaine-interieur-exterieur-Evolution.jpg\" class=\"attachment-large size-large wp-image-26402\" alt=\"\" srcset=\"https:\/\/www.portovenere.fr\/fr-fr\/wp-content\/uploads\/2020\/03\/Carrelage-aspect-pierre-contemporaine-interieur-exterieur-Evolution.jpg 1024w, https:\/\/www.portovenere.fr\/fr-fr\/wp-content\/uploads\/2020\/03\/Carrelage-aspect-pierre-contemporaine-interieur-exterieur-Evolution-300x200.jpg 300w, https:\/\/www.portovenere.fr\/fr-fr\/wp-content\/uploads\/2020\/03\/Carrelage-aspect-pierre-contemporaine-interieur-exterieur-Evolution-768x512.jpg 768w\" sizes=\"(max-width: 800px) 100vw, 800px\" \/>\t\t\t\t\t\t\t\t<\/a>\n\t\t\t\t\t\t\t\t\t\t\t\t\t\t\t<\/div>\n\t\t\t\t<\/div>\n\t\t\t\t<div class=\"elementor-element elementor-element-243bba5 elementor-widget elementor-widget-heading\" data-id=\"243bba5\" data-element_type=\"widget\" data-e-type=\"widget\" data-widget_type=\"heading.default\">\n\t\t\t\t<div class=\"elementor-widget-container\">\n\t\t\t\t\t<h3 class=\"elementor-heading-title elementor-size-default\"><a href=\"https:\/\/www.portovenere.fr\/fr-fr\/carrelage-sol-et-mur-en-gres-cerame-et-faience\/carrelage-aspect-pierre\/carrelage-aspect-pierre-naturelle-evolution\/\">EVOLUTION | 5 coloris<\/a><\/h3>\t\t\t\t<\/div>\n\t\t\t\t<\/div>\n\t\t\t\t<div class=\"elementor-element elementor-element-1e798e7 elementor-widget__width-initial elementor-widget elementor-widget-gallery\" data-id=\"1e798e7\" data-element_type=\"widget\" data-e-type=\"widget\" data-settings=\"{&quot;gap&quot;:{&quot;unit&quot;:&quot;px&quot;,&quot;size&quot;:3,&quot;sizes&quot;:[]},&quot;columns_mobile&quot;:3,&quot;gap_mobile&quot;:{&quot;unit&quot;:&quot;px&quot;,&quot;size&quot;:6,&quot;sizes&quot;:[]},&quot;columns&quot;:5,&quot;columns_tablet&quot;:3,&quot;gap_tablet&quot;:{&quot;unit&quot;:&quot;px&quot;,&quot;size&quot;:5,&quot;sizes&quot;:[]},&quot;lazyload&quot;:&quot;yes&quot;,&quot;gallery_layout&quot;:&quot;grid&quot;,&quot;link_to&quot;:&quot;file&quot;,&quot;aspect_ratio&quot;:&quot;3:2&quot;,&quot;overlay_background&quot;:&quot;yes&quot;,&quot;content_hover_animation&quot;:&quot;fade-in&quot;}\" data-widget_type=\"gallery.default\">\n\t\t\t\t<div class=\"elementor-widget-container\">\n\t\t\t\t\t\t\t<div class=\"elementor-gallery__container\">\n\t\t\t\t\t\t\t<a class=\"e-gallery-item elementor-gallery-item elementor-animated-content\" href=\"https:\/\/www.portovenere.fr\/fr-fr\/wp-content\/uploads\/2019\/09\/Carrelage-aspect-pierre-contemporaine-Evolution-TERRA.jpg\" data-elementor-open-lightbox=\"yes\" data-elementor-lightbox-slideshow=\"1e798e7\" data-elementor-lightbox-title=\"Carrelage-aspect-pierre-contemporaine-Evolution-TERRA\" data-e-action-hash=\"#elementor-action%3Aaction%3Dlightbox%26settings%3DeyJpZCI6MTM4MjIsInVybCI6Imh0dHBzOlwvXC93d3cucG9ydG92ZW5lcmUuZnJcL2ZyLWZyXC93cC1jb250ZW50XC91cGxvYWRzXC8yMDE5XC8wOVwvQ2FycmVsYWdlLWFzcGVjdC1waWVycmUtY29udGVtcG9yYWluZS1Fdm9sdXRpb24tVEVSUkEuanBnIiwic2xpZGVzaG93IjoiMWU3OThlNyJ9\">\n\t\t\t\t\t<div class=\"e-gallery-image elementor-gallery-item__image\" data-thumbnail=\"https:\/\/www.portovenere.fr\/fr-fr\/wp-content\/uploads\/2019\/09\/Carrelage-aspect-pierre-contemporaine-Evolution-TERRA-150x150.jpg\" data-width=\"150\" data-height=\"150\" aria-label=\"\" role=\"img\" ><\/div>\n\t\t\t\t\t\t\t\t\t\t\t<div class=\"elementor-gallery-item__overlay\"><\/div>\n\t\t\t\t\t\t\t\t\t\t\t\t\t\t<\/a>\n\t\t\t\t\t\t\t<a class=\"e-gallery-item elementor-gallery-item elementor-animated-content\" href=\"https:\/\/www.portovenere.fr\/fr-fr\/wp-content\/uploads\/2019\/09\/Carrelage-aspect-pierre-contemporaine-Evolution-GRAFITE.jpg\" data-elementor-open-lightbox=\"yes\" data-elementor-lightbox-slideshow=\"1e798e7\" data-elementor-lightbox-title=\"Carrelage-aspect-pierre-contemporaine-Evolution-GRAFITE\" data-e-action-hash=\"#elementor-action%3Aaction%3Dlightbox%26settings%3DeyJpZCI6MTM4MjEsInVybCI6Imh0dHBzOlwvXC93d3cucG9ydG92ZW5lcmUuZnJcL2ZyLWZyXC93cC1jb250ZW50XC91cGxvYWRzXC8yMDE5XC8wOVwvQ2FycmVsYWdlLWFzcGVjdC1waWVycmUtY29udGVtcG9yYWluZS1Fdm9sdXRpb24tR1JBRklURS5qcGciLCJzbGlkZXNob3ciOiIxZTc5OGU3In0%3D\">\n\t\t\t\t\t<div class=\"e-gallery-image elementor-gallery-item__image\" data-thumbnail=\"https:\/\/www.portovenere.fr\/fr-fr\/wp-content\/uploads\/2019\/09\/Carrelage-aspect-pierre-contemporaine-Evolution-GRAFITE-150x150.jpg\" data-width=\"150\" data-height=\"150\" aria-label=\"\" role=\"img\" ><\/div>\n\t\t\t\t\t\t\t\t\t\t\t<div class=\"elementor-gallery-item__overlay\"><\/div>\n\t\t\t\t\t\t\t\t\t\t\t\t\t\t<\/a>\n\t\t\t\t\t\t\t<a class=\"e-gallery-item elementor-gallery-item elementor-animated-content\" href=\"https:\/\/www.portovenere.fr\/fr-fr\/wp-content\/uploads\/2019\/09\/Carrelage-aspect-pierre-contemporaine-Evolution-CENERE.jpg\" data-elementor-open-lightbox=\"yes\" data-elementor-lightbox-slideshow=\"1e798e7\" data-elementor-lightbox-title=\"Carrelage-aspect-pierre-contemporaine-Evolution-CENERE\" data-e-action-hash=\"#elementor-action%3Aaction%3Dlightbox%26settings%3DeyJpZCI6MTM4MjAsInVybCI6Imh0dHBzOlwvXC93d3cucG9ydG92ZW5lcmUuZnJcL2ZyLWZyXC93cC1jb250ZW50XC91cGxvYWRzXC8yMDE5XC8wOVwvQ2FycmVsYWdlLWFzcGVjdC1waWVycmUtY29udGVtcG9yYWluZS1Fdm9sdXRpb24tQ0VORVJFLmpwZyIsInNsaWRlc2hvdyI6IjFlNzk4ZTcifQ%3D%3D\">\n\t\t\t\t\t<div class=\"e-gallery-image elementor-gallery-item__image\" data-thumbnail=\"https:\/\/www.portovenere.fr\/fr-fr\/wp-content\/uploads\/2019\/09\/Carrelage-aspect-pierre-contemporaine-Evolution-CENERE-150x150.jpg\" data-width=\"150\" data-height=\"150\" aria-label=\"\" role=\"img\" ><\/div>\n\t\t\t\t\t\t\t\t\t\t\t<div class=\"elementor-gallery-item__overlay\"><\/div>\n\t\t\t\t\t\t\t\t\t\t\t\t\t\t<\/a>\n\t\t\t\t\t\t\t<a class=\"e-gallery-item elementor-gallery-item elementor-animated-content\" href=\"https:\/\/www.portovenere.fr\/fr-fr\/wp-content\/uploads\/2019\/09\/Carrelage-aspect-pierre-contemporaine-Evolution-AVORIO.jpg\" data-elementor-open-lightbox=\"yes\" data-elementor-lightbox-slideshow=\"1e798e7\" data-elementor-lightbox-title=\"Carrelage-aspect-pierre-contemporaine-orvieto-bianco\" data-e-action-hash=\"#elementor-action%3Aaction%3Dlightbox%26settings%3DeyJpZCI6MTM4MTksInVybCI6Imh0dHBzOlwvXC93d3cucG9ydG92ZW5lcmUuZnJcL2ZyLWZyXC93cC1jb250ZW50XC91cGxvYWRzXC8yMDE5XC8wOVwvQ2FycmVsYWdlLWFzcGVjdC1waWVycmUtY29udGVtcG9yYWluZS1Fdm9sdXRpb24tQVZPUklPLmpwZyIsInNsaWRlc2hvdyI6IjFlNzk4ZTcifQ%3D%3D\">\n\t\t\t\t\t<div class=\"e-gallery-image elementor-gallery-item__image\" data-thumbnail=\"https:\/\/www.portovenere.fr\/fr-fr\/wp-content\/uploads\/2019\/09\/Carrelage-aspect-pierre-contemporaine-Evolution-AVORIO-150x150.jpg\" data-width=\"150\" data-height=\"150\" aria-label=\"Carrelage imitation pierre contemporaine ORVIETO\" role=\"img\" ><\/div>\n\t\t\t\t\t\t\t\t\t\t\t<div class=\"elementor-gallery-item__overlay\"><\/div>\n\t\t\t\t\t\t\t\t\t\t\t\t\t\t<\/a>\n\t\t\t\t\t\t\t<a class=\"e-gallery-item elementor-gallery-item elementor-animated-content\" href=\"https:\/\/www.portovenere.fr\/fr-fr\/wp-content\/uploads\/2019\/09\/Carrelage-aspect-pierre-contemporaine-Evolution-AMBRA.jpg\" data-elementor-open-lightbox=\"yes\" data-elementor-lightbox-slideshow=\"1e798e7\" data-elementor-lightbox-title=\"Carrelage-aspect-pierre-contemporaine-Evolution-AMBRA\" data-e-action-hash=\"#elementor-action%3Aaction%3Dlightbox%26settings%3DeyJpZCI6MTM4MTgsInVybCI6Imh0dHBzOlwvXC93d3cucG9ydG92ZW5lcmUuZnJcL2ZyLWZyXC93cC1jb250ZW50XC91cGxvYWRzXC8yMDE5XC8wOVwvQ2FycmVsYWdlLWFzcGVjdC1waWVycmUtY29udGVtcG9yYWluZS1Fdm9sdXRpb24tQU1CUkEuanBnIiwic2xpZGVzaG93IjoiMWU3OThlNyJ9\">\n\t\t\t\t\t<div class=\"e-gallery-image elementor-gallery-item__image\" data-thumbnail=\"https:\/\/www.portovenere.fr\/fr-fr\/wp-content\/uploads\/2019\/09\/Carrelage-aspect-pierre-contemporaine-Evolution-AMBRA-150x150.jpg\" data-width=\"150\" data-height=\"150\" aria-label=\"\" role=\"img\" ><\/div>\n\t\t\t\t\t\t\t\t\t\t\t<div class=\"elementor-gallery-item__overlay\"><\/div>\n\t\t\t\t\t\t\t\t\t\t\t\t\t\t<\/a>\n\t\t\t\t\t<\/div>\n\t\t\t\t\t<\/div>\n\t\t\t\t<\/div>\n\t\t\t\t<div class=\"elementor-element elementor-element-35d4781 elementor-widget elementor-widget-text-editor\" data-id=\"35d4781\" data-element_type=\"widget\" data-e-type=\"widget\" data-widget_type=\"text-editor.default\">\n\t\t\t\t<div class=\"elementor-widget-container\">\n\t\t\t\t\t\t\t\t\tCinq variantes chromatiques, six formats et trois finitions de surface, \u00e0 combiner librement pour r\u00e9aliser des sols et rev\u00eatir des murs dans des espaces modernes et contemporains. La finition ext\u00e9rieure antid\u00e9rapante R11 est id\u00e9ale pour les terrasses et tour de piscine car elle s&rsquo;adapte \u00e0 tout type de pose : sur plot, \u00e0 la colle, \u00e0 sec sur gazon, sable ou gravier.\t\t\t\t\t\t\t\t<\/div>\n\t\t\t\t<\/div>\n\t\t\t\t<div class=\"elementor-element elementor-element-3e897c2 elementor-mobile-align-center elementor-align-left elementor-widget elementor-widget-button\" data-id=\"3e897c2\" data-element_type=\"widget\" data-e-type=\"widget\" data-widget_type=\"button.default\">\n\t\t\t\t<div class=\"elementor-widget-container\">\n\t\t\t\t\t\t\t\t\t<div class=\"elementor-button-wrapper\">\n\t\t\t\t\t<a class=\"elementor-button elementor-button-link elementor-size-sm\" href=\"https:\/\/www.portovenere.fr\/fr-fr\/carrelage-sol-et-mur-en-gres-cerame-et-faience\/carrelage-aspect-pierre\/carrelage-aspect-pierre-naturelle-evolution\/\">\n\t\t\t\t\t\t<span class=\"elementor-button-content-wrapper\">\n\t\t\t\t\t\t\t\t\t<span class=\"elementor-button-text\">Voir la collection<\/span>\n\t\t\t\t\t<\/span>\n\t\t\t\t\t<\/a>\n\t\t\t\t<\/div>\n\t\t\t\t\t\t\t\t<\/div>\n\t\t\t\t<\/div>\n\t\t\t\t\t<\/div>\n\t\t<\/div>\n\t\t\t\t\t<\/div>\n\t\t<\/section>\n\t\t\t\t<section class=\"elementor-section elementor-top-section elementor-element elementor-element-f6f6fa2 elementor-section-boxed elementor-section-height-default elementor-section-height-default\" data-id=\"f6f6fa2\" data-element_type=\"section\" data-e-type=\"section\">\n\t\t\t\t\t\t<div class=\"elementor-container elementor-column-gap-default\">\n\t\t\t\t\t<div class=\"elementor-column elementor-col-33 elementor-top-column elementor-element elementor-element-29a159b\" data-id=\"29a159b\" data-element_type=\"column\" data-e-type=\"column\" data-settings=\"{&quot;background_background&quot;:&quot;classic&quot;}\">\n\t\t\t<div class=\"elementor-widget-wrap elementor-element-populated\">\n\t\t\t\t\t\t<div class=\"elementor-element elementor-element-de0d6bf elementor-widget elementor-widget-image\" data-id=\"de0d6bf\" data-element_type=\"widget\" data-e-type=\"widget\" data-widget_type=\"image.default\">\n\t\t\t\t<div class=\"elementor-widget-container\">\n\t\t\t\t\t\t\t\t\t\t\t\t\t\t\t\t<a href=\"https:\/\/www.portovenere.fr\/fr-fr\/carrelage-sol-et-mur-en-gres-cerame-et-faience\/carrelage-aspect-pierre\/carrelage-pierre-contemporaine-le-piedre\/\">\n\t\t\t\t\t\t\t<img loading=\"lazy\" decoding=\"async\" width=\"800\" height=\"533\" src=\"https:\/\/www.portovenere.fr\/fr-fr\/wp-content\/uploads\/2019\/09\/Carrelage-Le-Piedre-GND-Piedra-mural-effet-pierre-naturelle-grand-format-1024x682.jpg\" class=\"attachment-large size-large wp-image-14656\" alt=\"\" srcset=\"https:\/\/www.portovenere.fr\/fr-fr\/wp-content\/uploads\/2019\/09\/Carrelage-Le-Piedre-GND-Piedra-mural-effet-pierre-naturelle-grand-format-1024x682.jpg 1024w, https:\/\/www.portovenere.fr\/fr-fr\/wp-content\/uploads\/2019\/09\/Carrelage-Le-Piedre-GND-Piedra-mural-effet-pierre-naturelle-grand-format-300x200.jpg 300w, https:\/\/www.portovenere.fr\/fr-fr\/wp-content\/uploads\/2019\/09\/Carrelage-Le-Piedre-GND-Piedra-mural-effet-pierre-naturelle-grand-format-768x511.jpg 768w, https:\/\/www.portovenere.fr\/fr-fr\/wp-content\/uploads\/2019\/09\/Carrelage-Le-Piedre-GND-Piedra-mural-effet-pierre-naturelle-grand-format.jpg 1235w\" sizes=\"(max-width: 800px) 100vw, 800px\" \/>\t\t\t\t\t\t\t\t<\/a>\n\t\t\t\t\t\t\t\t\t\t\t\t\t\t\t<\/div>\n\t\t\t\t<\/div>\n\t\t\t\t<div class=\"elementor-element elementor-element-6e4b0f3 elementor-widget elementor-widget-heading\" data-id=\"6e4b0f3\" data-element_type=\"widget\" data-e-type=\"widget\" data-widget_type=\"heading.default\">\n\t\t\t\t<div class=\"elementor-widget-container\">\n\t\t\t\t\t<h3 class=\"elementor-heading-title elementor-size-default\"><a href=\"https:\/\/www.portovenere.fr\/fr-fr\/carrelage-sol-et-mur-en-gres-cerame-et-faience\/carrelage-aspect-pierre\/carrelage-pierre-contemporaine-le-piedre\/\">LE PIEDRE | 4 coloris<\/a><\/h3>\t\t\t\t<\/div>\n\t\t\t\t<\/div>\n\t\t\t\t<div class=\"elementor-element elementor-element-07332b6 elementor-widget__width-initial elementor-widget elementor-widget-gallery\" data-id=\"07332b6\" data-element_type=\"widget\" data-e-type=\"widget\" data-settings=\"{&quot;gap&quot;:{&quot;unit&quot;:&quot;px&quot;,&quot;size&quot;:3,&quot;sizes&quot;:[]},&quot;columns_mobile&quot;:3,&quot;gap_mobile&quot;:{&quot;unit&quot;:&quot;px&quot;,&quot;size&quot;:6,&quot;sizes&quot;:[]},&quot;columns&quot;:5,&quot;columns_tablet&quot;:3,&quot;gap_tablet&quot;:{&quot;unit&quot;:&quot;px&quot;,&quot;size&quot;:5,&quot;sizes&quot;:[]},&quot;lazyload&quot;:&quot;yes&quot;,&quot;gallery_layout&quot;:&quot;grid&quot;,&quot;link_to&quot;:&quot;file&quot;,&quot;aspect_ratio&quot;:&quot;3:2&quot;,&quot;overlay_background&quot;:&quot;yes&quot;,&quot;content_hover_animation&quot;:&quot;fade-in&quot;}\" data-widget_type=\"gallery.default\">\n\t\t\t\t<div class=\"elementor-widget-container\">\n\t\t\t\t\t\t\t<div class=\"elementor-gallery__container\">\n\t\t\t\t\t\t\t<a class=\"e-gallery-item elementor-gallery-item elementor-animated-content\" href=\"https:\/\/www.portovenere.fr\/fr-fr\/wp-content\/uploads\/2019\/09\/Carrelage-Le-Piedre-Masai-Piedra-Naturel.jpg\" data-elementor-open-lightbox=\"yes\" data-elementor-lightbox-slideshow=\"07332b6\" data-elementor-lightbox-title=\"Carrelage-Le-Piedre-Masai-Piedra-Naturel\" data-e-action-hash=\"#elementor-action%3Aaction%3Dlightbox%26settings%3DeyJpZCI6MTQ2NDMsInVybCI6Imh0dHBzOlwvXC93d3cucG9ydG92ZW5lcmUuZnJcL2ZyLWZyXC93cC1jb250ZW50XC91cGxvYWRzXC8yMDE5XC8wOVwvQ2FycmVsYWdlLUxlLVBpZWRyZS1NYXNhaS1QaWVkcmEtTmF0dXJlbC5qcGciLCJzbGlkZXNob3ciOiIwNzMzMmI2In0%3D\">\n\t\t\t\t\t<div class=\"e-gallery-image elementor-gallery-item__image\" data-thumbnail=\"https:\/\/www.portovenere.fr\/fr-fr\/wp-content\/uploads\/2019\/09\/Carrelage-Le-Piedre-Masai-Piedra-Naturel-150x150.jpg\" data-width=\"150\" data-height=\"150\" aria-label=\"\" role=\"img\" ><\/div>\n\t\t\t\t\t\t\t\t\t\t\t<div class=\"elementor-gallery-item__overlay\"><\/div>\n\t\t\t\t\t\t\t\t\t\t\t\t\t\t<\/a>\n\t\t\t\t\t\t\t<a class=\"e-gallery-item elementor-gallery-item elementor-animated-content\" href=\"https:\/\/www.portovenere.fr\/fr-fr\/wp-content\/uploads\/2019\/09\/Carrelage-Le-Piedre-Masai-Blanco-plus-naturel.jpg\" data-elementor-open-lightbox=\"yes\" data-elementor-lightbox-slideshow=\"07332b6\" data-elementor-lightbox-title=\"Carrelage-Le-Piedre-Masai-Blanco-plus-naturel\" data-e-action-hash=\"#elementor-action%3Aaction%3Dlightbox%26settings%3DeyJpZCI6MTQ2NTAsInVybCI6Imh0dHBzOlwvXC93d3cucG9ydG92ZW5lcmUuZnJcL2ZyLWZyXC93cC1jb250ZW50XC91cGxvYWRzXC8yMDE5XC8wOVwvQ2FycmVsYWdlLUxlLVBpZWRyZS1NYXNhaS1CbGFuY28tcGx1cy1uYXR1cmVsLmpwZyIsInNsaWRlc2hvdyI6IjA3MzMyYjYifQ%3D%3D\">\n\t\t\t\t\t<div class=\"e-gallery-image elementor-gallery-item__image\" data-thumbnail=\"https:\/\/www.portovenere.fr\/fr-fr\/wp-content\/uploads\/2019\/09\/Carrelage-Le-Piedre-Masai-Blanco-plus-naturel-150x150.jpg\" data-width=\"150\" data-height=\"150\" aria-label=\"\" role=\"img\" ><\/div>\n\t\t\t\t\t\t\t\t\t\t\t<div class=\"elementor-gallery-item__overlay\"><\/div>\n\t\t\t\t\t\t\t\t\t\t\t\t\t\t<\/a>\n\t\t\t\t\t\t\t<a class=\"e-gallery-item elementor-gallery-item elementor-animated-content\" href=\"https:\/\/www.portovenere.fr\/fr-fr\/wp-content\/uploads\/2019\/09\/Carrelage-Le-Piedre-ASR-Gris-Naturel-rectifi\u00e9.jpg\" data-elementor-open-lightbox=\"yes\" data-elementor-lightbox-slideshow=\"07332b6\" data-elementor-lightbox-title=\"Carrelage-Le-Piedre-ASR-Gris-Naturel-rectifi\u00e9\" data-e-action-hash=\"#elementor-action%3Aaction%3Dlightbox%26settings%3DeyJpZCI6MTQ2ODgsInVybCI6Imh0dHBzOlwvXC93d3cucG9ydG92ZW5lcmUuZnJcL2ZyLWZyXC93cC1jb250ZW50XC91cGxvYWRzXC8yMDE5XC8wOVwvQ2FycmVsYWdlLUxlLVBpZWRyZS1BU1ItR3Jpcy1OYXR1cmVsLXJlY3RpZmlcdTAwZTkuanBnIiwic2xpZGVzaG93IjoiMDczMzJiNiJ9\">\n\t\t\t\t\t<div class=\"e-gallery-image elementor-gallery-item__image\" data-thumbnail=\"https:\/\/www.portovenere.fr\/fr-fr\/wp-content\/uploads\/2019\/09\/Carrelage-Le-Piedre-ASR-Gris-Naturel-rectifi\u00e9-150x150.jpg\" data-width=\"150\" data-height=\"150\" aria-label=\"\" role=\"img\" ><\/div>\n\t\t\t\t\t\t\t\t\t\t\t<div class=\"elementor-gallery-item__overlay\"><\/div>\n\t\t\t\t\t\t\t\t\t\t\t\t\t\t<\/a>\n\t\t\t\t\t\t\t<a class=\"e-gallery-item elementor-gallery-item elementor-animated-content\" href=\"https:\/\/www.portovenere.fr\/fr-fr\/wp-content\/uploads\/2019\/09\/Le-Piedre-Iseo-gris-bouchard\u00e9.jpg\" data-elementor-open-lightbox=\"yes\" data-elementor-lightbox-slideshow=\"07332b6\" data-elementor-lightbox-title=\"Le-Piedre-Iseo-gris-bouchard\u00e9\" data-e-action-hash=\"#elementor-action%3Aaction%3Dlightbox%26settings%3DeyJpZCI6MTQ2NzUsInVybCI6Imh0dHBzOlwvXC93d3cucG9ydG92ZW5lcmUuZnJcL2ZyLWZyXC93cC1jb250ZW50XC91cGxvYWRzXC8yMDE5XC8wOVwvTGUtUGllZHJlLUlzZW8tZ3Jpcy1ib3VjaGFyZFx1MDBlOS5qcGciLCJzbGlkZXNob3ciOiIwNzMzMmI2In0%3D\">\n\t\t\t\t\t<div class=\"e-gallery-image elementor-gallery-item__image\" data-thumbnail=\"https:\/\/www.portovenere.fr\/fr-fr\/wp-content\/uploads\/2019\/09\/Le-Piedre-Iseo-gris-bouchard\u00e9-150x150.jpg\" data-width=\"150\" data-height=\"150\" aria-label=\"\" role=\"img\" ><\/div>\n\t\t\t\t\t\t\t\t\t\t\t<div class=\"elementor-gallery-item__overlay\"><\/div>\n\t\t\t\t\t\t\t\t\t\t\t\t\t\t<\/a>\n\t\t\t\t\t<\/div>\n\t\t\t\t\t<\/div>\n\t\t\t\t<\/div>\n\t\t\t\t<div class=\"elementor-element elementor-element-37599cb elementor-widget elementor-widget-text-editor\" data-id=\"37599cb\" data-element_type=\"widget\" data-e-type=\"widget\" data-widget_type=\"text-editor.default\">\n\t\t\t\t<div class=\"elementor-widget-container\">\n\t\t\t\t\t\t\t\t\t<p>Le carrelage Le Piedre\u00a0regroupe 4 Collections tr\u00e8s diff\u00e9rentes et originales,\u00a0\u00e9labor\u00e9es dans des\u00a0tonalit\u00e9s de blanc, et de gris. De\u00a0finition Naturelle ou Bouchard\u00e9e, chaque carrelage effet pierre contemporaine propose des\u00a0carreaux de grands formats tels que 150&#215;320 cm, 100&#215;250 cm, 150\u00d7150 cm ou 100&#215;100 cm. Ces dimensions XXL donnent vie \u00e0 vos espaces et n\u2019attendent plus qu\u2019une d\u00e9co design &amp; \u00e9l\u00e9gante. Pour int\u00e9rieur et ext\u00e9rieur.<\/p>\t\t\t\t\t\t\t\t<\/div>\n\t\t\t\t<\/div>\n\t\t\t\t<div class=\"elementor-element elementor-element-a840fd3 elementor-mobile-align-center elementor-align-left elementor-widget elementor-widget-button\" data-id=\"a840fd3\" data-element_type=\"widget\" data-e-type=\"widget\" data-widget_type=\"button.default\">\n\t\t\t\t<div class=\"elementor-widget-container\">\n\t\t\t\t\t\t\t\t\t<div class=\"elementor-button-wrapper\">\n\t\t\t\t\t<a class=\"elementor-button elementor-button-link elementor-size-sm\" href=\"https:\/\/www.portovenere.fr\/fr-fr\/carrelage-sol-et-mur-en-gres-cerame-et-faience\/carrelage-aspect-pierre\/carrelage-pierre-contemporaine-le-piedre\/\">\n\t\t\t\t\t\t<span class=\"elementor-button-content-wrapper\">\n\t\t\t\t\t\t\t\t\t<span class=\"elementor-button-text\">Voir la collection<\/span>\n\t\t\t\t\t<\/span>\n\t\t\t\t\t<\/a>\n\t\t\t\t<\/div>\n\t\t\t\t\t\t\t\t<\/div>\n\t\t\t\t<\/div>\n\t\t\t\t\t<\/div>\n\t\t<\/div>\n\t\t\t\t<div class=\"elementor-column elementor-col-33 elementor-top-column elementor-element elementor-element-5e3997f\" data-id=\"5e3997f\" data-element_type=\"column\" data-e-type=\"column\">\n\t\t\t<div class=\"elementor-widget-wrap\">\n\t\t\t\t\t\t\t<\/div>\n\t\t<\/div>\n\t\t\t\t<div class=\"elementor-column elementor-col-33 elementor-top-column elementor-element elementor-element-77c37fa\" data-id=\"77c37fa\" data-element_type=\"column\" data-e-type=\"column\">\n\t\t\t<div class=\"elementor-widget-wrap\">\n\t\t\t\t\t\t\t<\/div>\n\t\t<\/div>\n\t\t\t\t\t<\/div>\n\t\t<\/section>\n\t\t\t\t<section class=\"elementor-section elementor-top-section elementor-element elementor-element-231c3a4 elementor-section-boxed elementor-section-height-default elementor-section-height-default\" data-id=\"231c3a4\" data-element_type=\"section\" data-e-type=\"section\">\n\t\t\t\t\t\t<div class=\"elementor-container elementor-column-gap-default\">\n\t\t\t\t\t<div class=\"elementor-column elementor-col-100 elementor-top-column elementor-element elementor-element-783e08d\" data-id=\"783e08d\" data-element_type=\"column\" data-e-type=\"column\">\n\t\t\t<div class=\"elementor-widget-wrap elementor-element-populated\">\n\t\t\t\t\t\t<div class=\"elementor-element elementor-element-fedfcf4 elementor-mobile-align-center elementor-align-center elementor-widget-tablet__width-initial elementor-widget elementor-widget-button\" data-id=\"fedfcf4\" data-element_type=\"widget\" data-e-type=\"widget\" data-widget_type=\"button.default\">\n\t\t\t\t<div class=\"elementor-widget-container\">\n\t\t\t\t\t\t\t\t\t<div class=\"elementor-button-wrapper\">\n\t\t\t\t\t<a class=\"elementor-button elementor-button-link elementor-size-sm\" href=\"https:\/\/www.portovenere.fr\/fr-fr\/carrelage-sol-et-mur-en-gres-cerame-et-faience\/\">\n\t\t\t\t\t\t<span class=\"elementor-button-content-wrapper\">\n\t\t\t\t\t\t\t\t\t<span class=\"elementor-button-text\">RETOUR SUR LA PAGE PRINCIPALE \"CARRELAGES\"<\/span>\n\t\t\t\t\t<\/span>\n\t\t\t\t\t<\/a>\n\t\t\t\t<\/div>\n\t\t\t\t\t\t\t\t<\/div>\n\t\t\t\t<\/div>\n\t\t\t\t\t<\/div>\n\t\t<\/div>\n\t\t\t\t\t<\/div>\n\t\t<\/section>\n\t\t\t\t<\/div>\n\t\t","protected":false},"excerpt":{"rendered":"<p>Tous nos carrelages \u2013 Archives &amp; Collections Porto Venere Montpellier Chez Porto Venere Montpellier, nous s\u00e9lectionnons depuis des ann\u00e9es les plus belles collections de carrelages design destin\u00e9es aux projets r\u00e9sidentiels haut de gamme et aux espaces d\u2019exception. Gr\u00e8s c\u00e9rame pleine masse, grandes dalles XXL, effets mati\u00e8res d\u2019un r\u00e9alisme absolu, textures contemporaines\u2026 notre gamme r\u00e9unit le [&hellip;]<\/p>\n","protected":false},"author":2,"featured_media":48197,"parent":0,"menu_order":0,"comment_status":"closed","ping_status":"closed","template":"elementor_header_footer","meta":{"_monsterinsights_skip_tracking":false,"_monsterinsights_sitenote_active":false,"_monsterinsights_sitenote_note":"","_monsterinsights_sitenote_category":0,"_uf_show_specific_survey":0,"_uf_disable_surveys":false,"footnotes":""},"class_list":["post-67528","page","type-page","status-publish","has-post-thumbnail","hentry"],"yoast_head":"<!-- This site is optimized with the Yoast SEO plugin v27.5 - https:\/\/yoast.com\/product\/yoast-seo-wordpress\/ -->\n<title>Archives carrelage - Porto Venere<\/title>\n<meta name=\"description\" content=\"Explorez les archives carrelage Porto Venere Montpellier : effets bois, pierre, marbre, b\u00e9ton et formats XXL dans un style haut de gamme\" \/>\n<meta name=\"robots\" content=\"index, follow, max-snippet:-1, max-image-preview:large, max-video-preview:-1\" \/>\n<link rel=\"canonical\" href=\"https:\/\/www.portovenere.fr\/fr-fr\/archives-carrelage\/\" \/>\n<meta property=\"og:locale\" content=\"fr_FR\" \/>\n<meta property=\"og:type\" content=\"article\" \/>\n<meta property=\"og:title\" content=\"Archives carrelage - Porto Venere\" \/>\n<meta property=\"og:description\" content=\"Explorez les archives carrelage Porto Venere Montpellier : effets bois, pierre, marbre, b\u00e9ton et formats XXL dans un style haut de gamme\" \/>\n<meta property=\"og:url\" content=\"https:\/\/www.portovenere.fr\/fr-fr\/archives-carrelage\/\" \/>\n<meta property=\"og:site_name\" content=\"Porto Venere\" \/>\n<meta property=\"article:publisher\" content=\"https:\/\/www.facebook.com\/portovenere34\/\" \/>\n<meta property=\"article:modified_time\" content=\"2026-01-26T15:28:06+00:00\" \/>\n<meta property=\"og:image\" content=\"https:\/\/www.portovenere.fr\/fr-fr\/wp-content\/uploads\/2024\/02\/Carrelage-aspect-Pierre-Scandinave-Danemark-exterieur-20mm-60x120-1.jpg\" \/>\n\t<meta property=\"og:image:width\" content=\"1500\" \/>\n\t<meta property=\"og:image:height\" content=\"1000\" \/>\n\t<meta property=\"og:image:type\" content=\"image\/jpeg\" \/>\n<meta name=\"twitter:card\" content=\"summary_large_image\" \/>\n<meta name=\"twitter:label1\" content=\"Dur\u00e9e de lecture estim\u00e9e\" \/>\n\t<meta name=\"twitter:data1\" content=\"16 minutes\" \/>\n<script type=\"application\/ld+json\" class=\"yoast-schema-graph\">{\"@context\":\"https:\\\/\\\/schema.org\",\"@graph\":[{\"@type\":\"WebPage\",\"@id\":\"https:\\\/\\\/www.portovenere.fr\\\/fr-fr\\\/archives-carrelage\\\/\",\"url\":\"https:\\\/\\\/www.portovenere.fr\\\/fr-fr\\\/archives-carrelage\\\/\",\"name\":\"Archives carrelage - Porto Venere\",\"isPartOf\":{\"@id\":\"https:\\\/\\\/www.portovenere.fr\\\/fr-fr\\\/#website\"},\"primaryImageOfPage\":{\"@id\":\"https:\\\/\\\/www.portovenere.fr\\\/fr-fr\\\/archives-carrelage\\\/#primaryimage\"},\"image\":{\"@id\":\"https:\\\/\\\/www.portovenere.fr\\\/fr-fr\\\/archives-carrelage\\\/#primaryimage\"},\"thumbnailUrl\":\"https:\\\/\\\/www.portovenere.fr\\\/fr-fr\\\/wp-content\\\/uploads\\\/2024\\\/02\\\/Carrelage-aspect-Pierre-Scandinave-Danemark-exterieur-20mm-60x120-1.jpg\",\"datePublished\":\"2025-11-25T08:24:41+00:00\",\"dateModified\":\"2026-01-26T15:28:06+00:00\",\"description\":\"Explorez les archives carrelage Porto Venere Montpellier : effets bois, pierre, marbre, b\u00e9ton et formats XXL dans un style haut de gamme\",\"breadcrumb\":{\"@id\":\"https:\\\/\\\/www.portovenere.fr\\\/fr-fr\\\/archives-carrelage\\\/#breadcrumb\"},\"inLanguage\":\"fr-FR\",\"potentialAction\":[{\"@type\":\"ReadAction\",\"target\":[\"https:\\\/\\\/www.portovenere.fr\\\/fr-fr\\\/archives-carrelage\\\/\"]}]},{\"@type\":\"ImageObject\",\"inLanguage\":\"fr-FR\",\"@id\":\"https:\\\/\\\/www.portovenere.fr\\\/fr-fr\\\/archives-carrelage\\\/#primaryimage\",\"url\":\"https:\\\/\\\/www.portovenere.fr\\\/fr-fr\\\/wp-content\\\/uploads\\\/2024\\\/02\\\/Carrelage-aspect-Pierre-Scandinave-Danemark-exterieur-20mm-60x120-1.jpg\",\"contentUrl\":\"https:\\\/\\\/www.portovenere.fr\\\/fr-fr\\\/wp-content\\\/uploads\\\/2024\\\/02\\\/Carrelage-aspect-Pierre-Scandinave-Danemark-exterieur-20mm-60x120-1.jpg\",\"width\":1500,\"height\":1000},{\"@type\":\"BreadcrumbList\",\"@id\":\"https:\\\/\\\/www.portovenere.fr\\\/fr-fr\\\/archives-carrelage\\\/#breadcrumb\",\"itemListElement\":[{\"@type\":\"ListItem\",\"position\":1,\"name\":\"Page d'accueil\",\"item\":\"https:\\\/\\\/www.portovenere.fr\\\/fr-fr\\\/\"},{\"@type\":\"ListItem\",\"position\":2,\"name\":\"Archives carrelage\"}]},{\"@type\":\"WebSite\",\"@id\":\"https:\\\/\\\/www.portovenere.fr\\\/fr-fr\\\/#website\",\"url\":\"https:\\\/\\\/www.portovenere.fr\\\/fr-fr\\\/\",\"name\":\"Porto Venere\",\"description\":\"Magasin de carrelage, cuisine, salle de bain \u00e0 Montpellier dans l&#039;H\u00e9rault\",\"publisher\":{\"@id\":\"https:\\\/\\\/www.portovenere.fr\\\/fr-fr\\\/#organization\"},\"potentialAction\":[{\"@type\":\"SearchAction\",\"target\":{\"@type\":\"EntryPoint\",\"urlTemplate\":\"https:\\\/\\\/www.portovenere.fr\\\/fr-fr\\\/?s={search_term_string}\"},\"query-input\":{\"@type\":\"PropertyValueSpecification\",\"valueRequired\":true,\"valueName\":\"search_term_string\"}}],\"inLanguage\":\"fr-FR\"},{\"@type\":\"Organization\",\"@id\":\"https:\\\/\\\/www.portovenere.fr\\\/fr-fr\\\/#organization\",\"name\":\"Porto Venere - Carrelage Usine Center SARL\",\"url\":\"https:\\\/\\\/www.portovenere.fr\\\/fr-fr\\\/\",\"logo\":{\"@type\":\"ImageObject\",\"inLanguage\":\"fr-FR\",\"@id\":\"https:\\\/\\\/www.portovenere.fr\\\/fr-fr\\\/#\\\/schema\\\/logo\\\/image\\\/\",\"url\":\"https:\\\/\\\/www.portovenere.fr\\\/fr-fr\\\/wp-content\\\/uploads\\\/2019\\\/05\\\/logo3.png\",\"contentUrl\":\"https:\\\/\\\/www.portovenere.fr\\\/fr-fr\\\/wp-content\\\/uploads\\\/2019\\\/05\\\/logo3.png\",\"width\":388,\"height\":120,\"caption\":\"Porto Venere - Carrelage Usine Center SARL\"},\"image\":{\"@id\":\"https:\\\/\\\/www.portovenere.fr\\\/fr-fr\\\/#\\\/schema\\\/logo\\\/image\\\/\"},\"sameAs\":[\"https:\\\/\\\/www.facebook.com\\\/portovenere34\\\/\",\"https:\\\/\\\/www.instagram.com\\\/porto.venere\\\/\",\"https:\\\/\\\/www.linkedin.com\\\/company\\\/porto-venere-montpellier\\\/\",\"https:\\\/\\\/www.pinterest.fr\\\/portovenere34\\\/\"]}]}<\/script>\n<!-- \/ Yoast SEO plugin. -->","yoast_head_json":{"title":"Archives carrelage - Porto Venere","description":"Explorez les archives carrelage Porto Venere Montpellier : effets bois, pierre, marbre, b\u00e9ton et formats XXL dans un style haut de gamme","robots":{"index":"index","follow":"follow","max-snippet":"max-snippet:-1","max-image-preview":"max-image-preview:large","max-video-preview":"max-video-preview:-1"},"canonical":"https:\/\/www.portovenere.fr\/fr-fr\/archives-carrelage\/","og_locale":"fr_FR","og_type":"article","og_title":"Archives carrelage - Porto Venere","og_description":"Explorez les archives carrelage Porto Venere Montpellier : effets bois, pierre, marbre, b\u00e9ton et formats XXL dans un style haut de gamme","og_url":"https:\/\/www.portovenere.fr\/fr-fr\/archives-carrelage\/","og_site_name":"Porto Venere","article_publisher":"https:\/\/www.facebook.com\/portovenere34\/","article_modified_time":"2026-01-26T15:28:06+00:00","og_image":[{"width":1500,"height":1000,"url":"https:\/\/www.portovenere.fr\/fr-fr\/wp-content\/uploads\/2024\/02\/Carrelage-aspect-Pierre-Scandinave-Danemark-exterieur-20mm-60x120-1.jpg","type":"image\/jpeg"}],"twitter_card":"summary_large_image","twitter_misc":{"Dur\u00e9e de lecture estim\u00e9e":"16 minutes"},"schema":{"@context":"https:\/\/schema.org","@graph":[{"@type":"WebPage","@id":"https:\/\/www.portovenere.fr\/fr-fr\/archives-carrelage\/","url":"https:\/\/www.portovenere.fr\/fr-fr\/archives-carrelage\/","name":"Archives carrelage - Porto Venere","isPartOf":{"@id":"https:\/\/www.portovenere.fr\/fr-fr\/#website"},"primaryImageOfPage":{"@id":"https:\/\/www.portovenere.fr\/fr-fr\/archives-carrelage\/#primaryimage"},"image":{"@id":"https:\/\/www.portovenere.fr\/fr-fr\/archives-carrelage\/#primaryimage"},"thumbnailUrl":"https:\/\/www.portovenere.fr\/fr-fr\/wp-content\/uploads\/2024\/02\/Carrelage-aspect-Pierre-Scandinave-Danemark-exterieur-20mm-60x120-1.jpg","datePublished":"2025-11-25T08:24:41+00:00","dateModified":"2026-01-26T15:28:06+00:00","description":"Explorez les archives carrelage Porto Venere Montpellier : effets bois, pierre, marbre, b\u00e9ton et formats XXL dans un style haut de gamme","breadcrumb":{"@id":"https:\/\/www.portovenere.fr\/fr-fr\/archives-carrelage\/#breadcrumb"},"inLanguage":"fr-FR","potentialAction":[{"@type":"ReadAction","target":["https:\/\/www.portovenere.fr\/fr-fr\/archives-carrelage\/"]}]},{"@type":"ImageObject","inLanguage":"fr-FR","@id":"https:\/\/www.portovenere.fr\/fr-fr\/archives-carrelage\/#primaryimage","url":"https:\/\/www.portovenere.fr\/fr-fr\/wp-content\/uploads\/2024\/02\/Carrelage-aspect-Pierre-Scandinave-Danemark-exterieur-20mm-60x120-1.jpg","contentUrl":"https:\/\/www.portovenere.fr\/fr-fr\/wp-content\/uploads\/2024\/02\/Carrelage-aspect-Pierre-Scandinave-Danemark-exterieur-20mm-60x120-1.jpg","width":1500,"height":1000},{"@type":"BreadcrumbList","@id":"https:\/\/www.portovenere.fr\/fr-fr\/archives-carrelage\/#breadcrumb","itemListElement":[{"@type":"ListItem","position":1,"name":"Page d'accueil","item":"https:\/\/www.portovenere.fr\/fr-fr\/"},{"@type":"ListItem","position":2,"name":"Archives carrelage"}]},{"@type":"WebSite","@id":"https:\/\/www.portovenere.fr\/fr-fr\/#website","url":"https:\/\/www.portovenere.fr\/fr-fr\/","name":"Porto Venere","description":"Magasin de carrelage, cuisine, salle de bain \u00e0 Montpellier dans l&#039;H\u00e9rault","publisher":{"@id":"https:\/\/www.portovenere.fr\/fr-fr\/#organization"},"potentialAction":[{"@type":"SearchAction","target":{"@type":"EntryPoint","urlTemplate":"https:\/\/www.portovenere.fr\/fr-fr\/?s={search_term_string}"},"query-input":{"@type":"PropertyValueSpecification","valueRequired":true,"valueName":"search_term_string"}}],"inLanguage":"fr-FR"},{"@type":"Organization","@id":"https:\/\/www.portovenere.fr\/fr-fr\/#organization","name":"Porto Venere - Carrelage Usine Center SARL","url":"https:\/\/www.portovenere.fr\/fr-fr\/","logo":{"@type":"ImageObject","inLanguage":"fr-FR","@id":"https:\/\/www.portovenere.fr\/fr-fr\/#\/schema\/logo\/image\/","url":"https:\/\/www.portovenere.fr\/fr-fr\/wp-content\/uploads\/2019\/05\/logo3.png","contentUrl":"https:\/\/www.portovenere.fr\/fr-fr\/wp-content\/uploads\/2019\/05\/logo3.png","width":388,"height":120,"caption":"Porto Venere - Carrelage Usine Center SARL"},"image":{"@id":"https:\/\/www.portovenere.fr\/fr-fr\/#\/schema\/logo\/image\/"},"sameAs":["https:\/\/www.facebook.com\/portovenere34\/","https:\/\/www.instagram.com\/porto.venere\/","https:\/\/www.linkedin.com\/company\/porto-venere-montpellier\/","https:\/\/www.pinterest.fr\/portovenere34\/"]}]}},"_links":{"self":[{"href":"https:\/\/www.portovenere.fr\/fr-fr\/wp-json\/wp\/v2\/pages\/67528","targetHints":{"allow":["GET"]}}],"collection":[{"href":"https:\/\/www.portovenere.fr\/fr-fr\/wp-json\/wp\/v2\/pages"}],"about":[{"href":"https:\/\/www.portovenere.fr\/fr-fr\/wp-json\/wp\/v2\/types\/page"}],"author":[{"embeddable":true,"href":"https:\/\/www.portovenere.fr\/fr-fr\/wp-json\/wp\/v2\/users\/2"}],"replies":[{"embeddable":true,"href":"https:\/\/www.portovenere.fr\/fr-fr\/wp-json\/wp\/v2\/comments?post=67528"}],"version-history":[{"count":46,"href":"https:\/\/www.portovenere.fr\/fr-fr\/wp-json\/wp\/v2\/pages\/67528\/revisions"}],"predecessor-version":[{"id":69286,"href":"https:\/\/www.portovenere.fr\/fr-fr\/wp-json\/wp\/v2\/pages\/67528\/revisions\/69286"}],"wp:featuredmedia":[{"embeddable":true,"href":"https:\/\/www.portovenere.fr\/fr-fr\/wp-json\/wp\/v2\/media\/48197"}],"wp:attachment":[{"href":"https:\/\/www.portovenere.fr\/fr-fr\/wp-json\/wp\/v2\/media?parent=67528"}],"curies":[{"name":"wp","href":"https:\/\/api.w.org\/{rel}","templated":true}]}}