{"id":7146,"date":"2019-07-06T15:19:15","date_gmt":"2019-07-06T15:19:15","guid":{"rendered":"https:\/\/www.portovenere.fr\/fr-fr\/?page_id=7146"},"modified":"2026-04-06T20:47:58","modified_gmt":"2026-04-06T18:47:58","slug":"carrelage-sol-et-mur-en-gres-cerame-et-faience","status":"publish","type":"page","link":"https:\/\/www.portovenere.fr\/fr-fr\/carrelage-sol-et-mur-en-gres-cerame-et-faience\/","title":{"rendered":"Carrelage sol et mur en gr\u00e8s c\u00e9rame et fa\u00efence"},"content":{"rendered":"\t\t<div data-elementor-type=\"wp-post\" data-elementor-id=\"7146\" class=\"elementor elementor-7146\" data-elementor-post-type=\"page\">\n\t\t\t\t\t\t<section class=\"elementor-section elementor-top-section elementor-element elementor-element-10f8802 elementor-section-height-min-height elementor-section-boxed elementor-section-height-default elementor-section-items-middle\" data-id=\"10f8802\" data-element_type=\"section\" data-e-type=\"section\" data-settings=\"{&quot;background_background&quot;:&quot;slideshow&quot;,&quot;background_slideshow_gallery&quot;:[{&quot;id&quot;:35967,&quot;url&quot;:&quot;https:\\\/\\\/www.portovenere.fr\\\/fr-fr\\\/wp-content\\\/uploads\\\/2021\\\/04\\\/Carrelage-mural-a\\u0300-reliefs-triangulaire-Mutina-Rombini.jpg&quot;},{&quot;id&quot;:69417,&quot;url&quot;:&quot;https:\\\/\\\/www.portovenere.fr\\\/fr-fr\\\/wp-content\\\/uploads\\\/2026\\\/01\\\/Carrelage-grand-froamt-120x120-cm-effet-terrazzo-en-gres-cerame-de-qualite-5-coloris-TIVOLI-pour-sols-et-murs-Magasin-Porto-Venere-pres-de-Saint-Clement-de-Riviere-34.jpg&quot;},{&quot;id&quot;:68603,&quot;url&quot;:&quot;https:\\\/\\\/www.portovenere.fr\\\/fr-fr\\\/wp-content\\\/uploads\\\/2025\\\/12\\\/Carrelage-salle-de-bain-esprit-naturel-clair-coloris-White-DELICATESSE-sol-et-mur-et-decor-Llich-Magasin-Porto-Venere-pres-de-MAUGUIO-34.jpg&quot;}],&quot;background_slideshow_lazyload&quot;:&quot;yes&quot;,&quot;background_slideshow_ken_burns&quot;:&quot;yes&quot;,&quot;background_slideshow_loop&quot;:&quot;yes&quot;,&quot;background_slideshow_slide_duration&quot;:5000,&quot;background_slideshow_slide_transition&quot;:&quot;fade&quot;,&quot;background_slideshow_transition_duration&quot;:500,&quot;background_slideshow_ken_burns_zoom_direction&quot;:&quot;in&quot;}\">\n\t\t\t\t\t\t\t<div class=\"elementor-background-overlay\"><\/div>\n\t\t\t\t\t\t\t<div class=\"elementor-container elementor-column-gap-default\">\n\t\t\t\t\t<div class=\"elementor-column elementor-col-100 elementor-top-column elementor-element elementor-element-6ef723e\" data-id=\"6ef723e\" data-element_type=\"column\" data-e-type=\"column\">\n\t\t\t<div class=\"elementor-widget-wrap elementor-element-populated\">\n\t\t\t\t\t\t<div class=\"elementor-element elementor-element-c6665fa elementor-widget elementor-widget-heading\" data-id=\"c6665fa\" data-element_type=\"widget\" data-e-type=\"widget\" data-widget_type=\"heading.default\">\n\t\t\t\t<div class=\"elementor-widget-container\">\n\t\t\t\t\t<h1 class=\"elementor-heading-title elementor-size-default\">Collections de carrelage Porto Venere pour int\u00e9rieur et ext\u00e9rieur<\/h1>\t\t\t\t<\/div>\n\t\t\t\t<\/div>\n\t\t\t\t\t<\/div>\n\t\t<\/div>\n\t\t\t\t\t<\/div>\n\t\t<\/section>\n\t\t\t\t<section class=\"elementor-section elementor-top-section elementor-element elementor-element-5225493 elementor-section-boxed elementor-section-height-default elementor-section-height-default elementor-invisible\" data-id=\"5225493\" data-element_type=\"section\" data-e-type=\"section\" data-settings=\"{&quot;background_background&quot;:&quot;classic&quot;,&quot;animation&quot;:&quot;fadeIn&quot;}\">\n\t\t\t\t\t\t<div class=\"elementor-container elementor-column-gap-default\">\n\t\t\t\t\t<div class=\"elementor-column elementor-col-50 elementor-top-column elementor-element elementor-element-8b04df6\" data-id=\"8b04df6\" data-element_type=\"column\" data-e-type=\"column\">\n\t\t\t<div class=\"elementor-widget-wrap elementor-element-populated\">\n\t\t\t\t\t\t<div class=\"elementor-element elementor-element-a25f69c elementor-widget elementor-widget-spacer\" data-id=\"a25f69c\" data-element_type=\"widget\" data-e-type=\"widget\" data-widget_type=\"spacer.default\">\n\t\t\t\t<div class=\"elementor-widget-container\">\n\t\t\t\t\t\t\t<div class=\"elementor-spacer\">\n\t\t\t<div class=\"elementor-spacer-inner\"><\/div>\n\t\t<\/div>\n\t\t\t\t\t\t<\/div>\n\t\t\t\t<\/div>\n\t\t\t\t<div class=\"elementor-element elementor-element-365b903 elementor-widget elementor-widget-text-editor\" data-id=\"365b903\" data-element_type=\"widget\" data-e-type=\"widget\" data-widget_type=\"text-editor.default\">\n\t\t\t\t<div class=\"elementor-widget-container\">\n\t\t\t\t\t\t\t\t\t<h2>D\u00e9couvrez de sublimes collections de carrelages originaux et de qualit\u00e9 \u00e0 Montpellier<\/h2><p data-start=\"194\" data-end=\"547\">D\u00e9couvrez les collections de carrelage Porto Venere, une s\u00e9lection exclusive de rev\u00eatements de sols et murs en gr\u00e8s c\u00e9rame et fa\u00efence, con\u00e7us pour sublimer tous vos espaces, en int\u00e9rieur comme en ext\u00e9rieur. \u00c0 Montpellier, Porto Venere accompagne particuliers et professionnels dans la r\u00e9alisation de projets \u00e9l\u00e9gants, durables et parfaitement ma\u00eetris\u00e9s.<\/p><h3 data-section-id=\"vghh52\" data-start=\"549\" data-end=\"605\">\u00a0<\/h3>\t\t\t\t\t\t\t\t<\/div>\n\t\t\t\t<\/div>\n\t\t\t\t\t<\/div>\n\t\t<\/div>\n\t\t\t\t<div class=\"elementor-column elementor-col-50 elementor-top-column elementor-element elementor-element-17f91af\" data-id=\"17f91af\" data-element_type=\"column\" data-e-type=\"column\">\n\t\t\t<div class=\"elementor-widget-wrap elementor-element-populated\">\n\t\t\t\t\t\t<div class=\"elementor-element elementor-element-d495559 elementor-widget elementor-widget-spacer\" data-id=\"d495559\" data-element_type=\"widget\" data-e-type=\"widget\" data-widget_type=\"spacer.default\">\n\t\t\t\t<div class=\"elementor-widget-container\">\n\t\t\t\t\t\t\t<div class=\"elementor-spacer\">\n\t\t\t<div class=\"elementor-spacer-inner\"><\/div>\n\t\t<\/div>\n\t\t\t\t\t\t<\/div>\n\t\t\t\t<\/div>\n\t\t\t\t<div class=\"elementor-element elementor-element-b53a47f elementor-widget elementor-widget-text-editor\" data-id=\"b53a47f\" data-element_type=\"widget\" data-e-type=\"widget\" data-widget_type=\"text-editor.default\">\n\t\t\t\t<div class=\"elementor-widget-container\">\n\t\t\t\t\t\t\t\t\t<h3 data-section-id=\"vghh52\" data-start=\"549\" data-end=\"605\">Un large choix de carrelages design et haut de gamme<\/h3><p data-start=\"607\" data-end=\"949\">Parce que chaque projet est unique, nous proposons une gamme compl\u00e8te de carrelages contemporains et intemporels : effet b\u00e9ton pour une esth\u00e9tique architecturale, aspect pierre pour un rendu naturel et authentique, carrelage imitation parquet bois pour une ambiance chaleureuse, ou encore finitions marbr\u00e9es pour une touche plus sophistiqu\u00e9e.<\/p><p data-start=\"951\" data-end=\"1281\">Nos collections se d\u00e9clinent dans de nombreux formats, du standard aux grands formats XXL, et dans une palette de teintes et de textures permettant de cr\u00e9er des univers coh\u00e9rents et personnalis\u00e9s. Chaque r\u00e9f\u00e9rence est s\u00e9lectionn\u00e9e pour la qualit\u00e9 de ses finitions, sa r\u00e9sistance et sa capacit\u00e9 \u00e0 valoriser durablement les espaces.<\/p><h3 data-section-id=\"157qver\" data-start=\"1283\" data-end=\"1328\">Des solutions adapt\u00e9es \u00e0 tous les projets<\/h3><p data-start=\"1330\" data-end=\"1688\">Que ce soit pour une construction neuve ou une r\u00e9novation, nos carrelages s\u2019adaptent \u00e0 tous les usages : salon, cuisine, salle de bain, terrasse, mais aussi espaces professionnels et lieux \u00e0 fort passage. Le gr\u00e8s c\u00e9rame garantit une excellente r\u00e9sistance \u00e0 l\u2019usure, aux taches et aux variations climatiques, tout en offrant une facilit\u00e9 d\u2019entretien optimale.<\/p><h3 data-section-id=\"1uw74e7\" data-start=\"1690\" data-end=\"1748\">Un showroom \u00e0 Montpellier pour visualiser votre projet<\/h3><p data-start=\"1750\" data-end=\"2092\">L\u2019ensemble de nos collections est pr\u00e9sent\u00e9 dans notre showroom \u00e0 Montpellier, v\u00e9ritable espace d\u2019inspiration o\u00f9 vous pouvez comparer les formats, observer les nuances et construire votre projet dans sa globalit\u00e9. Nos conseillers vous accompagnent dans le choix des mat\u00e9riaux afin de trouver le carrelage parfaitement adapt\u00e9 \u00e0 votre int\u00e9rieur.<\/p><h3 data-section-id=\"eaciwt\" data-start=\"2094\" data-end=\"2145\">Devis rapide, \u00e9chantillons et livraison partout<\/h3><p data-start=\"2147\" data-end=\"2385\">S\u00e9lectionnez vos mod\u00e8les directement en ligne et effectuez une demande de devis personnalis\u00e9e. Nous vous proposons des tarifs d\u00e9gressifs selon les quantit\u00e9s, ainsi que l\u2019envoi d\u2019\u00e9chantillons pour valider votre choix en conditions r\u00e9elles.<\/p><p data-start=\"2387\" data-end=\"2541\">Nous assurons la livraison de nos carrelages dans toute la France m\u00e9tropolitaine, ainsi qu\u2019\u00e0 l\u2019international, en Corse et dans les DOM (selon conditions).<\/p>\t\t\t\t\t\t\t\t<\/div>\n\t\t\t\t<\/div>\n\t\t\t\t\t<\/div>\n\t\t<\/div>\n\t\t\t\t\t<\/div>\n\t\t<\/section>\n\t\t\t\t<section class=\"elementor-section elementor-top-section elementor-element elementor-element-571491a elementor-section-boxed elementor-section-height-default elementor-section-height-default elementor-invisible\" data-id=\"571491a\" data-element_type=\"section\" data-e-type=\"section\" data-settings=\"{&quot;animation&quot;:&quot;fadeIn&quot;}\">\n\t\t\t\t\t\t\t<div class=\"elementor-background-overlay\"><\/div>\n\t\t\t\t\t\t\t<div class=\"elementor-container elementor-column-gap-default\">\n\t\t\t\t\t<div class=\"elementor-column elementor-col-100 elementor-top-column elementor-element elementor-element-bcd825d\" data-id=\"bcd825d\" data-element_type=\"column\" data-e-type=\"column\" data-settings=\"{&quot;background_background&quot;:&quot;classic&quot;}\">\n\t\t\t<div class=\"elementor-widget-wrap elementor-element-populated\">\n\t\t\t\t\t\t<div class=\"elementor-element elementor-element-ca1e3ba elementor-widget elementor-widget-heading\" data-id=\"ca1e3ba\" data-element_type=\"widget\" data-e-type=\"widget\" data-widget_type=\"heading.default\">\n\t\t\t\t<div class=\"elementor-widget-container\">\n\t\t\t\t\t<h3 class=\"elementor-heading-title elementor-size-default\">LES DIFFERENTS STYLES DE CARRELAGES<\/h3>\t\t\t\t<\/div>\n\t\t\t\t<\/div>\n\t\t\t\t<section class=\"elementor-section elementor-inner-section elementor-element elementor-element-0f170bf elementor-section-boxed elementor-section-height-default elementor-section-height-default\" data-id=\"0f170bf\" data-element_type=\"section\" data-e-type=\"section\">\n\t\t\t\t\t\t<div class=\"elementor-container elementor-column-gap-default\">\n\t\t\t\t\t<div class=\"elementor-column elementor-col-50 elementor-inner-column elementor-element elementor-element-cea82a6 elementor-invisible\" data-id=\"cea82a6\" data-element_type=\"column\" data-e-type=\"column\" data-settings=\"{&quot;animation&quot;:&quot;fadeInLeft&quot;}\">\n\t\t\t<div class=\"elementor-widget-wrap elementor-element-populated\">\n\t\t\t\t\t\t<div class=\"elementor-element elementor-element-effbd85 elementor-widget elementor-widget-image\" data-id=\"effbd85\" data-element_type=\"widget\" data-e-type=\"widget\" data-widget_type=\"image.default\">\n\t\t\t\t<div class=\"elementor-widget-container\">\n\t\t\t\t\t\t\t\t\t\t\t\t\t\t\t\t<a href=\"https:\/\/www.portovenere.fr\/fr-fr\/carrelage-sol-et-mur-en-gres-cerame-et-faience\/carrelage-contemporain-et-design\/\">\n\t\t\t\t\t\t\t<img decoding=\"async\" src=\"https:\/\/www.portovenere.fr\/fr-fr\/wp-content\/uploads\/2022\/11\/carrelage-grand-format-aspect-beton-interieur-et-exterieur-gris-architecture-100x100cm-a-montpellier-herault-34.jpg\" title=\"carrelage-grand-format-aspect-beton-interieur-et-exterieur-gris-architecture-100x100cm-a-montpellier-herault-34\" alt=\"carrelage contemporain aspect b\u00e9ton Architecture\" loading=\"lazy\" \/>\t\t\t\t\t\t\t\t<\/a>\n\t\t\t\t\t\t\t\t\t\t\t\t\t\t\t<\/div>\n\t\t\t\t<\/div>\n\t\t\t\t\t<\/div>\n\t\t<\/div>\n\t\t\t\t<div class=\"elementor-column elementor-col-50 elementor-inner-column elementor-element elementor-element-2746a20 elementor-invisible\" data-id=\"2746a20\" data-element_type=\"column\" data-e-type=\"column\" data-settings=\"{&quot;background_background&quot;:&quot;classic&quot;,&quot;animation&quot;:&quot;fadeInRight&quot;}\">\n\t\t\t<div class=\"elementor-widget-wrap elementor-element-populated\">\n\t\t\t\t\t\t<div class=\"elementor-element elementor-element-d01f123 elementor-widget elementor-widget-heading\" data-id=\"d01f123\" data-element_type=\"widget\" data-e-type=\"widget\" data-widget_type=\"heading.default\">\n\t\t\t\t<div class=\"elementor-widget-container\">\n\t\t\t\t\t<p class=\"elementor-heading-title elementor-size-default\">Produits<\/p>\t\t\t\t<\/div>\n\t\t\t\t<\/div>\n\t\t\t\t<div class=\"elementor-element elementor-element-f93dcc1 elementor-widget elementor-widget-heading\" data-id=\"f93dcc1\" data-element_type=\"widget\" data-e-type=\"widget\" data-widget_type=\"heading.default\">\n\t\t\t\t<div class=\"elementor-widget-container\">\n\t\t\t\t\t<h4 class=\"elementor-heading-title elementor-size-default\"><a href=\"https:\/\/www.portovenere.fr\/fr-fr\/carrelage-sol-et-mur-en-gres-cerame-et-faience\/carrelage-contemporain-et-design\/\">Carrelage contemporain<\/a><\/h4>\t\t\t\t<\/div>\n\t\t\t\t<\/div>\n\t\t\t\t<div class=\"elementor-element elementor-element-3a87182 elementor-widget elementor-widget-text-editor\" data-id=\"3a87182\" data-element_type=\"widget\" data-e-type=\"widget\" data-widget_type=\"text-editor.default\">\n\t\t\t\t<div class=\"elementor-widget-container\">\n\t\t\t\t\t\t\t\t\t<p style=\"outline: none;\">D\u00e9couvrez nos mod\u00e8les minutieusement s\u00e9lectionn\u00e9s en\u00a0 gr\u00e8s c\u00e9rame de qualit\u00e9. Des collections actuelles et tendances <b>effet b\u00e9ton lisse, aspect ciment brut<\/b>, petits et grands formats, coloris originaux, de nombreux d\u00e9cors et accessoires de finition (plinthes, nez de marche&#8230;) qui s&rsquo;adaptent \u00e0 tous projets de r\u00e9novation et construction neuve.<\/p>\t\t\t\t\t\t\t\t<\/div>\n\t\t\t\t<\/div>\n\t\t\t\t<div class=\"elementor-element elementor-element-34b5f9e elementor-mobile-align-center elementor-widget elementor-widget-button\" data-id=\"34b5f9e\" data-element_type=\"widget\" data-e-type=\"widget\" data-widget_type=\"button.default\">\n\t\t\t\t<div class=\"elementor-widget-container\">\n\t\t\t\t\t\t\t\t\t<div class=\"elementor-button-wrapper\">\n\t\t\t\t\t<a class=\"elementor-button elementor-button-link elementor-size-sm\" href=\"https:\/\/www.portovenere.fr\/fr-fr\/carrelage-sol-et-mur-en-gres-cerame-et-faience\/carrelage-contemporain-et-design\/\">\n\t\t\t\t\t\t<span class=\"elementor-button-content-wrapper\">\n\t\t\t\t\t\t\t\t\t<span class=\"elementor-button-text\">Voir les produits<\/span>\n\t\t\t\t\t<\/span>\n\t\t\t\t\t<\/a>\n\t\t\t\t<\/div>\n\t\t\t\t\t\t\t\t<\/div>\n\t\t\t\t<\/div>\n\t\t\t\t\t<\/div>\n\t\t<\/div>\n\t\t\t\t\t<\/div>\n\t\t<\/section>\n\t\t\t\t<section class=\"elementor-section elementor-inner-section elementor-element elementor-element-b6e1b7b elementor-reverse-mobile elementor-section-boxed elementor-section-height-default elementor-section-height-default\" data-id=\"b6e1b7b\" data-element_type=\"section\" data-e-type=\"section\">\n\t\t\t\t\t\t<div class=\"elementor-container elementor-column-gap-default\">\n\t\t\t\t\t<div class=\"elementor-column elementor-col-50 elementor-inner-column elementor-element elementor-element-885d99b elementor-invisible\" data-id=\"885d99b\" data-element_type=\"column\" data-e-type=\"column\" data-settings=\"{&quot;background_background&quot;:&quot;classic&quot;,&quot;animation&quot;:&quot;fadeInLeft&quot;}\">\n\t\t\t<div class=\"elementor-widget-wrap elementor-element-populated\">\n\t\t\t\t\t\t<div class=\"elementor-element elementor-element-2194623 elementor-widget elementor-widget-heading\" data-id=\"2194623\" data-element_type=\"widget\" data-e-type=\"widget\" data-widget_type=\"heading.default\">\n\t\t\t\t<div class=\"elementor-widget-container\">\n\t\t\t\t\t<p class=\"elementor-heading-title elementor-size-default\">Produits<\/p>\t\t\t\t<\/div>\n\t\t\t\t<\/div>\n\t\t\t\t<div class=\"elementor-element elementor-element-330d9f3 elementor-widget elementor-widget-heading\" data-id=\"330d9f3\" data-element_type=\"widget\" data-e-type=\"widget\" data-widget_type=\"heading.default\">\n\t\t\t\t<div class=\"elementor-widget-container\">\n\t\t\t\t\t<h4 class=\"elementor-heading-title elementor-size-default\"><a href=\"https:\/\/www.portovenere.fr\/fr-fr\/carrelage-sol-et-mur-en-gres-cerame-et-faience\/carrelage-imitation-parquet-aspect-bois\/\">Carrelage imitation parquet bois<\/a><\/h4>\t\t\t\t<\/div>\n\t\t\t\t<\/div>\n\t\t\t\t<div class=\"elementor-element elementor-element-3712764 elementor-widget elementor-widget-text-editor\" data-id=\"3712764\" data-element_type=\"widget\" data-e-type=\"widget\" data-widget_type=\"text-editor.default\">\n\t\t\t\t<div class=\"elementor-widget-container\">\n\t\t\t\t\t\t\t\t\t<p>La beaut\u00e9 du bois associ\u00e9e \u00e0 la solidit\u00e9 et \u00e0 la facilit\u00e9 d&rsquo;entretien du gr\u00e8s c\u00e9rame. Tr\u00e8s grande collection de <strong>carrelage gr\u00e8s c\u00e9rame<\/strong> pour sol et mur <strong>aspect bois<\/strong> propos\u00e9e dans de tr\u00e8s nombreux formats et finitions.\u00a0<\/p><p>Un rendu visuel de grande qualit\u00e9 qui reprend \u00e0 la perfection les diff\u00e9rentes poses du parquet traditionnel : pose chevrons, parquet Versailles, parquet \u00e0 coupe de pierre, parquet \u00e0 b\u00e2tons rompus, Point de Hongrie ou Vannerie&#8230;D\u00e9couvrez nos collections pour <strong>int\u00e9rieur et ext\u00e9rieur<\/strong>.<\/p>\t\t\t\t\t\t\t\t<\/div>\n\t\t\t\t<\/div>\n\t\t\t\t<div class=\"elementor-element elementor-element-651d48c elementor-mobile-align-center elementor-widget elementor-widget-button\" data-id=\"651d48c\" data-element_type=\"widget\" data-e-type=\"widget\" data-widget_type=\"button.default\">\n\t\t\t\t<div class=\"elementor-widget-container\">\n\t\t\t\t\t\t\t\t\t<div class=\"elementor-button-wrapper\">\n\t\t\t\t\t<a class=\"elementor-button elementor-button-link elementor-size-sm\" href=\"https:\/\/www.portovenere.fr\/fr-fr\/carrelage-sol-et-mur-en-gres-cerame-et-faience\/carrelage-imitation-parquet-aspect-bois\/\">\n\t\t\t\t\t\t<span class=\"elementor-button-content-wrapper\">\n\t\t\t\t\t\t\t\t\t<span class=\"elementor-button-text\">Voir les produits<\/span>\n\t\t\t\t\t<\/span>\n\t\t\t\t\t<\/a>\n\t\t\t\t<\/div>\n\t\t\t\t\t\t\t\t<\/div>\n\t\t\t\t<\/div>\n\t\t\t\t\t<\/div>\n\t\t<\/div>\n\t\t\t\t<div class=\"elementor-column elementor-col-50 elementor-inner-column elementor-element elementor-element-3135bac\" data-id=\"3135bac\" data-element_type=\"column\" data-e-type=\"column\">\n\t\t\t<div class=\"elementor-widget-wrap elementor-element-populated\">\n\t\t\t\t\t\t<div class=\"elementor-element elementor-element-3e047f5 elementor-widget elementor-widget-image\" data-id=\"3e047f5\" data-element_type=\"widget\" data-e-type=\"widget\" data-widget_type=\"image.default\">\n\t\t\t\t<div class=\"elementor-widget-container\">\n\t\t\t\t\t\t\t\t\t\t\t\t\t\t\t\t<a href=\"https:\/\/www.portovenere.fr\/fr-fr\/carrelage-sol-et-mur-en-gres-cerame-et-faience\/carrelage-aspect-pierre\/\">\n\t\t\t\t\t\t\t<img decoding=\"async\" src=\"https:\/\/www.portovenere.fr\/fr-fr\/wp-content\/uploads\/2019\/11\/Carrelage-sol-salle-de-bain-aspect-parquet-bois-20x121-et-mosa\u00efque-b\u00e2ton-2x10-sur-30x30cm_Oklahoma_Nut.jpg\" title=\"Carrelage-sol-salle-de-bain-aspect-parquet-bois-20&#215;121-et-mosa\u00efque-b\u00e2ton-2&#215;10-sur-30x30cm_Oklahoma_Nut\" alt=\"Carrelage-sol-salle-de-bain-aspect-parquet-bois-20x121-et-mosa\u00efque-b\u00e2ton-2x10-sur-30x30cm_Oklahoma_Nut\" loading=\"lazy\" \/>\t\t\t\t\t\t\t\t<\/a>\n\t\t\t\t\t\t\t\t\t\t\t\t\t\t\t<\/div>\n\t\t\t\t<\/div>\n\t\t\t\t\t<\/div>\n\t\t<\/div>\n\t\t\t\t\t<\/div>\n\t\t<\/section>\n\t\t\t\t<section class=\"elementor-section elementor-inner-section elementor-element elementor-element-6337792 elementor-section-boxed elementor-section-height-default elementor-section-height-default\" data-id=\"6337792\" data-element_type=\"section\" data-e-type=\"section\">\n\t\t\t\t\t\t<div class=\"elementor-container elementor-column-gap-default\">\n\t\t\t\t\t<div class=\"elementor-column elementor-col-50 elementor-inner-column elementor-element elementor-element-f569553 elementor-invisible\" data-id=\"f569553\" data-element_type=\"column\" data-e-type=\"column\" data-settings=\"{&quot;animation&quot;:&quot;fadeInLeft&quot;}\">\n\t\t\t<div class=\"elementor-widget-wrap elementor-element-populated\">\n\t\t\t\t\t\t<div class=\"elementor-element elementor-element-0bc8e6b elementor-invisible elementor-widget elementor-widget-image\" data-id=\"0bc8e6b\" data-element_type=\"widget\" data-e-type=\"widget\" data-settings=\"{&quot;_animation&quot;:&quot;fadeInRight&quot;}\" data-widget_type=\"image.default\">\n\t\t\t\t<div class=\"elementor-widget-container\">\n\t\t\t\t\t\t\t\t\t\t\t\t\t\t\t\t<a href=\"https:\/\/www.portovenere.fr\/fr-fr\/carrelage-sol-et-mur-en-gres-cerame-et-faience\/carrelage-imitation-parquet-aspect-bois\/\">\n\t\t\t\t\t\t\t<img fetchpriority=\"high\" decoding=\"async\" width=\"768\" height=\"772\" src=\"https:\/\/www.portovenere.fr\/fr-fr\/wp-content\/uploads\/2023\/02\/Carrelage-effet-pierre-travertin-Astro-Sand-Vein-Cut-gres-cerame-interieur-et-exterieur-a-Montpellier-Herault-34-768x772.jpg\" class=\"attachment-medium_large size-medium_large wp-image-44800\" alt=\"carrelage aspect travertin ASTRO\" srcset=\"https:\/\/www.portovenere.fr\/fr-fr\/wp-content\/uploads\/2023\/02\/Carrelage-effet-pierre-travertin-Astro-Sand-Vein-Cut-gres-cerame-interieur-et-exterieur-a-Montpellier-Herault-34-768x772.jpg 768w, https:\/\/www.portovenere.fr\/fr-fr\/wp-content\/uploads\/2023\/02\/Carrelage-effet-pierre-travertin-Astro-Sand-Vein-Cut-gres-cerame-interieur-et-exterieur-a-Montpellier-Herault-34-150x150.jpg 150w, https:\/\/www.portovenere.fr\/fr-fr\/wp-content\/uploads\/2023\/02\/Carrelage-effet-pierre-travertin-Astro-Sand-Vein-Cut-gres-cerame-interieur-et-exterieur-a-Montpellier-Herault-34.jpg 1000w\" sizes=\"(max-width: 768px) 100vw, 768px\" \/>\t\t\t\t\t\t\t\t<\/a>\n\t\t\t\t\t\t\t\t\t\t\t\t\t\t\t<\/div>\n\t\t\t\t<\/div>\n\t\t\t\t\t<\/div>\n\t\t<\/div>\n\t\t\t\t<div class=\"elementor-column elementor-col-50 elementor-inner-column elementor-element elementor-element-a92840c elementor-invisible\" data-id=\"a92840c\" data-element_type=\"column\" data-e-type=\"column\" data-settings=\"{&quot;background_background&quot;:&quot;classic&quot;,&quot;animation&quot;:&quot;fadeInRight&quot;}\">\n\t\t\t<div class=\"elementor-widget-wrap elementor-element-populated\">\n\t\t\t\t\t\t<div class=\"elementor-element elementor-element-22f9616 elementor-widget elementor-widget-heading\" data-id=\"22f9616\" data-element_type=\"widget\" data-e-type=\"widget\" data-widget_type=\"heading.default\">\n\t\t\t\t<div class=\"elementor-widget-container\">\n\t\t\t\t\t<p class=\"elementor-heading-title elementor-size-default\">Produits<\/p>\t\t\t\t<\/div>\n\t\t\t\t<\/div>\n\t\t\t\t<div class=\"elementor-element elementor-element-75f5c1f elementor-widget elementor-widget-heading\" data-id=\"75f5c1f\" data-element_type=\"widget\" data-e-type=\"widget\" data-widget_type=\"heading.default\">\n\t\t\t\t<div class=\"elementor-widget-container\">\n\t\t\t\t\t<h4 class=\"elementor-heading-title elementor-size-default\"><a href=\"https:\/\/www.portovenere.fr\/fr-fr\/carrelage-sol-et-mur-en-gres-cerame-et-faience\/carrelage-aspect-pierre\/\">Carrelage aspect pierre<\/a><\/h4>\t\t\t\t<\/div>\n\t\t\t\t<\/div>\n\t\t\t\t<div class=\"elementor-element elementor-element-2d9780f elementor-widget elementor-widget-text-editor\" data-id=\"2d9780f\" data-element_type=\"widget\" data-e-type=\"widget\" data-widget_type=\"text-editor.default\">\n\t\t\t\t<div class=\"elementor-widget-container\">\n\t\t\t\t\t\t\t\t\t<p style=\"outline: none;\">Des collections de carrelage en gr\u00e8s c\u00e9rame qui reprennent la<b> pierre traditionnelle, pierre contemporaine ou travertin\u00a0<\/b>et qui se d\u00e9clinent dans de tr\u00e8s nombreux formats et finitions : aspect mat, adouci, brillant, bords rectifi\u00e9s ou non&#8230;.<\/p><p style=\"outline: none;\">Large choix de teintes pour des ambiances naturelles, modernes ou authentiques.<\/p>\t\t\t\t\t\t\t\t<\/div>\n\t\t\t\t<\/div>\n\t\t\t\t<div class=\"elementor-element elementor-element-c26ab98 elementor-mobile-align-center elementor-widget elementor-widget-button\" data-id=\"c26ab98\" data-element_type=\"widget\" data-e-type=\"widget\" data-widget_type=\"button.default\">\n\t\t\t\t<div class=\"elementor-widget-container\">\n\t\t\t\t\t\t\t\t\t<div class=\"elementor-button-wrapper\">\n\t\t\t\t\t<a class=\"elementor-button elementor-button-link elementor-size-sm\" href=\"https:\/\/www.portovenere.fr\/fr-fr\/carrelage-sol-et-mur-en-gres-cerame-et-faience\/carrelage-aspect-pierre\/\">\n\t\t\t\t\t\t<span class=\"elementor-button-content-wrapper\">\n\t\t\t\t\t\t\t\t\t<span class=\"elementor-button-text\">Voir les produits<\/span>\n\t\t\t\t\t<\/span>\n\t\t\t\t\t<\/a>\n\t\t\t\t<\/div>\n\t\t\t\t\t\t\t\t<\/div>\n\t\t\t\t<\/div>\n\t\t\t\t\t<\/div>\n\t\t<\/div>\n\t\t\t\t\t<\/div>\n\t\t<\/section>\n\t\t\t\t<section class=\"elementor-section elementor-inner-section elementor-element elementor-element-8c029d7 elementor-reverse-mobile elementor-section-boxed elementor-section-height-default elementor-section-height-default\" data-id=\"8c029d7\" data-element_type=\"section\" data-e-type=\"section\">\n\t\t\t\t\t\t<div class=\"elementor-container elementor-column-gap-default\">\n\t\t\t\t\t<div class=\"elementor-column elementor-col-50 elementor-inner-column elementor-element elementor-element-b2472fc elementor-invisible\" data-id=\"b2472fc\" data-element_type=\"column\" data-e-type=\"column\" data-settings=\"{&quot;background_background&quot;:&quot;classic&quot;,&quot;animation&quot;:&quot;fadeInLeft&quot;}\">\n\t\t\t<div class=\"elementor-widget-wrap elementor-element-populated\">\n\t\t\t\t\t\t<div class=\"elementor-element elementor-element-2aff5e2 elementor-widget elementor-widget-heading\" data-id=\"2aff5e2\" data-element_type=\"widget\" data-e-type=\"widget\" data-widget_type=\"heading.default\">\n\t\t\t\t<div class=\"elementor-widget-container\">\n\t\t\t\t\t<p class=\"elementor-heading-title elementor-size-default\">Produits<\/p>\t\t\t\t<\/div>\n\t\t\t\t<\/div>\n\t\t\t\t<div class=\"elementor-element elementor-element-1c81090 elementor-widget elementor-widget-heading\" data-id=\"1c81090\" data-element_type=\"widget\" data-e-type=\"widget\" data-widget_type=\"heading.default\">\n\t\t\t\t<div class=\"elementor-widget-container\">\n\t\t\t\t\t<h4 class=\"elementor-heading-title elementor-size-default\"><a href=\"https:\/\/www.portovenere.fr\/fr-fr\/carrelage-sol-et-mur-en-gres-cerame-et-faience\/carrelage-aspect-marbre\/\">Carrelage aspect marbre<\/a><\/h4>\t\t\t\t<\/div>\n\t\t\t\t<\/div>\n\t\t\t\t<div class=\"elementor-element elementor-element-1a48ec5 elementor-widget elementor-widget-text-editor\" data-id=\"1a48ec5\" data-element_type=\"widget\" data-e-type=\"widget\" data-widget_type=\"text-editor.default\">\n\t\t\t\t<div class=\"elementor-widget-container\">\n\t\t\t\t\t\t\t\t\t<p>La beaut\u00e9 du marbre associ\u00e9e \u00e0 la solidit\u00e9 et \u00e0 la facilit\u00e9 d&rsquo;entretien du gr\u00e8s c\u00e9rame. Carrelage grand format, fine \u00e9paisseur, finition brillante ou mate&#8230;D\u00e9couvrez nos collections gr\u00e8s c\u00e9rame imitation marbre de grande qualit\u00e9.<\/p>\t\t\t\t\t\t\t\t<\/div>\n\t\t\t\t<\/div>\n\t\t\t\t<div class=\"elementor-element elementor-element-e8b1a3d elementor-mobile-align-center elementor-widget elementor-widget-button\" data-id=\"e8b1a3d\" data-element_type=\"widget\" data-e-type=\"widget\" data-widget_type=\"button.default\">\n\t\t\t\t<div class=\"elementor-widget-container\">\n\t\t\t\t\t\t\t\t\t<div class=\"elementor-button-wrapper\">\n\t\t\t\t\t<a class=\"elementor-button elementor-button-link elementor-size-sm\" href=\"https:\/\/www.portovenere.fr\/fr-fr\/carrelage-sol-et-mur-en-gres-cerame-et-faience\/carrelage-aspect-marbre\/\">\n\t\t\t\t\t\t<span class=\"elementor-button-content-wrapper\">\n\t\t\t\t\t\t\t\t\t<span class=\"elementor-button-text\">Voir les produits<\/span>\n\t\t\t\t\t<\/span>\n\t\t\t\t\t<\/a>\n\t\t\t\t<\/div>\n\t\t\t\t\t\t\t\t<\/div>\n\t\t\t\t<\/div>\n\t\t\t\t\t<\/div>\n\t\t<\/div>\n\t\t\t\t<div class=\"elementor-column elementor-col-50 elementor-inner-column elementor-element elementor-element-3c8a179\" data-id=\"3c8a179\" data-element_type=\"column\" data-e-type=\"column\">\n\t\t\t<div class=\"elementor-widget-wrap elementor-element-populated\">\n\t\t\t\t\t\t<div class=\"elementor-element elementor-element-87d5aca elementor-invisible elementor-widget elementor-widget-image\" data-id=\"87d5aca\" data-element_type=\"widget\" data-e-type=\"widget\" data-settings=\"{&quot;_animation&quot;:&quot;fadeInRight&quot;}\" data-widget_type=\"image.default\">\n\t\t\t\t<div class=\"elementor-widget-container\">\n\t\t\t\t\t\t\t\t\t\t\t\t\t\t\t\t<a href=\"https:\/\/www.portovenere.fr\/fr-fr\/carrelage-sol-et-mur-en-gres-cerame-et-faience\/carrelage-aspect-marbre\/\">\n\t\t\t\t\t\t\t<img decoding=\"async\" width=\"1000\" height=\"762\" src=\"https:\/\/www.portovenere.fr\/fr-fr\/wp-content\/uploads\/2023\/01\/Carrelage-mural-aspect-marbre-contemporain-Epigone-Flame-a-Montpellier-Herault-34-Porto-Venere.jpg\" class=\"attachment-full size-full wp-image-44343\" alt=\"Carrelage effet marbre grand format sol et mur Epigone Luxe\" srcset=\"https:\/\/www.portovenere.fr\/fr-fr\/wp-content\/uploads\/2023\/01\/Carrelage-mural-aspect-marbre-contemporain-Epigone-Flame-a-Montpellier-Herault-34-Porto-Venere.jpg 1000w, https:\/\/www.portovenere.fr\/fr-fr\/wp-content\/uploads\/2023\/01\/Carrelage-mural-aspect-marbre-contemporain-Epigone-Flame-a-Montpellier-Herault-34-Porto-Venere-300x229.jpg 300w, https:\/\/www.portovenere.fr\/fr-fr\/wp-content\/uploads\/2023\/01\/Carrelage-mural-aspect-marbre-contemporain-Epigone-Flame-a-Montpellier-Herault-34-Porto-Venere-768x585.jpg 768w\" sizes=\"(max-width: 1000px) 100vw, 1000px\" \/>\t\t\t\t\t\t\t\t<\/a>\n\t\t\t\t\t\t\t\t\t\t\t\t\t\t\t<\/div>\n\t\t\t\t<\/div>\n\t\t\t\t\t<\/div>\n\t\t<\/div>\n\t\t\t\t\t<\/div>\n\t\t<\/section>\n\t\t\t\t<section class=\"elementor-section elementor-inner-section elementor-element elementor-element-5248876 elementor-section-boxed elementor-section-height-default elementor-section-height-default\" data-id=\"5248876\" data-element_type=\"section\" data-e-type=\"section\">\n\t\t\t\t\t\t<div class=\"elementor-container elementor-column-gap-default\">\n\t\t\t\t\t<div class=\"elementor-column elementor-col-50 elementor-inner-column elementor-element elementor-element-7df0dd8 elementor-invisible\" data-id=\"7df0dd8\" data-element_type=\"column\" data-e-type=\"column\" data-settings=\"{&quot;animation&quot;:&quot;fadeInLeft&quot;}\">\n\t\t\t<div class=\"elementor-widget-wrap elementor-element-populated\">\n\t\t\t\t\t\t<div class=\"elementor-element elementor-element-554c6af elementor-widget elementor-widget-image\" data-id=\"554c6af\" data-element_type=\"widget\" data-e-type=\"widget\" data-widget_type=\"image.default\">\n\t\t\t\t<div class=\"elementor-widget-container\">\n\t\t\t\t\t\t\t\t\t\t\t\t\t\t\t\t<a href=\"https:\/\/www.portovenere.fr\/fr-fr\/carrelage-sol-et-mur-en-gres-cerame-et-faience\/carrelage-aspect-metal\/\">\n\t\t\t\t\t\t\t<img decoding=\"async\" width=\"768\" height=\"772\" src=\"https:\/\/www.portovenere.fr\/fr-fr\/wp-content\/uploads\/2022\/03\/carrelage-sol-et-mur-electron-silver-grand-format-effet-beton-metallise-style-industriel-a-dions-gard-30-768x772.jpg\" class=\"attachment-medium_large size-medium_large wp-image-41796\" alt=\"carrelage-sol-et-mur-effet-m\u00e9tallis\u00e9-Electron\" srcset=\"https:\/\/www.portovenere.fr\/fr-fr\/wp-content\/uploads\/2022\/03\/carrelage-sol-et-mur-electron-silver-grand-format-effet-beton-metallise-style-industriel-a-dions-gard-30-768x772.jpg 768w, https:\/\/www.portovenere.fr\/fr-fr\/wp-content\/uploads\/2022\/03\/carrelage-sol-et-mur-electron-silver-grand-format-effet-beton-metallise-style-industriel-a-dions-gard-30-150x150.jpg 150w, https:\/\/www.portovenere.fr\/fr-fr\/wp-content\/uploads\/2022\/03\/carrelage-sol-et-mur-electron-silver-grand-format-effet-beton-metallise-style-industriel-a-dions-gard-30.jpg 1000w\" sizes=\"(max-width: 768px) 100vw, 768px\" \/>\t\t\t\t\t\t\t\t<\/a>\n\t\t\t\t\t\t\t\t\t\t\t\t\t\t\t<\/div>\n\t\t\t\t<\/div>\n\t\t\t\t\t<\/div>\n\t\t<\/div>\n\t\t\t\t<div class=\"elementor-column elementor-col-50 elementor-inner-column elementor-element elementor-element-c64d75d elementor-invisible\" data-id=\"c64d75d\" data-element_type=\"column\" data-e-type=\"column\" data-settings=\"{&quot;background_background&quot;:&quot;classic&quot;,&quot;animation&quot;:&quot;fadeInRight&quot;}\">\n\t\t\t<div class=\"elementor-widget-wrap elementor-element-populated\">\n\t\t\t\t\t\t<div class=\"elementor-element elementor-element-3fe4ef5 elementor-widget elementor-widget-heading\" data-id=\"3fe4ef5\" data-element_type=\"widget\" data-e-type=\"widget\" data-widget_type=\"heading.default\">\n\t\t\t\t<div class=\"elementor-widget-container\">\n\t\t\t\t\t<p class=\"elementor-heading-title elementor-size-default\">Produits<\/p>\t\t\t\t<\/div>\n\t\t\t\t<\/div>\n\t\t\t\t<div class=\"elementor-element elementor-element-5696c35 elementor-widget elementor-widget-heading\" data-id=\"5696c35\" data-element_type=\"widget\" data-e-type=\"widget\" data-widget_type=\"heading.default\">\n\t\t\t\t<div class=\"elementor-widget-container\">\n\t\t\t\t\t<h4 class=\"elementor-heading-title elementor-size-default\"><a href=\"https:\/\/www.portovenere.fr\/fr-fr\/carrelage-sol-et-mur-en-gres-cerame-et-faience\/carrelage-aspect-metal\/\">Carrelage aspect m\u00e9tal<\/a><\/h4>\t\t\t\t<\/div>\n\t\t\t\t<\/div>\n\t\t\t\t<div class=\"elementor-element elementor-element-0a5236c elementor-widget elementor-widget-text-editor\" data-id=\"0a5236c\" data-element_type=\"widget\" data-e-type=\"widget\" data-widget_type=\"text-editor.default\">\n\t\t\t\t<div class=\"elementor-widget-container\">\n\t\t\t\t\t\t\t\t\t<p style=\"outline: none;\">Carrelage en gr\u00e8s c\u00e9rame pour sol et mur au design tr\u00e8s contemporain : grand format, carreau extra-fin, effet m\u00e9tal rouill\u00e9, m\u00e9tal noir, aspect blanc cass\u00e9 original&#8230; de merveilleuses collections \u00e0 d\u00e9couvrir.<\/p>\t\t\t\t\t\t\t\t<\/div>\n\t\t\t\t<\/div>\n\t\t\t\t<div class=\"elementor-element elementor-element-622fa87 elementor-mobile-align-center elementor-widget elementor-widget-button\" data-id=\"622fa87\" data-element_type=\"widget\" data-e-type=\"widget\" data-widget_type=\"button.default\">\n\t\t\t\t<div class=\"elementor-widget-container\">\n\t\t\t\t\t\t\t\t\t<div class=\"elementor-button-wrapper\">\n\t\t\t\t\t<a class=\"elementor-button elementor-button-link elementor-size-sm\" href=\"https:\/\/www.portovenere.fr\/fr-fr\/carrelage-sol-et-mur-en-gres-cerame-et-faience\/carrelage-aspect-metal\/\">\n\t\t\t\t\t\t<span class=\"elementor-button-content-wrapper\">\n\t\t\t\t\t\t\t\t\t<span class=\"elementor-button-text\">Voir les produits<\/span>\n\t\t\t\t\t<\/span>\n\t\t\t\t\t<\/a>\n\t\t\t\t<\/div>\n\t\t\t\t\t\t\t\t<\/div>\n\t\t\t\t<\/div>\n\t\t\t\t\t<\/div>\n\t\t<\/div>\n\t\t\t\t\t<\/div>\n\t\t<\/section>\n\t\t\t\t<section class=\"elementor-section elementor-inner-section elementor-element elementor-element-dc85990 elementor-reverse-mobile elementor-section-boxed elementor-section-height-default elementor-section-height-default\" data-id=\"dc85990\" data-element_type=\"section\" data-e-type=\"section\">\n\t\t\t\t\t\t<div class=\"elementor-container elementor-column-gap-default\">\n\t\t\t\t\t<div class=\"elementor-column elementor-col-50 elementor-inner-column elementor-element elementor-element-2fd854f elementor-invisible\" data-id=\"2fd854f\" data-element_type=\"column\" data-e-type=\"column\" data-settings=\"{&quot;background_background&quot;:&quot;classic&quot;,&quot;animation&quot;:&quot;fadeInLeft&quot;}\">\n\t\t\t<div class=\"elementor-widget-wrap elementor-element-populated\">\n\t\t\t\t\t\t<div class=\"elementor-element elementor-element-15fddfc elementor-widget elementor-widget-heading\" data-id=\"15fddfc\" data-element_type=\"widget\" data-e-type=\"widget\" data-widget_type=\"heading.default\">\n\t\t\t\t<div class=\"elementor-widget-container\">\n\t\t\t\t\t<p class=\"elementor-heading-title elementor-size-default\">Produits<\/p>\t\t\t\t<\/div>\n\t\t\t\t<\/div>\n\t\t\t\t<div class=\"elementor-element elementor-element-7daca28 elementor-widget elementor-widget-heading\" data-id=\"7daca28\" data-element_type=\"widget\" data-e-type=\"widget\" data-widget_type=\"heading.default\">\n\t\t\t\t<div class=\"elementor-widget-container\">\n\t\t\t\t\t<h4 class=\"elementor-heading-title elementor-size-default\"><a href=\"https:\/\/www.portovenere.fr\/fr-fr\/carrelage-sol-et-mur-en-gres-cerame-et-faience\/carrelage-mural-effet-brique\/\">Carrelage mural <br>effet brique<\/a><\/h4>\t\t\t\t<\/div>\n\t\t\t\t<\/div>\n\t\t\t\t<div class=\"elementor-element elementor-element-d5f55f7 elementor-widget elementor-widget-text-editor\" data-id=\"d5f55f7\" data-element_type=\"widget\" data-e-type=\"widget\" data-widget_type=\"text-editor.default\">\n\t\t\t\t<div class=\"elementor-widget-container\">\n\t\t\t\t\t\t\t\t\t<p>Donnez un style unique et authentique \u00e0 votre int\u00e9rieur gr\u00e2ce aux mod\u00e8les de carrelage mural effet brique rouge, brillante, color\u00e9e, mate, \u00e0 motifs, irr\u00e9guli\u00e8re ou rectifi\u00e9e&#8230;<\/p>\t\t\t\t\t\t\t\t<\/div>\n\t\t\t\t<\/div>\n\t\t\t\t<div class=\"elementor-element elementor-element-47e21bd elementor-mobile-align-center elementor-widget elementor-widget-button\" data-id=\"47e21bd\" data-element_type=\"widget\" data-e-type=\"widget\" data-widget_type=\"button.default\">\n\t\t\t\t<div class=\"elementor-widget-container\">\n\t\t\t\t\t\t\t\t\t<div class=\"elementor-button-wrapper\">\n\t\t\t\t\t<a class=\"elementor-button elementor-button-link elementor-size-sm\" href=\"https:\/\/www.portovenere.fr\/fr-fr\/carrelage-sol-et-mur-en-gres-cerame-et-faience\/carrelage-mural-effet-brique\/\">\n\t\t\t\t\t\t<span class=\"elementor-button-content-wrapper\">\n\t\t\t\t\t\t\t\t\t<span class=\"elementor-button-text\">Voir les produits<\/span>\n\t\t\t\t\t<\/span>\n\t\t\t\t\t<\/a>\n\t\t\t\t<\/div>\n\t\t\t\t\t\t\t\t<\/div>\n\t\t\t\t<\/div>\n\t\t\t\t\t<\/div>\n\t\t<\/div>\n\t\t\t\t<div class=\"elementor-column elementor-col-50 elementor-inner-column elementor-element elementor-element-26ca056\" data-id=\"26ca056\" data-element_type=\"column\" data-e-type=\"column\">\n\t\t\t<div class=\"elementor-widget-wrap elementor-element-populated\">\n\t\t\t\t\t\t<div class=\"elementor-element elementor-element-3da41eb elementor-widget-mobile__width-initial elementor-invisible elementor-widget elementor-widget-image\" data-id=\"3da41eb\" data-element_type=\"widget\" data-e-type=\"widget\" data-settings=\"{&quot;_animation&quot;:&quot;fadeInRight&quot;}\" data-widget_type=\"image.default\">\n\t\t\t\t<div class=\"elementor-widget-container\">\n\t\t\t\t\t\t\t\t\t\t\t\t\t\t\t\t<a href=\"https:\/\/www.portovenere.fr\/fr-fr\/carrelage-sol-et-mur-en-gres-cerame-et-faience\/carrelage-mural-effet-brique\/\">\n\t\t\t\t\t\t\t<img loading=\"lazy\" decoding=\"async\" width=\"800\" height=\"600\" src=\"https:\/\/www.portovenere.fr\/fr-fr\/wp-content\/uploads\/2025\/10\/Credence-murale-effet-brique-artisanale-irreguliere-et-coloree-KARRAA-vert-army-et-decor-Quirky-magasin-carrelage-Porto-Venere-proche-de-Sete-34-1024x768.jpg\" class=\"attachment-large size-large wp-image-65625\" alt=\"Carrelage mural effet brique avec imperfections en cr\u00e9dence de salle de bains disponibles dans 20 coloris et 2 finitions KARRAA magasin PORTO VENERE \u00e0 Montpellier 34\" srcset=\"https:\/\/www.portovenere.fr\/fr-fr\/wp-content\/uploads\/2025\/10\/Credence-murale-effet-brique-artisanale-irreguliere-et-coloree-KARRAA-vert-army-et-decor-Quirky-magasin-carrelage-Porto-Venere-proche-de-Sete-34-1024x768.jpg 1024w, https:\/\/www.portovenere.fr\/fr-fr\/wp-content\/uploads\/2025\/10\/Credence-murale-effet-brique-artisanale-irreguliere-et-coloree-KARRAA-vert-army-et-decor-Quirky-magasin-carrelage-Porto-Venere-proche-de-Sete-34-300x225.jpg 300w, https:\/\/www.portovenere.fr\/fr-fr\/wp-content\/uploads\/2025\/10\/Credence-murale-effet-brique-artisanale-irreguliere-et-coloree-KARRAA-vert-army-et-decor-Quirky-magasin-carrelage-Porto-Venere-proche-de-Sete-34-768x576.jpg 768w, https:\/\/www.portovenere.fr\/fr-fr\/wp-content\/uploads\/2025\/10\/Credence-murale-effet-brique-artisanale-irreguliere-et-coloree-KARRAA-vert-army-et-decor-Quirky-magasin-carrelage-Porto-Venere-proche-de-Sete-34.jpg 1333w\" sizes=\"(max-width: 800px) 100vw, 800px\" \/>\t\t\t\t\t\t\t\t<\/a>\n\t\t\t\t\t\t\t\t\t\t\t\t\t\t\t<\/div>\n\t\t\t\t<\/div>\n\t\t\t\t\t<\/div>\n\t\t<\/div>\n\t\t\t\t\t<\/div>\n\t\t<\/section>\n\t\t\t\t<section class=\"elementor-section elementor-inner-section elementor-element elementor-element-0bcd1b1 elementor-section-boxed elementor-section-height-default elementor-section-height-default\" data-id=\"0bcd1b1\" data-element_type=\"section\" data-e-type=\"section\">\n\t\t\t\t\t\t<div class=\"elementor-container elementor-column-gap-default\">\n\t\t\t\t\t<div class=\"elementor-column elementor-col-50 elementor-inner-column elementor-element elementor-element-db135fa elementor-invisible\" data-id=\"db135fa\" data-element_type=\"column\" data-e-type=\"column\" data-settings=\"{&quot;animation&quot;:&quot;fadeInLeft&quot;}\">\n\t\t\t<div class=\"elementor-widget-wrap elementor-element-populated\">\n\t\t\t\t\t\t<div class=\"elementor-element elementor-element-89779eb elementor-widget elementor-widget-image\" data-id=\"89779eb\" data-element_type=\"widget\" data-e-type=\"widget\" data-widget_type=\"image.default\">\n\t\t\t\t<div class=\"elementor-widget-container\">\n\t\t\t\t\t\t\t\t\t\t\t\t\t\t\t\t<a href=\"https:\/\/www.portovenere.fr\/fr-fr\/carrelage-sol-et-mur-en-gres-cerame-et-faience\/carrelage-extra-fin-special-renovation\/\">\n\t\t\t\t\t\t\t<img loading=\"lazy\" decoding=\"async\" width=\"768\" height=\"512\" src=\"https:\/\/www.portovenere.fr\/fr-fr\/wp-content\/uploads\/2020\/02\/Carrelage_Extra_Fin_3mm_Gr\u00e8s_C\u00e9rame_Aspect_Beton_Urban_Life_Portland_Grand_Format_Renovation_maison_proche_Nice-1-768x512.jpg\" class=\"attachment-medium_large size-medium_large wp-image-25634\" alt=\"Carrelage extra fin Portland_Porto Venere Montpellier\" srcset=\"https:\/\/www.portovenere.fr\/fr-fr\/wp-content\/uploads\/2020\/02\/Carrelage_Extra_Fin_3mm_Gr\u00e8s_C\u00e9rame_Aspect_Beton_Urban_Life_Portland_Grand_Format_Renovation_maison_proche_Nice-1-768x512.jpg 768w, https:\/\/www.portovenere.fr\/fr-fr\/wp-content\/uploads\/2020\/02\/Carrelage_Extra_Fin_3mm_Gr\u00e8s_C\u00e9rame_Aspect_Beton_Urban_Life_Portland_Grand_Format_Renovation_maison_proche_Nice-1-300x200.jpg 300w, https:\/\/www.portovenere.fr\/fr-fr\/wp-content\/uploads\/2020\/02\/Carrelage_Extra_Fin_3mm_Gr\u00e8s_C\u00e9rame_Aspect_Beton_Urban_Life_Portland_Grand_Format_Renovation_maison_proche_Nice-1-1024x683.jpg 1024w, https:\/\/www.portovenere.fr\/fr-fr\/wp-content\/uploads\/2020\/02\/Carrelage_Extra_Fin_3mm_Gr\u00e8s_C\u00e9rame_Aspect_Beton_Urban_Life_Portland_Grand_Format_Renovation_maison_proche_Nice-1.jpg 1500w\" sizes=\"(max-width: 768px) 100vw, 768px\" \/>\t\t\t\t\t\t\t\t<\/a>\n\t\t\t\t\t\t\t\t\t\t\t\t\t\t\t<\/div>\n\t\t\t\t<\/div>\n\t\t\t\t\t<\/div>\n\t\t<\/div>\n\t\t\t\t<div class=\"elementor-column elementor-col-50 elementor-inner-column elementor-element elementor-element-176a548 elementor-invisible\" data-id=\"176a548\" data-element_type=\"column\" data-e-type=\"column\" data-settings=\"{&quot;background_background&quot;:&quot;classic&quot;,&quot;animation&quot;:&quot;fadeInRight&quot;}\">\n\t\t\t<div class=\"elementor-widget-wrap elementor-element-populated\">\n\t\t\t\t\t\t<div class=\"elementor-element elementor-element-6d0b8de elementor-widget elementor-widget-heading\" data-id=\"6d0b8de\" data-element_type=\"widget\" data-e-type=\"widget\" data-widget_type=\"heading.default\">\n\t\t\t\t<div class=\"elementor-widget-container\">\n\t\t\t\t\t<p class=\"elementor-heading-title elementor-size-default\">Produits<\/p>\t\t\t\t<\/div>\n\t\t\t\t<\/div>\n\t\t\t\t<div class=\"elementor-element elementor-element-5bc9704 elementor-widget elementor-widget-heading\" data-id=\"5bc9704\" data-element_type=\"widget\" data-e-type=\"widget\" data-widget_type=\"heading.default\">\n\t\t\t\t<div class=\"elementor-widget-container\">\n\t\t\t\t\t<h4 class=\"elementor-heading-title elementor-size-default\"><a href=\"https:\/\/www.portovenere.fr\/fr-fr\/carrelage-sol-et-mur-en-gres-cerame-et-faience\/carrelage-extra-fin-special-renovation\/\">Carrelage fine \u00e9paisseur id\u00e9al r\u00e9novation de sols et murs<\/a><\/h4>\t\t\t\t<\/div>\n\t\t\t\t<\/div>\n\t\t\t\t<div class=\"elementor-element elementor-element-6c5d20b elementor-widget elementor-widget-text-editor\" data-id=\"6c5d20b\" data-element_type=\"widget\" data-e-type=\"widget\" data-widget_type=\"text-editor.default\">\n\t\t\t\t<div class=\"elementor-widget-container\">\n\t\t\t\t\t\t\t\t\t<p><b>Relookez votre int\u00e9rieur sans retirer l&rsquo;ancien carrelage<\/b><\/p><p>D\u00e9couvrez le\u00a0<b>gr\u00e8s lamin\u00e9s extra-fins<\/b>\u00a0(ou\u00a0<b>slim <\/b>ou encore<b> fine \u00e9paisseur<\/b>) pour la\u00a0<b>r\u00e9novation de sol<\/b>\u00a0et\u00a0<b>mur.<\/b>\u00a0Ces produits de<b>\u00a03,5mm<\/b>\u00a0et<b>\u00a05,5mm<\/b>\u00a0(mais aussi 6 et 7mm) d&rsquo;\u00e9paisseur peuvent \u00eatre pos\u00e9s sur un\u00a0<b>ancien carrelage\u00a0<\/b>sans ajouter trop de poids et de sur-\u00e9paisseur. Ils ont une<b>\u00a0fibre de verre<\/b>\u00a0\u00e0 leur dos, ce qui leur offre une\u00a0<b>grande r\u00e9sistance<\/b>\u00a0aux chocs, associ\u00e9e \u00e0 une \u00e9lasticit\u00e9 accrue des\u00a0<b>rev\u00eatements c\u00e9ramique<\/b>\u00a0en gr\u00e8s lamin\u00e9. <b>Nombreux formats jusqu&rsquo;\u00e0 160&#215;320 cm<\/b>.<\/p>\t\t\t\t\t\t\t\t<\/div>\n\t\t\t\t<\/div>\n\t\t\t\t<div class=\"elementor-element elementor-element-756ff48 elementor-mobile-align-center elementor-widget elementor-widget-button\" data-id=\"756ff48\" data-element_type=\"widget\" data-e-type=\"widget\" data-widget_type=\"button.default\">\n\t\t\t\t<div class=\"elementor-widget-container\">\n\t\t\t\t\t\t\t\t\t<div class=\"elementor-button-wrapper\">\n\t\t\t\t\t<a class=\"elementor-button elementor-button-link elementor-size-sm\" href=\"https:\/\/www.portovenere.fr\/fr-fr\/carrelage-sol-et-mur-en-gres-cerame-et-faience\/carrelage-extra-fin-special-renovation\/\">\n\t\t\t\t\t\t<span class=\"elementor-button-content-wrapper\">\n\t\t\t\t\t\t\t\t\t<span class=\"elementor-button-text\">Voir les produits<\/span>\n\t\t\t\t\t<\/span>\n\t\t\t\t\t<\/a>\n\t\t\t\t<\/div>\n\t\t\t\t\t\t\t\t<\/div>\n\t\t\t\t<\/div>\n\t\t\t\t\t<\/div>\n\t\t<\/div>\n\t\t\t\t\t<\/div>\n\t\t<\/section>\n\t\t\t\t<section class=\"elementor-section elementor-inner-section elementor-element elementor-element-7c9a508 elementor-reverse-mobile elementor-section-boxed elementor-section-height-default elementor-section-height-default\" data-id=\"7c9a508\" data-element_type=\"section\" data-e-type=\"section\">\n\t\t\t\t\t\t<div class=\"elementor-container elementor-column-gap-default\">\n\t\t\t\t\t<div class=\"elementor-column elementor-col-50 elementor-inner-column elementor-element elementor-element-d5a58cc elementor-invisible\" data-id=\"d5a58cc\" data-element_type=\"column\" data-e-type=\"column\" data-settings=\"{&quot;background_background&quot;:&quot;classic&quot;,&quot;animation&quot;:&quot;fadeInLeft&quot;}\">\n\t\t\t<div class=\"elementor-widget-wrap elementor-element-populated\">\n\t\t\t\t\t\t<div class=\"elementor-element elementor-element-cbacc8c elementor-widget elementor-widget-heading\" data-id=\"cbacc8c\" data-element_type=\"widget\" data-e-type=\"widget\" data-widget_type=\"heading.default\">\n\t\t\t\t<div class=\"elementor-widget-container\">\n\t\t\t\t\t<p class=\"elementor-heading-title elementor-size-default\">Produits<\/p>\t\t\t\t<\/div>\n\t\t\t\t<\/div>\n\t\t\t\t<div class=\"elementor-element elementor-element-d058019 elementor-widget elementor-widget-heading\" data-id=\"d058019\" data-element_type=\"widget\" data-e-type=\"widget\" data-widget_type=\"heading.default\">\n\t\t\t\t<div class=\"elementor-widget-container\">\n\t\t\t\t\t<h4 class=\"elementor-heading-title elementor-size-default\"><a href=\"https:\/\/www.portovenere.fr\/fr-fr\/carrelage-sol-et-mur-en-gres-cerame-et-faience\/carrelage-traditionnel-aspect-terre-cuite-et-pierre\/\">Carrelage traditionnel<\/a><\/h4>\t\t\t\t<\/div>\n\t\t\t\t<\/div>\n\t\t\t\t<div class=\"elementor-element elementor-element-f6262bd elementor-widget elementor-widget-text-editor\" data-id=\"f6262bd\" data-element_type=\"widget\" data-e-type=\"widget\" data-widget_type=\"text-editor.default\">\n\t\t\t\t<div class=\"elementor-widget-container\">\n\t\t\t\t\t\t\t\t\t<p>Carrelages aspect pierre traditionnelle et terre cuite qui reproduisent le caract\u00e8re authentique des mat\u00e9riaux anciens.<\/p>\t\t\t\t\t\t\t\t<\/div>\n\t\t\t\t<\/div>\n\t\t\t\t<div class=\"elementor-element elementor-element-7aac08b elementor-mobile-align-center elementor-widget elementor-widget-button\" data-id=\"7aac08b\" data-element_type=\"widget\" data-e-type=\"widget\" data-widget_type=\"button.default\">\n\t\t\t\t<div class=\"elementor-widget-container\">\n\t\t\t\t\t\t\t\t\t<div class=\"elementor-button-wrapper\">\n\t\t\t\t\t<a class=\"elementor-button elementor-button-link elementor-size-sm\" href=\"https:\/\/www.portovenere.fr\/fr-fr\/carrelage-sol-et-mur-en-gres-cerame-et-faience\/carrelage-traditionnel-aspect-terre-cuite-et-pierre\/\">\n\t\t\t\t\t\t<span class=\"elementor-button-content-wrapper\">\n\t\t\t\t\t\t\t\t\t<span class=\"elementor-button-text\">Voir les produits<\/span>\n\t\t\t\t\t<\/span>\n\t\t\t\t\t<\/a>\n\t\t\t\t<\/div>\n\t\t\t\t\t\t\t\t<\/div>\n\t\t\t\t<\/div>\n\t\t\t\t\t<\/div>\n\t\t<\/div>\n\t\t\t\t<div class=\"elementor-column elementor-col-50 elementor-inner-column elementor-element elementor-element-f0e9b4f\" data-id=\"f0e9b4f\" data-element_type=\"column\" data-e-type=\"column\">\n\t\t\t<div class=\"elementor-widget-wrap elementor-element-populated\">\n\t\t\t\t\t\t<div class=\"elementor-element elementor-element-800fb81 elementor-invisible elementor-widget elementor-widget-image\" data-id=\"800fb81\" data-element_type=\"widget\" data-e-type=\"widget\" data-settings=\"{&quot;_animation&quot;:&quot;fadeInRight&quot;}\" data-widget_type=\"image.default\">\n\t\t\t\t<div class=\"elementor-widget-container\">\n\t\t\t\t\t\t\t\t\t\t\t\t\t\t\t\t<a href=\"https:\/\/www.portovenere.fr\/fr-fr\/carrelage-sol-et-mur-en-gres-cerame-et-faience\/carrelage-traditionnel-aspect-terre-cuite-et-pierre\/\">\n\t\t\t\t\t\t\t<img loading=\"lazy\" decoding=\"async\" width=\"1500\" height=\"1020\" src=\"https:\/\/www.portovenere.fr\/fr-fr\/wp-content\/uploads\/2020\/07\/Carrelage-tomettes-anciennes-en-gr\u00e8s_c\u00e9rame_COTTAGE_Cotto_terre_cuite_\u00e0_Montpellier_H\u00e9rault_34.jpg\" class=\"attachment-full size-full wp-image-30238\" alt=\"carrelage esprit anciennes tomettes hexagonales en gr\u00e8s c\u00e9rame\" srcset=\"https:\/\/www.portovenere.fr\/fr-fr\/wp-content\/uploads\/2020\/07\/Carrelage-tomettes-anciennes-en-gr\u00e8s_c\u00e9rame_COTTAGE_Cotto_terre_cuite_\u00e0_Montpellier_H\u00e9rault_34.jpg 1500w, https:\/\/www.portovenere.fr\/fr-fr\/wp-content\/uploads\/2020\/07\/Carrelage-tomettes-anciennes-en-gr\u00e8s_c\u00e9rame_COTTAGE_Cotto_terre_cuite_\u00e0_Montpellier_H\u00e9rault_34-300x204.jpg 300w, https:\/\/www.portovenere.fr\/fr-fr\/wp-content\/uploads\/2020\/07\/Carrelage-tomettes-anciennes-en-gr\u00e8s_c\u00e9rame_COTTAGE_Cotto_terre_cuite_\u00e0_Montpellier_H\u00e9rault_34-1024x696.jpg 1024w, https:\/\/www.portovenere.fr\/fr-fr\/wp-content\/uploads\/2020\/07\/Carrelage-tomettes-anciennes-en-gr\u00e8s_c\u00e9rame_COTTAGE_Cotto_terre_cuite_\u00e0_Montpellier_H\u00e9rault_34-768x522.jpg 768w\" sizes=\"(max-width: 1500px) 100vw, 1500px\" \/>\t\t\t\t\t\t\t\t<\/a>\n\t\t\t\t\t\t\t\t\t\t\t\t\t\t\t<\/div>\n\t\t\t\t<\/div>\n\t\t\t\t\t<\/div>\n\t\t<\/div>\n\t\t\t\t\t<\/div>\n\t\t<\/section>\n\t\t\t\t<section class=\"elementor-section elementor-inner-section elementor-element elementor-element-86c3728 elementor-section-boxed elementor-section-height-default elementor-section-height-default\" data-id=\"86c3728\" data-element_type=\"section\" data-e-type=\"section\">\n\t\t\t\t\t\t<div class=\"elementor-container elementor-column-gap-default\">\n\t\t\t\t\t<div class=\"elementor-column elementor-col-50 elementor-inner-column elementor-element elementor-element-28f646a elementor-invisible\" data-id=\"28f646a\" data-element_type=\"column\" data-e-type=\"column\" data-settings=\"{&quot;animation&quot;:&quot;fadeInLeft&quot;}\">\n\t\t\t<div class=\"elementor-widget-wrap elementor-element-populated\">\n\t\t\t\t\t\t<div class=\"elementor-element elementor-element-c61820d elementor-widget elementor-widget-image\" data-id=\"c61820d\" data-element_type=\"widget\" data-e-type=\"widget\" data-widget_type=\"image.default\">\n\t\t\t\t<div class=\"elementor-widget-container\">\n\t\t\t\t\t\t\t\t\t\t\t\t\t\t\t\t<a href=\"https:\/\/www.portovenere.fr\/fr-fr\/carrelage-exterieur-antiderapant\/\">\n\t\t\t\t\t\t\t<img decoding=\"async\" src=\"https:\/\/www.portovenere.fr\/fr-fr\/wp-content\/uploads\/2023\/10\/Carrelage-gres-cerame-piscine-et-terrasse-Structura-platino-proche-de-lattes.jpg\" title=\"Carrelage-gr\u00e8s-c\u00e9rame-piscine et terrasse Structura platino-proche-de-lattes\" alt=\"Carrelage-gr\u00e8s-c\u00e9rame-piscine et terrasse Structura platino-proche-de-lattes\" loading=\"lazy\" \/>\t\t\t\t\t\t\t\t<\/a>\n\t\t\t\t\t\t\t\t\t\t\t\t\t\t\t<\/div>\n\t\t\t\t<\/div>\n\t\t\t\t\t<\/div>\n\t\t<\/div>\n\t\t\t\t<div class=\"elementor-column elementor-col-50 elementor-inner-column elementor-element elementor-element-8a7aa4c elementor-invisible\" data-id=\"8a7aa4c\" data-element_type=\"column\" data-e-type=\"column\" data-settings=\"{&quot;background_background&quot;:&quot;classic&quot;,&quot;animation&quot;:&quot;fadeInRight&quot;}\">\n\t\t\t<div class=\"elementor-widget-wrap elementor-element-populated\">\n\t\t\t\t\t\t<div class=\"elementor-element elementor-element-5886c22 elementor-widget elementor-widget-heading\" data-id=\"5886c22\" data-element_type=\"widget\" data-e-type=\"widget\" data-widget_type=\"heading.default\">\n\t\t\t\t<div class=\"elementor-widget-container\">\n\t\t\t\t\t<p class=\"elementor-heading-title elementor-size-default\">Produits<\/p>\t\t\t\t<\/div>\n\t\t\t\t<\/div>\n\t\t\t\t<div class=\"elementor-element elementor-element-c2db602 elementor-widget elementor-widget-heading\" data-id=\"c2db602\" data-element_type=\"widget\" data-e-type=\"widget\" data-widget_type=\"heading.default\">\n\t\t\t\t<div class=\"elementor-widget-container\">\n\t\t\t\t\t<h4 class=\"elementor-heading-title elementor-size-default\"><a href=\"https:\/\/www.portovenere.fr\/fr-fr\/carrelage-exterieur-antiderapant\/\">Carrelage ext\u00e9rieur : terrasse, tour de piscine...<\/a><\/h4>\t\t\t\t<\/div>\n\t\t\t\t<\/div>\n\t\t\t\t<div class=\"elementor-element elementor-element-2eadc96 elementor-widget elementor-widget-text-editor\" data-id=\"2eadc96\" data-element_type=\"widget\" data-e-type=\"widget\" data-widget_type=\"text-editor.default\">\n\t\t\t\t<div class=\"elementor-widget-container\">\n\t\t\t\t\t\t\t\t\t<p style=\"outline: none;\">Carrelages pour sols <strong>ext\u00e9rieurs<\/strong> en <strong>gr\u00e8s c\u00e9rame<\/strong><b> antid\u00e9rapant<\/b> d\u00e9clin\u00e9s en carreaux effet bois, aspect contemporain, traditionnel, aspect pierre, imitation m\u00e9tal, etc. Tous ces mod\u00e8les sont caract\u00e9ris\u00e9s par une r\u00e9sistance extr\u00eames aux rayures, t\u00e2ches et ne craignent pas le gel.\u00a0<\/p><p>Carrelage pour terrasse, tour de piscine, all\u00e9e de garage&#8230;<\/p>\t\t\t\t\t\t\t\t<\/div>\n\t\t\t\t<\/div>\n\t\t\t\t<div class=\"elementor-element elementor-element-004171d elementor-mobile-align-center elementor-widget elementor-widget-button\" data-id=\"004171d\" data-element_type=\"widget\" data-e-type=\"widget\" data-widget_type=\"button.default\">\n\t\t\t\t<div class=\"elementor-widget-container\">\n\t\t\t\t\t\t\t\t\t<div class=\"elementor-button-wrapper\">\n\t\t\t\t\t<a class=\"elementor-button elementor-button-link elementor-size-sm\" href=\"https:\/\/www.portovenere.fr\/fr-fr\/carrelage-exterieur-antiderapant\/\">\n\t\t\t\t\t\t<span class=\"elementor-button-content-wrapper\">\n\t\t\t\t\t\t\t\t\t<span class=\"elementor-button-text\">Voir les produits<\/span>\n\t\t\t\t\t<\/span>\n\t\t\t\t\t<\/a>\n\t\t\t\t<\/div>\n\t\t\t\t\t\t\t\t<\/div>\n\t\t\t\t<\/div>\n\t\t\t\t\t<\/div>\n\t\t<\/div>\n\t\t\t\t\t<\/div>\n\t\t<\/section>\n\t\t\t\t<section class=\"elementor-section elementor-inner-section elementor-element elementor-element-76154a1 elementor-reverse-mobile elementor-section-boxed elementor-section-height-default elementor-section-height-default\" data-id=\"76154a1\" data-element_type=\"section\" data-e-type=\"section\">\n\t\t\t\t\t\t<div class=\"elementor-container elementor-column-gap-default\">\n\t\t\t\t\t<div class=\"elementor-column elementor-col-50 elementor-inner-column elementor-element elementor-element-02b520e elementor-invisible\" data-id=\"02b520e\" data-element_type=\"column\" data-e-type=\"column\" data-settings=\"{&quot;background_background&quot;:&quot;classic&quot;,&quot;animation&quot;:&quot;fadeInLeft&quot;}\">\n\t\t\t<div class=\"elementor-widget-wrap elementor-element-populated\">\n\t\t\t\t\t\t<div class=\"elementor-element elementor-element-5651fe4 elementor-widget elementor-widget-heading\" data-id=\"5651fe4\" data-element_type=\"widget\" data-e-type=\"widget\" data-widget_type=\"heading.default\">\n\t\t\t\t<div class=\"elementor-widget-container\">\n\t\t\t\t\t<p class=\"elementor-heading-title elementor-size-default\">Produits<\/p>\t\t\t\t<\/div>\n\t\t\t\t<\/div>\n\t\t\t\t<div class=\"elementor-element elementor-element-2bc77cf elementor-widget elementor-widget-heading\" data-id=\"2bc77cf\" data-element_type=\"widget\" data-e-type=\"widget\" data-widget_type=\"heading.default\">\n\t\t\t\t<div class=\"elementor-widget-container\">\n\t\t\t\t\t<h4 class=\"elementor-heading-title elementor-size-default\"><a href=\"https:\/\/www.portovenere.fr\/fr-fr\/carrelage-sol-et-mur-en-gres-cerame-et-faience\/dalles-exterieures-20mm-gres-cerame-pour-pose-sur-plots-sable-gravier\/\">Dalles ext\u00e9rieures 20mm (2cm)<span style=\"letter-spacing: 0.2px\"><\/span><br><\/a><\/h4>\t\t\t\t<\/div>\n\t\t\t\t<\/div>\n\t\t\t\t<div class=\"elementor-element elementor-element-a7d22bb elementor-widget elementor-widget-text-editor\" data-id=\"a7d22bb\" data-element_type=\"widget\" data-e-type=\"widget\" data-widget_type=\"text-editor.default\">\n\t\t\t\t<div class=\"elementor-widget-container\">\n\t\t\t\t\t\t\t\t\t<p><strong>Dalles ext\u00e9rieures<\/strong> de 19mm et <strong>20mm<\/strong> d&rsquo;\u00e9paisseur en <strong>gr\u00e8s c\u00e9rame<\/strong> pour <strong>pose sur plots<\/strong>, sable, gravier, herbe&#8230;et chapes sur\u00e9lev\u00e9es ou coll\u00e9es pour le passage des v\u00e9hicules.<\/p><p>Des collections de carrelage qui allient esth\u00e9tisme, hautes performances et durabilit\u00e9 pour les espaces priv\u00e9s et publics.<\/p>\t\t\t\t\t\t\t\t<\/div>\n\t\t\t\t<\/div>\n\t\t\t\t<div class=\"elementor-element elementor-element-4e85118 elementor-mobile-align-center elementor-widget elementor-widget-button\" data-id=\"4e85118\" data-element_type=\"widget\" data-e-type=\"widget\" data-widget_type=\"button.default\">\n\t\t\t\t<div class=\"elementor-widget-container\">\n\t\t\t\t\t\t\t\t\t<div class=\"elementor-button-wrapper\">\n\t\t\t\t\t<a class=\"elementor-button elementor-button-link elementor-size-sm\" href=\"https:\/\/www.portovenere.fr\/fr-fr\/carrelage-sol-et-mur-en-gres-cerame-et-faience\/dalles-exterieures-20mm-gres-cerame-pour-pose-sur-plots-sable-gravier\/\">\n\t\t\t\t\t\t<span class=\"elementor-button-content-wrapper\">\n\t\t\t\t\t\t\t\t\t<span class=\"elementor-button-text\">Voir les produits<\/span>\n\t\t\t\t\t<\/span>\n\t\t\t\t\t<\/a>\n\t\t\t\t<\/div>\n\t\t\t\t\t\t\t\t<\/div>\n\t\t\t\t<\/div>\n\t\t\t\t\t<\/div>\n\t\t<\/div>\n\t\t\t\t<div class=\"elementor-column elementor-col-50 elementor-inner-column elementor-element elementor-element-113f59f\" data-id=\"113f59f\" data-element_type=\"column\" data-e-type=\"column\">\n\t\t\t<div class=\"elementor-widget-wrap elementor-element-populated\">\n\t\t\t\t\t\t<div class=\"elementor-element elementor-element-4d82302 elementor-invisible elementor-widget elementor-widget-image\" data-id=\"4d82302\" data-element_type=\"widget\" data-e-type=\"widget\" data-settings=\"{&quot;_animation&quot;:&quot;fadeInRight&quot;}\" data-widget_type=\"image.default\">\n\t\t\t\t<div class=\"elementor-widget-container\">\n\t\t\t\t\t\t\t\t\t\t\t\t\t\t\t\t<a href=\"https:\/\/www.portovenere.fr\/fr-fr\/carrelage-sol-et-mur-en-gres-cerame-et-faience\/dalles-exterieures-20mm-gres-cerame-pour-pose-sur-plots-sable-gravier\/\">\n\t\t\t\t\t\t\t<img loading=\"lazy\" decoding=\"async\" width=\"1024\" height=\"683\" src=\"https:\/\/www.portovenere.fr\/fr-fr\/wp-content\/uploads\/2019\/12\/Carrelage-tour-de-piscine_dalle-20mm_en-gr\u00e8s-c\u00e9rame-effet-pierre-Les-Quartzites-QR04-1_Villa-design_contemporain.jpg\" class=\"attachment-full size-full wp-image-21921\" alt=\"\" srcset=\"https:\/\/www.portovenere.fr\/fr-fr\/wp-content\/uploads\/2019\/12\/Carrelage-tour-de-piscine_dalle-20mm_en-gr\u00e8s-c\u00e9rame-effet-pierre-Les-Quartzites-QR04-1_Villa-design_contemporain.jpg 1024w, https:\/\/www.portovenere.fr\/fr-fr\/wp-content\/uploads\/2019\/12\/Carrelage-tour-de-piscine_dalle-20mm_en-gr\u00e8s-c\u00e9rame-effet-pierre-Les-Quartzites-QR04-1_Villa-design_contemporain-300x200.jpg 300w, https:\/\/www.portovenere.fr\/fr-fr\/wp-content\/uploads\/2019\/12\/Carrelage-tour-de-piscine_dalle-20mm_en-gr\u00e8s-c\u00e9rame-effet-pierre-Les-Quartzites-QR04-1_Villa-design_contemporain-768x512.jpg 768w\" sizes=\"(max-width: 1024px) 100vw, 1024px\" \/>\t\t\t\t\t\t\t\t<\/a>\n\t\t\t\t\t\t\t\t\t\t\t\t\t\t\t<\/div>\n\t\t\t\t<\/div>\n\t\t\t\t\t<\/div>\n\t\t<\/div>\n\t\t\t\t\t<\/div>\n\t\t<\/section>\n\t\t\t\t<section class=\"elementor-section elementor-inner-section elementor-element elementor-element-e3e49b4 elementor-section-boxed elementor-section-height-default elementor-section-height-default\" data-id=\"e3e49b4\" data-element_type=\"section\" data-e-type=\"section\">\n\t\t\t\t\t\t<div class=\"elementor-container elementor-column-gap-default\">\n\t\t\t\t\t<div class=\"elementor-column elementor-col-50 elementor-inner-column elementor-element elementor-element-b89fb21 elementor-invisible\" data-id=\"b89fb21\" data-element_type=\"column\" data-e-type=\"column\" data-settings=\"{&quot;animation&quot;:&quot;fadeInLeft&quot;}\">\n\t\t\t<div class=\"elementor-widget-wrap elementor-element-populated\">\n\t\t\t\t\t\t<div class=\"elementor-element elementor-element-2923464 elementor-arrows-position-inside elementor-pagination-position-outside elementor-widget elementor-widget-image-carousel\" data-id=\"2923464\" data-element_type=\"widget\" data-e-type=\"widget\" data-settings=\"{&quot;slides_to_show&quot;:&quot;1&quot;,&quot;autoplay_speed&quot;:1000,&quot;navigation&quot;:&quot;both&quot;,&quot;autoplay&quot;:&quot;yes&quot;,&quot;pause_on_hover&quot;:&quot;yes&quot;,&quot;pause_on_interaction&quot;:&quot;yes&quot;,&quot;infinite&quot;:&quot;yes&quot;,&quot;effect&quot;:&quot;slide&quot;,&quot;speed&quot;:500}\" data-widget_type=\"image-carousel.default\">\n\t\t\t\t<div class=\"elementor-widget-container\">\n\t\t\t\t\t\t\t<div class=\"elementor-image-carousel-wrapper swiper\" role=\"region\" aria-roledescription=\"carousel\" aria-label=\"Carrousel d\u2019images\" dir=\"ltr\">\n\t\t\t<div class=\"elementor-image-carousel swiper-wrapper\" aria-live=\"off\">\n\t\t\t\t\t\t\t\t<div class=\"swiper-slide\" role=\"group\" aria-roledescription=\"slide\" aria-label=\"1 sur 12\"><figure class=\"swiper-slide-inner\"><img decoding=\"async\" class=\"swiper-slide-image\" src=\"https:\/\/www.portovenere.fr\/fr-fr\/wp-content\/uploads\/2025\/10\/Credence-murale-effet-brique-artisanale-irreguliere-et-coloree-KARRAA-bleu-prussian-decor-Quirky-magasin-carrelagePorto-Venere-a-Montpellier-34-1024x768.jpg\" alt=\"Carrelage mural comptoir de bar effet brique avec imperfections artisanales disponibles dans 20 coloris et 2 finitions KARRAA magasin PORTO VENERE \u00e0 Montpellier 34\" \/><figcaption class=\"elementor-image-carousel-caption\">Coloris Bleu Prussian<\/figcaption><\/figure><\/div><div class=\"swiper-slide\" role=\"group\" aria-roledescription=\"slide\" aria-label=\"2 sur 12\"><figure class=\"swiper-slide-inner\"><img decoding=\"async\" class=\"swiper-slide-image\" src=\"https:\/\/www.portovenere.fr\/fr-fr\/wp-content\/uploads\/2025\/06\/Carrelage-credence-salle-de-bain-petit-format-5x25-cm-teintes-blanchdouces-pastel-hologramme-brillant-et-mat-DULCE-Magasin-carrelage-design-Porto-Venere-a-Montpellier-34-1024x742.jpg\" alt=\"Carrelage blanc et reflets nacr\u00e9s 4 teintes douces hologramme DULCE\" \/><figcaption class=\"elementor-image-carousel-caption\">Dulce mix<\/figcaption><\/figure><\/div><div class=\"swiper-slide\" role=\"group\" aria-roledescription=\"slide\" aria-label=\"3 sur 12\"><figure class=\"swiper-slide-inner\"><img decoding=\"async\" class=\"swiper-slide-image\" src=\"https:\/\/www.portovenere.fr\/fr-fr\/wp-content\/uploads\/2025\/06\/Carrelage-gres-cerame-original-melange-confettis-bleus-et-matieres-BLUGAIA-Grigio-60x60-pour-sols-et-murs-Porto-Venere-a-Montpellier-34.jpg\" alt=\"Blugaia Grigio 60x60 cm\" \/><figcaption class=\"elementor-image-carousel-caption\">Blugaia Grigio 60x60 cm<\/figcaption><\/figure><\/div><div class=\"swiper-slide\" role=\"group\" aria-roledescription=\"slide\" aria-label=\"4 sur 12\"><figure class=\"swiper-slide-inner\"><img decoding=\"async\" class=\"swiper-slide-image\" src=\"https:\/\/www.portovenere.fr\/fr-fr\/wp-content\/uploads\/2025\/06\/Carrelage-sol-style-terrazzo-ancien-Reveziano-motif-vague-Onda-bicolore-Verde-Cacao-27x365-cm-Magasin-Porto-Venere-Montpellier-pres-de-Paris_75-1024x687.jpg\" alt=\"Reveziano d\u00e9cor Onda Verde &amp; Cacao\" \/><figcaption class=\"elementor-image-carousel-caption\">Reveziano d\u00e9cor Onda Verde &amp; Cacao<\/figcaption><\/figure><\/div><div class=\"swiper-slide\" role=\"group\" aria-roledescription=\"slide\" aria-label=\"5 sur 12\"><figure class=\"swiper-slide-inner\"><img decoding=\"async\" class=\"swiper-slide-image\" src=\"https:\/\/www.portovenere.fr\/fr-fr\/wp-content\/uploads\/2025\/06\/Carrelage-credence-murale-a-relief-LIGNES-mix-mosaique-geometrique-30x60-cm-Gris-mat-Magasin_Porto_Venere_Montpellier-proche-de-Frontignan-34.jpg\" alt=\"Lignes gris mix\" \/><figcaption class=\"elementor-image-carousel-caption\">Lignes gris mix<\/figcaption><\/figure><\/div><div class=\"swiper-slide\" role=\"group\" aria-roledescription=\"slide\" aria-label=\"6 sur 12\"><figure class=\"swiper-slide-inner\"><img decoding=\"async\" class=\"swiper-slide-image\" src=\"https:\/\/www.portovenere.fr\/fr-fr\/wp-content\/uploads\/2025\/09\/Carrelage-credence-de-cuisine-noire-mate-et-brillante-SACOUBA-Carbone-et-sol-Ridley-Rock-magasin-PORTOVENERE-proche-Castelnau-le-Lez-34-1024x585.jpg\" alt=\"Sacouba\" \/><figcaption class=\"elementor-image-carousel-caption\">Sacouba<\/figcaption><\/figure><\/div><div class=\"swiper-slide\" role=\"group\" aria-roledescription=\"slide\" aria-label=\"7 sur 12\"><figure class=\"swiper-slide-inner\"><img decoding=\"async\" class=\"swiper-slide-image\" src=\"https:\/\/www.portovenere.fr\/fr-fr\/wp-content\/uploads\/2025\/08\/Carrelage-mural-salle-de-bain-effet-verriere-et-plantes-pose-murale-60x120-cm-PRINTANA-carreaux-gres-cerame-Magasin-Porto-Venere-a-Montpellier-34-1024x1024.jpg\" alt=\"Carrelage mural effet vitre opaque avec plantes en transparence\" \/><figcaption class=\"elementor-image-carousel-caption\">Plant&amp;Glass 60x120 cm<\/figcaption><\/figure><\/div><div class=\"swiper-slide\" role=\"group\" aria-roledescription=\"slide\" aria-label=\"8 sur 12\"><figure class=\"swiper-slide-inner\"><img decoding=\"async\" class=\"swiper-slide-image\" src=\"https:\/\/www.portovenere.fr\/fr-fr\/wp-content\/uploads\/2025\/09\/Carrelage-mural-credence-de-salle-de-bain-coloree-corda-lisse-et-relief-Plisse-SACOUBA-et-ilot-carbone-noir-magasin-PORTOVENERE-proche-Clapiers-34-1-1024x585.jpg\" alt=\"Carrelage clair et fonc\u00e9 pour mur et sol mat ou brillant format brique 9 coloris originaux Sacouba magasin Porto Venere Montpellier\" \/><figcaption class=\"elementor-image-carousel-caption\">Corda et Carbone  (non disponible en mat)<\/figcaption><\/figure><\/div><div class=\"swiper-slide\" role=\"group\" aria-roledescription=\"slide\" aria-label=\"9 sur 12\"><figure class=\"swiper-slide-inner\"><img decoding=\"async\" class=\"swiper-slide-image\" src=\"https:\/\/www.portovenere.fr\/fr-fr\/wp-content\/uploads\/2025\/07\/Credence-cuisine-en-gres-cerame-Majolica-jaune-ocre-TRACCIA-magasin-carrelage-gres-cerame-a-Montpellier-dans-lHerault-34-1024x760.jpg\" alt=\"Brick Majolica Ocra lux\" \/><figcaption class=\"elementor-image-carousel-caption\">Brick Majolica Ocra lux<\/figcaption><\/figure><\/div><div class=\"swiper-slide\" role=\"group\" aria-roledescription=\"slide\" aria-label=\"10 sur 12\"><figure class=\"swiper-slide-inner\"><img decoding=\"async\" class=\"swiper-slide-image\" src=\"https:\/\/www.portovenere.fr\/fr-fr\/wp-content\/uploads\/2025\/10\/Carrelage-mural-vert-olive-effet-brique-lisse-et-a-relief-PIMP-coloris-Sap-pour-credence-originale-de-cuisine-salle-de-bain-ou-mur-de-salon-magasin-Porto-Venere-a-Montpellier-34-1024x768.jpg\" alt=\"Habillage mural d&#039;un mur de salon et chemin\u00e9e en carrelage couleur vert olive lisse et \u00e0 relief design PIMP Sap\" \/><figcaption class=\"elementor-image-carousel-caption\">Pimp vert olive Sap Lisse et Pimp Sap \u00e0 relief<\/figcaption><\/figure><\/div><div class=\"swiper-slide\" role=\"group\" aria-roledescription=\"slide\" aria-label=\"11 sur 12\"><figure class=\"swiper-slide-inner\"><img decoding=\"async\" class=\"swiper-slide-image\" src=\"https:\/\/www.portovenere.fr\/fr-fr\/wp-content\/uploads\/2020\/05\/Carrelage_Hexagonal_15x17_Decoratif_Marocco-Azul1_bleu_blanc_pr\u00e8s_de_Plan-de-Campagne-1024x697.jpg\" alt=\"Marocco\" \/><figcaption class=\"elementor-image-carousel-caption\">Marocco<\/figcaption><\/figure><\/div><div class=\"swiper-slide\" role=\"group\" aria-roledescription=\"slide\" aria-label=\"12 sur 12\"><figure class=\"swiper-slide-inner\"><img decoding=\"async\" class=\"swiper-slide-image\" src=\"https:\/\/www.portovenere.fr\/fr-fr\/wp-content\/uploads\/2020\/06\/Carrelage_terrasse_inspiration_Occidentale_effet_Zellige_traditionnel_BE-COLOURED_mix_Bleu_Azul_brillant_et_Biscuit_Matt_\u00e0_Lattes_34.jpg\" alt=\"Be Coloured\" \/><figcaption class=\"elementor-image-carousel-caption\">Be Coloured<\/figcaption><\/figure><\/div>\t\t\t<\/div>\n\t\t\t\t\t\t\t\t\t\t\t\t<div class=\"elementor-swiper-button elementor-swiper-button-prev\" role=\"button\" tabindex=\"0\">\n\t\t\t\t\t\t<svg aria-hidden=\"true\" class=\"e-font-icon-svg e-eicon-chevron-left\" viewBox=\"0 0 1000 1000\" xmlns=\"http:\/\/www.w3.org\/2000\/svg\"><path d=\"M646 125C629 125 613 133 604 142L308 442C296 454 292 471 292 487 292 504 296 521 308 533L604 854C617 867 629 875 646 875 663 875 679 871 692 858 704 846 713 829 713 812 713 796 708 779 692 767L438 487 692 225C700 217 708 204 708 187 708 171 704 154 692 142 675 129 663 125 646 125Z\"><\/path><\/svg>\t\t\t\t\t<\/div>\n\t\t\t\t\t<div class=\"elementor-swiper-button elementor-swiper-button-next\" role=\"button\" tabindex=\"0\">\n\t\t\t\t\t\t<svg aria-hidden=\"true\" class=\"e-font-icon-svg e-eicon-chevron-right\" viewBox=\"0 0 1000 1000\" xmlns=\"http:\/\/www.w3.org\/2000\/svg\"><path d=\"M696 533C708 521 713 504 713 487 713 471 708 454 696 446L400 146C388 133 375 125 354 125 338 125 325 129 313 142 300 154 292 171 292 187 292 204 296 221 308 233L563 492 304 771C292 783 288 800 288 817 288 833 296 850 308 863 321 871 338 875 354 875 371 875 388 867 400 854L696 533Z\"><\/path><\/svg>\t\t\t\t\t<\/div>\n\t\t\t\t\n\t\t\t\t\t\t\t\t\t<div class=\"swiper-pagination\"><\/div>\n\t\t\t\t\t\t\t\t\t<\/div>\n\t\t\t\t\t\t<\/div>\n\t\t\t\t<\/div>\n\t\t\t\t\t<\/div>\n\t\t<\/div>\n\t\t\t\t<div class=\"elementor-column elementor-col-50 elementor-inner-column elementor-element elementor-element-794e467 elementor-invisible\" data-id=\"794e467\" data-element_type=\"column\" data-e-type=\"column\" data-settings=\"{&quot;background_background&quot;:&quot;classic&quot;,&quot;animation&quot;:&quot;fadeInRight&quot;}\">\n\t\t\t<div class=\"elementor-widget-wrap elementor-element-populated\">\n\t\t\t\t\t\t<div class=\"elementor-element elementor-element-b806967 elementor-widget elementor-widget-heading\" data-id=\"b806967\" data-element_type=\"widget\" data-e-type=\"widget\" data-widget_type=\"heading.default\">\n\t\t\t\t<div class=\"elementor-widget-container\">\n\t\t\t\t\t<p class=\"elementor-heading-title elementor-size-default\">Produits<\/p>\t\t\t\t<\/div>\n\t\t\t\t<\/div>\n\t\t\t\t<div class=\"elementor-element elementor-element-dd36843 elementor-widget elementor-widget-heading\" data-id=\"dd36843\" data-element_type=\"widget\" data-e-type=\"widget\" data-widget_type=\"heading.default\">\n\t\t\t\t<div class=\"elementor-widget-container\">\n\t\t\t\t\t<h4 class=\"elementor-heading-title elementor-size-default\"><a href=\"https:\/\/www.portovenere.fr\/fr-fr\/carrelage-sol-et-mur-en-gres-cerame-et-faience\/les-creations-carrelage-decoratif-a-motifs-aspect-carreau-ciment\/\">Les cr\u00e9ations : d\u00e9cors, motifs...\u200b<\/a><\/h4>\t\t\t\t<\/div>\n\t\t\t\t<\/div>\n\t\t\t\t<div class=\"elementor-element elementor-element-54b5ae6 elementor-widget elementor-widget-text-editor\" data-id=\"54b5ae6\" data-element_type=\"widget\" data-e-type=\"widget\" data-widget_type=\"text-editor.default\">\n\t\t\t\t<div class=\"elementor-widget-container\">\n\t\t\t\t\t\t\t\t\t<p style=\"outline: none;\">Une des plus belles s\u00e9lections de <strong>carrelages originaux<\/strong> : <b>aspect carreau de ciment, zellige, azulejos, mosa\u00efque, fa\u00efence, carreaux d\u00e9cor\u00e9s, carrelage \u00e0 motifs et \u00e0 reliefs<\/b>, cr\u00e9\u00e9s pour la d\u00e9coration et la personnalisation de votre int\u00e9rieur r\u00e9sidentiel, h\u00f4tellerie, commerces&#8230;<\/p><p style=\"outline: none;\">D\u00e9couvrez des s\u00e9lections originales dans de nombreux formats (20x20cm, 15x15cm, 12x12cm, 10x10cm, 30&#215;30&#8230;) de carreaux pour une pose au sol ou murale.<\/p>\t\t\t\t\t\t\t\t<\/div>\n\t\t\t\t<\/div>\n\t\t\t\t<div class=\"elementor-element elementor-element-d83f02a elementor-mobile-align-center elementor-widget elementor-widget-button\" data-id=\"d83f02a\" data-element_type=\"widget\" data-e-type=\"widget\" data-widget_type=\"button.default\">\n\t\t\t\t<div class=\"elementor-widget-container\">\n\t\t\t\t\t\t\t\t\t<div class=\"elementor-button-wrapper\">\n\t\t\t\t\t<a class=\"elementor-button elementor-button-link elementor-size-sm\" href=\"https:\/\/www.portovenere.fr\/fr-fr\/carrelage-sol-et-mur-en-gres-cerame-et-faience\/les-creations-carrelage-decoratif-a-motifs-aspect-carreau-ciment\/\">\n\t\t\t\t\t\t<span class=\"elementor-button-content-wrapper\">\n\t\t\t\t\t\t\t\t\t<span class=\"elementor-button-text\">Voir les produits<\/span>\n\t\t\t\t\t<\/span>\n\t\t\t\t\t<\/a>\n\t\t\t\t<\/div>\n\t\t\t\t\t\t\t\t<\/div>\n\t\t\t\t<\/div>\n\t\t\t\t\t<\/div>\n\t\t<\/div>\n\t\t\t\t\t<\/div>\n\t\t<\/section>\n\t\t\t\t\t<\/div>\n\t\t<\/div>\n\t\t\t\t\t<\/div>\n\t\t<\/section>\n\t\t\t\t<section class=\"elementor-section elementor-top-section elementor-element elementor-element-70be9ae elementor-section-boxed elementor-section-height-default elementor-section-height-default\" data-id=\"70be9ae\" data-element_type=\"section\" data-e-type=\"section\">\n\t\t\t\t\t\t<div class=\"elementor-container elementor-column-gap-default\">\n\t\t\t\t\t<div class=\"elementor-column elementor-col-100 elementor-top-column elementor-element elementor-element-2de310c\" data-id=\"2de310c\" data-element_type=\"column\" data-e-type=\"column\">\n\t\t\t<div class=\"elementor-widget-wrap elementor-element-populated\">\n\t\t\t\t\t\t<section class=\"elementor-section elementor-inner-section elementor-element elementor-element-5cbfc6d elementor-reverse-mobile elementor-section-boxed elementor-section-height-default elementor-section-height-default\" data-id=\"5cbfc6d\" data-element_type=\"section\" data-e-type=\"section\">\n\t\t\t\t\t\t<div class=\"elementor-container elementor-column-gap-default\">\n\t\t\t\t\t<div class=\"elementor-column elementor-col-50 elementor-inner-column elementor-element elementor-element-c1f24bd elementor-invisible\" data-id=\"c1f24bd\" data-element_type=\"column\" data-e-type=\"column\" data-settings=\"{&quot;background_background&quot;:&quot;classic&quot;,&quot;animation&quot;:&quot;fadeInLeft&quot;}\">\n\t\t\t<div class=\"elementor-widget-wrap elementor-element-populated\">\n\t\t\t\t\t\t<div class=\"elementor-element elementor-element-9c79880 elementor-widget elementor-widget-heading\" data-id=\"9c79880\" data-element_type=\"widget\" data-e-type=\"widget\" data-widget_type=\"heading.default\">\n\t\t\t\t<div class=\"elementor-widget-container\">\n\t\t\t\t\t<p class=\"elementor-heading-title elementor-size-default\">Produits<\/p>\t\t\t\t<\/div>\n\t\t\t\t<\/div>\n\t\t\t\t<div class=\"elementor-element elementor-element-724a1e5 elementor-widget elementor-widget-heading\" data-id=\"724a1e5\" data-element_type=\"widget\" data-e-type=\"widget\" data-widget_type=\"heading.default\">\n\t\t\t\t<div class=\"elementor-widget-container\">\n\t\t\t\t\t<h4 class=\"elementor-heading-title elementor-size-default\"><a href=\"https:\/\/www.portovenere.fr\/fr-fr\/carrelage-sol-et-mur-en-gres-cerame-et-faience\/carrelage-grand-format-en-gres-cerame-xxl-pour-sol-et-mur\/\">Carrelage grand format et format XXL<span style=\"letter-spacing: 0.2px\"><\/span><br><\/a><\/h4>\t\t\t\t<\/div>\n\t\t\t\t<\/div>\n\t\t\t\t<div class=\"elementor-element elementor-element-cef54c4 elementor-widget elementor-widget-text-editor\" data-id=\"cef54c4\" data-element_type=\"widget\" data-e-type=\"widget\" data-widget_type=\"text-editor.default\">\n\t\t\t\t<div class=\"elementor-widget-container\">\n\t\t\t\t\t\t\t\t\t<p>D\u00e9couvrez notre s\u00e9lection de <strong>carrelages<\/strong>\u00a0<b>grands formats <\/b>en\u00a0<b>gr\u00e8s c\u00e9rame\u00a0<\/b>pour\u00a0<b>sol et mur<\/b>.<b>\u00a0<\/b><\/p><p>Ces carreaux reprennent avec beaucoup d\u2019\u00e9l\u00e9gance l\u2019aspect b\u00e9ton contemporain, l\u2019effet marbre, terrazzo,\u00a0m\u00e9tal\u00a0ou\u00a0pierre naturelle, dans des finitions et coloris tr\u00e8s vari\u00e9s. Disponible \u00e9galement en <b>fine \u00e9paisseur.<\/b><\/p><p>Les diff\u00e9rents formats propos\u00e9s : 80\u00d780 cm, 90\u00d790,\u00a0<b>100\u00d7100<\/b>, 120\u00d7120, 150\u00d7150, 180\u00d7180,\u00a0<b>120\u00d7240<\/b>, 120\u00d7270, 120\u00d7280, 150\u00d7300 cm\u2026et m\u00eame un<b>\u00a0maxi carreau format XXL<\/b>\u00a0de\u00a0<b>160\u00d7320<\/b>\u00a0<b>cm<\/b>.\u00a0<\/p><p><b>\u00a0<\/b><\/p>\t\t\t\t\t\t\t\t<\/div>\n\t\t\t\t<\/div>\n\t\t\t\t<div class=\"elementor-element elementor-element-3a27670 elementor-mobile-align-center elementor-widget elementor-widget-button\" data-id=\"3a27670\" data-element_type=\"widget\" data-e-type=\"widget\" data-widget_type=\"button.default\">\n\t\t\t\t<div class=\"elementor-widget-container\">\n\t\t\t\t\t\t\t\t\t<div class=\"elementor-button-wrapper\">\n\t\t\t\t\t<a class=\"elementor-button elementor-button-link elementor-size-sm\" href=\"https:\/\/www.portovenere.fr\/fr-fr\/carrelage-sol-et-mur-en-gres-cerame-et-faience\/carrelage-grand-format-en-gres-cerame-xxl-pour-sol-et-mur\/\">\n\t\t\t\t\t\t<span class=\"elementor-button-content-wrapper\">\n\t\t\t\t\t\t\t\t\t<span class=\"elementor-button-text\">Voir les produits<\/span>\n\t\t\t\t\t<\/span>\n\t\t\t\t\t<\/a>\n\t\t\t\t<\/div>\n\t\t\t\t\t\t\t\t<\/div>\n\t\t\t\t<\/div>\n\t\t\t\t\t<\/div>\n\t\t<\/div>\n\t\t\t\t<div class=\"elementor-column elementor-col-50 elementor-inner-column elementor-element elementor-element-4117b16\" data-id=\"4117b16\" data-element_type=\"column\" data-e-type=\"column\">\n\t\t\t<div class=\"elementor-widget-wrap elementor-element-populated\">\n\t\t\t\t\t\t<div class=\"elementor-element elementor-element-d4656d5 elementor-invisible elementor-widget elementor-widget-image\" data-id=\"d4656d5\" data-element_type=\"widget\" data-e-type=\"widget\" data-settings=\"{&quot;_animation&quot;:&quot;fadeInRight&quot;}\" data-widget_type=\"image.default\">\n\t\t\t\t<div class=\"elementor-widget-container\">\n\t\t\t\t\t\t\t\t\t\t\t\t\t\t\t\t<a href=\"https:\/\/www.portovenere.fr\/fr-fr\/carrelage-sol-et-mur-en-gres-cerame-et-faience\/carrelage-grand-format-en-gres-cerame-xxl-pour-sol-et-mur\/\">\n\t\t\t\t\t\t\t<img loading=\"lazy\" decoding=\"async\" width=\"768\" height=\"772\" src=\"https:\/\/www.portovenere.fr\/fr-fr\/wp-content\/uploads\/2021\/12\/carrelage-sublimis-grand-format-imitation-marbre-vert-a-Laval-Mayenne-53-768x772.jpg\" class=\"attachment-medium_large size-medium_large wp-image-39583\" alt=\"\" srcset=\"https:\/\/www.portovenere.fr\/fr-fr\/wp-content\/uploads\/2021\/12\/carrelage-sublimis-grand-format-imitation-marbre-vert-a-Laval-Mayenne-53-768x772.jpg 768w, https:\/\/www.portovenere.fr\/fr-fr\/wp-content\/uploads\/2021\/12\/carrelage-sublimis-grand-format-imitation-marbre-vert-a-Laval-Mayenne-53-150x150.jpg 150w, https:\/\/www.portovenere.fr\/fr-fr\/wp-content\/uploads\/2021\/12\/carrelage-sublimis-grand-format-imitation-marbre-vert-a-Laval-Mayenne-53.jpg 1000w\" sizes=\"(max-width: 768px) 100vw, 768px\" \/>\t\t\t\t\t\t\t\t<\/a>\n\t\t\t\t\t\t\t\t\t\t\t\t\t\t\t<\/div>\n\t\t\t\t<\/div>\n\t\t\t\t\t<\/div>\n\t\t<\/div>\n\t\t\t\t\t<\/div>\n\t\t<\/section>\n\t\t\t\t\t<\/div>\n\t\t<\/div>\n\t\t\t\t\t<\/div>\n\t\t<\/section>\n\t\t\t\t<\/div>\n\t\t","protected":false},"excerpt":{"rendered":"<p>Porto Venere, sp\u00e9cialiste de la vente de carrelage aux particuliers et aux professionnels pr\u00e9sente sa large gamme de rev\u00eatements gr\u00e8s c\u00e9rame et fa\u00efence.<\/p>\n","protected":false},"author":1,"featured_media":45079,"parent":0,"menu_order":0,"comment_status":"closed","ping_status":"closed","template":"","meta":{"_monsterinsights_skip_tracking":false,"_monsterinsights_sitenote_active":false,"_monsterinsights_sitenote_note":"","_monsterinsights_sitenote_category":0,"_uf_show_specific_survey":0,"_uf_disable_surveys":false,"footnotes":""},"class_list":["post-7146","page","type-page","status-publish","has-post-thumbnail","hentry"],"yoast_head":"<!-- This site is optimized with the Yoast SEO plugin v27.5 - https:\/\/yoast.com\/product\/yoast-seo-wordpress\/ -->\n<title>Carrelage sol et mur en gr\u00e8s c\u00e9rame et fa\u00efence - Porto Venere<\/title>\n<meta name=\"description\" content=\"Porto Venere, sp\u00e9cialiste de la vente de carrelage aux particuliers et aux professionnels pr\u00e9sente sa large gamme de rev\u00eatements gr\u00e8s c\u00e9rame et fa\u00efence.\" \/>\n<meta name=\"robots\" content=\"index, follow, max-snippet:-1, max-image-preview:large, max-video-preview:-1\" \/>\n<link rel=\"canonical\" href=\"https:\/\/www.portovenere.fr\/fr-fr\/carrelage-sol-et-mur-en-gres-cerame-et-faience\/\" \/>\n<meta property=\"og:locale\" content=\"fr_FR\" \/>\n<meta property=\"og:type\" content=\"article\" \/>\n<meta property=\"og:title\" content=\"Carrelage sol et mur en gr\u00e8s c\u00e9rame et fa\u00efence - Porto Venere\" \/>\n<meta property=\"og:description\" content=\"Porto Venere, sp\u00e9cialiste de la vente de carrelage aux particuliers et aux professionnels pr\u00e9sente sa large gamme de rev\u00eatements gr\u00e8s c\u00e9rame et fa\u00efence.\" \/>\n<meta property=\"og:url\" content=\"https:\/\/www.portovenere.fr\/fr-fr\/carrelage-sol-et-mur-en-gres-cerame-et-faience\/\" \/>\n<meta property=\"og:site_name\" content=\"Porto Venere\" \/>\n<meta property=\"article:publisher\" content=\"https:\/\/www.facebook.com\/portovenere34\/\" \/>\n<meta property=\"article:modified_time\" content=\"2026-04-06T18:47:58+00:00\" \/>\n<meta property=\"og:image\" content=\"https:\/\/www.portovenere.fr\/fr-fr\/wp-content\/uploads\/2023\/03\/carrelage-effet-pierre-naturelle-travertino-light-sol-et-mur-porto-venere-04.jpg\" \/>\n\t<meta property=\"og:image:width\" content=\"1000\" \/>\n\t<meta property=\"og:image:height\" content=\"1005\" \/>\n\t<meta property=\"og:image:type\" content=\"image\/jpeg\" \/>\n<meta name=\"twitter:card\" content=\"summary_large_image\" \/>\n<meta name=\"twitter:label1\" content=\"Dur\u00e9e de lecture estim\u00e9e\" \/>\n\t<meta name=\"twitter:data1\" content=\"11 minutes\" \/>\n<script type=\"application\/ld+json\" class=\"yoast-schema-graph\">{\"@context\":\"https:\\\/\\\/schema.org\",\"@graph\":[{\"@type\":\"WebPage\",\"@id\":\"https:\\\/\\\/www.portovenere.fr\\\/fr-fr\\\/carrelage-sol-et-mur-en-gres-cerame-et-faience\\\/\",\"url\":\"https:\\\/\\\/www.portovenere.fr\\\/fr-fr\\\/carrelage-sol-et-mur-en-gres-cerame-et-faience\\\/\",\"name\":\"Carrelage sol et mur en gr\u00e8s c\u00e9rame et fa\u00efence - Porto Venere\",\"isPartOf\":{\"@id\":\"https:\\\/\\\/www.portovenere.fr\\\/fr-fr\\\/#website\"},\"primaryImageOfPage\":{\"@id\":\"https:\\\/\\\/www.portovenere.fr\\\/fr-fr\\\/carrelage-sol-et-mur-en-gres-cerame-et-faience\\\/#primaryimage\"},\"image\":{\"@id\":\"https:\\\/\\\/www.portovenere.fr\\\/fr-fr\\\/carrelage-sol-et-mur-en-gres-cerame-et-faience\\\/#primaryimage\"},\"thumbnailUrl\":\"https:\\\/\\\/www.portovenere.fr\\\/fr-fr\\\/wp-content\\\/uploads\\\/2023\\\/03\\\/carrelage-effet-pierre-naturelle-travertino-light-sol-et-mur-porto-venere-04.jpg\",\"datePublished\":\"2019-07-06T15:19:15+00:00\",\"dateModified\":\"2026-04-06T18:47:58+00:00\",\"description\":\"Porto Venere, sp\u00e9cialiste de la vente de carrelage aux particuliers et aux professionnels pr\u00e9sente sa large gamme de rev\u00eatements gr\u00e8s c\u00e9rame et fa\u00efence.\",\"breadcrumb\":{\"@id\":\"https:\\\/\\\/www.portovenere.fr\\\/fr-fr\\\/carrelage-sol-et-mur-en-gres-cerame-et-faience\\\/#breadcrumb\"},\"inLanguage\":\"fr-FR\",\"potentialAction\":[{\"@type\":\"ReadAction\",\"target\":[\"https:\\\/\\\/www.portovenere.fr\\\/fr-fr\\\/carrelage-sol-et-mur-en-gres-cerame-et-faience\\\/\"]}]},{\"@type\":\"ImageObject\",\"inLanguage\":\"fr-FR\",\"@id\":\"https:\\\/\\\/www.portovenere.fr\\\/fr-fr\\\/carrelage-sol-et-mur-en-gres-cerame-et-faience\\\/#primaryimage\",\"url\":\"https:\\\/\\\/www.portovenere.fr\\\/fr-fr\\\/wp-content\\\/uploads\\\/2023\\\/03\\\/carrelage-effet-pierre-naturelle-travertino-light-sol-et-mur-porto-venere-04.jpg\",\"contentUrl\":\"https:\\\/\\\/www.portovenere.fr\\\/fr-fr\\\/wp-content\\\/uploads\\\/2023\\\/03\\\/carrelage-effet-pierre-naturelle-travertino-light-sol-et-mur-porto-venere-04.jpg\",\"width\":1000,\"height\":1005,\"caption\":\"carrelage effet pierre naturelle travertino light ext\u00e9rieur pour sol et mur porto venere\"},{\"@type\":\"BreadcrumbList\",\"@id\":\"https:\\\/\\\/www.portovenere.fr\\\/fr-fr\\\/carrelage-sol-et-mur-en-gres-cerame-et-faience\\\/#breadcrumb\",\"itemListElement\":[{\"@type\":\"ListItem\",\"position\":1,\"name\":\"Page d'accueil\",\"item\":\"https:\\\/\\\/www.portovenere.fr\\\/fr-fr\\\/\"},{\"@type\":\"ListItem\",\"position\":2,\"name\":\"Carrelage sol et mur en gr\u00e8s c\u00e9rame et fa\u00efence\"}]},{\"@type\":\"WebSite\",\"@id\":\"https:\\\/\\\/www.portovenere.fr\\\/fr-fr\\\/#website\",\"url\":\"https:\\\/\\\/www.portovenere.fr\\\/fr-fr\\\/\",\"name\":\"Porto Venere\",\"description\":\"Magasin de carrelage, cuisine, salle de bain \u00e0 Montpellier dans l&#039;H\u00e9rault\",\"publisher\":{\"@id\":\"https:\\\/\\\/www.portovenere.fr\\\/fr-fr\\\/#organization\"},\"potentialAction\":[{\"@type\":\"SearchAction\",\"target\":{\"@type\":\"EntryPoint\",\"urlTemplate\":\"https:\\\/\\\/www.portovenere.fr\\\/fr-fr\\\/?s={search_term_string}\"},\"query-input\":{\"@type\":\"PropertyValueSpecification\",\"valueRequired\":true,\"valueName\":\"search_term_string\"}}],\"inLanguage\":\"fr-FR\"},{\"@type\":\"Organization\",\"@id\":\"https:\\\/\\\/www.portovenere.fr\\\/fr-fr\\\/#organization\",\"name\":\"Porto Venere - Carrelage Usine Center SARL\",\"url\":\"https:\\\/\\\/www.portovenere.fr\\\/fr-fr\\\/\",\"logo\":{\"@type\":\"ImageObject\",\"inLanguage\":\"fr-FR\",\"@id\":\"https:\\\/\\\/www.portovenere.fr\\\/fr-fr\\\/#\\\/schema\\\/logo\\\/image\\\/\",\"url\":\"https:\\\/\\\/www.portovenere.fr\\\/fr-fr\\\/wp-content\\\/uploads\\\/2019\\\/05\\\/logo3.png\",\"contentUrl\":\"https:\\\/\\\/www.portovenere.fr\\\/fr-fr\\\/wp-content\\\/uploads\\\/2019\\\/05\\\/logo3.png\",\"width\":388,\"height\":120,\"caption\":\"Porto Venere - Carrelage Usine Center SARL\"},\"image\":{\"@id\":\"https:\\\/\\\/www.portovenere.fr\\\/fr-fr\\\/#\\\/schema\\\/logo\\\/image\\\/\"},\"sameAs\":[\"https:\\\/\\\/www.facebook.com\\\/portovenere34\\\/\",\"https:\\\/\\\/www.instagram.com\\\/porto.venere\\\/\",\"https:\\\/\\\/www.linkedin.com\\\/company\\\/porto-venere-montpellier\\\/\",\"https:\\\/\\\/www.pinterest.fr\\\/portovenere34\\\/\"]}]}<\/script>\n<!-- \/ Yoast SEO plugin. -->","yoast_head_json":{"title":"Carrelage sol et mur en gr\u00e8s c\u00e9rame et fa\u00efence - Porto Venere","description":"Porto Venere, sp\u00e9cialiste de la vente de carrelage aux particuliers et aux professionnels pr\u00e9sente sa large gamme de rev\u00eatements gr\u00e8s c\u00e9rame et fa\u00efence.","robots":{"index":"index","follow":"follow","max-snippet":"max-snippet:-1","max-image-preview":"max-image-preview:large","max-video-preview":"max-video-preview:-1"},"canonical":"https:\/\/www.portovenere.fr\/fr-fr\/carrelage-sol-et-mur-en-gres-cerame-et-faience\/","og_locale":"fr_FR","og_type":"article","og_title":"Carrelage sol et mur en gr\u00e8s c\u00e9rame et fa\u00efence - Porto Venere","og_description":"Porto Venere, sp\u00e9cialiste de la vente de carrelage aux particuliers et aux professionnels pr\u00e9sente sa large gamme de rev\u00eatements gr\u00e8s c\u00e9rame et fa\u00efence.","og_url":"https:\/\/www.portovenere.fr\/fr-fr\/carrelage-sol-et-mur-en-gres-cerame-et-faience\/","og_site_name":"Porto Venere","article_publisher":"https:\/\/www.facebook.com\/portovenere34\/","article_modified_time":"2026-04-06T18:47:58+00:00","og_image":[{"width":1000,"height":1005,"url":"https:\/\/www.portovenere.fr\/fr-fr\/wp-content\/uploads\/2023\/03\/carrelage-effet-pierre-naturelle-travertino-light-sol-et-mur-porto-venere-04.jpg","type":"image\/jpeg"}],"twitter_card":"summary_large_image","twitter_misc":{"Dur\u00e9e de lecture estim\u00e9e":"11 minutes"},"schema":{"@context":"https:\/\/schema.org","@graph":[{"@type":"WebPage","@id":"https:\/\/www.portovenere.fr\/fr-fr\/carrelage-sol-et-mur-en-gres-cerame-et-faience\/","url":"https:\/\/www.portovenere.fr\/fr-fr\/carrelage-sol-et-mur-en-gres-cerame-et-faience\/","name":"Carrelage sol et mur en gr\u00e8s c\u00e9rame et fa\u00efence - Porto Venere","isPartOf":{"@id":"https:\/\/www.portovenere.fr\/fr-fr\/#website"},"primaryImageOfPage":{"@id":"https:\/\/www.portovenere.fr\/fr-fr\/carrelage-sol-et-mur-en-gres-cerame-et-faience\/#primaryimage"},"image":{"@id":"https:\/\/www.portovenere.fr\/fr-fr\/carrelage-sol-et-mur-en-gres-cerame-et-faience\/#primaryimage"},"thumbnailUrl":"https:\/\/www.portovenere.fr\/fr-fr\/wp-content\/uploads\/2023\/03\/carrelage-effet-pierre-naturelle-travertino-light-sol-et-mur-porto-venere-04.jpg","datePublished":"2019-07-06T15:19:15+00:00","dateModified":"2026-04-06T18:47:58+00:00","description":"Porto Venere, sp\u00e9cialiste de la vente de carrelage aux particuliers et aux professionnels pr\u00e9sente sa large gamme de rev\u00eatements gr\u00e8s c\u00e9rame et fa\u00efence.","breadcrumb":{"@id":"https:\/\/www.portovenere.fr\/fr-fr\/carrelage-sol-et-mur-en-gres-cerame-et-faience\/#breadcrumb"},"inLanguage":"fr-FR","potentialAction":[{"@type":"ReadAction","target":["https:\/\/www.portovenere.fr\/fr-fr\/carrelage-sol-et-mur-en-gres-cerame-et-faience\/"]}]},{"@type":"ImageObject","inLanguage":"fr-FR","@id":"https:\/\/www.portovenere.fr\/fr-fr\/carrelage-sol-et-mur-en-gres-cerame-et-faience\/#primaryimage","url":"https:\/\/www.portovenere.fr\/fr-fr\/wp-content\/uploads\/2023\/03\/carrelage-effet-pierre-naturelle-travertino-light-sol-et-mur-porto-venere-04.jpg","contentUrl":"https:\/\/www.portovenere.fr\/fr-fr\/wp-content\/uploads\/2023\/03\/carrelage-effet-pierre-naturelle-travertino-light-sol-et-mur-porto-venere-04.jpg","width":1000,"height":1005,"caption":"carrelage effet pierre naturelle travertino light ext\u00e9rieur pour sol et mur porto venere"},{"@type":"BreadcrumbList","@id":"https:\/\/www.portovenere.fr\/fr-fr\/carrelage-sol-et-mur-en-gres-cerame-et-faience\/#breadcrumb","itemListElement":[{"@type":"ListItem","position":1,"name":"Page d'accueil","item":"https:\/\/www.portovenere.fr\/fr-fr\/"},{"@type":"ListItem","position":2,"name":"Carrelage sol et mur en gr\u00e8s c\u00e9rame et fa\u00efence"}]},{"@type":"WebSite","@id":"https:\/\/www.portovenere.fr\/fr-fr\/#website","url":"https:\/\/www.portovenere.fr\/fr-fr\/","name":"Porto Venere","description":"Magasin de carrelage, cuisine, salle de bain \u00e0 Montpellier dans l&#039;H\u00e9rault","publisher":{"@id":"https:\/\/www.portovenere.fr\/fr-fr\/#organization"},"potentialAction":[{"@type":"SearchAction","target":{"@type":"EntryPoint","urlTemplate":"https:\/\/www.portovenere.fr\/fr-fr\/?s={search_term_string}"},"query-input":{"@type":"PropertyValueSpecification","valueRequired":true,"valueName":"search_term_string"}}],"inLanguage":"fr-FR"},{"@type":"Organization","@id":"https:\/\/www.portovenere.fr\/fr-fr\/#organization","name":"Porto Venere - Carrelage Usine Center SARL","url":"https:\/\/www.portovenere.fr\/fr-fr\/","logo":{"@type":"ImageObject","inLanguage":"fr-FR","@id":"https:\/\/www.portovenere.fr\/fr-fr\/#\/schema\/logo\/image\/","url":"https:\/\/www.portovenere.fr\/fr-fr\/wp-content\/uploads\/2019\/05\/logo3.png","contentUrl":"https:\/\/www.portovenere.fr\/fr-fr\/wp-content\/uploads\/2019\/05\/logo3.png","width":388,"height":120,"caption":"Porto Venere - Carrelage Usine Center SARL"},"image":{"@id":"https:\/\/www.portovenere.fr\/fr-fr\/#\/schema\/logo\/image\/"},"sameAs":["https:\/\/www.facebook.com\/portovenere34\/","https:\/\/www.instagram.com\/porto.venere\/","https:\/\/www.linkedin.com\/company\/porto-venere-montpellier\/","https:\/\/www.pinterest.fr\/portovenere34\/"]}]}},"_links":{"self":[{"href":"https:\/\/www.portovenere.fr\/fr-fr\/wp-json\/wp\/v2\/pages\/7146","targetHints":{"allow":["GET"]}}],"collection":[{"href":"https:\/\/www.portovenere.fr\/fr-fr\/wp-json\/wp\/v2\/pages"}],"about":[{"href":"https:\/\/www.portovenere.fr\/fr-fr\/wp-json\/wp\/v2\/types\/page"}],"author":[{"embeddable":true,"href":"https:\/\/www.portovenere.fr\/fr-fr\/wp-json\/wp\/v2\/users\/1"}],"replies":[{"embeddable":true,"href":"https:\/\/www.portovenere.fr\/fr-fr\/wp-json\/wp\/v2\/comments?post=7146"}],"version-history":[{"count":55,"href":"https:\/\/www.portovenere.fr\/fr-fr\/wp-json\/wp\/v2\/pages\/7146\/revisions"}],"predecessor-version":[{"id":70760,"href":"https:\/\/www.portovenere.fr\/fr-fr\/wp-json\/wp\/v2\/pages\/7146\/revisions\/70760"}],"wp:featuredmedia":[{"embeddable":true,"href":"https:\/\/www.portovenere.fr\/fr-fr\/wp-json\/wp\/v2\/media\/45079"}],"wp:attachment":[{"href":"https:\/\/www.portovenere.fr\/fr-fr\/wp-json\/wp\/v2\/media?parent=7146"}],"curies":[{"name":"wp","href":"https:\/\/api.w.org\/{rel}","templated":true}]}}